{"id":270,"date":"2019-02-20T10:52:20","date_gmt":"2019-02-20T09:52:20","guid":{"rendered":"http:\/\/patrimoine-avesnois.fr\/censes\/?page_id=270"},"modified":"2019-02-20T10:52:20","modified_gmt":"2019-02-20T09:52:20","slug":"les-censes-de-philippe-xavier-dusart-de-molembaix","status":"publish","type":"page","link":"http:\/\/patrimoine-avesnois.fr\/censes\/les-censes-de-philippe-xavier-dusart-de-molembaix\/","title":{"rendered":"Les censes de Philippe Xavier Dusart de Molembaix"},"content":{"rendered":"\n<p class=\"has-text-color has-medium-font-size has-bright-red-color\"><strong>Bellignies<\/strong><\/p>\n\n\n\n<div class=\"wp-block-image\"><figure class=\"aligncenter\"><img data-recalc-dims=\"1\" loading=\"lazy\" decoding=\"async\" width=\"775\" height=\"518\" data-attachment-id=\"271\" data-permalink=\"http:\/\/patrimoine-avesnois.fr\/censes\/les-censes-de-philippe-xavier-dusart-de-molembaix\/capture-135\/\" data-orig-file=\"https:\/\/i0.wp.com\/patrimoine-avesnois.fr\/censes\/wp-content\/uploads\/2019\/02\/Capture-134.png?fit=775%2C518\" data-orig-size=\"775,518\" data-comments-opened=\"1\" data-image-meta=\"{&quot;aperture&quot;:&quot;0&quot;,&quot;credit&quot;:&quot;&quot;,&quot;camera&quot;:&quot;&quot;,&quot;caption&quot;:&quot;&quot;,&quot;created_timestamp&quot;:&quot;0&quot;,&quot;copyright&quot;:&quot;&quot;,&quot;focal_length&quot;:&quot;0&quot;,&quot;iso&quot;:&quot;0&quot;,&quot;shutter_speed&quot;:&quot;0&quot;,&quot;title&quot;:&quot;&quot;,&quot;orientation&quot;:&quot;0&quot;}\" data-image-title=\"Capture\" data-image-description=\"\" data-image-caption=\"\" data-large-file=\"https:\/\/i0.wp.com\/patrimoine-avesnois.fr\/censes\/wp-content\/uploads\/2019\/02\/Capture-134.png?fit=775%2C518\" src=\"https:\/\/i0.wp.com\/patrimoine-avesnois.fr\/censes\/wp-content\/uploads\/2019\/02\/Capture-134.png?resize=775%2C518\" alt=\"\" class=\"wp-image-271\" srcset=\"https:\/\/i0.wp.com\/patrimoine-avesnois.fr\/censes\/wp-content\/uploads\/2019\/02\/Capture-134.png?w=775 775w, https:\/\/i0.wp.com\/patrimoine-avesnois.fr\/censes\/wp-content\/uploads\/2019\/02\/Capture-134.png?resize=300%2C201 300w, https:\/\/i0.wp.com\/patrimoine-avesnois.fr\/censes\/wp-content\/uploads\/2019\/02\/Capture-134.png?resize=768%2C513 768w\" sizes=\"auto, (max-width: 775px) 85vw, 775px\" \/><figcaption>Cadastre de 1928<\/figcaption><\/figure><\/div>\n\n\n\n<div class=\"wp-block-image\"><figure class=\"aligncenter\"><img data-recalc-dims=\"1\" loading=\"lazy\" decoding=\"async\" width=\"771\" height=\"514\" data-attachment-id=\"272\" data-permalink=\"http:\/\/patrimoine-avesnois.fr\/censes\/les-censes-de-philippe-xavier-dusart-de-molembaix\/capture-136\/\" data-orig-file=\"https:\/\/i0.wp.com\/patrimoine-avesnois.fr\/censes\/wp-content\/uploads\/2019\/02\/Capture-135.png?fit=771%2C514\" data-orig-size=\"771,514\" data-comments-opened=\"1\" data-image-meta=\"{&quot;aperture&quot;:&quot;0&quot;,&quot;credit&quot;:&quot;&quot;,&quot;camera&quot;:&quot;&quot;,&quot;caption&quot;:&quot;&quot;,&quot;created_timestamp&quot;:&quot;0&quot;,&quot;copyright&quot;:&quot;&quot;,&quot;focal_length&quot;:&quot;0&quot;,&quot;iso&quot;:&quot;0&quot;,&quot;shutter_speed&quot;:&quot;0&quot;,&quot;title&quot;:&quot;&quot;,&quot;orientation&quot;:&quot;0&quot;}\" data-image-title=\"Capture\" data-image-description=\"\" data-image-caption=\"\" data-large-file=\"https:\/\/i0.wp.com\/patrimoine-avesnois.fr\/censes\/wp-content\/uploads\/2019\/02\/Capture-135.png?fit=771%2C514\" src=\"https:\/\/i0.wp.com\/patrimoine-avesnois.fr\/censes\/wp-content\/uploads\/2019\/02\/Capture-135.png?resize=771%2C514\" alt=\"\" class=\"wp-image-272\" srcset=\"https:\/\/i0.wp.com\/patrimoine-avesnois.fr\/censes\/wp-content\/uploads\/2019\/02\/Capture-135.png?w=771 771w, https:\/\/i0.wp.com\/patrimoine-avesnois.fr\/censes\/wp-content\/uploads\/2019\/02\/Capture-135.png?resize=300%2C200 300w, https:\/\/i0.wp.com\/patrimoine-avesnois.fr\/censes\/wp-content\/uploads\/2019\/02\/Capture-135.png?resize=768%2C512 768w\" sizes=\"auto, (max-width: 771px) 85vw, 771px\" \/><\/figure><\/div>\n\n\n\n<div class=\"wp-block-image\"><figure class=\"aligncenter\"><img data-recalc-dims=\"1\" loading=\"lazy\" decoding=\"async\" width=\"744\" height=\"495\" data-attachment-id=\"273\" data-permalink=\"http:\/\/patrimoine-avesnois.fr\/censes\/les-censes-de-philippe-xavier-dusart-de-molembaix\/capture-137\/\" data-orig-file=\"https:\/\/i0.wp.com\/patrimoine-avesnois.fr\/censes\/wp-content\/uploads\/2019\/02\/Capture-136.png?fit=744%2C495\" data-orig-size=\"744,495\" data-comments-opened=\"1\" data-image-meta=\"{&quot;aperture&quot;:&quot;0&quot;,&quot;credit&quot;:&quot;&quot;,&quot;camera&quot;:&quot;&quot;,&quot;caption&quot;:&quot;&quot;,&quot;created_timestamp&quot;:&quot;0&quot;,&quot;copyright&quot;:&quot;&quot;,&quot;focal_length&quot;:&quot;0&quot;,&quot;iso&quot;:&quot;0&quot;,&quot;shutter_speed&quot;:&quot;0&quot;,&quot;title&quot;:&quot;&quot;,&quot;orientation&quot;:&quot;0&quot;}\" data-image-title=\"Capture\" data-image-description=\"\" data-image-caption=\"\" data-large-file=\"https:\/\/i0.wp.com\/patrimoine-avesnois.fr\/censes\/wp-content\/uploads\/2019\/02\/Capture-136.png?fit=744%2C495\" src=\"https:\/\/i0.wp.com\/patrimoine-avesnois.fr\/censes\/wp-content\/uploads\/2019\/02\/Capture-136.png?resize=744%2C495\" alt=\"\" class=\"wp-image-273\" srcset=\"https:\/\/i0.wp.com\/patrimoine-avesnois.fr\/censes\/wp-content\/uploads\/2019\/02\/Capture-136.png?w=744 744w, https:\/\/i0.wp.com\/patrimoine-avesnois.fr\/censes\/wp-content\/uploads\/2019\/02\/Capture-136.png?resize=300%2C200 300w\" sizes=\"auto, (max-width: 744px) 85vw, 744px\" \/><figcaption>La Ferme pr\u00e8s du ch\u00e2teau <a href=\"https:\/\/www.google.fr\/maps\/@50.3256427,3.7707228,3a,90y,354.92h,84.5t\/data=!3m6!1e1!3m4!1sbNrQo3j82IlTRAPby87X4Q!2e0!7i13312!8i6656\">rue de la Place<\/a><\/figcaption><\/figure><\/div>\n\n\n\n<p>Le ch\u00e2teau de Bellignies appartenait au baron Philippe du\nSart de Molembaix. <\/p>\n\n\n\n<p>Il \u00e9tait compos\u00e9 d&rsquo;un corps de b\u00e2timent principal et de deux\nailes dispos\u00e9es en \u00e9querre. <\/p>\n\n\n\n<p>A proximit\u00e9 imm\u00e9diate se tenait sa ferme qui a \u00e9t\u00e9\npartiellement r\u00e9am\u00e9nag\u00e9e mais qui a conserv\u00e9 les \u00e9curies et les mangeoires de\npierre calcaire. <\/p>\n\n\n\n<p>Le baron \u00e9migra en Allemagne \u00e0 la R\u00e9volution.<\/p>\n\n\n\n<p>Ses biens furent s\u00e9questr\u00e9s en vertu de la loi du 27\npluvi\u00f4se an 11 (15 f\u00e9vrier 1794), mais le s\u00e9questre mis sur les biens et\nrevenus des sujets des puissances en guerre avec la R\u00e9publique avant \u00e9t\u00e9 lev\u00e9\npar la loi du 14 niv\u00f4se an III (3 janvier 1795), Fran\u00e7ois-Joseph Sohier,\ncultivateur a Houdain, fond\u00e9 de pouvoir de l&rsquo;ex seigneur de Bellignies, fit des\nd\u00e9marches pour rentrer en possession des dits biens. Les pi\u00e8ces produites par lui\nfurent d&rsquo;abord trouv\u00e9es irr\u00e9guli\u00e8res, mais les choses finirent par s&rsquo;arranger.\n(Archives Nationales carton F7- 5421)<\/p>\n\n\n\n<p class=\"has-text-color has-medium-font-size has-bright-red-color\"><strong>Saint-Waast-la-Vall\u00e9e<\/strong><\/p>\n\n\n\n<p>Notons qu\u2019\u00e0 Saint-Waast-la-Vall\u00e9e, se trouve une tour d\u00e9pendant d\u2019une ferme \u00e0 laquelle elle donne son nom. Cette ferme de la Tour a pu appartenir Philippe Xavier du Sart de Molembaix (1740 1801) car le baron d\u00e9tenait le moulin de la Tour, situ\u00e9 sur une parcelle voisine de la ferme. (Voir plan cadastral ci-dessous)\u00a0:<\/p>\n\n\n\n<div class=\"wp-block-image\"><figure class=\"aligncenter\"><img data-recalc-dims=\"1\" loading=\"lazy\" decoding=\"async\" width=\"784\" height=\"366\" data-attachment-id=\"274\" data-permalink=\"http:\/\/patrimoine-avesnois.fr\/censes\/les-censes-de-philippe-xavier-dusart-de-molembaix\/capture-138\/\" data-orig-file=\"https:\/\/i0.wp.com\/patrimoine-avesnois.fr\/censes\/wp-content\/uploads\/2019\/02\/Capture-137.png?fit=784%2C366\" data-orig-size=\"784,366\" data-comments-opened=\"1\" data-image-meta=\"{&quot;aperture&quot;:&quot;0&quot;,&quot;credit&quot;:&quot;&quot;,&quot;camera&quot;:&quot;&quot;,&quot;caption&quot;:&quot;&quot;,&quot;created_timestamp&quot;:&quot;0&quot;,&quot;copyright&quot;:&quot;&quot;,&quot;focal_length&quot;:&quot;0&quot;,&quot;iso&quot;:&quot;0&quot;,&quot;shutter_speed&quot;:&quot;0&quot;,&quot;title&quot;:&quot;&quot;,&quot;orientation&quot;:&quot;0&quot;}\" data-image-title=\"Capture\" data-image-description=\"\" data-image-caption=\"\" data-large-file=\"https:\/\/i0.wp.com\/patrimoine-avesnois.fr\/censes\/wp-content\/uploads\/2019\/02\/Capture-137.png?fit=784%2C366\" src=\"https:\/\/i0.wp.com\/patrimoine-avesnois.fr\/censes\/wp-content\/uploads\/2019\/02\/Capture-137.png?resize=784%2C366\" alt=\"\" class=\"wp-image-274\" srcset=\"https:\/\/i0.wp.com\/patrimoine-avesnois.fr\/censes\/wp-content\/uploads\/2019\/02\/Capture-137.png?w=784 784w, https:\/\/i0.wp.com\/patrimoine-avesnois.fr\/censes\/wp-content\/uploads\/2019\/02\/Capture-137.png?resize=300%2C140 300w, https:\/\/i0.wp.com\/patrimoine-avesnois.fr\/censes\/wp-content\/uploads\/2019\/02\/Capture-137.png?resize=768%2C359 768w\" sizes=\"auto, (max-width: 784px) 85vw, 784px\" \/><figcaption>Cadastre Napol\u00e9onien<\/figcaption><\/figure><\/div>\n\n\n\n<div class=\"wp-block-image\"><figure class=\"aligncenter\"><img data-recalc-dims=\"1\" loading=\"lazy\" decoding=\"async\" width=\"784\" height=\"522\" data-attachment-id=\"275\" data-permalink=\"http:\/\/patrimoine-avesnois.fr\/censes\/les-censes-de-philippe-xavier-dusart-de-molembaix\/capture-139\/\" data-orig-file=\"https:\/\/i0.wp.com\/patrimoine-avesnois.fr\/censes\/wp-content\/uploads\/2019\/02\/Capture-138.png?fit=784%2C522\" data-orig-size=\"784,522\" data-comments-opened=\"1\" data-image-meta=\"{&quot;aperture&quot;:&quot;0&quot;,&quot;credit&quot;:&quot;&quot;,&quot;camera&quot;:&quot;&quot;,&quot;caption&quot;:&quot;&quot;,&quot;created_timestamp&quot;:&quot;0&quot;,&quot;copyright&quot;:&quot;&quot;,&quot;focal_length&quot;:&quot;0&quot;,&quot;iso&quot;:&quot;0&quot;,&quot;shutter_speed&quot;:&quot;0&quot;,&quot;title&quot;:&quot;&quot;,&quot;orientation&quot;:&quot;0&quot;}\" data-image-title=\"Capture\" data-image-description=\"\" data-image-caption=\"\" data-large-file=\"https:\/\/i0.wp.com\/patrimoine-avesnois.fr\/censes\/wp-content\/uploads\/2019\/02\/Capture-138.png?fit=784%2C522\" src=\"https:\/\/i0.wp.com\/patrimoine-avesnois.fr\/censes\/wp-content\/uploads\/2019\/02\/Capture-138.png?resize=784%2C522\" alt=\"\" class=\"wp-image-275\" srcset=\"https:\/\/i0.wp.com\/patrimoine-avesnois.fr\/censes\/wp-content\/uploads\/2019\/02\/Capture-138.png?w=784 784w, https:\/\/i0.wp.com\/patrimoine-avesnois.fr\/censes\/wp-content\/uploads\/2019\/02\/Capture-138.png?resize=300%2C200 300w, https:\/\/i0.wp.com\/patrimoine-avesnois.fr\/censes\/wp-content\/uploads\/2019\/02\/Capture-138.png?resize=768%2C511 768w\" sizes=\"auto, (max-width: 784px) 85vw, 784px\" \/><figcaption>La Ferme de la Tour<\/figcaption><\/figure><\/div>\n\n\n\n<div class=\"wp-block-image\"><figure class=\"aligncenter\"><img data-recalc-dims=\"1\" loading=\"lazy\" decoding=\"async\" width=\"733\" height=\"489\" data-attachment-id=\"276\" data-permalink=\"http:\/\/patrimoine-avesnois.fr\/censes\/les-censes-de-philippe-xavier-dusart-de-molembaix\/capture-140\/\" data-orig-file=\"https:\/\/i0.wp.com\/patrimoine-avesnois.fr\/censes\/wp-content\/uploads\/2019\/02\/Capture-139.png?fit=733%2C489\" data-orig-size=\"733,489\" data-comments-opened=\"1\" data-image-meta=\"{&quot;aperture&quot;:&quot;0&quot;,&quot;credit&quot;:&quot;&quot;,&quot;camera&quot;:&quot;&quot;,&quot;caption&quot;:&quot;&quot;,&quot;created_timestamp&quot;:&quot;0&quot;,&quot;copyright&quot;:&quot;&quot;,&quot;focal_length&quot;:&quot;0&quot;,&quot;iso&quot;:&quot;0&quot;,&quot;shutter_speed&quot;:&quot;0&quot;,&quot;title&quot;:&quot;&quot;,&quot;orientation&quot;:&quot;0&quot;}\" data-image-title=\"Capture\" data-image-description=\"\" data-image-caption=\"\" data-large-file=\"https:\/\/i0.wp.com\/patrimoine-avesnois.fr\/censes\/wp-content\/uploads\/2019\/02\/Capture-139.png?fit=733%2C489\" src=\"https:\/\/i0.wp.com\/patrimoine-avesnois.fr\/censes\/wp-content\/uploads\/2019\/02\/Capture-139.png?resize=733%2C489\" alt=\"\" class=\"wp-image-276\" srcset=\"https:\/\/i0.wp.com\/patrimoine-avesnois.fr\/censes\/wp-content\/uploads\/2019\/02\/Capture-139.png?w=733 733w, https:\/\/i0.wp.com\/patrimoine-avesnois.fr\/censes\/wp-content\/uploads\/2019\/02\/Capture-139.png?resize=300%2C200 300w\" sizes=\"auto, (max-width: 733px) 85vw, 733px\" \/><figcaption><a href=\"https:\/\/www.google.fr\/maps\/@50.3113342,3.7438289,3a,75y,354.91h,87.23t\/data=!3m6!1e1!3m4!1sj9zzuO66wjvkHdGiuykOjA!2e0!7i13312!8i6656\">Chemin de Bettrechies<\/a><\/figcaption><\/figure><\/div>\n","protected":false},"excerpt":{"rendered":"<p>Bellignies Le ch\u00e2teau de Bellignies appartenait au baron Philippe du Sart de Molembaix. Il \u00e9tait compos\u00e9 d&rsquo;un corps de b\u00e2timent principal et de deux ailes dispos\u00e9es en \u00e9querre. A proximit\u00e9 imm\u00e9diate se tenait sa ferme qui a \u00e9t\u00e9 partiellement r\u00e9am\u00e9nag\u00e9e mais qui a conserv\u00e9 les \u00e9curies et les mangeoires de pierre calcaire. Le baron \u00e9migra &hellip; <a href=\"http:\/\/patrimoine-avesnois.fr\/censes\/les-censes-de-philippe-xavier-dusart-de-molembaix\/\" class=\"more-link\">Continuer la lecture<span class=\"screen-reader-text\"> de &laquo;&nbsp;Les censes de Philippe Xavier Dusart de Molembaix&nbsp;&raquo;<\/span><\/a><\/p>\n","protected":false},"author":2,"featured_media":0,"parent":0,"menu_order":0,"comment_status":"closed","ping_status":"closed","template":"","meta":{"jetpack_post_was_ever_published":false,"footnotes":""},"class_list":["post-270","page","type-page","status-publish","hentry"],"jetpack_sharing_enabled":true,"jetpack_shortlink":"https:\/\/wp.me\/PaKSRG-4m","jetpack-related-posts":[],"_links":{"self":[{"href":"http:\/\/patrimoine-avesnois.fr\/censes\/wp-json\/wp\/v2\/pages\/270","targetHints":{"allow":["GET"]}}],"collection":[{"href":"http:\/\/patrimoine-avesnois.fr\/censes\/wp-json\/wp\/v2\/pages"}],"about":[{"href":"http:\/\/patrimoine-avesnois.fr\/censes\/wp-json\/wp\/v2\/types\/page"}],"author":[{"embeddable":true,"href":"http:\/\/patrimoine-avesnois.fr\/censes\/wp-json\/wp\/v2\/users\/2"}],"replies":[{"embeddable":true,"href":"http:\/\/patrimoine-avesnois.fr\/censes\/wp-json\/wp\/v2\/comments?post=270"}],"version-history":[{"count":1,"href":"http:\/\/patrimoine-avesnois.fr\/censes\/wp-json\/wp\/v2\/pages\/270\/revisions"}],"predecessor-version":[{"id":277,"href":"http:\/\/patrimoine-avesnois.fr\/censes\/wp-json\/wp\/v2\/pages\/270\/revisions\/277"}],"wp:attachment":[{"href":"http:\/\/patrimoine-avesnois.fr\/censes\/wp-json\/wp\/v2\/media?parent=270"}],"curies":[{"name":"wp","href":"https:\/\/api.w.org\/{rel}","templated":true}]}}