{"id":1125,"date":"2019-04-13T10:20:00","date_gmt":"2019-04-13T08:20:00","guid":{"rendered":"http:\/\/patrimoine-avesnois.fr\/chemin\/?page_id=1125"},"modified":"2025-03-03T17:47:05","modified_gmt":"2025-03-03T16:47:05","slug":"eppe-sauvage","status":"publish","type":"page","link":"http:\/\/patrimoine-avesnois.fr\/chemin\/eppe-sauvage\/","title":{"rendered":"Eppe-Sauvage"},"content":{"rendered":"<div class=\"wp-block-image\">\n<figure class=\"aligncenter\"><img loading=\"lazy\" decoding=\"async\" width=\"1473\" height=\"1026\" data-attachment-id=\"1126\" data-permalink=\"http:\/\/patrimoine-avesnois.fr\/chemin\/eppe-sauvage\/image-227\/\" data-orig-file=\"https:\/\/i0.wp.com\/patrimoine-avesnois.fr\/chemin\/wp-content\/uploads\/2019\/04\/image-205.png?fit=1473%2C1026\" data-orig-size=\"1473,1026\" data-comments-opened=\"1\" data-image-meta=\"{&quot;aperture&quot;:&quot;0&quot;,&quot;credit&quot;:&quot;&quot;,&quot;camera&quot;:&quot;&quot;,&quot;caption&quot;:&quot;&quot;,&quot;created_timestamp&quot;:&quot;0&quot;,&quot;copyright&quot;:&quot;&quot;,&quot;focal_length&quot;:&quot;0&quot;,&quot;iso&quot;:&quot;0&quot;,&quot;shutter_speed&quot;:&quot;0&quot;,&quot;title&quot;:&quot;&quot;,&quot;orientation&quot;:&quot;0&quot;}\" data-image-title=\"image\" data-image-description=\"\" data-image-caption=\"\" data-large-file=\"https:\/\/i0.wp.com\/patrimoine-avesnois.fr\/chemin\/wp-content\/uploads\/2019\/04\/image-205.png?fit=840%2C585\" src=\"https:\/\/i1.wp.com\/patrimoine-avesnois.fr\/chemin\/wp-content\/uploads\/2019\/04\/image-205.png?fit=840%2C585\" alt=\"\" class=\"wp-image-1126\" srcset=\"https:\/\/i0.wp.com\/patrimoine-avesnois.fr\/chemin\/wp-content\/uploads\/2019\/04\/image-205.png?w=1473 1473w, https:\/\/i0.wp.com\/patrimoine-avesnois.fr\/chemin\/wp-content\/uploads\/2019\/04\/image-205.png?resize=300%2C209 300w, https:\/\/i0.wp.com\/patrimoine-avesnois.fr\/chemin\/wp-content\/uploads\/2019\/04\/image-205.png?resize=768%2C535 768w, https:\/\/i0.wp.com\/patrimoine-avesnois.fr\/chemin\/wp-content\/uploads\/2019\/04\/image-205.png?resize=1024%2C713 1024w, https:\/\/i0.wp.com\/patrimoine-avesnois.fr\/chemin\/wp-content\/uploads\/2019\/04\/image-205.png?resize=1200%2C836 1200w\" sizes=\"auto, (max-width: 709px) 85vw, (max-width: 909px) 67vw, (max-width: 1362px) 62vw, 840px\" \/><figcaption class=\"wp-element-caption\">Vue a\u00e9rienne d&rsquo;Eppe-Sauvage<\/figcaption><\/figure>\n<\/div>\n\n\n<p>Le village tire son nom  de la rivi\u00e8re (Elpe, Helpe) qui le traverse et de sa situation au sein d&rsquo;un pays bois\u00e9 et sauvage <br>Le premier habitat sur le village d&rsquo;Eppe-Sauvage se situe au lieu-dit \u00a0\u00bb Lini\u00e8re \u00a0\u00bb \u00e0 l&rsquo;\u00e9poque n\u00e9olithique. Une villa gallo-romaine a \u00e9t\u00e9 mise \u00e0 jour en 1858 sur le m\u00eame secteur. Suite aux d\u00e9frichements des Xe et XIe si\u00e8cles, le village se d\u00e9veloppe sur les flancs des collines qui bordent les vall\u00e9es de l&rsquo;Helpe-Majeure et du ruisseau de Montbliart .<\/p>\n\n\n\n<p> D\u00e9s 1113, le nom d\u2019Helpra appara\u00eet dans une chartre d\u2019Odon le Bienheureux, relative \u00e0 l\u2019abbaye de Liessies. En 1186, l\u2019\u00e9glise est constitu\u00e9e en paroisse du decannat d\u2019Avesnes, de collation de l\u2019abbaye de Liessies<\/p>\n\n\n\n<p>Il y avait \u00e0 Eppe-Sauvage une seigneurie &nbsp;(arri\u00e8re fief de la pairie d&rsquo;Avesnes) mouvance de la pairie de Hainaut compos\u00e9 de deux fiefs que poss\u00e9dait en 1473 Thieri de Morchipon. Cette seigneurie fut d\u00e9truite en 1651. Il existait un autre fief poss\u00e9d\u00e9 par Henri Mahieu de Maubeuge &nbsp;(arri\u00e8re fief de Messire Philippe de Mastain).<\/p>\n\n\n<div class=\"wp-block-image\">\n<figure class=\"aligncenter size-large is-resized\"><img data-recalc-dims=\"1\" loading=\"lazy\" decoding=\"async\" width=\"840\" height=\"630\" data-attachment-id=\"16918\" data-permalink=\"http:\/\/patrimoine-avesnois.fr\/chemin\/eppe-sauvage\/eglise-1-5\/\" data-orig-file=\"https:\/\/i0.wp.com\/patrimoine-avesnois.fr\/chemin\/wp-content\/uploads\/2021\/12\/Eglise-1.jpg?fit=859%2C644\" data-orig-size=\"859,644\" data-comments-opened=\"1\" data-image-meta=\"{&quot;aperture&quot;:&quot;0&quot;,&quot;credit&quot;:&quot;CARRE&quot;,&quot;camera&quot;:&quot;&quot;,&quot;caption&quot;:&quot;&quot;,&quot;created_timestamp&quot;:&quot;1640950911&quot;,&quot;copyright&quot;:&quot;&quot;,&quot;focal_length&quot;:&quot;0&quot;,&quot;iso&quot;:&quot;0&quot;,&quot;shutter_speed&quot;:&quot;0&quot;,&quot;title&quot;:&quot;&quot;,&quot;orientation&quot;:&quot;1&quot;}\" data-image-title=\"Eglise-1\" data-image-description=\"\" data-image-caption=\"\" data-large-file=\"https:\/\/i0.wp.com\/patrimoine-avesnois.fr\/chemin\/wp-content\/uploads\/2021\/12\/Eglise-1.jpg?fit=840%2C630\" src=\"https:\/\/i0.wp.com\/patrimoine-avesnois.fr\/chemin\/wp-content\/uploads\/2021\/12\/Eglise-1.jpg?resize=840%2C630\" alt=\"\" class=\"wp-image-16918\" style=\"width:640px;height:480px\" srcset=\"https:\/\/i0.wp.com\/patrimoine-avesnois.fr\/chemin\/wp-content\/uploads\/2021\/12\/Eglise-1.jpg?w=859 859w, https:\/\/i0.wp.com\/patrimoine-avesnois.fr\/chemin\/wp-content\/uploads\/2021\/12\/Eglise-1.jpg?resize=300%2C225 300w, https:\/\/i0.wp.com\/patrimoine-avesnois.fr\/chemin\/wp-content\/uploads\/2021\/12\/Eglise-1.jpg?resize=768%2C576 768w\" sizes=\"auto, (max-width: 709px) 85vw, (max-width: 909px) 67vw, (max-width: 1362px) 62vw, 840px\" \/><figcaption class=\"wp-element-caption\"><em>L&rsquo;\u00e9glise d&rsquo;Eppe-Sauvage Photo<\/em> <a href=\"https:\/\/www.google.fr\/maps\/@50.1195596,4.177872,3a,75y,28.28h,87.49t\/data=!3m6!1e1!3m4!1sxMQiwxJrVjFNziiSD79T9A!2e0!7i16384!8i8192\" target=\"_blank\" rel=\"noreferrer noopener\">Google 2019<\/a><\/figcaption><\/figure>\n<\/div>\n\n<div class=\"wp-block-image\">\n<figure class=\"aligncenter size-large is-resized\"><img data-recalc-dims=\"1\" loading=\"lazy\" decoding=\"async\" width=\"738\" height=\"554\" data-attachment-id=\"16917\" data-permalink=\"http:\/\/patrimoine-avesnois.fr\/chemin\/eppe-sauvage\/eglise-1-4\/\" data-orig-file=\"https:\/\/i0.wp.com\/patrimoine-avesnois.fr\/chemin\/wp-content\/uploads\/2021\/12\/%C3%A9glise-1.jpg?fit=738%2C554\" data-orig-size=\"738,554\" data-comments-opened=\"1\" data-image-meta=\"{&quot;aperture&quot;:&quot;0&quot;,&quot;credit&quot;:&quot;CARRE&quot;,&quot;camera&quot;:&quot;&quot;,&quot;caption&quot;:&quot;&quot;,&quot;created_timestamp&quot;:&quot;1640950693&quot;,&quot;copyright&quot;:&quot;&quot;,&quot;focal_length&quot;:&quot;0&quot;,&quot;iso&quot;:&quot;0&quot;,&quot;shutter_speed&quot;:&quot;0&quot;,&quot;title&quot;:&quot;&quot;,&quot;orientation&quot;:&quot;1&quot;}\" data-image-title=\"\u00e9glise-1\" data-image-description=\"\" data-image-caption=\"\" data-large-file=\"https:\/\/i0.wp.com\/patrimoine-avesnois.fr\/chemin\/wp-content\/uploads\/2021\/12\/%C3%A9glise-1.jpg?fit=738%2C554\" src=\"https:\/\/i0.wp.com\/patrimoine-avesnois.fr\/chemin\/wp-content\/uploads\/2021\/12\/%C3%A9glise-1.jpg?resize=738%2C554\" alt=\"\" class=\"wp-image-16917\" style=\"width:640px;height:481px\" srcset=\"https:\/\/i0.wp.com\/patrimoine-avesnois.fr\/chemin\/wp-content\/uploads\/2021\/12\/%C3%A9glise-1.jpg?w=738 738w, https:\/\/i0.wp.com\/patrimoine-avesnois.fr\/chemin\/wp-content\/uploads\/2021\/12\/%C3%A9glise-1.jpg?resize=300%2C225 300w\" sizes=\"auto, (max-width: 738px) 85vw, 738px\" \/><figcaption class=\"wp-element-caption\"><em>L&rsquo;\u00e9glise d&rsquo;Eppe-Sauvage Photo<\/em><a rel=\"noreferrer noopener\" href=\"https:\/\/www.google.fr\/maps\/@50.1201557,4.1789955,3a,75y,234.86h,93.43t\/data=!3m6!1e1!3m4!1swV9tHl7IMdP9hSDabg_GZA!2e0!7i16384!8i8192\" target=\"_blank\"> Google 2019<\/a><\/figcaption><\/figure>\n<\/div>\n\n<div class=\"wp-block-image\">\n<figure class=\"aligncenter size-large is-resized\"><img data-recalc-dims=\"1\" loading=\"lazy\" decoding=\"async\" width=\"491\" height=\"369\" data-attachment-id=\"16915\" data-permalink=\"http:\/\/patrimoine-avesnois.fr\/chemin\/eppe-sauvage\/eglise-11\/\" data-orig-file=\"https:\/\/i0.wp.com\/patrimoine-avesnois.fr\/chemin\/wp-content\/uploads\/2021\/12\/Eglise.jpg?fit=491%2C369\" data-orig-size=\"491,369\" data-comments-opened=\"1\" data-image-meta=\"{&quot;aperture&quot;:&quot;0&quot;,&quot;credit&quot;:&quot;CARRE&quot;,&quot;camera&quot;:&quot;&quot;,&quot;caption&quot;:&quot;&quot;,&quot;created_timestamp&quot;:&quot;1640950254&quot;,&quot;copyright&quot;:&quot;&quot;,&quot;focal_length&quot;:&quot;0&quot;,&quot;iso&quot;:&quot;0&quot;,&quot;shutter_speed&quot;:&quot;0&quot;,&quot;title&quot;:&quot;&quot;,&quot;orientation&quot;:&quot;1&quot;}\" data-image-title=\"Eglise\" data-image-description=\"\" data-image-caption=\"\" data-large-file=\"https:\/\/i0.wp.com\/patrimoine-avesnois.fr\/chemin\/wp-content\/uploads\/2021\/12\/Eglise.jpg?fit=491%2C369\" src=\"https:\/\/i0.wp.com\/patrimoine-avesnois.fr\/chemin\/wp-content\/uploads\/2021\/12\/Eglise.jpg?resize=491%2C369\" alt=\"\u00c3\u0089glise Saint-Ursmar d'Eppe-Sauvage-4179.jpg\" class=\"wp-image-16915\" style=\"width:640px;height:481px\" srcset=\"https:\/\/i0.wp.com\/patrimoine-avesnois.fr\/chemin\/wp-content\/uploads\/2021\/12\/Eglise.jpg?w=491 491w, https:\/\/i0.wp.com\/patrimoine-avesnois.fr\/chemin\/wp-content\/uploads\/2021\/12\/Eglise.jpg?resize=300%2C225 300w\" sizes=\"auto, (max-width: 491px) 85vw, 491px\" \/><figcaption class=\"wp-element-caption\"> <em>L&rsquo;\u00e9glise d&rsquo;Eppe-Sauvage<\/em> Photo<a href=\"https:\/\/www.google.fr\/maps\/@50.1201557,4.1789955,3a,75y,234.86h,93.43t\/data=!3m6!1e1!3m4!1swV9tHl7IMdP9hSDabg_GZA!2e0!7i16384!8i8192\" target=\"_blank\" rel=\"noreferrer noopener\"> Google 2019<\/a><\/figcaption><\/figure>\n<\/div>\n\n\n<p>Saint Ursmer, \u00e9v\u00eaque et abb\u00e9 de Lobbes, n\u00e9 en 647 \u00e0 Fontenelle et mort en 713, est le patron de la paroisse. L\u2019\u00e9glise Saint Ursmer, toujours visible aujourd\u2019hui a \u00e9t\u00e9 construite en 1593.  Elle  est surmont\u00e9e d&rsquo;un clocher en charpente. Son soubassement est constitu\u00e9 de pierre calcaire et la ma\u00e7onnerie de brique. Elle est compos\u00e9e d&rsquo;une nef unique sans collat\u00e9raux. La nef comporte une vo\u00fbte d&rsquo;ogives plate. Les chapelles sur plan carr\u00e9 situ\u00e9es de part et d&rsquo;autre du choeur sont vo\u00fbt\u00e9es en brique avec des nervures en pierre, ainsi que le choeur, \u00e9clair\u00e9 par trois fen\u00eatres ogivales.  Elle est inscrite <a rel=\"noreferrer noopener\" aria-label=\"MH (opens in a new tab)\" href=\"http:\/\/www2.culture.gouv.fr\/public\/mistral\/memoire_fr?ACTION=CHERCHER&amp;FIELD_5=LBASE&amp;VALUE_5=IA59000824\" target=\"_blank\">MH<\/a> depuis 1947. Le mobilier y est tr\u00e8s riche. En voici son inventaire :<\/p>\n\n\n\n<p>B\u00e9nitiers en marbre<\/p>\n\n\n\n<p>Pierres tombales de marbre blanc (Barthelemy Maillet, Fran\u00e7ois Poschet)<\/p>\n\n\n\n<p>Pierres tombales en pierre grise (Adrien Machelart, Antoine Polchet, Arnould Petit, Bartom\u00e9 De la Court, Famille Poschet, Fran\u00e7ois Monte, Hugues Nocquet, Jacques Poirault, Jean Lambre, Jean Naveau, Jean Baptiste Dufoss\u00e9, Joseph Leruste, Nicolas Ghislain, Pierre Polchet, Pierre Monte)<\/p>\n\n\n\n<p>Fonts baptismaux<\/p>\n\n\n\n<p>Bronzes (reliquaire, chandelier, ostensoir, croix en possession)<\/p>\n\n\n\n<p>Peintures murales (retable, transept), peintures sur bois (Annonciation, Assomption, Visitation), peintures sur toile (Adoration des bergers, Calvaire, Christ en croix, Marie Madeleine, Mise au tombeau, Vierge de calvaire) <\/p>\n\n\n\n<p>Bois (confessionnal, Paul, Jude) Bois peints (Christ en croix, retable, S\u00e9bastien) Bois polychromes (Christ en croix) Bois dor\u00e9s (ange, \u00e9v\u00eaque, Immacul\u00e9e Conception, Vierge)<\/p>\n\n\n\n<p>Vitraux<\/p>\n\n\n<div class=\"wp-block-image\">\n<figure class=\"aligncenter is-resized\"><img decoding=\"async\" src=\"https:\/\/upload.wikimedia.org\/wikipedia\/commons\/thumb\/6\/60\/Eglise_interieur_eppe_sauvage.JPG\/800px-Eglise_interieur_eppe_sauvage.JPG\" alt=\"\" style=\"width:400px;height:534px\"\/><figcaption class=\"wp-element-caption\">Int\u00e9rieur de l&rsquo;\u00e9glise Photo Chatsam<\/figcaption><\/figure>\n<\/div>\n\n<div class=\"wp-block-image\">\n<figure class=\"aligncenter is-resized\"><img decoding=\"async\" src=\"https:\/\/upload.wikimedia.org\/wikipedia\/commons\/thumb\/4\/4e\/Triptique_eppe_sauvage.JPG\/1280px-Triptique_eppe_sauvage.JPG\" alt=\"\" style=\"width:640px;height:480px\"\/><figcaption class=\"wp-element-caption\">Triptyque fin XVI e s repr\u00e9sentant des sc\u00e8nes de vie de Saint-Ursmer : naissance, cons\u00e9cration \u00e9piscopale, d\u00e9livrance d&rsquo;une religieuse du monast\u00e8re de Maubeuge poss\u00e9d\u00e9e du d\u00e9mon par le saint, mort de ce dernier, reconnaissance solennelle de ses reliques. Photo Chatsam<\/figcaption><\/figure>\n<\/div>\n\n<div class=\"wp-block-image\">\n<figure class=\"aligncenter is-resized\"><img data-recalc-dims=\"1\" decoding=\"async\" src=\"https:\/\/i0.wp.com\/www2.culture.gouv.fr\/Wave\/image\/memoire\/0847\/ivr31_01591539va_p.jpg?w=840\" alt=\"\" style=\"width:560px;height:405px\"\/><figcaption class=\"wp-element-caption\"> La Mise au tombeau d&rsquo;Alfred Dehodencq est un envoi de l&rsquo;Etat \u00e0 l&rsquo;\u00e9glise Saint-Ursmer d&rsquo;Eppe-Sauvage en 1881. En 1879, l&rsquo;oeuvre avait \u00e9t\u00e9 propos\u00e9e \u00e0 la ville de Montargis qui l&rsquo;avait refus\u00e9e en raison de ses dimensions. <a href=\"http:\/\/www2.culture.gouv.fr\/public\/mistral\/palsri_fr?ACTION=CHERCHER&amp;FIELD_1=REF&amp;VALUE_1=IM59001276\" target=\"_blank\" rel=\"noreferrer noopener\" aria-label=\"MH (opens in a new tab)\">MH<\/a><\/figcaption><\/figure>\n<\/div>\n\n<div class=\"wp-block-image\">\n<figure class=\"aligncenter is-resized\"><img data-recalc-dims=\"1\" decoding=\"async\" src=\"https:\/\/i0.wp.com\/www2.culture.gouv.fr\/Wave\/image\/memoire\/0847\/ivr31_01591538va_p.jpg?w=840\" alt=\"\" style=\"width:560px;height:465px\"\/><figcaption class=\"wp-element-caption\"> La Mort de sainte Catherine d&rsquo;Alexandrie de William Haussoullier est un envoi de l&rsquo;Etat \u00e0 l&rsquo;\u00e9glise Saint-Ursmer d&rsquo;Eppe-Sauvage en 1881. Elle a \u00e9t\u00e9 command\u00e9e \u00e0 l&rsquo;artiste en 1858. Une date port\u00e9e (1859 ?) est difficilement lisible en bas \u00e0 gauche. En 1870, l&rsquo;oeuvre \u00e9tait initialement destin\u00e9e \u00e0 l&rsquo;\u00e9glise Saint-L\u00e9onard de Foug\u00e8res. <a href=\"http:\/\/www2.culture.gouv.fr\/public\/mistral\/palsri_fr?ACTION=CHERCHER&amp;FIELD_1=REF&amp;VALUE_1=IM59001277\" target=\"_blank\" rel=\"noreferrer noopener\" aria-label=\"MH (opens in a new tab)\">MH<\/a><\/figcaption><\/figure>\n<\/div>\n\n<div class=\"wp-block-image\">\n<figure class=\"aligncenter size-large is-resized\"><img loading=\"lazy\" decoding=\"async\" width=\"1060\" height=\"807\" data-attachment-id=\"17423\" data-permalink=\"http:\/\/patrimoine-avesnois.fr\/chemin\/eppe-sauvage\/image-1-16\/\" data-orig-file=\"https:\/\/i0.wp.com\/patrimoine-avesnois.fr\/chemin\/wp-content\/uploads\/2022\/02\/image-1.png?fit=1060%2C807\" data-orig-size=\"1060,807\" data-comments-opened=\"1\" data-image-meta=\"{&quot;aperture&quot;:&quot;0&quot;,&quot;credit&quot;:&quot;&quot;,&quot;camera&quot;:&quot;&quot;,&quot;caption&quot;:&quot;&quot;,&quot;created_timestamp&quot;:&quot;0&quot;,&quot;copyright&quot;:&quot;&quot;,&quot;focal_length&quot;:&quot;0&quot;,&quot;iso&quot;:&quot;0&quot;,&quot;shutter_speed&quot;:&quot;0&quot;,&quot;title&quot;:&quot;&quot;,&quot;orientation&quot;:&quot;0&quot;}\" data-image-title=\"image-1\" data-image-description=\"\" data-image-caption=\"\" data-large-file=\"https:\/\/i0.wp.com\/patrimoine-avesnois.fr\/chemin\/wp-content\/uploads\/2022\/02\/image-1.png?fit=840%2C640\" src=\"https:\/\/i2.wp.com\/patrimoine-avesnois.fr\/chemin\/wp-content\/uploads\/2022\/02\/image-1.png?fit=840%2C640\" alt=\"\" class=\"wp-image-17423\" style=\"width:560px;height:427px\" srcset=\"https:\/\/i0.wp.com\/patrimoine-avesnois.fr\/chemin\/wp-content\/uploads\/2022\/02\/image-1.png?w=1060 1060w, https:\/\/i0.wp.com\/patrimoine-avesnois.fr\/chemin\/wp-content\/uploads\/2022\/02\/image-1.png?resize=300%2C228 300w, https:\/\/i0.wp.com\/patrimoine-avesnois.fr\/chemin\/wp-content\/uploads\/2022\/02\/image-1.png?resize=1024%2C780 1024w, https:\/\/i0.wp.com\/patrimoine-avesnois.fr\/chemin\/wp-content\/uploads\/2022\/02\/image-1.png?resize=768%2C585 768w\" sizes=\"auto, (max-width: 709px) 85vw, (max-width: 909px) 67vw, (max-width: 1362px) 62vw, 840px\" \/><figcaption class=\"wp-element-caption\">Le retable baptis\u00e9 \u00ab\u00a0la vie de la Vierge Marie\u00a0\u00bb  Triptyque du XVI e si\u00e8cle qui n\u00e9cessite une r\u00e9habilitation dont le co\u00fbt s&rsquo;\u00e9l\u00e8ve \u00e0 39 000 euros. Photo 2022<\/figcaption><\/figure>\n<\/div>\n\n<div class=\"wp-block-image\">\n<figure class=\"aligncenter is-resized\"><img decoding=\"async\" src=\"https:\/\/upload.wikimedia.org\/wikipedia\/commons\/thumb\/7\/7c\/Chaire_eppe_sauvage.JPG\/800px-Chaire_eppe_sauvage.JPG\" alt=\"\" style=\"width:400px;height:534px\"\/><figcaption class=\"wp-element-caption\">Chaire Photo Chatsam<\/figcaption><\/figure>\n<\/div>\n\n<div class=\"wp-block-image\">\n<figure class=\"aligncenter size-full is-resized\"><img data-recalc-dims=\"1\" loading=\"lazy\" decoding=\"async\" width=\"800\" height=\"600\" data-attachment-id=\"21327\" data-permalink=\"http:\/\/patrimoine-avesnois.fr\/chemin\/eppe-sauvage\/eppe-sauvage_peinture_representant_labbaye_de_lobbes_en_belgique-2\/\" data-orig-file=\"https:\/\/i0.wp.com\/patrimoine-avesnois.fr\/chemin\/wp-content\/uploads\/2025\/03\/Eppe-Sauvage_peinture_representant_lAbbaye_de_Lobbes_en_Belgique-1.jpg?fit=800%2C600\" data-orig-size=\"800,600\" data-comments-opened=\"1\" data-image-meta=\"{&quot;aperture&quot;:&quot;0&quot;,&quot;credit&quot;:&quot;&quot;,&quot;camera&quot;:&quot;&quot;,&quot;caption&quot;:&quot;&quot;,&quot;created_timestamp&quot;:&quot;0&quot;,&quot;copyright&quot;:&quot;&quot;,&quot;focal_length&quot;:&quot;0&quot;,&quot;iso&quot;:&quot;0&quot;,&quot;shutter_speed&quot;:&quot;0&quot;,&quot;title&quot;:&quot;&quot;,&quot;orientation&quot;:&quot;0&quot;}\" data-image-title=\"Eppe-Sauvage_peinture_repr\u00e9sentant_l&amp;rsquo;Abbaye_de_Lobbes_en_Belgique\" data-image-description=\"\" data-image-caption=\"\" data-large-file=\"https:\/\/i0.wp.com\/patrimoine-avesnois.fr\/chemin\/wp-content\/uploads\/2025\/03\/Eppe-Sauvage_peinture_representant_lAbbaye_de_Lobbes_en_Belgique-1.jpg?fit=800%2C600\" src=\"https:\/\/i0.wp.com\/patrimoine-avesnois.fr\/chemin\/wp-content\/uploads\/2025\/03\/Eppe-Sauvage_peinture_representant_lAbbaye_de_Lobbes_en_Belgique-1.jpg?resize=800%2C600&#038;ssl=1\" alt=\"\" class=\"wp-image-21327\" style=\"width:640px;height:480px\" srcset=\"https:\/\/i0.wp.com\/patrimoine-avesnois.fr\/chemin\/wp-content\/uploads\/2025\/03\/Eppe-Sauvage_peinture_representant_lAbbaye_de_Lobbes_en_Belgique-1.jpg?w=800 800w, https:\/\/i0.wp.com\/patrimoine-avesnois.fr\/chemin\/wp-content\/uploads\/2025\/03\/Eppe-Sauvage_peinture_representant_lAbbaye_de_Lobbes_en_Belgique-1.jpg?resize=300%2C225 300w, https:\/\/i0.wp.com\/patrimoine-avesnois.fr\/chemin\/wp-content\/uploads\/2025\/03\/Eppe-Sauvage_peinture_representant_lAbbaye_de_Lobbes_en_Belgique-1.jpg?resize=768%2C576 768w\" sizes=\"auto, (max-width: 800px) 85vw, 800px\" \/><figcaption class=\"wp-element-caption\">Peinture ancienne : \u00ab\u00a0l&rsquo;abbaye de Lobbes en 1740\u00a0\u00bb. <\/figcaption><\/figure>\n<\/div>\n\n\n<p>On peut \u00e9galement y admirer les statuettes de saint Jude, saint Paul, saint Jacques et saint Barth\u00e9l\u00e9my; sous la tribune d&rsquo;orgues un grand retable encadrant une descente de Croix; de nombreuses pierres tombales dont celles de la famille Poschet, les ma\u00eetres de forge d&rsquo;Eppe-sauvage (MH).<\/p>\n\n\n<div class=\"wp-block-image\">\n<figure class=\"aligncenter size-large is-resized\"><img data-recalc-dims=\"1\" loading=\"lazy\" decoding=\"async\" width=\"651\" height=\"874\" data-attachment-id=\"15515\" data-permalink=\"http:\/\/patrimoine-avesnois.fr\/chemin\/eppe-sauvage\/image-10-10\/\" data-orig-file=\"https:\/\/i0.wp.com\/patrimoine-avesnois.fr\/chemin\/wp-content\/uploads\/2021\/10\/image-10.png?fit=651%2C874\" data-orig-size=\"651,874\" data-comments-opened=\"1\" data-image-meta=\"{&quot;aperture&quot;:&quot;0&quot;,&quot;credit&quot;:&quot;&quot;,&quot;camera&quot;:&quot;&quot;,&quot;caption&quot;:&quot;&quot;,&quot;created_timestamp&quot;:&quot;0&quot;,&quot;copyright&quot;:&quot;&quot;,&quot;focal_length&quot;:&quot;0&quot;,&quot;iso&quot;:&quot;0&quot;,&quot;shutter_speed&quot;:&quot;0&quot;,&quot;title&quot;:&quot;&quot;,&quot;orientation&quot;:&quot;0&quot;}\" data-image-title=\"image-10\" data-image-description=\"\" data-image-caption=\"\" data-large-file=\"https:\/\/i0.wp.com\/patrimoine-avesnois.fr\/chemin\/wp-content\/uploads\/2021\/10\/image-10.png?fit=651%2C874\" src=\"https:\/\/i0.wp.com\/patrimoine-avesnois.fr\/chemin\/wp-content\/uploads\/2021\/10\/image-10.png?resize=651%2C874\" alt=\"\" class=\"wp-image-15515\" style=\"width:399px;height:535px\" srcset=\"https:\/\/i0.wp.com\/patrimoine-avesnois.fr\/chemin\/wp-content\/uploads\/2021\/10\/image-10.png?w=651 651w, https:\/\/i0.wp.com\/patrimoine-avesnois.fr\/chemin\/wp-content\/uploads\/2021\/10\/image-10.png?resize=223%2C300 223w\" sizes=\"auto, (max-width: 651px) 85vw, 651px\" \/><figcaption class=\"wp-element-caption\">Vierge dite \u00ab\u00a0d&rsquo;Eppe-Sauvage\u00a0\u00bb, original en ch\u00eane XIV e si\u00e8cle, Avesnois. Clich\u00e9 Eric Fossey, Collection Ecomus\u00e9e<\/figcaption><\/figure>\n<\/div>\n\n\n<p>En ce d\u00e9but d&rsquo;ann\u00e9e 2022 la commune d&rsquo;Eppe-Sauvage recherche deux millions d&rsquo;euros pour r\u00e9habiliter la totalit\u00e9 de son \u00e9glise (ma\u00e7onnerie, charpente, menuiserie, chauffage, \u00e9lectricit\u00e9, peintures&#8230;). La Mairie et l&rsquo;ARSEPPE (Association de restauration et de sauvegarde de l&rsquo;\u00e9glise d&rsquo;Eppe) frappent \u00e0 toutes les portes pour obtenir des subventions, qu&rsquo;il s&rsquo;agisse de l&rsquo;Etat, de collectivit\u00e9s ou de fondations.<\/p>\n\n\n\n<p class=\"has-text-align-center\">***<\/p>\n\n\n<div class=\"wp-block-image\">\n<figure class=\"aligncenter size-large is-resized\"><img data-recalc-dims=\"1\" loading=\"lazy\" decoding=\"async\" width=\"715\" height=\"536\" data-attachment-id=\"16922\" data-permalink=\"http:\/\/patrimoine-avesnois.fr\/chemin\/eppe-sauvage\/mairie-2-3\/\" data-orig-file=\"https:\/\/i0.wp.com\/patrimoine-avesnois.fr\/chemin\/wp-content\/uploads\/2021\/12\/Mairie-2.jpg?fit=715%2C536\" data-orig-size=\"715,536\" data-comments-opened=\"1\" data-image-meta=\"{&quot;aperture&quot;:&quot;0&quot;,&quot;credit&quot;:&quot;CARRE&quot;,&quot;camera&quot;:&quot;&quot;,&quot;caption&quot;:&quot;&quot;,&quot;created_timestamp&quot;:&quot;1640951737&quot;,&quot;copyright&quot;:&quot;&quot;,&quot;focal_length&quot;:&quot;0&quot;,&quot;iso&quot;:&quot;0&quot;,&quot;shutter_speed&quot;:&quot;0&quot;,&quot;title&quot;:&quot;&quot;,&quot;orientation&quot;:&quot;1&quot;}\" data-image-title=\"Mairie-2\" data-image-description=\"\" data-image-caption=\"\" data-large-file=\"https:\/\/i0.wp.com\/patrimoine-avesnois.fr\/chemin\/wp-content\/uploads\/2021\/12\/Mairie-2.jpg?fit=715%2C536\" src=\"https:\/\/i0.wp.com\/patrimoine-avesnois.fr\/chemin\/wp-content\/uploads\/2021\/12\/Mairie-2.jpg?resize=715%2C536\" alt=\"\" class=\"wp-image-16922\" style=\"width:536px;height:402px\" srcset=\"https:\/\/i0.wp.com\/patrimoine-avesnois.fr\/chemin\/wp-content\/uploads\/2021\/12\/Mairie-2.jpg?w=715 715w, https:\/\/i0.wp.com\/patrimoine-avesnois.fr\/chemin\/wp-content\/uploads\/2021\/12\/Mairie-2.jpg?resize=300%2C225 300w\" sizes=\"auto, (max-width: 715px) 85vw, 715px\" \/><figcaption class=\"wp-element-caption\">La Mairie dat\u00e9e de 1839 Historique et description sur le site<a rel=\"noreferrer noopener\" aria-label=\" MH (opens in a new tab)\" href=\"http:\/\/www2.culture.gouv.fr\/public\/mistral\/mersri_fr?ACTION=CHERCHER&amp;FIELD_1=REF&amp;VALUE_1=IA59000820\" target=\"_blank\"> MH<\/a><\/figcaption><\/figure>\n<\/div>\n\n<div class=\"wp-block-image\">\n<figure class=\"aligncenter is-resized\"><img data-recalc-dims=\"1\" decoding=\"async\" src=\"https:\/\/i0.wp.com\/patrimoine-avesnois.fr\/chemin\/wp-content\/uploads\/2019\/04\/Capture1-8.png?w=840\" alt=\"L\u00e2\u0080\u0099attribut alt de cette image est vide, son nom de fichier est Capture1-8.png.\" style=\"width:517px;height:389px\"\/><figcaption class=\"wp-element-caption\">Ancien Presbyt\u00e8re construit en 1823<\/figcaption><\/figure>\n<\/div>\n\n\n<p> Ancien presbyt\u00e8re \u00e0 cinq trav\u00e9es, situ\u00e9 en retrait, \u00e0 l&rsquo;angle de la rue de la Fontaine et de la rue de Verdun. Il est partiellement mitoyen. Le soubassement, l&rsquo;encadrement des baies, le bandeau, ainsi que la corniche, sont en pierre calcaire. La toiture, surmont\u00e9e de deux lucarnes \u00e0 croupe d\u00e9bordante, est en ardoises. Un garage \u00e0 linteau m\u00e9tallique a \u00e9t\u00e9 perc\u00e9 en fa\u00e7ade, rue de Verdun. Description : <a href=\"http:\/\/www2.culture.gouv.fr\/public\/mistral\/merimee_fr?ACTION=CHERCHER&amp;FIELD_98=REF&amp;VALUE_98=IA59000822\" target=\"_blank\" rel=\"noreferrer noopener\" aria-label=\"MH (opens in a new tab)\">MH<\/a><\/p>\n\n\n<div class=\"wp-block-image\">\n<figure class=\"aligncenter is-resized\"><img decoding=\"async\" src=\"https:\/\/upload.wikimedia.org\/wikipedia\/commons\/thumb\/5\/56\/Mom_eppe_sauvage.JPG\/800px-Mom_eppe_sauvage.JPG\" alt=\"\" style=\"width:400px;height:534px\"\/><figcaption class=\"wp-element-caption\">Le Monument aux Morts.<a rel=\"noreferrer noopener\" aria-label=\" Universit\u00e9 Lille 3 (opens in a new tab)\" href=\"https:\/\/monumentsmorts.univ-lille.fr\/monument\/240\/eppesauvage-presdeleglise\/\" target=\"_blank\"> Universit\u00e9 Lille 3<\/a> Photo Chatsam<\/figcaption><\/figure>\n<\/div>\n\n\n<p>Ce Monument est commun \u00e0&nbsp;Eppe-Sauvage, Baives et Moustier-en-Fagne.<\/p>\n\n\n<div class=\"wp-block-image\">\n<figure class=\"aligncenter is-resized\"><img data-recalc-dims=\"1\" height=\"592\" width=\"840\" decoding=\"async\" src=\"https:\/\/i0.wp.com\/oratoiresetchapelles-avesnois.fr\/wp-content\/uploads\/2017\/07\/Capture-5-1024x722.png?resize=840%2C592\" alt=\"Capture\" style=\"width:641px;height:452px\"\/><figcaption class=\"wp-element-caption\"><a href=\"http:\/\/oratoiresetchapelles-avesnois.fr\/eppe-sauvage\/\" target=\"_blank\" rel=\"noreferrer noopener\" aria-label=\"10 oratoires et 6 chapelles (opens in a new tab)\">10 oratoires et 6 chapelles<\/a><\/figcaption><\/figure>\n<\/div>\n\n\n<p>10 oratoires et 6 chapelles dont la plus ancienne  :<\/p>\n\n\n<div class=\"wp-block-image\">\n<figure class=\"aligncenter is-resized\"><img data-recalc-dims=\"1\" height=\"1024\" width=\"768\" decoding=\"async\" src=\"https:\/\/i0.wp.com\/oratoiresetchapelles-avesnois.fr\/wp-content\/uploads\/2017\/07\/getPart-11-768x1024.jpg?resize=768%2C1024\" alt=\"Chapelle Saint-Ursmer (1669). Rue de la Haut \/ Chemin Trouillet.\" style=\"width:384px;height:512px\"\/><figcaption class=\"wp-element-caption\"> <br><em>Chapelle Saint-Ursmer (1669). Rue de la Haut \/ Chemin Trouillet.<\/em> <\/figcaption><\/figure>\n<\/div>\n\n<div class=\"wp-block-image\">\n<figure class=\"aligncenter is-resized\"><img decoding=\"async\" src=\"http:\/\/i0.wp.com\/www.calvaires-avesnois.fr\/wp-content\/uploads\/2016\/09\/Nouvelle-image-138.png?resize=370%2C493\" alt=\"Calvaire au cimeti\u00c3\u00a8re\" style=\"width:370px;height:493px\"\/><figcaption class=\"wp-element-caption\">Calvaire au cimeti\u00e8re<\/figcaption><\/figure>\n<\/div>\n\n\n<p><strong>FORGES :<\/strong><\/p>\n\n\n\n<p>A partir du XVI e si\u00e8cle, l\u2019industrie du fer se d\u00e9veloppa fortement. <br>En effet , en 1515, la lettre patente du seigneur des lieux, le prince Charles de Cro\u00ff, confirmait le d\u00e9veloppement de l&rsquo;activit\u00e9 des forges. Eppe-Sauvage en poss\u00e9dait alors quatre : le Voyaux, le Marteau, le Grignaux et Willies.<\/p>\n\n\n\n<p>Avec l&rsquo;av\u00e8nement de Philippe II en 1556 jusqu&rsquo;au trait\u00e9 d&rsquo;Utrecht en 1715, le Hainaut fut ravag\u00e9 par les guerres franco-espagnoles et Eppe-Sauvage fut presque enti\u00e8rement incendi\u00e9 en 1651 par les troupes fran\u00e7aises. A la suite du trait\u00e9 de Nim\u00e8gue en 1678, le village appartenant aux Pays-Bas fut rattach\u00e9 au royaume de France. Au XVIIIe si\u00e8cle, les Merode, seigneurs de Tr\u00e9lon, \u00e9tablirent des hauts fourneaux, modernisant les anciennes forges.<\/p>\n\n\n<div class=\"wp-block-image\">\n<figure class=\"aligncenter is-resized\"><img data-recalc-dims=\"1\" decoding=\"async\" src=\"https:\/\/i0.wp.com\/patrimoine-avesnois.fr\/chemin\/wp-content\/uploads\/2019\/04\/Capture-7.png?w=840\" alt=\"L\u00e2\u0080\u0099attribut alt de cette image est vide, son nom de fichier est Capture-7.png.\" style=\"width:691px;height:518px\"\/><figcaption class=\"wp-element-caption\"> <em>Le Marteau ADN P 31\/694 Cadastre 1823\/1883<\/em> <\/figcaption><\/figure>\n<\/div>\n\n\n<p> Ainsi, le village se d\u00e9veloppa jusqu&rsquo;\u00e0 compter au milieu du XIXe si\u00e8cle. Cependant, l&rsquo;\u00e9tablissement de la nouvelle fronti\u00e8re coupa Eppe-Sauvage d&rsquo;autres centres sid\u00e9rurgiques comme Montbliart et Rance. Son organisation administrative et \u00e9conomique en fut modifi\u00e9e. L&rsquo;activit\u00e9 douani\u00e8re devint centrale dans la vie du village.<\/p>\n\n\n<div class=\"wp-block-image\">\n<figure class=\"aligncenter is-resized\"><img loading=\"lazy\" decoding=\"async\" width=\"1115\" height=\"385\" data-attachment-id=\"1158\" data-permalink=\"http:\/\/patrimoine-avesnois.fr\/chemin\/eppe-sauvage\/image-235\/\" data-orig-file=\"https:\/\/i0.wp.com\/patrimoine-avesnois.fr\/chemin\/wp-content\/uploads\/2019\/04\/image-213.png?fit=1115%2C385\" data-orig-size=\"1115,385\" data-comments-opened=\"1\" data-image-meta=\"{&quot;aperture&quot;:&quot;0&quot;,&quot;credit&quot;:&quot;&quot;,&quot;camera&quot;:&quot;&quot;,&quot;caption&quot;:&quot;&quot;,&quot;created_timestamp&quot;:&quot;0&quot;,&quot;copyright&quot;:&quot;&quot;,&quot;focal_length&quot;:&quot;0&quot;,&quot;iso&quot;:&quot;0&quot;,&quot;shutter_speed&quot;:&quot;0&quot;,&quot;title&quot;:&quot;&quot;,&quot;orientation&quot;:&quot;0&quot;}\" data-image-title=\"image\" data-image-description=\"\" data-image-caption=\"\" data-large-file=\"https:\/\/i0.wp.com\/patrimoine-avesnois.fr\/chemin\/wp-content\/uploads\/2019\/04\/image-213.png?fit=840%2C290\" src=\"https:\/\/i0.wp.com\/patrimoine-avesnois.fr\/chemin\/wp-content\/uploads\/2019\/04\/image-213.png?fit=840%2C290\" alt=\"\" class=\"wp-image-1158\" style=\"width:630px;height:218px\" srcset=\"https:\/\/i0.wp.com\/patrimoine-avesnois.fr\/chemin\/wp-content\/uploads\/2019\/04\/image-213.png?w=1115 1115w, https:\/\/i0.wp.com\/patrimoine-avesnois.fr\/chemin\/wp-content\/uploads\/2019\/04\/image-213.png?resize=300%2C104 300w, https:\/\/i0.wp.com\/patrimoine-avesnois.fr\/chemin\/wp-content\/uploads\/2019\/04\/image-213.png?resize=768%2C265 768w, https:\/\/i0.wp.com\/patrimoine-avesnois.fr\/chemin\/wp-content\/uploads\/2019\/04\/image-213.png?resize=1024%2C354 1024w\" sizes=\"auto, (max-width: 709px) 85vw, (max-width: 909px) 67vw, (max-width: 1362px) 62vw, 840px\" \/><figcaption class=\"wp-element-caption\">L&rsquo;activit\u00e9 douani\u00e8re<\/figcaption><\/figure>\n<\/div>\n\n\n<p>La sid\u00e9rurgie d\u00e9clina dans la deuxi\u00e8me moiti\u00e9 du XIXe si\u00e8cle au profit des hauts fourneaux de l&rsquo;actuelle Wallonnie. Elle fut remplac\u00e9e par l&rsquo;\u00e9levage et l&rsquo;industrie laiti\u00e8re.<\/p>\n\n\n\n<p><strong>MOULINS :<\/strong><\/p>\n\n\n<div class=\"wp-block-image\">\n<figure class=\"aligncenter is-resized\"><img data-recalc-dims=\"1\" decoding=\"async\" src=\"https:\/\/i0.wp.com\/www2.culture.gouv.fr\/Wave\/image\/memoire\/0847\/ivr31_02590534v_p.jpg?w=840\" alt=\"\" style=\"width:562px;height:431px\"\/><figcaption class=\"wp-element-caption\">Le Petit Moulin Photo <a href=\"http:\/\/www2.culture.gouv.fr\/public\/mistral\/memoire_fr?ACTION=CHERCHER&amp;FIELD_1=REF&amp;VALUE_1=IVR31_02590534V\" target=\"_blank\" rel=\"noreferrer noopener\" aria-label=\"MH (opens in a new tab)\">MH<\/a><\/figcaption><\/figure>\n<\/div>\n\n\n<p>Deux moulins situ\u00e9s sur le ruisseau Mahomet provenant de Sivry Rance furent construits en 1672 selon Pierre Joseph Dorl\u00e9ans, propri\u00e9taire des lieux en 1823. Le \u00ab&nbsp;Petit Moulin&nbsp;\u00bb s\u2019arr\u00eata en 1827 car il manquait de force hydraulique, \u00e0 l\u2019inverse du \u00ab&nbsp;Grand Moulin&nbsp;\u00bb qui b\u00e9n\u00e9ficiant d\u2019un bel \u00e9tang fonctionna en tant que moulin \u00e0 farine et \u00e0 \u00e9corces avant d\u2019\u00eatre transform\u00e9 en scierie de marbre vers 1844. Il fut converti en habitation d\u00e8s 1900. Voir mon site <a rel=\"noreferrer noopener\" aria-label=\"Moulins en Avesnois (opens in a new tab)\" href=\"http:\/\/www.moulins-avesnois.fr\/lhelpe-majeure-et-ses-moulins\/\" target=\"_blank\">Moulins en Avesnois<\/a><\/p>\n\n\n\n<p><strong>CH\u00c2TEAU DE VOYAUX :<\/strong><\/p>\n\n\n<div class=\"wp-block-image\">\n<figure class=\"aligncenter is-resized\"><img data-recalc-dims=\"1\" decoding=\"async\" src=\"https:\/\/i0.wp.com\/www2.culture.gouv.fr\/Wave\/image\/memoire\/0847\/ivr31_02590831v_p.jpg?w=840\" alt=\"\" style=\"width:433px;height:542px\"\/><figcaption class=\"wp-element-caption\"><em>Le ch\u00e2teau de Voyaux.&nbsp;Photo&nbsp;MH<\/em><\/figcaption><\/figure>\n<\/div>\n\n<div class=\"wp-block-image\">\n<figure class=\"aligncenter is-resized\"><img loading=\"lazy\" decoding=\"async\" width=\"1534\" height=\"1046\" data-attachment-id=\"1143\" data-permalink=\"http:\/\/patrimoine-avesnois.fr\/chemin\/eppe-sauvage\/image-230\/\" data-orig-file=\"https:\/\/i0.wp.com\/patrimoine-avesnois.fr\/chemin\/wp-content\/uploads\/2019\/04\/image-208.png?fit=1534%2C1046\" data-orig-size=\"1534,1046\" data-comments-opened=\"1\" data-image-meta=\"{&quot;aperture&quot;:&quot;0&quot;,&quot;credit&quot;:&quot;&quot;,&quot;camera&quot;:&quot;&quot;,&quot;caption&quot;:&quot;&quot;,&quot;created_timestamp&quot;:&quot;0&quot;,&quot;copyright&quot;:&quot;&quot;,&quot;focal_length&quot;:&quot;0&quot;,&quot;iso&quot;:&quot;0&quot;,&quot;shutter_speed&quot;:&quot;0&quot;,&quot;title&quot;:&quot;&quot;,&quot;orientation&quot;:&quot;0&quot;}\" data-image-title=\"image\" data-image-description=\"\" data-image-caption=\"\" data-large-file=\"https:\/\/i0.wp.com\/patrimoine-avesnois.fr\/chemin\/wp-content\/uploads\/2019\/04\/image-208.png?fit=840%2C573\" src=\"https:\/\/i0.wp.com\/patrimoine-avesnois.fr\/chemin\/wp-content\/uploads\/2019\/04\/image-208.png?fit=840%2C573\" alt=\"\" class=\"wp-image-1143\" style=\"width:630px;height:430px\" srcset=\"https:\/\/i0.wp.com\/patrimoine-avesnois.fr\/chemin\/wp-content\/uploads\/2019\/04\/image-208.png?w=1534 1534w, https:\/\/i0.wp.com\/patrimoine-avesnois.fr\/chemin\/wp-content\/uploads\/2019\/04\/image-208.png?resize=300%2C205 300w, https:\/\/i0.wp.com\/patrimoine-avesnois.fr\/chemin\/wp-content\/uploads\/2019\/04\/image-208.png?resize=768%2C524 768w, https:\/\/i0.wp.com\/patrimoine-avesnois.fr\/chemin\/wp-content\/uploads\/2019\/04\/image-208.png?resize=1024%2C698 1024w, https:\/\/i0.wp.com\/patrimoine-avesnois.fr\/chemin\/wp-content\/uploads\/2019\/04\/image-208.png?resize=1200%2C818 1200w\" sizes=\"auto, (max-width: 709px) 85vw, (max-width: 909px) 67vw, (max-width: 1362px) 62vw, 840px\" \/><figcaption class=\"wp-element-caption\">Vue a\u00e9rienne du ch\u00e2teau de Voyaux<\/figcaption><\/figure>\n<\/div>\n\n<div class=\"wp-block-image\">\n<figure class=\"aligncenter is-resized\"><img loading=\"lazy\" decoding=\"async\" width=\"1571\" height=\"1091\" data-attachment-id=\"1146\" data-permalink=\"http:\/\/patrimoine-avesnois.fr\/chemin\/eppe-sauvage\/image-231\/\" data-orig-file=\"https:\/\/i0.wp.com\/patrimoine-avesnois.fr\/chemin\/wp-content\/uploads\/2019\/04\/image-209.png?fit=1571%2C1091\" data-orig-size=\"1571,1091\" data-comments-opened=\"1\" data-image-meta=\"{&quot;aperture&quot;:&quot;0&quot;,&quot;credit&quot;:&quot;&quot;,&quot;camera&quot;:&quot;&quot;,&quot;caption&quot;:&quot;&quot;,&quot;created_timestamp&quot;:&quot;0&quot;,&quot;copyright&quot;:&quot;&quot;,&quot;focal_length&quot;:&quot;0&quot;,&quot;iso&quot;:&quot;0&quot;,&quot;shutter_speed&quot;:&quot;0&quot;,&quot;title&quot;:&quot;&quot;,&quot;orientation&quot;:&quot;0&quot;}\" data-image-title=\"image\" data-image-description=\"\" data-image-caption=\"\" data-large-file=\"https:\/\/i0.wp.com\/patrimoine-avesnois.fr\/chemin\/wp-content\/uploads\/2019\/04\/image-209.png?fit=840%2C583\" src=\"https:\/\/i0.wp.com\/patrimoine-avesnois.fr\/chemin\/wp-content\/uploads\/2019\/04\/image-209.png?fit=840%2C583\" alt=\"\" class=\"wp-image-1146\" style=\"width:629px;height:437px\" srcset=\"https:\/\/i0.wp.com\/patrimoine-avesnois.fr\/chemin\/wp-content\/uploads\/2019\/04\/image-209.png?w=1571 1571w, https:\/\/i0.wp.com\/patrimoine-avesnois.fr\/chemin\/wp-content\/uploads\/2019\/04\/image-209.png?resize=300%2C208 300w, https:\/\/i0.wp.com\/patrimoine-avesnois.fr\/chemin\/wp-content\/uploads\/2019\/04\/image-209.png?resize=768%2C533 768w, https:\/\/i0.wp.com\/patrimoine-avesnois.fr\/chemin\/wp-content\/uploads\/2019\/04\/image-209.png?resize=1024%2C711 1024w, https:\/\/i0.wp.com\/patrimoine-avesnois.fr\/chemin\/wp-content\/uploads\/2019\/04\/image-209.png?resize=1200%2C833 1200w\" sizes=\"auto, (max-width: 709px) 85vw, (max-width: 909px) 67vw, (max-width: 1362px) 62vw, 840px\" \/><figcaption class=\"wp-element-caption\">Ch\u00e2teau de Voyaux en 1970<\/figcaption><\/figure>\n<\/div>\n\n<div class=\"wp-block-image\">\n<figure class=\"aligncenter is-resized\"><img data-recalc-dims=\"1\" loading=\"lazy\" decoding=\"async\" width=\"840\" height=\"631\" data-attachment-id=\"1147\" data-permalink=\"http:\/\/patrimoine-avesnois.fr\/chemin\/eppe-sauvage\/image-232\/\" data-orig-file=\"https:\/\/i0.wp.com\/patrimoine-avesnois.fr\/chemin\/wp-content\/uploads\/2019\/04\/image-210.png?fit=859%2C645\" data-orig-size=\"859,645\" data-comments-opened=\"1\" data-image-meta=\"{&quot;aperture&quot;:&quot;0&quot;,&quot;credit&quot;:&quot;&quot;,&quot;camera&quot;:&quot;&quot;,&quot;caption&quot;:&quot;&quot;,&quot;created_timestamp&quot;:&quot;0&quot;,&quot;copyright&quot;:&quot;&quot;,&quot;focal_length&quot;:&quot;0&quot;,&quot;iso&quot;:&quot;0&quot;,&quot;shutter_speed&quot;:&quot;0&quot;,&quot;title&quot;:&quot;&quot;,&quot;orientation&quot;:&quot;0&quot;}\" data-image-title=\"image\" data-image-description=\"\" data-image-caption=\"\" data-large-file=\"https:\/\/i0.wp.com\/patrimoine-avesnois.fr\/chemin\/wp-content\/uploads\/2019\/04\/image-210.png?fit=840%2C631\" src=\"https:\/\/i0.wp.com\/patrimoine-avesnois.fr\/chemin\/wp-content\/uploads\/2019\/04\/image-210.png?resize=840%2C631\" alt=\"\" class=\"wp-image-1147\" style=\"width:630px;height:473px\" srcset=\"https:\/\/i0.wp.com\/patrimoine-avesnois.fr\/chemin\/wp-content\/uploads\/2019\/04\/image-210.png?w=859 859w, https:\/\/i0.wp.com\/patrimoine-avesnois.fr\/chemin\/wp-content\/uploads\/2019\/04\/image-210.png?resize=300%2C225 300w, https:\/\/i0.wp.com\/patrimoine-avesnois.fr\/chemin\/wp-content\/uploads\/2019\/04\/image-210.png?resize=768%2C577 768w\" sizes=\"auto, (max-width: 709px) 85vw, (max-width: 909px) 67vw, (max-width: 1362px) 62vw, 840px\" \/><figcaption class=\"wp-element-caption\">Ch\u00e2teau de Voyaux en 2011<\/figcaption><\/figure>\n<\/div>\n\n<div class=\"wp-block-image\">\n<figure class=\"aligncenter is-resized\"><img loading=\"lazy\" decoding=\"async\" width=\"1061\" height=\"796\" data-attachment-id=\"1150\" data-permalink=\"http:\/\/patrimoine-avesnois.fr\/chemin\/eppe-sauvage\/image-233\/\" data-orig-file=\"https:\/\/i0.wp.com\/patrimoine-avesnois.fr\/chemin\/wp-content\/uploads\/2019\/04\/image-211.png?fit=1061%2C796\" data-orig-size=\"1061,796\" data-comments-opened=\"1\" data-image-meta=\"{&quot;aperture&quot;:&quot;0&quot;,&quot;credit&quot;:&quot;&quot;,&quot;camera&quot;:&quot;&quot;,&quot;caption&quot;:&quot;&quot;,&quot;created_timestamp&quot;:&quot;0&quot;,&quot;copyright&quot;:&quot;&quot;,&quot;focal_length&quot;:&quot;0&quot;,&quot;iso&quot;:&quot;0&quot;,&quot;shutter_speed&quot;:&quot;0&quot;,&quot;title&quot;:&quot;&quot;,&quot;orientation&quot;:&quot;0&quot;}\" data-image-title=\"image\" data-image-description=\"\" data-image-caption=\"\" data-large-file=\"https:\/\/i0.wp.com\/patrimoine-avesnois.fr\/chemin\/wp-content\/uploads\/2019\/04\/image-211.png?fit=840%2C630\" src=\"https:\/\/i0.wp.com\/patrimoine-avesnois.fr\/chemin\/wp-content\/uploads\/2019\/04\/image-211.png?fit=840%2C630\" alt=\"\" class=\"wp-image-1150\" style=\"width:630px;height:473px\" srcset=\"https:\/\/i0.wp.com\/patrimoine-avesnois.fr\/chemin\/wp-content\/uploads\/2019\/04\/image-211.png?w=1061 1061w, https:\/\/i0.wp.com\/patrimoine-avesnois.fr\/chemin\/wp-content\/uploads\/2019\/04\/image-211.png?resize=300%2C225 300w, https:\/\/i0.wp.com\/patrimoine-avesnois.fr\/chemin\/wp-content\/uploads\/2019\/04\/image-211.png?resize=768%2C576 768w, https:\/\/i0.wp.com\/patrimoine-avesnois.fr\/chemin\/wp-content\/uploads\/2019\/04\/image-211.png?resize=1024%2C768 1024w\" sizes=\"auto, (max-width: 709px) 85vw, (max-width: 909px) 67vw, (max-width: 1362px) 62vw, 840px\" \/><figcaption class=\"wp-element-caption\">Le ch\u00e2teau de Voyaux<\/figcaption><\/figure>\n<\/div>\n\n\n<p>Le ch\u00e2teau Voyaux a \u00e9t\u00e9 construit au XVIe si\u00e8cle pour les seigneurs d&rsquo;Eppe-Sauvage, les Marchipont et rachet\u00e9 en 1540 par les fortun\u00e9s Polschet, ma\u00eetres de forge au village qui, bien entendu, y adjoign\u00e8rent une forge . Il se situe \u00e0 l\u2019entr\u00e9e de Moustier en Fagne face au chemin des Couturelles. Au d\u00e9but du XXe si\u00e8cle, le ch\u00e2teau a appartenu au comte Culhiat du Fresne, avant d&rsquo;abriter une colonie de vacances dite la Maison des Jeunes \u00ab\u00a0les Sapins\u00a0\u00bb, ouverte en 1930 par l&rsquo;Institution Saint-Louis de Roubaix. <\/p>\n\n\n<div class=\"wp-block-image\">\n<figure class=\"aligncenter is-resized\"><img loading=\"lazy\" decoding=\"async\" width=\"1290\" height=\"829\" data-attachment-id=\"1182\" data-permalink=\"http:\/\/patrimoine-avesnois.fr\/chemin\/eppe-sauvage\/image-238\/\" data-orig-file=\"https:\/\/i0.wp.com\/patrimoine-avesnois.fr\/chemin\/wp-content\/uploads\/2019\/04\/image-216.png?fit=1290%2C829\" data-orig-size=\"1290,829\" data-comments-opened=\"1\" data-image-meta=\"{&quot;aperture&quot;:&quot;0&quot;,&quot;credit&quot;:&quot;&quot;,&quot;camera&quot;:&quot;&quot;,&quot;caption&quot;:&quot;&quot;,&quot;created_timestamp&quot;:&quot;0&quot;,&quot;copyright&quot;:&quot;&quot;,&quot;focal_length&quot;:&quot;0&quot;,&quot;iso&quot;:&quot;0&quot;,&quot;shutter_speed&quot;:&quot;0&quot;,&quot;title&quot;:&quot;&quot;,&quot;orientation&quot;:&quot;0&quot;}\" data-image-title=\"image\" data-image-description=\"\" data-image-caption=\"\" data-large-file=\"https:\/\/i0.wp.com\/patrimoine-avesnois.fr\/chemin\/wp-content\/uploads\/2019\/04\/image-216.png?fit=840%2C540\" src=\"https:\/\/i0.wp.com\/patrimoine-avesnois.fr\/chemin\/wp-content\/uploads\/2019\/04\/image-216.png?fit=840%2C540\" alt=\"\" class=\"wp-image-1182\" style=\"width:630px;height:405px\" srcset=\"https:\/\/i0.wp.com\/patrimoine-avesnois.fr\/chemin\/wp-content\/uploads\/2019\/04\/image-216.png?w=1290 1290w, https:\/\/i0.wp.com\/patrimoine-avesnois.fr\/chemin\/wp-content\/uploads\/2019\/04\/image-216.png?resize=300%2C193 300w, https:\/\/i0.wp.com\/patrimoine-avesnois.fr\/chemin\/wp-content\/uploads\/2019\/04\/image-216.png?resize=768%2C494 768w, https:\/\/i0.wp.com\/patrimoine-avesnois.fr\/chemin\/wp-content\/uploads\/2019\/04\/image-216.png?resize=1024%2C658 1024w, https:\/\/i0.wp.com\/patrimoine-avesnois.fr\/chemin\/wp-content\/uploads\/2019\/04\/image-216.png?resize=1200%2C771 1200w\" sizes=\"auto, (max-width: 709px) 85vw, (max-width: 909px) 67vw, (max-width: 1362px) 62vw, 840px\" \/><\/figure>\n<\/div>\n\n\n<p>Les b\u00e2timents composant l&rsquo;ensemble sont aujourd&rsquo;hui divis\u00e9s entre diff\u00e9rents propri\u00e9taires et ont un usage r\u00e9sidentiel.<\/p>\n\n\n\n<p>Le ch\u00e2teau est compos\u00e9 d&rsquo;un logis et des anciens ateliers de la forge transform\u00e9s en ferme. Le logis englobe une tour du 16e si\u00e8cle situ\u00e9e sur l&rsquo;arri\u00e8re. Le corps central ainsi qu&rsquo;une tour \u00e0 deux \u00e9tages situ\u00e9e en fa\u00e7ade datent du 18e si\u00e8cle. Perpendiculairement est implant\u00e9e l&rsquo;ancienne forge reconvertie en ferme : elle comprend un petit logis, une premi\u00e8re grange, plusieurs \u00e9tables surmont\u00e9es d&rsquo;un fenil et deux granges construites en retour. Source de la description : <a rel=\"noreferrer noopener\" aria-label=\"Base M\u00e9rim\u00e9e MH  (opens in a new tab)\" href=\"http:\/\/www2.culture.gouv.fr\/public\/mistral\/mersri_fr?ACTION=CHERCHER&amp;FIELD_1=REF&amp;VALUE_1=IA59000863\" target=\"_blank\">Base M\u00e9rim\u00e9e MH <\/a><\/p>\n\n\n\n<p> Le ch\u00e2teau de Voyaux sera la propri\u00e9t\u00e9 des POLCHET pendant deux si\u00e8cles et demi. Ils quitteront la r\u00e9gion vers 1760 pour se rapprocher de la Sambre. La forge sera transform\u00e9e en ferme \u00e0 la fin du 18e sicle, ou au d\u00e9but du 19e . Au 19e , il est la propri\u00e9t\u00e9 de la famille de CAUX de BLACQUELET. Au d\u00e9but du 20e , il est occup\u00e9 par le comte CULHIAT du FRESNE. Dans les ann\u00e9es 30, c\u2019est une colonie de vacances. Le ch\u00e2teau et la ferme auront ensuite des propri\u00e9taires diff\u00e9rents. La ferme est d\u2019ailleurs \u00e0 vendre. Texte CHGB  Colette +  Sep 2014 <\/p>\n\n\n\n<p><strong>CH\u00c2TEAU MAILLARD :<\/strong><\/p>\n\n\n<div class=\"wp-block-image\">\n<figure class=\"aligncenter is-resized\"><img data-recalc-dims=\"1\" decoding=\"async\" src=\"https:\/\/i0.wp.com\/www2.culture.gouv.fr\/Wave\/image\/memoire\/0847\/ivr31_02590529v_p.jpg?w=840\" alt=\"\" style=\"width:569px;height:438px\"\/><figcaption class=\"wp-element-caption\">Ch\u00e2teau Maillard<\/figcaption><\/figure>\n<\/div>\n\n<div class=\"wp-block-image\">\n<figure class=\"aligncenter is-resized\"><img data-recalc-dims=\"1\" decoding=\"async\" src=\"https:\/\/i0.wp.com\/patrimoine-avesnois.fr\/chemin\/wp-content\/uploads\/2019\/04\/image-207.png?w=840\" alt=\"L\u00e2\u0080\u0099attribut alt de cette image est vide, son nom de fichier est image-207.png.\" style=\"width:569px;height:428px\"\/><figcaption class=\"wp-element-caption\">Ch\u00e2teau Maillard<\/figcaption><\/figure>\n<\/div>\n\n\n<p>Le Ch\u00e2teau Maillard a \u00e9t\u00e9 construit en 1774 pour le ma\u00eetre de forge Laurent Polschet, alors mayeur d&rsquo;Eppe-Sauvage et de Sivry. <\/p>\n\n\n\n<p>L&rsquo;acc\u00e8s au ch\u00e2teau est signal\u00e9 par deux tourelles d&rsquo;entr\u00e9e. Le ch\u00e2teau est organis\u00e9 autour d&rsquo;une cour, le logis \u00e9tant situ\u00e9 \u00e0 l&rsquo;est, accol\u00e9 au sud \u00e0 un b\u00e2timent comprenant l&rsquo;\u00e9table, le fenil et une grange. A l&rsquo;ouest a \u00e9t\u00e9 construite une seconde grange, face au logis. Celui-ci comporte un \u00e9tage \u00e0 six trav\u00e9es et deux \u00e9tages de comble. Les ouvertures sont l\u00e9g\u00e8rement cintr\u00e9es. La ma\u00e7onnerie est en brique, le soubassement en pierre bleue, l&rsquo;encadrement des baies en pierre bleue et en brique. La toiture est couverte en ardoise. Source de la description : <a rel=\"noreferrer noopener\" aria-label=\"Base M\u00e9rim\u00e9e MH  (opens in a new tab)\" href=\"http:\/\/www2.culture.gouv.fr\/public\/mistral\/mersri_fr?ACTION=CHERCHER&amp;FIELD_1=REF&amp;VALUE_1=IA59000931\" target=\"_blank\">Base M\u00e9rim\u00e9e MH <\/a><\/p>\n\n\n<div class=\"wp-block-image\">\n<figure class=\"aligncenter is-resized\"><img data-recalc-dims=\"1\" decoding=\"async\" src=\"https:\/\/i0.wp.com\/www2.culture.gouv.fr\/Wave\/image\/memoire\/0847\/ivr31_02590833x_p.jpg?w=840\" alt=\"\" style=\"width:566px;height:380px\"\/><figcaption class=\"wp-element-caption\"> Maison dite le chalet de Lendribut<a href=\"http:\/\/www2.culture.gouv.fr\/public\/mistral\/merimee_fr?ACTION=CHERCHER&amp;FIELD_98=REF&amp;VALUE_98=IA59000857\" target=\"_blank\" rel=\"noreferrer noopener\" aria-label=\" Inventaire g\u00e9n\u00e9ral MH (opens in a new tab)\"> Inventaire g\u00e9n\u00e9ral MH<\/a><\/figcaption><\/figure>\n<\/div>\n\n<div class=\"wp-block-image\">\n<figure class=\"aligncenter is-resized\"><img data-recalc-dims=\"1\" loading=\"lazy\" decoding=\"async\" width=\"840\" height=\"631\" data-attachment-id=\"1176\" data-permalink=\"http:\/\/patrimoine-avesnois.fr\/chemin\/eppe-sauvage\/capture-28\/\" data-orig-file=\"https:\/\/i0.wp.com\/patrimoine-avesnois.fr\/chemin\/wp-content\/uploads\/2019\/04\/Capture-8.png?fit=899%2C675\" data-orig-size=\"899,675\" data-comments-opened=\"1\" data-image-meta=\"{&quot;aperture&quot;:&quot;0&quot;,&quot;credit&quot;:&quot;&quot;,&quot;camera&quot;:&quot;&quot;,&quot;caption&quot;:&quot;&quot;,&quot;created_timestamp&quot;:&quot;0&quot;,&quot;copyright&quot;:&quot;&quot;,&quot;focal_length&quot;:&quot;0&quot;,&quot;iso&quot;:&quot;0&quot;,&quot;shutter_speed&quot;:&quot;0&quot;,&quot;title&quot;:&quot;&quot;,&quot;orientation&quot;:&quot;0&quot;}\" data-image-title=\"Capture\" data-image-description=\"\" data-image-caption=\"\" data-large-file=\"https:\/\/i0.wp.com\/patrimoine-avesnois.fr\/chemin\/wp-content\/uploads\/2019\/04\/Capture-8.png?fit=840%2C631\" src=\"https:\/\/i0.wp.com\/patrimoine-avesnois.fr\/chemin\/wp-content\/uploads\/2019\/04\/Capture-8.png?resize=840%2C631\" alt=\"\" class=\"wp-image-1176\" style=\"width:674px;height:506px\" srcset=\"https:\/\/i0.wp.com\/patrimoine-avesnois.fr\/chemin\/wp-content\/uploads\/2019\/04\/Capture-8.png?w=899 899w, https:\/\/i0.wp.com\/patrimoine-avesnois.fr\/chemin\/wp-content\/uploads\/2019\/04\/Capture-8.png?resize=300%2C225 300w, https:\/\/i0.wp.com\/patrimoine-avesnois.fr\/chemin\/wp-content\/uploads\/2019\/04\/Capture-8.png?resize=768%2C577 768w\" sizes=\"auto, (max-width: 709px) 85vw, (max-width: 909px) 67vw, (max-width: 1362px) 62vw, 840px\" \/><figcaption class=\"wp-element-caption\">Maison <a href=\"https:\/\/www.google.com\/maps\/place\/1+Rue+de+Couturelle,+59132+Eppe-Sauvage\/@50.1159049,4.1765586,3a,75y,136.06h,82.07t\/data=!3m6!1e1!3m4!1slX3Z3n1dUgiYcnjdSHX2Qw!2e0!7i13312!8i6656!4m5!3m4!1s0x47c2120c568516a9:0x2d6836bd6a0c5a18!8m2!3d50.1157297!4d4.1767124\" target=\"_blank\" rel=\"noreferrer noopener\" aria-label=\"4 rue de Couturelle (opens in a new tab)\">4 rue de Couturelle<\/a><\/figcaption><\/figure>\n<\/div>\n\n\n<p>Maison construite en 1887 pour Raoul de Caux, briquetier en Belgique. Il a \u00e9t\u00e9 un des propri\u00e9taires du \u00ab\u00a0ch\u00e2teau Maillard\u00a0\u00bb.  <br>Elle comporte un motif de serlienne sur la trav\u00e9e centrale et un d\u00e9cor de c\u00e9ramique. <\/p>\n\n\n<div class=\"wp-block-image\">\n<figure class=\"aligncenter is-resized\"><img decoding=\"async\" src=\"https:\/\/i1.wp.com\/patrimoine-avesnois.fr\/chemin\/wp-content\/uploads\/2019\/04\/image-214.png?fit=840%2C535\" alt=\"L\u00e2\u0080\u0099attribut alt de cette image est vide, son nom de fichier est image-214.png.\" style=\"width:630px;height:401px\"\/><figcaption class=\"wp-element-caption\"> <em>Laiterie d&rsquo;Eppe-Sauvage d\u00e9but XX e si\u00e8cle<\/em> <\/figcaption><\/figure>\n<\/div>\n\n\n<p>La laiterie d&rsquo;Eppe-Sauvage a \u00e9t\u00e9 construite \u00e0 la fin du 19e si\u00e8cle ou au d\u00e9but du 20e si\u00e8cle. Elle est une succursale de la laiterie d&rsquo;Ohain. Le 16 ao\u00fbt 1925, Louis Normant agissant pour le compte \u00ab\u00a0des laiteries coop\u00e9ratives d&rsquo;Ohain et d&rsquo;Eppe-Sauvage\u00a0\u00bb sollicite l&rsquo;autorisation d&rsquo;\u00e9tablir une porcherie \u00e0 proximit\u00e9 de la laiterie pr\u00e9existante. <\/p>\n\n\n<div class=\"wp-block-image\">\n<figure class=\"aligncenter is-resized\"><img data-recalc-dims=\"1\" decoding=\"async\" src=\"https:\/\/i0.wp.com\/www2.culture.gouv.fr\/Wave\/image\/memoire\/0847\/ivr31_02590826v_p.jpg?w=840\" alt=\"L\u00c3\u00a2\u00c2\u0080\u00c2\u0099attribut alt de cette image est vide, son nom de fichier est ivr31_02590826v_p.jpg.\" style=\"width:563px;height:438px\"\/><figcaption class=\"wp-element-caption\"> <em>Ancienne laiterie 9 route de Moustier <\/em> <\/figcaption><\/figure>\n<\/div>\n\n<div class=\"wp-block-image\">\n<figure class=\"aligncenter is-resized\"><img data-recalc-dims=\"1\" loading=\"lazy\" decoding=\"async\" width=\"840\" height=\"630\" data-attachment-id=\"1170\" data-permalink=\"http:\/\/patrimoine-avesnois.fr\/chemin\/eppe-sauvage\/image-237\/\" data-orig-file=\"https:\/\/i0.wp.com\/patrimoine-avesnois.fr\/chemin\/wp-content\/uploads\/2019\/04\/image-215.png?fit=938%2C703\" data-orig-size=\"938,703\" data-comments-opened=\"1\" data-image-meta=\"{&quot;aperture&quot;:&quot;0&quot;,&quot;credit&quot;:&quot;&quot;,&quot;camera&quot;:&quot;&quot;,&quot;caption&quot;:&quot;&quot;,&quot;created_timestamp&quot;:&quot;0&quot;,&quot;copyright&quot;:&quot;&quot;,&quot;focal_length&quot;:&quot;0&quot;,&quot;iso&quot;:&quot;0&quot;,&quot;shutter_speed&quot;:&quot;0&quot;,&quot;title&quot;:&quot;&quot;,&quot;orientation&quot;:&quot;0&quot;}\" data-image-title=\"image\" data-image-description=\"\" data-image-caption=\"\" data-large-file=\"https:\/\/i0.wp.com\/patrimoine-avesnois.fr\/chemin\/wp-content\/uploads\/2019\/04\/image-215.png?fit=840%2C630\" src=\"https:\/\/i0.wp.com\/patrimoine-avesnois.fr\/chemin\/wp-content\/uploads\/2019\/04\/image-215.png?resize=840%2C630\" alt=\"\" class=\"wp-image-1170\" style=\"width:563px;height:422px\" srcset=\"https:\/\/i0.wp.com\/patrimoine-avesnois.fr\/chemin\/wp-content\/uploads\/2019\/04\/image-215.png?w=938 938w, https:\/\/i0.wp.com\/patrimoine-avesnois.fr\/chemin\/wp-content\/uploads\/2019\/04\/image-215.png?resize=300%2C225 300w, https:\/\/i0.wp.com\/patrimoine-avesnois.fr\/chemin\/wp-content\/uploads\/2019\/04\/image-215.png?resize=768%2C576 768w\" sizes=\"auto, (max-width: 709px) 85vw, (max-width: 909px) 67vw, (max-width: 1362px) 62vw, 840px\" \/><figcaption class=\"wp-element-caption\"> <em>Ancienne laiterie <a href=\"https:\/\/www.google.com\/maps\/place\/9+Route+de+Moustier,+59132+Eppe-Sauvage\/@50.1144377,4.1816885,3a,90y,94.77h,93.71t\/data=!3m7!1e1!3m5!1sUv6EZMNIHwtmTqRCfCIFHg!2e0!6s%2F%2Fgeo3.ggpht.com%2Fcbk%3Fpanoid%3DUv6EZMNIHwtmTqRCfCIFHg%26output%3Dthumbnail%26cb_client%3Dsearch.TACTILE.gps%26thumb%3D2%26w%3D86%26h%3D86%26yaw%3D64.49888%26pitch%3D0%26thumbfov%3D100!7i13312!8i6656!4m5!3m4!1s0x47c2120eded43f65:0xa94fa14b31be4366!8m2!3d50.1144906!4d4.1817846\" target=\"_blank\" rel=\"noreferrer noopener\" aria-label=\"9 route de Moustier  (opens in a new tab)\">9 route de Moustier <\/a><\/em> <\/figcaption><\/figure>\n<\/div>\n\n<div class=\"wp-block-image\">\n<figure class=\"aligncenter is-resized\"><img loading=\"lazy\" decoding=\"async\" width=\"1151\" height=\"863\" data-attachment-id=\"1137\" data-permalink=\"http:\/\/patrimoine-avesnois.fr\/chemin\/eppe-sauvage\/capture-26\/\" data-orig-file=\"https:\/\/i0.wp.com\/patrimoine-avesnois.fr\/chemin\/wp-content\/uploads\/2019\/04\/Capture-6.png?fit=1151%2C863\" data-orig-size=\"1151,863\" data-comments-opened=\"1\" data-image-meta=\"{&quot;aperture&quot;:&quot;0&quot;,&quot;credit&quot;:&quot;&quot;,&quot;camera&quot;:&quot;&quot;,&quot;caption&quot;:&quot;&quot;,&quot;created_timestamp&quot;:&quot;0&quot;,&quot;copyright&quot;:&quot;&quot;,&quot;focal_length&quot;:&quot;0&quot;,&quot;iso&quot;:&quot;0&quot;,&quot;shutter_speed&quot;:&quot;0&quot;,&quot;title&quot;:&quot;&quot;,&quot;orientation&quot;:&quot;0&quot;}\" data-image-title=\"Capture\" data-image-description=\"\" data-image-caption=\"\" data-large-file=\"https:\/\/i0.wp.com\/patrimoine-avesnois.fr\/chemin\/wp-content\/uploads\/2019\/04\/Capture-6.png?fit=840%2C630\" src=\"https:\/\/i2.wp.com\/patrimoine-avesnois.fr\/chemin\/wp-content\/uploads\/2019\/04\/Capture-6.png?fit=840%2C630\" alt=\"\" class=\"wp-image-1137\" style=\"width:630px;height:473px\" srcset=\"https:\/\/i0.wp.com\/patrimoine-avesnois.fr\/chemin\/wp-content\/uploads\/2019\/04\/Capture-6.png?w=1151 1151w, https:\/\/i0.wp.com\/patrimoine-avesnois.fr\/chemin\/wp-content\/uploads\/2019\/04\/Capture-6.png?resize=300%2C225 300w, https:\/\/i0.wp.com\/patrimoine-avesnois.fr\/chemin\/wp-content\/uploads\/2019\/04\/Capture-6.png?resize=768%2C576 768w, https:\/\/i0.wp.com\/patrimoine-avesnois.fr\/chemin\/wp-content\/uploads\/2019\/04\/Capture-6.png?resize=1024%2C768 1024w\" sizes=\"auto, (max-width: 709px) 85vw, (max-width: 909px) 67vw, (max-width: 1362px) 62vw, 840px\" \/><figcaption class=\"wp-element-caption\">L&rsquo;Helpe Majeure \u00e0 Eppe-Sauvage<\/figcaption><\/figure>\n<\/div>\n\n<div class=\"wp-block-image\">\n<figure class=\"aligncenter is-resized\"><img loading=\"lazy\" decoding=\"async\" width=\"1031\" height=\"773\" data-attachment-id=\"1153\" data-permalink=\"http:\/\/patrimoine-avesnois.fr\/chemin\/eppe-sauvage\/image-234\/\" data-orig-file=\"https:\/\/i0.wp.com\/patrimoine-avesnois.fr\/chemin\/wp-content\/uploads\/2019\/04\/image-212.png?fit=1031%2C773\" data-orig-size=\"1031,773\" data-comments-opened=\"1\" data-image-meta=\"{&quot;aperture&quot;:&quot;0&quot;,&quot;credit&quot;:&quot;&quot;,&quot;camera&quot;:&quot;&quot;,&quot;caption&quot;:&quot;&quot;,&quot;created_timestamp&quot;:&quot;0&quot;,&quot;copyright&quot;:&quot;&quot;,&quot;focal_length&quot;:&quot;0&quot;,&quot;iso&quot;:&quot;0&quot;,&quot;shutter_speed&quot;:&quot;0&quot;,&quot;title&quot;:&quot;&quot;,&quot;orientation&quot;:&quot;0&quot;}\" data-image-title=\"image\" data-image-description=\"\" data-image-caption=\"\" data-large-file=\"https:\/\/i0.wp.com\/patrimoine-avesnois.fr\/chemin\/wp-content\/uploads\/2019\/04\/image-212.png?fit=840%2C630\" src=\"https:\/\/i0.wp.com\/patrimoine-avesnois.fr\/chemin\/wp-content\/uploads\/2019\/04\/image-212.png?fit=840%2C630\" alt=\"\" class=\"wp-image-1153\" style=\"width:630px;height:473px\" srcset=\"https:\/\/i0.wp.com\/patrimoine-avesnois.fr\/chemin\/wp-content\/uploads\/2019\/04\/image-212.png?w=1031 1031w, https:\/\/i0.wp.com\/patrimoine-avesnois.fr\/chemin\/wp-content\/uploads\/2019\/04\/image-212.png?resize=300%2C225 300w, https:\/\/i0.wp.com\/patrimoine-avesnois.fr\/chemin\/wp-content\/uploads\/2019\/04\/image-212.png?resize=768%2C576 768w, https:\/\/i0.wp.com\/patrimoine-avesnois.fr\/chemin\/wp-content\/uploads\/2019\/04\/image-212.png?resize=1024%2C768 1024w\" sizes=\"auto, (max-width: 709px) 85vw, (max-width: 909px) 67vw, (max-width: 1362px) 62vw, 840px\" \/><figcaption class=\"wp-element-caption\">Le Val-Joly : barrage et plan d&rsquo;eau avec base de loisirs, \u00e9cole de voile, p\u00eache, sports nautiques, \u00e9quitation etc.<\/figcaption><\/figure>\n<\/div>\n\n\n<p>En 1966-67 fut \u00e9difi\u00e9 par EDF un barrage sur l&rsquo;Helpe-Majeure destin\u00e9 \u00e0 assurer la r\u00e9frig\u00e9ration des groupes de la centrale thermique de Pont-sur-Sambre, ainsi qu&rsquo;\u00e0 r\u00e9guler le cours de la rivi\u00e8re sujette auparavant \u00e0 des crues. Le barrage a une longueur de 315 m et s&rsquo;appuie sur 48 contreforts d&rsquo;une hauteur maxima de 18 m. Le plan d&rsquo;eau couvre 180 ha. Des vues magnifiques s&rsquo;ouvrent sur le site, qui se trouve encadr\u00e9 de pentes bois\u00e9es : d&rsquo;abord sur la route de Willies \u00e0Liessies, la seconde sur la route de Touvent \u00e0 Eppe-Sauvage, et la troisi\u00e8me sur la route d&rsquo;Eppe-Sauvage \u00e0 Tr\u00e9lon. Nous sommes dans la Petite Suisse du Nord et ici la vue est admirable.<\/p>\n\n\n<div class=\"wp-block-image\">\n<figure class=\"aligncenter is-resized\"><img loading=\"lazy\" decoding=\"async\" width=\"1207\" height=\"902\" data-attachment-id=\"9056\" data-permalink=\"http:\/\/patrimoine-avesnois.fr\/chemin\/eppe-sauvage\/image-1350\/\" data-orig-file=\"https:\/\/i0.wp.com\/patrimoine-avesnois.fr\/chemin\/wp-content\/uploads\/2019\/10\/image-37.png?fit=1207%2C902\" data-orig-size=\"1207,902\" data-comments-opened=\"1\" data-image-meta=\"{&quot;aperture&quot;:&quot;0&quot;,&quot;credit&quot;:&quot;&quot;,&quot;camera&quot;:&quot;&quot;,&quot;caption&quot;:&quot;&quot;,&quot;created_timestamp&quot;:&quot;0&quot;,&quot;copyright&quot;:&quot;&quot;,&quot;focal_length&quot;:&quot;0&quot;,&quot;iso&quot;:&quot;0&quot;,&quot;shutter_speed&quot;:&quot;0&quot;,&quot;title&quot;:&quot;&quot;,&quot;orientation&quot;:&quot;0&quot;}\" data-image-title=\"image\" data-image-description=\"\" data-image-caption=\"\" data-large-file=\"https:\/\/i0.wp.com\/patrimoine-avesnois.fr\/chemin\/wp-content\/uploads\/2019\/10\/image-37.png?fit=840%2C628\" src=\"https:\/\/i2.wp.com\/patrimoine-avesnois.fr\/chemin\/wp-content\/uploads\/2019\/10\/image-37.png?fit=840%2C628\" alt=\"\" class=\"wp-image-9056\" style=\"width:630px;height:471px\" srcset=\"https:\/\/i0.wp.com\/patrimoine-avesnois.fr\/chemin\/wp-content\/uploads\/2019\/10\/image-37.png?w=1207 1207w, https:\/\/i0.wp.com\/patrimoine-avesnois.fr\/chemin\/wp-content\/uploads\/2019\/10\/image-37.png?resize=300%2C224 300w, https:\/\/i0.wp.com\/patrimoine-avesnois.fr\/chemin\/wp-content\/uploads\/2019\/10\/image-37.png?resize=768%2C574 768w, https:\/\/i0.wp.com\/patrimoine-avesnois.fr\/chemin\/wp-content\/uploads\/2019\/10\/image-37.png?resize=1024%2C765 1024w, https:\/\/i0.wp.com\/patrimoine-avesnois.fr\/chemin\/wp-content\/uploads\/2019\/10\/image-37.png?resize=1200%2C897 1200w\" sizes=\"auto, (max-width: 709px) 85vw, (max-width: 909px) 67vw, (max-width: 1362px) 62vw, 840px\" \/><figcaption class=\"wp-element-caption\">La station Val-Joly \u00e9tait jusqu&rsquo;ici g\u00e9r\u00e9e par un syndicat mixte dont le D\u00e9partement \u00e9tait l&rsquo;acteur principal. A compter du 1er janvier 2020 la soci\u00e9t\u00e9 priv\u00e9e Vert Marine aura la d\u00e9l\u00e9gation de service public sur le centre aquatique, l&rsquo;aquarium, la maison des sports de la nature, le mini-golf, le centre d&rsquo;h\u00e9bergement collectif \u00ab\u00a0La H\u00e9ronni\u00e8re\u00a0\u00bb, le camping&#8230;<\/figcaption><\/figure>\n<\/div>","protected":false},"excerpt":{"rendered":"<p>Le village tire son nom de la rivi\u00e8re (Elpe, Helpe) qui le traverse et de sa situation au sein d&rsquo;un pays bois\u00e9 et sauvage Le premier habitat sur le village d&rsquo;Eppe-Sauvage se situe au lieu-dit \u00a0\u00bb Lini\u00e8re \u00a0\u00bb \u00e0 l&rsquo;\u00e9poque n\u00e9olithique. Une villa gallo-romaine a \u00e9t\u00e9 mise \u00e0 jour en 1858 sur le m\u00eame secteur. &hellip; <a href=\"http:\/\/patrimoine-avesnois.fr\/chemin\/eppe-sauvage\/\" class=\"more-link\">Continuer la lecture<span class=\"screen-reader-text\"> de &laquo;&nbsp;Eppe-Sauvage&nbsp;&raquo;<\/span><\/a><\/p>\n","protected":false},"author":2,"featured_media":0,"parent":0,"menu_order":0,"comment_status":"closed","ping_status":"closed","template":"","meta":{"jetpack_post_was_ever_published":false,"footnotes":""},"class_list":["post-1125","page","type-page","status-publish","hentry"],"jetpack_sharing_enabled":true,"jetpack_shortlink":"https:\/\/wp.me\/PaOEkN-i9","jetpack-related-posts":[],"_links":{"self":[{"href":"http:\/\/patrimoine-avesnois.fr\/chemin\/wp-json\/wp\/v2\/pages\/1125","targetHints":{"allow":["GET"]}}],"collection":[{"href":"http:\/\/patrimoine-avesnois.fr\/chemin\/wp-json\/wp\/v2\/pages"}],"about":[{"href":"http:\/\/patrimoine-avesnois.fr\/chemin\/wp-json\/wp\/v2\/types\/page"}],"author":[{"embeddable":true,"href":"http:\/\/patrimoine-avesnois.fr\/chemin\/wp-json\/wp\/v2\/users\/2"}],"replies":[{"embeddable":true,"href":"http:\/\/patrimoine-avesnois.fr\/chemin\/wp-json\/wp\/v2\/comments?post=1125"}],"version-history":[{"count":0,"href":"http:\/\/patrimoine-avesnois.fr\/chemin\/wp-json\/wp\/v2\/pages\/1125\/revisions"}],"wp:attachment":[{"href":"http:\/\/patrimoine-avesnois.fr\/chemin\/wp-json\/wp\/v2\/media?parent=1125"}],"curies":[{"name":"wp","href":"https:\/\/api.w.org\/{rel}","templated":true}]}}