{"id":18029,"date":"2023-06-04T18:17:41","date_gmt":"2023-06-04T16:17:41","guid":{"rendered":"https:\/\/patrimoine-avesnois.fr\/chemin\/?page_id=18029"},"modified":"2024-09-30T15:25:55","modified_gmt":"2024-09-30T13:25:55","slug":"les-anciens-postes-de-douane-en-avesnois","status":"publish","type":"page","link":"http:\/\/patrimoine-avesnois.fr\/chemin\/les-anciens-postes-de-douane-en-avesnois\/","title":{"rendered":"Les anciens postes de douane en Avesnois"},"content":{"rendered":"\n<p class=\"has-bright-blue-color has-text-color\"><strong>I Histoire de la fronti\u00e8re<\/strong><\/p>\n\n\n\n<p>L\u2019Avesnois partage avec la Belgique une fronti\u00e8re de plus de 100 Kilom\u00e8tres s\u2019\u00e9tendant d\u2019ouest en est de la commune de Eth jusqu\u2019\u00e0 celle d\u2019Anor.<\/p>\n\n\n\n<p>Citons ici les communes limitrophes : Eth, Bry, Wargnies-le-Petit, La Flamengrie, Bettrechies, Gussignies, Houdain-lez-Bavay, Hon-Hergies, Taisni\u00e8res-sur-Hon, La Longueville, Gognies-Chauss\u00e9e, Bettignies, Villers-Sire-Nicole, Vieux-Reng, Marpent, Jeumont, Colleret, Cousolre, Bousignies-sur-Roc, Cousolre, Hestrud, Beaurieux, Clairfayts, Eppe-Sauvage, Moustier-en-Fagne, Baives, Wallers-en-Fagne, Ohain et Anor.<\/p>\n\n\n<div class=\"wp-block-image\">\n<figure class=\"aligncenter size-large\"><img data-recalc-dims=\"1\" loading=\"lazy\" decoding=\"async\" width=\"840\" height=\"630\" data-attachment-id=\"18048\" data-permalink=\"http:\/\/patrimoine-avesnois.fr\/chemin\/les-anciens-postes-de-douane-en-avesnois\/traite-avant-1659-1\/\" data-orig-file=\"https:\/\/i0.wp.com\/patrimoine-avesnois.fr\/chemin\/wp-content\/uploads\/2023\/06\/Traite-avant-1659-1-scaled.jpg?fit=2560%2C1920\" data-orig-size=\"2560,1920\" data-comments-opened=\"1\" data-image-meta=\"{&quot;aperture&quot;:&quot;2.2&quot;,&quot;credit&quot;:&quot;&quot;,&quot;camera&quot;:&quot;iPhone SE (1st generation)&quot;,&quot;caption&quot;:&quot;&quot;,&quot;created_timestamp&quot;:&quot;1685893573&quot;,&quot;copyright&quot;:&quot;&quot;,&quot;focal_length&quot;:&quot;4.15&quot;,&quot;iso&quot;:&quot;200&quot;,&quot;shutter_speed&quot;:&quot;0.05&quot;,&quot;title&quot;:&quot;&quot;,&quot;orientation&quot;:&quot;1&quot;}\" data-image-title=\"Traite-avant-1659-1\" data-image-description=\"\" data-image-caption=\"\" data-large-file=\"https:\/\/i0.wp.com\/patrimoine-avesnois.fr\/chemin\/wp-content\/uploads\/2023\/06\/Traite-avant-1659-1-scaled.jpg?fit=840%2C630\" src=\"https:\/\/i0.wp.com\/patrimoine-avesnois.fr\/chemin\/wp-content\/uploads\/2023\/06\/Traite-avant-1659-1.jpg?resize=840%2C630\" alt=\"\" class=\"wp-image-18048\" srcset=\"https:\/\/i0.wp.com\/patrimoine-avesnois.fr\/chemin\/wp-content\/uploads\/2023\/06\/Traite-avant-1659-1-scaled.jpg?resize=1024%2C768 1024w, https:\/\/i0.wp.com\/patrimoine-avesnois.fr\/chemin\/wp-content\/uploads\/2023\/06\/Traite-avant-1659-1-scaled.jpg?resize=300%2C225 300w, https:\/\/i0.wp.com\/patrimoine-avesnois.fr\/chemin\/wp-content\/uploads\/2023\/06\/Traite-avant-1659-1-scaled.jpg?resize=768%2C576 768w, https:\/\/i0.wp.com\/patrimoine-avesnois.fr\/chemin\/wp-content\/uploads\/2023\/06\/Traite-avant-1659-1-scaled.jpg?resize=1536%2C1152 1536w, https:\/\/i0.wp.com\/patrimoine-avesnois.fr\/chemin\/wp-content\/uploads\/2023\/06\/Traite-avant-1659-1-scaled.jpg?resize=2048%2C1536 2048w, https:\/\/i0.wp.com\/patrimoine-avesnois.fr\/chemin\/wp-content\/uploads\/2023\/06\/Traite-avant-1659-1-scaled.jpg?resize=1200%2C900 1200w, https:\/\/i0.wp.com\/patrimoine-avesnois.fr\/chemin\/wp-content\/uploads\/2023\/06\/Traite-avant-1659-1-scaled.jpg?w=1680 1680w, https:\/\/i0.wp.com\/patrimoine-avesnois.fr\/chemin\/wp-content\/uploads\/2023\/06\/Traite-avant-1659-1-scaled.jpg?w=2520 2520w\" sizes=\"auto, (max-width: 709px) 85vw, (max-width: 909px) 67vw, (max-width: 1362px) 62vw, 840px\" \/><figcaption class=\"wp-element-caption\">Fronti\u00e8re avant 1659<\/figcaption><\/figure>\n<\/div>\n\n\n<p>Avant 1659 la limite septentrionale&nbsp; d\u00e9limitant les Pays Bas espagnols et le royaume de France \u00e9tait situ\u00e9e \u00e0 50 kilom\u00e8tres au sud de notre actuelle fronti\u00e8re, passant alors par une ligne Bohain le Nouvion en Thi\u00e9rache Hirson<\/p>\n\n\n<div class=\"wp-block-image\">\n<figure class=\"aligncenter size-large\"><img data-recalc-dims=\"1\" loading=\"lazy\" decoding=\"async\" width=\"840\" height=\"630\" data-attachment-id=\"18046\" data-permalink=\"http:\/\/patrimoine-avesnois.fr\/chemin\/les-anciens-postes-de-douane-en-avesnois\/traite-des-pyrenees\/\" data-orig-file=\"https:\/\/i0.wp.com\/patrimoine-avesnois.fr\/chemin\/wp-content\/uploads\/2023\/06\/Traite-des-Pyrenees-scaled.jpg?fit=2560%2C1920\" data-orig-size=\"2560,1920\" data-comments-opened=\"1\" data-image-meta=\"{&quot;aperture&quot;:&quot;2.2&quot;,&quot;credit&quot;:&quot;&quot;,&quot;camera&quot;:&quot;iPhone SE (1st generation)&quot;,&quot;caption&quot;:&quot;&quot;,&quot;created_timestamp&quot;:&quot;1685893573&quot;,&quot;copyright&quot;:&quot;&quot;,&quot;focal_length&quot;:&quot;4.15&quot;,&quot;iso&quot;:&quot;200&quot;,&quot;shutter_speed&quot;:&quot;0.05&quot;,&quot;title&quot;:&quot;&quot;,&quot;orientation&quot;:&quot;1&quot;}\" data-image-title=\"Traite-des-Pyrenees\" data-image-description=\"\" data-image-caption=\"\" data-large-file=\"https:\/\/i0.wp.com\/patrimoine-avesnois.fr\/chemin\/wp-content\/uploads\/2023\/06\/Traite-des-Pyrenees-scaled.jpg?fit=840%2C630\" src=\"https:\/\/i0.wp.com\/patrimoine-avesnois.fr\/chemin\/wp-content\/uploads\/2023\/06\/Traite-des-Pyrenees.jpg?resize=840%2C630\" alt=\"\" class=\"wp-image-18046\" srcset=\"https:\/\/i0.wp.com\/patrimoine-avesnois.fr\/chemin\/wp-content\/uploads\/2023\/06\/Traite-des-Pyrenees-scaled.jpg?resize=1024%2C768 1024w, https:\/\/i0.wp.com\/patrimoine-avesnois.fr\/chemin\/wp-content\/uploads\/2023\/06\/Traite-des-Pyrenees-scaled.jpg?resize=300%2C225 300w, https:\/\/i0.wp.com\/patrimoine-avesnois.fr\/chemin\/wp-content\/uploads\/2023\/06\/Traite-des-Pyrenees-scaled.jpg?resize=768%2C576 768w, https:\/\/i0.wp.com\/patrimoine-avesnois.fr\/chemin\/wp-content\/uploads\/2023\/06\/Traite-des-Pyrenees-scaled.jpg?resize=1536%2C1152 1536w, https:\/\/i0.wp.com\/patrimoine-avesnois.fr\/chemin\/wp-content\/uploads\/2023\/06\/Traite-des-Pyrenees-scaled.jpg?resize=2048%2C1536 2048w, https:\/\/i0.wp.com\/patrimoine-avesnois.fr\/chemin\/wp-content\/uploads\/2023\/06\/Traite-des-Pyrenees-scaled.jpg?resize=1200%2C900 1200w, https:\/\/i0.wp.com\/patrimoine-avesnois.fr\/chemin\/wp-content\/uploads\/2023\/06\/Traite-des-Pyrenees-scaled.jpg?w=1680 1680w, https:\/\/i0.wp.com\/patrimoine-avesnois.fr\/chemin\/wp-content\/uploads\/2023\/06\/Traite-des-Pyrenees-scaled.jpg?w=2520 2520w\" sizes=\"auto, (max-width: 709px) 85vw, (max-width: 909px) 67vw, (max-width: 1362px) 62vw, 840px\" \/><figcaption class=\"wp-element-caption\">Fronti\u00e8re au trait\u00e9 des Pyr\u00e9n\u00e9es en 1659<\/figcaption><\/figure>\n<\/div>\n\n\n<p>Les conqu\u00eates de Louis XIV sur les Pays-Bas espagnols &nbsp;en 1659 (Trait\u00e9 des Pyr\u00e9n\u00e9es) eurent pour cons\u00e9quence le rattachement de Le Quesnoy de Landrecies et d\u2019Avesnes sur Helpe \u00e0 la France.<\/p>\n\n\n<div class=\"wp-block-image\">\n<figure class=\"aligncenter size-large\"><img data-recalc-dims=\"1\" loading=\"lazy\" decoding=\"async\" width=\"840\" height=\"630\" data-attachment-id=\"18045\" data-permalink=\"http:\/\/patrimoine-avesnois.fr\/chemin\/les-anciens-postes-de-douane-en-avesnois\/traite-nimegue\/\" data-orig-file=\"https:\/\/i0.wp.com\/patrimoine-avesnois.fr\/chemin\/wp-content\/uploads\/2023\/06\/Traite-Nimegue-scaled.jpg?fit=2560%2C1919\" data-orig-size=\"2560,1919\" data-comments-opened=\"1\" data-image-meta=\"{&quot;aperture&quot;:&quot;2.2&quot;,&quot;credit&quot;:&quot;&quot;,&quot;camera&quot;:&quot;iPhone SE (1st generation)&quot;,&quot;caption&quot;:&quot;&quot;,&quot;created_timestamp&quot;:&quot;1685893573&quot;,&quot;copyright&quot;:&quot;&quot;,&quot;focal_length&quot;:&quot;4.15&quot;,&quot;iso&quot;:&quot;200&quot;,&quot;shutter_speed&quot;:&quot;0.05&quot;,&quot;title&quot;:&quot;&quot;,&quot;orientation&quot;:&quot;1&quot;}\" data-image-title=\"Traite-Nimegue\" data-image-description=\"\" data-image-caption=\"\" data-large-file=\"https:\/\/i0.wp.com\/patrimoine-avesnois.fr\/chemin\/wp-content\/uploads\/2023\/06\/Traite-Nimegue-scaled.jpg?fit=840%2C630\" src=\"https:\/\/i0.wp.com\/patrimoine-avesnois.fr\/chemin\/wp-content\/uploads\/2023\/06\/Traite-Nimegue.jpg?resize=840%2C630\" alt=\"\" class=\"wp-image-18045\" srcset=\"https:\/\/i0.wp.com\/patrimoine-avesnois.fr\/chemin\/wp-content\/uploads\/2023\/06\/Traite-Nimegue-scaled.jpg?resize=1024%2C768 1024w, https:\/\/i0.wp.com\/patrimoine-avesnois.fr\/chemin\/wp-content\/uploads\/2023\/06\/Traite-Nimegue-scaled.jpg?resize=300%2C225 300w, https:\/\/i0.wp.com\/patrimoine-avesnois.fr\/chemin\/wp-content\/uploads\/2023\/06\/Traite-Nimegue-scaled.jpg?resize=768%2C576 768w, https:\/\/i0.wp.com\/patrimoine-avesnois.fr\/chemin\/wp-content\/uploads\/2023\/06\/Traite-Nimegue-scaled.jpg?resize=1536%2C1151 1536w, https:\/\/i0.wp.com\/patrimoine-avesnois.fr\/chemin\/wp-content\/uploads\/2023\/06\/Traite-Nimegue-scaled.jpg?resize=2048%2C1535 2048w, https:\/\/i0.wp.com\/patrimoine-avesnois.fr\/chemin\/wp-content\/uploads\/2023\/06\/Traite-Nimegue-scaled.jpg?resize=1200%2C900 1200w, https:\/\/i0.wp.com\/patrimoine-avesnois.fr\/chemin\/wp-content\/uploads\/2023\/06\/Traite-Nimegue-scaled.jpg?w=1680 1680w, https:\/\/i0.wp.com\/patrimoine-avesnois.fr\/chemin\/wp-content\/uploads\/2023\/06\/Traite-Nimegue-scaled.jpg?w=2520 2520w\" sizes=\"auto, (max-width: 709px) 85vw, (max-width: 909px) 67vw, (max-width: 1362px) 62vw, 840px\" \/><figcaption class=\"wp-element-caption\">Fronti\u00e8re au trait\u00e9 de Nim\u00e8gue en 1678<\/figcaption><\/figure>\n<\/div>\n\n\n<p>Le Trait\u00e9 de Nim\u00e8gue (1678) marqua de nouvelles victoires fran\u00e7aises avec la prise de Maubeuge et de Bavai. Surtout il ent\u00e9rina chez nous un trac\u00e9 frontalier immuable \u00e0 travers les si\u00e8cles suivants \u00e0 l\u2019exception de la fronti\u00e8re au niveau de la Flamengrie (voir la page consacr\u00e9e \u00e0 La Flamengrie et ses bornes fronti\u00e8res) et hormis de  tr\u00e8s l\u00e9g\u00e8res modifications lors du Trait\u00e9 de Courtrai de 1820 comme \u00e0 Beaurieux ou Anor par exemple. Il en fut tout autrement concernant les autres portions de la fronti\u00e8re franco belge qui firent l\u2019objet de laborieuses n\u00e9gociations avant que des conventions entre souverains alli\u00e9s et non plus un trait\u00e9 entre puissances bellig\u00e9rantes r\u00e9gl\u00e8rent d\u00e9finitivement la question de la fronti\u00e8re (conventions de limites franco-autrichiennes de 1769 et 1779 et franco-li\u00e9geoises de 1772) et d\u00e9bouch\u00e8rent sur un trac\u00e9 rigoureux, tr\u00e8s proche du trac\u00e9 actuel. La configuration de ces lignes de d\u00e9marcation s\u2019\u00e9tablit au XVIII e si\u00e8cle d\u2019avantage sur des int\u00e9r\u00eats \u00e9conomiques que militaires. Les gouvernements fran\u00e7ais et espagnol n\u00e9goci\u00e8rent en effet davantage le trac\u00e9 frontalier \u00ab&nbsp;en fonction d&rsquo;une libert\u00e9 pr\u00e9serv\u00e9e du commerce et des communications, d&rsquo;une homog\u00e9n\u00e9it\u00e9 conserv\u00e9e des unit\u00e9s \u00e9conomiques et d&rsquo;une efficacit\u00e9 renforc\u00e9e de la r\u00e9pression de la fraude&nbsp;\u00bb.&nbsp; L\u2019Espagne et la France poss\u00e9dait de multiples bureaux de douane pr\u00e9sentant un pr\u00e9cieux int\u00e9r\u00eat financier.<\/p>\n\n\n\n<p class=\"has-bright-blue-color has-text-color\"><strong>II Histoire de la douane<\/strong><\/p>\n\n\n\n<p>Jean-Baptiste Colbert, contr\u00f4leur G\u00e9n\u00e9ral des Finances sous Louis&nbsp;XIV (1663 1683), est consid\u00e9r\u00e9 comme le p\u00e8re de la douane moderne. Inspir\u00e9 par la doctrine mercantiliste, il croit que&nbsp;la richesse d&rsquo;un pays est \u00e0 la mesure de ses r\u00e9serves en num\u00e9raire. Il convient donc d&rsquo;exporter un maximum de produits \u00e0 forte valeur ajout\u00e9e et de limiter les importations. Les&nbsp;droits de douane&nbsp;sont d\u00e9sormais per\u00e7us comme un&nbsp;levier des politiques \u00e9conomiques. Ainsi, un tarif douanier national va progressivement se mettre en place entre 1664 et 1667 mettant fin aux droits de douane int\u00e9rieurs. Tous les droits de Traite&nbsp;sont&nbsp;afferm\u00e9s par bail de 6&nbsp;ans&nbsp;\u00e0 une compagnie de financiers connue sous l&rsquo;appellation de&nbsp;Ferme G\u00e9n\u00e9rale&nbsp;ayant son si\u00e8ge \u00e0 Paris. La Ferme repr\u00e9sente une importante source de revenus repr\u00e9sentant pr\u00e8s de&nbsp;50&nbsp;% des recettes publiques. Ses services comptent jusqu&rsquo;\u00e0 42&nbsp;directions en province et pr\u00e8s de 25&nbsp;000&nbsp;agents appartenant \u00e0 deux branches d&rsquo;activit\u00e9&nbsp;:<\/p>\n\n\n\n<ul class=\"wp-block-list\">\n<li>celle des \u00ab&nbsp;bureaux&nbsp;\u00bb&nbsp;: qui v\u00e9rifie,&nbsp;liquide&nbsp;et&nbsp;per\u00e7oit&nbsp;les droits et taxes&nbsp;;<\/li>\n\n\n\n<li>celle des \u00ab&nbsp;brigades&nbsp;\u00bb&nbsp;: qui pr\u00e9vient, recherche et&nbsp;r\u00e9prime la contrebande.<\/li>\n<\/ul>\n\n\n\n<p>Les employ\u00e9s de la Ferme ne sont pas des fonctionnaires royaux, mais ils agissent \u00ab&nbsp;au nom du Roi&nbsp;\u00bb. Les fermiers g\u00e9n\u00e9raux amassent d\u2019immenses fortunes et sont tr\u00e8s impopulaires.<\/p>\n\n\n\n<p>Avec la R\u00e9volution na\u00eet l&rsquo;administration des douanes moderne&nbsp;et la fin de la Ferme G\u00e9n\u00e9rale tant contest\u00e9e. Ainsi, la&nbsp;Ferme G\u00e9n\u00e9rale est nationalis\u00e9e&nbsp;pour donner naissance le 23&nbsp;avril 1791 \u00e0 un nouveau service, la&nbsp;R\u00e9gie nationale des Douanes.<\/p>\n\n\n\n<p>Comme sous la Ferme g\u00e9n\u00e9rale, la douane du XIX<sup>\u00e8me<\/sup>&nbsp;si\u00e8cle est solidement cloisonn\u00e9e en deux services&nbsp;:<\/p>\n\n\n\n<ul class=\"wp-block-list\">\n<li>les bureaux : service s\u00e9dentaire charg\u00e9 de la taxation<\/li>\n\n\n\n<li>les brigades : service actif charg\u00e9 de la surveillance<\/li>\n<\/ul>\n\n\n\n<p>Les agents des brigades&nbsp;repr\u00e9sentent la part la plus importante des agents. Ils se distinguent par le port de l&rsquo;uniforme et des armes et sont organis\u00e9s militairement et casern\u00e9s et ce jusqu\u2019en 1945 avant de devenir des fonctionnaires civils. Leur pr\u00e9sence se concr\u00e9tise notamment par l\u2019instauration aux fronti\u00e8res d\u2019aubettes ou postes de douanes Ces gu\u00e9rites disparaitront en 1995 lors de la suppression &nbsp;des fronti\u00e8res au sein de l\u2019Union europ\u00e9enne<\/p>\n\n\n\n<p class=\"has-bright-blue-color has-text-color\"><strong>III Les Postes de Douane \u00e0 travers les cartes postales<\/strong><\/p>\n\n\n\n<p>Y seront ajout\u00e9s dans la mesure du possible les Bureaux de Douane des communes concern\u00e9es.<\/p>\n\n\n\n<p class=\"has-bright-red-color has-text-color\">Eth<\/p>\n\n\n<div class=\"wp-block-image\">\n<figure class=\"aligncenter size-full is-resized\"><img data-recalc-dims=\"1\" loading=\"lazy\" decoding=\"async\" width=\"669\" height=\"469\" data-attachment-id=\"18222\" data-permalink=\"http:\/\/patrimoine-avesnois.fr\/chemin\/les-anciens-postes-de-douane-en-avesnois\/image-42-11\/\" data-orig-file=\"https:\/\/i0.wp.com\/patrimoine-avesnois.fr\/chemin\/wp-content\/uploads\/2023\/06\/image-42.png?fit=669%2C469\" data-orig-size=\"669,469\" data-comments-opened=\"1\" data-image-meta=\"{&quot;aperture&quot;:&quot;0&quot;,&quot;credit&quot;:&quot;&quot;,&quot;camera&quot;:&quot;&quot;,&quot;caption&quot;:&quot;&quot;,&quot;created_timestamp&quot;:&quot;0&quot;,&quot;copyright&quot;:&quot;&quot;,&quot;focal_length&quot;:&quot;0&quot;,&quot;iso&quot;:&quot;0&quot;,&quot;shutter_speed&quot;:&quot;0&quot;,&quot;title&quot;:&quot;&quot;,&quot;orientation&quot;:&quot;0&quot;}\" data-image-title=\"image-42\" data-image-description=\"\" data-image-caption=\"\" data-large-file=\"https:\/\/i0.wp.com\/patrimoine-avesnois.fr\/chemin\/wp-content\/uploads\/2023\/06\/image-42.png?fit=669%2C469\" src=\"https:\/\/i0.wp.com\/patrimoine-avesnois.fr\/chemin\/wp-content\/uploads\/2023\/06\/image-42.png?resize=669%2C469&#038;ssl=1\" alt=\"\" class=\"wp-image-18222\" style=\"width:615px;height:432px\" srcset=\"https:\/\/i0.wp.com\/patrimoine-avesnois.fr\/chemin\/wp-content\/uploads\/2023\/06\/image-42.png?w=669 669w, https:\/\/i0.wp.com\/patrimoine-avesnois.fr\/chemin\/wp-content\/uploads\/2023\/06\/image-42.png?resize=300%2C210 300w\" sizes=\"auto, (max-width: 669px) 85vw, 669px\" \/><figcaption class=\"wp-element-caption\">Poste des douaniers Eth en 1897  <a rel=\"noreferrer noopener\" href=\"https:\/\/archivesdepartementales.lenord.fr\/ark:\/33518\/prx28nbgj5hv\/4a667e35-8f04-435c-b90a-a47f1cffa97f\" data-type=\"URL\" data-id=\"https:\/\/archivesdepartementales.lenord.fr\/ark:\/33518\/prx28nbgj5hv\/4a667e35-8f04-435c-b90a-a47f1cffa97f\" target=\"_blank\">ADN P 31 \/ 676<\/a> et  <a rel=\"noreferrer noopener\" href=\"https:\/\/archivesdepartementales.lenord.fr\/ark:\/33518\/6tbwjpkc1h29\/e469fd04-d76a-4b03-9971-c2a52d85c834\" data-type=\"URL\" data-id=\"https:\/\/archivesdepartementales.lenord.fr\/ark:\/33518\/6tbwjpkc1h29\/e469fd04-d76a-4b03-9971-c2a52d85c834\" target=\"_blank\">ADN P 31 \/ 695<\/a><\/figcaption><\/figure>\n<\/div>\n\n<div class=\"wp-block-image\">\n<figure class=\"aligncenter size-full is-resized\"><img data-recalc-dims=\"1\" loading=\"lazy\" decoding=\"async\" width=\"840\" height=\"630\" data-attachment-id=\"18266\" data-permalink=\"http:\/\/patrimoine-avesnois.fr\/chemin\/les-anciens-postes-de-douane-en-avesnois\/eth-2\/\" data-orig-file=\"https:\/\/i0.wp.com\/patrimoine-avesnois.fr\/chemin\/wp-content\/uploads\/2023\/06\/eth.jpg?fit=909%2C682\" data-orig-size=\"909,682\" data-comments-opened=\"1\" data-image-meta=\"{&quot;aperture&quot;:&quot;0&quot;,&quot;credit&quot;:&quot;CARRE&quot;,&quot;camera&quot;:&quot;&quot;,&quot;caption&quot;:&quot;&quot;,&quot;created_timestamp&quot;:&quot;1686254778&quot;,&quot;copyright&quot;:&quot;&quot;,&quot;focal_length&quot;:&quot;0&quot;,&quot;iso&quot;:&quot;0&quot;,&quot;shutter_speed&quot;:&quot;0&quot;,&quot;title&quot;:&quot;&quot;,&quot;orientation&quot;:&quot;1&quot;}\" data-image-title=\"eth\" data-image-description=\"\" data-image-caption=\"\" data-large-file=\"https:\/\/i0.wp.com\/patrimoine-avesnois.fr\/chemin\/wp-content\/uploads\/2023\/06\/eth.jpg?fit=840%2C630\" src=\"https:\/\/i0.wp.com\/patrimoine-avesnois.fr\/chemin\/wp-content\/uploads\/2023\/06\/eth.jpg?resize=840%2C630&#038;ssl=1\" alt=\"\" class=\"wp-image-18266\" style=\"width:615px;height:461px\" srcset=\"https:\/\/i0.wp.com\/patrimoine-avesnois.fr\/chemin\/wp-content\/uploads\/2023\/06\/eth.jpg?w=909 909w, https:\/\/i0.wp.com\/patrimoine-avesnois.fr\/chemin\/wp-content\/uploads\/2023\/06\/eth.jpg?resize=300%2C225 300w, https:\/\/i0.wp.com\/patrimoine-avesnois.fr\/chemin\/wp-content\/uploads\/2023\/06\/eth.jpg?resize=768%2C576 768w\" sizes=\"auto, (max-width: 709px) 85vw, (max-width: 909px) 67vw, (max-width: 1362px) 62vw, 840px\" \/><figcaption class=\"wp-element-caption\">Emplacement de l&rsquo;ancien bureau des Douanes Eth <a href=\"https:\/\/www.google.fr\/maps\/@50.32612,3.6722901,3a,45y,50.99h,86.59t\/data=!3m7!1e1!3m5!1stej649C7Y70oYkjsi56KRA!2e0!6shttps:%2F%2Fstreetviewpixels-pa.googleapis.com%2Fv1%2Fthumbnail%3Fpanoid%3Dtej649C7Y70oYkjsi56KRA%26cb_client%3Dmaps_sv.tactile.gps%26w%3D203%26h%3D100%26yaw%3D77.2216%26pitch%3D0%26thumbfov%3D100!7i13312!8i6656?entry=ttu\" data-type=\"URL\" data-id=\"https:\/\/www.google.fr\/maps\/@50.32612,3.6722901,3a,45y,50.99h,86.59t\/data=!3m7!1e1!3m5!1stej649C7Y70oYkjsi56KRA!2e0!6shttps:%2F%2Fstreetviewpixels-pa.googleapis.com%2Fv1%2Fthumbnail%3Fpanoid%3Dtej649C7Y70oYkjsi56KRA%26cb_client%3Dmaps_sv.tactile.gps%26w%3D203%26h%3D100%26yaw%3D77.2216%26pitch%3D0%26thumbfov%3D100!7i13312!8i6656?entry=ttu\" target=\"_blank\" rel=\"noreferrer noopener\">Chemin de Roisin<\/a><\/figcaption><\/figure>\n<\/div>\n\n\n<p class=\"has-bright-red-color has-text-color\">Bry<\/p>\n\n\n\n<p>Aux Archives D\u00e9partementales du Nord le r\u00e9sultat d\u2019un d\u00e9pouillement des documents relatifs au personnel des douanes conserv\u00e9s en s\u00e9rie P (cotes P 57 \/ 1-40) couvrant la p\u00e9riode 1807-1911 permet de dire qu&rsquo;il y eut en 1841 un bureau de douane \u00e0 Bry compos\u00e9 d&rsquo;un brigadier, d&rsquo;un sous brigadier et de six pr\u00e9pos\u00e9s (P 57\/5-2). Il y eut \u00e9galement un receveur en la personne de Toussaint Deltour (P 57\/21). Celui-ci \u00e9tait n\u00e9 en 1829 \u00e0 Regniowez dans les Ardennes et s&rsquo;\u00e9tait mari\u00e9 en 1858 \u00e0 Bruille lez St Amand (59),&nbsp;avec&nbsp;Marie Zoe CHARLIER. Sa fonction de douanier \u00e0 Bry est ult\u00e9rieure \u00e0 186o.<\/p>\n\n\n<div class=\"wp-block-image\">\n<figure class=\"aligncenter size-full is-resized\"><img data-recalc-dims=\"1\" loading=\"lazy\" decoding=\"async\" width=\"840\" height=\"402\" data-attachment-id=\"18225\" data-permalink=\"http:\/\/patrimoine-avesnois.fr\/chemin\/les-anciens-postes-de-douane-en-avesnois\/image-43-11\/\" data-orig-file=\"https:\/\/i0.wp.com\/patrimoine-avesnois.fr\/chemin\/wp-content\/uploads\/2023\/06\/image-43.png?fit=1019%2C488\" data-orig-size=\"1019,488\" data-comments-opened=\"1\" data-image-meta=\"{&quot;aperture&quot;:&quot;0&quot;,&quot;credit&quot;:&quot;&quot;,&quot;camera&quot;:&quot;&quot;,&quot;caption&quot;:&quot;&quot;,&quot;created_timestamp&quot;:&quot;0&quot;,&quot;copyright&quot;:&quot;&quot;,&quot;focal_length&quot;:&quot;0&quot;,&quot;iso&quot;:&quot;0&quot;,&quot;shutter_speed&quot;:&quot;0&quot;,&quot;title&quot;:&quot;&quot;,&quot;orientation&quot;:&quot;0&quot;}\" data-image-title=\"image-43\" data-image-description=\"\" data-image-caption=\"\" data-large-file=\"https:\/\/i0.wp.com\/patrimoine-avesnois.fr\/chemin\/wp-content\/uploads\/2023\/06\/image-43.png?fit=840%2C402\" src=\"https:\/\/i0.wp.com\/patrimoine-avesnois.fr\/chemin\/wp-content\/uploads\/2023\/06\/image-43.png?resize=840%2C402&#038;ssl=1\" alt=\"\" class=\"wp-image-18225\" style=\"width:681px;height:326px\" srcset=\"https:\/\/i0.wp.com\/patrimoine-avesnois.fr\/chemin\/wp-content\/uploads\/2023\/06\/image-43.png?w=1019 1019w, https:\/\/i0.wp.com\/patrimoine-avesnois.fr\/chemin\/wp-content\/uploads\/2023\/06\/image-43.png?resize=300%2C144 300w, https:\/\/i0.wp.com\/patrimoine-avesnois.fr\/chemin\/wp-content\/uploads\/2023\/06\/image-43.png?resize=768%2C368 768w\" sizes=\"auto, (max-width: 709px) 85vw, (max-width: 909px) 67vw, (max-width: 1362px) 62vw, 840px\" \/><figcaption class=\"wp-element-caption\">Extrait de l&rsquo;Etat Nominatif des employ\u00e9s composant la <br>Direction des Douanes de Valenciennes au 1er septembre 1841 ADN P 57 \/5-2<\/figcaption><\/figure>\n<\/div>\n\n\n<p class=\"has-bright-red-color has-text-color\">La Flamengrie<\/p>\n\n\n<div class=\"wp-block-image\">\n<figure class=\"aligncenter size-full is-resized\"><img data-recalc-dims=\"1\" loading=\"lazy\" decoding=\"async\" width=\"840\" height=\"537\" data-attachment-id=\"18218\" data-permalink=\"http:\/\/patrimoine-avesnois.fr\/chemin\/les-anciens-postes-de-douane-en-avesnois\/image-40-12\/\" data-orig-file=\"https:\/\/i0.wp.com\/patrimoine-avesnois.fr\/chemin\/wp-content\/uploads\/2023\/06\/image-40.png?fit=947%2C605\" data-orig-size=\"947,605\" data-comments-opened=\"1\" data-image-meta=\"{&quot;aperture&quot;:&quot;0&quot;,&quot;credit&quot;:&quot;&quot;,&quot;camera&quot;:&quot;&quot;,&quot;caption&quot;:&quot;&quot;,&quot;created_timestamp&quot;:&quot;0&quot;,&quot;copyright&quot;:&quot;&quot;,&quot;focal_length&quot;:&quot;0&quot;,&quot;iso&quot;:&quot;0&quot;,&quot;shutter_speed&quot;:&quot;0&quot;,&quot;title&quot;:&quot;&quot;,&quot;orientation&quot;:&quot;0&quot;}\" data-image-title=\"image-40\" data-image-description=\"\" data-image-caption=\"\" data-large-file=\"https:\/\/i0.wp.com\/patrimoine-avesnois.fr\/chemin\/wp-content\/uploads\/2023\/06\/image-40.png?fit=840%2C537\" src=\"https:\/\/i0.wp.com\/patrimoine-avesnois.fr\/chemin\/wp-content\/uploads\/2023\/06\/image-40.png?resize=840%2C537&#038;ssl=1\" alt=\"\" class=\"wp-image-18218\" style=\"width:615px;height:393px\" srcset=\"https:\/\/i0.wp.com\/patrimoine-avesnois.fr\/chemin\/wp-content\/uploads\/2023\/06\/image-40.png?w=947 947w, https:\/\/i0.wp.com\/patrimoine-avesnois.fr\/chemin\/wp-content\/uploads\/2023\/06\/image-40.png?resize=300%2C192 300w, https:\/\/i0.wp.com\/patrimoine-avesnois.fr\/chemin\/wp-content\/uploads\/2023\/06\/image-40.png?resize=768%2C491 768w\" sizes=\"auto, (max-width: 709px) 85vw, (max-width: 909px) 67vw, (max-width: 1362px) 62vw, 840px\" \/><figcaption class=\"wp-element-caption\">Bureau des Douanes Fran\u00e7aises La Flamengrie en 1912 selon le cadastre <a href=\"https:\/\/archivesdepartementales.lenord.fr\/ark:\/33518\/h7wq06czsm5d\/615fd9e9-7b05-46ca-b5f6-f132080f2a93\" data-type=\"URL\" data-id=\"https:\/\/archivesdepartementales.lenord.fr\/ark:\/33518\/h7wq06czsm5d\/615fd9e9-7b05-46ca-b5f6-f132080f2a93\" target=\"_blank\" rel=\"noreferrer noopener\">ADN P 31\/725<\/a><\/figcaption><\/figure>\n<\/div>\n\n<div class=\"wp-block-image\">\n<figure class=\"aligncenter size-full is-resized\"><img data-recalc-dims=\"1\" loading=\"lazy\" decoding=\"async\" width=\"840\" height=\"629\" data-attachment-id=\"18268\" data-permalink=\"http:\/\/patrimoine-avesnois.fr\/chemin\/les-anciens-postes-de-douane-en-avesnois\/la-flamengrie-3\/\" data-orig-file=\"https:\/\/i0.wp.com\/patrimoine-avesnois.fr\/chemin\/wp-content\/uploads\/2023\/06\/La-Flamengrie.jpg?fit=1017%2C762\" data-orig-size=\"1017,762\" data-comments-opened=\"1\" data-image-meta=\"{&quot;aperture&quot;:&quot;0&quot;,&quot;credit&quot;:&quot;CARRE&quot;,&quot;camera&quot;:&quot;&quot;,&quot;caption&quot;:&quot;&quot;,&quot;created_timestamp&quot;:&quot;1686257140&quot;,&quot;copyright&quot;:&quot;&quot;,&quot;focal_length&quot;:&quot;0&quot;,&quot;iso&quot;:&quot;0&quot;,&quot;shutter_speed&quot;:&quot;0&quot;,&quot;title&quot;:&quot;&quot;,&quot;orientation&quot;:&quot;1&quot;}\" data-image-title=\"La-Flamengrie\" data-image-description=\"\" data-image-caption=\"\" data-large-file=\"https:\/\/i0.wp.com\/patrimoine-avesnois.fr\/chemin\/wp-content\/uploads\/2023\/06\/La-Flamengrie.jpg?fit=840%2C629\" src=\"https:\/\/i0.wp.com\/patrimoine-avesnois.fr\/chemin\/wp-content\/uploads\/2023\/06\/La-Flamengrie.jpg?resize=840%2C629&#038;ssl=1\" alt=\"\" class=\"wp-image-18268\" style=\"width:615px;height:460px\" srcset=\"https:\/\/i0.wp.com\/patrimoine-avesnois.fr\/chemin\/wp-content\/uploads\/2023\/06\/La-Flamengrie.jpg?w=1017 1017w, https:\/\/i0.wp.com\/patrimoine-avesnois.fr\/chemin\/wp-content\/uploads\/2023\/06\/La-Flamengrie.jpg?resize=300%2C225 300w, https:\/\/i0.wp.com\/patrimoine-avesnois.fr\/chemin\/wp-content\/uploads\/2023\/06\/La-Flamengrie.jpg?resize=768%2C575 768w\" sizes=\"auto, (max-width: 709px) 85vw, (max-width: 909px) 67vw, (max-width: 1362px) 62vw, 840px\" \/><figcaption class=\"wp-element-caption\">Bureau des Douanes Fran\u00e7aises \u00e0 La Flamengrie devenue une habitation<\/figcaption><\/figure>\n<\/div>\n\n\n<p>Les douaniers \u00e9taient nombreux \u00e0 La Flamengrie avec la pr\u00e9sence de deux postes de douane fran\u00e7ais.  Les contr\u00f4les y \u00e9taient donc multiples, allant jusqu&rsquo;\u00e0 provoquer l&rsquo;exacerbation des cultivateurs dont l&rsquo;exploitation \u00e9tait \u00e0 cheval sur la fronti\u00e8re et dont l&rsquo;activit\u00e9 n\u00e9cessitait r\u00e9guli\u00e8rement le passage des b\u00eates ou des r\u00e9coltes \u00e0 la fronti\u00e8re. Cependant l&rsquo;inflexibilit\u00e9 de la douane ne suffisait pas \u00e0 contrecarrer la contrebande fortement encourag\u00e9e par l&rsquo;attrait de prix plus bas en Belgique qu&rsquo;en France. Les contrebandiers venaient surtout de villages plus \u00e9loign\u00e9s car ils savaient qu&rsquo;ici la fronti\u00e8re \u00e9tait sinueuse et donc les points de passage nombreux. Le nombre d&rsquo;estaminets et de cabarets qui servaient de point de contact passa alors de 2 en 1876 \u00e0 une quinzaine entre 1886 et 1914. Il n&rsquo;\u00e9tait pas rare que l&rsquo;arriv\u00e9e inopin\u00e9e des douaniers dans un estaminet obligeait \u00e0 cacher dans une autre pi\u00e8ce des contrebandiers qui s&rsquo;y trouvaient \u2026 et \u00e0 les garder jusqu&rsquo;\u00e0 8 jours ! Certains contrebandiers utilisaient des caches o\u00f9 les marchandises \u00e9taient entrepos\u00e9es, lesquelles \u00e9taient r\u00e9cup\u00e9r\u00e9es par des porteurs capables de faire la course avec les douaniers, malgr\u00e9 leur ballot de 20 ou 30 Kg sur le dos. D&rsquo;autres contrebandiers dressaient sp\u00e9cialement des chiens \u00e0 passer la fronti\u00e8re, seuls, avec un corset bourr\u00e9 de tabac. C&rsquo;\u00e9tait alors aux chiens de d\u00e9jouer les pi\u00e8ges des douaniers et d&rsquo;affronter leurs chiens. <\/p>\n\n\n\n<p class=\"has-bright-red-color has-text-color\">Bettrechies<\/p>\n\n\n<div class=\"wp-block-image\">\n<figure class=\"aligncenter size-full is-resized\"><img data-recalc-dims=\"1\" loading=\"lazy\" decoding=\"async\" width=\"840\" height=\"532\" data-attachment-id=\"18054\" data-permalink=\"http:\/\/patrimoine-avesnois.fr\/chemin\/les-anciens-postes-de-douane-en-avesnois\/bettrechies-3\/\" data-orig-file=\"https:\/\/i0.wp.com\/patrimoine-avesnois.fr\/chemin\/wp-content\/uploads\/2023\/06\/bettrechies.jpg?fit=973%2C616\" data-orig-size=\"973,616\" data-comments-opened=\"1\" data-image-meta=\"{&quot;aperture&quot;:&quot;0&quot;,&quot;credit&quot;:&quot;&quot;,&quot;camera&quot;:&quot;&quot;,&quot;caption&quot;:&quot;&quot;,&quot;created_timestamp&quot;:&quot;1685910928&quot;,&quot;copyright&quot;:&quot;&quot;,&quot;focal_length&quot;:&quot;0&quot;,&quot;iso&quot;:&quot;0&quot;,&quot;shutter_speed&quot;:&quot;0&quot;,&quot;title&quot;:&quot;&quot;,&quot;orientation&quot;:&quot;0&quot;}\" data-image-title=\"bettrechies\" data-image-description=\"\" data-image-caption=\"\" data-large-file=\"https:\/\/i0.wp.com\/patrimoine-avesnois.fr\/chemin\/wp-content\/uploads\/2023\/06\/bettrechies.jpg?fit=840%2C532\" src=\"https:\/\/i0.wp.com\/patrimoine-avesnois.fr\/chemin\/wp-content\/uploads\/2023\/06\/bettrechies.jpg?resize=840%2C532&#038;ssl=1\" alt=\"\" class=\"wp-image-18054\" style=\"width:730px;height:462px\" srcset=\"https:\/\/i0.wp.com\/patrimoine-avesnois.fr\/chemin\/wp-content\/uploads\/2023\/06\/bettrechies.jpg?w=973 973w, https:\/\/i0.wp.com\/patrimoine-avesnois.fr\/chemin\/wp-content\/uploads\/2023\/06\/bettrechies.jpg?resize=300%2C190 300w, https:\/\/i0.wp.com\/patrimoine-avesnois.fr\/chemin\/wp-content\/uploads\/2023\/06\/bettrechies.jpg?resize=768%2C486 768w\" sizes=\"auto, (max-width: 709px) 85vw, (max-width: 909px) 67vw, (max-width: 1362px) 62vw, 840px\" \/><\/figure>\n<\/div>\n\n\n<p>Un brigadier Aubert, un sous brigadier Noel et des pr\u00e9pos\u00e9s \u00e9taient en fonction \u00e0 Bettrechies (ADN P 57\/5-2). Il existait \u00e9galement une caserne des douaniers comme en t\u00e9moigne cette carte postale.<\/p>\n\n\n<div class=\"wp-block-image\">\n<figure class=\"aligncenter size-large is-resized\"><img data-recalc-dims=\"1\" loading=\"lazy\" decoding=\"async\" width=\"840\" height=\"368\" data-attachment-id=\"18226\" data-permalink=\"http:\/\/patrimoine-avesnois.fr\/chemin\/les-anciens-postes-de-douane-en-avesnois\/image-44-11\/\" data-orig-file=\"https:\/\/i0.wp.com\/patrimoine-avesnois.fr\/chemin\/wp-content\/uploads\/2023\/06\/image-44.png?fit=1061%2C465\" data-orig-size=\"1061,465\" data-comments-opened=\"1\" data-image-meta=\"{&quot;aperture&quot;:&quot;0&quot;,&quot;credit&quot;:&quot;&quot;,&quot;camera&quot;:&quot;&quot;,&quot;caption&quot;:&quot;&quot;,&quot;created_timestamp&quot;:&quot;0&quot;,&quot;copyright&quot;:&quot;&quot;,&quot;focal_length&quot;:&quot;0&quot;,&quot;iso&quot;:&quot;0&quot;,&quot;shutter_speed&quot;:&quot;0&quot;,&quot;title&quot;:&quot;&quot;,&quot;orientation&quot;:&quot;0&quot;}\" data-image-title=\"image-44\" data-image-description=\"\" data-image-caption=\"\" data-large-file=\"https:\/\/i0.wp.com\/patrimoine-avesnois.fr\/chemin\/wp-content\/uploads\/2023\/06\/image-44.png?fit=840%2C368\" src=\"https:\/\/i0.wp.com\/patrimoine-avesnois.fr\/chemin\/wp-content\/uploads\/2023\/06\/image-44-1024x449.png?resize=840%2C368&#038;ssl=1\" alt=\"\" class=\"wp-image-18226\" style=\"width:680px;height:300px\" srcset=\"https:\/\/i0.wp.com\/patrimoine-avesnois.fr\/chemin\/wp-content\/uploads\/2023\/06\/image-44.png?resize=1024%2C449 1024w, https:\/\/i0.wp.com\/patrimoine-avesnois.fr\/chemin\/wp-content\/uploads\/2023\/06\/image-44.png?resize=300%2C131 300w, https:\/\/i0.wp.com\/patrimoine-avesnois.fr\/chemin\/wp-content\/uploads\/2023\/06\/image-44.png?resize=768%2C337 768w, https:\/\/i0.wp.com\/patrimoine-avesnois.fr\/chemin\/wp-content\/uploads\/2023\/06\/image-44.png?w=1061 1061w\" sizes=\"auto, (max-width: 709px) 85vw, (max-width: 909px) 67vw, (max-width: 1362px) 62vw, 840px\" \/><figcaption class=\"wp-element-caption\">Extrait de l&rsquo;Etat Nominatif des employ\u00e9s composant la <br>Direction des Douanes de Valenciennes au 1er septembre 1841 ADN P 57 \/5-2<\/figcaption><\/figure>\n<\/div>\n\n\n<p class=\"has-bright-red-color has-text-color\">Gussignies<\/p>\n\n\n<div class=\"wp-block-image\">\n<figure class=\"aligncenter size-full is-resized\"><img data-recalc-dims=\"1\" loading=\"lazy\" decoding=\"async\" width=\"840\" height=\"630\" data-attachment-id=\"18058\" data-permalink=\"http:\/\/patrimoine-avesnois.fr\/chemin\/les-anciens-postes-de-douane-en-avesnois\/gussignies-frontiere-belge\/\" data-orig-file=\"https:\/\/i0.wp.com\/patrimoine-avesnois.fr\/chemin\/wp-content\/uploads\/2023\/06\/Gussignies-frontiere-belge.jpg?fit=840%2C630\" data-orig-size=\"840,630\" data-comments-opened=\"1\" data-image-meta=\"{&quot;aperture&quot;:&quot;0&quot;,&quot;credit&quot;:&quot;CARRE&quot;,&quot;camera&quot;:&quot;&quot;,&quot;caption&quot;:&quot;&quot;,&quot;created_timestamp&quot;:&quot;1685974862&quot;,&quot;copyright&quot;:&quot;&quot;,&quot;focal_length&quot;:&quot;0&quot;,&quot;iso&quot;:&quot;0&quot;,&quot;shutter_speed&quot;:&quot;0&quot;,&quot;title&quot;:&quot;&quot;,&quot;orientation&quot;:&quot;1&quot;}\" data-image-title=\"Gussignies-frontiere-belge\" data-image-description=\"\" data-image-caption=\"\" data-large-file=\"https:\/\/i0.wp.com\/patrimoine-avesnois.fr\/chemin\/wp-content\/uploads\/2023\/06\/Gussignies-frontiere-belge.jpg?fit=840%2C630\" src=\"https:\/\/i0.wp.com\/patrimoine-avesnois.fr\/chemin\/wp-content\/uploads\/2023\/06\/Gussignies-frontiere-belge.jpg?resize=840%2C630&#038;ssl=1\" alt=\"\" class=\"wp-image-18058\" style=\"width:613px;height:460px\" srcset=\"https:\/\/i0.wp.com\/patrimoine-avesnois.fr\/chemin\/wp-content\/uploads\/2023\/06\/Gussignies-frontiere-belge.jpg?w=840 840w, https:\/\/i0.wp.com\/patrimoine-avesnois.fr\/chemin\/wp-content\/uploads\/2023\/06\/Gussignies-frontiere-belge.jpg?resize=300%2C225 300w, https:\/\/i0.wp.com\/patrimoine-avesnois.fr\/chemin\/wp-content\/uploads\/2023\/06\/Gussignies-frontiere-belge.jpg?resize=768%2C576 768w\" sizes=\"auto, (max-width: 709px) 85vw, (max-width: 909px) 67vw, (max-width: 1362px) 62vw, 840px\" \/><figcaption class=\"wp-element-caption\">fronti\u00e8re Passe tout Outre (c\u00f4t\u00e9 Belgique <a rel=\"noreferrer noopener\" href=\"https:\/\/www.google.fr\/maps\/@50.3504463,3.7451952,3a,90y,217.17h,93.5t\/data=!3m6!1e1!3m4!1sR0s8_GXtVG2qJux96zlmmg!2e0!7i16384!8i8192?entry=ttu\" target=\"_blank\">1 Av. du Haut Pays &#8211; Google&nbsp;Maps<\/a> )<\/figcaption><\/figure>\n<\/div>\n\n\n<p>Passe-tout-Outre&nbsp;est un&nbsp;lieu-dit du village belge d&rsquo;Autreppe (commune de Honnelles). \u00c9tant au carrefour de l\u2019ancienne chauss\u00e9e Brunehaut reliant Bavay \u00e0 Tournai et la route frontali\u00e8re de&nbsp;Fayt-le-Franc&nbsp;\u00e0&nbsp;Roisin, le lieu-dit situ\u00e9 exactement \u00e0 la&nbsp;fronti\u00e8re fran\u00e7aise doit son nom et sa r\u00e9putation au fait que son caf\u00e9 \u00e9tait la halte habituelle de&nbsp;contrebandiers&nbsp;en tout genre, attendant la nuit pour passer leur marchandise en France.<\/p>\n\n\n\n<p class=\"has-bright-red-color has-text-color\">Houdain lez Bavay<\/p>\n\n\n<div class=\"wp-block-image\">\n<figure class=\"aligncenter size-full is-resized\"><img data-recalc-dims=\"1\" loading=\"lazy\" decoding=\"async\" width=\"840\" height=\"629\" data-attachment-id=\"18059\" data-permalink=\"http:\/\/patrimoine-avesnois.fr\/chemin\/les-anciens-postes-de-douane-en-avesnois\/houdain-lez-bavay-2\/\" data-orig-file=\"https:\/\/i0.wp.com\/patrimoine-avesnois.fr\/chemin\/wp-content\/uploads\/2023\/06\/Houdain-lez-Bavay.jpg?fit=962%2C720\" data-orig-size=\"962,720\" data-comments-opened=\"1\" data-image-meta=\"{&quot;aperture&quot;:&quot;0&quot;,&quot;credit&quot;:&quot;CARRE&quot;,&quot;camera&quot;:&quot;&quot;,&quot;caption&quot;:&quot;&quot;,&quot;created_timestamp&quot;:&quot;1685975851&quot;,&quot;copyright&quot;:&quot;&quot;,&quot;focal_length&quot;:&quot;0&quot;,&quot;iso&quot;:&quot;0&quot;,&quot;shutter_speed&quot;:&quot;0&quot;,&quot;title&quot;:&quot;&quot;,&quot;orientation&quot;:&quot;1&quot;}\" data-image-title=\"Houdain-lez-Bavay\" data-image-description=\"\" data-image-caption=\"\" data-large-file=\"https:\/\/i0.wp.com\/patrimoine-avesnois.fr\/chemin\/wp-content\/uploads\/2023\/06\/Houdain-lez-Bavay.jpg?fit=840%2C629\" src=\"https:\/\/i0.wp.com\/patrimoine-avesnois.fr\/chemin\/wp-content\/uploads\/2023\/06\/Houdain-lez-Bavay.jpg?resize=840%2C629&#038;ssl=1\" alt=\"\" class=\"wp-image-18059\" style=\"width:615px;height:460px\" srcset=\"https:\/\/i0.wp.com\/patrimoine-avesnois.fr\/chemin\/wp-content\/uploads\/2023\/06\/Houdain-lez-Bavay.jpg?w=962 962w, https:\/\/i0.wp.com\/patrimoine-avesnois.fr\/chemin\/wp-content\/uploads\/2023\/06\/Houdain-lez-Bavay.jpg?resize=300%2C225 300w, https:\/\/i0.wp.com\/patrimoine-avesnois.fr\/chemin\/wp-content\/uploads\/2023\/06\/Houdain-lez-Bavay.jpg?resize=768%2C575 768w\" sizes=\"auto, (max-width: 709px) 85vw, (max-width: 909px) 67vw, (max-width: 1362px) 62vw, 840px\" \/><figcaption class=\"wp-element-caption\">Ancien poste de douane \u00e0 Houdain lez Bavay  lieu-dit le Rat d&rsquo;Eau <a rel=\"noreferrer noopener\" href=\"https:\/\/www.google.fr\/maps\/@50.3519369,3.7833512,3a,48.5y,266.68h,93.3t\/data=!3m6!1e1!3m4!1sZC9h-W6F9gH7jaSPioCvYQ!2e0!7i16384!8i8192?entry=ttu\" target=\"_blank\">95 D305 &#8211; Google&nbsp;Maps<\/a><\/figcaption><\/figure>\n<\/div>\n\n\n<p>L&rsquo;ancien poste de douane d&rsquo;Houdain lez Bavay a conserv\u00e9 ses barreaux. La suppression de la douane a conduit \u00e0 redresser la route. <\/p>\n\n\n<div class=\"wp-block-image\">\n<figure class=\"aligncenter size-full is-resized\"><img data-recalc-dims=\"1\" loading=\"lazy\" decoding=\"async\" width=\"722\" height=\"541\" data-attachment-id=\"18060\" data-permalink=\"http:\/\/patrimoine-avesnois.fr\/chemin\/les-anciens-postes-de-douane-en-avesnois\/houdain-cote-belge\/\" data-orig-file=\"https:\/\/i0.wp.com\/patrimoine-avesnois.fr\/chemin\/wp-content\/uploads\/2023\/06\/Houdain-cote-belge.jpg?fit=722%2C541\" data-orig-size=\"722,541\" data-comments-opened=\"1\" data-image-meta=\"{&quot;aperture&quot;:&quot;0&quot;,&quot;credit&quot;:&quot;CARRE&quot;,&quot;camera&quot;:&quot;&quot;,&quot;caption&quot;:&quot;&quot;,&quot;created_timestamp&quot;:&quot;1685976089&quot;,&quot;copyright&quot;:&quot;&quot;,&quot;focal_length&quot;:&quot;0&quot;,&quot;iso&quot;:&quot;0&quot;,&quot;shutter_speed&quot;:&quot;0&quot;,&quot;title&quot;:&quot;&quot;,&quot;orientation&quot;:&quot;1&quot;}\" data-image-title=\"Houdain-cote-belge\" data-image-description=\"\" data-image-caption=\"\" data-large-file=\"https:\/\/i0.wp.com\/patrimoine-avesnois.fr\/chemin\/wp-content\/uploads\/2023\/06\/Houdain-cote-belge.jpg?fit=722%2C541\" src=\"https:\/\/i0.wp.com\/patrimoine-avesnois.fr\/chemin\/wp-content\/uploads\/2023\/06\/Houdain-cote-belge.jpg?resize=722%2C541&#038;ssl=1\" alt=\"\" class=\"wp-image-18060\" style=\"width:615px;height:460px\" srcset=\"https:\/\/i0.wp.com\/patrimoine-avesnois.fr\/chemin\/wp-content\/uploads\/2023\/06\/Houdain-cote-belge.jpg?w=722 722w, https:\/\/i0.wp.com\/patrimoine-avesnois.fr\/chemin\/wp-content\/uploads\/2023\/06\/Houdain-cote-belge.jpg?resize=300%2C225 300w\" sizes=\"auto, (max-width: 722px) 85vw, 722px\" \/><figcaption class=\"wp-element-caption\">Fronti\u00e8re Le rat d&rsquo;Eau Fayt le Franc<\/figcaption><\/figure>\n<\/div>\n\n\n<p>Cot\u00e9 belge, le poste de douane implant\u00e9 au lieu dit <strong>\u00ab<\/strong> Rat d\u2019Eau <strong>\u00bb<\/strong> animait la vie quotidienne. Il est aujourd\u2019hui transform\u00e9 en friterie.<\/p>\n\n\n\n<p class=\"has-bright-red-color has-text-color\">Hon Hergies<\/p>\n\n\n\n<p>La cote P 57 \/ 5 &#8211; 2 nous apprend \u00e9galement que Hon Hergies disposait au d\u00e9but du XIX e si\u00e8cle  d&rsquo;un bureau de douane s\u00e9dentaire. Un brigadier Gigon, un sous brigadier Fournier et huit pr\u00e9pos\u00e9s \u00e9taient charg\u00e9s de la taxation. (ADN Sous S\u00e9rie P 57 et suppl\u00e9ments &#8211; <a href=\"https:\/\/archivesdepartementales.lenord.fr\/media\/0211ac09-7317-4dfe-bc8d-433ec33c01be.pdf\" data-type=\"URL\" data-id=\"https:\/\/archivesdepartementales.lenord.fr\/media\/0211ac09-7317-4dfe-bc8d-433ec33c01be.pdf\" target=\"_blank\" rel=\"noreferrer noopener\">Personnel des douanes<\/a>)<\/p>\n\n\n\n<p class=\"has-bright-red-color has-text-color\">Taisni\u00e8res sur Hon<\/p>\n\n\n<div class=\"wp-block-image\">\n<figure class=\"aligncenter size-full is-resized\"><img data-recalc-dims=\"1\" loading=\"lazy\" decoding=\"async\" width=\"840\" height=\"519\" data-attachment-id=\"18066\" data-permalink=\"http:\/\/patrimoine-avesnois.fr\/chemin\/les-anciens-postes-de-douane-en-avesnois\/malplaquet-3\/\" data-orig-file=\"https:\/\/i0.wp.com\/patrimoine-avesnois.fr\/chemin\/wp-content\/uploads\/2023\/06\/Malplaquet.jpg?fit=937%2C579\" data-orig-size=\"937,579\" data-comments-opened=\"1\" data-image-meta=\"{&quot;aperture&quot;:&quot;0&quot;,&quot;credit&quot;:&quot;&quot;,&quot;camera&quot;:&quot;&quot;,&quot;caption&quot;:&quot;&quot;,&quot;created_timestamp&quot;:&quot;1685980664&quot;,&quot;copyright&quot;:&quot;&quot;,&quot;focal_length&quot;:&quot;0&quot;,&quot;iso&quot;:&quot;0&quot;,&quot;shutter_speed&quot;:&quot;0&quot;,&quot;title&quot;:&quot;&quot;,&quot;orientation&quot;:&quot;1&quot;}\" data-image-title=\"Malplaquet\" data-image-description=\"\" data-image-caption=\"\" data-large-file=\"https:\/\/i0.wp.com\/patrimoine-avesnois.fr\/chemin\/wp-content\/uploads\/2023\/06\/Malplaquet.jpg?fit=840%2C519\" src=\"https:\/\/i0.wp.com\/patrimoine-avesnois.fr\/chemin\/wp-content\/uploads\/2023\/06\/Malplaquet.jpg?resize=840%2C519&#038;ssl=1\" alt=\"\" class=\"wp-image-18066\" style=\"width:615px;height:380px\" srcset=\"https:\/\/i0.wp.com\/patrimoine-avesnois.fr\/chemin\/wp-content\/uploads\/2023\/06\/Malplaquet.jpg?w=937 937w, https:\/\/i0.wp.com\/patrimoine-avesnois.fr\/chemin\/wp-content\/uploads\/2023\/06\/Malplaquet.jpg?resize=300%2C185 300w, https:\/\/i0.wp.com\/patrimoine-avesnois.fr\/chemin\/wp-content\/uploads\/2023\/06\/Malplaquet.jpg?resize=768%2C475 768w\" sizes=\"auto, (max-width: 709px) 85vw, (max-width: 909px) 67vw, (max-width: 1362px) 62vw, 840px\" \/><figcaption class=\"wp-element-caption\">Poste de douane Taisni\u00e8res sur Hon Malplaquet<\/figcaption><\/figure>\n<\/div>\n\n\n<p>Ce poste de douane disposait vers 1850 d&rsquo;un receveur, un brigadier, un sous brigadier, un visiteur et des pr\u00e9pos\u00e9s<\/p>\n\n\n<div class=\"wp-block-image\">\n<figure class=\"aligncenter size-full is-resized\"><img data-recalc-dims=\"1\" loading=\"lazy\" decoding=\"async\" width=\"654\" height=\"476\" data-attachment-id=\"18067\" data-permalink=\"http:\/\/patrimoine-avesnois.fr\/chemin\/les-anciens-postes-de-douane-en-avesnois\/malplaquet1-3\/\" data-orig-file=\"https:\/\/i0.wp.com\/patrimoine-avesnois.fr\/chemin\/wp-content\/uploads\/2023\/06\/Malplaquet1.jpg?fit=654%2C476\" data-orig-size=\"654,476\" data-comments-opened=\"1\" data-image-meta=\"{&quot;aperture&quot;:&quot;0&quot;,&quot;credit&quot;:&quot;&quot;,&quot;camera&quot;:&quot;&quot;,&quot;caption&quot;:&quot;&quot;,&quot;created_timestamp&quot;:&quot;1685980714&quot;,&quot;copyright&quot;:&quot;&quot;,&quot;focal_length&quot;:&quot;0&quot;,&quot;iso&quot;:&quot;0&quot;,&quot;shutter_speed&quot;:&quot;0&quot;,&quot;title&quot;:&quot;&quot;,&quot;orientation&quot;:&quot;1&quot;}\" data-image-title=\"Malplaquet1\" data-image-description=\"\" data-image-caption=\"\" data-large-file=\"https:\/\/i0.wp.com\/patrimoine-avesnois.fr\/chemin\/wp-content\/uploads\/2023\/06\/Malplaquet1.jpg?fit=654%2C476\" src=\"https:\/\/i0.wp.com\/patrimoine-avesnois.fr\/chemin\/wp-content\/uploads\/2023\/06\/Malplaquet1.jpg?resize=654%2C476&#038;ssl=1\" alt=\"\" class=\"wp-image-18067\" style=\"width:615px;height:448px\" srcset=\"https:\/\/i0.wp.com\/patrimoine-avesnois.fr\/chemin\/wp-content\/uploads\/2023\/06\/Malplaquet1.jpg?w=654 654w, https:\/\/i0.wp.com\/patrimoine-avesnois.fr\/chemin\/wp-content\/uploads\/2023\/06\/Malplaquet1.jpg?resize=300%2C218 300w\" sizes=\"auto, (max-width: 654px) 85vw, 654px\" \/><figcaption class=\"wp-element-caption\">Poste de douane Taisni\u00e8res sur Hon Malplaquet<\/figcaption><\/figure>\n<\/div>\n\n\n<div class=\"wp-block-jetpack-tiled-gallery aligncenter is-style-rectangular\"><div class=\"\"><div class=\"tiled-gallery__gallery\"><div class=\"tiled-gallery__row\"><div class=\"tiled-gallery__col\" style=\"flex-basis:49.95272%\"><figure class=\"tiled-gallery__item\"><img decoding=\"async\" data-attachment-id=\"18071\" data-permalink=\"http:\/\/patrimoine-avesnois.fr\/chemin\/les-anciens-postes-de-douane-en-avesnois\/malplaquet-2009-04\/\" data-orig-file=\"https:\/\/i0.wp.com\/patrimoine-avesnois.fr\/chemin\/wp-content\/uploads\/2023\/06\/Malplaquet-2009-04.jpg?fit=474%2C356\" data-orig-size=\"474,356\" data-comments-opened=\"1\" data-image-meta=\"{&quot;aperture&quot;:&quot;0&quot;,&quot;credit&quot;:&quot;CARRE&quot;,&quot;camera&quot;:&quot;&quot;,&quot;caption&quot;:&quot;&quot;,&quot;created_timestamp&quot;:&quot;1685983702&quot;,&quot;copyright&quot;:&quot;&quot;,&quot;focal_length&quot;:&quot;0&quot;,&quot;iso&quot;:&quot;0&quot;,&quot;shutter_speed&quot;:&quot;0&quot;,&quot;title&quot;:&quot;&quot;,&quot;orientation&quot;:&quot;1&quot;}\" data-image-title=\"Malplaquet-2009-04\" data-image-description=\"\" data-image-caption=\"\" data-large-file=\"https:\/\/i0.wp.com\/patrimoine-avesnois.fr\/chemin\/wp-content\/uploads\/2023\/06\/Malplaquet-2009-04.jpg?fit=474%2C356\" data-attachment-id=\"18071\" data-permalink=\"http:\/\/patrimoine-avesnois.fr\/chemin\/les-anciens-postes-de-douane-en-avesnois\/malplaquet-2009-04\/\" data-orig-file=\"https:\/\/i0.wp.com\/patrimoine-avesnois.fr\/chemin\/wp-content\/uploads\/2023\/06\/Malplaquet-2009-04.jpg?fit=474%2C356\" data-orig-size=\"474,356\" data-comments-opened=\"1\" data-image-meta=\"{&quot;aperture&quot;:&quot;0&quot;,&quot;credit&quot;:&quot;CARRE&quot;,&quot;camera&quot;:&quot;&quot;,&quot;caption&quot;:&quot;&quot;,&quot;created_timestamp&quot;:&quot;1685983702&quot;,&quot;copyright&quot;:&quot;&quot;,&quot;focal_length&quot;:&quot;0&quot;,&quot;iso&quot;:&quot;0&quot;,&quot;shutter_speed&quot;:&quot;0&quot;,&quot;title&quot;:&quot;&quot;,&quot;orientation&quot;:&quot;1&quot;}\" data-image-title=\"Malplaquet-2009-04\" data-image-description=\"\" data-image-caption=\"\" data-large-file=\"https:\/\/i0.wp.com\/patrimoine-avesnois.fr\/chemin\/wp-content\/uploads\/2023\/06\/Malplaquet-2009-04.jpg?fit=474%2C356\" role=\"button\" tabindex=\"0\" aria-label=\"Ouvrir l\u2019image 1 sur 2 en plein \u00e9cran\"srcset=\"https:\/\/i1.wp.com\/patrimoine-avesnois.fr\/chemin\/wp-content\/uploads\/2023\/06\/Malplaquet-2009-04.jpg?strip=info&#038;w=474&#038;ssl=1 474w\" alt=\"\" data-height=\"356\" data-id=\"18071\" data-link=\"https:\/\/patrimoine-avesnois.fr\/chemin\/les-anciens-postes-de-douane-en-avesnois\/malplaquet-2009-04\/\" data-url=\"https:\/\/patrimoine-avesnois.fr\/chemin\/wp-content\/uploads\/2023\/06\/Malplaquet-2009-04.jpg\" data-width=\"474\" src=\"https:\/\/i1.wp.com\/patrimoine-avesnois.fr\/chemin\/wp-content\/uploads\/2023\/06\/Malplaquet-2009-04.jpg?ssl=1\" data-amp-layout=\"responsive\" tabindex=\"0\" role=\"button\" aria-label=\"Ouvrir l\u2019image 1 sur 2 en plein \u00e9cran\"\/><\/figure><\/div><div class=\"tiled-gallery__col\" style=\"flex-basis:50.04728%\"><figure class=\"tiled-gallery__item\"><img decoding=\"async\" data-attachment-id=\"18072\" data-permalink=\"http:\/\/patrimoine-avesnois.fr\/chemin\/les-anciens-postes-de-douane-en-avesnois\/malplaquet-2009\/\" data-orig-file=\"https:\/\/i0.wp.com\/patrimoine-avesnois.fr\/chemin\/wp-content\/uploads\/2023\/06\/Malplaquet-2009.jpg?fit=675%2C506\" data-orig-size=\"675,506\" data-comments-opened=\"1\" data-image-meta=\"{&quot;aperture&quot;:&quot;0&quot;,&quot;credit&quot;:&quot;CARRE&quot;,&quot;camera&quot;:&quot;&quot;,&quot;caption&quot;:&quot;&quot;,&quot;created_timestamp&quot;:&quot;1685983615&quot;,&quot;copyright&quot;:&quot;&quot;,&quot;focal_length&quot;:&quot;0&quot;,&quot;iso&quot;:&quot;0&quot;,&quot;shutter_speed&quot;:&quot;0&quot;,&quot;title&quot;:&quot;&quot;,&quot;orientation&quot;:&quot;1&quot;}\" data-image-title=\"Malplaquet-2009\" data-image-description=\"\" data-image-caption=\"\" data-large-file=\"https:\/\/i0.wp.com\/patrimoine-avesnois.fr\/chemin\/wp-content\/uploads\/2023\/06\/Malplaquet-2009.jpg?fit=675%2C506\" data-attachment-id=\"18072\" data-permalink=\"http:\/\/patrimoine-avesnois.fr\/chemin\/les-anciens-postes-de-douane-en-avesnois\/malplaquet-2009\/\" data-orig-file=\"https:\/\/i0.wp.com\/patrimoine-avesnois.fr\/chemin\/wp-content\/uploads\/2023\/06\/Malplaquet-2009.jpg?fit=675%2C506\" data-orig-size=\"675,506\" data-comments-opened=\"1\" data-image-meta=\"{&quot;aperture&quot;:&quot;0&quot;,&quot;credit&quot;:&quot;CARRE&quot;,&quot;camera&quot;:&quot;&quot;,&quot;caption&quot;:&quot;&quot;,&quot;created_timestamp&quot;:&quot;1685983615&quot;,&quot;copyright&quot;:&quot;&quot;,&quot;focal_length&quot;:&quot;0&quot;,&quot;iso&quot;:&quot;0&quot;,&quot;shutter_speed&quot;:&quot;0&quot;,&quot;title&quot;:&quot;&quot;,&quot;orientation&quot;:&quot;1&quot;}\" data-image-title=\"Malplaquet-2009\" data-image-description=\"\" data-image-caption=\"\" data-large-file=\"https:\/\/i0.wp.com\/patrimoine-avesnois.fr\/chemin\/wp-content\/uploads\/2023\/06\/Malplaquet-2009.jpg?fit=675%2C506\" role=\"button\" tabindex=\"0\" aria-label=\"Ouvrir l\u2019image 2 sur 2 en plein \u00e9cran\"srcset=\"https:\/\/i0.wp.com\/patrimoine-avesnois.fr\/chemin\/wp-content\/uploads\/2023\/06\/Malplaquet-2009.jpg?strip=info&#038;w=600&#038;ssl=1 600w,https:\/\/i0.wp.com\/patrimoine-avesnois.fr\/chemin\/wp-content\/uploads\/2023\/06\/Malplaquet-2009.jpg?strip=info&#038;w=675&#038;ssl=1 675w\" alt=\"\" data-height=\"506\" data-id=\"18072\" data-link=\"https:\/\/patrimoine-avesnois.fr\/chemin\/les-anciens-postes-de-douane-en-avesnois\/malplaquet-2009\/\" data-url=\"https:\/\/patrimoine-avesnois.fr\/chemin\/wp-content\/uploads\/2023\/06\/Malplaquet-2009.jpg\" data-width=\"675\" src=\"https:\/\/i0.wp.com\/patrimoine-avesnois.fr\/chemin\/wp-content\/uploads\/2023\/06\/Malplaquet-2009.jpg?ssl=1\" data-amp-layout=\"responsive\" tabindex=\"0\" role=\"button\" aria-label=\"Ouvrir l\u2019image 2 sur 2 en plein \u00e9cran\"\/><\/figure><\/div><\/div><\/div><\/div><\/div>\n\n\n\n<div class=\"wp-block-media-text alignwide is-stacked-on-mobile\"><figure class=\"wp-block-media-text__media\"><img data-recalc-dims=\"1\" loading=\"lazy\" decoding=\"async\" width=\"650\" height=\"416\" data-attachment-id=\"18076\" data-permalink=\"http:\/\/patrimoine-avesnois.fr\/chemin\/les-anciens-postes-de-douane-en-avesnois\/malplaquet-2018\/\" data-orig-file=\"https:\/\/i0.wp.com\/patrimoine-avesnois.fr\/chemin\/wp-content\/uploads\/2023\/06\/malplaquet-2018.jpg?fit=650%2C416\" data-orig-size=\"650,416\" data-comments-opened=\"1\" data-image-meta=\"{&quot;aperture&quot;:&quot;0&quot;,&quot;credit&quot;:&quot;CARRE&quot;,&quot;camera&quot;:&quot;&quot;,&quot;caption&quot;:&quot;&quot;,&quot;created_timestamp&quot;:&quot;1685984795&quot;,&quot;copyright&quot;:&quot;&quot;,&quot;focal_length&quot;:&quot;0&quot;,&quot;iso&quot;:&quot;0&quot;,&quot;shutter_speed&quot;:&quot;0&quot;,&quot;title&quot;:&quot;&quot;,&quot;orientation&quot;:&quot;0&quot;}\" data-image-title=\"malplaquet-2018\" data-image-description=\"\" data-image-caption=\"\" data-large-file=\"https:\/\/i0.wp.com\/patrimoine-avesnois.fr\/chemin\/wp-content\/uploads\/2023\/06\/malplaquet-2018.jpg?fit=650%2C416\" src=\"https:\/\/i0.wp.com\/patrimoine-avesnois.fr\/chemin\/wp-content\/uploads\/2023\/06\/malplaquet-2018.jpg?resize=650%2C416&#038;ssl=1\" alt=\"\" class=\"wp-image-18076 size-full\" srcset=\"https:\/\/i0.wp.com\/patrimoine-avesnois.fr\/chemin\/wp-content\/uploads\/2023\/06\/malplaquet-2018.jpg?w=650 650w, https:\/\/i0.wp.com\/patrimoine-avesnois.fr\/chemin\/wp-content\/uploads\/2023\/06\/malplaquet-2018.jpg?resize=300%2C192 300w\" sizes=\"auto, (max-width: 650px) 85vw, 650px\" \/><\/figure><div class=\"wp-block-media-text__content\">\n<p>Au carrefour de la chauss\u00e9e Brunehaut et de la rue de Mons, \u00e0 Taisni\u00e8res-sur-Hon, l\u2019ancien poste de douane a d\u00e9finitivement disparu le mercredi 31 juillet 2013.<\/p>\n<\/div><\/div>\n\n\n\n<div class=\"wp-block-media-text alignwide is-stacked-on-mobile\"><figure class=\"wp-block-media-text__media\"><img data-recalc-dims=\"1\" loading=\"lazy\" decoding=\"async\" width=\"503\" height=\"303\" data-attachment-id=\"18070\" data-permalink=\"http:\/\/patrimoine-avesnois.fr\/chemin\/les-anciens-postes-de-douane-en-avesnois\/malplaquet2\/\" data-orig-file=\"https:\/\/i0.wp.com\/patrimoine-avesnois.fr\/chemin\/wp-content\/uploads\/2023\/06\/Malplaquet2.jpg?fit=503%2C303\" data-orig-size=\"503,303\" data-comments-opened=\"1\" data-image-meta=\"{&quot;aperture&quot;:&quot;0&quot;,&quot;credit&quot;:&quot;CARRE&quot;,&quot;camera&quot;:&quot;&quot;,&quot;caption&quot;:&quot;&quot;,&quot;created_timestamp&quot;:&quot;1685982863&quot;,&quot;copyright&quot;:&quot;&quot;,&quot;focal_length&quot;:&quot;0&quot;,&quot;iso&quot;:&quot;0&quot;,&quot;shutter_speed&quot;:&quot;0&quot;,&quot;title&quot;:&quot;&quot;,&quot;orientation&quot;:&quot;0&quot;}\" data-image-title=\"Malplaquet2\" data-image-description=\"\" data-image-caption=\"\" data-large-file=\"https:\/\/i0.wp.com\/patrimoine-avesnois.fr\/chemin\/wp-content\/uploads\/2023\/06\/Malplaquet2.jpg?fit=503%2C303\" src=\"https:\/\/i0.wp.com\/patrimoine-avesnois.fr\/chemin\/wp-content\/uploads\/2023\/06\/Malplaquet2.jpg?resize=503%2C303&#038;ssl=1\" alt=\"\" class=\"wp-image-18070 size-full\" srcset=\"https:\/\/i0.wp.com\/patrimoine-avesnois.fr\/chemin\/wp-content\/uploads\/2023\/06\/Malplaquet2.jpg?w=503 503w, https:\/\/i0.wp.com\/patrimoine-avesnois.fr\/chemin\/wp-content\/uploads\/2023\/06\/Malplaquet2.jpg?resize=300%2C181 300w\" sizes=\"auto, (max-width: 503px) 85vw, 503px\" \/><\/figure><div class=\"wp-block-media-text__content\">\n<p>A la place, un carrefour o\u00f9 des \u00e9lus de la commune et des habitants se sont mobilis\u00e9s pour planter diverses esp\u00e8ces v\u00e9g\u00e9tales en 2014.                              <a rel=\"noreferrer noopener\" href=\"https:\/\/www.google.fr\/maps\/@50.3167516,3.8659809,3a,90y,224.93h,81.34t\/data=!3m6!1e1!3m4!1s2Jmlh03lPms0qTCbSJ3Zog!2e0!7i16384!8i8192?entry=ttu\" data-type=\"URL\" data-id=\"https:\/\/www.google.fr\/maps\/@50.3167516,3.8659809,3a,90y,224.93h,81.34t\/data=!3m6!1e1!3m4!1s2Jmlh03lPms0qTCbSJ3Zog!2e0!7i16384!8i8192?entry=ttu\" target=\"_blank\">D 932 X D 105 X VC Brunehaut<\/a><\/p>\n<\/div><\/div>\n\n\n\n<p class=\"has-bright-red-color has-text-color\">Gognies-Chauss\u00e9e<\/p>\n\n\n\n<p>Le poste de douane se tenait au lieu-dit le <strong>\u00ab<\/strong> Bois Bourdon <strong>\u00bb<\/strong>, \u00e0 l&rsquo;actuelle intersection de la route de Mons Maubeuge et de la chauss\u00e9e Brunehaut (rue du Roi Albert &nbsp;Ier).<\/p>\n\n\n\n<div class=\"wp-block-jetpack-tiled-gallery aligncenter is-style-rectangular\"><div class=\"\"><div class=\"tiled-gallery__gallery\"><div class=\"tiled-gallery__row\"><div class=\"tiled-gallery__col\" style=\"flex-basis:49.31884%\"><figure class=\"tiled-gallery__item\"><img decoding=\"async\" data-attachment-id=\"18080\" data-permalink=\"http:\/\/patrimoine-avesnois.fr\/chemin\/les-anciens-postes-de-douane-en-avesnois\/gognies-chaussee-1\/\" data-orig-file=\"https:\/\/i0.wp.com\/patrimoine-avesnois.fr\/chemin\/wp-content\/uploads\/2023\/06\/Gognies-Chaussee-1.jpg?fit=664%2C425\" data-orig-size=\"664,425\" data-comments-opened=\"1\" data-image-meta=\"{&quot;aperture&quot;:&quot;0&quot;,&quot;credit&quot;:&quot;&quot;,&quot;camera&quot;:&quot;&quot;,&quot;caption&quot;:&quot;&quot;,&quot;created_timestamp&quot;:&quot;1685986078&quot;,&quot;copyright&quot;:&quot;&quot;,&quot;focal_length&quot;:&quot;0&quot;,&quot;iso&quot;:&quot;0&quot;,&quot;shutter_speed&quot;:&quot;0&quot;,&quot;title&quot;:&quot;&quot;,&quot;orientation&quot;:&quot;1&quot;}\" data-image-title=\"Gognies-Chaussee-1\" data-image-description=\"\" data-image-caption=\"\" data-large-file=\"https:\/\/i0.wp.com\/patrimoine-avesnois.fr\/chemin\/wp-content\/uploads\/2023\/06\/Gognies-Chaussee-1.jpg?fit=664%2C425\" data-attachment-id=\"18080\" data-permalink=\"http:\/\/patrimoine-avesnois.fr\/chemin\/les-anciens-postes-de-douane-en-avesnois\/gognies-chaussee-1\/\" data-orig-file=\"https:\/\/i0.wp.com\/patrimoine-avesnois.fr\/chemin\/wp-content\/uploads\/2023\/06\/Gognies-Chaussee-1.jpg?fit=664%2C425\" data-orig-size=\"664,425\" data-comments-opened=\"1\" data-image-meta=\"{&quot;aperture&quot;:&quot;0&quot;,&quot;credit&quot;:&quot;&quot;,&quot;camera&quot;:&quot;&quot;,&quot;caption&quot;:&quot;&quot;,&quot;created_timestamp&quot;:&quot;1685986078&quot;,&quot;copyright&quot;:&quot;&quot;,&quot;focal_length&quot;:&quot;0&quot;,&quot;iso&quot;:&quot;0&quot;,&quot;shutter_speed&quot;:&quot;0&quot;,&quot;title&quot;:&quot;&quot;,&quot;orientation&quot;:&quot;1&quot;}\" data-image-title=\"Gognies-Chaussee-1\" data-image-description=\"\" data-image-caption=\"\" data-large-file=\"https:\/\/i0.wp.com\/patrimoine-avesnois.fr\/chemin\/wp-content\/uploads\/2023\/06\/Gognies-Chaussee-1.jpg?fit=664%2C425\" role=\"button\" tabindex=\"0\" aria-label=\"Ouvrir l\u2019image 1 sur 2 en plein \u00e9cran\"srcset=\"https:\/\/i0.wp.com\/patrimoine-avesnois.fr\/chemin\/wp-content\/uploads\/2023\/06\/Gognies-Chaussee-1.jpg?strip=info&#038;w=600&#038;ssl=1 600w,https:\/\/i0.wp.com\/patrimoine-avesnois.fr\/chemin\/wp-content\/uploads\/2023\/06\/Gognies-Chaussee-1.jpg?strip=info&#038;w=664&#038;ssl=1 664w\" alt=\"\" data-height=\"425\" data-id=\"18080\" data-link=\"https:\/\/patrimoine-avesnois.fr\/chemin\/les-anciens-postes-de-douane-en-avesnois\/gognies-chaussee-1\/\" data-url=\"https:\/\/patrimoine-avesnois.fr\/chemin\/wp-content\/uploads\/2023\/06\/Gognies-Chaussee-1.jpg\" data-width=\"664\" src=\"https:\/\/i0.wp.com\/patrimoine-avesnois.fr\/chemin\/wp-content\/uploads\/2023\/06\/Gognies-Chaussee-1.jpg?ssl=1\" data-amp-layout=\"responsive\" tabindex=\"0\" role=\"button\" aria-label=\"Ouvrir l\u2019image 1 sur 2 en plein \u00e9cran\"\/><\/figure><\/div><div class=\"tiled-gallery__col\" style=\"flex-basis:50.68116%\"><figure class=\"tiled-gallery__item\"><img decoding=\"async\" data-attachment-id=\"18081\" data-permalink=\"http:\/\/patrimoine-avesnois.fr\/chemin\/les-anciens-postes-de-douane-en-avesnois\/gognies-chaussee1-1\/\" data-orig-file=\"https:\/\/i0.wp.com\/patrimoine-avesnois.fr\/chemin\/wp-content\/uploads\/2023\/06\/gognies-Chaussee1-1.jpg?fit=448%2C279\" data-orig-size=\"448,279\" data-comments-opened=\"1\" data-image-meta=\"{&quot;aperture&quot;:&quot;0&quot;,&quot;credit&quot;:&quot;domi&quot;,&quot;camera&quot;:&quot;&quot;,&quot;caption&quot;:&quot;&quot;,&quot;created_timestamp&quot;:&quot;1353183586&quot;,&quot;copyright&quot;:&quot;&quot;,&quot;focal_length&quot;:&quot;0&quot;,&quot;iso&quot;:&quot;0&quot;,&quot;shutter_speed&quot;:&quot;0&quot;,&quot;title&quot;:&quot;&quot;,&quot;orientation&quot;:&quot;1&quot;}\" data-image-title=\"gognies-Chaussee1-1\" data-image-description=\"\" data-image-caption=\"\" data-large-file=\"https:\/\/i0.wp.com\/patrimoine-avesnois.fr\/chemin\/wp-content\/uploads\/2023\/06\/gognies-Chaussee1-1.jpg?fit=448%2C279\" data-attachment-id=\"18081\" data-permalink=\"http:\/\/patrimoine-avesnois.fr\/chemin\/les-anciens-postes-de-douane-en-avesnois\/gognies-chaussee1-1\/\" data-orig-file=\"https:\/\/i0.wp.com\/patrimoine-avesnois.fr\/chemin\/wp-content\/uploads\/2023\/06\/gognies-Chaussee1-1.jpg?fit=448%2C279\" data-orig-size=\"448,279\" data-comments-opened=\"1\" data-image-meta=\"{&quot;aperture&quot;:&quot;0&quot;,&quot;credit&quot;:&quot;domi&quot;,&quot;camera&quot;:&quot;&quot;,&quot;caption&quot;:&quot;&quot;,&quot;created_timestamp&quot;:&quot;1353183586&quot;,&quot;copyright&quot;:&quot;&quot;,&quot;focal_length&quot;:&quot;0&quot;,&quot;iso&quot;:&quot;0&quot;,&quot;shutter_speed&quot;:&quot;0&quot;,&quot;title&quot;:&quot;&quot;,&quot;orientation&quot;:&quot;1&quot;}\" data-image-title=\"gognies-Chaussee1-1\" data-image-description=\"\" data-image-caption=\"\" data-large-file=\"https:\/\/i0.wp.com\/patrimoine-avesnois.fr\/chemin\/wp-content\/uploads\/2023\/06\/gognies-Chaussee1-1.jpg?fit=448%2C279\" role=\"button\" tabindex=\"0\" aria-label=\"Ouvrir l\u2019image 2 sur 2 en plein \u00e9cran\"srcset=\"https:\/\/i0.wp.com\/patrimoine-avesnois.fr\/chemin\/wp-content\/uploads\/2023\/06\/gognies-Chaussee1-1.jpg?strip=info&#038;w=448&#038;ssl=1 448w\" alt=\"\" data-height=\"279\" data-id=\"18081\" data-link=\"https:\/\/patrimoine-avesnois.fr\/chemin\/les-anciens-postes-de-douane-en-avesnois\/gognies-chaussee1-1\/\" data-url=\"https:\/\/patrimoine-avesnois.fr\/chemin\/wp-content\/uploads\/2023\/06\/gognies-Chaussee1-1.jpg\" data-width=\"448\" src=\"https:\/\/i0.wp.com\/patrimoine-avesnois.fr\/chemin\/wp-content\/uploads\/2023\/06\/gognies-Chaussee1-1.jpg?ssl=1\" data-amp-layout=\"responsive\" tabindex=\"0\" role=\"button\" aria-label=\"Ouvrir l\u2019image 2 sur 2 en plein \u00e9cran\"\/><\/figure><\/div><\/div><\/div><\/div><\/div>\n\n\n<div class=\"wp-block-image\">\n<figure class=\"aligncenter size-full is-resized\"><img data-recalc-dims=\"1\" loading=\"lazy\" decoding=\"async\" width=\"840\" height=\"569\" data-attachment-id=\"18082\" data-permalink=\"http:\/\/patrimoine-avesnois.fr\/chemin\/les-anciens-postes-de-douane-en-avesnois\/gognies-chaussee2\/\" data-orig-file=\"https:\/\/i0.wp.com\/patrimoine-avesnois.fr\/chemin\/wp-content\/uploads\/2023\/06\/Gognies-Chaussee2.jpg?fit=987%2C668\" data-orig-size=\"987,668\" data-comments-opened=\"1\" data-image-meta=\"{&quot;aperture&quot;:&quot;0&quot;,&quot;credit&quot;:&quot;&quot;,&quot;camera&quot;:&quot;&quot;,&quot;caption&quot;:&quot;&quot;,&quot;created_timestamp&quot;:&quot;1685986528&quot;,&quot;copyright&quot;:&quot;&quot;,&quot;focal_length&quot;:&quot;0&quot;,&quot;iso&quot;:&quot;0&quot;,&quot;shutter_speed&quot;:&quot;0&quot;,&quot;title&quot;:&quot;&quot;,&quot;orientation&quot;:&quot;1&quot;}\" data-image-title=\"Gognies-Chaussee2\" data-image-description=\"\" data-image-caption=\"\" data-large-file=\"https:\/\/i0.wp.com\/patrimoine-avesnois.fr\/chemin\/wp-content\/uploads\/2023\/06\/Gognies-Chaussee2.jpg?fit=840%2C569\" src=\"https:\/\/i0.wp.com\/patrimoine-avesnois.fr\/chemin\/wp-content\/uploads\/2023\/06\/Gognies-Chaussee2.jpg?resize=840%2C569&#038;ssl=1\" alt=\"\" class=\"wp-image-18082\" style=\"width:615px;height:416px\" srcset=\"https:\/\/i0.wp.com\/patrimoine-avesnois.fr\/chemin\/wp-content\/uploads\/2023\/06\/Gognies-Chaussee2.jpg?w=987 987w, https:\/\/i0.wp.com\/patrimoine-avesnois.fr\/chemin\/wp-content\/uploads\/2023\/06\/Gognies-Chaussee2.jpg?resize=300%2C203 300w, https:\/\/i0.wp.com\/patrimoine-avesnois.fr\/chemin\/wp-content\/uploads\/2023\/06\/Gognies-Chaussee2.jpg?resize=768%2C520 768w\" sizes=\"auto, (max-width: 709px) 85vw, (max-width: 909px) 67vw, (max-width: 1362px) 62vw, 840px\" \/><figcaption class=\"wp-element-caption\">Poste de douane Gognies Chauss\u00e9e<\/figcaption><\/figure>\n<\/div>\n\n\n<p>Voici ci dessous trois cartes postales de la m\u00eame fronti\u00e8re mais c\u00f4t\u00e9 belge :<\/p>\n\n\n<div class=\"wp-block-image\">\n<figure class=\"aligncenter size-full is-resized\"><img data-recalc-dims=\"1\" loading=\"lazy\" decoding=\"async\" width=\"840\" height=\"506\" data-attachment-id=\"18083\" data-permalink=\"http:\/\/patrimoine-avesnois.fr\/chemin\/les-anciens-postes-de-douane-en-avesnois\/havay3\/\" data-orig-file=\"https:\/\/i0.wp.com\/patrimoine-avesnois.fr\/chemin\/wp-content\/uploads\/2023\/06\/Havay3.jpg?fit=951%2C573\" data-orig-size=\"951,573\" data-comments-opened=\"1\" data-image-meta=\"{&quot;aperture&quot;:&quot;0&quot;,&quot;credit&quot;:&quot;&quot;,&quot;camera&quot;:&quot;&quot;,&quot;caption&quot;:&quot;&quot;,&quot;created_timestamp&quot;:&quot;1685986940&quot;,&quot;copyright&quot;:&quot;&quot;,&quot;focal_length&quot;:&quot;0&quot;,&quot;iso&quot;:&quot;0&quot;,&quot;shutter_speed&quot;:&quot;0&quot;,&quot;title&quot;:&quot;&quot;,&quot;orientation&quot;:&quot;1&quot;}\" data-image-title=\"Havay3\" data-image-description=\"\" data-image-caption=\"\" data-large-file=\"https:\/\/i0.wp.com\/patrimoine-avesnois.fr\/chemin\/wp-content\/uploads\/2023\/06\/Havay3.jpg?fit=840%2C506\" src=\"https:\/\/i0.wp.com\/patrimoine-avesnois.fr\/chemin\/wp-content\/uploads\/2023\/06\/Havay3.jpg?resize=840%2C506&#038;ssl=1\" alt=\"\" class=\"wp-image-18083\" style=\"width:615px;height:370px\" srcset=\"https:\/\/i0.wp.com\/patrimoine-avesnois.fr\/chemin\/wp-content\/uploads\/2023\/06\/Havay3.jpg?w=951 951w, https:\/\/i0.wp.com\/patrimoine-avesnois.fr\/chemin\/wp-content\/uploads\/2023\/06\/Havay3.jpg?resize=300%2C181 300w, https:\/\/i0.wp.com\/patrimoine-avesnois.fr\/chemin\/wp-content\/uploads\/2023\/06\/Havay3.jpg?resize=768%2C463 768w\" sizes=\"auto, (max-width: 709px) 85vw, (max-width: 909px) 67vw, (max-width: 1362px) 62vw, 840px\" \/><figcaption class=\"wp-element-caption\">Fronti\u00e8re Bois Bourdon Havay<\/figcaption><\/figure>\n<\/div>\n\n<div class=\"wp-block-image\">\n<figure class=\"aligncenter size-large is-resized\"><img data-recalc-dims=\"1\" loading=\"lazy\" decoding=\"async\" width=\"840\" height=\"533\" data-attachment-id=\"18085\" data-permalink=\"http:\/\/patrimoine-avesnois.fr\/chemin\/les-anciens-postes-de-douane-en-avesnois\/havay1\/\" data-orig-file=\"https:\/\/i0.wp.com\/patrimoine-avesnois.fr\/chemin\/wp-content\/uploads\/2023\/06\/Havay1.jpg?fit=1298%2C824\" data-orig-size=\"1298,824\" data-comments-opened=\"1\" data-image-meta=\"{&quot;aperture&quot;:&quot;0&quot;,&quot;credit&quot;:&quot;&quot;,&quot;camera&quot;:&quot;&quot;,&quot;caption&quot;:&quot;&quot;,&quot;created_timestamp&quot;:&quot;1685986846&quot;,&quot;copyright&quot;:&quot;&quot;,&quot;focal_length&quot;:&quot;0&quot;,&quot;iso&quot;:&quot;0&quot;,&quot;shutter_speed&quot;:&quot;0&quot;,&quot;title&quot;:&quot;&quot;,&quot;orientation&quot;:&quot;1&quot;}\" data-image-title=\"Havay1\" data-image-description=\"\" data-image-caption=\"\" data-large-file=\"https:\/\/i0.wp.com\/patrimoine-avesnois.fr\/chemin\/wp-content\/uploads\/2023\/06\/Havay1.jpg?fit=840%2C533\" src=\"https:\/\/i0.wp.com\/patrimoine-avesnois.fr\/chemin\/wp-content\/uploads\/2023\/06\/Havay1-1024x650.jpg?resize=840%2C533&#038;ssl=1\" alt=\"\" class=\"wp-image-18085\" style=\"width:615px;height:390px\" srcset=\"https:\/\/i0.wp.com\/patrimoine-avesnois.fr\/chemin\/wp-content\/uploads\/2023\/06\/Havay1.jpg?resize=1024%2C650 1024w, https:\/\/i0.wp.com\/patrimoine-avesnois.fr\/chemin\/wp-content\/uploads\/2023\/06\/Havay1.jpg?resize=300%2C190 300w, https:\/\/i0.wp.com\/patrimoine-avesnois.fr\/chemin\/wp-content\/uploads\/2023\/06\/Havay1.jpg?resize=768%2C488 768w, https:\/\/i0.wp.com\/patrimoine-avesnois.fr\/chemin\/wp-content\/uploads\/2023\/06\/Havay1.jpg?resize=1200%2C762 1200w, https:\/\/i0.wp.com\/patrimoine-avesnois.fr\/chemin\/wp-content\/uploads\/2023\/06\/Havay1.jpg?w=1298 1298w\" sizes=\"auto, (max-width: 709px) 85vw, (max-width: 909px) 67vw, (max-width: 1362px) 62vw, 840px\" \/><\/figure>\n<\/div>\n\n<div class=\"wp-block-image\">\n<figure class=\"aligncenter size-full is-resized\"><img data-recalc-dims=\"1\" loading=\"lazy\" decoding=\"async\" width=\"840\" height=\"507\" data-attachment-id=\"18088\" data-permalink=\"http:\/\/patrimoine-avesnois.fr\/chemin\/les-anciens-postes-de-douane-en-avesnois\/havay2-2\/\" data-orig-file=\"https:\/\/i0.wp.com\/patrimoine-avesnois.fr\/chemin\/wp-content\/uploads\/2023\/06\/Havay2-2.jpg?fit=884%2C534\" data-orig-size=\"884,534\" data-comments-opened=\"1\" data-image-meta=\"{&quot;aperture&quot;:&quot;0&quot;,&quot;credit&quot;:&quot;&quot;,&quot;camera&quot;:&quot;&quot;,&quot;caption&quot;:&quot;&quot;,&quot;created_timestamp&quot;:&quot;1685986880&quot;,&quot;copyright&quot;:&quot;&quot;,&quot;focal_length&quot;:&quot;0&quot;,&quot;iso&quot;:&quot;0&quot;,&quot;shutter_speed&quot;:&quot;0&quot;,&quot;title&quot;:&quot;&quot;,&quot;orientation&quot;:&quot;1&quot;}\" data-image-title=\"Havay2-2\" data-image-description=\"\" data-image-caption=\"\" data-large-file=\"https:\/\/i0.wp.com\/patrimoine-avesnois.fr\/chemin\/wp-content\/uploads\/2023\/06\/Havay2-2.jpg?fit=840%2C507\" src=\"https:\/\/i0.wp.com\/patrimoine-avesnois.fr\/chemin\/wp-content\/uploads\/2023\/06\/Havay2-2.jpg?resize=840%2C507&#038;ssl=1\" alt=\"\" class=\"wp-image-18088\" style=\"width:615px;height:372px\" srcset=\"https:\/\/i0.wp.com\/patrimoine-avesnois.fr\/chemin\/wp-content\/uploads\/2023\/06\/Havay2-2.jpg?w=884 884w, https:\/\/i0.wp.com\/patrimoine-avesnois.fr\/chemin\/wp-content\/uploads\/2023\/06\/Havay2-2.jpg?resize=300%2C181 300w, https:\/\/i0.wp.com\/patrimoine-avesnois.fr\/chemin\/wp-content\/uploads\/2023\/06\/Havay2-2.jpg?resize=768%2C464 768w\" sizes=\"auto, (max-width: 709px) 85vw, (max-width: 909px) 67vw, (max-width: 1362px) 62vw, 840px\" \/><\/figure>\n<\/div>\n\n<div class=\"wp-block-image\">\n<figure class=\"aligncenter size-full is-resized\"><img data-recalc-dims=\"1\" loading=\"lazy\" decoding=\"async\" width=\"840\" height=\"630\" data-attachment-id=\"18086\" data-permalink=\"http:\/\/patrimoine-avesnois.fr\/chemin\/les-anciens-postes-de-douane-en-avesnois\/gognies-havay\/\" data-orig-file=\"https:\/\/i0.wp.com\/patrimoine-avesnois.fr\/chemin\/wp-content\/uploads\/2023\/06\/Gognies-Havay.jpg?fit=938%2C703\" data-orig-size=\"938,703\" data-comments-opened=\"1\" data-image-meta=\"{&quot;aperture&quot;:&quot;0&quot;,&quot;credit&quot;:&quot;CARRE&quot;,&quot;camera&quot;:&quot;&quot;,&quot;caption&quot;:&quot;&quot;,&quot;created_timestamp&quot;:&quot;1685987432&quot;,&quot;copyright&quot;:&quot;&quot;,&quot;focal_length&quot;:&quot;0&quot;,&quot;iso&quot;:&quot;0&quot;,&quot;shutter_speed&quot;:&quot;0&quot;,&quot;title&quot;:&quot;&quot;,&quot;orientation&quot;:&quot;1&quot;}\" data-image-title=\"Gognies-Havay\" data-image-description=\"\" data-image-caption=\"\" data-large-file=\"https:\/\/i0.wp.com\/patrimoine-avesnois.fr\/chemin\/wp-content\/uploads\/2023\/06\/Gognies-Havay.jpg?fit=840%2C630\" src=\"https:\/\/i0.wp.com\/patrimoine-avesnois.fr\/chemin\/wp-content\/uploads\/2023\/06\/Gognies-Havay.jpg?resize=840%2C630&#038;ssl=1\" alt=\"\" class=\"wp-image-18086\" style=\"width:615px;height:460px\" srcset=\"https:\/\/i0.wp.com\/patrimoine-avesnois.fr\/chemin\/wp-content\/uploads\/2023\/06\/Gognies-Havay.jpg?w=938 938w, https:\/\/i0.wp.com\/patrimoine-avesnois.fr\/chemin\/wp-content\/uploads\/2023\/06\/Gognies-Havay.jpg?resize=300%2C225 300w, https:\/\/i0.wp.com\/patrimoine-avesnois.fr\/chemin\/wp-content\/uploads\/2023\/06\/Gognies-Havay.jpg?resize=768%2C576 768w\" sizes=\"auto, (max-width: 709px) 85vw, (max-width: 909px) 67vw, (max-width: 1362px) 62vw, 840px\" \/><figcaption class=\"wp-element-caption\">Emplacement actuel de l&rsquo;actuelle douane Photo <a href=\"https:\/\/www.google.fr\/maps\/@50.3495817,3.9685093,3a,75y,8.71h,83t\/data=!3m6!1e1!3m4!1s6JnCUjq-OqKpR4BXFThGGg!2e0!7i16384!8i8192?entry=ttu\" data-type=\"URL\" data-id=\"https:\/\/www.google.fr\/maps\/@50.3495817,3.9685093,3a,75y,8.71h,83t\/data=!3m6!1e1!3m4!1s6JnCUjq-OqKpR4BXFThGGg!2e0!7i16384!8i8192?entry=ttu\" target=\"_blank\" rel=\"noreferrer noopener\">Google 2021<\/a><\/figcaption><\/figure>\n<\/div>\n\n\n<p class=\"has-bright-red-color has-text-color\"> Bettignies<\/p>\n\n\n<div class=\"wp-block-image\">\n<figure class=\"aligncenter size-large is-resized\"><img data-recalc-dims=\"1\" loading=\"lazy\" decoding=\"async\" width=\"840\" height=\"520\" data-attachment-id=\"18095\" data-permalink=\"http:\/\/patrimoine-avesnois.fr\/chemin\/les-anciens-postes-de-douane-en-avesnois\/bettignies3-1\/\" data-orig-file=\"https:\/\/i0.wp.com\/patrimoine-avesnois.fr\/chemin\/wp-content\/uploads\/2023\/06\/BETTIGNIES3-1.jpg?fit=1624%2C1006\" data-orig-size=\"1624,1006\" data-comments-opened=\"1\" data-image-meta=\"{&quot;aperture&quot;:&quot;0&quot;,&quot;credit&quot;:&quot;&quot;,&quot;camera&quot;:&quot;&quot;,&quot;caption&quot;:&quot;&quot;,&quot;created_timestamp&quot;:&quot;1685564438&quot;,&quot;copyright&quot;:&quot;&quot;,&quot;focal_length&quot;:&quot;0&quot;,&quot;iso&quot;:&quot;0&quot;,&quot;shutter_speed&quot;:&quot;0&quot;,&quot;title&quot;:&quot;&quot;,&quot;orientation&quot;:&quot;1&quot;}\" data-image-title=\"BETTIGNIES3-1\" data-image-description=\"\" data-image-caption=\"\" data-large-file=\"https:\/\/i0.wp.com\/patrimoine-avesnois.fr\/chemin\/wp-content\/uploads\/2023\/06\/BETTIGNIES3-1.jpg?fit=840%2C520\" src=\"https:\/\/i0.wp.com\/patrimoine-avesnois.fr\/chemin\/wp-content\/uploads\/2023\/06\/BETTIGNIES3-1-1024x634.jpg?resize=840%2C520&#038;ssl=1\" alt=\"\" class=\"wp-image-18095\" style=\"width:615px;height:382px\" srcset=\"https:\/\/i0.wp.com\/patrimoine-avesnois.fr\/chemin\/wp-content\/uploads\/2023\/06\/BETTIGNIES3-1.jpg?resize=1024%2C634 1024w, https:\/\/i0.wp.com\/patrimoine-avesnois.fr\/chemin\/wp-content\/uploads\/2023\/06\/BETTIGNIES3-1.jpg?resize=300%2C186 300w, https:\/\/i0.wp.com\/patrimoine-avesnois.fr\/chemin\/wp-content\/uploads\/2023\/06\/BETTIGNIES3-1.jpg?resize=768%2C476 768w, https:\/\/i0.wp.com\/patrimoine-avesnois.fr\/chemin\/wp-content\/uploads\/2023\/06\/BETTIGNIES3-1.jpg?resize=1536%2C951 1536w, https:\/\/i0.wp.com\/patrimoine-avesnois.fr\/chemin\/wp-content\/uploads\/2023\/06\/BETTIGNIES3-1.jpg?resize=1200%2C743 1200w, https:\/\/i0.wp.com\/patrimoine-avesnois.fr\/chemin\/wp-content\/uploads\/2023\/06\/BETTIGNIES3-1.jpg?w=1624 1624w\" sizes=\"auto, (max-width: 709px) 85vw, (max-width: 909px) 67vw, (max-width: 1362px) 62vw, 840px\" \/><figcaption class=\"wp-element-caption\">Bettignies la Douane Fran\u00e7aise<\/figcaption><\/figure>\n<\/div>\n\n<div class=\"wp-block-image\">\n<figure class=\"aligncenter size-large is-resized\"><img data-recalc-dims=\"1\" loading=\"lazy\" decoding=\"async\" width=\"840\" height=\"561\" data-attachment-id=\"18097\" data-permalink=\"http:\/\/patrimoine-avesnois.fr\/chemin\/les-anciens-postes-de-douane-en-avesnois\/bettignies4\/\" data-orig-file=\"https:\/\/i0.wp.com\/patrimoine-avesnois.fr\/chemin\/wp-content\/uploads\/2023\/06\/Bettignies4.jpg?fit=1433%2C957\" data-orig-size=\"1433,957\" data-comments-opened=\"1\" data-image-meta=\"{&quot;aperture&quot;:&quot;0&quot;,&quot;credit&quot;:&quot;&quot;,&quot;camera&quot;:&quot;&quot;,&quot;caption&quot;:&quot;&quot;,&quot;created_timestamp&quot;:&quot;1685565812&quot;,&quot;copyright&quot;:&quot;&quot;,&quot;focal_length&quot;:&quot;0&quot;,&quot;iso&quot;:&quot;0&quot;,&quot;shutter_speed&quot;:&quot;0&quot;,&quot;title&quot;:&quot;&quot;,&quot;orientation&quot;:&quot;1&quot;}\" data-image-title=\"Bettignies4\" data-image-description=\"\" data-image-caption=\"\" data-large-file=\"https:\/\/i0.wp.com\/patrimoine-avesnois.fr\/chemin\/wp-content\/uploads\/2023\/06\/Bettignies4.jpg?fit=840%2C561\" src=\"https:\/\/i0.wp.com\/patrimoine-avesnois.fr\/chemin\/wp-content\/uploads\/2023\/06\/Bettignies4-1024x684.jpg?resize=840%2C561&#038;ssl=1\" alt=\"\" class=\"wp-image-18097\" style=\"width:615px;height:410px\" srcset=\"https:\/\/i0.wp.com\/patrimoine-avesnois.fr\/chemin\/wp-content\/uploads\/2023\/06\/Bettignies4.jpg?resize=1024%2C684 1024w, https:\/\/i0.wp.com\/patrimoine-avesnois.fr\/chemin\/wp-content\/uploads\/2023\/06\/Bettignies4.jpg?resize=300%2C200 300w, https:\/\/i0.wp.com\/patrimoine-avesnois.fr\/chemin\/wp-content\/uploads\/2023\/06\/Bettignies4.jpg?resize=768%2C513 768w, https:\/\/i0.wp.com\/patrimoine-avesnois.fr\/chemin\/wp-content\/uploads\/2023\/06\/Bettignies4.jpg?resize=1200%2C801 1200w, https:\/\/i0.wp.com\/patrimoine-avesnois.fr\/chemin\/wp-content\/uploads\/2023\/06\/Bettignies4.jpg?w=1433 1433w\" sizes=\"auto, (max-width: 709px) 85vw, (max-width: 909px) 67vw, (max-width: 1362px) 62vw, 840px\" \/><\/figure>\n<\/div>\n\n<div class=\"wp-block-image\">\n<figure class=\"aligncenter size-full is-resized\"><img data-recalc-dims=\"1\" loading=\"lazy\" decoding=\"async\" width=\"840\" height=\"537\" data-attachment-id=\"18098\" data-permalink=\"http:\/\/patrimoine-avesnois.fr\/chemin\/les-anciens-postes-de-douane-en-avesnois\/bettignies-vers-1960\/\" data-orig-file=\"https:\/\/i0.wp.com\/patrimoine-avesnois.fr\/chemin\/wp-content\/uploads\/2023\/06\/BETTIGNIES-vers-1960.jpg?fit=1024%2C655\" data-orig-size=\"1024,655\" data-comments-opened=\"1\" data-image-meta=\"{&quot;aperture&quot;:&quot;0&quot;,&quot;credit&quot;:&quot;&quot;,&quot;camera&quot;:&quot;&quot;,&quot;caption&quot;:&quot;&quot;,&quot;created_timestamp&quot;:&quot;1686047540&quot;,&quot;copyright&quot;:&quot;&quot;,&quot;focal_length&quot;:&quot;0&quot;,&quot;iso&quot;:&quot;0&quot;,&quot;shutter_speed&quot;:&quot;0&quot;,&quot;title&quot;:&quot;&quot;,&quot;orientation&quot;:&quot;1&quot;}\" data-image-title=\"BETTIGNIES-vers-1960\" data-image-description=\"\" data-image-caption=\"\" data-large-file=\"https:\/\/i0.wp.com\/patrimoine-avesnois.fr\/chemin\/wp-content\/uploads\/2023\/06\/BETTIGNIES-vers-1960.jpg?fit=840%2C537\" src=\"https:\/\/i0.wp.com\/patrimoine-avesnois.fr\/chemin\/wp-content\/uploads\/2023\/06\/BETTIGNIES-vers-1960.jpg?resize=840%2C537&#038;ssl=1\" alt=\"\" class=\"wp-image-18098\" style=\"width:615px;height:395px\" srcset=\"https:\/\/i0.wp.com\/patrimoine-avesnois.fr\/chemin\/wp-content\/uploads\/2023\/06\/BETTIGNIES-vers-1960.jpg?w=1024 1024w, https:\/\/i0.wp.com\/patrimoine-avesnois.fr\/chemin\/wp-content\/uploads\/2023\/06\/BETTIGNIES-vers-1960.jpg?resize=300%2C192 300w, https:\/\/i0.wp.com\/patrimoine-avesnois.fr\/chemin\/wp-content\/uploads\/2023\/06\/BETTIGNIES-vers-1960.jpg?resize=768%2C491 768w\" sizes=\"auto, (max-width: 709px) 85vw, (max-width: 909px) 67vw, (max-width: 1362px) 62vw, 840px\" \/><figcaption class=\"wp-element-caption\">Bettignies : la Douane vers 1960<\/figcaption><\/figure>\n<\/div>\n\n<div class=\"wp-block-image\">\n<figure class=\"aligncenter size-full is-resized\"><img data-recalc-dims=\"1\" loading=\"lazy\" decoding=\"async\" width=\"840\" height=\"585\" data-attachment-id=\"18099\" data-permalink=\"http:\/\/patrimoine-avesnois.fr\/chemin\/les-anciens-postes-de-douane-en-avesnois\/bettignies5\/\" data-orig-file=\"https:\/\/i0.wp.com\/patrimoine-avesnois.fr\/chemin\/wp-content\/uploads\/2023\/06\/Bettignies5.jpg?fit=972%2C677\" data-orig-size=\"972,677\" data-comments-opened=\"1\" data-image-meta=\"{&quot;aperture&quot;:&quot;0&quot;,&quot;credit&quot;:&quot;&quot;,&quot;camera&quot;:&quot;&quot;,&quot;caption&quot;:&quot;&quot;,&quot;created_timestamp&quot;:&quot;1685566496&quot;,&quot;copyright&quot;:&quot;&quot;,&quot;focal_length&quot;:&quot;0&quot;,&quot;iso&quot;:&quot;0&quot;,&quot;shutter_speed&quot;:&quot;0&quot;,&quot;title&quot;:&quot;&quot;,&quot;orientation&quot;:&quot;1&quot;}\" data-image-title=\"Bettignies5\" data-image-description=\"\" data-image-caption=\"\" data-large-file=\"https:\/\/i0.wp.com\/patrimoine-avesnois.fr\/chemin\/wp-content\/uploads\/2023\/06\/Bettignies5.jpg?fit=840%2C585\" src=\"https:\/\/i0.wp.com\/patrimoine-avesnois.fr\/chemin\/wp-content\/uploads\/2023\/06\/Bettignies5.jpg?resize=840%2C585&#038;ssl=1\" alt=\"\" class=\"wp-image-18099\" style=\"width:615px;height:429px\" srcset=\"https:\/\/i0.wp.com\/patrimoine-avesnois.fr\/chemin\/wp-content\/uploads\/2023\/06\/Bettignies5.jpg?w=972 972w, https:\/\/i0.wp.com\/patrimoine-avesnois.fr\/chemin\/wp-content\/uploads\/2023\/06\/Bettignies5.jpg?resize=300%2C209 300w, https:\/\/i0.wp.com\/patrimoine-avesnois.fr\/chemin\/wp-content\/uploads\/2023\/06\/Bettignies5.jpg?resize=768%2C535 768w\" sizes=\"auto, (max-width: 709px) 85vw, (max-width: 909px) 67vw, (max-width: 1362px) 62vw, 840px\" \/><figcaption class=\"wp-element-caption\">Bettignies : la douane vue a\u00e9rienne vers 1950<\/figcaption><\/figure>\n<\/div>\n\n<div class=\"wp-block-image\">\n<figure class=\"aligncenter size-large is-resized\"><img data-recalc-dims=\"1\" loading=\"lazy\" decoding=\"async\" width=\"840\" height=\"525\" data-attachment-id=\"18100\" data-permalink=\"http:\/\/patrimoine-avesnois.fr\/chemin\/les-anciens-postes-de-douane-en-avesnois\/bettignies-2009\/\" data-orig-file=\"https:\/\/i0.wp.com\/patrimoine-avesnois.fr\/chemin\/wp-content\/uploads\/2023\/06\/Bettignies-2009.jpg?fit=1036%2C648\" data-orig-size=\"1036,648\" data-comments-opened=\"1\" data-image-meta=\"{&quot;aperture&quot;:&quot;0&quot;,&quot;credit&quot;:&quot;CARRE&quot;,&quot;camera&quot;:&quot;&quot;,&quot;caption&quot;:&quot;&quot;,&quot;created_timestamp&quot;:&quot;0&quot;,&quot;copyright&quot;:&quot;&quot;,&quot;focal_length&quot;:&quot;0&quot;,&quot;iso&quot;:&quot;0&quot;,&quot;shutter_speed&quot;:&quot;0&quot;,&quot;title&quot;:&quot;&quot;,&quot;orientation&quot;:&quot;1&quot;}\" data-image-title=\"Bettignies-2009\" data-image-description=\"\" data-image-caption=\"\" data-large-file=\"https:\/\/i0.wp.com\/patrimoine-avesnois.fr\/chemin\/wp-content\/uploads\/2023\/06\/Bettignies-2009.jpg?fit=840%2C525\" src=\"https:\/\/i0.wp.com\/patrimoine-avesnois.fr\/chemin\/wp-content\/uploads\/2023\/06\/Bettignies-2009-1024x640.jpg?resize=840%2C525&#038;ssl=1\" alt=\"\" class=\"wp-image-18100\" style=\"width:615px;height:385px\" srcset=\"https:\/\/i0.wp.com\/patrimoine-avesnois.fr\/chemin\/wp-content\/uploads\/2023\/06\/Bettignies-2009.jpg?resize=1024%2C640 1024w, https:\/\/i0.wp.com\/patrimoine-avesnois.fr\/chemin\/wp-content\/uploads\/2023\/06\/Bettignies-2009.jpg?resize=300%2C188 300w, https:\/\/i0.wp.com\/patrimoine-avesnois.fr\/chemin\/wp-content\/uploads\/2023\/06\/Bettignies-2009.jpg?resize=768%2C480 768w, https:\/\/i0.wp.com\/patrimoine-avesnois.fr\/chemin\/wp-content\/uploads\/2023\/06\/Bettignies-2009.jpg?w=1036 1036w\" sizes=\"auto, (max-width: 709px) 85vw, (max-width: 909px) 67vw, (max-width: 1362px) 62vw, 840px\" \/><figcaption class=\"wp-element-caption\">B\u00e2timents de la Douane de Bettignies en 2009<\/figcaption><\/figure>\n<\/div>\n\n<div class=\"wp-block-image\">\n<figure class=\"aligncenter size-full is-resized\"><img data-recalc-dims=\"1\" loading=\"lazy\" decoding=\"async\" width=\"811\" height=\"579\" data-attachment-id=\"18102\" data-permalink=\"http:\/\/patrimoine-avesnois.fr\/chemin\/les-anciens-postes-de-douane-en-avesnois\/bettignies-2022-1\/\" data-orig-file=\"https:\/\/i0.wp.com\/patrimoine-avesnois.fr\/chemin\/wp-content\/uploads\/2023\/06\/Bettignies-2022-1.jpg?fit=811%2C579\" data-orig-size=\"811,579\" data-comments-opened=\"1\" data-image-meta=\"{&quot;aperture&quot;:&quot;0&quot;,&quot;credit&quot;:&quot;CARRE&quot;,&quot;camera&quot;:&quot;&quot;,&quot;caption&quot;:&quot;&quot;,&quot;created_timestamp&quot;:&quot;1686048186&quot;,&quot;copyright&quot;:&quot;&quot;,&quot;focal_length&quot;:&quot;0&quot;,&quot;iso&quot;:&quot;0&quot;,&quot;shutter_speed&quot;:&quot;0&quot;,&quot;title&quot;:&quot;&quot;,&quot;orientation&quot;:&quot;1&quot;}\" data-image-title=\"Bettignies-2022-1\" data-image-description=\"\" data-image-caption=\"\" data-large-file=\"https:\/\/i0.wp.com\/patrimoine-avesnois.fr\/chemin\/wp-content\/uploads\/2023\/06\/Bettignies-2022-1.jpg?fit=811%2C579\" src=\"https:\/\/i0.wp.com\/patrimoine-avesnois.fr\/chemin\/wp-content\/uploads\/2023\/06\/Bettignies-2022-1.jpg?resize=811%2C579&#038;ssl=1\" alt=\"\" class=\"wp-image-18102\" style=\"width:615px;height:434px\" srcset=\"https:\/\/i0.wp.com\/patrimoine-avesnois.fr\/chemin\/wp-content\/uploads\/2023\/06\/Bettignies-2022-1.jpg?w=811 811w, https:\/\/i0.wp.com\/patrimoine-avesnois.fr\/chemin\/wp-content\/uploads\/2023\/06\/Bettignies-2022-1.jpg?resize=300%2C214 300w, https:\/\/i0.wp.com\/patrimoine-avesnois.fr\/chemin\/wp-content\/uploads\/2023\/06\/Bettignies-2022-1.jpg?resize=768%2C548 768w\" sizes=\"auto, (max-width: 811px) 85vw, 811px\" \/><figcaption class=\"wp-element-caption\">L&#8217;emplacement de l&rsquo;ancienne douane \u00e0 Bettignies Photo <a href=\"https:\/\/www.google.fr\/maps\/@50.3411323,3.9713914,3a,75y,343.78h,75.2t\/data=!3m6!1e1!3m4!1sm_fTrJRVf0Cjdlvnv_SmJw!2e0!7i16384!8i8192?entry=ttu\" data-type=\"URL\" data-id=\"https:\/\/www.google.fr\/maps\/@50.3411323,3.9713914,3a,75y,343.78h,75.2t\/data=!3m6!1e1!3m4!1sm_fTrJRVf0Cjdlvnv_SmJw!2e0!7i16384!8i8192?entry=ttu\" target=\"_blank\" rel=\"noreferrer noopener\">Google 2021<\/a><\/figcaption><\/figure>\n<\/div>\n\n\n<p class=\"has-bright-red-color has-text-color\">Vieux-Reng<\/p>\n\n\n<div class=\"wp-block-image\">\n<figure class=\"aligncenter size-full is-resized\"><img data-recalc-dims=\"1\" loading=\"lazy\" decoding=\"async\" width=\"827\" height=\"520\" data-attachment-id=\"18104\" data-permalink=\"http:\/\/patrimoine-avesnois.fr\/chemin\/les-anciens-postes-de-douane-en-avesnois\/vieux-reng-2\/\" data-orig-file=\"https:\/\/i0.wp.com\/patrimoine-avesnois.fr\/chemin\/wp-content\/uploads\/2023\/06\/Vieux-Reng.jpg?fit=827%2C520\" data-orig-size=\"827,520\" data-comments-opened=\"1\" data-image-meta=\"{&quot;aperture&quot;:&quot;0&quot;,&quot;credit&quot;:&quot;&quot;,&quot;camera&quot;:&quot;&quot;,&quot;caption&quot;:&quot;&quot;,&quot;created_timestamp&quot;:&quot;1685362312&quot;,&quot;copyright&quot;:&quot;&quot;,&quot;focal_length&quot;:&quot;0&quot;,&quot;iso&quot;:&quot;0&quot;,&quot;shutter_speed&quot;:&quot;0&quot;,&quot;title&quot;:&quot;&quot;,&quot;orientation&quot;:&quot;1&quot;}\" data-image-title=\"Vieux-Reng\" data-image-description=\"\" data-image-caption=\"\" data-large-file=\"https:\/\/i0.wp.com\/patrimoine-avesnois.fr\/chemin\/wp-content\/uploads\/2023\/06\/Vieux-Reng.jpg?fit=827%2C520\" src=\"https:\/\/i0.wp.com\/patrimoine-avesnois.fr\/chemin\/wp-content\/uploads\/2023\/06\/Vieux-Reng.jpg?resize=827%2C520&#038;ssl=1\" alt=\"\" class=\"wp-image-18104\" style=\"width:615px;height:387px\" srcset=\"https:\/\/i0.wp.com\/patrimoine-avesnois.fr\/chemin\/wp-content\/uploads\/2023\/06\/Vieux-Reng.jpg?w=827 827w, https:\/\/i0.wp.com\/patrimoine-avesnois.fr\/chemin\/wp-content\/uploads\/2023\/06\/Vieux-Reng.jpg?resize=300%2C189 300w, https:\/\/i0.wp.com\/patrimoine-avesnois.fr\/chemin\/wp-content\/uploads\/2023\/06\/Vieux-Reng.jpg?resize=768%2C483 768w\" sizes=\"auto, (max-width: 827px) 85vw, 827px\" \/><figcaption class=\"wp-element-caption\">La Douane \u00e0 Vieux Reng<\/figcaption><\/figure>\n<\/div>\n\n<div class=\"wp-block-image\">\n<figure class=\"aligncenter size-large is-resized\"><img data-recalc-dims=\"1\" loading=\"lazy\" decoding=\"async\" width=\"840\" height=\"530\" data-attachment-id=\"18105\" data-permalink=\"http:\/\/patrimoine-avesnois.fr\/chemin\/les-anciens-postes-de-douane-en-avesnois\/vieux-rengt\/\" data-orig-file=\"https:\/\/i0.wp.com\/patrimoine-avesnois.fr\/chemin\/wp-content\/uploads\/2023\/06\/vIEUX-rENGT.jpg?fit=1510%2C952\" data-orig-size=\"1510,952\" data-comments-opened=\"1\" data-image-meta=\"{&quot;aperture&quot;:&quot;0&quot;,&quot;credit&quot;:&quot;&quot;,&quot;camera&quot;:&quot;&quot;,&quot;caption&quot;:&quot;&quot;,&quot;created_timestamp&quot;:&quot;1685565706&quot;,&quot;copyright&quot;:&quot;&quot;,&quot;focal_length&quot;:&quot;0&quot;,&quot;iso&quot;:&quot;0&quot;,&quot;shutter_speed&quot;:&quot;0&quot;,&quot;title&quot;:&quot;&quot;,&quot;orientation&quot;:&quot;1&quot;}\" data-image-title=\"vIEUX-rENGT\" data-image-description=\"\" data-image-caption=\"\" data-large-file=\"https:\/\/i0.wp.com\/patrimoine-avesnois.fr\/chemin\/wp-content\/uploads\/2023\/06\/vIEUX-rENGT.jpg?fit=840%2C530\" src=\"https:\/\/i0.wp.com\/patrimoine-avesnois.fr\/chemin\/wp-content\/uploads\/2023\/06\/vIEUX-rENGT-1024x646.jpg?resize=840%2C530&#038;ssl=1\" alt=\"\" class=\"wp-image-18105\" style=\"width:615px;height:387px\" srcset=\"https:\/\/i0.wp.com\/patrimoine-avesnois.fr\/chemin\/wp-content\/uploads\/2023\/06\/vIEUX-rENGT.jpg?resize=1024%2C646 1024w, https:\/\/i0.wp.com\/patrimoine-avesnois.fr\/chemin\/wp-content\/uploads\/2023\/06\/vIEUX-rENGT.jpg?resize=300%2C189 300w, https:\/\/i0.wp.com\/patrimoine-avesnois.fr\/chemin\/wp-content\/uploads\/2023\/06\/vIEUX-rENGT.jpg?resize=768%2C484 768w, https:\/\/i0.wp.com\/patrimoine-avesnois.fr\/chemin\/wp-content\/uploads\/2023\/06\/vIEUX-rENGT.jpg?resize=1200%2C757 1200w, https:\/\/i0.wp.com\/patrimoine-avesnois.fr\/chemin\/wp-content\/uploads\/2023\/06\/vIEUX-rENGT.jpg?w=1510 1510w\" sizes=\"auto, (max-width: 709px) 85vw, (max-width: 909px) 67vw, (max-width: 1362px) 62vw, 840px\" \/><figcaption class=\"wp-element-caption\">La Douane \u00e0 Vieux Reng<\/figcaption><\/figure>\n<\/div>\n\n<div class=\"wp-block-image\">\n<figure class=\"aligncenter size-full is-resized\"><img data-recalc-dims=\"1\" loading=\"lazy\" decoding=\"async\" width=\"784\" height=\"511\" data-attachment-id=\"18106\" data-permalink=\"http:\/\/patrimoine-avesnois.fr\/chemin\/les-anciens-postes-de-douane-en-avesnois\/image-1-20\/\" data-orig-file=\"https:\/\/i0.wp.com\/patrimoine-avesnois.fr\/chemin\/wp-content\/uploads\/2023\/06\/image-1.png?fit=784%2C511\" data-orig-size=\"784,511\" data-comments-opened=\"1\" data-image-meta=\"{&quot;aperture&quot;:&quot;0&quot;,&quot;credit&quot;:&quot;&quot;,&quot;camera&quot;:&quot;&quot;,&quot;caption&quot;:&quot;&quot;,&quot;created_timestamp&quot;:&quot;0&quot;,&quot;copyright&quot;:&quot;&quot;,&quot;focal_length&quot;:&quot;0&quot;,&quot;iso&quot;:&quot;0&quot;,&quot;shutter_speed&quot;:&quot;0&quot;,&quot;title&quot;:&quot;&quot;,&quot;orientation&quot;:&quot;0&quot;}\" data-image-title=\"image-1\" data-image-description=\"\" data-image-caption=\"\" data-large-file=\"https:\/\/i0.wp.com\/patrimoine-avesnois.fr\/chemin\/wp-content\/uploads\/2023\/06\/image-1.png?fit=784%2C511\" src=\"https:\/\/i0.wp.com\/patrimoine-avesnois.fr\/chemin\/wp-content\/uploads\/2023\/06\/image-1.png?resize=784%2C511&#038;ssl=1\" alt=\"\" class=\"wp-image-18106\" style=\"width:615px;height:400px\" srcset=\"https:\/\/i0.wp.com\/patrimoine-avesnois.fr\/chemin\/wp-content\/uploads\/2023\/06\/image-1.png?w=784 784w, https:\/\/i0.wp.com\/patrimoine-avesnois.fr\/chemin\/wp-content\/uploads\/2023\/06\/image-1.png?resize=300%2C196 300w, https:\/\/i0.wp.com\/patrimoine-avesnois.fr\/chemin\/wp-content\/uploads\/2023\/06\/image-1.png?resize=768%2C501 768w\" sizes=\"auto, (max-width: 784px) 85vw, 784px\" \/><figcaption class=\"wp-element-caption\">La Douane \u00e0 Vieux Reng vers 1930<\/figcaption><\/figure>\n<\/div>\n\n\n<p>La fronti\u00e8re \u00e0 Vieux Reng se situait au hameau de Lameries sur l&rsquo;actuelle D 28A en direction de Grand Reng Erquelinnes.<\/p>\n\n\n\n<p class=\"has-bright-red-color has-text-color\">Jeumont<\/p>\n\n\n<div class=\"wp-block-image\">\n<figure class=\"aligncenter size-large is-resized\"><img data-recalc-dims=\"1\" loading=\"lazy\" decoding=\"async\" width=\"840\" height=\"543\" data-attachment-id=\"18107\" data-permalink=\"http:\/\/patrimoine-avesnois.fr\/chemin\/les-anciens-postes-de-douane-en-avesnois\/jeumont2\/\" data-orig-file=\"https:\/\/i0.wp.com\/patrimoine-avesnois.fr\/chemin\/wp-content\/uploads\/2023\/06\/Jeumont2.jpg?fit=1620%2C1048\" data-orig-size=\"1620,1048\" data-comments-opened=\"1\" data-image-meta=\"{&quot;aperture&quot;:&quot;0&quot;,&quot;credit&quot;:&quot;&quot;,&quot;camera&quot;:&quot;&quot;,&quot;caption&quot;:&quot;&quot;,&quot;created_timestamp&quot;:&quot;1685560182&quot;,&quot;copyright&quot;:&quot;&quot;,&quot;focal_length&quot;:&quot;0&quot;,&quot;iso&quot;:&quot;0&quot;,&quot;shutter_speed&quot;:&quot;0&quot;,&quot;title&quot;:&quot;&quot;,&quot;orientation&quot;:&quot;1&quot;}\" data-image-title=\"Jeumont2\" data-image-description=\"\" data-image-caption=\"\" data-large-file=\"https:\/\/i0.wp.com\/patrimoine-avesnois.fr\/chemin\/wp-content\/uploads\/2023\/06\/Jeumont2.jpg?fit=840%2C543\" src=\"https:\/\/i0.wp.com\/patrimoine-avesnois.fr\/chemin\/wp-content\/uploads\/2023\/06\/Jeumont2-1024x662.jpg?resize=840%2C543&#038;ssl=1\" alt=\"\" class=\"wp-image-18107\" style=\"width:615px;height:396px\" srcset=\"https:\/\/i0.wp.com\/patrimoine-avesnois.fr\/chemin\/wp-content\/uploads\/2023\/06\/Jeumont2.jpg?resize=1024%2C662 1024w, https:\/\/i0.wp.com\/patrimoine-avesnois.fr\/chemin\/wp-content\/uploads\/2023\/06\/Jeumont2.jpg?resize=300%2C194 300w, https:\/\/i0.wp.com\/patrimoine-avesnois.fr\/chemin\/wp-content\/uploads\/2023\/06\/Jeumont2.jpg?resize=768%2C497 768w, https:\/\/i0.wp.com\/patrimoine-avesnois.fr\/chemin\/wp-content\/uploads\/2023\/06\/Jeumont2.jpg?resize=1536%2C994 1536w, https:\/\/i0.wp.com\/patrimoine-avesnois.fr\/chemin\/wp-content\/uploads\/2023\/06\/Jeumont2.jpg?resize=1200%2C776 1200w, https:\/\/i0.wp.com\/patrimoine-avesnois.fr\/chemin\/wp-content\/uploads\/2023\/06\/Jeumont2.jpg?w=1620 1620w\" sizes=\"auto, (max-width: 709px) 85vw, (max-width: 909px) 67vw, (max-width: 1362px) 62vw, 840px\" \/><figcaption class=\"wp-element-caption\">La Douane fran\u00e7aise \u00e0 Jeumont vers 1900<\/figcaption><\/figure>\n<\/div>\n\n<div class=\"wp-block-image\">\n<figure class=\"aligncenter size-full is-resized\"><img data-recalc-dims=\"1\" loading=\"lazy\" decoding=\"async\" width=\"782\" height=\"484\" data-attachment-id=\"18110\" data-permalink=\"http:\/\/patrimoine-avesnois.fr\/chemin\/les-anciens-postes-de-douane-en-avesnois\/erquelinnes\/\" data-orig-file=\"https:\/\/i0.wp.com\/patrimoine-avesnois.fr\/chemin\/wp-content\/uploads\/2023\/06\/Erquelinnes.jpg?fit=782%2C484\" data-orig-size=\"782,484\" data-comments-opened=\"1\" data-image-meta=\"{&quot;aperture&quot;:&quot;0&quot;,&quot;credit&quot;:&quot;CARRE&quot;,&quot;camera&quot;:&quot;&quot;,&quot;caption&quot;:&quot;&quot;,&quot;created_timestamp&quot;:&quot;1686052641&quot;,&quot;copyright&quot;:&quot;&quot;,&quot;focal_length&quot;:&quot;0&quot;,&quot;iso&quot;:&quot;0&quot;,&quot;shutter_speed&quot;:&quot;0&quot;,&quot;title&quot;:&quot;&quot;,&quot;orientation&quot;:&quot;1&quot;}\" data-image-title=\"Erquelinnes\" data-image-description=\"\" data-image-caption=\"\" data-large-file=\"https:\/\/i0.wp.com\/patrimoine-avesnois.fr\/chemin\/wp-content\/uploads\/2023\/06\/Erquelinnes.jpg?fit=782%2C484\" src=\"https:\/\/i0.wp.com\/patrimoine-avesnois.fr\/chemin\/wp-content\/uploads\/2023\/06\/Erquelinnes.jpg?resize=782%2C484&#038;ssl=1\" alt=\"\" class=\"wp-image-18110\" style=\"width:615px;height:380px\" srcset=\"https:\/\/i0.wp.com\/patrimoine-avesnois.fr\/chemin\/wp-content\/uploads\/2023\/06\/Erquelinnes.jpg?w=782 782w, https:\/\/i0.wp.com\/patrimoine-avesnois.fr\/chemin\/wp-content\/uploads\/2023\/06\/Erquelinnes.jpg?resize=300%2C186 300w, https:\/\/i0.wp.com\/patrimoine-avesnois.fr\/chemin\/wp-content\/uploads\/2023\/06\/Erquelinnes.jpg?resize=768%2C475 768w\" sizes=\"auto, (max-width: 782px) 85vw, 782px\" \/><figcaption class=\"wp-element-caption\">La Douane de Jeumont vers 1920<\/figcaption><\/figure>\n<\/div>\n\n<div class=\"wp-block-image\">\n<figure class=\"aligncenter size-full is-resized\"><img data-recalc-dims=\"1\" loading=\"lazy\" decoding=\"async\" width=\"840\" height=\"518\" data-attachment-id=\"18130\" data-permalink=\"http:\/\/patrimoine-avesnois.fr\/chemin\/les-anciens-postes-de-douane-en-avesnois\/image-7-17\/\" data-orig-file=\"https:\/\/i0.wp.com\/patrimoine-avesnois.fr\/chemin\/wp-content\/uploads\/2023\/06\/image-7.png?fit=1024%2C632\" data-orig-size=\"1024,632\" data-comments-opened=\"1\" data-image-meta=\"{&quot;aperture&quot;:&quot;0&quot;,&quot;credit&quot;:&quot;&quot;,&quot;camera&quot;:&quot;&quot;,&quot;caption&quot;:&quot;&quot;,&quot;created_timestamp&quot;:&quot;0&quot;,&quot;copyright&quot;:&quot;&quot;,&quot;focal_length&quot;:&quot;0&quot;,&quot;iso&quot;:&quot;0&quot;,&quot;shutter_speed&quot;:&quot;0&quot;,&quot;title&quot;:&quot;&quot;,&quot;orientation&quot;:&quot;0&quot;}\" data-image-title=\"image-7\" data-image-description=\"\" data-image-caption=\"\" data-large-file=\"https:\/\/i0.wp.com\/patrimoine-avesnois.fr\/chemin\/wp-content\/uploads\/2023\/06\/image-7.png?fit=840%2C518\" src=\"https:\/\/i0.wp.com\/patrimoine-avesnois.fr\/chemin\/wp-content\/uploads\/2023\/06\/image-7.png?resize=840%2C518&#038;ssl=1\" alt=\"\" class=\"wp-image-18130\" style=\"width:615px;height:380px\" srcset=\"https:\/\/i0.wp.com\/patrimoine-avesnois.fr\/chemin\/wp-content\/uploads\/2023\/06\/image-7.png?w=1024 1024w, https:\/\/i0.wp.com\/patrimoine-avesnois.fr\/chemin\/wp-content\/uploads\/2023\/06\/image-7.png?resize=300%2C185 300w, https:\/\/i0.wp.com\/patrimoine-avesnois.fr\/chemin\/wp-content\/uploads\/2023\/06\/image-7.png?resize=768%2C474 768w\" sizes=\"auto, (max-width: 709px) 85vw, (max-width: 909px) 67vw, (max-width: 1362px) 62vw, 840px\" \/><figcaption class=\"wp-element-caption\">La fronti\u00e8re belge \u00e0 Erquelinnes vue de Jeumont Photo <a href=\"https:\/\/souvenirdelafrontiere.com\/index?\/category\/nord\" data-type=\"URL\" data-id=\"https:\/\/www.souvenirdelafrontiere.com\/search\/label\/Erquelinnes\" target=\"_blank\" rel=\"noreferrer noopener\">souvenirdelafrontiere<\/a><\/figcaption><\/figure>\n<\/div>\n\n<div class=\"wp-block-image\">\n<figure class=\"aligncenter size-large is-resized\"><img data-recalc-dims=\"1\" loading=\"lazy\" decoding=\"async\" width=\"840\" height=\"533\" data-attachment-id=\"18108\" data-permalink=\"http:\/\/patrimoine-avesnois.fr\/chemin\/les-anciens-postes-de-douane-en-avesnois\/jeumont3\/\" data-orig-file=\"https:\/\/i0.wp.com\/patrimoine-avesnois.fr\/chemin\/wp-content\/uploads\/2023\/06\/Jeumont3.jpg?fit=1623%2C1031\" data-orig-size=\"1623,1031\" data-comments-opened=\"1\" data-image-meta=\"{&quot;aperture&quot;:&quot;0&quot;,&quot;credit&quot;:&quot;&quot;,&quot;camera&quot;:&quot;&quot;,&quot;caption&quot;:&quot;&quot;,&quot;created_timestamp&quot;:&quot;1685562420&quot;,&quot;copyright&quot;:&quot;&quot;,&quot;focal_length&quot;:&quot;0&quot;,&quot;iso&quot;:&quot;0&quot;,&quot;shutter_speed&quot;:&quot;0&quot;,&quot;title&quot;:&quot;&quot;,&quot;orientation&quot;:&quot;1&quot;}\" data-image-title=\"Jeumont3\" data-image-description=\"\" data-image-caption=\"\" data-large-file=\"https:\/\/i0.wp.com\/patrimoine-avesnois.fr\/chemin\/wp-content\/uploads\/2023\/06\/Jeumont3.jpg?fit=840%2C533\" src=\"https:\/\/i0.wp.com\/patrimoine-avesnois.fr\/chemin\/wp-content\/uploads\/2023\/06\/Jeumont3-1024x650.jpg?resize=840%2C533&#038;ssl=1\" alt=\"\" class=\"wp-image-18108\" style=\"width:615px;height:392px\" srcset=\"https:\/\/i0.wp.com\/patrimoine-avesnois.fr\/chemin\/wp-content\/uploads\/2023\/06\/Jeumont3.jpg?resize=1024%2C650 1024w, https:\/\/i0.wp.com\/patrimoine-avesnois.fr\/chemin\/wp-content\/uploads\/2023\/06\/Jeumont3.jpg?resize=300%2C191 300w, https:\/\/i0.wp.com\/patrimoine-avesnois.fr\/chemin\/wp-content\/uploads\/2023\/06\/Jeumont3.jpg?resize=768%2C488 768w, https:\/\/i0.wp.com\/patrimoine-avesnois.fr\/chemin\/wp-content\/uploads\/2023\/06\/Jeumont3.jpg?resize=1536%2C976 1536w, https:\/\/i0.wp.com\/patrimoine-avesnois.fr\/chemin\/wp-content\/uploads\/2023\/06\/Jeumont3.jpg?resize=1200%2C762 1200w, https:\/\/i0.wp.com\/patrimoine-avesnois.fr\/chemin\/wp-content\/uploads\/2023\/06\/Jeumont3.jpg?w=1623 1623w\" sizes=\"auto, (max-width: 709px) 85vw, (max-width: 909px) 67vw, (max-width: 1362px) 62vw, 840px\" \/><figcaption class=\"wp-element-caption\">La fronti\u00e8re belge vue de Jeumont vers 1950<\/figcaption><\/figure>\n<\/div>\n\n<div class=\"wp-block-image\">\n<figure class=\"aligncenter size-large is-resized\"><img data-recalc-dims=\"1\" loading=\"lazy\" decoding=\"async\" width=\"840\" height=\"582\" data-attachment-id=\"18109\" data-permalink=\"http:\/\/patrimoine-avesnois.fr\/chemin\/les-anciens-postes-de-douane-en-avesnois\/jeumont2jpg\/\" data-orig-file=\"https:\/\/i0.wp.com\/patrimoine-avesnois.fr\/chemin\/wp-content\/uploads\/2023\/06\/jEUMONT2jpg.jpg?fit=1452%2C1005\" data-orig-size=\"1452,1005\" data-comments-opened=\"1\" data-image-meta=\"{&quot;aperture&quot;:&quot;0&quot;,&quot;credit&quot;:&quot;&quot;,&quot;camera&quot;:&quot;&quot;,&quot;caption&quot;:&quot;&quot;,&quot;created_timestamp&quot;:&quot;1685561592&quot;,&quot;copyright&quot;:&quot;&quot;,&quot;focal_length&quot;:&quot;0&quot;,&quot;iso&quot;:&quot;0&quot;,&quot;shutter_speed&quot;:&quot;0&quot;,&quot;title&quot;:&quot;&quot;,&quot;orientation&quot;:&quot;1&quot;}\" data-image-title=\"jEUMONT2jpg\" data-image-description=\"\" data-image-caption=\"\" data-large-file=\"https:\/\/i0.wp.com\/patrimoine-avesnois.fr\/chemin\/wp-content\/uploads\/2023\/06\/jEUMONT2jpg.jpg?fit=840%2C582\" src=\"https:\/\/i0.wp.com\/patrimoine-avesnois.fr\/chemin\/wp-content\/uploads\/2023\/06\/jEUMONT2jpg-1024x709.jpg?resize=840%2C582&#038;ssl=1\" alt=\"\" class=\"wp-image-18109\" style=\"width:615px;height:425px\" srcset=\"https:\/\/i0.wp.com\/patrimoine-avesnois.fr\/chemin\/wp-content\/uploads\/2023\/06\/jEUMONT2jpg.jpg?resize=1024%2C709 1024w, https:\/\/i0.wp.com\/patrimoine-avesnois.fr\/chemin\/wp-content\/uploads\/2023\/06\/jEUMONT2jpg.jpg?resize=300%2C208 300w, https:\/\/i0.wp.com\/patrimoine-avesnois.fr\/chemin\/wp-content\/uploads\/2023\/06\/jEUMONT2jpg.jpg?resize=768%2C532 768w, https:\/\/i0.wp.com\/patrimoine-avesnois.fr\/chemin\/wp-content\/uploads\/2023\/06\/jEUMONT2jpg.jpg?resize=1200%2C831 1200w, https:\/\/i0.wp.com\/patrimoine-avesnois.fr\/chemin\/wp-content\/uploads\/2023\/06\/jEUMONT2jpg.jpg?w=1452 1452w\" sizes=\"auto, (max-width: 709px) 85vw, (max-width: 909px) 67vw, (max-width: 1362px) 62vw, 840px\" \/><figcaption class=\"wp-element-caption\">La Douane fran\u00e7aise \u00e0 Jeumont vers 1970<\/figcaption><\/figure>\n<\/div>\n\n<div class=\"wp-block-image\">\n<figure class=\"aligncenter size-large is-resized\"><img data-recalc-dims=\"1\" loading=\"lazy\" decoding=\"async\" width=\"840\" height=\"579\" data-attachment-id=\"18134\" data-permalink=\"http:\/\/patrimoine-avesnois.fr\/chemin\/les-anciens-postes-de-douane-en-avesnois\/image-11-14\/\" data-orig-file=\"https:\/\/i0.wp.com\/patrimoine-avesnois.fr\/chemin\/wp-content\/uploads\/2023\/06\/image-11.png?fit=1264%2C871\" data-orig-size=\"1264,871\" data-comments-opened=\"1\" data-image-meta=\"{&quot;aperture&quot;:&quot;0&quot;,&quot;credit&quot;:&quot;&quot;,&quot;camera&quot;:&quot;&quot;,&quot;caption&quot;:&quot;&quot;,&quot;created_timestamp&quot;:&quot;0&quot;,&quot;copyright&quot;:&quot;&quot;,&quot;focal_length&quot;:&quot;0&quot;,&quot;iso&quot;:&quot;0&quot;,&quot;shutter_speed&quot;:&quot;0&quot;,&quot;title&quot;:&quot;&quot;,&quot;orientation&quot;:&quot;0&quot;}\" data-image-title=\"image-11\" data-image-description=\"\" data-image-caption=\"\" data-large-file=\"https:\/\/i0.wp.com\/patrimoine-avesnois.fr\/chemin\/wp-content\/uploads\/2023\/06\/image-11.png?fit=840%2C579\" src=\"https:\/\/i0.wp.com\/patrimoine-avesnois.fr\/chemin\/wp-content\/uploads\/2023\/06\/image-11-1024x706.png?resize=840%2C579&#038;ssl=1\" alt=\"\" class=\"wp-image-18134\" style=\"width:615px;height:425px\" srcset=\"https:\/\/i0.wp.com\/patrimoine-avesnois.fr\/chemin\/wp-content\/uploads\/2023\/06\/image-11.png?resize=1024%2C706 1024w, https:\/\/i0.wp.com\/patrimoine-avesnois.fr\/chemin\/wp-content\/uploads\/2023\/06\/image-11.png?resize=300%2C207 300w, https:\/\/i0.wp.com\/patrimoine-avesnois.fr\/chemin\/wp-content\/uploads\/2023\/06\/image-11.png?resize=768%2C529 768w, https:\/\/i0.wp.com\/patrimoine-avesnois.fr\/chemin\/wp-content\/uploads\/2023\/06\/image-11.png?resize=1200%2C827 1200w, https:\/\/i0.wp.com\/patrimoine-avesnois.fr\/chemin\/wp-content\/uploads\/2023\/06\/image-11.png?w=1264 1264w\" sizes=\"auto, (max-width: 709px) 85vw, (max-width: 909px) 67vw, (max-width: 1362px) 62vw, 840px\" \/><figcaption class=\"wp-element-caption\">L&#8217;emplacement actuel de l&rsquo;ancienne douane Jeumont Erquelinnes<\/figcaption><\/figure>\n<\/div>\n\n\n<p>D&rsquo;autres cartes postales sur le site de la <a rel=\"noreferrer noopener\" href=\"http:\/\/www.lamediatheque-jeumont.fr\/memoirevivante\/index.php?\/category\/18\" data-type=\"URL\" data-id=\"http:\/\/www.lamediatheque-jeumont.fr\/memoirevivante\/index.php?\/category\/18\" target=\"_blank\">M\u00e9diath\u00e8que de Jeumont<\/a><\/p>\n\n\n\n<p class=\"has-bright-red-color has-text-color\">Cousolre<\/p>\n\n\n\n<p>2 fronti\u00e8res l\u2019une vers Bersillies l\u2019Abbaye et l\u2019autre vers Beaumont.<\/p>\n\n\n<div class=\"wp-block-image\">\n<figure class=\"aligncenter size-large is-resized\"><img data-recalc-dims=\"1\" loading=\"lazy\" decoding=\"async\" width=\"840\" height=\"530\" data-attachment-id=\"18122\" data-permalink=\"http:\/\/patrimoine-avesnois.fr\/chemin\/les-anciens-postes-de-douane-en-avesnois\/cousolre3\/\" data-orig-file=\"https:\/\/i0.wp.com\/patrimoine-avesnois.fr\/chemin\/wp-content\/uploads\/2023\/06\/Cousolre3.jpg?fit=1551%2C979\" data-orig-size=\"1551,979\" data-comments-opened=\"1\" data-image-meta=\"{&quot;aperture&quot;:&quot;0&quot;,&quot;credit&quot;:&quot;&quot;,&quot;camera&quot;:&quot;&quot;,&quot;caption&quot;:&quot;&quot;,&quot;created_timestamp&quot;:&quot;1685562102&quot;,&quot;copyright&quot;:&quot;&quot;,&quot;focal_length&quot;:&quot;0&quot;,&quot;iso&quot;:&quot;0&quot;,&quot;shutter_speed&quot;:&quot;0&quot;,&quot;title&quot;:&quot;&quot;,&quot;orientation&quot;:&quot;1&quot;}\" data-image-title=\"Cousolre3\" data-image-description=\"\" data-image-caption=\"\" data-large-file=\"https:\/\/i0.wp.com\/patrimoine-avesnois.fr\/chemin\/wp-content\/uploads\/2023\/06\/Cousolre3.jpg?fit=840%2C530\" src=\"https:\/\/i0.wp.com\/patrimoine-avesnois.fr\/chemin\/wp-content\/uploads\/2023\/06\/Cousolre3-1024x646.jpg?resize=840%2C530&#038;ssl=1\" alt=\"\" class=\"wp-image-18122\" style=\"width:615px;height:388px\" srcset=\"https:\/\/i0.wp.com\/patrimoine-avesnois.fr\/chemin\/wp-content\/uploads\/2023\/06\/Cousolre3.jpg?resize=1024%2C646 1024w, https:\/\/i0.wp.com\/patrimoine-avesnois.fr\/chemin\/wp-content\/uploads\/2023\/06\/Cousolre3.jpg?resize=300%2C189 300w, https:\/\/i0.wp.com\/patrimoine-avesnois.fr\/chemin\/wp-content\/uploads\/2023\/06\/Cousolre3.jpg?resize=768%2C485 768w, https:\/\/i0.wp.com\/patrimoine-avesnois.fr\/chemin\/wp-content\/uploads\/2023\/06\/Cousolre3.jpg?resize=1536%2C970 1536w, https:\/\/i0.wp.com\/patrimoine-avesnois.fr\/chemin\/wp-content\/uploads\/2023\/06\/Cousolre3.jpg?resize=1200%2C757 1200w, https:\/\/i0.wp.com\/patrimoine-avesnois.fr\/chemin\/wp-content\/uploads\/2023\/06\/Cousolre3.jpg?w=1551 1551w\" sizes=\"auto, (max-width: 709px) 85vw, (max-width: 909px) 67vw, (max-width: 1362px) 62vw, 840px\" \/><\/figure>\n<\/div>\n\n<div class=\"wp-block-image\">\n<figure class=\"aligncenter size-full is-resized\"><img data-recalc-dims=\"1\" loading=\"lazy\" decoding=\"async\" width=\"840\" height=\"521\" data-attachment-id=\"18117\" data-permalink=\"http:\/\/patrimoine-avesnois.fr\/chemin\/les-anciens-postes-de-douane-en-avesnois\/cousolre-vers-1930-1\/\" data-orig-file=\"https:\/\/i0.wp.com\/patrimoine-avesnois.fr\/chemin\/wp-content\/uploads\/2023\/06\/Cousolre-vers-1930-1.jpg?fit=955%2C592\" data-orig-size=\"955,592\" data-comments-opened=\"1\" data-image-meta=\"{&quot;aperture&quot;:&quot;0&quot;,&quot;credit&quot;:&quot;&quot;,&quot;camera&quot;:&quot;&quot;,&quot;caption&quot;:&quot;&quot;,&quot;created_timestamp&quot;:&quot;1686063294&quot;,&quot;copyright&quot;:&quot;&quot;,&quot;focal_length&quot;:&quot;0&quot;,&quot;iso&quot;:&quot;0&quot;,&quot;shutter_speed&quot;:&quot;0&quot;,&quot;title&quot;:&quot;&quot;,&quot;orientation&quot;:&quot;1&quot;}\" data-image-title=\"Cousolre-vers-1930-1\" data-image-description=\"\" data-image-caption=\"\" data-large-file=\"https:\/\/i0.wp.com\/patrimoine-avesnois.fr\/chemin\/wp-content\/uploads\/2023\/06\/Cousolre-vers-1930-1.jpg?fit=840%2C521\" src=\"https:\/\/i0.wp.com\/patrimoine-avesnois.fr\/chemin\/wp-content\/uploads\/2023\/06\/Cousolre-vers-1930-1.jpg?resize=840%2C521&#038;ssl=1\" alt=\"\" class=\"wp-image-18117\" style=\"width:609px;height:380px\" srcset=\"https:\/\/i0.wp.com\/patrimoine-avesnois.fr\/chemin\/wp-content\/uploads\/2023\/06\/Cousolre-vers-1930-1.jpg?w=955 955w, https:\/\/i0.wp.com\/patrimoine-avesnois.fr\/chemin\/wp-content\/uploads\/2023\/06\/Cousolre-vers-1930-1.jpg?resize=300%2C186 300w, https:\/\/i0.wp.com\/patrimoine-avesnois.fr\/chemin\/wp-content\/uploads\/2023\/06\/Cousolre-vers-1930-1.jpg?resize=768%2C476 768w\" sizes=\"auto, (max-width: 709px) 85vw, (max-width: 909px) 67vw, (max-width: 1362px) 62vw, 840px\" \/><\/figure>\n<\/div>\n\n<div class=\"wp-block-image\">\n<figure class=\"aligncenter size-full is-resized\"><img data-recalc-dims=\"1\" loading=\"lazy\" decoding=\"async\" width=\"768\" height=\"498\" data-attachment-id=\"18128\" data-permalink=\"http:\/\/patrimoine-avesnois.fr\/chemin\/les-anciens-postes-de-douane-en-avesnois\/image-6-16\/\" data-orig-file=\"https:\/\/i0.wp.com\/patrimoine-avesnois.fr\/chemin\/wp-content\/uploads\/2023\/06\/image-6.png?fit=768%2C498\" data-orig-size=\"768,498\" data-comments-opened=\"1\" data-image-meta=\"{&quot;aperture&quot;:&quot;0&quot;,&quot;credit&quot;:&quot;&quot;,&quot;camera&quot;:&quot;&quot;,&quot;caption&quot;:&quot;&quot;,&quot;created_timestamp&quot;:&quot;0&quot;,&quot;copyright&quot;:&quot;&quot;,&quot;focal_length&quot;:&quot;0&quot;,&quot;iso&quot;:&quot;0&quot;,&quot;shutter_speed&quot;:&quot;0&quot;,&quot;title&quot;:&quot;&quot;,&quot;orientation&quot;:&quot;0&quot;}\" data-image-title=\"image-6\" data-image-description=\"\" data-image-caption=\"\" data-large-file=\"https:\/\/i0.wp.com\/patrimoine-avesnois.fr\/chemin\/wp-content\/uploads\/2023\/06\/image-6.png?fit=768%2C498\" src=\"https:\/\/i0.wp.com\/patrimoine-avesnois.fr\/chemin\/wp-content\/uploads\/2023\/06\/image-6.png?resize=768%2C498&#038;ssl=1\" alt=\"\" class=\"wp-image-18128\" style=\"width:615px;height:400px\" srcset=\"https:\/\/i0.wp.com\/patrimoine-avesnois.fr\/chemin\/wp-content\/uploads\/2023\/06\/image-6.png?w=768 768w, https:\/\/i0.wp.com\/patrimoine-avesnois.fr\/chemin\/wp-content\/uploads\/2023\/06\/image-6.png?resize=300%2C195 300w\" sizes=\"auto, (max-width: 768px) 85vw, 768px\" \/><figcaption class=\"wp-element-caption\">Bureau des Douanes Fran\u00e7aises \u00e0 Cousolre<\/figcaption><\/figure>\n<\/div>\n\n<div class=\"wp-block-image\">\n<figure class=\"aligncenter size-large is-resized\"><img data-recalc-dims=\"1\" loading=\"lazy\" decoding=\"async\" width=\"840\" height=\"525\" data-attachment-id=\"18113\" data-permalink=\"http:\/\/patrimoine-avesnois.fr\/chemin\/les-anciens-postes-de-douane-en-avesnois\/cousolre-douane\/\" data-orig-file=\"https:\/\/i0.wp.com\/patrimoine-avesnois.fr\/chemin\/wp-content\/uploads\/2023\/06\/cousolre-douane.jpg?fit=1614%2C1008\" data-orig-size=\"1614,1008\" data-comments-opened=\"1\" data-image-meta=\"{&quot;aperture&quot;:&quot;0&quot;,&quot;credit&quot;:&quot;&quot;,&quot;camera&quot;:&quot;&quot;,&quot;caption&quot;:&quot;&quot;,&quot;created_timestamp&quot;:&quot;1686062904&quot;,&quot;copyright&quot;:&quot;&quot;,&quot;focal_length&quot;:&quot;0&quot;,&quot;iso&quot;:&quot;0&quot;,&quot;shutter_speed&quot;:&quot;0&quot;,&quot;title&quot;:&quot;&quot;,&quot;orientation&quot;:&quot;1&quot;}\" data-image-title=\"cousolre-douane\" data-image-description=\"\" data-image-caption=\"\" data-large-file=\"https:\/\/i0.wp.com\/patrimoine-avesnois.fr\/chemin\/wp-content\/uploads\/2023\/06\/cousolre-douane.jpg?fit=840%2C525\" src=\"https:\/\/i0.wp.com\/patrimoine-avesnois.fr\/chemin\/wp-content\/uploads\/2023\/06\/cousolre-douane-1024x640.jpg?resize=840%2C525&#038;ssl=1\" alt=\"\" class=\"wp-image-18113\" style=\"width:615px;height:385px\" srcset=\"https:\/\/i0.wp.com\/patrimoine-avesnois.fr\/chemin\/wp-content\/uploads\/2023\/06\/cousolre-douane.jpg?resize=1024%2C640 1024w, https:\/\/i0.wp.com\/patrimoine-avesnois.fr\/chemin\/wp-content\/uploads\/2023\/06\/cousolre-douane.jpg?resize=300%2C187 300w, https:\/\/i0.wp.com\/patrimoine-avesnois.fr\/chemin\/wp-content\/uploads\/2023\/06\/cousolre-douane.jpg?resize=768%2C480 768w, https:\/\/i0.wp.com\/patrimoine-avesnois.fr\/chemin\/wp-content\/uploads\/2023\/06\/cousolre-douane.jpg?resize=1536%2C959 1536w, https:\/\/i0.wp.com\/patrimoine-avesnois.fr\/chemin\/wp-content\/uploads\/2023\/06\/cousolre-douane.jpg?resize=1200%2C749 1200w, https:\/\/i0.wp.com\/patrimoine-avesnois.fr\/chemin\/wp-content\/uploads\/2023\/06\/cousolre-douane.jpg?w=1614 1614w\" sizes=\"auto, (max-width: 709px) 85vw, (max-width: 909px) 67vw, (max-width: 1362px) 62vw, 840px\" \/><figcaption class=\"wp-element-caption\">Douane Cousolre<\/figcaption><\/figure>\n<\/div>\n\n<div class=\"wp-block-image\">\n<figure class=\"aligncenter size-full is-resized\"><img data-recalc-dims=\"1\" loading=\"lazy\" decoding=\"async\" width=\"831\" height=\"573\" data-attachment-id=\"18118\" data-permalink=\"http:\/\/patrimoine-avesnois.fr\/chemin\/les-anciens-postes-de-douane-en-avesnois\/cousolre-vue-aerienne\/\" data-orig-file=\"https:\/\/i0.wp.com\/patrimoine-avesnois.fr\/chemin\/wp-content\/uploads\/2023\/06\/cousolre-vue-aerienne.jpg?fit=831%2C573\" data-orig-size=\"831,573\" data-comments-opened=\"1\" data-image-meta=\"{&quot;aperture&quot;:&quot;0&quot;,&quot;credit&quot;:&quot;&quot;,&quot;camera&quot;:&quot;&quot;,&quot;caption&quot;:&quot;&quot;,&quot;created_timestamp&quot;:&quot;1686063460&quot;,&quot;copyright&quot;:&quot;&quot;,&quot;focal_length&quot;:&quot;0&quot;,&quot;iso&quot;:&quot;0&quot;,&quot;shutter_speed&quot;:&quot;0&quot;,&quot;title&quot;:&quot;&quot;,&quot;orientation&quot;:&quot;1&quot;}\" data-image-title=\"cousolre-vue-aerienne\" data-image-description=\"\" data-image-caption=\"\" data-large-file=\"https:\/\/i0.wp.com\/patrimoine-avesnois.fr\/chemin\/wp-content\/uploads\/2023\/06\/cousolre-vue-aerienne.jpg?fit=831%2C573\" src=\"https:\/\/i0.wp.com\/patrimoine-avesnois.fr\/chemin\/wp-content\/uploads\/2023\/06\/cousolre-vue-aerienne.jpg?resize=831%2C573&#038;ssl=1\" alt=\"\" class=\"wp-image-18118\" style=\"width:615px;height:424px\" srcset=\"https:\/\/i0.wp.com\/patrimoine-avesnois.fr\/chemin\/wp-content\/uploads\/2023\/06\/cousolre-vue-aerienne.jpg?w=831 831w, https:\/\/i0.wp.com\/patrimoine-avesnois.fr\/chemin\/wp-content\/uploads\/2023\/06\/cousolre-vue-aerienne.jpg?resize=300%2C207 300w, https:\/\/i0.wp.com\/patrimoine-avesnois.fr\/chemin\/wp-content\/uploads\/2023\/06\/cousolre-vue-aerienne.jpg?resize=768%2C530 768w\" sizes=\"auto, (max-width: 831px) 85vw, 831px\" \/><figcaption class=\"wp-element-caption\">Cousolre Douane Vue a\u00e9rienne<\/figcaption><\/figure>\n<\/div>\n\n<div class=\"wp-block-image\">\n<figure class=\"aligncenter is-resized\"><img loading=\"lazy\" decoding=\"async\" width=\"935\" height=\"600\" data-attachment-id=\"8218\" data-permalink=\"http:\/\/patrimoine-avesnois.fr\/chemin\/cousolre\/693_001-2\/\" data-orig-file=\"https:\/\/i0.wp.com\/patrimoine-avesnois.fr\/chemin\/wp-content\/uploads\/2019\/08\/693_001.jpg?fit=935%2C600\" data-orig-size=\"935,600\" data-comments-opened=\"1\" data-image-meta=\"{&quot;aperture&quot;:&quot;0&quot;,&quot;credit&quot;:&quot;&quot;,&quot;camera&quot;:&quot;&quot;,&quot;caption&quot;:&quot;&quot;,&quot;created_timestamp&quot;:&quot;1567019410&quot;,&quot;copyright&quot;:&quot;&quot;,&quot;focal_length&quot;:&quot;0&quot;,&quot;iso&quot;:&quot;0&quot;,&quot;shutter_speed&quot;:&quot;0&quot;,&quot;title&quot;:&quot;&quot;,&quot;orientation&quot;:&quot;0&quot;}\" data-image-title=\"693_001\" data-image-description=\"\" data-image-caption=\"\" data-large-file=\"https:\/\/i0.wp.com\/patrimoine-avesnois.fr\/chemin\/wp-content\/uploads\/2019\/08\/693_001.jpg?fit=840%2C539\" src=\"https:\/\/i0.wp.com\/patrimoine-avesnois.fr\/chemin\/wp-content\/uploads\/2019\/08\/693_001.jpg?resize=698%2C447\" alt=\"\" class=\"wp-image-8218\" style=\"width:615px;height:394px\" srcset=\"https:\/\/i0.wp.com\/patrimoine-avesnois.fr\/chemin\/wp-content\/uploads\/2019\/08\/693_001.jpg?w=935 935w, https:\/\/i0.wp.com\/patrimoine-avesnois.fr\/chemin\/wp-content\/uploads\/2019\/08\/693_001.jpg?resize=300%2C193 300w, https:\/\/i0.wp.com\/patrimoine-avesnois.fr\/chemin\/wp-content\/uploads\/2019\/08\/693_001.jpg?resize=768%2C493 768w\" sizes=\"auto, (max-width: 709px) 85vw, (max-width: 909px) 67vw, (max-width: 1362px) 62vw, 840px\" \/><\/figure>\n<\/div>\n\n<div class=\"wp-block-image\">\n<figure class=\"aligncenter is-resized\"><img loading=\"lazy\" decoding=\"async\" width=\"836\" height=\"586\" data-attachment-id=\"8219\" data-permalink=\"http:\/\/patrimoine-avesnois.fr\/chemin\/cousolre\/126_001\/\" data-orig-file=\"https:\/\/i0.wp.com\/patrimoine-avesnois.fr\/chemin\/wp-content\/uploads\/2019\/08\/126_001.jpg?fit=836%2C586\" data-orig-size=\"836,586\" data-comments-opened=\"1\" data-image-meta=\"{&quot;aperture&quot;:&quot;0&quot;,&quot;credit&quot;:&quot;&quot;,&quot;camera&quot;:&quot;&quot;,&quot;caption&quot;:&quot;&quot;,&quot;created_timestamp&quot;:&quot;1567019510&quot;,&quot;copyright&quot;:&quot;&quot;,&quot;focal_length&quot;:&quot;0&quot;,&quot;iso&quot;:&quot;0&quot;,&quot;shutter_speed&quot;:&quot;0&quot;,&quot;title&quot;:&quot;&quot;,&quot;orientation&quot;:&quot;1&quot;}\" data-image-title=\"126_001\" data-image-description=\"\" data-image-caption=\"\" data-large-file=\"https:\/\/i0.wp.com\/patrimoine-avesnois.fr\/chemin\/wp-content\/uploads\/2019\/08\/126_001.jpg?fit=836%2C586\" src=\"https:\/\/i0.wp.com\/patrimoine-avesnois.fr\/chemin\/wp-content\/uploads\/2019\/08\/126_001.jpg?resize=698%2C489\" alt=\"\" class=\"wp-image-8219\" style=\"width:615px;height:430px\" srcset=\"https:\/\/i0.wp.com\/patrimoine-avesnois.fr\/chemin\/wp-content\/uploads\/2019\/08\/126_001.jpg?w=836 836w, https:\/\/i0.wp.com\/patrimoine-avesnois.fr\/chemin\/wp-content\/uploads\/2019\/08\/126_001.jpg?resize=300%2C210 300w, https:\/\/i0.wp.com\/patrimoine-avesnois.fr\/chemin\/wp-content\/uploads\/2019\/08\/126_001.jpg?resize=768%2C538 768w\" sizes=\"auto, (max-width: 836px) 85vw, 836px\" \/><figcaption class=\"wp-element-caption\">Cousolre et la douane<\/figcaption><\/figure>\n<\/div>\n\n<div class=\"wp-block-image\">\n<figure class=\"aligncenter size-full is-resized\"><img data-recalc-dims=\"1\" loading=\"lazy\" decoding=\"async\" width=\"840\" height=\"579\" data-attachment-id=\"18119\" data-permalink=\"http:\/\/patrimoine-avesnois.fr\/chemin\/les-anciens-postes-de-douane-en-avesnois\/cousolre1\/\" data-orig-file=\"https:\/\/i0.wp.com\/patrimoine-avesnois.fr\/chemin\/wp-content\/uploads\/2023\/06\/cousolre1.jpg?fit=856%2C590\" data-orig-size=\"856,590\" data-comments-opened=\"1\" data-image-meta=\"{&quot;aperture&quot;:&quot;0&quot;,&quot;credit&quot;:&quot;&quot;,&quot;camera&quot;:&quot;&quot;,&quot;caption&quot;:&quot;&quot;,&quot;created_timestamp&quot;:&quot;1686063592&quot;,&quot;copyright&quot;:&quot;&quot;,&quot;focal_length&quot;:&quot;0&quot;,&quot;iso&quot;:&quot;0&quot;,&quot;shutter_speed&quot;:&quot;0&quot;,&quot;title&quot;:&quot;&quot;,&quot;orientation&quot;:&quot;1&quot;}\" data-image-title=\"cousolre1\" data-image-description=\"\" data-image-caption=\"\" data-large-file=\"https:\/\/i0.wp.com\/patrimoine-avesnois.fr\/chemin\/wp-content\/uploads\/2023\/06\/cousolre1.jpg?fit=840%2C579\" src=\"https:\/\/i0.wp.com\/patrimoine-avesnois.fr\/chemin\/wp-content\/uploads\/2023\/06\/cousolre1.jpg?resize=840%2C579&#038;ssl=1\" alt=\"\" class=\"wp-image-18119\" style=\"width:615px;height:425px\" srcset=\"https:\/\/i0.wp.com\/patrimoine-avesnois.fr\/chemin\/wp-content\/uploads\/2023\/06\/cousolre1.jpg?w=856 856w, https:\/\/i0.wp.com\/patrimoine-avesnois.fr\/chemin\/wp-content\/uploads\/2023\/06\/cousolre1.jpg?resize=300%2C207 300w, https:\/\/i0.wp.com\/patrimoine-avesnois.fr\/chemin\/wp-content\/uploads\/2023\/06\/cousolre1.jpg?resize=768%2C529 768w\" sizes=\"auto, (max-width: 709px) 85vw, (max-width: 909px) 67vw, (max-width: 1362px) 62vw, 840px\" \/><figcaption class=\"wp-element-caption\">Douane Fran\u00e7aise Cousolre vers 1960 route de Beaumont<\/figcaption><\/figure>\n<\/div>\n\n<div class=\"wp-block-image\">\n<figure class=\"aligncenter size-large is-resized\"><img data-recalc-dims=\"1\" loading=\"lazy\" decoding=\"async\" width=\"840\" height=\"569\" data-attachment-id=\"18123\" data-permalink=\"http:\/\/patrimoine-avesnois.fr\/chemin\/les-anciens-postes-de-douane-en-avesnois\/cousolre2\/\" data-orig-file=\"https:\/\/i0.wp.com\/patrimoine-avesnois.fr\/chemin\/wp-content\/uploads\/2023\/06\/Cousolre2.jpg?fit=1418%2C961\" data-orig-size=\"1418,961\" data-comments-opened=\"1\" data-image-meta=\"{&quot;aperture&quot;:&quot;0&quot;,&quot;credit&quot;:&quot;&quot;,&quot;camera&quot;:&quot;&quot;,&quot;caption&quot;:&quot;&quot;,&quot;created_timestamp&quot;:&quot;1685562054&quot;,&quot;copyright&quot;:&quot;&quot;,&quot;focal_length&quot;:&quot;0&quot;,&quot;iso&quot;:&quot;0&quot;,&quot;shutter_speed&quot;:&quot;0&quot;,&quot;title&quot;:&quot;&quot;,&quot;orientation&quot;:&quot;1&quot;}\" data-image-title=\"Cousolre2\" data-image-description=\"\" data-image-caption=\"\" data-large-file=\"https:\/\/i0.wp.com\/patrimoine-avesnois.fr\/chemin\/wp-content\/uploads\/2023\/06\/Cousolre2.jpg?fit=840%2C569\" src=\"https:\/\/i0.wp.com\/patrimoine-avesnois.fr\/chemin\/wp-content\/uploads\/2023\/06\/Cousolre2-1024x694.jpg?resize=840%2C569&#038;ssl=1\" alt=\"\" class=\"wp-image-18123\" style=\"width:615px;height:416px\" srcset=\"https:\/\/i0.wp.com\/patrimoine-avesnois.fr\/chemin\/wp-content\/uploads\/2023\/06\/Cousolre2.jpg?resize=1024%2C694 1024w, https:\/\/i0.wp.com\/patrimoine-avesnois.fr\/chemin\/wp-content\/uploads\/2023\/06\/Cousolre2.jpg?resize=300%2C203 300w, https:\/\/i0.wp.com\/patrimoine-avesnois.fr\/chemin\/wp-content\/uploads\/2023\/06\/Cousolre2.jpg?resize=768%2C520 768w, https:\/\/i0.wp.com\/patrimoine-avesnois.fr\/chemin\/wp-content\/uploads\/2023\/06\/Cousolre2.jpg?resize=1200%2C813 1200w, https:\/\/i0.wp.com\/patrimoine-avesnois.fr\/chemin\/wp-content\/uploads\/2023\/06\/Cousolre2.jpg?w=1418 1418w\" sizes=\"auto, (max-width: 709px) 85vw, (max-width: 909px) 67vw, (max-width: 1362px) 62vw, 840px\" \/><figcaption class=\"wp-element-caption\">Douane Cousolre Bersillies<\/figcaption><\/figure>\n<\/div>\n\n<div class=\"wp-block-image\">\n<figure class=\"aligncenter size-full is-resized\"><img data-recalc-dims=\"1\" loading=\"lazy\" decoding=\"async\" width=\"840\" height=\"550\" data-attachment-id=\"18120\" data-permalink=\"http:\/\/patrimoine-avesnois.fr\/chemin\/les-anciens-postes-de-douane-en-avesnois\/image-2-19\/\" data-orig-file=\"https:\/\/i0.wp.com\/patrimoine-avesnois.fr\/chemin\/wp-content\/uploads\/2023\/06\/image-2.png?fit=844%2C553\" data-orig-size=\"844,553\" data-comments-opened=\"1\" data-image-meta=\"{&quot;aperture&quot;:&quot;0&quot;,&quot;credit&quot;:&quot;&quot;,&quot;camera&quot;:&quot;&quot;,&quot;caption&quot;:&quot;&quot;,&quot;created_timestamp&quot;:&quot;0&quot;,&quot;copyright&quot;:&quot;&quot;,&quot;focal_length&quot;:&quot;0&quot;,&quot;iso&quot;:&quot;0&quot;,&quot;shutter_speed&quot;:&quot;0&quot;,&quot;title&quot;:&quot;&quot;,&quot;orientation&quot;:&quot;0&quot;}\" data-image-title=\"image-2\" data-image-description=\"\" data-image-caption=\"\" data-large-file=\"https:\/\/i0.wp.com\/patrimoine-avesnois.fr\/chemin\/wp-content\/uploads\/2023\/06\/image-2.png?fit=840%2C550\" src=\"https:\/\/i0.wp.com\/patrimoine-avesnois.fr\/chemin\/wp-content\/uploads\/2023\/06\/image-2.png?resize=840%2C550&#038;ssl=1\" alt=\"\" class=\"wp-image-18120\" style=\"width:615px;height:403px\" srcset=\"https:\/\/i0.wp.com\/patrimoine-avesnois.fr\/chemin\/wp-content\/uploads\/2023\/06\/image-2.png?w=844 844w, https:\/\/i0.wp.com\/patrimoine-avesnois.fr\/chemin\/wp-content\/uploads\/2023\/06\/image-2.png?resize=300%2C197 300w, https:\/\/i0.wp.com\/patrimoine-avesnois.fr\/chemin\/wp-content\/uploads\/2023\/06\/image-2.png?resize=768%2C503 768w\" sizes=\"auto, (max-width: 709px) 85vw, (max-width: 909px) 67vw, (max-width: 1362px) 62vw, 840px\" \/><figcaption class=\"wp-element-caption\">Douane Cousolre vers Bersillies<\/figcaption><\/figure>\n<\/div>\n\n<div class=\"wp-block-image\">\n<figure class=\"aligncenter size-full is-resized\"><img data-recalc-dims=\"1\" loading=\"lazy\" decoding=\"async\" width=\"571\" height=\"399\" data-attachment-id=\"18121\" data-permalink=\"http:\/\/patrimoine-avesnois.fr\/chemin\/les-anciens-postes-de-douane-en-avesnois\/cousolre-cote-belge\/\" data-orig-file=\"https:\/\/i0.wp.com\/patrimoine-avesnois.fr\/chemin\/wp-content\/uploads\/2023\/06\/Cousolre-cote-belge.jpg?fit=571%2C399\" data-orig-size=\"571,399\" data-comments-opened=\"1\" data-image-meta=\"{&quot;aperture&quot;:&quot;0&quot;,&quot;credit&quot;:&quot;&quot;,&quot;camera&quot;:&quot;&quot;,&quot;caption&quot;:&quot;&quot;,&quot;created_timestamp&quot;:&quot;1686063768&quot;,&quot;copyright&quot;:&quot;&quot;,&quot;focal_length&quot;:&quot;0&quot;,&quot;iso&quot;:&quot;0&quot;,&quot;shutter_speed&quot;:&quot;0&quot;,&quot;title&quot;:&quot;&quot;,&quot;orientation&quot;:&quot;1&quot;}\" data-image-title=\"Cousolre-cote-belge\" data-image-description=\"\" data-image-caption=\"\" data-large-file=\"https:\/\/i0.wp.com\/patrimoine-avesnois.fr\/chemin\/wp-content\/uploads\/2023\/06\/Cousolre-cote-belge.jpg?fit=571%2C399\" src=\"https:\/\/i0.wp.com\/patrimoine-avesnois.fr\/chemin\/wp-content\/uploads\/2023\/06\/Cousolre-cote-belge.jpg?resize=571%2C399&#038;ssl=1\" alt=\"\" class=\"wp-image-18121\" style=\"width:615px;height:430px\" srcset=\"https:\/\/i0.wp.com\/patrimoine-avesnois.fr\/chemin\/wp-content\/uploads\/2023\/06\/Cousolre-cote-belge.jpg?w=571 571w, https:\/\/i0.wp.com\/patrimoine-avesnois.fr\/chemin\/wp-content\/uploads\/2023\/06\/Cousolre-cote-belge.jpg?resize=300%2C210 300w\" sizes=\"auto, (max-width: 571px) 85vw, 571px\" \/><figcaption class=\"wp-element-caption\">Douane Cousolre c\u00f4t\u00e9 Bersillies<\/figcaption><\/figure>\n<\/div>\n\n<div class=\"wp-block-image\">\n<figure class=\"aligncenter size-large is-resized\"><img data-recalc-dims=\"1\" loading=\"lazy\" decoding=\"async\" width=\"840\" height=\"630\" data-attachment-id=\"18162\" data-permalink=\"http:\/\/patrimoine-avesnois.fr\/chemin\/les-anciens-postes-de-douane-en-avesnois\/cousolre-40-rue-neuve-1\/\" data-orig-file=\"https:\/\/i0.wp.com\/patrimoine-avesnois.fr\/chemin\/wp-content\/uploads\/2023\/06\/Cousolre-40-rue-neuve-1.jpg?fit=1104%2C828\" data-orig-size=\"1104,828\" data-comments-opened=\"1\" data-image-meta=\"{&quot;aperture&quot;:&quot;0&quot;,&quot;credit&quot;:&quot;CARRE&quot;,&quot;camera&quot;:&quot;&quot;,&quot;caption&quot;:&quot;&quot;,&quot;created_timestamp&quot;:&quot;1686084911&quot;,&quot;copyright&quot;:&quot;&quot;,&quot;focal_length&quot;:&quot;0&quot;,&quot;iso&quot;:&quot;0&quot;,&quot;shutter_speed&quot;:&quot;0&quot;,&quot;title&quot;:&quot;&quot;,&quot;orientation&quot;:&quot;1&quot;}\" data-image-title=\"Cousolre-40-rue-neuve-1\" data-image-description=\"\" data-image-caption=\"\" data-large-file=\"https:\/\/i0.wp.com\/patrimoine-avesnois.fr\/chemin\/wp-content\/uploads\/2023\/06\/Cousolre-40-rue-neuve-1.jpg?fit=840%2C630\" src=\"https:\/\/i0.wp.com\/patrimoine-avesnois.fr\/chemin\/wp-content\/uploads\/2023\/06\/Cousolre-40-rue-neuve-1-1024x768.jpg?resize=840%2C630&#038;ssl=1\" alt=\"\" class=\"wp-image-18162\" style=\"width:615px;height:467px\" srcset=\"https:\/\/i0.wp.com\/patrimoine-avesnois.fr\/chemin\/wp-content\/uploads\/2023\/06\/Cousolre-40-rue-neuve-1.jpg?resize=1024%2C768 1024w, https:\/\/i0.wp.com\/patrimoine-avesnois.fr\/chemin\/wp-content\/uploads\/2023\/06\/Cousolre-40-rue-neuve-1.jpg?resize=300%2C225 300w, https:\/\/i0.wp.com\/patrimoine-avesnois.fr\/chemin\/wp-content\/uploads\/2023\/06\/Cousolre-40-rue-neuve-1.jpg?resize=768%2C576 768w, https:\/\/i0.wp.com\/patrimoine-avesnois.fr\/chemin\/wp-content\/uploads\/2023\/06\/Cousolre-40-rue-neuve-1.jpg?w=1104 1104w\" sizes=\"auto, (max-width: 709px) 85vw, (max-width: 909px) 67vw, (max-width: 1362px) 62vw, 840px\" \/><figcaption class=\"wp-element-caption\">Cousolre Ancien Bureau des Douanes <a rel=\"noreferrer noopener\" href=\"https:\/\/www.google.fr\/maps\/@50.2583499,4.1457917,3a,83.1y,111.82h,91t\/data=!3m6!1e1!3m4!1syQXhcvy1hYPk_WYo4Eaz0A!2e0!7i13312!8i6656?entry=ttu\" data-type=\"URL\" data-id=\"https:\/\/www.google.fr\/maps\/@50.2583499,4.1457917,3a,83.1y,111.82h,91t\/data=!3m6!1e1!3m4!1syQXhcvy1hYPk_WYo4Eaz0A!2e0!7i13312!8i6656?entry=ttu\" target=\"_blank\">40 Rue Neuve <\/a> (en direction de Bersillies l&rsquo;Abbaye)<\/figcaption><\/figure>\n<\/div>\n\n<div class=\"wp-block-image\">\n<figure class=\"aligncenter size-full is-resized\"><img data-recalc-dims=\"1\" loading=\"lazy\" decoding=\"async\" width=\"840\" height=\"501\" data-attachment-id=\"18163\" data-permalink=\"http:\/\/patrimoine-avesnois.fr\/chemin\/les-anciens-postes-de-douane-en-avesnois\/image-14-14\/\" data-orig-file=\"https:\/\/i0.wp.com\/patrimoine-avesnois.fr\/chemin\/wp-content\/uploads\/2023\/06\/image-14.png?fit=999%2C596\" data-orig-size=\"999,596\" data-comments-opened=\"1\" data-image-meta=\"{&quot;aperture&quot;:&quot;0&quot;,&quot;credit&quot;:&quot;&quot;,&quot;camera&quot;:&quot;&quot;,&quot;caption&quot;:&quot;&quot;,&quot;created_timestamp&quot;:&quot;0&quot;,&quot;copyright&quot;:&quot;&quot;,&quot;focal_length&quot;:&quot;0&quot;,&quot;iso&quot;:&quot;0&quot;,&quot;shutter_speed&quot;:&quot;0&quot;,&quot;title&quot;:&quot;&quot;,&quot;orientation&quot;:&quot;0&quot;}\" data-image-title=\"image-14\" data-image-description=\"\" data-image-caption=\"\" data-large-file=\"https:\/\/i0.wp.com\/patrimoine-avesnois.fr\/chemin\/wp-content\/uploads\/2023\/06\/image-14.png?fit=840%2C501\" src=\"https:\/\/i0.wp.com\/patrimoine-avesnois.fr\/chemin\/wp-content\/uploads\/2023\/06\/image-14.png?resize=840%2C501&#038;ssl=1\" alt=\"\" class=\"wp-image-18163\" style=\"width:615px;height:365px\" srcset=\"https:\/\/i0.wp.com\/patrimoine-avesnois.fr\/chemin\/wp-content\/uploads\/2023\/06\/image-14.png?w=999 999w, https:\/\/i0.wp.com\/patrimoine-avesnois.fr\/chemin\/wp-content\/uploads\/2023\/06\/image-14.png?resize=300%2C179 300w, https:\/\/i0.wp.com\/patrimoine-avesnois.fr\/chemin\/wp-content\/uploads\/2023\/06\/image-14.png?resize=768%2C458 768w\" sizes=\"auto, (max-width: 709px) 85vw, (max-width: 909px) 67vw, (max-width: 1362px) 62vw, 840px\" \/><figcaption class=\"wp-element-caption\">Douane Belge Cousolre Leugnies Beaumont<\/figcaption><\/figure>\n<\/div>\n\n<div class=\"wp-block-image\">\n<figure class=\"aligncenter size-large is-resized\"><img data-recalc-dims=\"1\" loading=\"lazy\" decoding=\"async\" width=\"840\" height=\"508\" data-attachment-id=\"18164\" data-permalink=\"http:\/\/patrimoine-avesnois.fr\/chemin\/les-anciens-postes-de-douane-en-avesnois\/image-15-14\/\" data-orig-file=\"https:\/\/i0.wp.com\/patrimoine-avesnois.fr\/chemin\/wp-content\/uploads\/2023\/06\/image-15.png?fit=1237%2C748\" data-orig-size=\"1237,748\" data-comments-opened=\"1\" data-image-meta=\"{&quot;aperture&quot;:&quot;0&quot;,&quot;credit&quot;:&quot;&quot;,&quot;camera&quot;:&quot;&quot;,&quot;caption&quot;:&quot;&quot;,&quot;created_timestamp&quot;:&quot;0&quot;,&quot;copyright&quot;:&quot;&quot;,&quot;focal_length&quot;:&quot;0&quot;,&quot;iso&quot;:&quot;0&quot;,&quot;shutter_speed&quot;:&quot;0&quot;,&quot;title&quot;:&quot;&quot;,&quot;orientation&quot;:&quot;0&quot;}\" data-image-title=\"image-15\" data-image-description=\"\" data-image-caption=\"\" data-large-file=\"https:\/\/i0.wp.com\/patrimoine-avesnois.fr\/chemin\/wp-content\/uploads\/2023\/06\/image-15.png?fit=840%2C508\" src=\"https:\/\/i0.wp.com\/patrimoine-avesnois.fr\/chemin\/wp-content\/uploads\/2023\/06\/image-15-1024x619.png?resize=840%2C508&#038;ssl=1\" alt=\"\" class=\"wp-image-18164\" style=\"width:615px;height:370px\" srcset=\"https:\/\/i0.wp.com\/patrimoine-avesnois.fr\/chemin\/wp-content\/uploads\/2023\/06\/image-15.png?resize=1024%2C619 1024w, https:\/\/i0.wp.com\/patrimoine-avesnois.fr\/chemin\/wp-content\/uploads\/2023\/06\/image-15.png?resize=300%2C181 300w, https:\/\/i0.wp.com\/patrimoine-avesnois.fr\/chemin\/wp-content\/uploads\/2023\/06\/image-15.png?resize=768%2C464 768w, https:\/\/i0.wp.com\/patrimoine-avesnois.fr\/chemin\/wp-content\/uploads\/2023\/06\/image-15.png?resize=1200%2C726 1200w, https:\/\/i0.wp.com\/patrimoine-avesnois.fr\/chemin\/wp-content\/uploads\/2023\/06\/image-15.png?w=1237 1237w\" sizes=\"auto, (max-width: 709px) 85vw, (max-width: 909px) 67vw, (max-width: 1362px) 62vw, 840px\" \/><figcaption class=\"wp-element-caption\">Le b\u00e2timent de la douane belge existe encore Photo <a href=\"https:\/\/www.google.fr\/maps\/@50.2276378,4.1795483,3a,37.5y,131.84h,91.42t\/data=!3m6!1e1!3m4!1s-d0w4c1Fjk_p29bvEsGEyQ!2e0!7i13312!8i6656?entry=ttu\" data-type=\"URL\" data-id=\"https:\/\/www.google.fr\/maps\/@50.2276378,4.1795483,3a,37.5y,131.84h,91.42t\/data=!3m6!1e1!3m4!1s-d0w4c1Fjk_p29bvEsGEyQ!2e0!7i13312!8i6656?entry=ttu\" target=\"_blank\" rel=\"noreferrer noopener\">Google 2018<\/a><\/figcaption><\/figure>\n<\/div>\n\n\n<figure class=\"wp-block-gallery has-nested-images columns-default is-cropped wp-block-gallery-1 is-layout-flex wp-block-gallery-is-layout-flex\">\n<figure class=\"wp-block-image size-large\"><img data-recalc-dims=\"1\" loading=\"lazy\" decoding=\"async\" width=\"460\" height=\"345\" data-attachment-id=\"18168\" data-permalink=\"http:\/\/patrimoine-avesnois.fr\/chemin\/les-anciens-postes-de-douane-en-avesnois\/beaumont-2\/\" data-orig-file=\"https:\/\/i0.wp.com\/patrimoine-avesnois.fr\/chemin\/wp-content\/uploads\/2023\/06\/Beaumont-2.jpg?fit=460%2C345\" data-orig-size=\"460,345\" data-comments-opened=\"1\" data-image-meta=\"{&quot;aperture&quot;:&quot;0&quot;,&quot;credit&quot;:&quot;CARRE&quot;,&quot;camera&quot;:&quot;&quot;,&quot;caption&quot;:&quot;&quot;,&quot;created_timestamp&quot;:&quot;1686087383&quot;,&quot;copyright&quot;:&quot;&quot;,&quot;focal_length&quot;:&quot;0&quot;,&quot;iso&quot;:&quot;0&quot;,&quot;shutter_speed&quot;:&quot;0&quot;,&quot;title&quot;:&quot;&quot;,&quot;orientation&quot;:&quot;1&quot;}\" data-image-title=\"Beaumont-2\" data-image-description=\"\" data-image-caption=\"\" data-large-file=\"https:\/\/i0.wp.com\/patrimoine-avesnois.fr\/chemin\/wp-content\/uploads\/2023\/06\/Beaumont-2.jpg?fit=460%2C345\" data-id=\"18168\" src=\"https:\/\/i0.wp.com\/patrimoine-avesnois.fr\/chemin\/wp-content\/uploads\/2023\/06\/Beaumont-2.jpg?resize=460%2C345&#038;ssl=1\" alt=\"\" class=\"wp-image-18168\" srcset=\"https:\/\/i0.wp.com\/patrimoine-avesnois.fr\/chemin\/wp-content\/uploads\/2023\/06\/Beaumont-2.jpg?w=460 460w, https:\/\/i0.wp.com\/patrimoine-avesnois.fr\/chemin\/wp-content\/uploads\/2023\/06\/Beaumont-2.jpg?resize=300%2C225 300w\" sizes=\"auto, (max-width: 460px) 85vw, 460px\" \/><\/figure>\n\n\n\n<figure class=\"wp-block-image size-large\"><img data-recalc-dims=\"1\" loading=\"lazy\" decoding=\"async\" width=\"475\" height=\"356\" data-attachment-id=\"18169\" data-permalink=\"http:\/\/patrimoine-avesnois.fr\/chemin\/les-anciens-postes-de-douane-en-avesnois\/beaumont2\/\" data-orig-file=\"https:\/\/i0.wp.com\/patrimoine-avesnois.fr\/chemin\/wp-content\/uploads\/2023\/06\/beaumont2.jpg?fit=475%2C356\" data-orig-size=\"475,356\" data-comments-opened=\"1\" data-image-meta=\"{&quot;aperture&quot;:&quot;0&quot;,&quot;credit&quot;:&quot;CARRE&quot;,&quot;camera&quot;:&quot;&quot;,&quot;caption&quot;:&quot;&quot;,&quot;created_timestamp&quot;:&quot;1686087409&quot;,&quot;copyright&quot;:&quot;&quot;,&quot;focal_length&quot;:&quot;0&quot;,&quot;iso&quot;:&quot;0&quot;,&quot;shutter_speed&quot;:&quot;0&quot;,&quot;title&quot;:&quot;&quot;,&quot;orientation&quot;:&quot;1&quot;}\" data-image-title=\"beaumont2\" data-image-description=\"\" data-image-caption=\"\" data-large-file=\"https:\/\/i0.wp.com\/patrimoine-avesnois.fr\/chemin\/wp-content\/uploads\/2023\/06\/beaumont2.jpg?fit=475%2C356\" data-id=\"18169\" src=\"https:\/\/i0.wp.com\/patrimoine-avesnois.fr\/chemin\/wp-content\/uploads\/2023\/06\/beaumont2.jpg?resize=475%2C356&#038;ssl=1\" alt=\"\" class=\"wp-image-18169\" srcset=\"https:\/\/i0.wp.com\/patrimoine-avesnois.fr\/chemin\/wp-content\/uploads\/2023\/06\/beaumont2.jpg?w=475 475w, https:\/\/i0.wp.com\/patrimoine-avesnois.fr\/chemin\/wp-content\/uploads\/2023\/06\/beaumont2.jpg?resize=300%2C225 300w\" sizes=\"auto, (max-width: 475px) 85vw, 475px\" \/><\/figure>\n<\/figure>\n\n\n\n<p class=\"has-bright-red-color has-text-color\">Hestrud<\/p>\n\n\n<div class=\"wp-block-image\">\n<figure class=\"aligncenter size-full is-resized\"><img data-recalc-dims=\"1\" loading=\"lazy\" decoding=\"async\" width=\"840\" height=\"546\" data-attachment-id=\"18131\" data-permalink=\"http:\/\/patrimoine-avesnois.fr\/chemin\/les-anciens-postes-de-douane-en-avesnois\/image-8-15\/\" data-orig-file=\"https:\/\/i0.wp.com\/patrimoine-avesnois.fr\/chemin\/wp-content\/uploads\/2023\/06\/image-8.png?fit=1024%2C665\" data-orig-size=\"1024,665\" data-comments-opened=\"1\" data-image-meta=\"{&quot;aperture&quot;:&quot;0&quot;,&quot;credit&quot;:&quot;&quot;,&quot;camera&quot;:&quot;&quot;,&quot;caption&quot;:&quot;&quot;,&quot;created_timestamp&quot;:&quot;0&quot;,&quot;copyright&quot;:&quot;&quot;,&quot;focal_length&quot;:&quot;0&quot;,&quot;iso&quot;:&quot;0&quot;,&quot;shutter_speed&quot;:&quot;0&quot;,&quot;title&quot;:&quot;&quot;,&quot;orientation&quot;:&quot;0&quot;}\" data-image-title=\"image-8\" data-image-description=\"\" data-image-caption=\"\" data-large-file=\"https:\/\/i0.wp.com\/patrimoine-avesnois.fr\/chemin\/wp-content\/uploads\/2023\/06\/image-8.png?fit=840%2C546\" src=\"https:\/\/i0.wp.com\/patrimoine-avesnois.fr\/chemin\/wp-content\/uploads\/2023\/06\/image-8.png?resize=840%2C546&#038;ssl=1\" alt=\"\" class=\"wp-image-18131\" style=\"width:615px;height:400px\" srcset=\"https:\/\/i0.wp.com\/patrimoine-avesnois.fr\/chemin\/wp-content\/uploads\/2023\/06\/image-8.png?w=1024 1024w, https:\/\/i0.wp.com\/patrimoine-avesnois.fr\/chemin\/wp-content\/uploads\/2023\/06\/image-8.png?resize=300%2C195 300w, https:\/\/i0.wp.com\/patrimoine-avesnois.fr\/chemin\/wp-content\/uploads\/2023\/06\/image-8.png?resize=768%2C499 768w\" sizes=\"auto, (max-width: 709px) 85vw, (max-width: 909px) 67vw, (max-width: 1362px) 62vw, 840px\" \/><figcaption class=\"wp-element-caption\">Bureau des Douanes Hestrud<\/figcaption><\/figure>\n<\/div>\n\n<div class=\"wp-block-image\">\n<figure class=\"aligncenter size-large is-resized\"><img data-recalc-dims=\"1\" loading=\"lazy\" decoding=\"async\" width=\"840\" height=\"553\" data-attachment-id=\"18136\" data-permalink=\"http:\/\/patrimoine-avesnois.fr\/chemin\/les-anciens-postes-de-douane-en-avesnois\/hestrud-2\/\" data-orig-file=\"https:\/\/i0.wp.com\/patrimoine-avesnois.fr\/chemin\/wp-content\/uploads\/2023\/06\/Hestrud.jpg?fit=1420%2C934\" data-orig-size=\"1420,934\" data-comments-opened=\"1\" data-image-meta=\"{&quot;aperture&quot;:&quot;0&quot;,&quot;credit&quot;:&quot;&quot;,&quot;camera&quot;:&quot;&quot;,&quot;caption&quot;:&quot;&quot;,&quot;created_timestamp&quot;:&quot;1685562180&quot;,&quot;copyright&quot;:&quot;&quot;,&quot;focal_length&quot;:&quot;0&quot;,&quot;iso&quot;:&quot;0&quot;,&quot;shutter_speed&quot;:&quot;0&quot;,&quot;title&quot;:&quot;&quot;,&quot;orientation&quot;:&quot;1&quot;}\" data-image-title=\"Hestrud\" data-image-description=\"\" data-image-caption=\"\" data-large-file=\"https:\/\/i0.wp.com\/patrimoine-avesnois.fr\/chemin\/wp-content\/uploads\/2023\/06\/Hestrud.jpg?fit=840%2C553\" src=\"https:\/\/i0.wp.com\/patrimoine-avesnois.fr\/chemin\/wp-content\/uploads\/2023\/06\/Hestrud-1024x674.jpg?resize=840%2C553&#038;ssl=1\" alt=\"\" class=\"wp-image-18136\" style=\"width:615px;height:405px\" srcset=\"https:\/\/i0.wp.com\/patrimoine-avesnois.fr\/chemin\/wp-content\/uploads\/2023\/06\/Hestrud.jpg?resize=1024%2C674 1024w, https:\/\/i0.wp.com\/patrimoine-avesnois.fr\/chemin\/wp-content\/uploads\/2023\/06\/Hestrud.jpg?resize=300%2C197 300w, https:\/\/i0.wp.com\/patrimoine-avesnois.fr\/chemin\/wp-content\/uploads\/2023\/06\/Hestrud.jpg?resize=768%2C505 768w, https:\/\/i0.wp.com\/patrimoine-avesnois.fr\/chemin\/wp-content\/uploads\/2023\/06\/Hestrud.jpg?resize=1200%2C789 1200w, https:\/\/i0.wp.com\/patrimoine-avesnois.fr\/chemin\/wp-content\/uploads\/2023\/06\/Hestrud.jpg?w=1420 1420w\" sizes=\"auto, (max-width: 709px) 85vw, (max-width: 909px) 67vw, (max-width: 1362px) 62vw, 840px\" \/><\/figure>\n<\/div>\n\n<div class=\"wp-block-image\">\n<figure class=\"aligncenter size-large is-resized\"><img data-recalc-dims=\"1\" loading=\"lazy\" decoding=\"async\" width=\"840\" height=\"537\" data-attachment-id=\"18135\" data-permalink=\"http:\/\/patrimoine-avesnois.fr\/chemin\/les-anciens-postes-de-douane-en-avesnois\/hestrud4\/\" data-orig-file=\"https:\/\/i0.wp.com\/patrimoine-avesnois.fr\/chemin\/wp-content\/uploads\/2023\/06\/Hestrud4.jpg?fit=1625%2C1040\" data-orig-size=\"1625,1040\" data-comments-opened=\"1\" data-image-meta=\"{&quot;aperture&quot;:&quot;0&quot;,&quot;credit&quot;:&quot;&quot;,&quot;camera&quot;:&quot;&quot;,&quot;caption&quot;:&quot;&quot;,&quot;created_timestamp&quot;:&quot;1685564662&quot;,&quot;copyright&quot;:&quot;&quot;,&quot;focal_length&quot;:&quot;0&quot;,&quot;iso&quot;:&quot;0&quot;,&quot;shutter_speed&quot;:&quot;0&quot;,&quot;title&quot;:&quot;&quot;,&quot;orientation&quot;:&quot;1&quot;}\" data-image-title=\"Hestrud4\" data-image-description=\"\" data-image-caption=\"\" data-large-file=\"https:\/\/i0.wp.com\/patrimoine-avesnois.fr\/chemin\/wp-content\/uploads\/2023\/06\/Hestrud4.jpg?fit=840%2C537\" src=\"https:\/\/i0.wp.com\/patrimoine-avesnois.fr\/chemin\/wp-content\/uploads\/2023\/06\/Hestrud4-1024x655.jpg?resize=840%2C537&#038;ssl=1\" alt=\"\" class=\"wp-image-18135\" style=\"width:612px;height:393px\" srcset=\"https:\/\/i0.wp.com\/patrimoine-avesnois.fr\/chemin\/wp-content\/uploads\/2023\/06\/Hestrud4.jpg?resize=1024%2C655 1024w, https:\/\/i0.wp.com\/patrimoine-avesnois.fr\/chemin\/wp-content\/uploads\/2023\/06\/Hestrud4.jpg?resize=300%2C192 300w, https:\/\/i0.wp.com\/patrimoine-avesnois.fr\/chemin\/wp-content\/uploads\/2023\/06\/Hestrud4.jpg?resize=768%2C492 768w, https:\/\/i0.wp.com\/patrimoine-avesnois.fr\/chemin\/wp-content\/uploads\/2023\/06\/Hestrud4.jpg?resize=1536%2C983 1536w, https:\/\/i0.wp.com\/patrimoine-avesnois.fr\/chemin\/wp-content\/uploads\/2023\/06\/Hestrud4.jpg?resize=1200%2C768 1200w, https:\/\/i0.wp.com\/patrimoine-avesnois.fr\/chemin\/wp-content\/uploads\/2023\/06\/Hestrud4.jpg?w=1625 1625w\" sizes=\"auto, (max-width: 709px) 85vw, (max-width: 909px) 67vw, (max-width: 1362px) 62vw, 840px\" \/><figcaption class=\"wp-element-caption\">Poste de Douane Hestrud<\/figcaption><\/figure>\n<\/div>\n\n<div class=\"wp-block-image\">\n<figure class=\"aligncenter size-full is-resized\"><img data-recalc-dims=\"1\" loading=\"lazy\" decoding=\"async\" width=\"793\" height=\"520\" data-attachment-id=\"18139\" data-permalink=\"http:\/\/patrimoine-avesnois.fr\/chemin\/les-anciens-postes-de-douane-en-avesnois\/hestrud5\/\" data-orig-file=\"https:\/\/i0.wp.com\/patrimoine-avesnois.fr\/chemin\/wp-content\/uploads\/2023\/06\/Hestrud5.jpg?fit=793%2C520\" data-orig-size=\"793,520\" data-comments-opened=\"1\" data-image-meta=\"{&quot;aperture&quot;:&quot;0&quot;,&quot;credit&quot;:&quot;&quot;,&quot;camera&quot;:&quot;&quot;,&quot;caption&quot;:&quot;&quot;,&quot;created_timestamp&quot;:&quot;1686066278&quot;,&quot;copyright&quot;:&quot;&quot;,&quot;focal_length&quot;:&quot;0&quot;,&quot;iso&quot;:&quot;0&quot;,&quot;shutter_speed&quot;:&quot;0&quot;,&quot;title&quot;:&quot;&quot;,&quot;orientation&quot;:&quot;1&quot;}\" data-image-title=\"Hestrud5\" data-image-description=\"\" data-image-caption=\"\" data-large-file=\"https:\/\/i0.wp.com\/patrimoine-avesnois.fr\/chemin\/wp-content\/uploads\/2023\/06\/Hestrud5.jpg?fit=793%2C520\" src=\"https:\/\/i0.wp.com\/patrimoine-avesnois.fr\/chemin\/wp-content\/uploads\/2023\/06\/Hestrud5.jpg?resize=793%2C520&#038;ssl=1\" alt=\"\" class=\"wp-image-18139\" style=\"width:615px;height:404px\" srcset=\"https:\/\/i0.wp.com\/patrimoine-avesnois.fr\/chemin\/wp-content\/uploads\/2023\/06\/Hestrud5.jpg?w=793 793w, https:\/\/i0.wp.com\/patrimoine-avesnois.fr\/chemin\/wp-content\/uploads\/2023\/06\/Hestrud5.jpg?resize=300%2C197 300w, https:\/\/i0.wp.com\/patrimoine-avesnois.fr\/chemin\/wp-content\/uploads\/2023\/06\/Hestrud5.jpg?resize=768%2C504 768w\" sizes=\"auto, (max-width: 793px) 85vw, 793px\" \/><\/figure>\n<\/div>\n\n<div class=\"wp-block-image\">\n<figure class=\"aligncenter size-large is-resized\"><img data-recalc-dims=\"1\" loading=\"lazy\" decoding=\"async\" width=\"722\" height=\"1024\" data-attachment-id=\"18138\" data-permalink=\"http:\/\/patrimoine-avesnois.fr\/chemin\/les-anciens-postes-de-douane-en-avesnois\/hestrud3-1\/\" data-orig-file=\"https:\/\/i0.wp.com\/patrimoine-avesnois.fr\/chemin\/wp-content\/uploads\/2023\/06\/Hestrud3-1.jpg?fit=1040%2C1475\" data-orig-size=\"1040,1475\" data-comments-opened=\"1\" data-image-meta=\"{&quot;aperture&quot;:&quot;0&quot;,&quot;credit&quot;:&quot;&quot;,&quot;camera&quot;:&quot;&quot;,&quot;caption&quot;:&quot;&quot;,&quot;created_timestamp&quot;:&quot;1685564170&quot;,&quot;copyright&quot;:&quot;&quot;,&quot;focal_length&quot;:&quot;0&quot;,&quot;iso&quot;:&quot;0&quot;,&quot;shutter_speed&quot;:&quot;0&quot;,&quot;title&quot;:&quot;&quot;,&quot;orientation&quot;:&quot;1&quot;}\" data-image-title=\"Hestrud3-1\" data-image-description=\"\" data-image-caption=\"\" data-large-file=\"https:\/\/i0.wp.com\/patrimoine-avesnois.fr\/chemin\/wp-content\/uploads\/2023\/06\/Hestrud3-1.jpg?fit=722%2C1024\" src=\"https:\/\/i0.wp.com\/patrimoine-avesnois.fr\/chemin\/wp-content\/uploads\/2023\/06\/Hestrud3-1-722x1024.jpg?resize=722%2C1024&#038;ssl=1\" alt=\"\" class=\"wp-image-18138\" style=\"width:361px;height:512px\" srcset=\"https:\/\/i0.wp.com\/patrimoine-avesnois.fr\/chemin\/wp-content\/uploads\/2023\/06\/Hestrud3-1.jpg?resize=722%2C1024 722w, https:\/\/i0.wp.com\/patrimoine-avesnois.fr\/chemin\/wp-content\/uploads\/2023\/06\/Hestrud3-1.jpg?resize=212%2C300 212w, https:\/\/i0.wp.com\/patrimoine-avesnois.fr\/chemin\/wp-content\/uploads\/2023\/06\/Hestrud3-1.jpg?resize=768%2C1089 768w, https:\/\/i0.wp.com\/patrimoine-avesnois.fr\/chemin\/wp-content\/uploads\/2023\/06\/Hestrud3-1.jpg?w=1040 1040w\" sizes=\"auto, (max-width: 722px) 85vw, 722px\" \/><figcaption class=\"wp-element-caption\"><a href=\"http:\/\/www.hestrud.fr\/le-musee-de-la-douane.html\" data-type=\"URL\" data-id=\"http:\/\/www.hestrud.fr\/le-musee-de-la-douane.html\" target=\"_blank\" rel=\"noreferrer noopener\">Mus\u00e9e de la douane Hestrud<\/a><\/figcaption><\/figure>\n<\/div>\n\n\n<p class=\"has-bright-red-color has-text-color\">Beaurieux <\/p>\n\n\n<div class=\"wp-block-image\">\n<figure class=\"aligncenter size-large is-resized\"><img data-recalc-dims=\"1\" loading=\"lazy\" decoding=\"async\" width=\"840\" height=\"536\" data-attachment-id=\"18142\" data-permalink=\"http:\/\/patrimoine-avesnois.fr\/chemin\/les-anciens-postes-de-douane-en-avesnois\/beaurieux-1\/\" data-orig-file=\"https:\/\/i0.wp.com\/patrimoine-avesnois.fr\/chemin\/wp-content\/uploads\/2023\/06\/Beaurieux-1.jpg?fit=1616%2C1030\" data-orig-size=\"1616,1030\" data-comments-opened=\"1\" data-image-meta=\"{&quot;aperture&quot;:&quot;0&quot;,&quot;credit&quot;:&quot;&quot;,&quot;camera&quot;:&quot;&quot;,&quot;caption&quot;:&quot;&quot;,&quot;created_timestamp&quot;:&quot;1686066530&quot;,&quot;copyright&quot;:&quot;&quot;,&quot;focal_length&quot;:&quot;0&quot;,&quot;iso&quot;:&quot;0&quot;,&quot;shutter_speed&quot;:&quot;0&quot;,&quot;title&quot;:&quot;&quot;,&quot;orientation&quot;:&quot;1&quot;}\" data-image-title=\"Beaurieux-1\" data-image-description=\"\" data-image-caption=\"\" data-large-file=\"https:\/\/i0.wp.com\/patrimoine-avesnois.fr\/chemin\/wp-content\/uploads\/2023\/06\/Beaurieux-1.jpg?fit=840%2C536\" src=\"https:\/\/i0.wp.com\/patrimoine-avesnois.fr\/chemin\/wp-content\/uploads\/2023\/06\/Beaurieux-1-1024x653.jpg?resize=840%2C536&#038;ssl=1\" alt=\"\" class=\"wp-image-18142\" style=\"width:610px;height:392px\" srcset=\"https:\/\/i0.wp.com\/patrimoine-avesnois.fr\/chemin\/wp-content\/uploads\/2023\/06\/Beaurieux-1.jpg?resize=1024%2C653 1024w, https:\/\/i0.wp.com\/patrimoine-avesnois.fr\/chemin\/wp-content\/uploads\/2023\/06\/Beaurieux-1.jpg?resize=300%2C191 300w, https:\/\/i0.wp.com\/patrimoine-avesnois.fr\/chemin\/wp-content\/uploads\/2023\/06\/Beaurieux-1.jpg?resize=768%2C490 768w, https:\/\/i0.wp.com\/patrimoine-avesnois.fr\/chemin\/wp-content\/uploads\/2023\/06\/Beaurieux-1.jpg?resize=1536%2C979 1536w, https:\/\/i0.wp.com\/patrimoine-avesnois.fr\/chemin\/wp-content\/uploads\/2023\/06\/Beaurieux-1.jpg?resize=1200%2C765 1200w, https:\/\/i0.wp.com\/patrimoine-avesnois.fr\/chemin\/wp-content\/uploads\/2023\/06\/Beaurieux-1.jpg?w=1616 1616w\" sizes=\"auto, (max-width: 709px) 85vw, (max-width: 909px) 67vw, (max-width: 1362px) 62vw, 840px\" \/><figcaption class=\"wp-element-caption\">A la Douane Beaurieux Fran\u00e7aise sur Beaurieux<\/figcaption><\/figure>\n<\/div>\n\n\n<figure class=\"wp-block-gallery has-nested-images columns-default is-cropped wp-block-gallery-2 is-layout-flex wp-block-gallery-is-layout-flex\">\n<figure class=\"wp-block-image size-large\"><img data-recalc-dims=\"1\" loading=\"lazy\" decoding=\"async\" width=\"644\" height=\"483\" data-attachment-id=\"18172\" data-permalink=\"http:\/\/patrimoine-avesnois.fr\/chemin\/les-anciens-postes-de-douane-en-avesnois\/sivry\/\" data-orig-file=\"https:\/\/i0.wp.com\/patrimoine-avesnois.fr\/chemin\/wp-content\/uploads\/2023\/06\/Sivry.jpg?fit=644%2C483\" data-orig-size=\"644,483\" data-comments-opened=\"1\" data-image-meta=\"{&quot;aperture&quot;:&quot;0&quot;,&quot;credit&quot;:&quot;CARRE&quot;,&quot;camera&quot;:&quot;&quot;,&quot;caption&quot;:&quot;&quot;,&quot;created_timestamp&quot;:&quot;1686088768&quot;,&quot;copyright&quot;:&quot;&quot;,&quot;focal_length&quot;:&quot;0&quot;,&quot;iso&quot;:&quot;0&quot;,&quot;shutter_speed&quot;:&quot;0&quot;,&quot;title&quot;:&quot;&quot;,&quot;orientation&quot;:&quot;1&quot;}\" data-image-title=\"Sivry\" data-image-description=\"\" data-image-caption=\"\" data-large-file=\"https:\/\/i0.wp.com\/patrimoine-avesnois.fr\/chemin\/wp-content\/uploads\/2023\/06\/Sivry.jpg?fit=644%2C483\" data-id=\"18172\" src=\"https:\/\/i0.wp.com\/patrimoine-avesnois.fr\/chemin\/wp-content\/uploads\/2023\/06\/Sivry.jpg?resize=644%2C483&#038;ssl=1\" alt=\"\" class=\"wp-image-18172\" srcset=\"https:\/\/i0.wp.com\/patrimoine-avesnois.fr\/chemin\/wp-content\/uploads\/2023\/06\/Sivry.jpg?w=644 644w, https:\/\/i0.wp.com\/patrimoine-avesnois.fr\/chemin\/wp-content\/uploads\/2023\/06\/Sivry.jpg?resize=300%2C225 300w\" sizes=\"auto, (max-width: 644px) 85vw, 644px\" \/><\/figure>\n\n\n\n<figure class=\"wp-block-image size-large\"><img data-recalc-dims=\"1\" loading=\"lazy\" decoding=\"async\" width=\"660\" height=\"494\" data-attachment-id=\"18173\" data-permalink=\"http:\/\/patrimoine-avesnois.fr\/chemin\/les-anciens-postes-de-douane-en-avesnois\/sivry2\/\" data-orig-file=\"https:\/\/i0.wp.com\/patrimoine-avesnois.fr\/chemin\/wp-content\/uploads\/2023\/06\/Sivry2.jpg?fit=660%2C494\" data-orig-size=\"660,494\" data-comments-opened=\"1\" data-image-meta=\"{&quot;aperture&quot;:&quot;0&quot;,&quot;credit&quot;:&quot;CARRE&quot;,&quot;camera&quot;:&quot;&quot;,&quot;caption&quot;:&quot;&quot;,&quot;created_timestamp&quot;:&quot;1686088797&quot;,&quot;copyright&quot;:&quot;&quot;,&quot;focal_length&quot;:&quot;0&quot;,&quot;iso&quot;:&quot;0&quot;,&quot;shutter_speed&quot;:&quot;0&quot;,&quot;title&quot;:&quot;&quot;,&quot;orientation&quot;:&quot;1&quot;}\" data-image-title=\"Sivry2\" data-image-description=\"\" data-image-caption=\"\" data-large-file=\"https:\/\/i0.wp.com\/patrimoine-avesnois.fr\/chemin\/wp-content\/uploads\/2023\/06\/Sivry2.jpg?fit=660%2C494\" data-id=\"18173\" src=\"https:\/\/i0.wp.com\/patrimoine-avesnois.fr\/chemin\/wp-content\/uploads\/2023\/06\/Sivry2.jpg?resize=660%2C494&#038;ssl=1\" alt=\"\" class=\"wp-image-18173\" srcset=\"https:\/\/i0.wp.com\/patrimoine-avesnois.fr\/chemin\/wp-content\/uploads\/2023\/06\/Sivry2.jpg?w=660 660w, https:\/\/i0.wp.com\/patrimoine-avesnois.fr\/chemin\/wp-content\/uploads\/2023\/06\/Sivry2.jpg?resize=300%2C225 300w\" sizes=\"auto, (max-width: 660px) 85vw, 660px\" \/><\/figure>\n<\/figure>\n\n\n\n<p>Le m\u00eame emplacement rue de la Marzelle direction Beaumont Sivry en 2009 et en 2019<\/p>\n\n\n<div class=\"wp-block-image\">\n<figure class=\"aligncenter size-full is-resized\"><img data-recalc-dims=\"1\" loading=\"lazy\" decoding=\"async\" width=\"840\" height=\"629\" data-attachment-id=\"18143\" data-permalink=\"http:\/\/patrimoine-avesnois.fr\/chemin\/les-anciens-postes-de-douane-en-avesnois\/beaurieux1\/\" data-orig-file=\"https:\/\/i0.wp.com\/patrimoine-avesnois.fr\/chemin\/wp-content\/uploads\/2023\/06\/Beaurieux1.jpg?fit=853%2C639\" data-orig-size=\"853,639\" data-comments-opened=\"1\" data-image-meta=\"{&quot;aperture&quot;:&quot;0&quot;,&quot;credit&quot;:&quot;CARRE&quot;,&quot;camera&quot;:&quot;&quot;,&quot;caption&quot;:&quot;&quot;,&quot;created_timestamp&quot;:&quot;1686067344&quot;,&quot;copyright&quot;:&quot;&quot;,&quot;focal_length&quot;:&quot;0&quot;,&quot;iso&quot;:&quot;0&quot;,&quot;shutter_speed&quot;:&quot;0&quot;,&quot;title&quot;:&quot;&quot;,&quot;orientation&quot;:&quot;1&quot;}\" data-image-title=\"Beaurieux1\" data-image-description=\"\" data-image-caption=\"\" data-large-file=\"https:\/\/i0.wp.com\/patrimoine-avesnois.fr\/chemin\/wp-content\/uploads\/2023\/06\/Beaurieux1.jpg?fit=840%2C629\" src=\"https:\/\/i0.wp.com\/patrimoine-avesnois.fr\/chemin\/wp-content\/uploads\/2023\/06\/Beaurieux1.jpg?resize=840%2C629&#038;ssl=1\" alt=\"\" class=\"wp-image-18143\" style=\"width:615px;height:460px\" srcset=\"https:\/\/i0.wp.com\/patrimoine-avesnois.fr\/chemin\/wp-content\/uploads\/2023\/06\/Beaurieux1.jpg?w=853 853w, https:\/\/i0.wp.com\/patrimoine-avesnois.fr\/chemin\/wp-content\/uploads\/2023\/06\/Beaurieux1.jpg?resize=300%2C225 300w, https:\/\/i0.wp.com\/patrimoine-avesnois.fr\/chemin\/wp-content\/uploads\/2023\/06\/Beaurieux1.jpg?resize=768%2C575 768w\" sizes=\"auto, (max-width: 709px) 85vw, (max-width: 909px) 67vw, (max-width: 1362px) 62vw, 840px\" \/><figcaption class=\"wp-element-caption\">La Douane de Beaurieux en 2018<\/figcaption><\/figure>\n<\/div>\n\n\n<div class=\"wp-block-media-text alignwide is-stacked-on-mobile\" style=\"grid-template-columns:71% auto\"><figure class=\"wp-block-media-text__media\"><img data-recalc-dims=\"1\" loading=\"lazy\" decoding=\"async\" width=\"706\" height=\"530\" data-attachment-id=\"18149\" data-permalink=\"http:\/\/patrimoine-avesnois.fr\/chemin\/les-anciens-postes-de-douane-en-avesnois\/image-13-4-2\/\" data-orig-file=\"https:\/\/i0.wp.com\/patrimoine-avesnois.fr\/chemin\/wp-content\/uploads\/2023\/06\/image-13-4.png?fit=706%2C530\" data-orig-size=\"706,530\" data-comments-opened=\"1\" data-image-meta=\"{&quot;aperture&quot;:&quot;0&quot;,&quot;credit&quot;:&quot;&quot;,&quot;camera&quot;:&quot;&quot;,&quot;caption&quot;:&quot;&quot;,&quot;created_timestamp&quot;:&quot;0&quot;,&quot;copyright&quot;:&quot;&quot;,&quot;focal_length&quot;:&quot;0&quot;,&quot;iso&quot;:&quot;0&quot;,&quot;shutter_speed&quot;:&quot;0&quot;,&quot;title&quot;:&quot;&quot;,&quot;orientation&quot;:&quot;0&quot;}\" data-image-title=\"image-13-4\" data-image-description=\"\" data-image-caption=\"\" data-large-file=\"https:\/\/i0.wp.com\/patrimoine-avesnois.fr\/chemin\/wp-content\/uploads\/2023\/06\/image-13-4.png?fit=706%2C530\" src=\"https:\/\/i0.wp.com\/patrimoine-avesnois.fr\/chemin\/wp-content\/uploads\/2023\/06\/image-13-4.png?resize=706%2C530&#038;ssl=1\" alt=\"\" class=\"wp-image-18149 size-full\" srcset=\"https:\/\/i0.wp.com\/patrimoine-avesnois.fr\/chemin\/wp-content\/uploads\/2023\/06\/image-13-4.png?w=706 706w, https:\/\/i0.wp.com\/patrimoine-avesnois.fr\/chemin\/wp-content\/uploads\/2023\/06\/image-13-4.png?resize=300%2C225 300w\" sizes=\"auto, (max-width: 706px) 85vw, 706px\" \/><\/figure><div class=\"wp-block-media-text__content\">\n<p>L\u2019ancienne douane, utilis\u00e9e de 1871 jusque dans les ann\u00e9es&nbsp;70, au lieu-dit \u00ab&nbsp;La Motte&nbsp;\u00bb a \u00e9t\u00e9 restaur\u00e9e et inaugur\u00e9e en juin 2022<\/p>\n<\/div><\/div>\n\n\n\n<p>Lors de cette inauguration le maire M Emmanuel Dursent confia que&nbsp;: \u00ab&nbsp;<em>cette b\u00e2tisse fera l\u2019objet d\u2019un circuit par le mus\u00e9e de la douane d\u2019Hestrud, et pourquoi pas devenir une chambre d\u2019h\u00f4te insolite \u00e0 l\u2019avenir&nbsp;?<\/em>&nbsp;\u00bb. Photo et Source <a rel=\"noreferrer noopener\" href=\"https:\/\/www.lavoixdunord.fr\/1198947\/article\/2022-06-28\/beaurieux-fait-peau-neuve-l-ancienne-douane-les-vitraux-de-l-eglise-et-le\" data-type=\"URL\" data-id=\"https:\/\/www.lavoixdunord.fr\/1198947\/article\/2022-06-28\/beaurieux-fait-peau-neuve-l-ancienne-douane-les-vitraux-de-l-eglise-et-le\" target=\"_blank\">La Voix du Nord<\/a><\/p>\n\n\n\n<p class=\"has-bright-red-color has-text-color\">Clairfayts<\/p>\n\n\n\n<p>Personnel des douanes \u00e0 Clairfayts relev\u00e9 dans la base de donn\u00e9es nominative dress\u00e9e en 2014 par Jean-Pierre Minel sous la direction de Mireille Jean, directrice des Archives d\u00e9partementales : Le receveur Blancho, le Brigadier Adam, le Sous Brigadier Denamur, les pr\u00e9pos\u00e9s Bar, Charon, Flament, Langlois, Legros, Petit, Rousseau puis par la suite le brigadier Pech. <\/p>\n\n\n\n<p>Ce personnel \u00e9volue en tant que douanier dans les ann\u00e9es 1830 1870 car par exemple Pierre Rousseau est n\u00e9 vers 1798 \u00e0 Feignies, se marie dans la commune en 1820, est pr\u00e9pos\u00e9 des douanes en 1834 \u00e0 Felleries  et d\u00e9c\u00e8de en 1885 \u00e0 Clairfayts. En 1820 son beau p\u00e8re Fran\u00e7ois Lhotellerie \u00e9tait \u00e9galement pr\u00e9pos\u00e9 des douanes.<\/p>\n\n\n\n<p class=\"has-bright-red-color has-text-color\">Eppe-Sauvage<\/p>\n\n\n<div class=\"wp-block-image\">\n<figure class=\"aligncenter size-large is-resized\"><img data-recalc-dims=\"1\" loading=\"lazy\" decoding=\"async\" width=\"840\" height=\"546\" data-attachment-id=\"18152\" data-permalink=\"http:\/\/patrimoine-avesnois.fr\/chemin\/les-anciens-postes-de-douane-en-avesnois\/eppe-sauvage-2\/\" data-orig-file=\"https:\/\/i0.wp.com\/patrimoine-avesnois.fr\/chemin\/wp-content\/uploads\/2023\/06\/Eppe-Sauvage.jpg?fit=1503%2C978\" data-orig-size=\"1503,978\" data-comments-opened=\"1\" data-image-meta=\"{&quot;aperture&quot;:&quot;0&quot;,&quot;credit&quot;:&quot;&quot;,&quot;camera&quot;:&quot;&quot;,&quot;caption&quot;:&quot;&quot;,&quot;created_timestamp&quot;:&quot;1685560648&quot;,&quot;copyright&quot;:&quot;&quot;,&quot;focal_length&quot;:&quot;0&quot;,&quot;iso&quot;:&quot;0&quot;,&quot;shutter_speed&quot;:&quot;0&quot;,&quot;title&quot;:&quot;&quot;,&quot;orientation&quot;:&quot;1&quot;}\" data-image-title=\"Eppe-Sauvage\" data-image-description=\"\" data-image-caption=\"\" data-large-file=\"https:\/\/i0.wp.com\/patrimoine-avesnois.fr\/chemin\/wp-content\/uploads\/2023\/06\/Eppe-Sauvage.jpg?fit=840%2C546\" src=\"https:\/\/i0.wp.com\/patrimoine-avesnois.fr\/chemin\/wp-content\/uploads\/2023\/06\/Eppe-Sauvage-1024x666.jpg?resize=840%2C546&#038;ssl=1\" alt=\"\" class=\"wp-image-18152\" style=\"width:615px;height:400px\" srcset=\"https:\/\/i0.wp.com\/patrimoine-avesnois.fr\/chemin\/wp-content\/uploads\/2023\/06\/Eppe-Sauvage.jpg?resize=1024%2C666 1024w, https:\/\/i0.wp.com\/patrimoine-avesnois.fr\/chemin\/wp-content\/uploads\/2023\/06\/Eppe-Sauvage.jpg?resize=300%2C195 300w, https:\/\/i0.wp.com\/patrimoine-avesnois.fr\/chemin\/wp-content\/uploads\/2023\/06\/Eppe-Sauvage.jpg?resize=768%2C500 768w, https:\/\/i0.wp.com\/patrimoine-avesnois.fr\/chemin\/wp-content\/uploads\/2023\/06\/Eppe-Sauvage.jpg?resize=1200%2C781 1200w, https:\/\/i0.wp.com\/patrimoine-avesnois.fr\/chemin\/wp-content\/uploads\/2023\/06\/Eppe-Sauvage.jpg?w=1503 1503w\" sizes=\"auto, (max-width: 709px) 85vw, (max-width: 909px) 67vw, (max-width: 1362px) 62vw, 840px\" \/><figcaption class=\"wp-element-caption\">Douane Eppe Sauvage<\/figcaption><\/figure>\n<\/div>\n\n<div class=\"wp-block-image\">\n<figure class=\"aligncenter size-large is-resized\"><img data-recalc-dims=\"1\" loading=\"lazy\" decoding=\"async\" width=\"840\" height=\"535\" data-attachment-id=\"18156\" data-permalink=\"http:\/\/patrimoine-avesnois.fr\/chemin\/les-anciens-postes-de-douane-en-avesnois\/eppe-sauvage-2-2\/\" data-orig-file=\"https:\/\/i0.wp.com\/patrimoine-avesnois.fr\/chemin\/wp-content\/uploads\/2023\/06\/Eppe-Sauvage-2.jpg?fit=1251%2C797\" data-orig-size=\"1251,797\" data-comments-opened=\"1\" data-image-meta=\"{&quot;aperture&quot;:&quot;0&quot;,&quot;credit&quot;:&quot;&quot;,&quot;camera&quot;:&quot;&quot;,&quot;caption&quot;:&quot;&quot;,&quot;created_timestamp&quot;:&quot;1686070788&quot;,&quot;copyright&quot;:&quot;&quot;,&quot;focal_length&quot;:&quot;0&quot;,&quot;iso&quot;:&quot;0&quot;,&quot;shutter_speed&quot;:&quot;0&quot;,&quot;title&quot;:&quot;&quot;,&quot;orientation&quot;:&quot;1&quot;}\" data-image-title=\"Eppe-Sauvage-2\" data-image-description=\"\" data-image-caption=\"\" data-large-file=\"https:\/\/i0.wp.com\/patrimoine-avesnois.fr\/chemin\/wp-content\/uploads\/2023\/06\/Eppe-Sauvage-2.jpg?fit=840%2C535\" src=\"https:\/\/i0.wp.com\/patrimoine-avesnois.fr\/chemin\/wp-content\/uploads\/2023\/06\/Eppe-Sauvage-2-1024x652.jpg?resize=840%2C535&#038;ssl=1\" alt=\"\" class=\"wp-image-18156\" style=\"width:615px;height:393px\" srcset=\"https:\/\/i0.wp.com\/patrimoine-avesnois.fr\/chemin\/wp-content\/uploads\/2023\/06\/Eppe-Sauvage-2.jpg?resize=1024%2C652 1024w, https:\/\/i0.wp.com\/patrimoine-avesnois.fr\/chemin\/wp-content\/uploads\/2023\/06\/Eppe-Sauvage-2.jpg?resize=300%2C191 300w, https:\/\/i0.wp.com\/patrimoine-avesnois.fr\/chemin\/wp-content\/uploads\/2023\/06\/Eppe-Sauvage-2.jpg?resize=768%2C489 768w, https:\/\/i0.wp.com\/patrimoine-avesnois.fr\/chemin\/wp-content\/uploads\/2023\/06\/Eppe-Sauvage-2.jpg?resize=1200%2C765 1200w, https:\/\/i0.wp.com\/patrimoine-avesnois.fr\/chemin\/wp-content\/uploads\/2023\/06\/Eppe-Sauvage-2.jpg?w=1251 1251w\" sizes=\"auto, (max-width: 709px) 85vw, (max-width: 909px) 67vw, (max-width: 1362px) 62vw, 840px\" \/><figcaption class=\"wp-element-caption\">Douane Eppe Sauvage : la barri\u00e8re a \u00e9t\u00e9 install\u00e9e<\/figcaption><\/figure>\n<\/div>\n\n<div class=\"wp-block-image\">\n<figure class=\"aligncenter size-large is-resized\"><img data-recalc-dims=\"1\" loading=\"lazy\" decoding=\"async\" width=\"840\" height=\"512\" data-attachment-id=\"18157\" data-permalink=\"http:\/\/patrimoine-avesnois.fr\/chemin\/les-anciens-postes-de-douane-en-avesnois\/eppe-sauvage2\/\" data-orig-file=\"https:\/\/i0.wp.com\/patrimoine-avesnois.fr\/chemin\/wp-content\/uploads\/2023\/06\/Eppe-sauvage2.jpg?fit=1537%2C936\" data-orig-size=\"1537,936\" data-comments-opened=\"1\" data-image-meta=\"{&quot;aperture&quot;:&quot;0&quot;,&quot;credit&quot;:&quot;&quot;,&quot;camera&quot;:&quot;&quot;,&quot;caption&quot;:&quot;&quot;,&quot;created_timestamp&quot;:&quot;1686070818&quot;,&quot;copyright&quot;:&quot;&quot;,&quot;focal_length&quot;:&quot;0&quot;,&quot;iso&quot;:&quot;0&quot;,&quot;shutter_speed&quot;:&quot;0&quot;,&quot;title&quot;:&quot;&quot;,&quot;orientation&quot;:&quot;1&quot;}\" data-image-title=\"Eppe-sauvage2\" data-image-description=\"\" data-image-caption=\"\" data-large-file=\"https:\/\/i0.wp.com\/patrimoine-avesnois.fr\/chemin\/wp-content\/uploads\/2023\/06\/Eppe-sauvage2.jpg?fit=840%2C512\" src=\"https:\/\/i0.wp.com\/patrimoine-avesnois.fr\/chemin\/wp-content\/uploads\/2023\/06\/Eppe-sauvage2-1024x624.jpg?resize=840%2C512&#038;ssl=1\" alt=\"\" class=\"wp-image-18157\" style=\"width:615px;height:375px\" srcset=\"https:\/\/i0.wp.com\/patrimoine-avesnois.fr\/chemin\/wp-content\/uploads\/2023\/06\/Eppe-sauvage2.jpg?resize=1024%2C624 1024w, https:\/\/i0.wp.com\/patrimoine-avesnois.fr\/chemin\/wp-content\/uploads\/2023\/06\/Eppe-sauvage2.jpg?resize=300%2C183 300w, https:\/\/i0.wp.com\/patrimoine-avesnois.fr\/chemin\/wp-content\/uploads\/2023\/06\/Eppe-sauvage2.jpg?resize=768%2C468 768w, https:\/\/i0.wp.com\/patrimoine-avesnois.fr\/chemin\/wp-content\/uploads\/2023\/06\/Eppe-sauvage2.jpg?resize=1200%2C731 1200w, https:\/\/i0.wp.com\/patrimoine-avesnois.fr\/chemin\/wp-content\/uploads\/2023\/06\/Eppe-sauvage2.jpg?w=1537 1537w\" sizes=\"auto, (max-width: 709px) 85vw, (max-width: 909px) 67vw, (max-width: 1362px) 62vw, 840px\" \/><figcaption class=\"wp-element-caption\">Douane Eppe Sauvage ann\u00e9e 1930<\/figcaption><\/figure>\n<\/div>\n\n<div class=\"wp-block-image\">\n<figure class=\"aligncenter size-large is-resized\"><img data-recalc-dims=\"1\" loading=\"lazy\" decoding=\"async\" width=\"840\" height=\"546\" data-attachment-id=\"18159\" data-permalink=\"http:\/\/patrimoine-avesnois.fr\/chemin\/les-anciens-postes-de-douane-en-avesnois\/eppe-sauvage3-1\/\" data-orig-file=\"https:\/\/i0.wp.com\/patrimoine-avesnois.fr\/chemin\/wp-content\/uploads\/2023\/06\/Eppe-Sauvage3-1.jpg?fit=1444%2C938\" data-orig-size=\"1444,938\" data-comments-opened=\"1\" data-image-meta=\"{&quot;aperture&quot;:&quot;0&quot;,&quot;credit&quot;:&quot;&quot;,&quot;camera&quot;:&quot;&quot;,&quot;caption&quot;:&quot;&quot;,&quot;created_timestamp&quot;:&quot;1686070848&quot;,&quot;copyright&quot;:&quot;&quot;,&quot;focal_length&quot;:&quot;0&quot;,&quot;iso&quot;:&quot;0&quot;,&quot;shutter_speed&quot;:&quot;0&quot;,&quot;title&quot;:&quot;&quot;,&quot;orientation&quot;:&quot;1&quot;}\" data-image-title=\"Eppe-Sauvage3-1\" data-image-description=\"\" data-image-caption=\"\" data-large-file=\"https:\/\/i0.wp.com\/patrimoine-avesnois.fr\/chemin\/wp-content\/uploads\/2023\/06\/Eppe-Sauvage3-1.jpg?fit=840%2C546\" src=\"https:\/\/i0.wp.com\/patrimoine-avesnois.fr\/chemin\/wp-content\/uploads\/2023\/06\/Eppe-Sauvage3-1-1024x665.jpg?resize=840%2C546&#038;ssl=1\" alt=\"\" class=\"wp-image-18159\" style=\"width:615px;height:398px\" srcset=\"https:\/\/i0.wp.com\/patrimoine-avesnois.fr\/chemin\/wp-content\/uploads\/2023\/06\/Eppe-Sauvage3-1.jpg?resize=1024%2C665 1024w, https:\/\/i0.wp.com\/patrimoine-avesnois.fr\/chemin\/wp-content\/uploads\/2023\/06\/Eppe-Sauvage3-1.jpg?resize=300%2C195 300w, https:\/\/i0.wp.com\/patrimoine-avesnois.fr\/chemin\/wp-content\/uploads\/2023\/06\/Eppe-Sauvage3-1.jpg?resize=768%2C499 768w, https:\/\/i0.wp.com\/patrimoine-avesnois.fr\/chemin\/wp-content\/uploads\/2023\/06\/Eppe-Sauvage3-1.jpg?resize=1200%2C780 1200w, https:\/\/i0.wp.com\/patrimoine-avesnois.fr\/chemin\/wp-content\/uploads\/2023\/06\/Eppe-Sauvage3-1.jpg?w=1444 1444w\" sizes=\"auto, (max-width: 709px) 85vw, (max-width: 909px) 67vw, (max-width: 1362px) 62vw, 840px\" \/><\/figure>\n<\/div>\n\n<div class=\"wp-block-image\">\n<figure class=\"aligncenter size-full is-resized\"><img data-recalc-dims=\"1\" loading=\"lazy\" decoding=\"async\" width=\"840\" height=\"581\" data-attachment-id=\"18160\" data-permalink=\"http:\/\/patrimoine-avesnois.fr\/chemin\/les-anciens-postes-de-douane-en-avesnois\/eppe-sauvage4\/\" data-orig-file=\"https:\/\/i0.wp.com\/patrimoine-avesnois.fr\/chemin\/wp-content\/uploads\/2023\/06\/Eppe-sauvage4.jpg?fit=971%2C672\" data-orig-size=\"971,672\" data-comments-opened=\"1\" data-image-meta=\"{&quot;aperture&quot;:&quot;0&quot;,&quot;credit&quot;:&quot;&quot;,&quot;camera&quot;:&quot;&quot;,&quot;caption&quot;:&quot;&quot;,&quot;created_timestamp&quot;:&quot;1686070892&quot;,&quot;copyright&quot;:&quot;&quot;,&quot;focal_length&quot;:&quot;0&quot;,&quot;iso&quot;:&quot;0&quot;,&quot;shutter_speed&quot;:&quot;0&quot;,&quot;title&quot;:&quot;&quot;,&quot;orientation&quot;:&quot;1&quot;}\" data-image-title=\"Eppe-sauvage4\" data-image-description=\"\" data-image-caption=\"\" data-large-file=\"https:\/\/i0.wp.com\/patrimoine-avesnois.fr\/chemin\/wp-content\/uploads\/2023\/06\/Eppe-sauvage4.jpg?fit=840%2C581\" src=\"https:\/\/i0.wp.com\/patrimoine-avesnois.fr\/chemin\/wp-content\/uploads\/2023\/06\/Eppe-sauvage4.jpg?resize=840%2C581&#038;ssl=1\" alt=\"\" class=\"wp-image-18160\" style=\"width:615px;height:425px\" srcset=\"https:\/\/i0.wp.com\/patrimoine-avesnois.fr\/chemin\/wp-content\/uploads\/2023\/06\/Eppe-sauvage4.jpg?w=971 971w, https:\/\/i0.wp.com\/patrimoine-avesnois.fr\/chemin\/wp-content\/uploads\/2023\/06\/Eppe-sauvage4.jpg?resize=300%2C208 300w, https:\/\/i0.wp.com\/patrimoine-avesnois.fr\/chemin\/wp-content\/uploads\/2023\/06\/Eppe-sauvage4.jpg?resize=768%2C532 768w\" sizes=\"auto, (max-width: 709px) 85vw, (max-width: 909px) 67vw, (max-width: 1362px) 62vw, 840px\" \/><figcaption class=\"wp-element-caption\">Douane Eppe Sauvage carte postale coloris\u00e9e<\/figcaption><\/figure>\n<\/div>\n\n<div class=\"wp-block-image\">\n<figure class=\"aligncenter size-full is-resized\"><img data-recalc-dims=\"1\" loading=\"lazy\" decoding=\"async\" width=\"613\" height=\"459\" data-attachment-id=\"18275\" data-permalink=\"http:\/\/patrimoine-avesnois.fr\/chemin\/les-anciens-postes-de-douane-en-avesnois\/eppe-sauvage-2009-1\/\" data-orig-file=\"https:\/\/i0.wp.com\/patrimoine-avesnois.fr\/chemin\/wp-content\/uploads\/2023\/06\/Eppe-Sauvage-2009-1.jpg?fit=613%2C459\" data-orig-size=\"613,459\" data-comments-opened=\"1\" data-image-meta=\"{&quot;aperture&quot;:&quot;0&quot;,&quot;credit&quot;:&quot;CARRE&quot;,&quot;camera&quot;:&quot;&quot;,&quot;caption&quot;:&quot;&quot;,&quot;created_timestamp&quot;:&quot;1686303281&quot;,&quot;copyright&quot;:&quot;&quot;,&quot;focal_length&quot;:&quot;0&quot;,&quot;iso&quot;:&quot;0&quot;,&quot;shutter_speed&quot;:&quot;0&quot;,&quot;title&quot;:&quot;&quot;,&quot;orientation&quot;:&quot;1&quot;}\" data-image-title=\"Eppe-Sauvage-2009-1\" data-image-description=\"\" data-image-caption=\"\" data-large-file=\"https:\/\/i0.wp.com\/patrimoine-avesnois.fr\/chemin\/wp-content\/uploads\/2023\/06\/Eppe-Sauvage-2009-1.jpg?fit=613%2C459\" src=\"https:\/\/i0.wp.com\/patrimoine-avesnois.fr\/chemin\/wp-content\/uploads\/2023\/06\/Eppe-Sauvage-2009-1.jpg?resize=613%2C459&#038;ssl=1\" alt=\"\" class=\"wp-image-18275\" style=\"width:615px;height:460px\" srcset=\"https:\/\/i0.wp.com\/patrimoine-avesnois.fr\/chemin\/wp-content\/uploads\/2023\/06\/Eppe-Sauvage-2009-1.jpg?w=613 613w, https:\/\/i0.wp.com\/patrimoine-avesnois.fr\/chemin\/wp-content\/uploads\/2023\/06\/Eppe-Sauvage-2009-1.jpg?resize=300%2C225 300w\" sizes=\"auto, (max-width: 613px) 85vw, 613px\" \/><figcaption class=\"wp-element-caption\">Eppe-Sauvage : l&#8217;emplacement actuel<\/figcaption><\/figure>\n<\/div>\n\n\n<p class=\"has-bright-red-color has-text-color\">Moustier-en-Fagne<\/p>\n\n\n\n<p>Un bureau de douanes fixe \u00e0 Moustier avec un Brigadier Bertholet, un Sous Brigadier Biche et sept pr\u00e9pos\u00e9s <a rel=\"noreferrer noopener\" href=\"https:\/\/archivesdepartementales.lenord.fr\/media\/0211ac09-7317-4dfe-bc8d-433ec33c01be.pdf\" data-type=\"URL\" data-id=\"https:\/\/archivesdepartementales.lenord.fr\/media\/0211ac09-7317-4dfe-bc8d-433ec33c01be.pdf\" target=\"_blank\">(ADN P 57 \/ 5 &#8211; 2)<\/a>. Nicolas Biche est douanier \u00e0 S\u00e9meries en 1841 \u00e2g\u00e9 alors de 28 ans.<\/p>\n\n\n\n<p class=\"has-bright-red-color has-text-color\">Wallers-en-Fagne<\/p>\n\n\n\n<p>Il semble qu&rsquo;il y eut \u00e0 Wallers un assez important poste de douane charg\u00e9 de la taxation \u00e0 la vue du personnel pr\u00e9sent selon toujours le recensement aux Archives D\u00e9partementales : 1 Brigadier, 1 Sous Brigadier, 1 Receveur, 1 M\u00e9decin des Douanes, 1 Commis et 9 Pr\u00e9pos\u00e9s.<\/p>\n\n\n\n<p class=\"has-bright-red-color has-text-color\">Ohain<\/p>\n\n\n<div class=\"wp-block-image\">\n<figure class=\"aligncenter size-full is-resized\"><img data-recalc-dims=\"1\" loading=\"lazy\" decoding=\"async\" width=\"840\" height=\"532\" data-attachment-id=\"18234\" data-permalink=\"http:\/\/patrimoine-avesnois.fr\/chemin\/les-anciens-postes-de-douane-en-avesnois\/ohain-3\/\" data-orig-file=\"https:\/\/i0.wp.com\/patrimoine-avesnois.fr\/chemin\/wp-content\/uploads\/2023\/06\/Ohain-3.jpg?fit=866%2C548\" data-orig-size=\"866,548\" data-comments-opened=\"1\" data-image-meta=\"{&quot;aperture&quot;:&quot;0&quot;,&quot;credit&quot;:&quot;&quot;,&quot;camera&quot;:&quot;&quot;,&quot;caption&quot;:&quot;&quot;,&quot;created_timestamp&quot;:&quot;1686248024&quot;,&quot;copyright&quot;:&quot;&quot;,&quot;focal_length&quot;:&quot;0&quot;,&quot;iso&quot;:&quot;0&quot;,&quot;shutter_speed&quot;:&quot;0&quot;,&quot;title&quot;:&quot;&quot;,&quot;orientation&quot;:&quot;1&quot;}\" data-image-title=\"Ohain-3\" data-image-description=\"\" data-image-caption=\"\" data-large-file=\"https:\/\/i0.wp.com\/patrimoine-avesnois.fr\/chemin\/wp-content\/uploads\/2023\/06\/Ohain-3.jpg?fit=840%2C532\" src=\"https:\/\/i0.wp.com\/patrimoine-avesnois.fr\/chemin\/wp-content\/uploads\/2023\/06\/Ohain-3.jpg?resize=840%2C532&#038;ssl=1\" alt=\"\" class=\"wp-image-18234\" style=\"width:615px;height:388px\" srcset=\"https:\/\/i0.wp.com\/patrimoine-avesnois.fr\/chemin\/wp-content\/uploads\/2023\/06\/Ohain-3.jpg?w=866 866w, https:\/\/i0.wp.com\/patrimoine-avesnois.fr\/chemin\/wp-content\/uploads\/2023\/06\/Ohain-3.jpg?resize=300%2C190 300w, https:\/\/i0.wp.com\/patrimoine-avesnois.fr\/chemin\/wp-content\/uploads\/2023\/06\/Ohain-3.jpg?resize=768%2C486 768w\" sizes=\"auto, (max-width: 709px) 85vw, (max-width: 909px) 67vw, (max-width: 1362px) 62vw, 840px\" \/><figcaption class=\"wp-element-caption\">Le Corps de garde de Douane Ohain<\/figcaption><\/figure>\n<\/div>\n\n<div class=\"wp-block-image\">\n<figure class=\"aligncenter size-full is-resized\"><img data-recalc-dims=\"1\" loading=\"lazy\" decoding=\"async\" width=\"840\" height=\"538\" data-attachment-id=\"18232\" data-permalink=\"http:\/\/patrimoine-avesnois.fr\/chemin\/les-anciens-postes-de-douane-en-avesnois\/ohain-2\/\" data-orig-file=\"https:\/\/i0.wp.com\/patrimoine-avesnois.fr\/chemin\/wp-content\/uploads\/2023\/06\/Ohain.jpg?fit=997%2C638\" data-orig-size=\"997,638\" data-comments-opened=\"1\" data-image-meta=\"{&quot;aperture&quot;:&quot;0&quot;,&quot;credit&quot;:&quot;CARRE&quot;,&quot;camera&quot;:&quot;&quot;,&quot;caption&quot;:&quot;&quot;,&quot;created_timestamp&quot;:&quot;1686247478&quot;,&quot;copyright&quot;:&quot;&quot;,&quot;focal_length&quot;:&quot;0&quot;,&quot;iso&quot;:&quot;0&quot;,&quot;shutter_speed&quot;:&quot;0&quot;,&quot;title&quot;:&quot;&quot;,&quot;orientation&quot;:&quot;1&quot;}\" data-image-title=\"Ohain\" data-image-description=\"\" data-image-caption=\"\" data-large-file=\"https:\/\/i0.wp.com\/patrimoine-avesnois.fr\/chemin\/wp-content\/uploads\/2023\/06\/Ohain.jpg?fit=840%2C538\" src=\"https:\/\/i0.wp.com\/patrimoine-avesnois.fr\/chemin\/wp-content\/uploads\/2023\/06\/Ohain.jpg?resize=840%2C538&#038;ssl=1\" alt=\"\" class=\"wp-image-18232\" style=\"width:615px;height:392px\" srcset=\"https:\/\/i0.wp.com\/patrimoine-avesnois.fr\/chemin\/wp-content\/uploads\/2023\/06\/Ohain.jpg?w=997 997w, https:\/\/i0.wp.com\/patrimoine-avesnois.fr\/chemin\/wp-content\/uploads\/2023\/06\/Ohain.jpg?resize=300%2C192 300w, https:\/\/i0.wp.com\/patrimoine-avesnois.fr\/chemin\/wp-content\/uploads\/2023\/06\/Ohain.jpg?resize=768%2C491 768w\" sizes=\"auto, (max-width: 709px) 85vw, (max-width: 909px) 67vw, (max-width: 1362px) 62vw, 840px\" \/><figcaption class=\"wp-element-caption\">Bureau de douanes Ohain 1922<\/figcaption><\/figure>\n<\/div>\n\n<div class=\"wp-block-image\">\n<figure class=\"aligncenter size-full is-resized\"><img data-recalc-dims=\"1\" loading=\"lazy\" decoding=\"async\" width=\"801\" height=\"452\" data-attachment-id=\"18233\" data-permalink=\"http:\/\/patrimoine-avesnois.fr\/chemin\/les-anciens-postes-de-douane-en-avesnois\/ohain2\/\" data-orig-file=\"https:\/\/i0.wp.com\/patrimoine-avesnois.fr\/chemin\/wp-content\/uploads\/2023\/06\/oHAIN2.jpg?fit=801%2C452\" data-orig-size=\"801,452\" data-comments-opened=\"1\" data-image-meta=\"{&quot;aperture&quot;:&quot;0&quot;,&quot;credit&quot;:&quot;&quot;,&quot;camera&quot;:&quot;&quot;,&quot;caption&quot;:&quot;&quot;,&quot;created_timestamp&quot;:&quot;1686247740&quot;,&quot;copyright&quot;:&quot;&quot;,&quot;focal_length&quot;:&quot;0&quot;,&quot;iso&quot;:&quot;0&quot;,&quot;shutter_speed&quot;:&quot;0&quot;,&quot;title&quot;:&quot;&quot;,&quot;orientation&quot;:&quot;1&quot;}\" data-image-title=\"oHAIN2\" data-image-description=\"\" data-image-caption=\"\" data-large-file=\"https:\/\/i0.wp.com\/patrimoine-avesnois.fr\/chemin\/wp-content\/uploads\/2023\/06\/oHAIN2.jpg?fit=801%2C452\" src=\"https:\/\/i0.wp.com\/patrimoine-avesnois.fr\/chemin\/wp-content\/uploads\/2023\/06\/oHAIN2.jpg?resize=801%2C452&#038;ssl=1\" alt=\"\" class=\"wp-image-18233\" style=\"width:615px;height:348px\" srcset=\"https:\/\/i0.wp.com\/patrimoine-avesnois.fr\/chemin\/wp-content\/uploads\/2023\/06\/oHAIN2.jpg?w=801 801w, https:\/\/i0.wp.com\/patrimoine-avesnois.fr\/chemin\/wp-content\/uploads\/2023\/06\/oHAIN2.jpg?resize=300%2C169 300w, https:\/\/i0.wp.com\/patrimoine-avesnois.fr\/chemin\/wp-content\/uploads\/2023\/06\/oHAIN2.jpg?resize=768%2C433 768w\" sizes=\"auto, (max-width: 801px) 85vw, 801px\" \/><figcaption class=\"wp-element-caption\">Poste de douane Ohain vers 1930 Sens Belgique France<\/figcaption><\/figure>\n<\/div>\n\n<div class=\"wp-block-image\">\n<figure class=\"aligncenter size-large is-resized\"><img data-recalc-dims=\"1\" loading=\"lazy\" decoding=\"async\" width=\"840\" height=\"630\" data-attachment-id=\"18251\" data-permalink=\"http:\/\/patrimoine-avesnois.fr\/chemin\/les-anciens-postes-de-douane-en-avesnois\/ohain-2021\/\" data-orig-file=\"https:\/\/i0.wp.com\/patrimoine-avesnois.fr\/chemin\/wp-content\/uploads\/2023\/06\/Ohain-2021.jpg?fit=1052%2C789\" data-orig-size=\"1052,789\" data-comments-opened=\"1\" data-image-meta=\"{&quot;aperture&quot;:&quot;0&quot;,&quot;credit&quot;:&quot;CARRE&quot;,&quot;camera&quot;:&quot;&quot;,&quot;caption&quot;:&quot;&quot;,&quot;created_timestamp&quot;:&quot;1686251846&quot;,&quot;copyright&quot;:&quot;&quot;,&quot;focal_length&quot;:&quot;0&quot;,&quot;iso&quot;:&quot;0&quot;,&quot;shutter_speed&quot;:&quot;0&quot;,&quot;title&quot;:&quot;&quot;,&quot;orientation&quot;:&quot;1&quot;}\" data-image-title=\"Ohain-2021\" data-image-description=\"\" data-image-caption=\"\" data-large-file=\"https:\/\/i0.wp.com\/patrimoine-avesnois.fr\/chemin\/wp-content\/uploads\/2023\/06\/Ohain-2021.jpg?fit=840%2C630\" src=\"https:\/\/i0.wp.com\/patrimoine-avesnois.fr\/chemin\/wp-content\/uploads\/2023\/06\/Ohain-2021-1024x768.jpg?resize=840%2C630&#038;ssl=1\" alt=\"\" class=\"wp-image-18251\" style=\"width:615px;height:460px\" srcset=\"https:\/\/i0.wp.com\/patrimoine-avesnois.fr\/chemin\/wp-content\/uploads\/2023\/06\/Ohain-2021.jpg?resize=1024%2C768 1024w, https:\/\/i0.wp.com\/patrimoine-avesnois.fr\/chemin\/wp-content\/uploads\/2023\/06\/Ohain-2021.jpg?resize=300%2C225 300w, https:\/\/i0.wp.com\/patrimoine-avesnois.fr\/chemin\/wp-content\/uploads\/2023\/06\/Ohain-2021.jpg?resize=768%2C576 768w, https:\/\/i0.wp.com\/patrimoine-avesnois.fr\/chemin\/wp-content\/uploads\/2023\/06\/Ohain-2021.jpg?w=1052 1052w\" sizes=\"auto, (max-width: 709px) 85vw, (max-width: 909px) 67vw, (max-width: 1362px) 62vw, 840px\" \/><figcaption class=\"wp-element-caption\">Ohain \u00e0 l&rsquo;ancienne douane Photo <a href=\"https:\/\/www.google.fr\/maps\/@50.0310782,4.133135,3a,75y,297.68h,88.61t\/data=!3m6!1e1!3m4!1sEZ9YKorgIPVYHawrK8Wm1Q!2e0!7i16384!8i8192?entry=ttu\" data-type=\"URL\" data-id=\"https:\/\/www.google.fr\/maps\/@50.0310782,4.133135,3a,75y,297.68h,88.61t\/data=!3m6!1e1!3m4!1sEZ9YKorgIPVYHawrK8Wm1Q!2e0!7i16384!8i8192?entry=ttu\" target=\"_blank\" rel=\"noreferrer noopener\">Google 2021<\/a><\/figcaption><\/figure>\n<\/div>\n\n<div class=\"wp-block-image\">\n<figure class=\"aligncenter size-full is-resized\"><img data-recalc-dims=\"1\" loading=\"lazy\" decoding=\"async\" width=\"840\" height=\"579\" data-attachment-id=\"18235\" data-permalink=\"http:\/\/patrimoine-avesnois.fr\/chemin\/les-anciens-postes-de-douane-en-avesnois\/image-45-11\/\" data-orig-file=\"https:\/\/i0.wp.com\/patrimoine-avesnois.fr\/chemin\/wp-content\/uploads\/2023\/06\/image-45.png?fit=929%2C640\" data-orig-size=\"929,640\" data-comments-opened=\"1\" data-image-meta=\"{&quot;aperture&quot;:&quot;0&quot;,&quot;credit&quot;:&quot;&quot;,&quot;camera&quot;:&quot;&quot;,&quot;caption&quot;:&quot;&quot;,&quot;created_timestamp&quot;:&quot;0&quot;,&quot;copyright&quot;:&quot;&quot;,&quot;focal_length&quot;:&quot;0&quot;,&quot;iso&quot;:&quot;0&quot;,&quot;shutter_speed&quot;:&quot;0&quot;,&quot;title&quot;:&quot;&quot;,&quot;orientation&quot;:&quot;0&quot;}\" data-image-title=\"image-45\" data-image-description=\"\" data-image-caption=\"\" data-large-file=\"https:\/\/i0.wp.com\/patrimoine-avesnois.fr\/chemin\/wp-content\/uploads\/2023\/06\/image-45.png?fit=840%2C579\" src=\"https:\/\/i0.wp.com\/patrimoine-avesnois.fr\/chemin\/wp-content\/uploads\/2023\/06\/image-45.png?resize=840%2C579&#038;ssl=1\" alt=\"\" class=\"wp-image-18235\" style=\"width:615px;height:424px\" srcset=\"https:\/\/i0.wp.com\/patrimoine-avesnois.fr\/chemin\/wp-content\/uploads\/2023\/06\/image-45.png?w=929 929w, https:\/\/i0.wp.com\/patrimoine-avesnois.fr\/chemin\/wp-content\/uploads\/2023\/06\/image-45.png?resize=300%2C207 300w, https:\/\/i0.wp.com\/patrimoine-avesnois.fr\/chemin\/wp-content\/uploads\/2023\/06\/image-45.png?resize=768%2C529 768w\" sizes=\"auto, (max-width: 709px) 85vw, (max-width: 909px) 67vw, (max-width: 1362px) 62vw, 840px\" \/><figcaption class=\"wp-element-caption\">De l&rsquo;autre c\u00f4t\u00e9 de la fronti\u00e8re \u00e0 Momignies<\/figcaption><\/figure>\n<\/div>\n\n<div class=\"wp-block-image\">\n<figure class=\"aligncenter size-full is-resized\"><img data-recalc-dims=\"1\" loading=\"lazy\" decoding=\"async\" width=\"840\" height=\"630\" data-attachment-id=\"18250\" data-permalink=\"http:\/\/patrimoine-avesnois.fr\/chemin\/les-anciens-postes-de-douane-en-avesnois\/momignies\/\" data-orig-file=\"https:\/\/i0.wp.com\/patrimoine-avesnois.fr\/chemin\/wp-content\/uploads\/2023\/06\/Momignies.jpg?fit=976%2C732\" data-orig-size=\"976,732\" data-comments-opened=\"1\" data-image-meta=\"{&quot;aperture&quot;:&quot;0&quot;,&quot;credit&quot;:&quot;CARRE&quot;,&quot;camera&quot;:&quot;&quot;,&quot;caption&quot;:&quot;&quot;,&quot;created_timestamp&quot;:&quot;1686251286&quot;,&quot;copyright&quot;:&quot;&quot;,&quot;focal_length&quot;:&quot;0&quot;,&quot;iso&quot;:&quot;0&quot;,&quot;shutter_speed&quot;:&quot;0&quot;,&quot;title&quot;:&quot;&quot;,&quot;orientation&quot;:&quot;1&quot;}\" data-image-title=\"Momignies\" data-image-description=\"\" data-image-caption=\"\" data-large-file=\"https:\/\/i0.wp.com\/patrimoine-avesnois.fr\/chemin\/wp-content\/uploads\/2023\/06\/Momignies.jpg?fit=840%2C630\" src=\"https:\/\/i0.wp.com\/patrimoine-avesnois.fr\/chemin\/wp-content\/uploads\/2023\/06\/Momignies.jpg?resize=840%2C630&#038;ssl=1\" alt=\"\" class=\"wp-image-18250\" style=\"width:615px;height:460px\" srcset=\"https:\/\/i0.wp.com\/patrimoine-avesnois.fr\/chemin\/wp-content\/uploads\/2023\/06\/Momignies.jpg?w=976 976w, https:\/\/i0.wp.com\/patrimoine-avesnois.fr\/chemin\/wp-content\/uploads\/2023\/06\/Momignies.jpg?resize=300%2C225 300w, https:\/\/i0.wp.com\/patrimoine-avesnois.fr\/chemin\/wp-content\/uploads\/2023\/06\/Momignies.jpg?resize=768%2C576 768w\" sizes=\"auto, (max-width: 709px) 85vw, (max-width: 909px) 67vw, (max-width: 1362px) 62vw, 840px\" \/><figcaption class=\"wp-element-caption\">Le m\u00eame endroit en 2021 Photo <a href=\"https:\/\/www.google.fr\/maps\/@50.0289258,4.1457093,3a,75y,129.87h,89.15t\/data=!3m6!1e1!3m4!1sOG1Ulf3pxB2dNTXvBoqJqw!2e0!7i16384!8i8192?entry=ttu\" data-type=\"URL\" data-id=\"https:\/\/www.google.fr\/maps\/@50.0289258,4.1457093,3a,75y,129.87h,89.15t\/data=!3m6!1e1!3m4!1sOG1Ulf3pxB2dNTXvBoqJqw!2e0!7i16384!8i8192?entry=ttu\" target=\"_blank\" rel=\"noreferrer noopener\">Google<\/a><\/figcaption><\/figure>\n<\/div>\n\n\n<p class=\"has-bright-red-color has-text-color\">Anor<\/p>\n\n\n<div class=\"wp-block-image\">\n<figure class=\"aligncenter size-full is-resized\"><img data-recalc-dims=\"1\" loading=\"lazy\" decoding=\"async\" width=\"840\" height=\"520\" data-attachment-id=\"18256\" data-permalink=\"http:\/\/patrimoine-avesnois.fr\/chemin\/les-anciens-postes-de-douane-en-avesnois\/image-46-11\/\" data-orig-file=\"https:\/\/i0.wp.com\/patrimoine-avesnois.fr\/chemin\/wp-content\/uploads\/2023\/06\/image-46.png?fit=1024%2C634\" data-orig-size=\"1024,634\" data-comments-opened=\"1\" data-image-meta=\"{&quot;aperture&quot;:&quot;0&quot;,&quot;credit&quot;:&quot;&quot;,&quot;camera&quot;:&quot;&quot;,&quot;caption&quot;:&quot;&quot;,&quot;created_timestamp&quot;:&quot;0&quot;,&quot;copyright&quot;:&quot;&quot;,&quot;focal_length&quot;:&quot;0&quot;,&quot;iso&quot;:&quot;0&quot;,&quot;shutter_speed&quot;:&quot;0&quot;,&quot;title&quot;:&quot;&quot;,&quot;orientation&quot;:&quot;0&quot;}\" data-image-title=\"image-46\" data-image-description=\"\" data-image-caption=\"\" data-large-file=\"https:\/\/i0.wp.com\/patrimoine-avesnois.fr\/chemin\/wp-content\/uploads\/2023\/06\/image-46.png?fit=840%2C520\" src=\"https:\/\/i0.wp.com\/patrimoine-avesnois.fr\/chemin\/wp-content\/uploads\/2023\/06\/image-46.png?resize=840%2C520&#038;ssl=1\" alt=\"\" class=\"wp-image-18256\" style=\"width:615px;height:380px\" srcset=\"https:\/\/i0.wp.com\/patrimoine-avesnois.fr\/chemin\/wp-content\/uploads\/2023\/06\/image-46.png?w=1024 1024w, https:\/\/i0.wp.com\/patrimoine-avesnois.fr\/chemin\/wp-content\/uploads\/2023\/06\/image-46.png?resize=300%2C186 300w, https:\/\/i0.wp.com\/patrimoine-avesnois.fr\/chemin\/wp-content\/uploads\/2023\/06\/image-46.png?resize=768%2C476 768w\" sizes=\"auto, (max-width: 709px) 85vw, (max-width: 909px) 67vw, (max-width: 1362px) 62vw, 840px\" \/><figcaption class=\"wp-element-caption\">Anor La Douane Salle des Visites vers 1910<\/figcaption><\/figure>\n<\/div>\n\n<div class=\"wp-block-image\">\n<figure class=\"aligncenter size-large is-resized\"><img data-recalc-dims=\"1\" loading=\"lazy\" decoding=\"async\" width=\"840\" height=\"523\" data-attachment-id=\"18239\" data-permalink=\"http:\/\/patrimoine-avesnois.fr\/chemin\/les-anciens-postes-de-douane-en-avesnois\/anor-2-2\/\" data-orig-file=\"https:\/\/i0.wp.com\/patrimoine-avesnois.fr\/chemin\/wp-content\/uploads\/2023\/06\/Anor-2.jpg?fit=1545%2C962\" data-orig-size=\"1545,962\" data-comments-opened=\"1\" data-image-meta=\"{&quot;aperture&quot;:&quot;0&quot;,&quot;credit&quot;:&quot;&quot;,&quot;camera&quot;:&quot;&quot;,&quot;caption&quot;:&quot;&quot;,&quot;created_timestamp&quot;:&quot;1685560418&quot;,&quot;copyright&quot;:&quot;&quot;,&quot;focal_length&quot;:&quot;0&quot;,&quot;iso&quot;:&quot;0&quot;,&quot;shutter_speed&quot;:&quot;0&quot;,&quot;title&quot;:&quot;&quot;,&quot;orientation&quot;:&quot;1&quot;}\" data-image-title=\"Anor-2\" data-image-description=\"\" data-image-caption=\"\" data-large-file=\"https:\/\/i0.wp.com\/patrimoine-avesnois.fr\/chemin\/wp-content\/uploads\/2023\/06\/Anor-2.jpg?fit=840%2C523\" src=\"https:\/\/i0.wp.com\/patrimoine-avesnois.fr\/chemin\/wp-content\/uploads\/2023\/06\/Anor-2-1024x638.jpg?resize=840%2C523&#038;ssl=1\" alt=\"\" class=\"wp-image-18239\" style=\"width:615px;height:385px\" srcset=\"https:\/\/i0.wp.com\/patrimoine-avesnois.fr\/chemin\/wp-content\/uploads\/2023\/06\/Anor-2.jpg?resize=1024%2C638 1024w, https:\/\/i0.wp.com\/patrimoine-avesnois.fr\/chemin\/wp-content\/uploads\/2023\/06\/Anor-2.jpg?resize=300%2C187 300w, https:\/\/i0.wp.com\/patrimoine-avesnois.fr\/chemin\/wp-content\/uploads\/2023\/06\/Anor-2.jpg?resize=768%2C478 768w, https:\/\/i0.wp.com\/patrimoine-avesnois.fr\/chemin\/wp-content\/uploads\/2023\/06\/Anor-2.jpg?resize=1536%2C956 1536w, https:\/\/i0.wp.com\/patrimoine-avesnois.fr\/chemin\/wp-content\/uploads\/2023\/06\/Anor-2.jpg?resize=1200%2C747 1200w, https:\/\/i0.wp.com\/patrimoine-avesnois.fr\/chemin\/wp-content\/uploads\/2023\/06\/Anor-2.jpg?w=1545 1545w\" sizes=\"auto, (max-width: 709px) 85vw, (max-width: 909px) 67vw, (max-width: 1362px) 62vw, 840px\" \/><figcaption class=\"wp-element-caption\">Bureau des Douanes Anor 1910<\/figcaption><\/figure>\n<\/div>\n\n<div class=\"wp-block-image\">\n<figure class=\"aligncenter size-full is-resized\"><img data-recalc-dims=\"1\" loading=\"lazy\" decoding=\"async\" width=\"840\" height=\"531\" data-attachment-id=\"18258\" data-permalink=\"http:\/\/patrimoine-avesnois.fr\/chemin\/les-anciens-postes-de-douane-en-avesnois\/image-47-11\/\" data-orig-file=\"https:\/\/i0.wp.com\/patrimoine-avesnois.fr\/chemin\/wp-content\/uploads\/2023\/06\/image-47.png?fit=1024%2C647\" data-orig-size=\"1024,647\" data-comments-opened=\"1\" data-image-meta=\"{&quot;aperture&quot;:&quot;0&quot;,&quot;credit&quot;:&quot;&quot;,&quot;camera&quot;:&quot;&quot;,&quot;caption&quot;:&quot;&quot;,&quot;created_timestamp&quot;:&quot;0&quot;,&quot;copyright&quot;:&quot;&quot;,&quot;focal_length&quot;:&quot;0&quot;,&quot;iso&quot;:&quot;0&quot;,&quot;shutter_speed&quot;:&quot;0&quot;,&quot;title&quot;:&quot;&quot;,&quot;orientation&quot;:&quot;0&quot;}\" data-image-title=\"image-47\" data-image-description=\"\" data-image-caption=\"\" data-large-file=\"https:\/\/i0.wp.com\/patrimoine-avesnois.fr\/chemin\/wp-content\/uploads\/2023\/06\/image-47.png?fit=840%2C531\" src=\"https:\/\/i0.wp.com\/patrimoine-avesnois.fr\/chemin\/wp-content\/uploads\/2023\/06\/image-47.png?resize=840%2C531&#038;ssl=1\" alt=\"\" class=\"wp-image-18258\" style=\"width:615px;height:390px\" srcset=\"https:\/\/i0.wp.com\/patrimoine-avesnois.fr\/chemin\/wp-content\/uploads\/2023\/06\/image-47.png?w=1024 1024w, https:\/\/i0.wp.com\/patrimoine-avesnois.fr\/chemin\/wp-content\/uploads\/2023\/06\/image-47.png?resize=300%2C190 300w, https:\/\/i0.wp.com\/patrimoine-avesnois.fr\/chemin\/wp-content\/uploads\/2023\/06\/image-47.png?resize=768%2C485 768w\" sizes=\"auto, (max-width: 709px) 85vw, (max-width: 909px) 67vw, (max-width: 1362px) 62vw, 840px\" \/><figcaption class=\"wp-element-caption\">Fronti\u00e8re Anor vers 1920<\/figcaption><\/figure>\n<\/div>\n\n<div class=\"wp-block-image\">\n<figure class=\"aligncenter size-large is-resized\"><img data-recalc-dims=\"1\" loading=\"lazy\" decoding=\"async\" width=\"840\" height=\"526\" data-attachment-id=\"18236\" data-permalink=\"http:\/\/patrimoine-avesnois.fr\/chemin\/les-anciens-postes-de-douane-en-avesnois\/anor-1931\/\" data-orig-file=\"https:\/\/i0.wp.com\/patrimoine-avesnois.fr\/chemin\/wp-content\/uploads\/2023\/06\/Anor-1931.jpg?fit=1624%2C1016\" data-orig-size=\"1624,1016\" data-comments-opened=\"1\" data-image-meta=\"{&quot;aperture&quot;:&quot;0&quot;,&quot;credit&quot;:&quot;&quot;,&quot;camera&quot;:&quot;&quot;,&quot;caption&quot;:&quot;&quot;,&quot;created_timestamp&quot;:&quot;1686248542&quot;,&quot;copyright&quot;:&quot;&quot;,&quot;focal_length&quot;:&quot;0&quot;,&quot;iso&quot;:&quot;0&quot;,&quot;shutter_speed&quot;:&quot;0&quot;,&quot;title&quot;:&quot;&quot;,&quot;orientation&quot;:&quot;1&quot;}\" data-image-title=\"Anor-1931\" data-image-description=\"\" data-image-caption=\"\" data-large-file=\"https:\/\/i0.wp.com\/patrimoine-avesnois.fr\/chemin\/wp-content\/uploads\/2023\/06\/Anor-1931.jpg?fit=840%2C526\" src=\"https:\/\/i0.wp.com\/patrimoine-avesnois.fr\/chemin\/wp-content\/uploads\/2023\/06\/Anor-1931-1024x641.jpg?resize=840%2C526&#038;ssl=1\" alt=\"\" class=\"wp-image-18236\" style=\"width:615px;height:386px\" srcset=\"https:\/\/i0.wp.com\/patrimoine-avesnois.fr\/chemin\/wp-content\/uploads\/2023\/06\/Anor-1931.jpg?resize=1024%2C641 1024w, https:\/\/i0.wp.com\/patrimoine-avesnois.fr\/chemin\/wp-content\/uploads\/2023\/06\/Anor-1931.jpg?resize=300%2C188 300w, https:\/\/i0.wp.com\/patrimoine-avesnois.fr\/chemin\/wp-content\/uploads\/2023\/06\/Anor-1931.jpg?resize=768%2C480 768w, https:\/\/i0.wp.com\/patrimoine-avesnois.fr\/chemin\/wp-content\/uploads\/2023\/06\/Anor-1931.jpg?resize=1536%2C961 1536w, https:\/\/i0.wp.com\/patrimoine-avesnois.fr\/chemin\/wp-content\/uploads\/2023\/06\/Anor-1931.jpg?resize=1200%2C751 1200w, https:\/\/i0.wp.com\/patrimoine-avesnois.fr\/chemin\/wp-content\/uploads\/2023\/06\/Anor-1931.jpg?w=1624 1624w\" sizes=\"auto, (max-width: 709px) 85vw, (max-width: 909px) 67vw, (max-width: 1362px) 62vw, 840px\" \/><figcaption class=\"wp-element-caption\">Fronti\u00e8re Anor 1931<\/figcaption><\/figure>\n<\/div>\n\n\n<figure class=\"wp-block-gallery has-nested-images columns-default is-cropped wp-block-gallery-3 is-layout-flex wp-block-gallery-is-layout-flex\">\n<figure class=\"wp-block-image size-large\"><img data-recalc-dims=\"1\" loading=\"lazy\" decoding=\"async\" width=\"840\" height=\"630\" data-attachment-id=\"18262\" data-permalink=\"http:\/\/patrimoine-avesnois.fr\/chemin\/les-anciens-postes-de-douane-en-avesnois\/anor-google-2009-1\/\" data-orig-file=\"https:\/\/i0.wp.com\/patrimoine-avesnois.fr\/chemin\/wp-content\/uploads\/2023\/06\/Anor-Google-2009-1.jpg?fit=912%2C684\" data-orig-size=\"912,684\" data-comments-opened=\"1\" data-image-meta=\"{&quot;aperture&quot;:&quot;0&quot;,&quot;credit&quot;:&quot;CARRE&quot;,&quot;camera&quot;:&quot;&quot;,&quot;caption&quot;:&quot;&quot;,&quot;created_timestamp&quot;:&quot;1686250232&quot;,&quot;copyright&quot;:&quot;&quot;,&quot;focal_length&quot;:&quot;0&quot;,&quot;iso&quot;:&quot;0&quot;,&quot;shutter_speed&quot;:&quot;0&quot;,&quot;title&quot;:&quot;&quot;,&quot;orientation&quot;:&quot;0&quot;}\" data-image-title=\"Anor-Google-2009-1\" data-image-description=\"\" data-image-caption=\"\" data-large-file=\"https:\/\/i0.wp.com\/patrimoine-avesnois.fr\/chemin\/wp-content\/uploads\/2023\/06\/Anor-Google-2009-1.jpg?fit=840%2C630\" data-id=\"18262\" src=\"https:\/\/i0.wp.com\/patrimoine-avesnois.fr\/chemin\/wp-content\/uploads\/2023\/06\/Anor-Google-2009-1.jpg?resize=840%2C630&#038;ssl=1\" alt=\"\" class=\"wp-image-18262\" srcset=\"https:\/\/i0.wp.com\/patrimoine-avesnois.fr\/chemin\/wp-content\/uploads\/2023\/06\/Anor-Google-2009-1.jpg?w=912 912w, https:\/\/i0.wp.com\/patrimoine-avesnois.fr\/chemin\/wp-content\/uploads\/2023\/06\/Anor-Google-2009-1.jpg?resize=300%2C225 300w, https:\/\/i0.wp.com\/patrimoine-avesnois.fr\/chemin\/wp-content\/uploads\/2023\/06\/Anor-Google-2009-1.jpg?resize=768%2C576 768w\" sizes=\"auto, (max-width: 709px) 85vw, (max-width: 909px) 67vw, (max-width: 1362px) 62vw, 840px\" \/><figcaption class=\"wp-element-caption\">Emplacement de l&rsquo;ancienne fronti\u00e8re \u00e0 Anor <\/figcaption><\/figure>\n\n\n\n<figure class=\"wp-block-image size-large\"><img data-recalc-dims=\"1\" loading=\"lazy\" decoding=\"async\" width=\"571\" height=\"428\" data-attachment-id=\"18263\" data-permalink=\"http:\/\/patrimoine-avesnois.fr\/chemin\/les-anciens-postes-de-douane-en-avesnois\/anor-2009-2\/\" data-orig-file=\"https:\/\/i0.wp.com\/patrimoine-avesnois.fr\/chemin\/wp-content\/uploads\/2023\/06\/Anor-2009-2.jpg?fit=571%2C428\" data-orig-size=\"571,428\" data-comments-opened=\"1\" data-image-meta=\"{&quot;aperture&quot;:&quot;0&quot;,&quot;credit&quot;:&quot;CARRE&quot;,&quot;camera&quot;:&quot;&quot;,&quot;caption&quot;:&quot;&quot;,&quot;created_timestamp&quot;:&quot;1686250489&quot;,&quot;copyright&quot;:&quot;&quot;,&quot;focal_length&quot;:&quot;0&quot;,&quot;iso&quot;:&quot;0&quot;,&quot;shutter_speed&quot;:&quot;0&quot;,&quot;title&quot;:&quot;&quot;,&quot;orientation&quot;:&quot;1&quot;}\" data-image-title=\"Anor-2009-2\" data-image-description=\"\" data-image-caption=\"\" data-large-file=\"https:\/\/i0.wp.com\/patrimoine-avesnois.fr\/chemin\/wp-content\/uploads\/2023\/06\/Anor-2009-2.jpg?fit=571%2C428\" data-id=\"18263\" src=\"https:\/\/i0.wp.com\/patrimoine-avesnois.fr\/chemin\/wp-content\/uploads\/2023\/06\/Anor-2009-2.jpg?resize=571%2C428&#038;ssl=1\" alt=\"\" class=\"wp-image-18263\" srcset=\"https:\/\/i0.wp.com\/patrimoine-avesnois.fr\/chemin\/wp-content\/uploads\/2023\/06\/Anor-2009-2.jpg?w=571 571w, https:\/\/i0.wp.com\/patrimoine-avesnois.fr\/chemin\/wp-content\/uploads\/2023\/06\/Anor-2009-2.jpg?resize=300%2C225 300w\" sizes=\"auto, (max-width: 571px) 85vw, 571px\" \/><figcaption class=\"wp-element-caption\">L\u2019ancien poste de la douane devenu le caf\u00e9-restaurant \u201cAu Franco Belge\u201d ferm\u00e9 en 2021.<\/figcaption><\/figure>\n<\/figure>\n\n\n\n<p><\/p>\n","protected":false},"excerpt":{"rendered":"<p>I Histoire de la fronti\u00e8re L\u2019Avesnois partage avec la Belgique une fronti\u00e8re de plus de 100 Kilom\u00e8tres s\u2019\u00e9tendant d\u2019ouest en est de la commune de Eth jusqu\u2019\u00e0 celle d\u2019Anor. Citons ici les communes limitrophes : Eth, Bry, Wargnies-le-Petit, La Flamengrie, Bettrechies, Gussignies, Houdain-lez-Bavay, Hon-Hergies, Taisni\u00e8res-sur-Hon, La Longueville, Gognies-Chauss\u00e9e, Bettignies, Villers-Sire-Nicole, Vieux-Reng, Marpent, Jeumont, Colleret, Cousolre, &hellip; <a href=\"http:\/\/patrimoine-avesnois.fr\/chemin\/les-anciens-postes-de-douane-en-avesnois\/\" class=\"more-link\">Continuer la lecture<span class=\"screen-reader-text\"> de &laquo;&nbsp;Les anciens postes de douane en Avesnois&nbsp;&raquo;<\/span><\/a><\/p>\n","protected":false},"author":2,"featured_media":0,"parent":0,"menu_order":0,"comment_status":"closed","ping_status":"closed","template":"","meta":{"jetpack_post_was_ever_published":false,"footnotes":""},"class_list":["post-18029","page","type-page","status-publish","hentry"],"jetpack_sharing_enabled":true,"jetpack_shortlink":"https:\/\/wp.me\/PaOEkN-4GN","jetpack-related-posts":[],"_links":{"self":[{"href":"http:\/\/patrimoine-avesnois.fr\/chemin\/wp-json\/wp\/v2\/pages\/18029","targetHints":{"allow":["GET"]}}],"collection":[{"href":"http:\/\/patrimoine-avesnois.fr\/chemin\/wp-json\/wp\/v2\/pages"}],"about":[{"href":"http:\/\/patrimoine-avesnois.fr\/chemin\/wp-json\/wp\/v2\/types\/page"}],"author":[{"embeddable":true,"href":"http:\/\/patrimoine-avesnois.fr\/chemin\/wp-json\/wp\/v2\/users\/2"}],"replies":[{"embeddable":true,"href":"http:\/\/patrimoine-avesnois.fr\/chemin\/wp-json\/wp\/v2\/comments?post=18029"}],"version-history":[{"count":0,"href":"http:\/\/patrimoine-avesnois.fr\/chemin\/wp-json\/wp\/v2\/pages\/18029\/revisions"}],"wp:attachment":[{"href":"http:\/\/patrimoine-avesnois.fr\/chemin\/wp-json\/wp\/v2\/media?parent=18029"}],"curies":[{"name":"wp","href":"https:\/\/api.w.org\/{rel}","templated":true}]}}