{"id":296,"date":"2019-03-26T14:26:11","date_gmt":"2019-03-26T13:26:11","guid":{"rendered":"http:\/\/patrimoine-avesnois.fr\/chemin\/?page_id=296"},"modified":"2026-06-10T16:00:57","modified_gmt":"2026-06-10T14:00:57","slug":"beaurieux","status":"publish","type":"page","link":"http:\/\/patrimoine-avesnois.fr\/chemin\/beaurieux\/","title":{"rendered":"Beaurieux"},"content":{"rendered":"<div class=\"wp-block-image\">\n<figure class=\"aligncenter\"><img data-recalc-dims=\"1\" loading=\"lazy\" decoding=\"async\" width=\"734\" height=\"550\" data-attachment-id=\"297\" data-permalink=\"http:\/\/patrimoine-avesnois.fr\/chemin\/beaurieux\/capture1png\/\" data-orig-file=\"https:\/\/i0.wp.com\/patrimoine-avesnois.fr\/chemin\/wp-content\/uploads\/2019\/03\/Capture1PNG.png?fit=734%2C550\" data-orig-size=\"734,550\" data-comments-opened=\"1\" data-image-meta=\"{&quot;aperture&quot;:&quot;0&quot;,&quot;credit&quot;:&quot;&quot;,&quot;camera&quot;:&quot;&quot;,&quot;caption&quot;:&quot;&quot;,&quot;created_timestamp&quot;:&quot;0&quot;,&quot;copyright&quot;:&quot;&quot;,&quot;focal_length&quot;:&quot;0&quot;,&quot;iso&quot;:&quot;0&quot;,&quot;shutter_speed&quot;:&quot;0&quot;,&quot;title&quot;:&quot;&quot;,&quot;orientation&quot;:&quot;0&quot;}\" data-image-title=\"Capture1PNG\" data-image-description=\"\" data-image-caption=\"\" data-large-file=\"https:\/\/i0.wp.com\/patrimoine-avesnois.fr\/chemin\/wp-content\/uploads\/2019\/03\/Capture1PNG.png?fit=734%2C550\" src=\"https:\/\/i0.wp.com\/patrimoine-avesnois.fr\/chemin\/wp-content\/uploads\/2019\/03\/Capture1PNG.png?resize=734%2C550\" alt=\"\" class=\"wp-image-297\" srcset=\"https:\/\/i0.wp.com\/patrimoine-avesnois.fr\/chemin\/wp-content\/uploads\/2019\/03\/Capture1PNG.png?w=734 734w, https:\/\/i0.wp.com\/patrimoine-avesnois.fr\/chemin\/wp-content\/uploads\/2019\/03\/Capture1PNG.png?resize=300%2C225 300w\" sizes=\"auto, (max-width: 734px) 85vw, 734px\" \/><figcaption class=\"wp-element-caption\">Vue satellite de Beaurieux<\/figcaption><\/figure>\n<\/div>\n\n\n<p class=\"wp-block-paragraph\">Beaurieux  tire son nom de la jolie rivi\u00e8re qui le traverse, le \u00a0\u00bb Biau ri \u00ab\u00a0.&nbsp;  <br>Il y avait anciennement deux seigneuries : l&rsquo;une relevant de celle de Chimai, et l&rsquo;autre \u00e9cliss\u00e9e de la terre et pairie d&rsquo;Avesnes dans le milieu du XIIe si\u00e8cle, lors du mariage de Yde, fille de Nicolas d&rsquo;Avesnes, avec Guillaume III, ch\u00e2telain de St-Omer et comte de Fauquembergue. Cette derni\u00e8re resta dans la m\u00eame famille jusque dans le XVe si\u00e8cle. Elle passa ensuite dans celle de Bousies-Vertaing, par Jeanne de Beaumont, puis dans celle de Hun. En 1620, elle appartenait \u00e0 Jacques de Robaulx, gouverneur de Beaumont, dont la famille poss\u00e8de encore le ch\u00e2teau actuel. Source :<a href=\"https:\/\/gallica.bnf.fr\/ark:\/12148\/bpt6k5525232z\/f178.image.r=Commission%20historique%20du%20d%C3%A9partement%20du%20Nord%20-%201866\" target=\"_blank\" rel=\"noreferrer noopener\"> Gallica<\/a><\/p>\n\n\n<div class=\"wp-block-image\">\n<figure class=\"aligncenter\"><img data-recalc-dims=\"1\" loading=\"lazy\" decoding=\"async\" width=\"840\" height=\"545\" data-attachment-id=\"298\" data-permalink=\"http:\/\/patrimoine-avesnois.fr\/chemin\/beaurieux\/capture-9\/\" data-orig-file=\"https:\/\/i0.wp.com\/patrimoine-avesnois.fr\/chemin\/wp-content\/uploads\/2019\/03\/Capture-8.png?fit=974%2C632\" data-orig-size=\"974,632\" data-comments-opened=\"1\" data-image-meta=\"{&quot;aperture&quot;:&quot;0&quot;,&quot;credit&quot;:&quot;&quot;,&quot;camera&quot;:&quot;&quot;,&quot;caption&quot;:&quot;&quot;,&quot;created_timestamp&quot;:&quot;0&quot;,&quot;copyright&quot;:&quot;&quot;,&quot;focal_length&quot;:&quot;0&quot;,&quot;iso&quot;:&quot;0&quot;,&quot;shutter_speed&quot;:&quot;0&quot;,&quot;title&quot;:&quot;&quot;,&quot;orientation&quot;:&quot;0&quot;}\" data-image-title=\"Capture\" data-image-description=\"\" data-image-caption=\"\" data-large-file=\"https:\/\/i0.wp.com\/patrimoine-avesnois.fr\/chemin\/wp-content\/uploads\/2019\/03\/Capture-8.png?fit=840%2C545\" src=\"https:\/\/i0.wp.com\/patrimoine-avesnois.fr\/chemin\/wp-content\/uploads\/2019\/03\/Capture-8.png?resize=840%2C545\" alt=\"\" class=\"wp-image-298\" srcset=\"https:\/\/i0.wp.com\/patrimoine-avesnois.fr\/chemin\/wp-content\/uploads\/2019\/03\/Capture-8.png?w=974 974w, https:\/\/i0.wp.com\/patrimoine-avesnois.fr\/chemin\/wp-content\/uploads\/2019\/03\/Capture-8.png?resize=300%2C195 300w, https:\/\/i0.wp.com\/patrimoine-avesnois.fr\/chemin\/wp-content\/uploads\/2019\/03\/Capture-8.png?resize=768%2C498 768w\" sizes=\"auto, (max-width: 709px) 85vw, (max-width: 909px) 67vw, (max-width: 1362px) 62vw, 840px\" \/><figcaption class=\"wp-element-caption\">La Pace de Beaurieux vers 1930<\/figcaption><\/figure>\n<\/div>\n\n<div class=\"wp-block-image\">\n<figure class=\"aligncenter\"><img loading=\"lazy\" decoding=\"async\" width=\"800\" height=\"1067\" data-attachment-id=\"299\" data-permalink=\"http:\/\/patrimoine-avesnois.fr\/chemin\/beaurieux\/800px-beaurieux_nord_fr_eglise\/\" data-orig-file=\"https:\/\/i0.wp.com\/patrimoine-avesnois.fr\/chemin\/wp-content\/uploads\/2019\/03\/800px-Beaurieux_Nord_Fr_%C3%A9glise.jpg?fit=800%2C1067\" data-orig-size=\"800,1067\" data-comments-opened=\"1\" data-image-meta=\"{&quot;aperture&quot;:&quot;0&quot;,&quot;credit&quot;:&quot;&quot;,&quot;camera&quot;:&quot;&quot;,&quot;caption&quot;:&quot;&quot;,&quot;created_timestamp&quot;:&quot;1553608650&quot;,&quot;copyright&quot;:&quot;&quot;,&quot;focal_length&quot;:&quot;0&quot;,&quot;iso&quot;:&quot;0&quot;,&quot;shutter_speed&quot;:&quot;0&quot;,&quot;title&quot;:&quot;&quot;,&quot;orientation&quot;:&quot;1&quot;}\" data-image-title=\"800px-Beaurieux_(Nord,_Fr)_\u00e9glise\" data-image-description=\"\" data-image-caption=\"\" data-large-file=\"https:\/\/i0.wp.com\/patrimoine-avesnois.fr\/chemin\/wp-content\/uploads\/2019\/03\/800px-Beaurieux_Nord_Fr_%C3%A9glise.jpg?fit=768%2C1024\" src=\"https:\/\/i1.wp.com\/patrimoine-avesnois.fr\/chemin\/wp-content\/uploads\/2019\/03\/800px-Beaurieux_Nord_Fr_\u00e9glise.jpg?fit=768%2C1024\" alt=\"\" class=\"wp-image-299\" srcset=\"https:\/\/i0.wp.com\/patrimoine-avesnois.fr\/chemin\/wp-content\/uploads\/2019\/03\/800px-Beaurieux_Nord_Fr_%C3%A9glise.jpg?w=800 800w, https:\/\/i0.wp.com\/patrimoine-avesnois.fr\/chemin\/wp-content\/uploads\/2019\/03\/800px-Beaurieux_Nord_Fr_%C3%A9glise.jpg?resize=225%2C300 225w, https:\/\/i0.wp.com\/patrimoine-avesnois.fr\/chemin\/wp-content\/uploads\/2019\/03\/800px-Beaurieux_Nord_Fr_%C3%A9glise.jpg?resize=768%2C1024 768w\" sizes=\"auto, (max-width: 800px) 85vw, 800px\" \/><figcaption class=\"wp-element-caption\">L&rsquo;\u00e9glise de Beaurieux<\/figcaption><\/figure>\n<\/div>\n\n\n<p class=\"wp-block-paragraph\">L\u2019\u00e9glise de Beaurieux, d\u00e9di\u00e9e \u00e0 Saint\u2011Martin fut construite en 1542 par Jehan de Hun, seigneur de Beaurieux et remani\u00e9e \u00e0 plusieurs reprises.<\/p>\n\n\n\n<p class=\"wp-block-paragraph\"><strong>L\u2019INT\u00c9RIEUR DE L\u2019\u00c9GLISE<\/strong><\/p>\n\n\n\n<p class=\"wp-block-paragraph\">L\u2019int\u00e9rieur de l\u2019\u00e9glise de Beaurieux pr\u00e9sente un ensemble harmonieux, sobre et lumineux, typique des \u00e9difices ruraux du Hainaut. La nef unique, couverte d\u2019un plafond lambriss\u00e9, conduit vers un ch\u0153ur plus \u00e9troit, \u00e9clair\u00e9 par des baies en arc bris\u00e9. Les murs enduits, blanchis lors des restaurations de la fin du XX\u1d49 si\u00e8cle, laissent percevoir par endroits des reprises anciennes.<\/p>\n\n\n\n<p class=\"wp-block-paragraph\">Le mobilier liturgique, en grande partie r\u00e9pertori\u00e9 dans la base Palissy, t\u00e9moigne de plusieurs si\u00e8cles de d\u00e9votion paroissiale. Le ma\u00eetre\u2011autel, en bois sculpt\u00e9 et peint, occupe le fond du ch\u0153ur. Il est accompagn\u00e9 d\u2019un tabernacle orn\u00e9 de motifs v\u00e9g\u00e9taux et de dorures discr\u00e8tes. Deux autels secondaires, plac\u00e9s dans la nef, sont d\u00e9di\u00e9s respectivement \u00e0 la Vierge et \u00e0 Saint Martin. Ils pr\u00e9sentent des retables simples, compos\u00e9s de niches et de colonnettes, caract\u00e9ristiques du XVIII\u1d49 si\u00e8cle rural.<\/p>\n\n\n\n<p class=\"wp-block-paragraph\">Plusieurs statues polychromes compl\u00e8tent cet ensemble. Une Vierge \u00e0 l\u2019Enfant, en bois peint, se distingue par la douceur de son expression. Une statue de Saint Martin, patron de l\u2019\u00e9glise, le repr\u00e9sente partageant son manteau avec le pauvre, selon l\u2019iconographie traditionnelle. On trouve \u00e9galement un Christ en croix, suspendu au-dessus de l\u2019entr\u00e9e du ch\u0153ur, ainsi qu\u2019un Saint Joseph portant l\u2019Enfant.<\/p>\n\n\n\n<p class=\"wp-block-paragraph\">Le confessionnal, en bois sombre, occupe le bas de la nef. Il pr\u00e9sente un d\u00e9cor sobre, compos\u00e9 de panneaux moulur\u00e9s et d\u2019une grille en bois tourn\u00e9. Les bancs clos, les lambris du ch\u0153ur et les portes int\u00e9rieures appartiennent \u00e0 un ensemble de menuiserie homog\u00e8ne, probablement r\u00e9alis\u00e9 au XVIII\u1d49 si\u00e8cle et restaur\u00e9 au XIX\u1d49.<\/p>\n\n\n\n<p class=\"wp-block-paragraph\">La tribune, situ\u00e9e au fond de la nef, s\u2019\u00e9tend sur toute la largeur de l\u2019\u00e9difice. Elle abritait autrefois un petit orgue, aujourd\u2019hui disparu, mais dont subsistent les traces d\u2019ancrage et la structure porteuse. Le sol, alternant carreaux de terre cuite et dalles calcaires, t\u00e9moigne de plusieurs campagnes de r\u00e9fection.<\/p>\n\n\n\n<p class=\"wp-block-paragraph\">Enfin, l\u2019\u00e9glise communique directement avec la chapelle seigneuriale par une porte perc\u00e9e dans le mur nord du ch\u0153ur. Cet acc\u00e8s unique rappelle la fonction originelle de la chapelle : un espace r\u00e9serv\u00e9 aux seigneurs de Beaurieux, leur permettant d\u2019assister aux offices sans passer par la nef.<\/p>\n\n\n<div class=\"wp-block-image\">\n<figure class=\"aligncenter\"><img loading=\"lazy\" decoding=\"async\" width=\"1024\" height=\"768\" data-attachment-id=\"300\" data-permalink=\"http:\/\/patrimoine-avesnois.fr\/chemin\/beaurieux\/image-3\/\" data-orig-file=\"https:\/\/i0.wp.com\/patrimoine-avesnois.fr\/chemin\/wp-content\/uploads\/2019\/03\/image-2.png?fit=1024%2C768\" data-orig-size=\"1024,768\" data-comments-opened=\"1\" data-image-meta=\"{&quot;aperture&quot;:&quot;0&quot;,&quot;credit&quot;:&quot;&quot;,&quot;camera&quot;:&quot;&quot;,&quot;caption&quot;:&quot;&quot;,&quot;created_timestamp&quot;:&quot;0&quot;,&quot;copyright&quot;:&quot;&quot;,&quot;focal_length&quot;:&quot;0&quot;,&quot;iso&quot;:&quot;0&quot;,&quot;shutter_speed&quot;:&quot;0&quot;,&quot;title&quot;:&quot;&quot;,&quot;orientation&quot;:&quot;0&quot;}\" data-image-title=\"image\" data-image-description=\"\" data-image-caption=\"\" data-large-file=\"https:\/\/i0.wp.com\/patrimoine-avesnois.fr\/chemin\/wp-content\/uploads\/2019\/03\/image-2.png?fit=840%2C630\" src=\"https:\/\/i2.wp.com\/patrimoine-avesnois.fr\/chemin\/wp-content\/uploads\/2019\/03\/image-2.png?fit=840%2C630\" alt=\"\" class=\"wp-image-300\" srcset=\"https:\/\/i0.wp.com\/patrimoine-avesnois.fr\/chemin\/wp-content\/uploads\/2019\/03\/image-2.png?w=1024 1024w, https:\/\/i0.wp.com\/patrimoine-avesnois.fr\/chemin\/wp-content\/uploads\/2019\/03\/image-2.png?resize=300%2C225 300w, https:\/\/i0.wp.com\/patrimoine-avesnois.fr\/chemin\/wp-content\/uploads\/2019\/03\/image-2.png?resize=768%2C576 768w\" sizes=\"auto, (max-width: 709px) 85vw, (max-width: 909px) 67vw, (max-width: 1362px) 62vw, 840px\" \/><figcaption class=\"wp-element-caption\">La chapelle Saint Christophe<\/figcaption><\/figure>\n<\/div>\n\n\n<p class=\"wp-block-paragraph\"><strong>L\u2019INT\u00c9RIEUR DE LA CHAPELLE SEIGNEURIALE<\/strong><\/p>\n\n\n\n<p class=\"wp-block-paragraph\">\u00ab\u00a0Avant que ne soit construite l&rsquo;\u00e9glise en 1542, il existait en dehors du ch\u00e2teau, \u00e0 30 m de son entr\u00e9e, une chapelle seigneuriale, dite chapelle Saint-Christophe et qui servait \u00e0 la s\u00e9pulture des seigneurs; elle \u00e9tait leur propri\u00e9t\u00e9 particuli\u00e8re au m\u00eame titre que le ch\u00e2teau. Cette propri\u00e9t\u00e9 et cette destination furent reconnues par de nombreux actes publics ou particuliers ou des jugements de la Cour Souveraine du Hainaut. Elle existait d\u00e9j\u00e0 en l&rsquo;an 1100, fut d\u00e9truite lors des guerres des Flandres et relev\u00e9e en m\u00eame temps que le ch\u00e2teau. Elle tire son nom de la statue de saint Christophe sculpt\u00e9e en plein bois d ch\u00eane, \u00e0 une \u00e9poque certainement ant\u00e9rieure au XIVe si\u00e8cle. Cette statue fut de tout temps v\u00e9n\u00e9r\u00e9e dans le pays et elle \u00e9tait l&rsquo;objet d&rsquo;un p\u00e8lerinage et de visites tr\u00e8s suivies de la part des mamans dont les enfants criaient. Saint Christophe fut surnomm\u00e9 saint Braillard par la pi\u00e9t\u00e9 populaire\u2026 La chapelle est actuellement accol\u00e9e \u00e0 l&rsquo;\u00e9glise \u00e0 hauteur du ch\u0153ur. Elle permettait autrefois d&rsquo;y suivre la messe a travers six fentes grillag\u00e9es\u00a0\u00bb. Source du texte :<br>Historique r\u00e9sum\u00e9 de Beaurieux, M\u00e9moires de la Soci\u00e9t\u00e9 Arch\u00e9ologique et Historique de l&rsquo;Arrondissement d\u2022Aveanes (Nord), <a href=\"https:\/\/gallica.bnf.fr\/ark:\/12148\/bpt6k5487291v\/f174.image.r=m%C3%A9moies%20soci%C3%A9t%C3%A9%20historique%20avesnes%20tome%20XV\" target=\"_blank\" rel=\"noreferrer noopener\">Tome XV, Ed. de l&rsquo;Observateur, Avesnes-sur-Helpe, 1935, p. 179,<\/a><\/p>\n\n\n\n<p class=\"wp-block-paragraph\">La chapelle seigneuriale, class\u00e9e Monument historique, constitue l\u2019un des \u00e9l\u00e9ments les plus remarquables de l\u2019ensemble paroissial. On y acc\u00e8de exclusivement depuis l\u2019int\u00e9rieur de l\u2019\u00e9glise, ce qui souligne son statut d\u2019espace r\u00e9serv\u00e9 aux familles seigneuriales.<\/p>\n\n\n\n<h3 class=\"wp-block-heading\"><strong>Architecture int\u00e9rieure<\/strong><\/h3>\n\n\n\n<p class=\"wp-block-paragraph\">La chapelle forme un espace presque carr\u00e9, d\u2019environ 6,20 m sur 5,95 m. Les murs, enduits et peints, pr\u00e9sentent une teinte bleut\u00e9e jusqu\u2019\u00e0 la naissance de la coupole. Cette derni\u00e8re, de couleur cr\u00e8me, est anim\u00e9e de nervures peintes en bleu qui soulignent la structure. Au centre, une clef pendante en bois dor\u00e9 repr\u00e9sente un motif floral, accompagn\u00e9e d\u2019une colombe figurant le Saint\u2011Esprit. Ces \u00e9l\u00e9ments, suspendus, donnent \u00e0 la chapelle une atmosph\u00e8re \u00e0 la fois intime et solennelle.<\/p>\n\n\n\n<h3 class=\"wp-block-heading\"><strong>Les monuments fun\u00e9raires<\/strong><\/h3>\n\n\n\n<p class=\"wp-block-paragraph\">Les parois sont enti\u00e8rement occup\u00e9es par une s\u00e9rie de monuments fun\u00e9raires appartenant aux diff\u00e9rentes lign\u00e9es seigneuriales de Beaurieux. On en compte huit, couvrant plusieurs si\u00e8cles d\u2019histoire locale.<\/p>\n\n\n\n<p class=\"wp-block-paragraph\">Le plus ancien est une grande dalle verticale, encadr\u00e9e de marbre, portant l\u2019inscription fun\u00e9raire d\u2019Albert de Robaulx, seigneur de Beaurieux, d\u00e9c\u00e9d\u00e9 en 1696, ainsi que celle de son \u00e9pouse Anne\u2011Marie de la Fallize, morte en 1700. La transcription que tu m\u2019as fournie montre un texte riche en d\u00e9votion, \u00e9voquant notamment les fondations de messes hebdomadaires et l\u2019entretien d\u2019une lampe perp\u00e9tuelle devant le ma\u00eetre\u2011autel.<\/p>\n\n\n\n<p class=\"wp-block-paragraph\">Un autre monument, d\u00e9di\u00e9 \u00e0 Ferdinand\u2011Auguste de Robaulx (1710\u20111809), porte la devise familiale : <strong>\u00ab En avant Robaulx Beaurieux pour Dieu et le Roi \u00bb<\/strong>, t\u00e9moignage de la fid\u00e9lit\u00e9 de la famille \u00e0 la monarchie.<\/p>\n\n\n\n<p class=\"wp-block-paragraph\">Le dernier monument est celui du comte Jehan de Robaulx de Beaurieux (1903\u20111972), ancien maire du village. \u00c0 son d\u00e9c\u00e8s, la propri\u00e9t\u00e9 seigneuriale fut vendue et la chapelle donn\u00e9e \u00e0 la commune, qui entreprit la restauration de la toiture.<\/p>\n\n\n\n<h3 class=\"wp-block-heading\"><strong>Le tabernacle de 1458<\/strong><\/h3>\n\n\n\n<p class=\"wp-block-paragraph\">La chapelle conserve un tabernacle exceptionnel en pierre sculpt\u00e9e, dat\u00e9 de 1458, attribu\u00e9 \u00e0 Englebert de Vertain, seigneur de Beaurieux. Il repr\u00e9sente le Christ au Jardin des Oliviers, dans un style gothique tardif. Ce tabernacle est l\u2019un des \u00e9l\u00e9ments majeurs du mobilier class\u00e9.<\/p>\n\n\n\n<h3 class=\"wp-block-heading\"><strong>La statue de Saint Christophe<\/strong><\/h3>\n\n\n\n<p class=\"wp-block-paragraph\">Une statue ancienne de Saint Christophe, autrefois visible dans la chapelle, a \u00e9t\u00e9 mise \u00e0 l\u2019abri pour des raisons de s\u00e9curit\u00e9. Elle appartient au corpus des sculptures r\u00e9gionales en bois polychrome.<\/p>\n\n\n\n<h3 class=\"wp-block-heading\"><strong>L\u2019ext\u00e9rieur de la chapelle<\/strong><\/h3>\n\n\n\n<p class=\"wp-block-paragraph\">\u00c0 l\u2019ext\u00e9rieur, la chapelle pr\u00e9sente des murs en moellons, renforc\u00e9s aux angles par des pierres \u00e9quarries. Quelques reprises en briques t\u00e9moignent de restaurations successives. La toiture \u00e0 trois pans, couverte de petites ardoises, s\u2019appuie sur le mur nord de l\u2019\u00e9glise. Une cr\u00eate m\u00e9tallique, surmont\u00e9e d\u2019une fine croix, souligne le fa\u00eetage.<\/p>\n\n\n\n<p class=\"wp-block-paragraph\">Pour compl\u00e9ter cette description, les photographies officielles de l\u2019\u00e9glise et de la chapelle seigneuriale, issues des bases M\u00e9rim\u00e9e et Palissy, peuvent \u00eatre consult\u00e9es sur le portail POP du minist\u00e8re de la Culture : <a href=\"https:\/\/pop.culture.gouv.fr\/recherche?q=%C3%A9glise+beaurieux&amp;utm_source=copilot.com\" target=\"_blank\" rel=\"noreferrer noopener\">https:\/\/pop.culture.gouv.fr\/recherche?q=\u00e9glise%20beaurieux<\/a> <\/p>\n\n\n\n<p class=\"wp-block-paragraph\">En dehors de cette chapelle il existe \u00e0 Beaurieux une autre chapelle et trois oratoires :<\/p>\n\n\n<div class=\"wp-block-image\">\n<figure class=\"aligncenter\"><img data-recalc-dims=\"1\" decoding=\"async\" src=\"https:\/\/i0.wp.com\/oratoiresetchapelles-avesnois.fr\/wp-content\/uploads\/2017\/01\/Capturer-Copie-1.png?w=840\" alt=\"\"\/><figcaption class=\"wp-element-caption\"><a href=\"http:\/\/oratoiresetchapelles-avesnois.fr\/beaurieux\/\" target=\"_blank\" rel=\"noreferrer noopener\">http:\/\/oratoiresetchapelles-avesnois.fr\/beaurieux\/<\/a><\/figcaption><\/figure>\n<\/div>\n\n<div class=\"wp-block-image\">\n<figure class=\"aligncenter\"><img data-recalc-dims=\"1\" height=\"1024\" width=\"768\" decoding=\"async\" src=\"https:\/\/i0.wp.com\/oratoiresetchapelles-avesnois.fr\/wp-content\/uploads\/2017\/01\/3.Beaurieux-St-Roch-1767-rue-du-Calvaire-768x1024.jpg?resize=768%2C1024\" alt=\"Oratoire St Roch (1767)\"\/><figcaption class=\"wp-element-caption\">Un des trois oratoires<\/figcaption><\/figure>\n<\/div>\n\n<div class=\"wp-block-image\">\n<figure class=\"aligncenter\"><img loading=\"lazy\" decoding=\"async\" width=\"1280\" height=\"960\" data-attachment-id=\"303\" data-permalink=\"http:\/\/patrimoine-avesnois.fr\/chemin\/beaurieux\/1280px-beaurieux_nord_fr_chapelle_-_calvaire\/\" data-orig-file=\"https:\/\/i0.wp.com\/patrimoine-avesnois.fr\/chemin\/wp-content\/uploads\/2019\/03\/1280px-Beaurieux_Nord_Fr_chapelle_-_calvaire.jpg?fit=1280%2C960\" data-orig-size=\"1280,960\" data-comments-opened=\"1\" data-image-meta=\"{&quot;aperture&quot;:&quot;0&quot;,&quot;credit&quot;:&quot;&quot;,&quot;camera&quot;:&quot;&quot;,&quot;caption&quot;:&quot;&quot;,&quot;created_timestamp&quot;:&quot;1553610804&quot;,&quot;copyright&quot;:&quot;&quot;,&quot;focal_length&quot;:&quot;0&quot;,&quot;iso&quot;:&quot;0&quot;,&quot;shutter_speed&quot;:&quot;0&quot;,&quot;title&quot;:&quot;&quot;,&quot;orientation&quot;:&quot;1&quot;}\" data-image-title=\"1280px-Beaurieux_(Nord,_Fr)_chapelle_-_calvaire\" data-image-description=\"\" data-image-caption=\"\" data-large-file=\"https:\/\/i0.wp.com\/patrimoine-avesnois.fr\/chemin\/wp-content\/uploads\/2019\/03\/1280px-Beaurieux_Nord_Fr_chapelle_-_calvaire.jpg?fit=840%2C630\" src=\"https:\/\/i1.wp.com\/patrimoine-avesnois.fr\/chemin\/wp-content\/uploads\/2019\/03\/1280px-Beaurieux_Nord_Fr_chapelle_-_calvaire.jpg?fit=840%2C630\" alt=\"\" class=\"wp-image-303\" srcset=\"https:\/\/i0.wp.com\/patrimoine-avesnois.fr\/chemin\/wp-content\/uploads\/2019\/03\/1280px-Beaurieux_Nord_Fr_chapelle_-_calvaire.jpg?w=1280 1280w, https:\/\/i0.wp.com\/patrimoine-avesnois.fr\/chemin\/wp-content\/uploads\/2019\/03\/1280px-Beaurieux_Nord_Fr_chapelle_-_calvaire.jpg?resize=300%2C225 300w, https:\/\/i0.wp.com\/patrimoine-avesnois.fr\/chemin\/wp-content\/uploads\/2019\/03\/1280px-Beaurieux_Nord_Fr_chapelle_-_calvaire.jpg?resize=768%2C576 768w, https:\/\/i0.wp.com\/patrimoine-avesnois.fr\/chemin\/wp-content\/uploads\/2019\/03\/1280px-Beaurieux_Nord_Fr_chapelle_-_calvaire.jpg?resize=1024%2C768 1024w, https:\/\/i0.wp.com\/patrimoine-avesnois.fr\/chemin\/wp-content\/uploads\/2019\/03\/1280px-Beaurieux_Nord_Fr_chapelle_-_calvaire.jpg?resize=1200%2C900 1200w\" sizes=\"auto, (max-width: 709px) 85vw, (max-width: 909px) 67vw, (max-width: 1362px) 62vw, 840px\" \/><figcaption class=\"wp-element-caption\"> <br>Calvaire appel\u00e9 calvaire Gobert du nom de son b\u00e2tisseur. <\/figcaption><\/figure>\n<\/div>\n\n\n<p class=\"wp-block-paragraph\"> Louis Jean Baptiste Gobert n\u00e9 en 1810, d\u00e9c\u00e9d\u00e9 en 1858, mari\u00e9 \u00e0 Hyacinthe Huart n\u00e9e en 1816 et d\u00e9c\u00e9d\u00e9e en 1879 ont 8 enfants dont Marie \u00b01848 +1916 mari\u00e9e en 1872 \u00e0 Augustin Leroy \u00b01839 +1907 cultivateur \u00e0 Beaurieux qui poss\u00e8de en 1901 le calvaire.<\/p>\n\n\n<div class=\"wp-block-image\">\n<figure class=\"aligncenter\"><img decoding=\"async\" src=\"https:\/\/upload.wikimedia.org\/wikipedia\/commons\/thumb\/3\/36\/Beaurieux_%28Nord%2C_Fr%29_monument_aux_morts_%28%C3%A9glise%2C_ch%C3%A2teau%29.jpg\/1280px-Beaurieux_%28Nord%2C_Fr%29_monument_aux_morts_%28%C3%A9glise%2C_ch%C3%A2teau%29.jpg\" alt=\"\"\/><figcaption class=\"wp-element-caption\">Le Monument aux Morts de Beaurieux <br>Photo Universit\u00e9 Lille<\/figcaption><\/figure>\n<\/div>\n\n\n<p class=\"wp-block-paragraph\">Le monument aux morts de Beaurieux se pr\u00e9sente sous la forme d\u2019un pilier comm\u00e9moratif de type ob\u00e9lisque, \u00e9rig\u00e9 en marbre Lunel, mat\u00e9riau noble et lumineux souvent utilis\u00e9 pour les monuments fun\u00e9raires du d\u00e9but du XX\u1d49 si\u00e8cle. Sa silhouette \u00e9lanc\u00e9e et sobre lui conf\u00e8re une pr\u00e9sence solennelle au c\u0153ur du village.<\/p>\n\n\n\n<p class=\"wp-block-paragraph\">La face principale est orn\u00e9e d\u2019une couronne mortuaire associ\u00e9e \u00e0 une palme, symboles du deuil, du souvenir et de la reconnaissance envers les soldats disparus. Une Croix de Guerre figure \u00e9galement sur le monument, rappelant les d\u00e9corations militaires attribu\u00e9es aux combattants de la Grande Guerre.<\/p>\n\n\n\n<p class=\"wp-block-paragraph\">L\u2019ensemble est prot\u00e9g\u00e9 par un entourage compos\u00e9 de bornes reli\u00e9es par des cha\u00eenes ou des barres, d\u00e9limitant un espace de recueillement autour de l\u2019ob\u00e9lisque.<\/p>\n\n\n\n<p class=\"wp-block-paragraph\">Le monument est l\u2019\u0153uvre de Laurent Gobled, industriel marbrier install\u00e9 \u00e0 Cousolre, dont le savoir\u2011faire a marqu\u00e9 plusieurs r\u00e9alisations comm\u00e9moratives dans le secteur.<\/p>\n\n\n<div class=\"wp-block-image\">\n<figure class=\"aligncenter\"><img decoding=\"async\" src=\"https:\/\/upload.wikimedia.org\/wikipedia\/commons\/thumb\/0\/0f\/Beaurieux_%28Nord%2C_Fr%29_ch%C3%A2teau.jpg\/1280px-Beaurieux_%28Nord%2C_Fr%29_ch%C3%A2teau.jpg\" alt=\"\"\/><figcaption class=\"wp-element-caption\">Le ch\u00e2teau de Beaurieux<\/figcaption><\/figure>\n<\/div>\n\n\n<p class=\"wp-block-paragraph\">\u00c0 proximit\u00e9 imm\u00e9diate de l\u2019\u00e9glise se dresse le ch\u00e2teau, dont l\u2019aspect actuel r\u00e9sulte d\u2019une reconstruction partielle r\u00e9alis\u00e9e entre 1668 et 1672. Il ne subsiste en effet qu\u2019une fraction de l\u2019ancien ch\u00e2teau f\u00e9odal, \u00e9difice ant\u00e9rieur au XIV\u1d49 si\u00e8cle et plusieurs fois d\u00e9truit au fil des conflits. Une ancre dat\u00e9e de 1621, visible sur la fa\u00e7ade tourn\u00e9e vers l\u2019\u00e9glise, rappelle l\u2019anciennet\u00e9 des lieux et les transformations successives du domaine.<\/p>\n\n\n\n<p class=\"wp-block-paragraph\">Le b\u00e2timent adopte aujourd\u2019hui un plan en L, l\u2019aile occidentale ayant disparu, mais il conserve encore une tour perc\u00e9e de meurtri\u00e8res, t\u00e9moin de ses origines d\u00e9fensives. Malgr\u00e9 les remaniements, l\u2019ensemble a conserv\u00e9 une r\u00e9elle prestance : tourelles, murs \u00e9pais, ouvertures dans le style Louis XIV et vitraux armori\u00e9s lui conf\u00e8rent un charme singulier et une allure noble.<\/p>\n\n\n\n<p class=\"wp-block-paragraph\">Le ch\u00e2teau est entour\u00e9 d\u2019un vaste parc arbor\u00e9, qui met en valeur son architecture et son implantation au c\u0153ur du village. Des documents anciens, notamment consultables sur <a href=\"https:\/\/gallica.bnf.fr\/ark:\/12148\/bpt6k5487291v\/f176.image.r=m%C3%A9moies%20soci%C3%A9t%C3%A9%20historique%20avesnes%20tome%20XV\" target=\"_blank\" rel=\"noreferrer noopener\">Gallica.<\/a> ou dans les ouvrages consacr\u00e9s aux <a href=\"http:\/\/www.chateau-fort-manoir-chateau.eu\/chateaux-nord-chateau-a-beaurieux-chateau-de-beaurieux.html\" target=\"_blank\" rel=\"noreferrer noopener\">Ch\u00e2teaux de France<\/a>, permettent d\u2019appr\u00e9cier l\u2019\u00e9volution de cette demeure au fil des si\u00e8cles.<\/p>\n\n\n\n<p class=\"wp-block-paragraph\"><strong>Le pass\u00e9 de Beaurieux :<\/strong><\/p>\n\n\n\n<p class=\"wp-block-paragraph\"> La bonneterie est, apr\u00e8s l&rsquo;agriculture, la seule industrie de cette commune. On trouve \u00e0 Beaurieux 4 fabriques de bonneteries et 1 moulin \u00e0 bl\u00e9. <\/p>\n\n\n<div class=\"wp-block-image\">\n<figure class=\"aligncenter\"><img data-recalc-dims=\"1\" loading=\"lazy\" decoding=\"async\" width=\"840\" height=\"630\" data-attachment-id=\"306\" data-permalink=\"http:\/\/patrimoine-avesnois.fr\/chemin\/beaurieux\/capture2-9\/\" data-orig-file=\"https:\/\/i0.wp.com\/patrimoine-avesnois.fr\/chemin\/wp-content\/uploads\/2019\/03\/Capture2-8.png?fit=904%2C678\" data-orig-size=\"904,678\" data-comments-opened=\"1\" data-image-meta=\"{&quot;aperture&quot;:&quot;0&quot;,&quot;credit&quot;:&quot;&quot;,&quot;camera&quot;:&quot;&quot;,&quot;caption&quot;:&quot;&quot;,&quot;created_timestamp&quot;:&quot;0&quot;,&quot;copyright&quot;:&quot;&quot;,&quot;focal_length&quot;:&quot;0&quot;,&quot;iso&quot;:&quot;0&quot;,&quot;shutter_speed&quot;:&quot;0&quot;,&quot;title&quot;:&quot;&quot;,&quot;orientation&quot;:&quot;0&quot;}\" data-image-title=\"Capture2\" data-image-description=\"\" data-image-caption=\"\" data-large-file=\"https:\/\/i0.wp.com\/patrimoine-avesnois.fr\/chemin\/wp-content\/uploads\/2019\/03\/Capture2-8.png?fit=840%2C630\" src=\"https:\/\/i0.wp.com\/patrimoine-avesnois.fr\/chemin\/wp-content\/uploads\/2019\/03\/Capture2-8.png?resize=840%2C630\" alt=\"\" class=\"wp-image-306\" srcset=\"https:\/\/i0.wp.com\/patrimoine-avesnois.fr\/chemin\/wp-content\/uploads\/2019\/03\/Capture2-8.png?w=904 904w, https:\/\/i0.wp.com\/patrimoine-avesnois.fr\/chemin\/wp-content\/uploads\/2019\/03\/Capture2-8.png?resize=300%2C225 300w, https:\/\/i0.wp.com\/patrimoine-avesnois.fr\/chemin\/wp-content\/uploads\/2019\/03\/Capture2-8.png?resize=768%2C576 768w\" sizes=\"auto, (max-width: 709px) 85vw, (max-width: 909px) 67vw, (max-width: 1362px) 62vw, 840px\" \/><figcaption class=\"wp-element-caption\">ADN P 31\/662 cadastre de1828<\/figcaption><\/figure>\n<\/div>\n\n<div class=\"wp-block-image\">\n<figure class=\"aligncenter\"><img loading=\"lazy\" decoding=\"async\" width=\"1116\" height=\"837\" data-attachment-id=\"307\" data-permalink=\"http:\/\/patrimoine-avesnois.fr\/chemin\/beaurieux\/capture3-8\/\" data-orig-file=\"https:\/\/i0.wp.com\/patrimoine-avesnois.fr\/chemin\/wp-content\/uploads\/2019\/03\/Capture3-7.png?fit=1116%2C837\" data-orig-size=\"1116,837\" data-comments-opened=\"1\" data-image-meta=\"{&quot;aperture&quot;:&quot;0&quot;,&quot;credit&quot;:&quot;&quot;,&quot;camera&quot;:&quot;&quot;,&quot;caption&quot;:&quot;&quot;,&quot;created_timestamp&quot;:&quot;0&quot;,&quot;copyright&quot;:&quot;&quot;,&quot;focal_length&quot;:&quot;0&quot;,&quot;iso&quot;:&quot;0&quot;,&quot;shutter_speed&quot;:&quot;0&quot;,&quot;title&quot;:&quot;&quot;,&quot;orientation&quot;:&quot;0&quot;}\" data-image-title=\"Capture3\" data-image-description=\"\" data-image-caption=\"\" data-large-file=\"https:\/\/i0.wp.com\/patrimoine-avesnois.fr\/chemin\/wp-content\/uploads\/2019\/03\/Capture3-7.png?fit=840%2C630\" src=\"https:\/\/i0.wp.com\/patrimoine-avesnois.fr\/chemin\/wp-content\/uploads\/2019\/03\/Capture3-7.png?fit=840%2C630\" alt=\"\" class=\"wp-image-307\" srcset=\"https:\/\/i0.wp.com\/patrimoine-avesnois.fr\/chemin\/wp-content\/uploads\/2019\/03\/Capture3-7.png?w=1116 1116w, https:\/\/i0.wp.com\/patrimoine-avesnois.fr\/chemin\/wp-content\/uploads\/2019\/03\/Capture3-7.png?resize=300%2C225 300w, https:\/\/i0.wp.com\/patrimoine-avesnois.fr\/chemin\/wp-content\/uploads\/2019\/03\/Capture3-7.png?resize=768%2C576 768w, https:\/\/i0.wp.com\/patrimoine-avesnois.fr\/chemin\/wp-content\/uploads\/2019\/03\/Capture3-7.png?resize=1024%2C768 1024w\" sizes=\"auto, (max-width: 709px) 85vw, (max-width: 909px) 67vw, (max-width: 1362px) 62vw, 840px\" \/><figcaption class=\"wp-element-caption\">La ferme du Moulin Cadastre  <a href=\"https:\/\/www.google.com\/maps\/place\/59740+Beaurieux\/@50.1789153,4.120215,249m\/data=!3m1!1e3!4m5!3m4!1s0x47c2134283f72619:0x40af13e81647520!8m2!3d50.178558!4d4.12648\" target=\"_blank\" rel=\"noreferrer noopener\">Google 2019<\/a><\/figcaption><\/figure>\n<\/div>\n\n\n<p class=\"wp-block-paragraph\">Le moulin \u00e0 deux tournants appartenait au seigneur, la famille de Robaulx. En 1828 Ferdinand Auguste de Robaulx le loua \u00e0 Th\u00e9ophile Blondiau puis en 1829 \u00e0 Antoine Serlin. En 1835 le moulin revint au fils, Gustave Jules Albert de Robaulx. Il passa bail \u00e0 Semillon en 1840 puis \u00e0 Pecquart en 1843. En 1872 le moulin appartenait \u00e0 Marie de Robaulx avant qu&rsquo;il fut acquis en 1879 par Louis Hercule Henry Declemy. en 1891 il \u00e9tait la propri\u00e9t\u00e9 d&rsquo;Eug\u00e8ne Lhote Declemy, demeurant \u00e0 Saint Michel (Aisne). En 1954 il \u00e9tait encore dans la famille avec Pierre Mary Lhote habitant Aymeries.<\/p>\n\n\n\n<p class=\"has-text-align-center has-medium-font-size wp-block-paragraph\">***<\/p>\n\n\n<div class=\"wp-block-image\">\n<figure class=\"aligncenter\"><img data-recalc-dims=\"1\" loading=\"lazy\" decoding=\"async\" width=\"649\" height=\"487\" data-attachment-id=\"313\" data-permalink=\"http:\/\/patrimoine-avesnois.fr\/chemin\/beaurieux\/capture-4png\/\" data-orig-file=\"https:\/\/i0.wp.com\/patrimoine-avesnois.fr\/chemin\/wp-content\/uploads\/2019\/03\/Capture.4PNG.png?fit=649%2C487\" data-orig-size=\"649,487\" data-comments-opened=\"1\" data-image-meta=\"{&quot;aperture&quot;:&quot;0&quot;,&quot;credit&quot;:&quot;&quot;,&quot;camera&quot;:&quot;&quot;,&quot;caption&quot;:&quot;&quot;,&quot;created_timestamp&quot;:&quot;0&quot;,&quot;copyright&quot;:&quot;&quot;,&quot;focal_length&quot;:&quot;0&quot;,&quot;iso&quot;:&quot;0&quot;,&quot;shutter_speed&quot;:&quot;0&quot;,&quot;title&quot;:&quot;&quot;,&quot;orientation&quot;:&quot;0&quot;}\" data-image-title=\"Capture.4PNG\" data-image-description=\"\" data-image-caption=\"\" data-large-file=\"https:\/\/i0.wp.com\/patrimoine-avesnois.fr\/chemin\/wp-content\/uploads\/2019\/03\/Capture.4PNG.png?fit=649%2C487\" src=\"https:\/\/i0.wp.com\/patrimoine-avesnois.fr\/chemin\/wp-content\/uploads\/2019\/03\/Capture.4PNG.png?resize=649%2C487\" alt=\"\" class=\"wp-image-313\" srcset=\"https:\/\/i0.wp.com\/patrimoine-avesnois.fr\/chemin\/wp-content\/uploads\/2019\/03\/Capture.4PNG.png?w=649 649w, https:\/\/i0.wp.com\/patrimoine-avesnois.fr\/chemin\/wp-content\/uploads\/2019\/03\/Capture.4PNG.png?resize=300%2C225 300w\" sizes=\"auto, (max-width: 649px) 85vw, 649px\" \/><figcaption class=\"wp-element-caption\">\u00c9glise et ch\u00e2teau de Beaurieux <\/figcaption><\/figure>\n<\/div>\n\n\n<p class=\"wp-block-paragraph\"> &nbsp; &nbsp; &nbsp; &nbsp; &nbsp; &nbsp; &nbsp; &nbsp; &nbsp; &nbsp; &nbsp; &nbsp; &nbsp; &nbsp; &nbsp; &nbsp; &nbsp; &nbsp; &nbsp; &nbsp; &nbsp; &nbsp; &nbsp; &nbsp; &nbsp; &nbsp; &nbsp; &nbsp; &nbsp; &nbsp; &nbsp; &nbsp; &nbsp; &nbsp; &nbsp; &nbsp; &nbsp; &nbsp; &nbsp; <\/p>\n\n\n\n<p class=\"wp-block-paragraph\"><\/p>\n","protected":false},"excerpt":{"rendered":"<p>Beaurieux tire son nom de la jolie rivi\u00e8re qui le traverse, le \u00a0\u00bb Biau ri \u00ab\u00a0.&nbsp; Il y avait anciennement deux seigneuries : l&rsquo;une relevant de celle de Chimai, et l&rsquo;autre \u00e9cliss\u00e9e de la terre et pairie d&rsquo;Avesnes dans le milieu du XIIe si\u00e8cle, lors du mariage de Yde, fille de Nicolas d&rsquo;Avesnes, avec Guillaume &hellip; <a href=\"http:\/\/patrimoine-avesnois.fr\/chemin\/beaurieux\/\" class=\"more-link\">Continuer la lecture<span class=\"screen-reader-text\"> de &laquo;&nbsp;Beaurieux&nbsp;&raquo;<\/span><\/a><\/p>\n","protected":false},"author":2,"featured_media":0,"parent":0,"menu_order":0,"comment_status":"closed","ping_status":"closed","template":"","meta":{"footnotes":""},"class_list":["post-296","page","type-page","status-publish","hentry"],"jetpack_sharing_enabled":true,"jetpack_shortlink":"https:\/\/wp.me\/PaOEkN-4M","jetpack-related-posts":[],"_links":{"self":[{"href":"http:\/\/patrimoine-avesnois.fr\/chemin\/wp-json\/wp\/v2\/pages\/296","targetHints":{"allow":["GET"]}}],"collection":[{"href":"http:\/\/patrimoine-avesnois.fr\/chemin\/wp-json\/wp\/v2\/pages"}],"about":[{"href":"http:\/\/patrimoine-avesnois.fr\/chemin\/wp-json\/wp\/v2\/types\/page"}],"author":[{"embeddable":true,"href":"http:\/\/patrimoine-avesnois.fr\/chemin\/wp-json\/wp\/v2\/users\/2"}],"replies":[{"embeddable":true,"href":"http:\/\/patrimoine-avesnois.fr\/chemin\/wp-json\/wp\/v2\/comments?post=296"}],"version-history":[{"count":6,"href":"http:\/\/patrimoine-avesnois.fr\/chemin\/wp-json\/wp\/v2\/pages\/296\/revisions"}],"predecessor-version":[{"id":24634,"href":"http:\/\/patrimoine-avesnois.fr\/chemin\/wp-json\/wp\/v2\/pages\/296\/revisions\/24634"}],"wp:attachment":[{"href":"http:\/\/patrimoine-avesnois.fr\/chemin\/wp-json\/wp\/v2\/media?parent=296"}],"curies":[{"name":"wp","href":"https:\/\/api.w.org\/{rel}","templated":true}]}}