{"id":3209,"date":"2019-05-07T14:58:50","date_gmt":"2019-05-07T12:58:50","guid":{"rendered":"http:\/\/patrimoine-avesnois.fr\/chemin\/?page_id=3209"},"modified":"2024-12-06T13:13:05","modified_gmt":"2024-12-06T12:13:05","slug":"aulnoye-aymeries","status":"publish","type":"page","link":"http:\/\/patrimoine-avesnois.fr\/chemin\/aulnoye-aymeries\/","title":{"rendered":"Aulnoye-Aymeries"},"content":{"rendered":"\n<figure class=\"wp-block-image\"><img loading=\"lazy\" decoding=\"async\" width=\"1555\" height=\"1026\" data-attachment-id=\"3210\" data-permalink=\"http:\/\/patrimoine-avesnois.fr\/chemin\/aulnoye-aymeries\/152_001\/\" data-orig-file=\"https:\/\/i0.wp.com\/patrimoine-avesnois.fr\/chemin\/wp-content\/uploads\/2019\/05\/152_001.jpg?fit=1555%2C1026\" data-orig-size=\"1555,1026\" data-comments-opened=\"1\" data-image-meta=\"{&quot;aperture&quot;:&quot;0&quot;,&quot;credit&quot;:&quot;&quot;,&quot;camera&quot;:&quot;&quot;,&quot;caption&quot;:&quot;&quot;,&quot;created_timestamp&quot;:&quot;1557224278&quot;,&quot;copyright&quot;:&quot;&quot;,&quot;focal_length&quot;:&quot;0&quot;,&quot;iso&quot;:&quot;0&quot;,&quot;shutter_speed&quot;:&quot;0&quot;,&quot;title&quot;:&quot;&quot;,&quot;orientation&quot;:&quot;0&quot;}\" data-image-title=\"152_001\" data-image-description=\"\" data-image-caption=\"\" data-large-file=\"https:\/\/i0.wp.com\/patrimoine-avesnois.fr\/chemin\/wp-content\/uploads\/2019\/05\/152_001.jpg?fit=840%2C555\" src=\"https:\/\/i1.wp.com\/patrimoine-avesnois.fr\/chemin\/wp-content\/uploads\/2019\/05\/152_001.jpg?fit=840%2C555\" alt=\"\" class=\"wp-image-3210\" srcset=\"https:\/\/i0.wp.com\/patrimoine-avesnois.fr\/chemin\/wp-content\/uploads\/2019\/05\/152_001.jpg?w=1555 1555w, https:\/\/i0.wp.com\/patrimoine-avesnois.fr\/chemin\/wp-content\/uploads\/2019\/05\/152_001.jpg?resize=300%2C198 300w, https:\/\/i0.wp.com\/patrimoine-avesnois.fr\/chemin\/wp-content\/uploads\/2019\/05\/152_001.jpg?resize=768%2C507 768w, https:\/\/i0.wp.com\/patrimoine-avesnois.fr\/chemin\/wp-content\/uploads\/2019\/05\/152_001.jpg?resize=1024%2C676 1024w, https:\/\/i0.wp.com\/patrimoine-avesnois.fr\/chemin\/wp-content\/uploads\/2019\/05\/152_001.jpg?resize=1200%2C792 1200w\" sizes=\"auto, (max-width: 709px) 85vw, (max-width: 909px) 67vw, (max-width: 1362px) 62vw, 840px\" \/><figcaption class=\"wp-element-caption\">Vue a\u00e9rienne d&rsquo;Aulnoye-Aymeries<\/figcaption><\/figure>\n\n\n<div class=\"wp-block-image\">\n<figure class=\"aligncenter\"><img data-recalc-dims=\"1\" loading=\"lazy\" decoding=\"async\" width=\"840\" height=\"582\" data-attachment-id=\"3211\" data-permalink=\"http:\/\/patrimoine-avesnois.fr\/chemin\/aulnoye-aymeries\/019_001\/\" data-orig-file=\"https:\/\/i0.wp.com\/patrimoine-avesnois.fr\/chemin\/wp-content\/uploads\/2019\/05\/019_001.jpg?fit=974%2C675\" data-orig-size=\"974,675\" data-comments-opened=\"1\" data-image-meta=\"{&quot;aperture&quot;:&quot;0&quot;,&quot;credit&quot;:&quot;&quot;,&quot;camera&quot;:&quot;&quot;,&quot;caption&quot;:&quot;&quot;,&quot;created_timestamp&quot;:&quot;1557224074&quot;,&quot;copyright&quot;:&quot;&quot;,&quot;focal_length&quot;:&quot;0&quot;,&quot;iso&quot;:&quot;0&quot;,&quot;shutter_speed&quot;:&quot;0&quot;,&quot;title&quot;:&quot;&quot;,&quot;orientation&quot;:&quot;1&quot;}\" data-image-title=\"019_001\" data-image-description=\"\" data-image-caption=\"\" data-large-file=\"https:\/\/i0.wp.com\/patrimoine-avesnois.fr\/chemin\/wp-content\/uploads\/2019\/05\/019_001.jpg?fit=840%2C582\" src=\"https:\/\/i0.wp.com\/patrimoine-avesnois.fr\/chemin\/wp-content\/uploads\/2019\/05\/019_001.jpg?resize=840%2C582\" alt=\"\" class=\"wp-image-3211\" srcset=\"https:\/\/i0.wp.com\/patrimoine-avesnois.fr\/chemin\/wp-content\/uploads\/2019\/05\/019_001.jpg?w=974 974w, https:\/\/i0.wp.com\/patrimoine-avesnois.fr\/chemin\/wp-content\/uploads\/2019\/05\/019_001.jpg?resize=300%2C208 300w, https:\/\/i0.wp.com\/patrimoine-avesnois.fr\/chemin\/wp-content\/uploads\/2019\/05\/019_001.jpg?resize=768%2C532 768w\" sizes=\"auto, (max-width: 709px) 85vw, (max-width: 909px) 67vw, (max-width: 1362px) 62vw, 840px\" \/><figcaption class=\"wp-element-caption\">Vue de la gare<\/figcaption><\/figure>\n<\/div>\n\n\n<p><strong>Aulnoye<\/strong> \u00e9tait le village des \u00ab\u00a0aulnes\u00a0\u00bb dans lequel les habitants exploitaient les aulnes et les osiers rouges pour en faire des paniers et des corbeilles tress\u00e9s \u00e0 la main. <\/p>\n\n\n\n<p>Il devint la ville des cheminots avec la cr\u00e9ation du chemin de fer Paris Bruxelles en 1854. Aulnoye prit un essor consid\u00e9rable : d\u00e9j\u00e0 en 1868, la gare devenue trop petite fut reconstruite et agrandie.<\/p>\n\n\n\n<p>Au d\u00e9but du si\u00e8cle dernier, les mutations se confirment. En 1907, la soci\u00e9t\u00e9 m\u00e9tallurgique de Montbard cr\u00e9e une usine (\u00e9tirage) et la compagnie des Chemins de fer fran\u00e7ais s\u2019agrandit vers Bachant.<\/p>\n\n\n\n<p>De 1900 \u00e0 1913, Aulnoye passe de 1 450 \u00e0 5 000 habitants. A partir de 1953, Aulnoye fusionne avec Aymeries.  L&rsquo;\u2019usine de Montbard devient alors Vallourec. Dans les ann\u00e9es 1970, pr\u00e8s de 3 400 personnes travaillaient dans cette entreprise. Mais la crise \u00e9conomique est pass\u00e9e par l\u00e0 et 5 000 emplois ont \u00e9t\u00e9 perdus en 25 ans.<\/p>\n\n\n\n<p><strong>Aymeries&nbsp;<\/strong><\/p>\n\n\n\n<p>Ermengarde de Mons, veuve de Gossuin Ier, seigneur de Hainaut, donna en 1088 \u00e0 l&rsquo;abbaye d&rsquo;Anchin, un domaine situ\u00e9 sur les bords de la Sambre, pr\u00e8s de Berlaimont. L&rsquo;abb\u00e9 d&rsquo;Anchin, Aymeric, y construisit un prieur\u00e9 pour son monast\u00e8re et aurait donn\u00e9 son nom \u00e0 ce petit village. Depuis lors, les moines d&rsquo;Anchin poss\u00e9d\u00e8rent le domaine d&rsquo;Aymeries jusqu&rsquo;\u00e0 la R\u00e9volution. Il existait aussi dans le village un ch\u00e2teau-fort qui passa de la maison d&rsquo;Avesnes dans celle de Luxembourg, puis dans celle d&rsquo;Anjou. Saisi f\u00e9odalement par le duc Philippe-le-Bon, sur Ren\u00e9 d&rsquo;Anjou, duc de Lorraine, celui-ci le vendit vers 1430, au chancelier de Bourgogne Nicolas de Rollin.<\/p>\n\n\n\n<p>Ledit ch\u00e2teau d&rsquo;Aymeries \u00e9tait compos\u00e9 d&rsquo;une roquette en quadrature ayant quatre grosses tours aux quatre coins d&rsquo;icelle roquette et un grand foss\u00e9 \u00e0 fond de cuve plein d&rsquo;eau, puis devestu de quatre courtines, environ 50 toises de chaque circonf\u00e9rence, loin de ladite roquette \u2014 avec quatre grosses tours aux quatre coins desdites courtines et un portail \u2014 et est ledit chasteau assis en une \u00eele que fait en cet endroit la rivi\u00e8re de Sambre et ne se peut battre cette roquette \u00e0 cause qu&rsquo;elle est couverte de la douve d&rsquo;icelle ceinture.(M\u00e9moires de Du Bellay, sieur de Langey, page 1015.)<\/p>\n\n\n\n<p>Prieur\u00e9 et Ch\u00e2tellenie vont conna\u00eetre les malheurs li\u00e9s \u00e0 la guerre dont le Hainaut sera l&rsquo;enjeu durant plusieurs si\u00e8cles. Totalement d\u00e9truits une premi\u00e8re fois en 1543 par les troupes de Fran\u00e7ois Ier, ils le seront de nouveau en 1658 par l&rsquo;arm\u00e9e de Turenne.<\/p>\n\n\n\n<figure class=\"wp-block-image\"><img decoding=\"async\" data-attachment-id=\"166\" data-permalink=\"http:\/\/patrimoine-avesnois.fr\/chemin\/bachant\/800px-bachant141006\/\" data-orig-file=\"https:\/\/i0.wp.com\/patrimoine-avesnois.fr\/chemin\/wp-content\/uploads\/2019\/03\/800px-Bachant141006.jpg?fit=800%2C600\" data-orig-size=\"800,600\" data-comments-opened=\"1\" data-image-meta=\"{&quot;aperture&quot;:&quot;0&quot;,&quot;credit&quot;:&quot;&quot;,&quot;camera&quot;:&quot;&quot;,&quot;caption&quot;:&quot;&quot;,&quot;created_timestamp&quot;:&quot;0&quot;,&quot;copyright&quot;:&quot;&quot;,&quot;focal_length&quot;:&quot;0&quot;,&quot;iso&quot;:&quot;0&quot;,&quot;shutter_speed&quot;:&quot;0&quot;,&quot;title&quot;:&quot;&quot;,&quot;orientation&quot;:&quot;0&quot;}\" data-image-title=\"800px-Bachant141006\" data-image-description=\"\" data-image-caption=\"\" data-large-file=\"https:\/\/i0.wp.com\/patrimoine-avesnois.fr\/chemin\/wp-content\/uploads\/2019\/03\/800px-Bachant141006.jpg?fit=800%2C600\" src=\"https:\/\/i0.wp.com\/patrimoine-avesnois.fr\/censes\/wp-content\/uploads\/2019\/02\/Capture-74.png?w=840\" alt=\"\" class=\"wp-image-166\"\/><figcaption class=\"wp-element-caption\"><a href=\"https:\/\/www.google.fr\/maps\/@50.2117962,3.8298739,3a,75y,149.51h,95.34t\/data=!3m6!1e1!3m4!1stJSVpV6YfBvOzr6Q0bfFqw!2e0!7i13312!8i6656?hl=fr\">2 Rue de l\u2019Eglise<\/a>&nbsp;(la tour pigeonnier fut abaiss\u00e9e au XX e si\u00e8cle)  <br>Le prieur\u00e9 fut transform\u00e9 en ferme dans laquelle subsistent les vestiges du clo\u00eetre. <\/figcaption><\/figure>\n\n\n\n<p>Le prieur\u00e9 est restaur\u00e9 en 1707 par le moine Dom Becquet (Tombe visible dans l\u2019\u00e9glise). Sous la R\u00e9volution, il est vendu comme Bien National au censier de Renaut-Folie, Pierre Evrard, dont l&rsquo;\u00e9pitaphe est sur le mur Nord de l&rsquo;\u00e9glise. Les b\u00e2timents contigus \u00e0 l&rsquo;\u00e9glise abritent actuellement une exploitation agricole appartenant \u00e0 M et Mme Delvall\u00e9e.<\/p>\n\n\n<div class=\"wp-block-image\">\n<figure class=\"aligncenter size-full\"><img data-recalc-dims=\"1\" loading=\"lazy\" decoding=\"async\" width=\"433\" height=\"606\" data-attachment-id=\"20478\" data-permalink=\"http:\/\/patrimoine-avesnois.fr\/chemin\/aulnoye-aymeries\/chateau-et-prieure-aymeries\/\" data-orig-file=\"https:\/\/i0.wp.com\/patrimoine-avesnois.fr\/chemin\/wp-content\/uploads\/2024\/12\/Chateau-et-Prieure-Aymeries-.jpg?fit=433%2C606\" data-orig-size=\"433,606\" data-comments-opened=\"1\" data-image-meta=\"{&quot;aperture&quot;:&quot;0&quot;,&quot;credit&quot;:&quot;CARRE&quot;,&quot;camera&quot;:&quot;&quot;,&quot;caption&quot;:&quot;&quot;,&quot;created_timestamp&quot;:&quot;1733490432&quot;,&quot;copyright&quot;:&quot;&quot;,&quot;focal_length&quot;:&quot;0&quot;,&quot;iso&quot;:&quot;0&quot;,&quot;shutter_speed&quot;:&quot;0&quot;,&quot;title&quot;:&quot;&quot;,&quot;orientation&quot;:&quot;0&quot;}\" data-image-title=\"Ch\u00e2teau et Prieur\u00e9 Aymeries\" data-image-description=\"\" data-image-caption=\"\" data-large-file=\"https:\/\/i0.wp.com\/patrimoine-avesnois.fr\/chemin\/wp-content\/uploads\/2024\/12\/Chateau-et-Prieure-Aymeries-.jpg?fit=433%2C606\" src=\"https:\/\/i0.wp.com\/patrimoine-avesnois.fr\/chemin\/wp-content\/uploads\/2024\/12\/Chateau-et-Prieure-Aymeries-.jpg?resize=433%2C606&#038;ssl=1\" alt=\"\" class=\"wp-image-20478\" srcset=\"https:\/\/i0.wp.com\/patrimoine-avesnois.fr\/chemin\/wp-content\/uploads\/2024\/12\/Chateau-et-Prieure-Aymeries-.jpg?w=433 433w, https:\/\/i0.wp.com\/patrimoine-avesnois.fr\/chemin\/wp-content\/uploads\/2024\/12\/Chateau-et-Prieure-Aymeries-.jpg?resize=214%2C300 214w\" sizes=\"auto, (max-width: 433px) 85vw, 433px\" \/><figcaption class=\"wp-element-caption\">Ch\u00e2teau et Prieur\u00e9  Album de Cro\u00ff ca 1600<\/figcaption><\/figure>\n<\/div>\n\n\n<p>Le ch\u00e2teau est rachet\u00e9 par la famille De Rocca. Turenne et Cond\u00e9 en font le si\u00e8ge. Il est revendu en ruines en 1693 \u00e0 Pierre Bady. Celui-ci, architecte de Louis XIV, en fera une somptueuse demeure. Sous Louis XV, la demeure fut am\u00e9nag\u00e9e en maison de campagne par l&rsquo;intendant Berni\u00e8res. F\u00e9nelon, archev\u00eaque de Cambrai, y fut souvent son h\u00f4te. La b\u00e2tisse servit entre 1727 et 1755 de quartier g\u00e9n\u00e9ral aux grands de la Cour \u00e0 l&rsquo;occasion des camps d&rsquo;entra\u00eenement dits \u00ab Camps de la Sambre \u00bb.<\/p>\n\n\n<div class=\"wp-block-image\">\n<figure class=\"aligncenter size-full\"><img data-recalc-dims=\"1\" loading=\"lazy\" decoding=\"async\" width=\"647\" height=\"464\" data-attachment-id=\"20475\" data-permalink=\"http:\/\/patrimoine-avesnois.fr\/chemin\/aulnoye-aymeries\/capture-572\/\" data-orig-file=\"https:\/\/i0.wp.com\/patrimoine-avesnois.fr\/chemin\/wp-content\/uploads\/2024\/12\/Capture.jpg?fit=647%2C464\" data-orig-size=\"647,464\" data-comments-opened=\"1\" data-image-meta=\"{&quot;aperture&quot;:&quot;0&quot;,&quot;credit&quot;:&quot;CARRE&quot;,&quot;camera&quot;:&quot;&quot;,&quot;caption&quot;:&quot;&quot;,&quot;created_timestamp&quot;:&quot;1733487400&quot;,&quot;copyright&quot;:&quot;&quot;,&quot;focal_length&quot;:&quot;0&quot;,&quot;iso&quot;:&quot;0&quot;,&quot;shutter_speed&quot;:&quot;0&quot;,&quot;title&quot;:&quot;&quot;,&quot;orientation&quot;:&quot;0&quot;}\" data-image-title=\"Capture\" data-image-description=\"\" data-image-caption=\"\" data-large-file=\"https:\/\/i0.wp.com\/patrimoine-avesnois.fr\/chemin\/wp-content\/uploads\/2024\/12\/Capture.jpg?fit=647%2C464\" src=\"https:\/\/i0.wp.com\/patrimoine-avesnois.fr\/chemin\/wp-content\/uploads\/2024\/12\/Capture.jpg?resize=647%2C464&#038;ssl=1\" alt=\"\" class=\"wp-image-20475\" srcset=\"https:\/\/i0.wp.com\/patrimoine-avesnois.fr\/chemin\/wp-content\/uploads\/2024\/12\/Capture.jpg?w=647 647w, https:\/\/i0.wp.com\/patrimoine-avesnois.fr\/chemin\/wp-content\/uploads\/2024\/12\/Capture.jpg?resize=300%2C215 300w\" sizes=\"auto, (max-width: 647px) 85vw, 647px\" \/><figcaption class=\"wp-element-caption\">Plan ch\u00e2teau d&rsquo;Aymeries 1753 Source <a href=\"https:\/\/gallica.bnf.fr\/ark:\/12148\/btv1b55001169x\/f1.item.r=camp%20d'Aymeries%20command%C3%A9%20par%20Mr%20le%20Prince%20de%20Soubize.zoom\" data-type=\"link\" data-id=\"https:\/\/gallica.bnf.fr\/ark:\/12148\/btv1b55001169x\/f1.item.r=camp%20d'Aymeries%20command%C3%A9%20par%20Mr%20le%20Prince%20de%20Soubize.zoom\" target=\"_blank\" rel=\"noreferrer noopener\">Gallica BNF<\/a><\/figcaption><\/figure>\n<\/div>\n\n\n<p>En 1789, la propri\u00e9t\u00e9 appartient \u00e0 Marie Albertine Bady, \u00e9pouse du comte de Sainte Aldegonde. Le couple \u00e9migre. Le ch\u00e2teau, habit\u00e9 un temps par Charles Bady de Dourlers est pill\u00e9, puis c\u00e9d\u00e9 comme carri\u00e8re de mat\u00e9riaux et compl\u00e8tement d\u00e9truit. Renseignements partiels tir\u00e9s de l&rsquo;article de G\u00e9rald Collet paru lors de la publication du bulletin n\u00b0 16 du CHGB.<\/p>\n\n\n<div class=\"wp-block-image\">\n<figure class=\"aligncenter size-large\"><img data-recalc-dims=\"1\" loading=\"lazy\" decoding=\"async\" width=\"840\" height=\"576\" data-attachment-id=\"20476\" data-permalink=\"http:\/\/patrimoine-avesnois.fr\/chemin\/aulnoye-aymeries\/emplacement-chateau-aymeries\/\" data-orig-file=\"https:\/\/i0.wp.com\/patrimoine-avesnois.fr\/chemin\/wp-content\/uploads\/2024\/12\/Emplacement-chateau-Aymeries.jpg?fit=1159%2C795\" data-orig-size=\"1159,795\" data-comments-opened=\"1\" data-image-meta=\"{&quot;aperture&quot;:&quot;0&quot;,&quot;credit&quot;:&quot;CARRE&quot;,&quot;camera&quot;:&quot;&quot;,&quot;caption&quot;:&quot;&quot;,&quot;created_timestamp&quot;:&quot;1733485156&quot;,&quot;copyright&quot;:&quot;&quot;,&quot;focal_length&quot;:&quot;0&quot;,&quot;iso&quot;:&quot;0&quot;,&quot;shutter_speed&quot;:&quot;0&quot;,&quot;title&quot;:&quot;&quot;,&quot;orientation&quot;:&quot;1&quot;}\" data-image-title=\"Emplacement ch\u00e2teau Aymeries\" data-image-description=\"\" data-image-caption=\"\" data-large-file=\"https:\/\/i0.wp.com\/patrimoine-avesnois.fr\/chemin\/wp-content\/uploads\/2024\/12\/Emplacement-chateau-Aymeries.jpg?fit=840%2C576\" src=\"https:\/\/i0.wp.com\/patrimoine-avesnois.fr\/chemin\/wp-content\/uploads\/2024\/12\/Emplacement-chateau-Aymeries-1024x702.jpg?resize=840%2C576&#038;ssl=1\" alt=\"\" class=\"wp-image-20476\" srcset=\"https:\/\/i0.wp.com\/patrimoine-avesnois.fr\/chemin\/wp-content\/uploads\/2024\/12\/Emplacement-chateau-Aymeries.jpg?resize=1024%2C702 1024w, https:\/\/i0.wp.com\/patrimoine-avesnois.fr\/chemin\/wp-content\/uploads\/2024\/12\/Emplacement-chateau-Aymeries.jpg?resize=300%2C206 300w, https:\/\/i0.wp.com\/patrimoine-avesnois.fr\/chemin\/wp-content\/uploads\/2024\/12\/Emplacement-chateau-Aymeries.jpg?resize=768%2C527 768w, https:\/\/i0.wp.com\/patrimoine-avesnois.fr\/chemin\/wp-content\/uploads\/2024\/12\/Emplacement-chateau-Aymeries.jpg?w=1159 1159w\" sizes=\"auto, (max-width: 709px) 85vw, (max-width: 909px) 67vw, (max-width: 1362px) 62vw, 840px\" \/><figcaption class=\"wp-element-caption\">Emplacement de l&rsquo;ancien ch\u00e2teau d&rsquo;Aymeries \u00e0 partir de <a href=\"https:\/\/earth.google.com\/web\/@50.21377516,3.8292053,129.94011172a,500.30887847d,35.00000026y,328.4374761h,0t,0r\/data=CgRCAggBQgIIAEoNCP___________wEQAA\" data-type=\"link\" data-id=\"https:\/\/earth.google.com\/web\/@50.21377516,3.8292053,129.94011172a,500.30887847d,35.00000026y,328.4374761h,0t,0r\/data=CgRCAggBQgIIAEoNCP___________wEQAA\" target=\"_blank\" rel=\"noreferrer noopener\">Google Earth<\/a><\/figcaption><\/figure>\n<\/div>\n\n\n<p class=\"has-text-align-center\">***<\/p>\n\n\n<div class=\"wp-block-image\">\n<figure class=\"aligncenter\"><img decoding=\"async\" src=\"https:\/\/upload.wikimedia.org\/wikipedia\/commons\/thumb\/b\/b3\/%C3%89glise_Aymeries151006.JPG\/1280px-%C3%89glise_Aymeries151006.JPG\" alt=\"Aulnoye-Aymeries\"\/><figcaption class=\"wp-element-caption\">L&rsquo;\u00e9glise d&rsquo;Aymeries Photo Wikip\u00e9dia Auteur Budotradan<\/figcaption><\/figure>\n<\/div>\n\n\n<p>L&rsquo;\u00e9glise est la chapelle du prieur\u00e9 dont elle flanquait les b\u00e2timents. Cela explique qu&rsquo;elle n&rsquo;a de fen\u00eatres que d&rsquo;un seul c\u00f4t\u00e9. On remarque sur le seuil l&rsquo;inscription comm\u00e9morative rim\u00e9e d&rsquo;Antoine Rollin, seigneur d&rsquo;Aymeries, mort en 1497.<\/p>\n\n\n<div class=\"wp-block-image\">\n<figure class=\"aligncenter is-resized\"><img data-recalc-dims=\"1\" loading=\"lazy\" decoding=\"async\" width=\"282\" height=\"208\" data-attachment-id=\"3241\" data-permalink=\"http:\/\/patrimoine-avesnois.fr\/chemin\/aulnoye-aymeries\/image-503\/\" data-orig-file=\"https:\/\/i0.wp.com\/patrimoine-avesnois.fr\/chemin\/wp-content\/uploads\/2019\/05\/image-30.png?fit=282%2C208\" data-orig-size=\"282,208\" data-comments-opened=\"1\" data-image-meta=\"{&quot;aperture&quot;:&quot;0&quot;,&quot;credit&quot;:&quot;&quot;,&quot;camera&quot;:&quot;&quot;,&quot;caption&quot;:&quot;&quot;,&quot;created_timestamp&quot;:&quot;0&quot;,&quot;copyright&quot;:&quot;&quot;,&quot;focal_length&quot;:&quot;0&quot;,&quot;iso&quot;:&quot;0&quot;,&quot;shutter_speed&quot;:&quot;0&quot;,&quot;title&quot;:&quot;&quot;,&quot;orientation&quot;:&quot;0&quot;}\" data-image-title=\"image\" data-image-description=\"\" data-image-caption=\"\" data-large-file=\"https:\/\/i0.wp.com\/patrimoine-avesnois.fr\/chemin\/wp-content\/uploads\/2019\/05\/image-30.png?fit=282%2C208\" src=\"https:\/\/i0.wp.com\/patrimoine-avesnois.fr\/chemin\/wp-content\/uploads\/2019\/05\/image-30.png?resize=282%2C208\" alt=\"\" class=\"wp-image-3241\" style=\"width:455px;height:336px\"\/><figcaption class=\"wp-element-caption\">Pierre comm\u00e9morative de Antoine Rollin, Grand Bailli de Hainaut et Marie d&rsquo; AILLY, son \u00e9pouse  sur le parvis (pierre dat\u00e9e 1497 \u2013 class\u00e9e MH)  <\/figcaption><\/figure>\n<\/div>\n\n<div class=\"wp-block-image\">\n<figure class=\"aligncenter\"><img data-recalc-dims=\"1\" loading=\"lazy\" decoding=\"async\" width=\"634\" height=\"441\" data-attachment-id=\"3216\" data-permalink=\"http:\/\/patrimoine-avesnois.fr\/chemin\/aulnoye-aymeries\/image-499\/\" data-orig-file=\"https:\/\/i0.wp.com\/patrimoine-avesnois.fr\/chemin\/wp-content\/uploads\/2019\/05\/image-26.png?fit=634%2C441\" data-orig-size=\"634,441\" data-comments-opened=\"1\" data-image-meta=\"{&quot;aperture&quot;:&quot;0&quot;,&quot;credit&quot;:&quot;&quot;,&quot;camera&quot;:&quot;&quot;,&quot;caption&quot;:&quot;&quot;,&quot;created_timestamp&quot;:&quot;0&quot;,&quot;copyright&quot;:&quot;&quot;,&quot;focal_length&quot;:&quot;0&quot;,&quot;iso&quot;:&quot;0&quot;,&quot;shutter_speed&quot;:&quot;0&quot;,&quot;title&quot;:&quot;&quot;,&quot;orientation&quot;:&quot;0&quot;}\" data-image-title=\"image\" data-image-description=\"\" data-image-caption=\"\" data-large-file=\"https:\/\/i0.wp.com\/patrimoine-avesnois.fr\/chemin\/wp-content\/uploads\/2019\/05\/image-26.png?fit=634%2C441\" src=\"https:\/\/i0.wp.com\/patrimoine-avesnois.fr\/chemin\/wp-content\/uploads\/2019\/05\/image-26.png?resize=634%2C441\" alt=\"\" class=\"wp-image-3216\" srcset=\"https:\/\/i0.wp.com\/patrimoine-avesnois.fr\/chemin\/wp-content\/uploads\/2019\/05\/image-26.png?w=634 634w, https:\/\/i0.wp.com\/patrimoine-avesnois.fr\/chemin\/wp-content\/uploads\/2019\/05\/image-26.png?resize=300%2C209 300w\" sizes=\"auto, (max-width: 634px) 85vw, 634px\" \/><figcaption class=\"wp-element-caption\">Photos Colette CHGB<\/figcaption><\/figure>\n<\/div>\n\n<div class=\"wp-block-image\">\n<figure class=\"aligncenter\"><img data-recalc-dims=\"1\" loading=\"lazy\" decoding=\"async\" width=\"637\" height=\"440\" data-attachment-id=\"3217\" data-permalink=\"http:\/\/patrimoine-avesnois.fr\/chemin\/aulnoye-aymeries\/image-500\/\" data-orig-file=\"https:\/\/i0.wp.com\/patrimoine-avesnois.fr\/chemin\/wp-content\/uploads\/2019\/05\/image-27.png?fit=637%2C440\" data-orig-size=\"637,440\" data-comments-opened=\"1\" data-image-meta=\"{&quot;aperture&quot;:&quot;0&quot;,&quot;credit&quot;:&quot;&quot;,&quot;camera&quot;:&quot;&quot;,&quot;caption&quot;:&quot;&quot;,&quot;created_timestamp&quot;:&quot;0&quot;,&quot;copyright&quot;:&quot;&quot;,&quot;focal_length&quot;:&quot;0&quot;,&quot;iso&quot;:&quot;0&quot;,&quot;shutter_speed&quot;:&quot;0&quot;,&quot;title&quot;:&quot;&quot;,&quot;orientation&quot;:&quot;0&quot;}\" data-image-title=\"image\" data-image-description=\"\" data-image-caption=\"\" data-large-file=\"https:\/\/i0.wp.com\/patrimoine-avesnois.fr\/chemin\/wp-content\/uploads\/2019\/05\/image-27.png?fit=637%2C440\" src=\"https:\/\/i0.wp.com\/patrimoine-avesnois.fr\/chemin\/wp-content\/uploads\/2019\/05\/image-27.png?resize=637%2C440\" alt=\"\" class=\"wp-image-3217\" srcset=\"https:\/\/i0.wp.com\/patrimoine-avesnois.fr\/chemin\/wp-content\/uploads\/2019\/05\/image-27.png?w=637 637w, https:\/\/i0.wp.com\/patrimoine-avesnois.fr\/chemin\/wp-content\/uploads\/2019\/05\/image-27.png?resize=300%2C207 300w\" sizes=\"auto, (max-width: 637px) 85vw, 637px\" \/><figcaption class=\"wp-element-caption\">Photos Colette CHGB<\/figcaption><\/figure>\n<\/div>\n\n<div class=\"wp-block-image\">\n<figure class=\"aligncenter\"><img data-recalc-dims=\"1\" loading=\"lazy\" decoding=\"async\" width=\"629\" height=\"433\" data-attachment-id=\"3218\" data-permalink=\"http:\/\/patrimoine-avesnois.fr\/chemin\/aulnoye-aymeries\/image-501\/\" data-orig-file=\"https:\/\/i0.wp.com\/patrimoine-avesnois.fr\/chemin\/wp-content\/uploads\/2019\/05\/image-28.png?fit=629%2C433\" data-orig-size=\"629,433\" data-comments-opened=\"1\" data-image-meta=\"{&quot;aperture&quot;:&quot;0&quot;,&quot;credit&quot;:&quot;&quot;,&quot;camera&quot;:&quot;&quot;,&quot;caption&quot;:&quot;&quot;,&quot;created_timestamp&quot;:&quot;0&quot;,&quot;copyright&quot;:&quot;&quot;,&quot;focal_length&quot;:&quot;0&quot;,&quot;iso&quot;:&quot;0&quot;,&quot;shutter_speed&quot;:&quot;0&quot;,&quot;title&quot;:&quot;&quot;,&quot;orientation&quot;:&quot;0&quot;}\" data-image-title=\"image\" data-image-description=\"\" data-image-caption=\"\" data-large-file=\"https:\/\/i0.wp.com\/patrimoine-avesnois.fr\/chemin\/wp-content\/uploads\/2019\/05\/image-28.png?fit=629%2C433\" src=\"https:\/\/i0.wp.com\/patrimoine-avesnois.fr\/chemin\/wp-content\/uploads\/2019\/05\/image-28.png?resize=629%2C433\" alt=\"\" class=\"wp-image-3218\" srcset=\"https:\/\/i0.wp.com\/patrimoine-avesnois.fr\/chemin\/wp-content\/uploads\/2019\/05\/image-28.png?w=629 629w, https:\/\/i0.wp.com\/patrimoine-avesnois.fr\/chemin\/wp-content\/uploads\/2019\/05\/image-28.png?resize=300%2C207 300w\" sizes=\"auto, (max-width: 629px) 85vw, 629px\" \/><figcaption class=\"wp-element-caption\">Photos Colette CHGB D\u00e9cembre 2009<\/figcaption><\/figure>\n<\/div>\n\n\n<p class=\"has-text-align-center\">***<\/p>\n\n\n<div class=\"wp-block-image\">\n<figure class=\"aligncenter\"><img data-recalc-dims=\"1\" decoding=\"async\" src=\"https:\/\/i0.wp.com\/patrimoine-avesnois.fr\/chemin\/wp-content\/uploads\/2019\/05\/580_001.jpg?w=840\" alt=\"L\u2019attribut alt de cette image est vide, son nom de fichier est 580_001.jpg.\"\/><figcaption class=\"wp-element-caption\">L&rsquo;\u00e9glise Saint Martin <a href=\"https:\/\/www.google.fr\/maps\/place\/82+Rue+Saint-Martin,+59620+Aulnoye-Aymeries\/@50.2001926,3.8324477,3a,75y,173.05h,95.66t\/data=!3m6!1e1!3m4!1sOBav4i94VlbFxXpweqbwtg!2e0!7i16384!8i8192!4m5!3m4!1s0x47c2640325d1fa71:0x937ed3177bcb7a7e!8m2!3d50.1996611!4d3.8322332\" target=\"_blank\" rel=\"noreferrer noopener\">Rue St Martin<\/a><\/figcaption><\/figure>\n<\/div>\n\n<div class=\"wp-block-image\">\n<figure class=\"aligncenter is-resized\"><img data-recalc-dims=\"1\" loading=\"lazy\" decoding=\"async\" width=\"608\" height=\"786\" data-attachment-id=\"3225\" data-permalink=\"http:\/\/patrimoine-avesnois.fr\/chemin\/aulnoye-aymeries\/img-5315\/\" data-orig-file=\"https:\/\/i0.wp.com\/patrimoine-avesnois.fr\/chemin\/wp-content\/uploads\/2019\/05\/IMG-5315.jpg?fit=608%2C786\" data-orig-size=\"608,786\" data-comments-opened=\"1\" data-image-meta=\"{&quot;aperture&quot;:&quot;0&quot;,&quot;credit&quot;:&quot;&quot;,&quot;camera&quot;:&quot;&quot;,&quot;caption&quot;:&quot;&quot;,&quot;created_timestamp&quot;:&quot;1557224010&quot;,&quot;copyright&quot;:&quot;&quot;,&quot;focal_length&quot;:&quot;0&quot;,&quot;iso&quot;:&quot;0&quot;,&quot;shutter_speed&quot;:&quot;0&quot;,&quot;title&quot;:&quot;&quot;,&quot;orientation&quot;:&quot;0&quot;}\" data-image-title=\"IMG-5315\" data-image-description=\"\" data-image-caption=\"\" data-large-file=\"https:\/\/i0.wp.com\/patrimoine-avesnois.fr\/chemin\/wp-content\/uploads\/2019\/05\/IMG-5315.jpg?fit=608%2C786\" src=\"https:\/\/i0.wp.com\/patrimoine-avesnois.fr\/chemin\/wp-content\/uploads\/2019\/05\/IMG-5315.jpg?resize=608%2C786\" alt=\"\" class=\"wp-image-3225\" style=\"width:456px;height:590px\" srcset=\"https:\/\/i0.wp.com\/patrimoine-avesnois.fr\/chemin\/wp-content\/uploads\/2019\/05\/IMG-5315.jpg?w=608 608w, https:\/\/i0.wp.com\/patrimoine-avesnois.fr\/chemin\/wp-content\/uploads\/2019\/05\/IMG-5315.jpg?resize=232%2C300 232w\" sizes=\"auto, (max-width: 608px) 85vw, 608px\" \/><figcaption class=\"wp-element-caption\">Int\u00e9rieur de l&rsquo;\u00e9glise saint Martin d&rsquo;Aulnoye<\/figcaption><\/figure>\n<\/div>\n\n\n<p>Construite en 1908 par les paroissiens, elle devient en 1938  salle des f\u00eates lorsque l&rsquo;\u00e9glise du Sacr\u00e9 C\u0153ur devient op\u00e9rationnelle. Elle redevient \u00e9glise en 1940 apr\u00e8s le bombardement et l&rsquo;incendie du Sacr\u00e9 C\u0153ur, avant de redevenir salle des f\u00eates en 1950.<\/p>\n\n\n\n<p>En 1975 la s\u00e9curit\u00e9 de l&rsquo;\u00e9glise du Sacr\u00e9 C\u0153ur oblige \u00e0 la fermeture de celle-ci. Saint Martin redevient \u00e9glise.&nbsp; <\/p>\n\n\n\n<p>La R\u00e9novation de l\u2019\u00e9glise Saint-Martin eut lieu en 2007. <br>Son clocher, tr\u00e8s contemporain a fait beaucoup parler. Finalement il a pris sa place dans le paysage auln\u00e9sien.<\/p>\n\n\n<div class=\"wp-block-image\">\n<figure class=\"aligncenter\"><img data-recalc-dims=\"1\" decoding=\"async\" src=\"https:\/\/i0.wp.com\/lvdneng.rosselcdn.net\/sites\/default\/files\/dpistyles_v2\/ena_16_9_extra_big\/2017\/05\/13\/node_161960\/28122462\/public\/2017\/05\/13\/B9712000747Z.1_20170513112709_000%2BG4M926A4G.2-0.jpg?w=840&#038;ssl=1\" alt=\"La cloche f\u00c3\u00aal\u00c3\u00a9e de l\u00e2\u0080\u0099\u00c3\u00a9glise Saint-Martin a \u00c3\u00a9t\u00c3\u00a9 remplac\u00c3\u00a9e par celle de l\u00e2\u0080\u0099ancienne \u00c3\u00a9glise Saint-\u00c3\u0089loi (celle de droite).\"\/><figcaption class=\"wp-element-caption\"> La cloche f\u00eal\u00e9e de l\u2019\u00e9glise Saint-Martin a \u00e9t\u00e9 remplac\u00e9e par celle de l\u2019ancienne \u00e9glise Saint-\u00c9loi (celle de droite). Photo VDN<\/figcaption><\/figure>\n<\/div>\n\n\n<p>En avril 2017, l\u2019une des cloches de l\u2019\u00e9glise Saint-Martin d\u2019Aulnoye-Aymeries ne sonnait plus comme il se devait. Elle fut remplac\u00e9e par la cloche de l\u2019ancienne \u00e9glise Saint-\u00c9loi \u2013 aujourd\u2019hui devenue immeuble locatif.<\/p>\n\n\n<div class=\"wp-block-image\">\n<figure class=\"aligncenter is-resized\"><img loading=\"lazy\" decoding=\"async\" width=\"1578\" height=\"1007\" data-attachment-id=\"3269\" data-permalink=\"http:\/\/patrimoine-avesnois.fr\/chemin\/aulnoye-aymeries\/056_001\/\" data-orig-file=\"https:\/\/i0.wp.com\/patrimoine-avesnois.fr\/chemin\/wp-content\/uploads\/2019\/05\/056_001.jpg?fit=1578%2C1007\" data-orig-size=\"1578,1007\" data-comments-opened=\"1\" data-image-meta=\"{&quot;aperture&quot;:&quot;0&quot;,&quot;credit&quot;:&quot;&quot;,&quot;camera&quot;:&quot;&quot;,&quot;caption&quot;:&quot;&quot;,&quot;created_timestamp&quot;:&quot;1557243554&quot;,&quot;copyright&quot;:&quot;&quot;,&quot;focal_length&quot;:&quot;0&quot;,&quot;iso&quot;:&quot;0&quot;,&quot;shutter_speed&quot;:&quot;0&quot;,&quot;title&quot;:&quot;&quot;,&quot;orientation&quot;:&quot;0&quot;}\" data-image-title=\"056_001\" data-image-description=\"\" data-image-caption=\"\" data-large-file=\"https:\/\/i0.wp.com\/patrimoine-avesnois.fr\/chemin\/wp-content\/uploads\/2019\/05\/056_001.jpg?fit=840%2C536\" src=\"https:\/\/i2.wp.com\/patrimoine-avesnois.fr\/chemin\/wp-content\/uploads\/2019\/05\/056_001.jpg?fit=840%2C536\" alt=\"\" class=\"wp-image-3269\" style=\"width:630px;height:402px\" srcset=\"https:\/\/i0.wp.com\/patrimoine-avesnois.fr\/chemin\/wp-content\/uploads\/2019\/05\/056_001.jpg?w=1578 1578w, https:\/\/i0.wp.com\/patrimoine-avesnois.fr\/chemin\/wp-content\/uploads\/2019\/05\/056_001.jpg?resize=300%2C191 300w, https:\/\/i0.wp.com\/patrimoine-avesnois.fr\/chemin\/wp-content\/uploads\/2019\/05\/056_001.jpg?resize=768%2C490 768w, https:\/\/i0.wp.com\/patrimoine-avesnois.fr\/chemin\/wp-content\/uploads\/2019\/05\/056_001.jpg?resize=1024%2C653 1024w, https:\/\/i0.wp.com\/patrimoine-avesnois.fr\/chemin\/wp-content\/uploads\/2019\/05\/056_001.jpg?resize=1200%2C766 1200w\" sizes=\"auto, (max-width: 709px) 85vw, (max-width: 909px) 67vw, (max-width: 1362px) 62vw, 840px\" \/><figcaption class=\"wp-element-caption\">L&rsquo;\u00e9glise du Sacr\u00e9 C\u0153ur<\/figcaption><\/figure>\n<\/div>\n\n<div class=\"wp-block-image\">\n<figure class=\"aligncenter is-resized\"><img loading=\"lazy\" decoding=\"async\" width=\"1528\" height=\"1079\" data-attachment-id=\"3273\" data-permalink=\"http:\/\/patrimoine-avesnois.fr\/chemin\/aulnoye-aymeries\/034_001\/\" data-orig-file=\"https:\/\/i0.wp.com\/patrimoine-avesnois.fr\/chemin\/wp-content\/uploads\/2019\/05\/034_001.jpg?fit=1528%2C1079\" data-orig-size=\"1528,1079\" data-comments-opened=\"1\" data-image-meta=\"{&quot;aperture&quot;:&quot;0&quot;,&quot;credit&quot;:&quot;&quot;,&quot;camera&quot;:&quot;&quot;,&quot;caption&quot;:&quot;&quot;,&quot;created_timestamp&quot;:&quot;1557244024&quot;,&quot;copyright&quot;:&quot;&quot;,&quot;focal_length&quot;:&quot;0&quot;,&quot;iso&quot;:&quot;0&quot;,&quot;shutter_speed&quot;:&quot;0&quot;,&quot;title&quot;:&quot;&quot;,&quot;orientation&quot;:&quot;1&quot;}\" data-image-title=\"034_001\" data-image-description=\"\" data-image-caption=\"\" data-large-file=\"https:\/\/i0.wp.com\/patrimoine-avesnois.fr\/chemin\/wp-content\/uploads\/2019\/05\/034_001.jpg?fit=840%2C593\" src=\"https:\/\/i1.wp.com\/patrimoine-avesnois.fr\/chemin\/wp-content\/uploads\/2019\/05\/034_001.jpg?fit=840%2C593\" alt=\"\" class=\"wp-image-3273\" style=\"width:630px;height:445px\" srcset=\"https:\/\/i0.wp.com\/patrimoine-avesnois.fr\/chemin\/wp-content\/uploads\/2019\/05\/034_001.jpg?w=1528 1528w, https:\/\/i0.wp.com\/patrimoine-avesnois.fr\/chemin\/wp-content\/uploads\/2019\/05\/034_001.jpg?resize=300%2C212 300w, https:\/\/i0.wp.com\/patrimoine-avesnois.fr\/chemin\/wp-content\/uploads\/2019\/05\/034_001.jpg?resize=768%2C542 768w, https:\/\/i0.wp.com\/patrimoine-avesnois.fr\/chemin\/wp-content\/uploads\/2019\/05\/034_001.jpg?resize=1024%2C723 1024w, https:\/\/i0.wp.com\/patrimoine-avesnois.fr\/chemin\/wp-content\/uploads\/2019\/05\/034_001.jpg?resize=1200%2C847 1200w\" sizes=\"auto, (max-width: 709px) 85vw, (max-width: 909px) 67vw, (max-width: 1362px) 62vw, 840px\" \/><figcaption class=\"wp-element-caption\">L&rsquo;\u00e9glise du Sacr\u00e9 C\u0153ur et Pensionnat Jeanne d&rsquo;Arc<\/figcaption><\/figure>\n<\/div>\n\n\n<p>L&rsquo;ancienne \u00e9glise du Sacr\u00e9 Coeur fut d\u00e9molie en 1986.<\/p>\n\n\n<div class=\"wp-block-image\">\n<figure class=\"aligncenter size-large\"><img data-recalc-dims=\"1\" loading=\"lazy\" decoding=\"async\" width=\"656\" height=\"493\" data-attachment-id=\"16738\" data-permalink=\"http:\/\/patrimoine-avesnois.fr\/chemin\/aulnoye-aymeries\/eglise-st-raphael\/\" data-orig-file=\"https:\/\/i0.wp.com\/patrimoine-avesnois.fr\/chemin\/wp-content\/uploads\/2021\/12\/Eglise-St-Raphael.jpg?fit=656%2C493\" data-orig-size=\"656,493\" data-comments-opened=\"1\" data-image-meta=\"{&quot;aperture&quot;:&quot;0&quot;,&quot;credit&quot;:&quot;fr\\u00e9d\\u00e9ric carr\\u00e9&quot;,&quot;camera&quot;:&quot;&quot;,&quot;caption&quot;:&quot;&quot;,&quot;created_timestamp&quot;:&quot;1640700181&quot;,&quot;copyright&quot;:&quot;&quot;,&quot;focal_length&quot;:&quot;0&quot;,&quot;iso&quot;:&quot;0&quot;,&quot;shutter_speed&quot;:&quot;0&quot;,&quot;title&quot;:&quot;&quot;,&quot;orientation&quot;:&quot;1&quot;}\" data-image-title=\"Eglise-St-Raphael\" data-image-description=\"\" data-image-caption=\"\" data-large-file=\"https:\/\/i0.wp.com\/patrimoine-avesnois.fr\/chemin\/wp-content\/uploads\/2021\/12\/Eglise-St-Raphael.jpg?fit=656%2C493\" src=\"https:\/\/i0.wp.com\/patrimoine-avesnois.fr\/chemin\/wp-content\/uploads\/2021\/12\/Eglise-St-Raphael.jpg?resize=656%2C493\" alt=\"\" class=\"wp-image-16738\" srcset=\"https:\/\/i0.wp.com\/patrimoine-avesnois.fr\/chemin\/wp-content\/uploads\/2021\/12\/Eglise-St-Raphael.jpg?w=656 656w, https:\/\/i0.wp.com\/patrimoine-avesnois.fr\/chemin\/wp-content\/uploads\/2021\/12\/Eglise-St-Raphael.jpg?resize=300%2C225 300w\" sizes=\"auto, (max-width: 656px) 85vw, 656px\" \/><figcaption class=\"wp-element-caption\">L&rsquo;\u00e9glise Saint Rapha\u00ebl Photo <a rel=\"noreferrer noopener\" href=\"https:\/\/www.google.fr\/maps\/@50.1961817,3.8480837,3a,49.5y,108.21h,85.36t\/data=!3m6!1e1!3m4!1sfON8aWLk5Cxe9dtuNCh8Ng!2e0!7i13312!8i6656\" target=\"_blank\">Google<\/a> 2013 Rue Madame Pierre Curie<\/figcaption><\/figure>\n<\/div>\n\n\n<p>L&rsquo;\u00e9glise Saint-Rapha\u00ebl est construite vers 1960 pour desservir une cit\u00e9 abritant des logements de cheminots, situ\u00e9e \u00e0 Aulnoye-Aymeries. Sa construction est financ\u00e9e par l&rsquo;archev\u00each\u00e9 de Cambrai et la paroisse. Le chantier est confi\u00e9 \u00e0 l&rsquo;architecte lillois Fernand Dumont vers 1960.  Situ\u00e9e rue Pierre Curie, elle est construite en brique. Elle b\u00e9n\u00e9ficie d&rsquo;un vaste parvis qui l&rsquo;isole de la chauss\u00e9e. L&rsquo;unique vaisseau est \u00e9clair\u00e9 par une bande de fen\u00eatres rectangulaires. Aucun clocher ne la signale. Seule une croix appos\u00e9e en fa\u00e7ade indique la fonction de l&rsquo;\u00e9difice. Source <a href=\"http:\/\/www2.culture.gouv.fr\/public\/mistral\/merimee_fr?ACTION=CHERCHER&amp;FIELD_98=REF&amp;VALUE_98=IA59002575\" target=\"_blank\" rel=\"noreferrer noopener\" aria-label=\"MH (opens in a new tab)\">MH<\/a><\/p>\n\n\n<div class=\"wp-block-image\">\n<figure class=\"aligncenter size-large is-resized\"><img data-recalc-dims=\"1\" loading=\"lazy\" decoding=\"async\" width=\"626\" height=\"469\" data-attachment-id=\"16735\" data-permalink=\"http:\/\/patrimoine-avesnois.fr\/chemin\/aulnoye-aymeries\/aulnoye-aymeries-eglise-st-eloi\/\" data-orig-file=\"https:\/\/i0.wp.com\/patrimoine-avesnois.fr\/chemin\/wp-content\/uploads\/2021\/12\/Aulnoye-Aymeries-Eglise-St-Eloi.jpg?fit=626%2C469\" data-orig-size=\"626,469\" data-comments-opened=\"1\" data-image-meta=\"{&quot;aperture&quot;:&quot;0&quot;,&quot;credit&quot;:&quot;fr\\u00e9d\\u00e9ric carr\\u00e9&quot;,&quot;camera&quot;:&quot;&quot;,&quot;caption&quot;:&quot;&quot;,&quot;created_timestamp&quot;:&quot;1640699047&quot;,&quot;copyright&quot;:&quot;&quot;,&quot;focal_length&quot;:&quot;0&quot;,&quot;iso&quot;:&quot;0&quot;,&quot;shutter_speed&quot;:&quot;0&quot;,&quot;title&quot;:&quot;&quot;,&quot;orientation&quot;:&quot;1&quot;}\" data-image-title=\"Aulnoye-Aymeries-Eglise-St-Eloi\" data-image-description=\"\" data-image-caption=\"\" data-large-file=\"https:\/\/i0.wp.com\/patrimoine-avesnois.fr\/chemin\/wp-content\/uploads\/2021\/12\/Aulnoye-Aymeries-Eglise-St-Eloi.jpg?fit=626%2C469\" src=\"https:\/\/i0.wp.com\/patrimoine-avesnois.fr\/chemin\/wp-content\/uploads\/2021\/12\/Aulnoye-Aymeries-Eglise-St-Eloi.jpg?resize=626%2C469\" alt=\"\" class=\"wp-image-16735\" style=\"width:600px;height:449px\" srcset=\"https:\/\/i0.wp.com\/patrimoine-avesnois.fr\/chemin\/wp-content\/uploads\/2021\/12\/Aulnoye-Aymeries-Eglise-St-Eloi.jpg?w=626 626w, https:\/\/i0.wp.com\/patrimoine-avesnois.fr\/chemin\/wp-content\/uploads\/2021\/12\/Aulnoye-Aymeries-Eglise-St-Eloi.jpg?resize=300%2C225 300w\" sizes=\"auto, (max-width: 626px) 85vw, 626px\" \/><figcaption class=\"wp-element-caption\">L&rsquo;\u00e9glise Saint Eloi Photo<a href=\"https:\/\/www.google.fr\/maps\/@50.2036273,3.8428212,3a,62.6y,61.99h,93.95t\/data=!3m6!1e1!3m4!1sC64t1ttZpiAz0u1-YQvZAw!2e0!7i16384!8i8192\" target=\"_blank\" rel=\"noreferrer noopener\"> Google<\/a> 2019 <\/figcaption><\/figure>\n<\/div>\n\n\n<p>L&rsquo;\u00e9glise Saint-Eloi est \u00e9lev\u00e9e dans un quartier r\u00e9sidentiel en expansion de la ville d&rsquo;Aulnoye-Aymeries. Sa construction est financ\u00e9e par l&rsquo;archev\u00each\u00e9 de Cambrai, le doyenn\u00e9 et la paroisse. Le chantier est confi\u00e9 en 1960 \u00e0 l&rsquo;architecte audomarois Joseph Philippe, disciple du moine-architecte Dom Bellot, de l&rsquo;abbaye de Wisques (Pas-de-Calais). Les travaux sont men\u00e9s en 1961 et 1962.  <br>L&rsquo;\u00e9glise Saint-Eloi abrite un lieu de culte et des salles paroissiales dans un seul b\u00e2timent, \u00e9lev\u00e9 en brique. L&rsquo;entr\u00e9e, abrit\u00e9e par un \u00e9l\u00e9ment \u00e0 pan de couverture unique, dessert les deux parties de l&rsquo;ensemble. La nef de plan rectangulaire peut accueillir 400 personnes. L&rsquo;\u00e9clairage est assur\u00e9 dans le choeur par un pan de vitrail en dalle de verre et dans la nef par une bande \u00e9clairante qui court sous le toit. Le vitrail du choeur est d\u00fb au verrier Allain, de Meudon, une statue de saint Eloi au RP Gossens, sculpteur. Source <a href=\"http:\/\/www2.culture.gouv.fr\/public\/mistral\/mersri_fr?ACTION=CHERCHER&amp;FIELD_1=REF&amp;VALUE_1=IA59002574\" target=\"_blank\" rel=\"noreferrer noopener\" aria-label=\"MH (opens in a new tab)\">MH<\/a><\/p>\n\n\n<div class=\"wp-block-image\">\n<figure class=\"aligncenter is-resized\"><img data-recalc-dims=\"1\" loading=\"lazy\" decoding=\"async\" width=\"840\" height=\"540\" data-attachment-id=\"3223\" data-permalink=\"http:\/\/patrimoine-avesnois.fr\/chemin\/aulnoye-aymeries\/202_001\/\" data-orig-file=\"https:\/\/i0.wp.com\/patrimoine-avesnois.fr\/chemin\/wp-content\/uploads\/2019\/05\/202_001.jpg?fit=987%2C635\" data-orig-size=\"987,635\" data-comments-opened=\"1\" data-image-meta=\"{&quot;aperture&quot;:&quot;0&quot;,&quot;credit&quot;:&quot;&quot;,&quot;camera&quot;:&quot;&quot;,&quot;caption&quot;:&quot;&quot;,&quot;created_timestamp&quot;:&quot;1557232740&quot;,&quot;copyright&quot;:&quot;&quot;,&quot;focal_length&quot;:&quot;0&quot;,&quot;iso&quot;:&quot;0&quot;,&quot;shutter_speed&quot;:&quot;0&quot;,&quot;title&quot;:&quot;&quot;,&quot;orientation&quot;:&quot;0&quot;}\" data-image-title=\"202_001\" data-image-description=\"\" data-image-caption=\"\" data-large-file=\"https:\/\/i0.wp.com\/patrimoine-avesnois.fr\/chemin\/wp-content\/uploads\/2019\/05\/202_001.jpg?fit=840%2C540\" src=\"https:\/\/i0.wp.com\/patrimoine-avesnois.fr\/chemin\/wp-content\/uploads\/2019\/05\/202_001.jpg?resize=840%2C540\" alt=\"\" class=\"wp-image-3223\" style=\"width:740px;height:476px\" srcset=\"https:\/\/i0.wp.com\/patrimoine-avesnois.fr\/chemin\/wp-content\/uploads\/2019\/05\/202_001.jpg?w=987 987w, https:\/\/i0.wp.com\/patrimoine-avesnois.fr\/chemin\/wp-content\/uploads\/2019\/05\/202_001.jpg?resize=300%2C193 300w, https:\/\/i0.wp.com\/patrimoine-avesnois.fr\/chemin\/wp-content\/uploads\/2019\/05\/202_001.jpg?resize=768%2C494 768w\" sizes=\"auto, (max-width: 709px) 85vw, (max-width: 909px) 67vw, (max-width: 1362px) 62vw, 840px\" \/><figcaption class=\"wp-element-caption\">H\u00f4tel de Ville et son kiosque Ann\u00e9e 1950  Ce kiosque construit vers 1934-1935 sur la Place de l\u2019H\u00f4tel de Ville subit les bombardements de 1940 et fut par cons\u00e9quent ras\u00e9 en 1958. <\/figcaption><\/figure>\n<\/div>\n\n<div class=\"wp-block-image\">\n<figure class=\"aligncenter size-large is-resized\"><img data-recalc-dims=\"1\" loading=\"lazy\" decoding=\"async\" width=\"728\" height=\"546\" data-attachment-id=\"16736\" data-permalink=\"http:\/\/patrimoine-avesnois.fr\/chemin\/aulnoye-aymeries\/hdv\/\" data-orig-file=\"https:\/\/i0.wp.com\/patrimoine-avesnois.fr\/chemin\/wp-content\/uploads\/2021\/12\/HDV-.jpg?fit=728%2C546\" data-orig-size=\"728,546\" data-comments-opened=\"1\" data-image-meta=\"{&quot;aperture&quot;:&quot;0&quot;,&quot;credit&quot;:&quot;fr\\u00e9d\\u00e9ric carr\\u00e9&quot;,&quot;camera&quot;:&quot;&quot;,&quot;caption&quot;:&quot;&quot;,&quot;created_timestamp&quot;:&quot;1640699512&quot;,&quot;copyright&quot;:&quot;&quot;,&quot;focal_length&quot;:&quot;0&quot;,&quot;iso&quot;:&quot;0&quot;,&quot;shutter_speed&quot;:&quot;0&quot;,&quot;title&quot;:&quot;&quot;,&quot;orientation&quot;:&quot;1&quot;}\" data-image-title=\"HDV-\" data-image-description=\"\" data-image-caption=\"\" data-large-file=\"https:\/\/i0.wp.com\/patrimoine-avesnois.fr\/chemin\/wp-content\/uploads\/2021\/12\/HDV-.jpg?fit=728%2C546\" src=\"https:\/\/i0.wp.com\/patrimoine-avesnois.fr\/chemin\/wp-content\/uploads\/2021\/12\/HDV-.jpg?resize=728%2C546\" alt=\"\" class=\"wp-image-16736\" style=\"width:740px;height:555px\" srcset=\"https:\/\/i0.wp.com\/patrimoine-avesnois.fr\/chemin\/wp-content\/uploads\/2021\/12\/HDV-.jpg?w=728 728w, https:\/\/i0.wp.com\/patrimoine-avesnois.fr\/chemin\/wp-content\/uploads\/2021\/12\/HDV-.jpg?resize=300%2C225 300w\" sizes=\"auto, (max-width: 728px) 85vw, 728px\" \/><figcaption class=\"wp-element-caption\">H\u00f4tel de Ville : un bel exemple d&rsquo;architecture art-d\u00e9co <\/figcaption><\/figure>\n<\/div>\n\n\n<p>Le conseil municipal donne un avis favorable \u00e0 la construction d&rsquo;un nouvel h\u00f4tel de ville le 24 avril 1927 et valide les plans des architectes Joseph S\u00e9gers et Albert Rouz\u00e9, dat\u00e9s de mars 1927. La commission des b\u00e2timents civils critique la faible \u00e9paisseur des murs de fa\u00e7ade, le manque d&rsquo;\u00e9clairage et de ventilation de certaines pi\u00e8ces, et surtout le beffroi qui n&rsquo;est pas en harmonie avec l&rsquo;ensemble. Des modifications de toiture et un autre projet de beffroi (belv\u00e9d\u00e8re) sont propos\u00e9s et valid\u00e9s. N\u00e9anmoins, il semble que les moyens n&rsquo;ont pas \u00e9t\u00e9 suffisants : l&rsquo;\u00e9difice n&rsquo;a pas la profondeur ni la toiture pr\u00e9vues. Le conseil municipal d\u00e9lib\u00e8re pour les travaux de d\u00e9cor en 1929 : la ferronnerie est confi\u00e9e \u00e0 M. Alexandre et la d\u00e9coration int\u00e9rieure (moulurations) \u00e0 M. Steyaert. L&rsquo;horloge, fournie par Henry-Lepaute, est install\u00e9e en 1934. La cr\u00e9ation de la rue, l&rsquo;alignement et le classement de la place o\u00f9 a \u00e9t\u00e9 construit l&rsquo;h\u00f4tel de ville sont dus \u00e0 l&rsquo;ing\u00e9nieur municipal Dubus en 1934. Source <a href=\"http:\/\/www2.culture.gouv.fr\/public\/mistral\/mersri_fr?ACTION=CHERCHER&amp;FIELD_1=REF&amp;VALUE_1=IA59001866\" target=\"_blank\" rel=\"noreferrer noopener\" aria-label=\"MH (opens in a new tab)\">MH<\/a><\/p>\n\n\n\n<p>Restaur\u00e9 au d\u00e9but des ann\u00e9es 2000, l&rsquo;H\u00f4tel de Ville dispose d&rsquo;un carillon tr\u00f4nant dans le Beffroi.<\/p>\n\n\n\n<p class=\"has-text-align-center\">***<\/p>\n\n\n<div class=\"wp-block-image\">\n<figure class=\"aligncenter size-large\"><img data-recalc-dims=\"1\" loading=\"lazy\" decoding=\"async\" width=\"689\" height=\"454\" data-attachment-id=\"16490\" data-permalink=\"http:\/\/patrimoine-avesnois.fr\/chemin\/aulnoye-aymeries\/image-25-11\/\" data-orig-file=\"https:\/\/i0.wp.com\/patrimoine-avesnois.fr\/chemin\/wp-content\/uploads\/2021\/12\/image-25.png?fit=689%2C454\" data-orig-size=\"689,454\" data-comments-opened=\"1\" data-image-meta=\"{&quot;aperture&quot;:&quot;0&quot;,&quot;credit&quot;:&quot;&quot;,&quot;camera&quot;:&quot;&quot;,&quot;caption&quot;:&quot;&quot;,&quot;created_timestamp&quot;:&quot;0&quot;,&quot;copyright&quot;:&quot;&quot;,&quot;focal_length&quot;:&quot;0&quot;,&quot;iso&quot;:&quot;0&quot;,&quot;shutter_speed&quot;:&quot;0&quot;,&quot;title&quot;:&quot;&quot;,&quot;orientation&quot;:&quot;0&quot;}\" data-image-title=\"image-25\" data-image-description=\"\" data-image-caption=\"\" data-large-file=\"https:\/\/i0.wp.com\/patrimoine-avesnois.fr\/chemin\/wp-content\/uploads\/2021\/12\/image-25.png?fit=689%2C454\" src=\"https:\/\/i0.wp.com\/patrimoine-avesnois.fr\/chemin\/wp-content\/uploads\/2021\/12\/image-25.png?resize=689%2C454\" alt=\"\" class=\"wp-image-16490\" srcset=\"https:\/\/i0.wp.com\/patrimoine-avesnois.fr\/chemin\/wp-content\/uploads\/2021\/12\/image-25.png?w=689 689w, https:\/\/i0.wp.com\/patrimoine-avesnois.fr\/chemin\/wp-content\/uploads\/2021\/12\/image-25.png?resize=300%2C198 300w\" sizes=\"auto, (max-width: 689px) 85vw, 689px\" \/><figcaption class=\"wp-element-caption\">Salle de th\u00e9\u00e2tre L\u00e9o Ferr\u00e9 en 2004 Photo du <a rel=\"noreferrer noopener\" href=\"http:\/\/aulnoye.free.fr\/ADMINISTRATION\/leoferre.htm\" target=\"_blank\">bulletin municipal<\/a><\/figcaption><\/figure>\n<\/div>\n\n<div class=\"wp-block-image\">\n<figure class=\"aligncenter size-large\"><img loading=\"lazy\" decoding=\"async\" width=\"1223\" height=\"912\" data-attachment-id=\"16593\" data-permalink=\"http:\/\/patrimoine-avesnois.fr\/chemin\/aulnoye-aymeries\/image-40-9\/\" data-orig-file=\"https:\/\/i0.wp.com\/patrimoine-avesnois.fr\/chemin\/wp-content\/uploads\/2021\/12\/image-40.png?fit=1223%2C912\" data-orig-size=\"1223,912\" data-comments-opened=\"1\" data-image-meta=\"{&quot;aperture&quot;:&quot;0&quot;,&quot;credit&quot;:&quot;&quot;,&quot;camera&quot;:&quot;&quot;,&quot;caption&quot;:&quot;&quot;,&quot;created_timestamp&quot;:&quot;0&quot;,&quot;copyright&quot;:&quot;&quot;,&quot;focal_length&quot;:&quot;0&quot;,&quot;iso&quot;:&quot;0&quot;,&quot;shutter_speed&quot;:&quot;0&quot;,&quot;title&quot;:&quot;&quot;,&quot;orientation&quot;:&quot;0&quot;}\" data-image-title=\"image-40\" data-image-description=\"\" data-image-caption=\"\" data-large-file=\"https:\/\/i0.wp.com\/patrimoine-avesnois.fr\/chemin\/wp-content\/uploads\/2021\/12\/image-40.png?fit=840%2C627\" src=\"https:\/\/i1.wp.com\/patrimoine-avesnois.fr\/chemin\/wp-content\/uploads\/2021\/12\/image-40.png?fit=840%2C627\" alt=\"\" class=\"wp-image-16593\" srcset=\"https:\/\/i0.wp.com\/patrimoine-avesnois.fr\/chemin\/wp-content\/uploads\/2021\/12\/image-40.png?w=1223 1223w, https:\/\/i0.wp.com\/patrimoine-avesnois.fr\/chemin\/wp-content\/uploads\/2021\/12\/image-40.png?resize=300%2C224 300w, https:\/\/i0.wp.com\/patrimoine-avesnois.fr\/chemin\/wp-content\/uploads\/2021\/12\/image-40.png?resize=1024%2C764 1024w, https:\/\/i0.wp.com\/patrimoine-avesnois.fr\/chemin\/wp-content\/uploads\/2021\/12\/image-40.png?resize=768%2C573 768w, https:\/\/i0.wp.com\/patrimoine-avesnois.fr\/chemin\/wp-content\/uploads\/2021\/12\/image-40.png?resize=1200%2C895 1200w\" sizes=\"auto, (max-width: 709px) 85vw, (max-width: 909px) 67vw, (max-width: 1362px) 62vw, 840px\" \/><figcaption class=\"wp-element-caption\">Salle de th\u00e9\u00e2tre L\u00e9o Ferr\u00e9 D\u00e9cembre 2021<\/figcaption><\/figure>\n<\/div>\n\n\n<p>Aulnoye Aymeries dispose depuis 1983 d&rsquo;un th\u00e9\u00e2tre qui porte le nom de L\u00e9o Ferr\u00e9 . Il a \u00e9t\u00e9 modernis\u00e9, agrandi et inaugur\u00e9 pour la seconde fois le 9 octobre 2021 par le maire Bernard Baudoux en pr\u00e9sence de la veuve du po\u00e8te, tr\u00e8s \u00e9mue lorsque la photo d&rsquo;inauguration datant du 20 novembre 1983 fut d\u00e9voil\u00e9e dans le hall du th\u00e9\u00e2tre.<\/p>\n\n\n\n<p class=\"has-text-align-center\">***<\/p>\n\n\n<div class=\"wp-block-image\">\n<figure class=\"aligncenter\"><img loading=\"lazy\" decoding=\"async\" width=\"1293\" height=\"785\" data-attachment-id=\"3253\" data-permalink=\"http:\/\/patrimoine-avesnois.fr\/chemin\/aulnoye-aymeries\/716_001-2\/\" data-orig-file=\"https:\/\/i0.wp.com\/patrimoine-avesnois.fr\/chemin\/wp-content\/uploads\/2019\/05\/716_001.jpg?fit=1293%2C785\" data-orig-size=\"1293,785\" data-comments-opened=\"1\" data-image-meta=\"{&quot;aperture&quot;:&quot;0&quot;,&quot;credit&quot;:&quot;&quot;,&quot;camera&quot;:&quot;&quot;,&quot;caption&quot;:&quot;&quot;,&quot;created_timestamp&quot;:&quot;1557224102&quot;,&quot;copyright&quot;:&quot;&quot;,&quot;focal_length&quot;:&quot;0&quot;,&quot;iso&quot;:&quot;0&quot;,&quot;shutter_speed&quot;:&quot;0&quot;,&quot;title&quot;:&quot;&quot;,&quot;orientation&quot;:&quot;0&quot;}\" data-image-title=\"716_001\" data-image-description=\"\" data-image-caption=\"\" data-large-file=\"https:\/\/i0.wp.com\/patrimoine-avesnois.fr\/chemin\/wp-content\/uploads\/2019\/05\/716_001.jpg?fit=840%2C510\" src=\"https:\/\/i2.wp.com\/patrimoine-avesnois.fr\/chemin\/wp-content\/uploads\/2019\/05\/716_001.jpg?fit=840%2C510\" alt=\"\" class=\"wp-image-3253\" srcset=\"https:\/\/i0.wp.com\/patrimoine-avesnois.fr\/chemin\/wp-content\/uploads\/2019\/05\/716_001.jpg?w=1293 1293w, https:\/\/i0.wp.com\/patrimoine-avesnois.fr\/chemin\/wp-content\/uploads\/2019\/05\/716_001.jpg?resize=300%2C182 300w, https:\/\/i0.wp.com\/patrimoine-avesnois.fr\/chemin\/wp-content\/uploads\/2019\/05\/716_001.jpg?resize=768%2C466 768w, https:\/\/i0.wp.com\/patrimoine-avesnois.fr\/chemin\/wp-content\/uploads\/2019\/05\/716_001.jpg?resize=1024%2C622 1024w, https:\/\/i0.wp.com\/patrimoine-avesnois.fr\/chemin\/wp-content\/uploads\/2019\/05\/716_001.jpg?resize=1200%2C729 1200w\" sizes=\"auto, (max-width: 709px) 85vw, (max-width: 909px) 67vw, (max-width: 1362px) 62vw, 840px\" \/><\/figure>\n<\/div>\n\n<div class=\"wp-block-image\">\n<figure class=\"aligncenter\"><img data-recalc-dims=\"1\" decoding=\"async\" src=\"https:\/\/i0.wp.com\/monumentsmorts.univ-lille.fr\/monmorts\/upload\/monument\/1-200\/51\/01aulnoye-aymeries_547b24ed79a79.JPG?w=840&#038;ssl=1\" alt=\"\"\/><figcaption class=\"wp-element-caption\">Monument aux Morts d&rsquo;Aulnoye <a href=\"https:\/\/monumentsmorts.univ-lille.fr\/monument\/51\/aulnoye-aymeries-place\/\" target=\"_blank\" rel=\"noreferrer noopener\" aria-label=\"Universit\u00e9 Lille 3  (opens in a new tab)\">Universit\u00e9 Lille 3 <\/a><\/figcaption><\/figure>\n<\/div>\n\n<div class=\"wp-block-image\">\n<figure class=\"aligncenter is-resized\"><img data-recalc-dims=\"1\" loading=\"lazy\" decoding=\"async\" width=\"406\" height=\"621\" data-attachment-id=\"3279\" data-permalink=\"http:\/\/patrimoine-avesnois.fr\/chemin\/aulnoye-aymeries\/capture-1jpg\/\" data-orig-file=\"https:\/\/i0.wp.com\/patrimoine-avesnois.fr\/chemin\/wp-content\/uploads\/2019\/05\/Capture.1JPG.jpg?fit=406%2C621\" data-orig-size=\"406,621\" data-comments-opened=\"1\" data-image-meta=\"{&quot;aperture&quot;:&quot;0&quot;,&quot;credit&quot;:&quot;CARRE&quot;,&quot;camera&quot;:&quot;&quot;,&quot;caption&quot;:&quot;&quot;,&quot;created_timestamp&quot;:&quot;1557244611&quot;,&quot;copyright&quot;:&quot;&quot;,&quot;focal_length&quot;:&quot;0&quot;,&quot;iso&quot;:&quot;0&quot;,&quot;shutter_speed&quot;:&quot;0&quot;,&quot;title&quot;:&quot;&quot;,&quot;orientation&quot;:&quot;0&quot;}\" data-image-title=\"Capture.1JPG\" data-image-description=\"\" data-image-caption=\"\" data-large-file=\"https:\/\/i0.wp.com\/patrimoine-avesnois.fr\/chemin\/wp-content\/uploads\/2019\/05\/Capture.1JPG.jpg?fit=406%2C621\" src=\"https:\/\/i0.wp.com\/patrimoine-avesnois.fr\/chemin\/wp-content\/uploads\/2019\/05\/Capture.1JPG.jpg?resize=406%2C621\" alt=\"\" class=\"wp-image-3279\" style=\"width:488px;height:743px\" srcset=\"https:\/\/i0.wp.com\/patrimoine-avesnois.fr\/chemin\/wp-content\/uploads\/2019\/05\/Capture.1JPG.jpg?w=406 406w, https:\/\/i0.wp.com\/patrimoine-avesnois.fr\/chemin\/wp-content\/uploads\/2019\/05\/Capture.1JPG.jpg?resize=196%2C300 196w\" sizes=\"auto, (max-width: 406px) 85vw, 406px\" \/><figcaption class=\"wp-element-caption\"><a href=\"https:\/\/monumentsmorts.univ-lille.fr\/monument\/893\/aulnoye-aymeries-place\/\" target=\"_blank\" rel=\"noreferrer noopener\" aria-label=\"Monument aux Morts d'Aymeries (opens in a new tab)\">Monument aux Morts d&rsquo;Aymeries<\/a><\/figcaption><\/figure>\n<\/div>\n\n\n<figure class=\"wp-block-image\"><img data-recalc-dims=\"1\" decoding=\"async\" src=\"https:\/\/i0.wp.com\/monumentsmorts.univ-lille.fr\/monmorts\/upload\/monument\/21201-21400\/21312\/aulnoye-aymeriesresistance01_54736287d5015.JPG?w=840&#038;ssl=1\" alt=\"\"\/><figcaption class=\"wp-element-caption\">Aulnoye-Aymeries A ses morts de la R\u00e9sistance et de la D\u00e9portation.<\/figcaption><\/figure>\n\n\n<div class=\"wp-block-image\">\n<figure class=\"aligncenter\"><img data-recalc-dims=\"1\" loading=\"lazy\" decoding=\"async\" width=\"726\" height=\"712\" data-attachment-id=\"3263\" data-permalink=\"http:\/\/patrimoine-avesnois.fr\/chemin\/aulnoye-aymeries\/image-506\/\" data-orig-file=\"https:\/\/i0.wp.com\/patrimoine-avesnois.fr\/chemin\/wp-content\/uploads\/2019\/05\/image-33.png?fit=726%2C712\" data-orig-size=\"726,712\" data-comments-opened=\"1\" data-image-meta=\"{&quot;aperture&quot;:&quot;0&quot;,&quot;credit&quot;:&quot;&quot;,&quot;camera&quot;:&quot;&quot;,&quot;caption&quot;:&quot;&quot;,&quot;created_timestamp&quot;:&quot;0&quot;,&quot;copyright&quot;:&quot;&quot;,&quot;focal_length&quot;:&quot;0&quot;,&quot;iso&quot;:&quot;0&quot;,&quot;shutter_speed&quot;:&quot;0&quot;,&quot;title&quot;:&quot;&quot;,&quot;orientation&quot;:&quot;0&quot;}\" data-image-title=\"image\" data-image-description=\"\" data-image-caption=\"\" data-large-file=\"https:\/\/i0.wp.com\/patrimoine-avesnois.fr\/chemin\/wp-content\/uploads\/2019\/05\/image-33.png?fit=726%2C712\" src=\"https:\/\/i0.wp.com\/patrimoine-avesnois.fr\/chemin\/wp-content\/uploads\/2019\/05\/image-33.png?resize=726%2C712\" alt=\"\" class=\"wp-image-3263\" srcset=\"https:\/\/i0.wp.com\/patrimoine-avesnois.fr\/chemin\/wp-content\/uploads\/2019\/05\/image-33.png?w=726 726w, https:\/\/i0.wp.com\/patrimoine-avesnois.fr\/chemin\/wp-content\/uploads\/2019\/05\/image-33.png?resize=300%2C294 300w\" sizes=\"auto, (max-width: 726px) 85vw, 726px\" \/><figcaption class=\"wp-element-caption\">M\u00e9morial anglais 1914 1918 rue Parmentier<\/figcaption><\/figure>\n<\/div>\n\n<div class=\"wp-block-image\">\n<figure class=\"aligncenter\"><img decoding=\"async\" src=\"http:\/\/i2.wp.com\/www.calvaires-avesnois.fr\/wp-content\/uploads\/2016\/09\/IMG_1610-2-1.jpg?resize=490%2C653\" alt=\"Croix (1822) Chemin du Noir Dieu.\" class=\"wp-image-1553\"\/><figcaption class=\"wp-element-caption\">Croix (1822) Chemin du Noir Dieu.<\/figcaption><\/figure>\n<\/div>\n\n<div class=\"wp-block-image\">\n<figure class=\"aligncenter\"><img decoding=\"async\" data-attachment-id=\"1552\" data-permalink=\"http:\/\/patrimoine-avesnois.fr\/chemin\/floursies\/image-345\/\" data-orig-file=\"https:\/\/i0.wp.com\/patrimoine-avesnois.fr\/chemin\/wp-content\/uploads\/2019\/04\/image-323.png?fit=1124%2C721\" data-orig-size=\"1124,721\" data-comments-opened=\"1\" data-image-meta=\"{&quot;aperture&quot;:&quot;0&quot;,&quot;credit&quot;:&quot;&quot;,&quot;camera&quot;:&quot;&quot;,&quot;caption&quot;:&quot;&quot;,&quot;created_timestamp&quot;:&quot;0&quot;,&quot;copyright&quot;:&quot;&quot;,&quot;focal_length&quot;:&quot;0&quot;,&quot;iso&quot;:&quot;0&quot;,&quot;shutter_speed&quot;:&quot;0&quot;,&quot;title&quot;:&quot;&quot;,&quot;orientation&quot;:&quot;0&quot;}\" data-image-title=\"image\" data-image-description=\"\" data-image-caption=\"\" data-large-file=\"https:\/\/i0.wp.com\/patrimoine-avesnois.fr\/chemin\/wp-content\/uploads\/2019\/04\/image-323.png?fit=840%2C539\" src=\"http:\/\/i0.wp.com\/www.calvaires-avesnois.fr\/wp-content\/uploads\/2016\/09\/IMG_1611.jpg?resize=490%2C653\" alt=\"1822 INRI\" class=\"wp-image-1552\"\/><figcaption class=\"wp-element-caption\">1822 INRI<\/figcaption><\/figure>\n<\/div>\n\n\n<p>A la date de 1822, et ce depuis les temps les plus anciens, le chemin du Noir Dieu \u00e9tait la \u00ab&nbsp;fronti\u00e8re&nbsp;\u00bb entre les terres d\u2019Aymeries et celles d\u2019Aulnoye. &nbsp; &nbsp; La parcelle sur laquelle est \u00e9rig\u00e9e cette croix appartenait au patrimoine de la famille MARY DELVALLEE (Source&nbsp;: G\u00e9rald Collet CHGB- SIAA).<\/p>\n\n\n\n<div class=\"wp-block-jetpack-slideshow aligncenter\" data-effect=\"slide\"><div class=\"wp-block-jetpack-slideshow_container swiper-container\"><ul class=\"wp-block-jetpack-slideshow_swiper-wrappper swiper-wrapper\"><li class=\"wp-block-jetpack-slideshow_slide swiper-slide\"><figure><img data-recalc-dims=\"1\" loading=\"lazy\" decoding=\"async\" width=\"768\" height=\"1024\" alt=\"\" class=\"wp-block-jetpack-slideshow_image wp-image-3230\" data-id=\"3230\" src=\"https:\/\/i0.wp.com\/patrimoine-avesnois.fr\/chemin\/wp-content\/uploads\/2019\/05\/IMG_1593-2-768x1024.jpg?resize=768%2C1024\" srcset=\"https:\/\/i0.wp.com\/patrimoine-avesnois.fr\/chemin\/wp-content\/uploads\/2019\/05\/IMG_1593-2-768x1024.jpg?resize=768%2C1024 768w, https:\/\/i0.wp.com\/patrimoine-avesnois.fr\/chemin\/wp-content\/uploads\/2019\/05\/IMG_1593-2-768x1024.jpg?resize=225%2C300 225w\" sizes=\"(max-width: 768px) 85vw, 768px\" \/><\/figure><\/li><li class=\"wp-block-jetpack-slideshow_slide swiper-slide\"><figure><img data-recalc-dims=\"1\" loading=\"lazy\" decoding=\"async\" width=\"768\" height=\"1024\" alt=\"\" class=\"wp-block-jetpack-slideshow_image wp-image-3231\" data-id=\"3231\" src=\"https:\/\/i0.wp.com\/patrimoine-avesnois.fr\/chemin\/wp-content\/uploads\/2019\/05\/IMG_1585-768x1024.jpg?resize=768%2C1024\" srcset=\"https:\/\/i0.wp.com\/patrimoine-avesnois.fr\/chemin\/wp-content\/uploads\/2019\/05\/IMG_1585-768x1024.jpg?resize=768%2C1024 768w, https:\/\/i0.wp.com\/patrimoine-avesnois.fr\/chemin\/wp-content\/uploads\/2019\/05\/IMG_1585-768x1024.jpg?resize=225%2C300 225w\" sizes=\"(max-width: 768px) 85vw, 768px\" \/><\/figure><\/li><li class=\"wp-block-jetpack-slideshow_slide swiper-slide\"><figure><img data-recalc-dims=\"1\" loading=\"lazy\" decoding=\"async\" width=\"768\" height=\"1024\" alt=\"\" class=\"wp-block-jetpack-slideshow_image wp-image-3232\" data-id=\"3232\" src=\"https:\/\/i0.wp.com\/patrimoine-avesnois.fr\/chemin\/wp-content\/uploads\/2019\/05\/IMG_1595-768x1024.jpg?resize=768%2C1024\" srcset=\"https:\/\/i0.wp.com\/patrimoine-avesnois.fr\/chemin\/wp-content\/uploads\/2019\/05\/IMG_1595-768x1024.jpg?resize=768%2C1024 768w, https:\/\/i0.wp.com\/patrimoine-avesnois.fr\/chemin\/wp-content\/uploads\/2019\/05\/IMG_1595-768x1024.jpg?resize=225%2C300 225w\" sizes=\"(max-width: 768px) 85vw, 768px\" \/><\/figure><\/li><li class=\"wp-block-jetpack-slideshow_slide swiper-slide\"><figure><img data-recalc-dims=\"1\" loading=\"lazy\" decoding=\"async\" width=\"768\" height=\"1024\" alt=\"\" class=\"wp-block-jetpack-slideshow_image wp-image-3233\" data-id=\"3233\" src=\"https:\/\/i0.wp.com\/patrimoine-avesnois.fr\/chemin\/wp-content\/uploads\/2019\/05\/IMG_1605-e1498553439393-768x1024.jpg?resize=768%2C1024\" srcset=\"https:\/\/i0.wp.com\/patrimoine-avesnois.fr\/chemin\/wp-content\/uploads\/2019\/05\/IMG_1605-e1498553439393-768x1024.jpg?resize=768%2C1024 768w, https:\/\/i0.wp.com\/patrimoine-avesnois.fr\/chemin\/wp-content\/uploads\/2019\/05\/IMG_1605-e1498553439393-768x1024.jpg?resize=225%2C300 225w\" sizes=\"(max-width: 768px) 85vw, 768px\" \/><\/figure><\/li><li class=\"wp-block-jetpack-slideshow_slide swiper-slide\"><figure><img data-recalc-dims=\"1\" loading=\"lazy\" decoding=\"async\" width=\"768\" height=\"1024\" alt=\"\" class=\"wp-block-jetpack-slideshow_image wp-image-3234\" data-id=\"3234\" src=\"https:\/\/i0.wp.com\/patrimoine-avesnois.fr\/chemin\/wp-content\/uploads\/2019\/05\/IMG_1602-768x1024.jpg?resize=768%2C1024\" srcset=\"https:\/\/i0.wp.com\/patrimoine-avesnois.fr\/chemin\/wp-content\/uploads\/2019\/05\/IMG_1602-768x1024.jpg?resize=768%2C1024 768w, https:\/\/i0.wp.com\/patrimoine-avesnois.fr\/chemin\/wp-content\/uploads\/2019\/05\/IMG_1602-768x1024.jpg?resize=225%2C300 225w\" sizes=\"(max-width: 768px) 85vw, 768px\" \/><\/figure><\/li><\/ul><a class=\"wp-block-jetpack-slideshow_button-prev swiper-button-prev swiper-button-white\" role=\"button\"><\/a><a class=\"wp-block-jetpack-slideshow_button-next swiper-button-next swiper-button-white\" role=\"button\"><\/a><a aria-label=\"Pause Slideshow\" class=\"wp-block-jetpack-slideshow_button-pause\" role=\"button\"><\/a><div class=\"wp-block-jetpack-slideshow_pagination swiper-pagination swiper-pagination-white\"><\/div><\/div><\/div>\n\n\n\n<p><a rel=\"noreferrer noopener\" aria-label=\"5 orato (opens in a new tab)\" href=\"http:\/\/oratoiresetchapelles-avesnois.fr\/aulnoye-aymeries\/\" target=\"_blank\">5 orato<\/a><a href=\"http:\/\/oratoiresetchapelles-avesnois.fr\/aulnoye-aymeries\/\">ires<\/a> sont pr\u00e9sents sur la commune.<\/p>\n\n\n\n<p>Le&nbsp; Chapitre de Maubeuge d\u00e9tenait \u00e0 Aulnoye la ferme de M\u00e9rimont qui fut vendue comme bien national \u00e0 un d\u00e9nomm\u00e9 Gau le 15 Thermidor An 4 (ADN 1 Q 21\/1010).<\/p>\n\n\n<div class=\"wp-block-image\">\n<figure class=\"aligncenter\"><img decoding=\"async\" data-attachment-id=\"205\" data-permalink=\"http:\/\/patrimoine-avesnois.fr\/chemin\/bavay\/capture2-7\/\" data-orig-file=\"https:\/\/i0.wp.com\/patrimoine-avesnois.fr\/chemin\/wp-content\/uploads\/2019\/03\/Capture2-6.png?fit=558%2C745\" data-orig-size=\"558,745\" data-comments-opened=\"1\" data-image-meta=\"{&quot;aperture&quot;:&quot;0&quot;,&quot;credit&quot;:&quot;&quot;,&quot;camera&quot;:&quot;&quot;,&quot;caption&quot;:&quot;&quot;,&quot;created_timestamp&quot;:&quot;0&quot;,&quot;copyright&quot;:&quot;&quot;,&quot;focal_length&quot;:&quot;0&quot;,&quot;iso&quot;:&quot;0&quot;,&quot;shutter_speed&quot;:&quot;0&quot;,&quot;title&quot;:&quot;&quot;,&quot;orientation&quot;:&quot;0&quot;}\" data-image-title=\"Capture2\" data-image-description=\"\" data-image-caption=\"\" data-large-file=\"https:\/\/i0.wp.com\/patrimoine-avesnois.fr\/chemin\/wp-content\/uploads\/2019\/03\/Capture2-6.png?fit=558%2C745\" src=\"https:\/\/i0.wp.com\/patrimoine-avesnois.fr\/censes\/wp-content\/uploads\/2019\/02\/Capture-101.png?w=840\" alt=\"\" class=\"wp-image-205\"\/><figcaption class=\"wp-element-caption\">La Ferme de M\u00e9rimont (<a href=\"https:\/\/www.google.fr\/maps\/@50.1917459,3.8216667,3a,25.9y,231.04h,88.23t\/data=!3m6!1e1!3m4!1s4ozPwm58SF6XEW5wEnto3Q!2e0!7i13312!8i6656\">70 Rue de Leval<\/a>)<\/figcaption><\/figure>\n<\/div>\n\n<div class=\"wp-block-image\">\n<figure class=\"aligncenter\"><img decoding=\"async\" data-attachment-id=\"206\" data-permalink=\"http:\/\/patrimoine-avesnois.fr\/chemin\/bavay\/280px-bavay_place_charles_de_gaulle\/\" data-orig-file=\"https:\/\/i0.wp.com\/patrimoine-avesnois.fr\/chemin\/wp-content\/uploads\/2019\/03\/280px-Bavay_Place_Charles_de_Gaulle.jpg?fit=280%2C210\" data-orig-size=\"280,210\" data-comments-opened=\"1\" data-image-meta=\"{&quot;aperture&quot;:&quot;0&quot;,&quot;credit&quot;:&quot;&quot;,&quot;camera&quot;:&quot;&quot;,&quot;caption&quot;:&quot;&quot;,&quot;created_timestamp&quot;:&quot;1553340590&quot;,&quot;copyright&quot;:&quot;&quot;,&quot;focal_length&quot;:&quot;0&quot;,&quot;iso&quot;:&quot;0&quot;,&quot;shutter_speed&quot;:&quot;0&quot;,&quot;title&quot;:&quot;&quot;,&quot;orientation&quot;:&quot;1&quot;}\" data-image-title=\"280px-Bavay_Place_Charles_de_Gaulle\" data-image-description=\"\" data-image-caption=\"\" data-large-file=\"https:\/\/i0.wp.com\/patrimoine-avesnois.fr\/chemin\/wp-content\/uploads\/2019\/03\/280px-Bavay_Place_Charles_de_Gaulle.jpg?fit=280%2C210\" src=\"https:\/\/i0.wp.com\/patrimoine-avesnois.fr\/censes\/wp-content\/uploads\/2019\/02\/Capture-102.png?w=840\" alt=\"\" class=\"wp-image-206\"\/><figcaption class=\"wp-element-caption\">La Ferme de M\u00e9rimont<\/figcaption><\/figure>\n<\/div>\n\n\n<p>2 brasseries ont exist\u00e9 \u00e0 Aulnoye-Aymeries :<\/p>\n\n\n<div class=\"wp-block-image\">\n<figure class=\"aligncenter\"><img data-recalc-dims=\"1\" decoding=\"async\" src=\"https:\/\/i0.wp.com\/www2.culture.gouv.fr\/Wave\/image\/memoire\/0166\/ivr31_91590955v_p.jpg?w=840\" alt=\"\"\/><figcaption class=\"wp-element-caption\">Brasserie Carpentier<\/figcaption><\/figure>\n<\/div>\n\n\n<p>la brasserie Carpentier au 146 rue de l&rsquo;H\u00f4tel de Ville, fond\u00e9e par Adrien Carpentier en 1851 et qui produisit de la bi\u00e8re jusqu&rsquo;en 1954 <\/p>\n\n\n\n<p>la brasserie coop\u00e9rative l\u2019\u00c9mancipatrice au 5 rue de Dourlers, fonctionnant de 1926 \u00e0 1944 et dirig\u00e9e par Michel Mathieu jusqu&rsquo;en 1934 puis par M Naveaux jusqu&rsquo;\u00e0 son endommagement en juin 1944 par un bombardement. Elle fusionna avec l&rsquo;Union de Coop\u00e9rateurs de Caudry.<\/p>\n\n\n<div class=\"wp-block-image\">\n<figure class=\"aligncenter is-resized\"><img data-recalc-dims=\"1\" loading=\"lazy\" decoding=\"async\" width=\"840\" height=\"532\" data-attachment-id=\"3265\" data-permalink=\"http:\/\/patrimoine-avesnois.fr\/chemin\/aulnoye-aymeries\/587_001\/\" data-orig-file=\"https:\/\/i0.wp.com\/patrimoine-avesnois.fr\/chemin\/wp-content\/uploads\/2019\/05\/587_001.jpg?fit=981%2C621\" data-orig-size=\"981,621\" data-comments-opened=\"1\" data-image-meta=\"{&quot;aperture&quot;:&quot;0&quot;,&quot;credit&quot;:&quot;&quot;,&quot;camera&quot;:&quot;&quot;,&quot;caption&quot;:&quot;&quot;,&quot;created_timestamp&quot;:&quot;1557242932&quot;,&quot;copyright&quot;:&quot;&quot;,&quot;focal_length&quot;:&quot;0&quot;,&quot;iso&quot;:&quot;0&quot;,&quot;shutter_speed&quot;:&quot;0&quot;,&quot;title&quot;:&quot;&quot;,&quot;orientation&quot;:&quot;0&quot;}\" data-image-title=\"587_001\" data-image-description=\"\" data-image-caption=\"\" data-large-file=\"https:\/\/i0.wp.com\/patrimoine-avesnois.fr\/chemin\/wp-content\/uploads\/2019\/05\/587_001.jpg?fit=840%2C532\" src=\"https:\/\/i0.wp.com\/patrimoine-avesnois.fr\/chemin\/wp-content\/uploads\/2019\/05\/587_001.jpg?resize=840%2C532\" alt=\"\" class=\"wp-image-3265\" style=\"width:736px;height:466px\" srcset=\"https:\/\/i0.wp.com\/patrimoine-avesnois.fr\/chemin\/wp-content\/uploads\/2019\/05\/587_001.jpg?w=981 981w, https:\/\/i0.wp.com\/patrimoine-avesnois.fr\/chemin\/wp-content\/uploads\/2019\/05\/587_001.jpg?resize=300%2C190 300w, https:\/\/i0.wp.com\/patrimoine-avesnois.fr\/chemin\/wp-content\/uploads\/2019\/05\/587_001.jpg?resize=768%2C486 768w\" sizes=\"auto, (max-width: 709px) 85vw, (max-width: 909px) 67vw, (max-width: 1362px) 62vw, 840px\" \/><figcaption class=\"wp-element-caption\">Usine de production de chaux<\/figcaption><\/figure>\n<\/div>\n\n<div class=\"wp-block-image\">\n<figure class=\"aligncenter size-large\"><img loading=\"lazy\" decoding=\"async\" width=\"1222\" height=\"919\" data-attachment-id=\"16585\" data-permalink=\"http:\/\/patrimoine-avesnois.fr\/chemin\/aulnoye-aymeries\/image-38-9\/\" data-orig-file=\"https:\/\/i0.wp.com\/patrimoine-avesnois.fr\/chemin\/wp-content\/uploads\/2021\/12\/image-38.png?fit=1222%2C919\" data-orig-size=\"1222,919\" data-comments-opened=\"1\" data-image-meta=\"{&quot;aperture&quot;:&quot;0&quot;,&quot;credit&quot;:&quot;&quot;,&quot;camera&quot;:&quot;&quot;,&quot;caption&quot;:&quot;&quot;,&quot;created_timestamp&quot;:&quot;0&quot;,&quot;copyright&quot;:&quot;&quot;,&quot;focal_length&quot;:&quot;0&quot;,&quot;iso&quot;:&quot;0&quot;,&quot;shutter_speed&quot;:&quot;0&quot;,&quot;title&quot;:&quot;&quot;,&quot;orientation&quot;:&quot;0&quot;}\" data-image-title=\"image-38\" data-image-description=\"\" data-image-caption=\"\" data-large-file=\"https:\/\/i0.wp.com\/patrimoine-avesnois.fr\/chemin\/wp-content\/uploads\/2021\/12\/image-38.png?fit=840%2C632\" src=\"https:\/\/i0.wp.com\/patrimoine-avesnois.fr\/chemin\/wp-content\/uploads\/2021\/12\/image-38.png?fit=840%2C632\" alt=\"\" class=\"wp-image-16585\" srcset=\"https:\/\/i0.wp.com\/patrimoine-avesnois.fr\/chemin\/wp-content\/uploads\/2021\/12\/image-38.png?w=1222 1222w, https:\/\/i0.wp.com\/patrimoine-avesnois.fr\/chemin\/wp-content\/uploads\/2021\/12\/image-38.png?resize=300%2C226 300w, https:\/\/i0.wp.com\/patrimoine-avesnois.fr\/chemin\/wp-content\/uploads\/2021\/12\/image-38.png?resize=1024%2C770 1024w, https:\/\/i0.wp.com\/patrimoine-avesnois.fr\/chemin\/wp-content\/uploads\/2021\/12\/image-38.png?resize=768%2C578 768w, https:\/\/i0.wp.com\/patrimoine-avesnois.fr\/chemin\/wp-content\/uploads\/2021\/12\/image-38.png?resize=1200%2C902 1200w\" sizes=\"auto, (max-width: 709px) 85vw, (max-width: 909px) 67vw, (max-width: 1362px) 62vw, 840px\" \/><figcaption class=\"wp-element-caption\">Vue de l&rsquo;ancienne u<em>sine de production de chaux<\/em> Photo Janvier 2022<\/figcaption><\/figure>\n<\/div>\n\n\n<figure class=\"wp-block-gallery has-nested-images columns-default is-cropped wp-block-gallery-1 is-layout-flex wp-block-gallery-is-layout-flex\">\n<figure class=\"wp-block-image size-large\"><img data-recalc-dims=\"1\" loading=\"lazy\" decoding=\"async\" width=\"840\" height=\"628\" data-attachment-id=\"16589\" data-permalink=\"http:\/\/patrimoine-avesnois.fr\/chemin\/aulnoye-aymeries\/usine-a-chaux\/\" data-orig-file=\"https:\/\/i0.wp.com\/patrimoine-avesnois.fr\/chemin\/wp-content\/uploads\/2021\/12\/Usine-%C3%A0-chaux.jpg?fit=1223%2C915\" data-orig-size=\"1223,915\" data-comments-opened=\"1\" data-image-meta=\"{&quot;aperture&quot;:&quot;0&quot;,&quot;credit&quot;:&quot;CARRE&quot;,&quot;camera&quot;:&quot;&quot;,&quot;caption&quot;:&quot;&quot;,&quot;created_timestamp&quot;:&quot;1639127400&quot;,&quot;copyright&quot;:&quot;&quot;,&quot;focal_length&quot;:&quot;0&quot;,&quot;iso&quot;:&quot;0&quot;,&quot;shutter_speed&quot;:&quot;0&quot;,&quot;title&quot;:&quot;&quot;,&quot;orientation&quot;:&quot;0&quot;}\" data-image-title=\"Usine-\u00e0-chaux\" data-image-description=\"\" data-image-caption=\"\" data-large-file=\"https:\/\/i0.wp.com\/patrimoine-avesnois.fr\/chemin\/wp-content\/uploads\/2021\/12\/Usine-%C3%A0-chaux.jpg?fit=840%2C628\" data-id=\"16589\" src=\"https:\/\/i0.wp.com\/patrimoine-avesnois.fr\/chemin\/wp-content\/uploads\/2021\/12\/Usine-%C3%A0-chaux-1024x766.jpg?resize=840%2C628&#038;ssl=1\" alt=\"\" class=\"wp-image-16589\" srcset=\"https:\/\/i0.wp.com\/patrimoine-avesnois.fr\/chemin\/wp-content\/uploads\/2021\/12\/Usine-%C3%A0-chaux.jpg?resize=1024%2C766 1024w, https:\/\/i0.wp.com\/patrimoine-avesnois.fr\/chemin\/wp-content\/uploads\/2021\/12\/Usine-%C3%A0-chaux.jpg?resize=300%2C224 300w, https:\/\/i0.wp.com\/patrimoine-avesnois.fr\/chemin\/wp-content\/uploads\/2021\/12\/Usine-%C3%A0-chaux.jpg?resize=768%2C575 768w, https:\/\/i0.wp.com\/patrimoine-avesnois.fr\/chemin\/wp-content\/uploads\/2021\/12\/Usine-%C3%A0-chaux.jpg?resize=1200%2C898 1200w, https:\/\/i0.wp.com\/patrimoine-avesnois.fr\/chemin\/wp-content\/uploads\/2021\/12\/Usine-%C3%A0-chaux.jpg?w=1223 1223w\" sizes=\"auto, (max-width: 709px) 85vw, (max-width: 909px) 67vw, (max-width: 1362px) 62vw, 840px\" \/><\/figure>\n\n\n\n<figure class=\"wp-block-image size-large\"><img data-recalc-dims=\"1\" loading=\"lazy\" decoding=\"async\" width=\"840\" height=\"632\" data-attachment-id=\"16590\" data-permalink=\"http:\/\/patrimoine-avesnois.fr\/chemin\/aulnoye-aymeries\/usine-a-chaux2\/\" data-orig-file=\"https:\/\/i0.wp.com\/patrimoine-avesnois.fr\/chemin\/wp-content\/uploads\/2021\/12\/usine-%C3%A0-chaux2.jpg?fit=1218%2C917\" data-orig-size=\"1218,917\" data-comments-opened=\"1\" data-image-meta=\"{&quot;aperture&quot;:&quot;0&quot;,&quot;credit&quot;:&quot;CARRE&quot;,&quot;camera&quot;:&quot;&quot;,&quot;caption&quot;:&quot;&quot;,&quot;created_timestamp&quot;:&quot;1639127451&quot;,&quot;copyright&quot;:&quot;&quot;,&quot;focal_length&quot;:&quot;0&quot;,&quot;iso&quot;:&quot;0&quot;,&quot;shutter_speed&quot;:&quot;0&quot;,&quot;title&quot;:&quot;&quot;,&quot;orientation&quot;:&quot;0&quot;}\" data-image-title=\"usine-\u00e0-chaux2\" data-image-description=\"\" data-image-caption=\"\" data-large-file=\"https:\/\/i0.wp.com\/patrimoine-avesnois.fr\/chemin\/wp-content\/uploads\/2021\/12\/usine-%C3%A0-chaux2.jpg?fit=840%2C632\" data-id=\"16590\" src=\"https:\/\/i0.wp.com\/patrimoine-avesnois.fr\/chemin\/wp-content\/uploads\/2021\/12\/usine-%C3%A0-chaux2-1024x771.jpg?resize=840%2C632&#038;ssl=1\" alt=\"\" class=\"wp-image-16590\" srcset=\"https:\/\/i0.wp.com\/patrimoine-avesnois.fr\/chemin\/wp-content\/uploads\/2021\/12\/usine-%C3%A0-chaux2.jpg?resize=1024%2C771 1024w, https:\/\/i0.wp.com\/patrimoine-avesnois.fr\/chemin\/wp-content\/uploads\/2021\/12\/usine-%C3%A0-chaux2.jpg?resize=300%2C226 300w, https:\/\/i0.wp.com\/patrimoine-avesnois.fr\/chemin\/wp-content\/uploads\/2021\/12\/usine-%C3%A0-chaux2.jpg?resize=768%2C578 768w, https:\/\/i0.wp.com\/patrimoine-avesnois.fr\/chemin\/wp-content\/uploads\/2021\/12\/usine-%C3%A0-chaux2.jpg?resize=1200%2C903 1200w, https:\/\/i0.wp.com\/patrimoine-avesnois.fr\/chemin\/wp-content\/uploads\/2021\/12\/usine-%C3%A0-chaux2.jpg?w=1218 1218w\" sizes=\"auto, (max-width: 709px) 85vw, (max-width: 909px) 67vw, (max-width: 1362px) 62vw, 840px\" \/><\/figure>\n<\/figure>\n\n\n\n<p>Ce four \u00e0 chaux a \u00e9t\u00e9 cr\u00e9\u00e9 dans les ann\u00e9es 1870 1880. Il s&rsquo;est arr\u00eat\u00e9 en 1924 puis vendu. Parmi les anciens propri\u00e9taires on trouve Thierry Desgardin pour les meubles Lecomte et Jean Louis Dormigny qui ouvrira plus tard le Shopi juste \u00e0 c\u00f4t\u00e9. Il a \u00e9t\u00e9 d\u00e9moli entre fin avril et mi mai 2022, \u00e9tant effondr\u00e9 de partout et devenu dangereux. A sa place l&rsquo;arriv\u00e9e prochaine d&rsquo;un Leclerc drive.<\/p>\n\n\n<div class=\"wp-block-image\">\n<figure class=\"aligncenter is-resized\"><img data-recalc-dims=\"1\" loading=\"lazy\" decoding=\"async\" width=\"530\" height=\"344\" data-attachment-id=\"3251\" data-permalink=\"http:\/\/patrimoine-avesnois.fr\/chemin\/aulnoye-aymeries\/926_001\/\" data-orig-file=\"https:\/\/i0.wp.com\/patrimoine-avesnois.fr\/chemin\/wp-content\/uploads\/2019\/05\/926_001.jpg?fit=530%2C344\" data-orig-size=\"530,344\" data-comments-opened=\"1\" data-image-meta=\"{&quot;aperture&quot;:&quot;0&quot;,&quot;credit&quot;:&quot;&quot;,&quot;camera&quot;:&quot;&quot;,&quot;caption&quot;:&quot;&quot;,&quot;created_timestamp&quot;:&quot;1557224170&quot;,&quot;copyright&quot;:&quot;&quot;,&quot;focal_length&quot;:&quot;0&quot;,&quot;iso&quot;:&quot;0&quot;,&quot;shutter_speed&quot;:&quot;0&quot;,&quot;title&quot;:&quot;&quot;,&quot;orientation&quot;:&quot;0&quot;}\" data-image-title=\"926_001\" data-image-description=\"\" data-image-caption=\"\" data-large-file=\"https:\/\/i0.wp.com\/patrimoine-avesnois.fr\/chemin\/wp-content\/uploads\/2019\/05\/926_001.jpg?fit=530%2C344\" src=\"https:\/\/i0.wp.com\/patrimoine-avesnois.fr\/chemin\/wp-content\/uploads\/2019\/05\/926_001.jpg?resize=530%2C344\" alt=\"\" class=\"wp-image-3251\" style=\"width:840px;height:545px\" srcset=\"https:\/\/i0.wp.com\/patrimoine-avesnois.fr\/chemin\/wp-content\/uploads\/2019\/05\/926_001.jpg?w=530 530w, https:\/\/i0.wp.com\/patrimoine-avesnois.fr\/chemin\/wp-content\/uploads\/2019\/05\/926_001.jpg?resize=300%2C195 300w\" sizes=\"auto, (max-width: 530px) 85vw, 530px\" \/><figcaption class=\"wp-element-caption\">La gare d&rsquo;Aulnoye<\/figcaption><\/figure>\n<\/div>\n\n<div class=\"wp-block-image\">\n<figure class=\"aligncenter is-resized\"><img decoding=\"async\" src=\"https:\/\/upload.wikimedia.org\/wikipedia\/commons\/thumb\/9\/9e\/Gare_d%27Aulnoye_%28Nord%29_cot%C3%A9_ville.JPG\/1280px-Gare_d%27Aulnoye_%28Nord%29_cot%C3%A9_ville.JPG\" alt=\"Image illustrative de l\u00e2\u0080\u0099article Gare d'Aulnoye-Aymeries\" style=\"width:840px;height:630px\"\/><figcaption class=\"wp-element-caption\">La Gare d&rsquo;Aulnoye<\/figcaption><\/figure>\n<\/div>\n\n\n<p>La&nbsp;<em>s<\/em>tation d&rsquo;Aulnoye&nbsp;est mise en service le&nbsp;21 octobre 1855 par la Compagnie des chemins de fer du Nord lorsqu&rsquo;elle ouvre la section de Saint-Quentin \u00e0 Hautmont. En 1865, elle a toujours son b\u00e2timent voyageurs provisoire.En ao\u00fbt 1885, le Conseil g\u00e9n\u00e9ral du Nord a communication de travaux en cours pour am\u00e9liorer et d\u00e9velopper les installations des voies et des signaux<sup><a href=\"https:\/\/fr.wikipedia.org\/wiki\/Gare_d%27Aulnoye-Aymeries#cite_note-4\">4<\/a><\/sup>.<\/p>\n\n\n\n<p>La gare devient le si\u00e8ge d&rsquo;un important d\u00e9p\u00f4t apr\u00e8s la Premi\u00e8re Guerre Mondiale dont le poste d&rsquo;aiguillage se trouvait plac\u00e9 au sommet d&rsquo;une tour, dite&nbsp;<em>tour florentine<\/em>, con\u00e7ue par les architectes&nbsp;<a href=\"https:\/\/fr.wikipedia.org\/wiki\/Gustave_Umbdenstock\">GustaveUmbdenstock&nbsp;<\/a>et&nbsp;<a href=\"https:\/\/fr.wikipedia.org\/wiki\/Raoul_Dautry\">Raoul Dautry<\/a><sup><a href=\"https:\/\/fr.wikipedia.org\/wiki\/Gare_d%27Aulnoye-Aymeries#cite_note-5\">5<\/a><\/sup> .elle a \u00e9t\u00e9 restaur\u00e9e en 2002.<\/p>\n\n\n\n<p>Depuis 2010, les installations de s\u00e9curit\u00e9 (aiguillages, signaux) sont g\u00e9r\u00e9es par un&nbsp;<a href=\"https:\/\/fr.wikipedia.org\/wiki\/Poste_d%27aiguillage_informatique_%C3%A0_technologie_PC\">PIPC<\/a>, rempla\u00e7ant deux&nbsp;<a href=\"https:\/\/fr.wikipedia.org\/wiki\/Poste_d%27aiguillage\">postes d&rsquo;aiguillages m\u00e9caniques<\/a><sup><a href=\"https:\/\/fr.wikipedia.org\/wiki\/Gare_d%27Aulnoye-Aymeries#cite_note-7\">7<\/a><\/sup>.<\/p>\n\n\n<div class=\"wp-block-image\">\n<figure class=\"aligncenter is-resized\"><img decoding=\"async\" src=\"https:\/\/upload.wikimedia.org\/wikipedia\/commons\/thumb\/3\/3d\/Miroir_12_-_AULNOYE_-_D%C3%A9pot_-_La_Tour_Florentine_et_le_Toboggan.JPG\/800px-Miroir_12_-_AULNOYE_-_D%C3%A9pot_-_La_Tour_Florentine_et_le_Toboggan.JPG\" alt=\"\" style=\"width:465px;height:710px\"\/><figcaption class=\"wp-element-caption\">La tour Florentine :  Tour d&rsquo;aiguillage des d\u00e9p\u00f4ts <\/figcaption><\/figure>\n<\/div>\n\n<div class=\"wp-block-image\">\n<figure class=\"aligncenter is-resized\"><img loading=\"lazy\" decoding=\"async\" width=\"683\" height=\"918\" data-attachment-id=\"8226\" data-permalink=\"http:\/\/patrimoine-avesnois.fr\/chemin\/leval\/image-1263\/\" data-orig-file=\"https:\/\/i0.wp.com\/patrimoine-avesnois.fr\/chemin\/wp-content\/uploads\/2019\/08\/image-67.png?fit=683%2C918\" data-orig-size=\"683,918\" data-comments-opened=\"1\" data-image-meta=\"{&quot;aperture&quot;:&quot;0&quot;,&quot;credit&quot;:&quot;&quot;,&quot;camera&quot;:&quot;&quot;,&quot;caption&quot;:&quot;&quot;,&quot;created_timestamp&quot;:&quot;0&quot;,&quot;copyright&quot;:&quot;&quot;,&quot;focal_length&quot;:&quot;0&quot;,&quot;iso&quot;:&quot;0&quot;,&quot;shutter_speed&quot;:&quot;0&quot;,&quot;title&quot;:&quot;&quot;,&quot;orientation&quot;:&quot;0&quot;}\" data-image-title=\"image\" data-image-description=\"\" data-image-caption=\"\" data-large-file=\"https:\/\/i0.wp.com\/patrimoine-avesnois.fr\/chemin\/wp-content\/uploads\/2019\/08\/image-67.png?fit=683%2C918\" src=\"https:\/\/i2.wp.com\/patrimoine-avesnois.fr\/chemin\/wp-content\/uploads\/2019\/08\/image-67.png?resize=475%2C639\" alt=\"\" class=\"wp-image-8226\" style=\"width:465px;height:626px\" srcset=\"https:\/\/i0.wp.com\/patrimoine-avesnois.fr\/chemin\/wp-content\/uploads\/2019\/08\/image-67.png?w=683 683w, https:\/\/i0.wp.com\/patrimoine-avesnois.fr\/chemin\/wp-content\/uploads\/2019\/08\/image-67.png?resize=223%2C300 223w\" sizes=\"auto, (max-width: 683px) 85vw, 683px\" \/><figcaption class=\"wp-element-caption\">Tour Floentine<\/figcaption><\/figure>\n<\/div>\n\n\n<p>Apr\u00e8s la Premi\u00e8re Guerre Mondiale, la Compagnie des Chemins de Fer du Nord d\u00e9cide de reconstruire les sites ferroviaires d\u00e9truits sur de nouvelles zones g\u00e9ographiques, non enclav\u00e9es dans les gares, comme c&rsquo;\u00e9tait le cas pour la commune d&rsquo;Aulnoye-Aymeries. Les ing\u00e9nieurs de la Compagnie du Nord, propri\u00e9t\u00e9 de la famille Rothschild, d\u00e9cident alors d&rsquo;\u00e9tablir de nouveaux d\u00e9p\u00f4ts-standards afin de rentabiliser au plus vite les installations ferroviaires du r\u00e9seau \u00e0 reconstruire (notamment \u00e0 Lens, B\u00e9thune, Lille-D\u00e9livrance, Laon et Saint-Denis). A ce titre, ils \u00e9tablissent des plans-type de rotondes, d\u00e9p\u00f4ts, tours florentines, adapt\u00e9s par la suite \u00e0 leurs sites d&rsquo;implantations. Le nouveau d\u00e9p\u00f4t d&rsquo;Aulnoye-Aymeries se met en place d\u00e8s 1920 et sera par la suite \u00e9tendu sur la commune de Bachant. En raison des reliefs plats de notre r\u00e9gion, les postes d&rsquo;aiguillage useront d&rsquo;une sp\u00e9cificit\u00e9 architecturale qui n&rsquo;est pas sans rappeler les beffrois de nos communes : la tour florentine. Elle permettait, gr\u00e2ce au syst\u00e8me d&rsquo;aiguillage Mors, d&rsquo;effectuer des man\u0153uvres d&rsquo;aiguillage \u00e0 distance, assurant une plus grande s\u00e9curit\u00e9 des agents du chemin de fer. La man\u0153uvre d&rsquo;un levier d\u00e9clenchait une s\u00e9rie de moteurs \u00e9lectriques, des arbres, des poulies et des fils pour aboutir au contact de deux rails qui changeait l&rsquo;itin\u00e9raire de la machine \u00e0 vapeur. C&rsquo;est \u00e0 l&rsquo;architecte alsacien Gustave Umbdenstock que l&rsquo;on doit la r\u00e9alisation de cette tour. Ce dernier fut en effet appel\u00e9 \u00e0 travailler pour les chemins de fer par l&rsquo;interm\u00e9diaire de Raoul Dautry, son ancien professeur \u00e0 Polytechnique, alors ing\u00e9nieur en chef-adjoint de l&rsquo;itin\u00e9raire des r\u00e9seaux. <a rel=\"noreferrer noopener\" aria-label=\"culture.gouv.fr (opens in a new tab)\" href=\"https:\/\/www.pop.culture.gouv.fr\/notice\/merimee\/IA59000377\" target=\"_blank\">culture.gouv.fr<\/a><\/p>\n\n\n\n<p><strong>L&rsquo;usine Vallourec<\/strong><\/p>\n\n\n\n<p>En 1839, la soci\u00e9t\u00e9 de l&rsquo;Esp\u00e9rance implante les premiers hauts fourneaux \u00e0 Aulnoye-Aymeries, ravitaill\u00e9s en fer par le gisement de Saint Aubin. <br>La premi\u00e8re usine de fabrication de tubes sans soudure du groupe Montbard Aulnoye est construite en 1906.<\/p>\n\n\n<div class=\"wp-block-image\">\n<figure class=\"aligncenter is-resized\"><img data-recalc-dims=\"1\" loading=\"lazy\" decoding=\"async\" width=\"355\" height=\"370\" data-attachment-id=\"3248\" data-permalink=\"http:\/\/patrimoine-avesnois.fr\/chemin\/aulnoye-aymeries\/image-504\/\" data-orig-file=\"https:\/\/i0.wp.com\/patrimoine-avesnois.fr\/chemin\/wp-content\/uploads\/2019\/05\/image-31.png?fit=355%2C370\" data-orig-size=\"355,370\" data-comments-opened=\"1\" data-image-meta=\"{&quot;aperture&quot;:&quot;0&quot;,&quot;credit&quot;:&quot;&quot;,&quot;camera&quot;:&quot;&quot;,&quot;caption&quot;:&quot;&quot;,&quot;created_timestamp&quot;:&quot;0&quot;,&quot;copyright&quot;:&quot;&quot;,&quot;focal_length&quot;:&quot;0&quot;,&quot;iso&quot;:&quot;0&quot;,&quot;shutter_speed&quot;:&quot;0&quot;,&quot;title&quot;:&quot;&quot;,&quot;orientation&quot;:&quot;0&quot;}\" data-image-title=\"image\" data-image-description=\"\" data-image-caption=\"\" data-large-file=\"https:\/\/i0.wp.com\/patrimoine-avesnois.fr\/chemin\/wp-content\/uploads\/2019\/05\/image-31.png?fit=355%2C370\" src=\"https:\/\/i0.wp.com\/patrimoine-avesnois.fr\/chemin\/wp-content\/uploads\/2019\/05\/image-31.png?resize=355%2C370\" alt=\"\" class=\"wp-image-3248\" style=\"width:425px;height:443px\" srcset=\"https:\/\/i0.wp.com\/patrimoine-avesnois.fr\/chemin\/wp-content\/uploads\/2019\/05\/image-31.png?w=355 355w, https:\/\/i0.wp.com\/patrimoine-avesnois.fr\/chemin\/wp-content\/uploads\/2019\/05\/image-31.png?resize=288%2C300 288w\" sizes=\"auto, (max-width: 355px) 85vw, 355px\" \/><figcaption class=\"wp-element-caption\">Vieille usine avant sa destruction partielle<\/figcaption><\/figure>\n<\/div>\n\n\n<p>Cet \u00e9difice est appel\u00e9 la vieille usine et a \u00e9t\u00e9 en grande partie d\u00e9truite en 1990. Une autre usine, appartenant au groupe Montbard-Aulnoye, est construite entre 1928 et 1930. La liste de travaux des Lafitte, \u00e9tablie par le petit-fils de l&rsquo;architecte, Eric Lafitte, mentionne la construction des bureaux et de logements de cadres de la soci\u00e9t\u00e9 Vallourec (nom de fusion). L&rsquo;usine a \u00e9galement construit des cit\u00e9s ouvri\u00e8res. En 1932 les deux usines d&rsquo;Aulnoye fusionnent puis en 1937 ce sont les groupes Louvroil et Montbard Aulnoye qui fusionnent. En 1957 la soci\u00e9t\u00e9 des Tubes de Valenciennes et Denain \u00e0 Louvroil est int\u00e9gr\u00e9e au groupe Montbard Aulnoye, devenant Vallourec (Valenciennes, Louvroil, Recquignies)<\/p>\n\n\n<div class=\"wp-block-image\">\n<figure class=\"aligncenter is-resized\"><img data-recalc-dims=\"1\" loading=\"lazy\" decoding=\"async\" width=\"333\" height=\"239\" data-attachment-id=\"3249\" data-permalink=\"http:\/\/patrimoine-avesnois.fr\/chemin\/aulnoye-aymeries\/image-505\/\" data-orig-file=\"https:\/\/i0.wp.com\/patrimoine-avesnois.fr\/chemin\/wp-content\/uploads\/2019\/05\/image-32.png?fit=333%2C239\" data-orig-size=\"333,239\" data-comments-opened=\"1\" data-image-meta=\"{&quot;aperture&quot;:&quot;0&quot;,&quot;credit&quot;:&quot;&quot;,&quot;camera&quot;:&quot;&quot;,&quot;caption&quot;:&quot;&quot;,&quot;created_timestamp&quot;:&quot;0&quot;,&quot;copyright&quot;:&quot;&quot;,&quot;focal_length&quot;:&quot;0&quot;,&quot;iso&quot;:&quot;0&quot;,&quot;shutter_speed&quot;:&quot;0&quot;,&quot;title&quot;:&quot;&quot;,&quot;orientation&quot;:&quot;0&quot;}\" data-image-title=\"image\" data-image-description=\"\" data-image-caption=\"\" data-large-file=\"https:\/\/i0.wp.com\/patrimoine-avesnois.fr\/chemin\/wp-content\/uploads\/2019\/05\/image-32.png?fit=333%2C239\" src=\"https:\/\/i0.wp.com\/patrimoine-avesnois.fr\/chemin\/wp-content\/uploads\/2019\/05\/image-32.png?resize=333%2C239\" alt=\"\" class=\"wp-image-3249\" style=\"width:425px;height:305px\" srcset=\"https:\/\/i0.wp.com\/patrimoine-avesnois.fr\/chemin\/wp-content\/uploads\/2019\/05\/image-32.png?w=333 333w, https:\/\/i0.wp.com\/patrimoine-avesnois.fr\/chemin\/wp-content\/uploads\/2019\/05\/image-32.png?resize=300%2C215 300w\" sizes=\"auto, (max-width: 333px) 85vw, 333px\" \/><figcaption class=\"wp-element-caption\">Vue g\u00e9n\u00e9rale du centre de recherches<\/figcaption><\/figure>\n<\/div>\n\n\n<p>Le centre de recherches est construit en 1959-60 par l&rsquo;architecte Edouard Albert. En 1990, la tuberie et l&rsquo;usine de filet\u00e9s se s\u00e9parent afin de former deux soci\u00e9t\u00e9s distinctes devenant la soci\u00e9t\u00e9 Vallourec Oil &amp; Gas (usine de filet\u00e9s) en 1994 et Tubes. Cette derni\u00e8re fusionne en 1997 avec Mannesmann, devenant Tubes Mannesmann fabricant des tubes d&rsquo;acier destin\u00e9s \u00e0 l&rsquo;industrie p\u00e9troli\u00e8re.&nbsp;<br>Pr\u00e9sence de machines : un four tournant, le perceur (machine allemande) , vers 1930, l&rsquo;\u00e9longateur, le lisseur, le calibreur, un laminoir. Source <a rel=\"noreferrer noopener\" aria-label=\"MH (opens in a new tab)\" href=\"http:\/\/www2.culture.gouv.fr\/public\/mistral\/mersri_fr?ACTION=CHERCHER&amp;FIELD_1=REF&amp;VALUE_1=IA59001884\" target=\"_blank\">MH<\/a><\/p>\n\n\n\n<p>Voir le site <a rel=\"noreferrer noopener\" aria-label=\" (opens in a new tab)\" href=\"http:\/\/www2.culture.gouv.fr\/documentation\/memoire\/HTML\/IVR31\/IA59001884\/index.htm\" target=\"_blank\">culture.gouv.fr<\/a><\/p>\n\n\n\n<p><strong>La Cit\u00e9 ouvri\u00e8re <\/strong><\/p>\n\n\n\n<p>D\u00e8s son implantation, l&rsquo;usine m\u00e9tallurgique construit une cit\u00e9 pour loger ses employ\u00e9s dans son environnement imm\u00e9diat. Les diff\u00e9rentes parties s&rsquo;\u00e9chelonnent entre 1928 et 1955. La localisation est d\u00e9finie par les rues Saint-Martin, Anatole France, rue des Fleurs, rue Amp\u00e8re, rue de l&rsquo; Industrie, rue de Leval, Impasse d&rsquo; Arsonval. L&rsquo;ilot principal, constitu\u00e9 d&rsquo;environ 240 maisons \u00e0 1 \u00e9tage et combles, est en forme de \u00ab cit\u00e9-jardin \u00bb. Les maisons sont mitoyennes ou semi mitoyennes, align\u00e9es face \u00e0 la rue. Pas de garage. Le jardin est derri\u00e8re, loti en parcelles \u00e9troites. Peu ou pas d&rsquo;ornementation \u00e0 l&rsquo;origine, ce type de maison ouvri\u00e8re est destin\u00e9e aux ouvriers \u00e0 revenus modestes. Pour les cadres, (contre-ma\u00eetres, ing\u00e9nieurs) si la dimension reste modeste, on note un l\u00e9ger et parfois un net recul par rapport \u00e0 la rue et des \u00e9l\u00e9ments d&rsquo;ornementation (menuiseries \u2013 lucarnes). Les derni\u00e8res implantations sont \u00e9quip\u00e9es d&rsquo;un garage. Sources : Etudes du Projet \u00ab Beauregard \u00bb et \u00ab Inventaire g\u00e9n\u00e9ral 2001 \u00bb<\/p>\n\n\n\n<p class=\"has-text-align-center\">***<\/p>\n\n\n\n<p><strong><a href=\"http:\/\/aulnoye-aymeries.fr\/association-les-nuits-secretes\/\" target=\"_blank\" rel=\"noreferrer noopener\" aria-label=\"Les Nuits Secr\u00e8tes (opens in a new tab)\">Les Nuits Secr\u00e8tes<\/a><\/strong>&nbsp;est un festival de musiques actuelles qui se d\u00e9roule trois jours durant \u00e0 Aulnoye-Aymeries le dernier week-end de juillet. Cr\u00e9\u00e9 en 2002&nbsp;sous le nom initial des&nbsp;<em>Estivales<\/em>&nbsp;le festival est rebaptis\u00e9&nbsp;<em>Les Nuits secr\u00e8tes<\/em>&nbsp;en 2003. <\/p>\n\n\n\n<p>La particularit\u00e9 de l&rsquo;\u00e9v\u00e9nement est de proposer des \u00ab&nbsp;parcours secrets&nbsp;\u00bb. En montant dans un bus sans conna\u00eetre les destinations et les artistes programm\u00e9s, les spectateurs sont amen\u00e9s \u00e0 faire des d\u00e9couvertes et ce dans des lieux totalement insolites du territoire de la Sambre-Avesnois, sp\u00e9cialement am\u00e9nag\u00e9s pour l&rsquo;occasion (\u00e9glise, champs, grange, ch\u00e2teau, etc.).<\/p>\n\n\n\n<p>Toujours dans le but de faire d\u00e9couvrir de nouveaux artistes, le festival offre la possibilit\u00e9 \u00e0 des groupes inconnus de se produire sur le festival en ayant s\u00e9lectionn\u00e9 ceux-ci au pr\u00e9alable par l&rsquo;organisation de tremplins.<\/p>\n\n\n<div class=\"wp-block-image\">\n<figure class=\"aligncenter\"><img loading=\"lazy\" decoding=\"async\" width=\"1618\" height=\"1009\" data-attachment-id=\"3254\" data-permalink=\"http:\/\/patrimoine-avesnois.fr\/chemin\/aulnoye-aymeries\/325_001-2\/\" data-orig-file=\"https:\/\/i0.wp.com\/patrimoine-avesnois.fr\/chemin\/wp-content\/uploads\/2019\/05\/325_001.jpg?fit=1618%2C1009\" data-orig-size=\"1618,1009\" data-comments-opened=\"1\" data-image-meta=\"{&quot;aperture&quot;:&quot;0&quot;,&quot;credit&quot;:&quot;&quot;,&quot;camera&quot;:&quot;&quot;,&quot;caption&quot;:&quot;&quot;,&quot;created_timestamp&quot;:&quot;1557224140&quot;,&quot;copyright&quot;:&quot;&quot;,&quot;focal_length&quot;:&quot;0&quot;,&quot;iso&quot;:&quot;0&quot;,&quot;shutter_speed&quot;:&quot;0&quot;,&quot;title&quot;:&quot;&quot;,&quot;orientation&quot;:&quot;0&quot;}\" data-image-title=\"325_001\" data-image-description=\"\" data-image-caption=\"\" data-large-file=\"https:\/\/i0.wp.com\/patrimoine-avesnois.fr\/chemin\/wp-content\/uploads\/2019\/05\/325_001.jpg?fit=840%2C524\" src=\"https:\/\/i1.wp.com\/patrimoine-avesnois.fr\/chemin\/wp-content\/uploads\/2019\/05\/325_001.jpg?fit=840%2C524\" alt=\"\" class=\"wp-image-3254\" srcset=\"https:\/\/i0.wp.com\/patrimoine-avesnois.fr\/chemin\/wp-content\/uploads\/2019\/05\/325_001.jpg?w=1618 1618w, https:\/\/i0.wp.com\/patrimoine-avesnois.fr\/chemin\/wp-content\/uploads\/2019\/05\/325_001.jpg?resize=300%2C187 300w, https:\/\/i0.wp.com\/patrimoine-avesnois.fr\/chemin\/wp-content\/uploads\/2019\/05\/325_001.jpg?resize=768%2C479 768w, https:\/\/i0.wp.com\/patrimoine-avesnois.fr\/chemin\/wp-content\/uploads\/2019\/05\/325_001.jpg?resize=1024%2C639 1024w, https:\/\/i0.wp.com\/patrimoine-avesnois.fr\/chemin\/wp-content\/uploads\/2019\/05\/325_001.jpg?resize=1200%2C748 1200w\" sizes=\"auto, (max-width: 709px) 85vw, (max-width: 909px) 67vw, (max-width: 1362px) 62vw, 840px\" \/><figcaption class=\"wp-element-caption\">L&rsquo;ancien pont en b\u00e9ton <\/figcaption><\/figure>\n<\/div>\n\n\n<p>En novembre 2008, l\u2019ancien pont a tir\u00e9 sa r\u00e9v\u00e9rence laissant d\u00e9finitivement la place \u00e0 un \u00e9quipement moderne et s\u00e9curis\u00e9.<\/p>\n\n\n<div class=\"wp-block-image\">\n<figure class=\"aligncenter size-large\"><img loading=\"lazy\" decoding=\"async\" width=\"1227\" height=\"919\" data-attachment-id=\"16578\" data-permalink=\"http:\/\/patrimoine-avesnois.fr\/chemin\/aulnoye-aymeries\/image-34-9\/\" data-orig-file=\"https:\/\/i0.wp.com\/patrimoine-avesnois.fr\/chemin\/wp-content\/uploads\/2021\/12\/image-34.png?fit=1227%2C919\" data-orig-size=\"1227,919\" data-comments-opened=\"1\" data-image-meta=\"{&quot;aperture&quot;:&quot;0&quot;,&quot;credit&quot;:&quot;&quot;,&quot;camera&quot;:&quot;&quot;,&quot;caption&quot;:&quot;&quot;,&quot;created_timestamp&quot;:&quot;0&quot;,&quot;copyright&quot;:&quot;&quot;,&quot;focal_length&quot;:&quot;0&quot;,&quot;iso&quot;:&quot;0&quot;,&quot;shutter_speed&quot;:&quot;0&quot;,&quot;title&quot;:&quot;&quot;,&quot;orientation&quot;:&quot;0&quot;}\" data-image-title=\"image-34\" data-image-description=\"\" data-image-caption=\"\" data-large-file=\"https:\/\/i0.wp.com\/patrimoine-avesnois.fr\/chemin\/wp-content\/uploads\/2021\/12\/image-34.png?fit=840%2C629\" src=\"https:\/\/i2.wp.com\/patrimoine-avesnois.fr\/chemin\/wp-content\/uploads\/2021\/12\/image-34.png?fit=840%2C629\" alt=\"\" class=\"wp-image-16578\" srcset=\"https:\/\/i0.wp.com\/patrimoine-avesnois.fr\/chemin\/wp-content\/uploads\/2021\/12\/image-34.png?w=1227 1227w, https:\/\/i0.wp.com\/patrimoine-avesnois.fr\/chemin\/wp-content\/uploads\/2021\/12\/image-34.png?resize=300%2C225 300w, https:\/\/i0.wp.com\/patrimoine-avesnois.fr\/chemin\/wp-content\/uploads\/2021\/12\/image-34.png?resize=1024%2C767 1024w, https:\/\/i0.wp.com\/patrimoine-avesnois.fr\/chemin\/wp-content\/uploads\/2021\/12\/image-34.png?resize=768%2C575 768w, https:\/\/i0.wp.com\/patrimoine-avesnois.fr\/chemin\/wp-content\/uploads\/2021\/12\/image-34.png?resize=1200%2C899 1200w\" sizes=\"auto, (max-width: 709px) 85vw, (max-width: 909px) 67vw, (max-width: 1362px) 62vw, 840px\" \/><figcaption class=\"wp-element-caption\">Le Pont Bleu \u00e0 Aulnoye-Aymeries<\/figcaption><\/figure>\n<\/div>\n\n<div class=\"wp-block-image\">\n<figure class=\"aligncenter size-large is-resized\"><img loading=\"lazy\" decoding=\"async\" width=\"1220\" height=\"917\" data-attachment-id=\"16581\" data-permalink=\"http:\/\/patrimoine-avesnois.fr\/chemin\/aulnoye-aymeries\/image-36-9\/\" data-orig-file=\"https:\/\/i0.wp.com\/patrimoine-avesnois.fr\/chemin\/wp-content\/uploads\/2021\/12\/image-36.png?fit=1220%2C917\" data-orig-size=\"1220,917\" data-comments-opened=\"1\" data-image-meta=\"{&quot;aperture&quot;:&quot;0&quot;,&quot;credit&quot;:&quot;&quot;,&quot;camera&quot;:&quot;&quot;,&quot;caption&quot;:&quot;&quot;,&quot;created_timestamp&quot;:&quot;0&quot;,&quot;copyright&quot;:&quot;&quot;,&quot;focal_length&quot;:&quot;0&quot;,&quot;iso&quot;:&quot;0&quot;,&quot;shutter_speed&quot;:&quot;0&quot;,&quot;title&quot;:&quot;&quot;,&quot;orientation&quot;:&quot;0&quot;}\" data-image-title=\"image-36\" data-image-description=\"\" data-image-caption=\"\" data-large-file=\"https:\/\/i0.wp.com\/patrimoine-avesnois.fr\/chemin\/wp-content\/uploads\/2021\/12\/image-36.png?fit=840%2C632\" src=\"https:\/\/i0.wp.com\/patrimoine-avesnois.fr\/chemin\/wp-content\/uploads\/2021\/12\/image-36.png?fit=840%2C632\" alt=\"\" class=\"wp-image-16581\" style=\"width:840px\" srcset=\"https:\/\/i0.wp.com\/patrimoine-avesnois.fr\/chemin\/wp-content\/uploads\/2021\/12\/image-36.png?w=1220 1220w, https:\/\/i0.wp.com\/patrimoine-avesnois.fr\/chemin\/wp-content\/uploads\/2021\/12\/image-36.png?resize=300%2C225 300w, https:\/\/i0.wp.com\/patrimoine-avesnois.fr\/chemin\/wp-content\/uploads\/2021\/12\/image-36.png?resize=1024%2C770 1024w, https:\/\/i0.wp.com\/patrimoine-avesnois.fr\/chemin\/wp-content\/uploads\/2021\/12\/image-36.png?resize=768%2C577 768w, https:\/\/i0.wp.com\/patrimoine-avesnois.fr\/chemin\/wp-content\/uploads\/2021\/12\/image-36.png?resize=1200%2C902 1200w\" sizes=\"auto, (max-width: 709px) 85vw, (max-width: 909px) 67vw, (max-width: 1362px) 62vw, 840px\" \/><figcaption class=\"wp-element-caption\">Autre vue du Pont Bleu<\/figcaption><\/figure>\n<\/div>\n\n\n<p><\/p>\n","protected":false},"excerpt":{"rendered":"<p>Aulnoye \u00e9tait le village des \u00ab\u00a0aulnes\u00a0\u00bb dans lequel les habitants exploitaient les aulnes et les osiers rouges pour en faire des paniers et des corbeilles tress\u00e9s \u00e0 la main. Il devint la ville des cheminots avec la cr\u00e9ation du chemin de fer Paris Bruxelles en 1854. Aulnoye prit un essor consid\u00e9rable : d\u00e9j\u00e0 en 1868, &hellip; <a href=\"http:\/\/patrimoine-avesnois.fr\/chemin\/aulnoye-aymeries\/\" class=\"more-link\">Continuer la lecture<span class=\"screen-reader-text\"> de &laquo;&nbsp;Aulnoye-Aymeries&nbsp;&raquo;<\/span><\/a><\/p>\n","protected":false},"author":2,"featured_media":0,"parent":0,"menu_order":0,"comment_status":"closed","ping_status":"closed","template":"","meta":{"jetpack_post_was_ever_published":false,"footnotes":""},"class_list":["post-3209","page","type-page","status-publish","hentry"],"jetpack_sharing_enabled":true,"jetpack_shortlink":"https:\/\/wp.me\/PaOEkN-PL","jetpack-related-posts":[],"_links":{"self":[{"href":"http:\/\/patrimoine-avesnois.fr\/chemin\/wp-json\/wp\/v2\/pages\/3209","targetHints":{"allow":["GET"]}}],"collection":[{"href":"http:\/\/patrimoine-avesnois.fr\/chemin\/wp-json\/wp\/v2\/pages"}],"about":[{"href":"http:\/\/patrimoine-avesnois.fr\/chemin\/wp-json\/wp\/v2\/types\/page"}],"author":[{"embeddable":true,"href":"http:\/\/patrimoine-avesnois.fr\/chemin\/wp-json\/wp\/v2\/users\/2"}],"replies":[{"embeddable":true,"href":"http:\/\/patrimoine-avesnois.fr\/chemin\/wp-json\/wp\/v2\/comments?post=3209"}],"version-history":[{"count":0,"href":"http:\/\/patrimoine-avesnois.fr\/chemin\/wp-json\/wp\/v2\/pages\/3209\/revisions"}],"wp:attachment":[{"href":"http:\/\/patrimoine-avesnois.fr\/chemin\/wp-json\/wp\/v2\/media?parent=3209"}],"curies":[{"name":"wp","href":"https:\/\/api.w.org\/{rel}","templated":true}]}}