{"id":3737,"date":"2019-05-12T12:48:33","date_gmt":"2019-05-12T10:48:33","guid":{"rendered":"http:\/\/patrimoine-avesnois.fr\/chemin\/?page_id=3737"},"modified":"2022-01-05T14:00:10","modified_gmt":"2022-01-05T13:00:10","slug":"robersart","status":"publish","type":"page","link":"http:\/\/patrimoine-avesnois.fr\/chemin\/robersart\/","title":{"rendered":"Robersart"},"content":{"rendered":"\n<div class=\"wp-block-image\"><figure class=\"aligncenter is-resized\"><img data-recalc-dims=\"1\" loading=\"lazy\" decoding=\"async\" data-attachment-id=\"3738\" data-permalink=\"http:\/\/patrimoine-avesnois.fr\/chemin\/robersart\/073_001\/\" data-orig-file=\"https:\/\/i0.wp.com\/patrimoine-avesnois.fr\/chemin\/wp-content\/uploads\/2019\/05\/073_001.jpg?fit=989%2C615\" data-orig-size=\"989,615\" data-comments-opened=\"1\" data-image-meta=\"{&quot;aperture&quot;:&quot;0&quot;,&quot;credit&quot;:&quot;&quot;,&quot;camera&quot;:&quot;&quot;,&quot;caption&quot;:&quot;&quot;,&quot;created_timestamp&quot;:&quot;1557660910&quot;,&quot;copyright&quot;:&quot;&quot;,&quot;focal_length&quot;:&quot;0&quot;,&quot;iso&quot;:&quot;0&quot;,&quot;shutter_speed&quot;:&quot;0&quot;,&quot;title&quot;:&quot;&quot;,&quot;orientation&quot;:&quot;0&quot;}\" data-image-title=\"073_001\" data-image-description=\"\" data-image-caption=\"\" data-large-file=\"https:\/\/i0.wp.com\/patrimoine-avesnois.fr\/chemin\/wp-content\/uploads\/2019\/05\/073_001.jpg?fit=840%2C522\" src=\"https:\/\/i0.wp.com\/patrimoine-avesnois.fr\/chemin\/wp-content\/uploads\/2019\/05\/073_001.jpg?resize=742%2C461\" alt=\"\" class=\"wp-image-3738\" width=\"742\" height=\"461\" srcset=\"https:\/\/i0.wp.com\/patrimoine-avesnois.fr\/chemin\/wp-content\/uploads\/2019\/05\/073_001.jpg?w=989 989w, https:\/\/i0.wp.com\/patrimoine-avesnois.fr\/chemin\/wp-content\/uploads\/2019\/05\/073_001.jpg?resize=300%2C187 300w, https:\/\/i0.wp.com\/patrimoine-avesnois.fr\/chemin\/wp-content\/uploads\/2019\/05\/073_001.jpg?resize=768%2C478 768w\" sizes=\"auto, (max-width: 742px) 85vw, 742px\" \/><figcaption>La Place de Robersart<\/figcaption><\/figure><\/div>\n\n\n\n<p>Robersart est le \u00ab\u00a0sart\u00a0\u00bb ou d\u00e9frichement ayant appartenu primitivement \u00e0 un certain Robert. Ses origines f\u00e9odales sont prouv\u00e9es par l&rsquo;existence en son centre d&rsquo;une grande motte de terre carr\u00e9e entour\u00e9e de foss\u00e9s, et supportant aujourd&rsquo;hui le cimeti\u00e8re.<\/p>\n\n\n\n<p>La famille de Robersart, ancienne et c\u00e9l\u00e8bre, s\u2019\u00e9t\u00e9gnit par le mariage de Catherine de Robersart avec Sanche de Lalaing, grand bailli de Cambrai. La seigneurie passa ensuite \u00e0 Philippe de Bourbon par son mariage avec Jeanne, fille de Sanche, puis \u00e0 Jeanne de Bourbon qui \u00e9pouse Fran\u00e7ois Rolin, sieur de Beauchamp. On ne citera, que pour m\u00e9moire leur antique ch\u00e2teau, qui fut ras\u00e9 d\u00e8s le XVII e si\u00e8cle.<\/p>\n\n\n\n<div class=\"wp-block-image\"><figure class=\"aligncenter is-resized\"><img loading=\"lazy\" decoding=\"async\" data-attachment-id=\"3739\" data-permalink=\"http:\/\/patrimoine-avesnois.fr\/chemin\/robersart\/captur\/\" data-orig-file=\"https:\/\/i0.wp.com\/patrimoine-avesnois.fr\/chemin\/wp-content\/uploads\/2019\/05\/Captur.jpg?fit=1189%2C911\" data-orig-size=\"1189,911\" data-comments-opened=\"1\" data-image-meta=\"{&quot;aperture&quot;:&quot;0&quot;,&quot;credit&quot;:&quot;CARRE&quot;,&quot;camera&quot;:&quot;&quot;,&quot;caption&quot;:&quot;&quot;,&quot;created_timestamp&quot;:&quot;1557662035&quot;,&quot;copyright&quot;:&quot;&quot;,&quot;focal_length&quot;:&quot;0&quot;,&quot;iso&quot;:&quot;0&quot;,&quot;shutter_speed&quot;:&quot;0&quot;,&quot;title&quot;:&quot;&quot;,&quot;orientation&quot;:&quot;0&quot;}\" data-image-title=\"Captur\" data-image-description=\"\" data-image-caption=\"\" data-large-file=\"https:\/\/i0.wp.com\/patrimoine-avesnois.fr\/chemin\/wp-content\/uploads\/2019\/05\/Captur.jpg?fit=840%2C644\" src=\"https:\/\/i2.wp.com\/patrimoine-avesnois.fr\/chemin\/wp-content\/uploads\/2019\/05\/Captur.jpg?fit=840%2C644\" alt=\"\" class=\"wp-image-3739\" width=\"630\" height=\"483\" srcset=\"https:\/\/i0.wp.com\/patrimoine-avesnois.fr\/chemin\/wp-content\/uploads\/2019\/05\/Captur.jpg?w=1189 1189w, https:\/\/i0.wp.com\/patrimoine-avesnois.fr\/chemin\/wp-content\/uploads\/2019\/05\/Captur.jpg?resize=300%2C230 300w, https:\/\/i0.wp.com\/patrimoine-avesnois.fr\/chemin\/wp-content\/uploads\/2019\/05\/Captur.jpg?resize=768%2C588 768w, https:\/\/i0.wp.com\/patrimoine-avesnois.fr\/chemin\/wp-content\/uploads\/2019\/05\/Captur.jpg?resize=1024%2C785 1024w\" sizes=\"auto, (max-width: 630px) 85vw, 630px\" \/><figcaption>L&rsquo;\u00e9glise de Robersart  construite sur une motte f\u00e9odale Photo 2019<\/figcaption><\/figure><\/div>\n\n\n\n<div class=\"wp-block-image\"><figure class=\"aligncenter is-resized\"><img loading=\"lazy\" decoding=\"async\" data-attachment-id=\"3740\" data-permalink=\"http:\/\/patrimoine-avesnois.fr\/chemin\/robersart\/captu1\/\" data-orig-file=\"https:\/\/i0.wp.com\/patrimoine-avesnois.fr\/chemin\/wp-content\/uploads\/2019\/05\/Captu1.jpg?fit=1201%2C913\" data-orig-size=\"1201,913\" data-comments-opened=\"1\" data-image-meta=\"{&quot;aperture&quot;:&quot;0&quot;,&quot;credit&quot;:&quot;CARRE&quot;,&quot;camera&quot;:&quot;&quot;,&quot;caption&quot;:&quot;&quot;,&quot;created_timestamp&quot;:&quot;1557662073&quot;,&quot;copyright&quot;:&quot;&quot;,&quot;focal_length&quot;:&quot;0&quot;,&quot;iso&quot;:&quot;0&quot;,&quot;shutter_speed&quot;:&quot;0&quot;,&quot;title&quot;:&quot;&quot;,&quot;orientation&quot;:&quot;0&quot;}\" data-image-title=\"Captu1\" data-image-description=\"\" data-image-caption=\"\" data-large-file=\"https:\/\/i0.wp.com\/patrimoine-avesnois.fr\/chemin\/wp-content\/uploads\/2019\/05\/Captu1.jpg?fit=840%2C638\" src=\"https:\/\/i0.wp.com\/patrimoine-avesnois.fr\/chemin\/wp-content\/uploads\/2019\/05\/Captu1.jpg?fit=840%2C638\" alt=\"\" class=\"wp-image-3740\" width=\"630\" height=\"479\" srcset=\"https:\/\/i0.wp.com\/patrimoine-avesnois.fr\/chemin\/wp-content\/uploads\/2019\/05\/Captu1.jpg?w=1201 1201w, https:\/\/i0.wp.com\/patrimoine-avesnois.fr\/chemin\/wp-content\/uploads\/2019\/05\/Captu1.jpg?resize=300%2C228 300w, https:\/\/i0.wp.com\/patrimoine-avesnois.fr\/chemin\/wp-content\/uploads\/2019\/05\/Captu1.jpg?resize=768%2C584 768w, https:\/\/i0.wp.com\/patrimoine-avesnois.fr\/chemin\/wp-content\/uploads\/2019\/05\/Captu1.jpg?resize=1024%2C778 1024w, https:\/\/i0.wp.com\/patrimoine-avesnois.fr\/chemin\/wp-content\/uploads\/2019\/05\/Captu1.jpg?resize=1200%2C912 1200w\" sizes=\"auto, (max-width: 630px) 85vw, 630px\" \/><figcaption>L&rsquo;\u00e9glise de Robersart Photo 2019<\/figcaption><\/figure><\/div>\n\n\n\n<figure class=\"wp-block-gallery columns-2 is-cropped wp-block-gallery-1 is-layout-flex wp-block-gallery-is-layout-flex\"><ul class=\"blocks-gallery-grid\"><li class=\"blocks-gallery-item\"><figure><img data-recalc-dims=\"1\" loading=\"lazy\" decoding=\"async\" width=\"840\" height=\"527\" data-attachment-id=\"3741\" data-permalink=\"http:\/\/patrimoine-avesnois.fr\/chemin\/robersart\/118_001\/\" data-orig-file=\"https:\/\/i0.wp.com\/patrimoine-avesnois.fr\/chemin\/wp-content\/uploads\/2019\/05\/118_001.jpg?fit=989%2C621\" data-orig-size=\"989,621\" data-comments-opened=\"1\" data-image-meta=\"{&quot;aperture&quot;:&quot;0&quot;,&quot;credit&quot;:&quot;&quot;,&quot;camera&quot;:&quot;&quot;,&quot;caption&quot;:&quot;&quot;,&quot;created_timestamp&quot;:&quot;1557661044&quot;,&quot;copyright&quot;:&quot;&quot;,&quot;focal_length&quot;:&quot;0&quot;,&quot;iso&quot;:&quot;0&quot;,&quot;shutter_speed&quot;:&quot;0&quot;,&quot;title&quot;:&quot;&quot;,&quot;orientation&quot;:&quot;0&quot;}\" data-image-title=\"118_001\" data-image-description=\"\" data-image-caption=\"\" data-large-file=\"https:\/\/i0.wp.com\/patrimoine-avesnois.fr\/chemin\/wp-content\/uploads\/2019\/05\/118_001.jpg?fit=840%2C527\" src=\"https:\/\/i0.wp.com\/patrimoine-avesnois.fr\/chemin\/wp-content\/uploads\/2019\/05\/118_001.jpg?resize=840%2C527\" alt=\"\" data-id=\"3741\" data-link=\"http:\/\/patrimoine-avesnois.fr\/chemin\/?attachment_id=3741\" class=\"wp-image-3741\" srcset=\"https:\/\/i0.wp.com\/patrimoine-avesnois.fr\/chemin\/wp-content\/uploads\/2019\/05\/118_001.jpg?w=989 989w, https:\/\/i0.wp.com\/patrimoine-avesnois.fr\/chemin\/wp-content\/uploads\/2019\/05\/118_001.jpg?resize=300%2C188 300w, https:\/\/i0.wp.com\/patrimoine-avesnois.fr\/chemin\/wp-content\/uploads\/2019\/05\/118_001.jpg?resize=768%2C482 768w\" sizes=\"auto, (max-width: 709px) 85vw, (max-width: 909px) 67vw, (max-width: 1362px) 62vw, 840px\" \/><\/figure><\/li><li class=\"blocks-gallery-item\"><figure><img data-recalc-dims=\"1\" loading=\"lazy\" decoding=\"async\" width=\"442\" height=\"325\" data-attachment-id=\"3742\" data-permalink=\"http:\/\/patrimoine-avesnois.fr\/chemin\/robersart\/capture-64\/\" data-orig-file=\"https:\/\/i0.wp.com\/patrimoine-avesnois.fr\/chemin\/wp-content\/uploads\/2019\/05\/Capture-23.jpg?fit=442%2C325\" data-orig-size=\"442,325\" data-comments-opened=\"1\" data-image-meta=\"{&quot;aperture&quot;:&quot;0&quot;,&quot;credit&quot;:&quot;CARRE&quot;,&quot;camera&quot;:&quot;&quot;,&quot;caption&quot;:&quot;&quot;,&quot;created_timestamp&quot;:&quot;1557660661&quot;,&quot;copyright&quot;:&quot;&quot;,&quot;focal_length&quot;:&quot;0&quot;,&quot;iso&quot;:&quot;0&quot;,&quot;shutter_speed&quot;:&quot;0&quot;,&quot;title&quot;:&quot;&quot;,&quot;orientation&quot;:&quot;0&quot;}\" data-image-title=\"Capture\" data-image-description=\"\" data-image-caption=\"\" data-large-file=\"https:\/\/i0.wp.com\/patrimoine-avesnois.fr\/chemin\/wp-content\/uploads\/2019\/05\/Capture-23.jpg?fit=442%2C325\" src=\"https:\/\/i0.wp.com\/patrimoine-avesnois.fr\/chemin\/wp-content\/uploads\/2019\/05\/Capture-23.jpg?resize=442%2C325\" alt=\"\" data-id=\"3742\" data-link=\"http:\/\/patrimoine-avesnois.fr\/chemin\/?attachment_id=3742\" class=\"wp-image-3742\" srcset=\"https:\/\/i0.wp.com\/patrimoine-avesnois.fr\/chemin\/wp-content\/uploads\/2019\/05\/Capture-23.jpg?w=442 442w, https:\/\/i0.wp.com\/patrimoine-avesnois.fr\/chemin\/wp-content\/uploads\/2019\/05\/Capture-23.jpg?resize=300%2C221 300w\" sizes=\"auto, (max-width: 442px) 85vw, 442px\" \/><\/figure><\/li><\/ul><\/figure>\n\n\n\n<p>Sur le plan religieux, Robersart passa en 1186 sous la d\u00e9pendance du doyen d&rsquo;Haspres, lequel d\u00e9l\u00e9gua ses pouvoirs \u00e0 l&rsquo;abb\u00e9 du Cateau-Cambr\u00e9sis.<\/p>\n\n\n\n<p>L&rsquo;\u00e9glise Saint-Jean-Baptiste&nbsp;fut \u00e9difi\u00e9e en 1482, \u00e0 la fin de l&rsquo;\u00e9poque gothique. La tradition m\u00e9di\u00e9vale ne s&rsquo;est pas perdue puisque le cimeti\u00e8re s&rsquo;\u00e9tend tout autour du petit \u00e9difice. Elle fut reconstruite \u00e0 la fin du XVIII e si\u00e8cle.<\/p>\n\n\n\n<p class=\"has-text-align-center\">***<\/p>\n\n\n\n<p>Deux calvaires sur le territoire :<\/p>\n\n\n\n<figure class=\"wp-block-gallery columns-2 is-cropped wp-block-gallery-2 is-layout-flex wp-block-gallery-is-layout-flex\"><ul class=\"blocks-gallery-grid\"><li class=\"blocks-gallery-item\"><figure><img loading=\"lazy\" decoding=\"async\" width=\"768\" height=\"1024\" data-attachment-id=\"3744\" data-permalink=\"http:\/\/patrimoine-avesnois.fr\/chemin\/robersart\/img_1354-1\/\" data-orig-file=\"https:\/\/i0.wp.com\/patrimoine-avesnois.fr\/chemin\/wp-content\/uploads\/2019\/05\/IMG_1354-1.jpg?fit=768%2C1024\" data-orig-size=\"768,1024\" data-comments-opened=\"1\" data-image-meta=\"{&quot;aperture&quot;:&quot;2.2&quot;,&quot;credit&quot;:&quot;&quot;,&quot;camera&quot;:&quot;iPhone SE&quot;,&quot;caption&quot;:&quot;&quot;,&quot;created_timestamp&quot;:&quot;1495554669&quot;,&quot;copyright&quot;:&quot;&quot;,&quot;focal_length&quot;:&quot;4.15&quot;,&quot;iso&quot;:&quot;25&quot;,&quot;shutter_speed&quot;:&quot;0.00055897149245388&quot;,&quot;title&quot;:&quot;&quot;,&quot;orientation&quot;:&quot;1&quot;}\" data-image-title=\"IMG_1354-1\" data-image-description=\"\" data-image-caption=\"\" data-large-file=\"https:\/\/i0.wp.com\/patrimoine-avesnois.fr\/chemin\/wp-content\/uploads\/2019\/05\/IMG_1354-1.jpg?fit=768%2C1024\" src=\"https:\/\/i0.wp.com\/patrimoine-avesnois.fr\/chemin\/wp-content\/uploads\/2019\/05\/IMG_1354-1.jpg?fit=768%2C1024\" alt=\"\" data-id=\"3744\" data-link=\"http:\/\/patrimoine-avesnois.fr\/chemin\/?attachment_id=3744\" class=\"wp-image-3744\" srcset=\"https:\/\/i0.wp.com\/patrimoine-avesnois.fr\/chemin\/wp-content\/uploads\/2019\/05\/IMG_1354-1.jpg?w=768 768w, https:\/\/i0.wp.com\/patrimoine-avesnois.fr\/chemin\/wp-content\/uploads\/2019\/05\/IMG_1354-1.jpg?resize=225%2C300 225w\" sizes=\"auto, (max-width: 768px) 85vw, 768px\" \/><\/figure><\/li><li class=\"blocks-gallery-item\"><figure><img data-recalc-dims=\"1\" loading=\"lazy\" decoding=\"async\" width=\"265\" height=\"355\" data-attachment-id=\"3745\" data-permalink=\"http:\/\/patrimoine-avesnois.fr\/chemin\/robersart\/nouvelle-image-133\/\" data-orig-file=\"https:\/\/i0.wp.com\/patrimoine-avesnois.fr\/chemin\/wp-content\/uploads\/2019\/05\/Nouvelle-image-133.png?fit=265%2C355\" data-orig-size=\"265,355\" data-comments-opened=\"1\" data-image-meta=\"{&quot;aperture&quot;:&quot;0&quot;,&quot;credit&quot;:&quot;&quot;,&quot;camera&quot;:&quot;&quot;,&quot;caption&quot;:&quot;&quot;,&quot;created_timestamp&quot;:&quot;0&quot;,&quot;copyright&quot;:&quot;&quot;,&quot;focal_length&quot;:&quot;0&quot;,&quot;iso&quot;:&quot;0&quot;,&quot;shutter_speed&quot;:&quot;0&quot;,&quot;title&quot;:&quot;&quot;,&quot;orientation&quot;:&quot;0&quot;}\" data-image-title=\"Nouvelle-image-133\" data-image-description=\"\" data-image-caption=\"\" data-large-file=\"https:\/\/i0.wp.com\/patrimoine-avesnois.fr\/chemin\/wp-content\/uploads\/2019\/05\/Nouvelle-image-133.png?fit=265%2C355\" src=\"https:\/\/i0.wp.com\/patrimoine-avesnois.fr\/chemin\/wp-content\/uploads\/2019\/05\/Nouvelle-image-133.png?resize=265%2C355\" alt=\"\" data-id=\"3745\" data-link=\"http:\/\/patrimoine-avesnois.fr\/chemin\/?attachment_id=3745\" class=\"wp-image-3745\" srcset=\"https:\/\/i0.wp.com\/patrimoine-avesnois.fr\/chemin\/wp-content\/uploads\/2019\/05\/Nouvelle-image-133.png?w=265 265w, https:\/\/i0.wp.com\/patrimoine-avesnois.fr\/chemin\/wp-content\/uploads\/2019\/05\/Nouvelle-image-133.png?resize=224%2C300 224w\" sizes=\"auto, (max-width: 265px) 85vw, 265px\" \/><\/figure><\/li><\/ul><\/figure>\n\n\n\n<p class=\"has-text-align-center\">***<\/p>\n\n\n\n<p>Deux chapelles sur la paroisse : voir <a href=\"http:\/\/oratoiresetchapelles-avesnois.fr\/robersart\/\" target=\"_blank\" rel=\"noreferrer noopener\" aria-label=\"mon site (opens in a new tab)\">mon site<\/a> pour les d\u00e9tails<\/p>\n\n\n\n<figure class=\"wp-block-gallery columns-2 is-cropped wp-block-gallery-3 is-layout-flex wp-block-gallery-is-layout-flex\"><ul class=\"blocks-gallery-grid\"><li class=\"blocks-gallery-item\"><figure><img loading=\"lazy\" decoding=\"async\" width=\"768\" height=\"1024\" data-attachment-id=\"3746\" data-permalink=\"http:\/\/patrimoine-avesnois.fr\/chemin\/robersart\/img_1355-768x1024\/\" data-orig-file=\"https:\/\/i0.wp.com\/patrimoine-avesnois.fr\/chemin\/wp-content\/uploads\/2019\/05\/IMG_1355-768x1024.jpg?fit=768%2C1024\" data-orig-size=\"768,1024\" data-comments-opened=\"1\" data-image-meta=\"{&quot;aperture&quot;:&quot;0&quot;,&quot;credit&quot;:&quot;&quot;,&quot;camera&quot;:&quot;&quot;,&quot;caption&quot;:&quot;&quot;,&quot;created_timestamp&quot;:&quot;0&quot;,&quot;copyright&quot;:&quot;&quot;,&quot;focal_length&quot;:&quot;0&quot;,&quot;iso&quot;:&quot;0&quot;,&quot;shutter_speed&quot;:&quot;0&quot;,&quot;title&quot;:&quot;&quot;,&quot;orientation&quot;:&quot;0&quot;}\" data-image-title=\"IMG_1355-768&amp;#215;1024\" data-image-description=\"\" data-image-caption=\"\" data-large-file=\"https:\/\/i0.wp.com\/patrimoine-avesnois.fr\/chemin\/wp-content\/uploads\/2019\/05\/IMG_1355-768x1024.jpg?fit=768%2C1024\" src=\"https:\/\/i1.wp.com\/patrimoine-avesnois.fr\/chemin\/wp-content\/uploads\/2019\/05\/IMG_1355-768x1024.jpg?fit=768%2C1024\" alt=\"\" data-id=\"3746\" data-link=\"http:\/\/patrimoine-avesnois.fr\/chemin\/?attachment_id=3746\" class=\"wp-image-3746\" srcset=\"https:\/\/i0.wp.com\/patrimoine-avesnois.fr\/chemin\/wp-content\/uploads\/2019\/05\/IMG_1355-768x1024.jpg?resize=768%2C1024 768w, https:\/\/i0.wp.com\/patrimoine-avesnois.fr\/chemin\/wp-content\/uploads\/2019\/05\/IMG_1355-768x1024.jpg?resize=225%2C300 225w\" sizes=\"auto, (max-width: 768px) 85vw, 768px\" \/><figcaption class=\"blocks-gallery-item__caption\">Chapelle N.D de Lourdes<\/figcaption><\/figure><\/li><li class=\"blocks-gallery-item\"><figure><img loading=\"lazy\" decoding=\"async\" width=\"768\" height=\"1024\" data-attachment-id=\"3747\" data-permalink=\"http:\/\/patrimoine-avesnois.fr\/chemin\/robersart\/img_1359-768x1024\/\" data-orig-file=\"https:\/\/i0.wp.com\/patrimoine-avesnois.fr\/chemin\/wp-content\/uploads\/2019\/05\/IMG_1359-768x1024.jpg?fit=768%2C1024\" data-orig-size=\"768,1024\" data-comments-opened=\"1\" data-image-meta=\"{&quot;aperture&quot;:&quot;0&quot;,&quot;credit&quot;:&quot;&quot;,&quot;camera&quot;:&quot;&quot;,&quot;caption&quot;:&quot;&quot;,&quot;created_timestamp&quot;:&quot;0&quot;,&quot;copyright&quot;:&quot;&quot;,&quot;focal_length&quot;:&quot;0&quot;,&quot;iso&quot;:&quot;0&quot;,&quot;shutter_speed&quot;:&quot;0&quot;,&quot;title&quot;:&quot;&quot;,&quot;orientation&quot;:&quot;0&quot;}\" data-image-title=\"IMG_1359-768&amp;#215;1024\" data-image-description=\"\" data-image-caption=\"\" data-large-file=\"https:\/\/i0.wp.com\/patrimoine-avesnois.fr\/chemin\/wp-content\/uploads\/2019\/05\/IMG_1359-768x1024.jpg?fit=768%2C1024\" src=\"https:\/\/i0.wp.com\/patrimoine-avesnois.fr\/chemin\/wp-content\/uploads\/2019\/05\/IMG_1359-768x1024.jpg?fit=768%2C1024\" alt=\"\" data-id=\"3747\" data-link=\"http:\/\/patrimoine-avesnois.fr\/chemin\/?attachment_id=3747\" class=\"wp-image-3747\" srcset=\"https:\/\/i0.wp.com\/patrimoine-avesnois.fr\/chemin\/wp-content\/uploads\/2019\/05\/IMG_1359-768x1024.jpg?resize=768%2C1024 768w, https:\/\/i0.wp.com\/patrimoine-avesnois.fr\/chemin\/wp-content\/uploads\/2019\/05\/IMG_1359-768x1024.jpg?resize=225%2C300 225w\" sizes=\"auto, (max-width: 768px) 85vw, 768px\" \/><\/figure><\/li><\/ul><\/figure>\n\n\n\n<figure class=\"wp-block-gallery columns-2 is-cropped wp-block-gallery-4 is-layout-flex wp-block-gallery-is-layout-flex\"><ul class=\"blocks-gallery-grid\"><li class=\"blocks-gallery-item\"><figure><img loading=\"lazy\" decoding=\"async\" width=\"768\" height=\"1024\" data-attachment-id=\"3748\" data-permalink=\"http:\/\/patrimoine-avesnois.fr\/chemin\/robersart\/img_1348-768x1024\/\" data-orig-file=\"https:\/\/i0.wp.com\/patrimoine-avesnois.fr\/chemin\/wp-content\/uploads\/2019\/05\/IMG_1348-768x1024.jpg?fit=768%2C1024\" data-orig-size=\"768,1024\" data-comments-opened=\"1\" data-image-meta=\"{&quot;aperture&quot;:&quot;0&quot;,&quot;credit&quot;:&quot;&quot;,&quot;camera&quot;:&quot;&quot;,&quot;caption&quot;:&quot;&quot;,&quot;created_timestamp&quot;:&quot;0&quot;,&quot;copyright&quot;:&quot;&quot;,&quot;focal_length&quot;:&quot;0&quot;,&quot;iso&quot;:&quot;0&quot;,&quot;shutter_speed&quot;:&quot;0&quot;,&quot;title&quot;:&quot;&quot;,&quot;orientation&quot;:&quot;0&quot;}\" data-image-title=\"IMG_1348-768&amp;#215;1024\" data-image-description=\"\" data-image-caption=\"\" data-large-file=\"https:\/\/i0.wp.com\/patrimoine-avesnois.fr\/chemin\/wp-content\/uploads\/2019\/05\/IMG_1348-768x1024.jpg?fit=768%2C1024\" src=\"https:\/\/i2.wp.com\/patrimoine-avesnois.fr\/chemin\/wp-content\/uploads\/2019\/05\/IMG_1348-768x1024.jpg?fit=768%2C1024\" alt=\"\" data-id=\"3748\" data-link=\"http:\/\/patrimoine-avesnois.fr\/chemin\/?attachment_id=3748\" class=\"wp-image-3748\" srcset=\"https:\/\/i0.wp.com\/patrimoine-avesnois.fr\/chemin\/wp-content\/uploads\/2019\/05\/IMG_1348-768x1024.jpg?resize=768%2C1024 768w, https:\/\/i0.wp.com\/patrimoine-avesnois.fr\/chemin\/wp-content\/uploads\/2019\/05\/IMG_1348-768x1024.jpg?resize=225%2C300 225w\" sizes=\"auto, (max-width: 768px) 85vw, 768px\" \/><figcaption class=\"blocks-gallery-item__caption\">Chapelle Bisiaux<\/figcaption><\/figure><\/li><li class=\"blocks-gallery-item\"><figure><img loading=\"lazy\" decoding=\"async\" width=\"768\" height=\"1024\" data-attachment-id=\"3749\" data-permalink=\"http:\/\/patrimoine-avesnois.fr\/chemin\/robersart\/img_1351-768x1024\/\" data-orig-file=\"https:\/\/i0.wp.com\/patrimoine-avesnois.fr\/chemin\/wp-content\/uploads\/2019\/05\/IMG_1351-768x1024.jpg?fit=768%2C1024\" data-orig-size=\"768,1024\" data-comments-opened=\"1\" data-image-meta=\"{&quot;aperture&quot;:&quot;0&quot;,&quot;credit&quot;:&quot;&quot;,&quot;camera&quot;:&quot;&quot;,&quot;caption&quot;:&quot;&quot;,&quot;created_timestamp&quot;:&quot;0&quot;,&quot;copyright&quot;:&quot;&quot;,&quot;focal_length&quot;:&quot;0&quot;,&quot;iso&quot;:&quot;0&quot;,&quot;shutter_speed&quot;:&quot;0&quot;,&quot;title&quot;:&quot;&quot;,&quot;orientation&quot;:&quot;0&quot;}\" data-image-title=\"IMG_1351-768&amp;#215;1024\" data-image-description=\"\" data-image-caption=\"\" data-large-file=\"https:\/\/i0.wp.com\/patrimoine-avesnois.fr\/chemin\/wp-content\/uploads\/2019\/05\/IMG_1351-768x1024.jpg?fit=768%2C1024\" src=\"https:\/\/i0.wp.com\/patrimoine-avesnois.fr\/chemin\/wp-content\/uploads\/2019\/05\/IMG_1351-768x1024.jpg?fit=768%2C1024\" alt=\"\" data-id=\"3749\" data-link=\"http:\/\/patrimoine-avesnois.fr\/chemin\/?attachment_id=3749\" class=\"wp-image-3749\" srcset=\"https:\/\/i0.wp.com\/patrimoine-avesnois.fr\/chemin\/wp-content\/uploads\/2019\/05\/IMG_1351-768x1024.jpg?resize=768%2C1024 768w, https:\/\/i0.wp.com\/patrimoine-avesnois.fr\/chemin\/wp-content\/uploads\/2019\/05\/IMG_1351-768x1024.jpg?resize=225%2C300 225w\" sizes=\"auto, (max-width: 768px) 85vw, 768px\" \/><\/figure><\/li><\/ul><\/figure>\n\n\n\n<p class=\"has-text-align-center\">***<\/p>\n\n\n\n<div class=\"wp-block-image\"><figure class=\"aligncenter is-resized\"><img data-recalc-dims=\"1\" loading=\"lazy\" decoding=\"async\" data-attachment-id=\"3750\" data-permalink=\"http:\/\/patrimoine-avesnois.fr\/chemin\/robersart\/image-552\/\" data-orig-file=\"https:\/\/i0.wp.com\/patrimoine-avesnois.fr\/chemin\/wp-content\/uploads\/2019\/05\/image-79.png?fit=623%2C617\" data-orig-size=\"623,617\" data-comments-opened=\"1\" data-image-meta=\"{&quot;aperture&quot;:&quot;0&quot;,&quot;credit&quot;:&quot;&quot;,&quot;camera&quot;:&quot;&quot;,&quot;caption&quot;:&quot;&quot;,&quot;created_timestamp&quot;:&quot;0&quot;,&quot;copyright&quot;:&quot;&quot;,&quot;focal_length&quot;:&quot;0&quot;,&quot;iso&quot;:&quot;0&quot;,&quot;shutter_speed&quot;:&quot;0&quot;,&quot;title&quot;:&quot;&quot;,&quot;orientation&quot;:&quot;0&quot;}\" data-image-title=\"image\" data-image-description=\"\" data-image-caption=\"\" data-large-file=\"https:\/\/i0.wp.com\/patrimoine-avesnois.fr\/chemin\/wp-content\/uploads\/2019\/05\/image-79.png?fit=623%2C617\" src=\"https:\/\/i0.wp.com\/patrimoine-avesnois.fr\/chemin\/wp-content\/uploads\/2019\/05\/image-79.png?resize=534%2C529\" alt=\"\" class=\"wp-image-3750\" width=\"534\" height=\"529\" srcset=\"https:\/\/i0.wp.com\/patrimoine-avesnois.fr\/chemin\/wp-content\/uploads\/2019\/05\/image-79.png?w=623 623w, https:\/\/i0.wp.com\/patrimoine-avesnois.fr\/chemin\/wp-content\/uploads\/2019\/05\/image-79.png?resize=150%2C150 150w, https:\/\/i0.wp.com\/patrimoine-avesnois.fr\/chemin\/wp-content\/uploads\/2019\/05\/image-79.png?resize=300%2C297 300w\" sizes=\"auto, (max-width: 534px) 85vw, 534px\" \/><figcaption>La Mairie construite en 1842 Photo Havang 2011<\/figcaption><\/figure><\/div>\n\n\n\n<p>En 1794, les forces coalis\u00e9es \u00e9tablissent leur camp \u00e0 Robersart avant d\u2019investir Landrecies. En l\u2019an XI, la commune est rattach\u00e9e \u00e0 Preux-au-Bois, puis \u00e9rig\u00e9e en succursale en 1845.<\/p>\n\n\n\n<p class=\"has-text-align-center\">***<\/p>\n\n\n\n<div class=\"wp-block-image\"><figure class=\"aligncenter is-resized\"><img loading=\"lazy\" decoding=\"async\" data-attachment-id=\"3755\" data-permalink=\"http:\/\/patrimoine-avesnois.fr\/chemin\/robersart\/ferme-2\/\" data-orig-file=\"https:\/\/i0.wp.com\/patrimoine-avesnois.fr\/chemin\/wp-content\/uploads\/2019\/05\/ferme-.jpg?fit=1160%2C885\" data-orig-size=\"1160,885\" data-comments-opened=\"1\" data-image-meta=\"{&quot;aperture&quot;:&quot;0&quot;,&quot;credit&quot;:&quot;CARRE&quot;,&quot;camera&quot;:&quot;&quot;,&quot;caption&quot;:&quot;&quot;,&quot;created_timestamp&quot;:&quot;1557665179&quot;,&quot;copyright&quot;:&quot;&quot;,&quot;focal_length&quot;:&quot;0&quot;,&quot;iso&quot;:&quot;0&quot;,&quot;shutter_speed&quot;:&quot;0&quot;,&quot;title&quot;:&quot;&quot;,&quot;orientation&quot;:&quot;0&quot;}\" data-image-title=\"ferme\" data-image-description=\"\" data-image-caption=\"\" data-large-file=\"https:\/\/i0.wp.com\/patrimoine-avesnois.fr\/chemin\/wp-content\/uploads\/2019\/05\/ferme-.jpg?fit=840%2C641\" src=\"https:\/\/i1.wp.com\/patrimoine-avesnois.fr\/chemin\/wp-content\/uploads\/2019\/05\/ferme-.jpg?fit=840%2C641\" alt=\"\" class=\"wp-image-3755\" width=\"630\" height=\"481\" srcset=\"https:\/\/i0.wp.com\/patrimoine-avesnois.fr\/chemin\/wp-content\/uploads\/2019\/05\/ferme-.jpg?w=1160 1160w, https:\/\/i0.wp.com\/patrimoine-avesnois.fr\/chemin\/wp-content\/uploads\/2019\/05\/ferme-.jpg?resize=300%2C229 300w, https:\/\/i0.wp.com\/patrimoine-avesnois.fr\/chemin\/wp-content\/uploads\/2019\/05\/ferme-.jpg?resize=768%2C586 768w, https:\/\/i0.wp.com\/patrimoine-avesnois.fr\/chemin\/wp-content\/uploads\/2019\/05\/ferme-.jpg?resize=1024%2C781 1024w\" sizes=\"auto, (max-width: 630px) 85vw, 630px\" \/><figcaption>La ferme  Wattremez. XVIII e si\u00e8cle.<\/figcaption><\/figure><\/div>\n\n\n\n<p>Cette grande ferme s\u2019ordonne autour d\u2019une cour&nbsp; \u00e0 laquelle on acc\u00e8de par un porche vo\u00fbt\u00e9 en plein cintre. Autrefois, se situait \u00e0 cet emplacement la basse-cour du seigneur install\u00e9 sur la motte f\u00e9odale. Cette grande ferme date du XVIII e si\u00e8cle. En 1808, le mar\u00e9chal Mortier (celui-l\u00e0 m\u00eame qui racheta aussi le ch\u00e2teau de Bousies) repense enti\u00e8rement sa construction et laisse \u00e0 sa mort la ferme telle qu&rsquo;on la conna\u00eet aujourd&rsquo;hui. L&rsquo;imposant \u00e9difice a ensuite pris le nom de famille de son propri\u00e9taire.<\/p>\n\n\n\n<div class=\"wp-block-image\"><figure class=\"aligncenter size-large is-resized\"><img data-recalc-dims=\"1\" loading=\"lazy\" decoding=\"async\" data-attachment-id=\"17273\" data-permalink=\"http:\/\/patrimoine-avesnois.fr\/chemin\/robersart\/img-5564\/\" data-orig-file=\"https:\/\/i0.wp.com\/patrimoine-avesnois.fr\/chemin\/wp-content\/uploads\/2022\/01\/IMG-5564.jpg?fit=946%2C709\" data-orig-size=\"946,709\" data-comments-opened=\"1\" data-image-meta=\"{&quot;aperture&quot;:&quot;0&quot;,&quot;credit&quot;:&quot;CARRE&quot;,&quot;camera&quot;:&quot;&quot;,&quot;caption&quot;:&quot;&quot;,&quot;created_timestamp&quot;:&quot;1557664168&quot;,&quot;copyright&quot;:&quot;&quot;,&quot;focal_length&quot;:&quot;0&quot;,&quot;iso&quot;:&quot;0&quot;,&quot;shutter_speed&quot;:&quot;0&quot;,&quot;title&quot;:&quot;&quot;,&quot;orientation&quot;:&quot;0&quot;}\" data-image-title=\"IMG-5564\" data-image-description=\"\" data-image-caption=\"\" data-large-file=\"https:\/\/i0.wp.com\/patrimoine-avesnois.fr\/chemin\/wp-content\/uploads\/2022\/01\/IMG-5564.jpg?fit=840%2C630\" src=\"https:\/\/i0.wp.com\/patrimoine-avesnois.fr\/chemin\/wp-content\/uploads\/2022\/01\/IMG-5564.jpg?resize=710%2C532\" alt=\"\" class=\"wp-image-17273\" width=\"710\" height=\"532\" srcset=\"https:\/\/i0.wp.com\/patrimoine-avesnois.fr\/chemin\/wp-content\/uploads\/2022\/01\/IMG-5564.jpg?w=946 946w, https:\/\/i0.wp.com\/patrimoine-avesnois.fr\/chemin\/wp-content\/uploads\/2022\/01\/IMG-5564.jpg?resize=300%2C225 300w, https:\/\/i0.wp.com\/patrimoine-avesnois.fr\/chemin\/wp-content\/uploads\/2022\/01\/IMG-5564.jpg?resize=768%2C576 768w\" sizes=\"auto, (max-width: 710px) 85vw, 710px\" \/><figcaption>La Place de Robersart Photo 2019<\/figcaption><\/figure><\/div>\n","protected":false},"excerpt":{"rendered":"<p>Robersart est le \u00ab\u00a0sart\u00a0\u00bb ou d\u00e9frichement ayant appartenu primitivement \u00e0 un certain Robert. Ses origines f\u00e9odales sont prouv\u00e9es par l&rsquo;existence en son centre d&rsquo;une grande motte de terre carr\u00e9e entour\u00e9e de foss\u00e9s, et supportant aujourd&rsquo;hui le cimeti\u00e8re. La famille de Robersart, ancienne et c\u00e9l\u00e8bre, s\u2019\u00e9t\u00e9gnit par le mariage de Catherine de Robersart avec Sanche de &hellip; <a href=\"http:\/\/patrimoine-avesnois.fr\/chemin\/robersart\/\" class=\"more-link\">Continuer la lecture<span class=\"screen-reader-text\"> de &laquo;&nbsp;Robersart&nbsp;&raquo;<\/span><\/a><\/p>\n","protected":false},"author":2,"featured_media":0,"parent":0,"menu_order":0,"comment_status":"closed","ping_status":"closed","template":"","meta":{"jetpack_post_was_ever_published":false,"footnotes":""},"class_list":["post-3737","page","type-page","status-publish","hentry"],"jetpack_sharing_enabled":true,"jetpack_shortlink":"https:\/\/wp.me\/PaOEkN-Yh","jetpack-related-posts":[],"_links":{"self":[{"href":"http:\/\/patrimoine-avesnois.fr\/chemin\/wp-json\/wp\/v2\/pages\/3737","targetHints":{"allow":["GET"]}}],"collection":[{"href":"http:\/\/patrimoine-avesnois.fr\/chemin\/wp-json\/wp\/v2\/pages"}],"about":[{"href":"http:\/\/patrimoine-avesnois.fr\/chemin\/wp-json\/wp\/v2\/types\/page"}],"author":[{"embeddable":true,"href":"http:\/\/patrimoine-avesnois.fr\/chemin\/wp-json\/wp\/v2\/users\/2"}],"replies":[{"embeddable":true,"href":"http:\/\/patrimoine-avesnois.fr\/chemin\/wp-json\/wp\/v2\/comments?post=3737"}],"version-history":[{"count":0,"href":"http:\/\/patrimoine-avesnois.fr\/chemin\/wp-json\/wp\/v2\/pages\/3737\/revisions"}],"wp:attachment":[{"href":"http:\/\/patrimoine-avesnois.fr\/chemin\/wp-json\/wp\/v2\/media?parent=3737"}],"curies":[{"name":"wp","href":"https:\/\/api.w.org\/{rel}","templated":true}]}}