{"id":5819,"date":"2019-06-12T15:11:12","date_gmt":"2019-06-12T13:11:12","guid":{"rendered":"http:\/\/patrimoine-avesnois.fr\/chemin\/?page_id=5819"},"modified":"2026-08-22T08:57:44","modified_gmt":"2026-08-22T06:57:44","slug":"la-longueville","status":"publish","type":"page","link":"http:\/\/patrimoine-avesnois.fr\/chemin\/la-longueville\/","title":{"rendered":"La Longueville"},"content":{"rendered":"<div class=\"wp-block-image\">\n<figure class=\"aligncenter\"><img loading=\"lazy\" decoding=\"async\" width=\"1082\" height=\"710\" data-attachment-id=\"5820\" data-permalink=\"http:\/\/patrimoine-avesnois.fr\/chemin\/la-longueville\/378_001\/\" data-orig-file=\"https:\/\/i0.wp.com\/patrimoine-avesnois.fr\/chemin\/wp-content\/uploads\/2019\/06\/378_001.jpg?fit=1082%2C710\" data-orig-size=\"1082,710\" data-comments-opened=\"1\" data-image-meta=\"{&quot;aperture&quot;:&quot;0&quot;,&quot;credit&quot;:&quot;&quot;,&quot;camera&quot;:&quot;&quot;,&quot;caption&quot;:&quot;&quot;,&quot;created_timestamp&quot;:&quot;1560336362&quot;,&quot;copyright&quot;:&quot;&quot;,&quot;focal_length&quot;:&quot;0&quot;,&quot;iso&quot;:&quot;0&quot;,&quot;shutter_speed&quot;:&quot;0&quot;,&quot;title&quot;:&quot;&quot;,&quot;orientation&quot;:&quot;0&quot;}\" data-image-title=\"378_001\" data-image-description=\"\" data-image-caption=\"\" data-large-file=\"https:\/\/i0.wp.com\/patrimoine-avesnois.fr\/chemin\/wp-content\/uploads\/2019\/06\/378_001.jpg?fit=840%2C551\" src=\"https:\/\/i2.wp.com\/patrimoine-avesnois.fr\/chemin\/wp-content\/uploads\/2019\/06\/378_001.jpg?fit=840%2C551\" alt=\"\" class=\"wp-image-5820\" srcset=\"https:\/\/i0.wp.com\/patrimoine-avesnois.fr\/chemin\/wp-content\/uploads\/2019\/06\/378_001.jpg?w=1082 1082w, https:\/\/i0.wp.com\/patrimoine-avesnois.fr\/chemin\/wp-content\/uploads\/2019\/06\/378_001.jpg?resize=300%2C197 300w, https:\/\/i0.wp.com\/patrimoine-avesnois.fr\/chemin\/wp-content\/uploads\/2019\/06\/378_001.jpg?resize=768%2C504 768w, https:\/\/i0.wp.com\/patrimoine-avesnois.fr\/chemin\/wp-content\/uploads\/2019\/06\/378_001.jpg?resize=1024%2C672 1024w\" sizes=\"auto, (max-width: 709px) 85vw, (max-width: 909px) 67vw, (max-width: 1362px) 62vw, 840px\" \/><figcaption class=\"wp-element-caption\">Vue a\u00e9rienne de La Longueville<\/figcaption><\/figure>\n<\/div>\n\n\n<p class=\"wp-block-paragraph\">La Longueville parait tirer son nom d&rsquo;une \u00ab\u00a0villa\u00a0\u00bb ou \u00ab\u00a0ferme\u00a0\u00bb situ\u00e9e sur l\u2019ancienne chauss\u00e9e romaine allant de Bavay \u00e0 Tr\u00eaves. L\u2019aqueduc qui alimentait Bavay passait par La Longueville. Cependant il n&rsquo;est fait mention du village qu&rsquo;\u00e0 partir du XI e si\u00e8cle.&nbsp; Il fut alors \u00e9lev\u00e9 \u00e0 l\u2019\u00e9poque de Richilde et de son fils Bauduin, au rang de l&rsquo;une des douze pairies du Hainaut.<\/p>\n\n\n\n<p class=\"wp-block-paragraph\">Les seigneurs de la famille de Werchin poss\u00e9d\u00e8rent la pairie d\u00e8s 1150-1160. <br>La derni\u00e8re h\u00e9riti\u00e8re, Philipotte de Werchin en \u00e9pousant Jean de Barban\u00e7on (1354-1415), transmit par ce mariage la seigneurie de La Longueville \u00e0 la maison Barban\u00e7on. Leur fille Jeanne de Barben\u00e7on&nbsp;(1400-&nbsp;?) se maria en 1432 \u00e0 Jacques de Ghistelles (1395-1452). Leur fils Jacques de Ghistelle poss\u00e9dait cette prairie en 1473 consistant en terres, maisons, bois, moulins, rentes, haute, moyenne et basse justice .<\/p>\n\n\n\n<p class=\"wp-block-paragraph\">La terre de La Longueville fut enssuite aux mains de la maison de Ligne et de Cro\u00ff. Puis Philippe Louis d\u2019Egmont&nbsp;(1623-1682), comte d\u2019Egmont, prince de Gavre, marquis de Renty, seigneur de Chi\u00e8vres,officier et ambassadeur au service du roi d\u2019Espagne, devint seigneur de La Longueville par son mariage en 1659 avec Marie Ferdinande de Cro\u00ff (1636-1683).<\/p>\n\n\n\n<p class=\"wp-block-paragraph\">La Longueville passa ensuite aux familles des Pignatelli-Bisachia et de Luynes et en 1789, au sieur Bady, comte de Normond.<\/p>\n\n\n\n<p class=\"wp-block-paragraph\">Le village appartenait autrefois \u00e0 la pr\u00e9v\u00f4t\u00e9 de Bavay, mais le chapitre de Maubeuge y pr\u00e9levait la d\u00eeme et y poss\u00e9dait d&rsquo;importants biens.<\/p>\n\n\n<div class=\"wp-block-image is-resized\">\n<figure class=\"aligncenter\"><img decoding=\"async\" src=\"https:\/\/upload.wikimedia.org\/wikipedia\/commons\/thumb\/3\/34\/La_longueville%C3%89glise210407.JPG\/1280px-La_longueville%C3%89glise210407.JPG\" alt=\"La Longueville\"\/><figcaption class=\"wp-element-caption\">L&rsquo;\u00e9glise Sainte-Aldegonde de La Longueville Photo Budotradan<\/figcaption><\/figure>\n<\/div>\n\n\n<p class=\"wp-block-paragraph\"><\/p>\n\n\n<div class=\"wp-block-image\">\n<figure class=\"aligncenter size-full is-resized\"><img data-recalc-dims=\"1\" loading=\"lazy\" decoding=\"async\" width=\"626\" height=\"842\" data-attachment-id=\"29216\" data-permalink=\"http:\/\/patrimoine-avesnois.fr\/chemin\/la-longueville\/image-3443\/\" data-orig-file=\"https:\/\/i0.wp.com\/patrimoine-avesnois.fr\/chemin\/wp-content\/uploads\/2026\/08\/image-289.png?fit=626%2C842\" data-orig-size=\"626,842\" data-comments-opened=\"1\" data-image-meta=\"{&quot;aperture&quot;:&quot;0&quot;,&quot;credit&quot;:&quot;&quot;,&quot;camera&quot;:&quot;&quot;,&quot;caption&quot;:&quot;&quot;,&quot;created_timestamp&quot;:&quot;0&quot;,&quot;copyright&quot;:&quot;&quot;,&quot;focal_length&quot;:&quot;0&quot;,&quot;iso&quot;:&quot;0&quot;,&quot;shutter_speed&quot;:&quot;0&quot;,&quot;title&quot;:&quot;&quot;,&quot;orientation&quot;:&quot;0&quot;,&quot;alt&quot;:&quot;&quot;}\" data-image-title=\"image\" data-image-description=\"\" data-image-caption=\"\" data-large-file=\"https:\/\/i0.wp.com\/patrimoine-avesnois.fr\/chemin\/wp-content\/uploads\/2026\/08\/image-289.png?fit=626%2C842\" src=\"https:\/\/i0.wp.com\/patrimoine-avesnois.fr\/chemin\/wp-content\/uploads\/2026\/08\/image-289.png?resize=626%2C842&#038;ssl=1\" alt=\"\" class=\"wp-image-29216\" style=\"width:560px;height:auto\" srcset=\"https:\/\/i0.wp.com\/patrimoine-avesnois.fr\/chemin\/wp-content\/uploads\/2026\/08\/image-289.png?w=626 626w, https:\/\/i0.wp.com\/patrimoine-avesnois.fr\/chemin\/wp-content\/uploads\/2026\/08\/image-289.png?resize=223%2C300 223w\" sizes=\"auto, (max-width: 626px) 85vw, 626px\" \/><figcaption class=\"wp-element-caption\">Le choeur <\/figcaption><\/figure>\n<\/div>\n\n\n<p class=\"wp-block-paragraph\"><\/p>\n\n\n\n<p class=\"wp-block-paragraph\">Le ch\u0153ur de l&rsquo;\u00e9glise de La Longueville, dat\u00e9 du XVe si\u00e8cle, est un bel exemple de gothique tardif : abside polygonale, hautes baies en arc bris\u00e9 et \u00e9l\u00e9vation soign\u00e9e autour du ma\u00eetre\u2011autel, c\u0153ur de la liturgie m\u00e9di\u00e9vale. <\/p>\n\n\n\n<p class=\"wp-block-paragraph\">Accol\u00e9e au ch\u0153ur, la petite sacristie hexagonale<strong> <\/strong>est post\u00e9rieure (fin XVIII\u1d49\u2013d\u00e9but XIX\u1d49 si\u00e8cle). Elle n\u2019appartient pas au ch\u0153ur m\u00e9di\u00e9val, mais s\u2019y greffe pour des raisons pratiques.<\/p>\n\n\n\n<p class=\"wp-block-paragraph\">En <strong>1859<\/strong>, la nef et le clocher furent restaur\u00e9s, dans le cadre d\u2019une campagne de modernisation de l\u2019\u00e9difice. <\/p>\n\n\n\n<p class=\"wp-block-paragraph\">En <strong>mai 1940<\/strong>, lors des bombardements qui touch\u00e8rent le village, le clocher fut incendi\u00e9 et dut \u00eatre reconstruit par la suite.<\/p>\n\n\n\n<p class=\"wp-block-paragraph\"><\/p>\n\n\n<div class=\"wp-block-image is-resized\">\n<figure class=\"aligncenter\"><img loading=\"lazy\" decoding=\"async\" width=\"1323\" height=\"992\" data-attachment-id=\"5821\" data-permalink=\"http:\/\/patrimoine-avesnois.fr\/chemin\/la-longueville\/299_001\/\" data-orig-file=\"https:\/\/i0.wp.com\/patrimoine-avesnois.fr\/chemin\/wp-content\/uploads\/2019\/06\/299_001.jpg?fit=1323%2C992\" data-orig-size=\"1323,992\" data-comments-opened=\"1\" data-image-meta=\"{&quot;aperture&quot;:&quot;0&quot;,&quot;credit&quot;:&quot;&quot;,&quot;camera&quot;:&quot;&quot;,&quot;caption&quot;:&quot;&quot;,&quot;created_timestamp&quot;:&quot;1560336314&quot;,&quot;copyright&quot;:&quot;&quot;,&quot;focal_length&quot;:&quot;0&quot;,&quot;iso&quot;:&quot;0&quot;,&quot;shutter_speed&quot;:&quot;0&quot;,&quot;title&quot;:&quot;&quot;,&quot;orientation&quot;:&quot;1&quot;}\" data-image-title=\"299_001\" data-image-description=\"\" data-image-caption=\"\" data-large-file=\"https:\/\/i0.wp.com\/patrimoine-avesnois.fr\/chemin\/wp-content\/uploads\/2019\/06\/299_001.jpg?fit=840%2C630\" src=\"https:\/\/i1.wp.com\/patrimoine-avesnois.fr\/chemin\/wp-content\/uploads\/2019\/06\/299_001.jpg?fit=840%2C630\" alt=\"\" class=\"wp-image-5821\" srcset=\"https:\/\/i0.wp.com\/patrimoine-avesnois.fr\/chemin\/wp-content\/uploads\/2019\/06\/299_001.jpg?w=1323 1323w, https:\/\/i0.wp.com\/patrimoine-avesnois.fr\/chemin\/wp-content\/uploads\/2019\/06\/299_001.jpg?resize=300%2C225 300w, https:\/\/i0.wp.com\/patrimoine-avesnois.fr\/chemin\/wp-content\/uploads\/2019\/06\/299_001.jpg?resize=768%2C576 768w, https:\/\/i0.wp.com\/patrimoine-avesnois.fr\/chemin\/wp-content\/uploads\/2019\/06\/299_001.jpg?resize=1024%2C768 1024w, https:\/\/i0.wp.com\/patrimoine-avesnois.fr\/chemin\/wp-content\/uploads\/2019\/06\/299_001.jpg?resize=1200%2C900 1200w\" sizes=\"auto, (max-width: 709px) 85vw, (max-width: 909px) 67vw, (max-width: 1362px) 62vw, 840px\" \/><\/figure>\n<\/div>\n\n\n<p class=\"wp-block-paragraph\"><\/p>\n\n\n\n<p class=\"wp-block-paragraph\">L&rsquo;int\u00e9rieur est int\u00e9ressant. On peut y voir :<\/p>\n\n\n<div class=\"wp-block-image is-resized\">\n<figure class=\"aligncenter\"><img data-recalc-dims=\"1\" loading=\"lazy\" decoding=\"async\" width=\"377\" height=\"503\" data-attachment-id=\"5822\" data-permalink=\"http:\/\/patrimoine-avesnois.fr\/chemin\/la-longueville\/image-863\/\" data-orig-file=\"https:\/\/i0.wp.com\/patrimoine-avesnois.fr\/chemin\/wp-content\/uploads\/2019\/06\/image-57.png?fit=377%2C503\" data-orig-size=\"377,503\" data-comments-opened=\"1\" data-image-meta=\"{&quot;aperture&quot;:&quot;0&quot;,&quot;credit&quot;:&quot;&quot;,&quot;camera&quot;:&quot;&quot;,&quot;caption&quot;:&quot;&quot;,&quot;created_timestamp&quot;:&quot;0&quot;,&quot;copyright&quot;:&quot;&quot;,&quot;focal_length&quot;:&quot;0&quot;,&quot;iso&quot;:&quot;0&quot;,&quot;shutter_speed&quot;:&quot;0&quot;,&quot;title&quot;:&quot;&quot;,&quot;orientation&quot;:&quot;0&quot;}\" data-image-title=\"image\" data-image-description=\"\" data-image-caption=\"\" data-large-file=\"https:\/\/i0.wp.com\/patrimoine-avesnois.fr\/chemin\/wp-content\/uploads\/2019\/06\/image-57.png?fit=377%2C503\" src=\"https:\/\/i0.wp.com\/patrimoine-avesnois.fr\/chemin\/wp-content\/uploads\/2019\/06\/image-57.png?resize=377%2C503\" alt=\"\" class=\"wp-image-5822\" srcset=\"https:\/\/i0.wp.com\/patrimoine-avesnois.fr\/chemin\/wp-content\/uploads\/2019\/06\/image-57.png?w=377 377w, https:\/\/i0.wp.com\/patrimoine-avesnois.fr\/chemin\/wp-content\/uploads\/2019\/06\/image-57.png?resize=225%2C300 225w\" sizes=\"auto, (max-width: 377px) 85vw, 377px\" \/><figcaption class=\"wp-element-caption\">Chaire de v\u00e9rit\u00e9<\/figcaption><\/figure>\n<\/div>\n\n\n<p class=\"wp-block-paragraph\"><\/p>\n\n\n\n<p class=\"wp-block-paragraph\">une chaire de v\u00e9rit\u00e9 de 1631, avec l&rsquo;effigie des quatre \u00e9vang\u00e9listes.<\/p>\n\n\n<div class=\"wp-block-image is-resized\">\n<figure class=\"aligncenter\"><img data-recalc-dims=\"1\" loading=\"lazy\" decoding=\"async\" width=\"404\" height=\"600\" data-attachment-id=\"5824\" data-permalink=\"http:\/\/patrimoine-avesnois.fr\/chemin\/la-longueville\/sap83_59w01171_p\/\" data-orig-file=\"https:\/\/i0.wp.com\/patrimoine-avesnois.fr\/chemin\/wp-content\/uploads\/2019\/06\/sap83_59w01171_p.jpg?fit=404%2C600\" data-orig-size=\"404,600\" data-comments-opened=\"1\" data-image-meta=\"{&quot;aperture&quot;:&quot;0&quot;,&quot;credit&quot;:&quot;&quot;,&quot;camera&quot;:&quot;PerfectionV700&quot;,&quot;caption&quot;:&quot;&quot;,&quot;created_timestamp&quot;:&quot;1278931532&quot;,&quot;copyright&quot;:&quot;&quot;,&quot;focal_length&quot;:&quot;0&quot;,&quot;iso&quot;:&quot;0&quot;,&quot;shutter_speed&quot;:&quot;0&quot;,&quot;title&quot;:&quot;&quot;,&quot;orientation&quot;:&quot;0&quot;}\" data-image-title=\"sap83_59w01171_p\" data-image-description=\"\" data-image-caption=\"\" data-large-file=\"https:\/\/i0.wp.com\/patrimoine-avesnois.fr\/chemin\/wp-content\/uploads\/2019\/06\/sap83_59w01171_p.jpg?fit=404%2C600\" src=\"https:\/\/i0.wp.com\/patrimoine-avesnois.fr\/chemin\/wp-content\/uploads\/2019\/06\/sap83_59w01171_p.jpg?resize=404%2C600\" alt=\"\" class=\"wp-image-5824\" srcset=\"https:\/\/i0.wp.com\/patrimoine-avesnois.fr\/chemin\/wp-content\/uploads\/2019\/06\/sap83_59w01171_p.jpg?w=404 404w, https:\/\/i0.wp.com\/patrimoine-avesnois.fr\/chemin\/wp-content\/uploads\/2019\/06\/sap83_59w01171_p.jpg?resize=202%2C300 202w\" sizes=\"auto, (max-width: 404px) 85vw, 404px\" \/><figcaption class=\"wp-element-caption\"><em>Christ en croix.  Minist\u00e8re de la culture &#8211; base Palissy  <\/em> <\/figcaption><\/figure>\n<\/div>\n\n\n<p class=\"wp-block-paragraph\"><\/p>\n\n\n\n<p class=\"wp-block-paragraph\">un tr\u00e8s beau Christ en croix qui semble provenir d&rsquo;une ancienne poutre de gloire XVI e si\u00e8cle.<\/p>\n\n\n<div class=\"wp-block-image is-resized\">\n<figure class=\"aligncenter\"><img data-recalc-dims=\"1\" loading=\"lazy\" decoding=\"async\" width=\"429\" height=\"277\" data-attachment-id=\"5823\" data-permalink=\"http:\/\/patrimoine-avesnois.fr\/chemin\/la-longueville\/autel\/\" data-orig-file=\"https:\/\/i0.wp.com\/patrimoine-avesnois.fr\/chemin\/wp-content\/uploads\/2019\/06\/Autel.jpg?fit=429%2C277\" data-orig-size=\"429,277\" data-comments-opened=\"1\" data-image-meta=\"{&quot;aperture&quot;:&quot;0&quot;,&quot;credit&quot;:&quot;CARRE&quot;,&quot;camera&quot;:&quot;&quot;,&quot;caption&quot;:&quot;&quot;,&quot;created_timestamp&quot;:&quot;1560341269&quot;,&quot;copyright&quot;:&quot;&quot;,&quot;focal_length&quot;:&quot;0&quot;,&quot;iso&quot;:&quot;0&quot;,&quot;shutter_speed&quot;:&quot;0&quot;,&quot;title&quot;:&quot;&quot;,&quot;orientation&quot;:&quot;0&quot;}\" data-image-title=\"Autel\" data-image-description=\"\" data-image-caption=\"\" data-large-file=\"https:\/\/i0.wp.com\/patrimoine-avesnois.fr\/chemin\/wp-content\/uploads\/2019\/06\/Autel.jpg?fit=429%2C277\" src=\"https:\/\/i0.wp.com\/patrimoine-avesnois.fr\/chemin\/wp-content\/uploads\/2019\/06\/Autel.jpg?resize=429%2C277\" alt=\"\" class=\"wp-image-5823\" srcset=\"https:\/\/i0.wp.com\/patrimoine-avesnois.fr\/chemin\/wp-content\/uploads\/2019\/06\/Autel.jpg?w=429 429w, https:\/\/i0.wp.com\/patrimoine-avesnois.fr\/chemin\/wp-content\/uploads\/2019\/06\/Autel.jpg?resize=300%2C194 300w\" sizes=\"auto, (max-width: 429px) 85vw, 429px\" \/><figcaption class=\"wp-element-caption\">Autel. <a href=\"http:\/\/www2.culture.gouv.fr\/public\/mistral\/palsri_fr?ACTION=CHERCHER&amp;FIELD_1=REF&amp;VALUE_1=PM59000985\" target=\"_blank\" rel=\"noreferrer noopener\" aria-label=\"MH (opens in a new tab)\">MH<\/a><\/figcaption><\/figure>\n<\/div>\n\n\n<p class=\"wp-block-paragraph\"><\/p>\n\n\n\n<p class=\"wp-block-paragraph\">Sous ce christ un autel qui est en fait une table Louis XV avec sous cette table aux pieds galb\u00e9s un Christ au tombeau.<\/p>\n\n\n\n<p class=\"wp-block-paragraph\"><\/p>\n\n\n<div class=\"wp-block-image is-resized\">\n<figure class=\"aligncenter\"><img loading=\"lazy\" decoding=\"async\" width=\"1625\" height=\"1095\" data-attachment-id=\"5827\" data-permalink=\"http:\/\/patrimoine-avesnois.fr\/chemin\/la-longueville\/563_001\/\" data-orig-file=\"https:\/\/i0.wp.com\/patrimoine-avesnois.fr\/chemin\/wp-content\/uploads\/2019\/06\/563_001.jpg?fit=1625%2C1095\" data-orig-size=\"1625,1095\" data-comments-opened=\"1\" data-image-meta=\"{&quot;aperture&quot;:&quot;0&quot;,&quot;credit&quot;:&quot;&quot;,&quot;camera&quot;:&quot;&quot;,&quot;caption&quot;:&quot;&quot;,&quot;created_timestamp&quot;:&quot;1560342014&quot;,&quot;copyright&quot;:&quot;&quot;,&quot;focal_length&quot;:&quot;0&quot;,&quot;iso&quot;:&quot;0&quot;,&quot;shutter_speed&quot;:&quot;0&quot;,&quot;title&quot;:&quot;&quot;,&quot;orientation&quot;:&quot;0&quot;}\" data-image-title=\"563_001\" data-image-description=\"\" data-image-caption=\"\" data-large-file=\"https:\/\/i0.wp.com\/patrimoine-avesnois.fr\/chemin\/wp-content\/uploads\/2019\/06\/563_001.jpg?fit=840%2C566\" src=\"https:\/\/i0.wp.com\/patrimoine-avesnois.fr\/chemin\/wp-content\/uploads\/2019\/06\/563_001.jpg?fit=840%2C566\" alt=\"\" class=\"wp-image-5827\" srcset=\"https:\/\/i0.wp.com\/patrimoine-avesnois.fr\/chemin\/wp-content\/uploads\/2019\/06\/563_001.jpg?w=1625 1625w, https:\/\/i0.wp.com\/patrimoine-avesnois.fr\/chemin\/wp-content\/uploads\/2019\/06\/563_001.jpg?resize=300%2C202 300w, https:\/\/i0.wp.com\/patrimoine-avesnois.fr\/chemin\/wp-content\/uploads\/2019\/06\/563_001.jpg?resize=768%2C518 768w, https:\/\/i0.wp.com\/patrimoine-avesnois.fr\/chemin\/wp-content\/uploads\/2019\/06\/563_001.jpg?resize=1024%2C690 1024w, https:\/\/i0.wp.com\/patrimoine-avesnois.fr\/chemin\/wp-content\/uploads\/2019\/06\/563_001.jpg?resize=1200%2C809 1200w\" sizes=\"auto, (max-width: 709px) 85vw, (max-width: 909px) 67vw, (max-width: 1362px) 62vw, 840px\" \/><figcaption class=\"wp-element-caption\">L&rsquo;\u00e9cole et la mairie Ann\u00e9e 1920<\/figcaption><\/figure>\n<\/div>\n\n\n<p class=\"wp-block-paragraph\"><\/p>\n\n\n<div class=\"wp-block-image is-resized\">\n<figure class=\"aligncenter\"><img loading=\"lazy\" decoding=\"async\" width=\"1456\" height=\"1028\" data-attachment-id=\"5866\" data-permalink=\"http:\/\/patrimoine-avesnois.fr\/chemin\/la-longueville\/594_001\/\" data-orig-file=\"https:\/\/i0.wp.com\/patrimoine-avesnois.fr\/chemin\/wp-content\/uploads\/2019\/06\/594_001.jpg?fit=1456%2C1028\" data-orig-size=\"1456,1028\" data-comments-opened=\"1\" data-image-meta=\"{&quot;aperture&quot;:&quot;0&quot;,&quot;credit&quot;:&quot;&quot;,&quot;camera&quot;:&quot;&quot;,&quot;caption&quot;:&quot;&quot;,&quot;created_timestamp&quot;:&quot;1560336376&quot;,&quot;copyright&quot;:&quot;&quot;,&quot;focal_length&quot;:&quot;0&quot;,&quot;iso&quot;:&quot;0&quot;,&quot;shutter_speed&quot;:&quot;0&quot;,&quot;title&quot;:&quot;&quot;,&quot;orientation&quot;:&quot;0&quot;}\" data-image-title=\"594_001\" data-image-description=\"\" data-image-caption=\"\" data-large-file=\"https:\/\/i0.wp.com\/patrimoine-avesnois.fr\/chemin\/wp-content\/uploads\/2019\/06\/594_001.jpg?fit=840%2C593\" src=\"https:\/\/i0.wp.com\/patrimoine-avesnois.fr\/chemin\/wp-content\/uploads\/2019\/06\/594_001.jpg?fit=840%2C593\" alt=\"\" class=\"wp-image-5866\" srcset=\"https:\/\/i0.wp.com\/patrimoine-avesnois.fr\/chemin\/wp-content\/uploads\/2019\/06\/594_001.jpg?w=1456 1456w, https:\/\/i0.wp.com\/patrimoine-avesnois.fr\/chemin\/wp-content\/uploads\/2019\/06\/594_001.jpg?resize=300%2C212 300w, https:\/\/i0.wp.com\/patrimoine-avesnois.fr\/chemin\/wp-content\/uploads\/2019\/06\/594_001.jpg?resize=768%2C542 768w, https:\/\/i0.wp.com\/patrimoine-avesnois.fr\/chemin\/wp-content\/uploads\/2019\/06\/594_001.jpg?resize=1024%2C723 1024w, https:\/\/i0.wp.com\/patrimoine-avesnois.fr\/chemin\/wp-content\/uploads\/2019\/06\/594_001.jpg?resize=1200%2C847 1200w\" sizes=\"auto, (max-width: 709px) 85vw, (max-width: 909px) 67vw, (max-width: 1362px) 62vw, 840px\" \/><figcaption class=\"wp-element-caption\"><em>Salle des f\u00eates et Mairie Carte postale Ann\u00e9e 1960<\/em> <\/figcaption><\/figure>\n<\/div>\n\n\n<p class=\"wp-block-paragraph\"><\/p>\n\n\n<div class=\"wp-block-image is-resized\">\n<figure class=\"aligncenter\"><img data-recalc-dims=\"1\" loading=\"lazy\" decoding=\"async\" width=\"742\" height=\"556\" data-attachment-id=\"5830\" data-permalink=\"http:\/\/patrimoine-avesnois.fr\/chemin\/la-longueville\/image-865\/\" data-orig-file=\"https:\/\/i0.wp.com\/patrimoine-avesnois.fr\/chemin\/wp-content\/uploads\/2019\/06\/image-59.png?fit=742%2C556\" data-orig-size=\"742,556\" data-comments-opened=\"1\" data-image-meta=\"{&quot;aperture&quot;:&quot;0&quot;,&quot;credit&quot;:&quot;&quot;,&quot;camera&quot;:&quot;&quot;,&quot;caption&quot;:&quot;&quot;,&quot;created_timestamp&quot;:&quot;0&quot;,&quot;copyright&quot;:&quot;&quot;,&quot;focal_length&quot;:&quot;0&quot;,&quot;iso&quot;:&quot;0&quot;,&quot;shutter_speed&quot;:&quot;0&quot;,&quot;title&quot;:&quot;&quot;,&quot;orientation&quot;:&quot;0&quot;}\" data-image-title=\"image\" data-image-description=\"\" data-image-caption=\"\" data-large-file=\"https:\/\/i0.wp.com\/patrimoine-avesnois.fr\/chemin\/wp-content\/uploads\/2019\/06\/image-59.png?fit=742%2C556\" src=\"https:\/\/i0.wp.com\/patrimoine-avesnois.fr\/chemin\/wp-content\/uploads\/2019\/06\/image-59.png?resize=742%2C556\" alt=\"\" class=\"wp-image-5830\" srcset=\"https:\/\/i0.wp.com\/patrimoine-avesnois.fr\/chemin\/wp-content\/uploads\/2019\/06\/image-59.png?w=742 742w, https:\/\/i0.wp.com\/patrimoine-avesnois.fr\/chemin\/wp-content\/uploads\/2019\/06\/image-59.png?resize=300%2C225 300w\" sizes=\"auto, (max-width: 742px) 85vw, 742px\" \/><figcaption class=\"wp-element-caption\">La Place Ann\u00e9e 2018<\/figcaption><\/figure>\n<\/div>\n\n\n<p class=\"wp-block-paragraph\"><\/p>\n\n\n<div class=\"wp-block-image is-resized\">\n<figure class=\"aligncenter\"><img data-recalc-dims=\"1\" loading=\"lazy\" decoding=\"async\" width=\"795\" height=\"614\" data-attachment-id=\"5834\" data-permalink=\"http:\/\/patrimoine-avesnois.fr\/chemin\/la-longueville\/salle-des-fetes-2\/\" data-orig-file=\"https:\/\/i0.wp.com\/patrimoine-avesnois.fr\/chemin\/wp-content\/uploads\/2019\/06\/Salle-des-F%C3%AAtes-1.jpg?fit=795%2C614\" data-orig-size=\"795,614\" data-comments-opened=\"1\" data-image-meta=\"{&quot;aperture&quot;:&quot;0&quot;,&quot;credit&quot;:&quot;CARRE&quot;,&quot;camera&quot;:&quot;&quot;,&quot;caption&quot;:&quot;&quot;,&quot;created_timestamp&quot;:&quot;1560345091&quot;,&quot;copyright&quot;:&quot;&quot;,&quot;focal_length&quot;:&quot;0&quot;,&quot;iso&quot;:&quot;0&quot;,&quot;shutter_speed&quot;:&quot;0&quot;,&quot;title&quot;:&quot;&quot;,&quot;orientation&quot;:&quot;1&quot;}\" data-image-title=\"Salle des F\u00eates\" data-image-description=\"\" data-image-caption=\"\" data-large-file=\"https:\/\/i0.wp.com\/patrimoine-avesnois.fr\/chemin\/wp-content\/uploads\/2019\/06\/Salle-des-F%C3%AAtes-1.jpg?fit=795%2C614\" src=\"https:\/\/i0.wp.com\/patrimoine-avesnois.fr\/chemin\/wp-content\/uploads\/2019\/06\/Salle-des-F%C3%AAtes-1.jpg?resize=795%2C614\" alt=\"\" class=\"wp-image-5834\" srcset=\"https:\/\/i0.wp.com\/patrimoine-avesnois.fr\/chemin\/wp-content\/uploads\/2019\/06\/Salle-des-F%C3%AAtes-1.jpg?w=795 795w, https:\/\/i0.wp.com\/patrimoine-avesnois.fr\/chemin\/wp-content\/uploads\/2019\/06\/Salle-des-F%C3%AAtes-1.jpg?resize=300%2C232 300w, https:\/\/i0.wp.com\/patrimoine-avesnois.fr\/chemin\/wp-content\/uploads\/2019\/06\/Salle-des-F%C3%AAtes-1.jpg?resize=768%2C593 768w\" sizes=\"auto, (max-width: 795px) 85vw, 795px\" \/><figcaption class=\"wp-element-caption\">L&rsquo;ancienne salle des f\u00eates a chang\u00e9 de vocation<br> <\/figcaption><\/figure>\n<\/div>\n\n\n<p class=\"wp-block-paragraph\"><\/p>\n\n\n\n<p class=\"wp-block-paragraph\">L\u2019ancienne salle des f\u00eates de La Longueville appara\u00eet d\u00e9j\u00e0 sur les cartes postales du tout d\u00e9but du XX\u1d49 si\u00e8cle, aux c\u00f4t\u00e9s de la mairie, formant un ensemble architectural embl\u00e9matique du c\u0153ur du village. Sa fa\u00e7ade monumentale en briques, rythm\u00e9e par trois grandes arcades de style n\u00e9o\u2011classique, t\u00e9moigne d\u2019une construction ant\u00e9rieure \u00e0 1920, probablement pens\u00e9e comme salle de r\u00e9unions publiques, maison des soci\u00e9t\u00e9s ou halle communale. Elle a ensuite servi, pendant plus d\u2019un si\u00e8cle, de salle des f\u00eates o\u00f9 se d\u00e9roulaient bals, banquets, assembl\u00e9es et manifestations locales.<\/p>\n\n\n\n<p class=\"wp-block-paragraph\">Avec le temps, le b\u00e2timent n\u2019a plus pu assurer sa fonction festive : son int\u00e9rieur ne r\u00e9pondait plus aux normes de s\u00e9curit\u00e9 et d\u2019accessibilit\u00e9. La municipalit\u00e9 a donc choisi de lui attribuer un nouvel usage, en le transformant en salle d\u00e9di\u00e9e au r\u00e9chauffage des plats lors des \u00e9v\u00e9nements communaux.<\/p>\n\n\n\n<p class=\"wp-block-paragraph\">Pour remplacer cet \u00e9quipement devenu insuffisant, le conseil municipal a lanc\u00e9, fin 2018, la construction d\u2019une <strong>nouvelle salle polyvalente<\/strong>. Ce complexe moderne, baptis\u00e9 <strong>Espace Sportif, Festif, Culturel et Interg\u00e9n\u00e9rationnel Nicolas Ladri\u00e8re<\/strong>, est implant\u00e9 derri\u00e8re le parking de l\u2019\u00e9cole, au sein de l\u2019<strong>Espace Roger Batailler<\/strong>. Con\u00e7u pour une polyvalence totale, il accueille d\u00e9sormais les activit\u00e9s sportives (basket, handball, tennis), les \u00e9v\u00e9nements culturels, les r\u00e9unions associatives et les f\u00eates communales. Une salle festive moderne, disponible \u00e0 la location, compl\u00e8te l\u2019ensemble.<\/p>\n\n\n\n<p class=\"wp-block-paragraph\">Enfin, la commune dispose aujourd\u2019hui d\u2019une <strong>Biblioth\u00e8que <\/strong>pleinement op\u00e9rationnelle et situ\u00e9e au <strong>5 rue de Mons<\/strong>. Plut\u00f4t qu\u2019une structure strictement ind\u00e9pendante, elle fonctionne comme un <strong>relais de lecture publique<\/strong>, proposant des ateliers, des animations, des actions culturelles et un acc\u00e8s aux ressources locales. Install\u00e9e dans l\u2019ancien local de la Poste, enti\u00e8rement r\u00e9habilit\u00e9, elle constitue d\u00e9sormais un v\u00e9ritable lieu de rencontre et de dynamisation culturelle au c\u0153ur du village.<\/p>\n\n\n\n<p class=\"wp-block-paragraph\"><\/p>\n\n\n<div class=\"wp-block-image\">\n<figure class=\"aligncenter size-full is-resized\"><img data-recalc-dims=\"1\" loading=\"lazy\" decoding=\"async\" width=\"569\" height=\"834\" data-attachment-id=\"29220\" data-permalink=\"http:\/\/patrimoine-avesnois.fr\/chemin\/la-longueville\/image-3445\/\" data-orig-file=\"https:\/\/i0.wp.com\/patrimoine-avesnois.fr\/chemin\/wp-content\/uploads\/2026\/08\/image-291.png?fit=569%2C834\" data-orig-size=\"569,834\" data-comments-opened=\"1\" data-image-meta=\"{&quot;aperture&quot;:&quot;0&quot;,&quot;credit&quot;:&quot;&quot;,&quot;camera&quot;:&quot;&quot;,&quot;caption&quot;:&quot;&quot;,&quot;created_timestamp&quot;:&quot;0&quot;,&quot;copyright&quot;:&quot;&quot;,&quot;focal_length&quot;:&quot;0&quot;,&quot;iso&quot;:&quot;0&quot;,&quot;shutter_speed&quot;:&quot;0&quot;,&quot;title&quot;:&quot;&quot;,&quot;orientation&quot;:&quot;0&quot;,&quot;alt&quot;:&quot;&quot;}\" data-image-title=\"image\" data-image-description=\"\" data-image-caption=\"\" data-large-file=\"https:\/\/i0.wp.com\/patrimoine-avesnois.fr\/chemin\/wp-content\/uploads\/2026\/08\/image-291.png?fit=569%2C834\" src=\"https:\/\/i0.wp.com\/patrimoine-avesnois.fr\/chemin\/wp-content\/uploads\/2026\/08\/image-291.png?resize=569%2C834&#038;ssl=1\" alt=\"\" class=\"wp-image-29220\" style=\"width:451px;height:auto\" srcset=\"https:\/\/i0.wp.com\/patrimoine-avesnois.fr\/chemin\/wp-content\/uploads\/2026\/08\/image-291.png?w=569 569w, https:\/\/i0.wp.com\/patrimoine-avesnois.fr\/chemin\/wp-content\/uploads\/2026\/08\/image-291.png?resize=205%2C300 205w\" sizes=\"auto, (max-width: 569px) 85vw, 569px\" \/><figcaption class=\"wp-element-caption\">Monument aux Morts.  GAUDIER-REMBAUX Soci\u00e9t\u00e9 graniti\u00e8re.<\/figcaption><\/figure>\n<\/div>\n\n\n<p class=\"wp-block-paragraph\"><\/p>\n\n\n\n<p class=\"wp-block-paragraph\">\u00c9rig\u00e9 entre 1920 et 1922, le monument a \u00e9t\u00e9 r\u00e9alis\u00e9 par la Soci\u00e9t\u00e9 graniti\u00e8re GAUDIER\u2011REMBAUX d\u2019Aulnoye, pour un co\u00fbt de 7 700 francs, financ\u00e9 par une souscription publique (4 736 frs) et un cr\u00e9dit communal (2 964 frs). C&rsquo;est un monument communal en pierre grise, de type ob\u00e9lisque sur pilier, orn\u00e9 d\u2019armes entrecrois\u00e9es, d\u2019un casque, d\u2019une palme et d\u2019une guirlande. Il est entour\u00e9 d\u2019une haie v\u00e9g\u00e9tale et situ\u00e9 pr\u00e8s de l\u2019\u00e9glise, le long de la Grand\u2011Rue (RD 68). Il comm\u00e9more les soldats de La Longueville morts aux conflits de 1870\u201171, 1914\u201118, 1939\u201145, Indochine et Alg\u00e9rie.<\/p>\n\n\n\n<p class=\"wp-block-paragraph\"><\/p>\n\n\n<div class=\"wp-block-image\">\n<figure class=\"aligncenter\"><img data-recalc-dims=\"1\" loading=\"lazy\" decoding=\"async\" width=\"641\" height=\"480\" data-attachment-id=\"5845\" data-permalink=\"http:\/\/patrimoine-avesnois.fr\/chemin\/la-longueville\/stele-4\/\" data-orig-file=\"https:\/\/i0.wp.com\/patrimoine-avesnois.fr\/chemin\/wp-content\/uploads\/2019\/06\/St%C3%A8le-1.jpg?fit=641%2C480\" data-orig-size=\"641,480\" data-comments-opened=\"1\" data-image-meta=\"{&quot;aperture&quot;:&quot;0&quot;,&quot;credit&quot;:&quot;CARRE&quot;,&quot;camera&quot;:&quot;&quot;,&quot;caption&quot;:&quot;&quot;,&quot;created_timestamp&quot;:&quot;1560348581&quot;,&quot;copyright&quot;:&quot;&quot;,&quot;focal_length&quot;:&quot;0&quot;,&quot;iso&quot;:&quot;0&quot;,&quot;shutter_speed&quot;:&quot;0&quot;,&quot;title&quot;:&quot;&quot;,&quot;orientation&quot;:&quot;0&quot;}\" data-image-title=\"St\u00e8le\" data-image-description=\"\" data-image-caption=\"\" data-large-file=\"https:\/\/i0.wp.com\/patrimoine-avesnois.fr\/chemin\/wp-content\/uploads\/2019\/06\/St%C3%A8le-1.jpg?fit=641%2C480\" src=\"https:\/\/i0.wp.com\/patrimoine-avesnois.fr\/chemin\/wp-content\/uploads\/2019\/06\/St%C3%A8le-1.jpg?resize=641%2C480\" alt=\"\" class=\"wp-image-5845\" srcset=\"https:\/\/i0.wp.com\/patrimoine-avesnois.fr\/chemin\/wp-content\/uploads\/2019\/06\/St%C3%A8le-1.jpg?w=641 641w, https:\/\/i0.wp.com\/patrimoine-avesnois.fr\/chemin\/wp-content\/uploads\/2019\/06\/St%C3%A8le-1.jpg?resize=300%2C225 300w\" sizes=\"auto, (max-width: 641px) 85vw, 641px\" \/><figcaption class=\"wp-element-caption\">St\u00e8le \u00e9rig\u00e9e \u00e0 la m\u00e9moire de William Wyatt Patton Jr. Impasse de la Gare<\/figcaption><\/figure>\n<\/div>\n\n\n<p class=\"wp-block-paragraph\"><\/p>\n\n\n<div class=\"wp-block-image\">\n<figure class=\"aligncenter is-resized\"><img data-recalc-dims=\"1\" loading=\"lazy\" decoding=\"async\" width=\"714\" height=\"535\" data-attachment-id=\"5846\" data-permalink=\"http:\/\/patrimoine-avesnois.fr\/chemin\/la-longueville\/stele1\/\" data-orig-file=\"https:\/\/i0.wp.com\/patrimoine-avesnois.fr\/chemin\/wp-content\/uploads\/2019\/06\/st%C3%A8le1.jpg?fit=714%2C535\" data-orig-size=\"714,535\" data-comments-opened=\"1\" data-image-meta=\"{&quot;aperture&quot;:&quot;0&quot;,&quot;credit&quot;:&quot;CARRE&quot;,&quot;camera&quot;:&quot;&quot;,&quot;caption&quot;:&quot;&quot;,&quot;created_timestamp&quot;:&quot;1560348707&quot;,&quot;copyright&quot;:&quot;&quot;,&quot;focal_length&quot;:&quot;0&quot;,&quot;iso&quot;:&quot;0&quot;,&quot;shutter_speed&quot;:&quot;0&quot;,&quot;title&quot;:&quot;&quot;,&quot;orientation&quot;:&quot;0&quot;}\" data-image-title=\"st\u00e8le1\" data-image-description=\"\" data-image-caption=\"\" data-large-file=\"https:\/\/i0.wp.com\/patrimoine-avesnois.fr\/chemin\/wp-content\/uploads\/2019\/06\/st%C3%A8le1.jpg?fit=714%2C535\" src=\"https:\/\/i0.wp.com\/patrimoine-avesnois.fr\/chemin\/wp-content\/uploads\/2019\/06\/st%C3%A8le1.jpg?resize=714%2C535\" alt=\"\" class=\"wp-image-5846\" style=\"width:650px;height:487px\" srcset=\"https:\/\/i0.wp.com\/patrimoine-avesnois.fr\/chemin\/wp-content\/uploads\/2019\/06\/st%C3%A8le1.jpg?w=714 714w, https:\/\/i0.wp.com\/patrimoine-avesnois.fr\/chemin\/wp-content\/uploads\/2019\/06\/st%C3%A8le1.jpg?resize=300%2C225 300w\" sizes=\"auto, (max-width: 714px) 85vw, 714px\" \/><figcaption class=\"wp-element-caption\">1st Lt William W. PATTON Jr. 8th Air Force 3rd   AD -55th Fighter Group 3rd Scout Force<br><\/figcaption><\/figure>\n<\/div>\n\n\n<p class=\"wp-block-paragraph\"><\/p>\n\n\n<div class=\"wp-block-image\">\n<figure class=\"aligncenter\"><img data-recalc-dims=\"1\" loading=\"lazy\" decoding=\"async\" width=\"484\" height=\"645\" data-attachment-id=\"5847\" data-permalink=\"http:\/\/patrimoine-avesnois.fr\/chemin\/la-longueville\/img-5502\/\" data-orig-file=\"https:\/\/i0.wp.com\/patrimoine-avesnois.fr\/chemin\/wp-content\/uploads\/2019\/06\/IMG-5502.jpg?fit=484%2C645\" data-orig-size=\"484,645\" data-comments-opened=\"1\" data-image-meta=\"{&quot;aperture&quot;:&quot;0&quot;,&quot;credit&quot;:&quot;CARRE&quot;,&quot;camera&quot;:&quot;&quot;,&quot;caption&quot;:&quot;&quot;,&quot;created_timestamp&quot;:&quot;1560348406&quot;,&quot;copyright&quot;:&quot;&quot;,&quot;focal_length&quot;:&quot;0&quot;,&quot;iso&quot;:&quot;0&quot;,&quot;shutter_speed&quot;:&quot;0&quot;,&quot;title&quot;:&quot;&quot;,&quot;orientation&quot;:&quot;1&quot;}\" data-image-title=\"IMG-5502\" data-image-description=\"\" data-image-caption=\"\" data-large-file=\"https:\/\/i0.wp.com\/patrimoine-avesnois.fr\/chemin\/wp-content\/uploads\/2019\/06\/IMG-5502.jpg?fit=484%2C645\" src=\"https:\/\/i0.wp.com\/patrimoine-avesnois.fr\/chemin\/wp-content\/uploads\/2019\/06\/IMG-5502.jpg?resize=484%2C645\" alt=\"\" class=\"wp-image-5847\" srcset=\"https:\/\/i0.wp.com\/patrimoine-avesnois.fr\/chemin\/wp-content\/uploads\/2019\/06\/IMG-5502.jpg?w=484 484w, https:\/\/i0.wp.com\/patrimoine-avesnois.fr\/chemin\/wp-content\/uploads\/2019\/06\/IMG-5502.jpg?resize=225%2C300 225w\" sizes=\"auto, (max-width: 484px) 85vw, 484px\" \/><figcaption class=\"wp-element-caption\">Lieu du crash : \u00e0 environ 700 m\u00e8tres de la st\u00e8le situ\u00e9e impasse de la gare. <\/figcaption><\/figure>\n<\/div>\n\n\n<p class=\"wp-block-paragraph\"><\/p>\n\n\n\n<p class=\"wp-block-paragraph\">Un avion am\u00e9ricain ( le P 51 Mustang n\u00b0 44-15331<em>) <\/em> s\u2019est \u00e9cras\u00e9 le 15 janvier 1945. Les restes de l&rsquo;avion et le corps du pilote ne furent retrouv\u00e9s qu&rsquo;en 2001.  <\/p>\n\n\n<div class=\"wp-block-image\">\n<figure class=\"aligncenter size-full is-resized\"><img data-recalc-dims=\"1\" loading=\"lazy\" decoding=\"async\" width=\"264\" height=\"206\" data-attachment-id=\"29223\" data-permalink=\"http:\/\/patrimoine-avesnois.fr\/chemin\/la-longueville\/image-3446\/\" data-orig-file=\"https:\/\/i0.wp.com\/patrimoine-avesnois.fr\/chemin\/wp-content\/uploads\/2026\/08\/image-292.png?fit=264%2C206\" data-orig-size=\"264,206\" data-comments-opened=\"1\" data-image-meta=\"{&quot;aperture&quot;:&quot;0&quot;,&quot;credit&quot;:&quot;&quot;,&quot;camera&quot;:&quot;&quot;,&quot;caption&quot;:&quot;&quot;,&quot;created_timestamp&quot;:&quot;0&quot;,&quot;copyright&quot;:&quot;&quot;,&quot;focal_length&quot;:&quot;0&quot;,&quot;iso&quot;:&quot;0&quot;,&quot;shutter_speed&quot;:&quot;0&quot;,&quot;title&quot;:&quot;&quot;,&quot;orientation&quot;:&quot;0&quot;,&quot;alt&quot;:&quot;&quot;}\" data-image-title=\"image\" data-image-description=\"\" data-image-caption=\"\" data-large-file=\"https:\/\/i0.wp.com\/patrimoine-avesnois.fr\/chemin\/wp-content\/uploads\/2026\/08\/image-292.png?fit=264%2C206\" src=\"https:\/\/i0.wp.com\/patrimoine-avesnois.fr\/chemin\/wp-content\/uploads\/2026\/08\/image-292.png?resize=264%2C206&#038;ssl=1\" alt=\"\" class=\"wp-image-29223\" style=\"width:414px;height:auto\"\/><figcaption class=\"wp-element-caption\">Lt William Patton Jr Photo du site <a aria-label=\"americanairmuseum (opens in a new tab)\" href=\"http:\/\/www.americanairmuseum.com\/person\/236935\" target=\"_blank\" rel=\"noreferrer noopener\">americanairmuseum<\/a><\/figcaption><\/figure>\n<\/div>\n\n\n<p class=\"wp-block-paragraph\"><\/p>\n\n\n\n<p class=\"wp-block-paragraph\">Le Lieutenant William Patton Jr fut tu\u00e9 le 15 janvier 1945 alors qu&rsquo;il effectuait une mission de reconnaissance m\u00e9t\u00e9orologique. Il avait d\u00e9coll\u00e9 de la base de Wormingford, situ\u00e9e \u00e0 9,7 km au nord-ouest de Colchester dans l&rsquo;Essex  en Angleterre. Le contact radio fut perdu suite \u00e0 un 180 \u00b0 dans le brouillard vers 11 h 15.<\/p>\n\n\n<div class=\"wp-block-image\">\n<figure class=\"aligncenter is-resized\"><img decoding=\"async\" src=\"http:\/\/i2.wp.com\/www.calvaires-avesnois.fr\/wp-content\/uploads\/2016\/09\/1280px-LaLonguevilleCalvaire_chauss%C3%A9ebavay050607_5-1.jpg?resize=840%2C630\" alt=\"Calvaire rue Pasteur\/ rue de Bavay\" style=\"width:630px;height:473px\"\/><figcaption class=\"wp-element-caption\"><em>Calvaire rue Pasteur\/ rue de Bavay<\/em> <\/figcaption><\/figure>\n<\/div>\n\n\n<p class=\"wp-block-paragraph\"><\/p>\n\n\n<div class=\"wp-block-image\">\n<figure class=\"aligncenter is-resized\"><img decoding=\"async\" src=\"https:\/\/upload.wikimedia.org\/wikipedia\/commons\/thumb\/5\/57\/LaLonguevilleCalvaire_chauss%C3%A9ebavay050607_%284%29.JPG\/1280px-LaLonguevilleCalvaire_chauss%C3%A9ebavay050607_%284%29.JPG\" alt=\"\" style=\"width:640px;height:480px\"\/><figcaption class=\"wp-element-caption\">Le socle du calvaire de La Longueville repr\u00e9sente <strong>la D\u00e9ploration du Christ<\/strong>, avec : <strong>Marie, Jean, Marie\u2011Madeleine, Marie de Cl\u00e9ophas, Marie Salom\u00e9, Joseph d\u2019Arimathie et Nicod\u00e8me.<\/strong><\/figcaption><\/figure>\n<\/div>\n\n\n<p class=\"wp-block-paragraph\"><\/p>\n\n\n<div class=\"wp-block-image\">\n<figure class=\"aligncenter is-resized\"><img data-recalc-dims=\"1\" decoding=\"async\" src=\"https:\/\/i0.wp.com\/oratoiresetchapelles-avesnois.fr\/wp-content\/uploads\/2017\/06\/Capture-6.png?w=840\" alt=\"Capture\" style=\"width:666px;height:595px\"\/><figcaption class=\"wp-element-caption\"><a href=\"http:\/\/oratoiresetchapelles-avesnois.fr\/la-longueville\/\" target=\"_blank\" rel=\"noreferrer noopener\" aria-label=\"6 oratoires et 2 chapelles (opens in a new tab)\">6 oratoires et 2 chapelles<\/a><\/figcaption><\/figure>\n<\/div>\n\n\n<p class=\"wp-block-paragraph\"><\/p>\n\n\n\n<p class=\"wp-block-paragraph\"><strong>Economie : <\/strong><\/p>\n\n\n\n<p class=\"wp-block-paragraph\">L\u2019agriculture, l\u2019\u00e9levage et la sylviculture furent les activit\u00e9s dominantes.<\/p>\n\n\n<div class=\"wp-block-image\">\n<figure class=\"aligncenter is-resized\"><img decoding=\"async\" src=\"https:\/\/upload.wikimedia.org\/wikipedia\/commons\/thumb\/1\/17\/Lelouvion_lalongueville050607_%2832%29.JPG\/1280px-Lelouvion_lalongueville050607_%2832%29.JPG\" alt=\"\" style=\"width:640px;height:480px\"\/><figcaption class=\"wp-element-caption\">Pigeonnier au lieu-dit le Louvion. <\/figcaption><\/figure>\n<\/div>\n\n\n<p class=\"wp-block-paragraph\"><\/p>\n\n\n<div class=\"wp-block-image\">\n<figure class=\"aligncenter is-resized\"><img loading=\"lazy\" decoding=\"async\" width=\"1056\" height=\"792\" data-attachment-id=\"5853\" data-permalink=\"http:\/\/patrimoine-avesnois.fr\/chemin\/la-longueville\/capture-148\/\" data-orig-file=\"https:\/\/i0.wp.com\/patrimoine-avesnois.fr\/chemin\/wp-content\/uploads\/2019\/06\/Capture-26.jpg?fit=1056%2C792\" data-orig-size=\"1056,792\" data-comments-opened=\"1\" data-image-meta=\"{&quot;aperture&quot;:&quot;0&quot;,&quot;credit&quot;:&quot;CARRE&quot;,&quot;camera&quot;:&quot;&quot;,&quot;caption&quot;:&quot;&quot;,&quot;created_timestamp&quot;:&quot;1560352345&quot;,&quot;copyright&quot;:&quot;&quot;,&quot;focal_length&quot;:&quot;0&quot;,&quot;iso&quot;:&quot;0&quot;,&quot;shutter_speed&quot;:&quot;0&quot;,&quot;title&quot;:&quot;&quot;,&quot;orientation&quot;:&quot;0&quot;}\" data-image-title=\"Capture\" data-image-description=\"\" data-image-caption=\"\" data-large-file=\"https:\/\/i0.wp.com\/patrimoine-avesnois.fr\/chemin\/wp-content\/uploads\/2019\/06\/Capture-26.jpg?fit=840%2C630\" src=\"https:\/\/i0.wp.com\/patrimoine-avesnois.fr\/chemin\/wp-content\/uploads\/2019\/06\/Capture-26.jpg?fit=840%2C630\" alt=\"\" class=\"wp-image-5853\" style=\"width:640px;height:480px\" srcset=\"https:\/\/i0.wp.com\/patrimoine-avesnois.fr\/chemin\/wp-content\/uploads\/2019\/06\/Capture-26.jpg?w=1056 1056w, https:\/\/i0.wp.com\/patrimoine-avesnois.fr\/chemin\/wp-content\/uploads\/2019\/06\/Capture-26.jpg?resize=300%2C225 300w, https:\/\/i0.wp.com\/patrimoine-avesnois.fr\/chemin\/wp-content\/uploads\/2019\/06\/Capture-26.jpg?resize=768%2C576 768w, https:\/\/i0.wp.com\/patrimoine-avesnois.fr\/chemin\/wp-content\/uploads\/2019\/06\/Capture-26.jpg?resize=1024%2C768 1024w\" sizes=\"auto, (max-width: 709px) 85vw, (max-width: 909px) 67vw, (max-width: 1362px) 62vw, 840px\" \/><figcaption class=\"wp-element-caption\">Ancien porche de ferme Rue Maxime Qu\u00e9vy sur la D 95 <\/figcaption><\/figure>\n<\/div>\n\n\n<p class=\"wp-block-paragraph\"><\/p>\n\n\n\n<p class=\"wp-block-paragraph\">Sur le sol de la commune, on comptait autrefois deux moulins \u00e0 eau, une brasserie, deux briqueteries, quatre carri\u00e8res de sable et de nombreuses fermes, dont certaines du XVIII\u1d49 si\u00e8cle subsistent encore aujourd\u2019hui.<\/p>\n\n\n\n<p class=\"wp-block-paragraph\">Les moulins : <\/p>\n\n\n\n<p class=\"wp-block-paragraph\">Un moulin \u00e0 eau existe sous l\u2019ancien r\u00e9gime et un second est b\u00e2ti durant la p\u00e9riode r\u00e9volutionnaire. Cliquer <a rel=\"noreferrer noopener\" aria-label=\"ici (opens in a new tab)\" href=\"http:\/\/www.moulins-avesnois.fr\/lhogneau-et-ses-moulins\/\" target=\"_blank\">ici<\/a> pour mieux appr\u00e9hender leur histoire. <\/p>\n\n\n<div class=\"wp-block-image\">\n<figure class=\"aligncenter is-resized\"><img data-recalc-dims=\"1\" decoding=\"async\" data-attachment-id=\"499\" data-permalink=\"http:\/\/patrimoine-avesnois.fr\/chemin\/bousies\/image-37\/\" data-orig-file=\"https:\/\/i0.wp.com\/patrimoine-avesnois.fr\/chemin\/wp-content\/uploads\/2019\/04\/image-15.png?fit=904%2C678\" data-orig-size=\"904,678\" data-comments-opened=\"1\" data-image-meta=\"{&quot;aperture&quot;:&quot;0&quot;,&quot;credit&quot;:&quot;&quot;,&quot;camera&quot;:&quot;&quot;,&quot;caption&quot;:&quot;&quot;,&quot;created_timestamp&quot;:&quot;0&quot;,&quot;copyright&quot;:&quot;&quot;,&quot;focal_length&quot;:&quot;0&quot;,&quot;iso&quot;:&quot;0&quot;,&quot;shutter_speed&quot;:&quot;0&quot;,&quot;title&quot;:&quot;&quot;,&quot;orientation&quot;:&quot;0&quot;}\" data-image-title=\"image\" data-image-description=\"\" data-image-caption=\"\" data-large-file=\"https:\/\/i0.wp.com\/patrimoine-avesnois.fr\/chemin\/wp-content\/uploads\/2019\/04\/image-15.png?fit=840%2C630\" src=\"https:\/\/i0.wp.com\/www.moulins-avesnois.fr\/wp-content\/uploads\/2018\/10\/La-Longueville.png?w=840\" alt=\"\" class=\"wp-image-499\" style=\"width:670px;height:417px\"\/><figcaption class=\"wp-element-caption\">La Longueville et ses deux anciens moulins <\/figcaption><\/figure>\n<\/div>\n\n\n<p class=\"wp-block-paragraph\"><\/p>\n\n\n\n<figure class=\"wp-block-gallery has-nested-images columns-default is-cropped wp-block-gallery-1 is-layout-flex wp-block-gallery-is-layout-flex\">\n<figure class=\"wp-block-image size-large\"><img data-recalc-dims=\"1\" loading=\"lazy\" decoding=\"async\" width=\"750\" height=\"563\" data-attachment-id=\"5837\" data-permalink=\"http:\/\/patrimoine-avesnois.fr\/chemin\/la-longueville\/la-longueville\/\" data-orig-file=\"https:\/\/i0.wp.com\/patrimoine-avesnois.fr\/chemin\/wp-content\/uploads\/2019\/06\/La-Longueville-.png?fit=750%2C563\" data-orig-size=\"750,563\" data-comments-opened=\"1\" data-image-meta=\"{&quot;aperture&quot;:&quot;0&quot;,&quot;credit&quot;:&quot;&quot;,&quot;camera&quot;:&quot;&quot;,&quot;caption&quot;:&quot;&quot;,&quot;created_timestamp&quot;:&quot;0&quot;,&quot;copyright&quot;:&quot;&quot;,&quot;focal_length&quot;:&quot;0&quot;,&quot;iso&quot;:&quot;0&quot;,&quot;shutter_speed&quot;:&quot;0&quot;,&quot;title&quot;:&quot;&quot;,&quot;orientation&quot;:&quot;0&quot;}\" data-image-title=\"La-Longueville-\" data-image-description=\"\" data-image-caption=\"\" data-large-file=\"https:\/\/i0.wp.com\/patrimoine-avesnois.fr\/chemin\/wp-content\/uploads\/2019\/06\/La-Longueville-.png?fit=750%2C563\" data-id=\"5837\" src=\"https:\/\/i0.wp.com\/patrimoine-avesnois.fr\/chemin\/wp-content\/uploads\/2019\/06\/La-Longueville-.png?resize=750%2C563&#038;ssl=1\" alt=\"\" class=\"wp-image-5837\" srcset=\"https:\/\/i0.wp.com\/patrimoine-avesnois.fr\/chemin\/wp-content\/uploads\/2019\/06\/La-Longueville-.png?w=750 750w, https:\/\/i0.wp.com\/patrimoine-avesnois.fr\/chemin\/wp-content\/uploads\/2019\/06\/La-Longueville-.png?resize=300%2C225 300w\" sizes=\"auto, (max-width: 750px) 85vw, 750px\" \/><figcaption class=\"wp-element-caption\">Moulin du seigneur<\/figcaption><\/figure>\n\n\n\n<figure class=\"wp-block-image size-large\"><img data-recalc-dims=\"1\" loading=\"lazy\" decoding=\"async\" width=\"840\" height=\"630\" data-attachment-id=\"5838\" data-permalink=\"http:\/\/patrimoine-avesnois.fr\/chemin\/la-longueville\/la-longueville-1\/\" data-orig-file=\"https:\/\/i0.wp.com\/patrimoine-avesnois.fr\/chemin\/wp-content\/uploads\/2019\/06\/La-Longueville-1.jpg?fit=936%2C702\" data-orig-size=\"936,702\" data-comments-opened=\"1\" data-image-meta=\"{&quot;aperture&quot;:&quot;0&quot;,&quot;credit&quot;:&quot;&quot;,&quot;camera&quot;:&quot;&quot;,&quot;caption&quot;:&quot;&quot;,&quot;created_timestamp&quot;:&quot;1394401352&quot;,&quot;copyright&quot;:&quot;&quot;,&quot;focal_length&quot;:&quot;0&quot;,&quot;iso&quot;:&quot;0&quot;,&quot;shutter_speed&quot;:&quot;0&quot;,&quot;title&quot;:&quot;&quot;,&quot;orientation&quot;:&quot;1&quot;}\" data-image-title=\"La-Longueville-1\" data-image-description=\"\" data-image-caption=\"\" data-large-file=\"https:\/\/i0.wp.com\/patrimoine-avesnois.fr\/chemin\/wp-content\/uploads\/2019\/06\/La-Longueville-1.jpg?fit=840%2C630\" data-id=\"5838\" src=\"https:\/\/i0.wp.com\/patrimoine-avesnois.fr\/chemin\/wp-content\/uploads\/2019\/06\/La-Longueville-1.jpg?resize=840%2C630&#038;ssl=1\" alt=\"\" class=\"wp-image-5838\" srcset=\"https:\/\/i0.wp.com\/patrimoine-avesnois.fr\/chemin\/wp-content\/uploads\/2019\/06\/La-Longueville-1.jpg?w=936 936w, https:\/\/i0.wp.com\/patrimoine-avesnois.fr\/chemin\/wp-content\/uploads\/2019\/06\/La-Longueville-1.jpg?resize=300%2C225 300w, https:\/\/i0.wp.com\/patrimoine-avesnois.fr\/chemin\/wp-content\/uploads\/2019\/06\/La-Longueville-1.jpg?resize=768%2C576 768w\" sizes=\"auto, (max-width: 709px) 85vw, (max-width: 909px) 67vw, (max-width: 1362px) 62vw, 840px\" \/><figcaption class=\"wp-element-caption\">Moulin au Bois<\/figcaption><\/figure>\n<\/figure>\n\n\n\n<p class=\"wp-block-paragraph\"><\/p>\n\n\n\n<p class=\"wp-block-paragraph\">La brasserie :<\/p>\n\n\n<div class=\"wp-block-image\">\n<figure class=\"aligncenter is-resized\"><img loading=\"lazy\" decoding=\"async\" width=\"1535\" height=\"974\" data-attachment-id=\"5841\" data-permalink=\"http:\/\/patrimoine-avesnois.fr\/chemin\/la-longueville\/528_001\/\" data-orig-file=\"https:\/\/i0.wp.com\/patrimoine-avesnois.fr\/chemin\/wp-content\/uploads\/2019\/06\/528_001.jpg?fit=1535%2C974\" data-orig-size=\"1535,974\" data-comments-opened=\"1\" data-image-meta=\"{&quot;aperture&quot;:&quot;0&quot;,&quot;credit&quot;:&quot;&quot;,&quot;camera&quot;:&quot;&quot;,&quot;caption&quot;:&quot;&quot;,&quot;created_timestamp&quot;:&quot;1560336348&quot;,&quot;copyright&quot;:&quot;&quot;,&quot;focal_length&quot;:&quot;0&quot;,&quot;iso&quot;:&quot;0&quot;,&quot;shutter_speed&quot;:&quot;0&quot;,&quot;title&quot;:&quot;&quot;,&quot;orientation&quot;:&quot;0&quot;}\" data-image-title=\"528_001\" data-image-description=\"\" data-image-caption=\"\" data-large-file=\"https:\/\/i0.wp.com\/patrimoine-avesnois.fr\/chemin\/wp-content\/uploads\/2019\/06\/528_001.jpg?fit=840%2C533\" src=\"https:\/\/i1.wp.com\/patrimoine-avesnois.fr\/chemin\/wp-content\/uploads\/2019\/06\/528_001.jpg?fit=840%2C533\" alt=\"\" class=\"wp-image-5841\" style=\"width:630px;height:400px\" srcset=\"https:\/\/i0.wp.com\/patrimoine-avesnois.fr\/chemin\/wp-content\/uploads\/2019\/06\/528_001.jpg?w=1535 1535w, https:\/\/i0.wp.com\/patrimoine-avesnois.fr\/chemin\/wp-content\/uploads\/2019\/06\/528_001.jpg?resize=300%2C190 300w, https:\/\/i0.wp.com\/patrimoine-avesnois.fr\/chemin\/wp-content\/uploads\/2019\/06\/528_001.jpg?resize=768%2C487 768w, https:\/\/i0.wp.com\/patrimoine-avesnois.fr\/chemin\/wp-content\/uploads\/2019\/06\/528_001.jpg?resize=1024%2C650 1024w, https:\/\/i0.wp.com\/patrimoine-avesnois.fr\/chemin\/wp-content\/uploads\/2019\/06\/528_001.jpg?resize=1200%2C761 1200w\" sizes=\"auto, (max-width: 709px) 85vw, (max-width: 909px) 67vw, (max-width: 1362px) 62vw, 840px\" \/><figcaption class=\"wp-element-caption\">La brasserie Forta<\/figcaption><\/figure>\n<\/div>\n\n\n<p class=\"wp-block-paragraph\"><\/p>\n\n\n<div class=\"wp-block-image\">\n<figure class=\"aligncenter is-resized\"><img data-recalc-dims=\"1\" loading=\"lazy\" decoding=\"async\" width=\"716\" height=\"352\" data-attachment-id=\"5840\" data-permalink=\"http:\/\/patrimoine-avesnois.fr\/chemin\/la-longueville\/image-866\/\" data-orig-file=\"https:\/\/i0.wp.com\/patrimoine-avesnois.fr\/chemin\/wp-content\/uploads\/2019\/06\/image-60.png?fit=716%2C352\" data-orig-size=\"716,352\" data-comments-opened=\"1\" data-image-meta=\"{&quot;aperture&quot;:&quot;0&quot;,&quot;credit&quot;:&quot;&quot;,&quot;camera&quot;:&quot;&quot;,&quot;caption&quot;:&quot;&quot;,&quot;created_timestamp&quot;:&quot;0&quot;,&quot;copyright&quot;:&quot;&quot;,&quot;focal_length&quot;:&quot;0&quot;,&quot;iso&quot;:&quot;0&quot;,&quot;shutter_speed&quot;:&quot;0&quot;,&quot;title&quot;:&quot;&quot;,&quot;orientation&quot;:&quot;0&quot;}\" data-image-title=\"image\" data-image-description=\"\" data-image-caption=\"\" data-large-file=\"https:\/\/i0.wp.com\/patrimoine-avesnois.fr\/chemin\/wp-content\/uploads\/2019\/06\/image-60.png?fit=716%2C352\" src=\"https:\/\/i0.wp.com\/patrimoine-avesnois.fr\/chemin\/wp-content\/uploads\/2019\/06\/image-60.png?resize=716%2C352\" alt=\"\" class=\"wp-image-5840\" style=\"width:537px;height:264px\" srcset=\"https:\/\/i0.wp.com\/patrimoine-avesnois.fr\/chemin\/wp-content\/uploads\/2019\/06\/image-60.png?w=716 716w, https:\/\/i0.wp.com\/patrimoine-avesnois.fr\/chemin\/wp-content\/uploads\/2019\/06\/image-60.png?resize=300%2C147 300w\" sizes=\"auto, (max-width: 716px) 85vw, 716px\" \/><figcaption class=\"wp-element-caption\"><a href=\"http:\/\/lesbrasseriesdelavesnois.fr\/c_ba_lalongueville.html\" target=\"_blank\" rel=\"noreferrer noopener\" aria-label=\"lesbrasseriesdelavesnois (opens in a new tab)\">lesbrasseriesdelavesnois<\/a><\/figcaption><\/figure>\n<\/div>\n\n\n<p class=\"wp-block-paragraph\"><\/p>\n\n\n<div class=\"wp-block-image\">\n<figure class=\"aligncenter is-resized\"><img data-recalc-dims=\"1\" loading=\"lazy\" decoding=\"async\" width=\"482\" height=\"363\" data-attachment-id=\"5849\" data-permalink=\"http:\/\/patrimoine-avesnois.fr\/chemin\/la-longueville\/img-5503\/\" data-orig-file=\"https:\/\/i0.wp.com\/patrimoine-avesnois.fr\/chemin\/wp-content\/uploads\/2019\/06\/IMG-5503.jpg?fit=482%2C363\" data-orig-size=\"482,363\" data-comments-opened=\"1\" data-image-meta=\"{&quot;aperture&quot;:&quot;0&quot;,&quot;credit&quot;:&quot;CARRE&quot;,&quot;camera&quot;:&quot;&quot;,&quot;caption&quot;:&quot;&quot;,&quot;created_timestamp&quot;:&quot;1560351246&quot;,&quot;copyright&quot;:&quot;&quot;,&quot;focal_length&quot;:&quot;0&quot;,&quot;iso&quot;:&quot;0&quot;,&quot;shutter_speed&quot;:&quot;0&quot;,&quot;title&quot;:&quot;&quot;,&quot;orientation&quot;:&quot;1&quot;}\" data-image-title=\"IMG-5503\" data-image-description=\"\" data-image-caption=\"\" data-large-file=\"https:\/\/i0.wp.com\/patrimoine-avesnois.fr\/chemin\/wp-content\/uploads\/2019\/06\/IMG-5503.jpg?fit=482%2C363\" src=\"https:\/\/i0.wp.com\/patrimoine-avesnois.fr\/chemin\/wp-content\/uploads\/2019\/06\/IMG-5503.jpg?resize=482%2C363\" alt=\"\" class=\"wp-image-5849\" style=\"width:426px;height:320px\" srcset=\"https:\/\/i0.wp.com\/patrimoine-avesnois.fr\/chemin\/wp-content\/uploads\/2019\/06\/IMG-5503.jpg?w=482 482w, https:\/\/i0.wp.com\/patrimoine-avesnois.fr\/chemin\/wp-content\/uploads\/2019\/06\/IMG-5503.jpg?resize=300%2C226 300w\" sizes=\"auto, (max-width: 482px) 85vw, 482px\" \/><figcaption class=\"wp-element-caption\"><em>La fontaine ste Aldegonde \u00e0 la Longueville<\/em> <\/figcaption><\/figure>\n<\/div>\n\n\n<p class=\"wp-block-paragraph\"><\/p>\n\n\n\n<p class=\"wp-block-paragraph\">Une ancienne l\u00e9gende raconte que la fontaine serait n\u00e9e d\u2019un \u00e9pisode merveilleux li\u00e9 \u00e0 <strong>Sainte Aldegonde<\/strong>, native de Cousolre et fondatrice de Maubeuge au VII\u1d49 si\u00e8cle. Un prince anglais, <strong>Eudon<\/strong>, \u00e9pris de la jeune fille, tenta de l\u2019enlever alors qu\u2019elle traversait La Longueville. Aldegonde, refusant ses avances, chercha \u00e0 s\u2019\u00e9chapper. Le prince parvint \u00e0 saisir un pan de son v\u00eatement, mais au m\u00eame instant, la sainte disparut miraculeusement. Dans sa main, il ne tenait plus qu\u2019une <strong>grenouille<\/strong>, qu\u2019il jeta de d\u00e9pit.<\/p>\n\n\n\n<p class=\"wp-block-paragraph\">\u00c0 peine l\u2019animal toucha\u2011t\u2011il le sol qu\u2019une <strong>source jaillit<\/strong>, marquant l\u2019endroit d\u2019un signe divin. Depuis lors, la fontaine est consid\u00e9r\u00e9e comme un lieu <strong>protecteur<\/strong>, associ\u00e9 \u00e0 la puret\u00e9, \u00e0 la fuite miraculeuse de la sainte et \u00e0 la puissance de l\u2019eau dans les r\u00e9cits hagiographiques.<\/p>\n\n\n\n<p class=\"wp-block-paragraph\">Cette l\u00e9gende, rapport\u00e9e notamment dans le <em>Guide de Flandre et Artois myst\u00e9rieux<\/em>, s\u2019inscrit dans la tradition m\u00e9di\u00e9vale o\u00f9 les saints laissent derri\u00e8re eux des <strong>sources gu\u00e9risseuses<\/strong>, des <strong>fontaines miraculeuses<\/strong> ou des <strong>traces de leur passage<\/strong>. \u00c0 La Longueville, la Fontaine Sainte\u2011Aldegonde demeure ainsi un \u00e9l\u00e9ment majeur du patrimoine local, m\u00ealant histoire, d\u00e9votion et merveilleux.<\/p>\n\n\n\n<p class=\"has-text-align-center wp-block-paragraph\">***<\/p>\n\n\n\n<p class=\"wp-block-paragraph\">Notons qu&rsquo;\u00e0 la fin du printemps 2022, \u00e0 l&rsquo;initiative du pr\u00e9sident Laurent Gilliot de l&rsquo;association Chapelle Sainte Aldegonde, un chemin de randonn\u00e9e va voir le jour avec quatre \u00e0 cinq itin\u00e9raires afin de mieux faire d\u00e9couvrir le patrimoine de ce village.<\/p>\n\n\n\n<p class=\"wp-block-paragraph\">Depuis, le projet s\u2019est concr\u00e9tis\u00e9 avec la cr\u00e9ation de plusieurs parcours officiels, dont le circuit \u201cDe Sainte\u2011Aldegonde \u00e0 Patton\u201d et le grand itin\u00e9raire th\u00e9matique \u201cDans les pas de Sainte\u2011Aldegonde\u201d.<\/p>\n\n\n<div class=\"wp-block-image\">\n<figure class=\"aligncenter is-resized\"><img data-recalc-dims=\"1\" loading=\"lazy\" decoding=\"async\" width=\"840\" height=\"605\" data-attachment-id=\"5872\" data-permalink=\"http:\/\/patrimoine-avesnois.fr\/chemin\/la-longueville\/033_001-2\/\" data-orig-file=\"https:\/\/i0.wp.com\/patrimoine-avesnois.fr\/chemin\/wp-content\/uploads\/2019\/06\/033_001-1.jpg?fit=854%2C615\" data-orig-size=\"854,615\" data-comments-opened=\"1\" data-image-meta=\"{&quot;aperture&quot;:&quot;0&quot;,&quot;credit&quot;:&quot;&quot;,&quot;camera&quot;:&quot;&quot;,&quot;caption&quot;:&quot;&quot;,&quot;created_timestamp&quot;:&quot;1560336411&quot;,&quot;copyright&quot;:&quot;&quot;,&quot;focal_length&quot;:&quot;0&quot;,&quot;iso&quot;:&quot;0&quot;,&quot;shutter_speed&quot;:&quot;0&quot;,&quot;title&quot;:&quot;&quot;,&quot;orientation&quot;:&quot;0&quot;}\" data-image-title=\"033_001\" data-image-description=\"\" data-image-caption=\"\" data-large-file=\"https:\/\/i0.wp.com\/patrimoine-avesnois.fr\/chemin\/wp-content\/uploads\/2019\/06\/033_001-1.jpg?fit=840%2C605\" src=\"https:\/\/i0.wp.com\/patrimoine-avesnois.fr\/chemin\/wp-content\/uploads\/2019\/06\/033_001-1.jpg?resize=840%2C605\" alt=\"\" class=\"wp-image-5872\" style=\"width:609px;height:440px\" srcset=\"https:\/\/i0.wp.com\/patrimoine-avesnois.fr\/chemin\/wp-content\/uploads\/2019\/06\/033_001-1.jpg?w=854 854w, https:\/\/i0.wp.com\/patrimoine-avesnois.fr\/chemin\/wp-content\/uploads\/2019\/06\/033_001-1.jpg?resize=300%2C216 300w, https:\/\/i0.wp.com\/patrimoine-avesnois.fr\/chemin\/wp-content\/uploads\/2019\/06\/033_001-1.jpg?resize=768%2C553 768w\" sizes=\"auto, (max-width: 709px) 85vw, (max-width: 909px) 67vw, (max-width: 1362px) 62vw, 840px\" \/><\/figure>\n<\/div>\n\n\n<p class=\"wp-block-paragraph\"><\/p>\n","protected":false},"excerpt":{"rendered":"<p>La Longueville parait tirer son nom d&rsquo;une \u00ab\u00a0villa\u00a0\u00bb ou \u00ab\u00a0ferme\u00a0\u00bb situ\u00e9e sur l\u2019ancienne chauss\u00e9e romaine allant de Bavay \u00e0 Tr\u00eaves. L\u2019aqueduc qui alimentait Bavay passait par La Longueville. Cependant il n&rsquo;est fait mention du village qu&rsquo;\u00e0 partir du XI e si\u00e8cle.&nbsp; Il fut alors \u00e9lev\u00e9 \u00e0 l\u2019\u00e9poque de Richilde et de son fils Bauduin, au &hellip; <a href=\"http:\/\/patrimoine-avesnois.fr\/chemin\/la-longueville\/\" class=\"more-link\">Continuer la lecture<span class=\"screen-reader-text\"> de &laquo;&nbsp;La Longueville&nbsp;&raquo;<\/span><\/a><\/p>\n","protected":false},"author":2,"featured_media":0,"parent":0,"menu_order":0,"comment_status":"closed","ping_status":"closed","template":"","meta":{"footnotes":""},"class_list":["post-5819","page","type-page","status-publish","hentry"],"jetpack_sharing_enabled":true,"jetpack_shortlink":"https:\/\/wp.me\/PaOEkN-1vR","jetpack-related-posts":[],"_links":{"self":[{"href":"http:\/\/patrimoine-avesnois.fr\/chemin\/wp-json\/wp\/v2\/pages\/5819","targetHints":{"allow":["GET"]}}],"collection":[{"href":"http:\/\/patrimoine-avesnois.fr\/chemin\/wp-json\/wp\/v2\/pages"}],"about":[{"href":"http:\/\/patrimoine-avesnois.fr\/chemin\/wp-json\/wp\/v2\/types\/page"}],"author":[{"embeddable":true,"href":"http:\/\/patrimoine-avesnois.fr\/chemin\/wp-json\/wp\/v2\/users\/2"}],"replies":[{"embeddable":true,"href":"http:\/\/patrimoine-avesnois.fr\/chemin\/wp-json\/wp\/v2\/comments?post=5819"}],"version-history":[{"count":12,"href":"http:\/\/patrimoine-avesnois.fr\/chemin\/wp-json\/wp\/v2\/pages\/5819\/revisions"}],"predecessor-version":[{"id":29233,"href":"http:\/\/patrimoine-avesnois.fr\/chemin\/wp-json\/wp\/v2\/pages\/5819\/revisions\/29233"}],"wp:attachment":[{"href":"http:\/\/patrimoine-avesnois.fr\/chemin\/wp-json\/wp\/v2\/media?parent=5819"}],"curies":[{"name":"wp","href":"https:\/\/api.w.org\/{rel}","templated":true}]}}