{"id":6818,"date":"2019-06-30T14:10:07","date_gmt":"2019-06-30T12:10:07","guid":{"rendered":"http:\/\/patrimoine-avesnois.fr\/chemin\/?page_id=6818"},"modified":"2023-07-14T18:23:32","modified_gmt":"2023-07-14T16:23:32","slug":"poix-du-nord","status":"publish","type":"page","link":"http:\/\/patrimoine-avesnois.fr\/chemin\/poix-du-nord\/","title":{"rendered":"Poix-du-Nord"},"content":{"rendered":"<div class=\"wp-block-image\">\n<figure class=\"aligncenter is-resized\"><img loading=\"lazy\" decoding=\"async\" data-attachment-id=\"6819\" data-permalink=\"http:\/\/patrimoine-avesnois.fr\/chemin\/poix-du-nord\/532_001\/\" data-orig-file=\"https:\/\/i0.wp.com\/patrimoine-avesnois.fr\/chemin\/wp-content\/uploads\/2019\/06\/532_001.jpg?fit=1618%2C1038\" data-orig-size=\"1618,1038\" data-comments-opened=\"1\" data-image-meta=\"{&quot;aperture&quot;:&quot;0&quot;,&quot;credit&quot;:&quot;&quot;,&quot;camera&quot;:&quot;&quot;,&quot;caption&quot;:&quot;&quot;,&quot;created_timestamp&quot;:&quot;1561886348&quot;,&quot;copyright&quot;:&quot;&quot;,&quot;focal_length&quot;:&quot;0&quot;,&quot;iso&quot;:&quot;0&quot;,&quot;shutter_speed&quot;:&quot;0&quot;,&quot;title&quot;:&quot;&quot;,&quot;orientation&quot;:&quot;0&quot;}\" data-image-title=\"532_001\" data-image-description=\"\" data-image-caption=\"\" data-large-file=\"https:\/\/i0.wp.com\/patrimoine-avesnois.fr\/chemin\/wp-content\/uploads\/2019\/06\/532_001.jpg?fit=840%2C539\" src=\"https:\/\/i1.wp.com\/patrimoine-avesnois.fr\/chemin\/wp-content\/uploads\/2019\/06\/532_001.jpg?fit=840%2C539\" alt=\"\" class=\"wp-image-6819\" width=\"630\" height=\"404\" srcset=\"https:\/\/i0.wp.com\/patrimoine-avesnois.fr\/chemin\/wp-content\/uploads\/2019\/06\/532_001.jpg?w=1618 1618w, https:\/\/i0.wp.com\/patrimoine-avesnois.fr\/chemin\/wp-content\/uploads\/2019\/06\/532_001.jpg?resize=300%2C192 300w, https:\/\/i0.wp.com\/patrimoine-avesnois.fr\/chemin\/wp-content\/uploads\/2019\/06\/532_001.jpg?resize=768%2C493 768w, https:\/\/i0.wp.com\/patrimoine-avesnois.fr\/chemin\/wp-content\/uploads\/2019\/06\/532_001.jpg?resize=1024%2C657 1024w, https:\/\/i0.wp.com\/patrimoine-avesnois.fr\/chemin\/wp-content\/uploads\/2019\/06\/532_001.jpg?resize=1200%2C770 1200w\" sizes=\"auto, (max-width: 630px) 85vw, 630px\" \/><figcaption class=\"wp-element-caption\">Vue a\u00e9rienne de Poix-du-Nord : salle des f\u00eates et \u00e9glise<\/figcaption><\/figure>\n<\/div>\n\n<div class=\"wp-block-image\">\n<figure class=\"aligncenter is-resized\"><img loading=\"lazy\" decoding=\"async\" data-attachment-id=\"6820\" data-permalink=\"http:\/\/patrimoine-avesnois.fr\/chemin\/poix-du-nord\/515_001-2\/\" data-orig-file=\"https:\/\/i0.wp.com\/patrimoine-avesnois.fr\/chemin\/wp-content\/uploads\/2019\/06\/515_001.jpg?fit=1601%2C1061\" data-orig-size=\"1601,1061\" data-comments-opened=\"1\" data-image-meta=\"{&quot;aperture&quot;:&quot;0&quot;,&quot;credit&quot;:&quot;&quot;,&quot;camera&quot;:&quot;&quot;,&quot;caption&quot;:&quot;&quot;,&quot;created_timestamp&quot;:&quot;1561886261&quot;,&quot;copyright&quot;:&quot;&quot;,&quot;focal_length&quot;:&quot;0&quot;,&quot;iso&quot;:&quot;0&quot;,&quot;shutter_speed&quot;:&quot;0&quot;,&quot;title&quot;:&quot;&quot;,&quot;orientation&quot;:&quot;0&quot;}\" data-image-title=\"515_001\" data-image-description=\"\" data-image-caption=\"\" data-large-file=\"https:\/\/i0.wp.com\/patrimoine-avesnois.fr\/chemin\/wp-content\/uploads\/2019\/06\/515_001.jpg?fit=840%2C557\" src=\"https:\/\/i1.wp.com\/patrimoine-avesnois.fr\/chemin\/wp-content\/uploads\/2019\/06\/515_001.jpg?fit=840%2C557\" alt=\"\" class=\"wp-image-6820\" width=\"630\" height=\"418\" srcset=\"https:\/\/i0.wp.com\/patrimoine-avesnois.fr\/chemin\/wp-content\/uploads\/2019\/06\/515_001.jpg?w=1601 1601w, https:\/\/i0.wp.com\/patrimoine-avesnois.fr\/chemin\/wp-content\/uploads\/2019\/06\/515_001.jpg?resize=300%2C199 300w, https:\/\/i0.wp.com\/patrimoine-avesnois.fr\/chemin\/wp-content\/uploads\/2019\/06\/515_001.jpg?resize=768%2C509 768w, https:\/\/i0.wp.com\/patrimoine-avesnois.fr\/chemin\/wp-content\/uploads\/2019\/06\/515_001.jpg?resize=1024%2C679 1024w, https:\/\/i0.wp.com\/patrimoine-avesnois.fr\/chemin\/wp-content\/uploads\/2019\/06\/515_001.jpg?resize=1200%2C795 1200w\" sizes=\"auto, (max-width: 630px) 85vw, 630px\" \/><figcaption class=\"wp-element-caption\">Vue a\u00e9rienne de l&rsquo;\u00e9glise de Poix-du-Nord<\/figcaption><\/figure>\n<\/div>\n\n\n<p>Poix du Nord fut occup\u00e9e tr\u00e8s t\u00f4t comme le d\u00e9montre la mise au jour de restes d\u2019une villa romaine au hameau de Wagnonville. Vers 650, Poix appartenait au comt\u00e9 de Famars. En 749 un conflit entre l\u2019abbaye Saint-Denis et celle de Maroilles eut pour objet le hameau de Wagnonville.<\/p>\n\n\n\n<p>En 1131, la possession de l&rsquo;\u00e9glise et de ses d\u00e9pendances, de la manse seigneuriale et de 14 manses de serfs, de 20 bonniers de terre et de 2 journels de pr\u00e9 fut confirm\u00e9e \u00e0 l&rsquo;abbaye de Maroilles par l&rsquo;\u00e9v\u00eaque Li\u00e9tard.&nbsp; En 1186, il formait une paroisse du d\u00e9canat d&rsquo;Haspres. <br>Roger, seigneur de Poix, fut tu\u00e9 en 1415 \u00e0 la bataille d&rsquo;Azincourt. <\/p>\n\n\n\n<p>Poix \u00e9tait d\u00e9j\u00e0 \u00e9rig\u00e9 en seigneurie mouvante du comt\u00e9 de Hainaut en l&rsquo;an 1446, car, \u00e0 cette \u00e9poque, elle passa entre les mains de Bauduin Chastelain, vicomte de Th\u00e9rouanne, pair de Flandre, et fut poss\u00e9d\u00e9e par ses descendants jusqu&rsquo;en 1815. Leur ch\u00e2teau a depuis longtemps disparu.<\/p>\n\n\n\n<p>Au cours du XIXe si\u00e8cle, la commune connut un essor industriel consid\u00e9rable : agriculture, briqueterie, four \u00e0 chaux, tuileries, ateliers de tissage \u00e0 domicile, filatures, fabrique de chicor\u00e9e, ateliers m\u00e9tallurgiques. <\/p>\n\n\n\n<p>Le village a beaucoup souffert de la guerre de 1914. Les filatures \u00e9taient sa principale industrie.<\/p>\n\n\n\n<p>Poix-du-Nord est la patrie de Fran\u00e7ois Joseph Talma (1763 1826). Ce grand trag\u00e9dien, dont la famille est originaire de Poix o\u00f9 il v\u00e9cut lui-m\u00eame quelques ann\u00e9es de son enfance, acteur favori de Napol\u00e9on Ier, est une figure embl\u00e9matique de la commune. <\/p>\n\n\n<div class=\"wp-block-image\">\n<figure class=\"aligncenter is-resized\"><img loading=\"lazy\" decoding=\"async\" src=\"https:\/\/upload.wikimedia.org\/wikipedia\/commons\/thumb\/b\/b7\/Poix_du_Nord_%28Nord%2C_Fr%29_%C3%A9glise%2C_vue_lat%C3%A9rale.JPG\/1280px-Poix_du_Nord_%28Nord%2C_Fr%29_%C3%A9glise%2C_vue_lat%C3%A9rale.JPG\" alt=\"\" width=\"640\" height=\"480\"\/><figcaption class=\"wp-element-caption\">L&rsquo;\u00e9glise St Martin de Poix du Nord. <\/figcaption><\/figure>\n<\/div>\n\n<div class=\"wp-block-image\">\n<figure class=\"aligncenter size-large is-resized\"><img data-recalc-dims=\"1\" loading=\"lazy\" decoding=\"async\" data-attachment-id=\"18994\" data-permalink=\"http:\/\/patrimoine-avesnois.fr\/chemin\/poix-du-nord\/img_0957\/\" data-orig-file=\"https:\/\/i0.wp.com\/patrimoine-avesnois.fr\/chemin\/wp-content\/uploads\/2023\/07\/IMG_0957-scaled.jpg?fit=1717%2C2560\" data-orig-size=\"1717,2560\" data-comments-opened=\"1\" data-image-meta=\"{&quot;aperture&quot;:&quot;2.2&quot;,&quot;credit&quot;:&quot;&quot;,&quot;camera&quot;:&quot;iPhone SE (1st generation)&quot;,&quot;caption&quot;:&quot;&quot;,&quot;created_timestamp&quot;:&quot;1689071705&quot;,&quot;copyright&quot;:&quot;&quot;,&quot;focal_length&quot;:&quot;4.15&quot;,&quot;iso&quot;:&quot;25&quot;,&quot;shutter_speed&quot;:&quot;0.00063694267515924&quot;,&quot;title&quot;:&quot;&quot;,&quot;orientation&quot;:&quot;1&quot;}\" data-image-title=\"IMG_0957\" data-image-description=\"\" data-image-caption=\"\" data-large-file=\"https:\/\/i0.wp.com\/patrimoine-avesnois.fr\/chemin\/wp-content\/uploads\/2023\/07\/IMG_0957-scaled.jpg?fit=687%2C1024\" src=\"https:\/\/i0.wp.com\/patrimoine-avesnois.fr\/chemin\/wp-content\/uploads\/2023\/07\/IMG_0957-687x1024.jpg?resize=344%2C512&#038;ssl=1\" alt=\"\" class=\"wp-image-18994\" width=\"344\" height=\"512\" srcset=\"https:\/\/i0.wp.com\/patrimoine-avesnois.fr\/chemin\/wp-content\/uploads\/2023\/07\/IMG_0957-scaled.jpg?resize=687%2C1024 687w, https:\/\/i0.wp.com\/patrimoine-avesnois.fr\/chemin\/wp-content\/uploads\/2023\/07\/IMG_0957-scaled.jpg?resize=201%2C300 201w, https:\/\/i0.wp.com\/patrimoine-avesnois.fr\/chemin\/wp-content\/uploads\/2023\/07\/IMG_0957-scaled.jpg?resize=768%2C1145 768w, https:\/\/i0.wp.com\/patrimoine-avesnois.fr\/chemin\/wp-content\/uploads\/2023\/07\/IMG_0957-scaled.jpg?resize=1030%2C1536 1030w, https:\/\/i0.wp.com\/patrimoine-avesnois.fr\/chemin\/wp-content\/uploads\/2023\/07\/IMG_0957-scaled.jpg?resize=1373%2C2048 1373w, https:\/\/i0.wp.com\/patrimoine-avesnois.fr\/chemin\/wp-content\/uploads\/2023\/07\/IMG_0957-scaled.jpg?resize=1200%2C1790 1200w, https:\/\/i0.wp.com\/patrimoine-avesnois.fr\/chemin\/wp-content\/uploads\/2023\/07\/IMG_0957-scaled.jpg?w=1717 1717w\" sizes=\"auto, (max-width: 344px) 85vw, 344px\" \/><figcaption class=\"wp-element-caption\">L&rsquo;\u00e9glise St Martin de Poix du Nord. 1894<\/figcaption><\/figure>\n<\/div>\n\n<div class=\"wp-block-image\">\n<figure class=\"aligncenter size-large is-resized\"><img data-recalc-dims=\"1\" loading=\"lazy\" decoding=\"async\" data-attachment-id=\"18996\" data-permalink=\"http:\/\/patrimoine-avesnois.fr\/chemin\/poix-du-nord\/img_0956\/\" data-orig-file=\"https:\/\/i0.wp.com\/patrimoine-avesnois.fr\/chemin\/wp-content\/uploads\/2023\/07\/IMG_0956-scaled.jpg?fit=1920%2C2560\" data-orig-size=\"1920,2560\" data-comments-opened=\"1\" data-image-meta=\"{&quot;aperture&quot;:&quot;2.2&quot;,&quot;credit&quot;:&quot;&quot;,&quot;camera&quot;:&quot;iPhone SE (1st generation)&quot;,&quot;caption&quot;:&quot;&quot;,&quot;created_timestamp&quot;:&quot;1689071442&quot;,&quot;copyright&quot;:&quot;&quot;,&quot;focal_length&quot;:&quot;4.15&quot;,&quot;iso&quot;:&quot;25&quot;,&quot;shutter_speed&quot;:&quot;0.00048100048100048&quot;,&quot;title&quot;:&quot;&quot;,&quot;orientation&quot;:&quot;1&quot;}\" data-image-title=\"IMG_0956\" data-image-description=\"\" data-image-caption=\"\" data-large-file=\"https:\/\/i0.wp.com\/patrimoine-avesnois.fr\/chemin\/wp-content\/uploads\/2023\/07\/IMG_0956-scaled.jpg?fit=768%2C1024\" src=\"https:\/\/i0.wp.com\/patrimoine-avesnois.fr\/chemin\/wp-content\/uploads\/2023\/07\/IMG_0956-768x1024.jpg?resize=384%2C512&#038;ssl=1\" alt=\"\" class=\"wp-image-18996\" width=\"384\" height=\"512\" srcset=\"https:\/\/i0.wp.com\/patrimoine-avesnois.fr\/chemin\/wp-content\/uploads\/2023\/07\/IMG_0956-scaled.jpg?resize=768%2C1024 768w, https:\/\/i0.wp.com\/patrimoine-avesnois.fr\/chemin\/wp-content\/uploads\/2023\/07\/IMG_0956-scaled.jpg?resize=225%2C300 225w, https:\/\/i0.wp.com\/patrimoine-avesnois.fr\/chemin\/wp-content\/uploads\/2023\/07\/IMG_0956-scaled.jpg?resize=1152%2C1536 1152w, https:\/\/i0.wp.com\/patrimoine-avesnois.fr\/chemin\/wp-content\/uploads\/2023\/07\/IMG_0956-scaled.jpg?resize=1536%2C2048 1536w, https:\/\/i0.wp.com\/patrimoine-avesnois.fr\/chemin\/wp-content\/uploads\/2023\/07\/IMG_0956-scaled.jpg?resize=1200%2C1600 1200w, https:\/\/i0.wp.com\/patrimoine-avesnois.fr\/chemin\/wp-content\/uploads\/2023\/07\/IMG_0956-scaled.jpg?w=1920 1920w, https:\/\/i0.wp.com\/patrimoine-avesnois.fr\/chemin\/wp-content\/uploads\/2023\/07\/IMG_0956-scaled.jpg?w=1680 1680w\" sizes=\"auto, (max-width: 384px) 85vw, 384px\" \/><figcaption class=\"wp-element-caption\">Portail de l&rsquo;\u00e9glise  de Poix du Nord <br>avec son joli tympan repr\u00e9sentant St Martin<\/figcaption><\/figure>\n<\/div>\n\n\n<div class=\"wp-block-media-text alignwide is-stacked-on-mobile\"><figure class=\"wp-block-media-text__media\"><img data-recalc-dims=\"1\" loading=\"lazy\" decoding=\"async\" width=\"430\" height=\"305\" data-attachment-id=\"19011\" data-permalink=\"http:\/\/patrimoine-avesnois.fr\/chemin\/poix-du-nord\/ancienne-eglise-1\/\" data-orig-file=\"https:\/\/i0.wp.com\/patrimoine-avesnois.fr\/chemin\/wp-content\/uploads\/2023\/07\/Ancienne-eglise-1.jpg?fit=430%2C305\" data-orig-size=\"430,305\" data-comments-opened=\"1\" data-image-meta=\"{&quot;aperture&quot;:&quot;0&quot;,&quot;credit&quot;:&quot;CARRE&quot;,&quot;camera&quot;:&quot;&quot;,&quot;caption&quot;:&quot;&quot;,&quot;created_timestamp&quot;:&quot;1689281844&quot;,&quot;copyright&quot;:&quot;&quot;,&quot;focal_length&quot;:&quot;0&quot;,&quot;iso&quot;:&quot;0&quot;,&quot;shutter_speed&quot;:&quot;0&quot;,&quot;title&quot;:&quot;&quot;,&quot;orientation&quot;:&quot;1&quot;}\" data-image-title=\"Ancienne-eglise-1\" data-image-description=\"\" data-image-caption=\"\" data-large-file=\"https:\/\/i0.wp.com\/patrimoine-avesnois.fr\/chemin\/wp-content\/uploads\/2023\/07\/Ancienne-eglise-1.jpg?fit=430%2C305\" src=\"https:\/\/i0.wp.com\/patrimoine-avesnois.fr\/chemin\/wp-content\/uploads\/2023\/07\/Ancienne-eglise-1.jpg?resize=430%2C305&#038;ssl=1\" alt=\"\" class=\"wp-image-19011 size-full\" srcset=\"https:\/\/i0.wp.com\/patrimoine-avesnois.fr\/chemin\/wp-content\/uploads\/2023\/07\/Ancienne-eglise-1.jpg?w=430 430w, https:\/\/i0.wp.com\/patrimoine-avesnois.fr\/chemin\/wp-content\/uploads\/2023\/07\/Ancienne-eglise-1.jpg?resize=300%2C213 300w\" sizes=\"auto, (max-width: 430px) 85vw, 430px\" \/><\/figure><div class=\"wp-block-media-text__content\">\n<p>Le dimanche 9 juillet 1893 \u00e0 3 heures de l&rsquo;apr\u00e8s-midi furent c\u00e9l\u00e9br\u00e9es les derni\u00e8res v\u00eapres dans l&rsquo;ancienne \u00e9glise que voici. La foule \u00e9tait telle pour assister a l&rsquo;\u00e9v\u00e8nement que l&rsquo;\u00e9difice ne put la contenir. <\/p>\n<\/div><\/div>\n\n\n\n<p>Cette ancienne \u00e9glise comportait une seule nef et une tour carr\u00e9e o\u00f9 se trouvaient un puit et un four. Les nefs lat\u00e9rales furent ajout\u00e9es en 1575. Deux cents ans auparavant FENELON dans une lettre adress\u00e9e au marquis Charles-Etienne MAIGNART de BERNIERES (Intendant du Hainaut du 18 ao\u00fbt 1698 jusqu&rsquo;\u00e0 sa mort le 22 d\u00e9cembre 1717) \u00e9crivait \u00abMonsieur le Pasteur de POIX se trouve dans impuissance de rem\u00e9dier \u00e0 la pauvret\u00e9 et \u00e0 l&rsquo; ind\u00e9cence de son \u00e9glise \u00bb. (L&rsquo;Abb\u00e9 DEPERIE Pr\u00eatre de 1692 \u00e0 1707).<\/p>\n\n\n\n<p>Le 21 novembre 1892 le Conseil Municipal prend la d\u00e9cision de donner une nouvelle \u00e9glise a Poix du Nord.<\/p>\n\n\n\n<p>Le 2 f\u00e9vrier 1893 sont adopt\u00e9s les plans de l&rsquo;architecte A. LALLEMANT de Cambrai, sont accept\u00e9s les devis et soumis au vote le budget allou\u00e9 \u00e0 sa construction. Le devis s&rsquo;\u00e9levait \u00e0 87,000 fr de l&rsquo;\u00e9poque. L&rsquo;\u00e9tat, le d\u00e9partement et la commune fournirent ensemble deux cinqui\u00e8mes de cette somme. Le conseil de fabrique de la paroisse fournit en 10 ans 2,500 fr. Mr l&rsquo;abb\u00e9 MERESSE mit tout en \u0153uvre pour trouver le solde. De plus il trouva les 28,000fr n\u00e9cessaires \u00e0 l&rsquo;achat du grand autel, des vitraux et autres \u00e9l\u00e9ments de d\u00e9cors. <\/p>\n\n\n<div class=\"wp-block-image\">\n<figure class=\"aligncenter size-large is-resized\"><img data-recalc-dims=\"1\" loading=\"lazy\" decoding=\"async\" data-attachment-id=\"19037\" data-permalink=\"http:\/\/patrimoine-avesnois.fr\/chemin\/poix-du-nord\/img_0988\/\" data-orig-file=\"https:\/\/i0.wp.com\/patrimoine-avesnois.fr\/chemin\/wp-content\/uploads\/2023\/07\/IMG_0988-scaled.jpg?fit=1920%2C2560\" data-orig-size=\"1920,2560\" data-comments-opened=\"1\" data-image-meta=\"{&quot;aperture&quot;:&quot;2.2&quot;,&quot;credit&quot;:&quot;&quot;,&quot;camera&quot;:&quot;iPhone SE (1st generation)&quot;,&quot;caption&quot;:&quot;&quot;,&quot;created_timestamp&quot;:&quot;1689072656&quot;,&quot;copyright&quot;:&quot;&quot;,&quot;focal_length&quot;:&quot;4.15&quot;,&quot;iso&quot;:&quot;200&quot;,&quot;shutter_speed&quot;:&quot;0.05&quot;,&quot;title&quot;:&quot;&quot;,&quot;orientation&quot;:&quot;1&quot;}\" data-image-title=\"IMG_0988\" data-image-description=\"\" data-image-caption=\"\" data-large-file=\"https:\/\/i0.wp.com\/patrimoine-avesnois.fr\/chemin\/wp-content\/uploads\/2023\/07\/IMG_0988-scaled.jpg?fit=768%2C1024\" src=\"https:\/\/i0.wp.com\/patrimoine-avesnois.fr\/chemin\/wp-content\/uploads\/2023\/07\/IMG_0988-768x1024.jpg?resize=364%2C486&#038;ssl=1\" alt=\"\" class=\"wp-image-19037\" width=\"364\" height=\"486\" srcset=\"https:\/\/i0.wp.com\/patrimoine-avesnois.fr\/chemin\/wp-content\/uploads\/2023\/07\/IMG_0988-scaled.jpg?resize=768%2C1024 768w, https:\/\/i0.wp.com\/patrimoine-avesnois.fr\/chemin\/wp-content\/uploads\/2023\/07\/IMG_0988-scaled.jpg?resize=225%2C300 225w, https:\/\/i0.wp.com\/patrimoine-avesnois.fr\/chemin\/wp-content\/uploads\/2023\/07\/IMG_0988-scaled.jpg?resize=1152%2C1536 1152w, https:\/\/i0.wp.com\/patrimoine-avesnois.fr\/chemin\/wp-content\/uploads\/2023\/07\/IMG_0988-scaled.jpg?resize=1536%2C2048 1536w, https:\/\/i0.wp.com\/patrimoine-avesnois.fr\/chemin\/wp-content\/uploads\/2023\/07\/IMG_0988-scaled.jpg?resize=1200%2C1600 1200w, https:\/\/i0.wp.com\/patrimoine-avesnois.fr\/chemin\/wp-content\/uploads\/2023\/07\/IMG_0988-scaled.jpg?w=1920 1920w, https:\/\/i0.wp.com\/patrimoine-avesnois.fr\/chemin\/wp-content\/uploads\/2023\/07\/IMG_0988-scaled.jpg?w=1680 1680w\" sizes=\"auto, (max-width: 364px) 85vw, 364px\" \/><\/figure>\n<\/div>\n\n\n<p>le 27 ao\u00fbt 1893, b\u00e9n\u00e9diction de la premi\u00e8re pierre en pr\u00e9sence de Monseigneur MONNIER. Le 30 septembre 1894, inauguration et cons\u00e9cration de la nouvelle \u00e9glise par Monseigneur SONNOIS. L&rsquo;\u0153uvre fut boucl\u00e9e en 22 mois am\u00e9nagements int\u00e9rieurs compris. L&rsquo;abb\u00e9 MERESSE et M Gaston DUCORNET maire appuy\u00e9s par toute la population ont mis d\u00e9ploy\u00e9 une \u00e9nergie consid\u00e9rable \u00e0 ce projet.<\/p>\n\n\n<div class=\"wp-block-image\">\n<figure class=\"aligncenter size-large is-resized\"><img data-recalc-dims=\"1\" loading=\"lazy\" decoding=\"async\" data-attachment-id=\"19038\" data-permalink=\"http:\/\/patrimoine-avesnois.fr\/chemin\/poix-du-nord\/img_0989\/\" data-orig-file=\"https:\/\/i0.wp.com\/patrimoine-avesnois.fr\/chemin\/wp-content\/uploads\/2023\/07\/IMG_0989-scaled.jpg?fit=2560%2C1536\" data-orig-size=\"2560,1536\" data-comments-opened=\"1\" data-image-meta=\"{&quot;aperture&quot;:&quot;2.2&quot;,&quot;credit&quot;:&quot;&quot;,&quot;camera&quot;:&quot;iPhone SE (1st generation)&quot;,&quot;caption&quot;:&quot;&quot;,&quot;created_timestamp&quot;:&quot;1689072666&quot;,&quot;copyright&quot;:&quot;&quot;,&quot;focal_length&quot;:&quot;4.15&quot;,&quot;iso&quot;:&quot;200&quot;,&quot;shutter_speed&quot;:&quot;0.04&quot;,&quot;title&quot;:&quot;&quot;,&quot;orientation&quot;:&quot;1&quot;}\" data-image-title=\"IMG_0989\" data-image-description=\"\" data-image-caption=\"\" data-large-file=\"https:\/\/i0.wp.com\/patrimoine-avesnois.fr\/chemin\/wp-content\/uploads\/2023\/07\/IMG_0989-scaled.jpg?fit=840%2C504\" src=\"https:\/\/i0.wp.com\/patrimoine-avesnois.fr\/chemin\/wp-content\/uploads\/2023\/07\/IMG_0989-1024x614.jpg?resize=512%2C307&#038;ssl=1\" alt=\"\" class=\"wp-image-19038\" width=\"512\" height=\"307\" srcset=\"https:\/\/i0.wp.com\/patrimoine-avesnois.fr\/chemin\/wp-content\/uploads\/2023\/07\/IMG_0989-scaled.jpg?resize=1024%2C614 1024w, https:\/\/i0.wp.com\/patrimoine-avesnois.fr\/chemin\/wp-content\/uploads\/2023\/07\/IMG_0989-scaled.jpg?resize=300%2C180 300w, https:\/\/i0.wp.com\/patrimoine-avesnois.fr\/chemin\/wp-content\/uploads\/2023\/07\/IMG_0989-scaled.jpg?resize=768%2C461 768w, https:\/\/i0.wp.com\/patrimoine-avesnois.fr\/chemin\/wp-content\/uploads\/2023\/07\/IMG_0989-scaled.jpg?resize=1536%2C922 1536w, https:\/\/i0.wp.com\/patrimoine-avesnois.fr\/chemin\/wp-content\/uploads\/2023\/07\/IMG_0989-scaled.jpg?resize=2048%2C1229 2048w, https:\/\/i0.wp.com\/patrimoine-avesnois.fr\/chemin\/wp-content\/uploads\/2023\/07\/IMG_0989-scaled.jpg?resize=1200%2C720 1200w, https:\/\/i0.wp.com\/patrimoine-avesnois.fr\/chemin\/wp-content\/uploads\/2023\/07\/IMG_0989-scaled.jpg?w=1680 1680w, https:\/\/i0.wp.com\/patrimoine-avesnois.fr\/chemin\/wp-content\/uploads\/2023\/07\/IMG_0989-scaled.jpg?w=2520 2520w\" sizes=\"auto, (max-width: 512px) 85vw, 512px\" \/><\/figure>\n<\/div>\n\n\n<p><\/p>\n\n\n<div class=\"wp-block-image\">\n<figure class=\"aligncenter is-resized\"><img data-recalc-dims=\"1\" loading=\"lazy\" decoding=\"async\" data-attachment-id=\"6822\" data-permalink=\"http:\/\/patrimoine-avesnois.fr\/chemin\/poix-du-nord\/383_001\/\" data-orig-file=\"https:\/\/i0.wp.com\/patrimoine-avesnois.fr\/chemin\/wp-content\/uploads\/2019\/06\/383_001.jpg?fit=988%2C626\" data-orig-size=\"988,626\" data-comments-opened=\"1\" data-image-meta=\"{&quot;aperture&quot;:&quot;0&quot;,&quot;credit&quot;:&quot;&quot;,&quot;camera&quot;:&quot;&quot;,&quot;caption&quot;:&quot;&quot;,&quot;created_timestamp&quot;:&quot;1561887774&quot;,&quot;copyright&quot;:&quot;&quot;,&quot;focal_length&quot;:&quot;0&quot;,&quot;iso&quot;:&quot;0&quot;,&quot;shutter_speed&quot;:&quot;0&quot;,&quot;title&quot;:&quot;&quot;,&quot;orientation&quot;:&quot;0&quot;}\" data-image-title=\"383_001\" data-image-description=\"\" data-image-caption=\"\" data-large-file=\"https:\/\/i0.wp.com\/patrimoine-avesnois.fr\/chemin\/wp-content\/uploads\/2019\/06\/383_001.jpg?fit=840%2C532\" src=\"https:\/\/i0.wp.com\/patrimoine-avesnois.fr\/chemin\/wp-content\/uploads\/2019\/06\/383_001.jpg?resize=597%2C378\" alt=\"\" class=\"wp-image-6822\" width=\"597\" height=\"378\" srcset=\"https:\/\/i0.wp.com\/patrimoine-avesnois.fr\/chemin\/wp-content\/uploads\/2019\/06\/383_001.jpg?w=988 988w, https:\/\/i0.wp.com\/patrimoine-avesnois.fr\/chemin\/wp-content\/uploads\/2019\/06\/383_001.jpg?resize=300%2C190 300w, https:\/\/i0.wp.com\/patrimoine-avesnois.fr\/chemin\/wp-content\/uploads\/2019\/06\/383_001.jpg?resize=768%2C487 768w\" sizes=\"auto, (max-width: 597px) 85vw, 597px\" \/><figcaption class=\"wp-element-caption\">Int\u00e9rieur de l&rsquo;\u00e9glise <\/figcaption><\/figure>\n<\/div>\n\n\n<p>Cette carte pr\u00e9sente l&rsquo;int\u00e9rieur de l&rsquo;\u00e9glise tel qu&rsquo;au lendemain de son inauguration. Le maitre autel d&rsquo;origine de style n\u00e9ogothique \u00e9tait de bronze dor\u00e9 et verni, la porte de son tabernacle de cuivre \u00e9maill\u00e9 repr\u00e9sente un Bon Pasteur avec ses attributs sur fonds d&rsquo;\u00e9mail bleu. Le retable \u00e9tait compos\u00e9 de plaques \u00e9maill\u00e9es pr\u00e9sentant les figures symboliques des quatre \u00e9vang\u00e9listes, il est aujourd&rsquo;hui disparu !..Ce maitre autel \u00e9tait l&rsquo;\u0153uvre de l&rsquo;orf\u00e8vrerie POUSSIELGUE \u00e0 PARIS. On pout mesurer le pr\u00e9judice qu&rsquo;a consist\u00e9 le d\u00e9mant\u00e8lement de celui-ci, lorsque l&rsquo;on sait que cet orf\u00e8vre a travaille pour NOTRE-DAME de PARIS et les Cath\u00e9drales de CHATRES ET et LAON entre autres. <\/p>\n\n\n<div class=\"wp-block-image\">\n<figure class=\"aligncenter size-large is-resized\"><img data-recalc-dims=\"1\" loading=\"lazy\" decoding=\"async\" data-attachment-id=\"19025\" data-permalink=\"http:\/\/patrimoine-avesnois.fr\/chemin\/poix-du-nord\/img_0975-copie\/\" data-orig-file=\"https:\/\/i0.wp.com\/patrimoine-avesnois.fr\/chemin\/wp-content\/uploads\/2023\/07\/IMG_0975-Copie-scaled.jpg?fit=1922%2C2560\" data-orig-size=\"1922,2560\" data-comments-opened=\"1\" data-image-meta=\"{&quot;aperture&quot;:&quot;2.2&quot;,&quot;credit&quot;:&quot;&quot;,&quot;camera&quot;:&quot;iPhone SE (1st generation)&quot;,&quot;caption&quot;:&quot;&quot;,&quot;created_timestamp&quot;:&quot;1689072472&quot;,&quot;copyright&quot;:&quot;&quot;,&quot;focal_length&quot;:&quot;4.15&quot;,&quot;iso&quot;:&quot;160&quot;,&quot;shutter_speed&quot;:&quot;0.03030303030303&quot;,&quot;title&quot;:&quot;&quot;,&quot;orientation&quot;:&quot;1&quot;}\" data-image-title=\"IMG_0975-Copie\" data-image-description=\"\" data-image-caption=\"\" data-large-file=\"https:\/\/i0.wp.com\/patrimoine-avesnois.fr\/chemin\/wp-content\/uploads\/2023\/07\/IMG_0975-Copie-scaled.jpg?fit=769%2C1024\" src=\"https:\/\/i0.wp.com\/patrimoine-avesnois.fr\/chemin\/wp-content\/uploads\/2023\/07\/IMG_0975-Copie-769x1024.jpg?resize=439%2C584&#038;ssl=1\" alt=\"\" class=\"wp-image-19025\" width=\"439\" height=\"584\" srcset=\"https:\/\/i0.wp.com\/patrimoine-avesnois.fr\/chemin\/wp-content\/uploads\/2023\/07\/IMG_0975-Copie-scaled.jpg?resize=769%2C1024 769w, https:\/\/i0.wp.com\/patrimoine-avesnois.fr\/chemin\/wp-content\/uploads\/2023\/07\/IMG_0975-Copie-scaled.jpg?resize=225%2C300 225w, https:\/\/i0.wp.com\/patrimoine-avesnois.fr\/chemin\/wp-content\/uploads\/2023\/07\/IMG_0975-Copie-scaled.jpg?resize=768%2C1023 768w, https:\/\/i0.wp.com\/patrimoine-avesnois.fr\/chemin\/wp-content\/uploads\/2023\/07\/IMG_0975-Copie-scaled.jpg?resize=1153%2C1536 1153w, https:\/\/i0.wp.com\/patrimoine-avesnois.fr\/chemin\/wp-content\/uploads\/2023\/07\/IMG_0975-Copie-scaled.jpg?resize=1538%2C2048 1538w, https:\/\/i0.wp.com\/patrimoine-avesnois.fr\/chemin\/wp-content\/uploads\/2023\/07\/IMG_0975-Copie-scaled.jpg?resize=1200%2C1598 1200w, https:\/\/i0.wp.com\/patrimoine-avesnois.fr\/chemin\/wp-content\/uploads\/2023\/07\/IMG_0975-Copie-scaled.jpg?w=1922 1922w, https:\/\/i0.wp.com\/patrimoine-avesnois.fr\/chemin\/wp-content\/uploads\/2023\/07\/IMG_0975-Copie-scaled.jpg?w=1680 1680w\" sizes=\"auto, (max-width: 439px) 85vw, 439px\" \/><figcaption class=\"wp-element-caption\">L&rsquo;autel<\/figcaption><\/figure>\n<\/div>\n\n\n<p>Quelques \u00e9l\u00e9ments se trouvent recycl\u00e9s pour constituer  l&rsquo;actuel autel. Ce qui se trouve actuellement en fond de choeur a \u00e9t\u00e9 achet\u00e9 aupr\u00e8s d&rsquo;une communaut\u00e9 religieuse par l&rsquo;abb\u00e9 Henri JENART peu avant son d\u00e9part de POIX DU NORD (1969). La partie centrale riche de d\u00e9tails sculpt\u00e9s dans un bloc de ch\u00eane repr\u00e9sente \u00abJ\u00e9sus au jardin des oliviers \u00bb et illustre les versets (26,37 et 39) des \u00e9vangiles selon Saint Matthieu. Cet autel a \u00e9t\u00e9 plac\u00e9 ici sur l&rsquo; initiative de l&rsquo;abb\u00e9 Robert MEIGNOTTE pour recevoir le tabernacle de l&rsquo;autel d&rsquo;origine; heureusement retrouv\u00e9. <\/p>\n\n\n<div class=\"wp-block-image\">\n<figure class=\"aligncenter size-large is-resized\"><img data-recalc-dims=\"1\" loading=\"lazy\" decoding=\"async\" data-attachment-id=\"19036\" data-permalink=\"http:\/\/patrimoine-avesnois.fr\/chemin\/poix-du-nord\/img_0975\/\" data-orig-file=\"https:\/\/i0.wp.com\/patrimoine-avesnois.fr\/chemin\/wp-content\/uploads\/2023\/07\/IMG_0975-scaled.jpg?fit=1920%2C2560\" data-orig-size=\"1920,2560\" data-comments-opened=\"1\" data-image-meta=\"{&quot;aperture&quot;:&quot;2.2&quot;,&quot;credit&quot;:&quot;&quot;,&quot;camera&quot;:&quot;iPhone SE (1st generation)&quot;,&quot;caption&quot;:&quot;&quot;,&quot;created_timestamp&quot;:&quot;1689072472&quot;,&quot;copyright&quot;:&quot;&quot;,&quot;focal_length&quot;:&quot;4.15&quot;,&quot;iso&quot;:&quot;160&quot;,&quot;shutter_speed&quot;:&quot;0.03030303030303&quot;,&quot;title&quot;:&quot;&quot;,&quot;orientation&quot;:&quot;1&quot;}\" data-image-title=\"IMG_0975\" data-image-description=\"\" data-image-caption=\"\" data-large-file=\"https:\/\/i0.wp.com\/patrimoine-avesnois.fr\/chemin\/wp-content\/uploads\/2023\/07\/IMG_0975-scaled.jpg?fit=768%2C1024\" src=\"https:\/\/i0.wp.com\/patrimoine-avesnois.fr\/chemin\/wp-content\/uploads\/2023\/07\/IMG_0975-768x1024.jpg?resize=439%2C584&#038;ssl=1\" alt=\"\" class=\"wp-image-19036\" width=\"439\" height=\"584\" srcset=\"https:\/\/i0.wp.com\/patrimoine-avesnois.fr\/chemin\/wp-content\/uploads\/2023\/07\/IMG_0975-scaled.jpg?resize=768%2C1024 768w, https:\/\/i0.wp.com\/patrimoine-avesnois.fr\/chemin\/wp-content\/uploads\/2023\/07\/IMG_0975-scaled.jpg?resize=225%2C300 225w, https:\/\/i0.wp.com\/patrimoine-avesnois.fr\/chemin\/wp-content\/uploads\/2023\/07\/IMG_0975-scaled.jpg?resize=1152%2C1536 1152w, https:\/\/i0.wp.com\/patrimoine-avesnois.fr\/chemin\/wp-content\/uploads\/2023\/07\/IMG_0975-scaled.jpg?resize=1536%2C2048 1536w, https:\/\/i0.wp.com\/patrimoine-avesnois.fr\/chemin\/wp-content\/uploads\/2023\/07\/IMG_0975-scaled.jpg?resize=1200%2C1600 1200w, https:\/\/i0.wp.com\/patrimoine-avesnois.fr\/chemin\/wp-content\/uploads\/2023\/07\/IMG_0975-scaled.jpg?w=1920 1920w, https:\/\/i0.wp.com\/patrimoine-avesnois.fr\/chemin\/wp-content\/uploads\/2023\/07\/IMG_0975-scaled.jpg?w=1680 1680w\" sizes=\"auto, (max-width: 439px) 85vw, 439px\" \/><figcaption class=\"wp-element-caption\">Les vitraux du Ch\u0153ur<\/figcaption><\/figure>\n<\/div>\n\n\n<p>Dans le choeur trois verri\u00e8res figurent : LA NATIVETE, LA CRUCIFIXION et L&rsquo; ASCENSION du CHRIST. Une des derni\u00e8res restauration d&rsquo;envergure de l&rsquo;ensemble a \u00e9t\u00e9 r\u00e9alis\u00e9e par les anciens Ateliers CAGNART \u00e0 Amiens en la personne de J.M. MACRON, maitre verrier en 1995.<\/p>\n\n\n\n<p><\/p>\n\n\n\n<p>Int\u00e9rieur de l&rsquo;\u00e9glise : Chaire XVIII e (MH), 2 Confessionnaux XVIII e \u00e9poque Louis XV, style rocaille.<\/p>\n\n\n<div class=\"wp-block-image\">\n<figure class=\"aligncenter is-resized\"><img loading=\"lazy\" decoding=\"async\" data-attachment-id=\"6824\" data-permalink=\"http:\/\/patrimoine-avesnois.fr\/chemin\/poix-du-nord\/525_001-2\/\" data-orig-file=\"https:\/\/i0.wp.com\/patrimoine-avesnois.fr\/chemin\/wp-content\/uploads\/2019\/06\/525_001.jpg?fit=1170%2C1605\" data-orig-size=\"1170,1605\" data-comments-opened=\"1\" data-image-meta=\"{&quot;aperture&quot;:&quot;0&quot;,&quot;credit&quot;:&quot;&quot;,&quot;camera&quot;:&quot;&quot;,&quot;caption&quot;:&quot;&quot;,&quot;created_timestamp&quot;:&quot;1561887720&quot;,&quot;copyright&quot;:&quot;&quot;,&quot;focal_length&quot;:&quot;0&quot;,&quot;iso&quot;:&quot;0&quot;,&quot;shutter_speed&quot;:&quot;0&quot;,&quot;title&quot;:&quot;&quot;,&quot;orientation&quot;:&quot;0&quot;}\" data-image-title=\"525_001\" data-image-description=\"\" data-image-caption=\"\" data-large-file=\"https:\/\/i0.wp.com\/patrimoine-avesnois.fr\/chemin\/wp-content\/uploads\/2019\/06\/525_001.jpg?fit=746%2C1024\" src=\"https:\/\/i2.wp.com\/patrimoine-avesnois.fr\/chemin\/wp-content\/uploads\/2019\/06\/525_001.jpg?fit=746%2C1024\" alt=\"\" class=\"wp-image-6824\" width=\"560\" height=\"767\" srcset=\"https:\/\/i0.wp.com\/patrimoine-avesnois.fr\/chemin\/wp-content\/uploads\/2019\/06\/525_001.jpg?w=1170 1170w, https:\/\/i0.wp.com\/patrimoine-avesnois.fr\/chemin\/wp-content\/uploads\/2019\/06\/525_001.jpg?resize=219%2C300 219w\" sizes=\"auto, (max-width: 560px) 85vw, 560px\" \/><\/figure>\n<\/div>\n\n<div class=\"wp-block-image\">\n<figure class=\"aligncenter is-resized\"><img data-recalc-dims=\"1\" loading=\"lazy\" decoding=\"async\" data-attachment-id=\"6825\" data-permalink=\"http:\/\/patrimoine-avesnois.fr\/chemin\/poix-du-nord\/797_001\/\" data-orig-file=\"https:\/\/i0.wp.com\/patrimoine-avesnois.fr\/chemin\/wp-content\/uploads\/2019\/06\/797_001.jpg?fit=966%2C648\" data-orig-size=\"966,648\" data-comments-opened=\"1\" data-image-meta=\"{&quot;aperture&quot;:&quot;0&quot;,&quot;credit&quot;:&quot;&quot;,&quot;camera&quot;:&quot;&quot;,&quot;caption&quot;:&quot;&quot;,&quot;created_timestamp&quot;:&quot;1561887818&quot;,&quot;copyright&quot;:&quot;&quot;,&quot;focal_length&quot;:&quot;0&quot;,&quot;iso&quot;:&quot;0&quot;,&quot;shutter_speed&quot;:&quot;0&quot;,&quot;title&quot;:&quot;&quot;,&quot;orientation&quot;:&quot;0&quot;}\" data-image-title=\"797_001\" data-image-description=\"\" data-image-caption=\"\" data-large-file=\"https:\/\/i0.wp.com\/patrimoine-avesnois.fr\/chemin\/wp-content\/uploads\/2019\/06\/797_001.jpg?fit=840%2C563\" src=\"https:\/\/i0.wp.com\/patrimoine-avesnois.fr\/chemin\/wp-content\/uploads\/2019\/06\/797_001.jpg?resize=615%2C413\" alt=\"\" class=\"wp-image-6825\" width=\"615\" height=\"413\" srcset=\"https:\/\/i0.wp.com\/patrimoine-avesnois.fr\/chemin\/wp-content\/uploads\/2019\/06\/797_001.jpg?w=966 966w, https:\/\/i0.wp.com\/patrimoine-avesnois.fr\/chemin\/wp-content\/uploads\/2019\/06\/797_001.jpg?resize=300%2C201 300w, https:\/\/i0.wp.com\/patrimoine-avesnois.fr\/chemin\/wp-content\/uploads\/2019\/06\/797_001.jpg?resize=768%2C515 768w\" sizes=\"auto, (max-width: 615px) 85vw, 615px\" \/><figcaption class=\"wp-element-caption\">D\u00e9tail d\u00b4 un confessionnal Louis XV <\/figcaption><\/figure>\n<\/div>\n\n<div class=\"wp-block-image\">\n<figure class=\"aligncenter is-resized\"><img data-recalc-dims=\"1\" loading=\"lazy\" decoding=\"async\" data-attachment-id=\"6842\" data-permalink=\"http:\/\/patrimoine-avesnois.fr\/chemin\/poix-du-nord\/confessionnal-2\/\" data-orig-file=\"https:\/\/i0.wp.com\/patrimoine-avesnois.fr\/chemin\/wp-content\/uploads\/2019\/06\/Confessionnal-1.jpg?fit=469%2C335\" data-orig-size=\"469,335\" data-comments-opened=\"1\" data-image-meta=\"{&quot;aperture&quot;:&quot;0&quot;,&quot;credit&quot;:&quot;CARRE&quot;,&quot;camera&quot;:&quot;&quot;,&quot;caption&quot;:&quot;&quot;,&quot;created_timestamp&quot;:&quot;1561893955&quot;,&quot;copyright&quot;:&quot;&quot;,&quot;focal_length&quot;:&quot;0&quot;,&quot;iso&quot;:&quot;0&quot;,&quot;shutter_speed&quot;:&quot;0&quot;,&quot;title&quot;:&quot;&quot;,&quot;orientation&quot;:&quot;0&quot;}\" data-image-title=\"Confessionnal\" data-image-description=\"\" data-image-caption=\"\" data-large-file=\"https:\/\/i0.wp.com\/patrimoine-avesnois.fr\/chemin\/wp-content\/uploads\/2019\/06\/Confessionnal-1.jpg?fit=469%2C335\" src=\"https:\/\/i0.wp.com\/patrimoine-avesnois.fr\/chemin\/wp-content\/uploads\/2019\/06\/Confessionnal-1.jpg?resize=615%2C439\" alt=\"\" class=\"wp-image-6842\" width=\"615\" height=\"439\" srcset=\"https:\/\/i0.wp.com\/patrimoine-avesnois.fr\/chemin\/wp-content\/uploads\/2019\/06\/Confessionnal-1.jpg?w=469 469w, https:\/\/i0.wp.com\/patrimoine-avesnois.fr\/chemin\/wp-content\/uploads\/2019\/06\/Confessionnal-1.jpg?resize=300%2C214 300w\" sizes=\"auto, (max-width: 615px) 85vw, 615px\" \/><figcaption class=\"wp-element-caption\">D\u00e9tail du second confessionnal<\/figcaption><\/figure>\n<\/div>\n\n<div class=\"wp-block-image\">\n<figure class=\"aligncenter is-resized\"><img data-recalc-dims=\"1\" loading=\"lazy\" decoding=\"async\" data-attachment-id=\"6826\" data-permalink=\"http:\/\/patrimoine-avesnois.fr\/chemin\/poix-du-nord\/721_001\/\" data-orig-file=\"https:\/\/i0.wp.com\/patrimoine-avesnois.fr\/chemin\/wp-content\/uploads\/2019\/06\/721_001.jpg?fit=658%2C966\" data-orig-size=\"658,966\" data-comments-opened=\"1\" data-image-meta=\"{&quot;aperture&quot;:&quot;0&quot;,&quot;credit&quot;:&quot;&quot;,&quot;camera&quot;:&quot;&quot;,&quot;caption&quot;:&quot;&quot;,&quot;created_timestamp&quot;:&quot;1561887830&quot;,&quot;copyright&quot;:&quot;&quot;,&quot;focal_length&quot;:&quot;0&quot;,&quot;iso&quot;:&quot;0&quot;,&quot;shutter_speed&quot;:&quot;0&quot;,&quot;title&quot;:&quot;&quot;,&quot;orientation&quot;:&quot;0&quot;}\" data-image-title=\"721_001\" data-image-description=\"\" data-image-caption=\"\" data-large-file=\"https:\/\/i0.wp.com\/patrimoine-avesnois.fr\/chemin\/wp-content\/uploads\/2019\/06\/721_001.jpg?fit=658%2C966\" src=\"https:\/\/i0.wp.com\/patrimoine-avesnois.fr\/chemin\/wp-content\/uploads\/2019\/06\/721_001.jpg?resize=391%2C574\" alt=\"\" class=\"wp-image-6826\" width=\"391\" height=\"574\" srcset=\"https:\/\/i0.wp.com\/patrimoine-avesnois.fr\/chemin\/wp-content\/uploads\/2019\/06\/721_001.jpg?w=658 658w, https:\/\/i0.wp.com\/patrimoine-avesnois.fr\/chemin\/wp-content\/uploads\/2019\/06\/721_001.jpg?resize=204%2C300 204w\" sizes=\"auto, (max-width: 391px) 85vw, 391px\" \/><figcaption class=\"wp-element-caption\">D\u00e9tail de la chaire<\/figcaption><\/figure>\n<\/div>\n\n<div class=\"wp-block-image\">\n<figure class=\"aligncenter is-resized\"><img data-recalc-dims=\"1\" loading=\"lazy\" decoding=\"async\" data-attachment-id=\"6827\" data-permalink=\"http:\/\/patrimoine-avesnois.fr\/chemin\/poix-du-nord\/843_001\/\" data-orig-file=\"https:\/\/i0.wp.com\/patrimoine-avesnois.fr\/chemin\/wp-content\/uploads\/2019\/06\/843_001.jpg?fit=991%2C654\" data-orig-size=\"991,654\" data-comments-opened=\"1\" data-image-meta=\"{&quot;aperture&quot;:&quot;0&quot;,&quot;credit&quot;:&quot;&quot;,&quot;camera&quot;:&quot;&quot;,&quot;caption&quot;:&quot;&quot;,&quot;created_timestamp&quot;:&quot;1561887796&quot;,&quot;copyright&quot;:&quot;&quot;,&quot;focal_length&quot;:&quot;0&quot;,&quot;iso&quot;:&quot;0&quot;,&quot;shutter_speed&quot;:&quot;0&quot;,&quot;title&quot;:&quot;&quot;,&quot;orientation&quot;:&quot;0&quot;}\" data-image-title=\"843_001\" data-image-description=\"\" data-image-caption=\"\" data-large-file=\"https:\/\/i0.wp.com\/patrimoine-avesnois.fr\/chemin\/wp-content\/uploads\/2019\/06\/843_001.jpg?fit=840%2C554\" src=\"https:\/\/i0.wp.com\/patrimoine-avesnois.fr\/chemin\/wp-content\/uploads\/2019\/06\/843_001.jpg?resize=632%2C418\" alt=\"\" class=\"wp-image-6827\" width=\"632\" height=\"418\" srcset=\"https:\/\/i0.wp.com\/patrimoine-avesnois.fr\/chemin\/wp-content\/uploads\/2019\/06\/843_001.jpg?w=991 991w, https:\/\/i0.wp.com\/patrimoine-avesnois.fr\/chemin\/wp-content\/uploads\/2019\/06\/843_001.jpg?resize=300%2C198 300w, https:\/\/i0.wp.com\/patrimoine-avesnois.fr\/chemin\/wp-content\/uploads\/2019\/06\/843_001.jpg?resize=768%2C507 768w\" sizes=\"auto, (max-width: 632px) 85vw, 632px\" \/><figcaption class=\"wp-element-caption\">Fonds baptismaux provenant de l\u00b4ancienne \u00e9glise <\/figcaption><\/figure>\n<\/div>\n\n<div class=\"wp-block-image\">\n<figure class=\"aligncenter size-large is-resized\"><img data-recalc-dims=\"1\" loading=\"lazy\" decoding=\"async\" data-attachment-id=\"18998\" data-permalink=\"http:\/\/patrimoine-avesnois.fr\/chemin\/poix-du-nord\/img_0967\/\" data-orig-file=\"https:\/\/i0.wp.com\/patrimoine-avesnois.fr\/chemin\/wp-content\/uploads\/2023\/07\/IMG_0967-scaled.jpg?fit=1920%2C2560\" data-orig-size=\"1920,2560\" data-comments-opened=\"1\" data-image-meta=\"{&quot;aperture&quot;:&quot;2.2&quot;,&quot;credit&quot;:&quot;&quot;,&quot;camera&quot;:&quot;iPhone SE (1st generation)&quot;,&quot;caption&quot;:&quot;&quot;,&quot;created_timestamp&quot;:&quot;1689072226&quot;,&quot;copyright&quot;:&quot;&quot;,&quot;focal_length&quot;:&quot;4.15&quot;,&quot;iso&quot;:&quot;200&quot;,&quot;shutter_speed&quot;:&quot;0.058823529411765&quot;,&quot;title&quot;:&quot;&quot;,&quot;orientation&quot;:&quot;1&quot;}\" data-image-title=\"IMG_0967\" data-image-description=\"\" data-image-caption=\"\" data-large-file=\"https:\/\/i0.wp.com\/patrimoine-avesnois.fr\/chemin\/wp-content\/uploads\/2023\/07\/IMG_0967-scaled.jpg?fit=768%2C1024\" src=\"https:\/\/i0.wp.com\/patrimoine-avesnois.fr\/chemin\/wp-content\/uploads\/2023\/07\/IMG_0967-768x1024.jpg?resize=442%2C590&#038;ssl=1\" alt=\"\" class=\"wp-image-18998\" width=\"442\" height=\"590\" srcset=\"https:\/\/i0.wp.com\/patrimoine-avesnois.fr\/chemin\/wp-content\/uploads\/2023\/07\/IMG_0967-scaled.jpg?resize=768%2C1024 768w, https:\/\/i0.wp.com\/patrimoine-avesnois.fr\/chemin\/wp-content\/uploads\/2023\/07\/IMG_0967-scaled.jpg?resize=225%2C300 225w, https:\/\/i0.wp.com\/patrimoine-avesnois.fr\/chemin\/wp-content\/uploads\/2023\/07\/IMG_0967-scaled.jpg?resize=1152%2C1536 1152w, https:\/\/i0.wp.com\/patrimoine-avesnois.fr\/chemin\/wp-content\/uploads\/2023\/07\/IMG_0967-scaled.jpg?resize=1536%2C2048 1536w, https:\/\/i0.wp.com\/patrimoine-avesnois.fr\/chemin\/wp-content\/uploads\/2023\/07\/IMG_0967-scaled.jpg?resize=1200%2C1600 1200w, https:\/\/i0.wp.com\/patrimoine-avesnois.fr\/chemin\/wp-content\/uploads\/2023\/07\/IMG_0967-scaled.jpg?w=1920 1920w, https:\/\/i0.wp.com\/patrimoine-avesnois.fr\/chemin\/wp-content\/uploads\/2023\/07\/IMG_0967-scaled.jpg?w=1680 1680w\" sizes=\"auto, (max-width: 442px) 85vw, 442px\" \/><figcaption class=\"wp-element-caption\">Int\u00e9rieur de l&rsquo;\u00e9glise vu de la tribune d&rsquo;orgue<\/figcaption><\/figure>\n<\/div>\n\n<div class=\"wp-block-image\">\n<figure class=\"aligncenter size-large is-resized\"><img data-recalc-dims=\"1\" loading=\"lazy\" decoding=\"async\" data-attachment-id=\"18999\" data-permalink=\"http:\/\/patrimoine-avesnois.fr\/chemin\/poix-du-nord\/img_0969\/\" data-orig-file=\"https:\/\/i0.wp.com\/patrimoine-avesnois.fr\/chemin\/wp-content\/uploads\/2023\/07\/IMG_0969-scaled.jpg?fit=1920%2C2560\" data-orig-size=\"1920,2560\" data-comments-opened=\"1\" data-image-meta=\"{&quot;aperture&quot;:&quot;2.2&quot;,&quot;credit&quot;:&quot;&quot;,&quot;camera&quot;:&quot;iPhone SE (1st generation)&quot;,&quot;caption&quot;:&quot;&quot;,&quot;created_timestamp&quot;:&quot;1689072396&quot;,&quot;copyright&quot;:&quot;&quot;,&quot;focal_length&quot;:&quot;4.15&quot;,&quot;iso&quot;:&quot;200&quot;,&quot;shutter_speed&quot;:&quot;0.05&quot;,&quot;title&quot;:&quot;&quot;,&quot;orientation&quot;:&quot;1&quot;}\" data-image-title=\"IMG_0969\" data-image-description=\"\" data-image-caption=\"\" data-large-file=\"https:\/\/i0.wp.com\/patrimoine-avesnois.fr\/chemin\/wp-content\/uploads\/2023\/07\/IMG_0969-scaled.jpg?fit=768%2C1024\" src=\"https:\/\/i0.wp.com\/patrimoine-avesnois.fr\/chemin\/wp-content\/uploads\/2023\/07\/IMG_0969-768x1024.jpg?resize=442%2C590&#038;ssl=1\" alt=\"\" class=\"wp-image-18999\" width=\"442\" height=\"590\" srcset=\"https:\/\/i0.wp.com\/patrimoine-avesnois.fr\/chemin\/wp-content\/uploads\/2023\/07\/IMG_0969-scaled.jpg?resize=768%2C1024 768w, https:\/\/i0.wp.com\/patrimoine-avesnois.fr\/chemin\/wp-content\/uploads\/2023\/07\/IMG_0969-scaled.jpg?resize=225%2C300 225w, https:\/\/i0.wp.com\/patrimoine-avesnois.fr\/chemin\/wp-content\/uploads\/2023\/07\/IMG_0969-scaled.jpg?resize=1152%2C1536 1152w, https:\/\/i0.wp.com\/patrimoine-avesnois.fr\/chemin\/wp-content\/uploads\/2023\/07\/IMG_0969-scaled.jpg?resize=1536%2C2048 1536w, https:\/\/i0.wp.com\/patrimoine-avesnois.fr\/chemin\/wp-content\/uploads\/2023\/07\/IMG_0969-scaled.jpg?resize=1200%2C1600 1200w, https:\/\/i0.wp.com\/patrimoine-avesnois.fr\/chemin\/wp-content\/uploads\/2023\/07\/IMG_0969-scaled.jpg?w=1920 1920w, https:\/\/i0.wp.com\/patrimoine-avesnois.fr\/chemin\/wp-content\/uploads\/2023\/07\/IMG_0969-scaled.jpg?w=1680 1680w\" sizes=\"auto, (max-width: 442px) 85vw, 442px\" \/><figcaption class=\"wp-element-caption\">La Nef centrale<\/figcaption><\/figure>\n<\/div>\n\n<div class=\"wp-block-image\">\n<figure class=\"aligncenter size-large is-resized\"><img data-recalc-dims=\"1\" loading=\"lazy\" decoding=\"async\" data-attachment-id=\"19007\" data-permalink=\"http:\/\/patrimoine-avesnois.fr\/chemin\/poix-du-nord\/img_0970-3\/\" data-orig-file=\"https:\/\/i0.wp.com\/patrimoine-avesnois.fr\/chemin\/wp-content\/uploads\/2023\/07\/IMG_0970-3-scaled.jpg?fit=1920%2C2560\" data-orig-size=\"1920,2560\" data-comments-opened=\"1\" data-image-meta=\"{&quot;aperture&quot;:&quot;2.2&quot;,&quot;credit&quot;:&quot;&quot;,&quot;camera&quot;:&quot;iPhone SE (1st generation)&quot;,&quot;caption&quot;:&quot;&quot;,&quot;created_timestamp&quot;:&quot;1689072406&quot;,&quot;copyright&quot;:&quot;&quot;,&quot;focal_length&quot;:&quot;4.15&quot;,&quot;iso&quot;:&quot;200&quot;,&quot;shutter_speed&quot;:&quot;0.04&quot;,&quot;title&quot;:&quot;&quot;,&quot;orientation&quot;:&quot;1&quot;}\" data-image-title=\"IMG_0970-3\" data-image-description=\"\" data-image-caption=\"\" data-large-file=\"https:\/\/i0.wp.com\/patrimoine-avesnois.fr\/chemin\/wp-content\/uploads\/2023\/07\/IMG_0970-3-scaled.jpg?fit=768%2C1024\" src=\"https:\/\/i0.wp.com\/patrimoine-avesnois.fr\/chemin\/wp-content\/uploads\/2023\/07\/IMG_0970-3-768x1024.jpg?resize=442%2C590&#038;ssl=1\" alt=\"\" class=\"wp-image-19007\" width=\"442\" height=\"590\" srcset=\"https:\/\/i0.wp.com\/patrimoine-avesnois.fr\/chemin\/wp-content\/uploads\/2023\/07\/IMG_0970-3-scaled.jpg?resize=768%2C1024 768w, https:\/\/i0.wp.com\/patrimoine-avesnois.fr\/chemin\/wp-content\/uploads\/2023\/07\/IMG_0970-3-scaled.jpg?resize=225%2C300 225w, https:\/\/i0.wp.com\/patrimoine-avesnois.fr\/chemin\/wp-content\/uploads\/2023\/07\/IMG_0970-3-scaled.jpg?resize=1152%2C1536 1152w, https:\/\/i0.wp.com\/patrimoine-avesnois.fr\/chemin\/wp-content\/uploads\/2023\/07\/IMG_0970-3-scaled.jpg?resize=1536%2C2048 1536w, https:\/\/i0.wp.com\/patrimoine-avesnois.fr\/chemin\/wp-content\/uploads\/2023\/07\/IMG_0970-3-scaled.jpg?resize=1200%2C1600 1200w, https:\/\/i0.wp.com\/patrimoine-avesnois.fr\/chemin\/wp-content\/uploads\/2023\/07\/IMG_0970-3-scaled.jpg?w=1920 1920w, https:\/\/i0.wp.com\/patrimoine-avesnois.fr\/chemin\/wp-content\/uploads\/2023\/07\/IMG_0970-3-scaled.jpg?w=1680 1680w\" sizes=\"auto, (max-width: 442px) 85vw, 442px\" \/><figcaption class=\"wp-element-caption\">La Chaire<\/figcaption><\/figure>\n<\/div>\n\n\n<figure class=\"wp-block-gallery has-nested-images columns-default is-cropped wp-block-gallery-1 is-layout-flex wp-block-gallery-is-layout-flex\">\n<figure class=\"wp-block-image size-large\"><img data-recalc-dims=\"1\" loading=\"lazy\" decoding=\"async\" width=\"768\" height=\"1024\" data-attachment-id=\"19008\" data-permalink=\"http:\/\/patrimoine-avesnois.fr\/chemin\/poix-du-nord\/img_0971-3\/\" data-orig-file=\"https:\/\/i0.wp.com\/patrimoine-avesnois.fr\/chemin\/wp-content\/uploads\/2023\/07\/IMG_0971-3-scaled.jpg?fit=1920%2C2560\" data-orig-size=\"1920,2560\" data-comments-opened=\"1\" data-image-meta=\"{&quot;aperture&quot;:&quot;2.2&quot;,&quot;credit&quot;:&quot;&quot;,&quot;camera&quot;:&quot;iPhone SE (1st generation)&quot;,&quot;caption&quot;:&quot;&quot;,&quot;created_timestamp&quot;:&quot;1689072416&quot;,&quot;copyright&quot;:&quot;&quot;,&quot;focal_length&quot;:&quot;4.15&quot;,&quot;iso&quot;:&quot;320&quot;,&quot;shutter_speed&quot;:&quot;0.058823529411765&quot;,&quot;title&quot;:&quot;&quot;,&quot;orientation&quot;:&quot;1&quot;}\" data-image-title=\"IMG_0971-3\" data-image-description=\"\" data-image-caption=\"\" data-large-file=\"https:\/\/i0.wp.com\/patrimoine-avesnois.fr\/chemin\/wp-content\/uploads\/2023\/07\/IMG_0971-3-scaled.jpg?fit=768%2C1024\" data-id=\"19008\" src=\"https:\/\/i0.wp.com\/patrimoine-avesnois.fr\/chemin\/wp-content\/uploads\/2023\/07\/IMG_0971-3-768x1024.jpg?resize=768%2C1024&#038;ssl=1\" alt=\"\" class=\"wp-image-19008\" srcset=\"https:\/\/i0.wp.com\/patrimoine-avesnois.fr\/chemin\/wp-content\/uploads\/2023\/07\/IMG_0971-3-scaled.jpg?resize=768%2C1024 768w, https:\/\/i0.wp.com\/patrimoine-avesnois.fr\/chemin\/wp-content\/uploads\/2023\/07\/IMG_0971-3-scaled.jpg?resize=225%2C300 225w, https:\/\/i0.wp.com\/patrimoine-avesnois.fr\/chemin\/wp-content\/uploads\/2023\/07\/IMG_0971-3-scaled.jpg?resize=1152%2C1536 1152w, https:\/\/i0.wp.com\/patrimoine-avesnois.fr\/chemin\/wp-content\/uploads\/2023\/07\/IMG_0971-3-scaled.jpg?resize=1536%2C2048 1536w, https:\/\/i0.wp.com\/patrimoine-avesnois.fr\/chemin\/wp-content\/uploads\/2023\/07\/IMG_0971-3-scaled.jpg?resize=1200%2C1600 1200w, https:\/\/i0.wp.com\/patrimoine-avesnois.fr\/chemin\/wp-content\/uploads\/2023\/07\/IMG_0971-3-scaled.jpg?w=1920 1920w, https:\/\/i0.wp.com\/patrimoine-avesnois.fr\/chemin\/wp-content\/uploads\/2023\/07\/IMG_0971-3-scaled.jpg?w=1680 1680w\" sizes=\"auto, (max-width: 768px) 85vw, 768px\" \/><\/figure>\n\n\n\n<figure class=\"wp-block-image size-large\"><img data-recalc-dims=\"1\" loading=\"lazy\" decoding=\"async\" width=\"748\" height=\"1024\" data-attachment-id=\"19009\" data-permalink=\"http:\/\/patrimoine-avesnois.fr\/chemin\/poix-du-nord\/img_0972-1\/\" data-orig-file=\"https:\/\/i0.wp.com\/patrimoine-avesnois.fr\/chemin\/wp-content\/uploads\/2023\/07\/IMG_0972-1-scaled.jpg?fit=1870%2C2560\" data-orig-size=\"1870,2560\" data-comments-opened=\"1\" data-image-meta=\"{&quot;aperture&quot;:&quot;2.2&quot;,&quot;credit&quot;:&quot;&quot;,&quot;camera&quot;:&quot;iPhone SE (1st generation)&quot;,&quot;caption&quot;:&quot;&quot;,&quot;created_timestamp&quot;:&quot;1689072425&quot;,&quot;copyright&quot;:&quot;&quot;,&quot;focal_length&quot;:&quot;4.15&quot;,&quot;iso&quot;:&quot;320&quot;,&quot;shutter_speed&quot;:&quot;0.058823529411765&quot;,&quot;title&quot;:&quot;&quot;,&quot;orientation&quot;:&quot;1&quot;}\" data-image-title=\"IMG_0972-1\" data-image-description=\"\" data-image-caption=\"\" data-large-file=\"https:\/\/i0.wp.com\/patrimoine-avesnois.fr\/chemin\/wp-content\/uploads\/2023\/07\/IMG_0972-1-scaled.jpg?fit=748%2C1024\" data-id=\"19009\" src=\"https:\/\/i0.wp.com\/patrimoine-avesnois.fr\/chemin\/wp-content\/uploads\/2023\/07\/IMG_0972-1-748x1024.jpg?resize=748%2C1024&#038;ssl=1\" alt=\"\" class=\"wp-image-19009\" srcset=\"https:\/\/i0.wp.com\/patrimoine-avesnois.fr\/chemin\/wp-content\/uploads\/2023\/07\/IMG_0972-1-scaled.jpg?resize=748%2C1024 748w, https:\/\/i0.wp.com\/patrimoine-avesnois.fr\/chemin\/wp-content\/uploads\/2023\/07\/IMG_0972-1-scaled.jpg?resize=219%2C300 219w, https:\/\/i0.wp.com\/patrimoine-avesnois.fr\/chemin\/wp-content\/uploads\/2023\/07\/IMG_0972-1-scaled.jpg?resize=768%2C1051 768w, https:\/\/i0.wp.com\/patrimoine-avesnois.fr\/chemin\/wp-content\/uploads\/2023\/07\/IMG_0972-1-scaled.jpg?resize=1122%2C1536 1122w, https:\/\/i0.wp.com\/patrimoine-avesnois.fr\/chemin\/wp-content\/uploads\/2023\/07\/IMG_0972-1-scaled.jpg?resize=1496%2C2048 1496w, https:\/\/i0.wp.com\/patrimoine-avesnois.fr\/chemin\/wp-content\/uploads\/2023\/07\/IMG_0972-1-scaled.jpg?resize=1200%2C1643 1200w, https:\/\/i0.wp.com\/patrimoine-avesnois.fr\/chemin\/wp-content\/uploads\/2023\/07\/IMG_0972-1-scaled.jpg?w=1870 1870w, https:\/\/i0.wp.com\/patrimoine-avesnois.fr\/chemin\/wp-content\/uploads\/2023\/07\/IMG_0972-1-scaled.jpg?w=1680 1680w\" sizes=\"auto, (max-width: 748px) 85vw, 748px\" \/><\/figure>\n<\/figure>\n\n\n\n<p><\/p>\n\n\n\n<p>LA CHAIRE ET LES CONFESSIONNAUX : ils sont remarquables et class\u00e9s monuments historiques. Ceux-ci \u00e9taient pr\u00e9sents dans l&rsquo;ancienne \u00e9glise et furent transf\u00e9r\u00e9s dans l&rsquo;actuelle en 1894. ils sont en ch\u00eane et magnifiquement sculpt\u00e9s. De style Louis XIV, ils furent vraisemblablement r\u00e9alis\u00e9s en 1680 par Jacques MOITY ( qui re\u00e7ut \u00e0 cette \u00e9poque la somme de 80 livres pour la fourniture d&rsquo; une \u00ab Chaire pr\u00e9dicative \u00bb . Le confessionnal de gauche re\u00e7oit au-dessus de sa porte un m\u00e9daillon o\u00f9 figure Saint Michel terrassant le Dragon alors que celui de droite se voit attribuer Saint Pierre avec les cl\u00e9s du Paradis et un coq. Les demi-portes sup\u00e9rieures sont faites de rinceaux sculptes \u00e0 claire-voie. de part et d&rsquo;autre se trouvent les acc\u00e8s aux isoloirs galb\u00e9s richement orn\u00e9s d&rsquo;acanthes et de chapiteaux. <\/p>\n\n\n\n<p>La chaire est port\u00e9e par Samson. le front band\u00e9 reposant d&rsquo;un genou sur un bon expirant. Sur les panneaux sont repr\u00e9sent\u00e9s; J\u00e9sus ayant derri\u00e8re lui deux Pharisiens et tenant dans ses mains li\u00e9es un roseau: Saint Jean tenant un calice d&rsquo;o\u00f9 sort un serpent et, un Saint Marc discret. Les autres \u00e9vang\u00e9listes se rencontrent : Saint Matthieu sur la porte et Saint Luc sur un m\u00e9daillon \u00e0 mi-hauteur de la rampe d&rsquo;acc\u00e8s. A la naissance dune rampe d&rsquo;escalier tr\u00e8s travaill\u00e9e est pr\u00e9sent un dauphin, embl\u00e8me du Christ Sauveur. <\/p>\n\n\n\n<p>Cette chaire \u00e9tait \u00e0 l&rsquo;origine surmont\u00e9e d&rsquo;un ange musicien en lieu et place de la croix qui s&rsquo;y trouve. Cet ange coiffe depuis tr\u00e8s longtemps la chaire de l&rsquo;\u00e9glise de LE OUESNOY. Nous ne connaissons pas l&rsquo; origine et les raisons qui ont pr\u00e9sid\u00e9 \u00e0 son transfert.<\/p>\n\n\n\n<p><\/p>\n\n\n\n<figure class=\"wp-block-gallery has-nested-images columns-default is-cropped wp-block-gallery-2 is-layout-flex wp-block-gallery-is-layout-flex\">\n<figure class=\"wp-block-image size-large\"><img data-recalc-dims=\"1\" loading=\"lazy\" decoding=\"async\" width=\"768\" height=\"1024\" data-attachment-id=\"19015\" data-permalink=\"http:\/\/patrimoine-avesnois.fr\/chemin\/poix-du-nord\/img_0978\/\" data-orig-file=\"https:\/\/i0.wp.com\/patrimoine-avesnois.fr\/chemin\/wp-content\/uploads\/2023\/07\/IMG_0978-scaled.jpg?fit=1920%2C2560\" data-orig-size=\"1920,2560\" data-comments-opened=\"1\" data-image-meta=\"{&quot;aperture&quot;:&quot;2.2&quot;,&quot;credit&quot;:&quot;&quot;,&quot;camera&quot;:&quot;iPhone SE (1st generation)&quot;,&quot;caption&quot;:&quot;&quot;,&quot;created_timestamp&quot;:&quot;1689072500&quot;,&quot;copyright&quot;:&quot;&quot;,&quot;focal_length&quot;:&quot;4.15&quot;,&quot;iso&quot;:&quot;500&quot;,&quot;shutter_speed&quot;:&quot;0.058823529411765&quot;,&quot;title&quot;:&quot;&quot;,&quot;orientation&quot;:&quot;1&quot;}\" data-image-title=\"IMG_0978\" data-image-description=\"\" data-image-caption=\"\" data-large-file=\"https:\/\/i0.wp.com\/patrimoine-avesnois.fr\/chemin\/wp-content\/uploads\/2023\/07\/IMG_0978-scaled.jpg?fit=768%2C1024\" data-id=\"19015\" src=\"https:\/\/i0.wp.com\/patrimoine-avesnois.fr\/chemin\/wp-content\/uploads\/2023\/07\/IMG_0978-768x1024.jpg?resize=768%2C1024&#038;ssl=1\" alt=\"\" class=\"wp-image-19015\" srcset=\"https:\/\/i0.wp.com\/patrimoine-avesnois.fr\/chemin\/wp-content\/uploads\/2023\/07\/IMG_0978-scaled.jpg?resize=768%2C1024 768w, https:\/\/i0.wp.com\/patrimoine-avesnois.fr\/chemin\/wp-content\/uploads\/2023\/07\/IMG_0978-scaled.jpg?resize=225%2C300 225w, https:\/\/i0.wp.com\/patrimoine-avesnois.fr\/chemin\/wp-content\/uploads\/2023\/07\/IMG_0978-scaled.jpg?resize=1152%2C1536 1152w, https:\/\/i0.wp.com\/patrimoine-avesnois.fr\/chemin\/wp-content\/uploads\/2023\/07\/IMG_0978-scaled.jpg?resize=1536%2C2048 1536w, https:\/\/i0.wp.com\/patrimoine-avesnois.fr\/chemin\/wp-content\/uploads\/2023\/07\/IMG_0978-scaled.jpg?resize=1200%2C1600 1200w, https:\/\/i0.wp.com\/patrimoine-avesnois.fr\/chemin\/wp-content\/uploads\/2023\/07\/IMG_0978-scaled.jpg?w=1920 1920w, https:\/\/i0.wp.com\/patrimoine-avesnois.fr\/chemin\/wp-content\/uploads\/2023\/07\/IMG_0978-scaled.jpg?w=1680 1680w\" sizes=\"auto, (max-width: 768px) 85vw, 768px\" \/><\/figure>\n\n\n\n<figure class=\"wp-block-image size-large\"><img data-recalc-dims=\"1\" loading=\"lazy\" decoding=\"async\" width=\"768\" height=\"1024\" data-attachment-id=\"19016\" data-permalink=\"http:\/\/patrimoine-avesnois.fr\/chemin\/poix-du-nord\/img_0982\/\" data-orig-file=\"https:\/\/i0.wp.com\/patrimoine-avesnois.fr\/chemin\/wp-content\/uploads\/2023\/07\/IMG_0982-scaled.jpg?fit=1920%2C2560\" data-orig-size=\"1920,2560\" data-comments-opened=\"1\" data-image-meta=\"{&quot;aperture&quot;:&quot;2.2&quot;,&quot;credit&quot;:&quot;&quot;,&quot;camera&quot;:&quot;iPhone SE (1st generation)&quot;,&quot;caption&quot;:&quot;&quot;,&quot;created_timestamp&quot;:&quot;1689072559&quot;,&quot;copyright&quot;:&quot;&quot;,&quot;focal_length&quot;:&quot;4.15&quot;,&quot;iso&quot;:&quot;250&quot;,&quot;shutter_speed&quot;:&quot;0.058823529411765&quot;,&quot;title&quot;:&quot;&quot;,&quot;orientation&quot;:&quot;1&quot;}\" data-image-title=\"IMG_0982\" data-image-description=\"\" data-image-caption=\"\" data-large-file=\"https:\/\/i0.wp.com\/patrimoine-avesnois.fr\/chemin\/wp-content\/uploads\/2023\/07\/IMG_0982-scaled.jpg?fit=768%2C1024\" data-id=\"19016\" src=\"https:\/\/i0.wp.com\/patrimoine-avesnois.fr\/chemin\/wp-content\/uploads\/2023\/07\/IMG_0982-768x1024.jpg?resize=768%2C1024&#038;ssl=1\" alt=\"\" class=\"wp-image-19016\" srcset=\"https:\/\/i0.wp.com\/patrimoine-avesnois.fr\/chemin\/wp-content\/uploads\/2023\/07\/IMG_0982-scaled.jpg?resize=768%2C1024 768w, https:\/\/i0.wp.com\/patrimoine-avesnois.fr\/chemin\/wp-content\/uploads\/2023\/07\/IMG_0982-scaled.jpg?resize=225%2C300 225w, https:\/\/i0.wp.com\/patrimoine-avesnois.fr\/chemin\/wp-content\/uploads\/2023\/07\/IMG_0982-scaled.jpg?resize=1152%2C1536 1152w, https:\/\/i0.wp.com\/patrimoine-avesnois.fr\/chemin\/wp-content\/uploads\/2023\/07\/IMG_0982-scaled.jpg?resize=1536%2C2048 1536w, https:\/\/i0.wp.com\/patrimoine-avesnois.fr\/chemin\/wp-content\/uploads\/2023\/07\/IMG_0982-scaled.jpg?resize=1200%2C1600 1200w, https:\/\/i0.wp.com\/patrimoine-avesnois.fr\/chemin\/wp-content\/uploads\/2023\/07\/IMG_0982-scaled.jpg?w=1920 1920w, https:\/\/i0.wp.com\/patrimoine-avesnois.fr\/chemin\/wp-content\/uploads\/2023\/07\/IMG_0982-scaled.jpg?w=1680 1680w\" sizes=\"auto, (max-width: 768px) 85vw, 768px\" \/><\/figure>\n<\/figure>\n\n\n\n<p><\/p>\n\n\n\n<p>Jusqu&rsquo;en 1904 les autels lat\u00e9raux \u00e9taient ceux de l&rsquo;ancienne \u00e9glise. En avril 1904 furent install\u00e9s les actuels de marbre blanc avec des colonnettes en marbre de diff\u00e9rentes couleurs, les portes de ces tabernacles sont peintes sur opaline. L&rsquo;autel de gauche est d\u00e9di\u00e9 au Sacr\u00e9-C\u0153ur dot\u00e9 d&rsquo;un tr\u00e8s joli vitrail \u00ab Ils regarderont celui qu&rsquo;ils ont perc\u00e9&nbsp;\u00bb . L&rsquo;autel de droite est consacr\u00e9 \u00e0 la Sainte Vierge pourvu \u00e9galement d&rsquo;un vitrail remarquable de cr\u00e9ativit\u00e9, une \u00ab Vierge en Gloire &nbsp;\u00bb<\/p>\n\n\n\n<figure class=\"wp-block-gallery has-nested-images columns-default is-cropped wp-block-gallery-3 is-layout-flex wp-block-gallery-is-layout-flex\">\n<figure class=\"wp-block-image size-large\"><img data-recalc-dims=\"1\" loading=\"lazy\" decoding=\"async\" width=\"768\" height=\"1024\" data-attachment-id=\"19018\" data-permalink=\"http:\/\/patrimoine-avesnois.fr\/chemin\/poix-du-nord\/img_0980-1\/\" data-orig-file=\"https:\/\/i0.wp.com\/patrimoine-avesnois.fr\/chemin\/wp-content\/uploads\/2023\/07\/IMG_0980-1-scaled.jpg?fit=1920%2C2560\" data-orig-size=\"1920,2560\" data-comments-opened=\"1\" data-image-meta=\"{&quot;aperture&quot;:&quot;2.2&quot;,&quot;credit&quot;:&quot;&quot;,&quot;camera&quot;:&quot;iPhone SE (1st generation)&quot;,&quot;caption&quot;:&quot;&quot;,&quot;created_timestamp&quot;:&quot;1689072539&quot;,&quot;copyright&quot;:&quot;&quot;,&quot;focal_length&quot;:&quot;4.15&quot;,&quot;iso&quot;:&quot;200&quot;,&quot;shutter_speed&quot;:&quot;0.058823529411765&quot;,&quot;title&quot;:&quot;&quot;,&quot;orientation&quot;:&quot;1&quot;}\" data-image-title=\"IMG_0980-1\" data-image-description=\"\" data-image-caption=\"\" data-large-file=\"https:\/\/i0.wp.com\/patrimoine-avesnois.fr\/chemin\/wp-content\/uploads\/2023\/07\/IMG_0980-1-scaled.jpg?fit=768%2C1024\" data-id=\"19018\" src=\"https:\/\/i0.wp.com\/patrimoine-avesnois.fr\/chemin\/wp-content\/uploads\/2023\/07\/IMG_0980-1-768x1024.jpg?resize=768%2C1024&#038;ssl=1\" alt=\"\" class=\"wp-image-19018\" srcset=\"https:\/\/i0.wp.com\/patrimoine-avesnois.fr\/chemin\/wp-content\/uploads\/2023\/07\/IMG_0980-1-scaled.jpg?resize=768%2C1024 768w, https:\/\/i0.wp.com\/patrimoine-avesnois.fr\/chemin\/wp-content\/uploads\/2023\/07\/IMG_0980-1-scaled.jpg?resize=225%2C300 225w, https:\/\/i0.wp.com\/patrimoine-avesnois.fr\/chemin\/wp-content\/uploads\/2023\/07\/IMG_0980-1-scaled.jpg?resize=1152%2C1536 1152w, https:\/\/i0.wp.com\/patrimoine-avesnois.fr\/chemin\/wp-content\/uploads\/2023\/07\/IMG_0980-1-scaled.jpg?resize=1536%2C2048 1536w, https:\/\/i0.wp.com\/patrimoine-avesnois.fr\/chemin\/wp-content\/uploads\/2023\/07\/IMG_0980-1-scaled.jpg?resize=1200%2C1600 1200w, https:\/\/i0.wp.com\/patrimoine-avesnois.fr\/chemin\/wp-content\/uploads\/2023\/07\/IMG_0980-1-scaled.jpg?w=1920 1920w, https:\/\/i0.wp.com\/patrimoine-avesnois.fr\/chemin\/wp-content\/uploads\/2023\/07\/IMG_0980-1-scaled.jpg?w=1680 1680w\" sizes=\"auto, (max-width: 768px) 85vw, 768px\" \/><\/figure>\n\n\n\n<figure class=\"wp-block-image size-large\"><img data-recalc-dims=\"1\" loading=\"lazy\" decoding=\"async\" width=\"768\" height=\"1024\" data-attachment-id=\"19020\" data-permalink=\"http:\/\/patrimoine-avesnois.fr\/chemin\/poix-du-nord\/img_0981-1\/\" data-orig-file=\"https:\/\/i0.wp.com\/patrimoine-avesnois.fr\/chemin\/wp-content\/uploads\/2023\/07\/IMG_0981-1-scaled.jpg?fit=1920%2C2560\" data-orig-size=\"1920,2560\" data-comments-opened=\"1\" data-image-meta=\"{&quot;aperture&quot;:&quot;2.2&quot;,&quot;credit&quot;:&quot;&quot;,&quot;camera&quot;:&quot;iPhone SE (1st generation)&quot;,&quot;caption&quot;:&quot;&quot;,&quot;created_timestamp&quot;:&quot;1689072551&quot;,&quot;copyright&quot;:&quot;&quot;,&quot;focal_length&quot;:&quot;4.15&quot;,&quot;iso&quot;:&quot;200&quot;,&quot;shutter_speed&quot;:&quot;0.05&quot;,&quot;title&quot;:&quot;&quot;,&quot;orientation&quot;:&quot;1&quot;}\" data-image-title=\"IMG_0981-1\" data-image-description=\"\" data-image-caption=\"\" data-large-file=\"https:\/\/i0.wp.com\/patrimoine-avesnois.fr\/chemin\/wp-content\/uploads\/2023\/07\/IMG_0981-1-scaled.jpg?fit=768%2C1024\" data-id=\"19020\" src=\"https:\/\/i0.wp.com\/patrimoine-avesnois.fr\/chemin\/wp-content\/uploads\/2023\/07\/IMG_0981-1-768x1024.jpg?resize=768%2C1024&#038;ssl=1\" alt=\"\" class=\"wp-image-19020\" srcset=\"https:\/\/i0.wp.com\/patrimoine-avesnois.fr\/chemin\/wp-content\/uploads\/2023\/07\/IMG_0981-1-scaled.jpg?resize=768%2C1024 768w, https:\/\/i0.wp.com\/patrimoine-avesnois.fr\/chemin\/wp-content\/uploads\/2023\/07\/IMG_0981-1-scaled.jpg?resize=225%2C300 225w, https:\/\/i0.wp.com\/patrimoine-avesnois.fr\/chemin\/wp-content\/uploads\/2023\/07\/IMG_0981-1-scaled.jpg?resize=1152%2C1536 1152w, https:\/\/i0.wp.com\/patrimoine-avesnois.fr\/chemin\/wp-content\/uploads\/2023\/07\/IMG_0981-1-scaled.jpg?resize=1536%2C2048 1536w, https:\/\/i0.wp.com\/patrimoine-avesnois.fr\/chemin\/wp-content\/uploads\/2023\/07\/IMG_0981-1-scaled.jpg?resize=1200%2C1600 1200w, https:\/\/i0.wp.com\/patrimoine-avesnois.fr\/chemin\/wp-content\/uploads\/2023\/07\/IMG_0981-1-scaled.jpg?w=1920 1920w, https:\/\/i0.wp.com\/patrimoine-avesnois.fr\/chemin\/wp-content\/uploads\/2023\/07\/IMG_0981-1-scaled.jpg?w=1680 1680w\" sizes=\"auto, (max-width: 768px) 85vw, 768px\" \/><\/figure>\n<\/figure>\n\n\n\n<p><\/p>\n\n\n\n<p><\/p>\n\n\n<div class=\"wp-block-image\">\n<figure class=\"aligncenter size-large is-resized\"><img data-recalc-dims=\"1\" loading=\"lazy\" decoding=\"async\" data-attachment-id=\"19054\" data-permalink=\"http:\/\/patrimoine-avesnois.fr\/chemin\/poix-du-nord\/img_1003\/\" data-orig-file=\"https:\/\/i0.wp.com\/patrimoine-avesnois.fr\/chemin\/wp-content\/uploads\/2023\/07\/IMG_1003-scaled.jpg?fit=1920%2C2560\" data-orig-size=\"1920,2560\" data-comments-opened=\"1\" data-image-meta=\"{&quot;aperture&quot;:&quot;2.2&quot;,&quot;credit&quot;:&quot;&quot;,&quot;camera&quot;:&quot;iPhone SE (1st generation)&quot;,&quot;caption&quot;:&quot;&quot;,&quot;created_timestamp&quot;:&quot;1689072794&quot;,&quot;copyright&quot;:&quot;&quot;,&quot;focal_length&quot;:&quot;4.15&quot;,&quot;iso&quot;:&quot;160&quot;,&quot;shutter_speed&quot;:&quot;0.03030303030303&quot;,&quot;title&quot;:&quot;&quot;,&quot;orientation&quot;:&quot;1&quot;}\" data-image-title=\"IMG_1003\" data-image-description=\"\" data-image-caption=\"\" data-large-file=\"https:\/\/i0.wp.com\/patrimoine-avesnois.fr\/chemin\/wp-content\/uploads\/2023\/07\/IMG_1003-scaled.jpg?fit=768%2C1024\" src=\"https:\/\/i0.wp.com\/patrimoine-avesnois.fr\/chemin\/wp-content\/uploads\/2023\/07\/IMG_1003-768x1024.jpg?resize=500%2C667&#038;ssl=1\" alt=\"\" class=\"wp-image-19054\" width=\"500\" height=\"667\" srcset=\"https:\/\/i0.wp.com\/patrimoine-avesnois.fr\/chemin\/wp-content\/uploads\/2023\/07\/IMG_1003-scaled.jpg?resize=768%2C1024 768w, https:\/\/i0.wp.com\/patrimoine-avesnois.fr\/chemin\/wp-content\/uploads\/2023\/07\/IMG_1003-scaled.jpg?resize=225%2C300 225w, https:\/\/i0.wp.com\/patrimoine-avesnois.fr\/chemin\/wp-content\/uploads\/2023\/07\/IMG_1003-scaled.jpg?resize=1152%2C1536 1152w, https:\/\/i0.wp.com\/patrimoine-avesnois.fr\/chemin\/wp-content\/uploads\/2023\/07\/IMG_1003-scaled.jpg?resize=1536%2C2048 1536w, https:\/\/i0.wp.com\/patrimoine-avesnois.fr\/chemin\/wp-content\/uploads\/2023\/07\/IMG_1003-scaled.jpg?resize=1200%2C1600 1200w, https:\/\/i0.wp.com\/patrimoine-avesnois.fr\/chemin\/wp-content\/uploads\/2023\/07\/IMG_1003-scaled.jpg?w=1920 1920w, https:\/\/i0.wp.com\/patrimoine-avesnois.fr\/chemin\/wp-content\/uploads\/2023\/07\/IMG_1003-scaled.jpg?w=1680 1680w\" sizes=\"auto, (max-width: 500px) 85vw, 500px\" \/><figcaption class=\"wp-element-caption\">St Martin<\/figcaption><\/figure>\n<\/div>\n\n\n<div class=\"wp-block-media-text alignwide is-stacked-on-mobile\" style=\"grid-template-columns:41% auto\"><figure class=\"wp-block-media-text__media\"><img data-recalc-dims=\"1\" loading=\"lazy\" decoding=\"async\" width=\"360\" height=\"359\" data-attachment-id=\"19056\" data-permalink=\"http:\/\/patrimoine-avesnois.fr\/chemin\/poix-du-nord\/st-martin-1\/\" data-orig-file=\"https:\/\/i0.wp.com\/patrimoine-avesnois.fr\/chemin\/wp-content\/uploads\/2023\/07\/St-Martin-1.jpg?fit=360%2C359\" data-orig-size=\"360,359\" data-comments-opened=\"1\" data-image-meta=\"{&quot;aperture&quot;:&quot;0&quot;,&quot;credit&quot;:&quot;CARRE&quot;,&quot;camera&quot;:&quot;&quot;,&quot;caption&quot;:&quot;&quot;,&quot;created_timestamp&quot;:&quot;1689328032&quot;,&quot;copyright&quot;:&quot;&quot;,&quot;focal_length&quot;:&quot;0&quot;,&quot;iso&quot;:&quot;0&quot;,&quot;shutter_speed&quot;:&quot;0&quot;,&quot;title&quot;:&quot;&quot;,&quot;orientation&quot;:&quot;1&quot;}\" data-image-title=\"St-Martin-1\" data-image-description=\"\" data-image-caption=\"\" data-large-file=\"https:\/\/i0.wp.com\/patrimoine-avesnois.fr\/chemin\/wp-content\/uploads\/2023\/07\/St-Martin-1.jpg?fit=360%2C359\" src=\"https:\/\/i0.wp.com\/patrimoine-avesnois.fr\/chemin\/wp-content\/uploads\/2023\/07\/St-Martin-1.jpg?resize=360%2C359&#038;ssl=1\" alt=\"\" class=\"wp-image-19056 size-full\" srcset=\"https:\/\/i0.wp.com\/patrimoine-avesnois.fr\/chemin\/wp-content\/uploads\/2023\/07\/St-Martin-1.jpg?w=360 360w, https:\/\/i0.wp.com\/patrimoine-avesnois.fr\/chemin\/wp-content\/uploads\/2023\/07\/St-Martin-1.jpg?resize=300%2C300 300w, https:\/\/i0.wp.com\/patrimoine-avesnois.fr\/chemin\/wp-content\/uploads\/2023\/07\/St-Martin-1.jpg?resize=150%2C150 150w\" sizes=\"auto, (max-width: 360px) 85vw, 360px\" \/><\/figure><div class=\"wp-block-media-text__content\">\n<p class=\"has-small-font-size\">Saint Martin de Tours, aussi nomm\u00e9 Martin le Mis\u00e9ricordieux, ou encore Saint-Martin des Champs n\u00e9 dans l&rsquo;Empire romain, plus pr\u00e9cis\u00e9ment \u00e0 Savaria, dans la province romaine de Pannonie (actuelle Hongrie), en 316, et mort \u00e0 Candes, en Gaule, le 8 novembre 397, est l&rsquo;un des principaux saints de Ia chr\u00e9tient\u00e9 et le plus c\u00e9l\u00e8bre des \u00e9v\u00eaques de Tours avec Gr\u00e9goire de Tours.<\/p>\n<\/div><\/div>\n\n\n\n<p>La d\u00e9votion \u00e0 St Martin se manifeste \u00e0 travers une relique, le manteau ou la chape de Martin \u2014 qu&rsquo;il partage avec un d\u00e9sh\u00e9rit\u00e9 transi de froid. Son p\u00e8re dont Ia famille est originaire de Pavie (en Italie du Nord), \u00e9tait tribun militaire de l&rsquo;Empire romain. Martin est enr\u00f4l\u00e9 dans l&rsquo;arm\u00e9e \u00e0 15 ans.<br>Affect\u00e9 en Gaule, \u00e0 Amiens, un soir de l&rsquo;hiver 334 il partage son manteau avec un d\u00e9sh\u00e9rit\u00e9 transi de froid. La nuit suivante le Christ lui apparait en songe v\u00eatu de ce m\u00eame pan de manteau. II a alors 18 ans. Le reste de son manteau, appel\u00e9   \u00ab cape \u00bb sera plac\u00e9 plus tard, \u00e0 la v\u00e9n\u00e9ration des fid\u00e8les, dans une chape dont le nom est \u00e0 l&rsquo;origine du mot chapelle.<\/p>\n\n\n\n<p>II se fait baptiser \u00e0  P\u00e2ques toujours en garnison \u00e0 Amiens.<br>En 356, ayant pu quitt\u00e9 l&rsquo;arm\u00e9e il se rend \u00e0 Poitiers pour rejoindre Hilaire. Ag\u00e9 de 44 ans, il s&rsquo;installe en 361 sur un domaine gallo-romain. Martin y cr\u00e9e un petit ermitage que la tradition situe \u00e0 8 km de la ville : l&rsquo;abbaye de Ligug\u00e9, ou il est rejoint par des disciples. II y cr\u00e9e la premi\u00e8re communaut\u00e9 de moines sise en Gaule. Ce premier monast\u00e8re est le lieu de l&rsquo;activit\u00e9 d&rsquo;\u00e9vang\u00e9lisation de Martin pendant dix ans. II accomplit ses premiers miracles et se fait ainsi reconnaitre par le petit peuple comme un saint homme. En 371 \u00e0 Tours il est proclam\u00e9 \u00e9v\u00eaque mais ne change pas son mode de vie. II cr\u00e9e un nouvel ermitage qui deviendra le monast\u00e8re de Marmoutier.<br>Martin meurt \u00e0 Candes, \u00e0 la fin de l&rsquo;automne, le 8 novembre 397 sur un lit de cendre comme mouraient les saints hommes.<br>95 communes ont une \u00e9glise d\u00e9di\u00e9e \u00e0 St Martin sur 418 dans le dioc\u00e8se. En France 12 cath\u00e9drales, 220 communes.<\/p>\n\n\n\n<p><\/p>\n\n\n<div class=\"wp-block-image\">\n<figure class=\"aligncenter size-large is-resized\"><img data-recalc-dims=\"1\" loading=\"lazy\" decoding=\"async\" data-attachment-id=\"19039\" data-permalink=\"http:\/\/patrimoine-avesnois.fr\/chemin\/poix-du-nord\/img_0968-3\/\" data-orig-file=\"https:\/\/i0.wp.com\/patrimoine-avesnois.fr\/chemin\/wp-content\/uploads\/2023\/07\/IMG_0968-3-scaled.jpg?fit=1920%2C2560\" data-orig-size=\"1920,2560\" data-comments-opened=\"1\" data-image-meta=\"{&quot;aperture&quot;:&quot;2.2&quot;,&quot;credit&quot;:&quot;&quot;,&quot;camera&quot;:&quot;iPhone SE (1st generation)&quot;,&quot;caption&quot;:&quot;&quot;,&quot;created_timestamp&quot;:&quot;1689072290&quot;,&quot;copyright&quot;:&quot;&quot;,&quot;focal_length&quot;:&quot;4.15&quot;,&quot;iso&quot;:&quot;25&quot;,&quot;shutter_speed&quot;:&quot;0.0094339622641509&quot;,&quot;title&quot;:&quot;&quot;,&quot;orientation&quot;:&quot;1&quot;}\" data-image-title=\"IMG_0968-3\" data-image-description=\"\" data-image-caption=\"\" data-large-file=\"https:\/\/i0.wp.com\/patrimoine-avesnois.fr\/chemin\/wp-content\/uploads\/2023\/07\/IMG_0968-3-scaled.jpg?fit=768%2C1024\" src=\"https:\/\/i0.wp.com\/patrimoine-avesnois.fr\/chemin\/wp-content\/uploads\/2023\/07\/IMG_0968-3-768x1024.jpg?resize=456%2C608&#038;ssl=1\" alt=\"\" class=\"wp-image-19039\" width=\"456\" height=\"608\" srcset=\"https:\/\/i0.wp.com\/patrimoine-avesnois.fr\/chemin\/wp-content\/uploads\/2023\/07\/IMG_0968-3-scaled.jpg?resize=768%2C1024 768w, https:\/\/i0.wp.com\/patrimoine-avesnois.fr\/chemin\/wp-content\/uploads\/2023\/07\/IMG_0968-3-scaled.jpg?resize=225%2C300 225w, https:\/\/i0.wp.com\/patrimoine-avesnois.fr\/chemin\/wp-content\/uploads\/2023\/07\/IMG_0968-3-scaled.jpg?resize=1152%2C1536 1152w, https:\/\/i0.wp.com\/patrimoine-avesnois.fr\/chemin\/wp-content\/uploads\/2023\/07\/IMG_0968-3-scaled.jpg?resize=1536%2C2048 1536w, https:\/\/i0.wp.com\/patrimoine-avesnois.fr\/chemin\/wp-content\/uploads\/2023\/07\/IMG_0968-3-scaled.jpg?resize=1200%2C1600 1200w, https:\/\/i0.wp.com\/patrimoine-avesnois.fr\/chemin\/wp-content\/uploads\/2023\/07\/IMG_0968-3-scaled.jpg?w=1920 1920w, https:\/\/i0.wp.com\/patrimoine-avesnois.fr\/chemin\/wp-content\/uploads\/2023\/07\/IMG_0968-3-scaled.jpg?w=1680 1680w\" sizes=\"auto, (max-width: 456px) 85vw, 456px\" \/><figcaption class=\"wp-element-caption\">Vitrail de la tour du clocher. Super \u00a0\u00bb VIRGO MATER \u00ab\u00a0qui surmonte les armes de Poix du Nord<\/figcaption><\/figure>\n<\/div>\n\n\n<p>A la sortie de la premi\u00e8re guerre mondiale les vitraux de l&rsquo;\u00e9glise \u00e9taient ruin\u00e9s. Ceux qu&rsquo;il nous est possible d&rsquo;admirer actuellement ont \u00e9t\u00e9 mis en place entre les deux guerres. Ils sont aujourd&rsquo;hui dans un \u00e9tat de conservation parfait tant les municipalit\u00e9s successives ont eu le souci de les faire entretenir chaque fois que n\u00e9cessaire.<\/p>\n\n\n\n<p>A votre gauche en entrant, apr\u00e8s &lsquo;Le bapt\u00eame de J\u00e9sus\u00a0\u00bb, vous d\u00e9couvrez un ensemble de 6 panneaux consacr\u00e9s \u00e0 la vie de Saint Louis, Saint patron des ouvriers du textile, il avait naturellement sa place dans une ville o\u00f9 cette industrie \u00e9tait l&rsquo;activit\u00e9 essentielle. <\/p>\n\n\n<div class=\"wp-block-image\">\n<figure class=\"aligncenter size-large is-resized\"><img data-recalc-dims=\"1\" loading=\"lazy\" decoding=\"async\" data-attachment-id=\"19040\" data-permalink=\"http:\/\/patrimoine-avesnois.fr\/chemin\/poix-du-nord\/img_0983-3\/\" data-orig-file=\"https:\/\/i0.wp.com\/patrimoine-avesnois.fr\/chemin\/wp-content\/uploads\/2023\/07\/IMG_0983-3-scaled.jpg?fit=1920%2C2560\" data-orig-size=\"1920,2560\" data-comments-opened=\"1\" data-image-meta=\"{&quot;aperture&quot;:&quot;2.2&quot;,&quot;credit&quot;:&quot;&quot;,&quot;camera&quot;:&quot;iPhone SE (1st generation)&quot;,&quot;caption&quot;:&quot;&quot;,&quot;created_timestamp&quot;:&quot;1689072572&quot;,&quot;copyright&quot;:&quot;&quot;,&quot;focal_length&quot;:&quot;4.15&quot;,&quot;iso&quot;:&quot;40&quot;,&quot;shutter_speed&quot;:&quot;0.03030303030303&quot;,&quot;title&quot;:&quot;&quot;,&quot;orientation&quot;:&quot;1&quot;}\" data-image-title=\"IMG_0983-3\" data-image-description=\"\" data-image-caption=\"\" data-large-file=\"https:\/\/i0.wp.com\/patrimoine-avesnois.fr\/chemin\/wp-content\/uploads\/2023\/07\/IMG_0983-3-scaled.jpg?fit=768%2C1024\" src=\"https:\/\/i0.wp.com\/patrimoine-avesnois.fr\/chemin\/wp-content\/uploads\/2023\/07\/IMG_0983-3-768x1024.jpg?resize=372%2C496&#038;ssl=1\" alt=\"\" class=\"wp-image-19040\" width=\"372\" height=\"496\" srcset=\"https:\/\/i0.wp.com\/patrimoine-avesnois.fr\/chemin\/wp-content\/uploads\/2023\/07\/IMG_0983-3-scaled.jpg?resize=768%2C1024 768w, https:\/\/i0.wp.com\/patrimoine-avesnois.fr\/chemin\/wp-content\/uploads\/2023\/07\/IMG_0983-3-scaled.jpg?resize=225%2C300 225w, https:\/\/i0.wp.com\/patrimoine-avesnois.fr\/chemin\/wp-content\/uploads\/2023\/07\/IMG_0983-3-scaled.jpg?resize=1152%2C1536 1152w, https:\/\/i0.wp.com\/patrimoine-avesnois.fr\/chemin\/wp-content\/uploads\/2023\/07\/IMG_0983-3-scaled.jpg?resize=1536%2C2048 1536w, https:\/\/i0.wp.com\/patrimoine-avesnois.fr\/chemin\/wp-content\/uploads\/2023\/07\/IMG_0983-3-scaled.jpg?resize=1200%2C1600 1200w, https:\/\/i0.wp.com\/patrimoine-avesnois.fr\/chemin\/wp-content\/uploads\/2023\/07\/IMG_0983-3-scaled.jpg?w=1920 1920w, https:\/\/i0.wp.com\/patrimoine-avesnois.fr\/chemin\/wp-content\/uploads\/2023\/07\/IMG_0983-3-scaled.jpg?w=1680 1680w\" sizes=\"auto, (max-width: 372px) 85vw, 372px\" \/><figcaption class=\"wp-element-caption\">La Bienheureuse Catherine Labour\u00e9 et la Vierge<\/figcaption><\/figure>\n<\/div>\n\n\n<p>Suit un vitrail consacr\u00e9 \u00e0 Sainte Catherine Labour\u00e9. <\/p>\n\n\n\n<p>A votre droite se trouvent 7 verri\u00e8res qui reprennent la vie de Saint Martin, \u00e0 qui cette \u00e9glise est consacr\u00e9e, le dernier vitrail de cette nef \u00e9tant d\u00e9di\u00e9 \u00e0 l&rsquo;apparition du Sacr\u00e9-C\u0153ur.<\/p>\n\n\n<div class=\"wp-block-image\">\n<figure class=\"aligncenter size-large is-resized\"><img data-recalc-dims=\"1\" loading=\"lazy\" decoding=\"async\" data-attachment-id=\"19021\" data-permalink=\"http:\/\/patrimoine-avesnois.fr\/chemin\/poix-du-nord\/img_0985\/\" data-orig-file=\"https:\/\/i0.wp.com\/patrimoine-avesnois.fr\/chemin\/wp-content\/uploads\/2023\/07\/IMG_0985-scaled.jpg?fit=2560%2C1920\" data-orig-size=\"2560,1920\" data-comments-opened=\"1\" data-image-meta=\"{&quot;aperture&quot;:&quot;2.2&quot;,&quot;credit&quot;:&quot;&quot;,&quot;camera&quot;:&quot;iPhone SE (1st generation)&quot;,&quot;caption&quot;:&quot;&quot;,&quot;created_timestamp&quot;:&quot;1689072617&quot;,&quot;copyright&quot;:&quot;&quot;,&quot;focal_length&quot;:&quot;4.15&quot;,&quot;iso&quot;:&quot;320&quot;,&quot;shutter_speed&quot;:&quot;0.058823529411765&quot;,&quot;title&quot;:&quot;&quot;,&quot;orientation&quot;:&quot;1&quot;}\" data-image-title=\"IMG_0985\" data-image-description=\"\" data-image-caption=\"\" data-large-file=\"https:\/\/i0.wp.com\/patrimoine-avesnois.fr\/chemin\/wp-content\/uploads\/2023\/07\/IMG_0985-scaled.jpg?fit=840%2C630\" src=\"https:\/\/i0.wp.com\/patrimoine-avesnois.fr\/chemin\/wp-content\/uploads\/2023\/07\/IMG_0985-1024x768.jpg?resize=642%2C482&#038;ssl=1\" alt=\"\" class=\"wp-image-19021\" width=\"642\" height=\"482\" srcset=\"https:\/\/i0.wp.com\/patrimoine-avesnois.fr\/chemin\/wp-content\/uploads\/2023\/07\/IMG_0985-scaled.jpg?resize=1024%2C768 1024w, https:\/\/i0.wp.com\/patrimoine-avesnois.fr\/chemin\/wp-content\/uploads\/2023\/07\/IMG_0985-scaled.jpg?resize=300%2C225 300w, https:\/\/i0.wp.com\/patrimoine-avesnois.fr\/chemin\/wp-content\/uploads\/2023\/07\/IMG_0985-scaled.jpg?resize=768%2C576 768w, https:\/\/i0.wp.com\/patrimoine-avesnois.fr\/chemin\/wp-content\/uploads\/2023\/07\/IMG_0985-scaled.jpg?resize=1536%2C1152 1536w, https:\/\/i0.wp.com\/patrimoine-avesnois.fr\/chemin\/wp-content\/uploads\/2023\/07\/IMG_0985-scaled.jpg?resize=2048%2C1536 2048w, https:\/\/i0.wp.com\/patrimoine-avesnois.fr\/chemin\/wp-content\/uploads\/2023\/07\/IMG_0985-scaled.jpg?resize=1200%2C900 1200w, https:\/\/i0.wp.com\/patrimoine-avesnois.fr\/chemin\/wp-content\/uploads\/2023\/07\/IMG_0985-scaled.jpg?w=1680 1680w, https:\/\/i0.wp.com\/patrimoine-avesnois.fr\/chemin\/wp-content\/uploads\/2023\/07\/IMG_0985-scaled.jpg?w=2520 2520w\" sizes=\"auto, (max-width: 642px) 85vw, 642px\" \/><figcaption class=\"wp-element-caption\">Ste C\u00e9cile<\/figcaption><\/figure>\n<\/div>\n\n\n<div class=\"wp-block-media-text alignwide is-stacked-on-mobile\" style=\"grid-template-columns:46% auto\"><figure class=\"wp-block-media-text__media\"><img data-recalc-dims=\"1\" loading=\"lazy\" decoding=\"async\" width=\"325\" height=\"402\" data-attachment-id=\"19029\" data-permalink=\"http:\/\/patrimoine-avesnois.fr\/chemin\/poix-du-nord\/image-8-1\/\" data-orig-file=\"https:\/\/i0.wp.com\/patrimoine-avesnois.fr\/chemin\/wp-content\/uploads\/2023\/07\/image-8-1.png?fit=325%2C402\" data-orig-size=\"325,402\" data-comments-opened=\"1\" data-image-meta=\"{&quot;aperture&quot;:&quot;0&quot;,&quot;credit&quot;:&quot;&quot;,&quot;camera&quot;:&quot;&quot;,&quot;caption&quot;:&quot;&quot;,&quot;created_timestamp&quot;:&quot;0&quot;,&quot;copyright&quot;:&quot;&quot;,&quot;focal_length&quot;:&quot;0&quot;,&quot;iso&quot;:&quot;0&quot;,&quot;shutter_speed&quot;:&quot;0&quot;,&quot;title&quot;:&quot;&quot;,&quot;orientation&quot;:&quot;0&quot;}\" data-image-title=\"image-8-1\" data-image-description=\"\" data-image-caption=\"\" data-large-file=\"https:\/\/i0.wp.com\/patrimoine-avesnois.fr\/chemin\/wp-content\/uploads\/2023\/07\/image-8-1.png?fit=325%2C402\" src=\"https:\/\/i0.wp.com\/patrimoine-avesnois.fr\/chemin\/wp-content\/uploads\/2023\/07\/image-8-1.png?resize=325%2C402&#038;ssl=1\" alt=\"\" class=\"wp-image-19029 size-full\" srcset=\"https:\/\/i0.wp.com\/patrimoine-avesnois.fr\/chemin\/wp-content\/uploads\/2023\/07\/image-8-1.png?w=325 325w, https:\/\/i0.wp.com\/patrimoine-avesnois.fr\/chemin\/wp-content\/uploads\/2023\/07\/image-8-1.png?resize=243%2C300 243w\" sizes=\"auto, (max-width: 325px) 85vw, 325px\" \/><\/figure><div class=\"wp-block-media-text__content\">\n<p>Elle appartenait \u00e0 une grande famille romaine chr\u00e9tienne : les \u00ab\u00a0Cetilii\u00a0\u00bb. Lorsque son \u00e9poux se convertit, ils donn\u00e8rent \u00e0 l&rsquo;Eglise un terrain devenu cimeti\u00e8re : les catacombes de Saint Calixte o\u00f9 elle eut le privil\u00e8ge d&rsquo;\u00eatre enterr\u00e9e au milieu des papes. Au IXe si\u00e8cle, ses reliques furent transf\u00e9r\u00e9es dans une romaine proche du Tibre: Sainte C\u00e9cile au Transtevere.<\/p>\n<\/div><\/div>\n\n\n\n<p>Ste C\u00e9cile est titulaire de l&rsquo;\u00e9glise cath\u00e9drale et patronne principale du dioc\u00e8se d&rsquo;Albi. Selon la tradition, elle fut fianc\u00e9e \u00e0 un jeune homme pr\u00e9nomm\u00e9 Val\u00e9rien, convertit au christianisme. Ayant refus\u00e9 d&rsquo;honorer les divinit\u00e9s romaines, Ils souffrirent tous deux le martyr., aux alentours de l&rsquo;an 220<br>La d\u00e9votion du monde chr\u00e9tien envers la sainte n&rsquo;a pas cesse de se maintenir. Son nom figure au premier canon de la messe messe. Elle est devenue Ia patronne des musiciens. Son culte s&rsquo;est r\u00e9pandu dans toute l&rsquo;Eglise gr\u00e2ce au r\u00e9cit de sa Passion, montrant en elle un exemple parfait de femme chr\u00e9tienne qui a embrass\u00e9 la virginit\u00e9 et subi le martyr  pour l&rsquo;amour du Christ<\/p>\n\n\n\n<figure class=\"wp-block-gallery has-nested-images columns-default is-cropped wp-block-gallery-4 is-layout-flex wp-block-gallery-is-layout-flex\">\n<figure class=\"wp-block-image size-large\"><img data-recalc-dims=\"1\" loading=\"lazy\" decoding=\"async\" width=\"768\" height=\"1024\" data-attachment-id=\"19058\" data-permalink=\"http:\/\/patrimoine-avesnois.fr\/chemin\/poix-du-nord\/img_0987\/\" data-orig-file=\"https:\/\/i0.wp.com\/patrimoine-avesnois.fr\/chemin\/wp-content\/uploads\/2023\/07\/IMG_0987-scaled.jpg?fit=1920%2C2560\" data-orig-size=\"1920,2560\" data-comments-opened=\"1\" data-image-meta=\"{&quot;aperture&quot;:&quot;2.2&quot;,&quot;credit&quot;:&quot;&quot;,&quot;camera&quot;:&quot;iPhone SE (1st generation)&quot;,&quot;caption&quot;:&quot;&quot;,&quot;created_timestamp&quot;:&quot;1689072646&quot;,&quot;copyright&quot;:&quot;&quot;,&quot;focal_length&quot;:&quot;4.15&quot;,&quot;iso&quot;:&quot;200&quot;,&quot;shutter_speed&quot;:&quot;0.03030303030303&quot;,&quot;title&quot;:&quot;&quot;,&quot;orientation&quot;:&quot;1&quot;}\" data-image-title=\"IMG_0987\" data-image-description=\"\" data-image-caption=\"\" data-large-file=\"https:\/\/i0.wp.com\/patrimoine-avesnois.fr\/chemin\/wp-content\/uploads\/2023\/07\/IMG_0987-scaled.jpg?fit=768%2C1024\" data-id=\"19058\" src=\"https:\/\/i0.wp.com\/patrimoine-avesnois.fr\/chemin\/wp-content\/uploads\/2023\/07\/IMG_0987-768x1024.jpg?resize=768%2C1024&#038;ssl=1\" alt=\"\" class=\"wp-image-19058\" srcset=\"https:\/\/i0.wp.com\/patrimoine-avesnois.fr\/chemin\/wp-content\/uploads\/2023\/07\/IMG_0987-scaled.jpg?resize=768%2C1024 768w, https:\/\/i0.wp.com\/patrimoine-avesnois.fr\/chemin\/wp-content\/uploads\/2023\/07\/IMG_0987-scaled.jpg?resize=225%2C300 225w, https:\/\/i0.wp.com\/patrimoine-avesnois.fr\/chemin\/wp-content\/uploads\/2023\/07\/IMG_0987-scaled.jpg?resize=1152%2C1536 1152w, https:\/\/i0.wp.com\/patrimoine-avesnois.fr\/chemin\/wp-content\/uploads\/2023\/07\/IMG_0987-scaled.jpg?resize=1536%2C2048 1536w, https:\/\/i0.wp.com\/patrimoine-avesnois.fr\/chemin\/wp-content\/uploads\/2023\/07\/IMG_0987-scaled.jpg?resize=1200%2C1600 1200w, https:\/\/i0.wp.com\/patrimoine-avesnois.fr\/chemin\/wp-content\/uploads\/2023\/07\/IMG_0987-scaled.jpg?w=1920 1920w, https:\/\/i0.wp.com\/patrimoine-avesnois.fr\/chemin\/wp-content\/uploads\/2023\/07\/IMG_0987-scaled.jpg?w=1680 1680w\" sizes=\"auto, (max-width: 768px) 85vw, 768px\" \/><\/figure>\n\n\n\n<figure class=\"wp-block-image size-large\"><img data-recalc-dims=\"1\" loading=\"lazy\" decoding=\"async\" width=\"768\" height=\"1024\" data-attachment-id=\"19059\" data-permalink=\"http:\/\/patrimoine-avesnois.fr\/chemin\/poix-du-nord\/img_0993-2\/\" data-orig-file=\"https:\/\/i0.wp.com\/patrimoine-avesnois.fr\/chemin\/wp-content\/uploads\/2023\/07\/IMG_0993-2-scaled.jpg?fit=1920%2C2560\" data-orig-size=\"1920,2560\" data-comments-opened=\"1\" data-image-meta=\"{&quot;aperture&quot;:&quot;2.2&quot;,&quot;credit&quot;:&quot;&quot;,&quot;camera&quot;:&quot;iPhone SE (1st generation)&quot;,&quot;caption&quot;:&quot;&quot;,&quot;created_timestamp&quot;:&quot;1689072709&quot;,&quot;copyright&quot;:&quot;&quot;,&quot;focal_length&quot;:&quot;4.15&quot;,&quot;iso&quot;:&quot;320&quot;,&quot;shutter_speed&quot;:&quot;0.058823529411765&quot;,&quot;title&quot;:&quot;&quot;,&quot;orientation&quot;:&quot;1&quot;}\" data-image-title=\"IMG_0993-2\" data-image-description=\"\" data-image-caption=\"\" data-large-file=\"https:\/\/i0.wp.com\/patrimoine-avesnois.fr\/chemin\/wp-content\/uploads\/2023\/07\/IMG_0993-2-scaled.jpg?fit=768%2C1024\" data-id=\"19059\" src=\"https:\/\/i0.wp.com\/patrimoine-avesnois.fr\/chemin\/wp-content\/uploads\/2023\/07\/IMG_0993-2-768x1024.jpg?resize=768%2C1024&#038;ssl=1\" alt=\"\" class=\"wp-image-19059\" srcset=\"https:\/\/i0.wp.com\/patrimoine-avesnois.fr\/chemin\/wp-content\/uploads\/2023\/07\/IMG_0993-2-scaled.jpg?resize=768%2C1024 768w, https:\/\/i0.wp.com\/patrimoine-avesnois.fr\/chemin\/wp-content\/uploads\/2023\/07\/IMG_0993-2-scaled.jpg?resize=225%2C300 225w, https:\/\/i0.wp.com\/patrimoine-avesnois.fr\/chemin\/wp-content\/uploads\/2023\/07\/IMG_0993-2-scaled.jpg?resize=1152%2C1536 1152w, https:\/\/i0.wp.com\/patrimoine-avesnois.fr\/chemin\/wp-content\/uploads\/2023\/07\/IMG_0993-2-scaled.jpg?resize=1536%2C2048 1536w, https:\/\/i0.wp.com\/patrimoine-avesnois.fr\/chemin\/wp-content\/uploads\/2023\/07\/IMG_0993-2-scaled.jpg?resize=1200%2C1600 1200w, https:\/\/i0.wp.com\/patrimoine-avesnois.fr\/chemin\/wp-content\/uploads\/2023\/07\/IMG_0993-2-scaled.jpg?w=1920 1920w, https:\/\/i0.wp.com\/patrimoine-avesnois.fr\/chemin\/wp-content\/uploads\/2023\/07\/IMG_0993-2-scaled.jpg?w=1680 1680w\" sizes=\"auto, (max-width: 768px) 85vw, 768px\" \/><\/figure>\n\n\n\n<figure class=\"wp-block-image size-large\"><img data-recalc-dims=\"1\" loading=\"lazy\" decoding=\"async\" width=\"768\" height=\"1024\" data-attachment-id=\"19061\" data-permalink=\"http:\/\/patrimoine-avesnois.fr\/chemin\/poix-du-nord\/img_1001-1\/\" data-orig-file=\"https:\/\/i0.wp.com\/patrimoine-avesnois.fr\/chemin\/wp-content\/uploads\/2023\/07\/IMG_1001-1-scaled.jpg?fit=1920%2C2560\" data-orig-size=\"1920,2560\" data-comments-opened=\"1\" data-image-meta=\"{&quot;aperture&quot;:&quot;2.2&quot;,&quot;credit&quot;:&quot;&quot;,&quot;camera&quot;:&quot;iPhone SE (1st generation)&quot;,&quot;caption&quot;:&quot;&quot;,&quot;created_timestamp&quot;:&quot;1689072769&quot;,&quot;copyright&quot;:&quot;&quot;,&quot;focal_length&quot;:&quot;4.15&quot;,&quot;iso&quot;:&quot;200&quot;,&quot;shutter_speed&quot;:&quot;0.058823529411765&quot;,&quot;title&quot;:&quot;&quot;,&quot;orientation&quot;:&quot;1&quot;}\" data-image-title=\"IMG_1001-1\" data-image-description=\"\" data-image-caption=\"\" data-large-file=\"https:\/\/i0.wp.com\/patrimoine-avesnois.fr\/chemin\/wp-content\/uploads\/2023\/07\/IMG_1001-1-scaled.jpg?fit=768%2C1024\" data-id=\"19061\" src=\"https:\/\/i0.wp.com\/patrimoine-avesnois.fr\/chemin\/wp-content\/uploads\/2023\/07\/IMG_1001-1-768x1024.jpg?resize=768%2C1024&#038;ssl=1\" alt=\"\" class=\"wp-image-19061\" srcset=\"https:\/\/i0.wp.com\/patrimoine-avesnois.fr\/chemin\/wp-content\/uploads\/2023\/07\/IMG_1001-1-scaled.jpg?resize=768%2C1024 768w, https:\/\/i0.wp.com\/patrimoine-avesnois.fr\/chemin\/wp-content\/uploads\/2023\/07\/IMG_1001-1-scaled.jpg?resize=225%2C300 225w, https:\/\/i0.wp.com\/patrimoine-avesnois.fr\/chemin\/wp-content\/uploads\/2023\/07\/IMG_1001-1-scaled.jpg?resize=1152%2C1536 1152w, https:\/\/i0.wp.com\/patrimoine-avesnois.fr\/chemin\/wp-content\/uploads\/2023\/07\/IMG_1001-1-scaled.jpg?resize=1536%2C2048 1536w, https:\/\/i0.wp.com\/patrimoine-avesnois.fr\/chemin\/wp-content\/uploads\/2023\/07\/IMG_1001-1-scaled.jpg?resize=1200%2C1600 1200w, https:\/\/i0.wp.com\/patrimoine-avesnois.fr\/chemin\/wp-content\/uploads\/2023\/07\/IMG_1001-1-scaled.jpg?w=1920 1920w, https:\/\/i0.wp.com\/patrimoine-avesnois.fr\/chemin\/wp-content\/uploads\/2023\/07\/IMG_1001-1-scaled.jpg?w=1680 1680w\" sizes=\"auto, (max-width: 768px) 85vw, 768px\" \/><\/figure>\n<\/figure>\n\n\n\n<p><\/p>\n\n\n<div class=\"wp-block-image\">\n<figure class=\"aligncenter size-large is-resized\"><img data-recalc-dims=\"1\" loading=\"lazy\" decoding=\"async\" data-attachment-id=\"18997\" data-permalink=\"http:\/\/patrimoine-avesnois.fr\/chemin\/poix-du-nord\/img_0963-1\/\" data-orig-file=\"https:\/\/i0.wp.com\/patrimoine-avesnois.fr\/chemin\/wp-content\/uploads\/2023\/07\/IMG_0963-1-scaled.jpg?fit=1920%2C2560\" data-orig-size=\"1920,2560\" data-comments-opened=\"1\" data-image-meta=\"{&quot;aperture&quot;:&quot;2.2&quot;,&quot;credit&quot;:&quot;&quot;,&quot;camera&quot;:&quot;iPhone SE (1st generation)&quot;,&quot;caption&quot;:&quot;&quot;,&quot;created_timestamp&quot;:&quot;1689072082&quot;,&quot;copyright&quot;:&quot;&quot;,&quot;focal_length&quot;:&quot;4.15&quot;,&quot;iso&quot;:&quot;500&quot;,&quot;shutter_speed&quot;:&quot;0.058823529411765&quot;,&quot;title&quot;:&quot;&quot;,&quot;orientation&quot;:&quot;1&quot;}\" data-image-title=\"IMG_0963-1\" data-image-description=\"\" data-image-caption=\"\" data-large-file=\"https:\/\/i0.wp.com\/patrimoine-avesnois.fr\/chemin\/wp-content\/uploads\/2023\/07\/IMG_0963-1-scaled.jpg?fit=768%2C1024\" src=\"https:\/\/i0.wp.com\/patrimoine-avesnois.fr\/chemin\/wp-content\/uploads\/2023\/07\/IMG_0963-1-768x1024.jpg?resize=450%2C600&#038;ssl=1\" alt=\"\" class=\"wp-image-18997\" width=\"450\" height=\"600\" srcset=\"https:\/\/i0.wp.com\/patrimoine-avesnois.fr\/chemin\/wp-content\/uploads\/2023\/07\/IMG_0963-1-scaled.jpg?resize=768%2C1024 768w, https:\/\/i0.wp.com\/patrimoine-avesnois.fr\/chemin\/wp-content\/uploads\/2023\/07\/IMG_0963-1-scaled.jpg?resize=225%2C300 225w, https:\/\/i0.wp.com\/patrimoine-avesnois.fr\/chemin\/wp-content\/uploads\/2023\/07\/IMG_0963-1-scaled.jpg?resize=1152%2C1536 1152w, https:\/\/i0.wp.com\/patrimoine-avesnois.fr\/chemin\/wp-content\/uploads\/2023\/07\/IMG_0963-1-scaled.jpg?resize=1536%2C2048 1536w, https:\/\/i0.wp.com\/patrimoine-avesnois.fr\/chemin\/wp-content\/uploads\/2023\/07\/IMG_0963-1-scaled.jpg?resize=1200%2C1600 1200w, https:\/\/i0.wp.com\/patrimoine-avesnois.fr\/chemin\/wp-content\/uploads\/2023\/07\/IMG_0963-1-scaled.jpg?w=1920 1920w, https:\/\/i0.wp.com\/patrimoine-avesnois.fr\/chemin\/wp-content\/uploads\/2023\/07\/IMG_0963-1-scaled.jpg?w=1680 1680w\" sizes=\"auto, (max-width: 450px) 85vw, 450px\" \/><figcaption class=\"wp-element-caption\">L&rsquo;orgue de 1922<\/figcaption><\/figure>\n<\/div>\n\n<div class=\"wp-block-image\">\n<figure class=\"aligncenter size-large is-resized\"><img data-recalc-dims=\"1\" loading=\"lazy\" decoding=\"async\" data-attachment-id=\"19041\" data-permalink=\"http:\/\/patrimoine-avesnois.fr\/chemin\/poix-du-nord\/img_0974\/\" data-orig-file=\"https:\/\/i0.wp.com\/patrimoine-avesnois.fr\/chemin\/wp-content\/uploads\/2023\/07\/IMG_0974-scaled.jpg?fit=2108%2C2560\" data-orig-size=\"2108,2560\" data-comments-opened=\"1\" data-image-meta=\"{&quot;aperture&quot;:&quot;2.2&quot;,&quot;credit&quot;:&quot;&quot;,&quot;camera&quot;:&quot;iPhone SE (1st generation)&quot;,&quot;caption&quot;:&quot;&quot;,&quot;created_timestamp&quot;:&quot;1689072459&quot;,&quot;copyright&quot;:&quot;&quot;,&quot;focal_length&quot;:&quot;4.15&quot;,&quot;iso&quot;:&quot;200&quot;,&quot;shutter_speed&quot;:&quot;0.04&quot;,&quot;title&quot;:&quot;&quot;,&quot;orientation&quot;:&quot;1&quot;}\" data-image-title=\"IMG_0974\" data-image-description=\"\" data-image-caption=\"\" data-large-file=\"https:\/\/i0.wp.com\/patrimoine-avesnois.fr\/chemin\/wp-content\/uploads\/2023\/07\/IMG_0974-scaled.jpg?fit=840%2C1020\" src=\"https:\/\/i0.wp.com\/patrimoine-avesnois.fr\/chemin\/wp-content\/uploads\/2023\/07\/IMG_0974-843x1024.jpg?resize=422%2C512&#038;ssl=1\" alt=\"\" class=\"wp-image-19041\" width=\"422\" height=\"512\" srcset=\"https:\/\/i0.wp.com\/patrimoine-avesnois.fr\/chemin\/wp-content\/uploads\/2023\/07\/IMG_0974-scaled.jpg?resize=843%2C1024 843w, https:\/\/i0.wp.com\/patrimoine-avesnois.fr\/chemin\/wp-content\/uploads\/2023\/07\/IMG_0974-scaled.jpg?resize=247%2C300 247w, https:\/\/i0.wp.com\/patrimoine-avesnois.fr\/chemin\/wp-content\/uploads\/2023\/07\/IMG_0974-scaled.jpg?resize=768%2C933 768w, https:\/\/i0.wp.com\/patrimoine-avesnois.fr\/chemin\/wp-content\/uploads\/2023\/07\/IMG_0974-scaled.jpg?resize=1265%2C1536 1265w, https:\/\/i0.wp.com\/patrimoine-avesnois.fr\/chemin\/wp-content\/uploads\/2023\/07\/IMG_0974-scaled.jpg?resize=1686%2C2048 1686w, https:\/\/i0.wp.com\/patrimoine-avesnois.fr\/chemin\/wp-content\/uploads\/2023\/07\/IMG_0974-scaled.jpg?resize=1200%2C1457 1200w\" sizes=\"auto, (max-width: 422px) 85vw, 422px\" \/><figcaption class=\"wp-element-caption\">Chemin de Croix<\/figcaption><\/figure>\n<\/div>\n\n\n<p>L&rsquo;\u00e9glise est pourvue d&rsquo;une tr\u00e8s belle s\u00e9rie de 14 tableaux du XIX e si\u00e8cle r\u00e9alis\u00e9e en 1855 pour l&rsquo;ancienne \u00e9glise. Oeuvres non sign\u00e9es elles n&rsquo;en sont pas moins de belle facture et sont le reflet d&rsquo;une \u00e9poque. Ils furent transf\u00e9r\u00e9s de l&rsquo;ancienne \u00e0 la nouvelle \u00e9glise lors de la construction.<\/p>\n\n\n<div class=\"wp-block-image\">\n<figure class=\"aligncenter size-large is-resized\"><img data-recalc-dims=\"1\" loading=\"lazy\" decoding=\"async\" data-attachment-id=\"19053\" data-permalink=\"http:\/\/patrimoine-avesnois.fr\/chemin\/poix-du-nord\/img_1007-1\/\" data-orig-file=\"https:\/\/i0.wp.com\/patrimoine-avesnois.fr\/chemin\/wp-content\/uploads\/2023\/07\/IMG_1007-1-scaled.jpg?fit=2560%2C1920\" data-orig-size=\"2560,1920\" data-comments-opened=\"1\" data-image-meta=\"{&quot;aperture&quot;:&quot;2.2&quot;,&quot;credit&quot;:&quot;&quot;,&quot;camera&quot;:&quot;iPhone SE (1st generation)&quot;,&quot;caption&quot;:&quot;&quot;,&quot;created_timestamp&quot;:&quot;1689072854&quot;,&quot;copyright&quot;:&quot;&quot;,&quot;focal_length&quot;:&quot;4.15&quot;,&quot;iso&quot;:&quot;250&quot;,&quot;shutter_speed&quot;:&quot;0.058823529411765&quot;,&quot;title&quot;:&quot;&quot;,&quot;orientation&quot;:&quot;1&quot;}\" data-image-title=\"IMG_1007-1\" data-image-description=\"\" data-image-caption=\"\" data-large-file=\"https:\/\/i0.wp.com\/patrimoine-avesnois.fr\/chemin\/wp-content\/uploads\/2023\/07\/IMG_1007-1-scaled.jpg?fit=840%2C630\" src=\"https:\/\/i0.wp.com\/patrimoine-avesnois.fr\/chemin\/wp-content\/uploads\/2023\/07\/IMG_1007-1-1024x768.jpg?resize=580%2C435&#038;ssl=1\" alt=\"\" class=\"wp-image-19053\" width=\"580\" height=\"435\" srcset=\"https:\/\/i0.wp.com\/patrimoine-avesnois.fr\/chemin\/wp-content\/uploads\/2023\/07\/IMG_1007-1-scaled.jpg?resize=1024%2C768 1024w, https:\/\/i0.wp.com\/patrimoine-avesnois.fr\/chemin\/wp-content\/uploads\/2023\/07\/IMG_1007-1-scaled.jpg?resize=300%2C225 300w, https:\/\/i0.wp.com\/patrimoine-avesnois.fr\/chemin\/wp-content\/uploads\/2023\/07\/IMG_1007-1-scaled.jpg?resize=768%2C576 768w, https:\/\/i0.wp.com\/patrimoine-avesnois.fr\/chemin\/wp-content\/uploads\/2023\/07\/IMG_1007-1-scaled.jpg?resize=1536%2C1152 1536w, https:\/\/i0.wp.com\/patrimoine-avesnois.fr\/chemin\/wp-content\/uploads\/2023\/07\/IMG_1007-1-scaled.jpg?resize=2048%2C1536 2048w, https:\/\/i0.wp.com\/patrimoine-avesnois.fr\/chemin\/wp-content\/uploads\/2023\/07\/IMG_1007-1-scaled.jpg?resize=1200%2C900 1200w, https:\/\/i0.wp.com\/patrimoine-avesnois.fr\/chemin\/wp-content\/uploads\/2023\/07\/IMG_1007-1-scaled.jpg?w=1680 1680w, https:\/\/i0.wp.com\/patrimoine-avesnois.fr\/chemin\/wp-content\/uploads\/2023\/07\/IMG_1007-1-scaled.jpg?w=2520 2520w\" sizes=\"auto, (max-width: 580px) 85vw, 580px\" \/><\/figure>\n<\/div>\n\n\n<p><\/p>\n\n\n<div class=\"wp-block-image\">\n<figure class=\"aligncenter size-large is-resized\"><img data-recalc-dims=\"1\" loading=\"lazy\" decoding=\"async\" data-attachment-id=\"19042\" data-permalink=\"http:\/\/patrimoine-avesnois.fr\/chemin\/poix-du-nord\/img_1005-2\/\" data-orig-file=\"https:\/\/i0.wp.com\/patrimoine-avesnois.fr\/chemin\/wp-content\/uploads\/2023\/07\/IMG_1005-2-scaled.jpg?fit=2560%2C2048\" data-orig-size=\"2560,2048\" data-comments-opened=\"1\" data-image-meta=\"{&quot;aperture&quot;:&quot;2.2&quot;,&quot;credit&quot;:&quot;&quot;,&quot;camera&quot;:&quot;iPhone SE (1st generation)&quot;,&quot;caption&quot;:&quot;&quot;,&quot;created_timestamp&quot;:&quot;1689072811&quot;,&quot;copyright&quot;:&quot;&quot;,&quot;focal_length&quot;:&quot;4.15&quot;,&quot;iso&quot;:&quot;80&quot;,&quot;shutter_speed&quot;:&quot;0.03030303030303&quot;,&quot;title&quot;:&quot;&quot;,&quot;orientation&quot;:&quot;1&quot;}\" data-image-title=\"IMG_1005-2\" data-image-description=\"\" data-image-caption=\"\" data-large-file=\"https:\/\/i0.wp.com\/patrimoine-avesnois.fr\/chemin\/wp-content\/uploads\/2023\/07\/IMG_1005-2-scaled.jpg?fit=840%2C672\" src=\"https:\/\/i0.wp.com\/patrimoine-avesnois.fr\/chemin\/wp-content\/uploads\/2023\/07\/IMG_1005-2-1024x819.jpg?resize=544%2C435&#038;ssl=1\" alt=\"\" class=\"wp-image-19042\" width=\"544\" height=\"435\" srcset=\"https:\/\/i0.wp.com\/patrimoine-avesnois.fr\/chemin\/wp-content\/uploads\/2023\/07\/IMG_1005-2-scaled.jpg?resize=1024%2C819 1024w, https:\/\/i0.wp.com\/patrimoine-avesnois.fr\/chemin\/wp-content\/uploads\/2023\/07\/IMG_1005-2-scaled.jpg?resize=300%2C240 300w, https:\/\/i0.wp.com\/patrimoine-avesnois.fr\/chemin\/wp-content\/uploads\/2023\/07\/IMG_1005-2-scaled.jpg?resize=768%2C614 768w, https:\/\/i0.wp.com\/patrimoine-avesnois.fr\/chemin\/wp-content\/uploads\/2023\/07\/IMG_1005-2-scaled.jpg?resize=1536%2C1229 1536w, https:\/\/i0.wp.com\/patrimoine-avesnois.fr\/chemin\/wp-content\/uploads\/2023\/07\/IMG_1005-2-scaled.jpg?resize=2048%2C1638 2048w, https:\/\/i0.wp.com\/patrimoine-avesnois.fr\/chemin\/wp-content\/uploads\/2023\/07\/IMG_1005-2-scaled.jpg?resize=1200%2C960 1200w, https:\/\/i0.wp.com\/patrimoine-avesnois.fr\/chemin\/wp-content\/uploads\/2023\/07\/IMG_1005-2-scaled.jpg?w=1680 1680w, https:\/\/i0.wp.com\/patrimoine-avesnois.fr\/chemin\/wp-content\/uploads\/2023\/07\/IMG_1005-2-scaled.jpg?w=2520 2520w\" sizes=\"auto, (max-width: 544px) 85vw, 544px\" \/><figcaption class=\"wp-element-caption\">Fonts Baptismaux<\/figcaption><\/figure>\n<\/div>\n\n\n<figure class=\"wp-block-gallery has-nested-images columns-default is-cropped wp-block-gallery-5 is-layout-flex wp-block-gallery-is-layout-flex\">\n<figure class=\"wp-block-image size-large\"><img data-recalc-dims=\"1\" loading=\"lazy\" decoding=\"async\" width=\"768\" height=\"1024\" data-attachment-id=\"19050\" data-permalink=\"http:\/\/patrimoine-avesnois.fr\/chemin\/poix-du-nord\/img_0990-3\/\" data-orig-file=\"https:\/\/i0.wp.com\/patrimoine-avesnois.fr\/chemin\/wp-content\/uploads\/2023\/07\/IMG_0990-3-scaled.jpg?fit=1920%2C2560\" data-orig-size=\"1920,2560\" data-comments-opened=\"1\" data-image-meta=\"{&quot;aperture&quot;:&quot;2.2&quot;,&quot;credit&quot;:&quot;&quot;,&quot;camera&quot;:&quot;iPhone SE (1st generation)&quot;,&quot;caption&quot;:&quot;&quot;,&quot;created_timestamp&quot;:&quot;1689072675&quot;,&quot;copyright&quot;:&quot;&quot;,&quot;focal_length&quot;:&quot;4.15&quot;,&quot;iso&quot;:&quot;32&quot;,&quot;shutter_speed&quot;:&quot;0.03030303030303&quot;,&quot;title&quot;:&quot;&quot;,&quot;orientation&quot;:&quot;0&quot;}\" data-image-title=\"IMG_0990-3\" data-image-description=\"\" data-image-caption=\"\" data-large-file=\"https:\/\/i0.wp.com\/patrimoine-avesnois.fr\/chemin\/wp-content\/uploads\/2023\/07\/IMG_0990-3-scaled.jpg?fit=768%2C1024\" data-id=\"19050\" src=\"https:\/\/i0.wp.com\/patrimoine-avesnois.fr\/chemin\/wp-content\/uploads\/2023\/07\/IMG_0990-3-768x1024.jpg?resize=768%2C1024&#038;ssl=1\" alt=\"\" class=\"wp-image-19050\" srcset=\"https:\/\/i0.wp.com\/patrimoine-avesnois.fr\/chemin\/wp-content\/uploads\/2023\/07\/IMG_0990-3-scaled.jpg?resize=768%2C1024 768w, https:\/\/i0.wp.com\/patrimoine-avesnois.fr\/chemin\/wp-content\/uploads\/2023\/07\/IMG_0990-3-scaled.jpg?resize=225%2C300 225w, https:\/\/i0.wp.com\/patrimoine-avesnois.fr\/chemin\/wp-content\/uploads\/2023\/07\/IMG_0990-3-scaled.jpg?resize=1152%2C1536 1152w, https:\/\/i0.wp.com\/patrimoine-avesnois.fr\/chemin\/wp-content\/uploads\/2023\/07\/IMG_0990-3-scaled.jpg?resize=1536%2C2048 1536w, https:\/\/i0.wp.com\/patrimoine-avesnois.fr\/chemin\/wp-content\/uploads\/2023\/07\/IMG_0990-3-scaled.jpg?resize=1200%2C1600 1200w, https:\/\/i0.wp.com\/patrimoine-avesnois.fr\/chemin\/wp-content\/uploads\/2023\/07\/IMG_0990-3-scaled.jpg?w=1920 1920w, https:\/\/i0.wp.com\/patrimoine-avesnois.fr\/chemin\/wp-content\/uploads\/2023\/07\/IMG_0990-3-scaled.jpg?w=1680 1680w\" sizes=\"auto, (max-width: 768px) 85vw, 768px\" \/><\/figure>\n\n\n\n<figure class=\"wp-block-image size-large\"><img data-recalc-dims=\"1\" loading=\"lazy\" decoding=\"async\" width=\"768\" height=\"1024\" data-attachment-id=\"19051\" data-permalink=\"http:\/\/patrimoine-avesnois.fr\/chemin\/poix-du-nord\/img_0991-1\/\" data-orig-file=\"https:\/\/i0.wp.com\/patrimoine-avesnois.fr\/chemin\/wp-content\/uploads\/2023\/07\/IMG_0991-1-scaled.jpg?fit=1920%2C2560\" data-orig-size=\"1920,2560\" data-comments-opened=\"1\" data-image-meta=\"{&quot;aperture&quot;:&quot;2.2&quot;,&quot;credit&quot;:&quot;&quot;,&quot;camera&quot;:&quot;iPhone SE (1st generation)&quot;,&quot;caption&quot;:&quot;&quot;,&quot;created_timestamp&quot;:&quot;1689072687&quot;,&quot;copyright&quot;:&quot;&quot;,&quot;focal_length&quot;:&quot;4.15&quot;,&quot;iso&quot;:&quot;320&quot;,&quot;shutter_speed&quot;:&quot;0.058823529411765&quot;,&quot;title&quot;:&quot;&quot;,&quot;orientation&quot;:&quot;1&quot;}\" data-image-title=\"IMG_0991-1\" data-image-description=\"\" data-image-caption=\"\" data-large-file=\"https:\/\/i0.wp.com\/patrimoine-avesnois.fr\/chemin\/wp-content\/uploads\/2023\/07\/IMG_0991-1-scaled.jpg?fit=768%2C1024\" data-id=\"19051\" src=\"https:\/\/i0.wp.com\/patrimoine-avesnois.fr\/chemin\/wp-content\/uploads\/2023\/07\/IMG_0991-1-768x1024.jpg?resize=768%2C1024&#038;ssl=1\" alt=\"\" class=\"wp-image-19051\" srcset=\"https:\/\/i0.wp.com\/patrimoine-avesnois.fr\/chemin\/wp-content\/uploads\/2023\/07\/IMG_0991-1-scaled.jpg?resize=768%2C1024 768w, https:\/\/i0.wp.com\/patrimoine-avesnois.fr\/chemin\/wp-content\/uploads\/2023\/07\/IMG_0991-1-scaled.jpg?resize=225%2C300 225w, https:\/\/i0.wp.com\/patrimoine-avesnois.fr\/chemin\/wp-content\/uploads\/2023\/07\/IMG_0991-1-scaled.jpg?resize=1152%2C1536 1152w, https:\/\/i0.wp.com\/patrimoine-avesnois.fr\/chemin\/wp-content\/uploads\/2023\/07\/IMG_0991-1-scaled.jpg?resize=1536%2C2048 1536w, https:\/\/i0.wp.com\/patrimoine-avesnois.fr\/chemin\/wp-content\/uploads\/2023\/07\/IMG_0991-1-scaled.jpg?resize=1200%2C1600 1200w, https:\/\/i0.wp.com\/patrimoine-avesnois.fr\/chemin\/wp-content\/uploads\/2023\/07\/IMG_0991-1-scaled.jpg?w=1920 1920w, https:\/\/i0.wp.com\/patrimoine-avesnois.fr\/chemin\/wp-content\/uploads\/2023\/07\/IMG_0991-1-scaled.jpg?w=1680 1680w\" sizes=\"auto, (max-width: 768px) 85vw, 768px\" \/><\/figure>\n<\/figure>\n\n\n\n<p><\/p>\n\n\n\n<p>Il s&rsquo;agit d&rsquo;un monument \u00e9rig\u00e9 \u00e0 la m\u00e9moire de L\u00e9on LECLERCQ  tu\u00e9 par un obus allemand le 11 avril 1921. Il avait 16 ans. Voici ci dessous son acte de d\u00e9c\u00e8s :<\/p>\n\n\n<div class=\"wp-block-image\">\n<figure class=\"aligncenter size-full is-resized\"><img data-recalc-dims=\"1\" loading=\"lazy\" decoding=\"async\" data-attachment-id=\"19092\" data-permalink=\"http:\/\/patrimoine-avesnois.fr\/chemin\/poix-du-nord\/capture-5-12\/\" data-orig-file=\"https:\/\/i0.wp.com\/patrimoine-avesnois.fr\/chemin\/wp-content\/uploads\/2023\/07\/Capture-5.jpg?fit=1008%2C748\" data-orig-size=\"1008,748\" data-comments-opened=\"1\" data-image-meta=\"{&quot;aperture&quot;:&quot;0&quot;,&quot;credit&quot;:&quot;CARRE&quot;,&quot;camera&quot;:&quot;&quot;,&quot;caption&quot;:&quot;&quot;,&quot;created_timestamp&quot;:&quot;1689358832&quot;,&quot;copyright&quot;:&quot;&quot;,&quot;focal_length&quot;:&quot;0&quot;,&quot;iso&quot;:&quot;0&quot;,&quot;shutter_speed&quot;:&quot;0&quot;,&quot;title&quot;:&quot;&quot;,&quot;orientation&quot;:&quot;0&quot;}\" data-image-title=\"Capture-5\" data-image-description=\"\" data-image-caption=\"\" data-large-file=\"https:\/\/i0.wp.com\/patrimoine-avesnois.fr\/chemin\/wp-content\/uploads\/2023\/07\/Capture-5.jpg?fit=840%2C623\" src=\"https:\/\/i0.wp.com\/patrimoine-avesnois.fr\/chemin\/wp-content\/uploads\/2023\/07\/Capture-5.jpg?resize=620%2C460&#038;ssl=1\" alt=\"\" class=\"wp-image-19092\" width=\"620\" height=\"460\" srcset=\"https:\/\/i0.wp.com\/patrimoine-avesnois.fr\/chemin\/wp-content\/uploads\/2023\/07\/Capture-5.jpg?w=1008 1008w, https:\/\/i0.wp.com\/patrimoine-avesnois.fr\/chemin\/wp-content\/uploads\/2023\/07\/Capture-5.jpg?resize=300%2C223 300w, https:\/\/i0.wp.com\/patrimoine-avesnois.fr\/chemin\/wp-content\/uploads\/2023\/07\/Capture-5.jpg?resize=768%2C570 768w\" sizes=\"auto, (max-width: 620px) 85vw, 620px\" \/><figcaption class=\"wp-element-caption\">Acte d\u00e9c\u00e8s LECLERCQ L\u00e9on<\/figcaption><\/figure>\n<\/div>\n\n\n<p><\/p>\n\n\n\n<figure class=\"wp-block-gallery has-nested-images columns-default is-cropped wp-block-gallery-6 is-layout-flex wp-block-gallery-is-layout-flex\">\n<figure class=\"wp-block-image size-large\"><img data-recalc-dims=\"1\" loading=\"lazy\" decoding=\"async\" width=\"768\" height=\"1024\" data-attachment-id=\"19046\" data-permalink=\"http:\/\/patrimoine-avesnois.fr\/chemin\/poix-du-nord\/img_0993-1\/\" data-orig-file=\"https:\/\/i0.wp.com\/patrimoine-avesnois.fr\/chemin\/wp-content\/uploads\/2023\/07\/IMG_0993-1-scaled.jpg?fit=1920%2C2560\" data-orig-size=\"1920,2560\" data-comments-opened=\"1\" data-image-meta=\"{&quot;aperture&quot;:&quot;2.2&quot;,&quot;credit&quot;:&quot;&quot;,&quot;camera&quot;:&quot;iPhone SE (1st generation)&quot;,&quot;caption&quot;:&quot;&quot;,&quot;created_timestamp&quot;:&quot;1689072709&quot;,&quot;copyright&quot;:&quot;&quot;,&quot;focal_length&quot;:&quot;4.15&quot;,&quot;iso&quot;:&quot;320&quot;,&quot;shutter_speed&quot;:&quot;0.058823529411765&quot;,&quot;title&quot;:&quot;&quot;,&quot;orientation&quot;:&quot;1&quot;}\" data-image-title=\"IMG_0993-1\" data-image-description=\"\" data-image-caption=\"\" data-large-file=\"https:\/\/i0.wp.com\/patrimoine-avesnois.fr\/chemin\/wp-content\/uploads\/2023\/07\/IMG_0993-1-scaled.jpg?fit=768%2C1024\" data-id=\"19046\" src=\"https:\/\/i0.wp.com\/patrimoine-avesnois.fr\/chemin\/wp-content\/uploads\/2023\/07\/IMG_0993-1-768x1024.jpg?resize=768%2C1024&#038;ssl=1\" alt=\"\" class=\"wp-image-19046\" srcset=\"https:\/\/i0.wp.com\/patrimoine-avesnois.fr\/chemin\/wp-content\/uploads\/2023\/07\/IMG_0993-1-scaled.jpg?resize=768%2C1024 768w, https:\/\/i0.wp.com\/patrimoine-avesnois.fr\/chemin\/wp-content\/uploads\/2023\/07\/IMG_0993-1-scaled.jpg?resize=225%2C300 225w, https:\/\/i0.wp.com\/patrimoine-avesnois.fr\/chemin\/wp-content\/uploads\/2023\/07\/IMG_0993-1-scaled.jpg?resize=1152%2C1536 1152w, https:\/\/i0.wp.com\/patrimoine-avesnois.fr\/chemin\/wp-content\/uploads\/2023\/07\/IMG_0993-1-scaled.jpg?resize=1536%2C2048 1536w, https:\/\/i0.wp.com\/patrimoine-avesnois.fr\/chemin\/wp-content\/uploads\/2023\/07\/IMG_0993-1-scaled.jpg?resize=1200%2C1600 1200w, https:\/\/i0.wp.com\/patrimoine-avesnois.fr\/chemin\/wp-content\/uploads\/2023\/07\/IMG_0993-1-scaled.jpg?w=1920 1920w, https:\/\/i0.wp.com\/patrimoine-avesnois.fr\/chemin\/wp-content\/uploads\/2023\/07\/IMG_0993-1-scaled.jpg?w=1680 1680w\" sizes=\"auto, (max-width: 768px) 85vw, 768px\" \/><\/figure>\n\n\n\n<figure class=\"wp-block-image size-large\"><img data-recalc-dims=\"1\" loading=\"lazy\" decoding=\"async\" width=\"772\" height=\"1024\" data-attachment-id=\"19047\" data-permalink=\"http:\/\/patrimoine-avesnois.fr\/chemin\/poix-du-nord\/img_0994\/\" data-orig-file=\"https:\/\/i0.wp.com\/patrimoine-avesnois.fr\/chemin\/wp-content\/uploads\/2023\/07\/IMG_0994-scaled.jpg?fit=1930%2C2560\" data-orig-size=\"1930,2560\" data-comments-opened=\"1\" data-image-meta=\"{&quot;aperture&quot;:&quot;2.2&quot;,&quot;credit&quot;:&quot;&quot;,&quot;camera&quot;:&quot;iPhone SE (1st generation)&quot;,&quot;caption&quot;:&quot;&quot;,&quot;created_timestamp&quot;:&quot;1689072720&quot;,&quot;copyright&quot;:&quot;&quot;,&quot;focal_length&quot;:&quot;4.15&quot;,&quot;iso&quot;:&quot;400&quot;,&quot;shutter_speed&quot;:&quot;0.058823529411765&quot;,&quot;title&quot;:&quot;&quot;,&quot;orientation&quot;:&quot;1&quot;}\" data-image-title=\"IMG_0994\" data-image-description=\"\" data-image-caption=\"\" data-large-file=\"https:\/\/i0.wp.com\/patrimoine-avesnois.fr\/chemin\/wp-content\/uploads\/2023\/07\/IMG_0994-scaled.jpg?fit=772%2C1024\" data-id=\"19047\" src=\"https:\/\/i0.wp.com\/patrimoine-avesnois.fr\/chemin\/wp-content\/uploads\/2023\/07\/IMG_0994-772x1024.jpg?resize=772%2C1024&#038;ssl=1\" alt=\"\" class=\"wp-image-19047\" srcset=\"https:\/\/i0.wp.com\/patrimoine-avesnois.fr\/chemin\/wp-content\/uploads\/2023\/07\/IMG_0994-scaled.jpg?resize=772%2C1024 772w, https:\/\/i0.wp.com\/patrimoine-avesnois.fr\/chemin\/wp-content\/uploads\/2023\/07\/IMG_0994-scaled.jpg?resize=226%2C300 226w, https:\/\/i0.wp.com\/patrimoine-avesnois.fr\/chemin\/wp-content\/uploads\/2023\/07\/IMG_0994-scaled.jpg?resize=768%2C1018 768w, https:\/\/i0.wp.com\/patrimoine-avesnois.fr\/chemin\/wp-content\/uploads\/2023\/07\/IMG_0994-scaled.jpg?resize=1158%2C1536 1158w, https:\/\/i0.wp.com\/patrimoine-avesnois.fr\/chemin\/wp-content\/uploads\/2023\/07\/IMG_0994-scaled.jpg?resize=1544%2C2048 1544w, https:\/\/i0.wp.com\/patrimoine-avesnois.fr\/chemin\/wp-content\/uploads\/2023\/07\/IMG_0994-scaled.jpg?resize=1200%2C1591 1200w, https:\/\/i0.wp.com\/patrimoine-avesnois.fr\/chemin\/wp-content\/uploads\/2023\/07\/IMG_0994-scaled.jpg?w=1930 1930w, https:\/\/i0.wp.com\/patrimoine-avesnois.fr\/chemin\/wp-content\/uploads\/2023\/07\/IMG_0994-scaled.jpg?w=1680 1680w\" sizes=\"auto, (max-width: 772px) 85vw, 772px\" \/><\/figure>\n<\/figure>\n\n\n\n<p><\/p>\n\n\n<div class=\"wp-block-image\">\n<figure class=\"aligncenter size-large is-resized\"><img data-recalc-dims=\"1\" loading=\"lazy\" decoding=\"async\" data-attachment-id=\"19062\" data-permalink=\"http:\/\/patrimoine-avesnois.fr\/chemin\/poix-du-nord\/img_0999\/\" data-orig-file=\"https:\/\/i0.wp.com\/patrimoine-avesnois.fr\/chemin\/wp-content\/uploads\/2023\/07\/IMG_0999-scaled.jpg?fit=2560%2C1866\" data-orig-size=\"2560,1866\" data-comments-opened=\"1\" data-image-meta=\"{&quot;aperture&quot;:&quot;2.2&quot;,&quot;credit&quot;:&quot;&quot;,&quot;camera&quot;:&quot;iPhone SE (1st generation)&quot;,&quot;caption&quot;:&quot;&quot;,&quot;created_timestamp&quot;:&quot;1689072757&quot;,&quot;copyright&quot;:&quot;&quot;,&quot;focal_length&quot;:&quot;4.15&quot;,&quot;iso&quot;:&quot;500&quot;,&quot;shutter_speed&quot;:&quot;0.058823529411765&quot;,&quot;title&quot;:&quot;&quot;,&quot;orientation&quot;:&quot;1&quot;}\" data-image-title=\"IMG_0999\" data-image-description=\"\" data-image-caption=\"\" data-large-file=\"https:\/\/i0.wp.com\/patrimoine-avesnois.fr\/chemin\/wp-content\/uploads\/2023\/07\/IMG_0999-scaled.jpg?fit=840%2C612\" src=\"https:\/\/i0.wp.com\/patrimoine-avesnois.fr\/chemin\/wp-content\/uploads\/2023\/07\/IMG_0999-1024x746.jpg?resize=630%2C459&#038;ssl=1\" alt=\"\" class=\"wp-image-19062\" width=\"630\" height=\"459\" srcset=\"https:\/\/i0.wp.com\/patrimoine-avesnois.fr\/chemin\/wp-content\/uploads\/2023\/07\/IMG_0999-scaled.jpg?resize=1024%2C746 1024w, https:\/\/i0.wp.com\/patrimoine-avesnois.fr\/chemin\/wp-content\/uploads\/2023\/07\/IMG_0999-scaled.jpg?resize=300%2C219 300w, https:\/\/i0.wp.com\/patrimoine-avesnois.fr\/chemin\/wp-content\/uploads\/2023\/07\/IMG_0999-scaled.jpg?resize=768%2C560 768w, https:\/\/i0.wp.com\/patrimoine-avesnois.fr\/chemin\/wp-content\/uploads\/2023\/07\/IMG_0999-scaled.jpg?resize=1536%2C1120 1536w, https:\/\/i0.wp.com\/patrimoine-avesnois.fr\/chemin\/wp-content\/uploads\/2023\/07\/IMG_0999-scaled.jpg?resize=2048%2C1493 2048w, https:\/\/i0.wp.com\/patrimoine-avesnois.fr\/chemin\/wp-content\/uploads\/2023\/07\/IMG_0999-scaled.jpg?resize=1200%2C875 1200w, https:\/\/i0.wp.com\/patrimoine-avesnois.fr\/chemin\/wp-content\/uploads\/2023\/07\/IMG_0999-scaled.jpg?w=1680 1680w, https:\/\/i0.wp.com\/patrimoine-avesnois.fr\/chemin\/wp-content\/uploads\/2023\/07\/IMG_0999-scaled.jpg?w=2520 2520w\" sizes=\"auto, (max-width: 630px) 85vw, 630px\" \/><\/figure>\n<\/div>\n\n\n<p><\/p>\n\n\n<div class=\"wp-block-image\">\n<figure class=\"aligncenter size-large is-resized\"><img data-recalc-dims=\"1\" loading=\"lazy\" decoding=\"async\" data-attachment-id=\"19065\" data-permalink=\"http:\/\/patrimoine-avesnois.fr\/chemin\/poix-du-nord\/img_1015\/\" data-orig-file=\"https:\/\/i0.wp.com\/patrimoine-avesnois.fr\/chemin\/wp-content\/uploads\/2023\/07\/IMG_1015-scaled.jpg?fit=2560%2C1920\" data-orig-size=\"2560,1920\" data-comments-opened=\"1\" data-image-meta=\"{&quot;aperture&quot;:&quot;2.2&quot;,&quot;credit&quot;:&quot;&quot;,&quot;camera&quot;:&quot;iPhone SE (1st generation)&quot;,&quot;caption&quot;:&quot;&quot;,&quot;created_timestamp&quot;:&quot;1689073313&quot;,&quot;copyright&quot;:&quot;&quot;,&quot;focal_length&quot;:&quot;4.15&quot;,&quot;iso&quot;:&quot;25&quot;,&quot;shutter_speed&quot;:&quot;0.0015479876160991&quot;,&quot;title&quot;:&quot;&quot;,&quot;orientation&quot;:&quot;1&quot;}\" data-image-title=\"IMG_1015\" data-image-description=\"\" data-image-caption=\"\" data-large-file=\"https:\/\/i0.wp.com\/patrimoine-avesnois.fr\/chemin\/wp-content\/uploads\/2023\/07\/IMG_1015-scaled.jpg?fit=840%2C630\" src=\"https:\/\/i0.wp.com\/patrimoine-avesnois.fr\/chemin\/wp-content\/uploads\/2023\/07\/IMG_1015-1024x768.jpg?resize=768%2C576&#038;ssl=1\" alt=\"\" class=\"wp-image-19065\" width=\"768\" height=\"576\" srcset=\"https:\/\/i0.wp.com\/patrimoine-avesnois.fr\/chemin\/wp-content\/uploads\/2023\/07\/IMG_1015-scaled.jpg?resize=1024%2C768 1024w, https:\/\/i0.wp.com\/patrimoine-avesnois.fr\/chemin\/wp-content\/uploads\/2023\/07\/IMG_1015-scaled.jpg?resize=300%2C225 300w, https:\/\/i0.wp.com\/patrimoine-avesnois.fr\/chemin\/wp-content\/uploads\/2023\/07\/IMG_1015-scaled.jpg?resize=768%2C576 768w, https:\/\/i0.wp.com\/patrimoine-avesnois.fr\/chemin\/wp-content\/uploads\/2023\/07\/IMG_1015-scaled.jpg?resize=1536%2C1152 1536w, https:\/\/i0.wp.com\/patrimoine-avesnois.fr\/chemin\/wp-content\/uploads\/2023\/07\/IMG_1015-scaled.jpg?resize=2048%2C1536 2048w, https:\/\/i0.wp.com\/patrimoine-avesnois.fr\/chemin\/wp-content\/uploads\/2023\/07\/IMG_1015-scaled.jpg?resize=1200%2C900 1200w, https:\/\/i0.wp.com\/patrimoine-avesnois.fr\/chemin\/wp-content\/uploads\/2023\/07\/IMG_1015-scaled.jpg?w=1680 1680w, https:\/\/i0.wp.com\/patrimoine-avesnois.fr\/chemin\/wp-content\/uploads\/2023\/07\/IMG_1015-scaled.jpg?w=2520 2520w\" sizes=\"auto, (max-width: 768px) 85vw, 768px\" \/><figcaption class=\"wp-element-caption\">La mairie de Poix-du-Nord et <a href=\"http:\/\/ville-poixdunord.fr\/\" target=\"_blank\" rel=\"noreferrer noopener\" aria-label=\"son site internet (opens in a new tab)\">son site internet<\/a><\/figcaption><\/figure>\n<\/div>\n\n<div class=\"wp-block-image\">\n<figure class=\"aligncenter is-resized\"><img data-recalc-dims=\"1\" loading=\"lazy\" decoding=\"async\" data-attachment-id=\"6830\" data-permalink=\"http:\/\/patrimoine-avesnois.fr\/chemin\/poix-du-nord\/salle-des-fetes-3\/\" data-orig-file=\"https:\/\/i0.wp.com\/patrimoine-avesnois.fr\/chemin\/wp-content\/uploads\/2019\/06\/Salle-des-F%C3%AAtes-2.jpg?fit=1009%2C756\" data-orig-size=\"1009,756\" data-comments-opened=\"1\" data-image-meta=\"{&quot;aperture&quot;:&quot;0&quot;,&quot;credit&quot;:&quot;CARRE&quot;,&quot;camera&quot;:&quot;&quot;,&quot;caption&quot;:&quot;&quot;,&quot;created_timestamp&quot;:&quot;1561889859&quot;,&quot;copyright&quot;:&quot;&quot;,&quot;focal_length&quot;:&quot;0&quot;,&quot;iso&quot;:&quot;0&quot;,&quot;shutter_speed&quot;:&quot;0&quot;,&quot;title&quot;:&quot;&quot;,&quot;orientation&quot;:&quot;0&quot;}\" data-image-title=\"Salle des F\u00eates\" data-image-description=\"\" data-image-caption=\"\" data-large-file=\"https:\/\/i0.wp.com\/patrimoine-avesnois.fr\/chemin\/wp-content\/uploads\/2019\/06\/Salle-des-F%C3%AAtes-2.jpg?fit=840%2C629\" src=\"https:\/\/i0.wp.com\/patrimoine-avesnois.fr\/chemin\/wp-content\/uploads\/2019\/06\/Salle-des-F%C3%AAtes-2.jpg?resize=640%2C480\" alt=\"\" class=\"wp-image-6830\" width=\"640\" height=\"480\" srcset=\"https:\/\/i0.wp.com\/patrimoine-avesnois.fr\/chemin\/wp-content\/uploads\/2019\/06\/Salle-des-F%C3%AAtes-2.jpg?w=1009 1009w, https:\/\/i0.wp.com\/patrimoine-avesnois.fr\/chemin\/wp-content\/uploads\/2019\/06\/Salle-des-F%C3%AAtes-2.jpg?resize=300%2C225 300w, https:\/\/i0.wp.com\/patrimoine-avesnois.fr\/chemin\/wp-content\/uploads\/2019\/06\/Salle-des-F%C3%AAtes-2.jpg?resize=768%2C575 768w\" sizes=\"auto, (max-width: 640px) 85vw, 640px\" \/><figcaption class=\"wp-element-caption\">La salle des F\u00eates  Keighley Hall. <\/figcaption><\/figure>\n<\/div>\n\n\n<p>Apr\u00e8s les ravages de la guerre de 1914, Poix-du-Nord eut pour marraine en 1920 la ville anglaise de Keighley, cons\u00e9quence d&rsquo;une amiti\u00e9 liant M. Gaston Ducornet, maire de Poix et M. Ferdinand Binns, maire de Keighley . En effet M Ducornet \u00e9tait un industriel qui dans le cadre du d\u00e9veloppement des tissages \u00e0 Poix du Nord avait des contacts commerciaux avec cette ville britannique, et Ferdinand Binns, industriel et maire de Keighley avait eu l\u2019occasion, lors d\u2019un voyage \u00e0 Poix, de constater les d\u00e9gradations subies par la commune durant la guerre.<\/p>\n\n\n\n<p>La salle des f\u00eates fut alors construite gr\u00e2ce aux lib\u00e9ralit\u00e9s et aux souscriptions parmi la population de cette ville du Yorshire. Le 5 mai 1921 e\u00fbt lieu la pose de la premi\u00e8re pierre de la salle des f\u00eates par M. Binns. L&rsquo;inauguration officielle du Keighley Hall se d\u00e9roula le 5 juin 1922, avec remise de la Croix de Guerre \u00e0 la Ville de Poix du Nord. Ajoutons qu&rsquo;en 1934, une convention fut sign\u00e9e avec M. Marhem pour la constitution d\u2019un Keighley Cin\u00e9.<\/p>\n\n\n<div class=\"wp-block-image\">\n<figure class=\"aligncenter size-large is-resized\"><img data-recalc-dims=\"1\" loading=\"lazy\" decoding=\"async\" data-attachment-id=\"19066\" data-permalink=\"http:\/\/patrimoine-avesnois.fr\/chemin\/poix-du-nord\/img_1012\/\" data-orig-file=\"https:\/\/i0.wp.com\/patrimoine-avesnois.fr\/chemin\/wp-content\/uploads\/2023\/07\/IMG_1012-scaled.jpg?fit=1920%2C2560\" data-orig-size=\"1920,2560\" data-comments-opened=\"1\" data-image-meta=\"{&quot;aperture&quot;:&quot;2.2&quot;,&quot;credit&quot;:&quot;&quot;,&quot;camera&quot;:&quot;iPhone SE (1st generation)&quot;,&quot;caption&quot;:&quot;&quot;,&quot;created_timestamp&quot;:&quot;1689073196&quot;,&quot;copyright&quot;:&quot;&quot;,&quot;focal_length&quot;:&quot;4.15&quot;,&quot;iso&quot;:&quot;25&quot;,&quot;shutter_speed&quot;:&quot;0.00063694267515924&quot;,&quot;title&quot;:&quot;&quot;,&quot;orientation&quot;:&quot;1&quot;}\" data-image-title=\"IMG_1012\" data-image-description=\"\" data-image-caption=\"\" data-large-file=\"https:\/\/i0.wp.com\/patrimoine-avesnois.fr\/chemin\/wp-content\/uploads\/2023\/07\/IMG_1012-scaled.jpg?fit=768%2C1024\" src=\"https:\/\/i0.wp.com\/patrimoine-avesnois.fr\/chemin\/wp-content\/uploads\/2023\/07\/IMG_1012-768x1024.jpg?resize=400%2C533&#038;ssl=1\" alt=\"\" class=\"wp-image-19066\" width=\"400\" height=\"533\" srcset=\"https:\/\/i0.wp.com\/patrimoine-avesnois.fr\/chemin\/wp-content\/uploads\/2023\/07\/IMG_1012-scaled.jpg?resize=768%2C1024 768w, https:\/\/i0.wp.com\/patrimoine-avesnois.fr\/chemin\/wp-content\/uploads\/2023\/07\/IMG_1012-scaled.jpg?resize=225%2C300 225w, https:\/\/i0.wp.com\/patrimoine-avesnois.fr\/chemin\/wp-content\/uploads\/2023\/07\/IMG_1012-scaled.jpg?resize=1152%2C1536 1152w, https:\/\/i0.wp.com\/patrimoine-avesnois.fr\/chemin\/wp-content\/uploads\/2023\/07\/IMG_1012-scaled.jpg?resize=1536%2C2048 1536w, https:\/\/i0.wp.com\/patrimoine-avesnois.fr\/chemin\/wp-content\/uploads\/2023\/07\/IMG_1012-scaled.jpg?resize=1200%2C1600 1200w, https:\/\/i0.wp.com\/patrimoine-avesnois.fr\/chemin\/wp-content\/uploads\/2023\/07\/IMG_1012-scaled.jpg?w=1920 1920w, https:\/\/i0.wp.com\/patrimoine-avesnois.fr\/chemin\/wp-content\/uploads\/2023\/07\/IMG_1012-scaled.jpg?w=1680 1680w\" sizes=\"auto, (max-width: 400px) 85vw, 400px\" \/><figcaption class=\"wp-element-caption\">Monument aux Morts de Poix-du-Nord :  partie sculpturale en bronze et partie architecturale en granit belge.<a rel=\"noreferrer noopener\" aria-label=\" Universit\u00e9 Lille 3  (opens in a new tab)\" href=\"https:\/\/monumentsmorts.univ-lille.fr\/monument\/569\/poix-du-nord-presdeleglise\/\" target=\"_blank\"> Universit\u00e9 Lille 3 <\/a><\/figcaption><\/figure>\n<\/div>\n\n\n<p>63 Pod\u00e9ens ont laiss\u00e9 leur vie durant la Premi\u00e8re Guerre Mondiale et 58  victimes civiles lors de la lib\u00e9ration de Poix-du-Nord, le 25 octobre 1918.  <br>Sculpteur <a rel=\"noreferrer noopener\" aria-label=\" (opens in a new tab)\" href=\"https:\/\/monumentsmorts.univ-lille.fr\/auteur\/105\/achardjean-georgespierre\/\" target=\"_blank\">Jean Georges Pierre Achard <\/a>: la Victoire sortant des ruines avec \u00e0 ses pieds un soldat et une victime civile. Entrepreneur Maurice Schmit<\/p>\n\n\n\n<div class=\"wp-block-jetpack-slideshow aligncenter\" data-effect=\"slide\"><div class=\"wp-block-jetpack-slideshow_container swiper-container\"><ul class=\"wp-block-jetpack-slideshow_swiper-wrappper swiper-wrapper\"><li class=\"wp-block-jetpack-slideshow_slide swiper-slide\"><figure><img data-recalc-dims=\"1\" loading=\"lazy\" decoding=\"async\" width=\"840\" height=\"547\" alt=\"\" class=\"wp-block-jetpack-slideshow_image wp-image-6835\" data-id=\"6835\" src=\"https:\/\/i0.wp.com\/patrimoine-avesnois.fr\/chemin\/wp-content\/uploads\/2019\/06\/poix-du-nordvdb-16-02-09-014_539bf2e564dcd.jpg?resize=840%2C547\" srcset=\"https:\/\/i0.wp.com\/patrimoine-avesnois.fr\/chemin\/wp-content\/uploads\/2019\/06\/poix-du-nordvdb-16-02-09-014_539bf2e564dcd.jpg?w=850 850w, https:\/\/i0.wp.com\/patrimoine-avesnois.fr\/chemin\/wp-content\/uploads\/2019\/06\/poix-du-nordvdb-16-02-09-014_539bf2e564dcd.jpg?resize=300%2C196 300w, https:\/\/i0.wp.com\/patrimoine-avesnois.fr\/chemin\/wp-content\/uploads\/2019\/06\/poix-du-nordvdb-16-02-09-014_539bf2e564dcd.jpg?resize=768%2C501 768w\" sizes=\"(max-width: 709px) 85vw, (max-width: 909px) 67vw, (max-width: 1362px) 62vw, 840px\" \/><\/figure><\/li><li class=\"wp-block-jetpack-slideshow_slide swiper-slide\"><figure><img data-recalc-dims=\"1\" loading=\"lazy\" decoding=\"async\" width=\"535\" height=\"850\" alt=\"\" class=\"wp-block-jetpack-slideshow_image wp-image-6836\" data-id=\"6836\" src=\"https:\/\/i0.wp.com\/patrimoine-avesnois.fr\/chemin\/wp-content\/uploads\/2019\/06\/poix-du-nordvdbmonmorts-3-03-11-002_539bf15fa0623.jpg?resize=535%2C850\" srcset=\"https:\/\/i0.wp.com\/patrimoine-avesnois.fr\/chemin\/wp-content\/uploads\/2019\/06\/poix-du-nordvdbmonmorts-3-03-11-002_539bf15fa0623.jpg?w=535 535w, https:\/\/i0.wp.com\/patrimoine-avesnois.fr\/chemin\/wp-content\/uploads\/2019\/06\/poix-du-nordvdbmonmorts-3-03-11-002_539bf15fa0623.jpg?resize=189%2C300 189w\" sizes=\"(max-width: 535px) 85vw, 535px\" \/><\/figure><\/li><li class=\"wp-block-jetpack-slideshow_slide swiper-slide\"><figure><img data-recalc-dims=\"1\" loading=\"lazy\" decoding=\"async\" width=\"549\" height=\"850\" alt=\"\" class=\"wp-block-jetpack-slideshow_image wp-image-6837\" data-id=\"6837\" src=\"https:\/\/i0.wp.com\/patrimoine-avesnois.fr\/chemin\/wp-content\/uploads\/2019\/06\/poix-du-nordvdbmonmorts10-09-08-235_539bf20f67b78.jpg?resize=549%2C850\" srcset=\"https:\/\/i0.wp.com\/patrimoine-avesnois.fr\/chemin\/wp-content\/uploads\/2019\/06\/poix-du-nordvdbmonmorts10-09-08-235_539bf20f67b78.jpg?w=549 549w, https:\/\/i0.wp.com\/patrimoine-avesnois.fr\/chemin\/wp-content\/uploads\/2019\/06\/poix-du-nordvdbmonmorts10-09-08-235_539bf20f67b78.jpg?resize=194%2C300 194w\" sizes=\"(max-width: 549px) 85vw, 549px\" \/><\/figure><\/li><li class=\"wp-block-jetpack-slideshow_slide swiper-slide\"><figure><img data-recalc-dims=\"1\" loading=\"lazy\" decoding=\"async\" width=\"557\" height=\"850\" alt=\"\" class=\"wp-block-jetpack-slideshow_image wp-image-6838\" data-id=\"6838\" src=\"https:\/\/i0.wp.com\/patrimoine-avesnois.fr\/chemin\/wp-content\/uploads\/2019\/06\/poix-du-nordvdbmonmorts10-09-08-238_539bf1a10030e.jpg?resize=557%2C850\" srcset=\"https:\/\/i0.wp.com\/patrimoine-avesnois.fr\/chemin\/wp-content\/uploads\/2019\/06\/poix-du-nordvdbmonmorts10-09-08-238_539bf1a10030e.jpg?w=557 557w, https:\/\/i0.wp.com\/patrimoine-avesnois.fr\/chemin\/wp-content\/uploads\/2019\/06\/poix-du-nordvdbmonmorts10-09-08-238_539bf1a10030e.jpg?resize=197%2C300 197w\" sizes=\"(max-width: 557px) 85vw, 557px\" \/><\/figure><\/li><\/ul><a class=\"wp-block-jetpack-slideshow_button-prev swiper-button-prev swiper-button-white\" role=\"button\"><\/a><a class=\"wp-block-jetpack-slideshow_button-next swiper-button-next swiper-button-white\" role=\"button\"><\/a><a aria-label=\"Pause Slideshow\" class=\"wp-block-jetpack-slideshow_button-pause\" role=\"button\"><\/a><div class=\"wp-block-jetpack-slideshow_pagination swiper-pagination swiper-pagination-white\"><\/div><\/div><\/div>\n\n\n<div class=\"wp-block-image\">\n<figure class=\"aligncenter is-resized\"><img data-recalc-dims=\"1\" loading=\"lazy\" decoding=\"async\" data-attachment-id=\"6840\" data-permalink=\"http:\/\/patrimoine-avesnois.fr\/chemin\/poix-du-nord\/668_001\/\" data-orig-file=\"https:\/\/i0.wp.com\/patrimoine-avesnois.fr\/chemin\/wp-content\/uploads\/2019\/06\/668_001.jpg?fit=808%2C519\" data-orig-size=\"808,519\" data-comments-opened=\"1\" data-image-meta=\"{&quot;aperture&quot;:&quot;0&quot;,&quot;credit&quot;:&quot;&quot;,&quot;camera&quot;:&quot;&quot;,&quot;caption&quot;:&quot;&quot;,&quot;created_timestamp&quot;:&quot;1561886230&quot;,&quot;copyright&quot;:&quot;&quot;,&quot;focal_length&quot;:&quot;0&quot;,&quot;iso&quot;:&quot;0&quot;,&quot;shutter_speed&quot;:&quot;0&quot;,&quot;title&quot;:&quot;&quot;,&quot;orientation&quot;:&quot;0&quot;}\" data-image-title=\"668_001\" data-image-description=\"\" data-image-caption=\"\" data-large-file=\"https:\/\/i0.wp.com\/patrimoine-avesnois.fr\/chemin\/wp-content\/uploads\/2019\/06\/668_001.jpg?fit=808%2C519\" src=\"https:\/\/i0.wp.com\/patrimoine-avesnois.fr\/chemin\/wp-content\/uploads\/2019\/06\/668_001.jpg?resize=606%2C389\" alt=\"\" class=\"wp-image-6840\" width=\"606\" height=\"389\" srcset=\"https:\/\/i0.wp.com\/patrimoine-avesnois.fr\/chemin\/wp-content\/uploads\/2019\/06\/668_001.jpg?w=808 808w, https:\/\/i0.wp.com\/patrimoine-avesnois.fr\/chemin\/wp-content\/uploads\/2019\/06\/668_001.jpg?resize=300%2C193 300w, https:\/\/i0.wp.com\/patrimoine-avesnois.fr\/chemin\/wp-content\/uploads\/2019\/06\/668_001.jpg?resize=768%2C493 768w\" sizes=\"auto, (max-width: 606px) 85vw, 606px\" \/><\/figure>\n<\/div>\n\n<div class=\"wp-block-image\">\n<figure class=\"aligncenter is-resized\"><img data-recalc-dims=\"1\" loading=\"lazy\" decoding=\"async\" data-attachment-id=\"6839\" data-permalink=\"http:\/\/patrimoine-avesnois.fr\/chemin\/poix-du-nord\/829_001-2\/\" data-orig-file=\"https:\/\/i0.wp.com\/patrimoine-avesnois.fr\/chemin\/wp-content\/uploads\/2019\/06\/829_001.jpg?fit=826%2C510\" data-orig-size=\"826,510\" data-comments-opened=\"1\" data-image-meta=\"{&quot;aperture&quot;:&quot;0&quot;,&quot;credit&quot;:&quot;&quot;,&quot;camera&quot;:&quot;&quot;,&quot;caption&quot;:&quot;&quot;,&quot;created_timestamp&quot;:&quot;1561886192&quot;,&quot;copyright&quot;:&quot;&quot;,&quot;focal_length&quot;:&quot;0&quot;,&quot;iso&quot;:&quot;0&quot;,&quot;shutter_speed&quot;:&quot;0&quot;,&quot;title&quot;:&quot;&quot;,&quot;orientation&quot;:&quot;0&quot;}\" data-image-title=\"829_001\" data-image-description=\"\" data-image-caption=\"\" data-large-file=\"https:\/\/i0.wp.com\/patrimoine-avesnois.fr\/chemin\/wp-content\/uploads\/2019\/06\/829_001.jpg?fit=826%2C510\" src=\"https:\/\/i0.wp.com\/patrimoine-avesnois.fr\/chemin\/wp-content\/uploads\/2019\/06\/829_001.jpg?resize=620%2C383\" alt=\"\" class=\"wp-image-6839\" width=\"620\" height=\"383\" srcset=\"https:\/\/i0.wp.com\/patrimoine-avesnois.fr\/chemin\/wp-content\/uploads\/2019\/06\/829_001.jpg?w=826 826w, https:\/\/i0.wp.com\/patrimoine-avesnois.fr\/chemin\/wp-content\/uploads\/2019\/06\/829_001.jpg?resize=300%2C185 300w, https:\/\/i0.wp.com\/patrimoine-avesnois.fr\/chemin\/wp-content\/uploads\/2019\/06\/829_001.jpg?resize=768%2C474 768w\" sizes=\"auto, (max-width: 620px) 85vw, 620px\" \/><\/figure>\n<\/div>\n\n\n<p>L\u2019inauguration aura lieu le 28 septembre 1924 devant une foule immense.<\/p>\n\n\n<div class=\"wp-block-image\">\n<figure class=\"aligncenter is-resized\"><img loading=\"lazy\" decoding=\"async\" src=\"https:\/\/upload.wikimedia.org\/wikipedia\/commons\/thumb\/0\/0c\/Poix-du-Nord_%28Nord%2C_Fr%29_Tombes_de_guerrre_CWGC.JPG\/1280px-Poix-du-Nord_%28Nord%2C_Fr%29_Tombes_de_guerrre_CWGC.JPG\" alt=\"\" width=\"643\" height=\"482\"\/><figcaption class=\"wp-element-caption\">Cimeti\u00e8re britannique <\/figcaption><\/figure>\n<\/div>\n\n\n<p>Le cimeti\u00e8re britannique comprend 93 tombes de soldats anglais dont une, au milieu du cimeti\u00e8re, d&rsquo;un aviateur Anglais abattu en 1940, au bout de la rue des Warennes, vers Englefontaine. <\/p>\n\n\n<div class=\"wp-block-image\">\n<figure class=\"aligncenter is-resized\"><img loading=\"lazy\" decoding=\"async\" src=\"http:\/\/i0.wp.com\/www.calvaires-avesnois.fr\/wp-content\/uploads\/2016\/09\/IMG_1248.jpg?resize=490%2C653\" alt=\"Calvaire  de Poix-du-Nord ( vue rapproch\u00c3\u00a9e)\" width=\"368\" height=\"490\"\/><figcaption class=\"wp-element-caption\"><em>Calvaire Route du Cateau \/ Rue du Calvaire<\/em> <\/figcaption><\/figure>\n<\/div>\n\n\n<p>Un premier Christ occupait l&rsquo;endroit en 1746. Le Calvaire fut d\u00e9plac\u00e9 en 1848 \u00e0 la Croisette (rue Henri Roland) pour le rapprocher du village. 16 mois plus tard, on trouva que cet emplacement n\u2019\u00e9tait pas judicieux et le 3 septembre 1849, lors d\u2019une immense c\u00e9r\u00e9monie suivie par 10 000 personnes, il fut r\u00e9tabli \u00e0 sa place d\u2019origine. Source : Mr Lecuppre Henri<\/p>\n\n\n\n<p class=\"has-text-align-center\">***<\/p>\n\n\n<div class=\"wp-block-image\">\n<figure class=\"aligncenter is-resized\"><img loading=\"lazy\" decoding=\"async\" src=\"https:\/\/i1.wp.com\/ville-poixdunord.fr\/wp-content\/uploads\/2016\/07\/sjb-300x300.jpg?resize=300%2C300&amp;ssl=1\" alt=\"sjb\" width=\"432\" height=\"432\"\/><figcaption class=\"wp-element-caption\">Salle Jos\u00e9phine Bataille Photo Mairie<\/figcaption><\/figure>\n<\/div>\n\n\n<p>Derri\u00e8re la salle des f\u00eates se trouve la salle Jos\u00e9phine Bataille (1811-1890) du nom d&rsquo;une Pod\u00e9enne honor\u00e9e pour son action sociale en 1890. Cette salle fut construite en 1927 pour servir de \u00ab Bains Douches \u00bb aux \u00e9coliers puis en novembre devenir les \u00ab Les Bains Douches Municipaux \u00bb. L&rsquo;arm\u00e9e les utilisa en 1940.<br>En 1986, on transforma les bains douches en salle de r\u00e9union avant de devenir un an plus tard la \u00ab salle Jos\u00e9phine Bataille \u00bb. <\/p>\n\n\n\n<p class=\"has-text-align-center\">***<\/p>\n\n\n\n<p><strong>Statue Talma<\/strong><br><\/p>\n\n\n<div class=\"wp-block-image\">\n<figure class=\"aligncenter is-resized\"><img loading=\"lazy\" decoding=\"async\" data-attachment-id=\"453\" data-permalink=\"http:\/\/patrimoine-avesnois.fr\/chemin\/beugnies\/image-19\/\" data-orig-file=\"https:\/\/i0.wp.com\/patrimoine-avesnois.fr\/chemin\/wp-content\/uploads\/2019\/03\/image-17.png?fit=609%2C457\" data-orig-size=\"609,457\" data-comments-opened=\"1\" data-image-meta=\"{&quot;aperture&quot;:&quot;0&quot;,&quot;credit&quot;:&quot;&quot;,&quot;camera&quot;:&quot;&quot;,&quot;caption&quot;:&quot;&quot;,&quot;created_timestamp&quot;:&quot;0&quot;,&quot;copyright&quot;:&quot;&quot;,&quot;focal_length&quot;:&quot;0&quot;,&quot;iso&quot;:&quot;0&quot;,&quot;shutter_speed&quot;:&quot;0&quot;,&quot;title&quot;:&quot;&quot;,&quot;orientation&quot;:&quot;0&quot;}\" data-image-title=\"image\" data-image-description=\"\" data-image-caption=\"\" data-large-file=\"https:\/\/i0.wp.com\/patrimoine-avesnois.fr\/chemin\/wp-content\/uploads\/2019\/03\/image-17.png?fit=609%2C457\" src=\"https:\/\/i1.wp.com\/ville-poixdunord.fr\/wp-content\/uploads\/2016\/09\/mt17300.jpg?resize=300%2C191\" alt=\"mt17300\" class=\"wp-image-453\" width=\"470\" height=\"300\"\/><figcaption class=\"wp-element-caption\">Premi\u00e8re Statue \u00ab\u00a0assise\u00a0\u00bb 1904<\/figcaption><\/figure>\n<\/div>\n\n\n<p>Fran\u00e7ois Joseph Talma (1763 Paris-1826 Brunoy), trag\u00e9dien pr\u00e9f\u00e9r\u00e9 de Napol\u00e9on, a v\u00e9cu quelques ann\u00e9es de son enfance \u00e0 Poix.<\/p>\n\n\n<div class=\"wp-block-image\">\n<figure class=\"aligncenter is-resized\"><img data-recalc-dims=\"1\" loading=\"lazy\" decoding=\"async\" src=\"https:\/\/i0.wp.com\/e-monumen.net\/wp-content\/uploads\/talma2-698x850.jpg?resize=407%2C496&#038;ssl=1\" alt=\"\" width=\"407\" height=\"496\"\/><figcaption class=\"wp-element-caption\">Premi\u00e8re Statue \u00ab\u00a0assise\u00a0\u00bb<\/figcaption><\/figure>\n<\/div>\n\n<div class=\"wp-block-image\">\n<figure class=\"aligncenter is-resized\"><img data-recalc-dims=\"1\" loading=\"lazy\" decoding=\"async\" src=\"https:\/\/i0.wp.com\/e-monumen.net\/wp-content\/uploads\/talma1-589x850.jpg?resize=409%2C590&#038;ssl=1\" alt=\"\" width=\"409\" height=\"590\"\/><figcaption class=\"wp-element-caption\">Premi\u00e8re statue \u00ab\u00a0assise\u00a0\u00bb<\/figcaption><\/figure>\n<\/div>\n\n\n<p>En son honneur, une premi\u00e8re statue \u00ab assise \u00bb fut inaugur\u00e9e le 25 septembre 1904 mais fut emmen\u00e9e en Allemagne en 1915. <br>Le pi\u00e9destal provenant des ateliers de M. Burquin \u00e0 Solesmes, dans le Nord, \u00e9tait en granit. Le bronze \u00e9tait sign\u00e9 Fagel \u2013 Capitain Source :  Fonds Debuisson Documentation du mus\u00e9e d\u2019Orsay Communication \u00e9crite de M. Lambourg, maire de Poix-du-Nord, mars 2004 Compl\u00e9ment : Daniel Cauchy 2017 <\/p>\n\n\n<div class=\"wp-block-image\">\n<figure class=\"aligncenter\"><img data-recalc-dims=\"1\" decoding=\"async\" src=\"https:\/\/i0.wp.com\/e-monumen.net\/wp-content\/uploads\/10629_image_1.jpg?w=840&#038;ssl=1\" alt=\"\"\/><figcaption class=\"wp-element-caption\">seconde statue de Talma 1931<\/figcaption><\/figure>\n<\/div>\n\n\n<p>Une deuxi\u00e8me statue \u00ab debout \u00bb fut inaugur\u00e9e le 19 juillet 1931. Cette statue en bronze fut sculpt\u00e9e par <a rel=\"noreferrer noopener\" aria-label=\"Charles Maillard (opens in a new tab)\" href=\"https:\/\/fr.wikipedia.org\/wiki\/Charles_Maillard_(1876-1973)\" target=\"_blank\">Charles Maillard<\/a> (1876 1973). Elle disparut au cours de l&rsquo;occupation en 1941.<\/p>\n\n\n\n<figure class=\"wp-block-gallery has-nested-images columns-default is-cropped wp-block-gallery-7 is-layout-flex wp-block-gallery-is-layout-flex\">\n<figure class=\"wp-block-image size-large\"><img data-recalc-dims=\"1\" loading=\"lazy\" decoding=\"async\" width=\"437\" height=\"570\" data-attachment-id=\"6867\" data-permalink=\"http:\/\/patrimoine-avesnois.fr\/chemin\/poix-du-nord\/capture-192\/\" data-orig-file=\"https:\/\/i0.wp.com\/patrimoine-avesnois.fr\/chemin\/wp-content\/uploads\/2019\/06\/Capture-70.jpg?fit=437%2C570\" data-orig-size=\"437,570\" data-comments-opened=\"1\" data-image-meta=\"{&quot;aperture&quot;:&quot;0&quot;,&quot;credit&quot;:&quot;CARRE&quot;,&quot;camera&quot;:&quot;&quot;,&quot;caption&quot;:&quot;&quot;,&quot;created_timestamp&quot;:&quot;1561905612&quot;,&quot;copyright&quot;:&quot;&quot;,&quot;focal_length&quot;:&quot;0&quot;,&quot;iso&quot;:&quot;0&quot;,&quot;shutter_speed&quot;:&quot;0&quot;,&quot;title&quot;:&quot;&quot;,&quot;orientation&quot;:&quot;0&quot;}\" data-image-title=\"Capture\" data-image-description=\"\" data-image-caption=\"\" data-large-file=\"https:\/\/i0.wp.com\/patrimoine-avesnois.fr\/chemin\/wp-content\/uploads\/2019\/06\/Capture-70.jpg?fit=437%2C570\" data-id=\"6867\" src=\"https:\/\/i0.wp.com\/patrimoine-avesnois.fr\/chemin\/wp-content\/uploads\/2019\/06\/Capture-70.jpg?resize=437%2C570&#038;ssl=1\" alt=\"\" class=\"wp-image-6867\" srcset=\"https:\/\/i0.wp.com\/patrimoine-avesnois.fr\/chemin\/wp-content\/uploads\/2019\/06\/Capture-70.jpg?w=437 437w, https:\/\/i0.wp.com\/patrimoine-avesnois.fr\/chemin\/wp-content\/uploads\/2019\/06\/Capture-70.jpg?resize=230%2C300 230w\" sizes=\"auto, (max-width: 437px) 85vw, 437px\" \/><\/figure>\n\n\n\n<figure class=\"wp-block-image size-large\"><img data-recalc-dims=\"1\" loading=\"lazy\" decoding=\"async\" width=\"133\" height=\"200\" data-attachment-id=\"6868\" data-permalink=\"http:\/\/patrimoine-avesnois.fr\/chemin\/poix-du-nord\/images-2\/\" data-orig-file=\"https:\/\/i0.wp.com\/patrimoine-avesnois.fr\/chemin\/wp-content\/uploads\/2019\/06\/images-1.jpg?fit=133%2C200\" data-orig-size=\"133,200\" data-comments-opened=\"1\" data-image-meta=\"{&quot;aperture&quot;:&quot;0&quot;,&quot;credit&quot;:&quot;&quot;,&quot;camera&quot;:&quot;&quot;,&quot;caption&quot;:&quot;&quot;,&quot;created_timestamp&quot;:&quot;0&quot;,&quot;copyright&quot;:&quot;&quot;,&quot;focal_length&quot;:&quot;0&quot;,&quot;iso&quot;:&quot;0&quot;,&quot;shutter_speed&quot;:&quot;0&quot;,&quot;title&quot;:&quot;&quot;,&quot;orientation&quot;:&quot;0&quot;}\" data-image-title=\"images\" data-image-description=\"\" data-image-caption=\"\" data-large-file=\"https:\/\/i0.wp.com\/patrimoine-avesnois.fr\/chemin\/wp-content\/uploads\/2019\/06\/images-1.jpg?fit=133%2C200\" data-id=\"6868\" src=\"https:\/\/i0.wp.com\/patrimoine-avesnois.fr\/chemin\/wp-content\/uploads\/2019\/06\/images-1.jpg?resize=133%2C200&#038;ssl=1\" alt=\"\" class=\"wp-image-6868\"\/><\/figure>\n\n\n\n<figure class=\"wp-block-image size-large\"><img data-recalc-dims=\"1\" loading=\"lazy\" decoding=\"async\" width=\"472\" height=\"337\" data-attachment-id=\"6869\" data-permalink=\"http:\/\/patrimoine-avesnois.fr\/chemin\/poix-du-nord\/17066_2\/\" data-orig-file=\"https:\/\/i0.wp.com\/patrimoine-avesnois.fr\/chemin\/wp-content\/uploads\/2019\/06\/17066_2.jpg?fit=472%2C337\" data-orig-size=\"472,337\" data-comments-opened=\"1\" data-image-meta=\"{&quot;aperture&quot;:&quot;0&quot;,&quot;credit&quot;:&quot;&quot;,&quot;camera&quot;:&quot;&quot;,&quot;caption&quot;:&quot;&quot;,&quot;created_timestamp&quot;:&quot;0&quot;,&quot;copyright&quot;:&quot;&quot;,&quot;focal_length&quot;:&quot;0&quot;,&quot;iso&quot;:&quot;0&quot;,&quot;shutter_speed&quot;:&quot;0&quot;,&quot;title&quot;:&quot;&quot;,&quot;orientation&quot;:&quot;1&quot;}\" data-image-title=\"17066_2\" data-image-description=\"\" data-image-caption=\"\" data-large-file=\"https:\/\/i0.wp.com\/patrimoine-avesnois.fr\/chemin\/wp-content\/uploads\/2019\/06\/17066_2.jpg?fit=472%2C337\" data-id=\"6869\" src=\"https:\/\/i0.wp.com\/patrimoine-avesnois.fr\/chemin\/wp-content\/uploads\/2019\/06\/17066_2.jpg?resize=472%2C337&#038;ssl=1\" alt=\"\" class=\"wp-image-6869\" srcset=\"https:\/\/i0.wp.com\/patrimoine-avesnois.fr\/chemin\/wp-content\/uploads\/2019\/06\/17066_2.jpg?w=472 472w, https:\/\/i0.wp.com\/patrimoine-avesnois.fr\/chemin\/wp-content\/uploads\/2019\/06\/17066_2.jpg?resize=300%2C214 300w\" sizes=\"auto, (max-width: 472px) 85vw, 472px\" \/><\/figure>\n<\/figure>\n\n\n\n<p>Celle que nous connaissons aujourd\u2019hui, due \u00e0 Fran\u00e7ois Dufour fut inaugur\u00e9e le 14 septembre 1986. <br>De nombreux repr\u00e9sentants locaux, les membres de la famille Talma, les d\u00e9l\u00e9gations des villes de Burgbrohl (Allemagne) et de Keighley (Grande-Bretagne), ainsi que M. Maurice Schumann, membre de l&rsquo;Acad\u00e9mie fran\u00e7aise, \u00e9taient pr\u00e9sents pour l&rsquo;\u00e9v\u00e9nement.   <br><br><\/p>\n\n\n\n<p class=\"has-text-align-center\">***<\/p>\n\n\n\n<p><strong>Boulodrome<\/strong><\/p>\n\n\n<div class=\"wp-block-image\">\n<figure class=\"aligncenter is-resized\"><img loading=\"lazy\" decoding=\"async\" src=\"https:\/\/i1.wp.com\/ville-poixdunord.fr\/wp-content\/uploads\/2016\/09\/44.jpg?resize=300%2C225\" alt=\"44\" class=\"wp-image-457\" width=\"470\" height=\"352\"\/><\/figure>\n<\/div>\n\n\n<p><br>C\u2019est sur la parcelle que lui a l\u00e9gu\u00e9 Mr Paul Moity que le Comit\u00e9 du CCAS de Poix du Nord d\u00e9cida la construction d\u2019un boulodrome en remplacement de l\u2019ancien devenu trop petit. Ce nouveau terrain de p\u00e9tanque fut inaugur\u00e9 le 19 juin 2009.<\/p>\n\n\n\n<p class=\"has-text-align-center\">***<\/p>\n\n\n\n<p><strong>Kiosque disparu<\/strong><\/p>\n\n\n<div class=\"wp-block-image\">\n<figure class=\"aligncenter is-resized\"><img loading=\"lazy\" decoding=\"async\" src=\"https:\/\/i0.wp.com\/kiosques-avesnois.fr\/wp-content\/uploads\/2017\/11\/Poix-du-Nord.jpg?resize=840%2C546\" alt=\"\" class=\"wp-image-79\" width=\"630\" height=\"410\"\/><figcaption class=\"wp-element-caption\">Le kiosque disparu de Poix-du-Nord<\/figcaption><\/figure>\n<\/div>\n\n\n<p>\u00c9lev\u00e9 en 1924 Place Talma, il \u00e9tait en \u00e9tat de d\u00e9gradation compl\u00e8te en 1959 et disparut en 1961.<\/p>\n\n\n\n<p>Informations compl\u00e9mentaires de Mr Lecuppre sur la Place Talma : <br>\u00a0\u00bb A l\u2019origine, il s\u2019agit d\u2019un mar\u00e9cage dans la continuit\u00e9 du marais du Moulin. Il se dit, qu\u2019il fut un temps on assista \u00e0 des joutes nautiques \u00e0 cet endroit. D\u00e9nomm\u00e9e place du Marais, elle devint, le 22 mai 1889, place Talma suite \u00e0 une d\u00e9cision du Conseil Municipal, le Maire \u00e9tant M. Williot. C\u2019est \u00e0 cette \u00e9poque que furent d\u00e9cid\u00e9s les travaux de rehaussement de la Place du Marais (place Talma) ainsi que de la rue Talma \u00e0 la rue du Ch\u00e2teau, sur 300m. En 1890, le Conseil d\u00e9cide d\u2019abattre le Tilleul de la place qui menace la s\u00e9curit\u00e9 des personnes. En 1920, on am\u00e9nage la place Talma. Un kiosque y est construit en 1924. En 1930, on confectionne une aire b\u00e9tonn\u00e9e autour du kiosque pour pouvoir danser. Ce kiosque existera jusqu\u2019en 1961&Prime;.<\/p>\n\n\n\n<p class=\"has-text-align-center\">***<\/p>\n\n\n\n<p><strong>1 oratoire et 3 chapelles<\/strong><\/p>\n\n\n<div class=\"wp-block-image\">\n<figure class=\"aligncenter is-resized\"><img data-recalc-dims=\"1\" loading=\"lazy\" decoding=\"async\" src=\"https:\/\/i0.wp.com\/oratoiresetchapelles-avesnois.fr\/wp-content\/uploads\/2017\/05\/IMG_1231-768x1024.jpg?resize=384%2C512\" alt=\"Oratoire N.D de la Mis\u00e9ricorde (1848) Rue du Croissant\" class=\"wp-image-3170\" width=\"384\" height=\"512\"\/><figcaption class=\"wp-element-caption\">Oratoire N.D de la Mis\u00e9ricorde (1848) Rue du Croissant<\/figcaption><\/figure>\n<\/div>\n\n<div class=\"wp-block-image\">\n<figure class=\"aligncenter is-resized\"><img data-recalc-dims=\"1\" loading=\"lazy\" decoding=\"async\" src=\"https:\/\/i0.wp.com\/oratoiresetchapelles-avesnois.fr\/wp-content\/uploads\/2017\/05\/IMG_1229-1024x768.jpg?resize=512%2C384\" alt=\"Erig\u00e9 par Rosalie et J Bte Bisiaux 1848 ---\" class=\"wp-image-3172\" width=\"512\" height=\"384\"\/><figcaption class=\"wp-element-caption\">Erig\u00e9e par Rosalie et J Bte Bisiaux 1848 \u2014Restaur\u00e9e par une souscription paroissiale 1885<\/figcaption><\/figure>\n<\/div>\n\n\n<p>Cet oratoire qui est le seul \u00e0 Poix-du-Nord m\u00e9rite une visite : son aspect est unique et sa taille imposante . Il a \u00e9t\u00e9 \u00e9rig\u00e9 en 1848 par Rosalie Bisiaux, c\u00e9libataire alors \u00e2g\u00e9e de 20 ans et son fr\u00e8re Jean Baptiste \u00e2g\u00e9 de 22 ans mari\u00e9 en 1847 \u00e0 Cl\u00e9mentine Durand.<\/p>\n\n\n<div class=\"wp-block-image\">\n<figure class=\"aligncenter is-resized\"><img data-recalc-dims=\"1\" loading=\"lazy\" decoding=\"async\" src=\"https:\/\/i0.wp.com\/oratoiresetchapelles-avesnois.fr\/wp-content\/uploads\/2017\/05\/IMG_1249-768x1024.jpg?resize=384%2C512\" alt=\"Chapelle Carlier Manesse (1861) Chemin de Wagnonville\" class=\"wp-image-3176\" width=\"384\" height=\"512\"\/><figcaption class=\"wp-element-caption\">Chapelle Carlier Manesse (1861) Chemin de Wagnonville<\/figcaption><\/figure>\n<\/div>\n\n<div class=\"wp-block-image\">\n<figure class=\"aligncenter is-resized\"><img data-recalc-dims=\"1\" loading=\"lazy\" decoding=\"async\" src=\"https:\/\/i0.wp.com\/oratoiresetchapelles-avesnois.fr\/wp-content\/uploads\/2017\/05\/IMG_1251-768x1024.jpg?resize=384%2C512\" alt=\"Int\u00e9rieur de la chapelle de 1861\" class=\"wp-image-3177\" width=\"384\" height=\"512\"\/><figcaption class=\"wp-element-caption\">Int\u00e9rieur de la chapelle de 1861<\/figcaption><\/figure>\n<\/div>\n\n\n<p>Cette chapelle a \u00e9t\u00e9 b\u00e2tie par les soins d\u2019Albert Carlier natif de Poix en 1780 et de sa femme Marie Barbe Manesse native de Landrecies en 1784. Elle appartient toujours \u00e0 la m\u00eame famille \u00e0 savoir M Delahaye, agriculteur \u00e0 Solesmes. La grille en fer forg\u00e9e aujourd\u2019hui entrepos\u00e9e \u00e0 la ferme a \u00e9t\u00e9 faite par M Vitrant Delsart d\u2019Ors.<\/p>\n\n\n<div class=\"wp-block-image\">\n<figure class=\"aligncenter is-resized\"><img data-recalc-dims=\"1\" loading=\"lazy\" decoding=\"async\" src=\"https:\/\/i0.wp.com\/oratoiresetchapelles-avesnois.fr\/wp-content\/uploads\/2017\/05\/IMG_1235-768x1024.jpg?resize=384%2C512\" alt=\"Chapelle St Joseph \u00e9rig\u00e9e par M et Mme Fignier-Dehove en 1884 rue Odon Soufflet\" class=\"wp-image-3179\" width=\"384\" height=\"512\"\/><figcaption class=\"wp-element-caption\">Chapelle St Joseph (1884) rue Odon&nbsp;Soufflet<\/figcaption><\/figure>\n<\/div>\n\n<div class=\"wp-block-image\">\n<figure class=\"aligncenter is-resized\"><img data-recalc-dims=\"1\" loading=\"lazy\" decoding=\"async\" src=\"https:\/\/i0.wp.com\/oratoiresetchapelles-avesnois.fr\/wp-content\/uploads\/2017\/05\/IMG_1238-768x1024.jpg?resize=384%2C512\" alt=\"Int\u00e9rieur de la chapelle\" class=\"wp-image-3180\" width=\"384\" height=\"512\"\/><figcaption class=\"wp-element-caption\">Int\u00e9rieur de la chapelle St Joseph<\/figcaption><\/figure>\n<\/div>\n\n<div class=\"wp-block-image\">\n<figure class=\"aligncenter is-resized\"><img data-recalc-dims=\"1\" loading=\"lazy\" decoding=\"async\" src=\"https:\/\/i0.wp.com\/oratoiresetchapelles-avesnois.fr\/wp-content\/uploads\/2017\/05\/IMG_1234-1024x483.jpg?resize=512%2C242\" alt=\"Chapelle St Joseph \u00e9rig\u00e9e par M et Mme Fignier-Dehove en 1884 rue Odon Soufflet\" class=\"wp-image-3181\" width=\"512\" height=\"242\"\/><figcaption class=\"wp-element-caption\">Erig\u00e9e par Monsieur et Madame Fignier Dehove 1884<\/figcaption><\/figure>\n<\/div>\n\n\n<p>Fran\u00e7ois Fignier (1825 1885) n\u00e9 \u00e0 V\u00e9n\u00e9rolles (Aisne), fabricant de tissus domicili\u00e9 \u00e0 Poix, veuf d\u2019Elise Thuillier, s\u2019est remari\u00e9 en 1868 \u00e0 Catherine Dehove (1835 1909) n\u00e9e et domicili\u00e9e \u00e0 Poix.<\/p>\n\n\n<div class=\"wp-block-image\">\n<figure class=\"aligncenter is-resized\"><img data-recalc-dims=\"1\" loading=\"lazy\" decoding=\"async\" src=\"https:\/\/i0.wp.com\/oratoiresetchapelles-avesnois.fr\/wp-content\/uploads\/2017\/05\/IMG_1242-768x1024.jpg?resize=384%2C512\" alt=\"Chapelle \" class=\"wp-image-3167\" width=\"384\" height=\"512\"\/><figcaption class=\"wp-element-caption\">Chapelle St Antoine de Padoue (1927). &nbsp;Rue Dondaine<\/figcaption><\/figure>\n<\/div>\n\n<div class=\"wp-block-image\">\n<figure class=\"aligncenter is-resized\"><img data-recalc-dims=\"1\" loading=\"lazy\" decoding=\"async\" src=\"https:\/\/i0.wp.com\/oratoiresetchapelles-avesnois.fr\/wp-content\/uploads\/2017\/05\/IMG_1244-768x1024.jpg?resize=384%2C512\" alt=\"Int\u00e9rieur de la chapelle St Antoine de Padoue\" class=\"wp-image-3169\" width=\"384\" height=\"512\"\/><figcaption class=\"wp-element-caption\">Int\u00e9rieur de la chapelle St Antoine de Padoue<\/figcaption><\/figure>\n<\/div>\n\n<div class=\"wp-block-image\">\n<figure class=\"aligncenter is-resized\"><img data-recalc-dims=\"1\" loading=\"lazy\" decoding=\"async\" src=\"https:\/\/i0.wp.com\/oratoiresetchapelles-avesnois.fr\/wp-content\/uploads\/2017\/05\/IMG_1243-1024x768.jpg?resize=512%2C384\" alt=\"1914 1918\" class=\"wp-image-3168\" width=\"512\" height=\"384\"\/><figcaption class=\"wp-element-caption\">1914 1918 Reconnaissance \u00e0 St Antoine de Padoue WL 1927<\/figcaption><\/figure>\n<\/div>\n\n\n<p class=\"has-text-align-center\">***<\/p>\n\n\n\n<p><strong>Lavoirs<\/strong><\/p>\n\n\n<div class=\"wp-block-image\">\n<figure class=\"aligncenter\"><img data-recalc-dims=\"1\" loading=\"lazy\" decoding=\"async\" width=\"613\" height=\"460\" data-attachment-id=\"6856\" data-permalink=\"http:\/\/patrimoine-avesnois.fr\/chemin\/poix-du-nord\/capture-189\/\" data-orig-file=\"https:\/\/i0.wp.com\/patrimoine-avesnois.fr\/chemin\/wp-content\/uploads\/2019\/06\/Capture-67.jpg?fit=613%2C460\" data-orig-size=\"613,460\" data-comments-opened=\"1\" data-image-meta=\"{&quot;aperture&quot;:&quot;0&quot;,&quot;credit&quot;:&quot;CARRE&quot;,&quot;camera&quot;:&quot;&quot;,&quot;caption&quot;:&quot;&quot;,&quot;created_timestamp&quot;:&quot;1561903067&quot;,&quot;copyright&quot;:&quot;&quot;,&quot;focal_length&quot;:&quot;0&quot;,&quot;iso&quot;:&quot;0&quot;,&quot;shutter_speed&quot;:&quot;0&quot;,&quot;title&quot;:&quot;&quot;,&quot;orientation&quot;:&quot;0&quot;}\" data-image-title=\"Capture\" data-image-description=\"\" data-image-caption=\"\" data-large-file=\"https:\/\/i0.wp.com\/patrimoine-avesnois.fr\/chemin\/wp-content\/uploads\/2019\/06\/Capture-67.jpg?fit=613%2C460\" src=\"https:\/\/i0.wp.com\/patrimoine-avesnois.fr\/chemin\/wp-content\/uploads\/2019\/06\/Capture-67.jpg?resize=613%2C460\" alt=\"\" class=\"wp-image-6856\" srcset=\"https:\/\/i0.wp.com\/patrimoine-avesnois.fr\/chemin\/wp-content\/uploads\/2019\/06\/Capture-67.jpg?w=613 613w, https:\/\/i0.wp.com\/patrimoine-avesnois.fr\/chemin\/wp-content\/uploads\/2019\/06\/Capture-67.jpg?resize=300%2C225 300w\" sizes=\"auto, (max-width: 613px) 85vw, 613px\" \/><figcaption class=\"wp-element-caption\"><em>Lavoir situ\u00e9 rue du ch\u00e2teau pr\u00e8s de la place Talma<\/em> <\/figcaption><\/figure>\n<\/div>\n\n<div class=\"wp-block-image\">\n<figure class=\"aligncenter is-resized\"><img data-recalc-dims=\"1\" loading=\"lazy\" decoding=\"async\" data-attachment-id=\"6857\" data-permalink=\"http:\/\/patrimoine-avesnois.fr\/chemin\/poix-du-nord\/capture-190\/\" data-orig-file=\"https:\/\/i0.wp.com\/patrimoine-avesnois.fr\/chemin\/wp-content\/uploads\/2019\/06\/Capture-68.jpg?fit=542%2C406\" data-orig-size=\"542,406\" data-comments-opened=\"1\" data-image-meta=\"{&quot;aperture&quot;:&quot;0&quot;,&quot;credit&quot;:&quot;CARRE&quot;,&quot;camera&quot;:&quot;&quot;,&quot;caption&quot;:&quot;&quot;,&quot;created_timestamp&quot;:&quot;1561903606&quot;,&quot;copyright&quot;:&quot;&quot;,&quot;focal_length&quot;:&quot;0&quot;,&quot;iso&quot;:&quot;0&quot;,&quot;shutter_speed&quot;:&quot;0&quot;,&quot;title&quot;:&quot;&quot;,&quot;orientation&quot;:&quot;0&quot;}\" data-image-title=\"Capture\" data-image-description=\"\" data-image-caption=\"\" data-large-file=\"https:\/\/i0.wp.com\/patrimoine-avesnois.fr\/chemin\/wp-content\/uploads\/2019\/06\/Capture-68.jpg?fit=542%2C406\" src=\"https:\/\/i0.wp.com\/patrimoine-avesnois.fr\/chemin\/wp-content\/uploads\/2019\/06\/Capture-68.jpg?resize=613%2C461\" alt=\"\" class=\"wp-image-6857\" width=\"613\" height=\"461\"\/><figcaption class=\"wp-element-caption\">lavoir rue Pasteur<\/figcaption><\/figure>\n<\/div>\n\n\n<p>Les sources, dites \u00ab fontaines \u00bb, venues du sous-sol, alimentent les 2 principaux ruisseaux qui traversent Poix-du-Nord :<br>1- Le ruisseau St Georges, qui vient d\u2019Englefontaine et dans lequel vient se jeter la fontaine des Warennes ainsi que la fontaine de Beaucamp. Il continue sa course vers Salesches et se jette dans l\u2019Ecaillon \u00e0 Bermerain.<br>2- Le ruisseau Fontaine Lecomte, appel\u00e9 aussi petit Planty, qui vient de la for\u00eat de Mormal et se jette dans le St-Georges \u00e0 hauteur de la Salle des F\u00eates. Il est aliment\u00e9 par Le Vivreuil, Le Langue Zeneau, la fontaine Rennechon, la fontaine de Wagnonville et la fontaine du Marais.<\/p>\n\n\n\n<p>Certaines fontaines furent utilis\u00e9es comme abreuvoir ou lavoir :&nbsp;Fontaine de Beaucamp, fontaine des Warennes, fontaine du Marais.<\/p>\n\n\n\n<p class=\"has-text-align-center\">***<\/p>\n\n\n\n<p><strong>Moulin d&rsquo;en Bas&nbsp;:<\/strong><\/p>\n\n\n<div class=\"wp-block-image\">\n<figure class=\"aligncenter is-resized\"><img data-recalc-dims=\"1\" loading=\"lazy\" decoding=\"async\" data-attachment-id=\"280\" data-permalink=\"http:\/\/patrimoine-avesnois.fr\/chemin\/beaurepaire-sur-sambre\/beaurepaire-100_2568_53a83ae886140\/\" data-orig-file=\"https:\/\/i0.wp.com\/patrimoine-avesnois.fr\/chemin\/wp-content\/uploads\/2019\/03\/beaurepaire-100_2568_53a83ae886140.jpg?fit=1600%2C2142\" data-orig-size=\"1600,2142\" data-comments-opened=\"1\" data-image-meta=\"{&quot;aperture&quot;:&quot;0&quot;,&quot;credit&quot;:&quot;&quot;,&quot;camera&quot;:&quot;&quot;,&quot;caption&quot;:&quot;&quot;,&quot;created_timestamp&quot;:&quot;0&quot;,&quot;copyright&quot;:&quot;&quot;,&quot;focal_length&quot;:&quot;0&quot;,&quot;iso&quot;:&quot;0&quot;,&quot;shutter_speed&quot;:&quot;0&quot;,&quot;title&quot;:&quot;&quot;,&quot;orientation&quot;:&quot;0&quot;}\" data-image-title=\"beaurepaire-100_2568_53a83ae886140\" data-image-description=\"\" data-image-caption=\"\" data-large-file=\"https:\/\/i0.wp.com\/patrimoine-avesnois.fr\/chemin\/wp-content\/uploads\/2019\/03\/beaurepaire-100_2568_53a83ae886140.jpg?fit=765%2C1024\" src=\"https:\/\/i0.wp.com\/www.moulins-avesnois.fr\/wp-content\/uploads\/2017\/12\/Poix-du-Nord.jpg?resize=653%2C498\" alt=\"\" class=\"wp-image-280\" width=\"653\" height=\"498\"\/><figcaption class=\"wp-element-caption\">L\u2019ancien moulin de chicor\u00e9e \u00e0 Poix-du-Nord<\/figcaption><\/figure>\n<\/div>\n\n\n<p>Le ruisseau de la Fontaine Saint Georges pr\u00e9sente un m\u00e9andrage prononc\u00e9 \u00e0 l\u2019entr\u00e9e du village de Poix-du-Nord. Apr\u00e8s la confluence avec le ruisseau de la Fontaine Lecomte, il longe la rue des Mouloirs et est appel\u00e9 ruisseau Saint Georges. Il se r\u00e9tr\u00e9cit au niveau du pont de la rue de Neuville et s\u2019\u00e9largit ensuite&nbsp; juste avant le moulin de Chicor\u00e9e.<\/p>\n\n\n\n<p>Ce moulin appel\u00e9 le moulin \u00ab&nbsp;d\u2019En Bas&nbsp;\u00bb appartenait en 1828 \u00e0 Pierre Joseph Chrysostome Willot et Jean Julien Wagon suite \u00e0 sa vente par la veuve de Chastelain. Il fut transform\u00e9 en fabrique de fil vers 1830 et vers 1846 Hubert Meunier y fabriqua des broches de filature. D\u00e9volu avant 1866 \u00e0 la production de chicor\u00e9e par Zulnard Williot, ce fut la premi\u00e8re usine fran\u00e7aise de production de chicor\u00e9e \u00e0 caf\u00e9.&nbsp; Zulnard Williot \u00b0 1833 + 1898, petit fils de Pierre Joseph Chrysostome, ajouta au moulin une turbine \u00e0 la place d\u2019une machine \u00e0 vapeur. Jules-Eloi Willot et Henri Laine constitu\u00e8rent en 1911 une soci\u00e9t\u00e9 anonyme d\u00e9nomm\u00e9e \u00ab&nbsp;La Galvanisation fran\u00e7aise&nbsp;\u00bb ayant pour objet la fabrication d\u2019articles m\u00e9nagers galvanis\u00e9s. Quant \u00e0 la chicor\u00e9e elle fut produite jusque dans les ann\u00e9es 1970.Le b\u00e2timent \u00e9tait toujours en possession de la famille Williot. De nos jours il demeure le moulin proprement dit sur deux niveaux. Sa ventellerie comporte trois vannes&nbsp;: deux de d\u00e9charge et une correspondant \u00e0 la turbine.<\/p>\n\n\n\n<p><strong>Moulin d&rsquo;En haut&nbsp;:<\/strong><\/p>\n\n\n<div class=\"wp-block-image\">\n<figure class=\"aligncenter\"><img data-recalc-dims=\"1\" decoding=\"async\" data-attachment-id=\"265\" data-permalink=\"http:\/\/patrimoine-avesnois.fr\/chemin\/beaufort\/capture6-3\/\" data-orig-file=\"https:\/\/i0.wp.com\/patrimoine-avesnois.fr\/chemin\/wp-content\/uploads\/2019\/03\/Capture6-2.png?fit=893%2C442\" data-orig-size=\"893,442\" data-comments-opened=\"1\" data-image-meta=\"{&quot;aperture&quot;:&quot;0&quot;,&quot;credit&quot;:&quot;&quot;,&quot;camera&quot;:&quot;&quot;,&quot;caption&quot;:&quot;&quot;,&quot;created_timestamp&quot;:&quot;0&quot;,&quot;copyright&quot;:&quot;&quot;,&quot;focal_length&quot;:&quot;0&quot;,&quot;iso&quot;:&quot;0&quot;,&quot;shutter_speed&quot;:&quot;0&quot;,&quot;title&quot;:&quot;&quot;,&quot;orientation&quot;:&quot;0&quot;}\" data-image-title=\"Capture6\" data-image-description=\"\" data-image-caption=\"\" data-large-file=\"https:\/\/i0.wp.com\/patrimoine-avesnois.fr\/chemin\/wp-content\/uploads\/2019\/03\/Capture6-2.png?fit=840%2C416\" src=\"https:\/\/i0.wp.com\/www.moulins-avesnois.fr\/wp-content\/uploads\/2017\/12\/Capture2-1.jpg?w=840\" alt=\"\" class=\"wp-image-265\"\/><figcaption class=\"wp-element-caption\">Archives Nationales : cote F\/14\/6192<\/figcaption><\/figure>\n<\/div>\n\n\n<p>Dans cette commune deux affluents le Vireuil et la longue Z\u00e9neau viennent en rive gauche du ruisseau de la Fontaine Lecomte avant le franchissement de la chauss\u00e9e Brunehaut. Nous sommes \u00e0 la limite d\u2019Englefontaine mais cette partie appel\u00e9e \u00ab&nbsp;Le Rennechon&nbsp;\u00bb fut restitu\u00e9e \u00e0 Poix par Englefontaine par la loi du 16\/06\/1859. La d\u00e9rivation passe sous la Chauss\u00e9e Brunehaut et l\u2019endroit qui est aujourd\u2019hui une ferme \u00e9tait au d\u00e9but du XIX si\u00e8cle un moulin. Il \u00e9tait connu sous le nom de Moulin Motte du nom de son propri\u00e9taire Emmanuel Philippe Motte. Celui-ci, brasseur \u00e0 Hecq, construisit en effet un moulin \u00e0 farine et ouvrit un canal de d\u00e9rivation suite \u00e0 l\u2019ordonnance du 4 mai 1826 qui l\u2019autorisa et le r\u00e9glementa. Il devint un b\u00e2timent agricole vers 1890.<\/p>\n\n\n<div class=\"wp-block-image\">\n<figure class=\"aligncenter is-resized\"><img data-recalc-dims=\"1\" loading=\"lazy\" decoding=\"async\" src=\"https:\/\/i0.wp.com\/www.moulins-avesnois.fr\/wp-content\/uploads\/2017\/12\/Poix-du-Nord-.jpg?resize=665%2C464\" alt=\"\" class=\"wp-image-266\" width=\"665\" height=\"464\"\/><figcaption class=\"wp-element-caption\">L\u2019ancien moulin Motte<\/figcaption><\/figure>\n<\/div>\n\n\n<p>A son arriv\u00e9e dans le village, Le Fontaine Lecomte est canalis\u00e9 le long de la rue du ch\u00e2teau jusqu\u2019au contournement du Ch\u00e2teau lui m\u00eame. Un ancien moulin se trouvait rue du percepteur avec une chute d\u2019eau d\u2019environ 1 m 50, juste \u00e0 cot\u00e9 de la caserne des pompiers qui est \u00e0 l\u2019angle de la rue du Ch\u00e2teau et de la rue du Percepteur. La rivi\u00e8re canalis\u00e9e suit la rue de l\u2019officier jusqu\u2019a ressortir \u00e0 l\u2019arri\u00e8re du magasin d\u2019alimentation Coccinelle o\u00f9 elle conflue avec le Fontaine Saint-Georges.<\/p>\n\n\n\n<p>Cet ancien moulin que nous venons d\u2019\u00e9voquer se situait donc \u00e0 proximit\u00e9 du ch\u00e2teau, cadastr\u00e9 au \u00ab&nbsp; marais du moulin&nbsp;\u00bb et \u00e9tait la propri\u00e9t\u00e9 des seigneurs de Poix, \u00e0 savoir les de Montigny, les Yve et les Landas. En 1828 ce moulin dit \u00ab&nbsp;d\u2019En Haut&nbsp;\u00bb, (Il y avait le moulin \u00ab&nbsp;d\u2019En Bas&nbsp;\u00bb situ\u00e9 sur le ruisseau de la Fontaine St Georges) fut vendu par la veuve de Chastelain \u00e0 un cultivateur Guillaume Carlier \u00b0 1790 + 1845 mari\u00e9 \u00e0 Sabine Dehove. Son fils Philippe Ignace Carlier \u00b0 1822 + 1854 lui succ\u00e9da. Charles Becquet \u00b0 1819 + 1888, beau fils de Philippe Ignace &nbsp;construisit alors une fabrique de cossettes de betteraves et devait exercer le m\u00e9tier \u00e0 la fois de cultivateur et de meunier. En 1881 il le mit en vente, le moulin \u00e9tant \u00ab&nbsp; \u00e0 trois paires de meules, avec tous les b\u00e2timents qui en font partie, maison d\u2019habitation, \u00e9curies, granges et d\u00e9pendances..&nbsp;\u00bb. Son fils Charles Adrien \u00b0 1838 + 1913 le d\u00e9tenait encore en 1893 avant qu\u2019il f\u00fbt acquis en 1891 par Edmond Gorisse notaire au Quesnoy. Avant la premi\u00e8re guerre mondiale G\u00e9ry Joveniaux en \u00e9tait l\u2019occupant mais le moulin avait d\u00e9j\u00e0 cess\u00e9 toute activit\u00e9.<\/p>\n\n\n<div class=\"wp-block-image\">\n<figure class=\"aligncenter is-resized\"><img data-recalc-dims=\"1\" loading=\"lazy\" decoding=\"async\" data-attachment-id=\"267\" data-permalink=\"http:\/\/patrimoine-avesnois.fr\/chemin\/beaufort\/1280px-circuit_d_avesnesbeaufort190507_28\/\" data-orig-file=\"https:\/\/i0.wp.com\/patrimoine-avesnois.fr\/chemin\/wp-content\/uploads\/2019\/03\/1280px-Circuit_d_avesnesBeaufort190507_28.jpg?fit=1280%2C960\" data-orig-size=\"1280,960\" data-comments-opened=\"1\" data-image-meta=\"{&quot;aperture&quot;:&quot;0&quot;,&quot;credit&quot;:&quot;&quot;,&quot;camera&quot;:&quot;&quot;,&quot;caption&quot;:&quot;&quot;,&quot;created_timestamp&quot;:&quot;0&quot;,&quot;copyright&quot;:&quot;&quot;,&quot;focal_length&quot;:&quot;0&quot;,&quot;iso&quot;:&quot;0&quot;,&quot;shutter_speed&quot;:&quot;0&quot;,&quot;title&quot;:&quot;&quot;,&quot;orientation&quot;:&quot;0&quot;}\" data-image-title=\"1280px-Circuit_d_avesnesBeaufort190507_(28)\" data-image-description=\"\" data-image-caption=\"\" data-large-file=\"https:\/\/i0.wp.com\/patrimoine-avesnois.fr\/chemin\/wp-content\/uploads\/2019\/03\/1280px-Circuit_d_avesnesBeaufort190507_28.jpg?fit=840%2C630\" src=\"https:\/\/i0.wp.com\/www.moulins-avesnois.fr\/wp-content\/uploads\/2017\/12\/059_001_cpa-france-59-poix-du-nord-le-moulin.jpg?resize=665%2C424\" alt=\"\" class=\"wp-image-267\" width=\"665\" height=\"424\"\/><figcaption class=\"wp-element-caption\">Le moulin \u00ab&nbsp;d\u2019En haut&nbsp;\u00bb.<\/figcaption><\/figure>\n<\/div>\n\n<div class=\"wp-block-image\">\n<figure class=\"aligncenter is-resized\"><img data-recalc-dims=\"1\" loading=\"lazy\" decoding=\"async\" src=\"https:\/\/i0.wp.com\/www.moulins-avesnois.fr\/wp-content\/uploads\/2017\/12\/Poix-du-Nord-rue-du-Percepteur.jpg?resize=665%2C445\" alt=\"\" class=\"wp-image-268\" width=\"665\" height=\"445\"\/><figcaption class=\"wp-element-caption\">Poix du Nord rue du Percepteur.<\/figcaption><\/figure>\n<\/div>\n\n\n<p><strong>Brasseries <\/strong><\/p>\n\n\n<div class=\"wp-block-image\">\n<figure class=\"aligncenter size-large is-resized\"><img data-recalc-dims=\"1\" loading=\"lazy\" decoding=\"async\" data-attachment-id=\"19067\" data-permalink=\"http:\/\/patrimoine-avesnois.fr\/chemin\/poix-du-nord\/img_1016\/\" data-orig-file=\"https:\/\/i0.wp.com\/patrimoine-avesnois.fr\/chemin\/wp-content\/uploads\/2023\/07\/IMG_1016-scaled.jpg?fit=2087%2C2560\" data-orig-size=\"2087,2560\" data-comments-opened=\"1\" data-image-meta=\"{&quot;aperture&quot;:&quot;2.2&quot;,&quot;credit&quot;:&quot;&quot;,&quot;camera&quot;:&quot;iPhone SE (1st generation)&quot;,&quot;caption&quot;:&quot;&quot;,&quot;created_timestamp&quot;:&quot;1689073363&quot;,&quot;copyright&quot;:&quot;&quot;,&quot;focal_length&quot;:&quot;4.15&quot;,&quot;iso&quot;:&quot;25&quot;,&quot;shutter_speed&quot;:&quot;0.00071479628305933&quot;,&quot;title&quot;:&quot;&quot;,&quot;orientation&quot;:&quot;1&quot;}\" data-image-title=\"IMG_1016\" data-image-description=\"\" data-image-caption=\"\" data-large-file=\"https:\/\/i0.wp.com\/patrimoine-avesnois.fr\/chemin\/wp-content\/uploads\/2023\/07\/IMG_1016-scaled.jpg?fit=835%2C1024\" src=\"https:\/\/i0.wp.com\/patrimoine-avesnois.fr\/chemin\/wp-content\/uploads\/2023\/07\/IMG_1016-835x1024.jpg?resize=418%2C512&#038;ssl=1\" alt=\"\" class=\"wp-image-19067\" width=\"418\" height=\"512\" srcset=\"https:\/\/i0.wp.com\/patrimoine-avesnois.fr\/chemin\/wp-content\/uploads\/2023\/07\/IMG_1016-scaled.jpg?resize=835%2C1024 835w, https:\/\/i0.wp.com\/patrimoine-avesnois.fr\/chemin\/wp-content\/uploads\/2023\/07\/IMG_1016-scaled.jpg?resize=245%2C300 245w, https:\/\/i0.wp.com\/patrimoine-avesnois.fr\/chemin\/wp-content\/uploads\/2023\/07\/IMG_1016-scaled.jpg?resize=768%2C942 768w, https:\/\/i0.wp.com\/patrimoine-avesnois.fr\/chemin\/wp-content\/uploads\/2023\/07\/IMG_1016-scaled.jpg?resize=1252%2C1536 1252w, https:\/\/i0.wp.com\/patrimoine-avesnois.fr\/chemin\/wp-content\/uploads\/2023\/07\/IMG_1016-scaled.jpg?resize=1670%2C2048 1670w, https:\/\/i0.wp.com\/patrimoine-avesnois.fr\/chemin\/wp-content\/uploads\/2023\/07\/IMG_1016-scaled.jpg?resize=1200%2C1472 1200w\" sizes=\"auto, (max-width: 418px) 85vw, 418px\" \/><\/figure>\n<\/div>\n\n\n<p>De source orale la brasserie aurait \u00e9t\u00e9 fond\u00e9e vers 1883 par M. Williot, industriel de la chicor\u00e9e. Elle est ensuite reprise par M. Laisn\u00e9, puis par M. Milhen en 1925. Ce dernier exploite la brasserie jusqu&rsquo;en 1960 environ. L&rsquo;activit\u00e9 cesse en 1964. L&rsquo;atelier de fabrication est converti en logements et garage. En 1946 la bi\u00e8re \u00e9tait fabriqu\u00e9e en fermentation haute. A cette date la brasserie employait 2 ouvriers. Source <a rel=\"noreferrer noopener\" aria-label=\"culture.gouv.fr (opens in a new tab)\" href=\"http:\/\/www2.culture.gouv.fr\/documentation\/memoire\/HTML\/IVR31\/IA59000173\/INDEX.HTM\" target=\"_blank\">culture.gouv.fr<\/a><\/p>\n\n\n<div class=\"wp-block-image\">\n<figure class=\"aligncenter size-full is-resized\"><img data-recalc-dims=\"1\" loading=\"lazy\" decoding=\"async\" data-attachment-id=\"19068\" data-permalink=\"http:\/\/patrimoine-avesnois.fr\/chemin\/poix-du-nord\/brasserie-20-rue-pasteur\/\" data-orig-file=\"https:\/\/i0.wp.com\/patrimoine-avesnois.fr\/chemin\/wp-content\/uploads\/2023\/07\/brasserie-20-rue-Pasteur.jpg?fit=804%2C657\" data-orig-size=\"804,657\" data-comments-opened=\"1\" data-image-meta=\"{&quot;aperture&quot;:&quot;0&quot;,&quot;credit&quot;:&quot;CARRE&quot;,&quot;camera&quot;:&quot;&quot;,&quot;caption&quot;:&quot;&quot;,&quot;created_timestamp&quot;:&quot;1689330878&quot;,&quot;copyright&quot;:&quot;&quot;,&quot;focal_length&quot;:&quot;0&quot;,&quot;iso&quot;:&quot;0&quot;,&quot;shutter_speed&quot;:&quot;0&quot;,&quot;title&quot;:&quot;&quot;,&quot;orientation&quot;:&quot;0&quot;}\" data-image-title=\"brasserie-20-rue-Pasteur\" data-image-description=\"\" data-image-caption=\"\" data-large-file=\"https:\/\/i0.wp.com\/patrimoine-avesnois.fr\/chemin\/wp-content\/uploads\/2023\/07\/brasserie-20-rue-Pasteur.jpg?fit=804%2C657\" src=\"https:\/\/i0.wp.com\/patrimoine-avesnois.fr\/chemin\/wp-content\/uploads\/2023\/07\/brasserie-20-rue-Pasteur.jpg?resize=530%2C434&#038;ssl=1\" alt=\"\" class=\"wp-image-19068\" width=\"530\" height=\"434\" srcset=\"https:\/\/i0.wp.com\/patrimoine-avesnois.fr\/chemin\/wp-content\/uploads\/2023\/07\/brasserie-20-rue-Pasteur.jpg?w=804 804w, https:\/\/i0.wp.com\/patrimoine-avesnois.fr\/chemin\/wp-content\/uploads\/2023\/07\/brasserie-20-rue-Pasteur.jpg?resize=300%2C245 300w, https:\/\/i0.wp.com\/patrimoine-avesnois.fr\/chemin\/wp-content\/uploads\/2023\/07\/brasserie-20-rue-Pasteur.jpg?resize=768%2C628 768w\" sizes=\"auto, (max-width: 530px) 85vw, 530px\" \/><figcaption class=\"wp-element-caption\">Brasserie-malterie Lebrun, puis Lebrun Bourlet, puis Lebrun Carpentier.  <br>20 rue Pasteur <\/figcaption><\/figure>\n<\/div>\n\n\n<p>De source orale la brasserie aurait \u00e9t\u00e9 fond\u00e9e entre 1850 et 1900 par la famille Lebrun. Elle prend successivement le nom de Lebrun Bourlet et Lebrun Carpentier. Un nouveau logement patronal est construit dans les ann\u00e9es 1920. La brasserie cesse de fonctionner en 1967. Elle est alors convertie en d\u00e9p\u00f4t de boissons. La touraille a \u00e9t\u00e9 d\u00e9truite. Est encore en place un appareil frigorifique Duponchelle. En 1946 l&rsquo;usine produisait de la bi\u00e8re de fermentation haute. En 1946 la brasserie employait 5 ouvriers. Source <a rel=\"noreferrer noopener\" aria-label=\"Source culture.gouv.fr (opens in a new tab)\" href=\"http:\/\/www2.culture.gouv.fr\/documentation\/memoire\/HTML\/IVR31\/IA59000172\/INDEX.HTM\" target=\"_blank\">culture.gouv.fr<\/a><\/p>\n\n\n\n<p><strong>Le Ch\u00e2teau seigneurial<\/strong><\/p>\n\n\n\n<p>Le ch\u00e2teau &#8211; aujourd\u2019hui disparu mais connu gr\u00e2ce aux gouaches des Albums de Croy &#8211; est attest\u00e9 d\u00e8s l\u2019\u00e9poque de Marguerite de Flandre. A la t\u00eate de la seigneurie se succ\u00e8dent des familles illustres de la r\u00e9gion : les de Montigny, d\u2019Yve et les Landas. Au XVe si\u00e8cle, elle \u00e9choit \u00e0 Baudoin de Chastelain, vicomte de Th\u00e9rouanne, pair de Flandre dont les descendants la poss\u00e9d\u00e8rent jusqu\u2019en 1815. <\/p>\n\n\n\n<p><strong>Le Ch\u00e2teau Ducornet<\/strong><\/p>\n\n\n<div class=\"wp-block-image\">\n<figure class=\"aligncenter is-resized\"><img data-recalc-dims=\"1\" loading=\"lazy\" decoding=\"async\" data-attachment-id=\"6851\" data-permalink=\"http:\/\/patrimoine-avesnois.fr\/chemin\/poix-du-nord\/365_001-2\/\" data-orig-file=\"https:\/\/i0.wp.com\/patrimoine-avesnois.fr\/chemin\/wp-content\/uploads\/2019\/06\/365_001-1.jpg?fit=941%2C624\" data-orig-size=\"941,624\" data-comments-opened=\"1\" data-image-meta=\"{&quot;aperture&quot;:&quot;0&quot;,&quot;credit&quot;:&quot;&quot;,&quot;camera&quot;:&quot;&quot;,&quot;caption&quot;:&quot;&quot;,&quot;created_timestamp&quot;:&quot;1561901098&quot;,&quot;copyright&quot;:&quot;&quot;,&quot;focal_length&quot;:&quot;0&quot;,&quot;iso&quot;:&quot;0&quot;,&quot;shutter_speed&quot;:&quot;0&quot;,&quot;title&quot;:&quot;&quot;,&quot;orientation&quot;:&quot;0&quot;}\" data-image-title=\"365_001\" data-image-description=\"\" data-image-caption=\"\" data-large-file=\"https:\/\/i0.wp.com\/patrimoine-avesnois.fr\/chemin\/wp-content\/uploads\/2019\/06\/365_001-1.jpg?fit=840%2C557\" src=\"https:\/\/i0.wp.com\/patrimoine-avesnois.fr\/chemin\/wp-content\/uploads\/2019\/06\/365_001-1.jpg?resize=641%2C425\" alt=\"\" class=\"wp-image-6851\" width=\"641\" height=\"425\" srcset=\"https:\/\/i0.wp.com\/patrimoine-avesnois.fr\/chemin\/wp-content\/uploads\/2019\/06\/365_001-1.jpg?w=941 941w, https:\/\/i0.wp.com\/patrimoine-avesnois.fr\/chemin\/wp-content\/uploads\/2019\/06\/365_001-1.jpg?resize=300%2C199 300w, https:\/\/i0.wp.com\/patrimoine-avesnois.fr\/chemin\/wp-content\/uploads\/2019\/06\/365_001-1.jpg?resize=768%2C509 768w\" sizes=\"auto, (max-width: 641px) 85vw, 641px\" \/><figcaption class=\"wp-element-caption\">Le ch\u00e2teau Ducornet<\/figcaption><\/figure>\n<\/div>\n\n\n<p>M. D\u00e9sir\u00e9 Ducornet, originaire de Maurois, n\u00e9gociant en tissus, arriva \u00e0 Poix dans les ann\u00e9es 1870 pour y implanter des tissages. Le ch\u00e2teau date donc de cette \u00e9poque.<\/p>\n\n\n<div class=\"wp-block-image\">\n<figure class=\"aligncenter is-resized\"><img data-recalc-dims=\"1\" loading=\"lazy\" decoding=\"async\" data-attachment-id=\"6852\" data-permalink=\"http:\/\/patrimoine-avesnois.fr\/chemin\/poix-du-nord\/597_001-2\/\" data-orig-file=\"https:\/\/i0.wp.com\/patrimoine-avesnois.fr\/chemin\/wp-content\/uploads\/2019\/06\/597_001.jpg?fit=687%2C986\" data-orig-size=\"687,986\" data-comments-opened=\"1\" data-image-meta=\"{&quot;aperture&quot;:&quot;0&quot;,&quot;credit&quot;:&quot;&quot;,&quot;camera&quot;:&quot;&quot;,&quot;caption&quot;:&quot;&quot;,&quot;created_timestamp&quot;:&quot;1561901118&quot;,&quot;copyright&quot;:&quot;&quot;,&quot;focal_length&quot;:&quot;0&quot;,&quot;iso&quot;:&quot;0&quot;,&quot;shutter_speed&quot;:&quot;0&quot;,&quot;title&quot;:&quot;&quot;,&quot;orientation&quot;:&quot;0&quot;}\" data-image-title=\"597_001\" data-image-description=\"\" data-image-caption=\"\" data-large-file=\"https:\/\/i0.wp.com\/patrimoine-avesnois.fr\/chemin\/wp-content\/uploads\/2019\/06\/597_001.jpg?fit=687%2C986\" src=\"https:\/\/i0.wp.com\/patrimoine-avesnois.fr\/chemin\/wp-content\/uploads\/2019\/06\/597_001.jpg?resize=422%2C605\" alt=\"\" class=\"wp-image-6852\" width=\"422\" height=\"605\" srcset=\"https:\/\/i0.wp.com\/patrimoine-avesnois.fr\/chemin\/wp-content\/uploads\/2019\/06\/597_001.jpg?w=687 687w, https:\/\/i0.wp.com\/patrimoine-avesnois.fr\/chemin\/wp-content\/uploads\/2019\/06\/597_001.jpg?resize=209%2C300 209w\" sizes=\"auto, (max-width: 422px) 85vw, 422px\" \/><\/figure>\n<\/div>\n\n\n<p><br>Il fut dynamit\u00e9 par les Allemands avant leur retraite et la lib\u00e9ration de Poix-du-Nord le 25 octobre 1918 \u00e0 4 heures du matin par des troupes britanniques.<\/p>\n\n\n\n<p>A l\u2019emplacement de l\u2019ancien ch\u00e2teau de Poix, s\u2019est install\u00e9 ensuite le tissage du ch\u00e2teau puis une cartonnerie et enfin les hangars et silos de l\u2019entreprise Berquet.<\/p>\n\n\n\n<figure class=\"wp-block-gallery has-nested-images columns-default is-cropped wp-block-gallery-8 is-layout-flex wp-block-gallery-is-layout-flex\">\n<figure class=\"wp-block-image size-large\"><img data-recalc-dims=\"1\" loading=\"lazy\" decoding=\"async\" width=\"362\" height=\"547\" data-attachment-id=\"6873\" data-permalink=\"http:\/\/patrimoine-avesnois.fr\/chemin\/poix-du-nord\/jftalma\/\" data-orig-file=\"https:\/\/i0.wp.com\/patrimoine-avesnois.fr\/chemin\/wp-content\/uploads\/2019\/06\/JFTalma.jpg?fit=362%2C547\" data-orig-size=\"362,547\" data-comments-opened=\"1\" data-image-meta=\"{&quot;aperture&quot;:&quot;0&quot;,&quot;credit&quot;:&quot;&quot;,&quot;camera&quot;:&quot;&quot;,&quot;caption&quot;:&quot;&quot;,&quot;created_timestamp&quot;:&quot;0&quot;,&quot;copyright&quot;:&quot;&quot;,&quot;focal_length&quot;:&quot;0&quot;,&quot;iso&quot;:&quot;0&quot;,&quot;shutter_speed&quot;:&quot;0&quot;,&quot;title&quot;:&quot;&quot;,&quot;orientation&quot;:&quot;0&quot;}\" data-image-title=\"JFTalma\" data-image-description=\"\" data-image-caption=\"\" data-large-file=\"https:\/\/i0.wp.com\/patrimoine-avesnois.fr\/chemin\/wp-content\/uploads\/2019\/06\/JFTalma.jpg?fit=362%2C547\" data-id=\"6873\" src=\"https:\/\/i0.wp.com\/patrimoine-avesnois.fr\/chemin\/wp-content\/uploads\/2019\/06\/JFTalma.jpg?resize=362%2C547&#038;ssl=1\" alt=\"\" class=\"wp-image-6873\" srcset=\"https:\/\/i0.wp.com\/patrimoine-avesnois.fr\/chemin\/wp-content\/uploads\/2019\/06\/JFTalma.jpg?w=362 362w, https:\/\/i0.wp.com\/patrimoine-avesnois.fr\/chemin\/wp-content\/uploads\/2019\/06\/JFTalma.jpg?resize=199%2C300 199w\" sizes=\"auto, (max-width: 362px) 85vw, 362px\" \/><\/figure>\n\n\n\n<figure class=\"wp-block-image size-large\"><img data-recalc-dims=\"1\" loading=\"lazy\" decoding=\"async\" width=\"688\" height=\"1024\" data-attachment-id=\"6874\" data-permalink=\"http:\/\/patrimoine-avesnois.fr\/chemin\/poix-du-nord\/portrait_de_f_j_talma_-aubert_graveur_btv1b8414484n\/\" data-orig-file=\"https:\/\/i0.wp.com\/patrimoine-avesnois.fr\/chemin\/wp-content\/uploads\/2019\/06\/Portrait_de_F_J_Talma_...Aubert_Graveur_btv1b8414484n.jpeg?fit=1024%2C1524\" data-orig-size=\"1024,1524\" data-comments-opened=\"1\" data-image-meta=\"{&quot;aperture&quot;:&quot;0&quot;,&quot;credit&quot;:&quot;&quot;,&quot;camera&quot;:&quot;&quot;,&quot;caption&quot;:&quot;&quot;,&quot;created_timestamp&quot;:&quot;0&quot;,&quot;copyright&quot;:&quot;&quot;,&quot;focal_length&quot;:&quot;0&quot;,&quot;iso&quot;:&quot;0&quot;,&quot;shutter_speed&quot;:&quot;0&quot;,&quot;title&quot;:&quot;&quot;,&quot;orientation&quot;:&quot;0&quot;}\" data-image-title=\"Portrait_de_F_J_Talma_[&amp;#8230;]Aubert_Graveur_btv1b8414484n\" data-image-description=\"\" data-image-caption=\"\" data-large-file=\"https:\/\/i0.wp.com\/patrimoine-avesnois.fr\/chemin\/wp-content\/uploads\/2019\/06\/Portrait_de_F_J_Talma_...Aubert_Graveur_btv1b8414484n.jpeg?fit=688%2C1024\" data-id=\"6874\" src=\"https:\/\/i0.wp.com\/patrimoine-avesnois.fr\/chemin\/wp-content\/uploads\/2019\/06\/Portrait_de_F_J_Talma_...Aubert_Graveur_btv1b8414484n-688x1024.jpeg?resize=688%2C1024&#038;ssl=1\" alt=\"\" class=\"wp-image-6874\" srcset=\"https:\/\/i0.wp.com\/patrimoine-avesnois.fr\/chemin\/wp-content\/uploads\/2019\/06\/Portrait_de_F_J_Talma_...Aubert_Graveur_btv1b8414484n.jpeg?resize=688%2C1024 688w, https:\/\/i0.wp.com\/patrimoine-avesnois.fr\/chemin\/wp-content\/uploads\/2019\/06\/Portrait_de_F_J_Talma_...Aubert_Graveur_btv1b8414484n.jpeg?resize=202%2C300 202w, https:\/\/i0.wp.com\/patrimoine-avesnois.fr\/chemin\/wp-content\/uploads\/2019\/06\/Portrait_de_F_J_Talma_...Aubert_Graveur_btv1b8414484n.jpeg?resize=768%2C1143 768w, https:\/\/i0.wp.com\/patrimoine-avesnois.fr\/chemin\/wp-content\/uploads\/2019\/06\/Portrait_de_F_J_Talma_...Aubert_Graveur_btv1b8414484n.jpeg?w=1024 1024w\" sizes=\"auto, (max-width: 688px) 85vw, 688px\" \/><\/figure>\n<\/figure>\n\n\n<div class=\"wp-block-image\">\n<figure class=\"aligncenter is-resized\"><img loading=\"lazy\" decoding=\"async\" src=\"https:\/\/upload.wikimedia.org\/wikipedia\/commons\/thumb\/5\/5a\/David_d%27Angers_-_Talma.jpg\/800px-David_d%27Angers_-_Talma.jpg\" alt=\"David d'Angers - Talma.jpg\" width=\"400\" height=\"613\"\/><figcaption class=\"wp-element-caption\"><em>L&rsquo;acteur Talma<\/em>&nbsp;par David d&rsquo;Angers, pl\u00e2tre<sup><a href=\"https:\/\/fr.wikipedia.org\/wiki\/Fran%C3%A7ois-Joseph_Talma#cite_note-1\">]<\/a><\/sup>, mus\u00e9e David d&rsquo;Angers, Angers (Maine-et-Loire) <\/figcaption><\/figure>\n<\/div>\n\n<div class=\"wp-block-image\">\n<figure class=\"aligncenter is-resized\"><img loading=\"lazy\" decoding=\"async\" src=\"https:\/\/upload.wikimedia.org\/wikipedia\/commons\/thumb\/6\/6a\/P%C3%A8re-Lachaise_-_Division_12_-_Talma_01.jpg\/1280px-P%C3%A8re-Lachaise_-_Division_12_-_Talma_01.jpg\" alt=\"\" width=\"640\" height=\"427\"\/><figcaption class=\"wp-element-caption\">Tombe de Talma au cimeti\u00e8re du P\u00e8re-Lachaise Photo CC BY-SA 4.0, <a href=\"https:\/\/commons.wikimedia.org\/w\/index.php?curid=37551829\" target=\"_blank\" rel=\"noreferrer noopener\">https:\/\/commons.wikimedia.org\/w\/index.php?curid=37551829<\/a><\/figcaption><\/figure>\n<\/div>","protected":false},"excerpt":{"rendered":"<p>Poix du Nord fut occup\u00e9e tr\u00e8s t\u00f4t comme le d\u00e9montre la mise au jour de restes d\u2019une villa romaine au hameau de Wagnonville. Vers 650, Poix appartenait au comt\u00e9 de Famars. En 749 un conflit entre l\u2019abbaye Saint-Denis et celle de Maroilles eut pour objet le hameau de Wagnonville. En 1131, la possession de l&rsquo;\u00e9glise &hellip; <a href=\"http:\/\/patrimoine-avesnois.fr\/chemin\/poix-du-nord\/\" class=\"more-link\">Continuer la lecture<span class=\"screen-reader-text\"> de &laquo;&nbsp;Poix-du-Nord&nbsp;&raquo;<\/span><\/a><\/p>\n","protected":false},"author":2,"featured_media":0,"parent":0,"menu_order":0,"comment_status":"closed","ping_status":"closed","template":"","meta":{"jetpack_post_was_ever_published":false,"footnotes":""},"class_list":["post-6818","page","type-page","status-publish","hentry"],"jetpack_sharing_enabled":true,"jetpack_shortlink":"https:\/\/wp.me\/PaOEkN-1LY","jetpack-related-posts":[],"_links":{"self":[{"href":"http:\/\/patrimoine-avesnois.fr\/chemin\/wp-json\/wp\/v2\/pages\/6818","targetHints":{"allow":["GET"]}}],"collection":[{"href":"http:\/\/patrimoine-avesnois.fr\/chemin\/wp-json\/wp\/v2\/pages"}],"about":[{"href":"http:\/\/patrimoine-avesnois.fr\/chemin\/wp-json\/wp\/v2\/types\/page"}],"author":[{"embeddable":true,"href":"http:\/\/patrimoine-avesnois.fr\/chemin\/wp-json\/wp\/v2\/users\/2"}],"replies":[{"embeddable":true,"href":"http:\/\/patrimoine-avesnois.fr\/chemin\/wp-json\/wp\/v2\/comments?post=6818"}],"version-history":[{"count":0,"href":"http:\/\/patrimoine-avesnois.fr\/chemin\/wp-json\/wp\/v2\/pages\/6818\/revisions"}],"wp:attachment":[{"href":"http:\/\/patrimoine-avesnois.fr\/chemin\/wp-json\/wp\/v2\/media?parent=6818"}],"curies":[{"name":"wp","href":"https:\/\/api.w.org\/{rel}","templated":true}]}}