{"id":7053,"date":"2019-07-14T14:29:34","date_gmt":"2019-07-14T12:29:34","guid":{"rendered":"http:\/\/patrimoine-avesnois.fr\/chemin\/?page_id=7053"},"modified":"2025-03-13T17:40:13","modified_gmt":"2025-03-13T16:40:13","slug":"sars-poteries","status":"publish","type":"page","link":"http:\/\/patrimoine-avesnois.fr\/chemin\/sars-poteries\/","title":{"rendered":"Sars-Poteries"},"content":{"rendered":"<div class=\"wp-block-image\">\n<figure class=\"aligncenter\"><img loading=\"lazy\" decoding=\"async\" width=\"1478\" height=\"996\" data-attachment-id=\"7054\" data-permalink=\"http:\/\/patrimoine-avesnois.fr\/chemin\/sars-poteries\/211_001\/\" data-orig-file=\"https:\/\/i0.wp.com\/patrimoine-avesnois.fr\/chemin\/wp-content\/uploads\/2019\/07\/211_001.jpg?fit=1478%2C996\" data-orig-size=\"1478,996\" data-comments-opened=\"1\" data-image-meta=\"{&quot;aperture&quot;:&quot;0&quot;,&quot;credit&quot;:&quot;&quot;,&quot;camera&quot;:&quot;&quot;,&quot;caption&quot;:&quot;&quot;,&quot;created_timestamp&quot;:&quot;1563024956&quot;,&quot;copyright&quot;:&quot;&quot;,&quot;focal_length&quot;:&quot;0&quot;,&quot;iso&quot;:&quot;0&quot;,&quot;shutter_speed&quot;:&quot;0&quot;,&quot;title&quot;:&quot;&quot;,&quot;orientation&quot;:&quot;0&quot;}\" data-image-title=\"211_001\" data-image-description=\"\" data-image-caption=\"\" data-large-file=\"https:\/\/i0.wp.com\/patrimoine-avesnois.fr\/chemin\/wp-content\/uploads\/2019\/07\/211_001.jpg?fit=840%2C566\" src=\"https:\/\/i1.wp.com\/patrimoine-avesnois.fr\/chemin\/wp-content\/uploads\/2019\/07\/211_001.jpg?fit=840%2C566\" alt=\"\" class=\"wp-image-7054\" srcset=\"https:\/\/i0.wp.com\/patrimoine-avesnois.fr\/chemin\/wp-content\/uploads\/2019\/07\/211_001.jpg?w=1478 1478w, https:\/\/i0.wp.com\/patrimoine-avesnois.fr\/chemin\/wp-content\/uploads\/2019\/07\/211_001.jpg?resize=300%2C202 300w, https:\/\/i0.wp.com\/patrimoine-avesnois.fr\/chemin\/wp-content\/uploads\/2019\/07\/211_001.jpg?resize=768%2C518 768w, https:\/\/i0.wp.com\/patrimoine-avesnois.fr\/chemin\/wp-content\/uploads\/2019\/07\/211_001.jpg?resize=1024%2C690 1024w, https:\/\/i0.wp.com\/patrimoine-avesnois.fr\/chemin\/wp-content\/uploads\/2019\/07\/211_001.jpg?resize=1200%2C809 1200w\" sizes=\"auto, (max-width: 709px) 85vw, (max-width: 909px) 67vw, (max-width: 1362px) 62vw, 840px\" \/><figcaption class=\"wp-element-caption\">Vue a\u00e9rienne de Sars-Poteries<\/figcaption><\/figure>\n<\/div>\n\n\n<div class=\"wp-block-jetpack-slideshow aligncenter\" data-effect=\"slide\"><div class=\"wp-block-jetpack-slideshow_container swiper-container\"><ul class=\"wp-block-jetpack-slideshow_swiper-wrapper swiper-wrapper\"><li class=\"wp-block-jetpack-slideshow_slide swiper-slide\"><figure><img data-recalc-dims=\"1\" loading=\"lazy\" decoding=\"async\" width=\"765\" height=\"501\" alt=\"\" class=\"wp-block-jetpack-slideshow_image wp-image-7055\" data-id=\"7055\" src=\"https:\/\/i0.wp.com\/patrimoine-avesnois.fr\/chemin\/wp-content\/uploads\/2019\/07\/965_001.jpg?resize=765%2C501\" srcset=\"https:\/\/i0.wp.com\/patrimoine-avesnois.fr\/chemin\/wp-content\/uploads\/2019\/07\/965_001.jpg?w=765 765w, https:\/\/i0.wp.com\/patrimoine-avesnois.fr\/chemin\/wp-content\/uploads\/2019\/07\/965_001.jpg?resize=300%2C196 300w\" sizes=\"(max-width: 765px) 85vw, 765px\" \/><\/figure><\/li><li class=\"wp-block-jetpack-slideshow_slide swiper-slide\"><figure><img data-recalc-dims=\"1\" loading=\"lazy\" decoding=\"async\" width=\"840\" height=\"568\" alt=\"\" class=\"wp-block-jetpack-slideshow_image wp-image-7056\" data-id=\"7056\" src=\"https:\/\/i0.wp.com\/patrimoine-avesnois.fr\/chemin\/wp-content\/uploads\/2019\/07\/333_001.jpg?resize=840%2C568\" srcset=\"https:\/\/i0.wp.com\/patrimoine-avesnois.fr\/chemin\/wp-content\/uploads\/2019\/07\/333_001.jpg?w=976 976w, https:\/\/i0.wp.com\/patrimoine-avesnois.fr\/chemin\/wp-content\/uploads\/2019\/07\/333_001.jpg?resize=300%2C203 300w, https:\/\/i0.wp.com\/patrimoine-avesnois.fr\/chemin\/wp-content\/uploads\/2019\/07\/333_001.jpg?resize=768%2C519 768w\" sizes=\"(max-width: 709px) 85vw, (max-width: 909px) 67vw, (max-width: 1362px) 62vw, 840px\" \/><\/figure><\/li><li class=\"wp-block-jetpack-slideshow_slide swiper-slide\"><figure><img data-recalc-dims=\"1\" loading=\"lazy\" decoding=\"async\" width=\"840\" height=\"585\" alt=\"\" class=\"wp-block-jetpack-slideshow_image wp-image-7057\" data-id=\"7057\" src=\"https:\/\/i0.wp.com\/patrimoine-avesnois.fr\/chemin\/wp-content\/uploads\/2019\/07\/046_001.jpg?resize=840%2C585\" srcset=\"https:\/\/i0.wp.com\/patrimoine-avesnois.fr\/chemin\/wp-content\/uploads\/2019\/07\/046_001.jpg?w=1596 1596w, https:\/\/i0.wp.com\/patrimoine-avesnois.fr\/chemin\/wp-content\/uploads\/2019\/07\/046_001.jpg?resize=300%2C209 300w, https:\/\/i0.wp.com\/patrimoine-avesnois.fr\/chemin\/wp-content\/uploads\/2019\/07\/046_001.jpg?resize=768%2C535 768w, https:\/\/i0.wp.com\/patrimoine-avesnois.fr\/chemin\/wp-content\/uploads\/2019\/07\/046_001.jpg?resize=1024%2C713 1024w, https:\/\/i0.wp.com\/patrimoine-avesnois.fr\/chemin\/wp-content\/uploads\/2019\/07\/046_001.jpg?resize=1200%2C835 1200w\" sizes=\"(max-width: 709px) 85vw, (max-width: 909px) 67vw, (max-width: 1362px) 62vw, 840px\" \/><\/figure><\/li><\/ul><a class=\"wp-block-jetpack-slideshow_button-prev swiper-button-prev swiper-button-white\" role=\"button\"><\/a><a class=\"wp-block-jetpack-slideshow_button-next swiper-button-next swiper-button-white\" role=\"button\"><\/a><a aria-label=\"Pause Slideshow\" class=\"wp-block-jetpack-slideshow_button-pause\" role=\"button\"><\/a><div class=\"wp-block-jetpack-slideshow_pagination swiper-pagination swiper-pagination-white\"><\/div><\/div><\/div>\n\n\n<div class=\"wp-block-image\">\n<figure class=\"aligncenter\"><img data-recalc-dims=\"1\" decoding=\"async\" src=\"https:\/\/i0.wp.com\/oratoiresetchapelles-avesnois.fr\/wp-content\/uploads\/2016\/12\/Capturer-14.jpg?w=840\" alt=\"\"\/><\/figure>\n<\/div>\n\n\n<p>Faits historiques : Paroisse du d\u00e9canat d&rsquo;Avesnes, en 1186. L&rsquo;abbaye de Liessies avait la collation de la cure. Village de la terre et pairie d&rsquo;Avesnes , o\u00f9 ces seigneurs ont conserv\u00e9 des propri\u00e9t\u00e9s, le terrage et des rentes jusqu&rsquo;\u00e0 la R\u00e9volution.&nbsp;<br>La paroisse de Sars-Poteries comprenait le village de Beugnies dans sa circonscription.&nbsp;<\/p>\n\n\n\n<p>Le village de Sars-Poteries doit la seconde partie de son nom aux nombreuses fabriques de poteries artisanales qui remontent au XVIII e si\u00e8cle. La terre pour la fabrication des poteries s&rsquo;extrayait de son sol, des gisements de cendres noires fossiles d\u00e9couverts en 1777 \u00e9tant exploit\u00e9s depuis cette \u00e9poque et employ\u00e9s comme amendement. <\/p>\n\n\n\n<p>Cette industrie aurait \u00e9t\u00e9 import\u00e9e \u00e0 Sars par des potiers de Bouffioulx (Belgique). En 1838, il y avait neuf poteries de terre, huit poteries de gr\u00e8s, et une carri\u00e8re de cendres fossiles.&nbsp;                                                                                                             <\/p>\n\n\n\n<p>La grosse industrie c\u00e9ramique (fabrication des tuyaux, \u00e9viers, appareils sanitaires) a disparu depuis longtemps. Seuls de petits ateliers qui fabriquaient des pots, cruches, vases et r\u00e9cipients divers subsistaient encore dans les ann\u00e9es 1970 1980. (Poteries Maine, Lempereur,etc). Malheureusement tous ces ateliers ont depuis ferm\u00e9 leurs portes.<\/p>\n\n\n\n<p>Une autre activit\u00e9 faisait la prosp\u00e9rit\u00e9 de Sars : la verrerie. <\/p>\n\n\n<div class=\"wp-block-image\">\n<figure class=\"aligncenter is-resized\"><img data-recalc-dims=\"1\" loading=\"lazy\" decoding=\"async\" width=\"840\" height=\"534\" data-attachment-id=\"7058\" data-permalink=\"http:\/\/patrimoine-avesnois.fr\/chemin\/sars-poteries\/404_001\/\" data-orig-file=\"https:\/\/i0.wp.com\/patrimoine-avesnois.fr\/chemin\/wp-content\/uploads\/2019\/07\/404_001.jpg?fit=974%2C619\" data-orig-size=\"974,619\" data-comments-opened=\"1\" data-image-meta=\"{&quot;aperture&quot;:&quot;0&quot;,&quot;credit&quot;:&quot;&quot;,&quot;camera&quot;:&quot;&quot;,&quot;caption&quot;:&quot;&quot;,&quot;created_timestamp&quot;:&quot;1563045668&quot;,&quot;copyright&quot;:&quot;&quot;,&quot;focal_length&quot;:&quot;0&quot;,&quot;iso&quot;:&quot;0&quot;,&quot;shutter_speed&quot;:&quot;0&quot;,&quot;title&quot;:&quot;&quot;,&quot;orientation&quot;:&quot;0&quot;}\" data-image-title=\"404_001\" data-image-description=\"\" data-image-caption=\"\" data-large-file=\"https:\/\/i0.wp.com\/patrimoine-avesnois.fr\/chemin\/wp-content\/uploads\/2019\/07\/404_001.jpg?fit=840%2C534\" src=\"https:\/\/i0.wp.com\/patrimoine-avesnois.fr\/chemin\/wp-content\/uploads\/2019\/07\/404_001.jpg?resize=840%2C534\" alt=\"\" class=\"wp-image-7058\" style=\"width:704px;height:446px\" srcset=\"https:\/\/i0.wp.com\/patrimoine-avesnois.fr\/chemin\/wp-content\/uploads\/2019\/07\/404_001.jpg?w=974 974w, https:\/\/i0.wp.com\/patrimoine-avesnois.fr\/chemin\/wp-content\/uploads\/2019\/07\/404_001.jpg?resize=300%2C191 300w, https:\/\/i0.wp.com\/patrimoine-avesnois.fr\/chemin\/wp-content\/uploads\/2019\/07\/404_001.jpg?resize=768%2C488 768w\" sizes=\"auto, (max-width: 709px) 85vw, (max-width: 909px) 67vw, (max-width: 1362px) 62vw, 840px\" \/><\/figure>\n<\/div>\n\n<div class=\"wp-block-image\">\n<figure class=\"aligncenter is-resized\"><img loading=\"lazy\" decoding=\"async\" width=\"1620\" height=\"995\" data-attachment-id=\"7060\" data-permalink=\"http:\/\/patrimoine-avesnois.fr\/chemin\/sars-poteries\/301_001\/\" data-orig-file=\"https:\/\/i0.wp.com\/patrimoine-avesnois.fr\/chemin\/wp-content\/uploads\/2019\/07\/301_001.jpg?fit=1620%2C995\" data-orig-size=\"1620,995\" data-comments-opened=\"1\" data-image-meta=\"{&quot;aperture&quot;:&quot;0&quot;,&quot;credit&quot;:&quot;&quot;,&quot;camera&quot;:&quot;&quot;,&quot;caption&quot;:&quot;&quot;,&quot;created_timestamp&quot;:&quot;1563045618&quot;,&quot;copyright&quot;:&quot;&quot;,&quot;focal_length&quot;:&quot;0&quot;,&quot;iso&quot;:&quot;0&quot;,&quot;shutter_speed&quot;:&quot;0&quot;,&quot;title&quot;:&quot;&quot;,&quot;orientation&quot;:&quot;0&quot;}\" data-image-title=\"301_001\" data-image-description=\"\" data-image-caption=\"\" data-large-file=\"https:\/\/i0.wp.com\/patrimoine-avesnois.fr\/chemin\/wp-content\/uploads\/2019\/07\/301_001.jpg?fit=840%2C516\" src=\"https:\/\/i2.wp.com\/patrimoine-avesnois.fr\/chemin\/wp-content\/uploads\/2019\/07\/301_001.jpg?fit=840%2C516\" alt=\"\" class=\"wp-image-7060\" style=\"width:704px;height:432px\" srcset=\"https:\/\/i0.wp.com\/patrimoine-avesnois.fr\/chemin\/wp-content\/uploads\/2019\/07\/301_001.jpg?w=1620 1620w, https:\/\/i0.wp.com\/patrimoine-avesnois.fr\/chemin\/wp-content\/uploads\/2019\/07\/301_001.jpg?resize=300%2C184 300w, https:\/\/i0.wp.com\/patrimoine-avesnois.fr\/chemin\/wp-content\/uploads\/2019\/07\/301_001.jpg?resize=768%2C472 768w, https:\/\/i0.wp.com\/patrimoine-avesnois.fr\/chemin\/wp-content\/uploads\/2019\/07\/301_001.jpg?resize=1024%2C629 1024w, https:\/\/i0.wp.com\/patrimoine-avesnois.fr\/chemin\/wp-content\/uploads\/2019\/07\/301_001.jpg?resize=1200%2C737 1200w\" sizes=\"auto, (max-width: 709px) 85vw, (max-width: 909px) 67vw, (max-width: 1362px) 62vw, 840px\" \/><\/figure>\n<\/div>\n\n\n<p>Entre 1801 et 1937, le village comptait en effet, au plus fort de sa production, deux verreries qui employaient en 1869 huit cents ouvriers. C es travailleurs du verre, hommes, femmes mais aussi les enfants, y r\u00e9alisaient surtout les \u00e9l\u00e9ments de services de table (verre, broc, drageoir), ainsi que des flacons et des luminaires. C es objets \u00e9taient r\u00e9alis\u00e9s au moyen du soufflage, puis taill\u00e9s et polis. Le souffleur, \u00e0 l\u2019aide d\u2019une canne, \u00ab cueillait \u00bb, c\u2019est-\u00e0-dire saisissait, une masse de verre, appel\u00e9e paraison : par un souffle bref, il cr\u00e9ait une forme arrondie qu\u2019il retravaillait ensuite \u00e0 l\u2019aide de fers et de ciseaux . <\/p>\n\n\n\n<p>Les verreries ont fini par dispara\u00eetre enti\u00e8rement.<\/p>\n\n\n<div class=\"wp-block-image\">\n<figure class=\"aligncenter is-resized\"><img loading=\"lazy\" decoding=\"async\" width=\"3024\" height=\"4032\" data-attachment-id=\"7061\" data-permalink=\"http:\/\/patrimoine-avesnois.fr\/chemin\/sars-poteries\/img_5837\/\" data-orig-file=\"https:\/\/i0.wp.com\/patrimoine-avesnois.fr\/chemin\/wp-content\/uploads\/2019\/07\/IMG_5837.jpg?fit=3024%2C4032\" data-orig-size=\"3024,4032\" data-comments-opened=\"1\" data-image-meta=\"{&quot;aperture&quot;:&quot;2.2&quot;,&quot;credit&quot;:&quot;&quot;,&quot;camera&quot;:&quot;iPhone SE&quot;,&quot;caption&quot;:&quot;&quot;,&quot;created_timestamp&quot;:&quot;1560698138&quot;,&quot;copyright&quot;:&quot;&quot;,&quot;focal_length&quot;:&quot;4.15&quot;,&quot;iso&quot;:&quot;25&quot;,&quot;shutter_speed&quot;:&quot;0.00045495905368517&quot;,&quot;title&quot;:&quot;&quot;,&quot;orientation&quot;:&quot;0&quot;}\" data-image-title=\"IMG_5837\" data-image-description=\"\" data-image-caption=\"\" data-large-file=\"https:\/\/i0.wp.com\/patrimoine-avesnois.fr\/chemin\/wp-content\/uploads\/2019\/07\/IMG_5837.jpg?fit=768%2C1024\" src=\"https:\/\/i1.wp.com\/patrimoine-avesnois.fr\/chemin\/wp-content\/uploads\/2019\/07\/IMG_5837.jpg?fit=768%2C1024\" alt=\"\" class=\"wp-image-7061\" style=\"width:462px;height:616px\" srcset=\"https:\/\/i0.wp.com\/patrimoine-avesnois.fr\/chemin\/wp-content\/uploads\/2019\/07\/IMG_5837.jpg?w=3024 3024w, https:\/\/i0.wp.com\/patrimoine-avesnois.fr\/chemin\/wp-content\/uploads\/2019\/07\/IMG_5837.jpg?resize=225%2C300 225w, https:\/\/i0.wp.com\/patrimoine-avesnois.fr\/chemin\/wp-content\/uploads\/2019\/07\/IMG_5837.jpg?resize=768%2C1024 768w, https:\/\/i0.wp.com\/patrimoine-avesnois.fr\/chemin\/wp-content\/uploads\/2019\/07\/IMG_5837.jpg?resize=1200%2C1600 1200w, https:\/\/i0.wp.com\/patrimoine-avesnois.fr\/chemin\/wp-content\/uploads\/2019\/07\/IMG_5837.jpg?w=1680 1680w, https:\/\/i0.wp.com\/patrimoine-avesnois.fr\/chemin\/wp-content\/uploads\/2019\/07\/IMG_5837.jpg?w=2520 2520w\" sizes=\"auto, (max-width: 709px) 85vw, (max-width: 909px) 67vw, (max-width: 1362px) 62vw, 840px\" \/><figcaption class=\"wp-element-caption\"> L&rsquo;\u00c9glise Saint-Pierre Saint-Paul de Sars Poteries<br> <\/figcaption><\/figure>\n<\/div>\n\n<div class=\"wp-block-image\">\n<figure class=\"aligncenter is-resized\"><img decoding=\"async\" src=\"https:\/\/upload.wikimedia.org\/wikipedia\/commons\/thumb\/4\/46\/Sars-Poteries_%28Nord%2C_Fr%29_%C3%A9glise.jpg\/1280px-Sars-Poteries_%28Nord%2C_Fr%29_%C3%A9glise.jpg\" alt=\"\" style=\"width:640px;height:480px\"\/><figcaption class=\"wp-element-caption\"><em>L&rsquo;\u00c9glise de Sars Poteries<\/em> (1877)<\/figcaption><\/figure>\n<\/div>\n\n<div class=\"wp-block-image\">\n<figure class=\"aligncenter is-resized\"><img loading=\"lazy\" decoding=\"async\" width=\"4032\" height=\"3024\" data-attachment-id=\"7063\" data-permalink=\"http:\/\/patrimoine-avesnois.fr\/chemin\/sars-poteries\/img_5838-2\/\" data-orig-file=\"https:\/\/i0.wp.com\/patrimoine-avesnois.fr\/chemin\/wp-content\/uploads\/2019\/07\/IMG_5838-1.jpg?fit=4032%2C3024\" data-orig-size=\"4032,3024\" data-comments-opened=\"1\" data-image-meta=\"{&quot;aperture&quot;:&quot;2.2&quot;,&quot;credit&quot;:&quot;&quot;,&quot;camera&quot;:&quot;iPhone SE&quot;,&quot;caption&quot;:&quot;&quot;,&quot;created_timestamp&quot;:&quot;1560698213&quot;,&quot;copyright&quot;:&quot;&quot;,&quot;focal_length&quot;:&quot;4.15&quot;,&quot;iso&quot;:&quot;25&quot;,&quot;shutter_speed&quot;:&quot;0.00041597337770383&quot;,&quot;title&quot;:&quot;&quot;,&quot;orientation&quot;:&quot;0&quot;}\" data-image-title=\"IMG_5838\" data-image-description=\"\" data-image-caption=\"\" data-large-file=\"https:\/\/i0.wp.com\/patrimoine-avesnois.fr\/chemin\/wp-content\/uploads\/2019\/07\/IMG_5838-1.jpg?fit=840%2C630\" src=\"https:\/\/i1.wp.com\/patrimoine-avesnois.fr\/chemin\/wp-content\/uploads\/2019\/07\/IMG_5838-1.jpg?fit=840%2C630\" alt=\"\" class=\"wp-image-7063\" style=\"width:640px;height:480px\" srcset=\"https:\/\/i0.wp.com\/patrimoine-avesnois.fr\/chemin\/wp-content\/uploads\/2019\/07\/IMG_5838-1.jpg?w=4032 4032w, https:\/\/i0.wp.com\/patrimoine-avesnois.fr\/chemin\/wp-content\/uploads\/2019\/07\/IMG_5838-1.jpg?resize=300%2C225 300w, https:\/\/i0.wp.com\/patrimoine-avesnois.fr\/chemin\/wp-content\/uploads\/2019\/07\/IMG_5838-1.jpg?resize=768%2C576 768w, https:\/\/i0.wp.com\/patrimoine-avesnois.fr\/chemin\/wp-content\/uploads\/2019\/07\/IMG_5838-1.jpg?resize=1024%2C768 1024w, https:\/\/i0.wp.com\/patrimoine-avesnois.fr\/chemin\/wp-content\/uploads\/2019\/07\/IMG_5838-1.jpg?resize=1200%2C900 1200w, https:\/\/i0.wp.com\/patrimoine-avesnois.fr\/chemin\/wp-content\/uploads\/2019\/07\/IMG_5838-1.jpg?w=1680 1680w, https:\/\/i0.wp.com\/patrimoine-avesnois.fr\/chemin\/wp-content\/uploads\/2019\/07\/IMG_5838-1.jpg?w=2520 2520w\" sizes=\"auto, (max-width: 709px) 85vw, (max-width: 909px) 67vw, (max-width: 1362px) 62vw, 840px\" \/><figcaption class=\"wp-element-caption\"><em>Vue lat\u00e9rale de l&rsquo;\u00c9glise Saint-Pierre Saint-Paul de Sars Poteries<\/em> <\/figcaption><\/figure>\n<\/div>\n\n<div class=\"wp-block-image\">\n<figure class=\"aligncenter size-full is-resized\"><img data-recalc-dims=\"1\" loading=\"lazy\" decoding=\"async\" width=\"668\" height=\"510\" data-attachment-id=\"21543\" data-permalink=\"http:\/\/patrimoine-avesnois.fr\/chemin\/sars-poteries\/image-2015\/\" data-orig-file=\"https:\/\/i0.wp.com\/patrimoine-avesnois.fr\/chemin\/wp-content\/uploads\/2025\/03\/image-14.png?fit=668%2C510\" data-orig-size=\"668,510\" data-comments-opened=\"1\" data-image-meta=\"{&quot;aperture&quot;:&quot;0&quot;,&quot;credit&quot;:&quot;&quot;,&quot;camera&quot;:&quot;&quot;,&quot;caption&quot;:&quot;&quot;,&quot;created_timestamp&quot;:&quot;0&quot;,&quot;copyright&quot;:&quot;&quot;,&quot;focal_length&quot;:&quot;0&quot;,&quot;iso&quot;:&quot;0&quot;,&quot;shutter_speed&quot;:&quot;0&quot;,&quot;title&quot;:&quot;&quot;,&quot;orientation&quot;:&quot;0&quot;}\" data-image-title=\"image\" data-image-description=\"\" data-image-caption=\"\" data-large-file=\"https:\/\/i0.wp.com\/patrimoine-avesnois.fr\/chemin\/wp-content\/uploads\/2025\/03\/image-14.png?fit=668%2C510\" src=\"https:\/\/i0.wp.com\/patrimoine-avesnois.fr\/chemin\/wp-content\/uploads\/2025\/03\/image-14.png?resize=668%2C510&#038;ssl=1\" alt=\"\" class=\"wp-image-21543\" style=\"width:638px\" srcset=\"https:\/\/i0.wp.com\/patrimoine-avesnois.fr\/chemin\/wp-content\/uploads\/2025\/03\/image-14.png?w=668 668w, https:\/\/i0.wp.com\/patrimoine-avesnois.fr\/chemin\/wp-content\/uploads\/2025\/03\/image-14.png?resize=300%2C229 300w\" sizes=\"auto, (max-width: 668px) 85vw, 668px\" \/><figcaption class=\"wp-element-caption\">Ch\u0153ur  <\/figcaption><\/figure>\n<\/div>\n\n<div class=\"wp-block-image\">\n<figure class=\"aligncenter size-full is-resized\"><img data-recalc-dims=\"1\" loading=\"lazy\" decoding=\"async\" width=\"840\" height=\"465\" data-attachment-id=\"21537\" data-permalink=\"http:\/\/patrimoine-avesnois.fr\/chemin\/sars-poteries\/nouvel-autel-2024\/\" data-orig-file=\"https:\/\/i0.wp.com\/patrimoine-avesnois.fr\/chemin\/wp-content\/uploads\/2025\/03\/Nouvel-Autel-2024.jpg?fit=1005%2C556\" data-orig-size=\"1005,556\" data-comments-opened=\"1\" data-image-meta=\"{&quot;aperture&quot;:&quot;0&quot;,&quot;credit&quot;:&quot;CARRE&quot;,&quot;camera&quot;:&quot;&quot;,&quot;caption&quot;:&quot;&quot;,&quot;created_timestamp&quot;:&quot;1741884632&quot;,&quot;copyright&quot;:&quot;&quot;,&quot;focal_length&quot;:&quot;0&quot;,&quot;iso&quot;:&quot;0&quot;,&quot;shutter_speed&quot;:&quot;0&quot;,&quot;title&quot;:&quot;&quot;,&quot;orientation&quot;:&quot;0&quot;}\" data-image-title=\"Nouvel Autel 2024\" data-image-description=\"\" data-image-caption=\"\" data-large-file=\"https:\/\/i0.wp.com\/patrimoine-avesnois.fr\/chemin\/wp-content\/uploads\/2025\/03\/Nouvel-Autel-2024.jpg?fit=840%2C465\" src=\"https:\/\/i0.wp.com\/patrimoine-avesnois.fr\/chemin\/wp-content\/uploads\/2025\/03\/Nouvel-Autel-2024.jpg?resize=840%2C465&#038;ssl=1\" alt=\"\" class=\"wp-image-21537\" style=\"width:620px\" srcset=\"https:\/\/i0.wp.com\/patrimoine-avesnois.fr\/chemin\/wp-content\/uploads\/2025\/03\/Nouvel-Autel-2024.jpg?w=1005 1005w, https:\/\/i0.wp.com\/patrimoine-avesnois.fr\/chemin\/wp-content\/uploads\/2025\/03\/Nouvel-Autel-2024.jpg?resize=300%2C166 300w, https:\/\/i0.wp.com\/patrimoine-avesnois.fr\/chemin\/wp-content\/uploads\/2025\/03\/Nouvel-Autel-2024.jpg?resize=768%2C425 768w\" sizes=\"auto, (max-width: 709px) 85vw, (max-width: 909px) 67vw, (max-width: 1362px) 62vw, 840px\" \/><figcaption class=\"wp-element-caption\">Nouvel Autel 2024 Photo Nos Clochers Mars 2024 N\u00b0 585<\/figcaption><\/figure>\n<\/div>\n\n\n<p>Ce nouvel autel mat\u00e9rialise le don fait par un habitant du village. Il est en pierre bleue provenant des carri\u00e8res de Soignies recouvert d&rsquo;une plaque de verre en m\u00e9moire au pass\u00e9 verrier du village. La r\u00e9alisation de ce projet a b\u00e9n\u00e9fici\u00e9 de la comp\u00e9tence de l&rsquo;abb\u00e9 H\u00e9liot, cur\u00e9 de la paroisse lors du don, et de Caroline Biencourt, tous deux membres de la commission d&rsquo;art sacre du dioc\u00e8se de Cambrai qui veille au respect des normes liturgiques. Quant aux entreprises qui ont \u0153uvr\u00e9, il s&rsquo;agit de la Pierre A + B de Wallers-en-Fagne et des Miroiteries de Villeneuve-d&rsquo;Ascq. Le nouvel autel fut l&rsquo;objet d&rsquo;une cons\u00e9cration le dimanche 16 f\u00e9vrier 2025  \u00e0 10 heures par M<sup>gr<\/sup>\u00a0Vincent Dollmann, archev\u00eaque de Cambrai. Source J H Nos Clochers <br><\/p>\n\n\n<div class=\"wp-block-image\">\n<figure class=\"aligncenter is-resized\"><img data-recalc-dims=\"1\" loading=\"lazy\" decoding=\"async\" width=\"768\" height=\"577\" data-attachment-id=\"7064\" data-permalink=\"http:\/\/patrimoine-avesnois.fr\/chemin\/sars-poteries\/mairie-10\/\" data-orig-file=\"https:\/\/i0.wp.com\/patrimoine-avesnois.fr\/chemin\/wp-content\/uploads\/2019\/07\/Mairie.jpg?fit=768%2C577\" data-orig-size=\"768,577\" data-comments-opened=\"1\" data-image-meta=\"{&quot;aperture&quot;:&quot;0&quot;,&quot;credit&quot;:&quot;CARRE&quot;,&quot;camera&quot;:&quot;&quot;,&quot;caption&quot;:&quot;&quot;,&quot;created_timestamp&quot;:&quot;1563102802&quot;,&quot;copyright&quot;:&quot;&quot;,&quot;focal_length&quot;:&quot;0&quot;,&quot;iso&quot;:&quot;0&quot;,&quot;shutter_speed&quot;:&quot;0&quot;,&quot;title&quot;:&quot;&quot;,&quot;orientation&quot;:&quot;0&quot;}\" data-image-title=\"Mairie\" data-image-description=\"\" data-image-caption=\"\" data-large-file=\"https:\/\/i0.wp.com\/patrimoine-avesnois.fr\/chemin\/wp-content\/uploads\/2019\/07\/Mairie.jpg?fit=768%2C577\" src=\"https:\/\/i0.wp.com\/patrimoine-avesnois.fr\/chemin\/wp-content\/uploads\/2019\/07\/Mairie.jpg?resize=768%2C577\" alt=\"\" class=\"wp-image-7064\" style=\"width:610px;height:459px\" srcset=\"https:\/\/i0.wp.com\/patrimoine-avesnois.fr\/chemin\/wp-content\/uploads\/2019\/07\/Mairie.jpg?w=768 768w, https:\/\/i0.wp.com\/patrimoine-avesnois.fr\/chemin\/wp-content\/uploads\/2019\/07\/Mairie.jpg?resize=300%2C225 300w\" sizes=\"auto, (max-width: 768px) 85vw, 768px\" \/><figcaption class=\"wp-element-caption\">Mairie et Salle des F\u00eates<\/figcaption><\/figure>\n<\/div>\n\n<div class=\"wp-block-image\">\n<figure class=\"aligncenter is-resized\"><img decoding=\"async\" src=\"https:\/\/i0.wp.com\/kiosques-avesnois.fr\/wp-content\/uploads\/2017\/11\/Sars-Poteries4.jpg?resize=840%2C554\" alt=\"\" style=\"width:595px;height:393px\"\/><figcaption class=\"wp-element-caption\">Le kiosque de concert dans les ann\u00e9es 1920<\/figcaption><\/figure>\n<\/div>\n\n<div class=\"wp-block-image\">\n<figure class=\"aligncenter is-resized\"><img loading=\"lazy\" decoding=\"async\" width=\"1192\" height=\"902\" data-attachment-id=\"7065\" data-permalink=\"http:\/\/patrimoine-avesnois.fr\/chemin\/sars-poteries\/image-1038\/\" data-orig-file=\"https:\/\/i0.wp.com\/patrimoine-avesnois.fr\/chemin\/wp-content\/uploads\/2019\/07\/image-12.png?fit=1192%2C902\" data-orig-size=\"1192,902\" data-comments-opened=\"1\" data-image-meta=\"{&quot;aperture&quot;:&quot;0&quot;,&quot;credit&quot;:&quot;&quot;,&quot;camera&quot;:&quot;&quot;,&quot;caption&quot;:&quot;&quot;,&quot;created_timestamp&quot;:&quot;0&quot;,&quot;copyright&quot;:&quot;&quot;,&quot;focal_length&quot;:&quot;0&quot;,&quot;iso&quot;:&quot;0&quot;,&quot;shutter_speed&quot;:&quot;0&quot;,&quot;title&quot;:&quot;&quot;,&quot;orientation&quot;:&quot;0&quot;}\" data-image-title=\"image\" data-image-description=\"\" data-image-caption=\"\" data-large-file=\"https:\/\/i0.wp.com\/patrimoine-avesnois.fr\/chemin\/wp-content\/uploads\/2019\/07\/image-12.png?fit=840%2C636\" src=\"https:\/\/i2.wp.com\/patrimoine-avesnois.fr\/chemin\/wp-content\/uploads\/2019\/07\/image-12.png?fit=840%2C636\" alt=\"\" class=\"wp-image-7065\" style=\"width:595px;height:450px\" srcset=\"https:\/\/i0.wp.com\/patrimoine-avesnois.fr\/chemin\/wp-content\/uploads\/2019\/07\/image-12.png?w=1192 1192w, https:\/\/i0.wp.com\/patrimoine-avesnois.fr\/chemin\/wp-content\/uploads\/2019\/07\/image-12.png?resize=300%2C227 300w, https:\/\/i0.wp.com\/patrimoine-avesnois.fr\/chemin\/wp-content\/uploads\/2019\/07\/image-12.png?resize=768%2C581 768w, https:\/\/i0.wp.com\/patrimoine-avesnois.fr\/chemin\/wp-content\/uploads\/2019\/07\/image-12.png?resize=1024%2C775 1024w\" sizes=\"auto, (max-width: 709px) 85vw, (max-width: 909px) 67vw, (max-width: 1362px) 62vw, 840px\" \/><figcaption class=\"wp-element-caption\">Le kiosque \u00e0 musique de Sars-Poteries<\/figcaption><\/figure>\n<\/div>\n\n\n<p>Kiosque de concert octogonal sur soubassement en brique et pierre bleue, avec toiture pentue en ardoises. Le cha\u00eenage haut entre poteaux est r\u00e9alis\u00e9 avec des poutres \u00e0 croisillons ajour\u00e9s. Il est un des derniers&nbsp;kiosques \u00e0 structure porteuse en bois. <\/p>\n\n\n<div class=\"wp-block-image\">\n<figure class=\"aligncenter is-resized\"><img decoding=\"async\" src=\"https:\/\/upload.wikimedia.org\/wikipedia\/commons\/thumb\/b\/bb\/Sars-Poteries_%28Nord%2C_Fr%29_monument_aux_morts%2C_%C3%A9cole%2C_m%C3%A9diath%C3%A8que.jpg\/800px-Sars-Poteries_%28Nord%2C_Fr%29_monument_aux_morts%2C_%C3%A9cole%2C_m%C3%A9diath%C3%A8que.jpg\" alt=\"Fichier:Sars-Poteries (Nord, Fr) monument aux morts, \u00e9cole, m\u00e9diath\u00e8que.jpg\" style=\"width:630px;height:472px\"\/><figcaption class=\"wp-element-caption\"><em>Monument aux Morts de Sars-Poteries. <\/em><a rel=\"noreferrer noopener\" href=\"https:\/\/monumentsmorts.univ-lille.fr\/monument\/675\/sars-poteries-place\/\" target=\"_blank\">Universit\u00e9 Lille 3<\/a><\/figcaption><\/figure>\n<\/div>\n\n\n<p>March\u00e9 de gr\u00e9 \u00e0 gr\u00e9 en date du 4 octobre 1922 entre la mairie et Clotaire Jouniaux Pi\u00e9rart, marbrier, \u00e0 Sars-Poteries (Monument en granit belge). <\/p>\n\n\n<div class=\"wp-block-image\">\n<figure class=\"aligncenter is-resized\"><img data-recalc-dims=\"1\" decoding=\"async\" src=\"https:\/\/i0.wp.com\/monumentsmorts.univ-lille.fr\/monmorts\/upload\/monument\/2801-3000\/2891\/sars-poteries-jeanimbert-18173_524c07c177fc8.jpg?w=840&#038;ssl=1\" alt=\"\" style=\"width:416px;height:638px\"\/><figcaption class=\"wp-element-caption\">Monument aux Morts  d&rsquo;entreprise. Coll. R. VdB <\/figcaption><\/figure>\n<\/div>\n\n\n<p class=\"has-text-align-center\">***<\/p>\n\n\n\n<p>Histoire de l&rsquo;\u00e9glise de Sars-Poteries :<\/p>\n\n\n\n<p>Description de l&rsquo;ancienne \u00e9glise :<\/p>\n\n\n\n<p>D&rsquo;apr\u00e8s un rapport du 9 juin 1838 (Archives D\u00e9partementales du Nord. Enqu\u00eate arch\u00e9ologique. 1 T 253 dossier 16) et la description de l&rsquo;abb\u00e9 Bottiaux en 1876,on peut se faire une id\u00e9e de cette vieille \u00e9glise qui fut soumise \u00e0 des r\u00e9parations et des agrandissements.<br>En forme de croix, elle \u00e9tait longue de 16 m\u00e8tres et large de 14 m\u00e8tres Le ch\u0153ur a d\u00fb former la premi\u00e8re chapelle qui servait d&rsquo;\u00e9glise \u00e0 la population de Sars. II a continu\u00e9 \u00e0 porter le nom de chapelle Saint Pierre jusqu&rsquo;\u00e0 la d\u00e9molition de l&rsquo;\u00e9glise. Les deux fen\u00eatres du ch\u0153ur \u00e9taient d&rsquo;un style pur en plein cintre avec<br>filets et astragales sur le pourtour ce qui n&rsquo;existait pas aux autres fen\u00eatres.<br>Au cours des ans , on d\u00e9molit les murailles qui cl\u00f4turaient l&rsquo;entr\u00e9e de cette chapelle, on \u00e9leva une arcade surbaiss\u00e9e pour l&rsquo;entr\u00e9e du ch\u0153ur et on continua une nef unique au bas de laquelle on adapta une tour ou clocher, , avec, des murailles, de l&rsquo;\u00e9paisseur de plus d&rsquo;un m\u00e8tre et qui s&rsquo;\u00e9levait \u00e0 peine dix m\u00e8tres de hauteur. Puis on construisit \u00e0 droite de la nef principale une chapelle dans le style gothique avec vo\u00fbte en brique et ar\u00eates en pierre bleue, avec fen\u00eatre ornement\u00e9e, montant de ch\u00e2ssis en pierre surmont\u00e9e de feuilles de tr\u00e8fles \u00e9galement en pierre, b\u00e2tie au XIV ou XV -\u00e8me si\u00e8cle pour l&rsquo;usage et aux frais d&rsquo;une famine dont le souvenir est perdu : oserait-on supposer que ce fut la famille de Gerard de Sars, ou pour !es quelques moines de la ferme si proche de l&rsquo;\u00e9glise.<br>Ensuite , on \u00e9tablit une colonnade compos\u00e9e de quatre colonnes en pierre bleues, le long de la nef principale pour former une nef collat\u00e9rale \u00e0 droite et plus tard encore une semblable \u00e0 gauche. On ouvrit quatre fen\u00eatres dont aucune ne se ressemble par la forme. Une petite sacristie avait \u00e9t\u00e9 construite une une date plus r\u00e9cente et cachait une partie d&rsquo;une fen\u00eatre du ch\u0153ur. <\/p>\n\n\n\n<p>Construite en pierres bleues carr\u00e9es, cette \u00e9glise n&rsquo;avait dans sa nef centrale qu&rsquo;un simple plafond. Le c\u00f4t\u00e9 droit du choeur seulement \u00e9tait garni d&rsquo;une stalle de bois et sans sculpture ainsi que la chaise \u00e0 pr\u00eacher en bois. La nef de droite \u00e9tait cintr\u00e9e en ogive, celle de gauche en menuiserie, le tout blanchi au lait de chaux.<br>Les piliers \u00e9taient de forme cylindrique, uni, aucune sculpture aux chapiteaux, ( 3 de ces colonnes existent encore aujourd&rsquo;hui : une qui \u00e9tait \u00e0 la ferme Maurice Dubois \u00e0 Beugnies a \u00e9t\u00e9 r\u00e9utilis\u00e9e par Mr Lefevre,- une autre est incrust\u00e9e dans le mur de l&rsquo;\u00e9curie de la ferme Boulenger \u00e0 la \u00ab\u00a0Taille Pionne\u00a0\u00bb,- une troisi\u00e8me a servi de monument fun\u00e9raire \u00e0 la famille Alexandre Coutellier au cimeti\u00e8re de Sars-Poteries). L&rsquo;\u00e9glise avait 3 autels, l&rsquo;autel du patron contenant les reliques de Sainte Ursule (elles sont aujourd&rsquo;hui sous le tabernacle de l&rsquo;\u00e9glise actuelle) Le tabernacle de l&rsquo;ancienne \u00e9glise se trouve dans la sacristie de l&rsquo;\u00e9glise nouvelle qui poss\u00e8de aussi un Saint Laurent du XIX -\u00e8me si\u00e8cle en bois. La soci\u00e9t\u00e9 arch\u00e9ologique d&rsquo;Avesnes poss\u00e8de quelques souvenirs de l&rsquo;ancienne \u00e9glise : des blochets en ch\u00eane, les statues en terre de Sars-Poteries de Saint Etienne ( patron des potiers) et de Saint Nicolas ( patron des charcutiers). <\/p>\n\n\n\n<p>On pourrait conclure que la chapelle Saint Pierre primitivement \u00e9glise de Sars, remontait au X OU XI \u00e8me si\u00e8cle, que la nef principale puis les deux nefs lat\u00e9rales furent ajout\u00e9es \u00e0 mesure que la population augmenta, que cette \u00e9glise devait ressembler \u00e0 d&rsquo;autres tr\u00e8s anciennes existant encore dans la r\u00e9gion.<\/p>\n\n\n\n<p>La construction de la nouvelle \u00e9glise : <\/p>\n\n\n\n<p>Selon l&rsquo;abb\u00e9 Bottiaux, depuis bien des ann\u00e9es, l&rsquo;urgence de construire une \u00e9glise dans la paroisse \u00e0 Sars-Poteries s&rsquo;imposait de plus en plus, tant \u00e0 cause de la la v\u00e9tust\u00e9 de l&rsquo;ancienne,- ce qui n&rsquo;est pas le vrai motif,- qu&rsquo;en raison de l&rsquo;accroissement progressif de la population qui en 1 872 comptait 2394 hab. D&rsquo;autres motifs doivent \u00eatre ajout\u00e9s : vers 1870, un v\u00e9ritable vent de folie souffla pour inspirer aux cur\u00e9s et aux municipalit\u00e9s l&rsquo;id\u00e9e de remplacer les vielles \u00e9glises par d&rsquo;autres plus en harmonie avec le go\u00fbt de l&rsquo;\u00e9poque. Et dans  tout l&rsquo;arrondissement s&rsquo;\u00e9l\u00e8vent alors des \u00e9difices qui se veulent impressionnants. Par ailleurs la population de Sars-Poteries est presqu&rsquo;aussi importante que celle du chef-lieu de canton, \u00a0\u00bb on se redresse \u00a0\u00bb et on veut une \u00e9glise aussi longue que celle  de Solre-le-Ch\u00e2teau. On est aussi en pleine pol\u00e9mique avec Solre-le-Ch\u00e2teau \u00e0 propos de la construction de la ligne de chemin de fer. L &lsquo;ambition est l&rsquo;un des mobiles de ce projet ainsi que le chauvinisme.<\/p>\n\n\n\n<p>Depuis 1865, le projet avait \u00e9t\u00e9 formul\u00e9. En 1867, plan et devis avaient \u00e9t\u00e9 vot\u00e9s pour 45 000 frs, approuv\u00e9s par l\u2019autorit\u00e9 sup\u00e9rieure avec un secours de 3000 frs du Conseil G\u00e9n\u00e9ral et 4.000 de la part de l\u2019\u00c9tat. Or dit l&rsquo;abb\u00e9 Bottiaux, l&rsquo;ann\u00e9e 1869 fut marqu\u00e9e par un \u00e9v\u00e8nement dont l&rsquo;influence rejaillit puissamment sur l&rsquo;entreprise de l&rsquo;\u00e9glise : d\u00e9j\u00e0 Monsieur Dupont avait construit sa belle maison au \u00a0\u00bb Pav\u00e9 \u00a0\u00bb et Monsieur Imbert tout r\u00e9cemment s\u00e9par\u00e9 comme associ\u00e9 de Monsieur Duponchel avait quitt\u00e9 l&rsquo;ancienne verrerie et se disposait \u00e0 construire la verrerie d&rsquo;en Haut ainsi que son habitation \u00a0\u00bb le Ch\u00e2teau Imbert. On dit que Monsieur Dupont, ancien maire et Monsieur Imbert, maire de l&rsquo;\u00e9poque s&rsquo;unirent d&rsquo;intelligence et provoqu\u00e8rent le d\u00e9placement de l&rsquo;\u00e9glise \u00e0 construire.<br>Ils demand\u00e8rent en s\u00e9ance du Conseil Municipal ,s\u00e9ance de ma i 1869, que l&rsquo;on choisisse \u00e0 cet effet, un emplacement situ\u00e9 plus au centre du village, mais aussit\u00f4t de nombreuses et puissantes oppositions se manifest\u00e8rent tant au sein du Conseil Municipal que parmi les habitants de la partie basse de la commune. Ce qui fit ajourner le projet.\u00a0\u00bb <\/p>\n\n\n\n<p>Il n&rsquo;en fut plus question jusqu&rsquo;\u00e0 la mort de Mr Colet cur\u00e9 de la paroisse en 1873. Son successeur, l&rsquo;abb\u00e9 Bottiaux, venant des paroisses de Solrinnes et Eccles, reprit le projet d\u00e8s son arriv\u00e9e, s&rsquo;adressant au nouveau maire Mr Gaspard Maufroid et \u00e0 son adjoint F\u00e9lix Maillard tous deux parfaitement d\u00e9vou\u00e9s \u00e0 l&rsquo;entreprise.<\/p>\n\n\n\n<p>Aussit\u00f4t d\u00e9bats et opposition reprirent \u00e0 propos de l&#8217;emplacement, \u00e0 propos aussi d&rsquo;une augmentation du devis et de la n\u00e9cessit\u00e9 de voter une somme suppl\u00e9mentaire de 10.000 frs. Difficult\u00e9s insurmontables : celle de faire voter cette somme par des plus hauts contribuables qui \u00e9taient pour la plupart des opposants av\u00e9r\u00e9s de la nouvelle \u00e9glise. Personne ne manque \u00e0 la mairie cette r\u00e9union et il y eut un d\u00e9bat si violent que l&rsquo;on se retira sans avoir rien d\u00e9cid\u00e9. Les opposants, contribuables et non contribuables parmi lesquels la famille Dupont,- le petit Dequesne,-Anse Bombl\u00e9,- Victor Montay,- Alexandre Delcourte Edouard Debruge,.;- Christophe dit \u00ab\u00a0l&rsquo;homme des Bois\u00a0\u00bb-Adolphe Heuclin,-formulent une demande \u00e0 l&rsquo;adresse du sous-pr\u00e9fet aupr\u00e8s de qui ils sollicitent le rejet du projet de construction de l&rsquo;\u00e9glise. Monsieur le sous-pr\u00e9fet n&rsquo;agr\u00e9e pas leur d\u00e9marche. Ifs ne se tiennent pas pour battus. Ils se r\u00e9unissent, en conciliabules, et lancent une p\u00e9tition demandant que l&rsquo;\u00e9glise soit construite au sein du village. Une commission d&rsquo;enqu\u00eate est nomm\u00e9e compos\u00e9e de Monsieur Rouez, maire de Solre-le-Ch\u00e2teau, monsieur Gobled, maire de Dimont et Monsieur Lefranc maire de Dimechaux. Ils se r\u00e9unissent \u00e0 la mairie de Sars les 19 et 26 octobre et se tiennent \u00e0 la disposition des habitants.<\/p>\n\n\n\n<p>\u00ab\u00a0Les dispositions en faveur de l&rsquo;ancien emplacement ont fait valoir deux raisons principales :<br>1) respecter la cendre de leurs anc\u00eatres en l&rsquo;abri sous la nouvelle \u00e9glise                    2 )maintenir le droit acquis de possession par tous Les habitants de l&rsquo;ancien Sars.<\/p>\n\n\n\n<p> Ces motifs sont sp\u00e9cialement pr\u00e9sent\u00e9s par le sieur Narcisse Bock. Les d\u00e9positions opposantes protestent contre la reconstruction actuelle de l&rsquo;\u00e9glise et surtout contre son maintien \u00e0 l&#8217;emplacement actuel faisant valoir que d&rsquo;abord il n&rsquo;y a pas d&rsquo;urgence, car r\u00e9cemment des travaux importants et co\u00fbteux ont \u00e9t\u00e9 faits \u00e0 l&rsquo;\u00e9glise qui peut encore tenir des ann\u00e9es, qu&rsquo;ensuite il est mai venu d&rsquo;augmenter les contributions alors que les contribuables sont d\u00e9j\u00e0 accabl\u00e9s de charges de toute nature, qu&rsquo;ensuite l&#8217;emplacement est mal choisi, l&rsquo;\u00e9glise actuelle \u00e9tant d &lsquo;acc\u00e8s difficile entour\u00e9e de granges et d&rsquo;\u00e9curies et trop loin de la gare, qui va se construire et constituer un nouveau centre de population. <\/p>\n\n\n\n<p>\u00ab\u00a0De son c\u00f4t\u00e9 l&rsquo;autorit\u00e9 dioc\u00e9saine n&rsquo;\u00e9tait pas sans pr\u00eater une oreille attentive \u00e0 ces \u00e9v\u00e8nements\u00a0\u00bb Elle encourage le projet mais laisse le cur\u00e9 Bottiaux seul avec ses probl\u00e8mes. Apres bien des d\u00e9bats et malgr\u00e9 les oppositions diverses, le projet fut accept\u00e9 au conseil \u00e0 la majorit\u00e9 de 7 voix sur 13 membres.<\/p>\n\n\n\n<p>La commune est d&rsquo;avis que la somme de 80 000frs jug\u00e9e n\u00e9cessaire pourrait se r\u00e9partir comme suit :<\/p>\n\n\n\n<ul class=\"wp-block-list\">\n<li>emploi de vieux mat\u00e9riaux 3 000 <\/li>\n\n\n\n<li>subvention de la fabrique    8 000<\/li>\n\n\n\n<li>subvention du d\u00e9partement 3 000<\/li>\n\n\n\n<li>subvention \u00e0 solliciter de l&rsquo;\u00e9tat 12 000<\/li>\n\n\n\n<li>emprunt municipal 25 000<\/li>\n\n\n\n<li>\u00e0 produire par un octroi en 3 ans 29 000<\/li>\n<\/ul>\n\n\n\n<p>Il est donc question de la cr\u00e9ation d&rsquo;un octroi \u00ab\u00a0vu la prosp\u00e9rit\u00e9 inouie de la commune de Sars-Poteries.  En effet le relev\u00e9 de la r\u00e9gie y donne en 1872<br>une consommation de :<\/p>\n\n\n\n<p>&#8211; en alcool 108 hectolitres &#8211; en vin 108 hectolitres &#8212; en bi\u00e8re 12.689 hectolitres<\/p>\n\n\n\n<p>La consommation en gros b\u00e9tail, veaux, moutons, porcs y est au moins \u00e9quivalente sinon sup\u00e9rieure \u00e0 celle de Solre-le-Ch\u00e2teau. Un tarif est pr\u00e9vu inf\u00e9rieur \u00e0 celui de Solre : 3 fr l&rsquo;hectolitre pour l&rsquo;alcool, 1fr 20 pour le vin, 0,70 fr pour la bi\u00e8re, 3 fr pour le gros b\u00e9tail, 1 fr pour le mouton, 0,50 fr pour le veau, 1fr 50 pour le porc, 0,03 pour \u00ab\u00a0viande \u00e0 la main\u00a0\u00bb ce qui produirait 10573 francs.<\/p>\n\n\n\n<p>Le 16 d\u00e9cembre 1873, le Conseil Municipal d\u00e9cide par 9 voix contre 3 abstentions :<\/p>\n\n\n\n<p>1) La construction de I eglise sur l&#8217;emplacement actuel <\/p>\n\n\n\n<p>2) Une augmentation du plan comprenant 40 m de long et 20 de large <\/p>\n\n\n\n<p>3) La cr\u00e9ation d&rsquo;un octroi pour combler la d\u00e9pense<\/p>\n\n\n\n<p>Ces neuf membres favorables  sont MM Maufroid, moire, Maillard adjoint Picavet Desir\u00e9, Picavet Philog\u00e8nee, Boulanger Constant, Leclercq Fran\u00e7ois, Thomas Z\u00e9phir, Boucher Cyrille, Duponchel Adolphe, maitre de verrerie.<\/p>\n\n\n\n<p>Une p\u00e9tition se l\u00e8ve encore: contre l&rsquo;octroi, elle est sign\u00e9e de 418 habitants invoquant la vie ch\u00e8re, des difficult\u00e9s pour l&rsquo;ouvrier de subvenir aux besoins de sa famille, et la possibilit\u00e9 d&rsquo;agrandir l&rsquo;\u00e9glise actuelle pour suffire tous les besoins du culte.<\/p>\n\n\n\n<p>En Avril 1876, les travaux de d\u00e9molition de l&rsquo;ancienne \u00e9glise commencent. On abat un \u00e9norme tilleul qui existait alors un peu \u00e0 gauche des escaliers de l&rsquo;\u00e9glise actuelle. Son tronc \u00e9tait \u00e9norme Eet creux. Il est douteux qu&rsquo;il fut plant\u00e9  \u00e0 la R\u00e9volution comme arbre de libert\u00e9, car on le croyait plus que centenaire. On enterrait plus dans le cimeti\u00e8re depuis 1862, il est alors fouill\u00e9 , travaux de fouilles et de d\u00e9molition sont men\u00e9s par Alexandre Coutelier du champ d&rsquo;Offies. Les ma\u00e7ons commencent les fondations le 15 juin 1876. La charpente est alors termin\u00e9e le 15 janvier 1877. Toutes les pierres bleues taill\u00e9es au fin ciseau proviennent de Soignies ( Belgique ). En octobre 1877 les travaux sont termin\u00e9s . Bien des personnes g\u00e9n\u00e9reuses font de belles offrandes pour l&#8217;embellissement de l&rsquo;\u00e9glise : vitraux, rosaces, tapis, statues, : un don sp\u00e9cial est fait pour la restauration de l&rsquo;ancienne statue de la Vierge, ,autels croix, harmonium et un tr\u00e8s beau lustre offert par la famille Duponchel et r\u00e9alis\u00e9 \u00e0 la Verrerie.<\/p>\n\n\n\n<p>Puis en 1877, on replace fans le clocher, les cloches de l&rsquo;ancienne \u00e9glise. Les deux plus vieilles cloches de cette \u00e9glise avaient \u00e9t\u00e9 enlev\u00e9es pendant les troubles de la R\u00e9volution et l&rsquo;\u00e9glise resta sans cloches jusqu&rsquo;en 1823. A cette  date on mit dans le clocher la plus petite \u00ab\u00a0Christine \u00ab\u00a0. Puis en 1845, la plus grosse qui fut fondue au chemin de Lez-Fontaine. Ces deux cloches furent enlev\u00e9es de la nouvelle \u00e9glise par les allemands en 1917 et l&rsquo;\u00e9glise resta sans cloches jusqu&rsquo;en 1922.<\/p>\n\n\n\n<p>Source du texte : Annette Delmotte : essor industriel et vie \u00e0 Sars-Poteries au XIX e si\u00e8cle Octobre 1973 Universit\u00e9 Lille III.<\/p>\n\n\n\n<p class=\"has-text-align-center\">***<\/p>\n\n\n\n<p>Les \u00e9coles :<\/p>\n\n\n\n<p>Le 2 septembre 1831 Mme Vve Willemart, n\u00e9e Domitille Contesse ouvre une \u00e9cole libre de filles. En 1843 l&rsquo;\u00e9cole re\u00e7oit les enfants des deux sexes de 3 \u00e0 7 ans, et une partie du b\u00e2timent est transform\u00e9 en garderie et en asile. Un rapport de 1847 n&rsquo;est gu\u00e8re \u00e9logieux envers la directrice d&rsquo;\u00e9cole qui indique \u00ab que son \u00e9cole est plut\u00f4t une salle d&rsquo;asile qu&rsquo;une \u00e9cole de filles car elle est loin de poss\u00e9der les connaissances \u00e9l\u00e9mentaires pour l&rsquo;instruction primaire\u00a0\u00bb. (ADN 1 T 89 dossier 76). Le 4 juin 1849 une \u00e9cole des filles est ouverte et dirig\u00e9e par Mlle Franchois. Elle exerce jusqu&rsquo;en 1866. Elle est ensuite remplac\u00e9e par Melle Tholbecq jusqu&rsquo;en 1878 et par Melle Dubois de 1878 \u00e0 1880.<\/p>\n\n\n<div class=\"wp-block-image\">\n<figure class=\"aligncenter size-large\"><img data-recalc-dims=\"1\" loading=\"lazy\" decoding=\"async\" width=\"806\" height=\"606\" data-attachment-id=\"11886\" data-permalink=\"http:\/\/patrimoine-avesnois.fr\/chemin\/sars-poteries\/image-4-4\/\" data-orig-file=\"https:\/\/i0.wp.com\/patrimoine-avesnois.fr\/chemin\/wp-content\/uploads\/2021\/03\/image-4.png?fit=806%2C606\" data-orig-size=\"806,606\" data-comments-opened=\"1\" data-image-meta=\"{&quot;aperture&quot;:&quot;0&quot;,&quot;credit&quot;:&quot;&quot;,&quot;camera&quot;:&quot;&quot;,&quot;caption&quot;:&quot;&quot;,&quot;created_timestamp&quot;:&quot;0&quot;,&quot;copyright&quot;:&quot;&quot;,&quot;focal_length&quot;:&quot;0&quot;,&quot;iso&quot;:&quot;0&quot;,&quot;shutter_speed&quot;:&quot;0&quot;,&quot;title&quot;:&quot;&quot;,&quot;orientation&quot;:&quot;0&quot;}\" data-image-title=\"image-4\" data-image-description=\"\" data-image-caption=\"\" data-large-file=\"https:\/\/i0.wp.com\/patrimoine-avesnois.fr\/chemin\/wp-content\/uploads\/2021\/03\/image-4.png?fit=806%2C606\" src=\"https:\/\/i0.wp.com\/patrimoine-avesnois.fr\/chemin\/wp-content\/uploads\/2021\/03\/image-4.png?resize=806%2C606\" alt=\"\" class=\"wp-image-11886\" srcset=\"https:\/\/i0.wp.com\/patrimoine-avesnois.fr\/chemin\/wp-content\/uploads\/2021\/03\/image-4.png?w=806 806w, https:\/\/i0.wp.com\/patrimoine-avesnois.fr\/chemin\/wp-content\/uploads\/2021\/03\/image-4.png?resize=300%2C226 300w, https:\/\/i0.wp.com\/patrimoine-avesnois.fr\/chemin\/wp-content\/uploads\/2021\/03\/image-4.png?resize=768%2C577 768w\" sizes=\"auto, (max-width: 806px) 85vw, 806px\" \/><figcaption class=\"wp-element-caption\">Ecole des Gar\u00e7ons et des filles construite en 1853<\/figcaption><\/figure>\n<\/div>\n\n\n<p>En 1852 commence la construction d&rsquo;une nouvelle \u00e9cole coup\u00e9e par moiti\u00e9 : \u00e9cole des filles, \u00e9cole des gar\u00e7ons avec logement d&rsquo;instituteur et logement d&rsquo;institutrice. Au dessus de la classe des gar\u00e7ons se trouve la mairie et la salle des archives. C&rsquo;est un beau b\u00e2timent en briques surmont\u00e9 d&rsquo;un clocheton. Malheureusement la moiti\u00e9 a \u00e9t\u00e9 d\u00e9molie vers 1937 et remplac\u00e9e par une salle des f\u00eates jamais achev\u00e9e.<\/p>\n\n\n<div class=\"wp-block-image\">\n<figure class=\"aligncenter\"><img data-recalc-dims=\"1\" decoding=\"async\" src=\"https:\/\/i0.wp.com\/patrimoine-avesnois.fr\/chemin\/wp-content\/uploads\/2021\/03\/image-3.png?w=840\" alt=\"L\u2019attribut alt de cette image est vide, son nom de fichier est image-3.png.\"\/><figcaption class=\"wp-element-caption\"><em>L&rsquo;ancienne \u00e9cole des filles qui se trouve derri\u00e8re le Monument aux Morts construite en 1880<\/em><\/figcaption><\/figure>\n<\/div>\n\n\n<p>En 1880 ces classes devenant trop exigu\u00ebs une \u00e9cole de filles est construite. La Directrice est Mme Josse Fontignies de 1880 \u00e0 1906 puis Mlles Marthe et Pierchon jusqu&rsquo;en 1917.<\/p>\n\n\n<div class=\"wp-block-image\">\n<figure class=\"aligncenter size-large\"><img data-recalc-dims=\"1\" loading=\"lazy\" decoding=\"async\" width=\"652\" height=\"466\" data-attachment-id=\"11888\" data-permalink=\"http:\/\/patrimoine-avesnois.fr\/chemin\/sars-poteries\/image-5-4\/\" data-orig-file=\"https:\/\/i0.wp.com\/patrimoine-avesnois.fr\/chemin\/wp-content\/uploads\/2021\/03\/image-5.png?fit=652%2C466\" data-orig-size=\"652,466\" data-comments-opened=\"1\" data-image-meta=\"{&quot;aperture&quot;:&quot;0&quot;,&quot;credit&quot;:&quot;&quot;,&quot;camera&quot;:&quot;&quot;,&quot;caption&quot;:&quot;&quot;,&quot;created_timestamp&quot;:&quot;0&quot;,&quot;copyright&quot;:&quot;&quot;,&quot;focal_length&quot;:&quot;0&quot;,&quot;iso&quot;:&quot;0&quot;,&quot;shutter_speed&quot;:&quot;0&quot;,&quot;title&quot;:&quot;&quot;,&quot;orientation&quot;:&quot;0&quot;}\" data-image-title=\"image-5\" data-image-description=\"\" data-image-caption=\"\" data-large-file=\"https:\/\/i0.wp.com\/patrimoine-avesnois.fr\/chemin\/wp-content\/uploads\/2021\/03\/image-5.png?fit=652%2C466\" src=\"https:\/\/i0.wp.com\/patrimoine-avesnois.fr\/chemin\/wp-content\/uploads\/2021\/03\/image-5.png?resize=652%2C466\" alt=\"\" class=\"wp-image-11888\" srcset=\"https:\/\/i0.wp.com\/patrimoine-avesnois.fr\/chemin\/wp-content\/uploads\/2021\/03\/image-5.png?w=652 652w, https:\/\/i0.wp.com\/patrimoine-avesnois.fr\/chemin\/wp-content\/uploads\/2021\/03\/image-5.png?resize=300%2C214 300w\" sizes=\"auto, (max-width: 652px) 85vw, 652px\" \/><figcaption class=\"wp-element-caption\">Ecole primaire 16 Rue Louis Pasteur<\/figcaption><\/figure>\n<\/div>\n\n\n<p>En 1907 une \u00e9cole de gar\u00e7ons est construite avec un don de Mme Vve Gh\u00e9ler Baudouin. Celle-ci est originaire du village. \u00ab Apr\u00e8s une enfance pass\u00e9e au lieu-dit \u00ab\u00a0Les Quarante Raisi\u00e8res\u00a0\u00bb o\u00f9 elle apprend \u00e0 g\u00e2cher l&rsquo;argile \u00e0 la briqueterie de son p\u00e8re, tout en continuant \u00e0 s&rsquo;instruire, elle quitte Sars-Poteries pour Paris. Passionn\u00e9e de m\u00e9decine elle suit les cours de clinique m\u00e9dicale aupr\u00e8s de grands professeurs et par faveur toute sp\u00e9ciale des H\u00f4pitaux obtient la permission d&rsquo;op\u00e9rer. Elle \u00e9pouse M Gheler qui, ayant refus\u00e9 de pr\u00eater serment \u00e0 l&rsquo;Empire exig\u00e9 des imprimeurs, perd ainsi sa licence de libraire \u00e9diteur et connait la ruine et l&rsquo;exil. Elle le suit au V\u00e9n\u00e9zuela o\u00f9 elle enseigne et exerce pendant 15, faisant fortune. De retour en France, elle devient professeur de l&rsquo;association Polytechnique o\u00f9 elle cotoie des hommes illustres : Paul Bert, Arrago, Jules Ferry, Gambetta, Carnot etc . Mais elle reste attach\u00e9e \u00e0 son pays d&rsquo;origine pour qui sa g\u00e9n\u00e9rosit\u00e9 est immense. L&rsquo;\u00e9cole porte son nom\u00a0\u00bb (Annette Delmotte).<\/p>\n\n\n\n<p class=\"has-text-align-center\">***<\/p>\n\n\n<div class=\"wp-block-image\">\n<figure class=\"aligncenter\"><img decoding=\"async\" src=\"http:\/\/i0.wp.com\/www.calvaires-avesnois.fr\/wp-content\/uploads\/2016\/09\/Sars-Poteries_Nord_Fr_calvaire-oratoire.jpg?resize=423%2C564\" alt=\"Le calvaire de Sars Poteries, rue Pasteur lieu dit &quot;le Marquais&quot;\" class=\"wp-image-1178\"\/><figcaption class=\"wp-element-caption\">Le calvaire de Sars Poteries, rue Pasteur lieu dit \u00ab&nbsp;le Marquais&nbsp;\u00bb<\/figcaption><\/figure>\n<\/div>\n\n\n<p>Devant la pierre d\u2019autel, on peut lire la date : 1752 JHS<br>et \u00ab&nbsp;CETTE MORT SACREE DONNE LA VIE&nbsp;\u00bb<\/p>\n\n\n<div class=\"wp-block-image\">\n<figure class=\"aligncenter\"><img decoding=\"async\" src=\"http:\/\/i1.wp.com\/www.calvaires-avesnois.fr\/wp-content\/uploads\/2016\/09\/Nouvelle-image-1-23.png?resize=423%2C455\" alt=\"Les statues du calvaire ont \u00e9t\u00e9 plac\u00e9es en lieu s\u00fbr.\" class=\"wp-image-652\"\/><figcaption class=\"wp-element-caption\">Les statues du calvaire ont \u00e9t\u00e9 plac\u00e9es en lieu s\u00fbr.<\/figcaption><\/figure>\n<\/div>\n\n<div class=\"wp-block-image\">\n<figure class=\"aligncenter\"><img decoding=\"async\" data-attachment-id=\"853\" data-permalink=\"http:\/\/patrimoine-avesnois.fr\/chemin\/dompierre-sur-helpe\/image-164\/\" data-orig-file=\"https:\/\/i0.wp.com\/patrimoine-avesnois.fr\/chemin\/wp-content\/uploads\/2019\/04\/image-142.png?fit=905%2C635\" data-orig-size=\"905,635\" data-comments-opened=\"1\" data-image-meta=\"{&quot;aperture&quot;:&quot;0&quot;,&quot;credit&quot;:&quot;&quot;,&quot;camera&quot;:&quot;&quot;,&quot;caption&quot;:&quot;&quot;,&quot;created_timestamp&quot;:&quot;0&quot;,&quot;copyright&quot;:&quot;&quot;,&quot;focal_length&quot;:&quot;0&quot;,&quot;iso&quot;:&quot;0&quot;,&quot;shutter_speed&quot;:&quot;0&quot;,&quot;title&quot;:&quot;&quot;,&quot;orientation&quot;:&quot;0&quot;}\" data-image-title=\"image\" data-image-description=\"\" data-image-caption=\"\" data-large-file=\"https:\/\/i0.wp.com\/patrimoine-avesnois.fr\/chemin\/wp-content\/uploads\/2019\/04\/image-142.png?fit=840%2C589\" src=\"http:\/\/i1.wp.com\/www.calvaires-avesnois.fr\/wp-content\/uploads\/2016\/09\/Nouvelle-image-1-71.png?resize=795%2C493\" alt=\"Calvaire sur le cadastre de 1829 Section A 373\" class=\"wp-image-853\"\/><figcaption class=\"wp-element-caption\">Calvaire sur le cadastre de 1829 Section A 373<\/figcaption><\/figure>\n<\/div>\n\n<div class=\"wp-block-image\">\n<figure class=\"aligncenter\"><img decoding=\"async\" src=\"http:\/\/i0.wp.com\/www.calvaires-avesnois.fr\/wp-content\/uploads\/2016\/09\/Capturer-10.jpg?resize=795%2C294\" alt=\"section A 1373 qui indique comme propri\u00e9taire Alexandre GIBON \" class=\"wp-image-854\"\/><figcaption class=\"wp-element-caption\">section A 373 qui indique comme propri\u00e9taire Alexandre GIBON<\/figcaption><\/figure>\n<\/div>\n\n\n<p class=\"has-text-align-center\">***<\/p>\n\n\n<div class=\"wp-block-image\">\n<figure class=\"aligncenter\"><img data-recalc-dims=\"1\" decoding=\"async\" src=\"https:\/\/i0.wp.com\/oratoiresetchapelles-avesnois.fr\/wp-content\/uploads\/2016\/12\/Sars-Poteries-Copie.jpg?w=840\" alt=\"\"\/><figcaption class=\"wp-element-caption\"><a href=\"http:\/\/oratoiresetchapelles-avesnois.fr\/sars-poteries\/\" target=\"_blank\" rel=\"noreferrer noopener\" aria-label=\"6 oratoires et 3 chapelles (opens in a new tab)\">6 oratoires et 3 chapelles<\/a><\/figcaption><\/figure>\n<\/div>\n\n\n<p class=\"has-text-align-center\">***<\/p>\n\n\n<div class=\"wp-block-image\">\n<figure class=\"aligncenter\"><img data-recalc-dims=\"1\" loading=\"lazy\" decoding=\"async\" width=\"434\" height=\"579\" data-attachment-id=\"7076\" data-permalink=\"http:\/\/patrimoine-avesnois.fr\/chemin\/sars-poteries\/lavoir-2\/\" data-orig-file=\"https:\/\/i0.wp.com\/patrimoine-avesnois.fr\/chemin\/wp-content\/uploads\/2019\/07\/lavoir.jpg?fit=434%2C579\" data-orig-size=\"434,579\" data-comments-opened=\"1\" data-image-meta=\"{&quot;aperture&quot;:&quot;0&quot;,&quot;credit&quot;:&quot;CARRE&quot;,&quot;camera&quot;:&quot;&quot;,&quot;caption&quot;:&quot;&quot;,&quot;created_timestamp&quot;:&quot;1563109878&quot;,&quot;copyright&quot;:&quot;&quot;,&quot;focal_length&quot;:&quot;0&quot;,&quot;iso&quot;:&quot;0&quot;,&quot;shutter_speed&quot;:&quot;0&quot;,&quot;title&quot;:&quot;&quot;,&quot;orientation&quot;:&quot;0&quot;}\" data-image-title=\"lavoir\" data-image-description=\"\" data-image-caption=\"\" data-large-file=\"https:\/\/i0.wp.com\/patrimoine-avesnois.fr\/chemin\/wp-content\/uploads\/2019\/07\/lavoir.jpg?fit=434%2C579\" src=\"https:\/\/i0.wp.com\/patrimoine-avesnois.fr\/chemin\/wp-content\/uploads\/2019\/07\/lavoir.jpg?resize=434%2C579\" alt=\"\" class=\"wp-image-7076\" srcset=\"https:\/\/i0.wp.com\/patrimoine-avesnois.fr\/chemin\/wp-content\/uploads\/2019\/07\/lavoir.jpg?w=434 434w, https:\/\/i0.wp.com\/patrimoine-avesnois.fr\/chemin\/wp-content\/uploads\/2019\/07\/lavoir.jpg?resize=225%2C300 225w\" sizes=\"auto, (max-width: 434px) 85vw, 434px\" \/><figcaption class=\"wp-element-caption\">Lavoir<\/figcaption><\/figure>\n<\/div>\n\n\n<p class=\"has-text-align-center\">***<\/p>\n\n\n\n<p>Le Moulin de Sars-Poteries :<\/p>\n\n\n<div class=\"wp-block-image\">\n<figure class=\"aligncenter is-resized\"><img data-recalc-dims=\"1\" decoding=\"async\" src=\"https:\/\/i0.wp.com\/www.moulins-avesnois.fr\/wp-content\/uploads\/2018\/10\/Moulin-Sars-Poteries.jpg?w=840\" alt=\"\" style=\"width:612px;height:344px\"\/><figcaption class=\"wp-element-caption\">le Moulin Delmotte<\/figcaption><\/figure>\n<\/div>\n\n\n<p>Charles Montay et Marie Louise Tricot font construire un moulin \u00e0 deux tournants au lieu-dit \u00ab&nbsp;Pr\u00e8s des Crayaux&nbsp;\u00bb en 1790 sur le ruisseau du Moulin ou ruisseau du Stordoir.<\/p>\n\n\n\n<p>Leurs h\u00e9ritiers vendent le moulin \u00e0 leur fr\u00e8re Isidore le 20 mai 1813 qui meurt le 16 novembre 1831. Sa veuve Aime-Th\u00e9r\u00e8se Provoyeur et ses enfants le c\u00e8dent \u00e0 Pierre-Joseph Wiart propri\u00e9taire \u00e0 Liessies \u00e9poux de Marie-Marguerite Petit le 26 janvier 1832. Le moulin est lou\u00e9 \u00e0 Parmentier le 8 f\u00e9vrier 1832 puis \u00e0 Xavier Richet le 16 avril 1844. Pascal Montay fils d\u2019Isidore le loue \u00e0 partir du 1<sup>er<\/sup>&nbsp;Janvier 1847.<\/p>\n\n\n\n<p>Ludivine Wiart (1811 1862) fille du couple Wiart Petit h\u00e9rite du moulin en 1837. Son \u00e9poux &nbsp;Xavier-Antoine Richet qui est le meunier du lieu fait le 15 F\u00e9vrier 1862 une demande de r\u00e9gularisation de son moulin qui est r\u00e9glement\u00e9 le 28 mars 1863. Un d\u00e9versoir a \u00e9t\u00e9 construit et les deux roues par-dessus, l\u2019une d\u2019un diam\u00e8tre de 2,936 m et l\u2019autre 2,666 m, actionnent chacune une paire de meules.<\/p>\n\n\n\n<p>Le moulin est acquis pour 4\/5 e par Alexandre-Prosper-Am\u00e9d\u00e9e Richet, \u00e9poux de Zelmire Thomas en 1882. Le 20 avril 1899, l\u2019ing\u00e9nieur se rend au moulin pour remettre le rep\u00e8re qui \u00e9tait tomb\u00e9 dans le fond du bief.<\/p>\n\n\n\n<p>Le 5 avril 1903, le moulin est acquis par le fils Albert Richet. Il y travaille pendant 25 ans et \u00e9change les deux roues par une seule en bois et en fer. D\u00e8s 1920, il ne produit plus de farine mais de la mouture de c\u00e9r\u00e9ales secondaires pour l\u2019alimentation animale. Il transforme la grange en silos \u00e0 grains.<\/p>\n\n\n\n<p>Son gendre, Arthur Delmotte, de Ferri\u00e8re-la-Grande ach\u00e8te le moulin le 7 mars 1928. Il d\u00e9monte en 1958 la roue pour cause de v\u00e9tust\u00e9 et la substitue par une turbine \u00e0 axe vertical qui actionne trois paires de meules. Il installe en 1961 un appareil de broyage moderne.<\/p>\n\n\n\n<p>Arthur Delmotte, malade, meurt le 13 f\u00e9vrier 1964, apr\u00e8s l\u2019arr\u00eat du moulin le 30 juillet 1963.<\/p>\n\n\n\n<p>A partir de 1972, le moulin est ouvert au public car il est l\u2019un des tr\u00e8s rares \u00e0 avoir conserv\u00e9 ses meules en parfait \u00e9tat.<\/p>\n\n\n\n<p>En 1982 gr\u00e2ce au concours de l\u2019ARAM qui a su obtenir des subventions la toiture des b\u00e2timents est refaite.<\/p>\n\n\n\n<p>La veuve d\u2019Arthur Delmotte, Berthe Richet en est propri\u00e9taire jusqu\u2019\u00e0 sa mort survenue le 11 avril 1994 \u00e0 l\u2019\u00e2ge de 89 ans. Une de leurs deux filles, Annette, demeure au moulin, organise des expositions et raconte l\u2019histoire de son moulin comme nulle autre. Elle y d\u00e9c\u00e8de le 25 avril 2014. L\u2019Avesnois a perdu une forte et belle personnalit\u00e9.<\/p>\n\n\n\n<p class=\"has-text-align-center\">***<\/p>\n\n\n\n<p>Le Stordoir compte \u00e0 Sars-Poteries un affluent qui a port\u00e9 \u00e0 travers le temps diff\u00e9rents noms&nbsp;: le ruisseau du Courtemain, du Baty et de nos jours du Lepet. D\u2019amont en aval, il faisait mouvoir en 1873 une brasserie et une verrerie d\u00e8s 1802.<\/p>\n\n\n\n<p>La brasserie du Baty<\/p>\n\n\n\n<figure class=\"wp-block-image\"><img data-recalc-dims=\"1\" decoding=\"async\" src=\"https:\/\/i0.wp.com\/www.moulins-avesnois.fr\/wp-content\/uploads\/2018\/10\/Brasserie-Sars-Poteries.jpg?w=840\" alt=\"\" class=\"wp-image-753\"\/><figcaption class=\"wp-element-caption\">La Brasserie du B\u00e2ti de Sars-Poteries<\/figcaption><\/figure>\n\n\n\n<p>Emile Hazard, propri\u00e9taire \u00e0 Beugnies, sollicite le 12 mars 1873 l\u2019autorisation de pouvoir \u00e9riger une brasserie sur le territoire de Sars-Poteries section A sous les n\u00b0 803 et 804, et qui serait exploit\u00e9e au moyen d\u2019une roue hydraulique mue par le ruisseau du Baty.<\/p>\n\n\n\n<p>La demande est envoy\u00e9e \u00e0 l\u2019ing\u00e9nieur en chef le 26 mars pour instruction. Une premi\u00e8re enqu\u00eate est ouverte du 4 au 29 avril, \u00e0 Sars-Poteries dont le maire donne son assentiment, et du 4 au 25 mai \u00e0 Beugnies o\u00f9 elle obtient aussi l\u2019accord du maire. Le sous-pr\u00e9fet valide le projet le 31 mai. La visite des lieux se tient le 26 juillet. Cependant le 13 ao\u00fbt, l\u2019ing\u00e9nieur en chef ne valide pas le rapport de l\u2019ing\u00e9nieur, ne le trouvant pas conforme \u00e0 la circulaire du 23 octobre 1851. Une deuxi\u00e8me enqu\u00eate se tient du 7 septembre au 25 d\u00e9cembre. Elle ne fait l\u2019objet d\u2019aucune opposition. Emile Hazard est alors autoris\u00e9 \u00e0 construire la brasserie par arr\u00eat\u00e9 pr\u00e9fectoral du 14 janvier 1874. Le proc\u00e8s-verbal de recollement a lieu le 5 f\u00e9vrier 1876&nbsp;: les travaux sont ex\u00e9cut\u00e9s sauf le d\u00e9versoir.<\/p>\n\n\n\n<p>Emile Hazard y fait de la bi\u00e8re jusqu\u2019en 1914, date \u00e0 laquelle la brasserie est d\u00e9mont\u00e9e par les Allemands en vue de r\u00e9cup\u00e9rer le cuivre. Maurice Durieux la rach\u00e8te apr\u00e8s la guerre et en fait un moulin \u00e0 grains en 1920 jusqu\u2019en 1930, date de son d\u00e9c\u00e8s. Sa fille Yvonne \u00e9pouse Maufroid en h\u00e9rite puis son fils Jean.<\/p>\n\n\n\n<p class=\"has-text-align-center\">***<\/p>\n\n\n\n<p>Pour information la liste des patentes du village du 21 d\u00e9cembre 1822 nous indique que (Andr\u00e9) Paul Dubois est brasseur.  Il vient de fonder la brasserie d&rsquo;En Bas. Ses successeurs :  Constantin Thomas (son gendre), Z\u00e9phir Thomas fils de Constantin mari\u00e9 \u00e0 Cl\u00e9mence Huftier, Huftier-Thomas, Thomas Fr\u00e8res L\u00e9on et Pol (L\u00e9on 1874 1925 -Pol 1879 1930) .<\/p>\n\n\n\n<p>La brasserie du centre est fond\u00e9e par Dupont Victor et Sirot Alexandrine. Leurs successeurs Bruno Fr\u00e8res Eug\u00e8ne et Jules (en 1849 une m\u00e9daille d&rsquo;argent grand mod\u00e8le est accord\u00e9e pour la bonne tenue de l&rsquo; exploitation de M Bruno).<\/p>\n\n\n\n<p>Pour 1877 nous trouvons 3 brasseurs : Hazard, Bruno et Thomas.<\/p>\n\n\n\n<p class=\"has-text-align-center\">***<\/p>\n\n\n<div class=\"wp-block-image\">\n<figure class=\"aligncenter size-full is-resized\"><img data-recalc-dims=\"1\" loading=\"lazy\" decoding=\"async\" width=\"840\" height=\"594\" data-attachment-id=\"11882\" data-permalink=\"http:\/\/patrimoine-avesnois.fr\/chemin\/sars-poteries\/image-2-5\/\" data-orig-file=\"https:\/\/i0.wp.com\/patrimoine-avesnois.fr\/chemin\/wp-content\/uploads\/2021\/03\/image-2.png?fit=855%2C605\" data-orig-size=\"855,605\" data-comments-opened=\"1\" data-image-meta=\"{&quot;aperture&quot;:&quot;0&quot;,&quot;credit&quot;:&quot;&quot;,&quot;camera&quot;:&quot;&quot;,&quot;caption&quot;:&quot;&quot;,&quot;created_timestamp&quot;:&quot;0&quot;,&quot;copyright&quot;:&quot;&quot;,&quot;focal_length&quot;:&quot;0&quot;,&quot;iso&quot;:&quot;0&quot;,&quot;shutter_speed&quot;:&quot;0&quot;,&quot;title&quot;:&quot;&quot;,&quot;orientation&quot;:&quot;0&quot;}\" data-image-title=\"image-2\" data-image-description=\"\" data-image-caption=\"\" data-large-file=\"https:\/\/i0.wp.com\/patrimoine-avesnois.fr\/chemin\/wp-content\/uploads\/2021\/03\/image-2.png?fit=840%2C594\" src=\"https:\/\/i0.wp.com\/patrimoine-avesnois.fr\/chemin\/wp-content\/uploads\/2021\/03\/image-2.png?resize=840%2C594\" alt=\"\" class=\"wp-image-11882\" style=\"width:679px;height:480px\" srcset=\"https:\/\/i0.wp.com\/patrimoine-avesnois.fr\/chemin\/wp-content\/uploads\/2021\/03\/image-2.png?w=855 855w, https:\/\/i0.wp.com\/patrimoine-avesnois.fr\/chemin\/wp-content\/uploads\/2021\/03\/image-2.png?resize=300%2C212 300w, https:\/\/i0.wp.com\/patrimoine-avesnois.fr\/chemin\/wp-content\/uploads\/2021\/03\/image-2.png?resize=768%2C543 768w\" sizes=\"auto, (max-width: 709px) 85vw, (max-width: 909px) 67vw, (max-width: 1362px) 62vw, 840px\" \/><figcaption class=\"wp-element-caption\">Poterie D\u00e9pret, au Pav\u00e9, vers 1905<\/figcaption><\/figure>\n<\/div>\n\n\n<p>La Poterie<\/p>\n\n\n\n<p>A Sars-Poteries la poterie fut la premi\u00e8re branche du commerce cr\u00e9\u00e9e dans la localit\u00e9. On y fabriquait non seulement de la poterie ordinaire \u00e0 terre rouge appel\u00e9e poterie de terre pour les divers ustensiles de cuisine de l&rsquo;\u00e9poque, mais aussi de la poterie grise ou de gr\u00e8s dont la fabrication ne se faisait qu&rsquo;\u00e0 Sars-Poteries et \u00e0  Ferri\u00e8re-la Petite et qui \u00e9tait destin\u00e9e aux r\u00e9cipients pour les conserves, les salaisons, les laiteries et enfin on y confectionnait des drains, des dalles gaufr\u00e9es, des tuiles et des briques r\u00e9fractaires.<\/p>\n\n\n\n<p>En 1789 dans le village il y avait  pour la poterie de terre 60 maitres-ouvriers et 60 man\u0153uvres qui fabriquaient plus de 200 000 pi\u00e8ces (pots, plats, chaufferettes) alors que l&rsquo;arrondissement d&rsquo;Avesnes comptait 170 maitres-ouvriers et 277 compagnons. <\/p>\n\n\n\n<p>Si la tradition veut que l&rsquo;industrie du gr\u00e8s fut import\u00e9e \u00e0 Sars-Poteries par des potiers de Bouffioulx (village pr\u00e8s de Charleroi), en 1789 le village comptait 5 ateliers avec 84 maitres et 80 man\u0153uvres. Le sel blanc utilis\u00e9 dans la composition de cette poterie provenait de Saint-Omer. En 1789 720 000 pi\u00e8ces \u00e9taient fabriqu\u00e9es (moiti\u00e9 cruches et bouteilles, un quart pots rouges et un quart pots bleus). Ces poteries n&#8217;employaient pour la cuisson que du bois tendre.<\/p>\n\n\n\n<p>Evolution des diff\u00e9rentes poteries de 1802 \u00e0 1900 :<\/p>\n\n\n\n<p>En 1828 quatre poteries : Boucher- Debruges- Maufroy- Willemart.<\/p>\n\n\n\n<p>En 1840 dix sept poteries : Boucher Jean-Boucher Prudent-Buisset Alexis-Buisset Joseph-Buisset Louis-Buisset Willemart-Delecourte-Heuclin-Huftier-Lamblot N-Lamblot Prosper-Leclercq Maufroy Alexandre-Maufroy A- Maufroy Fran\u00e7ois-Maufroy N- Willemart Fran\u00e7ois Fils-Wilemart N<\/p>\n\n\n\n<p>En 1861 vingt deux ateliers de poterie de terre et de gr\u00e8s :<\/p>\n\n\n\n<p>En 1862 six poteries de gr\u00e8s (Vve Boucher-Vve Buisset-Cyrille Henri-Maufroid fr\u00e8res-Willemart C-Willemart F) et douze poteries de terre (Bruy\u00e8re JB-Delcourt C- Delcourt P-Huftier D- Lamblot A-Lamblot J-Lamblot P-Leclercq JB- Maufroid Fr\u00e8res-Maufroid G-Maufroid O- Montinars A).<\/p>\n\n\n\n<p>En 1877 sept poteries de gr\u00e8s (Vve Bouchet-Buisset Drugmanne-Cyrille Henri-Remy-Wilmart C-Wilmart F) et 11 poteries de terre (Delcourt-Huftier-Lamblot A-Lamblot P-Lamblot Tricot-Leclercq-Maine-Maufroid D-Maufroid G- Montinars-Tribout).<\/p>\n\n\n\n<p>En 1893 douze poteries : Buisset-Delcourt-DepretColson- Henri-Lamblot-Lion E-Maillard-Maine-Maufroid-Remy-Tribout-Wilmart.                                            Quatre Tuyaux en gr\u00e8s et saloirs : Buisset Meurisse-Cyrille Henri-Lion-Remy Pierre<\/p>\n\n\n\n<p>En 1896 onze poteries : Buisset-Delcourt-Depret Colson-Henri-Lamblot-Lion- Maine-Maufroid-Remy-Willemart                                                                       Cinq Tuyaux en gr\u00e8s et saloirs : Buisset Meurice-Cyrille Henri-Lion-Remy Pierre-Vve Willemart ( trois tuyaux en gr\u00e8s en 1898 : Heuclin et Cie-Henry-Maillart)<\/p>\n\n\n\n<p>En 1900 dix poteries : Buisset-Delcourt-Depret Colson-Henry-L\u00e9on-Maine-Maufroid-Remy-Tribout-Wilmart                                                                                          Cinq Tuyaux en gr\u00e8s et saloirs : Heuclin et Cie-Lion-Maillard Henry-R\u00e9my Pierre-Vve Willemart.                   <\/p>\n\n\n\n<p>Sources des donn\u00e9es statistiques : Bulletins statistiques du D\u00e9partement du Nord par M Bottin &#8211; Annuaires et annales de l&rsquo;Arrondissement d&rsquo;Avesnes.<\/p>\n\n\n\n<p class=\"has-text-align-center\">***<\/p>\n\n\n\n<p>La Verrerie<\/p>\n\n\n\n<p>La verrerie de Sars-Poteries est cr\u00e9\u00e9e en 1802. A cette date E Delachinal de Douai obtient la permission d&rsquo;\u00e9tablir \u00e0 Sars-Poteries une usine en verre blanc. Une verrerie dite \u00ab\u00a0la Verrerie d&rsquo;En Bas \u00a0\u00bb est \u00e9tablie sur l&#8217;emplacement d&rsquo;une ferme qui appartenait \u00e0 M Picavet qui ali\u00e9na ses biens \u00e0 M Rincheval moyennant une rente. Ce dernier c\u00e9da ensuite le terrain n\u00e9cessaire pour l&rsquo;\u00e9tablissement de la nouvelle verrerie, laquelle fut mise en activit\u00e9  sous la raison sociale \u00ab\u00a0MM Hazard et Cie\u00a0\u00bb. La m\u00eame ann\u00e9e l&rsquo;usine passe \u00e0 M Ren\u00e9 Fran\u00e7ois Dumont, ma\u00eetre de forges \u00e0 Ferri\u00e8re-la-Grande et \u00e0 M Dupire de Valenciennes. <\/p>\n\n\n\n<p>L&rsquo;almanach de l&rsquo;arrondissement d&rsquo;Avesnes en 1828 mentionne comme propri\u00e9taires de la verrerie Mrs Delachinal p\u00e8re, Dupire, Hazard, Hannecart, Mercier et comme directeur M Delachinal fils. En 1841 la verrerie porte le nom de Delachinal et Cie. Vers 1842 1843 M PF Dumont et Mme veuve Dupire y annexent un haut fourneau pour produire de la fonte d&rsquo;affinage. <\/p>\n\n\n\n<p>Le 28 f\u00e9vrier 1853 Pierre-Fran\u00e7ois Dumont \u00e9crit au sous-pr\u00e9fet et demande l\u2019autorisation d\u2019installer une turbine dont l\u2019objet est de faire marcher des tours destin\u00e9s \u00e0 polir le verre. Le 30 juin, l\u2019ing\u00e9nieur ordinaire visite les lieux et les d\u00e9crit&nbsp;: \u00ab&nbsp; La verrerie et le haut-fourneau de Sars-Poteries, appartenant \u00e0 M. Dumont de Ferri\u00e8re sont \u00e9tablis sur la rive gauche d\u2019un cours d\u2019eau nomm\u00e9 ruisseau de Courtemain, form\u00e9 par la r\u00e9union d\u2019un certain nombre de sources provenant des petites vall\u00e9es voisines. Pour le besoin de ces \u00e9tablissements, deux barrages ont \u00e9t\u00e9 \u00e9tablis dans le lit du ruisseau, l\u2019un destin\u00e9 \u00e0 en conduire les eaux par un canal en partie couvert dans quelques ateliers, l\u2019autre, plus en aval, servant \u00e0 donner l\u2019impulsion \u00e0 une turbine correspondant \u00e0 l\u2019atelier des tours et du polissage. Le Sr Dumont n\u2019est pas propri\u00e9taire des deux rives, mais les Srs Wallerand et Buisset, \u00e0 qui appartiennent les prairies formant la rive droite du cours d\u2019eau ont d\u00e9clar\u00e9 consentir \u00e0 l\u2019\u00e9tablissement du barrage de la retenue \u00e0 la condition d\u2019\u00eatre indemnis\u00e9s, le cas \u00e9ch\u00e9ant, des pr\u00e9judices que pourraient leur occasionner la retenue des eaux. La vanne n\u00b0 1 de prise d\u2019eau, a une largeur de un m\u00e8tre dix sept cent. Et rel\u00e8ve le niveau de l\u2019eau d\u2019une hauteur moyenne de quatre-vingt deux centim\u00e8tres. La vanne n\u00b0 2 destin\u00e9e \u00e0 retenir les eaux motrices de la turbine a une largeur de un m\u00e8tre dix neuf centim\u00e8tres et d\u00e9termine une chute que l\u2019on peut estimer en moyenne \u00e0 deux m\u00e8tres soixante quinze centim\u00e8tres&nbsp;\u00bb.<\/p>\n\n\n\n<p>Dans son rapport du 13 juillet, l\u2019ing\u00e9nieur nous apprend que l\u2019usine tourne avec cette turbine depuis 6 mois environ, et qu\u2019en aval \u00e0 552 m\u00e8tres plus bas existe le moulin du Sr Dubois \u00e0 deux tournants, maintenu en activit\u00e9 pendant la plus grande partie de l\u2019ann\u00e9e.<\/p>\n\n\n\n<p>Un arr\u00eat\u00e9 pr\u00e9fectoral du 26 juillet ordonne d\u2019ouvrir l\u2019enqu\u00eate de 20 jours, du 5 au 25 ao\u00fbt. Le 10 ao\u00fbt, Xavier Richet, filateur \u00e0 Fourmies \u00e9crit son opposition et est pr\u00eat \u00e0 les poursuivre devant les tribunaux \u2026 Pascal Montay, meunier du m\u00eame moulin, s\u2019y oppose aussi le 16 ao\u00fbt. Une seconde enqu\u00eate se tient du 15 d\u00e9cembre au 10 janvier 1854. Par son rapport du 24 avril 1854, l\u2019ing\u00e9nieur affirme que les oppositions ne sont pas fond\u00e9es car leur usine n\u2019a aucune existence l\u00e9gale, n\u2019ayant pas fait l\u2019objet d\u2019un r\u00e8glement administratif. C\u2019est certainement pour cette raison que Xavier Richet va demander la r\u00e9glementation de son moulin quelques ann\u00e9es plus tard. Les barrages et la turbine peuvent \u00eatre conserv\u00e9s par arr\u00eat\u00e9 du 3 juin 1854. La turbine fonctionnera jusqu\u2019\u00e0 l\u2019\u00e9lectrification vers 1906. <\/p>\n\n\n\n<p>Entre 1860 et 1862 M Eug\u00e8ne Antoine Imbert-Vanickaut st appel\u00e9 \u00e0 la direction de la verrerie comme associ\u00e9 de M Dumont. En 1865, M Duponchel succ\u00e8de \u00e0 M Dumont d\u00e9c\u00e9d\u00e9 en 1864. Il forme avec M Imbert une nouvelle soci\u00e9t\u00e9 sous la raison sociale : Imbert, Duponchel et Cie. En 1868 M Adolphe Duponchel reste seul propri\u00e9taire de la verrerie d&rsquo;En Bas puis en 1874 son fils Georges. M Imbert fait construire en 1868 \u00ab\u00a0la Verrerie d&rsquo;En haut\u00a0\u00bb qui est mise en activit\u00e9 en octobre 1869 sous la raison sociale MM Imbert et Cie. Son fils Henri Imbert lui succ\u00e8de en 1873.<\/p>\n\n\n\n<p>En 1877, les annales de l&rsquo;arrondissement d&rsquo;Avesnes signale 2 Verreries : Duponchel et Cie &#8211; Imbert et Cie. En 1884 la Soci\u00e9t\u00e9 Imbert et Cie d\u00e9tient les deux verreries. En 1896, les deux verreries appartiennent \u00e0 la Soci\u00e9t\u00e9 Anonyme des Verreries R\u00e9unies qui occupe 800 ouvriers (100 en 1802). Son directeur en 1900 est M Gunziger qui vient de remplacer M Kinable. <\/p>\n\n\n\n<p>Les deux verreries connaissent une activit\u00e9 tr\u00e8s importante mais ferment cependant leurs portes en 1937 occupant alors encore 540 ouvriers. Elles sont  vendues \u00e0 un fabricant d\u2019engrais puis \u00e0 une entreprise de construction m\u00e9canique qui ferme en 1960.<\/p>\n\n\n\n<p>Source principale : \u00ab\u00a0Essor industriel et vie \u00e0 Sars-Poteries au XIX e si\u00e8cle \u00a0\u00bb Universit\u00e9 Lille III Octobre 1973 Annette Delmotte.<\/p>\n\n\n\n<p class=\"has-text-align-center\">***<\/p>\n\n\n\n<p>Une sucrerie en 1829<\/p>\n\n\n<div class=\"wp-block-image\">\n<figure class=\"aligncenter size-large is-resized\"><img data-recalc-dims=\"1\" loading=\"lazy\" decoding=\"async\" width=\"741\" height=\"556\" data-attachment-id=\"11877\" data-permalink=\"http:\/\/patrimoine-avesnois.fr\/chemin\/sars-poteries\/ferme-de-lepine\/\" data-orig-file=\"https:\/\/i0.wp.com\/patrimoine-avesnois.fr\/chemin\/wp-content\/uploads\/2021\/03\/Ferme-de-lEpine.jpg?fit=741%2C556\" data-orig-size=\"741,556\" data-comments-opened=\"1\" data-image-meta=\"{&quot;aperture&quot;:&quot;0&quot;,&quot;credit&quot;:&quot;fr\\u00e9d\\u00e9ric carr\\u00e9&quot;,&quot;camera&quot;:&quot;&quot;,&quot;caption&quot;:&quot;&quot;,&quot;created_timestamp&quot;:&quot;1615555639&quot;,&quot;copyright&quot;:&quot;&quot;,&quot;focal_length&quot;:&quot;0&quot;,&quot;iso&quot;:&quot;0&quot;,&quot;shutter_speed&quot;:&quot;0&quot;,&quot;title&quot;:&quot;&quot;,&quot;orientation&quot;:&quot;1&quot;}\" data-image-title=\"Ferme-de-lEpine\" data-image-description=\"\" data-image-caption=\"\" data-large-file=\"https:\/\/i0.wp.com\/patrimoine-avesnois.fr\/chemin\/wp-content\/uploads\/2021\/03\/Ferme-de-lEpine.jpg?fit=741%2C556\" src=\"https:\/\/i0.wp.com\/patrimoine-avesnois.fr\/chemin\/wp-content\/uploads\/2021\/03\/Ferme-de-lEpine.jpg?resize=741%2C556\" alt=\"\" class=\"wp-image-11877\" style=\"width:595px;height:446px\" srcset=\"https:\/\/i0.wp.com\/patrimoine-avesnois.fr\/chemin\/wp-content\/uploads\/2021\/03\/Ferme-de-lEpine.jpg?w=741 741w, https:\/\/i0.wp.com\/patrimoine-avesnois.fr\/chemin\/wp-content\/uploads\/2021\/03\/Ferme-de-lEpine.jpg?resize=300%2C225 300w\" sizes=\"auto, (max-width: 741px) 85vw, 741px\" \/><figcaption class=\"wp-element-caption\">Ferme de l&rsquo;Epine<\/figcaption><\/figure>\n<\/div>\n\n\n<p>M Louis Roussel propri\u00e9taire en 1810 de la ferme de l&rsquo;Epine situ\u00e9e sur le d\u00e9frich\u00e9 de la queue de Sars, fit ajouter des b\u00e2timents contigus \u00e0 la ferme, installant ainsi une geni\u00e8vrerie et une sucrerie indig\u00e8ne en 1829, seul \u00e9tablissement de ce genre dans l&rsquo;arrondissement d&rsquo;Avesnes. Cette sucrerie \u00e9tait dirig\u00e9e par M Allieng de Groten de nationalit\u00e9 allemande. Les propri\u00e9taires suivants furent en 1843 Charles Victor Dussart \u00e0 Mons et Alexandre Carennette, notaire \u00e9galement \u00e0 Mons. En 1853 Marie Dopff, femme du baron Blommard \u00e0 Bruxelles \u00e9tait d\u00e9tentrice des lieux. En 1893 les propri\u00e9taires \u00e9taient Jules L\u00e9onard de Cousolre, Jules et Georges Villers de Solre-le-Ch\u00e2teau. <\/p>\n\n\n\n<p class=\"has-text-align-center\">***<\/p>\n\n\n<div class=\"wp-block-image\">\n<figure class=\"aligncenter is-resized\"><img data-recalc-dims=\"1\" loading=\"lazy\" decoding=\"async\" width=\"762\" height=\"588\" data-attachment-id=\"7068\" data-permalink=\"http:\/\/patrimoine-avesnois.fr\/chemin\/sars-poteries\/image-1040\/\" data-orig-file=\"https:\/\/i0.wp.com\/patrimoine-avesnois.fr\/chemin\/wp-content\/uploads\/2019\/07\/image-14.png?fit=762%2C588\" data-orig-size=\"762,588\" data-comments-opened=\"1\" data-image-meta=\"{&quot;aperture&quot;:&quot;0&quot;,&quot;credit&quot;:&quot;&quot;,&quot;camera&quot;:&quot;&quot;,&quot;caption&quot;:&quot;&quot;,&quot;created_timestamp&quot;:&quot;0&quot;,&quot;copyright&quot;:&quot;&quot;,&quot;focal_length&quot;:&quot;0&quot;,&quot;iso&quot;:&quot;0&quot;,&quot;shutter_speed&quot;:&quot;0&quot;,&quot;title&quot;:&quot;&quot;,&quot;orientation&quot;:&quot;0&quot;}\" data-image-title=\"image\" data-image-description=\"\" data-image-caption=\"\" data-large-file=\"https:\/\/i0.wp.com\/patrimoine-avesnois.fr\/chemin\/wp-content\/uploads\/2019\/07\/image-14.png?fit=762%2C588\" src=\"https:\/\/i0.wp.com\/patrimoine-avesnois.fr\/chemin\/wp-content\/uploads\/2019\/07\/image-14.png?resize=762%2C588\" alt=\"\" class=\"wp-image-7068\" style=\"width:572px;height:441px\" srcset=\"https:\/\/i0.wp.com\/patrimoine-avesnois.fr\/chemin\/wp-content\/uploads\/2019\/07\/image-14.png?w=762 762w, https:\/\/i0.wp.com\/patrimoine-avesnois.fr\/chemin\/wp-content\/uploads\/2019\/07\/image-14.png?resize=300%2C231 300w\" sizes=\"auto, (max-width: 762px) 85vw, 762px\" \/><figcaption class=\"wp-element-caption\">L&rsquo;ancienne gare <\/figcaption><\/figure>\n<\/div>\n\n\n<p>1885&nbsp;: le 29 ao\u00fbt 1885, la ligne de chemin de fer Maubeuge-Fourmies fut inaugur\u00e9e. Le trac\u00e9 passait par Rousies, Ferri\u00e8re-la-Grande, Ferri\u00e8re-la-Petite, Sars-Poteries, Solre-le-Ch\u00e2teau, Liessies, Tr\u00e9lon.<\/p>\n\n\n\n<p>1901&nbsp;: ouverture au public de la ligne de chemin de fer <a href=\"https:\/\/fr.wikipedia.org\/wiki\/Ligne_d%27Avesnes_%C3%A0_Sars-Poteries\" target=\"_blank\" rel=\"noreferrer noopener\" aria-label=\" (opens in a new tab)\">Avesnes-sur-Helpe Sars Poteries<\/a>, aujourd&rsquo;hui disparue. <\/p>\n\n\n\n<p class=\"has-text-align-center\">***<\/p>\n\n\n\n<p>LA PIERRE DE DESSUS-BISE :<\/p>\n\n\n<div class=\"wp-block-image\">\n<figure class=\"aligncenter\"><img data-recalc-dims=\"1\" loading=\"lazy\" decoding=\"async\" width=\"840\" height=\"630\" data-attachment-id=\"7069\" data-permalink=\"http:\/\/patrimoine-avesnois.fr\/chemin\/sars-poteries\/menhir\/\" data-orig-file=\"https:\/\/i0.wp.com\/patrimoine-avesnois.fr\/chemin\/wp-content\/uploads\/2019\/07\/menhir.jpg?fit=1010%2C758\" data-orig-size=\"1010,758\" data-comments-opened=\"1\" data-image-meta=\"{&quot;aperture&quot;:&quot;0&quot;,&quot;credit&quot;:&quot;CARRE&quot;,&quot;camera&quot;:&quot;&quot;,&quot;caption&quot;:&quot;&quot;,&quot;created_timestamp&quot;:&quot;1563105032&quot;,&quot;copyright&quot;:&quot;&quot;,&quot;focal_length&quot;:&quot;0&quot;,&quot;iso&quot;:&quot;0&quot;,&quot;shutter_speed&quot;:&quot;0&quot;,&quot;title&quot;:&quot;&quot;,&quot;orientation&quot;:&quot;1&quot;}\" data-image-title=\"menhir\" data-image-description=\"\" data-image-caption=\"\" data-large-file=\"https:\/\/i0.wp.com\/patrimoine-avesnois.fr\/chemin\/wp-content\/uploads\/2019\/07\/menhir.jpg?fit=840%2C630\" src=\"https:\/\/i0.wp.com\/patrimoine-avesnois.fr\/chemin\/wp-content\/uploads\/2019\/07\/menhir.jpg?resize=840%2C630\" alt=\"\" class=\"wp-image-7069\" srcset=\"https:\/\/i0.wp.com\/patrimoine-avesnois.fr\/chemin\/wp-content\/uploads\/2019\/07\/menhir.jpg?w=1010 1010w, https:\/\/i0.wp.com\/patrimoine-avesnois.fr\/chemin\/wp-content\/uploads\/2019\/07\/menhir.jpg?resize=300%2C225 300w, https:\/\/i0.wp.com\/patrimoine-avesnois.fr\/chemin\/wp-content\/uploads\/2019\/07\/menhir.jpg?resize=768%2C576 768w\" sizes=\"auto, (max-width: 709px) 85vw, (max-width: 909px) 67vw, (max-width: 1362px) 62vw, 840px\" \/><figcaption class=\"wp-element-caption\">Menhir dit La Pierre de Dessus-Bise (MH)<\/figcaption><\/figure>\n<\/div>\n\n\n<p>Ce monolithe se trouve sur la Place du Vieux-March\u00e9. C&rsquo;est un gr\u00e8s land\u00e9nien de forme conique de 1.5 m de haut avec un diam\u00e8tre de 2.80 m \u00e0 la base et 0.70 m au sommet. Cette pierre a \u00e9t\u00e9 vraisemblablement un menhir de l&rsquo;\u00e9poque gauloise. elle aurait servi de pilori pendant le moyen \u00e2ge. on remarque au sommet un trou carr\u00e9 qui aurait \u00e9t\u00e9 taill\u00e9 pour y placer un drapeau de la jeunesse au temps de la ducasse, et cela d\u00e8s avant la R\u00e9volution. Une tradition folklorique veut que les femmes st\u00e9riles qui vont s&rsquo;asseoir sur cette pierre, deviennent f\u00e9condes.<\/p>\n\n\n\n<p>LES POTERIES LEMPEREUR ET MAINE<\/p>\n\n\n<div class=\"wp-block-image\">\n<figure class=\"aligncenter is-resized\"><img data-recalc-dims=\"1\" decoding=\"async\" src=\"https:\/\/i0.wp.com\/i.ebayimg.com\/images\/g\/m2sAAAzyRAVSyUTr\/s-l1600.jpg?w=840&#038;ssl=1\" alt=\"\" style=\"width:480px;height:640px\"\/><figcaption class=\"wp-element-caption\">Vase poterie Lempereur<\/figcaption><\/figure>\n<\/div>\n\n<div class=\"wp-block-image\">\n<figure class=\"aligncenter\"><img data-recalc-dims=\"1\" loading=\"lazy\" decoding=\"async\" width=\"472\" height=\"437\" data-attachment-id=\"7089\" data-permalink=\"http:\/\/patrimoine-avesnois.fr\/chemin\/sars-poteries\/image-1046\/\" data-orig-file=\"https:\/\/i0.wp.com\/patrimoine-avesnois.fr\/chemin\/wp-content\/uploads\/2019\/07\/image-20.png?fit=472%2C437\" data-orig-size=\"472,437\" data-comments-opened=\"1\" data-image-meta=\"{&quot;aperture&quot;:&quot;0&quot;,&quot;credit&quot;:&quot;&quot;,&quot;camera&quot;:&quot;&quot;,&quot;caption&quot;:&quot;&quot;,&quot;created_timestamp&quot;:&quot;0&quot;,&quot;copyright&quot;:&quot;&quot;,&quot;focal_length&quot;:&quot;0&quot;,&quot;iso&quot;:&quot;0&quot;,&quot;shutter_speed&quot;:&quot;0&quot;,&quot;title&quot;:&quot;&quot;,&quot;orientation&quot;:&quot;0&quot;}\" data-image-title=\"image\" data-image-description=\"\" data-image-caption=\"\" data-large-file=\"https:\/\/i0.wp.com\/patrimoine-avesnois.fr\/chemin\/wp-content\/uploads\/2019\/07\/image-20.png?fit=472%2C437\" src=\"https:\/\/i0.wp.com\/patrimoine-avesnois.fr\/chemin\/wp-content\/uploads\/2019\/07\/image-20.png?resize=472%2C437\" alt=\"\" class=\"wp-image-7089\" srcset=\"https:\/\/i0.wp.com\/patrimoine-avesnois.fr\/chemin\/wp-content\/uploads\/2019\/07\/image-20.png?w=472 472w, https:\/\/i0.wp.com\/patrimoine-avesnois.fr\/chemin\/wp-content\/uploads\/2019\/07\/image-20.png?resize=300%2C278 300w\" sizes=\"auto, (max-width: 472px) 85vw, 472px\" \/><figcaption class=\"wp-element-caption\"><em>Photophore Lempereur 1930 1940 <\/em> <\/figcaption><\/figure>\n<\/div>\n\n<div class=\"wp-block-image\">\n<figure class=\"aligncenter is-resized\"><img data-recalc-dims=\"1\" decoding=\"async\" src=\"https:\/\/i0.wp.com\/i.ebayimg.com\/images\/g\/0f0AAOSw-A9c4U6J\/s-l1600.jpg?w=840&#038;ssl=1\" alt=\"\" style=\"width:596px;height:335px\"\/><figcaption class=\"wp-element-caption\">Service poterie Maine<\/figcaption><\/figure>\n<\/div>\n\n\n<p>La poterie Maine situ\u00e9e au 48 rue jean Imbert a ferm\u00e9 ses portes le 31 mai 2006 <\/p>\n\n\n\n<p class=\"has-text-align-center\">***<\/p>\n\n\n\n<p>LE MUS\u00c9E DU VERRE :<\/p>\n\n\n\n<figure class=\"wp-block-gallery has-nested-images columns-default is-cropped wp-block-gallery-1 is-layout-flex wp-block-gallery-is-layout-flex\">\n<figure class=\"wp-block-image size-large\"><img data-recalc-dims=\"1\" loading=\"lazy\" decoding=\"async\" width=\"300\" height=\"200\" data-attachment-id=\"7071\" data-permalink=\"http:\/\/patrimoine-avesnois.fr\/chemin\/sars-poteries\/2015-09-anciennes-cartes-042\/\" data-orig-file=\"https:\/\/i0.wp.com\/patrimoine-avesnois.fr\/chemin\/wp-content\/uploads\/2019\/07\/2015-09-anciennes-cartes-042.jpg?fit=300%2C200\" data-orig-size=\"300,200\" data-comments-opened=\"1\" data-image-meta=\"{&quot;aperture&quot;:&quot;0&quot;,&quot;credit&quot;:&quot;&quot;,&quot;camera&quot;:&quot;&quot;,&quot;caption&quot;:&quot;&quot;,&quot;created_timestamp&quot;:&quot;0&quot;,&quot;copyright&quot;:&quot;&quot;,&quot;focal_length&quot;:&quot;0&quot;,&quot;iso&quot;:&quot;0&quot;,&quot;shutter_speed&quot;:&quot;0&quot;,&quot;title&quot;:&quot;&quot;,&quot;orientation&quot;:&quot;0&quot;}\" data-image-title=\"2015-09 anciennes cartes &amp;#8211; 042\" data-image-description=\"\" data-image-caption=\"\" data-large-file=\"https:\/\/i0.wp.com\/patrimoine-avesnois.fr\/chemin\/wp-content\/uploads\/2019\/07\/2015-09-anciennes-cartes-042.jpg?fit=300%2C200\" data-id=\"7071\" src=\"https:\/\/i0.wp.com\/patrimoine-avesnois.fr\/chemin\/wp-content\/uploads\/2019\/07\/2015-09-anciennes-cartes-042.jpg?resize=300%2C200&#038;ssl=1\" alt=\"\" class=\"wp-image-7071\"\/><figcaption class=\"wp-element-caption\">Ch\u00e2teau Imbert<\/figcaption><\/figure>\n\n\n\n<figure class=\"wp-block-image size-large\"><img data-recalc-dims=\"1\" loading=\"lazy\" decoding=\"async\" width=\"624\" height=\"468\" data-attachment-id=\"7072\" data-permalink=\"http:\/\/patrimoine-avesnois.fr\/chemin\/sars-poteries\/ancien-musee-du-verre\/\" data-orig-file=\"https:\/\/i0.wp.com\/patrimoine-avesnois.fr\/chemin\/wp-content\/uploads\/2019\/07\/ANCIEN-MUSEE-DU-VERRE.jpg?fit=624%2C468\" data-orig-size=\"624,468\" data-comments-opened=\"1\" data-image-meta=\"{&quot;aperture&quot;:&quot;0&quot;,&quot;credit&quot;:&quot;CARRE&quot;,&quot;camera&quot;:&quot;&quot;,&quot;caption&quot;:&quot;&quot;,&quot;created_timestamp&quot;:&quot;1563107763&quot;,&quot;copyright&quot;:&quot;&quot;,&quot;focal_length&quot;:&quot;0&quot;,&quot;iso&quot;:&quot;0&quot;,&quot;shutter_speed&quot;:&quot;0&quot;,&quot;title&quot;:&quot;&quot;,&quot;orientation&quot;:&quot;0&quot;}\" data-image-title=\"ANCIEN MUSEE DU VERRE\" data-image-description=\"\" data-image-caption=\"\" data-large-file=\"https:\/\/i0.wp.com\/patrimoine-avesnois.fr\/chemin\/wp-content\/uploads\/2019\/07\/ANCIEN-MUSEE-DU-VERRE.jpg?fit=624%2C468\" data-id=\"7072\" src=\"https:\/\/i0.wp.com\/patrimoine-avesnois.fr\/chemin\/wp-content\/uploads\/2019\/07\/ANCIEN-MUSEE-DU-VERRE.jpg?resize=624%2C468&#038;ssl=1\" alt=\"\" class=\"wp-image-7072\" srcset=\"https:\/\/i0.wp.com\/patrimoine-avesnois.fr\/chemin\/wp-content\/uploads\/2019\/07\/ANCIEN-MUSEE-DU-VERRE.jpg?w=624 624w, https:\/\/i0.wp.com\/patrimoine-avesnois.fr\/chemin\/wp-content\/uploads\/2019\/07\/ANCIEN-MUSEE-DU-VERRE.jpg?resize=300%2C225 300w\" sizes=\"auto, (max-width: 624px) 85vw, 624px\" \/><figcaption class=\"wp-element-caption\">Le Mus\u00e9e du verre<\/figcaption><\/figure>\n\n\n\n<figure class=\"wp-block-image size-large\"><img data-recalc-dims=\"1\" loading=\"lazy\" decoding=\"async\" width=\"840\" height=\"629\" data-attachment-id=\"7073\" data-permalink=\"http:\/\/patrimoine-avesnois.fr\/chemin\/sars-poteries\/ancien-musee-du-verre-2\/\" data-orig-file=\"https:\/\/i0.wp.com\/patrimoine-avesnois.fr\/chemin\/wp-content\/uploads\/2019\/07\/Ancien-mus%C3%A9e-du-verre.jpg?fit=1053%2C789\" data-orig-size=\"1053,789\" data-comments-opened=\"1\" data-image-meta=\"{&quot;aperture&quot;:&quot;0&quot;,&quot;credit&quot;:&quot;CARRE&quot;,&quot;camera&quot;:&quot;&quot;,&quot;caption&quot;:&quot;&quot;,&quot;created_timestamp&quot;:&quot;1563044078&quot;,&quot;copyright&quot;:&quot;&quot;,&quot;focal_length&quot;:&quot;0&quot;,&quot;iso&quot;:&quot;0&quot;,&quot;shutter_speed&quot;:&quot;0&quot;,&quot;title&quot;:&quot;&quot;,&quot;orientation&quot;:&quot;0&quot;}\" data-image-title=\"Ancien mus\u00e9e du verre\" data-image-description=\"\" data-image-caption=\"\" data-large-file=\"https:\/\/i0.wp.com\/patrimoine-avesnois.fr\/chemin\/wp-content\/uploads\/2019\/07\/Ancien-mus%C3%A9e-du-verre.jpg?fit=840%2C629\" data-id=\"7073\" src=\"https:\/\/i0.wp.com\/patrimoine-avesnois.fr\/chemin\/wp-content\/uploads\/2019\/07\/Ancien-mus%C3%A9e-du-verre-1024x767.jpg?resize=840%2C629&#038;ssl=1\" alt=\"\" class=\"wp-image-7073\" srcset=\"https:\/\/i0.wp.com\/patrimoine-avesnois.fr\/chemin\/wp-content\/uploads\/2019\/07\/Ancien-mus%C3%A9e-du-verre.jpg?resize=1024%2C767 1024w, https:\/\/i0.wp.com\/patrimoine-avesnois.fr\/chemin\/wp-content\/uploads\/2019\/07\/Ancien-mus%C3%A9e-du-verre.jpg?resize=300%2C225 300w, https:\/\/i0.wp.com\/patrimoine-avesnois.fr\/chemin\/wp-content\/uploads\/2019\/07\/Ancien-mus%C3%A9e-du-verre.jpg?resize=768%2C575 768w, https:\/\/i0.wp.com\/patrimoine-avesnois.fr\/chemin\/wp-content\/uploads\/2019\/07\/Ancien-mus%C3%A9e-du-verre.jpg?w=1053 1053w\" sizes=\"auto, (max-width: 709px) 85vw, (max-width: 909px) 67vw, (max-width: 1362px) 62vw, 840px\" \/><figcaption class=\"wp-element-caption\">L&rsquo;ancien Mus\u00e9e du verre<\/figcaption><\/figure>\n<\/figure>\n\n\n\n<p>L&rsquo;industrie du verre ayant p\u00e9riclit\u00e9 en 1937, c&rsquo;est en 1962 que l&rsquo;abb\u00e9 Louis M\u00e9riaux, arriv\u00e9 quatre ans plus t\u00f4t \u00e0 Sars-Poteries, r\u00e9colta l\u2019argent n\u00e9cessaire \u00e0 l\u2019achat du ch\u00e2teau du directeur des Verreries (Ch\u00e2teau Imbert rue du G\u00e9n\u00e9ral de Gaulle) et eut l&rsquo;id\u00e9e en 1967 de rassembler dans cette belle maison bourgeoise du XIX  e si\u00e8cle, les objets fabriqu\u00e9s par les ouvriers pendant leurs temps de pause. Ces objets, qu&rsquo;ils appelaient les \u00ab\u00a0bousill\u00e9s\u00a0\u00bb \u00e9taient offerts le plus souvent \u00e0 l&rsquo;occasion des c\u00e9r\u00e9monies familiales, bapt\u00eames, mariages,etc. ce sont des verres grav\u00e9s, des lampes, des presse-papiers, des vases, des sucriers&#8230;Ils forment une importante collection et l&rsquo;on est surpris de constater comment une fabrication artisanale a pu se transformer en une r\u00e9elle cr\u00e9ation artistique. Le mus\u00e9e du verre devient ainsi, un v\u00e9ritable mus\u00e9e des arts de tradition populaire. <\/p>\n\n\n<div class=\"wp-block-image\">\n<figure class=\"aligncenter is-resized\"><img data-recalc-dims=\"1\" loading=\"lazy\" decoding=\"async\" width=\"587\" height=\"923\" data-attachment-id=\"7083\" data-permalink=\"http:\/\/patrimoine-avesnois.fr\/chemin\/sars-poteries\/image-1045\/\" data-orig-file=\"https:\/\/i0.wp.com\/patrimoine-avesnois.fr\/chemin\/wp-content\/uploads\/2019\/07\/image-19.png?fit=587%2C923\" data-orig-size=\"587,923\" data-comments-opened=\"1\" data-image-meta=\"{&quot;aperture&quot;:&quot;0&quot;,&quot;credit&quot;:&quot;&quot;,&quot;camera&quot;:&quot;&quot;,&quot;caption&quot;:&quot;&quot;,&quot;created_timestamp&quot;:&quot;0&quot;,&quot;copyright&quot;:&quot;&quot;,&quot;focal_length&quot;:&quot;0&quot;,&quot;iso&quot;:&quot;0&quot;,&quot;shutter_speed&quot;:&quot;0&quot;,&quot;title&quot;:&quot;&quot;,&quot;orientation&quot;:&quot;0&quot;}\" data-image-title=\"image\" data-image-description=\"\" data-image-caption=\"\" data-large-file=\"https:\/\/i0.wp.com\/patrimoine-avesnois.fr\/chemin\/wp-content\/uploads\/2019\/07\/image-19.png?fit=587%2C923\" src=\"https:\/\/i0.wp.com\/patrimoine-avesnois.fr\/chemin\/wp-content\/uploads\/2019\/07\/image-19.png?resize=587%2C923\" alt=\"\" class=\"wp-image-7083\" style=\"width:427px;height:672px\" srcset=\"https:\/\/i0.wp.com\/patrimoine-avesnois.fr\/chemin\/wp-content\/uploads\/2019\/07\/image-19.png?w=587 587w, https:\/\/i0.wp.com\/patrimoine-avesnois.fr\/chemin\/wp-content\/uploads\/2019\/07\/image-19.png?resize=191%2C300 191w\" sizes=\"auto, (max-width: 587px) 85vw, 587px\" \/><figcaption class=\"wp-element-caption\">Le buste d\u2019Henri L\u00e9on Imbert, qui fut patron des Verreries, est visible dans la cour \u00e0 droite du ch\u00e2teau Imbert<\/figcaption><\/figure>\n<\/div>\n\n<div class=\"wp-block-image\">\n<figure class=\"aligncenter\"><img data-recalc-dims=\"1\" loading=\"lazy\" decoding=\"async\" width=\"486\" height=\"687\" data-attachment-id=\"7082\" data-permalink=\"http:\/\/patrimoine-avesnois.fr\/chemin\/sars-poteries\/image-1044\/\" data-orig-file=\"https:\/\/i0.wp.com\/patrimoine-avesnois.fr\/chemin\/wp-content\/uploads\/2019\/07\/image-18.png?fit=486%2C687\" data-orig-size=\"486,687\" data-comments-opened=\"1\" data-image-meta=\"{&quot;aperture&quot;:&quot;0&quot;,&quot;credit&quot;:&quot;&quot;,&quot;camera&quot;:&quot;&quot;,&quot;caption&quot;:&quot;&quot;,&quot;created_timestamp&quot;:&quot;0&quot;,&quot;copyright&quot;:&quot;&quot;,&quot;focal_length&quot;:&quot;0&quot;,&quot;iso&quot;:&quot;0&quot;,&quot;shutter_speed&quot;:&quot;0&quot;,&quot;title&quot;:&quot;&quot;,&quot;orientation&quot;:&quot;0&quot;}\" data-image-title=\"image\" data-image-description=\"\" data-image-caption=\"\" data-large-file=\"https:\/\/i0.wp.com\/patrimoine-avesnois.fr\/chemin\/wp-content\/uploads\/2019\/07\/image-18.png?fit=486%2C687\" src=\"https:\/\/i0.wp.com\/patrimoine-avesnois.fr\/chemin\/wp-content\/uploads\/2019\/07\/image-18.png?resize=486%2C687\" alt=\"\" class=\"wp-image-7082\" srcset=\"https:\/\/i0.wp.com\/patrimoine-avesnois.fr\/chemin\/wp-content\/uploads\/2019\/07\/image-18.png?w=486 486w, https:\/\/i0.wp.com\/patrimoine-avesnois.fr\/chemin\/wp-content\/uploads\/2019\/07\/image-18.png?resize=212%2C300 212w\" sizes=\"auto, (max-width: 486px) 85vw, 486px\" \/><figcaption class=\"wp-element-caption\"> Lampe monumentale r\u00e9alis\u00e9e et offerte par de talentueux verriers \u00e0 l\u2019occasion du mariage d\u2019Henri Imbert, patron des v erreries de Sars-Poteries et de Marie Deharv eng \u00a9 Paul Louis <\/figcaption><\/figure>\n<\/div>\n\n\n<p> <br>Le&nbsp;Ch\u00e2teau Imbert&nbsp;abrita jusqu\u2019en 2016 les collections du Mus\u00e9e du Verre, l&rsquo;exposition de ces bousill\u00e9s \u00e9tant \u00e0 la fois symbole d\u2019une cr\u00e9ation pass\u00e9e mais aussi la mise \u00e0 l\u2019honneur d&rsquo;un r\u00e9el patrimoine culturel et artistique .<\/p>\n\n\n\n<p> \u00ab&nbsp;Le devenir du Ch\u00e2teau Imbert n\u2019est \u00e0 ce jour pas act\u00e9&nbsp;\u00bb :  Le conseil d\u00e9partemental souhaite en effet  que la b\u00e2tisse puisse ne pas accueillir n\u2019importe quoi car elle fait partie de l\u2019histoire de la commune. . Les habitants lui ont, depuis longtemps, donn\u00e9 un nom. Dites le \u00ab&nbsp;<em>ch\u00e2teau Imbert<\/em>&nbsp;\u00bb quand vous parlez d\u2019elle. Le buste d\u2019Henri L\u00e9on Imbert, qui fut patron des Verreries, est visible dans la cour \u00e0 droite. Le ch\u00e2teau Imbert fut une belle maison bourgeoise du XIXe s. C\u2019\u00e9tait la r\u00e9sidence d\u2019Henri Imbert, \u00e0 la t\u00eate des deux verreries qui ont sign\u00e9 la renomm\u00e9e de Sars-Poteries. C\u2019est fin 1937 que la production s\u2019arr\u00eate, pour toujours. Reste la maison du patron verrier en devenir. <\/p>\n\n\n<div class=\"wp-block-image\">\n<figure class=\"aligncenter is-resized\"><img loading=\"lazy\" decoding=\"async\" width=\"1171\" height=\"880\" data-attachment-id=\"7079\" data-permalink=\"http:\/\/patrimoine-avesnois.fr\/chemin\/sars-poteries\/image-1041\/\" data-orig-file=\"https:\/\/i0.wp.com\/patrimoine-avesnois.fr\/chemin\/wp-content\/uploads\/2019\/07\/image-15.png?fit=1171%2C880\" data-orig-size=\"1171,880\" data-comments-opened=\"1\" data-image-meta=\"{&quot;aperture&quot;:&quot;0&quot;,&quot;credit&quot;:&quot;&quot;,&quot;camera&quot;:&quot;&quot;,&quot;caption&quot;:&quot;&quot;,&quot;created_timestamp&quot;:&quot;0&quot;,&quot;copyright&quot;:&quot;&quot;,&quot;focal_length&quot;:&quot;0&quot;,&quot;iso&quot;:&quot;0&quot;,&quot;shutter_speed&quot;:&quot;0&quot;,&quot;title&quot;:&quot;&quot;,&quot;orientation&quot;:&quot;0&quot;}\" data-image-title=\"image\" data-image-description=\"\" data-image-caption=\"\" data-large-file=\"https:\/\/i0.wp.com\/patrimoine-avesnois.fr\/chemin\/wp-content\/uploads\/2019\/07\/image-15.png?fit=840%2C632\" src=\"https:\/\/i2.wp.com\/patrimoine-avesnois.fr\/chemin\/wp-content\/uploads\/2019\/07\/image-15.png?fit=840%2C632\" alt=\"\" class=\"wp-image-7079\" style=\"width:680px;height:510px\" srcset=\"https:\/\/i0.wp.com\/patrimoine-avesnois.fr\/chemin\/wp-content\/uploads\/2019\/07\/image-15.png?w=1171 1171w, https:\/\/i0.wp.com\/patrimoine-avesnois.fr\/chemin\/wp-content\/uploads\/2019\/07\/image-15.png?resize=300%2C225 300w, https:\/\/i0.wp.com\/patrimoine-avesnois.fr\/chemin\/wp-content\/uploads\/2019\/07\/image-15.png?resize=768%2C577 768w, https:\/\/i0.wp.com\/patrimoine-avesnois.fr\/chemin\/wp-content\/uploads\/2019\/07\/image-15.png?resize=1024%2C770 1024w\" sizes=\"auto, (max-width: 709px) 85vw, (max-width: 909px) 67vw, (max-width: 1362px) 62vw, 840px\" \/><figcaption class=\"wp-element-caption\">Le nouveau mus\u00e9e du verre de Sars-Poteries<\/figcaption><\/figure>\n<\/div>\n\n<div class=\"wp-block-image\">\n<figure class=\"aligncenter is-resized\"><img loading=\"lazy\" decoding=\"async\" width=\"1187\" height=\"898\" data-attachment-id=\"7080\" data-permalink=\"http:\/\/patrimoine-avesnois.fr\/chemin\/sars-poteries\/image-1042\/\" data-orig-file=\"https:\/\/i0.wp.com\/patrimoine-avesnois.fr\/chemin\/wp-content\/uploads\/2019\/07\/image-16.png?fit=1187%2C898\" data-orig-size=\"1187,898\" data-comments-opened=\"1\" data-image-meta=\"{&quot;aperture&quot;:&quot;0&quot;,&quot;credit&quot;:&quot;&quot;,&quot;camera&quot;:&quot;&quot;,&quot;caption&quot;:&quot;&quot;,&quot;created_timestamp&quot;:&quot;0&quot;,&quot;copyright&quot;:&quot;&quot;,&quot;focal_length&quot;:&quot;0&quot;,&quot;iso&quot;:&quot;0&quot;,&quot;shutter_speed&quot;:&quot;0&quot;,&quot;title&quot;:&quot;&quot;,&quot;orientation&quot;:&quot;0&quot;}\" data-image-title=\"image\" data-image-description=\"\" data-image-caption=\"\" data-large-file=\"https:\/\/i0.wp.com\/patrimoine-avesnois.fr\/chemin\/wp-content\/uploads\/2019\/07\/image-16.png?fit=840%2C636\" src=\"https:\/\/i1.wp.com\/patrimoine-avesnois.fr\/chemin\/wp-content\/uploads\/2019\/07\/image-16.png?fit=840%2C636\" alt=\"\" class=\"wp-image-7080\" style=\"width:680px;height:515px\" srcset=\"https:\/\/i0.wp.com\/patrimoine-avesnois.fr\/chemin\/wp-content\/uploads\/2019\/07\/image-16.png?w=1187 1187w, https:\/\/i0.wp.com\/patrimoine-avesnois.fr\/chemin\/wp-content\/uploads\/2019\/07\/image-16.png?resize=300%2C227 300w, https:\/\/i0.wp.com\/patrimoine-avesnois.fr\/chemin\/wp-content\/uploads\/2019\/07\/image-16.png?resize=768%2C581 768w, https:\/\/i0.wp.com\/patrimoine-avesnois.fr\/chemin\/wp-content\/uploads\/2019\/07\/image-16.png?resize=1024%2C775 1024w\" sizes=\"auto, (max-width: 709px) 85vw, (max-width: 909px) 67vw, (max-width: 1362px) 62vw, 840px\" \/><figcaption class=\"wp-element-caption\">Fusion 2018<\/figcaption><\/figure>\n<\/div>\n\n\n<p>Con\u00e7ue sp\u00e9cifiquement par Udo et Pascale Zembok pour le Musverre. Fusion dialogue avec la fa\u00e7ade du mus\u00e9e par\u00e9e de pierre bleue, aux lignes horizontales, par le choix du verre rouge et sa verticalit\u00e9. Le d\u00e9grad\u00e9 vers le rouge sombre \u00e9voque le verre en fusion.<\/p>\n\n\n<div class=\"wp-block-image\">\n<figure class=\"aligncenter is-resized\"><img decoding=\"async\" src=\"https:\/\/upload.wikimedia.org\/wikipedia\/commons\/thumb\/e\/ed\/Sars-Poteries_Mus%C3%A9e_du_verre_Et%C3%A92017_%2829%29.jpg\/1280px-Sars-Poteries_Mus%C3%A9e_du_verre_Et%C3%A92017_%2829%29.jpg\" alt=\"Sars-Poteries Mus\u00c3\u00a9e du verre Et\u00c3\u00a92017 (29).jpg\" style=\"width:640px;height:426px\"\/><figcaption class=\"wp-element-caption\">Mus\u00e9e du verre de Sars-Poteries Photo Wikipedia<\/figcaption><\/figure>\n<\/div>\n\n<div class=\"wp-block-image\">\n<figure class=\"aligncenter is-resized\"><img decoding=\"async\" src=\"https:\/\/upload.wikimedia.org\/wikipedia\/commons\/9\/91\/Sars-Poteries_Mus%C3%A9e_du_verre_4.JPG\" alt=\"Sars-Poteries Mus\u00c3\u00a9e du verre 4.JPG\" style=\"width:640px;height:360px\"\/><figcaption class=\"wp-element-caption\"><em>Mus\u00e9e du verre de Sars-Poteries Photo Wikipedia<\/em> <\/figcaption><\/figure>\n<\/div>\n\n\n<p>Un <a href=\"https:\/\/musverre.lenord.fr\/fr\/Accueil.aspx\" target=\"_blank\" rel=\"noreferrer noopener\" aria-label=\"nouveau&nbsp;Mus\u00e9e du Verre (opens in a new tab)\">nouveau&nbsp;Mus\u00e9e du Verre<\/a>&nbsp;a ouvert ses portes le 1 er&nbsp;octobre 2016, d\u00e9m\u00e9nageant du 1 au 76 de la rue du G\u00e9n\u00e9ral de Gaulle.  <br>Il a \u00e9t\u00e9 con\u00e7u par le cabinet d&rsquo;architecture toulousain W-Architectures. L\u2019ensemble des fa\u00e7ades du mus\u00e9e et sa toiture sont rev\u00eatus de pierres bleues du Hainaut. Il a double vocation : mus\u00e9e et atelier. <br>Le mus\u00e9e-atelier d\u00e9partemental du verre poss\u00e8de la plus importante collection publique en France, d&rsquo;\u0153uvres contemporaines en verre. Elle rassemble une centaine d&rsquo;artistes internationaux repr\u00e9sent\u00e9s par plus de 550 sculptures. Y sont expos\u00e9es la plupart des grandes figures de la sph\u00e8re contemporaine en verre artistique comme Stanislas Libensky (Tch\u00e9coslovaquie), Gizela Saboko,&nbsp;(Tch\u00e9coslovaquie),&nbsp;Antoine et Etienne Leperlier (France), Maria Lugossy (19502012) Hongrie),&nbsp;Howard Ben Tre (\u00c9tats-Unis), Toots Zynsky&nbsp;(\u00c9tats-Unis),keiko Mukaide&nbsp;(Royaume-Uni) ou encore&nbsp;Silvia Levenson (Italie). <\/p>\n\n\n<div class=\"wp-block-image\">\n<figure class=\"aligncenter\"><img data-recalc-dims=\"1\" decoding=\"async\" src=\"https:\/\/i0.wp.com\/nord-decouverte.fr\/wp-content\/uploads\/2016\/10\/collections-musverre-sars-poteries.jpg?w=840&#038;ssl=1\" alt=\"collections du mus\u00c3\u00a9e du verre musverre de sars-poteries\"\/><\/figure>\n<\/div>","protected":false},"excerpt":{"rendered":"<p>Faits historiques : Paroisse du d\u00e9canat d&rsquo;Avesnes, en 1186. L&rsquo;abbaye de Liessies avait la collation de la cure. Village de la terre et pairie d&rsquo;Avesnes , o\u00f9 ces seigneurs ont conserv\u00e9 des propri\u00e9t\u00e9s, le terrage et des rentes jusqu&rsquo;\u00e0 la R\u00e9volution.&nbsp;La paroisse de Sars-Poteries comprenait le village de Beugnies dans sa circonscription.&nbsp; Le village de &hellip; <a href=\"http:\/\/patrimoine-avesnois.fr\/chemin\/sars-poteries\/\" class=\"more-link\">Continuer la lecture<span class=\"screen-reader-text\"> de &laquo;&nbsp;Sars-Poteries&nbsp;&raquo;<\/span><\/a><\/p>\n","protected":false},"author":2,"featured_media":0,"parent":0,"menu_order":0,"comment_status":"closed","ping_status":"closed","template":"","meta":{"jetpack_post_was_ever_published":false,"footnotes":""},"class_list":["post-7053","page","type-page","status-publish","hentry"],"jetpack_sharing_enabled":true,"jetpack_shortlink":"https:\/\/wp.me\/PaOEkN-1PL","jetpack-related-posts":[],"_links":{"self":[{"href":"http:\/\/patrimoine-avesnois.fr\/chemin\/wp-json\/wp\/v2\/pages\/7053","targetHints":{"allow":["GET"]}}],"collection":[{"href":"http:\/\/patrimoine-avesnois.fr\/chemin\/wp-json\/wp\/v2\/pages"}],"about":[{"href":"http:\/\/patrimoine-avesnois.fr\/chemin\/wp-json\/wp\/v2\/types\/page"}],"author":[{"embeddable":true,"href":"http:\/\/patrimoine-avesnois.fr\/chemin\/wp-json\/wp\/v2\/users\/2"}],"replies":[{"embeddable":true,"href":"http:\/\/patrimoine-avesnois.fr\/chemin\/wp-json\/wp\/v2\/comments?post=7053"}],"version-history":[{"count":0,"href":"http:\/\/patrimoine-avesnois.fr\/chemin\/wp-json\/wp\/v2\/pages\/7053\/revisions"}],"wp:attachment":[{"href":"http:\/\/patrimoine-avesnois.fr\/chemin\/wp-json\/wp\/v2\/media?parent=7053"}],"curies":[{"name":"wp","href":"https:\/\/api.w.org\/{rel}","templated":true}]}}