{"id":7479,"date":"2019-07-20T10:49:07","date_gmt":"2019-07-20T08:49:07","guid":{"rendered":"http:\/\/patrimoine-avesnois.fr\/chemin\/?page_id=7479"},"modified":"2023-05-01T15:21:40","modified_gmt":"2023-05-01T13:21:40","slug":"fourmies","status":"publish","type":"page","link":"http:\/\/patrimoine-avesnois.fr\/chemin\/fourmies\/","title":{"rendered":"Fourmies"},"content":{"rendered":"<div class=\"wp-block-image\">\n<figure class=\"aligncenter\"><img loading=\"lazy\" decoding=\"async\" width=\"1432\" height=\"1001\" data-attachment-id=\"7486\" data-permalink=\"http:\/\/patrimoine-avesnois.fr\/chemin\/fourmies\/294_001-2\/\" data-orig-file=\"https:\/\/i0.wp.com\/patrimoine-avesnois.fr\/chemin\/wp-content\/uploads\/2019\/07\/294_001.jpg?fit=1432%2C1001\" data-orig-size=\"1432,1001\" data-comments-opened=\"1\" data-image-meta=\"{&quot;aperture&quot;:&quot;0&quot;,&quot;credit&quot;:&quot;&quot;,&quot;camera&quot;:&quot;&quot;,&quot;caption&quot;:&quot;&quot;,&quot;created_timestamp&quot;:&quot;1563025744&quot;,&quot;copyright&quot;:&quot;&quot;,&quot;focal_length&quot;:&quot;0&quot;,&quot;iso&quot;:&quot;0&quot;,&quot;shutter_speed&quot;:&quot;0&quot;,&quot;title&quot;:&quot;&quot;,&quot;orientation&quot;:&quot;0&quot;}\" data-image-title=\"294_001\" data-image-description=\"\" data-image-caption=\"\" data-large-file=\"https:\/\/i0.wp.com\/patrimoine-avesnois.fr\/chemin\/wp-content\/uploads\/2019\/07\/294_001.jpg?fit=840%2C587\" src=\"https:\/\/i0.wp.com\/patrimoine-avesnois.fr\/chemin\/wp-content\/uploads\/2019\/07\/294_001.jpg?fit=840%2C587\" alt=\"\" class=\"wp-image-7486\" srcset=\"https:\/\/i0.wp.com\/patrimoine-avesnois.fr\/chemin\/wp-content\/uploads\/2019\/07\/294_001.jpg?w=1432 1432w, https:\/\/i0.wp.com\/patrimoine-avesnois.fr\/chemin\/wp-content\/uploads\/2019\/07\/294_001.jpg?resize=300%2C210 300w, https:\/\/i0.wp.com\/patrimoine-avesnois.fr\/chemin\/wp-content\/uploads\/2019\/07\/294_001.jpg?resize=768%2C537 768w, https:\/\/i0.wp.com\/patrimoine-avesnois.fr\/chemin\/wp-content\/uploads\/2019\/07\/294_001.jpg?resize=1024%2C716 1024w, https:\/\/i0.wp.com\/patrimoine-avesnois.fr\/chemin\/wp-content\/uploads\/2019\/07\/294_001.jpg?resize=1200%2C839 1200w\" sizes=\"auto, (max-width: 709px) 85vw, (max-width: 909px) 67vw, (max-width: 1362px) 62vw, 840px\" \/><figcaption class=\"wp-element-caption\">Vue a\u00e9rienne de Fourmies<\/figcaption><\/figure>\n<\/div>\n\n<div class=\"wp-block-image\">\n<figure class=\"aligncenter\"><img loading=\"lazy\" decoding=\"async\" width=\"1625\" height=\"1133\" data-attachment-id=\"7487\" data-permalink=\"http:\/\/patrimoine-avesnois.fr\/chemin\/fourmies\/678_001\/\" data-orig-file=\"https:\/\/i0.wp.com\/patrimoine-avesnois.fr\/chemin\/wp-content\/uploads\/2019\/07\/678_001.jpg?fit=1625%2C1133\" data-orig-size=\"1625,1133\" data-comments-opened=\"1\" data-image-meta=\"{&quot;aperture&quot;:&quot;0&quot;,&quot;credit&quot;:&quot;&quot;,&quot;camera&quot;:&quot;&quot;,&quot;caption&quot;:&quot;&quot;,&quot;created_timestamp&quot;:&quot;1563025680&quot;,&quot;copyright&quot;:&quot;&quot;,&quot;focal_length&quot;:&quot;0&quot;,&quot;iso&quot;:&quot;0&quot;,&quot;shutter_speed&quot;:&quot;0&quot;,&quot;title&quot;:&quot;&quot;,&quot;orientation&quot;:&quot;0&quot;}\" data-image-title=\"678_001\" data-image-description=\"\" data-image-caption=\"\" data-large-file=\"https:\/\/i0.wp.com\/patrimoine-avesnois.fr\/chemin\/wp-content\/uploads\/2019\/07\/678_001.jpg?fit=840%2C586\" src=\"https:\/\/i2.wp.com\/patrimoine-avesnois.fr\/chemin\/wp-content\/uploads\/2019\/07\/678_001.jpg?fit=840%2C586\" alt=\"\" class=\"wp-image-7487\" srcset=\"https:\/\/i0.wp.com\/patrimoine-avesnois.fr\/chemin\/wp-content\/uploads\/2019\/07\/678_001.jpg?w=1625 1625w, https:\/\/i0.wp.com\/patrimoine-avesnois.fr\/chemin\/wp-content\/uploads\/2019\/07\/678_001.jpg?resize=300%2C209 300w, https:\/\/i0.wp.com\/patrimoine-avesnois.fr\/chemin\/wp-content\/uploads\/2019\/07\/678_001.jpg?resize=768%2C535 768w, https:\/\/i0.wp.com\/patrimoine-avesnois.fr\/chemin\/wp-content\/uploads\/2019\/07\/678_001.jpg?resize=1024%2C714 1024w, https:\/\/i0.wp.com\/patrimoine-avesnois.fr\/chemin\/wp-content\/uploads\/2019\/07\/678_001.jpg?resize=1200%2C837 1200w\" sizes=\"auto, (max-width: 709px) 85vw, (max-width: 909px) 67vw, (max-width: 1362px) 62vw, 840px\" \/><figcaption class=\"wp-element-caption\">Autre vue a\u00e9rienne de Fourmies<\/figcaption><\/figure>\n<\/div>\n\n\n<p>Fourmies \u00e9tait au XII e si\u00e8cle un alleu qui appartenait aux seigneurs d&rsquo;Avesnes, lesquels en firent don \u00e0 l&rsquo;abbaye de Liessies.<\/p>\n\n\n\n<p>Aux XVIe et XVIIe si\u00e8cles, c\u2019\u00e9tait encore un petit village,o\u00f9 se trouvait  cependant  en raison de sa position \u00e0 l&rsquo;extr\u00eame fronti\u00e8re du Hainaut, un fort tenu par une garnison espagnole. <\/p>\n\n\n\n<p>Ce fort r\u00e9sista en 1622 \u00e0 l&rsquo;arm\u00e9e de Mansfeld, mais il tomba en 1637 ente les mains du gouverneur de La Capelle, qui br\u00fbla le village. Il r\u00e9sista encore l&rsquo;ann\u00e9e suivante, mais la petite bourgade fut de nouveau ravag\u00e9e et incendi\u00e9e. Pendant tout le XVIIe si\u00e8cle, ce fut pour les habitants, la mis\u00e8re et la ruine. <\/p>\n\n\n\n<p>L&rsquo;industrie prit naissance a Fourmies avec les verreries (Verrerie du Houy&nbsp;fond\u00e9e en 1599 et Verrerie de Montplaisir&nbsp;en 1620), puis avec les fabriques de fil \u00e0 dentelle qui se d\u00e9velopp\u00e8rent au d\u00e9but du XVIIIe si\u00e8cle. Mais c&rsquo;est en 1774 (premi\u00e8re&nbsp;filature de lin \u00ab&nbsp;retors et blanchis&nbsp;\u00bb \u00e0 la fa\u00e7on de Hollande cr\u00e9\u00e9e par Jean Staincg et Nicolas Legrand) et surtout en 1810 que les premi\u00e8res filatures de coton s&rsquo;install\u00e8rent ( premi\u00e8re filature de coton appel\u00e9e \u00ab\u00a0la Vieille\u00a0\u00bb, fond\u00e9e par Louis Joseph Legrand)<\/p>\n\n\n\n<p>C&rsquo;est en 1825 qu&rsquo;apparut la premi\u00e8re filature de laine gr\u00e2ce \u00e0 <a aria-label=\"Th\u00e9ophile Legrand (opens in a new tab)\" href=\"http:\/\/www.theophilelegrand.w1w.fr\/page\/14620\" target=\"_blank\" rel=\"noreferrer noopener\">Th\u00e9ophile Legrand<\/a> (n\u00e9 en 1799, d\u00e9c\u00e9d\u00e9 le 05\/06\/1877).<\/p>\n\n\n<div class=\"wp-block-image\">\n<figure class=\"aligncenter is-resized\"><img data-recalc-dims=\"1\" loading=\"lazy\" decoding=\"async\" data-attachment-id=\"7550\" data-permalink=\"http:\/\/patrimoine-avesnois.fr\/chemin\/fourmies\/image-1167\/\" data-orig-file=\"https:\/\/i0.wp.com\/patrimoine-avesnois.fr\/chemin\/wp-content\/uploads\/2019\/07\/image-141.png?fit=922%2C486\" data-orig-size=\"922,486\" data-comments-opened=\"1\" data-image-meta=\"{&quot;aperture&quot;:&quot;0&quot;,&quot;credit&quot;:&quot;&quot;,&quot;camera&quot;:&quot;&quot;,&quot;caption&quot;:&quot;&quot;,&quot;created_timestamp&quot;:&quot;0&quot;,&quot;copyright&quot;:&quot;&quot;,&quot;focal_length&quot;:&quot;0&quot;,&quot;iso&quot;:&quot;0&quot;,&quot;shutter_speed&quot;:&quot;0&quot;,&quot;title&quot;:&quot;&quot;,&quot;orientation&quot;:&quot;0&quot;}\" data-image-title=\"image\" data-image-description=\"\" data-image-caption=\"\" data-large-file=\"https:\/\/i0.wp.com\/patrimoine-avesnois.fr\/chemin\/wp-content\/uploads\/2019\/07\/image-141.png?fit=840%2C443\" src=\"https:\/\/i0.wp.com\/patrimoine-avesnois.fr\/chemin\/wp-content\/uploads\/2019\/07\/image-141.png?resize=692%2C365\" alt=\"\" class=\"wp-image-7550\" width=\"692\" height=\"365\" srcset=\"https:\/\/i0.wp.com\/patrimoine-avesnois.fr\/chemin\/wp-content\/uploads\/2019\/07\/image-141.png?w=922 922w, https:\/\/i0.wp.com\/patrimoine-avesnois.fr\/chemin\/wp-content\/uploads\/2019\/07\/image-141.png?resize=300%2C158 300w, https:\/\/i0.wp.com\/patrimoine-avesnois.fr\/chemin\/wp-content\/uploads\/2019\/07\/image-141.png?resize=768%2C405 768w\" sizes=\"auto, (max-width: 692px) 85vw, 692px\" \/><figcaption class=\"wp-element-caption\">Filature Le Malakoff<\/figcaption><\/figure>\n<\/div>\n\n<div class=\"wp-block-image\">\n<figure class=\"aligncenter is-resized\"><img loading=\"lazy\" decoding=\"async\" data-attachment-id=\"7551\" data-permalink=\"http:\/\/patrimoine-avesnois.fr\/chemin\/fourmies\/097_001\/\" data-orig-file=\"https:\/\/i0.wp.com\/patrimoine-avesnois.fr\/chemin\/wp-content\/uploads\/2019\/07\/097_001.jpg?fit=1604%2C1047\" data-orig-size=\"1604,1047\" data-comments-opened=\"1\" data-image-meta=\"{&quot;aperture&quot;:&quot;0&quot;,&quot;credit&quot;:&quot;&quot;,&quot;camera&quot;:&quot;&quot;,&quot;caption&quot;:&quot;&quot;,&quot;created_timestamp&quot;:&quot;1563704634&quot;,&quot;copyright&quot;:&quot;&quot;,&quot;focal_length&quot;:&quot;0&quot;,&quot;iso&quot;:&quot;0&quot;,&quot;shutter_speed&quot;:&quot;0&quot;,&quot;title&quot;:&quot;&quot;,&quot;orientation&quot;:&quot;1&quot;}\" data-image-title=\"097_001\" data-image-description=\"\" data-image-caption=\"\" data-large-file=\"https:\/\/i0.wp.com\/patrimoine-avesnois.fr\/chemin\/wp-content\/uploads\/2019\/07\/097_001.jpg?fit=840%2C548\" src=\"https:\/\/i0.wp.com\/patrimoine-avesnois.fr\/chemin\/wp-content\/uploads\/2019\/07\/097_001.jpg?fit=840%2C548\" alt=\"\" class=\"wp-image-7551\" width=\"692\" height=\"452\" srcset=\"https:\/\/i0.wp.com\/patrimoine-avesnois.fr\/chemin\/wp-content\/uploads\/2019\/07\/097_001.jpg?w=1604 1604w, https:\/\/i0.wp.com\/patrimoine-avesnois.fr\/chemin\/wp-content\/uploads\/2019\/07\/097_001.jpg?resize=300%2C196 300w, https:\/\/i0.wp.com\/patrimoine-avesnois.fr\/chemin\/wp-content\/uploads\/2019\/07\/097_001.jpg?resize=768%2C501 768w, https:\/\/i0.wp.com\/patrimoine-avesnois.fr\/chemin\/wp-content\/uploads\/2019\/07\/097_001.jpg?resize=1024%2C668 1024w, https:\/\/i0.wp.com\/patrimoine-avesnois.fr\/chemin\/wp-content\/uploads\/2019\/07\/097_001.jpg?resize=1200%2C783 1200w\" sizes=\"auto, (max-width: 692px) 85vw, 692px\" \/><\/figure>\n<\/div>\n\n<div class=\"wp-block-image\">\n<figure class=\"aligncenter is-resized\"><img data-recalc-dims=\"1\" loading=\"lazy\" decoding=\"async\" data-attachment-id=\"7552\" data-permalink=\"http:\/\/patrimoine-avesnois.fr\/chemin\/fourmies\/image-1168\/\" data-orig-file=\"https:\/\/i0.wp.com\/patrimoine-avesnois.fr\/chemin\/wp-content\/uploads\/2019\/07\/image-142.png?fit=933%2C477\" data-orig-size=\"933,477\" data-comments-opened=\"1\" data-image-meta=\"{&quot;aperture&quot;:&quot;0&quot;,&quot;credit&quot;:&quot;&quot;,&quot;camera&quot;:&quot;&quot;,&quot;caption&quot;:&quot;&quot;,&quot;created_timestamp&quot;:&quot;0&quot;,&quot;copyright&quot;:&quot;&quot;,&quot;focal_length&quot;:&quot;0&quot;,&quot;iso&quot;:&quot;0&quot;,&quot;shutter_speed&quot;:&quot;0&quot;,&quot;title&quot;:&quot;&quot;,&quot;orientation&quot;:&quot;0&quot;}\" data-image-title=\"image\" data-image-description=\"\" data-image-caption=\"\" data-large-file=\"https:\/\/i0.wp.com\/patrimoine-avesnois.fr\/chemin\/wp-content\/uploads\/2019\/07\/image-142.png?fit=840%2C429\" src=\"https:\/\/i0.wp.com\/patrimoine-avesnois.fr\/chemin\/wp-content\/uploads\/2019\/07\/image-142.png?resize=692%2C355\" alt=\"\" class=\"wp-image-7552\" width=\"692\" height=\"355\" srcset=\"https:\/\/i0.wp.com\/patrimoine-avesnois.fr\/chemin\/wp-content\/uploads\/2019\/07\/image-142.png?w=933 933w, https:\/\/i0.wp.com\/patrimoine-avesnois.fr\/chemin\/wp-content\/uploads\/2019\/07\/image-142.png?resize=300%2C153 300w, https:\/\/i0.wp.com\/patrimoine-avesnois.fr\/chemin\/wp-content\/uploads\/2019\/07\/image-142.png?resize=768%2C393 768w\" sizes=\"auto, (max-width: 692px) 85vw, 692px\" \/><figcaption class=\"wp-element-caption\">Quartier Malakoff Photo VDN 16\/11\/2014. Seul le ch\u00e2teau de Th\u00e9ophile Legrand est toujours l\u00e0\u2026 <\/figcaption><\/figure>\n<\/div>\n\n\n<p>En 1856, il construisit la filature \u00ab\u00a0Le Malakoff\u00a0\u00bb  (en souvenir de la bataille fran\u00e7aise \u00e9ponyme de 1855 en Crim\u00e9e)  pour se lancer dans la laine peign\u00e9e.<\/p>\n\n\n\n<p>Aux filatures se joignent bient\u00f4t les tissages. Ces industries prirent un essor extraordinaire dans la seconde moitie du XIXe si\u00e8cle.  Au terme d\u2019une progression vertigineuse,&nbsp;Fourmies&nbsp;devient le premier centre mondial de laine fine peign\u00e9e fil\u00e9e.&nbsp;De&nbsp;1830 \u00e0 1890, la population passa de 2000 \u00e0 15000 habitants.<\/p>\n\n\n\n<p>L\u2019activit\u00e9 d\u00e9crut ensuite, notamment au vu des effets des deux derni\u00e8res guerres mondiales o\u00f9&nbsp;Fourmies&nbsp;sera occup\u00e9e \u00e0 chaque fois plus de quatre ann\u00e9es.<\/p>\n\n\n\n<p class=\"has-text-align-center\">***<\/p>\n\n\n\n<p><strong>Une fois n&rsquo;est pas coutume, nous allons d\u00e9couvrir Fourmies en remontant le temps et en relatant les autres faits marquants de son histoire:<\/strong><\/p>\n\n\n<div class=\"wp-block-image\">\n<figure class=\"aligncenter is-resized\"><img data-recalc-dims=\"1\" loading=\"lazy\" decoding=\"async\" src=\"https:\/\/i0.wp.com\/www.fourmies.fr\/upload\/img\/207561_etangs-des-moines1.jpg?resize=693%2C429&#038;ssl=1\" alt=\"L\u00e2\u0080\u0099attribut alt de cette image est vide, son nom de fichier est 207561_etangs-des-moines1.jpg.\" width=\"693\" height=\"429\"\/><\/figure>\n<\/div>\n\n<div class=\"wp-block-image\">\n<figure class=\"aligncenter is-resized\"><img data-recalc-dims=\"1\" loading=\"lazy\" decoding=\"async\" src=\"https:\/\/i0.wp.com\/www.fourmies.fr\/upload\/sliders\/471069_segway-189.jpg?resize=693%2C277&#038;ssl=1\" alt=\"La plage en Juillet\/Ao\u00c3\u0083\u00c2\u00bbt\" width=\"693\" height=\"277\"\/><figcaption class=\"wp-element-caption\">Le site des \u00c9tangs des Moines (rue des \u00c9tangs des Moines)<\/figcaption><\/figure>\n<\/div>\n\n\n<ul class=\"wp-block-list\">\n<li>1696 Cr\u00e9ation des \u00c9tangs des Moines, au nombre de trois qui se trouvent dans le bois de Fourmies. <\/li>\n<\/ul>\n\n\n\n<p>En 1694 les villageois de Fourmies se plaignent de ne pouvoir moudre leurs grains sur place \u00e0 cause du manque d&rsquo;eau. Ils r\u00e9clament alors  au propri\u00e9taire du moulin seigneurial \u00e0 savoir l&rsquo;abbaye de Liessies, la cr\u00e9ation de petits \u00e9tangs pour servir de r\u00e9servoirs. En cas de p\u00e9nurie, il serait alors possible de rel\u00e2cher de l&rsquo;eau afin de faire tourner la roue du moulin \u00e0 farine.  Ils vendent donc aux moines une partie de leurs \u00abaisemens\u00bb, des bois communaux situ\u00e9s \u00e0 plusieurs kilom\u00e8tres du moulin et l&rsquo;abbaye  fait \u00e9riger trois digues par les entrepreneurs Toussaint Maronel et Arnould Chabeau. Les travaux coutent plus de trente-cinq mille livres. Naissent alors les \u00e9tangs des Moines en 1696.<\/p>\n\n\n\n<p>A la R\u00e9volution les biens du clerg\u00e9 sont vendus et les \u00e9tangs sont acquis par Nicolas Eliet qui le 6 mars 1806 les revend \u00e0 Jean Baptiste\u00a0 Maillet d\u2019Avesnes. Les \u00e9tangs conservent leur vocation industrielle pour le lavage de la laine. Plus tard, en 1870, Alexandre Mulat le directeur de la Verrerie Noire, rach\u00e8te une partie du site pour satisfaire ses loisirs : la p\u00e8che et la chasse. <\/p>\n\n\n\n<p>Vers 1920 la ville de Fourmies acquiert le domaine et le transforme en base de loisirs avec l&rsquo;am\u00e9nagement d&rsquo;une plage et la construction d&rsquo;une guinguette en 1929. D\u00e8s 1953 un camping est mis en place, puis fin des ann\u00e9es 70, un h\u00f4tel Ibis y est construit. Aujourd&rsquo;hui, ce lieu r\u00e9cr\u00e9atif propose diverses activit\u00e9s baignade avec plage de sable, mini-golf, p\u00e9dalo, p\u00eache, accrobranche\u2026 <\/p>\n\n\n\n<ul class=\"wp-block-list\">\n<li>XVIII e si\u00e8cle : voir ci-dessus (les fabriques de fil \u00e0 dentelle, les premi\u00e8res filatures de coton et la premi\u00e8re filature de lin en 1774.<\/li>\n<\/ul>\n\n\n\n<p class=\"has-text-align-center\">***<\/p>\n\n\n\n<ul class=\"wp-block-list\">\n<li>1822&nbsp;: 1 verrerie, 2 filatures de coton, 3 fourneaux \u00e0 fondre le minerai de fer. <\/li>\n<\/ul>\n\n\n\n<ul class=\"wp-block-list\">\n<li>1830 &#8211; 1890&nbsp;: L\u2019\u00e2ge d\u2019or de l\u2019industrie laini\u00e8re. <\/li>\n<\/ul>\n\n\n\n<p class=\"has-text-align-center\">***<\/p>\n\n\n<div class=\"wp-block-image\">\n<figure class=\"aligncenter is-resized\"><img data-recalc-dims=\"1\" loading=\"lazy\" decoding=\"async\" data-attachment-id=\"7535\" data-permalink=\"http:\/\/patrimoine-avesnois.fr\/chemin\/fourmies\/275_001-2\/\" data-orig-file=\"https:\/\/i0.wp.com\/patrimoine-avesnois.fr\/chemin\/wp-content\/uploads\/2019\/07\/275_001.jpg?fit=987%2C708\" data-orig-size=\"987,708\" data-comments-opened=\"1\" data-image-meta=\"{&quot;aperture&quot;:&quot;0&quot;,&quot;credit&quot;:&quot;&quot;,&quot;camera&quot;:&quot;&quot;,&quot;caption&quot;:&quot;&quot;,&quot;created_timestamp&quot;:&quot;1563700086&quot;,&quot;copyright&quot;:&quot;&quot;,&quot;focal_length&quot;:&quot;0&quot;,&quot;iso&quot;:&quot;0&quot;,&quot;shutter_speed&quot;:&quot;0&quot;,&quot;title&quot;:&quot;&quot;,&quot;orientation&quot;:&quot;0&quot;}\" data-image-title=\"275_001\" data-image-description=\"\" data-image-caption=\"\" data-large-file=\"https:\/\/i0.wp.com\/patrimoine-avesnois.fr\/chemin\/wp-content\/uploads\/2019\/07\/275_001.jpg?fit=840%2C603\" src=\"https:\/\/i0.wp.com\/patrimoine-avesnois.fr\/chemin\/wp-content\/uploads\/2019\/07\/275_001.jpg?resize=630%2C451\" alt=\"\" class=\"wp-image-7535\" width=\"630\" height=\"451\" srcset=\"https:\/\/i0.wp.com\/patrimoine-avesnois.fr\/chemin\/wp-content\/uploads\/2019\/07\/275_001.jpg?w=987 987w, https:\/\/i0.wp.com\/patrimoine-avesnois.fr\/chemin\/wp-content\/uploads\/2019\/07\/275_001.jpg?resize=300%2C215 300w, https:\/\/i0.wp.com\/patrimoine-avesnois.fr\/chemin\/wp-content\/uploads\/2019\/07\/275_001.jpg?resize=768%2C551 768w\" sizes=\"auto, (max-width: 630px) 85vw, 630px\" \/><figcaption class=\"wp-element-caption\">Mus\u00e9e du textile et de la vie sociale: machine \u00e0 bras (1878) &#8211; corps des sapeurs-pompiers de Fourmies <\/figcaption><\/figure>\n<\/div>\n\n<div class=\"wp-block-image\">\n<figure class=\"aligncenter is-resized\"><img data-recalc-dims=\"1\" loading=\"lazy\" decoding=\"async\" data-attachment-id=\"7533\" data-permalink=\"http:\/\/patrimoine-avesnois.fr\/chemin\/fourmies\/image-1163\/\" data-orig-file=\"https:\/\/i0.wp.com\/patrimoine-avesnois.fr\/chemin\/wp-content\/uploads\/2019\/07\/image-137.png?fit=779%2C571\" data-orig-size=\"779,571\" data-comments-opened=\"1\" data-image-meta=\"{&quot;aperture&quot;:&quot;0&quot;,&quot;credit&quot;:&quot;&quot;,&quot;camera&quot;:&quot;&quot;,&quot;caption&quot;:&quot;&quot;,&quot;created_timestamp&quot;:&quot;0&quot;,&quot;copyright&quot;:&quot;&quot;,&quot;focal_length&quot;:&quot;0&quot;,&quot;iso&quot;:&quot;0&quot;,&quot;shutter_speed&quot;:&quot;0&quot;,&quot;title&quot;:&quot;&quot;,&quot;orientation&quot;:&quot;0&quot;}\" data-image-title=\"image\" data-image-description=\"\" data-image-caption=\"\" data-large-file=\"https:\/\/i0.wp.com\/patrimoine-avesnois.fr\/chemin\/wp-content\/uploads\/2019\/07\/image-137.png?fit=779%2C571\" src=\"https:\/\/i0.wp.com\/patrimoine-avesnois.fr\/chemin\/wp-content\/uploads\/2019\/07\/image-137.png?resize=630%2C462\" alt=\"\" class=\"wp-image-7533\" width=\"630\" height=\"462\" srcset=\"https:\/\/i0.wp.com\/patrimoine-avesnois.fr\/chemin\/wp-content\/uploads\/2019\/07\/image-137.png?w=779 779w, https:\/\/i0.wp.com\/patrimoine-avesnois.fr\/chemin\/wp-content\/uploads\/2019\/07\/image-137.png?resize=300%2C220 300w, https:\/\/i0.wp.com\/patrimoine-avesnois.fr\/chemin\/wp-content\/uploads\/2019\/07\/image-137.png?resize=768%2C563 768w\" sizes=\"auto, (max-width: 630px) 85vw, 630px\" \/><figcaption class=\"wp-element-caption\">Service d&rsquo;Incendie en 1957.<\/figcaption><\/figure>\n<\/div>\n\n\n<ul class=\"wp-block-list\">\n<li>1837&nbsp;: Fondation de la Compagnie des sapeurs-pompiers, elle comprenait alors 31 pompiers, en 1852, elle en comptait 42, et en 1883&nbsp;: 75.<\/li>\n<\/ul>\n\n\n\n<p>Le corps des sapeurs-pompiers est dot\u00e9 en 1922 d\u2019une moto pompe de 25 m\u00b3 heure, en 1929, d\u2019une seconde et en 1932, d\u2019un v\u00e9hicule automobile Delahaye, premiers secours, (engin r\u00e9form\u00e9 du r\u00e9giment de Paris). L\u2019ann\u00e9e 1948, voit l\u2019acquisition d\u2019un fourgon d\u2019incendie normalis\u00e9. De 1946 \u00e0 1992, les pompiers du canton seront dirig\u00e9s par les Commandants Andr\u00e9 Thi\u00e9baut p\u00e8re et fils et le Lieutenant Denis Thi\u00e9baut petit-fils. Sur cette photo de 1957, on d\u00e9couvre une partie du mat\u00e9riel moderne. Source : Claude Lompret.<\/p>\n\n\n\n<p class=\"has-text-align-center\">***<\/p>\n\n\n<div class=\"wp-block-image\">\n<figure class=\"aligncenter is-resized\"><img loading=\"lazy\" decoding=\"async\" data-attachment-id=\"7539\" data-permalink=\"http:\/\/patrimoine-avesnois.fr\/chemin\/fourmies\/791_001\/\" data-orig-file=\"https:\/\/i0.wp.com\/patrimoine-avesnois.fr\/chemin\/wp-content\/uploads\/2019\/07\/791_001.jpg?fit=1616%2C1000\" data-orig-size=\"1616,1000\" data-comments-opened=\"1\" data-image-meta=\"{&quot;aperture&quot;:&quot;0&quot;,&quot;credit&quot;:&quot;&quot;,&quot;camera&quot;:&quot;&quot;,&quot;caption&quot;:&quot;&quot;,&quot;created_timestamp&quot;:&quot;1563701206&quot;,&quot;copyright&quot;:&quot;&quot;,&quot;focal_length&quot;:&quot;0&quot;,&quot;iso&quot;:&quot;0&quot;,&quot;shutter_speed&quot;:&quot;0&quot;,&quot;title&quot;:&quot;&quot;,&quot;orientation&quot;:&quot;0&quot;}\" data-image-title=\"791_001\" data-image-description=\"\" data-image-caption=\"\" data-large-file=\"https:\/\/i0.wp.com\/patrimoine-avesnois.fr\/chemin\/wp-content\/uploads\/2019\/07\/791_001.jpg?fit=840%2C520\" src=\"https:\/\/i2.wp.com\/patrimoine-avesnois.fr\/chemin\/wp-content\/uploads\/2019\/07\/791_001.jpg?fit=840%2C520\" alt=\"\" class=\"wp-image-7539\" width=\"630\" height=\"390\" srcset=\"https:\/\/i0.wp.com\/patrimoine-avesnois.fr\/chemin\/wp-content\/uploads\/2019\/07\/791_001.jpg?w=1616 1616w, https:\/\/i0.wp.com\/patrimoine-avesnois.fr\/chemin\/wp-content\/uploads\/2019\/07\/791_001.jpg?resize=300%2C186 300w, https:\/\/i0.wp.com\/patrimoine-avesnois.fr\/chemin\/wp-content\/uploads\/2019\/07\/791_001.jpg?resize=768%2C475 768w, https:\/\/i0.wp.com\/patrimoine-avesnois.fr\/chemin\/wp-content\/uploads\/2019\/07\/791_001.jpg?resize=1024%2C634 1024w, https:\/\/i0.wp.com\/patrimoine-avesnois.fr\/chemin\/wp-content\/uploads\/2019\/07\/791_001.jpg?resize=1200%2C743 1200w\" sizes=\"auto, (max-width: 630px) 85vw, 630px\" \/><\/figure>\n<\/div>\n\n<div class=\"wp-block-image\">\n<figure class=\"aligncenter is-resized\"><img data-recalc-dims=\"1\" loading=\"lazy\" decoding=\"async\" data-attachment-id=\"7538\" data-permalink=\"http:\/\/patrimoine-avesnois.fr\/chemin\/fourmies\/443_001\/\" data-orig-file=\"https:\/\/i0.wp.com\/patrimoine-avesnois.fr\/chemin\/wp-content\/uploads\/2019\/07\/443_001.jpg?fit=949%2C598\" data-orig-size=\"949,598\" data-comments-opened=\"1\" data-image-meta=\"{&quot;aperture&quot;:&quot;0&quot;,&quot;credit&quot;:&quot;&quot;,&quot;camera&quot;:&quot;&quot;,&quot;caption&quot;:&quot;&quot;,&quot;created_timestamp&quot;:&quot;1563701098&quot;,&quot;copyright&quot;:&quot;&quot;,&quot;focal_length&quot;:&quot;0&quot;,&quot;iso&quot;:&quot;0&quot;,&quot;shutter_speed&quot;:&quot;0&quot;,&quot;title&quot;:&quot;&quot;,&quot;orientation&quot;:&quot;1&quot;}\" data-image-title=\"443_001\" data-image-description=\"\" data-image-caption=\"\" data-large-file=\"https:\/\/i0.wp.com\/patrimoine-avesnois.fr\/chemin\/wp-content\/uploads\/2019\/07\/443_001.jpg?fit=840%2C529\" src=\"https:\/\/i0.wp.com\/patrimoine-avesnois.fr\/chemin\/wp-content\/uploads\/2019\/07\/443_001.jpg?resize=630%2C398\" alt=\"\" class=\"wp-image-7538\" width=\"630\" height=\"398\" srcset=\"https:\/\/i0.wp.com\/patrimoine-avesnois.fr\/chemin\/wp-content\/uploads\/2019\/07\/443_001.jpg?w=949 949w, https:\/\/i0.wp.com\/patrimoine-avesnois.fr\/chemin\/wp-content\/uploads\/2019\/07\/443_001.jpg?resize=300%2C189 300w, https:\/\/i0.wp.com\/patrimoine-avesnois.fr\/chemin\/wp-content\/uploads\/2019\/07\/443_001.jpg?resize=768%2C484 768w\" sizes=\"auto, (max-width: 630px) 85vw, 630px\" \/><\/figure>\n<\/div>\n\n<div class=\"wp-block-image\">\n<figure class=\"aligncenter is-resized\"><img data-recalc-dims=\"1\" loading=\"lazy\" decoding=\"async\" data-attachment-id=\"7537\" data-permalink=\"http:\/\/patrimoine-avesnois.fr\/chemin\/fourmies\/543_002\/\" data-orig-file=\"https:\/\/i0.wp.com\/patrimoine-avesnois.fr\/chemin\/wp-content\/uploads\/2019\/07\/543_002.jpg?fit=927%2C662\" data-orig-size=\"927,662\" data-comments-opened=\"1\" data-image-meta=\"{&quot;aperture&quot;:&quot;0&quot;,&quot;credit&quot;:&quot;&quot;,&quot;camera&quot;:&quot;&quot;,&quot;caption&quot;:&quot;&quot;,&quot;created_timestamp&quot;:&quot;1563700642&quot;,&quot;copyright&quot;:&quot;&quot;,&quot;focal_length&quot;:&quot;0&quot;,&quot;iso&quot;:&quot;0&quot;,&quot;shutter_speed&quot;:&quot;0&quot;,&quot;title&quot;:&quot;&quot;,&quot;orientation&quot;:&quot;0&quot;}\" data-image-title=\"543_002\" data-image-description=\"\" data-image-caption=\"\" data-large-file=\"https:\/\/i0.wp.com\/patrimoine-avesnois.fr\/chemin\/wp-content\/uploads\/2019\/07\/543_002.jpg?fit=840%2C600\" src=\"https:\/\/i0.wp.com\/patrimoine-avesnois.fr\/chemin\/wp-content\/uploads\/2019\/07\/543_002.jpg?resize=630%2C450\" alt=\"\" class=\"wp-image-7537\" width=\"630\" height=\"450\" srcset=\"https:\/\/i0.wp.com\/patrimoine-avesnois.fr\/chemin\/wp-content\/uploads\/2019\/07\/543_002.jpg?w=927 927w, https:\/\/i0.wp.com\/patrimoine-avesnois.fr\/chemin\/wp-content\/uploads\/2019\/07\/543_002.jpg?resize=300%2C214 300w, https:\/\/i0.wp.com\/patrimoine-avesnois.fr\/chemin\/wp-content\/uploads\/2019\/07\/543_002.jpg?resize=768%2C548 768w\" sizes=\"auto, (max-width: 630px) 85vw, 630px\" \/><\/figure>\n<\/div>\n\n\n<ul class=\"wp-block-list\">\n<li>1838&nbsp;: Fondation de la Soci\u00e9t\u00e9 musicale.<\/li>\n<\/ul>\n\n\n\n<p>De nos jours l&rsquo;\u00c9cole Municipale de Musique (rue Emile Zola)&nbsp;: 430 \u00e9l\u00e8ves, 19 enseignants <\/p>\n\n\n\n<p class=\"has-text-align-center\">***<\/p>\n\n\n\n<ul class=\"wp-block-list\">\n<li>1841<\/li>\n<\/ul>\n\n\n<div class=\"wp-block-image\">\n<figure class=\"aligncenter is-resized\"><img data-recalc-dims=\"1\" loading=\"lazy\" decoding=\"async\" src=\"https:\/\/i0.wp.com\/static.wixstatic.com\/media\/58858c_14ba33dfff5342b2b7e183cc74b12a40~mv2_d_4608_3072_s_4_2.jpg\/v1\/crop\/x_0%2Cy_560%2Cw_4608%2Ch_1952\/fill\/w_1905%2Ch_807%2Cal_c%2Cq_85%2Cusm_1.20_1.00_0.01\/58858c_14ba33dfff5342b2b7e183cc74b12a40~mv2_d_4608_3072_s_4_2.webp?resize=639%2C271&#038;ssl=1\" alt=\"R\u00c3\u00a9sultat de recherche d'images pour &quot;chateau de la marli\u00c3\u00a8re fourmies&quot;\" width=\"639\" height=\"271\"\/><figcaption class=\"wp-element-caption\">Le ch\u00e2teau de la Marli\u00e8re<\/figcaption><\/figure>\n<\/div>\n\n\n<ul class=\"wp-block-list\">\n<li>Le ch\u00e2teau de la Marli\u00e8re&nbsp;<br>Il fut construit par l\u2019industriel textile Th\u00e9ophile Legrand en 1841.&nbsp;<br>\u00ab&nbsp;<em>Les terrains avaient \u00e9t\u00e9 choisis en 1838 et cette r\u00e9sidence fut tr\u00e8s vite appel\u00e9e ch\u00e2teau de La Marli\u00e8re car c\u2019\u00e9tait la plus riche fa\u00e7ade d\u2019inspiration Louis XIII de la r\u00e9gion,<\/em>&nbsp;pr\u00e9cise l\u2019historien Jean-Louis Chappat, lors de l\u2019ouverture de ses portes en juin 2016.&nbsp;<br>L\u2019ensemble \u00e9tait compos\u00e9 de 34 pi\u00e8ces.Au d\u00e9c\u00e8s de l\u2019industriel, le \u00ab&nbsp;ch\u00e2teau&nbsp;\u00bb restera \u00ab&nbsp;chez&nbsp;\u00bb les Legrand et sera occup\u00e9 par ses descendants (dont, par les mariages, les Boutard, les Mandron\u2026). Mais deux guerres (avec ses occupations) ont port\u00e9 l\u2019estocade \u00e0 la florissante industrie textile locale et la famille, en proie \u00e0 des difficult\u00e9s, est oblig\u00e9e de le c\u00e9der en 1944. Les lieux sont alors transform\u00e9s en pensionnat par la Congr\u00e9gation des Filles de la Providence, puis, en 1950, en \u00e9cole m\u00e9nag\u00e8re par les s\u0153urs de Sainte-Th\u00e9r\u00e8se d\u2019Avesnes jusque dans les ann\u00e9es 80. La b\u00e2tisse revient ensuite dans le domaine priv\u00e9 mais, faute de moyens, elle donne des signes de fatigue. Il faudra attende 2002 pour qu\u2019elle soit rachet\u00e9e par une famille parisienne qui commence \u00e0 la remettre \u00e0 flots. Avant que le descendant direct de Th\u00e9ophile Legrand (son quadria\u00efeul), Christian Cambier, un septuag\u00e9naire, l\u2019acquiert en 2014. Il y commence d\u2019\u00e9normes travaux de r\u00e9habilitation pour transformer la demeure en h\u00f4tel trois \u00e9toiles. Source&nbsp;<a href=\"https:\/\/www.lavoixdunord.fr\/7721\/article\/2016-06-04\/fourmies-le-chateau-de-la-marliere-facon-louis-xiii-renait-en-hotel-trois\" target=\"_blank\" rel=\"noreferrer noopener\">La Voix du Nord 04\/06\/2016<\/a><\/li>\n<\/ul>\n\n\n\n<p class=\"has-text-align-center\">***<\/p>\n\n\n<div class=\"wp-block-image\">\n<figure class=\"aligncenter\"><img data-recalc-dims=\"1\" loading=\"lazy\" decoding=\"async\" width=\"588\" height=\"351\" data-attachment-id=\"7545\" data-permalink=\"http:\/\/patrimoine-avesnois.fr\/chemin\/fourmies\/image-1164\/\" data-orig-file=\"https:\/\/i0.wp.com\/patrimoine-avesnois.fr\/chemin\/wp-content\/uploads\/2019\/07\/image-138.png?fit=588%2C351\" data-orig-size=\"588,351\" data-comments-opened=\"1\" data-image-meta=\"{&quot;aperture&quot;:&quot;0&quot;,&quot;credit&quot;:&quot;&quot;,&quot;camera&quot;:&quot;&quot;,&quot;caption&quot;:&quot;&quot;,&quot;created_timestamp&quot;:&quot;0&quot;,&quot;copyright&quot;:&quot;&quot;,&quot;focal_length&quot;:&quot;0&quot;,&quot;iso&quot;:&quot;0&quot;,&quot;shutter_speed&quot;:&quot;0&quot;,&quot;title&quot;:&quot;&quot;,&quot;orientation&quot;:&quot;0&quot;}\" data-image-title=\"image\" data-image-description=\"\" data-image-caption=\"\" data-large-file=\"https:\/\/i0.wp.com\/patrimoine-avesnois.fr\/chemin\/wp-content\/uploads\/2019\/07\/image-138.png?fit=588%2C351\" src=\"https:\/\/i0.wp.com\/patrimoine-avesnois.fr\/chemin\/wp-content\/uploads\/2019\/07\/image-138.png?resize=588%2C351\" alt=\"\" class=\"wp-image-7545\" srcset=\"https:\/\/i0.wp.com\/patrimoine-avesnois.fr\/chemin\/wp-content\/uploads\/2019\/07\/image-138.png?w=588 588w, https:\/\/i0.wp.com\/patrimoine-avesnois.fr\/chemin\/wp-content\/uploads\/2019\/07\/image-138.png?resize=300%2C179 300w\" sizes=\"auto, (max-width: 588px) 85vw, 588px\" \/><\/figure>\n<\/div>\n\n<div class=\"wp-block-image\">\n<figure class=\"aligncenter is-resized\"><img data-recalc-dims=\"1\" loading=\"lazy\" decoding=\"async\" src=\"https:\/\/i0.wp.com\/p6.storage.canalblog.com\/67\/13\/783846\/112959379.jpg?resize=600%2C458&#038;ssl=1\" alt=\"FOURMIES-Famille Divry\" width=\"600\" height=\"458\"\/><figcaption class=\"wp-element-caption\"><em>Au verso de cette photo il est stipul\u00e9 les noms des personnes suivantes : Th\u00e9ophile Divry, Fran\u00e7ois Divry, Nicolas Divry, Joseph Divry, Paul Divry et Victor Divry.<\/em> Photo provenant du site <a aria-label=\"Chrisnord (opens in a new tab)\" href=\"http:\/\/chris59132.canalblog.com\/archives\/2016\/10\/index.html\" target=\"_blank\" rel=\"noreferrer noopener\">Chrisnord<\/a><\/figcaption><\/figure>\n<\/div>\n\n\n<ul class=\"wp-block-list\">\n<li>1852 Cr\u00e9ation de Divry Filature :<\/li>\n<\/ul>\n\n\n\n<p>Th\u00e9ophile Divry (propri\u00e9taire et n\u00e9gociant demeurant \u00e0 Ohain) forme avec Jean-Baptiste Michelet (n\u00e9gociant \u00e0 Fourmies), Jacques-Joseph Hermant (propri\u00e9taire \u00e0 F\u00e9ron) et C\u00e9sar Degaigne (propri\u00e9taire \u00e0 Glageon), une soci\u00e9t\u00e9 en nom collectif sous la raison sociale \u00ab Divry Michelet &amp; Cie \u00bb, par acte pass\u00e9 devant notaire, en date du 17 d\u00e9cembre 1852.&nbsp; L\u2019entreprise a pour but l\u2019exploitation d\u2019une filature de laine peign\u00e9e situ\u00e9e \u00e0 Fourmies. D\u00e8s le 18 d\u00e9cembre 1852, le mat\u00e9riel d\u2019exploitation est command\u00e9 \u00e0 la soci\u00e9t\u00e9 Schlumberger en Alsace. Le 21 ao\u00fbt 1863, devant Ma\u00eetre Xavier Clavon, notaire \u00e0 Fourmies, Jean-Baptiste Michelet c\u00e8de ses parts, moyennant la somme de 50.000 francs. On proc\u00e8de alors \u00e0 une reconstitution de la soci\u00e9t\u00e9. Une ent\u00eate de lettre, dat\u00e9e du 12 mars 1864, porte la raison sociale : \u00ab Peignage syst\u00e8me Schlumberger et filature de laine Divry et Cie \u00bb. En 1875, un tissage est adjoint \u00e0 la filature de Fourmies. L\u2019usine se sp\u00e9cialise d\u00e8s lors dans la production de tissus de laines unies et armur\u00e9es, pour robes et confections. A partir de 1886, le commerce de la maison ayant prosp\u00e9r\u00e9, l\u2019usine seule, ne suffit plus \u00e0 assurer la production. Divry se trouve alors dans l\u2019obligation de faire travailler \u00e0 fa\u00e7on dans les usines locales. L\u2019activit\u00e9 augmente r\u00e9guli\u00e8rement entre 1890 et 1900, gr\u00e2ce \u00e0 l\u2019essor de l\u2019industrie laini\u00e8re dans la r\u00e9gion de Fourmies. Cette derni\u00e8re se hisse d\u2019ailleurs au premier rang des centres producteurs de laines peign\u00e9es en 1900 avec pas moins de 50 % de la production mondiale. En 1899, monsieur L\u00e9on Divry, neveu du fondateur, devient seul propri\u00e9taire de l\u2019usine qui porte alors le nom de \u00ab Divry &amp; Cie \u00bb. En 1902, il ach\u00e8te un tissage de 251 m\u00e9tiers \u00e0 Sains-Richaumont, dans l\u2019Aisne, \u00e0 40 kilom\u00e8tres de Fourmies. En effet, ce tissage a toujours travaill\u00e9 pour son compte, et avec une production annuelle d\u2019environ 1.500.000 m\u00e8tres de tissu \u00e9cru, c\u2019est un bel investissement. A Fourmies, la filature compte 6.480 broches de renvideurs, le tissage 94 m\u00e9tiers. La soci\u00e9t\u00e9 Divry &amp; Cie occupe donc en tout 30.000 broches et 425 m\u00e9tiers \u00e0 tisser et ce, toute l\u2019ann\u00e9e ! 335 personnes travaillent dans les usines de Fourmies et de Sains-Richaumont, en plus des employ\u00e9s occup\u00e9s \u00e0 fa\u00e7on. En 1913-1914, la production annuelle atteint 600.000 kilogrammes de fils et 470.000 kilogrammes de tissus. La fabrication comprend tous les fils inclus entre les n\u00b028 et 112 mais principalement les num\u00e9ros fins, r\u00e9serv\u00e9s \u00e0 la filature de Fourmies, le reste \u00e9tant fabriqu\u00e9 \u00e0 fa\u00e7on dans les usines de la r\u00e9gion. L\u2019usine, est occup\u00e9e par les allemands, d\u2019ao\u00fbt 1914 \u00e0 novembre 1918. Transform\u00e9e en camp de prisonniers fran\u00e7ais et russes, l\u2019usine est enti\u00e8rement vid\u00e9e de son mat\u00e9riel ; seuls les deux g\u00e9n\u00e9rateurs sont conserv\u00e9s. De l\u2019armistice \u00e0 1920, les b\u00e2timents servent de camp de prisonniers allemands. L\u2019usine de SainsRichaumont est remise en route en mars 1922 et celle de Fourmies en 1923. D\u00e9sormais,&nbsp; elles ne travaillent plus qu\u2019\u00e0 fa\u00e7on. La soci\u00e9t\u00e9 \u00ab Th. et L. Divry &amp; Cie S.A.R.L \u00bb. est fond\u00e9e le 20 juin 1938, au capital social de 75.000 francs.&nbsp; L\u00e9opold Divry apporte l\u2019usine de tissage, sise \u00e0 Fourmies, comprenant un ensemble de b\u00e2timents et de terrains avec cour, jardins et d\u00e9pendances d\u2019une superficie de 88 ares 30 centiares, et tout un mat\u00e9riel de tissage et d\u2019approvisionnement. Les b\u00e2timents sont v\u00e9tustes. La chaufferie, les deux magasins datent de 1852. La forge, les \u00e9curies, l\u2019encollage datent de 1904. Quant au b\u00e2timent principal, il date de 1921. Enfin, le mat\u00e9riel, \u00e0 quelques exceptions pr\u00e8s, date de 1920. Th\u00e9ophile Divry apporte quelques maisons ouvri\u00e8res sises \u00e0 SainsRichaumont, des valeurs mobili\u00e8res et des esp\u00e8ces pour une valeur de 375.000 francs. \u00c9douard Divry, fils de L\u00e9on Divry, reprend le tissage de Sains-Richaumont. A sa mort, en mars 1939, son fr\u00e8re, Th\u00e9ophile Divry, nomm\u00e9 tuteur des enfants, fait vendre l\u2019usine de l\u2019Aisne, qui avait perdu de sa prosp\u00e9rit\u00e9. L\u2019affaire fourmisienne tourne de juin 1938 au 10 mai 1940. Apr\u00e8s les hostilit\u00e9s et l\u2019occupation du pays en octobre 1940, L\u00e9opold remet seul en route l\u2019affaire pour solder le compte de mati\u00e8re de la Maison Divry et Cie, de f\u00e9vrier 1941 \u00e0 novembre 1941. L\u2019usine reprend son activit\u00e9 le 15 mars 1947 avec deux g\u00e9rants, Th\u00e9ophile et L\u00e9opold Divry, L\u2019a\u00een\u00e9, Th\u00e9ophile, pour des raisons de sant\u00e9, a, suivant les statuts de la soci\u00e9t\u00e9, remis en d\u00e9l\u00e9gation une partie de ses pouvoirs \u00e0 son propre fils, St\u00e9phane Divry. Il a deux autres fils, Robert et Henri Divry. En 1953, L\u00e9opold rach\u00e8te les parts de Th\u00e9ophile. Le tissage est totalement arr\u00eat\u00e9. En 1954, il y a reprise partielle de l\u2019activit\u00e9 avec 12 \u00e0 20 m\u00e9tiers en marche puis 12 \u00e0 15 m\u00e9tiers en 1955. Faute de commandes suffisantes et face aux charges \u00e9normes, le tissage ferme d\u00e9finitivement le 31 d\u00e9cembre 1973. Le magasin d\u2019usine continue son activit\u00e9 jusqu\u2019en 1988. Il est tenu par Anne-Marie Divry, fille d\u2019Henri Divry. <\/p>\n\n\n\n<p>Source du texte : Claude Lompret <a aria-label=\"Fourmies en Avesnois (opens in a new tab)\" href=\"http:\/\/fourmiesnordcl.canalblog.com\/archives\/2018\/12\/24\/36966228.html\" target=\"_blank\" rel=\"noreferrer noopener\">Fourmies en Avesnois<\/a><\/p>\n\n\n\n<p class=\"has-text-align-center\">***<\/p>\n\n\n<div class=\"wp-block-image\">\n<figure class=\"aligncenter is-resized\"><img loading=\"lazy\" decoding=\"async\" data-attachment-id=\"7543\" data-permalink=\"http:\/\/patrimoine-avesnois.fr\/chemin\/fourmies\/318_001-3\/\" data-orig-file=\"https:\/\/i0.wp.com\/patrimoine-avesnois.fr\/chemin\/wp-content\/uploads\/2019\/07\/318_001-1.jpg?fit=1313%2C934\" data-orig-size=\"1313,934\" data-comments-opened=\"1\" data-image-meta=\"{&quot;aperture&quot;:&quot;0&quot;,&quot;credit&quot;:&quot;&quot;,&quot;camera&quot;:&quot;&quot;,&quot;caption&quot;:&quot;&quot;,&quot;created_timestamp&quot;:&quot;1563702498&quot;,&quot;copyright&quot;:&quot;&quot;,&quot;focal_length&quot;:&quot;0&quot;,&quot;iso&quot;:&quot;0&quot;,&quot;shutter_speed&quot;:&quot;0&quot;,&quot;title&quot;:&quot;&quot;,&quot;orientation&quot;:&quot;0&quot;}\" data-image-title=\"318_001\" data-image-description=\"\" data-image-caption=\"\" data-large-file=\"https:\/\/i0.wp.com\/patrimoine-avesnois.fr\/chemin\/wp-content\/uploads\/2019\/07\/318_001-1.jpg?fit=840%2C597\" src=\"https:\/\/i2.wp.com\/patrimoine-avesnois.fr\/chemin\/wp-content\/uploads\/2019\/07\/318_001-1.jpg?fit=840%2C597\" alt=\"\" class=\"wp-image-7543\" width=\"630\" height=\"448\" srcset=\"https:\/\/i0.wp.com\/patrimoine-avesnois.fr\/chemin\/wp-content\/uploads\/2019\/07\/318_001-1.jpg?w=1313 1313w, https:\/\/i0.wp.com\/patrimoine-avesnois.fr\/chemin\/wp-content\/uploads\/2019\/07\/318_001-1.jpg?resize=300%2C213 300w, https:\/\/i0.wp.com\/patrimoine-avesnois.fr\/chemin\/wp-content\/uploads\/2019\/07\/318_001-1.jpg?resize=768%2C546 768w, https:\/\/i0.wp.com\/patrimoine-avesnois.fr\/chemin\/wp-content\/uploads\/2019\/07\/318_001-1.jpg?resize=1024%2C728 1024w, https:\/\/i0.wp.com\/patrimoine-avesnois.fr\/chemin\/wp-content\/uploads\/2019\/07\/318_001-1.jpg?resize=1200%2C854 1200w\" sizes=\"auto, (max-width: 630px) 85vw, 630px\" \/><figcaption class=\"wp-element-caption\">L&rsquo;Eglise St Pierre datant de 1859-1862. Elle fut d\u00e9saffect\u00e9e en 1973.<\/figcaption><\/figure>\n<\/div>\n\n<div class=\"wp-block-image\">\n<figure class=\"aligncenter is-resized\"><img loading=\"lazy\" decoding=\"async\" data-attachment-id=\"7619\" data-permalink=\"http:\/\/patrimoine-avesnois.fr\/chemin\/fourmies\/420_001\/\" data-orig-file=\"https:\/\/i0.wp.com\/patrimoine-avesnois.fr\/chemin\/wp-content\/uploads\/2019\/07\/420_001.jpg?fit=1598%2C1053\" data-orig-size=\"1598,1053\" data-comments-opened=\"1\" data-image-meta=\"{&quot;aperture&quot;:&quot;0&quot;,&quot;credit&quot;:&quot;&quot;,&quot;camera&quot;:&quot;&quot;,&quot;caption&quot;:&quot;&quot;,&quot;created_timestamp&quot;:&quot;1563722574&quot;,&quot;copyright&quot;:&quot;&quot;,&quot;focal_length&quot;:&quot;0&quot;,&quot;iso&quot;:&quot;0&quot;,&quot;shutter_speed&quot;:&quot;0&quot;,&quot;title&quot;:&quot;&quot;,&quot;orientation&quot;:&quot;1&quot;}\" data-image-title=\"420_001\" data-image-description=\"\" data-image-caption=\"\" data-large-file=\"https:\/\/i0.wp.com\/patrimoine-avesnois.fr\/chemin\/wp-content\/uploads\/2019\/07\/420_001.jpg?fit=840%2C554\" src=\"https:\/\/i2.wp.com\/patrimoine-avesnois.fr\/chemin\/wp-content\/uploads\/2019\/07\/420_001.jpg?fit=840%2C554\" alt=\"\" class=\"wp-image-7619\" width=\"630\" height=\"416\" srcset=\"https:\/\/i0.wp.com\/patrimoine-avesnois.fr\/chemin\/wp-content\/uploads\/2019\/07\/420_001.jpg?w=1598 1598w, https:\/\/i0.wp.com\/patrimoine-avesnois.fr\/chemin\/wp-content\/uploads\/2019\/07\/420_001.jpg?resize=300%2C198 300w, https:\/\/i0.wp.com\/patrimoine-avesnois.fr\/chemin\/wp-content\/uploads\/2019\/07\/420_001.jpg?resize=768%2C506 768w, https:\/\/i0.wp.com\/patrimoine-avesnois.fr\/chemin\/wp-content\/uploads\/2019\/07\/420_001.jpg?resize=1024%2C675 1024w, https:\/\/i0.wp.com\/patrimoine-avesnois.fr\/chemin\/wp-content\/uploads\/2019\/07\/420_001.jpg?resize=1200%2C791 1200w\" sizes=\"auto, (max-width: 630px) 85vw, 630px\" \/><\/figure>\n<\/div>\n\n\n<ul class=\"wp-block-list\">\n<li>1860&nbsp;: L&rsquo;\u00e9glise Saint-Pierre est construite. Elle est inaugur\u00e9e le 23 novembre 1862 par le cardinal R\u00e9gnier, archev\u00eaque de Cambrai. C&rsquo;est au pied de l&rsquo;\u00e9glise Saint-Pierre, \u00e0 l&rsquo;\u00e9poque, place de la Mairie, que le march\u00e9 hebdomadaire rassemblait les \u00e9tals des marchands forains et aussi des fermiers venus y vendre leur beurre et leurs fromages. Aujourd&rsquo;hui, le march\u00e9 hebdomadaire a lieu place de la R\u00e9publique. L&rsquo;\u00e9glise fut d\u00e9truite en 1974.<\/li>\n<\/ul>\n\n\n\n<p class=\"has-text-align-center\">***<\/p>\n\n\n<div class=\"wp-block-image\">\n<figure class=\"aligncenter is-resized\"><img loading=\"lazy\" decoding=\"async\" data-attachment-id=\"7565\" data-permalink=\"http:\/\/patrimoine-avesnois.fr\/chemin\/fourmies\/407_001\/\" data-orig-file=\"https:\/\/i0.wp.com\/patrimoine-avesnois.fr\/chemin\/wp-content\/uploads\/2019\/07\/407_001.jpg?fit=1599%2C1058\" data-orig-size=\"1599,1058\" data-comments-opened=\"1\" data-image-meta=\"{&quot;aperture&quot;:&quot;0&quot;,&quot;credit&quot;:&quot;&quot;,&quot;camera&quot;:&quot;&quot;,&quot;caption&quot;:&quot;&quot;,&quot;created_timestamp&quot;:&quot;1554318716&quot;,&quot;copyright&quot;:&quot;&quot;,&quot;focal_length&quot;:&quot;0&quot;,&quot;iso&quot;:&quot;0&quot;,&quot;shutter_speed&quot;:&quot;0&quot;,&quot;title&quot;:&quot;&quot;,&quot;orientation&quot;:&quot;0&quot;}\" data-image-title=\"407_001\" data-image-description=\"\" data-image-caption=\"\" data-large-file=\"https:\/\/i0.wp.com\/patrimoine-avesnois.fr\/chemin\/wp-content\/uploads\/2019\/07\/407_001.jpg?fit=840%2C556\" src=\"https:\/\/i0.wp.com\/patrimoine-avesnois.fr\/chemin\/wp-content\/uploads\/2019\/07\/407_001.jpg?fit=840%2C556\" alt=\"\" class=\"wp-image-7565\" width=\"630\" height=\"417\" srcset=\"https:\/\/i0.wp.com\/patrimoine-avesnois.fr\/chemin\/wp-content\/uploads\/2019\/07\/407_001.jpg?w=1599 1599w, https:\/\/i0.wp.com\/patrimoine-avesnois.fr\/chemin\/wp-content\/uploads\/2019\/07\/407_001.jpg?resize=300%2C198 300w, https:\/\/i0.wp.com\/patrimoine-avesnois.fr\/chemin\/wp-content\/uploads\/2019\/07\/407_001.jpg?resize=768%2C508 768w, https:\/\/i0.wp.com\/patrimoine-avesnois.fr\/chemin\/wp-content\/uploads\/2019\/07\/407_001.jpg?resize=1024%2C678 1024w, https:\/\/i0.wp.com\/patrimoine-avesnois.fr\/chemin\/wp-content\/uploads\/2019\/07\/407_001.jpg?resize=1200%2C794 1200w\" sizes=\"auto, (max-width: 630px) 85vw, 630px\" \/><\/figure>\n<\/div>\n\n\n<ul class=\"wp-block-list\">\n<li>1862&nbsp;: La chapelle de Trieux de Villers (ainsi que l&rsquo;\u00e9glise Saint-Pierre) sont inaugur\u00e9es par le cardinal R\u00e9gnier, archev\u00eaque de Cambrai.<\/li>\n<\/ul>\n\n\n\n<p class=\"has-text-align-center\">***<\/p>\n\n\n\n<p>En 1858, Th\u00e9ophile Legrand d\u00e9cide de cr\u00e9er pour ses ouvriers une soci\u00e9t\u00e9 de Secours Mutuel. Mais son initiative d\u00e9range les desseins du r\u00e9gime en place, au point qu\u2019une lettre du Sous-pr\u00e9fet lui demande de surseoir instamment \u00e0 son projet.&nbsp; Ce projet de cr\u00e9ation d&rsquo;une soci\u00e9t\u00e9 de&nbsp;Secours Mutuel&nbsp;a le soutein de son ami filateur et futur maire de&nbsp;Fourmies Edouard Flament qui concr\u00e9tise en 1865 ce projet.<\/p>\n\n\n\n<ul class=\"wp-block-list\">\n<li>1865&nbsp;: Cr\u00e9ation de la Soci\u00e9t\u00e9 de \u00ab&nbsp;Secours Mutuel&nbsp;\u00bb par \u00c9douard Flament, maire de Fourmies de 1876 \u00e0 1877 puis de 1878 \u00e0 1883. <br>Fond\u00e9e donc en 1865 par \u00c9douard Flament, elle c\u00e9da  le pas en 1928 \u00e0 la Mutuelle Familiale de la R\u00e9gion de Fourmies. <\/li>\n<\/ul>\n\n\n\n<p class=\"has-text-align-center\">***<\/p>\n\n\n<div class=\"wp-block-image\">\n<figure class=\"aligncenter is-resized\"><img data-recalc-dims=\"1\" loading=\"lazy\" decoding=\"async\" data-attachment-id=\"7559\" data-permalink=\"http:\/\/patrimoine-avesnois.fr\/chemin\/fourmies\/image-1169\/\" data-orig-file=\"https:\/\/i0.wp.com\/patrimoine-avesnois.fr\/chemin\/wp-content\/uploads\/2019\/07\/image-143.png?fit=886%2C567\" data-orig-size=\"886,567\" data-comments-opened=\"1\" data-image-meta=\"{&quot;aperture&quot;:&quot;0&quot;,&quot;credit&quot;:&quot;&quot;,&quot;camera&quot;:&quot;&quot;,&quot;caption&quot;:&quot;&quot;,&quot;created_timestamp&quot;:&quot;0&quot;,&quot;copyright&quot;:&quot;&quot;,&quot;focal_length&quot;:&quot;0&quot;,&quot;iso&quot;:&quot;0&quot;,&quot;shutter_speed&quot;:&quot;0&quot;,&quot;title&quot;:&quot;&quot;,&quot;orientation&quot;:&quot;0&quot;}\" data-image-title=\"image\" data-image-description=\"\" data-image-caption=\"\" data-large-file=\"https:\/\/i0.wp.com\/patrimoine-avesnois.fr\/chemin\/wp-content\/uploads\/2019\/07\/image-143.png?fit=840%2C538\" src=\"https:\/\/i0.wp.com\/patrimoine-avesnois.fr\/chemin\/wp-content\/uploads\/2019\/07\/image-143.png?resize=665%2C425\" alt=\"\" class=\"wp-image-7559\" width=\"665\" height=\"425\" srcset=\"https:\/\/i0.wp.com\/patrimoine-avesnois.fr\/chemin\/wp-content\/uploads\/2019\/07\/image-143.png?w=886 886w, https:\/\/i0.wp.com\/patrimoine-avesnois.fr\/chemin\/wp-content\/uploads\/2019\/07\/image-143.png?resize=300%2C192 300w, https:\/\/i0.wp.com\/patrimoine-avesnois.fr\/chemin\/wp-content\/uploads\/2019\/07\/image-143.png?resize=768%2C491 768w\" sizes=\"auto, (max-width: 665px) 85vw, 665px\" \/><\/figure>\n<\/div>\n\n<div class=\"wp-block-image\">\n<figure class=\"aligncenter is-resized\"><img loading=\"lazy\" decoding=\"async\" src=\"https:\/\/i1.wp.com\/upload.wikimedia.org\/wikipedia\/commons\/c\/cd\/Br%C3%A9ger_-_FOURMIES_-_La_Gare.JPG?resize=640%2C411&amp;ssl=1\" alt=\"Le b\u00c3\u00a2timent voyageurs vers 1900\" width=\"665\" height=\"426\"\/><figcaption class=\"wp-element-caption\">Le b\u00e2timent voyageurs vers 1900<\/figcaption><\/figure>\n<\/div>\n\n<div class=\"wp-block-image\">\n<figure class=\"aligncenter is-resized\"><img loading=\"lazy\" decoding=\"async\" src=\"https:\/\/i2.wp.com\/upload.wikimedia.org\/wikipedia\/commons\/thumb\/b\/be\/Fourmies_%28Nord%2C_Fr%29_la_gare.jpg\/1280px-Fourmies_%28Nord%2C_Fr%29_la_gare.jpg?resize=640%2C480&amp;ssl=1\" alt=\"Image illustrative de l\u00e2\u0080\u0099article Gare de Fourmies\" width=\"665\" height=\"500\"\/><figcaption class=\"wp-element-caption\">Le b\u00e2timent voyageurs et l\u2019entr\u00e9e de la gare<\/figcaption><\/figure>\n<\/div>\n\n\n<ul class=\"wp-block-list\">\n<li>1866&nbsp;: Construction de la ligne de chemin de fer qui va de Valenciennes \u00e0 Hirson et construction de la&nbsp;<a href=\"https:\/\/fr.wikipedia.org\/wiki\/Gare_de_Fourmies\" target=\"_blank\" rel=\"noreferrer noopener\">Gare de Fourmies<\/a> <\/li>\n<\/ul>\n\n\n\n<p class=\"has-text-align-center\">***<\/p>\n\n\n<div class=\"wp-block-image\">\n<figure class=\"aligncenter is-resized\"><img data-recalc-dims=\"1\" loading=\"lazy\" decoding=\"async\" data-attachment-id=\"7525\" data-permalink=\"http:\/\/patrimoine-avesnois.fr\/chemin\/fourmies\/321_001\/\" data-orig-file=\"https:\/\/i0.wp.com\/patrimoine-avesnois.fr\/chemin\/wp-content\/uploads\/2019\/07\/321_001.jpg?fit=972%2C632\" data-orig-size=\"972,632\" data-comments-opened=\"1\" data-image-meta=\"{&quot;aperture&quot;:&quot;0&quot;,&quot;credit&quot;:&quot;&quot;,&quot;camera&quot;:&quot;&quot;,&quot;caption&quot;:&quot;&quot;,&quot;created_timestamp&quot;:&quot;1563636698&quot;,&quot;copyright&quot;:&quot;&quot;,&quot;focal_length&quot;:&quot;0&quot;,&quot;iso&quot;:&quot;0&quot;,&quot;shutter_speed&quot;:&quot;0&quot;,&quot;title&quot;:&quot;&quot;,&quot;orientation&quot;:&quot;1&quot;}\" data-image-title=\"321_001\" data-image-description=\"\" data-image-caption=\"\" data-large-file=\"https:\/\/i0.wp.com\/patrimoine-avesnois.fr\/chemin\/wp-content\/uploads\/2019\/07\/321_001.jpg?fit=840%2C546\" src=\"https:\/\/i0.wp.com\/patrimoine-avesnois.fr\/chemin\/wp-content\/uploads\/2019\/07\/321_001.jpg?resize=729%2C474\" alt=\"\" class=\"wp-image-7525\" width=\"729\" height=\"474\" srcset=\"https:\/\/i0.wp.com\/patrimoine-avesnois.fr\/chemin\/wp-content\/uploads\/2019\/07\/321_001.jpg?w=972 972w, https:\/\/i0.wp.com\/patrimoine-avesnois.fr\/chemin\/wp-content\/uploads\/2019\/07\/321_001.jpg?resize=300%2C195 300w, https:\/\/i0.wp.com\/patrimoine-avesnois.fr\/chemin\/wp-content\/uploads\/2019\/07\/321_001.jpg?resize=768%2C499 768w\" sizes=\"auto, (max-width: 729px) 85vw, 729px\" \/><figcaption class=\"wp-element-caption\">Verrerie Noire<\/figcaption><\/figure>\n<\/div>\n\n<div class=\"wp-block-image\">\n<figure class=\"aligncenter is-resized\"><img data-recalc-dims=\"1\" loading=\"lazy\" decoding=\"async\" data-attachment-id=\"7522\" data-permalink=\"http:\/\/patrimoine-avesnois.fr\/chemin\/fourmies\/image-1162\/\" data-orig-file=\"https:\/\/i0.wp.com\/patrimoine-avesnois.fr\/chemin\/wp-content\/uploads\/2019\/07\/image-136.png?fit=382%2C219\" data-orig-size=\"382,219\" data-comments-opened=\"1\" data-image-meta=\"{&quot;aperture&quot;:&quot;0&quot;,&quot;credit&quot;:&quot;&quot;,&quot;camera&quot;:&quot;&quot;,&quot;caption&quot;:&quot;&quot;,&quot;created_timestamp&quot;:&quot;0&quot;,&quot;copyright&quot;:&quot;&quot;,&quot;focal_length&quot;:&quot;0&quot;,&quot;iso&quot;:&quot;0&quot;,&quot;shutter_speed&quot;:&quot;0&quot;,&quot;title&quot;:&quot;&quot;,&quot;orientation&quot;:&quot;0&quot;}\" data-image-title=\"image\" data-image-description=\"\" data-image-caption=\"\" data-large-file=\"https:\/\/i0.wp.com\/patrimoine-avesnois.fr\/chemin\/wp-content\/uploads\/2019\/07\/image-136.png?fit=382%2C219\" src=\"https:\/\/i0.wp.com\/patrimoine-avesnois.fr\/chemin\/wp-content\/uploads\/2019\/07\/image-136.png?resize=729%2C420\" alt=\"\" class=\"wp-image-7522\" width=\"729\" height=\"420\" srcset=\"https:\/\/i0.wp.com\/patrimoine-avesnois.fr\/chemin\/wp-content\/uploads\/2019\/07\/image-136.png?w=382 382w, https:\/\/i0.wp.com\/patrimoine-avesnois.fr\/chemin\/wp-content\/uploads\/2019\/07\/image-136.png?resize=300%2C172 300w\" sizes=\"auto, (max-width: 729px) 85vw, 729px\" \/><figcaption class=\"wp-element-caption\">Verrerie \u00e0 bouteilles, Chomel, Legrand (verreries noires)  <\/figcaption><\/figure>\n<\/div>\n\n\n<ul class=\"wp-block-list\">\n<li>1868&nbsp;: la \u00ab&nbsp;<a aria-label=\" (opens in a new tab)\" href=\"https:\/\/fr.wikipedia.org\/wiki\/Verreries_de_Fourmies\" target=\"_blank\" rel=\"noreferrer noopener\">verrerie noire<\/a>&nbsp;\u00bb voit le jour \u00e0 Fourmies (production de bouteilles de champagne). Le dernier four \u00e0 verre noir s&rsquo;\u00e9teint \u00e0 Fourmies en 1958.<\/li>\n<\/ul>\n\n\n\n<ul class=\"wp-block-list\">\n<li>1869&nbsp;: arriv\u00e9e du chemin de fer \u00e0 Fourmies avec la mise en service, le 30 octobre 1869, de la section de chemin de fer Aulnoye &#8211; Hirson<\/li>\n<\/ul>\n\n\n\n<p class=\"has-text-align-center\">***<\/p>\n\n\n<div class=\"wp-block-image\">\n<figure class=\"aligncenter is-resized\"><img data-recalc-dims=\"1\" loading=\"lazy\" decoding=\"async\" src=\"https:\/\/i0.wp.com\/www.theophilelegrand.w1w.fr\/upload\/Prix_2013\/P18_-_2.JPG?resize=567%2C426\" alt=\"\" width=\"567\" height=\"426\"\/><\/figure>\n<\/div>\n\n<div class=\"wp-block-image\">\n<figure class=\"aligncenter is-resized\"><img data-recalc-dims=\"1\" loading=\"lazy\" decoding=\"async\" src=\"https:\/\/i0.wp.com\/www.fourmies.fr\/upload\/img\/208297_filature.jpg?resize=567%2C334&#038;ssl=1\" alt=\"\" width=\"567\" height=\"334\"\/><\/figure>\n<\/div>\n\n\n<ul class=\"wp-block-list\">\n<li>1872&nbsp;: Apog\u00e9e de l\u2019industrie laini\u00e8re \u00e0 Fourmies.<\/li>\n<\/ul>\n\n\n\n<ul class=\"wp-block-list\">\n<li>1872 : <\/li>\n<\/ul>\n\n\n<div class=\"wp-block-image\">\n<figure class=\"aligncenter\"><img decoding=\"async\" src=\"https:\/\/i0.wp.com\/patrimoine-avesnois.fr\/chemin\/wp-content\/uploads\/2019\/07\/486_001.jpg?fit=840%2C579\" alt=\"L\u00c3\u00a2\u00c2\u0080\u00c2\u0099attribut alt de cette image est vide, son nom de fichier est 486_001.jpg.\"\/><figcaption class=\"wp-element-caption\">Vue a\u00e9rienne de l\u2019\u00e9glise Notre Dame<\/figcaption><\/figure>\n<\/div>\n\n<div class=\"wp-block-image\">\n<figure class=\"aligncenter\"><img decoding=\"async\" src=\"https:\/\/i0.wp.com\/patrimoine-avesnois.fr\/chemin\/wp-content\/uploads\/2019\/07\/Capture-36.jpg?w=840\" alt=\"L\u00c3\u00a2\u00c2\u0080\u00c2\u0099attribut alt de cette image est vide, son nom de fichier est Capture-36.jpg.\"\/><figcaption class=\"wp-element-caption\">L\u2019\u00e9glise Notre Dame<\/figcaption><\/figure>\n<\/div>\n\n\n<p>Avec l\u2019expansion \u00e9conomique textile, une seconde \u00e9glise, Notre-Dame, est construite en 1872 dans le quartier de Trieux&nbsp;; elle a remplac\u00e9 une chapelle datant de 1862 et d\u00e9molie en 1884.<\/p>\n\n\n\n<p>Pierre Honorez, install\u00e9 \u00e0 Fourmies depuis janvier 1873, est le premier cur\u00e9 de la paroisse de Trieux-de-Villers, car le d\u00e9cret \u00e9rigeant ce quartier en \u00ab\u00a0\u00e9glise succursale\u00a0\u00bb ne date que du 24 d\u00e9cembre 1872. (ADN 2V33 Organisation et police du culte catholique Circonscription paroissiale : Fourmies ). La cr\u00e9ation de cette circonscription eccl\u00e9siastique est due \u00e0 l&rsquo;augmentation consid\u00e9rable de la population de cette ville qui s&rsquo;est d\u00e9couvert une vocation industrielle. En novembre 1864, l\u2019archev\u00each\u00e9 avait d\u00e9j\u00e0 nomm\u00e9 un second vicaire \u00e0 Fourmies avant d&rsquo;en envoyer en 1869 un troisi\u00e8me en r\u00e9sidence \u00e0 Trieux-de-Villers, simple hameau avant l&rsquo;\u00e9panouissement des filatures. (Archives municipales de Fourmies 1 P 7 Relations avec le clerg\u00e9). Il faut en effet encadrer les quelque trois mille ouvriers qui se sont install\u00e9s sur cette butte impropre \u00e0 l&rsquo;installation d&rsquo;usines. <\/p>\n\n\n\n<p>L&rsquo;\u00e9glise est l&rsquo;ancienne chapelle Notre Dame du D\u00e9frich\u00e9, construite en 1862 par le cur\u00e9 de la paroisse Saint Pierre de Fourmies, Charles Louis, qui l&rsquo;a revendue \u00e0 la commune. (Arnaud Lictevout, le si\u00e8cle des b\u00e2tisseurs). Elle sera agrandie plusieurs fois avant d&rsquo;\u00eatre reconstruite et consacr\u00e9e en 1890.<\/p>\n\n\n\n<ul class=\"wp-block-list\">\n<li>1874&nbsp;: Cr\u00e9ation de la \u00ab&nbsp;Soci\u00e9t\u00e9 du commerce et de l\u2019industrie laini\u00e8re de la r\u00e9gion de Fourmies&nbsp;\u00bb <br>Elle a pour vocation la d\u00e9fense des int\u00e9r\u00eats \u00e9conomiques de la r\u00e9gion. Elle suscite notamment la cr\u00e9ation d&rsquo;un bureau de conditionnement des fils de laine peign\u00e9e et de cours pour am\u00e9liorer la formation de la main d&rsquo;oeuvre. Ses membres sont tous issus du patronat textile de la r\u00e9gion mais elle ne poursuit pas de but lucratif et int\u00e9ress\u00e9. Elle est d\u00e9clar\u00e9e d&rsquo;utilit\u00e9 publique par un d\u00e9cret de 1886. A la fin du XIX<sup>e<\/sup>&nbsp;si\u00e8cle, elle prend le nom de Soci\u00e9t\u00e9 industrielle de la r\u00e9gion de Fourmies car elle se diversifie peu \u00e0 peu dans la composition de ses adh\u00e9rents (verrerie, brasserie&#8230;). Cette diversification poussera \u00e0 la cr\u00e9ation d&rsquo;un syndicat sp\u00e9cialis\u00e9 dans le textile, l&rsquo;Union des filateurs (1888). On compte parmi les personnalit\u00e9s les plus marquantes Charles Belin, Paul Mariage, Doyen, Jules Paillet, Legrand, Legeay, Boussus. Ses adh\u00e9rents doivent verser une cotisation mensuelle dite taxe d&rsquo;apprentissage qui sert \u00e0 subventionner une \u00e9cole pratique et une \u00e9cole m\u00e9nag\u00e8re. Elle s&rsquo;occupe plus sp\u00e9cifiquement de la r\u00e9partition des taxes et des imp\u00f4ts entre les adh\u00e9rents. Elle produit par ailleurs des statistiques et des \u00e9tudes sur l&rsquo;activit\u00e9 des usines textiles. Avant la cr\u00e9ation du Syndicat patronal textile de Fourmies et du Cambr\u00e9sis, elle g\u00e8re les questions \u00e9conomiques li\u00e9es aux r\u00e9quisitions et aux dommages de guerre, et traite des affaires et des conflits sociaux. <\/li>\n<\/ul>\n\n\n\n<p class=\"has-text-align-center\">***<\/p>\n\n\n<div class=\"wp-block-image\">\n<figure class=\"aligncenter is-resized\"><img loading=\"lazy\" decoding=\"async\" src=\"https:\/\/gallica.bnf.fr\/ark:\/12148\/bpt6k1265404w\/f1.highres\" alt=\"\" width=\"449\" height=\"630\"\/><\/figure>\n<\/div>\n\n\n<ul class=\"wp-block-list\">\n<li>1876&nbsp;: Cr\u00e9ation du \u00ab\u00a0Journal de Fourmies\u00a0\u00bb, hebdomadaire qui est paru de 1876 \u00e0 1939. Il a \u00e9t\u00e9 fond\u00e9 par Victor Bachy. Le 1er exemplaire est sorti des presses le dimanche 29 octobre 1876. A l&rsquo;origine, les bureaux \u00e9taient implant\u00e9s rue des Rousseaux, avant d&#8217;emm\u00e9nager rue Cousin-Corbier puis du G\u00e9n\u00e9ral Leclerc. Cet hebdomadaire \u00ab\u00a0non politique, litt\u00e9raire, scientifique, industriel et commercial\u00a0\u00bb fut, au d\u00e9but, \u00ab\u00a0une feuille\u00a0\u00bb destin\u00e9e \u00e0 tous les industriels et n\u00e9gociants de la laine, avant de s&rsquo;\u00e9toffer pour informer toute la population locale.<\/li>\n<\/ul>\n\n\n\n<p>Les anciens locaux du Journal de Fourmies sont occup\u00e9s depuis septembre 2018 par la Maison de l&rsquo;Europe,  qui est une association contribuant, par ses actions, tant sur le plan p\u00e9dagogique que celui de l&rsquo;information, \u00e0 rapprocher les citoyens des institutions europ\u00e9ennes.  <\/p>\n\n\n\n<p class=\"has-text-align-center\">***<\/p>\n\n\n<div class=\"wp-block-image\">\n<figure class=\"aligncenter is-resized\"><img data-recalc-dims=\"1\" loading=\"lazy\" decoding=\"async\" data-attachment-id=\"7548\" data-permalink=\"http:\/\/patrimoine-avesnois.fr\/chemin\/fourmies\/image-1165\/\" data-orig-file=\"https:\/\/i0.wp.com\/patrimoine-avesnois.fr\/chemin\/wp-content\/uploads\/2019\/07\/image-139.png?fit=263%2C356\" data-orig-size=\"263,356\" data-comments-opened=\"1\" data-image-meta=\"{&quot;aperture&quot;:&quot;0&quot;,&quot;credit&quot;:&quot;&quot;,&quot;camera&quot;:&quot;&quot;,&quot;caption&quot;:&quot;&quot;,&quot;created_timestamp&quot;:&quot;0&quot;,&quot;copyright&quot;:&quot;&quot;,&quot;focal_length&quot;:&quot;0&quot;,&quot;iso&quot;:&quot;0&quot;,&quot;shutter_speed&quot;:&quot;0&quot;,&quot;title&quot;:&quot;&quot;,&quot;orientation&quot;:&quot;0&quot;}\" data-image-title=\"image\" data-image-description=\"\" data-image-caption=\"\" data-large-file=\"https:\/\/i0.wp.com\/patrimoine-avesnois.fr\/chemin\/wp-content\/uploads\/2019\/07\/image-139.png?fit=263%2C356\" src=\"https:\/\/i0.wp.com\/patrimoine-avesnois.fr\/chemin\/wp-content\/uploads\/2019\/07\/image-139.png?resize=363%2C491\" alt=\"\" class=\"wp-image-7548\" width=\"363\" height=\"491\" srcset=\"https:\/\/i0.wp.com\/patrimoine-avesnois.fr\/chemin\/wp-content\/uploads\/2019\/07\/image-139.png?w=263 263w, https:\/\/i0.wp.com\/patrimoine-avesnois.fr\/chemin\/wp-content\/uploads\/2019\/07\/image-139.png?resize=222%2C300 222w\" sizes=\"auto, (max-width: 363px) 85vw, 363px\" \/><figcaption class=\"wp-element-caption\">Th\u00e9ophile Legrand<\/figcaption><\/figure>\n<\/div>\n\n<div class=\"wp-block-image\">\n<figure class=\"aligncenter is-resized\"><img data-recalc-dims=\"1\" loading=\"lazy\" decoding=\"async\" src=\"https:\/\/i0.wp.com\/www.theophilelegrand.w1w.fr\/upload\/Buste_de_Theophile_Legrand.jpg?resize=400%2C533\" alt=\"\" width=\"400\" height=\"533\"\/><\/figure>\n<\/div>\n\n\n<ul class=\"wp-block-list\">\n<li>1877&nbsp;: Mort de Th\u00e9ophile Legrand, homme de bien, fondateur de l\u2019industrie laini\u00e8re et acteur principal de l\u2019essor de Fourmies.<\/li>\n<\/ul>\n\n\n<div class=\"wp-block-image\">\n<figure class=\"aligncenter\"><img data-recalc-dims=\"1\" decoding=\"async\" src=\"https:\/\/i0.wp.com\/e-monumen.net\/wp-content\/uploads\/9508_image_11.jpg?w=840&#038;ssl=1\" alt=\"R\u00c3\u00a9sultat de recherche d'images pour &quot;m\u00c3\u00a9morial Th\u00c3\u00a9ophile legrand fourmies&quot;\"\/><\/figure>\n<\/div>\n\n<div class=\"wp-block-image\">\n<figure class=\"aligncenter is-resized\"><img data-recalc-dims=\"1\" loading=\"lazy\" decoding=\"async\" src=\"https:\/\/i0.wp.com\/p9.storage.canalblog.com\/93\/44\/1215255\/123986396_o.jpg?resize=700%2C448&#038;ssl=1\" alt=\"R\u00c3\u00a9sultat de recherche d'images pour &quot;m\u00c3\u00a9morial Th\u00c3\u00a9ophile legrand fourmies&quot;\" width=\"700\" height=\"448\"\/><\/figure>\n<\/div>\n\n<div class=\"wp-block-image\">\n<figure class=\"aligncenter is-resized\"><img data-recalc-dims=\"1\" loading=\"lazy\" decoding=\"async\" src=\"https:\/\/i0.wp.com\/e-monumen.net\/wp-content\/uploads\/430943.jpg?resize=355%2C550&#038;ssl=1\" alt=\"R\u00c3\u00a9sultat de recherche d'images pour &quot;m\u00c3\u00a9morial Th\u00c3\u00a9ophile legrand fourmies&quot;\" width=\"355\" height=\"550\"\/><\/figure>\n<\/div>\n\n\n<p class=\"has-text-align-center\">***<\/p>\n\n\n\n<ul class=\"wp-block-list\">\n<li>1878&nbsp;: La Soci\u00e9t\u00e9 industrielle pr\u00e9sente une exposition collective des produits lainiers fabriqu\u00e9s dans la r\u00e9gion, \u00e0 l&rsquo;exposition universelle. Elle y remporte un dipl\u00f4me d\u2019honneur. En 1878, presque l&rsquo;apog\u00e9e de l&rsquo;industrie textile \u00e0 Fourmies, la r\u00e9gion de Fourmies produit 10&nbsp;621&nbsp;tonnes de laine peign\u00e9e, fil\u00e9e et tiss\u00e9e. <\/li>\n<\/ul>\n\n\n\n<p class=\"has-text-align-center\">***<\/p>\n\n\n<div class=\"wp-block-image\">\n<figure class=\"aligncenter is-resized\"><img data-recalc-dims=\"1\" loading=\"lazy\" decoding=\"async\" data-attachment-id=\"7517\" data-permalink=\"http:\/\/patrimoine-avesnois.fr\/chemin\/fourmies\/973_001\/\" data-orig-file=\"https:\/\/i0.wp.com\/patrimoine-avesnois.fr\/chemin\/wp-content\/uploads\/2019\/07\/973_001.jpg?fit=819%2C520\" data-orig-size=\"819,520\" data-comments-opened=\"1\" data-image-meta=\"{&quot;aperture&quot;:&quot;0&quot;,&quot;credit&quot;:&quot;&quot;,&quot;camera&quot;:&quot;&quot;,&quot;caption&quot;:&quot;&quot;,&quot;created_timestamp&quot;:&quot;1563634158&quot;,&quot;copyright&quot;:&quot;&quot;,&quot;focal_length&quot;:&quot;0&quot;,&quot;iso&quot;:&quot;0&quot;,&quot;shutter_speed&quot;:&quot;0&quot;,&quot;title&quot;:&quot;&quot;,&quot;orientation&quot;:&quot;0&quot;}\" data-image-title=\"973_001\" data-image-description=\"\" data-image-caption=\"\" data-large-file=\"https:\/\/i0.wp.com\/patrimoine-avesnois.fr\/chemin\/wp-content\/uploads\/2019\/07\/973_001.jpg?fit=819%2C520\" src=\"https:\/\/i0.wp.com\/patrimoine-avesnois.fr\/chemin\/wp-content\/uploads\/2019\/07\/973_001.jpg?resize=614%2C390\" alt=\"\" class=\"wp-image-7517\" width=\"614\" height=\"390\" srcset=\"https:\/\/i0.wp.com\/patrimoine-avesnois.fr\/chemin\/wp-content\/uploads\/2019\/07\/973_001.jpg?w=819 819w, https:\/\/i0.wp.com\/patrimoine-avesnois.fr\/chemin\/wp-content\/uploads\/2019\/07\/973_001.jpg?resize=300%2C190 300w, https:\/\/i0.wp.com\/patrimoine-avesnois.fr\/chemin\/wp-content\/uploads\/2019\/07\/973_001.jpg?resize=768%2C488 768w\" sizes=\"auto, (max-width: 614px) 85vw, 614px\" \/><\/figure>\n<\/div>\n\n\n<ul class=\"wp-block-list\">\n<li>1881&nbsp;: Installation du t\u00e9l\u00e9phone en ville. <\/li>\n\n\n\n<li>La m\u00eame ann\u00e9e, les travaux de construction du groupe scolaire Victor-Hugo (actuelle mairie) commencent. En 1883, une \u00e9cole maternelle y est ouverte. Le groupe scolaire permet ensuite de pr\u00e9parer aux examens du certificat d&rsquo;\u00e9tudes et au brevet, l&rsquo;\u00e9cole devenant \u00ab\u00a0primaire sup\u00e9rieure\u00a0\u00bb.<\/li>\n<\/ul>\n\n\n<div class=\"wp-block-image\">\n<figure class=\"aligncenter is-resized\"><img data-recalc-dims=\"1\" loading=\"lazy\" decoding=\"async\" src=\"https:\/\/i0.wp.com\/patrimoine-avesnois.fr\/chemin\/wp-content\/uploads\/2019\/07\/image-134.png?resize=639%2C442\" alt=\"L\u00e2\u0080\u0099attribut alt de cette image est vide, son nom de fichier est image-134.png.\" width=\"639\" height=\"442\"\/><figcaption class=\"wp-element-caption\"><em>L&rsquo;Hotel de Ville<\/em> <a aria-label=\"Son site internet (opens in a new tab)\" href=\"https:\/\/www.fourmies.fr\/\" target=\"_blank\" rel=\"noreferrer noopener\">Son site internet<\/a><\/figcaption><\/figure>\n<\/div>\n\n\n<p>La source des donn\u00e9es ci-dessus est le site de la Ville de Fourmies et le site du Minist\u00e8re de la Culture (Base ARCHIM).<\/p>\n\n\n<div class=\"wp-block-image\">\n<figure class=\"aligncenter is-resized\"><img loading=\"lazy\" decoding=\"async\" data-attachment-id=\"7652\" data-permalink=\"http:\/\/patrimoine-avesnois.fr\/chemin\/fourmies\/536_001\/\" data-orig-file=\"https:\/\/i0.wp.com\/patrimoine-avesnois.fr\/chemin\/wp-content\/uploads\/2019\/07\/536_001.jpg?fit=1296%2C1025\" data-orig-size=\"1296,1025\" data-comments-opened=\"1\" data-image-meta=\"{&quot;aperture&quot;:&quot;0&quot;,&quot;credit&quot;:&quot;&quot;,&quot;camera&quot;:&quot;&quot;,&quot;caption&quot;:&quot;&quot;,&quot;created_timestamp&quot;:&quot;1563749026&quot;,&quot;copyright&quot;:&quot;&quot;,&quot;focal_length&quot;:&quot;0&quot;,&quot;iso&quot;:&quot;0&quot;,&quot;shutter_speed&quot;:&quot;0&quot;,&quot;title&quot;:&quot;&quot;,&quot;orientation&quot;:&quot;0&quot;}\" data-image-title=\"536_001\" data-image-description=\"\" data-image-caption=\"\" data-large-file=\"https:\/\/i0.wp.com\/patrimoine-avesnois.fr\/chemin\/wp-content\/uploads\/2019\/07\/536_001.jpg?fit=840%2C664\" src=\"https:\/\/i2.wp.com\/patrimoine-avesnois.fr\/chemin\/wp-content\/uploads\/2019\/07\/536_001.jpg?fit=840%2C664\" alt=\"\" class=\"wp-image-7652\" width=\"630\" height=\"498\" srcset=\"https:\/\/i0.wp.com\/patrimoine-avesnois.fr\/chemin\/wp-content\/uploads\/2019\/07\/536_001.jpg?w=1296 1296w, https:\/\/i0.wp.com\/patrimoine-avesnois.fr\/chemin\/wp-content\/uploads\/2019\/07\/536_001.jpg?resize=300%2C237 300w, https:\/\/i0.wp.com\/patrimoine-avesnois.fr\/chemin\/wp-content\/uploads\/2019\/07\/536_001.jpg?resize=768%2C607 768w, https:\/\/i0.wp.com\/patrimoine-avesnois.fr\/chemin\/wp-content\/uploads\/2019\/07\/536_001.jpg?resize=1024%2C810 1024w, https:\/\/i0.wp.com\/patrimoine-avesnois.fr\/chemin\/wp-content\/uploads\/2019\/07\/536_001.jpg?resize=1200%2C949 1200w\" sizes=\"auto, (max-width: 630px) 85vw, 630px\" \/><figcaption class=\"wp-element-caption\">Le Tramway en 1907<\/figcaption><\/figure>\n<\/div>\n\n\n<ul class=\"wp-block-list\">\n<li>1884 \u00e0 1903&nbsp;: Le tramway est n\u00e9 \u00e0 Fourmies en lien avec les besoins des industries textiles en mati\u00e8re de transport de marchandises mais aussi pour faciliter le transport des ouvriers qui travaillaient dans les usines. Le r\u00e9seau comportait deux lignes principales dont le point de d\u00e9part se trouvait \u00e0 la gare ferroviaire de Fourmies. La premi\u00e8re ligne permettait de rejoindre Wignehies, la deuxi\u00e8me, Trieux de Villers. \u00c0 noter qu&rsquo;onze voies secondaires desservaient des entreprises textiles. Les locomotives \u00e0 vapeur \u00e9taient utilis\u00e9es pour le trafic voyageur et marchandise sur une voie dite \u00ab&nbsp;m\u00e9trique&nbsp;\u00bb. Au total, le r\u00e9seau comportait 10&nbsp;<abbr title=\"kilom\u00e8tre\">km<\/abbr>&nbsp;de lignes. Le tramway a fonctionn\u00e9 de 1884 \u00e0 fin 1903.<\/li>\n\n\n\n<li>1885&nbsp;: Une deuxi\u00e8me ligne de chemin de fer dessert Fourmies. Le 29 ao\u00fbt 1885 est inaugur\u00e9e la&nbsp;<a aria-label=\" (opens in a new tab)\" href=\"https:\/\/fr.wikipedia.org\/wiki\/Ligne_de_chemin_de_fer_Maubeuge_-_Fourmies\" target=\"_blank\" rel=\"noreferrer noopener\">ligne de chemin de fer Maubeuge &#8211; Fourmies<\/a>.  \u00c0 partir du 1er septembre 1885, la ligne est exploit\u00e9e commercialement. Victime du d\u00e9veloppement de la motorisation individuelle, le service voyageur sera supprim\u00e9 sur toute la ligne l2 28 septembre 1969.<\/li>\n<\/ul>\n\n\n\n<p class=\"has-text-align-center\">***<\/p>\n\n\n<div class=\"wp-block-image\">\n<figure class=\"aligncenter is-resized\"><img data-recalc-dims=\"1\" loading=\"lazy\" decoding=\"async\" data-attachment-id=\"7616\" data-permalink=\"http:\/\/patrimoine-avesnois.fr\/chemin\/fourmies\/982_001\/\" data-orig-file=\"https:\/\/i0.wp.com\/patrimoine-avesnois.fr\/chemin\/wp-content\/uploads\/2019\/07\/982_001.jpg?fit=996%2C635\" data-orig-size=\"996,635\" data-comments-opened=\"1\" data-image-meta=\"{&quot;aperture&quot;:&quot;0&quot;,&quot;credit&quot;:&quot;&quot;,&quot;camera&quot;:&quot;&quot;,&quot;caption&quot;:&quot;&quot;,&quot;created_timestamp&quot;:&quot;1563722972&quot;,&quot;copyright&quot;:&quot;&quot;,&quot;focal_length&quot;:&quot;0&quot;,&quot;iso&quot;:&quot;0&quot;,&quot;shutter_speed&quot;:&quot;0&quot;,&quot;title&quot;:&quot;&quot;,&quot;orientation&quot;:&quot;0&quot;}\" data-image-title=\"982_001\" data-image-description=\"\" data-image-caption=\"\" data-large-file=\"https:\/\/i0.wp.com\/patrimoine-avesnois.fr\/chemin\/wp-content\/uploads\/2019\/07\/982_001.jpg?fit=840%2C536\" src=\"https:\/\/i0.wp.com\/patrimoine-avesnois.fr\/chemin\/wp-content\/uploads\/2019\/07\/982_001.jpg?resize=643%2C410\" alt=\"\" class=\"wp-image-7616\" width=\"643\" height=\"410\" srcset=\"https:\/\/i0.wp.com\/patrimoine-avesnois.fr\/chemin\/wp-content\/uploads\/2019\/07\/982_001.jpg?w=996 996w, https:\/\/i0.wp.com\/patrimoine-avesnois.fr\/chemin\/wp-content\/uploads\/2019\/07\/982_001.jpg?resize=300%2C191 300w, https:\/\/i0.wp.com\/patrimoine-avesnois.fr\/chemin\/wp-content\/uploads\/2019\/07\/982_001.jpg?resize=768%2C490 768w\" sizes=\"auto, (max-width: 643px) 85vw, 643px\" \/><\/figure>\n<\/div>\n\n\n<ul class=\"wp-block-list\">\n<li>1er mai 1891 :  Fusillade de Fourmies, premi\u00e8re c\u00e9l\u00e9bration fran\u00e7aise de la&nbsp;<a href=\"https:\/\/fr.wikipedia.org\/wiki\/Journ%C3%A9e_internationale_des_travailleurs\">Journ\u00e9e internationale des travailleurs<\/a>. \u00c0 Fourmies (Nord) la troupe tire sur les gr\u00e9vistes pacifiques&nbsp;: neuf morts, dont huit manifestants de moins de 21 ans, parmi lesquels une jeune ouvri\u00e8re qui restera comme un symbole, Maria Blondeau, et 35 bless\u00e9s.<\/li>\n<\/ul>\n\n\n\n<p>La fusillade du&nbsp;<abbr title=\"Premier\">1<sup>er<\/sup><\/abbr>&nbsp;mai \u00e0 Fourmies provoque une vive \u00e9motion dans la France enti\u00e8re. Elle est consid\u00e9r\u00e9e aujourd&rsquo;hui comme l&rsquo;un des \u00e9v\u00e9nements fondateurs du mouvement ouvrier Jean Jaur\u00e8s&nbsp;se rendra m\u00eame peu apr\u00e8s \u00e0 Fourmies pour y prononcer un discours tandis que Georges Clemenceau&nbsp;d\u00e9clarera devant les d\u00e9put\u00e9s que \u00ab&nbsp;c&rsquo;est le Quatri\u00e8me \u00e9tat qui s&rsquo;est lev\u00e9&nbsp;\u00bb.Le&nbsp;<abbr title=\"Premier\">1<sup>er<\/sup><\/abbr>&nbsp;mai 1903 est inaugur\u00e9 \u00e0 Fourmies un monument \u00e0 la m\u00e9moire des victimes dans le cimeti\u00e8re du centre<\/p>\n\n\n\n<p class=\"has-text-align-center\">***<\/p>\n\n\n<div class=\"wp-block-image\">\n<figure class=\"aligncenter is-resized\"><img loading=\"lazy\" decoding=\"async\" data-attachment-id=\"7523\" data-permalink=\"http:\/\/patrimoine-avesnois.fr\/chemin\/fourmies\/789_001\/\" data-orig-file=\"https:\/\/i0.wp.com\/patrimoine-avesnois.fr\/chemin\/wp-content\/uploads\/2019\/07\/789_001.jpg?fit=1589%2C1038\" data-orig-size=\"1589,1038\" data-comments-opened=\"1\" data-image-meta=\"{&quot;aperture&quot;:&quot;0&quot;,&quot;credit&quot;:&quot;&quot;,&quot;camera&quot;:&quot;&quot;,&quot;caption&quot;:&quot;&quot;,&quot;created_timestamp&quot;:&quot;1563635966&quot;,&quot;copyright&quot;:&quot;&quot;,&quot;focal_length&quot;:&quot;0&quot;,&quot;iso&quot;:&quot;0&quot;,&quot;shutter_speed&quot;:&quot;0&quot;,&quot;title&quot;:&quot;&quot;,&quot;orientation&quot;:&quot;0&quot;}\" data-image-title=\"789_001\" data-image-description=\"\" data-image-caption=\"\" data-large-file=\"https:\/\/i0.wp.com\/patrimoine-avesnois.fr\/chemin\/wp-content\/uploads\/2019\/07\/789_001.jpg?fit=840%2C549\" src=\"https:\/\/i1.wp.com\/patrimoine-avesnois.fr\/chemin\/wp-content\/uploads\/2019\/07\/789_001.jpg?fit=840%2C549\" alt=\"\" class=\"wp-image-7523\" width=\"630\" height=\"412\" srcset=\"https:\/\/i0.wp.com\/patrimoine-avesnois.fr\/chemin\/wp-content\/uploads\/2019\/07\/789_001.jpg?w=1589 1589w, https:\/\/i0.wp.com\/patrimoine-avesnois.fr\/chemin\/wp-content\/uploads\/2019\/07\/789_001.jpg?resize=300%2C196 300w, https:\/\/i0.wp.com\/patrimoine-avesnois.fr\/chemin\/wp-content\/uploads\/2019\/07\/789_001.jpg?resize=768%2C502 768w, https:\/\/i0.wp.com\/patrimoine-avesnois.fr\/chemin\/wp-content\/uploads\/2019\/07\/789_001.jpg?resize=1024%2C669 1024w, https:\/\/i0.wp.com\/patrimoine-avesnois.fr\/chemin\/wp-content\/uploads\/2019\/07\/789_001.jpg?resize=1200%2C784 1200w\" sizes=\"auto, (max-width: 630px) 85vw, 630px\" \/><\/figure>\n<\/div>\n\n\n<ul class=\"wp-block-list\">\n<li>1900 : fondation de la Verrerie de flaconnage dite  \u00ab&nbsp;Le Fourneau&nbsp;\u00bb (verrerie blanche)<\/li>\n<\/ul>\n\n\n\n<p class=\"has-text-align-center\">***<\/p>\n\n\n\n<ul class=\"wp-block-list\">\n<li>1914-1918&nbsp;: Du 27 ao\u00fbt 1914 jusque presque l\u2019armistice du 11 novembre 1918, la Ville est occup\u00e9e par les troupes allemandes. Au niveau \u00e9conomique, 88&nbsp;% du potentiel industriel est d\u00e9truit durant l\u2019occupation. Au niveau des infrastructures ferroviaires, le viaduc (longueur 110&nbsp;m\u00e8tres, compos\u00e9 de 6 arches de 16,50&nbsp;<abbr title=\"m\u00e8tre\">m<\/abbr>&nbsp;en ma\u00e7onnerie de brique) qui permet de franchir la vall\u00e9e de l&rsquo;Helpe Mineure est d\u00e9truit par le g\u00e9nie fran\u00e7ais le 25 ao\u00fbt 1914 \u00e0 l&rsquo;approche des troupes ennemies. Toutefois, en 1915, il est reconstruit en provisoire (en bois) par le G\u00e9nie allemand en 40 jours avec 600 hommes. Les Allemands reconstruisirent le pont en dur (pilastres en briques et longerons m\u00e9talliques) avant la fin de la guerre 1914-1918. L&rsquo;ouvrage, apr\u00e8s plusieurs campagnes de renforcement, sera reconstruit ensuite en 1979. Le 7 novembre 1918, les pl\u00e9nipotentiaires allemands arrivant de Spa (Belgique) font une halte \u00e0 Fourmies avant de franchir les lignes pour proposer le premier armistice de la fin de la Premi\u00e8re guerre mondiale. Le 8 novembre 1918 marque la d\u00e9b\u00e2cle allemande \u00e0 Fourmies.<\/li>\n\n\n\n<li>1919&nbsp;: Le 25 juin, cr\u00e9ation de la \u00ab\u00a0Soci\u00e9t\u00e9 des Filatures de laine peign\u00e9e de la R\u00e9gion de Fourmies\u00a0\u00bb &#8211; la SFRF &#8211; r\u00e9sultat de l\u2019union de 25 \u00e9tablissements textiles ayant mis en commun leurs dommages de guerre.<\/li>\n\n\n\n<li>1920&nbsp;: Comme apr\u00e8s toutes les guerres, les Fran\u00e7ais apr\u00e8s l\u2019Armistice de 1918, veulent vivre et se passionnent pour cette nouveaut\u00e9 qu&rsquo;est l&rsquo;automobile. \u00c0 Fourmies,&nbsp;<a aria-label=\" (opens in a new tab)\" href=\"https:\/\/fr.wikipedia.org\/w\/index.php?title=Paul_Genestin&amp;action=edit&amp;redlink=1\" target=\"_blank\" rel=\"noreferrer noopener\">Paul Genestin<\/a>, fils d&rsquo;un marchand de meubles, avec quelques amis, ouvre un garage rue du conditionnement et r\u00e9cup\u00e9ra quelques \u00e9paves et du mat\u00e9riel des surplus de l&rsquo;arm\u00e9e. En 1920 naquit la premi\u00e8re&nbsp;<em>Genestin<\/em>, ce que nous appellerions de nos jours un \u00ab&nbsp;<em>bitza<\/em>&nbsp;\u00bb constitu\u00e9 de divers \u00e9l\u00e9ments. Cette politique sera celle de Paul Genestin qui n&rsquo;avait pas les moyens d&rsquo;investir dans des machines-outils, un bureau d&rsquo;\u00e9tude ni bien s\u00fbr dans une cha\u00eene de montage.<\/li>\n\n\n\n<li>En 1922, Paul Genestin fonde la S.A Automobiles Paul Genestin et s&rsquo;installe dans un garage plus spacieux, place Clavon, toujours \u00e0 Fourmies. Il construit des automobiles mais toujours avec des \u00e9l\u00e9ments provenant de l&rsquo;ext\u00e9rieur, constructeurs ou fournisseurs. Les moteurs viennent de chez Firet, \u00e0 Maubeuge, les ch\u00e2ssis et essieux de chez Malicel et Blin, les carrosseries de chez Bastien \u00e0 Fourmies ou de chez Deshayes et Courtoix \u00e0 Avesnes. Genestin n&rsquo;assure que le montage mais le fait bien et surtout avec cette fa\u00e7on de travailler, il peut r\u00e9pondre plus facilement aux souhaits de la client\u00e8le. Il propose une petite gamme, les types G7, GS8, GL9, les deux premi\u00e8res \u00e9quip\u00e9es de 4 cylindres 1&nbsp;550&nbsp;<abbr title=\"centim\u00e8tre cube\">cm<sup>3<\/sup><\/abbr>, la derni\u00e8re \u00e9tant motoris\u00e9e par 6 cylindres de 1&nbsp;700&nbsp;<abbr title=\"centim\u00e8tre cube\">cm<sup>3<\/sup><\/abbr>. Toutes sortes de carrosseries pouvaient s&rsquo;adapter \u00e0 ces ch\u00e2ssis, la GS8 pouvait \u00eatre \u00e9quip\u00e9e d&rsquo;un moteur \u00e0 compresseur. C&rsquo;est avec ce mod\u00e8le que Paul Genestin prend le d\u00e9part de l&rsquo;\u00e9preuve r\u00e9gionale dite Circuit des routes pav\u00e9es du Nord.<\/li>\n<\/ul>\n\n\n\n<p class=\"has-text-align-center\">***<\/p>\n\n\n<div class=\"wp-block-image\">\n<figure class=\"aligncenter is-resized\"><img loading=\"lazy\" decoding=\"async\" data-attachment-id=\"7574\" data-permalink=\"http:\/\/patrimoine-avesnois.fr\/chemin\/fourmies\/capture-231\/\" data-orig-file=\"https:\/\/i0.wp.com\/patrimoine-avesnois.fr\/chemin\/wp-content\/uploads\/2019\/07\/Capture-38.jpg?fit=1050%2C788\" data-orig-size=\"1050,788\" data-comments-opened=\"1\" data-image-meta=\"{&quot;aperture&quot;:&quot;0&quot;,&quot;credit&quot;:&quot;CARRE&quot;,&quot;camera&quot;:&quot;&quot;,&quot;caption&quot;:&quot;&quot;,&quot;created_timestamp&quot;:&quot;1563711239&quot;,&quot;copyright&quot;:&quot;&quot;,&quot;focal_length&quot;:&quot;0&quot;,&quot;iso&quot;:&quot;0&quot;,&quot;shutter_speed&quot;:&quot;0&quot;,&quot;title&quot;:&quot;&quot;,&quot;orientation&quot;:&quot;0&quot;}\" data-image-title=\"Capture\" data-image-description=\"\" data-image-caption=\"\" data-large-file=\"https:\/\/i0.wp.com\/patrimoine-avesnois.fr\/chemin\/wp-content\/uploads\/2019\/07\/Capture-38.jpg?fit=840%2C630\" src=\"https:\/\/i1.wp.com\/patrimoine-avesnois.fr\/chemin\/wp-content\/uploads\/2019\/07\/Capture-38.jpg?fit=840%2C630\" alt=\"\" class=\"wp-image-7574\" width=\"642\" height=\"483\" srcset=\"https:\/\/i0.wp.com\/patrimoine-avesnois.fr\/chemin\/wp-content\/uploads\/2019\/07\/Capture-38.jpg?w=1050 1050w, https:\/\/i0.wp.com\/patrimoine-avesnois.fr\/chemin\/wp-content\/uploads\/2019\/07\/Capture-38.jpg?resize=300%2C225 300w, https:\/\/i0.wp.com\/patrimoine-avesnois.fr\/chemin\/wp-content\/uploads\/2019\/07\/Capture-38.jpg?resize=768%2C576 768w, https:\/\/i0.wp.com\/patrimoine-avesnois.fr\/chemin\/wp-content\/uploads\/2019\/07\/Capture-38.jpg?resize=1024%2C768 1024w\" sizes=\"auto, (max-width: 642px) 85vw, 642px\" \/><figcaption class=\"wp-element-caption\">Maison des Associations<\/figcaption><\/figure>\n<\/div>\n\n\n<ul class=\"wp-block-list\">\n<li>1923&nbsp;: Construction des bains-douches place de Verdun. Aujourd&rsquo;hui, le b\u00e2timent correspond \u00e0 la Maison des Associations (depuis 1994)<\/li>\n<\/ul>\n\n\n\n<p class=\"has-text-align-center\">***<\/p>\n\n\n<div class=\"wp-block-image\">\n<figure class=\"aligncenter\"><img data-recalc-dims=\"1\" decoding=\"async\" src=\"https:\/\/i0.wp.com\/www.canalfm.fr\/upload\/medias\/Paul_Genestin%201.jpg?w=840&#038;ssl=1\" alt=\"\"\/><\/figure>\n<\/div>\n\n\n<ul class=\"wp-block-list\">\n<li>Au Salon 1924, Paul Genestin rencontre la direction de la Soci\u00e9t\u00e9 de Construction Industrielle de Moteurs \u00e0 Explosion et adopte ses groupes motopropulseurs performants. Tout en mettant au point des inventions telles qu&rsquo;une bo\u00eete de vitesses hydraulique et un syst\u00e8me de freinage \u00e0 bandes, Paul Genestin essaie toujours de promouvoir ses voitures par la comp\u00e9tition. Il engage une conduite int\u00e9rieure G7 dans le tout nouveau Grand Prix des Fronti\u00e8res \u00e0 Chimay et s&rsquo;impose dans la cat\u00e9gorie 1&nbsp;100&nbsp;<abbr title=\"centim\u00e8tre cube\">cm<sup>3<\/sup><\/abbr>&nbsp;en 1926.<\/li>\n<\/ul>\n\n\n<div class=\"wp-block-image\">\n<figure class=\"aligncenter is-resized\"><img data-recalc-dims=\"1\" loading=\"lazy\" decoding=\"async\" src=\"https:\/\/i0.wp.com\/genestin1927.e.g.f.unblog.fr\/files\/2007\/10\/genestin-a0-.jpg?resize=600%2C440\" alt=\"R\u00c3\u00a9sultat de recherche d'images pour &quot;Paul Genestin fourmies&quot;\" width=\"600\" height=\"440\"\/><\/figure>\n<\/div>\n\n\n<ul class=\"wp-block-list\">\n<li>En 1927, le catalogue Genestin comprend trois mod\u00e8les avec moteurs CIME. Le ch\u00e2ssis G7, 1&nbsp;100&nbsp;<abbr title=\"centim\u00e8tre cube\">cm<sup>3<\/sup><\/abbr>&nbsp;pouvait \u00eatre \u00e9quip\u00e9 d&rsquo;un moteur&nbsp;<a aria-label=\" (opens in a new tab)\" href=\"https:\/\/fr.wikipedia.org\/wiki\/Chapuis-Dornier\" target=\"_blank\" rel=\"noreferrer noopener\">Chapuis-Dornier<\/a>. Paul Genestin envisageait m\u00eame de s&rsquo;inscrire aux 24 heures du Mans avec la BC4, d\u00e9riv\u00e9e du mod\u00e8le GS8 mais son beau-fils se tua au volant d&rsquo;une de ses voitures, et le constructeur de Fourmies cessa toute activit\u00e9 sportive. La marque p\u00e9riclita et les portes de la petite usine ferm\u00e8rent d\u00e9finitivement fin 1929 apr\u00e8s qu&rsquo;un peu plus d&rsquo;une centaine de voitures aient \u00e9t\u00e9 assembl\u00e9es, toujours fid\u00e8les \u00e0 leur r\u00e9putation de robustesse et de qualit\u00e9, b\u00e9n\u00e9ficiant malgr\u00e9 tout de tous les raffinements en mati\u00e8re de confort et d&rsquo;agr\u00e9ment de conduite. Paul Genestin ruin\u00e9, partit au Maroc avec son \u00e9pouse et se blessant en remontant un moteur pour une entreprise de travaux publics, succomba \u00e0 une septic\u00e9mie en 1934.<\/li>\n<\/ul>\n\n\n\n<p>Voir l&rsquo;article  :<a aria-label=\" LA MARQUE DES VOITURES G\u00c9NESTIN RENA\u00ceT DE SES CENDRES \u00c0 FOURMIES (opens in a new tab)\" href=\"https:\/\/www.canalfm.fr\/news\/la-marque-des-voitures-genestin-renait-de-ses-cendres-a-fourmies-un-premier-prototype-sera-presente-en-mars-19508\" target=\"_blank\" rel=\"noreferrer noopener\"> LA MARQUE DES VOITURES G\u00c9NESTIN RENA\u00ceT DE SES CENDRES \u00c0 FOURMIES<\/a><\/p>\n\n\n\n<p class=\"has-text-align-center\">***<\/p>\n\n\n<div class=\"wp-block-image\">\n<figure class=\"aligncenter is-resized\"><img data-recalc-dims=\"1\" loading=\"lazy\" decoding=\"async\" data-attachment-id=\"7575\" data-permalink=\"http:\/\/patrimoine-avesnois.fr\/chemin\/fourmies\/image-1170\/\" data-orig-file=\"https:\/\/i0.wp.com\/patrimoine-avesnois.fr\/chemin\/wp-content\/uploads\/2019\/07\/image-144.png?fit=430%2C575\" data-orig-size=\"430,575\" data-comments-opened=\"1\" data-image-meta=\"{&quot;aperture&quot;:&quot;0&quot;,&quot;credit&quot;:&quot;&quot;,&quot;camera&quot;:&quot;&quot;,&quot;caption&quot;:&quot;&quot;,&quot;created_timestamp&quot;:&quot;0&quot;,&quot;copyright&quot;:&quot;&quot;,&quot;focal_length&quot;:&quot;0&quot;,&quot;iso&quot;:&quot;0&quot;,&quot;shutter_speed&quot;:&quot;0&quot;,&quot;title&quot;:&quot;&quot;,&quot;orientation&quot;:&quot;0&quot;}\" data-image-title=\"image\" data-image-description=\"\" data-image-caption=\"\" data-large-file=\"https:\/\/i0.wp.com\/patrimoine-avesnois.fr\/chemin\/wp-content\/uploads\/2019\/07\/image-144.png?fit=430%2C575\" src=\"https:\/\/i0.wp.com\/patrimoine-avesnois.fr\/chemin\/wp-content\/uploads\/2019\/07\/image-144.png?resize=378%2C505\" alt=\"\" class=\"wp-image-7575\" width=\"378\" height=\"505\" srcset=\"https:\/\/i0.wp.com\/patrimoine-avesnois.fr\/chemin\/wp-content\/uploads\/2019\/07\/image-144.png?w=430 430w, https:\/\/i0.wp.com\/patrimoine-avesnois.fr\/chemin\/wp-content\/uploads\/2019\/07\/image-144.png?resize=224%2C300 224w\" sizes=\"auto, (max-width: 378px) 85vw, 378px\" \/><figcaption class=\"wp-element-caption\">Grand prix de Fourmies<\/figcaption><\/figure>\n<\/div>\n\n\n<ul class=\"wp-block-list\">\n<li>1928&nbsp;: Premi\u00e8re \u00e9dition du Grand Prix de Fourmies, course cycliste aujourd&rsquo;hui inscrite au calendrier de l&rsquo;UCI.<\/li>\n<\/ul>\n\n\n\n<p class=\"has-text-align-center\">***<\/p>\n\n\n\n<ul class=\"wp-block-list\">\n<li>1929&nbsp;: le 21 juillet 1929, l&rsquo;Office public municipal d&rsquo;Habitations \u00e0 Bon March\u00e9 (HBM) est cr\u00e9\u00e9. <\/li>\n<\/ul>\n\n\n<div class=\"wp-block-image\">\n<figure class=\"aligncenter is-resized\"><img loading=\"lazy\" decoding=\"async\" data-attachment-id=\"7576\" data-permalink=\"http:\/\/patrimoine-avesnois.fr\/chemin\/fourmies\/image-1171\/\" data-orig-file=\"https:\/\/i0.wp.com\/patrimoine-avesnois.fr\/chemin\/wp-content\/uploads\/2019\/07\/image-145.png?fit=1204%2C919\" data-orig-size=\"1204,919\" data-comments-opened=\"1\" data-image-meta=\"{&quot;aperture&quot;:&quot;0&quot;,&quot;credit&quot;:&quot;&quot;,&quot;camera&quot;:&quot;&quot;,&quot;caption&quot;:&quot;&quot;,&quot;created_timestamp&quot;:&quot;0&quot;,&quot;copyright&quot;:&quot;&quot;,&quot;focal_length&quot;:&quot;0&quot;,&quot;iso&quot;:&quot;0&quot;,&quot;shutter_speed&quot;:&quot;0&quot;,&quot;title&quot;:&quot;&quot;,&quot;orientation&quot;:&quot;0&quot;}\" data-image-title=\"image\" data-image-description=\"\" data-image-caption=\"\" data-large-file=\"https:\/\/i0.wp.com\/patrimoine-avesnois.fr\/chemin\/wp-content\/uploads\/2019\/07\/image-145.png?fit=840%2C641\" src=\"https:\/\/i0.wp.com\/patrimoine-avesnois.fr\/chemin\/wp-content\/uploads\/2019\/07\/image-145.png?fit=840%2C641\" alt=\"\" class=\"wp-image-7576\" width=\"602\" height=\"460\" srcset=\"https:\/\/i0.wp.com\/patrimoine-avesnois.fr\/chemin\/wp-content\/uploads\/2019\/07\/image-145.png?w=1204 1204w, https:\/\/i0.wp.com\/patrimoine-avesnois.fr\/chemin\/wp-content\/uploads\/2019\/07\/image-145.png?resize=300%2C229 300w, https:\/\/i0.wp.com\/patrimoine-avesnois.fr\/chemin\/wp-content\/uploads\/2019\/07\/image-145.png?resize=768%2C586 768w, https:\/\/i0.wp.com\/patrimoine-avesnois.fr\/chemin\/wp-content\/uploads\/2019\/07\/image-145.png?resize=1024%2C782 1024w, https:\/\/i0.wp.com\/patrimoine-avesnois.fr\/chemin\/wp-content\/uploads\/2019\/07\/image-145.png?resize=1200%2C916 1200w\" sizes=\"auto, (max-width: 602px) 85vw, 602px\" \/><figcaption class=\"wp-element-caption\">\u00ab&nbsp;Le sanctuaire de l\u2019amour mis\u00e9ricordieux&nbsp;\u00bb, construit dans un parc de plusieurs hectares dans le style caract\u00e9ristique Art D\u00e9co des ann\u00e9es 30.&nbsp; <\/figcaption><\/figure>\n<\/div>\n\n\n<ul class=\"wp-block-list\">\n<li>D\u00e9but de la construction du monast\u00e8re des Clarisses rue de Paris (aujourd&rsquo;hui Avenue Kennedy). Le b\u00e2timent est construit par M. Brousmiche sur les plans de l&rsquo;architecte Bruyneel. Le monast\u00e8re est construit avec les dons de la population et la famille Legrand.<\/li>\n<\/ul>\n\n\n<div class=\"wp-block-image\">\n<figure class=\"aligncenter is-resized\"><img loading=\"lazy\" decoding=\"async\" data-attachment-id=\"7577\" data-permalink=\"http:\/\/patrimoine-avesnois.fr\/chemin\/fourmies\/image-1172\/\" data-orig-file=\"https:\/\/i0.wp.com\/patrimoine-avesnois.fr\/chemin\/wp-content\/uploads\/2019\/07\/image-146.png?fit=1596%2C1133\" data-orig-size=\"1596,1133\" data-comments-opened=\"1\" data-image-meta=\"{&quot;aperture&quot;:&quot;0&quot;,&quot;credit&quot;:&quot;&quot;,&quot;camera&quot;:&quot;&quot;,&quot;caption&quot;:&quot;&quot;,&quot;created_timestamp&quot;:&quot;0&quot;,&quot;copyright&quot;:&quot;&quot;,&quot;focal_length&quot;:&quot;0&quot;,&quot;iso&quot;:&quot;0&quot;,&quot;shutter_speed&quot;:&quot;0&quot;,&quot;title&quot;:&quot;&quot;,&quot;orientation&quot;:&quot;0&quot;}\" data-image-title=\"image\" data-image-description=\"\" data-image-caption=\"\" data-large-file=\"https:\/\/i0.wp.com\/patrimoine-avesnois.fr\/chemin\/wp-content\/uploads\/2019\/07\/image-146.png?fit=840%2C596\" src=\"https:\/\/i1.wp.com\/patrimoine-avesnois.fr\/chemin\/wp-content\/uploads\/2019\/07\/image-146.png?fit=840%2C596\" alt=\"\" class=\"wp-image-7577\" width=\"630\" height=\"447\" srcset=\"https:\/\/i0.wp.com\/patrimoine-avesnois.fr\/chemin\/wp-content\/uploads\/2019\/07\/image-146.png?w=1596 1596w, https:\/\/i0.wp.com\/patrimoine-avesnois.fr\/chemin\/wp-content\/uploads\/2019\/07\/image-146.png?resize=300%2C213 300w, https:\/\/i0.wp.com\/patrimoine-avesnois.fr\/chemin\/wp-content\/uploads\/2019\/07\/image-146.png?resize=768%2C545 768w, https:\/\/i0.wp.com\/patrimoine-avesnois.fr\/chemin\/wp-content\/uploads\/2019\/07\/image-146.png?resize=1024%2C727 1024w, https:\/\/i0.wp.com\/patrimoine-avesnois.fr\/chemin\/wp-content\/uploads\/2019\/07\/image-146.png?resize=1200%2C852 1200w\" sizes=\"auto, (max-width: 630px) 85vw, 630px\" \/><figcaption class=\"wp-element-caption\">Vue a\u00e9rienne du monast\u00e8re des Clarisses<\/figcaption><\/figure>\n<\/div>\n\n<div class=\"wp-block-image\">\n<figure class=\"aligncenter is-resized\"><img loading=\"lazy\" decoding=\"async\" data-attachment-id=\"7582\" data-permalink=\"http:\/\/patrimoine-avesnois.fr\/chemin\/fourmies\/image-1175\/\" data-orig-file=\"https:\/\/i0.wp.com\/patrimoine-avesnois.fr\/chemin\/wp-content\/uploads\/2019\/07\/image-149.png?fit=1048%2C776\" data-orig-size=\"1048,776\" data-comments-opened=\"1\" data-image-meta=\"{&quot;aperture&quot;:&quot;0&quot;,&quot;credit&quot;:&quot;&quot;,&quot;camera&quot;:&quot;&quot;,&quot;caption&quot;:&quot;&quot;,&quot;created_timestamp&quot;:&quot;0&quot;,&quot;copyright&quot;:&quot;&quot;,&quot;focal_length&quot;:&quot;0&quot;,&quot;iso&quot;:&quot;0&quot;,&quot;shutter_speed&quot;:&quot;0&quot;,&quot;title&quot;:&quot;&quot;,&quot;orientation&quot;:&quot;0&quot;}\" data-image-title=\"image\" data-image-description=\"\" data-image-caption=\"\" data-large-file=\"https:\/\/i0.wp.com\/patrimoine-avesnois.fr\/chemin\/wp-content\/uploads\/2019\/07\/image-149.png?fit=840%2C622\" src=\"https:\/\/i2.wp.com\/patrimoine-avesnois.fr\/chemin\/wp-content\/uploads\/2019\/07\/image-149.png?fit=840%2C622\" alt=\"\" class=\"wp-image-7582\" width=\"630\" height=\"467\" srcset=\"https:\/\/i0.wp.com\/patrimoine-avesnois.fr\/chemin\/wp-content\/uploads\/2019\/07\/image-149.png?w=1048 1048w, https:\/\/i0.wp.com\/patrimoine-avesnois.fr\/chemin\/wp-content\/uploads\/2019\/07\/image-149.png?resize=300%2C222 300w, https:\/\/i0.wp.com\/patrimoine-avesnois.fr\/chemin\/wp-content\/uploads\/2019\/07\/image-149.png?resize=768%2C569 768w, https:\/\/i0.wp.com\/patrimoine-avesnois.fr\/chemin\/wp-content\/uploads\/2019\/07\/image-149.png?resize=1024%2C758 1024w\" sizes=\"auto, (max-width: 630px) 85vw, 630px\" \/><figcaption class=\"wp-element-caption\">Prim&rsquo;toit 31 avenue du Pr\u00e9sident Kennedy<\/figcaption><\/figure>\n<\/div>\n\n\n<ul class=\"wp-block-list\">\n<li>1932&nbsp;: ouverture du monast\u00e8re rue de Paris qui accueille les Clarisses. Auparavant et depuis leur arriv\u00e9e en ville en 1922, les Clarisses \u00e9taient log\u00e9es rue Cousin Corbier.<\/li>\n<\/ul>\n\n\n\n<p>L&rsquo;ancien monast\u00e8re des Clarisses est d\u00e9sormais propri\u00e9t\u00e9 de l&rsquo;association Prim&rsquo;Toit (cr\u00e9\u00e9e en 1989) qui est un v\u00e9ritable  lieu d\u2019accueil, d\u2019information, d\u2019orientation et de recherche de logement et ce pour toutes personnes rencontrant des difficult\u00e9s. <\/p>\n\n\n\n<p>L\u2019association d\u2019insertion sociale par le logement, Prim\u2019Toit, a inaugur\u00e9, le 20 septembre 2015, le monast\u00e8re r\u00e9nov\u00e9 et mis aux normes des clarisses \u00e0 Fourmies qu\u2019elle a rachet\u00e9 en 2012. Les trois derni\u00e8res s\u0153urs avaient quitt\u00e9 les lieux en 2011. Ils accueillent d\u00e9sormais des adultes sans \u00ab&nbsp;chez-soi&nbsp;\u00bb. L\u2019esprit a \u00e9t\u00e9 conserv\u00e9. <\/p>\n\n\n\n<p class=\"has-text-align-center\">***<\/p>\n\n\n<div class=\"wp-block-image\">\n<figure class=\"aligncenter is-resized\"><img data-recalc-dims=\"1\" loading=\"lazy\" decoding=\"async\" data-attachment-id=\"7579\" data-permalink=\"http:\/\/patrimoine-avesnois.fr\/chemin\/fourmies\/image-1173\/\" data-orig-file=\"https:\/\/i0.wp.com\/patrimoine-avesnois.fr\/chemin\/wp-content\/uploads\/2019\/07\/image-147.png?fit=818%2C530\" data-orig-size=\"818,530\" data-comments-opened=\"1\" data-image-meta=\"{&quot;aperture&quot;:&quot;0&quot;,&quot;credit&quot;:&quot;&quot;,&quot;camera&quot;:&quot;&quot;,&quot;caption&quot;:&quot;&quot;,&quot;created_timestamp&quot;:&quot;0&quot;,&quot;copyright&quot;:&quot;&quot;,&quot;focal_length&quot;:&quot;0&quot;,&quot;iso&quot;:&quot;0&quot;,&quot;shutter_speed&quot;:&quot;0&quot;,&quot;title&quot;:&quot;&quot;,&quot;orientation&quot;:&quot;0&quot;}\" data-image-title=\"image\" data-image-description=\"\" data-image-caption=\"\" data-large-file=\"https:\/\/i0.wp.com\/patrimoine-avesnois.fr\/chemin\/wp-content\/uploads\/2019\/07\/image-147.png?fit=818%2C530\" src=\"https:\/\/i0.wp.com\/patrimoine-avesnois.fr\/chemin\/wp-content\/uploads\/2019\/07\/image-147.png?resize=614%2C398\" alt=\"\" class=\"wp-image-7579\" width=\"614\" height=\"398\" srcset=\"https:\/\/i0.wp.com\/patrimoine-avesnois.fr\/chemin\/wp-content\/uploads\/2019\/07\/image-147.png?w=818 818w, https:\/\/i0.wp.com\/patrimoine-avesnois.fr\/chemin\/wp-content\/uploads\/2019\/07\/image-147.png?resize=300%2C194 300w, https:\/\/i0.wp.com\/patrimoine-avesnois.fr\/chemin\/wp-content\/uploads\/2019\/07\/image-147.png?resize=768%2C498 768w\" sizes=\"auto, (max-width: 614px) 85vw, 614px\" \/><\/figure>\n<\/div>\n\n<div class=\"wp-block-image\">\n<figure class=\"aligncenter is-resized\"><img loading=\"lazy\" decoding=\"async\" data-attachment-id=\"7581\" data-permalink=\"http:\/\/patrimoine-avesnois.fr\/chemin\/fourmies\/image-1174\/\" data-orig-file=\"https:\/\/i0.wp.com\/patrimoine-avesnois.fr\/chemin\/wp-content\/uploads\/2019\/07\/image-148.png?fit=1125%2C784\" data-orig-size=\"1125,784\" data-comments-opened=\"1\" data-image-meta=\"{&quot;aperture&quot;:&quot;0&quot;,&quot;credit&quot;:&quot;&quot;,&quot;camera&quot;:&quot;&quot;,&quot;caption&quot;:&quot;&quot;,&quot;created_timestamp&quot;:&quot;0&quot;,&quot;copyright&quot;:&quot;&quot;,&quot;focal_length&quot;:&quot;0&quot;,&quot;iso&quot;:&quot;0&quot;,&quot;shutter_speed&quot;:&quot;0&quot;,&quot;title&quot;:&quot;&quot;,&quot;orientation&quot;:&quot;0&quot;}\" data-image-title=\"image\" data-image-description=\"\" data-image-caption=\"\" data-large-file=\"https:\/\/i0.wp.com\/patrimoine-avesnois.fr\/chemin\/wp-content\/uploads\/2019\/07\/image-148.png?fit=840%2C586\" src=\"https:\/\/i1.wp.com\/patrimoine-avesnois.fr\/chemin\/wp-content\/uploads\/2019\/07\/image-148.png?fit=840%2C586\" alt=\"\" class=\"wp-image-7581\" width=\"629\" height=\"439\" srcset=\"https:\/\/i0.wp.com\/patrimoine-avesnois.fr\/chemin\/wp-content\/uploads\/2019\/07\/image-148.png?w=1125 1125w, https:\/\/i0.wp.com\/patrimoine-avesnois.fr\/chemin\/wp-content\/uploads\/2019\/07\/image-148.png?resize=300%2C209 300w, https:\/\/i0.wp.com\/patrimoine-avesnois.fr\/chemin\/wp-content\/uploads\/2019\/07\/image-148.png?resize=768%2C535 768w, https:\/\/i0.wp.com\/patrimoine-avesnois.fr\/chemin\/wp-content\/uploads\/2019\/07\/image-148.png?resize=1024%2C714 1024w\" sizes=\"auto, (max-width: 629px) 85vw, 629px\" \/><\/figure>\n<\/div>\n\n<div class=\"wp-block-image\">\n<figure class=\"aligncenter is-resized\"><img data-recalc-dims=\"1\" loading=\"lazy\" decoding=\"async\" data-attachment-id=\"7587\" data-permalink=\"http:\/\/patrimoine-avesnois.fr\/chemin\/fourmies\/image-1177\/\" data-orig-file=\"https:\/\/i0.wp.com\/patrimoine-avesnois.fr\/chemin\/wp-content\/uploads\/2019\/07\/image-151.png?fit=927%2C662\" data-orig-size=\"927,662\" data-comments-opened=\"1\" data-image-meta=\"{&quot;aperture&quot;:&quot;0&quot;,&quot;credit&quot;:&quot;&quot;,&quot;camera&quot;:&quot;&quot;,&quot;caption&quot;:&quot;&quot;,&quot;created_timestamp&quot;:&quot;0&quot;,&quot;copyright&quot;:&quot;&quot;,&quot;focal_length&quot;:&quot;0&quot;,&quot;iso&quot;:&quot;0&quot;,&quot;shutter_speed&quot;:&quot;0&quot;,&quot;title&quot;:&quot;&quot;,&quot;orientation&quot;:&quot;0&quot;}\" data-image-title=\"image\" data-image-description=\"\" data-image-caption=\"\" data-large-file=\"https:\/\/i0.wp.com\/patrimoine-avesnois.fr\/chemin\/wp-content\/uploads\/2019\/07\/image-151.png?fit=840%2C600\" src=\"https:\/\/i0.wp.com\/patrimoine-avesnois.fr\/chemin\/wp-content\/uploads\/2019\/07\/image-151.png?resize=654%2C468\" alt=\"\" class=\"wp-image-7587\" width=\"654\" height=\"468\" srcset=\"https:\/\/i0.wp.com\/patrimoine-avesnois.fr\/chemin\/wp-content\/uploads\/2019\/07\/image-151.png?w=927 927w, https:\/\/i0.wp.com\/patrimoine-avesnois.fr\/chemin\/wp-content\/uploads\/2019\/07\/image-151.png?resize=300%2C214 300w, https:\/\/i0.wp.com\/patrimoine-avesnois.fr\/chemin\/wp-content\/uploads\/2019\/07\/image-151.png?resize=768%2C548 768w\" sizes=\"auto, (max-width: 654px) 85vw, 654px\" \/><figcaption class=\"wp-element-caption\">Th\u00e9\u00e2tre Municipal Jean  Ferrat<\/figcaption><\/figure>\n<\/div>\n\n\n<ul class=\"wp-block-list\">\n<li>1932&nbsp;: construction du Th\u00e9\u00e2tre (inauguration le 15 ao\u00fbt 1933) \u00e0 la suite de l&rsquo;incendie en 1928 de la salle des f\u00eates (inaugur\u00e9e le 8 novembre 1903) qui avait elle-m\u00eame succ\u00e9d\u00e9 \u00e0 une filature d\u00e9nomm\u00e9e \u00ab&nbsp;Le Palais&nbsp;\u00bb.<\/li>\n<\/ul>\n\n\n<div class=\"wp-block-image\">\n<figure class=\"aligncenter is-resized\"><img data-recalc-dims=\"1\" loading=\"lazy\" decoding=\"async\" src=\"https:\/\/i0.wp.com\/www.fourmies.fr\/upload\/sliders\/365849_-Parvis.jpg?resize=695%2C278&#038;ssl=1\" alt=\"Vue num\u00c3\u0083\u00c2\u00a9rique de la fa\u00c3\u0083\u00c2\u00a7ade du Th\u00c3\u0083\u00c2\u00a9\u00c3\u0083\u00c2\u00a2tre Jean Ferrat\" width=\"695\" height=\"278\"\/><\/figure>\n<\/div>\n\n\n<p>Le <a href=\"https:\/\/www.fourmies.fr\/pages\/page-theatre-22062015.html\" target=\"_blank\" rel=\"noreferrer noopener\">Th\u00e9\u00e2tre de Fourmies<\/a> (rue Emile Zola)&nbsp;: une saison culturelle est organis\u00e9e dans le cadre d&rsquo;une coop\u00e9ration transfrontali\u00e8re avec Hirson (Aisne) et Chimay (Belgique).<\/p>\n\n\n\n<p class=\"has-text-align-center\">***<\/p>\n\n\n\n<ul class=\"wp-block-list\">\n<li>1940&nbsp;: venue par la Belgique, la&nbsp;<abbr title=\"Septi\u00e8me\">7<sup>e<\/sup><\/abbr>&nbsp;Panzer (Division blind\u00e9e), command\u00e9e par le g\u00e9n\u00e9ral Erwin Rommel, arrive dans l&rsquo;Avesnois le 16 mai 1940 en passant par Clairfayts. Elle continue sa progression tr\u00e8s rapidement vers Avesnes-sur-Helpe puis Landrecies. Fourmies est ensuite occup\u00e9e. La plupart des usines sont arr\u00eat\u00e9es, faute de mati\u00e8re premi\u00e8re et de charbon. Pendant la guerre, plusieurs usines sont endommag\u00e9es (Marche et Levasseur, de La Roulette, Charles Petit). Les halles de marchandises de la gare et 24 immeubles d&rsquo;habitation sont d\u00e9truits (417 plus partiellement). Le 17 mai 1940, 3 des 9 avions fran\u00e7ais venus en mission dans la r\u00e9gion depuis la&nbsp;<a aria-label=\" (opens in a new tab)\" href=\"https:\/\/fr.wikipedia.org\/wiki\/Base_a%C3%A9rienne_de_Melun-Villaroche\" target=\"_blank\" rel=\"noreferrer noopener\">base a\u00e9rienne de Melun-Villaroche<\/a>&nbsp;sont abattus par les troupes allemandes. Les avions en flammes se sont \u00e9cras\u00e9s dans la for\u00eat \u00e0 proximit\u00e9 des \u00c9tangs des Moines.<\/li>\n<\/ul>\n\n\n<div class=\"wp-block-image\">\n<figure class=\"aligncenter is-resized\"><img loading=\"lazy\" decoding=\"async\" data-attachment-id=\"7614\" data-permalink=\"http:\/\/patrimoine-avesnois.fr\/chemin\/fourmies\/989_001\/\" data-orig-file=\"https:\/\/i0.wp.com\/patrimoine-avesnois.fr\/chemin\/wp-content\/uploads\/2019\/07\/989_001.jpg?fit=1598%2C1031\" data-orig-size=\"1598,1031\" data-comments-opened=\"1\" data-image-meta=\"{&quot;aperture&quot;:&quot;0&quot;,&quot;credit&quot;:&quot;&quot;,&quot;camera&quot;:&quot;&quot;,&quot;caption&quot;:&quot;&quot;,&quot;created_timestamp&quot;:&quot;1563722786&quot;,&quot;copyright&quot;:&quot;&quot;,&quot;focal_length&quot;:&quot;0&quot;,&quot;iso&quot;:&quot;0&quot;,&quot;shutter_speed&quot;:&quot;0&quot;,&quot;title&quot;:&quot;&quot;,&quot;orientation&quot;:&quot;0&quot;}\" data-image-title=\"989_001\" data-image-description=\"\" data-image-caption=\"\" data-large-file=\"https:\/\/i0.wp.com\/patrimoine-avesnois.fr\/chemin\/wp-content\/uploads\/2019\/07\/989_001.jpg?fit=840%2C542\" src=\"https:\/\/i2.wp.com\/patrimoine-avesnois.fr\/chemin\/wp-content\/uploads\/2019\/07\/989_001.jpg?fit=840%2C542\" alt=\"\" class=\"wp-image-7614\" width=\"630\" height=\"407\" srcset=\"https:\/\/i0.wp.com\/patrimoine-avesnois.fr\/chemin\/wp-content\/uploads\/2019\/07\/989_001.jpg?w=1598 1598w, https:\/\/i0.wp.com\/patrimoine-avesnois.fr\/chemin\/wp-content\/uploads\/2019\/07\/989_001.jpg?resize=300%2C194 300w, https:\/\/i0.wp.com\/patrimoine-avesnois.fr\/chemin\/wp-content\/uploads\/2019\/07\/989_001.jpg?resize=768%2C495 768w, https:\/\/i0.wp.com\/patrimoine-avesnois.fr\/chemin\/wp-content\/uploads\/2019\/07\/989_001.jpg?resize=1024%2C661 1024w, https:\/\/i0.wp.com\/patrimoine-avesnois.fr\/chemin\/wp-content\/uploads\/2019\/07\/989_001.jpg?resize=1200%2C774 1200w\" sizes=\"auto, (max-width: 630px) 85vw, 630px\" \/><\/figure>\n<\/div>\n\n\n<ul class=\"wp-block-list\">\n<li>1944&nbsp;: le 2 septembre 1944, des troupes am\u00e9ricaines lib\u00e8rent la ville. L&rsquo;Avesnois est lib\u00e9r\u00e9 par la&nbsp;<abbr title=\"Troisi\u00e8me\">3<sup>e<\/sup><\/abbr>&nbsp;division blind\u00e9e (g\u00e9n\u00e9ral Rose) appartenant au&nbsp;<abbr title=\"Septi\u00e8me\">7<sup>e<\/sup><\/abbr>&nbsp;corps (g\u00e9n\u00e9ral Collins) de la&nbsp;<abbr title=\"Premi\u00e8re\">1<sup>re<\/sup><\/abbr>&nbsp;arm\u00e9e US (g\u00e9n\u00e9ral&nbsp;<a aria-label=\" (opens in a new tab)\" rel=\"noreferrer noopener\" href=\"https:\/\/fr.wikipedia.org\/wiki\/Courtney_Hodges\" target=\"_blank\">Hodges<\/a>) qui fait partie du&nbsp;<abbr title=\"Douzi\u00e8me\">12<sup>e<\/sup><\/abbr>&nbsp;groupe d&rsquo;arm\u00e9e (<a rel=\"noreferrer noopener\" href=\"https:\/\/fr.wikipedia.org\/wiki\/Omar_Bradley\" target=\"_blank\">Bradley<\/a>). \u00c0 leur t\u00eate se trouve le g\u00e9n\u00e9ral&nbsp;<a rel=\"noreferrer noopener\" href=\"https:\/\/fr.wikipedia.org\/wiki\/Dwight_David_Eisenhower\" target=\"_blank\">Dwight David Eisenhower<\/a>. Plus pr\u00e9cis\u00e9ment, le 2 septembre 1944 en matin\u00e9e, arriv\u00e9es de Laon (Aisne) et se dirigeant vers Avesnes-sur-Helpe, les troupes am\u00e9ricaines apparaissent aux Noires Terres et s&rsquo;engagent dans la rue de Paris (actuellement avenue Kennedy). Elles se dirigent ensuite vers les rues des Rouets, des Carniaux (maintenant \u00c9douart-Verpreat), Cousin Corbier, Xavier Clavon et de l&rsquo;\u00c9maillerie (aujourd&rsquo;hui Th\u00e9ophile-Legrand). Quelques \u00e9chauffour\u00e9es ont lieu dans la journ\u00e9e li\u00e9es \u00e0 des retardataires allemands, fort d\u00e9sempar\u00e9s, qui \u00e9voluent encore dans la Grand&rsquo;Rue ou \u00e0 la pr\u00e9sence d&rsquo;une auto blind\u00e9e allemande en panne dans une p\u00e2ture \u00e0 Minonsars ou des voitures route d&rsquo;Anor. Si les Am\u00e9ricains sont accueillis par une nombreuse foule rue des Carniaux et \u00e0 l&rsquo;angle de la rue Saint-Louis, il n&rsquo;en est pas de m\u00eame quelques m\u00e8tres plus loin, rue Xavier-Clavon, apr\u00e8s \u00eatre pass\u00e9 devant l&rsquo;\u00e9glise Saint-Pierre. Avant le d\u00e9part des troupes ennemies, un char allemand est n\u00e9anmoins rest\u00e9 stationn\u00e9 sur la place proche (Clavon). Le char refuse de se rendre. Les blind\u00e9s am\u00e9ricains se positionnent alors et font feu. Le char de la Wehrmacht et ses occupants sont an\u00e9antis. La route est libre. La colonne alli\u00e9e reprend sa route vers le nord. La lib\u00e9ration de Fourmies aura dur\u00e9 deux heures. Vers&nbsp;17 heures, les groupements de la R\u00e9sistance se r\u00e9unissent en Mairie pour composer la nouvelle autorit\u00e9 communale. La guerre a laiss\u00e9 des traces&nbsp;:&nbsp;122 Fourmisiens&nbsp;ont perdu leur vie dont&nbsp;66 officiers&nbsp;et sous-officiers tu\u00e9s lors de combats ou morts en captivit\u00e9,&nbsp;15 personnes&nbsp;tu\u00e9es lors de la lib\u00e9ration, fusill\u00e9es ou mortes en d\u00e9portation et&nbsp;14 civils&nbsp;tu\u00e9s durant l&rsquo;exode ou pendant les bombardements.<\/li>\n\n\n\n<li>1949&nbsp;: cr\u00e9ation de l&rsquo;\u00ab&nbsp;\u00c9cole d\u2019apprentissage textile&nbsp;\u00bb. Premi\u00e8re ann\u00e9e de reprise du fonctionnement normal de l\u2019industrie textile. La r\u00e9gion poss\u00e8de encore 85&nbsp;% de l\u2019\u00e9quipement de filature national et 17&nbsp;% de l\u2019\u00e9quipement de tissage.<\/li>\n\n\n\n<li>1950 &#8211; 1951&nbsp;: D\u00e9but de la crise textile. La SFRF compte encore 11 usines. D\u00e9but de la migration quotidienne vers le bassin de la Sambre,d\u00e9but de la reconversion industrielle.<\/li>\n\n\n\n<li>1952&nbsp;: Cr\u00e9ation du Comit\u00e9 d\u2019expansion \u00e9conomique de la r\u00e9gion de Fourmies (CEERFA), association loi 1901.<\/li>\n\n\n\n<li>Campagne de presse, message radio, prospection pour attirer les industries nouvelles et recherches des avantages fiscaux.<\/li>\n<\/ul>\n\n\n\n<ul class=\"wp-block-list\">\n<li>1961&nbsp;: les premiers locataires emm\u00e9nagent dans l&rsquo;immeuble \u00ab\u00a0La Madelon\u00a0\u00bb, rue Berthelot.<\/li>\n\n\n\n<li>1963&nbsp;: MINIFIX, le&nbsp;<abbr title=\"Premier\">1<sup>er<\/sup><\/abbr>&nbsp;supermarch\u00e9 de Fourmies, ouvre Rue Saint Louis.<\/li>\n\n\n\n<li>1967 : destruction de la filature Malakoff dont sa chemin\u00e9e de 28 m de haut; cette filature qui \u00e0 la fin du XIXe si\u00e8cle employait plus de mille personnes et elle poss\u00e9dait 52 m\u00e9tiers m\u00e9caniques. La construction d\u2019une soixantaine de logements d\u00e9marre en 1985 et les habitants emm\u00e9nagent en 1986.<\/li>\n\n\n\n<li>1969&nbsp;: Le 28 septembre 1969, le service voyageur de la ligne de chemin de fer Maubeuge &#8211; Fourmies est supprim\u00e9.<\/li>\n<\/ul>\n\n\n\n<p class=\"has-text-align-center\">***<\/p>\n\n\n<div class=\"wp-block-image\">\n<figure class=\"aligncenter is-resized\"><img loading=\"lazy\" decoding=\"async\" data-attachment-id=\"7588\" data-permalink=\"http:\/\/patrimoine-avesnois.fr\/chemin\/fourmies\/capture-232\/\" data-orig-file=\"https:\/\/i0.wp.com\/patrimoine-avesnois.fr\/chemin\/wp-content\/uploads\/2019\/07\/Capture-39.jpg?fit=1171%2C714\" data-orig-size=\"1171,714\" data-comments-opened=\"1\" data-image-meta=\"{&quot;aperture&quot;:&quot;0&quot;,&quot;credit&quot;:&quot;CARRE&quot;,&quot;camera&quot;:&quot;&quot;,&quot;caption&quot;:&quot;&quot;,&quot;created_timestamp&quot;:&quot;1563717427&quot;,&quot;copyright&quot;:&quot;&quot;,&quot;focal_length&quot;:&quot;0&quot;,&quot;iso&quot;:&quot;0&quot;,&quot;shutter_speed&quot;:&quot;0&quot;,&quot;title&quot;:&quot;&quot;,&quot;orientation&quot;:&quot;1&quot;}\" data-image-title=\"Capture\" data-image-description=\"\" data-image-caption=\"\" data-large-file=\"https:\/\/i0.wp.com\/patrimoine-avesnois.fr\/chemin\/wp-content\/uploads\/2019\/07\/Capture-39.jpg?fit=840%2C512\" src=\"https:\/\/i1.wp.com\/patrimoine-avesnois.fr\/chemin\/wp-content\/uploads\/2019\/07\/Capture-39.jpg?fit=840%2C512\" alt=\"\" class=\"wp-image-7588\" width=\"630\" height=\"384\" srcset=\"https:\/\/i0.wp.com\/patrimoine-avesnois.fr\/chemin\/wp-content\/uploads\/2019\/07\/Capture-39.jpg?w=1171 1171w, https:\/\/i0.wp.com\/patrimoine-avesnois.fr\/chemin\/wp-content\/uploads\/2019\/07\/Capture-39.jpg?resize=300%2C183 300w, https:\/\/i0.wp.com\/patrimoine-avesnois.fr\/chemin\/wp-content\/uploads\/2019\/07\/Capture-39.jpg?resize=768%2C468 768w, https:\/\/i0.wp.com\/patrimoine-avesnois.fr\/chemin\/wp-content\/uploads\/2019\/07\/Capture-39.jpg?resize=1024%2C624 1024w\" sizes=\"auto, (max-width: 630px) 85vw, 630px\" \/><figcaption class=\"wp-element-caption\">Piscine municipale de Fourmies<\/figcaption><\/figure>\n<\/div>\n\n<div class=\"wp-block-image\">\n<figure class=\"aligncenter is-resized\"><img data-recalc-dims=\"1\" loading=\"lazy\" decoding=\"async\" src=\"https:\/\/i0.wp.com\/www.guide-piscine.fr\/medias\/image\/piscine-a-fourmies-25326-664-498.jpg?resize=630%2C472&#038;ssl=1\" alt=\"Piscine \u00c3\u00a0 Fourmies\" width=\"630\" height=\"472\"\/><\/figure>\n<\/div>\n\n\n<ul class=\"wp-block-list\">\n<li>1973-1974&nbsp;: construction de la piscine municipale. L&rsquo;inauguration a lieu en 1974.<\/li>\n<\/ul>\n\n\n\n<p class=\"has-text-align-center\">***<\/p>\n\n\n<div class=\"wp-block-image\">\n<figure class=\"aligncenter is-resized\"><img loading=\"lazy\" decoding=\"async\" data-attachment-id=\"7544\" data-permalink=\"http:\/\/patrimoine-avesnois.fr\/chemin\/fourmies\/capture-230\/\" data-orig-file=\"https:\/\/i0.wp.com\/patrimoine-avesnois.fr\/chemin\/wp-content\/uploads\/2019\/07\/Capture-37.jpg?fit=1032%2C774\" data-orig-size=\"1032,774\" data-comments-opened=\"1\" data-image-meta=\"{&quot;aperture&quot;:&quot;0&quot;,&quot;credit&quot;:&quot;CARRE&quot;,&quot;camera&quot;:&quot;&quot;,&quot;caption&quot;:&quot;&quot;,&quot;created_timestamp&quot;:&quot;1563702858&quot;,&quot;copyright&quot;:&quot;&quot;,&quot;focal_length&quot;:&quot;0&quot;,&quot;iso&quot;:&quot;0&quot;,&quot;shutter_speed&quot;:&quot;0&quot;,&quot;title&quot;:&quot;&quot;,&quot;orientation&quot;:&quot;1&quot;}\" data-image-title=\"Capture\" data-image-description=\"\" data-image-caption=\"\" data-large-file=\"https:\/\/i0.wp.com\/patrimoine-avesnois.fr\/chemin\/wp-content\/uploads\/2019\/07\/Capture-37.jpg?fit=840%2C630\" src=\"https:\/\/i0.wp.com\/patrimoine-avesnois.fr\/chemin\/wp-content\/uploads\/2019\/07\/Capture-37.jpg?fit=840%2C630\" alt=\"\" class=\"wp-image-7544\" width=\"642\" height=\"482\" srcset=\"https:\/\/i0.wp.com\/patrimoine-avesnois.fr\/chemin\/wp-content\/uploads\/2019\/07\/Capture-37.jpg?w=1032 1032w, https:\/\/i0.wp.com\/patrimoine-avesnois.fr\/chemin\/wp-content\/uploads\/2019\/07\/Capture-37.jpg?resize=300%2C225 300w, https:\/\/i0.wp.com\/patrimoine-avesnois.fr\/chemin\/wp-content\/uploads\/2019\/07\/Capture-37.jpg?resize=768%2C576 768w, https:\/\/i0.wp.com\/patrimoine-avesnois.fr\/chemin\/wp-content\/uploads\/2019\/07\/Capture-37.jpg?resize=1024%2C768 1024w\" sizes=\"auto, (max-width: 642px) 85vw, 642px\" \/><figcaption class=\"wp-element-caption\">L&rsquo;\u00e9glise Saint Pierre rue Cousin Corbier<\/figcaption><\/figure>\n<\/div>\n\n\n<ul class=\"wp-block-list\">\n<li>1974&nbsp;: destruction de l&rsquo;\u00e9glise Saint-Pierre (place Georges-Coppeaux) avant la reconstruction de l&rsquo;\u00e9difice actuel.<\/li>\n<\/ul>\n\n\n\n<p class=\"has-text-align-center\">***<\/p>\n\n\n\n<ul class=\"wp-block-list\">\n<li> 1977&nbsp;: la Mairie est transf\u00e9r\u00e9e Place de Verdun dans un b\u00e2timent qui abritait auparavant le groupe scolaire Victor-Hugo. <\/li>\n<\/ul>\n\n\n<div class=\"wp-block-image\">\n<figure class=\"aligncenter is-resized\"><img data-recalc-dims=\"1\" loading=\"lazy\" decoding=\"async\" data-attachment-id=\"7506\" data-permalink=\"http:\/\/patrimoine-avesnois.fr\/chemin\/fourmies\/image-1161\/\" data-orig-file=\"https:\/\/i0.wp.com\/patrimoine-avesnois.fr\/chemin\/wp-content\/uploads\/2019\/07\/image-135.png?fit=801%2C451\" data-orig-size=\"801,451\" data-comments-opened=\"1\" data-image-meta=\"{&quot;aperture&quot;:&quot;0&quot;,&quot;credit&quot;:&quot;&quot;,&quot;camera&quot;:&quot;&quot;,&quot;caption&quot;:&quot;&quot;,&quot;created_timestamp&quot;:&quot;0&quot;,&quot;copyright&quot;:&quot;&quot;,&quot;focal_length&quot;:&quot;0&quot;,&quot;iso&quot;:&quot;0&quot;,&quot;shutter_speed&quot;:&quot;0&quot;,&quot;title&quot;:&quot;&quot;,&quot;orientation&quot;:&quot;0&quot;}\" data-image-title=\"image\" data-image-description=\"\" data-image-caption=\"\" data-large-file=\"https:\/\/i0.wp.com\/patrimoine-avesnois.fr\/chemin\/wp-content\/uploads\/2019\/07\/image-135.png?fit=801%2C451\" src=\"https:\/\/i0.wp.com\/patrimoine-avesnois.fr\/chemin\/wp-content\/uploads\/2019\/07\/image-135.png?resize=642%2C365\" alt=\"\" class=\"wp-image-7506\" width=\"642\" height=\"365\"\/><figcaption class=\"wp-element-caption\">L&rsquo;Hotel de Ville<\/figcaption><\/figure>\n<\/div>\n\n\n<ul class=\"wp-block-list\">\n<li>1978&nbsp;: Les travaux de reconstruction du viaduc ferroviaire enjambant l&rsquo;Helpe Mineure (au-dessus de l&rsquo;avenue Charles-de-Gaulle) commencent en d\u00e9cembre 1978. Au m\u00eame emplacement que l&rsquo;ancien, un ouvrage droit, de structure mixte acier-b\u00e9ton, \u00e0 3 trav\u00e9es continues de 32,5&nbsp;<abbr title=\"m\u00e8tre\">m<\/abbr>, 45&nbsp;<abbr title=\"m\u00e8tre\">m<\/abbr>&nbsp;et 32,5&nbsp;<abbr title=\"m\u00e8tre\">m<\/abbr>, prend appui sur deux piles interm\u00e9diaires d&rsquo;apparence fine. Le 9 mai 1980, le nouveau viaduc est inaugur\u00e9. Voir article <a aria-label=\"VDN du 25\/08\/2014 (opens in a new tab)\" href=\"https:\/\/www.lavoixdunord.fr\/archive\/recup\/region\/fourmies-il-y-a-tout-juste-cent-ans-le-genie-francais-ia12b0n2342594\" target=\"_blank\" rel=\"noreferrer noopener\">VDN du 25\/08\/2014<\/a><\/li>\n<\/ul>\n\n\n\n<p class=\"has-text-align-center\">***<\/p>\n\n\n<div class=\"wp-block-image\">\n<figure class=\"aligncenter\"><img data-recalc-dims=\"1\" loading=\"lazy\" decoding=\"async\" width=\"697\" height=\"517\" data-attachment-id=\"7589\" data-permalink=\"http:\/\/patrimoine-avesnois.fr\/chemin\/fourmies\/image-1178\/\" data-orig-file=\"https:\/\/i0.wp.com\/patrimoine-avesnois.fr\/chemin\/wp-content\/uploads\/2019\/07\/image-152.png?fit=697%2C517\" data-orig-size=\"697,517\" data-comments-opened=\"1\" data-image-meta=\"{&quot;aperture&quot;:&quot;0&quot;,&quot;credit&quot;:&quot;&quot;,&quot;camera&quot;:&quot;&quot;,&quot;caption&quot;:&quot;&quot;,&quot;created_timestamp&quot;:&quot;0&quot;,&quot;copyright&quot;:&quot;&quot;,&quot;focal_length&quot;:&quot;0&quot;,&quot;iso&quot;:&quot;0&quot;,&quot;shutter_speed&quot;:&quot;0&quot;,&quot;title&quot;:&quot;&quot;,&quot;orientation&quot;:&quot;0&quot;}\" data-image-title=\"image\" data-image-description=\"\" data-image-caption=\"\" data-large-file=\"https:\/\/i0.wp.com\/patrimoine-avesnois.fr\/chemin\/wp-content\/uploads\/2019\/07\/image-152.png?fit=697%2C517\" src=\"https:\/\/i0.wp.com\/patrimoine-avesnois.fr\/chemin\/wp-content\/uploads\/2019\/07\/image-152.png?resize=697%2C517\" alt=\"\" class=\"wp-image-7589\" srcset=\"https:\/\/i0.wp.com\/patrimoine-avesnois.fr\/chemin\/wp-content\/uploads\/2019\/07\/image-152.png?w=697 697w, https:\/\/i0.wp.com\/patrimoine-avesnois.fr\/chemin\/wp-content\/uploads\/2019\/07\/image-152.png?resize=300%2C223 300w\" sizes=\"auto, (max-width: 697px) 85vw, 697px\" \/><figcaption class=\"wp-element-caption\">Mus\u00e9e du textile et de la vie sociale &#8211; ancienne filature Prouvost Masurel <\/figcaption><\/figure>\n<\/div>\n\n<div class=\"wp-block-image\">\n<figure class=\"aligncenter is-resized\"><img data-recalc-dims=\"1\" loading=\"lazy\" decoding=\"async\" src=\"https:\/\/i0.wp.com\/patrimoine-avesnois.fr\/chemin\/wp-content\/uploads\/2019\/07\/Capture-40.jpg?resize=697%2C520\" alt=\"L\u00e2\u0080\u0099attribut alt de cette image est vide, son nom de fichier est Capture-40.jpg.\" width=\"697\" height=\"520\"\/><figcaption class=\"wp-element-caption\"> <br><em>Mus\u00e9e du textile et de la vie sociale<\/em> Place Maria Blondeau<\/figcaption><\/figure>\n<\/div>\n\n<div class=\"wp-block-image\">\n<figure class=\"aligncenter is-resized\"><img data-recalc-dims=\"1\" loading=\"lazy\" decoding=\"async\" src=\"https:\/\/i0.wp.com\/patrimoine-avesnois.fr\/chemin\/wp-content\/uploads\/2019\/07\/Capture-42.jpg?resize=697%2C522\" alt=\"L\u00e2\u0080\u0099attribut alt de cette image est vide, son nom de fichier est Capture-42.jpg.\" width=\"697\" height=\"522\"\/><\/figure>\n<\/div>\n\n<div class=\"wp-block-image\">\n<figure class=\"aligncenter is-resized\"><img loading=\"lazy\" decoding=\"async\" data-attachment-id=\"7592\" data-permalink=\"http:\/\/patrimoine-avesnois.fr\/chemin\/fourmies\/image-1179\/\" data-orig-file=\"https:\/\/i0.wp.com\/patrimoine-avesnois.fr\/chemin\/wp-content\/uploads\/2019\/07\/image-153.png?fit=1025%2C768\" data-orig-size=\"1025,768\" data-comments-opened=\"1\" data-image-meta=\"{&quot;aperture&quot;:&quot;0&quot;,&quot;credit&quot;:&quot;&quot;,&quot;camera&quot;:&quot;&quot;,&quot;caption&quot;:&quot;&quot;,&quot;created_timestamp&quot;:&quot;0&quot;,&quot;copyright&quot;:&quot;&quot;,&quot;focal_length&quot;:&quot;0&quot;,&quot;iso&quot;:&quot;0&quot;,&quot;shutter_speed&quot;:&quot;0&quot;,&quot;title&quot;:&quot;&quot;,&quot;orientation&quot;:&quot;0&quot;}\" data-image-title=\"image\" data-image-description=\"\" data-image-caption=\"\" data-large-file=\"https:\/\/i0.wp.com\/patrimoine-avesnois.fr\/chemin\/wp-content\/uploads\/2019\/07\/image-153.png?fit=840%2C629\" src=\"https:\/\/i2.wp.com\/patrimoine-avesnois.fr\/chemin\/wp-content\/uploads\/2019\/07\/image-153.png?fit=840%2C629\" alt=\"\" class=\"wp-image-7592\" width=\"697\" height=\"520\"\/><figcaption class=\"wp-element-caption\">L&rsquo;\u00e9comus\u00e9e de Fourmies : historique et atouts majeurs sur le site <a href=\"https:\/\/www.pop.culture.gouv.fr\/notice\/museo\/M0624\" target=\"_blank\" rel=\"noreferrer noopener\" aria-label=\"culture.gouv.fr (opens in a new tab)\">culture.gouv.fr<\/a><\/figcaption><\/figure>\n<\/div>\n\n\n<ul class=\"wp-block-list\">\n<li>1980&nbsp;: Le 13 juin 1980 a lieu la premi\u00e8re assembl\u00e9e g\u00e9n\u00e9rale constitutive de l&rsquo;\u00c9comus\u00e9e de la r\u00e9gion de Fourmies.<\/li>\n<\/ul>\n\n\n\n<p>Construit en 1847 dans les b\u00e2timents d&rsquo;une ancienne filature (Prouvost-Masurel) qui a fonctionn\u00e9 de 1874 \u00e0 1978 dans un lieu dit \u00ab\u00a0En dessous des moulins\u00a0\u00bb. Sur une surface de 2&nbsp;500&nbsp;<abbr title=\"m\u00e8tre\">m<\/abbr>\u00b2 sont rassembl\u00e9s les \u00e9l\u00e9ments les plus significatifs de l&rsquo;industrie du textile.<\/p>\n\n\n\n<p>&#8211; Le mus\u00e9e est r\u00e9parti en deux sections l&rsquo;une sur le textile (de sa fabrication, de la laine brute du mouton au produit fini, \u00e0 son entretien) et l&rsquo;autre sur l&rsquo;aspect de la vie sociale de la r\u00e9gion au d\u00e9but du XIX e si\u00e8cle.<\/p>\n\n\n\n<p class=\"has-text-align-center\">***<\/p>\n\n\n\n<figure class=\"wp-block-image is-resized\"><img data-recalc-dims=\"1\" loading=\"lazy\" decoding=\"async\" data-attachment-id=\"5403\" data-permalink=\"http:\/\/patrimoine-avesnois.fr\/chemin\/sains-du-nord\/capture-132\/\" data-orig-file=\"https:\/\/i0.wp.com\/patrimoine-avesnois.fr\/chemin\/wp-content\/uploads\/2019\/06\/Capture-10.jpg?fit=1038%2C779\" data-orig-size=\"1038,779\" data-comments-opened=\"1\" data-image-meta=\"{&quot;aperture&quot;:&quot;0&quot;,&quot;credit&quot;:&quot;CARRE&quot;,&quot;camera&quot;:&quot;&quot;,&quot;caption&quot;:&quot;&quot;,&quot;created_timestamp&quot;:&quot;1559744938&quot;,&quot;copyright&quot;:&quot;&quot;,&quot;focal_length&quot;:&quot;0&quot;,&quot;iso&quot;:&quot;0&quot;,&quot;shutter_speed&quot;:&quot;0&quot;,&quot;title&quot;:&quot;&quot;,&quot;orientation&quot;:&quot;0&quot;}\" data-image-title=\"Capture\" data-image-description=\"\" data-image-caption=\"\" data-large-file=\"https:\/\/i0.wp.com\/patrimoine-avesnois.fr\/chemin\/wp-content\/uploads\/2019\/06\/Capture-10.jpg?fit=840%2C630\" src=\"https:\/\/i0.wp.com\/oratoiresetchapelles-avesnois.fr\/wp-content\/uploads\/2017\/10\/Capture-1-1024x885.png?resize=715%2C619\" alt=\"Carte \u00e0 partir de Mappy\" class=\"wp-image-5403\" width=\"715\" height=\"619\"\/><figcaption class=\"wp-element-caption\"><a aria-label=\"3 oratoires et 1 chapelle (opens in a new tab)\" href=\"http:\/\/oratoiresetchapelles-avesnois.fr\/fourmies\/\" target=\"_blank\" rel=\"noreferrer noopener\">3 oratoires et 1 chapelle<\/a><\/figcaption><\/figure>\n\n\n<div class=\"wp-block-image\">\n<figure class=\"aligncenter is-resized\"><img data-recalc-dims=\"1\" loading=\"lazy\" decoding=\"async\" data-attachment-id=\"5553\" data-permalink=\"http:\/\/patrimoine-avesnois.fr\/chemin\/saint-waast-la-vallee\/tour-pigeonnier\/\" data-orig-file=\"https:\/\/i0.wp.com\/patrimoine-avesnois.fr\/chemin\/wp-content\/uploads\/2019\/06\/Tour-pigeonnier.jpg?fit=452%2C602\" data-orig-size=\"452,602\" data-comments-opened=\"1\" data-image-meta=\"{&quot;aperture&quot;:&quot;0&quot;,&quot;credit&quot;:&quot;CARRE&quot;,&quot;camera&quot;:&quot;&quot;,&quot;caption&quot;:&quot;&quot;,&quot;created_timestamp&quot;:&quot;1559835106&quot;,&quot;copyright&quot;:&quot;&quot;,&quot;focal_length&quot;:&quot;0&quot;,&quot;iso&quot;:&quot;0&quot;,&quot;shutter_speed&quot;:&quot;0&quot;,&quot;title&quot;:&quot;&quot;,&quot;orientation&quot;:&quot;1&quot;}\" data-image-title=\"Tour pigeonnier\" data-image-description=\"\" data-image-caption=\"\" data-large-file=\"https:\/\/i0.wp.com\/patrimoine-avesnois.fr\/chemin\/wp-content\/uploads\/2019\/06\/Tour-pigeonnier.jpg?fit=452%2C602\" src=\"https:\/\/i0.wp.com\/oratoiresetchapelles-avesnois.fr\/wp-content\/uploads\/2017\/10\/IMG_3363-768x1024.jpg?resize=384%2C512\" alt=\"Oratoire Ste Marie (1861). Rue de la Houppe du Bois.\" class=\"wp-image-5553\" width=\"384\" height=\"512\"\/><figcaption class=\"wp-element-caption\">Oratoire Ste Marie (1861). Rue de la Houppe du Bois<\/figcaption><\/figure>\n<\/div>\n\n\n<p>Victor Bertrand 1809 1902 et son \u00e9pouse Julie Walbert 1813 1901 ont fait construire cet oratoire en 1861. Il est d\u00e9di\u00e9 \u00e0 Ste Marie et se situe rue de la Houppe du Bois.<\/p>\n\n\n<div class=\"wp-block-image\">\n<figure class=\"aligncenter is-resized\"><img data-recalc-dims=\"1\" loading=\"lazy\" decoding=\"async\" src=\"https:\/\/i0.wp.com\/oratoiresetchapelles-avesnois.fr\/wp-content\/uploads\/2017\/10\/IMG_3368-768x1024.jpg?resize=384%2C512\" alt=\"Oratoire Ste Rita. Rue d'Orient\" class=\"wp-image-5557\" width=\"384\" height=\"512\"\/><figcaption class=\"wp-element-caption\">Oratoire Ste Rita. Rue d\u2019Orient<\/figcaption><\/figure>\n<\/div>\n\n<div class=\"wp-block-image\">\n<figure class=\"aligncenter is-resized\"><img data-recalc-dims=\"1\" loading=\"lazy\" decoding=\"async\" src=\"https:\/\/i0.wp.com\/oratoiresetchapelles-avesnois.fr\/wp-content\/uploads\/2017\/10\/IMG_3370-768x1024.jpg?resize=384%2C512\" alt=\"Oratoire. Rue des \u00c9tangs\" class=\"wp-image-5559\" width=\"384\" height=\"512\"\/><figcaption class=\"wp-element-caption\">Oratoire. Rue des \u00c9tangs<\/figcaption><\/figure>\n<\/div>\n\n<div class=\"wp-block-image\">\n<figure class=\"aligncenter is-resized\"><img data-recalc-dims=\"1\" loading=\"lazy\" decoding=\"async\" src=\"https:\/\/i0.wp.com\/oratoiresetchapelles-avesnois.fr\/wp-content\/uploads\/2017\/10\/IMG_3374-768x1024.jpg?resize=384%2C512\" alt=\"Chapelle N.D du Bois . Route foresti\u00e8re du Trou Colette\" class=\"wp-image-5562\" width=\"384\" height=\"512\"\/><figcaption class=\"wp-element-caption\">Chapelle N.D du Bois . Route foresti\u00e8re du Trou Colette<\/figcaption><\/figure>\n<\/div>\n\n\n<p>La chapelle Notre Dame du Bois d\u00e9di\u00e9e \u00e0 la Vierge se d\u00e9couvre \u00e0 travers le bois de Fourmies en suivant la route foresti\u00e8re du Trou Colette. &nbsp; &nbsp; &nbsp; &nbsp; &nbsp; &nbsp; &nbsp; &nbsp; &nbsp; &nbsp;<\/p>\n\n\n\n<p class=\"has-text-align-center\">***<\/p>\n\n\n\n<ul class=\"wp-block-list\">\n<li>1998<\/li>\n<\/ul>\n\n\n<div class=\"wp-block-image\">\n<figure class=\"aligncenter is-resized\"><img loading=\"lazy\" decoding=\"async\" src=\"https:\/\/i1.wp.com\/kiosques-avesnois.fr\/wp-content\/uploads\/2017\/11\/Fourmies.jpg?resize=840%2C537\" alt=\"\" width=\"630\" height=\"403\"\/><figcaption class=\"wp-element-caption\">L&rsquo;ancien kiosque <\/figcaption><\/figure>\n<\/div>\n\n<div class=\"wp-block-image\">\n<figure class=\"aligncenter is-resized\"><img loading=\"lazy\" decoding=\"async\" src=\"https:\/\/i1.wp.com\/kiosques-avesnois.fr\/wp-content\/uploads\/2017\/11\/Fourmies-2005.jpg?resize=840%2C630\" alt=\"\" class=\"wp-image-245\" width=\"630\" height=\"473\"\/><figcaption class=\"wp-element-caption\">le nouveau kiosque de Fourmies de 1998. Photo mairie de Fourmies 2005<\/figcaption><\/figure>\n<\/div>\n\n\n<p>Kiosque en bois avec un toit d\u2019ardoises de 1998 sur la Place Verte en remplacement d\u2019un kiosque d\u00e9moli en 1958.<\/p>\n\n\n\n<ul class=\"wp-block-list\">\n<li>2012&nbsp;: Apr\u00e8s deux ans de r\u00e9novation, le th\u00e9\u00e2tre de style art d\u00e9co, d\u00e9nomm\u00e9 Jean Ferrat, est inaugur\u00e9 le 24 f\u00e9vrier 2012.<\/li>\n<\/ul>\n\n\n\n<p class=\"has-text-align-center\">***<\/p>\n\n\n<div class=\"wp-block-image\">\n<figure class=\"aligncenter is-resized\"><img data-recalc-dims=\"1\" loading=\"lazy\" decoding=\"async\" data-attachment-id=\"7593\" data-permalink=\"http:\/\/patrimoine-avesnois.fr\/chemin\/fourmies\/image-1180\/\" data-orig-file=\"https:\/\/i0.wp.com\/patrimoine-avesnois.fr\/chemin\/wp-content\/uploads\/2019\/07\/image-154.png?fit=534%2C314\" data-orig-size=\"534,314\" data-comments-opened=\"1\" data-image-meta=\"{&quot;aperture&quot;:&quot;0&quot;,&quot;credit&quot;:&quot;&quot;,&quot;camera&quot;:&quot;&quot;,&quot;caption&quot;:&quot;&quot;,&quot;created_timestamp&quot;:&quot;0&quot;,&quot;copyright&quot;:&quot;&quot;,&quot;focal_length&quot;:&quot;0&quot;,&quot;iso&quot;:&quot;0&quot;,&quot;shutter_speed&quot;:&quot;0&quot;,&quot;title&quot;:&quot;&quot;,&quot;orientation&quot;:&quot;0&quot;}\" data-image-title=\"image\" data-image-description=\"\" data-image-caption=\"\" data-large-file=\"https:\/\/i0.wp.com\/patrimoine-avesnois.fr\/chemin\/wp-content\/uploads\/2019\/07\/image-154.png?fit=534%2C314\" src=\"https:\/\/i0.wp.com\/patrimoine-avesnois.fr\/chemin\/wp-content\/uploads\/2019\/07\/image-154.png?resize=650%2C382\" alt=\"\" class=\"wp-image-7593\" width=\"650\" height=\"382\" srcset=\"https:\/\/i0.wp.com\/patrimoine-avesnois.fr\/chemin\/wp-content\/uploads\/2019\/07\/image-154.png?w=534 534w, https:\/\/i0.wp.com\/patrimoine-avesnois.fr\/chemin\/wp-content\/uploads\/2019\/07\/image-154.png?resize=300%2C176 300w\" sizes=\"auto, (max-width: 650px) 85vw, 650px\" \/><figcaption class=\"wp-element-caption\">M\u00e9diath\u00e8que&nbsp;<a href=\"https:\/\/fr.wikipedia.org\/wiki\/Antoon_Krings\" target=\"_blank\" rel=\"noreferrer noopener\">Antoon Krings<\/a>&nbsp;(9 rue Faidherbe) <\/figcaption><\/figure>\n<\/div>\n\n<div class=\"wp-block-image\">\n<figure class=\"aligncenter is-resized\"><img data-recalc-dims=\"1\" loading=\"lazy\" decoding=\"async\" data-attachment-id=\"7594\" data-permalink=\"http:\/\/patrimoine-avesnois.fr\/chemin\/fourmies\/image-1181\/\" data-orig-file=\"https:\/\/i0.wp.com\/patrimoine-avesnois.fr\/chemin\/wp-content\/uploads\/2019\/07\/image-155.png?fit=961%2C554\" data-orig-size=\"961,554\" data-comments-opened=\"1\" data-image-meta=\"{&quot;aperture&quot;:&quot;0&quot;,&quot;credit&quot;:&quot;&quot;,&quot;camera&quot;:&quot;&quot;,&quot;caption&quot;:&quot;&quot;,&quot;created_timestamp&quot;:&quot;0&quot;,&quot;copyright&quot;:&quot;&quot;,&quot;focal_length&quot;:&quot;0&quot;,&quot;iso&quot;:&quot;0&quot;,&quot;shutter_speed&quot;:&quot;0&quot;,&quot;title&quot;:&quot;&quot;,&quot;orientation&quot;:&quot;0&quot;}\" data-image-title=\"image\" data-image-description=\"\" data-image-caption=\"\" data-large-file=\"https:\/\/i0.wp.com\/patrimoine-avesnois.fr\/chemin\/wp-content\/uploads\/2019\/07\/image-155.png?fit=840%2C484\" src=\"https:\/\/i0.wp.com\/patrimoine-avesnois.fr\/chemin\/wp-content\/uploads\/2019\/07\/image-155.png?resize=650%2C374\" alt=\"\" class=\"wp-image-7594\" width=\"650\" height=\"374\" srcset=\"https:\/\/i0.wp.com\/patrimoine-avesnois.fr\/chemin\/wp-content\/uploads\/2019\/07\/image-155.png?w=961 961w, https:\/\/i0.wp.com\/patrimoine-avesnois.fr\/chemin\/wp-content\/uploads\/2019\/07\/image-155.png?resize=300%2C173 300w, https:\/\/i0.wp.com\/patrimoine-avesnois.fr\/chemin\/wp-content\/uploads\/2019\/07\/image-155.png?resize=768%2C443 768w\" sizes=\"auto, (max-width: 650px) 85vw, 650px\" \/><figcaption class=\"wp-element-caption\">Inauguration<\/figcaption><\/figure>\n<\/div>\n\n\n<ul class=\"wp-block-list\">\n<li>2016&nbsp;: Le 24 septembre 2016, apr\u00e8s presque trois ans de travaux, la M\u00e9diath\u00e8que Antoon Krings est inaugur\u00e9e. L&rsquo;\u00e9tablissement public a \u00e9t\u00e9 construit en lieu et place de l&rsquo;ancien H\u00f4tel des Postes.  <br>Le c\u00e9l\u00e8bre illustrateur jeunesse Antoon Krings a donn\u00e9 son patronyme \u00e0 cette m\u00e9diath\u00e8que.<\/li>\n<\/ul>\n\n\n\n<p>Source Wikipedia<\/p>\n\n\n<div class=\"wp-block-image\">\n<figure class=\"aligncenter is-resized\"><img data-recalc-dims=\"1\" loading=\"lazy\" decoding=\"async\" data-attachment-id=\"7600\" data-permalink=\"http:\/\/patrimoine-avesnois.fr\/chemin\/fourmies\/capture-236\/\" data-orig-file=\"https:\/\/i0.wp.com\/patrimoine-avesnois.fr\/chemin\/wp-content\/uploads\/2019\/07\/Capture-43.jpg?fit=937%2C703\" data-orig-size=\"937,703\" data-comments-opened=\"1\" data-image-meta=\"{&quot;aperture&quot;:&quot;0&quot;,&quot;credit&quot;:&quot;CARRE&quot;,&quot;camera&quot;:&quot;&quot;,&quot;caption&quot;:&quot;&quot;,&quot;created_timestamp&quot;:&quot;1563719822&quot;,&quot;copyright&quot;:&quot;&quot;,&quot;focal_length&quot;:&quot;0&quot;,&quot;iso&quot;:&quot;0&quot;,&quot;shutter_speed&quot;:&quot;0&quot;,&quot;title&quot;:&quot;&quot;,&quot;orientation&quot;:&quot;1&quot;}\" data-image-title=\"Capture\" data-image-description=\"\" data-image-caption=\"\" data-large-file=\"https:\/\/i0.wp.com\/patrimoine-avesnois.fr\/chemin\/wp-content\/uploads\/2019\/07\/Capture-43.jpg?fit=840%2C630\" src=\"https:\/\/i0.wp.com\/patrimoine-avesnois.fr\/chemin\/wp-content\/uploads\/2019\/07\/Capture-43.jpg?resize=669%2C502\" alt=\"\" class=\"wp-image-7600\" width=\"669\" height=\"502\" srcset=\"https:\/\/i0.wp.com\/patrimoine-avesnois.fr\/chemin\/wp-content\/uploads\/2019\/07\/Capture-43.jpg?w=937 937w, https:\/\/i0.wp.com\/patrimoine-avesnois.fr\/chemin\/wp-content\/uploads\/2019\/07\/Capture-43.jpg?resize=300%2C225 300w, https:\/\/i0.wp.com\/patrimoine-avesnois.fr\/chemin\/wp-content\/uploads\/2019\/07\/Capture-43.jpg?resize=768%2C576 768w\" sizes=\"auto, (max-width: 669px) 85vw, 669px\" \/><figcaption class=\"wp-element-caption\">Place Verte<\/figcaption><\/figure>\n<\/div>\n\n\n<ul class=\"wp-block-list\">\n<li>La Place Verte et les rues commer\u00e7antes (rue Saint Louis, rue Jean Jaur\u00e8s\u2026), lieux de promenade.<\/li>\n<\/ul>\n\n\n<div class=\"wp-block-image\">\n<figure class=\"aligncenter is-resized\"><img data-recalc-dims=\"1\" loading=\"lazy\" decoding=\"async\" data-attachment-id=\"7601\" data-permalink=\"http:\/\/patrimoine-avesnois.fr\/chemin\/fourmies\/office-de-tourisme\/\" data-orig-file=\"https:\/\/i0.wp.com\/patrimoine-avesnois.fr\/chemin\/wp-content\/uploads\/2019\/07\/office-de-tourisme.jpg?fit=426%2C320\" data-orig-size=\"426,320\" data-comments-opened=\"1\" data-image-meta=\"{&quot;aperture&quot;:&quot;0&quot;,&quot;credit&quot;:&quot;&quot;,&quot;camera&quot;:&quot;&quot;,&quot;caption&quot;:&quot;&quot;,&quot;created_timestamp&quot;:&quot;0&quot;,&quot;copyright&quot;:&quot;&quot;,&quot;focal_length&quot;:&quot;0&quot;,&quot;iso&quot;:&quot;0&quot;,&quot;shutter_speed&quot;:&quot;0&quot;,&quot;title&quot;:&quot;&quot;,&quot;orientation&quot;:&quot;0&quot;}\" data-image-title=\"office-de-tourisme\" data-image-description=\"\" data-image-caption=\"\" data-large-file=\"https:\/\/i0.wp.com\/patrimoine-avesnois.fr\/chemin\/wp-content\/uploads\/2019\/07\/office-de-tourisme.jpg?fit=426%2C320\" src=\"https:\/\/i0.wp.com\/patrimoine-avesnois.fr\/chemin\/wp-content\/uploads\/2019\/07\/office-de-tourisme.jpg?resize=640%2C481\" alt=\"\" class=\"wp-image-7601\" width=\"640\" height=\"481\" srcset=\"https:\/\/i0.wp.com\/patrimoine-avesnois.fr\/chemin\/wp-content\/uploads\/2019\/07\/office-de-tourisme.jpg?w=426 426w, https:\/\/i0.wp.com\/patrimoine-avesnois.fr\/chemin\/wp-content\/uploads\/2019\/07\/office-de-tourisme.jpg?resize=300%2C225 300w\" sizes=\"auto, (max-width: 640px) 85vw, 640px\" \/><\/figure>\n<\/div>\n\n\n<ul class=\"wp-block-list\">\n<li>L&rsquo;Office de Tourisme (rue Jean Jaur\u00e8s)<\/li>\n<\/ul>\n\n\n<div class=\"wp-block-image\">\n<figure class=\"aligncenter is-resized\"><img loading=\"lazy\" decoding=\"async\" src=\"http:\/\/i2.wp.com\/www.calvaires-avesnois.fr\/wp-content\/uploads\/2016\/09\/IMG_3386.jpg?resize=450%2C600\" alt=\"Calvaire de Trieux de nos jours Rue Antoine Renaud\" width=\"400\" height=\"533\"\/><figcaption class=\"wp-element-caption\"><em>Calvaire de Trieux  Rue Antoine Renaud<\/em> <\/figcaption><\/figure>\n<\/div>\n\n<div class=\"wp-block-image\">\n<figure class=\"aligncenter\"><img decoding=\"async\" src=\"http:\/\/i0.wp.com\/www.calvaires-avesnois.fr\/wp-content\/uploads\/2016\/09\/Nouvelle-image-38.png?resize=587%2C379\" alt=\"Carte postale du d\u00e9but du XX si\u00e8cle.\" class=\"wp-image-245\"\/><figcaption class=\"wp-element-caption\">Carte postale du d\u00e9but du XX si\u00e8cle.<\/figcaption><\/figure>\n<\/div>\n\n<div class=\"wp-block-image\">\n<figure class=\"aligncenter\"><img decoding=\"async\" src=\"http:\/\/i0.wp.com\/www.calvaires-avesnois.fr\/wp-content\/uploads\/2016\/09\/IMG_3361.jpg?resize=587%2C440\" alt=\"Calvaire. Rue Th\u00e9ophile Legrand\" class=\"wp-image-1676\"\/><figcaption class=\"wp-element-caption\">Calvaire en 2017. Rue Th\u00e9ophile Legrand<\/figcaption><\/figure>\n<\/div>\n\n\n<p>Le calvaire actuel a \u00e9t\u00e9 sculpt\u00e9 par M.J COTELLE CLERE.<\/p>\n\n\n<div class=\"wp-block-image\">\n<figure class=\"aligncenter is-resized\"><img data-recalc-dims=\"1\" loading=\"lazy\" decoding=\"async\" src=\"https:\/\/i0.wp.com\/monumentsmorts.univ-lille.fr\/monmorts\/upload\/monument\/201-400\/297\/fourmiesvdbmonmorts13-02-08-016_524c014a20181.jpg?resize=638%2C402&#038;ssl=1\" alt=\"\" width=\"638\" height=\"402\"\/><figcaption class=\"wp-element-caption\">Monument aux Morts<\/figcaption><\/figure>\n<\/div>\n\n<div class=\"wp-block-image\">\n<figure class=\"aligncenter is-resized\"><img data-recalc-dims=\"1\" loading=\"lazy\" decoding=\"async\" src=\"https:\/\/i0.wp.com\/monumentsmorts.univ-lille.fr\/monmorts\/upload\/monument\/201-400\/297\/fourmies_place_verte-bonnaire_524c05e70f3c6.jpg?resize=402%2C638&#038;ssl=1\" alt=\"\" width=\"402\" height=\"638\"\/><\/figure>\n<\/div>\n\n<div class=\"wp-block-image\">\n<figure class=\"aligncenter is-resized\"><img data-recalc-dims=\"1\" loading=\"lazy\" decoding=\"async\" data-attachment-id=\"7624\" data-permalink=\"http:\/\/patrimoine-avesnois.fr\/chemin\/fourmies\/image-1183\/\" data-orig-file=\"https:\/\/i0.wp.com\/patrimoine-avesnois.fr\/chemin\/wp-content\/uploads\/2019\/07\/image-157.png?fit=561%2C754\" data-orig-size=\"561,754\" data-comments-opened=\"1\" data-image-meta=\"{&quot;aperture&quot;:&quot;0&quot;,&quot;credit&quot;:&quot;&quot;,&quot;camera&quot;:&quot;&quot;,&quot;caption&quot;:&quot;&quot;,&quot;created_timestamp&quot;:&quot;0&quot;,&quot;copyright&quot;:&quot;&quot;,&quot;focal_length&quot;:&quot;0&quot;,&quot;iso&quot;:&quot;0&quot;,&quot;shutter_speed&quot;:&quot;0&quot;,&quot;title&quot;:&quot;&quot;,&quot;orientation&quot;:&quot;0&quot;}\" data-image-title=\"image\" data-image-description=\"\" data-image-caption=\"\" data-large-file=\"https:\/\/i0.wp.com\/patrimoine-avesnois.fr\/chemin\/wp-content\/uploads\/2019\/07\/image-157.png?fit=561%2C754\" src=\"https:\/\/i0.wp.com\/patrimoine-avesnois.fr\/chemin\/wp-content\/uploads\/2019\/07\/image-157.png?resize=455%2C612\" alt=\"\" class=\"wp-image-7624\" width=\"455\" height=\"612\" srcset=\"https:\/\/i0.wp.com\/patrimoine-avesnois.fr\/chemin\/wp-content\/uploads\/2019\/07\/image-157.png?w=561 561w, https:\/\/i0.wp.com\/patrimoine-avesnois.fr\/chemin\/wp-content\/uploads\/2019\/07\/image-157.png?resize=223%2C300 223w\" sizes=\"auto, (max-width: 455px) 85vw, 455px\" \/><figcaption class=\"wp-element-caption\">Monument aux Morts  <br>Place de la R\u00e9publique, puis d\u00e9nomm\u00e9e Place Verte. En face de l&rsquo;\u00c9cole Victor Hugo, actuel h\u00f4tel de Ville. <a aria-label=\"Universit\u00e9 Lille 3  (opens in a new tab)\" href=\"https:\/\/monumentsmorts.univ-lille.fr\/monument\/297\/fourmies-place\/\" target=\"_blank\" rel=\"noreferrer noopener\">Universit\u00e9 Lille 3 <\/a><\/figcaption><\/figure>\n<\/div>\n\n<div class=\"wp-block-image\">\n<figure class=\"aligncenter is-resized\"><img data-recalc-dims=\"1\" loading=\"lazy\" decoding=\"async\" src=\"https:\/\/i0.wp.com\/monumentsmorts.univ-lille.fr\/monmorts\/upload\/monument\/201-400\/298\/fourmies-cimetiere-4_524c05e65fd91.jpg?resize=455%2C635&#038;ssl=1\" alt=\"\" width=\"455\" height=\"635\"\/><figcaption class=\"wp-element-caption\">Monument aux Morts au cimeti\u00e8re communal <a aria-label=\"Universit\u00e9 Lille 3  (opens in a new tab)\" href=\"https:\/\/monumentsmorts.univ-lille.fr\/monument\/298\/fourmies-cimetierecommunal\/\" target=\"_blank\" rel=\"noreferrer noopener\">Universit\u00e9 Lille 3 <\/a><\/figcaption><\/figure>\n<\/div>\n\n<div class=\"wp-block-image\">\n<figure class=\"aligncenter is-resized\"><img loading=\"lazy\" decoding=\"async\" src=\"https:\/\/upload.wikimedia.org\/wikipedia\/commons\/thumb\/2\/28\/Le_petit_Parisien.JPG\/800px-Le_petit_Parisien.JPG\" alt=\"\" width=\"600\" height=\"876\"\/><\/figure>\n<\/div>\n\n<div class=\"wp-block-image\">\n<figure class=\"aligncenter is-resized\"><img loading=\"lazy\" decoding=\"async\" data-attachment-id=\"7611\" data-permalink=\"http:\/\/patrimoine-avesnois.fr\/chemin\/fourmies\/image-1182\/\" data-orig-file=\"https:\/\/i0.wp.com\/patrimoine-avesnois.fr\/chemin\/wp-content\/uploads\/2019\/07\/image-156.png?fit=1255%2C899\" data-orig-size=\"1255,899\" data-comments-opened=\"1\" data-image-meta=\"{&quot;aperture&quot;:&quot;0&quot;,&quot;credit&quot;:&quot;&quot;,&quot;camera&quot;:&quot;&quot;,&quot;caption&quot;:&quot;&quot;,&quot;created_timestamp&quot;:&quot;0&quot;,&quot;copyright&quot;:&quot;&quot;,&quot;focal_length&quot;:&quot;0&quot;,&quot;iso&quot;:&quot;0&quot;,&quot;shutter_speed&quot;:&quot;0&quot;,&quot;title&quot;:&quot;&quot;,&quot;orientation&quot;:&quot;0&quot;}\" data-image-title=\"image\" data-image-description=\"\" data-image-caption=\"\" data-large-file=\"https:\/\/i0.wp.com\/patrimoine-avesnois.fr\/chemin\/wp-content\/uploads\/2019\/07\/image-156.png?fit=840%2C602\" src=\"https:\/\/i0.wp.com\/patrimoine-avesnois.fr\/chemin\/wp-content\/uploads\/2019\/07\/image-156.png?fit=840%2C602\" alt=\"\" class=\"wp-image-7611\" width=\"630\" height=\"452\" srcset=\"https:\/\/i0.wp.com\/patrimoine-avesnois.fr\/chemin\/wp-content\/uploads\/2019\/07\/image-156.png?w=1255 1255w, https:\/\/i0.wp.com\/patrimoine-avesnois.fr\/chemin\/wp-content\/uploads\/2019\/07\/image-156.png?resize=300%2C215 300w, https:\/\/i0.wp.com\/patrimoine-avesnois.fr\/chemin\/wp-content\/uploads\/2019\/07\/image-156.png?resize=768%2C550 768w, https:\/\/i0.wp.com\/patrimoine-avesnois.fr\/chemin\/wp-content\/uploads\/2019\/07\/image-156.png?resize=1024%2C734 1024w, https:\/\/i0.wp.com\/patrimoine-avesnois.fr\/chemin\/wp-content\/uploads\/2019\/07\/image-156.png?resize=1200%2C860 1200w\" sizes=\"auto, (max-width: 630px) 85vw, 630px\" \/><figcaption class=\"wp-element-caption\">Mus\u00e9e Textile et Vie sociale \u00e0 Fourmies Estaminet du \u00ab\u00a0Huiberland\u00a0\u00bb <\/figcaption><\/figure>\n<\/div>","protected":false},"excerpt":{"rendered":"<p>Fourmies \u00e9tait au XII e si\u00e8cle un alleu qui appartenait aux seigneurs d&rsquo;Avesnes, lesquels en firent don \u00e0 l&rsquo;abbaye de Liessies. Aux XVIe et XVIIe si\u00e8cles, c\u2019\u00e9tait encore un petit village,o\u00f9 se trouvait cependant en raison de sa position \u00e0 l&rsquo;extr\u00eame fronti\u00e8re du Hainaut, un fort tenu par une garnison espagnole. Ce fort r\u00e9sista en &hellip; <a href=\"http:\/\/patrimoine-avesnois.fr\/chemin\/fourmies\/\" class=\"more-link\">Continuer la lecture<span class=\"screen-reader-text\"> de &laquo;&nbsp;Fourmies&nbsp;&raquo;<\/span><\/a><\/p>\n","protected":false},"author":2,"featured_media":0,"parent":0,"menu_order":0,"comment_status":"closed","ping_status":"closed","template":"","meta":{"jetpack_post_was_ever_published":false,"footnotes":""},"class_list":["post-7479","page","type-page","status-publish","hentry"],"jetpack_sharing_enabled":true,"jetpack_shortlink":"https:\/\/wp.me\/PaOEkN-1WD","jetpack-related-posts":[],"_links":{"self":[{"href":"http:\/\/patrimoine-avesnois.fr\/chemin\/wp-json\/wp\/v2\/pages\/7479","targetHints":{"allow":["GET"]}}],"collection":[{"href":"http:\/\/patrimoine-avesnois.fr\/chemin\/wp-json\/wp\/v2\/pages"}],"about":[{"href":"http:\/\/patrimoine-avesnois.fr\/chemin\/wp-json\/wp\/v2\/types\/page"}],"author":[{"embeddable":true,"href":"http:\/\/patrimoine-avesnois.fr\/chemin\/wp-json\/wp\/v2\/users\/2"}],"replies":[{"embeddable":true,"href":"http:\/\/patrimoine-avesnois.fr\/chemin\/wp-json\/wp\/v2\/comments?post=7479"}],"version-history":[{"count":0,"href":"http:\/\/patrimoine-avesnois.fr\/chemin\/wp-json\/wp\/v2\/pages\/7479\/revisions"}],"wp:attachment":[{"href":"http:\/\/patrimoine-avesnois.fr\/chemin\/wp-json\/wp\/v2\/media?parent=7479"}],"curies":[{"name":"wp","href":"https:\/\/api.w.org\/{rel}","templated":true}]}}