{"id":144,"date":"2021-05-04T13:24:34","date_gmt":"2021-05-04T11:24:34","guid":{"rendered":"http:\/\/patrimoine-avesnois.fr\/moulins-vent\/?page_id=144"},"modified":"2021-05-04T13:24:34","modified_gmt":"2021-05-04T11:24:34","slug":"villers-pol","status":"publish","type":"page","link":"http:\/\/patrimoine-avesnois.fr\/moulins-vent\/villers-pol\/","title":{"rendered":"Villers-Pol"},"content":{"rendered":"\n<p class=\"has-bright-red-color has-text-color has-medium-font-size\"><strong>Le Moulin \u00e0 vent de Villers-Pol :<\/strong><\/p>\n\n\n\n<div class=\"wp-block-image\"><figure class=\"aligncenter\"><img decoding=\"async\" src=\"https:\/\/i0.wp.com\/patrimoine-avesnois.fr\/chemin\/wp-content\/uploads\/2021\/04\/Capture-38.jpg?resize=840%2C631\" alt=\"\" class=\"wp-image-12349\"\/><figcaption>Cadastre Villers-Pol 1806 ADN P 30 \/ 371 Moulin \u00e0 vent S A 13<a href=\"https:\/\/archivesdepartementales.lenord.fr\/ark:\/33518\/tlmk1jcv2n74\/0e387b80-844c-44e5-bf80-fb8a2ce0bb07\" target=\"_blank\" rel=\"noreferrer noopener\">&nbsp;Vue 7\/7<\/a><\/figcaption><\/figure><\/div>\n\n\n\n<div class=\"wp-block-image\"><figure class=\"aligncenter\"><img decoding=\"async\" src=\"https:\/\/i0.wp.com\/patrimoine-avesnois.fr\/chemin\/wp-content\/uploads\/2021\/04\/Capture-39.jpg?resize=840%2C630\" alt=\"\" class=\"wp-image-12350\"\/><figcaption>Position fictive du Moulin \u00e0 vent de Villers-Pol sur une carte actuelle<\/figcaption><\/figure><\/div>\n\n\n\n<div class=\"wp-block-image\"><figure class=\"aligncenter\"><img decoding=\"async\" src=\"https:\/\/i2.wp.com\/patrimoine-avesnois.fr\/chemin\/wp-content\/uploads\/2021\/04\/Capture-40.jpg?w=840\" alt=\"\" class=\"wp-image-12351\"\/><figcaption>Endroit o\u00f9 se dressait le Moulin \u00e0 vent de Villers-Pol&nbsp;<a href=\"https:\/\/www.google.fr\/maps\/@50.288699,3.6145911,3a,75y,11.8h,81.11t\/data=!3m6!1e1!3m4!1sG6WmshczlEAam6FBk_8_wQ!2e0!7i13312!8i6656\" target=\"_blank\" rel=\"noreferrer noopener\">Rue Roger Denis<\/a><\/figcaption><\/figure><\/div>\n\n\n\n<p>Le Chapitre M\u00e9tropolitain de Cambrai d\u00e9tient un moulin \u00e0 eau tr\u00e8s ancien sur le territoire de Villers-Pol dont l\u2019un des derniers locataires est Nicolas Richard. Celui-ci demande en 1782 au bureau des Finances de Lille un avis favorable pour l\u2019\u00e9tablissement d\u2019un second moulin \u00e0 eau. Cette demande occasionne alors un proc\u00e8s entre le demandeur et le Chapitre de Cambrai, proc\u00e8s qui en 1789 n\u2019est pas encore termin\u00e9. Lors de ce proc\u00e8s interminable est mentionn\u00e9 l\u2019existence d\u2019un moulin \u00e0 vent en 1782. Ce moulin du ressort du Chapitre de Cambrai est vraissembablement vendu comme bien national. Il appartient en 1796 \u00e0 Charles Joseph DUROUX, Fran\u00e7ois PIETTE et Jean-Marie Hubert BUREAU, lesquels le louent chacun pour un tiers \u00e0 Antoine Joseph Mar\u00e9chal (1). BUREAU vend sa part \u00e0 Joseph PIETTE en 1803 tandis que DUROUX et PIETTE vendent en 1805 leurs parts \u00e0 Jean Baptiste MARCHAND (2), fr\u00e8re d\u2019Antoine Joseph locataire du moulin. En 1810 Joseph PIETTE vend 3\/24e du moulin \u00e0 Athanase, Placide et Constant MARCHAND tous trois meuniers et fils de Jean Baptiste MARCHAND cit\u00e9 ci-dessus (3). En 1818 Jean Baptiste CARPENTIER sollicite avec succ\u00e8s l\u2019autorisation de construire un moulin \u00e0 vent \u00e0 Maresches. Il ach\u00e8te alors le moulin \u00e0 vent de Villers-Pol pour le transporter non loin de l\u00e0 sur le territoire de Maresches (4).<\/p>\n\n\n\n<p>(1) : ADN 3 Q 409-3 Enregistrement Bureau Le Quesnoy Table des baux An 4-An 13 Acte du 23 Pluvi\u00f4se An 4 soit le 12 F\u00e9vrier 1796<\/p>\n\n\n\n<p>(2) : ADN 3 Q 406-6 Enregistrement Bureau Le Quesnoy Table des vendeurs An 11-1806 Actes du 11 Prairial An 11 (31\/05\/1803) et du 12 Germinal An 13 (02\/04\/1805)<\/p>\n\n\n\n<p>(3) : ADN 3 Q 406-11 Enregistrement Bureau Le Quesnoy Table des vendeurs 1810 Acte du 6\/12\/1810<\/p>\n\n\n\n<p>(4) : D\u00e9placement du moulin selon Jean Bruggeman de l\u2019ARAM : le Moulin \u00e0 vent de Villers-Pol pr\u00e9sent sur le cadastre de 1806 est absent sur celui de 1826<\/p>\n","protected":false},"excerpt":{"rendered":"<p>Le Moulin \u00e0 vent de Villers-Pol : Le Chapitre M\u00e9tropolitain de Cambrai d\u00e9tient un moulin \u00e0 eau tr\u00e8s ancien sur le territoire de Villers-Pol dont l\u2019un des derniers locataires est Nicolas Richard. Celui-ci demande en 1782 au bureau des Finances de Lille un avis favorable pour l\u2019\u00e9tablissement d\u2019un second moulin \u00e0 eau. Cette demande occasionne &hellip; <a href=\"http:\/\/patrimoine-avesnois.fr\/moulins-vent\/villers-pol\/\" class=\"more-link\">Continuer la lecture<span class=\"screen-reader-text\"> de &laquo;&nbsp;Villers-Pol&nbsp;&raquo;<\/span><\/a><\/p>\n","protected":false},"author":2,"featured_media":0,"parent":0,"menu_order":0,"comment_status":"closed","ping_status":"closed","template":"","meta":{"footnotes":""},"class_list":["post-144","page","type-page","status-publish","hentry"],"jetpack_sharing_enabled":true,"_links":{"self":[{"href":"http:\/\/patrimoine-avesnois.fr\/moulins-vent\/wp-json\/wp\/v2\/pages\/144","targetHints":{"allow":["GET"]}}],"collection":[{"href":"http:\/\/patrimoine-avesnois.fr\/moulins-vent\/wp-json\/wp\/v2\/pages"}],"about":[{"href":"http:\/\/patrimoine-avesnois.fr\/moulins-vent\/wp-json\/wp\/v2\/types\/page"}],"author":[{"embeddable":true,"href":"http:\/\/patrimoine-avesnois.fr\/moulins-vent\/wp-json\/wp\/v2\/users\/2"}],"replies":[{"embeddable":true,"href":"http:\/\/patrimoine-avesnois.fr\/moulins-vent\/wp-json\/wp\/v2\/comments?post=144"}],"version-history":[{"count":1,"href":"http:\/\/patrimoine-avesnois.fr\/moulins-vent\/wp-json\/wp\/v2\/pages\/144\/revisions"}],"predecessor-version":[{"id":145,"href":"http:\/\/patrimoine-avesnois.fr\/moulins-vent\/wp-json\/wp\/v2\/pages\/144\/revisions\/145"}],"wp:attachment":[{"href":"http:\/\/patrimoine-avesnois.fr\/moulins-vent\/wp-json\/wp\/v2\/media?parent=144"}],"curies":[{"name":"wp","href":"https:\/\/api.w.org\/{rel}","templated":true}]}}