{"id":21,"date":"2021-05-04T10:47:18","date_gmt":"2021-05-04T08:47:18","guid":{"rendered":"http:\/\/patrimoine-avesnois.fr\/moulins-vent\/?page_id=21"},"modified":"2021-05-04T10:47:18","modified_gmt":"2021-05-04T08:47:18","slug":"avesnelles","status":"publish","type":"page","link":"http:\/\/patrimoine-avesnois.fr\/moulins-vent\/avesnelles\/","title":{"rendered":"Avesnelles"},"content":{"rendered":"\n<p class=\"has-bright-red-color has-text-color has-medium-font-size\"><strong>Le moulin \u00e0 vent d\u2019Avesnelles&nbsp;:<\/strong><\/p>\n\n\n\n<div class=\"wp-block-image\"><figure class=\"aligncenter\"><img decoding=\"async\" src=\"https:\/\/i1.wp.com\/patrimoine-avesnois.fr\/chemin\/wp-content\/uploads\/2021\/03\/Avesnelles-1814.jpg?fit=840%2C630\" alt=\"\" class=\"wp-image-11911\"\/><figcaption>Cadastre Avesnelles 1813 ADN P 31 \/ 652&nbsp;<a rel=\"noreferrer noopener\" href=\"https:\/\/archivesdepartementales.lenord.fr\/ark:\/33518\/9sgtvkl18n5f\/b947c8e6-0d38-4449-8411-cc8c8e34ee1e\" target=\"_blank\">Vue 1\/26<\/a><\/figcaption><\/figure><\/div>\n\n\n\n<div class=\"wp-block-image\"><figure class=\"aligncenter\"><img decoding=\"async\" src=\"https:\/\/i2.wp.com\/patrimoine-avesnois.fr\/chemin\/wp-content\/uploads\/2021\/03\/Avesnelles-1814-1.jpg?w=840\" alt=\"\" class=\"wp-image-11912\"\/><figcaption><em>Cadastre Avesnelles 1813 ADN P 31 \/ 652<\/em>&nbsp;Section C 214&nbsp;<a href=\"https:\/\/archivesdepartementales.lenord.fr\/ark:\/33518\/9sgtvkl18n5f\/bfea7dd6-6384-454d-bb47-e9b8af0a694f\" target=\"_blank\" rel=\"noreferrer noopener\">Vue 6\/26<\/a><\/figcaption><\/figure><\/div>\n\n\n\n<div class=\"wp-block-image\"><figure class=\"aligncenter\"><img decoding=\"async\" src=\"https:\/\/i0.wp.com\/patrimoine-avesnois.fr\/chemin\/wp-content\/uploads\/2021\/03\/Avesnelles-chemin-de-Rainsars.jpg?w=840\" alt=\"\" class=\"wp-image-11913\"\/><figcaption>Endroit actuel o\u00f9 se dressait le moulin \u00e0 vent d\u2019Avesnelles&nbsp;<a rel=\"noreferrer noopener\" href=\"https:\/\/www.google.fr\/maps\/@50.1086377,3.9510317,3a,75y,184.85h,88.97t\/data=!3m6!1e1!3m4!1s0KNMYealB8HvKL9cS46rLA!2e0!7i16384!8i8192\" target=\"_blank\">Chemin de Rainsars<\/a><\/figcaption><\/figure><\/div>\n\n\n\n<p>Nicolas WIART laboureur de Dompierre vend son moulin \u00e0 vent d\u2019Avesnelles en 1795 \u00e0 Th\u00e9odore Louis Joseph PILLOT (1). Celui-ci est Lieutenant g\u00e9n\u00e9ral du baillage d\u2019Avesnes \u2013 Subd\u00e9l\u00e9gu\u00e9 de l\u2019Intendant du Hainaut. Il loue le moulin le 21 septembre 1813 \u00e0 Simon Mercier puis le 14 octobre 1814 \u00e0 Augustin Lefevre (2). Il d\u00e9c\u00e8de le 12 juin 1815 \u00e0 Avesnes et sa veuve Eug\u00e9nie PRISSE (\u00b01763 Binche + 1842 Avesnes) &nbsp;loue alors le moulin le 26 avril 1816 \u00e0 Hubert Renotte &nbsp;puis \u00e0 Jean Mandron (2).<\/p>\n\n\n\n<p>Le moulin a diff\u00e9rents propri\u00e9taires successifs comme le r\u00e9v\u00e8lent les matrices cadastrales d\u2019Avesnelles&nbsp;: en 1824 PARMENTIER, meunier \u00e0 Avesnelles, en 1826 POLY Isidore, brasseur \u00e0 Avesnes, en 1836 \u00e0 MANDRON WAUTIER d\u2019Avesnelles. Le couple vend le moulin le 6 novembre 1837 \u00e0 trois associ\u00e9s&nbsp;: Joseph GUILLEMIN propri\u00e9taire \u00e0 Avesnes, Fran\u00e7ois Joseph AUBRY g\u00e9om\u00e8tre \u00e0 Montauban et Louis PUYRAMAURE notaire \u00e0 Avesnes (5). Ces derniers s\u2019empressent de le revendre le 31 mars 1838 \u00e0 Antoine HAZARD propri\u00e9taire \u00e0 Leval (5) qui le donne \u00e0 son fils Antoine le 16 juin 1847 (6). Ce dernier le met en vente d\u00e8s 1852 et par acte du 20 janvier 1853 le nouveau propri\u00e9taire est un n\u00e9gociant d\u2019Avesnes, Adolphe GUILLEMIN (7).<\/p>\n\n\n\n<p>En 1854 apparait sur les matrices son fils Edouard GUILLEMIN propri\u00e9taire \u00e0 Avesnes puis en 1859 Fran\u00e7ois R\u00e9gis BRISSON, meunier \u00e0 Avesnelles puis \u00e0 Saint-Hilaire-sur-Helpe. Il a achet\u00e9 le moulin le 3 mai 1857 mais le met d\u00e9j\u00e0 en vente en 1859 (8). Puis de nouveau en 1861 (9). Il est achet\u00e9 en 1863 par Louis LEFRANCQ, cultivateur \u00e0 Avesnes qui le d\u00e9molit.<\/p>\n\n\n\n<p>(1)&nbsp;: 3 Q 29-3 Enregistrement Bureau d\u2019Avesnes Table des vendeurs flor\u00e9al An 3 Vend\u00e9miaire An 4&nbsp;<\/p>\n\n\n\n<p>(2)&nbsp;: 3 Q 31-5 Enregistrement Avesnes Table des baux 1813-1828<\/p>\n\n\n\n<p>(3)&nbsp;: ADN Matrices cadastrales 35 P 59 \u00e0 61<\/p>\n\n\n\n<p>(4)&nbsp;: Jean Fran\u00e7ois MANDRON s\u2019est mari\u00e9 le 13 d\u00e9cembre 1820 \u00e0 Haut-Lieu avec d\u00e9sir\u00e9e WAUTIER.<\/p>\n\n\n\n<p>(5)&nbsp;: 3 Q 30-17 Enregistrement Avesnes Table des acqu\u00e9reurs 1836-1838<\/p>\n\n\n\n<p>(6)&nbsp;: 3 Q 30-22 Enregistrement Avesnes Table des acqu\u00e9reurs 1846-1849<\/p>\n\n\n\n<p><strong>(<\/strong>7)&nbsp;: 3 Q 30-24 Enregistrement Avesnes Table des acqu\u00e9reurs 1851-1853<\/p>\n\n\n\n<p>(8)<strong>&nbsp;:&nbsp;<\/strong>Le journal L\u2019Observateur du 20\/03 1859 27\/03\/1859 20\/11\/1859 27\/11\/1859<\/p>\n\n\n\n<p>(9)&nbsp;<strong>:&nbsp;<\/strong>Le journal L\u2019Observateur du 22,25 et 29 ao\u00fbt 1861<\/p>\n","protected":false},"excerpt":{"rendered":"<p>Le moulin \u00e0 vent d\u2019Avesnelles&nbsp;: Nicolas WIART laboureur de Dompierre vend son moulin \u00e0 vent d\u2019Avesnelles en 1795 \u00e0 Th\u00e9odore Louis Joseph PILLOT (1). Celui-ci est Lieutenant g\u00e9n\u00e9ral du baillage d\u2019Avesnes \u2013 Subd\u00e9l\u00e9gu\u00e9 de l\u2019Intendant du Hainaut. Il loue le moulin le 21 septembre 1813 \u00e0 Simon Mercier puis le 14 octobre 1814 \u00e0 Augustin &hellip; <a href=\"http:\/\/patrimoine-avesnois.fr\/moulins-vent\/avesnelles\/\" class=\"more-link\">Continuer la lecture<span class=\"screen-reader-text\"> de &laquo;&nbsp;Avesnelles&nbsp;&raquo;<\/span><\/a><\/p>\n","protected":false},"author":2,"featured_media":0,"parent":0,"menu_order":0,"comment_status":"closed","ping_status":"closed","template":"","meta":{"footnotes":""},"class_list":["post-21","page","type-page","status-publish","hentry"],"jetpack_sharing_enabled":true,"_links":{"self":[{"href":"http:\/\/patrimoine-avesnois.fr\/moulins-vent\/wp-json\/wp\/v2\/pages\/21","targetHints":{"allow":["GET"]}}],"collection":[{"href":"http:\/\/patrimoine-avesnois.fr\/moulins-vent\/wp-json\/wp\/v2\/pages"}],"about":[{"href":"http:\/\/patrimoine-avesnois.fr\/moulins-vent\/wp-json\/wp\/v2\/types\/page"}],"author":[{"embeddable":true,"href":"http:\/\/patrimoine-avesnois.fr\/moulins-vent\/wp-json\/wp\/v2\/users\/2"}],"replies":[{"embeddable":true,"href":"http:\/\/patrimoine-avesnois.fr\/moulins-vent\/wp-json\/wp\/v2\/comments?post=21"}],"version-history":[{"count":1,"href":"http:\/\/patrimoine-avesnois.fr\/moulins-vent\/wp-json\/wp\/v2\/pages\/21\/revisions"}],"predecessor-version":[{"id":22,"href":"http:\/\/patrimoine-avesnois.fr\/moulins-vent\/wp-json\/wp\/v2\/pages\/21\/revisions\/22"}],"wp:attachment":[{"href":"http:\/\/patrimoine-avesnois.fr\/moulins-vent\/wp-json\/wp\/v2\/media?parent=21"}],"curies":[{"name":"wp","href":"https:\/\/api.w.org\/{rel}","templated":true}]}}