{"id":27,"date":"2021-05-04T11:08:55","date_gmt":"2021-05-04T09:08:55","guid":{"rendered":"http:\/\/patrimoine-avesnois.fr\/moulins-vent\/?page_id=27"},"modified":"2021-05-04T11:08:55","modified_gmt":"2021-05-04T09:08:55","slug":"beaurepaire-sur-sambre","status":"publish","type":"page","link":"http:\/\/patrimoine-avesnois.fr\/moulins-vent\/beaurepaire-sur-sambre\/","title":{"rendered":"Beaurepaire-sur-Sambre"},"content":{"rendered":"\n<p class=\"has-bright-red-color has-text-color has-medium-font-size\"><strong>Le moulin \u00e0 vent de Beaurepaire-sur-Sambre&nbsp;:<\/strong><\/p>\n\n\n\n<div class=\"wp-block-image\"><figure class=\"aligncenter\"><img decoding=\"async\" src=\"https:\/\/i2.wp.com\/patrimoine-avesnois.fr\/chemin\/wp-content\/uploads\/2021\/03\/Beaurepaire-1813.jpg?resize=840%2C630\" alt=\"\" class=\"wp-image-11922\"\/><figcaption>Cadastre Beaurepaire-sur-Sambre 1813 ADN P 31 \/ 661&nbsp;<a href=\"https:\/\/archivesdepartementales.lenord.fr\/ark:\/33518\/2rtvx9h0bldk\/d147a38a-494d-444b-ac81-f06dc2be3d90\" target=\"_blank\" rel=\"noreferrer noopener\">Vue 1\/15<\/a><\/figcaption><\/figure><\/div>\n\n\n\n<div class=\"wp-block-image\"><figure class=\"aligncenter\"><img decoding=\"async\" src=\"https:\/\/i0.wp.com\/patrimoine-avesnois.fr\/chemin\/wp-content\/uploads\/2021\/03\/Beaurepaire-.jpg?resize=840%2C626\" alt=\"\" class=\"wp-image-11923\"\/><figcaption><em>Endroit actuel o\u00f9 se dressait le moulin<\/em>&nbsp;\u00e0 vent de Beaurepaire-sur-Sambre : au fond de la p\u00e2ture&nbsp;<a rel=\"noreferrer noopener\" href=\"https:\/\/www.google.fr\/maps\/@50.0526758,3.7829465,3a,75y,123.77h,78.48t\/data=!3m6!1e1!3m4!1sShKyDNjGMjtWaUovGMnXUA!2e0!7i16384!8i8192\" target=\"_blank\">Rue Haute<\/a><\/figcaption><\/figure><\/div>\n\n\n\n<p>Il est construit par Antoine GARD vers 1810 (1) qui poss\u00e8de d\u00e9j\u00e0 un moulin \u00e0 eau dans la commune. En 1836 le propri\u00e9taire re\u00e7oit \u00ab&nbsp;un secours de 35 fr en raison de la destruction de son moulin \u00e0 vent fracass\u00e9 par l\u2019ouragan du 25 mars dernier&nbsp;\u00bb (2). Le moulin est d\u00e9tenu en 1856 par LEPAPE NAVARRE (3) puis en 1857 par LEPAPE SENECHAL, meunier \u00e0 Prisches puis \u00e0 Beaurepaire (4) (5) . Le moulin disparait vers 1860.<\/p>\n\n\n\n<p>(1)&nbsp;: Il ne figure pas sur le cadastre de 1806 mais sur celui de 1813<\/p>\n\n\n\n<p>(2)&nbsp;:Le journal L\u2019Observateur du 9 juin 1836<\/p>\n\n\n\n<p>(3) Fran\u00e7ois Joseph Guislain LEPAPE n\u00e9 en 1812 \u00e0 Prisches mari\u00e9 en 1841 avec Marie Pacifique NAVARRE est charpentier.<\/p>\n\n\n\n<p>(4)&nbsp;: ADN Matrices cadastrales 35 P 151 B NB 1824 1873<\/p>\n\n\n\n<p>(5) : Jean Baptiste Fid\u00e8le LEPAPE n\u00e9 en 1800 \u00e0 Barzy se marie en 1823 \u00e0 Barzy avec Marie Joseph Ism\u00e9rie SENECHAL n\u00e9e en 1801 \u00e0 Prisches. Le couple habite Prisches d\u00e8s leur mariage o\u00f9 il d\u00e9c\u00e8de en 1875 et elle en 1883.<\/p>\n","protected":false},"excerpt":{"rendered":"<p>Le moulin \u00e0 vent de Beaurepaire-sur-Sambre&nbsp;: Il est construit par Antoine GARD vers 1810 (1) qui poss\u00e8de d\u00e9j\u00e0 un moulin \u00e0 eau dans la commune. En 1836 le propri\u00e9taire re\u00e7oit \u00ab&nbsp;un secours de 35 fr en raison de la destruction de son moulin \u00e0 vent fracass\u00e9 par l\u2019ouragan du 25 mars dernier&nbsp;\u00bb (2). Le moulin &hellip; <a href=\"http:\/\/patrimoine-avesnois.fr\/moulins-vent\/beaurepaire-sur-sambre\/\" class=\"more-link\">Continuer la lecture<span class=\"screen-reader-text\"> de &laquo;&nbsp;Beaurepaire-sur-Sambre&nbsp;&raquo;<\/span><\/a><\/p>\n","protected":false},"author":2,"featured_media":0,"parent":0,"menu_order":0,"comment_status":"closed","ping_status":"closed","template":"","meta":{"footnotes":""},"class_list":["post-27","page","type-page","status-publish","hentry"],"jetpack_sharing_enabled":true,"_links":{"self":[{"href":"http:\/\/patrimoine-avesnois.fr\/moulins-vent\/wp-json\/wp\/v2\/pages\/27","targetHints":{"allow":["GET"]}}],"collection":[{"href":"http:\/\/patrimoine-avesnois.fr\/moulins-vent\/wp-json\/wp\/v2\/pages"}],"about":[{"href":"http:\/\/patrimoine-avesnois.fr\/moulins-vent\/wp-json\/wp\/v2\/types\/page"}],"author":[{"embeddable":true,"href":"http:\/\/patrimoine-avesnois.fr\/moulins-vent\/wp-json\/wp\/v2\/users\/2"}],"replies":[{"embeddable":true,"href":"http:\/\/patrimoine-avesnois.fr\/moulins-vent\/wp-json\/wp\/v2\/comments?post=27"}],"version-history":[{"count":1,"href":"http:\/\/patrimoine-avesnois.fr\/moulins-vent\/wp-json\/wp\/v2\/pages\/27\/revisions"}],"predecessor-version":[{"id":28,"href":"http:\/\/patrimoine-avesnois.fr\/moulins-vent\/wp-json\/wp\/v2\/pages\/27\/revisions\/28"}],"wp:attachment":[{"href":"http:\/\/patrimoine-avesnois.fr\/moulins-vent\/wp-json\/wp\/v2\/media?parent=27"}],"curies":[{"name":"wp","href":"https:\/\/api.w.org\/{rel}","templated":true}]}}