{"id":39,"date":"2021-05-04T11:18:17","date_gmt":"2021-05-04T09:18:17","guid":{"rendered":"http:\/\/patrimoine-avesnois.fr\/moulins-vent\/?page_id=39"},"modified":"2021-05-04T11:18:17","modified_gmt":"2021-05-04T09:18:17","slug":"cartignies","status":"publish","type":"page","link":"http:\/\/patrimoine-avesnois.fr\/moulins-vent\/cartignies\/","title":{"rendered":"Cartignies"},"content":{"rendered":"\n<p class=\"has-bright-red-color has-text-color has-medium-font-size\"><strong>Le moulin \u00e0 vent de Cartignies :<\/strong><\/p>\n\n\n\n<div class=\"wp-block-image\"><figure class=\"aligncenter\"><img decoding=\"async\" src=\"https:\/\/i1.wp.com\/patrimoine-avesnois.fr\/chemin\/wp-content\/uploads\/2021\/03\/Capture-16.jpg?resize=840%2C630\" alt=\"\" class=\"wp-image-11964\"\/><figcaption>Cadastre Cartignies 1813 ADN P 31 \/ 677 Section A 46&nbsp;<a href=\"https:\/\/archivesdepartementales.lenord.fr\/ark:\/33518\/xv4l3m9kpwh5\/9c5bad69-98a9-468e-a1dd-6fff07d8f45d\" target=\"_blank\" rel=\"noreferrer noopener\">Vue 2\/34<\/a><\/figcaption><\/figure><\/div>\n\n\n\n<div class=\"wp-block-image\"><figure class=\"aligncenter\"><img decoding=\"async\" src=\"https:\/\/i0.wp.com\/patrimoine-avesnois.fr\/chemin\/wp-content\/uploads\/2021\/03\/Capture-17.jpg?resize=840%2C627\" alt=\"\" class=\"wp-image-11965\"\/><figcaption><em>Position fictive du moulin \u00e0 vent de Cartignies sur une carte actuelle<\/em><\/figcaption><\/figure><\/div>\n\n\n\n<div class=\"wp-block-image\"><figure class=\"aligncenter\"><img decoding=\"async\" src=\"https:\/\/i1.wp.com\/patrimoine-avesnois.fr\/chemin\/wp-content\/uploads\/2021\/03\/Capture-18.jpg?fit=840%2C629\" alt=\"\" class=\"wp-image-11966\"\/><figcaption>Endroit o\u00f9 se dressait le moulin \u00e0 vent de Cartignies (en face de l\u2019ancien moulin \u00e0 eau encore pr\u00e9sent)<br><a href=\"https:\/\/www.google.fr\/maps\/@50.097382,3.8317813,3a,75y,290.29h,78.65t\/data=!3m6!1e1!3m4!1sDBzkucRAICxhdK4AJszexQ!2e0!7i13312!8i6656\" target=\"_blank\" rel=\"noreferrer noopener\">1035 Route de Fayt<\/a><\/figcaption><\/figure><\/div>\n\n\n\n<p>Le moulin \u00e0 vent de Cartignies est \u00e9rig\u00e9 par Hubert MILON, pr\u00e8s du moulin \u00e0 eau des Ourdiaux que le citoyen MILON a fait construire en 1797. Le moulin \u00e0 vent est b\u00e2ti \u00e0 une date l\u00e9g\u00e8rement ult\u00e9rieure (entre 1798 et 1804) afin de se substituer au moulin \u00e0 eau lorsque le cours d\u2019eau est ass\u00e9ch\u00e9. Son propri\u00e9taire d\u00e9c\u00e8de le 21 avril 1824 et sa veuve Marie Madeleine LECOMTE loue les deux moulins \u00e0 son beau fils Magloire Scottez le 12 ao\u00fbt 1824 (1). Andr\u00e9 GOSSE aux Fayts (2) ach\u00e8te les deux moulins qu\u2019il loue de nouveau \u00e0 Magloire Scottez le 19 ao\u00fbt 1827 (3). Le moulin \u00e0 vent de Cartignies est d\u00e9mont\u00e9 vers 1843.<\/p>\n\n\n\n<p>(1) : ADN 3 Q 31-5 Enregistrement Bureau d\u2019Avesnes Table des baux 1813 1828<\/p>\n\n\n\n<p>(2) : Andr\u00e9 Gosse (\u00b01778 1848) mari\u00e9 \u00e0 Marie Joseph B\u00e9venot est propri\u00e9taire, cultivateur et le premier maire de Petit-Fayt en 1838.<\/p>\n\n\n\n<p>(3) : ADN 3 Q 31-5 Enregistrement Bureau d\u2019Avesnes Table des baux 1813 1828<\/p>\n","protected":false},"excerpt":{"rendered":"<p>Le moulin \u00e0 vent de Cartignies : Le moulin \u00e0 vent de Cartignies est \u00e9rig\u00e9 par Hubert MILON, pr\u00e8s du moulin \u00e0 eau des Ourdiaux que le citoyen MILON a fait construire en 1797. Le moulin \u00e0 vent est b\u00e2ti \u00e0 une date l\u00e9g\u00e8rement ult\u00e9rieure (entre 1798 et 1804) afin de se substituer au moulin &hellip; <a href=\"http:\/\/patrimoine-avesnois.fr\/moulins-vent\/cartignies\/\" class=\"more-link\">Continuer la lecture<span class=\"screen-reader-text\"> de &laquo;&nbsp;Cartignies&nbsp;&raquo;<\/span><\/a><\/p>\n","protected":false},"author":2,"featured_media":0,"parent":0,"menu_order":0,"comment_status":"closed","ping_status":"closed","template":"","meta":{"footnotes":""},"class_list":["post-39","page","type-page","status-publish","hentry"],"jetpack_sharing_enabled":true,"_links":{"self":[{"href":"http:\/\/patrimoine-avesnois.fr\/moulins-vent\/wp-json\/wp\/v2\/pages\/39","targetHints":{"allow":["GET"]}}],"collection":[{"href":"http:\/\/patrimoine-avesnois.fr\/moulins-vent\/wp-json\/wp\/v2\/pages"}],"about":[{"href":"http:\/\/patrimoine-avesnois.fr\/moulins-vent\/wp-json\/wp\/v2\/types\/page"}],"author":[{"embeddable":true,"href":"http:\/\/patrimoine-avesnois.fr\/moulins-vent\/wp-json\/wp\/v2\/users\/2"}],"replies":[{"embeddable":true,"href":"http:\/\/patrimoine-avesnois.fr\/moulins-vent\/wp-json\/wp\/v2\/comments?post=39"}],"version-history":[{"count":1,"href":"http:\/\/patrimoine-avesnois.fr\/moulins-vent\/wp-json\/wp\/v2\/pages\/39\/revisions"}],"predecessor-version":[{"id":40,"href":"http:\/\/patrimoine-avesnois.fr\/moulins-vent\/wp-json\/wp\/v2\/pages\/39\/revisions\/40"}],"wp:attachment":[{"href":"http:\/\/patrimoine-avesnois.fr\/moulins-vent\/wp-json\/wp\/v2\/media?parent=39"}],"curies":[{"name":"wp","href":"https:\/\/api.w.org\/{rel}","templated":true}]}}