{"id":47,"date":"2021-05-04T11:24:50","date_gmt":"2021-05-04T09:24:50","guid":{"rendered":"http:\/\/patrimoine-avesnois.fr\/moulins-vent\/?page_id=47"},"modified":"2021-05-04T11:24:50","modified_gmt":"2021-05-04T09:24:50","slug":"croix-caluyau","status":"publish","type":"page","link":"http:\/\/patrimoine-avesnois.fr\/moulins-vent\/croix-caluyau\/","title":{"rendered":"Croix-Caluyau"},"content":{"rendered":"\n<p class=\"has-bright-red-color has-text-color has-medium-font-size\"><strong>Le Moulin \u00e0 vent de Croix-Caluyau :<\/strong><\/p>\n\n\n\n<div class=\"wp-block-image\"><figure class=\"aligncenter\"><img decoding=\"async\" src=\"https:\/\/i2.wp.com\/patrimoine-avesnois.fr\/chemin\/wp-content\/uploads\/2021\/03\/Capture-26.jpg?resize=840%2C629\" alt=\"\" class=\"wp-image-11985\"\/><figcaption>Cadastre Consulaire de Croix-Caluyau An 13 ADN P 30 \/ 094 S A 33&nbsp;<a rel=\"noreferrer noopener\" href=\"https:\/\/archivesdepartementales.lenord.fr\/ark:\/33518\/dh9tr5knvz14\/9b1541a4-d4e3-4146-b221-e0d50c056e02\" target=\"_blank\">Vue 1\/3<\/a><\/figcaption><\/figure><\/div>\n\n\n\n<div class=\"wp-block-image\"><figure class=\"aligncenter\"><img decoding=\"async\" src=\"https:\/\/i2.wp.com\/patrimoine-avesnois.fr\/chemin\/wp-content\/uploads\/2021\/03\/Capture1.jpg?resize=840%2C630\" alt=\"\" class=\"wp-image-11986\"\/><figcaption>Cadastre Consulaire de Croix-Caluyau An 13 ADN P 30 \/ 094 S A 33&nbsp;<a href=\"https:\/\/archivesdepartementales.lenord.fr\/ark:\/33518\/dh9tr5knvz14\/45cb222e-e376-4468-809b-1aba938d0e17\" target=\"_blank\" rel=\"noreferrer noopener\">Vue 2\/3<\/a><\/figcaption><\/figure><\/div>\n\n\n\n<div class=\"wp-block-image\"><figure class=\"aligncenter\"><img decoding=\"async\" src=\"https:\/\/i0.wp.com\/patrimoine-avesnois.fr\/chemin\/wp-content\/uploads\/2021\/03\/Capture-27.jpg?resize=840%2C630\" alt=\"\" class=\"wp-image-11987\"\/><figcaption>Cadastre Napol\u00e9onien Croix-Caluyau 1831 ADN P 31 \/ 683 Moulin \u00e0 vent S A 249&nbsp;<a href=\"https:\/\/archivesdepartementales.lenord.fr\/ark:\/33518\/9c0d7rgw5m4t\/b08358ae-ea52-44f8-a129-002454afff99\" target=\"_blank\" rel=\"noreferrer noopener\">Vue 2\/9<\/a><\/figcaption><\/figure><\/div>\n\n\n\n<div class=\"wp-block-image\"><figure class=\"aligncenter\"><img decoding=\"async\" src=\"https:\/\/i1.wp.com\/patrimoine-avesnois.fr\/chemin\/wp-content\/uploads\/2021\/03\/Capture-30.jpg?resize=840%2C630\" alt=\"\" class=\"wp-image-11990\"\/><figcaption>Cadastre Napol\u00e9onien Croix-Caluyau 1831 ADN P 31 \/ 683<\/figcaption><\/figure><\/div>\n\n\n\n<div class=\"wp-block-image\"><figure class=\"aligncenter\"><img decoding=\"async\" src=\"https:\/\/i1.wp.com\/patrimoine-avesnois.fr\/chemin\/wp-content\/uploads\/2021\/03\/Capture-28-1.jpg?resize=840%2C630\" alt=\"\" class=\"wp-image-11991\"\/><figcaption><em>Position fictive des moulins \u00e0 vent de Croix-Caluyau sur une carte actuelle<\/em><\/figcaption><\/figure><\/div>\n\n\n\n<div class=\"wp-block-image\"><figure class=\"aligncenter\"><img decoding=\"async\" src=\"https:\/\/i1.wp.com\/patrimoine-avesnois.fr\/chemin\/wp-content\/uploads\/2021\/03\/Capture-29.jpg?resize=840%2C630\" alt=\"\" class=\"wp-image-11989\"\/><figcaption>Endroit o\u00f9 se dressait le premier moulin \u00e0 vent de Croix-Caluyau (sur cette terre en hauteur)&nbsp;<a rel=\"noreferrer noopener\" href=\"https:\/\/www.google.fr\/maps\/@50.1504669,3.5811161,3a,89.9y,24.18h,89.89t\/data=!3m7!1e1!3m5!1sAqVCQvwhz_gai0CfiLWO6A!2e0!6shttps:%2F%2Fstreetviewpixels-pa.googleapis.com%2Fv1%2Fthumbnail%3Fpanoid%3DAqVCQvwhz_gai0CfiLWO6A%26cb_client%3Dsearch.revgeo_and_fetch.gps%26w%3D96%26h%3D64%26yaw%3D1.62351%26pitch%3D0%26thumbfov%3D100!7i13312!8i6656\" target=\"_blank\">Rue du Moulin<\/a><\/figcaption><\/figure><\/div>\n\n\n\n<div class=\"wp-block-image\"><figure class=\"aligncenter\"><img decoding=\"async\" src=\"https:\/\/i2.wp.com\/patrimoine-avesnois.fr\/chemin\/wp-content\/uploads\/2021\/03\/Capture-31.jpg?resize=840%2C630\" alt=\"\" class=\"wp-image-11992\"\/><figcaption>Endroit o\u00f9 se dressait le second moulin \u00e0 vent de Croix-Caluyau&nbsp;<a href=\"https:\/\/www.google.fr\/maps\/@50.156859,3.579103,3a,90y,253.23h,75.05t\/data=!3m6!1e1!3m4!1sveu4aG17Il6QXjvSDCFTPg!2e0!7i13312!8i6656\" target=\"_blank\" rel=\"noreferrer noopener\">Rue du Moulin<\/a><\/figcaption><\/figure><\/div>\n\n\n\n<p>Le moulin \u00e0 vent de Croix-Caluyau existe d\u00e9j\u00e0 en 1804 comme l\u2019atteste le cadastre de l\u2019An 13. Il pourrait appartenir selon l\u2019\u00e9tat civil du village \u00e0 Jean Baptiste FONTAINE (\u00b01771 +1820 ) meunier \u00e0 Croix-Caluyau mari\u00e9 avec Marie WANECQUE. Le 2 mai 1826 Pierre DEVAUX, propri\u00e9taire \u00e0 Solesmes le vend \u00e0 Augustin DEHEN (1). Le moulin est lou\u00e9 par ce dernier \u00e0 Sieur Brabant le 7 ao\u00fbt 1831 (2). Augustin DEHEN (\u00b0 1788 + 1851 ) mari\u00e9 \u00e0 Marceline LECOUVEZ (\u00b01788 + 1843 ) est cultivateur et d\u00e8s 1850 le moulin appartient \u00e0 son gendre Benoit GODON, meunier, mari\u00e9 avec Adolphie Julie DEHEN. Le moulin est alors d\u00e9mont\u00e9 par Benoit GODON qui en b\u00e2tit un nouveau en 1854 sur la section A 51 (3). Il n\u2019est peut \u00eatre que simplement d\u00e9plac\u00e9. Il appartient ensuite en 1863 \u00e0 D\u00e9sir\u00e9 GODON mari\u00e9 avec Am\u00e9lie Th\u00e9r\u00e8se LEFEBVRE, cultivateur \u00e0 Croix qui le d\u00e9molit en 1867.<\/p>\n\n\n\n<p>(1) : ADN 3 Q 298-6 Enregistrements Bureau de Landrecies Table des acqu\u00e9reurs 1825 -1828<\/p>\n\n\n\n<p>(2) : ADN 3 Q 299-5 Enregistrements Bureau de Landrecies Table des baux 1828-1844<\/p>\n\n\n\n<p>(3) ADN Matrices Cadastrales 35 P 356 TI 1833- 35 P 357 et 358 B NB 1833 1913<\/p>\n\n\n\n<p><\/p>\n","protected":false},"excerpt":{"rendered":"<p>Le Moulin \u00e0 vent de Croix-Caluyau : Le moulin \u00e0 vent de Croix-Caluyau existe d\u00e9j\u00e0 en 1804 comme l\u2019atteste le cadastre de l\u2019An 13. Il pourrait appartenir selon l\u2019\u00e9tat civil du village \u00e0 Jean Baptiste FONTAINE (\u00b01771 +1820 ) meunier \u00e0 Croix-Caluyau mari\u00e9 avec Marie WANECQUE. Le 2 mai 1826 Pierre DEVAUX, propri\u00e9taire \u00e0 Solesmes &hellip; <a href=\"http:\/\/patrimoine-avesnois.fr\/moulins-vent\/croix-caluyau\/\" class=\"more-link\">Continuer la lecture<span class=\"screen-reader-text\"> de &laquo;&nbsp;Croix-Caluyau&nbsp;&raquo;<\/span><\/a><\/p>\n","protected":false},"author":2,"featured_media":0,"parent":0,"menu_order":0,"comment_status":"closed","ping_status":"closed","template":"","meta":{"footnotes":""},"class_list":["post-47","page","type-page","status-publish","hentry"],"jetpack_sharing_enabled":true,"_links":{"self":[{"href":"http:\/\/patrimoine-avesnois.fr\/moulins-vent\/wp-json\/wp\/v2\/pages\/47","targetHints":{"allow":["GET"]}}],"collection":[{"href":"http:\/\/patrimoine-avesnois.fr\/moulins-vent\/wp-json\/wp\/v2\/pages"}],"about":[{"href":"http:\/\/patrimoine-avesnois.fr\/moulins-vent\/wp-json\/wp\/v2\/types\/page"}],"author":[{"embeddable":true,"href":"http:\/\/patrimoine-avesnois.fr\/moulins-vent\/wp-json\/wp\/v2\/users\/2"}],"replies":[{"embeddable":true,"href":"http:\/\/patrimoine-avesnois.fr\/moulins-vent\/wp-json\/wp\/v2\/comments?post=47"}],"version-history":[{"count":1,"href":"http:\/\/patrimoine-avesnois.fr\/moulins-vent\/wp-json\/wp\/v2\/pages\/47\/revisions"}],"predecessor-version":[{"id":48,"href":"http:\/\/patrimoine-avesnois.fr\/moulins-vent\/wp-json\/wp\/v2\/pages\/47\/revisions\/48"}],"wp:attachment":[{"href":"http:\/\/patrimoine-avesnois.fr\/moulins-vent\/wp-json\/wp\/v2\/media?parent=47"}],"curies":[{"name":"wp","href":"https:\/\/api.w.org\/{rel}","templated":true}]}}