{"id":58,"date":"2021-05-04T11:51:33","date_gmt":"2021-05-04T09:51:33","guid":{"rendered":"http:\/\/patrimoine-avesnois.fr\/moulins-vent\/?page_id=58"},"modified":"2021-05-04T11:51:33","modified_gmt":"2021-05-04T09:51:33","slug":"floyon","status":"publish","type":"page","link":"http:\/\/patrimoine-avesnois.fr\/moulins-vent\/floyon\/","title":{"rendered":"Floyon"},"content":{"rendered":"\n<p class=\"has-bright-red-color has-text-color has-medium-font-size\"><strong>Le Moulin \u00e0 vent de Floyon :<\/strong><\/p>\n\n\n\n<div class=\"wp-block-image\"><figure class=\"aligncenter\"><img decoding=\"async\" src=\"https:\/\/i1.wp.com\/patrimoine-avesnois.fr\/chemin\/wp-content\/uploads\/2021\/03\/Capture-64.jpg?resize=840%2C629\" alt=\"\" class=\"wp-image-12055\"\/><figcaption><a href=\"https:\/\/gallica.bnf.fr\/ark:\/12148\/btv1b53095239r\/f1.item.zoom\">Carte de Cassini<\/a><\/figcaption><\/figure><\/div>\n\n\n\n<p>Un moulin \u00e0 vent \u00e0 Floyon est dessin\u00e9 sur la carte de Cassini (1758). Il se situe au hameau de Chevireuil. Il est tr\u00e8s ancien comme en atteste les chirographes de Floyon d\u00e9pouill\u00e9s par Georges Cloez de l\u2019AGMAT. Ci dessous quelques extraits (liste non exhaustive). L\u2019acte de 1545 montre que le moulin est seigneurial et celui de 1557 qu\u2019il est moulin \u00e0 farine et \u00e0 \u00e9corces. Cependant il n\u2019existe plus en 1795.<\/p>\n\n\n\n<p>16\/03\/1545 Date port\u00e9e: 16\/03\/1544<br>Jean Fi\u00e9vet au nom de Monsieur de Floyon d\u00e9clare avoir fait (cout) A Jean Duhault, lors meunier du moulin de Chevireuil pour la livraison d\u2019une meule pour le dit moulin. Le dit Meunier d\u00e9clare \u00eatre redevable par devers Monseigneur de la somme de 40 livres. Fait en pr\u00e9sence d\u2019Etienne Marin, hoste de la Doloir, Nicolas Boucquenyau, Jean Podevin. Jean Laur( ) et Simon Lefran demeurant \u00e0 F\u00e9ron.<\/p>\n\n\n\n<p>04\/03\/1557 Date port\u00e9e 04\/03\/1556 Acte Floyon Estienotte Carlier veuve de Andrieu Du Rieu, demeurant \u00e0 Boulogne, vente \u00e0 Jean Baret, meunier du moulin et huisine de chevireuil<\/p>\n\n\n\n<p>18\/03\/1694 Acte Chevireuil, Nicolas Lemoine, charron demeurant \u00e0 Chevireuil X Adrienne Bronchin (de son patrimoine) vente \u00e0 Andr\u00e9 Delesteulle, meunier, de 18 livres et 15 sols l\u2019an de rente \u00e0 prendre nouvelle charge sur deux rasi\u00e8res, gisant en la p\u00e2ture Buri\u00e8re.<\/p>\n","protected":false},"excerpt":{"rendered":"<p>Le Moulin \u00e0 vent de Floyon : Un moulin \u00e0 vent \u00e0 Floyon est dessin\u00e9 sur la carte de Cassini (1758). Il se situe au hameau de Chevireuil. Il est tr\u00e8s ancien comme en atteste les chirographes de Floyon d\u00e9pouill\u00e9s par Georges Cloez de l\u2019AGMAT. Ci dessous quelques extraits (liste non exhaustive). L\u2019acte de 1545 &hellip; <a href=\"http:\/\/patrimoine-avesnois.fr\/moulins-vent\/floyon\/\" class=\"more-link\">Continuer la lecture<span class=\"screen-reader-text\"> de &laquo;&nbsp;Floyon&nbsp;&raquo;<\/span><\/a><\/p>\n","protected":false},"author":2,"featured_media":0,"parent":0,"menu_order":0,"comment_status":"closed","ping_status":"closed","template":"","meta":{"footnotes":""},"class_list":["post-58","page","type-page","status-publish","hentry"],"jetpack_sharing_enabled":true,"_links":{"self":[{"href":"http:\/\/patrimoine-avesnois.fr\/moulins-vent\/wp-json\/wp\/v2\/pages\/58","targetHints":{"allow":["GET"]}}],"collection":[{"href":"http:\/\/patrimoine-avesnois.fr\/moulins-vent\/wp-json\/wp\/v2\/pages"}],"about":[{"href":"http:\/\/patrimoine-avesnois.fr\/moulins-vent\/wp-json\/wp\/v2\/types\/page"}],"author":[{"embeddable":true,"href":"http:\/\/patrimoine-avesnois.fr\/moulins-vent\/wp-json\/wp\/v2\/users\/2"}],"replies":[{"embeddable":true,"href":"http:\/\/patrimoine-avesnois.fr\/moulins-vent\/wp-json\/wp\/v2\/comments?post=58"}],"version-history":[{"count":1,"href":"http:\/\/patrimoine-avesnois.fr\/moulins-vent\/wp-json\/wp\/v2\/pages\/58\/revisions"}],"predecessor-version":[{"id":59,"href":"http:\/\/patrimoine-avesnois.fr\/moulins-vent\/wp-json\/wp\/v2\/pages\/58\/revisions\/59"}],"wp:attachment":[{"href":"http:\/\/patrimoine-avesnois.fr\/moulins-vent\/wp-json\/wp\/v2\/media?parent=58"}],"curies":[{"name":"wp","href":"https:\/\/api.w.org\/{rel}","templated":true}]}}