{"id":88,"date":"2021-05-04T12:22:43","date_gmt":"2021-05-04T10:22:43","guid":{"rendered":"http:\/\/patrimoine-avesnois.fr\/moulins-vent\/?page_id=88"},"modified":"2021-05-04T12:22:43","modified_gmt":"2021-05-04T10:22:43","slug":"limont-fontaine","status":"publish","type":"page","link":"http:\/\/patrimoine-avesnois.fr\/moulins-vent\/limont-fontaine\/","title":{"rendered":"Limont-Fontaine"},"content":{"rendered":"\n<p class=\"has-bright-red-color has-text-color has-medium-font-size\"><strong>Le Moulin \u00e0 vent de Limont-Fontaine :<\/strong><\/p>\n\n\n\n<div class=\"wp-block-image\"><figure class=\"aligncenter\"><img decoding=\"async\" src=\"https:\/\/i2.wp.com\/patrimoine-avesnois.fr\/chemin\/wp-content\/uploads\/2021\/03\/Capture-143.jpg?resize=630%2C473\" alt=\"\" class=\"wp-image-12207\"\/><figcaption>Cadastre Limon-Fontaine 1846 ADN P 31 \/ 733 Moulin \u00e0 vent S B 180 Le Croquet&nbsp;<a href=\"https:\/\/archivesdepartementales.lenord.fr\/ark:\/33518\/mxk36h4r15c2\/733d6a0b-247e-441d-9bb9-8c5eaf5e4074\" target=\"_blank\" rel=\"noreferrer noopener\">Vue 11\/14<\/a><\/figcaption><\/figure><\/div>\n\n\n\n<div class=\"wp-block-image\"><figure class=\"aligncenter\"><img decoding=\"async\" src=\"https:\/\/i2.wp.com\/patrimoine-avesnois.fr\/chemin\/wp-content\/uploads\/2019\/06\/IMG_5927-1.jpg?fit=840%2C913\" alt=\"\" class=\"wp-image-6116\"\/><figcaption>Moulin \u00e0 vent Photo 1967<\/figcaption><\/figure><\/div>\n\n\n\n<div class=\"wp-block-image\"><figure class=\"aligncenter\"><img decoding=\"async\" src=\"https:\/\/i0.wp.com\/patrimoine-avesnois.fr\/chemin\/wp-content\/uploads\/2019\/06\/IMG_5926.jpg?fit=840%2C826\" alt=\"\" class=\"wp-image-6115\"\/><figcaption>Moulin \u00e0 vent Photo 1985<\/figcaption><\/figure><\/div>\n\n\n\n<div class=\"wp-block-image\"><figure class=\"aligncenter\"><img decoding=\"async\" src=\"https:\/\/i2.wp.com\/patrimoine-avesnois.fr\/chemin\/wp-content\/uploads\/2019\/06\/IMG_5928.jpg?resize=575%2C648\" alt=\"\" class=\"wp-image-6117\"\/><figcaption>Moulin \u00e0 vent Photo 2009 Route de Saint-R\u00e9my-du Nord<\/figcaption><\/figure><\/div>\n\n\n\n<p>Le moulin \u00e0 vent de Limont-Fontaine est construit par les fr\u00e8res COUPLET vers 1830. C\u2019 est alors une solide tour en pierre bleue et en brique, au mur \u00e9pais de 1,10 m \u00e0 la base et au diam\u00e8tre d\u2019environ 7,30 m int\u00e9rieur.<\/p>\n\n\n\n<p>Il appartient en 1848 \u00e0 Honore LANGLET, qui d\u00e9sire alors le vendre. Il est achet\u00e9 par Jean-Louis-Auguste HUG\u00c9 vers 1855 qui le loue en 1886 \u00e0 Jean Nisse puis \u00e0 Guillaume Nisse en janvier 1895. Son \u00e9pouse Euph\u00e9mie FRANCOIS d\u00e9c\u00e8de en 1888 laissant pour h\u00e9ritiers son mari et Irma HERMAND \u00e9pouse de Georges HAPLENCOURT (1).<\/p>\n\n\n\n<p>Jean-Louis-Auguste HUG\u00c9 d\u00e9c\u00e8de \u00e0 Saint-R\u00e9my-Mal-B\u00e2ti le 16 mai 1896, sans h\u00e9ritier, laissant pour lui succ\u00e9der deux fr\u00e8res, deux neveux et une ni\u00e8ce (2). Les h\u00e9ritiers vendent vers 1897 le moulin \u00e0 Georges HAPLENCOURT mari\u00e9 \u00e0 Irma HERMAND. Ceux-ci renouvellent le bail \u00e0 Guillaume Nisse le 24 f\u00e9vrier 1902 (3). Cependant le cadastre cite le moulin d\u00e9j\u00e0 d\u00e9moli en 1901. Le moulin s\u2019arr\u00eate donc \u00e0 cette date. Seule reste encore de nos jours la tour en bien triste \u00e9tat.<\/p>\n\n\n\n<p>(1) : ADN 3 Q 373-67 Enregistrement Bureau de Maubeuge Successions<\/p>\n\n\n\n<p>(2) : ADN 3 Q 373-82 Enregistrement Bureau de Maubeuge Successions<\/p>\n\n\n\n<p>(3) : ADN 3 Q 373-101 Enregistrement Bureau de Maubeuge Bail indiqu\u00e9 dans la succession d\u2019Irma HERMAND 1903<\/p>\n","protected":false},"excerpt":{"rendered":"<p>Le Moulin \u00e0 vent de Limont-Fontaine : Le moulin \u00e0 vent de Limont-Fontaine est construit par les fr\u00e8res COUPLET vers 1830. C\u2019 est alors une solide tour en pierre bleue et en brique, au mur \u00e9pais de 1,10 m \u00e0 la base et au diam\u00e8tre d\u2019environ 7,30 m int\u00e9rieur. Il appartient en 1848 \u00e0 Honore &hellip; <a href=\"http:\/\/patrimoine-avesnois.fr\/moulins-vent\/limont-fontaine\/\" class=\"more-link\">Continuer la lecture<span class=\"screen-reader-text\"> de &laquo;&nbsp;Limont-Fontaine&nbsp;&raquo;<\/span><\/a><\/p>\n","protected":false},"author":2,"featured_media":0,"parent":0,"menu_order":0,"comment_status":"closed","ping_status":"closed","template":"","meta":{"footnotes":""},"class_list":["post-88","page","type-page","status-publish","hentry"],"jetpack_sharing_enabled":true,"_links":{"self":[{"href":"http:\/\/patrimoine-avesnois.fr\/moulins-vent\/wp-json\/wp\/v2\/pages\/88","targetHints":{"allow":["GET"]}}],"collection":[{"href":"http:\/\/patrimoine-avesnois.fr\/moulins-vent\/wp-json\/wp\/v2\/pages"}],"about":[{"href":"http:\/\/patrimoine-avesnois.fr\/moulins-vent\/wp-json\/wp\/v2\/types\/page"}],"author":[{"embeddable":true,"href":"http:\/\/patrimoine-avesnois.fr\/moulins-vent\/wp-json\/wp\/v2\/users\/2"}],"replies":[{"embeddable":true,"href":"http:\/\/patrimoine-avesnois.fr\/moulins-vent\/wp-json\/wp\/v2\/comments?post=88"}],"version-history":[{"count":1,"href":"http:\/\/patrimoine-avesnois.fr\/moulins-vent\/wp-json\/wp\/v2\/pages\/88\/revisions"}],"predecessor-version":[{"id":89,"href":"http:\/\/patrimoine-avesnois.fr\/moulins-vent\/wp-json\/wp\/v2\/pages\/88\/revisions\/89"}],"wp:attachment":[{"href":"http:\/\/patrimoine-avesnois.fr\/moulins-vent\/wp-json\/wp\/v2\/media?parent=88"}],"curies":[{"name":"wp","href":"https:\/\/api.w.org\/{rel}","templated":true}]}}