{"id":165,"date":"2019-02-18T12:35:04","date_gmt":"2019-02-18T11:35:04","guid":{"rendered":"http:\/\/patrimoine-avesnois.fr\/censes\/?page_id=165"},"modified":"2024-11-11T14:18:42","modified_gmt":"2024-11-11T13:18:42","slug":"les-censes-de-labbaye-danchin-et-de-la-prevote-dhaspres","status":"publish","type":"page","link":"https:\/\/patrimoine-avesnois.fr\/censes\/les-censes-de-labbaye-danchin-et-de-la-prevote-dhaspres\/","title":{"rendered":"Les censes de l\u2019abbaye d\u2019Anchin et de la pr\u00e9v\u00f4t\u00e9 d\u2019Haspres."},"content":{"rendered":"\n<p class=\"has-bright-red-color has-text-color has-medium-font-size\"><strong>Aymeries<\/strong><\/p>\n\n\n\n<p>En 1088, Ermengarde, pieuse dame de Mons, fonda, dans cette\nlocalit\u00e9, un prieur\u00e9 pour l&rsquo;abbaye d&rsquo;Anchin, alors dirig\u00e9e par l&rsquo;abb\u00e9 Haimeric.\nCette maison appartint \u00e0 ce monast\u00e8re jusqu&rsquo;\u00e0 la R\u00e9volution et fut alors vendue\ncomme bien national en 1793 (Archives enregistr\u00e9es au Quesnoy). Charles Louis\nJoseph Le Conte de Canteraine, architecte et garde g\u00e9n\u00e9ral des for\u00eats du Noble\nChapitre des Chanoinesses de Sainte-Aldegonde \u00e0 Maubeuge, de l&rsquo;Abbaye\nb\u00e9n\u00e9dictine Saint Pierre &amp; Saint Paul d&rsquo;Hautmont, et du Prieur\u00e9 d&rsquo;Aymeries,\ncapitaine au 10\u00e8me R\u00e9giment de Hussards Noirs fut Guillotin\u00e9 sur l&rsquo;\u00e9chafaud le\n7 juin 1794 \u00e0 Cambrai \u00e0 l&rsquo;\u00e2ge de 62 ans pour avoir prot\u00e9g\u00e9 ces biens.<\/p>\n\n\n\n<p>Le prieur\u00e9 fut transform\u00e9 en ferme dans laquelle subsistent les vestiges du clo\u00eetre.<\/p>\n\n\n<div class=\"wp-block-image\">\n<figure class=\"aligncenter\"><img data-recalc-dims=\"1\" loading=\"lazy\" decoding=\"async\" width=\"778\" height=\"519\" data-attachment-id=\"166\" data-permalink=\"https:\/\/patrimoine-avesnois.fr\/censes\/les-censes-de-labbaye-danchin-et-de-la-prevote-dhaspres\/capture-75\/\" data-orig-file=\"https:\/\/i0.wp.com\/patrimoine-avesnois.fr\/censes\/wp-content\/uploads\/2019\/02\/Capture-74.png?fit=778%2C519&amp;ssl=1\" data-orig-size=\"778,519\" data-comments-opened=\"1\" data-image-meta=\"{&quot;aperture&quot;:&quot;0&quot;,&quot;credit&quot;:&quot;&quot;,&quot;camera&quot;:&quot;&quot;,&quot;caption&quot;:&quot;&quot;,&quot;created_timestamp&quot;:&quot;0&quot;,&quot;copyright&quot;:&quot;&quot;,&quot;focal_length&quot;:&quot;0&quot;,&quot;iso&quot;:&quot;0&quot;,&quot;shutter_speed&quot;:&quot;0&quot;,&quot;title&quot;:&quot;&quot;,&quot;orientation&quot;:&quot;0&quot;}\" data-image-title=\"Capture\" data-image-description=\"\" data-image-caption=\"\" data-large-file=\"https:\/\/i0.wp.com\/patrimoine-avesnois.fr\/censes\/wp-content\/uploads\/2019\/02\/Capture-74.png?fit=778%2C519&amp;ssl=1\" src=\"https:\/\/i0.wp.com\/patrimoine-avesnois.fr\/censes\/wp-content\/uploads\/2019\/02\/Capture-74.png?resize=778%2C519\" alt=\"\" class=\"wp-image-166\" srcset=\"https:\/\/i0.wp.com\/patrimoine-avesnois.fr\/censes\/wp-content\/uploads\/2019\/02\/Capture-74.png?w=778&amp;ssl=1 778w, https:\/\/i0.wp.com\/patrimoine-avesnois.fr\/censes\/wp-content\/uploads\/2019\/02\/Capture-74.png?resize=300%2C200&amp;ssl=1 300w, https:\/\/i0.wp.com\/patrimoine-avesnois.fr\/censes\/wp-content\/uploads\/2019\/02\/Capture-74.png?resize=768%2C512&amp;ssl=1 768w\" sizes=\"auto, (max-width: 778px) 85vw, 778px\" \/><figcaption class=\"wp-element-caption\"><a href=\"https:\/\/www.google.fr\/maps\/@50.2117962,3.8298739,3a,75y,149.51h,95.34t\/data=!3m6!1e1!3m4!1stJSVpV6YfBvOzr6Q0bfFqw!2e0!7i13312!8i6656?hl=fr\">2 Rue de l&rsquo;Eglise<\/a> (la tour pigeonnier fut abaiss\u00e9e au XX e si\u00e8cle)<\/figcaption><\/figure>\n<\/div>\n\n<div class=\"wp-block-image\">\n<figure class=\"aligncenter\"><img data-recalc-dims=\"1\" loading=\"lazy\" decoding=\"async\" width=\"775\" height=\"518\" data-attachment-id=\"167\" data-permalink=\"https:\/\/patrimoine-avesnois.fr\/censes\/les-censes-de-labbaye-danchin-et-de-la-prevote-dhaspres\/capture-76\/\" data-orig-file=\"https:\/\/i0.wp.com\/patrimoine-avesnois.fr\/censes\/wp-content\/uploads\/2019\/02\/Capture-75.png?fit=775%2C518&amp;ssl=1\" data-orig-size=\"775,518\" data-comments-opened=\"1\" data-image-meta=\"{&quot;aperture&quot;:&quot;0&quot;,&quot;credit&quot;:&quot;&quot;,&quot;camera&quot;:&quot;&quot;,&quot;caption&quot;:&quot;&quot;,&quot;created_timestamp&quot;:&quot;0&quot;,&quot;copyright&quot;:&quot;&quot;,&quot;focal_length&quot;:&quot;0&quot;,&quot;iso&quot;:&quot;0&quot;,&quot;shutter_speed&quot;:&quot;0&quot;,&quot;title&quot;:&quot;&quot;,&quot;orientation&quot;:&quot;0&quot;}\" data-image-title=\"Capture\" data-image-description=\"\" data-image-caption=\"\" data-large-file=\"https:\/\/i0.wp.com\/patrimoine-avesnois.fr\/censes\/wp-content\/uploads\/2019\/02\/Capture-75.png?fit=775%2C518&amp;ssl=1\" src=\"https:\/\/i0.wp.com\/patrimoine-avesnois.fr\/censes\/wp-content\/uploads\/2019\/02\/Capture-75.png?resize=775%2C518\" alt=\"\" class=\"wp-image-167\" srcset=\"https:\/\/i0.wp.com\/patrimoine-avesnois.fr\/censes\/wp-content\/uploads\/2019\/02\/Capture-75.png?w=775&amp;ssl=1 775w, https:\/\/i0.wp.com\/patrimoine-avesnois.fr\/censes\/wp-content\/uploads\/2019\/02\/Capture-75.png?resize=300%2C201&amp;ssl=1 300w, https:\/\/i0.wp.com\/patrimoine-avesnois.fr\/censes\/wp-content\/uploads\/2019\/02\/Capture-75.png?resize=768%2C513&amp;ssl=1 768w\" sizes=\"auto, (max-width: 775px) 85vw, 775px\" \/><figcaption class=\"wp-element-caption\">Le prieur\u00e9 d&rsquo;Aymeries<\/figcaption><\/figure>\n<\/div>\n\n\n<p class=\"has-bright-red-color has-text-color has-medium-font-size\"><strong>Berlaimont <\/strong><\/p>\n\n\n\n<p>La cense de Bel \u00e0 Berlaimont a remplac\u00e9 au XVI e si\u00e8cle une l\u00e9proserie qui existait d\u00e9j\u00e0 au XII e si\u00e8cle. Cette derni\u00e8re \u00e9tait situ\u00e9e sur la rive droite de la Sambre en un endroit nomm\u00e9 \u00ab\u00a0Bayle\u00a0\u00bb sur le territoire actuel d&rsquo;Aulnoye. Cette portion de plaine a \u00e9t\u00e9 totalement modifi\u00e9e depuis un peu plus d&rsquo;un si\u00e8cle, par la cr\u00e9ation de la voie ferr\u00e9e Valenciennes-Hirson, l&rsquo;implantation d&rsquo;industries (Vallourec), et la construction de maisons et de routes. II est n\u00e9cessaire de souligner qu&rsquo;un peu plus de cinq cent m\u00e8tres s\u00e9paraient le village d&rsquo;Aulnoye, au nord, de la l\u00e9proserie et que semblable distance l&rsquo;isolait, \u00e0 l&rsquo;ouest de Berlaimont. Au sud, la construction la plus proche \u00e9tait la cense de M\u00e9crimont, \u00e0 un kilom\u00e8tre.<\/p>\n\n\n\n<p>La cense de Bel est connue \u00e0 cette \u00e9poque par une sentence de la cour de Mons (Archives D\u00e9partementales du Nord I H 409 nc473), rendue le 18 novembre 1516, au profit de l&rsquo;Abbaye d&rsquo;Anchin, contre son fermier Colard Bouteau pour non paiement de la menue dime, laquelle se montait annuellement \u00e0 33 veautres de laine et 3 agneaux.<br>En tant que Bien des pauvres, elle est administr\u00e9e par les \u00e9chevins de Berlaimont. Elle a son manbour, charg\u00e9 de la gestion financi\u00e8re, qui chaque ann\u00e9e \u00e0 la St R\u00e9my, rend les comptes \u00ab de la bonne maison et cense du Bel \u00bb, maladrerie de la ville, devant le pasteur, le bailli et la loy assembl\u00e9s. Celui de 1647-1648 est parvenu jusqu&rsquo;\u00e0 nous. (Arch. Berlaimont. Compte de la cense du Bel 1647-1648 ) II est dress\u00e9 par Martin du Fayt, qui re\u00e7ut 10 livres pour ses gages. Les recettes nous apprennent que la ferme \u00e9tait lou\u00e9e \u00e0 la cri\u00e9e pour neuf ans et que pour cette sixi\u00e8me ann\u00e9e de location, Nicolas Courtin a pay\u00e9 526 livres.<\/p>\n\n\n\n<p>Outres es d\u00e9penses ordinaires pour le culte, les salaires pay\u00e9s aux administrateurs, manbour et greffier, ce compte fait \u00e9tat de menues d\u00e9penses pour travaux de construction dune \u00e9table, de travaux de r\u00e9fection des murs de pierres et achat de portes neuves. On n&rsquo;est pas \u00e9logn\u00e9 de 1643 et on peut penser quo Il cense du Bel a souffert, elle aussi, lors de la destruction du ch\u00e2teau. <\/p>\n\n\n\n<p>La chapelle d\u00e9di\u00e9e \u00e0 St Urbain continue d&rsquo;\u00eatre desservie par le cur\u00e9 de Berlaimont qui, outre la messe et les v\u00eapres solennelles de la f\u00eate patronale, y c\u00e9l\u00e8bre une messe par semaine. II en co\u00fbe annuellement 60 livres 4 sols. (Biblioth\u00e8que Nationale 9914 et 9915 status generalis totius diocesis Cameracensis hodie sede vacante prima januaris 1724 -) <\/p>\n\n\n\n<p>Celle chapelle est situ\u00e9e sur la paroisse d&rsquo;Aulnoye dont l&rsquo; Abb\u00e9 d&rsquo;Anchin est collateur. Lors de ses visites au prieur\u00e9 d&rsquo;Aymerres, ille manque pas d&rsquo;y faire passage. Dom Denis, le 19 Millet 1713 la trouve hors d&rsquo;\u00e9tat d&rsquo;y c\u00e9l\u00e9brer la messe, \u00e0 quoi dit il: nous y pourvoirrons en temps et lieu comme nous jugerons plus \u00e0 propos &#8211; (Arch.Depart. I H 1720). <\/p>\n\n\n\n<p>Le 11 ao\u00fbt 1717, il se f\u00e2che en apprenant, par le fermier qui l&rsquo;a salu\u00e9 respectueusement, que la chapelle est ferm\u00e9e et la clef aux mains du mayeur de Berlaimont. L&rsquo;ayant somm\u00e9 de lui pr\u00e9senter la clef, il proc\u00e8de \u00e0 la visite et dit y trouver une chapelle r\u00e9tablie, propre \u00e0 la c\u00e9l\u00e9bration du saint-sacrifice, et les ornements n\u00e9cessaires en bon \u00e9tat. Selon le proc\u00e8s verbal de cette visite les \u00e9chevins de Berlaimont se disent administrateurs de cette maison, ce qui laisse supposer qu&rsquo;Anchin admet difficilement leur juridiction. Cette expression reparait dans le rapport de visite du 1er juin 1726 de Dom Ambroise Caullet qui trouve l&rsquo;ensemble en bon \u00e9tat, \u00e0 l&rsquo;exception du calice et de la pat\u00e8ne qui sont en \u00e9tain. Ce sont cependant ces \u00ab soit disant administrateurs \u00bb qu&rsquo;il engage \u00e0 en fourmir un, en argent, avec coupe dor\u00e9e int\u00e9rieurement.<\/p>\n\n\n\n<p>Pendant quelques ann\u00e9es Bel cessera d&rsquo;\u00eatre du ressort des gens de loi de Berlaimont. Apr\u00e8s l&rsquo;annexion du Hainaut, un \u00e9dit royal de d\u00e9cembre 1672 avait r\u00e9uni \u00e0 l&rsquo;ordre du Mont Carmel et de Saint Lazare les l\u00e9proseries et maladreries du Hainaut, mesure qui fut abrog\u00e9e en 1693.<\/p>\n\n\n\n<p>A l&rsquo;intervention des mayeur et \u00e9chevins de Berlaimont, le Roi Louis XIV, par arr\u00eat du 11 septembre 1713, confirme le d\u00e9cret pris en conseil le 20 juillet 1713, portant union de la maladrerie d&rsquo;Aulnoye \u00e0 l&rsquo;h\u00f4pital de Berlaimont. (Berlaimont. Archives de la cure) Cet arr\u00eat pr\u00e9cise, que les revenus seront employ\u00e9s \u00e0 la nourriture et l&rsquo;entretien des pauvres malades, que l&rsquo;ordre de N.D. du Mont Carmel restituera les titres de propri\u00e9\u00e9t  qu&rsquo;il peut d\u00e9tenir. A charge pour les administrateurs d&rsquo;acquitter les pri\u00e8res et services dont la maladrerie peut \u00eatre charg\u00e9e. <\/p>\n\n\n\n<p>La R\u00e9volution allait mettre un terme \u00e0 cette longue existence, par l&rsquo;action des troupes Autrichiennes, qui lors de leur entr\u00e9e dans Berlaimont livr\u00e8rent combat sur les rives de la Sambre, incendiant cette antique demeure, le 17 aout 1793. Quelle cause exacte poussa la municipalit\u00e9 \u00e0 demander l&rsquo;autorisation au d\u00e9partement d&rsquo;en vendre les ruines ? Les d\u00e9g\u00e2ts jug\u00e9s trop importants pour que la reconstruction soit rentable pour les pauvres ? Le d\u00e9sir de soustraire les ruines, ou ce qu&rsquo;il en restait, au pillage des \u00ab mal intentionn\u00e9s \u00bb ?<\/p>\n\n\n\n<p>La vente eut lieu \u00e0 la cri\u00e9e le 30 vent\u00f4se an IV (20 mars 1795). La chapelle fut adjug\u00e9e \u00e0 deux acqu\u00e9reurs en deux parties diff\u00e9rentes, et les b\u00e2timents suivirent, les \u00e9curies, la maison, la grange, les trois bergeries et m\u00eame la margelle du puits. Les mat\u00e9riaux devaient \u00eatre enlev\u00e9s pour la St Andr\u00e9. L&#8217;emplacement de la ferme fut lou\u00e9. L&rsquo;ensemble rapporta 958 livres.<\/p>\n\n\n\n<p><br>Quelques mois auparavant, le 5 brumaire an IV, les biens de la cense d&rsquo;Hubel avaient \u00e9t\u00e9 mis en location, les pr\u00e9s et les p\u00e2tures pour six ans, les terres labourables pour neuf ans. Le paiement devait \u00eatre effectue en bl\u00e9. Les 61 hectares 66 ares qui entouraient la ferme avaient \u00e9t\u00e9 divis\u00e9s en trente portions.<\/p>\n\n\n\n<p>Au d\u00e9but du XIX eme si\u00e8cle, ces biens \u00e9taient charg2s d&rsquo;une rente de 100 frs au profit du vicaire de Berlaimont, astreint de c\u00e9l\u00e9brer en l&rsquo;honneur de St Urbain.<\/p>\n\n\n\n<p>Le bureau de bienfaisance fut autoris\u00e9 en 1907 1912 1913 et 1921 \u00e0 vendre \u00e0 la St\u00e9 M\u00e9tallurgique de Montbard- Aulnoye la presque totalit\u00e9 de ces biens. Le reste avait \u00e9t\u00e9 c\u00e9d\u00e9 \u00e0 la St\u00e9 Electricit\u00e9 et Gaz du Nord pour la construction de la centrale \u00e9lectrique dite de Berlaimont. Le cadastre plus fid\u00e8le que la m\u00e9moire des hommes a conserv\u00e9 jusqu&rsquo;en ce si\u00e8cle sous la d\u00e9nomination de cense d&rsquo;Ubel le souvenir de cette maison d\u00e9sign\u00e9e par Baile &#8211; Bel -d&rsquo;Hubel suivant les \u00e9poques<\/p>\n\n\n\n<p>Source : Histoire de berlaimont Raymond BERARD<\/p>\n\n\n\n<p class=\"has-bright-red-color has-text-color has-medium-font-size\"><strong>Frasnoy<\/strong> <\/p>\n\n\n<div class=\"wp-block-image\">\n<figure class=\"aligncenter\"><img data-recalc-dims=\"1\" loading=\"lazy\" decoding=\"async\" width=\"772\" height=\"513\" data-attachment-id=\"168\" data-permalink=\"https:\/\/patrimoine-avesnois.fr\/censes\/les-censes-de-labbaye-danchin-et-de-la-prevote-dhaspres\/capture-77\/\" data-orig-file=\"https:\/\/i0.wp.com\/patrimoine-avesnois.fr\/censes\/wp-content\/uploads\/2019\/02\/Capture-76.png?fit=772%2C513&amp;ssl=1\" data-orig-size=\"772,513\" data-comments-opened=\"1\" data-image-meta=\"{&quot;aperture&quot;:&quot;0&quot;,&quot;credit&quot;:&quot;&quot;,&quot;camera&quot;:&quot;&quot;,&quot;caption&quot;:&quot;&quot;,&quot;created_timestamp&quot;:&quot;0&quot;,&quot;copyright&quot;:&quot;&quot;,&quot;focal_length&quot;:&quot;0&quot;,&quot;iso&quot;:&quot;0&quot;,&quot;shutter_speed&quot;:&quot;0&quot;,&quot;title&quot;:&quot;&quot;,&quot;orientation&quot;:&quot;0&quot;}\" data-image-title=\"Capture\" data-image-description=\"\" data-image-caption=\"\" data-large-file=\"https:\/\/i0.wp.com\/patrimoine-avesnois.fr\/censes\/wp-content\/uploads\/2019\/02\/Capture-76.png?fit=772%2C513&amp;ssl=1\" src=\"https:\/\/i0.wp.com\/patrimoine-avesnois.fr\/censes\/wp-content\/uploads\/2019\/02\/Capture-76.png?resize=772%2C513\" alt=\"\" class=\"wp-image-168\" srcset=\"https:\/\/i0.wp.com\/patrimoine-avesnois.fr\/censes\/wp-content\/uploads\/2019\/02\/Capture-76.png?w=772&amp;ssl=1 772w, https:\/\/i0.wp.com\/patrimoine-avesnois.fr\/censes\/wp-content\/uploads\/2019\/02\/Capture-76.png?resize=300%2C199&amp;ssl=1 300w, https:\/\/i0.wp.com\/patrimoine-avesnois.fr\/censes\/wp-content\/uploads\/2019\/02\/Capture-76.png?resize=768%2C510&amp;ssl=1 768w\" sizes=\"auto, (max-width: 772px) 85vw, 772px\" \/><figcaption class=\"wp-element-caption\">Ferme de l&rsquo;Epinette 8 Chemin de l&rsquo;Epinette<\/figcaption><\/figure>\n<\/div>\n\n<div class=\"wp-block-image\">\n<figure class=\"aligncenter\"><img data-recalc-dims=\"1\" loading=\"lazy\" decoding=\"async\" width=\"814\" height=\"543\" data-attachment-id=\"169\" data-permalink=\"https:\/\/patrimoine-avesnois.fr\/censes\/les-censes-de-labbaye-danchin-et-de-la-prevote-dhaspres\/capture-78\/\" data-orig-file=\"https:\/\/i0.wp.com\/patrimoine-avesnois.fr\/censes\/wp-content\/uploads\/2019\/02\/Capture-77.png?fit=814%2C543&amp;ssl=1\" data-orig-size=\"814,543\" data-comments-opened=\"1\" data-image-meta=\"{&quot;aperture&quot;:&quot;0&quot;,&quot;credit&quot;:&quot;&quot;,&quot;camera&quot;:&quot;&quot;,&quot;caption&quot;:&quot;&quot;,&quot;created_timestamp&quot;:&quot;0&quot;,&quot;copyright&quot;:&quot;&quot;,&quot;focal_length&quot;:&quot;0&quot;,&quot;iso&quot;:&quot;0&quot;,&quot;shutter_speed&quot;:&quot;0&quot;,&quot;title&quot;:&quot;&quot;,&quot;orientation&quot;:&quot;0&quot;}\" data-image-title=\"Capture\" data-image-description=\"\" data-image-caption=\"\" data-large-file=\"https:\/\/i0.wp.com\/patrimoine-avesnois.fr\/censes\/wp-content\/uploads\/2019\/02\/Capture-77.png?fit=814%2C543&amp;ssl=1\" src=\"https:\/\/i0.wp.com\/patrimoine-avesnois.fr\/censes\/wp-content\/uploads\/2019\/02\/Capture-77.png?resize=814%2C543\" alt=\"\" class=\"wp-image-169\" srcset=\"https:\/\/i0.wp.com\/patrimoine-avesnois.fr\/censes\/wp-content\/uploads\/2019\/02\/Capture-77.png?w=814&amp;ssl=1 814w, https:\/\/i0.wp.com\/patrimoine-avesnois.fr\/censes\/wp-content\/uploads\/2019\/02\/Capture-77.png?resize=300%2C200&amp;ssl=1 300w, https:\/\/i0.wp.com\/patrimoine-avesnois.fr\/censes\/wp-content\/uploads\/2019\/02\/Capture-77.png?resize=768%2C512&amp;ssl=1 768w\" sizes=\"auto, (max-width: 814px) 85vw, 814px\" \/><figcaption class=\"wp-element-caption\"><a href=\"https:\/\/www.google.fr\/maps\/@50.2760583,3.667677,3a,75y,52.13h,76.73t\/data=!3m6!1e1!3m4!1s3gTMfgeKig3Hylk1_m52NQ!2e0!7i13312!8i6656\">Ferme de l&rsquo;Epinette<\/a><\/figcaption><\/figure>\n<\/div>\n\n\n<p class=\"has-bright-red-color has-text-color has-medium-font-size\"><strong>Ghissignies<\/strong><\/p>\n\n\n\n<p><strong>La Ferme d&rsquo;En Haut<\/strong><\/p>\n\n\n<div class=\"wp-block-image\">\n<figure class=\"aligncenter is-resized\"><img data-recalc-dims=\"1\" loading=\"lazy\" decoding=\"async\" width=\"708\" height=\"339\" data-attachment-id=\"170\" data-permalink=\"https:\/\/patrimoine-avesnois.fr\/censes\/les-censes-de-labbaye-danchin-et-de-la-prevote-dhaspres\/capture-79\/\" data-orig-file=\"https:\/\/i0.wp.com\/patrimoine-avesnois.fr\/censes\/wp-content\/uploads\/2019\/02\/Capture-78.png?fit=708%2C339&amp;ssl=1\" data-orig-size=\"708,339\" data-comments-opened=\"1\" data-image-meta=\"{&quot;aperture&quot;:&quot;0&quot;,&quot;credit&quot;:&quot;&quot;,&quot;camera&quot;:&quot;&quot;,&quot;caption&quot;:&quot;&quot;,&quot;created_timestamp&quot;:&quot;0&quot;,&quot;copyright&quot;:&quot;&quot;,&quot;focal_length&quot;:&quot;0&quot;,&quot;iso&quot;:&quot;0&quot;,&quot;shutter_speed&quot;:&quot;0&quot;,&quot;title&quot;:&quot;&quot;,&quot;orientation&quot;:&quot;0&quot;}\" data-image-title=\"Capture\" data-image-description=\"\" data-image-caption=\"\" data-large-file=\"https:\/\/i0.wp.com\/patrimoine-avesnois.fr\/censes\/wp-content\/uploads\/2019\/02\/Capture-78.png?fit=708%2C339&amp;ssl=1\" src=\"https:\/\/i0.wp.com\/patrimoine-avesnois.fr\/censes\/wp-content\/uploads\/2019\/02\/Capture-78.png?resize=708%2C339\" alt=\"\" class=\"wp-image-170\" style=\"width:610px;height:292px\" srcset=\"https:\/\/i0.wp.com\/patrimoine-avesnois.fr\/censes\/wp-content\/uploads\/2019\/02\/Capture-78.png?w=708&amp;ssl=1 708w, https:\/\/i0.wp.com\/patrimoine-avesnois.fr\/censes\/wp-content\/uploads\/2019\/02\/Capture-78.png?resize=300%2C144&amp;ssl=1 300w\" sizes=\"auto, (max-width: 708px) 85vw, 708px\" \/><figcaption class=\"wp-element-caption\">Cadastre de Ghissignies de 1831                                            Donn\u00e9es Cartographiques Google 2019<\/figcaption><\/figure>\n<\/div>\n\n<div class=\"wp-block-image\">\n<figure class=\"aligncenter\"><img data-recalc-dims=\"1\" loading=\"lazy\" decoding=\"async\" width=\"719\" height=\"479\" data-attachment-id=\"171\" data-permalink=\"https:\/\/patrimoine-avesnois.fr\/censes\/les-censes-de-labbaye-danchin-et-de-la-prevote-dhaspres\/capture-80\/\" data-orig-file=\"https:\/\/i0.wp.com\/patrimoine-avesnois.fr\/censes\/wp-content\/uploads\/2019\/02\/Capture-79.png?fit=719%2C479&amp;ssl=1\" data-orig-size=\"719,479\" data-comments-opened=\"1\" data-image-meta=\"{&quot;aperture&quot;:&quot;0&quot;,&quot;credit&quot;:&quot;&quot;,&quot;camera&quot;:&quot;&quot;,&quot;caption&quot;:&quot;&quot;,&quot;created_timestamp&quot;:&quot;0&quot;,&quot;copyright&quot;:&quot;&quot;,&quot;focal_length&quot;:&quot;0&quot;,&quot;iso&quot;:&quot;0&quot;,&quot;shutter_speed&quot;:&quot;0&quot;,&quot;title&quot;:&quot;&quot;,&quot;orientation&quot;:&quot;0&quot;}\" data-image-title=\"Capture\" data-image-description=\"\" data-image-caption=\"\" data-large-file=\"https:\/\/i0.wp.com\/patrimoine-avesnois.fr\/censes\/wp-content\/uploads\/2019\/02\/Capture-79.png?fit=719%2C479&amp;ssl=1\" src=\"https:\/\/i0.wp.com\/patrimoine-avesnois.fr\/censes\/wp-content\/uploads\/2019\/02\/Capture-79.png?resize=719%2C479\" alt=\"\" class=\"wp-image-171\" srcset=\"https:\/\/i0.wp.com\/patrimoine-avesnois.fr\/censes\/wp-content\/uploads\/2019\/02\/Capture-79.png?w=719&amp;ssl=1 719w, https:\/\/i0.wp.com\/patrimoine-avesnois.fr\/censes\/wp-content\/uploads\/2019\/02\/Capture-79.png?resize=300%2C200&amp;ssl=1 300w\" sizes=\"auto, (max-width: 719px) 85vw, 719px\" \/><figcaption class=\"wp-element-caption\">La Ferme d&rsquo;En Haut 23 Rue de la Victoire<\/figcaption><\/figure>\n<\/div>\n\n<div class=\"wp-block-image\">\n<figure class=\"aligncenter\"><img data-recalc-dims=\"1\" loading=\"lazy\" decoding=\"async\" width=\"720\" height=\"480\" data-attachment-id=\"172\" data-permalink=\"https:\/\/patrimoine-avesnois.fr\/censes\/les-censes-de-labbaye-danchin-et-de-la-prevote-dhaspres\/capture-81\/\" data-orig-file=\"https:\/\/i0.wp.com\/patrimoine-avesnois.fr\/censes\/wp-content\/uploads\/2019\/02\/Capture-80.png?fit=720%2C480&amp;ssl=1\" data-orig-size=\"720,480\" data-comments-opened=\"1\" data-image-meta=\"{&quot;aperture&quot;:&quot;0&quot;,&quot;credit&quot;:&quot;&quot;,&quot;camera&quot;:&quot;&quot;,&quot;caption&quot;:&quot;&quot;,&quot;created_timestamp&quot;:&quot;0&quot;,&quot;copyright&quot;:&quot;&quot;,&quot;focal_length&quot;:&quot;0&quot;,&quot;iso&quot;:&quot;0&quot;,&quot;shutter_speed&quot;:&quot;0&quot;,&quot;title&quot;:&quot;&quot;,&quot;orientation&quot;:&quot;0&quot;}\" data-image-title=\"Capture\" data-image-description=\"\" data-image-caption=\"\" data-large-file=\"https:\/\/i0.wp.com\/patrimoine-avesnois.fr\/censes\/wp-content\/uploads\/2019\/02\/Capture-80.png?fit=720%2C480&amp;ssl=1\" src=\"https:\/\/i0.wp.com\/patrimoine-avesnois.fr\/censes\/wp-content\/uploads\/2019\/02\/Capture-80.png?resize=720%2C480\" alt=\"\" class=\"wp-image-172\" srcset=\"https:\/\/i0.wp.com\/patrimoine-avesnois.fr\/censes\/wp-content\/uploads\/2019\/02\/Capture-80.png?w=720&amp;ssl=1 720w, https:\/\/i0.wp.com\/patrimoine-avesnois.fr\/censes\/wp-content\/uploads\/2019\/02\/Capture-80.png?resize=300%2C200&amp;ssl=1 300w\" sizes=\"auto, (max-width: 720px) 85vw, 720px\" \/><figcaption class=\"wp-element-caption\">La Ferme d&rsquo;En Haut<\/figcaption><\/figure>\n<\/div>\n\n\n<p>La ferme \u00ab\u00a0d&rsquo;en haut\u00a0\u00bb appartenait \u00e0 l&rsquo;abbaye d&rsquo;Anchin et \u00e9tait exploit\u00e9e par un fermier. Une sucrerie y fut b\u00e2tie en 1855 dans la cour le long de &lsquo;Ecaillon. Elle fonctionna jusqu&rsquo;en 1874 (rue de la victoire).<\/p>\n\n\n\n<p><strong>La Ferme d&rsquo;En Bas<\/strong><\/p>\n\n\n\n<p>La Ferme \u00ab\u00a0d&rsquo;en Bas\u00a0\u00bb appartenait soit \u00e0 l&rsquo;abbaye d&rsquo;Haspres soit \u00e0 l&rsquo;Abbaye de Maroilles et fut d&rsquo;abord exploit\u00e9e par les moines, c&rsquo;est dans cette ferme que certains historiens placent la naissance de St Quinibert, patron de Salesches (rue de Visin). Source&nbsp;: <a href=\"http:\/\/www.ghissignies.com\/\">http:\/\/www.ghissignies.com\/<\/a><\/p>\n\n\n<div class=\"wp-block-image\">\n<figure class=\"aligncenter\"><img data-recalc-dims=\"1\" loading=\"lazy\" decoding=\"async\" width=\"683\" height=\"366\" data-attachment-id=\"173\" data-permalink=\"https:\/\/patrimoine-avesnois.fr\/censes\/les-censes-de-labbaye-danchin-et-de-la-prevote-dhaspres\/capture-82\/\" data-orig-file=\"https:\/\/i0.wp.com\/patrimoine-avesnois.fr\/censes\/wp-content\/uploads\/2019\/02\/Capture-81.png?fit=683%2C366&amp;ssl=1\" data-orig-size=\"683,366\" data-comments-opened=\"1\" data-image-meta=\"{&quot;aperture&quot;:&quot;0&quot;,&quot;credit&quot;:&quot;&quot;,&quot;camera&quot;:&quot;&quot;,&quot;caption&quot;:&quot;&quot;,&quot;created_timestamp&quot;:&quot;0&quot;,&quot;copyright&quot;:&quot;&quot;,&quot;focal_length&quot;:&quot;0&quot;,&quot;iso&quot;:&quot;0&quot;,&quot;shutter_speed&quot;:&quot;0&quot;,&quot;title&quot;:&quot;&quot;,&quot;orientation&quot;:&quot;0&quot;}\" data-image-title=\"Capture\" data-image-description=\"\" data-image-caption=\"\" data-large-file=\"https:\/\/i0.wp.com\/patrimoine-avesnois.fr\/censes\/wp-content\/uploads\/2019\/02\/Capture-81.png?fit=683%2C366&amp;ssl=1\" src=\"https:\/\/i0.wp.com\/patrimoine-avesnois.fr\/censes\/wp-content\/uploads\/2019\/02\/Capture-81.png?resize=683%2C366\" alt=\"\" class=\"wp-image-173\" srcset=\"https:\/\/i0.wp.com\/patrimoine-avesnois.fr\/censes\/wp-content\/uploads\/2019\/02\/Capture-81.png?w=683&amp;ssl=1 683w, https:\/\/i0.wp.com\/patrimoine-avesnois.fr\/censes\/wp-content\/uploads\/2019\/02\/Capture-81.png?resize=300%2C161&amp;ssl=1 300w\" sizes=\"auto, (max-width: 683px) 85vw, 683px\" \/><\/figure>\n<\/div>\n\n<div class=\"wp-block-image\">\n<figure class=\"aligncenter\"><img data-recalc-dims=\"1\" loading=\"lazy\" decoding=\"async\" width=\"714\" height=\"476\" data-attachment-id=\"174\" data-permalink=\"https:\/\/patrimoine-avesnois.fr\/censes\/les-censes-de-labbaye-danchin-et-de-la-prevote-dhaspres\/capture-83\/\" data-orig-file=\"https:\/\/i0.wp.com\/patrimoine-avesnois.fr\/censes\/wp-content\/uploads\/2019\/02\/Capture-82.png?fit=714%2C476&amp;ssl=1\" data-orig-size=\"714,476\" data-comments-opened=\"1\" data-image-meta=\"{&quot;aperture&quot;:&quot;0&quot;,&quot;credit&quot;:&quot;&quot;,&quot;camera&quot;:&quot;&quot;,&quot;caption&quot;:&quot;&quot;,&quot;created_timestamp&quot;:&quot;0&quot;,&quot;copyright&quot;:&quot;&quot;,&quot;focal_length&quot;:&quot;0&quot;,&quot;iso&quot;:&quot;0&quot;,&quot;shutter_speed&quot;:&quot;0&quot;,&quot;title&quot;:&quot;&quot;,&quot;orientation&quot;:&quot;0&quot;}\" data-image-title=\"Capture\" data-image-description=\"\" data-image-caption=\"\" data-large-file=\"https:\/\/i0.wp.com\/patrimoine-avesnois.fr\/censes\/wp-content\/uploads\/2019\/02\/Capture-82.png?fit=714%2C476&amp;ssl=1\" src=\"https:\/\/i0.wp.com\/patrimoine-avesnois.fr\/censes\/wp-content\/uploads\/2019\/02\/Capture-82.png?resize=714%2C476\" alt=\"\" class=\"wp-image-174\" srcset=\"https:\/\/i0.wp.com\/patrimoine-avesnois.fr\/censes\/wp-content\/uploads\/2019\/02\/Capture-82.png?w=714&amp;ssl=1 714w, https:\/\/i0.wp.com\/patrimoine-avesnois.fr\/censes\/wp-content\/uploads\/2019\/02\/Capture-82.png?resize=300%2C200&amp;ssl=1 300w\" sizes=\"auto, (max-width: 714px) 85vw, 714px\" \/><figcaption class=\"wp-element-caption\">La Ferme d&rsquo;En Bas<\/figcaption><\/figure>\n<\/div>\n\n\n<p>Il y a fort \u00e0 penser que cette ferme \u00ab&nbsp;d\u2019en Bas \u00bb\nd\u00e9pendait de la pr\u00e9v\u00f4t\u00e9 d\u2019Haspres car l\u2019\u00e9tat estimatif donn\u00e9 en 1790 par le\ndernier abb\u00e9 de Maroilles portait le revenu de Ghissignies \u00e0 la somme de 32 livres, repr\u00e9sentant\nune prestation en grains.<\/p>\n\n\n\n<p>Jean-Charles Hautec\u0153ur tenait la cense de Saint Achaire dont\nla superficie augmenta de 58 % entre 1737 et 1777.<\/p>\n\n\n\n<p>Jean Jacques Givry \u00e9tait censier \u00e0 Ghissignies en 1763\n(Contrat de mariage du 14\/04\/1763 \u00e0 Romeries entre Alexandre Joseph Moine et\nMarie Anne Joseph Plouchard belle s\u0153ur de Givry).<\/p>\n","protected":false},"excerpt":{"rendered":"<p>Aymeries En 1088, Ermengarde, pieuse dame de Mons, fonda, dans cette localit\u00e9, un prieur\u00e9 pour l&rsquo;abbaye d&rsquo;Anchin, alors dirig\u00e9e par l&rsquo;abb\u00e9 Haimeric. Cette maison appartint \u00e0 ce monast\u00e8re jusqu&rsquo;\u00e0 la R\u00e9volution et fut alors vendue comme bien national en 1793 (Archives enregistr\u00e9es au Quesnoy). Charles Louis Joseph Le Conte de Canteraine, architecte et garde g\u00e9n\u00e9ral &hellip; <a href=\"https:\/\/patrimoine-avesnois.fr\/censes\/les-censes-de-labbaye-danchin-et-de-la-prevote-dhaspres\/\" class=\"more-link\">Continuer la lecture<span class=\"screen-reader-text\"> de &laquo;&nbsp;Les censes de l\u2019abbaye d\u2019Anchin et de la pr\u00e9v\u00f4t\u00e9 d\u2019Haspres.&nbsp;&raquo;<\/span><\/a><\/p>\n","protected":false},"author":2,"featured_media":0,"parent":0,"menu_order":0,"comment_status":"closed","ping_status":"closed","template":"","meta":{"jetpack_post_was_ever_published":false,"footnotes":""},"class_list":["post-165","page","type-page","status-publish","hentry"],"jetpack_sharing_enabled":true,"jetpack_shortlink":"https:\/\/wp.me\/PaKSRG-2F","jetpack-related-posts":[],"_links":{"self":[{"href":"https:\/\/patrimoine-avesnois.fr\/censes\/wp-json\/wp\/v2\/pages\/165","targetHints":{"allow":["GET"]}}],"collection":[{"href":"https:\/\/patrimoine-avesnois.fr\/censes\/wp-json\/wp\/v2\/pages"}],"about":[{"href":"https:\/\/patrimoine-avesnois.fr\/censes\/wp-json\/wp\/v2\/types\/page"}],"author":[{"embeddable":true,"href":"https:\/\/patrimoine-avesnois.fr\/censes\/wp-json\/wp\/v2\/users\/2"}],"replies":[{"embeddable":true,"href":"https:\/\/patrimoine-avesnois.fr\/censes\/wp-json\/wp\/v2\/comments?post=165"}],"version-history":[{"count":3,"href":"https:\/\/patrimoine-avesnois.fr\/censes\/wp-json\/wp\/v2\/pages\/165\/revisions"}],"predecessor-version":[{"id":639,"href":"https:\/\/patrimoine-avesnois.fr\/censes\/wp-json\/wp\/v2\/pages\/165\/revisions\/639"}],"wp:attachment":[{"href":"https:\/\/patrimoine-avesnois.fr\/censes\/wp-json\/wp\/v2\/media?parent=165"}],"curies":[{"name":"wp","href":"https:\/\/api.w.org\/{rel}","templated":true}]}}