{"id":242,"date":"2019-02-19T14:01:12","date_gmt":"2019-02-19T13:01:12","guid":{"rendered":"http:\/\/patrimoine-avesnois.fr\/censes\/?page_id=242"},"modified":"2020-08-16T12:50:54","modified_gmt":"2020-08-16T10:50:54","slug":"les-censes-de-charles-bady-comte-de-normont","status":"publish","type":"page","link":"https:\/\/patrimoine-avesnois.fr\/censes\/les-censes-de-charles-bady-comte-de-normont\/","title":{"rendered":"Les censes de Charles Bady, comte de Normont"},"content":{"rendered":"\n<p>En l\u2019An II et III de la r\u00e9publique, les biens de Charles Bady (1756 1833), \u00e9migr\u00e9, furent confisqu\u00e9s et d\u00e9clar\u00e9s domaines nationaux. Suivant le sommier dit des \u00e9migr\u00e9s, d\u00e9pos\u00e9 aux archives de l&rsquo;administration des domaines, il fut vendu de ces biens pour 878,675 livres, dont : <\/p>\n\n\n\n<p>1\u00b0 en immeubles 836,134 livres.<\/p>\n\n\n\n<p>2\u00b0 en meubles&nbsp; 42,54 livres <\/p>\n\n\n\n<p class=\"has-text-color has-medium-font-size has-bright-red-color\"><strong>Bellignies<\/strong><\/p>\n\n\n\n<p>Charles Bady poss\u00e9dait \u00e0 Bellignies une ferme comme en\nt\u00e9moigne un arr\u00eat\u00e9 en l\u2019An IX, sur p\u00e9tition du Sieur Alexis Joseph Delvoi,\ndemeurant \u00e0 Lille, acqu\u00e9reur de bois situ\u00e9s \u00e0 Br\u00e9augies, commune de Bellignies,\nprovenant de l\u2019\u00e9migr\u00e9 Bady, ordonnant la d\u00e9marcation des dits bois avec les\nterres d\u2019une ferme de Charles Bady, acquise en l\u2019An VI par Pierre Massart,\nCharles Hennebert et consorts, demeurant \u00e0 Bavai (ADN 1 Q 1165 Contentieux\nDomanial) <strong><\/strong><\/p>\n\n\n\n<p class=\"has-text-color has-medium-font-size has-bright-red-color\"><strong>Dourlers<\/strong><\/p>\n\n\n\n<p>Au moyen des acquisitions que Pierre Bady avait faites en\n1693 et de celles qu&rsquo;il r\u00e9alisa en 1709, il se trouva seigneur d&rsquo;Aymeries, de\nla Porquerie, du Sart-de-Dourlers. En 1679, il \u00e9tait qualifi\u00e9 \u00ab architecte des\nbastiments \u00ab du roy \u00bb et avait l&rsquo;entreprise g\u00e9n\u00e9rale des fortifications de\nMaubeuge, o\u00f9 il gagna \u00e9norm\u00e9ment d&rsquo;argent. <\/p>\n\n\n\n<p>Un de ses descendants, Charles Bady, comte de Normont, n\u00e9 \u00e0 Avesnes le 15 juillet 1756, fut le dernier seigneur de la terre de Dourlers, qui lui \u00e9chut \u00e0 la mort de son p\u00e8re Bertrand en 1788. Ce gentilhomme, qui avait servi comme lieutenant, puis comme capitaine dans le r\u00e9giment de Royal-Dragons, \u00e9tait en 1786 lieutenant des mar\u00e9chaux de France au d\u00e9partement d&rsquo;Avesnes.  Il \u00e9tait commandant de la garde g\u00e9n\u00e9rale d&rsquo;Avesnes en 1791. <\/p>\n\n\n\n<p>Charles Bady, ray\u00e9 de la liste des \u00e9migr\u00e9s le 12 germinal An X &nbsp;rentra en possession de la Cense de la Basse-Court et de beaucoup de biens en d\u00e9pendant, par la vente que lui en avait faite, le mercredi 8 mai 1809, moyennant la somme de 21,725 fr., le Sr Cuisset, qui s&rsquo;en \u00e9tait rendu acqu\u00e9reur, en vent\u00f4se an XI, pour le prix de 43,300 livres. (Notice historique sur la terre seigneuriale et sur les seigneurs du Sart de Dourlers par&nbsp;Lebeau Isidore)<\/p>\n\n\n\n<p class=\"has-text-color has-medium-font-size has-bright-red-color\"><strong>Feignies<\/strong><\/p>\n\n\n\n<p>En l&rsquo;An IV (09 1795-09 1796) une enqu\u00eate fut ouverte pour reconna\u00eetre si la ferme de l&rsquo;\u00e9migr\u00e9 Bertrand Bady  occup\u00e9e par le Sieur Derkenne \u00e9tait r\u00e9put\u00e9e bien national (ADN 1 Q 1190).<\/p>\n\n\n\n<p>Bertrand Bady (1748 Avesnes-sur-Helpe + 1845 Qui\u00e9vrechain) \u00e9tait le fr\u00e8re de Charles cit\u00e9 ci-dessus (1746  Avesnes-sur-Helpe + 1833 Bruxelles). L&rsquo;occupant Joseph Derkenne (1754 1835) \u00e9tait le fils de Joseph Germain Derkenne (1720 1792) fermier laboureur et de Catherine Hannecart (1724 1810) cultivatrice. Il \u00e9pousa le 10 germinal An VII C\u00e9lestine Lotteau.<\/p>\n\n\n\n<p class=\"has-text-color has-medium-font-size has-bright-red-color\"><strong>Lez-Fontaine<\/strong><\/p>\n\n\n\n<p>Une ferme ayant appartenu \u00e0 l\u2019\u00e9migr\u00e9 Bady fut achet\u00e9e le 17\nPrairial An 6 par Antoine Hazard puis une seconde le 7 messidor An 6 par le m\u00eame\nacqu\u00e9reur. (ADN 1 Q 152 \/ 1398 et 1 Q 155 \/ 1635) <strong><\/strong><\/p>\n\n\n\n<p class=\"has-text-color has-medium-font-size has-bright-red-color\"><strong>Louvroil<\/strong><\/p>\n\n\n\n<p>Apparait \u00e9galement lors des ventes des biens de Charles Bady une ferme situ\u00e9e \u00e0 Louvroil acquise le 25 Thermidor An IV par Leli\u00e8vre Hardenpont Dethuin (ADN 1 Q 25 \/ 1210). <\/p>\n\n\n\n<p>Difficile de se prononcer sur l&rsquo;identit\u00e9 de ces trois acqu\u00e9reurs : Leli\u00e8vre pourrait-il \u00eatre ce Louis Fran\u00e7ois Leli\u00e8vre contr\u00f4leur des fermes des douanes, mari\u00e9 en 1757 \u00e0 Bavay avec Marie Jacque ? Quant \u00e0 Hardenpont s&rsquo;agirait-il de Jean Baptiste (1747 1827) concessionnaire des mines de Mariemont \u00e0 Mons ? Pour ce qui est de Dethuin, Louis F\u00e9lix Joseph Dethuin (1759 1835) Avocat &#8211; Notaire Imp\u00e9rial &#8211; Maire Adjoint de Mons &#8211; Membre du coll\u00e8ge \u00c9lectoral du d\u00e9partement de Jemappes se serait il associ\u00e9 \u00e0 Leli\u00e8vre et Hardenpont pour l&rsquo;achat de cette ferme ?<\/p>\n\n\n\n<p class=\"has-text-color has-medium-font-size has-bright-red-color\"><strong>Semousies<\/strong><\/p>\n\n\n\n<div class=\"wp-block-image\"><figure class=\"aligncenter\"><img data-recalc-dims=\"1\" loading=\"lazy\" decoding=\"async\" width=\"840\" height=\"561\" data-attachment-id=\"243\" data-permalink=\"https:\/\/patrimoine-avesnois.fr\/censes\/les-censes-de-charles-bady-comte-de-normont\/capture-123\/\" data-orig-file=\"https:\/\/i0.wp.com\/patrimoine-avesnois.fr\/censes\/wp-content\/uploads\/2019\/02\/Capture-122.png?fit=894%2C597&amp;ssl=1\" data-orig-size=\"894,597\" data-comments-opened=\"1\" data-image-meta=\"{&quot;aperture&quot;:&quot;0&quot;,&quot;credit&quot;:&quot;&quot;,&quot;camera&quot;:&quot;&quot;,&quot;caption&quot;:&quot;&quot;,&quot;created_timestamp&quot;:&quot;0&quot;,&quot;copyright&quot;:&quot;&quot;,&quot;focal_length&quot;:&quot;0&quot;,&quot;iso&quot;:&quot;0&quot;,&quot;shutter_speed&quot;:&quot;0&quot;,&quot;title&quot;:&quot;&quot;,&quot;orientation&quot;:&quot;0&quot;}\" data-image-title=\"Capture\" data-image-description=\"\" data-image-caption=\"\" data-large-file=\"https:\/\/i0.wp.com\/patrimoine-avesnois.fr\/censes\/wp-content\/uploads\/2019\/02\/Capture-122.png?fit=840%2C561&amp;ssl=1\" src=\"https:\/\/i0.wp.com\/patrimoine-avesnois.fr\/censes\/wp-content\/uploads\/2019\/02\/Capture-122.png?resize=840%2C561\" alt=\"\" class=\"wp-image-243\" srcset=\"https:\/\/i0.wp.com\/patrimoine-avesnois.fr\/censes\/wp-content\/uploads\/2019\/02\/Capture-122.png?w=894&amp;ssl=1 894w, https:\/\/i0.wp.com\/patrimoine-avesnois.fr\/censes\/wp-content\/uploads\/2019\/02\/Capture-122.png?resize=300%2C200&amp;ssl=1 300w, https:\/\/i0.wp.com\/patrimoine-avesnois.fr\/censes\/wp-content\/uploads\/2019\/02\/Capture-122.png?resize=768%2C513&amp;ssl=1 768w\" sizes=\"auto, (max-width: 709px) 85vw, (max-width: 909px) 67vw, (max-width: 1362px) 62vw, 840px\" \/><figcaption>La cense de Semousies <a href=\"https:\/\/www.google.fr\/maps\/@50.1672534,3.9572848,3a,75y,180.93h,89.53t\/data=!3m6!1e1!3m4!1sbh-isMRemEEw5PWK5MghyA!2e0!7i13312!8i6656\">27 rue de la cense<\/a><\/figcaption><\/figure><\/div>\n\n\n\n<p>La Maison-Forte ou Cense de Semousies. <\/p>\n\n\n\n<p>A une \u00e9poque qu&rsquo;il n&rsquo;est gu\u00e8re possible maintenant de\nd\u00e9terminer, la ferme de Semousies fut \u00e9cliss\u00e9e du Sart-de-Bouviers, pour former\nun fief de la d\u00e9pendance de cette terre. Jeanne de Semousies (Simousies)\nposs\u00e9da ce fief, dont elle rendit foi et hommage. Elle \u00e9tait vraisemblablement\nparente de Grard de Simousies, \u00e9cuyer, pr\u00e9v\u00f4t de Mons en, 14021 puis ch\u00e2telain,\nl&rsquo;ann\u00e9e suivante, de la forteresse de la Malmaison, assise sur les confins du\nCambr\u00e9sis. Ce gentilhomme \u00e9tait pauvre : sa charge ne lui rapportait, en effet,\nque 300 \u00e9cus par an, et il n&rsquo;avait d&rsquo;ailleurs que peu de ressources. Jeanne, en\n\u00e9pousant Fastr\u00e9, sire d&rsquo;Esclaihes, pr\u00e9v\u00f4t du Quesnoy, lui porta le fief de\nSemousies, qui passa, apr\u00e8s eux, \u00e0 leur fille, Jeanne d\u2019Esclaihes, mari\u00e9e \u00e0\nMichel_ de Haynin, surnomm\u00e9 Brongnart. Elle fit le relief de ce domaine f\u00e9odal\nen 1405, apr\u00e8s le d\u00e9c\u00e8s de sa m\u00e8re. Il est \u00e0 croire que sa post\u00e9rit\u00e9, si elle\nen a eu, se sera bient\u00f4t \u00e9teinte, car, \u00e0 peu de temps de l\u00e0, le fief \u00e9tait\nposs\u00e9d\u00e9 par les seigneurs d&rsquo;Eclaibes. Il fut rattach\u00e9 en 1591, lors de\nl&rsquo;ouverture \u00abde la succession du bastard de feu monsr d&rsquo;Esclaihes, \u00bb au fief\ndominant, la seigneurie d\u2019Aymeries, de laquelle le Sart-de-Dourlers faisait\nencore partie. \u00ab La maison, tourre, &nbsp;grange,\n\u00e9difices, cours, mareschauchie, jardins, pastures, prets et terres labourables\n\u00e0 trois royes, que l&rsquo;on dist la censse de Scemozies, le droit de terraige que\nMM d&rsquo;Aymeries avoient au territoire dudit Scemozies \u00bb ont \u00e9t\u00e9 lou\u00e9s, par baux :\n1<sup>er<\/sup> le 1er mars 1616, moyennant un fermage de 600 livres par an ; 2\u00b0\nen 1694, pour 500 livres;\n30 et en 1707, aussi pour 500\n livres. <\/p>\n\n\n\n<p>En 1793, lors de la bataille de Wattignies, cette ferme, qui\nappartenait toujours au seigneur de Dourlers, fut pendant un moment le point de\nmire des canonniers fran\u00e7ais. Ils visaient \u00e0 l&rsquo;incendier; mais il n&rsquo;en fut rien\n: l&rsquo;action principale ayant cess\u00e9. <\/p>\n\n\n\n<p>(Notice historique sur la terre seigneuriale et sur les seigneurs du Sart de Dourlers par&nbsp;Lebeau, Isidore)<\/p>\n\n\n\n<p><\/p>\n\n\n\n<p>Note G\u00e9n\u00e9alogique sur la famille Bady jusque Pierre 1647 1715 : cliquer<a rel=\"noreferrer noopener\" href=\"https:\/\/www.furet.com\/media\/pdf\/feuilletage\/9\/7\/8\/2\/0\/1\/1\/7\/9782011757395.pdf\" target=\"_blank\"> ici<\/a><\/p>\n\n\n\n<p>Ascendants de <a rel=\"noreferrer noopener\" href=\"https:\/\/gw.geneanet.org\/gvandensande?lang=fr&amp;p=charles&amp;n=bady&amp;oc=4\" target=\"_blank\">Charles Bady <\/a>1756 1833  <\/p>\n\n\n\n<p><\/p>\n","protected":false},"excerpt":{"rendered":"<p>En l\u2019An II et III de la r\u00e9publique, les biens de Charles Bady (1756 1833), \u00e9migr\u00e9, furent confisqu\u00e9s et d\u00e9clar\u00e9s domaines nationaux. Suivant le sommier dit des \u00e9migr\u00e9s, d\u00e9pos\u00e9 aux archives de l&rsquo;administration des domaines, il fut vendu de ces biens pour 878,675 livres, dont : 1\u00b0 en immeubles 836,134 livres. 2\u00b0 en meubles&nbsp; 42,54 &hellip; <a href=\"https:\/\/patrimoine-avesnois.fr\/censes\/les-censes-de-charles-bady-comte-de-normont\/\" class=\"more-link\">Continuer la lecture<span class=\"screen-reader-text\"> de &laquo;&nbsp;Les censes de Charles Bady, comte de Normont&nbsp;&raquo;<\/span><\/a><\/p>\n","protected":false},"author":2,"featured_media":0,"parent":0,"menu_order":0,"comment_status":"closed","ping_status":"closed","template":"","meta":{"jetpack_post_was_ever_published":false,"footnotes":""},"class_list":["post-242","page","type-page","status-publish","hentry"],"jetpack_sharing_enabled":true,"jetpack_shortlink":"https:\/\/wp.me\/PaKSRG-3U","jetpack-related-posts":[],"_links":{"self":[{"href":"https:\/\/patrimoine-avesnois.fr\/censes\/wp-json\/wp\/v2\/pages\/242","targetHints":{"allow":["GET"]}}],"collection":[{"href":"https:\/\/patrimoine-avesnois.fr\/censes\/wp-json\/wp\/v2\/pages"}],"about":[{"href":"https:\/\/patrimoine-avesnois.fr\/censes\/wp-json\/wp\/v2\/types\/page"}],"author":[{"embeddable":true,"href":"https:\/\/patrimoine-avesnois.fr\/censes\/wp-json\/wp\/v2\/users\/2"}],"replies":[{"embeddable":true,"href":"https:\/\/patrimoine-avesnois.fr\/censes\/wp-json\/wp\/v2\/comments?post=242"}],"version-history":[{"count":8,"href":"https:\/\/patrimoine-avesnois.fr\/censes\/wp-json\/wp\/v2\/pages\/242\/revisions"}],"predecessor-version":[{"id":529,"href":"https:\/\/patrimoine-avesnois.fr\/censes\/wp-json\/wp\/v2\/pages\/242\/revisions\/529"}],"wp:attachment":[{"href":"https:\/\/patrimoine-avesnois.fr\/censes\/wp-json\/wp\/v2\/media?parent=242"}],"curies":[{"name":"wp","href":"https:\/\/api.w.org\/{rel}","templated":true}]}}