{"id":10272,"date":"2020-04-05T13:58:05","date_gmt":"2020-04-05T11:58:05","guid":{"rendered":"http:\/\/patrimoine-avesnois.fr\/chemin\/?page_id=10272"},"modified":"2023-06-14T17:31:53","modified_gmt":"2023-06-14T15:31:53","slug":"pierre-bleue-et-marbre-de-lavesnois","status":"publish","type":"page","link":"https:\/\/patrimoine-avesnois.fr\/chemin\/pierre-bleue-et-marbre-de-lavesnois\/","title":{"rendered":"Pierre bleue et Marbre de l&rsquo;Avesnois"},"content":{"rendered":"\n<p>La pierre bleue est un mat\u00e9riau embl\u00e9matique de l&rsquo;Avesnois constituant une v\u00e9ritable richesse depuis l&rsquo;Antiquit\u00e9. Une autre roche \u00e9galement noble est pr\u00e9sente dans le sous-sol de notre r\u00e9gion : le marbre dont les premiers signes de son activit\u00e9 remontent au XVIIIe si\u00e8cle. Aujourd&rsquo;hui , la plupart des carri\u00e8res et des marbreries ont disparu, mais l\u2019\u00e2me de la pierre bleue et du marbre reste ancr\u00e9e dans les m\u00e9moires.<br>Je vous propose de partir \u00e0 la d\u00e9couverte de ce patrimoine en relatant l&rsquo;histoire de ses carri\u00e8res et de ses entreprises et en \u00e9voquant simultan\u00e9ment les repr\u00e9sentations actuelles de cet h\u00e9ritage.<br>Signalons tout d&rsquo;abord que la pierre bleue et le marbre sont des calcaires durs, d\u2019origine s\u00e9dimentaire et plus pr\u00e9cis\u00e9ment marine. Leur formation se situe entre le D\u00e9vonien moyen et le Carbonif\u00e8re inf\u00e9rieur, c\u2019est \u00e0 dire l\u2019intervalle de 50 millions d\u2019ann\u00e9es qui se situe entre -380 et &#8211; 330 millions d\u2019ann\u00e9es. A cette \u00e9poque, l&rsquo;Avesnois \u00e9tait approximativement entre l&rsquo;\u00e9quateur et le tropique du Cancer, submerg\u00e9e de petites mers tr\u00e8s calmes, tr\u00e8s chaudes dans lesquelles foisonnaient des organismes marins. En mourant ceux-ci se d\u00e9pos\u00e8rent et provoqu\u00e8rent ce que l&rsquo;on appelle l&rsquo;accumulation de s\u00e9diments atteignant \u00e0 certains endroits 500 m\u00e8tres d&rsquo;\u00e9paisseur. Cette s\u00e9dimentation a permis la formation de ces deux familles de roches \u00e9voqu\u00e9es ci-dessus dont les caract\u00e9ristiques diff\u00e9rent l\u00e9g\u00e8rement selon leur date de formation et donc selon des param\u00e8tres physico-chimiques du milieu dans lequel elles \u00e9volu\u00e8rent.<\/p>\n\n\n\n<p class=\"has-text-color has-bright-blue-color\"><br>LA PIERRE BLEUE DE L&rsquo;AVESNOIS<\/p>\n\n\n\n<div class=\"wp-block-image\"><figure class=\"aligncenter\"><img data-recalc-dims=\"1\" loading=\"lazy\" decoding=\"async\" width=\"411\" height=\"371\" data-attachment-id=\"10322\" data-permalink=\"https:\/\/patrimoine-avesnois.fr\/chemin\/pierre-bleue-et-marbre-de-lavesnois\/image-1693\/\" data-orig-file=\"https:\/\/i0.wp.com\/patrimoine-avesnois.fr\/chemin\/wp-content\/uploads\/2020\/04\/image-23.png?fit=411%2C371&amp;ssl=1\" data-orig-size=\"411,371\" data-comments-opened=\"1\" data-image-meta=\"{&quot;aperture&quot;:&quot;0&quot;,&quot;credit&quot;:&quot;&quot;,&quot;camera&quot;:&quot;&quot;,&quot;caption&quot;:&quot;&quot;,&quot;created_timestamp&quot;:&quot;0&quot;,&quot;copyright&quot;:&quot;&quot;,&quot;focal_length&quot;:&quot;0&quot;,&quot;iso&quot;:&quot;0&quot;,&quot;shutter_speed&quot;:&quot;0&quot;,&quot;title&quot;:&quot;&quot;,&quot;orientation&quot;:&quot;0&quot;}\" data-image-title=\"image\" data-image-description=\"\" data-image-caption=\"\" data-large-file=\"https:\/\/i0.wp.com\/patrimoine-avesnois.fr\/chemin\/wp-content\/uploads\/2020\/04\/image-23.png?fit=411%2C371&amp;ssl=1\" src=\"https:\/\/i0.wp.com\/patrimoine-avesnois.fr\/chemin\/wp-content\/uploads\/2020\/04\/image-23.png?resize=411%2C371\" alt=\"\" class=\"wp-image-10322\" srcset=\"https:\/\/i0.wp.com\/patrimoine-avesnois.fr\/chemin\/wp-content\/uploads\/2020\/04\/image-23.png?w=411&amp;ssl=1 411w, https:\/\/i0.wp.com\/patrimoine-avesnois.fr\/chemin\/wp-content\/uploads\/2020\/04\/image-23.png?resize=300%2C271&amp;ssl=1 300w\" sizes=\"auto, (max-width: 411px) 85vw, 411px\" \/><\/figure><\/div>\n\n\n\n<p>La Pierre bleue est une roche calcaire compacte d\u2019\u00e2ge primaire constitu\u00e9e par des coraux, des algues ou des crino\u00efdes et sont souvent riches en fossiles. Elle doit sa couleur \u00e0 la mati\u00e8re organique enferm\u00e9e \u00e0 l\u2019abri de l\u2019oxyg\u00e8ne de l\u2019air, dans un milieu aqueux qui lui conf\u00e8re cette teinte oscillant du gris-bleu au bleu-noir.<br>Certaines de ses couches se sont form\u00e9es au D\u00e9vonien, aux \u00e9tages Giv\u00e9tien et Frasnien c \u00e0 d entre -380 et -360 millions . Elles affleurent dans le secteur de Bavay-Gussignies et dans celui de Fourmies- Wallers en Fagne. <br>D&rsquo;autres bandes se sont constitu\u00e9es au Carbonif\u00e8re aux subdivisions Tournaisien et Vis\u00e9en (entre &#8211; 360 et -330 millions). Elles se trouvent orient\u00e9es  globalement Ouest-Est et concernent l&rsquo;axe Marbaix-Sars Poteries, la ligne Bachant-Ferri\u00e8re la Petite et le secteur Etroeungt Avesnes.<\/p>\n\n\n\n<p class=\"has-text-color has-bright-blue-color\"><br> <em>Le secteur de Bavay Gussignies <\/em><\/p>\n\n\n\n<div class=\"wp-block-image\"><figure class=\"aligncenter\"><img data-recalc-dims=\"1\" loading=\"lazy\" decoding=\"async\" width=\"544\" height=\"286\" data-attachment-id=\"10278\" data-permalink=\"https:\/\/patrimoine-avesnois.fr\/chemin\/pierre-bleue-et-marbre-de-lavesnois\/image-1671\/\" data-orig-file=\"https:\/\/i0.wp.com\/patrimoine-avesnois.fr\/chemin\/wp-content\/uploads\/2020\/04\/image-1.png?fit=544%2C286&amp;ssl=1\" data-orig-size=\"544,286\" data-comments-opened=\"1\" data-image-meta=\"{&quot;aperture&quot;:&quot;0&quot;,&quot;credit&quot;:&quot;&quot;,&quot;camera&quot;:&quot;&quot;,&quot;caption&quot;:&quot;&quot;,&quot;created_timestamp&quot;:&quot;0&quot;,&quot;copyright&quot;:&quot;&quot;,&quot;focal_length&quot;:&quot;0&quot;,&quot;iso&quot;:&quot;0&quot;,&quot;shutter_speed&quot;:&quot;0&quot;,&quot;title&quot;:&quot;&quot;,&quot;orientation&quot;:&quot;0&quot;}\" data-image-title=\"image\" data-image-description=\"\" data-image-caption=\"\" data-large-file=\"https:\/\/i0.wp.com\/patrimoine-avesnois.fr\/chemin\/wp-content\/uploads\/2020\/04\/image-1.png?fit=544%2C286&amp;ssl=1\" src=\"https:\/\/i0.wp.com\/patrimoine-avesnois.fr\/chemin\/wp-content\/uploads\/2020\/04\/image-1.png?resize=544%2C286\" alt=\"\" class=\"wp-image-10278\" srcset=\"https:\/\/i0.wp.com\/patrimoine-avesnois.fr\/chemin\/wp-content\/uploads\/2020\/04\/image-1.png?w=544&amp;ssl=1 544w, https:\/\/i0.wp.com\/patrimoine-avesnois.fr\/chemin\/wp-content\/uploads\/2020\/04\/image-1.png?resize=300%2C158&amp;ssl=1 300w\" sizes=\"auto, (max-width: 544px) 85vw, 544px\" \/><figcaption>La sciotte<\/figcaption><\/figure><\/div>\n\n\n\n<p>Les premi\u00e8res traces du travail de la pierre bleue remontent aux chantiers gallo-romains de la cit\u00e9 Bagacum, l&rsquo;actuelle ville de Bavay. Ses \u00e9difices antiques sont un exemple de la mise \u00e0 profit des qualit\u00e9s \u00e0 la fois architecturales et esth\u00e9tiques de ce mat\u00e9riau. Les carri\u00e8res de Houdain-lez-Bavay et de Bellignies ont fourni la pierre n\u00e9cessaire \u00e0 la construction de tous les \u00e9difices somptueux \u00e9difi\u00e9s par les romains du II au IVe si\u00e8cle de notre \u00e8re. Ici le calcaire \u00e9tait appel\u00e9 sarrazyn et l&rsquo;existence de ces anciennes et nombreuses galeries sur ces deux communes sont connus sous le nom de \u00ab trous des Sarrazyns \u00bb. <br> Ces grottes pr\u00e9sentaient des galeries hautes de 2 m. Leurs orifices ont \u00e9t\u00e9 bouch\u00e9s au XIX e si\u00e8cle. Dans les ann\u00e9es 1970, les travaux d\u2019extraction ont d\u00e9fonc\u00e9 le sol et l\u2019exploration est devenue impossible (En flanant dans l&rsquo;Avesnois Jean Mossay 1974).<\/p>\n\n\n\n<div class=\"wp-block-image\"><figure class=\"aligncenter is-resized\"><img data-recalc-dims=\"1\" loading=\"lazy\" decoding=\"async\" data-attachment-id=\"10283\" data-permalink=\"https:\/\/patrimoine-avesnois.fr\/chemin\/pierre-bleue-et-marbre-de-lavesnois\/image-1672\/\" data-orig-file=\"https:\/\/i0.wp.com\/patrimoine-avesnois.fr\/chemin\/wp-content\/uploads\/2020\/04\/image-2.png?fit=319%2C420&amp;ssl=1\" data-orig-size=\"319,420\" data-comments-opened=\"1\" data-image-meta=\"{&quot;aperture&quot;:&quot;0&quot;,&quot;credit&quot;:&quot;&quot;,&quot;camera&quot;:&quot;&quot;,&quot;caption&quot;:&quot;&quot;,&quot;created_timestamp&quot;:&quot;0&quot;,&quot;copyright&quot;:&quot;&quot;,&quot;focal_length&quot;:&quot;0&quot;,&quot;iso&quot;:&quot;0&quot;,&quot;shutter_speed&quot;:&quot;0&quot;,&quot;title&quot;:&quot;&quot;,&quot;orientation&quot;:&quot;0&quot;}\" data-image-title=\"image\" data-image-description=\"\" data-image-caption=\"\" data-large-file=\"https:\/\/i0.wp.com\/patrimoine-avesnois.fr\/chemin\/wp-content\/uploads\/2020\/04\/image-2.png?fit=319%2C420&amp;ssl=1\" src=\"https:\/\/i0.wp.com\/patrimoine-avesnois.fr\/chemin\/wp-content\/uploads\/2020\/04\/image-2.png?resize=360%2C474\" alt=\"\" class=\"wp-image-10283\" width=\"360\" height=\"474\" srcset=\"https:\/\/i0.wp.com\/patrimoine-avesnois.fr\/chemin\/wp-content\/uploads\/2020\/04\/image-2.png?w=319&amp;ssl=1 319w, https:\/\/i0.wp.com\/patrimoine-avesnois.fr\/chemin\/wp-content\/uploads\/2020\/04\/image-2.png?resize=228%2C300&amp;ssl=1 228w\" sizes=\"auto, (max-width: 360px) 85vw, 360px\" \/><figcaption>Chapelle \u00e0 Bellignies de la fin du Moyen Age (XV e si\u00e8cle)<\/figcaption><\/figure><\/div>\n\n\n\n<p>Au Moyen \u00c2ge et par la suite plus particuli\u00e8rement au XIX e si\u00e8cle, on utilisa la pierre bleue principalement pour les monuments architecturaux, le dallage des parvis de certaines \u00e9glises mais aussi pour les fondations des maisons, voire les murs des habitations associ\u00e9s avec la brique rouge. (Seuils, linteaux, chainage des fen\u00eatres etc). Ces constructions plus ou moins anciennes que sont les \u00e9glises avec leurs pierres tombales, les vieux cimeti\u00e8res, les maisons, les moulins, les oratoires, \u2026 ornent encore de nos jours les paysages de l\u2019Avesnois et en font tout leur charme. La pierre bleue ainsi omnipr\u00e9sente dans la composition architecturale des maisons et des monuments historiques est un \u00e9l\u00e9ment important du b\u00e2ti en Avesnois.<br>La pierre bleue \u00e9tait \u00e9galement d&rsquo;une tr\u00e8s grande utilit\u00e9 \u00e0 l&rsquo;int\u00e9rieur des maisons  (avant l&rsquo;arriv\u00e9e du chauffage central) avec les chemin\u00e9es avesnoises typiquement travaill\u00e9es \u00e0 la boucharde et \u00e0 la gravine. Au coin de ces chemin\u00e9es imposantes il faisait bon y faire la veill\u00e9e en se racontant des histoires.<br>De nos jours on emploie ce mat\u00e9riau dans tous types de pi\u00e8ces pour la d\u00e9coration, en rev\u00eatement de sol, parement mural, plan de travail, \u00e9vier\u2026 La pierre bleue est une pierre \u00e0 b\u00e2tir mais \u00e9galement une pierre d\u2019ornement. <br>Dans la  vall\u00e9e de l&rsquo;Hogneau coule une rivi\u00e8re au bord de laquelle \u00e9taient install\u00e9es la plupart des marbreries (pierre bleue et marbres). <br> Ainsi Bellignies poss\u00e9dait de nombreuses carri\u00e8res de pierre bleue (les premi\u00e8res \u00e0 \u00eatre exploit\u00e9es) ou de marbre (comme nous le verrons ult\u00e9rieurement).   <br>Ici le mus\u00e9e du marbre et de la pierre bleue retrace l&rsquo;histoire de ces entreprises et de ces ouvriers qui faisaient vivre le village. Alors qu&rsquo;il y avait une vingtaine de marbreries plus ou moins importantes, l\u2019Art de la pierre est de nos jours le seul artisan travaillant la pierre bleue \u00e0 Bellignies. Une seule carri\u00e8re aujourd&rsquo;hui existe sur le territoire dont la finalit\u00e9 n&rsquo;est plus la pierre bleue ou le marbre mais l&rsquo;industrie de granulats utilis\u00e9s notamment pour faire du b\u00e9ton, du ciment , les enrob\u00e9s, le ballast ferroviare ou bien encore pour l&rsquo;usage des particuliers.<br>A Hon-Hergies en 1836, on comptait 7 carri\u00e8res de pierre bleue. A la fin des ann\u00e9es 1970 il y avait encore une dizaine d&rsquo;entreprises dans la r\u00e9gion de Bavay avec  des petits ateliers employant  une ou deux personnes.  Il n&rsquo;y eut par la suite que deux grosses entreprises qui elles-m\u00eames disparurent, le march\u00e9 ayant quitt\u00e9 nos fronti\u00e8res. Toutes les marbreries aux alentours ont donc ferm\u00e9 sauf une irr\u00e9ductible \u00e0 Hon-Hergies tenue par la famille Walqueman depuis 1903. Dans cette mabrerie on y travaille plus particuli\u00e8rement la pierre bleue extraite dans une carri\u00e8re en Belgique. <\/p>\n\n\n\n<div class=\"wp-block-image\"><figure class=\"aligncenter is-resized\"><img data-recalc-dims=\"1\" loading=\"lazy\" decoding=\"async\" data-attachment-id=\"10284\" data-permalink=\"https:\/\/patrimoine-avesnois.fr\/chemin\/pierre-bleue-et-marbre-de-lavesnois\/image-1673\/\" data-orig-file=\"https:\/\/i0.wp.com\/patrimoine-avesnois.fr\/chemin\/wp-content\/uploads\/2020\/04\/image-3.png?fit=499%2C466&amp;ssl=1\" data-orig-size=\"499,466\" data-comments-opened=\"1\" data-image-meta=\"{&quot;aperture&quot;:&quot;0&quot;,&quot;credit&quot;:&quot;&quot;,&quot;camera&quot;:&quot;&quot;,&quot;caption&quot;:&quot;&quot;,&quot;created_timestamp&quot;:&quot;0&quot;,&quot;copyright&quot;:&quot;&quot;,&quot;focal_length&quot;:&quot;0&quot;,&quot;iso&quot;:&quot;0&quot;,&quot;shutter_speed&quot;:&quot;0&quot;,&quot;title&quot;:&quot;&quot;,&quot;orientation&quot;:&quot;0&quot;}\" data-image-title=\"image\" data-image-description=\"\" data-image-caption=\"\" data-large-file=\"https:\/\/i0.wp.com\/patrimoine-avesnois.fr\/chemin\/wp-content\/uploads\/2020\/04\/image-3.png?fit=499%2C466&amp;ssl=1\" src=\"https:\/\/i0.wp.com\/patrimoine-avesnois.fr\/chemin\/wp-content\/uploads\/2020\/04\/image-3.png?resize=431%2C402\" alt=\"\" class=\"wp-image-10284\" width=\"431\" height=\"402\" srcset=\"https:\/\/i0.wp.com\/patrimoine-avesnois.fr\/chemin\/wp-content\/uploads\/2020\/04\/image-3.png?w=499&amp;ssl=1 499w, https:\/\/i0.wp.com\/patrimoine-avesnois.fr\/chemin\/wp-content\/uploads\/2020\/04\/image-3.png?resize=300%2C280&amp;ssl=1 300w\" sizes=\"auto, (max-width: 431px) 85vw, 431px\" \/><figcaption>Taille de la pierre \u00e0 l&rsquo;entreprise Walqueman. Photo du site.<\/figcaption><\/figure><\/div>\n\n\n\n<p>Cette entreprise a travers\u00e9 et surmont\u00e9 les crises de ces derni\u00e8res d\u00e9cennies gr\u00e2ce \u00e0 la mise en valeur de son savoir faire acquis depuis des g\u00e9n\u00e9rations. Ses ouvriers continuent de travailler dans la tradition, transmettent les gestes et le savoir des anciens, participent \u00e0 la restauration du patrimoine et sauvent \u00e0 leur mani\u00e8re la m\u00e9moire de nos villes et villages (la vall\u00e9e du marbre et de la pierre bleue \u00e9mission FR3 du 23 f\u00e9vrier 2017).<\/p>\n\n\n\n<div class=\"wp-block-image\"><figure class=\"aligncenter is-resized\"><img data-recalc-dims=\"1\" loading=\"lazy\" decoding=\"async\" src=\"https:\/\/i0.wp.com\/images-01.delcampe-static.net\/img_large\/auction\/000\/965\/191\/577_001.jpg?resize=468%2C308&#038;ssl=1\" alt=\"Gussignies NA1: Ancienne Carri\u00e8re 1926 - Autres Communes\" width=\"468\" height=\"308\"\/><figcaption>Carri\u00e8re \u00e0 Gussignies en 1926<\/figcaption><\/figure><\/div>\n\n\n\n<p>A Gussignies subsistent  quelques traces t\u00e9moignant de ce pass\u00e9 de la pierre bleue comme une carri\u00e8re m\u00eame si la nature a repris une bonne partie de ses droits. Parmi ses nombreuses actions le centre d&rsquo;initiatives pour l&rsquo;environnement \u00e0 Gussignies sensibilise les jeunes et les moins jeunes \u00e0 la richesse du sol et l&rsquo;histoire du village. Ce CPIE bocage de l&rsquo;avesnois apporte notamment des explications concernant l&rsquo;extraction des pierres. Celle ci se faisait en utilisant des pi\u00e8ces de bois tr\u00e8s secs de forme pointue (appel\u00e9s des coins). On les mettait dans les fentes de la roche, on les aspergeait d&rsquo;eau pour qu&rsquo;elles gonflent et en gonflant elles faisaient \u00e9clater la roche. On pouvait ainsi r\u00e9cup\u00e9rer de tr\u00e8s gros blocs.<\/p>\n\n\n\n<div class=\"wp-block-image\"><figure class=\"aligncenter is-resized\"><img data-recalc-dims=\"1\" loading=\"lazy\" decoding=\"async\" data-attachment-id=\"10285\" data-permalink=\"https:\/\/patrimoine-avesnois.fr\/chemin\/pierre-bleue-et-marbre-de-lavesnois\/image-1674\/\" data-orig-file=\"https:\/\/i0.wp.com\/patrimoine-avesnois.fr\/chemin\/wp-content\/uploads\/2020\/04\/image-4.png?fit=377%2C261&amp;ssl=1\" data-orig-size=\"377,261\" data-comments-opened=\"1\" data-image-meta=\"{&quot;aperture&quot;:&quot;0&quot;,&quot;credit&quot;:&quot;&quot;,&quot;camera&quot;:&quot;&quot;,&quot;caption&quot;:&quot;&quot;,&quot;created_timestamp&quot;:&quot;0&quot;,&quot;copyright&quot;:&quot;&quot;,&quot;focal_length&quot;:&quot;0&quot;,&quot;iso&quot;:&quot;0&quot;,&quot;shutter_speed&quot;:&quot;0&quot;,&quot;title&quot;:&quot;&quot;,&quot;orientation&quot;:&quot;0&quot;}\" data-image-title=\"image\" data-image-description=\"\" data-image-caption=\"\" data-large-file=\"https:\/\/i0.wp.com\/patrimoine-avesnois.fr\/chemin\/wp-content\/uploads\/2020\/04\/image-4.png?fit=377%2C261&amp;ssl=1\" src=\"https:\/\/i0.wp.com\/patrimoine-avesnois.fr\/chemin\/wp-content\/uploads\/2020\/04\/image-4.png?resize=470%2C326\" alt=\"\" class=\"wp-image-10285\" width=\"470\" height=\"326\" srcset=\"https:\/\/i0.wp.com\/patrimoine-avesnois.fr\/chemin\/wp-content\/uploads\/2020\/04\/image-4.png?w=377&amp;ssl=1 377w, https:\/\/i0.wp.com\/patrimoine-avesnois.fr\/chemin\/wp-content\/uploads\/2020\/04\/image-4.png?resize=300%2C208&amp;ssl=1 300w\" sizes=\"auto, (max-width: 470px) 85vw, 470px\" \/><\/figure><\/div>\n\n\n\n<div class=\"wp-block-image\"><figure class=\"aligncenter is-resized\"><img data-recalc-dims=\"1\" loading=\"lazy\" decoding=\"async\" data-attachment-id=\"10286\" data-permalink=\"https:\/\/patrimoine-avesnois.fr\/chemin\/pierre-bleue-et-marbre-de-lavesnois\/image-1675\/\" data-orig-file=\"https:\/\/i0.wp.com\/patrimoine-avesnois.fr\/chemin\/wp-content\/uploads\/2020\/04\/image-5.png?fit=378%2C220&amp;ssl=1\" data-orig-size=\"378,220\" data-comments-opened=\"1\" data-image-meta=\"{&quot;aperture&quot;:&quot;0&quot;,&quot;credit&quot;:&quot;&quot;,&quot;camera&quot;:&quot;&quot;,&quot;caption&quot;:&quot;&quot;,&quot;created_timestamp&quot;:&quot;0&quot;,&quot;copyright&quot;:&quot;&quot;,&quot;focal_length&quot;:&quot;0&quot;,&quot;iso&quot;:&quot;0&quot;,&quot;shutter_speed&quot;:&quot;0&quot;,&quot;title&quot;:&quot;&quot;,&quot;orientation&quot;:&quot;0&quot;}\" data-image-title=\"image\" data-image-description=\"\" data-image-caption=\"\" data-large-file=\"https:\/\/i0.wp.com\/patrimoine-avesnois.fr\/chemin\/wp-content\/uploads\/2020\/04\/image-5.png?fit=378%2C220&amp;ssl=1\" src=\"https:\/\/i0.wp.com\/patrimoine-avesnois.fr\/chemin\/wp-content\/uploads\/2020\/04\/image-5.png?resize=470%2C273\" alt=\"\" class=\"wp-image-10286\" width=\"470\" height=\"273\" srcset=\"https:\/\/i0.wp.com\/patrimoine-avesnois.fr\/chemin\/wp-content\/uploads\/2020\/04\/image-5.png?w=378&amp;ssl=1 378w, https:\/\/i0.wp.com\/patrimoine-avesnois.fr\/chemin\/wp-content\/uploads\/2020\/04\/image-5.png?resize=300%2C175&amp;ssl=1 300w\" sizes=\"auto, (max-width: 470px) 85vw, 470px\" \/><figcaption>Carri\u00e8re de Bettrechies<\/figcaption><\/figure><\/div>\n\n\n\n<p>A Bettrechies de nos jours une carri\u00e8re est exploit\u00e9e par la societ\u00e9 S.E.C.A.B. \u00ab Elle est ouverte dans un synclinal tr\u00e8s ouvert, dessin\u00e9 par le Calcaire de Givet, argileux et riche en matiere organique, qui foumit la \u00ab\u00a0pierre bleue\u00a0\u00bb. Cette carri\u00e8re a rev\u00e9l\u00e9 de nombreuses structures tectoniques (clivage, plis polyphases, chevauchements) dont il est difficile de soupconner la presence \u00e0 partir des affleurements bien connus dans la vallee de la Meuse. \u2026 Par ailleurs, cette carri\u00e8re permet  d&rsquo;illustrer d&rsquo;une facon particulierement p\u00e9dagogique les notions de discordance et de transgression : \u00ab\u00a0sarrazin\u00a0\u00bb du C\u00e9nomanien et mames du Turonien sur le Givetien \u00bb (Bulletin de la Soci\u00e9t\u00e9 d&rsquo;histoire naturelle des Ardennes 1989).<\/p>\n\n\n\n<p class=\"has-text-color has-bright-blue-color\"><em>Le secteur de Fourmies-Wallers en Fagne<\/em><\/p>\n\n\n\n<div class=\"wp-block-image\"><figure class=\"aligncenter is-resized\"><img data-recalc-dims=\"1\" loading=\"lazy\" decoding=\"async\" src=\"https:\/\/i0.wp.com\/images-00.delcampe-static.net\/img_large\/auction\/000\/357\/358\/222_001.jpg?resize=353%2C548&#038;ssl=1\" alt=\"NORD  59  FOURMIES  CARRIERE DU HAUTY  INDUSTRIE - Fourmies\" width=\"353\" height=\"548\"\/><figcaption>Carri\u00e8re du Hauty \u00e0 Fourmies : Carri\u00e8re d&rsquo;ardoise \u00e0 la limite de Mondrepuis (02)<\/figcaption><\/figure><\/div>\n\n\n\n<p>A Fourmies m\u00eame il n&rsquo;y a pas eu de carri\u00e8re de pierre bleue mais une carri\u00e8re d&rsquo;ardoise appel\u00e9e carri\u00e8re du Hauty situ\u00e9e \u00e0 l&rsquo;extr\u00e9mit\u00e9 sud de Fourmies et plus principalement sur Mondrepuis.<br>A Wallers-en Fagne, la pierre bleue \u00e9tait jadis extraite dans une vingtaine de carri\u00e8res \u00e0 ciel ouvert. Plus de 70 familles du village vivaient, autrefois, de l&rsquo;extraction, de la taille, du sciage et du chauffournage. Toutes les constructions anciennes sont en pierre bleue. <br>Le centre artisanal de la pierre bleue de Wallers en Fagne a pour vocation depuis 2002 de relancer le travail de ce mat\u00e9riau naturel avec des machines num\u00e9riques et une d\u00e9marche contemporaine : projets, prototypes et fabrication en petites s\u00e9ries. A c\u00f4t\u00e9 d&rsquo;une production de pierres de b\u00e2timents, de mobilier urbain et familial, des produits innovants sont mis au point avec des designers ou des professionnels de l&rsquo;\u00e9clairage. <br>Deux tailleurs de pierre sont actuellement pr\u00e9sents dans ce bourg qui en a compt\u00e9 une dizaine autrefois : La pierre par A+B et l&rsquo;EURL Leleux Johann.<br>D&rsquo;autre part le circuit de la pierre bleue, long de 4 km est un parcours jalonn\u00e9 de bornes en pierre bleue valorisant le travail de la pierre, les outils et les techniques de taille. <br>Enfin la carri\u00e8re du Comptoir des calcaires et mat\u00e9riaux (CCM), filiale du groupe Colas, exploite une veine de calcaire dur Giv\u00e9tien depuis 1973. Sur une centaine d\u2019hectares, c\u2019est l\u2019un des dix plus grands gisements de France pour l\u2019extraction de calcaire bleu massif sur une profondeur de plus de 100 m\u00e8tres pour une production annuelle de 2 millions de tonnes de granulats. Ceux-ci servent pour 80 % \u00e0 l&rsquo;infrastructure des routes et pour 20 % au b\u00e9ton.<\/p>\n\n\n\n<div class=\"wp-block-image\"><figure class=\"aligncenter is-resized\"><img loading=\"lazy\" decoding=\"async\" data-attachment-id=\"2221\" data-permalink=\"https:\/\/patrimoine-avesnois.fr\/chemin\/glageon\/1280px-eglise_glageon_2\/\" data-orig-file=\"https:\/\/i0.wp.com\/patrimoine-avesnois.fr\/chemin\/wp-content\/uploads\/2019\/04\/1280px-Eglise_glageon_2.jpg?fit=1280%2C960&amp;ssl=1\" data-orig-size=\"1280,960\" data-comments-opened=\"1\" data-image-meta=\"{&quot;aperture&quot;:&quot;0&quot;,&quot;credit&quot;:&quot;&quot;,&quot;camera&quot;:&quot;&quot;,&quot;caption&quot;:&quot;&quot;,&quot;created_timestamp&quot;:&quot;0&quot;,&quot;copyright&quot;:&quot;&quot;,&quot;focal_length&quot;:&quot;0&quot;,&quot;iso&quot;:&quot;0&quot;,&quot;shutter_speed&quot;:&quot;0&quot;,&quot;title&quot;:&quot;&quot;,&quot;orientation&quot;:&quot;0&quot;}\" data-image-title=\"1280px-Eglise_glageon_2\" data-image-description=\"\" data-image-caption=\"\" data-large-file=\"https:\/\/i0.wp.com\/patrimoine-avesnois.fr\/chemin\/wp-content\/uploads\/2019\/04\/1280px-Eglise_glageon_2.jpg?fit=840%2C630&amp;ssl=1\" src=\"https:\/\/i0.wp.com\/patrimoine-avesnois.fr\/chemin\/wp-content\/uploads\/2019\/04\/1280px-Eglise_glageon_2.jpg?w=1280\" alt=\"\" class=\"wp-image-2221\" width=\"475\" height=\"358\" srcset=\"https:\/\/i0.wp.com\/patrimoine-avesnois.fr\/chemin\/wp-content\/uploads\/2019\/04\/1280px-Eglise_glageon_2.jpg?resize=300%2C225&amp;ssl=1 300w, https:\/\/i0.wp.com\/patrimoine-avesnois.fr\/chemin\/wp-content\/uploads\/2019\/04\/1280px-Eglise_glageon_2.jpg?zoom=2&amp;resize=475%2C358 950w\" sizes=\"auto, (max-width: 475px) 85vw, 475px\" \/><figcaption>L&rsquo;\u00e9glise de Glageon<\/figcaption><\/figure><\/div>\n\n\n\n<p>A Glageon vers 1860 l&rsquo;industrie principale \u00e9tait l&rsquo;exploitation des mines de fer et des bois, celle des carri\u00e8res de marbre, des pierres \u00e0 b\u00e2tir et du bois sci\u00e9. Ces pierres \u00e0 b\u00e2tir en pierre bleue furent utlis\u00e9es entr&rsquo;autres pour l&rsquo;\u00e9glise St Martin, la  demeure occup\u00e9e \u00e0 partir de la seconde moiti\u00e9 du XVIIIe si\u00e8cle par des ma\u00eetres de forges, le calvaire, les oratoires\u2026<br>Sur le site de Glageon, la carri\u00e8re exploite un calcaire dur giv\u00e9tien, la capacit\u00e9 annuelle de production est de 600 000 tonnes dont 100 000 tonnes susceptibles d&rsquo;\u00eatre exp\u00e9di\u00e9es par train. Mat\u00e9riaux commercialis\u00e9s : sable, gravillons, graves pour b\u00e9tons et chauss\u00e9es, mat\u00e9riaux d\u2019ornementation, gabions, enrochements sur commande\u2026 <\/p>\n\n\n\n<div class=\"wp-block-image\"><figure class=\"aligncenter is-resized\"><img loading=\"lazy\" decoding=\"async\" data-attachment-id=\"172\" data-permalink=\"https:\/\/patrimoine-avesnois.fr\/chemin\/baives\/1280px-baives_nord_fr_eglise_chevet\/\" data-orig-file=\"https:\/\/i0.wp.com\/patrimoine-avesnois.fr\/chemin\/wp-content\/uploads\/2019\/03\/1280px-Baives_Nord_Fr_%C3%A9glise_chevet.jpg?fit=1280%2C960&amp;ssl=1\" data-orig-size=\"1280,960\" data-comments-opened=\"1\" data-image-meta=\"{&quot;aperture&quot;:&quot;0&quot;,&quot;credit&quot;:&quot;&quot;,&quot;camera&quot;:&quot;&quot;,&quot;caption&quot;:&quot;&quot;,&quot;created_timestamp&quot;:&quot;1553188406&quot;,&quot;copyright&quot;:&quot;&quot;,&quot;focal_length&quot;:&quot;0&quot;,&quot;iso&quot;:&quot;0&quot;,&quot;shutter_speed&quot;:&quot;0&quot;,&quot;title&quot;:&quot;&quot;,&quot;orientation&quot;:&quot;1&quot;}\" data-image-title=\"1280px-Baives_(Nord,_Fr)_\u00e9glise,_chevet\" data-image-description=\"\" data-image-caption=\"\" data-large-file=\"https:\/\/i0.wp.com\/patrimoine-avesnois.fr\/chemin\/wp-content\/uploads\/2019\/03\/1280px-Baives_Nord_Fr_%C3%A9glise_chevet.jpg?fit=840%2C630&amp;ssl=1\" src=\"https:\/\/i2.wp.com\/patrimoine-avesnois.fr\/chemin\/wp-content\/uploads\/2019\/03\/1280px-Baives_Nord_Fr_\u00e9glise_chevet.jpg?w=1280\" alt=\"\" class=\"wp-image-172\" width=\"475\" height=\"357\" srcset=\"https:\/\/i0.wp.com\/patrimoine-avesnois.fr\/chemin\/wp-content\/uploads\/2019\/03\/1280px-Baives_Nord_Fr_%C3%A9glise_chevet.jpg?w=1280&amp;ssl=1 1280w, https:\/\/i0.wp.com\/patrimoine-avesnois.fr\/chemin\/wp-content\/uploads\/2019\/03\/1280px-Baives_Nord_Fr_%C3%A9glise_chevet.jpg?resize=300%2C225&amp;ssl=1 300w, https:\/\/i0.wp.com\/patrimoine-avesnois.fr\/chemin\/wp-content\/uploads\/2019\/03\/1280px-Baives_Nord_Fr_%C3%A9glise_chevet.jpg?resize=768%2C576&amp;ssl=1 768w, https:\/\/i0.wp.com\/patrimoine-avesnois.fr\/chemin\/wp-content\/uploads\/2019\/03\/1280px-Baives_Nord_Fr_%C3%A9glise_chevet.jpg?resize=1024%2C768&amp;ssl=1 1024w, https:\/\/i0.wp.com\/patrimoine-avesnois.fr\/chemin\/wp-content\/uploads\/2019\/03\/1280px-Baives_Nord_Fr_%C3%A9glise_chevet.jpg?resize=1200%2C900&amp;ssl=1 1200w\" sizes=\"auto, (max-width: 475px) 85vw, 475px\" \/><figcaption>L&rsquo;\u00e9glise de Baives<\/figcaption><\/figure><\/div>\n\n\n\n<p>A Baives y affleure l&rsquo;ancien massif coralien (Les Monts de Baives). Ici aussi ce calcaire de couleur bleu-gris \u00e9tait tr\u00e8s pr\u00e9sent comme en t\u00e9moigne la ma\u00e7onnerie en moellons de pierre bleue de l&rsquo;\u00e9glise St Martin.<\/p>\n\n\n\n<p class=\"has-text-color has-bright-blue-color\"><em>L&rsquo;axe Marbaix-Sars Poteries<\/em><\/p>\n\n\n\n<div class=\"wp-block-image\"><figure class=\"aligncenter is-resized\"><img data-recalc-dims=\"1\" loading=\"lazy\" decoding=\"async\" src=\"https:\/\/i0.wp.com\/images-02.delcampe-static.net\/img_large\/auction\/000\/581\/759\/901_001.jpg?resize=475%2C310&#038;ssl=1\" alt=\"59 - Carri\u00e8res De La Thi\u00e9rache, MARBAIX. Beau Plan, Rare CPA Ayant Circul\u00e9 En 1913. BE. - Autres Communes\" width=\"475\" height=\"310\"\/><figcaption>Carri\u00e8re \u00e0 Marbaix<\/figcaption><\/figure><\/div>\n\n\n\n<p>Historiquement  \u00ab le terme Pierre Bleue d\u00e9signait le Petit Granit \u00bb. Ce calcaire constitu\u00e9 principalement d\u2019une v\u00e9ritable \u00ab pur\u00e9e \u00bb d\u2019articles d\u2019encrines (calcaire crino\u00efdique), se pr\u00eate pratiquement \u00e0 toutes les tailles. D\u2019un \u00e2ge l\u00e9g\u00e8rement diff\u00e9rent de celui de Soignies, le petit granit de l\u2019Avesnois a \u00e9t\u00e9 largement exploit\u00e9 sur Marbaix. On y a compt\u00e9 jusqu&rsquo;\u00e0 18 carri\u00e8res. <\/p>\n\n\n\n<div class=\"wp-block-image\"><figure class=\"aligncenter is-resized\"><img data-recalc-dims=\"1\" loading=\"lazy\" decoding=\"async\" data-attachment-id=\"10292\" data-permalink=\"https:\/\/patrimoine-avesnois.fr\/chemin\/pierre-bleue-et-marbre-de-lavesnois\/image-1677\/\" data-orig-file=\"https:\/\/i0.wp.com\/patrimoine-avesnois.fr\/chemin\/wp-content\/uploads\/2020\/04\/image-7.png?fit=210%2C332&amp;ssl=1\" data-orig-size=\"210,332\" data-comments-opened=\"1\" data-image-meta=\"{&quot;aperture&quot;:&quot;0&quot;,&quot;credit&quot;:&quot;&quot;,&quot;camera&quot;:&quot;&quot;,&quot;caption&quot;:&quot;&quot;,&quot;created_timestamp&quot;:&quot;0&quot;,&quot;copyright&quot;:&quot;&quot;,&quot;focal_length&quot;:&quot;0&quot;,&quot;iso&quot;:&quot;0&quot;,&quot;shutter_speed&quot;:&quot;0&quot;,&quot;title&quot;:&quot;&quot;,&quot;orientation&quot;:&quot;0&quot;}\" data-image-title=\"image\" data-image-description=\"\" data-image-caption=\"\" data-large-file=\"https:\/\/i0.wp.com\/patrimoine-avesnois.fr\/chemin\/wp-content\/uploads\/2020\/04\/image-7.png?fit=210%2C332&amp;ssl=1\" src=\"https:\/\/i0.wp.com\/patrimoine-avesnois.fr\/chemin\/wp-content\/uploads\/2020\/04\/image-7.png?resize=341%2C539\" alt=\"\" class=\"wp-image-10292\" width=\"341\" height=\"539\" srcset=\"https:\/\/i0.wp.com\/patrimoine-avesnois.fr\/chemin\/wp-content\/uploads\/2020\/04\/image-7.png?w=210&amp;ssl=1 210w, https:\/\/i0.wp.com\/patrimoine-avesnois.fr\/chemin\/wp-content\/uploads\/2020\/04\/image-7.png?resize=190%2C300&amp;ssl=1 190w\" sizes=\"auto, (max-width: 341px) 85vw, 341px\" \/><figcaption>Explication de la carte g\u00e9ologique de la France par Dufr\u00e9noy &amp; Elie de Beaumont <\/figcaption><\/figure><\/div>\n\n\n\n<p>Les ing\u00e9nieurs des mines Dufr\u00e9noy &amp; Elie de Beaumont qui jou\u00e8rent un r\u00f4le majeur dans la g\u00e9ologie fran\u00e7aise indiquent qu&rsquo;\u00e0 Marbaix \u00ab on trouve des carri\u00e8res consid\u00e9rables, ou plut\u00f4t une longue s\u00e9rie de carri\u00e8res ouvertes sur l\u2019affleurement des couches du calcaire carbonif\u00e8re, et qui sont c\u00e9l\u00e8bres depuis longtemps comme fournissant des pierres de taille qu\u2019on transporte jusqu\u2019\u00e0 une grande distance\u2026 Le calcaire a g\u00e9n\u00e9ralement la teinte d\u2019un noir bleu\u00e2tre qui le fait d\u00e9signer sous le nom de calcaire bleu \u00bb. Ils y ajoutent que certains bancs contiennent des cherts et \u00ab d\u2019autres sont remplis d\u2019entroques, au point de prendre la structure connue sous la d\u00e9nomination de petit granite, et de ressembler compl\u00e8tement au petit granite des Ecaussinnes et \u00e0 celui de Ferri\u00e8re-la-Petite.\u00bb (Explication de la Carte G\u00e9ologique de la France\u2026 Dufr\u00e9noy &amp; Elie de Beaumont 1841-1848).<\/p>\n\n\n\n<div class=\"wp-block-image\"><figure class=\"aligncenter is-resized\"><img loading=\"lazy\" decoding=\"async\" data-attachment-id=\"6039\" data-permalink=\"https:\/\/patrimoine-avesnois.fr\/chemin\/marbaix\/image-892\/\" data-orig-file=\"https:\/\/i0.wp.com\/patrimoine-avesnois.fr\/chemin\/wp-content\/uploads\/2019\/06\/image-86.png?fit=684%2C924&amp;ssl=1\" data-orig-size=\"684,924\" data-comments-opened=\"1\" data-image-meta=\"{&quot;aperture&quot;:&quot;0&quot;,&quot;credit&quot;:&quot;&quot;,&quot;camera&quot;:&quot;&quot;,&quot;caption&quot;:&quot;&quot;,&quot;created_timestamp&quot;:&quot;0&quot;,&quot;copyright&quot;:&quot;&quot;,&quot;focal_length&quot;:&quot;0&quot;,&quot;iso&quot;:&quot;0&quot;,&quot;shutter_speed&quot;:&quot;0&quot;,&quot;title&quot;:&quot;&quot;,&quot;orientation&quot;:&quot;0&quot;}\" data-image-title=\"image\" data-image-description=\"\" data-image-caption=\"\" data-large-file=\"https:\/\/i0.wp.com\/patrimoine-avesnois.fr\/chemin\/wp-content\/uploads\/2019\/06\/image-86.png?fit=684%2C924&amp;ssl=1\" src=\"https:\/\/i0.wp.com\/patrimoine-avesnois.fr\/chemin\/wp-content\/uploads\/2019\/06\/image-86.png?w=684\" alt=\"\" class=\"wp-image-6039\" width=\"370\" height=\"500\" srcset=\"https:\/\/i0.wp.com\/patrimoine-avesnois.fr\/chemin\/wp-content\/uploads\/2019\/06\/image-86.png?w=684&amp;ssl=1 684w, https:\/\/i0.wp.com\/patrimoine-avesnois.fr\/chemin\/wp-content\/uploads\/2019\/06\/image-86.png?resize=222%2C300&amp;ssl=1 222w\" sizes=\"auto, (max-width: 370px) 85vw, 370px\" \/><figcaption>Un exemple de pierre bleue : le porche d\u2019entr\u00e9e de l\u2019\u00e9glise de Marbaix<\/figcaption><\/figure><\/div>\n\n\n\n<p>Le b\u00e2ti de ce village est une illustration de la place qu&rsquo;occupa autrefois ce mat\u00e9riau dans les constructions de b\u00e2timents. Aujurd&rsquo;hui Leclercq P\u00e8re et fils sont les deux seuls tailleurs de pierre \u00e0 Marbaix.<br>Sur l&rsquo;axe Marbaix Sars Poteries, se trouve Saint-Hilaire-sur-Helpe et Haut-Lieu o\u00f9 l&rsquo;on continue de nos jours \u00e0 extraire de la pierre bleue pour en faire des granulats (carri\u00e8re Bocahut). Signalons qu&rsquo;\u00e0 proximit\u00e9 de Sars-Poteries et plus exactement \u00e0 Felleries un atelier \u2013 El\u00e9gance Pierre bleue \u2013permet de d\u00e9couvrir les nombreuses r\u00e9alisations de Guy Harbonnier, \u00ab ma\u00eetre artisan \u00bb, tailleur de pierre, sculpteur.<\/p>\n\n\n\n<p class=\"has-text-color has-bright-blue-color\"><em>La ligne Bachant-Ferri\u00e8re la Petite <\/em><\/p>\n\n\n\n<p>A Bachant \u00ab les carri\u00e8res de marbre sont au nombre de quatre. Les blocs y sont consid\u00e9rables et sont r\u00e9duits, pour le transport et le sciage, en fragmens d&rsquo;un m\u00e8tre cube \u00bb(Annuaire statistique du d\u00e9partement du Nord  1836 ).<br>Dufrenoy et Elie de Beaumont (1841) qui se r\u00e9f\u00e8rent \u00e0 Poirier de Saint-Brice signalent que \u00ab les carri\u00e8res de Saint-Remi-mal-B\u00e2ti et Bachant fournissent un marbre d\u2019un beau noir fonc\u00e9, analogue \u00e0 celui de Dinant \u00bb. <br>\u00ab Ce facies sp\u00e9cial est caract\u00e9ristique de la bande vis\u00e9enne de Ferri\u00e8re-la-Petite. H. Derville (1952), a \u00e9tudi\u00e9 ce calcaire du point de vue s\u00e9dimentologique, notamment dans la carri\u00e8re Adam (abandonn\u00e9e et en voie de disparition), dans la carri\u00e8re Lebrun sur la rive droite du ruisseau Glimour, dans la carri\u00e8re Cuisset \u00e0 Eclaibes et, derri\u00e8re la gare de Ferri\u00e8re-la-Petite, dans la carri\u00e8re Mercier. Une \u00e9tude semblable a \u00e9t\u00e9 men\u00e9e par B. Mamet (1964) qui nous livre quelques informations compl\u00e9mentaires : les carri\u00e8res Adam et de Tripette (ou Lhoripette) n\u2019offrent plus aucune coupe. La carri\u00e8re Lebrun \u00e9tait exploit\u00e9e par M. Lequeux jusqu\u2019en 1962. Les carri\u00e8res Cuisset et Mercier, \u00e9taient abandonn\u00e9es mais offraient de bonnes coupes g\u00e9ologiques \u00bb. ( Les Marbres du Nord de la France et du Boulonnais Prof.Dr. Eric Groessens, G\u00e9ologue europ\u00e9en ).<br>Hubert Reboul est tailleur de pierre  \u00e0 Ferri\u00e8re la Petite, tansformant cette mati\u00e8re brute, naturellement grise aux reflets bleut\u00e9s, en escaliers, \u00e9viers, parterres de douche, bo\u00eetes aux lettres\u2026<\/p>\n\n\n\n<div class=\"wp-block-image\"><figure class=\"aligncenter is-resized\"><img data-recalc-dims=\"1\" loading=\"lazy\" decoding=\"async\" data-attachment-id=\"10296\" data-permalink=\"https:\/\/patrimoine-avesnois.fr\/chemin\/pierre-bleue-et-marbre-de-lavesnois\/image-1679\/\" data-orig-file=\"https:\/\/i0.wp.com\/patrimoine-avesnois.fr\/chemin\/wp-content\/uploads\/2020\/04\/image-9.png?fit=440%2C622&amp;ssl=1\" data-orig-size=\"440,622\" data-comments-opened=\"1\" data-image-meta=\"{&quot;aperture&quot;:&quot;0&quot;,&quot;credit&quot;:&quot;&quot;,&quot;camera&quot;:&quot;&quot;,&quot;caption&quot;:&quot;&quot;,&quot;created_timestamp&quot;:&quot;0&quot;,&quot;copyright&quot;:&quot;&quot;,&quot;focal_length&quot;:&quot;0&quot;,&quot;iso&quot;:&quot;0&quot;,&quot;shutter_speed&quot;:&quot;0&quot;,&quot;title&quot;:&quot;&quot;,&quot;orientation&quot;:&quot;0&quot;}\" data-image-title=\"image\" data-image-description=\"\" data-image-caption=\"\" data-large-file=\"https:\/\/i0.wp.com\/patrimoine-avesnois.fr\/chemin\/wp-content\/uploads\/2020\/04\/image-9.png?fit=440%2C622&amp;ssl=1\" src=\"https:\/\/i0.wp.com\/patrimoine-avesnois.fr\/chemin\/wp-content\/uploads\/2020\/04\/image-9.png?resize=330%2C467\" alt=\"\" class=\"wp-image-10296\" width=\"330\" height=\"467\" srcset=\"https:\/\/i0.wp.com\/patrimoine-avesnois.fr\/chemin\/wp-content\/uploads\/2020\/04\/image-9.png?w=440&amp;ssl=1 440w, https:\/\/i0.wp.com\/patrimoine-avesnois.fr\/chemin\/wp-content\/uploads\/2020\/04\/image-9.png?resize=212%2C300&amp;ssl=1 212w\" sizes=\"auto, (max-width: 330px) 85vw, 330px\" \/><\/figure><\/div>\n\n\n\n<p>A Limont-Fontaine, une carri\u00e8re est exploit\u00e9e par la Societ\u00e9 des Carri\u00e8res du Bassin de la Sambre (C.B.S.).  \u00ab Elle est ouverte dans un synclinal droit dessin\u00e9 par les calcaires massifs de la Formation de Neffe, et ceux, finement lit\u00e9s, de la Formation de Lives. Toutes deux sont dat\u00e9es pal\u00e9ontologiquement (Foraminiferes, Ostracodes, Coraux) du Viseen moyen \u00e0 sup\u00e9rieur (Mansy et al., 1989). L&rsquo;int\u00e9r\u00eat de cette carriere est de montrer des structures d&rsquo;instabilit\u00e9 syns\u00e9dimentaire (slumps, failles obliques, breches). La difficult\u00e9 majeure de cette carriere est de restituer Ia g\u00e9ometrie pr\u00e9cise de ces structures, en prenant en compte Ia part de Ia d\u00e9formation varisque ulterieure \u00bb ( Bulletin de la Soci\u00e9t\u00e9 d&rsquo;histoire naturelle des Ardennes 1989 ).De nos jours la carri\u00e8re de Limont-fontaine exploite un gisement calcaire dont la transformation en granulats est destin\u00e9e aux industries des travaux publics et du b\u00e2timent. <\/p>\n\n\n\n<p class=\"has-text-color has-bright-blue-color\"><em>Le secteur Etroeungt Avesnes<\/em><\/p>\n\n\n\n<div class=\"wp-block-image\"><figure class=\"aligncenter is-resized\"><img data-recalc-dims=\"1\" loading=\"lazy\" decoding=\"async\" src=\"https:\/\/i0.wp.com\/images-04.delcampe-static.net\/img_large\/auction\/000\/186\/899\/073_001.jpg?resize=482%2C334&#038;ssl=1\" alt=\"Cpa, Etroeungt (Nord), Ancienne Carri\u00e8re Du Parc, Anim\u00e9e - France\" width=\"482\" height=\"334\"\/><figcaption>Ancienne carri\u00e8re du Parc \u00e0 Etroeungt<\/figcaption><\/figure><\/div>\n\n\n\n<p>Etr\u0153ungt poss\u00e9dait \u00e9galement au milieu du XIX e si\u00e8cle des carri\u00e8res importantes de pierres \u00e0 b\u00e2tir qui occupaient un assez grand nombre d&rsquo;ouvriers (Annuaire statistique du d\u00e9partement du Nord &#8211; 1836).<br> En conclusion, m\u00eame si la pierre bleue se manifeste encore aujourd&rsquo;hui dans l&rsquo;architecture, son extraction ne se fait plus sur le teritoire et son activit\u00e9 artisanale a bien disparu \u00e0 l&rsquo;exception de celle de quelques  tailleurs de pierre qui font encore valoir leur savoir-faire. <\/p>\n\n\n\n<p><\/p>\n\n\n\n<p class=\"has-text-color has-bright-red-color\">LES MARBRES DE L&rsquo;AVESNOIS<\/p>\n\n\n\n<p>A l&rsquo;instar de la pierre bleue, le marbre est \u00e9galement pr\u00e9sent dans le riche sous sol de notre r\u00e9gion et se pr\u00e9sente sous diverses couleurs. Ainsi on le retrouve dans la r\u00e9gion de Cousolre, d&rsquo;Etroeungt, dans la vall\u00e9e de l&rsquo;Hogneau mais aussi \u00e0 Dourlers ou bien encore \u00e0 Tr\u00e9lon, Glageon et Liessies<\/p>\n\n\n\n<p class=\"has-text-color has-bright-red-color\"><em>Cousolre<\/em><\/p>\n\n\n\n<p>A la fin du XVIII\u00e8me si\u00e8cle, la r\u00e9gion de Cousolre \u00e9tait un important centre marbrier. En 1787 le chapitre de Maubeuge y d\u00e9tenait deux carri\u00e8res, l&rsquo;une accord\u00e9e en bail \u00e0 Maximilien Lecat, pour 3 ans, et l&rsquo;autre conc\u00e9d\u00e9e aux sieurs A. Durieux et J. Boise \u00able long de la pied sente de Coulmie\u00bb (L\u2019industrie du Marbre au XIX\u00b0 si\u00e8cle \u00e0 Cousolre. M\u00e9m. Soc. Arch.Hist.Arrond. Avesnes, t XXVII, pp. 87- 111 Jean Heuclin 1980).<br>En 1798, le citoyen Friand, ma\u00eetre de carri\u00e8re \u00e0 Renlies, acheta un b\u00e2timent \u00e0 Cousolre et le transforma en scierie de marbre. Sur ce site on y extrayait le marbre Ste Anne de couleur gris brun tachet\u00e9 de blanc, un marbre noir semblable \u00e0 celui de Dinant, et un marbre rouge parsem\u00e9 de polypiers.<br>A la fin de l&rsquo;Empire, les mesures de protectionnisme avec l&rsquo;\u00e9l\u00e9vation des droits de douane sur les marbres travaill\u00e9s import\u00e9s en France provoqu\u00e8rent l&rsquo;\u00e9tablissement de nombreux ateliers de  marbriers belges \u00e0 Cousolre. Avec les d\u00e9chets du sciage et en important des marbres belges bruts, il confectionn\u00e8rent des chemin\u00e9es simples, dites capucines pour le march\u00e9 fran\u00e7ais.(Jean Heuclin)<\/p>\n\n\n\n<div class=\"wp-block-image\"><figure class=\"aligncenter is-resized\"><img data-recalc-dims=\"1\" loading=\"lazy\" decoding=\"async\" data-attachment-id=\"10297\" data-permalink=\"https:\/\/patrimoine-avesnois.fr\/chemin\/pierre-bleue-et-marbre-de-lavesnois\/image-1680\/\" data-orig-file=\"https:\/\/i0.wp.com\/patrimoine-avesnois.fr\/chemin\/wp-content\/uploads\/2020\/04\/image-10.png?fit=567%2C295&amp;ssl=1\" data-orig-size=\"567,295\" data-comments-opened=\"1\" data-image-meta=\"{&quot;aperture&quot;:&quot;0&quot;,&quot;credit&quot;:&quot;&quot;,&quot;camera&quot;:&quot;&quot;,&quot;caption&quot;:&quot;&quot;,&quot;created_timestamp&quot;:&quot;0&quot;,&quot;copyright&quot;:&quot;&quot;,&quot;focal_length&quot;:&quot;0&quot;,&quot;iso&quot;:&quot;0&quot;,&quot;shutter_speed&quot;:&quot;0&quot;,&quot;title&quot;:&quot;&quot;,&quot;orientation&quot;:&quot;0&quot;}\" data-image-title=\"image\" data-image-description=\"\" data-image-caption=\"\" data-large-file=\"https:\/\/i0.wp.com\/patrimoine-avesnois.fr\/chemin\/wp-content\/uploads\/2020\/04\/image-10.png?fit=567%2C295&amp;ssl=1\" src=\"https:\/\/i0.wp.com\/patrimoine-avesnois.fr\/chemin\/wp-content\/uploads\/2020\/04\/image-10.png?resize=526%2C274\" alt=\"\" class=\"wp-image-10297\" width=\"526\" height=\"274\" srcset=\"https:\/\/i0.wp.com\/patrimoine-avesnois.fr\/chemin\/wp-content\/uploads\/2020\/04\/image-10.png?w=567&amp;ssl=1 567w, https:\/\/i0.wp.com\/patrimoine-avesnois.fr\/chemin\/wp-content\/uploads\/2020\/04\/image-10.png?resize=300%2C156&amp;ssl=1 300w\" sizes=\"auto, (max-width: 526px) 85vw, 526px\" \/><figcaption>Marbrerie H\u00e9naut \u00e0 Cousolre<\/figcaption><\/figure><\/div>\n\n\n\n<p>En 1830, on comptait \u00e0 Cousolre 3 grands ateliers, fond\u00e9s par des Belges, et pr\u00e8s d\u2019une dizaine de petits. <\/p>\n\n\n\n<div class=\"wp-block-image\"><figure class=\"aligncenter is-resized\"><img data-recalc-dims=\"1\" loading=\"lazy\" decoding=\"async\" data-attachment-id=\"10298\" data-permalink=\"https:\/\/patrimoine-avesnois.fr\/chemin\/pierre-bleue-et-marbre-de-lavesnois\/image-1681\/\" data-orig-file=\"https:\/\/i0.wp.com\/patrimoine-avesnois.fr\/chemin\/wp-content\/uploads\/2020\/04\/image-11.png?fit=534%2C346&amp;ssl=1\" data-orig-size=\"534,346\" data-comments-opened=\"1\" data-image-meta=\"{&quot;aperture&quot;:&quot;0&quot;,&quot;credit&quot;:&quot;&quot;,&quot;camera&quot;:&quot;&quot;,&quot;caption&quot;:&quot;&quot;,&quot;created_timestamp&quot;:&quot;0&quot;,&quot;copyright&quot;:&quot;&quot;,&quot;focal_length&quot;:&quot;0&quot;,&quot;iso&quot;:&quot;0&quot;,&quot;shutter_speed&quot;:&quot;0&quot;,&quot;title&quot;:&quot;&quot;,&quot;orientation&quot;:&quot;0&quot;}\" data-image-title=\"image\" data-image-description=\"\" data-image-caption=\"\" data-large-file=\"https:\/\/i0.wp.com\/patrimoine-avesnois.fr\/chemin\/wp-content\/uploads\/2020\/04\/image-11.png?fit=534%2C346&amp;ssl=1\" src=\"https:\/\/i0.wp.com\/patrimoine-avesnois.fr\/chemin\/wp-content\/uploads\/2020\/04\/image-11.png?resize=526%2C341\" alt=\"\" class=\"wp-image-10298\" width=\"526\" height=\"341\" srcset=\"https:\/\/i0.wp.com\/patrimoine-avesnois.fr\/chemin\/wp-content\/uploads\/2020\/04\/image-11.png?w=534&amp;ssl=1 534w, https:\/\/i0.wp.com\/patrimoine-avesnois.fr\/chemin\/wp-content\/uploads\/2020\/04\/image-11.png?resize=300%2C194&amp;ssl=1 300w\" sizes=\"auto, (max-width: 526px) 85vw, 526px\" \/><figcaption>Marbrerie Vienne \u00e0 Cousolre<\/figcaption><\/figure><\/div>\n\n\n\n<p>Durant la p\u00e9riode 1840 -1850, l&rsquo;activit\u00e9 marbri\u00e8re conna\u00eet une v\u00e9ritable r\u00e9volution : on recense \u00e0 cette date 6 carri\u00e8res et scieries, 20 ateliers de chemin\u00e9es employant 600 ouvriers et 15 ateliers \u00e0 pendule avec 350 salari\u00e9s. Des chemin\u00e9es de style Henri II, Louis XIII et Louis XV sortent des ateliers pour aller orner les grands h\u00f4tels parisiens ainsi que de nombreux mod\u00e8les de pendule comme la \u00ab\u00a0Chateaubriand\u00a0\u00bb. L&rsquo;industrie marbri\u00e8re connait son apog\u00e9e entre 1870 et 1914. Les artisans de la pendule et de la bimbeloterie exp\u00e9diaient les 3\/5\u00e8me de la production vers l\u2019Angleterre et son Empire, 1\/5 vers les Am\u00e9riques et le reste sur Paris. En d\u00e9pit des deux guerres mondiales et des crises \u00e9conomiques successives l&rsquo;industrie du marbre surv\u00e9cut \u00e0 Cousolre jusqu&rsquo;\u00e0 la fin du XXe si\u00e8cle (Jean Heuclin).<\/p>\n\n\n\n<p class=\"has-text-color has-bright-red-color\">Etroeungt<\/p>\n\n\n\n<div class=\"wp-block-image\"><figure class=\"aligncenter is-resized\"><img data-recalc-dims=\"1\" loading=\"lazy\" decoding=\"async\" src=\"https:\/\/i0.wp.com\/images-03.delcampe-static.net\/img_large\/auction\/000\/303\/427\/123_001.jpg?resize=526%2C352&#038;ssl=1\" alt=\"59 ETROEUNGT ANCIENNE CARRIERE RUE SOLFERINO ANIME - Autres Communes\" width=\"526\" height=\"352\"\/><\/figure><\/div>\n\n\n\n<p>A LA fin du XVIII\u00e8me si\u00e8cle  Etroeungt \u00e9tait un centre marbrier important (marbre verd\u00e2tre et cendr\u00e9). <br>Cyprien Prosper Brard dans son \u00ab Trait\u00e9 des Pierres pr\u00e9cieuses, des porphyres, granits, marbres et alb\u00e2tres et autres roches propres \u00e0 recevoir le poli et \u00e0 orner les monuments Publics et les \u00e9difices particuliers (1808)\u00bb  mentionne les marbres br\u00e8ches d&rsquo;Estroeng-la-Rouillie. On appelle br\u00e8ches les marbres qui sont form\u00e9s par une multitude de fragments anguleux de diff\u00e9rens marbres r\u00e9unis par un ciment d&rsquo;une couleur quelconque. Le marbre br\u00e8che d&rsquo;Etroeungt La-Rouillie est compos\u00e9 de morceaux de marbre verd\u00e2tres et cendr\u00e9s. <\/p>\n\n\n\n<p class=\"has-text-color has-bright-red-color\"><em>La vall\u00e9e de l&rsquo;Hogneau <\/em><\/p>\n\n\n\n<p>Cette vall\u00e9e s&rsquo;illustre par la pierre bleue mais \u00e9galement par le marbre. Dans cette vall\u00e9e coule une rivi\u00e8re au bord de laquelle \u00e9taient install\u00e9es la plupart des marbreries.  A partir du XIX e si\u00e8cle jusqu&rsquo;aux ann\u00e9es 1950 ces nombreuses usines ont ainsi rythm\u00e9 la vie de ses villages .<\/p>\n\n\n\n<div class=\"wp-block-image\"><figure class=\"aligncenter is-resized\"><img data-recalc-dims=\"1\" loading=\"lazy\" decoding=\"async\" data-attachment-id=\"10301\" data-permalink=\"https:\/\/patrimoine-avesnois.fr\/chemin\/pierre-bleue-et-marbre-de-lavesnois\/chassis0-2\/\" data-orig-file=\"https:\/\/i0.wp.com\/patrimoine-avesnois.fr\/chemin\/wp-content\/uploads\/2020\/04\/Chassis0-1.jpg?fit=615%2C358&amp;ssl=1\" data-orig-size=\"615,358\" data-comments-opened=\"1\" data-image-meta=\"{&quot;aperture&quot;:&quot;0&quot;,&quot;credit&quot;:&quot;fr\\u00e9d\\u00e9ric carr\\u00e9&quot;,&quot;camera&quot;:&quot;&quot;,&quot;caption&quot;:&quot;&quot;,&quot;created_timestamp&quot;:&quot;1585933607&quot;,&quot;copyright&quot;:&quot;&quot;,&quot;focal_length&quot;:&quot;0&quot;,&quot;iso&quot;:&quot;0&quot;,&quot;shutter_speed&quot;:&quot;0&quot;,&quot;title&quot;:&quot;&quot;,&quot;orientation&quot;:&quot;1&quot;}\" data-image-title=\"Chassis0\" data-image-description=\"\" data-image-caption=\"\" data-large-file=\"https:\/\/i0.wp.com\/patrimoine-avesnois.fr\/chemin\/wp-content\/uploads\/2020\/04\/Chassis0-1.jpg?fit=615%2C358&amp;ssl=1\" src=\"https:\/\/i0.wp.com\/patrimoine-avesnois.fr\/chemin\/wp-content\/uploads\/2020\/04\/Chassis0-1.jpg?resize=522%2C304\" alt=\"\" class=\"wp-image-10301\" width=\"522\" height=\"304\" srcset=\"https:\/\/i0.wp.com\/patrimoine-avesnois.fr\/chemin\/wp-content\/uploads\/2020\/04\/Chassis0-1.jpg?w=615&amp;ssl=1 615w, https:\/\/i0.wp.com\/patrimoine-avesnois.fr\/chemin\/wp-content\/uploads\/2020\/04\/Chassis0-1.jpg?resize=300%2C175&amp;ssl=1 300w\" sizes=\"auto, (max-width: 522px) 85vw, 522px\" \/><figcaption>Armure ou Chassis <\/figcaption><\/figure><\/div>\n\n\n\n<div class=\"wp-block-image\"><figure class=\"aligncenter is-resized\"><img data-recalc-dims=\"1\" loading=\"lazy\" decoding=\"async\" data-attachment-id=\"10302\" data-permalink=\"https:\/\/patrimoine-avesnois.fr\/chemin\/pierre-bleue-et-marbre-de-lavesnois\/chassis-2\/\" data-orig-file=\"https:\/\/i0.wp.com\/patrimoine-avesnois.fr\/chemin\/wp-content\/uploads\/2020\/04\/Chassis-1.jpg?fit=621%2C328&amp;ssl=1\" data-orig-size=\"621,328\" data-comments-opened=\"1\" data-image-meta=\"{&quot;aperture&quot;:&quot;0&quot;,&quot;credit&quot;:&quot;fr\\u00e9d\\u00e9ric carr\\u00e9&quot;,&quot;camera&quot;:&quot;&quot;,&quot;caption&quot;:&quot;&quot;,&quot;created_timestamp&quot;:&quot;1585933665&quot;,&quot;copyright&quot;:&quot;&quot;,&quot;focal_length&quot;:&quot;0&quot;,&quot;iso&quot;:&quot;0&quot;,&quot;shutter_speed&quot;:&quot;0&quot;,&quot;title&quot;:&quot;&quot;,&quot;orientation&quot;:&quot;1&quot;}\" data-image-title=\"Chassis\" data-image-description=\"\" data-image-caption=\"\" data-large-file=\"https:\/\/i0.wp.com\/patrimoine-avesnois.fr\/chemin\/wp-content\/uploads\/2020\/04\/Chassis-1.jpg?fit=621%2C328&amp;ssl=1\" src=\"https:\/\/i0.wp.com\/patrimoine-avesnois.fr\/chemin\/wp-content\/uploads\/2020\/04\/Chassis-1.jpg?resize=547%2C288\" alt=\"\" class=\"wp-image-10302\" width=\"547\" height=\"288\" srcset=\"https:\/\/i0.wp.com\/patrimoine-avesnois.fr\/chemin\/wp-content\/uploads\/2020\/04\/Chassis-1.jpg?w=621&amp;ssl=1 621w, https:\/\/i0.wp.com\/patrimoine-avesnois.fr\/chemin\/wp-content\/uploads\/2020\/04\/Chassis-1.jpg?resize=300%2C158&amp;ssl=1 300w\" sizes=\"auto, (max-width: 547px) 85vw, 547px\" \/><figcaption>Armure ou chassis qui sevait \u00e0 d\u00e9biter des blocs en tranches<\/figcaption><\/figure><\/div>\n\n\n\n<p>\u00ab Progressivement de 1815 \u00e0 1848 l\u2019industrie marbri\u00e8re va s\u2019implanter solidement dans la vall\u00e9e de l\u2019Hogneau. Ce sera d\u2019abord de petites scieries \u00e0 bras ou avec des chassis \u00e0 4 lames, elles s\u2019installent souvent \u00e0 l\u2019emplacement des moulins et plus tard de forges abandonn\u00e9es. La force motrice s\u2019imposant, les armures comptent davantage de lames m\u00e9talliques parall\u00e8les.(\u2026) Une scierie s\u2019installe en 1820 \u00e0 Saint-Waast-la-Vall\u00e9e ; une autre en 1822 \u00e0 Gussignies et vers 1830 \u00e0 Houdain . Bellignies va b\u00e9n\u00e9ficier du d\u00e9veloppement de l\u2019industrie et d\u00e8s 1835 les actes d\u2019\u00e9tat-civil indiquent de plus en plus de professions se rattachant au travail du marbre : Scieur, marbrier, polisseur\u2026 Ils sont en g\u00e9n\u00e9ral n\u00e9s en Belgique. A cette \u00e9poque o\u00f9 le machinisme en est \u00e0 ses balbutiements, va se cr\u00e9er dans toute la vall\u00e9e un artisanat familial \u00e0 domicile qui se prolongera pendant plus de cinquante ans. Les hommes pratiquent le d\u00e9coupage \u00e0 l\u2019\u00e9paule, taillent et usent le marbre avec des moyens encore primitifs : burins, gravelots, percent les pi\u00e8ces \u00e0 l\u2019aide de l\u2019archet. Ils fabriquent eux-m\u00eames les instruments n\u00e9cessaires pour travailler et adoucir. Les femmes, les enfants polissent, \u00e0 la main ce qui demande beaucoup de temps, de patience, d\u2019esprit d\u2019initiative et d\u2019observation. Le polissage n\u00e9cessite de nombreuses op\u00e9rations : emploi de quatre sortes de pierres de plus en plus tendres, du bouchon de bois, d\u2019acide oxalique, d\u00e9meri \u00e0 adoucir, de produits divers, dont chacun gardait un peu le secret, appliqu\u00e9s en frottant avec \u00e9nergie pour faire dispara\u00eetre la petite asp\u00e9rit\u00e9, venait enfin la cire d\u2019abeille imbib\u00e9e d\u2019essence de t\u00e9r\u00e9benthine pour obtenir un brillant durable. Les marbres noirs extraits des carri\u00e8res de Hon-Hergies sont particuli\u00e8rement difficiles \u00e0 polir et demandent une grande exp\u00e9rience \u00bb(Carriers, Marbriers, Chaufourniers de la Vall\u00e9e de l\u2019Hogneau. Avit Duronsoy. Catalogue de l\u2019Exposition du Marbre de 1979, Com.du Tourisme de Bellignies, 20 pages.)<\/p>\n\n\n\n<div class=\"wp-block-image\"><figure class=\"aligncenter\"><img data-recalc-dims=\"1\" loading=\"lazy\" decoding=\"async\" width=\"469\" height=\"208\" data-attachment-id=\"10317\" data-permalink=\"https:\/\/patrimoine-avesnois.fr\/chemin\/pierre-bleue-et-marbre-de-lavesnois\/image-1690\/\" data-orig-file=\"https:\/\/i0.wp.com\/patrimoine-avesnois.fr\/chemin\/wp-content\/uploads\/2020\/04\/image-20.png?fit=469%2C208&amp;ssl=1\" data-orig-size=\"469,208\" data-comments-opened=\"1\" data-image-meta=\"{&quot;aperture&quot;:&quot;0&quot;,&quot;credit&quot;:&quot;&quot;,&quot;camera&quot;:&quot;&quot;,&quot;caption&quot;:&quot;&quot;,&quot;created_timestamp&quot;:&quot;0&quot;,&quot;copyright&quot;:&quot;&quot;,&quot;focal_length&quot;:&quot;0&quot;,&quot;iso&quot;:&quot;0&quot;,&quot;shutter_speed&quot;:&quot;0&quot;,&quot;title&quot;:&quot;&quot;,&quot;orientation&quot;:&quot;0&quot;}\" data-image-title=\"image\" data-image-description=\"\" data-image-caption=\"\" data-large-file=\"https:\/\/i0.wp.com\/patrimoine-avesnois.fr\/chemin\/wp-content\/uploads\/2020\/04\/image-20.png?fit=469%2C208&amp;ssl=1\" src=\"https:\/\/i0.wp.com\/patrimoine-avesnois.fr\/chemin\/wp-content\/uploads\/2020\/04\/image-20.png?resize=469%2C208\" alt=\"\" class=\"wp-image-10317\" srcset=\"https:\/\/i0.wp.com\/patrimoine-avesnois.fr\/chemin\/wp-content\/uploads\/2020\/04\/image-20.png?w=469&amp;ssl=1 469w, https:\/\/i0.wp.com\/patrimoine-avesnois.fr\/chemin\/wp-content\/uploads\/2020\/04\/image-20.png?resize=300%2C133&amp;ssl=1 300w\" sizes=\"auto, (max-width: 469px) 85vw, 469px\" \/><figcaption>Le Saint Anne <\/figcaption><\/figure><\/div>\n\n\n\n<p>A Bellignies le mus\u00e9e du marbre et de la pierre bleue retrace l&rsquo;histoire de ce pass\u00e9 marbrier. Si la vingtaine de marbreries ont depuis longtemps disparues, le mus\u00e9e dispose cependant d&rsquo;une jolie collection d&rsquo;oeuvres qui se faisaient \u00e0 la fin du XIX et au d\u00e9but du XX e si\u00e8cle : bibelots, vases, et surtout horloges et pendules. L&rsquo;activit\u00e9 de ces derni\u00e8res \u00e9tait importante, la pendule \u00e9tait alors une mode.<\/p>\n\n\n\n<div class=\"wp-block-image\"><figure class=\"aligncenter is-resized\"><img data-recalc-dims=\"1\" loading=\"lazy\" decoding=\"async\" data-attachment-id=\"10319\" data-permalink=\"https:\/\/patrimoine-avesnois.fr\/chemin\/pierre-bleue-et-marbre-de-lavesnois\/image-1691\/\" data-orig-file=\"https:\/\/i0.wp.com\/patrimoine-avesnois.fr\/chemin\/wp-content\/uploads\/2020\/04\/image-21.png?fit=340%2C315&amp;ssl=1\" data-orig-size=\"340,315\" data-comments-opened=\"1\" data-image-meta=\"{&quot;aperture&quot;:&quot;0&quot;,&quot;credit&quot;:&quot;&quot;,&quot;camera&quot;:&quot;&quot;,&quot;caption&quot;:&quot;&quot;,&quot;created_timestamp&quot;:&quot;0&quot;,&quot;copyright&quot;:&quot;&quot;,&quot;focal_length&quot;:&quot;0&quot;,&quot;iso&quot;:&quot;0&quot;,&quot;shutter_speed&quot;:&quot;0&quot;,&quot;title&quot;:&quot;&quot;,&quot;orientation&quot;:&quot;0&quot;}\" data-image-title=\"image\" data-image-description=\"\" data-image-caption=\"\" data-large-file=\"https:\/\/i0.wp.com\/patrimoine-avesnois.fr\/chemin\/wp-content\/uploads\/2020\/04\/image-21.png?fit=340%2C315&amp;ssl=1\" src=\"https:\/\/i0.wp.com\/patrimoine-avesnois.fr\/chemin\/wp-content\/uploads\/2020\/04\/image-21.png?resize=420%2C389\" alt=\"\" class=\"wp-image-10319\" width=\"420\" height=\"389\" srcset=\"https:\/\/i0.wp.com\/patrimoine-avesnois.fr\/chemin\/wp-content\/uploads\/2020\/04\/image-21.png?w=340&amp;ssl=1 340w, https:\/\/i0.wp.com\/patrimoine-avesnois.fr\/chemin\/wp-content\/uploads\/2020\/04\/image-21.png?resize=300%2C278&amp;ssl=1 300w\" sizes=\"auto, (max-width: 420px) 85vw, 420px\" \/><\/figure><\/div>\n\n\n\n<div class=\"wp-block-image\"><figure class=\"aligncenter is-resized\"><img data-recalc-dims=\"1\" loading=\"lazy\" decoding=\"async\" data-attachment-id=\"10320\" data-permalink=\"https:\/\/patrimoine-avesnois.fr\/chemin\/pierre-bleue-et-marbre-de-lavesnois\/image-1692\/\" data-orig-file=\"https:\/\/i0.wp.com\/patrimoine-avesnois.fr\/chemin\/wp-content\/uploads\/2020\/04\/image-22.png?fit=416%2C336&amp;ssl=1\" data-orig-size=\"416,336\" data-comments-opened=\"1\" data-image-meta=\"{&quot;aperture&quot;:&quot;0&quot;,&quot;credit&quot;:&quot;&quot;,&quot;camera&quot;:&quot;&quot;,&quot;caption&quot;:&quot;&quot;,&quot;created_timestamp&quot;:&quot;0&quot;,&quot;copyright&quot;:&quot;&quot;,&quot;focal_length&quot;:&quot;0&quot;,&quot;iso&quot;:&quot;0&quot;,&quot;shutter_speed&quot;:&quot;0&quot;,&quot;title&quot;:&quot;&quot;,&quot;orientation&quot;:&quot;0&quot;}\" data-image-title=\"image\" data-image-description=\"\" data-image-caption=\"\" data-large-file=\"https:\/\/i0.wp.com\/patrimoine-avesnois.fr\/chemin\/wp-content\/uploads\/2020\/04\/image-22.png?fit=416%2C336&amp;ssl=1\" src=\"https:\/\/i0.wp.com\/patrimoine-avesnois.fr\/chemin\/wp-content\/uploads\/2020\/04\/image-22.png?resize=425%2C343\" alt=\"\" class=\"wp-image-10320\" width=\"425\" height=\"343\" srcset=\"https:\/\/i0.wp.com\/patrimoine-avesnois.fr\/chemin\/wp-content\/uploads\/2020\/04\/image-22.png?w=416&amp;ssl=1 416w, https:\/\/i0.wp.com\/patrimoine-avesnois.fr\/chemin\/wp-content\/uploads\/2020\/04\/image-22.png?resize=300%2C242&amp;ssl=1 300w\" sizes=\"auto, (max-width: 425px) 85vw, 425px\" \/><\/figure><\/div>\n\n\n\n<p>On y travaillait des marbres venant du monde entier : les onyx, les marbres de Sienne, d&rsquo;Irlande, de Tinos \u2026. et le savoir-faire \u00e9tait d&rsquo;une extr\u00eame qualit\u00e9.<\/p>\n\n\n\n<div class=\"wp-block-image\"><figure class=\"aligncenter is-resized\"><img data-recalc-dims=\"1\" loading=\"lazy\" decoding=\"async\" src=\"https:\/\/i0.wp.com\/images-04.delcampe-static.net\/img_large\/auction\/000\/542\/129\/690_001.jpg?resize=482%2C310&#038;ssl=1\" alt=\"Hon Hergies Carri\u00e8re Canton Bavay - Autres Communes\" width=\"482\" height=\"310\"\/><figcaption>Carri\u00e8re Dieudonn\u00e9 \u00e0 Hon-Hergies<\/figcaption><\/figure><\/div>\n\n\n\n<div class=\"wp-block-image\"><figure class=\"aligncenter is-resized\"><img data-recalc-dims=\"1\" loading=\"lazy\" decoding=\"async\" src=\"https:\/\/i0.wp.com\/images-01.delcampe-static.net\/img_large\/auction\/000\/902\/480\/458_001.jpg?resize=483%2C318&#038;ssl=1\" alt=\"59 HON HERGIES Vue Des Magnifiques \u00e9tangs Dieudonn\u00e9 Blondeau - France\" width=\"483\" height=\"318\"\/><\/figure><\/div>\n\n\n\n<p>A Hon Hergies il y avait des carri\u00e8res de marbre noir (le \u00ab  Noir fran\u00e7ais \u00bb de cette r\u00e9gion) avec notamment la tr\u00e8s vaste carri\u00e8re Blondeau, ou Grande carri\u00e8re d\u2019Hergies, d\u00e9j\u00e0 exploit\u00e9e bien avant la R\u00e9volution ( Atlas et Description Min\u00e9ralogiques Gu\u00e9ttard et Monnet  1780). Elle s&rsquo;\u00e9tendait sur plus d&rsquo;un kilom\u00e8tre. La tr\u00e8s bonne qualit\u00e9 de ce marbre servait \u00e0 la confection de marches d&rsquo;escaliers, de chemin\u00e9es ou bien encore de bancs.<\/p>\n\n\n\n<div class=\"wp-block-image\"><figure class=\"aligncenter is-resized\"><img data-recalc-dims=\"1\" loading=\"lazy\" decoding=\"async\" src=\"https:\/\/i0.wp.com\/images-02.delcampe-static.net\/img_large\/auction\/000\/237\/446\/413_001.jpg?resize=290%2C365&#038;ssl=1\" alt=\"59 -Hon  Hergies -  Dieudonn\u00e9 Blondeau   - Catalogue  Chemin\u00e9es En Marbres Noirs  Fran\u00e7ais (  Non  Carte ) - Autres Communes\" width=\"290\" height=\"365\"\/><\/figure><\/div>\n\n\n\n<div class=\"wp-block-image\"><figure class=\"aligncenter is-resized\"><img data-recalc-dims=\"1\" loading=\"lazy\" decoding=\"async\" src=\"https:\/\/i0.wp.com\/images-00.delcampe-static.net\/img_large\/auction\/000\/820\/169\/539_001.jpg?resize=290%2C507&#038;ssl=1\" alt=\"HON-HERGIES PRES BAVAY DIEUDONNE BLONDEAU CHEMINEES EN MARBRES NOIRS FRANCAIS - Autres Communes\" width=\"290\" height=\"507\"\/><\/figure><\/div>\n\n\n\n<p>Il y avait aussi le marbre St Anne, ce joli marbre grisatre  qui garnissait notamment les belles commodes Louis Philippe. Ce St Anne se distinguait donc de celui de Cousolre et de celui de Tr\u00e9lon. Il fut exploit\u00e9 jusqu&rsquo;en 1955 (Le Marbre dans la R\u00e9gion du Nord. Paul Dumon Le Mausol\u00e9e, N\u00b0273, mai 1959 pp.627- 637).<\/p>\n\n\n\n<div class=\"wp-block-image\"><figure class=\"aligncenter is-resized\"><img data-recalc-dims=\"1\" loading=\"lazy\" decoding=\"async\" src=\"https:\/\/i0.wp.com\/images-00.delcampe-static.net\/img_large\/auction\/000\/390\/523\/583_001.jpg?resize=484%2C316&#038;ssl=1\" alt=\"GUSSIGNIES \u00e9tablissement De La Soci\u00e9t\u00e9 Marbri\u00e8re D'Avesnes Animation  Top Carte - France\" width=\"484\" height=\"316\"\/><figcaption>Soci\u00e9t\u00e9 marbri\u00e8re d&rsquo;Avesnes \u00e0 Gussignies<\/figcaption><\/figure><\/div>\n\n\n\n<p>A Gussignies se trouvait \u00e9galement des bancs de marbre noir. A Saint-Waast-la -Vall\u00e9e on trouvait dans la Carri\u00e8re Lucq du Noir vein\u00e9, du Noir mouchet\u00e9, du Noir uni, du Noir rubann\u00e9 etc.<br> Dans toute cette vall\u00e9e, comme dans la r\u00e9gion de Cousolre, l\u2019industrie marbri\u00e8re conna\u00eetra sa p\u00e9riode faste sous la III \u00e8me r\u00e9publique. Cependant la crise des ann\u00e9es 30 stoppera subitement les exportations des marbres vers les Etats-Unis et l\u2019Angleterre  et les entreprises disparaitront progressivement. <\/p>\n\n\n\n<p class=\"has-text-color has-bright-red-color\"><em>Ferri\u00e8re-la -Petite et Maubeuge<\/em><\/p>\n\n\n\n<p>Le St Anne ( gris,noir et blanc) \u00e9tait pr\u00e9sent dans ces deux communes. Pr\u00e8s de Maubeuge, \u00e0 Recquignies, le g\u00e9ologue belge Alphonse Beugnies signale en 1963 un r\u00e9cif de marbre rouge n&rsquo;ayant que 6,5 m d\u2019\u00e9paisseur.<\/p>\n\n\n\n<div class=\"wp-block-image\"><figure class=\"aligncenter is-resized\"><img data-recalc-dims=\"1\" loading=\"lazy\" decoding=\"async\" src=\"https:\/\/i0.wp.com\/images-01.delcampe-static.net\/img_large\/auction\/000\/743\/114\/504_001.jpg?resize=406%2C259&#038;ssl=1\" alt=\"59 JEUMONT  Carri\u00e8res De Walissart , Forges Et Bureaux - Jeumont\" width=\"406\" height=\"259\"\/><figcaption>Carri\u00e8re de Watissart \u00e0 Jeumont<\/figcaption><\/figure><\/div>\n\n\n\n<div class=\"wp-block-image\"><figure class=\"aligncenter is-resized\"><img data-recalc-dims=\"1\" loading=\"lazy\" decoding=\"async\" src=\"https:\/\/i0.wp.com\/images-01.delcampe-static.net\/img_large\/auction\/000\/963\/150\/239_001.jpg?resize=406%2C266&#038;ssl=1\" alt=\"JEUMONT CARRI\u00c8RES DE WATISSART CHARGEMENT DES WAGONNETS - Jeumont\" width=\"406\" height=\"266\"\/><figcaption>Carri\u00e8re de Watissart (pierres quartzites)<\/figcaption><\/figure><\/div>\n\n\n\n<p>A Jeumont une carri\u00e8re \u00e9tait exploit\u00e9e pour le compte du prince de Ligne en 1790 mais abandonn\u00e9e en 1900 (Monographie de la Marbrerie dans l\u2019Arrondissement d\u2019Avesnes Alfred Jennepin 1901).<\/p>\n\n\n\n<div class=\"wp-block-image\"><figure class=\"aligncenter\"><img data-recalc-dims=\"1\" loading=\"lazy\" decoding=\"async\" width=\"444\" height=\"218\" data-attachment-id=\"10307\" data-permalink=\"https:\/\/patrimoine-avesnois.fr\/chemin\/pierre-bleue-et-marbre-de-lavesnois\/image-1682\/\" data-orig-file=\"https:\/\/i0.wp.com\/patrimoine-avesnois.fr\/chemin\/wp-content\/uploads\/2020\/04\/image-12.png?fit=444%2C218&amp;ssl=1\" data-orig-size=\"444,218\" data-comments-opened=\"1\" data-image-meta=\"{&quot;aperture&quot;:&quot;0&quot;,&quot;credit&quot;:&quot;&quot;,&quot;camera&quot;:&quot;&quot;,&quot;caption&quot;:&quot;&quot;,&quot;created_timestamp&quot;:&quot;0&quot;,&quot;copyright&quot;:&quot;&quot;,&quot;focal_length&quot;:&quot;0&quot;,&quot;iso&quot;:&quot;0&quot;,&quot;shutter_speed&quot;:&quot;0&quot;,&quot;title&quot;:&quot;&quot;,&quot;orientation&quot;:&quot;0&quot;}\" data-image-title=\"image\" data-image-description=\"\" data-image-caption=\"\" data-large-file=\"https:\/\/i0.wp.com\/patrimoine-avesnois.fr\/chemin\/wp-content\/uploads\/2020\/04\/image-12.png?fit=444%2C218&amp;ssl=1\" src=\"https:\/\/i0.wp.com\/patrimoine-avesnois.fr\/chemin\/wp-content\/uploads\/2020\/04\/image-12.png?resize=444%2C218\" alt=\"\" class=\"wp-image-10307\" srcset=\"https:\/\/i0.wp.com\/patrimoine-avesnois.fr\/chemin\/wp-content\/uploads\/2020\/04\/image-12.png?w=444&amp;ssl=1 444w, https:\/\/i0.wp.com\/patrimoine-avesnois.fr\/chemin\/wp-content\/uploads\/2020\/04\/image-12.png?resize=300%2C147&amp;ssl=1 300w\" sizes=\"auto, (max-width: 444px) 85vw, 444px\" \/><\/figure><\/div>\n\n\n\n<p>En 1930 il y avait aussi \u00e0 Jeumont une marbrerie tenue par Edouard Rombaux-Roland sp\u00e9cialis\u00e9e dans les labradors, Sy\u00e9nites et Porphyres verts, bleus, rouges noirs. Le devis dont l&rsquo;ent\u00eate figure ci-dessus est adress\u00e9 \u00e0 un marbrier de Besan\u00e7on et concerne un monument en labrador vert nacr\u00e9 de Norv\u00e8ge. Quelques ann\u00e9es auparavant, \u00e0 savoir le 7 d\u00e9cembre 1922 cette soci\u00e9t\u00e9 passa un march\u00e9 de gr\u00e9 \u00e0 gr\u00e9 avec la mairie de Preuilly-la-Ville pour la fourniture d&rsquo;un monument au mort Granit Belge n\u00b0 1029 A RR. En voici une photo. Cette marbrerie importe donc ses marbres, confirmant ainsi la disparition totale de marbre \u00e0 Jeumont.<\/p>\n\n\n\n<div class=\"wp-block-image\"><figure class=\"aligncenter\"><img data-recalc-dims=\"1\" loading=\"lazy\" decoding=\"async\" width=\"335\" height=\"404\" data-attachment-id=\"10309\" data-permalink=\"https:\/\/patrimoine-avesnois.fr\/chemin\/pierre-bleue-et-marbre-de-lavesnois\/image-1684\/\" data-orig-file=\"https:\/\/i0.wp.com\/patrimoine-avesnois.fr\/chemin\/wp-content\/uploads\/2020\/04\/image-14.png?fit=335%2C404&amp;ssl=1\" data-orig-size=\"335,404\" data-comments-opened=\"1\" data-image-meta=\"{&quot;aperture&quot;:&quot;0&quot;,&quot;credit&quot;:&quot;&quot;,&quot;camera&quot;:&quot;&quot;,&quot;caption&quot;:&quot;&quot;,&quot;created_timestamp&quot;:&quot;0&quot;,&quot;copyright&quot;:&quot;&quot;,&quot;focal_length&quot;:&quot;0&quot;,&quot;iso&quot;:&quot;0&quot;,&quot;shutter_speed&quot;:&quot;0&quot;,&quot;title&quot;:&quot;&quot;,&quot;orientation&quot;:&quot;0&quot;}\" data-image-title=\"image\" data-image-description=\"\" data-image-caption=\"\" data-large-file=\"https:\/\/i0.wp.com\/patrimoine-avesnois.fr\/chemin\/wp-content\/uploads\/2020\/04\/image-14.png?fit=335%2C404&amp;ssl=1\" src=\"https:\/\/i0.wp.com\/patrimoine-avesnois.fr\/chemin\/wp-content\/uploads\/2020\/04\/image-14.png?resize=335%2C404\" alt=\"\" class=\"wp-image-10309\" srcset=\"https:\/\/i0.wp.com\/patrimoine-avesnois.fr\/chemin\/wp-content\/uploads\/2020\/04\/image-14.png?w=335&amp;ssl=1 335w, https:\/\/i0.wp.com\/patrimoine-avesnois.fr\/chemin\/wp-content\/uploads\/2020\/04\/image-14.png?resize=249%2C300&amp;ssl=1 249w\" sizes=\"auto, (max-width: 335px) 85vw, 335px\" \/><figcaption>Monument aux Morts de Preuilly-la-Ville<\/figcaption><\/figure><\/div>\n\n\n\n<p>Dans les ann\u00e9es 1950 Paul Dumon que nous avons cit\u00e9 plus haut, l&rsquo;ing\u00e9nieur g\u00e9ologue belge qui avait publi\u00e9, en deux tomes de la revue Le Mausol\u00e9e, La g\u00e9ologie des carri\u00e8res dirigeait la soci\u00e9t\u00e9 Les Marbres Fran\u00e7ais \u00e0 Jeumont.<\/p>\n\n\n\n<p class=\"has-text-color has-bright-red-color\"><em>La br\u00e8che de Dourlers<\/em><\/p>\n\n\n\n<p>Ce marbre est \u00e9galement cit\u00e9 par CP Brard en 1808. Il est form\u00e9 par la r\u00e9union d&rsquo;une multitude de fragments couleur cendr\u00e9e, blancs et plus g\u00e9n\u00e9ralement rougeatres. Il \u00e9tait utlis\u00e9 lors de la d\u00e9coration du ch\u00e2teau de Versailles. Il ne subsiste de nos jours aucune trace de cette industrie marbri\u00e8re. La carri\u00e8re de Berlaimont disposait de couches similaires ( Soci\u00e9t\u00e9 g\u00e9ologique de France,Session extraordinaire de 1853). Le Calcaire br\u00e9chiforme de Limont, pr\u00e9sentait les m\u00eames caract\u00e9ristiques ( Monographie de la Marbrerie dans l\u2019Arrondissement d\u2019Avesnes A Jennepin 1901)<\/p>\n\n\n\n<p class=\"has-text-color has-bright-red-color\"><em>Tr\u00e9lon<\/em><\/p>\n\n\n\n<p>A Tr\u00e9lon courant XVIII si\u00e8cle, de l&rsquo;exploitation de ces calcaires giv\u00e9tiens on tirait des marbres appel\u00e9s le Sainte Anne de Tr\u00e9lon (fonc\u00e9s vein\u00e9s de calcite blanche) .  <br>On exploitait \u00e9galement pr\u00e8s du bourg de Tr\u00e9lon un marbre rouge et jaun\u00e2tre qui recevait un assez beau poli ( Cyprien Prosper Brard 1808). <\/p>\n\n\n\n<div class=\"wp-block-image\"><figure class=\"aligncenter is-resized\"><img data-recalc-dims=\"1\" loading=\"lazy\" decoding=\"async\" data-attachment-id=\"10310\" data-permalink=\"https:\/\/patrimoine-avesnois.fr\/chemin\/pierre-bleue-et-marbre-de-lavesnois\/image-1685\/\" data-orig-file=\"https:\/\/i0.wp.com\/patrimoine-avesnois.fr\/chemin\/wp-content\/uploads\/2020\/04\/image-15.png?fit=579%2C379&amp;ssl=1\" data-orig-size=\"579,379\" data-comments-opened=\"1\" data-image-meta=\"{&quot;aperture&quot;:&quot;0&quot;,&quot;credit&quot;:&quot;&quot;,&quot;camera&quot;:&quot;&quot;,&quot;caption&quot;:&quot;&quot;,&quot;created_timestamp&quot;:&quot;0&quot;,&quot;copyright&quot;:&quot;&quot;,&quot;focal_length&quot;:&quot;0&quot;,&quot;iso&quot;:&quot;0&quot;,&quot;shutter_speed&quot;:&quot;0&quot;,&quot;title&quot;:&quot;&quot;,&quot;orientation&quot;:&quot;0&quot;}\" data-image-title=\"image\" data-image-description=\"\" data-image-caption=\"\" data-large-file=\"https:\/\/i0.wp.com\/patrimoine-avesnois.fr\/chemin\/wp-content\/uploads\/2020\/04\/image-15.png?fit=579%2C379&amp;ssl=1\" src=\"https:\/\/i0.wp.com\/patrimoine-avesnois.fr\/chemin\/wp-content\/uploads\/2020\/04\/image-15.png?resize=434%2C284\" alt=\"\" class=\"wp-image-10310\" width=\"434\" height=\"284\" srcset=\"https:\/\/i0.wp.com\/patrimoine-avesnois.fr\/chemin\/wp-content\/uploads\/2020\/04\/image-15.png?w=579&amp;ssl=1 579w, https:\/\/i0.wp.com\/patrimoine-avesnois.fr\/chemin\/wp-content\/uploads\/2020\/04\/image-15.png?resize=300%2C196&amp;ssl=1 300w\" sizes=\"auto, (max-width: 434px) 85vw, 434px\" \/><\/figure><\/div>\n\n\n\n<p>Un  autre marbre rouge a \u00e9t\u00e9 exploit\u00e9 \u00e0 Surmont, pr\u00e8s de la gare de Tr\u00e9lon.<\/p>\n\n\n\n<div class=\"wp-block-image\"><figure class=\"aligncenter is-resized\"><img data-recalc-dims=\"1\" loading=\"lazy\" decoding=\"async\" src=\"https:\/\/i0.wp.com\/images-03.delcampe-static.net\/img_large\/auction\/000\/178\/097\/733_001.jpg?resize=444%2C301&#038;ssl=1\" alt=\"8 - Soci\u00e9t\u00e9 Des Carri\u00e8res Du SURMONT Et Du Chateau GAILLARD .  Binam\u00e9 Et Cie \u00e0 TRELON (Nord) - Autres Communes\" width=\"444\" height=\"301\"\/><figcaption>Carri\u00e8res du Surmont et du ch\u00e2teau Gaillard<\/figcaption><\/figure><\/div>\n\n\n\n<p>Au milieu du XIX si\u00e8cle l&rsquo;industrie de Tr\u00e9lon \u00e9tait principalement ax\u00e9e sur l&rsquo;exploitation des bois et des mati\u00e8res min\u00e9rales. Il y existait des mines de fer, des carri\u00e8res de marbre et de pierres calcaires, une verrerie et une tr\u00e8s belle fabrique de cristaux. On y trouvait aussi une scierie de marbre.<br> Situ\u00e9e en pleine for\u00eat, cette carri\u00e8re fut exploit\u00e9e dans les ann\u00e9es 1930 par la S.A.C.R.A. (Soci\u00e9t\u00e9 Anonyme des Carrieres de la R\u00e9gion d&rsquo;Avesnes) puis plus tard par la S.O.C.A.T.R.E (Soci\u00e9t\u00e9 des Carri\u00e8res de Tr\u00e9lon). L&rsquo;exploitation cessera d\u00e9finitivement dans les ann\u00e9es 70.<\/p>\n\n\n\n<p class=\"has-text-color has-bright-red-color\"><em>Glageon<\/em><\/p>\n\n\n\n<div class=\"wp-block-image\"><figure class=\"aligncenter is-resized\"><img data-recalc-dims=\"1\" loading=\"lazy\" decoding=\"async\" src=\"https:\/\/i0.wp.com\/images-00.delcampe-static.net\/img_large\/auction\/000\/158\/745\/173_001.jpg?resize=469%2C304&#038;ssl=1\" alt=\"Glageon (Les Carri\u00e8res) - France\" width=\"469\" height=\"304\"\/><figcaption>Glageon Les Carri\u00e8res<\/figcaption><\/figure><\/div>\n\n\n\n<p>A Glageon on a exploit\u00e9 durant tout le XIX si\u00e8cle un marbre fonc\u00e9 vein\u00e9 de calcite blanche appel\u00e9 ici le Glageon fleuri.  <\/p>\n\n\n\n<p>B Sancholle en 1850 \u00e9crit que \u00ab le marbre de Glageon a une tr\u00e8s grande analogie avec le Sainte-Anne fran\u00e7ais de la r\u00e9gion de Bavay, mais il a le fond plus noir, et le m\u00e9lange plus petit . Son prix \u00e0 Paris est de 16 \u00e0 17 f le pied ou de 460 \u00e0 500 fr le m\u00e8tre. Il ajoute \u00ab la consommation des marbres du d\u00e9partement du Nord est assez forte \u00e0 Paris, parce qu\u2019elle est provoqu\u00e9e par la modicit\u00e9 de son prix ; mais son emploi ne repose que sur les objets les plus ordinaires. \u00bb <\/p>\n\n\n\n<div class=\"wp-block-image\"><figure class=\"aligncenter is-resized\"><img data-recalc-dims=\"1\" loading=\"lazy\" decoding=\"async\" data-attachment-id=\"10311\" data-permalink=\"https:\/\/patrimoine-avesnois.fr\/chemin\/pierre-bleue-et-marbre-de-lavesnois\/image-1686\/\" data-orig-file=\"https:\/\/i0.wp.com\/patrimoine-avesnois.fr\/chemin\/wp-content\/uploads\/2020\/04\/image-16.png?fit=229%2C364&amp;ssl=1\" data-orig-size=\"229,364\" data-comments-opened=\"1\" data-image-meta=\"{&quot;aperture&quot;:&quot;0&quot;,&quot;credit&quot;:&quot;&quot;,&quot;camera&quot;:&quot;&quot;,&quot;caption&quot;:&quot;&quot;,&quot;created_timestamp&quot;:&quot;0&quot;,&quot;copyright&quot;:&quot;&quot;,&quot;focal_length&quot;:&quot;0&quot;,&quot;iso&quot;:&quot;0&quot;,&quot;shutter_speed&quot;:&quot;0&quot;,&quot;title&quot;:&quot;&quot;,&quot;orientation&quot;:&quot;0&quot;}\" data-image-title=\"image\" data-image-description=\"\" data-image-caption=\"\" data-large-file=\"https:\/\/i0.wp.com\/patrimoine-avesnois.fr\/chemin\/wp-content\/uploads\/2020\/04\/image-16.png?fit=229%2C364&amp;ssl=1\" src=\"https:\/\/i0.wp.com\/patrimoine-avesnois.fr\/chemin\/wp-content\/uploads\/2020\/04\/image-16.png?resize=296%2C470\" alt=\"\" class=\"wp-image-10311\" width=\"296\" height=\"470\" srcset=\"https:\/\/i0.wp.com\/patrimoine-avesnois.fr\/chemin\/wp-content\/uploads\/2020\/04\/image-16.png?w=229&amp;ssl=1 229w, https:\/\/i0.wp.com\/patrimoine-avesnois.fr\/chemin\/wp-content\/uploads\/2020\/04\/image-16.png?resize=189%2C300&amp;ssl=1 189w\" sizes=\"auto, (max-width: 296px) 85vw, 296px\" \/><\/figure><\/div>\n\n\n\n<p>Quoiqu&rsquo;il en soit ce calcaire gris-noir \u00e0 larges efflorescences blanches orne le magnifique autel et retable visibles dans l\u2019\u00e9glise de Glageon.<\/p>\n\n\n\n<div class=\"wp-block-image\"><figure class=\"aligncenter\"><img data-recalc-dims=\"1\" loading=\"lazy\" decoding=\"async\" width=\"401\" height=\"434\" data-attachment-id=\"10312\" data-permalink=\"https:\/\/patrimoine-avesnois.fr\/chemin\/pierre-bleue-et-marbre-de-lavesnois\/image-1687\/\" data-orig-file=\"https:\/\/i0.wp.com\/patrimoine-avesnois.fr\/chemin\/wp-content\/uploads\/2020\/04\/image-17.png?fit=401%2C434&amp;ssl=1\" data-orig-size=\"401,434\" data-comments-opened=\"1\" data-image-meta=\"{&quot;aperture&quot;:&quot;0&quot;,&quot;credit&quot;:&quot;&quot;,&quot;camera&quot;:&quot;&quot;,&quot;caption&quot;:&quot;&quot;,&quot;created_timestamp&quot;:&quot;0&quot;,&quot;copyright&quot;:&quot;&quot;,&quot;focal_length&quot;:&quot;0&quot;,&quot;iso&quot;:&quot;0&quot;,&quot;shutter_speed&quot;:&quot;0&quot;,&quot;title&quot;:&quot;&quot;,&quot;orientation&quot;:&quot;0&quot;}\" data-image-title=\"image\" data-image-description=\"\" data-image-caption=\"\" data-large-file=\"https:\/\/i0.wp.com\/patrimoine-avesnois.fr\/chemin\/wp-content\/uploads\/2020\/04\/image-17.png?fit=401%2C434&amp;ssl=1\" src=\"https:\/\/i0.wp.com\/patrimoine-avesnois.fr\/chemin\/wp-content\/uploads\/2020\/04\/image-17.png?resize=401%2C434\" alt=\"\" class=\"wp-image-10312\" srcset=\"https:\/\/i0.wp.com\/patrimoine-avesnois.fr\/chemin\/wp-content\/uploads\/2020\/04\/image-17.png?w=401&amp;ssl=1 401w, https:\/\/i0.wp.com\/patrimoine-avesnois.fr\/chemin\/wp-content\/uploads\/2020\/04\/image-17.png?resize=277%2C300&amp;ssl=1 277w\" sizes=\"auto, (max-width: 401px) 85vw, 401px\" \/><figcaption>Dictionnaire du commerce et des marchandises. Marbres du Nord page 1445<br><br><\/figcaption><\/figure><\/div>\n\n\n\n<p class=\"has-text-color has-bright-red-color\"><em>Liessies<\/em><\/p>\n\n\n\n<div class=\"wp-block-image\"><figure class=\"aligncenter\"><img data-recalc-dims=\"1\" loading=\"lazy\" decoding=\"async\" width=\"348\" height=\"433\" data-attachment-id=\"10313\" data-permalink=\"https:\/\/patrimoine-avesnois.fr\/chemin\/pierre-bleue-et-marbre-de-lavesnois\/image-1688\/\" data-orig-file=\"https:\/\/i0.wp.com\/patrimoine-avesnois.fr\/chemin\/wp-content\/uploads\/2020\/04\/image-18.png?fit=348%2C433&amp;ssl=1\" data-orig-size=\"348,433\" data-comments-opened=\"1\" data-image-meta=\"{&quot;aperture&quot;:&quot;0&quot;,&quot;credit&quot;:&quot;&quot;,&quot;camera&quot;:&quot;&quot;,&quot;caption&quot;:&quot;&quot;,&quot;created_timestamp&quot;:&quot;0&quot;,&quot;copyright&quot;:&quot;&quot;,&quot;focal_length&quot;:&quot;0&quot;,&quot;iso&quot;:&quot;0&quot;,&quot;shutter_speed&quot;:&quot;0&quot;,&quot;title&quot;:&quot;&quot;,&quot;orientation&quot;:&quot;0&quot;}\" data-image-title=\"image\" data-image-description=\"\" data-image-caption=\"\" data-large-file=\"https:\/\/i0.wp.com\/patrimoine-avesnois.fr\/chemin\/wp-content\/uploads\/2020\/04\/image-18.png?fit=348%2C433&amp;ssl=1\" src=\"https:\/\/i0.wp.com\/patrimoine-avesnois.fr\/chemin\/wp-content\/uploads\/2020\/04\/image-18.png?resize=348%2C433\" alt=\"\" class=\"wp-image-10313\" srcset=\"https:\/\/i0.wp.com\/patrimoine-avesnois.fr\/chemin\/wp-content\/uploads\/2020\/04\/image-18.png?w=348&amp;ssl=1 348w, https:\/\/i0.wp.com\/patrimoine-avesnois.fr\/chemin\/wp-content\/uploads\/2020\/04\/image-18.png?resize=241%2C300&amp;ssl=1 241w\" sizes=\"auto, (max-width: 348px) 85vw, 348px\" \/><\/figure><\/div>\n\n\n\n<p>De Felice dans Encyclop\u00e9die ou Dictionnaire raisonn\u00e9 &#8211; 1770\/1780 liste en ce qui concerne notre r\u00e9gion le marbre de Dourlers, de Tr\u00e9lon et un autre \u00e0 Liessies. C.P. Brard en 1808 \u00e9crit qu&rsquo;il y en qui se tire de Liessies et qui ressemble un peu au marbre de Rance. Il d\u00e9crit ce dernier comme un marbre blanc, m\u00e9l\u00e9 de rouge-brun, avec des veines blanches, cendr\u00e9es et bleues. Il se pourrait que ce gisement fut exploit\u00e9 par les moines b\u00e9n\u00e9dictins de Liessies qui s&rsquo;en servirent pour leur abbaye.<br> En conclusion, nous pouvons dire que les gisements de marbres de la r\u00e9gion avesnoise \u00e9taient relativement nombreux, de taille et d&rsquo;importance plus ou moins grandes. Ces marbres \u00e9taient de teinte g\u00e9n\u00e9ralement fonc\u00e9e, noirs ou parfois rouges. Ils \u00e9taient exploit\u00e9s pour un usage local mais les plus beaux sp\u00e9cimens \u00e9taient destin\u00e9s au march\u00e9 parisien ou bien encore principalement export\u00e9s en Angleterre comme ceux de Cousolre.<br> De fa\u00e7on plus g\u00e9n\u00e9rale , \u00e0 partir de la fin du XVIII si\u00e8cle jusque dans les ann\u00e9es 1950, ces carri\u00e8res de pierre bleues et ces marbreries aux divers usages ont fait vivre de nombreux villages en plusieurs endroits de l\u2019Avesnois.  Elles prirent \u00e0 partir de 1840 tant d&rsquo;importance qu&rsquo;elles rythm\u00e8rent bient\u00f4t le quotidien de ces ouvriers, hommes femmes et enfants, qui de g\u00e9n\u00e9ration en g\u00e9n\u00e9ration transmettront leur savoir-faire. De nos jours, l&rsquo;activit\u00e9 marbri\u00e8re a disparu de notre r\u00e9gion, quant \u00e0 celle de la pierre bleue elle ne se se traduit plus que par quelques carri\u00e8res d&rsquo;extraction de granulats et par quelques artisans qui taillent de la pierre bleue provenant de Belgique. Toutefois, une lueur d&rsquo;espoir de revoir un jour une activit\u00e9 plus soutenue de la pierre bleue  et du marbre passe par l&rsquo;exploitation de deux foyers de gisements non encore \u00e9puis\u00e9s et par l&rsquo;utilisation de ces mat\u00e9riaux uniquement \u00e0 usages patrimoniaux. Ainsi la pr\u00e9sence d&rsquo;un gisement relativement important de pierre bleue \u00e0 Marbaix et la subsistance de petits gisements dans le Sud-Avesnois de marbre gris et rouges pourraient permettre la restauration des d\u00e9corations des nombreux et remarquables \u00e9difices du XVIII et XIX si\u00e8cle de notre r\u00e9gion.<\/p>\n\n\n\n<div class=\"wp-block-image\"><figure class=\"aligncenter\"><img data-recalc-dims=\"1\" loading=\"lazy\" decoding=\"async\" width=\"510\" height=\"325\" data-attachment-id=\"10314\" data-permalink=\"https:\/\/patrimoine-avesnois.fr\/chemin\/pierre-bleue-et-marbre-de-lavesnois\/image-1689\/\" data-orig-file=\"https:\/\/i0.wp.com\/patrimoine-avesnois.fr\/chemin\/wp-content\/uploads\/2020\/04\/image-19.png?fit=510%2C325&amp;ssl=1\" data-orig-size=\"510,325\" data-comments-opened=\"1\" data-image-meta=\"{&quot;aperture&quot;:&quot;0&quot;,&quot;credit&quot;:&quot;&quot;,&quot;camera&quot;:&quot;&quot;,&quot;caption&quot;:&quot;&quot;,&quot;created_timestamp&quot;:&quot;0&quot;,&quot;copyright&quot;:&quot;&quot;,&quot;focal_length&quot;:&quot;0&quot;,&quot;iso&quot;:&quot;0&quot;,&quot;shutter_speed&quot;:&quot;0&quot;,&quot;title&quot;:&quot;&quot;,&quot;orientation&quot;:&quot;0&quot;}\" data-image-title=\"image\" data-image-description=\"\" data-image-caption=\"\" data-large-file=\"https:\/\/i0.wp.com\/patrimoine-avesnois.fr\/chemin\/wp-content\/uploads\/2020\/04\/image-19.png?fit=510%2C325&amp;ssl=1\" src=\"https:\/\/i0.wp.com\/patrimoine-avesnois.fr\/chemin\/wp-content\/uploads\/2020\/04\/image-19.png?resize=510%2C325\" alt=\"\" class=\"wp-image-10314\" srcset=\"https:\/\/i0.wp.com\/patrimoine-avesnois.fr\/chemin\/wp-content\/uploads\/2020\/04\/image-19.png?w=510&amp;ssl=1 510w, https:\/\/i0.wp.com\/patrimoine-avesnois.fr\/chemin\/wp-content\/uploads\/2020\/04\/image-19.png?resize=300%2C191&amp;ssl=1 300w\" sizes=\"auto, (max-width: 510px) 85vw, 510px\" \/><figcaption>Une carri\u00e8re de nos jours remplie d&rsquo;eau<\/figcaption><\/figure><\/div>\n\n\n\n<p>Liens externes :<\/p>\n\n\n\n<p><a aria-label=\"FR 3 Pourquoi chercher plus loin La vall\u00e9e du marbre et de la pierre bleue : (opens in a new tab)\" href=\"https:\/\/www.youtube.com\/watch?v=bGUbLf_29fQ\" target=\"_blank\" rel=\"noreferrer noopener\">FR 3 Pourquoi chercher plus loin La vall\u00e9e du marbre et de la pierre bleue <\/a><\/p>\n\n\n\n<p><a aria-label=\"Parc naturel r\u00e9gional de l'Avesnois  (opens in a new tab)\" href=\"http:\/\/www.parc-naturel-avesnois.fr\/blog\/2012\/10\/05\/notre-artisanat\/\" target=\"_blank\" rel=\"noreferrer noopener\">Parc naturel r\u00e9gional de l&rsquo;Avesnois <\/a><\/p>\n\n\n\n<p><a aria-label=\"Centre artisanal de la pierre bleue   (opens in a new tab)\" href=\"http:\/\/www.pierrebleue.fr\/pages\/page.php?page=geologie\" target=\"_blank\" rel=\"noreferrer noopener\">Centre artisanal de la pierre bleue  <\/a><\/p>\n\n\n\n<p><a aria-label=\" (opens in a new tab)\" href=\"https:\/\/gallica.bnf.fr\/ark:\/12148\/bpt6k9761405x\/f20.image.r=fontaine%20avesnois\" target=\"_blank\" rel=\"noreferrer noopener\">Bulletin de la Soci\u00e9t\u00e9 d&rsquo;histoire naturelle des Ardennes &#8211; 1894 <\/a><\/p>\n\n\n\n<p><a aria-label=\"Les Marbres du Nord de la France et du Boulonnais (Prof Dr Eric Groessens, G\u00e9ologue europ\u00e9en) (opens in a new tab)\" href=\"http:\/\/www.geologie-info.com\/articles.php?Article=Marbres  \" target=\"_blank\" rel=\"noreferrer noopener\">Les Marbres du Nord de la France et du Boulonnais (Prof Dr Eric Groessens, G\u00e9ologue europ\u00e9en)<\/a><\/p>\n\n\n\n<p><a aria-label=\"L'industrie du marbre \u00e0 Cousolre (Jean Heuclin) (opens in a new tab)\" href=\"https:\/\/cousolre.pagesperso-orange.fr\/html\/marbre.htm\" target=\"_blank\" rel=\"noreferrer noopener\">L&rsquo;industrie du marbre \u00e0 Cousolre (Jean Heuclin)<\/a><br><\/p>\n\n\n\n<p><a aria-label=\"Trait\u00e9 des pierres pr\u00e9cieuses, des porphyres, granits, marbres, albatres et autres roches (opens in a new tab)\" href=\"https:\/\/gallica.bnf.fr\/ark:\/12148\/bpt6k9786845x\/f140.item.r=br\u00e8ches\" target=\"_blank\" rel=\"noreferrer noopener\">Trait\u00e9 des pierres pr\u00e9cieuses, des porphyres, granits, marbres, albatres et autres roches<\/a><\/p>\n","protected":false},"excerpt":{"rendered":"<p>La pierre bleue est un mat\u00e9riau embl\u00e9matique de l&rsquo;Avesnois constituant une v\u00e9ritable richesse depuis l&rsquo;Antiquit\u00e9. Une autre roche \u00e9galement noble est pr\u00e9sente dans le sous-sol de notre r\u00e9gion : le marbre dont les premiers signes de son activit\u00e9 remontent au XVIIIe si\u00e8cle. Aujourd&rsquo;hui , la plupart des carri\u00e8res et des marbreries ont disparu, mais l\u2019\u00e2me &hellip; <a href=\"https:\/\/patrimoine-avesnois.fr\/chemin\/pierre-bleue-et-marbre-de-lavesnois\/\" class=\"more-link\">Continuer la lecture<span class=\"screen-reader-text\"> de &laquo;&nbsp;Pierre bleue et Marbre de l&rsquo;Avesnois&nbsp;&raquo;<\/span><\/a><\/p>\n","protected":false},"author":2,"featured_media":0,"parent":0,"menu_order":0,"comment_status":"closed","ping_status":"closed","template":"","meta":{"jetpack_post_was_ever_published":false,"footnotes":""},"class_list":["post-10272","page","type-page","status-publish","hentry"],"jetpack_sharing_enabled":true,"jetpack_shortlink":"https:\/\/wp.me\/PaOEkN-2FG","jetpack-related-posts":[],"_links":{"self":[{"href":"https:\/\/patrimoine-avesnois.fr\/chemin\/wp-json\/wp\/v2\/pages\/10272","targetHints":{"allow":["GET"]}}],"collection":[{"href":"https:\/\/patrimoine-avesnois.fr\/chemin\/wp-json\/wp\/v2\/pages"}],"about":[{"href":"https:\/\/patrimoine-avesnois.fr\/chemin\/wp-json\/wp\/v2\/types\/page"}],"author":[{"embeddable":true,"href":"https:\/\/patrimoine-avesnois.fr\/chemin\/wp-json\/wp\/v2\/users\/2"}],"replies":[{"embeddable":true,"href":"https:\/\/patrimoine-avesnois.fr\/chemin\/wp-json\/wp\/v2\/comments?post=10272"}],"version-history":[{"count":0,"href":"https:\/\/patrimoine-avesnois.fr\/chemin\/wp-json\/wp\/v2\/pages\/10272\/revisions"}],"wp:attachment":[{"href":"https:\/\/patrimoine-avesnois.fr\/chemin\/wp-json\/wp\/v2\/media?parent=10272"}],"curies":[{"name":"wp","href":"https:\/\/api.w.org\/{rel}","templated":true}]}}