{"id":1413,"date":"2019-04-16T13:17:59","date_gmt":"2019-04-16T11:17:59","guid":{"rendered":"http:\/\/patrimoine-avesnois.fr\/chemin\/?page_id=1413"},"modified":"2025-03-14T17:57:18","modified_gmt":"2025-03-14T16:57:18","slug":"ferriere-la-grande","status":"publish","type":"page","link":"https:\/\/patrimoine-avesnois.fr\/chemin\/ferriere-la-grande\/","title":{"rendered":"Ferri\u00e8re-la-Grande"},"content":{"rendered":"<div class=\"wp-block-image\">\n<figure class=\"aligncenter\"><img data-recalc-dims=\"1\" loading=\"lazy\" decoding=\"async\" width=\"840\" height=\"582\" data-attachment-id=\"1414\" data-permalink=\"https:\/\/patrimoine-avesnois.fr\/chemin\/ferriere-la-grande\/image-311\/\" data-orig-file=\"https:\/\/i0.wp.com\/patrimoine-avesnois.fr\/chemin\/wp-content\/uploads\/2019\/04\/image-289.png?fit=921%2C638&amp;ssl=1\" data-orig-size=\"921,638\" data-comments-opened=\"1\" data-image-meta=\"{&quot;aperture&quot;:&quot;0&quot;,&quot;credit&quot;:&quot;&quot;,&quot;camera&quot;:&quot;&quot;,&quot;caption&quot;:&quot;&quot;,&quot;created_timestamp&quot;:&quot;0&quot;,&quot;copyright&quot;:&quot;&quot;,&quot;focal_length&quot;:&quot;0&quot;,&quot;iso&quot;:&quot;0&quot;,&quot;shutter_speed&quot;:&quot;0&quot;,&quot;title&quot;:&quot;&quot;,&quot;orientation&quot;:&quot;0&quot;}\" data-image-title=\"image\" data-image-description=\"\" data-image-caption=\"\" data-large-file=\"https:\/\/i0.wp.com\/patrimoine-avesnois.fr\/chemin\/wp-content\/uploads\/2019\/04\/image-289.png?fit=840%2C582&amp;ssl=1\" src=\"https:\/\/i0.wp.com\/patrimoine-avesnois.fr\/chemin\/wp-content\/uploads\/2019\/04\/image-289.png?resize=840%2C582\" alt=\"\" class=\"wp-image-1414\" srcset=\"https:\/\/i0.wp.com\/patrimoine-avesnois.fr\/chemin\/wp-content\/uploads\/2019\/04\/image-289.png?w=921&amp;ssl=1 921w, https:\/\/i0.wp.com\/patrimoine-avesnois.fr\/chemin\/wp-content\/uploads\/2019\/04\/image-289.png?resize=300%2C208&amp;ssl=1 300w, https:\/\/i0.wp.com\/patrimoine-avesnois.fr\/chemin\/wp-content\/uploads\/2019\/04\/image-289.png?resize=768%2C532&amp;ssl=1 768w\" sizes=\"auto, (max-width: 709px) 85vw, (max-width: 909px) 67vw, (max-width: 1362px) 62vw, 840px\" \/><figcaption class=\"wp-element-caption\">Vue a\u00e9rienne de Ferri\u00e8re-la-Grande<\/figcaption><\/figure>\n<\/div>\n\n\n<p>Le village doit son nom au minerai de fer qu&rsquo;on exploitait jadis sur son territoire. C\u2019est pour b\u00e9n\u00e9ficier des ressources du sous-sol, du cours rapide de la Solre&nbsp;mais aussi pour garantir l\u2019approvisionnement de sa place strat\u00e9gique frontali\u00e8re que s\u2019implante en 1715 une manufacture royale d&rsquo;armes. La machine \u2013 c\u2019est le nom que lui attribuent les ruraux de l\u2019\u00e9poque \u2013 fait la prosp\u00e9rit\u00e9 du bourg. Elle c\u00e8de la place, en 1830 , aux premiers hauts fourneaux du Nord. Les minerais sont exploit\u00e9s dans l\u2019\u00e9tendue de la concession faite au propri\u00e9taire et ma\u00eetre de forge, M. Dumont. <br>Le d\u00e9veloppement du bourg suit celui des \u00e9tablissements Dumont&nbsp;: 903 habitants en 1822, 2&nbsp;568 en 1866 puis 4&nbsp;045 en 1906. <br>Peu \u00e0 peu, le tissu industriel de la commune s\u2019\u00e9toffe&nbsp;:&nbsp;laminoirs&nbsp;Lessafre, fonderie Riquaire, usine&nbsp;Delettre, usine Miroux, usine Auwercx, Cie Duplex, petits ateliers de forges&nbsp;Chef Fr\u00e8res \u00ab\u00a0Forges et Usinage\u00a0\u00bb Marcel Nicod\u00e8me et de modelages font prosp\u00e9rer la commune. C\u2019est aux Trieux, nouveau quartier cr\u00e9\u00e9 \u00e0 l\u2019\u00e9cart du village lors de l\u2019arriv\u00e9e du chemin de fer , que le style industriel s\u2019exprimera le mieux.<\/p>\n\n\n<div class=\"wp-block-image\">\n<figure class=\"aligncenter\"><img data-recalc-dims=\"1\" loading=\"lazy\" decoding=\"async\" width=\"840\" height=\"516\" data-attachment-id=\"1431\" data-permalink=\"https:\/\/patrimoine-avesnois.fr\/chemin\/ferriere-la-grande\/image-321\/\" data-orig-file=\"https:\/\/i0.wp.com\/patrimoine-avesnois.fr\/chemin\/wp-content\/uploads\/2019\/04\/image-299.png?fit=896%2C550&amp;ssl=1\" data-orig-size=\"896,550\" data-comments-opened=\"1\" data-image-meta=\"{&quot;aperture&quot;:&quot;0&quot;,&quot;credit&quot;:&quot;&quot;,&quot;camera&quot;:&quot;&quot;,&quot;caption&quot;:&quot;&quot;,&quot;created_timestamp&quot;:&quot;0&quot;,&quot;copyright&quot;:&quot;&quot;,&quot;focal_length&quot;:&quot;0&quot;,&quot;iso&quot;:&quot;0&quot;,&quot;shutter_speed&quot;:&quot;0&quot;,&quot;title&quot;:&quot;&quot;,&quot;orientation&quot;:&quot;0&quot;}\" data-image-title=\"image\" data-image-description=\"\" data-image-caption=\"\" data-large-file=\"https:\/\/i0.wp.com\/patrimoine-avesnois.fr\/chemin\/wp-content\/uploads\/2019\/04\/image-299.png?fit=840%2C516&amp;ssl=1\" src=\"https:\/\/i0.wp.com\/patrimoine-avesnois.fr\/chemin\/wp-content\/uploads\/2019\/04\/image-299.png?resize=840%2C516\" alt=\"\" class=\"wp-image-1431\" srcset=\"https:\/\/i0.wp.com\/patrimoine-avesnois.fr\/chemin\/wp-content\/uploads\/2019\/04\/image-299.png?w=896&amp;ssl=1 896w, https:\/\/i0.wp.com\/patrimoine-avesnois.fr\/chemin\/wp-content\/uploads\/2019\/04\/image-299.png?resize=300%2C184&amp;ssl=1 300w, https:\/\/i0.wp.com\/patrimoine-avesnois.fr\/chemin\/wp-content\/uploads\/2019\/04\/image-299.png?resize=768%2C471&amp;ssl=1 768w\" sizes=\"auto, (max-width: 709px) 85vw, (max-width: 909px) 67vw, (max-width: 1362px) 62vw, 840px\" \/><figcaption class=\"wp-element-caption\"> <em>Rue Victor Hugo : <\/em><br><em>Une ligne de tramway&nbsp;relie Ferri\u00e8re \u00e0 Maubeuge en 1903, contribuant \u00e0 renforcer les liens, d\u00e9j\u00e0 \u00e9troits, entre les deux communes.<\/em> <\/figcaption><\/figure>\n<\/div>\n\n<div class=\"wp-block-image is-resized\">\n<figure class=\"aligncenter\"><img data-recalc-dims=\"1\" loading=\"lazy\" decoding=\"async\" width=\"774\" height=\"1009\" data-attachment-id=\"1417\" data-permalink=\"https:\/\/patrimoine-avesnois.fr\/chemin\/ferriere-la-grande\/image-313\/\" data-orig-file=\"https:\/\/i0.wp.com\/patrimoine-avesnois.fr\/chemin\/wp-content\/uploads\/2019\/04\/image-291.png?fit=774%2C1009&amp;ssl=1\" data-orig-size=\"774,1009\" data-comments-opened=\"1\" data-image-meta=\"{&quot;aperture&quot;:&quot;0&quot;,&quot;credit&quot;:&quot;&quot;,&quot;camera&quot;:&quot;&quot;,&quot;caption&quot;:&quot;&quot;,&quot;created_timestamp&quot;:&quot;0&quot;,&quot;copyright&quot;:&quot;&quot;,&quot;focal_length&quot;:&quot;0&quot;,&quot;iso&quot;:&quot;0&quot;,&quot;shutter_speed&quot;:&quot;0&quot;,&quot;title&quot;:&quot;&quot;,&quot;orientation&quot;:&quot;0&quot;}\" data-image-title=\"image\" data-image-description=\"\" data-image-caption=\"\" data-large-file=\"https:\/\/i0.wp.com\/patrimoine-avesnois.fr\/chemin\/wp-content\/uploads\/2019\/04\/image-291.png?fit=774%2C1009&amp;ssl=1\" src=\"https:\/\/i0.wp.com\/patrimoine-avesnois.fr\/chemin\/wp-content\/uploads\/2019\/04\/image-291.png?resize=774%2C1009\" alt=\"\" class=\"wp-image-1417\" srcset=\"https:\/\/i0.wp.com\/patrimoine-avesnois.fr\/chemin\/wp-content\/uploads\/2019\/04\/image-291.png?w=774&amp;ssl=1 774w, https:\/\/i0.wp.com\/patrimoine-avesnois.fr\/chemin\/wp-content\/uploads\/2019\/04\/image-291.png?resize=230%2C300&amp;ssl=1 230w, https:\/\/i0.wp.com\/patrimoine-avesnois.fr\/chemin\/wp-content\/uploads\/2019\/04\/image-291.png?resize=768%2C1001&amp;ssl=1 768w\" sizes=\"auto, (max-width: 774px) 85vw, 774px\" \/><figcaption class=\"wp-element-caption\">L&rsquo;\u00e9glise St Amand de Ferri\u00e8re-la-Grande Photo Havang 2011<\/figcaption><\/figure>\n<\/div>\n\n<div class=\"wp-block-image\">\n<figure class=\"aligncenter size-large is-resized\"><img data-recalc-dims=\"1\" loading=\"lazy\" decoding=\"async\" width=\"515\" height=\"1024\" data-attachment-id=\"21191\" data-permalink=\"https:\/\/patrimoine-avesnois.fr\/chemin\/ferriere-la-grande\/hcyy9731\/\" data-orig-file=\"https:\/\/i0.wp.com\/patrimoine-avesnois.fr\/chemin\/wp-content\/uploads\/2025\/02\/HCYY9731.jpg?fit=769%2C1529&amp;ssl=1\" data-orig-size=\"769,1529\" data-comments-opened=\"1\" data-image-meta=\"{&quot;aperture&quot;:&quot;0&quot;,&quot;credit&quot;:&quot;&quot;,&quot;camera&quot;:&quot;&quot;,&quot;caption&quot;:&quot;&quot;,&quot;created_timestamp&quot;:&quot;0&quot;,&quot;copyright&quot;:&quot;&quot;,&quot;focal_length&quot;:&quot;0&quot;,&quot;iso&quot;:&quot;0&quot;,&quot;shutter_speed&quot;:&quot;0&quot;,&quot;title&quot;:&quot;&quot;,&quot;orientation&quot;:&quot;0&quot;}\" data-image-title=\"HCYY9731\" data-image-description=\"\" data-image-caption=\"\" data-large-file=\"https:\/\/i0.wp.com\/patrimoine-avesnois.fr\/chemin\/wp-content\/uploads\/2025\/02\/HCYY9731.jpg?fit=515%2C1024&amp;ssl=1\" src=\"https:\/\/i0.wp.com\/patrimoine-avesnois.fr\/chemin\/wp-content\/uploads\/2025\/02\/HCYY9731-515x1024.jpg?resize=515%2C1024&#038;ssl=1\" alt=\"\" class=\"wp-image-21191\" style=\"width:389px;height:auto\" srcset=\"https:\/\/i0.wp.com\/patrimoine-avesnois.fr\/chemin\/wp-content\/uploads\/2025\/02\/HCYY9731.jpg?resize=515%2C1024&amp;ssl=1 515w, https:\/\/i0.wp.com\/patrimoine-avesnois.fr\/chemin\/wp-content\/uploads\/2025\/02\/HCYY9731.jpg?resize=151%2C300&amp;ssl=1 151w, https:\/\/i0.wp.com\/patrimoine-avesnois.fr\/chemin\/wp-content\/uploads\/2025\/02\/HCYY9731.jpg?resize=768%2C1527&amp;ssl=1 768w, https:\/\/i0.wp.com\/patrimoine-avesnois.fr\/chemin\/wp-content\/uploads\/2025\/02\/HCYY9731.jpg?w=769&amp;ssl=1 769w\" sizes=\"auto, (max-width: 515px) 85vw, 515px\" \/><figcaption class=\"wp-element-caption\">Le clocher de l&rsquo;\u00e9glise de Ferri\u00e8re-la-Grande<\/figcaption><\/figure>\n<\/div>\n\n<div class=\"wp-block-image\">\n<figure class=\"aligncenter size-large is-resized\"><img data-recalc-dims=\"1\" loading=\"lazy\" decoding=\"async\" width=\"768\" height=\"1024\" data-attachment-id=\"21198\" data-permalink=\"https:\/\/patrimoine-avesnois.fr\/chemin\/ferriere-la-grande\/ferriere-la-grande_porte_eglise\/\" data-orig-file=\"https:\/\/i0.wp.com\/patrimoine-avesnois.fr\/chemin\/wp-content\/uploads\/2025\/02\/Ferriere-la-Grande_porte_eglise-scaled.jpg?fit=1920%2C2560&amp;ssl=1\" data-orig-size=\"1920,2560\" data-comments-opened=\"1\" data-image-meta=\"{&quot;aperture&quot;:&quot;3.5&quot;,&quot;credit&quot;:&quot;&quot;,&quot;camera&quot;:&quot;COOLPIX P80&quot;,&quot;caption&quot;:&quot;&quot;,&quot;created_timestamp&quot;:&quot;1334143859&quot;,&quot;copyright&quot;:&quot;&quot;,&quot;focal_length&quot;:&quot;4.7&quot;,&quot;iso&quot;:&quot;64&quot;,&quot;shutter_speed&quot;:&quot;0.01466275659824&quot;,&quot;title&quot;:&quot;&quot;,&quot;orientation&quot;:&quot;1&quot;}\" data-image-title=\"Ferri\u00e8re-la-Grande_porte_\u00e9glise\" data-image-description=\"\" data-image-caption=\"\" data-large-file=\"https:\/\/i0.wp.com\/patrimoine-avesnois.fr\/chemin\/wp-content\/uploads\/2025\/02\/Ferriere-la-Grande_porte_eglise-scaled.jpg?fit=768%2C1024&amp;ssl=1\" src=\"https:\/\/i0.wp.com\/patrimoine-avesnois.fr\/chemin\/wp-content\/uploads\/2025\/02\/Ferriere-la-Grande_porte_eglise-768x1024.jpg?resize=768%2C1024&#038;ssl=1\" alt=\"\" class=\"wp-image-21198\" style=\"width:350px\" srcset=\"https:\/\/i0.wp.com\/patrimoine-avesnois.fr\/chemin\/wp-content\/uploads\/2025\/02\/Ferriere-la-Grande_porte_eglise-scaled.jpg?resize=768%2C1024&amp;ssl=1 768w, https:\/\/i0.wp.com\/patrimoine-avesnois.fr\/chemin\/wp-content\/uploads\/2025\/02\/Ferriere-la-Grande_porte_eglise-scaled.jpg?resize=225%2C300&amp;ssl=1 225w, https:\/\/i0.wp.com\/patrimoine-avesnois.fr\/chemin\/wp-content\/uploads\/2025\/02\/Ferriere-la-Grande_porte_eglise-scaled.jpg?resize=1152%2C1536&amp;ssl=1 1152w, https:\/\/i0.wp.com\/patrimoine-avesnois.fr\/chemin\/wp-content\/uploads\/2025\/02\/Ferriere-la-Grande_porte_eglise-scaled.jpg?resize=1536%2C2048&amp;ssl=1 1536w, https:\/\/i0.wp.com\/patrimoine-avesnois.fr\/chemin\/wp-content\/uploads\/2025\/02\/Ferriere-la-Grande_porte_eglise-scaled.jpg?resize=1200%2C1600&amp;ssl=1 1200w, https:\/\/i0.wp.com\/patrimoine-avesnois.fr\/chemin\/wp-content\/uploads\/2025\/02\/Ferriere-la-Grande_porte_eglise-scaled.jpg?w=1920&amp;ssl=1 1920w, https:\/\/i0.wp.com\/patrimoine-avesnois.fr\/chemin\/wp-content\/uploads\/2025\/02\/Ferriere-la-Grande_porte_eglise-scaled.jpg?w=1680 1680w\" sizes=\"auto, (max-width: 768px) 85vw, 768px\" \/><figcaption class=\"wp-element-caption\">La Porte d&rsquo;entr\u00e9e Photo Chatsam 2012<\/figcaption><\/figure>\n<\/div>\n\n<div class=\"wp-block-image\">\n<figure class=\"aligncenter size-large is-resized\"><img data-recalc-dims=\"1\" loading=\"lazy\" decoding=\"async\" width=\"599\" height=\"1024\" data-attachment-id=\"21168\" data-permalink=\"https:\/\/patrimoine-avesnois.fr\/chemin\/ferriere-la-grande\/bodm3175-copie\/\" data-orig-file=\"https:\/\/i0.wp.com\/patrimoine-avesnois.fr\/chemin\/wp-content\/uploads\/2025\/02\/BODM3175-Copie.jpg?fit=766%2C1310&amp;ssl=1\" data-orig-size=\"766,1310\" data-comments-opened=\"1\" data-image-meta=\"{&quot;aperture&quot;:&quot;0&quot;,&quot;credit&quot;:&quot;&quot;,&quot;camera&quot;:&quot;&quot;,&quot;caption&quot;:&quot;&quot;,&quot;created_timestamp&quot;:&quot;0&quot;,&quot;copyright&quot;:&quot;&quot;,&quot;focal_length&quot;:&quot;0&quot;,&quot;iso&quot;:&quot;0&quot;,&quot;shutter_speed&quot;:&quot;0&quot;,&quot;title&quot;:&quot;&quot;,&quot;orientation&quot;:&quot;0&quot;}\" data-image-title=\"BODM3175 &amp;#8211; Copie\" data-image-description=\"\" data-image-caption=\"\" data-large-file=\"https:\/\/i0.wp.com\/patrimoine-avesnois.fr\/chemin\/wp-content\/uploads\/2025\/02\/BODM3175-Copie.jpg?fit=599%2C1024&amp;ssl=1\" src=\"https:\/\/i0.wp.com\/patrimoine-avesnois.fr\/chemin\/wp-content\/uploads\/2025\/02\/BODM3175-Copie-599x1024.jpg?resize=599%2C1024&#038;ssl=1\" alt=\"\" class=\"wp-image-21168\" style=\"width:350px\" srcset=\"https:\/\/i0.wp.com\/patrimoine-avesnois.fr\/chemin\/wp-content\/uploads\/2025\/02\/BODM3175-Copie.jpg?resize=599%2C1024&amp;ssl=1 599w, https:\/\/i0.wp.com\/patrimoine-avesnois.fr\/chemin\/wp-content\/uploads\/2025\/02\/BODM3175-Copie.jpg?resize=175%2C300&amp;ssl=1 175w, https:\/\/i0.wp.com\/patrimoine-avesnois.fr\/chemin\/wp-content\/uploads\/2025\/02\/BODM3175-Copie.jpg?w=766&amp;ssl=1 766w\" sizes=\"auto, (max-width: 599px) 85vw, 599px\" \/><figcaption class=\"wp-element-caption\">La Porte d&rsquo;entr\u00e9e Photo 2025<\/figcaption><\/figure>\n<\/div>\n\n<div class=\"wp-block-image\">\n<figure class=\"aligncenter size-large is-resized\"><img data-recalc-dims=\"1\" loading=\"lazy\" decoding=\"async\" width=\"592\" height=\"1024\" data-attachment-id=\"21171\" data-permalink=\"https:\/\/patrimoine-avesnois.fr\/chemin\/ferriere-la-grande\/qhgq2820-copie\/\" data-orig-file=\"https:\/\/i0.wp.com\/patrimoine-avesnois.fr\/chemin\/wp-content\/uploads\/2025\/02\/QHGQ2820-Copie.jpg?fit=769%2C1331&amp;ssl=1\" data-orig-size=\"769,1331\" data-comments-opened=\"1\" data-image-meta=\"{&quot;aperture&quot;:&quot;0&quot;,&quot;credit&quot;:&quot;&quot;,&quot;camera&quot;:&quot;&quot;,&quot;caption&quot;:&quot;&quot;,&quot;created_timestamp&quot;:&quot;0&quot;,&quot;copyright&quot;:&quot;&quot;,&quot;focal_length&quot;:&quot;0&quot;,&quot;iso&quot;:&quot;0&quot;,&quot;shutter_speed&quot;:&quot;0&quot;,&quot;title&quot;:&quot;&quot;,&quot;orientation&quot;:&quot;0&quot;}\" data-image-title=\"QHGQ2820 &amp;#8211; Copie\" data-image-description=\"\" data-image-caption=\"\" data-large-file=\"https:\/\/i0.wp.com\/patrimoine-avesnois.fr\/chemin\/wp-content\/uploads\/2025\/02\/QHGQ2820-Copie.jpg?fit=592%2C1024&amp;ssl=1\" src=\"https:\/\/i0.wp.com\/patrimoine-avesnois.fr\/chemin\/wp-content\/uploads\/2025\/02\/QHGQ2820-Copie-592x1024.jpg?resize=592%2C1024&#038;ssl=1\" alt=\"\" class=\"wp-image-21171\" style=\"width:350px\" srcset=\"https:\/\/i0.wp.com\/patrimoine-avesnois.fr\/chemin\/wp-content\/uploads\/2025\/02\/QHGQ2820-Copie.jpg?resize=592%2C1024&amp;ssl=1 592w, https:\/\/i0.wp.com\/patrimoine-avesnois.fr\/chemin\/wp-content\/uploads\/2025\/02\/QHGQ2820-Copie.jpg?resize=173%2C300&amp;ssl=1 173w, https:\/\/i0.wp.com\/patrimoine-avesnois.fr\/chemin\/wp-content\/uploads\/2025\/02\/QHGQ2820-Copie.jpg?resize=768%2C1329&amp;ssl=1 768w, https:\/\/i0.wp.com\/patrimoine-avesnois.fr\/chemin\/wp-content\/uploads\/2025\/02\/QHGQ2820-Copie.jpg?w=769&amp;ssl=1 769w\" sizes=\"auto, (max-width: 592px) 85vw, 592px\" \/><figcaption class=\"wp-element-caption\">La Nef<\/figcaption><\/figure>\n<\/div>\n\n<div class=\"wp-block-image\">\n<figure class=\"aligncenter is-resized\"><img loading=\"lazy\" decoding=\"async\" width=\"2588\" height=\"3943\" data-attachment-id=\"2468\" data-permalink=\"https:\/\/patrimoine-avesnois.fr\/chemin\/ferriere-la-grande\/p1010016-2\/\" data-orig-file=\"https:\/\/i0.wp.com\/patrimoine-avesnois.fr\/chemin\/wp-content\/uploads\/2019\/04\/P1010016-1.jpg?fit=2588%2C3943&amp;ssl=1\" data-orig-size=\"2588,3943\" data-comments-opened=\"1\" data-image-meta=\"{&quot;aperture&quot;:&quot;3.1&quot;,&quot;credit&quot;:&quot;&quot;,&quot;camera&quot;:&quot;DMC-SZ10&quot;,&quot;caption&quot;:&quot;&quot;,&quot;created_timestamp&quot;:&quot;1556537186&quot;,&quot;copyright&quot;:&quot;&quot;,&quot;focal_length&quot;:&quot;4.3&quot;,&quot;iso&quot;:&quot;500&quot;,&quot;shutter_speed&quot;:&quot;0.008&quot;,&quot;title&quot;:&quot;&quot;,&quot;orientation&quot;:&quot;1&quot;}\" data-image-title=\"P1010016\" data-image-description=\"\" data-image-caption=\"\" data-large-file=\"https:\/\/i0.wp.com\/patrimoine-avesnois.fr\/chemin\/wp-content\/uploads\/2019\/04\/P1010016-1.jpg?fit=672%2C1024&amp;ssl=1\" src=\"https:\/\/i1.wp.com\/patrimoine-avesnois.fr\/chemin\/wp-content\/uploads\/2019\/04\/P1010016-1.jpg?fit=672%2C1024\" alt=\"\" class=\"wp-image-2468\" style=\"object-fit:cover;width:350px\" srcset=\"https:\/\/i0.wp.com\/patrimoine-avesnois.fr\/chemin\/wp-content\/uploads\/2019\/04\/P1010016-1.jpg?w=2588&amp;ssl=1 2588w, https:\/\/i0.wp.com\/patrimoine-avesnois.fr\/chemin\/wp-content\/uploads\/2019\/04\/P1010016-1.jpg?resize=197%2C300&amp;ssl=1 197w, https:\/\/i0.wp.com\/patrimoine-avesnois.fr\/chemin\/wp-content\/uploads\/2019\/04\/P1010016-1.jpg?resize=768%2C1170&amp;ssl=1 768w, https:\/\/i0.wp.com\/patrimoine-avesnois.fr\/chemin\/wp-content\/uploads\/2019\/04\/P1010016-1.jpg?resize=672%2C1024&amp;ssl=1 672w, https:\/\/i0.wp.com\/patrimoine-avesnois.fr\/chemin\/wp-content\/uploads\/2019\/04\/P1010016-1.jpg?resize=1200%2C1828&amp;ssl=1 1200w, https:\/\/i0.wp.com\/patrimoine-avesnois.fr\/chemin\/wp-content\/uploads\/2019\/04\/P1010016-1.jpg?w=1680 1680w, https:\/\/i0.wp.com\/patrimoine-avesnois.fr\/chemin\/wp-content\/uploads\/2019\/04\/P1010016-1.jpg?w=2520 2520w\" sizes=\"auto, (max-width: 709px) 85vw, (max-width: 909px) 67vw, (max-width: 1362px) 62vw, 840px\" \/><figcaption class=\"wp-element-caption\"> <em>Le Christ en croix, dans le choeur.<\/em> Photo 2019<\/figcaption><\/figure>\n<\/div>\n\n<div class=\"wp-block-image\">\n<figure class=\"aligncenter size-full is-resized\"><img data-recalc-dims=\"1\" loading=\"lazy\" decoding=\"async\" width=\"769\" height=\"953\" data-attachment-id=\"21173\" data-permalink=\"https:\/\/patrimoine-avesnois.fr\/chemin\/ferriere-la-grande\/eowe7106-copie-2\/\" data-orig-file=\"https:\/\/i0.wp.com\/patrimoine-avesnois.fr\/chemin\/wp-content\/uploads\/2025\/02\/EOWE7106-Copie-1.jpg?fit=769%2C953&amp;ssl=1\" data-orig-size=\"769,953\" data-comments-opened=\"1\" data-image-meta=\"{&quot;aperture&quot;:&quot;0&quot;,&quot;credit&quot;:&quot;&quot;,&quot;camera&quot;:&quot;&quot;,&quot;caption&quot;:&quot;&quot;,&quot;created_timestamp&quot;:&quot;0&quot;,&quot;copyright&quot;:&quot;&quot;,&quot;focal_length&quot;:&quot;0&quot;,&quot;iso&quot;:&quot;0&quot;,&quot;shutter_speed&quot;:&quot;0&quot;,&quot;title&quot;:&quot;&quot;,&quot;orientation&quot;:&quot;0&quot;}\" data-image-title=\"EOWE7106 &amp;#8211; Copie\" data-image-description=\"\" data-image-caption=\"\" data-large-file=\"https:\/\/i0.wp.com\/patrimoine-avesnois.fr\/chemin\/wp-content\/uploads\/2025\/02\/EOWE7106-Copie-1.jpg?fit=769%2C953&amp;ssl=1\" src=\"https:\/\/i0.wp.com\/patrimoine-avesnois.fr\/chemin\/wp-content\/uploads\/2025\/02\/EOWE7106-Copie-1.jpg?resize=769%2C953&#038;ssl=1\" alt=\"\" class=\"wp-image-21173\" style=\"width:350px\" srcset=\"https:\/\/i0.wp.com\/patrimoine-avesnois.fr\/chemin\/wp-content\/uploads\/2025\/02\/EOWE7106-Copie-1.jpg?w=769&amp;ssl=1 769w, https:\/\/i0.wp.com\/patrimoine-avesnois.fr\/chemin\/wp-content\/uploads\/2025\/02\/EOWE7106-Copie-1.jpg?resize=242%2C300&amp;ssl=1 242w\" sizes=\"auto, (max-width: 769px) 85vw, 769px\" \/><figcaption class=\"wp-element-caption\"> <em>Le Christ en croix, dans le choeur.<\/em> Photo 2025<\/figcaption><\/figure>\n<\/div>\n\n<div class=\"wp-block-image\">\n<figure class=\"aligncenter is-resized\"><img decoding=\"async\" src=\"https:\/\/upload.wikimedia.org\/wikipedia\/commons\/thumb\/f\/fa\/Ferri%C3%A8re-la-Grande_%C3%A9glise_12.JPG\/450px-Ferri%C3%A8re-la-Grande_%C3%A9glise_12.JPG\" alt=\"Fichier: Ferri\u00c3\u0083\u00c2\u00a8re-la-Grande \u00c3\u0083\u00c2\u00a9glise 12.JPG\" style=\"width:384px\"\/><figcaption class=\"wp-element-caption\"> Autel du transept 2012<\/figcaption><\/figure>\n<\/div>\n\n<div class=\"wp-block-image is-resized\">\n<figure class=\"aligncenter\"><img loading=\"lazy\" decoding=\"async\" width=\"2588\" height=\"3451\" data-attachment-id=\"2462\" data-permalink=\"https:\/\/patrimoine-avesnois.fr\/chemin\/ferriere-la-grande\/p1010015-2\/\" data-orig-file=\"https:\/\/i0.wp.com\/patrimoine-avesnois.fr\/chemin\/wp-content\/uploads\/2019\/04\/P1010015-1.jpg?fit=2588%2C3451&amp;ssl=1\" data-orig-size=\"2588,3451\" data-comments-opened=\"1\" data-image-meta=\"{&quot;aperture&quot;:&quot;3.1&quot;,&quot;credit&quot;:&quot;&quot;,&quot;camera&quot;:&quot;DMC-SZ10&quot;,&quot;caption&quot;:&quot;&quot;,&quot;created_timestamp&quot;:&quot;1556537175&quot;,&quot;copyright&quot;:&quot;&quot;,&quot;focal_length&quot;:&quot;4.3&quot;,&quot;iso&quot;:&quot;800&quot;,&quot;shutter_speed&quot;:&quot;0.008&quot;,&quot;title&quot;:&quot;&quot;,&quot;orientation&quot;:&quot;1&quot;}\" data-image-title=\"P1010015\" data-image-description=\"\" data-image-caption=\"\" data-large-file=\"https:\/\/i0.wp.com\/patrimoine-avesnois.fr\/chemin\/wp-content\/uploads\/2019\/04\/P1010015-1.jpg?fit=768%2C1024&amp;ssl=1\" src=\"https:\/\/i0.wp.com\/patrimoine-avesnois.fr\/chemin\/wp-content\/uploads\/2019\/04\/P1010015-1.jpg?fit=768%2C1024\" alt=\"\" class=\"wp-image-2462\" style=\"width:384px\" srcset=\"https:\/\/i0.wp.com\/patrimoine-avesnois.fr\/chemin\/wp-content\/uploads\/2019\/04\/P1010015-1.jpg?w=2588&amp;ssl=1 2588w, https:\/\/i0.wp.com\/patrimoine-avesnois.fr\/chemin\/wp-content\/uploads\/2019\/04\/P1010015-1.jpg?resize=225%2C300&amp;ssl=1 225w, https:\/\/i0.wp.com\/patrimoine-avesnois.fr\/chemin\/wp-content\/uploads\/2019\/04\/P1010015-1.jpg?resize=768%2C1024&amp;ssl=1 768w, https:\/\/i0.wp.com\/patrimoine-avesnois.fr\/chemin\/wp-content\/uploads\/2019\/04\/P1010015-1.jpg?resize=1200%2C1600&amp;ssl=1 1200w, https:\/\/i0.wp.com\/patrimoine-avesnois.fr\/chemin\/wp-content\/uploads\/2019\/04\/P1010015-1.jpg?w=1680 1680w, https:\/\/i0.wp.com\/patrimoine-avesnois.fr\/chemin\/wp-content\/uploads\/2019\/04\/P1010015-1.jpg?w=2520 2520w\" sizes=\"auto, (max-width: 709px) 85vw, (max-width: 909px) 67vw, (max-width: 1362px) 62vw, 840px\" \/><figcaption class=\"wp-element-caption\"> <em>Autel du transept 2019<\/em> <\/figcaption><\/figure>\n<\/div>\n\n<div class=\"wp-block-image\">\n<figure class=\"aligncenter size-large is-resized\"><img data-recalc-dims=\"1\" loading=\"lazy\" decoding=\"async\" width=\"607\" height=\"1024\" data-attachment-id=\"21174\" data-permalink=\"https:\/\/patrimoine-avesnois.fr\/chemin\/ferriere-la-grande\/nprk2967-copie\/\" data-orig-file=\"https:\/\/i0.wp.com\/patrimoine-avesnois.fr\/chemin\/wp-content\/uploads\/2025\/02\/NPRK2967-Copie.jpg?fit=769%2C1297&amp;ssl=1\" data-orig-size=\"769,1297\" data-comments-opened=\"1\" data-image-meta=\"{&quot;aperture&quot;:&quot;0&quot;,&quot;credit&quot;:&quot;&quot;,&quot;camera&quot;:&quot;&quot;,&quot;caption&quot;:&quot;&quot;,&quot;created_timestamp&quot;:&quot;0&quot;,&quot;copyright&quot;:&quot;&quot;,&quot;focal_length&quot;:&quot;0&quot;,&quot;iso&quot;:&quot;0&quot;,&quot;shutter_speed&quot;:&quot;0&quot;,&quot;title&quot;:&quot;&quot;,&quot;orientation&quot;:&quot;0&quot;}\" data-image-title=\"NPRK2967 &amp;#8211; Copie\" data-image-description=\"\" data-image-caption=\"\" data-large-file=\"https:\/\/i0.wp.com\/patrimoine-avesnois.fr\/chemin\/wp-content\/uploads\/2025\/02\/NPRK2967-Copie.jpg?fit=607%2C1024&amp;ssl=1\" src=\"https:\/\/i0.wp.com\/patrimoine-avesnois.fr\/chemin\/wp-content\/uploads\/2025\/02\/NPRK2967-Copie-607x1024.jpg?resize=607%2C1024&#038;ssl=1\" alt=\"\" class=\"wp-image-21174\" style=\"width:384px\" srcset=\"https:\/\/i0.wp.com\/patrimoine-avesnois.fr\/chemin\/wp-content\/uploads\/2025\/02\/NPRK2967-Copie.jpg?resize=607%2C1024&amp;ssl=1 607w, https:\/\/i0.wp.com\/patrimoine-avesnois.fr\/chemin\/wp-content\/uploads\/2025\/02\/NPRK2967-Copie.jpg?resize=178%2C300&amp;ssl=1 178w, https:\/\/i0.wp.com\/patrimoine-avesnois.fr\/chemin\/wp-content\/uploads\/2025\/02\/NPRK2967-Copie.jpg?resize=768%2C1295&amp;ssl=1 768w, https:\/\/i0.wp.com\/patrimoine-avesnois.fr\/chemin\/wp-content\/uploads\/2025\/02\/NPRK2967-Copie.jpg?w=769&amp;ssl=1 769w\" sizes=\"auto, (max-width: 607px) 85vw, 607px\" \/><figcaption class=\"wp-element-caption\">Le B\u00e9nitier<\/figcaption><\/figure>\n<\/div>\n\n<div class=\"wp-block-image is-resized\">\n<figure class=\"aligncenter\"><img loading=\"lazy\" decoding=\"async\" width=\"2589\" height=\"3451\" data-attachment-id=\"2464\" data-permalink=\"https:\/\/patrimoine-avesnois.fr\/chemin\/ferriere-la-grande\/p1010014-2\/\" data-orig-file=\"https:\/\/i0.wp.com\/patrimoine-avesnois.fr\/chemin\/wp-content\/uploads\/2019\/04\/P1010014-1.jpg?fit=2589%2C3451&amp;ssl=1\" data-orig-size=\"2589,3451\" data-comments-opened=\"1\" data-image-meta=\"{&quot;aperture&quot;:&quot;3.1&quot;,&quot;credit&quot;:&quot;&quot;,&quot;camera&quot;:&quot;DMC-SZ10&quot;,&quot;caption&quot;:&quot;&quot;,&quot;created_timestamp&quot;:&quot;1556537164&quot;,&quot;copyright&quot;:&quot;&quot;,&quot;focal_length&quot;:&quot;4.3&quot;,&quot;iso&quot;:&quot;400&quot;,&quot;shutter_speed&quot;:&quot;0.01&quot;,&quot;title&quot;:&quot;&quot;,&quot;orientation&quot;:&quot;1&quot;}\" data-image-title=\"P1010014\" data-image-description=\"\" data-image-caption=\"\" data-large-file=\"https:\/\/i0.wp.com\/patrimoine-avesnois.fr\/chemin\/wp-content\/uploads\/2019\/04\/P1010014-1.jpg?fit=768%2C1024&amp;ssl=1\" src=\"https:\/\/i2.wp.com\/patrimoine-avesnois.fr\/chemin\/wp-content\/uploads\/2019\/04\/P1010014-1.jpg?fit=768%2C1024\" alt=\"\" class=\"wp-image-2464\" srcset=\"https:\/\/i0.wp.com\/patrimoine-avesnois.fr\/chemin\/wp-content\/uploads\/2019\/04\/P1010014-1.jpg?w=2589&amp;ssl=1 2589w, https:\/\/i0.wp.com\/patrimoine-avesnois.fr\/chemin\/wp-content\/uploads\/2019\/04\/P1010014-1.jpg?resize=225%2C300&amp;ssl=1 225w, https:\/\/i0.wp.com\/patrimoine-avesnois.fr\/chemin\/wp-content\/uploads\/2019\/04\/P1010014-1.jpg?resize=768%2C1024&amp;ssl=1 768w, https:\/\/i0.wp.com\/patrimoine-avesnois.fr\/chemin\/wp-content\/uploads\/2019\/04\/P1010014-1.jpg?resize=1200%2C1600&amp;ssl=1 1200w, https:\/\/i0.wp.com\/patrimoine-avesnois.fr\/chemin\/wp-content\/uploads\/2019\/04\/P1010014-1.jpg?w=1680 1680w, https:\/\/i0.wp.com\/patrimoine-avesnois.fr\/chemin\/wp-content\/uploads\/2019\/04\/P1010014-1.jpg?w=2520 2520w\" sizes=\"auto, (max-width: 709px) 85vw, (max-width: 909px) 67vw, (max-width: 1362px) 62vw, 840px\" \/><figcaption class=\"wp-element-caption\">Fonts baptismaux<\/figcaption><\/figure>\n<\/div>\n\n\n<figure class=\"wp-block-gallery has-nested-images columns-default is-cropped wp-block-gallery-1 is-layout-flex wp-block-gallery-is-layout-flex\">\n<figure class=\"wp-block-image size-large\"><img data-recalc-dims=\"1\" loading=\"lazy\" decoding=\"async\" width=\"492\" height=\"1024\" data-attachment-id=\"21176\" data-permalink=\"https:\/\/patrimoine-avesnois.fr\/chemin\/ferriere-la-grande\/jsgd2495\/\" data-orig-file=\"https:\/\/i0.wp.com\/patrimoine-avesnois.fr\/chemin\/wp-content\/uploads\/2025\/02\/JSGD2495.jpg?fit=769%2C1600&amp;ssl=1\" data-orig-size=\"769,1600\" data-comments-opened=\"1\" data-image-meta=\"{&quot;aperture&quot;:&quot;0&quot;,&quot;credit&quot;:&quot;&quot;,&quot;camera&quot;:&quot;&quot;,&quot;caption&quot;:&quot;&quot;,&quot;created_timestamp&quot;:&quot;0&quot;,&quot;copyright&quot;:&quot;&quot;,&quot;focal_length&quot;:&quot;0&quot;,&quot;iso&quot;:&quot;0&quot;,&quot;shutter_speed&quot;:&quot;0&quot;,&quot;title&quot;:&quot;&quot;,&quot;orientation&quot;:&quot;0&quot;}\" data-image-title=\"JSGD2495\" data-image-description=\"\" data-image-caption=\"\" data-large-file=\"https:\/\/i0.wp.com\/patrimoine-avesnois.fr\/chemin\/wp-content\/uploads\/2025\/02\/JSGD2495.jpg?fit=492%2C1024&amp;ssl=1\" data-id=\"21176\" src=\"https:\/\/i0.wp.com\/patrimoine-avesnois.fr\/chemin\/wp-content\/uploads\/2025\/02\/JSGD2495-492x1024.jpg?resize=492%2C1024&#038;ssl=1\" alt=\"\" class=\"wp-image-21176\" srcset=\"https:\/\/i0.wp.com\/patrimoine-avesnois.fr\/chemin\/wp-content\/uploads\/2025\/02\/JSGD2495.jpg?resize=492%2C1024&amp;ssl=1 492w, https:\/\/i0.wp.com\/patrimoine-avesnois.fr\/chemin\/wp-content\/uploads\/2025\/02\/JSGD2495.jpg?resize=144%2C300&amp;ssl=1 144w, https:\/\/i0.wp.com\/patrimoine-avesnois.fr\/chemin\/wp-content\/uploads\/2025\/02\/JSGD2495.jpg?resize=768%2C1598&amp;ssl=1 768w, https:\/\/i0.wp.com\/patrimoine-avesnois.fr\/chemin\/wp-content\/uploads\/2025\/02\/JSGD2495.jpg?resize=738%2C1536&amp;ssl=1 738w, https:\/\/i0.wp.com\/patrimoine-avesnois.fr\/chemin\/wp-content\/uploads\/2025\/02\/JSGD2495.jpg?w=769&amp;ssl=1 769w\" sizes=\"auto, (max-width: 492px) 85vw, 492px\" \/><\/figure>\n\n\n\n<figure class=\"wp-block-image size-large\"><img data-recalc-dims=\"1\" loading=\"lazy\" decoding=\"async\" width=\"492\" height=\"1024\" data-attachment-id=\"21177\" data-permalink=\"https:\/\/patrimoine-avesnois.fr\/chemin\/ferriere-la-grande\/ktdd2306\/\" data-orig-file=\"https:\/\/i0.wp.com\/patrimoine-avesnois.fr\/chemin\/wp-content\/uploads\/2025\/02\/KTDD2306.jpg?fit=769%2C1600&amp;ssl=1\" data-orig-size=\"769,1600\" data-comments-opened=\"1\" data-image-meta=\"{&quot;aperture&quot;:&quot;0&quot;,&quot;credit&quot;:&quot;&quot;,&quot;camera&quot;:&quot;&quot;,&quot;caption&quot;:&quot;&quot;,&quot;created_timestamp&quot;:&quot;0&quot;,&quot;copyright&quot;:&quot;&quot;,&quot;focal_length&quot;:&quot;0&quot;,&quot;iso&quot;:&quot;0&quot;,&quot;shutter_speed&quot;:&quot;0&quot;,&quot;title&quot;:&quot;&quot;,&quot;orientation&quot;:&quot;0&quot;}\" data-image-title=\"KTDD2306\" data-image-description=\"\" data-image-caption=\"\" data-large-file=\"https:\/\/i0.wp.com\/patrimoine-avesnois.fr\/chemin\/wp-content\/uploads\/2025\/02\/KTDD2306.jpg?fit=492%2C1024&amp;ssl=1\" data-id=\"21177\" src=\"https:\/\/i0.wp.com\/patrimoine-avesnois.fr\/chemin\/wp-content\/uploads\/2025\/02\/KTDD2306-492x1024.jpg?resize=492%2C1024&#038;ssl=1\" alt=\"\" class=\"wp-image-21177\" srcset=\"https:\/\/i0.wp.com\/patrimoine-avesnois.fr\/chemin\/wp-content\/uploads\/2025\/02\/KTDD2306.jpg?resize=492%2C1024&amp;ssl=1 492w, https:\/\/i0.wp.com\/patrimoine-avesnois.fr\/chemin\/wp-content\/uploads\/2025\/02\/KTDD2306.jpg?resize=144%2C300&amp;ssl=1 144w, https:\/\/i0.wp.com\/patrimoine-avesnois.fr\/chemin\/wp-content\/uploads\/2025\/02\/KTDD2306.jpg?resize=768%2C1598&amp;ssl=1 768w, https:\/\/i0.wp.com\/patrimoine-avesnois.fr\/chemin\/wp-content\/uploads\/2025\/02\/KTDD2306.jpg?resize=738%2C1536&amp;ssl=1 738w, https:\/\/i0.wp.com\/patrimoine-avesnois.fr\/chemin\/wp-content\/uploads\/2025\/02\/KTDD2306.jpg?w=769&amp;ssl=1 769w\" sizes=\"auto, (max-width: 492px) 85vw, 492px\" \/><\/figure>\n<\/figure>\n\n\n<div class=\"wp-block-image\">\n<figure class=\"aligncenter is-resized\"><img loading=\"lazy\" decoding=\"async\" width=\"2588\" height=\"3451\" data-attachment-id=\"2466\" data-permalink=\"https:\/\/patrimoine-avesnois.fr\/chemin\/ferriere-la-grande\/p1010013-2\/\" data-orig-file=\"https:\/\/i0.wp.com\/patrimoine-avesnois.fr\/chemin\/wp-content\/uploads\/2019\/04\/P1010013-1.jpg?fit=2588%2C3451&amp;ssl=1\" data-orig-size=\"2588,3451\" data-comments-opened=\"1\" data-image-meta=\"{&quot;aperture&quot;:&quot;3.1&quot;,&quot;credit&quot;:&quot;&quot;,&quot;camera&quot;:&quot;DMC-SZ10&quot;,&quot;caption&quot;:&quot;&quot;,&quot;created_timestamp&quot;:&quot;1556537149&quot;,&quot;copyright&quot;:&quot;&quot;,&quot;focal_length&quot;:&quot;4.3&quot;,&quot;iso&quot;:&quot;320&quot;,&quot;shutter_speed&quot;:&quot;0.008&quot;,&quot;title&quot;:&quot;&quot;,&quot;orientation&quot;:&quot;1&quot;}\" data-image-title=\"P1010013\" data-image-description=\"\" data-image-caption=\"\" data-large-file=\"https:\/\/i0.wp.com\/patrimoine-avesnois.fr\/chemin\/wp-content\/uploads\/2019\/04\/P1010013-1.jpg?fit=768%2C1024&amp;ssl=1\" src=\"https:\/\/i2.wp.com\/patrimoine-avesnois.fr\/chemin\/wp-content\/uploads\/2019\/04\/P1010013-1.jpg?fit=768%2C1024\" alt=\"\" class=\"wp-image-2466\" style=\"width:488px;height:auto\" srcset=\"https:\/\/i0.wp.com\/patrimoine-avesnois.fr\/chemin\/wp-content\/uploads\/2019\/04\/P1010013-1.jpg?w=2588&amp;ssl=1 2588w, https:\/\/i0.wp.com\/patrimoine-avesnois.fr\/chemin\/wp-content\/uploads\/2019\/04\/P1010013-1.jpg?resize=225%2C300&amp;ssl=1 225w, https:\/\/i0.wp.com\/patrimoine-avesnois.fr\/chemin\/wp-content\/uploads\/2019\/04\/P1010013-1.jpg?resize=768%2C1024&amp;ssl=1 768w, https:\/\/i0.wp.com\/patrimoine-avesnois.fr\/chemin\/wp-content\/uploads\/2019\/04\/P1010013-1.jpg?resize=1200%2C1600&amp;ssl=1 1200w, https:\/\/i0.wp.com\/patrimoine-avesnois.fr\/chemin\/wp-content\/uploads\/2019\/04\/P1010013-1.jpg?w=1680 1680w, https:\/\/i0.wp.com\/patrimoine-avesnois.fr\/chemin\/wp-content\/uploads\/2019\/04\/P1010013-1.jpg?w=2520 2520w\" sizes=\"auto, (max-width: 709px) 85vw, (max-width: 909px) 67vw, (max-width: 1362px) 62vw, 840px\" \/><figcaption class=\"wp-element-caption\">Confessionnal<\/figcaption><\/figure>\n<\/div>\n\n\n<figure class=\"wp-block-gallery has-nested-images columns-default is-cropped wp-block-gallery-2 is-layout-flex wp-block-gallery-is-layout-flex\">\n<figure class=\"wp-block-image size-large\"><img data-recalc-dims=\"1\" loading=\"lazy\" decoding=\"async\" width=\"769\" height=\"961\" data-attachment-id=\"21180\" data-permalink=\"https:\/\/patrimoine-avesnois.fr\/chemin\/ferriere-la-grande\/copie-euvg2323\/\" data-orig-file=\"https:\/\/i0.wp.com\/patrimoine-avesnois.fr\/chemin\/wp-content\/uploads\/2025\/02\/copie-EUVG2323.jpg?fit=769%2C961&amp;ssl=1\" data-orig-size=\"769,961\" data-comments-opened=\"1\" data-image-meta=\"{&quot;aperture&quot;:&quot;0&quot;,&quot;credit&quot;:&quot;&quot;,&quot;camera&quot;:&quot;&quot;,&quot;caption&quot;:&quot;&quot;,&quot;created_timestamp&quot;:&quot;0&quot;,&quot;copyright&quot;:&quot;&quot;,&quot;focal_length&quot;:&quot;0&quot;,&quot;iso&quot;:&quot;0&quot;,&quot;shutter_speed&quot;:&quot;0&quot;,&quot;title&quot;:&quot;&quot;,&quot;orientation&quot;:&quot;0&quot;}\" data-image-title=\"copie EUVG2323\" data-image-description=\"\" data-image-caption=\"\" data-large-file=\"https:\/\/i0.wp.com\/patrimoine-avesnois.fr\/chemin\/wp-content\/uploads\/2025\/02\/copie-EUVG2323.jpg?fit=769%2C961&amp;ssl=1\" data-id=\"21180\" src=\"https:\/\/i0.wp.com\/patrimoine-avesnois.fr\/chemin\/wp-content\/uploads\/2025\/02\/copie-EUVG2323.jpg?resize=769%2C961&#038;ssl=1\" alt=\"\" class=\"wp-image-21180\" srcset=\"https:\/\/i0.wp.com\/patrimoine-avesnois.fr\/chemin\/wp-content\/uploads\/2025\/02\/copie-EUVG2323.jpg?w=769&amp;ssl=1 769w, https:\/\/i0.wp.com\/patrimoine-avesnois.fr\/chemin\/wp-content\/uploads\/2025\/02\/copie-EUVG2323.jpg?resize=240%2C300&amp;ssl=1 240w\" sizes=\"auto, (max-width: 769px) 85vw, 769px\" \/><\/figure>\n\n\n\n<figure class=\"wp-block-image size-large\"><img data-recalc-dims=\"1\" loading=\"lazy\" decoding=\"async\" width=\"546\" height=\"1024\" data-attachment-id=\"21181\" data-permalink=\"https:\/\/patrimoine-avesnois.fr\/chemin\/ferriere-la-grande\/wtfa0621-2\/\" data-orig-file=\"https:\/\/i0.wp.com\/patrimoine-avesnois.fr\/chemin\/wp-content\/uploads\/2025\/02\/WTFA0621-1.jpg?fit=729%2C1366&amp;ssl=1\" data-orig-size=\"729,1366\" data-comments-opened=\"1\" data-image-meta=\"{&quot;aperture&quot;:&quot;0&quot;,&quot;credit&quot;:&quot;&quot;,&quot;camera&quot;:&quot;&quot;,&quot;caption&quot;:&quot;&quot;,&quot;created_timestamp&quot;:&quot;0&quot;,&quot;copyright&quot;:&quot;&quot;,&quot;focal_length&quot;:&quot;0&quot;,&quot;iso&quot;:&quot;0&quot;,&quot;shutter_speed&quot;:&quot;0&quot;,&quot;title&quot;:&quot;&quot;,&quot;orientation&quot;:&quot;0&quot;}\" data-image-title=\"WTFA0621\" data-image-description=\"\" data-image-caption=\"\" data-large-file=\"https:\/\/i0.wp.com\/patrimoine-avesnois.fr\/chemin\/wp-content\/uploads\/2025\/02\/WTFA0621-1.jpg?fit=546%2C1024&amp;ssl=1\" data-id=\"21181\" src=\"https:\/\/i0.wp.com\/patrimoine-avesnois.fr\/chemin\/wp-content\/uploads\/2025\/02\/WTFA0621-1-546x1024.jpg?resize=546%2C1024&#038;ssl=1\" alt=\"\" class=\"wp-image-21181\" srcset=\"https:\/\/i0.wp.com\/patrimoine-avesnois.fr\/chemin\/wp-content\/uploads\/2025\/02\/WTFA0621-1.jpg?resize=546%2C1024&amp;ssl=1 546w, https:\/\/i0.wp.com\/patrimoine-avesnois.fr\/chemin\/wp-content\/uploads\/2025\/02\/WTFA0621-1.jpg?resize=160%2C300&amp;ssl=1 160w, https:\/\/i0.wp.com\/patrimoine-avesnois.fr\/chemin\/wp-content\/uploads\/2025\/02\/WTFA0621-1.jpg?w=729&amp;ssl=1 729w\" sizes=\"auto, (max-width: 546px) 85vw, 546px\" \/><\/figure>\n<\/figure>\n\n\n<div class=\"wp-block-image\">\n<figure class=\"aligncenter is-resized\"><img loading=\"lazy\" decoding=\"async\" width=\"2589\" height=\"4029\" data-attachment-id=\"2471\" data-permalink=\"https:\/\/patrimoine-avesnois.fr\/chemin\/ferriere-la-grande\/p1010022-2\/\" data-orig-file=\"https:\/\/i0.wp.com\/patrimoine-avesnois.fr\/chemin\/wp-content\/uploads\/2019\/04\/P1010022-1.jpg?fit=2589%2C4029&amp;ssl=1\" data-orig-size=\"2589,4029\" data-comments-opened=\"1\" data-image-meta=\"{&quot;aperture&quot;:&quot;3.8&quot;,&quot;credit&quot;:&quot;&quot;,&quot;camera&quot;:&quot;DMC-SZ10&quot;,&quot;caption&quot;:&quot;&quot;,&quot;created_timestamp&quot;:&quot;1556537307&quot;,&quot;copyright&quot;:&quot;&quot;,&quot;focal_length&quot;:&quot;7.7&quot;,&quot;iso&quot;:&quot;800&quot;,&quot;shutter_speed&quot;:&quot;0.008&quot;,&quot;title&quot;:&quot;&quot;,&quot;orientation&quot;:&quot;1&quot;}\" data-image-title=\"P1010022\" data-image-description=\"\" data-image-caption=\"\" data-large-file=\"https:\/\/i0.wp.com\/patrimoine-avesnois.fr\/chemin\/wp-content\/uploads\/2019\/04\/P1010022-1.jpg?fit=658%2C1024&amp;ssl=1\" src=\"https:\/\/i2.wp.com\/patrimoine-avesnois.fr\/chemin\/wp-content\/uploads\/2019\/04\/P1010022-1.jpg?fit=658%2C1024\" alt=\"\" class=\"wp-image-2471\" style=\"width:425px;height:auto\" srcset=\"https:\/\/i0.wp.com\/patrimoine-avesnois.fr\/chemin\/wp-content\/uploads\/2019\/04\/P1010022-1.jpg?w=2589&amp;ssl=1 2589w, https:\/\/i0.wp.com\/patrimoine-avesnois.fr\/chemin\/wp-content\/uploads\/2019\/04\/P1010022-1.jpg?resize=193%2C300&amp;ssl=1 193w, https:\/\/i0.wp.com\/patrimoine-avesnois.fr\/chemin\/wp-content\/uploads\/2019\/04\/P1010022-1.jpg?resize=768%2C1195&amp;ssl=1 768w, https:\/\/i0.wp.com\/patrimoine-avesnois.fr\/chemin\/wp-content\/uploads\/2019\/04\/P1010022-1.jpg?resize=658%2C1024&amp;ssl=1 658w, https:\/\/i0.wp.com\/patrimoine-avesnois.fr\/chemin\/wp-content\/uploads\/2019\/04\/P1010022-1.jpg?resize=1200%2C1867&amp;ssl=1 1200w, https:\/\/i0.wp.com\/patrimoine-avesnois.fr\/chemin\/wp-content\/uploads\/2019\/04\/P1010022-1.jpg?w=1680 1680w, https:\/\/i0.wp.com\/patrimoine-avesnois.fr\/chemin\/wp-content\/uploads\/2019\/04\/P1010022-1.jpg?w=2520 2520w\" sizes=\"auto, (max-width: 709px) 85vw, (max-width: 909px) 67vw, (max-width: 1362px) 62vw, 840px\" \/><figcaption class=\"wp-element-caption\">Vitrail<\/figcaption><\/figure>\n<\/div>\n\n\n<figure class=\"wp-block-gallery has-nested-images columns-default is-cropped wp-block-gallery-3 is-layout-flex wp-block-gallery-is-layout-flex\">\n<figure class=\"wp-block-image size-large\"><img data-recalc-dims=\"1\" loading=\"lazy\" decoding=\"async\" width=\"643\" height=\"1024\" data-attachment-id=\"21182\" data-permalink=\"https:\/\/patrimoine-avesnois.fr\/chemin\/ferriere-la-grande\/copie-fjih6832\/\" data-orig-file=\"https:\/\/i0.wp.com\/patrimoine-avesnois.fr\/chemin\/wp-content\/uploads\/2025\/02\/copie-FJIH6832.jpg?fit=769%2C1225&amp;ssl=1\" data-orig-size=\"769,1225\" data-comments-opened=\"1\" data-image-meta=\"{&quot;aperture&quot;:&quot;0&quot;,&quot;credit&quot;:&quot;&quot;,&quot;camera&quot;:&quot;&quot;,&quot;caption&quot;:&quot;&quot;,&quot;created_timestamp&quot;:&quot;0&quot;,&quot;copyright&quot;:&quot;&quot;,&quot;focal_length&quot;:&quot;0&quot;,&quot;iso&quot;:&quot;0&quot;,&quot;shutter_speed&quot;:&quot;0&quot;,&quot;title&quot;:&quot;&quot;,&quot;orientation&quot;:&quot;0&quot;}\" data-image-title=\"copie FJIH6832\" data-image-description=\"\" data-image-caption=\"\" data-large-file=\"https:\/\/i0.wp.com\/patrimoine-avesnois.fr\/chemin\/wp-content\/uploads\/2025\/02\/copie-FJIH6832.jpg?fit=643%2C1024&amp;ssl=1\" data-id=\"21182\" src=\"https:\/\/i0.wp.com\/patrimoine-avesnois.fr\/chemin\/wp-content\/uploads\/2025\/02\/copie-FJIH6832-643x1024.jpg?resize=643%2C1024&#038;ssl=1\" alt=\"\" class=\"wp-image-21182\" srcset=\"https:\/\/i0.wp.com\/patrimoine-avesnois.fr\/chemin\/wp-content\/uploads\/2025\/02\/copie-FJIH6832.jpg?resize=643%2C1024&amp;ssl=1 643w, https:\/\/i0.wp.com\/patrimoine-avesnois.fr\/chemin\/wp-content\/uploads\/2025\/02\/copie-FJIH6832.jpg?resize=188%2C300&amp;ssl=1 188w, https:\/\/i0.wp.com\/patrimoine-avesnois.fr\/chemin\/wp-content\/uploads\/2025\/02\/copie-FJIH6832.jpg?resize=768%2C1223&amp;ssl=1 768w, https:\/\/i0.wp.com\/patrimoine-avesnois.fr\/chemin\/wp-content\/uploads\/2025\/02\/copie-FJIH6832.jpg?w=769&amp;ssl=1 769w\" sizes=\"auto, (max-width: 643px) 85vw, 643px\" \/><\/figure>\n\n\n\n<figure class=\"wp-block-image size-large\"><img data-recalc-dims=\"1\" loading=\"lazy\" decoding=\"async\" width=\"643\" height=\"1024\" data-attachment-id=\"21183\" data-permalink=\"https:\/\/patrimoine-avesnois.fr\/chemin\/ferriere-la-grande\/kker3286\/\" data-orig-file=\"https:\/\/i0.wp.com\/patrimoine-avesnois.fr\/chemin\/wp-content\/uploads\/2025\/02\/KKER3286.jpg?fit=769%2C1225&amp;ssl=1\" data-orig-size=\"769,1225\" data-comments-opened=\"1\" data-image-meta=\"{&quot;aperture&quot;:&quot;0&quot;,&quot;credit&quot;:&quot;&quot;,&quot;camera&quot;:&quot;&quot;,&quot;caption&quot;:&quot;&quot;,&quot;created_timestamp&quot;:&quot;0&quot;,&quot;copyright&quot;:&quot;&quot;,&quot;focal_length&quot;:&quot;0&quot;,&quot;iso&quot;:&quot;0&quot;,&quot;shutter_speed&quot;:&quot;0&quot;,&quot;title&quot;:&quot;&quot;,&quot;orientation&quot;:&quot;0&quot;}\" data-image-title=\"KKER3286\" data-image-description=\"\" data-image-caption=\"\" data-large-file=\"https:\/\/i0.wp.com\/patrimoine-avesnois.fr\/chemin\/wp-content\/uploads\/2025\/02\/KKER3286.jpg?fit=643%2C1024&amp;ssl=1\" data-id=\"21183\" src=\"https:\/\/i0.wp.com\/patrimoine-avesnois.fr\/chemin\/wp-content\/uploads\/2025\/02\/KKER3286-643x1024.jpg?resize=643%2C1024&#038;ssl=1\" alt=\"\" class=\"wp-image-21183\" srcset=\"https:\/\/i0.wp.com\/patrimoine-avesnois.fr\/chemin\/wp-content\/uploads\/2025\/02\/KKER3286.jpg?resize=643%2C1024&amp;ssl=1 643w, https:\/\/i0.wp.com\/patrimoine-avesnois.fr\/chemin\/wp-content\/uploads\/2025\/02\/KKER3286.jpg?resize=188%2C300&amp;ssl=1 188w, https:\/\/i0.wp.com\/patrimoine-avesnois.fr\/chemin\/wp-content\/uploads\/2025\/02\/KKER3286.jpg?resize=768%2C1223&amp;ssl=1 768w, https:\/\/i0.wp.com\/patrimoine-avesnois.fr\/chemin\/wp-content\/uploads\/2025\/02\/KKER3286.jpg?w=769&amp;ssl=1 769w\" sizes=\"auto, (max-width: 643px) 85vw, 643px\" \/><\/figure>\n<\/figure>\n\n\n<div class=\"wp-block-image is-resized\">\n<figure class=\"aligncenter\"><img loading=\"lazy\" decoding=\"async\" width=\"2589\" height=\"3450\" data-attachment-id=\"2473\" data-permalink=\"https:\/\/patrimoine-avesnois.fr\/chemin\/ferriere-la-grande\/p1010025-2\/\" data-orig-file=\"https:\/\/i0.wp.com\/patrimoine-avesnois.fr\/chemin\/wp-content\/uploads\/2019\/04\/P1010025-1.jpg?fit=2589%2C3450&amp;ssl=1\" data-orig-size=\"2589,3450\" data-comments-opened=\"1\" data-image-meta=\"{&quot;aperture&quot;:&quot;3.1&quot;,&quot;credit&quot;:&quot;&quot;,&quot;camera&quot;:&quot;DMC-SZ10&quot;,&quot;caption&quot;:&quot;&quot;,&quot;created_timestamp&quot;:&quot;1556537394&quot;,&quot;copyright&quot;:&quot;&quot;,&quot;focal_length&quot;:&quot;4.3&quot;,&quot;iso&quot;:&quot;200&quot;,&quot;shutter_speed&quot;:&quot;0.016666666666667&quot;,&quot;title&quot;:&quot;&quot;,&quot;orientation&quot;:&quot;1&quot;}\" data-image-title=\"P1010025\" data-image-description=\"\" data-image-caption=\"\" data-large-file=\"https:\/\/i0.wp.com\/patrimoine-avesnois.fr\/chemin\/wp-content\/uploads\/2019\/04\/P1010025-1.jpg?fit=768%2C1024&amp;ssl=1\" src=\"https:\/\/i2.wp.com\/patrimoine-avesnois.fr\/chemin\/wp-content\/uploads\/2019\/04\/P1010025-1.jpg?fit=768%2C1024\" alt=\"\" class=\"wp-image-2473\" srcset=\"https:\/\/i0.wp.com\/patrimoine-avesnois.fr\/chemin\/wp-content\/uploads\/2019\/04\/P1010025-1.jpg?w=2589&amp;ssl=1 2589w, https:\/\/i0.wp.com\/patrimoine-avesnois.fr\/chemin\/wp-content\/uploads\/2019\/04\/P1010025-1.jpg?resize=225%2C300&amp;ssl=1 225w, https:\/\/i0.wp.com\/patrimoine-avesnois.fr\/chemin\/wp-content\/uploads\/2019\/04\/P1010025-1.jpg?resize=768%2C1024&amp;ssl=1 768w, https:\/\/i0.wp.com\/patrimoine-avesnois.fr\/chemin\/wp-content\/uploads\/2019\/04\/P1010025-1.jpg?resize=1200%2C1599&amp;ssl=1 1200w, https:\/\/i0.wp.com\/patrimoine-avesnois.fr\/chemin\/wp-content\/uploads\/2019\/04\/P1010025-1.jpg?w=1680 1680w, https:\/\/i0.wp.com\/patrimoine-avesnois.fr\/chemin\/wp-content\/uploads\/2019\/04\/P1010025-1.jpg?w=2520 2520w\" sizes=\"auto, (max-width: 709px) 85vw, (max-width: 909px) 67vw, (max-width: 1362px) 62vw, 840px\" \/><figcaption class=\"wp-element-caption\">Monument aux Morts <\/figcaption><\/figure>\n<\/div>\n\n<div class=\"wp-block-image\">\n<figure class=\"aligncenter size-large is-resized\"><img data-recalc-dims=\"1\" loading=\"lazy\" decoding=\"async\" width=\"626\" height=\"1024\" data-attachment-id=\"21184\" data-permalink=\"https:\/\/patrimoine-avesnois.fr\/chemin\/ferriere-la-grande\/wjnd1668-copie\/\" data-orig-file=\"https:\/\/i0.wp.com\/patrimoine-avesnois.fr\/chemin\/wp-content\/uploads\/2025\/02\/WJND1668-copie.jpg?fit=769%2C1257&amp;ssl=1\" data-orig-size=\"769,1257\" data-comments-opened=\"1\" data-image-meta=\"{&quot;aperture&quot;:&quot;0&quot;,&quot;credit&quot;:&quot;&quot;,&quot;camera&quot;:&quot;&quot;,&quot;caption&quot;:&quot;&quot;,&quot;created_timestamp&quot;:&quot;0&quot;,&quot;copyright&quot;:&quot;&quot;,&quot;focal_length&quot;:&quot;0&quot;,&quot;iso&quot;:&quot;0&quot;,&quot;shutter_speed&quot;:&quot;0&quot;,&quot;title&quot;:&quot;&quot;,&quot;orientation&quot;:&quot;0&quot;}\" data-image-title=\"WJND1668 copie\" data-image-description=\"\" data-image-caption=\"\" data-large-file=\"https:\/\/i0.wp.com\/patrimoine-avesnois.fr\/chemin\/wp-content\/uploads\/2025\/02\/WJND1668-copie.jpg?fit=626%2C1024&amp;ssl=1\" src=\"https:\/\/i0.wp.com\/patrimoine-avesnois.fr\/chemin\/wp-content\/uploads\/2025\/02\/WJND1668-copie-626x1024.jpg?resize=626%2C1024&#038;ssl=1\" alt=\"\" class=\"wp-image-21184\" style=\"width:435px\" srcset=\"https:\/\/i0.wp.com\/patrimoine-avesnois.fr\/chemin\/wp-content\/uploads\/2025\/02\/WJND1668-copie.jpg?resize=626%2C1024&amp;ssl=1 626w, https:\/\/i0.wp.com\/patrimoine-avesnois.fr\/chemin\/wp-content\/uploads\/2025\/02\/WJND1668-copie.jpg?resize=184%2C300&amp;ssl=1 184w, https:\/\/i0.wp.com\/patrimoine-avesnois.fr\/chemin\/wp-content\/uploads\/2025\/02\/WJND1668-copie.jpg?resize=768%2C1255&amp;ssl=1 768w, https:\/\/i0.wp.com\/patrimoine-avesnois.fr\/chemin\/wp-content\/uploads\/2025\/02\/WJND1668-copie.jpg?w=769&amp;ssl=1 769w\" sizes=\"auto, (max-width: 626px) 85vw, 626px\" \/><\/figure>\n<\/div>\n\n<div class=\"wp-block-image\">\n<figure class=\"aligncenter size-full is-resized\"><img data-recalc-dims=\"1\" loading=\"lazy\" decoding=\"async\" width=\"769\" height=\"870\" data-attachment-id=\"21186\" data-permalink=\"https:\/\/patrimoine-avesnois.fr\/chemin\/ferriere-la-grande\/twkc7612-copie-2\/\" data-orig-file=\"https:\/\/i0.wp.com\/patrimoine-avesnois.fr\/chemin\/wp-content\/uploads\/2025\/02\/TWKC7612-copie-1.jpg?fit=769%2C870&amp;ssl=1\" data-orig-size=\"769,870\" data-comments-opened=\"1\" data-image-meta=\"{&quot;aperture&quot;:&quot;0&quot;,&quot;credit&quot;:&quot;&quot;,&quot;camera&quot;:&quot;&quot;,&quot;caption&quot;:&quot;&quot;,&quot;created_timestamp&quot;:&quot;0&quot;,&quot;copyright&quot;:&quot;&quot;,&quot;focal_length&quot;:&quot;0&quot;,&quot;iso&quot;:&quot;0&quot;,&quot;shutter_speed&quot;:&quot;0&quot;,&quot;title&quot;:&quot;&quot;,&quot;orientation&quot;:&quot;0&quot;}\" data-image-title=\"TWKC7612 copie\" data-image-description=\"\" data-image-caption=\"\" data-large-file=\"https:\/\/i0.wp.com\/patrimoine-avesnois.fr\/chemin\/wp-content\/uploads\/2025\/02\/TWKC7612-copie-1.jpg?fit=769%2C870&amp;ssl=1\" src=\"https:\/\/i0.wp.com\/patrimoine-avesnois.fr\/chemin\/wp-content\/uploads\/2025\/02\/TWKC7612-copie-1.jpg?resize=769%2C870&#038;ssl=1\" alt=\"\" class=\"wp-image-21186\" style=\"width:470px;height:auto\" srcset=\"https:\/\/i0.wp.com\/patrimoine-avesnois.fr\/chemin\/wp-content\/uploads\/2025\/02\/TWKC7612-copie-1.jpg?w=769&amp;ssl=1 769w, https:\/\/i0.wp.com\/patrimoine-avesnois.fr\/chemin\/wp-content\/uploads\/2025\/02\/TWKC7612-copie-1.jpg?resize=265%2C300&amp;ssl=1 265w\" sizes=\"auto, (max-width: 769px) 85vw, 769px\" \/><figcaption class=\"wp-element-caption\">les Orgues<\/figcaption><\/figure>\n<\/div>\n\n<div class=\"wp-block-image\">\n<figure class=\"aligncenter size-large is-resized\"><img data-recalc-dims=\"1\" loading=\"lazy\" decoding=\"async\" width=\"840\" height=\"473\" data-attachment-id=\"21187\" data-permalink=\"https:\/\/patrimoine-avesnois.fr\/chemin\/ferriere-la-grande\/p1010024-2\/\" data-orig-file=\"https:\/\/i0.wp.com\/patrimoine-avesnois.fr\/chemin\/wp-content\/uploads\/2025\/02\/P1010024-scaled.jpg?fit=2560%2C1440&amp;ssl=1\" data-orig-size=\"2560,1440\" data-comments-opened=\"1\" data-image-meta=\"{&quot;aperture&quot;:&quot;3.8&quot;,&quot;credit&quot;:&quot;&quot;,&quot;camera&quot;:&quot;DMC-SZ10&quot;,&quot;caption&quot;:&quot;&quot;,&quot;created_timestamp&quot;:&quot;1556537340&quot;,&quot;copyright&quot;:&quot;&quot;,&quot;focal_length&quot;:&quot;7.7&quot;,&quot;iso&quot;:&quot;800&quot;,&quot;shutter_speed&quot;:&quot;0.16666666666667&quot;,&quot;title&quot;:&quot;&quot;,&quot;orientation&quot;:&quot;0&quot;}\" data-image-title=\"P1010024\" data-image-description=\"\" data-image-caption=\"\" data-large-file=\"https:\/\/i0.wp.com\/patrimoine-avesnois.fr\/chemin\/wp-content\/uploads\/2025\/02\/P1010024-scaled.jpg?fit=840%2C473&amp;ssl=1\" src=\"https:\/\/i0.wp.com\/patrimoine-avesnois.fr\/chemin\/wp-content\/uploads\/2025\/02\/P1010024-1024x576.jpg?resize=840%2C473&#038;ssl=1\" alt=\"\" class=\"wp-image-21187\" style=\"width:562px;height:auto\" srcset=\"https:\/\/i0.wp.com\/patrimoine-avesnois.fr\/chemin\/wp-content\/uploads\/2025\/02\/P1010024-scaled.jpg?resize=1024%2C576&amp;ssl=1 1024w, https:\/\/i0.wp.com\/patrimoine-avesnois.fr\/chemin\/wp-content\/uploads\/2025\/02\/P1010024-scaled.jpg?resize=300%2C169&amp;ssl=1 300w, https:\/\/i0.wp.com\/patrimoine-avesnois.fr\/chemin\/wp-content\/uploads\/2025\/02\/P1010024-scaled.jpg?resize=768%2C432&amp;ssl=1 768w, https:\/\/i0.wp.com\/patrimoine-avesnois.fr\/chemin\/wp-content\/uploads\/2025\/02\/P1010024-scaled.jpg?resize=1536%2C864&amp;ssl=1 1536w, https:\/\/i0.wp.com\/patrimoine-avesnois.fr\/chemin\/wp-content\/uploads\/2025\/02\/P1010024-scaled.jpg?resize=2048%2C1152&amp;ssl=1 2048w, https:\/\/i0.wp.com\/patrimoine-avesnois.fr\/chemin\/wp-content\/uploads\/2025\/02\/P1010024-scaled.jpg?resize=1200%2C675&amp;ssl=1 1200w, https:\/\/i0.wp.com\/patrimoine-avesnois.fr\/chemin\/wp-content\/uploads\/2025\/02\/P1010024-scaled.jpg?w=1680 1680w, https:\/\/i0.wp.com\/patrimoine-avesnois.fr\/chemin\/wp-content\/uploads\/2025\/02\/P1010024-scaled.jpg?w=2520 2520w\" sizes=\"auto, (max-width: 709px) 85vw, (max-width: 909px) 67vw, (max-width: 1362px) 62vw, 840px\" \/><figcaption class=\"wp-element-caption\">Les grandes orgues, fabriqu\u00e9es par la maison Anneesens d\u2019Halluin <\/figcaption><\/figure>\n<\/div>\n\n<div class=\"wp-block-image is-resized\">\n<figure class=\"aligncenter\"><img loading=\"lazy\" decoding=\"async\" width=\"4608\" height=\"2592\" data-attachment-id=\"2447\" data-permalink=\"https:\/\/patrimoine-avesnois.fr\/chemin\/ferriere-la-grande\/p1010027\/\" data-orig-file=\"https:\/\/i0.wp.com\/patrimoine-avesnois.fr\/chemin\/wp-content\/uploads\/2019\/04\/P1010027.jpg?fit=4608%2C2592&amp;ssl=1\" data-orig-size=\"4608,2592\" data-comments-opened=\"1\" data-image-meta=\"{&quot;aperture&quot;:&quot;3.1&quot;,&quot;credit&quot;:&quot;&quot;,&quot;camera&quot;:&quot;DMC-SZ10&quot;,&quot;caption&quot;:&quot;&quot;,&quot;created_timestamp&quot;:&quot;1556537447&quot;,&quot;copyright&quot;:&quot;&quot;,&quot;focal_length&quot;:&quot;4.3&quot;,&quot;iso&quot;:&quot;800&quot;,&quot;shutter_speed&quot;:&quot;0.066666666666667&quot;,&quot;title&quot;:&quot;&quot;,&quot;orientation&quot;:&quot;0&quot;}\" data-image-title=\"P1010027\" data-image-description=\"\" data-image-caption=\"\" data-large-file=\"https:\/\/i0.wp.com\/patrimoine-avesnois.fr\/chemin\/wp-content\/uploads\/2019\/04\/P1010027.jpg?fit=840%2C473&amp;ssl=1\" src=\"https:\/\/i0.wp.com\/patrimoine-avesnois.fr\/chemin\/wp-content\/uploads\/2019\/04\/P1010027.jpg?fit=840%2C473\" alt=\"\" class=\"wp-image-2447\" srcset=\"https:\/\/i0.wp.com\/patrimoine-avesnois.fr\/chemin\/wp-content\/uploads\/2019\/04\/P1010027.jpg?w=4608&amp;ssl=1 4608w, https:\/\/i0.wp.com\/patrimoine-avesnois.fr\/chemin\/wp-content\/uploads\/2019\/04\/P1010027.jpg?resize=300%2C169&amp;ssl=1 300w, https:\/\/i0.wp.com\/patrimoine-avesnois.fr\/chemin\/wp-content\/uploads\/2019\/04\/P1010027.jpg?resize=768%2C432&amp;ssl=1 768w, https:\/\/i0.wp.com\/patrimoine-avesnois.fr\/chemin\/wp-content\/uploads\/2019\/04\/P1010027.jpg?resize=1024%2C576&amp;ssl=1 1024w, https:\/\/i0.wp.com\/patrimoine-avesnois.fr\/chemin\/wp-content\/uploads\/2019\/04\/P1010027.jpg?resize=1200%2C675&amp;ssl=1 1200w, https:\/\/i0.wp.com\/patrimoine-avesnois.fr\/chemin\/wp-content\/uploads\/2019\/04\/P1010027.jpg?w=1680 1680w, https:\/\/i0.wp.com\/patrimoine-avesnois.fr\/chemin\/wp-content\/uploads\/2019\/04\/P1010027.jpg?w=2520 2520w\" sizes=\"auto, (max-width: 709px) 85vw, (max-width: 909px) 67vw, (max-width: 1362px) 62vw, 840px\" \/><figcaption class=\"wp-element-caption\"> Pierre tombale situ\u00e9e dans l&rsquo;entr\u00e9e de l&rsquo;\u00e9glise. <\/figcaption><\/figure>\n<\/div>\n\n\n<p>L&rsquo;\u00e9glise fut agrandie en 1848 avec la r\u00e9alisation d\u2019un ch\u0153ur et d\u2019une sacristie. Les deux chapelles lat\u00e9rales furent reb\u00e2ties en 1851. En 1875 eut lieu la  r\u00e9fection du clocher,puis l\u2019ann\u00e9e suivante la restauration de la grande nef et la reconstruction des deux nefs lat\u00e9rales. <\/p>\n\n\n<div class=\"wp-block-image is-resized\">\n<figure class=\"aligncenter\"><img data-recalc-dims=\"1\" loading=\"lazy\" decoding=\"async\" width=\"800\" height=\"480\" data-attachment-id=\"1419\" data-permalink=\"https:\/\/patrimoine-avesnois.fr\/chemin\/ferriere-la-grande\/image-314\/\" data-orig-file=\"https:\/\/i0.wp.com\/patrimoine-avesnois.fr\/chemin\/wp-content\/uploads\/2019\/04\/image-292.png?fit=800%2C480&amp;ssl=1\" data-orig-size=\"800,480\" data-comments-opened=\"1\" data-image-meta=\"{&quot;aperture&quot;:&quot;0&quot;,&quot;credit&quot;:&quot;&quot;,&quot;camera&quot;:&quot;&quot;,&quot;caption&quot;:&quot;&quot;,&quot;created_timestamp&quot;:&quot;0&quot;,&quot;copyright&quot;:&quot;&quot;,&quot;focal_length&quot;:&quot;0&quot;,&quot;iso&quot;:&quot;0&quot;,&quot;shutter_speed&quot;:&quot;0&quot;,&quot;title&quot;:&quot;&quot;,&quot;orientation&quot;:&quot;0&quot;}\" data-image-title=\"image\" data-image-description=\"\" data-image-caption=\"\" data-large-file=\"https:\/\/i0.wp.com\/patrimoine-avesnois.fr\/chemin\/wp-content\/uploads\/2019\/04\/image-292.png?fit=800%2C480&amp;ssl=1\" src=\"https:\/\/i0.wp.com\/patrimoine-avesnois.fr\/chemin\/wp-content\/uploads\/2019\/04\/image-292.png?resize=800%2C480\" alt=\"\" class=\"wp-image-1419\" srcset=\"https:\/\/i0.wp.com\/patrimoine-avesnois.fr\/chemin\/wp-content\/uploads\/2019\/04\/image-292.png?w=800&amp;ssl=1 800w, https:\/\/i0.wp.com\/patrimoine-avesnois.fr\/chemin\/wp-content\/uploads\/2019\/04\/image-292.png?resize=300%2C180&amp;ssl=1 300w, https:\/\/i0.wp.com\/patrimoine-avesnois.fr\/chemin\/wp-content\/uploads\/2019\/04\/image-292.png?resize=768%2C461&amp;ssl=1 768w\" sizes=\"auto, (max-width: 800px) 85vw, 800px\" \/><figcaption class=\"wp-element-caption\">La Mairie d\u00e9but XX e s<\/figcaption><\/figure>\n<\/div>\n\n\n<p>La Grand&rsquo;Place et les b\u00e2timents ont \u00e9t\u00e9 \u00e9tablis sur le site du Marais form\u00e9 par le ruisseau des Besaces (recouvert en 1885) qui, venant du fort du Bourdiau, coule vers la Solre. ici la mairie, quatre classes primaires et le logement du directeur d&rsquo;\u00e9cole.<\/p>\n\n\n<div class=\"wp-block-image is-resized\">\n<figure class=\"aligncenter\"><img decoding=\"async\" src=\"https:\/\/upload.wikimedia.org\/wikipedia\/commons\/thumb\/9\/93\/Ferriere_la_grande_mairie.JPG\/1280px-Ferriere_la_grande_mairie.JPG\" alt=\"\"\/><figcaption class=\"wp-element-caption\">La Mairie Photo Chatsam<\/figcaption><\/figure>\n<\/div>\n\n\n<p>On retrouve aujourd&rsquo;hui, dans le remarquable ensemble Mairie Centre Administratif-Centre socio-culturel la structure originelle b\u00e2tie en 1837 par l&rsquo;architecte avesnois Thory et agrandue en 1863.<\/p>\n\n\n<div class=\"wp-block-image is-resized\">\n<figure class=\"aligncenter\"><img data-recalc-dims=\"1\" decoding=\"async\" src=\"https:\/\/i0.wp.com\/www.cparama.com\/forum\/cartes2016\/1480594042-Ferrie-re-la-Grande-La-Place.jpg?w=840\" alt=\"Image\"\/><figcaption class=\"wp-element-caption\">L&rsquo;ancien kiosque d\u00e9montable de 1903 devant la Mairie. Carte Postale<a href=\"http:\/\/www.cparama.com\/forum\/kiosques-a-musique-t21074-340.html#p123711\" target=\"_blank\" rel=\"noreferrer noopener\" aria-label=\" cparama (opens in a new tab)\"> cparama<\/a><\/figcaption><\/figure>\n<\/div>\n\n<div class=\"wp-block-image is-resized\">\n<figure class=\"aligncenter\"><img data-recalc-dims=\"1\" decoding=\"async\" src=\"https:\/\/i0.wp.com\/monumentsmorts.univ-lille.fr\/monmorts\/upload\/monument\/201-400\/276\/ferriere-la-grande_nord_fr_monument_aux_morts1_524c016a87b3b.jpg?w=840&#038;ssl=1\" alt=\"\"\/><figcaption class=\"wp-element-caption\">Le Monument aux Morts de Ferri\u00e8re-la-Grande<\/figcaption><\/figure>\n<\/div>\n\n<div class=\"wp-block-image is-resized\">\n<figure class=\"aligncenter\"><img data-recalc-dims=\"1\" loading=\"lazy\" decoding=\"async\" width=\"840\" height=\"721\" data-attachment-id=\"1421\" data-permalink=\"https:\/\/patrimoine-avesnois.fr\/chemin\/ferriere-la-grande\/image-315\/\" data-orig-file=\"https:\/\/i0.wp.com\/patrimoine-avesnois.fr\/chemin\/wp-content\/uploads\/2019\/04\/image-293.png?fit=984%2C845&amp;ssl=1\" data-orig-size=\"984,845\" data-comments-opened=\"1\" data-image-meta=\"{&quot;aperture&quot;:&quot;0&quot;,&quot;credit&quot;:&quot;&quot;,&quot;camera&quot;:&quot;&quot;,&quot;caption&quot;:&quot;&quot;,&quot;created_timestamp&quot;:&quot;0&quot;,&quot;copyright&quot;:&quot;&quot;,&quot;focal_length&quot;:&quot;0&quot;,&quot;iso&quot;:&quot;0&quot;,&quot;shutter_speed&quot;:&quot;0&quot;,&quot;title&quot;:&quot;&quot;,&quot;orientation&quot;:&quot;0&quot;}\" data-image-title=\"image\" data-image-description=\"\" data-image-caption=\"\" data-large-file=\"https:\/\/i0.wp.com\/patrimoine-avesnois.fr\/chemin\/wp-content\/uploads\/2019\/04\/image-293.png?fit=840%2C721&amp;ssl=1\" src=\"https:\/\/i0.wp.com\/patrimoine-avesnois.fr\/chemin\/wp-content\/uploads\/2019\/04\/image-293.png?resize=840%2C721\" alt=\"\" class=\"wp-image-1421\" srcset=\"https:\/\/i0.wp.com\/patrimoine-avesnois.fr\/chemin\/wp-content\/uploads\/2019\/04\/image-293.png?w=984&amp;ssl=1 984w, https:\/\/i0.wp.com\/patrimoine-avesnois.fr\/chemin\/wp-content\/uploads\/2019\/04\/image-293.png?resize=300%2C258&amp;ssl=1 300w, https:\/\/i0.wp.com\/patrimoine-avesnois.fr\/chemin\/wp-content\/uploads\/2019\/04\/image-293.png?resize=768%2C660&amp;ssl=1 768w\" sizes=\"auto, (max-width: 709px) 85vw, (max-width: 909px) 67vw, (max-width: 1362px) 62vw, 840px\" \/><\/figure>\n<\/div>\n\n\n<p class=\"has-text-align-center\">***<\/p>\n\n\n<div class=\"wp-block-image is-resized\">\n<figure class=\"aligncenter\"><img data-recalc-dims=\"1\" loading=\"lazy\" decoding=\"async\" width=\"531\" height=\"707\" data-attachment-id=\"1422\" data-permalink=\"https:\/\/patrimoine-avesnois.fr\/chemin\/ferriere-la-grande\/image-316\/\" data-orig-file=\"https:\/\/i0.wp.com\/patrimoine-avesnois.fr\/chemin\/wp-content\/uploads\/2019\/04\/image-294.png?fit=531%2C707&amp;ssl=1\" data-orig-size=\"531,707\" data-comments-opened=\"1\" data-image-meta=\"{&quot;aperture&quot;:&quot;0&quot;,&quot;credit&quot;:&quot;&quot;,&quot;camera&quot;:&quot;&quot;,&quot;caption&quot;:&quot;&quot;,&quot;created_timestamp&quot;:&quot;0&quot;,&quot;copyright&quot;:&quot;&quot;,&quot;focal_length&quot;:&quot;0&quot;,&quot;iso&quot;:&quot;0&quot;,&quot;shutter_speed&quot;:&quot;0&quot;,&quot;title&quot;:&quot;&quot;,&quot;orientation&quot;:&quot;0&quot;}\" data-image-title=\"image\" data-image-description=\"\" data-image-caption=\"\" data-large-file=\"https:\/\/i0.wp.com\/patrimoine-avesnois.fr\/chemin\/wp-content\/uploads\/2019\/04\/image-294.png?fit=531%2C707&amp;ssl=1\" src=\"https:\/\/i0.wp.com\/patrimoine-avesnois.fr\/chemin\/wp-content\/uploads\/2019\/04\/image-294.png?resize=531%2C707\" alt=\"\" class=\"wp-image-1422\" srcset=\"https:\/\/i0.wp.com\/patrimoine-avesnois.fr\/chemin\/wp-content\/uploads\/2019\/04\/image-294.png?w=531&amp;ssl=1 531w, https:\/\/i0.wp.com\/patrimoine-avesnois.fr\/chemin\/wp-content\/uploads\/2019\/04\/image-294.png?resize=225%2C300&amp;ssl=1 225w\" sizes=\"auto, (max-width: 531px) 85vw, 531px\" \/><figcaption class=\"wp-element-caption\"> <em>Calvaire d\u00e9di\u00e9 \u00e0 P. F. Dumont.<\/em> <\/figcaption><\/figure>\n<\/div>\n\n\n<p>Il est \u00e9rig\u00e9 dans le cimeti\u00e8re de Ferri\u00e8re-la-Grande.<\/p>\n\n\n\n<p>En 1830,&nbsp; M. Pierre Fran\u00e7ois Dumont, D\u00e9put\u00e9 et m\u00e9daill\u00e9 de la L\u00e9gion d\u2019Honneur fit \u00e9riger au Bois Castiau (Usine d&rsquo;En Haut) et \u00e0 La Machine (Usine d&rsquo;En Bas) les premiers hauts-fourneaux au coke destin\u00e9s \u00e0 produire de la fonte d\u2019affinage et le moulage avec les minerais de la contr\u00e9e.<\/p>\n\n\n\n<p class=\"has-text-align-center\">***<\/p>\n\n\n<div class=\"wp-block-image is-resized\">\n<figure class=\"aligncenter\"><img data-recalc-dims=\"1\" loading=\"lazy\" decoding=\"async\" width=\"472\" height=\"869\" data-attachment-id=\"1423\" data-permalink=\"https:\/\/patrimoine-avesnois.fr\/chemin\/ferriere-la-grande\/image-317\/\" data-orig-file=\"https:\/\/i0.wp.com\/patrimoine-avesnois.fr\/chemin\/wp-content\/uploads\/2019\/04\/image-295.png?fit=472%2C869&amp;ssl=1\" data-orig-size=\"472,869\" data-comments-opened=\"1\" data-image-meta=\"{&quot;aperture&quot;:&quot;0&quot;,&quot;credit&quot;:&quot;&quot;,&quot;camera&quot;:&quot;&quot;,&quot;caption&quot;:&quot;&quot;,&quot;created_timestamp&quot;:&quot;0&quot;,&quot;copyright&quot;:&quot;&quot;,&quot;focal_length&quot;:&quot;0&quot;,&quot;iso&quot;:&quot;0&quot;,&quot;shutter_speed&quot;:&quot;0&quot;,&quot;title&quot;:&quot;&quot;,&quot;orientation&quot;:&quot;0&quot;}\" data-image-title=\"image\" data-image-description=\"\" data-image-caption=\"\" data-large-file=\"https:\/\/i0.wp.com\/patrimoine-avesnois.fr\/chemin\/wp-content\/uploads\/2019\/04\/image-295.png?fit=472%2C869&amp;ssl=1\" src=\"https:\/\/i0.wp.com\/patrimoine-avesnois.fr\/chemin\/wp-content\/uploads\/2019\/04\/image-295.png?resize=472%2C869\" alt=\"\" class=\"wp-image-1423\" srcset=\"https:\/\/i0.wp.com\/patrimoine-avesnois.fr\/chemin\/wp-content\/uploads\/2019\/04\/image-295.png?w=472&amp;ssl=1 472w, https:\/\/i0.wp.com\/patrimoine-avesnois.fr\/chemin\/wp-content\/uploads\/2019\/04\/image-295.png?resize=163%2C300&amp;ssl=1 163w\" sizes=\"auto, (max-width: 472px) 85vw, 472px\" \/><figcaption class=\"wp-element-caption\"> <em>Oratoire N.D de Walcourt (1790)<\/em> <\/figcaption><\/figure>\n<\/div>\n\n\n<p>Oratoire N.D de Walcourt dat\u00e9 de 1790, 19 rue Alphonse Splingard.<\/p>\n\n\n<div class=\"wp-block-image is-resized\">\n<figure class=\"aligncenter\"><img data-recalc-dims=\"1\" height=\"1024\" width=\"768\" decoding=\"async\" src=\"https:\/\/i0.wp.com\/oratoiresetchapelles-avesnois.fr\/wp-content\/uploads\/2016\/12\/3.FlPte-Chapelle-Notre-Dame-D436-768x1024.jpg?resize=768%2C1024\" alt=\"Chapelle Notre Dame de Bon Vouloir (1752)\" class=\"wp-image-1090\"\/><figcaption class=\"wp-element-caption\">Chapelle Notre Dame de Bon Vouloir (1752)<\/figcaption><\/figure>\n<\/div>\n\n\n<p>La chapelle Notre Dame de Bon Vouloir (1752) se situe en haut de la rue Roger Salengro.<\/p>\n\n\n\n<p>Au dessus de la porte figure une inscription latine \u00ab plo zeLo DoMInoe ConseCrant \u00bb, signifiant par un z\u00e8le pieux consacr\u00e9e \u00e0 notre suzeraine. Cette inscription&nbsp; contient un chronogramme, ce qui signifie que les lettres qu\u2019il renferme, formant chiffres romains, indiquent la date de la construction de la chapelle&nbsp;: MDCCLII (1752).<\/p>\n\n\n\n<p class=\"has-text-align-center\">***<\/p>\n\n\n\n<p><strong>La cense de R\u00e9mont<\/strong><\/p>\n\n\n<div class=\"wp-block-image\">\n<figure class=\"aligncenter\"><img decoding=\"async\" data-attachment-id=\"104\" data-permalink=\"https:\/\/patrimoine-avesnois.fr\/chemin\/assevent\/800px-egliseassevent280906_4\/\" data-orig-file=\"https:\/\/i0.wp.com\/patrimoine-avesnois.fr\/chemin\/wp-content\/uploads\/2019\/03\/800px-%C3%89gliseAssevent280906_4.jpg?fit=800%2C600&amp;ssl=1\" data-orig-size=\"800,600\" data-comments-opened=\"1\" data-image-meta=\"{&quot;aperture&quot;:&quot;0&quot;,&quot;credit&quot;:&quot;&quot;,&quot;camera&quot;:&quot;&quot;,&quot;caption&quot;:&quot;&quot;,&quot;created_timestamp&quot;:&quot;1553078520&quot;,&quot;copyright&quot;:&quot;&quot;,&quot;focal_length&quot;:&quot;0&quot;,&quot;iso&quot;:&quot;0&quot;,&quot;shutter_speed&quot;:&quot;0&quot;,&quot;title&quot;:&quot;&quot;,&quot;orientation&quot;:&quot;1&quot;}\" data-image-title=\"800px-\u00c9gliseAssevent280906_(4)\" data-image-description=\"\" data-image-caption=\"\" data-large-file=\"https:\/\/i0.wp.com\/patrimoine-avesnois.fr\/chemin\/wp-content\/uploads\/2019\/03\/800px-%C3%89gliseAssevent280906_4.jpg?fit=800%2C600&amp;ssl=1\" src=\"https:\/\/i2.wp.com\/patrimoine-avesnois.fr\/censes\/wp-content\/uploads\/2019\/02\/Capture-36.png?resize=617%2C410\" alt=\"\" class=\"wp-image-104\"\/><figcaption class=\"wp-element-caption\">La cense de R\u00e9mont<\/figcaption><\/figure>\n<\/div>\n\n\n<p>Elle constituait la propri\u00e9t\u00e9 essentielle des b\u00e9n\u00e9dictins \u00e0 Ferri\u00e8re-la-Grande.<\/p>\n\n\n\n<p>Selon la tradition, elle aurait \u00e9t\u00e9 le foyer d\u2019une colonie agricole, d\u00e9tach\u00e9e du monast\u00e8re dans les premiers temps de sa fondation pour le d\u00e9frichement des terres voisines.<\/p>\n\n\n\n<p>Au XII le si\u00e8cle, nos moines c\u00e9d\u00e8rent une partie de leur propri\u00e9t\u00e9 de R\u00e9mont en viager. Mais en 1377, cette portion leur fut rendue par un certain Louis Turch, avec la d\u00eeme et les revenus qu\u2019il poss\u00e9dait \u00e0 Ferri\u00e8re-la-Grande. Depuis lors, notre abbaye a toujours afferm\u00e9 ses biens de R\u00e9mont .Nous avons retrouv\u00e9 les noms de plusieurs fermiers de l\u2019abbaye \u00e0 R\u00e9mont : Jean de Ram\u00e9 dit le Pecqueur en 1513, Nicolas Caryon en 1575 \u00ab lequel tient \u00e0 ferme et titre de cense des abbets, religieux et couvens d\u2019Olmant leur maison de cense que l\u2019on dist Reumont avecq les pr\u00e9s, pastures, terres labourables, bois et paissons appendans \u00e0 laditte censse, parmy rendant par an la somme de 40 livres tournois \u00bb.<\/p>\n\n\n\n<p>Au d\u00e9but du XVIIe si\u00e8cle, le censier de R\u00e9mont \u00e9tait un certain Antoine Franchois ; entre 1660 et 1700 se succ\u00e9d\u00e8rent Jaspard No\u00ebl, Pierre Maillard et Daniel Durieux. Les Dardenne exploit\u00e8rent la ferme pendant une bonne partie du XVIII e si\u00e8cle.<\/p>\n\n\n\n<p>En 1755, Jacques, Jean-Joseph et Marie-Fran\u00e7oise Dardenne renouvel\u00e8rent le bail de location de la \u00ab Maison de Remont, jardins, pr\u00e9s, p\u00e2tures et terres labourables \u00e0 trois royes avec droit de d\u00eeme et terrage que Messieurs les Abb\u00e9 et religieux ont sur le terroir et jugement de Ferri\u00e8res-les-Petites \u00bb. Les b\u00e2timents consistaient en une \u00ab maison chambre, \u00e9table, grange, bergeries\u2026 et tout le clos de la dite cense et deux petits jardins y joignant \u00bb.<\/p>\n\n\n\n<p>L\u2019exploitation comprenait une vingtaine d\u2019hectares de p\u00e2tures et de pr\u00e9s parmi lesquels la \u00ab s\u00e8che p\u00e2ture \u00bb, la \u00ab p\u00e2ture \u00e0 joncq \u00bb, la \u00ab paturette \u00bb, le \u00ab pr\u00e9 de trou \u00bb, le \u00ab grand pr\u00e9 \u00bb, le \u00ab pr\u00e9 de la d\u00eeme \u00bb et un \u00ab pr\u00e9 \u00e0 verger \u00bb. Les terres cultiv\u00e9es s\u2019\u00e9tendaient sur 105 hectares.<\/p>\n\n\n\n<p>Le rendage en esp\u00e8ce atteignait 1000 livres auxquelles s\u2019ajoutaient b\u00e9tail, grains, gerb\u00e9es, voiturage de bois et corv\u00e9es. De plus, le censier de R\u00e9mont participait \u00e0 l\u2019entretien du cur\u00e9 de Ferri\u00e8re auquel il donne entre autre un fromage d\u2019une coud\u00e9e de haut !<\/p>\n\n\n\n<p>En 1764 le bail fut renouvel\u00e9 aux fr\u00e8res Dardenne.<\/p>\n\n\n\n<p>Dix ans plus tard, suite au d\u00e9c\u00e8s de Jean et de jacques Dardenne, la cense fut afferm\u00e9e \u00e0 Pierre Joseph Pour\u00e9, laboureur demeurant \u00e0 Boussi\u00e8res. En 1790, sa veuve Henriette Mercier fut la derni\u00e8re fermi\u00e8re des moines \u00e0 R\u00e9mont.<\/p>\n\n\n\n<p class=\"has-text-align-center\">***<\/p>\n\n\n\n<p>LA MACHINE :<\/p>\n\n\n\n<p>Il n\u2019y avait pas de moulin \u00e0 farine \u00e0 Ferri\u00e8re-la-Grande mais des extensions de la manufacture d\u2019armes de Maubeuge \u00e9tablies par Robert Darest en vertu de lettre-patentes d\u00e9livr\u00e9es par le roi Louis XIV le 15 f\u00e9vrier 1701. Elles comprenaient trois grandes&nbsp; usines et deux plus petites et l\u2019ensemble de cet \u00e9tablissement \u00e9tait appel\u00e9 \u00ab&nbsp;la machine&nbsp;\u00bb. Au d\u00e9but du XIX si\u00e8cle&nbsp; Eug\u00e8ne F\u00e9lix \u00e9poux de Marie Louise Constance Flore Hennet, directeur de la manufacture nationale d\u2019armes de Maubeuge d\u00e9tenait cette fabrique d\u2019armes qui fut supprim\u00e9e en 1829.<\/p>\n\n\n\n<figure class=\"wp-block-image is-resized\"><img loading=\"lazy\" decoding=\"async\" width=\"1599\" height=\"1020\" data-attachment-id=\"1429\" data-permalink=\"https:\/\/patrimoine-avesnois.fr\/chemin\/ferriere-la-grande\/image-320\/\" data-orig-file=\"https:\/\/i0.wp.com\/patrimoine-avesnois.fr\/chemin\/wp-content\/uploads\/2019\/04\/image-298.png?fit=1599%2C1020&amp;ssl=1\" data-orig-size=\"1599,1020\" data-comments-opened=\"1\" data-image-meta=\"{&quot;aperture&quot;:&quot;0&quot;,&quot;credit&quot;:&quot;&quot;,&quot;camera&quot;:&quot;&quot;,&quot;caption&quot;:&quot;&quot;,&quot;created_timestamp&quot;:&quot;0&quot;,&quot;copyright&quot;:&quot;&quot;,&quot;focal_length&quot;:&quot;0&quot;,&quot;iso&quot;:&quot;0&quot;,&quot;shutter_speed&quot;:&quot;0&quot;,&quot;title&quot;:&quot;&quot;,&quot;orientation&quot;:&quot;0&quot;}\" data-image-title=\"image\" data-image-description=\"\" data-image-caption=\"\" data-large-file=\"https:\/\/i0.wp.com\/patrimoine-avesnois.fr\/chemin\/wp-content\/uploads\/2019\/04\/image-298.png?fit=840%2C536&amp;ssl=1\" src=\"https:\/\/i1.wp.com\/patrimoine-avesnois.fr\/chemin\/wp-content\/uploads\/2019\/04\/image-298.png?fit=840%2C536\" alt=\"\" class=\"wp-image-1429\" srcset=\"https:\/\/i0.wp.com\/patrimoine-avesnois.fr\/chemin\/wp-content\/uploads\/2019\/04\/image-298.png?w=1599&amp;ssl=1 1599w, https:\/\/i0.wp.com\/patrimoine-avesnois.fr\/chemin\/wp-content\/uploads\/2019\/04\/image-298.png?resize=300%2C191&amp;ssl=1 300w, https:\/\/i0.wp.com\/patrimoine-avesnois.fr\/chemin\/wp-content\/uploads\/2019\/04\/image-298.png?resize=768%2C490&amp;ssl=1 768w, https:\/\/i0.wp.com\/patrimoine-avesnois.fr\/chemin\/wp-content\/uploads\/2019\/04\/image-298.png?resize=1024%2C653&amp;ssl=1 1024w, https:\/\/i0.wp.com\/patrimoine-avesnois.fr\/chemin\/wp-content\/uploads\/2019\/04\/image-298.png?resize=1200%2C765&amp;ssl=1 1200w\" sizes=\"auto, (max-width: 709px) 85vw, (max-width: 909px) 67vw, (max-width: 1362px) 62vw, 840px\" \/><figcaption class=\"wp-element-caption\">Le ch\u00e2teau Darest est du d\u00e9but du XVIII e si\u00e8cle<\/figcaption><\/figure>\n\n\n\n<p>En 1836 Pierre Fran\u00e7ois Dumont, natif de Bouchain, mari\u00e9 \u00e0 Marie Anne Renelde&nbsp; Agla\u00e9 Antoinette de Martigny des Roches, acquit l\u2019ensemble de ces b\u00e2timents. L\u2019un d\u2019entre eux devint une fabrique de quincaillerie vers 1840, un autre, une forge \u00e9galement vers 1840, et un derni\u00e8re un laminoir r\u00e9glement\u00e9 en 1845. En effet Dumont construisit les premiers hauts- fourneaux au coke au lieu dit \u00ab&nbsp;trieux des poteries&nbsp;\u00bb puis des extensions avec cette forge et ce laminoir \u00e0 l\u2019emplacement d\u2019une partie de l\u2019ancienne manufacture d\u2019armes.<\/p>\n\n\n\n<p>La fabrique de quincaillerie fut ensuite lou\u00e9e puis acquise par la soci\u00e9t\u00e9 &nbsp;Dandoy-Maillard, Lucq et Cie. Elle \u00e9tait compos\u00e9e de quatre vannes dont trois plac\u00e9es \u00e0 la d\u00e9rivation de la Solre, la quatri\u00e8me dans la cour de l\u2019usine. Celle-ci fut agrandie vers 1875 pour fabriquer des garnitures d\u2019\u00e9taux et des essieux. En 1900 l\u2019usine appel\u00e9e l\u2019usine Vautier employait 80 ouvriers. En 1950 c\u2019\u00e9tait une entreprise de construction m\u00e9tallique.<\/p>\n\n\n\n<p>Apr\u00e8s le d\u00e9c\u00e8s de P.F.Dumont en 1864 une nouvelle Soci\u00e9t\u00e9 \u00ab&nbsp;A.Dumont et Cie&nbsp;\u00bb fut cr\u00e9\u00e9e dans laquelle E.Lesaffre prit le titre d\u2019associ\u00e9 g\u00e9rant. Cette soci\u00e9t\u00e9 devint en 1877 la \u00ab&nbsp;Soci\u00e9t\u00e9 anonyme des Ets m\u00e9tallurgiques de Ferri\u00e8re-la-Grande&nbsp;\u00bb et E Lesaffe l\u2019administrateur-d\u00e9l\u00e9gu\u00e9 et le directeur g\u00e9n\u00e9ral. Entre 1880 et 1890, les affaires marchaient, la production doublait. L\u2019essor, avant la morosit\u00e9 financi\u00e8re. La Premi\u00e8re Guerre mondiale sonna le glas. L\u2019usine, d\u00e9mantel\u00e9e par l\u2019arm\u00e9e allemande, n\u2019\u00e9tait plus qu\u2019un amas de ruines, au lendemain du conflit <\/p>\n\n\n<div class=\"wp-block-image is-resized\">\n<figure class=\"aligncenter\"><img loading=\"lazy\" decoding=\"async\" width=\"1591\" height=\"1021\" data-attachment-id=\"1427\" data-permalink=\"https:\/\/patrimoine-avesnois.fr\/chemin\/ferriere-la-grande\/image-319\/\" data-orig-file=\"https:\/\/i0.wp.com\/patrimoine-avesnois.fr\/chemin\/wp-content\/uploads\/2019\/04\/image-297.png?fit=1591%2C1021&amp;ssl=1\" data-orig-size=\"1591,1021\" data-comments-opened=\"1\" data-image-meta=\"{&quot;aperture&quot;:&quot;0&quot;,&quot;credit&quot;:&quot;&quot;,&quot;camera&quot;:&quot;&quot;,&quot;caption&quot;:&quot;&quot;,&quot;created_timestamp&quot;:&quot;0&quot;,&quot;copyright&quot;:&quot;&quot;,&quot;focal_length&quot;:&quot;0&quot;,&quot;iso&quot;:&quot;0&quot;,&quot;shutter_speed&quot;:&quot;0&quot;,&quot;title&quot;:&quot;&quot;,&quot;orientation&quot;:&quot;0&quot;}\" data-image-title=\"image\" data-image-description=\"\" data-image-caption=\"\" data-large-file=\"https:\/\/i0.wp.com\/patrimoine-avesnois.fr\/chemin\/wp-content\/uploads\/2019\/04\/image-297.png?fit=840%2C539&amp;ssl=1\" src=\"https:\/\/i0.wp.com\/patrimoine-avesnois.fr\/chemin\/wp-content\/uploads\/2019\/04\/image-297.png?fit=840%2C539\" alt=\"\" class=\"wp-image-1427\" srcset=\"https:\/\/i0.wp.com\/patrimoine-avesnois.fr\/chemin\/wp-content\/uploads\/2019\/04\/image-297.png?w=1591&amp;ssl=1 1591w, https:\/\/i0.wp.com\/patrimoine-avesnois.fr\/chemin\/wp-content\/uploads\/2019\/04\/image-297.png?resize=300%2C193&amp;ssl=1 300w, https:\/\/i0.wp.com\/patrimoine-avesnois.fr\/chemin\/wp-content\/uploads\/2019\/04\/image-297.png?resize=768%2C493&amp;ssl=1 768w, https:\/\/i0.wp.com\/patrimoine-avesnois.fr\/chemin\/wp-content\/uploads\/2019\/04\/image-297.png?resize=1024%2C657&amp;ssl=1 1024w, https:\/\/i0.wp.com\/patrimoine-avesnois.fr\/chemin\/wp-content\/uploads\/2019\/04\/image-297.png?resize=1200%2C770&amp;ssl=1 1200w\" sizes=\"auto, (max-width: 709px) 85vw, (max-width: 909px) 67vw, (max-width: 1362px) 62vw, 840px\" \/><\/figure>\n<\/div>\n\n\n<p>La forge, nomm\u00e9e la Grosse forge ou usine d\u2019En bas, cessa son activit\u00e9 en 1868.Une distillerie fut install\u00e9e sur une partie des b\u00e2timents de l\u2019ancien fourneau mais d\u00e9truite \u00e0 br\u00e8ve \u00e9ch\u00e9ance en 1871. <\/p>\n\n\n<div class=\"wp-block-image is-resized\">\n<figure class=\"aligncenter\"><img loading=\"lazy\" decoding=\"async\" width=\"1585\" height=\"987\" data-attachment-id=\"1426\" data-permalink=\"https:\/\/patrimoine-avesnois.fr\/chemin\/ferriere-la-grande\/image-318\/\" data-orig-file=\"https:\/\/i0.wp.com\/patrimoine-avesnois.fr\/chemin\/wp-content\/uploads\/2019\/04\/image-296.png?fit=1585%2C987&amp;ssl=1\" data-orig-size=\"1585,987\" data-comments-opened=\"1\" data-image-meta=\"{&quot;aperture&quot;:&quot;0&quot;,&quot;credit&quot;:&quot;&quot;,&quot;camera&quot;:&quot;&quot;,&quot;caption&quot;:&quot;&quot;,&quot;created_timestamp&quot;:&quot;0&quot;,&quot;copyright&quot;:&quot;&quot;,&quot;focal_length&quot;:&quot;0&quot;,&quot;iso&quot;:&quot;0&quot;,&quot;shutter_speed&quot;:&quot;0&quot;,&quot;title&quot;:&quot;&quot;,&quot;orientation&quot;:&quot;0&quot;}\" data-image-title=\"image\" data-image-description=\"\" data-image-caption=\"\" data-large-file=\"https:\/\/i0.wp.com\/patrimoine-avesnois.fr\/chemin\/wp-content\/uploads\/2019\/04\/image-296.png?fit=840%2C523&amp;ssl=1\" src=\"https:\/\/i1.wp.com\/patrimoine-avesnois.fr\/chemin\/wp-content\/uploads\/2019\/04\/image-296.png?fit=840%2C523\" alt=\"\" class=\"wp-image-1426\" srcset=\"https:\/\/i0.wp.com\/patrimoine-avesnois.fr\/chemin\/wp-content\/uploads\/2019\/04\/image-296.png?w=1585&amp;ssl=1 1585w, https:\/\/i0.wp.com\/patrimoine-avesnois.fr\/chemin\/wp-content\/uploads\/2019\/04\/image-296.png?resize=300%2C187&amp;ssl=1 300w, https:\/\/i0.wp.com\/patrimoine-avesnois.fr\/chemin\/wp-content\/uploads\/2019\/04\/image-296.png?resize=768%2C478&amp;ssl=1 768w, https:\/\/i0.wp.com\/patrimoine-avesnois.fr\/chemin\/wp-content\/uploads\/2019\/04\/image-296.png?resize=1024%2C638&amp;ssl=1 1024w, https:\/\/i0.wp.com\/patrimoine-avesnois.fr\/chemin\/wp-content\/uploads\/2019\/04\/image-296.png?resize=1200%2C747&amp;ssl=1 1200w\" sizes=\"auto, (max-width: 709px) 85vw, (max-width: 909px) 67vw, (max-width: 1362px) 62vw, 840px\" \/><\/figure>\n<\/div>\n\n\n<p>Auguste Delattre n\u00e9 \u00e0 Preux-au-bois en 1837 cr\u00e9a en 1873 les Ateliers de construction sous la raison sociale : \u00ab&nbsp;Aug.Delattre et Cie&nbsp;\u00bb. Il d\u00e9c\u00e9da le 18 d\u00e9cembre 1907. Cette fonderie en 1928 appartenait \u00e0 la soci\u00e9t\u00e9 anonyme des Etablissements Delattre et Frouard r\u00e9unis, constructeurs \u00e0 Paris.<\/p>\n\n\n<div class=\"wp-block-image is-resized\">\n<figure class=\"aligncenter\"><img loading=\"lazy\" decoding=\"async\" width=\"1558\" height=\"1011\" data-attachment-id=\"1453\" data-permalink=\"https:\/\/patrimoine-avesnois.fr\/chemin\/ferriere-la-grande\/image-325\/\" data-orig-file=\"https:\/\/i0.wp.com\/patrimoine-avesnois.fr\/chemin\/wp-content\/uploads\/2019\/04\/image-303.png?fit=1558%2C1011&amp;ssl=1\" data-orig-size=\"1558,1011\" data-comments-opened=\"1\" data-image-meta=\"{&quot;aperture&quot;:&quot;0&quot;,&quot;credit&quot;:&quot;&quot;,&quot;camera&quot;:&quot;&quot;,&quot;caption&quot;:&quot;&quot;,&quot;created_timestamp&quot;:&quot;0&quot;,&quot;copyright&quot;:&quot;&quot;,&quot;focal_length&quot;:&quot;0&quot;,&quot;iso&quot;:&quot;0&quot;,&quot;shutter_speed&quot;:&quot;0&quot;,&quot;title&quot;:&quot;&quot;,&quot;orientation&quot;:&quot;0&quot;}\" data-image-title=\"image\" data-image-description=\"\" data-image-caption=\"\" data-large-file=\"https:\/\/i0.wp.com\/patrimoine-avesnois.fr\/chemin\/wp-content\/uploads\/2019\/04\/image-303.png?fit=840%2C545&amp;ssl=1\" src=\"https:\/\/i2.wp.com\/patrimoine-avesnois.fr\/chemin\/wp-content\/uploads\/2019\/04\/image-303.png?fit=840%2C545\" alt=\"\" class=\"wp-image-1453\" srcset=\"https:\/\/i0.wp.com\/patrimoine-avesnois.fr\/chemin\/wp-content\/uploads\/2019\/04\/image-303.png?w=1558&amp;ssl=1 1558w, https:\/\/i0.wp.com\/patrimoine-avesnois.fr\/chemin\/wp-content\/uploads\/2019\/04\/image-303.png?resize=300%2C195&amp;ssl=1 300w, https:\/\/i0.wp.com\/patrimoine-avesnois.fr\/chemin\/wp-content\/uploads\/2019\/04\/image-303.png?resize=768%2C498&amp;ssl=1 768w, https:\/\/i0.wp.com\/patrimoine-avesnois.fr\/chemin\/wp-content\/uploads\/2019\/04\/image-303.png?resize=1024%2C664&amp;ssl=1 1024w, https:\/\/i0.wp.com\/patrimoine-avesnois.fr\/chemin\/wp-content\/uploads\/2019\/04\/image-303.png?resize=1200%2C779&amp;ssl=1 1200w\" sizes=\"auto, (max-width: 709px) 85vw, (max-width: 909px) 67vw, (max-width: 1362px) 62vw, 840px\" \/><figcaption class=\"wp-element-caption\">Laminoir<\/figcaption><\/figure>\n<\/div>\n\n\n<p>Quant au laminoir ou usine d\u2019En haut, la soci\u00e9t\u00e9 anonyme des Etablissements M\u00e9tallurgiques l\u2019acheta vers 1870 \u00e0 Alphonse Dumont fils de Pierre Fran\u00e7ois ma\u00eetre de forges \u00e0 Ferri\u00e8re-la-Grande. Le laminoir fut d\u00e9moli en 1924.<\/p>\n\n\n<div class=\"wp-block-image is-resized\">\n<figure class=\"aligncenter\"><img data-recalc-dims=\"1\" loading=\"lazy\" decoding=\"async\" width=\"840\" height=\"537\" data-attachment-id=\"1452\" data-permalink=\"https:\/\/patrimoine-avesnois.fr\/chemin\/ferriere-la-grande\/image-324\/\" data-orig-file=\"https:\/\/i0.wp.com\/patrimoine-avesnois.fr\/chemin\/wp-content\/uploads\/2019\/04\/image-302.png?fit=962%2C615&amp;ssl=1\" data-orig-size=\"962,615\" data-comments-opened=\"1\" data-image-meta=\"{&quot;aperture&quot;:&quot;0&quot;,&quot;credit&quot;:&quot;&quot;,&quot;camera&quot;:&quot;&quot;,&quot;caption&quot;:&quot;&quot;,&quot;created_timestamp&quot;:&quot;0&quot;,&quot;copyright&quot;:&quot;&quot;,&quot;focal_length&quot;:&quot;0&quot;,&quot;iso&quot;:&quot;0&quot;,&quot;shutter_speed&quot;:&quot;0&quot;,&quot;title&quot;:&quot;&quot;,&quot;orientation&quot;:&quot;0&quot;}\" data-image-title=\"image\" data-image-description=\"\" data-image-caption=\"\" data-large-file=\"https:\/\/i0.wp.com\/patrimoine-avesnois.fr\/chemin\/wp-content\/uploads\/2019\/04\/image-302.png?fit=840%2C537&amp;ssl=1\" src=\"https:\/\/i0.wp.com\/patrimoine-avesnois.fr\/chemin\/wp-content\/uploads\/2019\/04\/image-302.png?resize=840%2C537\" alt=\"\" class=\"wp-image-1452\" srcset=\"https:\/\/i0.wp.com\/patrimoine-avesnois.fr\/chemin\/wp-content\/uploads\/2019\/04\/image-302.png?w=962&amp;ssl=1 962w, https:\/\/i0.wp.com\/patrimoine-avesnois.fr\/chemin\/wp-content\/uploads\/2019\/04\/image-302.png?resize=300%2C192&amp;ssl=1 300w, https:\/\/i0.wp.com\/patrimoine-avesnois.fr\/chemin\/wp-content\/uploads\/2019\/04\/image-302.png?resize=768%2C491&amp;ssl=1 768w\" sizes=\"auto, (max-width: 709px) 85vw, (max-width: 909px) 67vw, (max-width: 1362px) 62vw, 840px\" \/><figcaption class=\"wp-element-caption\">Usine du Bois Castiau<\/figcaption><\/figure>\n<\/div>\n\n\n<p>\u00c0 quelques kilom\u00e8tres du Bois Castiau, les Forges et ateliers de constructions \u00e9lectriques de Jeumont (les FACEJ, l\u2019une des plus grosses entreprises fran\u00e7aises de l\u2019\u00e9poque, filiale de la Soci\u00e9t\u00e9 parisienne pour l\u2019industrie des chemins de fer et tramways \u00e9lectriques) ne cessent d\u2019accro\u00eetre leur production. En novembre 1923, le directeur des FACEJ d\u00e9pose les statuts d\u2019une nouvelle soci\u00e9t\u00e9, celle des Forges, chaudronneries et tuyauteries (FTC) de Ferri\u00e8re-la-Grande. Une nouvelle usine, b\u00e2tie sur les cendres des \u00c9tablissements m\u00e9tallurgiques du bois Castiau. <\/p>\n\n\n\n<p>D\u00e8s lors, les pi\u00e8ces qui sortent des ateliers des FTC alimentent ceux de la SPIE, des FACEJ et d\u2019autres soci\u00e9t\u00e9s belges. Un nouveau d\u00e9part et une solide r\u00e9putation en mati\u00e8re de tuyauteries pour centrales \u00e9lectriques, acquise d\u00e8s 1936. Durant cinquante ans, l\u2019activit\u00e9 bat son plein. L\u2019usine obtient le quasi-monopole sur la fabrication des tuyauteries du premier programme nucl\u00e9aire fran\u00e7ais. En 1969, 1&nbsp;500 ouvriers sont employ\u00e9s aux FTC, devenues depuis peu la SPIE Batignolles.<\/p>\n\n\n\n<p>L\u2019ann\u00e9e 1984 vient mettre un terme \u00e0 l\u2019euphorie. Le nucl\u00e9aire stagne, obligeant l\u2019entreprise \u00e0 s\u2019orienter vers les arsenaux. La reprise esp\u00e9r\u00e9e n\u2019a pas lieu. Le site ferme en 2001. Des armes \u00e0 la marine, c\u2019est la fin de deux si\u00e8cles d\u2019activit\u00e9s. Article VDN du 08\/08\/2015&nbsp; <\/p>\n\n\n<div class=\"wp-block-image is-resized\">\n<figure class=\"aligncenter\"><img data-recalc-dims=\"1\" loading=\"lazy\" decoding=\"async\" width=\"420\" height=\"588\" data-attachment-id=\"1444\" data-permalink=\"https:\/\/patrimoine-avesnois.fr\/chemin\/ferriere-la-grande\/image-322\/\" data-orig-file=\"https:\/\/i0.wp.com\/patrimoine-avesnois.fr\/chemin\/wp-content\/uploads\/2019\/04\/image-300.png?fit=420%2C588&amp;ssl=1\" data-orig-size=\"420,588\" data-comments-opened=\"1\" data-image-meta=\"{&quot;aperture&quot;:&quot;0&quot;,&quot;credit&quot;:&quot;&quot;,&quot;camera&quot;:&quot;&quot;,&quot;caption&quot;:&quot;&quot;,&quot;created_timestamp&quot;:&quot;0&quot;,&quot;copyright&quot;:&quot;&quot;,&quot;focal_length&quot;:&quot;0&quot;,&quot;iso&quot;:&quot;0&quot;,&quot;shutter_speed&quot;:&quot;0&quot;,&quot;title&quot;:&quot;&quot;,&quot;orientation&quot;:&quot;0&quot;}\" data-image-title=\"image\" data-image-description=\"\" data-image-caption=\"\" data-large-file=\"https:\/\/i0.wp.com\/patrimoine-avesnois.fr\/chemin\/wp-content\/uploads\/2019\/04\/image-300.png?fit=420%2C588&amp;ssl=1\" src=\"https:\/\/i0.wp.com\/patrimoine-avesnois.fr\/chemin\/wp-content\/uploads\/2019\/04\/image-300.png?resize=420%2C588\" alt=\"\" class=\"wp-image-1444\" srcset=\"https:\/\/i0.wp.com\/patrimoine-avesnois.fr\/chemin\/wp-content\/uploads\/2019\/04\/image-300.png?w=420&amp;ssl=1 420w, https:\/\/i0.wp.com\/patrimoine-avesnois.fr\/chemin\/wp-content\/uploads\/2019\/04\/image-300.png?resize=214%2C300&amp;ssl=1 214w\" sizes=\"auto, (max-width: 420px) 85vw, 420px\" \/><figcaption class=\"wp-element-caption\"> Plaque en hommage \u00e0 Louis Lutaud,&nbsp;Historien de Ferri\u00e8re-la-Grande (1866 \u2013 1924). <\/figcaption><\/figure>\n<\/div>\n\n<div class=\"wp-block-image is-resized\">\n<figure class=\"aligncenter\"><img data-recalc-dims=\"1\" loading=\"lazy\" decoding=\"async\" width=\"438\" height=\"693\" data-attachment-id=\"1466\" data-permalink=\"https:\/\/patrimoine-avesnois.fr\/chemin\/ferriere-la-grande\/image-326\/\" data-orig-file=\"https:\/\/i0.wp.com\/patrimoine-avesnois.fr\/chemin\/wp-content\/uploads\/2019\/04\/image-304.png?fit=438%2C693&amp;ssl=1\" data-orig-size=\"438,693\" data-comments-opened=\"1\" data-image-meta=\"{&quot;aperture&quot;:&quot;0&quot;,&quot;credit&quot;:&quot;&quot;,&quot;camera&quot;:&quot;&quot;,&quot;caption&quot;:&quot;&quot;,&quot;created_timestamp&quot;:&quot;0&quot;,&quot;copyright&quot;:&quot;&quot;,&quot;focal_length&quot;:&quot;0&quot;,&quot;iso&quot;:&quot;0&quot;,&quot;shutter_speed&quot;:&quot;0&quot;,&quot;title&quot;:&quot;&quot;,&quot;orientation&quot;:&quot;0&quot;}\" data-image-title=\"image\" data-image-description=\"\" data-image-caption=\"\" data-large-file=\"https:\/\/i0.wp.com\/patrimoine-avesnois.fr\/chemin\/wp-content\/uploads\/2019\/04\/image-304.png?fit=438%2C693&amp;ssl=1\" src=\"https:\/\/i0.wp.com\/patrimoine-avesnois.fr\/chemin\/wp-content\/uploads\/2019\/04\/image-304.png?resize=438%2C693\" alt=\"\" class=\"wp-image-1466\" srcset=\"https:\/\/i0.wp.com\/patrimoine-avesnois.fr\/chemin\/wp-content\/uploads\/2019\/04\/image-304.png?w=438&amp;ssl=1 438w, https:\/\/i0.wp.com\/patrimoine-avesnois.fr\/chemin\/wp-content\/uploads\/2019\/04\/image-304.png?resize=190%2C300&amp;ssl=1 190w\" sizes=\"auto, (max-width: 438px) 85vw, 438px\" \/><figcaption class=\"wp-element-caption\">D\u00e9versoir de la Digue<\/figcaption><\/figure>\n<\/div>\n\n\n<p>Devant le d\u00e9versoir de la Digue, ayant pour toile de fond la double all\u00e9e ombrag\u00e9e dont les Ferri\u00e8rois \u00e9taient si fiers, pose la famille endimanch\u00e9e : le po\u00e8te et historien Louis Lutaud, Mme Lutaud n\u00e9e Louise Debrue, et leurs enfants Jean et Simone.<\/p>\n\n\n<div class=\"wp-block-image is-resized\">\n<figure class=\"aligncenter\"><img data-recalc-dims=\"1\" loading=\"lazy\" decoding=\"async\" width=\"492\" height=\"357\" data-attachment-id=\"1447\" data-permalink=\"https:\/\/patrimoine-avesnois.fr\/chemin\/ferriere-la-grande\/597_001\/\" data-orig-file=\"https:\/\/i0.wp.com\/patrimoine-avesnois.fr\/chemin\/wp-content\/uploads\/2019\/04\/597_001.jpg?fit=492%2C357&amp;ssl=1\" data-orig-size=\"492,357\" data-comments-opened=\"1\" data-image-meta=\"{&quot;aperture&quot;:&quot;0&quot;,&quot;credit&quot;:&quot;&quot;,&quot;camera&quot;:&quot;&quot;,&quot;caption&quot;:&quot;&quot;,&quot;created_timestamp&quot;:&quot;1555422086&quot;,&quot;copyright&quot;:&quot;&quot;,&quot;focal_length&quot;:&quot;0&quot;,&quot;iso&quot;:&quot;0&quot;,&quot;shutter_speed&quot;:&quot;0&quot;,&quot;title&quot;:&quot;&quot;,&quot;orientation&quot;:&quot;1&quot;}\" data-image-title=\"597_001\" data-image-description=\"\" data-image-caption=\"\" data-large-file=\"https:\/\/i0.wp.com\/patrimoine-avesnois.fr\/chemin\/wp-content\/uploads\/2019\/04\/597_001.jpg?fit=492%2C357&amp;ssl=1\" src=\"https:\/\/i0.wp.com\/patrimoine-avesnois.fr\/chemin\/wp-content\/uploads\/2019\/04\/597_001.jpg?resize=492%2C357\" alt=\"\" class=\"wp-image-1447\" srcset=\"https:\/\/i0.wp.com\/patrimoine-avesnois.fr\/chemin\/wp-content\/uploads\/2019\/04\/597_001.jpg?w=492&amp;ssl=1 492w, https:\/\/i0.wp.com\/patrimoine-avesnois.fr\/chemin\/wp-content\/uploads\/2019\/04\/597_001.jpg?resize=300%2C218&amp;ssl=1 300w\" sizes=\"auto, (max-width: 492px) 85vw, 492px\" \/><figcaption class=\"wp-element-caption\">Monast\u00e8re des Dominicaines<\/figcaption><\/figure>\n<\/div>\n\n<div class=\"wp-block-image is-resized\">\n<figure class=\"aligncenter\"><img data-recalc-dims=\"1\" loading=\"lazy\" decoding=\"async\" width=\"373\" height=\"513\" data-attachment-id=\"1448\" data-permalink=\"https:\/\/patrimoine-avesnois.fr\/chemin\/ferriere-la-grande\/815_001\/\" data-orig-file=\"https:\/\/i0.wp.com\/patrimoine-avesnois.fr\/chemin\/wp-content\/uploads\/2019\/04\/815_001.jpg?fit=373%2C513&amp;ssl=1\" data-orig-size=\"373,513\" data-comments-opened=\"1\" data-image-meta=\"{&quot;aperture&quot;:&quot;0&quot;,&quot;credit&quot;:&quot;&quot;,&quot;camera&quot;:&quot;&quot;,&quot;caption&quot;:&quot;&quot;,&quot;created_timestamp&quot;:&quot;1555422090&quot;,&quot;copyright&quot;:&quot;&quot;,&quot;focal_length&quot;:&quot;0&quot;,&quot;iso&quot;:&quot;0&quot;,&quot;shutter_speed&quot;:&quot;0&quot;,&quot;title&quot;:&quot;&quot;,&quot;orientation&quot;:&quot;0&quot;}\" data-image-title=\"815_001\" data-image-description=\"\" data-image-caption=\"\" data-large-file=\"https:\/\/i0.wp.com\/patrimoine-avesnois.fr\/chemin\/wp-content\/uploads\/2019\/04\/815_001.jpg?fit=373%2C513&amp;ssl=1\" src=\"https:\/\/i0.wp.com\/patrimoine-avesnois.fr\/chemin\/wp-content\/uploads\/2019\/04\/815_001.jpg?resize=373%2C513\" alt=\"\" class=\"wp-image-1448\" srcset=\"https:\/\/i0.wp.com\/patrimoine-avesnois.fr\/chemin\/wp-content\/uploads\/2019\/04\/815_001.jpg?w=373&amp;ssl=1 373w, https:\/\/i0.wp.com\/patrimoine-avesnois.fr\/chemin\/wp-content\/uploads\/2019\/04\/815_001.jpg?resize=218%2C300&amp;ssl=1 218w\" sizes=\"auto, (max-width: 373px) 85vw, 373px\" \/><figcaption class=\"wp-element-caption\">Le Cloitre<\/figcaption><\/figure>\n<\/div>\n\n<div class=\"wp-block-image is-resized\">\n<figure class=\"aligncenter\"><img data-recalc-dims=\"1\" loading=\"lazy\" decoding=\"async\" width=\"840\" height=\"629\" data-attachment-id=\"1449\" data-permalink=\"https:\/\/patrimoine-avesnois.fr\/chemin\/ferriere-la-grande\/image-323\/\" data-orig-file=\"https:\/\/i0.wp.com\/patrimoine-avesnois.fr\/chemin\/wp-content\/uploads\/2019\/04\/image-301.png?fit=896%2C671&amp;ssl=1\" data-orig-size=\"896,671\" data-comments-opened=\"1\" data-image-meta=\"{&quot;aperture&quot;:&quot;0&quot;,&quot;credit&quot;:&quot;&quot;,&quot;camera&quot;:&quot;&quot;,&quot;caption&quot;:&quot;&quot;,&quot;created_timestamp&quot;:&quot;0&quot;,&quot;copyright&quot;:&quot;&quot;,&quot;focal_length&quot;:&quot;0&quot;,&quot;iso&quot;:&quot;0&quot;,&quot;shutter_speed&quot;:&quot;0&quot;,&quot;title&quot;:&quot;&quot;,&quot;orientation&quot;:&quot;0&quot;}\" data-image-title=\"image\" data-image-description=\"\" data-image-caption=\"\" data-large-file=\"https:\/\/i0.wp.com\/patrimoine-avesnois.fr\/chemin\/wp-content\/uploads\/2019\/04\/image-301.png?fit=840%2C629&amp;ssl=1\" src=\"https:\/\/i0.wp.com\/patrimoine-avesnois.fr\/chemin\/wp-content\/uploads\/2019\/04\/image-301.png?resize=840%2C629\" alt=\"\" class=\"wp-image-1449\" srcset=\"https:\/\/i0.wp.com\/patrimoine-avesnois.fr\/chemin\/wp-content\/uploads\/2019\/04\/image-301.png?w=896&amp;ssl=1 896w, https:\/\/i0.wp.com\/patrimoine-avesnois.fr\/chemin\/wp-content\/uploads\/2019\/04\/image-301.png?resize=300%2C225&amp;ssl=1 300w, https:\/\/i0.wp.com\/patrimoine-avesnois.fr\/chemin\/wp-content\/uploads\/2019\/04\/image-301.png?resize=768%2C575&amp;ssl=1 768w\" sizes=\"auto, (max-width: 709px) 85vw, (max-width: 909px) 67vw, (max-width: 1362px) 62vw, 840px\" \/><figcaption class=\"wp-element-caption\">L&rsquo;ancien couvent Avenue du Mal Foch<\/figcaption><\/figure>\n<\/div>\n\n\n<p>Le couvent des dominicaines a \u00e9t\u00e9 construit en 1933 par les architectes Jean et Henri Lafitte, en collaboration avec l&rsquo;architecte des b\u00e2timents civils Louis Allix. <a rel=\"noreferrer noopener\" href=\"http:\/\/www2.culture.gouv.fr\/public\/mistral\/mersri_fr?ACTION=CHERCHER&amp;FIELD_1=REF&amp;VALUE_1=IA59001895\" target=\"_blank\">culture.gouv.fr<\/a><\/p>\n\n\n\n<p>A l&rsquo;origine de cette construction un marchand de vin dont la fille voulait devenir S\u0153ur. La cons\u00e9cration eut lieu le jour de No\u00ebl 1934. Pendant des d\u00e9cennies les S\u0153urs se consacr\u00e8rent aux pri\u00e8res mais aussi \u00e0 l&rsquo;entretien d&rsquo;un potager, \u00e0 la fabrication de confitures et \u00e0 la confection de croix en bois. Un jardinier travaillait dans ce monast\u00e8re mais il avait des cloches \u00e0 ses sabots , les religieuses pouvaient alors prendre leurs dispositions pour ne pas le croiser. En 1999 l&rsquo;\u00e9difice fut am\u00e9nag\u00e9  en maison de repos provoquant le d\u00e9part des neuf derni\u00e8res s\u0153urs en direction d&rsquo;Evry en r\u00e9gion parisienne. Les propri\u00e9taires M et Mme Cambier firent transformer les petites cellules ne contenant qu&rsquo;un lit de fer et un lavabo en appartements. Pendant un certain temps un pr\u00eatre \u00e0 la retraite qui vivait dans cette r\u00e9sidence pour personnes \u00e2g\u00e9es y c\u00e9l\u00e9bra des messes. De nos jours la chapelle qui sert d&rsquo;entrep\u00f4t, les vo\u00fbtes des couloirs et les bancs en bois t\u00e9moignent encore de l&rsquo;histoire des lieux. <\/p>\n\n\n\n<p><\/p>\n\n\n<div class=\"wp-block-image is-resized\">\n<figure class=\"aligncenter\"><img decoding=\"async\" src=\"https:\/\/upload.wikimedia.org\/wikipedia\/commons\/thumb\/5\/55\/Ferri%C3%A8re-la-Grande_%28Nord%2C_Fr%29_ancienne_gare.JPG\/1280px-Ferri%C3%A8re-la-Grande_%28Nord%2C_Fr%29_ancienne_gare.JPG\" alt=\"\"\/><figcaption class=\"wp-element-caption\">L&rsquo;ancienne gare Photo Havang<\/figcaption><\/figure>\n<\/div>\n\n\n<p>Le 29 ao\u00fbt 1885, la&nbsp;<a href=\"https:\/\/fr.wikipedia.org\/wiki\/Ligne_de_chemin_de_fer_Maubeuge_-_Fourmies\" target=\"_blank\" rel=\"noreferrer noopener\">ligne de chemin de fer Maubeuge &#8211; Fourmies<\/a>&nbsp;est inaugur\u00e9e. Le trac\u00e9 passe par Rousies, Ferri\u00e8re-la-Grande,&nbsp;Ferri\u00e8re-la-petite, Sars-Poteries, Solre-le-Ch\u00e2teau, Liessies, Tr\u00e9lon. Au d\u00e9but du&nbsp;XX e <abbr title=\"20\u1d49 si\u00e8cle\"><sup>e<\/sup><\/abbr>&nbsp;si\u00e8cle, le chemin de fer prend une importance consid\u00e9rable et dessert la majeure partie des usines de la cit\u00e9.                                                                                La section Ferri\u00e8re-la-Grande &#8211;&nbsp;Glageon&nbsp;de la ligne Maubeuge-Fourmies est ferm\u00e9e depuis 1972. En octobre 2003 est inaugur\u00e9 sur son trac\u00e9 un chemin de randonn\u00e9e, d\u00e9nomm\u00e9 \u00ab&nbsp;sentier Emeraude&nbsp;\u00bb. \u00c0 la suite de travaux effectu\u00e9s sur un lin\u00e9aire plus important, (de Ferri\u00e8re-la-Grande \u00e0&nbsp;Glageon), le \u00ab\u00a0sentier Emeraude\u00a0\u00bb est int\u00e9gr\u00e9 \u00e0 la \u00ab&nbsp;voie verte de l&rsquo;Avesnois&nbsp;\u00bb. L&rsquo;ancienne gare de Ferri\u00e8re-la-Grande a \u00e9t\u00e9 transform\u00e9e en relais Eco-V\u00e9lo.<\/p>\n\n\n<div class=\"wp-block-image is-resized\">\n<figure class=\"aligncenter\"><img decoding=\"async\" src=\"https:\/\/upload.wikimedia.org\/wikipedia\/commons\/thumb\/b\/bc\/%C3%89meraude181006.JPG\/1280px-%C3%89meraude181006.JPG\" alt=\"\"\/><figcaption class=\"wp-element-caption\"> Portion du sentier \u00e9meraude Photo Budotradan 2006<\/figcaption><\/figure>\n<\/div>\n\n\n<p><\/p>\n","protected":false},"excerpt":{"rendered":"<p>Le village doit son nom au minerai de fer qu&rsquo;on exploitait jadis sur son territoire. C\u2019est pour b\u00e9n\u00e9ficier des ressources du sous-sol, du cours rapide de la Solre&nbsp;mais aussi pour garantir l\u2019approvisionnement de sa place strat\u00e9gique frontali\u00e8re que s\u2019implante en 1715 une manufacture royale d&rsquo;armes. La machine \u2013 c\u2019est le nom que lui attribuent les &hellip; <a href=\"https:\/\/patrimoine-avesnois.fr\/chemin\/ferriere-la-grande\/\" class=\"more-link\">Continuer la lecture<span class=\"screen-reader-text\"> de &laquo;&nbsp;Ferri\u00e8re-la-Grande&nbsp;&raquo;<\/span><\/a><\/p>\n","protected":false},"author":2,"featured_media":0,"parent":0,"menu_order":0,"comment_status":"closed","ping_status":"closed","template":"","meta":{"jetpack_post_was_ever_published":false,"footnotes":""},"class_list":["post-1413","page","type-page","status-publish","hentry"],"jetpack_sharing_enabled":true,"jetpack_shortlink":"https:\/\/wp.me\/PaOEkN-mN","jetpack-related-posts":[],"_links":{"self":[{"href":"https:\/\/patrimoine-avesnois.fr\/chemin\/wp-json\/wp\/v2\/pages\/1413","targetHints":{"allow":["GET"]}}],"collection":[{"href":"https:\/\/patrimoine-avesnois.fr\/chemin\/wp-json\/wp\/v2\/pages"}],"about":[{"href":"https:\/\/patrimoine-avesnois.fr\/chemin\/wp-json\/wp\/v2\/types\/page"}],"author":[{"embeddable":true,"href":"https:\/\/patrimoine-avesnois.fr\/chemin\/wp-json\/wp\/v2\/users\/2"}],"replies":[{"embeddable":true,"href":"https:\/\/patrimoine-avesnois.fr\/chemin\/wp-json\/wp\/v2\/comments?post=1413"}],"version-history":[{"count":0,"href":"https:\/\/patrimoine-avesnois.fr\/chemin\/wp-json\/wp\/v2\/pages\/1413\/revisions"}],"wp:attachment":[{"href":"https:\/\/patrimoine-avesnois.fr\/chemin\/wp-json\/wp\/v2\/media?parent=1413"}],"curies":[{"name":"wp","href":"https:\/\/api.w.org\/{rel}","templated":true}]}}