{"id":1469,"date":"2019-04-16T22:08:31","date_gmt":"2019-04-16T20:08:31","guid":{"rendered":"http:\/\/patrimoine-avesnois.fr\/chemin\/?page_id=1469"},"modified":"2022-06-08T14:36:10","modified_gmt":"2022-06-08T12:36:10","slug":"ferriere-la-petite","status":"publish","type":"page","link":"https:\/\/patrimoine-avesnois.fr\/chemin\/ferriere-la-petite\/","title":{"rendered":"Ferri\u00e8re-la-Petite"},"content":{"rendered":"\n<div class=\"wp-block-image\"><figure class=\"aligncenter\"><img data-recalc-dims=\"1\" loading=\"lazy\" decoding=\"async\" width=\"840\" height=\"590\" data-attachment-id=\"1470\" data-permalink=\"https:\/\/patrimoine-avesnois.fr\/chemin\/ferriere-la-petite\/145_001\/\" data-orig-file=\"https:\/\/i0.wp.com\/patrimoine-avesnois.fr\/chemin\/wp-content\/uploads\/2019\/04\/145_001.jpg?fit=905%2C636&amp;ssl=1\" data-orig-size=\"905,636\" data-comments-opened=\"1\" data-image-meta=\"{&quot;aperture&quot;:&quot;0&quot;,&quot;credit&quot;:&quot;&quot;,&quot;camera&quot;:&quot;&quot;,&quot;caption&quot;:&quot;&quot;,&quot;created_timestamp&quot;:&quot;1555428784&quot;,&quot;copyright&quot;:&quot;&quot;,&quot;focal_length&quot;:&quot;0&quot;,&quot;iso&quot;:&quot;0&quot;,&quot;shutter_speed&quot;:&quot;0&quot;,&quot;title&quot;:&quot;&quot;,&quot;orientation&quot;:&quot;0&quot;}\" data-image-title=\"145_001\" data-image-description=\"\" data-image-caption=\"\" data-large-file=\"https:\/\/i0.wp.com\/patrimoine-avesnois.fr\/chemin\/wp-content\/uploads\/2019\/04\/145_001.jpg?fit=840%2C590&amp;ssl=1\" src=\"https:\/\/i0.wp.com\/patrimoine-avesnois.fr\/chemin\/wp-content\/uploads\/2019\/04\/145_001.jpg?resize=840%2C590\" alt=\"\" class=\"wp-image-1470\" srcset=\"https:\/\/i0.wp.com\/patrimoine-avesnois.fr\/chemin\/wp-content\/uploads\/2019\/04\/145_001.jpg?w=905&amp;ssl=1 905w, https:\/\/i0.wp.com\/patrimoine-avesnois.fr\/chemin\/wp-content\/uploads\/2019\/04\/145_001.jpg?resize=300%2C211&amp;ssl=1 300w, https:\/\/i0.wp.com\/patrimoine-avesnois.fr\/chemin\/wp-content\/uploads\/2019\/04\/145_001.jpg?resize=768%2C540&amp;ssl=1 768w\" sizes=\"auto, (max-width: 709px) 85vw, (max-width: 909px) 67vw, (max-width: 1362px) 62vw, 840px\" \/><figcaption>Vue a\u00e9rienne de Ferri\u00e8re-la-Petite<\/figcaption><\/figure><\/div>\n\n\n\n<p>Ferri\u00e8re-la-Petite tire son nom, comme Ferri\u00e8re-la-Grande du minerai de fer qu&rsquo;on y exploitait. Au XIV e si\u00e8cle, le village faisait partie de la dot de Jeanne de Hainaut, \u00e9pouse de Louis de Ch\u00e2tillon, fils du seigneur d&rsquo;Avesnes, tu\u00e9 \u00e0 la bataille de Cr\u00e9cy en 1346. La seigneurie passa aux Cro\u00ff puis au XVIII e si\u00e8cle \u00e0 la maison de Bousies. Charles de Bousies fonda une fa\u00efencerie qui fut autrefois c\u00e9l\u00e8bre. Il fut le dernier seigneur du village.<\/p>\n\n\n\n<div class=\"wp-block-image\"><figure class=\"aligncenter is-resized\"><img data-recalc-dims=\"1\" loading=\"lazy\" decoding=\"async\" data-attachment-id=\"1471\" data-permalink=\"https:\/\/patrimoine-avesnois.fr\/chemin\/ferriere-la-petite\/image-327\/\" data-orig-file=\"https:\/\/i0.wp.com\/patrimoine-avesnois.fr\/chemin\/wp-content\/uploads\/2019\/04\/image-305.png?fit=975%2C633&amp;ssl=1\" data-orig-size=\"975,633\" data-comments-opened=\"1\" data-image-meta=\"{&quot;aperture&quot;:&quot;0&quot;,&quot;credit&quot;:&quot;&quot;,&quot;camera&quot;:&quot;&quot;,&quot;caption&quot;:&quot;&quot;,&quot;created_timestamp&quot;:&quot;0&quot;,&quot;copyright&quot;:&quot;&quot;,&quot;focal_length&quot;:&quot;0&quot;,&quot;iso&quot;:&quot;0&quot;,&quot;shutter_speed&quot;:&quot;0&quot;,&quot;title&quot;:&quot;&quot;,&quot;orientation&quot;:&quot;0&quot;}\" data-image-title=\"image\" data-image-description=\"\" data-image-caption=\"\" data-large-file=\"https:\/\/i0.wp.com\/patrimoine-avesnois.fr\/chemin\/wp-content\/uploads\/2019\/04\/image-305.png?fit=840%2C545&amp;ssl=1\" src=\"https:\/\/i0.wp.com\/patrimoine-avesnois.fr\/chemin\/wp-content\/uploads\/2019\/04\/image-305.png?resize=672%2C437\" alt=\"\" class=\"wp-image-1471\" width=\"672\" height=\"437\" srcset=\"https:\/\/i0.wp.com\/patrimoine-avesnois.fr\/chemin\/wp-content\/uploads\/2019\/04\/image-305.png?w=975&amp;ssl=1 975w, https:\/\/i0.wp.com\/patrimoine-avesnois.fr\/chemin\/wp-content\/uploads\/2019\/04\/image-305.png?resize=300%2C195&amp;ssl=1 300w, https:\/\/i0.wp.com\/patrimoine-avesnois.fr\/chemin\/wp-content\/uploads\/2019\/04\/image-305.png?resize=768%2C499&amp;ssl=1 768w\" sizes=\"auto, (max-width: 672px) 85vw, 672px\" \/><figcaption>L&rsquo;\u00e9glise et la mairie<\/figcaption><\/figure><\/div>\n\n\n\n<div class=\"wp-block-image\"><figure class=\"aligncenter is-resized\"><img data-recalc-dims=\"1\" loading=\"lazy\" decoding=\"async\" data-attachment-id=\"1495\" data-permalink=\"https:\/\/patrimoine-avesnois.fr\/chemin\/ferriere-la-petite\/image-334\/\" data-orig-file=\"https:\/\/i0.wp.com\/patrimoine-avesnois.fr\/chemin\/wp-content\/uploads\/2019\/04\/image-312.png?fit=799%2C919&amp;ssl=1\" data-orig-size=\"799,919\" data-comments-opened=\"1\" data-image-meta=\"{&quot;aperture&quot;:&quot;0&quot;,&quot;credit&quot;:&quot;&quot;,&quot;camera&quot;:&quot;&quot;,&quot;caption&quot;:&quot;&quot;,&quot;created_timestamp&quot;:&quot;0&quot;,&quot;copyright&quot;:&quot;&quot;,&quot;focal_length&quot;:&quot;0&quot;,&quot;iso&quot;:&quot;0&quot;,&quot;shutter_speed&quot;:&quot;0&quot;,&quot;title&quot;:&quot;&quot;,&quot;orientation&quot;:&quot;0&quot;}\" data-image-title=\"image\" data-image-description=\"\" data-image-caption=\"\" data-large-file=\"https:\/\/i0.wp.com\/patrimoine-avesnois.fr\/chemin\/wp-content\/uploads\/2019\/04\/image-312.png?fit=799%2C919&amp;ssl=1\" src=\"https:\/\/i0.wp.com\/patrimoine-avesnois.fr\/chemin\/wp-content\/uploads\/2019\/04\/image-312.png?resize=464%2C534\" alt=\"\" class=\"wp-image-1495\" width=\"464\" height=\"534\" srcset=\"https:\/\/i0.wp.com\/patrimoine-avesnois.fr\/chemin\/wp-content\/uploads\/2019\/04\/image-312.png?w=799&amp;ssl=1 799w, https:\/\/i0.wp.com\/patrimoine-avesnois.fr\/chemin\/wp-content\/uploads\/2019\/04\/image-312.png?resize=261%2C300&amp;ssl=1 261w, https:\/\/i0.wp.com\/patrimoine-avesnois.fr\/chemin\/wp-content\/uploads\/2019\/04\/image-312.png?resize=768%2C883&amp;ssl=1 768w\" sizes=\"auto, (max-width: 464px) 85vw, 464px\" \/><figcaption><em>L&rsquo;\u00e9glise St M\u00e9dart de Ferri\u00e8re-la-Petite&nbsp;(1843)<\/em> Photo Havang<\/figcaption><\/figure><\/div>\n\n\n\n<div class=\"wp-block-image\"><figure class=\"aligncenter size-large is-resized\"><img data-recalc-dims=\"1\" loading=\"lazy\" decoding=\"async\" data-attachment-id=\"16961\" data-permalink=\"https:\/\/patrimoine-avesnois.fr\/chemin\/ferriere-la-petite\/image-113-8\/\" data-orig-file=\"https:\/\/i0.wp.com\/patrimoine-avesnois.fr\/chemin\/wp-content\/uploads\/2021\/12\/image-113.png?fit=821%2C645&amp;ssl=1\" data-orig-size=\"821,645\" data-comments-opened=\"1\" data-image-meta=\"{&quot;aperture&quot;:&quot;0&quot;,&quot;credit&quot;:&quot;&quot;,&quot;camera&quot;:&quot;&quot;,&quot;caption&quot;:&quot;&quot;,&quot;created_timestamp&quot;:&quot;0&quot;,&quot;copyright&quot;:&quot;&quot;,&quot;focal_length&quot;:&quot;0&quot;,&quot;iso&quot;:&quot;0&quot;,&quot;shutter_speed&quot;:&quot;0&quot;,&quot;title&quot;:&quot;&quot;,&quot;orientation&quot;:&quot;0&quot;}\" data-image-title=\"image-113\" data-image-description=\"\" data-image-caption=\"\" data-large-file=\"https:\/\/i0.wp.com\/patrimoine-avesnois.fr\/chemin\/wp-content\/uploads\/2021\/12\/image-113.png?fit=821%2C645&amp;ssl=1\" src=\"https:\/\/i0.wp.com\/patrimoine-avesnois.fr\/chemin\/wp-content\/uploads\/2021\/12\/image-113.png?resize=642%2C504\" alt=\"\" class=\"wp-image-16961\" width=\"642\" height=\"504\" srcset=\"https:\/\/i0.wp.com\/patrimoine-avesnois.fr\/chemin\/wp-content\/uploads\/2021\/12\/image-113.png?w=821&amp;ssl=1 821w, https:\/\/i0.wp.com\/patrimoine-avesnois.fr\/chemin\/wp-content\/uploads\/2021\/12\/image-113.png?resize=300%2C236&amp;ssl=1 300w, https:\/\/i0.wp.com\/patrimoine-avesnois.fr\/chemin\/wp-content\/uploads\/2021\/12\/image-113.png?resize=768%2C603&amp;ssl=1 768w\" sizes=\"auto, (max-width: 642px) 85vw, 642px\" \/><figcaption>Eglise de Ferri\u00e8re la Petite Photo <a href=\"https:\/\/www.google.fr\/maps\/@50.2380173,4.0214029,3a,75y,287.18h,95.68t\/data=!3m6!1e1!3m4!1s7bHenAwD0677JgSywjGi2w!2e0!7i16384!8i8192\" target=\"_blank\" rel=\"noreferrer noopener\">Google 2020<\/a><\/figcaption><\/figure><\/div>\n\n\n\n<div class=\"wp-block-image\"><figure class=\"aligncenter is-resized\"><img loading=\"lazy\" decoding=\"async\" src=\"https:\/\/upload.wikimedia.org\/wikipedia\/commons\/4\/49\/%C3%89glise_Saint-M%C3%A9dard_de_Ferri%C3%A8re-la-Petite_15.JPG\" alt=\"R\u00c3\u00a9sultat de recherche d'images pour &quot;2GLISE FERRI7RE LA PETITE&quot;\" width=\"640\" height=\"480\"\/><figcaption>la Nef<\/figcaption><\/figure><\/div>\n\n\n\n<div class=\"wp-block-image\"><figure class=\"aligncenter is-resized\"><img loading=\"lazy\" decoding=\"async\" src=\"https:\/\/upload.wikimedia.org\/wikipedia\/commons\/thumb\/b\/b6\/%C3%89glise_Saint-M%C3%A9dard_de_Ferri%C3%A8re-la-Petite_maitre_autel_2.JPG\/800px-%C3%89glise_Saint-M%C3%A9dard_de_Ferri%C3%A8re-la-Petite_maitre_autel_2.JPG\" alt=\"Fichier: \u00c3\u0089glise Saint-M\u00c3\u00a9dard de Ferri\u00c3\u00a8re-la-Petite maitre autel 2.JPG\" width=\"640\" height=\"480\"\/><figcaption>Le Maitre Autel <\/figcaption><\/figure><\/div>\n\n\n\n<div class=\"wp-block-image\"><figure class=\"aligncenter is-resized\"><img loading=\"lazy\" decoding=\"async\" src=\"https:\/\/upload.wikimedia.org\/wikipedia\/commons\/thumb\/7\/7d\/%C3%89glise_Saint-M%C3%A9dard_de_Ferri%C3%A8re-la-Petite_maitre_autel_4.JPG\/800px-%C3%89glise_Saint-M%C3%A9dard_de_Ferri%C3%A8re-la-Petite_maitre_autel_4.JPG\" alt=\"Fichier: \u00c3\u0089glise Saint-M\u00c3\u00a9dard de Ferri\u00c3\u00a8re-la-Petite maitre autel 4.JPG\" width=\"640\" height=\"480\"\/><\/figure><\/div>\n\n\n\n<div class=\"wp-block-image\"><figure class=\"aligncenter is-resized\"><img loading=\"lazy\" decoding=\"async\" src=\"https:\/\/upload.wikimedia.org\/wikipedia\/commons\/thumb\/c\/c1\/%C3%89glise_Saint-M%C3%A9dard_de_Ferri%C3%A8re-la-Petite_01.JPG\/800px-%C3%89glise_Saint-M%C3%A9dard_de_Ferri%C3%A8re-la-Petite_01.JPG\" alt=\"Fichier: \u00c3\u0089glise Saint-M\u00c3\u00a9dard de Ferri\u00c3\u00a8re-la-Petite 01.JPG\" width=\"640\" height=\"480\"\/><\/figure><\/div>\n\n\n\n<div class=\"wp-block-image\"><figure class=\"aligncenter is-resized\"><img data-recalc-dims=\"1\" loading=\"lazy\" decoding=\"async\" data-attachment-id=\"1502\" data-permalink=\"https:\/\/patrimoine-avesnois.fr\/chemin\/ferriere-la-petite\/image-336\/\" data-orig-file=\"https:\/\/i0.wp.com\/patrimoine-avesnois.fr\/chemin\/wp-content\/uploads\/2019\/04\/image-314.png?fit=443%2C492&amp;ssl=1\" data-orig-size=\"443,492\" data-comments-opened=\"1\" data-image-meta=\"{&quot;aperture&quot;:&quot;0&quot;,&quot;credit&quot;:&quot;&quot;,&quot;camera&quot;:&quot;&quot;,&quot;caption&quot;:&quot;&quot;,&quot;created_timestamp&quot;:&quot;0&quot;,&quot;copyright&quot;:&quot;&quot;,&quot;focal_length&quot;:&quot;0&quot;,&quot;iso&quot;:&quot;0&quot;,&quot;shutter_speed&quot;:&quot;0&quot;,&quot;title&quot;:&quot;&quot;,&quot;orientation&quot;:&quot;0&quot;}\" data-image-title=\"image\" data-image-description=\"\" data-image-caption=\"\" data-large-file=\"https:\/\/i0.wp.com\/patrimoine-avesnois.fr\/chemin\/wp-content\/uploads\/2019\/04\/image-314.png?fit=443%2C492&amp;ssl=1\" src=\"https:\/\/i0.wp.com\/patrimoine-avesnois.fr\/chemin\/wp-content\/uploads\/2019\/04\/image-314.png?resize=640%2C710\" alt=\"\" class=\"wp-image-1502\" width=\"640\" height=\"710\" srcset=\"https:\/\/i0.wp.com\/patrimoine-avesnois.fr\/chemin\/wp-content\/uploads\/2019\/04\/image-314.png?w=443&amp;ssl=1 443w, https:\/\/i0.wp.com\/patrimoine-avesnois.fr\/chemin\/wp-content\/uploads\/2019\/04\/image-314.png?resize=270%2C300&amp;ssl=1 270w\" sizes=\"auto, (max-width: 640px) 85vw, 640px\" \/><\/figure><\/div>\n\n\n\n<div class=\"wp-block-image\"><figure class=\"aligncenter is-resized\"><img data-recalc-dims=\"1\" loading=\"lazy\" decoding=\"async\" data-attachment-id=\"1504\" data-permalink=\"https:\/\/patrimoine-avesnois.fr\/chemin\/ferriere-la-petite\/image-337\/\" data-orig-file=\"https:\/\/i0.wp.com\/patrimoine-avesnois.fr\/chemin\/wp-content\/uploads\/2019\/04\/image-315.png?fit=449%2C509&amp;ssl=1\" data-orig-size=\"449,509\" data-comments-opened=\"1\" data-image-meta=\"{&quot;aperture&quot;:&quot;0&quot;,&quot;credit&quot;:&quot;&quot;,&quot;camera&quot;:&quot;&quot;,&quot;caption&quot;:&quot;&quot;,&quot;created_timestamp&quot;:&quot;0&quot;,&quot;copyright&quot;:&quot;&quot;,&quot;focal_length&quot;:&quot;0&quot;,&quot;iso&quot;:&quot;0&quot;,&quot;shutter_speed&quot;:&quot;0&quot;,&quot;title&quot;:&quot;&quot;,&quot;orientation&quot;:&quot;0&quot;}\" data-image-title=\"image\" data-image-description=\"\" data-image-caption=\"\" data-large-file=\"https:\/\/i0.wp.com\/patrimoine-avesnois.fr\/chemin\/wp-content\/uploads\/2019\/04\/image-315.png?fit=449%2C509&amp;ssl=1\" src=\"https:\/\/i0.wp.com\/patrimoine-avesnois.fr\/chemin\/wp-content\/uploads\/2019\/04\/image-315.png?resize=640%2C710\" alt=\"\" class=\"wp-image-1504\" width=\"640\" height=\"710\"\/><figcaption>Confessionnal<\/figcaption><\/figure><\/div>\n\n\n\n<figure class=\"wp-block-gallery columns-2 is-cropped wp-block-gallery-1 is-layout-flex wp-block-gallery-is-layout-flex\"><ul class=\"blocks-gallery-grid\"><li class=\"blocks-gallery-item\"><figure><img loading=\"lazy\" decoding=\"async\" width=\"1080\" height=\"1920\" data-attachment-id=\"3343\" data-permalink=\"https:\/\/patrimoine-avesnois.fr\/chemin\/ferriere-la-petite\/apur2y0ojm-nrg4c7mwusw_kr1tvdwdfm1jj8dz28vaftofc5xpjaivova5ksaqjgpkg88ryqd6ekpwb4xvtjkux0qtavujbiexlmpfd93mt0sagiqyq-lig1gb1hloda__\/\" data-orig-file=\"https:\/\/i0.wp.com\/patrimoine-avesnois.fr\/chemin\/wp-content\/uploads\/2019\/05\/APUR2Y0ojm-NRg4c7mwuSW_KR1TVdWdFM1JJ8dZ28VAfTOfc5xPJAIvoVA5ksAQjgpKg88RYqD6eKPWB4XVTjKUx0qtAvuJBIExlMpfd93mT0SagIQYQ-Lig1GB1HlodA__.jpg?fit=1080%2C1920&amp;ssl=1\" data-orig-size=\"1080,1920\" data-comments-opened=\"1\" data-image-meta=\"{&quot;aperture&quot;:&quot;0&quot;,&quot;credit&quot;:&quot;&quot;,&quot;camera&quot;:&quot;&quot;,&quot;caption&quot;:&quot;&quot;,&quot;created_timestamp&quot;:&quot;0&quot;,&quot;copyright&quot;:&quot;&quot;,&quot;focal_length&quot;:&quot;0&quot;,&quot;iso&quot;:&quot;0&quot;,&quot;shutter_speed&quot;:&quot;0&quot;,&quot;title&quot;:&quot;&quot;,&quot;orientation&quot;:&quot;0&quot;}\" data-image-title=\"APUR2Y0ojm&amp;#8211;NRg4c7mwuSW_KR1TVdWdFM1JJ8dZ28VAfTOfc5xPJAIvoVA5ksAQjgpKg88RYqD6eKPWB4XVTjKUx0qtAvuJBIExlMpfd93mT0SagIQYQ-Lig1GB1HlodA__\" data-image-description=\"\" data-image-caption=\"\" data-large-file=\"https:\/\/i0.wp.com\/patrimoine-avesnois.fr\/chemin\/wp-content\/uploads\/2019\/05\/APUR2Y0ojm-NRg4c7mwuSW_KR1TVdWdFM1JJ8dZ28VAfTOfc5xPJAIvoVA5ksAQjgpKg88RYqD6eKPWB4XVTjKUx0qtAvuJBIExlMpfd93mT0SagIQYQ-Lig1GB1HlodA__.jpg?fit=576%2C1024&amp;ssl=1\" src=\"https:\/\/i1.wp.com\/patrimoine-avesnois.fr\/chemin\/wp-content\/uploads\/2019\/05\/APUR2Y0ojm-NRg4c7mwuSW_KR1TVdWdFM1JJ8dZ28VAfTOfc5xPJAIvoVA5ksAQjgpKg88RYqD6eKPWB4XVTjKUx0qtAvuJBIExlMpfd93mT0SagIQYQ-Lig1GB1HlodA__.jpg?fit=576%2C1024\" alt=\"\" data-id=\"3343\" data-link=\"http:\/\/patrimoine-avesnois.fr\/chemin\/ferriere-la-petite\/apur2y0ojm-nrg4c7mwusw_kr1tvdwdfm1jj8dz28vaftofc5xpjaivova5ksaqjgpkg88ryqd6ekpwb4xvtjkux0qtavujbiexlmpfd93mt0sagiqyq-lig1gb1hloda__\/\" class=\"wp-image-3343\" srcset=\"https:\/\/i0.wp.com\/patrimoine-avesnois.fr\/chemin\/wp-content\/uploads\/2019\/05\/APUR2Y0ojm-NRg4c7mwuSW_KR1TVdWdFM1JJ8dZ28VAfTOfc5xPJAIvoVA5ksAQjgpKg88RYqD6eKPWB4XVTjKUx0qtAvuJBIExlMpfd93mT0SagIQYQ-Lig1GB1HlodA__.jpg?w=1080&amp;ssl=1 1080w, https:\/\/i0.wp.com\/patrimoine-avesnois.fr\/chemin\/wp-content\/uploads\/2019\/05\/APUR2Y0ojm-NRg4c7mwuSW_KR1TVdWdFM1JJ8dZ28VAfTOfc5xPJAIvoVA5ksAQjgpKg88RYqD6eKPWB4XVTjKUx0qtAvuJBIExlMpfd93mT0SagIQYQ-Lig1GB1HlodA__.jpg?resize=169%2C300&amp;ssl=1 169w, https:\/\/i0.wp.com\/patrimoine-avesnois.fr\/chemin\/wp-content\/uploads\/2019\/05\/APUR2Y0ojm-NRg4c7mwuSW_KR1TVdWdFM1JJ8dZ28VAfTOfc5xPJAIvoVA5ksAQjgpKg88RYqD6eKPWB4XVTjKUx0qtAvuJBIExlMpfd93mT0SagIQYQ-Lig1GB1HlodA__.jpg?resize=768%2C1365&amp;ssl=1 768w, https:\/\/i0.wp.com\/patrimoine-avesnois.fr\/chemin\/wp-content\/uploads\/2019\/05\/APUR2Y0ojm-NRg4c7mwuSW_KR1TVdWdFM1JJ8dZ28VAfTOfc5xPJAIvoVA5ksAQjgpKg88RYqD6eKPWB4XVTjKUx0qtAvuJBIExlMpfd93mT0SagIQYQ-Lig1GB1HlodA__.jpg?resize=576%2C1024&amp;ssl=1 576w\" sizes=\"auto, (max-width: 709px) 85vw, (max-width: 909px) 67vw, (max-width: 1362px) 62vw, 840px\" \/><\/figure><\/li><li class=\"blocks-gallery-item\"><figure><img loading=\"lazy\" decoding=\"async\" width=\"1080\" height=\"1920\" data-attachment-id=\"3344\" data-permalink=\"https:\/\/patrimoine-avesnois.fr\/chemin\/ferriere-la-petite\/apgithukfyaho7v1lfiqddnhyhluhyrsrxtw-dpalma0454dk4crd6f-kicqoirv_7xgvpxex1ojgzcx_zudrnqaujv-d4etojyy8asirvdfrjfws2cf13fz3m3omdfnqq__-2\/\" data-orig-file=\"https:\/\/i0.wp.com\/patrimoine-avesnois.fr\/chemin\/wp-content\/uploads\/2019\/05\/APgitHUKFyAhO7V1lFiQDDnHyhluHyrSrxTW-DpALMA0454dK4crD6F-kiCqOiRv_7xGvPXEx1ojGZCx_ZUdRNqAUJv-d4ETOjYy8AsIRVDFRJfws2cf13Fz3M3oMdFnQQ__-2.jpg?fit=1080%2C1920&amp;ssl=1\" data-orig-size=\"1080,1920\" data-comments-opened=\"1\" data-image-meta=\"{&quot;aperture&quot;:&quot;0&quot;,&quot;credit&quot;:&quot;&quot;,&quot;camera&quot;:&quot;&quot;,&quot;caption&quot;:&quot;&quot;,&quot;created_timestamp&quot;:&quot;1557220490&quot;,&quot;copyright&quot;:&quot;&quot;,&quot;focal_length&quot;:&quot;0&quot;,&quot;iso&quot;:&quot;0&quot;,&quot;shutter_speed&quot;:&quot;0&quot;,&quot;title&quot;:&quot;&quot;,&quot;orientation&quot;:&quot;1&quot;}\" data-image-title=\"APgitHUKFyAhO7V1lFiQDDnHyhluHyrSrxTW-DpALMA0454dK4crD6F-kiCqOiRv_7xGvPXEx1ojGZCx_ZUdRNqAUJv-d4ETOjYy8AsIRVDFRJfws2cf13Fz3M3oMdFnQQ__ (2)\" data-image-description=\"\" data-image-caption=\"\" data-large-file=\"https:\/\/i0.wp.com\/patrimoine-avesnois.fr\/chemin\/wp-content\/uploads\/2019\/05\/APgitHUKFyAhO7V1lFiQDDnHyhluHyrSrxTW-DpALMA0454dK4crD6F-kiCqOiRv_7xGvPXEx1ojGZCx_ZUdRNqAUJv-d4ETOjYy8AsIRVDFRJfws2cf13Fz3M3oMdFnQQ__-2.jpg?fit=576%2C1024&amp;ssl=1\" src=\"https:\/\/i0.wp.com\/patrimoine-avesnois.fr\/chemin\/wp-content\/uploads\/2019\/05\/APgitHUKFyAhO7V1lFiQDDnHyhluHyrSrxTW-DpALMA0454dK4crD6F-kiCqOiRv_7xGvPXEx1ojGZCx_ZUdRNqAUJv-d4ETOjYy8AsIRVDFRJfws2cf13Fz3M3oMdFnQQ__-2.jpg?fit=576%2C1024\" alt=\"\" data-id=\"3344\" data-link=\"http:\/\/patrimoine-avesnois.fr\/chemin\/ferriere-la-petite\/apgithukfyaho7v1lfiqddnhyhluhyrsrxtw-dpalma0454dk4crd6f-kicqoirv_7xgvpxex1ojgzcx_zudrnqaujv-d4etojyy8asirvdfrjfws2cf13fz3m3omdfnqq__-2\/\" class=\"wp-image-3344\" srcset=\"https:\/\/i0.wp.com\/patrimoine-avesnois.fr\/chemin\/wp-content\/uploads\/2019\/05\/APgitHUKFyAhO7V1lFiQDDnHyhluHyrSrxTW-DpALMA0454dK4crD6F-kiCqOiRv_7xGvPXEx1ojGZCx_ZUdRNqAUJv-d4ETOjYy8AsIRVDFRJfws2cf13Fz3M3oMdFnQQ__-2.jpg?w=1080&amp;ssl=1 1080w, https:\/\/i0.wp.com\/patrimoine-avesnois.fr\/chemin\/wp-content\/uploads\/2019\/05\/APgitHUKFyAhO7V1lFiQDDnHyhluHyrSrxTW-DpALMA0454dK4crD6F-kiCqOiRv_7xGvPXEx1ojGZCx_ZUdRNqAUJv-d4ETOjYy8AsIRVDFRJfws2cf13Fz3M3oMdFnQQ__-2.jpg?resize=169%2C300&amp;ssl=1 169w, https:\/\/i0.wp.com\/patrimoine-avesnois.fr\/chemin\/wp-content\/uploads\/2019\/05\/APgitHUKFyAhO7V1lFiQDDnHyhluHyrSrxTW-DpALMA0454dK4crD6F-kiCqOiRv_7xGvPXEx1ojGZCx_ZUdRNqAUJv-d4ETOjYy8AsIRVDFRJfws2cf13Fz3M3oMdFnQQ__-2.jpg?resize=768%2C1365&amp;ssl=1 768w, https:\/\/i0.wp.com\/patrimoine-avesnois.fr\/chemin\/wp-content\/uploads\/2019\/05\/APgitHUKFyAhO7V1lFiQDDnHyhluHyrSrxTW-DpALMA0454dK4crD6F-kiCqOiRv_7xGvPXEx1ojGZCx_ZUdRNqAUJv-d4ETOjYy8AsIRVDFRJfws2cf13Fz3M3oMdFnQQ__-2.jpg?resize=576%2C1024&amp;ssl=1 576w\" sizes=\"auto, (max-width: 709px) 85vw, (max-width: 909px) 67vw, (max-width: 1362px) 62vw, 840px\" \/><\/figure><\/li><\/ul><\/figure>\n\n\n\n<figure class=\"wp-block-gallery columns-2 is-cropped wp-block-gallery-2 is-layout-flex wp-block-gallery-is-layout-flex\"><ul class=\"blocks-gallery-grid\"><li class=\"blocks-gallery-item\"><figure><img loading=\"lazy\" decoding=\"async\" width=\"1080\" height=\"1920\" data-attachment-id=\"3345\" data-permalink=\"https:\/\/patrimoine-avesnois.fr\/chemin\/ferriere-la-petite\/agbu4823cbc8ackpwd_avw2j19syge2ufyoqcv7ka8rrhmruz7n_opg_olizwg5lt3eo06bz5z24_4v7eqi90tawhyj93a_bit_1bznwz_1ozubm9jf6shiu21objbzl1q__\/\" data-orig-file=\"https:\/\/i0.wp.com\/patrimoine-avesnois.fr\/chemin\/wp-content\/uploads\/2019\/05\/AGBU4823cBC8Ackpwd_AvW2j19syGe2UFYoqcV7Ka8RrHmRuZ7n_oPg_oLiZWg5lt3eo06Bz5z24_4v7eqi90tAwHyJ93A_BiT_1BZnWZ_1oZubM9jF6sHIU21obJbzL1Q__.jpg?fit=1080%2C1920&amp;ssl=1\" data-orig-size=\"1080,1920\" data-comments-opened=\"1\" data-image-meta=\"{&quot;aperture&quot;:&quot;0&quot;,&quot;credit&quot;:&quot;&quot;,&quot;camera&quot;:&quot;&quot;,&quot;caption&quot;:&quot;&quot;,&quot;created_timestamp&quot;:&quot;0&quot;,&quot;copyright&quot;:&quot;&quot;,&quot;focal_length&quot;:&quot;0&quot;,&quot;iso&quot;:&quot;0&quot;,&quot;shutter_speed&quot;:&quot;0&quot;,&quot;title&quot;:&quot;&quot;,&quot;orientation&quot;:&quot;0&quot;}\" data-image-title=\"AGBU4823cBC8Ackpwd_AvW2j19syGe2UFYoqcV7Ka8RrHmRuZ7n_oPg_oLiZWg5lt3eo06Bz5z24_4v7eqi90tAwHyJ93A_BiT_1BZnWZ_1oZubM9jF6sHIU21obJbzL1Q__\" data-image-description=\"\" data-image-caption=\"\" data-large-file=\"https:\/\/i0.wp.com\/patrimoine-avesnois.fr\/chemin\/wp-content\/uploads\/2019\/05\/AGBU4823cBC8Ackpwd_AvW2j19syGe2UFYoqcV7Ka8RrHmRuZ7n_oPg_oLiZWg5lt3eo06Bz5z24_4v7eqi90tAwHyJ93A_BiT_1BZnWZ_1oZubM9jF6sHIU21obJbzL1Q__.jpg?fit=576%2C1024&amp;ssl=1\" src=\"https:\/\/i2.wp.com\/patrimoine-avesnois.fr\/chemin\/wp-content\/uploads\/2019\/05\/AGBU4823cBC8Ackpwd_AvW2j19syGe2UFYoqcV7Ka8RrHmRuZ7n_oPg_oLiZWg5lt3eo06Bz5z24_4v7eqi90tAwHyJ93A_BiT_1BZnWZ_1oZubM9jF6sHIU21obJbzL1Q__.jpg?fit=576%2C1024\" alt=\"\" data-id=\"3345\" data-link=\"http:\/\/patrimoine-avesnois.fr\/chemin\/ferriere-la-petite\/agbu4823cbc8ackpwd_avw2j19syge2ufyoqcv7ka8rrhmruz7n_opg_olizwg5lt3eo06bz5z24_4v7eqi90tawhyj93a_bit_1bznwz_1ozubm9jf6shiu21objbzl1q__\/\" class=\"wp-image-3345\" srcset=\"https:\/\/i0.wp.com\/patrimoine-avesnois.fr\/chemin\/wp-content\/uploads\/2019\/05\/AGBU4823cBC8Ackpwd_AvW2j19syGe2UFYoqcV7Ka8RrHmRuZ7n_oPg_oLiZWg5lt3eo06Bz5z24_4v7eqi90tAwHyJ93A_BiT_1BZnWZ_1oZubM9jF6sHIU21obJbzL1Q__.jpg?w=1080&amp;ssl=1 1080w, https:\/\/i0.wp.com\/patrimoine-avesnois.fr\/chemin\/wp-content\/uploads\/2019\/05\/AGBU4823cBC8Ackpwd_AvW2j19syGe2UFYoqcV7Ka8RrHmRuZ7n_oPg_oLiZWg5lt3eo06Bz5z24_4v7eqi90tAwHyJ93A_BiT_1BZnWZ_1oZubM9jF6sHIU21obJbzL1Q__.jpg?resize=169%2C300&amp;ssl=1 169w, https:\/\/i0.wp.com\/patrimoine-avesnois.fr\/chemin\/wp-content\/uploads\/2019\/05\/AGBU4823cBC8Ackpwd_AvW2j19syGe2UFYoqcV7Ka8RrHmRuZ7n_oPg_oLiZWg5lt3eo06Bz5z24_4v7eqi90tAwHyJ93A_BiT_1BZnWZ_1oZubM9jF6sHIU21obJbzL1Q__.jpg?resize=768%2C1365&amp;ssl=1 768w, https:\/\/i0.wp.com\/patrimoine-avesnois.fr\/chemin\/wp-content\/uploads\/2019\/05\/AGBU4823cBC8Ackpwd_AvW2j19syGe2UFYoqcV7Ka8RrHmRuZ7n_oPg_oLiZWg5lt3eo06Bz5z24_4v7eqi90tAwHyJ93A_BiT_1BZnWZ_1oZubM9jF6sHIU21obJbzL1Q__.jpg?resize=576%2C1024&amp;ssl=1 576w\" sizes=\"auto, (max-width: 709px) 85vw, (max-width: 909px) 67vw, (max-width: 1362px) 62vw, 840px\" \/><\/figure><\/li><li class=\"blocks-gallery-item\"><figure><img loading=\"lazy\" decoding=\"async\" width=\"1080\" height=\"1920\" data-attachment-id=\"3346\" data-permalink=\"https:\/\/patrimoine-avesnois.fr\/chemin\/ferriere-la-petite\/aogzvuvah-0vooe0fwiehgctorqpqv7lk2nm7lmeqj9wuvumvj_s0-okb8y8_sox5bgaos4pvukivedjssrc45z_t79257oqonxzer7l0zu75fd_sasee_tv9pzahteu0g__\/\" data-orig-file=\"https:\/\/i0.wp.com\/patrimoine-avesnois.fr\/chemin\/wp-content\/uploads\/2019\/05\/AOGzVuvAH-0vOOE0fwIEHGCTorQPqv7lK2Nm7Lmeqj9wuvuMvJ_s0-OkB8Y8_sOx5BGAoS4pVuKIVedjSsRC45Z_t79257oqonXzeR7l0ZU75fD_SaSeE_tV9pZahteu0g__.jpg?fit=1080%2C1920&amp;ssl=1\" data-orig-size=\"1080,1920\" data-comments-opened=\"1\" data-image-meta=\"{&quot;aperture&quot;:&quot;0&quot;,&quot;credit&quot;:&quot;&quot;,&quot;camera&quot;:&quot;&quot;,&quot;caption&quot;:&quot;&quot;,&quot;created_timestamp&quot;:&quot;0&quot;,&quot;copyright&quot;:&quot;&quot;,&quot;focal_length&quot;:&quot;0&quot;,&quot;iso&quot;:&quot;0&quot;,&quot;shutter_speed&quot;:&quot;0&quot;,&quot;title&quot;:&quot;&quot;,&quot;orientation&quot;:&quot;0&quot;}\" data-image-title=\"AOGzVuvAH-0vOOE0fwIEHGCTorQPqv7lK2Nm7Lmeqj9wuvuMvJ_s0-OkB8Y8_sOx5BGAoS4pVuKIVedjSsRC45Z_t79257oqonXzeR7l0ZU75fD_SaSeE_tV9pZahteu0g__\" data-image-description=\"\" data-image-caption=\"\" data-large-file=\"https:\/\/i0.wp.com\/patrimoine-avesnois.fr\/chemin\/wp-content\/uploads\/2019\/05\/AOGzVuvAH-0vOOE0fwIEHGCTorQPqv7lK2Nm7Lmeqj9wuvuMvJ_s0-OkB8Y8_sOx5BGAoS4pVuKIVedjSsRC45Z_t79257oqonXzeR7l0ZU75fD_SaSeE_tV9pZahteu0g__.jpg?fit=576%2C1024&amp;ssl=1\" src=\"https:\/\/i0.wp.com\/patrimoine-avesnois.fr\/chemin\/wp-content\/uploads\/2019\/05\/AOGzVuvAH-0vOOE0fwIEHGCTorQPqv7lK2Nm7Lmeqj9wuvuMvJ_s0-OkB8Y8_sOx5BGAoS4pVuKIVedjSsRC45Z_t79257oqonXzeR7l0ZU75fD_SaSeE_tV9pZahteu0g__.jpg?fit=576%2C1024\" alt=\"\" data-id=\"3346\" data-link=\"http:\/\/patrimoine-avesnois.fr\/chemin\/ferriere-la-petite\/aogzvuvah-0vooe0fwiehgctorqpqv7lk2nm7lmeqj9wuvumvj_s0-okb8y8_sox5bgaos4pvukivedjssrc45z_t79257oqonxzer7l0zu75fd_sasee_tv9pzahteu0g__\/\" class=\"wp-image-3346\" srcset=\"https:\/\/i0.wp.com\/patrimoine-avesnois.fr\/chemin\/wp-content\/uploads\/2019\/05\/AOGzVuvAH-0vOOE0fwIEHGCTorQPqv7lK2Nm7Lmeqj9wuvuMvJ_s0-OkB8Y8_sOx5BGAoS4pVuKIVedjSsRC45Z_t79257oqonXzeR7l0ZU75fD_SaSeE_tV9pZahteu0g__.jpg?w=1080&amp;ssl=1 1080w, https:\/\/i0.wp.com\/patrimoine-avesnois.fr\/chemin\/wp-content\/uploads\/2019\/05\/AOGzVuvAH-0vOOE0fwIEHGCTorQPqv7lK2Nm7Lmeqj9wuvuMvJ_s0-OkB8Y8_sOx5BGAoS4pVuKIVedjSsRC45Z_t79257oqonXzeR7l0ZU75fD_SaSeE_tV9pZahteu0g__.jpg?resize=169%2C300&amp;ssl=1 169w, https:\/\/i0.wp.com\/patrimoine-avesnois.fr\/chemin\/wp-content\/uploads\/2019\/05\/AOGzVuvAH-0vOOE0fwIEHGCTorQPqv7lK2Nm7Lmeqj9wuvuMvJ_s0-OkB8Y8_sOx5BGAoS4pVuKIVedjSsRC45Z_t79257oqonXzeR7l0ZU75fD_SaSeE_tV9pZahteu0g__.jpg?resize=768%2C1365&amp;ssl=1 768w, https:\/\/i0.wp.com\/patrimoine-avesnois.fr\/chemin\/wp-content\/uploads\/2019\/05\/AOGzVuvAH-0vOOE0fwIEHGCTorQPqv7lK2Nm7Lmeqj9wuvuMvJ_s0-OkB8Y8_sOx5BGAoS4pVuKIVedjSsRC45Z_t79257oqonXzeR7l0ZU75fD_SaSeE_tV9pZahteu0g__.jpg?resize=576%2C1024&amp;ssl=1 576w\" sizes=\"auto, (max-width: 709px) 85vw, (max-width: 909px) 67vw, (max-width: 1362px) 62vw, 840px\" \/><\/figure><\/li><\/ul><\/figure>\n\n\n\n<figure class=\"wp-block-gallery columns-3 is-cropped wp-block-gallery-3 is-layout-flex wp-block-gallery-is-layout-flex\"><ul class=\"blocks-gallery-grid\"><li class=\"blocks-gallery-item\"><figure><img loading=\"lazy\" decoding=\"async\" width=\"1080\" height=\"1920\" data-attachment-id=\"3347\" data-permalink=\"https:\/\/patrimoine-avesnois.fr\/chemin\/ferriere-la-petite\/apt7k-1bqjk2sqa_d_ikzmrcn8vdn0gyctgsqxqvkxpre_arzb-kewhx2l632mzylig3pnood5no02c0qygb1g2_fa_w0hdjp068c6vcfiamdrb0epdmryscd-wh2rykng__\/\" data-orig-file=\"https:\/\/i0.wp.com\/patrimoine-avesnois.fr\/chemin\/wp-content\/uploads\/2019\/05\/APt7k-1bQJK2sqa_d_IkZmRcn8VDN0GYCTGsQXQvkxPrE_ArzB-keWhX2L632mZyLIG3pNoOd5NO02C0qyGb1G2_Fa_W0hdJP068c6vCFIAMdrB0epdMRysCd-wh2ryKNg__.jpg?fit=1080%2C1920&amp;ssl=1\" data-orig-size=\"1080,1920\" data-comments-opened=\"1\" data-image-meta=\"{&quot;aperture&quot;:&quot;0&quot;,&quot;credit&quot;:&quot;&quot;,&quot;camera&quot;:&quot;&quot;,&quot;caption&quot;:&quot;&quot;,&quot;created_timestamp&quot;:&quot;0&quot;,&quot;copyright&quot;:&quot;&quot;,&quot;focal_length&quot;:&quot;0&quot;,&quot;iso&quot;:&quot;0&quot;,&quot;shutter_speed&quot;:&quot;0&quot;,&quot;title&quot;:&quot;&quot;,&quot;orientation&quot;:&quot;0&quot;}\" data-image-title=\"APt7k-1bQJK2sqa_d_IkZmRcn8VDN0GYCTGsQXQvkxPrE_ArzB-keWhX2L632mZyLIG3pNoOd5NO02C0qyGb1G2_Fa_W0hdJP068c6vCFIAMdrB0epdMRysCd-wh2ryKNg__\" data-image-description=\"\" data-image-caption=\"\" data-large-file=\"https:\/\/i0.wp.com\/patrimoine-avesnois.fr\/chemin\/wp-content\/uploads\/2019\/05\/APt7k-1bQJK2sqa_d_IkZmRcn8VDN0GYCTGsQXQvkxPrE_ArzB-keWhX2L632mZyLIG3pNoOd5NO02C0qyGb1G2_Fa_W0hdJP068c6vCFIAMdrB0epdMRysCd-wh2ryKNg__.jpg?fit=576%2C1024&amp;ssl=1\" src=\"https:\/\/i1.wp.com\/patrimoine-avesnois.fr\/chemin\/wp-content\/uploads\/2019\/05\/APt7k-1bQJK2sqa_d_IkZmRcn8VDN0GYCTGsQXQvkxPrE_ArzB-keWhX2L632mZyLIG3pNoOd5NO02C0qyGb1G2_Fa_W0hdJP068c6vCFIAMdrB0epdMRysCd-wh2ryKNg__.jpg?fit=576%2C1024\" alt=\"\" data-id=\"3347\" data-link=\"http:\/\/patrimoine-avesnois.fr\/chemin\/ferriere-la-petite\/apt7k-1bqjk2sqa_d_ikzmrcn8vdn0gyctgsqxqvkxpre_arzb-kewhx2l632mzylig3pnood5no02c0qygb1g2_fa_w0hdjp068c6vcfiamdrb0epdmryscd-wh2rykng__\/\" class=\"wp-image-3347\" srcset=\"https:\/\/i0.wp.com\/patrimoine-avesnois.fr\/chemin\/wp-content\/uploads\/2019\/05\/APt7k-1bQJK2sqa_d_IkZmRcn8VDN0GYCTGsQXQvkxPrE_ArzB-keWhX2L632mZyLIG3pNoOd5NO02C0qyGb1G2_Fa_W0hdJP068c6vCFIAMdrB0epdMRysCd-wh2ryKNg__.jpg?w=1080&amp;ssl=1 1080w, https:\/\/i0.wp.com\/patrimoine-avesnois.fr\/chemin\/wp-content\/uploads\/2019\/05\/APt7k-1bQJK2sqa_d_IkZmRcn8VDN0GYCTGsQXQvkxPrE_ArzB-keWhX2L632mZyLIG3pNoOd5NO02C0qyGb1G2_Fa_W0hdJP068c6vCFIAMdrB0epdMRysCd-wh2ryKNg__.jpg?resize=169%2C300&amp;ssl=1 169w, https:\/\/i0.wp.com\/patrimoine-avesnois.fr\/chemin\/wp-content\/uploads\/2019\/05\/APt7k-1bQJK2sqa_d_IkZmRcn8VDN0GYCTGsQXQvkxPrE_ArzB-keWhX2L632mZyLIG3pNoOd5NO02C0qyGb1G2_Fa_W0hdJP068c6vCFIAMdrB0epdMRysCd-wh2ryKNg__.jpg?resize=768%2C1365&amp;ssl=1 768w, https:\/\/i0.wp.com\/patrimoine-avesnois.fr\/chemin\/wp-content\/uploads\/2019\/05\/APt7k-1bQJK2sqa_d_IkZmRcn8VDN0GYCTGsQXQvkxPrE_ArzB-keWhX2L632mZyLIG3pNoOd5NO02C0qyGb1G2_Fa_W0hdJP068c6vCFIAMdrB0epdMRysCd-wh2ryKNg__.jpg?resize=576%2C1024&amp;ssl=1 576w\" sizes=\"auto, (max-width: 709px) 85vw, (max-width: 909px) 67vw, (max-width: 1362px) 62vw, 840px\" \/><\/figure><\/li><li class=\"blocks-gallery-item\"><figure><img loading=\"lazy\" decoding=\"async\" width=\"1080\" height=\"1920\" data-attachment-id=\"3348\" data-permalink=\"https:\/\/patrimoine-avesnois.fr\/chemin\/ferriere-la-petite\/aju-fr_mli431fzhy-jw4ck8dzibrsbfbohuavxn1ynfo3bfms2ehrgmbdn9sgeqvcfabdpfqbmqjk6whkntfrfcdvajpz0kamxlruv7vpy_kebs-zehfly6pkmlgj6vnw__\/\" data-orig-file=\"https:\/\/i0.wp.com\/patrimoine-avesnois.fr\/chemin\/wp-content\/uploads\/2019\/05\/AJu-FR_mLi431FZhy-jW4CK8dzIbRSbfBOHUAvXn1yNfo3BFMS2EHRgMbdN9sgeqVCFaBdPfqBMqJk6whknTfrfCDvAJPz0KAMxlrUv7vPY_kebS-zEhfly6pkmlgj6Vnw__.jpg?fit=1080%2C1920&amp;ssl=1\" data-orig-size=\"1080,1920\" data-comments-opened=\"1\" data-image-meta=\"{&quot;aperture&quot;:&quot;0&quot;,&quot;credit&quot;:&quot;&quot;,&quot;camera&quot;:&quot;&quot;,&quot;caption&quot;:&quot;&quot;,&quot;created_timestamp&quot;:&quot;0&quot;,&quot;copyright&quot;:&quot;&quot;,&quot;focal_length&quot;:&quot;0&quot;,&quot;iso&quot;:&quot;0&quot;,&quot;shutter_speed&quot;:&quot;0&quot;,&quot;title&quot;:&quot;&quot;,&quot;orientation&quot;:&quot;0&quot;}\" data-image-title=\"AJu-FR_mLi431FZhy-jW4CK8dzIbRSbfBOHUAvXn1yNfo3BFMS2EHRgMbdN9sgeqVCFaBdPfqBMqJk6whknTfrfCDvAJPz0KAMxlrUv7vPY_kebS-zEhfly6pkmlgj6Vnw__\" data-image-description=\"\" data-image-caption=\"\" data-large-file=\"https:\/\/i0.wp.com\/patrimoine-avesnois.fr\/chemin\/wp-content\/uploads\/2019\/05\/AJu-FR_mLi431FZhy-jW4CK8dzIbRSbfBOHUAvXn1yNfo3BFMS2EHRgMbdN9sgeqVCFaBdPfqBMqJk6whknTfrfCDvAJPz0KAMxlrUv7vPY_kebS-zEhfly6pkmlgj6Vnw__.jpg?fit=576%2C1024&amp;ssl=1\" src=\"https:\/\/i1.wp.com\/patrimoine-avesnois.fr\/chemin\/wp-content\/uploads\/2019\/05\/AJu-FR_mLi431FZhy-jW4CK8dzIbRSbfBOHUAvXn1yNfo3BFMS2EHRgMbdN9sgeqVCFaBdPfqBMqJk6whknTfrfCDvAJPz0KAMxlrUv7vPY_kebS-zEhfly6pkmlgj6Vnw__.jpg?fit=576%2C1024\" alt=\"\" data-id=\"3348\" data-link=\"http:\/\/patrimoine-avesnois.fr\/chemin\/ferriere-la-petite\/aju-fr_mli431fzhy-jw4ck8dzibrsbfbohuavxn1ynfo3bfms2ehrgmbdn9sgeqvcfabdpfqbmqjk6whkntfrfcdvajpz0kamxlruv7vpy_kebs-zehfly6pkmlgj6vnw__\/\" class=\"wp-image-3348\" srcset=\"https:\/\/i0.wp.com\/patrimoine-avesnois.fr\/chemin\/wp-content\/uploads\/2019\/05\/AJu-FR_mLi431FZhy-jW4CK8dzIbRSbfBOHUAvXn1yNfo3BFMS2EHRgMbdN9sgeqVCFaBdPfqBMqJk6whknTfrfCDvAJPz0KAMxlrUv7vPY_kebS-zEhfly6pkmlgj6Vnw__.jpg?w=1080&amp;ssl=1 1080w, https:\/\/i0.wp.com\/patrimoine-avesnois.fr\/chemin\/wp-content\/uploads\/2019\/05\/AJu-FR_mLi431FZhy-jW4CK8dzIbRSbfBOHUAvXn1yNfo3BFMS2EHRgMbdN9sgeqVCFaBdPfqBMqJk6whknTfrfCDvAJPz0KAMxlrUv7vPY_kebS-zEhfly6pkmlgj6Vnw__.jpg?resize=169%2C300&amp;ssl=1 169w, https:\/\/i0.wp.com\/patrimoine-avesnois.fr\/chemin\/wp-content\/uploads\/2019\/05\/AJu-FR_mLi431FZhy-jW4CK8dzIbRSbfBOHUAvXn1yNfo3BFMS2EHRgMbdN9sgeqVCFaBdPfqBMqJk6whknTfrfCDvAJPz0KAMxlrUv7vPY_kebS-zEhfly6pkmlgj6Vnw__.jpg?resize=768%2C1365&amp;ssl=1 768w, https:\/\/i0.wp.com\/patrimoine-avesnois.fr\/chemin\/wp-content\/uploads\/2019\/05\/AJu-FR_mLi431FZhy-jW4CK8dzIbRSbfBOHUAvXn1yNfo3BFMS2EHRgMbdN9sgeqVCFaBdPfqBMqJk6whknTfrfCDvAJPz0KAMxlrUv7vPY_kebS-zEhfly6pkmlgj6Vnw__.jpg?resize=576%2C1024&amp;ssl=1 576w\" sizes=\"auto, (max-width: 709px) 85vw, (max-width: 909px) 67vw, (max-width: 1362px) 62vw, 840px\" \/><\/figure><\/li><li class=\"blocks-gallery-item\"><figure><img loading=\"lazy\" decoding=\"async\" width=\"1080\" height=\"1920\" data-attachment-id=\"3349\" data-permalink=\"https:\/\/patrimoine-avesnois.fr\/chemin\/ferriere-la-petite\/acnsbzxh8cjvg3ix2aqt4ksmiug3llcdb6wcpm3ttuq8o8prrlhe9lyxzbsvhr35b8q21sq41h9msahmrtgdhsqi-gyughavadgnarq3hlyx3zwgrcvabc1il7adm-l0_a__-2\/\" data-orig-file=\"https:\/\/i0.wp.com\/patrimoine-avesnois.fr\/chemin\/wp-content\/uploads\/2019\/05\/ACNsBzXH8CjVg3iX2aqT4ksMIUg3llcDB6WcPm3ttUq8O8pRrlhe9LYxzbSVHr35B8Q21sq41h9mSAHmrTGDhsQI-GYuGHAvaDgNARq3hLYX3ZWGrCVABC1iL7AdM-L0_A__-1.jpg?fit=1080%2C1920&amp;ssl=1\" data-orig-size=\"1080,1920\" data-comments-opened=\"1\" data-image-meta=\"{&quot;aperture&quot;:&quot;0&quot;,&quot;credit&quot;:&quot;&quot;,&quot;camera&quot;:&quot;&quot;,&quot;caption&quot;:&quot;&quot;,&quot;created_timestamp&quot;:&quot;0&quot;,&quot;copyright&quot;:&quot;&quot;,&quot;focal_length&quot;:&quot;0&quot;,&quot;iso&quot;:&quot;0&quot;,&quot;shutter_speed&quot;:&quot;0&quot;,&quot;title&quot;:&quot;&quot;,&quot;orientation&quot;:&quot;0&quot;}\" data-image-title=\"ACNsBzXH8CjVg3iX2aqT4ksMIUg3llcDB6WcPm3ttUq8O8pRrlhe9LYxzbSVHr35B8Q21sq41h9mSAHmrTGDhsQI-GYuGHAvaDgNARq3hLYX3ZWGrCVABC1iL7AdM-L0_A__\" data-image-description=\"\" data-image-caption=\"\" data-large-file=\"https:\/\/i0.wp.com\/patrimoine-avesnois.fr\/chemin\/wp-content\/uploads\/2019\/05\/ACNsBzXH8CjVg3iX2aqT4ksMIUg3llcDB6WcPm3ttUq8O8pRrlhe9LYxzbSVHr35B8Q21sq41h9mSAHmrTGDhsQI-GYuGHAvaDgNARq3hLYX3ZWGrCVABC1iL7AdM-L0_A__-1.jpg?fit=576%2C1024&amp;ssl=1\" src=\"https:\/\/i0.wp.com\/patrimoine-avesnois.fr\/chemin\/wp-content\/uploads\/2019\/05\/ACNsBzXH8CjVg3iX2aqT4ksMIUg3llcDB6WcPm3ttUq8O8pRrlhe9LYxzbSVHr35B8Q21sq41h9mSAHmrTGDhsQI-GYuGHAvaDgNARq3hLYX3ZWGrCVABC1iL7AdM-L0_A__-1.jpg?fit=576%2C1024\" alt=\"\" data-id=\"3349\" data-link=\"http:\/\/patrimoine-avesnois.fr\/chemin\/ferriere-la-petite\/acnsbzxh8cjvg3ix2aqt4ksmiug3llcdb6wcpm3ttuq8o8prrlhe9lyxzbsvhr35b8q21sq41h9msahmrtgdhsqi-gyughavadgnarq3hlyx3zwgrcvabc1il7adm-l0_a__-2\/\" class=\"wp-image-3349\" srcset=\"https:\/\/i0.wp.com\/patrimoine-avesnois.fr\/chemin\/wp-content\/uploads\/2019\/05\/ACNsBzXH8CjVg3iX2aqT4ksMIUg3llcDB6WcPm3ttUq8O8pRrlhe9LYxzbSVHr35B8Q21sq41h9mSAHmrTGDhsQI-GYuGHAvaDgNARq3hLYX3ZWGrCVABC1iL7AdM-L0_A__-1.jpg?w=1080&amp;ssl=1 1080w, https:\/\/i0.wp.com\/patrimoine-avesnois.fr\/chemin\/wp-content\/uploads\/2019\/05\/ACNsBzXH8CjVg3iX2aqT4ksMIUg3llcDB6WcPm3ttUq8O8pRrlhe9LYxzbSVHr35B8Q21sq41h9mSAHmrTGDhsQI-GYuGHAvaDgNARq3hLYX3ZWGrCVABC1iL7AdM-L0_A__-1.jpg?resize=169%2C300&amp;ssl=1 169w, https:\/\/i0.wp.com\/patrimoine-avesnois.fr\/chemin\/wp-content\/uploads\/2019\/05\/ACNsBzXH8CjVg3iX2aqT4ksMIUg3llcDB6WcPm3ttUq8O8pRrlhe9LYxzbSVHr35B8Q21sq41h9mSAHmrTGDhsQI-GYuGHAvaDgNARq3hLYX3ZWGrCVABC1iL7AdM-L0_A__-1.jpg?resize=768%2C1365&amp;ssl=1 768w, https:\/\/i0.wp.com\/patrimoine-avesnois.fr\/chemin\/wp-content\/uploads\/2019\/05\/ACNsBzXH8CjVg3iX2aqT4ksMIUg3llcDB6WcPm3ttUq8O8pRrlhe9LYxzbSVHr35B8Q21sq41h9mSAHmrTGDhsQI-GYuGHAvaDgNARq3hLYX3ZWGrCVABC1iL7AdM-L0_A__-1.jpg?resize=576%2C1024&amp;ssl=1 576w\" sizes=\"auto, (max-width: 709px) 85vw, (max-width: 909px) 67vw, (max-width: 1362px) 62vw, 840px\" \/><\/figure><\/li><\/ul><\/figure>\n\n\n\n<div class=\"wp-block-image\"><figure class=\"aligncenter is-resized\"><img loading=\"lazy\" decoding=\"async\" data-attachment-id=\"1474\" data-permalink=\"https:\/\/patrimoine-avesnois.fr\/chemin\/ferriere-la-petite\/image-329\/\" data-orig-file=\"https:\/\/i0.wp.com\/patrimoine-avesnois.fr\/chemin\/wp-content\/uploads\/2019\/04\/image-307.png?fit=1064%2C691&amp;ssl=1\" data-orig-size=\"1064,691\" data-comments-opened=\"1\" data-image-meta=\"{&quot;aperture&quot;:&quot;0&quot;,&quot;credit&quot;:&quot;&quot;,&quot;camera&quot;:&quot;&quot;,&quot;caption&quot;:&quot;&quot;,&quot;created_timestamp&quot;:&quot;0&quot;,&quot;copyright&quot;:&quot;&quot;,&quot;focal_length&quot;:&quot;0&quot;,&quot;iso&quot;:&quot;0&quot;,&quot;shutter_speed&quot;:&quot;0&quot;,&quot;title&quot;:&quot;&quot;,&quot;orientation&quot;:&quot;0&quot;}\" data-image-title=\"image\" data-image-description=\"\" data-image-caption=\"\" data-large-file=\"https:\/\/i0.wp.com\/patrimoine-avesnois.fr\/chemin\/wp-content\/uploads\/2019\/04\/image-307.png?fit=840%2C546&amp;ssl=1\" src=\"https:\/\/i0.wp.com\/patrimoine-avesnois.fr\/chemin\/wp-content\/uploads\/2019\/04\/image-307.png?fit=840%2C546\" alt=\"\" class=\"wp-image-1474\" width=\"630\" height=\"410\" srcset=\"https:\/\/i0.wp.com\/patrimoine-avesnois.fr\/chemin\/wp-content\/uploads\/2019\/04\/image-307.png?w=1064&amp;ssl=1 1064w, https:\/\/i0.wp.com\/patrimoine-avesnois.fr\/chemin\/wp-content\/uploads\/2019\/04\/image-307.png?resize=300%2C195&amp;ssl=1 300w, https:\/\/i0.wp.com\/patrimoine-avesnois.fr\/chemin\/wp-content\/uploads\/2019\/04\/image-307.png?resize=768%2C499&amp;ssl=1 768w, https:\/\/i0.wp.com\/patrimoine-avesnois.fr\/chemin\/wp-content\/uploads\/2019\/04\/image-307.png?resize=1024%2C665&amp;ssl=1 1024w\" sizes=\"auto, (max-width: 630px) 85vw, 630px\" \/><figcaption>L&rsquo;ancien ch\u00e2teau des Gossuin<\/figcaption><\/figure><\/div>\n\n\n\n<div class=\"wp-block-image\"><figure class=\"aligncenter is-resized\"><img loading=\"lazy\" decoding=\"async\" data-attachment-id=\"1475\" data-permalink=\"https:\/\/patrimoine-avesnois.fr\/chemin\/ferriere-la-petite\/image-330\/\" data-orig-file=\"https:\/\/i0.wp.com\/patrimoine-avesnois.fr\/chemin\/wp-content\/uploads\/2019\/04\/image-308.png?fit=1564%2C1018&amp;ssl=1\" data-orig-size=\"1564,1018\" data-comments-opened=\"1\" data-image-meta=\"{&quot;aperture&quot;:&quot;0&quot;,&quot;credit&quot;:&quot;&quot;,&quot;camera&quot;:&quot;&quot;,&quot;caption&quot;:&quot;&quot;,&quot;created_timestamp&quot;:&quot;0&quot;,&quot;copyright&quot;:&quot;&quot;,&quot;focal_length&quot;:&quot;0&quot;,&quot;iso&quot;:&quot;0&quot;,&quot;shutter_speed&quot;:&quot;0&quot;,&quot;title&quot;:&quot;&quot;,&quot;orientation&quot;:&quot;0&quot;}\" data-image-title=\"image\" data-image-description=\"\" data-image-caption=\"\" data-large-file=\"https:\/\/i0.wp.com\/patrimoine-avesnois.fr\/chemin\/wp-content\/uploads\/2019\/04\/image-308.png?fit=840%2C547&amp;ssl=1\" src=\"https:\/\/i1.wp.com\/patrimoine-avesnois.fr\/chemin\/wp-content\/uploads\/2019\/04\/image-308.png?fit=840%2C547\" alt=\"\" class=\"wp-image-1475\" width=\"630\" height=\"410\" srcset=\"https:\/\/i0.wp.com\/patrimoine-avesnois.fr\/chemin\/wp-content\/uploads\/2019\/04\/image-308.png?w=1564&amp;ssl=1 1564w, https:\/\/i0.wp.com\/patrimoine-avesnois.fr\/chemin\/wp-content\/uploads\/2019\/04\/image-308.png?resize=300%2C195&amp;ssl=1 300w, https:\/\/i0.wp.com\/patrimoine-avesnois.fr\/chemin\/wp-content\/uploads\/2019\/04\/image-308.png?resize=768%2C500&amp;ssl=1 768w, https:\/\/i0.wp.com\/patrimoine-avesnois.fr\/chemin\/wp-content\/uploads\/2019\/04\/image-308.png?resize=1024%2C667&amp;ssl=1 1024w, https:\/\/i0.wp.com\/patrimoine-avesnois.fr\/chemin\/wp-content\/uploads\/2019\/04\/image-308.png?resize=1200%2C781&amp;ssl=1 1200w\" sizes=\"auto, (max-width: 630px) 85vw, 630px\" \/><\/figure><\/div>\n\n\n\n<div class=\"wp-block-image\"><figure class=\"aligncenter is-resized\"><img loading=\"lazy\" decoding=\"async\" src=\"https:\/\/upload.wikimedia.org\/wikipedia\/commons\/thumb\/1\/11\/Mairie_Ferri%C3%A8re-la-Petite.JPG\/1280px-Mairie_Ferri%C3%A8re-la-Petite.JPG\" alt=\"Ferri\u00c3\u00a8re-la-Petite\" width=\"640\" height=\"480\"\/><figcaption>La Mairie de Ferri\u00e8re-la-Petite Photo Chatsam<\/figcaption><\/figure><\/div>\n\n\n\n<p>Au XVIII e si\u00e8cle Lebrun Lamoral de la Vigne construisit une vaste demeure, qu&rsquo;il l\u00e9gua \u00e0 son gendre Charles, seigneur de Bousies et fondateur en 1798 de la fa\u00efencerie de Ferri\u00e8re-la-Petite.&nbsp;En 1806, la fa\u00efencerie, qui avait \u00e9t\u00e9 vendue comme bien national, fit faillite. La fabrique fut alors rachet\u00e9e avec le ch\u00e2teau, qui \u00e9tait la r\u00e9sidence du directeur, par Louis Gossuin, fr\u00e8re du conventionnel, n\u00e9 \u00e0 Avesnes en 1759. Louis Gossuin, qui fut d\u00e9put\u00e9 du Quesnoy aux Etats G\u00e9n\u00e9raux, acheta le domaine en m\u00eame temps que Talleyrand achetait le sien au Pont de Sains. Il s&rsquo;agissait surtout d&rsquo;une sp\u00e9culation sur les biens nationaux. Cependant, Louis Gossuin, comme Talleyrand, prit go\u00fbt \u00e0 sa nouvelle r\u00e9sidence o\u00f9 il vint habiter plusieurs mois dans l&rsquo;ann\u00e9e. Les Gossuin habit\u00e8rent le ch\u00e2teau jusqu&rsquo;\u00e0 la disparition de la fa\u00efencerie vers le milieu du XIX e si\u00e8cle. ce vaste immeuble aux 29 fen\u00eatres fut rachet\u00e9 par la mairie en 1865.<\/p>\n\n\n\n<div class=\"wp-block-image\"><figure class=\"aligncenter is-resized\"><img data-recalc-dims=\"1\" loading=\"lazy\" decoding=\"async\" data-attachment-id=\"1479\" data-permalink=\"https:\/\/patrimoine-avesnois.fr\/chemin\/ferriere-la-petite\/image-332\/\" data-orig-file=\"https:\/\/i0.wp.com\/patrimoine-avesnois.fr\/chemin\/wp-content\/uploads\/2019\/04\/image-310.png?fit=525%2C700&amp;ssl=1\" data-orig-size=\"525,700\" data-comments-opened=\"1\" data-image-meta=\"{&quot;aperture&quot;:&quot;0&quot;,&quot;credit&quot;:&quot;&quot;,&quot;camera&quot;:&quot;&quot;,&quot;caption&quot;:&quot;&quot;,&quot;created_timestamp&quot;:&quot;0&quot;,&quot;copyright&quot;:&quot;&quot;,&quot;focal_length&quot;:&quot;0&quot;,&quot;iso&quot;:&quot;0&quot;,&quot;shutter_speed&quot;:&quot;0&quot;,&quot;title&quot;:&quot;&quot;,&quot;orientation&quot;:&quot;0&quot;}\" data-image-title=\"image\" data-image-description=\"\" data-image-caption=\"\" data-large-file=\"https:\/\/i0.wp.com\/patrimoine-avesnois.fr\/chemin\/wp-content\/uploads\/2019\/04\/image-310.png?fit=525%2C700&amp;ssl=1\" src=\"https:\/\/i0.wp.com\/patrimoine-avesnois.fr\/chemin\/wp-content\/uploads\/2019\/04\/image-310.png?resize=394%2C525\" alt=\"\" class=\"wp-image-1479\" width=\"394\" height=\"525\" srcset=\"https:\/\/i0.wp.com\/patrimoine-avesnois.fr\/chemin\/wp-content\/uploads\/2019\/04\/image-310.png?w=525&amp;ssl=1 525w, https:\/\/i0.wp.com\/patrimoine-avesnois.fr\/chemin\/wp-content\/uploads\/2019\/04\/image-310.png?resize=225%2C300&amp;ssl=1 225w\" sizes=\"auto, (max-width: 394px) 85vw, 394px\" \/><figcaption>Monument aux Morts. Photographie ancienne.<\/figcaption><\/figure><\/div>\n\n\n\n<div class=\"wp-block-image\"><figure class=\"aligncenter is-resized\"><img loading=\"lazy\" decoding=\"async\" data-attachment-id=\"1478\" data-permalink=\"https:\/\/patrimoine-avesnois.fr\/chemin\/ferriere-la-petite\/image-331\/\" data-orig-file=\"https:\/\/i0.wp.com\/patrimoine-avesnois.fr\/chemin\/wp-content\/uploads\/2019\/04\/image-309.png?fit=800%2C1067&amp;ssl=1\" data-orig-size=\"800,1067\" data-comments-opened=\"1\" data-image-meta=\"{&quot;aperture&quot;:&quot;0&quot;,&quot;credit&quot;:&quot;&quot;,&quot;camera&quot;:&quot;&quot;,&quot;caption&quot;:&quot;&quot;,&quot;created_timestamp&quot;:&quot;0&quot;,&quot;copyright&quot;:&quot;&quot;,&quot;focal_length&quot;:&quot;0&quot;,&quot;iso&quot;:&quot;0&quot;,&quot;shutter_speed&quot;:&quot;0&quot;,&quot;title&quot;:&quot;&quot;,&quot;orientation&quot;:&quot;0&quot;}\" data-image-title=\"image\" data-image-description=\"\" data-image-caption=\"\" data-large-file=\"https:\/\/i0.wp.com\/patrimoine-avesnois.fr\/chemin\/wp-content\/uploads\/2019\/04\/image-309.png?fit=768%2C1024&amp;ssl=1\" src=\"https:\/\/i2.wp.com\/patrimoine-avesnois.fr\/chemin\/wp-content\/uploads\/2019\/04\/image-309.png?fit=768%2C1024\" alt=\"\" class=\"wp-image-1478\" width=\"396\" height=\"528\" srcset=\"https:\/\/i0.wp.com\/patrimoine-avesnois.fr\/chemin\/wp-content\/uploads\/2019\/04\/image-309.png?w=800&amp;ssl=1 800w, https:\/\/i0.wp.com\/patrimoine-avesnois.fr\/chemin\/wp-content\/uploads\/2019\/04\/image-309.png?resize=225%2C300&amp;ssl=1 225w, https:\/\/i0.wp.com\/patrimoine-avesnois.fr\/chemin\/wp-content\/uploads\/2019\/04\/image-309.png?resize=768%2C1024&amp;ssl=1 768w\" sizes=\"auto, (max-width: 396px) 85vw, 396px\" \/><figcaption><a rel=\"noreferrer noopener\" aria-label=\"Le Monument aux Morts de Ferri\u00e8re-la-Petite (opens in a new tab)\" href=\"https:\/\/monumentsmorts.univ-lille.fr\/monument\/277\/ferriere-la-petite-presdeleglise\/\" target=\"_blank\">Le Monument aux Morts de Ferri\u00e8re-la-Petite<\/a> Photo Chatsam<\/figcaption><\/figure><\/div>\n\n\n\n<div class=\"wp-block-image\"><figure class=\"aligncenter is-resized\"><img loading=\"lazy\" decoding=\"async\" src=\"https:\/\/upload.wikimedia.org\/wikipedia\/commons\/thumb\/9\/97\/Ferri%C3%A8re-la-Petite_%28Nord%2C_Fr%29_Calvaire_%28chapelle%29.JPG\/800px-Ferri%C3%A8re-la-Petite_%28Nord%2C_Fr%29_Calvaire_%28chapelle%29.JPG\" alt=\"\" width=\"400\" height=\"534\"\/><figcaption>Le calvaire  <em>datant de 1820 \u00e9rig\u00e9 par Cirille Dehecq<\/em>  <a href=\"http:\/\/www.calvaires-avesnois.fr\/ferriere-la-petite\/\" target=\"_blank\" rel=\"noreferrer noopener\" aria-label=\"Nos calvaires en Avesnois (opens in a new tab)\">Nos calvaires en Avesnois<\/a><\/figcaption><\/figure><\/div>\n\n\n\n<div class=\"wp-block-image\"><figure class=\"aligncenter is-resized\"><img loading=\"lazy\" decoding=\"async\" src=\"https:\/\/upload.wikimedia.org\/wikipedia\/commons\/thumb\/e\/ef\/Ferri%C3%A8re-la-Petite_%28Nord%2C_Fr%29_chapelle.jpg\/1280px-Ferri%C3%A8re-la-Petite_%28Nord%2C_Fr%29_chapelle.jpg\" alt=\"\" width=\"600\" height=\"400\"\/><figcaption> <em>Chapelle 10 rue L\u00e9o Lagrange<\/em> <\/figcaption><\/figure><\/div>\n\n\n\n<div class=\"wp-block-image\"><figure class=\"aligncenter is-resized\"><img data-recalc-dims=\"1\" loading=\"lazy\" decoding=\"async\" data-attachment-id=\"1514\" data-permalink=\"https:\/\/patrimoine-avesnois.fr\/chemin\/ferriere-la-petite\/image-339\/\" data-orig-file=\"https:\/\/i0.wp.com\/patrimoine-avesnois.fr\/chemin\/wp-content\/uploads\/2019\/04\/image-317.png?fit=766%2C865&amp;ssl=1\" data-orig-size=\"766,865\" data-comments-opened=\"1\" data-image-meta=\"{&quot;aperture&quot;:&quot;0&quot;,&quot;credit&quot;:&quot;&quot;,&quot;camera&quot;:&quot;&quot;,&quot;caption&quot;:&quot;&quot;,&quot;created_timestamp&quot;:&quot;0&quot;,&quot;copyright&quot;:&quot;&quot;,&quot;focal_length&quot;:&quot;0&quot;,&quot;iso&quot;:&quot;0&quot;,&quot;shutter_speed&quot;:&quot;0&quot;,&quot;title&quot;:&quot;&quot;,&quot;orientation&quot;:&quot;0&quot;}\" data-image-title=\"image\" data-image-description=\"\" data-image-caption=\"\" data-large-file=\"https:\/\/i0.wp.com\/patrimoine-avesnois.fr\/chemin\/wp-content\/uploads\/2019\/04\/image-317.png?fit=766%2C865&amp;ssl=1\" src=\"https:\/\/i0.wp.com\/patrimoine-avesnois.fr\/chemin\/wp-content\/uploads\/2019\/04\/image-317.png?resize=575%2C649\" alt=\"\" class=\"wp-image-1514\" width=\"575\" height=\"649\" srcset=\"https:\/\/i0.wp.com\/patrimoine-avesnois.fr\/chemin\/wp-content\/uploads\/2019\/04\/image-317.png?w=766&amp;ssl=1 766w, https:\/\/i0.wp.com\/patrimoine-avesnois.fr\/chemin\/wp-content\/uploads\/2019\/04\/image-317.png?resize=266%2C300&amp;ssl=1 266w\" sizes=\"auto, (max-width: 575px) 85vw, 575px\" \/><figcaption> <em>Chapelle Notre Dame &nbsp;sur la D 436 <\/em> <\/figcaption><\/figure><\/div>\n\n\n\n<div class=\"wp-block-image\"><figure class=\"aligncenter is-resized\"><img data-recalc-dims=\"1\" loading=\"lazy\" decoding=\"async\" data-attachment-id=\"1512\" data-permalink=\"https:\/\/patrimoine-avesnois.fr\/chemin\/ferriere-la-petite\/image-338\/\" data-orig-file=\"https:\/\/i0.wp.com\/patrimoine-avesnois.fr\/chemin\/wp-content\/uploads\/2019\/04\/image-316.png?fit=760%2C571&amp;ssl=1\" data-orig-size=\"760,571\" data-comments-opened=\"1\" data-image-meta=\"{&quot;aperture&quot;:&quot;0&quot;,&quot;credit&quot;:&quot;&quot;,&quot;camera&quot;:&quot;&quot;,&quot;caption&quot;:&quot;&quot;,&quot;created_timestamp&quot;:&quot;0&quot;,&quot;copyright&quot;:&quot;&quot;,&quot;focal_length&quot;:&quot;0&quot;,&quot;iso&quot;:&quot;0&quot;,&quot;shutter_speed&quot;:&quot;0&quot;,&quot;title&quot;:&quot;&quot;,&quot;orientation&quot;:&quot;0&quot;}\" data-image-title=\"image\" data-image-description=\"\" data-image-caption=\"\" data-large-file=\"https:\/\/i0.wp.com\/patrimoine-avesnois.fr\/chemin\/wp-content\/uploads\/2019\/04\/image-316.png?fit=760%2C571&amp;ssl=1\" src=\"https:\/\/i0.wp.com\/patrimoine-avesnois.fr\/chemin\/wp-content\/uploads\/2019\/04\/image-316.png?resize=600%2C450\" alt=\"\" class=\"wp-image-1512\" width=\"600\" height=\"450\" srcset=\"https:\/\/i0.wp.com\/patrimoine-avesnois.fr\/chemin\/wp-content\/uploads\/2019\/04\/image-316.png?w=760&amp;ssl=1 760w, https:\/\/i0.wp.com\/patrimoine-avesnois.fr\/chemin\/wp-content\/uploads\/2019\/04\/image-316.png?resize=300%2C225&amp;ssl=1 300w\" sizes=\"auto, (max-width: 600px) 85vw, 600px\" \/><figcaption>Statue de J\u00e9sus rue Max Dormoy<\/figcaption><\/figure><\/div>\n\n\n\n<p class=\"has-text-align-center\">***<\/p>\n\n\n\n<div class=\"wp-block-image\"><figure class=\"aligncenter is-resized\"><img loading=\"lazy\" decoding=\"async\" data-attachment-id=\"8413\" data-permalink=\"https:\/\/patrimoine-avesnois.fr\/chemin\/ferriere-la-petite\/img_6347\/\" data-orig-file=\"https:\/\/i0.wp.com\/patrimoine-avesnois.fr\/chemin\/wp-content\/uploads\/2019\/09\/IMG_6347.jpg?fit=3451%2C2411&amp;ssl=1\" data-orig-size=\"3451,2411\" data-comments-opened=\"1\" data-image-meta=\"{&quot;aperture&quot;:&quot;2.2&quot;,&quot;credit&quot;:&quot;&quot;,&quot;camera&quot;:&quot;iPhone SE&quot;,&quot;caption&quot;:&quot;&quot;,&quot;created_timestamp&quot;:&quot;1568976923&quot;,&quot;copyright&quot;:&quot;&quot;,&quot;focal_length&quot;:&quot;4.15&quot;,&quot;iso&quot;:&quot;80&quot;,&quot;shutter_speed&quot;:&quot;0.03030303030303&quot;,&quot;title&quot;:&quot;&quot;,&quot;orientation&quot;:&quot;0&quot;}\" data-image-title=\"IMG_6347\" data-image-description=\"\" data-image-caption=\"\" data-large-file=\"https:\/\/i0.wp.com\/patrimoine-avesnois.fr\/chemin\/wp-content\/uploads\/2019\/09\/IMG_6347.jpg?fit=840%2C587&amp;ssl=1\" src=\"https:\/\/i1.wp.com\/patrimoine-avesnois.fr\/chemin\/wp-content\/uploads\/2019\/09\/IMG_6347.jpg?fit=840%2C587\" alt=\"\" class=\"wp-image-8413\" width=\"600\" height=\"420\" srcset=\"https:\/\/i0.wp.com\/patrimoine-avesnois.fr\/chemin\/wp-content\/uploads\/2019\/09\/IMG_6347.jpg?w=3451&amp;ssl=1 3451w, https:\/\/i0.wp.com\/patrimoine-avesnois.fr\/chemin\/wp-content\/uploads\/2019\/09\/IMG_6347.jpg?resize=300%2C210&amp;ssl=1 300w, https:\/\/i0.wp.com\/patrimoine-avesnois.fr\/chemin\/wp-content\/uploads\/2019\/09\/IMG_6347.jpg?resize=768%2C537&amp;ssl=1 768w, https:\/\/i0.wp.com\/patrimoine-avesnois.fr\/chemin\/wp-content\/uploads\/2019\/09\/IMG_6347.jpg?resize=1024%2C715&amp;ssl=1 1024w, https:\/\/i0.wp.com\/patrimoine-avesnois.fr\/chemin\/wp-content\/uploads\/2019\/09\/IMG_6347.jpg?resize=1200%2C838&amp;ssl=1 1200w, https:\/\/i0.wp.com\/patrimoine-avesnois.fr\/chemin\/wp-content\/uploads\/2019\/09\/IMG_6347.jpg?w=1680 1680w, https:\/\/i0.wp.com\/patrimoine-avesnois.fr\/chemin\/wp-content\/uploads\/2019\/09\/IMG_6347.jpg?w=2520 2520w\" sizes=\"auto, (max-width: 600px) 85vw, 600px\" \/><figcaption>Inauguration de l&rsquo;esplanade Andr\u00e9 Marchand le 13\/09\/2019. Photo VDN<br>Andr\u00e9 Marchand fut maire et d\u00e9c\u00e9da en 2014.<\/figcaption><\/figure><\/div>\n\n\n\n<p class=\"has-text-align-center\">***<\/p>\n\n\n\n<div class=\"wp-block-image\"><figure class=\"aligncenter size-large is-resized\"><img data-recalc-dims=\"1\" loading=\"lazy\" decoding=\"async\" data-attachment-id=\"17471\" data-permalink=\"https:\/\/patrimoine-avesnois.fr\/chemin\/ferriere-la-petite\/image-1853\/\" data-orig-file=\"https:\/\/i0.wp.com\/patrimoine-avesnois.fr\/chemin\/wp-content\/uploads\/2022\/06\/image.png?fit=813%2C528&amp;ssl=1\" data-orig-size=\"813,528\" data-comments-opened=\"1\" data-image-meta=\"{&quot;aperture&quot;:&quot;0&quot;,&quot;credit&quot;:&quot;&quot;,&quot;camera&quot;:&quot;&quot;,&quot;caption&quot;:&quot;&quot;,&quot;created_timestamp&quot;:&quot;0&quot;,&quot;copyright&quot;:&quot;&quot;,&quot;focal_length&quot;:&quot;0&quot;,&quot;iso&quot;:&quot;0&quot;,&quot;shutter_speed&quot;:&quot;0&quot;,&quot;title&quot;:&quot;&quot;,&quot;orientation&quot;:&quot;0&quot;}\" data-image-title=\"image\" data-image-description=\"\" data-image-caption=\"\" data-large-file=\"https:\/\/i0.wp.com\/patrimoine-avesnois.fr\/chemin\/wp-content\/uploads\/2022\/06\/image.png?fit=813%2C528&amp;ssl=1\" src=\"https:\/\/i0.wp.com\/patrimoine-avesnois.fr\/chemin\/wp-content\/uploads\/2022\/06\/image.png?resize=683%2C444\" alt=\"\" class=\"wp-image-17471\" width=\"683\" height=\"444\" srcset=\"https:\/\/i0.wp.com\/patrimoine-avesnois.fr\/chemin\/wp-content\/uploads\/2022\/06\/image.png?w=813&amp;ssl=1 813w, https:\/\/i0.wp.com\/patrimoine-avesnois.fr\/chemin\/wp-content\/uploads\/2022\/06\/image.png?resize=300%2C195&amp;ssl=1 300w, https:\/\/i0.wp.com\/patrimoine-avesnois.fr\/chemin\/wp-content\/uploads\/2022\/06\/image.png?resize=768%2C499&amp;ssl=1 768w\" sizes=\"auto, (max-width: 683px) 85vw, 683px\" \/><figcaption>L&rsquo;ancienne salle de sports Francis Li\u00e9nard Impasse L\u00e9o Lagrange<\/figcaption><\/figure><\/div>\n\n\n\n<p>Elle \u00e9tait \u00e0 l&rsquo;origine un b\u00e2timent industriel qui fut transform\u00e9 en salle de sports apr\u00e8s sa reprise en 1984. Elle fut ferm\u00e9e en 2018 \u00e0 cause de l&rsquo;instabilit\u00e9 de sa structure. Les travaux de r\u00e9novation n\u00e9cessitant des investissements trop importants, elle fut vendue en 2022 \u00e0 une entreprise de ma\u00e7onnerie pour en faire son d\u00e9p\u00f4t. La mairie envisage de faire reconstruire un nouvel ensemble sportif pour l&rsquo;\u00e9cole et les associations locales.<\/p>\n\n\n\n<p class=\"has-text-align-center\">***<\/p>\n\n\n\n<div class=\"wp-block-image\"><figure class=\"aligncenter is-resized\"><img data-recalc-dims=\"1\" loading=\"lazy\" decoding=\"async\" src=\"https:\/\/i0.wp.com\/lvdneng.rosselcdn.net\/sites\/default\/files\/dpistyles_v2\/ena_16_9_extra_big\/2019\/09\/14\/node_637469\/40641325\/public\/2019\/09\/14\/B9720903940Z.1_20190914143507_000%2BGTEEF2MPF.1-0.jpg?resize=675%2C380&#038;ssl=1\" alt=\"La biblioth\u00c3\u00a8que touche 22\n% du village. Un bon chiffre compar\u00c3\u00a9 au 15\n% de la moyenne d\u00c3\u00a9partementale.\" width=\"675\" height=\"380\"\/><figcaption>Nouvelle m\u00e9diath\u00e8que  Jacques Coplo (ancien adjoint de 1983 \u00e0 2009) inaugur\u00e9e le 13\/09\/2019. Photo VDN<\/figcaption><\/figure><\/div>\n\n\n\n<p>L&rsquo;ancienne biblioth\u00e8que qui n&rsquo;\u00e9tait pas sous pavillon de la mairie ouvrit ses portes en 1981. D&rsquo;abord dans la salle d&rsquo;honneur de la mairie, puis au presbyt\u00e8re, en passant par le logement du directeur de l&rsquo;\u00e9cole, elle atterrit   \u00e0 l&rsquo;\u00e9tage de l&rsquo;h\u00f4tel de ville lorsqu&rsquo;elle fut reprise par la municipalit\u00e9 au d\u00e9but des ann\u00e9es 2000. Elle fit l&rsquo;objet de plusieurs r\u00e9flexions. Install\u00e9e dans l&rsquo;aile droite de la mairie avec 150 m2 de surface, sa superficie fut doubl\u00e9e  gr\u00e2ce aux travaux entrepris en 2018.<\/p>\n\n\n\n<p class=\"has-text-align-center\">***<\/p>\n\n\n\n<p>3 Moulins dont un qui fut converti en scierie de marbre car  l&rsquo;exploitation du marbre fut importante vers la fin du XIX e si\u00e8cle. Il existait autrefois plusieurs carri\u00e8res de marbre qui produisaient un marbre blanc, m\u00eal\u00e9 de jaune , de gris, de vert, de rouge. il \u00e9tait export\u00e9 dans toute l&rsquo;Europe. L&rsquo;escalier de la cour de Bruxelles, l&rsquo;ameublement de l&rsquo;abbaye d&rsquo;Orval ont \u00e9t\u00e9 d\u00e9cor\u00e9s avec ce marbre.<\/p>\n\n\n\n<p> La Solre traverse du sud au nord la commune de Ferri\u00e8re-la-Petite o\u00f9 s\u2019y trouvaient deux moulins. Le ruisseau du Qui\u00e9velon qui alimentait un autre moulin vient la rejoindre au centre du village. <\/p>\n\n\n\n<div class=\"wp-block-image\"><figure class=\"aligncenter is-resized\"><img loading=\"lazy\" decoding=\"async\" src=\"https:\/\/upload.wikimedia.org\/wikipedia\/commons\/thumb\/a\/a8\/Ferri%C3%A8re-la-Petite%2C_la_%C2%AB_voie_verte_de_l%27Avesnois_%C2%BB_et_la_Solre.jpg\/1280px-Ferri%C3%A8re-la-Petite%2C_la_%C2%AB_voie_verte_de_l%27Avesnois_%C2%BB_et_la_Solre.jpg\" alt=\"\" width=\"640\" height=\"480\"\/><figcaption>Le vieux Moulin<\/figcaption><\/figure><\/div>\n\n\n\n<div class=\"wp-block-image\"><figure class=\"aligncenter is-resized\"><img data-recalc-dims=\"1\" loading=\"lazy\" decoding=\"async\" src=\"https:\/\/i0.wp.com\/www.moulins-avesnois.fr\/wp-content\/uploads\/2017\/12\/Ferri%C3%A8re-La-Petite-le-vieux-moulin-2014-1.jpg?resize=640%2C480\" alt=\"\" width=\"640\" height=\"480\"\/><figcaption>Le Vieux Moulin :un des trois moulins. <\/figcaption><\/figure><\/div>\n\n\n\n<div class=\"wp-block-image\"><figure class=\"aligncenter is-resized\"><img data-recalc-dims=\"1\" loading=\"lazy\" decoding=\"async\" src=\"https:\/\/i0.wp.com\/www.moulins-avesnois.fr\/wp-content\/uploads\/2017\/12\/Ferri%C3%A8re-La-Petite-le-moulin-%C3%A0-tan-.jpg?resize=640%2C480\" alt=\"\" width=\"640\" height=\"480\"\/><figcaption> <em>L\u2019ancien moulin \u00e0 \u00e9corces<\/em> <\/figcaption><\/figure><\/div>\n\n\n\n<div class=\"wp-block-image\"><figure class=\"aligncenter is-resized\"><img data-recalc-dims=\"1\" loading=\"lazy\" decoding=\"async\" src=\"https:\/\/i0.wp.com\/www.moulins-avesnois.fr\/wp-content\/uploads\/2017\/12\/Ferri%C3%A8re-La-Petite-Rue-Boucly-le-moulin-%C3%A0-%C3%A9maux-2.jpg?resize=648%2C482\" alt=\"\" width=\"648\" height=\"482\"\/><figcaption>Ancien moulin \u00e0 couleurs  devenu par la suite scierie de marbre<\/figcaption><\/figure><\/div>\n\n\n\n<p>Voir toutes les explications sur mon site <a rel=\"noreferrer noopener\" href=\"http:\/\/www.moulins-avesnois.fr\/la-solre-et-ses-moulins\/\" target=\"_blank\">Moulins en Avesnois<\/a><\/p>\n\n\n\n<p class=\"has-text-align-center\">***<\/p>\n\n\n\n<div class=\"wp-block-image\"><figure class=\"aligncenter is-resized\"><img loading=\"lazy\" decoding=\"async\" src=\"https:\/\/upload.wikimedia.org\/wikipedia\/commons\/thumb\/0\/0e\/Ferri%C3%A8re-la-Petite_%28Nord%2C_Fr%29_ancienne_gare.JPG\/1280px-Ferri%C3%A8re-la-Petite_%28Nord%2C_Fr%29_ancienne_gare.JPG\" alt=\"\" width=\"640\" height=\"480\"\/><figcaption> L&rsquo;ancienne gare et le sentier \u00c9meraude <em>Photo Havang<\/em><\/figcaption><\/figure><\/div>\n\n\n\n<p>Le 29 ao\u00fbt 1885, la<a href=\"https:\/\/fr.wikipedia.org\/wiki\/Ligne_de_chemin_de_fer_Maubeuge_-_Fourmies\" target=\"_blank\" rel=\"noreferrer noopener\">ligne de chemin de fer Maubeuge &#8211; Fourmies<\/a>&nbsp;est inaugur\u00e9e. Elle permet aux habitants d&rsquo;aller travailler dans le p\u00f4le industriel du Val de Sambre. La section Ferri\u00e8re-la-Grande &#8211;&nbsp;Glageon&nbsp;de la ligne Maubeuge-Fourmies a fonctionn\u00e9 jusqu&rsquo;en 1972. Depuis, la gare de Ferri\u00e8re-la-Petite est d\u00e9saffect\u00e9e. En octobre 2003 est inaugur\u00e9 sur son trac\u00e9 un chemin de randonn\u00e9e, d\u00e9nomm\u00e9 \u00ab&nbsp;sentier \u00c9meraude&nbsp;\u00bb, qui par la suite est int\u00e9gr\u00e9 dans la \u00ab&nbsp;voie verte de l&rsquo;Avesnois&nbsp;\u00bb qui \u00e0 son tour est devenu un tron\u00e7on d&rsquo;un des&nbsp;<a href=\"https:\/\/fr.wikipedia.org\/wiki\/Chemins_de_Compostelle\" target=\"_blank\" rel=\"noreferrer noopener\">Chemins de Compostelle<\/a>, celui de la Norv\u00e8ge par la Belgique \u00e0<a href=\"https:\/\/fr.wikipedia.org\/wiki\/Saint-Jacques-de-Compostelle\" target=\"_blank\" rel=\"noreferrer noopener\">&nbsp;Saint-Jacques-de-Compostelle<\/a>. <\/p>\n\n\n\n<p>LES POTERIES ET LES FA\u00cfENCES DE FERRIERE-LA-PETITE :<\/p>\n\n\n\n<p>Si l&rsquo;on se r\u00e9f\u00e8re \u00e0 la tradition populaire, la fabrication de la poterie \u00e0 Ferri\u00e8re-la -Petite se perd dans la nuit des temps. Des chercheurs ont mis a jour dans la r\u00e9gion des tombes datant des \u00e9poques romaine et m\u00e9rovingienne contenant de nombreux fragments de poteries; d&rsquo;autre part,dans les comptes de la massarderie,commune aux localit\u00e9s de Ferriere-la-Grande et la Petite,on trouve des preuves multiples de l&rsquo;existence des potiers. Dans le registre de 1677 \u00e0 1680 on peut lire : \u00ab\u00a0D\u00e9penses Jean Louis pour le chariage de trois petites charces de fachines \u00e0 Potterie, pai\u00e9 : 4 livres 16 sols\u00a0\u00bb. <\/p>\n\n\n\n<p>En 1715, Andr\u00e9 Jenot \u00e9tait surnomm\u00e9 le \u00ab\u00a0Faiseur de pipes\u00a0\u00bb. La rue de la Piperie qui figure sur le plan cadastral de 1808 a conserv\u00e9 son nom pendant tout le XIXe si\u00e8cle.<\/p>\n\n\n\n<p>En 1718, des poteries de gr\u00e8s furent introduites  \u00e0 Ferri\u00e8re-la-Petite  par Giles Gibon qui venait de Bouffioulx (Belgique). Quelques d\u00e9cennies plus tard, la poterie \u00e9tait devenue la plus importante activit\u00e9 \u00e9conomique avec en 1789 12 ateliers de poteries employant 192 ouvriers dans ce petit village de 335 habitants. <br>Les poteries fonctionn\u00e8rent jusqu&rsquo;en 1957, ann\u00e9e o\u00f9 se d\u00e9roula la derni\u00e8re cuisson dans la poterie Lambert (du nom de ses derniers propri\u00e9taires).<\/p>\n\n\n\n<p>A la fin du XVIII e si\u00e8cle, les soeurs Jenot d\u00e9couvrirent par hasard une terre beaucoup plus blanche, propre \u00e0 la fabrication de la faience.<\/p>\n\n\n\n<div class=\"wp-block-image\"><figure class=\"aligncenter is-resized\"><img data-recalc-dims=\"1\" loading=\"lazy\" decoding=\"async\" src=\"https:\/\/i0.wp.com\/www2.culture.gouv.fr\/Wave\/image\/joconde\/0029\/m061909_0003171_p.jpg?resize=480%2C510\" alt=\"\" width=\"480\" height=\"510\"\/><figcaption>Mus\u00e9e de Douai :  <br>fa\u00efence fine \u00e0 d\u00e9cor de grand feu ; le motif au \u00ab\u00a0panier fleuri\u00a0\u00bb en d\u00e9cor central, d&rsquo;o\u00f9 surgissent des panaches rouge-brun fait partie des registres d&rsquo;ornement de Ferri\u00e8re-la-Petite. De m\u00eame pour le marli aux c\u00f4t\u00e9s rayonnantes en relief, relev\u00e9 d&rsquo;un filet blanc <a href=\"http:\/\/www2.culture.gouv.fr\/public\/mistral\/joconde_fr?ACTION=CHERCHER&amp;FIELD_1=REF&amp;VALUE_1=06190004072\" target=\"_blank\" rel=\"noreferrer noopener\" aria-label=\"MH (opens in a new tab)\">MH<\/a><\/figcaption><\/figure><\/div>\n\n\n\n<p>Le seigneur de Ferriere-la-Petite, Charles de Bousies, connut quelques ennuis sous la R\u00e9volution,mais r\u00e9ussit, gr\u00e2ce \u00e0 de multiples interventions, \u00e0 rentrer en possession de ses biens en l&rsquo;an III. Imitant alors l&rsquo;exemple de membres de sa famille qui avaient fond\u00e9 la faiencerie de Nimy (Belgique), il cr\u00e9a en 1797 l&rsquo;usine de Ferriere-la-Petite. II s&rsquo;associa pour cela au \u00ab\u00a0citoyen\u00a0\u00bb Joseph Delannoy propri\u00e9taire \u00e0 Damousies. Aux b\u00e2timents principaux, b\u00e2tis sur un terrain d&rsquo;environ 60 ares \u00e9taient annex\u00e9s le moulin \u00e0 broyer les \u00e9maux situ\u00e9 sur  la Solre, et le moulin \u00e0 \u00e9corces sur le ruisseau de Qui\u00e9velon. En l&rsquo;an X la faiencerie employait 55 ouvriers et fabriquait \u00ab\u00a0toute sorte de vaisselle de m\u00e9nage,telles qu&rsquo;assiettes,plats,des d\u00e9jeuners,des tasses,des jattes\u00a0\u00bb. <\/p>\n\n\n\n<p>Parmi les ouvriers on distinguait les tourneurs les mouleurs les peintres les faiseurs de gazettes et marcheurs de terre, les enfourneurs, les manoeuvres.<\/p>\n\n\n\n<p>En raison de circonstances ext\u00e9rieures et de difficult\u00e9s rencontr\u00e9es au cours de la fabrication, l&rsquo;entreprise p\u00e9riclita et ce fut la faillite. Un jugement d&rsquo;octobre 1805 accorda \u00e0 Louis Joseph Delannoy la propri\u00e9t\u00e9 totale de la faiencerie qui re\u00e7ut l&rsquo;autorisation imp\u00e9riale de fonctionner le 19 septembre 1806. Joseph Delannoy mourut en 1829 et ses deux fils assur\u00e8rent la marche de la faiencerie de 1829 \u00e0 1835. Fr\u00e9d\u00e9ric Joseph Delannoy reprit la part de son p\u00e8re le 15 juin 1835 et essaya de nouvelles m\u00e9thodes de fabrication; les r\u00e9sultats se r\u00e9v\u00e9l\u00e8rent d\u00e9sastreux sur le plan financier et il dut c\u00e9der la faiancerie en 1839 \u00e0 Amand Eug\u00e8ne Gossuin. <\/p>\n\n\n\n<p>Le nouveau propri\u00e9taire descendait de la famille des mayeurs h\u00e9r\u00e9ditaires d&rsquo;Avesnes, son p\u00e8re Louis pr\u00e9sidait la r\u00e9union de l&rsquo;assembl\u00e9e des trois ordres du baillage de Le Quesnoy le 15 avril 1789, devint par la suite receveur g\u00e9n\u00e9ral du Nord, sous l&rsquo;Empire, et si\u00e9gea enfin comme d\u00e9put\u00e9 de 1817 \u00e0 1824 sous la Restauration. Il acheta en 1806 le ch\u00e2teau de Ferri\u00e8re-la-Petite dont il fit sa maison de campagne. Amand Eug\u00e8ne Gossuin joua un peu le r\u00f4le de m\u00e9c\u00e8ne en sauvant la fabrique. Il se heurta cependant \u00e0 de nombreuses difficult\u00e9s et vers 1850 la faiencerie n&rsquo;occupait plus que 30 ouvriers. Il mourut \u00e0 St Gilles les Bruxelles en 1863 et ses biens furent mis en vente. La municipalit\u00e9 acheta le ch\u00e2teau pour y installer les \u00e9coles et la mairie. Aim\u00e9 Delmer devint alors propri\u00e9taire de la faiencerie. L&rsquo;usine tourna au ralenti quelques ann\u00e9es et cessa toute activit\u00e9 en 1869, les b\u00e2timents furent vendus en 1872 et furent partag\u00e9s entre 3 acqu\u00e9reurs : Courtin, ma\u00e7on \u00e0 Obrechies, Gibon Adolphe de Ferri\u00e8re -la- Petite et Delmer \u00e9picier \u00e0 Ferri\u00e8re-la Petite. Sources : Avit Duronsoy \u00ab\u00a0exposition de faiences ancienne de Ferri\u00e8re-la-Petite 27 mars 7 juin 1971 au mus\u00e9e du verre de Sars-Poteries\u00a0\u00bb<\/p>\n\n\n\n<p>Depuis 1982, gr\u00e2ce \u00e0 des b\u00e9n\u00e9voles, la poterie reprend vie dans le mus\u00e9e de la poterie et de la fa\u00efence. <\/p>\n\n\n\n<div class=\"wp-block-image\"><figure class=\"aligncenter size-large is-resized\"><img data-recalc-dims=\"1\" loading=\"lazy\" decoding=\"async\" data-attachment-id=\"16957\" data-permalink=\"https:\/\/patrimoine-avesnois.fr\/chemin\/ferriere-la-petite\/ferriere-la-petite-musee\/\" data-orig-file=\"https:\/\/i0.wp.com\/patrimoine-avesnois.fr\/chemin\/wp-content\/uploads\/2021\/12\/Ferri%C3%A8re-la-petite-Mus%C3%A9e.jpg?fit=896%2C671&amp;ssl=1\" data-orig-size=\"896,671\" data-comments-opened=\"1\" data-image-meta=\"{&quot;aperture&quot;:&quot;0&quot;,&quot;credit&quot;:&quot;CARRE&quot;,&quot;camera&quot;:&quot;&quot;,&quot;caption&quot;:&quot;&quot;,&quot;created_timestamp&quot;:&quot;1640968516&quot;,&quot;copyright&quot;:&quot;&quot;,&quot;focal_length&quot;:&quot;0&quot;,&quot;iso&quot;:&quot;0&quot;,&quot;shutter_speed&quot;:&quot;0&quot;,&quot;title&quot;:&quot;&quot;,&quot;orientation&quot;:&quot;0&quot;}\" data-image-title=\"Ferri\u00e8re-la-petite-Mus\u00e9e\" data-image-description=\"\" data-image-caption=\"\" data-large-file=\"https:\/\/i0.wp.com\/patrimoine-avesnois.fr\/chemin\/wp-content\/uploads\/2021\/12\/Ferri%C3%A8re-la-petite-Mus%C3%A9e.jpg?fit=840%2C629&amp;ssl=1\" src=\"https:\/\/i0.wp.com\/patrimoine-avesnois.fr\/chemin\/wp-content\/uploads\/2021\/12\/Ferri%C3%A8re-la-petite-Mus%C3%A9e.jpg?resize=642%2C481\" alt=\"Fichier: Ferri\u00c3\u00a8re-la-Petite.- Mus\u00c3\u00a9e de la Fa\u00c3\u00afence et de la Poterie (2) .jpg\" class=\"wp-image-16957\" width=\"642\" height=\"481\" srcset=\"https:\/\/i0.wp.com\/patrimoine-avesnois.fr\/chemin\/wp-content\/uploads\/2021\/12\/Ferri%C3%A8re-la-petite-Mus%C3%A9e.jpg?w=896&amp;ssl=1 896w, https:\/\/i0.wp.com\/patrimoine-avesnois.fr\/chemin\/wp-content\/uploads\/2021\/12\/Ferri%C3%A8re-la-petite-Mus%C3%A9e.jpg?resize=300%2C225&amp;ssl=1 300w, https:\/\/i0.wp.com\/patrimoine-avesnois.fr\/chemin\/wp-content\/uploads\/2021\/12\/Ferri%C3%A8re-la-petite-Mus%C3%A9e.jpg?resize=768%2C575&amp;ssl=1 768w\" sizes=\"auto, (max-width: 642px) 85vw, 642px\" \/><figcaption>Le Mus\u00e9e de la Fa\u00efence et de la Poterie. Photo <a href=\"https:\/\/www.google.fr\/maps\/place\/59680+Ferri%C3%A8re-la-Petite\/@50.2375489,4.0205086,3a,90y,101.87h,94.23t\/data=!3m6!1e1!3m4!1sKPgnJe_9vSlUTq7j_tZpXg!2e0!7i16384!8i8192!4m5!3m4!1s0x47c26a2a84d4988f:0x386b1538e5f46b98!8m2!3d50.237873!4d4.0209149\" target=\"_blank\" rel=\"noreferrer noopener\">Google 2020<\/a> Rue de l&rsquo;Eglise<br>Cet \u00e9difice est en partie class\u00e9, en partie inscrit au titre des Monuments historiques. Il est r\u00e9pertori\u00e9 dans la base M\u00e9rim\u00e9e, base de donn\u00e9es sur le patrimoine architectural fran\u00e7ais du Minist\u00e8re de la Culture,&nbsp;sous la r\u00e9f\u00e9rence&nbsp;<a rel=\"noreferrer noopener\" href=\"http:\/\/www.culture.gouv.fr\/public\/mistral\/merimee_fr?ACTION=CHERCHER&amp;FIELD_1=REF&amp;VALUE_1=PA00107526\" target=\"_blank\">PA00107526<\/a>&nbsp;. .<\/figcaption><\/figure><\/div>\n\n\n\n<p>D\u00e8s les ann\u00e9es 1970, plusieurs habitants du village s\u2019attaquent \u00e0 la reconstruction du four, dit \u00ab&nbsp;four-bouteille&nbsp;\u00bb \u00e0 cause de sa forme, \u00e0 la remise en \u00e9tat des ateliers du potier et \u00e0 la construction d&rsquo;un four de cuisson.<\/p>\n\n\n\n<p>En 1980, la Municipalit\u00e9 de Ferri\u00e8re-la-Petite rach\u00e8te les b\u00e2timents de cette poterie Lambert, qui renfermait dans ses locaux le four-bouteille en ruines et mena\u00e7ant de totalement dispara\u00eetre. Dans un premier temps, elle d\u00e9cide de sauver ce qui peut l&rsquo;\u00eatre&nbsp;: r\u00e9fection de la toiture, poursuite de la reconstruction du four-bouteille, construction d&rsquo;un nouveau four de cuisson.<br>En 1982 se d\u00e9roule la premi\u00e8re cuisson de cette nouvelle \u00e9poque.<\/p>\n\n\n\n<p>En 1983, le&nbsp;four-bouteille est class\u00e9 aux Monuments historiques. D\u00e8s lors, l&rsquo;association \u00ab&nbsp;Ferri\u00e8re-la-Petite&nbsp;: terre, art et traditions&nbsp;\u00bb, est charg\u00e9e, par les villageois, de la gestion de l\u2019activit\u00e9 artisanale, de promouvoir, maintenir et de faire conna\u00eetre les techniques de la cuisson dite du \u00ab&nbsp;gr\u00e8s sal\u00e9&nbsp;\u00bb. Puis vient le projet de cr\u00e9er un Mus\u00e9e autour du \u00ab&nbsp;four-bouteille&nbsp;\u00bb. Ce Mus\u00e9e trouve sa raison d\u2019\u00eatre dans le pass\u00e9 de Ferri\u00e8re-la-Petite et de ses alentours&nbsp;: poteries, fa\u00efenceries et piperies ainsi que l\u2019apport de pi\u00e8ces mus\u00e9ographiques en nombre suffisant pour refl\u00e9ter les productions de gr\u00e8s sal\u00e9s bleus et marron.<\/p>\n\n\n\n<p>En 1994, le mus\u00e9e est inaugur\u00e9 par la Pr\u00e9sidente du Conseil R\u00e9gional. La cr\u00e9ation du \u00ab&nbsp;p\u00f4le des Arts et Techniques de la Terre&nbsp;\u00bb permet, gr\u00e2ce au mat\u00e9riel qui s\u2019y trouve, d&rsquo;accueillir des stages et des groupes. L&rsquo;action conjugu\u00e9e des villageois, des membres de l\u2019association et de la Municipalit\u00e9 a permis le sauvetage de l\u2019unique four-bouteille et la r\u00e9habilitation de l&rsquo;ensemble du corps de b\u00e2timent. Des animations susceptibles d&rsquo;attirer les \u00e9coles et les centres de loisirs sont mises en place, n\u00e9cessitant l&rsquo;apport de b\u00e9n\u00e9voles suppl\u00e9mentaires et l&#8217;embauche de personnel.<\/p>\n\n\n\n<p>En 2001, le mus\u00e9e de la Cour des Potiers de Ferri\u00e8re-la-Petite accueille plus de 6&nbsp;000 visiteurs. Les activit\u00e9s propos\u00e9es sont, par exemple&nbsp;: simple visite, journ\u00e9e enti\u00e8re d&rsquo;un atelier, d\u00e9couverte du tournage, stage de plusieurs jours pour les scolaires, les particuliers, les entreprises\u2026                                                          Source du texte : Wikipedia<\/p>\n\n\n\n<p> 2018&nbsp;: Tricentenaire de la poterie <\/p>\n\n\n\n<p><a rel=\"noreferrer noopener\" aria-label=\"Site officiel du Mus\u00e9e de la Cour des potiers de Ferri\u00e8re-la-Petite (opens in a new tab)\" href=\"http:\/\/www.lacourdespotiers.fr\/\" target=\"_blank\">Site officiel du Mus\u00e9e de la Cour des Potiers de Ferri\u00e8re-la-Petite<\/a><\/p>\n\n\n\n<p>Ci-dessous photos du site<\/p>\n\n\n\n<div class=\"wp-block-image\"><figure class=\"aligncenter is-resized\"><img data-recalc-dims=\"1\" loading=\"lazy\" decoding=\"async\" src=\"https:\/\/i0.wp.com\/www.lacourdespotiers.fr\/images\/imgp6361-crop-u5959.jpg?resize=600%2C275\" alt=\"\" width=\"600\" height=\"275\"\/><\/figure><\/div>\n\n\n\n<div class=\"wp-block-image\"><figure class=\"aligncenter is-resized\"><img data-recalc-dims=\"1\" loading=\"lazy\" decoding=\"async\" src=\"https:\/\/i0.wp.com\/www.lacourdespotiers.fr\/images\/33260896762_5195b3f48c_o-crop-u6098.jpg?resize=600%2C275\" alt=\"\" width=\"600\" height=\"275\"\/><\/figure><\/div>\n\n\n\n<div class=\"wp-block-image\"><figure class=\"aligncenter is-resized\"><img data-recalc-dims=\"1\" loading=\"lazy\" decoding=\"async\" src=\"https:\/\/i0.wp.com\/www.lacourdespotiers.fr\/images\/imgp7278_32574663304_o-crop-u5965.jpg?resize=600%2C275\" alt=\"\" width=\"600\" height=\"275\"\/><\/figure><\/div>\n\n\n\n<div class=\"wp-block-image\"><figure class=\"aligncenter is-resized\"><img data-recalc-dims=\"1\" loading=\"lazy\" decoding=\"async\" src=\"https:\/\/i0.wp.com\/www.lacourdespotiers.fr\/images\/dsc_0084_33284309761_o-crop-u5961.jpg?resize=600%2C275\" alt=\"\" width=\"600\" height=\"275\"\/><\/figure><\/div>\n\n\n\n<p>Ses productions actuelles, rythm\u00e9es par les cuissons, les stages et les activit\u00e9s propos\u00e9s font du mus\u00e9e un centre contemporain de cr\u00e9ation et de formation tout en perp\u00e9tuant la tradition.  <br>Une visite s&rsquo;impose dans ce v\u00e9ritable mus\u00e9e vivant. <\/p>\n","protected":false},"excerpt":{"rendered":"<p>Ferri\u00e8re-la-Petite tire son nom, comme Ferri\u00e8re-la-Grande du minerai de fer qu&rsquo;on y exploitait. Au XIV e si\u00e8cle, le village faisait partie de la dot de Jeanne de Hainaut, \u00e9pouse de Louis de Ch\u00e2tillon, fils du seigneur d&rsquo;Avesnes, tu\u00e9 \u00e0 la bataille de Cr\u00e9cy en 1346. La seigneurie passa aux Cro\u00ff puis au XVIII e si\u00e8cle &hellip; <a href=\"https:\/\/patrimoine-avesnois.fr\/chemin\/ferriere-la-petite\/\" class=\"more-link\">Continuer la lecture<span class=\"screen-reader-text\"> de &laquo;&nbsp;Ferri\u00e8re-la-Petite&nbsp;&raquo;<\/span><\/a><\/p>\n","protected":false},"author":2,"featured_media":0,"parent":0,"menu_order":0,"comment_status":"closed","ping_status":"closed","template":"","meta":{"jetpack_post_was_ever_published":false,"footnotes":""},"class_list":["post-1469","page","type-page","status-publish","hentry"],"jetpack_sharing_enabled":true,"jetpack_shortlink":"https:\/\/wp.me\/PaOEkN-nH","jetpack-related-posts":[],"_links":{"self":[{"href":"https:\/\/patrimoine-avesnois.fr\/chemin\/wp-json\/wp\/v2\/pages\/1469","targetHints":{"allow":["GET"]}}],"collection":[{"href":"https:\/\/patrimoine-avesnois.fr\/chemin\/wp-json\/wp\/v2\/pages"}],"about":[{"href":"https:\/\/patrimoine-avesnois.fr\/chemin\/wp-json\/wp\/v2\/types\/page"}],"author":[{"embeddable":true,"href":"https:\/\/patrimoine-avesnois.fr\/chemin\/wp-json\/wp\/v2\/users\/2"}],"replies":[{"embeddable":true,"href":"https:\/\/patrimoine-avesnois.fr\/chemin\/wp-json\/wp\/v2\/comments?post=1469"}],"version-history":[{"count":0,"href":"https:\/\/patrimoine-avesnois.fr\/chemin\/wp-json\/wp\/v2\/pages\/1469\/revisions"}],"wp:attachment":[{"href":"https:\/\/patrimoine-avesnois.fr\/chemin\/wp-json\/wp\/v2\/media?parent=1469"}],"curies":[{"name":"wp","href":"https:\/\/api.w.org\/{rel}","templated":true}]}}