{"id":1676,"date":"2019-04-20T12:31:51","date_gmt":"2019-04-20T10:31:51","guid":{"rendered":"http:\/\/patrimoine-avesnois.fr\/chemin\/?page_id=1676"},"modified":"2026-08-14T21:47:26","modified_gmt":"2026-08-14T19:47:26","slug":"frasnoy","status":"publish","type":"page","link":"https:\/\/patrimoine-avesnois.fr\/chemin\/frasnoy\/","title":{"rendered":"Frasnoy"},"content":{"rendered":"<div class=\"wp-block-image is-resized\">\n<figure class=\"aligncenter\"><img data-recalc-dims=\"1\" loading=\"lazy\" decoding=\"async\" width=\"357\" height=\"268\" data-attachment-id=\"1677\" data-permalink=\"https:\/\/patrimoine-avesnois.fr\/chemin\/frasnoy\/dscm-2019-copie\/\" data-orig-file=\"https:\/\/i0.wp.com\/patrimoine-avesnois.fr\/chemin\/wp-content\/uploads\/2019\/04\/DSCM-2019-Copie.jpg?fit=357%2C268&amp;ssl=1\" data-orig-size=\"357,268\" data-comments-opened=\"1\" data-image-meta=\"{&quot;aperture&quot;:&quot;0&quot;,&quot;credit&quot;:&quot;CARRE&quot;,&quot;camera&quot;:&quot;&quot;,&quot;caption&quot;:&quot;&quot;,&quot;created_timestamp&quot;:&quot;1555689069&quot;,&quot;copyright&quot;:&quot;&quot;,&quot;focal_length&quot;:&quot;0&quot;,&quot;iso&quot;:&quot;0&quot;,&quot;shutter_speed&quot;:&quot;0&quot;,&quot;title&quot;:&quot;&quot;,&quot;orientation&quot;:&quot;1&quot;}\" data-image-title=\"DSCM 2019 &amp;#8211; Copie\" data-image-description=\"\" data-image-caption=\"\" data-large-file=\"https:\/\/i0.wp.com\/patrimoine-avesnois.fr\/chemin\/wp-content\/uploads\/2019\/04\/DSCM-2019-Copie.jpg?fit=357%2C268&amp;ssl=1\" src=\"https:\/\/i0.wp.com\/patrimoine-avesnois.fr\/chemin\/wp-content\/uploads\/2019\/04\/DSCM-2019-Copie.jpg?resize=357%2C268\" alt=\"\" class=\"wp-image-1677\" style=\"width:475px;height:auto\" srcset=\"https:\/\/i0.wp.com\/patrimoine-avesnois.fr\/chemin\/wp-content\/uploads\/2019\/04\/DSCM-2019-Copie.jpg?w=357&amp;ssl=1 357w, https:\/\/i0.wp.com\/patrimoine-avesnois.fr\/chemin\/wp-content\/uploads\/2019\/04\/DSCM-2019-Copie.jpg?resize=300%2C225&amp;ssl=1 300w\" sizes=\"auto, (max-width: 357px) 85vw, 357px\" \/><figcaption class=\"wp-element-caption\">Vue a\u00e9rienne. Collection AM<\/figcaption><\/figure>\n<\/div>\n\n<div class=\"wp-block-image is-resized\">\n<figure class=\"aligncenter\"><img data-recalc-dims=\"1\" decoding=\"async\" src=\"https:\/\/i0.wp.com\/www.mairie-frasnoy.fr\/photos\/vue%20aerienne.jpg?w=840\" alt=\"\" style=\"width:480px;height:auto\"\/><figcaption class=\"wp-element-caption\">Vue a\u00e9rienne Photo Mairie<\/figcaption><\/figure>\n<\/div>\n\n\n<p class=\"wp-block-paragraph\">Frasnoy : \u00e9tymologiquement : le bois de fr\u00eanes . C&rsquo;\u00e9tait une propri\u00e9t\u00e9 de l&rsquo;abbaye d&rsquo;Hautmont confirm\u00e9e en 1083 puis une paroisse du d\u00e9canat de Valenciennes au XII e si\u00e8cle. <br>Frasnoy a d\u00fb subir, par sa position pr\u00e8s de la ville fortifi\u00e9e du Quesnoy, les souffrances des guerres tout au long de son histoire. En 1340, au d\u00e9but de la guerre de Cent Ans, le village, qui \u00e9tait une terre de la seigneurie de Gommegnies, fut br\u00fbl\u00e9 par le duc de Normandie. En 1477, pendant le si\u00e8ge du Quesnoy, le village fut pill\u00e9 et son ch\u00e2teau fort br\u00fbl\u00e9 par l&rsquo;arm\u00e9e de Louis XI. Consulter <a rel=\"noreferrer noopener\" aria-label=\"ici (opens in a new tab)\" href=\"http:\/\/www.mairie-frasnoy.fr\/docs\/FRASNOY%20-%20son%20histoire.pdf\" target=\"_blank\">ici<\/a> si vous \u00eates int\u00e9ress\u00e9 par l&rsquo;histoire de Frasnoy.<\/p>\n\n\n\n<p class=\"wp-block-paragraph\"><\/p>\n\n\n<div class=\"wp-block-image\">\n<figure class=\"aligncenter size-full is-resized\"><img data-recalc-dims=\"1\" loading=\"lazy\" decoding=\"async\" width=\"347\" height=\"465\" data-attachment-id=\"28828\" data-permalink=\"https:\/\/patrimoine-avesnois.fr\/chemin\/frasnoy\/image-3290\/\" data-orig-file=\"https:\/\/i0.wp.com\/patrimoine-avesnois.fr\/chemin\/wp-content\/uploads\/2026\/08\/image-137.png?fit=347%2C465&amp;ssl=1\" data-orig-size=\"347,465\" data-comments-opened=\"1\" data-image-meta=\"{&quot;aperture&quot;:&quot;0&quot;,&quot;credit&quot;:&quot;&quot;,&quot;camera&quot;:&quot;&quot;,&quot;caption&quot;:&quot;&quot;,&quot;created_timestamp&quot;:&quot;0&quot;,&quot;copyright&quot;:&quot;&quot;,&quot;focal_length&quot;:&quot;0&quot;,&quot;iso&quot;:&quot;0&quot;,&quot;shutter_speed&quot;:&quot;0&quot;,&quot;title&quot;:&quot;&quot;,&quot;orientation&quot;:&quot;0&quot;,&quot;alt&quot;:&quot;&quot;}\" data-image-title=\"image\" data-image-description=\"\" data-image-caption=\"\" data-large-file=\"https:\/\/i0.wp.com\/patrimoine-avesnois.fr\/chemin\/wp-content\/uploads\/2026\/08\/image-137.png?fit=347%2C465&amp;ssl=1\" src=\"https:\/\/i0.wp.com\/patrimoine-avesnois.fr\/chemin\/wp-content\/uploads\/2026\/08\/image-137.png?resize=347%2C465&#038;ssl=1\" alt=\"\" class=\"wp-image-28828\" style=\"width:449px;height:auto\" srcset=\"https:\/\/i0.wp.com\/patrimoine-avesnois.fr\/chemin\/wp-content\/uploads\/2026\/08\/image-137.png?w=347&amp;ssl=1 347w, https:\/\/i0.wp.com\/patrimoine-avesnois.fr\/chemin\/wp-content\/uploads\/2026\/08\/image-137.png?resize=224%2C300&amp;ssl=1 224w\" sizes=\"auto, (max-width: 347px) 85vw, 347px\" \/><figcaption class=\"wp-element-caption\">L&rsquo;\u00e9glise de Frasnoy<\/figcaption><\/figure>\n<\/div>\n\n\n<p class=\"wp-block-paragraph\"><\/p>\n\n\n<div class=\"wp-block-image is-resized\">\n<figure class=\"aligncenter\"><img decoding=\"async\" src=\"https:\/\/upload.wikimedia.org\/wikipedia\/commons\/thumb\/0\/09\/Frasnoy_%28Nord%2C_Fr%29_%C3%A9glise%2C_vue_lat%C3%A9rale.JPG\/1280px-Frasnoy_%28Nord%2C_Fr%29_%C3%A9glise%2C_vue_lat%C3%A9rale.JPG\" alt=\"\"\/><figcaption class=\"wp-element-caption\"> L&rsquo;\u00e9glise Saint-Cl\u00e9ment avec des dalles fun\u00e9raires. Photo Havang<\/figcaption><\/figure>\n<\/div>\n\n\n<p class=\"wp-block-paragraph\"><\/p>\n\n\n\n<p class=\"wp-block-paragraph\">Elle date de 1857. Elle a \u00e9t\u00e9 reb\u00e2tie aux frais du baron de L\u00e9pine sur l&#8217;emplacement de l&rsquo;ancienne. <br>La tour, endommag\u00e9e pendant la guerre de 1914-18, a \u00e9t\u00e9 refaite Le clocher fut reconstruit en 1923 car l&rsquo;ancien mena\u00e7ait de s&rsquo;\u00e9crouler en raison de son inclinaison. <br>De l&rsquo;ancien cimeti\u00e8re, il reste des dalles fun\u00e9raires contre le mur de l&rsquo;\u00e9glise <br>A voir \u00e0 l&rsquo;int\u00e9rieur de l&rsquo;\u00e9glise des plaques comm\u00e9moratives, des statues polychromes de la vierge et de St-Cl\u00e9ment,le bas relief, le Christ du XVII e si\u00e8cle et quelques pierres tombales de 1728 \u00e0 1786 provenant de l&rsquo;ancienne \u00e9glise. Signalons ici le r\u00f4le important de l&rsquo;association  Frasnoy d&rsquo;Hier et d&rsquo;Aujourd&rsquo;hui qui en 1993 a proc\u00e9d\u00e9 au nettoyage de l\u2019\u00e9glise St Cl\u00e9ment en et en 1995 \u00e0 la restauration d\u2019un christ du XVIIe si\u00e8cle.<\/p>\n\n\n<div class=\"wp-block-image\">\n<figure class=\"aligncenter size-full\"><img data-recalc-dims=\"1\" loading=\"lazy\" decoding=\"async\" width=\"435\" height=\"534\" data-attachment-id=\"28822\" data-permalink=\"https:\/\/patrimoine-avesnois.fr\/chemin\/frasnoy\/image-3287\/\" data-orig-file=\"https:\/\/i0.wp.com\/patrimoine-avesnois.fr\/chemin\/wp-content\/uploads\/2026\/08\/image-134.png?fit=435%2C534&amp;ssl=1\" data-orig-size=\"435,534\" data-comments-opened=\"1\" data-image-meta=\"{&quot;aperture&quot;:&quot;0&quot;,&quot;credit&quot;:&quot;&quot;,&quot;camera&quot;:&quot;&quot;,&quot;caption&quot;:&quot;&quot;,&quot;created_timestamp&quot;:&quot;0&quot;,&quot;copyright&quot;:&quot;&quot;,&quot;focal_length&quot;:&quot;0&quot;,&quot;iso&quot;:&quot;0&quot;,&quot;shutter_speed&quot;:&quot;0&quot;,&quot;title&quot;:&quot;&quot;,&quot;orientation&quot;:&quot;0&quot;,&quot;alt&quot;:&quot;&quot;}\" data-image-title=\"image\" data-image-description=\"\" data-image-caption=\"\" data-large-file=\"https:\/\/i0.wp.com\/patrimoine-avesnois.fr\/chemin\/wp-content\/uploads\/2026\/08\/image-134.png?fit=435%2C534&amp;ssl=1\" src=\"https:\/\/i0.wp.com\/patrimoine-avesnois.fr\/chemin\/wp-content\/uploads\/2026\/08\/image-134.png?resize=435%2C534&#038;ssl=1\" alt=\"\" class=\"wp-image-28822\" srcset=\"https:\/\/i0.wp.com\/patrimoine-avesnois.fr\/chemin\/wp-content\/uploads\/2026\/08\/image-134.png?w=435&amp;ssl=1 435w, https:\/\/i0.wp.com\/patrimoine-avesnois.fr\/chemin\/wp-content\/uploads\/2026\/08\/image-134.png?resize=244%2C300&amp;ssl=1 244w\" sizes=\"auto, (max-width: 435px) 85vw, 435px\" \/><figcaption class=\"wp-element-caption\"> La grotte de Lourdes <\/figcaption><\/figure>\n<\/div>\n\n\n<p class=\"wp-block-paragraph\"><\/p>\n\n\n\n<p class=\"wp-block-paragraph\">La petite grotte de Lourdes situ\u00e9e pr\u00e8s de l\u2019\u00e9glise de Frasnoy est une construction paroissiale du XX\u1d49 si\u00e8cle, probablement \u00e9difi\u00e9e entre 1920 et 1950, comme dans de nombreux villages de l\u2019Avesnois. Elle r\u00e9pond \u00e0 un mouvement r\u00e9gional de d\u00e9votion mariale visant \u00e0 offrir un lieu de pri\u00e8re local aux fid\u00e8les ne pouvant se rendre \u00e0 Lourdes. Install\u00e9e sur un terrain jouxtant l\u2019\u00e9glise, elle servait aux processions du mois de mai et aux rassemblements paroissiaux.<\/p>\n\n\n<div class=\"wp-block-image is-resized\">\n<figure class=\"aligncenter\"><img data-recalc-dims=\"1\" decoding=\"async\" src=\"https:\/\/i0.wp.com\/www.mairie-frasnoy.fr\/photos\/buseau_11_1.jpg?w=840\" alt=\"\"\/><figcaption class=\"wp-element-caption\">Source St Cl\u00e9ment<\/figcaption><\/figure>\n<\/div>\n\n\n<p class=\"wp-block-paragraph\"><\/p>\n\n\n\n<p class=\"wp-block-paragraph\">En contrebas du tertre sur lequel s&rsquo;\u00e9l\u00e8ve l&rsquo;\u00e9glise, se trouve une fontaine appel\u00e9e source St-Cl\u00e9ment. On attribue \u00e0 son eau des vertus curatives : maux de dents et d&rsquo;oreilles.<\/p>\n\n\n<div class=\"wp-block-image\">\n<figure class=\"aligncenter size-full is-resized\"><img data-recalc-dims=\"1\" loading=\"lazy\" decoding=\"async\" width=\"235\" height=\"334\" data-attachment-id=\"28824\" data-permalink=\"https:\/\/patrimoine-avesnois.fr\/chemin\/frasnoy\/image-3288\/\" data-orig-file=\"https:\/\/i0.wp.com\/patrimoine-avesnois.fr\/chemin\/wp-content\/uploads\/2026\/08\/image-135.png?fit=235%2C334&amp;ssl=1\" data-orig-size=\"235,334\" data-comments-opened=\"1\" data-image-meta=\"{&quot;aperture&quot;:&quot;0&quot;,&quot;credit&quot;:&quot;&quot;,&quot;camera&quot;:&quot;&quot;,&quot;caption&quot;:&quot;&quot;,&quot;created_timestamp&quot;:&quot;0&quot;,&quot;copyright&quot;:&quot;&quot;,&quot;focal_length&quot;:&quot;0&quot;,&quot;iso&quot;:&quot;0&quot;,&quot;shutter_speed&quot;:&quot;0&quot;,&quot;title&quot;:&quot;&quot;,&quot;orientation&quot;:&quot;0&quot;,&quot;alt&quot;:&quot;&quot;}\" data-image-title=\"image\" data-image-description=\"\" data-image-caption=\"\" data-large-file=\"https:\/\/i0.wp.com\/patrimoine-avesnois.fr\/chemin\/wp-content\/uploads\/2026\/08\/image-135.png?fit=235%2C334&amp;ssl=1\" src=\"https:\/\/i0.wp.com\/patrimoine-avesnois.fr\/chemin\/wp-content\/uploads\/2026\/08\/image-135.png?resize=235%2C334&#038;ssl=1\" alt=\"\" class=\"wp-image-28824\" style=\"aspect-ratio:0.7035869221410205;width:393px;height:auto\" srcset=\"https:\/\/i0.wp.com\/patrimoine-avesnois.fr\/chemin\/wp-content\/uploads\/2026\/08\/image-135.png?w=235&amp;ssl=1 235w, https:\/\/i0.wp.com\/patrimoine-avesnois.fr\/chemin\/wp-content\/uploads\/2026\/08\/image-135.png?resize=211%2C300&amp;ssl=1 211w\" sizes=\"auto, (max-width: 235px) 85vw, 235px\" \/><figcaption class=\"wp-element-caption\">Monument comm\u00e9moratif de Louis Adrien Joseph Desfontaines&nbsp; <br><br><\/figcaption><\/figure>\n<\/div>\n\n\n<p class=\"wp-block-paragraph\">En 1856, la Revue agricole d\u00e9crit ainsi cette \u0153uvre r\u00e9alis\u00e9e en 1814 : A gauche de l&rsquo;autel, on voit un buste en pl\u00e2tre, qu&rsquo;on dit fort ressemblant, de M. Desfontaines de Frasnoy, par M. L\u00e9once de Fieuzal, ancien professeur \u00e0 l&rsquo;Acad\u00e9mie de Valenciennes<\/p>\n\n\n\n<p class=\"wp-block-paragraph\">La seigneurie de Gommegnies ayant \u00e9t\u00e9 d\u00e9membr\u00e9e au XVIIe si\u00e8cle, la famille De Fontaine de Valenciennes acquit la seigneurie de Frasnoy et de nombreux droits qu\u2019elle conserva jusqu\u2019\u00e0 la R\u00e9volution. Au XIXe si\u00e8cle, apr\u00e8s avoir r\u00e9cup\u00e9r\u00e9 une partie de ses biens, la famille De Fontaine fournit des maires \u00e0 la commune. <\/p>\n\n\n<div class=\"wp-block-image is-resized\">\n<figure class=\"aligncenter\"><img data-recalc-dims=\"1\" loading=\"lazy\" decoding=\"async\" width=\"840\" height=\"631\" data-attachment-id=\"1683\" data-permalink=\"https:\/\/patrimoine-avesnois.fr\/chemin\/frasnoy\/image-376\/\" data-orig-file=\"https:\/\/i0.wp.com\/patrimoine-avesnois.fr\/chemin\/wp-content\/uploads\/2019\/04\/image-354.png?fit=868%2C652&amp;ssl=1\" data-orig-size=\"868,652\" data-comments-opened=\"1\" data-image-meta=\"{&quot;aperture&quot;:&quot;0&quot;,&quot;credit&quot;:&quot;&quot;,&quot;camera&quot;:&quot;&quot;,&quot;caption&quot;:&quot;&quot;,&quot;created_timestamp&quot;:&quot;0&quot;,&quot;copyright&quot;:&quot;&quot;,&quot;focal_length&quot;:&quot;0&quot;,&quot;iso&quot;:&quot;0&quot;,&quot;shutter_speed&quot;:&quot;0&quot;,&quot;title&quot;:&quot;&quot;,&quot;orientation&quot;:&quot;0&quot;}\" data-image-title=\"image\" data-image-description=\"\" data-image-caption=\"\" data-large-file=\"https:\/\/i0.wp.com\/patrimoine-avesnois.fr\/chemin\/wp-content\/uploads\/2019\/04\/image-354.png?fit=840%2C631&amp;ssl=1\" src=\"https:\/\/i0.wp.com\/patrimoine-avesnois.fr\/chemin\/wp-content\/uploads\/2019\/04\/image-354.png?resize=840%2C631\" alt=\"\" class=\"wp-image-1683\" srcset=\"https:\/\/i0.wp.com\/patrimoine-avesnois.fr\/chemin\/wp-content\/uploads\/2019\/04\/image-354.png?w=868&amp;ssl=1 868w, https:\/\/i0.wp.com\/patrimoine-avesnois.fr\/chemin\/wp-content\/uploads\/2019\/04\/image-354.png?resize=300%2C225&amp;ssl=1 300w, https:\/\/i0.wp.com\/patrimoine-avesnois.fr\/chemin\/wp-content\/uploads\/2019\/04\/image-354.png?resize=768%2C577&amp;ssl=1 768w\" sizes=\"auto, (max-width: 709px) 85vw, (max-width: 909px) 67vw, (max-width: 1362px) 62vw, 840px\" \/><figcaption class=\"wp-element-caption\">Mairie en 2013 situ\u00e9e sur la place Emile Bigorgne, place inaugur\u00e9e en 1999 Voir <a rel=\"noreferrer noopener\" aria-label=\"son site (opens in a new tab)\" href=\"http:\/\/www.mairie-frasnoy.fr\/\" target=\"_blank\">son site<\/a><\/figcaption><\/figure>\n<\/div>\n\n\n<p class=\"wp-block-paragraph\"><\/p>\n\n\n<div class=\"wp-block-image is-resized\">\n<figure class=\"aligncenter\"><img data-recalc-dims=\"1\" decoding=\"async\" src=\"https:\/\/i0.wp.com\/www.mairie-frasnoy.fr\/images\/nmairie.jpg?w=840\" alt=\"\"\/><figcaption class=\"wp-element-caption\">Photo <a href=\"http:\/\/www.mairie-frasnoy.fr\/coordonnees_mairie.html\" target=\"_blank\" rel=\"noreferrer noopener\" aria-label=\"Mairie (opens in a new tab)\">Mairie<\/a><\/figcaption><\/figure>\n<\/div>\n\n\n<p class=\"wp-block-paragraph\"><\/p>\n\n\n<div class=\"wp-block-image\">\n<figure class=\"aligncenter\"><img data-recalc-dims=\"1\" loading=\"lazy\" decoding=\"async\" width=\"385\" height=\"552\" data-attachment-id=\"1711\" data-permalink=\"https:\/\/patrimoine-avesnois.fr\/chemin\/frasnoy\/image-380\/\" data-orig-file=\"https:\/\/i0.wp.com\/patrimoine-avesnois.fr\/chemin\/wp-content\/uploads\/2019\/04\/image-358.png?fit=385%2C552&amp;ssl=1\" data-orig-size=\"385,552\" data-comments-opened=\"1\" data-image-meta=\"{&quot;aperture&quot;:&quot;0&quot;,&quot;credit&quot;:&quot;&quot;,&quot;camera&quot;:&quot;&quot;,&quot;caption&quot;:&quot;&quot;,&quot;created_timestamp&quot;:&quot;0&quot;,&quot;copyright&quot;:&quot;&quot;,&quot;focal_length&quot;:&quot;0&quot;,&quot;iso&quot;:&quot;0&quot;,&quot;shutter_speed&quot;:&quot;0&quot;,&quot;title&quot;:&quot;&quot;,&quot;orientation&quot;:&quot;0&quot;}\" data-image-title=\"image\" data-image-description=\"\" data-image-caption=\"\" data-large-file=\"https:\/\/i0.wp.com\/patrimoine-avesnois.fr\/chemin\/wp-content\/uploads\/2019\/04\/image-358.png?fit=385%2C552&amp;ssl=1\" src=\"https:\/\/i0.wp.com\/patrimoine-avesnois.fr\/chemin\/wp-content\/uploads\/2019\/04\/image-358.png?resize=385%2C552\" alt=\"\" class=\"wp-image-1711\" srcset=\"https:\/\/i0.wp.com\/patrimoine-avesnois.fr\/chemin\/wp-content\/uploads\/2019\/04\/image-358.png?w=385&amp;ssl=1 385w, https:\/\/i0.wp.com\/patrimoine-avesnois.fr\/chemin\/wp-content\/uploads\/2019\/04\/image-358.png?resize=209%2C300&amp;ssl=1 209w\" sizes=\"auto, (max-width: 385px) 85vw, 385px\" \/><figcaption class=\"wp-element-caption\"><a href=\"http:\/\/www.mairie-frasnoy.fr\/docs\/Emile_Bigorne.pdf\" target=\"_blank\" rel=\"noreferrer noopener\" aria-label=\"Emile Bigorgne (opens in a new tab)\">Emile Bigorgne<\/a>, h\u00e9ro\u00efque soldat de la guerre 1914 1918<\/figcaption><\/figure>\n<\/div>\n\n\n<p class=\"wp-block-paragraph\"><\/p>\n\n\n<div class=\"wp-block-image is-resized\">\n<figure class=\"aligncenter\"><img data-recalc-dims=\"1\" decoding=\"async\" src=\"https:\/\/i0.wp.com\/www.mairie-frasnoy.fr\/photos\/pompe.jpg?w=840\" alt=\"\"\/><figcaption class=\"wp-element-caption\"> La mise en valeur d\u2019une pompe \u00e0 incendie \u00e0 bras datant de 1874 par l&rsquo;association Frasnoy d&rsquo;hier et d&rsquo;Aujourd&rsquo;hui<\/figcaption><\/figure>\n<\/div>\n\n\n<p class=\"wp-block-paragraph\"><\/p>\n\n\n<div class=\"wp-block-image is-resized\">\n<figure class=\"aligncenter\"><img data-recalc-dims=\"1\" loading=\"lazy\" decoding=\"async\" width=\"662\" height=\"1013\" data-attachment-id=\"1684\" data-permalink=\"https:\/\/patrimoine-avesnois.fr\/chemin\/frasnoy\/image-377\/\" data-orig-file=\"https:\/\/i0.wp.com\/patrimoine-avesnois.fr\/chemin\/wp-content\/uploads\/2019\/04\/image-355.png?fit=662%2C1013&amp;ssl=1\" data-orig-size=\"662,1013\" data-comments-opened=\"1\" data-image-meta=\"{&quot;aperture&quot;:&quot;0&quot;,&quot;credit&quot;:&quot;&quot;,&quot;camera&quot;:&quot;&quot;,&quot;caption&quot;:&quot;&quot;,&quot;created_timestamp&quot;:&quot;0&quot;,&quot;copyright&quot;:&quot;&quot;,&quot;focal_length&quot;:&quot;0&quot;,&quot;iso&quot;:&quot;0&quot;,&quot;shutter_speed&quot;:&quot;0&quot;,&quot;title&quot;:&quot;&quot;,&quot;orientation&quot;:&quot;0&quot;}\" data-image-title=\"image\" data-image-description=\"\" data-image-caption=\"\" data-large-file=\"https:\/\/i0.wp.com\/patrimoine-avesnois.fr\/chemin\/wp-content\/uploads\/2019\/04\/image-355.png?fit=662%2C1013&amp;ssl=1\" src=\"https:\/\/i0.wp.com\/patrimoine-avesnois.fr\/chemin\/wp-content\/uploads\/2019\/04\/image-355.png?resize=662%2C1013\" alt=\"\" class=\"wp-image-1684\" style=\"aspect-ratio:0.6535043795009498;width:474px;height:auto\" srcset=\"https:\/\/i0.wp.com\/patrimoine-avesnois.fr\/chemin\/wp-content\/uploads\/2019\/04\/image-355.png?w=662&amp;ssl=1 662w, https:\/\/i0.wp.com\/patrimoine-avesnois.fr\/chemin\/wp-content\/uploads\/2019\/04\/image-355.png?resize=196%2C300&amp;ssl=1 196w\" sizes=\"auto, (max-width: 662px) 85vw, 662px\" \/><\/figure>\n<\/div>\n\n\n<p class=\"wp-block-paragraph\"><\/p>\n\n\n<div class=\"wp-block-image\">\n<figure class=\"aligncenter size-full is-resized\"><img data-recalc-dims=\"1\" loading=\"lazy\" decoding=\"async\" width=\"355\" height=\"473\" data-attachment-id=\"28833\" data-permalink=\"https:\/\/patrimoine-avesnois.fr\/chemin\/frasnoy\/image-3292\/\" data-orig-file=\"https:\/\/i0.wp.com\/patrimoine-avesnois.fr\/chemin\/wp-content\/uploads\/2026\/08\/image-139.png?fit=355%2C473&amp;ssl=1\" data-orig-size=\"355,473\" data-comments-opened=\"1\" data-image-meta=\"{&quot;aperture&quot;:&quot;0&quot;,&quot;credit&quot;:&quot;&quot;,&quot;camera&quot;:&quot;&quot;,&quot;caption&quot;:&quot;&quot;,&quot;created_timestamp&quot;:&quot;0&quot;,&quot;copyright&quot;:&quot;&quot;,&quot;focal_length&quot;:&quot;0&quot;,&quot;iso&quot;:&quot;0&quot;,&quot;shutter_speed&quot;:&quot;0&quot;,&quot;title&quot;:&quot;&quot;,&quot;orientation&quot;:&quot;0&quot;,&quot;alt&quot;:&quot;&quot;}\" data-image-title=\"image\" data-image-description=\"\" data-image-caption=\"\" data-large-file=\"https:\/\/i0.wp.com\/patrimoine-avesnois.fr\/chemin\/wp-content\/uploads\/2026\/08\/image-139.png?fit=355%2C473&amp;ssl=1\" src=\"https:\/\/i0.wp.com\/patrimoine-avesnois.fr\/chemin\/wp-content\/uploads\/2026\/08\/image-139.png?resize=355%2C473&#038;ssl=1\" alt=\"\" class=\"wp-image-28833\" style=\"aspect-ratio:0.7505202523968189;width:501px;height:auto\" srcset=\"https:\/\/i0.wp.com\/patrimoine-avesnois.fr\/chemin\/wp-content\/uploads\/2026\/08\/image-139.png?w=355&amp;ssl=1 355w, https:\/\/i0.wp.com\/patrimoine-avesnois.fr\/chemin\/wp-content\/uploads\/2026\/08\/image-139.png?resize=225%2C300&amp;ssl=1 225w\" sizes=\"auto, (max-width: 355px) 85vw, 355px\" \/><figcaption class=\"wp-element-caption\">Monument aux morts de Frasnoy<\/figcaption><\/figure>\n<\/div>\n\n\n<p class=\"wp-block-paragraph\"><\/p>\n\n\n<div class=\"wp-block-image is-resized\">\n<figure class=\"aligncenter\"><img data-recalc-dims=\"1\" decoding=\"async\" src=\"https:\/\/i0.wp.com\/www.mairie-frasnoy.fr\/images\/cimetiere-allemand-2.jpg?w=840\" alt=\"\"\/><figcaption class=\"wp-element-caption\"> Dans ce cimeti\u00e8re, de la guerre 14-18, repose 4477 soldats allemands. Ce site f\u00fbt am\u00e9nag\u00e9 dans les ann\u00e9es 70 par un groupe de jeunes Sarrois. <a href=\"http:\/\/www.mairie-frasnoy.fr\/cimetiere-allemand.html\" target=\"_blank\" rel=\"noreferrer noopener\" aria-label=\"Photo Mairie (opens in a new tab)\">Photo Mairie<\/a><\/figcaption><\/figure>\n<\/div>\n\n\n<p class=\"wp-block-paragraph\"><\/p>\n\n\n<div class=\"wp-block-image\">\n<figure class=\"aligncenter\"><img decoding=\"async\" data-attachment-id=\"249\" data-permalink=\"https:\/\/patrimoine-avesnois.fr\/chemin\/beaufort\/image\/\" data-orig-file=\"https:\/\/i0.wp.com\/patrimoine-avesnois.fr\/chemin\/wp-content\/uploads\/2019\/03\/image.png?fit=684%2C534&amp;ssl=1\" data-orig-size=\"684,534\" data-comments-opened=\"1\" data-image-meta=\"{&quot;aperture&quot;:&quot;0&quot;,&quot;credit&quot;:&quot;&quot;,&quot;camera&quot;:&quot;&quot;,&quot;caption&quot;:&quot;&quot;,&quot;created_timestamp&quot;:&quot;0&quot;,&quot;copyright&quot;:&quot;&quot;,&quot;focal_length&quot;:&quot;0&quot;,&quot;iso&quot;:&quot;0&quot;,&quot;shutter_speed&quot;:&quot;0&quot;,&quot;title&quot;:&quot;&quot;,&quot;orientation&quot;:&quot;0&quot;}\" data-image-title=\"image\" data-image-description=\"\" data-image-caption=\"\" data-large-file=\"https:\/\/i0.wp.com\/patrimoine-avesnois.fr\/chemin\/wp-content\/uploads\/2019\/03\/image.png?fit=684%2C534&amp;ssl=1\" src=\"http:\/\/i2.wp.com\/www.calvaires-avesnois.fr\/wp-content\/uploads\/2016\/09\/Nouvelle-image-40.png?resize=495%2C530\" alt=\"Calvaire de 1860 (source mairie)\" class=\"wp-image-249\"\/><figcaption class=\"wp-element-caption\">Calvaire de 1860 (source mairie)<\/figcaption><\/figure>\n<\/div>\n\n\n<p class=\"wp-block-paragraph\"><\/p>\n\n\n\n<p class=\"wp-block-paragraph\">Il est dit calvaire particulier sur le cadastre de 1897 au bord du chemin de Gommegnies \u00e0 Villers Pol. La Fabrique de Gommegnies qui est un organe de gestion du temporel de la paroisse en \u00e9tait alors en possession. A cette date il semblerait que les fr\u00e8res et s\u0153urs Payen Ghislain, Martial et Cl\u00e9mentine en assuraient l\u2019entretien.<\/p>\n\n\n<div class=\"wp-block-image is-resized\">\n<figure class=\"aligncenter\"><img loading=\"lazy\" decoding=\"async\" width=\"1475\" height=\"668\" data-attachment-id=\"1682\" data-permalink=\"https:\/\/patrimoine-avesnois.fr\/chemin\/frasnoy\/image-375\/\" data-orig-file=\"https:\/\/i0.wp.com\/patrimoine-avesnois.fr\/chemin\/wp-content\/uploads\/2019\/04\/image-353.png?fit=1475%2C668&amp;ssl=1\" data-orig-size=\"1475,668\" data-comments-opened=\"1\" data-image-meta=\"{&quot;aperture&quot;:&quot;0&quot;,&quot;credit&quot;:&quot;&quot;,&quot;camera&quot;:&quot;&quot;,&quot;caption&quot;:&quot;&quot;,&quot;created_timestamp&quot;:&quot;0&quot;,&quot;copyright&quot;:&quot;&quot;,&quot;focal_length&quot;:&quot;0&quot;,&quot;iso&quot;:&quot;0&quot;,&quot;shutter_speed&quot;:&quot;0&quot;,&quot;title&quot;:&quot;&quot;,&quot;orientation&quot;:&quot;0&quot;}\" data-image-title=\"image\" data-image-description=\"\" data-image-caption=\"\" data-large-file=\"https:\/\/i0.wp.com\/patrimoine-avesnois.fr\/chemin\/wp-content\/uploads\/2019\/04\/image-353.png?fit=840%2C381&amp;ssl=1\" src=\"https:\/\/i2.wp.com\/patrimoine-avesnois.fr\/chemin\/wp-content\/uploads\/2019\/04\/image-353.png?fit=840%2C381\" alt=\"\" class=\"wp-image-1682\" srcset=\"https:\/\/i0.wp.com\/patrimoine-avesnois.fr\/chemin\/wp-content\/uploads\/2019\/04\/image-353.png?w=1475&amp;ssl=1 1475w, https:\/\/i0.wp.com\/patrimoine-avesnois.fr\/chemin\/wp-content\/uploads\/2019\/04\/image-353.png?resize=300%2C136&amp;ssl=1 300w, https:\/\/i0.wp.com\/patrimoine-avesnois.fr\/chemin\/wp-content\/uploads\/2019\/04\/image-353.png?resize=768%2C348&amp;ssl=1 768w, https:\/\/i0.wp.com\/patrimoine-avesnois.fr\/chemin\/wp-content\/uploads\/2019\/04\/image-353.png?resize=1024%2C464&amp;ssl=1 1024w, https:\/\/i0.wp.com\/patrimoine-avesnois.fr\/chemin\/wp-content\/uploads\/2019\/04\/image-353.png?resize=1200%2C543&amp;ssl=1 1200w\" sizes=\"auto, (max-width: 709px) 85vw, (max-width: 909px) 67vw, (max-width: 1362px) 62vw, 840px\" \/><figcaption class=\"wp-element-caption\">3 chapelles : commentaires <a href=\"http:\/\/oratoiresetchapelles-avesnois.fr\/frasnoy\/\" target=\"_blank\" rel=\"noreferrer noopener\" aria-label=\"sur oratoires et chapelles en avesnois (opens in a new tab)\">sur oratoires et chapelles en avesnois<\/a><\/figcaption><\/figure>\n<\/div>\n\n\n<p class=\"wp-block-paragraph\"><\/p>\n\n\n<div class=\"wp-block-image is-resized\">\n<figure class=\"aligncenter\"><img loading=\"lazy\" decoding=\"async\" width=\"1088\" height=\"671\" data-attachment-id=\"1686\" data-permalink=\"https:\/\/patrimoine-avesnois.fr\/chemin\/frasnoy\/325_001\/\" data-orig-file=\"https:\/\/i0.wp.com\/patrimoine-avesnois.fr\/chemin\/wp-content\/uploads\/2019\/04\/325_001.jpg?fit=1088%2C671&amp;ssl=1\" data-orig-size=\"1088,671\" data-comments-opened=\"1\" data-image-meta=\"{&quot;aperture&quot;:&quot;0&quot;,&quot;credit&quot;:&quot;&quot;,&quot;camera&quot;:&quot;&quot;,&quot;caption&quot;:&quot;&quot;,&quot;created_timestamp&quot;:&quot;1555688828&quot;,&quot;copyright&quot;:&quot;&quot;,&quot;focal_length&quot;:&quot;0&quot;,&quot;iso&quot;:&quot;0&quot;,&quot;shutter_speed&quot;:&quot;0&quot;,&quot;title&quot;:&quot;&quot;,&quot;orientation&quot;:&quot;0&quot;}\" data-image-title=\"325_001\" data-image-description=\"\" data-image-caption=\"\" data-large-file=\"https:\/\/i0.wp.com\/patrimoine-avesnois.fr\/chemin\/wp-content\/uploads\/2019\/04\/325_001.jpg?fit=840%2C518&amp;ssl=1\" src=\"https:\/\/i1.wp.com\/patrimoine-avesnois.fr\/chemin\/wp-content\/uploads\/2019\/04\/325_001.jpg?fit=840%2C518\" alt=\"\" class=\"wp-image-1686\" srcset=\"https:\/\/i0.wp.com\/patrimoine-avesnois.fr\/chemin\/wp-content\/uploads\/2019\/04\/325_001.jpg?w=1088&amp;ssl=1 1088w, https:\/\/i0.wp.com\/patrimoine-avesnois.fr\/chemin\/wp-content\/uploads\/2019\/04\/325_001.jpg?resize=300%2C185&amp;ssl=1 300w, https:\/\/i0.wp.com\/patrimoine-avesnois.fr\/chemin\/wp-content\/uploads\/2019\/04\/325_001.jpg?resize=768%2C474&amp;ssl=1 768w, https:\/\/i0.wp.com\/patrimoine-avesnois.fr\/chemin\/wp-content\/uploads\/2019\/04\/325_001.jpg?resize=1024%2C632&amp;ssl=1 1024w\" sizes=\"auto, (max-width: 709px) 85vw, (max-width: 909px) 67vw, (max-width: 1362px) 62vw, 840px\" \/><figcaption class=\"wp-element-caption\">Ch\u00e2teau de Frasnoy<\/figcaption><\/figure>\n<\/div>\n\n\n<p class=\"wp-block-paragraph\"><\/p>\n\n\n<div class=\"wp-block-image is-resized\">\n<figure class=\"aligncenter\"><img data-recalc-dims=\"1\" loading=\"lazy\" decoding=\"async\" width=\"500\" height=\"375\" data-attachment-id=\"1716\" data-permalink=\"https:\/\/patrimoine-avesnois.fr\/chemin\/frasnoy\/chateau-frasnoy\/\" data-orig-file=\"https:\/\/i0.wp.com\/patrimoine-avesnois.fr\/chemin\/wp-content\/uploads\/2019\/04\/Chateau-Frasnoy-.jpg?fit=500%2C375&amp;ssl=1\" data-orig-size=\"500,375\" data-comments-opened=\"1\" data-image-meta=\"{&quot;aperture&quot;:&quot;0&quot;,&quot;credit&quot;:&quot;&quot;,&quot;camera&quot;:&quot;&quot;,&quot;caption&quot;:&quot;&quot;,&quot;created_timestamp&quot;:&quot;0&quot;,&quot;copyright&quot;:&quot;&quot;,&quot;focal_length&quot;:&quot;4.8&quot;,&quot;iso&quot;:&quot;0&quot;,&quot;shutter_speed&quot;:&quot;0.00625&quot;,&quot;title&quot;:&quot;&quot;,&quot;orientation&quot;:&quot;1&quot;}\" data-image-title=\"Chateau Frasnoy &amp;#8211;\" data-image-description=\"\" data-image-caption=\"\" data-large-file=\"https:\/\/i0.wp.com\/patrimoine-avesnois.fr\/chemin\/wp-content\/uploads\/2019\/04\/Chateau-Frasnoy-.jpg?fit=500%2C375&amp;ssl=1\" src=\"https:\/\/i0.wp.com\/patrimoine-avesnois.fr\/chemin\/wp-content\/uploads\/2019\/04\/Chateau-Frasnoy-.jpg?resize=500%2C375\" alt=\"\" class=\"wp-image-1716\" srcset=\"https:\/\/i0.wp.com\/patrimoine-avesnois.fr\/chemin\/wp-content\/uploads\/2019\/04\/Chateau-Frasnoy-.jpg?w=500&amp;ssl=1 500w, https:\/\/i0.wp.com\/patrimoine-avesnois.fr\/chemin\/wp-content\/uploads\/2019\/04\/Chateau-Frasnoy-.jpg?resize=300%2C225&amp;ssl=1 300w\" sizes=\"auto, (max-width: 500px) 85vw, 500px\" \/><\/figure>\n<\/div>\n\n\n<p class=\"wp-block-paragraph\"><\/p>\n\n\n<div class=\"wp-block-image is-resized\">\n<figure class=\"aligncenter\"><img data-recalc-dims=\"1\" decoding=\"async\" src=\"https:\/\/i0.wp.com\/www.communes.com\/images\/orig\/nord-pas-de-calais\/nord\/frasnoy_59530\/frasnoy_231975.jpg?w=840&#038;ssl=1\" alt=\"R\u00c3\u00a9sultat de recherche d'images pour &quot;Chateau frasnoy&quot;\"\/><figcaption class=\"wp-element-caption\">Photo 2014 : <a rel=\"noreferrer noopener\" aria-label=\"commune.com (opens in a new tab)\" href=\"https:\/\/www.communes.com\/photo-frasnoy,231975\" target=\"_blank\">communes.com<\/a><\/figcaption><\/figure>\n<\/div>\n\n\n<p class=\"wp-block-paragraph\"><\/p>\n\n\n\n<p class=\"wp-block-paragraph\">Le ch\u00e2teau visible aujourd\u2019hui a \u00e9t\u00e9 \u00e9difi\u00e9 il y a environ deux si\u00e8cles, sur l\u2019emplacement de l\u2019ancien domaine seigneurial. Bien que le ch\u00e2teau f\u00e9odal m\u00e9di\u00e9val ait enti\u00e8rement disparu, quelques \u00e9l\u00e9ments secondaires du manoir qui lui a succ\u00e9d\u00e9 ont \u00e9t\u00e9 conserv\u00e9s et int\u00e9gr\u00e9s dans les b\u00e2timents annexes : murs en gr\u00e8s r\u00e9employ\u00e9s, traces de douves, \u00e9table vo\u00fbt\u00e9e et pigeonnier ancien. Le ch\u00e2teau du XIX\u1d49 si\u00e8cle n\u2019est donc pas une reconstruction du ch\u00e2teau f\u00e9odal, mais une demeure moderne construite sur un site charg\u00e9 d\u2019histoire, o\u00f9 subsistent encore quelques t\u00e9moins du pass\u00e9 m\u00e9di\u00e9val et proto\u2011moderne.<\/p>\n\n\n\n<p class=\"wp-block-paragraph\">Ce ch\u00e2teau a \u00e9t\u00e9 acquis par le baron de L\u00e9pine, qui en fit une r\u00e9sidence moderne et y installa ensuite une \u00e9cole d\u2019arboriculture. Celle-ci servait \u00e0 former aux techniques de plantation, de taille, de greffe et de gestion des vergers \u2014 un sujet tr\u00e8s important dans la r\u00e9gion \u00e0 l\u2019\u00e9poque. Elle a \u00e9t\u00e9 active au XIX\u1d49 et au d\u00e9but du XX\u1d49 si\u00e8cle, mais a totalement disparu aujourd\u2019hui. Le ch\u00e2teau n\u2019a plus de r\u00f4le scolaire : il est redevenu une propri\u00e9t\u00e9 priv\u00e9e.<\/p>\n\n\n\n<p class=\"has-text-align-center wp-block-paragraph\">***<\/p>\n\n\n\n<p class=\"wp-block-paragraph\">L&rsquo;industrie comptait en 1837, deux moulins et une brasserie. La brasserie a ferm\u00e9 ses portes en 1871 et les moulins ont \u00e9t\u00e9 d\u00e9molis. <\/p>\n\n\n<div class=\"wp-block-image is-resized\">\n<figure class=\"aligncenter\"><img data-recalc-dims=\"1\" decoding=\"async\" src=\"https:\/\/i0.wp.com\/www.moulins-avesnois.fr\/wp-content\/uploads\/2018\/10\/Frasnoy.png?w=840\" alt=\"\"\/><figcaption class=\"wp-element-caption\">Moulin des Warennes  <\/figcaption><\/figure>\n<\/div>\n\n\n<p class=\"wp-block-paragraph\"><\/p>\n\n\n\n<p class=\"wp-block-paragraph\">Le baron Del\u00e9pine, maire du Quesnoy, acheta vers 1830 ce moulin, <br>construit par Jean Hallez en 1773, \u00e0 une seule roue, situ\u00e9 au lieu dit Les Warennes. En 1870 il \u00e9tait toujours dans la famille avec Dieudonn\u00e9 Del\u00e9pine, propri\u00e9taire \u00e0 Frasnoy. En 1886 les notaires Charles Lustremant du Quesnoy (1841 1887) et Adolphe Desenfant de Gommegnies (1842 1914) le d\u00e9tenaient en indivis. En 1905 Elie Brasseur, marchand brasseur \u00e0 Gommegnies et son \u00e9pouse Marie Jos\u00e9phine Roze le poss\u00e9daient mais il \u00e9tait d\u00e9j\u00e0 un b\u00e2timent rural. Il est aujourd\u2019hui disparu.<\/p>\n\n\n\n<p class=\"has-text-align-center wp-block-paragraph\">***<\/p>\n\n\n<div class=\"wp-block-image\">\n<figure class=\"aligncenter\"><img data-recalc-dims=\"1\" decoding=\"async\" src=\"https:\/\/i0.wp.com\/villesetvillagesdelavesnois.org\/frasnoy\/frasnoy_ancienne_sucrerie.jpg?w=840\" alt=\"Ancienne sucrerie \u00c3\u00a0 Frasnoy\"\/><figcaption class=\"wp-element-caption\">Ancienne sucrerie 21 Grand&rsquo;Rue<\/figcaption><\/figure>\n<\/div>\n\n<div class=\"wp-block-image is-resized\">\n<figure class=\"aligncenter\"><img data-recalc-dims=\"1\" loading=\"lazy\" decoding=\"async\" width=\"585\" height=\"359\" data-attachment-id=\"1691\" data-permalink=\"https:\/\/patrimoine-avesnois.fr\/chemin\/frasnoy\/image-378\/\" data-orig-file=\"https:\/\/i0.wp.com\/patrimoine-avesnois.fr\/chemin\/wp-content\/uploads\/2019\/04\/image-356.png?fit=585%2C359&amp;ssl=1\" data-orig-size=\"585,359\" data-comments-opened=\"1\" data-image-meta=\"{&quot;aperture&quot;:&quot;0&quot;,&quot;credit&quot;:&quot;&quot;,&quot;camera&quot;:&quot;&quot;,&quot;caption&quot;:&quot;&quot;,&quot;created_timestamp&quot;:&quot;0&quot;,&quot;copyright&quot;:&quot;&quot;,&quot;focal_length&quot;:&quot;0&quot;,&quot;iso&quot;:&quot;0&quot;,&quot;shutter_speed&quot;:&quot;0&quot;,&quot;title&quot;:&quot;&quot;,&quot;orientation&quot;:&quot;0&quot;}\" data-image-title=\"image\" data-image-description=\"\" data-image-caption=\"\" data-large-file=\"https:\/\/i0.wp.com\/patrimoine-avesnois.fr\/chemin\/wp-content\/uploads\/2019\/04\/image-356.png?fit=585%2C359&amp;ssl=1\" src=\"https:\/\/i0.wp.com\/patrimoine-avesnois.fr\/chemin\/wp-content\/uploads\/2019\/04\/image-356.png?resize=585%2C359\" alt=\"\" class=\"wp-image-1691\" srcset=\"https:\/\/i0.wp.com\/patrimoine-avesnois.fr\/chemin\/wp-content\/uploads\/2019\/04\/image-356.png?w=585&amp;ssl=1 585w, https:\/\/i0.wp.com\/patrimoine-avesnois.fr\/chemin\/wp-content\/uploads\/2019\/04\/image-356.png?resize=300%2C184&amp;ssl=1 300w\" sizes=\"auto, (max-width: 585px) 85vw, 585px\" \/><figcaption class=\"wp-element-caption\"> La partie gauche du toit n\u2019a pas r\u00e9sist\u00e9 aux orages du mois de juin 2013. <\/figcaption><\/figure>\n<\/div>\n\n\n<p class=\"wp-block-paragraph\"><\/p>\n\n\n<div class=\"wp-block-image is-resized\">\n<figure class=\"aligncenter\"><img data-recalc-dims=\"1\" decoding=\"async\" src=\"https:\/\/i0.wp.com\/villesetvillagesdelavesnois.org\/frasnoy\/frasnoy_ancienne_sucrerie_vue_aerienne.jpg?w=840\" alt=\"Ancienne sucrerie de Frasnoy\"\/><figcaption class=\"wp-element-caption\"> Vue a\u00e9rienne de l&rsquo;ancienne sucrerie de Frasnoy. (Photo d<a href=\"https:\/\/www.facebook.com\/ElioCongiuPhotocerfvolant\/\" target=\"_blank\" rel=\"noreferrer noopener\" aria-label=\"'Elio Congiu (opens in a new tab)\">&lsquo;Elio Congiu<\/a>, cam\u00e9ra accroch\u00e9e sous un cerf-volant.) <\/figcaption><\/figure>\n<\/div>\n\n\n<p class=\"wp-block-paragraph\"><\/p>\n\n\n\n<p class=\"wp-block-paragraph\">L\u2019histoire raconte qu\u2019en 1850, l\u2019ancienne sucrerie \u00e9tait d\u00e9j\u00e0 l\u00e0, \u00e0 Frasnoy. <br>Elle appartenait au baron de l\u2019\u00c9pine ou \u00e0 la famille Desfontaines. Br\u00fbl\u00e9 en 1882, cet \u00e9tablissement fut reconstruit, par la suite, mais cessa toute activit\u00e9 en 1893. De nos jours,la chemin\u00e9e, qui culmine \u00e0 27 m\u00e8tres d\u2019altitude, secou\u00e9e par les vents dominants, commence \u00e0 s\u2019effriter. Dommage, car l\u2019ensemble est magnifique et t\u00e9moigne d&rsquo;une belle empreinte industrielle, dans un paysage de bocage. En 2013 un couple a rachet\u00e9 la maison et cette vieille sucrerie, pr\u00e8s de la rivi\u00e8re, au fond du jardin . Il a termin\u00e9 les travaux de la maison familiale et aimerait alors \u00ab&nbsp;<em>sauvegarder ce patrimoine, remettre un toit, conserver&nbsp;la chemin\u00e9e, en la rabaissant un peu<\/em>&nbsp;\u00bb.<\/p>\n\n\n\n<p class=\"has-text-align-center wp-block-paragraph\">***<\/p>\n\n\n\n<p class=\"wp-block-paragraph\"><strong>Les caches :<\/strong><\/p>\n\n\n<div class=\"wp-block-image is-resized\">\n<figure class=\"aligncenter\"><img data-recalc-dims=\"1\" loading=\"lazy\" decoding=\"async\" width=\"400\" height=\"300\" data-attachment-id=\"1708\" data-permalink=\"https:\/\/patrimoine-avesnois.fr\/chemin\/frasnoy\/cache_paradis\/\" data-orig-file=\"https:\/\/i0.wp.com\/patrimoine-avesnois.fr\/chemin\/wp-content\/uploads\/2019\/04\/cache_paradis.jpg?fit=400%2C300&amp;ssl=1\" data-orig-size=\"400,300\" data-comments-opened=\"1\" data-image-meta=\"{&quot;aperture&quot;:&quot;2.7&quot;,&quot;credit&quot;:&quot;&quot;,&quot;camera&quot;:&quot;KODAK EASYSHARE C813 ZOOM DIGITAL CAMERA&quot;,&quot;caption&quot;:&quot;&quot;,&quot;created_timestamp&quot;:&quot;1167723802&quot;,&quot;copyright&quot;:&quot;&quot;,&quot;focal_length&quot;:&quot;6&quot;,&quot;iso&quot;:&quot;160&quot;,&quot;shutter_speed&quot;:&quot;0.03139&quot;,&quot;title&quot;:&quot;&quot;,&quot;orientation&quot;:&quot;1&quot;}\" data-image-title=\"cache_paradis\" data-image-description=\"\" data-image-caption=\"\" data-large-file=\"https:\/\/i0.wp.com\/patrimoine-avesnois.fr\/chemin\/wp-content\/uploads\/2019\/04\/cache_paradis.jpg?fit=400%2C300&amp;ssl=1\" src=\"https:\/\/i0.wp.com\/patrimoine-avesnois.fr\/chemin\/wp-content\/uploads\/2019\/04\/cache_paradis.jpg?resize=400%2C300\" alt=\"\" class=\"wp-image-1708\" srcset=\"https:\/\/i0.wp.com\/patrimoine-avesnois.fr\/chemin\/wp-content\/uploads\/2019\/04\/cache_paradis.jpg?w=400&amp;ssl=1 400w, https:\/\/i0.wp.com\/patrimoine-avesnois.fr\/chemin\/wp-content\/uploads\/2019\/04\/cache_paradis.jpg?resize=300%2C225&amp;ssl=1 300w\" sizes=\"auto, (max-width: 400px) 85vw, 400px\" \/><figcaption class=\"wp-element-caption\">Cache Paradis Photo Mairie<\/figcaption><\/figure>\n<\/div>\n\n\n<p class=\"wp-block-paragraph\"><\/p>\n\n\n\n<p class=\"wp-block-paragraph\">En 1996, l&rsquo;association <a rel=\"noreferrer noopener\" aria-label=\"FRASNOY D'HIER ET D'AUJOURD'HUI (opens in a new tab)\" href=\"http:\/\/www.mairie-frasnoy.fr\/docs\/presentation_frasnoy_hier_aujourdhui.pdf\" target=\"_blank\">FRASNOY D&rsquo;HIER ET D&rsquo;AUJOURD&rsquo;HUI<\/a> a entrepris la remise en \u00e9tat des sentiers et chemins qui traversent le bocage pour aboutir \u00e0 la cr\u00e9ation de deux circuits de randonn\u00e9es reconnus par le Conseil G\u00e9n\u00e9ral. Elle organise depuis, des randonn\u00e9es p\u00e9destres empruntant ces circuits qu&rsquo;elle entretient et qui nous permettent de d\u00e9couvrir les ruelles et les caches, bord\u00e9es de haies compos\u00e9es de multiples vari\u00e9t\u00e9s arbustives&nbsp;: sureau noir, noisetier, fr\u00eane, \u00e9glantier, prunellier, cornouiller sanguin, charme, fusain\u2026.<\/p>\n\n\n<div class=\"wp-block-image is-resized\">\n<figure class=\"aligncenter\"><img data-recalc-dims=\"1\" loading=\"lazy\" decoding=\"async\" width=\"399\" height=\"262\" data-attachment-id=\"1703\" data-permalink=\"https:\/\/patrimoine-avesnois.fr\/chemin\/frasnoy\/bocage\/\" data-orig-file=\"https:\/\/i0.wp.com\/patrimoine-avesnois.fr\/chemin\/wp-content\/uploads\/2019\/04\/bocage.jpg?fit=399%2C262&amp;ssl=1\" data-orig-size=\"399,262\" data-comments-opened=\"1\" data-image-meta=\"{&quot;aperture&quot;:&quot;0&quot;,&quot;credit&quot;:&quot;&quot;,&quot;camera&quot;:&quot;&quot;,&quot;caption&quot;:&quot;&quot;,&quot;created_timestamp&quot;:&quot;1555764072&quot;,&quot;copyright&quot;:&quot;&quot;,&quot;focal_length&quot;:&quot;0&quot;,&quot;iso&quot;:&quot;0&quot;,&quot;shutter_speed&quot;:&quot;0&quot;,&quot;title&quot;:&quot;&quot;,&quot;orientation&quot;:&quot;1&quot;}\" data-image-title=\"bocage\" data-image-description=\"\" data-image-caption=\"\" data-large-file=\"https:\/\/i0.wp.com\/patrimoine-avesnois.fr\/chemin\/wp-content\/uploads\/2019\/04\/bocage.jpg?fit=399%2C262&amp;ssl=1\" src=\"https:\/\/i0.wp.com\/patrimoine-avesnois.fr\/chemin\/wp-content\/uploads\/2019\/04\/bocage.jpg?resize=399%2C262\" alt=\"\" class=\"wp-image-1703\" style=\"width:479px;height:auto\" srcset=\"https:\/\/i0.wp.com\/patrimoine-avesnois.fr\/chemin\/wp-content\/uploads\/2019\/04\/bocage.jpg?w=399&amp;ssl=1 399w, https:\/\/i0.wp.com\/patrimoine-avesnois.fr\/chemin\/wp-content\/uploads\/2019\/04\/bocage.jpg?resize=300%2C197&amp;ssl=1 300w\" sizes=\"auto, (max-width: 399px) 85vw, 399px\" \/><figcaption class=\"wp-element-caption\">Circuits dans le bocage<\/figcaption><\/figure>\n<\/div>\n\n\n<p class=\"wp-block-paragraph\"><\/p>\n\n\n\n<p class=\"wp-block-paragraph\">Voici les diff\u00e9rents<a rel=\"noreferrer noopener\" aria-label=\" circuits de randonn\u00e9es (opens in a new tab)\" href=\"http:\/\/www.mairie-frasnoy.fr\/docs\/Caches_circuits.pdf\" target=\"_blank\"> circuits de randonn\u00e9es<\/a> et la <a href=\"http:\/\/www.mairie-frasnoy.fr\/docs\/Caches_description.pdf\" target=\"_blank\" rel=\"noreferrer noopener\" aria-label=\"description des \u00e9tapes (opens in a new tab)\">description des \u00e9tapes<\/a>.<\/p>\n\n\n\n<p class=\"wp-block-paragraph\">A voir \u00e9galement, sur la route du Quesnoy, un ancien caf\u00e9 tabac dit \u00ab\u00a0<em>le Capitaine<\/em>\u00a0\u00bb dont la licence a \u00e9t\u00e9 offerte par Napol\u00e9on \u00e0 un officier de son arm\u00e9e bless\u00e9 au combat.<\/p>\n\n\n<div class=\"wp-block-image is-resized\">\n<figure class=\"aligncenter\"><img data-recalc-dims=\"1\" loading=\"lazy\" decoding=\"async\" width=\"591\" height=\"389\" data-attachment-id=\"1706\" data-permalink=\"https:\/\/patrimoine-avesnois.fr\/chemin\/frasnoy\/la_cascade_de_quelipont\/\" data-orig-file=\"https:\/\/i0.wp.com\/patrimoine-avesnois.fr\/chemin\/wp-content\/uploads\/2019\/04\/la_cascade_de_quelipont.jpg?fit=591%2C389&amp;ssl=1\" data-orig-size=\"591,389\" data-comments-opened=\"1\" data-image-meta=\"{&quot;aperture&quot;:&quot;0&quot;,&quot;credit&quot;:&quot;&quot;,&quot;camera&quot;:&quot;&quot;,&quot;caption&quot;:&quot;&quot;,&quot;created_timestamp&quot;:&quot;1555764428&quot;,&quot;copyright&quot;:&quot;&quot;,&quot;focal_length&quot;:&quot;0&quot;,&quot;iso&quot;:&quot;0&quot;,&quot;shutter_speed&quot;:&quot;0&quot;,&quot;title&quot;:&quot;&quot;,&quot;orientation&quot;:&quot;1&quot;}\" data-image-title=\"la_cascade_de_quelipont\" data-image-description=\"\" data-image-caption=\"\" data-large-file=\"https:\/\/i0.wp.com\/patrimoine-avesnois.fr\/chemin\/wp-content\/uploads\/2019\/04\/la_cascade_de_quelipont.jpg?fit=591%2C389&amp;ssl=1\" src=\"https:\/\/i0.wp.com\/patrimoine-avesnois.fr\/chemin\/wp-content\/uploads\/2019\/04\/la_cascade_de_quelipont.jpg?resize=591%2C389\" alt=\"\" class=\"wp-image-1706\" srcset=\"https:\/\/i0.wp.com\/patrimoine-avesnois.fr\/chemin\/wp-content\/uploads\/2019\/04\/la_cascade_de_quelipont.jpg?w=591&amp;ssl=1 591w, https:\/\/i0.wp.com\/patrimoine-avesnois.fr\/chemin\/wp-content\/uploads\/2019\/04\/la_cascade_de_quelipont.jpg?resize=300%2C197&amp;ssl=1 300w\" sizes=\"auto, (max-width: 591px) 85vw, 591px\" \/><figcaption class=\"wp-element-caption\"> <em>La cascade de Qu\u00e9lipont \u00e0 cheval sur les communes de Frasnoy et de Preux-au-Sart. Au XIII e si\u00e8cle un moulin banal y existait d\u00e9j\u00e0 : <\/em><a rel=\"noreferrer noopener\" href=\"http:\/\/www.moulins-avesnois.fr\/launelle-et-ses-moulins\/\" target=\"_blank\">Moulins en avesnois au fil d l&rsquo;eau<\/a> <br><br><\/figcaption><\/figure>\n<\/div>\n\n\n<p class=\"wp-block-paragraph\"><\/p>\n","protected":false},"excerpt":{"rendered":"<p>Frasnoy : \u00e9tymologiquement : le bois de fr\u00eanes . C&rsquo;\u00e9tait une propri\u00e9t\u00e9 de l&rsquo;abbaye d&rsquo;Hautmont confirm\u00e9e en 1083 puis une paroisse du d\u00e9canat de Valenciennes au XII e si\u00e8cle. Frasnoy a d\u00fb subir, par sa position pr\u00e8s de la ville fortifi\u00e9e du Quesnoy, les souffrances des guerres tout au long de son histoire. En 1340, &hellip; <a href=\"https:\/\/patrimoine-avesnois.fr\/chemin\/frasnoy\/\" class=\"more-link\">Continuer la lecture<span class=\"screen-reader-text\"> de &laquo;&nbsp;Frasnoy&nbsp;&raquo;<\/span><\/a><\/p>\n","protected":false},"author":2,"featured_media":0,"parent":0,"menu_order":0,"comment_status":"closed","ping_status":"closed","template":"","meta":{"footnotes":""},"class_list":["post-1676","page","type-page","status-publish","hentry"],"jetpack_sharing_enabled":true,"jetpack_shortlink":"https:\/\/wp.me\/PaOEkN-r2","jetpack-related-posts":[],"_links":{"self":[{"href":"https:\/\/patrimoine-avesnois.fr\/chemin\/wp-json\/wp\/v2\/pages\/1676","targetHints":{"allow":["GET"]}}],"collection":[{"href":"https:\/\/patrimoine-avesnois.fr\/chemin\/wp-json\/wp\/v2\/pages"}],"about":[{"href":"https:\/\/patrimoine-avesnois.fr\/chemin\/wp-json\/wp\/v2\/types\/page"}],"author":[{"embeddable":true,"href":"https:\/\/patrimoine-avesnois.fr\/chemin\/wp-json\/wp\/v2\/users\/2"}],"replies":[{"embeddable":true,"href":"https:\/\/patrimoine-avesnois.fr\/chemin\/wp-json\/wp\/v2\/comments?post=1676"}],"version-history":[{"count":7,"href":"https:\/\/patrimoine-avesnois.fr\/chemin\/wp-json\/wp\/v2\/pages\/1676\/revisions"}],"predecessor-version":[{"id":28836,"href":"https:\/\/patrimoine-avesnois.fr\/chemin\/wp-json\/wp\/v2\/pages\/1676\/revisions\/28836"}],"wp:attachment":[{"href":"https:\/\/patrimoine-avesnois.fr\/chemin\/wp-json\/wp\/v2\/media?parent=1676"}],"curies":[{"name":"wp","href":"https:\/\/api.w.org\/{rel}","templated":true}]}}