{"id":1864,"date":"2019-04-23T07:57:24","date_gmt":"2019-04-23T05:57:24","guid":{"rendered":"http:\/\/patrimoine-avesnois.fr\/chemin\/?page_id=1864"},"modified":"2022-01-16T18:47:50","modified_gmt":"2022-01-16T17:47:50","slug":"jolimetz","status":"publish","type":"page","link":"https:\/\/patrimoine-avesnois.fr\/chemin\/jolimetz\/","title":{"rendered":"Jolimetz"},"content":{"rendered":"\n<div class=\"wp-block-image\"><figure class=\"aligncenter is-resized\"><img data-recalc-dims=\"1\" loading=\"lazy\" decoding=\"async\" data-attachment-id=\"1865\" data-permalink=\"https:\/\/patrimoine-avesnois.fr\/chemin\/jolimetz\/085_001\/\" data-orig-file=\"https:\/\/i0.wp.com\/patrimoine-avesnois.fr\/chemin\/wp-content\/uploads\/2019\/04\/085_001.jpg?fit=858%2C585&amp;ssl=1\" data-orig-size=\"858,585\" data-comments-opened=\"1\" data-image-meta=\"{&quot;aperture&quot;:&quot;0&quot;,&quot;credit&quot;:&quot;&quot;,&quot;camera&quot;:&quot;&quot;,&quot;caption&quot;:&quot;&quot;,&quot;created_timestamp&quot;:&quot;1556003376&quot;,&quot;copyright&quot;:&quot;&quot;,&quot;focal_length&quot;:&quot;0&quot;,&quot;iso&quot;:&quot;0&quot;,&quot;shutter_speed&quot;:&quot;0&quot;,&quot;title&quot;:&quot;&quot;,&quot;orientation&quot;:&quot;0&quot;}\" data-image-title=\"085_001\" data-image-description=\"\" data-image-caption=\"\" data-large-file=\"https:\/\/i0.wp.com\/patrimoine-avesnois.fr\/chemin\/wp-content\/uploads\/2019\/04\/085_001.jpg?fit=840%2C573&amp;ssl=1\" src=\"https:\/\/i0.wp.com\/patrimoine-avesnois.fr\/chemin\/wp-content\/uploads\/2019\/04\/085_001.jpg?resize=644%2C439\" alt=\"\" class=\"wp-image-1865\" width=\"644\" height=\"439\" srcset=\"https:\/\/i0.wp.com\/patrimoine-avesnois.fr\/chemin\/wp-content\/uploads\/2019\/04\/085_001.jpg?w=858&amp;ssl=1 858w, https:\/\/i0.wp.com\/patrimoine-avesnois.fr\/chemin\/wp-content\/uploads\/2019\/04\/085_001.jpg?resize=300%2C205&amp;ssl=1 300w, https:\/\/i0.wp.com\/patrimoine-avesnois.fr\/chemin\/wp-content\/uploads\/2019\/04\/085_001.jpg?resize=768%2C524&amp;ssl=1 768w\" sizes=\"auto, (max-width: 644px) 85vw, 644px\" \/><figcaption>Vue a\u00e9rienne de Jolimetz<\/figcaption><\/figure><\/div>\n\n\n\n<div class=\"wp-block-image\"><figure class=\"aligncenter is-resized\"><img loading=\"lazy\" decoding=\"async\" data-attachment-id=\"1866\" data-permalink=\"https:\/\/patrimoine-avesnois.fr\/chemin\/jolimetz\/590_001\/\" data-orig-file=\"https:\/\/i0.wp.com\/patrimoine-avesnois.fr\/chemin\/wp-content\/uploads\/2019\/04\/590_001.jpg?fit=1483%2C991&amp;ssl=1\" data-orig-size=\"1483,991\" data-comments-opened=\"1\" data-image-meta=\"{&quot;aperture&quot;:&quot;0&quot;,&quot;credit&quot;:&quot;&quot;,&quot;camera&quot;:&quot;&quot;,&quot;caption&quot;:&quot;&quot;,&quot;created_timestamp&quot;:&quot;1556003294&quot;,&quot;copyright&quot;:&quot;&quot;,&quot;focal_length&quot;:&quot;0&quot;,&quot;iso&quot;:&quot;0&quot;,&quot;shutter_speed&quot;:&quot;0&quot;,&quot;title&quot;:&quot;&quot;,&quot;orientation&quot;:&quot;0&quot;}\" data-image-title=\"590_001\" data-image-description=\"\" data-image-caption=\"\" data-large-file=\"https:\/\/i0.wp.com\/patrimoine-avesnois.fr\/chemin\/wp-content\/uploads\/2019\/04\/590_001.jpg?fit=840%2C561&amp;ssl=1\" src=\"https:\/\/i2.wp.com\/patrimoine-avesnois.fr\/chemin\/wp-content\/uploads\/2019\/04\/590_001.jpg?fit=840%2C561\" alt=\"\" class=\"wp-image-1866\" width=\"644\" height=\"430\" srcset=\"https:\/\/i0.wp.com\/patrimoine-avesnois.fr\/chemin\/wp-content\/uploads\/2019\/04\/590_001.jpg?w=1483&amp;ssl=1 1483w, https:\/\/i0.wp.com\/patrimoine-avesnois.fr\/chemin\/wp-content\/uploads\/2019\/04\/590_001.jpg?resize=300%2C200&amp;ssl=1 300w, https:\/\/i0.wp.com\/patrimoine-avesnois.fr\/chemin\/wp-content\/uploads\/2019\/04\/590_001.jpg?resize=768%2C513&amp;ssl=1 768w, https:\/\/i0.wp.com\/patrimoine-avesnois.fr\/chemin\/wp-content\/uploads\/2019\/04\/590_001.jpg?resize=1024%2C684&amp;ssl=1 1024w, https:\/\/i0.wp.com\/patrimoine-avesnois.fr\/chemin\/wp-content\/uploads\/2019\/04\/590_001.jpg?resize=1200%2C802&amp;ssl=1 1200w\" sizes=\"auto, (max-width: 644px) 85vw, 644px\" \/><figcaption>Autre vue a\u00e9rienne<\/figcaption><\/figure><\/div>\n\n\n\n<p>Jolimetz doit son nom \u00e0 un ch\u00e2teau, ou metz (mansio), b\u00e2ti par un seigneur dans cette partie de for\u00eat pour s&rsquo;y reposer et s&rsquo;y livrer aux plaisirs de la chasse. Ces seigneurs furent depuis le XVIII e si\u00e8cle et jusqu&rsquo;\u00e0 ces derniers temps, les marquis de N\u00e9donchel. (Louis XV, en 1723, octroya \u00e0 Octave-Eug\u00e8ne de N\u00e9donchel le titre de marquis.) <\/p>\n\n\n\n<p>Les sp\u00e9cialit\u00e9s de Jolimetz \u00e9taient son charme et ses cerises : voir <a rel=\"noreferrer noopener\" aria-label=\"&quot;Les promenades dans l'arrondissement d'Avesnes &quot;  (opens in a new tab)\" href=\"http:\/\/www.commune-jolimetz.fr\/wp-content\/uploads\/2015\/02\/Ils-ont-ecrit.pdf\" target=\"_blank\">\u00ab\u00a0Les promenades dans l&rsquo;arrondissement d&rsquo;Avesnes \u00a0\u00bb <\/a> par Madame Cl\u00e9ment H\u00e9mery Publi\u00e9 avant 1829 chez Viroux \u00e0 Avesnes.  <\/p>\n\n\n\n<p>L&rsquo;\u00e9glise de Jolimetz est due aux lib\u00e9ralit\u00e9s de la famille N\u00e9donchel. <\/p>\n\n\n\n<div class=\"wp-block-image\"><figure class=\"aligncenter is-resized\"><img data-recalc-dims=\"1\" loading=\"lazy\" decoding=\"async\" data-attachment-id=\"1867\" data-permalink=\"https:\/\/patrimoine-avesnois.fr\/chemin\/jolimetz\/image-394\/\" data-orig-file=\"https:\/\/i0.wp.com\/patrimoine-avesnois.fr\/chemin\/wp-content\/uploads\/2019\/04\/image-372.png?fit=702%2C485&amp;ssl=1\" data-orig-size=\"702,485\" data-comments-opened=\"1\" data-image-meta=\"{&quot;aperture&quot;:&quot;0&quot;,&quot;credit&quot;:&quot;&quot;,&quot;camera&quot;:&quot;&quot;,&quot;caption&quot;:&quot;&quot;,&quot;created_timestamp&quot;:&quot;0&quot;,&quot;copyright&quot;:&quot;&quot;,&quot;focal_length&quot;:&quot;0&quot;,&quot;iso&quot;:&quot;0&quot;,&quot;shutter_speed&quot;:&quot;0&quot;,&quot;title&quot;:&quot;&quot;,&quot;orientation&quot;:&quot;0&quot;}\" data-image-title=\"image\" data-image-description=\"\" data-image-caption=\"\" data-large-file=\"https:\/\/i0.wp.com\/patrimoine-avesnois.fr\/chemin\/wp-content\/uploads\/2019\/04\/image-372.png?fit=702%2C485&amp;ssl=1\" src=\"https:\/\/i0.wp.com\/patrimoine-avesnois.fr\/chemin\/wp-content\/uploads\/2019\/04\/image-372.png?resize=527%2C364\" alt=\"\" class=\"wp-image-1867\" width=\"527\" height=\"364\" srcset=\"https:\/\/i0.wp.com\/patrimoine-avesnois.fr\/chemin\/wp-content\/uploads\/2019\/04\/image-372.png?w=702&amp;ssl=1 702w, https:\/\/i0.wp.com\/patrimoine-avesnois.fr\/chemin\/wp-content\/uploads\/2019\/04\/image-372.png?resize=300%2C207&amp;ssl=1 300w\" sizes=\"auto, (max-width: 527px) 85vw, 527px\" \/><figcaption>Vue a\u00e9rienne de l&rsquo;\u00e9glise<\/figcaption><\/figure><\/div>\n\n\n\n<div class=\"wp-block-image\"><figure class=\"aligncenter is-resized\"><img loading=\"lazy\" decoding=\"async\" src=\"https:\/\/i0.wp.com\/patrimoine-avesnois.fr\/chemin\/wp-content\/uploads\/2019\/04\/IMG_5382.jpg?fit=840%2C630\" alt=\"L\u00e2\u0080\u0099attribut alt de cette image est vide, son nom de fichier est IMG_5382.jpg.\" width=\"447\" height=\"595\"\/><figcaption>L&rsquo;\u00e9glise Saint Pierre et Saint Paul de Jolimetz<\/figcaption><\/figure><\/div>\n\n\n\n<p>L&rsquo;\u00e9glise de Jolimetz, suivant une inscription scell\u00e9e dans le clocher, a \u00e9t\u00e9 achev\u00e9e en 1380. On peut conclure que le village existait longtemps avant cette \u00e9poque. Cette \u00e9glise poss\u00e8de deux cloches fondues l&rsquo;une en 1541 et l&rsquo;autre en 1574. La premi\u00e8re porte pour inscription en lettres gothiques : \u00ab\u00a0Jehanne de Montmort, comtesse de Noielles, me donna nom\u00a0\u00bb. Il est probable que cette dame \u00e9tait alors femme ou parente du seigneur du lieu.    (Annuaire statistique du d\u00e9partement du Nord &#8211; 1837).<\/p>\n\n\n\n<div class=\"wp-block-image\"><figure class=\"aligncenter is-resized\"><img loading=\"lazy\" decoding=\"async\" src=\"https:\/\/i2.wp.com\/patrimoine-avesnois.fr\/chemin\/wp-content\/uploads\/2019\/04\/IMG_5366.jpg?fit=840%2C630\" alt=\"L\u00e2\u0080\u0099attribut alt de cette image est vide, son nom de fichier est IMG_5366.jpg.\" width=\"416\" height=\"554\"\/><figcaption>Croix symbolique \u00e0 l&rsquo;entr\u00e9e de l&rsquo;\u00e9glise \u00e0 P\u00e2ques  (21 avril 2019)<\/figcaption><\/figure><\/div>\n\n\n\n<div class=\"wp-block-image\"><figure class=\"aligncenter is-resized\"><img loading=\"lazy\" decoding=\"async\" src=\"https:\/\/i2.wp.com\/patrimoine-avesnois.fr\/chemin\/wp-content\/uploads\/2019\/04\/IMG_5367.jpg?fit=840%2C630\" alt=\"L\u00e2\u0080\u0099attribut alt de cette image est vide, son nom de fichier est IMG_5367.jpg.\" width=\"473\" height=\"630\"\/><figcaption>La Nef<\/figcaption><\/figure><\/div>\n\n\n\n<div class=\"wp-block-image\"><figure class=\"aligncenter is-resized\"><img loading=\"lazy\" decoding=\"async\" src=\"https:\/\/i0.wp.com\/patrimoine-avesnois.fr\/chemin\/wp-content\/uploads\/2019\/04\/IMG_5370.jpg?fit=840%2C630\" alt=\"L\u00e2\u0080\u0099attribut alt de cette image est vide, son nom de fichier est IMG_5370.jpg.\" width=\"473\" height=\"630\"\/><figcaption>Le Ch\u0153ur<\/figcaption><\/figure><\/div>\n\n\n\n<div class=\"wp-block-image\"><figure class=\"aligncenter is-resized\"><img loading=\"lazy\" decoding=\"async\" src=\"https:\/\/i0.wp.com\/patrimoine-avesnois.fr\/chemin\/wp-content\/uploads\/2019\/04\/IMG_5371.jpg?fit=840%2C630\" alt=\"L\u00e2\u0080\u0099attribut alt de cette image est vide, son nom de fichier est IMG_5371.jpg.\" width=\"473\" height=\"630\"\/><figcaption> <em>Stalle au sein du Ch\u0153ur<\/em> <\/figcaption><\/figure><\/div>\n\n\n\n<div class=\"wp-block-image\"><figure class=\"aligncenter is-resized\"><img loading=\"lazy\" decoding=\"async\" src=\"https:\/\/i0.wp.com\/patrimoine-avesnois.fr\/chemin\/wp-content\/uploads\/2019\/04\/IMG_5368.jpg?fit=840%2C630\" alt=\"L\u00e2\u0080\u0099attribut alt de cette image est vide, son nom de fichier est IMG_5368.jpg.\" width=\"473\" height=\"630\"\/><figcaption>Autel lat\u00e9ral<\/figcaption><\/figure><\/div>\n\n\n\n<div class=\"wp-block-image\"><figure class=\"aligncenter is-resized\"><img loading=\"lazy\" decoding=\"async\" src=\"https:\/\/i2.wp.com\/patrimoine-avesnois.fr\/chemin\/wp-content\/uploads\/2019\/04\/IMG_5369.jpg?fit=840%2C630\" alt=\"L\u00e2\u0080\u0099attribut alt de cette image est vide, son nom de fichier est IMG_5369.jpg.\" width=\"473\" height=\"630\"\/><figcaption>Chaire de v\u00e9rit\u00e9<\/figcaption><\/figure><\/div>\n\n\n\n<div class=\"wp-block-image\"><figure class=\"aligncenter is-resized\"><img loading=\"lazy\" decoding=\"async\" src=\"https:\/\/i0.wp.com\/patrimoine-avesnois.fr\/chemin\/wp-content\/uploads\/2019\/04\/IMG_5372.jpg?fit=840%2C630\" alt=\"L\u00e2\u0080\u0099attribut alt de cette image est vide, son nom de fichier est IMG_5372.jpg.\" width=\"473\" height=\"630\"\/><\/figure><\/div>\n\n\n\n<div class=\"wp-block-image\"><figure class=\"aligncenter is-resized\"><img loading=\"lazy\" decoding=\"async\" src=\"https:\/\/i0.wp.com\/patrimoine-avesnois.fr\/chemin\/wp-content\/uploads\/2019\/04\/IMG_5373.jpg?fit=840%2C630\" alt=\"L\u00e2\u0080\u0099attribut alt de cette image est vide, son nom de fichier est IMG_5373.jpg.\" width=\"473\" height=\"630\"\/><\/figure><\/div>\n\n\n\n<div class=\"wp-block-image\"><figure class=\"aligncenter is-resized\"><img loading=\"lazy\" decoding=\"async\" src=\"https:\/\/i0.wp.com\/patrimoine-avesnois.fr\/chemin\/wp-content\/uploads\/2019\/04\/IMG_5374.jpg?fit=840%2C630\" alt=\"L\u00e2\u0080\u0099attribut alt de cette image est vide, son nom de fichier est IMG_5374.jpg.\" width=\"473\" height=\"630\"\/><figcaption>Confessionnal<\/figcaption><\/figure><\/div>\n\n\n\n<div class=\"wp-block-image\"><figure class=\"aligncenter is-resized\"><img loading=\"lazy\" decoding=\"async\" src=\"https:\/\/i2.wp.com\/patrimoine-avesnois.fr\/chemin\/wp-content\/uploads\/2019\/04\/IMG_5375-1.jpg?fit=768%2C1024\" alt=\"L\u00e2\u0080\u0099attribut alt de cette image est vide, son nom de fichier est IMG_5375-1.jpg.\" width=\"425\" height=\"567\"\/><figcaption>Croix et vitraux<\/figcaption><\/figure><\/div>\n\n\n\n<div class=\"wp-block-image\"><figure class=\"aligncenter is-resized\"><img loading=\"lazy\" decoding=\"async\" data-attachment-id=\"1894\" data-permalink=\"https:\/\/patrimoine-avesnois.fr\/chemin\/jolimetz\/img_5376-2\/\" data-orig-file=\"https:\/\/i0.wp.com\/patrimoine-avesnois.fr\/chemin\/wp-content\/uploads\/2019\/04\/IMG_5376-1.jpg?fit=2973%2C3012&amp;ssl=1\" data-orig-size=\"2973,3012\" data-comments-opened=\"1\" data-image-meta=\"{&quot;aperture&quot;:&quot;2.2&quot;,&quot;credit&quot;:&quot;&quot;,&quot;camera&quot;:&quot;iPhone SE&quot;,&quot;caption&quot;:&quot;&quot;,&quot;created_timestamp&quot;:&quot;1555873618&quot;,&quot;copyright&quot;:&quot;&quot;,&quot;focal_length&quot;:&quot;4.15&quot;,&quot;iso&quot;:&quot;200&quot;,&quot;shutter_speed&quot;:&quot;0.058823529411765&quot;,&quot;title&quot;:&quot;&quot;,&quot;orientation&quot;:&quot;1&quot;}\" data-image-title=\"IMG_5376\" data-image-description=\"\" data-image-caption=\"\" data-large-file=\"https:\/\/i0.wp.com\/patrimoine-avesnois.fr\/chemin\/wp-content\/uploads\/2019\/04\/IMG_5376-1.jpg?fit=840%2C851&amp;ssl=1\" src=\"https:\/\/i1.wp.com\/patrimoine-avesnois.fr\/chemin\/wp-content\/uploads\/2019\/04\/IMG_5376-1.jpg?fit=840%2C851\" alt=\"\" class=\"wp-image-1894\" width=\"550\" height=\"558\" srcset=\"https:\/\/i0.wp.com\/patrimoine-avesnois.fr\/chemin\/wp-content\/uploads\/2019\/04\/IMG_5376-1.jpg?w=2973&amp;ssl=1 2973w, https:\/\/i0.wp.com\/patrimoine-avesnois.fr\/chemin\/wp-content\/uploads\/2019\/04\/IMG_5376-1.jpg?resize=296%2C300&amp;ssl=1 296w, https:\/\/i0.wp.com\/patrimoine-avesnois.fr\/chemin\/wp-content\/uploads\/2019\/04\/IMG_5376-1.jpg?resize=768%2C778&amp;ssl=1 768w, https:\/\/i0.wp.com\/patrimoine-avesnois.fr\/chemin\/wp-content\/uploads\/2019\/04\/IMG_5376-1.jpg?resize=1011%2C1024&amp;ssl=1 1011w, https:\/\/i0.wp.com\/patrimoine-avesnois.fr\/chemin\/wp-content\/uploads\/2019\/04\/IMG_5376-1.jpg?resize=1200%2C1216&amp;ssl=1 1200w, https:\/\/i0.wp.com\/patrimoine-avesnois.fr\/chemin\/wp-content\/uploads\/2019\/04\/IMG_5376-1.jpg?w=1680 1680w, https:\/\/i0.wp.com\/patrimoine-avesnois.fr\/chemin\/wp-content\/uploads\/2019\/04\/IMG_5376-1.jpg?w=2520 2520w\" sizes=\"auto, (max-width: 550px) 85vw, 550px\" \/><figcaption>tribune d&rsquo;orgue<\/figcaption><\/figure><\/div>\n\n\n\n<div class=\"wp-block-image\"><figure class=\"aligncenter is-resized\"><img loading=\"lazy\" decoding=\"async\" src=\"https:\/\/i2.wp.com\/patrimoine-avesnois.fr\/chemin\/wp-content\/uploads\/2019\/04\/IMG_5377.jpg?fit=840%2C630\" alt=\"L\u00e2\u0080\u0099attribut alt de cette image est vide, son nom de fichier est IMG_5377.jpg.\" width=\"473\" height=\"630\"\/><figcaption>Fonts baptismaux<\/figcaption><\/figure><\/div>\n\n\n\n<div class=\"wp-block-image\"><figure class=\"aligncenter is-resized\"><img loading=\"lazy\" decoding=\"async\" src=\"https:\/\/i2.wp.com\/patrimoine-avesnois.fr\/chemin\/wp-content\/uploads\/2019\/04\/IMG_5378.jpg?fit=840%2C630\" alt=\"L\u00e2\u0080\u0099attribut alt de cette image est vide, son nom de fichier est IMG_5378.jpg.\" width=\"473\" height=\"630\"\/><\/figure><\/div>\n\n\n\n<div class=\"wp-block-image\"><figure class=\"aligncenter is-resized\"><img loading=\"lazy\" decoding=\"async\" src=\"https:\/\/i0.wp.com\/patrimoine-avesnois.fr\/chemin\/wp-content\/uploads\/2019\/04\/IMG_5380.jpg?fit=840%2C630\" alt=\"L\u00e2\u0080\u0099attribut alt de cette image est vide, son nom de fichier est IMG_5380.jpg.\" width=\"473\" height=\"630\"\/><\/figure><\/div>\n\n\n\n<div class=\"wp-block-image\"><figure class=\"aligncenter is-resized\"><img loading=\"lazy\" decoding=\"async\" src=\"https:\/\/i0.wp.com\/patrimoine-avesnois.fr\/chemin\/wp-content\/uploads\/2019\/04\/IMG_5379.jpg?fit=840%2C630\" alt=\"L\u00e2\u0080\u0099attribut alt de cette image est vide, son nom de fichier est IMG_5379.jpg.\" width=\"473\" height=\"630\"\/><figcaption>Tableau repr\u00e9sentant une des quatorze stations du Chemin de croix<\/figcaption><\/figure><\/div>\n\n\n\n<div class=\"wp-block-image\"><figure class=\"aligncenter is-resized\"><img loading=\"lazy\" decoding=\"async\" src=\"https:\/\/i0.wp.com\/patrimoine-avesnois.fr\/chemin\/wp-content\/uploads\/2019\/04\/IMG_5381.jpg?fit=840%2C630\" alt=\"L\u00e2\u0080\u0099attribut alt de cette image est vide, son nom de fichier est IMG_5381.jpg.\" width=\"630\" height=\"473\"\/><figcaption>All\u00e9e centrale<\/figcaption><\/figure><\/div>\n\n\n\n<div class=\"wp-block-image\"><figure class=\"aligncenter is-resized\"><img loading=\"lazy\" decoding=\"async\" data-attachment-id=\"1892\" data-permalink=\"https:\/\/patrimoine-avesnois.fr\/chemin\/jolimetz\/img_5384\/\" data-orig-file=\"https:\/\/i0.wp.com\/patrimoine-avesnois.fr\/chemin\/wp-content\/uploads\/2019\/04\/IMG_5384.jpg?fit=4032%2C3024&amp;ssl=1\" data-orig-size=\"4032,3024\" data-comments-opened=\"1\" data-image-meta=\"{&quot;aperture&quot;:&quot;2.2&quot;,&quot;credit&quot;:&quot;&quot;,&quot;camera&quot;:&quot;iPhone SE&quot;,&quot;caption&quot;:&quot;&quot;,&quot;created_timestamp&quot;:&quot;1555873893&quot;,&quot;copyright&quot;:&quot;&quot;,&quot;focal_length&quot;:&quot;4.15&quot;,&quot;iso&quot;:&quot;25&quot;,&quot;shutter_speed&quot;:&quot;0.0050761421319797&quot;,&quot;title&quot;:&quot;&quot;,&quot;orientation&quot;:&quot;1&quot;}\" data-image-title=\"IMG_5384\" data-image-description=\"\" data-image-caption=\"\" data-large-file=\"https:\/\/i0.wp.com\/patrimoine-avesnois.fr\/chemin\/wp-content\/uploads\/2019\/04\/IMG_5384.jpg?fit=840%2C630&amp;ssl=1\" src=\"https:\/\/i1.wp.com\/patrimoine-avesnois.fr\/chemin\/wp-content\/uploads\/2019\/04\/IMG_5384.jpg?fit=840%2C630\" alt=\"\" class=\"wp-image-1892\" width=\"630\" height=\"473\" srcset=\"https:\/\/i0.wp.com\/patrimoine-avesnois.fr\/chemin\/wp-content\/uploads\/2019\/04\/IMG_5384.jpg?w=4032&amp;ssl=1 4032w, https:\/\/i0.wp.com\/patrimoine-avesnois.fr\/chemin\/wp-content\/uploads\/2019\/04\/IMG_5384.jpg?resize=300%2C225&amp;ssl=1 300w, https:\/\/i0.wp.com\/patrimoine-avesnois.fr\/chemin\/wp-content\/uploads\/2019\/04\/IMG_5384.jpg?resize=768%2C576&amp;ssl=1 768w, https:\/\/i0.wp.com\/patrimoine-avesnois.fr\/chemin\/wp-content\/uploads\/2019\/04\/IMG_5384.jpg?resize=1024%2C768&amp;ssl=1 1024w, https:\/\/i0.wp.com\/patrimoine-avesnois.fr\/chemin\/wp-content\/uploads\/2019\/04\/IMG_5384.jpg?resize=1200%2C900&amp;ssl=1 1200w, https:\/\/i0.wp.com\/patrimoine-avesnois.fr\/chemin\/wp-content\/uploads\/2019\/04\/IMG_5384.jpg?w=1680 1680w, https:\/\/i0.wp.com\/patrimoine-avesnois.fr\/chemin\/wp-content\/uploads\/2019\/04\/IMG_5384.jpg?w=2520 2520w\" sizes=\"auto, (max-width: 630px) 85vw, 630px\" \/><figcaption>La Mairie. Voir<a href=\"http:\/\/www.commune-jolimetz.fr\/\" target=\"_blank\" rel=\"noreferrer noopener\" aria-label=\" ici (opens in a new tab)\"> ici<\/a> son site<\/figcaption><\/figure><\/div>\n\n\n\n<div class=\"wp-block-image\"><figure class=\"aligncenter is-resized\"><img loading=\"lazy\" decoding=\"async\" data-attachment-id=\"1933\" data-permalink=\"https:\/\/patrimoine-avesnois.fr\/chemin\/jolimetz\/img_5383-2\/\" data-orig-file=\"https:\/\/i0.wp.com\/patrimoine-avesnois.fr\/chemin\/wp-content\/uploads\/2019\/04\/IMG_5383-1.jpg?fit=2999%2C3317&amp;ssl=1\" data-orig-size=\"2999,3317\" data-comments-opened=\"1\" data-image-meta=\"{&quot;aperture&quot;:&quot;2.2&quot;,&quot;credit&quot;:&quot;&quot;,&quot;camera&quot;:&quot;iPhone SE&quot;,&quot;caption&quot;:&quot;&quot;,&quot;created_timestamp&quot;:&quot;1555873826&quot;,&quot;copyright&quot;:&quot;&quot;,&quot;focal_length&quot;:&quot;4.15&quot;,&quot;iso&quot;:&quot;40&quot;,&quot;shutter_speed&quot;:&quot;0.01&quot;,&quot;title&quot;:&quot;&quot;,&quot;orientation&quot;:&quot;1&quot;}\" data-image-title=\"IMG_5383\" data-image-description=\"\" data-image-caption=\"\" data-large-file=\"https:\/\/i0.wp.com\/patrimoine-avesnois.fr\/chemin\/wp-content\/uploads\/2019\/04\/IMG_5383-1.jpg?fit=840%2C929&amp;ssl=1\" src=\"https:\/\/i0.wp.com\/patrimoine-avesnois.fr\/chemin\/wp-content\/uploads\/2019\/04\/IMG_5383-1.jpg?fit=840%2C929\" alt=\"\" class=\"wp-image-1933\" width=\"420\" height=\"465\" srcset=\"https:\/\/i0.wp.com\/patrimoine-avesnois.fr\/chemin\/wp-content\/uploads\/2019\/04\/IMG_5383-1.jpg?w=2999&amp;ssl=1 2999w, https:\/\/i0.wp.com\/patrimoine-avesnois.fr\/chemin\/wp-content\/uploads\/2019\/04\/IMG_5383-1.jpg?resize=271%2C300&amp;ssl=1 271w, https:\/\/i0.wp.com\/patrimoine-avesnois.fr\/chemin\/wp-content\/uploads\/2019\/04\/IMG_5383-1.jpg?resize=768%2C849&amp;ssl=1 768w, https:\/\/i0.wp.com\/patrimoine-avesnois.fr\/chemin\/wp-content\/uploads\/2019\/04\/IMG_5383-1.jpg?resize=926%2C1024&amp;ssl=1 926w, https:\/\/i0.wp.com\/patrimoine-avesnois.fr\/chemin\/wp-content\/uploads\/2019\/04\/IMG_5383-1.jpg?resize=1200%2C1327&amp;ssl=1 1200w, https:\/\/i0.wp.com\/patrimoine-avesnois.fr\/chemin\/wp-content\/uploads\/2019\/04\/IMG_5383-1.jpg?w=1680 1680w, https:\/\/i0.wp.com\/patrimoine-avesnois.fr\/chemin\/wp-content\/uploads\/2019\/04\/IMG_5383-1.jpg?w=2520 2520w\" sizes=\"auto, (max-width: 420px) 85vw, 420px\" \/><figcaption>Fontaine devant la Mairie<\/figcaption><\/figure><\/div>\n\n\n\n<div class=\"wp-block-image\"><figure class=\"aligncenter is-resized\"><img data-recalc-dims=\"1\" loading=\"lazy\" decoding=\"async\" data-attachment-id=\"1937\" data-permalink=\"https:\/\/patrimoine-avesnois.fr\/chemin\/jolimetz\/image-403\/\" data-orig-file=\"https:\/\/i0.wp.com\/patrimoine-avesnois.fr\/chemin\/wp-content\/uploads\/2019\/04\/image-380.png?fit=569%2C759&amp;ssl=1\" data-orig-size=\"569,759\" data-comments-opened=\"1\" data-image-meta=\"{&quot;aperture&quot;:&quot;0&quot;,&quot;credit&quot;:&quot;&quot;,&quot;camera&quot;:&quot;&quot;,&quot;caption&quot;:&quot;&quot;,&quot;created_timestamp&quot;:&quot;0&quot;,&quot;copyright&quot;:&quot;&quot;,&quot;focal_length&quot;:&quot;0&quot;,&quot;iso&quot;:&quot;0&quot;,&quot;shutter_speed&quot;:&quot;0&quot;,&quot;title&quot;:&quot;&quot;,&quot;orientation&quot;:&quot;0&quot;}\" data-image-title=\"image\" data-image-description=\"\" data-image-caption=\"\" data-large-file=\"https:\/\/i0.wp.com\/patrimoine-avesnois.fr\/chemin\/wp-content\/uploads\/2019\/04\/image-380.png?fit=569%2C759&amp;ssl=1\" src=\"https:\/\/i0.wp.com\/patrimoine-avesnois.fr\/chemin\/wp-content\/uploads\/2019\/04\/image-380.png?resize=427%2C569\" alt=\"\" class=\"wp-image-1937\" width=\"427\" height=\"569\" srcset=\"https:\/\/i0.wp.com\/patrimoine-avesnois.fr\/chemin\/wp-content\/uploads\/2019\/04\/image-380.png?w=569&amp;ssl=1 569w, https:\/\/i0.wp.com\/patrimoine-avesnois.fr\/chemin\/wp-content\/uploads\/2019\/04\/image-380.png?resize=225%2C300&amp;ssl=1 225w\" sizes=\"auto, (max-width: 427px) 85vw, 427px\" \/><figcaption>Monument \u00e9rig\u00e9 en 1923 <em>par Poirette Clotaire, entrepreneur \u00e0 Jolimetz. ADN-Jolimetz-2O-319-92<\/em><\/figcaption><\/figure><\/div>\n\n\n\n<div class=\"wp-block-image\"><figure class=\"aligncenter is-resized\"><img data-recalc-dims=\"1\" loading=\"lazy\" decoding=\"async\" data-attachment-id=\"1903\" data-permalink=\"https:\/\/patrimoine-avesnois.fr\/chemin\/jolimetz\/249755_55f959dd136d6\/\" data-orig-file=\"https:\/\/i0.wp.com\/patrimoine-avesnois.fr\/chemin\/wp-content\/uploads\/2019\/04\/249755_55f959dd136d6.jpg?fit=637%2C850&amp;ssl=1\" data-orig-size=\"637,850\" data-comments-opened=\"1\" data-image-meta=\"{&quot;aperture&quot;:&quot;0&quot;,&quot;credit&quot;:&quot;&quot;,&quot;camera&quot;:&quot;&quot;,&quot;caption&quot;:&quot;&quot;,&quot;created_timestamp&quot;:&quot;1556008998&quot;,&quot;copyright&quot;:&quot;&quot;,&quot;focal_length&quot;:&quot;0&quot;,&quot;iso&quot;:&quot;0&quot;,&quot;shutter_speed&quot;:&quot;0&quot;,&quot;title&quot;:&quot;&quot;,&quot;orientation&quot;:&quot;1&quot;}\" data-image-title=\"249755_55f959dd136d6\" data-image-description=\"\" data-image-caption=\"\" data-large-file=\"https:\/\/i0.wp.com\/patrimoine-avesnois.fr\/chemin\/wp-content\/uploads\/2019\/04\/249755_55f959dd136d6.jpg?fit=637%2C850&amp;ssl=1\" src=\"https:\/\/i0.wp.com\/patrimoine-avesnois.fr\/chemin\/wp-content\/uploads\/2019\/04\/249755_55f959dd136d6.jpg?resize=454%2C606\" alt=\"\" class=\"wp-image-1903\" width=\"454\" height=\"606\" srcset=\"https:\/\/i0.wp.com\/patrimoine-avesnois.fr\/chemin\/wp-content\/uploads\/2019\/04\/249755_55f959dd136d6.jpg?w=637&amp;ssl=1 637w, https:\/\/i0.wp.com\/patrimoine-avesnois.fr\/chemin\/wp-content\/uploads\/2019\/04\/249755_55f959dd136d6.jpg?resize=225%2C300&amp;ssl=1 225w\" sizes=\"auto, (max-width: 454px) 85vw, 454px\" \/><figcaption><a href=\"https:\/\/monumentsmorts.univ-lille.fr\/monument\/383\/jolimetz-presdeleglise\/?elm=349\" target=\"_blank\" rel=\"noreferrer noopener\" aria-label=\"Le Monument aux Morts de Jolimetz (opens in a new tab)\">Le Monument aux Morts de Jolimetz<\/a><\/figcaption><\/figure><\/div>\n\n\n\n<div class=\"wp-block-image\"><figure class=\"aligncenter is-resized\"><img loading=\"lazy\" decoding=\"async\" src=\"http:\/\/i2.wp.com\/www.calvaires-avesnois.fr\/wp-content\/uploads\/2016\/09\/Nouvelle-image-71.png?resize=384%2C512\" alt=\"Calvaire dans le cimeti\u00c3\u00a8re\" width=\"384\" height=\"512\"\/><figcaption>Photo 2016 : le calvaire dans le cimeti\u00e8re a depuis \u00e9t\u00e9 restaur\u00e9 par la mairie<\/figcaption><\/figure><\/div>\n\n\n\n<div class=\"wp-block-image\"><figure class=\"aligncenter\"><img data-recalc-dims=\"1\" decoding=\"async\" data-attachment-id=\"3927\" data-permalink=\"https:\/\/patrimoine-avesnois.fr\/chemin\/mecquignies\/image-579\/\" data-orig-file=\"https:\/\/i0.wp.com\/patrimoine-avesnois.fr\/chemin\/wp-content\/uploads\/2019\/05\/image-104.png?fit=865%2C623&amp;ssl=1\" data-orig-size=\"865,623\" data-comments-opened=\"1\" data-image-meta=\"{&quot;aperture&quot;:&quot;0&quot;,&quot;credit&quot;:&quot;&quot;,&quot;camera&quot;:&quot;&quot;,&quot;caption&quot;:&quot;&quot;,&quot;created_timestamp&quot;:&quot;0&quot;,&quot;copyright&quot;:&quot;&quot;,&quot;focal_length&quot;:&quot;0&quot;,&quot;iso&quot;:&quot;0&quot;,&quot;shutter_speed&quot;:&quot;0&quot;,&quot;title&quot;:&quot;&quot;,&quot;orientation&quot;:&quot;0&quot;}\" data-image-title=\"image\" data-image-description=\"\" data-image-caption=\"\" data-large-file=\"https:\/\/i0.wp.com\/patrimoine-avesnois.fr\/chemin\/wp-content\/uploads\/2019\/05\/image-104.png?fit=840%2C605&amp;ssl=1\" src=\"https:\/\/i0.wp.com\/oratoiresetchapelles-avesnois.fr\/wp-content\/uploads\/2017\/07\/IMG_1147.jpg?w=840\" alt=\"Oratoire Ste Vierge (1997) Rue du Pav\u00e9\" class=\"wp-image-3927\"\/><figcaption>Oratoire Ste Vierge (1997) Rue du Pav\u00e9. Propri\u00e9t\u00e9 Priv\u00e9e<\/figcaption><\/figure><\/div>\n\n\n\n<div class=\"wp-block-image\"><figure class=\"aligncenter is-resized\"><img data-recalc-dims=\"1\" loading=\"lazy\" decoding=\"async\" src=\"https:\/\/i0.wp.com\/oratoiresetchapelles-avesnois.fr\/wp-content\/uploads\/2017\/06\/IMG_1138-1921-768x1024.jpg?resize=384%2C512\" alt=\"Chapelle Notre Dame de la D\u00e9livrance (1921). Rue du Pav\u00e9 \/ chemin du Moulin\" class=\"wp-image-3895\" width=\"384\" height=\"512\"\/><figcaption>Chapelle N.D de la D\u00e9livrance (1921). Rue du Pav\u00e9 \/ chemin du Moulin<\/figcaption><\/figure><\/div>\n\n\n\n<div class=\"wp-block-image\"><figure class=\"aligncenter is-resized\"><img data-recalc-dims=\"1\" loading=\"lazy\" decoding=\"async\" src=\"https:\/\/i0.wp.com\/oratoiresetchapelles-avesnois.fr\/wp-content\/uploads\/2017\/06\/IMG_1144-2-768x1024.jpg?resize=384%2C512\" alt=\"Chapelle Notre Dame de la D\u00e9livrance \" class=\"wp-image-3896\" width=\"384\" height=\"512\"\/><figcaption>Chapelle N.D de la D\u00e9livrance<\/figcaption><\/figure><\/div>\n\n\n\n<div class=\"wp-block-image\"><figure class=\"aligncenter is-resized\"><img data-recalc-dims=\"1\" loading=\"lazy\" decoding=\"async\" data-attachment-id=\"3929\" data-permalink=\"https:\/\/patrimoine-avesnois.fr\/chemin\/mecquignies\/image-580\/\" data-orig-file=\"https:\/\/i0.wp.com\/patrimoine-avesnois.fr\/chemin\/wp-content\/uploads\/2019\/05\/image-105.png?fit=1098%2C808&amp;ssl=1\" data-orig-size=\"1098,808\" data-comments-opened=\"1\" data-image-meta=\"{&quot;aperture&quot;:&quot;0&quot;,&quot;credit&quot;:&quot;&quot;,&quot;camera&quot;:&quot;&quot;,&quot;caption&quot;:&quot;&quot;,&quot;created_timestamp&quot;:&quot;0&quot;,&quot;copyright&quot;:&quot;&quot;,&quot;focal_length&quot;:&quot;0&quot;,&quot;iso&quot;:&quot;0&quot;,&quot;shutter_speed&quot;:&quot;0&quot;,&quot;title&quot;:&quot;&quot;,&quot;orientation&quot;:&quot;0&quot;}\" data-image-title=\"image\" data-image-description=\"\" data-image-caption=\"\" data-large-file=\"https:\/\/i0.wp.com\/patrimoine-avesnois.fr\/chemin\/wp-content\/uploads\/2019\/05\/image-105.png?fit=840%2C619&amp;ssl=1\" src=\"https:\/\/i0.wp.com\/oratoiresetchapelles-avesnois.fr\/wp-content\/uploads\/2017\/07\/IMG_1140-2-768x1024.jpg?resize=384%2C512\" alt=\"Int\u00e9rieur de la chapelle\" class=\"wp-image-3929\" width=\"384\" height=\"512\"\/><figcaption>Int\u00e9rieur de la chapelle N.D de la D\u00e9livrance<\/figcaption><\/figure><\/div>\n\n\n\n<p>La chapelle N.D de la D\u00e9livrance a \u00e9t\u00e9 reconstruite apr\u00e8s sa destruction par un char britannique en 1918. Elle portait dans les ann\u00e9es 1930 le nom de chapelle du Pav\u00e9. Elle a \u00e9t\u00e9 restaur\u00e9e en 2005 gr\u00e2ce \u00e0 la participation de la Mairie et du Comit\u00e9 de Paroisse. Elle \u00e9tait appel\u00e9e avant la premi\u00e8re guerre mondiale chapelle Pisson du nom de son fondateur et \u00e9tait ant\u00e9rieure \u00e0 1830. En voici son apparence.<\/p>\n\n\n\n<div class=\"wp-block-image\"><figure class=\"aligncenter is-resized\"><img data-recalc-dims=\"1\" loading=\"lazy\" decoding=\"async\" data-attachment-id=\"3898\" data-permalink=\"https:\/\/patrimoine-avesnois.fr\/chemin\/mairieux\/image-575\/\" data-orig-file=\"https:\/\/i0.wp.com\/patrimoine-avesnois.fr\/chemin\/wp-content\/uploads\/2019\/05\/image-100.png?fit=951%2C565&amp;ssl=1\" data-orig-size=\"951,565\" data-comments-opened=\"1\" data-image-meta=\"{&quot;aperture&quot;:&quot;0&quot;,&quot;credit&quot;:&quot;&quot;,&quot;camera&quot;:&quot;&quot;,&quot;caption&quot;:&quot;&quot;,&quot;created_timestamp&quot;:&quot;0&quot;,&quot;copyright&quot;:&quot;&quot;,&quot;focal_length&quot;:&quot;0&quot;,&quot;iso&quot;:&quot;0&quot;,&quot;shutter_speed&quot;:&quot;0&quot;,&quot;title&quot;:&quot;&quot;,&quot;orientation&quot;:&quot;0&quot;}\" data-image-title=\"image\" data-image-description=\"\" data-image-caption=\"\" data-large-file=\"https:\/\/i0.wp.com\/patrimoine-avesnois.fr\/chemin\/wp-content\/uploads\/2019\/05\/image-100.png?fit=840%2C499&amp;ssl=1\" src=\"https:\/\/i0.wp.com\/oratoiresetchapelles-avesnois.fr\/wp-content\/uploads\/2017\/06\/813_001_59-jolimetz-chapelle-pisson-route-de-le-quesnoy-2.jpg?resize=582%2C376\" alt=\"Chapelle Pisson du nom de son fondateur\" class=\"wp-image-3898\" width=\"582\" height=\"376\"\/><figcaption>Chapelle Pisson<\/figcaption><\/figure><\/div>\n\n\n\n<p class=\"has-text-align-center\">***<\/p>\n\n\n\n<div class=\"wp-block-image\"><figure class=\"aligncenter is-resized\"><img loading=\"lazy\" decoding=\"async\" data-attachment-id=\"1907\" data-permalink=\"https:\/\/patrimoine-avesnois.fr\/chemin\/jolimetz\/image-398\/\" data-orig-file=\"https:\/\/i0.wp.com\/patrimoine-avesnois.fr\/chemin\/wp-content\/uploads\/2019\/04\/image-375.png?fit=1581%2C982&amp;ssl=1\" data-orig-size=\"1581,982\" data-comments-opened=\"1\" data-image-meta=\"{&quot;aperture&quot;:&quot;0&quot;,&quot;credit&quot;:&quot;&quot;,&quot;camera&quot;:&quot;&quot;,&quot;caption&quot;:&quot;&quot;,&quot;created_timestamp&quot;:&quot;0&quot;,&quot;copyright&quot;:&quot;&quot;,&quot;focal_length&quot;:&quot;0&quot;,&quot;iso&quot;:&quot;0&quot;,&quot;shutter_speed&quot;:&quot;0&quot;,&quot;title&quot;:&quot;&quot;,&quot;orientation&quot;:&quot;0&quot;}\" data-image-title=\"image\" data-image-description=\"\" data-image-caption=\"\" data-large-file=\"https:\/\/i0.wp.com\/patrimoine-avesnois.fr\/chemin\/wp-content\/uploads\/2019\/04\/image-375.png?fit=840%2C522&amp;ssl=1\" src=\"https:\/\/i0.wp.com\/patrimoine-avesnois.fr\/chemin\/wp-content\/uploads\/2019\/04\/image-375.png?fit=840%2C522\" alt=\"\" class=\"wp-image-1907\" width=\"586\" height=\"364\" srcset=\"https:\/\/i0.wp.com\/patrimoine-avesnois.fr\/chemin\/wp-content\/uploads\/2019\/04\/image-375.png?w=1581&amp;ssl=1 1581w, https:\/\/i0.wp.com\/patrimoine-avesnois.fr\/chemin\/wp-content\/uploads\/2019\/04\/image-375.png?resize=300%2C186&amp;ssl=1 300w, https:\/\/i0.wp.com\/patrimoine-avesnois.fr\/chemin\/wp-content\/uploads\/2019\/04\/image-375.png?resize=768%2C477&amp;ssl=1 768w, https:\/\/i0.wp.com\/patrimoine-avesnois.fr\/chemin\/wp-content\/uploads\/2019\/04\/image-375.png?resize=1024%2C636&amp;ssl=1 1024w, https:\/\/i0.wp.com\/patrimoine-avesnois.fr\/chemin\/wp-content\/uploads\/2019\/04\/image-375.png?resize=1200%2C745&amp;ssl=1 1200w\" sizes=\"auto, (max-width: 586px) 85vw, 586px\" \/><figcaption>Le ch\u00e2teau de Jolimetz appel\u00e9 autrefois \u00ab\u00a0la Maison d&rsquo;Artois\u00a0\u00bb<\/figcaption><\/figure><\/div>\n\n\n\n<div class=\"wp-block-image\"><figure class=\"aligncenter is-resized\"><img loading=\"lazy\" decoding=\"async\" data-attachment-id=\"1908\" data-permalink=\"https:\/\/patrimoine-avesnois.fr\/chemin\/jolimetz\/image-399\/\" data-orig-file=\"https:\/\/i0.wp.com\/patrimoine-avesnois.fr\/chemin\/wp-content\/uploads\/2019\/04\/image-376.png?fit=1558%2C1009&amp;ssl=1\" data-orig-size=\"1558,1009\" data-comments-opened=\"1\" data-image-meta=\"{&quot;aperture&quot;:&quot;0&quot;,&quot;credit&quot;:&quot;&quot;,&quot;camera&quot;:&quot;&quot;,&quot;caption&quot;:&quot;&quot;,&quot;created_timestamp&quot;:&quot;0&quot;,&quot;copyright&quot;:&quot;&quot;,&quot;focal_length&quot;:&quot;0&quot;,&quot;iso&quot;:&quot;0&quot;,&quot;shutter_speed&quot;:&quot;0&quot;,&quot;title&quot;:&quot;&quot;,&quot;orientation&quot;:&quot;0&quot;}\" data-image-title=\"image\" data-image-description=\"\" data-image-caption=\"\" data-large-file=\"https:\/\/i0.wp.com\/patrimoine-avesnois.fr\/chemin\/wp-content\/uploads\/2019\/04\/image-376.png?fit=840%2C544&amp;ssl=1\" src=\"https:\/\/i1.wp.com\/patrimoine-avesnois.fr\/chemin\/wp-content\/uploads\/2019\/04\/image-376.png?fit=840%2C544\" alt=\"\" class=\"wp-image-1908\" width=\"586\" height=\"380\" srcset=\"https:\/\/i0.wp.com\/patrimoine-avesnois.fr\/chemin\/wp-content\/uploads\/2019\/04\/image-376.png?w=1558&amp;ssl=1 1558w, https:\/\/i0.wp.com\/patrimoine-avesnois.fr\/chemin\/wp-content\/uploads\/2019\/04\/image-376.png?resize=300%2C194&amp;ssl=1 300w, https:\/\/i0.wp.com\/patrimoine-avesnois.fr\/chemin\/wp-content\/uploads\/2019\/04\/image-376.png?resize=768%2C497&amp;ssl=1 768w, https:\/\/i0.wp.com\/patrimoine-avesnois.fr\/chemin\/wp-content\/uploads\/2019\/04\/image-376.png?resize=1024%2C663&amp;ssl=1 1024w, https:\/\/i0.wp.com\/patrimoine-avesnois.fr\/chemin\/wp-content\/uploads\/2019\/04\/image-376.png?resize=1200%2C777&amp;ssl=1 1200w\" sizes=\"auto, (max-width: 586px) 85vw, 586px\" \/><figcaption>Ch\u00e2teau de Jolimtez, \u00e0 gauche sur la photo, et parties communes en face.<\/figcaption><\/figure><\/div>\n\n\n\n<p>Le ch\u00e2teau de Jolimetz a \u00e9t\u00e9 d\u00e9truit apr\u00e8s la premi\u00e8re guerre mondiale par un incendie. Lire<a rel=\"noreferrer noopener\" aria-label=\" ici (opens in a new tab)\" href=\"http:\/\/choulotjolimetz.blogspot.com\/\" target=\"_blank\"> ici<\/a> son histoire. Voir sur <a rel=\"noreferrer noopener\" aria-label=\"YouTube  (opens in a new tab)\" href=\"https:\/\/www.youtube.com\/watch?v=mqerC5vnHl4\" target=\"_blank\">YouTube <\/a><\/p>\n\n\n\n<div class=\"wp-block-image\"><figure class=\"aligncenter is-resized\"><img data-recalc-dims=\"1\" loading=\"lazy\" decoding=\"async\" data-attachment-id=\"1924\" data-permalink=\"https:\/\/patrimoine-avesnois.fr\/chemin\/jolimetz\/capture-32\/\" data-orig-file=\"https:\/\/i0.wp.com\/patrimoine-avesnois.fr\/chemin\/wp-content\/uploads\/2019\/04\/Capture.jpg?fit=999%2C593&amp;ssl=1\" data-orig-size=\"999,593\" data-comments-opened=\"1\" data-image-meta=\"{&quot;aperture&quot;:&quot;0&quot;,&quot;credit&quot;:&quot;CARRE&quot;,&quot;camera&quot;:&quot;&quot;,&quot;caption&quot;:&quot;&quot;,&quot;created_timestamp&quot;:&quot;1556014249&quot;,&quot;copyright&quot;:&quot;&quot;,&quot;focal_length&quot;:&quot;0&quot;,&quot;iso&quot;:&quot;0&quot;,&quot;shutter_speed&quot;:&quot;0&quot;,&quot;title&quot;:&quot;&quot;,&quot;orientation&quot;:&quot;0&quot;}\" data-image-title=\"Capture\" data-image-description=\"\" data-image-caption=\"\" data-large-file=\"https:\/\/i0.wp.com\/patrimoine-avesnois.fr\/chemin\/wp-content\/uploads\/2019\/04\/Capture.jpg?fit=840%2C499&amp;ssl=1\" src=\"https:\/\/i0.wp.com\/patrimoine-avesnois.fr\/chemin\/wp-content\/uploads\/2019\/04\/Capture.jpg?resize=500%2C297\" alt=\"\" class=\"wp-image-1924\" width=\"500\" height=\"297\" srcset=\"https:\/\/i0.wp.com\/patrimoine-avesnois.fr\/chemin\/wp-content\/uploads\/2019\/04\/Capture.jpg?w=999&amp;ssl=1 999w, https:\/\/i0.wp.com\/patrimoine-avesnois.fr\/chemin\/wp-content\/uploads\/2019\/04\/Capture.jpg?resize=300%2C178&amp;ssl=1 300w, https:\/\/i0.wp.com\/patrimoine-avesnois.fr\/chemin\/wp-content\/uploads\/2019\/04\/Capture.jpg?resize=768%2C456&amp;ssl=1 768w\" sizes=\"auto, (max-width: 500px) 85vw, 500px\" \/><figcaption>Du ch\u00e2teau ne subsistent que les douves et les parties communes.<\/figcaption><\/figure><\/div>\n\n\n\n<div class=\"wp-block-image\"><figure class=\"aligncenter is-resized\"><img data-recalc-dims=\"1\" loading=\"lazy\" decoding=\"async\" data-attachment-id=\"1927\" data-permalink=\"https:\/\/patrimoine-avesnois.fr\/chemin\/jolimetz\/image-401\/\" data-orig-file=\"https:\/\/i0.wp.com\/patrimoine-avesnois.fr\/chemin\/wp-content\/uploads\/2019\/04\/image-378.png?fit=971%2C593&amp;ssl=1\" data-orig-size=\"971,593\" data-comments-opened=\"1\" data-image-meta=\"{&quot;aperture&quot;:&quot;0&quot;,&quot;credit&quot;:&quot;&quot;,&quot;camera&quot;:&quot;&quot;,&quot;caption&quot;:&quot;&quot;,&quot;created_timestamp&quot;:&quot;0&quot;,&quot;copyright&quot;:&quot;&quot;,&quot;focal_length&quot;:&quot;0&quot;,&quot;iso&quot;:&quot;0&quot;,&quot;shutter_speed&quot;:&quot;0&quot;,&quot;title&quot;:&quot;&quot;,&quot;orientation&quot;:&quot;0&quot;}\" data-image-title=\"image\" data-image-description=\"\" data-image-caption=\"\" data-large-file=\"https:\/\/i0.wp.com\/patrimoine-avesnois.fr\/chemin\/wp-content\/uploads\/2019\/04\/image-378.png?fit=840%2C513&amp;ssl=1\" src=\"https:\/\/i0.wp.com\/patrimoine-avesnois.fr\/chemin\/wp-content\/uploads\/2019\/04\/image-378.png?resize=506%2C309\" alt=\"\" class=\"wp-image-1927\" width=\"506\" height=\"309\" srcset=\"https:\/\/i0.wp.com\/patrimoine-avesnois.fr\/chemin\/wp-content\/uploads\/2019\/04\/image-378.png?w=971&amp;ssl=1 971w, https:\/\/i0.wp.com\/patrimoine-avesnois.fr\/chemin\/wp-content\/uploads\/2019\/04\/image-378.png?resize=300%2C183&amp;ssl=1 300w, https:\/\/i0.wp.com\/patrimoine-avesnois.fr\/chemin\/wp-content\/uploads\/2019\/04\/image-378.png?resize=768%2C469&amp;ssl=1 768w\" sizes=\"auto, (max-width: 506px) 85vw, 506px\" \/><figcaption>Les douves au premier plan<\/figcaption><\/figure><\/div>\n\n\n\n<p class=\"has-text-align-center\">***<\/p>\n\n\n\n<p>La Maison du sabotier :<\/p>\n\n\n\n<div class=\"wp-block-image\"><figure class=\"aligncenter size-large is-resized\"><img data-recalc-dims=\"1\" loading=\"lazy\" decoding=\"async\" data-attachment-id=\"17383\" data-permalink=\"https:\/\/patrimoine-avesnois.fr\/chemin\/jolimetz\/maison-du-sabotier-1\/\" data-orig-file=\"https:\/\/i0.wp.com\/patrimoine-avesnois.fr\/chemin\/wp-content\/uploads\/2022\/01\/Maison-du-Sabotier-1.jpg?fit=916%2C687&amp;ssl=1\" data-orig-size=\"916,687\" data-comments-opened=\"1\" data-image-meta=\"{&quot;aperture&quot;:&quot;0&quot;,&quot;credit&quot;:&quot;CARRE&quot;,&quot;camera&quot;:&quot;&quot;,&quot;caption&quot;:&quot;&quot;,&quot;created_timestamp&quot;:&quot;1641491424&quot;,&quot;copyright&quot;:&quot;&quot;,&quot;focal_length&quot;:&quot;0&quot;,&quot;iso&quot;:&quot;0&quot;,&quot;shutter_speed&quot;:&quot;0&quot;,&quot;title&quot;:&quot;&quot;,&quot;orientation&quot;:&quot;1&quot;}\" data-image-title=\"Maison-du-Sabotier-1\" data-image-description=\"\" data-image-caption=\"\" data-large-file=\"https:\/\/i0.wp.com\/patrimoine-avesnois.fr\/chemin\/wp-content\/uploads\/2022\/01\/Maison-du-Sabotier-1.jpg?fit=840%2C630&amp;ssl=1\" src=\"https:\/\/i0.wp.com\/patrimoine-avesnois.fr\/chemin\/wp-content\/uploads\/2022\/01\/Maison-du-Sabotier-1.jpg?resize=609%2C457\" alt=\"\" class=\"wp-image-17383\" width=\"609\" height=\"457\" srcset=\"https:\/\/i0.wp.com\/patrimoine-avesnois.fr\/chemin\/wp-content\/uploads\/2022\/01\/Maison-du-Sabotier-1.jpg?w=916&amp;ssl=1 916w, https:\/\/i0.wp.com\/patrimoine-avesnois.fr\/chemin\/wp-content\/uploads\/2022\/01\/Maison-du-Sabotier-1.jpg?resize=300%2C225&amp;ssl=1 300w, https:\/\/i0.wp.com\/patrimoine-avesnois.fr\/chemin\/wp-content\/uploads\/2022\/01\/Maison-du-Sabotier-1.jpg?resize=768%2C576&amp;ssl=1 768w\" sizes=\"auto, (max-width: 609px) 85vw, 609px\" \/><figcaption>La Maison du sabotier <a href=\"https:\/\/www.google.fr\/maps\/@50.2274084,3.6802056,3a,75y,348.64h,91.4t\/data=!3m6!1e1!3m4!1sVt6Dg8ab8tMKOMePKktuvQ!2e0!7i16384!8i8192\" target=\"_blank\" rel=\"noreferrer noopener\">rue Coulon X rue de la chasse Michel<\/a><\/figcaption><\/figure><\/div>\n\n\n\n<p>Un excellent projet se dessine \u00e0 Jolimetz en 2022 : redonner vie \u00e0 une ancienne chaumi\u00e8re d\u2019un ma\u00eetre sabotier (connue sous le nom de maison P\u00e9pin \u2013 nom du dernier occupant). En effet cette modique demeure, tomb\u00e9e dans un \u00e9tat de d\u00e9labrement avanc\u00e9 est symbolique du lieu et de l\u2019histoire locale. Partagez ce projet sur le site de la <a rel=\"noreferrer noopener\" href=\"https:\/\/www.fondation-patrimoine.org\/les-projets\/maison-du-sabotier-de-jolimetz\" target=\"_blank\">Fondation du Patrimoine<\/a>. Cette long\u00e8re typique du village retrouvera ainsi son apparence originelle avec notamment son toit de paille d&rsquo;antan. La mairie a l&rsquo;intention de faire du lieu une biblioth\u00e8que et un lieu de vie associative avec un espace d\u00e9di\u00e9 aux m\u00e9tiers du bois.<\/p>\n\n\n\n<p class=\"has-text-align-center\">***<\/p>\n\n\n\n<div class=\"wp-block-image\"><figure class=\"aligncenter size-large is-resized\"><img data-recalc-dims=\"1\" loading=\"lazy\" decoding=\"async\" data-attachment-id=\"17090\" data-permalink=\"https:\/\/patrimoine-avesnois.fr\/chemin\/jolimetz\/image-20-12\/\" data-orig-file=\"https:\/\/i0.wp.com\/patrimoine-avesnois.fr\/chemin\/wp-content\/uploads\/2022\/01\/image-20.png?fit=610%2C794&amp;ssl=1\" data-orig-size=\"610,794\" data-comments-opened=\"1\" data-image-meta=\"{&quot;aperture&quot;:&quot;0&quot;,&quot;credit&quot;:&quot;&quot;,&quot;camera&quot;:&quot;&quot;,&quot;caption&quot;:&quot;&quot;,&quot;created_timestamp&quot;:&quot;0&quot;,&quot;copyright&quot;:&quot;&quot;,&quot;focal_length&quot;:&quot;0&quot;,&quot;iso&quot;:&quot;0&quot;,&quot;shutter_speed&quot;:&quot;0&quot;,&quot;title&quot;:&quot;&quot;,&quot;orientation&quot;:&quot;0&quot;}\" data-image-title=\"image-20\" data-image-description=\"\" data-image-caption=\"\" data-large-file=\"https:\/\/i0.wp.com\/patrimoine-avesnois.fr\/chemin\/wp-content\/uploads\/2022\/01\/image-20.png?fit=610%2C794&amp;ssl=1\" src=\"https:\/\/i0.wp.com\/patrimoine-avesnois.fr\/chemin\/wp-content\/uploads\/2022\/01\/image-20.png?resize=429%2C558\" alt=\"\" class=\"wp-image-17090\" width=\"429\" height=\"558\" srcset=\"https:\/\/i0.wp.com\/patrimoine-avesnois.fr\/chemin\/wp-content\/uploads\/2022\/01\/image-20.png?w=610&amp;ssl=1 610w, https:\/\/i0.wp.com\/patrimoine-avesnois.fr\/chemin\/wp-content\/uploads\/2022\/01\/image-20.png?resize=230%2C300&amp;ssl=1 230w\" sizes=\"auto, (max-width: 429px) 85vw, 429px\" \/><\/figure><\/div>\n\n\n\n<div class=\"wp-block-image\"><figure class=\"aligncenter is-resized\"><img data-recalc-dims=\"1\" loading=\"lazy\" decoding=\"async\" data-attachment-id=\"1914\" data-permalink=\"https:\/\/patrimoine-avesnois.fr\/chemin\/jolimetz\/image-400\/\" data-orig-file=\"https:\/\/i0.wp.com\/patrimoine-avesnois.fr\/chemin\/wp-content\/uploads\/2019\/04\/image-377.png?fit=775%2C856&amp;ssl=1\" data-orig-size=\"775,856\" data-comments-opened=\"1\" data-image-meta=\"{&quot;aperture&quot;:&quot;0&quot;,&quot;credit&quot;:&quot;&quot;,&quot;camera&quot;:&quot;&quot;,&quot;caption&quot;:&quot;&quot;,&quot;created_timestamp&quot;:&quot;0&quot;,&quot;copyright&quot;:&quot;&quot;,&quot;focal_length&quot;:&quot;0&quot;,&quot;iso&quot;:&quot;0&quot;,&quot;shutter_speed&quot;:&quot;0&quot;,&quot;title&quot;:&quot;&quot;,&quot;orientation&quot;:&quot;0&quot;}\" data-image-title=\"image\" data-image-description=\"\" data-image-caption=\"\" data-large-file=\"https:\/\/i0.wp.com\/patrimoine-avesnois.fr\/chemin\/wp-content\/uploads\/2019\/04\/image-377.png?fit=775%2C856&amp;ssl=1\" src=\"https:\/\/i0.wp.com\/patrimoine-avesnois.fr\/chemin\/wp-content\/uploads\/2019\/04\/image-377.png?resize=540%2C597\" alt=\"\" class=\"wp-image-1914\" width=\"540\" height=\"597\" srcset=\"https:\/\/i0.wp.com\/patrimoine-avesnois.fr\/chemin\/wp-content\/uploads\/2019\/04\/image-377.png?w=775&amp;ssl=1 775w, https:\/\/i0.wp.com\/patrimoine-avesnois.fr\/chemin\/wp-content\/uploads\/2019\/04\/image-377.png?resize=272%2C300&amp;ssl=1 272w, https:\/\/i0.wp.com\/patrimoine-avesnois.fr\/chemin\/wp-content\/uploads\/2019\/04\/image-377.png?resize=768%2C848&amp;ssl=1 768w\" sizes=\"auto, (max-width: 540px) 85vw, 540px\" \/><figcaption> D\u00e9couvrez Jolimetz \u00e0 travers les \u201cc\u00e2ches\u201d. <\/figcaption><\/figure><\/div>\n","protected":false},"excerpt":{"rendered":"<p>Jolimetz doit son nom \u00e0 un ch\u00e2teau, ou metz (mansio), b\u00e2ti par un seigneur dans cette partie de for\u00eat pour s&rsquo;y reposer et s&rsquo;y livrer aux plaisirs de la chasse. Ces seigneurs furent depuis le XVIII e si\u00e8cle et jusqu&rsquo;\u00e0 ces derniers temps, les marquis de N\u00e9donchel. (Louis XV, en 1723, octroya \u00e0 Octave-Eug\u00e8ne de &hellip; <a href=\"https:\/\/patrimoine-avesnois.fr\/chemin\/jolimetz\/\" class=\"more-link\">Continuer la lecture<span class=\"screen-reader-text\"> de &laquo;&nbsp;Jolimetz&nbsp;&raquo;<\/span><\/a><\/p>\n","protected":false},"author":2,"featured_media":0,"parent":0,"menu_order":0,"comment_status":"closed","ping_status":"closed","template":"","meta":{"jetpack_post_was_ever_published":false,"footnotes":""},"class_list":["post-1864","page","type-page","status-publish","hentry"],"jetpack_sharing_enabled":true,"jetpack_shortlink":"https:\/\/wp.me\/PaOEkN-u4","jetpack-related-posts":[],"_links":{"self":[{"href":"https:\/\/patrimoine-avesnois.fr\/chemin\/wp-json\/wp\/v2\/pages\/1864","targetHints":{"allow":["GET"]}}],"collection":[{"href":"https:\/\/patrimoine-avesnois.fr\/chemin\/wp-json\/wp\/v2\/pages"}],"about":[{"href":"https:\/\/patrimoine-avesnois.fr\/chemin\/wp-json\/wp\/v2\/types\/page"}],"author":[{"embeddable":true,"href":"https:\/\/patrimoine-avesnois.fr\/chemin\/wp-json\/wp\/v2\/users\/2"}],"replies":[{"embeddable":true,"href":"https:\/\/patrimoine-avesnois.fr\/chemin\/wp-json\/wp\/v2\/comments?post=1864"}],"version-history":[{"count":0,"href":"https:\/\/patrimoine-avesnois.fr\/chemin\/wp-json\/wp\/v2\/pages\/1864\/revisions"}],"wp:attachment":[{"href":"https:\/\/patrimoine-avesnois.fr\/chemin\/wp-json\/wp\/v2\/media?parent=1864"}],"curies":[{"name":"wp","href":"https:\/\/api.w.org\/{rel}","templated":true}]}}