{"id":19959,"date":"2024-11-17T18:33:57","date_gmt":"2024-11-17T17:33:57","guid":{"rendered":"https:\/\/patrimoine-avesnois.fr\/chemin\/?page_id=19959"},"modified":"2026-08-04T21:54:16","modified_gmt":"2026-08-04T19:54:16","slug":"le-chateau-de-berlaimont","status":"publish","type":"page","link":"https:\/\/patrimoine-avesnois.fr\/chemin\/le-chateau-de-berlaimont\/","title":{"rendered":"Le Ch\u00e2teau de Berlaimont : de son origine \u00e0 sa d\u00e9molition"},"content":{"rendered":"\n<p class=\"wp-block-paragraph\">Avant d\u2019aborder l\u2019histoire m\u00e9di\u00e9vale du ch\u00e2teau de Berlaimont, il faut rappeler que le site lui\u2011m\u00eame poss\u00e8de une profondeur historique exceptionnelle. La rive droite de la Sambre, entre Aulnoye et Berlaimont, forme depuis l\u2019Antiquit\u00e9 un point de passage strat\u00e9gique : elle se situe \u00e0 proximit\u00e9 imm\u00e9diate de Bavay, capitale des Nerviens, et sur l\u2019axe naturel reliant la for\u00eat de Mormal aux vall\u00e9es de la Sambre et de la Meuse. Les Romains y avaient \u00e9tabli des voies, des relais, des postes de surveillance, et plusieurs d\u00e9couvertes arch\u00e9ologiques \u2014 souterrains ma\u00e7onn\u00e9s, tombes gallo\u2011romaines, vestiges de villa, monnaies, ma\u00e7onneries ciment\u00e9es \u2014 montrent que le secteur fut occup\u00e9, organis\u00e9 et probablement fortifi\u00e9 bien avant le Moyen \u00c2ge. Ce contexte antique explique pourquoi, au moment o\u00f9 les seigneuries se structurent au Xe et au XI\u1d49 si\u00e8cle, Berlaimont appara\u00eet d\u00e9j\u00e0 comme un lieu d\u00e9fensif naturel, pr\u00eat \u00e0 accueillir une forteresse. C\u2019est dans cette continuit\u00e9 que s\u2019inscrit l\u2019origine du ch\u00e2teau.<\/p>\n\n\n\n<h2 class=\"wp-block-heading has-text-align-center\"><strong><mark style=\"background-color:rgba(0, 0, 0, 0)\" class=\"has-inline-color has-bright-red-color\">Son origine<\/mark><\/strong><\/h2>\n\n\n\n<p class=\"wp-block-paragraph\">Ce ch\u00e2teau situ\u00e9 sur la rive droite de la Sambre pourrait avoir \u00e9t\u00e9 construit sur les ruines d&rsquo;une forteresse d&rsquo;origine romaine, d\u00e9truite par les Barbares vers l&rsquo;an 406. Cette hypoth\u00e8se repose d\u2019une part sur l&rsquo;existence de souterrains et de fondations en ma\u00e7onnerie ciment\u00e9e suppos\u00e9e de construction romaine et d\u2019autre part sur la d\u00e9couverte de tombes gallo-romaines.<\/p>\n\n\n\n<p class=\"wp-block-paragraph\">En effet &nbsp;dans son ouvrage intitul\u00e9 \u00ab Promenades dans l\u2019arrondissement d\u2019Avesnes \u00bb, publi\u00e9 en 1829, Mme Cl\u00e9ment-H\u00e9mery \u00e9crit suite \u00e0 l&rsquo;existence de ces souterrains&nbsp;: <em>\u00ab il paraitrait que les romains auraient lev\u00e9 un fort sur la rive droite de la Sambre, pr\u00e8s du pont qui conduisait au bourg. Ce qui peut donner quelqu\u2019authenticit\u00e9 \u00e0 cette tradition, c\u2019est que les souterrains que j\u2019ai parcourus, et qui existent encore presqu\u2019ensevelis sous l\u2019herbe sont \u00e9videmment de construction romaine, quoique des murs \u00e9lev\u00e9s sur ces fondations, soient d\u2019une \u00e9poque moins recul\u00e9e. Ce fort a d\u00fb \u00eatre d\u00e9truit \u00e0 la m\u00eame \u00e9poque que Bavay, lors de l\u2019irruption des Huns, que jusqu\u2019\u00e0 pr\u00e9sent, on disait avoir eu lieu en 385 et que M. Lebeau fixe en 406. Voulant du positif, je consultai M. Mary, maire de Berlaimont, homme aimable et instruit qui partageait cette opinion et qui me dit que c\u2019\u00e9tait sur les ruines de ce fort qu\u2019avait \u00e9t\u00e9 \u00e9lev\u00e9 le ch\u00e2teau dit de Berlaimont, ou r\u00e9sidaient les anciens seigneurs (quoique situ\u00e9 sur le territoire d\u2019Aulnoye). \u00bb<\/em><\/p>\n\n\n\n<p class=\"wp-block-paragraph\">On d\u00e9couvrit ensuite \u00e0 proximit\u00e9 de cet emplacement des tombes gallo-romaines lors de la construction de la centrale \u00e9lectrique (M\u00e9moires SAHAA Tome XX Article R.Terrisse). Sur le territoire de Berlaimont, on a d\u00e9couvert \u00e9galement les restes d\u2019une villa gallo-romaine en for\u00eat pr\u00e8s du Coucou et d\u2019innombrables pi\u00e8ces romaines \u00e0 la Grande Carri\u00e8re. La route de la Grande Carri\u00e8re pourrait avoir \u00e9t\u00e9 une voie pr\u00e9-romaine traversant la for\u00eat de Mormal en progression d\u2019un mont o\u00f9 plus tard fut \u00e9difi\u00e9 le village&nbsp; et s\u2019arr\u00eatant au niveau de la Sambre&nbsp; \u00e0 l\u2019emplacement de ce fort.<\/p>\n\n\n\n<p class=\"wp-block-paragraph\">Quoiqu\u2019il en soit le ch\u00e2teau fut \u00e9difi\u00e9 ou r\u00e9\u00e9difi\u00e9 au Xe ou au d\u00e9but du XI e si\u00e8cle. La Sambre et un bras de d\u00e9rivation entouraient cet ouvrage d\u00e9fensif. Il est d\u00e9crit comme une forteresse quadrangulaire flanqu\u00e9e \u00e0 chaque angle d&rsquo;une grosse tour, que dominait le donjon. Une double enceinte en terre renfor\u00e7ait sa protection, et un petit fort d\u00e9tach\u00e9 couvrait, par une batterie souterraine, une \u00e9cluse permettant l&rsquo;inondation de la vall\u00e9e jusqu&rsquo;\u00e0 Landrecies. (Le Glay Pouill\u00e9 du XIV e si\u00e8cle Histoire de la contr\u00e9e d\u2019Avesnes 1859).<\/p>\n\n\n\n<h2 class=\"wp-block-heading has-text-align-center\"><strong><mark style=\"background-color:rgba(0, 0, 0, 0)\" class=\"has-inline-color has-bright-red-color\">Son emplacement<\/mark><\/strong><\/h2>\n\n\n\n<p class=\"has-text-align-left wp-block-paragraph\">L\u2019identification pr\u00e9cise de l\u2019emplacement du ch\u00e2teau de Berlaimont est rendue complexe par les profondes transformations qu\u2019a connues la Sambre au cours des si\u00e8cles. Jusqu\u2019au XVIII\u1d49 si\u00e8cle, la rivi\u00e8re suivait un trac\u00e9 sinueux, ponctu\u00e9 d\u2019\u00eelots, de bras secondaires et de zones d\u2019inondation naturelle. Le ch\u00e2teau \u00e9tait alors install\u00e9 sur une \u00eele form\u00e9e par le lit principal et un bras de d\u00e9rivation, configuration typique des forteresses m\u00e9di\u00e9vales cherchant \u00e0 tirer parti de l\u2019eau comme \u00e9l\u00e9ment d\u00e9fensif. \u00c0 partir du XIX\u1d49 si\u00e8cle, les grands travaux de canalisation entrepris pour faciliter la navigation ont profond\u00e9ment modifi\u00e9 ce paysage : le lit de la Sambre a \u00e9t\u00e9 rectifi\u00e9, les \u00eelots ont \u00e9t\u00e9 coup\u00e9s ou absorb\u00e9s, les berges ont \u00e9t\u00e9 consolid\u00e9es, et plusieurs bras anciens ont \u00e9t\u00e9 transform\u00e9s en d\u00e9versoirs ou en foss\u00e9s techniques. Ces am\u00e9nagements ont effac\u00e9 les rep\u00e8res naturels qui permettaient autrefois de situer la forteresse. Ainsi, le ch\u00e2teau, autrefois pos\u00e9 sur une \u00eele d\u00e9fendue par l\u2019eau, se retrouve aujourd\u2019hui dans un environnement totalement remodel\u00e9, o\u00f9 les traces de son implantation originelle ne subsistent que sous forme de vestiges enfouis ou de ma\u00e7onneries isol\u00e9es.<\/p>\n\n\n\n<p class=\"wp-block-paragraph\">Sa localisation nous est donn\u00e9e par une carte du camp d&rsquo;Aymeries command\u00e9e par M. le Prince de Soubise le 1er septembre 1753 et par les plans cadastraux d\u2019Aulnoye-Aymeries r\u00e9pertori\u00e9s aux Archives D\u00e9partementales du Nord.<\/p>\n\n\n<div class=\"wp-block-image\">\n<figure class=\"aligncenter size-full\"><img data-recalc-dims=\"1\" loading=\"lazy\" decoding=\"async\" width=\"700\" height=\"535\" data-attachment-id=\"19965\" data-permalink=\"https:\/\/patrimoine-avesnois.fr\/chemin\/le-chateau-de-berlaimont\/carte-de-soubise-2\/\" data-orig-file=\"https:\/\/i0.wp.com\/patrimoine-avesnois.fr\/chemin\/wp-content\/uploads\/2024\/11\/Carte-de-Soubise-1.jpg?fit=700%2C535&amp;ssl=1\" data-orig-size=\"700,535\" data-comments-opened=\"1\" data-image-meta=\"{&quot;aperture&quot;:&quot;0&quot;,&quot;credit&quot;:&quot;fr\\u00e9d\\u00e9ric carr\\u00e9&quot;,&quot;camera&quot;:&quot;&quot;,&quot;caption&quot;:&quot;&quot;,&quot;created_timestamp&quot;:&quot;1731837418&quot;,&quot;copyright&quot;:&quot;&quot;,&quot;focal_length&quot;:&quot;0&quot;,&quot;iso&quot;:&quot;0&quot;,&quot;shutter_speed&quot;:&quot;0&quot;,&quot;title&quot;:&quot;&quot;,&quot;orientation&quot;:&quot;0&quot;}\" data-image-title=\"Carte de Soubise\" data-image-description=\"\" data-image-caption=\"\" data-large-file=\"https:\/\/i0.wp.com\/patrimoine-avesnois.fr\/chemin\/wp-content\/uploads\/2024\/11\/Carte-de-Soubise-1.jpg?fit=700%2C535&amp;ssl=1\" src=\"https:\/\/i0.wp.com\/patrimoine-avesnois.fr\/chemin\/wp-content\/uploads\/2024\/11\/Carte-de-Soubise-1.jpg?resize=700%2C535&#038;ssl=1\" alt=\"\" class=\"wp-image-19965\" srcset=\"https:\/\/i0.wp.com\/patrimoine-avesnois.fr\/chemin\/wp-content\/uploads\/2024\/11\/Carte-de-Soubise-1.jpg?w=700&amp;ssl=1 700w, https:\/\/i0.wp.com\/patrimoine-avesnois.fr\/chemin\/wp-content\/uploads\/2024\/11\/Carte-de-Soubise-1.jpg?resize=300%2C229&amp;ssl=1 300w\" sizes=\"auto, (max-width: 700px) 85vw, 700px\" \/><figcaption class=\"wp-element-caption\">Extrait de la carte du camp d&rsquo;Aymeries command\u00e9e par M. le Prince de Soubise (1753)<\/figcaption><\/figure>\n<\/div>\n\n<div class=\"wp-block-image\">\n<figure class=\"aligncenter size-full\"><img data-recalc-dims=\"1\" loading=\"lazy\" decoding=\"async\" width=\"709\" height=\"465\" data-attachment-id=\"19967\" data-permalink=\"https:\/\/patrimoine-avesnois.fr\/chemin\/le-chateau-de-berlaimont\/cadastres-2\/\" data-orig-file=\"https:\/\/i0.wp.com\/patrimoine-avesnois.fr\/chemin\/wp-content\/uploads\/2024\/11\/Cadastres-1.jpg?fit=709%2C465&amp;ssl=1\" data-orig-size=\"709,465\" data-comments-opened=\"1\" data-image-meta=\"{&quot;aperture&quot;:&quot;0&quot;,&quot;credit&quot;:&quot;fr\\u00e9d\\u00e9ric carr\\u00e9&quot;,&quot;camera&quot;:&quot;&quot;,&quot;caption&quot;:&quot;&quot;,&quot;created_timestamp&quot;:&quot;1731842761&quot;,&quot;copyright&quot;:&quot;&quot;,&quot;focal_length&quot;:&quot;0&quot;,&quot;iso&quot;:&quot;0&quot;,&quot;shutter_speed&quot;:&quot;0&quot;,&quot;title&quot;:&quot;&quot;,&quot;orientation&quot;:&quot;0&quot;}\" data-image-title=\"Cadastres\" data-image-description=\"\" data-image-caption=\"\" data-large-file=\"https:\/\/i0.wp.com\/patrimoine-avesnois.fr\/chemin\/wp-content\/uploads\/2024\/11\/Cadastres-1.jpg?fit=709%2C465&amp;ssl=1\" src=\"https:\/\/i0.wp.com\/patrimoine-avesnois.fr\/chemin\/wp-content\/uploads\/2024\/11\/Cadastres-1.jpg?resize=709%2C465&#038;ssl=1\" alt=\"\" class=\"wp-image-19967\" srcset=\"https:\/\/i0.wp.com\/patrimoine-avesnois.fr\/chemin\/wp-content\/uploads\/2024\/11\/Cadastres-1.jpg?w=709&amp;ssl=1 709w, https:\/\/i0.wp.com\/patrimoine-avesnois.fr\/chemin\/wp-content\/uploads\/2024\/11\/Cadastres-1.jpg?resize=300%2C197&amp;ssl=1 300w\" sizes=\"auto, (max-width: 709px) 85vw, 709px\" \/><figcaption class=\"wp-element-caption\">Plan du cadastre du consulat  1806                                 Plan du cadastre napol\u00e9onien  1812<\/figcaption><\/figure>\n<\/div>\n\n<div class=\"wp-block-image\">\n<figure class=\"aligncenter size-full\"><img data-recalc-dims=\"1\" loading=\"lazy\" decoding=\"async\" width=\"826\" height=\"591\" data-attachment-id=\"19968\" data-permalink=\"https:\/\/patrimoine-avesnois.fr\/chemin\/le-chateau-de-berlaimont\/berlaimont-2\/\" data-orig-file=\"https:\/\/i0.wp.com\/patrimoine-avesnois.fr\/chemin\/wp-content\/uploads\/2024\/11\/Berlaimont.jpg?fit=826%2C591&amp;ssl=1\" data-orig-size=\"826,591\" data-comments-opened=\"1\" data-image-meta=\"{&quot;aperture&quot;:&quot;0&quot;,&quot;credit&quot;:&quot;fr\\u00e9d\\u00e9ric carr\\u00e9&quot;,&quot;camera&quot;:&quot;&quot;,&quot;caption&quot;:&quot;&quot;,&quot;created_timestamp&quot;:&quot;1731520174&quot;,&quot;copyright&quot;:&quot;&quot;,&quot;focal_length&quot;:&quot;0&quot;,&quot;iso&quot;:&quot;0&quot;,&quot;shutter_speed&quot;:&quot;0&quot;,&quot;title&quot;:&quot;&quot;,&quot;orientation&quot;:&quot;0&quot;}\" data-image-title=\"Berlaimont\" data-image-description=\"\" data-image-caption=\"\" data-large-file=\"https:\/\/i0.wp.com\/patrimoine-avesnois.fr\/chemin\/wp-content\/uploads\/2024\/11\/Berlaimont.jpg?fit=826%2C591&amp;ssl=1\" src=\"https:\/\/i0.wp.com\/patrimoine-avesnois.fr\/chemin\/wp-content\/uploads\/2024\/11\/Berlaimont.jpg?resize=826%2C591&#038;ssl=1\" alt=\"\" class=\"wp-image-19968\" srcset=\"https:\/\/i0.wp.com\/patrimoine-avesnois.fr\/chemin\/wp-content\/uploads\/2024\/11\/Berlaimont.jpg?w=826&amp;ssl=1 826w, https:\/\/i0.wp.com\/patrimoine-avesnois.fr\/chemin\/wp-content\/uploads\/2024\/11\/Berlaimont.jpg?resize=300%2C215&amp;ssl=1 300w, https:\/\/i0.wp.com\/patrimoine-avesnois.fr\/chemin\/wp-content\/uploads\/2024\/11\/Berlaimont.jpg?resize=768%2C550&amp;ssl=1 768w\" sizes=\"auto, (max-width: 826px) 85vw, 826px\" \/><figcaption class=\"wp-element-caption\">Localisation du ch\u00e2teau sur une vue a\u00e9rienne actuelle<\/figcaption><\/figure>\n<\/div>\n\n<div class=\"wp-block-image\">\n<figure class=\"aligncenter size-large\"><img data-recalc-dims=\"1\" loading=\"lazy\" decoding=\"async\" width=\"840\" height=\"600\" data-attachment-id=\"20255\" data-permalink=\"https:\/\/patrimoine-avesnois.fr\/chemin\/le-chateau-de-berlaimont\/emplacement-de-lancien-chateau-de-berlaimont\/\" data-orig-file=\"https:\/\/i0.wp.com\/patrimoine-avesnois.fr\/chemin\/wp-content\/uploads\/2024\/12\/Emplacement-de-lancien-chateau-de-Berlaimont.jpg?fit=1078%2C770&amp;ssl=1\" data-orig-size=\"1078,770\" data-comments-opened=\"1\" data-image-meta=\"{&quot;aperture&quot;:&quot;0&quot;,&quot;credit&quot;:&quot;CARRE&quot;,&quot;camera&quot;:&quot;&quot;,&quot;caption&quot;:&quot;&quot;,&quot;created_timestamp&quot;:&quot;1733222720&quot;,&quot;copyright&quot;:&quot;&quot;,&quot;focal_length&quot;:&quot;0&quot;,&quot;iso&quot;:&quot;0&quot;,&quot;shutter_speed&quot;:&quot;0&quot;,&quot;title&quot;:&quot;&quot;,&quot;orientation&quot;:&quot;0&quot;}\" data-image-title=\"Emplacement de l&amp;rsquo;ancien chateau de Berlaimont\" data-image-description=\"\" data-image-caption=\"\" data-large-file=\"https:\/\/i0.wp.com\/patrimoine-avesnois.fr\/chemin\/wp-content\/uploads\/2024\/12\/Emplacement-de-lancien-chateau-de-Berlaimont.jpg?fit=840%2C600&amp;ssl=1\" src=\"https:\/\/i0.wp.com\/patrimoine-avesnois.fr\/chemin\/wp-content\/uploads\/2024\/12\/Emplacement-de-lancien-chateau-de-Berlaimont-1024x731.jpg?resize=840%2C600&#038;ssl=1\" alt=\"\" class=\"wp-image-20255\" srcset=\"https:\/\/i0.wp.com\/patrimoine-avesnois.fr\/chemin\/wp-content\/uploads\/2024\/12\/Emplacement-de-lancien-chateau-de-Berlaimont.jpg?resize=1024%2C731&amp;ssl=1 1024w, https:\/\/i0.wp.com\/patrimoine-avesnois.fr\/chemin\/wp-content\/uploads\/2024\/12\/Emplacement-de-lancien-chateau-de-Berlaimont.jpg?resize=300%2C214&amp;ssl=1 300w, https:\/\/i0.wp.com\/patrimoine-avesnois.fr\/chemin\/wp-content\/uploads\/2024\/12\/Emplacement-de-lancien-chateau-de-Berlaimont.jpg?resize=768%2C549&amp;ssl=1 768w, https:\/\/i0.wp.com\/patrimoine-avesnois.fr\/chemin\/wp-content\/uploads\/2024\/12\/Emplacement-de-lancien-chateau-de-Berlaimont.jpg?w=1078&amp;ssl=1 1078w\" sizes=\"auto, (max-width: 709px) 85vw, (max-width: 909px) 67vw, (max-width: 1362px) 62vw, 840px\" \/><figcaption class=\"wp-element-caption\">Emplacement de l&rsquo;ancien ch\u00e2teau<\/figcaption><\/figure>\n<\/div>\n\n\n<p class=\"wp-block-paragraph\">Ce ch\u00e2teau se localiserait de nos jours entre l\u2019actuelle centrale \u00e9lectrique et l\u2019\u00e9cluse. Sa localisation pr\u00e9cise est difficile car l\u2019environnement a bien chang\u00e9. Il se situait le long de l\u2019ancien lit de la Sambre et son foss\u00e9 \u00e9tait le bras du d\u00e9versoir actuel. Il \u00e9tait \u00e9lev\u00e9 sur une ile qui fut partag\u00e9e lors des travaux de canalisation de la rivi\u00e8re. Cet ilot en amont de la forteresse servait alors de relais entre le barrage du moulin tourn\u00e9 vers la gauche et un barrage sur pivot tourn\u00e9 vers la droite.<\/p>\n\n\n\n<h2 class=\"wp-block-heading has-text-align-center\"><strong><mark style=\"background-color:rgba(0, 0, 0, 0)\" class=\"has-inline-color has-bright-red-color\">Sa description<\/mark><\/strong><\/h2>\n\n\n\n<p class=\"has-text-align-left wp-block-paragraph\">Pour comprendre les repr\u00e9sentations anciennes du ch\u00e2teau de Berlaimont, il faut rappeler ce qu\u2019\u00e9tait une forteresse du XIV\u1d49 si\u00e8cle dans la vall\u00e9e de la Sambre. \u00c0 cette \u00e9poque, les ch\u00e2teaux seigneuriaux sont encore con\u00e7us selon les principes de la d\u00e9fense m\u00e9di\u00e9vale : un plan polygonal ou quadrangulaire, des tours d\u2019angle massives, un donjon dominant l\u2019ensemble, et une courtine \u00e9paisse reliant les diff\u00e9rents ouvrages. Les tours, souvent circulaires ou l\u00e9g\u00e8rement polygonales, permettent de mieux r\u00e9sister aux tirs et d\u2019\u00e9viter les angles morts. Les m\u00e2chicoulis, plac\u00e9s au sommet des tours, offrent une d\u00e9fense verticale contre les assaillants approchant des murs. Le ch\u00e2telet d\u2019entr\u00e9e constitue la partie la plus soign\u00e9e de l\u2019\u00e9difice : il est prot\u00e9g\u00e9 par un pont\u2011levis, un foss\u00e9 en eau et parfois une herse, car l\u2019entr\u00e9e est toujours le point le plus vuln\u00e9rable d\u2019une forteresse. \u00c0 Berlaimont, la pr\u00e9sence d\u2019une poivri\u00e8re \u2014 cette toiture conique \u00e9l\u00e9gante \u2014 signale un ouvrage de prestige autant que de d\u00e9fense. L\u2019ensemble, pos\u00e9 sur une \u00eele naturelle form\u00e9e par la Sambre et un bras d\u00e9riv\u00e9, utilisait l\u2019eau comme premi\u00e8re ligne de protection. Ce type d\u2019architecture, typique des ch\u00e2teaux du Hainaut au XIV\u1d49 si\u00e8cle, permet de mieux interpr\u00e9ter les vues parfois maladroites ou stylis\u00e9es des Albums de Cro\u00ff.<\/p>\n\n\n\n<p class=\"wp-block-paragraph\">Les seules repr\u00e9sentations connues du ch\u00e2teau sont celles figurant dans les albums de Croy qui se trouvent \u00e0 la biblioth\u00e8que des Archives D\u00e9partementales du Nord :<\/p>\n\n\n<div class=\"wp-block-image\">\n<figure class=\"aligncenter size-full\"><img data-recalc-dims=\"1\" loading=\"lazy\" decoding=\"async\" width=\"840\" height=\"407\" data-attachment-id=\"19995\" data-permalink=\"https:\/\/patrimoine-avesnois.fr\/chemin\/le-chateau-de-berlaimont\/album-de-croy-5\/\" data-orig-file=\"https:\/\/i0.wp.com\/patrimoine-avesnois.fr\/chemin\/wp-content\/uploads\/2024\/11\/Album-de-croy-4.jpg?fit=1096%2C531&amp;ssl=1\" data-orig-size=\"1096,531\" data-comments-opened=\"1\" data-image-meta=\"{&quot;aperture&quot;:&quot;0&quot;,&quot;credit&quot;:&quot;fr\\u00e9d\\u00e9ric carr\\u00e9&quot;,&quot;camera&quot;:&quot;&quot;,&quot;caption&quot;:&quot;&quot;,&quot;created_timestamp&quot;:&quot;1731943532&quot;,&quot;copyright&quot;:&quot;&quot;,&quot;focal_length&quot;:&quot;0&quot;,&quot;iso&quot;:&quot;0&quot;,&quot;shutter_speed&quot;:&quot;0&quot;,&quot;title&quot;:&quot;&quot;,&quot;orientation&quot;:&quot;0&quot;}\" data-image-title=\"Album de croy\" data-image-description=\"\" data-image-caption=\"\" data-large-file=\"https:\/\/i0.wp.com\/patrimoine-avesnois.fr\/chemin\/wp-content\/uploads\/2024\/11\/Album-de-croy-4.jpg?fit=840%2C407&amp;ssl=1\" src=\"https:\/\/i0.wp.com\/patrimoine-avesnois.fr\/chemin\/wp-content\/uploads\/2024\/11\/Album-de-croy-4.jpg?resize=840%2C407&#038;ssl=1\" alt=\"\" class=\"wp-image-19995\" srcset=\"https:\/\/i0.wp.com\/patrimoine-avesnois.fr\/chemin\/wp-content\/uploads\/2024\/11\/Album-de-croy-4.jpg?w=1096&amp;ssl=1 1096w, https:\/\/i0.wp.com\/patrimoine-avesnois.fr\/chemin\/wp-content\/uploads\/2024\/11\/Album-de-croy-4.jpg?resize=300%2C145&amp;ssl=1 300w, https:\/\/i0.wp.com\/patrimoine-avesnois.fr\/chemin\/wp-content\/uploads\/2024\/11\/Album-de-croy-4.jpg?resize=1024%2C496&amp;ssl=1 1024w, https:\/\/i0.wp.com\/patrimoine-avesnois.fr\/chemin\/wp-content\/uploads\/2024\/11\/Album-de-croy-4.jpg?resize=768%2C372&amp;ssl=1 768w\" sizes=\"auto, (max-width: 709px) 85vw, (max-width: 909px) 67vw, (max-width: 1362px) 62vw, 840px\" \/><figcaption class=\"wp-element-caption\">Tome XII &#8211; Planche n\u00b034 : \u00ab Le village de Berlaimont. 1599 \u00bb<\/figcaption><\/figure>\n<\/div>\n\n\n<p class=\"wp-block-paragraph\"><em>\u00ab \u2026\u00e0 l\u2019extr\u00eame gauche, le fleuve baigne les bases d\u2019un grand ch\u00e2teau ; c\u2019\u00e9tait celui des seigneurs de Berlaimont, les h\u00e9ritiers de Gilles de Chin qui, au XI\u00e8me si\u00e8cle avait tu\u00e9 un dragon qui d\u00e9vastait la r\u00e9gion. Cette forteresse est maladroitement repr\u00e9sent\u00e9e ; en rapprochant cette image de celle figurant dans le m\u00eame volume (voir pl. 6), il est cependant possible de se faire une id\u00e9e de ses dispositions g\u00e9n\u00e9rales. Ce devait \u00eatre une construction polygonale avec tours d\u2019angle, deux d\u2019entre elles d\u00e9fendant le ch\u00e2telet d\u2019entr\u00e9e auquel on acc\u00e9dait par un pont levis. Sur la pr\u00e9sente gouache, la courtine reliant la tour gauche de l\u2019entr\u00e9e \u00e0 une tour beaucoup plus importante couronn\u00e9e de m\u00e2chicoulis et coiff\u00e9e d\u2019une poivri\u00e8re (c\u2019est celle que l\u2019on voit au premier plan) para\u00eet courbe telle une tour; sans doute cette courtine perc\u00e9e de fen\u00eatre dans sa partie sup\u00e9rieure pour \u00e9clairer le b\u00e2timent qui lui \u00e9tait accol\u00e9, devait-elle \u00eatre rectiligne ; vers le fond, c&rsquo;est-\u00e0-dire vers le sud, on aper\u00e7oit la toiture d\u2019un corps de logis adoss\u00e9 \u00e0 la courtine. Ce ch\u00e2teau d\u00e9j\u00e0 en mauvais \u00e9tat en 1599 fut d\u00e9truit en 1643 par Cond\u00e9. C\u2019\u00e9tait probablement une \u0153uvre du XIV\u00e8me si\u00e8cle. \u00bb<\/em><\/p>\n\n\n<div class=\"wp-block-image\">\n<figure class=\"aligncenter size-full\"><img data-recalc-dims=\"1\" loading=\"lazy\" decoding=\"async\" width=\"840\" height=\"372\" data-attachment-id=\"19993\" data-permalink=\"https:\/\/patrimoine-avesnois.fr\/chemin\/le-chateau-de-berlaimont\/album-de-croy-3\/\" data-orig-file=\"https:\/\/i0.wp.com\/patrimoine-avesnois.fr\/chemin\/wp-content\/uploads\/2024\/11\/Album-de-croy-2.jpg?fit=1249%2C553&amp;ssl=1\" data-orig-size=\"1249,553\" data-comments-opened=\"1\" data-image-meta=\"{&quot;aperture&quot;:&quot;0&quot;,&quot;credit&quot;:&quot;fr\\u00e9d\\u00e9ric carr\\u00e9&quot;,&quot;camera&quot;:&quot;&quot;,&quot;caption&quot;:&quot;&quot;,&quot;created_timestamp&quot;:&quot;1731943366&quot;,&quot;copyright&quot;:&quot;&quot;,&quot;focal_length&quot;:&quot;0&quot;,&quot;iso&quot;:&quot;0&quot;,&quot;shutter_speed&quot;:&quot;0&quot;,&quot;title&quot;:&quot;&quot;,&quot;orientation&quot;:&quot;0&quot;}\" data-image-title=\"Album de croy\" data-image-description=\"\" data-image-caption=\"\" data-large-file=\"https:\/\/i0.wp.com\/patrimoine-avesnois.fr\/chemin\/wp-content\/uploads\/2024\/11\/Album-de-croy-2.jpg?fit=840%2C372&amp;ssl=1\" src=\"https:\/\/i0.wp.com\/patrimoine-avesnois.fr\/chemin\/wp-content\/uploads\/2024\/11\/Album-de-croy-2.jpg?resize=840%2C372&#038;ssl=1\" alt=\"\" class=\"wp-image-19993\" srcset=\"https:\/\/i0.wp.com\/patrimoine-avesnois.fr\/chemin\/wp-content\/uploads\/2024\/11\/Album-de-croy-2.jpg?w=1249&amp;ssl=1 1249w, https:\/\/i0.wp.com\/patrimoine-avesnois.fr\/chemin\/wp-content\/uploads\/2024\/11\/Album-de-croy-2.jpg?resize=300%2C133&amp;ssl=1 300w, https:\/\/i0.wp.com\/patrimoine-avesnois.fr\/chemin\/wp-content\/uploads\/2024\/11\/Album-de-croy-2.jpg?resize=1024%2C453&amp;ssl=1 1024w, https:\/\/i0.wp.com\/patrimoine-avesnois.fr\/chemin\/wp-content\/uploads\/2024\/11\/Album-de-croy-2.jpg?resize=768%2C340&amp;ssl=1 768w, https:\/\/i0.wp.com\/patrimoine-avesnois.fr\/chemin\/wp-content\/uploads\/2024\/11\/Album-de-croy-2.jpg?resize=1200%2C531&amp;ssl=1 1200w\" sizes=\"auto, (max-width: 709px) 85vw, (max-width: 909px) 67vw, (max-width: 1362px) 62vw, 840px\" \/><figcaption class=\"wp-element-caption\">Tome XII &#8211; Planche n\u00b06 : \u00ab Chambellain par Berlaimont. 1599 \u00bb<\/figcaption><\/figure>\n<\/div>\n\n\n<p class=\"wp-block-paragraph\"><em>\u00ab \u2026cette vue est fort proche de celle qui figure \u00e0 la planche 34 \u2026le ch\u00e2teau laisse aussi mieux deviner son plan, mais la tour coiff\u00e9e d\u2019une poivri\u00e8re y est beaucoup moins importante et la partie de la courtine qui lui est adjacente vers l\u2019ouest parait avoir \u00e9t\u00e9 restaur\u00e9e grossi\u00e8rement ; enfin, le corps de logis adoss\u00e9 \u00e0 la courtine m\u00e9ridionale, ne tend pas ici \u00e0 se confondre avec le ch\u00e2telet d\u2019entr\u00e9e comme sur l\u2019autre vue\u2026 \u00bb<\/em><\/p>\n\n\n<div class=\"wp-block-image\">\n<figure class=\"aligncenter size-full\"><img data-recalc-dims=\"1\" loading=\"lazy\" decoding=\"async\" width=\"840\" height=\"445\" data-attachment-id=\"19997\" data-permalink=\"https:\/\/patrimoine-avesnois.fr\/chemin\/le-chateau-de-berlaimont\/album-de-croy-7\/\" data-orig-file=\"https:\/\/i0.wp.com\/patrimoine-avesnois.fr\/chemin\/wp-content\/uploads\/2024\/11\/Album-de-croy-6.jpg?fit=868%2C460&amp;ssl=1\" data-orig-size=\"868,460\" data-comments-opened=\"1\" data-image-meta=\"{&quot;aperture&quot;:&quot;0&quot;,&quot;credit&quot;:&quot;fr\\u00e9d\\u00e9ric carr\\u00e9&quot;,&quot;camera&quot;:&quot;&quot;,&quot;caption&quot;:&quot;&quot;,&quot;created_timestamp&quot;:&quot;1731943919&quot;,&quot;copyright&quot;:&quot;&quot;,&quot;focal_length&quot;:&quot;0&quot;,&quot;iso&quot;:&quot;0&quot;,&quot;shutter_speed&quot;:&quot;0&quot;,&quot;title&quot;:&quot;&quot;,&quot;orientation&quot;:&quot;0&quot;}\" data-image-title=\"Album de croy\" data-image-description=\"\" data-image-caption=\"\" data-large-file=\"https:\/\/i0.wp.com\/patrimoine-avesnois.fr\/chemin\/wp-content\/uploads\/2024\/11\/Album-de-croy-6.jpg?fit=840%2C445&amp;ssl=1\" src=\"https:\/\/i0.wp.com\/patrimoine-avesnois.fr\/chemin\/wp-content\/uploads\/2024\/11\/Album-de-croy-6.jpg?resize=840%2C445&#038;ssl=1\" alt=\"\" class=\"wp-image-19997\" srcset=\"https:\/\/i0.wp.com\/patrimoine-avesnois.fr\/chemin\/wp-content\/uploads\/2024\/11\/Album-de-croy-6.jpg?w=868&amp;ssl=1 868w, https:\/\/i0.wp.com\/patrimoine-avesnois.fr\/chemin\/wp-content\/uploads\/2024\/11\/Album-de-croy-6.jpg?resize=300%2C159&amp;ssl=1 300w, https:\/\/i0.wp.com\/patrimoine-avesnois.fr\/chemin\/wp-content\/uploads\/2024\/11\/Album-de-croy-6.jpg?resize=768%2C407&amp;ssl=1 768w\" sizes=\"auto, (max-width: 709px) 85vw, (max-width: 909px) 67vw, (max-width: 1362px) 62vw, 840px\" \/><figcaption class=\"wp-element-caption\">Tome IX &#8211; : \u00ab Berlemont. 1621 \u00bb<\/figcaption><\/figure>\n<\/div>\n\n\n<p class=\"wp-block-paragraph\"><em>\u00ab \u2026 \u00e0 gauche de l\u2019image, on retrouve le ch\u00e2teau r\u00e9alis\u00e9 probablement au XIV\u00e8me si\u00e8cle mais d\u00e9truit par Cond\u00e9 en 1643. La gouache est trop confuse pour que l\u2019on puisse se repr\u00e9senter les masses de cette \u0153uvre qui \u00e9tait polygonale et dont les angles \u00e9taient marqu\u00e9s par des tours. Ce ch\u00e2teau \u00e9tait celui des h\u00e9ritiers de Gilles de Chin qui, au XI\u00e8me, si\u00e8cle avait tu\u00e9 le dragon qui d\u00e9vastait la r\u00e9gion\u2026 \u00bb<\/em><\/p>\n\n\n<div class=\"wp-block-image\">\n<figure class=\"aligncenter size-full\"><img data-recalc-dims=\"1\" loading=\"lazy\" decoding=\"async\" width=\"764\" height=\"267\" data-attachment-id=\"19998\" data-permalink=\"https:\/\/patrimoine-avesnois.fr\/chemin\/le-chateau-de-berlaimont\/album-de-croy-t-24-2\/\" data-orig-file=\"https:\/\/i0.wp.com\/patrimoine-avesnois.fr\/chemin\/wp-content\/uploads\/2024\/11\/Album-de-croy-T-24-1.jpg?fit=764%2C267&amp;ssl=1\" data-orig-size=\"764,267\" data-comments-opened=\"1\" data-image-meta=\"{&quot;aperture&quot;:&quot;0&quot;,&quot;credit&quot;:&quot;fr\\u00e9d\\u00e9ric carr\\u00e9&quot;,&quot;camera&quot;:&quot;&quot;,&quot;caption&quot;:&quot;&quot;,&quot;created_timestamp&quot;:&quot;1731845261&quot;,&quot;copyright&quot;:&quot;&quot;,&quot;focal_length&quot;:&quot;0&quot;,&quot;iso&quot;:&quot;0&quot;,&quot;shutter_speed&quot;:&quot;0&quot;,&quot;title&quot;:&quot;&quot;,&quot;orientation&quot;:&quot;0&quot;}\" data-image-title=\"Album-de-croy-T-24\" data-image-description=\"\" data-image-caption=\"\" data-large-file=\"https:\/\/i0.wp.com\/patrimoine-avesnois.fr\/chemin\/wp-content\/uploads\/2024\/11\/Album-de-croy-T-24-1.jpg?fit=764%2C267&amp;ssl=1\" src=\"https:\/\/i0.wp.com\/patrimoine-avesnois.fr\/chemin\/wp-content\/uploads\/2024\/11\/Album-de-croy-T-24-1.jpg?resize=764%2C267&#038;ssl=1\" alt=\"\" class=\"wp-image-19998\" srcset=\"https:\/\/i0.wp.com\/patrimoine-avesnois.fr\/chemin\/wp-content\/uploads\/2024\/11\/Album-de-croy-T-24-1.jpg?w=764&amp;ssl=1 764w, https:\/\/i0.wp.com\/patrimoine-avesnois.fr\/chemin\/wp-content\/uploads\/2024\/11\/Album-de-croy-T-24-1.jpg?resize=300%2C105&amp;ssl=1 300w\" sizes=\"auto, (max-width: 764px) 85vw, 764px\" \/><figcaption class=\"wp-element-caption\">Tome XXIV planche 5 : \u00ab.. 4- Berlaimont..\u00bb<\/figcaption><\/figure>\n<\/div>\n\n\n<p class=\"wp-block-paragraph\">L\u2019entr\u00e9e du ch\u00e2teau faisait face au couchant et le pont-levis venait s&rsquo;abaisser au lieu dit le plateau, au bas d&rsquo;une ruelle qui \u00e9tait la v\u00e9ritable rue du ch\u00e2teau et qui s&rsquo;ouvrait sur la grand&rsquo;place sur laquelle se trouvait la chapelle castrale, laquelle  devint l&rsquo;\u00e9glise paroissiale avant la construction de l\u2019h\u00f4tel de ville actuel.<\/p>\n\n\n\n<p class=\"wp-block-paragraph\">\u00ab&nbsp;\u00c0 la fin des ann\u00e9es 1990, lors de travaux effectu\u00e9s dans le cadre de la r\u00e9alisation d\u2019un sentier pi\u00e9tonnier le long de la Sambre qui relie l\u2019arri\u00e8re de la mairie au pont de la centrale, des vestiges de murailles, de m\u00eame composition que ceux apparents dans le talus du chemin de halage, sont mis \u00e0 jour. Il est probable qu\u2019ils appartiennent \u00e0 l\u2019ancien du ch\u00e2teau fort, l\u2019endroit o\u00f9 ont \u00e9t\u00e9 d\u00e9couvert ces vestiges \u00e9tant autrefois occup\u00e9 par le pont-levis permettant la liaison entre le village et le ch\u00e2teau.&nbsp;\u00bb (J L Pigot bulletin n\u00b028 du CHGB)<\/p>\n\n\n\n<h2 class=\"wp-block-heading has-text-align-center\"><strong><mark style=\"background-color:rgba(0, 0, 0, 0)\" class=\"has-inline-color has-bright-red-color\">Sa chronologie<\/mark><\/strong><\/h2>\n\n\n\n<p class=\"wp-block-paragraph\"><strong>1078<\/strong>. Il est fait mention du ch\u00e2teau \u00e0 la suite de l\u2019assassinat en 1078, de Thierry d&rsquo;Avesnes, seigneur du Brabant, par Isaac de Berlaymont, un des premiers seigneurs du lieu. \u00ab <em>Ayant \u00e9t\u00e9 invit\u00e9 \u00e0 accompagner \u00e0 la chasse, dans la for\u00eat de Mormal, le comte Baudouin III, il (Thierry d&rsquo;Avesnes) y vint sans pr\u00e9caution,(\u2026) ,Isaac de Berlaimont, (\u2026), le terrassa et lui \u00f4ta la vie. Le comte fut accus\u00e9 d&rsquo;avoir, (\u2026), tremp\u00e9 dans ce l\u00e2che guet-apens. Pour se disculper, Baudouin fit mine d&rsquo;attaquer le castel de Berlaimont&nbsp;\u00bb <\/em>(Histoire de la ville d&rsquo;Ath d\u2019\u00c9douard Waltre). En effet apr\u00e8s quelques pourparlers le si\u00e8ge fut lev\u00e9 et le comte Bauduin s&rsquo;en retourna \u00e0 Mons (Jacques de Guyse histoire du Hainaut Paris Bruxelles 1831 tome XI).<\/p>\n\n\n\n<p class=\"wp-block-paragraph\">\u00c0 partir du XIII\u1d49 si\u00e8cle, le ch\u00e2teau de Berlaimont cesse d\u2019\u00eatre seulement une r\u00e9sidence seigneuriale pour devenir un v\u00e9ritable enjeu strat\u00e9gique dans les conflits qui secouent le Hainaut. Sa position, au d\u00e9bouch\u00e9 de la for\u00eat de Mormal et sur la rive droite de la Sambre, en fait un point de contr\u00f4le essentiel entre Avesnes, Maubeuge et les terres de Flandre. Les seigneurs de Berlaimont, proches des Avesnes, sont engag\u00e9s dans les luttes f\u00e9odales qui opposent les grandes familles du comt\u00e9, notamment lors de la querelle entre les Avesnes et les Dampierre. Dans ce contexte de rivalit\u00e9s dynastiques, de chevauch\u00e9es et de si\u00e8ges, le ch\u00e2teau devient tour \u00e0 tour refuge, bastion, cible ou monnaie d\u2019\u00e9change. Les \u00e9v\u00e9nements qui suivent \u2014 si\u00e8ges, incendies, destructions, reconstructions \u2014 t\u00e9moignent de l\u2019importance militaire de cette forteresse, dont l\u2019histoire se confond alors avec celle des guerres f\u00e9odales du Hainaut.<\/p>\n\n\n\n<p class=\"wp-block-paragraph\">Au milieu du XIII\u1d49 si\u00e8cle, le ch\u00e2teau de Berlaimont se trouve au c\u0153ur d\u2019un conflit majeur qui d\u00e9chire le comt\u00e9 de Hainaut : la querelle entre les Avesnes et les Dampierre. Jean d\u2019Avesnes, soutenu par Guillaume de Hollande, revendique les terres que sa m\u00e8re, Marguerite de Flandre, a attribu\u00e9es \u00e0 ses fils du second mariage. Cette rivalit\u00e9 familiale se transforme en v\u00e9ritable guerre f\u00e9odale, entra\u00eenant des chevauch\u00e9es, des pillages et des si\u00e8ges dans toute la r\u00e9gion. Gilles de Berlaymont, seigneur de Berlaimont et fid\u00e8le alli\u00e9 de Jean d\u2019Avesnes, voit alors son ch\u00e2teau devenir un enjeu strat\u00e9gique. En avril 1254, les troupes du comte d\u2019Anjou, fr\u00e8re du roi de France et soutien de Marguerite, envahissent le Hainaut et s\u2019emparent de Berlaimont. Le si\u00e8ge est bref mais symbolique : il marque l\u2019entr\u00e9e du conflit dans la vall\u00e9e de la Sambre et montre que le ch\u00e2teau, par sa position entre Mormal et la rivi\u00e8re, est d\u00e9sormais consid\u00e9r\u00e9 comme un point de contr\u00f4le essentiel. La tr\u00eave de juillet 1254 puis l\u2019accord de P\u00e9ronne en 1256 mettent fin \u00e0 cette phase de la guerre, mais l\u2019\u00e9pisode r\u00e9v\u00e8le d\u00e9j\u00e0 le r\u00f4le militaire que Berlaimont jouera dans les d\u00e9cennies suivantes.<\/p>\n\n\n\n<p class=\"wp-block-paragraph\"><strong>1254<\/strong>. Le ch\u00e2teau fut cette fois assi\u00e9g\u00e9 et occup\u00e9. Gilles de Berlaymont en avait fait sa r\u00e9sidence seigneuriale. Il \u00e9tait le fils de Gilles et d\u2019Heldwige de Hainaut et \u00e9tait mari\u00e9 depuis 1240 avec Joye d\u2019Avesnes, laquelle lui avait apport\u00e9 lors de son mariage les terres de Floyon et de Chevireuil. Il \u00e9tait l\u2019ami et compagnon fid\u00e8le de Jean d\u2019Avesnes. Ce dernier, fils de Bouchard d\u2019Avesnes et de Marguerite de Flandre, s\u2019estimant l\u00e9s\u00e9 dans le partage que sa m\u00e8re avait fait de ses biens \u00e0 la suite de son remariage avec Guillaume de Dampierre, d\u00e9clencha alors les hostilit\u00e9s avec l\u2019appui de Guillaume de Hollande. En cons\u00e9quence, la comtesse Marguerite avec l\u2019aide du Comte d\u2019Anjou, fr\u00e8re du roi de France, fit alors&nbsp;envahir le Hainaut. En avril 1254, les troupes du Comte d\u2019Anjou prirent et occup\u00e8rent le ch\u00e2teau de Berlaimont. Une tr\u00eave intervint entre les bellig\u00e9rants le 26 juillet et l\u2019accord de P\u00e9ronne prononc\u00e9 le 24 septembre 1256 par Saint Louis permit la lib\u00e9ration du Comt\u00e9 du Hainaut.<\/p>\n\n\n\n<p class=\"wp-block-paragraph\"><strong>1295<\/strong>. Gilles, sire de Berlaimont, ayant eu des difficult\u00e9s avec Jean II d&rsquo;Avesnes, vit celui-ci s&#8217;emparer de son ch\u00e2teau, le livrer aux flammes et le fit exiler (Kervyn de Lettenhove. \u0152uvres de Froissart Tome XX Bruxelles 1875).<\/p>\n\n\n\n<p class=\"wp-block-paragraph\"><strong>1305<\/strong>. Apr\u00e8s la mort de Jean II d&rsquo;Avesnes, Gilles passa un accord avec sa veuve Philippa de Luxembourg et son fils Guillaume Ier, qui consentirent par lettres de f\u00e9vrier 1308 \u00e0 lui verser pour la r\u00e9paration des dommages caus\u00e9s \u00e0 son ch\u00e2teau, 1 500 livres de petits noirs tournois \u00e0 prendre sur les revenus de la ville et ch\u00e2tellenie de Bouchain. Cette somme devait \u00eatre pay\u00e9e dans un d\u00e9lai de cinq ans (Kervyn de Lettenhove ..) .<\/p>\n\n\n\n<p class=\"wp-block-paragraph\"><strong>1477<\/strong>.La tentative de Louis XI de s\u2019emparer du Hainaut fut particuli\u00e8rement d\u00e9sastreuse pour les environs de la for\u00eat de Mormal (De Saint G\u00e9nois Monuments anciens &#8230;Tome II) D\u00e9but 1478, Gilles de Berlaymont, fils de Gilles et de Marie de Ligne, dernier Seigneur de Berlaimont appartenant \u00e0 la branche des Berlaymont, mourut en d\u00e9fendant son ch\u00e2teau.<\/p>\n\n\n\n<p class=\"wp-block-paragraph\"><strong>1481<\/strong>. Devant la nouvelle menace d&rsquo;invasion Fran\u00e7aise, Gilles de Bousenton, pr\u00e9v\u00f4t de Maubeuge, exp\u00e9dia \u00e0 la fin de cette ann\u00e9e une lettre aux villages de la marche de Berlaimont et d&rsquo;Aymeries pour inviter les mayeurs \u00e0 r\u00e9unir les hommes \u00ab&nbsp;radd\u00e9s&nbsp;\u00bb (alertes) et les jeunes gens et \u00e0 choisir les plus aptes \u00e0 la guerre. (Jennepin Histoire de Maubeuge 1889 Tome I) Les \u00e9tats de Hainaut d\u00e9p\u00each\u00e8rent des commissaires pour inspecter les garnisons fronti\u00e8res. Jacques de Montigny constata le 7 septembre 1482 la pr\u00e9sence au ch\u00e2teau de Berlaimont de \u00ab tous bien mont\u00e9s et arm\u00e9s&nbsp;\u00bb. Le ch\u00e2teau \u00e9tait alors gard\u00e9 par 8 archers \u00e0 cheval que commandait le capitaine Jean De Le Warde.<\/p>\n\n\n\n<p class=\"wp-block-paragraph\"><strong>1483<\/strong>. Lancelot de Berlaymont, fr\u00e8re de Gilles mort en 1478, captura et emprisonna au ch\u00e2teau de Berlaimont, quatre d\u00e9put\u00e9s Gantois qui traversainet le Hainaut en vue de venir f\u00e9liciter Charles VIII de sa succession \u00e0 la couronne de France. Les Flamands somm\u00e8rent le grand bailli du Hainaut de les lib\u00e9rer mena\u00e7ant de repr\u00e9sailles le pays et les habitants. Ils ne le firent toutefois que d\u00e9but 1484 par \u00ab le b\u00e2tard de Berlaymont&nbsp;\u00bb qui assurait la garde du ch\u00e2teau et qui en apprenant l\u2019assassinat de son fr\u00e8re Lancelot craignit alors aussi pour sa vie.<\/p>\n\n\n\n<p class=\"wp-block-paragraph\">\u00c0 la fin du XVe si\u00e8cle, le ch\u00e2teau de Berlaimont devient le th\u00e9\u00e2tre d\u2019un \u00e9pisode particuli\u00e8rement sombre, r\u00e9v\u00e9lateur de l\u2019instabilit\u00e9 politique qui r\u00e8gne alors dans le Hainaut. Les guerres entre la France, les ducs de Bourgogne et les principaut\u00e9s voisines ont laiss\u00e9 derri\u00e8re elles des bandes de routiers, soldats d\u00e9mobilis\u00e9s ou marginaux arm\u00e9s, qui vivent de pillages et de ran\u00e7ons. Parmi ces groupes, l\u2019un des plus redout\u00e9s est men\u00e9 par le \u00ab b\u00e2tard de Berlaymont \u00bb, personnage violent et insaisissable, qui utilise le ch\u00e2teau comme repaire. Les chroniques rapportent que ses hommes ran\u00e7onnent les voyageurs, attaquent les villages et s\u00e8ment la terreur dans toute la marche de Berlaimont. La rumeur publique accuse m\u00eame Louis de Rollin, grand bailli du Hainaut, de fermer les yeux sur ces exactions, ce qui pousse ce dernier \u00e0 r\u00e9agir pour laver son honneur. Le 17 mai 1490, accompagn\u00e9 de Jean de Ligne et d\u2019une troupe arm\u00e9e, il marche sur Berlaimont et met le ch\u00e2teau en \u00e9tat de si\u00e8ge. L\u2019op\u00e9ration est br\u00e8ve mais intense : les assi\u00e9g\u00e9s r\u00e9sistent plusieurs jours avant de se rendre. Leur capture marque la fin de cette p\u00e9riode de brigandage, et l\u2019ex\u00e9cution du \u00ab b\u00e2tard \u00bb et de ses compagnons, quelques jours plus tard \u00e0 Mons, montre la volont\u00e9 des autorit\u00e9s de r\u00e9tablir l\u2019ordre dans une r\u00e9gion profond\u00e9ment troubl\u00e9e. Cet \u00e9pisode illustre \u00e0 quel point le ch\u00e2teau, par sa position et sa solidit\u00e9, pouvait devenir un refuge pour les puissants comme pour les hors\u2011la\u2011loi.<\/p>\n\n\n\n<p class=\"wp-block-paragraph\"><strong>1490<\/strong>. A la fin du XV e si\u00e8cle des exactions furent commises par des bandes de brigands dont le \u00ab le b\u00e2tard de Berlaymont&nbsp;\u00bb \u00e9tait \u00e0 la t\u00eate de l\u2019une d\u2019elles.&nbsp; La rumeur publique accusa le grand bailli de Hainaut, Louis de Rollin, Seigneur d&rsquo;Aymeries de tol\u00e9rer ces brigandages.<\/p>\n\n\n\n<p class=\"wp-block-paragraph\">Voulant se disculper, disent les chroniqueurs, celui-ci avec Jean Sire de Ligne, partit de Mons le 17 mai 1490 pour aller faire le si\u00e8ge du ch\u00e2teau de Berlaimont. Une autre raison a probablement motiv\u00e9 l\u2019exp\u00e9dition : en cette ann\u00e9e 1490, Louis de Rollin, fils du grand bailli de Hainaut \u00e9pousa Dame Gilles de Berlaimont, et c&rsquo;est pour rendre \u00e0 cette derni\u00e8re son ch\u00e2teau, qu&rsquo;Antoine de Rollin le beau-p\u00e8re et Jean de Ligne le cousin mont\u00e8rent cette exp\u00e9dition. Le ch\u00e2teau fut enti\u00e8rement cern\u00e9. \u00ab&nbsp;Faisant tous devoirs \u00e0 force de artillerie et autrement de le pouvoir prendre et pour avoir ceulx de dedans pour en faire ce que a bonne justice apartiendra comme infracteur de paix&nbsp;\u00bb<\/p>\n\n\n\n<p class=\"wp-block-paragraph\">Le si\u00e8ge dura plusieurs jours avant que les assi\u00e9g\u00e9s se rendirent et fussent enferm\u00e9s au ch\u00e2teau d&rsquo;Aymeries pendant deux jours et deux nuits puis transf\u00e9r\u00e9s \u00e0 Mons. Ils furent jug\u00e9s et condamn\u00e9s \u00e0 mort le 23 mai. A cause de sa noblesse le b\u00e2tard eut la t\u00eate tranch\u00e9e de nuit alors que ses trois compagnons Rasset, Lepage et Belsacq furent d\u00e9capit\u00e9s \u00e0 la hache le 25 mai et leurs corps, expos\u00e9s pendant quinze jours sur une roue au bord du chemin au lieu-dit le H\u00e9ribus.<\/p>\n\n\n\n<p class=\"wp-block-paragraph\"><strong>1543<\/strong>. En juin Fran\u00e7ois Ier, apr\u00e8s avoir pris Landrecies installa son camp \u00e0 l\u2019abbaye de Maroilles tandis que son fils, le futur Henri II soumit les ch\u00e2teaux de Sassogne, Aymeries et Berlaimont. Ce dernier appartenait \u00e0 Charles de Berlaymont \u00e9poux d&rsquo;Adrienne de Ligne- Barben\u00e7on, fils de Michel de Berlaymont, seigneur de Floyon, et de Marie de Barault. Charles \u00e9tait l&rsquo;un des g\u00e9n\u00e9raux de Charles-Quint. Les Fran\u00e7ais ne se retir\u00e8rent que 6 mois apr\u00e8s, laissant le pays en ruine.<\/p>\n\n\n\n<p class=\"wp-block-paragraph\"><strong>1578<\/strong>. Des troupes fran\u00e7aises \u00e0 la solde du Prince d\u2019Orange p\u00e9n\u00e9tr\u00e8rent entre Sambre et Meuse en mai. Don Juan d&rsquo;Autriche qui se trouvait dans les Pays Bas, envoya sur les lieux les troupes d&rsquo;Octavio de Gonzague. Un engagement eut lieu \u00e0 Berlaimont et le village fut enti\u00e8rement incendi\u00e9. (Van der Essen. c, Alexandre Fam\u00e8se. Prince de Parme. Gouverneur G\u00e9n\u00e9ral des Pays Bas (1545-1592) .). Tome I Bruxelles 1933. Lettre de Fam\u00e8se \u00e0 sa m\u00e8re du 23\/5\/78.)&nbsp; <\/p>\n\n\n\n<p class=\"wp-block-paragraph\">Un manuscrit de la biblioth\u00e8que de Cambrai (Manuscrit 1251), dit qu&rsquo;apr\u00e8s avoir \u00e9t\u00e9 contraints de lever le si\u00e8ge du ch\u00e2teau, trois compagnies fran\u00e7aises se retranch\u00e8rent dans le cimeti\u00e8re, o\u00f9 elles oppos\u00e8rent une vive r\u00e9sistance, avant d&rsquo;\u00eatre pass\u00e9es au fil de l&rsquo;\u00e9p\u00e9e, tandis que le reste des fran\u00e7ais cherchait \u00e0  s&rsquo;enfuir en traversant la Sambre \u00e0 la nage. Beaucoup p\u00e9rirent noy\u00e9s.<\/p>\n\n\n\n<p class=\"wp-block-paragraph\"><strong>1637<\/strong>. L&rsquo;arm\u00e9e fran\u00e7aise command\u00e9e par le Cardinal de la Valette, p\u00e9n\u00e9tra en Hainaut et s&#8217;empara de Landrecies apr\u00e8s quinze jours de si\u00e8ge. Les ch\u00e2teaux de la Lobiette, Glajeon, Tr\u00e9lon et Berlaimont(ADN S\u00e9rie B 9690) n&rsquo;oppos\u00e8rent qu&rsquo;une faible d\u00e9fense au Vicomte de Turenne, qui fut nomm\u00e9 Gouverneur de Maubeuge.<\/p>\n\n\n\n<p class=\"wp-block-paragraph\"><strong>1643<\/strong>. Berlaimont fut \u00e0 nouveau aux Espagnols et en f\u00e9vrier la compagnie du capitaine Savary tenait garnison au ch\u00e2teau (Archives de Berlaimont; devoirs de fiefs 1642-1654). En juin de cette ann\u00e9e, Cond\u00e9 poursuivant les arm\u00e9es de Don Francisco Melo qu&rsquo;il venait de battre \u00e0 Rocroy, s\u2019empara du ch\u00e2teau et le livra aux flammes. L&rsquo;\u00e9glise et une grande partie des habitations subirent le m\u00eame sort.<\/p>\n\n\n\n<p class=\"wp-block-paragraph\">Cette \u00e9preuve fut fatale \u00e0 l\u2019existence du ch\u00e2teau. Ses murs, rest\u00e9s debout, furent encore alternativement occup\u00e9s par les bellig\u00e9rants au cours de cette guerre et de la suivante. Lorsque les soldats s\u2019en \u00e9loignaient momentan\u00e9ment, des particuliers venaient occasionnellement monter la garde sur la tour (Archives de Berlaimont; feuille isol\u00e9e d&rsquo;un comte de 1648 : \u00ab A Michel Desablens, pour avoir \u00e9t\u00e9 faire la garde sur la thoure le 25 septembre : XX sols \u00bb).<\/p>\n\n\n\n<p class=\"wp-block-paragraph\"><strong>1659<\/strong>. Au Trait\u00e9 des Pyr\u00e9n\u00e9es, la France et l&rsquo;Espagne s&rsquo;en disput\u00e8rent la possession et Mazarin le revendiquera en vain.<\/p>\n\n\n\n<p class=\"wp-block-paragraph\"><strong>1661<\/strong>. Le ch\u00e2teau fut d\u00e9finitivement occup\u00e9 par les Fran\u00e7ais en 1661 (Trait\u00e9 de Vincennes), comme d\u00e9pendance du Quesnoy (Nelly Girard d&rsquo;Albissin. Gen\u00e8se de la fronti\u00e8re franco-belge. Paris 1970 p40n).<\/p>\n\n\n\n<p class=\"wp-block-paragraph\">1678. Le Trait\u00e9 de Nim\u00e8gue, \u00e9loignant d\u00e9finitivement la fronti\u00e8re du Nord rendit inutile la restauration de ce ch\u00e2teau. Il fut abandonn\u00e9 et ses pierres, peu a peu dispers\u00e9es servirent en partie \u00e0 l&rsquo;\u00e9dification de l&rsquo;\u00e9glise actuelle.<\/p>\n\n\n\n<p class=\"wp-block-paragraph\">Comme nous pouvons le constater, la pr\u00e9sence du ch\u00e2teau qui fut d&rsquo;avantage une forteresse qu\u2019une r\u00e9sidence seigneuriale attira de nombreux fl\u00e9aux dans le village compte tenu de leurs proximit\u00e9s et les annales du ch\u00e2teau sont intimement li\u00e9es \u00e0 celles de la commune.<\/p>\n\n\n\n<h2 class=\"wp-block-heading has-text-align-center\"><strong><mark style=\"background-color:rgba(0, 0, 0, 0)\" class=\"has-inline-color has-bright-red-color\">Sa d\u00e9molition<\/mark><\/strong><\/h2>\n\n\n\n<p class=\"has-text-align-left wp-block-paragraph\">Au XVII\u1d49 si\u00e8cle, le ch\u00e2teau de Berlaimont se retrouve une derni\u00e8re fois au c\u0153ur d\u2019un conflit d\u2019ampleur europ\u00e9enne : la Guerre de Trente Ans. Cette guerre, qui m\u00eale rivalit\u00e9s dynastiques, enjeux religieux et ambitions territoriales, transforme la vall\u00e9e de la Sambre en zone de passage pour les arm\u00e9es fran\u00e7aises, espagnoles et imp\u00e9riales. Depuis plusieurs ann\u00e9es, les troupes de l\u2019Espagne occupent r\u00e9guli\u00e8rement les ch\u00e2teaux du Hainaut pour contr\u00f4ler les voies de communication entre Maubeuge, Landrecies et la fronti\u00e8re. Lorsque Cond\u00e9, victorieux \u00e0 Rocroi en mai 1643, poursuit les forces de Don Francisco de Melo, il entreprend de r\u00e9duire syst\u00e9matiquement les points d\u2019appui espagnols. Berlaimont, tenu par une garnison espagnole, devient alors une cible imm\u00e9diate. La forteresse, d\u00e9j\u00e0 affaiblie par les si\u00e8ges pr\u00e9c\u00e9dents, ne peut opposer qu\u2019une r\u00e9sistance limit\u00e9e. Cond\u00e9 s\u2019en empare rapidement et, suivant la strat\u00e9gie fran\u00e7aise de neutralisation des places secondaires, ordonne sa destruction. L\u2019incendie qui ravage le ch\u00e2teau, l\u2019\u00e9glise et une grande partie du village marque la fin d\u00e9finitive de la forteresse. \u00c0 partir de ce moment, Berlaimont ne sera plus jamais reconstruite : la fronti\u00e8re ayant \u00e9t\u00e9 repouss\u00e9e vers le nord, le ch\u00e2teau perd toute utilit\u00e9 militaire et ses ruines sont progressivement abandonn\u00e9es.<\/p>\n\n\n\n<p class=\"wp-block-paragraph\">Nous l\u2019avons vu&nbsp;: la destruction du ch\u00e2teau eut lieu en 1643, l&rsquo;\u00e9v\u00e8nement \u00e9tant&nbsp; \u00e0 replacer dans le contexte de la Guerre de Trente Ans (1618 \u00e0 1648) marqu\u00e9e sur le plan religieux par l&rsquo;affrontement entre protestantisme et catholicisme et sur le plan politique par l&rsquo;affrontement entre la couronne d&rsquo;Espagne et la France.<\/p>\n\n\n\n<p class=\"wp-block-paragraph\">Sa d\u00e9molition nous est connue gr\u00e2ce \u00e0 un extrait du journal \u00ab\u00a0L&rsquo;Observateur\u00a0\u00bb du 14 juillet 1842 (Journal de la collection personnelle de M. Jean Claude Descamps, de l&rsquo; Association \u00ab\u00a0Renaissance Vauban Maubeuge\u00a0\u00bb) :<\/p>\n\n\n\n<p class=\"wp-block-paragraph\">\u00ab<em>&#8230;On d\u00e9molit actuellement les restes de l&rsquo;ancien ch\u00e2teau de Berlaimont qui fut d\u00e9truit en 1643 par le Duc d&rsquo; Enghien, commandant l&rsquo;arm\u00e9e fran\u00e7aise contre les espagnols ; ce g\u00e9n\u00e9ral s&#8217;empara de la forteresse de Berlaimont apr\u00e8s avoir gagn\u00e9 la bataille de Rocroi sur les troupes de Charles II d&rsquo; Espagne. La plus grande partie des maisons de ce bourg et l&rsquo;\u00e9glise m\u00eame furent incendi\u00e9es. On a trouv\u00e9 dans les ruines de grosses cha\u00eenes qui servaient probablement \u00e0 attacher les prisonniers, et plusieurs clefs de forte dimension ayant servi pour serrures de s\u00fbret\u00e9. Deux pi\u00e8ces de monnaie, frapp\u00e9es au coin des princes de Cro\u00ff, ont aussi \u00e9t\u00e9 relev\u00e9es dans les d\u00e9combres, ainsi qu&rsquo;une grande quantit\u00e9 de bl\u00e9 br\u00fbl\u00e9 en partie lors de l&rsquo;incendie du ch\u00e2teau&#8230;\u00bb<\/em> (bulletin n\u00b017 du CHGB)<\/p>\n\n\n\n<p class=\"wp-block-paragraph\">Bien que le ch\u00e2teau de Berlaimont ait disparu depuis plus de trois si\u00e8cles, son empreinte demeure profond\u00e9ment inscrite dans le paysage et dans la m\u00e9moire du village. Les vestiges mis au jour au XIX\u1d49 et au XX\u1d49 si\u00e8cle \u2014 ma\u00e7onneries enfouies, fragments de murs, cha\u00eenes, clefs massives, monnaies anciennes \u2014 rappellent la puissance de l\u2019ancienne forteresse et les drames qui s\u2019y sont d\u00e9roul\u00e9s. Le trac\u00e9 des rues, l\u2019emplacement de l\u2019\u00e9cluse, la pr\u00e9sence du d\u00e9versoir et les reliefs du terrain conservent encore, pour qui sait les lire, les contours de l\u2019\u00eele fortifi\u00e9e o\u00f9 s\u2019\u00e9levait autrefois le ch\u00e2teau. La chapelle castrale, devenue \u00e9glise paroissiale, perp\u00e9tue \u00e9galement une part de son h\u00e9ritage. Aujourd\u2019hui, il ne subsiste plus que des traces discr\u00e8tes, mais elles suffisent \u00e0 rappeler que Berlaimont fut longtemps un lieu strat\u00e9gique, un point de d\u00e9fense, un refuge et parfois un th\u00e9\u00e2tre de violence. Le ch\u00e2teau, disparu mais jamais oubli\u00e9, continue de vivre dans les archives, les fouilles, les r\u00e9cits anciens et le regard que les habitants portent sur leur histoire.<\/p>\n\n\n<div class=\"wp-block-image\">\n<figure class=\"aligncenter size-full is-resized\"><img data-recalc-dims=\"1\" loading=\"lazy\" decoding=\"async\" width=\"397\" height=\"279\" data-attachment-id=\"20006\" data-permalink=\"https:\/\/patrimoine-avesnois.fr\/chemin\/le-chateau-de-berlaimont\/captur-43\/\" data-orig-file=\"https:\/\/i0.wp.com\/patrimoine-avesnois.fr\/chemin\/wp-content\/uploads\/2024\/11\/Captur-1.jpg?fit=397%2C279&amp;ssl=1\" data-orig-size=\"397,279\" data-comments-opened=\"1\" data-image-meta=\"{&quot;aperture&quot;:&quot;0&quot;,&quot;credit&quot;:&quot;fr\\u00e9d\\u00e9ric carr\\u00e9&quot;,&quot;camera&quot;:&quot;&quot;,&quot;caption&quot;:&quot;&quot;,&quot;created_timestamp&quot;:&quot;1731962456&quot;,&quot;copyright&quot;:&quot;&quot;,&quot;focal_length&quot;:&quot;0&quot;,&quot;iso&quot;:&quot;0&quot;,&quot;shutter_speed&quot;:&quot;0&quot;,&quot;title&quot;:&quot;&quot;,&quot;orientation&quot;:&quot;0&quot;}\" data-image-title=\"Captur\" data-image-description=\"\" data-image-caption=\"\" data-large-file=\"https:\/\/i0.wp.com\/patrimoine-avesnois.fr\/chemin\/wp-content\/uploads\/2024\/11\/Captur-1.jpg?fit=397%2C279&amp;ssl=1\" src=\"https:\/\/i0.wp.com\/patrimoine-avesnois.fr\/chemin\/wp-content\/uploads\/2024\/11\/Captur-1.jpg?resize=397%2C279&#038;ssl=1\" alt=\"\" class=\"wp-image-20006\" style=\"width:533px;height:auto\" srcset=\"https:\/\/i0.wp.com\/patrimoine-avesnois.fr\/chemin\/wp-content\/uploads\/2024\/11\/Captur-1.jpg?w=397&amp;ssl=1 397w, https:\/\/i0.wp.com\/patrimoine-avesnois.fr\/chemin\/wp-content\/uploads\/2024\/11\/Captur-1.jpg?resize=300%2C211&amp;ssl=1 300w\" sizes=\"auto, (max-width: 397px) 85vw, 397px\" \/><\/figure>\n<\/div>\n\n\n<p class=\"wp-block-paragraph\"><\/p>\n\n\n\n<p class=\"has-text-align-center wp-block-paragraph\"><strong>FIN<\/strong><\/p>\n\n\n\n<p class=\"wp-block-paragraph\"><\/p>\n","protected":false},"excerpt":{"rendered":"<p>Avant d\u2019aborder l\u2019histoire m\u00e9di\u00e9vale du ch\u00e2teau de Berlaimont, il faut rappeler que le site lui\u2011m\u00eame poss\u00e8de une profondeur historique exceptionnelle. La rive droite de la Sambre, entre Aulnoye et Berlaimont, forme depuis l\u2019Antiquit\u00e9 un point de passage strat\u00e9gique : elle se situe \u00e0 proximit\u00e9 imm\u00e9diate de Bavay, capitale des Nerviens, et sur l\u2019axe naturel reliant &hellip; <a href=\"https:\/\/patrimoine-avesnois.fr\/chemin\/le-chateau-de-berlaimont\/\" class=\"more-link\">Continuer la lecture<span class=\"screen-reader-text\"> de &laquo;&nbsp;Le Ch\u00e2teau de Berlaimont : de son origine \u00e0 sa d\u00e9molition&nbsp;&raquo;<\/span><\/a><\/p>\n","protected":false},"author":2,"featured_media":0,"parent":0,"menu_order":0,"comment_status":"closed","ping_status":"closed","template":"","meta":{"footnotes":""},"class_list":["post-19959","page","type-page","status-publish","hentry"],"jetpack_sharing_enabled":true,"jetpack_shortlink":"https:\/\/wp.me\/PaOEkN-5bV","jetpack-related-posts":[],"_links":{"self":[{"href":"https:\/\/patrimoine-avesnois.fr\/chemin\/wp-json\/wp\/v2\/pages\/19959","targetHints":{"allow":["GET"]}}],"collection":[{"href":"https:\/\/patrimoine-avesnois.fr\/chemin\/wp-json\/wp\/v2\/pages"}],"about":[{"href":"https:\/\/patrimoine-avesnois.fr\/chemin\/wp-json\/wp\/v2\/types\/page"}],"author":[{"embeddable":true,"href":"https:\/\/patrimoine-avesnois.fr\/chemin\/wp-json\/wp\/v2\/users\/2"}],"replies":[{"embeddable":true,"href":"https:\/\/patrimoine-avesnois.fr\/chemin\/wp-json\/wp\/v2\/comments?post=19959"}],"version-history":[{"count":9,"href":"https:\/\/patrimoine-avesnois.fr\/chemin\/wp-json\/wp\/v2\/pages\/19959\/revisions"}],"predecessor-version":[{"id":28418,"href":"https:\/\/patrimoine-avesnois.fr\/chemin\/wp-json\/wp\/v2\/pages\/19959\/revisions\/28418"}],"wp:attachment":[{"href":"https:\/\/patrimoine-avesnois.fr\/chemin\/wp-json\/wp\/v2\/media?parent=19959"}],"curies":[{"name":"wp","href":"https:\/\/api.w.org\/{rel}","templated":true}]}}