{"id":20843,"date":"2025-01-28T18:24:41","date_gmt":"2025-01-28T17:24:41","guid":{"rendered":"https:\/\/patrimoine-avesnois.fr\/chemin\/?page_id=20843"},"modified":"2025-01-30T15:00:10","modified_gmt":"2025-01-30T14:00:10","slug":"lavesnois-autour-de-ses-legendes","status":"publish","type":"page","link":"https:\/\/patrimoine-avesnois.fr\/chemin\/lavesnois-autour-de-ses-legendes\/","title":{"rendered":"L\u2019Avesnois autour de ses l\u00e9gendes"},"content":{"rendered":"\n<h2 class=\"wp-block-heading has-dark-red-color has-text-color has-link-color wp-elements-fc945e49f74fae34c3a9756a64081a45\"><strong>Avesnes&nbsp;: <em>la l\u00e9gende des Mouches<\/em><\/strong><\/h2>\n\n\n<div class=\"wp-block-image\">\n<figure class=\"aligncenter size-full is-resized\"><img data-recalc-dims=\"1\" loading=\"lazy\" decoding=\"async\" width=\"631\" height=\"655\" data-attachment-id=\"20844\" data-permalink=\"https:\/\/patrimoine-avesnois.fr\/chemin\/lavesnois-autour-de-ses-legendes\/capture-592\/\" data-orig-file=\"https:\/\/i0.wp.com\/patrimoine-avesnois.fr\/chemin\/wp-content\/uploads\/2025\/01\/Capture-13.jpg?fit=631%2C655&amp;ssl=1\" data-orig-size=\"631,655\" data-comments-opened=\"1\" data-image-meta=\"{&quot;aperture&quot;:&quot;0&quot;,&quot;credit&quot;:&quot;CARRE&quot;,&quot;camera&quot;:&quot;&quot;,&quot;caption&quot;:&quot;&quot;,&quot;created_timestamp&quot;:&quot;1737887700&quot;,&quot;copyright&quot;:&quot;&quot;,&quot;focal_length&quot;:&quot;0&quot;,&quot;iso&quot;:&quot;0&quot;,&quot;shutter_speed&quot;:&quot;0&quot;,&quot;title&quot;:&quot;&quot;,&quot;orientation&quot;:&quot;0&quot;}\" data-image-title=\"Capture\" data-image-description=\"\" data-image-caption=\"\" data-large-file=\"https:\/\/i0.wp.com\/patrimoine-avesnois.fr\/chemin\/wp-content\/uploads\/2025\/01\/Capture-13.jpg?fit=631%2C655&amp;ssl=1\" src=\"https:\/\/i0.wp.com\/patrimoine-avesnois.fr\/chemin\/wp-content\/uploads\/2025\/01\/Capture-13.jpg?resize=631%2C655&#038;ssl=1\" alt=\"\" class=\"wp-image-20844\" style=\"width:469px;height:auto\" srcset=\"https:\/\/i0.wp.com\/patrimoine-avesnois.fr\/chemin\/wp-content\/uploads\/2025\/01\/Capture-13.jpg?w=631&amp;ssl=1 631w, https:\/\/i0.wp.com\/patrimoine-avesnois.fr\/chemin\/wp-content\/uploads\/2025\/01\/Capture-13.jpg?resize=289%2C300&amp;ssl=1 289w\" sizes=\"auto, (max-width: 631px) 85vw, 631px\" \/><figcaption class=\"wp-element-caption\">Notre Dame des Mouches<\/figcaption><\/figure>\n<\/div>\n\n\n<p>En 1498, alors que le Hainaut appartient aux Pays-Bas, les arm\u00e9es fran\u00e7aises assi\u00e8gent Avesnes, y p\u00e9n\u00e8trent le jour de la pr\u00e9sentation de N.D. au temple (21 novembre), et arrivent au portail de l\u2019\u00e9glise, o\u00f9 les habitants rassembl\u00e9s, assistent aux matines. Mais, tout \u00e0 coup, elles s\u2019arr\u00eatent comme frapp\u00e9es d\u2019\u00e9pouvante, se retirent avec pr\u00e9cipitation et s\u2019enfuient en s\u2019entre-tuant. Une d\u00e9livrance si inesp\u00e9r\u00e9e fut regard\u00e9e comme une gr\u00e2ce du ciel, et, dans l\u2019\u00e9lan d\u2019une pieuse reconnaissance, les imaginations ardentes se sont figur\u00e9 que la Vierge Marie \u00e9tait apparue aux assaillants, irrit\u00e9e et mena\u00e7ante, tenant une baguette blanche et leur lan\u00e7ant des essaims d&rsquo;abeilles.<\/p>\n\n\n<div class=\"wp-block-image\">\n<figure class=\"aligncenter size-full is-resized\"><img data-recalc-dims=\"1\" loading=\"lazy\" decoding=\"async\" width=\"464\" height=\"303\" data-attachment-id=\"20847\" data-permalink=\"https:\/\/patrimoine-avesnois.fr\/chemin\/lavesnois-autour-de-ses-legendes\/579_001-2\/\" data-orig-file=\"https:\/\/i0.wp.com\/patrimoine-avesnois.fr\/chemin\/wp-content\/uploads\/2025\/01\/579_001-1.jpg?fit=464%2C303&amp;ssl=1\" data-orig-size=\"464,303\" data-comments-opened=\"1\" data-image-meta=\"{&quot;aperture&quot;:&quot;0&quot;,&quot;credit&quot;:&quot;&quot;,&quot;camera&quot;:&quot;&quot;,&quot;caption&quot;:&quot;&quot;,&quot;created_timestamp&quot;:&quot;0&quot;,&quot;copyright&quot;:&quot;&quot;,&quot;focal_length&quot;:&quot;0&quot;,&quot;iso&quot;:&quot;0&quot;,&quot;shutter_speed&quot;:&quot;0&quot;,&quot;title&quot;:&quot;&quot;,&quot;orientation&quot;:&quot;0&quot;}\" data-image-title=\"579_001\" data-image-description=\"\" data-image-caption=\"\" data-large-file=\"https:\/\/i0.wp.com\/patrimoine-avesnois.fr\/chemin\/wp-content\/uploads\/2025\/01\/579_001-1.jpg?fit=464%2C303&amp;ssl=1\" src=\"https:\/\/i0.wp.com\/patrimoine-avesnois.fr\/chemin\/wp-content\/uploads\/2025\/01\/579_001-1.jpg?resize=464%2C303&#038;ssl=1\" alt=\"\" class=\"wp-image-20847\" style=\"width:516px;height:auto\" srcset=\"https:\/\/i0.wp.com\/patrimoine-avesnois.fr\/chemin\/wp-content\/uploads\/2025\/01\/579_001-1.jpg?w=464&amp;ssl=1 464w, https:\/\/i0.wp.com\/patrimoine-avesnois.fr\/chemin\/wp-content\/uploads\/2025\/01\/579_001-1.jpg?resize=300%2C196&amp;ssl=1 300w\" sizes=\"auto, (max-width: 464px) 85vw, 464px\" \/><figcaption class=\"wp-element-caption\">Centenaire N.D des Mouches. Carte postale vers 1910<\/figcaption><\/figure>\n<\/div>\n\n\n<p>Ce miracle a \u00e9t\u00e9 mentionn\u00e9 dans les registres de la confr\u00e9rie de N.D. de Bonsecours, folio 22 v\u00b0. Il a fait l\u2019objet vers 1780 d\u2019un tableau plac\u00e9 au dessus de l\u2019autel de la 3\u00e8 des chapelles lat\u00e9rales de droite en la coll\u00e9giale d\u2019Avesnes et au d\u00e9but des ann\u00e9es 1800 d\u2019une premi\u00e8re procession au nom de N.D des Mouches.<\/p>\n\n\n\n<h2 class=\"wp-block-heading has-dark-red-color has-text-color has-link-color wp-elements-2c5dd2a137efa5db187f7a39bbb3e863\"><strong>Bellignies : <em>la Pierre Croute<\/em><\/strong><\/h2>\n\n\n<div class=\"wp-block-image\">\n<figure class=\"aligncenter size-full is-resized\"><img data-recalc-dims=\"1\" loading=\"lazy\" decoding=\"async\" width=\"483\" height=\"604\" data-attachment-id=\"20850\" data-permalink=\"https:\/\/patrimoine-avesnois.fr\/chemin\/lavesnois-autour-de-ses-legendes\/pierre-croute-bellignies-2\/\" data-orig-file=\"https:\/\/i0.wp.com\/patrimoine-avesnois.fr\/chemin\/wp-content\/uploads\/2025\/01\/Pierre-Croute-bellignies-1.jpg?fit=483%2C604&amp;ssl=1\" data-orig-size=\"483,604\" data-comments-opened=\"1\" data-image-meta=\"{&quot;aperture&quot;:&quot;0&quot;,&quot;credit&quot;:&quot;CARRE&quot;,&quot;camera&quot;:&quot;&quot;,&quot;caption&quot;:&quot;&quot;,&quot;created_timestamp&quot;:&quot;1737890235&quot;,&quot;copyright&quot;:&quot;&quot;,&quot;focal_length&quot;:&quot;0&quot;,&quot;iso&quot;:&quot;0&quot;,&quot;shutter_speed&quot;:&quot;0&quot;,&quot;title&quot;:&quot;&quot;,&quot;orientation&quot;:&quot;0&quot;}\" data-image-title=\"Pierre Croute bellignies\" data-image-description=\"\" data-image-caption=\"\" data-large-file=\"https:\/\/i0.wp.com\/patrimoine-avesnois.fr\/chemin\/wp-content\/uploads\/2025\/01\/Pierre-Croute-bellignies-1.jpg?fit=483%2C604&amp;ssl=1\" src=\"https:\/\/i0.wp.com\/patrimoine-avesnois.fr\/chemin\/wp-content\/uploads\/2025\/01\/Pierre-Croute-bellignies-1.jpg?resize=483%2C604&#038;ssl=1\" alt=\"\" class=\"wp-image-20850\" style=\"width:470px;height:auto\" srcset=\"https:\/\/i0.wp.com\/patrimoine-avesnois.fr\/chemin\/wp-content\/uploads\/2025\/01\/Pierre-Croute-bellignies-1.jpg?w=483&amp;ssl=1 483w, https:\/\/i0.wp.com\/patrimoine-avesnois.fr\/chemin\/wp-content\/uploads\/2025\/01\/Pierre-Croute-bellignies-1.jpg?resize=240%2C300&amp;ssl=1 240w\" sizes=\"auto, (max-width: 483px) 85vw, 483px\" \/><figcaption class=\"wp-element-caption\">la Pierre Cro\u00fbte de Bellignies (l&rsquo;Autel de Bel)<\/figcaption><\/figure>\n<\/div>\n\n\n<p>Ce m\u00e9galithe dit de la pierre-croute (petra cryptae : pierre de la grotte) constitu\u00e9 d\u2019un bloc de calcaire de couleur jaun\u00e2tre &nbsp;\u00e9tait initialement dress\u00e9 &nbsp;\u00e0&nbsp;Houdain-lez-Bavay, sur un coteau perc\u00e9 de grottes non loin de l\u2019entr\u00e9e d\u2019un souterrain nomm\u00e9 le \u00ab&nbsp;Trou des Sarrazins&nbsp;\u00bb. <\/p>\n\n\n\n<p>En 1810, Jean-Baptiste Lambiez (1) pratiqua des fouilles au pied du bloc de pierre, y aurait d\u00e9couvert des os et des cornes avant de le faire d\u00e9placer dans le parc du ch\u00e2teau de Bellignies. Dou\u00e9 d&rsquo;une imagination exalt\u00e9e, l&rsquo;ancien pr\u00eatre y vu un autel consacr\u00e9 \u00e0 B\u00e9l\u00e9nos, le dieu solaire des Gaulois et \u00e0 qui il fallait selon lui attribuer l&rsquo;origine du village de Bellignies. <\/p>\n\n\n\n<p>Certains pr\u00e9historiens ont cru d\u00e9couvrir sur la pierre des gravures cupulaires repr\u00e9sentant le soleil et la constellation de la grande Ourse. Ces gravures t\u00e9moigneraient d&rsquo;un culte stellaire aujourd&rsquo;hui oubli\u00e9.<\/p>\n\n\n\n<p>(1) En religion P\u00e8re Gr\u00e9goire, du couvent des R\u00e9collets \u00e0 Givet puis \u00e0 Lille. D\u00e9froqu\u00e9 \u00e0 la R\u00e9volution. \u00ab\u00a0Antiquaire\u00a0\u00bb, journaliste et historien \u00e0 partir de 1790.<\/p>\n\n\n\n<h2 class=\"wp-block-heading has-dark-red-color has-text-color has-link-color wp-elements-d908f0967454c0eb6c6b4ad3c322c363\"><strong>Berlaimont&nbsp;: <em>la l\u00e9gende de Gilles de Chin<\/em><\/strong><\/h2>\n\n\n<div class=\"wp-block-image\">\n<figure class=\"aligncenter size-full is-resized\"><img data-recalc-dims=\"1\" loading=\"lazy\" decoding=\"async\" width=\"840\" height=\"465\" data-attachment-id=\"20853\" data-permalink=\"https:\/\/patrimoine-avesnois.fr\/chemin\/lavesnois-autour-de-ses-legendes\/image-1964\/\" data-orig-file=\"https:\/\/i0.wp.com\/patrimoine-avesnois.fr\/chemin\/wp-content\/uploads\/2025\/01\/image-51.png?fit=962%2C533&amp;ssl=1\" data-orig-size=\"962,533\" data-comments-opened=\"1\" data-image-meta=\"{&quot;aperture&quot;:&quot;0&quot;,&quot;credit&quot;:&quot;&quot;,&quot;camera&quot;:&quot;&quot;,&quot;caption&quot;:&quot;&quot;,&quot;created_timestamp&quot;:&quot;0&quot;,&quot;copyright&quot;:&quot;&quot;,&quot;focal_length&quot;:&quot;0&quot;,&quot;iso&quot;:&quot;0&quot;,&quot;shutter_speed&quot;:&quot;0&quot;,&quot;title&quot;:&quot;&quot;,&quot;orientation&quot;:&quot;0&quot;}\" data-image-title=\"image\" data-image-description=\"\" data-image-caption=\"\" data-large-file=\"https:\/\/i0.wp.com\/patrimoine-avesnois.fr\/chemin\/wp-content\/uploads\/2025\/01\/image-51.png?fit=840%2C465&amp;ssl=1\" src=\"https:\/\/i0.wp.com\/patrimoine-avesnois.fr\/chemin\/wp-content\/uploads\/2025\/01\/image-51.png?resize=840%2C465&#038;ssl=1\" alt=\"\" class=\"wp-image-20853\" style=\"width:542px;height:auto\" srcset=\"https:\/\/i0.wp.com\/patrimoine-avesnois.fr\/chemin\/wp-content\/uploads\/2025\/01\/image-51.png?w=962&amp;ssl=1 962w, https:\/\/i0.wp.com\/patrimoine-avesnois.fr\/chemin\/wp-content\/uploads\/2025\/01\/image-51.png?resize=300%2C166&amp;ssl=1 300w, https:\/\/i0.wp.com\/patrimoine-avesnois.fr\/chemin\/wp-content\/uploads\/2025\/01\/image-51.png?resize=768%2C426&amp;ssl=1 768w\" sizes=\"auto, (max-width: 709px) 85vw, (max-width: 909px) 67vw, (max-width: 1362px) 62vw, 840px\" \/><figcaption class=\"wp-element-caption\">Le Bouzouc<\/figcaption><\/figure>\n<\/div>\n\n\n<p>Gilles de Chin, premier chambellan des comtes de Hainaut, tua dans les marais de Wasmes, pr\u00e8s de Mons, un dragon terrible qui d\u00e9cimait toute la contr\u00e9e. Cette l\u00e9gende a son explication naturelle. En l\u00e9guant \u00e0 l\u2019abbaye de Saint Guislain toute proche une partie du territoire de Wasmes, Gilles fit ass\u00e9cher les marais qui le recouvraient. Or, au moyen \u00e2ge, la r\u00e9gression des eaux s\u2019expliquait dans la croyance populaire par la destruction d\u2019un dragon, dont l\u2019haleine rendait les lieux insalubres. <\/p>\n\n\n\n<p>Pris de passion pour cette l\u00e9gende, un Berlaimontois, Louis Debionne cr\u00e9a en 1923 de toute pi\u00e8ce un dragon qu&rsquo;il baptisa Bouzouc. Chaque ann\u00e9e, la commune organise un cort\u00e8ge o\u00f9 l\u2019on prom\u00e8ne le fameux dragon.<\/p>\n\n\n\n<h2 class=\"wp-block-heading has-dark-red-color has-text-color has-link-color wp-elements-90b8b890c4ed3503b75fa8f5ce16c7ad\">Bousignies-sur-Roc&nbsp;: <em>la Fontaine P\u00e9trifiante<\/em><\/h2>\n\n\n\n<figure class=\"wp-block-gallery has-nested-images columns-default is-cropped wp-block-gallery-1 is-layout-flex wp-block-gallery-is-layout-flex\">\n<figure class=\"wp-block-image size-full\"><img data-recalc-dims=\"1\" loading=\"lazy\" decoding=\"async\" width=\"526\" height=\"658\" data-attachment-id=\"20862\" data-permalink=\"https:\/\/patrimoine-avesnois.fr\/chemin\/lavesnois-autour-de-ses-legendes\/capture-596\/\" data-orig-file=\"https:\/\/i0.wp.com\/patrimoine-avesnois.fr\/chemin\/wp-content\/uploads\/2025\/01\/Capture-17.jpg?fit=526%2C658&amp;ssl=1\" data-orig-size=\"526,658\" data-comments-opened=\"1\" data-image-meta=\"{&quot;aperture&quot;:&quot;0&quot;,&quot;credit&quot;:&quot;CARRE&quot;,&quot;camera&quot;:&quot;&quot;,&quot;caption&quot;:&quot;&quot;,&quot;created_timestamp&quot;:&quot;1737899483&quot;,&quot;copyright&quot;:&quot;&quot;,&quot;focal_length&quot;:&quot;0&quot;,&quot;iso&quot;:&quot;0&quot;,&quot;shutter_speed&quot;:&quot;0&quot;,&quot;title&quot;:&quot;&quot;,&quot;orientation&quot;:&quot;0&quot;}\" data-image-title=\"Capture\" data-image-description=\"\" data-image-caption=\"\" data-large-file=\"https:\/\/i0.wp.com\/patrimoine-avesnois.fr\/chemin\/wp-content\/uploads\/2025\/01\/Capture-17.jpg?fit=526%2C658&amp;ssl=1\" data-id=\"20862\" src=\"https:\/\/i0.wp.com\/patrimoine-avesnois.fr\/chemin\/wp-content\/uploads\/2025\/01\/Capture-17.jpg?resize=526%2C658&#038;ssl=1\" alt=\"\" class=\"wp-image-20862\" srcset=\"https:\/\/i0.wp.com\/patrimoine-avesnois.fr\/chemin\/wp-content\/uploads\/2025\/01\/Capture-17.jpg?w=526&amp;ssl=1 526w, https:\/\/i0.wp.com\/patrimoine-avesnois.fr\/chemin\/wp-content\/uploads\/2025\/01\/Capture-17.jpg?resize=240%2C300&amp;ssl=1 240w\" sizes=\"auto, (max-width: 526px) 85vw, 526px\" \/><\/figure>\n\n\n\n<figure class=\"wp-block-image size-large\"><img data-recalc-dims=\"1\" loading=\"lazy\" decoding=\"async\" width=\"538\" height=\"672\" data-attachment-id=\"20866\" data-permalink=\"https:\/\/patrimoine-avesnois.fr\/chemin\/lavesnois-autour-de-ses-legendes\/capture-597\/\" data-orig-file=\"https:\/\/i0.wp.com\/patrimoine-avesnois.fr\/chemin\/wp-content\/uploads\/2025\/01\/Capture-18.jpg?fit=538%2C672&amp;ssl=1\" data-orig-size=\"538,672\" data-comments-opened=\"1\" data-image-meta=\"{&quot;aperture&quot;:&quot;0&quot;,&quot;credit&quot;:&quot;CARRE&quot;,&quot;camera&quot;:&quot;&quot;,&quot;caption&quot;:&quot;&quot;,&quot;created_timestamp&quot;:&quot;1737900091&quot;,&quot;copyright&quot;:&quot;&quot;,&quot;focal_length&quot;:&quot;0&quot;,&quot;iso&quot;:&quot;0&quot;,&quot;shutter_speed&quot;:&quot;0&quot;,&quot;title&quot;:&quot;&quot;,&quot;orientation&quot;:&quot;0&quot;}\" data-image-title=\"Capture\" data-image-description=\"\" data-image-caption=\"\" data-large-file=\"https:\/\/i0.wp.com\/patrimoine-avesnois.fr\/chemin\/wp-content\/uploads\/2025\/01\/Capture-18.jpg?fit=538%2C672&amp;ssl=1\" data-id=\"20866\" src=\"https:\/\/i0.wp.com\/patrimoine-avesnois.fr\/chemin\/wp-content\/uploads\/2025\/01\/Capture-18.jpg?resize=538%2C672&#038;ssl=1\" alt=\"\" class=\"wp-image-20866\" srcset=\"https:\/\/i0.wp.com\/patrimoine-avesnois.fr\/chemin\/wp-content\/uploads\/2025\/01\/Capture-18.jpg?w=538&amp;ssl=1 538w, https:\/\/i0.wp.com\/patrimoine-avesnois.fr\/chemin\/wp-content\/uploads\/2025\/01\/Capture-18.jpg?resize=240%2C300&amp;ssl=1 240w\" sizes=\"auto, (max-width: 538px) 85vw, 538px\" \/><\/figure>\n\n\n\n<figure class=\"wp-block-image size-large\"><img data-recalc-dims=\"1\" loading=\"lazy\" decoding=\"async\" width=\"413\" height=\"516\" data-attachment-id=\"20860\" data-permalink=\"https:\/\/patrimoine-avesnois.fr\/chemin\/lavesnois-autour-de-ses-legendes\/source-bousignies-sur-roc-3\/\" data-orig-file=\"https:\/\/i0.wp.com\/patrimoine-avesnois.fr\/chemin\/wp-content\/uploads\/2025\/01\/Source-Bousignies-sur-Roc-2.jpg?fit=413%2C516&amp;ssl=1\" data-orig-size=\"413,516\" data-comments-opened=\"1\" data-image-meta=\"{&quot;aperture&quot;:&quot;0&quot;,&quot;credit&quot;:&quot;CARRE&quot;,&quot;camera&quot;:&quot;&quot;,&quot;caption&quot;:&quot;&quot;,&quot;created_timestamp&quot;:&quot;1737899138&quot;,&quot;copyright&quot;:&quot;&quot;,&quot;focal_length&quot;:&quot;0&quot;,&quot;iso&quot;:&quot;0&quot;,&quot;shutter_speed&quot;:&quot;0&quot;,&quot;title&quot;:&quot;&quot;,&quot;orientation&quot;:&quot;0&quot;}\" data-image-title=\"Source Bousignies sur Roc\" data-image-description=\"\" data-image-caption=\"\" data-large-file=\"https:\/\/i0.wp.com\/patrimoine-avesnois.fr\/chemin\/wp-content\/uploads\/2025\/01\/Source-Bousignies-sur-Roc-2.jpg?fit=413%2C516&amp;ssl=1\" data-id=\"20860\" src=\"https:\/\/i0.wp.com\/patrimoine-avesnois.fr\/chemin\/wp-content\/uploads\/2025\/01\/Source-Bousignies-sur-Roc-2.jpg?resize=413%2C516&#038;ssl=1\" alt=\"\" class=\"wp-image-20860\" srcset=\"https:\/\/i0.wp.com\/patrimoine-avesnois.fr\/chemin\/wp-content\/uploads\/2025\/01\/Source-Bousignies-sur-Roc-2.jpg?w=413&amp;ssl=1 413w, https:\/\/i0.wp.com\/patrimoine-avesnois.fr\/chemin\/wp-content\/uploads\/2025\/01\/Source-Bousignies-sur-Roc-2.jpg?resize=240%2C300&amp;ssl=1 240w\" sizes=\"auto, (max-width: 413px) 85vw, 413px\" \/><\/figure>\n<\/figure>\n\n\n\n<p class=\"has-text-align-center\"><\/p>\n\n\n\n<p>Cette&nbsp;fontaine&nbsp;dite \u00ab p\u00e9trifiante \u00bb est du m\u00eame type que celle de Saint-Alyre, pr\u00e8s de Clermont-Ferrand. Ses eaux naturellement satur\u00e9es en carbonate de chaux ont la propri\u00e9t\u00e9 de donner l&rsquo;apparence de la pierre aux objets qui y sont d\u00e9pos\u00e9s.<\/p>\n\n\n\n<p>Elle se trouve au sommet d\u2019une colline bois\u00e9e, nomm\u00e9e Bois de Squinchaux, et se jette dans la Hante, \u00e0 quelques centaines de m\u00e8tres de sa source.<\/p>\n\n\n\n<h2 class=\"wp-block-heading has-dark-red-color has-text-color has-link-color wp-elements-548446c8b10470692917127f3fa1defe\">Dompierre-sur-Helpe : <em>le b\u00e2ton de Saint Etton<\/em><\/h2>\n\n\n<div class=\"wp-block-image\">\n<figure class=\"aligncenter size-full is-resized\"><img data-recalc-dims=\"1\" loading=\"lazy\" decoding=\"async\" width=\"450\" height=\"599\" data-attachment-id=\"20868\" data-permalink=\"https:\/\/patrimoine-avesnois.fr\/chemin\/lavesnois-autour-de-ses-legendes\/image-1965\/\" data-orig-file=\"https:\/\/i0.wp.com\/patrimoine-avesnois.fr\/chemin\/wp-content\/uploads\/2025\/01\/image-52.png?fit=450%2C599&amp;ssl=1\" data-orig-size=\"450,599\" data-comments-opened=\"1\" data-image-meta=\"{&quot;aperture&quot;:&quot;0&quot;,&quot;credit&quot;:&quot;&quot;,&quot;camera&quot;:&quot;&quot;,&quot;caption&quot;:&quot;&quot;,&quot;created_timestamp&quot;:&quot;0&quot;,&quot;copyright&quot;:&quot;&quot;,&quot;focal_length&quot;:&quot;0&quot;,&quot;iso&quot;:&quot;0&quot;,&quot;shutter_speed&quot;:&quot;0&quot;,&quot;title&quot;:&quot;&quot;,&quot;orientation&quot;:&quot;0&quot;}\" data-image-title=\"image\" data-image-description=\"\" data-image-caption=\"\" data-large-file=\"https:\/\/i0.wp.com\/patrimoine-avesnois.fr\/chemin\/wp-content\/uploads\/2025\/01\/image-52.png?fit=450%2C599&amp;ssl=1\" src=\"https:\/\/i0.wp.com\/patrimoine-avesnois.fr\/chemin\/wp-content\/uploads\/2025\/01\/image-52.png?resize=450%2C599&#038;ssl=1\" alt=\"\" class=\"wp-image-20868\" style=\"width:374px;height:auto\" srcset=\"https:\/\/i0.wp.com\/patrimoine-avesnois.fr\/chemin\/wp-content\/uploads\/2025\/01\/image-52.png?w=450&amp;ssl=1 450w, https:\/\/i0.wp.com\/patrimoine-avesnois.fr\/chemin\/wp-content\/uploads\/2025\/01\/image-52.png?resize=225%2C300&amp;ssl=1 225w\" sizes=\"auto, (max-width: 450px) 85vw, 450px\" \/><figcaption class=\"wp-element-caption\"><em>La Fontaine St Etton&nbsp;<\/em><a href=\"https:\/\/www.google.fr\/maps\/@50.1426815,3.864352,3a,30y,216.34h,77.94t\/data=!3m6!1e1!3m4!1sb4zMsIzdFaB408OU_pbyOg!2e0!7i16384!8i8192?hl=fr\" target=\"_blank\" rel=\"noreferrer noopener\">Rue de la Brasserie<\/a><\/figcaption><\/figure>\n<\/div>\n\n\n<p>Au VII e si\u00e8cle, un religieux irlandais, Etton, vint s\u2019\u00e9tablir \u00e0 Fuchaux, au bord de la chauss\u00e9e romaine, en un lieu appel\u00e9 Villers-en-Thi\u00e9rache, dont Jovin \u00e9tait le seigneur.<\/p>\n\n\n\n<p>Il se mit \u00e0 d\u00e9fricher le sol avec quelques disciples, quand Jovin, furieux de se voir d\u00e9poss\u00e9d\u00e9, accourut et osa porter la main sur Etton. La main demeura attach\u00e9e au manteau du saint et se dess\u00e9cha aussit\u00f4t. Mais Etton, voulant donner un gage de toute puissance de la pri\u00e8re, d\u00e9livra par ses oraisons la main sacril\u00e8ge, et Jovin en recouvra l\u2019usage. En reconnaissance de ce miracle, Jovin mit les religieux en possession des biens qu\u2019il avait.<\/p>\n\n\n\n<p>Un jour, saint Etton trouva endormi dans une prairie un bouvier, muet de naissance, qui se trouvait au milieu de son troupeau. Le saint le toucha de son b\u00e2ton, et le paysan se mit \u00e0 parler. Telle est l\u2019origine des baguettes de saint Etton. <\/p>\n\n\n\n<p>La fontaine qui se trouve \u00e0 quelques m\u00e8tres au del\u00e0 de l&rsquo;\u00e9glise est orn\u00e9e de la statut du saint. C&rsquo;est l\u00e0 que, selon la tradition, Jovin fut baptis\u00e9 apr\u00e8s sa conversion. <\/p>\n\n\n<div class=\"wp-block-image\">\n<figure class=\"aligncenter size-full is-resized\"><img data-recalc-dims=\"1\" loading=\"lazy\" decoding=\"async\" width=\"507\" height=\"669\" data-attachment-id=\"20877\" data-permalink=\"https:\/\/patrimoine-avesnois.fr\/chemin\/lavesnois-autour-de-ses-legendes\/image-1968\/\" data-orig-file=\"https:\/\/i0.wp.com\/patrimoine-avesnois.fr\/chemin\/wp-content\/uploads\/2025\/01\/image-55.png?fit=507%2C669&amp;ssl=1\" data-orig-size=\"507,669\" data-comments-opened=\"1\" data-image-meta=\"{&quot;aperture&quot;:&quot;0&quot;,&quot;credit&quot;:&quot;&quot;,&quot;camera&quot;:&quot;&quot;,&quot;caption&quot;:&quot;&quot;,&quot;created_timestamp&quot;:&quot;0&quot;,&quot;copyright&quot;:&quot;&quot;,&quot;focal_length&quot;:&quot;0&quot;,&quot;iso&quot;:&quot;0&quot;,&quot;shutter_speed&quot;:&quot;0&quot;,&quot;title&quot;:&quot;&quot;,&quot;orientation&quot;:&quot;0&quot;}\" data-image-title=\"image\" data-image-description=\"\" data-image-caption=\"\" data-large-file=\"https:\/\/i0.wp.com\/patrimoine-avesnois.fr\/chemin\/wp-content\/uploads\/2025\/01\/image-55.png?fit=507%2C669&amp;ssl=1\" src=\"https:\/\/i0.wp.com\/patrimoine-avesnois.fr\/chemin\/wp-content\/uploads\/2025\/01\/image-55.png?resize=507%2C669&#038;ssl=1\" alt=\"\" class=\"wp-image-20877\" style=\"width:345px;height:auto\" srcset=\"https:\/\/i0.wp.com\/patrimoine-avesnois.fr\/chemin\/wp-content\/uploads\/2025\/01\/image-55.png?w=507&amp;ssl=1 507w, https:\/\/i0.wp.com\/patrimoine-avesnois.fr\/chemin\/wp-content\/uploads\/2025\/01\/image-55.png?resize=227%2C300&amp;ssl=1 227w\" sizes=\"auto, (max-width: 507px) 85vw, 507px\" \/><\/figure>\n<\/div>\n\n\n<p>Le jour de l\u2019Ascension, un grand nombre de p\u00e8lerins viennent tremper une baguette de coudrier dans cette fontaine miraculeuse avant de la faire b\u00e9nir par le pr\u00eatre. Une fois \u00e0 leur maison, ils frottaient la baguette sur l&rsquo;\u00e9chine des vaches : et c&rsquo;\u00e9tait une superbe production laiti\u00e8re assur\u00e9e pour l&rsquo;ann\u00e9e. Si de mauvaises langues appellent saint Etton saint Teton ne les croyez pas !<\/p>\n\n\n\n<h2 class=\"wp-block-heading has-dark-red-color has-text-color has-link-color wp-elements-8b66b8e6d4a38ba93289861c82448b31\">Englefontaine : <em>la fontaine Saint Georges<\/em><\/h2>\n\n\n<div class=\"wp-block-image\">\n<figure class=\"aligncenter size-full is-resized\"><img data-recalc-dims=\"1\" loading=\"lazy\" decoding=\"async\" width=\"840\" height=\"534\" data-attachment-id=\"20873\" data-permalink=\"https:\/\/patrimoine-avesnois.fr\/chemin\/lavesnois-autour-de-ses-legendes\/capture-598\/\" data-orig-file=\"https:\/\/i0.wp.com\/patrimoine-avesnois.fr\/chemin\/wp-content\/uploads\/2025\/01\/Capture-19.jpg?fit=886%2C563&amp;ssl=1\" data-orig-size=\"886,563\" data-comments-opened=\"1\" data-image-meta=\"{&quot;aperture&quot;:&quot;0&quot;,&quot;credit&quot;:&quot;CARRE&quot;,&quot;camera&quot;:&quot;&quot;,&quot;caption&quot;:&quot;&quot;,&quot;created_timestamp&quot;:&quot;1737902818&quot;,&quot;copyright&quot;:&quot;&quot;,&quot;focal_length&quot;:&quot;0&quot;,&quot;iso&quot;:&quot;0&quot;,&quot;shutter_speed&quot;:&quot;0&quot;,&quot;title&quot;:&quot;&quot;,&quot;orientation&quot;:&quot;0&quot;}\" data-image-title=\"Capture\" data-image-description=\"\" data-image-caption=\"\" data-large-file=\"https:\/\/i0.wp.com\/patrimoine-avesnois.fr\/chemin\/wp-content\/uploads\/2025\/01\/Capture-19.jpg?fit=840%2C534&amp;ssl=1\" src=\"https:\/\/i0.wp.com\/patrimoine-avesnois.fr\/chemin\/wp-content\/uploads\/2025\/01\/Capture-19.jpg?resize=840%2C534&#038;ssl=1\" alt=\"\" class=\"wp-image-20873\" style=\"width:542px;height:auto\" srcset=\"https:\/\/i0.wp.com\/patrimoine-avesnois.fr\/chemin\/wp-content\/uploads\/2025\/01\/Capture-19.jpg?w=886&amp;ssl=1 886w, https:\/\/i0.wp.com\/patrimoine-avesnois.fr\/chemin\/wp-content\/uploads\/2025\/01\/Capture-19.jpg?resize=300%2C191&amp;ssl=1 300w, https:\/\/i0.wp.com\/patrimoine-avesnois.fr\/chemin\/wp-content\/uploads\/2025\/01\/Capture-19.jpg?resize=768%2C488&amp;ssl=1 768w\" sizes=\"auto, (max-width: 709px) 85vw, (max-width: 909px) 67vw, (max-width: 1362px) 62vw, 840px\" \/><figcaption class=\"wp-element-caption\">La fontaine saint Georges<\/figcaption><\/figure>\n<\/div>\n\n\n<p>La l\u00e9gende veut que des Anglais traversant autrefois la r\u00e9gion et tourment\u00e9s par la soif pri\u00e8rent leur patron saint Georges. celui-ci leur aurait apparu; son cheval aurait frapp\u00e9 le sol de son sabot, et la source  aurait jailli \u00e0 l&rsquo;instant m\u00eame. Les eaux miraculeuses attiraient encore au milieu du XX e si\u00e8cle de nombreux p\u00e8lerins car elles soignaient les maladies de peau et les probl\u00e8mes oculaires.<\/p>\n\n\n\n<h2 class=\"wp-block-heading has-dark-red-color has-text-color has-link-color wp-elements-9cb5f6260e55a3a2915e01cf3703c649\">La for\u00eat de Mormal et ses l\u00e9gendes<\/h2>\n\n\n<div class=\"wp-block-image\">\n<figure class=\"aligncenter size-full is-resized\"><img data-recalc-dims=\"1\" loading=\"lazy\" decoding=\"async\" width=\"400\" height=\"586\" data-attachment-id=\"20880\" data-permalink=\"https:\/\/patrimoine-avesnois.fr\/chemin\/lavesnois-autour-de-ses-legendes\/histoire-contes-et-legendes-de-la-foret-de-mormal\/\" data-orig-file=\"https:\/\/i0.wp.com\/patrimoine-avesnois.fr\/chemin\/wp-content\/uploads\/2025\/01\/Histoire-contes-et-legendes-de-la-foret-de-Mormal.jpg?fit=400%2C586&amp;ssl=1\" data-orig-size=\"400,586\" data-comments-opened=\"1\" data-image-meta=\"{&quot;aperture&quot;:&quot;0&quot;,&quot;credit&quot;:&quot;&quot;,&quot;camera&quot;:&quot;&quot;,&quot;caption&quot;:&quot;&quot;,&quot;created_timestamp&quot;:&quot;0&quot;,&quot;copyright&quot;:&quot;&quot;,&quot;focal_length&quot;:&quot;0&quot;,&quot;iso&quot;:&quot;0&quot;,&quot;shutter_speed&quot;:&quot;0&quot;,&quot;title&quot;:&quot;&quot;,&quot;orientation&quot;:&quot;0&quot;}\" data-image-title=\"Histoire-contes-et-legendes-de-la-foret-de-Mormal\" data-image-description=\"\" data-image-caption=\"\" data-large-file=\"https:\/\/i0.wp.com\/patrimoine-avesnois.fr\/chemin\/wp-content\/uploads\/2025\/01\/Histoire-contes-et-legendes-de-la-foret-de-Mormal.jpg?fit=400%2C586&amp;ssl=1\" src=\"https:\/\/i0.wp.com\/patrimoine-avesnois.fr\/chemin\/wp-content\/uploads\/2025\/01\/Histoire-contes-et-legendes-de-la-foret-de-Mormal.jpg?resize=400%2C586&#038;ssl=1\" alt=\"\" class=\"wp-image-20880\" style=\"width:345px\" srcset=\"https:\/\/i0.wp.com\/patrimoine-avesnois.fr\/chemin\/wp-content\/uploads\/2025\/01\/Histoire-contes-et-legendes-de-la-foret-de-Mormal.jpg?w=400&amp;ssl=1 400w, https:\/\/i0.wp.com\/patrimoine-avesnois.fr\/chemin\/wp-content\/uploads\/2025\/01\/Histoire-contes-et-legendes-de-la-foret-de-Mormal.jpg?resize=205%2C300&amp;ssl=1 205w\" sizes=\"auto, (max-width: 400px) 85vw, 400px\" \/><\/figure>\n<\/div>\n\n\n<p><strong>Un petit homme rouge<\/strong><\/p>\n\n\n\n<p>Il \u00e9tait courant de rencontrer le soir dans la for\u00eat un petit homme ventru, v\u00eatu d&rsquo;un costume rouge pas plus haut qu\u2019une botte de cavalier. Il \u00e9tait redout\u00e9 pour infliger des punitions.<\/p>\n\n\n\n<p><strong>Un petit dragon rouge<\/strong><\/p>\n\n\n\n<p>Un petit dragon rouge errait parmi les elfes et autres lutins dans la for\u00eat de Mormal, mais contrairement \u00e0 ses pairs, il ne crachait pas du feu, mais&#8230; de l&rsquo;eau.<\/p>\n\n\n\n<p><strong>Le tombeau de Gargantua&nbsp;?<\/strong><\/p>\n\n\n\n<p>D&rsquo;apr\u00e8s la l\u00e9gende, le c\u00e9l\u00e8bre g\u00e9ant Gargantua, d\u00e9crit par Rabelais au XVIe si\u00e8cle, ogre n\u00e9 de l&rsquo;oreille de sa m\u00e8re, serait enterr\u00e9 dans la for\u00eat, au lieu dit \u00ab\u00a0Morgnies\u00a0\u00bb \u00e0 la sortie de Locquignol. En r\u00e9alit\u00e9 ce qui est consid\u00e9r\u00e9 comme sa tombe est un tumulus du VIIe si\u00e8cle avant JC.<\/p>\n\n\n\n<p><strong>La l\u00e9gende du Sarrazin<\/strong><\/p>\n\n\n\n<p>Un riche Sarrazin vivant dans la r\u00e9gion voulait \u00e9pouser la fille d\u2019un fermier. Celle-ci, oppos\u00e9e \u00e0 cette union, demanda au Sarrazin de rechercher une source que jamais personne n\u2019avait pu localiser. D\u00e9termin\u00e9, le Sarrazin trouva la source mais la jeune fille prise de panique, fit reboucher le trou, provoquant la col\u00e8re de son pr\u00e9tendant qui repartit chez lui. <\/p>\n\n\n\n<p>La l\u00e9gende raconte alors que quelques ann\u00e9es plus tard, les enfants de cette jeune fille partis cueillir des champignons furent soudainement engloutis dans le sol \u00e0 l&rsquo;endroit m\u00eame de la source du Sarrazin.<\/p>\n\n\n\n<p><strong>Des fontaines aux diverses vertus<\/strong><\/p>\n\n\n\n<p>La fontaine de Malgueule avait pour renomm\u00e9e de soigner les douleurs tandis que la fontaine Guyot celle de gu\u00e9rir les maladies des yeux. Quant au point d\u2019eau dit de La flaquette o\u00f9 une chapelle a \u00e9t\u00e9 \u00e9rig\u00e9e elle avait pour vertu de soigner les rhumatismes.<\/p>\n\n\n\n<p>Source principale : &nbsp;\u00ab Histoire, contes et l\u00e9gendes de la&nbsp;<em>for\u00eat de Mormal<\/em>&nbsp;\u00bb. Christian Andr\u00e9az<\/p>\n\n\n\n<p><strong>Le Quesne au leu<\/strong><\/p>\n\n\n\n<p>Le lieu-dit le Quesne est une clairi\u00e8re situ\u00e9e dans la for\u00eat de Mormal non loin d\u2019Audignies. Sa l\u00e9gende remonte \u00e0 la fin du Moyen-\u00e2ge o\u00f9 les loups (ou leu) y \u00e9taient pr\u00e9sents. Les bergers se plaignaient de leurs attaques, et les chasseurs posaient des pi\u00e8ges dans le but de les tuer.<\/p>\n\n\n\n<p>Une vieille femme vivait en ermite dans cette clairi\u00e8re, \u00e0 l\u2019ombre de ch\u00eanes centenaires. Seuls les loups acceptaient sa pr\u00e9sence et cela faisait bien s\u00fbr jaser les villageois qui lui pr\u00eataient des pouvoirs de sorci\u00e8re.<\/p>\n\n\n\n<p>Un soir d\u2019automne, elle vit devant sa cabane un grand loup m\u00e2le gris qui lui demanda de l\u2019aide. Elle le suivit sans crainte et trouva sa femelle, la patte avant broy\u00e9e par un pi\u00e8ge. La vieille dame parvint \u00e0 la d\u00e9gager, et la ramena \u00e0 sa cabane pour la soigner. Malheureusement, la louve mourut trois jours apr\u00e8s. Elle l\u2019enterra au pied du grand ch\u00eane, \u00e0 quelques m\u00e8tres \u00e0 peine de sa cabane. Le grand m\u00e2le gris ne s\u2019en remit jamais. Il resta couch\u00e9 au pied du vieil arbre, attendant la mort. Sa fid\u00e9lit\u00e9 et le chagrin l\u2019emport\u00e8rent en moins de deux semaines. La bonne vieille l\u2019enterra, en face du premier ch\u00eane.<\/p>\n\n\n\n<p>C&rsquo;est alors qu&rsquo;un \u00e9trange \u00e9v\u00e8nement se produisit quelques jours plus tard avec l&rsquo;entrem\u00ealement des hautes branches des deux ch\u00eanes en un magnifique arc de cercle. Selon la l\u00e9gende, les nuits de pleine lune on pouvait entendre le chant d\u2019amour du grand loup gris \u00e0 sa femelle. <\/p>\n\n\n\n<p>L\u2019un des deux ch\u00eanes, \u00e2g\u00e9 de plus de 600&nbsp;ans, a \u00e9t\u00e9 d\u00e9racin\u00e9 par une temp\u00eate \u00e0 la fin des ann\u00e9es&nbsp;1980. L&rsquo;amour des deux loups s&rsquo;est il interrompu pour autant ? Une autre tradition locale veut qu\u2019il y ait eu \u00e0 cet endroit une chasse au loup et une pendaison de celui-ci.<\/p>\n\n\n\n<p> Source : <a href=\"https:\/\/reves-de-plume-23.eklablog.com\/la-legende-du-quesne-au-leu-le-chene-au-loup-nord-a132359592\" data-type=\"link\" data-id=\"https:\/\/reves-de-plume-23.eklablog.com\/la-legende-du-quesne-au-leu-le-chene-au-loup-nord-a132359592\" target=\"_blank\" rel=\"noreferrer noopener\">R\u00eaves de plumes<\/a><\/p>\n\n\n\n<h2 class=\"wp-block-heading has-dark-red-color has-text-color has-link-color wp-elements-c5a8389a8fecdffc50200ce9d562c9be\">Floyon : <em>la fontaine miraculeuse de Saint Ursmer<\/em> <\/h2>\n\n\n<div class=\"wp-block-image\">\n<figure class=\"aligncenter size-full is-resized\"><img data-recalc-dims=\"1\" loading=\"lazy\" decoding=\"async\" width=\"800\" height=\"600\" data-attachment-id=\"20884\" data-permalink=\"https:\/\/patrimoine-avesnois.fr\/chemin\/lavesnois-autour-de-ses-legendes\/fontenelle_aisne_fr_chapelle_de_letang\/\" data-orig-file=\"https:\/\/i0.wp.com\/patrimoine-avesnois.fr\/chemin\/wp-content\/uploads\/2025\/01\/Fontenelle_Aisne_Fr_chapelle_de_letang.jpg?fit=800%2C600&amp;ssl=1\" data-orig-size=\"800,600\" data-comments-opened=\"1\" data-image-meta=\"{&quot;aperture&quot;:&quot;0&quot;,&quot;credit&quot;:&quot;&quot;,&quot;camera&quot;:&quot;&quot;,&quot;caption&quot;:&quot;&quot;,&quot;created_timestamp&quot;:&quot;0&quot;,&quot;copyright&quot;:&quot;&quot;,&quot;focal_length&quot;:&quot;0&quot;,&quot;iso&quot;:&quot;0&quot;,&quot;shutter_speed&quot;:&quot;0&quot;,&quot;title&quot;:&quot;&quot;,&quot;orientation&quot;:&quot;0&quot;}\" data-image-title=\"Fontenelle_(Aisne,_Fr)_chapelle_de_l&amp;rsquo;\u00e9tang\" data-image-description=\"\" data-image-caption=\"\" data-large-file=\"https:\/\/i0.wp.com\/patrimoine-avesnois.fr\/chemin\/wp-content\/uploads\/2025\/01\/Fontenelle_Aisne_Fr_chapelle_de_letang.jpg?fit=800%2C600&amp;ssl=1\" src=\"https:\/\/i0.wp.com\/patrimoine-avesnois.fr\/chemin\/wp-content\/uploads\/2025\/01\/Fontenelle_Aisne_Fr_chapelle_de_letang.jpg?resize=800%2C600&#038;ssl=1\" alt=\"\" class=\"wp-image-20884\" style=\"width:498px;height:auto\" srcset=\"https:\/\/i0.wp.com\/patrimoine-avesnois.fr\/chemin\/wp-content\/uploads\/2025\/01\/Fontenelle_Aisne_Fr_chapelle_de_letang.jpg?w=800&amp;ssl=1 800w, https:\/\/i0.wp.com\/patrimoine-avesnois.fr\/chemin\/wp-content\/uploads\/2025\/01\/Fontenelle_Aisne_Fr_chapelle_de_letang.jpg?resize=300%2C225&amp;ssl=1 300w, https:\/\/i0.wp.com\/patrimoine-avesnois.fr\/chemin\/wp-content\/uploads\/2025\/01\/Fontenelle_Aisne_Fr_chapelle_de_letang.jpg?resize=768%2C576&amp;ssl=1 768w\" sizes=\"auto, (max-width: 800px) 85vw, 800px\" \/><figcaption class=\"wp-element-caption\">Etang et chapelle Fontenelle<\/figcaption><\/figure>\n<\/div>\n\n\n<p>A Fontenelle, village voisin de Floyon, qui vit naitre vers 644 saint Ursmer, qui deviendra \u00e9v\u00eaque-abb\u00e9 de l&rsquo;abbaye de Lobbes, se trouve un petit bassin aliment\u00e9 par le ruisseau issu de la fontaine dite de saint Ursmer. C&rsquo;est la fontaine miraculeuse qui a donn\u00e9 son nom au village. Elle aurait \u00e9t\u00e9 sanctifi\u00e9e par le saint patron de la paroisse, et ses eaux auraient le pouvoir de gu\u00e9rir des fi\u00e8vres. <\/p>\n\n\n\n<p>Cette fontaine aurait \u00e9galement des vertus sur les enfants rencontrant des difficult\u00e9s \u00e0 marcher. Ainsi, vers 1950, on plongeait encore des enfants dans le bassin naturel de la source et si ils&nbsp;y urinaient, c&rsquo;est qu&rsquo;ils marcheraient. (1) Les m\u00e8res et les nourrices plongeaient \u00e9galement du linge dans l\u2019eau pour les passer ensuite sur le corps de l\u2019enfant. Une fois le v\u0153u exauc\u00e9, il \u00e9tait d\u2019usage de le jeter ensuite dans la fontaine. Aujourd\u2019hui, ces \u00ab&nbsp;loques&nbsp;\u00bb, petits chaussons, layettes et mouchoirs sont accroch\u00e9s \u00e0 la porte de la chapelle.&nbsp;<\/p>\n\n\n\n<p>Enfin les paysans de tous les environs y venaient aussi en p\u00e8lerinage pour pr\u00e9server leurs bl\u00e9s des mulots.<\/p>\n\n\n\n<p>(1) L\u00e9gendes et Croyances en Avesnois Bernard Couss\u00e9e)<\/p>\n\n\n\n<h2 class=\"wp-block-heading has-dark-red-color has-text-color has-link-color wp-elements-6d1114ef6878c150625963153ea581c9\">Liessies : <em>la l\u00e9gende de sa fondation<\/em><\/h2>\n\n\n<div class=\"wp-block-image\">\n<figure class=\"aligncenter size-full is-resized\"><img data-recalc-dims=\"1\" loading=\"lazy\" decoding=\"async\" width=\"675\" height=\"1024\" data-attachment-id=\"20886\" data-permalink=\"https:\/\/patrimoine-avesnois.fr\/chemin\/lavesnois-autour-de-ses-legendes\/image-1970\/\" data-orig-file=\"https:\/\/i0.wp.com\/patrimoine-avesnois.fr\/chemin\/wp-content\/uploads\/2025\/01\/image-57.png?fit=675%2C1024&amp;ssl=1\" data-orig-size=\"675,1024\" data-comments-opened=\"1\" data-image-meta=\"{&quot;aperture&quot;:&quot;0&quot;,&quot;credit&quot;:&quot;&quot;,&quot;camera&quot;:&quot;&quot;,&quot;caption&quot;:&quot;&quot;,&quot;created_timestamp&quot;:&quot;0&quot;,&quot;copyright&quot;:&quot;&quot;,&quot;focal_length&quot;:&quot;0&quot;,&quot;iso&quot;:&quot;0&quot;,&quot;shutter_speed&quot;:&quot;0&quot;,&quot;title&quot;:&quot;&quot;,&quot;orientation&quot;:&quot;0&quot;}\" data-image-title=\"image\" data-image-description=\"\" data-image-caption=\"\" data-large-file=\"https:\/\/i0.wp.com\/patrimoine-avesnois.fr\/chemin\/wp-content\/uploads\/2025\/01\/image-57.png?fit=675%2C1024&amp;ssl=1\" src=\"https:\/\/i0.wp.com\/patrimoine-avesnois.fr\/chemin\/wp-content\/uploads\/2025\/01\/image-57.png?resize=675%2C1024&#038;ssl=1\" alt=\"\" class=\"wp-image-20886\" style=\"width:382px;height:auto\" srcset=\"https:\/\/i0.wp.com\/patrimoine-avesnois.fr\/chemin\/wp-content\/uploads\/2025\/01\/image-57.png?w=675&amp;ssl=1 675w, https:\/\/i0.wp.com\/patrimoine-avesnois.fr\/chemin\/wp-content\/uploads\/2025\/01\/image-57.png?resize=198%2C300&amp;ssl=1 198w\" sizes=\"auto, (max-width: 675px) 85vw, 675px\" \/><\/figure>\n<\/div>\n\n\n<p>C&rsquo;\u00e9tait au VIII e si\u00e8cle : Wibert, comte de Poitou, fuyant les pers\u00e9cutions du duc d\u2019Aquitaine se r\u00e9fugia dans le nord de la Gaule o\u00f9 P\u00e9pin le Bref lui accorda certains domaines du fisc royal.<\/p>\n\n\n\n<p>Wibert, s&rsquo;\u00e9tant un jour aventur\u00e9 dans la for\u00eat de la Fagne, tua un sanglier dans la vall\u00e9e de l&rsquo;Helpe. Le lieu o\u00f9 tomba l&rsquo;animal lui plut par son aspect riant; et depuis longtemps anim\u00e9 du d\u00e9sir d&rsquo;\u00eatre l&rsquo;auteur d&rsquo;une fondation pieuse, il le choisit pour y b\u00e2tir un monast\u00e8re.<\/p>\n\n\n\n<p>Et c&rsquo;est ainsi que le sanglier tu\u00e9 par le chasseur figurera d\u00e9sormais dans le blason du monast\u00e8re. Et c&rsquo;est ainsi que le village fut baptis\u00e9 par Wibert : Laetitia, la Joie. D&rsquo;o\u00f9 la devise que prendront les moines par la suite : Servite Domino in Laetitia, ce qui pourrait s&rsquo;entendre de deux mani\u00e8res: ou bien Servez le seigneur dans la joie, ou bien Servez le Seigneur \u00e0 Liessies.<\/p>\n\n\n\n<p>L&rsquo;histoire de Liessies s&rsquo;\u00e9carte un peu de la l\u00e9gende. Liessies, Laetitia, \u00e9tait sous l&rsquo;occupation romaine un campement de l\u00e8tes, ces colons \u00e0 qui les occupants confiaient des terres \u00e0 cultiver \u00e0 charge par eux de les d\u00e9fendre contre les Barbares. Ce sont ces colons qui auraient donn\u00e9 leur nom au village.<\/p>\n\n\n\n<h2 class=\"wp-block-heading has-dark-red-color has-text-color has-link-color wp-elements-11968267926cf966b291c160c8b595a7\">Liessies : <em>la l\u00e9gende du scribe<\/em><\/h2>\n\n\n<div class=\"wp-block-image\">\n<figure class=\"aligncenter size-full is-resized\"><img data-recalc-dims=\"1\" loading=\"lazy\" decoding=\"async\" width=\"738\" height=\"600\" data-attachment-id=\"20891\" data-permalink=\"https:\/\/patrimoine-avesnois.fr\/chemin\/lavesnois-autour-de-ses-legendes\/the_scribe_at_work\/\" data-orig-file=\"https:\/\/i0.wp.com\/patrimoine-avesnois.fr\/chemin\/wp-content\/uploads\/2025\/01\/The_Scribe_at_Work.jpg?fit=738%2C600&amp;ssl=1\" data-orig-size=\"738,600\" data-comments-opened=\"1\" data-image-meta=\"{&quot;aperture&quot;:&quot;0&quot;,&quot;credit&quot;:&quot;&quot;,&quot;camera&quot;:&quot;&quot;,&quot;caption&quot;:&quot;&quot;,&quot;created_timestamp&quot;:&quot;0&quot;,&quot;copyright&quot;:&quot;&quot;,&quot;focal_length&quot;:&quot;0&quot;,&quot;iso&quot;:&quot;0&quot;,&quot;shutter_speed&quot;:&quot;0&quot;,&quot;title&quot;:&quot;&quot;,&quot;orientation&quot;:&quot;0&quot;}\" data-image-title=\"The_Scribe_at_Work\" data-image-description=\"\" data-image-caption=\"\" data-large-file=\"https:\/\/i0.wp.com\/patrimoine-avesnois.fr\/chemin\/wp-content\/uploads\/2025\/01\/The_Scribe_at_Work.jpg?fit=738%2C600&amp;ssl=1\" src=\"https:\/\/i0.wp.com\/patrimoine-avesnois.fr\/chemin\/wp-content\/uploads\/2025\/01\/The_Scribe_at_Work.jpg?resize=738%2C600&#038;ssl=1\" alt=\"\" class=\"wp-image-20891\" style=\"width:512px;height:auto\" srcset=\"https:\/\/i0.wp.com\/patrimoine-avesnois.fr\/chemin\/wp-content\/uploads\/2025\/01\/The_Scribe_at_Work.jpg?w=738&amp;ssl=1 738w, https:\/\/i0.wp.com\/patrimoine-avesnois.fr\/chemin\/wp-content\/uploads\/2025\/01\/The_Scribe_at_Work.jpg?resize=300%2C244&amp;ssl=1 300w\" sizes=\"auto, (max-width: 738px) 85vw, 738px\" \/><\/figure>\n<\/div>\n\n\n<p>L&rsquo;historien Lenotre a cont\u00e9 cette l\u00e9gende, qui ,a la saveur des Lettres de mon Moulin, et qui est peut-\u00eatre pour notre r\u00e9gion ce qu&rsquo;est le Cur\u00e9 de Cucugnan pour la Provence. <\/p>\n\n\n\n<p>En ce temps-l\u00e0, les savants \u00e9taient attir\u00e9s vers l&rsquo;abbaye de Liessies par sa riche biblioth\u00e8que et par le nombre et la beaut\u00e9 de ses manuscrits anciens. L&rsquo;abb\u00e9 \u00e9tait admirablement second\u00e9 par, une \u00e9quipe de copistes et d&rsquo;artistes, parmi lesquels Fr\u00e8re Guillaume, l&rsquo;un des scribes les plus r\u00e9put\u00e9s de son temps. Lorsque Gautier d&rsquo;Oisy, renouant la tradition familiale fit la guerre aux abbayes afin de les d\u00e9pouiller de leurs biens, le pr\u00e9v\u00f4t d&rsquo;Avesnes et plusieurs habitants de la ville, qui avaient leur fils ou leur neveu au monast\u00e8re de Liessies, recueillirent secr\u00e8tement les manuscrits et les vases sacr\u00e9s pour les mettre en lieu s\u00fbr. Fr\u00e8re Guillaume, le scribe, furieux de se voir d\u00e9poss\u00e9d\u00e9, fut-ce pour un temps, de ses \u0153uvres, et notamment de ce beau recueil de d\u00e9cr\u00e9tales, qu&rsquo;il avait si bien \u00e9crit, avec de belles lettrines enlumin\u00e9es, monta dans la tour de l&rsquo;abbatiale, et jeta par un auvent une pierre qui fracassa le crane d&rsquo;un Avesnois. Mais en descendant, il fut lui-m\u00eame bless\u00e9 \u00e0 la t\u00eate dans la bagarre et peu de temps apr\u00e8s il mourut. Le soir de sa mort, lorsque l&rsquo;abb\u00e9 se fut retir\u00e9 dans sa cellule, il versa des larmes abondantes sur la perte de son scribe favori ; mais \u00e0 sa douleur se m\u00ealait une certaine inqui\u00e9tude : Fr\u00e8re Guillaume n&rsquo;avait-il pas commis un meurtre ? Et puis n&rsquo;avait il pas lui-m\u00eame, lui l&rsquo;abb\u00e9, contribu\u00e9 \u00e0 sa damnation ? L&rsquo;habilet\u00e9 du scribe, le lustre que ses splendides manuscrits r\u00e9pandaient sur le monast\u00e8re en y attirant un grand nombre de pr\u00e9lats et de savants qui venaient les consulter, tout cela joint \u00e0 ses exploits trop militaires pour un moine, tout cela avait fini par g\u00e2ter Fr\u00e8re Guillaume ; la discipline se   se rel\u00e2chait \u00e0 son endroit ; et l&rsquo;abb\u00e9 lui passait bien des choses, sous ce rapport. Il \u00e9crivait si bien, et si vite ! L&rsquo;abb\u00e9 s&rsquo;endormit, l&rsquo;esprit absorb\u00e9 par ces tristes pens\u00e9es. Pendant son sommeil, il eut une vision : l&rsquo;\u00e2me de Fr\u00e8re Guillaume  quittait la terre pour aller comparaitre devant le Souverain Juge ; elle \u00e9tait accompagn\u00e9e de son ange gardien, qui ployait sous le poids de nombreux manuscrits \u00e9crits par son pupille pendant son passage sur la terre. Et l&rsquo;\u00e2me montait, calme et souriante en jetant des regards de complaisance sur ces chefs-d&rsquo;\u0153uvre \u00e9crits \u00e0 la gloire de Dieu et qui devaient lui ouvrir le Ciel. <\/p>\n\n\n\n<p>Mais, tout \u00e0 coup, une grande ombre noire se projeta sur le firmament : l&rsquo;\u00e2me et l&rsquo;ange aper\u00e7urent, s&rsquo;\u00e9levant au-dessus d&rsquo;eux, Satan portant \u00e0 la main un immense parchemin qu&rsquo;il serrait dans sa griffe, en grima\u00e7ant. Sur ce r\u00f4le, Lucifer avait \u00e9crit les innombrables p\u00e9ch\u00e9s du pauvre scribe : Regarde tes p\u00e9ch\u00e9s, qui se d\u00e9tachent en lettres flamboyantes sur mon sombre v\u00e9lin, s&rsquo;\u00e9criait Lucifer. Rappelle-toi : un meurtre\u2026 Et puis, tant de manquements \u00e0 la r\u00e8gle, de distractions \u00e0 l&rsquo;office\u2026 Tant de p\u00e9ch\u00e9s d&rsquo;orgueil. Tant de courses hors de l&rsquo;enclos du monast\u00e8re ! Ha ! Ha ! Ha !\u2026<\/p>\n\n\n\n<p>Et tout en montant vers le tr\u00f4ne de l&rsquo;Eternel, Satan d\u00e9roulait son parchemin. L&rsquo;\u00e2me \u00e9pouvant\u00e9e de Fr\u00e8re Guillaume en avait comme un \u00e9blouissement d&rsquo;horreur et d&rsquo;angoisse. Et le diable ricanait toujours : Ha ! Ha ! Fr\u00e8re Guillaume ! C&rsquo;est aujourd&rsquo;hui que je prends ma revanche. Tes d\u00e9cr\u00e9tales avaient si bien d\u00e9jou\u00e9 les pi\u00e8ges que j&rsquo;avais machin\u00e9s ! A mon tour de marquer des points\u2026 et de gagner la partie ! <\/p>\n\n\n\n<p>Cependant, Fr\u00e8re Guillaume est arriv\u00e9 devant le Souverain Juge. Il s&rsquo;est prostern\u00e9 dans l&rsquo;attente de sa sentence. Une balance d&rsquo;or, bien \u00e9quilibr\u00e9e, se dresse en face du tr\u00f4ne de Dieu. Alors commence une lutte \u00e9pique entre les deux anges, lutte qui fait fr\u00e9mir d&rsquo;\u00e9pouvante l&rsquo;\u00e2me du pauvre scribe. <\/p>\n\n\n\n<p>Ecoute, disait Lucifer, le bruit sinistre que font tes p\u00e9ch\u00e9s, en tombant dans mon plateau\u2026 Bing ! Bing ! Bing ! Mon plateau penche\u2026 <\/p>\n\n\n\n<p>P\u00e8re Eternel, r\u00e9pliquait l&rsquo;ange gardien, laissez-moi jeter dans l&rsquo;autre plateau tous les mots de tous les manuscrits que ce bon scribe a \u00e9crits et enlumin\u00e9 \u00e0 votre gloire ! <\/p>\n\n\n\n<p>Depuis un moment, l&rsquo;\u00e2me suit avec anxi\u00e9t\u00e9 les oscillations du fl\u00e9au\u2026 Enfin Satan vient de laisser tomber son dernier p\u00e9ch\u00e9, et l&rsquo;ange, atterr\u00e9, reste les mains vides\u2026 D\u00e9j\u00e0 Satan victorieux avance ses griffes pour saisir sa proie, lorsque le scribe jette un dernier coup d&rsquo;\u0153il sur la blanche feuille de v\u00e9lin que l&rsquo;ange tient encore \u00e0 la main, pour s&rsquo;assurer qu&rsquo;il ne reste point quelque mot oubli\u00e9\u2026 <\/p>\n\n\n\n<p>Le doigt de l&rsquo;ange glissa du feuillet qui se retourna, et au verso l&rsquo;ange et l&rsquo;\u00e2me aper\u00e7urent en m\u00eame temps un mot qui n&rsquo;avait pu trouver place en bas du recto, un mot qui \u00e0 lui seul en valait trois : Amen !\u2026 Et l&rsquo;ange lan\u00e7a triomphalement le mot dans son plateau, qui tr\u00e9bucha aussit\u00f4t, en faisant remonter celui du diable. <\/p>\n\n\n\n<p>Amen ! dit le P\u00e8re Eternel. Et tandis que Lucifer disparaissait en grin\u00e7ant de rage, l&rsquo;ange et l&rsquo;\u00e2me du Fr\u00e8re Guillaume voyaient s&rsquo;ouvrir toutes grandes devant eux les portes du Paradis.<\/p>\n\n\n\n<p>Amen ! s&rsquo;\u00e9crit le bon abb\u00e9 en se r\u00e9veillant en sursaut. Il est enfin sauv\u00e9, mais il m&rsquo;a fait bien peur !&#8230; <\/p>\n\n\n\n<p>Plus tard, Si quelque rel\u00e2chement se manifestait parmi les scribes du monast\u00e8re, l&rsquo;abb\u00e9 faisait le r\u00e9cit de sa vision&#8230; Et l&rsquo;on voyait bient\u00f4t les plumes trotter sur les feuilles, et les belles miniatures apparaitre comme par enchantement.<\/p>\n\n\n\n<p>Telle est cette gracieuse l\u00e9gende, bien consolante pour les artistes. Ils ont souvent bien des p\u00e9ch\u00e9s sur la conscience. Mis la beaut\u00e9 qu&rsquo;ils cr\u00e9ent n&rsquo;est elle pas un reflet du Tr\u00e8s-Haut, une marque de la gr\u00e2ce divine, qui rach\u00e8te beaucoup de fautes ? C&rsquo;est un peu la morale de cette histoire.<\/p>\n\n\n\n<h2 class=\"wp-block-heading has-dark-red-color has-text-color has-link-color wp-elements-4c83eb7cb667b50fb1977dcbf19b0ffe\">Maubeuge : <em>la l\u00e9gende de Sainte Aldegonde<\/em><\/h2>\n\n\n<div class=\"wp-block-image\">\n<figure class=\"aligncenter size-full\"><img data-recalc-dims=\"1\" loading=\"lazy\" decoding=\"async\" width=\"384\" height=\"536\" data-attachment-id=\"20896\" data-permalink=\"https:\/\/patrimoine-avesnois.fr\/chemin\/lavesnois-autour-de-ses-legendes\/image-1971\/\" data-orig-file=\"https:\/\/i0.wp.com\/patrimoine-avesnois.fr\/chemin\/wp-content\/uploads\/2025\/01\/image-58.png?fit=384%2C536&amp;ssl=1\" data-orig-size=\"384,536\" data-comments-opened=\"1\" data-image-meta=\"{&quot;aperture&quot;:&quot;0&quot;,&quot;credit&quot;:&quot;&quot;,&quot;camera&quot;:&quot;&quot;,&quot;caption&quot;:&quot;&quot;,&quot;created_timestamp&quot;:&quot;0&quot;,&quot;copyright&quot;:&quot;&quot;,&quot;focal_length&quot;:&quot;0&quot;,&quot;iso&quot;:&quot;0&quot;,&quot;shutter_speed&quot;:&quot;0&quot;,&quot;title&quot;:&quot;&quot;,&quot;orientation&quot;:&quot;0&quot;}\" data-image-title=\"image\" data-image-description=\"\" data-image-caption=\"\" data-large-file=\"https:\/\/i0.wp.com\/patrimoine-avesnois.fr\/chemin\/wp-content\/uploads\/2025\/01\/image-58.png?fit=384%2C536&amp;ssl=1\" src=\"https:\/\/i0.wp.com\/patrimoine-avesnois.fr\/chemin\/wp-content\/uploads\/2025\/01\/image-58.png?resize=384%2C536&#038;ssl=1\" alt=\"\" class=\"wp-image-20896\" srcset=\"https:\/\/i0.wp.com\/patrimoine-avesnois.fr\/chemin\/wp-content\/uploads\/2025\/01\/image-58.png?w=384&amp;ssl=1 384w, https:\/\/i0.wp.com\/patrimoine-avesnois.fr\/chemin\/wp-content\/uploads\/2025\/01\/image-58.png?resize=215%2C300&amp;ssl=1 215w\" sizes=\"auto, (max-width: 384px) 85vw, 384px\" \/><figcaption class=\"wp-element-caption\">Sainte Aldegonde Collection Louvre<\/figcaption><\/figure>\n<\/div>\n\n\n<p>Aldegonde, n\u00e9e \u00e0 Cousolre, de parents issus des rois m\u00e9rovingiens, \u00e9tait demand\u00e9e en mariage par un prince anglais nomm\u00e9 Eudon. Mais, voulant se consacrer \u00e0 Dieu, elle s\u2019enfuit de la maison paternelle. Poursuivie par son pr\u00e9tendant, elle se r\u00e9fugia dans les fourr\u00e9s situ\u00e9s au bord de la Sambre, devant l\u2019endroit o\u00f9 s\u2019\u00e9difia par la suite la ville de Maubeuge. <\/p>\n\n\n\n<p>Aldegonde \u00e9puis\u00e9e vit jaillir \u00e0 ses pieds une fontaine qui la d\u00e9salt\u00e9ra, et pr\u00e8s d&rsquo;\u00eatre rejointe par Eudon, elle traversa la Sambre en marchant sur les eaux, soutenue par les anges. <\/p>\n\n\n\n<p>Elle se rendit alors aupr\u00e8s des saints \u00e9v\u00eaques Amand et Aubert qui se trouvaient \u00e0 Hautmont. Ici, l\u2019Esprit-Saint, sous la forme d\u2019une colombe, lui d\u00e9posa sur sa t\u00eate le voile des vierges qui la consacra \u00e0 Dieu. ..<\/p>\n\n\n\n<p>Aldegonde demeura sur les lieux de ces miracles et fonda le monast\u00e8re qui donna naissance \u00e0 la ville.<\/p>\n\n\n\n<h2 class=\"wp-block-heading has-dark-red-color has-text-color has-link-color wp-elements-2fa643369568d5153ef0b53dd898fe02\">Noyelles sur Sambre : <em>la l\u00e9gende de Renaut-Folie<\/em><\/h2>\n\n\n<div class=\"wp-block-image\">\n<figure class=\"aligncenter size-full\"><img data-recalc-dims=\"1\" loading=\"lazy\" decoding=\"async\" width=\"376\" height=\"500\" data-attachment-id=\"20899\" data-permalink=\"https:\/\/patrimoine-avesnois.fr\/chemin\/lavesnois-autour-de-ses-legendes\/capture-600\/\" data-orig-file=\"https:\/\/i0.wp.com\/patrimoine-avesnois.fr\/chemin\/wp-content\/uploads\/2025\/01\/Capture-21.jpg?fit=376%2C500&amp;ssl=1\" data-orig-size=\"376,500\" data-comments-opened=\"1\" data-image-meta=\"{&quot;aperture&quot;:&quot;0&quot;,&quot;credit&quot;:&quot;CARRE&quot;,&quot;camera&quot;:&quot;&quot;,&quot;caption&quot;:&quot;&quot;,&quot;created_timestamp&quot;:&quot;1738001113&quot;,&quot;copyright&quot;:&quot;&quot;,&quot;focal_length&quot;:&quot;0&quot;,&quot;iso&quot;:&quot;0&quot;,&quot;shutter_speed&quot;:&quot;0&quot;,&quot;title&quot;:&quot;&quot;,&quot;orientation&quot;:&quot;0&quot;}\" data-image-title=\"Capture\" data-image-description=\"\" data-image-caption=\"\" data-large-file=\"https:\/\/i0.wp.com\/patrimoine-avesnois.fr\/chemin\/wp-content\/uploads\/2025\/01\/Capture-21.jpg?fit=376%2C500&amp;ssl=1\" src=\"https:\/\/i0.wp.com\/patrimoine-avesnois.fr\/chemin\/wp-content\/uploads\/2025\/01\/Capture-21.jpg?resize=376%2C500&#038;ssl=1\" alt=\"\" class=\"wp-image-20899\" srcset=\"https:\/\/i0.wp.com\/patrimoine-avesnois.fr\/chemin\/wp-content\/uploads\/2025\/01\/Capture-21.jpg?w=376&amp;ssl=1 376w, https:\/\/i0.wp.com\/patrimoine-avesnois.fr\/chemin\/wp-content\/uploads\/2025\/01\/Capture-21.jpg?resize=226%2C300&amp;ssl=1 226w\" sizes=\"auto, (max-width: 376px) 85vw, 376px\" \/><figcaption class=\"wp-element-caption\"><em>Renaut-Folie<\/em> : Ce dessin est un d\u00e9tail de la maison natale de Gromaire. <a href=\"https:\/\/www.centrepompidou.fr\/fr\/ressources\/oeuvre\/cXjK7K\" target=\"_blank\" rel=\"noreferrer noopener\">Centre Pompidou<\/a> Inventaire AM 1989-601 <\/figcaption><\/figure>\n<\/div>\n\n\n<p>Renaut-Folie \u00e9tait un domaine allodial qui appartenait \u00e0 la fin du XII e si\u00e8cle \u00e0 Cl\u00e9ment Renaut. Tandis que le village de Noyelles avait \u00e9t\u00e9 donn\u00e9 par Charles le Simple \u00e0 l&rsquo;abbaye de Maroilles, la terre de Renaut, seule parmi les autres biens, restait ind\u00e9pendante et lui appartenait en propre. Les moines ne pouvaient manquer de convoiter ce domaine, et ils tent\u00e8rent \u00e0 plusieurs reprises de l&rsquo;obtenir de Renaut, afin d&rsquo;y \u00e9tablir un lieu de plaisance.<\/p>\n\n\n\n<p>Mais ni les promesses, ni les menaces ne purent \u00e9branler la r\u00e9solution du propri\u00e9taire, qui entendait rester maitre chez lui, et se riait du courroux des moines.<\/p>\n\n\n\n<p>C&rsquo;est alors qu&rsquo;une \u00e9pid\u00e9mie emporta tout d&rsquo;un coup toute la famille de Renaut qui se retrouva seul dans son domaine.<em> <\/em>Les moines eurent alors beau jeu de le persuader qu&rsquo;il venait d&rsquo;\u00eatre l&rsquo;objet dune vengeance du ciel.<\/p>\n\n\n\n<p>Et Renaut abattu,, c\u00e9da gratuitement le manoir \u00e0 la condition seulement qu&rsquo;il serait admis \u00e0 l&rsquo;abbaye et nourri sa vie durant \u00e0 la table de l&rsquo;abb\u00e9.<\/p>\n\n\n\n<p>L&rsquo;abb\u00e9 qui avait sign\u00e9 le contrat tint ses engagements, mais ses successeurs consid\u00e9r\u00e8rent bient\u00f4t Renaut comme un intrus, et ne voulurent plus l&rsquo;admettre que comme un fr\u00e8re servant l&rsquo;abbaye. Et l&rsquo;histoire raconte que Renaut subit ce sort l\u00e0 sa vie restante, expos\u00e9 \u00e0 toutes les humiliations possibles.<\/p>\n\n\n\n<p>La folie commise par Renaut fit jaser longtemps, et les gens du pays donn\u00e8rent au domaine le nom de Renaut-Folie.<\/p>\n\n\n\n<h2 class=\"wp-block-heading has-dark-red-color has-text-color has-link-color wp-elements-6f5feb586ddbfa7cb36cd5df01b92b92\">Prisches : <em>la l\u00e9gende du cerf<\/em><\/h2>\n\n\n<div class=\"wp-block-image\">\n<figure class=\"aligncenter size-full is-resized\"><img data-recalc-dims=\"1\" loading=\"lazy\" decoding=\"async\" width=\"438\" height=\"580\" data-attachment-id=\"20903\" data-permalink=\"https:\/\/patrimoine-avesnois.fr\/chemin\/lavesnois-autour-de-ses-legendes\/capture-602\/\" data-orig-file=\"https:\/\/i0.wp.com\/patrimoine-avesnois.fr\/chemin\/wp-content\/uploads\/2025\/01\/Capture-23.jpg?fit=438%2C580&amp;ssl=1\" data-orig-size=\"438,580\" data-comments-opened=\"1\" data-image-meta=\"{&quot;aperture&quot;:&quot;0&quot;,&quot;credit&quot;:&quot;CARRE&quot;,&quot;camera&quot;:&quot;&quot;,&quot;caption&quot;:&quot;&quot;,&quot;created_timestamp&quot;:&quot;1738061408&quot;,&quot;copyright&quot;:&quot;&quot;,&quot;focal_length&quot;:&quot;0&quot;,&quot;iso&quot;:&quot;0&quot;,&quot;shutter_speed&quot;:&quot;0&quot;,&quot;title&quot;:&quot;&quot;,&quot;orientation&quot;:&quot;0&quot;}\" data-image-title=\"Capture\" data-image-description=\"\" data-image-caption=\"\" data-large-file=\"https:\/\/i0.wp.com\/patrimoine-avesnois.fr\/chemin\/wp-content\/uploads\/2025\/01\/Capture-23.jpg?fit=438%2C580&amp;ssl=1\" src=\"https:\/\/i0.wp.com\/patrimoine-avesnois.fr\/chemin\/wp-content\/uploads\/2025\/01\/Capture-23.jpg?resize=438%2C580&#038;ssl=1\" alt=\"\" class=\"wp-image-20903\" style=\"width:390px\" srcset=\"https:\/\/i0.wp.com\/patrimoine-avesnois.fr\/chemin\/wp-content\/uploads\/2025\/01\/Capture-23.jpg?w=438&amp;ssl=1 438w, https:\/\/i0.wp.com\/patrimoine-avesnois.fr\/chemin\/wp-content\/uploads\/2025\/01\/Capture-23.jpg?resize=227%2C300&amp;ssl=1 227w\" sizes=\"auto, (max-width: 438px) 85vw, 438px\" \/><figcaption class=\"wp-element-caption\">Portrait de St Humbert en l&rsquo;\u00e9glise de Maroilles.<\/figcaption><\/figure>\n<\/div>\n\n\n<p>Lini\u00e8res est un hameau de Prisches en direction de Grand Fayt situ\u00e9 \u00e0 environ 5 km au sud est de Maroilles.<\/p>\n\n\n\n<p>Un souvenir l\u00e9gendaire y reste attach\u00e9. La tradition veut que Odran, seigneur de Chimay, donna \u00e0 l&rsquo;abbaye de Maroilles, en l&rsquo;an 670,la ferme de Lini\u00e8res, \u00e0 la suite des circonstances que voici : chassant un jour dans les environs de l&rsquo;abbaye, il poursuivit un cerf. L&rsquo;animal aux abois vint se refugier sous le manteau de saint Humbert, qui \u00e9tait en ce moment-l\u00e0 occup\u00e9 \u00e0 essarter dans les bois pour la construction de son monast\u00e8re de Maroilles. Odran, frapp\u00e9 de l&rsquo;autorit\u00e9 surnaturelle du saint, qui en imposait aux b\u00eates sauvages, se h\u00e2ta de faire donation de ses biens \u00e0 la nouvelle abbaye.<\/p>\n\n\n\n<p>La ferme de Lini\u00e8res appartient encore aujourd&rsquo;hui au Centre Communal d\u2019Action Sociale&nbsp;(CCAS) de Prisches.<\/p>\n\n\n\n<p>(1) J&rsquo;ai d\u00e9montr\u00e9 que Lini\u00e8res c\u00e9d\u00e9 \u00e0 l&rsquo;abbaye \u00e9tait non pas ce hameau de Prisches mais un premier habitat \u00e0 Eppe-Sauvage. <a href=\"https:\/\/www.chgb.org\/bulletin123\/avesnois38.pdf\" data-type=\"link\" data-id=\"https:\/\/www.chgb.org\/bulletin123\/avesnois38.pdf\" target=\"_blank\" rel=\"noreferrer noopener\">Revue  38 Avesnois CHGB<\/a><\/p>\n\n\n\n<h2 class=\"wp-block-heading has-dark-red-color has-text-color has-link-color wp-elements-ad1385193222019809ad5f389a7bc779\">Recquignies : <em>les pierres ovo\u00efdes<\/em><\/h2>\n\n\n<div class=\"wp-block-image\">\n<figure class=\"aligncenter size-full is-resized\"><img data-recalc-dims=\"1\" loading=\"lazy\" decoding=\"async\" width=\"607\" height=\"443\" data-attachment-id=\"20905\" data-permalink=\"https:\/\/patrimoine-avesnois.fr\/chemin\/lavesnois-autour-de-ses-legendes\/capture-603\/\" data-orig-file=\"https:\/\/i0.wp.com\/patrimoine-avesnois.fr\/chemin\/wp-content\/uploads\/2025\/01\/Capture-24.jpg?fit=607%2C443&amp;ssl=1\" data-orig-size=\"607,443\" data-comments-opened=\"1\" data-image-meta=\"{&quot;aperture&quot;:&quot;0&quot;,&quot;credit&quot;:&quot;CARRE&quot;,&quot;camera&quot;:&quot;&quot;,&quot;caption&quot;:&quot;&quot;,&quot;created_timestamp&quot;:&quot;1738064929&quot;,&quot;copyright&quot;:&quot;&quot;,&quot;focal_length&quot;:&quot;0&quot;,&quot;iso&quot;:&quot;0&quot;,&quot;shutter_speed&quot;:&quot;0&quot;,&quot;title&quot;:&quot;&quot;,&quot;orientation&quot;:&quot;0&quot;}\" data-image-title=\"Capture\" data-image-description=\"\" data-image-caption=\"\" data-large-file=\"https:\/\/i0.wp.com\/patrimoine-avesnois.fr\/chemin\/wp-content\/uploads\/2025\/01\/Capture-24.jpg?fit=607%2C443&amp;ssl=1\" src=\"https:\/\/i0.wp.com\/patrimoine-avesnois.fr\/chemin\/wp-content\/uploads\/2025\/01\/Capture-24.jpg?resize=607%2C443&#038;ssl=1\" alt=\"\" class=\"wp-image-20905\" style=\"width:540px\" srcset=\"https:\/\/i0.wp.com\/patrimoine-avesnois.fr\/chemin\/wp-content\/uploads\/2025\/01\/Capture-24.jpg?w=607&amp;ssl=1 607w, https:\/\/i0.wp.com\/patrimoine-avesnois.fr\/chemin\/wp-content\/uploads\/2025\/01\/Capture-24.jpg?resize=300%2C219&amp;ssl=1 300w\" sizes=\"auto, (max-width: 607px) 85vw, 607px\" \/><figcaption class=\"wp-element-caption\">Pierres ovo\u00efdes de Recquignies<\/figcaption><\/figure>\n<\/div>\n\n\n<p>Situ\u00e9e \u00e0 50 m de l\u2019\u00e9glise, on voit au sommet d\u2019un mur une pierre form\u00e9e de quatre \u00e9l\u00e9ments accol\u00e9s ovo\u00efdes. Cette pierre serait vraisemblablement li\u00e9e \u00e0 un culte fun\u00e9raire celtique ou gaulois puisque selon certains sp\u00e9cialistes, ces pierres ont une analogie avec la pomme de pin, qui avait une signification fun\u00e9raire. On sait en effet que suivant les myst\u00e8res d&rsquo;Eleusis, D\u00e9m\u00e9ter s&rsquo;\u00e9tait servie de la pomme de pin pour descendre aux Enfers \u00e0 la recherche de sa fille Proserpine. <\/p>\n\n\n\n<p>L&rsquo;odyss\u00e9e de la d\u00e9esse \u00e0 la recherche de sa fille Proserpine symbolise le&nbsp;rythme cyclique&nbsp;qui fait passer du diurne au nocturne, et vice versa, aussi bien les graines que les saisons de la terre ou le destin des hommes&#8230; Elle tient ainsi la premi\u00e8re place, lorsque la mort survient, dans l&rsquo;accomplissement des rites fun\u00e9raires&#8230;Il y a d&rsquo;autres pierres de ce type dans la r\u00e9gion et proviennent souvent du mur des anciens cimeti\u00e8res. Il y en a une au&nbsp;Mus\u00e9e d&rsquo;Avesnes, copie de celle du cimeti\u00e8re d&rsquo;Avesnelles qui a disparu (3 \u00e9l\u00e9ments), une autre \u00e0 Ostergnies (2 \u00e9l\u00e9ments), une ma\u00e7onn\u00e9e dans le mur de fondation du clocher&nbsp;de B\u00e9relles. Il y en avait \u00e9galement une autre \u00e0 Bavay qui a \u00e9t\u00e9 perdue.<\/p>\n\n\n\n<p>Ces pierres ont d\u2019ailleurs pu \u00eatre christianis\u00e9s par la suite et conserver une signification fun\u00e9raire puisque l\u2019\u0153uf est en soi un symbole de r\u00e9surrection. Nos \u0153ufs de P\u00e2ques n&rsquo;ont pas d&rsquo;autres sens.<\/p>\n\n\n\n<h2 class=\"wp-block-heading has-dark-red-color has-text-color has-link-color wp-elements-ad18f97a0f7fbabf92e4771fe7a7ce97\">Sars-Poteries : <em>la pierre de Dessus-Bise<\/em><\/h2>\n\n\n<div class=\"wp-block-image\">\n<figure class=\"aligncenter size-full is-resized\"><img data-recalc-dims=\"1\" loading=\"lazy\" decoding=\"async\" width=\"840\" height=\"549\" data-attachment-id=\"20908\" data-permalink=\"https:\/\/patrimoine-avesnois.fr\/chemin\/lavesnois-autour-de-ses-legendes\/capture-604\/\" data-orig-file=\"https:\/\/i0.wp.com\/patrimoine-avesnois.fr\/chemin\/wp-content\/uploads\/2025\/01\/Capture-25.jpg?fit=844%2C552&amp;ssl=1\" data-orig-size=\"844,552\" data-comments-opened=\"1\" data-image-meta=\"{&quot;aperture&quot;:&quot;0&quot;,&quot;credit&quot;:&quot;CARRE&quot;,&quot;camera&quot;:&quot;&quot;,&quot;caption&quot;:&quot;&quot;,&quot;created_timestamp&quot;:&quot;1738067476&quot;,&quot;copyright&quot;:&quot;&quot;,&quot;focal_length&quot;:&quot;0&quot;,&quot;iso&quot;:&quot;0&quot;,&quot;shutter_speed&quot;:&quot;0&quot;,&quot;title&quot;:&quot;&quot;,&quot;orientation&quot;:&quot;0&quot;}\" data-image-title=\"Capture\" data-image-description=\"\" data-image-caption=\"\" data-large-file=\"https:\/\/i0.wp.com\/patrimoine-avesnois.fr\/chemin\/wp-content\/uploads\/2025\/01\/Capture-25.jpg?fit=840%2C549&amp;ssl=1\" src=\"https:\/\/i0.wp.com\/patrimoine-avesnois.fr\/chemin\/wp-content\/uploads\/2025\/01\/Capture-25.jpg?resize=840%2C549&#038;ssl=1\" alt=\"\" class=\"wp-image-20908\" style=\"width:560px\" srcset=\"https:\/\/i0.wp.com\/patrimoine-avesnois.fr\/chemin\/wp-content\/uploads\/2025\/01\/Capture-25.jpg?w=844&amp;ssl=1 844w, https:\/\/i0.wp.com\/patrimoine-avesnois.fr\/chemin\/wp-content\/uploads\/2025\/01\/Capture-25.jpg?resize=300%2C196&amp;ssl=1 300w, https:\/\/i0.wp.com\/patrimoine-avesnois.fr\/chemin\/wp-content\/uploads\/2025\/01\/Capture-25.jpg?resize=768%2C502&amp;ssl=1 768w\" sizes=\"auto, (max-width: 709px) 85vw, (max-width: 909px) 67vw, (max-width: 1362px) 62vw, 840px\" \/><\/figure>\n<\/div>\n\n\n<p>Ce monolithe se trouve sur la Place du Vieux-March\u00e9. C\u2019est un gr\u00e8s land\u00e9nien de forme conique de 1.5 m de haut avec un diam\u00e8tre de 2.80 m \u00e0 la base et 0.70 m au sommet. Est-il  un simple m\u00e9galithe, une pierre fun\u00e9raire, une borne, un pilori, une pierre de f\u00e9condit\u00e9 ou une pierre de jeunesse ?<\/p>\n\n\n\n<div class=\"wp-block-media-text is-stacked-on-mobile\" style=\"grid-template-columns:46% auto\"><figure class=\"wp-block-media-text__media\"><img data-recalc-dims=\"1\" loading=\"lazy\" decoding=\"async\" width=\"390\" height=\"487\" data-attachment-id=\"20909\" data-permalink=\"https:\/\/patrimoine-avesnois.fr\/chemin\/lavesnois-autour-de-ses-legendes\/capture-605\/\" data-orig-file=\"https:\/\/i0.wp.com\/patrimoine-avesnois.fr\/chemin\/wp-content\/uploads\/2025\/01\/Capture-26.jpg?fit=390%2C487&amp;ssl=1\" data-orig-size=\"390,487\" data-comments-opened=\"1\" data-image-meta=\"{&quot;aperture&quot;:&quot;0&quot;,&quot;credit&quot;:&quot;CARRE&quot;,&quot;camera&quot;:&quot;&quot;,&quot;caption&quot;:&quot;&quot;,&quot;created_timestamp&quot;:&quot;1738067965&quot;,&quot;copyright&quot;:&quot;&quot;,&quot;focal_length&quot;:&quot;0&quot;,&quot;iso&quot;:&quot;0&quot;,&quot;shutter_speed&quot;:&quot;0&quot;,&quot;title&quot;:&quot;&quot;,&quot;orientation&quot;:&quot;0&quot;}\" data-image-title=\"Capture\" data-image-description=\"\" data-image-caption=\"\" data-large-file=\"https:\/\/i0.wp.com\/patrimoine-avesnois.fr\/chemin\/wp-content\/uploads\/2025\/01\/Capture-26.jpg?fit=390%2C487&amp;ssl=1\" src=\"https:\/\/i0.wp.com\/patrimoine-avesnois.fr\/chemin\/wp-content\/uploads\/2025\/01\/Capture-26.jpg?resize=390%2C487&#038;ssl=1\" alt=\"\" class=\"wp-image-20909 size-full\" srcset=\"https:\/\/i0.wp.com\/patrimoine-avesnois.fr\/chemin\/wp-content\/uploads\/2025\/01\/Capture-26.jpg?w=390&amp;ssl=1 390w, https:\/\/i0.wp.com\/patrimoine-avesnois.fr\/chemin\/wp-content\/uploads\/2025\/01\/Capture-26.jpg?resize=240%2C300&amp;ssl=1 240w\" sizes=\"auto, (max-width: 390px) 85vw, 390px\" \/><\/figure><div class=\"wp-block-media-text__content\">\n<p>En r\u00e9alit\u00e9 cette pierre doit sa r\u00e9putation \u00e0 la fois \u00e0 sa forme ovo\u00efdale et \u00e0 la fois au petit carr\u00e9 de quelques centim\u00e8tres \u00e0 son sommet. <\/p>\n\n\n\n<p>D\u00e8s lors deux traditions entourent cette curieuse pierre, l&rsquo;une autour du th\u00e8me de la f\u00e9condit\u00e9 et l&rsquo;autre autour de la jeunesse. <\/p>\n<\/div><\/div>\n\n\n\n<p>Sa forme phallique a engendr\u00e9 une premi\u00e8re l\u00e9gende folklorique selon laquelle les femmes st\u00e9riles et celles qui souhaitaient avoir un enfant devaient s\u2019asseoir dessus.(Source&nbsp;: le patrimoine des communes du Nord&nbsp;Flohic Editions).<\/p>\n\n\n\n<p>Le trou carr\u00e9 aurait \u00e9t\u00e9 taill\u00e9 pour y placer un drapeau de la jeunesse au temps de la ducasse, et cela d\u00e8s avant la R\u00e9volution. Ce rite initiatique aurait \u00e9t\u00e9 un marqueur social du passage de l\u2019adolescence \u00e0 l\u2019\u00e2ge adulte. \u201c<em>Pour \u00eatre admis dans la corporation et prendre part aux divertissements publics, chaque adolescent devait uriner au-dessus de la Pierre de Dessus-Bise, dont le nom indique assez la destination.\u201d.<\/em>(La vie dans le Nord de la France au XVIIIe si\u00e8cle Ren\u00e9 Minon page 22 <a href=\"https:\/\/gallica.bnf.fr\/ark:\/12148\/bpt6k5816009s\/f39.image.r=dessus%20de%20bise\" data-type=\"link\" data-id=\"https:\/\/gallica.bnf.fr\/ark:\/12148\/bpt6k5816009s\/f39.image.r=dessus%20de%20bise\" target=\"_blank\" rel=\"noreferrer noopener\">Gallica<\/a>).<\/p>\n\n\n\n<h2 class=\"wp-block-heading has-dark-red-color has-text-color has-link-color wp-elements-0b8ef7793ce1f318f06a2d2107a8f3bc\">Solre-le-Ch\u00e2teau : <em>la l\u00e9gende du clocher<\/em><\/h2>\n\n\n<div class=\"wp-block-image\">\n<figure class=\"aligncenter size-full is-resized\"><img data-recalc-dims=\"1\" loading=\"lazy\" decoding=\"async\" width=\"511\" height=\"639\" data-attachment-id=\"20912\" data-permalink=\"https:\/\/patrimoine-avesnois.fr\/chemin\/lavesnois-autour-de-ses-legendes\/capture-606\/\" data-orig-file=\"https:\/\/i0.wp.com\/patrimoine-avesnois.fr\/chemin\/wp-content\/uploads\/2025\/01\/Capture-27.jpg?fit=511%2C639&amp;ssl=1\" data-orig-size=\"511,639\" data-comments-opened=\"1\" data-image-meta=\"{&quot;aperture&quot;:&quot;0&quot;,&quot;credit&quot;:&quot;CARRE&quot;,&quot;camera&quot;:&quot;&quot;,&quot;caption&quot;:&quot;&quot;,&quot;created_timestamp&quot;:&quot;1738069920&quot;,&quot;copyright&quot;:&quot;&quot;,&quot;focal_length&quot;:&quot;0&quot;,&quot;iso&quot;:&quot;0&quot;,&quot;shutter_speed&quot;:&quot;0&quot;,&quot;title&quot;:&quot;&quot;,&quot;orientation&quot;:&quot;0&quot;}\" data-image-title=\"Capture\" data-image-description=\"\" data-image-caption=\"\" data-large-file=\"https:\/\/i0.wp.com\/patrimoine-avesnois.fr\/chemin\/wp-content\/uploads\/2025\/01\/Capture-27.jpg?fit=511%2C639&amp;ssl=1\" src=\"https:\/\/i0.wp.com\/patrimoine-avesnois.fr\/chemin\/wp-content\/uploads\/2025\/01\/Capture-27.jpg?resize=511%2C639&#038;ssl=1\" alt=\"\" class=\"wp-image-20912\" style=\"width:410px\" srcset=\"https:\/\/i0.wp.com\/patrimoine-avesnois.fr\/chemin\/wp-content\/uploads\/2025\/01\/Capture-27.jpg?w=511&amp;ssl=1 511w, https:\/\/i0.wp.com\/patrimoine-avesnois.fr\/chemin\/wp-content\/uploads\/2025\/01\/Capture-27.jpg?resize=240%2C300&amp;ssl=1 240w\" sizes=\"auto, (max-width: 511px) 85vw, 511px\" \/><figcaption class=\"wp-element-caption\">le clocher pench\u00e9 de l<em>\u2019\u00e9glise Saint-Pierre de Solre-le-Ch\u00e2teau<\/em><\/figcaption><\/figure>\n<\/div>\n\n\n<p>L&rsquo;\u00e9glise poss\u00e8de un clocher singulier, \u00e9norme, bizarre et qui penche comme la tour de Pise. Ce n\u2019est pas un effet d\u2019optique Deux l\u00e9gendes sont racont\u00e9es pour le justifier : la l\u00e9gende du diable et la l\u00e9gende des filles de Solre. En r\u00e9alit\u00e9, les avis sont partag\u00e9s suer ce ph\u00e9nom\u00e8ne : d\u00e9faut de construction \u2013 infiltrations d\u2019eau de pluie qui pourrissement les poutres de base. En tout \u00e9tat de cause, il semble que l\u2019architecte se serait suicid\u00e9, ce qui laisse appara\u00eetre une troisi\u00e8me \u00ab&nbsp;l\u00e9gende&nbsp;\u00bb : il se serait pendu au clocher.<br><br>La l\u00e9gende du diable : L\u2019 \u00e9dification de la fl\u00e8che en 1612- 1616, aurait provoqu\u00e9 la col\u00e8re de Satan qui se serait acharn\u00e9 \u00e0 la d\u00e9truire. Il fit lever les vents d\u2019est et de violentes temp\u00eates s\u2019abattirent sur la ville durant plusieurs semaines. Satan crut qu\u2019il allait \u00e0 nouveau l\u2019emporter, mais la fl\u00e8che pencha seulement vers l\u2019Ouest. Dieu permit qu\u2019elle tienne bon !<\/p>\n\n\n\n<p>La l\u00e9gende des filles de Solre-le-Ch\u00e2teau : Jadis les filles de Solre avaient la r\u00e9putation d\u2019\u00eatre d\u00e9vergond\u00e9es.; et souvent, quand il leur arrivait de se marier, des marmots les attendaient au portail de l&rsquo;\u00e9glise en appelant leur m\u00e8re. Un jour, une v\u00e9ritable pucelle se pr\u00e9senta \u00e0 l\u2019\u00e9glise pour convoler en justes noces. Le clocher en fut si surpris qu\u2019il se pencha en avant pour mieux voir la mari\u00e9e passer sous le porche. En ch\u00e2timent de sa curiosit\u00e9, Dieu lui aurait inflig\u00e9 ce torticolis \u00e0 perp\u00e9tuit\u00e9 !<\/p>\n\n\n\n<h2 class=\"wp-block-heading has-dark-red-color has-text-color has-link-color wp-elements-d518b61b52c02a4dc6b9106f84098fa9\">Solre-le-Ch\u00e2teau : <em>les pierres Martines<\/em><\/h2>\n\n\n<div class=\"wp-block-image\">\n<figure class=\"aligncenter size-full is-resized\"><img data-recalc-dims=\"1\" loading=\"lazy\" decoding=\"async\" width=\"432\" height=\"550\" data-attachment-id=\"20918\" data-permalink=\"https:\/\/patrimoine-avesnois.fr\/chemin\/lavesnois-autour-de-ses-legendes\/capture-608\/\" data-orig-file=\"https:\/\/i0.wp.com\/patrimoine-avesnois.fr\/chemin\/wp-content\/uploads\/2025\/01\/Capture-29.jpg?fit=432%2C550&amp;ssl=1\" data-orig-size=\"432,550\" data-comments-opened=\"1\" data-image-meta=\"{&quot;aperture&quot;:&quot;0&quot;,&quot;credit&quot;:&quot;CARRE&quot;,&quot;camera&quot;:&quot;&quot;,&quot;caption&quot;:&quot;&quot;,&quot;created_timestamp&quot;:&quot;1738072103&quot;,&quot;copyright&quot;:&quot;&quot;,&quot;focal_length&quot;:&quot;0&quot;,&quot;iso&quot;:&quot;0&quot;,&quot;shutter_speed&quot;:&quot;0&quot;,&quot;title&quot;:&quot;&quot;,&quot;orientation&quot;:&quot;0&quot;}\" data-image-title=\"Capture\" data-image-description=\"\" data-image-caption=\"\" data-large-file=\"https:\/\/i0.wp.com\/patrimoine-avesnois.fr\/chemin\/wp-content\/uploads\/2025\/01\/Capture-29.jpg?fit=432%2C550&amp;ssl=1\" src=\"https:\/\/i0.wp.com\/patrimoine-avesnois.fr\/chemin\/wp-content\/uploads\/2025\/01\/Capture-29.jpg?resize=432%2C550&#038;ssl=1\" alt=\"\" class=\"wp-image-20918\" style=\"width:416px;height:auto\" srcset=\"https:\/\/i0.wp.com\/patrimoine-avesnois.fr\/chemin\/wp-content\/uploads\/2025\/01\/Capture-29.jpg?w=432&amp;ssl=1 432w, https:\/\/i0.wp.com\/patrimoine-avesnois.fr\/chemin\/wp-content\/uploads\/2025\/01\/Capture-29.jpg?resize=236%2C300&amp;ssl=1 236w\" sizes=\"auto, (max-width: 432px) 85vw, 432px\" \/><figcaption class=\"wp-element-caption\">l&rsquo;une des pierres Martines d\u00e9but XX e si\u00e8cle<\/figcaption><\/figure>\n<\/div>\n\n\n<p>A 1 kilom\u00e8tre de Solre-le-Ch\u00e2teau, en direction de Liessies, \u00e0 gauche dans une prairie on aper\u00e7oit les pierres martines (MH). Elles \u00e9taient trois mais ne sont plus que deux aujourd&rsquo;hui, la troisi\u00e8me ayant \u00e9t\u00e9 bris\u00e9e au si\u00e8cle dernier pour empierrer la route ! On y remarque d&rsquo;un c\u00f4t\u00e9 d&rsquo;une de ces pierres dites de Saint Martin la forme empreinte du derri\u00e8re d&rsquo;un \u00ab homme de la t\u00eate au pied. \u00bb <\/p>\n\n\n\n<p>La l\u00e9gende :<\/p>\n\n\n\n<p>On conte que saint Martin, alors qu\u2019il \u00e9tait soldat des l\u00e9gions de l\u2019Empereur romain Constance, s\u2019y arr\u00eata pour se reposer. il se serait appuy\u00e9 \u00ab contre cette pierre et que la chaleur surnaturelle dont son \u00ab corps \u00e9tait vivifi\u00e9, a op\u00e9r\u00e9 la fusion dans la partie touch\u00e9e \u00bb (1).La l\u00e9gende s\u2019explique : saint martin fut un grand destructeur de temples pa\u00efens. L\u00e0 o\u00f9 il n\u2019y avait que des pierres pour t\u00e9moigner encore du culte des druides, il en fit des autels du christianisme.<\/p>\n\n\n\n<p>L&rsquo;histoire :<\/p>\n\n\n\n<p>Les pierres Martines sont g\u00e9ologiquement des gr\u00e8s land\u00e9niens. Historiquement ce sont des menhirs; ces monuments druidiques ont conserv\u00e9 leur destination jusqu\u2019\u00e0 l\u2019\u00e9poque franque, o\u00f9 ils servaient encore de lieu de rassemblement pour les assembl\u00e9es du Mallum (2).<\/p>\n\n\n<div class=\"wp-block-image\">\n<figure class=\"aligncenter size-full is-resized\"><img data-recalc-dims=\"1\" loading=\"lazy\" decoding=\"async\" width=\"800\" height=\"600\" data-attachment-id=\"20920\" data-permalink=\"https:\/\/patrimoine-avesnois.fr\/chemin\/lavesnois-autour-de-ses-legendes\/pierres_martine_solre_le_chateau_1\/\" data-orig-file=\"https:\/\/i0.wp.com\/patrimoine-avesnois.fr\/chemin\/wp-content\/uploads\/2025\/01\/Pierres_martine_solre_le_chateau_1.jpg?fit=800%2C600&amp;ssl=1\" data-orig-size=\"800,600\" data-comments-opened=\"1\" data-image-meta=\"{&quot;aperture&quot;:&quot;0&quot;,&quot;credit&quot;:&quot;&quot;,&quot;camera&quot;:&quot;&quot;,&quot;caption&quot;:&quot;&quot;,&quot;created_timestamp&quot;:&quot;0&quot;,&quot;copyright&quot;:&quot;&quot;,&quot;focal_length&quot;:&quot;0&quot;,&quot;iso&quot;:&quot;0&quot;,&quot;shutter_speed&quot;:&quot;0&quot;,&quot;title&quot;:&quot;&quot;,&quot;orientation&quot;:&quot;0&quot;}\" data-image-title=\"Pierres_martine_solre_le_chateau_1\" data-image-description=\"\" data-image-caption=\"\" data-large-file=\"https:\/\/i0.wp.com\/patrimoine-avesnois.fr\/chemin\/wp-content\/uploads\/2025\/01\/Pierres_martine_solre_le_chateau_1.jpg?fit=800%2C600&amp;ssl=1\" src=\"https:\/\/i0.wp.com\/patrimoine-avesnois.fr\/chemin\/wp-content\/uploads\/2025\/01\/Pierres_martine_solre_le_chateau_1.jpg?resize=800%2C600&#038;ssl=1\" alt=\"\" class=\"wp-image-20920\" style=\"width:530px\" srcset=\"https:\/\/i0.wp.com\/patrimoine-avesnois.fr\/chemin\/wp-content\/uploads\/2025\/01\/Pierres_martine_solre_le_chateau_1.jpg?w=800&amp;ssl=1 800w, https:\/\/i0.wp.com\/patrimoine-avesnois.fr\/chemin\/wp-content\/uploads\/2025\/01\/Pierres_martine_solre_le_chateau_1.jpg?resize=300%2C225&amp;ssl=1 300w, https:\/\/i0.wp.com\/patrimoine-avesnois.fr\/chemin\/wp-content\/uploads\/2025\/01\/Pierres_martine_solre_le_chateau_1.jpg?resize=768%2C576&amp;ssl=1 768w\" sizes=\"auto, (max-width: 800px) 85vw, 800px\" \/><figcaption class=\"wp-element-caption\">Les pierres Martines Cr\u00e9dit photo : Chatsam &#8211; Sous licence&nbsp;Creative Commons<\/figcaption><\/figure>\n<\/div>\n\n\n<p>On a remarqu\u00e9 qu&rsquo;elles se trouvent dans un alignement parfait avec le village de Floursies, la pierre de dessus-Bise de Sars-Poteries et la pierre qui Tourne de Sivry, marquant le trac\u00e9 d\u2019une vieille route gauloise qui de Bavay se dirigeait vers Givet.<\/p>\n\n\n\n<p>(1) Le Menhir de Solre-le-Ch\u00e2teau Article r\u00e9dig\u00e9 par M L\u00e9on Desailly <a href=\"https:\/\/www.persee.fr\/doc\/bspf_0249-7638_1924_num_21_5_7300\" target=\"_blank\" rel=\"noreferrer noopener\">Bulletin de la Soci\u00e9t\u00e9 pr\u00e9historique fran\u00e7aise<\/a>&nbsp;&nbsp;Ann\u00e9e 1924.<\/p>\n\n\n\n<p>(2) Mallum : Tribunal de droit commun \u00e0 l&rsquo;\u00e9poque franque et carolingienne.<\/p>\n\n\n\n<h2 class=\"wp-block-heading has-dark-red-color has-text-color has-link-color wp-elements-620c670b6a794289adb19b981d457246\">Solrinnes : <em>la l\u00e9gende des grenouilles<\/em><\/h2>\n\n\n<div class=\"wp-block-image\">\n<figure class=\"aligncenter size-full is-resized\"><img data-recalc-dims=\"1\" loading=\"lazy\" decoding=\"async\" width=\"840\" height=\"560\" data-attachment-id=\"20924\" data-permalink=\"https:\/\/patrimoine-avesnois.fr\/chemin\/lavesnois-autour-de-ses-legendes\/2017-09-15-08-00-51-1100x733\/\" data-orig-file=\"https:\/\/i0.wp.com\/patrimoine-avesnois.fr\/chemin\/wp-content\/uploads\/2025\/01\/2017-09-15-08-00-51-1100x733-1.jpg?fit=1100%2C733&amp;ssl=1\" data-orig-size=\"1100,733\" data-comments-opened=\"1\" data-image-meta=\"{&quot;aperture&quot;:&quot;5&quot;,&quot;credit&quot;:&quot;&quot;,&quot;camera&quot;:&quot;SLT-A77V&quot;,&quot;caption&quot;:&quot;&quot;,&quot;created_timestamp&quot;:&quot;1428320744&quot;,&quot;copyright&quot;:&quot;&quot;,&quot;focal_length&quot;:&quot;100&quot;,&quot;iso&quot;:&quot;200&quot;,&quot;shutter_speed&quot;:&quot;0.005&quot;,&quot;title&quot;:&quot;&quot;,&quot;orientation&quot;:&quot;0&quot;}\" data-image-title=\"2017-09-15-08-00-51-1100&amp;#215;733\" data-image-description=\"\" data-image-caption=\"\" data-large-file=\"https:\/\/i0.wp.com\/patrimoine-avesnois.fr\/chemin\/wp-content\/uploads\/2025\/01\/2017-09-15-08-00-51-1100x733-1.jpg?fit=840%2C559&amp;ssl=1\" src=\"https:\/\/i0.wp.com\/patrimoine-avesnois.fr\/chemin\/wp-content\/uploads\/2025\/01\/2017-09-15-08-00-51-1100x733-1.jpg?resize=840%2C560&#038;ssl=1\" alt=\"\" class=\"wp-image-20924\" style=\"width:515px\" srcset=\"https:\/\/i0.wp.com\/patrimoine-avesnois.fr\/chemin\/wp-content\/uploads\/2025\/01\/2017-09-15-08-00-51-1100x733-1.jpg?w=1100&amp;ssl=1 1100w, https:\/\/i0.wp.com\/patrimoine-avesnois.fr\/chemin\/wp-content\/uploads\/2025\/01\/2017-09-15-08-00-51-1100x733-1.jpg?resize=300%2C200&amp;ssl=1 300w, https:\/\/i0.wp.com\/patrimoine-avesnois.fr\/chemin\/wp-content\/uploads\/2025\/01\/2017-09-15-08-00-51-1100x733-1.jpg?resize=1024%2C682&amp;ssl=1 1024w, https:\/\/i0.wp.com\/patrimoine-avesnois.fr\/chemin\/wp-content\/uploads\/2025\/01\/2017-09-15-08-00-51-1100x733-1.jpg?resize=768%2C512&amp;ssl=1 768w\" sizes=\"auto, (max-width: 709px) 85vw, (max-width: 909px) 67vw, (max-width: 1362px) 62vw, 840px\" \/><\/figure>\n<\/div>\n\n\n<p>Le moulin de Reumont, aujourd\u2019hui devenu une propri\u00e9t\u00e9 priv\u00e9e est accessible par un petit sentier qui remonte la vall\u00e9e de la Solre. Il fut construit au &nbsp;XVI\u00e8me si\u00e8cle et \u00e9tait alors une forge hydraulique, propri\u00e9t\u00e9 des moines de Liessies.<\/p>\n\n\n\n<p>Pr\u00e8s du moulin se trouvent un tr\u00e8s bel \u00e9tang qui a une bien curieuse histoire. Il parait que les grenouilles n&rsquo;y coassaient jamais. Les gens du pays disaient que les moines les avaient conjur\u00e9es car elles troublaient leurs pri\u00e8res. Est-ce \u00e0 dire que cet \u00e9tang muet traduisait la paisibilit\u00e9 du lieu ?<\/p>\n\n\n\n<h2 class=\"wp-block-heading has-dark-red-color has-text-color has-link-color wp-elements-dbcceb13bc5bd034d8bfae9a42631809\">Taisni\u00e8res-en-Thi\u00e9rache : <em>le pr\u00e9 d&rsquo;el cloque<\/em><\/h2>\n\n\n<div class=\"wp-block-image\">\n<figure class=\"aligncenter size-full is-resized\"><img data-recalc-dims=\"1\" loading=\"lazy\" decoding=\"async\" width=\"717\" height=\"538\" data-attachment-id=\"20925\" data-permalink=\"https:\/\/patrimoine-avesnois.fr\/chemin\/lavesnois-autour-de-ses-legendes\/capture-610\/\" data-orig-file=\"https:\/\/i0.wp.com\/patrimoine-avesnois.fr\/chemin\/wp-content\/uploads\/2025\/01\/Capture-31.jpg?fit=717%2C538&amp;ssl=1\" data-orig-size=\"717,538\" data-comments-opened=\"1\" data-image-meta=\"{&quot;aperture&quot;:&quot;0&quot;,&quot;credit&quot;:&quot;CARRE&quot;,&quot;camera&quot;:&quot;&quot;,&quot;caption&quot;:&quot;&quot;,&quot;created_timestamp&quot;:&quot;1738078923&quot;,&quot;copyright&quot;:&quot;&quot;,&quot;focal_length&quot;:&quot;0&quot;,&quot;iso&quot;:&quot;0&quot;,&quot;shutter_speed&quot;:&quot;0&quot;,&quot;title&quot;:&quot;&quot;,&quot;orientation&quot;:&quot;0&quot;}\" data-image-title=\"Capture\" data-image-description=\"\" data-image-caption=\"\" data-large-file=\"https:\/\/i0.wp.com\/patrimoine-avesnois.fr\/chemin\/wp-content\/uploads\/2025\/01\/Capture-31.jpg?fit=717%2C538&amp;ssl=1\" src=\"https:\/\/i0.wp.com\/patrimoine-avesnois.fr\/chemin\/wp-content\/uploads\/2025\/01\/Capture-31.jpg?resize=717%2C538&#038;ssl=1\" alt=\"\" class=\"wp-image-20925\" style=\"width:540px\" srcset=\"https:\/\/i0.wp.com\/patrimoine-avesnois.fr\/chemin\/wp-content\/uploads\/2025\/01\/Capture-31.jpg?w=717&amp;ssl=1 717w, https:\/\/i0.wp.com\/patrimoine-avesnois.fr\/chemin\/wp-content\/uploads\/2025\/01\/Capture-31.jpg?resize=300%2C225&amp;ssl=1 300w\" sizes=\"auto, (max-width: 717px) 85vw, 717px\" \/><\/figure>\n<\/div>\n\n\n<p>II existe \u00e0 Taisni\u00e8res une donation dont l&rsquo;origine est assez curieuse. Un maitre et son valet s&rsquo;\u00e9taient perdus dans la for\u00eat de Sassogne. Mourant de faim, ils entendirent le son d&rsquo;une cloche, vers laquelle ils s&rsquo;achemin\u00e8rent. Ils arriv\u00e8rent \u00e0 la nuit \u00e0 Taisnieres, o\u00f9 on leur procura des soins et des aliments. <\/p>\n\n\n\n<p>En reconnaissance de ce bienfait, le maitre, dont la post\u00e9rit\u00e9 n&rsquo;a pas conserv\u00e9 le nom, donna \u00e0 l&rsquo;\u00e9glise un pr\u00e9, devenu la \u00ab P\u00e2tur\u00e9 d&rsquo;el Cloque \u00bb, pour que la cloche lib\u00e9ratrice de l&rsquo;\u00e9glise soit sonn\u00e9e \u00e0 \u00ab jou fali \u00bb, c&rsquo;est \u00e0 dire \u00e0 la tomb\u00e9e du jour. <\/p>\n\n\n\n<p>Cette fondation a r\u00e9sist\u00e9 \u00e0 la R\u00e9volution. Au moyen des locations de la p\u00e2ture, les sonneries jusque dans les ann\u00e9es 1970 se faisaient chaque jour par le clerc de la paroisse, les intentions du donateur continuant de la sorte \u00e0 \u00eatre remplies.<\/p>\n\n\n\n<h2 class=\"wp-block-heading has-dark-red-color has-text-color has-link-color wp-elements-53b243bcbf11085881f45accfbf23f10\">Villers-Sire-Nicole : <em>la l\u00e9gende de l&rsquo;Ermitage<\/em><\/h2>\n\n\n<div class=\"wp-block-image\">\n<figure class=\"aligncenter size-full is-resized\"><img data-recalc-dims=\"1\" loading=\"lazy\" decoding=\"async\" width=\"840\" height=\"630\" data-attachment-id=\"20929\" data-permalink=\"https:\/\/patrimoine-avesnois.fr\/chemin\/lavesnois-autour-de-ses-legendes\/capture-612\/\" data-orig-file=\"https:\/\/i0.wp.com\/patrimoine-avesnois.fr\/chemin\/wp-content\/uploads\/2025\/01\/Capture-33.jpg?fit=919%2C689&amp;ssl=1\" data-orig-size=\"919,689\" data-comments-opened=\"1\" data-image-meta=\"{&quot;aperture&quot;:&quot;0&quot;,&quot;credit&quot;:&quot;CARRE&quot;,&quot;camera&quot;:&quot;&quot;,&quot;caption&quot;:&quot;&quot;,&quot;created_timestamp&quot;:&quot;1738081896&quot;,&quot;copyright&quot;:&quot;&quot;,&quot;focal_length&quot;:&quot;0&quot;,&quot;iso&quot;:&quot;0&quot;,&quot;shutter_speed&quot;:&quot;0&quot;,&quot;title&quot;:&quot;&quot;,&quot;orientation&quot;:&quot;0&quot;}\" data-image-title=\"Capture\" data-image-description=\"\" data-image-caption=\"\" data-large-file=\"https:\/\/i0.wp.com\/patrimoine-avesnois.fr\/chemin\/wp-content\/uploads\/2025\/01\/Capture-33.jpg?fit=840%2C630&amp;ssl=1\" src=\"https:\/\/i0.wp.com\/patrimoine-avesnois.fr\/chemin\/wp-content\/uploads\/2025\/01\/Capture-33.jpg?resize=840%2C630&#038;ssl=1\" alt=\"\" class=\"wp-image-20929\" style=\"width:570px\" srcset=\"https:\/\/i0.wp.com\/patrimoine-avesnois.fr\/chemin\/wp-content\/uploads\/2025\/01\/Capture-33.jpg?w=919&amp;ssl=1 919w, https:\/\/i0.wp.com\/patrimoine-avesnois.fr\/chemin\/wp-content\/uploads\/2025\/01\/Capture-33.jpg?resize=300%2C225&amp;ssl=1 300w, https:\/\/i0.wp.com\/patrimoine-avesnois.fr\/chemin\/wp-content\/uploads\/2025\/01\/Capture-33.jpg?resize=768%2C576&amp;ssl=1 768w\" sizes=\"auto, (max-width: 709px) 85vw, (max-width: 909px) 67vw, (max-width: 1362px) 62vw, 840px\" \/><figcaption class=\"wp-element-caption\">Cadastre Villers-Sire-Nicole 1810 ADN P 31 \/ 792<\/figcaption><\/figure>\n<\/div>\n\n\n<p>A Villers-Sire-Nicole, le long de la Trouille, en direction de la fronti\u00e8re belge, on peut apercevoir un petit bois : c&rsquo;est le lieu-dit de l&rsquo;Ermitage et voici la l\u00e9gende qui s&rsquo;y rattache :<\/p>\n\n\n\n<p>Englebert de Grez, seigneur de Rouveroy, venait de prendre femme, lorsqu&rsquo;il dut partir pour la Croisade, pr\u00each\u00e9e en Hainaut par le cardinal Piculula, et qui avait pour objet d&rsquo;aller combattre en Prusse avec les Chevaliers Teutoniques contre les infid\u00e8les de la Baltique. Englebert fut fait prisonnier ; et quand il revint au pays six ans plus lard, il apprit que sa femme, le croyant mort, s&rsquo;\u00e9tait remari\u00e9e avec un seigneur de la r\u00e9gion, le sire d&rsquo;Harmignies.<\/p>\n\n\n\n<p>Fou de douleur, il d\u00e9cida de vivre d\u00e9sormais solitaire, et alla s&rsquo;enfermer \u00e0 l&rsquo;ermitage que Jacques Rouillie, un vieillard, avait b\u00e2ti en 1367 dans les bois sur les bords de la Trouille. <\/p>\n\n\n\n<p>L&rsquo;ermite de Villers, que les gens du pays ne reconnurent point, tant il avait chang\u00e9, s&rsquo;acquit une certaine r\u00e9putation de sage, et s&rsquo;occupa \u00e0 \u00e9tudier les plantes et \u00e0 tenter de gu\u00e9rir les maladies. <\/p>\n\n\n\n<p>Un jour, il re\u00e7ut la visite de sa femme qui, malheureuse en m\u00e9nage, venait demander conseil au solitaire. A peine les \u00e9poux eurent-ils le temps de se reconnaitre, que le second mari survenait, fou de rage. Les deux hommes s&rsquo;affront\u00e8rent en un combat singulier, et le sire d&rsquo;Harmignies fut tu\u00e9. <\/p>\n\n\n\n<p>Englebert de Grez reprit sa place au manoir de Rouveroy, et fit don \u00e0 l&rsquo;ermitage o\u00f9 il avait v\u00e9cu, de diff\u00e9rents biens. L&rsquo;ermitage de Villers persista jusqu&rsquo;\u00e0 la R\u00e9volution. On y disait la messe dans une chapelle \u00e0 pr\u00e9sent disparue, et les ermites s&rsquo;y livraient \u00e0 l&rsquo;instruction de la jeunesse. Les b\u00e2timents de l&rsquo;ermitage forment aujourd&rsquo;hui une modeste exploitation agricole.<\/p>\n\n\n\n<h2 class=\"wp-block-heading has-dark-red-color has-text-color has-link-color wp-elements-4d64538a2a22267b315bec8f413a64a0\">Wallers-en-Fagne : <em>le monast\u00e8re<\/em> de <em>St Landelin<\/em><\/h2>\n\n\n<div class=\"wp-block-image\">\n<figure class=\"aligncenter size-full is-resized\"><img data-recalc-dims=\"1\" loading=\"lazy\" decoding=\"async\" width=\"800\" height=\"600\" data-attachment-id=\"20933\" data-permalink=\"https:\/\/patrimoine-avesnois.fr\/chemin\/lavesnois-autour-de-ses-legendes\/image-1977\/\" data-orig-file=\"https:\/\/i0.wp.com\/patrimoine-avesnois.fr\/chemin\/wp-content\/uploads\/2025\/01\/image-64.png?fit=800%2C600&amp;ssl=1\" data-orig-size=\"800,600\" data-comments-opened=\"1\" data-image-meta=\"{&quot;aperture&quot;:&quot;0&quot;,&quot;credit&quot;:&quot;&quot;,&quot;camera&quot;:&quot;&quot;,&quot;caption&quot;:&quot;&quot;,&quot;created_timestamp&quot;:&quot;0&quot;,&quot;copyright&quot;:&quot;&quot;,&quot;focal_length&quot;:&quot;0&quot;,&quot;iso&quot;:&quot;0&quot;,&quot;shutter_speed&quot;:&quot;0&quot;,&quot;title&quot;:&quot;&quot;,&quot;orientation&quot;:&quot;0&quot;}\" data-image-title=\"image\" data-image-description=\"\" data-image-caption=\"\" data-large-file=\"https:\/\/i0.wp.com\/patrimoine-avesnois.fr\/chemin\/wp-content\/uploads\/2025\/01\/image-64.png?fit=800%2C600&amp;ssl=1\" src=\"https:\/\/i0.wp.com\/patrimoine-avesnois.fr\/chemin\/wp-content\/uploads\/2025\/01\/image-64.png?resize=800%2C600&#038;ssl=1\" alt=\"\" class=\"wp-image-20933\" style=\"width:550px\" srcset=\"https:\/\/i0.wp.com\/patrimoine-avesnois.fr\/chemin\/wp-content\/uploads\/2025\/01\/image-64.png?w=800&amp;ssl=1 800w, https:\/\/i0.wp.com\/patrimoine-avesnois.fr\/chemin\/wp-content\/uploads\/2025\/01\/image-64.png?resize=300%2C225&amp;ssl=1 300w, https:\/\/i0.wp.com\/patrimoine-avesnois.fr\/chemin\/wp-content\/uploads\/2025\/01\/image-64.png?resize=768%2C576&amp;ssl=1 768w\" sizes=\"auto, (max-width: 800px) 85vw, 800px\" \/><figcaption class=\"wp-element-caption\"><em>Eglise et Prieur\u00e9 de Moustier-en-Fagne<\/em><\/figcaption><\/figure>\n<\/div>\n\n\n<p>Saint Landelin \u00e9tait n\u00e9 au village de Vaux, en Artois, d&rsquo;une famille issue de la famille des rois francs et avait \u00e9t\u00e9 \u00e9lev\u00e9 par saint Aubert, \u00e9v\u00eaque de Cambrai. Sa jeunesse fut orageuse, et il devint un voleur de grand chemin, remplissant de terreur tout le pays soumis \u00e0 la juridiction spirituelle du pieux \u00e9v\u00eaque.<\/p>\n\n\n\n<p>La l\u00e9gende conte qu&rsquo;un jour, un de ses compagnons de rapines \u00e9tant venu \u00e0 p\u00e9rir dans une rencontre arm\u00e9e, il vit en songe son \u00e2me livr\u00e9e aux tourments de l&rsquo;enfer. Plein de frayeur et de repentir, il courut se jeter aux pieds de saint Aubert, lui promettant de faire p\u00e9nitence. <\/p>\n\n\n\n<p>Il tint parole, et sa r\u00e9putation de pi\u00e9t\u00e9 et d&rsquo;aust\u00e9rit\u00e9 devint si grande que le roi Dagobert lui l\u00e9gua les terres de Wallers, Baives et lieux environnants pour y construire un monast\u00e8re. Le monast\u00e8re de Wallers n&rsquo;eut cependant qu&rsquo;une existence \u00e9ph\u00e9m\u00e8re. Il fut d\u00e9truit par les Normands, et r\u00e9tabli au Xe si\u00e8cle \u00e0 Moustier. <\/p>\n\n\n\n<p>Rien ne rappelle \u00e0 Wallers le souvenir du monast\u00e8re et de son fondateur. Ceci n&rsquo;a rien d&rsquo;\u00e9tonnant car le monast\u00e8re ne se trouvait pas sur la pr\u00e9sente commune de Wallers mais \u00e0 l\u2019emplacement actuel du prieur\u00e9 de Moustier. En effet, comme le monast\u00e8re a d&rsquo;abord \u00e9t\u00e9 d\u00e9sign\u00e9 sous le nom de Wallers, puis de celui de Moustier, on a cru \u00e0 un d\u00e9placement caus\u00e9 par les invasions normandes. Il n&rsquo;en fut rien et en r\u00e9alit\u00e9 Wallers \u00e9tait avant le XII e si\u00e8cle le nom dune grande villa m\u00e9rovingienne d&rsquo;o\u00f9 sont issus par scission Baives (centre du domaine foncier de l&rsquo;abbaye de Lobbes) et Moustier (lieu d&rsquo;implantation physique du monast\u00e8re) (1).<\/p>\n\n\n\n<p>(1) Prieur\u00e9 Saint Dodon Moustier-en-Fagne <a href=\"http:\/\/www.moustier-en-fagne.com\/prieure-saint-dodon.html#DgTm4UPA\" data-type=\"link\" data-id=\"http:\/\/www.moustier-en-fagne.com\/prieure-saint-dodon.html#DgTm4UPA\" target=\"_blank\" rel=\"noreferrer noopener\">Site Mairie<\/a><\/p>\n\n\n\n<p><\/p>\n","protected":false},"excerpt":{"rendered":"<p>Avesnes&nbsp;: la l\u00e9gende des Mouches En 1498, alors que le Hainaut appartient aux Pays-Bas, les arm\u00e9es fran\u00e7aises assi\u00e8gent Avesnes, y p\u00e9n\u00e8trent le jour de la pr\u00e9sentation de N.D. au temple (21 novembre), et arrivent au portail de l\u2019\u00e9glise, o\u00f9 les habitants rassembl\u00e9s, assistent aux matines. Mais, tout \u00e0 coup, elles s\u2019arr\u00eatent comme frapp\u00e9es d\u2019\u00e9pouvante, se &hellip; <a href=\"https:\/\/patrimoine-avesnois.fr\/chemin\/lavesnois-autour-de-ses-legendes\/\" class=\"more-link\">Continuer la lecture<span class=\"screen-reader-text\"> de &laquo;&nbsp;L\u2019Avesnois autour de ses l\u00e9gendes&nbsp;&raquo;<\/span><\/a><\/p>\n","protected":false},"author":2,"featured_media":0,"parent":0,"menu_order":0,"comment_status":"closed","ping_status":"closed","template":"","meta":{"jetpack_post_was_ever_published":false,"footnotes":""},"class_list":["post-20843","page","type-page","status-publish","hentry"],"jetpack_sharing_enabled":true,"jetpack_shortlink":"https:\/\/wp.me\/PaOEkN-5qb","jetpack-related-posts":[],"_links":{"self":[{"href":"https:\/\/patrimoine-avesnois.fr\/chemin\/wp-json\/wp\/v2\/pages\/20843","targetHints":{"allow":["GET"]}}],"collection":[{"href":"https:\/\/patrimoine-avesnois.fr\/chemin\/wp-json\/wp\/v2\/pages"}],"about":[{"href":"https:\/\/patrimoine-avesnois.fr\/chemin\/wp-json\/wp\/v2\/types\/page"}],"author":[{"embeddable":true,"href":"https:\/\/patrimoine-avesnois.fr\/chemin\/wp-json\/wp\/v2\/users\/2"}],"replies":[{"embeddable":true,"href":"https:\/\/patrimoine-avesnois.fr\/chemin\/wp-json\/wp\/v2\/comments?post=20843"}],"version-history":[{"count":0,"href":"https:\/\/patrimoine-avesnois.fr\/chemin\/wp-json\/wp\/v2\/pages\/20843\/revisions"}],"wp:attachment":[{"href":"https:\/\/patrimoine-avesnois.fr\/chemin\/wp-json\/wp\/v2\/media?parent=20843"}],"curies":[{"name":"wp","href":"https:\/\/api.w.org\/{rel}","templated":true}]}}