{"id":2101,"date":"2019-04-25T16:01:38","date_gmt":"2019-04-25T14:01:38","guid":{"rendered":"http:\/\/patrimoine-avesnois.fr\/chemin\/?page_id=2101"},"modified":"2026-08-31T14:24:52","modified_gmt":"2026-08-31T12:24:52","slug":"prisches","status":"publish","type":"page","link":"https:\/\/patrimoine-avesnois.fr\/chemin\/prisches\/","title":{"rendered":"Prisches"},"content":{"rendered":"<div class=\"wp-block-image\">\n<figure class=\"aligncenter\"><img data-recalc-dims=\"1\" loading=\"lazy\" decoding=\"async\" width=\"840\" height=\"564\" data-attachment-id=\"2185\" data-permalink=\"https:\/\/patrimoine-avesnois.fr\/chemin\/prisches\/120_001-2\/\" data-orig-file=\"https:\/\/i0.wp.com\/patrimoine-avesnois.fr\/chemin\/wp-content\/uploads\/2019\/04\/120_001-1.jpg?fit=845%2C567&amp;ssl=1\" data-orig-size=\"845,567\" data-comments-opened=\"1\" data-image-meta=\"{&quot;aperture&quot;:&quot;0&quot;,&quot;credit&quot;:&quot;&quot;,&quot;camera&quot;:&quot;&quot;,&quot;caption&quot;:&quot;&quot;,&quot;created_timestamp&quot;:&quot;1556202504&quot;,&quot;copyright&quot;:&quot;&quot;,&quot;focal_length&quot;:&quot;0&quot;,&quot;iso&quot;:&quot;0&quot;,&quot;shutter_speed&quot;:&quot;0&quot;,&quot;title&quot;:&quot;&quot;,&quot;orientation&quot;:&quot;1&quot;}\" data-image-title=\"120_001\" data-image-description=\"\" data-image-caption=\"\" data-large-file=\"https:\/\/i0.wp.com\/patrimoine-avesnois.fr\/chemin\/wp-content\/uploads\/2019\/04\/120_001-1.jpg?fit=840%2C564&amp;ssl=1\" src=\"https:\/\/i0.wp.com\/patrimoine-avesnois.fr\/chemin\/wp-content\/uploads\/2019\/04\/120_001-1.jpg?resize=840%2C564\" alt=\"\" class=\"wp-image-2185\" srcset=\"https:\/\/i0.wp.com\/patrimoine-avesnois.fr\/chemin\/wp-content\/uploads\/2019\/04\/120_001-1.jpg?w=845&amp;ssl=1 845w, https:\/\/i0.wp.com\/patrimoine-avesnois.fr\/chemin\/wp-content\/uploads\/2019\/04\/120_001-1.jpg?resize=300%2C201&amp;ssl=1 300w, https:\/\/i0.wp.com\/patrimoine-avesnois.fr\/chemin\/wp-content\/uploads\/2019\/04\/120_001-1.jpg?resize=768%2C515&amp;ssl=1 768w\" sizes=\"auto, (max-width: 709px) 85vw, (max-width: 909px) 67vw, (max-width: 1362px) 62vw, 840px\" \/><figcaption class=\"wp-element-caption\">Vue a\u00e9rienne de Prisches<\/figcaption><\/figure>\n<\/div>\n\n\n<p class=\"wp-block-paragraph\"><\/p>\n\n\n<div class=\"wp-block-image\">\n<figure class=\"aligncenter\"><img loading=\"lazy\" decoding=\"async\" width=\"1637\" height=\"1041\" data-attachment-id=\"2136\" data-permalink=\"https:\/\/patrimoine-avesnois.fr\/chemin\/prisches\/prisches-vue-aerienne\/\" data-orig-file=\"https:\/\/i0.wp.com\/patrimoine-avesnois.fr\/chemin\/wp-content\/uploads\/2019\/04\/Prisches-vue-a%C3%A9rienne.jpg?fit=1637%2C1041&amp;ssl=1\" data-orig-size=\"1637,1041\" data-comments-opened=\"1\" data-image-meta=\"{&quot;aperture&quot;:&quot;2.8&quot;,&quot;credit&quot;:&quot;&quot;,&quot;camera&quot;:&quot;E3200&quot;,&quot;caption&quot;:&quot;&quot;,&quot;created_timestamp&quot;:&quot;1379336318&quot;,&quot;copyright&quot;:&quot;&quot;,&quot;focal_length&quot;:&quot;5.8&quot;,&quot;iso&quot;:&quot;109&quot;,&quot;shutter_speed&quot;:&quot;0.17241379310345&quot;,&quot;title&quot;:&quot;&quot;,&quot;orientation&quot;:&quot;0&quot;}\" data-image-title=\"Prisches vue a\u00e9rienne\" data-image-description=\"\" data-image-caption=\"\" data-large-file=\"https:\/\/i0.wp.com\/patrimoine-avesnois.fr\/chemin\/wp-content\/uploads\/2019\/04\/Prisches-vue-a%C3%A9rienne.jpg?fit=840%2C534&amp;ssl=1\" src=\"https:\/\/i1.wp.com\/patrimoine-avesnois.fr\/chemin\/wp-content\/uploads\/2019\/04\/Prisches-vue-a\u00e9rienne.jpg?fit=840%2C534\" alt=\"\" class=\"wp-image-2136\" srcset=\"https:\/\/i0.wp.com\/patrimoine-avesnois.fr\/chemin\/wp-content\/uploads\/2019\/04\/Prisches-vue-a%C3%A9rienne.jpg?w=1637&amp;ssl=1 1637w, https:\/\/i0.wp.com\/patrimoine-avesnois.fr\/chemin\/wp-content\/uploads\/2019\/04\/Prisches-vue-a%C3%A9rienne.jpg?resize=300%2C191&amp;ssl=1 300w, https:\/\/i0.wp.com\/patrimoine-avesnois.fr\/chemin\/wp-content\/uploads\/2019\/04\/Prisches-vue-a%C3%A9rienne.jpg?resize=768%2C488&amp;ssl=1 768w, https:\/\/i0.wp.com\/patrimoine-avesnois.fr\/chemin\/wp-content\/uploads\/2019\/04\/Prisches-vue-a%C3%A9rienne.jpg?resize=1024%2C651&amp;ssl=1 1024w, https:\/\/i0.wp.com\/patrimoine-avesnois.fr\/chemin\/wp-content\/uploads\/2019\/04\/Prisches-vue-a%C3%A9rienne.jpg?resize=1200%2C763&amp;ssl=1 1200w\" sizes=\"auto, (max-width: 709px) 85vw, (max-width: 909px) 67vw, (max-width: 1362px) 62vw, 840px\" \/><figcaption class=\"wp-element-caption\">Vue a\u00e9rienne de Prisches <\/figcaption><\/figure>\n<\/div>\n\n\n<p class=\"wp-block-paragraph\"><\/p>\n\n\n\n<h5 class=\"wp-block-heading\"><strong>Origine du nom : de Perez \u00e0 Prisches<\/strong><\/h5>\n\n\n\n<p class=\"wp-block-paragraph\">Au d\u00e9but du XII\u1d49 si\u00e8cle, Prisches appara\u00eet dans les textes sous la forme <em>Perez<\/em>, nom d\u2019un alleu appartenant \u00e0 Amaury de B\u00e9relles, moine qui l\u00e9gua en 1123 sa terre \u00e0 l\u2019abbaye de Liessies. Cette forme romane ancienne renvoie tr\u00e8s probablement \u00e0 un ensemble de pierres de d\u00e9limitation : en effet, au sud de la Rivierette \u2014 donc \u00e0 l\u2019int\u00e9rieur du <em>forestum<\/em> mentionn\u00e9 en 995 par Otton III \u2014 un ancien cadastre signale les \u201cVall\u00e9es as Pierres\u201d, secteur o\u00f9 les repr\u00e9sentants de l\u2019autorit\u00e9 imp\u00e9riale avaient install\u00e9 des bornes pour mat\u00e9rialiser la fronti\u00e8re du territoire fiscal. Situ\u00e9 imm\u00e9diatement au nord de cette zone pierreuse, l\u2019alleu d\u2019Amaury a sans doute \u00e9t\u00e9 d\u00e9sign\u00e9 <em>Perez<\/em> en r\u00e9f\u00e9rence directe \u00e0 ces pierres de limite. Lorsque les seigneurs d\u2019Avesnes prirent possession de l\u2019alleu, ils firent d\u00e9fricher les terres jusqu\u2019\u00e0 cette vall\u00e9e aux pierres, qui constitue aujourd\u2019hui encore la limite m\u00e9ridionale de la commune de Prisches.<\/p>\n\n\n\n<p class=\"wp-block-paragraph\">\u00c0 partir du milieu du XII\u1d49 si\u00e8cle, les scribes transcrivent le nom sous des formes progressivement modifi\u00e9es : <em>Prices<\/em> (1169), <em>Perices<\/em> (1174), <em>Prichez<\/em> (1186), puis <em>Prisches<\/em> (1237). Cette \u00e9volution r\u00e9guli\u00e8re refl\u00e8te les transformations phon\u00e9tiques du roman du Hainaut : disparition du -z final, glissement du <em>e<\/em> vers <em>i<\/em>, palatalisation du groupe <em>re<\/em> et adoption du suffixe picard <em>\u2011es \/ \u2011ez \/ \u2011ches<\/em>. Ainsi, le passage de <em>Perez<\/em> \u00e0 <em>Prisches<\/em> n\u2019est pas une rupture, mais la trace linguistique d\u2019un nom qui s\u2019adapte aux usages, aux scribes et aux formes du fran\u00e7ais m\u00e9di\u00e9val.<\/p>\n\n\n\n<p class=\"wp-block-paragraph\">Prisches fut de tout temps l&rsquo;un des villages les plus riches de l&rsquo;Avesnois. J&rsquo;ai \u00e9crit un article sur l&rsquo;histoire de Prisches dans Wikip\u00e9dia. Je vous invite \u00e0 le consulter <a rel=\"noreferrer noopener\" aria-label=\"ici. (opens in a new tab)\" href=\"https:\/\/fr.wikipedia.org\/wiki\/Histoire_de_Prisches\" target=\"_blank\">ici.<\/a><\/p>\n\n\n\n<p class=\"wp-block-paragraph\"><\/p>\n\n\n\n<h3 class=\"wp-block-heading\">L\u2019\u00c9glise de Prisches<\/h3>\n\n\n<div class=\"wp-block-image is-resized\">\n<figure class=\"aligncenter\"><img loading=\"lazy\" decoding=\"async\" width=\"1536\" height=\"2048\" data-attachment-id=\"2110\" data-permalink=\"https:\/\/patrimoine-avesnois.fr\/chemin\/prisches\/dscn1993\/\" data-orig-file=\"https:\/\/i0.wp.com\/patrimoine-avesnois.fr\/chemin\/wp-content\/uploads\/2019\/04\/DSCN1993.jpg?fit=1536%2C2048&amp;ssl=1\" data-orig-size=\"1536,2048\" data-comments-opened=\"1\" data-image-meta=\"{&quot;aperture&quot;:&quot;5.6&quot;,&quot;credit&quot;:&quot;&quot;,&quot;camera&quot;:&quot;E3200&quot;,&quot;caption&quot;:&quot;&quot;,&quot;created_timestamp&quot;:&quot;1326640627&quot;,&quot;copyright&quot;:&quot;&quot;,&quot;focal_length&quot;:&quot;5.8&quot;,&quot;iso&quot;:&quot;50&quot;,&quot;shutter_speed&quot;:&quot;0.0062073246430788&quot;,&quot;title&quot;:&quot;&quot;,&quot;orientation&quot;:&quot;1&quot;}\" data-image-title=\"DSCN1993\" data-image-description=\"\" data-image-caption=\"\" data-large-file=\"https:\/\/i0.wp.com\/patrimoine-avesnois.fr\/chemin\/wp-content\/uploads\/2019\/04\/DSCN1993.jpg?fit=768%2C1024&amp;ssl=1\" src=\"https:\/\/i0.wp.com\/patrimoine-avesnois.fr\/chemin\/wp-content\/uploads\/2019\/04\/DSCN1993.jpg?fit=768%2C1024\" alt=\"\" class=\"wp-image-2110\" srcset=\"https:\/\/i0.wp.com\/patrimoine-avesnois.fr\/chemin\/wp-content\/uploads\/2019\/04\/DSCN1993.jpg?w=1536&amp;ssl=1 1536w, https:\/\/i0.wp.com\/patrimoine-avesnois.fr\/chemin\/wp-content\/uploads\/2019\/04\/DSCN1993.jpg?resize=225%2C300&amp;ssl=1 225w, https:\/\/i0.wp.com\/patrimoine-avesnois.fr\/chemin\/wp-content\/uploads\/2019\/04\/DSCN1993.jpg?resize=768%2C1024&amp;ssl=1 768w, https:\/\/i0.wp.com\/patrimoine-avesnois.fr\/chemin\/wp-content\/uploads\/2019\/04\/DSCN1993.jpg?resize=1200%2C1600&amp;ssl=1 1200w\" sizes=\"auto, (max-width: 709px) 85vw, (max-width: 909px) 67vw, (max-width: 1362px) 62vw, 840px\" \/><figcaption class=\"wp-element-caption\">L&rsquo;\u00e9glise de Prisches<\/figcaption><\/figure>\n<\/div>\n\n\n<p class=\"wp-block-paragraph\"><\/p>\n\n\n\n<h3 class=\"wp-block-heading\"><strong>Plan<\/strong><\/h3>\n\n\n\n<p class=\"wp-block-paragraph\">L\u2019\u00e9glise Saint\u2011Nicolas adopte un plan en croix latine orient\u00e9 ouest\u2013est. La nef se compose d\u2019un vaisseau central flanqu\u00e9 de deux collat\u00e9raux et divis\u00e9e en trois trav\u00e9es. Un transept nettement saillant marque le croisement des volumes. Le chevet est rectangulaire \u00e0 pans coup\u00e9s, particularit\u00e9 rare dans la r\u00e9gion, et il est flanqu\u00e9 d\u2019un calvaire incrust\u00e9 dans la fa\u00e7ade orientale.<\/p>\n\n\n\n<h3 class=\"wp-block-heading\"><strong>\u00c9l\u00e9vation ext\u00e9rieure<\/strong><\/h3>\n\n\n\n<p class=\"wp-block-paragraph\">L\u2019\u00e9difice associe la brique et la pierre bleue, mat\u00e9riaux caract\u00e9ristiques de l\u2019Avesnois. La tour occidentale, reconstruite \u00e0 la fin du XVIII\u1d49 si\u00e8cle, pr\u00e9sente un massif quadrangulaire rythm\u00e9 par des cha\u00eenes d\u2019angle en pierre bleue et perc\u00e9 de baies en plein cintre. Sa silhouette, sobre et r\u00e9guli\u00e8re, rel\u00e8ve du style classique rural de cette p\u00e9riode. Le reste de l\u2019\u00e9glise, homog\u00e9n\u00e9is\u00e9 lors des restaurations de la fin du XIX\u1d49 si\u00e8cle, montre une \u00e9l\u00e9vation en brique pos\u00e9e sur un soubassement de pierre, des fen\u00eatres en plein cintre r\u00e9guli\u00e8rement espac\u00e9es, des contreforts simples et une toiture en ardoises. L\u2019abside plate est remarquable par la pr\u00e9sence d\u2019un calvaire int\u00e9gr\u00e9 dans la ma\u00e7onnerie, compos\u00e9 d\u2019une niche vo\u00fbt\u00e9e en demi\u2011cercle encadr\u00e9e de colonnes en pierre bleue.<\/p>\n\n\n\n<h3 class=\"wp-block-heading\"><strong>\u00c9l\u00e9vation int\u00e9rieure<\/strong><\/h3>\n\n\n\n<p class=\"wp-block-paragraph\">L\u2019int\u00e9rieur de l\u2019\u00e9glise se d\u00e9veloppe sur deux niveaux d\u2019\u00e9l\u00e9vation. Le vaisseau central est s\u00e9par\u00e9 des collat\u00e9raux par de grandes arcades en plein cintre reposant sur des colonnes ou des piliers \u00e0 chapiteaux sobres, donnant \u00e0 l\u2019ensemble une tonalit\u00e9 n\u00e9o\u2011romane. Les trav\u00e9es de la nef, du transept et du ch\u0153ur sont couvertes de vo\u00fbtes d\u2019ogives, dont les nervures retombent sur des colonnes engag\u00e9es. Ces vo\u00fbtes, caract\u00e9ristiques des restaurations de la fin du XIX\u1d49 si\u00e8cle, conf\u00e8rent \u00e0 l\u2019\u00e9difice une verticalit\u00e9 et une luminosit\u00e9 d\u2019inspiration n\u00e9o\u2011gothique. L\u2019ensemble forme une architecture harmonieuse o\u00f9 se m\u00ealent la sobri\u00e9t\u00e9 classique de la tour et les influences n\u00e9o\u2011romanes et n\u00e9o\u2011gothiques de l\u2019int\u00e9rieur.<\/p>\n\n\n\n<p class=\"wp-block-paragraph\"><\/p>\n\n\n<div class=\"wp-block-image is-resized\">\n<figure class=\"aligncenter\"><img loading=\"lazy\" decoding=\"async\" width=\"2048\" height=\"1536\" data-attachment-id=\"2111\" data-permalink=\"https:\/\/patrimoine-avesnois.fr\/chemin\/prisches\/eglise-vue-exterieure-6\/\" data-orig-file=\"https:\/\/i0.wp.com\/patrimoine-avesnois.fr\/chemin\/wp-content\/uploads\/2019\/04\/Eglise-vue-ext%C3%A9rieure-6.jpg?fit=2048%2C1536&amp;ssl=1\" data-orig-size=\"2048,1536\" data-comments-opened=\"1\" data-image-meta=\"{&quot;aperture&quot;:&quot;5.6&quot;,&quot;credit&quot;:&quot;&quot;,&quot;camera&quot;:&quot;E3200&quot;,&quot;caption&quot;:&quot;&quot;,&quot;created_timestamp&quot;:&quot;1378052250&quot;,&quot;copyright&quot;:&quot;&quot;,&quot;focal_length&quot;:&quot;5.8&quot;,&quot;iso&quot;:&quot;50&quot;,&quot;shutter_speed&quot;:&quot;0.0031545741324921&quot;,&quot;title&quot;:&quot;&quot;,&quot;orientation&quot;:&quot;1&quot;}\" data-image-title=\"Eglise vue ext\u00e9rieure (6)\" data-image-description=\"\" data-image-caption=\"\" data-large-file=\"https:\/\/i0.wp.com\/patrimoine-avesnois.fr\/chemin\/wp-content\/uploads\/2019\/04\/Eglise-vue-ext%C3%A9rieure-6.jpg?fit=840%2C630&amp;ssl=1\" src=\"https:\/\/i2.wp.com\/patrimoine-avesnois.fr\/chemin\/wp-content\/uploads\/2019\/04\/Eglise-vue-ext\u00e9rieure-6.jpg?fit=840%2C630\" alt=\"\" class=\"wp-image-2111\" srcset=\"https:\/\/i0.wp.com\/patrimoine-avesnois.fr\/chemin\/wp-content\/uploads\/2019\/04\/Eglise-vue-ext%C3%A9rieure-6.jpg?w=2048&amp;ssl=1 2048w, https:\/\/i0.wp.com\/patrimoine-avesnois.fr\/chemin\/wp-content\/uploads\/2019\/04\/Eglise-vue-ext%C3%A9rieure-6.jpg?resize=300%2C225&amp;ssl=1 300w, https:\/\/i0.wp.com\/patrimoine-avesnois.fr\/chemin\/wp-content\/uploads\/2019\/04\/Eglise-vue-ext%C3%A9rieure-6.jpg?resize=768%2C576&amp;ssl=1 768w, https:\/\/i0.wp.com\/patrimoine-avesnois.fr\/chemin\/wp-content\/uploads\/2019\/04\/Eglise-vue-ext%C3%A9rieure-6.jpg?resize=1024%2C768&amp;ssl=1 1024w, https:\/\/i0.wp.com\/patrimoine-avesnois.fr\/chemin\/wp-content\/uploads\/2019\/04\/Eglise-vue-ext%C3%A9rieure-6.jpg?resize=1200%2C900&amp;ssl=1 1200w, https:\/\/i0.wp.com\/patrimoine-avesnois.fr\/chemin\/wp-content\/uploads\/2019\/04\/Eglise-vue-ext%C3%A9rieure-6.jpg?w=1680 1680w\" sizes=\"auto, (max-width: 709px) 85vw, (max-width: 909px) 67vw, (max-width: 1362px) 62vw, 840px\" \/><\/figure>\n<\/div>\n\n\n<p class=\"wp-block-paragraph\"><\/p>\n\n\n\n<p class=\"wp-block-paragraph\">Voici un article que j&rsquo;ai fait para\u00eetre au CHGB sur l&rsquo;histoire de l&rsquo;\u00e9glise de Prisches :<\/p>\n\n\n\n<h3 class=\"wp-block-heading has-text-align-center\"><strong>L\u2019\u00c9glise de Prisches<\/strong><\/h3>\n\n\n\n<p class=\"wp-block-paragraph\"><strong>Introduction<\/strong><\/p>\n\n\n\n<p class=\"wp-block-paragraph\">Prisches pr\u00e9sente la\nparticularit\u00e9 d\u2019avoir une place principale dont les vastes dimensions prouvent\nque ce village \u00e9tait autrefois&nbsp; une\nlocalit\u00e9 importante.<\/p>\n\n\n\n<p class=\"wp-block-paragraph\">En effet, apr\u00e8s avoir\nre\u00e7u une charte-loi par Nicolas d\u2019Avesnes en 1158, dont le mod\u00e8le servit de\nbase \u00e0 une trentaine de seigneuries du Hainaut et du Vermandois, Prisches fut chef-lieu\nde toutes ces localit\u00e9s qui suivaient la coutume vermandoise. Elle fut ensuite\nchef- lieu de canton en 1789 avant de devenir une commune rattach\u00e9e au canton\nde Landrecies.<\/p>\n\n\n\n<p class=\"wp-block-paragraph\">Cette place donc, large\nde plus de 150 m\u00e8tres et entour\u00e9e de jolies habitations resserr\u00e9es les unes sur les autres, \u00e9tait l\u2019espace\nvie de cette Franche Ville.<\/p>\n\n\n\n<p class=\"wp-block-paragraph\">S\u2019y organisaient\nnotamment les foires. Celles-ci \u00e9taient r\u00e9put\u00e9es \u00e0 l\u2019\u00e9chelon local. Les\nbourgeois des villages environnants venaient acheter draps, mercerie et\narticles de fantaisie. <\/p>\n\n\n\n<p class=\"wp-block-paragraph\">Au centre de cette place se dresse l\u2019imposante et\nnon moins gracieuse \u00e9glise Saint Nicolas. C\u2019est un monument remarquable dont je\nme propose de retracer \u00e0 travers cet article son histoire.<\/p>\n\n\n\n<p class=\"wp-block-paragraph\"><strong>Une\n\u00e9glise d\u00e9j\u00e0 b\u00e2tie au d\u00e9but du XIII si\u00e8cle<\/strong><\/p>\n\n\n\n<p class=\"wp-block-paragraph\">Cette affirmation r\u00e9sulte\nd\u2019une bulle de&nbsp; confirmation donn\u00e9e en\nf\u00e9vrier 1237 par le pape Gr\u00e9goire IX \u00e0 l\u2019abbaye de Maroilles qui poss\u00e9dait\nl\u2019\u00e9glise de Prisches et ses d\u00e9pendances. Le collateur \u00e9tait l\u2019abb\u00e9 de\nMaroilles. Sa collation \u00e9tait d\u2019abord tax\u00e9e \u00e0 32 sols 2 deniers puis dans le\nXIV si\u00e8cle \u00e0 30 livres 2 sols. <\/p>\n\n\n\n<p class=\"wp-block-paragraph\"><strong>L\u2019\u00e9glise de Prisches au XVI\nsi\u00e8cle.<\/strong><\/p>\n\n\n\n<p class=\"wp-block-paragraph\">Une ancienne \u00e9glise dont\nil ne reste aucune trace avait \u00e9t\u00e9 la proie des flammes lors des d\u00e9sastres de\n1472 occasionn\u00e9s par les Fran\u00e7ais. (MICHAUX A\u00een\u00e9, histoire de l\u2019abbaye de\nMaroilles). <\/p>\n\n\n\n<p class=\"wp-block-paragraph\">Il s\u2019ensuivit alors une\nnouvelle construction en 1550.<\/p>\n\n\n\n<p class=\"wp-block-paragraph\">Son apparence en 1597 est parvenue jusqu\u2019\u00e0 nous gr\u00e2ce \u00e0 la riche collection des albums de &nbsp;Cro\u00ff. (Bruxelles, 1988 T II fol 49et T 24 fol 2)<\/p>\n\n\n<div class=\"wp-block-image is-resized\">\n<figure class=\"aligncenter\"><img data-recalc-dims=\"1\" loading=\"lazy\" decoding=\"async\" width=\"285\" height=\"362\" data-attachment-id=\"2112\" data-permalink=\"https:\/\/patrimoine-avesnois.fr\/chemin\/prisches\/image-430\/\" data-orig-file=\"https:\/\/i0.wp.com\/patrimoine-avesnois.fr\/chemin\/wp-content\/uploads\/2019\/04\/image-407.png?fit=285%2C362&amp;ssl=1\" data-orig-size=\"285,362\" data-comments-opened=\"1\" data-image-meta=\"{&quot;aperture&quot;:&quot;0&quot;,&quot;credit&quot;:&quot;&quot;,&quot;camera&quot;:&quot;&quot;,&quot;caption&quot;:&quot;&quot;,&quot;created_timestamp&quot;:&quot;0&quot;,&quot;copyright&quot;:&quot;&quot;,&quot;focal_length&quot;:&quot;0&quot;,&quot;iso&quot;:&quot;0&quot;,&quot;shutter_speed&quot;:&quot;0&quot;,&quot;title&quot;:&quot;&quot;,&quot;orientation&quot;:&quot;0&quot;}\" data-image-title=\"image\" data-image-description=\"\" data-image-caption=\"\" data-large-file=\"https:\/\/i0.wp.com\/patrimoine-avesnois.fr\/chemin\/wp-content\/uploads\/2019\/04\/image-407.png?fit=285%2C362&amp;ssl=1\" src=\"https:\/\/i0.wp.com\/patrimoine-avesnois.fr\/chemin\/wp-content\/uploads\/2019\/04\/image-407.png?resize=285%2C362\" alt=\"\" class=\"wp-image-2112\" srcset=\"https:\/\/i0.wp.com\/patrimoine-avesnois.fr\/chemin\/wp-content\/uploads\/2019\/04\/image-407.png?w=285&amp;ssl=1 285w, https:\/\/i0.wp.com\/patrimoine-avesnois.fr\/chemin\/wp-content\/uploads\/2019\/04\/image-407.png?resize=236%2C300&amp;ssl=1 236w\" sizes=\"auto, (max-width: 285px) 85vw, 285px\" \/><figcaption class=\"wp-element-caption\"> <em>Repr\u00e9sentation de l\u2019\u00e9glise en 1597(prisches.free.fr)<\/em> <\/figcaption><\/figure>\n<\/div>\n\n\n<p class=\"wp-block-paragraph\">Cette \u00e9glise se pr\u00e9sente\n\u00e0 nous comme un \u00e9difice \u00e0 la fois&nbsp; sobre\net agr\u00e9able \u00e0 regarder.<\/p>\n\n\n\n<p class=\"wp-block-paragraph\">Elle comportait un chevet plat dont la construction\n\u00e9tait d\u2019un co\u00fbt moindre que le chevet gothique. La nef \u00e9tait \u00e9clair\u00e9e au sud de\nsix fen\u00eatres. Le clocher porche \u00e9tait &nbsp;en\npierres bleues \u00e9tay\u00e9es de contreforts plats aux angles et sur les quatre faces.<\/p>\n\n\n\n<p class=\"wp-block-paragraph\">La fl\u00e8che en charpente portait lanternon ajour\u00e9 surmont\u00e9 d\u2019une grande croix en fer.<\/p>\n\n\n\n<p class=\"wp-block-paragraph\"><strong>Agrandissement de l\u2019\u00e9glise au XVIII si\u00e8cle.<\/strong> <\/p>\n\n\n\n<p class=\"wp-block-paragraph\">En effet en 1769, l\u2019\u00e9difice religieux fut agrandi et embelli. La tour fut d\u00e9molie et reconstruite en 1780-1781. Cette tour est celle qui se pr\u00e9sente \u00e0 nos yeux de nos jours et mesure 23  m\u00e8tres de hauteur. <\/p>\n\n\n\n<p class=\"wp-block-paragraph\">Elle \u00e9tait \u00e0 cette \u00e9poque\nsurmont\u00e9e d\u2019un clocher de 15\n m\u00e8tres qui avait la forme d\u2019un d\u00f4me somm\u00e9 d\u2019un lanternon.\nA l\u2019int\u00e9rieur de ce clocher se trouvaient trois cloches. Deux furent enlev\u00e9es\npendant la Terreur.<\/p>\n\n\n\n<p class=\"wp-block-paragraph\">Autour de cette \u00e9glise se trouvait le cimeti\u00e8re, lui-m\u00eame entour\u00e9 d\u2019un large foss\u00e9 et d\u2019une enceinte de murailles. Ces restes de fortifications \u00e9taient d\u2019ailleurs encore dans la m\u00e9moire des hommes au milieu du XIX si\u00e8cle&nbsp;: les d\u00e9bris de l\u2019antique muraille se trouvaient alors&nbsp; face \u00e0 l\u2019entr\u00e9e du chemin de Beaurepaire. <\/p>\n\n\n\n<p class=\"wp-block-paragraph\">Cela donnait donc l\u2019apparence d\u2019une v\u00e9ritable forteresse. En cas d\u2019attaques par des bandes arm\u00e9es, les villageois pouvaient s\u2019y r\u00e9fugier et s\u2019y d\u00e9fendre.<\/p>\n\n\n\n<p class=\"wp-block-paragraph\">La l\u00e9gende nous conte que\nles habitants pouvaient fuir l\u2019ennemi en empruntant un souterrain qui les\nconduisait en s\u00fbret\u00e9 du c\u00f4t\u00e9 du lieu dit \u00ab&nbsp;La Touillie&nbsp;\u00bb.<\/p>\n\n\n\n<p class=\"wp-block-paragraph\">Ce n\u2019est qu\u2019une l\u00e9gende\ncar aucun souterrain n\u2019a \u00e9t\u00e9 mis au jour.&nbsp;\n<\/p>\n\n\n\n<p class=\"wp-block-paragraph\">Les d\u00e9penses du budget\ncommunal de l\u2019an II (1803-1804) indiquent un co\u00fbt annuel de 300 francs&nbsp; pour l\u2019entretien du presbyt\u00e8re et de\nl\u2019\u00e9glise.<\/p>\n\n\n\n<p class=\"wp-block-paragraph\">Des d\u00e9penses\nextraordinaires concernent la remise \u00e0 neuf de la toiture du clocher confi\u00e9e \u00e0\nJean Baptiste D\u00c9MAREZ.&nbsp;&nbsp; <\/p>\n\n\n\n<p class=\"wp-block-paragraph\">&nbsp;<strong>L\u2019incendie de 1809.<\/strong><\/p>\n\n\n\n<p class=\"wp-block-paragraph\">Le 13 Ao\u00fbt 1809, alors\nque le Conseil Municipal envisageait d\u2019acqu\u00e9rir pour 600 francs une horloge\ncommunale au clocher, le tonnerre gronda et la foudre tomba sur la partie\nbomb\u00e9e de ce dernier.<\/p>\n\n\n\n<p class=\"wp-block-paragraph\">Le feu s\u2019y\ncommuniqua \u00e0 dix heures du soir. Le d\u00f4me et la charpente furent consum\u00e9s par\nles flammes. La cloche fut en partie fondue.<\/p>\n\n\n\n<p class=\"wp-block-paragraph\">Gr\u00e2ce \u00e0 la sage id\u00e9e et au d\u00e9vouement des habitants qui bouch\u00e8rent avec du gazon mouill\u00e9 pris dans le cimeti\u00e8re toutes les communications entre la tour et la charpente du clocher, l\u2019\u00e9difice put \u00eatre pr\u00e9serv\u00e9.<\/p>\n\n\n\n<p class=\"wp-block-paragraph\"><strong>Une\nbalustrade en lieu et place du clocher en 1812.<\/strong><\/p>\n\n\n\n<p class=\"wp-block-paragraph\">La municipalit\u00e9 demanda \u00e0 M GUYOT, architecte de Landrecies, un devis pour les r\u00e9parations de la tour et la reconstruction de la toiture du clocher.&nbsp; <\/p>\n\n\n\n<p class=\"wp-block-paragraph\">Le montant du devis \u00e9tabli le 15 mai 1810 s\u2019\u00e9levait \u00e0 7885 francs.<\/p>\n\n\n\n<p class=\"wp-block-paragraph\">&nbsp;L\u2019heure \u00e9tait aux \u00e9conomies et devant l\u2019urgence Jacques CINGLANT, le maire de l\u2019\u00e9poque et ses conseillers d\u00e9cid\u00e8rent en Juillet 1811 de r\u00e9parer le ma\u00eetre autel et les 2 autres autels \u00e0 l\u2019int\u00e9rieur de l\u2019\u00e9glise.<\/p>\n\n\n\n<p class=\"wp-block-paragraph\">Le gouvernement de l\u2019Empire \u00e0 travers le pr\u00e9fet n\u2019ayant donc pas autoris\u00e9 la reconstruction du clocher se contenta de faire r\u00e9parer la tour et de la couronner d\u2019une galerie en pierres bleues de Dompierre qui existe encore aujourd\u2019hui.<\/p>\n\n\n\n<p class=\"wp-block-paragraph\">Les travaux de la tour se chiffr\u00e8rent \u00e0 6956 francs. La commune d\u00e9boursa 335 francs pour construire le b\u00e2ti de la cloche et 383 francs pour refondre celle-ci.<\/p>\n\n\n\n<p class=\"wp-block-paragraph\"><strong>Des travaux de r\u00e9novation en\n1898 qui lui donnent son aspect actuel.<\/strong><\/p>\n\n\n\n<p class=\"wp-block-paragraph\">&nbsp;Le 20 septembre 1894, l\u2019abb\u00e9 Jules DEFROYENNE demanda l\u2019autorisation de la r\u00e9fection du plafond de l\u2019\u00e9glise. Les travaux furent estim\u00e9s \u00e0 9500 francs.<\/p>\n\n\n\n<p class=\"wp-block-paragraph\">En Ao\u00fbt 1897, la tour \u00ab&nbsp;mena\u00e7ait ruine&nbsp;\u00bb selon ROUSSEL, architecte de Cambrai.<\/p>\n\n\n\n<p class=\"wp-block-paragraph\">&nbsp;Il est vrai que l\u2019on avait reproch\u00e9 \u00e0 QUENOT, entrepreneur des travaux de 1812, d\u2019avoir fourni de la chaux de mauvaise qualit\u00e9. Le devis des travaux \u00e9tabli le 10 ao\u00fbt s\u2019\u00e9leva \u00e0 2760 francs. Ils furent effectu\u00e9s en septembre 1898 &nbsp;gr\u00e2ce \u00e0 l\u2019accord d\u2019un secours de 1600 francs. &nbsp;<\/p>\n\n\n\n<p class=\"wp-block-paragraph\">&nbsp;L\u2019\u00e9glise fut ainsi profond\u00e9ment r\u00e9nov\u00e9e et ses dimensions sont celles d\u2019aujourd\u2019hui&nbsp;: elle est longue de 36 m\u00e8tres, large de 19 m\u00e8tres et sa hauteur est de 25 m\u00e8tres.<\/p>\n\n\n\n<p class=\"wp-block-paragraph\">&nbsp;Il semblerait que le clocher de l\u2019\u00e9glise n\u2019a pas re\u00e7u de fl\u00e8che car les responsables militaires de l\u2019Empire avaient jug\u00e9 qu\u2019elle aurait \u00e9t\u00e9 un rep\u00e8re important pour les canonniers ennemis. Culminant ainsi \u00e0 25 m\u00e8tres, la plate forme fut class\u00e9e point strat\u00e9gique et l\u2019Etat-Major y installa d\u00e8s 1897 des signaux pour la t\u00e9l\u00e9graphie optique. (B DEBRABANT, les communications a\u00e9riennes militaires et l\u2019observatoire optique du Quesnoy 1997.) <\/p>\n\n\n\n<p class=\"wp-block-paragraph\"><\/p>\n\n\n<div class=\"wp-block-image is-resized\">\n<figure class=\"aligncenter\"><img data-recalc-dims=\"1\" loading=\"lazy\" decoding=\"async\" width=\"556\" height=\"362\" data-attachment-id=\"2113\" data-permalink=\"https:\/\/patrimoine-avesnois.fr\/chemin\/prisches\/image-431\/\" data-orig-file=\"https:\/\/i0.wp.com\/patrimoine-avesnois.fr\/chemin\/wp-content\/uploads\/2019\/04\/image-408.png?fit=556%2C362&amp;ssl=1\" data-orig-size=\"556,362\" data-comments-opened=\"1\" data-image-meta=\"{&quot;aperture&quot;:&quot;0&quot;,&quot;credit&quot;:&quot;&quot;,&quot;camera&quot;:&quot;&quot;,&quot;caption&quot;:&quot;&quot;,&quot;created_timestamp&quot;:&quot;0&quot;,&quot;copyright&quot;:&quot;&quot;,&quot;focal_length&quot;:&quot;0&quot;,&quot;iso&quot;:&quot;0&quot;,&quot;shutter_speed&quot;:&quot;0&quot;,&quot;title&quot;:&quot;&quot;,&quot;orientation&quot;:&quot;0&quot;}\" data-image-title=\"image\" data-image-description=\"\" data-image-caption=\"\" data-large-file=\"https:\/\/i0.wp.com\/patrimoine-avesnois.fr\/chemin\/wp-content\/uploads\/2019\/04\/image-408.png?fit=556%2C362&amp;ssl=1\" src=\"https:\/\/i0.wp.com\/patrimoine-avesnois.fr\/chemin\/wp-content\/uploads\/2019\/04\/image-408.png?resize=556%2C362\" alt=\"\" class=\"wp-image-2113\" srcset=\"https:\/\/i0.wp.com\/patrimoine-avesnois.fr\/chemin\/wp-content\/uploads\/2019\/04\/image-408.png?w=556&amp;ssl=1 556w, https:\/\/i0.wp.com\/patrimoine-avesnois.fr\/chemin\/wp-content\/uploads\/2019\/04\/image-408.png?resize=300%2C195&amp;ssl=1 300w\" sizes=\"auto, (max-width: 556px) 85vw, 556px\" \/><figcaption class=\"wp-element-caption\"> <em>Photos avant et apr\u00e8s travaux de 1898.<\/em> <\/figcaption><\/figure>\n<\/div>\n\n\n<p class=\"wp-block-paragraph\"><\/p>\n\n\n\n<p class=\"wp-block-paragraph\"><strong>Une particularit\u00e9 originale&nbsp;: un\ncalvaire incrust\u00e9 dans sa fa\u00e7ade arri\u00e8re.<\/strong><\/p>\n\n\n\n<p class=\"wp-block-paragraph\">&nbsp;Effectivement contre le mur de l\u2019abside plate de l\u2019\u00e9glise est \u00e9rig\u00e9 un calvaire.<\/p>\n\n\n\n<p class=\"wp-block-paragraph\">Ce dernier se constitue d\u2019une avanc\u00e9e en brique et de deux colonnes en pierre bleue servant \u00e0 supporter une vo\u00fbte en demi cercle parfait. Sont repr\u00e9sent\u00e9s au centre le Christ sur la croix, la Vierge et Saint Jean.<\/p>\n\n\n<div class=\"wp-block-image is-resized\">\n<figure class=\"aligncenter\"><img loading=\"lazy\" decoding=\"async\" width=\"1944\" height=\"2592\" data-attachment-id=\"2194\" data-permalink=\"https:\/\/patrimoine-avesnois.fr\/chemin\/prisches\/calvaire-de-leglise-2\/\" data-orig-file=\"https:\/\/i0.wp.com\/patrimoine-avesnois.fr\/chemin\/wp-content\/uploads\/2019\/04\/Calvaire-de-lEglise-2.jpg?fit=1944%2C2592&amp;ssl=1\" data-orig-size=\"1944,2592\" data-comments-opened=\"1\" data-image-meta=\"{&quot;aperture&quot;:&quot;3.2&quot;,&quot;credit&quot;:&quot;&quot;,&quot;camera&quot;:&quot;COOLPIX S6200&quot;,&quot;caption&quot;:&quot;&quot;,&quot;created_timestamp&quot;:&quot;1378319331&quot;,&quot;copyright&quot;:&quot;&quot;,&quot;focal_length&quot;:&quot;4.5&quot;,&quot;iso&quot;:&quot;80&quot;,&quot;shutter_speed&quot;:&quot;0.004&quot;,&quot;title&quot;:&quot;&quot;,&quot;orientation&quot;:&quot;0&quot;}\" data-image-title=\"Calvaire de l&amp;rsquo;Eglise (2)\" data-image-description=\"\" data-image-caption=\"\" data-large-file=\"https:\/\/i0.wp.com\/patrimoine-avesnois.fr\/chemin\/wp-content\/uploads\/2019\/04\/Calvaire-de-lEglise-2.jpg?fit=768%2C1024&amp;ssl=1\" src=\"https:\/\/i2.wp.com\/patrimoine-avesnois.fr\/chemin\/wp-content\/uploads\/2019\/04\/Calvaire-de-lEglise-2.jpg?fit=768%2C1024\" alt=\"\" class=\"wp-image-2194\" style=\"width:520px;height:auto\" srcset=\"https:\/\/i0.wp.com\/patrimoine-avesnois.fr\/chemin\/wp-content\/uploads\/2019\/04\/Calvaire-de-lEglise-2.jpg?w=1944&amp;ssl=1 1944w, https:\/\/i0.wp.com\/patrimoine-avesnois.fr\/chemin\/wp-content\/uploads\/2019\/04\/Calvaire-de-lEglise-2.jpg?resize=225%2C300&amp;ssl=1 225w, https:\/\/i0.wp.com\/patrimoine-avesnois.fr\/chemin\/wp-content\/uploads\/2019\/04\/Calvaire-de-lEglise-2.jpg?resize=768%2C1024&amp;ssl=1 768w, https:\/\/i0.wp.com\/patrimoine-avesnois.fr\/chemin\/wp-content\/uploads\/2019\/04\/Calvaire-de-lEglise-2.jpg?resize=1200%2C1600&amp;ssl=1 1200w, https:\/\/i0.wp.com\/patrimoine-avesnois.fr\/chemin\/wp-content\/uploads\/2019\/04\/Calvaire-de-lEglise-2.jpg?w=1680 1680w\" sizes=\"auto, (max-width: 709px) 85vw, (max-width: 909px) 67vw, (max-width: 1362px) 62vw, 840px\" \/><\/figure>\n<\/div>\n\n\n<p class=\"wp-block-paragraph\"><\/p>\n\n\n\n<p class=\"wp-block-paragraph\"><strong>D\u00e9placement du cimeti\u00e8re en\n1903<\/strong>.<\/p>\n\n\n\n<p class=\"wp-block-paragraph\">&nbsp;Vers 1900 le cimeti\u00e8re d\u2019une superficie de 72 ares 85 centiares autour de l\u2019\u00e9glise devenait exigu. Il \u00e9tait \u00e0 l\u2019\u00e9poque entour\u00e9 de trois abreuvoirs qui \u00e9taient reli\u00e9s par des foss\u00e9s bord\u00e9s de broussaille. Ces abreuvoirs \u00e9taient les vestiges des anciennes fortifications \u00e9voqu\u00e9es pr\u00e9alablement.<\/p>\n\n\n\n<p class=\"wp-block-paragraph\">Le cimeti\u00e8re fut transf\u00e9r\u00e9 rue des Eaux. Autour de l\u2019\u00e9glise se substitua au cimeti\u00e8re un jardin public plant\u00e9 d\u2019arbres.<\/p>\n\n\n<div class=\"wp-block-image is-resized\">\n<figure class=\"aligncenter\"><img data-recalc-dims=\"1\" loading=\"lazy\" decoding=\"async\" width=\"284\" height=\"375\" data-attachment-id=\"2115\" data-permalink=\"https:\/\/patrimoine-avesnois.fr\/chemin\/prisches\/capture-36\/\" data-orig-file=\"https:\/\/i0.wp.com\/patrimoine-avesnois.fr\/chemin\/wp-content\/uploads\/2019\/04\/Capture-4.jpg?fit=284%2C375&amp;ssl=1\" data-orig-size=\"284,375\" data-comments-opened=\"1\" data-image-meta=\"{&quot;aperture&quot;:&quot;0&quot;,&quot;credit&quot;:&quot;CARRE&quot;,&quot;camera&quot;:&quot;&quot;,&quot;caption&quot;:&quot;&quot;,&quot;created_timestamp&quot;:&quot;1556205149&quot;,&quot;copyright&quot;:&quot;&quot;,&quot;focal_length&quot;:&quot;0&quot;,&quot;iso&quot;:&quot;0&quot;,&quot;shutter_speed&quot;:&quot;0&quot;,&quot;title&quot;:&quot;&quot;,&quot;orientation&quot;:&quot;1&quot;}\" data-image-title=\"Capture\" data-image-description=\"\" data-image-caption=\"\" data-large-file=\"https:\/\/i0.wp.com\/patrimoine-avesnois.fr\/chemin\/wp-content\/uploads\/2019\/04\/Capture-4.jpg?fit=284%2C375&amp;ssl=1\" src=\"https:\/\/i0.wp.com\/patrimoine-avesnois.fr\/chemin\/wp-content\/uploads\/2019\/04\/Capture-4.jpg?resize=284%2C375\" alt=\"\" class=\"wp-image-2115\" style=\"width:356px;height:auto\" srcset=\"https:\/\/i0.wp.com\/patrimoine-avesnois.fr\/chemin\/wp-content\/uploads\/2019\/04\/Capture-4.jpg?w=284&amp;ssl=1 284w, https:\/\/i0.wp.com\/patrimoine-avesnois.fr\/chemin\/wp-content\/uploads\/2019\/04\/Capture-4.jpg?resize=227%2C300&amp;ssl=1 227w\" sizes=\"auto, (max-width: 284px) 85vw, 284px\" \/><figcaption class=\"wp-element-caption\"> <em>Plan du cimeti\u00e8re en 1900.<\/em> <\/figcaption><\/figure>\n<\/div>\n\n<div class=\"wp-block-image is-resized\">\n<figure class=\"aligncenter\"><img data-recalc-dims=\"1\" loading=\"lazy\" decoding=\"async\" width=\"328\" height=\"299\" data-attachment-id=\"2116\" data-permalink=\"https:\/\/patrimoine-avesnois.fr\/chemin\/prisches\/image-433\/\" data-orig-file=\"https:\/\/i0.wp.com\/patrimoine-avesnois.fr\/chemin\/wp-content\/uploads\/2019\/04\/image-410.png?fit=328%2C299&amp;ssl=1\" data-orig-size=\"328,299\" data-comments-opened=\"1\" data-image-meta=\"{&quot;aperture&quot;:&quot;0&quot;,&quot;credit&quot;:&quot;&quot;,&quot;camera&quot;:&quot;&quot;,&quot;caption&quot;:&quot;&quot;,&quot;created_timestamp&quot;:&quot;0&quot;,&quot;copyright&quot;:&quot;&quot;,&quot;focal_length&quot;:&quot;0&quot;,&quot;iso&quot;:&quot;0&quot;,&quot;shutter_speed&quot;:&quot;0&quot;,&quot;title&quot;:&quot;&quot;,&quot;orientation&quot;:&quot;0&quot;}\" data-image-title=\"image\" data-image-description=\"\" data-image-caption=\"\" data-large-file=\"https:\/\/i0.wp.com\/patrimoine-avesnois.fr\/chemin\/wp-content\/uploads\/2019\/04\/image-410.png?fit=328%2C299&amp;ssl=1\" src=\"https:\/\/i0.wp.com\/patrimoine-avesnois.fr\/chemin\/wp-content\/uploads\/2019\/04\/image-410.png?resize=328%2C299\" alt=\"\" class=\"wp-image-2116\" style=\"width:354px;height:auto\" srcset=\"https:\/\/i0.wp.com\/patrimoine-avesnois.fr\/chemin\/wp-content\/uploads\/2019\/04\/image-410.png?w=328&amp;ssl=1 328w, https:\/\/i0.wp.com\/patrimoine-avesnois.fr\/chemin\/wp-content\/uploads\/2019\/04\/image-410.png?resize=300%2C273&amp;ssl=1 300w\" sizes=\"auto, (max-width: 328px) 85vw, 328px\" \/><figcaption class=\"wp-element-caption\"> <br><em>L\u2019\u00e9glise et son cimeti\u00e8re vers 1900\ufeff<\/em> <\/figcaption><\/figure>\n<\/div>\n\n\n<p class=\"wp-block-paragraph\"><br><strong>La tour ab\u00eem\u00e9e en 1918.<\/strong><\/p>\n\n\n\n<p class=\"has-text-align-left wp-block-paragraph\">L\u2019\u00e9glise souffrit de l\u2019occupation et des bombardements. Les soldats allemands avaient dispos\u00e9 des appareils pour la navigation a\u00e9rienne et des mitrailleuses.<\/p>\n\n\n\n<p class=\"wp-block-paragraph\">&nbsp;En 1918, une bombe traversa la toiture, la vo\u00fbte du transept droit et \u00e9clata, causant des dommages \u00e0 la tour. <\/p>\n\n\n\n<p class=\"wp-block-paragraph\"><strong>R\u00e9paration de la tour en\n1931-32 et mise en installation de l\u2019horloge actuelle.<\/strong><\/p>\n\n\n\n<p class=\"wp-block-paragraph\">&nbsp;En 1930 le Conseil Municipal assur\u00e9 par Achille B\u00c9THUNE et son adjoint Edmond DEPARIS d\u00e9cida de reb\u00e2tir la tour dans son \u00e9tat primitif en empruntant 120&nbsp;000 francs sur 30 ans \u00e0 compter du 30 septembre 1931.<\/p>\n\n\n\n<p class=\"wp-block-paragraph\">&nbsp;Les travaux de la tour furent adjug\u00e9s le 31 janvier 1932 \u00e0 Vital BOURDEAUX d\u2019Avesnes pour la somme de 81558 francs et l\u2019on d\u00e9cida qu\u2019une horloge publique y serait install\u00e9e apr\u00e8s l\u2019ach\u00e8vement des dits travaux.<\/p>\n\n\n\n<p class=\"wp-block-paragraph\">Un march\u00e9 de gr\u00e9 \u00e0 gr\u00e9 fut pass\u00e9 avec Jean Baptiste PHILIPPE d\u2019Arras pour l\u2019installation d\u2019une horloge \u00e0 quatre cadrans d\u2019un &nbsp;diam\u00e8tre de 1,20m pour la somme de 16000 francs.<\/p>\n\n\n<div class=\"wp-block-image is-resized\">\n<figure class=\"aligncenter\"><img loading=\"lazy\" decoding=\"async\" width=\"1280\" height=\"960\" data-attachment-id=\"2190\" data-permalink=\"https:\/\/patrimoine-avesnois.fr\/chemin\/prisches\/1280px-prisches_nord_fr_eglise_saint-nicolas_vue_laterale\/\" data-orig-file=\"https:\/\/i0.wp.com\/patrimoine-avesnois.fr\/chemin\/wp-content\/uploads\/2019\/04\/1280px-Prisches_Nord_Fr_%C3%89glise_Saint-Nicolas_vue_lat%C3%A9rale.jpg?fit=1280%2C960&amp;ssl=1\" data-orig-size=\"1280,960\" data-comments-opened=\"1\" data-image-meta=\"{&quot;aperture&quot;:&quot;0&quot;,&quot;credit&quot;:&quot;&quot;,&quot;camera&quot;:&quot;&quot;,&quot;caption&quot;:&quot;&quot;,&quot;created_timestamp&quot;:&quot;0&quot;,&quot;copyright&quot;:&quot;&quot;,&quot;focal_length&quot;:&quot;0&quot;,&quot;iso&quot;:&quot;0&quot;,&quot;shutter_speed&quot;:&quot;0&quot;,&quot;title&quot;:&quot;&quot;,&quot;orientation&quot;:&quot;0&quot;}\" data-image-title=\"1280px-Prisches_(Nord,_Fr)_\u00c9glise_Saint-Nicolas,_vue_lat\u00e9rale\" data-image-description=\"\" data-image-caption=\"\" data-large-file=\"https:\/\/i0.wp.com\/patrimoine-avesnois.fr\/chemin\/wp-content\/uploads\/2019\/04\/1280px-Prisches_Nord_Fr_%C3%89glise_Saint-Nicolas_vue_lat%C3%A9rale.jpg?fit=840%2C630&amp;ssl=1\" src=\"https:\/\/i1.wp.com\/patrimoine-avesnois.fr\/chemin\/wp-content\/uploads\/2019\/04\/1280px-Prisches_Nord_Fr_\u00c9glise_Saint-Nicolas_vue_lat\u00e9rale.jpg?fit=840%2C630\" alt=\"\" class=\"wp-image-2190\" srcset=\"https:\/\/i0.wp.com\/patrimoine-avesnois.fr\/chemin\/wp-content\/uploads\/2019\/04\/1280px-Prisches_Nord_Fr_%C3%89glise_Saint-Nicolas_vue_lat%C3%A9rale.jpg?w=1280&amp;ssl=1 1280w, https:\/\/i0.wp.com\/patrimoine-avesnois.fr\/chemin\/wp-content\/uploads\/2019\/04\/1280px-Prisches_Nord_Fr_%C3%89glise_Saint-Nicolas_vue_lat%C3%A9rale.jpg?resize=300%2C225&amp;ssl=1 300w, https:\/\/i0.wp.com\/patrimoine-avesnois.fr\/chemin\/wp-content\/uploads\/2019\/04\/1280px-Prisches_Nord_Fr_%C3%89glise_Saint-Nicolas_vue_lat%C3%A9rale.jpg?resize=768%2C576&amp;ssl=1 768w, https:\/\/i0.wp.com\/patrimoine-avesnois.fr\/chemin\/wp-content\/uploads\/2019\/04\/1280px-Prisches_Nord_Fr_%C3%89glise_Saint-Nicolas_vue_lat%C3%A9rale.jpg?resize=1024%2C768&amp;ssl=1 1024w, https:\/\/i0.wp.com\/patrimoine-avesnois.fr\/chemin\/wp-content\/uploads\/2019\/04\/1280px-Prisches_Nord_Fr_%C3%89glise_Saint-Nicolas_vue_lat%C3%A9rale.jpg?resize=1200%2C900&amp;ssl=1 1200w\" sizes=\"auto, (max-width: 709px) 85vw, (max-width: 909px) 67vw, (max-width: 1362px) 62vw, 840px\" \/><\/figure>\n<\/div>\n\n\n<p class=\"wp-block-paragraph\"><\/p>\n\n\n\n<p class=\"wp-block-paragraph\"><strong>Une\n\u00e9toile en haut de la tour en 1998<\/strong><\/p>\n\n\n\n<p class=\"wp-block-paragraph\">Vers 1997-1998 le Maire Mr Michel SIMON et le Conseil municipal d\u00e9cid\u00e8rent d\u2019installer sur la plateforme de la tour une \u00e9toile probablement en l\u2019honneur de la f\u00eate de No\u00ebl. <\/p>\n\n\n\n<p class=\"wp-block-paragraph\">Ce fut mon p\u00e8re, Andr\u00e9 CARR\u00c9, artisan garagiste en retraite surnomm\u00e9 le MacGyver prischois qui la r\u00e9alisa et l\u2019\u00e9rigea en haut de ce beau monument.<\/p>\n\n\n<div class=\"wp-block-image is-resized\">\n<figure class=\"aligncenter\"><img loading=\"lazy\" decoding=\"async\" width=\"1536\" height=\"2048\" data-attachment-id=\"2192\" data-permalink=\"https:\/\/patrimoine-avesnois.fr\/chemin\/prisches\/eglise-vue-exterieure-2\/\" data-orig-file=\"https:\/\/i0.wp.com\/patrimoine-avesnois.fr\/chemin\/wp-content\/uploads\/2019\/04\/Eglise-vue-ext%C3%A9rieure-2.jpg?fit=1536%2C2048&amp;ssl=1\" data-orig-size=\"1536,2048\" data-comments-opened=\"1\" data-image-meta=\"{&quot;aperture&quot;:&quot;3.4&quot;,&quot;credit&quot;:&quot;&quot;,&quot;camera&quot;:&quot;E3200&quot;,&quot;caption&quot;:&quot;&quot;,&quot;created_timestamp&quot;:&quot;1378051528&quot;,&quot;copyright&quot;:&quot;&quot;,&quot;focal_length&quot;:&quot;9.1&quot;,&quot;iso&quot;:&quot;50&quot;,&quot;shutter_speed&quot;:&quot;0.00088004928275983&quot;,&quot;title&quot;:&quot;&quot;,&quot;orientation&quot;:&quot;1&quot;}\" data-image-title=\"Eglise vue ext\u00e9rieure (2)\" data-image-description=\"\" data-image-caption=\"\" data-large-file=\"https:\/\/i0.wp.com\/patrimoine-avesnois.fr\/chemin\/wp-content\/uploads\/2019\/04\/Eglise-vue-ext%C3%A9rieure-2.jpg?fit=768%2C1024&amp;ssl=1\" src=\"https:\/\/i2.wp.com\/patrimoine-avesnois.fr\/chemin\/wp-content\/uploads\/2019\/04\/Eglise-vue-ext\u00e9rieure-2.jpg?fit=768%2C1024\" alt=\"\" class=\"wp-image-2192\" srcset=\"https:\/\/i0.wp.com\/patrimoine-avesnois.fr\/chemin\/wp-content\/uploads\/2019\/04\/Eglise-vue-ext%C3%A9rieure-2.jpg?w=1536&amp;ssl=1 1536w, https:\/\/i0.wp.com\/patrimoine-avesnois.fr\/chemin\/wp-content\/uploads\/2019\/04\/Eglise-vue-ext%C3%A9rieure-2.jpg?resize=225%2C300&amp;ssl=1 225w, https:\/\/i0.wp.com\/patrimoine-avesnois.fr\/chemin\/wp-content\/uploads\/2019\/04\/Eglise-vue-ext%C3%A9rieure-2.jpg?resize=768%2C1024&amp;ssl=1 768w, https:\/\/i0.wp.com\/patrimoine-avesnois.fr\/chemin\/wp-content\/uploads\/2019\/04\/Eglise-vue-ext%C3%A9rieure-2.jpg?resize=1200%2C1600&amp;ssl=1 1200w\" sizes=\"auto, (max-width: 709px) 85vw, (max-width: 909px) 67vw, (max-width: 1362px) 62vw, 840px\" \/><figcaption class=\"wp-element-caption\">La tour et la croix<\/figcaption><\/figure>\n<\/div>\n\n\n<h3 class=\"wp-block-heading\"><strong>L\u2019int\u00e9rieur de l\u2019\u00e9glise et son mobilier<\/strong><\/h3>\n\n\n\n<p class=\"wp-block-paragraph\"><\/p>\n\n\n<div class=\"wp-block-image is-resized\">\n<figure class=\"aligncenter\"><img loading=\"lazy\" decoding=\"async\" width=\"2048\" height=\"1536\" data-attachment-id=\"2119\" data-permalink=\"https:\/\/patrimoine-avesnois.fr\/chemin\/prisches\/eglise-vue-interieure-2\/\" data-orig-file=\"https:\/\/i0.wp.com\/patrimoine-avesnois.fr\/chemin\/wp-content\/uploads\/2019\/04\/Eglise-vue-int%C3%A9rieure-2.jpg?fit=2048%2C1536&amp;ssl=1\" data-orig-size=\"2048,1536\" data-comments-opened=\"1\" data-image-meta=\"{&quot;aperture&quot;:&quot;2.8&quot;,&quot;credit&quot;:&quot;&quot;,&quot;camera&quot;:&quot;E3200&quot;,&quot;caption&quot;:&quot;&quot;,&quot;created_timestamp&quot;:&quot;1378051728&quot;,&quot;copyright&quot;:&quot;&quot;,&quot;focal_length&quot;:&quot;5.8&quot;,&quot;iso&quot;:&quot;50&quot;,&quot;shutter_speed&quot;:&quot;0.077519379844961&quot;,&quot;title&quot;:&quot;&quot;,&quot;orientation&quot;:&quot;1&quot;}\" data-image-title=\"Eglise vue int\u00e9rieure (2)\" data-image-description=\"\" data-image-caption=\"\" data-large-file=\"https:\/\/i0.wp.com\/patrimoine-avesnois.fr\/chemin\/wp-content\/uploads\/2019\/04\/Eglise-vue-int%C3%A9rieure-2.jpg?fit=840%2C630&amp;ssl=1\" src=\"https:\/\/i1.wp.com\/patrimoine-avesnois.fr\/chemin\/wp-content\/uploads\/2019\/04\/Eglise-vue-int\u00e9rieure-2.jpg?fit=840%2C630\" alt=\"\" class=\"wp-image-2119\" srcset=\"https:\/\/i0.wp.com\/patrimoine-avesnois.fr\/chemin\/wp-content\/uploads\/2019\/04\/Eglise-vue-int%C3%A9rieure-2.jpg?w=2048&amp;ssl=1 2048w, https:\/\/i0.wp.com\/patrimoine-avesnois.fr\/chemin\/wp-content\/uploads\/2019\/04\/Eglise-vue-int%C3%A9rieure-2.jpg?resize=300%2C225&amp;ssl=1 300w, https:\/\/i0.wp.com\/patrimoine-avesnois.fr\/chemin\/wp-content\/uploads\/2019\/04\/Eglise-vue-int%C3%A9rieure-2.jpg?resize=768%2C576&amp;ssl=1 768w, https:\/\/i0.wp.com\/patrimoine-avesnois.fr\/chemin\/wp-content\/uploads\/2019\/04\/Eglise-vue-int%C3%A9rieure-2.jpg?resize=1024%2C768&amp;ssl=1 1024w, https:\/\/i0.wp.com\/patrimoine-avesnois.fr\/chemin\/wp-content\/uploads\/2019\/04\/Eglise-vue-int%C3%A9rieure-2.jpg?resize=1200%2C900&amp;ssl=1 1200w, https:\/\/i0.wp.com\/patrimoine-avesnois.fr\/chemin\/wp-content\/uploads\/2019\/04\/Eglise-vue-int%C3%A9rieure-2.jpg?w=1680 1680w\" sizes=\"auto, (max-width: 709px) 85vw, (max-width: 909px) 67vw, (max-width: 1362px) 62vw, 840px\" \/><figcaption class=\"wp-element-caption\">La Nef de l&rsquo;\u00e9glise<\/figcaption><\/figure>\n<\/div>\n\n\n<p class=\"wp-block-paragraph\"><\/p>\n\n\n\n<p class=\"wp-block-paragraph\">L\u2019autel principal et les deux autels lat\u00e9raux proviennent de l\u2019abbaye de Maroilles. <\/p>\n\n\n\n<p class=\"wp-block-paragraph\">En effet lors de la vente \u00e0 Maroilles d\u2019une partie du mobilier de l\u2019abbaye le 29 octobre 1791, deux officiers municipaux Thomas JEAN et Pierre BRASSART&nbsp; furent mandat\u00e9s pour acqu\u00e9rir des autels destin\u00e9s \u00e0 embellir l\u2019\u00e9glise de Prisches.<\/p>\n\n\n\n<p class=\"wp-block-paragraph\">Ils furent achet\u00e9s pour la somme de 1387,40 francs.<\/p>\n\n\n<div class=\"wp-block-image is-resized\">\n<figure class=\"aligncenter\"><img loading=\"lazy\" decoding=\"async\" width=\"1536\" height=\"2048\" data-attachment-id=\"2120\" data-permalink=\"https:\/\/patrimoine-avesnois.fr\/chemin\/prisches\/eglise-vue-interieure-4\/\" data-orig-file=\"https:\/\/i0.wp.com\/patrimoine-avesnois.fr\/chemin\/wp-content\/uploads\/2019\/04\/Eglise-vue-int%C3%A9rieure-4.jpg?fit=1536%2C2048&amp;ssl=1\" data-orig-size=\"1536,2048\" data-comments-opened=\"1\" data-image-meta=\"{&quot;aperture&quot;:&quot;2.8&quot;,&quot;credit&quot;:&quot;&quot;,&quot;camera&quot;:&quot;E3200&quot;,&quot;caption&quot;:&quot;&quot;,&quot;created_timestamp&quot;:&quot;1378051802&quot;,&quot;copyright&quot;:&quot;&quot;,&quot;focal_length&quot;:&quot;5.8&quot;,&quot;iso&quot;:&quot;193&quot;,&quot;shutter_speed&quot;:&quot;0.016638935108153&quot;,&quot;title&quot;:&quot;&quot;,&quot;orientation&quot;:&quot;0&quot;}\" data-image-title=\"Eglise vue int\u00e9rieure (4)\" data-image-description=\"\" data-image-caption=\"\" data-large-file=\"https:\/\/i0.wp.com\/patrimoine-avesnois.fr\/chemin\/wp-content\/uploads\/2019\/04\/Eglise-vue-int%C3%A9rieure-4.jpg?fit=768%2C1024&amp;ssl=1\" src=\"https:\/\/i0.wp.com\/patrimoine-avesnois.fr\/chemin\/wp-content\/uploads\/2019\/04\/Eglise-vue-int\u00e9rieure-4.jpg?fit=768%2C1024\" alt=\"\" class=\"wp-image-2120\" srcset=\"https:\/\/i0.wp.com\/patrimoine-avesnois.fr\/chemin\/wp-content\/uploads\/2019\/04\/Eglise-vue-int%C3%A9rieure-4.jpg?w=1536&amp;ssl=1 1536w, https:\/\/i0.wp.com\/patrimoine-avesnois.fr\/chemin\/wp-content\/uploads\/2019\/04\/Eglise-vue-int%C3%A9rieure-4.jpg?resize=225%2C300&amp;ssl=1 225w, https:\/\/i0.wp.com\/patrimoine-avesnois.fr\/chemin\/wp-content\/uploads\/2019\/04\/Eglise-vue-int%C3%A9rieure-4.jpg?resize=768%2C1024&amp;ssl=1 768w, https:\/\/i0.wp.com\/patrimoine-avesnois.fr\/chemin\/wp-content\/uploads\/2019\/04\/Eglise-vue-int%C3%A9rieure-4.jpg?resize=1200%2C1600&amp;ssl=1 1200w\" sizes=\"auto, (max-width: 709px) 85vw, (max-width: 909px) 67vw, (max-width: 1362px) 62vw, 840px\" \/><figcaption class=\"wp-element-caption\">Le choeur<\/figcaption><\/figure>\n<\/div>\n\n\n<p class=\"wp-block-paragraph\"><\/p>\n\n\n<div class=\"wp-block-image is-resized\">\n<figure class=\"aligncenter\"><img loading=\"lazy\" decoding=\"async\" width=\"2048\" height=\"1536\" data-attachment-id=\"2121\" data-permalink=\"https:\/\/patrimoine-avesnois.fr\/chemin\/prisches\/eglise-vue-interieure-5\/\" data-orig-file=\"https:\/\/i0.wp.com\/patrimoine-avesnois.fr\/chemin\/wp-content\/uploads\/2019\/04\/Eglise-vue-int%C3%A9rieure-5.jpg?fit=2048%2C1536&amp;ssl=1\" data-orig-size=\"2048,1536\" data-comments-opened=\"1\" data-image-meta=\"{&quot;aperture&quot;:&quot;2.8&quot;,&quot;credit&quot;:&quot;&quot;,&quot;camera&quot;:&quot;E3200&quot;,&quot;caption&quot;:&quot;&quot;,&quot;created_timestamp&quot;:&quot;1378051824&quot;,&quot;copyright&quot;:&quot;&quot;,&quot;focal_length&quot;:&quot;5.8&quot;,&quot;iso&quot;:&quot;200&quot;,&quot;shutter_speed&quot;:&quot;0.016638935108153&quot;,&quot;title&quot;:&quot;&quot;,&quot;orientation&quot;:&quot;0&quot;}\" data-image-title=\"Eglise vue int\u00e9rieure (5)\" data-image-description=\"\" data-image-caption=\"\" data-large-file=\"https:\/\/i0.wp.com\/patrimoine-avesnois.fr\/chemin\/wp-content\/uploads\/2019\/04\/Eglise-vue-int%C3%A9rieure-5.jpg?fit=840%2C630&amp;ssl=1\" src=\"https:\/\/i1.wp.com\/patrimoine-avesnois.fr\/chemin\/wp-content\/uploads\/2019\/04\/Eglise-vue-int\u00e9rieure-5.jpg?fit=840%2C630\" alt=\"\" class=\"wp-image-2121\" srcset=\"https:\/\/i0.wp.com\/patrimoine-avesnois.fr\/chemin\/wp-content\/uploads\/2019\/04\/Eglise-vue-int%C3%A9rieure-5.jpg?w=2048&amp;ssl=1 2048w, https:\/\/i0.wp.com\/patrimoine-avesnois.fr\/chemin\/wp-content\/uploads\/2019\/04\/Eglise-vue-int%C3%A9rieure-5.jpg?resize=300%2C225&amp;ssl=1 300w, https:\/\/i0.wp.com\/patrimoine-avesnois.fr\/chemin\/wp-content\/uploads\/2019\/04\/Eglise-vue-int%C3%A9rieure-5.jpg?resize=768%2C576&amp;ssl=1 768w, https:\/\/i0.wp.com\/patrimoine-avesnois.fr\/chemin\/wp-content\/uploads\/2019\/04\/Eglise-vue-int%C3%A9rieure-5.jpg?resize=1024%2C768&amp;ssl=1 1024w, https:\/\/i0.wp.com\/patrimoine-avesnois.fr\/chemin\/wp-content\/uploads\/2019\/04\/Eglise-vue-int%C3%A9rieure-5.jpg?resize=1200%2C900&amp;ssl=1 1200w, https:\/\/i0.wp.com\/patrimoine-avesnois.fr\/chemin\/wp-content\/uploads\/2019\/04\/Eglise-vue-int%C3%A9rieure-5.jpg?w=1680 1680w\" sizes=\"auto, (max-width: 709px) 85vw, (max-width: 909px) 67vw, (max-width: 1362px) 62vw, 840px\" \/><figcaption class=\"wp-element-caption\"> <em>Le Ma\u00eetre-Autel<\/em> <\/figcaption><\/figure>\n<\/div>\n\n\n<p class=\"wp-block-paragraph\"><\/p>\n\n\n\n<p class=\"wp-block-paragraph\">Le Ma\u00eetre-autel est un marbre rose vein\u00e9 de blanc et de gris. Il se compose d\u2019un tabernacle sur lequel figure au dessus &nbsp;un \u00e9dicule en forme de baldaquin \u00e0 colonnes, l\u2019ancien tabernacle ayant \u00e9t\u00e9 transport\u00e9 en l\u2019\u00e9glise de Floyon.<\/p>\n\n\n\n<p class=\"wp-block-paragraph\">De chaque c\u00f4t\u00e9, les statues de Saint Pierre et de Saint Paul sont entour\u00e9es par des colonnes corinthiennes. Au coeur figure une sc\u00e8ne d\u00e9crivant l\u2019apparition du Christ \u00e0 ses ap\u00f4tres.<\/p>\n\n\n\n<p class=\"wp-block-paragraph\">Les retables des autels situ\u00e9s aux deux bras du transept reposent sur un soubassement sur lequel s\u2019appuient des colonnes torses \u00e0 chapiteau corinthien. Des niches lat\u00e9rales accueillent des statues. <\/p>\n\n\n\n<p class=\"wp-block-paragraph\"><\/p>\n\n\n<div class=\"wp-block-image is-resized\">\n<figure class=\"aligncenter\"><img decoding=\"async\" src=\"https:\/\/i0.wp.com\/patrimoine-avesnois.fr\/chemin\/wp-content\/uploads\/2019\/04\/Eglise-vue-int%C3%A9rieure-8.jpg?fit=840%2C630\" alt=\"L\u00e2\u0080\u0099attribut alt de cette image est vide, son nom de fichier est Eglise-vue-int\u00c3\u00a9rieure-8.jpg.\"\/><figcaption class=\"wp-element-caption\"> <em>L\u2019autel de   la Vierge et de l\u2019enfant J\u00e9sus. <\/em> <\/figcaption><\/figure>\n<\/div>\n\n\n<p class=\"wp-block-paragraph\"><\/p>\n\n\n<div class=\"wp-block-image is-resized\">\n<figure class=\"aligncenter\"><img decoding=\"async\" src=\"https:\/\/i2.wp.com\/patrimoine-avesnois.fr\/chemin\/wp-content\/uploads\/2019\/04\/Eglise-vue-int%C3%A9rieure-6.jpg?fit=840%2C630\" alt=\"L\u00e2\u0080\u0099attribut alt de cette image est vide, son nom de fichier est Eglise-vue-int\u00c3\u00a9rieure-6.jpg.\"\/><figcaption class=\"wp-element-caption\">L&rsquo;Autel Saint Nicolas<\/figcaption><\/figure>\n<\/div>\n\n\n<p class=\"wp-block-paragraph\"><\/p>\n\n\n\n<p class=\"wp-block-paragraph\">Le tableau central de gauche repr\u00e9sente la Vierge et l\u2019Enfant J\u00e9sus remettant le scapulaire \u00e0 Saint Dominique. Celui de droite d\u00e9crit Saint Nicolas et les trois enfants du saloir.<\/p>\n\n\n<div class=\"wp-block-image is-resized\">\n<figure class=\"aligncenter\"><img loading=\"lazy\" decoding=\"async\" width=\"1536\" height=\"2048\" data-attachment-id=\"2129\" data-permalink=\"https:\/\/patrimoine-avesnois.fr\/chemin\/prisches\/eglise-vue-interieure\/\" data-orig-file=\"https:\/\/i0.wp.com\/patrimoine-avesnois.fr\/chemin\/wp-content\/uploads\/2019\/04\/Eglise-vue-int%C3%A9rieure.jpg?fit=1536%2C2048&amp;ssl=1\" data-orig-size=\"1536,2048\" data-comments-opened=\"1\" data-image-meta=\"{&quot;aperture&quot;:&quot;3&quot;,&quot;credit&quot;:&quot;&quot;,&quot;camera&quot;:&quot;E3200&quot;,&quot;caption&quot;:&quot;&quot;,&quot;created_timestamp&quot;:&quot;1378052141&quot;,&quot;copyright&quot;:&quot;&quot;,&quot;focal_length&quot;:&quot;6.6&quot;,&quot;iso&quot;:&quot;86&quot;,&quot;shutter_speed&quot;:&quot;0.016638935108153&quot;,&quot;title&quot;:&quot;&quot;,&quot;orientation&quot;:&quot;1&quot;}\" data-image-title=\"Eglise vue int\u00e9rieure\" data-image-description=\"\" data-image-caption=\"\" data-large-file=\"https:\/\/i0.wp.com\/patrimoine-avesnois.fr\/chemin\/wp-content\/uploads\/2019\/04\/Eglise-vue-int%C3%A9rieure.jpg?fit=768%2C1024&amp;ssl=1\" src=\"https:\/\/i1.wp.com\/patrimoine-avesnois.fr\/chemin\/wp-content\/uploads\/2019\/04\/Eglise-vue-int\u00e9rieure.jpg?fit=768%2C1024\" alt=\"\" class=\"wp-image-2129\" srcset=\"https:\/\/i0.wp.com\/patrimoine-avesnois.fr\/chemin\/wp-content\/uploads\/2019\/04\/Eglise-vue-int%C3%A9rieure.jpg?w=1536&amp;ssl=1 1536w, https:\/\/i0.wp.com\/patrimoine-avesnois.fr\/chemin\/wp-content\/uploads\/2019\/04\/Eglise-vue-int%C3%A9rieure.jpg?resize=225%2C300&amp;ssl=1 225w, https:\/\/i0.wp.com\/patrimoine-avesnois.fr\/chemin\/wp-content\/uploads\/2019\/04\/Eglise-vue-int%C3%A9rieure.jpg?resize=768%2C1024&amp;ssl=1 768w, https:\/\/i0.wp.com\/patrimoine-avesnois.fr\/chemin\/wp-content\/uploads\/2019\/04\/Eglise-vue-int%C3%A9rieure.jpg?resize=1200%2C1600&amp;ssl=1 1200w\" sizes=\"auto, (max-width: 709px) 85vw, (max-width: 909px) 67vw, (max-width: 1362px) 62vw, 840px\" \/><\/figure>\n<\/div>\n\n\n<p class=\"wp-block-paragraph\"><\/p>\n\n\n\n<p class=\"wp-block-paragraph\">Sur les murs sont accroch\u00e9s des tableaux d\u00e9crivant &nbsp;le chemin de croix. <\/p>\n\n\n<div class=\"wp-block-image is-resized\">\n<figure class=\"aligncenter\"><img decoding=\"async\" src=\"https:\/\/i1.wp.com\/patrimoine-avesnois.fr\/chemin\/wp-content\/uploads\/2019\/04\/Eglise-vue-int%C3%A9rieure-12.jpg?fit=840%2C630\" alt=\"L\u00e2\u0080\u0099attribut alt de cette image est vide, son nom de fichier est Eglise-vue-int\u00c3\u00a9rieure-12.jpg.\"\/><figcaption class=\"wp-element-caption\">La grotte<\/figcaption><\/figure>\n<\/div>\n\n\n<p class=\"wp-block-paragraph\"><\/p>\n\n\n\n<p class=\"wp-block-paragraph\">Au narthex de l\u2019\u00e9glise existe &nbsp;une reproduction de la grotte de Lourdes.<\/p>\n\n\n<div class=\"wp-block-image is-resized\">\n<figure class=\"aligncenter\"><img decoding=\"async\" src=\"https:\/\/i0.wp.com\/patrimoine-avesnois.fr\/chemin\/wp-content\/uploads\/2019\/04\/Eglise-vue-int%C3%A9rieure-13.jpg?fit=768%2C1024\" alt=\"L\u00e2\u0080\u0099attribut alt de cette image est vide, son nom de fichier est Eglise-vue-int\u00c3\u00a9rieure-13.jpg.\"\/><\/figure>\n<\/div>\n\n\n<p class=\"wp-block-paragraph\"><\/p>\n\n\n<div class=\"wp-block-image is-resized\">\n<figure class=\"aligncenter\"><img decoding=\"async\" src=\"https:\/\/i1.wp.com\/patrimoine-avesnois.fr\/chemin\/wp-content\/uploads\/2019\/04\/Eglise-vue-int%C3%A9rieure-15.jpg?fit=840%2C630\" alt=\"L\u00e2\u0080\u0099attribut alt de cette image est vide, son nom de fichier est Eglise-vue-int\u00c3\u00a9rieure-15.jpg.\"\/><\/figure>\n<\/div>\n\n\n<p class=\"wp-block-paragraph\"><\/p>\n\n\n\n<p class=\"wp-block-paragraph\">A peu de distance se dresse un monument en marbre blanc intitul\u00e9 \u00ab&nbsp;Paroisse de Prisches \u00e0 ses enfants morts pour la France&nbsp;\u00bb sur lequel figure sur fond de marbre rouge la liste des soldats tomb\u00e9s lors de la premi\u00e8re guerre mondiale.<\/p>\n\n\n<div class=\"wp-block-image is-resized\">\n<figure class=\"aligncenter\"><img decoding=\"async\" src=\"https:\/\/i1.wp.com\/patrimoine-avesnois.fr\/chemin\/wp-content\/uploads\/2019\/04\/Eglise-vue-int%C3%A9rieure-11.jpg?fit=840%2C630\" alt=\"L\u00e2\u0080\u0099attribut alt de cette image est vide, son nom de fichier est Eglise-vue-int\u00c3\u00a9rieure-11.jpg.\"\/><figcaption class=\"wp-element-caption\">Fonts baptismaux<\/figcaption><\/figure>\n<\/div>\n\n\n<p class=\"wp-block-paragraph\"><\/p>\n\n\n\n<p class=\"wp-block-paragraph\">De l\u2019autre c\u00f4t\u00e9 de la nef se dressent les fonds baptismaux.<\/p>\n\n\n\n<p class=\"wp-block-paragraph\">Le sol de l\u2019\u00e9glise est compos\u00e9 de deux types de carrelage mosa\u00efque des ann\u00e9es 1930. En 1900 se trouvaient encore trois pierres tombales, l\u2019une de Jacques DERECQ, pr\u00eatre inhum\u00e9 le 27 octobre 1770 \u00e0 l\u2019\u00e2ge de 80 ans, une autre de Fran\u00e7oise Marguerite TAINTE m\u00e8re du pr\u00e9c\u00e9dent, et enfin l\u2019une au nom de Guillaume DEFONTAINE propri\u00e9taire du moulin \u00e0 eau inhum\u00e9 en 1775.&nbsp; <\/p>\n\n\n<div class=\"wp-block-image is-resized\">\n<figure class=\"aligncenter\"><img loading=\"lazy\" decoding=\"async\" width=\"2048\" height=\"1536\" data-attachment-id=\"2124\" data-permalink=\"https:\/\/patrimoine-avesnois.fr\/chemin\/prisches\/eglise-vue-interieure-9\/\" data-orig-file=\"https:\/\/i0.wp.com\/patrimoine-avesnois.fr\/chemin\/wp-content\/uploads\/2019\/04\/Eglise-vue-int%C3%A9rieure-9.jpg?fit=2048%2C1536&amp;ssl=1\" data-orig-size=\"2048,1536\" data-comments-opened=\"1\" data-image-meta=\"{&quot;aperture&quot;:&quot;2.8&quot;,&quot;credit&quot;:&quot;&quot;,&quot;camera&quot;:&quot;E3200&quot;,&quot;caption&quot;:&quot;&quot;,&quot;created_timestamp&quot;:&quot;1378051905&quot;,&quot;copyright&quot;:&quot;&quot;,&quot;focal_length&quot;:&quot;5.8&quot;,&quot;iso&quot;:&quot;200&quot;,&quot;shutter_speed&quot;:&quot;0.016638935108153&quot;,&quot;title&quot;:&quot;&quot;,&quot;orientation&quot;:&quot;0&quot;}\" data-image-title=\"Eglise vue int\u00e9rieure (9)\" data-image-description=\"\" data-image-caption=\"\" data-large-file=\"https:\/\/i0.wp.com\/patrimoine-avesnois.fr\/chemin\/wp-content\/uploads\/2019\/04\/Eglise-vue-int%C3%A9rieure-9.jpg?fit=840%2C630&amp;ssl=1\" src=\"https:\/\/i1.wp.com\/patrimoine-avesnois.fr\/chemin\/wp-content\/uploads\/2019\/04\/Eglise-vue-int\u00e9rieure-9.jpg?fit=840%2C630\" alt=\"\" class=\"wp-image-2124\" srcset=\"https:\/\/i0.wp.com\/patrimoine-avesnois.fr\/chemin\/wp-content\/uploads\/2019\/04\/Eglise-vue-int%C3%A9rieure-9.jpg?w=2048&amp;ssl=1 2048w, https:\/\/i0.wp.com\/patrimoine-avesnois.fr\/chemin\/wp-content\/uploads\/2019\/04\/Eglise-vue-int%C3%A9rieure-9.jpg?resize=300%2C225&amp;ssl=1 300w, https:\/\/i0.wp.com\/patrimoine-avesnois.fr\/chemin\/wp-content\/uploads\/2019\/04\/Eglise-vue-int%C3%A9rieure-9.jpg?resize=768%2C576&amp;ssl=1 768w, https:\/\/i0.wp.com\/patrimoine-avesnois.fr\/chemin\/wp-content\/uploads\/2019\/04\/Eglise-vue-int%C3%A9rieure-9.jpg?resize=1024%2C768&amp;ssl=1 1024w, https:\/\/i0.wp.com\/patrimoine-avesnois.fr\/chemin\/wp-content\/uploads\/2019\/04\/Eglise-vue-int%C3%A9rieure-9.jpg?resize=1200%2C900&amp;ssl=1 1200w, https:\/\/i0.wp.com\/patrimoine-avesnois.fr\/chemin\/wp-content\/uploads\/2019\/04\/Eglise-vue-int%C3%A9rieure-9.jpg?w=1680 1680w\" sizes=\"auto, (max-width: 709px) 85vw, (max-width: 909px) 67vw, (max-width: 1362px) 62vw, 840px\" \/><figcaption class=\"wp-element-caption\">Confessionnal<\/figcaption><\/figure>\n<\/div>\n\n\n<p class=\"wp-block-paragraph\"><\/p>\n\n\n\n<p class=\"wp-block-paragraph\"><strong>Conclusion.<\/strong><\/p>\n\n\n\n<p class=\"wp-block-paragraph\">J\u2019ai essay\u00e9 \u00e0 travers cet expos\u00e9 de \u00ab&nbsp;faire parler les murs&nbsp;\u00bb&nbsp; de cette belle \u00e9glise qui se dresse sur la place de Prisches.<\/p>\n\n\n\n<p class=\"wp-block-paragraph\">Elle a subi au fil du temps de nombreuses r\u00e9novations tant les paroissiens ont toujours eu \u00e0 c\u0153ur de l\u2019entretenir et de l\u2019embellir. Il est vrai qu\u2019elle leur a servi de refuges \u00e0 bien des reprises.<\/p>\n\n\n\n<p class=\"wp-block-paragraph\">Elle a \u00e9t\u00e9 et reste au centre des pr\u00e9occupations des Prischois. Elle fait partie de leur vie locale. Elle a, \u00e0 travers les si\u00e8cles, partag\u00e9 les moments de joie de ces habitants. Elle a aussi connu ces \u00e9pisodes de fl\u00e9aux tels que la peste ou les multiples guerres d\u00e9sastreuses.<\/p>\n\n\n\n<p class=\"wp-block-paragraph\">&nbsp;Cet \u00e9difice religieux est \u00e0 cet \u00e9gard la preuve de la riche histoire de ce village. Il a \u00e9t\u00e9 le th\u00e9\u00e2tre de la vie de ses paroissiens et a rythm\u00e9 leur existence \u00e0 travers les bapt\u00eames, les mariages et les d\u00e9c\u00e8s.<\/p>\n\n\n\n<p class=\"wp-block-paragraph\">&nbsp;Il a vu \u00e9voluer le tissu social et par cons\u00e9quent est le t\u00e9moin d\u2019un pass\u00e9 o\u00f9 le cur\u00e9, le maire, (les \u00e9chevins dans un pass\u00e9 plus lointain) et l\u2019instituteur repr\u00e9sentaient les forces vives des notables du village.<\/p>\n\n\n\n<p class=\"wp-block-paragraph\">Son histoire est indissociable de celle de son village. <\/p>\n\n\n\n<p class=\"wp-block-paragraph\">&nbsp;L\u2019\u00e9glise Saint Nicolas repr\u00e9sente une partie importante du patrimoine communal. A ce titre les g\u00e9n\u00e9rations futures se devront de continuer de pr\u00e9server ce symbole cl\u00e9 du patrimoine prischois. <\/p>\n\n\n\n<p class=\"wp-block-paragraph\">Jean-Pierre CARR\u00c9 <\/p>\n\n\n\n<p class=\"wp-block-paragraph\">Sources de cet expos\u00e9&nbsp;:<\/p>\n\n\n\n<p class=\"wp-block-paragraph\">Monographie de Prisches par l\u2019abb\u00e9&nbsp; JB BROYART. <\/p>\n\n\n\n<p class=\"wp-block-paragraph\">Monographie communale de Prisches par l\u2019instituteur\nA LALOUX. (1900) (les photos en noir et blanc en sont extraites)<\/p>\n\n\n\n<p class=\"wp-block-paragraph\">Prisches et son Histoire par JL BOUCLY<\/p>\n\n\n\n<p class=\"wp-block-paragraph\">Archives communales. (Remerciements \u00e0 la Mairie).<\/p>\n\n\n\n<p class=\"wp-block-paragraph\">Sauf indication contraire, photos de Jean-Pierre\nCARR\u00c9<\/p>\n\n\n\n<p class=\"wp-block-paragraph\"><strong>La\nliste des cur\u00e9s.<\/strong><\/p>\n\n\n\n<p class=\"wp-block-paragraph\">&nbsp;Voici cette liste chronologique non exhaustive \u00e0 partir&nbsp; principalement de la liste des cur\u00e9s des paroisses du dioc\u00e8se de Cambrai&nbsp; ant\u00e9rieurement \u00e0 la r\u00e9volution par le chanoine Adrien BONTEMPS, (1927) et le clerg\u00e9 du dioc\u00e8se de Cambrai 1802-1913 par le chanoine Em MAZURE ADN BH 3975. <\/p>\n\n\n\n<p class=\"wp-block-paragraph\">Philippe DELEFORGE&nbsp;&nbsp;&nbsp;&nbsp;&nbsp;&nbsp;&nbsp;&nbsp;&nbsp;&nbsp;&nbsp;&nbsp;&nbsp;&nbsp;&nbsp;&nbsp;&nbsp;&nbsp;&nbsp;&nbsp;&nbsp;&nbsp;&nbsp;&nbsp;&nbsp;&nbsp;&nbsp;&nbsp;&nbsp; &nbsp;: 1544&nbsp;&nbsp;&nbsp;&nbsp; <\/p>\n\n\n\n<p class=\"wp-block-paragraph\">Antoine CORNU de\nValenciennes&nbsp;&nbsp;&nbsp;&nbsp;&nbsp;&nbsp;&nbsp;&nbsp;&nbsp;&nbsp;&nbsp;&nbsp; &nbsp;: 1618 \u00e0\n1638&nbsp;&nbsp;&nbsp;&nbsp;&nbsp;&nbsp; <\/p>\n\n\n\n<p class=\"wp-block-paragraph\">\u2026\u2026\u2026\u2026\u2026\u2026\u2026\u2026\u2026\u2026\u2026\u2026\u2026\u2026..<\/p>\n\n\n\n<p class=\"wp-block-paragraph\">Jean BREHAIN&nbsp;&nbsp;&nbsp;&nbsp;&nbsp;&nbsp;&nbsp;&nbsp;&nbsp;&nbsp;&nbsp;&nbsp;&nbsp;&nbsp;&nbsp;&nbsp;&nbsp;&nbsp;&nbsp;&nbsp;&nbsp;&nbsp;&nbsp;&nbsp;&nbsp;&nbsp;&nbsp;&nbsp;&nbsp;&nbsp;&nbsp;&nbsp;&nbsp;&nbsp;&nbsp;&nbsp;&nbsp;&nbsp;&nbsp;&nbsp;&nbsp;&nbsp; :\n1680-1690&nbsp;&nbsp;&nbsp;&nbsp;&nbsp;&nbsp;&nbsp;&nbsp;&nbsp;&nbsp;&nbsp;&nbsp;&nbsp;&nbsp; <\/p>\n\n\n\n<p class=\"wp-block-paragraph\">? MASCAULT&nbsp;&nbsp;&nbsp;&nbsp;&nbsp;&nbsp;&nbsp;&nbsp;&nbsp;&nbsp;&nbsp;&nbsp;&nbsp;&nbsp;&nbsp;&nbsp;&nbsp;&nbsp;&nbsp;&nbsp;&nbsp;&nbsp;&nbsp;&nbsp;&nbsp;&nbsp;&nbsp;&nbsp;&nbsp;&nbsp;&nbsp;&nbsp;&nbsp;&nbsp;&nbsp;&nbsp;&nbsp;&nbsp;&nbsp;&nbsp;&nbsp;&nbsp;&nbsp; :\n1690-1706<\/p>\n\n\n\n<p class=\"wp-block-paragraph\">Jean-Fran\u00e7ois\nMUSQUIN de S\u00e9meries&nbsp;&nbsp;&nbsp;&nbsp;&nbsp; : 1706-1720&nbsp;&nbsp;&nbsp;&nbsp;&nbsp;&nbsp; <\/p>\n\n\n\n<p class=\"wp-block-paragraph\">Jean BECQUET&nbsp;&nbsp;&nbsp;&nbsp;&nbsp;&nbsp;&nbsp;&nbsp;&nbsp;&nbsp;&nbsp;&nbsp;&nbsp;&nbsp;&nbsp;&nbsp;&nbsp;&nbsp;&nbsp;&nbsp;&nbsp;&nbsp;&nbsp;&nbsp;&nbsp;&nbsp;&nbsp;&nbsp;&nbsp;&nbsp;&nbsp;&nbsp;&nbsp;&nbsp;&nbsp;&nbsp;&nbsp;&nbsp;&nbsp;&nbsp; :\n1720-1724&nbsp;&nbsp;&nbsp; (+ 12\/08\/1724 vicaire du\nlieu)&nbsp;&nbsp; <\/p>\n\n\n\n<p class=\"wp-block-paragraph\">Jacques Joseph\nDERECQ&nbsp;&nbsp;&nbsp;&nbsp;&nbsp;&nbsp;&nbsp;&nbsp;&nbsp;&nbsp;&nbsp;&nbsp;&nbsp;&nbsp;&nbsp;&nbsp;&nbsp;&nbsp;&nbsp;&nbsp;&nbsp;&nbsp;&nbsp;&nbsp;&nbsp; :\n1724-1770&nbsp;&nbsp;&nbsp; (+ 29\/10\/1770 80 ans cur\u00e9 de\nPrisches depuis 51 ans)<\/p>\n\n\n\n<p class=\"wp-block-paragraph\">Fran\u00e7ois Joseph\nHUVELLE du Quesnoy&nbsp;&nbsp; :\n16\/05\/1771-05\/06\/1783&nbsp;&nbsp;&nbsp; <\/p>\n\n\n\n<p class=\"wp-block-paragraph\">Charles Joseph\nPETIT de La Rouillies&nbsp;&nbsp;&nbsp;&nbsp;&nbsp;&nbsp; :\n05\/06\/1783-1791&nbsp;&nbsp;&nbsp;&nbsp;&nbsp;&nbsp;&nbsp;&nbsp; <\/p>\n\n\n\n<p class=\"wp-block-paragraph\">Pierre LAURENT de\nLe Quesnoy&nbsp;&nbsp;&nbsp;&nbsp;&nbsp;&nbsp;&nbsp;&nbsp;&nbsp;&nbsp;&nbsp;&nbsp;&nbsp; :\n02\/1791-09\/1792&nbsp;&nbsp;&nbsp;&nbsp;&nbsp;&nbsp;&nbsp; <\/p>\n\n\n\n<p class=\"wp-block-paragraph\">Louis Joseph THOMAS de Cartignies&nbsp;&nbsp;&nbsp;&nbsp;&nbsp;&nbsp;&nbsp; : 01\/10\/1792-1797&nbsp;&nbsp;&nbsp;&nbsp; <\/p>\n\n\n\n<p class=\"wp-block-paragraph\">Beno\u00eet GUERIT de Maroilles&nbsp;&nbsp;&nbsp;&nbsp;&nbsp;&nbsp;&nbsp;&nbsp;&nbsp;&nbsp;&nbsp;&nbsp;&nbsp;&nbsp;&nbsp;&nbsp;&nbsp;&nbsp;&nbsp;&nbsp;&nbsp; : 1797-1802&nbsp;&nbsp;&nbsp;&nbsp;&nbsp;&nbsp;&nbsp;&nbsp;&nbsp;&nbsp;&nbsp;&nbsp;&nbsp; Pr\u00eatre&nbsp; constitutionnel (d\u00e9cret du 04\/01\/1791qui\ninstaure les pr\u00eatres jureurs ou constitutionnels)&nbsp;&nbsp;&nbsp;&nbsp;&nbsp;&nbsp;&nbsp;&nbsp;&nbsp;&nbsp;&nbsp;&nbsp;&nbsp;&nbsp;&nbsp;&nbsp;&nbsp;&nbsp;&nbsp;&nbsp;&nbsp;&nbsp;&nbsp;&nbsp;&nbsp;&nbsp;&nbsp;&nbsp;&nbsp;&nbsp;&nbsp;&nbsp;&nbsp;&nbsp;&nbsp;&nbsp;&nbsp;&nbsp;&nbsp;&nbsp;&nbsp;&nbsp;&nbsp;&nbsp;&nbsp;&nbsp;&nbsp;&nbsp;&nbsp;&nbsp;&nbsp;&nbsp;&nbsp;&nbsp;&nbsp;&nbsp;&nbsp;&nbsp;&nbsp;&nbsp;&nbsp;&nbsp;&nbsp;&nbsp;&nbsp;&nbsp;&nbsp;&nbsp;&nbsp;&nbsp;&nbsp;&nbsp;&nbsp;&nbsp;&nbsp;&nbsp;&nbsp;&nbsp;\n<\/p>\n\n\n\n<p class=\"wp-block-paragraph\">Jean Baptiste DHAUSSY d\u2019Englefontaine : 1802 -1805\nPr\u00eatre&nbsp; constitutionnel puis cur\u00e9&nbsp; de la Rouillies 1805, Cartignies 1816,\nBeaufort 1835.<\/p>\n\n\n\n<p class=\"wp-block-paragraph\">Thomas&nbsp; GRAVET&nbsp;&nbsp;&nbsp;&nbsp;&nbsp;&nbsp;&nbsp;&nbsp;&nbsp;&nbsp;&nbsp;&nbsp;&nbsp;&nbsp;&nbsp;&nbsp;&nbsp;&nbsp;&nbsp;&nbsp;&nbsp;&nbsp;&nbsp;&nbsp;&nbsp;&nbsp;&nbsp;&nbsp;&nbsp;&nbsp;&nbsp;&nbsp;&nbsp;&nbsp;&nbsp;&nbsp;&nbsp;&nbsp; :\n1805-1818 (remplace B&nbsp; Gu\u00e9rit qui devient\nle cur\u00e9 de Beaurepaire) <\/p>\n\n\n\n<p class=\"wp-block-paragraph\">Louis DENISE&nbsp;&nbsp;&nbsp;&nbsp;&nbsp;\n&nbsp;&nbsp;&nbsp;&nbsp;&nbsp;&nbsp;&nbsp;&nbsp;&nbsp;&nbsp;&nbsp;&nbsp;&nbsp;&nbsp;&nbsp;&nbsp;&nbsp;&nbsp;&nbsp;&nbsp;&nbsp;&nbsp;&nbsp;&nbsp;&nbsp;&nbsp;&nbsp;&nbsp;&nbsp;&nbsp;&nbsp;&nbsp;&nbsp;&nbsp;&nbsp;&nbsp;&nbsp;&nbsp;&nbsp;:\n1818-1828 (Tomb\u00e9 malade en 1828, il fut remplac\u00e9 jusqu\u2019\u00e0 sa mort en 1829 par le\ndesservant de Beaurepaire Jean BOTTIAUX.&nbsp;&nbsp;&nbsp;&nbsp;&nbsp;&nbsp;&nbsp;&nbsp;&nbsp;&nbsp;&nbsp;&nbsp;&nbsp;&nbsp;&nbsp;&nbsp;&nbsp;&nbsp; <\/p>\n\n\n\n<p class=\"wp-block-paragraph\">Fid\u00e8le JOVENIAUX&nbsp;&nbsp;&nbsp;&nbsp;&nbsp;&nbsp;&nbsp;&nbsp;&nbsp;&nbsp;&nbsp;&nbsp;&nbsp;&nbsp;&nbsp;&nbsp;&nbsp;&nbsp;&nbsp;&nbsp;&nbsp;&nbsp;&nbsp;&nbsp;&nbsp;&nbsp;&nbsp;&nbsp;&nbsp;&nbsp;&nbsp;&nbsp;&nbsp;&nbsp; :\n1829-1836&nbsp;&nbsp;&nbsp;&nbsp;&nbsp;&nbsp;&nbsp;&nbsp;&nbsp;&nbsp;&nbsp; <\/p>\n\n\n\n<p class=\"wp-block-paragraph\">Nicolas COLLET&nbsp;&nbsp;&nbsp;&nbsp;&nbsp;&nbsp;&nbsp;&nbsp;&nbsp;&nbsp;&nbsp;&nbsp;&nbsp;&nbsp;&nbsp;&nbsp;&nbsp;&nbsp;&nbsp;&nbsp;&nbsp;&nbsp;&nbsp;&nbsp;&nbsp;&nbsp;&nbsp;&nbsp;&nbsp;&nbsp;&nbsp;&nbsp;&nbsp;&nbsp;&nbsp;&nbsp;&nbsp;&nbsp;&nbsp; : 1836-\n1847&nbsp;&nbsp;&nbsp;&nbsp;&nbsp;&nbsp;&nbsp;&nbsp;&nbsp; <\/p>\n\n\n\n<p class=\"wp-block-paragraph\">Nicolas VALLEZ&nbsp;&nbsp;&nbsp;&nbsp;&nbsp;&nbsp;&nbsp;&nbsp;&nbsp;&nbsp;&nbsp;&nbsp;&nbsp;&nbsp;&nbsp;&nbsp;&nbsp;&nbsp;&nbsp;&nbsp;&nbsp;&nbsp;&nbsp;&nbsp;&nbsp;&nbsp;&nbsp;&nbsp;&nbsp;&nbsp;&nbsp;&nbsp;&nbsp;&nbsp;&nbsp;&nbsp;&nbsp;&nbsp;&nbsp; :\n1847-05\/1848 (pas de cur\u00e9 entre 05\/1847 et 09\/1848)&nbsp;&nbsp; <\/p>\n\n\n\n<p class=\"wp-block-paragraph\">Placide Pascal\nCAMBRELENG&nbsp;&nbsp;&nbsp;&nbsp;&nbsp;&nbsp;&nbsp;&nbsp;&nbsp;&nbsp;&nbsp;&nbsp;&nbsp;&nbsp;&nbsp; :\n09\/1848-10\/1873&nbsp;&nbsp; <\/p>\n\n\n\n<p class=\"wp-block-paragraph\">Jean Baptiste CARPENTIER&nbsp;&nbsp;&nbsp;&nbsp;&nbsp;&nbsp;&nbsp;&nbsp;&nbsp;&nbsp;&nbsp;&nbsp;&nbsp;&nbsp;&nbsp;&nbsp;&nbsp;&nbsp;&nbsp;&nbsp; : 10\/1873-1892&nbsp;&nbsp;&nbsp;&nbsp;&nbsp;&nbsp; <\/p>\n\n\n\n<p class=\"wp-block-paragraph\">Jules DEFROYENNES&nbsp;&nbsp;&nbsp;&nbsp;&nbsp;&nbsp;&nbsp;&nbsp;&nbsp;&nbsp;&nbsp;&nbsp;&nbsp;&nbsp;&nbsp;&nbsp;&nbsp;&nbsp;&nbsp;&nbsp;&nbsp;&nbsp;&nbsp;&nbsp;&nbsp;&nbsp;&nbsp;&nbsp;&nbsp; : 1892-1895&nbsp;&nbsp;&nbsp;&nbsp;&nbsp;&nbsp;&nbsp;&nbsp;&nbsp;&nbsp;&nbsp;&nbsp; <\/p>\n\n\n\n<p class=\"wp-block-paragraph\">Fran\u00e7ois CLAISSE&nbsp;\nde Basuel&nbsp;&nbsp;&nbsp;&nbsp;&nbsp;&nbsp;&nbsp;&nbsp;&nbsp;&nbsp;&nbsp;&nbsp;&nbsp;&nbsp;&nbsp;&nbsp;&nbsp;&nbsp; :\n1895-1920&nbsp;&nbsp;&nbsp;&nbsp;&nbsp;&nbsp;&nbsp;&nbsp;&nbsp;&nbsp;&nbsp;&nbsp;&nbsp; <\/p>\n\n\n\n<p class=\"wp-block-paragraph\">DRUESNE&nbsp;&nbsp;&nbsp;&nbsp;&nbsp;&nbsp;&nbsp;&nbsp;&nbsp;&nbsp;&nbsp;&nbsp;&nbsp;&nbsp;&nbsp;&nbsp;&nbsp;&nbsp;&nbsp;&nbsp;&nbsp;&nbsp;&nbsp;&nbsp;&nbsp;&nbsp;&nbsp;&nbsp;&nbsp;&nbsp;&nbsp;&nbsp;&nbsp;&nbsp;&nbsp;&nbsp;&nbsp;&nbsp;&nbsp;&nbsp;&nbsp;&nbsp;&nbsp; &nbsp;&nbsp;&nbsp;&nbsp;: 1920-1925<\/p>\n\n\n\n<p class=\"wp-block-paragraph\">BLOTTIAU&nbsp;&nbsp;&nbsp;&nbsp;&nbsp;&nbsp;&nbsp;&nbsp;&nbsp;&nbsp;&nbsp;&nbsp;&nbsp;&nbsp;&nbsp;&nbsp;&nbsp;&nbsp;&nbsp;&nbsp;&nbsp;&nbsp;&nbsp;&nbsp;&nbsp;&nbsp;&nbsp;&nbsp;&nbsp;&nbsp;&nbsp;&nbsp;&nbsp;&nbsp;&nbsp;&nbsp;&nbsp;&nbsp;&nbsp;&nbsp;&nbsp;&nbsp;&nbsp;&nbsp;&nbsp;&nbsp;\n: 1925-1958<\/p>\n\n\n\n<p class=\"wp-block-paragraph\">Jules PICARDAT&nbsp;&nbsp;&nbsp;&nbsp;&nbsp;&nbsp;&nbsp;&nbsp;&nbsp;&nbsp;&nbsp;&nbsp;&nbsp;&nbsp;&nbsp;&nbsp;&nbsp;&nbsp;&nbsp;&nbsp;&nbsp;&nbsp;&nbsp;&nbsp;&nbsp;&nbsp;&nbsp;&nbsp;&nbsp;&nbsp;&nbsp;&nbsp;&nbsp;&nbsp;&nbsp;&nbsp;&nbsp; :\n1958-1997&nbsp;<\/p>\n\n\n\n<p class=\"has-text-align-center has-large-font-size wp-block-paragraph\">*******<\/p>\n\n\n<div class=\"wp-block-image\">\n<figure class=\"aligncenter size-large\"><img data-recalc-dims=\"1\" loading=\"lazy\" decoding=\"async\" width=\"840\" height=\"541\" data-attachment-id=\"29543\" data-permalink=\"https:\/\/patrimoine-avesnois.fr\/chemin\/prisches\/image-3516\/\" data-orig-file=\"https:\/\/i0.wp.com\/patrimoine-avesnois.fr\/chemin\/wp-content\/uploads\/2026\/08\/image-362.png?fit=1354%2C871&amp;ssl=1\" data-orig-size=\"1354,871\" data-comments-opened=\"1\" data-image-meta=\"{&quot;aperture&quot;:&quot;0&quot;,&quot;credit&quot;:&quot;&quot;,&quot;camera&quot;:&quot;&quot;,&quot;caption&quot;:&quot;&quot;,&quot;created_timestamp&quot;:&quot;0&quot;,&quot;copyright&quot;:&quot;&quot;,&quot;focal_length&quot;:&quot;0&quot;,&quot;iso&quot;:&quot;0&quot;,&quot;shutter_speed&quot;:&quot;0&quot;,&quot;title&quot;:&quot;&quot;,&quot;orientation&quot;:&quot;0&quot;,&quot;alt&quot;:&quot;&quot;}\" data-image-title=\"image\" data-image-description=\"\" data-image-caption=\"\" data-large-file=\"https:\/\/i0.wp.com\/patrimoine-avesnois.fr\/chemin\/wp-content\/uploads\/2026\/08\/image-362.png?fit=840%2C541&amp;ssl=1\" src=\"https:\/\/i0.wp.com\/patrimoine-avesnois.fr\/chemin\/wp-content\/uploads\/2026\/08\/image-362-1024x659.png?resize=840%2C541&#038;ssl=1\" alt=\"\" class=\"wp-image-29543\" srcset=\"https:\/\/i0.wp.com\/patrimoine-avesnois.fr\/chemin\/wp-content\/uploads\/2026\/08\/image-362.png?resize=1024%2C659&amp;ssl=1 1024w, https:\/\/i0.wp.com\/patrimoine-avesnois.fr\/chemin\/wp-content\/uploads\/2026\/08\/image-362.png?resize=300%2C193&amp;ssl=1 300w, https:\/\/i0.wp.com\/patrimoine-avesnois.fr\/chemin\/wp-content\/uploads\/2026\/08\/image-362.png?resize=768%2C494&amp;ssl=1 768w, https:\/\/i0.wp.com\/patrimoine-avesnois.fr\/chemin\/wp-content\/uploads\/2026\/08\/image-362.png?resize=1200%2C772&amp;ssl=1 1200w, https:\/\/i0.wp.com\/patrimoine-avesnois.fr\/chemin\/wp-content\/uploads\/2026\/08\/image-362.png?w=1354&amp;ssl=1 1354w\" sizes=\"auto, (max-width: 709px) 85vw, (max-width: 909px) 67vw, (max-width: 1362px) 62vw, 840px\" \/><figcaption class=\"wp-element-caption\">Poste, Ecole et Mairie vers 1890<\/figcaption><\/figure>\n<\/div>\n\n\n<p class=\"wp-block-paragraph\"><\/p>\n\n\n\n<h5 class=\"wp-block-heading\"><strong>Histoire des \u00e9coles de Prisches<\/strong><\/h5>\n\n\n\n<p class=\"wp-block-paragraph\">L\u2019histoire scolaire de Prisches refl\u00e8te les \u00e9volutions de l\u2019enseignement rural dans l\u2019Avesnois, marqu\u00e9e par les contraintes financi\u00e8res, les d\u00e9cisions municipales et les transformations successives des b\u00e2timents communaux.<\/p>\n\n\n\n<p class=\"wp-block-paragraph\">Au d\u00e9but du XIX\u1d49 si\u00e8cle, l\u2019enseignement reste modeste. En 1819, Jean\u2011Baptiste Brissy est nomm\u00e9 instituteur primaire. Gar\u00e7ons et filles re\u00e7oivent l\u2019instruction s\u00e9par\u00e9ment mais dans un m\u00eame b\u00e2timent, faute de moyens pour ouvrir une \u00e9cole distincte pour les filles. Le Conseil municipal confirme cette impossibilit\u00e9 le 11 f\u00e9vrier 1824, estimant qu\u2019une seconde \u00e9cole serait trop co\u00fbteuse. L\u2019instituteur, qui assure aussi des fonctions de clerc, re\u00e7oit une indemnit\u00e9 de logement et doit chauffer l\u2019\u00e9cole durant l\u2019hiver, signe que le logement du ma\u00eetre et la salle de classe sont \u00e9troitement li\u00e9s.<\/p>\n\n\n\n<p class=\"wp-block-paragraph\">Une \u00e9tape d\u00e9cisive survient en 1839, lorsque la commune ach\u00e8te au sieur Martin un b\u00e2timent contigu \u00e0 la mairie, destin\u00e9 \u00e0 devenir \u00e0 la fois le logement de l\u2019instituteur et la maison d\u2019\u00e9cole. L\u2019\u00e9tat du b\u00e2timent \u00e9tant m\u00e9diocre, la commune entreprend d\u2019importantes r\u00e9parations financ\u00e9es par une subvention du Conseil g\u00e9n\u00e9ral. L\u2019\u00e9cole ouvre en novembre 1840 sous la direction de M. Gr\u00e9goire.<\/p>\n\n\n\n<p class=\"wp-block-paragraph\">En 1847, ce b\u00e2timent est profond\u00e9ment transform\u00e9, au point que la monographie manuscrite de l&rsquo;abb\u00e9 Broyart parle d\u2019une \u00ab construction \u00bb. \u00c0 cette date, il sert simultan\u00e9ment d\u2019\u00e9cole de gar\u00e7ons et d\u2019\u00e9cole de filles, les deux classes \u00e9tant regroup\u00e9es dans ce b\u00e2timent unique, accol\u00e9 \u00e0 la mairie. C\u2019est la derni\u00e8re p\u00e9riode o\u00f9 les deux \u00e9coles cohabitent dans le m\u00eame b\u00e2timent.<\/p>\n\n\n<div class=\"wp-block-image\">\n<figure class=\"aligncenter size-full is-resized\"><img data-recalc-dims=\"1\" loading=\"lazy\" decoding=\"async\" width=\"840\" height=\"785\" data-attachment-id=\"29559\" data-permalink=\"https:\/\/patrimoine-avesnois.fr\/chemin\/prisches\/image-3521\/\" data-orig-file=\"https:\/\/i0.wp.com\/patrimoine-avesnois.fr\/chemin\/wp-content\/uploads\/2026\/08\/image-367.png?fit=907%2C848&amp;ssl=1\" data-orig-size=\"907,848\" data-comments-opened=\"1\" data-image-meta=\"{&quot;aperture&quot;:&quot;0&quot;,&quot;credit&quot;:&quot;&quot;,&quot;camera&quot;:&quot;&quot;,&quot;caption&quot;:&quot;&quot;,&quot;created_timestamp&quot;:&quot;0&quot;,&quot;copyright&quot;:&quot;&quot;,&quot;focal_length&quot;:&quot;0&quot;,&quot;iso&quot;:&quot;0&quot;,&quot;shutter_speed&quot;:&quot;0&quot;,&quot;title&quot;:&quot;&quot;,&quot;orientation&quot;:&quot;0&quot;,&quot;alt&quot;:&quot;&quot;}\" data-image-title=\"image\" data-image-description=\"\" data-image-caption=\"\" data-large-file=\"https:\/\/i0.wp.com\/patrimoine-avesnois.fr\/chemin\/wp-content\/uploads\/2026\/08\/image-367.png?fit=840%2C785&amp;ssl=1\" src=\"https:\/\/i0.wp.com\/patrimoine-avesnois.fr\/chemin\/wp-content\/uploads\/2026\/08\/image-367.png?resize=840%2C785&#038;ssl=1\" alt=\"\" class=\"wp-image-29559\" style=\"aspect-ratio:1.0695811337772236;width:560px;height:auto\" srcset=\"https:\/\/i0.wp.com\/patrimoine-avesnois.fr\/chemin\/wp-content\/uploads\/2026\/08\/image-367.png?w=907&amp;ssl=1 907w, https:\/\/i0.wp.com\/patrimoine-avesnois.fr\/chemin\/wp-content\/uploads\/2026\/08\/image-367.png?resize=300%2C280&amp;ssl=1 300w, https:\/\/i0.wp.com\/patrimoine-avesnois.fr\/chemin\/wp-content\/uploads\/2026\/08\/image-367.png?resize=768%2C718&amp;ssl=1 768w\" sizes=\"auto, (max-width: 709px) 85vw, (max-width: 909px) 67vw, (max-width: 1362px) 62vw, 840px\" \/><figcaption class=\"wp-element-caption\">Plan vers 1865 1870<\/figcaption><\/figure>\n<\/div>\n\n\n<p class=\"wp-block-paragraph\"><\/p>\n\n\n\n<p class=\"wp-block-paragraph\">Une \u00e9volution majeure intervient en 1865 : la commune fonde une nouvelle \u00e9cole des filles, situ\u00e9e rue d\u2019Avesnes, \u00e0 proximit\u00e9 de la place. Elle est construite sur un terrain achet\u00e9 \u00e0 M. Brissy, ancien instituteur, et sur l\u2019emplacement d\u2019une petite ruelle supprim\u00e9e pour cet usage. Ce nouveau b\u00e2timent, dot\u00e9 d\u2019un jardin, remplace le local lou\u00e9 qui servait jusque\u2011l\u00e0 d\u2019\u00e9cole des filles. \u00c0 partir de cette date, Prisches poss\u00e8de donc deux \u00e9coles distinctes et s\u00e9par\u00e9es g\u00e9ographiquement : l\u2019\u00e9cole des gar\u00e7ons dans l&rsquo;ex b\u00e2timent Martin (1839\u20131847), contigu \u00e0 la mairie, et l\u2019\u00e9cole des filles dans le b\u00e2timent Brissy (1865), rue d\u2019Avesnes.<\/p>\n\n\n\n<p class=\"wp-block-paragraph\">Le plan ancien montre clairement les deux \u00e9coles \u00e0 des emplacements diff\u00e9rents, confirmant la s\u00e9paration des b\u00e2timents apr\u00e8s la construction de l\u2019\u00e9cole des filles en 1865.<\/p>\n\n\n\n<p class=\"wp-block-paragraph\">\u00c0 partir de 1881, la commune loue un immeuble qui sert de bureau de poste. Ce b\u00e2timent joue un r\u00f4le dans les r\u00e9organisations scolaires de la fin du si\u00e8cle.<\/p>\n\n\n\n<p class=\"wp-block-paragraph\">En 1895, la cr\u00e9ation d\u2019un poste d\u2019adjoint et d\u2019adjointe impose une r\u00e9organisation des locaux. En 1896, le Conseil municipal d\u00e9cide d\u2019inverser les affectations :<\/p>\n\n\n\n<ul class=\"wp-block-list\">\n<li>l\u2019\u00e9cole des gar\u00e7ons est transf\u00e9r\u00e9e dans l\u2019\u00e9cole des filles de 1865, rue d\u2019Avesnes,<\/li>\n\n\n\n<li>l\u2019\u00e9cole des filles est install\u00e9e dans l\u2019ancien b\u00e2timent des gar\u00e7ons, contigu \u00e0 la mairie.<\/li>\n<\/ul>\n\n\n\n<p class=\"wp-block-paragraph\">Une maison contigu\u00eb est achet\u00e9e pour servir de logement \u00e0 l\u2019instituteur, tandis que l\u2019ancien logement de l\u2019institutrice est partiellement transform\u00e9 en classe et en logement pour l\u2019adjoint. L\u2019immeuble lou\u00e9 depuis 1881 pour la Poste est int\u00e9gr\u00e9 dans cette r\u00e9organisation, permettant d\u2019ajuster les espaces administratifs et scolaires.<\/p>\n\n\n<div class=\"wp-block-image\">\n<figure class=\"aligncenter size-full\"><img data-recalc-dims=\"1\" loading=\"lazy\" decoding=\"async\" width=\"840\" height=\"546\" data-attachment-id=\"29549\" data-permalink=\"https:\/\/patrimoine-avesnois.fr\/chemin\/prisches\/image-3520\/\" data-orig-file=\"https:\/\/i0.wp.com\/patrimoine-avesnois.fr\/chemin\/wp-content\/uploads\/2026\/08\/image-366.png?fit=891%2C579&amp;ssl=1\" data-orig-size=\"891,579\" data-comments-opened=\"1\" data-image-meta=\"{&quot;aperture&quot;:&quot;0&quot;,&quot;credit&quot;:&quot;&quot;,&quot;camera&quot;:&quot;&quot;,&quot;caption&quot;:&quot;&quot;,&quot;created_timestamp&quot;:&quot;0&quot;,&quot;copyright&quot;:&quot;&quot;,&quot;focal_length&quot;:&quot;0&quot;,&quot;iso&quot;:&quot;0&quot;,&quot;shutter_speed&quot;:&quot;0&quot;,&quot;title&quot;:&quot;&quot;,&quot;orientation&quot;:&quot;0&quot;,&quot;alt&quot;:&quot;&quot;}\" data-image-title=\"image\" data-image-description=\"\" data-image-caption=\"\" data-large-file=\"https:\/\/i0.wp.com\/patrimoine-avesnois.fr\/chemin\/wp-content\/uploads\/2026\/08\/image-366.png?fit=840%2C546&amp;ssl=1\" src=\"https:\/\/i0.wp.com\/patrimoine-avesnois.fr\/chemin\/wp-content\/uploads\/2026\/08\/image-366.png?resize=840%2C546&#038;ssl=1\" alt=\"\" class=\"wp-image-29549\" srcset=\"https:\/\/i0.wp.com\/patrimoine-avesnois.fr\/chemin\/wp-content\/uploads\/2026\/08\/image-366.png?w=891&amp;ssl=1 891w, https:\/\/i0.wp.com\/patrimoine-avesnois.fr\/chemin\/wp-content\/uploads\/2026\/08\/image-366.png?resize=300%2C195&amp;ssl=1 300w, https:\/\/i0.wp.com\/patrimoine-avesnois.fr\/chemin\/wp-content\/uploads\/2026\/08\/image-366.png?resize=768%2C499&amp;ssl=1 768w\" sizes=\"auto, (max-width: 709px) 85vw, (max-width: 909px) 67vw, (max-width: 1362px) 62vw, 840px\" \/><figcaption class=\"wp-element-caption\">Au fond : l\u2019ancienne \u00e9cole des gar\u00e7ons accueillant les classes du CE1 au CM2. \u00c0 gauche : la salle des CE1\u2011CE2 tenue dans les ann\u00e9es 1960 par M. Paris. \u00c0 droite : les CM1\u2011CM2 dirig\u00e9s \u00e0 la m\u00eame \u00e9poque par le directeur, M. Cogez, qui occupait le logement situ\u00e9 juste devant l\u2019\u00e9cole.<\/figcaption><\/figure>\n<\/div>\n\n\n<p class=\"wp-block-paragraph\"><\/p>\n\n\n\n<p class=\"wp-block-paragraph\">Apr\u00e8s la Seconde Guerre mondiale, une nouvelle r\u00e9organisation intervient. En <strong>1953<\/strong>, une \u00e9cole en semi dur est construite tandis que l\u2019\u00e9cole \u00e9l\u00e9mentaire prend place dans une salle attenante \u00e0 la <strong>salle des f\u00eates<\/strong>, future <strong>salle polyvalente<\/strong>, puis <strong>salle Andr\u00e9 Carr\u00e9<\/strong>. Cette p\u00e9riode correspond \u00e0 une modernisation g\u00e9n\u00e9rale des \u00e9quipements municipaux, comme en t\u00e9moignent les budgets en forte croissance entre 1948 et 1964.<\/p>\n\n\n\n<p class=\"wp-block-paragraph\">Au fil des d\u00e9cennies, les besoins \u00e9voluent et les \u00e9coles se regroupent progressivement. De nos jours, toutes les classes sont r\u00e9unies dans l\u2019ancienne <strong>\u00e9cole des filles<\/strong>, devenue en <strong>2018<\/strong> l\u2019<strong>\u00e9cole Arnaud Beltrame<\/strong>, baptis\u00e9e en hommage au gendarme mort lors des attentats de l\u2019Aude apr\u00e8s avoir pris la place d\u2019un otage.<\/p>\n\n\n<div class=\"wp-block-image\">\n<figure class=\"aligncenter size-large\"><img data-recalc-dims=\"1\" loading=\"lazy\" decoding=\"async\" width=\"840\" height=\"533\" data-attachment-id=\"29541\" data-permalink=\"https:\/\/patrimoine-avesnois.fr\/chemin\/prisches\/image-3514\/\" data-orig-file=\"https:\/\/i0.wp.com\/patrimoine-avesnois.fr\/chemin\/wp-content\/uploads\/2026\/08\/image-360.png?fit=1367%2C868&amp;ssl=1\" data-orig-size=\"1367,868\" data-comments-opened=\"1\" data-image-meta=\"{&quot;aperture&quot;:&quot;0&quot;,&quot;credit&quot;:&quot;&quot;,&quot;camera&quot;:&quot;&quot;,&quot;caption&quot;:&quot;&quot;,&quot;created_timestamp&quot;:&quot;0&quot;,&quot;copyright&quot;:&quot;&quot;,&quot;focal_length&quot;:&quot;0&quot;,&quot;iso&quot;:&quot;0&quot;,&quot;shutter_speed&quot;:&quot;0&quot;,&quot;title&quot;:&quot;&quot;,&quot;orientation&quot;:&quot;0&quot;,&quot;alt&quot;:&quot;&quot;}\" data-image-title=\"image\" data-image-description=\"\" data-image-caption=\"\" data-large-file=\"https:\/\/i0.wp.com\/patrimoine-avesnois.fr\/chemin\/wp-content\/uploads\/2026\/08\/image-360.png?fit=840%2C533&amp;ssl=1\" src=\"https:\/\/i0.wp.com\/patrimoine-avesnois.fr\/chemin\/wp-content\/uploads\/2026\/08\/image-360-1024x650.png?resize=840%2C533&#038;ssl=1\" alt=\"\" class=\"wp-image-29541\" srcset=\"https:\/\/i0.wp.com\/patrimoine-avesnois.fr\/chemin\/wp-content\/uploads\/2026\/08\/image-360.png?resize=1024%2C650&amp;ssl=1 1024w, https:\/\/i0.wp.com\/patrimoine-avesnois.fr\/chemin\/wp-content\/uploads\/2026\/08\/image-360.png?resize=300%2C190&amp;ssl=1 300w, https:\/\/i0.wp.com\/patrimoine-avesnois.fr\/chemin\/wp-content\/uploads\/2026\/08\/image-360.png?resize=767%2C487&amp;ssl=1 767w, https:\/\/i0.wp.com\/patrimoine-avesnois.fr\/chemin\/wp-content\/uploads\/2026\/08\/image-360.png?resize=1200%2C762&amp;ssl=1 1200w, https:\/\/i0.wp.com\/patrimoine-avesnois.fr\/chemin\/wp-content\/uploads\/2026\/08\/image-360.png?w=1367&amp;ssl=1 1367w\" sizes=\"auto, (max-width: 709px) 85vw, (max-width: 909px) 67vw, (max-width: 1362px) 62vw, 840px\" \/><figcaption class=\"wp-element-caption\">Mairie, \u00c9cole des filles, Poste vers 1910<\/figcaption><\/figure>\n<\/div>\n\n\n<p class=\"wp-block-paragraph\"><\/p>\n\n\n<div class=\"wp-block-image is-resized\">\n<figure class=\"aligncenter\"><img loading=\"lazy\" decoding=\"async\" width=\"1280\" height=\"960\" data-attachment-id=\"2131\" data-permalink=\"https:\/\/patrimoine-avesnois.fr\/chemin\/prisches\/1280px-prisches_nord_fr_mairie\/\" data-orig-file=\"https:\/\/i0.wp.com\/patrimoine-avesnois.fr\/chemin\/wp-content\/uploads\/2019\/04\/1280px-Prisches_Nord_Fr_mairie.jpg?fit=1280%2C960&amp;ssl=1\" data-orig-size=\"1280,960\" data-comments-opened=\"1\" data-image-meta=\"{&quot;aperture&quot;:&quot;0&quot;,&quot;credit&quot;:&quot;&quot;,&quot;camera&quot;:&quot;&quot;,&quot;caption&quot;:&quot;&quot;,&quot;created_timestamp&quot;:&quot;0&quot;,&quot;copyright&quot;:&quot;&quot;,&quot;focal_length&quot;:&quot;0&quot;,&quot;iso&quot;:&quot;0&quot;,&quot;shutter_speed&quot;:&quot;0&quot;,&quot;title&quot;:&quot;&quot;,&quot;orientation&quot;:&quot;0&quot;}\" data-image-title=\"1280px-Prisches_(Nord,_Fr)_mairie\" data-image-description=\"\" data-image-caption=\"\" data-large-file=\"https:\/\/i0.wp.com\/patrimoine-avesnois.fr\/chemin\/wp-content\/uploads\/2019\/04\/1280px-Prisches_Nord_Fr_mairie.jpg?fit=840%2C630&amp;ssl=1\" src=\"https:\/\/i2.wp.com\/patrimoine-avesnois.fr\/chemin\/wp-content\/uploads\/2019\/04\/1280px-Prisches_Nord_Fr_mairie.jpg?fit=840%2C630\" alt=\"\" class=\"wp-image-2131\" srcset=\"https:\/\/i0.wp.com\/patrimoine-avesnois.fr\/chemin\/wp-content\/uploads\/2019\/04\/1280px-Prisches_Nord_Fr_mairie.jpg?w=1280&amp;ssl=1 1280w, https:\/\/i0.wp.com\/patrimoine-avesnois.fr\/chemin\/wp-content\/uploads\/2019\/04\/1280px-Prisches_Nord_Fr_mairie.jpg?resize=300%2C225&amp;ssl=1 300w, https:\/\/i0.wp.com\/patrimoine-avesnois.fr\/chemin\/wp-content\/uploads\/2019\/04\/1280px-Prisches_Nord_Fr_mairie.jpg?resize=768%2C576&amp;ssl=1 768w, https:\/\/i0.wp.com\/patrimoine-avesnois.fr\/chemin\/wp-content\/uploads\/2019\/04\/1280px-Prisches_Nord_Fr_mairie.jpg?resize=1024%2C768&amp;ssl=1 1024w, https:\/\/i0.wp.com\/patrimoine-avesnois.fr\/chemin\/wp-content\/uploads\/2019\/04\/1280px-Prisches_Nord_Fr_mairie.jpg?resize=1200%2C900&amp;ssl=1 1200w\" sizes=\"auto, (max-width: 709px) 85vw, (max-width: 909px) 67vw, (max-width: 1362px) 62vw, 840px\" \/><figcaption class=\"wp-element-caption\">La Mairie et l&rsquo;\u00e9cole mixte 2025<\/figcaption><\/figure>\n<\/div>\n\n\n<p class=\"wp-block-paragraph\"><\/p>\n\n\n\n<p class=\"wp-block-paragraph\">Voici la liste des maires de Prisches : <\/p>\n\n\n\n<p class=\"wp-block-paragraph\">Jean Joseph HOCQUET&nbsp;01\/1790-11\/1791 (premi\u00e8re \u00e9lection municipale dans l\u2019\u00e9glise 27-29 janvier 1790) <\/p>\n\n\n\n<p class=\"wp-block-paragraph\">Dominique POLIT 11\/1791<\/p>\n\n\n\n<p class=\"wp-block-paragraph\">Thomas PAGE 1793 1796<\/p>\n\n\n\n<p class=\"wp-block-paragraph\">Fid\u00e8le DEFONTAINE 1796-1800<\/p>\n\n\n\n<p class=\"wp-block-paragraph\">Jean THOMAS&nbsp;1800\u2013 10\/1803<\/p>\n\n\n\n<p class=\"wp-block-paragraph\">Pierre MACHELART 10\/1803-1809<\/p>\n\n\n\n<p class=\"wp-block-paragraph\">Jacques CINGLANT 11\/1809- 1816<\/p>\n\n\n\n<p class=\"wp-block-paragraph\">Th\u00e9ophile BRASSART 1819-1821<\/p>\n\n\n\n<p class=\"wp-block-paragraph\">Alexis DRUART 1821-1825<\/p>\n\n\n\n<p class=\"wp-block-paragraph\">Th\u00e9ophile BRASSART 1825-1832<\/p>\n\n\n\n<p class=\"wp-block-paragraph\">Constant DENISE 1832-07\/1843<\/p>\n\n\n\n<p class=\"wp-block-paragraph\">Jean Baptiste BURLION\n07\/1843-09\/1843 adjoint au maire<\/p>\n\n\n\n<p class=\"wp-block-paragraph\">Th\u00e9ophile BRASSART 09\/1843-1845<\/p>\n\n\n\n<p class=\"wp-block-paragraph\">Thomas BLONDEAU 1845<\/p>\n\n\n\n<p class=\"wp-block-paragraph\">Andr\u00e9 GOSSE 1846<\/p>\n\n\n\n<p class=\"wp-block-paragraph\">Thomas BLONDEAU 1846-1849<\/p>\n\n\n\n<p class=\"wp-block-paragraph\">Didier Joseph LENAIN 1860-1864<\/p>\n\n\n\n<p class=\"wp-block-paragraph\">Jean Baptiste BURLION\n1864-09\/1870<\/p>\n\n\n\n<p class=\"wp-block-paragraph\">Contant RENOUARD 10\/1870<\/p>\n\n\n\n<p class=\"wp-block-paragraph\">Fran\u00e7ois BOURGE 11\/1870-04\/1871<\/p>\n\n\n\n<p class=\"wp-block-paragraph\">Jean Baptiste BURLION\n05\/1871-12\/1871<\/p>\n\n\n\n<p class=\"wp-block-paragraph\">Nicolas CINGLANT\n01\/01\/1872-18\/01\/1872<\/p>\n\n\n\n<p class=\"wp-block-paragraph\">C\u00e9lestin GODFRIN 19\/01\/1872-1881<\/p>\n\n\n\n<p class=\"wp-block-paragraph\">Nicolas GODFRIN 1881-09\/1896<\/p>\n\n\n\n<p class=\"wp-block-paragraph\">Nicolas CINGLANT 09\/1896-07\/1912<\/p>\n\n\n\n<p class=\"wp-block-paragraph\">L\u00e9on FACON&nbsp;&nbsp; 08\/1912 &#8211;&nbsp;?<\/p>\n\n\n\n<p class=\"wp-block-paragraph\">Virgile Jules DUCARNE ?-&nbsp;08\/1914<\/p>\n\n\n\n<p class=\"wp-block-paragraph\">L\u00e9on FACON&nbsp;&nbsp; 08\/1914 -07\/1915<\/p>\n\n\n\n<p class=\"wp-block-paragraph\">? BETHUNE&nbsp;&nbsp; 07\/1915 -12\/1915<\/p>\n\n\n\n<p class=\"wp-block-paragraph\">Emile MOREAU&nbsp;&nbsp; 12\/1915 -1919<\/p>\n\n\n\n<p class=\"wp-block-paragraph\">Edmond DEPARIS 12\/1919 -1924<\/p>\n\n\n\n<p class=\"wp-block-paragraph\">Achille BETHUNE 03\/1924 -1939<\/p>\n\n\n\n<p class=\"wp-block-paragraph\">M LEBOEUF&nbsp;&nbsp;&nbsp;&nbsp;&nbsp; 06\/1940-12\/1940<\/p>\n\n\n\n<p class=\"wp-block-paragraph\">Jules BONTANT 12\/1940-1945<\/p>\n\n\n\n<p class=\"wp-block-paragraph\">Pierre DEPARIS &nbsp;05\/1945- 1976<\/p>\n\n\n\n<p class=\"wp-block-paragraph\">Michel SIMON 1977-2001<\/p>\n\n\n\n<p class=\"wp-block-paragraph\">Jean Claude FOVEZ 2001-<\/p>\n\n\n\n<p class=\"wp-block-paragraph\">Sources&nbsp;: Prisches et son Histoire de JL Boucly et Monographie communale de Prisches (1900)<\/p>\n\n\n\n<p class=\"has-text-align-center wp-block-paragraph\">***<\/p>\n\n\n\n<p class=\"wp-block-paragraph\">Une salle en l&rsquo;honneur de mon p\u00e8re se trouve attenante \u00e0 la Salle des F\u00eates. Elle&nbsp;a&nbsp;\u00e9t\u00e9&nbsp;inaugur\u00e9e&nbsp;le 9 juin 2007 par le maire Jean Claude Fovez, qui par cette d\u00e9marche, a souhait\u00e9 avec le Conseil Municipal rendre hommage \u00e0 mon p\u00e8re et honorer sa m\u00e9moire. Je leur r\u00e9it\u00e8re ici toute ma gratitude.<\/p>\n\n\n<div class=\"wp-block-image is-resized\">\n<figure class=\"aligncenter\"><img loading=\"lazy\" decoding=\"async\" width=\"1075\" height=\"893\" data-attachment-id=\"2176\" data-permalink=\"https:\/\/patrimoine-avesnois.fr\/chemin\/prisches\/capture1-23\/\" data-orig-file=\"https:\/\/i0.wp.com\/patrimoine-avesnois.fr\/chemin\/wp-content\/uploads\/2019\/04\/Capture1.jpg?fit=1075%2C893&amp;ssl=1\" data-orig-size=\"1075,893\" data-comments-opened=\"1\" data-image-meta=\"{&quot;aperture&quot;:&quot;0&quot;,&quot;credit&quot;:&quot;CARRE&quot;,&quot;camera&quot;:&quot;&quot;,&quot;caption&quot;:&quot;&quot;,&quot;created_timestamp&quot;:&quot;1556215933&quot;,&quot;copyright&quot;:&quot;&quot;,&quot;focal_length&quot;:&quot;0&quot;,&quot;iso&quot;:&quot;0&quot;,&quot;shutter_speed&quot;:&quot;0&quot;,&quot;title&quot;:&quot;&quot;,&quot;orientation&quot;:&quot;0&quot;}\" data-image-title=\"Capture1\" data-image-description=\"\" data-image-caption=\"\" data-large-file=\"https:\/\/i0.wp.com\/patrimoine-avesnois.fr\/chemin\/wp-content\/uploads\/2019\/04\/Capture1.jpg?fit=840%2C698&amp;ssl=1\" src=\"https:\/\/i2.wp.com\/patrimoine-avesnois.fr\/chemin\/wp-content\/uploads\/2019\/04\/Capture1.jpg?fit=840%2C698\" alt=\"\" class=\"wp-image-2176\" srcset=\"https:\/\/i0.wp.com\/patrimoine-avesnois.fr\/chemin\/wp-content\/uploads\/2019\/04\/Capture1.jpg?w=1075&amp;ssl=1 1075w, https:\/\/i0.wp.com\/patrimoine-avesnois.fr\/chemin\/wp-content\/uploads\/2019\/04\/Capture1.jpg?resize=300%2C249&amp;ssl=1 300w, https:\/\/i0.wp.com\/patrimoine-avesnois.fr\/chemin\/wp-content\/uploads\/2019\/04\/Capture1.jpg?resize=768%2C638&amp;ssl=1 768w, https:\/\/i0.wp.com\/patrimoine-avesnois.fr\/chemin\/wp-content\/uploads\/2019\/04\/Capture1.jpg?resize=1024%2C851&amp;ssl=1 1024w\" sizes=\"auto, (max-width: 709px) 85vw, (max-width: 909px) 67vw, (max-width: 1362px) 62vw, 840px\" \/><\/figure>\n<\/div>\n\n\n<p class=\"wp-block-paragraph\"><\/p>\n\n\n<div class=\"wp-block-image is-resized\">\n<figure class=\"aligncenter\"><img loading=\"lazy\" decoding=\"async\" width=\"2592\" height=\"1944\" data-attachment-id=\"2177\" data-permalink=\"https:\/\/patrimoine-avesnois.fr\/chemin\/prisches\/s5000553\/\" data-orig-file=\"https:\/\/i0.wp.com\/patrimoine-avesnois.fr\/chemin\/wp-content\/uploads\/2019\/04\/S5000553.jpg?fit=2592%2C1944&amp;ssl=1\" data-orig-size=\"2592,1944\" data-comments-opened=\"1\" data-image-meta=\"{&quot;aperture&quot;:&quot;2.8&quot;,&quot;credit&quot;:&quot;&quot;,&quot;camera&quot;:&quot;&quot;,&quot;caption&quot;:&quot;&quot;,&quot;created_timestamp&quot;:&quot;1181418532&quot;,&quot;copyright&quot;:&quot;COPYRIGHT, 2006&quot;,&quot;focal_length&quot;:&quot;5.8&quot;,&quot;iso&quot;:&quot;50&quot;,&quot;shutter_speed&quot;:&quot;0.008&quot;,&quot;title&quot;:&quot;&quot;,&quot;orientation&quot;:&quot;1&quot;}\" data-image-title=\"S5000553\" data-image-description=\"\" data-image-caption=\"\" data-large-file=\"https:\/\/i0.wp.com\/patrimoine-avesnois.fr\/chemin\/wp-content\/uploads\/2019\/04\/S5000553.jpg?fit=840%2C630&amp;ssl=1\" src=\"https:\/\/i1.wp.com\/patrimoine-avesnois.fr\/chemin\/wp-content\/uploads\/2019\/04\/S5000553.jpg?fit=840%2C630\" alt=\"\" class=\"wp-image-2177\" srcset=\"https:\/\/i0.wp.com\/patrimoine-avesnois.fr\/chemin\/wp-content\/uploads\/2019\/04\/S5000553.jpg?w=2592&amp;ssl=1 2592w, https:\/\/i0.wp.com\/patrimoine-avesnois.fr\/chemin\/wp-content\/uploads\/2019\/04\/S5000553.jpg?resize=300%2C225&amp;ssl=1 300w, https:\/\/i0.wp.com\/patrimoine-avesnois.fr\/chemin\/wp-content\/uploads\/2019\/04\/S5000553.jpg?resize=768%2C576&amp;ssl=1 768w, https:\/\/i0.wp.com\/patrimoine-avesnois.fr\/chemin\/wp-content\/uploads\/2019\/04\/S5000553.jpg?resize=1024%2C768&amp;ssl=1 1024w, https:\/\/i0.wp.com\/patrimoine-avesnois.fr\/chemin\/wp-content\/uploads\/2019\/04\/S5000553.jpg?resize=1200%2C900&amp;ssl=1 1200w, https:\/\/i0.wp.com\/patrimoine-avesnois.fr\/chemin\/wp-content\/uploads\/2019\/04\/S5000553.jpg?w=1680 1680w, https:\/\/i0.wp.com\/patrimoine-avesnois.fr\/chemin\/wp-content\/uploads\/2019\/04\/S5000553.jpg?w=2520 2520w\" sizes=\"auto, (max-width: 709px) 85vw, (max-width: 909px) 67vw, (max-width: 1362px) 62vw, 840px\" \/><figcaption class=\"wp-element-caption\">Discours \u00e9labor\u00e9 par mes soins mettant en avant mon p\u00e8re : un passionn\u00e9 de son village natal, qui s&rsquo;est investi pleinement pour la vie de Prisches, ses habitants, ses f\u00eates et ses associations.<\/figcaption><\/figure>\n<\/div>\n\n\n<p class=\"wp-block-paragraph\"><\/p>\n\n\n<div class=\"wp-block-image is-resized\">\n<figure class=\"aligncenter\"><img loading=\"lazy\" decoding=\"async\" width=\"2592\" height=\"1944\" data-attachment-id=\"2178\" data-permalink=\"https:\/\/patrimoine-avesnois.fr\/chemin\/prisches\/s5000550\/\" data-orig-file=\"https:\/\/i0.wp.com\/patrimoine-avesnois.fr\/chemin\/wp-content\/uploads\/2019\/04\/S5000550.jpg?fit=2592%2C1944&amp;ssl=1\" data-orig-size=\"2592,1944\" data-comments-opened=\"1\" data-image-meta=\"{&quot;aperture&quot;:&quot;2.8&quot;,&quot;credit&quot;:&quot;&quot;,&quot;camera&quot;:&quot;&quot;,&quot;caption&quot;:&quot;&quot;,&quot;created_timestamp&quot;:&quot;1181418447&quot;,&quot;copyright&quot;:&quot;COPYRIGHT, 2006&quot;,&quot;focal_length&quot;:&quot;5.8&quot;,&quot;iso&quot;:&quot;50&quot;,&quot;shutter_speed&quot;:&quot;0.0055555555555556&quot;,&quot;title&quot;:&quot;&quot;,&quot;orientation&quot;:&quot;1&quot;}\" data-image-title=\"S5000550\" data-image-description=\"\" data-image-caption=\"\" data-large-file=\"https:\/\/i0.wp.com\/patrimoine-avesnois.fr\/chemin\/wp-content\/uploads\/2019\/04\/S5000550.jpg?fit=840%2C630&amp;ssl=1\" src=\"https:\/\/i1.wp.com\/patrimoine-avesnois.fr\/chemin\/wp-content\/uploads\/2019\/04\/S5000550.jpg?fit=840%2C630\" alt=\"\" class=\"wp-image-2178\" srcset=\"https:\/\/i0.wp.com\/patrimoine-avesnois.fr\/chemin\/wp-content\/uploads\/2019\/04\/S5000550.jpg?w=2592&amp;ssl=1 2592w, https:\/\/i0.wp.com\/patrimoine-avesnois.fr\/chemin\/wp-content\/uploads\/2019\/04\/S5000550.jpg?resize=300%2C225&amp;ssl=1 300w, https:\/\/i0.wp.com\/patrimoine-avesnois.fr\/chemin\/wp-content\/uploads\/2019\/04\/S5000550.jpg?resize=768%2C576&amp;ssl=1 768w, https:\/\/i0.wp.com\/patrimoine-avesnois.fr\/chemin\/wp-content\/uploads\/2019\/04\/S5000550.jpg?resize=1024%2C768&amp;ssl=1 1024w, https:\/\/i0.wp.com\/patrimoine-avesnois.fr\/chemin\/wp-content\/uploads\/2019\/04\/S5000550.jpg?resize=1200%2C900&amp;ssl=1 1200w, https:\/\/i0.wp.com\/patrimoine-avesnois.fr\/chemin\/wp-content\/uploads\/2019\/04\/S5000550.jpg?w=1680 1680w, https:\/\/i0.wp.com\/patrimoine-avesnois.fr\/chemin\/wp-content\/uploads\/2019\/04\/S5000550.jpg?w=2520 2520w\" sizes=\"auto, (max-width: 709px) 85vw, (max-width: 909px) 67vw, (max-width: 1362px) 62vw, 840px\" \/><\/figure>\n<\/div>\n\n\n<p class=\"wp-block-paragraph\"><\/p>\n\n\n<div class=\"wp-block-image is-resized\">\n<figure class=\"aligncenter\"><img loading=\"lazy\" decoding=\"async\" width=\"2592\" height=\"1944\" data-attachment-id=\"2179\" data-permalink=\"https:\/\/patrimoine-avesnois.fr\/chemin\/prisches\/s5000554\/\" data-orig-file=\"https:\/\/i0.wp.com\/patrimoine-avesnois.fr\/chemin\/wp-content\/uploads\/2019\/04\/S5000554.jpg?fit=2592%2C1944&amp;ssl=1\" data-orig-size=\"2592,1944\" data-comments-opened=\"1\" data-image-meta=\"{&quot;aperture&quot;:&quot;4.6&quot;,&quot;credit&quot;:&quot;&quot;,&quot;camera&quot;:&quot;&quot;,&quot;caption&quot;:&quot;&quot;,&quot;created_timestamp&quot;:&quot;1181418818&quot;,&quot;copyright&quot;:&quot;COPYRIGHT, 2006&quot;,&quot;focal_length&quot;:&quot;15.5&quot;,&quot;iso&quot;:&quot;50&quot;,&quot;shutter_speed&quot;:&quot;0.011111111111111&quot;,&quot;title&quot;:&quot;&quot;,&quot;orientation&quot;:&quot;1&quot;}\" data-image-title=\"S5000554\" data-image-description=\"\" data-image-caption=\"\" data-large-file=\"https:\/\/i0.wp.com\/patrimoine-avesnois.fr\/chemin\/wp-content\/uploads\/2019\/04\/S5000554.jpg?fit=840%2C630&amp;ssl=1\" src=\"https:\/\/i2.wp.com\/patrimoine-avesnois.fr\/chemin\/wp-content\/uploads\/2019\/04\/S5000554.jpg?fit=840%2C630\" alt=\"\" class=\"wp-image-2179\" srcset=\"https:\/\/i0.wp.com\/patrimoine-avesnois.fr\/chemin\/wp-content\/uploads\/2019\/04\/S5000554.jpg?w=2592&amp;ssl=1 2592w, https:\/\/i0.wp.com\/patrimoine-avesnois.fr\/chemin\/wp-content\/uploads\/2019\/04\/S5000554.jpg?resize=300%2C225&amp;ssl=1 300w, https:\/\/i0.wp.com\/patrimoine-avesnois.fr\/chemin\/wp-content\/uploads\/2019\/04\/S5000554.jpg?resize=768%2C576&amp;ssl=1 768w, https:\/\/i0.wp.com\/patrimoine-avesnois.fr\/chemin\/wp-content\/uploads\/2019\/04\/S5000554.jpg?resize=1024%2C768&amp;ssl=1 1024w, https:\/\/i0.wp.com\/patrimoine-avesnois.fr\/chemin\/wp-content\/uploads\/2019\/04\/S5000554.jpg?resize=1200%2C900&amp;ssl=1 1200w, https:\/\/i0.wp.com\/patrimoine-avesnois.fr\/chemin\/wp-content\/uploads\/2019\/04\/S5000554.jpg?w=1680 1680w, https:\/\/i0.wp.com\/patrimoine-avesnois.fr\/chemin\/wp-content\/uploads\/2019\/04\/S5000554.jpg?w=2520 2520w\" sizes=\"auto, (max-width: 709px) 85vw, (max-width: 909px) 67vw, (max-width: 1362px) 62vw, 840px\" \/><figcaption class=\"wp-element-caption\">La plaque comm\u00e9morative<\/figcaption><\/figure>\n<\/div>\n\n\n<p class=\"wp-block-paragraph\"><\/p>\n\n\n<div class=\"wp-block-image is-resized\">\n<figure class=\"aligncenter\"><img data-recalc-dims=\"1\" loading=\"lazy\" decoding=\"async\" width=\"840\" height=\"532\" data-attachment-id=\"2140\" data-permalink=\"https:\/\/patrimoine-avesnois.fr\/chemin\/prisches\/telechargement-1\/\" data-orig-file=\"https:\/\/i0.wp.com\/patrimoine-avesnois.fr\/chemin\/wp-content\/uploads\/2019\/04\/t%C3%A9l%C3%A9chargement-1.jpg?fit=850%2C538&amp;ssl=1\" data-orig-size=\"850,538\" data-comments-opened=\"1\" data-image-meta=\"{&quot;aperture&quot;:&quot;0&quot;,&quot;credit&quot;:&quot;&quot;,&quot;camera&quot;:&quot;&quot;,&quot;caption&quot;:&quot;&quot;,&quot;created_timestamp&quot;:&quot;0&quot;,&quot;copyright&quot;:&quot;&quot;,&quot;focal_length&quot;:&quot;0&quot;,&quot;iso&quot;:&quot;0&quot;,&quot;shutter_speed&quot;:&quot;0&quot;,&quot;title&quot;:&quot;&quot;,&quot;orientation&quot;:&quot;1&quot;}\" data-image-title=\"t\u00e9l\u00e9chargement (1)\" data-image-description=\"\" data-image-caption=\"\" data-large-file=\"https:\/\/i0.wp.com\/patrimoine-avesnois.fr\/chemin\/wp-content\/uploads\/2019\/04\/t%C3%A9l%C3%A9chargement-1.jpg?fit=840%2C532&amp;ssl=1\" src=\"https:\/\/i0.wp.com\/patrimoine-avesnois.fr\/chemin\/wp-content\/uploads\/2019\/04\/t%C3%A9l%C3%A9chargement-1.jpg?resize=840%2C532\" alt=\"\" class=\"wp-image-2140\" srcset=\"https:\/\/i0.wp.com\/patrimoine-avesnois.fr\/chemin\/wp-content\/uploads\/2019\/04\/t%C3%A9l%C3%A9chargement-1.jpg?w=850&amp;ssl=1 850w, https:\/\/i0.wp.com\/patrimoine-avesnois.fr\/chemin\/wp-content\/uploads\/2019\/04\/t%C3%A9l%C3%A9chargement-1.jpg?resize=300%2C190&amp;ssl=1 300w, https:\/\/i0.wp.com\/patrimoine-avesnois.fr\/chemin\/wp-content\/uploads\/2019\/04\/t%C3%A9l%C3%A9chargement-1.jpg?resize=768%2C486&amp;ssl=1 768w\" sizes=\"auto, (max-width: 709px) 85vw, (max-width: 909px) 67vw, (max-width: 1362px) 62vw, 840px\" \/><\/figure>\n<\/div>\n\n<div class=\"wp-block-image is-resized\">\n<figure class=\"aligncenter\"><img data-recalc-dims=\"1\" loading=\"lazy\" decoding=\"async\" width=\"539\" height=\"850\" data-attachment-id=\"2138\" data-permalink=\"https:\/\/patrimoine-avesnois.fr\/chemin\/prisches\/image-437\/\" data-orig-file=\"https:\/\/i0.wp.com\/patrimoine-avesnois.fr\/chemin\/wp-content\/uploads\/2019\/04\/image-413.png?fit=539%2C850&amp;ssl=1\" data-orig-size=\"539,850\" data-comments-opened=\"1\" data-image-meta=\"{&quot;aperture&quot;:&quot;0&quot;,&quot;credit&quot;:&quot;&quot;,&quot;camera&quot;:&quot;&quot;,&quot;caption&quot;:&quot;&quot;,&quot;created_timestamp&quot;:&quot;0&quot;,&quot;copyright&quot;:&quot;&quot;,&quot;focal_length&quot;:&quot;0&quot;,&quot;iso&quot;:&quot;0&quot;,&quot;shutter_speed&quot;:&quot;0&quot;,&quot;title&quot;:&quot;&quot;,&quot;orientation&quot;:&quot;0&quot;}\" data-image-title=\"image\" data-image-description=\"\" data-image-caption=\"\" data-large-file=\"https:\/\/i0.wp.com\/patrimoine-avesnois.fr\/chemin\/wp-content\/uploads\/2019\/04\/image-413.png?fit=539%2C850&amp;ssl=1\" src=\"https:\/\/i0.wp.com\/patrimoine-avesnois.fr\/chemin\/wp-content\/uploads\/2019\/04\/image-413.png?resize=539%2C850\" alt=\"\" class=\"wp-image-2138\" srcset=\"https:\/\/i0.wp.com\/patrimoine-avesnois.fr\/chemin\/wp-content\/uploads\/2019\/04\/image-413.png?w=539&amp;ssl=1 539w, https:\/\/i0.wp.com\/patrimoine-avesnois.fr\/chemin\/wp-content\/uploads\/2019\/04\/image-413.png?resize=190%2C300&amp;ssl=1 190w\" sizes=\"auto, (max-width: 539px) 85vw, 539px\" \/><figcaption class=\"wp-element-caption\">Le Monument aux Morts de Prisches<\/figcaption><\/figure>\n<\/div>\n\n\n<p class=\"wp-block-paragraph\"><\/p>\n\n\n<div class=\"wp-block-image is-resized\">\n<figure class=\"aligncenter\"><img loading=\"lazy\" decoding=\"async\" width=\"1536\" height=\"2048\" data-attachment-id=\"2141\" data-permalink=\"https:\/\/patrimoine-avesnois.fr\/chemin\/prisches\/dscn5035\/\" data-orig-file=\"https:\/\/i0.wp.com\/patrimoine-avesnois.fr\/chemin\/wp-content\/uploads\/2019\/04\/DSCN5035.jpg?fit=1536%2C2048&amp;ssl=1\" data-orig-size=\"1536,2048\" data-comments-opened=\"1\" data-image-meta=\"{&quot;aperture&quot;:&quot;5.6&quot;,&quot;credit&quot;:&quot;&quot;,&quot;camera&quot;:&quot;E3200&quot;,&quot;caption&quot;:&quot;&quot;,&quot;created_timestamp&quot;:&quot;1378051640&quot;,&quot;copyright&quot;:&quot;&quot;,&quot;focal_length&quot;:&quot;5.8&quot;,&quot;iso&quot;:&quot;50&quot;,&quot;shutter_speed&quot;:&quot;0.0027382256297919&quot;,&quot;title&quot;:&quot;&quot;,&quot;orientation&quot;:&quot;1&quot;}\" data-image-title=\"DSCN5035\" data-image-description=\"\" data-image-caption=\"\" data-large-file=\"https:\/\/i0.wp.com\/patrimoine-avesnois.fr\/chemin\/wp-content\/uploads\/2019\/04\/DSCN5035.jpg?fit=768%2C1024&amp;ssl=1\" src=\"https:\/\/i0.wp.com\/patrimoine-avesnois.fr\/chemin\/wp-content\/uploads\/2019\/04\/DSCN5035.jpg?fit=768%2C1024\" alt=\"\" class=\"wp-image-2141\" srcset=\"https:\/\/i0.wp.com\/patrimoine-avesnois.fr\/chemin\/wp-content\/uploads\/2019\/04\/DSCN5035.jpg?w=1536&amp;ssl=1 1536w, https:\/\/i0.wp.com\/patrimoine-avesnois.fr\/chemin\/wp-content\/uploads\/2019\/04\/DSCN5035.jpg?resize=225%2C300&amp;ssl=1 225w, https:\/\/i0.wp.com\/patrimoine-avesnois.fr\/chemin\/wp-content\/uploads\/2019\/04\/DSCN5035.jpg?resize=768%2C1024&amp;ssl=1 768w, https:\/\/i0.wp.com\/patrimoine-avesnois.fr\/chemin\/wp-content\/uploads\/2019\/04\/DSCN5035.jpg?resize=1200%2C1600&amp;ssl=1 1200w\" sizes=\"auto, (max-width: 709px) 85vw, (max-width: 909px) 67vw, (max-width: 1362px) 62vw, 840px\" \/><\/figure>\n<\/div>\n\n\n<p class=\"wp-block-paragraph\"><\/p>\n\n\n\n<p class=\"wp-block-paragraph\"><strong>A la m\u00e9moire des poilus de Prisches morts pour la France.<\/strong>(Article&nbsp;r\u00e9dig\u00e9&nbsp;par&nbsp;mes&nbsp;soins&nbsp;en&nbsp;2014)<\/p>\n\n\n\n<p class=\"wp-block-paragraph\">Le monument aux morts de Prisches \u00e9rig\u00e9 en 1920 se trouve sur la place de l\u2019\u00c9glise.<\/p>\n\n\n\n<p class=\"wp-block-paragraph\">Il est au centre d\u2019un enclos ferm\u00e9 par un muret de brique surmont\u00e9 d\u2019une grille ouvrag\u00e9e.<\/p>\n\n\n\n<p class=\"wp-block-paragraph\">Sur une base moulur\u00e9e se dresse un ob\u00e9lisque de pierre bleue portant la statue d\u2019un poilu vigilant, le regard tourn\u00e9 vers la ligne bleue des Vosges.<\/p>\n\n\n\n<p class=\"wp-block-paragraph\">La face avant porte l\u2019inscription \u00ab&nbsp;Prisches et ses enfants morts pour la France&nbsp;\u00bb<\/p>\n\n\n\n<p class=\"wp-block-paragraph\">Elle est \u00e9galement orn\u00e9e d\u2019un troph\u00e9e form\u00e9 du drapeau, de la palme, de l\u2019\u00e9p\u00e9e et d\u2019une banderole o\u00f9 est inscrit \u00ab&nbsp;Vaincre ou Mourir&nbsp;\u00bb.<\/p>\n\n\n\n<p class=\"wp-block-paragraph\">La base porte une couronne murale et diverses plaques honorifiques et comm\u00e9moratives.<\/p>\n\n\n<div class=\"wp-block-image is-resized\">\n<figure class=\"aligncenter\"><img data-recalc-dims=\"1\" loading=\"lazy\" decoding=\"async\" width=\"840\" height=\"635\" data-attachment-id=\"2142\" data-permalink=\"https:\/\/patrimoine-avesnois.fr\/chemin\/prisches\/image-438\/\" data-orig-file=\"https:\/\/i0.wp.com\/patrimoine-avesnois.fr\/chemin\/wp-content\/uploads\/2019\/04\/image-414.png?fit=867%2C655&amp;ssl=1\" data-orig-size=\"867,655\" data-comments-opened=\"1\" data-image-meta=\"{&quot;aperture&quot;:&quot;0&quot;,&quot;credit&quot;:&quot;&quot;,&quot;camera&quot;:&quot;&quot;,&quot;caption&quot;:&quot;&quot;,&quot;created_timestamp&quot;:&quot;0&quot;,&quot;copyright&quot;:&quot;&quot;,&quot;focal_length&quot;:&quot;0&quot;,&quot;iso&quot;:&quot;0&quot;,&quot;shutter_speed&quot;:&quot;0&quot;,&quot;title&quot;:&quot;&quot;,&quot;orientation&quot;:&quot;0&quot;}\" data-image-title=\"image\" data-image-description=\"\" data-image-caption=\"\" data-large-file=\"https:\/\/i0.wp.com\/patrimoine-avesnois.fr\/chemin\/wp-content\/uploads\/2019\/04\/image-414.png?fit=840%2C635&amp;ssl=1\" src=\"https:\/\/i0.wp.com\/patrimoine-avesnois.fr\/chemin\/wp-content\/uploads\/2019\/04\/image-414.png?resize=840%2C635\" alt=\"\" class=\"wp-image-2142\" srcset=\"https:\/\/i0.wp.com\/patrimoine-avesnois.fr\/chemin\/wp-content\/uploads\/2019\/04\/image-414.png?w=867&amp;ssl=1 867w, https:\/\/i0.wp.com\/patrimoine-avesnois.fr\/chemin\/wp-content\/uploads\/2019\/04\/image-414.png?resize=300%2C227&amp;ssl=1 300w, https:\/\/i0.wp.com\/patrimoine-avesnois.fr\/chemin\/wp-content\/uploads\/2019\/04\/image-414.png?resize=768%2C580&amp;ssl=1 768w\" sizes=\"auto, (max-width: 709px) 85vw, (max-width: 909px) 67vw, (max-width: 1362px) 62vw, 840px\" \/><\/figure>\n<\/div>\n\n\n<p class=\"wp-block-paragraph\"><\/p>\n\n\n\n<p class=\"wp-block-paragraph\">Quarante combattants Prischois sont d\u00e9c\u00e9d\u00e9s durant cette premi\u00e8re Guerre Mondiale.<\/p>\n\n\n\n<p class=\"wp-block-paragraph\">Seize soldats ont perdu la vie entre Ao\u00fbt et D\u00e9cembre 1914.Quatorze sont morts durant toute l\u2019ann\u00e9e 1915. Quatre sont tomb\u00e9s entre Avril et Juillet 1916 .Deux ont p\u00e9ri en Avril et Ao\u00fbt 1917.Enfin entre Mai et Ao\u00fbt 1918 quatre ont \u00e9t\u00e9 victimes de cette Grande Guerre.<\/p>\n\n\n\n<p class=\"wp-block-paragraph\">Ils avaient entre 20 et 47 ans. L\u2019ain\u00e9 L\u00e9on GOUTTIERES a \u00e9t\u00e9 mobilis\u00e9 \u00e0 l\u2019\u00e2ge de 46 ans avec 3 enfants.<\/p>\n\n\n\n<p class=\"wp-block-paragraph\">Il y avait parmi eux 30 Soldats de 2 \u00e8me classe, 2 Brigadiers, 4 Caporaux, 1 Mar\u00e9chal des Logis, 1 Adjudant et 1 Lieutenant. 38 \u00e9taient des appel\u00e9s et 2 des engag\u00e9s militaires.<\/p>\n\n\n\n<p class=\"wp-block-paragraph\">30 appartenaient aux r\u00e9giments d\u2019infanterie&nbsp;: 1er RI (2)- .8<sup>\u00e8me<\/sup> RI (1)- 10<sup>\u00e8me<\/sup> RI (1)- 49 RI (1)-&nbsp; 64 RI (1)-&nbsp; 84 RI (6)-&nbsp; 87 RI (1)-&nbsp; 91 RI (1)-&nbsp; 94 RI (1)-&nbsp; 110 RI (1)-&nbsp;&nbsp; 147 RI (7) 151 RI (1)-&nbsp; 162 RI (1)- 168 RI (1)- 284 RI (1)-&nbsp; 306 RI (1)-&nbsp; 332 RI (1)-&nbsp; 401 RI (1).<\/p>\n\n\n\n<p class=\"wp-block-paragraph\">3 \u00e9taient affect\u00e9s aux r\u00e9giments d\u2019artillerie. (1<sup>er<\/sup>-5<sup>\u00e8me<\/sup> et 8 \u00e8me RA)<\/p>\n\n\n\n<p class=\"wp-block-paragraph\">4 faisaient partie des bataillons des chasseurs \u00e0 pied. (1 au 1<sup>er<\/sup> BCC- 2 au 9 \u00e8me BCC- 1 au 16 \u00e8me BCC)<\/p>\n\n\n\n<p class=\"wp-block-paragraph\">2 fr\u00e8res \u00e9taient des services auxiliaires (1<sup>er<\/sup> COA).&nbsp; <\/p>\n\n\n\n<p class=\"wp-block-paragraph\">1 seul \u00e9tait un engag\u00e9 volontaire au 5 \u00e8me bataillon des c<strong><em>hasseurs \u00e0 cheval.<\/em><\/strong><\/p>\n\n\n\n<p class=\"wp-block-paragraph\">En cette ann\u00e9e 2014 qui marque le d\u00e9but du cycle du centenaire de la Premi\u00e8re Guerre mondiale, comm\u00e9moration sans acteurs ni t\u00e9moins, nous nous devions de rendre hommage \u00e0 ces hommes qui&nbsp; ont sacrifi\u00e9 leur jeunesse, leur famille et leur vie pour servir la France.<\/p>\n\n\n\n<p class=\"wp-block-paragraph\">Puisse cet article pour les g\u00e9n\u00e9rations futures p\u00e9renniser la m\u00e9moire de ces poilus prischois d\u00e9vou\u00e9s \u00e0 leur patrie et qui ne faisaient que leur devoir. Ayons \u00e9galement en m\u00e9moire ceux qui ont combattu et qui sont revenus de cette effroyable trag\u00e9die plus ou moins bless\u00e9s physiquement mais tous marqu\u00e9s psychologiquement \u00e0 vie au point bien souvent de ne pas souhaiter retracer ces ann\u00e9es d\u2019horreur. <\/p>\n\n\n\n<p class=\"wp-block-paragraph\"><strong><em>Liste des soldats d\u00e9c\u00e9d\u00e9s entre Ao\u00fbt 1914 et Aout 1918&nbsp;:<\/em><\/strong><\/p>\n\n\n\n<p class=\"wp-block-paragraph\"><em>&nbsp;<a href=\"..\/BAUDOIRE%20Hippolyte\">BAUDOIRE<\/a>\n<\/em><em>Hippolyte&nbsp;&nbsp;&nbsp;&nbsp; &nbsp;&nbsp;<a href=\"..\/BERQUET%20Auguste\">BERQUET<\/a> &nbsp;Auguste&nbsp;&nbsp;&nbsp;&nbsp; <a href=\"..\/BOURGE%20Ostade\">BOURGE<\/a> Ostade&nbsp;&nbsp;&nbsp;&nbsp;&nbsp;&nbsp;&nbsp;&nbsp; &nbsp;&nbsp;<a href=\"..\/BURLET%20Georges\">BURLET<\/a> &nbsp;&nbsp;&nbsp;&nbsp;&nbsp;Georges<\/em><\/p>\n\n\n\n<p class=\"wp-block-paragraph\"><em>&nbsp;&nbsp; <a href=\"..\/CAMUT%20Aim\u00e9\">CAMUT<\/a> &nbsp;&nbsp;&nbsp;&nbsp;<\/em><em>Aim\u00e9&nbsp;&nbsp;&nbsp;&nbsp;&nbsp;&nbsp;&nbsp;&nbsp;&nbsp;&nbsp;&nbsp; &nbsp;&nbsp;<a href=\"..\/CAPON%20Abdon\">CAPON<\/a> &nbsp;&nbsp;&nbsp;&nbsp;&nbsp;Abdon&nbsp;&nbsp;&nbsp;&nbsp;&nbsp;&nbsp;&nbsp; <a href=\"..\/CAUDRON%20Edouard\">CAUDRON<\/a> Edouard&nbsp;&nbsp;&nbsp;&nbsp; &nbsp;<a href=\"..\/CLOEZ%20Georges\">CLOEZ<\/a> &nbsp;&nbsp;&nbsp;&nbsp;&nbsp;Georges<\/em><\/p>\n\n\n\n<p class=\"wp-block-paragraph\"><em>&nbsp; <a href=\"..\/CONNOIR%20Gaston\">CONNOIR<\/a> <\/em><em>Gaston&nbsp;&nbsp;&nbsp;&nbsp;&nbsp;&nbsp;&nbsp; &nbsp;&nbsp;<a href=\"..\/DESCAMPS%20Gaston\">DESCAMPS<\/a> Gaston&nbsp;&nbsp;&nbsp;&nbsp; &nbsp;<a href=\"..\/DUCARNE%20Virgile\">DUCARNE<\/a> Virgile&nbsp;&nbsp;&nbsp;&nbsp;&nbsp;&nbsp;&nbsp;&nbsp;&nbsp; <a href=\"..\/FACON%20L\u00e9on\">FACON<\/a>&nbsp;&nbsp;&nbsp;&nbsp;&nbsp;&nbsp; L\u00e9on<\/em><\/p>\n\n\n\n<p class=\"wp-block-paragraph\"><em>&nbsp; <a href=\"..\/GANTOIS%20Z\u00e9phir\">GANTOIS<\/a> &nbsp;<\/em><em>Z\u00e9phyr&nbsp;&nbsp;&nbsp;&nbsp;&nbsp;&nbsp;&nbsp;&nbsp; &nbsp;<a href=\"..\/GENTILINI%20Etienne\">GENTILINI<\/a>&nbsp;&nbsp;&nbsp;\nEtienne&nbsp;&nbsp;&nbsp;&nbsp; <a href=\"..\/GODFRIN%20Raymond\">GODFRIN<\/a> Raymond&nbsp;&nbsp;&nbsp;&nbsp; &nbsp;<a href=\"..\/GOFFART%20Alcide\">GOFFART<\/a>&nbsp;&nbsp; Alcide<\/em><\/p>\n\n\n\n<p class=\"wp-block-paragraph\"><em><a href=\"..\/GOUTTIERES%20L\u00e9on\">GOUTTIERES<\/a> <\/em><em>L\u00e9on&nbsp;&nbsp;&nbsp;&nbsp; &nbsp;&nbsp;&nbsp;&nbsp;<a href=\"..\/GRISOT%20Paul\">GRISOT<\/a>&nbsp;&nbsp; &nbsp;&nbsp;&nbsp;&nbsp;Paul&nbsp;&nbsp;&nbsp;&nbsp;&nbsp;&nbsp;&nbsp; &nbsp;&nbsp;<a href=\"..\/HARBONNIER%20Jules\">HARBONNIER<\/a> Jules&nbsp;&nbsp;&nbsp;&nbsp;&nbsp; <a href=\"..\/LANGRAND%20Xavier\">LANGRAND<\/a> Xavier<\/em><\/p>\n\n\n\n<p class=\"wp-block-paragraph\"><em>&nbsp;&nbsp; <a href=\"..\/LEBON%20Arthur\">LEBON<\/a>&nbsp;&nbsp;&nbsp; &nbsp;&nbsp;&nbsp;<\/em><em>Arthur&nbsp;&nbsp; &nbsp;&nbsp;&nbsp;&nbsp;&nbsp;&nbsp;&nbsp;&nbsp;<a href=\"..\/LEBON%20Albert\">LEBON<\/a>&nbsp; &nbsp;&nbsp;&nbsp;&nbsp;Albert&nbsp;&nbsp;&nbsp;&nbsp;&nbsp;&nbsp; &nbsp;&nbsp;<a href=\"..\/LEFEBVRE%20Emile\">LEFEVRE<\/a>&nbsp;&nbsp;&nbsp;&nbsp; Emile&nbsp;&nbsp;&nbsp;&nbsp;&nbsp;&nbsp;&nbsp;&nbsp; <a href=\"..\/LELEU%20Achille\">LELEU<\/a>&nbsp;&nbsp;&nbsp;&nbsp;&nbsp;&nbsp;&nbsp;&nbsp;\nAchille&nbsp;&nbsp;&nbsp; <\/em><\/p>\n\n\n\n<p class=\"wp-block-paragraph\"><em>&nbsp;&nbsp; LHOMME &nbsp;&nbsp;<\/em><em>Juste&nbsp;&nbsp;&nbsp;&nbsp;&nbsp; &nbsp;&nbsp;&nbsp;&nbsp;<a href=\"..\/MATHON%20Henri\">MATHON<\/a>&nbsp;&nbsp;&nbsp;&nbsp; Henri&nbsp;&nbsp;&nbsp;&nbsp;&nbsp; &nbsp;&nbsp;&nbsp;&nbsp;<a href=\"..\/MONVOISIN%20Andr\u00e9\">MONVOISIN<\/a>&nbsp;\nAndr\u00e9&nbsp;&nbsp;&nbsp;&nbsp;&nbsp; &nbsp;<a href=\"..\/MOREAU%20Arthur\">MOREAU<\/a> &nbsp;&nbsp;&nbsp;Arthur<\/em><\/p>\n\n\n\n<p class=\"wp-block-paragraph\"><em>&nbsp; <a href=\"..\/MOREAU%20Octave\">MOREAU<\/a>&nbsp;&nbsp; &nbsp;<\/em><em>Octave&nbsp;&nbsp; &nbsp;&nbsp;&nbsp;&nbsp;<a href=\"..\/PAUTRE%20Fernand\">PAUTRE<\/a>&nbsp;&nbsp;&nbsp;&nbsp;\nFernand&nbsp;&nbsp;&nbsp; &nbsp;&nbsp;<a href=\"..\/PELSET%20Jean%20Baptiste\">PELSET<\/a>&nbsp;\nJean Baptiste&nbsp; <a href=\"..\/PELSEZ%20Fernand\">PELSEZ<\/a>&nbsp;&nbsp;&nbsp;&nbsp;&nbsp; Fernand&nbsp; <\/em><\/p>\n\n\n\n<p class=\"wp-block-paragraph\"><em>&nbsp;PLINGUIER&nbsp;\n<\/em><em>Arthur&nbsp;&nbsp;&nbsp;&nbsp; &nbsp;&nbsp;&nbsp;<a href=\"..\/POREAU%20Flavianus\">POREAU<\/a>&nbsp;&nbsp; Flavianus&nbsp; &nbsp;&nbsp;&nbsp;<a href=\"..\/PREVOT%20Victor\">PREVOT<\/a>&nbsp; Victor&nbsp;&nbsp;&nbsp;&nbsp;&nbsp;&nbsp;&nbsp;&nbsp;&nbsp;&nbsp;&nbsp;&nbsp;&nbsp; <a href=\"..\/RINGUET%20Louis\">RINGUET<\/a>&nbsp;&nbsp;&nbsp; Louis<\/em><\/p>\n\n\n\n<p class=\"wp-block-paragraph\"><em><a href=\"..\/ROUSSEAU%20Gustave\">ROUSSEAU<\/a> Gustave&nbsp; &nbsp;&nbsp;&nbsp;&nbsp;<a href=\"..\/VENDOIS%20Marcel\">VENDOIS<\/a>&nbsp; Adolphe&nbsp;&nbsp; &nbsp;&nbsp;&nbsp;<a href=\"..\/VENDOIS%20Marcel\">VENDOIS<\/a>&nbsp; Marcel&nbsp;&nbsp;&nbsp;&nbsp;&nbsp;&nbsp;&nbsp;&nbsp;&nbsp; &nbsp;&nbsp;<a href=\"..\/WITTRANT%20Jules\">WITTRANT<\/a>&nbsp;&nbsp; Jules<\/em><\/p>\n\n\n\n<p class=\"has-text-align-center wp-block-paragraph\">***<\/p>\n\n\n<div class=\"wp-block-image is-resized\">\n<figure class=\"aligncenter\"><img loading=\"lazy\" decoding=\"async\" width=\"2048\" height=\"1536\" data-attachment-id=\"2145\" data-permalink=\"https:\/\/patrimoine-avesnois.fr\/chemin\/prisches\/image-439\/\" data-orig-file=\"https:\/\/i0.wp.com\/patrimoine-avesnois.fr\/chemin\/wp-content\/uploads\/2019\/04\/image-415.png?fit=2048%2C1536&amp;ssl=1\" data-orig-size=\"2048,1536\" data-comments-opened=\"1\" data-image-meta=\"{&quot;aperture&quot;:&quot;0&quot;,&quot;credit&quot;:&quot;&quot;,&quot;camera&quot;:&quot;&quot;,&quot;caption&quot;:&quot;&quot;,&quot;created_timestamp&quot;:&quot;0&quot;,&quot;copyright&quot;:&quot;&quot;,&quot;focal_length&quot;:&quot;0&quot;,&quot;iso&quot;:&quot;0&quot;,&quot;shutter_speed&quot;:&quot;0&quot;,&quot;title&quot;:&quot;&quot;,&quot;orientation&quot;:&quot;0&quot;}\" data-image-title=\"image\" data-image-description=\"\" data-image-caption=\"\" data-large-file=\"https:\/\/i0.wp.com\/patrimoine-avesnois.fr\/chemin\/wp-content\/uploads\/2019\/04\/image-415.png?fit=840%2C630&amp;ssl=1\" src=\"https:\/\/i0.wp.com\/patrimoine-avesnois.fr\/chemin\/wp-content\/uploads\/2019\/04\/image-415.png?fit=840%2C630\" alt=\"\" class=\"wp-image-2145\" srcset=\"https:\/\/i0.wp.com\/patrimoine-avesnois.fr\/chemin\/wp-content\/uploads\/2019\/04\/image-415.png?w=2048&amp;ssl=1 2048w, https:\/\/i0.wp.com\/patrimoine-avesnois.fr\/chemin\/wp-content\/uploads\/2019\/04\/image-415.png?resize=300%2C225&amp;ssl=1 300w, https:\/\/i0.wp.com\/patrimoine-avesnois.fr\/chemin\/wp-content\/uploads\/2019\/04\/image-415.png?resize=768%2C576&amp;ssl=1 768w, https:\/\/i0.wp.com\/patrimoine-avesnois.fr\/chemin\/wp-content\/uploads\/2019\/04\/image-415.png?resize=1024%2C768&amp;ssl=1 1024w, https:\/\/i0.wp.com\/patrimoine-avesnois.fr\/chemin\/wp-content\/uploads\/2019\/04\/image-415.png?resize=1200%2C900&amp;ssl=1 1200w, https:\/\/i0.wp.com\/patrimoine-avesnois.fr\/chemin\/wp-content\/uploads\/2019\/04\/image-415.png?w=1680 1680w\" sizes=\"auto, (max-width: 709px) 85vw, (max-width: 909px) 67vw, (max-width: 1362px) 62vw, 840px\" \/><\/figure>\n<\/div>\n\n\n<p class=\"wp-block-paragraph\"><\/p>\n\n\n<div class=\"wp-block-image is-resized\">\n<figure class=\"aligncenter\"><img loading=\"lazy\" decoding=\"async\" width=\"1536\" height=\"2048\" data-attachment-id=\"2146\" data-permalink=\"https:\/\/patrimoine-avesnois.fr\/chemin\/prisches\/image-440\/\" data-orig-file=\"https:\/\/i0.wp.com\/patrimoine-avesnois.fr\/chemin\/wp-content\/uploads\/2019\/04\/image-416.png?fit=1536%2C2048&amp;ssl=1\" data-orig-size=\"1536,2048\" data-comments-opened=\"1\" data-image-meta=\"{&quot;aperture&quot;:&quot;0&quot;,&quot;credit&quot;:&quot;&quot;,&quot;camera&quot;:&quot;&quot;,&quot;caption&quot;:&quot;&quot;,&quot;created_timestamp&quot;:&quot;0&quot;,&quot;copyright&quot;:&quot;&quot;,&quot;focal_length&quot;:&quot;0&quot;,&quot;iso&quot;:&quot;0&quot;,&quot;shutter_speed&quot;:&quot;0&quot;,&quot;title&quot;:&quot;&quot;,&quot;orientation&quot;:&quot;0&quot;}\" data-image-title=\"image\" data-image-description=\"\" data-image-caption=\"\" data-large-file=\"https:\/\/i0.wp.com\/patrimoine-avesnois.fr\/chemin\/wp-content\/uploads\/2019\/04\/image-416.png?fit=768%2C1024&amp;ssl=1\" src=\"https:\/\/i2.wp.com\/patrimoine-avesnois.fr\/chemin\/wp-content\/uploads\/2019\/04\/image-416.png?fit=768%2C1024\" alt=\"\" class=\"wp-image-2146\" srcset=\"https:\/\/i0.wp.com\/patrimoine-avesnois.fr\/chemin\/wp-content\/uploads\/2019\/04\/image-416.png?w=1536&amp;ssl=1 1536w, https:\/\/i0.wp.com\/patrimoine-avesnois.fr\/chemin\/wp-content\/uploads\/2019\/04\/image-416.png?resize=225%2C300&amp;ssl=1 225w, https:\/\/i0.wp.com\/patrimoine-avesnois.fr\/chemin\/wp-content\/uploads\/2019\/04\/image-416.png?resize=768%2C1024&amp;ssl=1 768w, https:\/\/i0.wp.com\/patrimoine-avesnois.fr\/chemin\/wp-content\/uploads\/2019\/04\/image-416.png?resize=1200%2C1600&amp;ssl=1 1200w\" sizes=\"auto, (max-width: 709px) 85vw, (max-width: 909px) 67vw, (max-width: 1362px) 62vw, 840px\" \/><\/figure>\n<\/div>\n\n\n<p class=\"wp-block-paragraph\"><\/p>\n\n\n\n<p class=\"wp-block-paragraph\">La commune de Prisches se caract\u00e9rise avec 5 calvaires sur son territoire, voire 6 avec celui du cimeti\u00e8re :<\/p>\n\n\n<div class=\"wp-block-image\">\n<figure class=\"aligncenter\"><img decoding=\"async\" data-attachment-id=\"576\" data-permalink=\"https:\/\/patrimoine-avesnois.fr\/chemin\/boussois\/image-57\/\" data-orig-file=\"https:\/\/i0.wp.com\/patrimoine-avesnois.fr\/chemin\/wp-content\/uploads\/2019\/04\/image-35.png?fit=1341%2C845&amp;ssl=1\" data-orig-size=\"1341,845\" data-comments-opened=\"1\" data-image-meta=\"{&quot;aperture&quot;:&quot;0&quot;,&quot;credit&quot;:&quot;&quot;,&quot;camera&quot;:&quot;&quot;,&quot;caption&quot;:&quot;&quot;,&quot;created_timestamp&quot;:&quot;0&quot;,&quot;copyright&quot;:&quot;&quot;,&quot;focal_length&quot;:&quot;0&quot;,&quot;iso&quot;:&quot;0&quot;,&quot;shutter_speed&quot;:&quot;0&quot;,&quot;title&quot;:&quot;&quot;,&quot;orientation&quot;:&quot;0&quot;}\" data-image-title=\"image\" data-image-description=\"\" data-image-caption=\"\" data-large-file=\"https:\/\/i0.wp.com\/patrimoine-avesnois.fr\/chemin\/wp-content\/uploads\/2019\/04\/image-35.png?fit=840%2C529&amp;ssl=1\" src=\"http:\/\/i0.wp.com\/www.calvaires-avesnois.fr\/wp-content\/uploads\/2016\/09\/Nouvelle-image-121.png?resize=407%2C492\" alt=\"Calvaire \u00e0 l\u2019arri\u00e8re de l\u2019\u00e9glise \u00e9rig\u00e9 probablement vers 1780\" class=\"wp-image-576\"\/><figcaption class=\"wp-element-caption\">Calvaire \u00e0 l\u2019arri\u00e8re de l\u2019\u00e9glise \u00e9rig\u00e9 probablement vers 1780 : le Christ est entour\u00e9 de la Vierge Marie et de Saint Jean l\u2019\u00c9vang\u00e9liste<\/figcaption><\/figure>\n<\/div>\n\n\n<p class=\"wp-block-paragraph\"><\/p>\n\n\n<div class=\"wp-block-image\">\n<figure class=\"aligncenter\"><img decoding=\"async\" src=\"http:\/\/i2.wp.com\/www.calvaires-avesnois.fr\/wp-content\/uploads\/2016\/09\/Nouvelle-image-1-69.png?resize=568%2C426\" alt=\"Calvaire de l\u2019\u00e9glise\" class=\"wp-image-834\"\/><figcaption class=\"wp-element-caption\">Calvaire de l\u2019\u00e9glise<\/figcaption><\/figure>\n<\/div>\n\n\n<p class=\"wp-block-paragraph\"><\/p>\n\n\n\n<p class=\"has-text-align-center wp-block-paragraph\"><strong>&amp;&amp;&amp;&amp;&amp;<\/strong><\/p>\n\n\n<div class=\"wp-block-image\">\n<figure class=\"aligncenter\"><img decoding=\"async\" data-attachment-id=\"578\" data-permalink=\"https:\/\/patrimoine-avesnois.fr\/chemin\/boussois\/image-59\/\" data-orig-file=\"https:\/\/i0.wp.com\/patrimoine-avesnois.fr\/chemin\/wp-content\/uploads\/2019\/04\/image-37.png?fit=881%2C661&amp;ssl=1\" data-orig-size=\"881,661\" data-comments-opened=\"1\" data-image-meta=\"{&quot;aperture&quot;:&quot;0&quot;,&quot;credit&quot;:&quot;&quot;,&quot;camera&quot;:&quot;&quot;,&quot;caption&quot;:&quot;&quot;,&quot;created_timestamp&quot;:&quot;0&quot;,&quot;copyright&quot;:&quot;&quot;,&quot;focal_length&quot;:&quot;0&quot;,&quot;iso&quot;:&quot;0&quot;,&quot;shutter_speed&quot;:&quot;0&quot;,&quot;title&quot;:&quot;&quot;,&quot;orientation&quot;:&quot;0&quot;}\" data-image-title=\"image\" data-image-description=\"\" data-image-caption=\"\" data-large-file=\"https:\/\/i0.wp.com\/patrimoine-avesnois.fr\/chemin\/wp-content\/uploads\/2019\/04\/image-37.png?fit=840%2C630&amp;ssl=1\" src=\"http:\/\/i0.wp.com\/www.calvaires-avesnois.fr\/wp-content\/uploads\/2016\/09\/Nouvelle-image-123.png?resize=370%2C492\" alt=\"Calvaire rue d\u2019Avesnes\" class=\"wp-image-578\"\/><figcaption class=\"wp-element-caption\">Calvaire rue d\u2019Avesnes<\/figcaption><\/figure>\n<\/div>\n\n\n<p class=\"wp-block-paragraph\">Il a \u00e9t\u00e9 \u00e9rig\u00e9 en 1907 par Lucius BLONDEAU<\/p>\n\n\n\n<p class=\"has-text-align-center wp-block-paragraph\"><strong>&amp;&amp;&amp;&amp;&amp;<\/strong><\/p>\n\n\n<div class=\"wp-block-image\">\n<figure class=\"aligncenter\"><img decoding=\"async\" data-attachment-id=\"579\" data-permalink=\"https:\/\/patrimoine-avesnois.fr\/chemin\/boussois\/image-60\/\" data-orig-file=\"https:\/\/i0.wp.com\/patrimoine-avesnois.fr\/chemin\/wp-content\/uploads\/2019\/04\/image-38.png?fit=1551%2C1031&amp;ssl=1\" data-orig-size=\"1551,1031\" data-comments-opened=\"1\" data-image-meta=\"{&quot;aperture&quot;:&quot;0&quot;,&quot;credit&quot;:&quot;&quot;,&quot;camera&quot;:&quot;&quot;,&quot;caption&quot;:&quot;&quot;,&quot;created_timestamp&quot;:&quot;0&quot;,&quot;copyright&quot;:&quot;&quot;,&quot;focal_length&quot;:&quot;0&quot;,&quot;iso&quot;:&quot;0&quot;,&quot;shutter_speed&quot;:&quot;0&quot;,&quot;title&quot;:&quot;&quot;,&quot;orientation&quot;:&quot;0&quot;}\" data-image-title=\"image\" data-image-description=\"\" data-image-caption=\"\" data-large-file=\"https:\/\/i0.wp.com\/patrimoine-avesnois.fr\/chemin\/wp-content\/uploads\/2019\/04\/image-38.png?fit=840%2C559&amp;ssl=1\" src=\"http:\/\/i1.wp.com\/www.calvaires-avesnois.fr\/wp-content\/uploads\/2016\/09\/Nouvelle-image-124.png?resize=370%2C492\" alt=\"Calvaire rejet du Bourdiau\/ rue d\u2019Avesnes\" class=\"wp-image-579\"\/><figcaption class=\"wp-element-caption\">Calvaire rejet du Bourdiau\/ rue d\u2019Avesnes<\/figcaption><\/figure>\n<\/div>\n\n\n<p class=\"wp-block-paragraph\">Le cadastre en 1883&nbsp; section B n\u00b0 468 r\u00e9v\u00e8le qu\u2019il appartenait \u00e0 la veuve BERLAIMONT B\u00e9noni.<\/p>\n\n\n\n<p class=\"wp-block-paragraph\">BERLEMONT B\u00e9noni n\u00e9 en 1810 \u00e0 Grand Fayt, cultivateur fils de + Charles (+ en 1834) et de Marie Marguerite MARMIGNON mari\u00e9 le 09\/04\/1834 Prisches \u00e0 Benoite Ism\u00e9rie LENCLUD, cultivatrice \u00e0 Prisches fille de + Joseph (+ en 1825) et de Marie Benoite WAROQUET &nbsp; &nbsp; &nbsp; &nbsp; &nbsp; &nbsp; &nbsp; &nbsp; &nbsp; &nbsp; &nbsp; &nbsp; &nbsp; &nbsp; &nbsp; &nbsp; &nbsp; &nbsp; &nbsp; &nbsp; &nbsp; &nbsp; &nbsp; &nbsp; &nbsp; &nbsp; 1&nbsp;fille Exav\u00e9rine&nbsp; n\u00e9e le 14\/05\/1838 + 04\/01\/1873 mari\u00e9e en 1853 \u00e0 BLONDEAU Pierre.<\/p>\n\n\n\n<p class=\"wp-block-paragraph\">BERLEMONT B\u00e9noni est d\u00e9c\u00e9d\u00e9e le 31\/05\/1881 rue de Cartignies.&nbsp;Benoite LENCLUD est d\u00e9c\u00e9d\u00e9e le 21\/02\/1894 rue des Eaux chez son petit fils Lucius BLONDEAU.<\/p>\n\n\n<div class=\"wp-block-image\">\n<figure class=\"aligncenter\"><img decoding=\"async\" data-attachment-id=\"995\" data-permalink=\"https:\/\/patrimoine-avesnois.fr\/chemin\/eclaibes\/image-198\/\" data-orig-file=\"https:\/\/i0.wp.com\/patrimoine-avesnois.fr\/chemin\/wp-content\/uploads\/2019\/04\/image-176.png?fit=448%2C698&amp;ssl=1\" data-orig-size=\"448,698\" data-comments-opened=\"1\" data-image-meta=\"{&quot;aperture&quot;:&quot;0&quot;,&quot;credit&quot;:&quot;&quot;,&quot;camera&quot;:&quot;&quot;,&quot;caption&quot;:&quot;&quot;,&quot;created_timestamp&quot;:&quot;0&quot;,&quot;copyright&quot;:&quot;&quot;,&quot;focal_length&quot;:&quot;0&quot;,&quot;iso&quot;:&quot;0&quot;,&quot;shutter_speed&quot;:&quot;0&quot;,&quot;title&quot;:&quot;&quot;,&quot;orientation&quot;:&quot;0&quot;}\" data-image-title=\"image\" data-image-description=\"\" data-image-caption=\"\" data-large-file=\"https:\/\/i0.wp.com\/patrimoine-avesnois.fr\/chemin\/wp-content\/uploads\/2019\/04\/image-176.png?fit=448%2C698&amp;ssl=1\" src=\"http:\/\/i2.wp.com\/www.calvaires-avesnois.fr\/wp-content\/uploads\/2016\/09\/IMG_6032-Copie.jpg?resize=518%2C550\" alt=\"\" class=\"wp-image-995\"\/><\/figure>\n<\/div>\n\n\n<p class=\"wp-block-paragraph\"><\/p>\n\n\n\n<p class=\"wp-block-paragraph\">Merci \u00e0 Michel Cail pour la mise \u00e0 disposition du journal \u00ab&nbsp;Les Echos&nbsp;\u00bb d\u2019Octobre 2016<\/p>\n\n\n\n<p class=\"has-text-align-center wp-block-paragraph\"><strong>&amp;&amp;&amp;&amp;&amp;<\/strong><\/p>\n\n\n<div class=\"wp-block-image\">\n<figure class=\"aligncenter\"><img decoding=\"async\" src=\"http:\/\/i1.wp.com\/www.calvaires-avesnois.fr\/wp-content\/uploads\/2016\/09\/Nouvelle-image-125.png?resize=419%2C492\" alt=\"Calvaire lieu dit La Biette\" class=\"wp-image-580\"\/><figcaption class=\"wp-element-caption\">Calvaire lieu dit La Biette<\/figcaption><\/figure>\n<\/div>\n\n\n<p class=\"has-text-align-center wp-block-paragraph\"><strong>&amp;&amp;&amp;&amp;&amp;<\/strong><\/p>\n\n\n<div class=\"wp-block-image is-resized\">\n<figure class=\"aligncenter\"><img decoding=\"async\" src=\"http:\/\/i1.wp.com\/www.calvaires-avesnois.fr\/wp-content\/uploads\/2016\/09\/Capturer-9.jpg?resize=709%2C516\" alt=\"\"\/><\/figure>\n<\/div>\n\n\n<p class=\"wp-block-paragraph\"><\/p>\n\n\n\n<p class=\"wp-block-paragraph\">Initialement c\u2019\u00e9tait un calvaire qui en 1885 est appel\u00e9e par sa d\u00e9tentrice l\u2019\u00c9glise de Prisches chapelle eu \u00e9gard probablement \u00e0 sa transformation. Il a cependant gard\u00e9 son nom de calvaire aupr\u00e8s des Prischois et le lieu dit s\u2019appelle d\u2019ailleurs \u00ab&nbsp;le calvaire Cochet&nbsp;\u00bb. On peut penser qu\u2019il a \u00e9t\u00e9 \u00e9rig\u00e9 initialement sous forme de calvaire au milieu du XVII \u00e8 si\u00e8cle par la famille COCHET Nicolas. Ce dernier, bourgeois de Prisches, \u00e9tait mari\u00e9 \u00e0 Elisabeth FLAMENT. Il d\u00e9c\u00e9da en 1764 ne laissant qu\u2019un fils qu\u2019il n\u2019a pas voulu reconna\u00eetre Louis. Celui-ci mourut&nbsp; c\u00e9libataire en 1794.<\/p>\n\n\n<div class=\"wp-block-image\">\n<figure class=\"aligncenter\"><img decoding=\"async\" src=\"http:\/\/i0.wp.com\/www.calvaires-avesnois.fr\/wp-content\/uploads\/2016\/09\/IMG_6030.jpg?resize=600%2C550\" alt=\"\"\/><\/figure>\n<\/div>\n\n\n<p class=\"wp-block-paragraph\"><\/p>\n\n\n\n<p class=\"wp-block-paragraph\">Extrait du journal \u00ab&nbsp;Les Echos&nbsp;\u00bb d\u2019Octobre 2016<\/p>\n\n\n<div class=\"wp-block-image is-resized\">\n<figure class=\"aligncenter\"><img loading=\"lazy\" decoding=\"async\" width=\"1536\" height=\"2048\" data-attachment-id=\"2174\" data-permalink=\"https:\/\/patrimoine-avesnois.fr\/chemin\/prisches\/dscn9603\/\" data-orig-file=\"https:\/\/i0.wp.com\/patrimoine-avesnois.fr\/chemin\/wp-content\/uploads\/2019\/04\/DSCN9603.jpg?fit=1536%2C2048&amp;ssl=1\" data-orig-size=\"1536,2048\" data-comments-opened=\"1\" data-image-meta=\"{&quot;aperture&quot;:&quot;5.6&quot;,&quot;credit&quot;:&quot;&quot;,&quot;camera&quot;:&quot;E3200&quot;,&quot;caption&quot;:&quot;&quot;,&quot;created_timestamp&quot;:&quot;1380543558&quot;,&quot;copyright&quot;:&quot;&quot;,&quot;focal_length&quot;:&quot;5.8&quot;,&quot;iso&quot;:&quot;50&quot;,&quot;shutter_speed&quot;:&quot;0.0038654812524159&quot;,&quot;title&quot;:&quot;&quot;,&quot;orientation&quot;:&quot;1&quot;}\" data-image-title=\"DSCN9603\" data-image-description=\"\" data-image-caption=\"\" data-large-file=\"https:\/\/i0.wp.com\/patrimoine-avesnois.fr\/chemin\/wp-content\/uploads\/2019\/04\/DSCN9603.jpg?fit=768%2C1024&amp;ssl=1\" src=\"https:\/\/i1.wp.com\/patrimoine-avesnois.fr\/chemin\/wp-content\/uploads\/2019\/04\/DSCN9603.jpg?fit=768%2C1024\" alt=\"\" class=\"wp-image-2174\" srcset=\"https:\/\/i0.wp.com\/patrimoine-avesnois.fr\/chemin\/wp-content\/uploads\/2019\/04\/DSCN9603.jpg?w=1536&amp;ssl=1 1536w, https:\/\/i0.wp.com\/patrimoine-avesnois.fr\/chemin\/wp-content\/uploads\/2019\/04\/DSCN9603.jpg?resize=225%2C300&amp;ssl=1 225w, https:\/\/i0.wp.com\/patrimoine-avesnois.fr\/chemin\/wp-content\/uploads\/2019\/04\/DSCN9603.jpg?resize=768%2C1024&amp;ssl=1 768w, https:\/\/i0.wp.com\/patrimoine-avesnois.fr\/chemin\/wp-content\/uploads\/2019\/04\/DSCN9603.jpg?resize=1200%2C1600&amp;ssl=1 1200w\" sizes=\"auto, (max-width: 709px) 85vw, (max-width: 909px) 67vw, (max-width: 1362px) 62vw, 840px\" \/><figcaption class=\"wp-element-caption\">Calvaire au cimeti\u00e8re<\/figcaption><\/figure>\n<\/div>\n\n\n<p class=\"wp-block-paragraph\"><\/p>\n\n\n<div class=\"wp-block-image is-resized\">\n<figure class=\"aligncenter\"><img loading=\"lazy\" decoding=\"async\" width=\"2048\" height=\"1536\" data-attachment-id=\"2175\" data-permalink=\"https:\/\/patrimoine-avesnois.fr\/chemin\/prisches\/image-449\/\" data-orig-file=\"https:\/\/i0.wp.com\/patrimoine-avesnois.fr\/chemin\/wp-content\/uploads\/2019\/04\/image-425.png?fit=2048%2C1536&amp;ssl=1\" data-orig-size=\"2048,1536\" data-comments-opened=\"1\" data-image-meta=\"{&quot;aperture&quot;:&quot;0&quot;,&quot;credit&quot;:&quot;&quot;,&quot;camera&quot;:&quot;&quot;,&quot;caption&quot;:&quot;&quot;,&quot;created_timestamp&quot;:&quot;0&quot;,&quot;copyright&quot;:&quot;&quot;,&quot;focal_length&quot;:&quot;0&quot;,&quot;iso&quot;:&quot;0&quot;,&quot;shutter_speed&quot;:&quot;0&quot;,&quot;title&quot;:&quot;&quot;,&quot;orientation&quot;:&quot;0&quot;}\" data-image-title=\"image\" data-image-description=\"\" data-image-caption=\"\" data-large-file=\"https:\/\/i0.wp.com\/patrimoine-avesnois.fr\/chemin\/wp-content\/uploads\/2019\/04\/image-425.png?fit=840%2C630&amp;ssl=1\" src=\"https:\/\/i2.wp.com\/patrimoine-avesnois.fr\/chemin\/wp-content\/uploads\/2019\/04\/image-425.png?fit=840%2C630\" alt=\"\" class=\"wp-image-2175\" srcset=\"https:\/\/i0.wp.com\/patrimoine-avesnois.fr\/chemin\/wp-content\/uploads\/2019\/04\/image-425.png?w=2048&amp;ssl=1 2048w, https:\/\/i0.wp.com\/patrimoine-avesnois.fr\/chemin\/wp-content\/uploads\/2019\/04\/image-425.png?resize=300%2C225&amp;ssl=1 300w, https:\/\/i0.wp.com\/patrimoine-avesnois.fr\/chemin\/wp-content\/uploads\/2019\/04\/image-425.png?resize=768%2C576&amp;ssl=1 768w, https:\/\/i0.wp.com\/patrimoine-avesnois.fr\/chemin\/wp-content\/uploads\/2019\/04\/image-425.png?resize=1024%2C768&amp;ssl=1 1024w, https:\/\/i0.wp.com\/patrimoine-avesnois.fr\/chemin\/wp-content\/uploads\/2019\/04\/image-425.png?resize=1200%2C900&amp;ssl=1 1200w, https:\/\/i0.wp.com\/patrimoine-avesnois.fr\/chemin\/wp-content\/uploads\/2019\/04\/image-425.png?w=1680 1680w\" sizes=\"auto, (max-width: 709px) 85vw, (max-width: 909px) 67vw, (max-width: 1362px) 62vw, 840px\" \/><figcaption class=\"wp-element-caption\">Le cimeti\u00e8re de Prisches, rue des Eaux.<\/figcaption><\/figure>\n<\/div>\n\n\n<p class=\"wp-block-paragraph\"><\/p>\n\n\n<div class=\"wp-block-image is-resized\">\n<figure class=\"aligncenter\"><img data-recalc-dims=\"1\" height=\"596\" width=\"840\" decoding=\"async\" src=\"https:\/\/i0.wp.com\/oratoiresetchapelles-avesnois.fr\/wp-content\/uploads\/2016\/12\/Capturer-Copie-7-1024x726.jpg?resize=840%2C596\" alt=\"Capturer - Copie\"\/><figcaption class=\"wp-element-caption\">22 oratoires et 4 chapelles : admirez les sur <a href=\"http:\/\/oratoiresetchapelles-avesnois.fr\/prisches\/\" target=\"_blank\" rel=\"noreferrer noopener\" aria-label=\"mon site  (opens in a new tab)\">mon site <\/a><\/figcaption><\/figure>\n<\/div>\n\n\n<p class=\"wp-block-paragraph\"><\/p>\n\n\n\n<p class=\"wp-block-paragraph\">Un moulin \u00e0 eau \u00e9tait situ\u00e9 dans la commune au lieu dit \u00ab&nbsp;le Rejet du Moulin&nbsp;\u00bb, le long de la route menant \u00e0 La Groise.<\/p>\n\n\n<div class=\"wp-block-image is-resized\">\n<figure class=\"aligncenter\"><img data-recalc-dims=\"1\" decoding=\"async\" src=\"https:\/\/i0.wp.com\/www.moulins-avesnois.fr\/wp-content\/uploads\/2017\/11\/Prisches.jpg?w=840\" alt=\"\"\/><figcaption class=\"wp-element-caption\">Le moulin, rue du Moulin.<\/figcaption><\/figure>\n<\/div>\n\n\n<p class=\"wp-block-paragraph\"><\/p>\n\n\n\n<p class=\"wp-block-paragraph\">Si vous souhaitez connaitre la chronologie de ce moulin appel\u00e9 moulin Bourge, vous pouvez la retrouver sur mon site <a href=\"http:\/\/www.moulins-avesnois.fr\/la-rivierette-et-ses-moulins\/\" target=\"_blank\" rel=\"noreferrer noopener\" aria-label=\" moulins en avesnois au fil de l'eau (opens in a new tab)\"> moulins en avesnois au fil de l&rsquo;eau<\/a><\/p>\n\n\n<div class=\"wp-block-image is-resized\">\n<figure class=\"aligncenter\"><img data-recalc-dims=\"1\" decoding=\"async\" src=\"https:\/\/i0.wp.com\/www.moulins-avesnois.fr\/wp-content\/uploads\/2017\/11\/Prisches-1.jpg?w=840\" alt=\"\"\/><figcaption class=\"wp-element-caption\">le moulin devenu habitation<\/figcaption><\/figure>\n<\/div>\n\n\n<p class=\"wp-block-paragraph\"><\/p>\n\n\n\n<p class=\"wp-block-paragraph\">2 laiteries ont exist\u00e9 \u00e0 Prisches :l&rsquo;une rue du Favril, l&rsquo;autre \u00e0 Errouart<\/p>\n\n\n<div class=\"wp-block-image is-resized\">\n<figure class=\"aligncenter\"><img loading=\"lazy\" decoding=\"async\" width=\"1606\" height=\"1038\" data-attachment-id=\"2149\" data-permalink=\"https:\/\/patrimoine-avesnois.fr\/chemin\/prisches\/022_001\/\" data-orig-file=\"https:\/\/i0.wp.com\/patrimoine-avesnois.fr\/chemin\/wp-content\/uploads\/2019\/04\/022_001.jpg?fit=1606%2C1038&amp;ssl=1\" data-orig-size=\"1606,1038\" data-comments-opened=\"1\" data-image-meta=\"{&quot;aperture&quot;:&quot;0&quot;,&quot;credit&quot;:&quot;&quot;,&quot;camera&quot;:&quot;&quot;,&quot;caption&quot;:&quot;&quot;,&quot;created_timestamp&quot;:&quot;1556210846&quot;,&quot;copyright&quot;:&quot;&quot;,&quot;focal_length&quot;:&quot;0&quot;,&quot;iso&quot;:&quot;0&quot;,&quot;shutter_speed&quot;:&quot;0&quot;,&quot;title&quot;:&quot;&quot;,&quot;orientation&quot;:&quot;0&quot;}\" data-image-title=\"022_001\" data-image-description=\"\" data-image-caption=\"\" data-large-file=\"https:\/\/i0.wp.com\/patrimoine-avesnois.fr\/chemin\/wp-content\/uploads\/2019\/04\/022_001.jpg?fit=840%2C543&amp;ssl=1\" src=\"https:\/\/i1.wp.com\/patrimoine-avesnois.fr\/chemin\/wp-content\/uploads\/2019\/04\/022_001.jpg?fit=840%2C543\" alt=\"\" class=\"wp-image-2149\" srcset=\"https:\/\/i0.wp.com\/patrimoine-avesnois.fr\/chemin\/wp-content\/uploads\/2019\/04\/022_001.jpg?w=1606&amp;ssl=1 1606w, https:\/\/i0.wp.com\/patrimoine-avesnois.fr\/chemin\/wp-content\/uploads\/2019\/04\/022_001.jpg?resize=300%2C194&amp;ssl=1 300w, https:\/\/i0.wp.com\/patrimoine-avesnois.fr\/chemin\/wp-content\/uploads\/2019\/04\/022_001.jpg?resize=768%2C496&amp;ssl=1 768w, https:\/\/i0.wp.com\/patrimoine-avesnois.fr\/chemin\/wp-content\/uploads\/2019\/04\/022_001.jpg?resize=1024%2C662&amp;ssl=1 1024w, https:\/\/i0.wp.com\/patrimoine-avesnois.fr\/chemin\/wp-content\/uploads\/2019\/04\/022_001.jpg?resize=1200%2C776&amp;ssl=1 1200w\" sizes=\"auto, (max-width: 709px) 85vw, (max-width: 909px) 67vw, (max-width: 1362px) 62vw, 840px\" \/><figcaption class=\"wp-element-caption\">Laiterie rue du Favril dite laiterie centre \u00ab\u00a0la Concorde\u00a0\u00bb<\/figcaption><\/figure>\n<\/div>\n\n\n<p class=\"wp-block-paragraph\"><\/p>\n\n\n<div class=\"wp-block-image is-resized\">\n<figure class=\"aligncenter\"><img data-recalc-dims=\"1\" loading=\"lazy\" decoding=\"async\" width=\"840\" height=\"223\" data-attachment-id=\"2150\" data-permalink=\"https:\/\/patrimoine-avesnois.fr\/chemin\/prisches\/image-441\/\" data-orig-file=\"https:\/\/i0.wp.com\/patrimoine-avesnois.fr\/chemin\/wp-content\/uploads\/2019\/04\/image-417.png?fit=876%2C233&amp;ssl=1\" data-orig-size=\"876,233\" data-comments-opened=\"1\" data-image-meta=\"{&quot;aperture&quot;:&quot;0&quot;,&quot;credit&quot;:&quot;&quot;,&quot;camera&quot;:&quot;&quot;,&quot;caption&quot;:&quot;&quot;,&quot;created_timestamp&quot;:&quot;0&quot;,&quot;copyright&quot;:&quot;&quot;,&quot;focal_length&quot;:&quot;0&quot;,&quot;iso&quot;:&quot;0&quot;,&quot;shutter_speed&quot;:&quot;0&quot;,&quot;title&quot;:&quot;&quot;,&quot;orientation&quot;:&quot;0&quot;}\" data-image-title=\"image\" data-image-description=\"\" data-image-caption=\"\" data-large-file=\"https:\/\/i0.wp.com\/patrimoine-avesnois.fr\/chemin\/wp-content\/uploads\/2019\/04\/image-417.png?fit=840%2C223&amp;ssl=1\" src=\"https:\/\/i0.wp.com\/patrimoine-avesnois.fr\/chemin\/wp-content\/uploads\/2019\/04\/image-417.png?resize=840%2C223\" alt=\"\" class=\"wp-image-2150\" srcset=\"https:\/\/i0.wp.com\/patrimoine-avesnois.fr\/chemin\/wp-content\/uploads\/2019\/04\/image-417.png?w=876&amp;ssl=1 876w, https:\/\/i0.wp.com\/patrimoine-avesnois.fr\/chemin\/wp-content\/uploads\/2019\/04\/image-417.png?resize=300%2C80&amp;ssl=1 300w, https:\/\/i0.wp.com\/patrimoine-avesnois.fr\/chemin\/wp-content\/uploads\/2019\/04\/image-417.png?resize=768%2C204&amp;ssl=1 768w\" sizes=\"auto, (max-width: 709px) 85vw, (max-width: 909px) 67vw, (max-width: 1362px) 62vw, 840px\" \/><figcaption class=\"wp-element-caption\">Recensement en 1906<\/figcaption><\/figure>\n<\/div>\n\n<div class=\"wp-block-image is-resized\">\n<figure class=\"aligncenter\"><img data-recalc-dims=\"1\" loading=\"lazy\" decoding=\"async\" width=\"840\" height=\"536\" data-attachment-id=\"2151\" data-permalink=\"https:\/\/patrimoine-avesnois.fr\/chemin\/prisches\/image-442\/\" data-orig-file=\"https:\/\/i0.wp.com\/patrimoine-avesnois.fr\/chemin\/wp-content\/uploads\/2019\/04\/image-418.png?fit=864%2C551&amp;ssl=1\" data-orig-size=\"864,551\" data-comments-opened=\"1\" data-image-meta=\"{&quot;aperture&quot;:&quot;0&quot;,&quot;credit&quot;:&quot;&quot;,&quot;camera&quot;:&quot;&quot;,&quot;caption&quot;:&quot;&quot;,&quot;created_timestamp&quot;:&quot;0&quot;,&quot;copyright&quot;:&quot;&quot;,&quot;focal_length&quot;:&quot;0&quot;,&quot;iso&quot;:&quot;0&quot;,&quot;shutter_speed&quot;:&quot;0&quot;,&quot;title&quot;:&quot;&quot;,&quot;orientation&quot;:&quot;0&quot;}\" data-image-title=\"image\" data-image-description=\"\" data-image-caption=\"\" data-large-file=\"https:\/\/i0.wp.com\/patrimoine-avesnois.fr\/chemin\/wp-content\/uploads\/2019\/04\/image-418.png?fit=840%2C536&amp;ssl=1\" src=\"https:\/\/i0.wp.com\/patrimoine-avesnois.fr\/chemin\/wp-content\/uploads\/2019\/04\/image-418.png?resize=840%2C536\" alt=\"\" class=\"wp-image-2151\" srcset=\"https:\/\/i0.wp.com\/patrimoine-avesnois.fr\/chemin\/wp-content\/uploads\/2019\/04\/image-418.png?w=864&amp;ssl=1 864w, https:\/\/i0.wp.com\/patrimoine-avesnois.fr\/chemin\/wp-content\/uploads\/2019\/04\/image-418.png?resize=300%2C191&amp;ssl=1 300w, https:\/\/i0.wp.com\/patrimoine-avesnois.fr\/chemin\/wp-content\/uploads\/2019\/04\/image-418.png?resize=768%2C490&amp;ssl=1 768w\" sizes=\"auto, (max-width: 709px) 85vw, (max-width: 909px) 67vw, (max-width: 1362px) 62vw, 840px\" \/><figcaption class=\"wp-element-caption\"> ADN 35 P  1113<\/figcaption><\/figure>\n<\/div>\n\n\n<p class=\"has-text-align-center wp-block-paragraph\">***<\/p>\n\n\n<div class=\"wp-block-image is-resized\">\n<figure class=\"aligncenter\"><img loading=\"lazy\" decoding=\"async\" width=\"4032\" height=\"3024\" data-attachment-id=\"2157\" data-permalink=\"https:\/\/patrimoine-avesnois.fr\/chemin\/prisches\/img_4082\/\" data-orig-file=\"https:\/\/i0.wp.com\/patrimoine-avesnois.fr\/chemin\/wp-content\/uploads\/2019\/04\/IMG_4082.jpg?fit=4032%2C3024&amp;ssl=1\" data-orig-size=\"4032,3024\" data-comments-opened=\"1\" data-image-meta=\"{&quot;aperture&quot;:&quot;2.2&quot;,&quot;credit&quot;:&quot;&quot;,&quot;camera&quot;:&quot;iPhone SE&quot;,&quot;caption&quot;:&quot;&quot;,&quot;created_timestamp&quot;:&quot;1530632621&quot;,&quot;copyright&quot;:&quot;&quot;,&quot;focal_length&quot;:&quot;4.15&quot;,&quot;iso&quot;:&quot;25&quot;,&quot;shutter_speed&quot;:&quot;0.0010526315789474&quot;,&quot;title&quot;:&quot;&quot;,&quot;orientation&quot;:&quot;0&quot;}\" data-image-title=\"IMG_4082\" data-image-description=\"\" data-image-caption=\"\" data-large-file=\"https:\/\/i0.wp.com\/patrimoine-avesnois.fr\/chemin\/wp-content\/uploads\/2019\/04\/IMG_4082.jpg?fit=840%2C630&amp;ssl=1\" src=\"https:\/\/i1.wp.com\/patrimoine-avesnois.fr\/chemin\/wp-content\/uploads\/2019\/04\/IMG_4082.jpg?fit=840%2C630\" alt=\"\" class=\"wp-image-2157\" srcset=\"https:\/\/i0.wp.com\/patrimoine-avesnois.fr\/chemin\/wp-content\/uploads\/2019\/04\/IMG_4082.jpg?w=4032&amp;ssl=1 4032w, https:\/\/i0.wp.com\/patrimoine-avesnois.fr\/chemin\/wp-content\/uploads\/2019\/04\/IMG_4082.jpg?resize=300%2C225&amp;ssl=1 300w, https:\/\/i0.wp.com\/patrimoine-avesnois.fr\/chemin\/wp-content\/uploads\/2019\/04\/IMG_4082.jpg?resize=768%2C576&amp;ssl=1 768w, https:\/\/i0.wp.com\/patrimoine-avesnois.fr\/chemin\/wp-content\/uploads\/2019\/04\/IMG_4082.jpg?resize=1024%2C768&amp;ssl=1 1024w, https:\/\/i0.wp.com\/patrimoine-avesnois.fr\/chemin\/wp-content\/uploads\/2019\/04\/IMG_4082.jpg?resize=1200%2C900&amp;ssl=1 1200w, https:\/\/i0.wp.com\/patrimoine-avesnois.fr\/chemin\/wp-content\/uploads\/2019\/04\/IMG_4082.jpg?w=1680 1680w, https:\/\/i0.wp.com\/patrimoine-avesnois.fr\/chemin\/wp-content\/uploads\/2019\/04\/IMG_4082.jpg?w=2520 2520w\" sizes=\"auto, (max-width: 709px) 85vw, (max-width: 909px) 67vw, (max-width: 1362px) 62vw, 840px\" \/><figcaption class=\"wp-element-caption\">L&rsquo;ancienne laiterie se situe apr\u00e8s la voiture<\/figcaption><\/figure>\n<\/div>\n\n\n<p class=\"wp-block-paragraph\"><\/p>\n\n\n<div class=\"wp-block-image is-resized\">\n<figure class=\"aligncenter\"><img loading=\"lazy\" decoding=\"async\" width=\"4032\" height=\"3024\" data-attachment-id=\"2158\" data-permalink=\"https:\/\/patrimoine-avesnois.fr\/chemin\/prisches\/img_4083\/\" data-orig-file=\"https:\/\/i0.wp.com\/patrimoine-avesnois.fr\/chemin\/wp-content\/uploads\/2019\/04\/IMG_4083.jpg?fit=4032%2C3024&amp;ssl=1\" data-orig-size=\"4032,3024\" data-comments-opened=\"1\" data-image-meta=\"{&quot;aperture&quot;:&quot;2.2&quot;,&quot;credit&quot;:&quot;&quot;,&quot;camera&quot;:&quot;iPhone SE&quot;,&quot;caption&quot;:&quot;&quot;,&quot;created_timestamp&quot;:&quot;1530632643&quot;,&quot;copyright&quot;:&quot;&quot;,&quot;focal_length&quot;:&quot;4.15&quot;,&quot;iso&quot;:&quot;25&quot;,&quot;shutter_speed&quot;:&quot;0.0013661202185792&quot;,&quot;title&quot;:&quot;&quot;,&quot;orientation&quot;:&quot;0&quot;}\" data-image-title=\"IMG_4083\" data-image-description=\"\" data-image-caption=\"\" data-large-file=\"https:\/\/i0.wp.com\/patrimoine-avesnois.fr\/chemin\/wp-content\/uploads\/2019\/04\/IMG_4083.jpg?fit=840%2C630&amp;ssl=1\" src=\"https:\/\/i0.wp.com\/patrimoine-avesnois.fr\/chemin\/wp-content\/uploads\/2019\/04\/IMG_4083.jpg?fit=840%2C630\" alt=\"\" class=\"wp-image-2158\" srcset=\"https:\/\/i0.wp.com\/patrimoine-avesnois.fr\/chemin\/wp-content\/uploads\/2019\/04\/IMG_4083.jpg?w=4032&amp;ssl=1 4032w, https:\/\/i0.wp.com\/patrimoine-avesnois.fr\/chemin\/wp-content\/uploads\/2019\/04\/IMG_4083.jpg?resize=300%2C225&amp;ssl=1 300w, https:\/\/i0.wp.com\/patrimoine-avesnois.fr\/chemin\/wp-content\/uploads\/2019\/04\/IMG_4083.jpg?resize=768%2C576&amp;ssl=1 768w, https:\/\/i0.wp.com\/patrimoine-avesnois.fr\/chemin\/wp-content\/uploads\/2019\/04\/IMG_4083.jpg?resize=1024%2C768&amp;ssl=1 1024w, https:\/\/i0.wp.com\/patrimoine-avesnois.fr\/chemin\/wp-content\/uploads\/2019\/04\/IMG_4083.jpg?resize=1200%2C900&amp;ssl=1 1200w, https:\/\/i0.wp.com\/patrimoine-avesnois.fr\/chemin\/wp-content\/uploads\/2019\/04\/IMG_4083.jpg?w=1680 1680w, https:\/\/i0.wp.com\/patrimoine-avesnois.fr\/chemin\/wp-content\/uploads\/2019\/04\/IMG_4083.jpg?w=2520 2520w\" sizes=\"auto, (max-width: 709px) 85vw, (max-width: 909px) 67vw, (max-width: 1362px) 62vw, 840px\" \/><figcaption class=\"wp-element-caption\">Il y avait un caf\u00e9 pr\u00e8s de la laiterie, tenu dans les ann\u00e9es 1980 par M et Mme Cuningham<\/figcaption><\/figure>\n<\/div>\n\n\n<p class=\"wp-block-paragraph\"><\/p>\n\n\n\n<p class=\"wp-block-paragraph\">La laiterie Errouart fut construite en 1906 et appartenait \u00e0 Druart Brunelet Auguste<\/p>\n\n\n<div class=\"wp-block-image is-resized\">\n<figure class=\"aligncenter\"><img data-recalc-dims=\"1\" loading=\"lazy\" decoding=\"async\" width=\"840\" height=\"474\" data-attachment-id=\"2153\" data-permalink=\"https:\/\/patrimoine-avesnois.fr\/chemin\/prisches\/image-444\/\" data-orig-file=\"https:\/\/i0.wp.com\/patrimoine-avesnois.fr\/chemin\/wp-content\/uploads\/2019\/04\/image-420.png?fit=869%2C490&amp;ssl=1\" data-orig-size=\"869,490\" data-comments-opened=\"1\" data-image-meta=\"{&quot;aperture&quot;:&quot;0&quot;,&quot;credit&quot;:&quot;&quot;,&quot;camera&quot;:&quot;&quot;,&quot;caption&quot;:&quot;&quot;,&quot;created_timestamp&quot;:&quot;0&quot;,&quot;copyright&quot;:&quot;&quot;,&quot;focal_length&quot;:&quot;0&quot;,&quot;iso&quot;:&quot;0&quot;,&quot;shutter_speed&quot;:&quot;0&quot;,&quot;title&quot;:&quot;&quot;,&quot;orientation&quot;:&quot;0&quot;}\" data-image-title=\"image\" data-image-description=\"\" data-image-caption=\"\" data-large-file=\"https:\/\/i0.wp.com\/patrimoine-avesnois.fr\/chemin\/wp-content\/uploads\/2019\/04\/image-420.png?fit=840%2C474&amp;ssl=1\" src=\"https:\/\/i0.wp.com\/patrimoine-avesnois.fr\/chemin\/wp-content\/uploads\/2019\/04\/image-420.png?resize=840%2C474\" alt=\"\" class=\"wp-image-2153\" srcset=\"https:\/\/i0.wp.com\/patrimoine-avesnois.fr\/chemin\/wp-content\/uploads\/2019\/04\/image-420.png?w=869&amp;ssl=1 869w, https:\/\/i0.wp.com\/patrimoine-avesnois.fr\/chemin\/wp-content\/uploads\/2019\/04\/image-420.png?resize=300%2C169&amp;ssl=1 300w, https:\/\/i0.wp.com\/patrimoine-avesnois.fr\/chemin\/wp-content\/uploads\/2019\/04\/image-420.png?resize=768%2C433&amp;ssl=1 768w\" sizes=\"auto, (max-width: 709px) 85vw, (max-width: 909px) 67vw, (max-width: 1362px) 62vw, 840px\" \/><figcaption class=\"wp-element-caption\">ADN 35 P 1110<\/figcaption><\/figure>\n<\/div>\n\n<div class=\"wp-block-image is-resized\">\n<figure class=\"aligncenter\"><img data-recalc-dims=\"1\" loading=\"lazy\" decoding=\"async\" width=\"840\" height=\"586\" data-attachment-id=\"2152\" data-permalink=\"https:\/\/patrimoine-avesnois.fr\/chemin\/prisches\/image-443\/\" data-orig-file=\"https:\/\/i0.wp.com\/patrimoine-avesnois.fr\/chemin\/wp-content\/uploads\/2019\/04\/image-419.png?fit=885%2C617&amp;ssl=1\" data-orig-size=\"885,617\" data-comments-opened=\"1\" data-image-meta=\"{&quot;aperture&quot;:&quot;0&quot;,&quot;credit&quot;:&quot;&quot;,&quot;camera&quot;:&quot;&quot;,&quot;caption&quot;:&quot;&quot;,&quot;created_timestamp&quot;:&quot;0&quot;,&quot;copyright&quot;:&quot;&quot;,&quot;focal_length&quot;:&quot;0&quot;,&quot;iso&quot;:&quot;0&quot;,&quot;shutter_speed&quot;:&quot;0&quot;,&quot;title&quot;:&quot;&quot;,&quot;orientation&quot;:&quot;0&quot;}\" data-image-title=\"image\" data-image-description=\"\" data-image-caption=\"\" data-large-file=\"https:\/\/i0.wp.com\/patrimoine-avesnois.fr\/chemin\/wp-content\/uploads\/2019\/04\/image-419.png?fit=840%2C586&amp;ssl=1\" src=\"https:\/\/i0.wp.com\/patrimoine-avesnois.fr\/chemin\/wp-content\/uploads\/2019\/04\/image-419.png?resize=840%2C586\" alt=\"\" class=\"wp-image-2152\" srcset=\"https:\/\/i0.wp.com\/patrimoine-avesnois.fr\/chemin\/wp-content\/uploads\/2019\/04\/image-419.png?w=885&amp;ssl=1 885w, https:\/\/i0.wp.com\/patrimoine-avesnois.fr\/chemin\/wp-content\/uploads\/2019\/04\/image-419.png?resize=300%2C209&amp;ssl=1 300w, https:\/\/i0.wp.com\/patrimoine-avesnois.fr\/chemin\/wp-content\/uploads\/2019\/04\/image-419.png?resize=768%2C535&amp;ssl=1 768w\" sizes=\"auto, (max-width: 709px) 85vw, (max-width: 909px) 67vw, (max-width: 1362px) 62vw, 840px\" \/><figcaption class=\"wp-element-caption\">Recensement 1906 : Hermand Gravez en \u00e9tait le directeur<\/figcaption><\/figure>\n<\/div>\n\n<div class=\"wp-block-image is-resized\">\n<figure class=\"aligncenter\"><img data-recalc-dims=\"1\" loading=\"lazy\" decoding=\"async\" width=\"840\" height=\"578\" data-attachment-id=\"2154\" data-permalink=\"https:\/\/patrimoine-avesnois.fr\/chemin\/prisches\/image-445\/\" data-orig-file=\"https:\/\/i0.wp.com\/patrimoine-avesnois.fr\/chemin\/wp-content\/uploads\/2019\/04\/image-421.png?fit=870%2C599&amp;ssl=1\" data-orig-size=\"870,599\" data-comments-opened=\"1\" data-image-meta=\"{&quot;aperture&quot;:&quot;0&quot;,&quot;credit&quot;:&quot;&quot;,&quot;camera&quot;:&quot;&quot;,&quot;caption&quot;:&quot;&quot;,&quot;created_timestamp&quot;:&quot;0&quot;,&quot;copyright&quot;:&quot;&quot;,&quot;focal_length&quot;:&quot;0&quot;,&quot;iso&quot;:&quot;0&quot;,&quot;shutter_speed&quot;:&quot;0&quot;,&quot;title&quot;:&quot;&quot;,&quot;orientation&quot;:&quot;0&quot;}\" data-image-title=\"image\" data-image-description=\"\" data-image-caption=\"\" data-large-file=\"https:\/\/i0.wp.com\/patrimoine-avesnois.fr\/chemin\/wp-content\/uploads\/2019\/04\/image-421.png?fit=840%2C578&amp;ssl=1\" src=\"https:\/\/i0.wp.com\/patrimoine-avesnois.fr\/chemin\/wp-content\/uploads\/2019\/04\/image-421.png?resize=840%2C578\" alt=\"\" class=\"wp-image-2154\" srcset=\"https:\/\/i0.wp.com\/patrimoine-avesnois.fr\/chemin\/wp-content\/uploads\/2019\/04\/image-421.png?w=870&amp;ssl=1 870w, https:\/\/i0.wp.com\/patrimoine-avesnois.fr\/chemin\/wp-content\/uploads\/2019\/04\/image-421.png?resize=300%2C207&amp;ssl=1 300w, https:\/\/i0.wp.com\/patrimoine-avesnois.fr\/chemin\/wp-content\/uploads\/2019\/04\/image-421.png?resize=768%2C529&amp;ssl=1 768w\" sizes=\"auto, (max-width: 709px) 85vw, (max-width: 909px) 67vw, (max-width: 1362px) 62vw, 840px\" \/><figcaption class=\"wp-element-caption\">ADN 35 P 1113. En 1936 laiterie dite appartenant \u00e0 Marc Doctobre.<\/figcaption><\/figure>\n<\/div>\n\n\n<p class=\"wp-block-paragraph\">Apr\u00e8s son arr\u00eat dans les ann\u00e9es 1960, Marcel Brocheton l&rsquo;a racheta et en fit un entrep\u00f4t notamment de pommes.<\/p>\n\n\n\n<p class=\"has-text-align-center wp-block-paragraph\">***<\/p>\n\n\n\n<p class=\"wp-block-paragraph\">Il y eut \u00e9galement \u00e0 Prisches 2 brasseries, l&rsquo;une sur la Place et l&rsquo;autre rue d&rsquo;Avesnes.<\/p>\n\n\n<div class=\"wp-block-image is-resized\">\n<figure class=\"aligncenter\"><img loading=\"lazy\" decoding=\"async\" width=\"2048\" height=\"1536\" data-attachment-id=\"2161\" data-permalink=\"https:\/\/patrimoine-avesnois.fr\/chemin\/prisches\/dscn2015\/\" data-orig-file=\"https:\/\/i0.wp.com\/patrimoine-avesnois.fr\/chemin\/wp-content\/uploads\/2019\/04\/DSCN2015.jpg?fit=2048%2C1536&amp;ssl=1\" data-orig-size=\"2048,1536\" data-comments-opened=\"1\" data-image-meta=\"{&quot;aperture&quot;:&quot;2.8&quot;,&quot;credit&quot;:&quot;&quot;,&quot;camera&quot;:&quot;E3200&quot;,&quot;caption&quot;:&quot;&quot;,&quot;created_timestamp&quot;:&quot;1326640462&quot;,&quot;copyright&quot;:&quot;&quot;,&quot;focal_length&quot;:&quot;5.8&quot;,&quot;iso&quot;:&quot;50&quot;,&quot;shutter_speed&quot;:&quot;0.008984725965858&quot;,&quot;title&quot;:&quot;&quot;,&quot;orientation&quot;:&quot;1&quot;}\" data-image-title=\"DSCN2015\" data-image-description=\"\" data-image-caption=\"\" data-large-file=\"https:\/\/i0.wp.com\/patrimoine-avesnois.fr\/chemin\/wp-content\/uploads\/2019\/04\/DSCN2015.jpg?fit=840%2C630&amp;ssl=1\" src=\"https:\/\/i2.wp.com\/patrimoine-avesnois.fr\/chemin\/wp-content\/uploads\/2019\/04\/DSCN2015.jpg?fit=840%2C630\" alt=\"\" class=\"wp-image-2161\" srcset=\"https:\/\/i0.wp.com\/patrimoine-avesnois.fr\/chemin\/wp-content\/uploads\/2019\/04\/DSCN2015.jpg?w=2048&amp;ssl=1 2048w, https:\/\/i0.wp.com\/patrimoine-avesnois.fr\/chemin\/wp-content\/uploads\/2019\/04\/DSCN2015.jpg?resize=300%2C225&amp;ssl=1 300w, https:\/\/i0.wp.com\/patrimoine-avesnois.fr\/chemin\/wp-content\/uploads\/2019\/04\/DSCN2015.jpg?resize=768%2C576&amp;ssl=1 768w, https:\/\/i0.wp.com\/patrimoine-avesnois.fr\/chemin\/wp-content\/uploads\/2019\/04\/DSCN2015.jpg?resize=1024%2C768&amp;ssl=1 1024w, https:\/\/i0.wp.com\/patrimoine-avesnois.fr\/chemin\/wp-content\/uploads\/2019\/04\/DSCN2015.jpg?resize=1200%2C900&amp;ssl=1 1200w, https:\/\/i0.wp.com\/patrimoine-avesnois.fr\/chemin\/wp-content\/uploads\/2019\/04\/DSCN2015.jpg?w=1680 1680w\" sizes=\"auto, (max-width: 709px) 85vw, (max-width: 909px) 67vw, (max-width: 1362px) 62vw, 840px\" \/><figcaption class=\"wp-element-caption\">L&rsquo;ancienne brasserie coop\u00e9rative sur la Place dite \u00ab\u00a0la brasserie du Progr\u00e8s\u00a0\u00bb qui fabriqua et vendit des bi\u00e8res du pays en tonneaux. Elle \u00e9tait dirig\u00e9e par M Lallemand en 1910 puis par M Lucien Mercier en 1931.<\/figcaption><\/figure>\n<\/div>\n\n\n<p class=\"wp-block-paragraph\"><\/p>\n\n\n<div class=\"wp-block-image\">\n<figure class=\"aligncenter size-full\"><img data-recalc-dims=\"1\" loading=\"lazy\" decoding=\"async\" width=\"818\" height=\"635\" data-attachment-id=\"29545\" data-permalink=\"https:\/\/patrimoine-avesnois.fr\/chemin\/prisches\/image-3518\/\" data-orig-file=\"https:\/\/i0.wp.com\/patrimoine-avesnois.fr\/chemin\/wp-content\/uploads\/2026\/08\/image-364.png?fit=818%2C635&amp;ssl=1\" data-orig-size=\"818,635\" data-comments-opened=\"1\" data-image-meta=\"{&quot;aperture&quot;:&quot;0&quot;,&quot;credit&quot;:&quot;&quot;,&quot;camera&quot;:&quot;&quot;,&quot;caption&quot;:&quot;&quot;,&quot;created_timestamp&quot;:&quot;0&quot;,&quot;copyright&quot;:&quot;&quot;,&quot;focal_length&quot;:&quot;0&quot;,&quot;iso&quot;:&quot;0&quot;,&quot;shutter_speed&quot;:&quot;0&quot;,&quot;title&quot;:&quot;&quot;,&quot;orientation&quot;:&quot;0&quot;,&quot;alt&quot;:&quot;&quot;}\" data-image-title=\"image\" data-image-description=\"\" data-image-caption=\"\" data-large-file=\"https:\/\/i0.wp.com\/patrimoine-avesnois.fr\/chemin\/wp-content\/uploads\/2026\/08\/image-364.png?fit=818%2C635&amp;ssl=1\" src=\"https:\/\/i0.wp.com\/patrimoine-avesnois.fr\/chemin\/wp-content\/uploads\/2026\/08\/image-364.png?resize=818%2C635&#038;ssl=1\" alt=\"\" class=\"wp-image-29545\" srcset=\"https:\/\/i0.wp.com\/patrimoine-avesnois.fr\/chemin\/wp-content\/uploads\/2026\/08\/image-364.png?w=818&amp;ssl=1 818w, https:\/\/i0.wp.com\/patrimoine-avesnois.fr\/chemin\/wp-content\/uploads\/2026\/08\/image-364.png?resize=300%2C233&amp;ssl=1 300w, https:\/\/i0.wp.com\/patrimoine-avesnois.fr\/chemin\/wp-content\/uploads\/2026\/08\/image-364.png?resize=768%2C596&amp;ssl=1 768w\" sizes=\"auto, (max-width: 818px) 85vw, 818px\" \/><figcaption class=\"wp-element-caption\">Brasserie B\u00e9thune rue d&rsquo;Avesnes<\/figcaption><\/figure>\n<\/div>\n\n\n<p class=\"wp-block-paragraph\"><\/p>\n\n\n<div class=\"wp-block-image is-resized\">\n<figure class=\"aligncenter\"><img loading=\"lazy\" decoding=\"async\" width=\"2048\" height=\"1536\" data-attachment-id=\"2162\" data-permalink=\"https:\/\/patrimoine-avesnois.fr\/chemin\/prisches\/dscn2039\/\" data-orig-file=\"https:\/\/i0.wp.com\/patrimoine-avesnois.fr\/chemin\/wp-content\/uploads\/2019\/04\/DSCN2039.jpg?fit=2048%2C1536&amp;ssl=1\" data-orig-size=\"2048,1536\" data-comments-opened=\"1\" data-image-meta=\"{&quot;aperture&quot;:&quot;2.8&quot;,&quot;credit&quot;:&quot;&quot;,&quot;camera&quot;:&quot;E3200&quot;,&quot;caption&quot;:&quot;&quot;,&quot;created_timestamp&quot;:&quot;1326641108&quot;,&quot;copyright&quot;:&quot;&quot;,&quot;focal_length&quot;:&quot;5.8&quot;,&quot;iso&quot;:&quot;50&quot;,&quot;shutter_speed&quot;:&quot;0.003125&quot;,&quot;title&quot;:&quot;&quot;,&quot;orientation&quot;:&quot;1&quot;}\" data-image-title=\"DSCN2039\" data-image-description=\"\" data-image-caption=\"\" data-large-file=\"https:\/\/i0.wp.com\/patrimoine-avesnois.fr\/chemin\/wp-content\/uploads\/2019\/04\/DSCN2039.jpg?fit=840%2C630&amp;ssl=1\" src=\"https:\/\/i1.wp.com\/patrimoine-avesnois.fr\/chemin\/wp-content\/uploads\/2019\/04\/DSCN2039.jpg?fit=840%2C630\" alt=\"\" class=\"wp-image-2162\" srcset=\"https:\/\/i0.wp.com\/patrimoine-avesnois.fr\/chemin\/wp-content\/uploads\/2019\/04\/DSCN2039.jpg?w=2048&amp;ssl=1 2048w, https:\/\/i0.wp.com\/patrimoine-avesnois.fr\/chemin\/wp-content\/uploads\/2019\/04\/DSCN2039.jpg?resize=300%2C225&amp;ssl=1 300w, https:\/\/i0.wp.com\/patrimoine-avesnois.fr\/chemin\/wp-content\/uploads\/2019\/04\/DSCN2039.jpg?resize=768%2C576&amp;ssl=1 768w, https:\/\/i0.wp.com\/patrimoine-avesnois.fr\/chemin\/wp-content\/uploads\/2019\/04\/DSCN2039.jpg?resize=1024%2C768&amp;ssl=1 1024w, https:\/\/i0.wp.com\/patrimoine-avesnois.fr\/chemin\/wp-content\/uploads\/2019\/04\/DSCN2039.jpg?resize=1200%2C900&amp;ssl=1 1200w, https:\/\/i0.wp.com\/patrimoine-avesnois.fr\/chemin\/wp-content\/uploads\/2019\/04\/DSCN2039.jpg?w=1680 1680w\" sizes=\"auto, (max-width: 709px) 85vw, (max-width: 909px) 67vw, (max-width: 1362px) 62vw, 840px\" \/><\/figure>\n<\/div>\n\n\n<p class=\"wp-block-paragraph\"><\/p>\n\n\n\n<p class=\"wp-block-paragraph\">De source orale la brasserie aurait \u00e9t\u00e9 fond\u00e9e en 1842. En 1927 elle portait le nom de B\u00e9thune, puis dans les ann\u00e9es quarante celui de B\u00e9thune Boda. Elle fonctionna jusqu&rsquo;en 1960 environ. Elle fut alors convertie en d\u00e9p\u00f4t de charbon et occup\u00e9e par M et Mme Pierre Gantois. Depuis le b\u00e2timent a \u00e9t\u00e9 d\u00e9saffect\u00e9 et appartient de nos jours \u00e0 M et Mme Jean Noel Dupont.&nbsp;<br>En 1927 l&rsquo;usine produisait environ 6500 hectolitres ; en 1946 la production de bi\u00e8re s&rsquo;\u00e9levait \u00e0 10 000 hectolitres de bi\u00e8re de fermentation haute ; en 1927 et 1946 elle produisait son propre malt. <\/p>\n\n\n\n<p class=\"has-text-align-center wp-block-paragraph\">***<\/p>\n\n\n\n<p class=\"wp-block-paragraph\">L&rsquo;ancien kiosque \u00e0 danser \u00e0 jamais disparu (pas tout \u00e0 fait) :<\/p>\n\n\n<div class=\"wp-block-image is-resized\">\n<figure class=\"aligncenter\"><img decoding=\"async\" src=\"https:\/\/i1.wp.com\/kiosques-avesnois.fr\/wp-content\/uploads\/2017\/11\/Prisches-3-1.jpg?resize=840%2C1290\" alt=\"\"\/><figcaption class=\"wp-element-caption\">Extrait Registre D\u00e9lib\u00e9rations Conseil Municipal de Prisches<\/figcaption><\/figure>\n<\/div>\n\n\n<p class=\"wp-block-paragraph\"><\/p>\n\n\n<div class=\"wp-block-image is-resized\">\n<figure class=\"aligncenter\"><img decoding=\"async\" src=\"https:\/\/i0.wp.com\/kiosques-avesnois.fr\/wp-content\/uploads\/2017\/11\/Prisches-2.jpg?resize=840%2C1286\" alt=\"\"\/><figcaption class=\"wp-element-caption\">March\u00e9 entre le maire et l\u2019artisan<\/figcaption><\/figure>\n<\/div>\n\n\n<p class=\"wp-block-paragraph\"><\/p>\n\n\n<div class=\"wp-block-image is-resized\">\n<figure class=\"aligncenter\"><img decoding=\"async\" data-attachment-id=\"84\" data-permalink=\"https:\/\/patrimoine-avesnois.fr\/chemin\/anor\/capture4-2\/\" data-orig-file=\"https:\/\/i0.wp.com\/patrimoine-avesnois.fr\/chemin\/wp-content\/uploads\/2019\/03\/Capture4-1.png?fit=625%2C469&amp;ssl=1\" data-orig-size=\"625,469\" data-comments-opened=\"1\" data-image-meta=\"{&quot;aperture&quot;:&quot;0&quot;,&quot;credit&quot;:&quot;&quot;,&quot;camera&quot;:&quot;&quot;,&quot;caption&quot;:&quot;&quot;,&quot;created_timestamp&quot;:&quot;0&quot;,&quot;copyright&quot;:&quot;&quot;,&quot;focal_length&quot;:&quot;0&quot;,&quot;iso&quot;:&quot;0&quot;,&quot;shutter_speed&quot;:&quot;0&quot;,&quot;title&quot;:&quot;&quot;,&quot;orientation&quot;:&quot;0&quot;}\" data-image-title=\"Capture4\" data-image-description=\"\" data-image-caption=\"\" data-large-file=\"https:\/\/i0.wp.com\/patrimoine-avesnois.fr\/chemin\/wp-content\/uploads\/2019\/03\/Capture4-1.png?fit=625%2C469&amp;ssl=1\" src=\"https:\/\/i0.wp.com\/kiosques-avesnois.fr\/wp-content\/uploads\/2017\/11\/Prisches-1900.jpg?resize=840%2C529\" alt=\"\" class=\"wp-image-84\"\/><figcaption class=\"wp-element-caption\">Prisches 1900<\/figcaption><\/figure>\n<\/div>\n\n\n<p class=\"wp-block-paragraph\"><\/p>\n\n\n<div class=\"wp-block-image is-resized\">\n<figure class=\"aligncenter\"><img decoding=\"async\" data-attachment-id=\"86\" data-permalink=\"https:\/\/patrimoine-avesnois.fr\/chemin\/anor\/anor-_l_oise_vue_du_gr_les_forges_danor\/\" data-orig-file=\"https:\/\/i0.wp.com\/patrimoine-avesnois.fr\/chemin\/wp-content\/uploads\/2019\/03\/Anor.-_L_Oise_vue_du_GR_les_forges_dAnor.jpg?fit=600%2C449&amp;ssl=1\" data-orig-size=\"600,449\" data-comments-opened=\"1\" data-image-meta=\"{&quot;aperture&quot;:&quot;0&quot;,&quot;credit&quot;:&quot;&quot;,&quot;camera&quot;:&quot;&quot;,&quot;caption&quot;:&quot;&quot;,&quot;created_timestamp&quot;:&quot;1553022192&quot;,&quot;copyright&quot;:&quot;&quot;,&quot;focal_length&quot;:&quot;0&quot;,&quot;iso&quot;:&quot;0&quot;,&quot;shutter_speed&quot;:&quot;0&quot;,&quot;title&quot;:&quot;&quot;,&quot;orientation&quot;:&quot;1&quot;}\" data-image-title=\"Anor.-_L&amp;rsquo;_Oise_vue_du_GR_les_forges_d&amp;rsquo;Anor\" data-image-description=\"\" data-image-caption=\"\" data-large-file=\"https:\/\/i0.wp.com\/patrimoine-avesnois.fr\/chemin\/wp-content\/uploads\/2019\/03\/Anor.-_L_Oise_vue_du_GR_les_forges_dAnor.jpg?fit=600%2C449&amp;ssl=1\" src=\"https:\/\/i0.wp.com\/kiosques-avesnois.fr\/wp-content\/uploads\/2017\/11\/Prisches-1920.jpg?resize=840%2C572\" alt=\"\" class=\"wp-image-86\"\/><figcaption class=\"wp-element-caption\">Prisches 1920<\/figcaption><\/figure>\n<\/div>\n\n\n<p class=\"wp-block-paragraph\"><\/p>\n\n\n<div class=\"wp-block-image is-resized\">\n<figure class=\"aligncenter\"><img decoding=\"async\" data-attachment-id=\"85\" data-permalink=\"https:\/\/patrimoine-avesnois.fr\/chemin\/anor\/anor_france__le_gite_de_france\/\" data-orig-file=\"https:\/\/i0.wp.com\/patrimoine-avesnois.fr\/chemin\/wp-content\/uploads\/2019\/03\/Anor_France__le_gite_de_France..jpg?fit=599%2C449&amp;ssl=1\" data-orig-size=\"599,449\" data-comments-opened=\"1\" data-image-meta=\"{&quot;aperture&quot;:&quot;0&quot;,&quot;credit&quot;:&quot;&quot;,&quot;camera&quot;:&quot;&quot;,&quot;caption&quot;:&quot;&quot;,&quot;created_timestamp&quot;:&quot;1553021684&quot;,&quot;copyright&quot;:&quot;&quot;,&quot;focal_length&quot;:&quot;0&quot;,&quot;iso&quot;:&quot;0&quot;,&quot;shutter_speed&quot;:&quot;0&quot;,&quot;title&quot;:&quot;&quot;,&quot;orientation&quot;:&quot;1&quot;}\" data-image-title=\"Anor_France_,_le_gite_de_France.\" data-image-description=\"\" data-image-caption=\"\" data-large-file=\"https:\/\/i0.wp.com\/patrimoine-avesnois.fr\/chemin\/wp-content\/uploads\/2019\/03\/Anor_France__le_gite_de_France..jpg?fit=599%2C449&amp;ssl=1\" src=\"https:\/\/i0.wp.com\/kiosques-avesnois.fr\/wp-content\/uploads\/2017\/11\/Prisches-1905.jpg?resize=840%2C519\" alt=\"\" class=\"wp-image-85\"\/><figcaption class=\"wp-element-caption\">Prisches vers 1930<\/figcaption><\/figure>\n<\/div>\n\n\n<p class=\"wp-block-paragraph\"><\/p>\n\n\n\n<p class=\"wp-block-paragraph\">Kiosque pesant 2400 kg \u00e0 colonne unique en fonte, plancher en t\u00f4le et le reste en fer construit en 1888 et retir\u00e9 vers 1960.<\/p>\n\n\n<div class=\"wp-block-image\">\n<figure class=\"aligncenter size-full\"><img data-recalc-dims=\"1\" loading=\"lazy\" decoding=\"async\" width=\"434\" height=\"510\" data-attachment-id=\"29569\" data-permalink=\"https:\/\/patrimoine-avesnois.fr\/chemin\/prisches\/image-3523\/\" data-orig-file=\"https:\/\/i0.wp.com\/patrimoine-avesnois.fr\/chemin\/wp-content\/uploads\/2026\/08\/image-369.png?fit=434%2C510&amp;ssl=1\" data-orig-size=\"434,510\" data-comments-opened=\"1\" data-image-meta=\"{&quot;aperture&quot;:&quot;0&quot;,&quot;credit&quot;:&quot;&quot;,&quot;camera&quot;:&quot;&quot;,&quot;caption&quot;:&quot;&quot;,&quot;created_timestamp&quot;:&quot;0&quot;,&quot;copyright&quot;:&quot;&quot;,&quot;focal_length&quot;:&quot;0&quot;,&quot;iso&quot;:&quot;0&quot;,&quot;shutter_speed&quot;:&quot;0&quot;,&quot;title&quot;:&quot;&quot;,&quot;orientation&quot;:&quot;0&quot;,&quot;alt&quot;:&quot;&quot;}\" data-image-title=\"image\" data-image-description=\"\" data-image-caption=\"\" data-large-file=\"https:\/\/i0.wp.com\/patrimoine-avesnois.fr\/chemin\/wp-content\/uploads\/2026\/08\/image-369.png?fit=434%2C510&amp;ssl=1\" src=\"https:\/\/i0.wp.com\/patrimoine-avesnois.fr\/chemin\/wp-content\/uploads\/2026\/08\/image-369.png?resize=434%2C510&#038;ssl=1\" alt=\"\" class=\"wp-image-29569\" srcset=\"https:\/\/i0.wp.com\/patrimoine-avesnois.fr\/chemin\/wp-content\/uploads\/2026\/08\/image-369.png?w=434&amp;ssl=1 434w, https:\/\/i0.wp.com\/patrimoine-avesnois.fr\/chemin\/wp-content\/uploads\/2026\/08\/image-369.png?resize=255%2C300&amp;ssl=1 255w\" sizes=\"auto, (max-width: 434px) 85vw, 434px\" \/><figcaption class=\"wp-element-caption\">le kiosque en 2025<\/figcaption><\/figure>\n<\/div>\n\n\n<p class=\"wp-block-paragraph\"><\/p>\n\n\n\n<p class=\"wp-block-paragraph\">Un couple d&rsquo;artisans ferronniers d&rsquo;art (les Beuscart) a reconstruit le nouveau kiosque \u00e0 l&rsquo;identique. Il a \u00e9t\u00e9 inaugur\u00e9 et b\u00e9ni par l\u2019abb\u00e9 Benjamin Sellier le 14 juillet 2021. <br><\/p>\n\n\n\n<p class=\"has-text-align-center wp-block-paragraph\">***<\/p>\n\n\n\n<p class=\"wp-block-paragraph\">Le dynamisme du village se remarque et se d\u00e9veloppe avec la volont\u00e9 inalt\u00e9rable des Prischois d&rsquo;organiser des f\u00eates populaires o\u00f9 la gaiet\u00e9 et la joie de vivre vont de paire.&nbsp;Ainsi est n\u00e9e la f\u00eate des chiens en 1990 \u00e0 l&rsquo;instigation de Mr R\u00e9gis Coutier, v\u00e9t\u00e9rinaire \u00e0 l&rsquo;\u00e9poque.<\/p>\n\n\n<div class=\"wp-block-image is-resized\">\n<figure class=\"aligncenter\"><img data-recalc-dims=\"1\" loading=\"lazy\" decoding=\"async\" width=\"603\" height=\"450\" data-attachment-id=\"2168\" data-permalink=\"https:\/\/patrimoine-avesnois.fr\/chemin\/prisches\/image-448\/\" data-orig-file=\"https:\/\/i0.wp.com\/patrimoine-avesnois.fr\/chemin\/wp-content\/uploads\/2019\/04\/image-424.png?fit=603%2C450&amp;ssl=1\" data-orig-size=\"603,450\" data-comments-opened=\"1\" data-image-meta=\"{&quot;aperture&quot;:&quot;0&quot;,&quot;credit&quot;:&quot;&quot;,&quot;camera&quot;:&quot;&quot;,&quot;caption&quot;:&quot;&quot;,&quot;created_timestamp&quot;:&quot;0&quot;,&quot;copyright&quot;:&quot;&quot;,&quot;focal_length&quot;:&quot;0&quot;,&quot;iso&quot;:&quot;0&quot;,&quot;shutter_speed&quot;:&quot;0&quot;,&quot;title&quot;:&quot;&quot;,&quot;orientation&quot;:&quot;0&quot;}\" data-image-title=\"image\" data-image-description=\"\" data-image-caption=\"\" data-large-file=\"https:\/\/i0.wp.com\/patrimoine-avesnois.fr\/chemin\/wp-content\/uploads\/2019\/04\/image-424.png?fit=603%2C450&amp;ssl=1\" src=\"https:\/\/i0.wp.com\/patrimoine-avesnois.fr\/chemin\/wp-content\/uploads\/2019\/04\/image-424.png?resize=603%2C450\" alt=\"\" class=\"wp-image-2168\" srcset=\"https:\/\/i0.wp.com\/patrimoine-avesnois.fr\/chemin\/wp-content\/uploads\/2019\/04\/image-424.png?w=603&amp;ssl=1 603w, https:\/\/i0.wp.com\/patrimoine-avesnois.fr\/chemin\/wp-content\/uploads\/2019\/04\/image-424.png?resize=300%2C224&amp;ssl=1 300w\" sizes=\"auto, (max-width: 603px) 85vw, 603px\" \/><\/figure>\n<\/div>\n\n\n<p class=\"wp-block-paragraph\"><\/p>\n\n\n<div class=\"wp-block-image\">\n<figure class=\"aligncenter\"><img data-recalc-dims=\"1\" loading=\"lazy\" decoding=\"async\" width=\"592\" height=\"444\" data-attachment-id=\"2165\" data-permalink=\"https:\/\/patrimoine-avesnois.fr\/chemin\/prisches\/image-447\/\" data-orig-file=\"https:\/\/i0.wp.com\/patrimoine-avesnois.fr\/chemin\/wp-content\/uploads\/2019\/04\/image-423.png?fit=592%2C444&amp;ssl=1\" data-orig-size=\"592,444\" data-comments-opened=\"1\" data-image-meta=\"{&quot;aperture&quot;:&quot;0&quot;,&quot;credit&quot;:&quot;&quot;,&quot;camera&quot;:&quot;&quot;,&quot;caption&quot;:&quot;&quot;,&quot;created_timestamp&quot;:&quot;0&quot;,&quot;copyright&quot;:&quot;&quot;,&quot;focal_length&quot;:&quot;0&quot;,&quot;iso&quot;:&quot;0&quot;,&quot;shutter_speed&quot;:&quot;0&quot;,&quot;title&quot;:&quot;&quot;,&quot;orientation&quot;:&quot;0&quot;}\" data-image-title=\"image\" data-image-description=\"\" data-image-caption=\"\" data-large-file=\"https:\/\/i0.wp.com\/patrimoine-avesnois.fr\/chemin\/wp-content\/uploads\/2019\/04\/image-423.png?fit=592%2C444&amp;ssl=1\" src=\"https:\/\/i0.wp.com\/patrimoine-avesnois.fr\/chemin\/wp-content\/uploads\/2019\/04\/image-423.png?resize=592%2C444\" alt=\"\" class=\"wp-image-2165\" srcset=\"https:\/\/i0.wp.com\/patrimoine-avesnois.fr\/chemin\/wp-content\/uploads\/2019\/04\/image-423.png?w=592&amp;ssl=1 592w, https:\/\/i0.wp.com\/patrimoine-avesnois.fr\/chemin\/wp-content\/uploads\/2019\/04\/image-423.png?resize=300%2C225&amp;ssl=1 300w\" sizes=\"auto, (max-width: 592px) 85vw, 592px\" \/><figcaption class=\"wp-element-caption\">La f\u00eate du chien. Retrouvez de nombreuses photos sur le site   <a href=\"http:\/\/prisches.free.fr\/\" target=\"_blank\" rel=\"noreferrer noopener\">http:\/\/prisches.free.fr\/<\/a> <\/figcaption><\/figure>\n<\/div>\n\n\n<p class=\"wp-block-paragraph\"><\/p>\n\n\n\n<figure class=\"wp-block-image\"><img loading=\"lazy\" decoding=\"async\" width=\"1239\" height=\"776\" data-attachment-id=\"2170\" data-permalink=\"https:\/\/patrimoine-avesnois.fr\/chemin\/prisches\/prisches7-dscf-5396\/\" data-orig-file=\"https:\/\/i0.wp.com\/patrimoine-avesnois.fr\/chemin\/wp-content\/uploads\/2019\/04\/Prisches7-DSCF-5396.jpg?fit=1239%2C776&amp;ssl=1\" data-orig-size=\"1239,776\" data-comments-opened=\"1\" data-image-meta=\"{&quot;aperture&quot;:&quot;0&quot;,&quot;credit&quot;:&quot;CARRE&quot;,&quot;camera&quot;:&quot;&quot;,&quot;caption&quot;:&quot;&quot;,&quot;created_timestamp&quot;:&quot;1556214883&quot;,&quot;copyright&quot;:&quot;&quot;,&quot;focal_length&quot;:&quot;0&quot;,&quot;iso&quot;:&quot;0&quot;,&quot;shutter_speed&quot;:&quot;0&quot;,&quot;title&quot;:&quot;&quot;,&quot;orientation&quot;:&quot;0&quot;}\" data-image-title=\"Prisches7 DSCF 5396\" data-image-description=\"\" data-image-caption=\"\" data-large-file=\"https:\/\/i0.wp.com\/patrimoine-avesnois.fr\/chemin\/wp-content\/uploads\/2019\/04\/Prisches7-DSCF-5396.jpg?fit=840%2C526&amp;ssl=1\" src=\"https:\/\/i2.wp.com\/patrimoine-avesnois.fr\/chemin\/wp-content\/uploads\/2019\/04\/Prisches7-DSCF-5396.jpg?fit=840%2C526\" alt=\"\" class=\"wp-image-2170\" srcset=\"https:\/\/i0.wp.com\/patrimoine-avesnois.fr\/chemin\/wp-content\/uploads\/2019\/04\/Prisches7-DSCF-5396.jpg?w=1239&amp;ssl=1 1239w, https:\/\/i0.wp.com\/patrimoine-avesnois.fr\/chemin\/wp-content\/uploads\/2019\/04\/Prisches7-DSCF-5396.jpg?resize=300%2C188&amp;ssl=1 300w, https:\/\/i0.wp.com\/patrimoine-avesnois.fr\/chemin\/wp-content\/uploads\/2019\/04\/Prisches7-DSCF-5396.jpg?resize=768%2C481&amp;ssl=1 768w, https:\/\/i0.wp.com\/patrimoine-avesnois.fr\/chemin\/wp-content\/uploads\/2019\/04\/Prisches7-DSCF-5396.jpg?resize=1024%2C641&amp;ssl=1 1024w, https:\/\/i0.wp.com\/patrimoine-avesnois.fr\/chemin\/wp-content\/uploads\/2019\/04\/Prisches7-DSCF-5396.jpg?resize=1200%2C752&amp;ssl=1 1200w\" sizes=\"auto, (max-width: 709px) 85vw, (max-width: 909px) 67vw, (max-width: 1362px) 62vw, 840px\" \/><\/figure>\n","protected":false},"excerpt":{"rendered":"<p>Origine du nom : de Perez \u00e0 Prisches Au d\u00e9but du XII\u1d49 si\u00e8cle, Prisches appara\u00eet dans les textes sous la forme Perez, nom d\u2019un alleu appartenant \u00e0 Amaury de B\u00e9relles, moine qui l\u00e9gua en 1123 sa terre \u00e0 l\u2019abbaye de Liessies. Cette forme romane ancienne renvoie tr\u00e8s probablement \u00e0 un ensemble de pierres de d\u00e9limitation &hellip; <a href=\"https:\/\/patrimoine-avesnois.fr\/chemin\/prisches\/\" class=\"more-link\">Continuer la lecture<span class=\"screen-reader-text\"> de &laquo;&nbsp;Prisches&nbsp;&raquo;<\/span><\/a><\/p>\n","protected":false},"author":2,"featured_media":0,"parent":0,"menu_order":0,"comment_status":"closed","ping_status":"closed","template":"","meta":{"footnotes":""},"class_list":["post-2101","page","type-page","status-publish","hentry"],"jetpack_sharing_enabled":true,"jetpack_shortlink":"https:\/\/wp.me\/PaOEkN-xT","jetpack-related-posts":[],"_links":{"self":[{"href":"https:\/\/patrimoine-avesnois.fr\/chemin\/wp-json\/wp\/v2\/pages\/2101","targetHints":{"allow":["GET"]}}],"collection":[{"href":"https:\/\/patrimoine-avesnois.fr\/chemin\/wp-json\/wp\/v2\/pages"}],"about":[{"href":"https:\/\/patrimoine-avesnois.fr\/chemin\/wp-json\/wp\/v2\/types\/page"}],"author":[{"embeddable":true,"href":"https:\/\/patrimoine-avesnois.fr\/chemin\/wp-json\/wp\/v2\/users\/2"}],"replies":[{"embeddable":true,"href":"https:\/\/patrimoine-avesnois.fr\/chemin\/wp-json\/wp\/v2\/comments?post=2101"}],"version-history":[{"count":27,"href":"https:\/\/patrimoine-avesnois.fr\/chemin\/wp-json\/wp\/v2\/pages\/2101\/revisions"}],"predecessor-version":[{"id":29597,"href":"https:\/\/patrimoine-avesnois.fr\/chemin\/wp-json\/wp\/v2\/pages\/2101\/revisions\/29597"}],"wp:attachment":[{"href":"https:\/\/patrimoine-avesnois.fr\/chemin\/wp-json\/wp\/v2\/media?parent=2101"}],"curies":[{"name":"wp","href":"https:\/\/api.w.org\/{rel}","templated":true}]}}