{"id":2215,"date":"2019-04-28T19:48:50","date_gmt":"2019-04-28T17:48:50","guid":{"rendered":"http:\/\/patrimoine-avesnois.fr\/chemin\/?page_id=2215"},"modified":"2026-08-17T21:50:06","modified_gmt":"2026-08-17T19:50:06","slug":"glageon","status":"publish","type":"page","link":"https:\/\/patrimoine-avesnois.fr\/chemin\/glageon\/","title":{"rendered":"Glageon"},"content":{"rendered":"<div class=\"wp-block-image is-resized\">\n<figure class=\"aligncenter\"><img data-recalc-dims=\"1\" loading=\"lazy\" decoding=\"async\" width=\"803\" height=\"511\" data-attachment-id=\"2216\" data-permalink=\"https:\/\/patrimoine-avesnois.fr\/chemin\/glageon\/716_001\/\" data-orig-file=\"https:\/\/i0.wp.com\/patrimoine-avesnois.fr\/chemin\/wp-content\/uploads\/2019\/04\/716_001.jpg?fit=803%2C511&amp;ssl=1\" data-orig-size=\"803,511\" data-comments-opened=\"1\" data-image-meta=\"{&quot;aperture&quot;:&quot;0&quot;,&quot;credit&quot;:&quot;&quot;,&quot;camera&quot;:&quot;&quot;,&quot;caption&quot;:&quot;&quot;,&quot;created_timestamp&quot;:&quot;1556477562&quot;,&quot;copyright&quot;:&quot;&quot;,&quot;focal_length&quot;:&quot;0&quot;,&quot;iso&quot;:&quot;0&quot;,&quot;shutter_speed&quot;:&quot;0&quot;,&quot;title&quot;:&quot;&quot;,&quot;orientation&quot;:&quot;0&quot;}\" data-image-title=\"716_001\" data-image-description=\"\" data-image-caption=\"\" data-large-file=\"https:\/\/i0.wp.com\/patrimoine-avesnois.fr\/chemin\/wp-content\/uploads\/2019\/04\/716_001.jpg?fit=803%2C511&amp;ssl=1\" src=\"https:\/\/i0.wp.com\/patrimoine-avesnois.fr\/chemin\/wp-content\/uploads\/2019\/04\/716_001.jpg?resize=803%2C511\" alt=\"\" class=\"wp-image-2216\" srcset=\"https:\/\/i0.wp.com\/patrimoine-avesnois.fr\/chemin\/wp-content\/uploads\/2019\/04\/716_001.jpg?w=803&amp;ssl=1 803w, https:\/\/i0.wp.com\/patrimoine-avesnois.fr\/chemin\/wp-content\/uploads\/2019\/04\/716_001.jpg?resize=300%2C191&amp;ssl=1 300w, https:\/\/i0.wp.com\/patrimoine-avesnois.fr\/chemin\/wp-content\/uploads\/2019\/04\/716_001.jpg?resize=768%2C489&amp;ssl=1 768w\" sizes=\"auto, (max-width: 803px) 85vw, 803px\" \/><figcaption class=\"wp-element-caption\">Vue a\u00e9rienne de Glageon<\/figcaption><\/figure>\n<\/div>\n\n<div class=\"wp-block-image is-resized\">\n<figure class=\"aligncenter\"><img data-recalc-dims=\"1\" loading=\"lazy\" decoding=\"async\" width=\"840\" height=\"542\" data-attachment-id=\"2217\" data-permalink=\"https:\/\/patrimoine-avesnois.fr\/chemin\/glageon\/414_001\/\" data-orig-file=\"https:\/\/i0.wp.com\/patrimoine-avesnois.fr\/chemin\/wp-content\/uploads\/2019\/04\/414_001.jpg?fit=986%2C636&amp;ssl=1\" data-orig-size=\"986,636\" data-comments-opened=\"1\" data-image-meta=\"{&quot;aperture&quot;:&quot;0&quot;,&quot;credit&quot;:&quot;&quot;,&quot;camera&quot;:&quot;&quot;,&quot;caption&quot;:&quot;&quot;,&quot;created_timestamp&quot;:&quot;1556477779&quot;,&quot;copyright&quot;:&quot;&quot;,&quot;focal_length&quot;:&quot;0&quot;,&quot;iso&quot;:&quot;0&quot;,&quot;shutter_speed&quot;:&quot;0&quot;,&quot;title&quot;:&quot;&quot;,&quot;orientation&quot;:&quot;0&quot;}\" data-image-title=\"414_001\" data-image-description=\"\" data-image-caption=\"\" data-large-file=\"https:\/\/i0.wp.com\/patrimoine-avesnois.fr\/chemin\/wp-content\/uploads\/2019\/04\/414_001.jpg?fit=840%2C542&amp;ssl=1\" src=\"https:\/\/i0.wp.com\/patrimoine-avesnois.fr\/chemin\/wp-content\/uploads\/2019\/04\/414_001.jpg?resize=840%2C542\" alt=\"\" class=\"wp-image-2217\" srcset=\"https:\/\/i0.wp.com\/patrimoine-avesnois.fr\/chemin\/wp-content\/uploads\/2019\/04\/414_001.jpg?w=986&amp;ssl=1 986w, https:\/\/i0.wp.com\/patrimoine-avesnois.fr\/chemin\/wp-content\/uploads\/2019\/04\/414_001.jpg?resize=300%2C194&amp;ssl=1 300w, https:\/\/i0.wp.com\/patrimoine-avesnois.fr\/chemin\/wp-content\/uploads\/2019\/04\/414_001.jpg?resize=768%2C495&amp;ssl=1 768w\" sizes=\"auto, (max-width: 709px) 85vw, (max-width: 909px) 67vw, (max-width: 1362px) 62vw, 840px\" \/><figcaption class=\"wp-element-caption\">Autre vue de Glageon<\/figcaption><\/figure>\n<\/div>\n\n\n<p class=\"wp-block-paragraph\">Glageon est la premi\u00e8re commune de la Fagne quand on vient d&rsquo;Avesnes. C&rsquo;est un village de pierre et d&rsquo;ardoise dot\u00e9 d&rsquo;un patrimoine naturel et b\u00e2ti de grande qualit\u00e9. Il constitue un village clairi\u00e8re avec la pr\u00e9sence proche de la for\u00eat, v\u00e9ritable \u00e9crin de verdure.<\/p>\n\n\n<div class=\"wp-block-image\">\n<figure class=\"aligncenter size-full is-resized\"><img data-recalc-dims=\"1\" loading=\"lazy\" decoding=\"async\" width=\"544\" height=\"370\" data-attachment-id=\"21550\" data-permalink=\"https:\/\/patrimoine-avesnois.fr\/chemin\/glageon\/album-de-croy-glageon-2\/\" data-orig-file=\"https:\/\/i0.wp.com\/patrimoine-avesnois.fr\/chemin\/wp-content\/uploads\/2025\/03\/Album-de-Croy-Glageon-1.jpg?fit=544%2C370&amp;ssl=1\" data-orig-size=\"544,370\" data-comments-opened=\"1\" data-image-meta=\"{&quot;aperture&quot;:&quot;0&quot;,&quot;credit&quot;:&quot;CARRE&quot;,&quot;camera&quot;:&quot;&quot;,&quot;caption&quot;:&quot;&quot;,&quot;created_timestamp&quot;:&quot;1741961485&quot;,&quot;copyright&quot;:&quot;&quot;,&quot;focal_length&quot;:&quot;0&quot;,&quot;iso&quot;:&quot;0&quot;,&quot;shutter_speed&quot;:&quot;0&quot;,&quot;title&quot;:&quot;&quot;,&quot;orientation&quot;:&quot;0&quot;}\" data-image-title=\"Album de Croy Glageon\" data-image-description=\"\" data-image-caption=\"\" data-large-file=\"https:\/\/i0.wp.com\/patrimoine-avesnois.fr\/chemin\/wp-content\/uploads\/2025\/03\/Album-de-Croy-Glageon-1.jpg?fit=544%2C370&amp;ssl=1\" src=\"https:\/\/i0.wp.com\/patrimoine-avesnois.fr\/chemin\/wp-content\/uploads\/2025\/03\/Album-de-Croy-Glageon-1.jpg?resize=544%2C370&#038;ssl=1\" alt=\"\" class=\"wp-image-21550\" style=\"width:625px\" srcset=\"https:\/\/i0.wp.com\/patrimoine-avesnois.fr\/chemin\/wp-content\/uploads\/2025\/03\/Album-de-Croy-Glageon-1.jpg?w=544&amp;ssl=1 544w, https:\/\/i0.wp.com\/patrimoine-avesnois.fr\/chemin\/wp-content\/uploads\/2025\/03\/Album-de-Croy-Glageon-1.jpg?resize=300%2C204&amp;ssl=1 300w\" sizes=\"auto, (max-width: 544px) 85vw, 544px\" \/><figcaption class=\"wp-element-caption\">Le ch\u00e2teau de Glageon sur les albums de Cro\u00ff (1597)<\/figcaption><\/figure>\n<\/div>\n\n\n<p class=\"wp-block-paragraph\">Au Moyen Age, le village comportait un important ch\u00e2teau connu par plusieurs vues des \u00e9l\u00e9vations aussi bien dans les albums de Cro\u00ff que par des plans conserv\u00e9s \u00e0 Avesnes. Il \u00e9tait situ\u00e9 au lieu dit \u00ab\u00a0Les P\u00e2tures\u00a0\u00bb derri\u00e8re l&rsquo;ancien cimeti\u00e8re. Marie de Ch\u00e2lons poss\u00e9dait \u00e0 Glageon des propri\u00e9t\u00e9s et des droits qu&rsquo;elle tenait en fief de la seigneurie d&rsquo;Avesnes. A la demande de Gui de Ch\u00e2tillon, elle lui vendit tous ses biens en 1333. Au XIV\u00e8me si\u00e8cle, Jean d&rsquo;Eclaibes \u00e9pousa Ide de Bergue, dame de Glageon. Philippe de Stav\u00e8le, un des seigneurs de Glageon, fut grand ma\u00eetre de l&rsquo;artillerie du roi d&rsquo;Espagne, Philippe II. Le ch\u00e2teau des seigneurs, qui \u00e9tait fortifi\u00e9, fut pris en 1543 par les troupes de Fran\u00e7ois Ier op\u00e9rant contre celles de Charles Quint. Le ch\u00e2teau, qui avait \u00e9t\u00e9 pill\u00e9 et br\u00fbl\u00e9, fut reconstruit peu apr\u00e8s. En 1552, Henri II, pour punir Charles Quint, vint l&rsquo;attaquer \u00e0 son tour, il fut emport\u00e9 d&rsquo;assaut et les aventuriers qui l&rsquo;occupaient pass\u00e9s au fil de l&rsquo;\u00e9p\u00e9e. En 1553, l&rsquo;ennemi s&#8217;empara \u00e0 nouveau de la forteresse mais, l&rsquo;ann\u00e9e suivante, les ducs de Montmorency et de Vend\u00f4me reprirent Glageon que les habitants avaient abandonn\u00e9. La forteresse fut ras\u00e9e une fois encore. Reb\u00e2tie par le Cateau-Cambr\u00e9sis en 1559, Glageon et les environs \u00e9taient rattach\u00e9s aux Pays-Bas. Turenne vint par la suite attaquer le ch\u00e2teau et l&rsquo;enleva deux fois de vive force en 1637 et en 1655. Il n&rsquo;en reste plus de trace aujourd&rsquo;hui.<\/p>\n\n\n<div class=\"wp-block-image is-resized\">\n<figure class=\"aligncenter\"><img data-recalc-dims=\"1\" loading=\"lazy\" decoding=\"async\" width=\"701\" height=\"935\" data-attachment-id=\"2218\" data-permalink=\"https:\/\/patrimoine-avesnois.fr\/chemin\/glageon\/062_001\/\" data-orig-file=\"https:\/\/i0.wp.com\/patrimoine-avesnois.fr\/chemin\/wp-content\/uploads\/2019\/04\/062_001.jpg?fit=701%2C935&amp;ssl=1\" data-orig-size=\"701,935\" data-comments-opened=\"1\" data-image-meta=\"{&quot;aperture&quot;:&quot;0&quot;,&quot;credit&quot;:&quot;&quot;,&quot;camera&quot;:&quot;&quot;,&quot;caption&quot;:&quot;&quot;,&quot;created_timestamp&quot;:&quot;1556477643&quot;,&quot;copyright&quot;:&quot;&quot;,&quot;focal_length&quot;:&quot;0&quot;,&quot;iso&quot;:&quot;0&quot;,&quot;shutter_speed&quot;:&quot;0&quot;,&quot;title&quot;:&quot;&quot;,&quot;orientation&quot;:&quot;0&quot;}\" data-image-title=\"062_001\" data-image-description=\"\" data-image-caption=\"\" data-large-file=\"https:\/\/i0.wp.com\/patrimoine-avesnois.fr\/chemin\/wp-content\/uploads\/2019\/04\/062_001.jpg?fit=701%2C935&amp;ssl=1\" src=\"https:\/\/i0.wp.com\/patrimoine-avesnois.fr\/chemin\/wp-content\/uploads\/2019\/04\/062_001.jpg?resize=701%2C935\" alt=\"\" class=\"wp-image-2218\" style=\"width:630px\" srcset=\"https:\/\/i0.wp.com\/patrimoine-avesnois.fr\/chemin\/wp-content\/uploads\/2019\/04\/062_001.jpg?w=701&amp;ssl=1 701w, https:\/\/i0.wp.com\/patrimoine-avesnois.fr\/chemin\/wp-content\/uploads\/2019\/04\/062_001.jpg?resize=225%2C300&amp;ssl=1 225w\" sizes=\"auto, (max-width: 701px) 85vw, 701px\" \/><figcaption class=\"wp-element-caption\">Eglise et Mairie<\/figcaption><\/figure>\n<\/div>\n\n<div class=\"wp-block-image is-resized\">\n<figure class=\"aligncenter\"><img loading=\"lazy\" decoding=\"async\" width=\"800\" height=\"1067\" data-attachment-id=\"2220\" data-permalink=\"https:\/\/patrimoine-avesnois.fr\/chemin\/glageon\/800px-eglise_glageon\/\" data-orig-file=\"https:\/\/i0.wp.com\/patrimoine-avesnois.fr\/chemin\/wp-content\/uploads\/2019\/04\/800px-Eglise_glageon.jpg?fit=800%2C1067&amp;ssl=1\" data-orig-size=\"800,1067\" data-comments-opened=\"1\" data-image-meta=\"{&quot;aperture&quot;:&quot;0&quot;,&quot;credit&quot;:&quot;&quot;,&quot;camera&quot;:&quot;&quot;,&quot;caption&quot;:&quot;&quot;,&quot;created_timestamp&quot;:&quot;1556479288&quot;,&quot;copyright&quot;:&quot;&quot;,&quot;focal_length&quot;:&quot;0&quot;,&quot;iso&quot;:&quot;0&quot;,&quot;shutter_speed&quot;:&quot;0&quot;,&quot;title&quot;:&quot;&quot;,&quot;orientation&quot;:&quot;0&quot;}\" data-image-title=\"800px-Eglise_glageon\" data-image-description=\"\" data-image-caption=\"\" data-large-file=\"https:\/\/i0.wp.com\/patrimoine-avesnois.fr\/chemin\/wp-content\/uploads\/2019\/04\/800px-Eglise_glageon.jpg?fit=768%2C1024&amp;ssl=1\" src=\"https:\/\/i0.wp.com\/patrimoine-avesnois.fr\/chemin\/wp-content\/uploads\/2019\/04\/800px-Eglise_glageon.jpg?fit=768%2C1024\" alt=\"\" class=\"wp-image-2220\" srcset=\"https:\/\/i0.wp.com\/patrimoine-avesnois.fr\/chemin\/wp-content\/uploads\/2019\/04\/800px-Eglise_glageon.jpg?w=800&amp;ssl=1 800w, https:\/\/i0.wp.com\/patrimoine-avesnois.fr\/chemin\/wp-content\/uploads\/2019\/04\/800px-Eglise_glageon.jpg?resize=225%2C300&amp;ssl=1 225w, https:\/\/i0.wp.com\/patrimoine-avesnois.fr\/chemin\/wp-content\/uploads\/2019\/04\/800px-Eglise_glageon.jpg?resize=768%2C1024&amp;ssl=1 768w\" sizes=\"auto, (max-width: 800px) 85vw, 800px\" \/><figcaption class=\"wp-element-caption\">L&rsquo;\u00e9glise de Glageon Photo Chatsam<\/figcaption><\/figure>\n<\/div>\n\n<div class=\"wp-block-image\">\n<figure class=\"aligncenter\"><img loading=\"lazy\" decoding=\"async\" width=\"1280\" height=\"960\" data-attachment-id=\"2221\" data-permalink=\"https:\/\/patrimoine-avesnois.fr\/chemin\/glageon\/1280px-eglise_glageon_2\/\" data-orig-file=\"https:\/\/i0.wp.com\/patrimoine-avesnois.fr\/chemin\/wp-content\/uploads\/2019\/04\/1280px-Eglise_glageon_2.jpg?fit=1280%2C960&amp;ssl=1\" data-orig-size=\"1280,960\" data-comments-opened=\"1\" data-image-meta=\"{&quot;aperture&quot;:&quot;0&quot;,&quot;credit&quot;:&quot;&quot;,&quot;camera&quot;:&quot;&quot;,&quot;caption&quot;:&quot;&quot;,&quot;created_timestamp&quot;:&quot;0&quot;,&quot;copyright&quot;:&quot;&quot;,&quot;focal_length&quot;:&quot;0&quot;,&quot;iso&quot;:&quot;0&quot;,&quot;shutter_speed&quot;:&quot;0&quot;,&quot;title&quot;:&quot;&quot;,&quot;orientation&quot;:&quot;0&quot;}\" data-image-title=\"1280px-Eglise_glageon_2\" data-image-description=\"\" data-image-caption=\"\" data-large-file=\"https:\/\/i0.wp.com\/patrimoine-avesnois.fr\/chemin\/wp-content\/uploads\/2019\/04\/1280px-Eglise_glageon_2.jpg?fit=840%2C630&amp;ssl=1\" src=\"https:\/\/i0.wp.com\/patrimoine-avesnois.fr\/chemin\/wp-content\/uploads\/2019\/04\/1280px-Eglise_glageon_2.jpg?fit=840%2C630\" alt=\"\" class=\"wp-image-2221\" srcset=\"https:\/\/i0.wp.com\/patrimoine-avesnois.fr\/chemin\/wp-content\/uploads\/2019\/04\/1280px-Eglise_glageon_2.jpg?w=1280&amp;ssl=1 1280w, https:\/\/i0.wp.com\/patrimoine-avesnois.fr\/chemin\/wp-content\/uploads\/2019\/04\/1280px-Eglise_glageon_2.jpg?resize=300%2C225&amp;ssl=1 300w, https:\/\/i0.wp.com\/patrimoine-avesnois.fr\/chemin\/wp-content\/uploads\/2019\/04\/1280px-Eglise_glageon_2.jpg?resize=768%2C576&amp;ssl=1 768w, https:\/\/i0.wp.com\/patrimoine-avesnois.fr\/chemin\/wp-content\/uploads\/2019\/04\/1280px-Eglise_glageon_2.jpg?resize=1024%2C768&amp;ssl=1 1024w, https:\/\/i0.wp.com\/patrimoine-avesnois.fr\/chemin\/wp-content\/uploads\/2019\/04\/1280px-Eglise_glageon_2.jpg?resize=1200%2C900&amp;ssl=1 1200w\" sizes=\"auto, (max-width: 709px) 85vw, (max-width: 909px) 67vw, (max-width: 1362px) 62vw, 840px\" \/><figcaption class=\"wp-element-caption\"><em>L&rsquo;\u00e9glise de Glageon Photo Chatsam<\/em><\/figcaption><\/figure>\n<\/div>\n\n\n<p class=\"wp-block-paragraph\">L&rsquo;\u00e9glise de Glageon d\u00e9di\u00e9e \u00e0 Saint Martin date de 1714. Elle a \u00e9t\u00e9 agrandie en 1785. Son imposante Tour-clocher fut construite en 1847.<\/p>\n\n\n<div class=\"wp-block-image\">\n<figure class=\"aligncenter size-full is-resized\"><img data-recalc-dims=\"1\" loading=\"lazy\" decoding=\"async\" width=\"399\" height=\"224\" data-attachment-id=\"29033\" data-permalink=\"https:\/\/patrimoine-avesnois.fr\/chemin\/glageon\/image-3401\/\" data-orig-file=\"https:\/\/i0.wp.com\/patrimoine-avesnois.fr\/chemin\/wp-content\/uploads\/2026\/08\/image-248.png?fit=399%2C224&amp;ssl=1\" data-orig-size=\"399,224\" data-comments-opened=\"1\" data-image-meta=\"{&quot;aperture&quot;:&quot;0&quot;,&quot;credit&quot;:&quot;&quot;,&quot;camera&quot;:&quot;&quot;,&quot;caption&quot;:&quot;&quot;,&quot;created_timestamp&quot;:&quot;0&quot;,&quot;copyright&quot;:&quot;&quot;,&quot;focal_length&quot;:&quot;0&quot;,&quot;iso&quot;:&quot;0&quot;,&quot;shutter_speed&quot;:&quot;0&quot;,&quot;title&quot;:&quot;&quot;,&quot;orientation&quot;:&quot;0&quot;,&quot;alt&quot;:&quot;&quot;}\" data-image-title=\"image\" data-image-description=\"\" data-image-caption=\"\" data-large-file=\"https:\/\/i0.wp.com\/patrimoine-avesnois.fr\/chemin\/wp-content\/uploads\/2026\/08\/image-248.png?fit=399%2C224&amp;ssl=1\" src=\"https:\/\/i0.wp.com\/patrimoine-avesnois.fr\/chemin\/wp-content\/uploads\/2026\/08\/image-248.png?resize=399%2C224&#038;ssl=1\" alt=\"\" class=\"wp-image-29033\" style=\"width:630px;height:auto\" srcset=\"https:\/\/i0.wp.com\/patrimoine-avesnois.fr\/chemin\/wp-content\/uploads\/2026\/08\/image-248.png?w=399&amp;ssl=1 399w, https:\/\/i0.wp.com\/patrimoine-avesnois.fr\/chemin\/wp-content\/uploads\/2026\/08\/image-248.png?resize=300%2C168&amp;ssl=1 300w\" sizes=\"auto, (max-width: 399px) 85vw, 399px\" \/><figcaption class=\"wp-element-caption\">Int\u00e9rieur<\/figcaption><\/figure>\n<\/div>\n\n\n<p class=\"wp-block-paragraph\"><\/p>\n\n\n\n<p class=\"wp-block-paragraph\">L\u2019int\u00e9rieur de l\u2019\u00e9glise Saint\u2011Martin r\u00e9unit un <strong>ensemble remarquable de mobilier prot\u00e9g\u00e9<\/strong> allant du XVII\u1d49 au XIX\u1d49 si\u00e8cle. Le ch\u0153ur est domin\u00e9 par un <strong>retable du XIX\u1d49 si\u00e8cle<\/strong> avec un tableau de l\u2019Assomption, accompagn\u00e9 de <strong>stalles<\/strong>, d\u2019un <strong>ma\u00eetre\u2011autel<\/strong> et de deux <strong>autels lat\u00e9raux<\/strong> en bois et marbre.<\/p>\n\n\n\n<p class=\"wp-block-paragraph\">Les pi\u00e8ces les plus anciennes sont un <strong>reliquaire de Saint\u2011Martin<\/strong> (XVII\u1d49 si\u00e8cle) et les <strong>fonts baptismaux en marbre rouge<\/strong>, d\u2019une grande qualit\u00e9. Le XVIII\u1d49 si\u00e8cle est repr\u00e9sent\u00e9 par la <strong>chaire \u00e0 pr\u00eacher<\/strong>, la <strong>rampe de tribune<\/strong> et un <strong>ciboire en argent<\/strong>. La statuaire comprend <strong>Saint Nicolas<\/strong> et <strong>Sainte Catherine<\/strong>, en bois dor\u00e9. Deux <strong>confessionnaux du XIX\u1d49 si\u00e8cle<\/strong> compl\u00e8tent l\u2019ensemble.<\/p>\n\n\n<div class=\"wp-block-image\">\n<figure class=\"aligncenter size-full is-resized\"><img data-recalc-dims=\"1\" loading=\"lazy\" decoding=\"async\" width=\"156\" height=\"287\" data-attachment-id=\"29015\" data-permalink=\"https:\/\/patrimoine-avesnois.fr\/chemin\/glageon\/image-3392\/\" data-orig-file=\"https:\/\/i0.wp.com\/patrimoine-avesnois.fr\/chemin\/wp-content\/uploads\/2026\/08\/image-239.png?fit=156%2C287&amp;ssl=1\" data-orig-size=\"156,287\" data-comments-opened=\"1\" data-image-meta=\"{&quot;aperture&quot;:&quot;0&quot;,&quot;credit&quot;:&quot;&quot;,&quot;camera&quot;:&quot;&quot;,&quot;caption&quot;:&quot;&quot;,&quot;created_timestamp&quot;:&quot;0&quot;,&quot;copyright&quot;:&quot;&quot;,&quot;focal_length&quot;:&quot;0&quot;,&quot;iso&quot;:&quot;0&quot;,&quot;shutter_speed&quot;:&quot;0&quot;,&quot;title&quot;:&quot;&quot;,&quot;orientation&quot;:&quot;0&quot;,&quot;alt&quot;:&quot;&quot;}\" data-image-title=\"image\" data-image-description=\"\" data-image-caption=\"\" data-large-file=\"https:\/\/i0.wp.com\/patrimoine-avesnois.fr\/chemin\/wp-content\/uploads\/2026\/08\/image-239.png?fit=156%2C287&amp;ssl=1\" src=\"https:\/\/i0.wp.com\/patrimoine-avesnois.fr\/chemin\/wp-content\/uploads\/2026\/08\/image-239.png?resize=156%2C287&#038;ssl=1\" alt=\"\" class=\"wp-image-29015\" style=\"width:350px;height:auto\"\/><figcaption class=\"wp-element-caption\">Reliquaire en argent de St Martin XVII e si\u00e8cle<\/figcaption><\/figure>\n<\/div>\n\n\n<p class=\"wp-block-paragraph\"><\/p>\n\n\n\n<p class=\"wp-block-paragraph\"><\/p>\n\n\n\n<figure class=\"wp-block-image\"><img loading=\"lazy\" decoding=\"async\" width=\"1535\" height=\"934\" data-attachment-id=\"2239\" data-permalink=\"https:\/\/patrimoine-avesnois.fr\/chemin\/glageon\/710_001\/\" data-orig-file=\"https:\/\/i0.wp.com\/patrimoine-avesnois.fr\/chemin\/wp-content\/uploads\/2019\/04\/710_001.jpg?fit=1535%2C934&amp;ssl=1\" data-orig-size=\"1535,934\" data-comments-opened=\"1\" data-image-meta=\"{&quot;aperture&quot;:&quot;0&quot;,&quot;credit&quot;:&quot;&quot;,&quot;camera&quot;:&quot;&quot;,&quot;caption&quot;:&quot;&quot;,&quot;created_timestamp&quot;:&quot;1556483778&quot;,&quot;copyright&quot;:&quot;&quot;,&quot;focal_length&quot;:&quot;0&quot;,&quot;iso&quot;:&quot;0&quot;,&quot;shutter_speed&quot;:&quot;0&quot;,&quot;title&quot;:&quot;&quot;,&quot;orientation&quot;:&quot;0&quot;}\" data-image-title=\"710_001\" data-image-description=\"\" data-image-caption=\"\" data-large-file=\"https:\/\/i0.wp.com\/patrimoine-avesnois.fr\/chemin\/wp-content\/uploads\/2019\/04\/710_001.jpg?fit=840%2C511&amp;ssl=1\" src=\"https:\/\/i0.wp.com\/patrimoine-avesnois.fr\/chemin\/wp-content\/uploads\/2019\/04\/710_001.jpg?fit=840%2C511\" alt=\"\" class=\"wp-image-2239\" srcset=\"https:\/\/i0.wp.com\/patrimoine-avesnois.fr\/chemin\/wp-content\/uploads\/2019\/04\/710_001.jpg?w=1535&amp;ssl=1 1535w, https:\/\/i0.wp.com\/patrimoine-avesnois.fr\/chemin\/wp-content\/uploads\/2019\/04\/710_001.jpg?resize=300%2C183&amp;ssl=1 300w, https:\/\/i0.wp.com\/patrimoine-avesnois.fr\/chemin\/wp-content\/uploads\/2019\/04\/710_001.jpg?resize=768%2C467&amp;ssl=1 768w, https:\/\/i0.wp.com\/patrimoine-avesnois.fr\/chemin\/wp-content\/uploads\/2019\/04\/710_001.jpg?resize=1024%2C623&amp;ssl=1 1024w, https:\/\/i0.wp.com\/patrimoine-avesnois.fr\/chemin\/wp-content\/uploads\/2019\/04\/710_001.jpg?resize=1200%2C730&amp;ssl=1 1200w\" sizes=\"auto, (max-width: 709px) 85vw, (max-width: 909px) 67vw, (max-width: 1362px) 62vw, 840px\" \/><figcaption class=\"wp-element-caption\">L&rsquo;ancienne Mairie, la Place et le kiosque disparu en mars 1975 suite \u00e0 une temp\u00eate.<\/figcaption><\/figure>\n\n\n\n<p class=\"wp-block-paragraph\"><\/p>\n\n\n<div class=\"wp-block-image is-resized\">\n<figure class=\"aligncenter\"><img data-recalc-dims=\"1\" decoding=\"async\" src=\"https:\/\/i0.wp.com\/p6.storage.canalblog.com\/60\/94\/783846\/120292630.jpg?w=840&#038;ssl=1\" alt=\"GLAGEON-La Place\"\/><figcaption class=\"wp-element-caption\"> <em>L&rsquo;ancienne Mairie &#8211; Grand Place<\/em> <\/figcaption><\/figure>\n<\/div>\n\n\n<p class=\"wp-block-paragraph\"><\/p>\n\n\n\n<figure class=\"wp-block-image is-resized\"><img decoding=\"async\" src=\"https:\/\/upload.wikimedia.org\/wikipedia\/commons\/thumb\/c\/ce\/Glageon_%28Nord%2C_Fr%29_mairie.jpg\/1280px-Glageon_%28Nord%2C_Fr%29_mairie.jpg\" alt=\"Glageon\"\/><figcaption class=\"wp-element-caption\"><em>La Mairie actuelle &#8211; Rue du G\u00e9n\u00e9ral de Gaulle<\/em> Photo Havang<\/figcaption><\/figure>\n\n\n\n<p class=\"wp-block-paragraph\"><\/p>\n\n\n\n<p class=\"wp-block-paragraph\">L\u2019H\u00f4tel de ville de Glageon occupe une ancienne villa bourgeoise du d\u00e9but du XX\u1d49 si\u00e8cle, dont l\u2019allure \u00e9voquait un petit ch\u00e2teau. Transform\u00e9e en mairie, elle succ\u00e8de \u00e0 l\u2019ancienne maison communale de la Grand\u2011Place.<\/p>\n\n\n<div class=\"wp-block-image is-resized\">\n<figure class=\"aligncenter\"><img data-recalc-dims=\"1\" loading=\"lazy\" decoding=\"async\" width=\"715\" height=\"953\" data-attachment-id=\"2225\" data-permalink=\"https:\/\/patrimoine-avesnois.fr\/chemin\/glageon\/886_001\/\" data-orig-file=\"https:\/\/i0.wp.com\/patrimoine-avesnois.fr\/chemin\/wp-content\/uploads\/2019\/04\/886_001.jpg?fit=715%2C953&amp;ssl=1\" data-orig-size=\"715,953\" data-comments-opened=\"1\" data-image-meta=\"{&quot;aperture&quot;:&quot;0&quot;,&quot;credit&quot;:&quot;&quot;,&quot;camera&quot;:&quot;&quot;,&quot;caption&quot;:&quot;&quot;,&quot;created_timestamp&quot;:&quot;1556477614&quot;,&quot;copyright&quot;:&quot;&quot;,&quot;focal_length&quot;:&quot;0&quot;,&quot;iso&quot;:&quot;0&quot;,&quot;shutter_speed&quot;:&quot;0&quot;,&quot;title&quot;:&quot;&quot;,&quot;orientation&quot;:&quot;0&quot;}\" data-image-title=\"886_001\" data-image-description=\"\" data-image-caption=\"\" data-large-file=\"https:\/\/i0.wp.com\/patrimoine-avesnois.fr\/chemin\/wp-content\/uploads\/2019\/04\/886_001.jpg?fit=715%2C953&amp;ssl=1\" src=\"https:\/\/i0.wp.com\/patrimoine-avesnois.fr\/chemin\/wp-content\/uploads\/2019\/04\/886_001.jpg?resize=715%2C953\" alt=\"\" class=\"wp-image-2225\" srcset=\"https:\/\/i0.wp.com\/patrimoine-avesnois.fr\/chemin\/wp-content\/uploads\/2019\/04\/886_001.jpg?w=715&amp;ssl=1 715w, https:\/\/i0.wp.com\/patrimoine-avesnois.fr\/chemin\/wp-content\/uploads\/2019\/04\/886_001.jpg?resize=225%2C300&amp;ssl=1 225w\" sizes=\"auto, (max-width: 715px) 85vw, 715px\" \/><figcaption class=\"wp-element-caption\">Le Monument aux Morts<\/figcaption><\/figure>\n<\/div>\n\n\n<p class=\"wp-block-paragraph\"><\/p>\n\n\n<div class=\"wp-block-image\">\n<figure class=\"aligncenter size-full is-resized\"><img data-recalc-dims=\"1\" loading=\"lazy\" decoding=\"async\" width=\"433\" height=\"593\" data-attachment-id=\"29021\" data-permalink=\"https:\/\/patrimoine-avesnois.fr\/chemin\/glageon\/image-3396\/\" data-orig-file=\"https:\/\/i0.wp.com\/patrimoine-avesnois.fr\/chemin\/wp-content\/uploads\/2026\/08\/image-243.png?fit=433%2C593&amp;ssl=1\" data-orig-size=\"433,593\" data-comments-opened=\"1\" data-image-meta=\"{&quot;aperture&quot;:&quot;0&quot;,&quot;credit&quot;:&quot;&quot;,&quot;camera&quot;:&quot;&quot;,&quot;caption&quot;:&quot;&quot;,&quot;created_timestamp&quot;:&quot;0&quot;,&quot;copyright&quot;:&quot;&quot;,&quot;focal_length&quot;:&quot;0&quot;,&quot;iso&quot;:&quot;0&quot;,&quot;shutter_speed&quot;:&quot;0&quot;,&quot;title&quot;:&quot;&quot;,&quot;orientation&quot;:&quot;0&quot;,&quot;alt&quot;:&quot;&quot;}\" data-image-title=\"image\" data-image-description=\"\" data-image-caption=\"\" data-large-file=\"https:\/\/i0.wp.com\/patrimoine-avesnois.fr\/chemin\/wp-content\/uploads\/2026\/08\/image-243.png?fit=433%2C593&amp;ssl=1\" src=\"https:\/\/i0.wp.com\/patrimoine-avesnois.fr\/chemin\/wp-content\/uploads\/2026\/08\/image-243.png?resize=433%2C593&#038;ssl=1\" alt=\"\" class=\"wp-image-29021\" style=\"width:497px;height:auto\" srcset=\"https:\/\/i0.wp.com\/patrimoine-avesnois.fr\/chemin\/wp-content\/uploads\/2026\/08\/image-243.png?w=433&amp;ssl=1 433w, https:\/\/i0.wp.com\/patrimoine-avesnois.fr\/chemin\/wp-content\/uploads\/2026\/08\/image-243.png?resize=219%2C300&amp;ssl=1 219w\" sizes=\"auto, (max-width: 433px) 85vw, 433px\" \/><figcaption class=\"wp-element-caption\">Le Monument aux Morts de Glageon<\/figcaption><\/figure>\n<\/div>\n\n\n<p class=\"wp-block-paragraph\"><\/p>\n\n\n\n<p class=\"wp-block-paragraph\">La st\u00e8le est surmont\u00e9e d&rsquo;un poilu. On notera que les pilasses en pierre de l&rsquo;enceinte ont \u00e9t\u00e9 taill\u00e9es en forme d&rsquo;obus. <\/p>\n\n\n\n<p class=\"wp-block-paragraph\"><\/p>\n\n\n<div class=\"wp-block-image\">\n<figure class=\"aligncenter size-full is-resized\"><img data-recalc-dims=\"1\" loading=\"lazy\" decoding=\"async\" width=\"569\" height=\"810\" data-attachment-id=\"29037\" data-permalink=\"https:\/\/patrimoine-avesnois.fr\/chemin\/glageon\/image-3405\/\" data-orig-file=\"https:\/\/i0.wp.com\/patrimoine-avesnois.fr\/chemin\/wp-content\/uploads\/2026\/08\/image-252.png?fit=569%2C810&amp;ssl=1\" data-orig-size=\"569,810\" data-comments-opened=\"1\" data-image-meta=\"{&quot;aperture&quot;:&quot;0&quot;,&quot;credit&quot;:&quot;&quot;,&quot;camera&quot;:&quot;&quot;,&quot;caption&quot;:&quot;&quot;,&quot;created_timestamp&quot;:&quot;0&quot;,&quot;copyright&quot;:&quot;&quot;,&quot;focal_length&quot;:&quot;0&quot;,&quot;iso&quot;:&quot;0&quot;,&quot;shutter_speed&quot;:&quot;0&quot;,&quot;title&quot;:&quot;&quot;,&quot;orientation&quot;:&quot;0&quot;,&quot;alt&quot;:&quot;&quot;}\" data-image-title=\"image\" data-image-description=\"\" data-image-caption=\"\" data-large-file=\"https:\/\/i0.wp.com\/patrimoine-avesnois.fr\/chemin\/wp-content\/uploads\/2026\/08\/image-252.png?fit=569%2C810&amp;ssl=1\" src=\"https:\/\/i0.wp.com\/patrimoine-avesnois.fr\/chemin\/wp-content\/uploads\/2026\/08\/image-252.png?resize=569%2C810&#038;ssl=1\" alt=\"\" class=\"wp-image-29037\" style=\"width:501px;height:auto\" srcset=\"https:\/\/i0.wp.com\/patrimoine-avesnois.fr\/chemin\/wp-content\/uploads\/2026\/08\/image-252.png?w=569&amp;ssl=1 569w, https:\/\/i0.wp.com\/patrimoine-avesnois.fr\/chemin\/wp-content\/uploads\/2026\/08\/image-252.png?resize=211%2C300&amp;ssl=1 211w\" sizes=\"auto, (max-width: 569px) 85vw, 569px\" \/><figcaption class=\"wp-element-caption\">Monument en l&rsquo;honneur d&rsquo;Emmanuel Brihaye<\/figcaption><\/figure>\n<\/div>\n\n\n<p class=\"wp-block-paragraph\"><\/p>\n\n\n\n<p class=\"wp-block-paragraph\">Emmanuel Brihaye (1913 &#8211; 2004) fut officier de l&rsquo;arm\u00e9e de l&rsquo;air, pilote de chasse dans le groupe Normandie Niemen de 1943 \u00e0 1945 et pilote d&rsquo;essai de 1947 \u00e0 1967 chez le motoriste SNECMA.<\/p>\n\n\n<div class=\"wp-block-image is-resized\">\n<figure class=\"aligncenter\"><img data-recalc-dims=\"1\" loading=\"lazy\" decoding=\"async\" width=\"647\" height=\"963\" data-attachment-id=\"2230\" data-permalink=\"https:\/\/patrimoine-avesnois.fr\/chemin\/glageon\/997_001\/\" data-orig-file=\"https:\/\/i0.wp.com\/patrimoine-avesnois.fr\/chemin\/wp-content\/uploads\/2019\/04\/997_001.jpg?fit=647%2C963&amp;ssl=1\" data-orig-size=\"647,963\" data-comments-opened=\"1\" data-image-meta=\"{&quot;aperture&quot;:&quot;0&quot;,&quot;credit&quot;:&quot;&quot;,&quot;camera&quot;:&quot;&quot;,&quot;caption&quot;:&quot;&quot;,&quot;created_timestamp&quot;:&quot;1556477606&quot;,&quot;copyright&quot;:&quot;&quot;,&quot;focal_length&quot;:&quot;0&quot;,&quot;iso&quot;:&quot;0&quot;,&quot;shutter_speed&quot;:&quot;0&quot;,&quot;title&quot;:&quot;&quot;,&quot;orientation&quot;:&quot;0&quot;}\" data-image-title=\"997_001\" data-image-description=\"\" data-image-caption=\"\" data-large-file=\"https:\/\/i0.wp.com\/patrimoine-avesnois.fr\/chemin\/wp-content\/uploads\/2019\/04\/997_001.jpg?fit=647%2C963&amp;ssl=1\" src=\"https:\/\/i0.wp.com\/patrimoine-avesnois.fr\/chemin\/wp-content\/uploads\/2019\/04\/997_001.jpg?resize=647%2C963\" alt=\"\" class=\"wp-image-2230\" srcset=\"https:\/\/i0.wp.com\/patrimoine-avesnois.fr\/chemin\/wp-content\/uploads\/2019\/04\/997_001.jpg?w=647&amp;ssl=1 647w, https:\/\/i0.wp.com\/patrimoine-avesnois.fr\/chemin\/wp-content\/uploads\/2019\/04\/997_001.jpg?resize=202%2C300&amp;ssl=1 202w\" sizes=\"auto, (max-width: 647px) 85vw, 647px\" \/><figcaption class=\"wp-element-caption\">Le ch\u00e2teau des Tourelles<\/figcaption><\/figure>\n<\/div>\n\n\n<p class=\"wp-block-paragraph\"><\/p>\n\n\n<div class=\"wp-block-image is-resized\">\n<figure class=\"aligncenter\"><img data-recalc-dims=\"1\" loading=\"lazy\" decoding=\"async\" width=\"286\" height=\"450\" data-attachment-id=\"2232\" data-permalink=\"https:\/\/patrimoine-avesnois.fr\/chemin\/glageon\/image-450\/\" data-orig-file=\"https:\/\/i0.wp.com\/patrimoine-avesnois.fr\/chemin\/wp-content\/uploads\/2019\/04\/image-426.png?fit=286%2C450&amp;ssl=1\" data-orig-size=\"286,450\" data-comments-opened=\"1\" data-image-meta=\"{&quot;aperture&quot;:&quot;0&quot;,&quot;credit&quot;:&quot;&quot;,&quot;camera&quot;:&quot;&quot;,&quot;caption&quot;:&quot;&quot;,&quot;created_timestamp&quot;:&quot;0&quot;,&quot;copyright&quot;:&quot;&quot;,&quot;focal_length&quot;:&quot;0&quot;,&quot;iso&quot;:&quot;0&quot;,&quot;shutter_speed&quot;:&quot;0&quot;,&quot;title&quot;:&quot;&quot;,&quot;orientation&quot;:&quot;0&quot;}\" data-image-title=\"image\" data-image-description=\"\" data-image-caption=\"\" data-large-file=\"https:\/\/i0.wp.com\/patrimoine-avesnois.fr\/chemin\/wp-content\/uploads\/2019\/04\/image-426.png?fit=286%2C450&amp;ssl=1\" src=\"https:\/\/i0.wp.com\/patrimoine-avesnois.fr\/chemin\/wp-content\/uploads\/2019\/04\/image-426.png?resize=286%2C450\" alt=\"\" class=\"wp-image-2232\" style=\"width:470px;height:auto\" srcset=\"https:\/\/i0.wp.com\/patrimoine-avesnois.fr\/chemin\/wp-content\/uploads\/2019\/04\/image-426.png?w=286&amp;ssl=1 286w, https:\/\/i0.wp.com\/patrimoine-avesnois.fr\/chemin\/wp-content\/uploads\/2019\/04\/image-426.png?resize=191%2C300&amp;ssl=1 191w\" sizes=\"auto, (max-width: 286px) 85vw, 286px\" \/><figcaption class=\"wp-element-caption\">Vue arri\u00e8re<\/figcaption><\/figure>\n<\/div>\n\n\n<p class=\"wp-block-paragraph\"><\/p>\n\n\n<div class=\"wp-block-image\">\n<figure class=\"aligncenter\"><img loading=\"lazy\" decoding=\"async\" width=\"1596\" height=\"1021\" data-attachment-id=\"2231\" data-permalink=\"https:\/\/patrimoine-avesnois.fr\/chemin\/glageon\/210_001\/\" data-orig-file=\"https:\/\/i0.wp.com\/patrimoine-avesnois.fr\/chemin\/wp-content\/uploads\/2019\/04\/210_001.jpg?fit=1596%2C1021&amp;ssl=1\" data-orig-size=\"1596,1021\" data-comments-opened=\"1\" data-image-meta=\"{&quot;aperture&quot;:&quot;0&quot;,&quot;credit&quot;:&quot;&quot;,&quot;camera&quot;:&quot;&quot;,&quot;caption&quot;:&quot;&quot;,&quot;created_timestamp&quot;:&quot;1556477624&quot;,&quot;copyright&quot;:&quot;&quot;,&quot;focal_length&quot;:&quot;0&quot;,&quot;iso&quot;:&quot;0&quot;,&quot;shutter_speed&quot;:&quot;0&quot;,&quot;title&quot;:&quot;&quot;,&quot;orientation&quot;:&quot;0&quot;}\" data-image-title=\"210_001\" data-image-description=\"\" data-image-caption=\"\" data-large-file=\"https:\/\/i0.wp.com\/patrimoine-avesnois.fr\/chemin\/wp-content\/uploads\/2019\/04\/210_001.jpg?fit=840%2C537&amp;ssl=1\" src=\"https:\/\/i0.wp.com\/patrimoine-avesnois.fr\/chemin\/wp-content\/uploads\/2019\/04\/210_001.jpg?fit=840%2C537\" alt=\"\" class=\"wp-image-2231\" srcset=\"https:\/\/i0.wp.com\/patrimoine-avesnois.fr\/chemin\/wp-content\/uploads\/2019\/04\/210_001.jpg?w=1596&amp;ssl=1 1596w, https:\/\/i0.wp.com\/patrimoine-avesnois.fr\/chemin\/wp-content\/uploads\/2019\/04\/210_001.jpg?resize=300%2C192&amp;ssl=1 300w, https:\/\/i0.wp.com\/patrimoine-avesnois.fr\/chemin\/wp-content\/uploads\/2019\/04\/210_001.jpg?resize=768%2C491&amp;ssl=1 768w, https:\/\/i0.wp.com\/patrimoine-avesnois.fr\/chemin\/wp-content\/uploads\/2019\/04\/210_001.jpg?resize=1024%2C655&amp;ssl=1 1024w, https:\/\/i0.wp.com\/patrimoine-avesnois.fr\/chemin\/wp-content\/uploads\/2019\/04\/210_001.jpg?resize=1200%2C768&amp;ssl=1 1200w\" sizes=\"auto, (max-width: 709px) 85vw, (max-width: 909px) 67vw, (max-width: 1362px) 62vw, 840px\" \/><figcaption class=\"wp-element-caption\">le ch\u00e2teau des Tourelles<\/figcaption><\/figure>\n<\/div>\n\n\n<p class=\"wp-block-paragraph\"><\/p>\n\n\n\n<p class=\"wp-block-paragraph\">Le ch\u00e2teau des Tourelles est une demeure bourgeoise du XIX\u1d49 si\u00e8cle, construite pour l\u2019industriel Auguste Landousie, filateur \u00e0 Glageon. Implant\u00e9e dans un parc arbor\u00e9 avec bassin et ruisseau, elle se distingue par ses trois tourelles, son pavillon carr\u00e9 et ses soubassements en gr\u00e8s. \u00c0 proximit\u00e9 se trouvait une motte f\u00e9odale encore visible sur le cadastre de 1888. Transform\u00e9e en colonie de vacances dans les ann\u00e9es 1950 puis en restaurant dans les ann\u00e9es 1980, la demeure est aujourd\u2019hui connue sous le nom \u201cLes Tourelles\u201d.<\/p>\n\n\n\n<p class=\"wp-block-paragraph\"><\/p>\n\n\n<div class=\"wp-block-image\">\n<figure class=\"aligncenter\"><img decoding=\"async\" data-attachment-id=\"258\" data-permalink=\"https:\/\/patrimoine-avesnois.fr\/chemin\/beaufort\/196123_5aeb2742bcb94\/\" data-orig-file=\"https:\/\/i0.wp.com\/patrimoine-avesnois.fr\/chemin\/wp-content\/uploads\/2019\/03\/196123_5aeb2742bcb94.jpg?fit=1600%2C1200&amp;ssl=1\" data-orig-size=\"1600,1200\" data-comments-opened=\"1\" data-image-meta=\"{&quot;aperture&quot;:&quot;0&quot;,&quot;credit&quot;:&quot;&quot;,&quot;camera&quot;:&quot;&quot;,&quot;caption&quot;:&quot;&quot;,&quot;created_timestamp&quot;:&quot;0&quot;,&quot;copyright&quot;:&quot;&quot;,&quot;focal_length&quot;:&quot;0&quot;,&quot;iso&quot;:&quot;0&quot;,&quot;shutter_speed&quot;:&quot;0&quot;,&quot;title&quot;:&quot;&quot;,&quot;orientation&quot;:&quot;0&quot;}\" data-image-title=\"196123_5aeb2742bcb94\" data-image-description=\"\" data-image-caption=\"\" data-large-file=\"https:\/\/i0.wp.com\/patrimoine-avesnois.fr\/chemin\/wp-content\/uploads\/2019\/03\/196123_5aeb2742bcb94.jpg?fit=840%2C630&amp;ssl=1\" src=\"http:\/\/i0.wp.com\/www.calvaires-avesnois.fr\/wp-content\/uploads\/2016\/09\/Capturer-2.jpg?resize=740%2C589\" alt=\"Calvaire de Glageon sur un tertre\" class=\"wp-image-258\"\/><figcaption class=\"wp-element-caption\">Calvaire de Glageon sur un tertre<\/figcaption><\/figure>\n<\/div>\n\n\n<p class=\"wp-block-paragraph\"><\/p>\n\n\n<div class=\"wp-block-image is-resized\">\n<figure class=\"aligncenter\"><img decoding=\"async\" src=\"http:\/\/i2.wp.com\/www.calvaires-avesnois.fr\/wp-content\/uploads\/2016\/09\/19a..jpg?resize=768%2C1024\" alt=\"Calvaire de Glageon. Photo 2017\" class=\"wp-image-1689\"\/><figcaption class=\"wp-element-caption\">Calvaire de Glageon. Photo 2017<\/figcaption><\/figure>\n<\/div>\n\n\n<p class=\"wp-block-paragraph\"><\/p>\n\n\n<div class=\"wp-block-image is-resized\">\n<figure class=\"aligncenter\"><img decoding=\"async\" data-attachment-id=\"1691\" data-permalink=\"https:\/\/patrimoine-avesnois.fr\/chemin\/frasnoy\/image-378\/\" data-orig-file=\"https:\/\/i0.wp.com\/patrimoine-avesnois.fr\/chemin\/wp-content\/uploads\/2019\/04\/image-356.png?fit=585%2C359&amp;ssl=1\" data-orig-size=\"585,359\" data-comments-opened=\"1\" data-image-meta=\"{&quot;aperture&quot;:&quot;0&quot;,&quot;credit&quot;:&quot;&quot;,&quot;camera&quot;:&quot;&quot;,&quot;caption&quot;:&quot;&quot;,&quot;created_timestamp&quot;:&quot;0&quot;,&quot;copyright&quot;:&quot;&quot;,&quot;focal_length&quot;:&quot;0&quot;,&quot;iso&quot;:&quot;0&quot;,&quot;shutter_speed&quot;:&quot;0&quot;,&quot;title&quot;:&quot;&quot;,&quot;orientation&quot;:&quot;0&quot;}\" data-image-title=\"image\" data-image-description=\"\" data-image-caption=\"\" data-large-file=\"https:\/\/i0.wp.com\/patrimoine-avesnois.fr\/chemin\/wp-content\/uploads\/2019\/04\/image-356.png?fit=585%2C359&amp;ssl=1\" src=\"http:\/\/i2.wp.com\/www.calvaires-avesnois.fr\/wp-content\/uploads\/2016\/09\/19b..jpg?resize=768%2C1024\" alt=\"Int\u00e9rieur\" class=\"wp-image-1691\"\/><figcaption class=\"wp-element-caption\">Int\u00e9rieur<\/figcaption><\/figure>\n<\/div>\n\n\n<p class=\"wp-block-paragraph\"><\/p>\n\n\n\n<p class=\"wp-block-paragraph\">Il est \u00e9rig\u00e9 \u00e0 partir de 1727 pour remercier Notre-Dame de Montaigu de l\u2019exaucement d\u2019un v\u0153u. Un p\u00e8lerinage s\u2019y d\u00e9roule d\u00e8s la fin du XVIIIe si\u00e8cle. Il sera renforc\u00e9 dans ses fondations au XIXe si\u00e8cle par 4 gros piliers de pierre bleue taill\u00e9e. Il est coiff\u00e9&nbsp; d\u2019une toiture \u00e0 quatre pans sur une imposante charpente en ch\u00eane massif. Du haut de ce r\u00e9cif corallien, Il domine toute la localit\u00e9 ainsi que la carri\u00e8re situ\u00e9e juste \u00e0 c\u00f4t\u00e9.<\/p>\n\n\n\n<p class=\"wp-block-paragraph\">Dans les archives nous avons retrouv\u00e9 ce document faisant \u00e9tat de la donation du calvaire. Il porte la date de 1727.<br>\u00abPour m\u00e9moire \u00e0 la post\u00e9rit\u00e9 et \u00e0 mes enfants.<br>Je soussign\u00e9 propri\u00e9taire apr\u00e8s Dieu de deux razi\u00e8res de terre sur le caillois, tenant aux haies Demon (?), conna\u00eet et confesser d\u2019avoir accord\u00e9 \u00e0 perp\u00e9tuit\u00e9, autant d\u2019espace de terrain sur la dite terre qu\u2019il est convenable pour y \u00e9riger un calvaire, \u00e0 la plus grande gloire de Dieu et en m\u00e9moire de la mort et passion de notre sauveur J\u00e9sus Christ, lequel a \u00e9t\u00e9 fait par la d\u00e9votion de Demoiselle Marie Goulard, la vigilance et sollicitude de Monsieur Robert Blanchart, notre tr\u00e8s digne pasteur, comme aussi du pr\u00e9sent donateur et plusieurs autres personnes pieuses de la paroisse de Glageon le huit du mois d\u2019avril mil sept cent vingt sept.<br>Le document est sign\u00e9 Lef\u00e8bvre. Source&nbsp;: Chrisnord selon son blog du 20\/06\/2012<\/p>\n\n\n\n<p class=\"wp-block-paragraph\">Ce document pourrait avoir \u00e9t\u00e9 sign\u00e9 par le P\u00e8re Jacques Lef\u00e8bvre j\u00e9suite \u00e0 Glageon dont sa pr\u00e9sence est attest\u00e9e dans cette paroisse en 1748&nbsp;: cf. M\u00e9moires de la Soci\u00e9t\u00e9 d\u2019\u00e9mulation de Cambrai en date du 12\/12\/1909.<\/p>\n\n\n\n<p class=\"wp-block-paragraph\">En 1727 donc P Lefebvre donne un terrain sur lequel Marie Goulart, veuve de Jean Th\u00e9odore de Goz\u00e9e, fait \u00e9riger un calvaire. Ce monument subira au moins trois r\u00e9fections. Les pilastres en ma\u00e7onnerie seront remplac\u00e9s par quatre piliers en pierre de taille entour\u00e9s de grille en 1868. En 1912-1913, des r\u00e9parations seront entreprises aux frais de Louis Hubinet et, en 1992-1993, la commune le restaure compl\u00e8tement avec une inauguration le 4 juillet 1993, en pr\u00e9sence de Monseigneur Delaporte, \u00e9v\u00eaque de Cambrai.<\/p>\n\n\n\n<figure class=\"wp-block-image\"><img data-recalc-dims=\"1\" decoding=\"async\" src=\"https:\/\/i0.wp.com\/oratoiresetchapelles-avesnois.fr\/wp-content\/uploads\/2017\/10\/capture-1.png?w=840\" alt=\"capture\"\/><figcaption class=\"wp-element-caption\"><a href=\"http:\/\/oratoiresetchapelles-avesnois.fr\/glageon\/\" target=\"_blank\" rel=\"noreferrer noopener\" aria-label=\"17 oratoires et 3 chapelles (opens in a new tab)\">17 oratoires et 3 chapelles<\/a><\/figcaption><\/figure>\n\n\n\n<p class=\"wp-block-paragraph\"><\/p>\n\n\n<div class=\"wp-block-image is-resized\">\n<figure class=\"aligncenter\"><img data-recalc-dims=\"1\" decoding=\"async\" src=\"https:\/\/i0.wp.com\/p0.storage.canalblog.com\/06\/82\/783846\/86848979_o.jpg?w=840&#038;ssl=1\" alt=\"\"\/><figcaption class=\"wp-element-caption\">L&rsquo;ancien lavoir. Cr\u00e9dit photo G\u00e9rard Lemaire<\/figcaption><\/figure>\n<\/div>\n\n\n<p class=\"wp-block-paragraph\"><\/p>\n\n\n<div class=\"wp-block-image\">\n<figure class=\"aligncenter size-full\"><img data-recalc-dims=\"1\" loading=\"lazy\" decoding=\"async\" width=\"699\" height=\"523\" data-attachment-id=\"29028\" data-permalink=\"https:\/\/patrimoine-avesnois.fr\/chemin\/glageon\/image-3400\/\" data-orig-file=\"https:\/\/i0.wp.com\/patrimoine-avesnois.fr\/chemin\/wp-content\/uploads\/2026\/08\/image-247.png?fit=699%2C523&amp;ssl=1\" data-orig-size=\"699,523\" data-comments-opened=\"1\" data-image-meta=\"{&quot;aperture&quot;:&quot;0&quot;,&quot;credit&quot;:&quot;&quot;,&quot;camera&quot;:&quot;&quot;,&quot;caption&quot;:&quot;&quot;,&quot;created_timestamp&quot;:&quot;0&quot;,&quot;copyright&quot;:&quot;&quot;,&quot;focal_length&quot;:&quot;0&quot;,&quot;iso&quot;:&quot;0&quot;,&quot;shutter_speed&quot;:&quot;0&quot;,&quot;title&quot;:&quot;&quot;,&quot;orientation&quot;:&quot;0&quot;,&quot;alt&quot;:&quot;&quot;}\" data-image-title=\"image\" data-image-description=\"\" data-image-caption=\"\" data-large-file=\"https:\/\/i0.wp.com\/patrimoine-avesnois.fr\/chemin\/wp-content\/uploads\/2026\/08\/image-247.png?fit=699%2C523&amp;ssl=1\" src=\"https:\/\/i0.wp.com\/patrimoine-avesnois.fr\/chemin\/wp-content\/uploads\/2026\/08\/image-247.png?resize=699%2C523&#038;ssl=1\" alt=\"\" class=\"wp-image-29028\" srcset=\"https:\/\/i0.wp.com\/patrimoine-avesnois.fr\/chemin\/wp-content\/uploads\/2026\/08\/image-247.png?w=699&amp;ssl=1 699w, https:\/\/i0.wp.com\/patrimoine-avesnois.fr\/chemin\/wp-content\/uploads\/2026\/08\/image-247.png?resize=300%2C224&amp;ssl=1 300w\" sizes=\"auto, (max-width: 699px) 85vw, 699px\" \/><figcaption class=\"wp-element-caption\">Le lavoir<\/figcaption><\/figure>\n<\/div>\n\n\n<p class=\"wp-block-paragraph\"><\/p>\n\n\n\n<p class=\"wp-block-paragraph\">Vers 2004, il a \u00e9t\u00e9 enti\u00e8rement d\u00e9mont\u00e9,&nbsp; restaur\u00e9 et d\u00e9plac\u00e9  rue Hector Dufresnes sur le Rieu des Hameaux afin de l&rsquo;int\u00e9grer au mieux \u00e0 la commune. source : Chrisnord<\/p>\n\n\n\n<p class=\"has-text-align-center wp-block-paragraph\">***<\/p>\n\n\n\n<p class=\"wp-block-paragraph\">En 1773, l\u2019ouverture de la mini\u00e8re de Couplevoie r\u00e9v\u00e8le une couche r\u00e9guli\u00e8re de fer rouge (h\u00e9matite) s\u2019\u00e9tendant de Glageon \u00e0 Momignies. Plus riche que le fer jaune initialement exploit\u00e9, ce minerai alimente les forges de Glageon, F\u00e9ron et Momignies jusqu\u2019au milieu du XIX\u1d49 si\u00e8cle. Cette d\u00e9couverte marque l\u2019apog\u00e9e de la m\u00e9tallurgie locale avant son d\u00e9clin et la transition vers l\u2019industrie textile.<\/p>\n\n\n<div class=\"wp-block-image\">\n<figure class=\"aligncenter\"><img data-recalc-dims=\"1\" decoding=\"async\" src=\"https:\/\/i0.wp.com\/p7.storage.canalblog.com\/75\/62\/783846\/96897227.jpg?w=840&#038;ssl=1\" alt=\"GLAGEON-La Carri\u00c3\u00a8re (3)\"\/><figcaption class=\"wp-element-caption\">L&rsquo;actuelle carri\u00e8re <\/figcaption><\/figure>\n<\/div>\n\n\n<p class=\"wp-block-paragraph\"><\/p>\n\n\n\n<p class=\"wp-block-paragraph\">L&rsquo;activit\u00e9 d&rsquo;extraction de la pierre calcaire est \u00e9galement ancienne sur la commune, ant\u00e9rieure au XIXe si\u00e8cle. L&rsquo;une \u00e9tait c\u00e9l\u00e8bre pour son marbre.<br>La seule qui fonctionne encore aujourd&rsquo;hui existe depuis le d\u00e9but du XIXe si\u00e8cle. Elle fut reprise en 1922 par C\u00e9lestin Fillion et Pierre Blavet. A cette \u00e9poque Charles Bocahut est Ma\u00eetre de Carri\u00e8re \u00e0 Haut-Lieu. En 1961 la Soci\u00e9t\u00e9 Bocahut reprend la Carri\u00e8re de Glageon. En 1997, Bocahut devient GCA (Groupement Carri\u00e8res de l&rsquo;Avesnois). <\/p>\n\n\n\n<p class=\"wp-block-paragraph\">Voir une s\u00e9rie de cartes postales anciennes de ces carri\u00e8res sur le site de <a rel=\"noreferrer noopener\" aria-label=\"Chrisnord (opens in a new tab)\" href=\"http:\/\/chris59132.canalblog.com\/tag\/carri%C3%A8re%20de%20Glageon\" target=\"_blank\">Chrisnord<\/a><\/p>\n\n\n\n<p class=\"wp-block-paragraph\">Le ruisseau du Pont de Sains prend sa source \u00e0 Glageon, pr\u00e8s des \u00e9tangs de la forge. Il a pour affluent le ruisseau des Viviers qui lui-m\u00eame a pour affluent le Rieu des Hameaux. Ce dernier appel\u00e9 au XIX \u00e8 si\u00e8cle rivi\u00e8re de Glageon, alimentait deux moulins.<\/p>\n\n\n\n<figure class=\"wp-block-image\"><img data-recalc-dims=\"1\" decoding=\"async\" src=\"https:\/\/i0.wp.com\/www.moulins-avesnois.fr\/wp-content\/uploads\/2017\/11\/Glageon.png?w=840\" alt=\"\" class=\"wp-image-49\"\/><figcaption class=\"wp-element-caption\">Glageon et ses moulins<\/figcaption><\/figure>\n\n\n\n<p class=\"wp-block-paragraph\"><\/p>\n\n\n\n<p class=\"wp-block-paragraph\">Le moulin en amont \u00e9tait un moulin \u00e0 \u00e9corce et \u00e0 scier le marbre construit en 1824 par Nicolas M\u00e9haux. Le meunier Dupont moudra par la suite les aliments pour animaux et le moulin cessera peu avant la seconde guerre mondiale.<\/p>\n\n\n\n<p class=\"wp-block-paragraph\">Le second moulin \u00e0 deux roues, dont \u00ab&nbsp;un tournant servait \u00e0 \u00e9coudre l\u2019\u00e9pautre&nbsp;\u00bb, se situait au village et \u00e9tait ant\u00e9rieur \u00e0 la R\u00e9volution. Il appartenait \u00e0 la famille d\u2019Aremberg de Bruxelles en 1809. <\/p>\n\n\n<div class=\"wp-block-image\">\n<figure class=\"aligncenter\"><img loading=\"lazy\" decoding=\"async\" width=\"1547\" height=\"1001\" data-attachment-id=\"2235\" data-permalink=\"https:\/\/patrimoine-avesnois.fr\/chemin\/glageon\/575_001\/\" data-orig-file=\"https:\/\/i0.wp.com\/patrimoine-avesnois.fr\/chemin\/wp-content\/uploads\/2019\/04\/575_001.jpg?fit=1547%2C1001&amp;ssl=1\" data-orig-size=\"1547,1001\" data-comments-opened=\"1\" data-image-meta=\"{&quot;aperture&quot;:&quot;0&quot;,&quot;credit&quot;:&quot;&quot;,&quot;camera&quot;:&quot;&quot;,&quot;caption&quot;:&quot;&quot;,&quot;created_timestamp&quot;:&quot;1556483868&quot;,&quot;copyright&quot;:&quot;&quot;,&quot;focal_length&quot;:&quot;0&quot;,&quot;iso&quot;:&quot;0&quot;,&quot;shutter_speed&quot;:&quot;0&quot;,&quot;title&quot;:&quot;&quot;,&quot;orientation&quot;:&quot;0&quot;}\" data-image-title=\"575_001\" data-image-description=\"\" data-image-caption=\"\" data-large-file=\"https:\/\/i0.wp.com\/patrimoine-avesnois.fr\/chemin\/wp-content\/uploads\/2019\/04\/575_001.jpg?fit=840%2C544&amp;ssl=1\" src=\"https:\/\/i1.wp.com\/patrimoine-avesnois.fr\/chemin\/wp-content\/uploads\/2019\/04\/575_001.jpg?fit=840%2C544\" alt=\"\" class=\"wp-image-2235\" srcset=\"https:\/\/i0.wp.com\/patrimoine-avesnois.fr\/chemin\/wp-content\/uploads\/2019\/04\/575_001.jpg?w=1547&amp;ssl=1 1547w, https:\/\/i0.wp.com\/patrimoine-avesnois.fr\/chemin\/wp-content\/uploads\/2019\/04\/575_001.jpg?resize=300%2C194&amp;ssl=1 300w, https:\/\/i0.wp.com\/patrimoine-avesnois.fr\/chemin\/wp-content\/uploads\/2019\/04\/575_001.jpg?resize=768%2C497&amp;ssl=1 768w, https:\/\/i0.wp.com\/patrimoine-avesnois.fr\/chemin\/wp-content\/uploads\/2019\/04\/575_001.jpg?resize=1024%2C663&amp;ssl=1 1024w, https:\/\/i0.wp.com\/patrimoine-avesnois.fr\/chemin\/wp-content\/uploads\/2019\/04\/575_001.jpg?resize=1200%2C776&amp;ssl=1 1200w\" sizes=\"auto, (max-width: 709px) 85vw, (max-width: 909px) 67vw, (max-width: 1362px) 62vw, 840px\" \/><figcaption class=\"wp-element-caption\">Usine Legrand<\/figcaption><\/figure>\n<\/div>\n\n\n<p class=\"wp-block-paragraph\"><\/p>\n\n\n\n<p class=\"wp-block-paragraph\">A partir de 1840, Glageon conna\u00eet un d\u00e9veloppement industriel li\u00e9 aux filatures, aux usines de tissage et de peignage de la laine.&nbsp; Le moulin fut converti en tissage puis en filature et tissage par Th\u00e9ophile Legrand, filateur \u00e0 Fourmies. La famille Legrand le poss\u00e9da jusque la premi\u00e8re guerre mondiale. Il fut br\u00fbl\u00e9 en 1918 par les Allemands. Reconstruite, l\u2019usine prit le nom de Tissage du Moulin jusqu\u2019\u00e0 son arr\u00eat en 1980. <\/p>\n\n\n<div class=\"wp-block-image\">\n<figure class=\"aligncenter\"><img loading=\"lazy\" decoding=\"async\" width=\"1280\" height=\"960\" data-attachment-id=\"2237\" data-permalink=\"https:\/\/patrimoine-avesnois.fr\/chemin\/glageon\/1280px-emmaus_glageon\/\" data-orig-file=\"https:\/\/i0.wp.com\/patrimoine-avesnois.fr\/chemin\/wp-content\/uploads\/2019\/04\/1280px-Emmaus_glageon.jpg?fit=1280%2C960&amp;ssl=1\" data-orig-size=\"1280,960\" data-comments-opened=\"1\" data-image-meta=\"{&quot;aperture&quot;:&quot;0&quot;,&quot;credit&quot;:&quot;&quot;,&quot;camera&quot;:&quot;&quot;,&quot;caption&quot;:&quot;&quot;,&quot;created_timestamp&quot;:&quot;0&quot;,&quot;copyright&quot;:&quot;&quot;,&quot;focal_length&quot;:&quot;0&quot;,&quot;iso&quot;:&quot;0&quot;,&quot;shutter_speed&quot;:&quot;0&quot;,&quot;title&quot;:&quot;&quot;,&quot;orientation&quot;:&quot;0&quot;}\" data-image-title=\"1280px-Emmaus_glageon\" data-image-description=\"\" data-image-caption=\"\" data-large-file=\"https:\/\/i0.wp.com\/patrimoine-avesnois.fr\/chemin\/wp-content\/uploads\/2019\/04\/1280px-Emmaus_glageon.jpg?fit=840%2C630&amp;ssl=1\" src=\"https:\/\/i0.wp.com\/patrimoine-avesnois.fr\/chemin\/wp-content\/uploads\/2019\/04\/1280px-Emmaus_glageon.jpg?fit=840%2C630\" alt=\"\" class=\"wp-image-2237\" srcset=\"https:\/\/i0.wp.com\/patrimoine-avesnois.fr\/chemin\/wp-content\/uploads\/2019\/04\/1280px-Emmaus_glageon.jpg?w=1280&amp;ssl=1 1280w, https:\/\/i0.wp.com\/patrimoine-avesnois.fr\/chemin\/wp-content\/uploads\/2019\/04\/1280px-Emmaus_glageon.jpg?resize=300%2C225&amp;ssl=1 300w, https:\/\/i0.wp.com\/patrimoine-avesnois.fr\/chemin\/wp-content\/uploads\/2019\/04\/1280px-Emmaus_glageon.jpg?resize=768%2C576&amp;ssl=1 768w, https:\/\/i0.wp.com\/patrimoine-avesnois.fr\/chemin\/wp-content\/uploads\/2019\/04\/1280px-Emmaus_glageon.jpg?resize=1024%2C768&amp;ssl=1 1024w, https:\/\/i0.wp.com\/patrimoine-avesnois.fr\/chemin\/wp-content\/uploads\/2019\/04\/1280px-Emmaus_glageon.jpg?resize=1200%2C900&amp;ssl=1 1200w\" sizes=\"auto, (max-width: 709px) 85vw, (max-width: 909px) 67vw, (max-width: 1362px) 62vw, 840px\" \/><\/figure>\n<\/div>\n\n\n<p class=\"wp-block-paragraph\">Depuis 1983 Emma\u00fcs occupe les b\u00e2timents.<\/p>\n\n\n\n<p class=\"wp-block-paragraph\"><\/p>\n\n\n<div class=\"wp-block-image\">\n<figure class=\"aligncenter\"><img loading=\"lazy\" decoding=\"async\" width=\"1544\" height=\"976\" data-attachment-id=\"2241\" data-permalink=\"https:\/\/patrimoine-avesnois.fr\/chemin\/glageon\/096_001\/\" data-orig-file=\"https:\/\/i0.wp.com\/patrimoine-avesnois.fr\/chemin\/wp-content\/uploads\/2019\/04\/096_001.jpg?fit=1544%2C976&amp;ssl=1\" data-orig-size=\"1544,976\" data-comments-opened=\"1\" data-image-meta=\"{&quot;aperture&quot;:&quot;0&quot;,&quot;credit&quot;:&quot;&quot;,&quot;camera&quot;:&quot;&quot;,&quot;caption&quot;:&quot;&quot;,&quot;created_timestamp&quot;:&quot;1556477701&quot;,&quot;copyright&quot;:&quot;&quot;,&quot;focal_length&quot;:&quot;0&quot;,&quot;iso&quot;:&quot;0&quot;,&quot;shutter_speed&quot;:&quot;0&quot;,&quot;title&quot;:&quot;&quot;,&quot;orientation&quot;:&quot;0&quot;}\" data-image-title=\"096_001\" data-image-description=\"\" data-image-caption=\"\" data-large-file=\"https:\/\/i0.wp.com\/patrimoine-avesnois.fr\/chemin\/wp-content\/uploads\/2019\/04\/096_001.jpg?fit=840%2C531&amp;ssl=1\" src=\"https:\/\/i0.wp.com\/patrimoine-avesnois.fr\/chemin\/wp-content\/uploads\/2019\/04\/096_001.jpg?fit=840%2C531\" alt=\"\" class=\"wp-image-2241\" srcset=\"https:\/\/i0.wp.com\/patrimoine-avesnois.fr\/chemin\/wp-content\/uploads\/2019\/04\/096_001.jpg?w=1544&amp;ssl=1 1544w, https:\/\/i0.wp.com\/patrimoine-avesnois.fr\/chemin\/wp-content\/uploads\/2019\/04\/096_001.jpg?resize=300%2C190&amp;ssl=1 300w, https:\/\/i0.wp.com\/patrimoine-avesnois.fr\/chemin\/wp-content\/uploads\/2019\/04\/096_001.jpg?resize=768%2C485&amp;ssl=1 768w, https:\/\/i0.wp.com\/patrimoine-avesnois.fr\/chemin\/wp-content\/uploads\/2019\/04\/096_001.jpg?resize=1024%2C647&amp;ssl=1 1024w, https:\/\/i0.wp.com\/patrimoine-avesnois.fr\/chemin\/wp-content\/uploads\/2019\/04\/096_001.jpg?resize=1200%2C759&amp;ssl=1 1200w\" sizes=\"auto, (max-width: 709px) 85vw, (max-width: 909px) 67vw, (max-width: 1362px) 62vw, 840px\" \/><figcaption class=\"wp-element-caption\">Ancienne filature<\/figcaption><\/figure>\n<\/div>\n\n\n<p class=\"wp-block-paragraph\"><\/p>\n\n\n<div class=\"wp-block-image is-resized\">\n<figure class=\"aligncenter\"><img loading=\"lazy\" decoding=\"async\" width=\"1540\" height=\"976\" data-attachment-id=\"2243\" data-permalink=\"https:\/\/patrimoine-avesnois.fr\/chemin\/glageon\/515_001\/\" data-orig-file=\"https:\/\/i0.wp.com\/patrimoine-avesnois.fr\/chemin\/wp-content\/uploads\/2019\/04\/515_001.jpg?fit=1540%2C976&amp;ssl=1\" data-orig-size=\"1540,976\" data-comments-opened=\"1\" data-image-meta=\"{&quot;aperture&quot;:&quot;0&quot;,&quot;credit&quot;:&quot;&quot;,&quot;camera&quot;:&quot;&quot;,&quot;caption&quot;:&quot;&quot;,&quot;created_timestamp&quot;:&quot;1556477710&quot;,&quot;copyright&quot;:&quot;&quot;,&quot;focal_length&quot;:&quot;0&quot;,&quot;iso&quot;:&quot;0&quot;,&quot;shutter_speed&quot;:&quot;0&quot;,&quot;title&quot;:&quot;&quot;,&quot;orientation&quot;:&quot;0&quot;}\" data-image-title=\"515_001\" data-image-description=\"\" data-image-caption=\"\" data-large-file=\"https:\/\/i0.wp.com\/patrimoine-avesnois.fr\/chemin\/wp-content\/uploads\/2019\/04\/515_001.jpg?fit=840%2C532&amp;ssl=1\" src=\"https:\/\/i2.wp.com\/patrimoine-avesnois.fr\/chemin\/wp-content\/uploads\/2019\/04\/515_001.jpg?fit=840%2C532\" alt=\"\" class=\"wp-image-2243\" srcset=\"https:\/\/i0.wp.com\/patrimoine-avesnois.fr\/chemin\/wp-content\/uploads\/2019\/04\/515_001.jpg?w=1540&amp;ssl=1 1540w, https:\/\/i0.wp.com\/patrimoine-avesnois.fr\/chemin\/wp-content\/uploads\/2019\/04\/515_001.jpg?resize=300%2C190&amp;ssl=1 300w, https:\/\/i0.wp.com\/patrimoine-avesnois.fr\/chemin\/wp-content\/uploads\/2019\/04\/515_001.jpg?resize=768%2C487&amp;ssl=1 768w, https:\/\/i0.wp.com\/patrimoine-avesnois.fr\/chemin\/wp-content\/uploads\/2019\/04\/515_001.jpg?resize=1024%2C649&amp;ssl=1 1024w, https:\/\/i0.wp.com\/patrimoine-avesnois.fr\/chemin\/wp-content\/uploads\/2019\/04\/515_001.jpg?resize=1200%2C761&amp;ssl=1 1200w\" sizes=\"auto, (max-width: 709px) 85vw, (max-width: 909px) 67vw, (max-width: 1362px) 62vw, 840px\" \/><\/figure>\n<\/div>\n\n\n<p class=\"wp-block-paragraph\"><\/p>\n\n\n\n<p class=\"wp-block-paragraph\">Si Glageon entre dans l\u2019industrie textile d\u00e8s les ann\u00e9es 1840 avec le tissage et la filature du moulin Legrand, un second tournant survient en 1881 avec la cr\u00e9ation de la filature d\u2019Auguste Landousie. Contrairement au site Legrand, cette nouvelle usine s\u2019inscrit dans l\u2019essor de la laine peign\u00e9e venue de Fourmies et marque l\u2019apparition d\u2019un p\u00f4le textile moderne \u00e0 Glageon.<\/p>\n\n\n\n<p class=\"has-text-align-center wp-block-paragraph\">***<\/p>\n\n\n<div class=\"wp-block-image\">\n<figure class=\"aligncenter size-full is-resized\"><img data-recalc-dims=\"1\" loading=\"lazy\" decoding=\"async\" width=\"436\" height=\"377\" data-attachment-id=\"29018\" data-permalink=\"https:\/\/patrimoine-avesnois.fr\/chemin\/glageon\/image-3394\/\" data-orig-file=\"https:\/\/i0.wp.com\/patrimoine-avesnois.fr\/chemin\/wp-content\/uploads\/2026\/08\/image-241.png?fit=436%2C377&amp;ssl=1\" data-orig-size=\"436,377\" data-comments-opened=\"1\" data-image-meta=\"{&quot;aperture&quot;:&quot;0&quot;,&quot;credit&quot;:&quot;&quot;,&quot;camera&quot;:&quot;&quot;,&quot;caption&quot;:&quot;&quot;,&quot;created_timestamp&quot;:&quot;0&quot;,&quot;copyright&quot;:&quot;&quot;,&quot;focal_length&quot;:&quot;0&quot;,&quot;iso&quot;:&quot;0&quot;,&quot;shutter_speed&quot;:&quot;0&quot;,&quot;title&quot;:&quot;&quot;,&quot;orientation&quot;:&quot;0&quot;,&quot;alt&quot;:&quot;&quot;}\" data-image-title=\"image\" data-image-description=\"\" data-image-caption=\"\" data-large-file=\"https:\/\/i0.wp.com\/patrimoine-avesnois.fr\/chemin\/wp-content\/uploads\/2026\/08\/image-241.png?fit=436%2C377&amp;ssl=1\" src=\"https:\/\/i0.wp.com\/patrimoine-avesnois.fr\/chemin\/wp-content\/uploads\/2026\/08\/image-241.png?resize=436%2C377&#038;ssl=1\" alt=\"\" class=\"wp-image-29018\" style=\"width:544px;height:auto\" srcset=\"https:\/\/i0.wp.com\/patrimoine-avesnois.fr\/chemin\/wp-content\/uploads\/2026\/08\/image-241.png?w=436&amp;ssl=1 436w, https:\/\/i0.wp.com\/patrimoine-avesnois.fr\/chemin\/wp-content\/uploads\/2026\/08\/image-241.png?resize=300%2C259&amp;ssl=1 300w\" sizes=\"auto, (max-width: 436px) 85vw, 436px\" \/><figcaption class=\"wp-element-caption\">Brasserie-malterie Bernard Lemaire, puis Bernard Champagne, puis Bernard. <\/figcaption><\/figure>\n<\/div>\n\n\n<p class=\"wp-block-paragraph\"><\/p>\n\n\n\n<p class=\"wp-block-paragraph\">La fabrication de bi\u00e8re cesse en 1940 \u00e0 cause de destructions dues \u00e0 la Seconde Guerre mondiale. L&rsquo;\u00e9tablissement devient alors d\u00e9positaire de la brasserie Poulain (de Fourmies), puis de la brasserie Bouchard (de Saint-Amand-les-Eaux). Actuellement la brasserie sert de d\u00e9p\u00f4t de boissons et de logement.&nbsp; <\/p>\n\n\n<div class=\"wp-block-image\">\n<figure class=\"aligncenter\"><img data-recalc-dims=\"1\" loading=\"lazy\" decoding=\"async\" width=\"840\" height=\"630\" data-attachment-id=\"2254\" data-permalink=\"https:\/\/patrimoine-avesnois.fr\/chemin\/glageon\/capture-37\/\" data-orig-file=\"https:\/\/i0.wp.com\/patrimoine-avesnois.fr\/chemin\/wp-content\/uploads\/2019\/04\/Capture-5.jpg?fit=1010%2C757&amp;ssl=1\" data-orig-size=\"1010,757\" data-comments-opened=\"1\" data-image-meta=\"{&quot;aperture&quot;:&quot;0&quot;,&quot;credit&quot;:&quot;CARRE&quot;,&quot;camera&quot;:&quot;&quot;,&quot;caption&quot;:&quot;&quot;,&quot;created_timestamp&quot;:&quot;1556486964&quot;,&quot;copyright&quot;:&quot;&quot;,&quot;focal_length&quot;:&quot;0&quot;,&quot;iso&quot;:&quot;0&quot;,&quot;shutter_speed&quot;:&quot;0&quot;,&quot;title&quot;:&quot;&quot;,&quot;orientation&quot;:&quot;0&quot;}\" data-image-title=\"Capture\" data-image-description=\"\" data-image-caption=\"\" data-large-file=\"https:\/\/i0.wp.com\/patrimoine-avesnois.fr\/chemin\/wp-content\/uploads\/2019\/04\/Capture-5.jpg?fit=840%2C630&amp;ssl=1\" src=\"https:\/\/i0.wp.com\/patrimoine-avesnois.fr\/chemin\/wp-content\/uploads\/2019\/04\/Capture-5.jpg?resize=840%2C630\" alt=\"\" class=\"wp-image-2254\" srcset=\"https:\/\/i0.wp.com\/patrimoine-avesnois.fr\/chemin\/wp-content\/uploads\/2019\/04\/Capture-5.jpg?w=1010&amp;ssl=1 1010w, https:\/\/i0.wp.com\/patrimoine-avesnois.fr\/chemin\/wp-content\/uploads\/2019\/04\/Capture-5.jpg?resize=300%2C225&amp;ssl=1 300w, https:\/\/i0.wp.com\/patrimoine-avesnois.fr\/chemin\/wp-content\/uploads\/2019\/04\/Capture-5.jpg?resize=768%2C576&amp;ssl=1 768w\" sizes=\"auto, (max-width: 709px) 85vw, (max-width: 909px) 67vw, (max-width: 1362px) 62vw, 840px\" \/><figcaption class=\"wp-element-caption\">L&rsquo;actuelle brasserie rue Hector Dufresnes <\/figcaption><\/figure>\n<\/div>\n\n\n<p class=\"wp-block-paragraph\"><\/p>\n\n\n<div class=\"wp-block-image\">\n<figure class=\"aligncenter\"><img data-recalc-dims=\"1\" decoding=\"async\" src=\"https:\/\/i0.wp.com\/p6.storage.canalblog.com\/62\/62\/783846\/120281022.jpg?w=840&#038;ssl=1\" alt=\"GLAGEON-1 Rue du Calvaire\"\/><figcaption class=\"wp-element-caption\"> <em>Ancienne Maison de Ma\u00eetre d&rsquo;une Brasserie.<\/em> Photo <a href=\"http:\/\/chris59132.canalblog.com\/archives\/2018\/05\/31\/36449969.html\" target=\"_blank\" rel=\"noreferrer noopener\" aria-label=\"Chrisnord (opens in a new tab)\">Chrisnord<\/a><\/figcaption><\/figure>\n<\/div>\n\n\n<p class=\"wp-block-paragraph\"><\/p>\n\n\n<div class=\"wp-block-image is-resized\">\n<figure class=\"aligncenter\"><img data-recalc-dims=\"1\" loading=\"lazy\" decoding=\"async\" width=\"840\" height=\"524\" data-attachment-id=\"2249\" data-permalink=\"https:\/\/patrimoine-avesnois.fr\/chemin\/glageon\/image-451\/\" data-orig-file=\"https:\/\/i0.wp.com\/patrimoine-avesnois.fr\/chemin\/wp-content\/uploads\/2019\/04\/image-427.png?fit=988%2C616&amp;ssl=1\" data-orig-size=\"988,616\" data-comments-opened=\"1\" data-image-meta=\"{&quot;aperture&quot;:&quot;0&quot;,&quot;credit&quot;:&quot;&quot;,&quot;camera&quot;:&quot;&quot;,&quot;caption&quot;:&quot;&quot;,&quot;created_timestamp&quot;:&quot;0&quot;,&quot;copyright&quot;:&quot;&quot;,&quot;focal_length&quot;:&quot;0&quot;,&quot;iso&quot;:&quot;0&quot;,&quot;shutter_speed&quot;:&quot;0&quot;,&quot;title&quot;:&quot;&quot;,&quot;orientation&quot;:&quot;0&quot;}\" data-image-title=\"image\" data-image-description=\"\" data-image-caption=\"\" data-large-file=\"https:\/\/i0.wp.com\/patrimoine-avesnois.fr\/chemin\/wp-content\/uploads\/2019\/04\/image-427.png?fit=840%2C524&amp;ssl=1\" src=\"https:\/\/i0.wp.com\/patrimoine-avesnois.fr\/chemin\/wp-content\/uploads\/2019\/04\/image-427.png?resize=840%2C524\" alt=\"\" class=\"wp-image-2249\" srcset=\"https:\/\/i0.wp.com\/patrimoine-avesnois.fr\/chemin\/wp-content\/uploads\/2019\/04\/image-427.png?w=988&amp;ssl=1 988w, https:\/\/i0.wp.com\/patrimoine-avesnois.fr\/chemin\/wp-content\/uploads\/2019\/04\/image-427.png?resize=300%2C187&amp;ssl=1 300w, https:\/\/i0.wp.com\/patrimoine-avesnois.fr\/chemin\/wp-content\/uploads\/2019\/04\/image-427.png?resize=768%2C479&amp;ssl=1 768w\" sizes=\"auto, (max-width: 709px) 85vw, (max-width: 909px) 67vw, (max-width: 1362px) 62vw, 840px\" \/><figcaption class=\"wp-element-caption\">Sur cette carte postale on y voit \u00e0 gauche la demeure de ma\u00eetres de forges (Goulart, Hufty, Moutier)<\/figcaption><\/figure>\n<\/div>\n\n\n<p class=\"wp-block-paragraph\"><\/p>\n\n\n<div class=\"wp-block-image is-resized\">\n<figure class=\"aligncenter\"><img data-recalc-dims=\"1\" loading=\"lazy\" decoding=\"async\" width=\"778\" height=\"583\" data-attachment-id=\"2256\" data-permalink=\"https:\/\/patrimoine-avesnois.fr\/chemin\/glageon\/capture1-24\/\" data-orig-file=\"https:\/\/i0.wp.com\/patrimoine-avesnois.fr\/chemin\/wp-content\/uploads\/2019\/04\/Capture1-1.jpg?fit=778%2C583&amp;ssl=1\" data-orig-size=\"778,583\" data-comments-opened=\"1\" data-image-meta=\"{&quot;aperture&quot;:&quot;0&quot;,&quot;credit&quot;:&quot;CARRE&quot;,&quot;camera&quot;:&quot;&quot;,&quot;caption&quot;:&quot;&quot;,&quot;created_timestamp&quot;:&quot;1556487231&quot;,&quot;copyright&quot;:&quot;&quot;,&quot;focal_length&quot;:&quot;0&quot;,&quot;iso&quot;:&quot;0&quot;,&quot;shutter_speed&quot;:&quot;0&quot;,&quot;title&quot;:&quot;&quot;,&quot;orientation&quot;:&quot;0&quot;}\" data-image-title=\"Capture1\" data-image-description=\"\" data-image-caption=\"\" data-large-file=\"https:\/\/i0.wp.com\/patrimoine-avesnois.fr\/chemin\/wp-content\/uploads\/2019\/04\/Capture1-1.jpg?fit=778%2C583&amp;ssl=1\" src=\"https:\/\/i0.wp.com\/patrimoine-avesnois.fr\/chemin\/wp-content\/uploads\/2019\/04\/Capture1-1.jpg?resize=778%2C583\" alt=\"\" class=\"wp-image-2256\" srcset=\"https:\/\/i0.wp.com\/patrimoine-avesnois.fr\/chemin\/wp-content\/uploads\/2019\/04\/Capture1-1.jpg?w=778&amp;ssl=1 778w, https:\/\/i0.wp.com\/patrimoine-avesnois.fr\/chemin\/wp-content\/uploads\/2019\/04\/Capture1-1.jpg?resize=300%2C225&amp;ssl=1 300w, https:\/\/i0.wp.com\/patrimoine-avesnois.fr\/chemin\/wp-content\/uploads\/2019\/04\/Capture1-1.jpg?resize=768%2C576&amp;ssl=1 768w\" sizes=\"auto, (max-width: 778px) 85vw, 778px\" \/><figcaption class=\"wp-element-caption\">Ancienne demeure qui fut occup\u00e9e \u00e0 partir de la seconde moiti\u00e9 du XVIIIe si\u00e8cle par des ma\u00eetres de forges (Goulart, Hufty, Moutier) <a aria-label=\"1 rue Hector Dufresnes (opens in a new tab)\" href=\"https:\/\/www.google.com\/maps\/@50.0560366,4.0759891,3a,90y,66.03h,84.06t\/data=!3m6!1e1!3m4!1sa5UqA7KefAlRBs424SoLRg!2e0!7i16384!8i8192\" target=\"_blank\" rel=\"noreferrer noopener\">1 rue Hector Dufresnes<\/a> Photo 2018 date \u00e0 laquelle la demeure appartient au Dr Dubuissez<\/figcaption><\/figure>\n<\/div>\n\n\n<p class=\"wp-block-paragraph\"><\/p>\n\n\n\n<p class=\"wp-block-paragraph\">La maison du 1 rue Hector\u2011Dufresnes est une ancienne demeure de ma\u00eetres de forges, reconnaissable \u00e0 son porche monumental surmont\u00e9 d\u2019une tour d\u2019apparat. Cette tour, dont la silhouette \u00e9voque un pigeonnier, refl\u00e8te le statut \u00e9lev\u00e9 des familles Goulart, Hufty et Moutier qui l\u2019occup\u00e8rent \u00e0 partir de la seconde moiti\u00e9 du XVIII\u1d49 si\u00e8cle.<\/p>\n\n\n<div class=\"wp-block-image\">\n<figure class=\"aligncenter\"><img loading=\"lazy\" decoding=\"async\" width=\"1625\" height=\"1167\" data-attachment-id=\"2258\" data-permalink=\"https:\/\/patrimoine-avesnois.fr\/chemin\/glageon\/image-452\/\" data-orig-file=\"https:\/\/i0.wp.com\/patrimoine-avesnois.fr\/chemin\/wp-content\/uploads\/2019\/04\/image-428.png?fit=1625%2C1167&amp;ssl=1\" data-orig-size=\"1625,1167\" data-comments-opened=\"1\" data-image-meta=\"{&quot;aperture&quot;:&quot;0&quot;,&quot;credit&quot;:&quot;&quot;,&quot;camera&quot;:&quot;&quot;,&quot;caption&quot;:&quot;&quot;,&quot;created_timestamp&quot;:&quot;0&quot;,&quot;copyright&quot;:&quot;&quot;,&quot;focal_length&quot;:&quot;0&quot;,&quot;iso&quot;:&quot;0&quot;,&quot;shutter_speed&quot;:&quot;0&quot;,&quot;title&quot;:&quot;&quot;,&quot;orientation&quot;:&quot;0&quot;}\" data-image-title=\"image\" data-image-description=\"\" data-image-caption=\"\" data-large-file=\"https:\/\/i0.wp.com\/patrimoine-avesnois.fr\/chemin\/wp-content\/uploads\/2019\/04\/image-428.png?fit=840%2C603&amp;ssl=1\" src=\"https:\/\/i0.wp.com\/patrimoine-avesnois.fr\/chemin\/wp-content\/uploads\/2019\/04\/image-428.png?fit=840%2C603\" alt=\"\" class=\"wp-image-2258\" srcset=\"https:\/\/i0.wp.com\/patrimoine-avesnois.fr\/chemin\/wp-content\/uploads\/2019\/04\/image-428.png?w=1625&amp;ssl=1 1625w, https:\/\/i0.wp.com\/patrimoine-avesnois.fr\/chemin\/wp-content\/uploads\/2019\/04\/image-428.png?resize=300%2C215&amp;ssl=1 300w, https:\/\/i0.wp.com\/patrimoine-avesnois.fr\/chemin\/wp-content\/uploads\/2019\/04\/image-428.png?resize=768%2C552&amp;ssl=1 768w, https:\/\/i0.wp.com\/patrimoine-avesnois.fr\/chemin\/wp-content\/uploads\/2019\/04\/image-428.png?resize=1024%2C735&amp;ssl=1 1024w, https:\/\/i0.wp.com\/patrimoine-avesnois.fr\/chemin\/wp-content\/uploads\/2019\/04\/image-428.png?resize=1200%2C862&amp;ssl=1 1200w\" sizes=\"auto, (max-width: 709px) 85vw, (max-width: 909px) 67vw, (max-width: 1362px) 62vw, 840px\" \/><\/figure>\n<\/div>\n\n\n<p class=\"wp-block-paragraph\"><\/p>\n","protected":false},"excerpt":{"rendered":"<p>Glageon est la premi\u00e8re commune de la Fagne quand on vient d&rsquo;Avesnes. C&rsquo;est un village de pierre et d&rsquo;ardoise dot\u00e9 d&rsquo;un patrimoine naturel et b\u00e2ti de grande qualit\u00e9. Il constitue un village clairi\u00e8re avec la pr\u00e9sence proche de la for\u00eat, v\u00e9ritable \u00e9crin de verdure. Au Moyen Age, le village comportait un important ch\u00e2teau connu par &hellip; <a href=\"https:\/\/patrimoine-avesnois.fr\/chemin\/glageon\/\" class=\"more-link\">Continuer la lecture<span class=\"screen-reader-text\"> de &laquo;&nbsp;Glageon&nbsp;&raquo;<\/span><\/a><\/p>\n","protected":false},"author":2,"featured_media":0,"parent":0,"menu_order":0,"comment_status":"closed","ping_status":"closed","template":"","meta":{"footnotes":""},"class_list":["post-2215","page","type-page","status-publish","hentry"],"jetpack_sharing_enabled":true,"jetpack_shortlink":"https:\/\/wp.me\/PaOEkN-zJ","jetpack-related-posts":[],"_links":{"self":[{"href":"https:\/\/patrimoine-avesnois.fr\/chemin\/wp-json\/wp\/v2\/pages\/2215","targetHints":{"allow":["GET"]}}],"collection":[{"href":"https:\/\/patrimoine-avesnois.fr\/chemin\/wp-json\/wp\/v2\/pages"}],"about":[{"href":"https:\/\/patrimoine-avesnois.fr\/chemin\/wp-json\/wp\/v2\/types\/page"}],"author":[{"embeddable":true,"href":"https:\/\/patrimoine-avesnois.fr\/chemin\/wp-json\/wp\/v2\/users\/2"}],"replies":[{"embeddable":true,"href":"https:\/\/patrimoine-avesnois.fr\/chemin\/wp-json\/wp\/v2\/comments?post=2215"}],"version-history":[{"count":12,"href":"https:\/\/patrimoine-avesnois.fr\/chemin\/wp-json\/wp\/v2\/pages\/2215\/revisions"}],"predecessor-version":[{"id":29042,"href":"https:\/\/patrimoine-avesnois.fr\/chemin\/wp-json\/wp\/v2\/pages\/2215\/revisions\/29042"}],"wp:attachment":[{"href":"https:\/\/patrimoine-avesnois.fr\/chemin\/wp-json\/wp\/v2\/media?parent=2215"}],"curies":[{"name":"wp","href":"https:\/\/api.w.org\/{rel}","templated":true}]}}