{"id":2326,"date":"2019-04-30T18:06:18","date_gmt":"2019-04-30T16:06:18","guid":{"rendered":"http:\/\/patrimoine-avesnois.fr\/chemin\/?page_id=2326"},"modified":"2023-06-14T17:28:04","modified_gmt":"2023-06-14T15:28:04","slug":"lavesnois-dans-les-annees-1960","status":"publish","type":"page","link":"https:\/\/patrimoine-avesnois.fr\/chemin\/lavesnois-dans-les-annees-1960\/","title":{"rendered":"L&rsquo;Avesnois dans les ann\u00e9es 1960"},"content":{"rendered":"\n<div class=\"wp-block-image\"><figure class=\"aligncenter is-resized\"><img loading=\"lazy\" decoding=\"async\" data-attachment-id=\"2485\" data-permalink=\"https:\/\/patrimoine-avesnois.fr\/chemin\/lavesnois-dans-les-annees-1960\/cci29042019_0009-7\/\" data-orig-file=\"https:\/\/i0.wp.com\/patrimoine-avesnois.fr\/chemin\/wp-content\/uploads\/2019\/04\/CCI29042019_0009-6.jpg?fit=1843%2C2824&amp;ssl=1\" data-orig-size=\"1843,2824\" data-comments-opened=\"1\" data-image-meta=\"{&quot;aperture&quot;:&quot;0&quot;,&quot;credit&quot;:&quot;&quot;,&quot;camera&quot;:&quot;&quot;,&quot;caption&quot;:&quot;&quot;,&quot;created_timestamp&quot;:&quot;1556563960&quot;,&quot;copyright&quot;:&quot;&quot;,&quot;focal_length&quot;:&quot;0&quot;,&quot;iso&quot;:&quot;0&quot;,&quot;shutter_speed&quot;:&quot;0&quot;,&quot;title&quot;:&quot;&quot;,&quot;orientation&quot;:&quot;1&quot;}\" data-image-title=\"CCI29042019_0009\" data-image-description=\"\" data-image-caption=\"\" data-large-file=\"https:\/\/i0.wp.com\/patrimoine-avesnois.fr\/chemin\/wp-content\/uploads\/2019\/04\/CCI29042019_0009-6.jpg?fit=668%2C1024&amp;ssl=1\" src=\"https:\/\/i1.wp.com\/patrimoine-avesnois.fr\/chemin\/wp-content\/uploads\/2019\/04\/CCI29042019_0009-6.jpg?fit=668%2C1024\" alt=\"\" class=\"wp-image-2485\" width=\"600\" height=\"919\" srcset=\"https:\/\/i0.wp.com\/patrimoine-avesnois.fr\/chemin\/wp-content\/uploads\/2019\/04\/CCI29042019_0009-6.jpg?w=1843&amp;ssl=1 1843w, https:\/\/i0.wp.com\/patrimoine-avesnois.fr\/chemin\/wp-content\/uploads\/2019\/04\/CCI29042019_0009-6.jpg?resize=196%2C300&amp;ssl=1 196w, https:\/\/i0.wp.com\/patrimoine-avesnois.fr\/chemin\/wp-content\/uploads\/2019\/04\/CCI29042019_0009-6.jpg?resize=768%2C1177&amp;ssl=1 768w, https:\/\/i0.wp.com\/patrimoine-avesnois.fr\/chemin\/wp-content\/uploads\/2019\/04\/CCI29042019_0009-6.jpg?resize=668%2C1024&amp;ssl=1 668w, https:\/\/i0.wp.com\/patrimoine-avesnois.fr\/chemin\/wp-content\/uploads\/2019\/04\/CCI29042019_0009-6.jpg?resize=1200%2C1839&amp;ssl=1 1200w, https:\/\/i0.wp.com\/patrimoine-avesnois.fr\/chemin\/wp-content\/uploads\/2019\/04\/CCI29042019_0009-6.jpg?w=1680 1680w\" sizes=\"auto, (max-width: 600px) 85vw, 600px\" \/><\/figure><\/div>\n\n\n\n<div class=\"wp-block-image\"><figure class=\"aligncenter is-resized\"><img loading=\"lazy\" decoding=\"async\" data-attachment-id=\"2486\" data-permalink=\"https:\/\/patrimoine-avesnois.fr\/chemin\/lavesnois-dans-les-annees-1960\/cci29042019_0010-4\/\" data-orig-file=\"https:\/\/i0.wp.com\/patrimoine-avesnois.fr\/chemin\/wp-content\/uploads\/2019\/04\/CCI29042019_0010-3.jpg?fit=1839%2C2451&amp;ssl=1\" data-orig-size=\"1839,2451\" data-comments-opened=\"1\" data-image-meta=\"{&quot;aperture&quot;:&quot;0&quot;,&quot;credit&quot;:&quot;&quot;,&quot;camera&quot;:&quot;&quot;,&quot;caption&quot;:&quot;&quot;,&quot;created_timestamp&quot;:&quot;1556563960&quot;,&quot;copyright&quot;:&quot;&quot;,&quot;focal_length&quot;:&quot;0&quot;,&quot;iso&quot;:&quot;0&quot;,&quot;shutter_speed&quot;:&quot;0&quot;,&quot;title&quot;:&quot;&quot;,&quot;orientation&quot;:&quot;1&quot;}\" data-image-title=\"CCI29042019_0010\" data-image-description=\"\" data-image-caption=\"\" data-large-file=\"https:\/\/i0.wp.com\/patrimoine-avesnois.fr\/chemin\/wp-content\/uploads\/2019\/04\/CCI29042019_0010-3.jpg?fit=768%2C1024&amp;ssl=1\" src=\"https:\/\/i1.wp.com\/patrimoine-avesnois.fr\/chemin\/wp-content\/uploads\/2019\/04\/CCI29042019_0010-3.jpg?fit=768%2C1024\" alt=\"\" class=\"wp-image-2486\" width=\"600\" height=\"800\" srcset=\"https:\/\/i0.wp.com\/patrimoine-avesnois.fr\/chemin\/wp-content\/uploads\/2019\/04\/CCI29042019_0010-3.jpg?w=1839&amp;ssl=1 1839w, https:\/\/i0.wp.com\/patrimoine-avesnois.fr\/chemin\/wp-content\/uploads\/2019\/04\/CCI29042019_0010-3.jpg?resize=225%2C300&amp;ssl=1 225w, https:\/\/i0.wp.com\/patrimoine-avesnois.fr\/chemin\/wp-content\/uploads\/2019\/04\/CCI29042019_0010-3.jpg?resize=768%2C1024&amp;ssl=1 768w, https:\/\/i0.wp.com\/patrimoine-avesnois.fr\/chemin\/wp-content\/uploads\/2019\/04\/CCI29042019_0010-3.jpg?resize=1200%2C1599&amp;ssl=1 1200w, https:\/\/i0.wp.com\/patrimoine-avesnois.fr\/chemin\/wp-content\/uploads\/2019\/04\/CCI29042019_0010-3.jpg?w=1680 1680w\" sizes=\"auto, (max-width: 600px) 85vw, 600px\" \/><\/figure><\/div>\n\n\n\n<div class=\"wp-block-image\"><figure class=\"aligncenter is-resized\"><img loading=\"lazy\" decoding=\"async\" data-attachment-id=\"2483\" data-permalink=\"https:\/\/patrimoine-avesnois.fr\/chemin\/lavesnois-dans-les-annees-1960\/cci29042019-2-3\/\" data-orig-file=\"https:\/\/i0.wp.com\/patrimoine-avesnois.fr\/chemin\/wp-content\/uploads\/2019\/04\/CCI29042019-2-2.jpg?fit=1808%2C2807&amp;ssl=1\" data-orig-size=\"1808,2807\" data-comments-opened=\"1\" data-image-meta=\"{&quot;aperture&quot;:&quot;0&quot;,&quot;credit&quot;:&quot;&quot;,&quot;camera&quot;:&quot;&quot;,&quot;caption&quot;:&quot;&quot;,&quot;created_timestamp&quot;:&quot;1556563960&quot;,&quot;copyright&quot;:&quot;&quot;,&quot;focal_length&quot;:&quot;0&quot;,&quot;iso&quot;:&quot;0&quot;,&quot;shutter_speed&quot;:&quot;0&quot;,&quot;title&quot;:&quot;&quot;,&quot;orientation&quot;:&quot;1&quot;}\" data-image-title=\"CCI29042019 (2)\" data-image-description=\"\" data-image-caption=\"\" data-large-file=\"https:\/\/i0.wp.com\/patrimoine-avesnois.fr\/chemin\/wp-content\/uploads\/2019\/04\/CCI29042019-2-2.jpg?fit=660%2C1024&amp;ssl=1\" src=\"https:\/\/i2.wp.com\/patrimoine-avesnois.fr\/chemin\/wp-content\/uploads\/2019\/04\/CCI29042019-2-2.jpg?fit=660%2C1024\" alt=\"\" class=\"wp-image-2483\" width=\"600\" height=\"928\" srcset=\"https:\/\/i0.wp.com\/patrimoine-avesnois.fr\/chemin\/wp-content\/uploads\/2019\/04\/CCI29042019-2-2.jpg?resize=193%2C300&amp;ssl=1 193w, https:\/\/i0.wp.com\/patrimoine-avesnois.fr\/chemin\/wp-content\/uploads\/2019\/04\/CCI29042019-2-2.jpg?zoom=2&amp;resize=600%2C928 1200w, https:\/\/i0.wp.com\/patrimoine-avesnois.fr\/chemin\/wp-content\/uploads\/2019\/04\/CCI29042019-2-2.jpg?zoom=3&amp;resize=600%2C928 1800w\" sizes=\"auto, (max-width: 600px) 85vw, 600px\" \/><\/figure><\/div>\n\n\n\n<p style=\"text-align:center\"><strong>La Situation de l&rsquo;Arrondissement d&rsquo;Avesnes dans le D\u00e9partement du Nord <\/strong><\/p>\n\n\n\n<p><br> La r\u00e9putation du d\u00e9partement du Nord n&rsquo;est plus \u00e0 faire. Tout le monde connait cette laborieuse r\u00e9gion, \u00e0 la fois industrielle, maritime et agricole, puissante par l&rsquo;importance de sa production, par la densit\u00e9 de sa population et par son \u00e9tendue. Le Nord industriel, c&rsquo;est notamment la tr\u00e9pidante agglom\u00e9ration Lille-Roubaix-Tourcoing, capitale du textile sous toutes ses formes : laine, coton, lin, etc\u2026 ainsi que le Bassin Houiller et Industriel de Valenciennes ; le Nord maritime, c&rsquo;est surtout Dunkerque, son activit\u00e9 portuaire r\u00e9nov\u00e9e et toute la r\u00e9gion c\u00f4ti\u00e8re environnante ; le Nord agricole enfin, ce sont principalement les vastes cultures des Flandres avec leurs magnifiques r\u00e9coltes \u2014 qualit\u00e9 et quantit\u00e9 \u2014de bl\u00e9 et de betteraves principalement, puis de pommes de terre, haricots, pois, houblon, tabac, etc\u2026 sans oublier les troupeaux de vaches laiti\u00e8res de pure race flamande.<\/p>\n\n\n\n<p>Mais cet ensemble n&rsquo;est cependant pas tout le d\u00e9partement, qui n&rsquo;est souvent connu et cit\u00e9 qu&rsquo;entre Valenciennes et Lille ou entre Lille et la mer  du Nord. <\/p>\n\n\n\n<p>Il y a en effet, outre le Valencionnois, le Douaisis et le Cambr\u00e9sis, le Sud du d\u00e9partement, l&rsquo;arrondissement d&rsquo;AVESNES, qui r\u00e9unit tout ce que l&rsquo;on trouve dans sa partie septentrionale, exception faite \u00e9videmment de l&rsquo;activit\u00e9 maritime, mais avec l&rsquo;appoint de ses possibilit\u00e9s touristiques qui attirent chaque ann\u00e9e, et de plus en plus, les populations des grandes villes pr\u00e9cit\u00e9es et de leurs environs. <\/p>\n\n\n\n<p>Il y a, en un mot, l&rsquo;AVESNOIS, \u00e0 la fois industriel, agricole et touristique, et dont l&rsquo;attrait est tel que celui qui l&rsquo;a d\u00e9couvert y revient toujours. Nombreux sont en effet les touristes qui, n&rsquo;ayant jamais soup\u00e7onn\u00e9 l&rsquo;existence de cette belle r\u00e9gion et ayant l&rsquo;occasion d&rsquo;y passer, \u00e9prouvent le d\u00e9sir d&rsquo;en appr\u00e9cier de nouveau les charmes a chacune de leurs p\u00e9riodes de libert\u00e9. <\/p>\n\n\n\n<p><br> L&rsquo;AVESNOIS a comme centre, surtout administratif puisqu&rsquo;il s&rsquo;agit du chef-lieu d&rsquo;arrondissement comportant Sous-Pr\u00e9fecture, Palais de Justice, Recette des Finances, Chambre de Commerce et d&rsquo;Industrie, Enregistrement, Hypotheques, Etablissements d&rsquo;enseignement secondaire, etc\u2026 la yille d&rsquo;AVESNES-SUR-HELPE, curieusement b\u00e2tie sur une colline dominant les environs, et dont le clocher de la massive coll\u00e9giale Saint-Nicolas, s\u2019\u00e9l\u00e8ve orgueilleusement au point culminant de la cite ; abritant un des plus c\u00e9l\u00e8bres carillons du Nord, dont les ritournelles s\u2019\u00e9gr\u00e8nent r\u00e9gulie-rement au cours des heures, \u00e0 la satisfaction des touristes de passage qui en font la d\u00e9couverte inattendue. <\/p>\n\n\n\n<p><br> AVESNES est une petite ville qui ne compte qu&rsquo;un peu moins de 7.000 habitants, car l&rsquo;\u00e9troite ceinture de ses fortifications construites par Vauban et le territoire proche des communes environnantes n&rsquo;en ont pas, jusqu\u2019\u00e0 pr\u00e9sent, permis l&rsquo;extension qui s\u2019av\u00e8re cependant de plus en plus indispensable, mais qui a b\u00e9n\u00e9fici\u00e9 d&rsquo;un gros effort de construction et de modernisation depuis quelques ann\u00e9es. <\/p>\n\n\n\n<p>Mais si le chef-lieu est modeste, l&rsquo;ensemble de l&rsquo;arrondissement est puissant dans de nombreux domaines. <\/p>\n\n\n\n<p>Il r\u00e9unit en effet actuellement pr\u00e8s de 240.000 habitants et sa superficie totale, qui s\u2019\u00e9tend sur plus de 140.000 hectares, est partag\u00e9e en 12 cantons et 151 communes. <\/p>\n\n\n\n<p>Dans sa situation actuelle, l&rsquo;arrondissement d&rsquo;AVESNES est plus peuple que 17 de nos d\u00e9partements pris isolement. <\/p>\n\n\n\n<p>Toute sa partie Nord et Est, c&rsquo;est-a-dire les cantons de Bavay, Maubeuge, Solre-le-Ch\u00e2teau et Tr\u00e9lon est limitrophe de la fronti\u00e8re belge ; sa partie sud appartient a la grasse hierache et est mitoyenne du departement de l&rsquo;Aisne ; sa partie Ouest est voisine du Cambresis, avec, au Nord-Ouest, une quinzaine de kilometres jouxtant le Valenciennois. <\/p>\n\n\n\n<p>Les communes les plus peupl\u00e9es sont les suivantes, d\u2019apr\u00e8s les chiffres du recensement de 1962 : Maubeuge, 27.287 habitants ; Hautmont, 18.632 ; Fourmies, 15.197 ; Jeumont, 9.660 ; Aulnoye-Aymeries : 9.609 ; Avesnes, 6.716 ; Feignies, 0.469 ; Louvroil, 6.313 ; Ferriere-la-Grande, 5.263 ; Le Ques-noy, 4.763 ; Landrecies, 4.577 ; Rousies, 4.286 ; Berlaimont, 3.980 ; Wignehies, 3.876 ; Anor, 3.797 ; Sains-du-Nord, 8.672 ; Bavay, 3.355 ; TreIon, 3.344 ; Boussois, 3.$19 ; Marpent, 3.123. <\/p>\n\n\n\n<p>La plus petite commune, quant a la population, est Choisies, dans le canton de Sgolre-le-Chateau. Elle ne compte en effet que 93 habitants. <\/p>\n\n\n\n<p>Quant \u00e0 la superficie des communes, elle varie de 9.755 Hectares pour Locquignol (\u00e0 qui appartient administrativement le territoire de la for\u00eat de Mormal) a 103 hectares pour la commune de Raucourt-au-Bois, avec cette curieuse remarque que ces deux communes, la plus grande et la plus petite de l&rsquo;arrondissement, appartiennent au m\u00eame canton du Quesnoy-Est. <\/p>\n\n\n\n<p>Apres Locquignol, les communes les plus \u00e9tendues sont Tr\u00e9lon, avec 3.914 hectares ; Cartignies, 2.461 ; Etroeungt, 2.510 ; Prisches, 2.311 ; Fourmies, 2.297 ; Anor, 2.224 ; Landrecies, 2.170 ; Maroilles, 2.193 ; Cousolre, 2.098, etc\u2026 Pour le reste, 10 communes ont de 1.500 a 2.000 hectares ; 24 de 1.000 a 1.500 ; 65 de 500 a 1.000 et toutes les autres ont moins de 500 hectares. <\/p>\n\n\n\n<p><strong>L&rsquo; AVESNOIS INDUSTRIEL<\/strong><\/p>\n\n\n\n<p>Du point de vue industriel, deux centres se d\u00e9tachent nettement de l&rsquo;ensemble : le BASSIN M\u00c9TALLURGIQUE de la SAMBRE, et la R\u00e9gion de FOURMIES-AVESNES dont l&rsquo;activite \u00e9tait autrefois presque enti\u00e8rement consacr\u00e9e \u00e0 l&rsquo;INDUSTRIE TEXTILE mais qui pr\u00e9sente aujourd&rsquo;hui un aspect quelque peu diff\u00e9rent \u00e0 la suite de l&rsquo;implantation d&rsquo;industries nouvelles. <\/p>\n\n\n\n<p>On trouve ensuite le centre marbrier de COUSOLRE et environs dont l\u2019activit\u00e9 et la prosp\u00e9rit\u00e9 furent autrefois tr\u00e8s importantes, mais qui sont tr\u00e8s diminu\u00e9es \u00e0 la suite de crises successives provoqu\u00e9es notamment par l&#8217;emploi d&rsquo;autres mat\u00e9riaux tant pour le b\u00e2timent que dans les autres domaines d&rsquo;utilisation habituelle du marbre. Cependant, les productions utilitaires et artistiques des industriels et artisans marbriers de cette r\u00e9gion sont encore appr\u00e9ci\u00e9es et recherch\u00e9es. <\/p>\n\n\n\n<p>Le Bassin de la Sambre, dont le centre est MAUBEUGE, s\u2019\u00e9tend de Jeumont \u00e0 Aulnoye-Aymeries en descendant du nord-est au sud-ouest. <\/p>\n\n\n\n<p>Il comprend notamment, outre les localit\u00e9s pr\u00e9cit\u00e9es, Recquignies, Boussois, Marpent, Hautmont, Rousies, Louvroil, Feignies, Ferri\u00e8re-la-Grande, etc\u2026 et forme une agglomeration de l&rsquo;ordre de 110.000 habitants comprenant de puissantes usines et industries diverses. <\/p>\n\n\n\n<p>C&rsquo;est ainsi que l&rsquo;on y trouve : <\/p>\n\n\n\n<p>&#8212; des usines sid\u00e9rurgiques (Acier Martin, acier Thomas, acier \u00e9lectrique) occupant pr\u00e8s de 11.000 salaries soit 25 % des effectifs des usines de la C.E.C.A. des d\u00e9partements du Nord et du Pas-de-Calais. Dot\u00e9s d&rsquo;un \u00e9quipement moderne comprenant notamment un haut-fourneau \u00e0 fonctionnement enti\u00e8rement automatique constituant l&rsquo;une des unit\u00e9s les plus modernes d&rsquo;Europe, ces \u00e9tablissements ont produit 543.000 tonnes d&rsquo;acier en 1963.<\/p>\n\n\n\n<p> &#8211;des usines transformatrices multiples : fonderies de fonte et d&rsquo;acier, fabriques de mat\u00e9riel de chemin de fer, de machines-outils, de tubes, de tout le mat\u00e9riel \u00e9lectrique et de la c\u00e2blerie, appareil de levage et de manutention, forges, chaudronneries et t\u00f4leries, moteurs m\u00e9caniques, tr\u00e9filage, \u00e9tirage et laminage \u00e0 froid, articles m\u00e9talliques divers (boulonnerie, quincaillerie), ainsi que des fabriques de c\u00e9ramique, de mosaique, produits chimiques et d&rsquo;isolation, glaces et verres sp\u00e9ciaux et articles d&rsquo;optique, cette derni\u00e8re activit\u00e9 \u00e9tant localis\u00e9e dans les puissantes usines de Boussois. <\/p>\n\n\n\n<p>L&rsquo;ensemble de ces productions comprend une centaine de firmes principales et occupe plus de 40.000 salaries. <\/p>\n\n\n\n<p>Certaines de ces usines, dont Peffeetif atteint et parfois depasse 3 a 4.000 ouvriers, sont dot\u00e9es d&rsquo;un outillage puissant et perfectionn\u00e9 qui permet de les comparer aux installations les plus modernes de tous les pays. L&rsquo;une d&rsquo;elles, dont l&rsquo;outillage va du pilon de 500 kg. \u00e0 la presse de 3.000 tonnes peut fabriquer des pi\u00e8ces de quelques centaines de grammes jusqu\u2019\u00e0 40 tonnes. Elle poss\u00e8de un train de laminoirs le plus puissant du monde capable de laminer des frettes sans soudure jusqu\u2019\u00e0 6 m. de diam\u00e8tre, 1 m. 40 de largeur et d&rsquo;un poids unitaire maximum de 30 tonnes. <\/p>\n\n\n\n<p>Quant \u00e0 la r\u00e9gion de FOURMIES-AVESNES, dont la qualit\u00e9 des productions laini\u00e8res avait port\u00e9 bien avant 1914, le renom de Fourmies dans le monde entier, elle ne consacre plus qu&rsquo;environ la moiti\u00e9 de son activit\u00e9 au travail des fibres textiles et pr\u00e9sente actuellement un important \u00e9ventail d\u2019activit\u00e9s nouvelles, ce qui la rend moins sensible aux crises cycliques sp\u00e9cifiques du marche lainier. <\/p>\n\n\n\n<p>Le textile englobe encore une vingtaine de firmes (filatures et tissages) situ\u00e9es a Fourmies, Wignehies, Ohain, Tr\u00e9lon, Glageon, Sains-du-Nord, Avesnelles et Avesnes, occupant 2.600 salaries et traitant mensuellement un contingent de mati\u00e8re de l&rsquo;ordre d&rsquo;un million de kg. <\/p>\n\n\n\n<p>A c\u00f4t\u00e9 de cette industrie traditionnelle, on trouve \u00e9galement dans cette r\u00e9gion des forges et aci\u00e9ries, visserie, fabriques d&rsquo;appareils managers et \u00e9lectriques, de mat\u00e9riel pour la photo et le cin\u00e9ma, de meubles, de confections, de bonneterie, gobeleterie, cartonnerie, brosses m\u00e9talliques, produits exothermiques, caravanes, sucre de lait, etc\u2026<\/p>\n\n\n\n<p>En dehors de ces deux principales zones industrielles, il existe encore dans l&rsquo;arrondissement d&rsquo;Avesnes de tr\u00e8s nombreuses productions, depuis les appareils de chauffage et machines agricoles jusqu&rsquo;aux carri\u00e8res de pierrs calcaires, de dolomie, de sables, en passant par le conditionnement et l&#8217;emballage, les beurreries et fromageries, la brasserie, la cidrerie, la confiserie, des fabriques de chaussures, de bonneterie, d&rsquo;engrais, de feutre, d&rsquo;amiante, de chicor\u00e9e, de c\u00e9ramique, \u00e9mailleries, marbreries, gobeleterie, ferblanterie, boissellerie et aussi plusieurs exploitations foresti\u00e8res \u00e9coulant la production de l&rsquo;immense For\u00eat de Mormal et autres for\u00eats domaniales et bois communaux de Fourmies, Sains-du-Nord, Tr\u00e9lon, Glageon, Anor, etc\u2026 <\/p>\n\n\n\n<p>Les industries de arrondissement d&rsquo;Avesnes sont par ailleurs largement exportatrices et contribuent, pour une part relativement importante, \u00e0 l\u2019\u00e9quilibre de notre balance commerciale. <\/p>\n\n\n\n<p>C&rsquo;est ainsi que les factures d\u2019exportation vis\u00e9es par la Chambre de Commerce et d&rsquo;Industrie en 1963 \u2014 et toutes ne sont pas obligatoirement soumises au visa \u2014 repr\u00e9sentaient un total de 38.000 tonnes de marchandises pour une valeur d&rsquo;ensemble de 35 millions de francs. <\/p>\n\n\n\n<p>Ces exportations sont principalement constitu\u00e9es par des produits sid\u00e9rurgiques et de la transformation des m\u00e9taux, des productions des firmes textiles, des industries laiti\u00e8res et diverses de la r\u00e9gion, notamment des glaces et verres sp\u00e9ciaux, c\u00e9ramiques, etc\u2026 et sont exp\u00e9di\u00e9es \u00e0 des-tination des cinq parties du monde. <\/p>\n\n\n\n<p>Ces chiffres, la nature des marchandises et leur destination soulignent l&rsquo;importance des nombreuses productions industrielles qui donnent tout son relief \u00e0 l\u2019activit\u00e9 \u00e9conomique de l&rsquo;arrondissement d&rsquo;Avesnes.<\/p>\n\n\n\n<p><strong>L&rsquo;AVESNOIS AGRICOLE<\/strong><\/p>\n\n\n\n<p>Mais si l&rsquo;Avesnois est industriel, il est \u00e9galement et largement agricole et se caract\u00e9rise pr\u00e9cis\u00e9ment par un remarquable \u00e9quilibre de ces deux activit\u00e9s principales qui lui donne une certaine ind\u00e9pendance \u00e9conomique.<\/p>\n\n\n\n<p>Toute la partie nord de l&rsquo;arrondissement montre en effet surtout des chemin\u00e9es d&rsquo;usine, mais toute sa partie sud, o\u00f9 s&rsquo;active une importante industrie laiti\u00e8re, beurri\u00e8re et fromag\u00e8re, englobe l&rsquo;essentiel de ses 50.000 hectares de bois ,de for\u00eats et de cultures diverses, et de ses 80.000 hectares de p\u00e2tures plant\u00e9es d&rsquo;arbres fruitiers et notamment de pommiers, s\u00e9par\u00e9es par des haies vives, peupl\u00e9es de magnifiques troupeaux de vaches laiti\u00e8res et de b\u00eates \u00e0 l&rsquo;engrais o\u00f9 dominent principalement les races hollandaise, flamande, bleue du Nord et surtout, depuis quelques ann\u00e9es, la magnifique race frisonne pie-noire dont un important contours annuel groupant \u00e0 Avesnes plusieurs centaines de b\u00eates souligne le constant d\u00e9veloppement. <\/p>\n\n\n\n<p>Quelques chiffres donneront une id\u00e9e de l&rsquo;importance agricole de l&rsquo;arrondissement d&rsquo;Avesnes : <\/p>\n\n\n\n<p>\u2014 son troupeau bovin compte environ 180.000 t\u00eates de b\u00e9tail, dont plus de 85.000 vaches laiti\u00e8res, soit pr\u00e8s de 50 % du troupeau de tout le d\u00e9partement du Nord, et l&rsquo;\u00e9levage du porc y est \u00e9galement tr\u00e8s important ; &#8212; on y recolte souvent plus de 50.000 quintaux de pommes, ainsi que d&rsquo;autres fruits, notamment des prunes et des cerises ; <\/p>\n\n\n\n<p>\u2014 on y traite annuellement plus de 180 millions de litres de lait une production beurri\u00e8re et fromag\u00e8re tr\u00e8s importante : une dizaine d&rsquo;entreprises coop\u00e9ratives ou priv\u00e9es exp\u00e9dient leurs fabrications (Edam, Mimolette, Gouda, Galantine, B\u00e9b\u00e9, Saint-Paulin) dans de nombreuses r\u00e9gions de la m\u00e9tropole, en Afrique du Nord, voire \u00e0 l&rsquo;\u00e9tranger; et certains \u00ab Maroilles \u00bb ou un de ces succulents \u00ab Dauphins \u00bb aromatis\u00e9s, mais qui deviennent malheureusement de plus en plus rares, font les d\u00e9lices des gourmets. <\/p>\n\n\n\n<p>Quant aux marches au beurre d&rsquo;Avesnes, Landrecies, Berlaimont, et de certaines autres localit\u00e9s de la r\u00e9gion, ils sent fr\u00e9quent\u00e9s par de nombreux acheteurs, grossistes, d\u00e9taillants et particuliers ; les tours des marches au beurre d&rsquo;Avesnes et de Landrecies servent d&rsquo;ailleurs de base officielle pour le r\u00e8glement des fermages. <\/p>\n\n\n\n<p>Et si l&rsquo;ensemble des exploitations agricoles de l&rsquo;Avesnois et de la Thi\u00e9rache \u00e9voque parfaitement le bocage normand, avec ses p\u00e2tures peupl\u00e9es de b\u00eates \u00e0 cornes et entour\u00e9es de haies vives, de nombreux connaisseurs y ont trouv\u00e9 un peu plus de \u00ab fini \u00bb, un peu plus de soin \u2014 pour ne pas dire plus de coquetterie \u2014 dans la tenue et la pr\u00e9sentation du cheptel, des b\u00e2timents de ferme, des cl\u00f4tures naturelles et des arbres fruitiers.<\/p>\n\n\n\n<p><strong>L&rsquo;AVESNOIS TOURISTIQUE<\/strong><\/p>\n\n\n\n<p>Et nous arrivons au chapitre le plus agr\u00e9able, en belle saison, pour nos visiteurs : celui des possibilit\u00e9s touristiques offertes par l&rsquo;arrondissement d&rsquo;Avesnes. <\/p>\n\n\n\n<p>Il est ind\u00e9niable qu&rsquo;au printemps, \u00e0 l\u2019\u00e9poque de la floraison, l&rsquo;aspect de l&rsquo;Avesnois est enchanteur, et la beaut\u00e9 de ses sites vallonn\u00e9s, de ses ombrages, de ses bois, de ses for\u00eats, surprend agr\u00e9ablement ceux qui n&rsquo;imaginent le Nord qu&rsquo;obscurci par des fum\u00e9es d&rsquo;usines et parsem\u00e9 de terrils miniers.<\/p>\n\n\n\n<p>Qui dira en effet le charme d&rsquo;une randonn\u00e9e \u2014 \u00e0 pied, \u00e0 bicyclette ou en automobile \u2014 au d\u00e9but de mai, alors que les p\u00e2tures sont couvertes de boutons d&rsquo;or et que les pommiers sont en fleurs, a travers cette \u00ab Petite Suisse du Nord \u00ab\u00a0, orgueil de l&rsquo;Avesnois, qui prend naissance \u00e0 Ramousies, pour s\u2019\u00e9tendre jusqu&rsquo;\u00e0 Eppe-Sauvage, par Liessies et les environs, entre la for\u00eat de Tr\u00e9lon, le bois l&rsquo;Abb\u00e9, le bois de Belleux, le bois de Nostrimont, jusqu&rsquo;aux abords de la for\u00eat de Rance, en Belgique ?<\/p>\n\n\n\n<p>Qui dira l&rsquo;attrait d&rsquo;une promenade sous bois dans cette splendide for\u00eat de Mormal, totalisant plus de 9.000 hectares et dont les vertes frondaisons, les all\u00e9es bord\u00e9es de ch\u00eanes s\u00e9culaires vous conduisent par Locquignol vers les cerisiers de Jolimetz, vers cette douce, vieillotte et accueillante ville du Quesnoy qui, a l&rsquo;abri de ses anciennes fortifications de Vauban, heureusement pr\u00e9serv\u00e9es en partie de la destruction et des \u00ab urbanistes \u00bb, vous permettra de d\u00e9licieuses fl\u00e2neries, d\u2019agr\u00e9ables parties de p\u00eache, de canotage, de camping, sur ses \u00e9tangs et sur ses lacs, sous ses d\u00e9licieux ombrages, au surplus parfaitement am\u00e9nag\u00e9s par les soins du Syndicat d&rsquo;Initiative local qui a su d\u00e9celer tout le parti et tout le profit qu&rsquo;on en pouvait esp\u00e9rer ?<\/p>\n\n\n\n<p>Les touristes trouveront \u00e9galement dans l&rsquo;Avesnois, parmi tant de sites charmants, comme par exemple tous les environs de Soire-le-Ch\u00e2teau, de Clairfayts \u00e0 Lez-Fontaine, la fine et chantante Vall\u00e9e de la Thure, qui va d&rsquo;Hestrud \u00e0 Cousolre en longeant la frontiere beige. <\/p>\n\n\n\n<p>Ilss y trouveront encore d\u2019agr\u00e9ables promenades aux environs imm\u00e9diats d&rsquo;Avesnes, par Guersignies et Waudrechies ; par Godin, Belle-Fontaine, Coutant, Fuchau, hameaux et lieux-dits niches dans la verdure et dont la d\u00e9couverte est toujours agr\u00e9able.<\/p>\n\n\n\n<p>Ils y trouveront aussi la for\u00eat de Tr\u00e9lon, la fagne de Sains, le bois de Glageon, la haie d&rsquo;Anor, le bois de Fourmies, etc\u2026 qui rassemblent,toutes les possibilit\u00e9s de randonn\u00e9es vari\u00e9es, de calmes et vivifiants repos ou d&rsquo;\u00e9bats sportifs chers aux jeunes g\u00e9n\u00e9rations, sans oublier l&rsquo;attrait, au printemps, d&rsquo;odorantes moissons de clochettes de blanc muguet et, aux approches de l&rsquo;automne, d&rsquo;abondantes cueillettes de champignons de p\u00e2ture qui, d\u00e9gust\u00e9s avec du pain frais bien garni de bon beurre avesnois, constituent un v\u00e9ritable dejeuner de roi ! <\/p>\n\n\n\n<p>Et si, parmi les visiteurs, il en est qui sont amateurs d\u2019arch\u00e9ologie, l&rsquo;AVESNOIS leur offre \u00e9galement dans ce domaine des ressources insoup\u00e7onn\u00e9es car toutes leurs promenades seront jalonn\u00e9es de souvenirs historiques de toutes les \u00e9poques. <\/p>\n\n\n\n<p>Ils y verront, un peu partout, ces nombreuses petites chapelles qui ont toutes leur l\u00e9gende ou leur histoire. Ils y verront, par exemple, \u00e0 Solre-le-Ch\u00e2teau, l&rsquo;ancienne \u00e9glise avec son curieux clocher \u00e0 bulbes et ses jolis vitraux ; l&rsquo;H\u00f4tel-de-ville non moins ancien, flanqu\u00e9 d&rsquo;une ancienne halle sur la fa\u00e7ade de laquelle ils d\u00e9chiffreront, inscrites en belle gothique dor\u00e9e, des devises rappelant aux marchands de ce temps les pr\u00e9ceptes de probit\u00e9 tenus pour r\u00e8gle de leurs transactions commerciales<\/p>\n\n\n\n<p>Ils d\u00e9couvriront dans toutes les \u00e9glises des villes et des villages soit des tableaux anciens, soit de vieilles boiseries sculpt\u00e9es, soit des statues de pierre ou de bois dont l&rsquo;origine date souvent de plusieurs si\u00e8cles. <\/p>\n\n\n\n<p>ils trouveront \u00e0 Avesnelles et \u00e0 Flaumont-Waudrechies les vestiges du \u00ab camp de C\u00e9sar \u00bb ; \u00e0 l&rsquo;exterieur de l&rsquo;\u00e9glise de S\u00e9meries, un \u00ab Dieu de Piti\u00e9 \u00bb du XV\u00b0 si\u00e8cle ; dans l&rsquo;\u00e9glise de Ramousies, d&rsquo;admirables tryptiques de la Renaissance ; dans l&rsquo;\u00e9glise de Liessies, l&rsquo;\u00e9vocation d&rsquo;un riche pass\u00e9 tant sur la toile que dans le bois ou la pierre, et, non loin de l\u00e0, la chapelle de Sainte-Hiltrude dont ils aimeront la l\u00e9gende. <\/p>\n\n\n\n<p>Dans une autre direction, ils trouveront le coquet village de Floursies et sa fontaine romaine dont les eaux \u00e9taient autrefois dirig\u00e9es sur Bavay par un aqueduc de 20 kilom\u00e8tres ; Beaufort et les ruines d&rsquo;un donjon construit en 1173 par un Comte du Hainaut : Eclaibes avec son \u00e9tang et les vestiges imposants d&rsquo;un ch\u00e2teau-fort du moyen-age, etc\u2026 <\/p>\n\n\n\n<p>Ces quelques citations sont faites au hasard, car la simple \u00e9numeration de toutes les curiosit\u00e9s anciennes qui se trouvent dans l&rsquo;Avesnois serait fastidieuse, mais on peut encore signaler, \u00e0 Sains-du-Nord, un ch\u00e2teau qui fut autrefois une des r\u00e9sidences du Prince de Talleyrand-P\u00e9rigord, ancien \u00c9v\u00eaque d&rsquo;Autun et Grand Chambellan de Napol\u00e9on ; \u00e0 Poix-du-Nord, la maison natale du grand trag\u00e9dien Talma, lui aussi familier de Napol\u00e9on 1er dont il fut le com\u00e9dien pr\u00e9f\u00e9r\u00e9.<\/p>\n\n\n\n<p>Enfin, les touristes \u00e9pris d\u2019arch\u00e9ologie iront admirer les vestiges de ce que fut \u00e0 l&rsquo;\u00e9poque gallo-romaine l&rsquo;ancienne capitale des Nerviens, l&rsquo;antique cit\u00e9 de Bagacum, aujourd&rsquo;hui ville de Bavay, o\u00f9 se rencontrent les sept chauss\u00e9es Brunehaut sur lesquelles ont chemin\u00e9 pendant plus de quatre si\u00e8cles les l\u00e9gions, les denr\u00e9es, les \u0153uvres d&rsquo;art et tous les produits de la civilisation, mat\u00e9rielle et morale, de l\u2019antiquit\u00e9. <\/p>\n\n\n\n<p>Les fouilles entreprises \u00e0 Bavay il y a d\u00e9j\u00e0 de nombreuses ann\u00e9es, et qui ont permis de curieuses trouvailles r\u00e9unies dans un int\u00e9ressant mus\u00e9e local tr\u00e8s frequent\u00e9, furent reprises avec plus d\u2019intensit\u00e9 depuis 1947 et provoqu\u00e8rent la mise a jour d&rsquo;une v\u00e9ritable ville antique avec des murs encore debout, des arcs hauts de 5 m\u00e8tres et un ensemble de monuments dont l&rsquo;harmonieuse disposition, la construction soign\u00e9e et la riche d\u00e9coration font l&rsquo;admiration des visiteurs de plus en plus nombreux.<\/p>\n\n\n\n<p>Ajoutons que l&rsquo;attrait touristique de notre r\u00e9gion s&rsquo;est encore accru depuis quelques ann\u00e9es par la cr\u00e9ation \u00e0 Maubeuge, d&rsquo;un jardin zoologique qui fait la joie des petits et provoque aussi l\u2019int\u00e9r\u00eat des grands par le nombre et la diversit\u00e9 de ses pensionnaires. <\/p>\n\n\n\n<p>Bien sur, le \u00ab Zoo \u00bb de Maubeuge ne pr\u00e9tend pas rivaliser avec celui du Bois de Vincennes, mais ses cr\u00e9ateurs sont tr\u00e8s attentifs \u00e0 son d\u00e9veloppement et il est d&rsquo;ores et d\u00e9j\u00e0 classe le 3eme de France.<\/p>\n\n\n\n<p>Aussi bien, l&rsquo;acclimatation des diverses familles d&rsquo;animaux qu&rsquo;il renferme semble donner d&rsquo;excellents r\u00e9sultats si l&rsquo;on s&rsquo;en rapporte au nombre des naissances r\u00e9guli\u00e8rement enregistr\u00e9es. <\/p>\n\n\n\n<p>Les touristes de passage dans l&rsquo;Avesnois peuvent donc, s&rsquo;ils le d\u00e9sirent, se d\u00e9tourner de leur chemin pour une visite au Zoo de Maubeuge : ils ne seront pas d\u00e9\u00e7us<\/p>\n\n\n\n<p>En terminant cet aper\u00e7u des possibilit\u00e9s touristiques de l&rsquo;Avesnois, il est juste de rendre hommage \u00e0 celui qui est sans doute a l&rsquo;origine de l&rsquo;afflux toujours croissant des visiteurs dans notre belle r\u00e9gion. Nous voulons nommer le regrett\u00e9 M. Charles-Narcisse PELTRISOT, ancien Maire d&rsquo;Avesnes, ancien Pr\u00e9sident du Syndicat d&rsquo;Initiative de cette ville qui, inlassablement, pendant de nombreuses ann\u00e9es, vanta sur tous les tons et en toutes occasions, par la plume et par la parole, \u00e0 l&rsquo;aide de brochures, d&rsquo;affiches ou de discours, les charmes de sa petite Patrie et de tous ses environs. <\/p>\n\n\n\n<p>Il semble donc utile de rappeler, en l&rsquo;affirmant, que c&rsquo;est \u00e0 M. PELTRISOT et \u00e0 son travail opini\u00e2tre et d\u00e9sint\u00e9ress\u00e9 que notre arrondissement doit en grande partie la flatteuse renomm\u00e9e touristique qu&rsquo;il a pu acqu\u00e9rir et qui ne cesse de s&rsquo;amplifier. <\/p>\n\n\n\n<p>Pour conclure, nous dirons que l&rsquo;AVESNOIS, par la valeur de son travail et de ses productions, par la richesse de son sol, par l\u2019int\u00e9r\u00eat de son pass\u00e9, pr\u00e9sente un attrait certain pour toutes les classes de la Soci\u00e9t\u00e9 et m\u00e9rite quelque attention de la part de ceux qui en ignorent encore les ressources et le charme. <\/p>\n\n\n\n<p>AVESNES et tout L&rsquo;AVESNOIS sont \u00e0 environ 200 km. de Paris, \u00e0 100 km. de Lille et de Bruxelles : toute la r\u00e9gion est bien desservie tant par le rail que par la route, notamment la R.N. 2 de Paris h Bruxelles qui la traverse tout enti\u00e8re en ligne droite, de Larouillies \u00e0 Bettignies en passant par Avesnes et Maubeuge.<\/p>\n\n\n\n<p>Et dans cette travers\u00e9e, il est bon de souligner que les amateurs de bonne ch\u00e8re trouveront des restaurants accueillants ou l&rsquo;art du \u00ab bien manger \u00bb est encore respect\u00e9.<\/p>\n\n\n\n<p>L&rsquo;AVESNOIS, surtout dans sa partie sud, est le s\u00e9jour id\u00e9al pour les vacances. C&rsquo;est l&rsquo;air pur, le calme, le repos, la tranquillit\u00e9, la sant\u00e9.<\/p>\n\n\n\n<p>Et rappelons, comme point final \u00e0 ce tour d&rsquo;horizon r\u00e9gional, la flatteuse appr\u00e9ciation d&rsquo;un haut fonctionnaire en tourn\u00e9e d&rsquo;inspection dans notre arrondissement et qui, d\u00e9couvrant ses richesses naturelles et son attrait, dit \u00e0 son entourage : \u00ab Lorsqu&rsquo;on arrive dans le Nord par AVESNES, on entre par le cote jardin \u00bb. <\/p>\n\n\n\n<p>&#8211;<\/p>\n","protected":false},"excerpt":{"rendered":"<p>La Situation de l&rsquo;Arrondissement d&rsquo;Avesnes dans le D\u00e9partement du Nord La r\u00e9putation du d\u00e9partement du Nord n&rsquo;est plus \u00e0 faire. Tout le monde connait cette laborieuse r\u00e9gion, \u00e0 la fois industrielle, maritime et agricole, puissante par l&rsquo;importance de sa production, par la densit\u00e9 de sa population et par son \u00e9tendue. Le Nord industriel, c&rsquo;est notamment &hellip; <a href=\"https:\/\/patrimoine-avesnois.fr\/chemin\/lavesnois-dans-les-annees-1960\/\" class=\"more-link\">Continuer la lecture<span class=\"screen-reader-text\"> de &laquo;&nbsp;L&rsquo;Avesnois dans les ann\u00e9es 1960&nbsp;&raquo;<\/span><\/a><\/p>\n","protected":false},"author":2,"featured_media":0,"parent":0,"menu_order":0,"comment_status":"closed","ping_status":"closed","template":"","meta":{"jetpack_post_was_ever_published":false,"footnotes":""},"class_list":["post-2326","page","type-page","status-publish","hentry"],"jetpack_sharing_enabled":true,"jetpack_shortlink":"https:\/\/wp.me\/PaOEkN-Bw","jetpack-related-posts":[],"_links":{"self":[{"href":"https:\/\/patrimoine-avesnois.fr\/chemin\/wp-json\/wp\/v2\/pages\/2326","targetHints":{"allow":["GET"]}}],"collection":[{"href":"https:\/\/patrimoine-avesnois.fr\/chemin\/wp-json\/wp\/v2\/pages"}],"about":[{"href":"https:\/\/patrimoine-avesnois.fr\/chemin\/wp-json\/wp\/v2\/types\/page"}],"author":[{"embeddable":true,"href":"https:\/\/patrimoine-avesnois.fr\/chemin\/wp-json\/wp\/v2\/users\/2"}],"replies":[{"embeddable":true,"href":"https:\/\/patrimoine-avesnois.fr\/chemin\/wp-json\/wp\/v2\/comments?post=2326"}],"version-history":[{"count":0,"href":"https:\/\/patrimoine-avesnois.fr\/chemin\/wp-json\/wp\/v2\/pages\/2326\/revisions"}],"wp:attachment":[{"href":"https:\/\/patrimoine-avesnois.fr\/chemin\/wp-json\/wp\/v2\/media?parent=2326"}],"curies":[{"name":"wp","href":"https:\/\/api.w.org\/{rel}","templated":true}]}}