{"id":2717,"date":"2019-05-03T11:26:00","date_gmt":"2019-05-03T09:26:00","guid":{"rendered":"http:\/\/patrimoine-avesnois.fr\/chemin\/?page_id=2717"},"modified":"2026-08-17T13:06:12","modified_gmt":"2026-08-17T11:06:12","slug":"hautmont","status":"publish","type":"page","link":"https:\/\/patrimoine-avesnois.fr\/chemin\/hautmont\/","title":{"rendered":"Hautmont"},"content":{"rendered":"<div class=\"wp-block-image is-resized\">\n<figure class=\"aligncenter\"><img loading=\"lazy\" decoding=\"async\" width=\"1482\" height=\"931\" data-attachment-id=\"2765\" data-permalink=\"https:\/\/patrimoine-avesnois.fr\/chemin\/hautmont\/676_001-2\/\" data-orig-file=\"https:\/\/i0.wp.com\/patrimoine-avesnois.fr\/chemin\/wp-content\/uploads\/2019\/05\/676_001-1.jpg?fit=1482%2C931&amp;ssl=1\" data-orig-size=\"1482,931\" data-comments-opened=\"1\" data-image-meta=\"{&quot;aperture&quot;:&quot;0&quot;,&quot;credit&quot;:&quot;&quot;,&quot;camera&quot;:&quot;&quot;,&quot;caption&quot;:&quot;&quot;,&quot;created_timestamp&quot;:&quot;1556821700&quot;,&quot;copyright&quot;:&quot;&quot;,&quot;focal_length&quot;:&quot;0&quot;,&quot;iso&quot;:&quot;0&quot;,&quot;shutter_speed&quot;:&quot;0&quot;,&quot;title&quot;:&quot;&quot;,&quot;orientation&quot;:&quot;0&quot;}\" data-image-title=\"676_001\" data-image-description=\"\" data-image-caption=\"\" data-large-file=\"https:\/\/i0.wp.com\/patrimoine-avesnois.fr\/chemin\/wp-content\/uploads\/2019\/05\/676_001-1.jpg?fit=840%2C527&amp;ssl=1\" src=\"https:\/\/i1.wp.com\/patrimoine-avesnois.fr\/chemin\/wp-content\/uploads\/2019\/05\/676_001-1.jpg?fit=840%2C527\" alt=\"\" class=\"wp-image-2765\" srcset=\"https:\/\/i0.wp.com\/patrimoine-avesnois.fr\/chemin\/wp-content\/uploads\/2019\/05\/676_001-1.jpg?w=1482&amp;ssl=1 1482w, https:\/\/i0.wp.com\/patrimoine-avesnois.fr\/chemin\/wp-content\/uploads\/2019\/05\/676_001-1.jpg?resize=300%2C188&amp;ssl=1 300w, https:\/\/i0.wp.com\/patrimoine-avesnois.fr\/chemin\/wp-content\/uploads\/2019\/05\/676_001-1.jpg?resize=768%2C482&amp;ssl=1 768w, https:\/\/i0.wp.com\/patrimoine-avesnois.fr\/chemin\/wp-content\/uploads\/2019\/05\/676_001-1.jpg?resize=1024%2C643&amp;ssl=1 1024w, https:\/\/i0.wp.com\/patrimoine-avesnois.fr\/chemin\/wp-content\/uploads\/2019\/05\/676_001-1.jpg?resize=1200%2C754&amp;ssl=1 1200w\" sizes=\"auto, (max-width: 709px) 85vw, (max-width: 909px) 67vw, (max-width: 1362px) 62vw, 840px\" \/><figcaption class=\"wp-element-caption\">Vue du centre d&rsquo;Hautmont vers 1910<\/figcaption><\/figure>\n<\/div>\n\n<div class=\"wp-block-image is-resized\">\n<figure class=\"aligncenter\"><img data-recalc-dims=\"1\" loading=\"lazy\" decoding=\"async\" width=\"840\" height=\"596\" data-attachment-id=\"2723\" data-permalink=\"https:\/\/patrimoine-avesnois.fr\/chemin\/hautmont\/127_001-3\/\" data-orig-file=\"https:\/\/i0.wp.com\/patrimoine-avesnois.fr\/chemin\/wp-content\/uploads\/2019\/05\/127_001-1.jpg?fit=841%2C597&amp;ssl=1\" data-orig-size=\"841,597\" data-comments-opened=\"1\" data-image-meta=\"{&quot;aperture&quot;:&quot;0&quot;,&quot;credit&quot;:&quot;&quot;,&quot;camera&quot;:&quot;&quot;,&quot;caption&quot;:&quot;&quot;,&quot;created_timestamp&quot;:&quot;1556821753&quot;,&quot;copyright&quot;:&quot;&quot;,&quot;focal_length&quot;:&quot;0&quot;,&quot;iso&quot;:&quot;0&quot;,&quot;shutter_speed&quot;:&quot;0&quot;,&quot;title&quot;:&quot;&quot;,&quot;orientation&quot;:&quot;0&quot;}\" data-image-title=\"127_001\" data-image-description=\"\" data-image-caption=\"\" data-large-file=\"https:\/\/i0.wp.com\/patrimoine-avesnois.fr\/chemin\/wp-content\/uploads\/2019\/05\/127_001-1.jpg?fit=840%2C596&amp;ssl=1\" src=\"https:\/\/i0.wp.com\/patrimoine-avesnois.fr\/chemin\/wp-content\/uploads\/2019\/05\/127_001-1.jpg?resize=840%2C596\" alt=\"\" class=\"wp-image-2723\" srcset=\"https:\/\/i0.wp.com\/patrimoine-avesnois.fr\/chemin\/wp-content\/uploads\/2019\/05\/127_001-1.jpg?w=841&amp;ssl=1 841w, https:\/\/i0.wp.com\/patrimoine-avesnois.fr\/chemin\/wp-content\/uploads\/2019\/05\/127_001-1.jpg?resize=300%2C213&amp;ssl=1 300w, https:\/\/i0.wp.com\/patrimoine-avesnois.fr\/chemin\/wp-content\/uploads\/2019\/05\/127_001-1.jpg?resize=768%2C545&amp;ssl=1 768w\" sizes=\"auto, (max-width: 709px) 85vw, (max-width: 909px) 67vw, (max-width: 1362px) 62vw, 840px\" \/><figcaption class=\"wp-element-caption\"> Vue G\u00e9n\u00e9rale A\u00e9rienne sur L\u00b4Eglise et La Place avec La F\u00eate Foraine et Man\u00e8ge. 1952<\/figcaption><\/figure>\n<\/div>\n\n<div class=\"wp-block-image is-resized\">\n<figure class=\"aligncenter\"><img loading=\"lazy\" decoding=\"async\" width=\"1624\" height=\"1051\" data-attachment-id=\"2721\" data-permalink=\"https:\/\/patrimoine-avesnois.fr\/chemin\/hautmont\/638_001\/\" data-orig-file=\"https:\/\/i0.wp.com\/patrimoine-avesnois.fr\/chemin\/wp-content\/uploads\/2019\/05\/638_001.jpg?fit=1624%2C1051&amp;ssl=1\" data-orig-size=\"1624,1051\" data-comments-opened=\"1\" data-image-meta=\"{&quot;aperture&quot;:&quot;0&quot;,&quot;credit&quot;:&quot;&quot;,&quot;camera&quot;:&quot;&quot;,&quot;caption&quot;:&quot;&quot;,&quot;created_timestamp&quot;:&quot;1556821846&quot;,&quot;copyright&quot;:&quot;&quot;,&quot;focal_length&quot;:&quot;0&quot;,&quot;iso&quot;:&quot;0&quot;,&quot;shutter_speed&quot;:&quot;0&quot;,&quot;title&quot;:&quot;&quot;,&quot;orientation&quot;:&quot;0&quot;}\" data-image-title=\"638_001\" data-image-description=\"\" data-image-caption=\"\" data-large-file=\"https:\/\/i0.wp.com\/patrimoine-avesnois.fr\/chemin\/wp-content\/uploads\/2019\/05\/638_001.jpg?fit=840%2C544&amp;ssl=1\" src=\"https:\/\/i1.wp.com\/patrimoine-avesnois.fr\/chemin\/wp-content\/uploads\/2019\/05\/638_001.jpg?fit=840%2C544\" alt=\"\" class=\"wp-image-2721\" srcset=\"https:\/\/i0.wp.com\/patrimoine-avesnois.fr\/chemin\/wp-content\/uploads\/2019\/05\/638_001.jpg?w=1624&amp;ssl=1 1624w, https:\/\/i0.wp.com\/patrimoine-avesnois.fr\/chemin\/wp-content\/uploads\/2019\/05\/638_001.jpg?resize=300%2C194&amp;ssl=1 300w, https:\/\/i0.wp.com\/patrimoine-avesnois.fr\/chemin\/wp-content\/uploads\/2019\/05\/638_001.jpg?resize=768%2C497&amp;ssl=1 768w, https:\/\/i0.wp.com\/patrimoine-avesnois.fr\/chemin\/wp-content\/uploads\/2019\/05\/638_001.jpg?resize=1024%2C663&amp;ssl=1 1024w, https:\/\/i0.wp.com\/patrimoine-avesnois.fr\/chemin\/wp-content\/uploads\/2019\/05\/638_001.jpg?resize=1200%2C777&amp;ssl=1 1200w\" sizes=\"auto, (max-width: 709px) 85vw, (max-width: 909px) 67vw, (max-width: 1362px) 62vw, 840px\" \/><figcaption class=\"wp-element-caption\">Vue sur la Place 1957<\/figcaption><\/figure>\n<\/div>\n\n<div class=\"wp-block-image is-resized\">\n<figure class=\"aligncenter\"><img loading=\"lazy\" decoding=\"async\" width=\"1464\" height=\"946\" data-attachment-id=\"2725\" data-permalink=\"https:\/\/patrimoine-avesnois.fr\/chemin\/hautmont\/431_001\/\" data-orig-file=\"https:\/\/i0.wp.com\/patrimoine-avesnois.fr\/chemin\/wp-content\/uploads\/2019\/05\/431_001.jpg?fit=1464%2C946&amp;ssl=1\" data-orig-size=\"1464,946\" data-comments-opened=\"1\" data-image-meta=\"{&quot;aperture&quot;:&quot;0&quot;,&quot;credit&quot;:&quot;&quot;,&quot;camera&quot;:&quot;&quot;,&quot;caption&quot;:&quot;&quot;,&quot;created_timestamp&quot;:&quot;1556879034&quot;,&quot;copyright&quot;:&quot;&quot;,&quot;focal_length&quot;:&quot;0&quot;,&quot;iso&quot;:&quot;0&quot;,&quot;shutter_speed&quot;:&quot;0&quot;,&quot;title&quot;:&quot;&quot;,&quot;orientation&quot;:&quot;0&quot;}\" data-image-title=\"431_001\" data-image-description=\"\" data-image-caption=\"\" data-large-file=\"https:\/\/i0.wp.com\/patrimoine-avesnois.fr\/chemin\/wp-content\/uploads\/2019\/05\/431_001.jpg?fit=840%2C543&amp;ssl=1\" src=\"https:\/\/i0.wp.com\/patrimoine-avesnois.fr\/chemin\/wp-content\/uploads\/2019\/05\/431_001.jpg?fit=840%2C543\" alt=\"\" class=\"wp-image-2725\" srcset=\"https:\/\/i0.wp.com\/patrimoine-avesnois.fr\/chemin\/wp-content\/uploads\/2019\/05\/431_001.jpg?w=1464&amp;ssl=1 1464w, https:\/\/i0.wp.com\/patrimoine-avesnois.fr\/chemin\/wp-content\/uploads\/2019\/05\/431_001.jpg?resize=300%2C194&amp;ssl=1 300w, https:\/\/i0.wp.com\/patrimoine-avesnois.fr\/chemin\/wp-content\/uploads\/2019\/05\/431_001.jpg?resize=768%2C496&amp;ssl=1 768w, https:\/\/i0.wp.com\/patrimoine-avesnois.fr\/chemin\/wp-content\/uploads\/2019\/05\/431_001.jpg?resize=1024%2C662&amp;ssl=1 1024w, https:\/\/i0.wp.com\/patrimoine-avesnois.fr\/chemin\/wp-content\/uploads\/2019\/05\/431_001.jpg?resize=1200%2C775&amp;ssl=1 1200w\" sizes=\"auto, (max-width: 709px) 85vw, (max-width: 909px) 67vw, (max-width: 1362px) 62vw, 840px\" \/><figcaption class=\"wp-element-caption\">Vue de la Sambre<\/figcaption><\/figure>\n<\/div>\n\n\n<p class=\"wp-block-paragraph\"><\/p>\n\n\n\n<h2 class=\"wp-block-heading\">\ud83d\udfe5 <em>Hautmont : histoire et h\u00e9ritage de l\u2019abbaye<\/em><\/h2>\n\n\n\n<p class=\"wp-block-paragraph\"><br>L\u2019\u00e9tymologie du nom de Hautmont provient d\u2019un lieu\u2011dit appel\u00e9 \u00ab\u202fMont\u2011Aigu\u202f\u00bb, petit monticule situ\u00e9 sur la rive droite de la Sambre. C\u2019est l\u00e0 qu\u2019un oratoire d\u00e9di\u00e9 \u00e0 Saint Waast fut \u00e9difi\u00e9. Ce \u00ab\u202fmont \u00e9lev\u00e9\u202f\u00bb \u2014 Altus Mons \u2014 donnera plus tard son nom \u00e0 la ville : Haut\u2011Mont, devenu Hautmont.<\/p>\n\n\n\n<p class=\"wp-block-paragraph\">Hautmont a un pass\u00e9 riche et b\u00e9n\u00e9ficie d&rsquo;un patrimoine remarquable, \u00e0 commencer par son abbaye b\u00e9n\u00e9dictine.<\/p>\n\n\n<div class=\"wp-block-image is-resized\">\n<figure class=\"aligncenter\"><img loading=\"lazy\" decoding=\"async\" width=\"761\" height=\"1126\" data-attachment-id=\"2733\" data-permalink=\"https:\/\/patrimoine-avesnois.fr\/chemin\/hautmont\/abbaye_dhautmont-1598\/\" data-orig-file=\"https:\/\/i0.wp.com\/patrimoine-avesnois.fr\/chemin\/wp-content\/uploads\/2019\/05\/Abbaye_dHautmont-1598.jpg?fit=761%2C1126&amp;ssl=1\" data-orig-size=\"761,1126\" data-comments-opened=\"1\" data-image-meta=\"{&quot;aperture&quot;:&quot;0&quot;,&quot;credit&quot;:&quot;&quot;,&quot;camera&quot;:&quot;&quot;,&quot;caption&quot;:&quot;&quot;,&quot;created_timestamp&quot;:&quot;1556882820&quot;,&quot;copyright&quot;:&quot;&quot;,&quot;focal_length&quot;:&quot;0&quot;,&quot;iso&quot;:&quot;0&quot;,&quot;shutter_speed&quot;:&quot;0&quot;,&quot;title&quot;:&quot;&quot;,&quot;orientation&quot;:&quot;1&quot;}\" data-image-title=\"Abbaye_d&amp;rsquo;Hautmont-1598\" data-image-description=\"\" data-image-caption=\"\" data-large-file=\"https:\/\/i0.wp.com\/patrimoine-avesnois.fr\/chemin\/wp-content\/uploads\/2019\/05\/Abbaye_dHautmont-1598.jpg?fit=692%2C1024&amp;ssl=1\" src=\"https:\/\/i1.wp.com\/patrimoine-avesnois.fr\/chemin\/wp-content\/uploads\/2019\/05\/Abbaye_dHautmont-1598.jpg?fit=692%2C1024\" alt=\"\" class=\"wp-image-2733\" srcset=\"https:\/\/i0.wp.com\/patrimoine-avesnois.fr\/chemin\/wp-content\/uploads\/2019\/05\/Abbaye_dHautmont-1598.jpg?w=761&amp;ssl=1 761w, https:\/\/i0.wp.com\/patrimoine-avesnois.fr\/chemin\/wp-content\/uploads\/2019\/05\/Abbaye_dHautmont-1598.jpg?resize=203%2C300&amp;ssl=1 203w, https:\/\/i0.wp.com\/patrimoine-avesnois.fr\/chemin\/wp-content\/uploads\/2019\/05\/Abbaye_dHautmont-1598.jpg?resize=692%2C1024&amp;ssl=1 692w\" sizes=\"auto, (max-width: 761px) 85vw, 761px\" \/><figcaption class=\"wp-element-caption\"> <br><em>Abbaye d&rsquo;Hautmont en 1598 (<\/em><a href=\"https:\/\/fr.wikipedia.org\/wiki\/Albums_de_Cro%C3%BF\" target=\"_blank\" rel=\"noreferrer noopener\">Albums de Cro\u00ff<\/a><em>) <\/em> <\/figcaption><\/figure>\n<\/div>\n\n\n<p class=\"wp-block-paragraph\"><\/p>\n\n\n<div class=\"wp-block-image\">\n<figure class=\"aligncenter size-large\"><img data-recalc-dims=\"1\" loading=\"lazy\" decoding=\"async\" width=\"840\" height=\"557\" data-attachment-id=\"28965\" data-permalink=\"https:\/\/patrimoine-avesnois.fr\/chemin\/hautmont\/image-3366\/\" data-orig-file=\"https:\/\/i0.wp.com\/patrimoine-avesnois.fr\/chemin\/wp-content\/uploads\/2026\/08\/image-213.png?fit=1204%2C798&amp;ssl=1\" data-orig-size=\"1204,798\" data-comments-opened=\"1\" data-image-meta=\"{&quot;aperture&quot;:&quot;0&quot;,&quot;credit&quot;:&quot;&quot;,&quot;camera&quot;:&quot;&quot;,&quot;caption&quot;:&quot;&quot;,&quot;created_timestamp&quot;:&quot;0&quot;,&quot;copyright&quot;:&quot;&quot;,&quot;focal_length&quot;:&quot;0&quot;,&quot;iso&quot;:&quot;0&quot;,&quot;shutter_speed&quot;:&quot;0&quot;,&quot;title&quot;:&quot;&quot;,&quot;orientation&quot;:&quot;0&quot;,&quot;alt&quot;:&quot;&quot;}\" data-image-title=\"image\" data-image-description=\"\" data-image-caption=\"\" data-large-file=\"https:\/\/i0.wp.com\/patrimoine-avesnois.fr\/chemin\/wp-content\/uploads\/2026\/08\/image-213.png?fit=840%2C557&amp;ssl=1\" src=\"https:\/\/i0.wp.com\/patrimoine-avesnois.fr\/chemin\/wp-content\/uploads\/2026\/08\/image-213-1024x679.png?resize=840%2C557&#038;ssl=1\" alt=\"\" class=\"wp-image-28965\" srcset=\"https:\/\/i0.wp.com\/patrimoine-avesnois.fr\/chemin\/wp-content\/uploads\/2026\/08\/image-213.png?resize=1024%2C679&amp;ssl=1 1024w, https:\/\/i0.wp.com\/patrimoine-avesnois.fr\/chemin\/wp-content\/uploads\/2026\/08\/image-213.png?resize=300%2C199&amp;ssl=1 300w, https:\/\/i0.wp.com\/patrimoine-avesnois.fr\/chemin\/wp-content\/uploads\/2026\/08\/image-213.png?resize=768%2C509&amp;ssl=1 768w, https:\/\/i0.wp.com\/patrimoine-avesnois.fr\/chemin\/wp-content\/uploads\/2026\/08\/image-213.png?resize=1200%2C795&amp;ssl=1 1200w, https:\/\/i0.wp.com\/patrimoine-avesnois.fr\/chemin\/wp-content\/uploads\/2026\/08\/image-213.png?w=1204&amp;ssl=1 1204w\" sizes=\"auto, (max-width: 709px) 85vw, (max-width: 909px) 67vw, (max-width: 1362px) 62vw, 840px\" \/><figcaption class=\"wp-element-caption\"><em>Vue g\u00e9n\u00e9rale de l\u2019abbaye en gravure ancienne<\/em><\/figcaption><\/figure>\n<\/div>\n\n\n<p class=\"wp-block-paragraph\"><\/p>\n\n\n\n<h3 class=\"wp-block-heading\">\ud83d\udfe5 <strong>Hautmont : une ville n\u00e9e de son abbaye<\/strong><\/h3>\n\n\n\n<p class=\"wp-block-paragraph\">Hautmont est litt\u00e9ralement n\u00e9e de son abbaye. Fond\u00e9e en 643 par Madelgaire, futur Saint Vincent, l\u2019abbaye attire moines, p\u00e8lerins, artisans et cultivateurs. Autour d\u2019elle se structure progressivement un bourg, puis une ville.<\/p>\n\n\n\n<p class=\"wp-block-paragraph\">Rapidement en effet, des moines venus d\u2019Irlande s\u2019y installent. L\u2019abbaye, forte de plus de <strong>300 membres<\/strong>, devient l\u2019une des plus importantes du royaume m\u00e9rovingien et accueille des visiteurs prestigieux, parmi lesquels <strong>Charlemagne<\/strong>. \u00c0 partir du <strong>XI\u1d49\u202fsi\u00e8cle<\/strong>, elle est occup\u00e9e par des <strong>moines b\u00e9n\u00e9dictins<\/strong>, qui y demeurent jusqu\u2019en <strong>1791<\/strong>, date de leur exil forc\u00e9 lors de la R\u00e9volution.<\/p>\n\n\n\n<h3 class=\"wp-block-heading\">\ud83d\udfe6 <strong>L\u2019\u00e2ge d\u2019or de l\u2019abbaye<\/strong><\/h3>\n\n\n\n<p class=\"wp-block-paragraph\">Son apog\u00e9e est atteint au <strong>XVI\u1d49\u202fsi\u00e8cle<\/strong>, sous l\u2019abbatiat de <strong>Gaspard\u202fHanot<\/strong>. L\u2019abbaye rayonne alors sur les plans <strong>religieux, \u00e9conomique et politique<\/strong>. Selon les <strong>Fr\u00e8res\u202fMinon<\/strong> dans <em>Hautmont et son abbaye<\/em>, le complexe b\u00e9n\u00e9dictin s\u2019organise entre <strong>1588 et\u202f1791<\/strong> autour de <strong>trois grands p\u00f4les<\/strong> formant un <strong>quadrilat\u00e8re<\/strong>\u202f: la <strong>cour d\u2019honneur<\/strong>, c\u0153ur civil de l\u2019\u00e9tablissement.<\/p>\n\n\n\n<h3 class=\"wp-block-heading\">\ud83d\udfe9 <strong>L\u2019architecture du quadrilat\u00e8re<\/strong><\/h3>\n\n\n\n<ul class=\"wp-block-list\">\n<li><strong>Le b\u00e2timent du fond<\/strong>, reconnaissable \u00e0 son <strong>grand escalier<\/strong>, est le plus ancien\u202f: il servait \u00e0 <strong>accueillir les h\u00f4tes de l\u2019abb\u00e9<\/strong>.<\/li>\n\n\n\n<li><strong>L\u2019aile droite<\/strong>, dat\u00e9e de <strong>1720<\/strong>, abritait probablement la <strong>biblioth\u00e8que<\/strong> et le <strong>r\u00e9fectoire<\/strong> des moines.<\/li>\n\n\n\n<li><strong>L\u2019aile gauche<\/strong>, remani\u00e9e vers <strong>1750<\/strong>, compl\u00e8te l\u2019ensemble.<\/li>\n\n\n\n<li>Enfin, <strong>l\u2019aile donnant sur la place\u202fDe\u202fGaulle<\/strong> est la <strong>derni\u00e8re construite<\/strong>, marquant l\u2019ach\u00e8vement du quadrilat\u00e8re.<\/li>\n<\/ul>\n\n\n\n<p class=\"wp-block-paragraph\">Cet ensemble, parfaitement ordonn\u00e9, constitue l\u2019un des plus beaux quadrilat\u00e8res monastiques de l\u2019Avesnois.<\/p>\n\n\n<div class=\"wp-block-image\">\n<figure class=\"aligncenter size-full\"><img data-recalc-dims=\"1\" loading=\"lazy\" decoding=\"async\" width=\"675\" height=\"472\" data-attachment-id=\"28969\" data-permalink=\"https:\/\/patrimoine-avesnois.fr\/chemin\/hautmont\/image-3368\/\" data-orig-file=\"https:\/\/i0.wp.com\/patrimoine-avesnois.fr\/chemin\/wp-content\/uploads\/2026\/08\/image-215.png?fit=675%2C472&amp;ssl=1\" data-orig-size=\"675,472\" data-comments-opened=\"1\" data-image-meta=\"{&quot;aperture&quot;:&quot;0&quot;,&quot;credit&quot;:&quot;&quot;,&quot;camera&quot;:&quot;&quot;,&quot;caption&quot;:&quot;&quot;,&quot;created_timestamp&quot;:&quot;0&quot;,&quot;copyright&quot;:&quot;&quot;,&quot;focal_length&quot;:&quot;0&quot;,&quot;iso&quot;:&quot;0&quot;,&quot;shutter_speed&quot;:&quot;0&quot;,&quot;title&quot;:&quot;&quot;,&quot;orientation&quot;:&quot;0&quot;,&quot;alt&quot;:&quot;&quot;}\" data-image-title=\"image\" data-image-description=\"\" data-image-caption=\"\" data-large-file=\"https:\/\/i0.wp.com\/patrimoine-avesnois.fr\/chemin\/wp-content\/uploads\/2026\/08\/image-215.png?fit=675%2C472&amp;ssl=1\" src=\"https:\/\/i0.wp.com\/patrimoine-avesnois.fr\/chemin\/wp-content\/uploads\/2026\/08\/image-215.png?resize=675%2C472&#038;ssl=1\" alt=\"\" class=\"wp-image-28969\" srcset=\"https:\/\/i0.wp.com\/patrimoine-avesnois.fr\/chemin\/wp-content\/uploads\/2026\/08\/image-215.png?w=675&amp;ssl=1 675w, https:\/\/i0.wp.com\/patrimoine-avesnois.fr\/chemin\/wp-content\/uploads\/2026\/08\/image-215.png?resize=300%2C210&amp;ssl=1 300w\" sizes=\"auto, (max-width: 675px) 85vw, 675px\" \/><figcaption class=\"wp-element-caption\">Extrait du cadastre consulaire Hautmont ADN \u00a0P 30 \/ 164 <\/figcaption><\/figure>\n<\/div>\n\n\n<p class=\"wp-block-paragraph\"><\/p>\n\n\n\n<p class=\"wp-block-paragraph\">Le cadastre consulaire d\u2019Hautmont, r\u00e9alis\u00e9 avant 1811, constitue une source essentielle pour comprendre l\u2019organisation de l\u2019ancienne abbaye. On y distingue clairement trois parcelles majeures : <strong>68 pour l\u2019abbaye<\/strong>, <strong>69 pour l\u2019\u00e9glise abbatiale<\/strong> et <strong>70 pour le cimeti\u00e8re<\/strong>. <\/p>\n\n\n\n<p class=\"wp-block-paragraph\">La parcelle 69 confirme l\u2019emplacement exact de l\u2019\u00e9glise des moines, aujourd\u2019hui disparue, qui se trouvait <strong>\u00e0 l\u2019emplacement de l\u2019actuelle mairie<\/strong>. <\/p>\n\n\n\n<p class=\"wp-block-paragraph\">Ce document, ant\u00e9rieur \u00e0 la destruction compl\u00e8te de l\u2019\u00e9difice, offre une preuve cartographique rare de la configuration du site religieux avant la R\u00e9volution et \u00e9claire la topographie monastique d\u2019Hautmont.<\/p>\n\n\n\n<h3 class=\"wp-block-heading\">\ud83d\udfe8 <strong>Une abbaye fondatrice<\/strong><\/h3>\n\n\n\n<p class=\"wp-block-paragraph\">Ainsi, l\u2019abbaye Saint\u2011Pierre\u202fSaint\u2011Paul n\u2019est pas seulement le berceau spirituel de Hautmont\u202f: elle en est <strong>l\u2019origine m\u00eame<\/strong>, le point de d\u00e9part de son nom, de son d\u00e9veloppement et de son identit\u00e9. De la fondation m\u00e9rovingienne \u00e0 la R\u00e9volution, elle incarne <strong>treize si\u00e8cles d\u2019histoire<\/strong>, o\u00f9 se m\u00ealent foi, puissance et m\u00e9moire.<\/p>\n\n\n<div class=\"wp-block-image\">\n<figure class=\"aligncenter size-full\"><img data-recalc-dims=\"1\" loading=\"lazy\" decoding=\"async\" width=\"777\" height=\"526\" data-attachment-id=\"28877\" data-permalink=\"https:\/\/patrimoine-avesnois.fr\/chemin\/hautmont\/image-3312\/\" data-orig-file=\"https:\/\/i0.wp.com\/patrimoine-avesnois.fr\/chemin\/wp-content\/uploads\/2026\/08\/image-159.png?fit=777%2C526&amp;ssl=1\" data-orig-size=\"777,526\" data-comments-opened=\"1\" data-image-meta=\"{&quot;aperture&quot;:&quot;0&quot;,&quot;credit&quot;:&quot;&quot;,&quot;camera&quot;:&quot;&quot;,&quot;caption&quot;:&quot;&quot;,&quot;created_timestamp&quot;:&quot;0&quot;,&quot;copyright&quot;:&quot;&quot;,&quot;focal_length&quot;:&quot;0&quot;,&quot;iso&quot;:&quot;0&quot;,&quot;shutter_speed&quot;:&quot;0&quot;,&quot;title&quot;:&quot;&quot;,&quot;orientation&quot;:&quot;0&quot;,&quot;alt&quot;:&quot;&quot;}\" data-image-title=\"image\" data-image-description=\"\" data-image-caption=\"\" data-large-file=\"https:\/\/i0.wp.com\/patrimoine-avesnois.fr\/chemin\/wp-content\/uploads\/2026\/08\/image-159.png?fit=777%2C526&amp;ssl=1\" src=\"https:\/\/i0.wp.com\/patrimoine-avesnois.fr\/chemin\/wp-content\/uploads\/2026\/08\/image-159.png?resize=777%2C526&#038;ssl=1\" alt=\"\" class=\"wp-image-28877\" style=\"aspect-ratio:1.4771936252060818\" srcset=\"https:\/\/i0.wp.com\/patrimoine-avesnois.fr\/chemin\/wp-content\/uploads\/2026\/08\/image-159.png?w=777&amp;ssl=1 777w, https:\/\/i0.wp.com\/patrimoine-avesnois.fr\/chemin\/wp-content\/uploads\/2026\/08\/image-159.png?resize=300%2C203&amp;ssl=1 300w, https:\/\/i0.wp.com\/patrimoine-avesnois.fr\/chemin\/wp-content\/uploads\/2026\/08\/image-159.png?resize=768%2C520&amp;ssl=1 768w\" sizes=\"auto, (max-width: 777px) 85vw, 777px\" \/><figcaption class=\"wp-element-caption\"><em>Vue a\u00e9rienne de l\u2019abbaye avant la d\u00e9molition des maisons v\u00e9tustes dans la cour<\/em> Ann\u00e9es 1980<\/figcaption><\/figure>\n<\/div>\n\n\n<p class=\"wp-block-paragraph\"><\/p>\n\n\n<div class=\"wp-block-image is-resized\">\n<figure class=\"aligncenter size-large\"><img loading=\"lazy\" decoding=\"async\" width=\"1222\" height=\"917\" data-attachment-id=\"16632\" data-permalink=\"https:\/\/patrimoine-avesnois.fr\/chemin\/hautmont\/image-61-8\/\" data-orig-file=\"https:\/\/i0.wp.com\/patrimoine-avesnois.fr\/chemin\/wp-content\/uploads\/2021\/12\/image-61.png?fit=1222%2C917&amp;ssl=1\" data-orig-size=\"1222,917\" data-comments-opened=\"1\" data-image-meta=\"{&quot;aperture&quot;:&quot;0&quot;,&quot;credit&quot;:&quot;&quot;,&quot;camera&quot;:&quot;&quot;,&quot;caption&quot;:&quot;&quot;,&quot;created_timestamp&quot;:&quot;0&quot;,&quot;copyright&quot;:&quot;&quot;,&quot;focal_length&quot;:&quot;0&quot;,&quot;iso&quot;:&quot;0&quot;,&quot;shutter_speed&quot;:&quot;0&quot;,&quot;title&quot;:&quot;&quot;,&quot;orientation&quot;:&quot;0&quot;}\" data-image-title=\"image-61\" data-image-description=\"\" data-image-caption=\"\" data-large-file=\"https:\/\/i0.wp.com\/patrimoine-avesnois.fr\/chemin\/wp-content\/uploads\/2021\/12\/image-61.png?fit=840%2C630&amp;ssl=1\" src=\"https:\/\/i2.wp.com\/patrimoine-avesnois.fr\/chemin\/wp-content\/uploads\/2021\/12\/image-61.png?fit=840%2C630\" alt=\"\" class=\"wp-image-16632\" srcset=\"https:\/\/i0.wp.com\/patrimoine-avesnois.fr\/chemin\/wp-content\/uploads\/2021\/12\/image-61.png?w=1222&amp;ssl=1 1222w, https:\/\/i0.wp.com\/patrimoine-avesnois.fr\/chemin\/wp-content\/uploads\/2021\/12\/image-61.png?resize=300%2C225&amp;ssl=1 300w, https:\/\/i0.wp.com\/patrimoine-avesnois.fr\/chemin\/wp-content\/uploads\/2021\/12\/image-61.png?resize=1024%2C768&amp;ssl=1 1024w, https:\/\/i0.wp.com\/patrimoine-avesnois.fr\/chemin\/wp-content\/uploads\/2021\/12\/image-61.png?resize=768%2C576&amp;ssl=1 768w, https:\/\/i0.wp.com\/patrimoine-avesnois.fr\/chemin\/wp-content\/uploads\/2021\/12\/image-61.png?resize=1200%2C900&amp;ssl=1 1200w\" sizes=\"auto, (max-width: 709px) 85vw, (max-width: 909px) 67vw, (max-width: 1362px) 62vw, 840px\" \/><figcaption class=\"wp-element-caption\"><em>Vue a\u00e9rienne de l\u2019abbaye<\/em> en 2021<\/figcaption><\/figure>\n<\/div>\n\n\n<h3 class=\"wp-block-heading\">\ud83d\udfeb <strong>Le noyau religieux et \u00e9conomique de l\u2019abbaye<\/strong><\/h3>\n\n\n\n<p class=\"wp-block-paragraph\">Le <strong>noyau religieux<\/strong> de l\u2019abbaye Saint\u2011Pierre\u202fSaint\u2011Paul \u00e9tait constitu\u00e9 de <strong>l\u2019\u00e9glise<\/strong> et de <strong>son clo\u00eetre<\/strong>. \u00c0 l\u2019\u00e9poque, deux \u00e9glises coexistaient\u202f: l\u2019une destin\u00e9e aux <strong>paroissiens<\/strong>, l\u2019autre r\u00e9serv\u00e9e aux <strong>moines<\/strong>, appel\u00e9e <strong>\u00e9glise abbatiale<\/strong>. Cette derni\u00e8re se situait \u00e0 peu pr\u00e8s \u00e0 l\u2019emplacement de l\u2019actuelle <strong>mairie<\/strong> et \u00e9tait reli\u00e9e \u00e0 <strong>l\u2019aile droite<\/strong> de l\u2019abbaye par un <strong>couloir ferm\u00e9<\/strong>, le <strong>clo\u00eetre<\/strong>, permettant aux moines de passer discr\u00e8tement du <strong>r\u00e9fectoire<\/strong> ou de la <strong>biblioth\u00e8que<\/strong> vers leur lieu de pri\u00e8re.<\/p>\n\n\n\n<h3 class=\"wp-block-heading\">\ud83d\udfe6 <strong>Le noyau \u00e9conomique et artisanal<\/strong><\/h3>\n\n\n\n<p class=\"wp-block-paragraph\">Le <strong>noyau \u00e9conomique<\/strong> se trouvait dans la <strong>basse\u2011cour<\/strong>, juste derri\u00e8re le <strong>centre culturel actuel<\/strong>. Ce lieu servait autrefois de <strong>brasserie<\/strong> aux moines avant d\u2019\u00eatre transform\u00e9 en <strong>fabrique de savon<\/strong>. Devenue une <strong>friche industrielle<\/strong> apr\u00e8s l\u2019arr\u00eat des activit\u00e9s, la b\u00e2tisse fut finalement <strong>d\u00e9molie<\/strong>. Les <strong>artisans<\/strong> vivaient \u00e0 proximit\u00e9, dans des <strong>maisons encore visibles aujourd\u2019hui<\/strong>, notamment <strong>impasse\u202fWincart<\/strong>. L\u2019<strong>ancienne mairie<\/strong> servait quant \u00e0 elle d\u2019<strong>entrep\u00f4t<\/strong> pour le bois, la poudre et les cordes, tandis qu\u2019un <strong>potager<\/strong>, situ\u00e9 \u00e0 l\u2019emplacement de l\u2019actuelle <strong>rue\u202fde\u202fMaubeuge<\/strong>, fournissait fruits et l\u00e9gumes frais.<\/p>\n\n\n\n<h3 class=\"wp-block-heading\">\ud83d\udfea <strong>Transformations et d\u00e9clin<\/strong><\/h3>\n\n\n\n<p class=\"wp-block-paragraph\">L\u2019abbaye, solidement structur\u00e9e et prosp\u00e8re, subit de profondes <strong>transformations<\/strong> au fil des si\u00e8cles, notamment lors des <strong>guerres<\/strong> et de la <strong>R\u00e9volution fran\u00e7aise<\/strong>. Son <strong>espace religieux<\/strong> fut <strong>d\u00e9truit entre\u202f1791\u202fet\u202f1811<\/strong>, marquant la fin d\u2019un cycle. <\/p>\n\n\n\n<p class=\"wp-block-paragraph\">Au XVIII\u1d49 si\u00e8cle, elle repr\u00e9sentait un v\u00e9ritable <strong>moteur \u00e9conomique et culturel<\/strong>, poss\u00e9dant :<\/p>\n\n\n\n<ul class=\"wp-block-list\">\n<li><strong>40\u202f% des terres d\u2019Hautmont<\/strong>,<\/li>\n\n\n\n<li><strong>25 fermes<\/strong>,<\/li>\n\n\n\n<li><strong>3 moulins<\/strong>,<\/li>\n\n\n\n<li><strong>15 exploitations<\/strong>.<\/li>\n<\/ul>\n\n\n\n<p class=\"wp-block-paragraph\">La R\u00e9volution fran\u00e7aise marque une rupture brutale : les moines sont expuls\u00e9s, les b\u00e2timents vendus, et l\u2019espace religieux d\u00e9truit.<\/p>\n\n\n\n<p class=\"wp-block-paragraph\">Aujourd\u2019hui, elle demeure un <strong>symbole majeur<\/strong> de la ville, dont chacun souhaite comprendre et pr\u00e9server l\u2019histoire.<\/p>\n\n\n\n<h3 class=\"wp-block-heading\">\ud83d\udfe7 <strong>Les b\u00e2timents subsistants<\/strong><\/h3>\n\n\n\n<p class=\"wp-block-paragraph\">L\u2019essentiel des b\u00e2timents visibles aujourd\u2019hui date du <strong>XVIII\u1d49\u202fsi\u00e8cle<\/strong>, p\u00e9riode de <strong>reconstruction<\/strong>\u202f:<\/p>\n\n\n\n<ul class=\"wp-block-list\">\n<li>le <strong>palais abbatial<\/strong> vers <strong>1700<\/strong>,<\/li>\n\n\n\n<li><strong>l\u2019aile droite<\/strong> abritant la <strong>biblioth\u00e8que<\/strong> vers <strong>1720<\/strong>,<\/li>\n\n\n\n<li><strong>l\u2019aile gauche<\/strong>, aujourd\u2019hui englob\u00e9e dans des constructions modernes,<\/li>\n\n\n\n<li>et enfin <strong>l\u2019aile du midi<\/strong>, ouvrant sur la <strong>Grand\u2011Place<\/strong>, \u00e9difi\u00e9e vers <strong>1750<\/strong>.<\/li>\n<\/ul>\n\n\n\n<p class=\"wp-block-paragraph\">La <strong>vente des biens<\/strong> de l\u2019abbaye eut lieu en <strong>1791<\/strong>. Le <strong>b\u00e2timent central<\/strong> accueillit bri\u00e8vement une <strong>manufacture de verre<\/strong>, vite abandonn\u00e9e. La <strong>brasserie<\/strong> fut remise en activit\u00e9 sous <strong>Louis\u2011Philippe<\/strong>, et une seconde, install\u00e9e dans le <strong>clo\u00eetre<\/strong>, poursuivit son activit\u00e9 jusqu\u2019\u00e0 il y a une vingtaine d\u2019ann\u00e9es. Les <strong>b\u00e2timents actuels<\/strong> correspondent peu ou prou \u00e0 l\u2019ensemble de l\u2019ancienne <strong>cour d\u2019honneur<\/strong>, ultime t\u00e9moin de la grandeur pass\u00e9e du monast\u00e8re.<\/p>\n\n\n\n<p class=\"wp-block-paragraph\"><\/p>\n\n\n<div class=\"wp-block-image\">\n<figure class=\"aligncenter size-full is-resized\"><img data-recalc-dims=\"1\" loading=\"lazy\" decoding=\"async\" width=\"519\" height=\"583\" data-attachment-id=\"28880\" data-permalink=\"https:\/\/patrimoine-avesnois.fr\/chemin\/hautmont\/image-3314\/\" data-orig-file=\"https:\/\/i0.wp.com\/patrimoine-avesnois.fr\/chemin\/wp-content\/uploads\/2026\/08\/image-161.png?fit=519%2C583&amp;ssl=1\" data-orig-size=\"519,583\" data-comments-opened=\"1\" data-image-meta=\"{&quot;aperture&quot;:&quot;0&quot;,&quot;credit&quot;:&quot;&quot;,&quot;camera&quot;:&quot;&quot;,&quot;caption&quot;:&quot;&quot;,&quot;created_timestamp&quot;:&quot;0&quot;,&quot;copyright&quot;:&quot;&quot;,&quot;focal_length&quot;:&quot;0&quot;,&quot;iso&quot;:&quot;0&quot;,&quot;shutter_speed&quot;:&quot;0&quot;,&quot;title&quot;:&quot;&quot;,&quot;orientation&quot;:&quot;0&quot;,&quot;alt&quot;:&quot;&quot;}\" data-image-title=\"image\" data-image-description=\"\" data-image-caption=\"\" data-large-file=\"https:\/\/i0.wp.com\/patrimoine-avesnois.fr\/chemin\/wp-content\/uploads\/2026\/08\/image-161.png?fit=519%2C583&amp;ssl=1\" src=\"https:\/\/i0.wp.com\/patrimoine-avesnois.fr\/chemin\/wp-content\/uploads\/2026\/08\/image-161.png?resize=519%2C583&#038;ssl=1\" alt=\"\" class=\"wp-image-28880\" style=\"width:475px;height:auto\" srcset=\"https:\/\/i0.wp.com\/patrimoine-avesnois.fr\/chemin\/wp-content\/uploads\/2026\/08\/image-161.png?w=519&amp;ssl=1 519w, https:\/\/i0.wp.com\/patrimoine-avesnois.fr\/chemin\/wp-content\/uploads\/2026\/08\/image-161.png?resize=267%2C300&amp;ssl=1 267w\" sizes=\"auto, (max-width: 519px) 85vw, 519px\" \/><figcaption class=\"wp-element-caption\"><em>L\u2019abbaye, transform\u00e9e en brasserie malterie<\/em> <\/figcaption><\/figure>\n<\/div>\n\n\n<p class=\"wp-block-paragraph\"><\/p>\n\n\n<div class=\"wp-block-image is-resized\">\n<figure class=\"aligncenter\"><img decoding=\"async\" src=\"https:\/\/upload.wikimedia.org\/wikipedia\/commons\/thumb\/0\/0e\/Hautmont_abbaye.JPG\/1280px-Hautmont_abbaye.JPG\" alt=\"\"\/><figcaption class=\"wp-element-caption\">Cour int\u00e9rieure Abbaye de Hautmont Photo sous licence Chatsam <a href=\"https:\/\/fr.wikipedia.org\/wiki\/Hautmont#\/media\/Fichier:Hautmont_abbaye.JPG\" target=\"_blank\" rel=\"noreferrer noopener\">Wikipedia<\/a>. <br>Ancienne brasserie et d\u00e9pendances formant une sorte de b\u00e9guinage<\/figcaption><\/figure>\n<\/div>\n\n\n<p class=\"wp-block-paragraph\"><\/p>\n\n\n<div class=\"wp-block-image\">\n<figure class=\"aligncenter size-large\"><img data-recalc-dims=\"1\" loading=\"lazy\" decoding=\"async\" width=\"840\" height=\"518\" data-attachment-id=\"28887\" data-permalink=\"https:\/\/patrimoine-avesnois.fr\/chemin\/hautmont\/image-3320\/\" data-orig-file=\"https:\/\/i0.wp.com\/patrimoine-avesnois.fr\/chemin\/wp-content\/uploads\/2026\/08\/image-167.png?fit=1393%2C858&amp;ssl=1\" data-orig-size=\"1393,858\" data-comments-opened=\"1\" data-image-meta=\"{&quot;aperture&quot;:&quot;0&quot;,&quot;credit&quot;:&quot;&quot;,&quot;camera&quot;:&quot;&quot;,&quot;caption&quot;:&quot;&quot;,&quot;created_timestamp&quot;:&quot;0&quot;,&quot;copyright&quot;:&quot;&quot;,&quot;focal_length&quot;:&quot;0&quot;,&quot;iso&quot;:&quot;0&quot;,&quot;shutter_speed&quot;:&quot;0&quot;,&quot;title&quot;:&quot;&quot;,&quot;orientation&quot;:&quot;0&quot;,&quot;alt&quot;:&quot;&quot;}\" data-image-title=\"image\" data-image-description=\"\" data-image-caption=\"\" data-large-file=\"https:\/\/i0.wp.com\/patrimoine-avesnois.fr\/chemin\/wp-content\/uploads\/2026\/08\/image-167.png?fit=840%2C518&amp;ssl=1\" src=\"https:\/\/i0.wp.com\/patrimoine-avesnois.fr\/chemin\/wp-content\/uploads\/2026\/08\/image-167-1024x631.png?resize=840%2C518&#038;ssl=1\" alt=\"\" class=\"wp-image-28887\" srcset=\"https:\/\/i0.wp.com\/patrimoine-avesnois.fr\/chemin\/wp-content\/uploads\/2026\/08\/image-167.png?resize=1024%2C631&amp;ssl=1 1024w, https:\/\/i0.wp.com\/patrimoine-avesnois.fr\/chemin\/wp-content\/uploads\/2026\/08\/image-167.png?resize=300%2C185&amp;ssl=1 300w, https:\/\/i0.wp.com\/patrimoine-avesnois.fr\/chemin\/wp-content\/uploads\/2026\/08\/image-167.png?resize=768%2C473&amp;ssl=1 768w, https:\/\/i0.wp.com\/patrimoine-avesnois.fr\/chemin\/wp-content\/uploads\/2026\/08\/image-167.png?resize=1200%2C739&amp;ssl=1 1200w, https:\/\/i0.wp.com\/patrimoine-avesnois.fr\/chemin\/wp-content\/uploads\/2026\/08\/image-167.png?w=1393&amp;ssl=1 1393w\" sizes=\"auto, (max-width: 709px) 85vw, (max-width: 909px) 67vw, (max-width: 1362px) 62vw, 840px\" \/><figcaption class=\"wp-element-caption\">Cour int\u00e9rieure Photo 2022 :  f<em>a\u00e7ade de l\u2019abbaye et cour int\u00e9rieure<\/em>. Inscriptions aux Monuments Historiques en 1992<\/figcaption><\/figure>\n<\/div>\n\n\n<p class=\"wp-block-paragraph\"><\/p>\n\n\n<div class=\"wp-block-image\">\n<figure class=\"aligncenter size-full\"><img data-recalc-dims=\"1\" loading=\"lazy\" decoding=\"async\" width=\"710\" height=\"466\" data-attachment-id=\"28884\" data-permalink=\"https:\/\/patrimoine-avesnois.fr\/chemin\/hautmont\/image-3318\/\" data-orig-file=\"https:\/\/i0.wp.com\/patrimoine-avesnois.fr\/chemin\/wp-content\/uploads\/2026\/08\/image-165.png?fit=710%2C466&amp;ssl=1\" data-orig-size=\"710,466\" data-comments-opened=\"1\" data-image-meta=\"{&quot;aperture&quot;:&quot;0&quot;,&quot;credit&quot;:&quot;&quot;,&quot;camera&quot;:&quot;&quot;,&quot;caption&quot;:&quot;&quot;,&quot;created_timestamp&quot;:&quot;0&quot;,&quot;copyright&quot;:&quot;&quot;,&quot;focal_length&quot;:&quot;0&quot;,&quot;iso&quot;:&quot;0&quot;,&quot;shutter_speed&quot;:&quot;0&quot;,&quot;title&quot;:&quot;&quot;,&quot;orientation&quot;:&quot;0&quot;,&quot;alt&quot;:&quot;&quot;}\" data-image-title=\"image\" data-image-description=\"\" data-image-caption=\"\" data-large-file=\"https:\/\/i0.wp.com\/patrimoine-avesnois.fr\/chemin\/wp-content\/uploads\/2026\/08\/image-165.png?fit=710%2C466&amp;ssl=1\" src=\"https:\/\/i0.wp.com\/patrimoine-avesnois.fr\/chemin\/wp-content\/uploads\/2026\/08\/image-165.png?resize=710%2C466&#038;ssl=1\" alt=\"\" class=\"wp-image-28884\" srcset=\"https:\/\/i0.wp.com\/patrimoine-avesnois.fr\/chemin\/wp-content\/uploads\/2026\/08\/image-165.png?w=710&amp;ssl=1 710w, https:\/\/i0.wp.com\/patrimoine-avesnois.fr\/chemin\/wp-content\/uploads\/2026\/08\/image-165.png?resize=300%2C197&amp;ssl=1 300w\" sizes=\"auto, (max-width: 710px) 85vw, 710px\" \/><figcaption class=\"wp-element-caption\">Aile Nord : r\u00e9fectoire et biblioth\u00e8que XVIII e si\u00e8cle<\/figcaption><\/figure>\n<\/div>\n\n\n<p class=\"wp-block-paragraph\"><\/p>\n\n\n<div class=\"wp-block-image\">\n<figure class=\"aligncenter size-full\"><img data-recalc-dims=\"1\" loading=\"lazy\" decoding=\"async\" width=\"840\" height=\"519\" data-attachment-id=\"28883\" data-permalink=\"https:\/\/patrimoine-avesnois.fr\/chemin\/hautmont\/image-3317\/\" data-orig-file=\"https:\/\/i0.wp.com\/patrimoine-avesnois.fr\/chemin\/wp-content\/uploads\/2026\/08\/image-164.png?fit=972%2C601&amp;ssl=1\" data-orig-size=\"972,601\" data-comments-opened=\"1\" data-image-meta=\"{&quot;aperture&quot;:&quot;0&quot;,&quot;credit&quot;:&quot;&quot;,&quot;camera&quot;:&quot;&quot;,&quot;caption&quot;:&quot;&quot;,&quot;created_timestamp&quot;:&quot;0&quot;,&quot;copyright&quot;:&quot;&quot;,&quot;focal_length&quot;:&quot;0&quot;,&quot;iso&quot;:&quot;0&quot;,&quot;shutter_speed&quot;:&quot;0&quot;,&quot;title&quot;:&quot;&quot;,&quot;orientation&quot;:&quot;0&quot;,&quot;alt&quot;:&quot;&quot;}\" data-image-title=\"image\" data-image-description=\"\" data-image-caption=\"\" data-large-file=\"https:\/\/i0.wp.com\/patrimoine-avesnois.fr\/chemin\/wp-content\/uploads\/2026\/08\/image-164.png?fit=840%2C519&amp;ssl=1\" src=\"https:\/\/i0.wp.com\/patrimoine-avesnois.fr\/chemin\/wp-content\/uploads\/2026\/08\/image-164.png?resize=840%2C519&#038;ssl=1\" alt=\"\" class=\"wp-image-28883\" srcset=\"https:\/\/i0.wp.com\/patrimoine-avesnois.fr\/chemin\/wp-content\/uploads\/2026\/08\/image-164.png?w=972&amp;ssl=1 972w, https:\/\/i0.wp.com\/patrimoine-avesnois.fr\/chemin\/wp-content\/uploads\/2026\/08\/image-164.png?resize=300%2C185&amp;ssl=1 300w, https:\/\/i0.wp.com\/patrimoine-avesnois.fr\/chemin\/wp-content\/uploads\/2026\/08\/image-164.png?resize=768%2C475&amp;ssl=1 768w\" sizes=\"auto, (max-width: 709px) 85vw, (max-width: 909px) 67vw, (max-width: 1362px) 62vw, 840px\" \/><figcaption class=\"wp-element-caption\">Aile Nord : r\u00e9fectoire et biblioth\u00e8que XVIII e si\u00e8cle Photo 2022<\/figcaption><\/figure>\n<\/div>\n\n\n<p class=\"wp-block-paragraph\"><\/p>\n\n\n<div class=\"wp-block-image\">\n<figure class=\"aligncenter size-large\"><img data-recalc-dims=\"1\" loading=\"lazy\" decoding=\"async\" width=\"840\" height=\"501\" data-attachment-id=\"28895\" data-permalink=\"https:\/\/patrimoine-avesnois.fr\/chemin\/hautmont\/image-3325\/\" data-orig-file=\"https:\/\/i0.wp.com\/patrimoine-avesnois.fr\/chemin\/wp-content\/uploads\/2026\/08\/image-172.png?fit=1401%2C836&amp;ssl=1\" data-orig-size=\"1401,836\" data-comments-opened=\"1\" data-image-meta=\"{&quot;aperture&quot;:&quot;0&quot;,&quot;credit&quot;:&quot;&quot;,&quot;camera&quot;:&quot;&quot;,&quot;caption&quot;:&quot;&quot;,&quot;created_timestamp&quot;:&quot;0&quot;,&quot;copyright&quot;:&quot;&quot;,&quot;focal_length&quot;:&quot;0&quot;,&quot;iso&quot;:&quot;0&quot;,&quot;shutter_speed&quot;:&quot;0&quot;,&quot;title&quot;:&quot;&quot;,&quot;orientation&quot;:&quot;0&quot;,&quot;alt&quot;:&quot;&quot;}\" data-image-title=\"image\" data-image-description=\"\" data-image-caption=\"\" data-large-file=\"https:\/\/i0.wp.com\/patrimoine-avesnois.fr\/chemin\/wp-content\/uploads\/2026\/08\/image-172.png?fit=840%2C501&amp;ssl=1\" src=\"https:\/\/i0.wp.com\/patrimoine-avesnois.fr\/chemin\/wp-content\/uploads\/2026\/08\/image-172-1024x611.png?resize=840%2C501&#038;ssl=1\" alt=\"\" class=\"wp-image-28895\" srcset=\"https:\/\/i0.wp.com\/patrimoine-avesnois.fr\/chemin\/wp-content\/uploads\/2026\/08\/image-172.png?resize=1024%2C611&amp;ssl=1 1024w, https:\/\/i0.wp.com\/patrimoine-avesnois.fr\/chemin\/wp-content\/uploads\/2026\/08\/image-172.png?resize=300%2C179&amp;ssl=1 300w, https:\/\/i0.wp.com\/patrimoine-avesnois.fr\/chemin\/wp-content\/uploads\/2026\/08\/image-172.png?resize=768%2C458&amp;ssl=1 768w, https:\/\/i0.wp.com\/patrimoine-avesnois.fr\/chemin\/wp-content\/uploads\/2026\/08\/image-172.png?resize=1200%2C716&amp;ssl=1 1200w, https:\/\/i0.wp.com\/patrimoine-avesnois.fr\/chemin\/wp-content\/uploads\/2026\/08\/image-172.png?w=1401&amp;ssl=1 1401w\" sizes=\"auto, (max-width: 709px) 85vw, (max-width: 909px) 67vw, (max-width: 1362px) 62vw, 840px\" \/><figcaption class=\"wp-element-caption\">Vue d&rsquo;ensemble <\/figcaption><\/figure>\n<\/div>\n\n\n<p class=\"wp-block-paragraph\"><\/p>\n\n\n<div class=\"wp-block-image\">\n<figure class=\"aligncenter size-large\"><img data-recalc-dims=\"1\" loading=\"lazy\" decoding=\"async\" width=\"840\" height=\"497\" data-attachment-id=\"28896\" data-permalink=\"https:\/\/patrimoine-avesnois.fr\/chemin\/hautmont\/image-3326\/\" data-orig-file=\"https:\/\/i0.wp.com\/patrimoine-avesnois.fr\/chemin\/wp-content\/uploads\/2026\/08\/image-173.png?fit=1305%2C772&amp;ssl=1\" data-orig-size=\"1305,772\" data-comments-opened=\"1\" data-image-meta=\"{&quot;aperture&quot;:&quot;0&quot;,&quot;credit&quot;:&quot;&quot;,&quot;camera&quot;:&quot;&quot;,&quot;caption&quot;:&quot;&quot;,&quot;created_timestamp&quot;:&quot;0&quot;,&quot;copyright&quot;:&quot;&quot;,&quot;focal_length&quot;:&quot;0&quot;,&quot;iso&quot;:&quot;0&quot;,&quot;shutter_speed&quot;:&quot;0&quot;,&quot;title&quot;:&quot;&quot;,&quot;orientation&quot;:&quot;0&quot;,&quot;alt&quot;:&quot;&quot;}\" data-image-title=\"image\" data-image-description=\"\" data-image-caption=\"\" data-large-file=\"https:\/\/i0.wp.com\/patrimoine-avesnois.fr\/chemin\/wp-content\/uploads\/2026\/08\/image-173.png?fit=840%2C497&amp;ssl=1\" src=\"https:\/\/i0.wp.com\/patrimoine-avesnois.fr\/chemin\/wp-content\/uploads\/2026\/08\/image-173-1024x606.png?resize=840%2C497&#038;ssl=1\" alt=\"\" class=\"wp-image-28896\" srcset=\"https:\/\/i0.wp.com\/patrimoine-avesnois.fr\/chemin\/wp-content\/uploads\/2026\/08\/image-173.png?resize=1024%2C606&amp;ssl=1 1024w, https:\/\/i0.wp.com\/patrimoine-avesnois.fr\/chemin\/wp-content\/uploads\/2026\/08\/image-173.png?resize=300%2C177&amp;ssl=1 300w, https:\/\/i0.wp.com\/patrimoine-avesnois.fr\/chemin\/wp-content\/uploads\/2026\/08\/image-173.png?resize=768%2C454&amp;ssl=1 768w, https:\/\/i0.wp.com\/patrimoine-avesnois.fr\/chemin\/wp-content\/uploads\/2026\/08\/image-173.png?resize=1200%2C710&amp;ssl=1 1200w, https:\/\/i0.wp.com\/patrimoine-avesnois.fr\/chemin\/wp-content\/uploads\/2026\/08\/image-173.png?w=1305&amp;ssl=1 1305w\" sizes=\"auto, (max-width: 709px) 85vw, (max-width: 909px) 67vw, (max-width: 1362px) 62vw, 840px\" \/><\/figure>\n<\/div>\n\n\n<p class=\"wp-block-paragraph\">L&rsquo;abbaye en bord de Sambre Photo 2022<\/p>\n\n\n\n<p class=\"wp-block-paragraph\"><\/p>\n\n\n\n<h3 class=\"wp-block-heading\">\ud83d\udfe7 R\u00e9novation contemporaine (2021\u20132026)<\/h3>\n\n\n\n<p class=\"wp-block-paragraph\">Suite \u00e0 une mobilisation massive des habitants d&rsquo;Hautmont dont certains se sont m\u00eame regroup\u00e9s en association, l&rsquo;abbaye va \u00eatre sauv\u00e9e. D&rsquo;ici 2025 elle sera r\u00e9nov\u00e9e et r\u00e9habilit\u00e9e. En plus de retrouver son cachet d&rsquo;origine, elle accueillera une quarantaine de logements de standing, en accession ou en location. En effet les b\u00e2timents viennent d&rsquo;\u00eatre rachet\u00e9s en 2021 par la soci\u00e9t\u00e9 Histoire et Patrimoine, d\u00e9tenue par le groupe Altarea sp\u00e9cialis\u00e9 dans la r\u00e9novation de l&rsquo;immobilier ancien. Les travaux dont le lancement est pr\u00e9vu en 2023 auront le m\u00e9rite de pr\u00e9server ce joyau architectural en y conservant les pierres, les poutres, les hauts plafonds \u2026Quant \u00e0 la cour qui reste propri\u00e9t\u00e9 de la mairie, elle retrouvera ses beaux et grands pav\u00e9s d&rsquo;origine. Une salle publique devrait \u00e9galement voir le jour en vue d&rsquo;accueillir des expositions et des \u00e9v\u00e8nements culturels occasionnels et ainsi de faire revivre ce v\u00e9ritable joyau historique vieux de quelque 1400 ans.<\/p>\n\n\n\n<p class=\"wp-block-paragraph\">Malgr\u00e9 les ambitions initiales et l\u2019enthousiasme suscit\u00e9 par le rachat de l\u2019abbaye en 2021, le vaste chantier de r\u00e9novation a connu plusieurs retards. La soci\u00e9t\u00e9 Histoire et Patrimoine, sp\u00e9cialis\u00e9e dans la r\u00e9habilitation de b\u00e2timents class\u00e9s, peine en effet \u00e0 commercialiser les cinquante logements pr\u00e9vus dans le projet, condition indispensable au lancement des travaux. Ce contexte \u00e9conomique d\u00e9licat ralentit l\u2019op\u00e9ration, mais ne l\u2019interrompt pas\u202f: le maire d\u2019Hautmont, St\u00e9phane Wilmotte, a confirm\u00e9 en mai 2026 que l\u2019entreprise restait pleinement engag\u00e9e et que les \u00e9tudes techniques se poursuivaient. Selon lui, les bureaux d\u2019\u00e9tudes ont d\u00e9j\u00e0 d\u00e9fini les interventions \u00e0 mener, laissant esp\u00e9rer un d\u00e9marrage du chantier au d\u00e9but de l\u2019ann\u00e9e prochaine. <\/p>\n\n\n\n<p class=\"wp-block-paragraph\">En 2026 donc, malgr\u00e9 les retards li\u00e9s \u00e0 la commercialisation des logements, la soci\u00e9t\u00e9 Histoire &amp; Patrimoine confirme sa volont\u00e9 d\u2019aboutir. La renaissance de l\u2019abbaye demeure engag\u00e9e.<\/p>\n\n\n\n<p class=\"has-text-align-center has-large-font-size wp-block-paragraph\">***<\/p>\n\n\n\n<h2 class=\"wp-block-heading\">\ud83d\udfe6 <strong>Patrimoine religieux<\/strong><\/h2>\n\n\n\n<p class=\"wp-block-paragraph\"><\/p>\n\n\n\n<h3 class=\"wp-block-heading\">\ud83d\udfe6 L\u2019\u00e9glise Notre\u2011Dame de l\u2019Assomption<\/h3>\n\n\n\n<p class=\"wp-block-paragraph\"><\/p>\n\n\n<div class=\"wp-block-image is-resized\">\n<figure class=\"aligncenter size-large\"><img data-recalc-dims=\"1\" loading=\"lazy\" decoding=\"async\" width=\"840\" height=\"630\" data-attachment-id=\"17045\" data-permalink=\"https:\/\/patrimoine-avesnois.fr\/chemin\/hautmont\/eglise-13\/\" data-orig-file=\"https:\/\/i0.wp.com\/patrimoine-avesnois.fr\/chemin\/wp-content\/uploads\/2022\/01\/%C3%A9glise.jpg?fit=964%2C723&amp;ssl=1\" data-orig-size=\"964,723\" data-comments-opened=\"1\" data-image-meta=\"{&quot;aperture&quot;:&quot;0&quot;,&quot;credit&quot;:&quot;CARRE&quot;,&quot;camera&quot;:&quot;&quot;,&quot;caption&quot;:&quot;&quot;,&quot;created_timestamp&quot;:&quot;1641130118&quot;,&quot;copyright&quot;:&quot;&quot;,&quot;focal_length&quot;:&quot;0&quot;,&quot;iso&quot;:&quot;0&quot;,&quot;shutter_speed&quot;:&quot;0&quot;,&quot;title&quot;:&quot;&quot;,&quot;orientation&quot;:&quot;1&quot;}\" data-image-title=\"\u00e9glise\" data-image-description=\"\" data-image-caption=\"\" data-large-file=\"https:\/\/i0.wp.com\/patrimoine-avesnois.fr\/chemin\/wp-content\/uploads\/2022\/01\/%C3%A9glise.jpg?fit=840%2C630&amp;ssl=1\" src=\"https:\/\/i0.wp.com\/patrimoine-avesnois.fr\/chemin\/wp-content\/uploads\/2022\/01\/%C3%A9glise.jpg?resize=840%2C630\" alt=\"\" class=\"wp-image-17045\" srcset=\"https:\/\/i0.wp.com\/patrimoine-avesnois.fr\/chemin\/wp-content\/uploads\/2022\/01\/%C3%A9glise.jpg?w=964&amp;ssl=1 964w, https:\/\/i0.wp.com\/patrimoine-avesnois.fr\/chemin\/wp-content\/uploads\/2022\/01\/%C3%A9glise.jpg?resize=300%2C225&amp;ssl=1 300w, https:\/\/i0.wp.com\/patrimoine-avesnois.fr\/chemin\/wp-content\/uploads\/2022\/01\/%C3%A9glise.jpg?resize=768%2C576&amp;ssl=1 768w\" sizes=\"auto, (max-width: 709px) 85vw, (max-width: 909px) 67vw, (max-width: 1362px) 62vw, 840px\" \/><figcaption class=\"wp-element-caption\">L&rsquo;\u00e9glise Notre Dame de l&rsquo;Assomption d&rsquo;Hautmont<\/figcaption><\/figure>\n<\/div>\n\n\n<p class=\"wp-block-paragraph\">L&rsquo;\u00e9glise fut construite  entre 1866 et 1870 sur le site de l\u2019ancienne \u00e9glise paroissiale du XVI e si\u00e8cle. Elle est l&rsquo;oeuvre de l\u2019architecte Jules Fi\u00e9vet qui l&rsquo;a con\u00e7ue de style n\u00e9o-gothique. Des travaux de restauration furent entrepris apr\u00e8s la premi\u00e8re guerre mondiale, en 1924 puis en 1947. <\/p>\n\n\n\n<p class=\"wp-block-paragraph\">L\u2019\u00e9glise pr\u00e9sente un plan traditionnel en croix latine avec un porche, une nef avec deux bas-c\u00f4t\u00e9s, deux transepts, un choeur et des chapelles rayonnantes. Sa fa\u00e7ade tripartite offre une verticalit\u00e9 accrue par le clocher en fa\u00e7ade et les contreforts.&nbsp;<\/p>\n\n\n\n<h3 class=\"wp-block-heading\">\ud83d\udfe6 Les vitraux<\/h3>\n\n\n\n<p class=\"wp-block-paragraph\"><\/p>\n\n\n\n<div class=\"wp-block-jetpack-slideshow aligncenter\" data-effect=\"slide\"><div class=\"wp-block-jetpack-slideshow_container swiper\"><ul class=\"wp-block-jetpack-slideshow_swiper-wrapper swiper-wrapper\"><li class=\"wp-block-jetpack-slideshow_slide swiper-slide\"><figure><img data-recalc-dims=\"1\" loading=\"lazy\" decoding=\"async\" width=\"840\" height=\"562\" alt=\"\" class=\"wp-block-jetpack-slideshow_image wp-image-2748\" data-id=\"2748\" src=\"https:\/\/i0.wp.com\/patrimoine-avesnois.fr\/chemin\/wp-content\/uploads\/2019\/05\/Abbaye-Copier.jpg?resize=840%2C562\" srcset=\"https:\/\/i0.wp.com\/patrimoine-avesnois.fr\/chemin\/wp-content\/uploads\/2019\/05\/Abbaye-Copier.jpg?w=1600&amp;ssl=1 1600w, https:\/\/i0.wp.com\/patrimoine-avesnois.fr\/chemin\/wp-content\/uploads\/2019\/05\/Abbaye-Copier.jpg?resize=300%2C201&amp;ssl=1 300w, https:\/\/i0.wp.com\/patrimoine-avesnois.fr\/chemin\/wp-content\/uploads\/2019\/05\/Abbaye-Copier.jpg?resize=768%2C514&amp;ssl=1 768w, https:\/\/i0.wp.com\/patrimoine-avesnois.fr\/chemin\/wp-content\/uploads\/2019\/05\/Abbaye-Copier.jpg?resize=1024%2C685&amp;ssl=1 1024w, https:\/\/i0.wp.com\/patrimoine-avesnois.fr\/chemin\/wp-content\/uploads\/2019\/05\/Abbaye-Copier.jpg?resize=1200%2C803&amp;ssl=1 1200w\" sizes=\"(max-width: 709px) 85vw, (max-width: 909px) 67vw, (max-width: 1362px) 62vw, 840px\" \/><\/figure><\/li><li class=\"wp-block-jetpack-slideshow_slide swiper-slide\"><figure><img data-recalc-dims=\"1\" loading=\"lazy\" decoding=\"async\" width=\"840\" height=\"1040\" alt=\"\" class=\"wp-block-jetpack-slideshow_image wp-image-2749\" data-id=\"2749\" src=\"https:\/\/i0.wp.com\/patrimoine-avesnois.fr\/chemin\/wp-content\/uploads\/2019\/05\/Vincent-Madelgaire-et-son-epouse-Copier.jpg?resize=840%2C1040\" srcset=\"https:\/\/i0.wp.com\/patrimoine-avesnois.fr\/chemin\/wp-content\/uploads\/2019\/05\/Vincent-Madelgaire-et-son-epouse-Copier.jpg?w=969&amp;ssl=1 969w, https:\/\/i0.wp.com\/patrimoine-avesnois.fr\/chemin\/wp-content\/uploads\/2019\/05\/Vincent-Madelgaire-et-son-epouse-Copier.jpg?resize=242%2C300&amp;ssl=1 242w, https:\/\/i0.wp.com\/patrimoine-avesnois.fr\/chemin\/wp-content\/uploads\/2019\/05\/Vincent-Madelgaire-et-son-epouse-Copier.jpg?resize=768%2C951&amp;ssl=1 768w, https:\/\/i0.wp.com\/patrimoine-avesnois.fr\/chemin\/wp-content\/uploads\/2019\/05\/Vincent-Madelgaire-et-son-epouse-Copier.jpg?resize=827%2C1024&amp;ssl=1 827w\" sizes=\"(max-width: 709px) 85vw, (max-width: 909px) 67vw, (max-width: 1362px) 62vw, 840px\" \/><\/figure><\/li><li class=\"wp-block-jetpack-slideshow_slide swiper-slide\"><figure><img data-recalc-dims=\"1\" loading=\"lazy\" decoding=\"async\" width=\"840\" height=\"1093\" alt=\"\" class=\"wp-block-jetpack-slideshow_image wp-image-2750\" data-id=\"2750\" src=\"https:\/\/i0.wp.com\/patrimoine-avesnois.fr\/chemin\/wp-content\/uploads\/2019\/05\/Forgeron-Copier.jpg?resize=840%2C1093\" srcset=\"https:\/\/i0.wp.com\/patrimoine-avesnois.fr\/chemin\/wp-content\/uploads\/2019\/05\/Forgeron-Copier.jpg?w=922&amp;ssl=1 922w, https:\/\/i0.wp.com\/patrimoine-avesnois.fr\/chemin\/wp-content\/uploads\/2019\/05\/Forgeron-Copier.jpg?resize=231%2C300&amp;ssl=1 231w, https:\/\/i0.wp.com\/patrimoine-avesnois.fr\/chemin\/wp-content\/uploads\/2019\/05\/Forgeron-Copier.jpg?resize=768%2C1000&amp;ssl=1 768w, https:\/\/i0.wp.com\/patrimoine-avesnois.fr\/chemin\/wp-content\/uploads\/2019\/05\/Forgeron-Copier.jpg?resize=787%2C1024&amp;ssl=1 787w\" sizes=\"(max-width: 709px) 85vw, (max-width: 909px) 67vw, (max-width: 1362px) 62vw, 840px\" \/><\/figure><\/li><li class=\"wp-block-jetpack-slideshow_slide swiper-slide\"><figure><img data-recalc-dims=\"1\" loading=\"lazy\" decoding=\"async\" width=\"840\" height=\"826\" alt=\"\" class=\"wp-block-jetpack-slideshow_image wp-image-2751\" data-id=\"2751\" src=\"https:\/\/i0.wp.com\/patrimoine-avesnois.fr\/chemin\/wp-content\/uploads\/2019\/05\/Usine-Copier.jpg?resize=840%2C826\" srcset=\"https:\/\/i0.wp.com\/patrimoine-avesnois.fr\/chemin\/wp-content\/uploads\/2019\/05\/Usine-Copier.jpg?w=1220&amp;ssl=1 1220w, https:\/\/i0.wp.com\/patrimoine-avesnois.fr\/chemin\/wp-content\/uploads\/2019\/05\/Usine-Copier.jpg?resize=300%2C295&amp;ssl=1 300w, https:\/\/i0.wp.com\/patrimoine-avesnois.fr\/chemin\/wp-content\/uploads\/2019\/05\/Usine-Copier.jpg?resize=768%2C755&amp;ssl=1 768w, https:\/\/i0.wp.com\/patrimoine-avesnois.fr\/chemin\/wp-content\/uploads\/2019\/05\/Usine-Copier.jpg?resize=1024%2C1007&amp;ssl=1 1024w, https:\/\/i0.wp.com\/patrimoine-avesnois.fr\/chemin\/wp-content\/uploads\/2019\/05\/Usine-Copier.jpg?resize=1200%2C1180&amp;ssl=1 1200w\" sizes=\"(max-width: 709px) 85vw, (max-width: 909px) 67vw, (max-width: 1362px) 62vw, 840px\" \/><\/figure><\/li><\/ul><a class=\"wp-block-jetpack-slideshow_button-prev swiper-button-prev swiper-button-white\" role=\"button\"><\/a><a class=\"wp-block-jetpack-slideshow_button-next swiper-button-next swiper-button-white\" role=\"button\"><\/a><a aria-label=\"Pause Slideshow\" class=\"wp-block-jetpack-slideshow_button-pause\" role=\"button\"><\/a><div class=\"wp-block-jetpack-slideshow_pagination swiper-pagination swiper-pagination-white\"><\/div><\/div><\/div>\n\n\n\n<p class=\"wp-block-paragraph\"><\/p>\n\n\n\n<p class=\"wp-block-paragraph\">\u00ab\u00a0L&rsquo;\u2019\u00e9glise d\u2019Hautmont se distingue \u00e9galement par ses vitraux. En effet, les premiers vitraux n\u00e9o-gothiques sont command\u00e9s au ma\u00eetre-verrier Durieux en 1876, tout d\u2019abord dans la nef puis dans les quatre baies des chapelles.&nbsp;Ce sont huit sujets repr\u00e9sent\u00e9s et dont il subsiste uniquement aujourd\u2019hui la figure de Saint-Marcel, des deux sacr\u00e9s Coeurs, du Christ et enfin celle de Marguerite-Marie Alacoque.&nbsp;Suite aux dommages successifs des deux guerres mondiales, des restauration sont \u00e9t\u00e9 rendus n\u00e9cessaires sur les vitraux.&nbsp;Aussi, en 1961 et en 1965, de nouveaux vitraux sont install\u00e9s dans respectivement le choeur de l\u2019\u00e9glise puis dans les collat\u00e9raux. Il s\u2019agit de vitraux dont on pourrait qualifier le style de contemporain.&nbsp;En effet ces derniers illustrent le go\u00fbt de l\u2019\u00e9poque pour la repr\u00e9sentation abstraite et plus particuli\u00e8rement au sein des \u00e9difices religieux nouvellement construits. En 2005, ce sont les vitraux de la nef et du transept qui sont remplac\u00e9s sous les mains des ma\u00eetres-verriers Michel Mauret, puis Charles-Henri Billerey qui privil\u00e9gient les motifs d\u2019entrelacs, la simplicit\u00e9 et la clart\u00e9 des couleurs.\u00a0\u00bb Source Mairie&nbsp;<\/p>\n\n\n\n<h3 class=\"wp-block-heading\">\ud83d\udfe6 Le mobilier et les statues restaur\u00e9es<\/h3>\n\n\n\n<p class=\"wp-block-paragraph\">L&rsquo;\u00e9glise renferme un mobilier de tr\u00e8s grande valeur.<\/p>\n\n\n<div class=\"wp-block-image is-resized\">\n<figure class=\"aligncenter\"><img loading=\"lazy\" decoding=\"async\" width=\"1094\" height=\"779\" data-attachment-id=\"2729\" data-permalink=\"https:\/\/patrimoine-avesnois.fr\/chemin\/hautmont\/image-486\/\" data-orig-file=\"https:\/\/i0.wp.com\/patrimoine-avesnois.fr\/chemin\/wp-content\/uploads\/2019\/05\/image-13.png?fit=1094%2C779&amp;ssl=1\" data-orig-size=\"1094,779\" data-comments-opened=\"1\" data-image-meta=\"{&quot;aperture&quot;:&quot;0&quot;,&quot;credit&quot;:&quot;&quot;,&quot;camera&quot;:&quot;&quot;,&quot;caption&quot;:&quot;&quot;,&quot;created_timestamp&quot;:&quot;0&quot;,&quot;copyright&quot;:&quot;&quot;,&quot;focal_length&quot;:&quot;0&quot;,&quot;iso&quot;:&quot;0&quot;,&quot;shutter_speed&quot;:&quot;0&quot;,&quot;title&quot;:&quot;&quot;,&quot;orientation&quot;:&quot;0&quot;}\" data-image-title=\"image\" data-image-description=\"\" data-image-caption=\"\" data-large-file=\"https:\/\/i0.wp.com\/patrimoine-avesnois.fr\/chemin\/wp-content\/uploads\/2019\/05\/image-13.png?fit=840%2C598&amp;ssl=1\" src=\"https:\/\/i1.wp.com\/patrimoine-avesnois.fr\/chemin\/wp-content\/uploads\/2019\/05\/image-13.png?fit=840%2C598\" alt=\"\" class=\"wp-image-2729\" srcset=\"https:\/\/i0.wp.com\/patrimoine-avesnois.fr\/chemin\/wp-content\/uploads\/2019\/05\/image-13.png?w=1094&amp;ssl=1 1094w, https:\/\/i0.wp.com\/patrimoine-avesnois.fr\/chemin\/wp-content\/uploads\/2019\/05\/image-13.png?resize=300%2C214&amp;ssl=1 300w, https:\/\/i0.wp.com\/patrimoine-avesnois.fr\/chemin\/wp-content\/uploads\/2019\/05\/image-13.png?resize=768%2C547&amp;ssl=1 768w, https:\/\/i0.wp.com\/patrimoine-avesnois.fr\/chemin\/wp-content\/uploads\/2019\/05\/image-13.png?resize=1024%2C729&amp;ssl=1 1024w\" sizes=\"auto, (max-width: 709px) 85vw, (max-width: 909px) 67vw, (max-width: 1362px) 62vw, 840px\" \/><\/figure>\n<\/div>\n\n<div class=\"wp-block-image is-resized\">\n<figure class=\"aligncenter\"><img loading=\"lazy\" decoding=\"async\" width=\"1101\" height=\"784\" data-attachment-id=\"2730\" data-permalink=\"https:\/\/patrimoine-avesnois.fr\/chemin\/hautmont\/image-487\/\" data-orig-file=\"https:\/\/i0.wp.com\/patrimoine-avesnois.fr\/chemin\/wp-content\/uploads\/2019\/05\/image-14.png?fit=1101%2C784&amp;ssl=1\" data-orig-size=\"1101,784\" data-comments-opened=\"1\" data-image-meta=\"{&quot;aperture&quot;:&quot;0&quot;,&quot;credit&quot;:&quot;&quot;,&quot;camera&quot;:&quot;&quot;,&quot;caption&quot;:&quot;&quot;,&quot;created_timestamp&quot;:&quot;0&quot;,&quot;copyright&quot;:&quot;&quot;,&quot;focal_length&quot;:&quot;0&quot;,&quot;iso&quot;:&quot;0&quot;,&quot;shutter_speed&quot;:&quot;0&quot;,&quot;title&quot;:&quot;&quot;,&quot;orientation&quot;:&quot;0&quot;}\" data-image-title=\"image\" data-image-description=\"\" data-image-caption=\"\" data-large-file=\"https:\/\/i0.wp.com\/patrimoine-avesnois.fr\/chemin\/wp-content\/uploads\/2019\/05\/image-14.png?fit=840%2C598&amp;ssl=1\" src=\"https:\/\/i2.wp.com\/patrimoine-avesnois.fr\/chemin\/wp-content\/uploads\/2019\/05\/image-14.png?fit=840%2C598\" alt=\"\" class=\"wp-image-2730\" srcset=\"https:\/\/i0.wp.com\/patrimoine-avesnois.fr\/chemin\/wp-content\/uploads\/2019\/05\/image-14.png?w=1101&amp;ssl=1 1101w, https:\/\/i0.wp.com\/patrimoine-avesnois.fr\/chemin\/wp-content\/uploads\/2019\/05\/image-14.png?resize=300%2C214&amp;ssl=1 300w, https:\/\/i0.wp.com\/patrimoine-avesnois.fr\/chemin\/wp-content\/uploads\/2019\/05\/image-14.png?resize=768%2C547&amp;ssl=1 768w, https:\/\/i0.wp.com\/patrimoine-avesnois.fr\/chemin\/wp-content\/uploads\/2019\/05\/image-14.png?resize=1024%2C729&amp;ssl=1 1024w\" sizes=\"auto, (max-width: 709px) 85vw, (max-width: 909px) 67vw, (max-width: 1362px) 62vw, 840px\" \/><\/figure>\n<\/div>\n\n\n<p class=\"wp-block-paragraph\"><\/p>\n\n\n\n<p class=\"wp-block-paragraph\">R\u00e9sum\u00e9 : L\u2019\u00e9glise actuelle de Hautmont conserve un mobilier remarquable, t\u00e9moin d\u2019une histoire religieuse ancienne. Dans la chapelle lat\u00e9rale sud, deux statues en bois dor\u00e9 du XVIII\u1d49 si\u00e8cle repr\u00e9sentent <strong>saint \u00c9loi<\/strong>, protecteur des artisans du m\u00e9tal, et <strong>sainte Barbe<\/strong>, patronne des m\u00e9tiers du feu. Elles sont plac\u00e9es pr\u00e8s de l\u2019autel de <strong>saint Marcel<\/strong>, r\u00e9unissant ainsi les saints patrons locaux en un m\u00eame lieu.<\/p>\n\n\n\n<p class=\"wp-block-paragraph\">L\u2019\u00e9difice abrite \u00e9galement des <strong>fonts baptismaux romans du XII\u1d49 si\u00e8cle<\/strong>, d\u2019une grande sobri\u00e9t\u00e9, ainsi qu\u2019une <strong>plaque fun\u00e9raire de 1711<\/strong> retrouv\u00e9e fortuitement. Quatre statues restaur\u00e9es en 2018, dont une <strong>Vierge \u00e0 l\u2019Enfant polychrome<\/strong>, enrichissent encore le patrimoine visible. L\u2019\u00e9glise poss\u00e8de en outre un <strong>orgue de qualit\u00e9<\/strong>, appr\u00e9ci\u00e9 des organistes r\u00e9gionaux.<\/p>\n\n\n\n<p class=\"wp-block-paragraph\"><\/p>\n\n\n\n<p class=\"wp-block-paragraph\"><\/p>\n\n\n<div class=\"wp-block-image\">\n<figure class=\"aligncenter size-full is-resized\"><img data-recalc-dims=\"1\" loading=\"lazy\" decoding=\"async\" width=\"592\" height=\"771\" data-attachment-id=\"28981\" data-permalink=\"https:\/\/patrimoine-avesnois.fr\/chemin\/hautmont\/image-3378\/\" data-orig-file=\"https:\/\/i0.wp.com\/patrimoine-avesnois.fr\/chemin\/wp-content\/uploads\/2026\/08\/image-225.png?fit=592%2C771&amp;ssl=1\" data-orig-size=\"592,771\" data-comments-opened=\"1\" data-image-meta=\"{&quot;aperture&quot;:&quot;0&quot;,&quot;credit&quot;:&quot;&quot;,&quot;camera&quot;:&quot;&quot;,&quot;caption&quot;:&quot;&quot;,&quot;created_timestamp&quot;:&quot;0&quot;,&quot;copyright&quot;:&quot;&quot;,&quot;focal_length&quot;:&quot;0&quot;,&quot;iso&quot;:&quot;0&quot;,&quot;shutter_speed&quot;:&quot;0&quot;,&quot;title&quot;:&quot;&quot;,&quot;orientation&quot;:&quot;0&quot;,&quot;alt&quot;:&quot;&quot;}\" data-image-title=\"image\" data-image-description=\"\" data-image-caption=\"\" data-large-file=\"https:\/\/i0.wp.com\/patrimoine-avesnois.fr\/chemin\/wp-content\/uploads\/2026\/08\/image-225.png?fit=592%2C771&amp;ssl=1\" src=\"https:\/\/i0.wp.com\/patrimoine-avesnois.fr\/chemin\/wp-content\/uploads\/2026\/08\/image-225.png?resize=592%2C771&#038;ssl=1\" alt=\"\" class=\"wp-image-28981\" style=\"width:560px;height:auto\" srcset=\"https:\/\/i0.wp.com\/patrimoine-avesnois.fr\/chemin\/wp-content\/uploads\/2026\/08\/image-225.png?w=592&amp;ssl=1 592w, https:\/\/i0.wp.com\/patrimoine-avesnois.fr\/chemin\/wp-content\/uploads\/2026\/08\/image-225.png?resize=230%2C300&amp;ssl=1 230w\" sizes=\"auto, (max-width: 592px) 85vw, 592px\" \/><figcaption class=\"wp-element-caption\">Saint Eloi<\/figcaption><\/figure>\n<\/div>\n\n\n<p class=\"wp-block-paragraph\"><\/p>\n\n\n\n<p class=\"wp-block-paragraph\"><\/p>\n\n\n<div class=\"wp-block-image\">\n<figure class=\"aligncenter size-full is-resized\"><img data-recalc-dims=\"1\" loading=\"lazy\" decoding=\"async\" width=\"572\" height=\"769\" data-attachment-id=\"28979\" data-permalink=\"https:\/\/patrimoine-avesnois.fr\/chemin\/hautmont\/image-3376\/\" data-orig-file=\"https:\/\/i0.wp.com\/patrimoine-avesnois.fr\/chemin\/wp-content\/uploads\/2026\/08\/image-223.png?fit=572%2C769&amp;ssl=1\" data-orig-size=\"572,769\" data-comments-opened=\"1\" data-image-meta=\"{&quot;aperture&quot;:&quot;0&quot;,&quot;credit&quot;:&quot;&quot;,&quot;camera&quot;:&quot;&quot;,&quot;caption&quot;:&quot;&quot;,&quot;created_timestamp&quot;:&quot;0&quot;,&quot;copyright&quot;:&quot;&quot;,&quot;focal_length&quot;:&quot;0&quot;,&quot;iso&quot;:&quot;0&quot;,&quot;shutter_speed&quot;:&quot;0&quot;,&quot;title&quot;:&quot;&quot;,&quot;orientation&quot;:&quot;0&quot;,&quot;alt&quot;:&quot;&quot;}\" data-image-title=\"image\" data-image-description=\"\" data-image-caption=\"\" data-large-file=\"https:\/\/i0.wp.com\/patrimoine-avesnois.fr\/chemin\/wp-content\/uploads\/2026\/08\/image-223.png?fit=572%2C769&amp;ssl=1\" src=\"https:\/\/i0.wp.com\/patrimoine-avesnois.fr\/chemin\/wp-content\/uploads\/2026\/08\/image-223.png?resize=572%2C769&#038;ssl=1\" alt=\"\" class=\"wp-image-28979\" style=\"width:550px;height:auto\" srcset=\"https:\/\/i0.wp.com\/patrimoine-avesnois.fr\/chemin\/wp-content\/uploads\/2026\/08\/image-223.png?w=572&amp;ssl=1 572w, https:\/\/i0.wp.com\/patrimoine-avesnois.fr\/chemin\/wp-content\/uploads\/2026\/08\/image-223.png?resize=223%2C300&amp;ssl=1 223w\" sizes=\"auto, (max-width: 572px) 85vw, 572px\" \/><figcaption class=\"wp-element-caption\">Sainte Barbe<\/figcaption><\/figure>\n<\/div>\n\n\n<p class=\"wp-block-paragraph\"><\/p>\n\n\n\n<p class=\"wp-block-paragraph\"><\/p>\n\n\n<div class=\"wp-block-image is-resized\">\n<figure class=\"aligncenter\"><img data-recalc-dims=\"1\" loading=\"lazy\" decoding=\"async\" width=\"535\" height=\"720\" data-attachment-id=\"2739\" data-permalink=\"https:\/\/patrimoine-avesnois.fr\/chemin\/hautmont\/sans-titre-2-copier\/\" data-orig-file=\"https:\/\/i0.wp.com\/patrimoine-avesnois.fr\/chemin\/wp-content\/uploads\/2019\/05\/sans-titre-2-Copier.png?fit=535%2C720&amp;ssl=1\" data-orig-size=\"535,720\" data-comments-opened=\"1\" data-image-meta=\"{&quot;aperture&quot;:&quot;0&quot;,&quot;credit&quot;:&quot;&quot;,&quot;camera&quot;:&quot;&quot;,&quot;caption&quot;:&quot;&quot;,&quot;created_timestamp&quot;:&quot;0&quot;,&quot;copyright&quot;:&quot;&quot;,&quot;focal_length&quot;:&quot;0&quot;,&quot;iso&quot;:&quot;0&quot;,&quot;shutter_speed&quot;:&quot;0&quot;,&quot;title&quot;:&quot;&quot;,&quot;orientation&quot;:&quot;0&quot;}\" data-image-title=\"sans-titre-2-Copier\" data-image-description=\"\" data-image-caption=\"\" data-large-file=\"https:\/\/i0.wp.com\/patrimoine-avesnois.fr\/chemin\/wp-content\/uploads\/2019\/05\/sans-titre-2-Copier.png?fit=535%2C720&amp;ssl=1\" src=\"https:\/\/i0.wp.com\/patrimoine-avesnois.fr\/chemin\/wp-content\/uploads\/2019\/05\/sans-titre-2-Copier.png?resize=535%2C720\" alt=\"\" class=\"wp-image-2739\" srcset=\"https:\/\/i0.wp.com\/patrimoine-avesnois.fr\/chemin\/wp-content\/uploads\/2019\/05\/sans-titre-2-Copier.png?w=535&amp;ssl=1 535w, https:\/\/i0.wp.com\/patrimoine-avesnois.fr\/chemin\/wp-content\/uploads\/2019\/05\/sans-titre-2-Copier.png?resize=223%2C300&amp;ssl=1 223w\" sizes=\"auto, (max-width: 535px) 85vw, 535px\" \/><figcaption class=\"wp-element-caption\">Sur l\u2019une des statues enti\u00e8rement repeinte d\u2019une vilaine couche de peinture criarde se cachait une vierge dor\u00e9e polychrome. Photo Mairie<\/figcaption><\/figure>\n<\/div>\n\n<div class=\"wp-block-image is-resized\">\n<figure class=\"aligncenter\"><img data-recalc-dims=\"1\" loading=\"lazy\" decoding=\"async\" width=\"535\" height=\"720\" data-attachment-id=\"2740\" data-permalink=\"https:\/\/patrimoine-avesnois.fr\/chemin\/hautmont\/sans-titre-4-copier\/\" data-orig-file=\"https:\/\/i0.wp.com\/patrimoine-avesnois.fr\/chemin\/wp-content\/uploads\/2019\/05\/sans-titre-4-Copier.png?fit=535%2C720&amp;ssl=1\" data-orig-size=\"535,720\" data-comments-opened=\"1\" data-image-meta=\"{&quot;aperture&quot;:&quot;0&quot;,&quot;credit&quot;:&quot;&quot;,&quot;camera&quot;:&quot;&quot;,&quot;caption&quot;:&quot;&quot;,&quot;created_timestamp&quot;:&quot;0&quot;,&quot;copyright&quot;:&quot;&quot;,&quot;focal_length&quot;:&quot;0&quot;,&quot;iso&quot;:&quot;0&quot;,&quot;shutter_speed&quot;:&quot;0&quot;,&quot;title&quot;:&quot;&quot;,&quot;orientation&quot;:&quot;0&quot;}\" data-image-title=\"sans-titre-4-Copier\" data-image-description=\"\" data-image-caption=\"\" data-large-file=\"https:\/\/i0.wp.com\/patrimoine-avesnois.fr\/chemin\/wp-content\/uploads\/2019\/05\/sans-titre-4-Copier.png?fit=535%2C720&amp;ssl=1\" src=\"https:\/\/i0.wp.com\/patrimoine-avesnois.fr\/chemin\/wp-content\/uploads\/2019\/05\/sans-titre-4-Copier.png?resize=535%2C720\" alt=\"\" class=\"wp-image-2740\" srcset=\"https:\/\/i0.wp.com\/patrimoine-avesnois.fr\/chemin\/wp-content\/uploads\/2019\/05\/sans-titre-4-Copier.png?w=535&amp;ssl=1 535w, https:\/\/i0.wp.com\/patrimoine-avesnois.fr\/chemin\/wp-content\/uploads\/2019\/05\/sans-titre-4-Copier.png?resize=223%2C300&amp;ssl=1 223w\" sizes=\"auto, (max-width: 535px) 85vw, 535px\" \/><figcaption class=\"wp-element-caption\">Saint Marcel Photo Mairie<\/figcaption><\/figure>\n<\/div>\n\n\n<p class=\"wp-block-paragraph\"><\/p>\n\n\n\n<p class=\"wp-block-paragraph\">Quatre statues de l&rsquo;\u00e9glise d&rsquo;Hautmont repr\u00e9sentant\u00a0Saint-Marcel, Saint-Eloi, Sainte-Barbe et une Vierge \u00e0 l\u2019Enfan<strong>t<\/strong> ont \u00e9t\u00e9 restaur\u00e9es en 2018 par Sylvie Marez, ma\u00eetre artisan en m\u00e9tiers d\u2019art.<\/p>\n\n\n\n<p class=\"wp-block-paragraph\"><\/p>\n\n\n<div class=\"wp-block-image\">\n<figure class=\"aligncenter size-full\"><img data-recalc-dims=\"1\" loading=\"lazy\" decoding=\"async\" width=\"826\" height=\"634\" data-attachment-id=\"28984\" data-permalink=\"https:\/\/patrimoine-avesnois.fr\/chemin\/hautmont\/image-3380\/\" data-orig-file=\"https:\/\/i0.wp.com\/patrimoine-avesnois.fr\/chemin\/wp-content\/uploads\/2026\/08\/image-227.png?fit=826%2C634&amp;ssl=1\" data-orig-size=\"826,634\" data-comments-opened=\"1\" data-image-meta=\"{&quot;aperture&quot;:&quot;0&quot;,&quot;credit&quot;:&quot;&quot;,&quot;camera&quot;:&quot;&quot;,&quot;caption&quot;:&quot;&quot;,&quot;created_timestamp&quot;:&quot;0&quot;,&quot;copyright&quot;:&quot;&quot;,&quot;focal_length&quot;:&quot;0&quot;,&quot;iso&quot;:&quot;0&quot;,&quot;shutter_speed&quot;:&quot;0&quot;,&quot;title&quot;:&quot;&quot;,&quot;orientation&quot;:&quot;0&quot;,&quot;alt&quot;:&quot;&quot;}\" data-image-title=\"image\" data-image-description=\"\" data-image-caption=\"\" data-large-file=\"https:\/\/i0.wp.com\/patrimoine-avesnois.fr\/chemin\/wp-content\/uploads\/2026\/08\/image-227.png?fit=826%2C634&amp;ssl=1\" src=\"https:\/\/i0.wp.com\/patrimoine-avesnois.fr\/chemin\/wp-content\/uploads\/2026\/08\/image-227.png?resize=826%2C634&#038;ssl=1\" alt=\"\" class=\"wp-image-28984\" srcset=\"https:\/\/i0.wp.com\/patrimoine-avesnois.fr\/chemin\/wp-content\/uploads\/2026\/08\/image-227.png?w=826&amp;ssl=1 826w, https:\/\/i0.wp.com\/patrimoine-avesnois.fr\/chemin\/wp-content\/uploads\/2026\/08\/image-227.png?resize=300%2C230&amp;ssl=1 300w, https:\/\/i0.wp.com\/patrimoine-avesnois.fr\/chemin\/wp-content\/uploads\/2026\/08\/image-227.png?resize=768%2C589&amp;ssl=1 768w\" sizes=\"auto, (max-width: 826px) 85vw, 826px\" \/><figcaption class=\"wp-element-caption\">fonts baptismaux romans du XII\u1d49 si\u00e8cle<\/figcaption><\/figure>\n<\/div>\n\n\n<p class=\"wp-block-paragraph\"><\/p>\n\n\n\n<h3 class=\"wp-block-heading\">\ud83d\udfe6 Le carillon<\/h3>\n\n\n\n<p class=\"wp-block-paragraph\">Quant au carillon ext\u00e9rieur&nbsp;en haut de l\u2019\u00e9glise, il se compose de 14 cloches. Les 8 premi\u00e8res furent install\u00e9es en 1997. Compos\u00e9es \u00e0 78 % de cuivre et 22 % d\u2019\u00e9tain, la plus grosse des cloches p\u00e8se environ 145 kg contre 20 kg pour la plus petite. En 1998, 6 cloches suppl\u00e9mentaires furent install\u00e9es au carillon, permettant ainsi une meilleure harmonisation du carillon.<\/p>\n\n\n\n<p class=\"wp-block-paragraph\"><\/p>\n\n\n\n<h3 class=\"wp-block-heading\">\ud83d\udfe6 Le calvaire (1837\u20131843)<\/h3>\n\n\n\n<p class=\"wp-block-paragraph\"><\/p>\n\n\n<div class=\"wp-block-image is-resized\">\n<figure class=\"aligncenter\"><img decoding=\"async\" src=\"http:\/\/i0.wp.com\/www.calvaires-avesnois.fr\/wp-content\/uploads\/2016\/09\/5.Hautmont-calvaire-1837-1843-rue-Gambetta.jpg?resize=712%2C848\" alt=\"calvaire 1837-1843 rue Gambetta\" class=\"wp-image-1464\"\/><figcaption class=\"wp-element-caption\">Calvaire 1837-1843 rue Gambetta<\/figcaption><\/figure>\n<\/div>\n\n<div class=\"wp-block-image is-resized\">\n<figure class=\"aligncenter\"><img decoding=\"async\" src=\"http:\/\/i2.wp.com\/www.calvaires-avesnois.fr\/wp-content\/uploads\/2016\/09\/5a..jpg?resize=712%2C949\" alt=\"I\" class=\"wp-image-1465\"\/><figcaption class=\"wp-element-caption\">Int\u00e9rieur du calvaire<\/figcaption><\/figure>\n<\/div>\n\n<div class=\"wp-block-image is-resized\">\n<figure class=\"aligncenter\"><img decoding=\"async\" data-attachment-id=\"287\" data-permalink=\"https:\/\/patrimoine-avesnois.fr\/chemin\/beaurepaire-sur-sambre\/image-2\/\" data-orig-file=\"https:\/\/i0.wp.com\/patrimoine-avesnois.fr\/chemin\/wp-content\/uploads\/2019\/03\/image-1.png?fit=4032%2C3024&amp;ssl=1\" data-orig-size=\"4032,3024\" data-comments-opened=\"1\" data-image-meta=\"{&quot;aperture&quot;:&quot;0&quot;,&quot;credit&quot;:&quot;&quot;,&quot;camera&quot;:&quot;&quot;,&quot;caption&quot;:&quot;&quot;,&quot;created_timestamp&quot;:&quot;0&quot;,&quot;copyright&quot;:&quot;&quot;,&quot;focal_length&quot;:&quot;0&quot;,&quot;iso&quot;:&quot;0&quot;,&quot;shutter_speed&quot;:&quot;0&quot;,&quot;title&quot;:&quot;&quot;,&quot;orientation&quot;:&quot;0&quot;}\" data-image-title=\"image\" data-image-description=\"\" data-image-caption=\"\" data-large-file=\"https:\/\/i0.wp.com\/patrimoine-avesnois.fr\/chemin\/wp-content\/uploads\/2019\/03\/image-1.png?fit=840%2C630&amp;ssl=1\" src=\"http:\/\/i0.wp.com\/www.calvaires-avesnois.fr\/wp-content\/uploads\/2016\/09\/Capturer-3.jpg?resize=712%2C470\" alt=\"Calvaire construit entre 1837 et 1843 (Rue Gambetta)\" class=\"wp-image-287\"\/><figcaption class=\"wp-element-caption\">Calvaire construit entre 1837 et 1843 (Rue Gambetta)<\/figcaption><\/figure>\n<\/div>\n\n\n<p class=\"wp-block-paragraph\"><\/p>\n\n\n\n<p class=\"wp-block-paragraph\">Le Calvaire a \u00e9t\u00e9 construit entre 1837 et 1843. Sur l\u2019\u00eelot de la Sambre existait jadis une chapelle, qui a \u00e9t\u00e9 d\u00e9truite en 1837 par la commune. Ses pierres ont servi \u00e0 \u00e9difier le Calvaire dont la trace figure sur le cadastre de 1843.<\/p>\n\n\n\n<p class=\"wp-block-paragraph\">Il consacre l\u2019entr\u00e9e de la ville par l\u2019ancien chemin de Bavay, devenu aujourd\u2019hui l\u2019avenue Gambetta. Il repr\u00e9sente le Christ sur la Croix avec \u00e0 ses c\u00f4t\u00e9s saint Jean et la Vierge Marie. Archives Municipales<\/p>\n\n\n\n<p class=\"wp-block-paragraph\"><\/p>\n\n\n<div class=\"wp-block-image\">\n<figure class=\"aligncenter\"><img decoding=\"async\" data-attachment-id=\"288\" data-permalink=\"https:\/\/patrimoine-avesnois.fr\/chemin\/beaurepaire-sur-sambre\/img_4164-2\/\" data-orig-file=\"https:\/\/i0.wp.com\/patrimoine-avesnois.fr\/chemin\/wp-content\/uploads\/2019\/03\/IMG_4164-2.jpg?fit=4032%2C3024&amp;ssl=1\" data-orig-size=\"4032,3024\" data-comments-opened=\"1\" data-image-meta=\"{&quot;aperture&quot;:&quot;2.2&quot;,&quot;credit&quot;:&quot;&quot;,&quot;camera&quot;:&quot;iPhone SE&quot;,&quot;caption&quot;:&quot;&quot;,&quot;created_timestamp&quot;:&quot;1532877257&quot;,&quot;copyright&quot;:&quot;&quot;,&quot;focal_length&quot;:&quot;4.15&quot;,&quot;iso&quot;:&quot;25&quot;,&quot;shutter_speed&quot;:&quot;0.00026001040041602&quot;,&quot;title&quot;:&quot;&quot;,&quot;orientation&quot;:&quot;1&quot;}\" data-image-title=\"IMG_4164 (2)\" data-image-description=\"\" data-image-caption=\"\" data-large-file=\"https:\/\/i0.wp.com\/patrimoine-avesnois.fr\/chemin\/wp-content\/uploads\/2019\/03\/IMG_4164-2.jpg?fit=840%2C630&amp;ssl=1\" src=\"http:\/\/i0.wp.com\/www.calvaires-avesnois.fr\/wp-content\/uploads\/2016\/09\/Nouvelle-image-49.png?resize=606%2C402\" alt=\"Calvaire ayant disparu \" class=\"wp-image-288\"\/><figcaption class=\"wp-element-caption\">Calvaire ayant disparu<\/figcaption><\/figure>\n<\/div>\n\n\n<p class=\"wp-block-paragraph\"><\/p>\n\n\n\n<h3 class=\"wp-block-heading\">\ud83d\udfe6 Oratoires et chapelles<\/h3>\n\n\n\n<p class=\"wp-block-paragraph\"><strong>2 oratoires et 3 chapelles <\/strong><\/p>\n\n\n\n<div class=\"wp-block-jetpack-slideshow aligncenter\" data-effect=\"slide\"><div class=\"wp-block-jetpack-slideshow_container swiper\"><ul class=\"wp-block-jetpack-slideshow_swiper-wrapper swiper-wrapper\"><li class=\"wp-block-jetpack-slideshow_slide swiper-slide\"><figure><img data-recalc-dims=\"1\" loading=\"lazy\" decoding=\"async\" width=\"768\" height=\"1024\" alt=\"\" class=\"wp-block-jetpack-slideshow_image wp-image-2776\" data-id=\"2776\" src=\"https:\/\/i0.wp.com\/patrimoine-avesnois.fr\/chemin\/wp-content\/uploads\/2019\/05\/1.Hautmont-ND-des-Sept-Douleurs-1748-au-rond-point-D95D-X__-rue-de-Louvroil-X-rue-de-Maubeuge.jpg?resize=768%2C1024\" srcset=\"https:\/\/i0.wp.com\/patrimoine-avesnois.fr\/chemin\/wp-content\/uploads\/2019\/05\/1.Hautmont-ND-des-Sept-Douleurs-1748-au-rond-point-D95D-X__-rue-de-Louvroil-X-rue-de-Maubeuge.jpg?w=768&amp;ssl=1 768w, https:\/\/i0.wp.com\/patrimoine-avesnois.fr\/chemin\/wp-content\/uploads\/2019\/05\/1.Hautmont-ND-des-Sept-Douleurs-1748-au-rond-point-D95D-X__-rue-de-Louvroil-X-rue-de-Maubeuge.jpg?resize=225%2C300&amp;ssl=1 225w\" sizes=\"(max-width: 768px) 85vw, 768px\" \/><\/figure><\/li><li class=\"wp-block-jetpack-slideshow_slide swiper-slide\"><figure><img data-recalc-dims=\"1\" loading=\"lazy\" decoding=\"async\" width=\"768\" height=\"1024\" alt=\"\" class=\"wp-block-jetpack-slideshow_image wp-image-2777\" data-id=\"2777\" src=\"https:\/\/i0.wp.com\/patrimoine-avesnois.fr\/chemin\/wp-content\/uploads\/2019\/05\/6.Hautmont-oratoire-d%C3%A9di%C3%A9-%C3%A0-St-Marcel-64-route-de-Landrecies.jpg?resize=768%2C1024\" srcset=\"https:\/\/i0.wp.com\/patrimoine-avesnois.fr\/chemin\/wp-content\/uploads\/2019\/05\/6.Hautmont-oratoire-d%C3%A9di%C3%A9-%C3%A0-St-Marcel-64-route-de-Landrecies.jpg?w=768&amp;ssl=1 768w, https:\/\/i0.wp.com\/patrimoine-avesnois.fr\/chemin\/wp-content\/uploads\/2019\/05\/6.Hautmont-oratoire-d%C3%A9di%C3%A9-%C3%A0-St-Marcel-64-route-de-Landrecies.jpg?resize=225%2C300&amp;ssl=1 225w\" sizes=\"(max-width: 768px) 85vw, 768px\" \/><\/figure><\/li><li class=\"wp-block-jetpack-slideshow_slide swiper-slide\"><figure><img data-recalc-dims=\"1\" loading=\"lazy\" decoding=\"async\" width=\"768\" height=\"1024\" alt=\"\" class=\"wp-block-jetpack-slideshow_image wp-image-2778\" data-id=\"2778\" src=\"https:\/\/i0.wp.com\/patrimoine-avesnois.fr\/chemin\/wp-content\/uploads\/2019\/05\/7.Hautmont-chapelle-St-Marcel-mur%C3%A9e-rue-St-Marcel.jpg?resize=768%2C1024\" srcset=\"https:\/\/i0.wp.com\/patrimoine-avesnois.fr\/chemin\/wp-content\/uploads\/2019\/05\/7.Hautmont-chapelle-St-Marcel-mur%C3%A9e-rue-St-Marcel.jpg?w=768&amp;ssl=1 768w, https:\/\/i0.wp.com\/patrimoine-avesnois.fr\/chemin\/wp-content\/uploads\/2019\/05\/7.Hautmont-chapelle-St-Marcel-mur%C3%A9e-rue-St-Marcel.jpg?resize=225%2C300&amp;ssl=1 225w\" sizes=\"(max-width: 768px) 85vw, 768px\" \/><\/figure><\/li><li class=\"wp-block-jetpack-slideshow_slide swiper-slide\"><figure><img data-recalc-dims=\"1\" loading=\"lazy\" decoding=\"async\" width=\"768\" height=\"1024\" alt=\"\" class=\"wp-block-jetpack-slideshow_image wp-image-2779\" data-id=\"2779\" src=\"https:\/\/i0.wp.com\/patrimoine-avesnois.fr\/chemin\/wp-content\/uploads\/2019\/05\/4.Hautmont-ND-de-Bon-Secours-177...-Rte-de__-Landrecies.jpg?resize=768%2C1024\" srcset=\"https:\/\/i0.wp.com\/patrimoine-avesnois.fr\/chemin\/wp-content\/uploads\/2019\/05\/4.Hautmont-ND-de-Bon-Secours-177...-Rte-de__-Landrecies.jpg?w=768&amp;ssl=1 768w, https:\/\/i0.wp.com\/patrimoine-avesnois.fr\/chemin\/wp-content\/uploads\/2019\/05\/4.Hautmont-ND-de-Bon-Secours-177...-Rte-de__-Landrecies.jpg?resize=225%2C300&amp;ssl=1 225w\" sizes=\"(max-width: 768px) 85vw, 768px\" \/><\/figure><\/li><li class=\"wp-block-jetpack-slideshow_slide swiper-slide\"><figure><img data-recalc-dims=\"1\" loading=\"lazy\" decoding=\"async\" width=\"724\" height=\"1024\" alt=\"\" class=\"wp-block-jetpack-slideshow_image wp-image-2780\" data-id=\"2780\" src=\"https:\/\/i0.wp.com\/patrimoine-avesnois.fr\/chemin\/wp-content\/uploads\/2019\/05\/N.D-de-Bon-Secours1-724x1024.jpg?resize=724%2C1024\" srcset=\"https:\/\/i0.wp.com\/patrimoine-avesnois.fr\/chemin\/wp-content\/uploads\/2019\/05\/N.D-de-Bon-Secours1-724x1024.jpg?resize=724%2C1024&amp;ssl=1 724w, https:\/\/i0.wp.com\/patrimoine-avesnois.fr\/chemin\/wp-content\/uploads\/2019\/05\/N.D-de-Bon-Secours1-724x1024.jpg?resize=212%2C300&amp;ssl=1 212w\" sizes=\"(max-width: 724px) 85vw, 724px\" \/><\/figure><\/li><li class=\"wp-block-jetpack-slideshow_slide swiper-slide\"><figure><img data-recalc-dims=\"1\" loading=\"lazy\" decoding=\"async\" width=\"576\" height=\"1024\" alt=\"\" class=\"wp-block-jetpack-slideshow_image wp-image-2781\" data-id=\"2781\" src=\"https:\/\/i0.wp.com\/patrimoine-avesnois.fr\/chemin\/wp-content\/uploads\/2019\/05\/4c.R%C3%A9nov%C3%A9e-en-2018-576x1024.jpg?resize=576%2C1024\" srcset=\"https:\/\/i0.wp.com\/patrimoine-avesnois.fr\/chemin\/wp-content\/uploads\/2019\/05\/4c.R%C3%A9nov%C3%A9e-en-2018-576x1024.jpg?resize=576%2C1024&amp;ssl=1 576w, https:\/\/i0.wp.com\/patrimoine-avesnois.fr\/chemin\/wp-content\/uploads\/2019\/05\/4c.R%C3%A9nov%C3%A9e-en-2018-576x1024.jpg?resize=169%2C300&amp;ssl=1 169w\" sizes=\"(max-width: 576px) 85vw, 576px\" \/><\/figure><\/li><li class=\"wp-block-jetpack-slideshow_slide swiper-slide\"><figure><img data-recalc-dims=\"1\" loading=\"lazy\" decoding=\"async\" width=\"768\" height=\"576\" alt=\"\" class=\"wp-block-jetpack-slideshow_image wp-image-2782\" data-id=\"2782\" src=\"https:\/\/i0.wp.com\/patrimoine-avesnois.fr\/chemin\/wp-content\/uploads\/2019\/05\/2.Hautmont-chapelle-St-Eloi-1958-1960-Av.G%C3%A9n%C3%A9ral-Leclerc-768x576.jpg?resize=768%2C576\" srcset=\"https:\/\/i0.wp.com\/patrimoine-avesnois.fr\/chemin\/wp-content\/uploads\/2019\/05\/2.Hautmont-chapelle-St-Eloi-1958-1960-Av.G%C3%A9n%C3%A9ral-Leclerc-768x576.jpg?resize=768%2C576&amp;ssl=1 768w, https:\/\/i0.wp.com\/patrimoine-avesnois.fr\/chemin\/wp-content\/uploads\/2019\/05\/2.Hautmont-chapelle-St-Eloi-1958-1960-Av.G%C3%A9n%C3%A9ral-Leclerc-768x576.jpg?resize=300%2C225&amp;ssl=1 300w\" sizes=\"(max-width: 768px) 85vw, 768px\" \/><\/figure><\/li><li class=\"wp-block-jetpack-slideshow_slide swiper-slide\"><figure><img data-recalc-dims=\"1\" loading=\"lazy\" decoding=\"async\" width=\"768\" height=\"931\" alt=\"\" class=\"wp-block-jetpack-slideshow_image wp-image-2784\" data-id=\"2784\" src=\"https:\/\/i0.wp.com\/patrimoine-avesnois.fr\/chemin\/wp-content\/uploads\/2019\/05\/3.Hautmont-chapelle-Ste-Anne-rue-Ste-Anne.jpg?resize=768%2C931\" srcset=\"https:\/\/i0.wp.com\/patrimoine-avesnois.fr\/chemin\/wp-content\/uploads\/2019\/05\/3.Hautmont-chapelle-Ste-Anne-rue-Ste-Anne.jpg?w=768&amp;ssl=1 768w, https:\/\/i0.wp.com\/patrimoine-avesnois.fr\/chemin\/wp-content\/uploads\/2019\/05\/3.Hautmont-chapelle-Ste-Anne-rue-Ste-Anne.jpg?resize=247%2C300&amp;ssl=1 247w\" sizes=\"(max-width: 768px) 85vw, 768px\" \/><\/figure><\/li><\/ul><a class=\"wp-block-jetpack-slideshow_button-prev swiper-button-prev swiper-button-white\" role=\"button\"><\/a><a class=\"wp-block-jetpack-slideshow_button-next swiper-button-next swiper-button-white\" role=\"button\"><\/a><a aria-label=\"Pause Slideshow\" class=\"wp-block-jetpack-slideshow_button-pause\" role=\"button\"><\/a><div class=\"wp-block-jetpack-slideshow_pagination swiper-pagination swiper-pagination-white\"><\/div><\/div><\/div>\n\n\n\n<p class=\"wp-block-paragraph\">Voir <a href=\"http:\/\/oratoiresetchapelles-avesnois.fr\/hautmont\/\">mon site<\/a><\/p>\n\n\n\n<p class=\"has-text-align-center has-large-font-size wp-block-paragraph\">***<\/p>\n\n\n\n<h2 class=\"wp-block-heading\">\ud83d\udfe9 <strong>Patrimoine civil et monumental<\/strong><\/h2>\n\n\n\n<h3 class=\"wp-block-heading\">\ud83d\udfe9 Les statues de la place Charles\u2011de\u2011Gaulle<\/h3>\n\n\n\n<p class=\"wp-block-paragraph\">Les statues en bronze de Saint-Vincent (fondateur de l&rsquo;abbaye) Sainte- Waudru et Saint-Amand, place Charles-de-Gaulle,nous rappellent qu&rsquo;Hautmont existait d\u00e8s le VII\u00e8me si\u00e8cle.&nbsp; <\/p>\n\n\n\n<p class=\"wp-block-paragraph\">Command\u00e9es \u00e0 l\u2019artiste Sellier en 1997 et inaugur\u00e9es en 1998, leurs repr\u00e9sentations sont un clin d\u2019\u0153il \u00e0 l\u2019histoire ancienne de la commune, notamment \u00e0 son abbaye.  Chaque sculpture est compos\u00e9e de 2 parties : le personnage d\u2019une hauteur de 1,70 m environ et le socle sculpt\u00e9 et grav\u00e9 des noms et attributs du saint repr\u00e9sent\u00e9 (20 cm).  D\u00e9clinons les :<\/p>\n\n\n\n<p class=\"wp-block-paragraph\"><\/p>\n\n\n<div class=\"wp-block-image\">\n<figure class=\"aligncenter size-full\"><img data-recalc-dims=\"1\" loading=\"lazy\" decoding=\"async\" width=\"407\" height=\"777\" data-attachment-id=\"28919\" data-permalink=\"https:\/\/patrimoine-avesnois.fr\/chemin\/hautmont\/image-3342\/\" data-orig-file=\"https:\/\/i0.wp.com\/patrimoine-avesnois.fr\/chemin\/wp-content\/uploads\/2026\/08\/image-189.png?fit=407%2C777&amp;ssl=1\" data-orig-size=\"407,777\" data-comments-opened=\"1\" data-image-meta=\"{&quot;aperture&quot;:&quot;0&quot;,&quot;credit&quot;:&quot;&quot;,&quot;camera&quot;:&quot;&quot;,&quot;caption&quot;:&quot;&quot;,&quot;created_timestamp&quot;:&quot;0&quot;,&quot;copyright&quot;:&quot;&quot;,&quot;focal_length&quot;:&quot;0&quot;,&quot;iso&quot;:&quot;0&quot;,&quot;shutter_speed&quot;:&quot;0&quot;,&quot;title&quot;:&quot;&quot;,&quot;orientation&quot;:&quot;0&quot;,&quot;alt&quot;:&quot;&quot;}\" data-image-title=\"image\" data-image-description=\"\" data-image-caption=\"\" data-large-file=\"https:\/\/i0.wp.com\/patrimoine-avesnois.fr\/chemin\/wp-content\/uploads\/2026\/08\/image-189.png?fit=407%2C777&amp;ssl=1\" src=\"https:\/\/i0.wp.com\/patrimoine-avesnois.fr\/chemin\/wp-content\/uploads\/2026\/08\/image-189.png?resize=407%2C777&#038;ssl=1\" alt=\"\" class=\"wp-image-28919\" srcset=\"https:\/\/i0.wp.com\/patrimoine-avesnois.fr\/chemin\/wp-content\/uploads\/2026\/08\/image-189.png?w=407&amp;ssl=1 407w, https:\/\/i0.wp.com\/patrimoine-avesnois.fr\/chemin\/wp-content\/uploads\/2026\/08\/image-189.png?resize=157%2C300&amp;ssl=1 157w\" sizes=\"auto, (max-width: 407px) 85vw, 407px\" \/><figcaption class=\"wp-element-caption\">Saint Vincent<\/figcaption><\/figure>\n<\/div>\n\n\n<p class=\"wp-block-paragraph\"><\/p>\n\n\n\n<ul class=\"wp-block-list\">\n<li><strong>D\u2019abord Saint-Vincent \u2013&nbsp;<\/strong>\u00e9galement connu sous le nom de Madelgaire \u2013 repr\u00e9sent\u00e9 avec une crosse, le bras tendu portant une petite construction dans la main. Saint Vincent est consid\u00e9r\u00e9 comme le fondateur de l\u2019abbaye, d\u2019o\u00f9 l\u2019\u00e9difice qu\u2019il tient dans sa main. Quant \u00e0 la crosse, elle marque son statut religieux.<\/li>\n<\/ul>\n\n\n<div class=\"wp-block-image\">\n<figure class=\"aligncenter size-full is-resized\"><img data-recalc-dims=\"1\" loading=\"lazy\" decoding=\"async\" width=\"406\" height=\"777\" data-attachment-id=\"28917\" data-permalink=\"https:\/\/patrimoine-avesnois.fr\/chemin\/hautmont\/image-3340\/\" data-orig-file=\"https:\/\/i0.wp.com\/patrimoine-avesnois.fr\/chemin\/wp-content\/uploads\/2026\/08\/image-187.png?fit=406%2C777&amp;ssl=1\" data-orig-size=\"406,777\" data-comments-opened=\"1\" data-image-meta=\"{&quot;aperture&quot;:&quot;0&quot;,&quot;credit&quot;:&quot;&quot;,&quot;camera&quot;:&quot;&quot;,&quot;caption&quot;:&quot;&quot;,&quot;created_timestamp&quot;:&quot;0&quot;,&quot;copyright&quot;:&quot;&quot;,&quot;focal_length&quot;:&quot;0&quot;,&quot;iso&quot;:&quot;0&quot;,&quot;shutter_speed&quot;:&quot;0&quot;,&quot;title&quot;:&quot;&quot;,&quot;orientation&quot;:&quot;0&quot;,&quot;alt&quot;:&quot;&quot;}\" data-image-title=\"image\" data-image-description=\"\" data-image-caption=\"\" data-large-file=\"https:\/\/i0.wp.com\/patrimoine-avesnois.fr\/chemin\/wp-content\/uploads\/2026\/08\/image-187.png?fit=406%2C777&amp;ssl=1\" src=\"https:\/\/i0.wp.com\/patrimoine-avesnois.fr\/chemin\/wp-content\/uploads\/2026\/08\/image-187.png?resize=406%2C777&#038;ssl=1\" alt=\"\" class=\"wp-image-28917\" style=\"width:348px;height:auto\" srcset=\"https:\/\/i0.wp.com\/patrimoine-avesnois.fr\/chemin\/wp-content\/uploads\/2026\/08\/image-187.png?w=406&amp;ssl=1 406w, https:\/\/i0.wp.com\/patrimoine-avesnois.fr\/chemin\/wp-content\/uploads\/2026\/08\/image-187.png?resize=157%2C300&amp;ssl=1 157w\" sizes=\"auto, (max-width: 406px) 85vw, 406px\" \/><figcaption class=\"wp-element-caption\"><strong>Sainte-Waudru<\/strong><\/figcaption><\/figure>\n<\/div>\n\n\n<p class=\"wp-block-paragraph\"><\/p>\n\n\n\n<ul class=\"wp-block-list\">\n<li><strong>A&nbsp;ses&nbsp;c\u00f4t\u00e9s, on trouve son \u00e9pouse, Sainte-Waudru<\/strong>. Elle serait \u00e0 l\u2019origine de la fondation de l\u2019abbaye de Mons. Comme son mari, elle est repr\u00e9sent\u00e9e en religieuse mais aussi en protectrice des enfants. D\u2019ailleurs, si l\u2019on observe davantage la statue, on remarque que des t\u00eates d\u2019enfants sortent de sa robe.<\/li>\n<\/ul>\n\n\n\n<p class=\"wp-block-paragraph\"><\/p>\n\n\n<div class=\"wp-block-image\">\n<figure class=\"aligncenter size-full\"><img data-recalc-dims=\"1\" loading=\"lazy\" decoding=\"async\" width=\"319\" height=\"581\" data-attachment-id=\"28916\" data-permalink=\"https:\/\/patrimoine-avesnois.fr\/chemin\/hautmont\/image-3339\/\" data-orig-file=\"https:\/\/i0.wp.com\/patrimoine-avesnois.fr\/chemin\/wp-content\/uploads\/2026\/08\/image-186.png?fit=319%2C581&amp;ssl=1\" data-orig-size=\"319,581\" data-comments-opened=\"1\" data-image-meta=\"{&quot;aperture&quot;:&quot;0&quot;,&quot;credit&quot;:&quot;&quot;,&quot;camera&quot;:&quot;&quot;,&quot;caption&quot;:&quot;&quot;,&quot;created_timestamp&quot;:&quot;0&quot;,&quot;copyright&quot;:&quot;&quot;,&quot;focal_length&quot;:&quot;0&quot;,&quot;iso&quot;:&quot;0&quot;,&quot;shutter_speed&quot;:&quot;0&quot;,&quot;title&quot;:&quot;&quot;,&quot;orientation&quot;:&quot;0&quot;,&quot;alt&quot;:&quot;&quot;}\" data-image-title=\"image\" data-image-description=\"\" data-image-caption=\"\" data-large-file=\"https:\/\/i0.wp.com\/patrimoine-avesnois.fr\/chemin\/wp-content\/uploads\/2026\/08\/image-186.png?fit=319%2C581&amp;ssl=1\" src=\"https:\/\/i0.wp.com\/patrimoine-avesnois.fr\/chemin\/wp-content\/uploads\/2026\/08\/image-186.png?resize=319%2C581&#038;ssl=1\" alt=\"\" class=\"wp-image-28916\" srcset=\"https:\/\/i0.wp.com\/patrimoine-avesnois.fr\/chemin\/wp-content\/uploads\/2026\/08\/image-186.png?w=319&amp;ssl=1 319w, https:\/\/i0.wp.com\/patrimoine-avesnois.fr\/chemin\/wp-content\/uploads\/2026\/08\/image-186.png?resize=165%2C300&amp;ssl=1 165w\" sizes=\"auto, (max-width: 319px) 85vw, 319px\" \/><figcaption class=\"wp-element-caption\"><strong>Sainte Aldegonde<\/strong><\/figcaption><\/figure>\n<\/div>\n\n\n<p class=\"wp-block-paragraph\"><\/p>\n\n\n\n<ul class=\"wp-block-list\">\n<li><strong>La sculpture suivante repr\u00e9sente Sainte-Alegonde, s\u0153ur de Waudru<\/strong>. Connue pour \u00eatre la fondatrice du monast\u00e8re de Maubeuge, cette sainte porte dans ses mains un oiseau \u00e0 t\u00eate humaine. La l\u00e9gende raconte que celle-ci devint maire apr\u00e8s avoir \u00e9t\u00e9 visit\u00e9e par le Saint-Esprit, ici symboliquement repr\u00e9sent\u00e9 par l\u2019oiseau.<\/li>\n<\/ul>\n\n\n<div class=\"wp-block-image\">\n<figure class=\"aligncenter size-full is-resized\"><img data-recalc-dims=\"1\" loading=\"lazy\" decoding=\"async\" width=\"195\" height=\"411\" data-attachment-id=\"28912\" data-permalink=\"https:\/\/patrimoine-avesnois.fr\/chemin\/hautmont\/image-3337\/\" data-orig-file=\"https:\/\/i0.wp.com\/patrimoine-avesnois.fr\/chemin\/wp-content\/uploads\/2026\/08\/image-184.png?fit=195%2C411&amp;ssl=1\" data-orig-size=\"195,411\" data-comments-opened=\"1\" data-image-meta=\"{&quot;aperture&quot;:&quot;0&quot;,&quot;credit&quot;:&quot;&quot;,&quot;camera&quot;:&quot;&quot;,&quot;caption&quot;:&quot;&quot;,&quot;created_timestamp&quot;:&quot;0&quot;,&quot;copyright&quot;:&quot;&quot;,&quot;focal_length&quot;:&quot;0&quot;,&quot;iso&quot;:&quot;0&quot;,&quot;shutter_speed&quot;:&quot;0&quot;,&quot;title&quot;:&quot;&quot;,&quot;orientation&quot;:&quot;0&quot;,&quot;alt&quot;:&quot;&quot;}\" data-image-title=\"image\" data-image-description=\"\" data-image-caption=\"\" data-large-file=\"https:\/\/i0.wp.com\/patrimoine-avesnois.fr\/chemin\/wp-content\/uploads\/2026\/08\/image-184.png?fit=195%2C411&amp;ssl=1\" src=\"https:\/\/i0.wp.com\/patrimoine-avesnois.fr\/chemin\/wp-content\/uploads\/2026\/08\/image-184.png?resize=195%2C411&#038;ssl=1\" alt=\"\" class=\"wp-image-28912\" style=\"aspect-ratio:0.47445998197517225;width:351px;height:auto\" srcset=\"https:\/\/i0.wp.com\/patrimoine-avesnois.fr\/chemin\/wp-content\/uploads\/2026\/08\/image-184.png?w=195&amp;ssl=1 195w, https:\/\/i0.wp.com\/patrimoine-avesnois.fr\/chemin\/wp-content\/uploads\/2026\/08\/image-184.png?resize=142%2C300&amp;ssl=1 142w\" sizes=\"auto, (max-width: 195px) 85vw, 195px\" \/><figcaption class=\"wp-element-caption\">Saint  Amand<\/figcaption><\/figure>\n<\/div>\n\n\n<p class=\"wp-block-paragraph\"><\/p>\n\n\n\n<ul class=\"wp-block-list\">\n<li><strong>Enfin, Saint-Amand.<\/strong>&nbsp;Connu pour avoir pr\u00eat\u00e9 son nom \u00e0 une commune, il l\u2019est \u00e9galement comme \u00e9tant l\u2019instigateur de toutes les constructions pr\u00e9c\u00e9demment cit\u00e9es. En effet, c\u2019est lui qui aurait encourag\u00e9 Saint-Vincent, Sainte-Waudru et Sainte-Aldegonde dans leurs d\u00e9marches d\u2019\u00e9dification.<\/li>\n<\/ul>\n\n\n\n<p class=\"wp-block-paragraph\"><\/p>\n\n\n\n<p class=\"has-text-align-center has-large-font-size wp-block-paragraph\">***<\/p>\n\n\n\n<h3 class=\"wp-block-heading\">\ud83d\udfe9 \u00ab\u202fMichel\u2011Ange au travail\u202f\u00bb (Landowski)<\/h3>\n\n\n<div class=\"wp-block-image\">\n<figure class=\"aligncenter size-full is-resized\"><img data-recalc-dims=\"1\" loading=\"lazy\" decoding=\"async\" width=\"232\" height=\"346\" data-attachment-id=\"28903\" data-permalink=\"https:\/\/patrimoine-avesnois.fr\/chemin\/hautmont\/image-3328\/\" data-orig-file=\"https:\/\/i0.wp.com\/patrimoine-avesnois.fr\/chemin\/wp-content\/uploads\/2026\/08\/image-175.png?fit=232%2C346&amp;ssl=1\" data-orig-size=\"232,346\" data-comments-opened=\"1\" data-image-meta=\"{&quot;aperture&quot;:&quot;0&quot;,&quot;credit&quot;:&quot;&quot;,&quot;camera&quot;:&quot;&quot;,&quot;caption&quot;:&quot;&quot;,&quot;created_timestamp&quot;:&quot;0&quot;,&quot;copyright&quot;:&quot;&quot;,&quot;focal_length&quot;:&quot;0&quot;,&quot;iso&quot;:&quot;0&quot;,&quot;shutter_speed&quot;:&quot;0&quot;,&quot;title&quot;:&quot;&quot;,&quot;orientation&quot;:&quot;0&quot;,&quot;alt&quot;:&quot;&quot;}\" data-image-title=\"image\" data-image-description=\"\" data-image-caption=\"\" data-large-file=\"https:\/\/i0.wp.com\/patrimoine-avesnois.fr\/chemin\/wp-content\/uploads\/2026\/08\/image-175.png?fit=232%2C346&amp;ssl=1\" src=\"https:\/\/i0.wp.com\/patrimoine-avesnois.fr\/chemin\/wp-content\/uploads\/2026\/08\/image-175.png?resize=232%2C346&#038;ssl=1\" alt=\"\" class=\"wp-image-28903\" style=\"width:422px;height:auto\" srcset=\"https:\/\/i0.wp.com\/patrimoine-avesnois.fr\/chemin\/wp-content\/uploads\/2026\/08\/image-175.png?w=232&amp;ssl=1 232w, https:\/\/i0.wp.com\/patrimoine-avesnois.fr\/chemin\/wp-content\/uploads\/2026\/08\/image-175.png?resize=201%2C300&amp;ssl=1 201w\" sizes=\"auto, (max-width: 232px) 85vw, 232px\" \/><figcaption class=\"wp-element-caption\"><strong>\u00ab Michel-Ange au travail \u00bb<\/strong> <\/figcaption><\/figure>\n<\/div>\n\n\n<p class=\"wp-block-paragraph\"><\/p>\n\n\n\n<p class=\"wp-block-paragraph\">Cette imposante statue de bronze  (235 x le 105 x 85<strong>)<\/strong> est l&rsquo;oeuvre du  <br>sculpteur Paul-Maximilien Landowski (1875-1961). Elle a \u00e9t\u00e9 r\u00e9alis\u00e9e en 1947. Elle  illustre l\u2019int\u00e9r\u00eat du sculpteur \u00ab\u00a0pour les grandes figures, qu\u2019elles soient mythiques, historiques ou humanistes\u00a0\u00bb.&nbsp; <br>L\u2019Etat l\u2019a achet\u00e9e \u00e0 l\u2019artiste en 1957. Elle a \u00e9t\u00e9 mise en d\u00e9p\u00f4t \u00e0 Hautmont le 31 d\u00e9cembre 1963.  La statue initialement devant la mairie fut d\u00e9plac\u00e9e dans les jardins de la Colombe, derri\u00e8re La Poste.<\/p>\n\n\n\n<p class=\"has-text-align-center has-large-font-size wp-block-paragraph\">***<\/p>\n\n\n\n<h3 class=\"wp-block-heading\">\ud83d\udfe9 Monument aux Morts et hommage aux soldats belges<\/h3>\n\n\n\n<p class=\"wp-block-paragraph\"><\/p>\n\n\n<div class=\"wp-block-image\">\n<figure class=\"aligncenter size-large\"><img data-recalc-dims=\"1\" loading=\"lazy\" decoding=\"async\" width=\"840\" height=\"610\" data-attachment-id=\"28922\" data-permalink=\"https:\/\/patrimoine-avesnois.fr\/chemin\/hautmont\/image-3344\/\" data-orig-file=\"https:\/\/i0.wp.com\/patrimoine-avesnois.fr\/chemin\/wp-content\/uploads\/2026\/08\/image-191.png?fit=1148%2C834&amp;ssl=1\" data-orig-size=\"1148,834\" data-comments-opened=\"1\" data-image-meta=\"{&quot;aperture&quot;:&quot;0&quot;,&quot;credit&quot;:&quot;&quot;,&quot;camera&quot;:&quot;&quot;,&quot;caption&quot;:&quot;&quot;,&quot;created_timestamp&quot;:&quot;0&quot;,&quot;copyright&quot;:&quot;&quot;,&quot;focal_length&quot;:&quot;0&quot;,&quot;iso&quot;:&quot;0&quot;,&quot;shutter_speed&quot;:&quot;0&quot;,&quot;title&quot;:&quot;&quot;,&quot;orientation&quot;:&quot;0&quot;,&quot;alt&quot;:&quot;&quot;}\" data-image-title=\"image\" data-image-description=\"\" data-image-caption=\"\" data-large-file=\"https:\/\/i0.wp.com\/patrimoine-avesnois.fr\/chemin\/wp-content\/uploads\/2026\/08\/image-191.png?fit=840%2C610&amp;ssl=1\" src=\"https:\/\/i0.wp.com\/patrimoine-avesnois.fr\/chemin\/wp-content\/uploads\/2026\/08\/image-191-1024x744.png?resize=840%2C610&#038;ssl=1\" alt=\"\" class=\"wp-image-28922\" srcset=\"https:\/\/i0.wp.com\/patrimoine-avesnois.fr\/chemin\/wp-content\/uploads\/2026\/08\/image-191.png?resize=1024%2C744&amp;ssl=1 1024w, https:\/\/i0.wp.com\/patrimoine-avesnois.fr\/chemin\/wp-content\/uploads\/2026\/08\/image-191.png?resize=300%2C218&amp;ssl=1 300w, https:\/\/i0.wp.com\/patrimoine-avesnois.fr\/chemin\/wp-content\/uploads\/2026\/08\/image-191.png?resize=768%2C558&amp;ssl=1 768w, https:\/\/i0.wp.com\/patrimoine-avesnois.fr\/chemin\/wp-content\/uploads\/2026\/08\/image-191.png?w=1148&amp;ssl=1 1148w\" sizes=\"auto, (max-width: 709px) 85vw, (max-width: 909px) 67vw, (max-width: 1362px) 62vw, 840px\" \/><figcaption class=\"wp-element-caption\">Monument aux Morts d&rsquo;Hautmont et Hommage  de la ville d&rsquo;Hautmont aux soldats belges et aux victimes civiles de 14\/18. <\/figcaption><\/figure>\n<\/div>\n\n\n<p class=\"wp-block-paragraph\"><\/p>\n\n\n\n<p class=\"wp-block-paragraph\">Monument compos\u00e9 d\u2019une colonne avec les noms de soldats fran\u00e7ais, d\u2019un bas-relief avec les noms de soldats belges et victimes civiles ainsi qu\u2019une statue de poilu. A c\u00f4t\u00e9 se trouve une st\u00e8le en hommage \u00e0 Jean de Lattre de Tassigny, Mar\u00e9chal de France avec l\u2019inscription : NE PAS SUBIR. <\/p>\n\n\n\n<p class=\"wp-block-paragraph\"><\/p>\n\n\n<div class=\"wp-block-image\">\n<figure class=\"aligncenter size-large\"><img data-recalc-dims=\"1\" loading=\"lazy\" decoding=\"async\" width=\"840\" height=\"544\" data-attachment-id=\"28924\" data-permalink=\"https:\/\/patrimoine-avesnois.fr\/chemin\/hautmont\/image-3346\/\" data-orig-file=\"https:\/\/i0.wp.com\/patrimoine-avesnois.fr\/chemin\/wp-content\/uploads\/2026\/08\/image-193.png?fit=1155%2C748&amp;ssl=1\" data-orig-size=\"1155,748\" data-comments-opened=\"1\" data-image-meta=\"{&quot;aperture&quot;:&quot;0&quot;,&quot;credit&quot;:&quot;&quot;,&quot;camera&quot;:&quot;&quot;,&quot;caption&quot;:&quot;&quot;,&quot;created_timestamp&quot;:&quot;0&quot;,&quot;copyright&quot;:&quot;&quot;,&quot;focal_length&quot;:&quot;0&quot;,&quot;iso&quot;:&quot;0&quot;,&quot;shutter_speed&quot;:&quot;0&quot;,&quot;title&quot;:&quot;&quot;,&quot;orientation&quot;:&quot;0&quot;,&quot;alt&quot;:&quot;&quot;}\" data-image-title=\"image\" data-image-description=\"\" data-image-caption=\"\" data-large-file=\"https:\/\/i0.wp.com\/patrimoine-avesnois.fr\/chemin\/wp-content\/uploads\/2026\/08\/image-193.png?fit=840%2C544&amp;ssl=1\" src=\"https:\/\/i0.wp.com\/patrimoine-avesnois.fr\/chemin\/wp-content\/uploads\/2026\/08\/image-193-1024x663.png?resize=840%2C544&#038;ssl=1\" alt=\"\" class=\"wp-image-28924\" srcset=\"https:\/\/i0.wp.com\/patrimoine-avesnois.fr\/chemin\/wp-content\/uploads\/2026\/08\/image-193.png?resize=1024%2C663&amp;ssl=1 1024w, https:\/\/i0.wp.com\/patrimoine-avesnois.fr\/chemin\/wp-content\/uploads\/2026\/08\/image-193.png?resize=300%2C194&amp;ssl=1 300w, https:\/\/i0.wp.com\/patrimoine-avesnois.fr\/chemin\/wp-content\/uploads\/2026\/08\/image-193.png?resize=768%2C497&amp;ssl=1 768w, https:\/\/i0.wp.com\/patrimoine-avesnois.fr\/chemin\/wp-content\/uploads\/2026\/08\/image-193.png?w=1155&amp;ssl=1 1155w\" sizes=\"auto, (max-width: 709px) 85vw, (max-width: 909px) 67vw, (max-width: 1362px) 62vw, 840px\" \/><figcaption class=\"wp-element-caption\">Bas-relief avec les noms de soldats belges et victimes civiles <\/figcaption><\/figure>\n<\/div>\n\n\n<p class=\"wp-block-paragraph\"><\/p>\n\n\n\n<h3 class=\"wp-block-heading\">\ud83d\udfe9 Centre culturel Maurice\u2011Schumann<\/h3>\n\n\n\n<p class=\"wp-block-paragraph\"><\/p>\n\n\n<div class=\"wp-block-image is-resized\">\n<figure class=\"aligncenter size-large\"><img data-recalc-dims=\"1\" loading=\"lazy\" decoding=\"async\" width=\"840\" height=\"630\" data-attachment-id=\"17052\" data-permalink=\"https:\/\/patrimoine-avesnois.fr\/chemin\/hautmont\/mairie-13\/\" data-orig-file=\"https:\/\/i0.wp.com\/patrimoine-avesnois.fr\/chemin\/wp-content\/uploads\/2022\/01\/Mairie.jpg?fit=964%2C723&amp;ssl=1\" data-orig-size=\"964,723\" data-comments-opened=\"1\" data-image-meta=\"{&quot;aperture&quot;:&quot;0&quot;,&quot;credit&quot;:&quot;CARRE&quot;,&quot;camera&quot;:&quot;&quot;,&quot;caption&quot;:&quot;&quot;,&quot;created_timestamp&quot;:&quot;1641131889&quot;,&quot;copyright&quot;:&quot;&quot;,&quot;focal_length&quot;:&quot;0&quot;,&quot;iso&quot;:&quot;0&quot;,&quot;shutter_speed&quot;:&quot;0&quot;,&quot;title&quot;:&quot;&quot;,&quot;orientation&quot;:&quot;0&quot;}\" data-image-title=\"Mairie\" data-image-description=\"\" data-image-caption=\"\" data-large-file=\"https:\/\/i0.wp.com\/patrimoine-avesnois.fr\/chemin\/wp-content\/uploads\/2022\/01\/Mairie.jpg?fit=840%2C630&amp;ssl=1\" src=\"https:\/\/i0.wp.com\/patrimoine-avesnois.fr\/chemin\/wp-content\/uploads\/2022\/01\/Mairie.jpg?resize=840%2C630\" alt=\"Hautmont\" class=\"wp-image-17052\" srcset=\"https:\/\/i0.wp.com\/patrimoine-avesnois.fr\/chemin\/wp-content\/uploads\/2022\/01\/Mairie.jpg?w=964&amp;ssl=1 964w, https:\/\/i0.wp.com\/patrimoine-avesnois.fr\/chemin\/wp-content\/uploads\/2022\/01\/Mairie.jpg?resize=300%2C225&amp;ssl=1 300w, https:\/\/i0.wp.com\/patrimoine-avesnois.fr\/chemin\/wp-content\/uploads\/2022\/01\/Mairie.jpg?resize=768%2C576&amp;ssl=1 768w\" sizes=\"auto, (max-width: 709px) 85vw, (max-width: 909px) 67vw, (max-width: 1362px) 62vw, 840px\" \/><figcaption class=\"wp-element-caption\">La Mairie <\/figcaption><\/figure>\n<\/div>\n\n\n<p class=\"wp-block-paragraph\"><\/p>\n\n\n<div class=\"wp-block-image is-resized\">\n<figure class=\"aligncenter size-large\"><img data-recalc-dims=\"1\" loading=\"lazy\" decoding=\"async\" width=\"840\" height=\"630\" data-attachment-id=\"17050\" data-permalink=\"https:\/\/patrimoine-avesnois.fr\/chemin\/hautmont\/centre-culturel\/\" data-orig-file=\"https:\/\/i0.wp.com\/patrimoine-avesnois.fr\/chemin\/wp-content\/uploads\/2022\/01\/Centre-culturel.jpg?fit=891%2C668&amp;ssl=1\" data-orig-size=\"891,668\" data-comments-opened=\"1\" data-image-meta=\"{&quot;aperture&quot;:&quot;0&quot;,&quot;credit&quot;:&quot;CARRE&quot;,&quot;camera&quot;:&quot;&quot;,&quot;caption&quot;:&quot;&quot;,&quot;created_timestamp&quot;:&quot;1641131619&quot;,&quot;copyright&quot;:&quot;&quot;,&quot;focal_length&quot;:&quot;0&quot;,&quot;iso&quot;:&quot;0&quot;,&quot;shutter_speed&quot;:&quot;0&quot;,&quot;title&quot;:&quot;&quot;,&quot;orientation&quot;:&quot;0&quot;}\" data-image-title=\"Centre-culturel\" data-image-description=\"\" data-image-caption=\"\" data-large-file=\"https:\/\/i0.wp.com\/patrimoine-avesnois.fr\/chemin\/wp-content\/uploads\/2022\/01\/Centre-culturel.jpg?fit=840%2C630&amp;ssl=1\" src=\"https:\/\/i0.wp.com\/patrimoine-avesnois.fr\/chemin\/wp-content\/uploads\/2022\/01\/Centre-culturel.jpg?resize=840%2C630\" alt=\"\" class=\"wp-image-17050\" srcset=\"https:\/\/i0.wp.com\/patrimoine-avesnois.fr\/chemin\/wp-content\/uploads\/2022\/01\/Centre-culturel.jpg?w=891&amp;ssl=1 891w, https:\/\/i0.wp.com\/patrimoine-avesnois.fr\/chemin\/wp-content\/uploads\/2022\/01\/Centre-culturel.jpg?resize=300%2C225&amp;ssl=1 300w, https:\/\/i0.wp.com\/patrimoine-avesnois.fr\/chemin\/wp-content\/uploads\/2022\/01\/Centre-culturel.jpg?resize=768%2C576&amp;ssl=1 768w\" sizes=\"auto, (max-width: 709px) 85vw, (max-width: 909px) 67vw, (max-width: 1362px) 62vw, 840px\" \/><figcaption class=\"wp-element-caption\"><em>Centre Culturel Maurice Schumann :<\/em><br><em>La premi\u00e8re coul\u00e9e de b\u00e9ton eut lieu en mai 1952 et le 15 octobre 1961, le centre culturel fut inaugur\u00e9.<\/em><\/figcaption><\/figure>\n<\/div>\n\n\n<p class=\"wp-block-paragraph\"><\/p>\n\n\n\n<p class=\"wp-block-paragraph\">Avec sa salle de spectacles de 860 places assises et sa salle de bal, le centre culturel Maurice-Schumann, situ\u00e9 en plein c\u0153ur de ville, accueille tout au long de l&rsquo;ann\u00e9e diff\u00e9rentes manifestations. Le cin\u00e9ma Le Paradiso est \u00e9galement install\u00e9 dans ses murs. Enfin, avec ses deux salles de r\u00e9unions, les salles Halver et Kalisz, il peut recevoir des plus petits groupes. Inaugur\u00e9 en 1961, le centre culturel Maurice\u2011Schumann est l\u2019un des \u00e9quipements embl\u00e9matiques de la ville.<\/p>\n\n\n\n<p class=\"wp-block-paragraph\"><\/p>\n\n\n\n<h3 class=\"wp-block-heading\">\ud83d\udfe9 Biblioth\u00e8que municipale<\/h3>\n\n\n\n<p class=\"wp-block-paragraph\"><\/p>\n\n\n<div class=\"wp-block-image\">\n<figure class=\"aligncenter size-full\"><img data-recalc-dims=\"1\" loading=\"lazy\" decoding=\"async\" width=\"645\" height=\"416\" data-attachment-id=\"28928\" data-permalink=\"https:\/\/patrimoine-avesnois.fr\/chemin\/hautmont\/image-3348\/\" data-orig-file=\"https:\/\/i0.wp.com\/patrimoine-avesnois.fr\/chemin\/wp-content\/uploads\/2026\/08\/image-195.png?fit=645%2C416&amp;ssl=1\" data-orig-size=\"645,416\" data-comments-opened=\"1\" data-image-meta=\"{&quot;aperture&quot;:&quot;0&quot;,&quot;credit&quot;:&quot;&quot;,&quot;camera&quot;:&quot;&quot;,&quot;caption&quot;:&quot;&quot;,&quot;created_timestamp&quot;:&quot;0&quot;,&quot;copyright&quot;:&quot;&quot;,&quot;focal_length&quot;:&quot;0&quot;,&quot;iso&quot;:&quot;0&quot;,&quot;shutter_speed&quot;:&quot;0&quot;,&quot;title&quot;:&quot;&quot;,&quot;orientation&quot;:&quot;0&quot;,&quot;alt&quot;:&quot;&quot;}\" data-image-title=\"image\" data-image-description=\"\" data-image-caption=\"\" data-large-file=\"https:\/\/i0.wp.com\/patrimoine-avesnois.fr\/chemin\/wp-content\/uploads\/2026\/08\/image-195.png?fit=645%2C416&amp;ssl=1\" src=\"https:\/\/i0.wp.com\/patrimoine-avesnois.fr\/chemin\/wp-content\/uploads\/2026\/08\/image-195.png?resize=645%2C416&#038;ssl=1\" alt=\"\" class=\"wp-image-28928\" srcset=\"https:\/\/i0.wp.com\/patrimoine-avesnois.fr\/chemin\/wp-content\/uploads\/2026\/08\/image-195.png?w=645&amp;ssl=1 645w, https:\/\/i0.wp.com\/patrimoine-avesnois.fr\/chemin\/wp-content\/uploads\/2026\/08\/image-195.png?resize=300%2C193&amp;ssl=1 300w\" sizes=\"auto, (max-width: 645px) 85vw, 645px\" \/><figcaption class=\"wp-element-caption\">La Biblioth\u00e8que municipale<\/figcaption><\/figure>\n<\/div>\n\n\n<p class=\"wp-block-paragraph\"><\/p>\n\n\n\n<h3 class=\"wp-block-heading\">\ud83d\udfe9 Jet d\u2019eau de la place Charles\u2011de\u2011Gaulle<\/h3>\n\n\n\n<p class=\"wp-block-paragraph\"><\/p>\n\n\n<div class=\"wp-block-image\">\n<figure class=\"aligncenter size-large\"><img data-recalc-dims=\"1\" loading=\"lazy\" decoding=\"async\" width=\"840\" height=\"480\" data-attachment-id=\"28930\" data-permalink=\"https:\/\/patrimoine-avesnois.fr\/chemin\/hautmont\/image-3350\/\" data-orig-file=\"https:\/\/i0.wp.com\/patrimoine-avesnois.fr\/chemin\/wp-content\/uploads\/2026\/08\/image-197.png?fit=1245%2C711&amp;ssl=1\" data-orig-size=\"1245,711\" data-comments-opened=\"1\" data-image-meta=\"{&quot;aperture&quot;:&quot;0&quot;,&quot;credit&quot;:&quot;&quot;,&quot;camera&quot;:&quot;&quot;,&quot;caption&quot;:&quot;&quot;,&quot;created_timestamp&quot;:&quot;0&quot;,&quot;copyright&quot;:&quot;&quot;,&quot;focal_length&quot;:&quot;0&quot;,&quot;iso&quot;:&quot;0&quot;,&quot;shutter_speed&quot;:&quot;0&quot;,&quot;title&quot;:&quot;&quot;,&quot;orientation&quot;:&quot;0&quot;,&quot;alt&quot;:&quot;&quot;}\" data-image-title=\"image\" data-image-description=\"\" data-image-caption=\"\" data-large-file=\"https:\/\/i0.wp.com\/patrimoine-avesnois.fr\/chemin\/wp-content\/uploads\/2026\/08\/image-197.png?fit=840%2C480&amp;ssl=1\" src=\"https:\/\/i0.wp.com\/patrimoine-avesnois.fr\/chemin\/wp-content\/uploads\/2026\/08\/image-197-1024x585.png?resize=840%2C480&#038;ssl=1\" alt=\"\" class=\"wp-image-28930\" srcset=\"https:\/\/i0.wp.com\/patrimoine-avesnois.fr\/chemin\/wp-content\/uploads\/2026\/08\/image-197.png?resize=1024%2C585&amp;ssl=1 1024w, https:\/\/i0.wp.com\/patrimoine-avesnois.fr\/chemin\/wp-content\/uploads\/2026\/08\/image-197.png?resize=300%2C171&amp;ssl=1 300w, https:\/\/i0.wp.com\/patrimoine-avesnois.fr\/chemin\/wp-content\/uploads\/2026\/08\/image-197.png?resize=768%2C439&amp;ssl=1 768w, https:\/\/i0.wp.com\/patrimoine-avesnois.fr\/chemin\/wp-content\/uploads\/2026\/08\/image-197.png?resize=1200%2C685&amp;ssl=1 1200w, https:\/\/i0.wp.com\/patrimoine-avesnois.fr\/chemin\/wp-content\/uploads\/2026\/08\/image-197.png?w=1245&amp;ssl=1 1245w\" sizes=\"auto, (max-width: 709px) 85vw, (max-width: 909px) 67vw, (max-width: 1362px) 62vw, 840px\" \/><figcaption class=\"wp-element-caption\">Le jet d&rsquo;eau de La Place Charles de Gaulle Photo 2019<\/figcaption><\/figure>\n<\/div>\n\n\n<p class=\"wp-block-paragraph\"><\/p>\n\n\n\n<h3 class=\"wp-block-heading\">\ud83d\udfe9 Fresque en c\u00e9ramique \u2013 <em>L\u2019\u00cele des Quatre Ma\u00eetres<\/em><\/h3>\n\n\n\n<p class=\"wp-block-paragraph\"><\/p>\n\n\n\n<p class=\"wp-block-paragraph\"><\/p>\n\n\n<div class=\"wp-block-image\">\n<figure class=\"aligncenter size-large\"><img data-recalc-dims=\"1\" loading=\"lazy\" decoding=\"async\" width=\"840\" height=\"537\" data-attachment-id=\"28937\" data-permalink=\"https:\/\/patrimoine-avesnois.fr\/chemin\/hautmont\/image-3356\/\" data-orig-file=\"https:\/\/i0.wp.com\/patrimoine-avesnois.fr\/chemin\/wp-content\/uploads\/2026\/08\/image-203.png?fit=1277%2C817&amp;ssl=1\" data-orig-size=\"1277,817\" data-comments-opened=\"1\" data-image-meta=\"{&quot;aperture&quot;:&quot;0&quot;,&quot;credit&quot;:&quot;&quot;,&quot;camera&quot;:&quot;&quot;,&quot;caption&quot;:&quot;&quot;,&quot;created_timestamp&quot;:&quot;0&quot;,&quot;copyright&quot;:&quot;&quot;,&quot;focal_length&quot;:&quot;0&quot;,&quot;iso&quot;:&quot;0&quot;,&quot;shutter_speed&quot;:&quot;0&quot;,&quot;title&quot;:&quot;&quot;,&quot;orientation&quot;:&quot;0&quot;,&quot;alt&quot;:&quot;&quot;}\" data-image-title=\"image\" data-image-description=\"\" data-image-caption=\"\" data-large-file=\"https:\/\/i0.wp.com\/patrimoine-avesnois.fr\/chemin\/wp-content\/uploads\/2026\/08\/image-203.png?fit=840%2C537&amp;ssl=1\" src=\"https:\/\/i0.wp.com\/patrimoine-avesnois.fr\/chemin\/wp-content\/uploads\/2026\/08\/image-203-1024x655.png?resize=840%2C537&#038;ssl=1\" alt=\"\" class=\"wp-image-28937\" srcset=\"https:\/\/i0.wp.com\/patrimoine-avesnois.fr\/chemin\/wp-content\/uploads\/2026\/08\/image-203.png?resize=1024%2C655&amp;ssl=1 1024w, https:\/\/i0.wp.com\/patrimoine-avesnois.fr\/chemin\/wp-content\/uploads\/2026\/08\/image-203.png?resize=300%2C192&amp;ssl=1 300w, https:\/\/i0.wp.com\/patrimoine-avesnois.fr\/chemin\/wp-content\/uploads\/2026\/08\/image-203.png?resize=768%2C491&amp;ssl=1 768w, https:\/\/i0.wp.com\/patrimoine-avesnois.fr\/chemin\/wp-content\/uploads\/2026\/08\/image-203.png?resize=1200%2C768&amp;ssl=1 1200w, https:\/\/i0.wp.com\/patrimoine-avesnois.fr\/chemin\/wp-content\/uploads\/2026\/08\/image-203.png?w=1277&amp;ssl=1 1277w\" sizes=\"auto, (max-width: 709px) 85vw, (max-width: 909px) 67vw, (max-width: 1362px) 62vw, 840px\" \/><figcaption class=\"wp-element-caption\"> Fresque en c\u00e9ramique Place des Bateliers  Photo Google Street View 2022<\/figcaption><\/figure>\n<\/div>\n\n\n<p class=\"wp-block-paragraph\"><\/p>\n\n\n\n<p class=\"wp-block-paragraph\">La fresque en c\u00e9ramique de la place des Bateliers, intitul\u00e9e <em>L\u2019\u00cele des Quatre Ma\u00eetres<\/em>, est con\u00e7ue par Brigitte Gagnepain et r\u00e9alis\u00e9e en 1996\u20111997. Mesurant 11 m \u00d7 2,80 m, elle associe \u00e9maux, dalle de verre et inox, et constitue l\u2019une des \u0153uvres publiques majeures de la ville.<\/p>\n\n\n\n<h3 class=\"wp-block-heading\">\ud83d\udfe9 Arboretum urbain (2013)<\/h3>\n\n\n\n<p class=\"wp-block-paragraph\"><\/p>\n\n\n<div class=\"wp-block-image\">\n<figure class=\"aligncenter size-full\"><img data-recalc-dims=\"1\" loading=\"lazy\" decoding=\"async\" width=\"840\" height=\"578\" data-attachment-id=\"28953\" data-permalink=\"https:\/\/patrimoine-avesnois.fr\/chemin\/hautmont\/image-3363\/\" data-orig-file=\"https:\/\/i0.wp.com\/patrimoine-avesnois.fr\/chemin\/wp-content\/uploads\/2026\/08\/image-210.png?fit=953%2C656&amp;ssl=1\" data-orig-size=\"953,656\" data-comments-opened=\"1\" data-image-meta=\"{&quot;aperture&quot;:&quot;0&quot;,&quot;credit&quot;:&quot;&quot;,&quot;camera&quot;:&quot;&quot;,&quot;caption&quot;:&quot;&quot;,&quot;created_timestamp&quot;:&quot;0&quot;,&quot;copyright&quot;:&quot;&quot;,&quot;focal_length&quot;:&quot;0&quot;,&quot;iso&quot;:&quot;0&quot;,&quot;shutter_speed&quot;:&quot;0&quot;,&quot;title&quot;:&quot;&quot;,&quot;orientation&quot;:&quot;0&quot;,&quot;alt&quot;:&quot;&quot;}\" data-image-title=\"image\" data-image-description=\"\" data-image-caption=\"\" data-large-file=\"https:\/\/i0.wp.com\/patrimoine-avesnois.fr\/chemin\/wp-content\/uploads\/2026\/08\/image-210.png?fit=840%2C578&amp;ssl=1\" src=\"https:\/\/i0.wp.com\/patrimoine-avesnois.fr\/chemin\/wp-content\/uploads\/2026\/08\/image-210.png?resize=840%2C578&#038;ssl=1\" alt=\"\" class=\"wp-image-28953\" srcset=\"https:\/\/i0.wp.com\/patrimoine-avesnois.fr\/chemin\/wp-content\/uploads\/2026\/08\/image-210.png?w=953&amp;ssl=1 953w, https:\/\/i0.wp.com\/patrimoine-avesnois.fr\/chemin\/wp-content\/uploads\/2026\/08\/image-210.png?resize=300%2C207&amp;ssl=1 300w, https:\/\/i0.wp.com\/patrimoine-avesnois.fr\/chemin\/wp-content\/uploads\/2026\/08\/image-210.png?resize=768%2C529&amp;ssl=1 768w\" sizes=\"auto, (max-width: 709px) 85vw, (max-width: 909px) 67vw, (max-width: 1362px) 62vw, 840px\" \/><figcaption class=\"wp-element-caption\">Arboretum urbain<\/figcaption><\/figure>\n<\/div>\n\n\n<p class=\"wp-block-paragraph\"><\/p>\n\n\n\n<p class=\"wp-block-paragraph\">N\u00e9e de la volont\u00e9 municipale de transformer l\u2019image d\u2019une cit\u00e9 longtemps marqu\u00e9e par l\u2019industrie, Hautmont s\u2019est engag\u00e9e d\u00e8s la fin des ann\u00e9es 1980 dans une vaste politique de v\u00e9g\u00e9talisation. En mai 2013, la ville inaugure ainsi son <strong>arboretum urbain<\/strong>, le premier du genre dans la r\u00e9gion. Ce parcours botanique, jalonn\u00e9 de plaques indiquant les noms latins et fran\u00e7ais des essences, permet de d\u00e9couvrir la diversit\u00e9 des arbres plant\u00e9s depuis plus de vingt ans. De la place de la Mairie au haut de la rue Gambetta, il offre une promenade p\u00e9dagogique au c\u0153ur d\u2019une ville devenue \u00ab\u202fla cit\u00e9 aux 3\u202f000 arbres\u202f\u00bb, avec plus de 150 esp\u00e8ces d&rsquo;arbres et vari\u00e9t\u00e9s d&rsquo;essences diverses, symbole d\u2019un renouveau paysager et d\u2019un cadre de vie r\u00e9invent\u00e9.<\/p>\n\n\n\n<h3 class=\"wp-block-heading\">\ud83d\udfe9 Hautmont, ville fleurie<\/h3>\n\n\n\n<p class=\"wp-block-paragraph\"><\/p>\n\n\n<div class=\"wp-block-image\">\n<figure class=\"aligncenter size-full\"><img data-recalc-dims=\"1\" loading=\"lazy\" decoding=\"async\" width=\"573\" height=\"339\" data-attachment-id=\"28951\" data-permalink=\"https:\/\/patrimoine-avesnois.fr\/chemin\/hautmont\/image-3361\/\" data-orig-file=\"https:\/\/i0.wp.com\/patrimoine-avesnois.fr\/chemin\/wp-content\/uploads\/2026\/08\/image-208.png?fit=573%2C339&amp;ssl=1\" data-orig-size=\"573,339\" data-comments-opened=\"1\" data-image-meta=\"{&quot;aperture&quot;:&quot;0&quot;,&quot;credit&quot;:&quot;&quot;,&quot;camera&quot;:&quot;&quot;,&quot;caption&quot;:&quot;&quot;,&quot;created_timestamp&quot;:&quot;0&quot;,&quot;copyright&quot;:&quot;&quot;,&quot;focal_length&quot;:&quot;0&quot;,&quot;iso&quot;:&quot;0&quot;,&quot;shutter_speed&quot;:&quot;0&quot;,&quot;title&quot;:&quot;&quot;,&quot;orientation&quot;:&quot;0&quot;,&quot;alt&quot;:&quot;&quot;}\" data-image-title=\"image\" data-image-description=\"\" data-image-caption=\"\" data-large-file=\"https:\/\/i0.wp.com\/patrimoine-avesnois.fr\/chemin\/wp-content\/uploads\/2026\/08\/image-208.png?fit=573%2C339&amp;ssl=1\" src=\"https:\/\/i0.wp.com\/patrimoine-avesnois.fr\/chemin\/wp-content\/uploads\/2026\/08\/image-208.png?resize=573%2C339&#038;ssl=1\" alt=\"\" class=\"wp-image-28951\" srcset=\"https:\/\/i0.wp.com\/patrimoine-avesnois.fr\/chemin\/wp-content\/uploads\/2026\/08\/image-208.png?w=573&amp;ssl=1 573w, https:\/\/i0.wp.com\/patrimoine-avesnois.fr\/chemin\/wp-content\/uploads\/2026\/08\/image-208.png?resize=300%2C177&amp;ssl=1 300w\" sizes=\"auto, (max-width: 573px) 85vw, 573px\" \/><figcaption class=\"wp-element-caption\">Hautmont ville fleurie<\/figcaption><\/figure>\n<\/div>\n\n\n<p class=\"wp-block-paragraph\"><\/p>\n\n\n\n<p class=\"wp-block-paragraph\">Hautmont cultive depuis plusieurs ann\u00e9es une v\u00e9ritable d\u00e9marche en faveur du cadre de vie, illustr\u00e9e par son concours annuel des maisons fleuries. Ouvert \u00e0 tous les habitants, il valorise les initiatives individuelles qui embellissent balcons, jardins, fa\u00e7ades ou terrasses. Chaque \u00e9t\u00e9, la ville distingue ainsi celles et ceux qui contribuent \u00e0 l\u2019esth\u00e9tique urbaine et au charme floral de la commune. Avec ses diff\u00e9rentes cat\u00e9gories \u2014 des maisons fleuries aux cr\u00e9ations des enfants \u2014 cette action locale renforce l\u2019identit\u00e9 d\u2019une ville attentive \u00e0 son environnement, \u00e0 son attractivit\u00e9 et au bien\u2011\u00eatre de ses habitants.<\/p>\n\n\n\n<p class=\"wp-block-paragraph\"><\/p>\n\n\n\n<p class=\"has-text-align-center has-large-font-size wp-block-paragraph\">***<\/p>\n\n\n\n<h2 class=\"wp-block-heading\">\ud83d\udfeb <strong>Patrimoine industriel<\/strong><\/h2>\n\n\n\n<h3 class=\"wp-block-heading\">\ud83d\udfeb 1. Avant l\u2019industrie : les activit\u00e9s de l\u2019abbaye<\/h3>\n\n\n\n<h3 class=\"wp-block-heading\">\ud83d\udfeb <strong>Les moulins de l\u2019abbaye<\/strong><\/h3>\n\n\n\n<p class=\"wp-block-paragraph\">Avant 1789 la vie \u00e9conomique tourne autour de l&rsquo;abbaye. <\/p>\n\n\n\n<p class=\"wp-block-paragraph\">Le moulin banal se trouvait en aval du pont, pr\u00e8s de la foulerie situ\u00e9e dans l\u2019\u00eelot de la Sambre. Narcisse D\u00e9maret suivi de Louis Gricourt (1750 1816) en furent les meuniers avant 1789.Voir <a aria-label=\"mon site sur les moulins (opens in a new tab)\" href=\"http:\/\/www.moulins-avesnois.fr\/la-sambre-et-ses-moulins\/#hautmont\" target=\"_blank\" rel=\"noreferrer noopener\">mon site sur les moulins<\/a> Les moines g\u00e9raient aussi un moulin \u00e0 vent. <\/p>\n\n\n\n<h3 class=\"wp-block-heading\">\ud83d\udfeb <strong>Les censes de l\u2019abbaye<\/strong><\/h3>\n\n\n\n<p class=\"wp-block-paragraph\">L\u2019Abbaye employait aussi des cultivateurs dont certains g\u00e9raient des domaines importants. On peut citer, entre autres, la Cense Pierre Renaux avec plus de 30 hectares au XVIIIe si\u00e8cle, la Cense de Saint-Pierre-au-Bois de 40 hectares, dont les terres produisaient davantage que la ferme de Wargnories, pourtant deux fois plus grande. L\u2019exploitation la plus imposante \u00e9tait la Ferme de Forest avec 150 hectares g\u00e9r\u00e9e par Narcisse Carion d\u00e8s 1768 et qui \u00e9tait en 1836 le plus gros cultivateur d\u2019Hautmont. Voir <a aria-label=\"mon site sur les censes d (opens in a new tab)\" href=\"http:\/\/patrimoine-avesnois.fr\/censes\/les-censes-de-labbaye-dhautmont\/\" target=\"_blank\" rel=\"noreferrer noopener\">mon site sur les censes de l&rsquo;abbaye<\/a><\/p>\n\n\n\n<p class=\"wp-block-paragraph\">A la fin du XVIII e si\u00e8cle l\u2019abbaye devient une annexe de la manufacture d\u2019armes de Maubeuge. <\/p>\n\n\n\n<h3 class=\"wp-block-heading\">\ud83d\udfeb <strong>Les brasseries<\/strong><\/h3>\n\n\n\n<p class=\"wp-block-paragraph\">Entre 1821 et 1840, le houblon fut cultiv\u00e9 autour du village (superficie : ~ 13 ares) et la plus ancienne brasserie appartenait \u00e0 la famille Collet, brasseurs depuis le XVIIIe si\u00e8cle, fond\u00e9e par Antoine Collet (1762-1827).<\/p>\n\n\n\n<p class=\"wp-block-paragraph\"><\/p>\n\n\n\n<h3 class=\"wp-block-heading\">\ud83d\udfeb 2. <strong>Hautmont, ville aux cent chemin\u00e9es<\/strong><\/h3>\n\n\n<div class=\"wp-block-image is-resized\">\n<figure class=\"aligncenter\"><img data-recalc-dims=\"1\" loading=\"lazy\" decoding=\"async\" width=\"792\" height=\"521\" data-attachment-id=\"2763\" data-permalink=\"https:\/\/patrimoine-avesnois.fr\/chemin\/hautmont\/240_001-2\/\" data-orig-file=\"https:\/\/i0.wp.com\/patrimoine-avesnois.fr\/chemin\/wp-content\/uploads\/2019\/05\/240_001-1.jpg?fit=792%2C521&amp;ssl=1\" data-orig-size=\"792,521\" data-comments-opened=\"1\" data-image-meta=\"{&quot;aperture&quot;:&quot;0&quot;,&quot;credit&quot;:&quot;&quot;,&quot;camera&quot;:&quot;&quot;,&quot;caption&quot;:&quot;&quot;,&quot;created_timestamp&quot;:&quot;1556879189&quot;,&quot;copyright&quot;:&quot;&quot;,&quot;focal_length&quot;:&quot;0&quot;,&quot;iso&quot;:&quot;0&quot;,&quot;shutter_speed&quot;:&quot;0&quot;,&quot;title&quot;:&quot;&quot;,&quot;orientation&quot;:&quot;0&quot;}\" data-image-title=\"240_001\" data-image-description=\"\" data-image-caption=\"\" data-large-file=\"https:\/\/i0.wp.com\/patrimoine-avesnois.fr\/chemin\/wp-content\/uploads\/2019\/05\/240_001-1.jpg?fit=792%2C521&amp;ssl=1\" src=\"https:\/\/i0.wp.com\/patrimoine-avesnois.fr\/chemin\/wp-content\/uploads\/2019\/05\/240_001-1.jpg?resize=792%2C521\" alt=\"\" class=\"wp-image-2763\" srcset=\"https:\/\/i0.wp.com\/patrimoine-avesnois.fr\/chemin\/wp-content\/uploads\/2019\/05\/240_001-1.jpg?w=792&amp;ssl=1 792w, https:\/\/i0.wp.com\/patrimoine-avesnois.fr\/chemin\/wp-content\/uploads\/2019\/05\/240_001-1.jpg?resize=300%2C197&amp;ssl=1 300w, https:\/\/i0.wp.com\/patrimoine-avesnois.fr\/chemin\/wp-content\/uploads\/2019\/05\/240_001-1.jpg?resize=768%2C505&amp;ssl=1 768w\" sizes=\"auto, (max-width: 792px) 85vw, 792px\" \/><figcaption class=\"wp-element-caption\">Haumont et ses usines<\/figcaption><\/figure>\n<\/div>\n\n<div class=\"wp-block-image is-resized\">\n<figure class=\"aligncenter\"><img loading=\"lazy\" decoding=\"async\" width=\"1475\" height=\"1013\" data-attachment-id=\"2764\" data-permalink=\"https:\/\/patrimoine-avesnois.fr\/chemin\/hautmont\/788_001-2\/\" data-orig-file=\"https:\/\/i0.wp.com\/patrimoine-avesnois.fr\/chemin\/wp-content\/uploads\/2019\/05\/788_001-2.jpg?fit=1475%2C1013&amp;ssl=1\" data-orig-size=\"1475,1013\" data-comments-opened=\"1\" data-image-meta=\"{&quot;aperture&quot;:&quot;0&quot;,&quot;credit&quot;:&quot;&quot;,&quot;camera&quot;:&quot;&quot;,&quot;caption&quot;:&quot;&quot;,&quot;created_timestamp&quot;:&quot;1556821811&quot;,&quot;copyright&quot;:&quot;&quot;,&quot;focal_length&quot;:&quot;0&quot;,&quot;iso&quot;:&quot;0&quot;,&quot;shutter_speed&quot;:&quot;0&quot;,&quot;title&quot;:&quot;&quot;,&quot;orientation&quot;:&quot;0&quot;}\" data-image-title=\"788_001\" data-image-description=\"\" data-image-caption=\"\" data-large-file=\"https:\/\/i0.wp.com\/patrimoine-avesnois.fr\/chemin\/wp-content\/uploads\/2019\/05\/788_001-2.jpg?fit=840%2C577&amp;ssl=1\" src=\"https:\/\/i1.wp.com\/patrimoine-avesnois.fr\/chemin\/wp-content\/uploads\/2019\/05\/788_001-2.jpg?fit=840%2C577\" alt=\"\" class=\"wp-image-2764\" srcset=\"https:\/\/i0.wp.com\/patrimoine-avesnois.fr\/chemin\/wp-content\/uploads\/2019\/05\/788_001-2.jpg?w=1475&amp;ssl=1 1475w, https:\/\/i0.wp.com\/patrimoine-avesnois.fr\/chemin\/wp-content\/uploads\/2019\/05\/788_001-2.jpg?resize=300%2C206&amp;ssl=1 300w, https:\/\/i0.wp.com\/patrimoine-avesnois.fr\/chemin\/wp-content\/uploads\/2019\/05\/788_001-2.jpg?resize=768%2C527&amp;ssl=1 768w, https:\/\/i0.wp.com\/patrimoine-avesnois.fr\/chemin\/wp-content\/uploads\/2019\/05\/788_001-2.jpg?resize=1024%2C703&amp;ssl=1 1024w, https:\/\/i0.wp.com\/patrimoine-avesnois.fr\/chemin\/wp-content\/uploads\/2019\/05\/788_001-2.jpg?resize=1200%2C824&amp;ssl=1 1200w\" sizes=\"auto, (max-width: 709px) 85vw, (max-width: 909px) 67vw, (max-width: 1362px) 62vw, 840px\" \/><figcaption class=\"wp-element-caption\">Vue sur les usines vers 1960<\/figcaption><\/figure>\n<\/div>\n\n\n<p class=\"wp-block-paragraph\"><\/p>\n\n\n\n<p class=\"wp-block-paragraph\">Autrefois surnomm\u00e9e la \u00ab\u202fVille aux cent chemin\u00e9es\u202f\u00bb, Hautmont fut l\u2019un des grands foyers industriels du Nord, domin\u00e9e par ses forges, laminoirs, brasseries et ateliers qui animaient la cit\u00e9 jour et nuit. \u00c0 partir du milieu du XIX\u1d49 si\u00e8cle, l\u2019essor m\u00e9tallurgique transforme profond\u00e9ment le paysage urbain : hauts\u2011fourneaux, aci\u00e9ries, ateliers m\u00e9caniques et fabriques chimiques se multiplient, attirant une population ouvri\u00e8re nombreuse et cosmopolite. Cette puissance industrielle marque durablement l\u2019identit\u00e9 de la ville et fa\u00e7onne ses quartiers p\u00e9riph\u00e9riques, ses voies de communication et son d\u00e9veloppement urbain.<\/p>\n\n\n\n<h3 class=\"wp-block-heading\">\ud83d\udfeb 3. Les grandes usines du XIX\u1d49 et XX\u1d49 si\u00e8cle<\/h3>\n\n\n\n<h5 class=\"wp-block-heading\">\ud83d\udfeb <strong>La Providence (Cockerill)<\/strong><\/h5>\n\n\n\n<p class=\"wp-block-paragraph\"><\/p>\n\n\n<div class=\"wp-block-image\">\n<figure class=\"aligncenter size-full\"><img data-recalc-dims=\"1\" loading=\"lazy\" decoding=\"async\" width=\"840\" height=\"529\" data-attachment-id=\"28974\" data-permalink=\"https:\/\/patrimoine-avesnois.fr\/chemin\/hautmont\/image-3372\/\" data-orig-file=\"https:\/\/i0.wp.com\/patrimoine-avesnois.fr\/chemin\/wp-content\/uploads\/2026\/08\/image-219.png?fit=941%2C593&amp;ssl=1\" data-orig-size=\"941,593\" data-comments-opened=\"1\" data-image-meta=\"{&quot;aperture&quot;:&quot;0&quot;,&quot;credit&quot;:&quot;&quot;,&quot;camera&quot;:&quot;&quot;,&quot;caption&quot;:&quot;&quot;,&quot;created_timestamp&quot;:&quot;0&quot;,&quot;copyright&quot;:&quot;&quot;,&quot;focal_length&quot;:&quot;0&quot;,&quot;iso&quot;:&quot;0&quot;,&quot;shutter_speed&quot;:&quot;0&quot;,&quot;title&quot;:&quot;&quot;,&quot;orientation&quot;:&quot;0&quot;,&quot;alt&quot;:&quot;&quot;}\" data-image-title=\"image\" data-image-description=\"\" data-image-caption=\"\" data-large-file=\"https:\/\/i0.wp.com\/patrimoine-avesnois.fr\/chemin\/wp-content\/uploads\/2026\/08\/image-219.png?fit=840%2C529&amp;ssl=1\" src=\"https:\/\/i0.wp.com\/patrimoine-avesnois.fr\/chemin\/wp-content\/uploads\/2026\/08\/image-219.png?resize=840%2C529&#038;ssl=1\" alt=\"\" class=\"wp-image-28974\" srcset=\"https:\/\/i0.wp.com\/patrimoine-avesnois.fr\/chemin\/wp-content\/uploads\/2026\/08\/image-219.png?w=941&amp;ssl=1 941w, https:\/\/i0.wp.com\/patrimoine-avesnois.fr\/chemin\/wp-content\/uploads\/2026\/08\/image-219.png?resize=300%2C189&amp;ssl=1 300w, https:\/\/i0.wp.com\/patrimoine-avesnois.fr\/chemin\/wp-content\/uploads\/2026\/08\/image-219.png?resize=768%2C484&amp;ssl=1 768w\" sizes=\"auto, (max-width: 709px) 85vw, (max-width: 909px) 67vw, (max-width: 1362px) 62vw, 840px\" \/><figcaption class=\"wp-element-caption\">La Providence \u00e0 Hautmont<\/figcaption><\/figure>\n<\/div>\n\n\n<p class=\"wp-block-paragraph\"><\/p>\n\n\n\n<p class=\"wp-block-paragraph\">Au milieu du XIX e si\u00e8cle,  Hautmont devint la Cit\u00e9 de l\u2019Acier. Le Manuel d&rsquo;Histoire et de G\u00e9ographie locales r\u00e9dig\u00e9 en 1911 par A G Bruyelle, instituteur \u00e0 Haumont (librairie historique des provinces Emile Lechevalier 16 rue de Savoie Paris- imprimerie R Minon Guise) nous relate la m\u00e9tamorphose du paysage de cette ville :<\/p>\n\n\n\n<p class=\"wp-block-paragraph\">8 e le\u00e7on : Haumont aujourd&rsquo;hui (1911) L&rsquo;industrie m\u00e9tallurgique : <\/p>\n\n\n\n<p class=\"wp-block-paragraph\">\u00ab&nbsp;Hautmont, serait rest\u00e9 un modeste village, sans ce qui fait sa force, sa richesse, son mouvement l&rsquo;industrie m\u00e9tallurgique. <\/p>\n\n\n\n<p class=\"wp-block-paragraph\">Sans elle, l&rsquo;\u00e9tranger n&rsquo;aurait voir que des maisons pittoresquement group\u00e9es sur les bords d&rsquo;une rivi\u00e8re et entour\u00e9es de bois, de jardins, de cultures et d\u2019\u00e9tangs. <\/p>\n\n\n\n<p class=\"wp-block-paragraph\">Au lieu de cela, et autant que les yeux permettent de voir des hautes chemin\u00e9es d&rsquo;o\u00f9 s\u2019\u00e9chappent, des flots de fum\u00e9es \u00e9paisses ; des rues noires et boueuses, des usines pleines de lueurs et de bruits des chariots pesants, des locomotives sans cesse \u00b5n mouvement, des ouvriers empress\u00e9s. Et dans les cours, les rues, les boutiques, une population cosmopolite, bourdonnante, travailleuse, venue des divers points de la France et de la Belgique, pour faire la richesse de notre r\u00e9gion et vivre de son activit\u00e9. <\/p>\n\n\n\n<p class=\"wp-block-paragraph\">Il faut remonter \u00e0 1842 pour comprendre cette transformation du pays d&rsquo;Hautmont. C&rsquo;est \u00e0 cette \u00e9poque, en effet, que la Soci\u00e9t\u00e9 \u00a0\u00bb la Providence \u00a0\u00bb cr\u00e9a a Hautmont des forges et un laminoir.<\/p>\n\n\n\n<p class=\"wp-block-paragraph\">De grands chariots partaient chaque jour de l&rsquo;usine dans toutes les directions : les uns ramenant la houille et les mati\u00e8res premi\u00e8res , les autres emportant le fer fabriqu\u00e9 vers les principaux d\u00e9bouch\u00e9s de la r\u00e9gion.<\/p>\n\n\n\n<p class=\"wp-block-paragraph\">En 1848, on adjoint un haut fourneau \u00e0 l&rsquo;usine primitive, et il fonctionne bient\u00f4t r\u00e9guli\u00e8rement, donnant ainsi une nouvelle impulsion \u00e0 l&rsquo;activit\u00e9 du pays, que les Chemins de fer vinrent encore augmenter.<\/p>\n\n\n\n<p class=\"wp-block-paragraph\">Aujourd&rsquo;hui cette usine s\u2019\u00e9tend sur une longueur de plus de deux kilom\u00e8tres. Elle comprend : hauts-fourneaux, laminoirs, fonderie, aci\u00e9rie, galvanisage, puddlage, r\u00e9chauffage, chaudronnerie, forges, fours, etc.. Elle a plus de deux mille ouvriers et leur distribue trois millions de salaires. Ses repr\u00e9sentants se trouvent dans presque toute l&rsquo;Eutope : \u00e0 Paris, Lille, Angers, Bordeaux, Nancy, Londres, Bruxelles, Le Caire, etc\u2026. C&rsquo;est une des plus grandes soci\u00e9t\u00e9s m\u00e9tallurgiques de France.<\/p>\n\n\n\n<h5 class=\"wp-block-heading\">\ud83d\udfeb <strong>Les ateliers Pig\u00e9, Paradis, Vieille\u2011Montagne, etc.<\/strong><\/h5>\n\n\n\n<p class=\"wp-block-paragraph\">En 1854 M Pig\u00e9 fondait a Hautmont un atelier pour la fabrication des enclumes, bascules, charpentes, pi\u00e8ces de forges, de ponts, etc. Cette usine a pris \u00e9galement aujourd&rsquo;hui une grande extension.<\/p>\n\n\n\n<p class=\"wp-block-paragraph\"><\/p>\n\n\n<div class=\"wp-block-image\">\n<figure class=\"aligncenter size-full\"><img data-recalc-dims=\"1\" loading=\"lazy\" decoding=\"async\" width=\"643\" height=\"415\" data-attachment-id=\"28976\" data-permalink=\"https:\/\/patrimoine-avesnois.fr\/chemin\/hautmont\/image-3374\/\" data-orig-file=\"https:\/\/i0.wp.com\/patrimoine-avesnois.fr\/chemin\/wp-content\/uploads\/2026\/08\/image-221.png?fit=643%2C415&amp;ssl=1\" data-orig-size=\"643,415\" data-comments-opened=\"1\" data-image-meta=\"{&quot;aperture&quot;:&quot;0&quot;,&quot;credit&quot;:&quot;&quot;,&quot;camera&quot;:&quot;&quot;,&quot;caption&quot;:&quot;&quot;,&quot;created_timestamp&quot;:&quot;0&quot;,&quot;copyright&quot;:&quot;&quot;,&quot;focal_length&quot;:&quot;0&quot;,&quot;iso&quot;:&quot;0&quot;,&quot;shutter_speed&quot;:&quot;0&quot;,&quot;title&quot;:&quot;&quot;,&quot;orientation&quot;:&quot;0&quot;,&quot;alt&quot;:&quot;&quot;}\" data-image-title=\"image\" data-image-description=\"\" data-image-caption=\"\" data-large-file=\"https:\/\/i0.wp.com\/patrimoine-avesnois.fr\/chemin\/wp-content\/uploads\/2026\/08\/image-221.png?fit=643%2C415&amp;ssl=1\" src=\"https:\/\/i0.wp.com\/patrimoine-avesnois.fr\/chemin\/wp-content\/uploads\/2026\/08\/image-221.png?resize=643%2C415&#038;ssl=1\" alt=\"\" class=\"wp-image-28976\" srcset=\"https:\/\/i0.wp.com\/patrimoine-avesnois.fr\/chemin\/wp-content\/uploads\/2026\/08\/image-221.png?w=643&amp;ssl=1 643w, https:\/\/i0.wp.com\/patrimoine-avesnois.fr\/chemin\/wp-content\/uploads\/2026\/08\/image-221.png?resize=300%2C194&amp;ssl=1 300w\" sizes=\"auto, (max-width: 643px) 85vw, 643px\" \/><\/figure>\n<\/div>\n\n\n<p class=\"wp-block-paragraph\"><\/p>\n\n\n\n<p class=\"wp-block-paragraph\">En 1857, la Soci\u00e9t\u00e9 des Mines de Sambre et Meuse, cr\u00e9a l&rsquo;usine des Produits Chimiques, destin\u00e9e \u00e0 fournir ses produits \u00e0 l&rsquo;industrie : (acides : chlorhydrique et sulfurique ; chlorure de chaux, soude caustique, eau de javel etc\u2026.) et \u00e0 l&rsquo;agriculture de la r\u00e9gion des engrais appr\u00e9ci\u00e9s. <\/p>\n\n\n\n<p class=\"wp-block-paragraph\">En 1866, M. Paradis p\u00e8re, transf\u00e8re \u00e0 Hautmout sa forge de Vieux-Mesnil et construit un atelier destin\u00e9 surtout \u00e0 la production des machines agricoles : celles-ci sont connues dans toute la r\u00e9gion du Nord.<\/p>\n\n\n\n<h5 class=\"wp-block-heading\">\ud83d\udfeb <strong>Saint\u2011Marcel (Trancel)<\/strong><\/h5>\n\n\n<div class=\"wp-block-image\">\n<figure class=\"aligncenter size-full\"><img data-recalc-dims=\"1\" loading=\"lazy\" decoding=\"async\" width=\"840\" height=\"562\" data-attachment-id=\"28971\" data-permalink=\"https:\/\/patrimoine-avesnois.fr\/chemin\/hautmont\/image-3370\/\" data-orig-file=\"https:\/\/i0.wp.com\/patrimoine-avesnois.fr\/chemin\/wp-content\/uploads\/2026\/08\/image-217.png?fit=918%2C614&amp;ssl=1\" data-orig-size=\"918,614\" data-comments-opened=\"1\" data-image-meta=\"{&quot;aperture&quot;:&quot;0&quot;,&quot;credit&quot;:&quot;&quot;,&quot;camera&quot;:&quot;&quot;,&quot;caption&quot;:&quot;&quot;,&quot;created_timestamp&quot;:&quot;0&quot;,&quot;copyright&quot;:&quot;&quot;,&quot;focal_length&quot;:&quot;0&quot;,&quot;iso&quot;:&quot;0&quot;,&quot;shutter_speed&quot;:&quot;0&quot;,&quot;title&quot;:&quot;&quot;,&quot;orientation&quot;:&quot;0&quot;,&quot;alt&quot;:&quot;&quot;}\" data-image-title=\"image\" data-image-description=\"\" data-image-caption=\"\" data-large-file=\"https:\/\/i0.wp.com\/patrimoine-avesnois.fr\/chemin\/wp-content\/uploads\/2026\/08\/image-217.png?fit=840%2C562&amp;ssl=1\" src=\"https:\/\/i0.wp.com\/patrimoine-avesnois.fr\/chemin\/wp-content\/uploads\/2026\/08\/image-217.png?resize=840%2C562&#038;ssl=1\" alt=\"\" class=\"wp-image-28971\" srcset=\"https:\/\/i0.wp.com\/patrimoine-avesnois.fr\/chemin\/wp-content\/uploads\/2026\/08\/image-217.png?w=918&amp;ssl=1 918w, https:\/\/i0.wp.com\/patrimoine-avesnois.fr\/chemin\/wp-content\/uploads\/2026\/08\/image-217.png?resize=300%2C201&amp;ssl=1 300w, https:\/\/i0.wp.com\/patrimoine-avesnois.fr\/chemin\/wp-content\/uploads\/2026\/08\/image-217.png?resize=768%2C514&amp;ssl=1 768w\" sizes=\"auto, (max-width: 709px) 85vw, (max-width: 909px) 67vw, (max-width: 1362px) 62vw, 840px\" \/><figcaption class=\"wp-element-caption\">Usine Saint Marcel<\/figcaption><\/figure>\n<\/div>\n\n\n<p class=\"wp-block-paragraph\"><\/p>\n\n\n\n<p class=\"wp-block-paragraph\">En 1869, une autre soci\u00e9t\u00e9 fonda \u00e0 Haumont l&rsquo;usine de Saint-Marcel, pour la fabrication des fers marchands et larges plats, fesrs fendus pour clouteries, fers sp\u00e9ciaux pour les fabriques de fers \u00e0 cheval m\u00e9caniques, fers cavaliers, fers fins, etc. <\/p>\n\n\n\n<p class=\"wp-block-paragraph\">Cette usine comprend : puddlage, laminoirs, atelier de r\u00e9parations, fonderie, forges, -presses, machines \u00e0 forer, poin\u00e7onner, tourner, fraiser, tarauder et raboter. Elle coupe plus de sept cents ouvriers. <\/p>\n\n\n\n<h5 class=\"wp-block-heading\">\ud83d\udfeb <strong>Les laminoirs \u00e0 tubes<\/strong><\/h5>\n\n\n\n<p class=\"wp-block-paragraph\"><\/p>\n\n\n<div class=\"wp-block-image\">\n<figure class=\"aligncenter size-full\"><img data-recalc-dims=\"1\" loading=\"lazy\" decoding=\"async\" width=\"826\" height=\"520\" data-attachment-id=\"28970\" data-permalink=\"https:\/\/patrimoine-avesnois.fr\/chemin\/hautmont\/image-3369\/\" data-orig-file=\"https:\/\/i0.wp.com\/patrimoine-avesnois.fr\/chemin\/wp-content\/uploads\/2026\/08\/image-216.png?fit=826%2C520&amp;ssl=1\" data-orig-size=\"826,520\" data-comments-opened=\"1\" data-image-meta=\"{&quot;aperture&quot;:&quot;0&quot;,&quot;credit&quot;:&quot;&quot;,&quot;camera&quot;:&quot;&quot;,&quot;caption&quot;:&quot;&quot;,&quot;created_timestamp&quot;:&quot;0&quot;,&quot;copyright&quot;:&quot;&quot;,&quot;focal_length&quot;:&quot;0&quot;,&quot;iso&quot;:&quot;0&quot;,&quot;shutter_speed&quot;:&quot;0&quot;,&quot;title&quot;:&quot;&quot;,&quot;orientation&quot;:&quot;0&quot;,&quot;alt&quot;:&quot;&quot;}\" data-image-title=\"image\" data-image-description=\"\" data-image-caption=\"\" data-large-file=\"https:\/\/i0.wp.com\/patrimoine-avesnois.fr\/chemin\/wp-content\/uploads\/2026\/08\/image-216.png?fit=826%2C520&amp;ssl=1\" src=\"https:\/\/i0.wp.com\/patrimoine-avesnois.fr\/chemin\/wp-content\/uploads\/2026\/08\/image-216.png?resize=826%2C520&#038;ssl=1\" alt=\"\" class=\"wp-image-28970\" srcset=\"https:\/\/i0.wp.com\/patrimoine-avesnois.fr\/chemin\/wp-content\/uploads\/2026\/08\/image-216.png?w=826&amp;ssl=1 826w, https:\/\/i0.wp.com\/patrimoine-avesnois.fr\/chemin\/wp-content\/uploads\/2026\/08\/image-216.png?resize=300%2C189&amp;ssl=1 300w, https:\/\/i0.wp.com\/patrimoine-avesnois.fr\/chemin\/wp-content\/uploads\/2026\/08\/image-216.png?resize=768%2C483&amp;ssl=1 768w\" sizes=\"auto, (max-width: 826px) 85vw, 826px\" \/><figcaption class=\"wp-element-caption\">les laminoirs de la  Sambre<\/figcaption><\/figure>\n<\/div>\n\n\n<p class=\"wp-block-paragraph\"><\/p>\n\n\n\n<p class=\"wp-block-paragraph\">En 1878, la Soci\u00e9t\u00e9 des laminoirs \u00e0 tubes, fut cr\u00e9\u00e9e a Hautmont et fonda l&rsquo;usine \u00e0 tubes, ainsi appel\u00e9e parce qu&rsquo;elle produit des tubes \u00e0 gaz avec accessoires, de tubes soud\u00e9s \u00e0 recouvrement pour chaudi\u00e8res, des robinets, des conduites d&rsquo;eau, des pistons, des tubes pour puits etc<\/p>\n\n\n\n<p class=\"wp-block-paragraph\">Depuis, les cr\u00e9ations d\u2019\u00e9tablissements industriels n&rsquo;ont cess\u00e9 d&rsquo;avoir lieu. Plus de vingt nouvelles usines se sont group\u00e9es autour des anciennes pour collaborer \u00e0 la richesse du pays, citons entre autres : les usines du Bassin, les fabriques Dembiermont, G\u00e9hu Hicgue, Pig\u00e9, Derombise, l&rsquo;Entre deux Bois, la Vieille Montagne, les aci\u00e8reies de l&rsquo;Union, la soci\u00e9t\u00e9 m\u00e9tallurgique d&rsquo;Hautmont etc etct<\/p>\n\n\n\n<p class=\"wp-block-paragraph\">En r\u00e9sum\u00e9 , la population ouvri\u00e8re d\u00e9passe 7.000 travailleurs sur une population totale de 15200 \u00e2mes. Et pour nourrir tout cela, comptez ce qu&rsquo;il faut de pain, de viande, de lait et de denr\u00e9es de toutes esp\u00e8ces. <\/p>\n\n\n\n<p class=\"wp-block-paragraph\">Aussi les environs d&rsquo;Hautmont rivalisent-ils de z\u00e8le avec la cit\u00e9 ouvri\u00e8re pour lui fournir ce dont elle a besoin : les territoires environnants comprennent de vastes champs de froment, d&rsquo;avoine et de l\u00e9gumes; dans les p\u00e2turages paissent de nombreuses vaches \u00e0 lait et des anilmaux de boucherie.<\/p>\n\n\n\n<p class=\"wp-block-paragraph\">Par contre, la culture de houblon a \u00e9t\u00e9 abandonn\u00e9e, Il faut aller dans le dud de arrondissement d&rsquo;Avesnes pour la retrouver; l\u2019\u0153illette, le lin, le chanvre ont \u00e9galement disparu; le tissage \u00e0 la main est depuis longtemps abandonn\u00e9.<\/p>\n\n\n\n<p class=\"wp-block-paragraph\">Nos anc\u00eatres reconna\u00eetraient difficilement leurs pays. Les voies de communication ont \u00e9t\u00e9 chang\u00e9es, les chemins am\u00e9lior\u00e9s et \u00e9largis, les bateaux sont nombreux dans le canal; les trains et les tramways circulent \u00e0 tout moment. \u00bb<\/p>\n\n\n\n<h5 class=\"wp-block-heading\">\ud83d\udfeb La sucrerie<\/h5>\n\n\n\n<p class=\"wp-block-paragraph\"><\/p>\n\n\n<div class=\"wp-block-image\">\n<figure class=\"aligncenter size-full\"><img data-recalc-dims=\"1\" loading=\"lazy\" decoding=\"async\" width=\"840\" height=\"538\" data-attachment-id=\"28939\" data-permalink=\"https:\/\/patrimoine-avesnois.fr\/chemin\/hautmont\/image-3358\/\" data-orig-file=\"https:\/\/i0.wp.com\/patrimoine-avesnois.fr\/chemin\/wp-content\/uploads\/2026\/08\/image-205.png?fit=982%2C629&amp;ssl=1\" data-orig-size=\"982,629\" data-comments-opened=\"1\" data-image-meta=\"{&quot;aperture&quot;:&quot;0&quot;,&quot;credit&quot;:&quot;&quot;,&quot;camera&quot;:&quot;&quot;,&quot;caption&quot;:&quot;&quot;,&quot;created_timestamp&quot;:&quot;0&quot;,&quot;copyright&quot;:&quot;&quot;,&quot;focal_length&quot;:&quot;0&quot;,&quot;iso&quot;:&quot;0&quot;,&quot;shutter_speed&quot;:&quot;0&quot;,&quot;title&quot;:&quot;&quot;,&quot;orientation&quot;:&quot;0&quot;,&quot;alt&quot;:&quot;&quot;}\" data-image-title=\"image\" data-image-description=\"\" data-image-caption=\"\" data-large-file=\"https:\/\/i0.wp.com\/patrimoine-avesnois.fr\/chemin\/wp-content\/uploads\/2026\/08\/image-205.png?fit=840%2C538&amp;ssl=1\" src=\"https:\/\/i0.wp.com\/patrimoine-avesnois.fr\/chemin\/wp-content\/uploads\/2026\/08\/image-205.png?resize=840%2C538&#038;ssl=1\" alt=\"\" class=\"wp-image-28939\" srcset=\"https:\/\/i0.wp.com\/patrimoine-avesnois.fr\/chemin\/wp-content\/uploads\/2026\/08\/image-205.png?w=982&amp;ssl=1 982w, https:\/\/i0.wp.com\/patrimoine-avesnois.fr\/chemin\/wp-content\/uploads\/2026\/08\/image-205.png?resize=300%2C192&amp;ssl=1 300w, https:\/\/i0.wp.com\/patrimoine-avesnois.fr\/chemin\/wp-content\/uploads\/2026\/08\/image-205.png?resize=768%2C492&amp;ssl=1 768w\" sizes=\"auto, (max-width: 709px) 85vw, (max-width: 909px) 67vw, (max-width: 1362px) 62vw, 840px\" \/><figcaption class=\"wp-element-caption\">La sucrerie<\/figcaption><\/figure>\n<\/div>\n\n\n<p class=\"wp-block-paragraph\"><\/p>\n\n\n\n<p class=\"wp-block-paragraph\">La sucrerie d\u2019Hautmont, active \u00e0 la fin du XIX\u1d49 si\u00e8cle, fut l\u2019un des sites industriels de la ville. Aliment\u00e9e par les betteraves des fermes de l\u2019Avesnois, elle employait de nombreux ouvriers et participait \u00e0 l\u2019essor \u00e9conomique local. Comme beaucoup d\u2019usines de la r\u00e9gion, elle d\u00e9clina au d\u00e9but du XX\u1d49 si\u00e8cle sous l\u2019effet de la concurrence et des crises agricoles, avant de fermer d\u00e9finitivement. Aujourd\u2019hui disparue, elle demeure un t\u00e9moignage important de l\u2019histoire industrielle hautmontoise.<\/p>\n\n\n\n<p class=\"wp-block-paragraph\"><\/p>\n\n\n<div class=\"wp-block-image\">\n<figure class=\"aligncenter size-full\"><img data-recalc-dims=\"1\" loading=\"lazy\" decoding=\"async\" width=\"807\" height=\"644\" data-attachment-id=\"28940\" data-permalink=\"https:\/\/patrimoine-avesnois.fr\/chemin\/hautmont\/image-3359\/\" data-orig-file=\"https:\/\/i0.wp.com\/patrimoine-avesnois.fr\/chemin\/wp-content\/uploads\/2026\/08\/image-206.png?fit=807%2C644&amp;ssl=1\" data-orig-size=\"807,644\" data-comments-opened=\"1\" data-image-meta=\"{&quot;aperture&quot;:&quot;0&quot;,&quot;credit&quot;:&quot;&quot;,&quot;camera&quot;:&quot;&quot;,&quot;caption&quot;:&quot;&quot;,&quot;created_timestamp&quot;:&quot;0&quot;,&quot;copyright&quot;:&quot;&quot;,&quot;focal_length&quot;:&quot;0&quot;,&quot;iso&quot;:&quot;0&quot;,&quot;shutter_speed&quot;:&quot;0&quot;,&quot;title&quot;:&quot;&quot;,&quot;orientation&quot;:&quot;0&quot;,&quot;alt&quot;:&quot;&quot;}\" data-image-title=\"image\" data-image-description=\"\" data-image-caption=\"\" data-large-file=\"https:\/\/i0.wp.com\/patrimoine-avesnois.fr\/chemin\/wp-content\/uploads\/2026\/08\/image-206.png?fit=807%2C644&amp;ssl=1\" src=\"https:\/\/i0.wp.com\/patrimoine-avesnois.fr\/chemin\/wp-content\/uploads\/2026\/08\/image-206.png?resize=807%2C644&#038;ssl=1\" alt=\"\" class=\"wp-image-28940\" srcset=\"https:\/\/i0.wp.com\/patrimoine-avesnois.fr\/chemin\/wp-content\/uploads\/2026\/08\/image-206.png?w=807&amp;ssl=1 807w, https:\/\/i0.wp.com\/patrimoine-avesnois.fr\/chemin\/wp-content\/uploads\/2026\/08\/image-206.png?resize=300%2C239&amp;ssl=1 300w, https:\/\/i0.wp.com\/patrimoine-avesnois.fr\/chemin\/wp-content\/uploads\/2026\/08\/image-206.png?resize=768%2C613&amp;ssl=1 768w\" sizes=\"auto, (max-width: 807px) 85vw, 807px\" \/><figcaption class=\"wp-element-caption\">Emplacement actuel <\/figcaption><\/figure>\n<\/div>\n\n\n<p class=\"wp-block-paragraph\"><\/p>\n\n\n\n<h3 class=\"wp-block-heading\">\ud83d\udfeb 4. Une ville fa\u00e7onn\u00e9e par l\u2019industrie<\/h3>\n\n\n\n<p class=\"wp-block-paragraph\">L\u2019industrie a donc fa\u00e7onn\u00e9 l&rsquo;image d&rsquo;Haumont et contribu\u00e9 \u00e0 l\u2019essor de ses quartiers p\u00e9riph\u00e9riques, notamment la Rive Gauche au XIXe s et le Bois-du-Quesnoy au XXe s. Les champs, les bois et les fermes ont peu \u00e0 peu c\u00e9d\u00e9 la place aux logements ouvriers, construits d\u2019abord par les usines pour fixer leur main-d\u2019\u0153uvre puis par le Foyer de l\u2019Ouvrier, anc\u00eatre des bailleurs sociaux actuels (Promocil ou Habitat du Nord). A partir des ann\u00e9es 1950, le logement collectif se d\u00e9veloppe sous l\u2019impulsion des entreprises, qui embauche une main-d\u2019\u0153uvre \u00e9trang\u00e8re.<\/p>\n\n\n\n<h3 class=\"wp-block-heading\">\ud83d\udfeb 5. <strong>La reconversion des friches (ann\u00e9es 1990\u20132010)<\/strong><\/h3>\n\n\n\n<p class=\"wp-block-paragraph\">La cris\u00e9 \u00e9conomique de la d\u00e9cennie 1980 a pour cons\u00e9quence d&rsquo;une part la fermeture en 1985 de l&rsquo;usine Cockerill (La Providence), d\u2019une superficie de 52 ha r\u00e9partis sur les deux rives de la Sambre, et d&rsquo;autre part en 1989 la fermeture de l\u2019usine Saint-Marcel (Trancel) laissant 9 ha \u00e0 l\u2019abandon rue de la Gare. La Ville h\u00e9ritant de ces friches industrielles,n&rsquo;eut d&rsquo;autres choix que de d\u00e9molir ces b\u00e2timents industriels. Dans les ann\u00e9es 1990, les deux usines sont ras\u00e9es et leur sol d\u00e9pollu\u00e9. La friche Cockerill se transforme ainsi en un emplacement pour un supermarch\u00e9 (le LIDL), un espace de jeux pour jeunes et permet la jonction entre les deux rives de la Sambre par Gratti\u00e8res (doublement de la RD 121). La friche Trancel sert d\u2019abord de lieu pour la foire Sainte-Waudru en automne, puis de d\u00e9chetterie. En 2007, un nouveau lyc\u00e9e professionnel sort de terre, pour \u00eatre inaugur\u00e9 en septembre 2009, soit 20 ans apr\u00e8s la fermeture de l\u2019usine. Enfin octobre 2013 voit na\u00eetre le port de plaisance qui contribue au rayonnement de la ville. <\/p>\n\n\n\n<p class=\"wp-block-paragraph\"><\/p>\n\n\n\n<h3 class=\"wp-block-heading\">\ud83d\udfeb 6. Le port de plaisance (2013)<\/h3>\n\n\n\n<p class=\"wp-block-paragraph\"><\/p>\n\n\n<div class=\"wp-block-image\">\n<figure class=\"aligncenter size-full\"><img data-recalc-dims=\"1\" loading=\"lazy\" decoding=\"async\" width=\"840\" height=\"520\" data-attachment-id=\"28932\" data-permalink=\"https:\/\/patrimoine-avesnois.fr\/chemin\/hautmont\/image-3352\/\" data-orig-file=\"https:\/\/i0.wp.com\/patrimoine-avesnois.fr\/chemin\/wp-content\/uploads\/2026\/08\/image-199.png?fit=851%2C527&amp;ssl=1\" data-orig-size=\"851,527\" data-comments-opened=\"1\" data-image-meta=\"{&quot;aperture&quot;:&quot;0&quot;,&quot;credit&quot;:&quot;&quot;,&quot;camera&quot;:&quot;&quot;,&quot;caption&quot;:&quot;&quot;,&quot;created_timestamp&quot;:&quot;0&quot;,&quot;copyright&quot;:&quot;&quot;,&quot;focal_length&quot;:&quot;0&quot;,&quot;iso&quot;:&quot;0&quot;,&quot;shutter_speed&quot;:&quot;0&quot;,&quot;title&quot;:&quot;&quot;,&quot;orientation&quot;:&quot;0&quot;,&quot;alt&quot;:&quot;&quot;}\" data-image-title=\"image\" data-image-description=\"\" data-image-caption=\"\" data-large-file=\"https:\/\/i0.wp.com\/patrimoine-avesnois.fr\/chemin\/wp-content\/uploads\/2026\/08\/image-199.png?fit=840%2C520&amp;ssl=1\" src=\"https:\/\/i0.wp.com\/patrimoine-avesnois.fr\/chemin\/wp-content\/uploads\/2026\/08\/image-199.png?resize=840%2C520&#038;ssl=1\" alt=\"\" class=\"wp-image-28932\" srcset=\"https:\/\/i0.wp.com\/patrimoine-avesnois.fr\/chemin\/wp-content\/uploads\/2026\/08\/image-199.png?w=851&amp;ssl=1 851w, https:\/\/i0.wp.com\/patrimoine-avesnois.fr\/chemin\/wp-content\/uploads\/2026\/08\/image-199.png?resize=300%2C186&amp;ssl=1 300w, https:\/\/i0.wp.com\/patrimoine-avesnois.fr\/chemin\/wp-content\/uploads\/2026\/08\/image-199.png?resize=768%2C476&amp;ssl=1 768w\" sizes=\"auto, (max-width: 709px) 85vw, (max-width: 909px) 67vw, (max-width: 1362px) 62vw, 840px\" \/><figcaption class=\"wp-element-caption\">Le Port de Plaisance <\/figcaption><\/figure>\n<\/div>\n\n\n<p class=\"wp-block-paragraph\"><\/p>\n\n\n\n<p class=\"wp-block-paragraph\">Inaugur\u00e9 en <strong>octobre 2013<\/strong>, le port de plaisance marque une \u00e9tape majeure dans la reconversion des anciennes friches industrielles de la ville. Install\u00e9 en plein c\u0153ur d\u2019Hautmont, sur les rives de la Sambre, il offre un espace moderne et convivial qui accueille plaisanciers, promeneurs et visiteurs. Avec ses pontons, ses am\u00e9nagements paysagers et ses acc\u00e8s directs aux commerces du centre\u2011ville, le port participe pleinement au renouveau urbain et touristique de la commune. Il symbolise la transformation d\u2019une cit\u00e9 autrefois industrielle en une ville tourn\u00e9e vers la qualit\u00e9 de vie, le patrimoine et les loisirs fluviaux.<\/p>\n\n\n\n<p class=\"wp-block-paragraph\"><\/p>\n\n\n<div class=\"wp-block-image\">\n<figure class=\"aligncenter size-full\"><img data-recalc-dims=\"1\" loading=\"lazy\" decoding=\"async\" width=\"840\" height=\"622\" data-attachment-id=\"28955\" data-permalink=\"https:\/\/patrimoine-avesnois.fr\/chemin\/hautmont\/image-3365\/\" data-orig-file=\"https:\/\/i0.wp.com\/patrimoine-avesnois.fr\/chemin\/wp-content\/uploads\/2026\/08\/image-212.png?fit=922%2C683&amp;ssl=1\" data-orig-size=\"922,683\" data-comments-opened=\"1\" data-image-meta=\"{&quot;aperture&quot;:&quot;0&quot;,&quot;credit&quot;:&quot;&quot;,&quot;camera&quot;:&quot;&quot;,&quot;caption&quot;:&quot;&quot;,&quot;created_timestamp&quot;:&quot;0&quot;,&quot;copyright&quot;:&quot;&quot;,&quot;focal_length&quot;:&quot;0&quot;,&quot;iso&quot;:&quot;0&quot;,&quot;shutter_speed&quot;:&quot;0&quot;,&quot;title&quot;:&quot;&quot;,&quot;orientation&quot;:&quot;0&quot;,&quot;alt&quot;:&quot;&quot;}\" data-image-title=\"image\" data-image-description=\"\" data-image-caption=\"\" data-large-file=\"https:\/\/i0.wp.com\/patrimoine-avesnois.fr\/chemin\/wp-content\/uploads\/2026\/08\/image-212.png?fit=840%2C622&amp;ssl=1\" src=\"https:\/\/i0.wp.com\/patrimoine-avesnois.fr\/chemin\/wp-content\/uploads\/2026\/08\/image-212.png?resize=840%2C622&#038;ssl=1\" alt=\"\" class=\"wp-image-28955\" srcset=\"https:\/\/i0.wp.com\/patrimoine-avesnois.fr\/chemin\/wp-content\/uploads\/2026\/08\/image-212.png?w=922&amp;ssl=1 922w, https:\/\/i0.wp.com\/patrimoine-avesnois.fr\/chemin\/wp-content\/uploads\/2026\/08\/image-212.png?resize=300%2C222&amp;ssl=1 300w, https:\/\/i0.wp.com\/patrimoine-avesnois.fr\/chemin\/wp-content\/uploads\/2026\/08\/image-212.png?resize=768%2C569&amp;ssl=1 768w\" sizes=\"auto, (max-width: 709px) 85vw, (max-width: 909px) 67vw, (max-width: 1362px) 62vw, 840px\" \/><figcaption class=\"wp-element-caption\">La Sambre<\/figcaption><\/figure>\n<\/div>\n\n\n<p class=\"wp-block-paragraph\"><\/p>\n\n\n\n<h2 class=\"wp-block-heading\">\ud83d\udfe8 <strong>Hautmont : vie urbaine et m\u00e9moire locale<\/strong><\/h2>\n\n\n\n<p class=\"wp-block-paragraph\"><\/p>\n\n\n\n<h3 class=\"wp-block-heading\">\ud83d\udfe8 <strong>Les rues d&rsquo;Hautmont<\/strong><\/h3>\n\n\n\n<p class=\"wp-block-paragraph\"><\/p>\n\n\n\n<div class=\"wp-block-jetpack-slideshow aligncenter\" data-effect=\"slide\"><div class=\"wp-block-jetpack-slideshow_container swiper\"><ul class=\"wp-block-jetpack-slideshow_swiper-wrapper swiper-wrapper\"><li class=\"wp-block-jetpack-slideshow_slide swiper-slide\"><figure><img data-recalc-dims=\"1\" loading=\"lazy\" decoding=\"async\" width=\"454\" height=\"720\" alt=\"\" class=\"wp-block-jetpack-slideshow_image wp-image-2756\" data-id=\"2756\" src=\"https:\/\/i0.wp.com\/patrimoine-avesnois.fr\/chemin\/wp-content\/uploads\/2019\/05\/tome-1_002-Copier.jpg?resize=454%2C720\" srcset=\"https:\/\/i0.wp.com\/patrimoine-avesnois.fr\/chemin\/wp-content\/uploads\/2019\/05\/tome-1_002-Copier.jpg?w=454&amp;ssl=1 454w, https:\/\/i0.wp.com\/patrimoine-avesnois.fr\/chemin\/wp-content\/uploads\/2019\/05\/tome-1_002-Copier.jpg?resize=189%2C300&amp;ssl=1 189w\" sizes=\"(max-width: 454px) 85vw, 454px\" \/><\/figure><\/li><li class=\"wp-block-jetpack-slideshow_slide swiper-slide\"><figure><img data-recalc-dims=\"1\" loading=\"lazy\" decoding=\"async\" width=\"513\" height=\"720\" alt=\"\" class=\"wp-block-jetpack-slideshow_image wp-image-2757\" data-id=\"2757\" src=\"https:\/\/i0.wp.com\/patrimoine-avesnois.fr\/chemin\/wp-content\/uploads\/2019\/05\/tome-2_003-Copier.jpg?resize=513%2C720\" srcset=\"https:\/\/i0.wp.com\/patrimoine-avesnois.fr\/chemin\/wp-content\/uploads\/2019\/05\/tome-2_003-Copier.jpg?w=513&amp;ssl=1 513w, https:\/\/i0.wp.com\/patrimoine-avesnois.fr\/chemin\/wp-content\/uploads\/2019\/05\/tome-2_003-Copier.jpg?resize=214%2C300&amp;ssl=1 214w\" sizes=\"(max-width: 513px) 85vw, 513px\" \/><\/figure><\/li><li class=\"wp-block-jetpack-slideshow_slide swiper-slide\"><figure><img data-recalc-dims=\"1\" loading=\"lazy\" decoding=\"async\" width=\"513\" height=\"720\" alt=\"\" class=\"wp-block-jetpack-slideshow_image wp-image-2758\" data-id=\"2758\" src=\"https:\/\/i0.wp.com\/patrimoine-avesnois.fr\/chemin\/wp-content\/uploads\/2019\/05\/tome-3_004-Copier.jpg?resize=513%2C720\" srcset=\"https:\/\/i0.wp.com\/patrimoine-avesnois.fr\/chemin\/wp-content\/uploads\/2019\/05\/tome-3_004-Copier.jpg?w=513&amp;ssl=1 513w, https:\/\/i0.wp.com\/patrimoine-avesnois.fr\/chemin\/wp-content\/uploads\/2019\/05\/tome-3_004-Copier.jpg?resize=214%2C300&amp;ssl=1 214w\" sizes=\"(max-width: 513px) 85vw, 513px\" \/><\/figure><\/li><\/ul><a class=\"wp-block-jetpack-slideshow_button-prev swiper-button-prev swiper-button-white\" role=\"button\"><\/a><a class=\"wp-block-jetpack-slideshow_button-next swiper-button-next swiper-button-white\" role=\"button\"><\/a><a aria-label=\"Pause Slideshow\" class=\"wp-block-jetpack-slideshow_button-pause\" role=\"button\"><\/a><div class=\"wp-block-jetpack-slideshow_pagination swiper-pagination swiper-pagination-white\"><\/div><\/div><\/div>\n\n\n\n<p class=\"wp-block-paragraph\">L&rsquo;histoire de toutes les rues d&rsquo;Hautmont est racont\u00e9e, dans les moindres d\u00e9tails, dans plusieurs brochures \u00e9dit\u00e9es par l&rsquo;association la m\u00e9moire d&rsquo;Hautmont. Des brochures en vente aupr\u00e8s de l&rsquo;association ou \u00e0 la Maison de la presse \u00e0 Hautmont.<\/p>\n\n\n\n<h3 class=\"wp-block-heading\">\ud83d\udfe8 Le d\u00e9veloppement des quartiers ouvriers<\/h3>\n\n\n\n<p class=\"wp-block-paragraph\">\u00c0 partir du XIX\u1d49 si\u00e8cle, l\u2019essor industriel transforme profond\u00e9ment le paysage hautmontois. Les usines de la Providence, de Saint\u2011Marcel ou des laminoirs \u00e0 tubes attirent une main\u2011d\u2019\u0153uvre nombreuse, fran\u00e7aise et belge, qui s\u2019installe d\u2019abord dans des maisons ouvri\u00e8res construites au plus pr\u00e8s des ateliers. La Rive Gauche devient l\u2019un des premiers quartiers structur\u00e9s autour de l\u2019industrie, suivie au XX\u1d49 si\u00e8cle par le Bois\u2011du\u2011Quesnoy, marqu\u00e9 par l\u2019arriv\u00e9e de logements collectifs. Ces quartiers, n\u00e9s de la m\u00e9tallurgie, ont fa\u00e7onn\u00e9 l\u2019identit\u00e9 sociale de la ville et t\u00e9moignent encore aujourd\u2019hui de son pass\u00e9 industriel.<\/p>\n\n\n\n<h3 class=\"wp-block-heading\">\ud83d\udfe8 Le renouveau urbain<\/h3>\n\n\n\n<p class=\"wp-block-paragraph\">Apr\u00e8s les fermetures successives des grandes usines dans les ann\u00e9es 1980, Hautmont engage une vaste politique de transformation urbaine. Les friches industrielles sont d\u00e9pollu\u00e9es, r\u00e9am\u00e9nag\u00e9es et r\u00e9investies : cr\u00e9ation de nouveaux espaces publics, modernisation des voiries, construction d\u2019un lyc\u00e9e professionnel, ouverture du port de plaisance en 2013. Ce renouveau urbain, men\u00e9 sur plus de vingt ans, redonne \u00e0 la ville une attractivit\u00e9 nouvelle, tourn\u00e9e vers la qualit\u00e9 de vie, les mobilit\u00e9s douces et la valorisation de son patrimoine.<\/p>\n\n\n\n<h3 class=\"wp-block-heading\">\ud83d\udfe8 Le tissu associatif<\/h3>\n\n\n\n<p class=\"wp-block-paragraph\">Le dynamisme du tissu associatif hautmontois joue un r\u00f4le essentiel dans la vie de la commune. Clubs sportifs, soci\u00e9t\u00e9s musicales, associations culturelles, comit\u00e9s de quartier et groupes patrimoniaux contribuent \u00e0 animer la ville tout au long de l\u2019ann\u00e9e. Ils organisent \u00e9v\u00e9nements, expositions, f\u00eates locales et actions de solidarit\u00e9, renfor\u00e7ant le lien social et l\u2019identit\u00e9 collective. Ce r\u00e9seau associatif, tr\u00e8s actif, accompagne le renouveau urbain et participe pleinement \u00e0 la vitalit\u00e9 d\u2019Hautmont.<\/p>\n\n\n\n<h3 class=\"wp-block-heading\">\ud83d\udfe8 La m\u00e9moire d\u2019Hautmont (brochures)<\/h3>\n\n\n\n<p class=\"wp-block-paragraph\">L\u2019association <em>La M\u00e9moire d\u2019Hautmont<\/em> joue un r\u00f4le essentiel dans la pr\u00e9servation et la transmission de l\u2019histoire locale. Depuis plusieurs ann\u00e9es, elle publie des brochures d\u00e9taill\u00e9es consacr\u00e9es aux rues, aux quartiers, aux familles, aux usines et aux lieux embl\u00e9matiques de la commune. Ces livrets, disponibles aupr\u00e8s de l\u2019association ou \u00e0 la Maison de la Presse, constituent une v\u00e9ritable encyclop\u00e9die hautmontoise, accessible \u00e0 tous. Ils permettent de comprendre l\u2019\u00e9volution de la ville, de ses paysages et de ses habitants, et offrent un pr\u00e9cieux compl\u00e9ment aux recherches patrimoniales men\u00e9es sur Hautmont.<\/p>\n\n\n\n<p class=\"wp-block-paragraph\"><\/p>\n\n\n\n<h2 class=\"wp-block-heading\">\u25a3 <strong>Conclusion g\u00e9n\u00e9rale : Hautmont, une ville entre m\u00e9moire et renouveau<\/strong><\/h2>\n\n\n\n<p class=\"wp-block-paragraph\">Hautmont appara\u00eet, au fil de ses si\u00e8cles d\u2019histoire, comme une ville fa\u00e7onn\u00e9e par trois forces majeures : son abbaye fondatrice, son formidable essor industriel et sa profonde transformation contemporaine. De l\u2019Altus Mons m\u00e9rovingien aux quadrilat\u00e8res b\u00e9n\u00e9dictins, des hauts\u2011fourneaux de la Providence aux ateliers de Saint\u2011Marcel, des quartiers ouvriers \u00e0 la reconversion des friches, la ville n\u2019a cess\u00e9 de se r\u00e9inventer. Aujourd\u2019hui, Hautmont valorise son patrimoine religieux, civil et industriel tout en affirmant une nouvelle identit\u00e9 urbaine : port de plaisance, arboretum, espaces publics r\u00e9nov\u00e9s, dynamisme associatif et mise en valeur de la m\u00e9moire locale. Cette page t\u00e9moigne d\u2019une cit\u00e9 qui conjugue h\u00e9ritage et modernit\u00e9, fi\u00e8re de son pass\u00e9 et r\u00e9solument tourn\u00e9e vers l\u2019avenir.<\/p>\n","protected":false},"excerpt":{"rendered":"<p>\ud83d\udfe5 Hautmont : histoire et h\u00e9ritage de l\u2019abbaye L\u2019\u00e9tymologie du nom de Hautmont provient d\u2019un lieu\u2011dit appel\u00e9 \u00ab\u202fMont\u2011Aigu\u202f\u00bb, petit monticule situ\u00e9 sur la rive droite de la Sambre. C\u2019est l\u00e0 qu\u2019un oratoire d\u00e9di\u00e9 \u00e0 Saint Waast fut \u00e9difi\u00e9. Ce \u00ab\u202fmont \u00e9lev\u00e9\u202f\u00bb \u2014 Altus Mons \u2014 donnera plus tard son nom \u00e0 la ville : Haut\u2011Mont, &hellip; <a href=\"https:\/\/patrimoine-avesnois.fr\/chemin\/hautmont\/\" class=\"more-link\">Continuer la lecture<span class=\"screen-reader-text\"> de &laquo;&nbsp;Hautmont&nbsp;&raquo;<\/span><\/a><\/p>\n","protected":false},"author":2,"featured_media":0,"parent":0,"menu_order":0,"comment_status":"closed","ping_status":"closed","template":"","meta":{"footnotes":""},"class_list":["post-2717","page","type-page","status-publish","hentry"],"jetpack_sharing_enabled":true,"jetpack_shortlink":"https:\/\/wp.me\/PaOEkN-HP","jetpack-related-posts":[],"_links":{"self":[{"href":"https:\/\/patrimoine-avesnois.fr\/chemin\/wp-json\/wp\/v2\/pages\/2717","targetHints":{"allow":["GET"]}}],"collection":[{"href":"https:\/\/patrimoine-avesnois.fr\/chemin\/wp-json\/wp\/v2\/pages"}],"about":[{"href":"https:\/\/patrimoine-avesnois.fr\/chemin\/wp-json\/wp\/v2\/types\/page"}],"author":[{"embeddable":true,"href":"https:\/\/patrimoine-avesnois.fr\/chemin\/wp-json\/wp\/v2\/users\/2"}],"replies":[{"embeddable":true,"href":"https:\/\/patrimoine-avesnois.fr\/chemin\/wp-json\/wp\/v2\/comments?post=2717"}],"version-history":[{"count":39,"href":"https:\/\/patrimoine-avesnois.fr\/chemin\/wp-json\/wp\/v2\/pages\/2717\/revisions"}],"predecessor-version":[{"id":28986,"href":"https:\/\/patrimoine-avesnois.fr\/chemin\/wp-json\/wp\/v2\/pages\/2717\/revisions\/28986"}],"wp:attachment":[{"href":"https:\/\/patrimoine-avesnois.fr\/chemin\/wp-json\/wp\/v2\/media?parent=2717"}],"curies":[{"name":"wp","href":"https:\/\/api.w.org\/{rel}","templated":true}]}}