{"id":3351,"date":"2019-05-08T17:11:08","date_gmt":"2019-05-08T15:11:08","guid":{"rendered":"http:\/\/patrimoine-avesnois.fr\/chemin\/?page_id=3351"},"modified":"2025-06-19T10:09:19","modified_gmt":"2025-06-19T08:09:19","slug":"landrecies","status":"publish","type":"page","link":"https:\/\/patrimoine-avesnois.fr\/chemin\/landrecies\/","title":{"rendered":"Landrecies"},"content":{"rendered":"<div class=\"wp-block-image is-resized\">\n<figure class=\"aligncenter\"><img data-recalc-dims=\"1\" decoding=\"async\" src=\"https:\/\/i0.wp.com\/www2.culture.gouv.fr\/Wave\/image\/memoire\/0826\/sap01_tcf06288_p.jpg?w=840\" alt=\"\"\/><figcaption class=\"wp-element-caption\">La Forteresse de Landrecies<\/figcaption><\/figure>\n<\/div>\n\n<div class=\"wp-block-image\">\n<figure class=\"aligncenter\"><img data-recalc-dims=\"1\" loading=\"lazy\" decoding=\"async\" width=\"840\" height=\"519\" data-attachment-id=\"3353\" data-permalink=\"https:\/\/patrimoine-avesnois.fr\/chemin\/landrecies\/659_001\/\" data-orig-file=\"https:\/\/i0.wp.com\/patrimoine-avesnois.fr\/chemin\/wp-content\/uploads\/2019\/05\/659_001.jpg?fit=856%2C529&amp;ssl=1\" data-orig-size=\"856,529\" data-comments-opened=\"1\" data-image-meta=\"{&quot;aperture&quot;:&quot;0&quot;,&quot;credit&quot;:&quot;&quot;,&quot;camera&quot;:&quot;&quot;,&quot;caption&quot;:&quot;&quot;,&quot;created_timestamp&quot;:&quot;1557319565&quot;,&quot;copyright&quot;:&quot;&quot;,&quot;focal_length&quot;:&quot;0&quot;,&quot;iso&quot;:&quot;0&quot;,&quot;shutter_speed&quot;:&quot;0&quot;,&quot;title&quot;:&quot;&quot;,&quot;orientation&quot;:&quot;0&quot;}\" data-image-title=\"659_001\" data-image-description=\"\" data-image-caption=\"\" data-large-file=\"https:\/\/i0.wp.com\/patrimoine-avesnois.fr\/chemin\/wp-content\/uploads\/2019\/05\/659_001.jpg?fit=840%2C519&amp;ssl=1\" src=\"https:\/\/i0.wp.com\/patrimoine-avesnois.fr\/chemin\/wp-content\/uploads\/2019\/05\/659_001.jpg?resize=840%2C519\" alt=\"\" class=\"wp-image-3353\" srcset=\"https:\/\/i0.wp.com\/patrimoine-avesnois.fr\/chemin\/wp-content\/uploads\/2019\/05\/659_001.jpg?w=856&amp;ssl=1 856w, https:\/\/i0.wp.com\/patrimoine-avesnois.fr\/chemin\/wp-content\/uploads\/2019\/05\/659_001.jpg?resize=300%2C185&amp;ssl=1 300w, https:\/\/i0.wp.com\/patrimoine-avesnois.fr\/chemin\/wp-content\/uploads\/2019\/05\/659_001.jpg?resize=768%2C475&amp;ssl=1 768w\" sizes=\"auto, (max-width: 709px) 85vw, (max-width: 909px) 67vw, (max-width: 1362px) 62vw, 840px\" \/><figcaption class=\"wp-element-caption\">Vue a\u00e9rienne de Landrecies et du canal de la Sambre<\/figcaption><\/figure>\n<\/div>\n\n<div class=\"wp-block-image\">\n<figure class=\"aligncenter\"><img data-recalc-dims=\"1\" loading=\"lazy\" decoding=\"async\" width=\"840\" height=\"571\" data-attachment-id=\"3354\" data-permalink=\"https:\/\/patrimoine-avesnois.fr\/chemin\/landrecies\/grandrue\/\" data-orig-file=\"https:\/\/i0.wp.com\/patrimoine-avesnois.fr\/chemin\/wp-content\/uploads\/2019\/05\/GrandRue.jpg?fit=996%2C677&amp;ssl=1\" data-orig-size=\"996,677\" data-comments-opened=\"1\" data-image-meta=\"{&quot;aperture&quot;:&quot;0&quot;,&quot;credit&quot;:&quot;&quot;,&quot;camera&quot;:&quot;&quot;,&quot;caption&quot;:&quot;&quot;,&quot;created_timestamp&quot;:&quot;1557318858&quot;,&quot;copyright&quot;:&quot;&quot;,&quot;focal_length&quot;:&quot;0&quot;,&quot;iso&quot;:&quot;0&quot;,&quot;shutter_speed&quot;:&quot;0&quot;,&quot;title&quot;:&quot;&quot;,&quot;orientation&quot;:&quot;1&quot;}\" data-image-title=\"Grand&amp;rsquo;Rue\" data-image-description=\"\" data-image-caption=\"\" data-large-file=\"https:\/\/i0.wp.com\/patrimoine-avesnois.fr\/chemin\/wp-content\/uploads\/2019\/05\/GrandRue.jpg?fit=840%2C571&amp;ssl=1\" src=\"https:\/\/i0.wp.com\/patrimoine-avesnois.fr\/chemin\/wp-content\/uploads\/2019\/05\/GrandRue.jpg?resize=840%2C571\" alt=\"\" class=\"wp-image-3354\" srcset=\"https:\/\/i0.wp.com\/patrimoine-avesnois.fr\/chemin\/wp-content\/uploads\/2019\/05\/GrandRue.jpg?w=996&amp;ssl=1 996w, https:\/\/i0.wp.com\/patrimoine-avesnois.fr\/chemin\/wp-content\/uploads\/2019\/05\/GrandRue.jpg?resize=300%2C204&amp;ssl=1 300w, https:\/\/i0.wp.com\/patrimoine-avesnois.fr\/chemin\/wp-content\/uploads\/2019\/05\/GrandRue.jpg?resize=768%2C522&amp;ssl=1 768w\" sizes=\"auto, (max-width: 709px) 85vw, (max-width: 909px) 67vw, (max-width: 1362px) 62vw, 840px\" \/><figcaption class=\"wp-element-caption\">Vue a\u00e9rienne de la Grand&rsquo;Rue<\/figcaption><\/figure>\n<\/div>\n\n\n<p>Landrecies est \u00e9tymologiquement le domaine de Landry, peut-\u00eatre ce Landry qui fut maire du palais sous Clotaire II. La ville appartint ensuite aux seigneurs d&rsquo;Avesnes qui lui donn\u00e8rent une charte et qui cr\u00e9\u00e8rent la foire historique de la Saint-Luc, encore de nos jours en vogue (Concours de la carotte la plus extravagante et la plus grosse, March\u00e9 aux bestiaux,foire commerciale,  expositions-ventes).  <\/p>\n\n\n\n<p>L&rsquo;histoire de la ville est militaire et n&rsquo;est qu&rsquo;une longue <a rel=\"noreferrer noopener\" aria-label=\"succession de si\u00e8ges. (opens in a new tab)\" href=\"https:\/\/fr.wikipedia.org\/wiki\/Si%C3%A8ge_de_Landrecies\" target=\"_blank\">succession de si\u00e8ges.&nbsp;<\/a><\/p>\n\n\n<div class=\"wp-block-image\">\n<figure class=\"aligncenter size-full\"><img data-recalc-dims=\"1\" loading=\"lazy\" decoding=\"async\" width=\"522\" height=\"633\" data-attachment-id=\"21680\" data-permalink=\"https:\/\/patrimoine-avesnois.fr\/chemin\/landrecies\/captur-65\/\" data-orig-file=\"https:\/\/i0.wp.com\/patrimoine-avesnois.fr\/chemin\/wp-content\/uploads\/2025\/06\/Captur-19.jpg?fit=522%2C633&amp;ssl=1\" data-orig-size=\"522,633\" data-comments-opened=\"1\" data-image-meta=\"{&quot;aperture&quot;:&quot;0&quot;,&quot;credit&quot;:&quot;CARRE&quot;,&quot;camera&quot;:&quot;&quot;,&quot;caption&quot;:&quot;&quot;,&quot;created_timestamp&quot;:&quot;1750249575&quot;,&quot;copyright&quot;:&quot;&quot;,&quot;focal_length&quot;:&quot;0&quot;,&quot;iso&quot;:&quot;0&quot;,&quot;shutter_speed&quot;:&quot;0&quot;,&quot;title&quot;:&quot;&quot;,&quot;orientation&quot;:&quot;0&quot;}\" data-image-title=\"Captur\" data-image-description=\"\" data-image-caption=\"\" data-large-file=\"https:\/\/i0.wp.com\/patrimoine-avesnois.fr\/chemin\/wp-content\/uploads\/2025\/06\/Captur-19.jpg?fit=522%2C633&amp;ssl=1\" src=\"https:\/\/i0.wp.com\/patrimoine-avesnois.fr\/chemin\/wp-content\/uploads\/2025\/06\/Captur-19.jpg?resize=522%2C633&#038;ssl=1\" alt=\"\" class=\"wp-image-21680\" srcset=\"https:\/\/i0.wp.com\/patrimoine-avesnois.fr\/chemin\/wp-content\/uploads\/2025\/06\/Captur-19.jpg?w=522&amp;ssl=1 522w, https:\/\/i0.wp.com\/patrimoine-avesnois.fr\/chemin\/wp-content\/uploads\/2025\/06\/Captur-19.jpg?resize=247%2C300&amp;ssl=1 247w\" sizes=\"auto, (max-width: 522px) 85vw, 522px\" \/><figcaption class=\"wp-element-caption\"> <strong>Prise de Landrecies par Louis XIII, le 26 juillet 1637<\/strong><br>Lecomte Hippolyte (1781-1857)<br>Versailles, ch\u00e2teaux de Versailles et de Trianon <\/figcaption><\/figure>\n<\/div>\n\n\n<p>En 1894 la petite place forte fut d\u00e9mantel\u00e9e. <a rel=\"noreferrer noopener\" aria-label=\"Voir Histoire d'une forteresse (opens in a new tab)\" href=\"https:\/\/gallica.bnf.fr\/ark:\/12148\/bpt6k202431k\" target=\"_blank\">Voir Histoire d&rsquo;une forteresse<\/a><\/p>\n\n\n\n<p>Landrecies est la ville natale de Dupleix (1697), et du Mar\u00e9chal Clarke (1765).<\/p>\n\n\n<div class=\"wp-block-image\">\n<figure class=\"aligncenter\"><img loading=\"lazy\" decoding=\"async\" width=\"1620\" height=\"1011\" data-attachment-id=\"3355\" data-permalink=\"https:\/\/patrimoine-avesnois.fr\/chemin\/landrecies\/981_001\/\" data-orig-file=\"https:\/\/i0.wp.com\/patrimoine-avesnois.fr\/chemin\/wp-content\/uploads\/2019\/05\/981_001.jpg?fit=1620%2C1011&amp;ssl=1\" data-orig-size=\"1620,1011\" data-comments-opened=\"1\" data-image-meta=\"{&quot;aperture&quot;:&quot;0&quot;,&quot;credit&quot;:&quot;&quot;,&quot;camera&quot;:&quot;&quot;,&quot;caption&quot;:&quot;&quot;,&quot;created_timestamp&quot;:&quot;1557319638&quot;,&quot;copyright&quot;:&quot;&quot;,&quot;focal_length&quot;:&quot;0&quot;,&quot;iso&quot;:&quot;0&quot;,&quot;shutter_speed&quot;:&quot;0&quot;,&quot;title&quot;:&quot;&quot;,&quot;orientation&quot;:&quot;0&quot;}\" data-image-title=\"981_001\" data-image-description=\"\" data-image-caption=\"\" data-large-file=\"https:\/\/i0.wp.com\/patrimoine-avesnois.fr\/chemin\/wp-content\/uploads\/2019\/05\/981_001.jpg?fit=840%2C524&amp;ssl=1\" src=\"https:\/\/i2.wp.com\/patrimoine-avesnois.fr\/chemin\/wp-content\/uploads\/2019\/05\/981_001.jpg?fit=840%2C524\" alt=\"\" class=\"wp-image-3355\" srcset=\"https:\/\/i0.wp.com\/patrimoine-avesnois.fr\/chemin\/wp-content\/uploads\/2019\/05\/981_001.jpg?w=1620&amp;ssl=1 1620w, https:\/\/i0.wp.com\/patrimoine-avesnois.fr\/chemin\/wp-content\/uploads\/2019\/05\/981_001.jpg?resize=300%2C187&amp;ssl=1 300w, https:\/\/i0.wp.com\/patrimoine-avesnois.fr\/chemin\/wp-content\/uploads\/2019\/05\/981_001.jpg?resize=768%2C479&amp;ssl=1 768w, https:\/\/i0.wp.com\/patrimoine-avesnois.fr\/chemin\/wp-content\/uploads\/2019\/05\/981_001.jpg?resize=1024%2C639&amp;ssl=1 1024w, https:\/\/i0.wp.com\/patrimoine-avesnois.fr\/chemin\/wp-content\/uploads\/2019\/05\/981_001.jpg?resize=1200%2C749&amp;ssl=1 1200w\" sizes=\"auto, (max-width: 709px) 85vw, (max-width: 909px) 67vw, (max-width: 1362px) 62vw, 840px\" \/><figcaption class=\"wp-element-caption\">L&rsquo;\u00e9glise de Landrecies<\/figcaption><\/figure>\n<\/div>\n\n<div class=\"wp-block-image\">\n<figure class=\"aligncenter\"><img loading=\"lazy\" decoding=\"async\" width=\"1427\" height=\"977\" data-attachment-id=\"3356\" data-permalink=\"https:\/\/patrimoine-avesnois.fr\/chemin\/landrecies\/674_001\/\" data-orig-file=\"https:\/\/i0.wp.com\/patrimoine-avesnois.fr\/chemin\/wp-content\/uploads\/2019\/05\/674_001.jpg?fit=1427%2C977&amp;ssl=1\" data-orig-size=\"1427,977\" data-comments-opened=\"1\" data-image-meta=\"{&quot;aperture&quot;:&quot;0&quot;,&quot;credit&quot;:&quot;&quot;,&quot;camera&quot;:&quot;&quot;,&quot;caption&quot;:&quot;&quot;,&quot;created_timestamp&quot;:&quot;1557319852&quot;,&quot;copyright&quot;:&quot;&quot;,&quot;focal_length&quot;:&quot;0&quot;,&quot;iso&quot;:&quot;0&quot;,&quot;shutter_speed&quot;:&quot;0&quot;,&quot;title&quot;:&quot;&quot;,&quot;orientation&quot;:&quot;0&quot;}\" data-image-title=\"674_001\" data-image-description=\"\" data-image-caption=\"\" data-large-file=\"https:\/\/i0.wp.com\/patrimoine-avesnois.fr\/chemin\/wp-content\/uploads\/2019\/05\/674_001.jpg?fit=840%2C575&amp;ssl=1\" src=\"https:\/\/i1.wp.com\/patrimoine-avesnois.fr\/chemin\/wp-content\/uploads\/2019\/05\/674_001.jpg?fit=840%2C575\" alt=\"\" class=\"wp-image-3356\" srcset=\"https:\/\/i0.wp.com\/patrimoine-avesnois.fr\/chemin\/wp-content\/uploads\/2019\/05\/674_001.jpg?w=1427&amp;ssl=1 1427w, https:\/\/i0.wp.com\/patrimoine-avesnois.fr\/chemin\/wp-content\/uploads\/2019\/05\/674_001.jpg?resize=300%2C205&amp;ssl=1 300w, https:\/\/i0.wp.com\/patrimoine-avesnois.fr\/chemin\/wp-content\/uploads\/2019\/05\/674_001.jpg?resize=768%2C526&amp;ssl=1 768w, https:\/\/i0.wp.com\/patrimoine-avesnois.fr\/chemin\/wp-content\/uploads\/2019\/05\/674_001.jpg?resize=1024%2C701&amp;ssl=1 1024w, https:\/\/i0.wp.com\/patrimoine-avesnois.fr\/chemin\/wp-content\/uploads\/2019\/05\/674_001.jpg?resize=1200%2C822&amp;ssl=1 1200w\" sizes=\"auto, (max-width: 709px) 85vw, (max-width: 909px) 67vw, (max-width: 1362px) 62vw, 840px\" \/><figcaption class=\"wp-element-caption\">Vue a\u00e9rienne des deux clochers de l&rsquo;\u00e9glise<\/figcaption><\/figure>\n<\/div>\n\n<div class=\"wp-block-image\">\n<figure class=\"aligncenter\"><img data-recalc-dims=\"1\" loading=\"lazy\" decoding=\"async\" width=\"600\" height=\"800\" data-attachment-id=\"3358\" data-permalink=\"https:\/\/patrimoine-avesnois.fr\/chemin\/landrecies\/landrecies-eglise\/\" data-orig-file=\"https:\/\/i0.wp.com\/patrimoine-avesnois.fr\/chemin\/wp-content\/uploads\/2019\/05\/landrecies-%C3%A9glise.jpg?fit=600%2C800&amp;ssl=1\" data-orig-size=\"600,800\" data-comments-opened=\"1\" data-image-meta=\"{&quot;aperture&quot;:&quot;0&quot;,&quot;credit&quot;:&quot;&quot;,&quot;camera&quot;:&quot;&quot;,&quot;caption&quot;:&quot;&quot;,&quot;created_timestamp&quot;:&quot;0&quot;,&quot;copyright&quot;:&quot;&quot;,&quot;focal_length&quot;:&quot;0&quot;,&quot;iso&quot;:&quot;0&quot;,&quot;shutter_speed&quot;:&quot;0&quot;,&quot;title&quot;:&quot;&quot;,&quot;orientation&quot;:&quot;1&quot;}\" data-image-title=\"landrecies \u00e9glise\" data-image-description=\"\" data-image-caption=\"\" data-large-file=\"https:\/\/i0.wp.com\/patrimoine-avesnois.fr\/chemin\/wp-content\/uploads\/2019\/05\/landrecies-%C3%A9glise.jpg?fit=600%2C800&amp;ssl=1\" src=\"https:\/\/i0.wp.com\/patrimoine-avesnois.fr\/chemin\/wp-content\/uploads\/2019\/05\/landrecies-%C3%A9glise.jpg?resize=600%2C800\" alt=\"\" class=\"wp-image-3358\" srcset=\"https:\/\/i0.wp.com\/patrimoine-avesnois.fr\/chemin\/wp-content\/uploads\/2019\/05\/landrecies-%C3%A9glise.jpg?w=600&amp;ssl=1 600w, https:\/\/i0.wp.com\/patrimoine-avesnois.fr\/chemin\/wp-content\/uploads\/2019\/05\/landrecies-%C3%A9glise.jpg?resize=225%2C300&amp;ssl=1 225w\" sizes=\"auto, (max-width: 600px) 85vw, 600px\" \/><figcaption class=\"wp-element-caption\">L&rsquo;\u00e9glise Saint Pierre Saint Paul de Landrecies<\/figcaption><\/figure>\n<\/div>\n\n\n<p>L&rsquo;\u00e9glise de Landrecies date de 1822, la pr\u00e9c\u00e9dente ayant \u00e9t\u00e9 d\u00e9truite en 1794 pendant le si\u00e8ge o\u00f9 les Fran\u00e7ais reprennent la ville aux Autrichiens lors des guerres de la&nbsp;<a href=\"https:\/\/fr.wikipedia.org\/wiki\/Premi%C3%A8re_Coalition\" target=\"_blank\" rel=\"noreferrer noopener\">Premi\u00e8re Coalition<\/a> . Elle pr\u00e9sente la caract\u00e9ristique de poss\u00e9der deux tours. Elle est de style baroque, enti\u00e8rement en brique avec bandeaux et encadrements en pierre bleue. Architecte&nbsp;:&nbsp;<a href=\"https:\/\/fr.wikipedia.org\/wiki\/Benjamin_Joseph_Dewarlez\" target=\"_blank\" rel=\"noreferrer noopener\">Benjamin Joseph Dewarlez<\/a><\/p>\n\n\n\n<p>Histoire de l&rsquo;\u00e9glise sous forme de slides :<\/p>\n\n\n\n<div class=\"wp-block-jetpack-slideshow aligncenter\" data-effect=\"slide\"><div class=\"wp-block-jetpack-slideshow_container swiper-container\"><ul class=\"wp-block-jetpack-slideshow_swiper-wrapper swiper-wrapper\"><li class=\"wp-block-jetpack-slideshow_slide swiper-slide\"><figure><img data-recalc-dims=\"1\" loading=\"lazy\" decoding=\"async\" width=\"485\" height=\"365\" alt=\"\" class=\"wp-block-jetpack-slideshow_image wp-image-3541\" data-id=\"3541\" src=\"https:\/\/i0.wp.com\/patrimoine-avesnois.fr\/chemin\/wp-content\/uploads\/2019\/05\/Capture10.jpg?resize=485%2C365\" srcset=\"https:\/\/i0.wp.com\/patrimoine-avesnois.fr\/chemin\/wp-content\/uploads\/2019\/05\/Capture10.jpg?w=485&amp;ssl=1 485w, https:\/\/i0.wp.com\/patrimoine-avesnois.fr\/chemin\/wp-content\/uploads\/2019\/05\/Capture10.jpg?resize=300%2C226&amp;ssl=1 300w\" sizes=\"(max-width: 485px) 85vw, 485px\" \/><\/figure><\/li><li class=\"wp-block-jetpack-slideshow_slide swiper-slide\"><figure><img data-recalc-dims=\"1\" loading=\"lazy\" decoding=\"async\" width=\"530\" height=\"392\" alt=\"\" class=\"wp-block-jetpack-slideshow_image wp-image-3542\" data-id=\"3542\" src=\"https:\/\/i0.wp.com\/patrimoine-avesnois.fr\/chemin\/wp-content\/uploads\/2019\/05\/Capture11.jpg?resize=530%2C392\" srcset=\"https:\/\/i0.wp.com\/patrimoine-avesnois.fr\/chemin\/wp-content\/uploads\/2019\/05\/Capture11.jpg?w=530&amp;ssl=1 530w, https:\/\/i0.wp.com\/patrimoine-avesnois.fr\/chemin\/wp-content\/uploads\/2019\/05\/Capture11.jpg?resize=300%2C222&amp;ssl=1 300w\" sizes=\"(max-width: 530px) 85vw, 530px\" \/><\/figure><\/li><li class=\"wp-block-jetpack-slideshow_slide swiper-slide\"><figure><img data-recalc-dims=\"1\" loading=\"lazy\" decoding=\"async\" width=\"487\" height=\"367\" alt=\"\" class=\"wp-block-jetpack-slideshow_image wp-image-3543\" data-id=\"3543\" src=\"https:\/\/i0.wp.com\/patrimoine-avesnois.fr\/chemin\/wp-content\/uploads\/2019\/05\/Capture12.jpg?resize=487%2C367\" srcset=\"https:\/\/i0.wp.com\/patrimoine-avesnois.fr\/chemin\/wp-content\/uploads\/2019\/05\/Capture12.jpg?w=487&amp;ssl=1 487w, https:\/\/i0.wp.com\/patrimoine-avesnois.fr\/chemin\/wp-content\/uploads\/2019\/05\/Capture12.jpg?resize=300%2C226&amp;ssl=1 300w\" sizes=\"(max-width: 487px) 85vw, 487px\" \/><\/figure><\/li><li class=\"wp-block-jetpack-slideshow_slide swiper-slide\"><figure><img data-recalc-dims=\"1\" loading=\"lazy\" decoding=\"async\" width=\"499\" height=\"442\" alt=\"\" class=\"wp-block-jetpack-slideshow_image wp-image-3544\" data-id=\"3544\" src=\"https:\/\/i0.wp.com\/patrimoine-avesnois.fr\/chemin\/wp-content\/uploads\/2019\/05\/Capture13.jpg?resize=499%2C442\" srcset=\"https:\/\/i0.wp.com\/patrimoine-avesnois.fr\/chemin\/wp-content\/uploads\/2019\/05\/Capture13.jpg?w=499&amp;ssl=1 499w, https:\/\/i0.wp.com\/patrimoine-avesnois.fr\/chemin\/wp-content\/uploads\/2019\/05\/Capture13.jpg?resize=300%2C266&amp;ssl=1 300w\" sizes=\"(max-width: 499px) 85vw, 499px\" \/><\/figure><\/li><li class=\"wp-block-jetpack-slideshow_slide swiper-slide\"><figure><img data-recalc-dims=\"1\" loading=\"lazy\" decoding=\"async\" width=\"477\" height=\"375\" alt=\"\" class=\"wp-block-jetpack-slideshow_image wp-image-3545\" data-id=\"3545\" src=\"https:\/\/i0.wp.com\/patrimoine-avesnois.fr\/chemin\/wp-content\/uploads\/2019\/05\/Capture14.jpg?resize=477%2C375\" srcset=\"https:\/\/i0.wp.com\/patrimoine-avesnois.fr\/chemin\/wp-content\/uploads\/2019\/05\/Capture14.jpg?w=477&amp;ssl=1 477w, https:\/\/i0.wp.com\/patrimoine-avesnois.fr\/chemin\/wp-content\/uploads\/2019\/05\/Capture14.jpg?resize=300%2C236&amp;ssl=1 300w\" sizes=\"(max-width: 477px) 85vw, 477px\" \/><\/figure><\/li><li class=\"wp-block-jetpack-slideshow_slide swiper-slide\"><figure><img data-recalc-dims=\"1\" loading=\"lazy\" decoding=\"async\" width=\"653\" height=\"525\" alt=\"\" class=\"wp-block-jetpack-slideshow_image wp-image-3546\" data-id=\"3546\" src=\"https:\/\/i0.wp.com\/patrimoine-avesnois.fr\/chemin\/wp-content\/uploads\/2019\/05\/Capture15.jpg?resize=653%2C525\" srcset=\"https:\/\/i0.wp.com\/patrimoine-avesnois.fr\/chemin\/wp-content\/uploads\/2019\/05\/Capture15.jpg?w=653&amp;ssl=1 653w, https:\/\/i0.wp.com\/patrimoine-avesnois.fr\/chemin\/wp-content\/uploads\/2019\/05\/Capture15.jpg?resize=300%2C241&amp;ssl=1 300w\" sizes=\"(max-width: 653px) 85vw, 653px\" \/><\/figure><\/li><li class=\"wp-block-jetpack-slideshow_slide swiper-slide\"><figure><img data-recalc-dims=\"1\" loading=\"lazy\" decoding=\"async\" width=\"699\" height=\"525\" alt=\"\" class=\"wp-block-jetpack-slideshow_image wp-image-3547\" data-id=\"3547\" src=\"https:\/\/i0.wp.com\/patrimoine-avesnois.fr\/chemin\/wp-content\/uploads\/2019\/05\/Capture16.jpg?resize=699%2C525\" srcset=\"https:\/\/i0.wp.com\/patrimoine-avesnois.fr\/chemin\/wp-content\/uploads\/2019\/05\/Capture16.jpg?w=699&amp;ssl=1 699w, https:\/\/i0.wp.com\/patrimoine-avesnois.fr\/chemin\/wp-content\/uploads\/2019\/05\/Capture16.jpg?resize=300%2C225&amp;ssl=1 300w\" sizes=\"(max-width: 699px) 85vw, 699px\" \/><\/figure><\/li><\/ul><a class=\"wp-block-jetpack-slideshow_button-prev swiper-button-prev swiper-button-white\" role=\"button\"><\/a><a class=\"wp-block-jetpack-slideshow_button-next swiper-button-next swiper-button-white\" role=\"button\"><\/a><a aria-label=\"Pause Slideshow\" class=\"wp-block-jetpack-slideshow_button-pause\" role=\"button\"><\/a><div class=\"wp-block-jetpack-slideshow_pagination swiper-pagination swiper-pagination-white\"><\/div><\/div><\/div>\n\n\n\n<p>L&rsquo;ornementation de l&rsquo;\u00e9glise sous forme de slides<\/p>\n\n\n\n<div class=\"wp-block-jetpack-slideshow aligncenter\" data-effect=\"slide\"><div class=\"wp-block-jetpack-slideshow_container swiper-container\"><ul class=\"wp-block-jetpack-slideshow_swiper-wrapper swiper-wrapper\"><li class=\"wp-block-jetpack-slideshow_slide swiper-slide\"><figure><img data-recalc-dims=\"1\" loading=\"lazy\" decoding=\"async\" width=\"547\" height=\"448\" alt=\"\" class=\"wp-block-jetpack-slideshow_image wp-image-3548\" data-id=\"3548\" src=\"https:\/\/i0.wp.com\/patrimoine-avesnois.fr\/chemin\/wp-content\/uploads\/2019\/05\/Capture17.jpg?resize=547%2C448\" srcset=\"https:\/\/i0.wp.com\/patrimoine-avesnois.fr\/chemin\/wp-content\/uploads\/2019\/05\/Capture17.jpg?w=547&amp;ssl=1 547w, https:\/\/i0.wp.com\/patrimoine-avesnois.fr\/chemin\/wp-content\/uploads\/2019\/05\/Capture17.jpg?resize=300%2C246&amp;ssl=1 300w\" sizes=\"(max-width: 547px) 85vw, 547px\" \/><\/figure><\/li><li class=\"wp-block-jetpack-slideshow_slide swiper-slide\"><figure><img data-recalc-dims=\"1\" loading=\"lazy\" decoding=\"async\" width=\"461\" height=\"411\" alt=\"\" class=\"wp-block-jetpack-slideshow_image wp-image-3549\" data-id=\"3549\" src=\"https:\/\/i0.wp.com\/patrimoine-avesnois.fr\/chemin\/wp-content\/uploads\/2019\/05\/Capture18.jpg?resize=461%2C411\" srcset=\"https:\/\/i0.wp.com\/patrimoine-avesnois.fr\/chemin\/wp-content\/uploads\/2019\/05\/Capture18.jpg?w=461&amp;ssl=1 461w, https:\/\/i0.wp.com\/patrimoine-avesnois.fr\/chemin\/wp-content\/uploads\/2019\/05\/Capture18.jpg?resize=300%2C267&amp;ssl=1 300w\" sizes=\"(max-width: 461px) 85vw, 461px\" \/><\/figure><\/li><li class=\"wp-block-jetpack-slideshow_slide swiper-slide\"><figure><img data-recalc-dims=\"1\" loading=\"lazy\" decoding=\"async\" width=\"487\" height=\"458\" alt=\"\" class=\"wp-block-jetpack-slideshow_image wp-image-3550\" data-id=\"3550\" src=\"https:\/\/i0.wp.com\/patrimoine-avesnois.fr\/chemin\/wp-content\/uploads\/2019\/05\/Capture19.jpg?resize=487%2C458\" srcset=\"https:\/\/i0.wp.com\/patrimoine-avesnois.fr\/chemin\/wp-content\/uploads\/2019\/05\/Capture19.jpg?w=487&amp;ssl=1 487w, https:\/\/i0.wp.com\/patrimoine-avesnois.fr\/chemin\/wp-content\/uploads\/2019\/05\/Capture19.jpg?resize=300%2C282&amp;ssl=1 300w\" sizes=\"(max-width: 487px) 85vw, 487px\" \/><\/figure><\/li><li class=\"wp-block-jetpack-slideshow_slide swiper-slide\"><figure><img data-recalc-dims=\"1\" loading=\"lazy\" decoding=\"async\" width=\"526\" height=\"338\" alt=\"\" class=\"wp-block-jetpack-slideshow_image wp-image-3551\" data-id=\"3551\" src=\"https:\/\/i0.wp.com\/patrimoine-avesnois.fr\/chemin\/wp-content\/uploads\/2019\/05\/Capture20.jpg?resize=526%2C338\" srcset=\"https:\/\/i0.wp.com\/patrimoine-avesnois.fr\/chemin\/wp-content\/uploads\/2019\/05\/Capture20.jpg?w=526&amp;ssl=1 526w, https:\/\/i0.wp.com\/patrimoine-avesnois.fr\/chemin\/wp-content\/uploads\/2019\/05\/Capture20.jpg?resize=300%2C193&amp;ssl=1 300w\" sizes=\"(max-width: 526px) 85vw, 526px\" \/><\/figure><\/li><li class=\"wp-block-jetpack-slideshow_slide swiper-slide\"><figure><img data-recalc-dims=\"1\" loading=\"lazy\" decoding=\"async\" width=\"509\" height=\"343\" alt=\"\" class=\"wp-block-jetpack-slideshow_image wp-image-3552\" data-id=\"3552\" src=\"https:\/\/i0.wp.com\/patrimoine-avesnois.fr\/chemin\/wp-content\/uploads\/2019\/05\/Capture21.jpg?resize=509%2C343\" srcset=\"https:\/\/i0.wp.com\/patrimoine-avesnois.fr\/chemin\/wp-content\/uploads\/2019\/05\/Capture21.jpg?w=509&amp;ssl=1 509w, https:\/\/i0.wp.com\/patrimoine-avesnois.fr\/chemin\/wp-content\/uploads\/2019\/05\/Capture21.jpg?resize=300%2C202&amp;ssl=1 300w\" sizes=\"(max-width: 509px) 85vw, 509px\" \/><\/figure><\/li><\/ul><a class=\"wp-block-jetpack-slideshow_button-prev swiper-button-prev swiper-button-white\" role=\"button\"><\/a><a class=\"wp-block-jetpack-slideshow_button-next swiper-button-next swiper-button-white\" role=\"button\"><\/a><a aria-label=\"Pause Slideshow\" class=\"wp-block-jetpack-slideshow_button-pause\" role=\"button\"><\/a><div class=\"wp-block-jetpack-slideshow_pagination swiper-pagination swiper-pagination-white\"><\/div><\/div><\/div>\n\n\n\n<p class=\"has-medium-font-size\"><strong>L\u2019\u00e9glise de Landrecies &#8211; de l\u2019origine \u00e0 nos jours Son histoire, son ornementation int\u00e9rieure, son tr\u00e9sor<\/strong> <\/p>\n\n\n\n<p>Article de <strong>Francine MICHAUX &#8211; Membre de la SAHAA<\/strong> \u00e0 lire dans le <a rel=\"noreferrer noopener\" href=\"http:\/\/www.chgb.org\/navigation\/bulletin.html\" target=\"_blank\">Bulletin du CHGB N 51<\/a><\/p>\n\n\n\n<p class=\"has-text-align-center has-large-font-size\">***<\/p>\n\n\n\n<p>L&rsquo;\u00e9glise renferme un mobilier int\u00e9ressant.<\/p>\n\n\n<div class=\"wp-block-image\">\n<figure class=\"aligncenter\"><img loading=\"lazy\" decoding=\"async\" width=\"4032\" height=\"3024\" data-attachment-id=\"3359\" data-permalink=\"https:\/\/patrimoine-avesnois.fr\/chemin\/landrecies\/img_5551\/\" data-orig-file=\"https:\/\/i0.wp.com\/patrimoine-avesnois.fr\/chemin\/wp-content\/uploads\/2019\/05\/IMG_5551.jpg?fit=4032%2C3024&amp;ssl=1\" data-orig-size=\"4032,3024\" data-comments-opened=\"1\" data-image-meta=\"{&quot;aperture&quot;:&quot;2.2&quot;,&quot;credit&quot;:&quot;&quot;,&quot;camera&quot;:&quot;iPhone SE&quot;,&quot;caption&quot;:&quot;&quot;,&quot;created_timestamp&quot;:&quot;1557075147&quot;,&quot;copyright&quot;:&quot;&quot;,&quot;focal_length&quot;:&quot;4.15&quot;,&quot;iso&quot;:&quot;400&quot;,&quot;shutter_speed&quot;:&quot;0.058823529411765&quot;,&quot;title&quot;:&quot;&quot;,&quot;orientation&quot;:&quot;0&quot;}\" data-image-title=\"IMG_5551\" data-image-description=\"\" data-image-caption=\"\" data-large-file=\"https:\/\/i0.wp.com\/patrimoine-avesnois.fr\/chemin\/wp-content\/uploads\/2019\/05\/IMG_5551.jpg?fit=840%2C630&amp;ssl=1\" src=\"https:\/\/i1.wp.com\/patrimoine-avesnois.fr\/chemin\/wp-content\/uploads\/2019\/05\/IMG_5551.jpg?fit=840%2C630\" alt=\"\" class=\"wp-image-3359\" srcset=\"https:\/\/i0.wp.com\/patrimoine-avesnois.fr\/chemin\/wp-content\/uploads\/2019\/05\/IMG_5551.jpg?w=4032&amp;ssl=1 4032w, https:\/\/i0.wp.com\/patrimoine-avesnois.fr\/chemin\/wp-content\/uploads\/2019\/05\/IMG_5551.jpg?resize=300%2C225&amp;ssl=1 300w, https:\/\/i0.wp.com\/patrimoine-avesnois.fr\/chemin\/wp-content\/uploads\/2019\/05\/IMG_5551.jpg?resize=768%2C576&amp;ssl=1 768w, https:\/\/i0.wp.com\/patrimoine-avesnois.fr\/chemin\/wp-content\/uploads\/2019\/05\/IMG_5551.jpg?resize=1024%2C768&amp;ssl=1 1024w, https:\/\/i0.wp.com\/patrimoine-avesnois.fr\/chemin\/wp-content\/uploads\/2019\/05\/IMG_5551.jpg?resize=1200%2C900&amp;ssl=1 1200w, https:\/\/i0.wp.com\/patrimoine-avesnois.fr\/chemin\/wp-content\/uploads\/2019\/05\/IMG_5551.jpg?w=1680 1680w, https:\/\/i0.wp.com\/patrimoine-avesnois.fr\/chemin\/wp-content\/uploads\/2019\/05\/IMG_5551.jpg?w=2520 2520w\" sizes=\"auto, (max-width: 709px) 85vw, (max-width: 909px) 67vw, (max-width: 1362px) 62vw, 840px\" \/><figcaption class=\"wp-element-caption\">Nef de l&rsquo;\u00e9glise de Landrecies<\/figcaption><\/figure>\n<\/div>\n\n<div class=\"wp-block-image\">\n<figure class=\"aligncenter\"><img loading=\"lazy\" decoding=\"async\" width=\"4032\" height=\"3024\" data-attachment-id=\"3360\" data-permalink=\"https:\/\/patrimoine-avesnois.fr\/chemin\/landrecies\/img_5552\/\" data-orig-file=\"https:\/\/i0.wp.com\/patrimoine-avesnois.fr\/chemin\/wp-content\/uploads\/2019\/05\/IMG_5552.jpg?fit=4032%2C3024&amp;ssl=1\" data-orig-size=\"4032,3024\" data-comments-opened=\"1\" data-image-meta=\"{&quot;aperture&quot;:&quot;2.2&quot;,&quot;credit&quot;:&quot;&quot;,&quot;camera&quot;:&quot;iPhone SE&quot;,&quot;caption&quot;:&quot;&quot;,&quot;created_timestamp&quot;:&quot;1557075194&quot;,&quot;copyright&quot;:&quot;&quot;,&quot;focal_length&quot;:&quot;4.15&quot;,&quot;iso&quot;:&quot;400&quot;,&quot;shutter_speed&quot;:&quot;0.058823529411765&quot;,&quot;title&quot;:&quot;&quot;,&quot;orientation&quot;:&quot;1&quot;}\" data-image-title=\"IMG_5552\" data-image-description=\"\" data-image-caption=\"\" data-large-file=\"https:\/\/i0.wp.com\/patrimoine-avesnois.fr\/chemin\/wp-content\/uploads\/2019\/05\/IMG_5552.jpg?fit=840%2C630&amp;ssl=1\" src=\"https:\/\/i1.wp.com\/patrimoine-avesnois.fr\/chemin\/wp-content\/uploads\/2019\/05\/IMG_5552.jpg?fit=840%2C630\" alt=\"\" class=\"wp-image-3360\" srcset=\"https:\/\/i0.wp.com\/patrimoine-avesnois.fr\/chemin\/wp-content\/uploads\/2019\/05\/IMG_5552.jpg?w=4032&amp;ssl=1 4032w, https:\/\/i0.wp.com\/patrimoine-avesnois.fr\/chemin\/wp-content\/uploads\/2019\/05\/IMG_5552.jpg?resize=300%2C225&amp;ssl=1 300w, https:\/\/i0.wp.com\/patrimoine-avesnois.fr\/chemin\/wp-content\/uploads\/2019\/05\/IMG_5552.jpg?resize=768%2C576&amp;ssl=1 768w, https:\/\/i0.wp.com\/patrimoine-avesnois.fr\/chemin\/wp-content\/uploads\/2019\/05\/IMG_5552.jpg?resize=1024%2C768&amp;ssl=1 1024w, https:\/\/i0.wp.com\/patrimoine-avesnois.fr\/chemin\/wp-content\/uploads\/2019\/05\/IMG_5552.jpg?resize=1200%2C900&amp;ssl=1 1200w, https:\/\/i0.wp.com\/patrimoine-avesnois.fr\/chemin\/wp-content\/uploads\/2019\/05\/IMG_5552.jpg?w=1680 1680w, https:\/\/i0.wp.com\/patrimoine-avesnois.fr\/chemin\/wp-content\/uploads\/2019\/05\/IMG_5552.jpg?w=2520 2520w\" sizes=\"auto, (max-width: 709px) 85vw, (max-width: 909px) 67vw, (max-width: 1362px) 62vw, 840px\" \/><figcaption class=\"wp-element-caption\">Vue prise des orgues<\/figcaption><\/figure>\n<\/div>\n\n\n<figure class=\"wp-block-image\"><img loading=\"lazy\" decoding=\"async\" width=\"4032\" height=\"3024\" data-attachment-id=\"3362\" data-permalink=\"https:\/\/patrimoine-avesnois.fr\/chemin\/landrecies\/img_5521-2\/\" data-orig-file=\"https:\/\/i0.wp.com\/patrimoine-avesnois.fr\/chemin\/wp-content\/uploads\/2019\/05\/IMG_5521-1.jpg?fit=4032%2C3024&amp;ssl=1\" data-orig-size=\"4032,3024\" data-comments-opened=\"1\" data-image-meta=\"{&quot;aperture&quot;:&quot;2.2&quot;,&quot;credit&quot;:&quot;&quot;,&quot;camera&quot;:&quot;iPhone SE&quot;,&quot;caption&quot;:&quot;&quot;,&quot;created_timestamp&quot;:&quot;1557074365&quot;,&quot;copyright&quot;:&quot;&quot;,&quot;focal_length&quot;:&quot;4.15&quot;,&quot;iso&quot;:&quot;250&quot;,&quot;shutter_speed&quot;:&quot;0.058823529411765&quot;,&quot;title&quot;:&quot;&quot;,&quot;orientation&quot;:&quot;0&quot;}\" data-image-title=\"IMG_5521\" data-image-description=\"\" data-image-caption=\"\" data-large-file=\"https:\/\/i0.wp.com\/patrimoine-avesnois.fr\/chemin\/wp-content\/uploads\/2019\/05\/IMG_5521-1.jpg?fit=840%2C630&amp;ssl=1\" src=\"https:\/\/i1.wp.com\/patrimoine-avesnois.fr\/chemin\/wp-content\/uploads\/2019\/05\/IMG_5521-1.jpg?fit=840%2C630\" alt=\"\" class=\"wp-image-3362\" srcset=\"https:\/\/i0.wp.com\/patrimoine-avesnois.fr\/chemin\/wp-content\/uploads\/2019\/05\/IMG_5521-1.jpg?w=4032&amp;ssl=1 4032w, https:\/\/i0.wp.com\/patrimoine-avesnois.fr\/chemin\/wp-content\/uploads\/2019\/05\/IMG_5521-1.jpg?resize=300%2C225&amp;ssl=1 300w, https:\/\/i0.wp.com\/patrimoine-avesnois.fr\/chemin\/wp-content\/uploads\/2019\/05\/IMG_5521-1.jpg?resize=768%2C576&amp;ssl=1 768w, https:\/\/i0.wp.com\/patrimoine-avesnois.fr\/chemin\/wp-content\/uploads\/2019\/05\/IMG_5521-1.jpg?resize=1024%2C768&amp;ssl=1 1024w, https:\/\/i0.wp.com\/patrimoine-avesnois.fr\/chemin\/wp-content\/uploads\/2019\/05\/IMG_5521-1.jpg?resize=1200%2C900&amp;ssl=1 1200w, https:\/\/i0.wp.com\/patrimoine-avesnois.fr\/chemin\/wp-content\/uploads\/2019\/05\/IMG_5521-1.jpg?w=1680 1680w, https:\/\/i0.wp.com\/patrimoine-avesnois.fr\/chemin\/wp-content\/uploads\/2019\/05\/IMG_5521-1.jpg?w=2520 2520w\" sizes=\"auto, (max-width: 709px) 85vw, (max-width: 909px) 67vw, (max-width: 1362px) 62vw, 840px\" \/><figcaption class=\"wp-element-caption\">Le Ch\u0153ur <\/figcaption><\/figure>\n\n\n<div class=\"wp-block-image\">\n<figure class=\"aligncenter\"><img loading=\"lazy\" decoding=\"async\" width=\"4032\" height=\"3024\" data-attachment-id=\"3376\" data-permalink=\"https:\/\/patrimoine-avesnois.fr\/chemin\/landrecies\/img_5545\/\" data-orig-file=\"https:\/\/i0.wp.com\/patrimoine-avesnois.fr\/chemin\/wp-content\/uploads\/2019\/05\/IMG_5545.jpg?fit=4032%2C3024&amp;ssl=1\" data-orig-size=\"4032,3024\" data-comments-opened=\"1\" data-image-meta=\"{&quot;aperture&quot;:&quot;2.2&quot;,&quot;credit&quot;:&quot;&quot;,&quot;camera&quot;:&quot;iPhone SE&quot;,&quot;caption&quot;:&quot;&quot;,&quot;created_timestamp&quot;:&quot;1557074787&quot;,&quot;copyright&quot;:&quot;&quot;,&quot;focal_length&quot;:&quot;4.15&quot;,&quot;iso&quot;:&quot;400&quot;,&quot;shutter_speed&quot;:&quot;0.058823529411765&quot;,&quot;title&quot;:&quot;&quot;,&quot;orientation&quot;:&quot;0&quot;}\" data-image-title=\"IMG_5545\" data-image-description=\"\" data-image-caption=\"\" data-large-file=\"https:\/\/i0.wp.com\/patrimoine-avesnois.fr\/chemin\/wp-content\/uploads\/2019\/05\/IMG_5545.jpg?fit=840%2C630&amp;ssl=1\" src=\"https:\/\/i2.wp.com\/patrimoine-avesnois.fr\/chemin\/wp-content\/uploads\/2019\/05\/IMG_5545.jpg?fit=840%2C630\" alt=\"\" class=\"wp-image-3376\" srcset=\"https:\/\/i0.wp.com\/patrimoine-avesnois.fr\/chemin\/wp-content\/uploads\/2019\/05\/IMG_5545.jpg?w=4032&amp;ssl=1 4032w, https:\/\/i0.wp.com\/patrimoine-avesnois.fr\/chemin\/wp-content\/uploads\/2019\/05\/IMG_5545.jpg?resize=300%2C225&amp;ssl=1 300w, https:\/\/i0.wp.com\/patrimoine-avesnois.fr\/chemin\/wp-content\/uploads\/2019\/05\/IMG_5545.jpg?resize=768%2C576&amp;ssl=1 768w, https:\/\/i0.wp.com\/patrimoine-avesnois.fr\/chemin\/wp-content\/uploads\/2019\/05\/IMG_5545.jpg?resize=1024%2C768&amp;ssl=1 1024w, https:\/\/i0.wp.com\/patrimoine-avesnois.fr\/chemin\/wp-content\/uploads\/2019\/05\/IMG_5545.jpg?resize=1200%2C900&amp;ssl=1 1200w, https:\/\/i0.wp.com\/patrimoine-avesnois.fr\/chemin\/wp-content\/uploads\/2019\/05\/IMG_5545.jpg?w=1680 1680w, https:\/\/i0.wp.com\/patrimoine-avesnois.fr\/chemin\/wp-content\/uploads\/2019\/05\/IMG_5545.jpg?w=2520 2520w\" sizes=\"auto, (max-width: 709px) 85vw, (max-width: 909px) 67vw, (max-width: 1362px) 62vw, 840px\" \/><\/figure>\n<\/div>\n\n<div class=\"wp-block-image\">\n<figure class=\"aligncenter is-resized\"><img loading=\"lazy\" decoding=\"async\" width=\"2056\" height=\"2742\" data-attachment-id=\"3364\" data-permalink=\"https:\/\/patrimoine-avesnois.fr\/chemin\/landrecies\/img_5525-2-2\/\" data-orig-file=\"https:\/\/i0.wp.com\/patrimoine-avesnois.fr\/chemin\/wp-content\/uploads\/2019\/05\/IMG_5525-2-1.jpg?fit=2056%2C2742&amp;ssl=1\" data-orig-size=\"2056,2742\" data-comments-opened=\"1\" data-image-meta=\"{&quot;aperture&quot;:&quot;2.2&quot;,&quot;credit&quot;:&quot;&quot;,&quot;camera&quot;:&quot;iPhone SE&quot;,&quot;caption&quot;:&quot;&quot;,&quot;created_timestamp&quot;:&quot;1557074415&quot;,&quot;copyright&quot;:&quot;&quot;,&quot;focal_length&quot;:&quot;4.15&quot;,&quot;iso&quot;:&quot;320&quot;,&quot;shutter_speed&quot;:&quot;0.058823529411765&quot;,&quot;title&quot;:&quot;&quot;,&quot;orientation&quot;:&quot;0&quot;}\" data-image-title=\"IMG_5525 (2)\" data-image-description=\"\" data-image-caption=\"\" data-large-file=\"https:\/\/i0.wp.com\/patrimoine-avesnois.fr\/chemin\/wp-content\/uploads\/2019\/05\/IMG_5525-2-1.jpg?fit=768%2C1024&amp;ssl=1\" src=\"https:\/\/i2.wp.com\/patrimoine-avesnois.fr\/chemin\/wp-content\/uploads\/2019\/05\/IMG_5525-2-1.jpg?fit=768%2C1024\" alt=\"\" class=\"wp-image-3364\" style=\"width:576px;height:768px\" srcset=\"https:\/\/i0.wp.com\/patrimoine-avesnois.fr\/chemin\/wp-content\/uploads\/2019\/05\/IMG_5525-2-1.jpg?w=2056&amp;ssl=1 2056w, https:\/\/i0.wp.com\/patrimoine-avesnois.fr\/chemin\/wp-content\/uploads\/2019\/05\/IMG_5525-2-1.jpg?resize=225%2C300&amp;ssl=1 225w, https:\/\/i0.wp.com\/patrimoine-avesnois.fr\/chemin\/wp-content\/uploads\/2019\/05\/IMG_5525-2-1.jpg?resize=768%2C1024&amp;ssl=1 768w, https:\/\/i0.wp.com\/patrimoine-avesnois.fr\/chemin\/wp-content\/uploads\/2019\/05\/IMG_5525-2-1.jpg?resize=1200%2C1600&amp;ssl=1 1200w, https:\/\/i0.wp.com\/patrimoine-avesnois.fr\/chemin\/wp-content\/uploads\/2019\/05\/IMG_5525-2-1.jpg?w=1680 1680w\" sizes=\"auto, (max-width: 709px) 85vw, (max-width: 909px) 67vw, (max-width: 1362px) 62vw, 840px\" \/><figcaption class=\"wp-element-caption\">La Crucification, attribu\u00e9e \u00e0 Caspar de Crayer (XVII e si\u00e8cle) au retable du ma\u00eetre-autel.<\/figcaption><\/figure>\n<\/div>\n\n<div class=\"wp-block-image\">\n<figure class=\"aligncenter\"><img loading=\"lazy\" decoding=\"async\" width=\"4032\" height=\"3024\" data-attachment-id=\"3365\" data-permalink=\"https:\/\/patrimoine-avesnois.fr\/chemin\/landrecies\/img_5526\/\" data-orig-file=\"https:\/\/i0.wp.com\/patrimoine-avesnois.fr\/chemin\/wp-content\/uploads\/2019\/05\/IMG_5526.jpg?fit=4032%2C3024&amp;ssl=1\" data-orig-size=\"4032,3024\" data-comments-opened=\"1\" data-image-meta=\"{&quot;aperture&quot;:&quot;2.2&quot;,&quot;credit&quot;:&quot;&quot;,&quot;camera&quot;:&quot;iPhone SE&quot;,&quot;caption&quot;:&quot;&quot;,&quot;created_timestamp&quot;:&quot;1557074425&quot;,&quot;copyright&quot;:&quot;&quot;,&quot;focal_length&quot;:&quot;4.15&quot;,&quot;iso&quot;:&quot;320&quot;,&quot;shutter_speed&quot;:&quot;0.058823529411765&quot;,&quot;title&quot;:&quot;&quot;,&quot;orientation&quot;:&quot;0&quot;}\" data-image-title=\"IMG_5526\" data-image-description=\"\" data-image-caption=\"\" data-large-file=\"https:\/\/i0.wp.com\/patrimoine-avesnois.fr\/chemin\/wp-content\/uploads\/2019\/05\/IMG_5526.jpg?fit=840%2C630&amp;ssl=1\" src=\"https:\/\/i0.wp.com\/patrimoine-avesnois.fr\/chemin\/wp-content\/uploads\/2019\/05\/IMG_5526.jpg?fit=840%2C630\" alt=\"\" class=\"wp-image-3365\" srcset=\"https:\/\/i0.wp.com\/patrimoine-avesnois.fr\/chemin\/wp-content\/uploads\/2019\/05\/IMG_5526.jpg?w=4032&amp;ssl=1 4032w, https:\/\/i0.wp.com\/patrimoine-avesnois.fr\/chemin\/wp-content\/uploads\/2019\/05\/IMG_5526.jpg?resize=300%2C225&amp;ssl=1 300w, https:\/\/i0.wp.com\/patrimoine-avesnois.fr\/chemin\/wp-content\/uploads\/2019\/05\/IMG_5526.jpg?resize=768%2C576&amp;ssl=1 768w, https:\/\/i0.wp.com\/patrimoine-avesnois.fr\/chemin\/wp-content\/uploads\/2019\/05\/IMG_5526.jpg?resize=1024%2C768&amp;ssl=1 1024w, https:\/\/i0.wp.com\/patrimoine-avesnois.fr\/chemin\/wp-content\/uploads\/2019\/05\/IMG_5526.jpg?resize=1200%2C900&amp;ssl=1 1200w, https:\/\/i0.wp.com\/patrimoine-avesnois.fr\/chemin\/wp-content\/uploads\/2019\/05\/IMG_5526.jpg?w=1680 1680w, https:\/\/i0.wp.com\/patrimoine-avesnois.fr\/chemin\/wp-content\/uploads\/2019\/05\/IMG_5526.jpg?w=2520 2520w\" sizes=\"auto, (max-width: 709px) 85vw, (max-width: 909px) 67vw, (max-width: 1362px) 62vw, 840px\" \/><figcaption class=\"wp-element-caption\">Le Tabernacle renfermant ciboire et calice de l&rsquo;\u00e9poque Louis XV (MH)<\/figcaption><\/figure>\n<\/div>\n\n<div class=\"wp-block-image\">\n<figure class=\"aligncenter is-resized\"><img data-recalc-dims=\"1\" loading=\"lazy\" decoding=\"async\" width=\"111\" height=\"272\" data-attachment-id=\"3465\" data-permalink=\"https:\/\/patrimoine-avesnois.fr\/chemin\/landrecies\/image-516\/\" data-orig-file=\"https:\/\/i0.wp.com\/patrimoine-avesnois.fr\/chemin\/wp-content\/uploads\/2019\/05\/image-43.png?fit=111%2C272&amp;ssl=1\" data-orig-size=\"111,272\" data-comments-opened=\"1\" data-image-meta=\"{&quot;aperture&quot;:&quot;0&quot;,&quot;credit&quot;:&quot;&quot;,&quot;camera&quot;:&quot;&quot;,&quot;caption&quot;:&quot;&quot;,&quot;created_timestamp&quot;:&quot;0&quot;,&quot;copyright&quot;:&quot;&quot;,&quot;focal_length&quot;:&quot;0&quot;,&quot;iso&quot;:&quot;0&quot;,&quot;shutter_speed&quot;:&quot;0&quot;,&quot;title&quot;:&quot;&quot;,&quot;orientation&quot;:&quot;0&quot;}\" data-image-title=\"image\" data-image-description=\"\" data-image-caption=\"\" data-large-file=\"https:\/\/i0.wp.com\/patrimoine-avesnois.fr\/chemin\/wp-content\/uploads\/2019\/05\/image-43.png?fit=111%2C272&amp;ssl=1\" src=\"https:\/\/i0.wp.com\/patrimoine-avesnois.fr\/chemin\/wp-content\/uploads\/2019\/05\/image-43.png?resize=111%2C272\" alt=\"\" class=\"wp-image-3465\" style=\"width:250px;height:613px\"\/><figcaption class=\"wp-element-caption\"> Ciboire en vermeil \u00e9poque Louis XV ayant appartenu \u00e0 l&rsquo;abbaye de Maroilles <\/figcaption><\/figure>\n<\/div>\n\n<div class=\"wp-block-image\">\n<figure class=\"aligncenter\"><img loading=\"lazy\" decoding=\"async\" width=\"4032\" height=\"3024\" data-attachment-id=\"3366\" data-permalink=\"https:\/\/patrimoine-avesnois.fr\/chemin\/landrecies\/img_5522\/\" data-orig-file=\"https:\/\/i0.wp.com\/patrimoine-avesnois.fr\/chemin\/wp-content\/uploads\/2019\/05\/IMG_5522.jpg?fit=4032%2C3024&amp;ssl=1\" data-orig-size=\"4032,3024\" data-comments-opened=\"1\" data-image-meta=\"{&quot;aperture&quot;:&quot;2.2&quot;,&quot;credit&quot;:&quot;&quot;,&quot;camera&quot;:&quot;iPhone SE&quot;,&quot;caption&quot;:&quot;&quot;,&quot;created_timestamp&quot;:&quot;1557074379&quot;,&quot;copyright&quot;:&quot;&quot;,&quot;focal_length&quot;:&quot;4.15&quot;,&quot;iso&quot;:&quot;2000&quot;,&quot;shutter_speed&quot;:&quot;0.058823529411765&quot;,&quot;title&quot;:&quot;&quot;,&quot;orientation&quot;:&quot;0&quot;}\" data-image-title=\"IMG_5522\" data-image-description=\"\" data-image-caption=\"\" data-large-file=\"https:\/\/i0.wp.com\/patrimoine-avesnois.fr\/chemin\/wp-content\/uploads\/2019\/05\/IMG_5522.jpg?fit=840%2C630&amp;ssl=1\" src=\"https:\/\/i2.wp.com\/patrimoine-avesnois.fr\/chemin\/wp-content\/uploads\/2019\/05\/IMG_5522.jpg?fit=840%2C630\" alt=\"\" class=\"wp-image-3366\" srcset=\"https:\/\/i0.wp.com\/patrimoine-avesnois.fr\/chemin\/wp-content\/uploads\/2019\/05\/IMG_5522.jpg?w=4032&amp;ssl=1 4032w, https:\/\/i0.wp.com\/patrimoine-avesnois.fr\/chemin\/wp-content\/uploads\/2019\/05\/IMG_5522.jpg?resize=300%2C225&amp;ssl=1 300w, https:\/\/i0.wp.com\/patrimoine-avesnois.fr\/chemin\/wp-content\/uploads\/2019\/05\/IMG_5522.jpg?resize=768%2C576&amp;ssl=1 768w, https:\/\/i0.wp.com\/patrimoine-avesnois.fr\/chemin\/wp-content\/uploads\/2019\/05\/IMG_5522.jpg?resize=1024%2C768&amp;ssl=1 1024w, https:\/\/i0.wp.com\/patrimoine-avesnois.fr\/chemin\/wp-content\/uploads\/2019\/05\/IMG_5522.jpg?resize=1200%2C900&amp;ssl=1 1200w, https:\/\/i0.wp.com\/patrimoine-avesnois.fr\/chemin\/wp-content\/uploads\/2019\/05\/IMG_5522.jpg?w=1680 1680w, https:\/\/i0.wp.com\/patrimoine-avesnois.fr\/chemin\/wp-content\/uploads\/2019\/05\/IMG_5522.jpg?w=2520 2520w\" sizes=\"auto, (max-width: 709px) 85vw, (max-width: 909px) 67vw, (max-width: 1362px) 62vw, 840px\" \/><figcaption class=\"wp-element-caption\">Les boiseries du choeur, avec bustes en m\u00e9daillons. Ici sur la photo,saint Gr\u00e9goire le Grand, David, saint Augustin. .<\/figcaption><\/figure>\n<\/div>\n\n<div class=\"wp-block-image\">\n<figure class=\"aligncenter\"><img loading=\"lazy\" decoding=\"async\" width=\"1458\" height=\"542\" data-attachment-id=\"3394\" data-permalink=\"https:\/\/patrimoine-avesnois.fr\/chemin\/landrecies\/image-511\/\" data-orig-file=\"https:\/\/i0.wp.com\/patrimoine-avesnois.fr\/chemin\/wp-content\/uploads\/2019\/05\/image-38.png?fit=1458%2C542&amp;ssl=1\" data-orig-size=\"1458,542\" data-comments-opened=\"1\" data-image-meta=\"{&quot;aperture&quot;:&quot;0&quot;,&quot;credit&quot;:&quot;&quot;,&quot;camera&quot;:&quot;&quot;,&quot;caption&quot;:&quot;&quot;,&quot;created_timestamp&quot;:&quot;0&quot;,&quot;copyright&quot;:&quot;&quot;,&quot;focal_length&quot;:&quot;0&quot;,&quot;iso&quot;:&quot;0&quot;,&quot;shutter_speed&quot;:&quot;0&quot;,&quot;title&quot;:&quot;&quot;,&quot;orientation&quot;:&quot;0&quot;}\" data-image-title=\"image\" data-image-description=\"\" data-image-caption=\"\" data-large-file=\"https:\/\/i0.wp.com\/patrimoine-avesnois.fr\/chemin\/wp-content\/uploads\/2019\/05\/image-38.png?fit=840%2C313&amp;ssl=1\" src=\"https:\/\/i2.wp.com\/patrimoine-avesnois.fr\/chemin\/wp-content\/uploads\/2019\/05\/image-38.png?fit=840%2C313\" alt=\"\" class=\"wp-image-3394\" srcset=\"https:\/\/i0.wp.com\/patrimoine-avesnois.fr\/chemin\/wp-content\/uploads\/2019\/05\/image-38.png?w=1458&amp;ssl=1 1458w, https:\/\/i0.wp.com\/patrimoine-avesnois.fr\/chemin\/wp-content\/uploads\/2019\/05\/image-38.png?resize=300%2C112&amp;ssl=1 300w, https:\/\/i0.wp.com\/patrimoine-avesnois.fr\/chemin\/wp-content\/uploads\/2019\/05\/image-38.png?resize=768%2C285&amp;ssl=1 768w, https:\/\/i0.wp.com\/patrimoine-avesnois.fr\/chemin\/wp-content\/uploads\/2019\/05\/image-38.png?resize=1024%2C381&amp;ssl=1 1024w, https:\/\/i0.wp.com\/patrimoine-avesnois.fr\/chemin\/wp-content\/uploads\/2019\/05\/image-38.png?resize=1200%2C446&amp;ssl=1 1200w\" sizes=\"auto, (max-width: 709px) 85vw, (max-width: 909px) 67vw, (max-width: 1362px) 62vw, 840px\" \/><figcaption class=\"wp-element-caption\"> <em>En face il y a saint J\u00e9r\u00f4me, sainte C\u00e9cile et saint Ambroise<\/em> <\/figcaption><\/figure>\n<\/div>\n\n<div class=\"wp-block-image\">\n<figure class=\"aligncenter\"><img decoding=\"async\" src=\"https:\/\/i1.wp.com\/patrimoine-avesnois.fr\/chemin\/wp-content\/uploads\/2019\/05\/IMG_5529.jpg?fit=840%2C630\" alt=\"L\u00e2\u0080\u0099attribut alt de cette image est vide, son nom de fichier est IMG_5529.jpg.\"\/><figcaption class=\"wp-element-caption\">Une Vierge M\u00e8re en bois dor\u00e9 du XVII e si\u00e8cle, dite N.D. de Landrecies, sur un socle du XVIII e (MH)<\/figcaption><\/figure>\n<\/div>\n\n<div class=\"wp-block-image\">\n<figure class=\"aligncenter\"><img decoding=\"async\" src=\"https:\/\/i0.wp.com\/patrimoine-avesnois.fr\/chemin\/wp-content\/uploads\/2019\/05\/IMG_5527.jpg?fit=840%2C630\" alt=\"L\u00e2\u0080\u0099attribut alt de cette image est vide, son nom de fichier est IMG_5527.jpg.\"\/><figcaption class=\"wp-element-caption\">Chapelle lat\u00e9rale<\/figcaption><\/figure>\n<\/div>\n\n<div class=\"wp-block-image\">\n<figure class=\"aligncenter is-resized\"><img loading=\"lazy\" decoding=\"async\" width=\"4032\" height=\"3024\" data-attachment-id=\"3483\" data-permalink=\"https:\/\/patrimoine-avesnois.fr\/chemin\/landrecies\/img_5523\/\" data-orig-file=\"https:\/\/i0.wp.com\/patrimoine-avesnois.fr\/chemin\/wp-content\/uploads\/2019\/05\/IMG_5523.jpg?fit=4032%2C3024&amp;ssl=1\" data-orig-size=\"4032,3024\" data-comments-opened=\"1\" data-image-meta=\"{&quot;aperture&quot;:&quot;2.2&quot;,&quot;credit&quot;:&quot;&quot;,&quot;camera&quot;:&quot;iPhone SE&quot;,&quot;caption&quot;:&quot;&quot;,&quot;created_timestamp&quot;:&quot;1557074393&quot;,&quot;copyright&quot;:&quot;&quot;,&quot;focal_length&quot;:&quot;4.15&quot;,&quot;iso&quot;:&quot;400&quot;,&quot;shutter_speed&quot;:&quot;0.058823529411765&quot;,&quot;title&quot;:&quot;&quot;,&quot;orientation&quot;:&quot;1&quot;}\" data-image-title=\"IMG_5523\" data-image-description=\"\" data-image-caption=\"\" data-large-file=\"https:\/\/i0.wp.com\/patrimoine-avesnois.fr\/chemin\/wp-content\/uploads\/2019\/05\/IMG_5523.jpg?fit=840%2C630&amp;ssl=1\" src=\"https:\/\/i1.wp.com\/patrimoine-avesnois.fr\/chemin\/wp-content\/uploads\/2019\/05\/IMG_5523.jpg?fit=840%2C630\" alt=\"\" class=\"wp-image-3483\" style=\"width:630px;height:470px\" srcset=\"https:\/\/i0.wp.com\/patrimoine-avesnois.fr\/chemin\/wp-content\/uploads\/2019\/05\/IMG_5523.jpg?w=4032&amp;ssl=1 4032w, https:\/\/i0.wp.com\/patrimoine-avesnois.fr\/chemin\/wp-content\/uploads\/2019\/05\/IMG_5523.jpg?resize=300%2C225&amp;ssl=1 300w, https:\/\/i0.wp.com\/patrimoine-avesnois.fr\/chemin\/wp-content\/uploads\/2019\/05\/IMG_5523.jpg?resize=768%2C576&amp;ssl=1 768w, https:\/\/i0.wp.com\/patrimoine-avesnois.fr\/chemin\/wp-content\/uploads\/2019\/05\/IMG_5523.jpg?resize=1024%2C768&amp;ssl=1 1024w, https:\/\/i0.wp.com\/patrimoine-avesnois.fr\/chemin\/wp-content\/uploads\/2019\/05\/IMG_5523.jpg?resize=1200%2C900&amp;ssl=1 1200w, https:\/\/i0.wp.com\/patrimoine-avesnois.fr\/chemin\/wp-content\/uploads\/2019\/05\/IMG_5523.jpg?w=1680 1680w, https:\/\/i0.wp.com\/patrimoine-avesnois.fr\/chemin\/wp-content\/uploads\/2019\/05\/IMG_5523.jpg?w=2520 2520w\" sizes=\"auto, (max-width: 709px) 85vw, (max-width: 909px) 67vw, (max-width: 1362px) 62vw, 840px\" \/><figcaption class=\"wp-element-caption\">Fonts baptismaux<\/figcaption><\/figure>\n<\/div>\n\n<div class=\"wp-block-image\">\n<figure class=\"aligncenter is-resized\"><img loading=\"lazy\" decoding=\"async\" width=\"3024\" height=\"4032\" data-attachment-id=\"3371\" data-permalink=\"https:\/\/patrimoine-avesnois.fr\/chemin\/landrecies\/img_5528\/\" data-orig-file=\"https:\/\/i0.wp.com\/patrimoine-avesnois.fr\/chemin\/wp-content\/uploads\/2019\/05\/IMG_5528.jpg?fit=3024%2C4032&amp;ssl=1\" data-orig-size=\"3024,4032\" data-comments-opened=\"1\" data-image-meta=\"{&quot;aperture&quot;:&quot;2.2&quot;,&quot;credit&quot;:&quot;&quot;,&quot;camera&quot;:&quot;iPhone SE&quot;,&quot;caption&quot;:&quot;&quot;,&quot;created_timestamp&quot;:&quot;1557074512&quot;,&quot;copyright&quot;:&quot;&quot;,&quot;focal_length&quot;:&quot;4.15&quot;,&quot;iso&quot;:&quot;320&quot;,&quot;shutter_speed&quot;:&quot;0.058823529411765&quot;,&quot;title&quot;:&quot;&quot;,&quot;orientation&quot;:&quot;1&quot;}\" data-image-title=\"IMG_5528\" data-image-description=\"\" data-image-caption=\"\" data-large-file=\"https:\/\/i0.wp.com\/patrimoine-avesnois.fr\/chemin\/wp-content\/uploads\/2019\/05\/IMG_5528.jpg?fit=768%2C1024&amp;ssl=1\" src=\"https:\/\/i0.wp.com\/patrimoine-avesnois.fr\/chemin\/wp-content\/uploads\/2019\/05\/IMG_5528.jpg?fit=768%2C1024\" alt=\"\" class=\"wp-image-3371\" style=\"width:630px;height:840px\" srcset=\"https:\/\/i0.wp.com\/patrimoine-avesnois.fr\/chemin\/wp-content\/uploads\/2019\/05\/IMG_5528.jpg?w=3024&amp;ssl=1 3024w, https:\/\/i0.wp.com\/patrimoine-avesnois.fr\/chemin\/wp-content\/uploads\/2019\/05\/IMG_5528.jpg?resize=225%2C300&amp;ssl=1 225w, https:\/\/i0.wp.com\/patrimoine-avesnois.fr\/chemin\/wp-content\/uploads\/2019\/05\/IMG_5528.jpg?resize=768%2C1024&amp;ssl=1 768w, https:\/\/i0.wp.com\/patrimoine-avesnois.fr\/chemin\/wp-content\/uploads\/2019\/05\/IMG_5528.jpg?resize=1200%2C1600&amp;ssl=1 1200w, https:\/\/i0.wp.com\/patrimoine-avesnois.fr\/chemin\/wp-content\/uploads\/2019\/05\/IMG_5528.jpg?w=1680 1680w, https:\/\/i0.wp.com\/patrimoine-avesnois.fr\/chemin\/wp-content\/uploads\/2019\/05\/IMG_5528.jpg?w=2520 2520w\" sizes=\"auto, (max-width: 709px) 85vw, (max-width: 909px) 67vw, (max-width: 1362px) 62vw, 840px\" \/><figcaption class=\"wp-element-caption\">La Chaire de V\u00e9rit\u00e9. La partie haute est en cours de r\u00e9novation.<\/figcaption><\/figure>\n<\/div>\n\n<div class=\"wp-block-image\">\n<figure class=\"aligncenter is-resized\"><img loading=\"lazy\" decoding=\"async\" width=\"3024\" height=\"4032\" data-attachment-id=\"3372\" data-permalink=\"https:\/\/patrimoine-avesnois.fr\/chemin\/landrecies\/img_5548\/\" data-orig-file=\"https:\/\/i0.wp.com\/patrimoine-avesnois.fr\/chemin\/wp-content\/uploads\/2019\/05\/IMG_5548.jpg?fit=3024%2C4032&amp;ssl=1\" data-orig-size=\"3024,4032\" data-comments-opened=\"1\" data-image-meta=\"{&quot;aperture&quot;:&quot;2.2&quot;,&quot;credit&quot;:&quot;&quot;,&quot;camera&quot;:&quot;iPhone SE&quot;,&quot;caption&quot;:&quot;&quot;,&quot;created_timestamp&quot;:&quot;1557075079&quot;,&quot;copyright&quot;:&quot;&quot;,&quot;focal_length&quot;:&quot;4.15&quot;,&quot;iso&quot;:&quot;250&quot;,&quot;shutter_speed&quot;:&quot;0.058823529411765&quot;,&quot;title&quot;:&quot;&quot;,&quot;orientation&quot;:&quot;1&quot;}\" data-image-title=\"IMG_5548\" data-image-description=\"\" data-image-caption=\"\" data-large-file=\"https:\/\/i0.wp.com\/patrimoine-avesnois.fr\/chemin\/wp-content\/uploads\/2019\/05\/IMG_5548.jpg?fit=768%2C1024&amp;ssl=1\" src=\"https:\/\/i0.wp.com\/patrimoine-avesnois.fr\/chemin\/wp-content\/uploads\/2019\/05\/IMG_5548.jpg?fit=768%2C1024\" alt=\"\" class=\"wp-image-3372\" style=\"width:560px;height:745px\" srcset=\"https:\/\/i0.wp.com\/patrimoine-avesnois.fr\/chemin\/wp-content\/uploads\/2019\/05\/IMG_5548.jpg?w=3024&amp;ssl=1 3024w, https:\/\/i0.wp.com\/patrimoine-avesnois.fr\/chemin\/wp-content\/uploads\/2019\/05\/IMG_5548.jpg?resize=225%2C300&amp;ssl=1 225w, https:\/\/i0.wp.com\/patrimoine-avesnois.fr\/chemin\/wp-content\/uploads\/2019\/05\/IMG_5548.jpg?resize=768%2C1024&amp;ssl=1 768w, https:\/\/i0.wp.com\/patrimoine-avesnois.fr\/chemin\/wp-content\/uploads\/2019\/05\/IMG_5548.jpg?resize=1200%2C1600&amp;ssl=1 1200w, https:\/\/i0.wp.com\/patrimoine-avesnois.fr\/chemin\/wp-content\/uploads\/2019\/05\/IMG_5548.jpg?w=1680 1680w, https:\/\/i0.wp.com\/patrimoine-avesnois.fr\/chemin\/wp-content\/uploads\/2019\/05\/IMG_5548.jpg?w=2520 2520w\" sizes=\"auto, (max-width: 709px) 85vw, (max-width: 909px) 67vw, (max-width: 1362px) 62vw, 840px\" \/><figcaption class=\"wp-element-caption\"> <br>Sainte Aldegonde debout, accompagn\u00e9e par un ange. Statue de marbre du XVIII e si\u00e8cle<\/figcaption><\/figure>\n<\/div>\n\n<div class=\"wp-block-image\">\n<figure class=\"aligncenter is-resized\"><img loading=\"lazy\" decoding=\"async\" width=\"3024\" height=\"4032\" data-attachment-id=\"3373\" data-permalink=\"https:\/\/patrimoine-avesnois.fr\/chemin\/landrecies\/img_5549\/\" data-orig-file=\"https:\/\/i0.wp.com\/patrimoine-avesnois.fr\/chemin\/wp-content\/uploads\/2019\/05\/IMG_5549.jpg?fit=3024%2C4032&amp;ssl=1\" data-orig-size=\"3024,4032\" data-comments-opened=\"1\" data-image-meta=\"{&quot;aperture&quot;:&quot;2.2&quot;,&quot;credit&quot;:&quot;&quot;,&quot;camera&quot;:&quot;iPhone SE&quot;,&quot;caption&quot;:&quot;&quot;,&quot;created_timestamp&quot;:&quot;1557075096&quot;,&quot;copyright&quot;:&quot;&quot;,&quot;focal_length&quot;:&quot;4.15&quot;,&quot;iso&quot;:&quot;320&quot;,&quot;shutter_speed&quot;:&quot;0.058823529411765&quot;,&quot;title&quot;:&quot;&quot;,&quot;orientation&quot;:&quot;1&quot;}\" data-image-title=\"IMG_5549\" data-image-description=\"\" data-image-caption=\"\" data-large-file=\"https:\/\/i0.wp.com\/patrimoine-avesnois.fr\/chemin\/wp-content\/uploads\/2019\/05\/IMG_5549.jpg?fit=768%2C1024&amp;ssl=1\" src=\"https:\/\/i1.wp.com\/patrimoine-avesnois.fr\/chemin\/wp-content\/uploads\/2019\/05\/IMG_5549.jpg?fit=768%2C1024\" alt=\"\" class=\"wp-image-3373\" style=\"width:560px;height:745px\" srcset=\"https:\/\/i0.wp.com\/patrimoine-avesnois.fr\/chemin\/wp-content\/uploads\/2019\/05\/IMG_5549.jpg?w=3024&amp;ssl=1 3024w, https:\/\/i0.wp.com\/patrimoine-avesnois.fr\/chemin\/wp-content\/uploads\/2019\/05\/IMG_5549.jpg?resize=225%2C300&amp;ssl=1 225w, https:\/\/i0.wp.com\/patrimoine-avesnois.fr\/chemin\/wp-content\/uploads\/2019\/05\/IMG_5549.jpg?resize=768%2C1024&amp;ssl=1 768w, https:\/\/i0.wp.com\/patrimoine-avesnois.fr\/chemin\/wp-content\/uploads\/2019\/05\/IMG_5549.jpg?resize=1200%2C1600&amp;ssl=1 1200w, https:\/\/i0.wp.com\/patrimoine-avesnois.fr\/chemin\/wp-content\/uploads\/2019\/05\/IMG_5549.jpg?w=1680 1680w, https:\/\/i0.wp.com\/patrimoine-avesnois.fr\/chemin\/wp-content\/uploads\/2019\/05\/IMG_5549.jpg?w=2520 2520w\" sizes=\"auto, (max-width: 709px) 85vw, (max-width: 909px) 67vw, (max-width: 1362px) 62vw, 840px\" \/><figcaption class=\"wp-element-caption\">Statue de saint Paul. Statue de marbre du XVIII e si\u00e8cle. Il est rare de voir une statue de ce saint mais rappelons que l&rsquo;\u00e9glise est d\u00e9di\u00e9e \u00e0 saint Pierre et \u00e0 saint Paul. On lui a plac\u00e9 apr\u00e8s coup une \u00e9p\u00e9e dans la main. <\/figcaption><\/figure>\n<\/div>\n\n\n<p>Ces statues proviennent de Valenciennes, o\u00f9 elles ont \u00e9t\u00e9 achet\u00e9es apr\u00e8s la R\u00e9volution.<\/p>\n\n\n<div class=\"wp-block-image\">\n<figure class=\"aligncenter is-resized\"><img loading=\"lazy\" decoding=\"async\" width=\"3024\" height=\"4032\" data-attachment-id=\"3374\" data-permalink=\"https:\/\/patrimoine-avesnois.fr\/chemin\/landrecies\/img_5550\/\" data-orig-file=\"https:\/\/i0.wp.com\/patrimoine-avesnois.fr\/chemin\/wp-content\/uploads\/2019\/05\/IMG_5550.jpg?fit=3024%2C4032&amp;ssl=1\" data-orig-size=\"3024,4032\" data-comments-opened=\"1\" data-image-meta=\"{&quot;aperture&quot;:&quot;2.2&quot;,&quot;credit&quot;:&quot;&quot;,&quot;camera&quot;:&quot;iPhone SE&quot;,&quot;caption&quot;:&quot;&quot;,&quot;created_timestamp&quot;:&quot;1557075103&quot;,&quot;copyright&quot;:&quot;&quot;,&quot;focal_length&quot;:&quot;4.15&quot;,&quot;iso&quot;:&quot;400&quot;,&quot;shutter_speed&quot;:&quot;0.058823529411765&quot;,&quot;title&quot;:&quot;&quot;,&quot;orientation&quot;:&quot;1&quot;}\" data-image-title=\"IMG_5550\" data-image-description=\"\" data-image-caption=\"\" data-large-file=\"https:\/\/i0.wp.com\/patrimoine-avesnois.fr\/chemin\/wp-content\/uploads\/2019\/05\/IMG_5550.jpg?fit=768%2C1024&amp;ssl=1\" src=\"https:\/\/i1.wp.com\/patrimoine-avesnois.fr\/chemin\/wp-content\/uploads\/2019\/05\/IMG_5550.jpg?fit=768%2C1024\" alt=\"\" class=\"wp-image-3374\" style=\"width:560px;height:745px\" srcset=\"https:\/\/i0.wp.com\/patrimoine-avesnois.fr\/chemin\/wp-content\/uploads\/2019\/05\/IMG_5550.jpg?w=3024&amp;ssl=1 3024w, https:\/\/i0.wp.com\/patrimoine-avesnois.fr\/chemin\/wp-content\/uploads\/2019\/05\/IMG_5550.jpg?resize=225%2C300&amp;ssl=1 225w, https:\/\/i0.wp.com\/patrimoine-avesnois.fr\/chemin\/wp-content\/uploads\/2019\/05\/IMG_5550.jpg?resize=768%2C1024&amp;ssl=1 768w, https:\/\/i0.wp.com\/patrimoine-avesnois.fr\/chemin\/wp-content\/uploads\/2019\/05\/IMG_5550.jpg?resize=1200%2C1600&amp;ssl=1 1200w, https:\/\/i0.wp.com\/patrimoine-avesnois.fr\/chemin\/wp-content\/uploads\/2019\/05\/IMG_5550.jpg?w=1680 1680w, https:\/\/i0.wp.com\/patrimoine-avesnois.fr\/chemin\/wp-content\/uploads\/2019\/05\/IMG_5550.jpg?w=2520 2520w\" sizes=\"auto, (max-width: 709px) 85vw, (max-width: 909px) 67vw, (max-width: 1362px) 62vw, 840px\" \/><figcaption class=\"wp-element-caption\">Saint Antoine de Padoue<\/figcaption><\/figure>\n<\/div>\n\n<div class=\"wp-block-image\">\n<figure class=\"aligncenter is-resized\"><img decoding=\"async\" src=\"https:\/\/i0.wp.com\/patrimoine-avesnois.fr\/chemin\/wp-content\/uploads\/2019\/05\/IMG_5518.jpg?fit=840%2C630\" alt=\"L\u00e2\u0080\u0099attribut alt de cette image est vide, son nom de fichier est IMG_5518.jpg.\" style=\"width:560px;height:745px\"\/><figcaption class=\"wp-element-caption\">Tableau repr\u00e9sentant \u00ab\u00a0Saint S\u00e9bastien mourant\u00a0\u00bb du peintre  Ernest Amas (1869-1959).  <\/figcaption><\/figure>\n<\/div>\n\n<div class=\"wp-block-image\">\n<figure class=\"aligncenter is-resized\"><img data-recalc-dims=\"1\" decoding=\"async\" src=\"https:\/\/i0.wp.com\/www2.culture.gouv.fr\/Wave\/image\/memoire\/1379\/sap83_59w00029_p.jpg?w=840\" alt=\"\" style=\"width:560px;height:640px\"\/><figcaption class=\"wp-element-caption\"> Saint S\u00e9bastien soign\u00e9 par sainte Ir\u00e8ne, huile sur toile, d\u00e9but 20e si\u00e8cle <\/figcaption><\/figure>\n<\/div>\n\n<div class=\"wp-block-image\">\n<figure class=\"aligncenter is-resized\"><img loading=\"lazy\" decoding=\"async\" width=\"3024\" height=\"4032\" data-attachment-id=\"3382\" data-permalink=\"https:\/\/patrimoine-avesnois.fr\/chemin\/landrecies\/img_5519\/\" data-orig-file=\"https:\/\/i0.wp.com\/patrimoine-avesnois.fr\/chemin\/wp-content\/uploads\/2019\/05\/IMG_5519.jpg?fit=3024%2C4032&amp;ssl=1\" data-orig-size=\"3024,4032\" data-comments-opened=\"1\" data-image-meta=\"{&quot;aperture&quot;:&quot;2.2&quot;,&quot;credit&quot;:&quot;&quot;,&quot;camera&quot;:&quot;iPhone SE&quot;,&quot;caption&quot;:&quot;&quot;,&quot;created_timestamp&quot;:&quot;1557074298&quot;,&quot;copyright&quot;:&quot;&quot;,&quot;focal_length&quot;:&quot;4.15&quot;,&quot;iso&quot;:&quot;250&quot;,&quot;shutter_speed&quot;:&quot;0.058823529411765&quot;,&quot;title&quot;:&quot;&quot;,&quot;orientation&quot;:&quot;0&quot;}\" data-image-title=\"IMG_5519\" data-image-description=\"\" data-image-caption=\"\" data-large-file=\"https:\/\/i0.wp.com\/patrimoine-avesnois.fr\/chemin\/wp-content\/uploads\/2019\/05\/IMG_5519.jpg?fit=768%2C1024&amp;ssl=1\" src=\"https:\/\/i0.wp.com\/patrimoine-avesnois.fr\/chemin\/wp-content\/uploads\/2019\/05\/IMG_5519.jpg?fit=768%2C1024\" alt=\"\" class=\"wp-image-3382\" style=\"width:560px;height:745px\" srcset=\"https:\/\/i0.wp.com\/patrimoine-avesnois.fr\/chemin\/wp-content\/uploads\/2019\/05\/IMG_5519.jpg?w=3024&amp;ssl=1 3024w, https:\/\/i0.wp.com\/patrimoine-avesnois.fr\/chemin\/wp-content\/uploads\/2019\/05\/IMG_5519.jpg?resize=225%2C300&amp;ssl=1 225w, https:\/\/i0.wp.com\/patrimoine-avesnois.fr\/chemin\/wp-content\/uploads\/2019\/05\/IMG_5519.jpg?resize=768%2C1024&amp;ssl=1 768w, https:\/\/i0.wp.com\/patrimoine-avesnois.fr\/chemin\/wp-content\/uploads\/2019\/05\/IMG_5519.jpg?resize=1200%2C1600&amp;ssl=1 1200w, https:\/\/i0.wp.com\/patrimoine-avesnois.fr\/chemin\/wp-content\/uploads\/2019\/05\/IMG_5519.jpg?w=1680 1680w, https:\/\/i0.wp.com\/patrimoine-avesnois.fr\/chemin\/wp-content\/uploads\/2019\/05\/IMG_5519.jpg?w=2520 2520w\" sizes=\"auto, (max-width: 709px) 85vw, (max-width: 909px) 67vw, (max-width: 1362px) 62vw, 840px\" \/><figcaption class=\"wp-element-caption\">Confessionnal<\/figcaption><\/figure>\n<\/div>\n\n<div class=\"wp-block-image\">\n<figure class=\"aligncenter is-resized\"><img data-recalc-dims=\"1\" loading=\"lazy\" decoding=\"async\" width=\"396\" height=\"528\" data-attachment-id=\"3485\" data-permalink=\"https:\/\/patrimoine-avesnois.fr\/chemin\/landrecies\/img-5556\/\" data-orig-file=\"https:\/\/i0.wp.com\/patrimoine-avesnois.fr\/chemin\/wp-content\/uploads\/2019\/05\/IMG-5556.jpg?fit=396%2C528&amp;ssl=1\" data-orig-size=\"396,528\" data-comments-opened=\"1\" data-image-meta=\"{&quot;aperture&quot;:&quot;0&quot;,&quot;credit&quot;:&quot;CARRE&quot;,&quot;camera&quot;:&quot;&quot;,&quot;caption&quot;:&quot;&quot;,&quot;created_timestamp&quot;:&quot;1557348468&quot;,&quot;copyright&quot;:&quot;&quot;,&quot;focal_length&quot;:&quot;0&quot;,&quot;iso&quot;:&quot;0&quot;,&quot;shutter_speed&quot;:&quot;0&quot;,&quot;title&quot;:&quot;&quot;,&quot;orientation&quot;:&quot;0&quot;}\" data-image-title=\"IMG-5556\" data-image-description=\"\" data-image-caption=\"\" data-large-file=\"https:\/\/i0.wp.com\/patrimoine-avesnois.fr\/chemin\/wp-content\/uploads\/2019\/05\/IMG-5556.jpg?fit=396%2C528&amp;ssl=1\" src=\"https:\/\/i0.wp.com\/patrimoine-avesnois.fr\/chemin\/wp-content\/uploads\/2019\/05\/IMG-5556.jpg?resize=396%2C528\" alt=\"\" class=\"wp-image-3485\" style=\"width:560px;height:745px\" srcset=\"https:\/\/i0.wp.com\/patrimoine-avesnois.fr\/chemin\/wp-content\/uploads\/2019\/05\/IMG-5556.jpg?w=396&amp;ssl=1 396w, https:\/\/i0.wp.com\/patrimoine-avesnois.fr\/chemin\/wp-content\/uploads\/2019\/05\/IMG-5556.jpg?resize=225%2C300&amp;ssl=1 225w\" sizes=\"auto, (max-width: 396px) 85vw, 396px\" \/><figcaption class=\"wp-element-caption\">Le b\u00e9nitier<\/figcaption><\/figure>\n<\/div>\n\n<div class=\"wp-block-image\">\n<figure class=\"aligncenter is-resized\"><img loading=\"lazy\" decoding=\"async\" width=\"3024\" height=\"4032\" data-attachment-id=\"3386\" data-permalink=\"https:\/\/patrimoine-avesnois.fr\/chemin\/landrecies\/img_5555\/\" data-orig-file=\"https:\/\/i0.wp.com\/patrimoine-avesnois.fr\/chemin\/wp-content\/uploads\/2019\/05\/IMG_5555.jpg?fit=3024%2C4032&amp;ssl=1\" data-orig-size=\"3024,4032\" data-comments-opened=\"1\" data-image-meta=\"{&quot;aperture&quot;:&quot;2.2&quot;,&quot;credit&quot;:&quot;&quot;,&quot;camera&quot;:&quot;iPhone SE&quot;,&quot;caption&quot;:&quot;&quot;,&quot;created_timestamp&quot;:&quot;1557075629&quot;,&quot;copyright&quot;:&quot;&quot;,&quot;focal_length&quot;:&quot;4.15&quot;,&quot;iso&quot;:&quot;400&quot;,&quot;shutter_speed&quot;:&quot;0.058823529411765&quot;,&quot;title&quot;:&quot;&quot;,&quot;orientation&quot;:&quot;1&quot;}\" data-image-title=\"IMG_5555\" data-image-description=\"\" data-image-caption=\"\" data-large-file=\"https:\/\/i0.wp.com\/patrimoine-avesnois.fr\/chemin\/wp-content\/uploads\/2019\/05\/IMG_5555.jpg?fit=768%2C1024&amp;ssl=1\" src=\"https:\/\/i1.wp.com\/patrimoine-avesnois.fr\/chemin\/wp-content\/uploads\/2019\/05\/IMG_5555.jpg?fit=768%2C1024\" alt=\"\" class=\"wp-image-3386\" style=\"width:560px;height:745px\" srcset=\"https:\/\/i0.wp.com\/patrimoine-avesnois.fr\/chemin\/wp-content\/uploads\/2019\/05\/IMG_5555.jpg?w=3024&amp;ssl=1 3024w, https:\/\/i0.wp.com\/patrimoine-avesnois.fr\/chemin\/wp-content\/uploads\/2019\/05\/IMG_5555.jpg?resize=225%2C300&amp;ssl=1 225w, https:\/\/i0.wp.com\/patrimoine-avesnois.fr\/chemin\/wp-content\/uploads\/2019\/05\/IMG_5555.jpg?resize=768%2C1024&amp;ssl=1 768w, https:\/\/i0.wp.com\/patrimoine-avesnois.fr\/chemin\/wp-content\/uploads\/2019\/05\/IMG_5555.jpg?resize=1200%2C1600&amp;ssl=1 1200w, https:\/\/i0.wp.com\/patrimoine-avesnois.fr\/chemin\/wp-content\/uploads\/2019\/05\/IMG_5555.jpg?w=1680 1680w, https:\/\/i0.wp.com\/patrimoine-avesnois.fr\/chemin\/wp-content\/uploads\/2019\/05\/IMG_5555.jpg?w=2520 2520w\" sizes=\"auto, (max-width: 709px) 85vw, (max-width: 909px) 67vw, (max-width: 1362px) 62vw, 840px\" \/><figcaption class=\"wp-element-caption\">Saint Pierre et Saint Paul. Oeuvre de PASQUALINI. Don du gouvernement fran\u00e7ais \u00e0 la ville vers le milieu du XIX e si\u00e8cle, \u00e0 l&rsquo;initiative du comte de M\u00e9rode, d\u00e9put\u00e9 de la r\u00e9gion.<\/figcaption><\/figure>\n<\/div>\n\n<div class=\"wp-block-image\">\n<figure class=\"aligncenter\"><img decoding=\"async\" src=\"https:\/\/i1.wp.com\/patrimoine-avesnois.fr\/chemin\/wp-content\/uploads\/2019\/05\/IMG_5553.jpg?fit=840%2C630\" alt=\"L\u00e2\u0080\u0099attribut alt de cette image est vide, son nom de fichier est IMG_5553.jpg.\"\/><figcaption class=\"wp-element-caption\">L&rsquo;orgue<\/figcaption><\/figure>\n<\/div>\n\n\n<p>En 1789 l&rsquo;orgue \u00e9tait peu important. <\/p>\n\n\n\n<p>En 1822 lors de la reconstruction de l&rsquo;\u00e9glise, l&rsquo;orgue r\u00e9alis\u00e9 par le facteur Caulier de Valenciennes comporte 20 jeux et 2 claviers. <\/p>\n\n\n\n<p>En novembre 1860 la soci\u00e9t\u00e9 Merklin Schutz de Paris et Bruxelles installe de nouvelles orgues. L&rsquo;inauguration a lieu le 15 janvier 1861 : au clavier Monsieur Batiste, organiste de sainte eustache \u00e0 Paris. <\/p>\n\n\n\n<p>En 1917, les tuyaux en \u00e9tain sont enlev\u00e9s par l&rsquo;occupant. en 1918 les bombardements endommagent l&rsquo;orgue. <\/p>\n\n\n\n<p>En 1928 il est reconstruit par le facteur Felix Van Den Brande d&rsquo;Amiens.<\/p>\n\n\n\n<p>En 1953 l&rsquo;orgue fut une nouvelle fois restaur\u00e9 par la maison Grammet de Saint Andr\u00e9 lez Lille sous la surveillance de l&rsquo;architecte Lillois Marcel Pesse.<\/p>\n\n\n\n<p>En 1995 une nouvelle restauration est confi\u00e9e au facteur d&rsquo;orgue Andriessen de Menen (Belgique): remplacement du ventillateur trop bruyant, enlargement de l&rsquo;orgue par pose de 168 tuyaux en \u00e9tain plac\u00e9s dans des caissons en ch\u00eane. Malheureusement une octave du clavier est supprim\u00e9e.<\/p>\n\n\n\n<p>En 2000 restauration compl\u00e8te de l&rsquo;orgue par le facteur Decavel de Berlaimont (instrument et buffet)<\/p>\n\n\n<div class=\"wp-block-image\">\n<figure class=\"aligncenter\"><img data-recalc-dims=\"1\" loading=\"lazy\" decoding=\"async\" width=\"514\" height=\"750\" data-attachment-id=\"3388\" data-permalink=\"https:\/\/patrimoine-avesnois.fr\/chemin\/landrecies\/image-509\/\" data-orig-file=\"https:\/\/i0.wp.com\/patrimoine-avesnois.fr\/chemin\/wp-content\/uploads\/2019\/05\/image-36.png?fit=514%2C750&amp;ssl=1\" data-orig-size=\"514,750\" data-comments-opened=\"1\" data-image-meta=\"{&quot;aperture&quot;:&quot;0&quot;,&quot;credit&quot;:&quot;&quot;,&quot;camera&quot;:&quot;&quot;,&quot;caption&quot;:&quot;&quot;,&quot;created_timestamp&quot;:&quot;0&quot;,&quot;copyright&quot;:&quot;&quot;,&quot;focal_length&quot;:&quot;0&quot;,&quot;iso&quot;:&quot;0&quot;,&quot;shutter_speed&quot;:&quot;0&quot;,&quot;title&quot;:&quot;&quot;,&quot;orientation&quot;:&quot;0&quot;}\" data-image-title=\"image\" data-image-description=\"\" data-image-caption=\"\" data-large-file=\"https:\/\/i0.wp.com\/patrimoine-avesnois.fr\/chemin\/wp-content\/uploads\/2019\/05\/image-36.png?fit=514%2C750&amp;ssl=1\" src=\"https:\/\/i0.wp.com\/patrimoine-avesnois.fr\/chemin\/wp-content\/uploads\/2019\/05\/image-36.png?resize=514%2C750\" alt=\"\" class=\"wp-image-3388\" srcset=\"https:\/\/i0.wp.com\/patrimoine-avesnois.fr\/chemin\/wp-content\/uploads\/2019\/05\/image-36.png?w=514&amp;ssl=1 514w, https:\/\/i0.wp.com\/patrimoine-avesnois.fr\/chemin\/wp-content\/uploads\/2019\/05\/image-36.png?resize=206%2C300&amp;ssl=1 206w\" sizes=\"auto, (max-width: 514px) 85vw, 514px\" \/><figcaption class=\"wp-element-caption\">Vitrail rare : saint Augustin et sainte Monique (1880)<\/figcaption><\/figure>\n<\/div>\n\n\n<figure class=\"wp-block-gallery has-nested-images columns-default is-cropped wp-block-gallery-1 is-layout-flex wp-block-gallery-is-layout-flex\">\n<figure class=\"wp-block-image size-large\"><img data-recalc-dims=\"1\" loading=\"lazy\" decoding=\"async\" width=\"483\" height=\"866\" data-attachment-id=\"3391\" data-permalink=\"https:\/\/patrimoine-avesnois.fr\/chemin\/landrecies\/capture-61\/\" data-orig-file=\"https:\/\/i0.wp.com\/patrimoine-avesnois.fr\/chemin\/wp-content\/uploads\/2019\/05\/Capture-20.jpg?fit=483%2C866&amp;ssl=1\" data-orig-size=\"483,866\" data-comments-opened=\"1\" data-image-meta=\"{&quot;aperture&quot;:&quot;0&quot;,&quot;credit&quot;:&quot;CARRE&quot;,&quot;camera&quot;:&quot;&quot;,&quot;caption&quot;:&quot;&quot;,&quot;created_timestamp&quot;:&quot;1557331130&quot;,&quot;copyright&quot;:&quot;&quot;,&quot;focal_length&quot;:&quot;0&quot;,&quot;iso&quot;:&quot;0&quot;,&quot;shutter_speed&quot;:&quot;0&quot;,&quot;title&quot;:&quot;&quot;,&quot;orientation&quot;:&quot;0&quot;}\" data-image-title=\"Capture\" data-image-description=\"\" data-image-caption=\"\" data-large-file=\"https:\/\/i0.wp.com\/patrimoine-avesnois.fr\/chemin\/wp-content\/uploads\/2019\/05\/Capture-20.jpg?fit=483%2C866&amp;ssl=1\" data-id=\"3391\" src=\"https:\/\/i0.wp.com\/patrimoine-avesnois.fr\/chemin\/wp-content\/uploads\/2019\/05\/Capture-20.jpg?resize=483%2C866&#038;ssl=1\" alt=\"\" class=\"wp-image-3391\" srcset=\"https:\/\/i0.wp.com\/patrimoine-avesnois.fr\/chemin\/wp-content\/uploads\/2019\/05\/Capture-20.jpg?w=483&amp;ssl=1 483w, https:\/\/i0.wp.com\/patrimoine-avesnois.fr\/chemin\/wp-content\/uploads\/2019\/05\/Capture-20.jpg?resize=167%2C300&amp;ssl=1 167w\" sizes=\"auto, (max-width: 483px) 85vw, 483px\" \/><\/figure>\n\n\n\n<figure class=\"wp-block-image size-large\"><img data-recalc-dims=\"1\" loading=\"lazy\" decoding=\"async\" width=\"587\" height=\"866\" data-attachment-id=\"3392\" data-permalink=\"https:\/\/patrimoine-avesnois.fr\/chemin\/landrecies\/capture1-33\/\" data-orig-file=\"https:\/\/i0.wp.com\/patrimoine-avesnois.fr\/chemin\/wp-content\/uploads\/2019\/05\/Capture1-7.jpg?fit=587%2C866&amp;ssl=1\" data-orig-size=\"587,866\" data-comments-opened=\"1\" data-image-meta=\"{&quot;aperture&quot;:&quot;0&quot;,&quot;credit&quot;:&quot;CARRE&quot;,&quot;camera&quot;:&quot;&quot;,&quot;caption&quot;:&quot;&quot;,&quot;created_timestamp&quot;:&quot;1557331179&quot;,&quot;copyright&quot;:&quot;&quot;,&quot;focal_length&quot;:&quot;0&quot;,&quot;iso&quot;:&quot;0&quot;,&quot;shutter_speed&quot;:&quot;0&quot;,&quot;title&quot;:&quot;&quot;,&quot;orientation&quot;:&quot;0&quot;}\" data-image-title=\"Capture1\" data-image-description=\"\" data-image-caption=\"\" data-large-file=\"https:\/\/i0.wp.com\/patrimoine-avesnois.fr\/chemin\/wp-content\/uploads\/2019\/05\/Capture1-7.jpg?fit=587%2C866&amp;ssl=1\" data-id=\"3392\" src=\"https:\/\/i0.wp.com\/patrimoine-avesnois.fr\/chemin\/wp-content\/uploads\/2019\/05\/Capture1-7.jpg?resize=587%2C866&#038;ssl=1\" alt=\"\" class=\"wp-image-3392\" srcset=\"https:\/\/i0.wp.com\/patrimoine-avesnois.fr\/chemin\/wp-content\/uploads\/2019\/05\/Capture1-7.jpg?w=587&amp;ssl=1 587w, https:\/\/i0.wp.com\/patrimoine-avesnois.fr\/chemin\/wp-content\/uploads\/2019\/05\/Capture1-7.jpg?resize=203%2C300&amp;ssl=1 203w\" sizes=\"auto, (max-width: 587px) 85vw, 587px\" \/><\/figure>\n<\/figure>\n\n\n<div class=\"wp-block-image\">\n<figure class=\"aligncenter\"><img loading=\"lazy\" decoding=\"async\" width=\"4032\" height=\"3024\" data-attachment-id=\"3383\" data-permalink=\"https:\/\/patrimoine-avesnois.fr\/chemin\/landrecies\/img_5542\/\" data-orig-file=\"https:\/\/i0.wp.com\/patrimoine-avesnois.fr\/chemin\/wp-content\/uploads\/2019\/05\/IMG_5542.jpg?fit=4032%2C3024&amp;ssl=1\" data-orig-size=\"4032,3024\" data-comments-opened=\"1\" data-image-meta=\"{&quot;aperture&quot;:&quot;2.2&quot;,&quot;credit&quot;:&quot;&quot;,&quot;camera&quot;:&quot;iPhone SE&quot;,&quot;caption&quot;:&quot;&quot;,&quot;created_timestamp&quot;:&quot;1557074712&quot;,&quot;copyright&quot;:&quot;&quot;,&quot;focal_length&quot;:&quot;4.15&quot;,&quot;iso&quot;:&quot;80&quot;,&quot;shutter_speed&quot;:&quot;0.03030303030303&quot;,&quot;title&quot;:&quot;&quot;,&quot;orientation&quot;:&quot;0&quot;}\" data-image-title=\"IMG_5542\" data-image-description=\"\" data-image-caption=\"\" data-large-file=\"https:\/\/i0.wp.com\/patrimoine-avesnois.fr\/chemin\/wp-content\/uploads\/2019\/05\/IMG_5542.jpg?fit=840%2C630&amp;ssl=1\" src=\"https:\/\/i2.wp.com\/patrimoine-avesnois.fr\/chemin\/wp-content\/uploads\/2019\/05\/IMG_5542.jpg?fit=840%2C630\" alt=\"\" class=\"wp-image-3383\" srcset=\"https:\/\/i0.wp.com\/patrimoine-avesnois.fr\/chemin\/wp-content\/uploads\/2019\/05\/IMG_5542.jpg?w=4032&amp;ssl=1 4032w, https:\/\/i0.wp.com\/patrimoine-avesnois.fr\/chemin\/wp-content\/uploads\/2019\/05\/IMG_5542.jpg?resize=300%2C225&amp;ssl=1 300w, https:\/\/i0.wp.com\/patrimoine-avesnois.fr\/chemin\/wp-content\/uploads\/2019\/05\/IMG_5542.jpg?resize=768%2C576&amp;ssl=1 768w, https:\/\/i0.wp.com\/patrimoine-avesnois.fr\/chemin\/wp-content\/uploads\/2019\/05\/IMG_5542.jpg?resize=1024%2C768&amp;ssl=1 1024w, https:\/\/i0.wp.com\/patrimoine-avesnois.fr\/chemin\/wp-content\/uploads\/2019\/05\/IMG_5542.jpg?resize=1200%2C900&amp;ssl=1 1200w, https:\/\/i0.wp.com\/patrimoine-avesnois.fr\/chemin\/wp-content\/uploads\/2019\/05\/IMG_5542.jpg?w=1680 1680w, https:\/\/i0.wp.com\/patrimoine-avesnois.fr\/chemin\/wp-content\/uploads\/2019\/05\/IMG_5542.jpg?w=2520 2520w\" sizes=\"auto, (max-width: 709px) 85vw, (max-width: 909px) 67vw, (max-width: 1362px) 62vw, 840px\" \/><\/figure>\n<\/div>\n\n<div class=\"wp-block-image\">\n<figure class=\"aligncenter\"><img loading=\"lazy\" decoding=\"async\" width=\"4032\" height=\"3024\" data-attachment-id=\"3384\" data-permalink=\"https:\/\/patrimoine-avesnois.fr\/chemin\/landrecies\/img_5540\/\" data-orig-file=\"https:\/\/i0.wp.com\/patrimoine-avesnois.fr\/chemin\/wp-content\/uploads\/2019\/05\/IMG_5540.jpg?fit=4032%2C3024&amp;ssl=1\" data-orig-size=\"4032,3024\" data-comments-opened=\"1\" data-image-meta=\"{&quot;aperture&quot;:&quot;2.2&quot;,&quot;credit&quot;:&quot;&quot;,&quot;camera&quot;:&quot;iPhone SE&quot;,&quot;caption&quot;:&quot;&quot;,&quot;created_timestamp&quot;:&quot;1557074678&quot;,&quot;copyright&quot;:&quot;&quot;,&quot;focal_length&quot;:&quot;4.15&quot;,&quot;iso&quot;:&quot;250&quot;,&quot;shutter_speed&quot;:&quot;0.058823529411765&quot;,&quot;title&quot;:&quot;&quot;,&quot;orientation&quot;:&quot;0&quot;}\" data-image-title=\"IMG_5540\" data-image-description=\"\" data-image-caption=\"\" data-large-file=\"https:\/\/i0.wp.com\/patrimoine-avesnois.fr\/chemin\/wp-content\/uploads\/2019\/05\/IMG_5540.jpg?fit=840%2C630&amp;ssl=1\" src=\"https:\/\/i0.wp.com\/patrimoine-avesnois.fr\/chemin\/wp-content\/uploads\/2019\/05\/IMG_5540.jpg?fit=840%2C630\" alt=\"\" class=\"wp-image-3384\" srcset=\"https:\/\/i0.wp.com\/patrimoine-avesnois.fr\/chemin\/wp-content\/uploads\/2019\/05\/IMG_5540.jpg?w=4032&amp;ssl=1 4032w, https:\/\/i0.wp.com\/patrimoine-avesnois.fr\/chemin\/wp-content\/uploads\/2019\/05\/IMG_5540.jpg?resize=300%2C225&amp;ssl=1 300w, https:\/\/i0.wp.com\/patrimoine-avesnois.fr\/chemin\/wp-content\/uploads\/2019\/05\/IMG_5540.jpg?resize=768%2C576&amp;ssl=1 768w, https:\/\/i0.wp.com\/patrimoine-avesnois.fr\/chemin\/wp-content\/uploads\/2019\/05\/IMG_5540.jpg?resize=1024%2C768&amp;ssl=1 1024w, https:\/\/i0.wp.com\/patrimoine-avesnois.fr\/chemin\/wp-content\/uploads\/2019\/05\/IMG_5540.jpg?resize=1200%2C900&amp;ssl=1 1200w, https:\/\/i0.wp.com\/patrimoine-avesnois.fr\/chemin\/wp-content\/uploads\/2019\/05\/IMG_5540.jpg?w=1680 1680w, https:\/\/i0.wp.com\/patrimoine-avesnois.fr\/chemin\/wp-content\/uploads\/2019\/05\/IMG_5540.jpg?w=2520 2520w\" sizes=\"auto, (max-width: 709px) 85vw, (max-width: 909px) 67vw, (max-width: 1362px) 62vw, 840px\" \/><figcaption class=\"wp-element-caption\">Monument aux Morts \u00e0 l&rsquo;entr\u00e9e de l&rsquo;\u00e9glise<\/figcaption><\/figure>\n<\/div>\n\n\n<p><strong>Les cloches de l&rsquo;\u00e9glise <\/strong>:<\/p>\n\n\n\n<p>La plus ancienne date de la reconstruction de l&rsquo;\u00e9glise en 1527. Elle porte l&rsquo;inscription \u00ab\u00a0de Fran\u00e7ois de Ranscourt pasteur de grand renom l&rsquo;an mil cinq cens vingt sept de Fran\u00e7oise eus le nom depuis estant chass\u00e9e (cass\u00e9e) je fus renouvel\u00e9e l&rsquo;an mil six cents et cincq et Marie appel\u00e9e\u00a0\u00bb<\/p>\n\n\n\n<p>Elle fut le t\u00e9moin du si\u00e8ge de landrecies par Charles quint en 1543. elle sonna en 1559 lors de la visite \u00e0 Landrecies de Maximilien d&rsquo;Autriche, de son fils Philippe le Beau et de la reine Marie de Bourgogne. Elle fut aussi le t\u00e9moin des si\u00e8ges de 1637,1647,1655,. C&rsquo;est au nom de cette cloche qu&rsquo;en 1670 Louis XIV se rendit \u00e0 la messe.<\/p>\n\n\n\n<p>Elle a \u00e9chapp\u00e9e \u00e0 la destruction lors des si\u00e8ges de 172 et de 1794. Lors de ce dernier si\u00e8ge, tandis que la ville \u00e9tait presque totalement d\u00e9truite,  elle fut transport\u00e9e sur les remparts au dessus de la porte du Quesnoy, puis transf\u00e9r\u00e9e sur le bastion du \u00ab\u00a0Grand Cavalier\u00a0\u00bb. C&rsquo;est de l\u00e0 qu&rsquo;elle appelait les fid\u00e8les aux offices. En 1815 on dut pour la soustraire aux boulets des assi\u00e9geants, la descendre dans la cour du Doyen. celui-ci la tint soigneusement cach\u00e9e sous un tas de bois jusqu&rsquo;en 1822 o\u00f9 elle fut hiss\u00e9e dans la tour.<\/p>\n\n\n\n<p>Enfin elle \u00e9chappa \u00e0 la r\u00e9quisition de l&rsquo;occupant le 27 ao\u00fbt 1917 gr\u00e2ce aux arguments du Maire Monsieur Bonnaire. <\/p>\n\n\n\n<p>Les autres cloches :<\/p>\n\n\n\n<p>\u00ab\u00a0Sur l&rsquo;autre cloche il est \u00e9crit je m&rsquo;appelle Marguerite afin qu&rsquo;\u00e0 tous je profite\u00a0\u00bbPasteur Vineil 1568. Le 27 ao\u00fbt 1917, les deux autres cloches M\u00e9lanie et Emilie qui avaient \u00e9t\u00e9 baptis\u00e9es le 17 ao\u00fbt 1879 furent r\u00e9quisitionn\u00e9es par les Allemands.<\/p>\n\n\n\n<p>Le 22 juillet 1928 on baptise deux nouvelles cloches, la plus importante p\u00e8se 900 kg et donne la note \u00ab\u00a0Fa\u00a0\u00bb. Elle porte les armes de Landrecies. On peut y voir l&rsquo;effigie du Christ, celle de la Vierge et la marque des fondeurs. La seconde p\u00e8se 650 kg et donne la note \u00ab\u00a0Sol\u00a0\u00bb. Elle porte les armes de la ville, l&rsquo;effigie du Christ, celle de saint Georges et la marque des fondeurs Ets Paccard \u00e0 Annecy-le-Vieux.<\/p>\n\n\n\n<p><strong>Des travaux \u00e0 pr\u00e9voir : <\/strong><\/p>\n\n\n\n<p>Ils vont d\u00e9buter au premier trimestre 2022 et vont s&rsquo;\u00e9taler sur une ann\u00e9e. Ils concernent le rejointoiement de la totalit\u00e9 des murs et la r\u00e9fection compl\u00e8te de la toiture. Celle ci sera recouverte d&rsquo;ardoises grises mais aussi de quelques panneaux volta\u00efques quasiment invisibles d&rsquo;un point de vue esth\u00e9tique. A l&rsquo;int\u00e9rieur de l&rsquo;\u00e9difice, les grilles des vitraux vont \u00eatre d\u00e9mont\u00e9es et repeintes avant d&rsquo;\u00eatre repos\u00e9es. Ult\u00e9rieurement il faudra envisager la r\u00e9novation des pl\u00e2tres et peintures.<\/p>\n\n\n<div class=\"wp-block-image\">\n<figure class=\"aligncenter\"><img decoding=\"async\" src=\"https:\/\/gallica.bnf.fr\/ark:\/12148\/btv1b77430597\/f1.highres\" alt=\"Place et mairie de Landrecies. Nord : [dessin]\"\/><figcaption class=\"wp-element-caption\"> Place et mairie de Landrecies. Nord : [dessin] <\/figcaption><\/figure>\n<\/div>\n\n<div class=\"wp-block-image\">\n<figure class=\"aligncenter\"><img data-recalc-dims=\"1\" decoding=\"async\" src=\"https:\/\/i0.wp.com\/www2.culture.gouv.fr\/Wave\/image\/memoire\/2865\/sap52_77ls02059b_p.jpg?w=840\" alt=\"\"\/><figcaption class=\"wp-element-caption\"> <em>Fa\u00e7ade et statue de Dupleix sur la place&nbsp;<\/em>Auteur de l&rsquo;oeuvre <a href=\"http:\/\/www2.culture.gouv.fr\/public\/mistral\/memoire_fr?ACTION=CHERCHER&amp;FIELD_98=AUTOEU&amp;VALUE_98=Fagel&amp;DOM=Tous&amp;REL_SPECIFIC=3\" target=\"_blank\" rel=\"noreferrer noopener\">Fagel<\/a>,<a href=\"http:\/\/www2.culture.gouv.fr\/public\/mistral\/memoire_fr?ACTION=CHERCHER&amp;FIELD_98=AUTOEU&amp;VALUE_98=%20L%e9on%20&amp;DOM=Tous&amp;REL_SPECIFIC=3\">&nbsp;L\u00e9on&nbsp;<\/a>(<a href=\"http:\/\/www2.culture.gouv.fr\/public\/mistral\/memoire_fr?ACTION=CHERCHER&amp;FIELD_98=AUTOEU&amp;VALUE_98=sculpteur&amp;DOM=Tous&amp;REL_SPECIFIC=3\">sculpteur<\/a>,<a href=\"http:\/\/www2.culture.gouv.fr\/public\/mistral\/memoire_fr?ACTION=CHERCHER&amp;FIELD_98=AUTOEU&amp;VALUE_98=%201851%2d1913&amp;DOM=Tous&amp;REL_SPECIFIC=3\">&nbsp;1851-1913<\/a>) <\/figcaption><\/figure>\n<\/div>\n\n\n<p>Cette statue est l&rsquo;une des plus belles de la r\u00e9gion. Dupleix est repr\u00e9sent\u00e9 prenant possession de l&rsquo;Hindoustan, rev\u00eatu du riche costume de marquis, qui \u00e9tait sa tenue de combat, et portant le grand cordon de l&rsquo;ordre royal et militaire de Saint Louis, il indique de la main droite le sol de l&rsquo;Inde; de la main gauche il y plante le drapeau de la France. Le regard est per\u00e7ant et \u00e9nergique. C&rsquo;est bien le conqu\u00e9rant qui se dresse ici.<\/p>\n\n\n\n<p>Le premier bas-relief du socle de la statue associe \u00e0 Dupleix sa femme, celle que les hindous appelaient la princesse jeanne : Johanna Begum. Le second bas-relief montre Dupleix recevant les hommages des chefs de l&rsquo;Hindoustan.<\/p>\n\n\n<div class=\"wp-block-image\">\n<figure class=\"aligncenter\"><img decoding=\"async\" src=\"https:\/\/upload.wikimedia.org\/wikipedia\/commons\/thumb\/3\/34\/Landrecies_%28Nord%2C_Fr%29_Hotel_de_ville_et_statue_Dupleix.jpg\/1280px-Landrecies_%28Nord%2C_Fr%29_Hotel_de_ville_et_statue_Dupleix.jpg\" alt=\"Landrecies\"\/><figcaption class=\"wp-element-caption\">L&rsquo;H\u00f4tel de Ville avec la statue de Dupleix inaugur\u00e9e en 1888. Auteur et ex\u00e9cutant de la statue <a rel=\"noreferrer noopener\" href=\"http:\/\/www2.culture.gouv.fr\/public\/mistral\/joconde_fr?ACTION=CHERCHER&amp;FIELD_98=AUTR&amp;VALUE_98=HOUSSIN%20Edouard&amp;DOM=All&amp;REL_SPECIFIC=3\" target=\"_blank\">HOUSSIN Edouard<\/a> Photo Havang 2011<\/figcaption><\/figure>\n<\/div>\n\n\n<p>Construit en 1739-1740, l\u2019h\u00f4tel de ville a \u00e9t\u00e9 en grande partie endommag\u00e9 suite aux bombardements de 1918. La partie droite du rez-de-chauss\u00e9e et l\u2019\u00e9tage ont \u00e9t\u00e9 reconstruit en 1920.  <br>Ce b\u00e2timent en brique, avec son harpage d\u2019angles, ses encadrements, ses arcs de crois\u00e9es et ses appuis en pierre bleue appareill\u00e9e, a \u00e9t\u00e9 \u00e9lev\u00e9 sur des fondations en pierre d\u2019un m\u00e8tre d\u2019\u00e9paisseur. La fa\u00e7ade est pourvue d\u2019un perron semi-circulaire \u00e0 deux escaliers avec garde-corps en fer-forg\u00e9 s\u00e9par\u00e9s par une porte d\u2019acc\u00e8s au rez-de-chauss\u00e9e et aux sous-sols occup\u00e9s jadis par les prisons. Au-dessus du soubassement, elle comporte trois bandeaux en pierre de taille qui ceinturent l\u2019\u00e9difice \u00e0 hauteur des \u00e9tages. L\u2019ensemble est surmont\u00e9 d\u2019une corniche en pierre de taille sur laquelle repose un fronton triangulaire \u00e0 rampants moulur\u00e9s, au centre duquel sont repr\u00e9sent\u00e9es les armes de la ville. Le centre de la fa\u00e7ade se termine par un beffroi \u00e0 quatre faces, agr\u00e9ment\u00e9 d\u2019une horloge et couronn\u00e9 par campanile form\u00e9 de portiques ajour\u00e9s et coiff\u00e9s d\u2019un d\u00f4me \u00e0 quatre faces aux angle abattus et surmont\u00e9 d\u2019une girouette. Les brisis de la toiture sont couverts d\u2019ardoise et orn\u00e9s de lucarne en zinc orn\u00e9 et repouss\u00e9. L\u2019ampleur du b\u00e2timent s\u2019explique par le fait que tout le rez-de-chauss\u00e9e \u00e9tait occup\u00e9 par les halles aux grains, Landrecies se trouvant \u00e0 la jonction entre les pays de plaine ouverte, le Cambr\u00e9sis et, ceux de bocage et d\u2019herbe, l\u2019Avesnois et le contrefort des Ardennes. Source du texte : <a rel=\"noreferrer noopener\" aria-label=\"La Mairie (opens in a new tab)\" href=\"https:\/\/landrecies.com\/index.php\/un-peu-dhistoire\/\" target=\"_blank\">La Mairie<\/a><\/p>\n\n\n\n<p class=\"has-text-align-center\">***<\/p>\n\n\n\n<p>Le mus\u00e9e communal de Landrecies est situ\u00e9 Place Bonnaire. Il occupe plusieurs salles de l\u2019h\u00f4tel de ville. Il regroupe au 1er \u00e9tage le mus\u00e9e Dupleix (1697 &#8211; 1763), gouverneur fran\u00e7ais en Inde n\u00e9 \u00e0 Landrecies (meubles indiens lui ayant appartenu), et le Mus\u00e9e Ernest Amas (1869 &#8211; 1959) qui contient une partie des \u0153uvres du peintre Landrecien contemporain de Matisse.<\/p>\n\n\n<div class=\"wp-block-image\">\n<figure class=\"aligncenter\"><img data-recalc-dims=\"1\" decoding=\"async\" src=\"https:\/\/i0.wp.com\/landrecies.com\/wp-content\/uploads\/2019\/01\/musee_dupleix.jpg?w=840&#038;ssl=1\" alt=\"\"\/><figcaption class=\"wp-element-caption\">Photo de la ville de Landrecies<\/figcaption><\/figure>\n<\/div>\n\n<div class=\"wp-block-image\">\n<figure class=\"aligncenter\"><img decoding=\"async\" src=\"https:\/\/upload.wikimedia.org\/wikipedia\/commons\/thumb\/7\/7c\/Mus%C3%A9e_Dupleix_de_Landrecies_03.JPG\/1280px-Mus%C3%A9e_Dupleix_de_Landrecies_03.JPG\" alt=\"Mus\u00c3\u0083\u00c2\u00a9e Dupleix de Landrecies 03.JPG\"\/><figcaption class=\"wp-element-caption\"><em>Lit sculpt\u00e9 pour le mariage de Dupleix, 1741, acajou de Coromandel ou bois de fer, Mus\u00e9e Joseph Fran\u00e7ois Dupleix, Mairie de Landrecies Photo C<\/em><a href=\"https:\/\/commons.wikimedia.org\/wiki\/File:Mus%C3%A9e_Dupleix_de_Landrecies_03.JPG\" target=\"_blank\" rel=\"noreferrer noopener\">hatsam<\/a> <\/figcaption><\/figure>\n<\/div>\n\n<div class=\"wp-block-image\">\n<figure class=\"aligncenter is-resized\"><img data-recalc-dims=\"1\" decoding=\"async\" src=\"https:\/\/i0.wp.com\/landrecies.com\/wp-content\/uploads\/2019\/01\/musee_amas.jpg?w=840&#038;ssl=1\" alt=\"\" style=\"width:840px;height:630px\"\/><figcaption class=\"wp-element-caption\">Collection d&rsquo;Ernest Amas<\/figcaption><\/figure>\n<\/div>\n\n<div class=\"wp-block-image\">\n<figure class=\"aligncenter\"><img data-recalc-dims=\"1\" decoding=\"async\" src=\"https:\/\/i0.wp.com\/landrecies.com\/wp-content\/uploads\/2019\/01\/photo-tableau-E-Amas.jpg?w=840&#038;ssl=1\" alt=\"\"\/><figcaption class=\"wp-element-caption\">Photo tableau E Amas<\/figcaption><\/figure>\n<\/div>\n\n\n<div class=\"wp-block-jetpack-slideshow aligncenter\" data-effect=\"slide\"><div class=\"wp-block-jetpack-slideshow_container swiper-container\"><ul class=\"wp-block-jetpack-slideshow_swiper-wrappper swiper-wrapper\"><li class=\"wp-block-jetpack-slideshow_slide swiper-slide\"><figure><img data-recalc-dims=\"1\" loading=\"lazy\" decoding=\"async\" width=\"665\" height=\"428\" alt=\"\" class=\"wp-block-jetpack-slideshow_image wp-image-3523\" data-id=\"3523\" src=\"https:\/\/i0.wp.com\/patrimoine-avesnois.fr\/chemin\/wp-content\/uploads\/2019\/05\/bade514f50c04c6f6e00f16e9ad3e1d2.jpg?resize=665%2C428\" srcset=\"https:\/\/i0.wp.com\/patrimoine-avesnois.fr\/chemin\/wp-content\/uploads\/2019\/05\/bade514f50c04c6f6e00f16e9ad3e1d2.jpg?w=665&amp;ssl=1 665w, https:\/\/i0.wp.com\/patrimoine-avesnois.fr\/chemin\/wp-content\/uploads\/2019\/05\/bade514f50c04c6f6e00f16e9ad3e1d2.jpg?resize=300%2C193&amp;ssl=1 300w\" sizes=\"(max-width: 665px) 85vw, 665px\" \/><\/figure><\/li><li class=\"wp-block-jetpack-slideshow_slide swiper-slide\"><figure><img data-recalc-dims=\"1\" loading=\"lazy\" decoding=\"async\" width=\"665\" height=\"428\" alt=\"\" class=\"wp-block-jetpack-slideshow_image wp-image-3524\" data-id=\"3524\" src=\"https:\/\/i0.wp.com\/patrimoine-avesnois.fr\/chemin\/wp-content\/uploads\/2019\/05\/d9007bb8a5043a399b7229df2061e477.jpg?resize=665%2C428\" srcset=\"https:\/\/i0.wp.com\/patrimoine-avesnois.fr\/chemin\/wp-content\/uploads\/2019\/05\/d9007bb8a5043a399b7229df2061e477.jpg?w=665&amp;ssl=1 665w, https:\/\/i0.wp.com\/patrimoine-avesnois.fr\/chemin\/wp-content\/uploads\/2019\/05\/d9007bb8a5043a399b7229df2061e477.jpg?resize=300%2C193&amp;ssl=1 300w\" sizes=\"(max-width: 665px) 85vw, 665px\" \/><\/figure><\/li><li class=\"wp-block-jetpack-slideshow_slide swiper-slide\"><figure><img data-recalc-dims=\"1\" loading=\"lazy\" decoding=\"async\" width=\"665\" height=\"428\" alt=\"\" class=\"wp-block-jetpack-slideshow_image wp-image-3525\" data-id=\"3525\" src=\"https:\/\/i0.wp.com\/patrimoine-avesnois.fr\/chemin\/wp-content\/uploads\/2019\/05\/51b79a1d56849fe4c6efc2daa915408a.jpg?resize=665%2C428\" srcset=\"https:\/\/i0.wp.com\/patrimoine-avesnois.fr\/chemin\/wp-content\/uploads\/2019\/05\/51b79a1d56849fe4c6efc2daa915408a.jpg?w=665&amp;ssl=1 665w, https:\/\/i0.wp.com\/patrimoine-avesnois.fr\/chemin\/wp-content\/uploads\/2019\/05\/51b79a1d56849fe4c6efc2daa915408a.jpg?resize=300%2C193&amp;ssl=1 300w\" sizes=\"(max-width: 665px) 85vw, 665px\" \/><\/figure><\/li><\/ul><a class=\"wp-block-jetpack-slideshow_button-prev swiper-button-prev swiper-button-white\" role=\"button\"><\/a><a class=\"wp-block-jetpack-slideshow_button-next swiper-button-next swiper-button-white\" role=\"button\"><\/a><a aria-label=\"Pause Slideshow\" class=\"wp-block-jetpack-slideshow_button-pause\" role=\"button\"><\/a><div class=\"wp-block-jetpack-slideshow_pagination swiper-pagination swiper-pagination-white\"><\/div><\/div><\/div>\n\n\n\n<p>Le Mus\u00e9e de fossiles et min\u00e9raux Paul Boussemart et Jules Gosselet se trouve au rez-de-chauss\u00e9e de la mairie c\u00f4t\u00e9 CIP. <\/p>\n\n\n<div class=\"wp-block-image\">\n<figure class=\"aligncenter\"><img data-recalc-dims=\"1\" decoding=\"async\" src=\"https:\/\/i0.wp.com\/lvdneng.rosselcdn.net\/sites\/default\/files\/dpistyles_v2\/ena_16_9_extra_big\/2018\/02\/23\/node_323389\/39125530\/public\/2018\/02\/23\/B9714852660Z.1_20180223190035_000%2BGGIAP2A45.1-0.jpg?w=840&#038;ssl=1\" alt=\"Paul Boussemart avait fait don d\u00e2\u0080\u0099une impressionnante collection de min\u00c3\u00a9raux et de fossiles \u00c3\u00a0 la ville de Landrecies en 2004.\"\/><figcaption class=\"wp-element-caption\">Paul Boussemart <\/figcaption><\/figure>\n<\/div>\n\n\n<p>Enfant du pays, Paul Boussemart a fait don en 2004\u00e0 la ville de Landrecies  <br>de sa collection tr\u00e8s impressionnante de min\u00e9raux et de fossiles : un don de 7 tonnes !!! Il d\u00e9c\u00e9da \u00e0 Besan\u00e7on le 11 janvier 2018 \u00e0 l&rsquo;\u00e2ge de 91 ans. <\/p>\n\n\n<div class=\"wp-block-image\">\n<figure class=\"aligncenter is-resized\"><img decoding=\"async\" src=\"https:\/\/upload.wikimedia.org\/wikipedia\/commons\/thumb\/7\/70\/Jules_Gosselet.jpg\/260px-Jules_Gosselet.jpg\" alt=\"Jules Gosselet.jpg\" style=\"width:461px;height:583px\"\/><figcaption class=\"wp-element-caption\"><a href=\"https:\/\/fr.wikipedia.org\/wiki\/Jules_Gosselet\" target=\"_blank\" rel=\"noreferrer noopener\" aria-label=\"Jules Gosselet  (opens in a new tab)\">Jules Gosselet <\/a><\/figcaption><\/figure>\n<\/div>\n\n<div class=\"wp-block-image\">\n<figure class=\"aligncenter\"><img data-recalc-dims=\"1\" decoding=\"async\" src=\"https:\/\/i0.wp.com\/landrecies.com\/wp-content\/uploads\/2019\/01\/Centre_Interpretation_du_Patrimoine.jpg?w=840&#038;ssl=1\" alt=\"\"\/><\/figure>\n<\/div>\n\n\n<p>Au Rdc de la mairie, dans l&rsquo;ancienne Halle au grain de la maire le Centre d\u2019Interpr\u00e9tation du Patrimoine retrace l&rsquo;histoire et l&rsquo;\u00e9volution de Landrecies en image et texte. Il &nbsp;a \u00e9t\u00e9 inaugur\u00e9 le 07 octobre 2006.  <br>La halle au grain qui date de 1739 a \u00e9t\u00e9 restaur\u00e9e au d\u00e9but des ann\u00e9es 2000, un travail minutieux permettant de lui rendre son cachet d\u2019origine et d\u2019y installer une exposition permanente consacr\u00e9e \u00e0 l\u2019histoire de la ville.<\/p>\n\n\n\n<p>On peut y admirer la couleuvrine d\u00e9couverte en 1895 lors du d\u00e9mant\u00e8lement (il s\u2019agit d\u2019un canon dat\u00e9 du XVe si\u00e8cle), d\u2019autres objets t\u00e9moignant du pass\u00e9 militaire de la ville (boulets, grenades\u2026), ainsi qu\u2019une \u0153uvre du c\u00e9ramiste Raymond Corroyez. Source <a href=\"https:\/\/landrecies.com\/\" target=\"_blank\" rel=\"noreferrer noopener\" aria-label=\"La Mairie (opens in a new tab)\">La Mairie<\/a><\/p>\n\n\n<div class=\"wp-block-image\">\n<figure class=\"aligncenter\"><img data-recalc-dims=\"1\" loading=\"lazy\" decoding=\"async\" width=\"840\" height=\"682\" data-attachment-id=\"3504\" data-permalink=\"https:\/\/patrimoine-avesnois.fr\/chemin\/landrecies\/image-523\/\" data-orig-file=\"https:\/\/i0.wp.com\/patrimoine-avesnois.fr\/chemin\/wp-content\/uploads\/2019\/05\/image-50.png?fit=1023%2C831&amp;ssl=1\" data-orig-size=\"1023,831\" data-comments-opened=\"1\" data-image-meta=\"{&quot;aperture&quot;:&quot;0&quot;,&quot;credit&quot;:&quot;&quot;,&quot;camera&quot;:&quot;&quot;,&quot;caption&quot;:&quot;&quot;,&quot;created_timestamp&quot;:&quot;0&quot;,&quot;copyright&quot;:&quot;&quot;,&quot;focal_length&quot;:&quot;0&quot;,&quot;iso&quot;:&quot;0&quot;,&quot;shutter_speed&quot;:&quot;0&quot;,&quot;title&quot;:&quot;&quot;,&quot;orientation&quot;:&quot;0&quot;}\" data-image-title=\"image\" data-image-description=\"\" data-image-caption=\"\" data-large-file=\"https:\/\/i0.wp.com\/patrimoine-avesnois.fr\/chemin\/wp-content\/uploads\/2019\/05\/image-50.png?fit=840%2C682&amp;ssl=1\" src=\"https:\/\/i0.wp.com\/patrimoine-avesnois.fr\/chemin\/wp-content\/uploads\/2019\/05\/image-50.png?resize=840%2C682\" alt=\"\" class=\"wp-image-3504\" srcset=\"https:\/\/i0.wp.com\/patrimoine-avesnois.fr\/chemin\/wp-content\/uploads\/2019\/05\/image-50.png?w=1023&amp;ssl=1 1023w, https:\/\/i0.wp.com\/patrimoine-avesnois.fr\/chemin\/wp-content\/uploads\/2019\/05\/image-50.png?resize=300%2C244&amp;ssl=1 300w, https:\/\/i0.wp.com\/patrimoine-avesnois.fr\/chemin\/wp-content\/uploads\/2019\/05\/image-50.png?resize=768%2C624&amp;ssl=1 768w\" sizes=\"auto, (max-width: 709px) 85vw, (max-width: 909px) 67vw, (max-width: 1362px) 62vw, 840px\" \/><figcaption class=\"wp-element-caption\">Maison natale  de Dupleix<a href=\"https:\/\/www.google.com\/maps\/@50.1258377,3.6915833,3a,75y,92.51h,88.84t\/data=!3m7!1e1!3m5!1sjB1wjoeR5w2eO0xj-7FN8w!2e0!6s%2F%2Fgeo1.ggpht.com%2Fcbk%3Fpanoid%3DjB1wjoeR5w2eO0xj-7FN8w%26output%3Dthumbnail%26cb_client%3Dsearch.TACTILE.gps%26thumb%3D2%26w%3D96%26h%3D64%26yaw%3D190.13986%26pitch%3D0%26thumbfov%3D100!7i13312!8i6656\" target=\"_blank\" rel=\"noreferrer noopener\" aria-label=\" 6 rue d'Aerschot  (opens in a new tab)\"> 6 rue d&rsquo;Aerschot <\/a><\/figcaption><\/figure>\n<\/div>\n\n\n<p>Cliquer <a rel=\"noreferrer noopener\" href=\"https:\/\/fr.wikipedia.org\/wiki\/Joseph_Fran%C3%A7ois_Dupleix\" target=\"_blank\">ici<\/a> pour connaitre la vie de Joseph Fran\u00e7ois Dupleix (1697 1763) <\/p>\n\n\n<div class=\"wp-block-image\">\n<figure class=\"aligncenter\"><img data-recalc-dims=\"1\" loading=\"lazy\" decoding=\"async\" width=\"630\" height=\"609\" data-attachment-id=\"3502\" data-permalink=\"https:\/\/patrimoine-avesnois.fr\/chemin\/landrecies\/image-522\/\" data-orig-file=\"https:\/\/i0.wp.com\/patrimoine-avesnois.fr\/chemin\/wp-content\/uploads\/2019\/05\/image-49.png?fit=630%2C609&amp;ssl=1\" data-orig-size=\"630,609\" data-comments-opened=\"1\" data-image-meta=\"{&quot;aperture&quot;:&quot;0&quot;,&quot;credit&quot;:&quot;&quot;,&quot;camera&quot;:&quot;&quot;,&quot;caption&quot;:&quot;&quot;,&quot;created_timestamp&quot;:&quot;0&quot;,&quot;copyright&quot;:&quot;&quot;,&quot;focal_length&quot;:&quot;0&quot;,&quot;iso&quot;:&quot;0&quot;,&quot;shutter_speed&quot;:&quot;0&quot;,&quot;title&quot;:&quot;&quot;,&quot;orientation&quot;:&quot;0&quot;}\" data-image-title=\"image\" data-image-description=\"\" data-image-caption=\"\" data-large-file=\"https:\/\/i0.wp.com\/patrimoine-avesnois.fr\/chemin\/wp-content\/uploads\/2019\/05\/image-49.png?fit=630%2C609&amp;ssl=1\" src=\"https:\/\/i0.wp.com\/patrimoine-avesnois.fr\/chemin\/wp-content\/uploads\/2019\/05\/image-49.png?resize=630%2C609\" alt=\"\" class=\"wp-image-3502\" srcset=\"https:\/\/i0.wp.com\/patrimoine-avesnois.fr\/chemin\/wp-content\/uploads\/2019\/05\/image-49.png?w=630&amp;ssl=1 630w, https:\/\/i0.wp.com\/patrimoine-avesnois.fr\/chemin\/wp-content\/uploads\/2019\/05\/image-49.png?resize=300%2C290&amp;ssl=1 300w\" sizes=\"auto, (max-width: 630px) 85vw, 630px\" \/><\/figure>\n<\/div>\n\n<div class=\"wp-block-image\">\n<figure class=\"aligncenter\"><img data-recalc-dims=\"1\" loading=\"lazy\" decoding=\"async\" width=\"753\" height=\"565\" data-attachment-id=\"3443\" data-permalink=\"https:\/\/patrimoine-avesnois.fr\/chemin\/landrecies\/capture4-12\/\" data-orig-file=\"https:\/\/i0.wp.com\/patrimoine-avesnois.fr\/chemin\/wp-content\/uploads\/2019\/05\/Capture4.jpg?fit=753%2C565&amp;ssl=1\" data-orig-size=\"753,565\" data-comments-opened=\"1\" data-image-meta=\"{&quot;aperture&quot;:&quot;0&quot;,&quot;credit&quot;:&quot;CARRE&quot;,&quot;camera&quot;:&quot;&quot;,&quot;caption&quot;:&quot;&quot;,&quot;created_timestamp&quot;:&quot;1557340491&quot;,&quot;copyright&quot;:&quot;&quot;,&quot;focal_length&quot;:&quot;0&quot;,&quot;iso&quot;:&quot;0&quot;,&quot;shutter_speed&quot;:&quot;0&quot;,&quot;title&quot;:&quot;&quot;,&quot;orientation&quot;:&quot;0&quot;}\" data-image-title=\"Capture4\" data-image-description=\"\" data-image-caption=\"\" data-large-file=\"https:\/\/i0.wp.com\/patrimoine-avesnois.fr\/chemin\/wp-content\/uploads\/2019\/05\/Capture4.jpg?fit=753%2C565&amp;ssl=1\" src=\"https:\/\/i0.wp.com\/patrimoine-avesnois.fr\/chemin\/wp-content\/uploads\/2019\/05\/Capture4.jpg?resize=753%2C565\" alt=\"\" class=\"wp-image-3443\" srcset=\"https:\/\/i0.wp.com\/patrimoine-avesnois.fr\/chemin\/wp-content\/uploads\/2019\/05\/Capture4.jpg?w=753&amp;ssl=1 753w, https:\/\/i0.wp.com\/patrimoine-avesnois.fr\/chemin\/wp-content\/uploads\/2019\/05\/Capture4.jpg?resize=300%2C225&amp;ssl=1 300w\" sizes=\"auto, (max-width: 753px) 85vw, 753px\" \/><figcaption class=\"wp-element-caption\">Tour, vestige de l&rsquo;ancien ch\u00e2teau. <a href=\"https:\/\/www.google.com\/maps\/@50.1250764,3.6890661,3a,75y,240.42h,81.24t\/data=!3m6!1e1!3m4!1sDqtTJpLFfOD8RDgkPhLB4Q!2e0!7i13312!8i6656\" target=\"_blank\" rel=\"noreferrer noopener\" aria-label=\"Avenue du Mar\u00e9chal Foch (opens in a new tab)\">Avenue du Mar\u00e9chal Foch<\/a><\/figcaption><\/figure>\n<\/div>\n\n\n<p>C&rsquo;est une tour du XII e si\u00e8cle, provenant de l&rsquo;enceinte de l&rsquo;ancien ch\u00e2teau \u00e9difi\u00e9 vers 1150 par Nicolas le beau, seigneur d&rsquo;Avesnes.<\/p>\n\n\n<div class=\"wp-block-image\">\n<figure class=\"aligncenter size-full\"><img data-recalc-dims=\"1\" loading=\"lazy\" decoding=\"async\" width=\"430\" height=\"696\" data-attachment-id=\"21684\" data-permalink=\"https:\/\/patrimoine-avesnois.fr\/chemin\/landrecies\/monument-aux-morts-9\/\" data-orig-file=\"https:\/\/i0.wp.com\/patrimoine-avesnois.fr\/chemin\/wp-content\/uploads\/2025\/06\/Monument-aux-Morts.jpg?fit=430%2C696&amp;ssl=1\" data-orig-size=\"430,696\" data-comments-opened=\"1\" data-image-meta=\"{&quot;aperture&quot;:&quot;0&quot;,&quot;credit&quot;:&quot;&quot;,&quot;camera&quot;:&quot;&quot;,&quot;caption&quot;:&quot;&quot;,&quot;created_timestamp&quot;:&quot;0&quot;,&quot;copyright&quot;:&quot;&quot;,&quot;focal_length&quot;:&quot;0&quot;,&quot;iso&quot;:&quot;0&quot;,&quot;shutter_speed&quot;:&quot;0&quot;,&quot;title&quot;:&quot;&quot;,&quot;orientation&quot;:&quot;0&quot;}\" data-image-title=\"Monument aux Morts\" data-image-description=\"\" data-image-caption=\"\" data-large-file=\"https:\/\/i0.wp.com\/patrimoine-avesnois.fr\/chemin\/wp-content\/uploads\/2025\/06\/Monument-aux-Morts.jpg?fit=430%2C696&amp;ssl=1\" src=\"https:\/\/i0.wp.com\/patrimoine-avesnois.fr\/chemin\/wp-content\/uploads\/2025\/06\/Monument-aux-Morts.jpg?resize=430%2C696&#038;ssl=1\" alt=\"\" class=\"wp-image-21684\" srcset=\"https:\/\/i0.wp.com\/patrimoine-avesnois.fr\/chemin\/wp-content\/uploads\/2025\/06\/Monument-aux-Morts.jpg?w=430&amp;ssl=1 430w, https:\/\/i0.wp.com\/patrimoine-avesnois.fr\/chemin\/wp-content\/uploads\/2025\/06\/Monument-aux-Morts.jpg?resize=185%2C300&amp;ssl=1 185w\" sizes=\"auto, (max-width: 430px) 85vw, 430px\" \/><figcaption class=\"wp-element-caption\">Monument aux Morts <\/figcaption><\/figure>\n<\/div>\n\n\n<p>Trois st\u00e8les de pierre bleue au fa\u00eete bris\u00e9 et de grandeur d\u00e9croissante. Devant les st\u00e8les, un poilu en bronze, chargeant l&rsquo;ennemi \u00e0 la ba\u00efonnette. Sculpteur : BERTRAND-BOUT\u00c9E Ren\u00e9. Voir le site <a aria-label=\"Universit\u00e9 Lille 3 (opens in a new tab)\" href=\"https:\/\/monumentsmorts.univ-lille.fr\/monument\/405\/landrecies-place\/\" target=\"_blank\" rel=\"noreferrer noopener\">Universit\u00e9 Lille 3<\/a><\/p>\n\n\n\n<p>Inauguration le 21 ao\u00fbt 1921 : <\/p>\n\n\n<div class=\"wp-block-image\">\n<figure class=\"aligncenter\"><img loading=\"lazy\" decoding=\"async\" width=\"2180\" height=\"1318\" data-attachment-id=\"3451\" data-permalink=\"https:\/\/patrimoine-avesnois.fr\/chemin\/landrecies\/3a34-02_524c087891f70\/\" data-orig-file=\"https:\/\/i0.wp.com\/patrimoine-avesnois.fr\/chemin\/wp-content\/uploads\/2019\/05\/3a34-02_524c087891f70.jpg?fit=2180%2C1318&amp;ssl=1\" data-orig-size=\"2180,1318\" data-comments-opened=\"1\" data-image-meta=\"{&quot;aperture&quot;:&quot;0&quot;,&quot;credit&quot;:&quot;&quot;,&quot;camera&quot;:&quot;&quot;,&quot;caption&quot;:&quot;&quot;,&quot;created_timestamp&quot;:&quot;0&quot;,&quot;copyright&quot;:&quot;&quot;,&quot;focal_length&quot;:&quot;0&quot;,&quot;iso&quot;:&quot;0&quot;,&quot;shutter_speed&quot;:&quot;0&quot;,&quot;title&quot;:&quot;&quot;,&quot;orientation&quot;:&quot;0&quot;}\" data-image-title=\"3a34-02_524c087891f70\" data-image-description=\"\" data-image-caption=\"\" data-large-file=\"https:\/\/i0.wp.com\/patrimoine-avesnois.fr\/chemin\/wp-content\/uploads\/2019\/05\/3a34-02_524c087891f70.jpg?fit=840%2C508&amp;ssl=1\" src=\"https:\/\/i0.wp.com\/patrimoine-avesnois.fr\/chemin\/wp-content\/uploads\/2019\/05\/3a34-02_524c087891f70.jpg?fit=840%2C508\" alt=\"\" class=\"wp-image-3451\" srcset=\"https:\/\/i0.wp.com\/patrimoine-avesnois.fr\/chemin\/wp-content\/uploads\/2019\/05\/3a34-02_524c087891f70.jpg?w=2180&amp;ssl=1 2180w, https:\/\/i0.wp.com\/patrimoine-avesnois.fr\/chemin\/wp-content\/uploads\/2019\/05\/3a34-02_524c087891f70.jpg?resize=300%2C181&amp;ssl=1 300w, https:\/\/i0.wp.com\/patrimoine-avesnois.fr\/chemin\/wp-content\/uploads\/2019\/05\/3a34-02_524c087891f70.jpg?resize=768%2C464&amp;ssl=1 768w, https:\/\/i0.wp.com\/patrimoine-avesnois.fr\/chemin\/wp-content\/uploads\/2019\/05\/3a34-02_524c087891f70.jpg?resize=1024%2C619&amp;ssl=1 1024w, https:\/\/i0.wp.com\/patrimoine-avesnois.fr\/chemin\/wp-content\/uploads\/2019\/05\/3a34-02_524c087891f70.jpg?resize=1200%2C726&amp;ssl=1 1200w, https:\/\/i0.wp.com\/patrimoine-avesnois.fr\/chemin\/wp-content\/uploads\/2019\/05\/3a34-02_524c087891f70.jpg?w=1680 1680w\" sizes=\"auto, (max-width: 709px) 85vw, (max-width: 909px) 67vw, (max-width: 1362px) 62vw, 840px\" \/><\/figure>\n<\/div>\n\n\n<p><em><strong>Le Grand Hebdomadaire<\/strong><\/em>, n\u00b0 34, dimanche 21 ao\u00fbt 1921, couverture et p. 266.<\/p>\n\n\n\n<p>Lundi, un solennel hommage a \u00e9t\u00e9 rendu \u00e0 la vaillance patriotique de la ville de Landrecies et des communes de Bousies, Croix, Fontaine-au-Bois, Forest, Preux-au-Bois, auxquelles a \u00e9t\u00e9 remise la Croix de guerre. Landrecies, par sa situation proche de la fronti\u00e8re, a \u00e9t\u00e9 soumise \u00e0 l\u2019action d\u00e9vastatrice de l\u2019ennemi, au d\u00e9but comme \u00e0 la fin de la guerre : en ao\u00fbt 1914, les Allemands faisaient dispara\u00eetre tout un quartier en l\u2019incendiant ; dans le courant de 1916, des bombes d\u2019avions endommageaient plusieurs immeubles ; enfin, le 4 novembre 1918, les Allemands, en partant, achevaient, par des bombes incendiaires, leur \u0153uvre n\u00e9faste ; l\u2019hospice, alors \u00e9tait d\u00e9truit en grande partie, et 150 vieillards et enfants trouvaient la mort dans cet attentat.<\/p>\n\n\n\n<p>La c\u00e9r\u00e9monie de lundi ne fut que la continuation de la f\u00eate de dimanche, o\u00f9 s\u2019\u00e9tait faite l\u2019inauguration du monument aux morts. M. Daniel-Vincent, ministre du travail, M. le s\u00e9nateur Debierre, MM. les d\u00e9put\u00e9s Pasqual, Macarez, des Rotours et Ren\u00e9 Lefebvre, M. ? Naudin, pr\u00e9fet du Nord, M. Leroy, sous-pr\u00e9fet d\u2019Avesnes, le commandant Defrance, assistaient \u00e0 la c\u00e9r\u00e9monie. Le ministre, \u00e0 son arriv\u00e9e, d\u00e9posa deux gerbes de fleurs sur le monument aux Morts.<\/p>\n\n\n\n<p>Un banquet, o\u00f9 d\u2019int\u00e9ressants discours furent prononc\u00e9s, pr\u00e9c\u00e9da la remise de la Croix de guerre qui eut lieu sur la Grand\u2019Place, devant les ruines de l\u2019h\u00f4tel de ville et la statue de Dupleix. Un cort\u00e8ge historique, rappelant l\u2019existence de Landrecies au Moyen \u00c2ge, pendant la Renaissance et jusqu\u2019\u00e0 la R\u00e9volution et l\u2019Empire, d\u00e9fila d\u2019abord. Puis le ministre c\u00e9l\u00e9bra la r\u00e9sistance de la ville, le courage de ses habitants, qui n\u2019eurent qu\u2019\u00e0 se souvenir du pass\u00e9 de leur cit\u00e9.<\/p>\n\n\n\n<p>Puis ce sont les heures de la lib\u00e9ration qu\u2019il \u00e9voque et l\u2019espoir dans une prompte renaissance. Enfin il adresse un salut chaleureux \u00e0 la d\u00e9l\u00e9gation belge. C\u2019est le g\u00e9n\u00e9ral Dauv\u00e9 qui fut charg\u00e9 d\u2019\u00e9pingler la Croix de guerre sur les coussins aux armes de la ville de Landrecies et de celles de Bousies, Croix, Fontaine-au-Bois, Forest, Preux-au-Bois, que tiennent les maires&#8230;<\/p>\n\n\n<div class=\"wp-block-image\">\n<figure class=\"aligncenter is-resized\"><img decoding=\"async\" src=\"https:\/\/upload.wikimedia.org\/wikipedia\/commons\/thumb\/2\/24\/Landrecies_%28Nord%2C_Fr%29_monument_aux_morts_et_memorial_si%C3%A8ge_de_Landrecies_1543.jpg\/800px-Landrecies_%28Nord%2C_Fr%29_monument_aux_morts_et_memorial_si%C3%A8ge_de_Landrecies_1543.jpg\" alt=\"\" style=\"width:600px;height:800px\"\/><figcaption class=\"wp-element-caption\">Fresque du si\u00e8ge de Landrecies par Charles Quint en 1543. Photo Havang<\/figcaption><\/figure>\n<\/div>\n\n<div class=\"wp-block-image\">\n<figure class=\"aligncenter is-resized\"><img data-recalc-dims=\"1\" loading=\"lazy\" decoding=\"async\" width=\"410\" height=\"545\" data-attachment-id=\"3494\" data-permalink=\"https:\/\/patrimoine-avesnois.fr\/chemin\/landrecies\/img_5557\/\" data-orig-file=\"https:\/\/i0.wp.com\/patrimoine-avesnois.fr\/chemin\/wp-content\/uploads\/2019\/05\/IMG_5557.jpg?fit=410%2C545&amp;ssl=1\" data-orig-size=\"410,545\" data-comments-opened=\"1\" data-image-meta=\"{&quot;aperture&quot;:&quot;0&quot;,&quot;credit&quot;:&quot;CARRE&quot;,&quot;camera&quot;:&quot;&quot;,&quot;caption&quot;:&quot;&quot;,&quot;created_timestamp&quot;:&quot;1557349272&quot;,&quot;copyright&quot;:&quot;&quot;,&quot;focal_length&quot;:&quot;0&quot;,&quot;iso&quot;:&quot;0&quot;,&quot;shutter_speed&quot;:&quot;0&quot;,&quot;title&quot;:&quot;&quot;,&quot;orientation&quot;:&quot;0&quot;}\" data-image-title=\"IMG_5557\" data-image-description=\"\" data-image-caption=\"\" data-large-file=\"https:\/\/i0.wp.com\/patrimoine-avesnois.fr\/chemin\/wp-content\/uploads\/2019\/05\/IMG_5557.jpg?fit=410%2C545&amp;ssl=1\" src=\"https:\/\/i0.wp.com\/patrimoine-avesnois.fr\/chemin\/wp-content\/uploads\/2019\/05\/IMG_5557.jpg?resize=410%2C545\" alt=\"\" class=\"wp-image-3494\" style=\"width:600px;height:800px\" srcset=\"https:\/\/i0.wp.com\/patrimoine-avesnois.fr\/chemin\/wp-content\/uploads\/2019\/05\/IMG_5557.jpg?w=410&amp;ssl=1 410w, https:\/\/i0.wp.com\/patrimoine-avesnois.fr\/chemin\/wp-content\/uploads\/2019\/05\/IMG_5557.jpg?resize=226%2C300&amp;ssl=1 226w\" sizes=\"auto, (max-width: 410px) 85vw, 410px\" \/><figcaption class=\"wp-element-caption\"> M\u00e9morial d\u00e9di\u00e9 aux r\u00e9sistants de la seconde guerre mondiale (1946) <\/figcaption><\/figure>\n<\/div>\n\n\n<p>A l\u2019initiative&nbsp;de Roger Robert, maire de Landrecies de 1945 \u00e0 1947 et chef de la R\u00e9sistance en Avesnois, ce monument est \u00e9lev\u00e9 \u00e0 la m\u00e9moire des r\u00e9sistants tomb\u00e9s dans le secteur de Landrecies ou morts en d\u00e9portation ou des r\u00e9sistants arr\u00eat\u00e9s \u00e0 Landrecies et d\u00e9port\u00e9s puis lib\u00e9r\u00e9s des camps de Buchemwald et de Mauthausen, durant la Seconde Guerre mondiale. Devant les st\u00e8les o\u00f9 38 noms sont inscrits, un r\u00e9sistant, mitraillette en main, g\u00eet \u00e0 terre derri\u00e8re un mur en ruine. <\/p>\n\n\n<div class=\"wp-block-image\">\n<figure class=\"aligncenter is-resized\"><img data-recalc-dims=\"1\" loading=\"lazy\" decoding=\"async\" width=\"362\" height=\"480\" data-attachment-id=\"3496\" data-permalink=\"https:\/\/patrimoine-avesnois.fr\/chemin\/landrecies\/image-520\/\" data-orig-file=\"https:\/\/i0.wp.com\/patrimoine-avesnois.fr\/chemin\/wp-content\/uploads\/2019\/05\/image-47.png?fit=362%2C480&amp;ssl=1\" data-orig-size=\"362,480\" data-comments-opened=\"1\" data-image-meta=\"{&quot;aperture&quot;:&quot;0&quot;,&quot;credit&quot;:&quot;&quot;,&quot;camera&quot;:&quot;&quot;,&quot;caption&quot;:&quot;&quot;,&quot;created_timestamp&quot;:&quot;0&quot;,&quot;copyright&quot;:&quot;&quot;,&quot;focal_length&quot;:&quot;0&quot;,&quot;iso&quot;:&quot;0&quot;,&quot;shutter_speed&quot;:&quot;0&quot;,&quot;title&quot;:&quot;&quot;,&quot;orientation&quot;:&quot;0&quot;}\" data-image-title=\"image\" data-image-description=\"\" data-image-caption=\"\" data-large-file=\"https:\/\/i0.wp.com\/patrimoine-avesnois.fr\/chemin\/wp-content\/uploads\/2019\/05\/image-47.png?fit=362%2C480&amp;ssl=1\" src=\"https:\/\/i0.wp.com\/patrimoine-avesnois.fr\/chemin\/wp-content\/uploads\/2019\/05\/image-47.png?resize=362%2C480\" alt=\"\" class=\"wp-image-3496\" style=\"width:600px;height:799px\" srcset=\"https:\/\/i0.wp.com\/patrimoine-avesnois.fr\/chemin\/wp-content\/uploads\/2019\/05\/image-47.png?w=362&amp;ssl=1 362w, https:\/\/i0.wp.com\/patrimoine-avesnois.fr\/chemin\/wp-content\/uploads\/2019\/05\/image-47.png?resize=226%2C300&amp;ssl=1 226w\" sizes=\"auto, (max-width: 362px) 85vw, 362px\" \/><figcaption class=\"wp-element-caption\">St\u00e8le  \u00e0 la m\u00e9moire du G\u00e9n\u00e9ral Sir Ronald CHARLES <\/figcaption><\/figure>\n<\/div>\n\n\n<p>Cette st\u00e8le, orn\u00e9e d&rsquo;un grand m\u00e9daillon en bronze repr\u00e9sentant le g\u00e9n\u00e9ral anglais Sir Ronald Charles est inaugur\u00e9e par l&rsquo;ancien maire Andr\u00e9 Bonnaire le 31 juillet 1960. Il s&rsquo;agit d&rsquo;un hommage \u00e0 celui qui a lib\u00e9r\u00e9 Landrecies&nbsp;<a href=\"http:\/\/landrecies.free.fr\/histoire5.html\" target=\"_blank\" rel=\"noreferrer noopener\">le 4 novembre 1918<\/a>. Sir Charles commandait la 25\u00e8me division britannique, et subit des pertes importantes&nbsp;pour reprendre la ville.<\/p>\n\n\n<div class=\"wp-block-image\">\n<figure class=\"aligncenter size-full is-resized\"><img data-recalc-dims=\"1\" loading=\"lazy\" decoding=\"async\" width=\"160\" height=\"244\" data-attachment-id=\"21689\" data-permalink=\"https:\/\/patrimoine-avesnois.fr\/chemin\/landrecies\/image-2019\/\" data-orig-file=\"https:\/\/i0.wp.com\/patrimoine-avesnois.fr\/chemin\/wp-content\/uploads\/2025\/06\/image-3.png?fit=160%2C244&amp;ssl=1\" data-orig-size=\"160,244\" data-comments-opened=\"1\" data-image-meta=\"{&quot;aperture&quot;:&quot;0&quot;,&quot;credit&quot;:&quot;&quot;,&quot;camera&quot;:&quot;&quot;,&quot;caption&quot;:&quot;&quot;,&quot;created_timestamp&quot;:&quot;0&quot;,&quot;copyright&quot;:&quot;&quot;,&quot;focal_length&quot;:&quot;0&quot;,&quot;iso&quot;:&quot;0&quot;,&quot;shutter_speed&quot;:&quot;0&quot;,&quot;title&quot;:&quot;&quot;,&quot;orientation&quot;:&quot;0&quot;}\" data-image-title=\"image\" data-image-description=\"\" data-image-caption=\"\" data-large-file=\"https:\/\/i0.wp.com\/patrimoine-avesnois.fr\/chemin\/wp-content\/uploads\/2025\/06\/image-3.png?fit=160%2C244&amp;ssl=1\" src=\"https:\/\/i0.wp.com\/patrimoine-avesnois.fr\/chemin\/wp-content\/uploads\/2025\/06\/image-3.png?resize=160%2C244&#038;ssl=1\" alt=\"\" class=\"wp-image-21689\" style=\"width:396px;height:auto\"\/><figcaption class=\"wp-element-caption\">Ernest Amas, \u0153uvre de l&rsquo;artiste Patrice Beaupuy<\/figcaption><\/figure>\n<\/div>\n\n\n<p>Cette \u0153uvre \u00a0fut \u00e9rig\u00e9e le 20 octobre 1991 dans un square \u00e0 l&rsquo;angle de la rue Jeanne de Lallaing et de l&rsquo;avenue Foch par un jeune artiste Patrice Beaupuy voulant honorer la figure du peintre n\u00e9 et mort \u00e0 Landrecies au Sambreton et qui connut de belles ann\u00e9es de succ\u00e8s surtout comme portraitiste d&rsquo;abord puis comme peintre animalier.<\/p>\n\n\n<div class=\"wp-block-image\">\n<figure class=\"aligncenter\"><img decoding=\"async\" src=\"https:\/\/upload.wikimedia.org\/wikipedia\/commons\/thumb\/1\/11\/Landrecies_Briths_Cemetery_GWGC_%28Nord%2C_Fr%29.jpg\/1280px-Landrecies_Briths_Cemetery_GWGC_%28Nord%2C_Fr%29.jpg\" alt=\"\"\/><figcaption class=\"wp-element-caption\">Cimeti\u00e8re militaire<\/figcaption><\/figure>\n<\/div>\n\n\n<figure class=\"wp-block-image\"><img decoding=\"async\" src=\"https:\/\/upload.wikimedia.org\/wikipedia\/commons\/thumb\/f\/fc\/Landrecies_Cimeti%C3%A8re_1.jpg\/1280px-Landrecies_Cimeti%C3%A8re_1.jpg\" alt=\"Landrecies Cimeti\u00c3\u00a8re 1.jpg\"\/><figcaption class=\"wp-element-caption\">La fin d&rsquo;une belle \u00e9poque et la bataille d&rsquo;Ao\u00fbt 1914 Photo Par Ren\u00e9 Hourdry \u2014 Travail personnel, CC BY-SA 4.0, <a href=\"https:\/\/commons.wikimedia.org\/w\/index.php?curid=72014321\" target=\"_blank\" rel=\"noreferrer noopener\">https:\/\/commons.wikimedia.org\/w\/index.php?curid=72014321<\/a><\/figcaption><\/figure>\n\n\n<div class=\"wp-block-image\">\n<figure class=\"aligncenter\"><img data-recalc-dims=\"1\" height=\"660\" width=\"840\" decoding=\"async\" src=\"https:\/\/i0.wp.com\/oratoiresetchapelles-avesnois.fr\/wp-content\/uploads\/2017\/08\/Capture-1-1024x805.png?resize=840%2C660\" alt=\"Capture\"\/><figcaption class=\"wp-element-caption\">5 oratoires et 6 chapelles \u00e0 retrouver sur mon site <a href=\"http:\/\/oratoiresetchapelles-avesnois.fr\/landrecies\/\" target=\"_blank\" rel=\"noreferrer noopener\" aria-label=\"oratoiresetchapellesenavesnois (opens in a new tab)\">oratoiresetchapellesenavesnois<\/a><\/figcaption><\/figure>\n<\/div>\n\n<div class=\"wp-block-image\">\n<figure class=\"aligncenter\"><img decoding=\"async\" src=\"http:\/\/i1.wp.com\/www.calvaires-avesnois.fr\/wp-content\/uploads\/2016\/09\/IMG_2027.jpg?resize=490%2C653\" alt=\"Calvaire de Landrecies\"\/><figcaption class=\"wp-element-caption\">Calvaire du v\u0153u (1923, rue du calvaire <\/figcaption><\/figure>\n<\/div>\n\n\n<p>Un nom qui peut surprendre mais rappelle que ce monument, qui se dresse rue du Calvaire, \u00e0 Landrecies, a \u00e9t\u00e9 \u00e9rig\u00e9 en 1923 \u00e0 la suite d\u2019un v\u0153u formul\u00e9 en 1918 par les Landreciens. En effet, le 27 octobre 1918, l\u2019occupant avait annonc\u00e9 l\u2019\u00e9vacuation de toute la population de la ville. Les Landreciens ont alors pri\u00e9 pour que la menace ne soit pas ex\u00e9cut\u00e9e, promettant de faire \u00e9lever un calvaire s\u2019ils \u00e9taient entendus. Et ils le furent. <\/p>\n\n\n\n<p class=\"has-text-align-center\">&amp;&amp;&amp;&amp;&amp;<\/p>\n\n\n<div class=\"wp-block-image\">\n<figure class=\"aligncenter\"><img decoding=\"async\" src=\"http:\/\/i1.wp.com\/www.calvaires-avesnois.fr\/wp-content\/uploads\/2016\/09\/IMG_5111.jpg?resize=413%2C550\" alt=\"Calvaire dans le cimeti\u00e8re d\u00e9di\u00e9 aux doyens de Landrecies\" class=\"wp-image-977\"\/><figcaption class=\"wp-element-caption\">Calvaire dans le cimeti\u00e8re d\u00e9di\u00e9 aux doyens de Landrecies<\/figcaption><\/figure>\n<\/div>\n\n\n<p>Il s\u2019agit de Maitres DESMOUTIERS 1819 1840, DESSE 1841 1862, BLONDEL 1866 1892 et FOURNET 1892 1916<\/p>\n\n\n\n<p class=\"has-text-align-center\">&amp;&amp;&amp;&amp;&amp;<\/p>\n\n\n<div class=\"wp-block-image\">\n<figure class=\"aligncenter\"><img decoding=\"async\" src=\"http:\/\/i2.wp.com\/www.calvaires-avesnois.fr\/wp-content\/uploads\/2016\/09\/IMG_5114.jpg?resize=413%2C550\" alt=\"Autre calvaire dans le cimeti\u00e8re\" class=\"wp-image-978\"\/><figcaption class=\"wp-element-caption\">Autre calvaire dans le cimeti\u00e8re<\/figcaption><\/figure>\n<\/div>\n\n<div class=\"wp-block-image\">\n<figure class=\"aligncenter\"><img decoding=\"async\" src=\"http:\/\/i2.wp.com\/www.calvaires-avesnois.fr\/wp-content\/uploads\/2016\/09\/IMG_5115.jpg?resize=733%2C550\" alt=\"Autre calvaire dans le cimeti\u00e8\" class=\"wp-image-979\"\/><figcaption class=\"wp-element-caption\">Autre calvaire dans le cimeti\u00e8re<\/figcaption><\/figure>\n<\/div>\n\n\n<h4 class=\"wp-block-heading\"><strong>:<\/strong><\/h4>\n\n\n\n<figure class=\"wp-block-image\"><img decoding=\"async\" src=\"https:\/\/i2.wp.com\/kiosques-avesnois.fr\/wp-content\/uploads\/2017\/11\/Landrecies.jpg?resize=840%2C534\" alt=\"\" class=\"wp-image-68\"\/><figcaption class=\"wp-element-caption\">Landrecies<\/figcaption><\/figure>\n\n\n\n<p>Implant\u00e9 dans le jardin public, il fut d\u00e9sassembl\u00e9 apr\u00e8s 1945. <\/p>\n\n\n<div class=\"wp-block-image is-resized\">\n<figure class=\"aligncenter\"><img data-recalc-dims=\"1\" loading=\"lazy\" decoding=\"async\" width=\"333\" height=\"500\" data-attachment-id=\"3445\" data-permalink=\"https:\/\/patrimoine-avesnois.fr\/chemin\/landrecies\/stele-1794\/\" data-orig-file=\"https:\/\/i0.wp.com\/patrimoine-avesnois.fr\/chemin\/wp-content\/uploads\/2019\/05\/stele-1794.jpg?fit=333%2C500&amp;ssl=1\" data-orig-size=\"333,500\" data-comments-opened=\"1\" data-image-meta=\"{&quot;aperture&quot;:&quot;0&quot;,&quot;credit&quot;:&quot;&quot;,&quot;camera&quot;:&quot;&quot;,&quot;caption&quot;:&quot;&quot;,&quot;created_timestamp&quot;:&quot;0&quot;,&quot;copyright&quot;:&quot;&quot;,&quot;focal_length&quot;:&quot;0&quot;,&quot;iso&quot;:&quot;0&quot;,&quot;shutter_speed&quot;:&quot;0&quot;,&quot;title&quot;:&quot;&quot;,&quot;orientation&quot;:&quot;0&quot;}\" data-image-title=\"stele 1794\" data-image-description=\"\" data-image-caption=\"\" data-large-file=\"https:\/\/i0.wp.com\/patrimoine-avesnois.fr\/chemin\/wp-content\/uploads\/2019\/05\/stele-1794.jpg?fit=333%2C500&amp;ssl=1\" src=\"https:\/\/i0.wp.com\/patrimoine-avesnois.fr\/chemin\/wp-content\/uploads\/2019\/05\/stele-1794.jpg?resize=333%2C500\" alt=\"\" class=\"wp-image-3445\" srcset=\"https:\/\/i0.wp.com\/patrimoine-avesnois.fr\/chemin\/wp-content\/uploads\/2019\/05\/stele-1794.jpg?w=333&amp;ssl=1 333w, https:\/\/i0.wp.com\/patrimoine-avesnois.fr\/chemin\/wp-content\/uploads\/2019\/05\/stele-1794.jpg?resize=200%2C300&amp;ssl=1 200w\" sizes=\"auto, (max-width: 333px) 85vw, 333px\" \/><figcaption class=\"wp-element-caption\">Monument comm\u00e9mortif du si\u00e8ge de 1794<\/figcaption><\/figure>\n<\/div>\n\n\n<p>Dans le jardin public vous pourrez regarder un petit monument comm\u00e9moratif du si\u00e8ge de 1794, \u00e9lev\u00e9 le 13 ao\u00fbt 1889 pour tenir lieu de la colonne de marbre promise par la Convention. En r\u00e9alit\u00e9, ce fut par souscription publique que fut \u00e9difi\u00e9 ce monument  qui rappelle les dates des principaux si\u00e8ges subis par la cit\u00e9 depuis 1175 jusqu&rsquo;en 1871. C&rsquo;est \u00e0 l&rsquo;occasion de son \u00e9rection que fut chant\u00e9 le \u00ab&nbsp; chant de Landrecies \u00bb compos\u00e9 par M Ernest CONTON.<\/p>\n\n\n<div class=\"wp-block-image\">\n<figure class=\"aligncenter\"><img data-recalc-dims=\"1\" decoding=\"async\" data-attachment-id=\"414\" data-permalink=\"https:\/\/patrimoine-avesnois.fr\/chemin\/bettignies\/1280px-eglisebettignies120507_9\/\" data-orig-file=\"https:\/\/i0.wp.com\/patrimoine-avesnois.fr\/chemin\/wp-content\/uploads\/2019\/03\/1280px-%C3%89gliseBettignies120507_9.jpg?fit=1279%2C959&amp;ssl=1\" data-orig-size=\"1279,959\" data-comments-opened=\"1\" data-image-meta=\"{&quot;aperture&quot;:&quot;0&quot;,&quot;credit&quot;:&quot;&quot;,&quot;camera&quot;:&quot;&quot;,&quot;caption&quot;:&quot;&quot;,&quot;created_timestamp&quot;:&quot;1553895528&quot;,&quot;copyright&quot;:&quot;&quot;,&quot;focal_length&quot;:&quot;0&quot;,&quot;iso&quot;:&quot;0&quot;,&quot;shutter_speed&quot;:&quot;0&quot;,&quot;title&quot;:&quot;&quot;,&quot;orientation&quot;:&quot;1&quot;}\" data-image-title=\"1280px-\u00c9gliseBettignies120507_(9)\" data-image-description=\"\" data-image-caption=\"\" data-large-file=\"https:\/\/i0.wp.com\/patrimoine-avesnois.fr\/chemin\/wp-content\/uploads\/2019\/03\/1280px-%C3%89gliseBettignies120507_9.jpg?fit=840%2C630&amp;ssl=1\" src=\"https:\/\/i0.wp.com\/www.moulins-avesnois.fr\/wp-content\/uploads\/2018\/01\/Landrecies-1932-section-B-1523-1.jpg?w=840\" alt=\"\" class=\"wp-image-414\"\/><figcaption class=\"wp-element-caption\">Le Moulin de Landrecies 1932 section B 1523<\/figcaption><\/figure>\n<\/div>\n\n\n<p>Le moulin situ\u00e9 \u00e0 la ville basse \u00e9tait un moulin tr\u00e8s ancien puisque appartenant au XII si\u00e8cle au comte de Hainaut. En 1711 le moulin \u00e0 deux tournants, possession du domaine royal fut ali\u00e9n\u00e9 \u00e0 Michel Fran\u00e7ois Cordier de Roucourt. Vers 1790 Jean Baptiste Rivart \u00e9tait le nouveau engagiste. Il \u00e9migra en 1794 et le moulin, bien de la Nation, fut vendu le 12 novembre de cette ann\u00e9e \u00e0 Constant Duquesne. Cependant la veuve de J B Rivart fit annuler la vente en 1795. Elle r\u00e9cup\u00e9ra alors le moulin qui entre-temps avait \u00e9t\u00e9 d\u00e9truit suite au projet de creuser un canal de jonction de la Sambre \u00e0 l\u2019Oise.<\/p>\n\n\n\n<p>En 1801 son fils Isidore Joseph Rivart vendit le moulin reconstruit \u00e0 Charles Michel Cordier de Rocourt, demeurant \u00e0 Mons, fils de Michel Fran\u00e7ois cit\u00e9 ci-dessus. En 1827 Catherine Mercier l\u2019acquit de Cordier. Les travaux du canal de la Sambre \u00e0 l\u2019Oise d\u00e9but\u00e8rent en 1834 et le canal fut ouvert en&nbsp;1839. D\u00e8s lors le moulin appartint au concessionnaire du canal, la \u00ab&nbsp;Soci\u00e9t\u00e9 anonyme du canal de jonction de la Sambre \u00e0 l\u2019Oise \u00bb dont le si\u00e8ge \u00e9tait \u00e0 Paris.<\/p>\n\n\n\n<p>A la fin du XIX si\u00e8cle, le moulin \u00e9tait du domaine public. On y installa pr\u00e8s des \u00e9cluses une machine \u00e9l\u00e9vatoire vers 1900. Le plan cadastral de 1932 indique les b\u00e2timents des salles des machines. Le moulin disparut en 1944.<\/p>\n\n\n\n<p><strong>Un autre moulin<\/strong> : un moulin \u00e0 vent<\/p>\n\n\n\n<p>Un moulin \u00e0 vent appartenait au Roi mais le gouverneur en jouissait \u00e0 titre d\u2019arrentement.<\/p>\n\n\n\n<p>En effet ce moulin sur pivot \u00e9rig\u00e9 avant 1730 sur un bastion de la ville de Landrecies \u00e0 l\u2019occasion d\u2019un si\u00e8ge fut d\u00e9plac\u00e9 vers 1773 hors de la ville, sur une terre de la manse abbatiale de Fr\u00e9my, \u00e0 la condition qu\u2019\u00e0 la mort de l\u2019abb\u00e9 de Fesmy, ce moulin en revienne au Roi. Le d\u00e9c\u00e8s de l\u2019abb\u00e9 et l\u2019arr\u00eat du Conseil du 1<sup>er<\/sup>octobre 1779 remirent donc le moulin dans les mains du Roi (ADN C 16823).<\/p>\n\n\n<div class=\"wp-block-image is-resized\">\n<figure class=\"aligncenter\"><img decoding=\"async\" src=\"https:\/\/upload.wikimedia.org\/wikipedia\/commons\/thumb\/9\/98\/Guesnain_%2810_mai_2009%29_parade_042.jpg\/1280px-Guesnain_%2810_mai_2009%29_parade_042.jpg\" alt=\"\"\/><figcaption class=\"wp-element-caption\">Le g\u00e9ant Dupleix Photo sous licence&nbsp; <a rel=\"noreferrer noopener\" href=\"https:\/\/en.wikipedia.org\/wiki\/en:Creative_Commons\" target=\"_blank\">Creative <\/a>https:\/\/commons.wikimedia.org\/wiki\/File:Guesnain_(10_mai_2009)_parade_042.jpg <\/figcaption><\/figure>\n<\/div>\n\n\n<p>Dupleix&nbsp;est un g\u00e9ant de processions et de cort\u00e8ges inaugur\u00e9 en 2003 et symbolisant la ville . Le g\u00e9ant est la propri\u00e9t\u00e9 de l&rsquo;association&nbsp;<em>Les Amis de Biron<\/em>. Install\u00e9 sur un char (ou plut\u00f4t sur une petite remorque basse, non d\u00e9cor\u00e9e), il est d&rsquo;une hauteur de 5,00 m et d&rsquo;un poids de 130&nbsp;<abbr title=\"kilogramme\">kg<\/abbr>. Ses attributs sont la perruque fris\u00e9e et poudr\u00e9e, l&rsquo;\u00e9p\u00e9e,&nbsp;<abbr title=\"et cetera\">etc.<\/abbr><\/p>\n\n\n\n<p class=\"has-text-align-center has-large-font-size\">***<\/p>\n\n\n\n<p class=\"has-medium-font-size\"><strong>Les Faubourgs et les Hameaux<\/strong><\/p>\n\n\n\n<p class=\"has-text-align-center has-medium-font-size\">Les Faubourgs<\/p>\n\n\n\n<p> A chaque extr\u00e9mit\u00e9 de la ville, au-del\u00e0 des deux anciennes maisons d&rsquo;octroi (aboli en 1948), nous avons deux faubourgs ainsi nomm\u00e9s par leur situation ext\u00e9rieure aux remparts du temps o\u00f9 Landrecies \u00e9tait une forteresse.<br>A l&rsquo;ouest, le faubourg dit \u00ab du Quesnoy \u00bb, puisque la route qui descend \u00e0 pente vive vers Landrecies vient de la cit\u00e9 du m\u00eame nom. On l&rsquo;appelle \u00ab faubourg Soy\u00e8res \u00bb ou plus exactement de la porte Sohi\u00e8re. La proximit\u00e9 de la for\u00eat de Mormal a fait penser pour ce nom a une \u00e9tymologie patoisante \u00e9voquant des \u00ab\u00a0scieurs\u00a0\u00bb de bois. Plus pertinemment, on relira ce nom \u00e0 SOHIER sire d&rsquo;Enghein, mis \u00e0 mort au Quesnoy au XIVe si\u00e8cle au cours d&rsquo;un conflit avec les seigneurs du Hainaut.<br>C&rsquo;est des hauteurs de ce faubourg que proviennent les eaux qui ont longtemps aliment\u00e9 les fontaines publiques de la ville, depuis la fontaine dite \u00ab des Espagnols \u00bb. <\/p>\n\n\n\n<p>Les lieux dits \u00ab la Haute Corn\u00e9e \u00bb ou \u00ab Haute Borne \u00bb \u00e9voquent une pr\u00e9sence humaine tr\u00e8s ancienne, et particuli\u00e8rement de l&rsquo;\u00e9poque Celte, avec la mention d&rsquo;un culte rendu sur une pierre \u00e9lev\u00e9e sur ce haut lieu de la future cit\u00e9. <\/p>\n\n\n\n<p>De par sa situation strat\u00e9gique \u00e9lev\u00e9e, le faubourg du Quesnoy a \u00e9t\u00e9 dans toutes les guerres un endroit de concentration de forces arm\u00e9es et de combats tr\u00e8s meurtriers. Deux portes dites du Quesnoy ouvraient le passage aux visiteurs, l&rsquo;une \u00e0 l&rsquo;entr\u00e9e de la ville, pr\u00e8s de l&rsquo;octroi, l&rsquo;autre au bout d&rsquo;une chicane menant au-del\u00e0 du pont sur la Sambre au niveau de la place Godart.<\/p>\n\n\n\n<p>A l&rsquo;est, le faubourg dit \u00ab de France \u00bb parce qu&rsquo;il ouvrait la ville fortifi\u00e9e de Landrecies aux gens venant de l&rsquo;Ile-de-France, au sens de sa plus large extension, depuis Paris en passant par Laon et Guise, au-del\u00e0 du Sambreton, petit affluent de la Sambre. Le faubourg fut aussi l&rsquo;endroit de nombreux combats, mais il \u00e9tait mieux prot\u00e9g\u00e9 par des \u00ab ouvrages \u00e0 cornes \u00bb et d&rsquo;immenses \u00ab glacis \u00bb tel celui du grand Cavalier. Aujourd&rsquo;hui le faubourg s&rsquo;est surtout \u00e9tendu vers la route d&rsquo;Avesnes par Maroilles, et on y remarquera deux emplacements : le cimeti\u00e8re et \u00ab l&rsquo;ancien hospice civil \u00bb.<\/p>\n\n\n\n<p>Le cimeti\u00e8re autrefois situ\u00e9 autour de l&rsquo;\u00e9glise a \u00e9t\u00e9 d\u00e9plac\u00e9 en dehors des remparts au XVIII et au XIX e si\u00e8cle. La tombe du peintre Ernest AMAS y repose. Au c\u0153ur de cet endroit fut construite en 1817 la chapelle St Roch, sur l&#8217;emplacement d&rsquo;un lieu de culte tr\u00e8s ancien li\u00e9 \u00e0 un \u00e9tablissement d&rsquo;accueil et de soins pour des malades des \u00e9pid\u00e9mies, soit de l\u00e8pre, soit de peste.<br>L&rsquo;ancien hospice : sur les lieux d&rsquo;un \u00ab\u00a0h\u00f4pital\u00a0\u00bb ou l\u00e9proserie ou quelque chose de semblable et oubli\u00e9 ensuite ou ras\u00e9 par les guerres, on a reb\u00e2ti en 1818 un nouvel hospice qui fut tenu par des religieuses jusqu&rsquo;en 1950. Fortement endommag\u00e9 en 1918, il a \u00e9t\u00e9 reb\u00e2ti en 1920 &#8211; 1923 gr\u00e2ce \u00e0 la g\u00e9n\u00e9rosit\u00e9 d&rsquo;un bienfaiteur, Monsieur Oscar BERQUET et d&rsquo;une ville anglaise dont beaucoup d&rsquo;enfants \u00e9taient morts pendant la guerre 1914-1918, MAL-VERN. Depuis 1990, la maison a \u00e9t\u00e9 abandonn\u00e9e au profit d&rsquo;un immeuble de conception plus moderne dans le centre de la ville.<br>Depuis l&rsquo;octroi, l&rsquo;entr\u00e9e en ville se faisait par un syst\u00e8me de rampe en chicane qui d\u00e9bouchait sur une porte monumentale dite \u00ab\u00a0Porte de France\u00a0\u00bb ou \u00ab\u00a0imp\u00e9riale\u00a0\u00bb au niveau de la fa\u00e7ade du centre social d&rsquo;aujourd&rsquo;hui.<\/p>\n\n\n\n<p class=\"has-text-align-center has-medium-font-size\">Les hameaux<\/p>\n\n\n<div class=\"wp-block-image\">\n<figure class=\"aligncenter size-full is-resized\"><img data-recalc-dims=\"1\" loading=\"lazy\" decoding=\"async\" width=\"807\" height=\"648\" data-attachment-id=\"21686\" data-permalink=\"https:\/\/patrimoine-avesnois.fr\/chemin\/landrecies\/image-2017\/\" data-orig-file=\"https:\/\/i0.wp.com\/patrimoine-avesnois.fr\/chemin\/wp-content\/uploads\/2025\/06\/image-1.png?fit=807%2C648&amp;ssl=1\" data-orig-size=\"807,648\" data-comments-opened=\"1\" data-image-meta=\"{&quot;aperture&quot;:&quot;0&quot;,&quot;credit&quot;:&quot;&quot;,&quot;camera&quot;:&quot;&quot;,&quot;caption&quot;:&quot;&quot;,&quot;created_timestamp&quot;:&quot;0&quot;,&quot;copyright&quot;:&quot;&quot;,&quot;focal_length&quot;:&quot;0&quot;,&quot;iso&quot;:&quot;0&quot;,&quot;shutter_speed&quot;:&quot;0&quot;,&quot;title&quot;:&quot;&quot;,&quot;orientation&quot;:&quot;0&quot;}\" data-image-title=\"image\" data-image-description=\"\" data-image-caption=\"\" data-large-file=\"https:\/\/i0.wp.com\/patrimoine-avesnois.fr\/chemin\/wp-content\/uploads\/2025\/06\/image-1.png?fit=807%2C648&amp;ssl=1\" src=\"https:\/\/i0.wp.com\/patrimoine-avesnois.fr\/chemin\/wp-content\/uploads\/2025\/06\/image-1.png?resize=807%2C648&#038;ssl=1\" alt=\"\" class=\"wp-image-21686\" style=\"width:597px\" srcset=\"https:\/\/i0.wp.com\/patrimoine-avesnois.fr\/chemin\/wp-content\/uploads\/2025\/06\/image-1.png?w=807&amp;ssl=1 807w, https:\/\/i0.wp.com\/patrimoine-avesnois.fr\/chemin\/wp-content\/uploads\/2025\/06\/image-1.png?resize=300%2C241&amp;ssl=1 300w, https:\/\/i0.wp.com\/patrimoine-avesnois.fr\/chemin\/wp-content\/uploads\/2025\/06\/image-1.png?resize=768%2C617&amp;ssl=1 768w\" sizes=\"auto, (max-width: 807px) 85vw, 807px\" \/><\/figure>\n<\/div>\n\n\n<p>Alentour de la ville, nous avons un ensemble concentrique de hameaux pratiquement non reli\u00e9s entre eux et qui font de Landrecies comme une vaste \u00e9toile aux multiples branches. <br>Le lecteur aura remarqu\u00e9 comment ces hameaux forment deux demi-cercles en partant des extr\u00e9mit\u00e9s de la for\u00eat, de telle sorte que la ville est vraiment au centre et n&rsquo;ouvre au passage que par les faubourgs. <\/p>\n\n\n\n<p>1 <strong>Les Etoquies<\/strong> (Etoquits) &#8211; A l&rsquo;est du faubourg du Quesnoy, il occupe l&rsquo;espace de la rive gauche de la Sambre que la for\u00eat n&rsquo;avait pas envahie et qui se trouvait parsem\u00e9e de touffes d&rsquo;herbes ou d&rsquo;arbustes appel\u00e9s \u00ab\u00a0Etoques\u00a0\u00bb. Cette situation avantageuse (de l&rsquo;eau et une for\u00eat giboyeuse et protectrice) a fait de cet endroit la premi\u00e8re source d&rsquo;implantation d&rsquo;habitants dans cette zone. Il y fut m\u00eame construit un ch\u00e2teau. La vue depuis ces hauteurs sur les environs est splendide.<\/p>\n\n\n\n<p>2I <strong>Le Rosembois<\/strong> (ou Rosimbois) Sur le point haut du faubourg ce lieu-dit est surtout celui de l&rsquo; emplacement d&rsquo;une chapelle de construction tr\u00e8s ancienne (1668) d\u00e9di\u00e9e \u00e0 Notre-Dame de Gr\u00e2ce, patronne du dioc\u00e8se. L&rsquo;environnement de roses (ou de ronciers) autrefois, la pr\u00e9sence proche de la source dite des Espagnols, et surtout de quelques arbres tr\u00e8s vieux, ainsi que ce culte vou\u00e9 l\u00e0 \u00e0 Marie, font penser au remplacement, \u00e0 l&rsquo;\u00e8re de l&rsquo;Evang\u00e9lisation au VI si\u00e8cle, d&rsquo;un culte celtique au profit dune d\u00e9votion chr\u00e9tienne, l&rsquo;exemple n&rsquo;est pas rare. <\/p>\n\n\n\n<p>3. <strong>Happegarbes<\/strong> &#8211; Ce hameau qui s&rsquo;\u00e9tend sur environ 5 km jusqu&rsquo;au \u00ab\u00a0Bois l&rsquo;Ev\u00eaque\u00a0\u00bb (ancienne propri\u00e9t\u00e9 des \u00e9v\u00eaques de Cambrai \u00e0 eux donn\u00e9e par l&#8217;empereur Otton III), tire son nom de la dime que devaient payer en nature sur les r\u00e9coltes de bl\u00e9 (d&rsquo;o\u00f9 \u00ab\u00a0happer les gerbes\u00a0\u00bb) les habitants de Landrecies \u00e0 l&rsquo;Abbaye Saint-Humbert-de-Maroilles, sous l&rsquo;Ancien R\u00e9gime. La voie de chemin de fer a largement utilis\u00e9 cet espace pour son implantation et on souhaite y voir fleurir, en ces hectares de jach\u00e8res, une zone industrielle. A l&#8217;embranchement d&rsquo;un d\u00e9tour d\u00e9nomm\u00e9 \u00ab\u00a0Happegarbes d&rsquo;en haut\u00a0\u00bb, il y eut longtemps un moulin (photo ci-dessous) ; et, \u00e0 la lisiere du bois, se trouve la ferme o\u00f9 se d\u00e9roul\u00e8rent les dramatiques \u00e9v\u00e8nements li\u00e9s \u00e0 un \u00e9pisode de la r\u00e9sistance et dont les \u00e9poux Godart furent les h\u00e9ros malheureux. <\/p>\n\n\n<div class=\"wp-block-image\">\n<figure class=\"aligncenter size-full is-resized\"><img data-recalc-dims=\"1\" loading=\"lazy\" decoding=\"async\" width=\"719\" height=\"477\" data-attachment-id=\"21687\" data-permalink=\"https:\/\/patrimoine-avesnois.fr\/chemin\/landrecies\/image-2018\/\" data-orig-file=\"https:\/\/i0.wp.com\/patrimoine-avesnois.fr\/chemin\/wp-content\/uploads\/2025\/06\/image-2.png?fit=719%2C477&amp;ssl=1\" data-orig-size=\"719,477\" data-comments-opened=\"1\" data-image-meta=\"{&quot;aperture&quot;:&quot;0&quot;,&quot;credit&quot;:&quot;&quot;,&quot;camera&quot;:&quot;&quot;,&quot;caption&quot;:&quot;&quot;,&quot;created_timestamp&quot;:&quot;0&quot;,&quot;copyright&quot;:&quot;&quot;,&quot;focal_length&quot;:&quot;0&quot;,&quot;iso&quot;:&quot;0&quot;,&quot;shutter_speed&quot;:&quot;0&quot;,&quot;title&quot;:&quot;&quot;,&quot;orientation&quot;:&quot;0&quot;}\" data-image-title=\"image\" data-image-description=\"\" data-image-caption=\"\" data-large-file=\"https:\/\/i0.wp.com\/patrimoine-avesnois.fr\/chemin\/wp-content\/uploads\/2025\/06\/image-2.png?fit=719%2C477&amp;ssl=1\" src=\"https:\/\/i0.wp.com\/patrimoine-avesnois.fr\/chemin\/wp-content\/uploads\/2025\/06\/image-2.png?resize=719%2C477&#038;ssl=1\" alt=\"\" class=\"wp-image-21687\" style=\"width:597px\" srcset=\"https:\/\/i0.wp.com\/patrimoine-avesnois.fr\/chemin\/wp-content\/uploads\/2025\/06\/image-2.png?w=719&amp;ssl=1 719w, https:\/\/i0.wp.com\/patrimoine-avesnois.fr\/chemin\/wp-content\/uploads\/2025\/06\/image-2.png?resize=300%2C199&amp;ssl=1 300w\" sizes=\"auto, (max-width: 719px) 85vw, 719px\" \/><figcaption class=\"wp-element-caption\">Moulin Marie-Pierre \u00e0 Happegarbes<\/figcaption><\/figure>\n<\/div>\n\n\n<p>4. <strong>La Folie<\/strong> &#8211; Cette fois nous avons pass\u00e9 la Sambre et nous sommes dans la zone mar\u00e9cageuse de sa rive droite, don il se fit que le lieu fut plant\u00e9 d&rsquo;arbres grands consommateurs d&rsquo;eau, comme les peupliers ou bouleaux et dont les feuilles agit\u00e9es par le vent ont donne le nom de \u00ab\u00a0la Foli\u00e9e\u00a0\u00bb, d\u00e9form\u00e9 malencontreusement en \u00ab\u00a0Folie\u00a0\u00bb. Ce hameau constitua jusqu&rsquo;en 1793 une paroisse suburbicaire d\u00e9di\u00e9e \u00e0 Sainte Catherine. De l\u00e0 le nom de \u00ab\u00a0rue de la Cure\u00a0\u00bb donn\u00e9 au chemin qui m\u00e8ne \u00e0 une ferme dont la maison est l&rsquo;ancien presbyt\u00e8re et les soubassements dune \u00e9table, ceux de l&rsquo;\u00e9glise d&rsquo;autrefois. Il n&rsquo;est pas impossible qu&rsquo;un calvaire et le nom patronymique de Ladri\u00e8re laisse penser qu&rsquo;il y eut aussi en ce hameau \u00e9loign\u00e9 du centre une \u00ab\u00a0ladrerie\u00a0\u00bb ou l\u00e9proserie. A la limite du hameau coule un affluent de la Sambre, la Rivi\u00e8rette\u00a0\u00bb ; non loin de l\u00e0, une plaque scell\u00e9e sur la fa\u00e7ade d&rsquo;une ancienne ferme rappelle qu&rsquo;une crue soudaine de cette \u00ab\u00a0Rivi\u00e8rette\u00a0\u00bb obligea le Roi Louis XIV et toute sa<br>\u00ab\u00a0Maison\u00a0\u00bb \u00e0 attendre quelques jours avant de faire sa troisi\u00e8me visite \u00e0 Landrecies. Les uns, dont le Roi, log\u00e8rent dans cette ferme, qui s&rsquo;appela d\u00e9sormais le \u00ab\u00a0Louvre\u00a0\u00bb, et les autres, un peu plus en amont vers Ors, d&rsquo;o\u00f9 le hameau dit du \u00ab\u00a0Petit Versailles\u00a0\u00bb. C&rsquo;\u00e9tait la nuit du 3 au 4 mai 1670.<\/p>\n\n\n\n<p>5 <strong>La Gadeli\u00e8re <\/strong>&#8211; Un sentier o\u00f9 gambadaient des ch\u00e8vres ?<\/p>\n\n\n\n<p>6 <strong>Le Sambreton<\/strong> &#8211; Comme son nom l&rsquo;indique, le lieu du passage \u00e0 peine visible d&rsquo;un affluent de la Sambre. Mais ce fut le quartier o\u00f9 se sont install\u00e9es au XIV e si\u00e8cle les Verreries de Landrecies. Dur m\u00e9tier que celui de verrier et dont il ne reste que de p\u00e2les souvenirs. C&rsquo;est aussi dans ce quartier qu&rsquo;est ne le peintre Ernest AMAS.<\/p>\n\n\n\n<p>7 <strong>La Boufflette<\/strong> &#8211; Entre la route d&rsquo;Avesnes et le chemin du Favril. <\/p>\n\n\n\n<p>8. <strong>Le Pr\u00e9seau<\/strong> &#8211; Ce hameau rejoint par les \u00ab\u00a0pr\u00e8s\u00a0\u00bb, d&rsquo;o\u00f9 son nom, l&#8217;embranchement de l&rsquo;Helpe Mineure avec la Sambre, \u00e0 la lisi\u00e8re de la for\u00eat et \u00e0 la limite de Maroilles. C&rsquo;est un havre pour les oiseaux, m\u00eame les grands migrateurs, et un lieu r\u00eav\u00e9 pour les p\u00e9cheurs et chasseurs \u00e0 la hutte.<\/p>\n\n\n\n<p>9 <strong>Le Pontonnier<\/strong> &#8211; Ainsi nomm\u00e9 parce qu&rsquo;un pont reliait les terres de la rive droite de la Sambre \u00e0 l&rsquo;ancien ch\u00e2teau (?) situ\u00e9 sur la rive gauche dans les Etoquies. Il est parl\u00e9 d&rsquo;une tour carr\u00e9e qui serait un vestige de ce temps mal connu. <\/p>\n\n\n\n<p>10. Avec <strong>la Jonquiere<\/strong>, nous avons rejoint la rive droite de la rivi\u00e8re tr\u00e8s mar\u00e9cageuse et propre \u00e0 la pousse des herbes de marais (Joncs, saules) et nous pouvons revenir en ville par le chemin du m\u00eame nom, \u00e0 moins que nous ne soyons pass\u00e9s, en traversant les p\u00e2tures, par la rue \u00ab\u00a0Verte\u00a0\u00bb.<\/p>\n\n\n\n<p>Source : Landrecies Le Bourg ses Hameaux Les Monuments Son Histoire Abb\u00e9 Guy LACROIX Edition SAEP 3 \u00e8 trimestre 1994 Imp n\u00b0 2176<\/p>\n\n\n\n<p class=\"has-text-align-center has-large-font-size\">***<\/p>\n\n\n\n<p>Notons \u00e9galement la pr\u00e9sence des casernes \u00e0 Landrecies\u00a0: on en a compt\u00e9 jusqu&rsquo;\u00e0 cinq. La premi\u00e8re situ\u00e9e dans la ville basse fut nomm\u00e9e caserne Saint-Charles avant la R\u00e9volution puis \u00ab\u00a0caserne Clarke\u00a0\u00bb du nom du ministre de la guerre Landrecien. Elle abritait la cavalerie. La seconde caserne, dans la ville haute, la caserne Biron, fut construite par le duc de Biron, Louis-Antoine de Gontaut, gouverneur de Landrecies au XVIII\u00e8me si\u00e8cle. Elle \u00e9tait en r\u00e9alit\u00e9 un pavillon pour les officiers qui disposaient d&rsquo;une belle vue et d&rsquo;un air moins vici\u00e9 qu&rsquo;\u00e0 l&rsquo;int\u00e9rieur parmi les ruelles \u00e9troites de la ville Cette caserne est depuis reconvertie en logements r\u00e9sidentiels. A l&#8217;emplacement du centre socioculturel s&rsquo;\u00e9levait une caserne pouvant loger mille deux cent soixante hommes, d\u00e9nomm\u00e9e Saint Philippe avant la R\u00e9volution, puis Dupleix, longtemps apr\u00e8s sa reconstruction en 1830. Il y eut aussi les casernes \u00ab\u00a0Foch\u00a0\u00bb l\u00e0 o\u00f9 s&rsquo;\u00e9l\u00e8ve la maison de retraite dite \u00ab R\u00e9sidence du Pays de Mormal \u00bb, les substructures d&rsquo;une caserne reconstruite en 1930 d\u00e9di\u00e9e \u00e0 la m\u00e9moire du Mar\u00e9chal Foch et \u00ab\u00a0Peignan\u00a0\u00bb  \u00e0 l&#8217;emplacement de l&rsquo;actuelle gendarmerie, du nom d&rsquo;un lieutenant au 84 e RI (1888-1912), de belle facture mais qu&rsquo;on a malheureusement sacrifi\u00e9e( il reste quelques pierres taill\u00e9es au pied du monument AMAS).<\/p>\n\n\n<div class=\"wp-block-image\">\n<figure class=\"aligncenter\"><img data-recalc-dims=\"1\" loading=\"lazy\" decoding=\"async\" width=\"840\" height=\"530\" data-attachment-id=\"3538\" data-permalink=\"https:\/\/patrimoine-avesnois.fr\/chemin\/landrecies\/image-530\/\" data-orig-file=\"https:\/\/i0.wp.com\/patrimoine-avesnois.fr\/chemin\/wp-content\/uploads\/2019\/05\/image-57.png?fit=959%2C605&amp;ssl=1\" data-orig-size=\"959,605\" data-comments-opened=\"1\" data-image-meta=\"{&quot;aperture&quot;:&quot;0&quot;,&quot;credit&quot;:&quot;&quot;,&quot;camera&quot;:&quot;&quot;,&quot;caption&quot;:&quot;&quot;,&quot;created_timestamp&quot;:&quot;0&quot;,&quot;copyright&quot;:&quot;&quot;,&quot;focal_length&quot;:&quot;0&quot;,&quot;iso&quot;:&quot;0&quot;,&quot;shutter_speed&quot;:&quot;0&quot;,&quot;title&quot;:&quot;&quot;,&quot;orientation&quot;:&quot;0&quot;}\" data-image-title=\"image\" data-image-description=\"\" data-image-caption=\"\" data-large-file=\"https:\/\/i0.wp.com\/patrimoine-avesnois.fr\/chemin\/wp-content\/uploads\/2019\/05\/image-57.png?fit=840%2C530&amp;ssl=1\" src=\"https:\/\/i0.wp.com\/patrimoine-avesnois.fr\/chemin\/wp-content\/uploads\/2019\/05\/image-57.png?resize=840%2C530\" alt=\"\" class=\"wp-image-3538\" srcset=\"https:\/\/i0.wp.com\/patrimoine-avesnois.fr\/chemin\/wp-content\/uploads\/2019\/05\/image-57.png?w=959&amp;ssl=1 959w, https:\/\/i0.wp.com\/patrimoine-avesnois.fr\/chemin\/wp-content\/uploads\/2019\/05\/image-57.png?resize=300%2C189&amp;ssl=1 300w, https:\/\/i0.wp.com\/patrimoine-avesnois.fr\/chemin\/wp-content\/uploads\/2019\/05\/image-57.png?resize=768%2C485&amp;ssl=1 768w\" sizes=\"auto, (max-width: 709px) 85vw, (max-width: 909px) 67vw, (max-width: 1362px) 62vw, 840px\" \/><\/figure>\n<\/div>\n\n<div class=\"wp-block-image\">\n<figure class=\"aligncenter\"><img decoding=\"async\" src=\"https:\/\/upload.wikimedia.org\/wikipedia\/commons\/c\/c8\/Landrecies_%28Nord%2C_Fr%29_Caserne_Clarke_et_Communaut%C3%A9_de_communes.jpg\" alt=\"R\u00c3\u00a9sultat de recherche d'images pour &quot;landrecies wikipedia&quot;\"\/><figcaption class=\"wp-element-caption\">Caserne Clarke<\/figcaption><\/figure>\n<\/div>\n\n<div class=\"wp-block-image\">\n<figure class=\"aligncenter\"><img data-recalc-dims=\"1\" decoding=\"async\" src=\"https:\/\/i0.wp.com\/www.architecture-simon.com\/wp-content\/uploads\/2016\/01\/CASERNE-CLARCK-LANDRECIES-2-700.jpg?w=840\" alt=\"\"\/><figcaption class=\"wp-element-caption\"> R\u00e9habilitation et transformation d&rsquo;une ancienne caserne militaire en si\u00e8ge de la Communaut\u00e9 de Commune du Pays de Mormal Maroilles. <\/figcaption><\/figure>\n<\/div>\n\n\n<p class=\"has-medium-font-size\"><strong>Landrecies. Sa gendarmerie, ses casernements, ses h\u00f4pitaux militaires, civils et religieux.  <\/strong><\/p>\n\n\n\n<p>Article de <strong>Francine MICHAUX &#8211; Membre de la SAHAA<\/strong> \u00e0 lire dans le <a rel=\"noreferrer noopener\" href=\"http:\/\/www.chgb.org\/navigation\/bulletin2.html\" target=\"_blank\">Bulletin du CHGB N 48<\/a>.<\/p>\n\n\n<div class=\"wp-block-image\">\n<figure class=\"aligncenter\"><img data-recalc-dims=\"1\" loading=\"lazy\" decoding=\"async\" width=\"840\" height=\"566\" data-attachment-id=\"3539\" data-permalink=\"https:\/\/patrimoine-avesnois.fr\/chemin\/landrecies\/856_001\/\" data-orig-file=\"https:\/\/i0.wp.com\/patrimoine-avesnois.fr\/chemin\/wp-content\/uploads\/2019\/05\/856_001.jpg?fit=995%2C671&amp;ssl=1\" data-orig-size=\"995,671\" data-comments-opened=\"1\" data-image-meta=\"{&quot;aperture&quot;:&quot;0&quot;,&quot;credit&quot;:&quot;&quot;,&quot;camera&quot;:&quot;&quot;,&quot;caption&quot;:&quot;&quot;,&quot;created_timestamp&quot;:&quot;1557404228&quot;,&quot;copyright&quot;:&quot;&quot;,&quot;focal_length&quot;:&quot;0&quot;,&quot;iso&quot;:&quot;0&quot;,&quot;shutter_speed&quot;:&quot;0&quot;,&quot;title&quot;:&quot;&quot;,&quot;orientation&quot;:&quot;0&quot;}\" data-image-title=\"856_001\" data-image-description=\"\" data-image-caption=\"\" data-large-file=\"https:\/\/i0.wp.com\/patrimoine-avesnois.fr\/chemin\/wp-content\/uploads\/2019\/05\/856_001.jpg?fit=840%2C566&amp;ssl=1\" src=\"https:\/\/i0.wp.com\/patrimoine-avesnois.fr\/chemin\/wp-content\/uploads\/2019\/05\/856_001.jpg?resize=840%2C566\" alt=\"\" class=\"wp-image-3539\" srcset=\"https:\/\/i0.wp.com\/patrimoine-avesnois.fr\/chemin\/wp-content\/uploads\/2019\/05\/856_001.jpg?w=995&amp;ssl=1 995w, https:\/\/i0.wp.com\/patrimoine-avesnois.fr\/chemin\/wp-content\/uploads\/2019\/05\/856_001.jpg?resize=300%2C202&amp;ssl=1 300w, https:\/\/i0.wp.com\/patrimoine-avesnois.fr\/chemin\/wp-content\/uploads\/2019\/05\/856_001.jpg?resize=768%2C518&amp;ssl=1 768w\" sizes=\"auto, (max-width: 709px) 85vw, (max-width: 909px) 67vw, (max-width: 1362px) 62vw, 840px\" \/><\/figure>\n<\/div>\n\n\n<p>La caserne Dupleix fut d\u00e9moli en 1959 et sur son emplacement fut \u00e9difi\u00e9 en 1973 le centre social et culturel \u00c9douard BANTIGNY. <\/p>\n\n\n<div class=\"wp-block-image\">\n<figure class=\"aligncenter\"><img loading=\"lazy\" decoding=\"async\" width=\"1510\" height=\"985\" data-attachment-id=\"3540\" data-permalink=\"https:\/\/patrimoine-avesnois.fr\/chemin\/landrecies\/717_001\/\" data-orig-file=\"https:\/\/i0.wp.com\/patrimoine-avesnois.fr\/chemin\/wp-content\/uploads\/2019\/05\/717_001.jpg?fit=1510%2C985&amp;ssl=1\" data-orig-size=\"1510,985\" data-comments-opened=\"1\" data-image-meta=\"{&quot;aperture&quot;:&quot;0&quot;,&quot;credit&quot;:&quot;&quot;,&quot;camera&quot;:&quot;&quot;,&quot;caption&quot;:&quot;&quot;,&quot;created_timestamp&quot;:&quot;1557404184&quot;,&quot;copyright&quot;:&quot;&quot;,&quot;focal_length&quot;:&quot;0&quot;,&quot;iso&quot;:&quot;0&quot;,&quot;shutter_speed&quot;:&quot;0&quot;,&quot;title&quot;:&quot;&quot;,&quot;orientation&quot;:&quot;0&quot;}\" data-image-title=\"717_001\" data-image-description=\"\" data-image-caption=\"\" data-large-file=\"https:\/\/i0.wp.com\/patrimoine-avesnois.fr\/chemin\/wp-content\/uploads\/2019\/05\/717_001.jpg?fit=840%2C548&amp;ssl=1\" src=\"https:\/\/i0.wp.com\/patrimoine-avesnois.fr\/chemin\/wp-content\/uploads\/2019\/05\/717_001.jpg?fit=840%2C548\" alt=\"\" class=\"wp-image-3540\" srcset=\"https:\/\/i0.wp.com\/patrimoine-avesnois.fr\/chemin\/wp-content\/uploads\/2019\/05\/717_001.jpg?w=1510&amp;ssl=1 1510w, https:\/\/i0.wp.com\/patrimoine-avesnois.fr\/chemin\/wp-content\/uploads\/2019\/05\/717_001.jpg?resize=300%2C196&amp;ssl=1 300w, https:\/\/i0.wp.com\/patrimoine-avesnois.fr\/chemin\/wp-content\/uploads\/2019\/05\/717_001.jpg?resize=768%2C501&amp;ssl=1 768w, https:\/\/i0.wp.com\/patrimoine-avesnois.fr\/chemin\/wp-content\/uploads\/2019\/05\/717_001.jpg?resize=1024%2C668&amp;ssl=1 1024w, https:\/\/i0.wp.com\/patrimoine-avesnois.fr\/chemin\/wp-content\/uploads\/2019\/05\/717_001.jpg?resize=1200%2C783&amp;ssl=1 1200w\" sizes=\"auto, (max-width: 709px) 85vw, (max-width: 909px) 67vw, (max-width: 1362px) 62vw, 840px\" \/><\/figure>\n<\/div>\n\n\n<p>La caserne BIRON doit son nom \u00e0 Louis Antoine de GONTAUT, comte puis duc de BIRON, mar\u00e9chal de France (1701-1788) qui \u00e9tait gouverneur de Landrecies lors de sa construction.<\/p>\n\n\n\n<p class=\"has-text-align-center\">***<\/p>\n\n\n<div class=\"wp-block-image\">\n<figure class=\"aligncenter\"><img decoding=\"async\" src=\"https:\/\/gallica.bnf.fr\/ark:\/12148\/btv1b53037411x\/f1.highres\" alt=\"Gare de Landrecies [Nord] : [photographie de presse] \/ [Agence Rol]\"\/><figcaption class=\"wp-element-caption\">Gare de Landrecies 1920 Source Gallica bnf<\/figcaption><\/figure>\n<\/div>\n\n<div class=\"wp-block-image\">\n<figure class=\"aligncenter\"><img decoding=\"async\" src=\"https:\/\/upload.wikimedia.org\/wikipedia\/commons\/thumb\/d\/de\/Gare_landrecies.jpg\/1200px-Gare_landrecies.jpg\" alt=\"R\u00c3\u00a9sultat de recherche d'images pour &quot;landrecies wikipedia&quot;\"\/><figcaption class=\"wp-element-caption\">Gare de Landrecies<\/figcaption><\/figure>\n<\/div>\n\n\n<p>La&nbsp;station de Landrecies&nbsp;est mise en service le 21 octobre 1855&nbsp;par la <a href=\"https:\/\/fr.wikipedia.org\/wiki\/Compagnie_des_chemins_de_fer_du_Nord\" target=\"_blank\" rel=\"noreferrer noopener\">Compagnie des chemins de fer du Nord<\/a>, lorsqu&rsquo;elle ouvre la section de Saint-Quentin \u00e0 Hautmont.<\/p>\n\n\n<div class=\"wp-block-image\">\n<figure class=\"aligncenter\"><img data-recalc-dims=\"1\" loading=\"lazy\" decoding=\"async\" width=\"840\" height=\"560\" data-attachment-id=\"3417\" data-permalink=\"https:\/\/patrimoine-avesnois.fr\/chemin\/landrecies\/image-514\/\" data-orig-file=\"https:\/\/i0.wp.com\/patrimoine-avesnois.fr\/chemin\/wp-content\/uploads\/2019\/05\/image-41.png?fit=981%2C654&amp;ssl=1\" data-orig-size=\"981,654\" data-comments-opened=\"1\" data-image-meta=\"{&quot;aperture&quot;:&quot;0&quot;,&quot;credit&quot;:&quot;&quot;,&quot;camera&quot;:&quot;&quot;,&quot;caption&quot;:&quot;&quot;,&quot;created_timestamp&quot;:&quot;0&quot;,&quot;copyright&quot;:&quot;&quot;,&quot;focal_length&quot;:&quot;0&quot;,&quot;iso&quot;:&quot;0&quot;,&quot;shutter_speed&quot;:&quot;0&quot;,&quot;title&quot;:&quot;&quot;,&quot;orientation&quot;:&quot;0&quot;}\" data-image-title=\"image\" data-image-description=\"\" data-image-caption=\"\" data-large-file=\"https:\/\/i0.wp.com\/patrimoine-avesnois.fr\/chemin\/wp-content\/uploads\/2019\/05\/image-41.png?fit=840%2C560&amp;ssl=1\" src=\"https:\/\/i0.wp.com\/patrimoine-avesnois.fr\/chemin\/wp-content\/uploads\/2019\/05\/image-41.png?resize=840%2C560\" alt=\"\" class=\"wp-image-3417\" srcset=\"https:\/\/i0.wp.com\/patrimoine-avesnois.fr\/chemin\/wp-content\/uploads\/2019\/05\/image-41.png?w=981&amp;ssl=1 981w, https:\/\/i0.wp.com\/patrimoine-avesnois.fr\/chemin\/wp-content\/uploads\/2019\/05\/image-41.png?resize=300%2C200&amp;ssl=1 300w, https:\/\/i0.wp.com\/patrimoine-avesnois.fr\/chemin\/wp-content\/uploads\/2019\/05\/image-41.png?resize=768%2C512&amp;ssl=1 768w\" sizes=\"auto, (max-width: 709px) 85vw, (max-width: 909px) 67vw, (max-width: 1362px) 62vw, 840px\" \/><figcaption class=\"wp-element-caption\">Brasserie Marie, puis Gillet Marie, puis Gillet Bar\u00e9 <\/figcaption><\/figure>\n<\/div>\n\n<div class=\"wp-block-image\">\n<figure class=\"aligncenter\"><img data-recalc-dims=\"1\" decoding=\"async\" src=\"https:\/\/i0.wp.com\/www2.culture.gouv.fr\/Wave\/image\/memoire\/0166\/ivr31_91590944x_p.jpg?w=840\" alt=\"\"\/><figcaption class=\"wp-element-caption\"><a href=\"http:\/\/www2.culture.gouv.fr\/public\/mistral\/merimee_fr?ACTION=CHERCHER&amp;FIELD_98=REF&amp;VALUE_98=IA59000162\" target=\"_blank\" rel=\"noreferrer noopener\" aria-label=\"Photo base M\u00e9rim\u00e9e (opens in a new tab)\">Photo base M\u00e9rim\u00e9e<\/a><\/figcaption><\/figure>\n<\/div>\n\n\n<p>De source orale la brasserie aurait \u00e9t\u00e9 fond\u00e9e dans la deuxi\u00e8me moiti\u00e9 du 19e si\u00e8cle par la famille Marie. Elle prend ensuite successivement le nom de Gillet Marie et Gillet. En 1935 ou 1936 la brasserie est d\u00e9truite par un incendie et aussit\u00f4t reconstruite. Elle porte alors le nom de Gillet Bar\u00e9. En d\u00e9cembre 1941 l&rsquo;usine cesse toute fabrication. Elle est alors convertie en d\u00e9p\u00f4t de boissons. <\/p>\n\n\n\n<p>Description : Atelier de fabrication \u00e0 deux et trois \u00e9tages carr\u00e9s couvert d&rsquo;un toit \u00e0 longs pans et d&rsquo;une terrasse, dot\u00e9 de vo\u00fbtes en berceau segmentaire en brique ; entrep\u00f4t commercial en rez-de-chauss\u00e9e avec toit \u00e0 croupe en tuile m\u00e9canique. Source MH<\/p>\n\n\n<div class=\"wp-block-image\">\n<figure class=\"aligncenter\"><img loading=\"lazy\" decoding=\"async\" width=\"1328\" height=\"860\" data-attachment-id=\"3480\" data-permalink=\"https:\/\/patrimoine-avesnois.fr\/chemin\/landrecies\/318_001\/\" data-orig-file=\"https:\/\/i0.wp.com\/patrimoine-avesnois.fr\/chemin\/wp-content\/uploads\/2019\/05\/318_001.jpg?fit=1328%2C860&amp;ssl=1\" data-orig-size=\"1328,860\" data-comments-opened=\"1\" data-image-meta=\"{&quot;aperture&quot;:&quot;0&quot;,&quot;credit&quot;:&quot;&quot;,&quot;camera&quot;:&quot;&quot;,&quot;caption&quot;:&quot;&quot;,&quot;created_timestamp&quot;:&quot;1557347496&quot;,&quot;copyright&quot;:&quot;&quot;,&quot;focal_length&quot;:&quot;0&quot;,&quot;iso&quot;:&quot;0&quot;,&quot;shutter_speed&quot;:&quot;0&quot;,&quot;title&quot;:&quot;&quot;,&quot;orientation&quot;:&quot;0&quot;}\" data-image-title=\"318_001\" data-image-description=\"\" data-image-caption=\"\" data-large-file=\"https:\/\/i0.wp.com\/patrimoine-avesnois.fr\/chemin\/wp-content\/uploads\/2019\/05\/318_001.jpg?fit=840%2C544&amp;ssl=1\" src=\"https:\/\/i2.wp.com\/patrimoine-avesnois.fr\/chemin\/wp-content\/uploads\/2019\/05\/318_001.jpg?fit=840%2C544\" alt=\"\" class=\"wp-image-3480\" srcset=\"https:\/\/i0.wp.com\/patrimoine-avesnois.fr\/chemin\/wp-content\/uploads\/2019\/05\/318_001.jpg?w=1328&amp;ssl=1 1328w, https:\/\/i0.wp.com\/patrimoine-avesnois.fr\/chemin\/wp-content\/uploads\/2019\/05\/318_001.jpg?resize=300%2C194&amp;ssl=1 300w, https:\/\/i0.wp.com\/patrimoine-avesnois.fr\/chemin\/wp-content\/uploads\/2019\/05\/318_001.jpg?resize=768%2C497&amp;ssl=1 768w, https:\/\/i0.wp.com\/patrimoine-avesnois.fr\/chemin\/wp-content\/uploads\/2019\/05\/318_001.jpg?resize=1024%2C663&amp;ssl=1 1024w, https:\/\/i0.wp.com\/patrimoine-avesnois.fr\/chemin\/wp-content\/uploads\/2019\/05\/318_001.jpg?resize=1200%2C777&amp;ssl=1 1200w\" sizes=\"auto, (max-width: 709px) 85vw, (max-width: 909px) 67vw, (max-width: 1362px) 62vw, 840px\" \/><figcaption class=\"wp-element-caption\">La verrerie de Landrecies<\/figcaption><\/figure>\n<\/div>\n\n\n<p><strong>Histoire de la verrerie <\/strong><\/p>\n\n\n\n<p>La&nbsp;verrerie de Landrecies&nbsp;est autoris\u00e9e par <a rel=\"noreferrer noopener\" aria-label=\"ordonnance royale  (opens in a new tab)\" href=\"https:\/\/books.google.fr\/books?id=dIBPAAAAcAAJ&amp;pg=PA648&amp;dq=%22verrerie+de+Landrecies%22&amp;hl=fr&amp;sa=X&amp;ei=HB-dVengN8H9UvCmgdgK&amp;ved=0CCsQ6AEwAg#v=onepage&amp;q=%22verrerie%20de%20Landrecies%22&amp;f=false\" target=\"_blank\">ordonnance royale <\/a>du 7 mai 1823 au sieur Durant. Cette verrerie \u00e0 bouteilles s&rsquo;installe au hameau de Sambreton. <br>La verrerie est rachet\u00e9e en 1865 par Antoine-Joseph Larose (1808 Anor 1875 Anor)et son fils Z\u00e9phir-Paulin (1835 Anor 1907 Landrecies). Celui-ci la transforme profond\u00e9ment en y faisant une cristallerie et une gobeleterie.<\/p>\n\n\n\n<p>Le 8 d\u00e9cembre 1909, ses enfants Georges et Berthe  s&rsquo;associent avec Pol Lionne dans une Soci\u00e9t\u00e9 en commandite simple si\u00e9geant route de Guise \u00e0 Landrecies. Les familles Larose et Lionne se c\u00f4toyaient depuis de nombreuses ann\u00e9es et on retrouve ces deux noms associ\u00e9s au monde de la verrerie, aussi bien \u00e0 Charleville qu&rsquo;\u00e0 Landrecies. En effet Pol Lionne est le fils de Dominique, fondateur de la verrerie du Molinet \u00e0 Charleville. A partir de 1911, il semble que Georges Edmond Larose s\u2019\u00e9loigne de la verrerie du Sambreton. Pol Lionne, d\u00e9sormais ma\u00eetre de la verrerie du Sambreton en est aussi le directeur, d\u00e9laissant la verrerie de Charleville pour celle de Landrecies. <\/p>\n\n\n\n<p>Extraits de \u00ab l&rsquo;Histoire de la verrerie du Sambreton \u00bb \u00e9crite par Jean Louis Boucly en 2002 : <\/p>\n\n\n\n<p>\u00ab\u00a0Pol LIONNE dota la fabrique d&rsquo;un gazom\u00e8tre br\u00fblant du coke et alimentant un groupe \u00e9lectrog\u00e8ne \u00e9quip\u00e9 de moteurs a gaz pauvre et de dynamos produisant un courant continu. L&rsquo;usine \u00e9tait \u00e9clair\u00e9e par des lampes a filaments de carbone. Le gaz servait aussi a chauffer les \u00a0\u00bb arches \u00a0\u00bb proches du four \u00e0 pots. La fabrication ant\u00e9rieure fut continu\u00e9e jusqu\u2019\u00e0 la premi\u00e8re guerre mondiale gr\u00e2ce \u00e0 des sp\u00e9cialistes venus de Belgique, ceux de la famille MICHEL, originaire de Boussu par exemple. Mais, des cette \u00e9poque, on constate que l&rsquo;\u00e9tat civil ne mentionne plus de qualifications, car les postes sont occup\u00e9s par des verriers peu sp\u00e9cialis\u00e9s mais form\u00e9s sur place. En outre la profession s &lsquo;ouvre largement aux femmes et le recrutement des ouvriers est beaucoup plus local. <br><br>La premi\u00e8re guerre et l&rsquo;occupation ennemie firent cesser toute activit\u00e9 \u00e0 l&rsquo;usine. Pendant ce temps. Pol Lionne dirigea \u00e0 Charenton-le-Pont (Seine) l&rsquo;entreprise ADNET sp\u00e9cialis\u00e9e dans la fabrication d&rsquo;objets pour la chimie et l&rsquo;\u00e9clairage. De retour Landrecies en 1920, il reconstitua le mat\u00e9riel et reb\u00e2tit l&rsquo;usine sans en changer la conception. D\u00e8s 1925, il relan\u00e7a la production en fabriquant, comme \u00e0 Charenton des articles de chimie et du verre d&rsquo;\u00e9clairage. Pour ce faire, il fit venir de Pologne mais surtout de Tch\u00e9coslovaquie des verriers sp\u00e9cialis\u00e9s. Malheureusement, l&rsquo;expulsion du territoire fran\u00e7ais des tch\u00e8ques et des slovaques en 1935, mit fin a cette activit\u00e9 tr\u00e8s lucrative, car ces verriers \u00e9trangers \u00e9taient nettement sous-pay\u00e9s, compte tenus de leur haute comp\u00e9tence technique. En 1936, Pierre LIONNE (fils de Pol) succ\u00e9da \u00e0 son p\u00e8re et dut faire face aussit\u00f4t \u00e0 une situation sociale assez troubl\u00e9e. En ao\u00fbt, des gr\u00e8ves paralys\u00e8rent l&rsquo;usine qui dut fermer ses portes \u00e0 la fin du mime mois. <\/p>\n\n\n\n<p>La m\u00eame ann\u00e9e, Pierre Lionne s&rsquo;associe avec Gaston Roland, grossiste en arts du feu \u00e0 Marly, les-Valenciennes. Durant la seconde guerre mondiale, il assura la maintenance de l&rsquo;outil  de travail et la verrerie rouvrit ses portes le 13 ao\u00fbt 1946.\u00a0\u00bb<\/p>\n\n\n\n<p>Apres le d\u00e9c\u00e8s de Pierre Lionne en 1957, la soci\u00e9t\u00e9 LIONNE de Landrecies deviendra la SONOVERA o\u00f9 l&rsquo;on fabriquera essentiellement des verres souffl\u00e9s et d\u00e9cor\u00e9s \u00e0 la main. Mais la concurrence est trop forte, surtout par rapport \u00e0 la cristallerie d&rsquo;Arques, et en 1982  la soci\u00e9t\u00e9 est mise en faillite. Le 21 f\u00e9vrier 1984, le tribunal de commerce prononce la liquidation de la soci\u00e9t\u00e9. La derni\u00e8re verrerie bouche du Nord de la France fermait d\u00e9finitivement ses portes. <\/p>\n\n\n\n<p class=\"has-text-align-center has-medium-font-size\">***<\/p>\n\n\n\n<p><strong>Histoire de la c\u00e9ramique<\/strong><\/p>\n\n\n<div class=\"wp-block-image\">\n<figure class=\"aligncenter is-resized\"><img data-recalc-dims=\"1\" height=\"426\" width=\"678\" decoding=\"async\" src=\"https:\/\/i0.wp.com\/www.lecercleguimard.fr\/HG\/wp-content\/uploads\/2019\/09\/Landrecies-fabrique-2-678x426.jpg?resize=678%2C426&#038;ssl=1\" alt=\"\" style=\"width:680px;height:426px\"\/><figcaption class=\"wp-element-caption\">B\u00e2timents de la Soci\u00e9t\u00e9 Fran\u00e7aise des C\u00e9ramiques de Landrecies. Carte postale ancienne.<\/figcaption><\/figure>\n<\/div>\n\n<div class=\"wp-block-image\">\n<figure class=\"aligncenter size-large is-resized\"><img data-recalc-dims=\"1\" loading=\"lazy\" decoding=\"async\" width=\"739\" height=\"545\" data-attachment-id=\"11829\" data-permalink=\"https:\/\/patrimoine-avesnois.fr\/chemin\/landrecies\/image-2-3\/\" data-orig-file=\"https:\/\/i0.wp.com\/patrimoine-avesnois.fr\/chemin\/wp-content\/uploads\/2020\/08\/image-2.png?fit=739%2C545&amp;ssl=1\" data-orig-size=\"739,545\" data-comments-opened=\"1\" data-image-meta=\"{&quot;aperture&quot;:&quot;0&quot;,&quot;credit&quot;:&quot;&quot;,&quot;camera&quot;:&quot;&quot;,&quot;caption&quot;:&quot;&quot;,&quot;created_timestamp&quot;:&quot;0&quot;,&quot;copyright&quot;:&quot;&quot;,&quot;focal_length&quot;:&quot;0&quot;,&quot;iso&quot;:&quot;0&quot;,&quot;shutter_speed&quot;:&quot;0&quot;,&quot;title&quot;:&quot;&quot;,&quot;orientation&quot;:&quot;0&quot;}\" data-image-title=\"image-2\" data-image-description=\"\" data-image-caption=\"\" data-large-file=\"https:\/\/i0.wp.com\/patrimoine-avesnois.fr\/chemin\/wp-content\/uploads\/2020\/08\/image-2.png?fit=739%2C545&amp;ssl=1\" src=\"https:\/\/i0.wp.com\/patrimoine-avesnois.fr\/chemin\/wp-content\/uploads\/2020\/08\/image-2.png?resize=739%2C545\" alt=\"\" class=\"wp-image-11829\" style=\"width:680px;height:500px\" srcset=\"https:\/\/i0.wp.com\/patrimoine-avesnois.fr\/chemin\/wp-content\/uploads\/2020\/08\/image-2.png?w=739&amp;ssl=1 739w, https:\/\/i0.wp.com\/patrimoine-avesnois.fr\/chemin\/wp-content\/uploads\/2020\/08\/image-2.png?resize=300%2C221&amp;ssl=1 300w\" sizes=\"auto, (max-width: 739px) 85vw, 739px\" \/><figcaption class=\"wp-element-caption\"><em>Les anciens b\u00e2timents de la c\u00e9ramique<\/em><\/figcaption><\/figure>\n<\/div>\n\n\n<div class=\"wp-block-jetpack-slideshow aligncenter\" data-effect=\"slide\"><div class=\"wp-block-jetpack-slideshow_container swiper-container\"><ul class=\"wp-block-jetpack-slideshow_swiper-wrappper swiper-wrapper\"><li class=\"wp-block-jetpack-slideshow_slide swiper-slide\"><figure><img data-recalc-dims=\"1\" loading=\"lazy\" decoding=\"async\" width=\"840\" height=\"628\" alt=\"\" class=\"wp-block-jetpack-slideshow_image wp-image-3528\" data-id=\"3528\" src=\"https:\/\/i0.wp.com\/patrimoine-avesnois.fr\/chemin\/wp-content\/uploads\/2019\/05\/carrelage3.jpg?resize=840%2C628\" srcset=\"https:\/\/i0.wp.com\/patrimoine-avesnois.fr\/chemin\/wp-content\/uploads\/2019\/05\/carrelage3.jpg?w=1772&amp;ssl=1 1772w, https:\/\/i0.wp.com\/patrimoine-avesnois.fr\/chemin\/wp-content\/uploads\/2019\/05\/carrelage3.jpg?resize=300%2C224&amp;ssl=1 300w, https:\/\/i0.wp.com\/patrimoine-avesnois.fr\/chemin\/wp-content\/uploads\/2019\/05\/carrelage3.jpg?resize=768%2C574&amp;ssl=1 768w, https:\/\/i0.wp.com\/patrimoine-avesnois.fr\/chemin\/wp-content\/uploads\/2019\/05\/carrelage3.jpg?resize=1024%2C765&amp;ssl=1 1024w, https:\/\/i0.wp.com\/patrimoine-avesnois.fr\/chemin\/wp-content\/uploads\/2019\/05\/carrelage3.jpg?resize=1200%2C897&amp;ssl=1 1200w, https:\/\/i0.wp.com\/patrimoine-avesnois.fr\/chemin\/wp-content\/uploads\/2019\/05\/carrelage3.jpg?w=1680 1680w\" sizes=\"(max-width: 709px) 85vw, (max-width: 909px) 67vw, (max-width: 1362px) 62vw, 840px\" \/><\/figure><\/li><li class=\"wp-block-jetpack-slideshow_slide swiper-slide\"><figure><img data-recalc-dims=\"1\" loading=\"lazy\" decoding=\"async\" width=\"840\" height=\"630\" alt=\"\" class=\"wp-block-jetpack-slideshow_image wp-image-3529\" data-id=\"3529\" src=\"https:\/\/i0.wp.com\/patrimoine-avesnois.fr\/chemin\/wp-content\/uploads\/2019\/05\/carrelage2.jpg?resize=840%2C630\" srcset=\"https:\/\/i0.wp.com\/patrimoine-avesnois.fr\/chemin\/wp-content\/uploads\/2019\/05\/carrelage2.jpg?w=2816&amp;ssl=1 2816w, https:\/\/i0.wp.com\/patrimoine-avesnois.fr\/chemin\/wp-content\/uploads\/2019\/05\/carrelage2.jpg?resize=300%2C225&amp;ssl=1 300w, https:\/\/i0.wp.com\/patrimoine-avesnois.fr\/chemin\/wp-content\/uploads\/2019\/05\/carrelage2.jpg?resize=768%2C576&amp;ssl=1 768w, https:\/\/i0.wp.com\/patrimoine-avesnois.fr\/chemin\/wp-content\/uploads\/2019\/05\/carrelage2.jpg?resize=1024%2C768&amp;ssl=1 1024w, https:\/\/i0.wp.com\/patrimoine-avesnois.fr\/chemin\/wp-content\/uploads\/2019\/05\/carrelage2.jpg?resize=1200%2C900&amp;ssl=1 1200w, https:\/\/i0.wp.com\/patrimoine-avesnois.fr\/chemin\/wp-content\/uploads\/2019\/05\/carrelage2.jpg?w=1680 1680w, https:\/\/i0.wp.com\/patrimoine-avesnois.fr\/chemin\/wp-content\/uploads\/2019\/05\/carrelage2.jpg?w=2520 2520w\" sizes=\"(max-width: 709px) 85vw, (max-width: 909px) 67vw, (max-width: 1362px) 62vw, 840px\" \/><\/figure><\/li><li class=\"wp-block-jetpack-slideshow_slide swiper-slide\"><figure><img data-recalc-dims=\"1\" loading=\"lazy\" decoding=\"async\" width=\"840\" height=\"666\" alt=\"\" class=\"wp-block-jetpack-slideshow_image wp-image-3530\" data-id=\"3530\" src=\"https:\/\/i0.wp.com\/patrimoine-avesnois.fr\/chemin\/wp-content\/uploads\/2019\/05\/carrelage1.jpg?resize=840%2C666\" srcset=\"https:\/\/i0.wp.com\/patrimoine-avesnois.fr\/chemin\/wp-content\/uploads\/2019\/05\/carrelage1.jpg?w=1772&amp;ssl=1 1772w, https:\/\/i0.wp.com\/patrimoine-avesnois.fr\/chemin\/wp-content\/uploads\/2019\/05\/carrelage1.jpg?resize=300%2C238&amp;ssl=1 300w, https:\/\/i0.wp.com\/patrimoine-avesnois.fr\/chemin\/wp-content\/uploads\/2019\/05\/carrelage1.jpg?resize=768%2C609&amp;ssl=1 768w, https:\/\/i0.wp.com\/patrimoine-avesnois.fr\/chemin\/wp-content\/uploads\/2019\/05\/carrelage1.jpg?resize=1024%2C812&amp;ssl=1 1024w, https:\/\/i0.wp.com\/patrimoine-avesnois.fr\/chemin\/wp-content\/uploads\/2019\/05\/carrelage1.jpg?resize=1200%2C951&amp;ssl=1 1200w, https:\/\/i0.wp.com\/patrimoine-avesnois.fr\/chemin\/wp-content\/uploads\/2019\/05\/carrelage1.jpg?w=1680 1680w\" sizes=\"(max-width: 709px) 85vw, (max-width: 909px) 67vw, (max-width: 1362px) 62vw, 840px\" \/><\/figure><\/li><\/ul><a class=\"wp-block-jetpack-slideshow_button-prev swiper-button-prev swiper-button-white\" role=\"button\"><\/a><a class=\"wp-block-jetpack-slideshow_button-next swiper-button-next swiper-button-white\" role=\"button\"><\/a><a aria-label=\"Pause Slideshow\" class=\"wp-block-jetpack-slideshow_button-pause\" role=\"button\"><\/a><div class=\"wp-block-jetpack-slideshow_pagination swiper-pagination swiper-pagination-white\"><\/div><\/div><\/div>\n\n\n\n<p>L&rsquo;usine de c\u00e9ramique fut fond\u00e9e en 1908.A ses d\u00e9buts, sa production se limitait principalement \u00e0 la poterie. En 1925, la Compagnie fran\u00e7aise de mosa\u00efque c\u00e9ramique de Maubeuge rach\u00e8te la fabrique. D\u00e8s lors, les produits se diversifient \u00e9norm\u00e9ment afin de r\u00e9pondre aux nouveaux besoins des \u00e9quipements collectifs et sanitaires : le carrelage est \u00e0 l&rsquo;honneur, avec la fabrication de carreaux mosa\u00efques tr\u00e8s \u00e9labor\u00e9s. L&rsquo;usine fait d&rsquo;ailleurs venir les fr\u00e8res Pinzana, dipl\u00f4m\u00e9s de l&rsquo;\u00e9cole de Bergame. <br>La soci\u00e9t\u00e9 fran\u00e7aise de c\u00e9ramique de Landrecies est reprise en 1974 par Desvres. Cette derni\u00e8re est la propri\u00e9t\u00e9 en 1995 du belge Koramic qui entreprend alors une r\u00e9organisation de ses entreprises. En 2002 l&rsquo;usine fut modernis\u00e9e pour lancer un nouveau type de production.&nbsp; <br>Sous-le-Bois fournit ensuite les carreaux \u00e0 Landrecies, qui les transforme en plinthes. En fin 2012, pour des raisons \u00e9conomiques, la production est transf\u00e9r\u00e9e \u00e0 Sous-le-Bois et l&rsquo;usine de c\u00e9ramique de Landrecies ferme ses portes, au grand d\u00e9pit de ses 38 salari\u00e9s.<\/p>\n\n\n\n<p class=\"has-text-align-center has-medium-font-size\">***<\/p>\n\n\n\n<p><strong>Entreprises en activit\u00e9 :<\/strong><\/p>\n\n\n\n<p>Ces entreprises sont plus r\u00e9cemment implant\u00e9es \u00e0 Landrecies.<\/p>\n\n\n<div class=\"wp-block-image\">\n<figure class=\"aligncenter is-resized\"><img data-recalc-dims=\"1\" loading=\"lazy\" decoding=\"async\" width=\"803\" height=\"572\" data-attachment-id=\"3515\" data-permalink=\"https:\/\/patrimoine-avesnois.fr\/chemin\/landrecies\/image-524\/\" data-orig-file=\"https:\/\/i0.wp.com\/patrimoine-avesnois.fr\/chemin\/wp-content\/uploads\/2019\/05\/image-51.png?fit=803%2C572&amp;ssl=1\" data-orig-size=\"803,572\" data-comments-opened=\"1\" data-image-meta=\"{&quot;aperture&quot;:&quot;0&quot;,&quot;credit&quot;:&quot;&quot;,&quot;camera&quot;:&quot;&quot;,&quot;caption&quot;:&quot;&quot;,&quot;created_timestamp&quot;:&quot;0&quot;,&quot;copyright&quot;:&quot;&quot;,&quot;focal_length&quot;:&quot;0&quot;,&quot;iso&quot;:&quot;0&quot;,&quot;shutter_speed&quot;:&quot;0&quot;,&quot;title&quot;:&quot;&quot;,&quot;orientation&quot;:&quot;0&quot;}\" data-image-title=\"image\" data-image-description=\"\" data-image-caption=\"\" data-large-file=\"https:\/\/i0.wp.com\/patrimoine-avesnois.fr\/chemin\/wp-content\/uploads\/2019\/05\/image-51.png?fit=803%2C572&amp;ssl=1\" src=\"https:\/\/i0.wp.com\/patrimoine-avesnois.fr\/chemin\/wp-content\/uploads\/2019\/05\/image-51.png?resize=803%2C572\" alt=\"\" class=\"wp-image-3515\" style=\"width:602px;height:429px\" srcset=\"https:\/\/i0.wp.com\/patrimoine-avesnois.fr\/chemin\/wp-content\/uploads\/2019\/05\/image-51.png?w=803&amp;ssl=1 803w, https:\/\/i0.wp.com\/patrimoine-avesnois.fr\/chemin\/wp-content\/uploads\/2019\/05\/image-51.png?resize=300%2C214&amp;ssl=1 300w, https:\/\/i0.wp.com\/patrimoine-avesnois.fr\/chemin\/wp-content\/uploads\/2019\/05\/image-51.png?resize=768%2C547&amp;ssl=1 768w\" sizes=\"auto, (max-width: 803px) 85vw, 803px\" \/><figcaption class=\"wp-element-caption\">L&rsquo;usine Renson 37 Rue d&rsquo;Happegarbes<\/figcaption><\/figure>\n<\/div>\n\n\n<p> On peut d&rsquo;abord citer l&rsquo;usine Renson, sp\u00e9cialis\u00e9e dans la conception des pompes hydrauliques. <\/p>\n\n\n<div class=\"wp-block-image\">\n<figure class=\"aligncenter\"><img data-recalc-dims=\"1\" decoding=\"async\" src=\"https:\/\/i0.wp.com\/www.mon-cultivar-elevage.com\/sites\/default\/files\/styles\/660x350\/public\/field\/image\/_dsc0235_0.jpg?w=840\" alt=\"Bernard Mah\u00c3\u00a9, Directeur G\u00c3\u00a9n\u00c3\u00a9ral de Sanders et Alexandre Raguet, directeur de Sanders Nord pr\u00c3\u00a9sente la nouvelle usine de Landrecies. Photo: A. Cotens\/Pixel Image\"\/><figcaption class=\"wp-element-caption\">L&rsquo;entreprise <a rel=\"noreferrer noopener\" aria-label=\"Sanders (opens in a new tab)\" href=\"http:\/\/www.mon-cultivar-elevage.com\/content\/sanders-investit-le-nord\" target=\"_blank\">Sanders<\/a>Photo A.Cotens<\/figcaption><\/figure>\n<\/div>\n\n\n<p>On trouve \u00e9galement  au 41 rue de la Pescherie l&rsquo;usine Sanders Nord Est, filiale de Nord-Est Aliments sp\u00e9cialis\u00e9e dans l&rsquo;alimentation animale.<\/p>\n\n\n<div class=\"wp-block-image\">\n<figure class=\"aligncenter\"><img data-recalc-dims=\"1\" loading=\"lazy\" decoding=\"async\" width=\"496\" height=\"484\" data-attachment-id=\"3519\" data-permalink=\"https:\/\/patrimoine-avesnois.fr\/chemin\/landrecies\/image-528\/\" data-orig-file=\"https:\/\/i0.wp.com\/patrimoine-avesnois.fr\/chemin\/wp-content\/uploads\/2019\/05\/image-55.png?fit=496%2C484&amp;ssl=1\" data-orig-size=\"496,484\" data-comments-opened=\"1\" data-image-meta=\"{&quot;aperture&quot;:&quot;0&quot;,&quot;credit&quot;:&quot;&quot;,&quot;camera&quot;:&quot;&quot;,&quot;caption&quot;:&quot;&quot;,&quot;created_timestamp&quot;:&quot;0&quot;,&quot;copyright&quot;:&quot;&quot;,&quot;focal_length&quot;:&quot;0&quot;,&quot;iso&quot;:&quot;0&quot;,&quot;shutter_speed&quot;:&quot;0&quot;,&quot;title&quot;:&quot;&quot;,&quot;orientation&quot;:&quot;0&quot;}\" data-image-title=\"image\" data-image-description=\"\" data-image-caption=\"\" data-large-file=\"https:\/\/i0.wp.com\/patrimoine-avesnois.fr\/chemin\/wp-content\/uploads\/2019\/05\/image-55.png?fit=496%2C484&amp;ssl=1\" src=\"https:\/\/i0.wp.com\/patrimoine-avesnois.fr\/chemin\/wp-content\/uploads\/2019\/05\/image-55.png?resize=496%2C484\" alt=\"\" class=\"wp-image-3519\" srcset=\"https:\/\/i0.wp.com\/patrimoine-avesnois.fr\/chemin\/wp-content\/uploads\/2019\/05\/image-55.png?w=496&amp;ssl=1 496w, https:\/\/i0.wp.com\/patrimoine-avesnois.fr\/chemin\/wp-content\/uploads\/2019\/05\/image-55.png?resize=300%2C293&amp;ssl=1 300w\" sizes=\"auto, (max-width: 496px) 85vw, 496px\" \/><\/figure>\n<\/div>\n\n<div class=\"wp-block-image\">\n<figure class=\"aligncenter is-resized\"><img data-recalc-dims=\"1\" loading=\"lazy\" decoding=\"async\" width=\"512\" height=\"436\" data-attachment-id=\"3517\" data-permalink=\"https:\/\/patrimoine-avesnois.fr\/chemin\/landrecies\/image-526\/\" data-orig-file=\"https:\/\/i0.wp.com\/patrimoine-avesnois.fr\/chemin\/wp-content\/uploads\/2019\/05\/image-53.png?fit=512%2C436&amp;ssl=1\" data-orig-size=\"512,436\" data-comments-opened=\"1\" data-image-meta=\"{&quot;aperture&quot;:&quot;0&quot;,&quot;credit&quot;:&quot;&quot;,&quot;camera&quot;:&quot;&quot;,&quot;caption&quot;:&quot;&quot;,&quot;created_timestamp&quot;:&quot;0&quot;,&quot;copyright&quot;:&quot;&quot;,&quot;focal_length&quot;:&quot;0&quot;,&quot;iso&quot;:&quot;0&quot;,&quot;shutter_speed&quot;:&quot;0&quot;,&quot;title&quot;:&quot;&quot;,&quot;orientation&quot;:&quot;0&quot;}\" data-image-title=\"image\" data-image-description=\"\" data-image-caption=\"\" data-large-file=\"https:\/\/i0.wp.com\/patrimoine-avesnois.fr\/chemin\/wp-content\/uploads\/2019\/05\/image-53.png?fit=512%2C436&amp;ssl=1\" src=\"https:\/\/i0.wp.com\/patrimoine-avesnois.fr\/chemin\/wp-content\/uploads\/2019\/05\/image-53.png?resize=512%2C436\" alt=\"\" class=\"wp-image-3517\" style=\"width:602px;height:513px\" srcset=\"https:\/\/i0.wp.com\/patrimoine-avesnois.fr\/chemin\/wp-content\/uploads\/2019\/05\/image-53.png?w=512&amp;ssl=1 512w, https:\/\/i0.wp.com\/patrimoine-avesnois.fr\/chemin\/wp-content\/uploads\/2019\/05\/image-53.png?resize=300%2C255&amp;ssl=1 300w\" sizes=\"auto, (max-width: 512px) 85vw, 512px\" \/><\/figure>\n<\/div>\n\n<div class=\"wp-block-image\">\n<figure class=\"aligncenter\"><img data-recalc-dims=\"1\" loading=\"lazy\" decoding=\"async\" width=\"801\" height=\"556\" data-attachment-id=\"3518\" data-permalink=\"https:\/\/patrimoine-avesnois.fr\/chemin\/landrecies\/image-527\/\" data-orig-file=\"https:\/\/i0.wp.com\/patrimoine-avesnois.fr\/chemin\/wp-content\/uploads\/2019\/05\/image-54.png?fit=801%2C556&amp;ssl=1\" data-orig-size=\"801,556\" data-comments-opened=\"1\" data-image-meta=\"{&quot;aperture&quot;:&quot;0&quot;,&quot;credit&quot;:&quot;&quot;,&quot;camera&quot;:&quot;&quot;,&quot;caption&quot;:&quot;&quot;,&quot;created_timestamp&quot;:&quot;0&quot;,&quot;copyright&quot;:&quot;&quot;,&quot;focal_length&quot;:&quot;0&quot;,&quot;iso&quot;:&quot;0&quot;,&quot;shutter_speed&quot;:&quot;0&quot;,&quot;title&quot;:&quot;&quot;,&quot;orientation&quot;:&quot;0&quot;}\" data-image-title=\"image\" data-image-description=\"\" data-image-caption=\"\" data-large-file=\"https:\/\/i0.wp.com\/patrimoine-avesnois.fr\/chemin\/wp-content\/uploads\/2019\/05\/image-54.png?fit=801%2C556&amp;ssl=1\" src=\"https:\/\/i0.wp.com\/patrimoine-avesnois.fr\/chemin\/wp-content\/uploads\/2019\/05\/image-54.png?resize=801%2C556\" alt=\"\" class=\"wp-image-3518\" srcset=\"https:\/\/i0.wp.com\/patrimoine-avesnois.fr\/chemin\/wp-content\/uploads\/2019\/05\/image-54.png?w=801&amp;ssl=1 801w, https:\/\/i0.wp.com\/patrimoine-avesnois.fr\/chemin\/wp-content\/uploads\/2019\/05\/image-54.png?resize=300%2C208&amp;ssl=1 300w, https:\/\/i0.wp.com\/patrimoine-avesnois.fr\/chemin\/wp-content\/uploads\/2019\/05\/image-54.png?resize=768%2C533&amp;ssl=1 768w\" sizes=\"auto, (max-width: 801px) 85vw, 801px\" \/><figcaption class=\"wp-element-caption\"><a href=\"http:\/\/www.etsparis.fr\/ElementsRubrique.aspx?SITE=PARIS16&amp;RUB=72&amp;MP_SS_RUB=ELEM&amp;MP_ELT=DETAI&amp;PAGE=1&amp;Lang=FR\" target=\"_blank\" rel=\"noreferrer noopener\" aria-label=\"Les Ets Paris (opens in a new tab)\">Les Ets Paris<\/a><\/figcaption><\/figure>\n<\/div>\n\n\n<p>Une autre entreprise tourn\u00e9e vers l&rsquo;agriculture est la S.A.R.L Paris, qui englobe \u00e0 la fois l&rsquo;alimentation animale mais aussi les engrais, les semences, et tous les produits n\u00e9cessaires \u00e0 l&rsquo;entretien des v\u00e9g\u00e9taux.<\/p>\n\n\n<div class=\"wp-block-image\">\n<figure class=\"aligncenter size-large\"><img data-recalc-dims=\"1\" loading=\"lazy\" decoding=\"async\" width=\"759\" height=\"586\" data-attachment-id=\"17447\" data-permalink=\"https:\/\/patrimoine-avesnois.fr\/chemin\/landrecies\/image-1851\/\" data-orig-file=\"https:\/\/i0.wp.com\/patrimoine-avesnois.fr\/chemin\/wp-content\/uploads\/2022\/03\/image.png?fit=759%2C586&amp;ssl=1\" data-orig-size=\"759,586\" data-comments-opened=\"1\" data-image-meta=\"{&quot;aperture&quot;:&quot;0&quot;,&quot;credit&quot;:&quot;&quot;,&quot;camera&quot;:&quot;&quot;,&quot;caption&quot;:&quot;&quot;,&quot;created_timestamp&quot;:&quot;0&quot;,&quot;copyright&quot;:&quot;&quot;,&quot;focal_length&quot;:&quot;0&quot;,&quot;iso&quot;:&quot;0&quot;,&quot;shutter_speed&quot;:&quot;0&quot;,&quot;title&quot;:&quot;&quot;,&quot;orientation&quot;:&quot;0&quot;}\" data-image-title=\"image\" data-image-description=\"\" data-image-caption=\"\" data-large-file=\"https:\/\/i0.wp.com\/patrimoine-avesnois.fr\/chemin\/wp-content\/uploads\/2022\/03\/image.png?fit=759%2C586&amp;ssl=1\" src=\"https:\/\/i0.wp.com\/patrimoine-avesnois.fr\/chemin\/wp-content\/uploads\/2022\/03\/image.png?resize=759%2C586\" alt=\"\" class=\"wp-image-17447\" srcset=\"https:\/\/i0.wp.com\/patrimoine-avesnois.fr\/chemin\/wp-content\/uploads\/2022\/03\/image.png?w=759&amp;ssl=1 759w, https:\/\/i0.wp.com\/patrimoine-avesnois.fr\/chemin\/wp-content\/uploads\/2022\/03\/image.png?resize=300%2C232&amp;ssl=1 300w\" sizes=\"auto, (max-width: 759px) 85vw, 759px\" \/><\/figure>\n<\/div>\n\n\n<p>En d\u00e9but d&rsquo;ann\u00e9e 2022 une distillerie a ouvert ses portes dans l&rsquo;ancien relais de la diligence au 60 route du Faubourg Soy\u00e8res. Dans un des b\u00e2timents de l&rsquo;ancien relais de la poste royale datant de 1795 Fabrice Monti a dispos\u00e9 deux alambics en cuivre permettant \u00e0 chacun avec une centaine de kilos de fruits bio ou issus de l&rsquo;agriculture raisonn\u00e9e (pommes, poires, prunes&#8230;) de produire 7 litres d&rsquo;eau de vie, en plusieurs cycles. Le distillateur produit \u00e9galement des liqueurs de pommes et de poires, une eau de vie de bi\u00e8re et un eau de vie de thym !<\/p>\n\n\n\n<p>Profitons ici pour noter que l&rsquo;Avesnois dispose \u00e9galement de deux autres distilleries : l&rsquo;une \u00e0 Neuville en Avesnois (Distillerie J\u00e9r\u00f4me Dreumont depuis 2005 : eau de vie de bi\u00e8re, whisky, gin, vodka) et l&rsquo;autre \u00e0 le Quesnoy (Distillerie Craft cr\u00e9\u00e9e en 2022 par Nicolas Dubois : eau de vie de malt, bourbon, gin , liqueurs de cl\u00e9mentines corses, citrons de de Sicile).<\/p>\n\n\n<div class=\"wp-block-image\">\n<figure class=\"aligncenter\"><img data-recalc-dims=\"1\" loading=\"lazy\" decoding=\"async\" width=\"840\" height=\"638\" data-attachment-id=\"3475\" data-permalink=\"https:\/\/patrimoine-avesnois.fr\/chemin\/landrecies\/image-517\/\" data-orig-file=\"https:\/\/i0.wp.com\/patrimoine-avesnois.fr\/chemin\/wp-content\/uploads\/2019\/05\/image-44.png?fit=995%2C756&amp;ssl=1\" data-orig-size=\"995,756\" data-comments-opened=\"1\" data-image-meta=\"{&quot;aperture&quot;:&quot;0&quot;,&quot;credit&quot;:&quot;&quot;,&quot;camera&quot;:&quot;&quot;,&quot;caption&quot;:&quot;&quot;,&quot;created_timestamp&quot;:&quot;0&quot;,&quot;copyright&quot;:&quot;&quot;,&quot;focal_length&quot;:&quot;0&quot;,&quot;iso&quot;:&quot;0&quot;,&quot;shutter_speed&quot;:&quot;0&quot;,&quot;title&quot;:&quot;&quot;,&quot;orientation&quot;:&quot;0&quot;}\" data-image-title=\"image\" data-image-description=\"\" data-image-caption=\"\" data-large-file=\"https:\/\/i0.wp.com\/patrimoine-avesnois.fr\/chemin\/wp-content\/uploads\/2019\/05\/image-44.png?fit=840%2C638&amp;ssl=1\" src=\"https:\/\/i0.wp.com\/patrimoine-avesnois.fr\/chemin\/wp-content\/uploads\/2019\/05\/image-44.png?resize=840%2C638\" alt=\"\" class=\"wp-image-3475\" srcset=\"https:\/\/i0.wp.com\/patrimoine-avesnois.fr\/chemin\/wp-content\/uploads\/2019\/05\/image-44.png?w=995&amp;ssl=1 995w, https:\/\/i0.wp.com\/patrimoine-avesnois.fr\/chemin\/wp-content\/uploads\/2019\/05\/image-44.png?resize=300%2C228&amp;ssl=1 300w, https:\/\/i0.wp.com\/patrimoine-avesnois.fr\/chemin\/wp-content\/uploads\/2019\/05\/image-44.png?resize=768%2C584&amp;ssl=1 768w\" sizes=\"auto, (max-width: 709px) 85vw, (max-width: 909px) 67vw, (max-width: 1362px) 62vw, 840px\" \/><figcaption class=\"wp-element-caption\">Canal de la Sambre<\/figcaption><\/figure>\n<\/div>\n\n\n<figure class=\"wp-block-image\"><img data-recalc-dims=\"1\" loading=\"lazy\" decoding=\"async\" width=\"840\" height=\"752\" data-attachment-id=\"3477\" data-permalink=\"https:\/\/patrimoine-avesnois.fr\/chemin\/landrecies\/image-518\/\" data-orig-file=\"https:\/\/i0.wp.com\/patrimoine-avesnois.fr\/chemin\/wp-content\/uploads\/2019\/05\/image-45.png?fit=852%2C763&amp;ssl=1\" data-orig-size=\"852,763\" data-comments-opened=\"1\" data-image-meta=\"{&quot;aperture&quot;:&quot;0&quot;,&quot;credit&quot;:&quot;&quot;,&quot;camera&quot;:&quot;&quot;,&quot;caption&quot;:&quot;&quot;,&quot;created_timestamp&quot;:&quot;0&quot;,&quot;copyright&quot;:&quot;&quot;,&quot;focal_length&quot;:&quot;0&quot;,&quot;iso&quot;:&quot;0&quot;,&quot;shutter_speed&quot;:&quot;0&quot;,&quot;title&quot;:&quot;&quot;,&quot;orientation&quot;:&quot;0&quot;}\" data-image-title=\"image\" data-image-description=\"\" data-image-caption=\"\" data-large-file=\"https:\/\/i0.wp.com\/patrimoine-avesnois.fr\/chemin\/wp-content\/uploads\/2019\/05\/image-45.png?fit=840%2C752&amp;ssl=1\" src=\"https:\/\/i0.wp.com\/patrimoine-avesnois.fr\/chemin\/wp-content\/uploads\/2019\/05\/image-45.png?resize=840%2C752\" alt=\"\" class=\"wp-image-3477\" srcset=\"https:\/\/i0.wp.com\/patrimoine-avesnois.fr\/chemin\/wp-content\/uploads\/2019\/05\/image-45.png?w=852&amp;ssl=1 852w, https:\/\/i0.wp.com\/patrimoine-avesnois.fr\/chemin\/wp-content\/uploads\/2019\/05\/image-45.png?resize=300%2C269&amp;ssl=1 300w, https:\/\/i0.wp.com\/patrimoine-avesnois.fr\/chemin\/wp-content\/uploads\/2019\/05\/image-45.png?resize=768%2C688&amp;ssl=1 768w\" sizes=\"auto, (max-width: 709px) 85vw, (max-width: 909px) 67vw, (max-width: 1362px) 62vw, 840px\" \/><figcaption class=\"wp-element-caption\">L&rsquo;\u00e9cluse de Landrecies<\/figcaption><\/figure>\n","protected":false},"excerpt":{"rendered":"<p>Landrecies est \u00e9tymologiquement le domaine de Landry, peut-\u00eatre ce Landry qui fut maire du palais sous Clotaire II. La ville appartint ensuite aux seigneurs d&rsquo;Avesnes qui lui donn\u00e8rent une charte et qui cr\u00e9\u00e8rent la foire historique de la Saint-Luc, encore de nos jours en vogue (Concours de la carotte la plus extravagante et la plus &hellip; <a href=\"https:\/\/patrimoine-avesnois.fr\/chemin\/landrecies\/\" class=\"more-link\">Continuer la lecture<span class=\"screen-reader-text\"> de &laquo;&nbsp;Landrecies&nbsp;&raquo;<\/span><\/a><\/p>\n","protected":false},"author":2,"featured_media":0,"parent":0,"menu_order":0,"comment_status":"closed","ping_status":"closed","template":"","meta":{"jetpack_post_was_ever_published":false,"footnotes":""},"class_list":["post-3351","page","type-page","status-publish","hentry"],"jetpack_sharing_enabled":true,"jetpack_shortlink":"https:\/\/wp.me\/PaOEkN-S3","jetpack-related-posts":[],"_links":{"self":[{"href":"https:\/\/patrimoine-avesnois.fr\/chemin\/wp-json\/wp\/v2\/pages\/3351","targetHints":{"allow":["GET"]}}],"collection":[{"href":"https:\/\/patrimoine-avesnois.fr\/chemin\/wp-json\/wp\/v2\/pages"}],"about":[{"href":"https:\/\/patrimoine-avesnois.fr\/chemin\/wp-json\/wp\/v2\/types\/page"}],"author":[{"embeddable":true,"href":"https:\/\/patrimoine-avesnois.fr\/chemin\/wp-json\/wp\/v2\/users\/2"}],"replies":[{"embeddable":true,"href":"https:\/\/patrimoine-avesnois.fr\/chemin\/wp-json\/wp\/v2\/comments?post=3351"}],"version-history":[{"count":0,"href":"https:\/\/patrimoine-avesnois.fr\/chemin\/wp-json\/wp\/v2\/pages\/3351\/revisions"}],"wp:attachment":[{"href":"https:\/\/patrimoine-avesnois.fr\/chemin\/wp-json\/wp\/v2\/media?parent=3351"}],"curies":[{"name":"wp","href":"https:\/\/api.w.org\/{rel}","templated":true}]}}