{"id":42,"date":"2019-03-18T19:26:49","date_gmt":"2019-03-18T18:26:49","guid":{"rendered":"http:\/\/patrimoine-avesnois.fr\/chemin\/?page_id=42"},"modified":"2025-02-12T18:08:33","modified_gmt":"2025-02-12T17:08:33","slug":"amfroipret","status":"publish","type":"page","link":"https:\/\/patrimoine-avesnois.fr\/chemin\/amfroipret\/","title":{"rendered":"Amfroipret"},"content":{"rendered":"\n<p><em>Amfroipret et Bermeries ont officiellement fusionn\u00e9 le 1er janvier<\/em> 2025 au sein de la commune nouvelle de L&rsquo;Or\u00e9e de Mormal.<\/p>\n\n\n\n<figure class=\"wp-block-image\"><img data-recalc-dims=\"1\" loading=\"lazy\" decoding=\"async\" width=\"840\" height=\"630\" data-attachment-id=\"81\" data-permalink=\"https:\/\/patrimoine-avesnois.fr\/chemin\/amfroipret\/capture-2\/\" data-orig-file=\"https:\/\/i0.wp.com\/patrimoine-avesnois.fr\/chemin\/wp-content\/uploads\/2019\/03\/Capture-1.png?fit=905%2C679&amp;ssl=1\" data-orig-size=\"905,679\" data-comments-opened=\"1\" data-image-meta=\"{&quot;aperture&quot;:&quot;0&quot;,&quot;credit&quot;:&quot;&quot;,&quot;camera&quot;:&quot;&quot;,&quot;caption&quot;:&quot;&quot;,&quot;created_timestamp&quot;:&quot;0&quot;,&quot;copyright&quot;:&quot;&quot;,&quot;focal_length&quot;:&quot;0&quot;,&quot;iso&quot;:&quot;0&quot;,&quot;shutter_speed&quot;:&quot;0&quot;,&quot;title&quot;:&quot;&quot;,&quot;orientation&quot;:&quot;0&quot;}\" data-image-title=\"Capture\" data-image-description=\"\" data-image-caption=\"\" data-large-file=\"https:\/\/i0.wp.com\/patrimoine-avesnois.fr\/chemin\/wp-content\/uploads\/2019\/03\/Capture-1.png?fit=840%2C630&amp;ssl=1\" src=\"https:\/\/i0.wp.com\/patrimoine-avesnois.fr\/chemin\/wp-content\/uploads\/2019\/03\/Capture-1.png?resize=840%2C630\" alt=\"\" class=\"wp-image-81\" srcset=\"https:\/\/i0.wp.com\/patrimoine-avesnois.fr\/chemin\/wp-content\/uploads\/2019\/03\/Capture-1.png?w=905&amp;ssl=1 905w, https:\/\/i0.wp.com\/patrimoine-avesnois.fr\/chemin\/wp-content\/uploads\/2019\/03\/Capture-1.png?resize=300%2C225&amp;ssl=1 300w, https:\/\/i0.wp.com\/patrimoine-avesnois.fr\/chemin\/wp-content\/uploads\/2019\/03\/Capture-1.png?resize=768%2C576&amp;ssl=1 768w\" sizes=\"auto, (max-width: 709px) 85vw, (max-width: 909px) 67vw, (max-width: 1362px) 62vw, 840px\" \/><figcaption class=\"wp-element-caption\"><a href=\"https:\/\/www.delcampe.net\/fr\/collections\/search?term=amfroipret&amp;excluded_terms=&amp;country=NET&amp;is_searchable_in_translations=0&amp;is_searchable_in_descriptions=0&amp;search_mode=all&amp;show_type=all&amp;display_ongoing=closed&amp;started_days=&amp;ended_hours=&amp;all-payment-methods=on&amp;min_price=&amp;max_price=&amp;order=sale_start_datetime&amp;seller_localisation=world&amp;blacklisted_sellers_included=0\">Vue a\u00e9rienne d&rsquo;Amfroipret<\/a><\/figcaption><\/figure>\n\n\n\n<p> Amfroipret \u00e9tait au XII<sup>e<\/sup>&nbsp;si\u00e8cle une d\u00e9pendance de Preux-au-Sart, ainsi qu&rsquo;il r\u00e9sulte des termes d&rsquo;une charte de l&rsquo;\u00e9v\u00eaque Nicolas, confirmant en 1163 l&rsquo;autel de ce dernier village \u00e0 l&rsquo;\u00e9glise de Cambrai. Le village  <br>poss\u00e9dait au d\u00e9but du XVII e si\u00e8cle un important ch\u00e2teau m\u00e9di\u00e9val qui comprenait de nombreuses tours carr\u00e9es de hauteurs in\u00e9gales; \u00e0 l&rsquo;une d&rsquo;elles \u00e9tait adoss\u00e9e une svelte tourelle cylindrique coiff\u00e9e d&rsquo;une fl\u00e8che aigu\u00eb. B\u00e2ti par Pierre de Haynin, dit Brongnart, grand bailli de Hainaut de 1408 \u00e0 1417, le ch\u00e2teau \u00e9tait d\u00e9j\u00e0 en ruines au XVIII e si\u00e8cle. Il n&rsquo;en reste plus une pierre mais seulement un lieu-dit \u00ab\u00a0Les P\u00e2tures du Ch\u00e2teau\u00a0\u00bb.<\/p>\n\n\n\n<p>L&rsquo;\u00e9glise Saint-Nicolas fut construite de 1860 \u00e0 1862 avec fonts baptismaux de 1514, crucifix du XV e ou XVI e si\u00e8cle et dalle fun\u00e9raire. Son historique et sa description peuvent \u00eatre retrouv\u00e9s sur le site de <a href=\"http:\/\/www2.culture.gouv.fr\/public\/mistral\/merimee_fr?ACTION=CHERCHER&amp;FIELD_98=REF&amp;VALUE_98=IA59000626\">l&rsquo;inventaire g\u00e9n\u00e9ral du patrimoine culturel. <\/a><\/p>\n\n\n<div class=\"wp-block-image\">\n<figure class=\"aligncenter\"><img loading=\"lazy\" decoding=\"async\" width=\"800\" height=\"1067\" data-attachment-id=\"44\" data-permalink=\"https:\/\/patrimoine-avesnois.fr\/chemin\/amfroipret\/800px-amfroipret_nord_fr_eglise\/\" data-orig-file=\"https:\/\/i0.wp.com\/patrimoine-avesnois.fr\/chemin\/wp-content\/uploads\/2019\/03\/800px-Amfroipret_Nord_Fr_%C3%A9glise.jpg?fit=800%2C1067&amp;ssl=1\" data-orig-size=\"800,1067\" data-comments-opened=\"1\" data-image-meta=\"{&quot;aperture&quot;:&quot;0&quot;,&quot;credit&quot;:&quot;&quot;,&quot;camera&quot;:&quot;&quot;,&quot;caption&quot;:&quot;&quot;,&quot;created_timestamp&quot;:&quot;0&quot;,&quot;copyright&quot;:&quot;&quot;,&quot;focal_length&quot;:&quot;0&quot;,&quot;iso&quot;:&quot;0&quot;,&quot;shutter_speed&quot;:&quot;0&quot;,&quot;title&quot;:&quot;&quot;,&quot;orientation&quot;:&quot;0&quot;}\" data-image-title=\"800px-Amfroipret_(Nord,_Fr)_\u00e9glise\" data-image-description=\"\" data-image-caption=\"\" data-large-file=\"https:\/\/i0.wp.com\/patrimoine-avesnois.fr\/chemin\/wp-content\/uploads\/2019\/03\/800px-Amfroipret_Nord_Fr_%C3%A9glise.jpg?fit=768%2C1024&amp;ssl=1\" src=\"https:\/\/i0.wp.com\/patrimoine-avesnois.fr\/chemin\/wp-content\/uploads\/2019\/03\/800px-Amfroipret_Nord_Fr_\u00e9glise.jpg?fit=768%2C1024\" alt=\"\" class=\"wp-image-44\" srcset=\"https:\/\/i0.wp.com\/patrimoine-avesnois.fr\/chemin\/wp-content\/uploads\/2019\/03\/800px-Amfroipret_Nord_Fr_%C3%A9glise.jpg?w=800&amp;ssl=1 800w, https:\/\/i0.wp.com\/patrimoine-avesnois.fr\/chemin\/wp-content\/uploads\/2019\/03\/800px-Amfroipret_Nord_Fr_%C3%A9glise.jpg?resize=225%2C300&amp;ssl=1 225w, https:\/\/i0.wp.com\/patrimoine-avesnois.fr\/chemin\/wp-content\/uploads\/2019\/03\/800px-Amfroipret_Nord_Fr_%C3%A9glise.jpg?resize=768%2C1024&amp;ssl=1 768w\" sizes=\"auto, (max-width: 800px) 85vw, 800px\" \/><figcaption class=\"wp-element-caption\">L&rsquo;\u00e9glise St Nicolas d&rsquo;Amfroipret et sa  <a href=\"http:\/\/www.lavoixdunord.fr\/archive\/recup\/region\/a-amfroipret-la-renovation-de-l-eglise-au-coeur-des-voeux-ia23b44334n2585607\">r\u00e9novation<\/a>. <\/figcaption><\/figure>\n<\/div>\n\n<div class=\"wp-block-image\">\n<figure class=\"aligncenter is-resized\"><img data-recalc-dims=\"1\" loading=\"lazy\" decoding=\"async\" width=\"840\" height=\"694\" data-attachment-id=\"7956\" data-permalink=\"https:\/\/patrimoine-avesnois.fr\/chemin\/amfroipret\/choeur\/\" data-orig-file=\"https:\/\/i0.wp.com\/patrimoine-avesnois.fr\/chemin\/wp-content\/uploads\/2019\/08\/Choeur.jpg?fit=951%2C786&amp;ssl=1\" data-orig-size=\"951,786\" data-comments-opened=\"1\" data-image-meta=\"{&quot;aperture&quot;:&quot;0&quot;,&quot;credit&quot;:&quot;CARRE&quot;,&quot;camera&quot;:&quot;&quot;,&quot;caption&quot;:&quot;&quot;,&quot;created_timestamp&quot;:&quot;1565357222&quot;,&quot;copyright&quot;:&quot;&quot;,&quot;focal_length&quot;:&quot;0&quot;,&quot;iso&quot;:&quot;0&quot;,&quot;shutter_speed&quot;:&quot;0&quot;,&quot;title&quot;:&quot;&quot;,&quot;orientation&quot;:&quot;0&quot;}\" data-image-title=\"Choeur\" data-image-description=\"\" data-image-caption=\"\" data-large-file=\"https:\/\/i0.wp.com\/patrimoine-avesnois.fr\/chemin\/wp-content\/uploads\/2019\/08\/Choeur.jpg?fit=840%2C694&amp;ssl=1\" src=\"https:\/\/i0.wp.com\/patrimoine-avesnois.fr\/chemin\/wp-content\/uploads\/2019\/08\/Choeur.jpg?resize=840%2C694\" alt=\"\" class=\"wp-image-7956\" style=\"width:768px;height:634px\" srcset=\"https:\/\/i0.wp.com\/patrimoine-avesnois.fr\/chemin\/wp-content\/uploads\/2019\/08\/Choeur.jpg?w=951&amp;ssl=1 951w, https:\/\/i0.wp.com\/patrimoine-avesnois.fr\/chemin\/wp-content\/uploads\/2019\/08\/Choeur.jpg?resize=300%2C248&amp;ssl=1 300w, https:\/\/i0.wp.com\/patrimoine-avesnois.fr\/chemin\/wp-content\/uploads\/2019\/08\/Choeur.jpg?resize=768%2C635&amp;ssl=1 768w\" sizes=\"auto, (max-width: 709px) 85vw, (max-width: 909px) 67vw, (max-width: 1362px) 62vw, 840px\" \/><figcaption class=\"wp-element-caption\">Vue g\u00e9n\u00e9rale int\u00e9rieure vers le choeur  <br>R\u00e9f\u00e9rence M\u00e9rim\u00e9e&nbsp;IA59000626 <\/figcaption><\/figure>\n<\/div>\n\n<div class=\"wp-block-image\">\n<figure class=\"aligncenter is-resized\"><img data-recalc-dims=\"1\" decoding=\"async\" src=\"https:\/\/i0.wp.com\/www2.culture.gouv.fr\/Wave\/image\/memoire\/0440\/ivr31_00590296v_p.jpg?w=840\" alt=\"\" style=\"width:768px;height:608px\"\/><figcaption class=\"wp-element-caption\">L&rsquo;int\u00e9rieur de l&rsquo;\u00e9glise  <br>Minist\u00e8re de la culture &#8211; base M\u00e9rim\u00e9e <\/figcaption><\/figure>\n<\/div>\n\n<div class=\"wp-block-image\">\n<figure class=\"aligncenter\"><img data-recalc-dims=\"1\" loading=\"lazy\" decoding=\"async\" width=\"469\" height=\"692\" data-attachment-id=\"7958\" data-permalink=\"https:\/\/patrimoine-avesnois.fr\/chemin\/amfroipret\/image-1231\/\" data-orig-file=\"https:\/\/i0.wp.com\/patrimoine-avesnois.fr\/chemin\/wp-content\/uploads\/2019\/08\/image-35.png?fit=469%2C692&amp;ssl=1\" data-orig-size=\"469,692\" data-comments-opened=\"1\" data-image-meta=\"{&quot;aperture&quot;:&quot;0&quot;,&quot;credit&quot;:&quot;&quot;,&quot;camera&quot;:&quot;&quot;,&quot;caption&quot;:&quot;&quot;,&quot;created_timestamp&quot;:&quot;0&quot;,&quot;copyright&quot;:&quot;&quot;,&quot;focal_length&quot;:&quot;0&quot;,&quot;iso&quot;:&quot;0&quot;,&quot;shutter_speed&quot;:&quot;0&quot;,&quot;title&quot;:&quot;&quot;,&quot;orientation&quot;:&quot;0&quot;}\" data-image-title=\"image\" data-image-description=\"\" data-image-caption=\"\" data-large-file=\"https:\/\/i0.wp.com\/patrimoine-avesnois.fr\/chemin\/wp-content\/uploads\/2019\/08\/image-35.png?fit=469%2C692&amp;ssl=1\" src=\"https:\/\/i0.wp.com\/patrimoine-avesnois.fr\/chemin\/wp-content\/uploads\/2019\/08\/image-35.png?resize=469%2C692\" alt=\"\" class=\"wp-image-7958\" srcset=\"https:\/\/i0.wp.com\/patrimoine-avesnois.fr\/chemin\/wp-content\/uploads\/2019\/08\/image-35.png?w=469&amp;ssl=1 469w, https:\/\/i0.wp.com\/patrimoine-avesnois.fr\/chemin\/wp-content\/uploads\/2019\/08\/image-35.png?resize=203%2C300&amp;ssl=1 203w\" sizes=\"auto, (max-width: 469px) 85vw, 469px\" \/><figcaption class=\"wp-element-caption\">Tableau repr\u00e9sentant saint Nicolas <a href=\"http:\/\/www2.culture.gouv.fr\/documentation\/memoire\/HTML\/IVR31\/IM59001268\/index.htm\" target=\"_blank\" rel=\"noreferrer noopener\" aria-label=\"Base Palissy (opens in a new tab)\">Base Palissy<\/a>   <\/figcaption><\/figure>\n<\/div>\n\n<div class=\"wp-block-image\">\n<figure class=\"aligncenter is-resized\"><img data-recalc-dims=\"1\" loading=\"lazy\" decoding=\"async\" width=\"526\" height=\"802\" data-attachment-id=\"7960\" data-permalink=\"https:\/\/patrimoine-avesnois.fr\/chemin\/amfroipret\/image-1232\/\" data-orig-file=\"https:\/\/i0.wp.com\/patrimoine-avesnois.fr\/chemin\/wp-content\/uploads\/2019\/08\/image-36.png?fit=526%2C802&amp;ssl=1\" data-orig-size=\"526,802\" data-comments-opened=\"1\" data-image-meta=\"{&quot;aperture&quot;:&quot;0&quot;,&quot;credit&quot;:&quot;&quot;,&quot;camera&quot;:&quot;&quot;,&quot;caption&quot;:&quot;&quot;,&quot;created_timestamp&quot;:&quot;0&quot;,&quot;copyright&quot;:&quot;&quot;,&quot;focal_length&quot;:&quot;0&quot;,&quot;iso&quot;:&quot;0&quot;,&quot;shutter_speed&quot;:&quot;0&quot;,&quot;title&quot;:&quot;&quot;,&quot;orientation&quot;:&quot;0&quot;}\" data-image-title=\"image\" data-image-description=\"\" data-image-caption=\"\" data-large-file=\"https:\/\/i0.wp.com\/patrimoine-avesnois.fr\/chemin\/wp-content\/uploads\/2019\/08\/image-36.png?fit=526%2C802&amp;ssl=1\" src=\"https:\/\/i0.wp.com\/patrimoine-avesnois.fr\/chemin\/wp-content\/uploads\/2019\/08\/image-36.png?resize=526%2C802\" alt=\"\" class=\"wp-image-7960\" style=\"width:469px;height:715px\" srcset=\"https:\/\/i0.wp.com\/patrimoine-avesnois.fr\/chemin\/wp-content\/uploads\/2019\/08\/image-36.png?w=526&amp;ssl=1 526w, https:\/\/i0.wp.com\/patrimoine-avesnois.fr\/chemin\/wp-content\/uploads\/2019\/08\/image-36.png?resize=197%2C300&amp;ssl=1 197w\" sizes=\"auto, (max-width: 526px) 85vw, 526px\" \/><figcaption class=\"wp-element-caption\">Tableau repr\u00e9sentant l&rsquo;Annonciation (copie d&rsquo;apr\u00e8s les volets ext\u00e9rieurs du polyptique de Saint-Etienne de Rubens conserv\u00e9 au mus\u00e9e des beaux-arts de Valenciennes). <a href=\"http:\/\/www2.culture.gouv.fr\/documentation\/memoire\/HTML\/IVR31\/IM59001267\/index.htm\" target=\"_blank\" rel=\"noreferrer noopener\" aria-label=\"Base Palissy (opens in a new tab)\">Base Palissy<\/a>. <\/figcaption><\/figure>\n<\/div>\n\n<div class=\"wp-block-image\">\n<figure class=\"aligncenter is-resized\"><img data-recalc-dims=\"1\" loading=\"lazy\" decoding=\"async\" width=\"524\" height=\"692\" data-attachment-id=\"45\" data-permalink=\"https:\/\/patrimoine-avesnois.fr\/chemin\/amfroipret\/capture1-2\/\" data-orig-file=\"https:\/\/i0.wp.com\/patrimoine-avesnois.fr\/chemin\/wp-content\/uploads\/2019\/03\/Capture1-1.png?fit=524%2C692&amp;ssl=1\" data-orig-size=\"524,692\" data-comments-opened=\"1\" data-image-meta=\"{&quot;aperture&quot;:&quot;0&quot;,&quot;credit&quot;:&quot;&quot;,&quot;camera&quot;:&quot;&quot;,&quot;caption&quot;:&quot;&quot;,&quot;created_timestamp&quot;:&quot;0&quot;,&quot;copyright&quot;:&quot;&quot;,&quot;focal_length&quot;:&quot;0&quot;,&quot;iso&quot;:&quot;0&quot;,&quot;shutter_speed&quot;:&quot;0&quot;,&quot;title&quot;:&quot;&quot;,&quot;orientation&quot;:&quot;0&quot;}\" data-image-title=\"Capture1\" data-image-description=\"\" data-image-caption=\"\" data-large-file=\"https:\/\/i0.wp.com\/patrimoine-avesnois.fr\/chemin\/wp-content\/uploads\/2019\/03\/Capture1-1.png?fit=524%2C692&amp;ssl=1\" src=\"https:\/\/i0.wp.com\/patrimoine-avesnois.fr\/chemin\/wp-content\/uploads\/2019\/03\/Capture1-1.png?resize=524%2C692\" alt=\"\" class=\"wp-image-45\" style=\"width:768px\" srcset=\"https:\/\/i0.wp.com\/patrimoine-avesnois.fr\/chemin\/wp-content\/uploads\/2019\/03\/Capture1-1.png?w=524&amp;ssl=1 524w, https:\/\/i0.wp.com\/patrimoine-avesnois.fr\/chemin\/wp-content\/uploads\/2019\/03\/Capture1-1.png?resize=227%2C300&amp;ssl=1 227w\" sizes=\"auto, (max-width: 524px) 85vw, 524px\" \/><figcaption class=\"wp-element-caption\"><a href=\"http:\/\/www2.culture.gouv.fr\/public\/mistral\/palissy_fr?ACTION=CHERCHER&amp;FIELD_98=REF&amp;VALUE_98=PM59000003\">Fonts baptismaux de 1514<\/a><\/figcaption><\/figure>\n<\/div>\n\n\n<p>Ces beaux fonts baptismaux proviennent de l&rsquo;ancienne chapelle du ch\u00e2teau \u00e9difi\u00e9 par Pierre Brogniart et saccag\u00e9 en 1651 alors qu&rsquo;il appartenait aux Montmaur.<\/p>\n\n\n\n<p>Amfroipret poss\u00e8de <a href=\"http:\/\/oratoiresetchapelles-avesnois.fr\/amfroipret\/\">1 chapelle<\/a> et <a href=\"http:\/\/www.calvaires-avesnois.fr\/amfroipret-2\/\">3 calvaires<\/a>.<\/p>\n\n\n<div class=\"wp-block-image\">\n<figure class=\"aligncenter is-resized\"><img data-recalc-dims=\"1\" loading=\"lazy\" decoding=\"async\" width=\"466\" height=\"349\" data-attachment-id=\"46\" data-permalink=\"https:\/\/patrimoine-avesnois.fr\/chemin\/amfroipret\/capture2-2\/\" data-orig-file=\"https:\/\/i0.wp.com\/patrimoine-avesnois.fr\/chemin\/wp-content\/uploads\/2019\/03\/Capture2-1.png?fit=466%2C349&amp;ssl=1\" data-orig-size=\"466,349\" data-comments-opened=\"1\" data-image-meta=\"{&quot;aperture&quot;:&quot;0&quot;,&quot;credit&quot;:&quot;&quot;,&quot;camera&quot;:&quot;&quot;,&quot;caption&quot;:&quot;&quot;,&quot;created_timestamp&quot;:&quot;0&quot;,&quot;copyright&quot;:&quot;&quot;,&quot;focal_length&quot;:&quot;0&quot;,&quot;iso&quot;:&quot;0&quot;,&quot;shutter_speed&quot;:&quot;0&quot;,&quot;title&quot;:&quot;&quot;,&quot;orientation&quot;:&quot;0&quot;}\" data-image-title=\"Capture2\" data-image-description=\"\" data-image-caption=\"\" data-large-file=\"https:\/\/i0.wp.com\/patrimoine-avesnois.fr\/chemin\/wp-content\/uploads\/2019\/03\/Capture2-1.png?fit=466%2C349&amp;ssl=1\" src=\"https:\/\/i0.wp.com\/patrimoine-avesnois.fr\/chemin\/wp-content\/uploads\/2019\/03\/Capture2-1.png?resize=466%2C349\" alt=\"\" class=\"wp-image-46\" style=\"width:599px;height:398px\" srcset=\"https:\/\/i0.wp.com\/patrimoine-avesnois.fr\/chemin\/wp-content\/uploads\/2019\/03\/Capture2-1.png?w=466&amp;ssl=1 466w, https:\/\/i0.wp.com\/patrimoine-avesnois.fr\/chemin\/wp-content\/uploads\/2019\/03\/Capture2-1.png?resize=300%2C225&amp;ssl=1 300w\" sizes=\"auto, (max-width: 466px) 85vw, 466px\" \/><figcaption class=\"wp-element-caption\">Mairie<\/figcaption><\/figure>\n<\/div>\n\n\n<p>Le presbyt\u00e8re tout proche de l&rsquo;\u00e9glise a \u00e9t\u00e9 transform\u00e9 pour accueillir la mairie. <\/p>\n\n\n<div class=\"wp-block-image\">\n<figure class=\"aligncenter\"><img loading=\"lazy\" decoding=\"async\" width=\"800\" height=\"1067\" data-attachment-id=\"47\" data-permalink=\"https:\/\/patrimoine-avesnois.fr\/chemin\/amfroipret\/800px-amfroipret_nord_fr_monument_aux_morts_devant_la_mairie\/\" data-orig-file=\"https:\/\/i0.wp.com\/patrimoine-avesnois.fr\/chemin\/wp-content\/uploads\/2019\/03\/800px-Amfroipret_Nord_Fr_monument_aux_morts_devant_la_mairie.jpg?fit=800%2C1067&amp;ssl=1\" data-orig-size=\"800,1067\" data-comments-opened=\"1\" data-image-meta=\"{&quot;aperture&quot;:&quot;0&quot;,&quot;credit&quot;:&quot;&quot;,&quot;camera&quot;:&quot;&quot;,&quot;caption&quot;:&quot;&quot;,&quot;created_timestamp&quot;:&quot;0&quot;,&quot;copyright&quot;:&quot;&quot;,&quot;focal_length&quot;:&quot;0&quot;,&quot;iso&quot;:&quot;0&quot;,&quot;shutter_speed&quot;:&quot;0&quot;,&quot;title&quot;:&quot;&quot;,&quot;orientation&quot;:&quot;0&quot;}\" data-image-title=\"800px-Amfroipret_(Nord,_Fr)_monument_aux_morts_devant_la_mairie\" data-image-description=\"\" data-image-caption=\"\" data-large-file=\"https:\/\/i0.wp.com\/patrimoine-avesnois.fr\/chemin\/wp-content\/uploads\/2019\/03\/800px-Amfroipret_Nord_Fr_monument_aux_morts_devant_la_mairie.jpg?fit=768%2C1024&amp;ssl=1\" src=\"https:\/\/i2.wp.com\/patrimoine-avesnois.fr\/chemin\/wp-content\/uploads\/2019\/03\/800px-Amfroipret_Nord_Fr_monument_aux_morts_devant_la_mairie.jpg?fit=768%2C1024\" alt=\"\" class=\"wp-image-47\" srcset=\"https:\/\/i0.wp.com\/patrimoine-avesnois.fr\/chemin\/wp-content\/uploads\/2019\/03\/800px-Amfroipret_Nord_Fr_monument_aux_morts_devant_la_mairie.jpg?w=800&amp;ssl=1 800w, https:\/\/i0.wp.com\/patrimoine-avesnois.fr\/chemin\/wp-content\/uploads\/2019\/03\/800px-Amfroipret_Nord_Fr_monument_aux_morts_devant_la_mairie.jpg?resize=225%2C300&amp;ssl=1 225w, https:\/\/i0.wp.com\/patrimoine-avesnois.fr\/chemin\/wp-content\/uploads\/2019\/03\/800px-Amfroipret_Nord_Fr_monument_aux_morts_devant_la_mairie.jpg?resize=768%2C1024&amp;ssl=1 768w\" sizes=\"auto, (max-width: 800px) 85vw, 800px\" \/><figcaption class=\"wp-element-caption\"><a href=\"https:\/\/monumentsmorts.univ-lille.fr\/monument\/13\/amfroipret-presdeleglise\/\">Description du Monument aux Morts<\/a><\/figcaption><\/figure>\n<\/div>\n\n\n<p>Les deux petites communes contigu\u00ebs, Amfroipret et Bermeries se sont unies pour supporter financi\u00e8rement la charge de l&rsquo;\u00e9rection de ce monuments aux morts de la premi\u00e8re guerre mondiale. La plaque lat\u00e9rale de droite de la st\u00e8le porte les sept noms de soldats tu\u00e9s, tous d&rsquo;Amfroipret. Lors de l&rsquo;inauguration, le 10 juillet 1921,par le maire Auguste Carlier le c\u00f4t\u00e9 gauche, qui regarde l\u2019\u00e9glise, \u00e9tait vierge. En 1945, on y grava les noms de quatre victimes de la seconde guerre mondiale, et sur la face arri\u00e8re ceux de trois R\u00e9sistants de Bermeries qui ont aussi p\u00e9ri. L&rsquo; effigie du soldat casque appuy\u00e9 sur son Lebel est un bronze de s\u00e9rie tir\u00e9 d&rsquo;une oeuvre de Camus, statuaire a Toulouse. Le socle en pierre bleue taill\u00e9e a \u00e9t\u00e9 mis en place par Latour-Sirault, marbriers \u00e0 Jeumont. Source : \u00ab\u00a0Promenade dans la m\u00e9moire de l&rsquo;Avesnois\u00a0\u00bb par Hanot et Pierrard<\/p>\n\n\n\n<p>A la lisi\u00e8re du golf de Mormal, Amfroipret vous offre calme et d\u00e9tente au bord de son \u00e9tang.<\/p>\n\n\n<div class=\"wp-block-image\">\n<figure class=\"aligncenter\"><img data-recalc-dims=\"1\" loading=\"lazy\" decoding=\"async\" width=\"625\" height=\"469\" data-attachment-id=\"55\" data-permalink=\"https:\/\/patrimoine-avesnois.fr\/chemin\/amfroipret\/capture4\/\" data-orig-file=\"https:\/\/i0.wp.com\/patrimoine-avesnois.fr\/chemin\/wp-content\/uploads\/2019\/03\/Capture4.png?fit=625%2C469&amp;ssl=1\" data-orig-size=\"625,469\" data-comments-opened=\"1\" data-image-meta=\"{&quot;aperture&quot;:&quot;0&quot;,&quot;credit&quot;:&quot;&quot;,&quot;camera&quot;:&quot;&quot;,&quot;caption&quot;:&quot;&quot;,&quot;created_timestamp&quot;:&quot;0&quot;,&quot;copyright&quot;:&quot;&quot;,&quot;focal_length&quot;:&quot;0&quot;,&quot;iso&quot;:&quot;0&quot;,&quot;shutter_speed&quot;:&quot;0&quot;,&quot;title&quot;:&quot;&quot;,&quot;orientation&quot;:&quot;0&quot;}\" data-image-title=\"Capture4\" data-image-description=\"\" data-image-caption=\"\" data-large-file=\"https:\/\/i0.wp.com\/patrimoine-avesnois.fr\/chemin\/wp-content\/uploads\/2019\/03\/Capture4.png?fit=625%2C469&amp;ssl=1\" src=\"https:\/\/i0.wp.com\/patrimoine-avesnois.fr\/chemin\/wp-content\/uploads\/2019\/03\/Capture4.png?resize=625%2C469\" alt=\"\" class=\"wp-image-55\" srcset=\"https:\/\/i0.wp.com\/patrimoine-avesnois.fr\/chemin\/wp-content\/uploads\/2019\/03\/Capture4.png?w=625&amp;ssl=1 625w, https:\/\/i0.wp.com\/patrimoine-avesnois.fr\/chemin\/wp-content\/uploads\/2019\/03\/Capture4.png?resize=300%2C225&amp;ssl=1 300w\" sizes=\"auto, (max-width: 625px) 85vw, 625px\" \/><figcaption class=\"wp-element-caption\">L&rsquo;\u00e9tang d&rsquo;Amfroipret : paradis pour p\u00eacheurs et randonneurs<\/figcaption><\/figure>\n<\/div>\n\n\n<p>L&rsquo;auberge du Bracmar vous offre g\u00eete et couvert.<\/p>\n\n\n<div class=\"wp-block-image\">\n<figure class=\"aligncenter\"><img data-recalc-dims=\"1\" loading=\"lazy\" decoding=\"async\" width=\"840\" height=\"630\" data-attachment-id=\"56\" data-permalink=\"https:\/\/patrimoine-avesnois.fr\/chemin\/amfroipret\/capture5\/\" data-orig-file=\"https:\/\/i0.wp.com\/patrimoine-avesnois.fr\/chemin\/wp-content\/uploads\/2019\/03\/Capture5.png?fit=893%2C670&amp;ssl=1\" data-orig-size=\"893,670\" data-comments-opened=\"1\" data-image-meta=\"{&quot;aperture&quot;:&quot;0&quot;,&quot;credit&quot;:&quot;&quot;,&quot;camera&quot;:&quot;&quot;,&quot;caption&quot;:&quot;&quot;,&quot;created_timestamp&quot;:&quot;0&quot;,&quot;copyright&quot;:&quot;&quot;,&quot;focal_length&quot;:&quot;0&quot;,&quot;iso&quot;:&quot;0&quot;,&quot;shutter_speed&quot;:&quot;0&quot;,&quot;title&quot;:&quot;&quot;,&quot;orientation&quot;:&quot;0&quot;}\" data-image-title=\"Capture5\" data-image-description=\"\" data-image-caption=\"\" data-large-file=\"https:\/\/i0.wp.com\/patrimoine-avesnois.fr\/chemin\/wp-content\/uploads\/2019\/03\/Capture5.png?fit=840%2C630&amp;ssl=1\" src=\"https:\/\/i0.wp.com\/patrimoine-avesnois.fr\/chemin\/wp-content\/uploads\/2019\/03\/Capture5.png?resize=840%2C630\" alt=\"\" class=\"wp-image-56\" srcset=\"https:\/\/i0.wp.com\/patrimoine-avesnois.fr\/chemin\/wp-content\/uploads\/2019\/03\/Capture5.png?w=893&amp;ssl=1 893w, https:\/\/i0.wp.com\/patrimoine-avesnois.fr\/chemin\/wp-content\/uploads\/2019\/03\/Capture5.png?resize=300%2C225&amp;ssl=1 300w, https:\/\/i0.wp.com\/patrimoine-avesnois.fr\/chemin\/wp-content\/uploads\/2019\/03\/Capture5.png?resize=768%2C576&amp;ssl=1 768w\" sizes=\"auto, (max-width: 709px) 85vw, (max-width: 909px) 67vw, (max-width: 1362px) 62vw, 840px\" \/><figcaption class=\"wp-element-caption\"><a href=\"https:\/\/www.booking.com\/hotel\/fr\/auberge-du-bracmar.fr.html\">Auberge du Bracma<\/a>r<\/figcaption><\/figure>\n<\/div>\n\n\n<p>Une brasserie exista de 1850 \u00e0 1931 \u00e0 Amfroipret (brasserie Carlier puis d\u00e9nomm\u00e9e brasserie d&rsquo;Amfroipret de 1926 \u00e0 1931).<br>Dans la premi\u00e8re moiti\u00e9 du 19e si\u00e8cle Auguste Carlier installa une brasserie-malterie sur le site de la ferme de son p\u00e8re. En 1894 il demanda l&rsquo;autorisation d&rsquo;\u00e9tablir une brasserie au nom de Carlier Stordeur. Se succ\u00e9d\u00e8rent \u00e0 la t\u00eate de l&rsquo;usine C\u00e9sar Auguste, puis Auguste Carlier jusqu&rsquo;\u00e0 la Premi\u00e8re Guerre mondiale. A la fin du conflit la brasserie, endommag\u00e9e, fut vendue \u00e0 une soci\u00e9t\u00e9 belge qui la restaura pour l&rsquo;exploiter. Dans les ann\u00e9es 1920 les b\u00e2timents changent plusieurs fois de propri\u00e9taires jusqu&rsquo;\u00e0 leur r\u00e9habilitation vers 1985 en g\u00eete rural.&nbsp; Source du texte :<a href=\"http:\/\/www2.culture.gouv.fr\/public\/mistral\/merimee_fr?ACTION=CHERCHER&amp;FIELD_98=REF&amp;VALUE_98=IA59000265\">culture.gouv.fr<\/a><\/p>\n\n\n<div class=\"wp-block-image\">\n<figure class=\"aligncenter\"><img loading=\"lazy\" decoding=\"async\" width=\"1060\" height=\"795\" data-attachment-id=\"48\" data-permalink=\"https:\/\/patrimoine-avesnois.fr\/chemin\/amfroipret\/capture3-2\/\" data-orig-file=\"https:\/\/i0.wp.com\/patrimoine-avesnois.fr\/chemin\/wp-content\/uploads\/2019\/03\/Capture3-1.png?fit=1060%2C795&amp;ssl=1\" data-orig-size=\"1060,795\" data-comments-opened=\"1\" data-image-meta=\"{&quot;aperture&quot;:&quot;0&quot;,&quot;credit&quot;:&quot;&quot;,&quot;camera&quot;:&quot;&quot;,&quot;caption&quot;:&quot;&quot;,&quot;created_timestamp&quot;:&quot;0&quot;,&quot;copyright&quot;:&quot;&quot;,&quot;focal_length&quot;:&quot;0&quot;,&quot;iso&quot;:&quot;0&quot;,&quot;shutter_speed&quot;:&quot;0&quot;,&quot;title&quot;:&quot;&quot;,&quot;orientation&quot;:&quot;0&quot;}\" data-image-title=\"Capture3\" data-image-description=\"\" data-image-caption=\"\" data-large-file=\"https:\/\/i0.wp.com\/patrimoine-avesnois.fr\/chemin\/wp-content\/uploads\/2019\/03\/Capture3-1.png?fit=840%2C630&amp;ssl=1\" src=\"https:\/\/i1.wp.com\/patrimoine-avesnois.fr\/chemin\/wp-content\/uploads\/2019\/03\/Capture3-1.png?fit=840%2C630\" alt=\"\" class=\"wp-image-48\" srcset=\"https:\/\/i0.wp.com\/patrimoine-avesnois.fr\/chemin\/wp-content\/uploads\/2019\/03\/Capture3-1.png?w=1060&amp;ssl=1 1060w, https:\/\/i0.wp.com\/patrimoine-avesnois.fr\/chemin\/wp-content\/uploads\/2019\/03\/Capture3-1.png?resize=300%2C225&amp;ssl=1 300w, https:\/\/i0.wp.com\/patrimoine-avesnois.fr\/chemin\/wp-content\/uploads\/2019\/03\/Capture3-1.png?resize=768%2C576&amp;ssl=1 768w, https:\/\/i0.wp.com\/patrimoine-avesnois.fr\/chemin\/wp-content\/uploads\/2019\/03\/Capture3-1.png?resize=1024%2C768&amp;ssl=1 1024w\" sizes=\"auto, (max-width: 709px) 85vw, (max-width: 909px) 67vw, (max-width: 1362px) 62vw, 840px\" \/><figcaption class=\"wp-element-caption\">L&rsquo;ancienne brasserie d&rsquo;Amfroipret au <a href=\"https:\/\/www.google.com\/maps\/@50.2795446,3.7322064,3a,75y,233.01h,94.93t\/data=!3m6!1e1!3m4!1s12T2jYe0Y_tRxbPRuYrkPw!2e0!7i13312!8i6656\">26 rue du Petit Gommegnies<\/a><\/figcaption><\/figure>\n<\/div>","protected":false},"excerpt":{"rendered":"<p>Amfroipret et Bermeries ont officiellement fusionn\u00e9 le 1er janvier 2025 au sein de la commune nouvelle de L&rsquo;Or\u00e9e de Mormal. Amfroipret \u00e9tait au XIIe&nbsp;si\u00e8cle une d\u00e9pendance de Preux-au-Sart, ainsi qu&rsquo;il r\u00e9sulte des termes d&rsquo;une charte de l&rsquo;\u00e9v\u00eaque Nicolas, confirmant en 1163 l&rsquo;autel de ce dernier village \u00e0 l&rsquo;\u00e9glise de Cambrai. Le village poss\u00e9dait au d\u00e9but &hellip; <a href=\"https:\/\/patrimoine-avesnois.fr\/chemin\/amfroipret\/\" class=\"more-link\">Continuer la lecture<span class=\"screen-reader-text\"> de &laquo;&nbsp;Amfroipret&nbsp;&raquo;<\/span><\/a><\/p>\n","protected":false},"author":2,"featured_media":0,"parent":0,"menu_order":0,"comment_status":"closed","ping_status":"closed","template":"","meta":{"jetpack_post_was_ever_published":false,"footnotes":""},"class_list":["post-42","page","type-page","status-publish","hentry"],"jetpack_sharing_enabled":true,"jetpack_shortlink":"https:\/\/wp.me\/PaOEkN-G","jetpack-related-posts":[],"_links":{"self":[{"href":"https:\/\/patrimoine-avesnois.fr\/chemin\/wp-json\/wp\/v2\/pages\/42","targetHints":{"allow":["GET"]}}],"collection":[{"href":"https:\/\/patrimoine-avesnois.fr\/chemin\/wp-json\/wp\/v2\/pages"}],"about":[{"href":"https:\/\/patrimoine-avesnois.fr\/chemin\/wp-json\/wp\/v2\/types\/page"}],"author":[{"embeddable":true,"href":"https:\/\/patrimoine-avesnois.fr\/chemin\/wp-json\/wp\/v2\/users\/2"}],"replies":[{"embeddable":true,"href":"https:\/\/patrimoine-avesnois.fr\/chemin\/wp-json\/wp\/v2\/comments?post=42"}],"version-history":[{"count":0,"href":"https:\/\/patrimoine-avesnois.fr\/chemin\/wp-json\/wp\/v2\/pages\/42\/revisions"}],"wp:attachment":[{"href":"https:\/\/patrimoine-avesnois.fr\/chemin\/wp-json\/wp\/v2\/media?parent=42"}],"curies":[{"name":"wp","href":"https:\/\/api.w.org\/{rel}","templated":true}]}}