{"id":4289,"date":"2019-05-22T12:10:36","date_gmt":"2019-05-22T10:10:36","guid":{"rendered":"http:\/\/patrimoine-avesnois.fr\/chemin\/?page_id=4289"},"modified":"2026-08-24T19:31:30","modified_gmt":"2026-08-24T17:31:30","slug":"quievelon","status":"publish","type":"page","link":"https:\/\/patrimoine-avesnois.fr\/chemin\/quievelon\/","title":{"rendered":"Qui\u00e9velon"},"content":{"rendered":"<div class=\"wp-block-image is-resized\">\n<figure class=\"aligncenter\"><img data-recalc-dims=\"1\" loading=\"lazy\" decoding=\"async\" width=\"840\" height=\"534\" data-attachment-id=\"4290\" data-permalink=\"https:\/\/patrimoine-avesnois.fr\/chemin\/quievelon\/577_001\/\" data-orig-file=\"https:\/\/i0.wp.com\/patrimoine-avesnois.fr\/chemin\/wp-content\/uploads\/2019\/05\/577_001.jpg?fit=986%2C627&amp;ssl=1\" data-orig-size=\"986,627\" data-comments-opened=\"1\" data-image-meta=\"{&quot;aperture&quot;:&quot;0&quot;,&quot;credit&quot;:&quot;&quot;,&quot;camera&quot;:&quot;&quot;,&quot;caption&quot;:&quot;&quot;,&quot;created_timestamp&quot;:&quot;1558519710&quot;,&quot;copyright&quot;:&quot;&quot;,&quot;focal_length&quot;:&quot;0&quot;,&quot;iso&quot;:&quot;0&quot;,&quot;shutter_speed&quot;:&quot;0&quot;,&quot;title&quot;:&quot;&quot;,&quot;orientation&quot;:&quot;0&quot;}\" data-image-title=\"577_001\" data-image-description=\"\" data-image-caption=\"\" data-large-file=\"https:\/\/i0.wp.com\/patrimoine-avesnois.fr\/chemin\/wp-content\/uploads\/2019\/05\/577_001.jpg?fit=840%2C534&amp;ssl=1\" src=\"https:\/\/i0.wp.com\/patrimoine-avesnois.fr\/chemin\/wp-content\/uploads\/2019\/05\/577_001.jpg?resize=840%2C534\" alt=\"\" class=\"wp-image-4290\" srcset=\"https:\/\/i0.wp.com\/patrimoine-avesnois.fr\/chemin\/wp-content\/uploads\/2019\/05\/577_001.jpg?w=986&amp;ssl=1 986w, https:\/\/i0.wp.com\/patrimoine-avesnois.fr\/chemin\/wp-content\/uploads\/2019\/05\/577_001.jpg?resize=300%2C191&amp;ssl=1 300w, https:\/\/i0.wp.com\/patrimoine-avesnois.fr\/chemin\/wp-content\/uploads\/2019\/05\/577_001.jpg?resize=768%2C488&amp;ssl=1 768w\" sizes=\"auto, (max-width: 709px) 85vw, (max-width: 909px) 67vw, (max-width: 1362px) 62vw, 840px\" \/><figcaption class=\"wp-element-caption\">Rue principale de Qui\u00e9velon<\/figcaption><\/figure>\n<\/div>\n\n\n<p class=\"wp-block-paragraph\"><\/p>\n\n\n<div class=\"wp-block-image is-resized\">\n<figure class=\"aligncenter\"><img loading=\"lazy\" decoding=\"async\" width=\"1030\" height=\"699\" data-attachment-id=\"4291\" data-permalink=\"https:\/\/patrimoine-avesnois.fr\/chemin\/quievelon\/capture-76\/\" data-orig-file=\"https:\/\/i0.wp.com\/patrimoine-avesnois.fr\/chemin\/wp-content\/uploads\/2019\/05\/Capture-34.jpg?fit=1030%2C699&amp;ssl=1\" data-orig-size=\"1030,699\" data-comments-opened=\"1\" data-image-meta=\"{&quot;aperture&quot;:&quot;0&quot;,&quot;credit&quot;:&quot;CARRE&quot;,&quot;camera&quot;:&quot;&quot;,&quot;caption&quot;:&quot;&quot;,&quot;created_timestamp&quot;:&quot;1558521339&quot;,&quot;copyright&quot;:&quot;&quot;,&quot;focal_length&quot;:&quot;0&quot;,&quot;iso&quot;:&quot;0&quot;,&quot;shutter_speed&quot;:&quot;0&quot;,&quot;title&quot;:&quot;&quot;,&quot;orientation&quot;:&quot;0&quot;}\" data-image-title=\"Capture\" data-image-description=\"\" data-image-caption=\"\" data-large-file=\"https:\/\/i0.wp.com\/patrimoine-avesnois.fr\/chemin\/wp-content\/uploads\/2019\/05\/Capture-34.jpg?fit=840%2C570&amp;ssl=1\" src=\"https:\/\/i0.wp.com\/patrimoine-avesnois.fr\/chemin\/wp-content\/uploads\/2019\/05\/Capture-34.jpg?fit=840%2C570\" alt=\"\" class=\"wp-image-4291\" srcset=\"https:\/\/i0.wp.com\/patrimoine-avesnois.fr\/chemin\/wp-content\/uploads\/2019\/05\/Capture-34.jpg?w=1030&amp;ssl=1 1030w, https:\/\/i0.wp.com\/patrimoine-avesnois.fr\/chemin\/wp-content\/uploads\/2019\/05\/Capture-34.jpg?resize=300%2C204&amp;ssl=1 300w, https:\/\/i0.wp.com\/patrimoine-avesnois.fr\/chemin\/wp-content\/uploads\/2019\/05\/Capture-34.jpg?resize=768%2C521&amp;ssl=1 768w, https:\/\/i0.wp.com\/patrimoine-avesnois.fr\/chemin\/wp-content\/uploads\/2019\/05\/Capture-34.jpg?resize=1024%2C695&amp;ssl=1 1024w\" sizes=\"auto, (max-width: 709px) 85vw, (max-width: 909px) 67vw, (max-width: 1362px) 62vw, 840px\" \/><figcaption class=\"wp-element-caption\">La Grand&rsquo;Rue  110 ans plus tard<\/figcaption><\/figure>\n<\/div>\n\n\n<p class=\"wp-block-paragraph\"><\/p>\n\n\n\n<p class=\"wp-block-paragraph\">La seigneurie de Qui\u00e9velon, attest\u00e9e d\u00e8s le XII\u1d49 si\u00e8cle, relevait directement du comt\u00e9 de Hainaut.Jusqu\u2019en 1756, le village ne formait pas une paroisse autonome mais d\u00e9pendait enti\u00e8rement d\u2019Aibes : l\u2019\u00e9glise de Qui\u00e9velon \u00e9tait une simple succursale de la paroisse d\u2019Aibes, et les actes de bapt\u00eames, mariages et s\u00e9pultures des habitants \u00e9taient inscrits sur les registres d\u2019Aibes. Cette d\u00e9pendance paroissiale \u00e9claire l\u2019acte de 1292 par lequel Gilles d\u2019Aibes, chevalier, d\u00e9clare tenir en fief la \u00ab ville de Montigny \u00bb, qu\u2019il poss\u00e9dait auparavant comme franc\u2011alleu. Ce Montigny, probablement un hameau disparu situ\u00e9 entre Aibes et Qui\u00e9velon, semble \u00eatre le lieu d\u2019origine des seigneurs qui, au XIV\u1d49 si\u00e8cle, apparaissent dans les sources sous le nom de \u201cde K\u00e9velon\u201d et tiennent alors le fief de Qui\u00e9velon.<\/p>\n\n\n\n<p class=\"wp-block-paragraph\">En <strong>1334<\/strong>, un \u00e9tat des hommages dus au roi de Boh\u00eame, comte de Hainaut, mentionne <strong>Wuillaume de K\u00e9velon<\/strong> parmi les vassaux nobles du comt\u00e9. Cet hommage confirme que Qui\u00e9velon est alors un <strong>fief noble de plein exercice<\/strong>, tenu directement du souverain hainuyer.<\/p>\n\n\n\n<p class=\"wp-block-paragraph\">En <strong>1339<\/strong>, <strong>Rasse de Montigny de K\u00e9velon<\/strong> est nomm\u00e9 <strong>arbitre<\/strong> pour r\u00e9gler un diff\u00e9rend entre le comte de Beaumont et l\u2019\u00e9v\u00eaque de Li\u00e8ge. Le choix d\u2019un seigneur de Qui\u00e9velon pour arbitrer un conflit entre deux grandes puissances r\u00e9gionales t\u00e9moigne de la <strong>consid\u00e9ration dont jouissait la famille<\/strong>.<\/p>\n\n\n\n<p class=\"wp-block-paragraph\">Un autre <strong>Rasse de Montigny<\/strong>, seigneur de K\u00e9velon, intervient dans plusieurs actes dat\u00e9s de <strong>1397, 1401 et 1402<\/strong>. En 1397, il re\u00e7oit une <strong>commission de Guillaume de Bavi\u00e8re<\/strong>, r\u00e9gent du Hainaut, aux c\u00f4t\u00e9s de plusieurs gentilshommes du comt\u00e9, pour r\u00e9soudre \u00e0 l\u2019amiable un conflit provoqu\u00e9 par des entreprises injustes du bailli d\u2019Alost, repr\u00e9sentant du duc de Bourgogne, sur les terres de Flobecq et Lessines. <\/p>\n\n\n\n<p class=\"wp-block-paragraph\">Ce corpus documentaire montre que les seigneurs de Qui\u00e9velon \u00e9taient <strong>en faveur \u00e0 la cour de Hainaut<\/strong>, int\u00e9gr\u00e9s dans les affaires territoriales et diplomatiques du comt\u00e9.<\/p>\n\n\n\n<p class=\"wp-block-paragraph\">Ces mentions, rares mais pr\u00e9cieuses, permettent de situer la seigneurie de Qui\u00e9velon comme un <strong>fief noble actif<\/strong>, tenu par des familles influentes, impliqu\u00e9es dans les arbitrages, les commissions comtales et les relations entre le Hainaut, Li\u00e8ge et la Bourgogne.<\/p>\n\n\n\n<p class=\"wp-block-paragraph\">Apr\u00e8s le XVe si\u00e8cle, la seigneurie dispara\u00eet des sources : la famille de Montigny s\u2019\u00e9teint ou abandonne le fief, qui semble avoir \u00e9t\u00e9 vendu ou laiss\u00e9 vacant.<\/p>\n\n\n\n<p class=\"wp-block-paragraph\">Au XVII\u1d49 si\u00e8cle, la seigneurie est <strong>acquise<\/strong> par <strong>Charles Robert<\/strong> (1622\u20131689), \u00e9cuyer, Conseiller du Roi et Pr\u00e9sident de la Cour Souveraine de Mons. Issu d\u2019une grande famille montoise (Robert \u00d7 Buisseret), il ach\u00e8te le fief <strong>entre 1661 et 1678<\/strong>, probablement apr\u00e8s son mariage avec <strong>Marie\u2011Maximilienne de Decker<\/strong>, dame de Choisy.<\/p>\n\n\n\n<p class=\"wp-block-paragraph\">En 1670, son \u00e9pouse rel\u00e8ve le fief de Choisy \u00e0 la mort de son p\u00e8re. En 1678, un acte f\u00e9odal confirme la possession de Qui\u00e9velon par Charles Robert. \u00c0 sa mort en 1689, son fils <strong>Philippe\u2011Fran\u00e7ois Robert<\/strong> rel\u00e8ve officiellement le fief le <strong>23 octobre 1690<\/strong>.<\/p>\n\n\n\n<p class=\"wp-block-paragraph\">Apr\u00e8s 1690, la seigneurie de Qui\u00e9velon demeure dans la branche montoise des Robert. Philippe\u2011Fran\u00e7ois Robert (1668\u20131759), \u00e9cuyer, bailli du chapitre de Sainte\u2011Waudru et \u00e9chevin de Mons, en est le seigneur en titre jusqu\u2019\u00e0 sa mort en 1759. Le fief de Qui\u00e9velon revient dans le partage noble \u00e0 sa fille <strong>Marie\u2011Agn\u00e8s Maximilienne Robert (1712\u20131798)<\/strong>.<\/p>\n\n\n\n<p class=\"wp-block-paragraph\">Celle\u2011ci, Dame de Qui\u00e9velon et de Nouvelles, fut <strong>probablement la derni\u00e8re titulaire du fief avant la R\u00e9volution<\/strong>, mourant en c\u00e9libat en 1798. La branche cousine, dite de Choisy, dont un membre fut cr\u00e9\u00e9 comte de Robersart en 1778, ne poss\u00e9dait pas Qui\u00e9velon.<\/p>\n\n\n\n<p class=\"wp-block-paragraph\">Leur ch\u00e2teau, situ\u00e9 au centre du village, fut vendu pendant la R\u00e9volution et d\u00e9moli en 1802. Ses murs, construits en pierres bleues et en moellons, avaient 3 m\u00e8tres d&rsquo;\u00e9paisseur, sur environ 20 m\u00e8tres de hauteur. Un vaste souterrain se trouvait sous les b\u00e2timents, qui, ind\u00e9pendamment du rez-de-chauss\u00e9e , comprenaient trois \u00e9tages. Le rez-de-chauss\u00e9e et le premier \u00e9tage n&rsquo;\u00e9taient \u00e9clair\u00e9s que par des cr\u00e9neaux. La porte d\u2019entr\u00e9e, unique, \u00e9tait en fer et large de 70 centim\u00e8tres.<\/p>\n\n\n\n<p class=\"wp-block-paragraph\">Contrairement \u00e0 ce qu\u2019indique l\u2019abb\u00e9 Leuridan dans l\u2019Armorial des communes du Nord (1909), les branches de Choisy et de Saint\u2011Symphorien de la famille Robert n\u2019ont jamais poss\u00e9d\u00e9 le fief de Qui\u00e9velon. Celui\u2011ci appartint exclusivement \u00e0 la branche montoise des Robert, issue de Charles Robert (1622\u20131689) et de son fils Philippe\u2011Fran\u00e7ois Robert (1668\u20131759). Les armes relev\u00e9es par la commune de Qui\u00e9velon correspondent \u00e0 la branche comtale, et non \u00e0 la branche seigneuriale de Qui\u00e9velon.<\/p>\n\n\n\n<p class=\"wp-block-paragraph\">L&rsquo;EGLISE :<\/p>\n\n\n<div class=\"wp-block-image is-resized\">\n<figure class=\"aligncenter\"><img decoding=\"async\" src=\"https:\/\/upload.wikimedia.org\/wikipedia\/commons\/thumb\/c\/cf\/%C3%89glise_et_cimeti%C3%A8re130507_%2817%29.JPG\/1280px-%C3%89glise_et_cimeti%C3%A8re130507_%2817%29.JPG\" alt=\"\"\/><figcaption class=\"wp-element-caption\"> <em>L&rsquo;\u00e9glise de la Nativit\u00e9-de-la-Sainte-Vierge<\/em> Photo 2007 Budotradan<\/figcaption><\/figure>\n<\/div>\n\n\n<p class=\"wp-block-paragraph\"><\/p>\n\n\n\n<p class=\"wp-block-paragraph\">C&rsquo;est sans doute l&rsquo;une des \u00e9glises les plus anciennes de la r\u00e9gion, avec celle de Damousies, puisqu&rsquo;elle a \u00e9t\u00e9 b\u00e2tie vers l&rsquo;an 1300. Elle poss\u00e8de des murs en moellons et un porche ouvert de trois c\u00f4t\u00e9s. La vo\u00fbte de bois et le plafond ont \u00e9t\u00e9 refaits en 1701.<\/p>\n\n\n<div class=\"wp-block-image is-resized\">\n<figure class=\"aligncenter\"><img data-recalc-dims=\"1\" loading=\"lazy\" decoding=\"async\" width=\"432\" height=\"662\" data-attachment-id=\"4327\" data-permalink=\"https:\/\/patrimoine-avesnois.fr\/chemin\/quievelon\/580_001-2\/\" data-orig-file=\"https:\/\/i0.wp.com\/patrimoine-avesnois.fr\/chemin\/wp-content\/uploads\/2019\/05\/580_001-1.jpg?fit=432%2C662&amp;ssl=1\" data-orig-size=\"432,662\" data-comments-opened=\"1\" data-image-meta=\"{&quot;aperture&quot;:&quot;0&quot;,&quot;credit&quot;:&quot;&quot;,&quot;camera&quot;:&quot;&quot;,&quot;caption&quot;:&quot;&quot;,&quot;created_timestamp&quot;:&quot;1558519684&quot;,&quot;copyright&quot;:&quot;&quot;,&quot;focal_length&quot;:&quot;0&quot;,&quot;iso&quot;:&quot;0&quot;,&quot;shutter_speed&quot;:&quot;0&quot;,&quot;title&quot;:&quot;&quot;,&quot;orientation&quot;:&quot;0&quot;}\" data-image-title=\"580_001\" data-image-description=\"\" data-image-caption=\"\" data-large-file=\"https:\/\/i0.wp.com\/patrimoine-avesnois.fr\/chemin\/wp-content\/uploads\/2019\/05\/580_001-1.jpg?fit=432%2C662&amp;ssl=1\" src=\"https:\/\/i0.wp.com\/patrimoine-avesnois.fr\/chemin\/wp-content\/uploads\/2019\/05\/580_001-1.jpg?resize=432%2C662\" alt=\"\" class=\"wp-image-4327\" srcset=\"https:\/\/i0.wp.com\/patrimoine-avesnois.fr\/chemin\/wp-content\/uploads\/2019\/05\/580_001-1.jpg?w=432&amp;ssl=1 432w, https:\/\/i0.wp.com\/patrimoine-avesnois.fr\/chemin\/wp-content\/uploads\/2019\/05\/580_001-1.jpg?resize=196%2C300&amp;ssl=1 196w\" sizes=\"auto, (max-width: 432px) 85vw, 432px\" \/><\/figure>\n<\/div>\n\n\n<p class=\"wp-block-paragraph\"><\/p>\n\n\n\n<p class=\"wp-block-paragraph\">Le&nbsp;Ma\u00eetre-autel&nbsp;du XVIII e si\u00e8cle flanqu\u00e9 de colonnes en bois peintes est surmont\u00e9 d\u2019une repr\u00e9sentation de l\u2019Esprit Saint. Entre les colonnes, un tableau du XIX e<sup>e<\/sup>&nbsp;si\u00e8cle illustre une sc\u00e8ne de Crucifixion. Deux statuettes de la Vierge et de saint Joseph sont plac\u00e9es de chaque c\u00f4t\u00e9 de l\u2019autel.<\/p>\n\n\n<div class=\"wp-block-image is-resized\">\n<figure class=\"aligncenter\"><img loading=\"lazy\" decoding=\"async\" width=\"2335\" height=\"3981\" data-attachment-id=\"4293\" data-permalink=\"https:\/\/patrimoine-avesnois.fr\/chemin\/quievelon\/img_5633\/\" data-orig-file=\"https:\/\/i0.wp.com\/patrimoine-avesnois.fr\/chemin\/wp-content\/uploads\/2019\/05\/IMG_5633.jpg?fit=2335%2C3981&amp;ssl=1\" data-orig-size=\"2335,3981\" data-comments-opened=\"1\" data-image-meta=\"{&quot;aperture&quot;:&quot;2.2&quot;,&quot;credit&quot;:&quot;&quot;,&quot;camera&quot;:&quot;iPhone SE&quot;,&quot;caption&quot;:&quot;&quot;,&quot;created_timestamp&quot;:&quot;1558522450&quot;,&quot;copyright&quot;:&quot;&quot;,&quot;focal_length&quot;:&quot;4.15&quot;,&quot;iso&quot;:&quot;64&quot;,&quot;shutter_speed&quot;:&quot;0.03030303030303&quot;,&quot;title&quot;:&quot;&quot;,&quot;orientation&quot;:&quot;0&quot;}\" data-image-title=\"IMG_5633\" data-image-description=\"\" data-image-caption=\"\" data-large-file=\"https:\/\/i0.wp.com\/patrimoine-avesnois.fr\/chemin\/wp-content\/uploads\/2019\/05\/IMG_5633.jpg?fit=601%2C1024&amp;ssl=1\" src=\"https:\/\/i1.wp.com\/patrimoine-avesnois.fr\/chemin\/wp-content\/uploads\/2019\/05\/IMG_5633.jpg?fit=601%2C1024\" alt=\"\" class=\"wp-image-4293\" srcset=\"https:\/\/i0.wp.com\/patrimoine-avesnois.fr\/chemin\/wp-content\/uploads\/2019\/05\/IMG_5633.jpg?w=2335&amp;ssl=1 2335w, https:\/\/i0.wp.com\/patrimoine-avesnois.fr\/chemin\/wp-content\/uploads\/2019\/05\/IMG_5633.jpg?resize=176%2C300&amp;ssl=1 176w, https:\/\/i0.wp.com\/patrimoine-avesnois.fr\/chemin\/wp-content\/uploads\/2019\/05\/IMG_5633.jpg?resize=768%2C1309&amp;ssl=1 768w, https:\/\/i0.wp.com\/patrimoine-avesnois.fr\/chemin\/wp-content\/uploads\/2019\/05\/IMG_5633.jpg?resize=601%2C1024&amp;ssl=1 601w, https:\/\/i0.wp.com\/patrimoine-avesnois.fr\/chemin\/wp-content\/uploads\/2019\/05\/IMG_5633.jpg?resize=1200%2C2046&amp;ssl=1 1200w, https:\/\/i0.wp.com\/patrimoine-avesnois.fr\/chemin\/wp-content\/uploads\/2019\/05\/IMG_5633.jpg?w=1680 1680w\" sizes=\"auto, (max-width: 709px) 85vw, (max-width: 909px) 67vw, (max-width: 1362px) 62vw, 840px\" \/><figcaption class=\"wp-element-caption\">Le confessionnal  <br><\/figcaption><\/figure>\n<\/div>\n\n\n<p class=\"wp-block-paragraph\"><\/p>\n\n\n\n<p class=\"wp-block-paragraph\">La curiosit\u00e9 principale de l&rsquo;int\u00e9rieur de l&rsquo;\u00e9glise est sans nul doute son confessionnal monumental, qui occupe \u00e0 lui seul le transept gauche. <br>Il a \u00e9t\u00e9 r\u00e9alis\u00e9 par le menuisier Andr\u00e9 Haneteaux en 1754 comme l\u2019indique un document dans lequel celui-ci certifie avoir \u00e9t\u00e9 pay\u00e9 \u00ab\u00a0cent et deux&nbsp;patacons&nbsp;pour un confessionnal et un lambris pour l\u2019\u00e9glise de Qui\u00e9velon\u00a0\u00bb Source : Cercle Arch\u00e9ologique d&rsquo;Avesnes sur Helpe. Il est surmont\u00e9 d&rsquo;un retable \u00e0 cinq compartiments. Dans les trois logettes du centre, on y trouve des statuettes dont une sainte Barbe et un saint Adrien, martyr et patron de la paroisse.<\/p>\n\n\n\n<p class=\"wp-block-paragraph\"><\/p>\n\n\n<div class=\"wp-block-image\">\n<figure class=\"aligncenter size-full\"><img data-recalc-dims=\"1\" loading=\"lazy\" decoding=\"async\" width=\"505\" height=\"387\" data-attachment-id=\"29350\" data-permalink=\"https:\/\/patrimoine-avesnois.fr\/chemin\/quievelon\/image-3481\/\" data-orig-file=\"https:\/\/i0.wp.com\/patrimoine-avesnois.fr\/chemin\/wp-content\/uploads\/2026\/08\/image-327.png?fit=505%2C387&amp;ssl=1\" data-orig-size=\"505,387\" data-comments-opened=\"1\" data-image-meta=\"{&quot;aperture&quot;:&quot;0&quot;,&quot;credit&quot;:&quot;&quot;,&quot;camera&quot;:&quot;&quot;,&quot;caption&quot;:&quot;&quot;,&quot;created_timestamp&quot;:&quot;0&quot;,&quot;copyright&quot;:&quot;&quot;,&quot;focal_length&quot;:&quot;0&quot;,&quot;iso&quot;:&quot;0&quot;,&quot;shutter_speed&quot;:&quot;0&quot;,&quot;title&quot;:&quot;&quot;,&quot;orientation&quot;:&quot;0&quot;,&quot;alt&quot;:&quot;&quot;}\" data-image-title=\"image\" data-image-description=\"\" data-image-caption=\"\" data-large-file=\"https:\/\/i0.wp.com\/patrimoine-avesnois.fr\/chemin\/wp-content\/uploads\/2026\/08\/image-327.png?fit=505%2C387&amp;ssl=1\" src=\"https:\/\/i0.wp.com\/patrimoine-avesnois.fr\/chemin\/wp-content\/uploads\/2026\/08\/image-327.png?resize=505%2C387&#038;ssl=1\" alt=\"\" class=\"wp-image-29350\" srcset=\"https:\/\/i0.wp.com\/patrimoine-avesnois.fr\/chemin\/wp-content\/uploads\/2026\/08\/image-327.png?w=505&amp;ssl=1 505w, https:\/\/i0.wp.com\/patrimoine-avesnois.fr\/chemin\/wp-content\/uploads\/2026\/08\/image-327.png?resize=300%2C230&amp;ssl=1 300w\" sizes=\"auto, (max-width: 505px) 85vw, 505px\" \/><figcaption class=\"wp-element-caption\">Le retable. Oeuvre restaur\u00e9e par Dupage en mai 1977.  <a aria-label=\"MH (opens in a new tab)\" href=\"http:\/\/www2.culture.gouv.fr\/public\/mistral\/palissy_fr?ACTION=CHERCHER&amp;FIELD_98=REF&amp;VALUE_98=PM59001181\" target=\"_blank\" rel=\"noreferrer noopener\">MH<\/a><strong>&nbsp;<\/strong>1934\/03\/17 : les trois logettes peintes en blanc sont class\u00e9es au titre objet <\/figcaption><\/figure>\n<\/div>\n\n\n<p class=\"wp-block-paragraph\"><\/p>\n\n\n<div class=\"wp-block-image\">\n<figure class=\"aligncenter size-full\"><img data-recalc-dims=\"1\" loading=\"lazy\" decoding=\"async\" width=\"623\" height=\"395\" data-attachment-id=\"29351\" data-permalink=\"https:\/\/patrimoine-avesnois.fr\/chemin\/quievelon\/image-3482\/\" data-orig-file=\"https:\/\/i0.wp.com\/patrimoine-avesnois.fr\/chemin\/wp-content\/uploads\/2026\/08\/image-328.png?fit=623%2C395&amp;ssl=1\" data-orig-size=\"623,395\" data-comments-opened=\"1\" data-image-meta=\"{&quot;aperture&quot;:&quot;0&quot;,&quot;credit&quot;:&quot;&quot;,&quot;camera&quot;:&quot;&quot;,&quot;caption&quot;:&quot;&quot;,&quot;created_timestamp&quot;:&quot;0&quot;,&quot;copyright&quot;:&quot;&quot;,&quot;focal_length&quot;:&quot;0&quot;,&quot;iso&quot;:&quot;0&quot;,&quot;shutter_speed&quot;:&quot;0&quot;,&quot;title&quot;:&quot;&quot;,&quot;orientation&quot;:&quot;0&quot;,&quot;alt&quot;:&quot;&quot;}\" data-image-title=\"image\" data-image-description=\"\" data-image-caption=\"\" data-large-file=\"https:\/\/i0.wp.com\/patrimoine-avesnois.fr\/chemin\/wp-content\/uploads\/2026\/08\/image-328.png?fit=623%2C395&amp;ssl=1\" src=\"https:\/\/i0.wp.com\/patrimoine-avesnois.fr\/chemin\/wp-content\/uploads\/2026\/08\/image-328.png?resize=623%2C395&#038;ssl=1\" alt=\"\" class=\"wp-image-29351\" srcset=\"https:\/\/i0.wp.com\/patrimoine-avesnois.fr\/chemin\/wp-content\/uploads\/2026\/08\/image-328.png?w=623&amp;ssl=1 623w, https:\/\/i0.wp.com\/patrimoine-avesnois.fr\/chemin\/wp-content\/uploads\/2026\/08\/image-328.png?resize=300%2C190&amp;ssl=1 300w\" sizes=\"auto, (max-width: 623px) 85vw, 623px\" \/><figcaption class=\"wp-element-caption\">Antependium : Vierge \u00e0 l&rsquo;Enfant entour\u00e9e de fleurs et de feuillages  MH 1975\/02\/25 : class\u00e9 au titre objet<\/figcaption><\/figure>\n<\/div>\n\n\n<p class=\"wp-block-paragraph\"><\/p>\n\n\n<div class=\"wp-block-image\">\n<figure class=\"aligncenter size-full is-resized\"><img data-recalc-dims=\"1\" loading=\"lazy\" decoding=\"async\" width=\"442\" height=\"652\" data-attachment-id=\"29353\" data-permalink=\"https:\/\/patrimoine-avesnois.fr\/chemin\/quievelon\/image-3484\/\" data-orig-file=\"https:\/\/i0.wp.com\/patrimoine-avesnois.fr\/chemin\/wp-content\/uploads\/2026\/08\/image-330.png?fit=442%2C652&amp;ssl=1\" data-orig-size=\"442,652\" data-comments-opened=\"1\" data-image-meta=\"{&quot;aperture&quot;:&quot;0&quot;,&quot;credit&quot;:&quot;&quot;,&quot;camera&quot;:&quot;&quot;,&quot;caption&quot;:&quot;&quot;,&quot;created_timestamp&quot;:&quot;0&quot;,&quot;copyright&quot;:&quot;&quot;,&quot;focal_length&quot;:&quot;0&quot;,&quot;iso&quot;:&quot;0&quot;,&quot;shutter_speed&quot;:&quot;0&quot;,&quot;title&quot;:&quot;&quot;,&quot;orientation&quot;:&quot;0&quot;,&quot;alt&quot;:&quot;&quot;}\" data-image-title=\"image\" data-image-description=\"\" data-image-caption=\"\" data-large-file=\"https:\/\/i0.wp.com\/patrimoine-avesnois.fr\/chemin\/wp-content\/uploads\/2026\/08\/image-330.png?fit=442%2C652&amp;ssl=1\" src=\"https:\/\/i0.wp.com\/patrimoine-avesnois.fr\/chemin\/wp-content\/uploads\/2026\/08\/image-330.png?resize=442%2C652&#038;ssl=1\" alt=\"\" class=\"wp-image-29353\" style=\"aspect-ratio:0.6779193937306235;width:500px;height:auto\" srcset=\"https:\/\/i0.wp.com\/patrimoine-avesnois.fr\/chemin\/wp-content\/uploads\/2026\/08\/image-330.png?w=442&amp;ssl=1 442w, https:\/\/i0.wp.com\/patrimoine-avesnois.fr\/chemin\/wp-content\/uploads\/2026\/08\/image-330.png?resize=203%2C300&amp;ssl=1 203w\" sizes=\"auto, (max-width: 442px) 85vw, 442px\" \/><figcaption class=\"wp-element-caption\">Dalle fun\u00e9raire de Marie de qui\u00e9velon (+1327) :  femme grav\u00e9e au trait en creux les mains jointes sous une arcature gothique   Minist\u00e8re de la culture &#8211; base Palissy <\/figcaption><\/figure>\n<\/div>\n\n\n<p class=\"wp-block-paragraph\"><\/p>\n\n\n\n<p class=\"wp-block-paragraph\">Dans la nef \u00e0 gauche, on pourra voir l&rsquo;une des dalles les plus anciennes de l&rsquo;Avesnois: celle de Marie de Qui\u00e9velon, en pierre noire sur laquelle on pourra d\u00e9chiffrer l&rsquo;inscription suivante : <br>\u00ab\u00a0Chy gist Marie de Chevelons, ki fu fame Bauduin des potes, ki trespassa l&rsquo;an mil CCC et XXVII au mois de d\u00e9cembre.Pri\u00e9es pour s&rsquo;aame\u00a0\u00bb<\/p>\n\n\n\n<p class=\"wp-block-paragraph\">LA PLACE DE L&rsquo;EGLISE :<\/p>\n\n\n<div class=\"wp-block-image\">\n<figure class=\"aligncenter size-large\"><img data-recalc-dims=\"1\" loading=\"lazy\" decoding=\"async\" width=\"335\" height=\"581\" data-attachment-id=\"17401\" data-permalink=\"https:\/\/patrimoine-avesnois.fr\/chemin\/quievelon\/image-38-10\/\" data-orig-file=\"https:\/\/i0.wp.com\/patrimoine-avesnois.fr\/chemin\/wp-content\/uploads\/2022\/01\/image-38.png?fit=335%2C581&amp;ssl=1\" data-orig-size=\"335,581\" data-comments-opened=\"1\" data-image-meta=\"{&quot;aperture&quot;:&quot;0&quot;,&quot;credit&quot;:&quot;&quot;,&quot;camera&quot;:&quot;&quot;,&quot;caption&quot;:&quot;&quot;,&quot;created_timestamp&quot;:&quot;0&quot;,&quot;copyright&quot;:&quot;&quot;,&quot;focal_length&quot;:&quot;0&quot;,&quot;iso&quot;:&quot;0&quot;,&quot;shutter_speed&quot;:&quot;0&quot;,&quot;title&quot;:&quot;&quot;,&quot;orientation&quot;:&quot;0&quot;}\" data-image-title=\"image-38\" data-image-description=\"\" data-image-caption=\"\" data-large-file=\"https:\/\/i0.wp.com\/patrimoine-avesnois.fr\/chemin\/wp-content\/uploads\/2022\/01\/image-38.png?fit=335%2C581&amp;ssl=1\" src=\"https:\/\/i0.wp.com\/patrimoine-avesnois.fr\/chemin\/wp-content\/uploads\/2022\/01\/image-38.png?resize=335%2C581\" alt=\"\" class=\"wp-image-17401\" srcset=\"https:\/\/i0.wp.com\/patrimoine-avesnois.fr\/chemin\/wp-content\/uploads\/2022\/01\/image-38.png?w=335&amp;ssl=1 335w, https:\/\/i0.wp.com\/patrimoine-avesnois.fr\/chemin\/wp-content\/uploads\/2022\/01\/image-38.png?resize=173%2C300&amp;ssl=1 173w\" sizes=\"auto, (max-width: 335px) 85vw, 335px\" \/><figcaption class=\"wp-element-caption\">La Place de Qui\u00e9velon 01\/2022<\/figcaption><\/figure>\n<\/div>\n\n\n<p class=\"wp-block-paragraph\">Cette tr\u00e8s petite place, situ\u00e9e au sud de l&rsquo;\u00e9glise est tr\u00e8s pittoresque : elle est entour\u00e9e de jolies maisons et est ombrag\u00e9e par un \u00ab\u00a0<a href=\"https:\/\/fr.wikipedia.org\/wiki\/Arbre_de_la_libert%C3%A9\" target=\"_blank\" rel=\"noreferrer noopener\">Tilleul de la Libert\u00e9<\/a>\u00a0\u00bb plant\u00e9 en 1792. D&rsquo;apr\u00e8s l&rsquo;inscription \u00e0 son pied \u00ab\u00a0seuls quelques-uns d&rsquo;entre eux ont surv\u00e9cu aux \u00e9v\u00e9nements historiques\u00a0\u00bb.<\/p>\n\n\n<div class=\"wp-block-image\">\n<figure class=\"aligncenter size-large is-resized\"><img loading=\"lazy\" decoding=\"async\" width=\"2080\" height=\"1000\" data-attachment-id=\"17397\" data-permalink=\"https:\/\/patrimoine-avesnois.fr\/chemin\/quievelon\/image-35-10\/\" data-orig-file=\"https:\/\/i0.wp.com\/patrimoine-avesnois.fr\/chemin\/wp-content\/uploads\/2022\/01\/image-35.png?fit=2080%2C1000&amp;ssl=1\" data-orig-size=\"2080,1000\" data-comments-opened=\"1\" data-image-meta=\"{&quot;aperture&quot;:&quot;0&quot;,&quot;credit&quot;:&quot;&quot;,&quot;camera&quot;:&quot;&quot;,&quot;caption&quot;:&quot;&quot;,&quot;created_timestamp&quot;:&quot;0&quot;,&quot;copyright&quot;:&quot;&quot;,&quot;focal_length&quot;:&quot;0&quot;,&quot;iso&quot;:&quot;0&quot;,&quot;shutter_speed&quot;:&quot;0&quot;,&quot;title&quot;:&quot;&quot;,&quot;orientation&quot;:&quot;0&quot;}\" data-image-title=\"image-35\" data-image-description=\"\" data-image-caption=\"\" data-large-file=\"https:\/\/i0.wp.com\/patrimoine-avesnois.fr\/chemin\/wp-content\/uploads\/2022\/01\/image-35.png?fit=840%2C404&amp;ssl=1\" src=\"https:\/\/i1.wp.com\/patrimoine-avesnois.fr\/chemin\/wp-content\/uploads\/2022\/01\/image-35.png?fit=840%2C404\" alt=\"\" class=\"wp-image-17397\" style=\"width:630px;height:303px\" srcset=\"https:\/\/i0.wp.com\/patrimoine-avesnois.fr\/chemin\/wp-content\/uploads\/2022\/01\/image-35.png?w=2080&amp;ssl=1 2080w, https:\/\/i0.wp.com\/patrimoine-avesnois.fr\/chemin\/wp-content\/uploads\/2022\/01\/image-35.png?resize=300%2C144&amp;ssl=1 300w, https:\/\/i0.wp.com\/patrimoine-avesnois.fr\/chemin\/wp-content\/uploads\/2022\/01\/image-35.png?resize=1024%2C492&amp;ssl=1 1024w, https:\/\/i0.wp.com\/patrimoine-avesnois.fr\/chemin\/wp-content\/uploads\/2022\/01\/image-35.png?resize=768%2C369&amp;ssl=1 768w, https:\/\/i0.wp.com\/patrimoine-avesnois.fr\/chemin\/wp-content\/uploads\/2022\/01\/image-35.png?resize=1536%2C738&amp;ssl=1 1536w, https:\/\/i0.wp.com\/patrimoine-avesnois.fr\/chemin\/wp-content\/uploads\/2022\/01\/image-35.png?resize=2048%2C985&amp;ssl=1 2048w, https:\/\/i0.wp.com\/patrimoine-avesnois.fr\/chemin\/wp-content\/uploads\/2022\/01\/image-35.png?resize=1200%2C577&amp;ssl=1 1200w, https:\/\/i0.wp.com\/patrimoine-avesnois.fr\/chemin\/wp-content\/uploads\/2022\/01\/image-35.png?w=1680 1680w\" sizes=\"auto, (max-width: 709px) 85vw, (max-width: 909px) 67vw, (max-width: 1362px) 62vw, 840px\" \/><figcaption class=\"wp-element-caption\">La fa\u00e7ade de la Mairie de Qui\u00e9velon<\/figcaption><\/figure>\n<\/div>\n\n<div class=\"wp-block-image\">\n<figure class=\"aligncenter size-large\"><img data-recalc-dims=\"1\" loading=\"lazy\" decoding=\"async\" width=\"590\" height=\"443\" data-attachment-id=\"17259\" data-permalink=\"https:\/\/patrimoine-avesnois.fr\/chemin\/quievelon\/mairie-5-3\/\" data-orig-file=\"https:\/\/i0.wp.com\/patrimoine-avesnois.fr\/chemin\/wp-content\/uploads\/2022\/01\/Mairie-5.jpg?fit=590%2C443&amp;ssl=1\" data-orig-size=\"590,443\" data-comments-opened=\"1\" data-image-meta=\"{&quot;aperture&quot;:&quot;0&quot;,&quot;credit&quot;:&quot;CARRE&quot;,&quot;camera&quot;:&quot;&quot;,&quot;caption&quot;:&quot;&quot;,&quot;created_timestamp&quot;:&quot;1641383981&quot;,&quot;copyright&quot;:&quot;&quot;,&quot;focal_length&quot;:&quot;0&quot;,&quot;iso&quot;:&quot;0&quot;,&quot;shutter_speed&quot;:&quot;0&quot;,&quot;title&quot;:&quot;&quot;,&quot;orientation&quot;:&quot;1&quot;}\" data-image-title=\"Mairie-5\" data-image-description=\"\" data-image-caption=\"\" data-large-file=\"https:\/\/i0.wp.com\/patrimoine-avesnois.fr\/chemin\/wp-content\/uploads\/2022\/01\/Mairie-5.jpg?fit=590%2C443&amp;ssl=1\" src=\"https:\/\/i0.wp.com\/patrimoine-avesnois.fr\/chemin\/wp-content\/uploads\/2022\/01\/Mairie-5.jpg?resize=590%2C443\" alt=\"Qui\u00c3\u00a9velon\" class=\"wp-image-17259\" srcset=\"https:\/\/i0.wp.com\/patrimoine-avesnois.fr\/chemin\/wp-content\/uploads\/2022\/01\/Mairie-5.jpg?w=590&amp;ssl=1 590w, https:\/\/i0.wp.com\/patrimoine-avesnois.fr\/chemin\/wp-content\/uploads\/2022\/01\/Mairie-5.jpg?resize=300%2C225&amp;ssl=1 300w\" sizes=\"auto, (max-width: 590px) 85vw, 590px\" \/><figcaption class=\"wp-element-caption\">La Mairie de Qui\u00e9velon<\/figcaption><\/figure>\n<\/div>\n\n\n<p class=\"wp-block-paragraph\"><\/p>\n\n\n<div class=\"wp-block-image\">\n<figure class=\"aligncenter size-full is-resized\"><img data-recalc-dims=\"1\" loading=\"lazy\" decoding=\"async\" width=\"334\" height=\"455\" data-attachment-id=\"29348\" data-permalink=\"https:\/\/patrimoine-avesnois.fr\/chemin\/quievelon\/image-3480\/\" data-orig-file=\"https:\/\/i0.wp.com\/patrimoine-avesnois.fr\/chemin\/wp-content\/uploads\/2026\/08\/image-326.png?fit=334%2C455&amp;ssl=1\" data-orig-size=\"334,455\" data-comments-opened=\"1\" data-image-meta=\"{&quot;aperture&quot;:&quot;0&quot;,&quot;credit&quot;:&quot;&quot;,&quot;camera&quot;:&quot;&quot;,&quot;caption&quot;:&quot;&quot;,&quot;created_timestamp&quot;:&quot;0&quot;,&quot;copyright&quot;:&quot;&quot;,&quot;focal_length&quot;:&quot;0&quot;,&quot;iso&quot;:&quot;0&quot;,&quot;shutter_speed&quot;:&quot;0&quot;,&quot;title&quot;:&quot;&quot;,&quot;orientation&quot;:&quot;0&quot;,&quot;alt&quot;:&quot;&quot;}\" data-image-title=\"image\" data-image-description=\"\" data-image-caption=\"\" data-large-file=\"https:\/\/i0.wp.com\/patrimoine-avesnois.fr\/chemin\/wp-content\/uploads\/2026\/08\/image-326.png?fit=334%2C455&amp;ssl=1\" src=\"https:\/\/i0.wp.com\/patrimoine-avesnois.fr\/chemin\/wp-content\/uploads\/2026\/08\/image-326.png?resize=334%2C455&#038;ssl=1\" alt=\"\" class=\"wp-image-29348\" style=\"width:362px;height:auto\" srcset=\"https:\/\/i0.wp.com\/patrimoine-avesnois.fr\/chemin\/wp-content\/uploads\/2026\/08\/image-326.png?w=334&amp;ssl=1 334w, https:\/\/i0.wp.com\/patrimoine-avesnois.fr\/chemin\/wp-content\/uploads\/2026\/08\/image-326.png?resize=220%2C300&amp;ssl=1 220w\" sizes=\"auto, (max-width: 334px) 85vw, 334px\" \/><figcaption class=\"wp-element-caption\">Le Monument aux Morts 2007<\/figcaption><\/figure>\n<\/div>\n\n\n<p class=\"wp-block-paragraph\"><\/p>\n\n\n<div class=\"wp-block-image\">\n<figure class=\"aligncenter size-large\"><img data-recalc-dims=\"1\" loading=\"lazy\" decoding=\"async\" width=\"361\" height=\"575\" data-attachment-id=\"17403\" data-permalink=\"https:\/\/patrimoine-avesnois.fr\/chemin\/quievelon\/image-40-10\/\" data-orig-file=\"https:\/\/i0.wp.com\/patrimoine-avesnois.fr\/chemin\/wp-content\/uploads\/2022\/01\/image-40.png?fit=361%2C575&amp;ssl=1\" data-orig-size=\"361,575\" data-comments-opened=\"1\" data-image-meta=\"{&quot;aperture&quot;:&quot;0&quot;,&quot;credit&quot;:&quot;&quot;,&quot;camera&quot;:&quot;&quot;,&quot;caption&quot;:&quot;&quot;,&quot;created_timestamp&quot;:&quot;0&quot;,&quot;copyright&quot;:&quot;&quot;,&quot;focal_length&quot;:&quot;0&quot;,&quot;iso&quot;:&quot;0&quot;,&quot;shutter_speed&quot;:&quot;0&quot;,&quot;title&quot;:&quot;&quot;,&quot;orientation&quot;:&quot;0&quot;}\" data-image-title=\"image-40\" data-image-description=\"\" data-image-caption=\"\" data-large-file=\"https:\/\/i0.wp.com\/patrimoine-avesnois.fr\/chemin\/wp-content\/uploads\/2022\/01\/image-40.png?fit=361%2C575&amp;ssl=1\" src=\"https:\/\/i0.wp.com\/patrimoine-avesnois.fr\/chemin\/wp-content\/uploads\/2022\/01\/image-40.png?resize=361%2C575\" alt=\"\" class=\"wp-image-17403\" srcset=\"https:\/\/i0.wp.com\/patrimoine-avesnois.fr\/chemin\/wp-content\/uploads\/2022\/01\/image-40.png?w=361&amp;ssl=1 361w, https:\/\/i0.wp.com\/patrimoine-avesnois.fr\/chemin\/wp-content\/uploads\/2022\/01\/image-40.png?resize=188%2C300&amp;ssl=1 188w\" sizes=\"auto, (max-width: 361px) 85vw, 361px\" \/><figcaption class=\"wp-element-caption\">Le Monument aux Morts 01\/2022<\/figcaption><\/figure>\n<\/div>\n\n<div class=\"wp-block-image\">\n<figure class=\"aligncenter is-resized\"><img decoding=\"async\" src=\"https:\/\/upload.wikimedia.org\/wikipedia\/commons\/thumb\/8\/88\/NDdeLourdes130507_%2813%29.JPG\/1280px-NDdeLourdes130507_%2813%29.JPG\" alt=\"\" style=\"width:605px;height:454px\"\/><figcaption class=\"wp-element-caption\"> En face du Monument aux Morts, la \u00ab\u00a0Grotte de Qui\u00e9velon\u00a0\u00bb, r\u00e9plique de la grotte de Lourdes, o\u00f9 les passants s&rsquo;arr\u00eataient par le pass\u00e9 pour faire une pri\u00e8re. <br><br><\/figcaption><\/figure>\n<\/div>\n\n<div class=\"wp-block-image\">\n<figure class=\"aligncenter size-large\"><img data-recalc-dims=\"1\" loading=\"lazy\" decoding=\"async\" width=\"336\" height=\"557\" data-attachment-id=\"17404\" data-permalink=\"https:\/\/patrimoine-avesnois.fr\/chemin\/quievelon\/image-41-10\/\" data-orig-file=\"https:\/\/i0.wp.com\/patrimoine-avesnois.fr\/chemin\/wp-content\/uploads\/2022\/01\/image-41.png?fit=336%2C557&amp;ssl=1\" data-orig-size=\"336,557\" data-comments-opened=\"1\" data-image-meta=\"{&quot;aperture&quot;:&quot;0&quot;,&quot;credit&quot;:&quot;&quot;,&quot;camera&quot;:&quot;&quot;,&quot;caption&quot;:&quot;&quot;,&quot;created_timestamp&quot;:&quot;0&quot;,&quot;copyright&quot;:&quot;&quot;,&quot;focal_length&quot;:&quot;0&quot;,&quot;iso&quot;:&quot;0&quot;,&quot;shutter_speed&quot;:&quot;0&quot;,&quot;title&quot;:&quot;&quot;,&quot;orientation&quot;:&quot;0&quot;}\" data-image-title=\"image-41\" data-image-description=\"\" data-image-caption=\"\" data-large-file=\"https:\/\/i0.wp.com\/patrimoine-avesnois.fr\/chemin\/wp-content\/uploads\/2022\/01\/image-41.png?fit=336%2C557&amp;ssl=1\" src=\"https:\/\/i0.wp.com\/patrimoine-avesnois.fr\/chemin\/wp-content\/uploads\/2022\/01\/image-41.png?resize=336%2C557\" alt=\"\" class=\"wp-image-17404\" srcset=\"https:\/\/i0.wp.com\/patrimoine-avesnois.fr\/chemin\/wp-content\/uploads\/2022\/01\/image-41.png?w=336&amp;ssl=1 336w, https:\/\/i0.wp.com\/patrimoine-avesnois.fr\/chemin\/wp-content\/uploads\/2022\/01\/image-41.png?resize=181%2C300&amp;ssl=1 181w\" sizes=\"auto, (max-width: 336px) 85vw, 336px\" \/><figcaption class=\"wp-element-caption\">la \u00ab\u00a0Grotte de Qui\u00e9velon\u00a0\u00bb 01\/2022<\/figcaption><\/figure>\n<\/div>\n\n<div class=\"wp-block-image\">\n<figure class=\"aligncenter is-resized\"><img decoding=\"async\" src=\"http:\/\/i2.wp.com\/www.calvaires-avesnois.fr\/wp-content\/uploads\/2016\/09\/Calvaire.jpg?resize=495%2C660\" alt=\"Calvaire de Qui\u00c3\u00a9velon route d'Aibes\" style=\"width:371px;height:495px\"\/><figcaption class=\"wp-element-caption\"><em>Calvaire de Qui\u00e9velon route d\u2019Aibes<\/em> , \u00e9rig\u00e9 apr\u00e8s 1847.<\/figcaption><\/figure>\n<\/div>\n\n<div class=\"wp-block-image\">\n<figure class=\"aligncenter is-resized\"><img data-recalc-dims=\"1\" height=\"1024\" width=\"768\" decoding=\"async\" src=\"https:\/\/i0.wp.com\/oratoiresetchapelles-avesnois.fr\/wp-content\/uploads\/2016\/12\/1.Qui%C3%A9velon-St-Face-1776-rue-du-Maisnil-768x1024.jpg?resize=768%2C1024\" alt=\"Ste Face (1776)\" class=\"wp-image-1187\" style=\"width:384px;height:512px\"\/><figcaption class=\"wp-element-caption\">Ste Face (1776)<\/figcaption><\/figure>\n<\/div>\n\n\n<p class=\"wp-block-paragraph\">On le d\u00e9couvre rue du Maisnil, ins\u00e9r\u00e9 dans le mur d\u2019une habitation. Seule la face avant d\u00e9passe du b\u00e2timent.Les propri\u00e9taires de l\u2019oratoire ont pr\u00e9cis\u00e9 que cet \u00e9difice existait avant la construction de la maison. Celle-ci a \u00e9t\u00e9 construite autour de cet oratoire et on voit le dos de cet oratoire qui saille \u00e0 l\u2019int\u00e9rieur d\u2019une des pi\u00e8ces du logement. &nbsp;Ce n\u2019est pas banal !<\/p>\n\n\n<div class=\"wp-block-image\">\n<figure class=\"aligncenter\"><img data-recalc-dims=\"1\" loading=\"lazy\" decoding=\"async\" width=\"372\" height=\"564\" data-attachment-id=\"4309\" data-permalink=\"https:\/\/patrimoine-avesnois.fr\/chemin\/quievelon\/img8_5322\/\" data-orig-file=\"https:\/\/i0.wp.com\/patrimoine-avesnois.fr\/chemin\/wp-content\/uploads\/2019\/05\/IMG8_5322.jpg?fit=372%2C564&amp;ssl=1\" data-orig-size=\"372,564\" data-comments-opened=\"1\" data-image-meta=\"{&quot;aperture&quot;:&quot;0&quot;,&quot;credit&quot;:&quot;CARRE&quot;,&quot;camera&quot;:&quot;&quot;,&quot;caption&quot;:&quot;&quot;,&quot;created_timestamp&quot;:&quot;1558527431&quot;,&quot;copyright&quot;:&quot;&quot;,&quot;focal_length&quot;:&quot;0&quot;,&quot;iso&quot;:&quot;0&quot;,&quot;shutter_speed&quot;:&quot;0&quot;,&quot;title&quot;:&quot;&quot;,&quot;orientation&quot;:&quot;0&quot;}\" data-image-title=\"IMG8_5322\" data-image-description=\"\" data-image-caption=\"\" data-large-file=\"https:\/\/i0.wp.com\/patrimoine-avesnois.fr\/chemin\/wp-content\/uploads\/2019\/05\/IMG8_5322.jpg?fit=372%2C564&amp;ssl=1\" src=\"https:\/\/i0.wp.com\/patrimoine-avesnois.fr\/chemin\/wp-content\/uploads\/2019\/05\/IMG8_5322.jpg?resize=372%2C564\" alt=\"\" class=\"wp-image-4309\" srcset=\"https:\/\/i0.wp.com\/patrimoine-avesnois.fr\/chemin\/wp-content\/uploads\/2019\/05\/IMG8_5322.jpg?w=372&amp;ssl=1 372w, https:\/\/i0.wp.com\/patrimoine-avesnois.fr\/chemin\/wp-content\/uploads\/2019\/05\/IMG8_5322.jpg?resize=198%2C300&amp;ssl=1 198w\" sizes=\"auto, (max-width: 372px) 85vw, 372px\" \/><figcaption class=\"wp-element-caption\">Niche 26 Grand Rue<\/figcaption><\/figure>\n<\/div>\n\n<div class=\"wp-block-image\">\n<figure class=\"aligncenter is-resized\"><img data-recalc-dims=\"1\" loading=\"lazy\" decoding=\"async\" width=\"815\" height=\"611\" data-attachment-id=\"4311\" data-permalink=\"https:\/\/patrimoine-avesnois.fr\/chemin\/quievelon\/img_5323\/\" data-orig-file=\"https:\/\/i0.wp.com\/patrimoine-avesnois.fr\/chemin\/wp-content\/uploads\/2019\/05\/IMG_5323.jpg?fit=815%2C611&amp;ssl=1\" data-orig-size=\"815,611\" data-comments-opened=\"1\" data-image-meta=\"{&quot;aperture&quot;:&quot;0&quot;,&quot;credit&quot;:&quot;CARRE&quot;,&quot;camera&quot;:&quot;&quot;,&quot;caption&quot;:&quot;&quot;,&quot;created_timestamp&quot;:&quot;1558527713&quot;,&quot;copyright&quot;:&quot;&quot;,&quot;focal_length&quot;:&quot;0&quot;,&quot;iso&quot;:&quot;0&quot;,&quot;shutter_speed&quot;:&quot;0&quot;,&quot;title&quot;:&quot;&quot;,&quot;orientation&quot;:&quot;0&quot;}\" data-image-title=\"IMG_5323\" data-image-description=\"\" data-image-caption=\"\" data-large-file=\"https:\/\/i0.wp.com\/patrimoine-avesnois.fr\/chemin\/wp-content\/uploads\/2019\/05\/IMG_5323.jpg?fit=815%2C611&amp;ssl=1\" src=\"https:\/\/i0.wp.com\/patrimoine-avesnois.fr\/chemin\/wp-content\/uploads\/2019\/05\/IMG_5323.jpg?resize=815%2C611\" alt=\"\" class=\"wp-image-4311\" style=\"width:611px;height:458px\" srcset=\"https:\/\/i0.wp.com\/patrimoine-avesnois.fr\/chemin\/wp-content\/uploads\/2019\/05\/IMG_5323.jpg?w=815&amp;ssl=1 815w, https:\/\/i0.wp.com\/patrimoine-avesnois.fr\/chemin\/wp-content\/uploads\/2019\/05\/IMG_5323.jpg?resize=300%2C225&amp;ssl=1 300w, https:\/\/i0.wp.com\/patrimoine-avesnois.fr\/chemin\/wp-content\/uploads\/2019\/05\/IMG_5323.jpg?resize=768%2C576&amp;ssl=1 768w\" sizes=\"auto, (max-width: 815px) 85vw, 815px\" \/><figcaption class=\"wp-element-caption\">La grange Mengal 28 grand&rsquo;Rue. Les<a rel=\"noreferrer noopener\" aria-label=\" Mengal  (opens in a new tab)\" href=\"https:\/\/gw.geneanet.org\/nicolai59?lang=fr&amp;iz=4&amp;p=julien+joseph&amp;n=mengal&amp;oc=2\" target=\"_blank\"> Mengal <\/a>\u00e9taient bergers de p\u00e8re en fils \u00e0 Qui\u00e9velon<\/figcaption><\/figure>\n<\/div>\n\n<div class=\"wp-block-image\">\n<figure class=\"aligncenter is-resized\"><img decoding=\"async\" src=\"https:\/\/upload.wikimedia.org\/wikipedia\/commons\/thumb\/6\/6f\/Qui%C3%A8velon_la_ferme_du_Mesnil_%282%29.JPG\/1029px-Qui%C3%A8velon_la_ferme_du_Mesnil_%282%29.JPG\" alt=\"La ferme du Mesnil \u00c3\u00a0  Qui\u00c3\u00a9velon.-  Parc naturel r\u00c3\u00a9gional de l'Avesnois, dans le  Nord France\" style=\"width:654px;height:381px\"\/><figcaption class=\"wp-element-caption\"> La Ferme du Mesnil Par PIERRE ANDRE LECLERCQ \u2014 Travail personnel, CC BY-SA 3.0, <a href=\"https:\/\/commons.wikimedia.org\/w\/index.php?curid=40374020\" target=\"_blank\" rel=\"noreferrer noopener\">https:\/\/commons.wikimedia.org\/w\/index.php?curid=40374020<\/a><br> <\/figcaption><\/figure>\n<\/div>\n\n<div class=\"wp-block-image\">\n<figure class=\"aligncenter size-large\"><img loading=\"lazy\" decoding=\"async\" width=\"999\" height=\"1658\" data-attachment-id=\"17408\" data-permalink=\"https:\/\/patrimoine-avesnois.fr\/chemin\/quievelon\/dalle-funeraire-2-1-1\/\" data-orig-file=\"https:\/\/i0.wp.com\/patrimoine-avesnois.fr\/chemin\/wp-content\/uploads\/2022\/01\/Dalle-fun%C3%A9raire-2-1-1.jpg?fit=999%2C1658&amp;ssl=1\" data-orig-size=\"999,1658\" data-comments-opened=\"1\" data-image-meta=\"{&quot;aperture&quot;:&quot;0&quot;,&quot;credit&quot;:&quot;&quot;,&quot;camera&quot;:&quot;&quot;,&quot;caption&quot;:&quot;&quot;,&quot;created_timestamp&quot;:&quot;1642599150&quot;,&quot;copyright&quot;:&quot;&quot;,&quot;focal_length&quot;:&quot;0&quot;,&quot;iso&quot;:&quot;0&quot;,&quot;shutter_speed&quot;:&quot;0&quot;,&quot;title&quot;:&quot;&quot;,&quot;orientation&quot;:&quot;1&quot;}\" data-image-title=\"Dalle-fun\u00e9raire-2-1-1\" data-image-description=\"\" data-image-caption=\"\" data-large-file=\"https:\/\/i0.wp.com\/patrimoine-avesnois.fr\/chemin\/wp-content\/uploads\/2022\/01\/Dalle-fun%C3%A9raire-2-1-1.jpg?fit=617%2C1024&amp;ssl=1\" src=\"https:\/\/i1.wp.com\/patrimoine-avesnois.fr\/chemin\/wp-content\/uploads\/2022\/01\/Dalle-fun\u00e9raire-2-1-1.jpg?fit=617%2C1024\" alt=\"\" class=\"wp-image-17408\" srcset=\"https:\/\/i0.wp.com\/patrimoine-avesnois.fr\/chemin\/wp-content\/uploads\/2022\/01\/Dalle-fun%C3%A9raire-2-1-1.jpg?w=999&amp;ssl=1 999w, https:\/\/i0.wp.com\/patrimoine-avesnois.fr\/chemin\/wp-content\/uploads\/2022\/01\/Dalle-fun%C3%A9raire-2-1-1.jpg?resize=181%2C300&amp;ssl=1 181w, https:\/\/i0.wp.com\/patrimoine-avesnois.fr\/chemin\/wp-content\/uploads\/2022\/01\/Dalle-fun%C3%A9raire-2-1-1.jpg?resize=617%2C1024&amp;ssl=1 617w, https:\/\/i0.wp.com\/patrimoine-avesnois.fr\/chemin\/wp-content\/uploads\/2022\/01\/Dalle-fun%C3%A9raire-2-1-1.jpg?resize=768%2C1275&amp;ssl=1 768w, https:\/\/i0.wp.com\/patrimoine-avesnois.fr\/chemin\/wp-content\/uploads\/2022\/01\/Dalle-fun%C3%A9raire-2-1-1.jpg?resize=925%2C1536&amp;ssl=1 925w\" sizes=\"auto, (max-width: 709px) 85vw, (max-width: 909px) 67vw, (max-width: 1362px) 62vw, 840px\" \/><figcaption class=\"wp-element-caption\">Dalle fun\u00e9raire  d&rsquo;un des  Fermiers de la Cense de Qui\u00e9velon, Censier au ch\u00e2teau (1767) : Michel Joseph Moustier et son \u00e9pouse Marie Catherine Blampain. Photo 01\/2022<br><\/figcaption><\/figure>\n<\/div>\n\n\n<p class=\"wp-block-paragraph\">\u00a0\u00bb Icy devant reposent les corps des Michel Joseph Moustier natif de Ostergnies en son tems censier aux chateau de Quevelon d\u00e9c\u00e9d\u00e9 me 28 de 9bre 1768 age de 65 ans et de Marie Catherine Blampain sa femme natif de Colleret agee de 77 ans qui deceda le 20 mars 1782<br>Requiescant in Pace Pour leurs ames \u00ab\u00a0<\/p>\n\n\n<div class=\"wp-block-image\">\n<figure class=\"aligncenter is-resized\"><img decoding=\"async\" src=\"https:\/\/upload.wikimedia.org\/wikipedia\/commons\/thumb\/1\/16\/Entr%C3%A9e_village130507_%2810%29.JPG\/1280px-Entr%C3%A9e_village130507_%2810%29.JPG\" alt=\"\" style=\"width:640px;height:480px\"\/><figcaption class=\"wp-element-caption\">Entr\u00e9e du village  qui compte 154 habitants (les Qui\u00e9velonais) pour une superficie de 435 hectares. <br>Photo 2010 Budotradan<\/figcaption><\/figure>\n<\/div>\n\n<div class=\"wp-block-image\">\n<figure class=\"aligncenter is-resized\"><img data-recalc-dims=\"1\" loading=\"lazy\" decoding=\"async\" width=\"840\" height=\"630\" data-attachment-id=\"4303\" data-permalink=\"https:\/\/patrimoine-avesnois.fr\/chemin\/quievelon\/capturjpg-2\/\" data-orig-file=\"https:\/\/i0.wp.com\/patrimoine-avesnois.fr\/chemin\/wp-content\/uploads\/2019\/05\/CapturJPG-1.jpg?fit=964%2C723&amp;ssl=1\" data-orig-size=\"964,723\" data-comments-opened=\"1\" data-image-meta=\"{&quot;aperture&quot;:&quot;0&quot;,&quot;credit&quot;:&quot;CARRE&quot;,&quot;camera&quot;:&quot;&quot;,&quot;caption&quot;:&quot;&quot;,&quot;created_timestamp&quot;:&quot;1558526748&quot;,&quot;copyright&quot;:&quot;&quot;,&quot;focal_length&quot;:&quot;0&quot;,&quot;iso&quot;:&quot;0&quot;,&quot;shutter_speed&quot;:&quot;0&quot;,&quot;title&quot;:&quot;&quot;,&quot;orientation&quot;:&quot;0&quot;}\" data-image-title=\"CapturJPG\" data-image-description=\"\" data-image-caption=\"\" data-large-file=\"https:\/\/i0.wp.com\/patrimoine-avesnois.fr\/chemin\/wp-content\/uploads\/2019\/05\/CapturJPG-1.jpg?fit=840%2C630&amp;ssl=1\" src=\"https:\/\/i0.wp.com\/patrimoine-avesnois.fr\/chemin\/wp-content\/uploads\/2019\/05\/CapturJPG-1.jpg?resize=840%2C630\" alt=\"\" class=\"wp-image-4303\" style=\"width:671px;height:503px\" srcset=\"https:\/\/i0.wp.com\/patrimoine-avesnois.fr\/chemin\/wp-content\/uploads\/2019\/05\/CapturJPG-1.jpg?w=964&amp;ssl=1 964w, https:\/\/i0.wp.com\/patrimoine-avesnois.fr\/chemin\/wp-content\/uploads\/2019\/05\/CapturJPG-1.jpg?resize=300%2C225&amp;ssl=1 300w, https:\/\/i0.wp.com\/patrimoine-avesnois.fr\/chemin\/wp-content\/uploads\/2019\/05\/CapturJPG-1.jpg?resize=768%2C576&amp;ssl=1 768w\" sizes=\"auto, (max-width: 709px) 85vw, (max-width: 909px) 67vw, (max-width: 1362px) 62vw, 840px\" \/><figcaption class=\"wp-element-caption\">Qui\u00e9velon rue de Ferri\u00e8re la Petite<\/figcaption><\/figure>\n<\/div>\n\n<div class=\"wp-block-image\">\n<figure class=\"aligncenter is-resized\"><img data-recalc-dims=\"1\" loading=\"lazy\" decoding=\"async\" width=\"840\" height=\"631\" data-attachment-id=\"4304\" data-permalink=\"https:\/\/patrimoine-avesnois.fr\/chemin\/quievelon\/captre-2\/\" data-orig-file=\"https:\/\/i0.wp.com\/patrimoine-avesnois.fr\/chemin\/wp-content\/uploads\/2019\/05\/Captre-1.jpg?fit=895%2C672&amp;ssl=1\" data-orig-size=\"895,672\" data-comments-opened=\"1\" data-image-meta=\"{&quot;aperture&quot;:&quot;0&quot;,&quot;credit&quot;:&quot;CARRE&quot;,&quot;camera&quot;:&quot;&quot;,&quot;caption&quot;:&quot;&quot;,&quot;created_timestamp&quot;:&quot;1558526950&quot;,&quot;copyright&quot;:&quot;&quot;,&quot;focal_length&quot;:&quot;0&quot;,&quot;iso&quot;:&quot;0&quot;,&quot;shutter_speed&quot;:&quot;0&quot;,&quot;title&quot;:&quot;&quot;,&quot;orientation&quot;:&quot;0&quot;}\" data-image-title=\"Captre\" data-image-description=\"\" data-image-caption=\"\" data-large-file=\"https:\/\/i0.wp.com\/patrimoine-avesnois.fr\/chemin\/wp-content\/uploads\/2019\/05\/Captre-1.jpg?fit=840%2C631&amp;ssl=1\" src=\"https:\/\/i0.wp.com\/patrimoine-avesnois.fr\/chemin\/wp-content\/uploads\/2019\/05\/Captre-1.jpg?resize=840%2C631\" alt=\"\" class=\"wp-image-4304\" style=\"width:671px;height:504px\" srcset=\"https:\/\/i0.wp.com\/patrimoine-avesnois.fr\/chemin\/wp-content\/uploads\/2019\/05\/Captre-1.jpg?w=895&amp;ssl=1 895w, https:\/\/i0.wp.com\/patrimoine-avesnois.fr\/chemin\/wp-content\/uploads\/2019\/05\/Captre-1.jpg?resize=300%2C225&amp;ssl=1 300w, https:\/\/i0.wp.com\/patrimoine-avesnois.fr\/chemin\/wp-content\/uploads\/2019\/05\/Captre-1.jpg?resize=768%2C577&amp;ssl=1 768w\" sizes=\"auto, (max-width: 709px) 85vw, (max-width: 909px) 67vw, (max-width: 1362px) 62vw, 840px\" \/><figcaption class=\"wp-element-caption\">Qui\u00e9velon route d&rsquo;Aibes<\/figcaption><\/figure>\n<\/div>","protected":false},"excerpt":{"rendered":"<p>La seigneurie de Qui\u00e9velon, attest\u00e9e d\u00e8s le XII\u1d49 si\u00e8cle, relevait directement du comt\u00e9 de Hainaut.Jusqu\u2019en 1756, le village ne formait pas une paroisse autonome mais d\u00e9pendait enti\u00e8rement d\u2019Aibes : l\u2019\u00e9glise de Qui\u00e9velon \u00e9tait une simple succursale de la paroisse d\u2019Aibes, et les actes de bapt\u00eames, mariages et s\u00e9pultures des habitants \u00e9taient inscrits sur les registres &hellip; <a href=\"https:\/\/patrimoine-avesnois.fr\/chemin\/quievelon\/\" class=\"more-link\">Continuer la lecture<span class=\"screen-reader-text\"> de &laquo;&nbsp;Qui\u00e9velon&nbsp;&raquo;<\/span><\/a><\/p>\n","protected":false},"author":2,"featured_media":0,"parent":0,"menu_order":0,"comment_status":"closed","ping_status":"closed","template":"","meta":{"footnotes":""},"class_list":["post-4289","page","type-page","status-publish","hentry"],"jetpack_sharing_enabled":true,"jetpack_shortlink":"https:\/\/wp.me\/PaOEkN-17b","jetpack-related-posts":[],"_links":{"self":[{"href":"https:\/\/patrimoine-avesnois.fr\/chemin\/wp-json\/wp\/v2\/pages\/4289","targetHints":{"allow":["GET"]}}],"collection":[{"href":"https:\/\/patrimoine-avesnois.fr\/chemin\/wp-json\/wp\/v2\/pages"}],"about":[{"href":"https:\/\/patrimoine-avesnois.fr\/chemin\/wp-json\/wp\/v2\/types\/page"}],"author":[{"embeddable":true,"href":"https:\/\/patrimoine-avesnois.fr\/chemin\/wp-json\/wp\/v2\/users\/2"}],"replies":[{"embeddable":true,"href":"https:\/\/patrimoine-avesnois.fr\/chemin\/wp-json\/wp\/v2\/comments?post=4289"}],"version-history":[{"count":12,"href":"https:\/\/patrimoine-avesnois.fr\/chemin\/wp-json\/wp\/v2\/pages\/4289\/revisions"}],"predecessor-version":[{"id":29364,"href":"https:\/\/patrimoine-avesnois.fr\/chemin\/wp-json\/wp\/v2\/pages\/4289\/revisions\/29364"}],"wp:attachment":[{"href":"https:\/\/patrimoine-avesnois.fr\/chemin\/wp-json\/wp\/v2\/media?parent=4289"}],"curies":[{"name":"wp","href":"https:\/\/api.w.org\/{rel}","templated":true}]}}