{"id":4997,"date":"2019-05-30T14:00:17","date_gmt":"2019-05-30T12:00:17","guid":{"rendered":"http:\/\/patrimoine-avesnois.fr\/chemin\/?page_id=4997"},"modified":"2022-01-05T18:46:59","modified_gmt":"2022-01-05T17:46:59","slug":"villereau","status":"publish","type":"page","link":"https:\/\/patrimoine-avesnois.fr\/chemin\/villereau\/","title":{"rendered":"Villereau"},"content":{"rendered":"\n<figure class=\"wp-block-image is-resized\"><img data-recalc-dims=\"1\" loading=\"lazy\" decoding=\"async\" data-attachment-id=\"4998\" data-permalink=\"https:\/\/patrimoine-avesnois.fr\/chemin\/villereau\/203_001-2\/\" data-orig-file=\"https:\/\/i0.wp.com\/patrimoine-avesnois.fr\/chemin\/wp-content\/uploads\/2019\/05\/203_001.jpg?fit=988%2C686&amp;ssl=1\" data-orig-size=\"988,686\" data-comments-opened=\"1\" data-image-meta=\"{&quot;aperture&quot;:&quot;0&quot;,&quot;credit&quot;:&quot;&quot;,&quot;camera&quot;:&quot;&quot;,&quot;caption&quot;:&quot;&quot;,&quot;created_timestamp&quot;:&quot;1558973278&quot;,&quot;copyright&quot;:&quot;&quot;,&quot;focal_length&quot;:&quot;0&quot;,&quot;iso&quot;:&quot;0&quot;,&quot;shutter_speed&quot;:&quot;0&quot;,&quot;title&quot;:&quot;&quot;,&quot;orientation&quot;:&quot;0&quot;}\" data-image-title=\"203_001\" data-image-description=\"\" data-image-caption=\"\" data-large-file=\"https:\/\/i0.wp.com\/patrimoine-avesnois.fr\/chemin\/wp-content\/uploads\/2019\/05\/203_001.jpg?fit=840%2C583&amp;ssl=1\" src=\"https:\/\/i0.wp.com\/patrimoine-avesnois.fr\/chemin\/wp-content\/uploads\/2019\/05\/203_001.jpg?resize=820%2C570\" alt=\"\" class=\"wp-image-4998\" width=\"820\" height=\"570\" srcset=\"https:\/\/i0.wp.com\/patrimoine-avesnois.fr\/chemin\/wp-content\/uploads\/2019\/05\/203_001.jpg?w=988&amp;ssl=1 988w, https:\/\/i0.wp.com\/patrimoine-avesnois.fr\/chemin\/wp-content\/uploads\/2019\/05\/203_001.jpg?resize=300%2C208&amp;ssl=1 300w, https:\/\/i0.wp.com\/patrimoine-avesnois.fr\/chemin\/wp-content\/uploads\/2019\/05\/203_001.jpg?resize=768%2C533&amp;ssl=1 768w\" sizes=\"auto, (max-width: 820px) 85vw, 820px\" \/><figcaption>Vue a\u00e9rienne de Villereau<\/figcaption><\/figure>\n\n\n\n<p><strong>Villereau<\/strong> est un village en contrebas de la route Berlaimont Valenciennes, b\u00e2ti dans la vall\u00e9e encaiss\u00e9e de la Rhonelle. <br>Il fut donn\u00e9 en 1064 \u00e0 l&rsquo;abbaye du Saint S\u00e9pulcre de Cambrai, par l&rsquo;\u00e9v\u00eaque Liebert.  <br>En 1161, on le trouve sous le nom&nbsp;de Villerel, lorsque les moines de l\u2019Abbaye c\u00e9d\u00e8rent au comte de Hainaut Bauduin IV le moulin de Villereau. <br>Villereau eut alors une certaine importance en raison de la pr\u00e9sence sur son territoire d&rsquo;un ch\u00e2teau. Ce vieux manoir nomm\u00e9 le Ch\u00e2teau d\u2019Odrimont tombe en ruines de nos jours.<\/p>\n\n\n\n<p>En 1320, le ch\u00e2telain d&rsquo;Odrimont, fut contraint par son suzerain, \u00e0 savoir le seigneur de Mortagne de Potelle, de l&rsquo;accompagner lors d&rsquo;une exp\u00e9dition en Angleterre initi\u00e9e par Jean de Beaumont (fr\u00e8re du comte de Hainaut) contre le roi Edouard (mari d&rsquo;Isabelle de Valois) .<\/p>\n\n\n\n<p>En 1443 le Ch\u00e2teau d&rsquo;Odrimont fut relev\u00e9 de toute vassalit\u00e9 envers Gilles de Potelle lorsque ce dernier, projetant de tuer le Duc de Bourgogne Philippe Llebon,  fut jug\u00e9 et \u00e9cartel\u00e9 sur la place du March\u00e9 de Mons.  <\/p>\n\n\n\n<p>Pendant les guerres de Louis XI, Villereau fut saccag\u00e9 et ruin\u00e9 en 1477.<\/p>\n\n\n\n<p>En 1654, le village fut presque enti\u00e8rement br\u00fbl\u00e9 en raison de la guerre entre la France et l&rsquo;Espagne.<\/p>\n\n\n\n<p>Il fut de nouveau br\u00fbl\u00e9 et pill\u00e9 par les Autrichiens le 18 juin et le 17 ao\u00fbt 1793, ne restant debout que l\u2019\u00e9glise dont le portail fut br\u00fbl\u00e9, le presbyt\u00e8re et le manoir d\u2019Odrimont . Une p\u00e2ture, situ\u00e9e pr\u00e8s de l&#8217;emplacement du Ch\u00e2teau d&rsquo;Odrimont, conserve depuis cette \u00e9poque le nom de p\u00e2ture br\u00fbl\u00e9e. <\/p>\n\n\n\n<p><strong>Herbignies<\/strong> est un hameau de Villereau, \u00e0 l\u2019est de la commune en bordure de la for\u00eat de Mormal.  <br>On le trouve&nbsp;en 1083&nbsp;sous l\u2019appellation de&nbsp;&nbsp;Harbenalae ou Harbinalae&nbsp;\u00e0 l\u2019occasion d\u2019un don de l\u2019\u00e9v\u00eaque G\u00e9rard de Cambrai \u00e0 l\u2019Abbaye d\u2019Hautmont. <\/p>\n\n\n\n<p>En 1163,&nbsp;le nom de&nbsp;Harbignies&nbsp;est mentionn\u00e9 dans un texte par lequel Bauduin IV met un terme aux contestations entre l\u2019Abbaye d\u2019Hautmont et Fulco d\u2019Artres  quant aux limites d\u2019Harbignies. (Ouvrage de Bruno Carpentier) <\/p>\n\n\n\n<p>Il fut, en 1359, le th\u00e9\u00e2tre d&rsquo;un h\u00e9ro\u00efque combat entre le sire de Gommegnies, soutenu seulement par six de ses \u00e9cuyers, contre 340 fran\u00e7ais. <\/p>\n\n\n\n<p>L\u2019Abbaye d\u2019Hautmont y poss\u00e9da un important domaine&nbsp; dont elle vendit en 1576 une grande partie \u00e0 Charles de Martigny, receveur principal du Hainaut. Elle garda cependant suffisamment de terres pour justifier&nbsp;en 1642&nbsp;la reconstruction d\u2019une grosse ferme dont il ne demeure que peu de vestiges. (Il n\u2019en subsiste que deux caves). <\/p>\n\n\n\n<div class=\"wp-block-image\"><figure class=\"aligncenter is-resized\"><img data-recalc-dims=\"1\" loading=\"lazy\" decoding=\"async\" data-attachment-id=\"5002\" data-permalink=\"https:\/\/patrimoine-avesnois.fr\/chemin\/villereau\/image-789\/\" data-orig-file=\"https:\/\/i0.wp.com\/patrimoine-avesnois.fr\/chemin\/wp-content\/uploads\/2019\/05\/image-314.png?fit=684%2C923&amp;ssl=1\" data-orig-size=\"684,923\" data-comments-opened=\"1\" data-image-meta=\"{&quot;aperture&quot;:&quot;0&quot;,&quot;credit&quot;:&quot;&quot;,&quot;camera&quot;:&quot;&quot;,&quot;caption&quot;:&quot;&quot;,&quot;created_timestamp&quot;:&quot;0&quot;,&quot;copyright&quot;:&quot;&quot;,&quot;focal_length&quot;:&quot;0&quot;,&quot;iso&quot;:&quot;0&quot;,&quot;shutter_speed&quot;:&quot;0&quot;,&quot;title&quot;:&quot;&quot;,&quot;orientation&quot;:&quot;0&quot;}\" data-image-title=\"image\" data-image-description=\"\" data-image-caption=\"\" data-large-file=\"https:\/\/i0.wp.com\/patrimoine-avesnois.fr\/chemin\/wp-content\/uploads\/2019\/05\/image-314.png?fit=684%2C923&amp;ssl=1\" src=\"https:\/\/i0.wp.com\/patrimoine-avesnois.fr\/chemin\/wp-content\/uploads\/2019\/05\/image-314.png?resize=445%2C600\" alt=\"\" class=\"wp-image-5002\" width=\"445\" height=\"600\" srcset=\"https:\/\/i0.wp.com\/patrimoine-avesnois.fr\/chemin\/wp-content\/uploads\/2019\/05\/image-314.png?w=684&amp;ssl=1 684w, https:\/\/i0.wp.com\/patrimoine-avesnois.fr\/chemin\/wp-content\/uploads\/2019\/05\/image-314.png?resize=222%2C300&amp;ssl=1 222w\" sizes=\"auto, (max-width: 445px) 85vw, 445px\" \/><figcaption>L&rsquo;\u00e9glise St G\u00e9ry de Villereau<\/figcaption><\/figure><\/div>\n\n\n\n<div class=\"wp-block-image\"><figure class=\"aligncenter is-resized\"><img data-recalc-dims=\"1\" loading=\"lazy\" decoding=\"async\" data-attachment-id=\"5003\" data-permalink=\"https:\/\/patrimoine-avesnois.fr\/chemin\/villereau\/image-790\/\" data-orig-file=\"https:\/\/i0.wp.com\/patrimoine-avesnois.fr\/chemin\/wp-content\/uploads\/2019\/05\/image-315.png?fit=683%2C921&amp;ssl=1\" data-orig-size=\"683,921\" data-comments-opened=\"1\" data-image-meta=\"{&quot;aperture&quot;:&quot;0&quot;,&quot;credit&quot;:&quot;&quot;,&quot;camera&quot;:&quot;&quot;,&quot;caption&quot;:&quot;&quot;,&quot;created_timestamp&quot;:&quot;0&quot;,&quot;copyright&quot;:&quot;&quot;,&quot;focal_length&quot;:&quot;0&quot;,&quot;iso&quot;:&quot;0&quot;,&quot;shutter_speed&quot;:&quot;0&quot;,&quot;title&quot;:&quot;&quot;,&quot;orientation&quot;:&quot;0&quot;}\" data-image-title=\"image\" data-image-description=\"\" data-image-caption=\"\" data-large-file=\"https:\/\/i0.wp.com\/patrimoine-avesnois.fr\/chemin\/wp-content\/uploads\/2019\/05\/image-315.png?fit=683%2C921&amp;ssl=1\" src=\"https:\/\/i0.wp.com\/patrimoine-avesnois.fr\/chemin\/wp-content\/uploads\/2019\/05\/image-315.png?resize=445%2C600\" alt=\"\" class=\"wp-image-5003\" width=\"445\" height=\"600\" srcset=\"https:\/\/i0.wp.com\/patrimoine-avesnois.fr\/chemin\/wp-content\/uploads\/2019\/05\/image-315.png?w=683&amp;ssl=1 683w, https:\/\/i0.wp.com\/patrimoine-avesnois.fr\/chemin\/wp-content\/uploads\/2019\/05\/image-315.png?resize=222%2C300&amp;ssl=1 222w\" sizes=\"auto, (max-width: 445px) 85vw, 445px\" \/><figcaption>Sa tour du XVII e si\u00e8cle<\/figcaption><\/figure><\/div>\n\n\n\n<div class=\"wp-block-image\"><figure class=\"aligncenter is-resized\"><img loading=\"lazy\" decoding=\"async\" data-attachment-id=\"5004\" data-permalink=\"https:\/\/patrimoine-avesnois.fr\/chemin\/villereau\/image-791\/\" data-orig-file=\"https:\/\/i0.wp.com\/patrimoine-avesnois.fr\/chemin\/wp-content\/uploads\/2019\/05\/image-316.png?fit=1226%2C921&amp;ssl=1\" data-orig-size=\"1226,921\" data-comments-opened=\"1\" data-image-meta=\"{&quot;aperture&quot;:&quot;0&quot;,&quot;credit&quot;:&quot;&quot;,&quot;camera&quot;:&quot;&quot;,&quot;caption&quot;:&quot;&quot;,&quot;created_timestamp&quot;:&quot;0&quot;,&quot;copyright&quot;:&quot;&quot;,&quot;focal_length&quot;:&quot;0&quot;,&quot;iso&quot;:&quot;0&quot;,&quot;shutter_speed&quot;:&quot;0&quot;,&quot;title&quot;:&quot;&quot;,&quot;orientation&quot;:&quot;0&quot;}\" data-image-title=\"image\" data-image-description=\"\" data-image-caption=\"\" data-large-file=\"https:\/\/i0.wp.com\/patrimoine-avesnois.fr\/chemin\/wp-content\/uploads\/2019\/05\/image-316.png?fit=840%2C631&amp;ssl=1\" src=\"https:\/\/i2.wp.com\/patrimoine-avesnois.fr\/chemin\/wp-content\/uploads\/2019\/05\/image-316.png?fit=840%2C631\" alt=\"\" class=\"wp-image-5004\" width=\"630\" height=\"473\" srcset=\"https:\/\/i0.wp.com\/patrimoine-avesnois.fr\/chemin\/wp-content\/uploads\/2019\/05\/image-316.png?w=1226&amp;ssl=1 1226w, https:\/\/i0.wp.com\/patrimoine-avesnois.fr\/chemin\/wp-content\/uploads\/2019\/05\/image-316.png?resize=300%2C225&amp;ssl=1 300w, https:\/\/i0.wp.com\/patrimoine-avesnois.fr\/chemin\/wp-content\/uploads\/2019\/05\/image-316.png?resize=768%2C577&amp;ssl=1 768w, https:\/\/i0.wp.com\/patrimoine-avesnois.fr\/chemin\/wp-content\/uploads\/2019\/05\/image-316.png?resize=1024%2C769&amp;ssl=1 1024w, https:\/\/i0.wp.com\/patrimoine-avesnois.fr\/chemin\/wp-content\/uploads\/2019\/05\/image-316.png?resize=1200%2C901&amp;ssl=1 1200w\" sizes=\"auto, (max-width: 630px) 85vw, 630px\" \/><figcaption>Son porche<\/figcaption><\/figure><\/div>\n\n\n\n<div class=\"wp-block-image\"><figure class=\"aligncenter is-resized\"><img loading=\"lazy\" decoding=\"async\" data-attachment-id=\"5005\" data-permalink=\"https:\/\/patrimoine-avesnois.fr\/chemin\/villereau\/image-792\/\" data-orig-file=\"https:\/\/i0.wp.com\/patrimoine-avesnois.fr\/chemin\/wp-content\/uploads\/2019\/05\/image-317.png?fit=1213%2C915&amp;ssl=1\" data-orig-size=\"1213,915\" data-comments-opened=\"1\" data-image-meta=\"{&quot;aperture&quot;:&quot;0&quot;,&quot;credit&quot;:&quot;&quot;,&quot;camera&quot;:&quot;&quot;,&quot;caption&quot;:&quot;&quot;,&quot;created_timestamp&quot;:&quot;0&quot;,&quot;copyright&quot;:&quot;&quot;,&quot;focal_length&quot;:&quot;0&quot;,&quot;iso&quot;:&quot;0&quot;,&quot;shutter_speed&quot;:&quot;0&quot;,&quot;title&quot;:&quot;&quot;,&quot;orientation&quot;:&quot;0&quot;}\" data-image-title=\"image\" data-image-description=\"\" data-image-caption=\"\" data-large-file=\"https:\/\/i0.wp.com\/patrimoine-avesnois.fr\/chemin\/wp-content\/uploads\/2019\/05\/image-317.png?fit=840%2C633&amp;ssl=1\" src=\"https:\/\/i1.wp.com\/patrimoine-avesnois.fr\/chemin\/wp-content\/uploads\/2019\/05\/image-317.png?fit=840%2C633\" alt=\"\" class=\"wp-image-5005\" width=\"630\" height=\"475\" srcset=\"https:\/\/i0.wp.com\/patrimoine-avesnois.fr\/chemin\/wp-content\/uploads\/2019\/05\/image-317.png?w=1213&amp;ssl=1 1213w, https:\/\/i0.wp.com\/patrimoine-avesnois.fr\/chemin\/wp-content\/uploads\/2019\/05\/image-317.png?resize=300%2C226&amp;ssl=1 300w, https:\/\/i0.wp.com\/patrimoine-avesnois.fr\/chemin\/wp-content\/uploads\/2019\/05\/image-317.png?resize=768%2C579&amp;ssl=1 768w, https:\/\/i0.wp.com\/patrimoine-avesnois.fr\/chemin\/wp-content\/uploads\/2019\/05\/image-317.png?resize=1024%2C772&amp;ssl=1 1024w, https:\/\/i0.wp.com\/patrimoine-avesnois.fr\/chemin\/wp-content\/uploads\/2019\/05\/image-317.png?resize=1200%2C905&amp;ssl=1 1200w\" sizes=\"auto, (max-width: 630px) 85vw, 630px\" \/><figcaption>La partie reconstruite suite \u00e0 l&rsquo;incendie de 1914.<\/figcaption><\/figure><\/div>\n\n\n\n<p>D\u00e8s l\u2019\u00e9poque m\u00e9rovingienne, une \u00e9glise fut b\u00e2tie sur le monticule le plus proche du village. Elle comportait 3&nbsp;cloches, coul\u00e9es selon les inscriptions en 1005. <br>Villereau subit des destructions importantes en 1914. L\u2019\u00e9glise Saint G\u00e9ry alors incendi\u00e9e n&rsquo;a conserv\u00e9 que son clocher du XVIIe si\u00e8cle. <\/p>\n\n\n\n<div class=\"wp-block-image\"><figure class=\"aligncenter is-resized\"><img data-recalc-dims=\"1\" loading=\"lazy\" decoding=\"async\" data-attachment-id=\"5008\" data-permalink=\"https:\/\/patrimoine-avesnois.fr\/chemin\/villereau\/img_5715\/\" data-orig-file=\"https:\/\/i0.wp.com\/patrimoine-avesnois.fr\/chemin\/wp-content\/uploads\/2019\/05\/IMG_5715.jpg?fit=959%2C719&amp;ssl=1\" data-orig-size=\"959,719\" data-comments-opened=\"1\" data-image-meta=\"{&quot;aperture&quot;:&quot;3.3&quot;,&quot;credit&quot;:&quot;&quot;,&quot;camera&quot;:&quot;&quot;,&quot;caption&quot;:&quot;&quot;,&quot;created_timestamp&quot;:&quot;1559215467&quot;,&quot;copyright&quot;:&quot;&quot;,&quot;focal_length&quot;:&quot;4.4&quot;,&quot;iso&quot;:&quot;0&quot;,&quot;shutter_speed&quot;:&quot;0.033333333333333&quot;,&quot;title&quot;:&quot;&quot;,&quot;orientation&quot;:&quot;1&quot;}\" data-image-title=\"IMG_5715\" data-image-description=\"\" data-image-caption=\"\" data-large-file=\"https:\/\/i0.wp.com\/patrimoine-avesnois.fr\/chemin\/wp-content\/uploads\/2019\/05\/IMG_5715.jpg?fit=840%2C630&amp;ssl=1\" src=\"https:\/\/i0.wp.com\/patrimoine-avesnois.fr\/chemin\/wp-content\/uploads\/2019\/05\/IMG_5715.jpg?resize=579%2C434\" alt=\"\" class=\"wp-image-5008\" width=\"579\" height=\"434\" srcset=\"https:\/\/i0.wp.com\/patrimoine-avesnois.fr\/chemin\/wp-content\/uploads\/2019\/05\/IMG_5715.jpg?w=959&amp;ssl=1 959w, https:\/\/i0.wp.com\/patrimoine-avesnois.fr\/chemin\/wp-content\/uploads\/2019\/05\/IMG_5715.jpg?resize=300%2C225&amp;ssl=1 300w, https:\/\/i0.wp.com\/patrimoine-avesnois.fr\/chemin\/wp-content\/uploads\/2019\/05\/IMG_5715.jpg?resize=768%2C576&amp;ssl=1 768w\" sizes=\"auto, (max-width: 579px) 85vw, 579px\" \/><figcaption>Son int\u00e9rieur<\/figcaption><\/figure><\/div>\n\n\n\n<div class=\"wp-block-image\"><figure class=\"aligncenter is-resized\"><img data-recalc-dims=\"1\" loading=\"lazy\" decoding=\"async\" data-attachment-id=\"5009\" data-permalink=\"https:\/\/patrimoine-avesnois.fr\/chemin\/villereau\/image-794\/\" data-orig-file=\"https:\/\/i0.wp.com\/patrimoine-avesnois.fr\/chemin\/wp-content\/uploads\/2019\/05\/image-319.png?fit=692%2C696&amp;ssl=1\" data-orig-size=\"692,696\" data-comments-opened=\"1\" data-image-meta=\"{&quot;aperture&quot;:&quot;0&quot;,&quot;credit&quot;:&quot;&quot;,&quot;camera&quot;:&quot;&quot;,&quot;caption&quot;:&quot;&quot;,&quot;created_timestamp&quot;:&quot;0&quot;,&quot;copyright&quot;:&quot;&quot;,&quot;focal_length&quot;:&quot;0&quot;,&quot;iso&quot;:&quot;0&quot;,&quot;shutter_speed&quot;:&quot;0&quot;,&quot;title&quot;:&quot;&quot;,&quot;orientation&quot;:&quot;0&quot;}\" data-image-title=\"image\" data-image-description=\"\" data-image-caption=\"\" data-large-file=\"https:\/\/i0.wp.com\/patrimoine-avesnois.fr\/chemin\/wp-content\/uploads\/2019\/05\/image-319.png?fit=692%2C696&amp;ssl=1\" src=\"https:\/\/i0.wp.com\/patrimoine-avesnois.fr\/chemin\/wp-content\/uploads\/2019\/05\/image-319.png?resize=511%2C514\" alt=\"\" class=\"wp-image-5009\" width=\"511\" height=\"514\" srcset=\"https:\/\/i0.wp.com\/patrimoine-avesnois.fr\/chemin\/wp-content\/uploads\/2019\/05\/image-319.png?w=692&amp;ssl=1 692w, https:\/\/i0.wp.com\/patrimoine-avesnois.fr\/chemin\/wp-content\/uploads\/2019\/05\/image-319.png?resize=150%2C150&amp;ssl=1 150w, https:\/\/i0.wp.com\/patrimoine-avesnois.fr\/chemin\/wp-content\/uploads\/2019\/05\/image-319.png?resize=298%2C300&amp;ssl=1 298w\" sizes=\"auto, (max-width: 511px) 85vw, 511px\" \/><figcaption>Au pied de l&rsquo;\u00e9glise<\/figcaption><\/figure><\/div>\n\n\n\n<div class=\"wp-block-image\"><figure class=\"aligncenter is-resized\"><img loading=\"lazy\" decoding=\"async\" data-attachment-id=\"5010\" data-permalink=\"https:\/\/patrimoine-avesnois.fr\/chemin\/villereau\/image-795\/\" data-orig-file=\"https:\/\/i0.wp.com\/patrimoine-avesnois.fr\/chemin\/wp-content\/uploads\/2019\/05\/image-320.png?fit=1213%2C922&amp;ssl=1\" data-orig-size=\"1213,922\" data-comments-opened=\"1\" data-image-meta=\"{&quot;aperture&quot;:&quot;0&quot;,&quot;credit&quot;:&quot;&quot;,&quot;camera&quot;:&quot;&quot;,&quot;caption&quot;:&quot;&quot;,&quot;created_timestamp&quot;:&quot;0&quot;,&quot;copyright&quot;:&quot;&quot;,&quot;focal_length&quot;:&quot;0&quot;,&quot;iso&quot;:&quot;0&quot;,&quot;shutter_speed&quot;:&quot;0&quot;,&quot;title&quot;:&quot;&quot;,&quot;orientation&quot;:&quot;0&quot;}\" data-image-title=\"image\" data-image-description=\"\" data-image-caption=\"\" data-large-file=\"https:\/\/i0.wp.com\/patrimoine-avesnois.fr\/chemin\/wp-content\/uploads\/2019\/05\/image-320.png?fit=840%2C638&amp;ssl=1\" src=\"https:\/\/i2.wp.com\/patrimoine-avesnois.fr\/chemin\/wp-content\/uploads\/2019\/05\/image-320.png?fit=840%2C638\" alt=\"\" class=\"wp-image-5010\" width=\"595\" height=\"452\" srcset=\"https:\/\/i0.wp.com\/patrimoine-avesnois.fr\/chemin\/wp-content\/uploads\/2019\/05\/image-320.png?w=1213&amp;ssl=1 1213w, https:\/\/i0.wp.com\/patrimoine-avesnois.fr\/chemin\/wp-content\/uploads\/2019\/05\/image-320.png?resize=300%2C228&amp;ssl=1 300w, https:\/\/i0.wp.com\/patrimoine-avesnois.fr\/chemin\/wp-content\/uploads\/2019\/05\/image-320.png?resize=768%2C584&amp;ssl=1 768w, https:\/\/i0.wp.com\/patrimoine-avesnois.fr\/chemin\/wp-content\/uploads\/2019\/05\/image-320.png?resize=1024%2C778&amp;ssl=1 1024w, https:\/\/i0.wp.com\/patrimoine-avesnois.fr\/chemin\/wp-content\/uploads\/2019\/05\/image-320.png?resize=1200%2C912&amp;ssl=1 1200w\" sizes=\"auto, (max-width: 595px) 85vw, 595px\" \/><figcaption>Grotte pr\u00e8s de l&rsquo;\u00e9glise<\/figcaption><\/figure><\/div>\n\n\n\n<div class=\"wp-block-image\"><figure class=\"aligncenter size-large is-resized\"><img data-recalc-dims=\"1\" loading=\"lazy\" decoding=\"async\" data-attachment-id=\"17310\" data-permalink=\"https:\/\/patrimoine-avesnois.fr\/chemin\/villereau\/mairie-7-2\/\" data-orig-file=\"https:\/\/i0.wp.com\/patrimoine-avesnois.fr\/chemin\/wp-content\/uploads\/2022\/01\/Mairie-7.jpg?fit=703%2C527&amp;ssl=1\" data-orig-size=\"703,527\" data-comments-opened=\"1\" data-image-meta=\"{&quot;aperture&quot;:&quot;0&quot;,&quot;credit&quot;:&quot;CARRE&quot;,&quot;camera&quot;:&quot;&quot;,&quot;caption&quot;:&quot;&quot;,&quot;created_timestamp&quot;:&quot;1641407094&quot;,&quot;copyright&quot;:&quot;&quot;,&quot;focal_length&quot;:&quot;0&quot;,&quot;iso&quot;:&quot;0&quot;,&quot;shutter_speed&quot;:&quot;0&quot;,&quot;title&quot;:&quot;&quot;,&quot;orientation&quot;:&quot;1&quot;}\" data-image-title=\"Mairie-7\" data-image-description=\"\" data-image-caption=\"\" data-large-file=\"https:\/\/i0.wp.com\/patrimoine-avesnois.fr\/chemin\/wp-content\/uploads\/2022\/01\/Mairie-7.jpg?fit=703%2C527&amp;ssl=1\" src=\"https:\/\/i0.wp.com\/patrimoine-avesnois.fr\/chemin\/wp-content\/uploads\/2022\/01\/Mairie-7.jpg?resize=625%2C468\" alt=\"Villereau (Nord)\" class=\"wp-image-17310\" width=\"625\" height=\"468\" srcset=\"https:\/\/i0.wp.com\/patrimoine-avesnois.fr\/chemin\/wp-content\/uploads\/2022\/01\/Mairie-7.jpg?w=703&amp;ssl=1 703w, https:\/\/i0.wp.com\/patrimoine-avesnois.fr\/chemin\/wp-content\/uploads\/2022\/01\/Mairie-7.jpg?resize=300%2C225&amp;ssl=1 300w\" sizes=\"auto, (max-width: 625px) 85vw, 625px\" \/><figcaption>La Mairie et <a rel=\"noreferrer noopener\" aria-label=\"son site (opens in a new tab)\" href=\"http:\/\/www.villereau.fr\/\" target=\"_blank\">son site<\/a> Photo <a href=\"https:\/\/www.google.fr\/maps\/place\/Mairie\/@50.2462014,3.6958457,3a,75y,295.69h,98.55t\/data=!3m6!1e1!3m4!1sKaBiMoALzPlNPZRMZeSn8w!2e0!7i16384!8i8192!4m12!1m6!3m5!1s0x47c28a584804f557:0x209d53cfe96884f4!2sMairie!8m2!3d50.2462998!4d3.6955794!3m4!1s0x47c28a584804f557:0x209d53cfe96884f4!8m2!3d50.2462998!4d3.6955794\" target=\"_blank\" rel=\"noreferrer noopener\">Google 2021<\/a><\/figcaption><\/figure><\/div>\n\n\n\n<div class=\"wp-block-image\"><figure class=\"aligncenter size-large is-resized\"><img loading=\"lazy\" decoding=\"async\" data-attachment-id=\"17311\" data-permalink=\"https:\/\/patrimoine-avesnois.fr\/chemin\/villereau\/salle-du-bocage\/\" data-orig-file=\"https:\/\/i0.wp.com\/patrimoine-avesnois.fr\/chemin\/wp-content\/uploads\/2022\/01\/Salle-du-bocage.jpg?fit=1152%2C823&amp;ssl=1\" data-orig-size=\"1152,823\" data-comments-opened=\"1\" data-image-meta=\"{&quot;aperture&quot;:&quot;0&quot;,&quot;credit&quot;:&quot;CARRE&quot;,&quot;camera&quot;:&quot;&quot;,&quot;caption&quot;:&quot;&quot;,&quot;created_timestamp&quot;:&quot;1641407731&quot;,&quot;copyright&quot;:&quot;&quot;,&quot;focal_length&quot;:&quot;0&quot;,&quot;iso&quot;:&quot;0&quot;,&quot;shutter_speed&quot;:&quot;0&quot;,&quot;title&quot;:&quot;&quot;,&quot;orientation&quot;:&quot;1&quot;}\" data-image-title=\"Salle-du-bocage\" data-image-description=\"\" data-image-caption=\"\" data-large-file=\"https:\/\/i0.wp.com\/patrimoine-avesnois.fr\/chemin\/wp-content\/uploads\/2022\/01\/Salle-du-bocage.jpg?fit=840%2C600&amp;ssl=1\" src=\"https:\/\/i1.wp.com\/patrimoine-avesnois.fr\/chemin\/wp-content\/uploads\/2022\/01\/Salle-du-bocage.jpg?fit=840%2C600\" alt=\"\" class=\"wp-image-17311\" width=\"630\" height=\"450\" srcset=\"https:\/\/i0.wp.com\/patrimoine-avesnois.fr\/chemin\/wp-content\/uploads\/2022\/01\/Salle-du-bocage.jpg?w=1152&amp;ssl=1 1152w, https:\/\/i0.wp.com\/patrimoine-avesnois.fr\/chemin\/wp-content\/uploads\/2022\/01\/Salle-du-bocage.jpg?resize=300%2C214&amp;ssl=1 300w, https:\/\/i0.wp.com\/patrimoine-avesnois.fr\/chemin\/wp-content\/uploads\/2022\/01\/Salle-du-bocage.jpg?resize=1024%2C732&amp;ssl=1 1024w, https:\/\/i0.wp.com\/patrimoine-avesnois.fr\/chemin\/wp-content\/uploads\/2022\/01\/Salle-du-bocage.jpg?resize=768%2C549&amp;ssl=1 768w\" sizes=\"auto, (max-width: 630px) 85vw, 630px\" \/><figcaption>La salle du Bocage Photo <a href=\"https:\/\/www.google.fr\/maps\/@50.2459464,3.6978602,3a,75y,55.06h,90.61t\/data=!3m6!1e1!3m4!1sNgS25IduIC19zOG53KSplQ!2e0!7i16384!8i8192\" target=\"_blank\" rel=\"noreferrer noopener\">Google 2021 <\/a><\/figcaption><\/figure><\/div>\n\n\n\n<div class=\"wp-block-image\"><figure class=\"aligncenter is-resized\"><img data-recalc-dims=\"1\" loading=\"lazy\" decoding=\"async\" data-attachment-id=\"5011\" data-permalink=\"https:\/\/patrimoine-avesnois.fr\/chemin\/villereau\/image-796\/\" data-orig-file=\"https:\/\/i0.wp.com\/patrimoine-avesnois.fr\/chemin\/wp-content\/uploads\/2019\/05\/image-321.png?fit=677%2C921&amp;ssl=1\" data-orig-size=\"677,921\" data-comments-opened=\"1\" data-image-meta=\"{&quot;aperture&quot;:&quot;0&quot;,&quot;credit&quot;:&quot;&quot;,&quot;camera&quot;:&quot;&quot;,&quot;caption&quot;:&quot;&quot;,&quot;created_timestamp&quot;:&quot;0&quot;,&quot;copyright&quot;:&quot;&quot;,&quot;focal_length&quot;:&quot;0&quot;,&quot;iso&quot;:&quot;0&quot;,&quot;shutter_speed&quot;:&quot;0&quot;,&quot;title&quot;:&quot;&quot;,&quot;orientation&quot;:&quot;0&quot;}\" data-image-title=\"image\" data-image-description=\"\" data-image-caption=\"\" data-large-file=\"https:\/\/i0.wp.com\/patrimoine-avesnois.fr\/chemin\/wp-content\/uploads\/2019\/05\/image-321.png?fit=677%2C921&amp;ssl=1\" src=\"https:\/\/i0.wp.com\/patrimoine-avesnois.fr\/chemin\/wp-content\/uploads\/2019\/05\/image-321.png?resize=370%2C504\" alt=\"\" class=\"wp-image-5011\" width=\"370\" height=\"504\" srcset=\"https:\/\/i0.wp.com\/patrimoine-avesnois.fr\/chemin\/wp-content\/uploads\/2019\/05\/image-321.png?w=677&amp;ssl=1 677w, https:\/\/i0.wp.com\/patrimoine-avesnois.fr\/chemin\/wp-content\/uploads\/2019\/05\/image-321.png?resize=221%2C300&amp;ssl=1 221w\" sizes=\"auto, (max-width: 370px) 85vw, 370px\" \/><figcaption>Le Monument aux Morts de Villereau<\/figcaption><\/figure><\/div>\n\n\n\n<p>Les enfants de Villereau et d&rsquo;Herbignies, morts en 1870, en 1914 et en 1940, y ont leurs noms grav\u00e9s. Sur l&rsquo;un des c\u00f4t\u00e9s, est appos\u00e9e une plaque offerte par \u00ab\u00a0les mobilis\u00e9s de 1938 \u00e0 leurs glorieux a\u00een\u00e9s\u00a0\u00bb. <a rel=\"noreferrer noopener\" aria-label=\" (opens in a new tab)\" href=\"https:\/\/monumentsmorts.univ-lille.fr\/monument\/757\/villereau-rueroute\/\" target=\"_blank\">Universit\u00e9 Lille 3<\/a><\/p>\n\n\n\n<div class=\"wp-block-jetpack-slideshow aligncenter\" data-effect=\"slide\"><div class=\"wp-block-jetpack-slideshow_container swiper-container\"><ul class=\"wp-block-jetpack-slideshow_swiper-wrappper swiper-wrapper\"><li class=\"wp-block-jetpack-slideshow_slide swiper-slide\"><figure><img data-recalc-dims=\"1\" loading=\"lazy\" decoding=\"async\" width=\"840\" height=\"1120\" alt=\"\" class=\"wp-block-jetpack-slideshow_image wp-image-5023\" data-id=\"5023\" src=\"https:\/\/i0.wp.com\/patrimoine-avesnois.fr\/chemin\/wp-content\/uploads\/2019\/05\/IMG_4439-1.jpg?resize=840%2C1120\" srcset=\"https:\/\/i0.wp.com\/patrimoine-avesnois.fr\/chemin\/wp-content\/uploads\/2019\/05\/IMG_4439-1.jpg?w=2448&amp;ssl=1 2448w, https:\/\/i0.wp.com\/patrimoine-avesnois.fr\/chemin\/wp-content\/uploads\/2019\/05\/IMG_4439-1.jpg?resize=225%2C300&amp;ssl=1 225w, https:\/\/i0.wp.com\/patrimoine-avesnois.fr\/chemin\/wp-content\/uploads\/2019\/05\/IMG_4439-1.jpg?resize=768%2C1024&amp;ssl=1 768w, https:\/\/i0.wp.com\/patrimoine-avesnois.fr\/chemin\/wp-content\/uploads\/2019\/05\/IMG_4439-1.jpg?resize=1200%2C1600&amp;ssl=1 1200w, https:\/\/i0.wp.com\/patrimoine-avesnois.fr\/chemin\/wp-content\/uploads\/2019\/05\/IMG_4439-1.jpg?w=1680 1680w\" sizes=\"(max-width: 709px) 85vw, (max-width: 909px) 67vw, (max-width: 1362px) 62vw, 840px\" \/><\/figure><\/li><li class=\"wp-block-jetpack-slideshow_slide swiper-slide\"><figure><img data-recalc-dims=\"1\" loading=\"lazy\" decoding=\"async\" width=\"840\" height=\"1120\" alt=\"\" class=\"wp-block-jetpack-slideshow_image wp-image-5024\" data-id=\"5024\" src=\"https:\/\/i0.wp.com\/patrimoine-avesnois.fr\/chemin\/wp-content\/uploads\/2019\/05\/IMG_4440-1.jpg?resize=840%2C1120\" srcset=\"https:\/\/i0.wp.com\/patrimoine-avesnois.fr\/chemin\/wp-content\/uploads\/2019\/05\/IMG_4440-1.jpg?w=2448&amp;ssl=1 2448w, https:\/\/i0.wp.com\/patrimoine-avesnois.fr\/chemin\/wp-content\/uploads\/2019\/05\/IMG_4440-1.jpg?resize=225%2C300&amp;ssl=1 225w, https:\/\/i0.wp.com\/patrimoine-avesnois.fr\/chemin\/wp-content\/uploads\/2019\/05\/IMG_4440-1.jpg?resize=768%2C1024&amp;ssl=1 768w, https:\/\/i0.wp.com\/patrimoine-avesnois.fr\/chemin\/wp-content\/uploads\/2019\/05\/IMG_4440-1.jpg?resize=1200%2C1600&amp;ssl=1 1200w, https:\/\/i0.wp.com\/patrimoine-avesnois.fr\/chemin\/wp-content\/uploads\/2019\/05\/IMG_4440-1.jpg?w=1680 1680w\" sizes=\"(max-width: 709px) 85vw, (max-width: 909px) 67vw, (max-width: 1362px) 62vw, 840px\" \/><\/figure><\/li><li class=\"wp-block-jetpack-slideshow_slide swiper-slide\"><figure><img data-recalc-dims=\"1\" loading=\"lazy\" decoding=\"async\" width=\"840\" height=\"1120\" alt=\"\" class=\"wp-block-jetpack-slideshow_image wp-image-5025\" data-id=\"5025\" src=\"https:\/\/i0.wp.com\/patrimoine-avesnois.fr\/chemin\/wp-content\/uploads\/2019\/05\/IMG_4441-1.jpg?resize=840%2C1120\" srcset=\"https:\/\/i0.wp.com\/patrimoine-avesnois.fr\/chemin\/wp-content\/uploads\/2019\/05\/IMG_4441-1.jpg?w=2448&amp;ssl=1 2448w, https:\/\/i0.wp.com\/patrimoine-avesnois.fr\/chemin\/wp-content\/uploads\/2019\/05\/IMG_4441-1.jpg?resize=225%2C300&amp;ssl=1 225w, https:\/\/i0.wp.com\/patrimoine-avesnois.fr\/chemin\/wp-content\/uploads\/2019\/05\/IMG_4441-1.jpg?resize=768%2C1024&amp;ssl=1 768w, https:\/\/i0.wp.com\/patrimoine-avesnois.fr\/chemin\/wp-content\/uploads\/2019\/05\/IMG_4441-1.jpg?resize=1200%2C1600&amp;ssl=1 1200w, https:\/\/i0.wp.com\/patrimoine-avesnois.fr\/chemin\/wp-content\/uploads\/2019\/05\/IMG_4441-1.jpg?w=1680 1680w\" sizes=\"(max-width: 709px) 85vw, (max-width: 909px) 67vw, (max-width: 1362px) 62vw, 840px\" \/><\/figure><\/li><li class=\"wp-block-jetpack-slideshow_slide swiper-slide\"><figure><img data-recalc-dims=\"1\" loading=\"lazy\" decoding=\"async\" width=\"840\" height=\"1120\" alt=\"\" class=\"wp-block-jetpack-slideshow_image wp-image-5026\" data-id=\"5026\" src=\"https:\/\/i0.wp.com\/patrimoine-avesnois.fr\/chemin\/wp-content\/uploads\/2019\/05\/IMG_4442-1.jpg?resize=840%2C1120\" srcset=\"https:\/\/i0.wp.com\/patrimoine-avesnois.fr\/chemin\/wp-content\/uploads\/2019\/05\/IMG_4442-1.jpg?w=2448&amp;ssl=1 2448w, https:\/\/i0.wp.com\/patrimoine-avesnois.fr\/chemin\/wp-content\/uploads\/2019\/05\/IMG_4442-1.jpg?resize=225%2C300&amp;ssl=1 225w, https:\/\/i0.wp.com\/patrimoine-avesnois.fr\/chemin\/wp-content\/uploads\/2019\/05\/IMG_4442-1.jpg?resize=768%2C1024&amp;ssl=1 768w, https:\/\/i0.wp.com\/patrimoine-avesnois.fr\/chemin\/wp-content\/uploads\/2019\/05\/IMG_4442-1.jpg?resize=1200%2C1600&amp;ssl=1 1200w, https:\/\/i0.wp.com\/patrimoine-avesnois.fr\/chemin\/wp-content\/uploads\/2019\/05\/IMG_4442-1.jpg?w=1680 1680w\" sizes=\"(max-width: 709px) 85vw, (max-width: 909px) 67vw, (max-width: 1362px) 62vw, 840px\" \/><\/figure><\/li><li class=\"wp-block-jetpack-slideshow_slide swiper-slide\"><figure><img data-recalc-dims=\"1\" loading=\"lazy\" decoding=\"async\" width=\"840\" height=\"1120\" alt=\"\" class=\"wp-block-jetpack-slideshow_image wp-image-5027\" data-id=\"5027\" src=\"https:\/\/i0.wp.com\/patrimoine-avesnois.fr\/chemin\/wp-content\/uploads\/2019\/05\/IMG_4443-1.jpg?resize=840%2C1120\" srcset=\"https:\/\/i0.wp.com\/patrimoine-avesnois.fr\/chemin\/wp-content\/uploads\/2019\/05\/IMG_4443-1.jpg?w=2448&amp;ssl=1 2448w, https:\/\/i0.wp.com\/patrimoine-avesnois.fr\/chemin\/wp-content\/uploads\/2019\/05\/IMG_4443-1.jpg?resize=225%2C300&amp;ssl=1 225w, https:\/\/i0.wp.com\/patrimoine-avesnois.fr\/chemin\/wp-content\/uploads\/2019\/05\/IMG_4443-1.jpg?resize=768%2C1024&amp;ssl=1 768w, https:\/\/i0.wp.com\/patrimoine-avesnois.fr\/chemin\/wp-content\/uploads\/2019\/05\/IMG_4443-1.jpg?resize=1200%2C1600&amp;ssl=1 1200w, https:\/\/i0.wp.com\/patrimoine-avesnois.fr\/chemin\/wp-content\/uploads\/2019\/05\/IMG_4443-1.jpg?w=1680 1680w\" sizes=\"(max-width: 709px) 85vw, (max-width: 909px) 67vw, (max-width: 1362px) 62vw, 840px\" \/><\/figure><\/li><li class=\"wp-block-jetpack-slideshow_slide swiper-slide\"><figure><img data-recalc-dims=\"1\" loading=\"lazy\" decoding=\"async\" width=\"840\" height=\"1120\" alt=\"\" class=\"wp-block-jetpack-slideshow_image wp-image-5028\" data-id=\"5028\" src=\"https:\/\/i0.wp.com\/patrimoine-avesnois.fr\/chemin\/wp-content\/uploads\/2019\/05\/IMG_4444-1.jpg?resize=840%2C1120\" srcset=\"https:\/\/i0.wp.com\/patrimoine-avesnois.fr\/chemin\/wp-content\/uploads\/2019\/05\/IMG_4444-1.jpg?w=2448&amp;ssl=1 2448w, https:\/\/i0.wp.com\/patrimoine-avesnois.fr\/chemin\/wp-content\/uploads\/2019\/05\/IMG_4444-1.jpg?resize=225%2C300&amp;ssl=1 225w, https:\/\/i0.wp.com\/patrimoine-avesnois.fr\/chemin\/wp-content\/uploads\/2019\/05\/IMG_4444-1.jpg?resize=768%2C1024&amp;ssl=1 768w, https:\/\/i0.wp.com\/patrimoine-avesnois.fr\/chemin\/wp-content\/uploads\/2019\/05\/IMG_4444-1.jpg?resize=1200%2C1600&amp;ssl=1 1200w, https:\/\/i0.wp.com\/patrimoine-avesnois.fr\/chemin\/wp-content\/uploads\/2019\/05\/IMG_4444-1.jpg?w=1680 1680w\" sizes=\"(max-width: 709px) 85vw, (max-width: 909px) 67vw, (max-width: 1362px) 62vw, 840px\" \/><\/figure><\/li><\/ul><a class=\"wp-block-jetpack-slideshow_button-prev swiper-button-prev swiper-button-white\" role=\"button\"><\/a><a class=\"wp-block-jetpack-slideshow_button-next swiper-button-next swiper-button-white\" role=\"button\"><\/a><a aria-label=\"Pause Slideshow\" class=\"wp-block-jetpack-slideshow_button-pause\" role=\"button\"><\/a><div class=\"wp-block-jetpack-slideshow_pagination swiper-pagination swiper-pagination-white\"><\/div><\/div><\/div>\n\n\n\n<div class=\"wp-block-image\"><figure class=\"aligncenter is-resized\"><img loading=\"lazy\" decoding=\"async\" src=\"http:\/\/i1.wp.com\/www.calvaires-avesnois.fr\/wp-content\/uploads\/2016\/09\/Nouvelle-image-1-67.png?resize=370%2C493\" alt=\"Calvaire rue Berlandois\" class=\"wp-image-817\" width=\"449\" height=\"598\"\/><figcaption>Calvaire de Villereau rue Berlandois<\/figcaption><\/figure><\/div>\n\n\n\n<p>Appel\u00e9 calvaire de S\u00e9pulcre. Il a \u00e9t\u00e9 r\u00e9par\u00e9 par la commune en 1921. (Source&nbsp;: ADN S\u00e9rie O)<\/p>\n\n\n\n<p>Le terrain appartenait \u00e0 Ren\u00e9 DUTRIEUX DAZIN avant 1898 mais \u00e0 cette date le calvaire est d\u00e9j\u00e0 communal.<\/p>\n\n\n\n<div class=\"wp-block-image\"><figure class=\"aligncenter is-resized\"><img data-recalc-dims=\"1\" loading=\"lazy\" decoding=\"async\" src=\"https:\/\/i0.wp.com\/oratoiresetchapelles-avesnois.fr\/wp-content\/uploads\/2017\/01\/Capturer.png?resize=745%2C464\" alt=\"\" width=\"745\" height=\"464\"\/><\/figure><\/div>\n\n\n\n<div class=\"wp-block-image\"><figure class=\"aligncenter is-resized\"><img loading=\"lazy\" decoding=\"async\" data-attachment-id=\"5029\" data-permalink=\"https:\/\/patrimoine-avesnois.fr\/chemin\/villereau\/img_4917-768x1024\/\" data-orig-file=\"https:\/\/i0.wp.com\/patrimoine-avesnois.fr\/chemin\/wp-content\/uploads\/2019\/05\/IMG_4917-768x1024.jpg?fit=768%2C1024&amp;ssl=1\" data-orig-size=\"768,1024\" data-comments-opened=\"1\" data-image-meta=\"{&quot;aperture&quot;:&quot;2.2&quot;,&quot;credit&quot;:&quot;&quot;,&quot;camera&quot;:&quot;iPhone SE&quot;,&quot;caption&quot;:&quot;&quot;,&quot;created_timestamp&quot;:&quot;1537719563&quot;,&quot;copyright&quot;:&quot;&quot;,&quot;focal_length&quot;:&quot;4.15&quot;,&quot;iso&quot;:&quot;25&quot;,&quot;shutter_speed&quot;:&quot;0.00087108013937282&quot;,&quot;title&quot;:&quot;&quot;,&quot;orientation&quot;:&quot;1&quot;}\" data-image-title=\"IMG_4917-768&amp;#215;1024\" data-image-description=\"\" data-image-caption=\"\" data-large-file=\"https:\/\/i0.wp.com\/patrimoine-avesnois.fr\/chemin\/wp-content\/uploads\/2019\/05\/IMG_4917-768x1024.jpg?fit=768%2C1024&amp;ssl=1\" src=\"https:\/\/i1.wp.com\/patrimoine-avesnois.fr\/chemin\/wp-content\/uploads\/2019\/05\/IMG_4917-768x1024.jpg?fit=768%2C1024\" alt=\"\" class=\"wp-image-5029\" width=\"384\" height=\"511\" srcset=\"https:\/\/i0.wp.com\/patrimoine-avesnois.fr\/chemin\/wp-content\/uploads\/2019\/05\/IMG_4917-768x1024.jpg?resize=768%2C1024&amp;ssl=1 768w, https:\/\/i0.wp.com\/patrimoine-avesnois.fr\/chemin\/wp-content\/uploads\/2019\/05\/IMG_4917-768x1024.jpg?resize=225%2C300&amp;ssl=1 225w\" sizes=\"auto, (max-width: 384px) 85vw, 384px\" \/><figcaption><em>Oratoire N.D des Afflig\u00e9s et St Sylvestre (1822)<\/em>  <br>En provenance de Beaurepaire-sur-Sambre il fut d\u00e9plac\u00e9 en ao\u00fbt 2017 \u00e0 Villereau, Rue de la Burie. <\/figcaption><\/figure><\/div>\n\n\n\n<div class=\"wp-block-image\"><figure class=\"aligncenter is-resized\"><img data-recalc-dims=\"1\" loading=\"lazy\" decoding=\"async\" src=\"https:\/\/i0.wp.com\/oratoiresetchapelles-avesnois.fr\/wp-content\/uploads\/2017\/01\/Chapelle-Dupont-1-768x1024.jpg?resize=384%2C512\" alt=\"Chapelle Dupont (1878)\" class=\"wp-image-1490\" width=\"384\" height=\"512\"\/><figcaption>Chapelle Dupont (1878)<\/figcaption><\/figure><\/div>\n\n\n\n<p>Cette chapelle au 139 rue Berlandois a \u00e9t\u00e9 \u00e9rig\u00e9e par Henriette Dupont et sa famille en l\u2019an 1878. Henriette Dupont est n\u00e9e \u00e0 Villereau &nbsp;le 21 Novembre 1835 fille de Charles et d\u2019Henriette Delhaye, cultivateurs. Elle s\u2019est mari\u00e9e le 12 mai 1852 \u00e0 F\u00e9lix Deparis. &nbsp;Elle est d\u00e9c\u00e9d\u00e9e le 22 juillet 1905 en sa demeure hameau d\u2019Herbignies, rue Berlandois.<\/p>\n\n\n\n<div class=\"wp-block-image\"><figure class=\"aligncenter is-resized\"><img data-recalc-dims=\"1\" loading=\"lazy\" decoding=\"async\" src=\"https:\/\/i0.wp.com\/oratoiresetchapelles-avesnois.fr\/wp-content\/uploads\/2017\/01\/N.D-du-Bon-Secours-768x1024.jpg?resize=384%2C512\" alt=\"Chapelle N.D du Bon Secours (1928)\" class=\"wp-image-1483\" width=\"384\" height=\"512\"\/><figcaption>Chapelle N.D du Bon Secours (1928)<\/figcaption><\/figure><\/div>\n\n\n\n<p>Chapelle en ciment de couleur coquille d\u2019\u0153uf et au toit recouvert de tuiles situ\u00e9e chemin de l\u2019Alouette.<\/p>\n\n\n\n<div class=\"wp-block-image\"><figure class=\"aligncenter is-resized\"><img data-recalc-dims=\"1\" loading=\"lazy\" decoding=\"async\" src=\"https:\/\/i0.wp.com\/oratoiresetchapelles-avesnois.fr\/wp-content\/uploads\/2017\/01\/Chapelle-des-7-Douleurs-1024x784.jpg?resize=650%2C498\" alt=\"Chapelle N.D des Sept Douleurs (1683)\" class=\"wp-image-1481\" width=\"650\" height=\"498\"\/><figcaption>Chapelle N.D des Sept Douleurs (1683)<\/figcaption><\/figure><\/div>\n\n\n\n<p>Cette chapelle est d\u00e9di\u00e9e \u00e0 N.D des Sept Douleurs. Elle a \u00e9t\u00e9 construite en 1683. Son emplacement se situe 35 ruelle Bataille. Elle est devenue par la suite le&nbsp;ch\u0153ur &nbsp;d\u2019un nouvel \u00e9difice, \u00e0 savoir l\u2019\u00e9glise d\u2019Herbignies. Au sommet du clocher flambant neuf se dresse un joli coq. Son c\u0153ur date du XVII \u00e8me si\u00e8cle en lien avec l\u2019abbaye d\u2019Hautmont. Sur les murs lat\u00e9raux de cet \u00e9difice, quatre panneaux peints illustrent des \u00e9pisodes de la vie de la Vierge. (Peintre Brun\u2013 1930). <\/p>\n\n\n\n<p class=\"has-text-align-center\">***<\/p>\n\n\n\n<div class=\"wp-block-image\"><figure class=\"aligncenter is-resized\"><img data-recalc-dims=\"1\" loading=\"lazy\" decoding=\"async\" data-attachment-id=\"207\" data-permalink=\"https:\/\/patrimoine-avesnois.fr\/chemin\/bavay\/capture3-6\/\" data-orig-file=\"https:\/\/i0.wp.com\/patrimoine-avesnois.fr\/chemin\/wp-content\/uploads\/2019\/03\/Capture3-5.png?fit=871%2C653&amp;ssl=1\" data-orig-size=\"871,653\" data-comments-opened=\"1\" data-image-meta=\"{&quot;aperture&quot;:&quot;0&quot;,&quot;credit&quot;:&quot;&quot;,&quot;camera&quot;:&quot;&quot;,&quot;caption&quot;:&quot;&quot;,&quot;created_timestamp&quot;:&quot;0&quot;,&quot;copyright&quot;:&quot;&quot;,&quot;focal_length&quot;:&quot;0&quot;,&quot;iso&quot;:&quot;0&quot;,&quot;shutter_speed&quot;:&quot;0&quot;,&quot;title&quot;:&quot;&quot;,&quot;orientation&quot;:&quot;0&quot;}\" data-image-title=\"Capture3\" data-image-description=\"\" data-image-caption=\"\" data-large-file=\"https:\/\/i0.wp.com\/patrimoine-avesnois.fr\/chemin\/wp-content\/uploads\/2019\/03\/Capture3-5.png?fit=840%2C630&amp;ssl=1\" src=\"https:\/\/i0.wp.com\/www.moulins-avesnois.fr\/wp-content\/uploads\/2017\/11\/Villereau.png?resize=637%2C531\" alt=\"\" class=\"wp-image-207\" width=\"637\" height=\"531\"\/><figcaption>Le moulin de Villereau<\/figcaption><\/figure><\/div>\n\n\n\n<p>Sur ce territoire la Rhonelle passe sous un ancien moulin ayant appartenu au domaine royal appel\u00e9 le moulin de Lorgnies. En 1451 il est d\u00e9j\u00e0 fait mention d\u2019un moulin \u00e0 farine et d\u2019un tordoir appartenant au duc de Bourgogne Philippe III le Bon.<\/p>\n\n\n\n<div class=\"wp-block-image\"><figure class=\"aligncenter is-resized\"><img data-recalc-dims=\"1\" loading=\"lazy\" decoding=\"async\" data-attachment-id=\"209\" data-permalink=\"https:\/\/patrimoine-avesnois.fr\/chemin\/bavay\/capture4-8\/\" data-orig-file=\"https:\/\/i0.wp.com\/patrimoine-avesnois.fr\/chemin\/wp-content\/uploads\/2019\/03\/Capture4-7.png?fit=400%2C532&amp;ssl=1\" data-orig-size=\"400,532\" data-comments-opened=\"1\" data-image-meta=\"{&quot;aperture&quot;:&quot;0&quot;,&quot;credit&quot;:&quot;&quot;,&quot;camera&quot;:&quot;&quot;,&quot;caption&quot;:&quot;&quot;,&quot;created_timestamp&quot;:&quot;0&quot;,&quot;copyright&quot;:&quot;&quot;,&quot;focal_length&quot;:&quot;0&quot;,&quot;iso&quot;:&quot;0&quot;,&quot;shutter_speed&quot;:&quot;0&quot;,&quot;title&quot;:&quot;&quot;,&quot;orientation&quot;:&quot;0&quot;}\" data-image-title=\"Capture4\" data-image-description=\"\" data-image-caption=\"\" data-large-file=\"https:\/\/i0.wp.com\/patrimoine-avesnois.fr\/chemin\/wp-content\/uploads\/2019\/03\/Capture4-7.png?fit=400%2C532&amp;ssl=1\" src=\"https:\/\/i0.wp.com\/www.moulins-avesnois.fr\/wp-content\/uploads\/2017\/11\/Villereau-Lorgnies.jpg?resize=644%2C563\" alt=\"\" class=\"wp-image-209\" width=\"644\" height=\"563\"\/><figcaption>Plan du moulin de Lorgnies en 1828<\/figcaption><\/figure><\/div>\n\n\n\n<p>Le moulin \u00e0 bl\u00e9 est encore attest\u00e9 en 1631, 1698 et en 1712 o\u00f9 il est int\u00e9gr\u00e9 dans les lignes de l\u2019arm\u00e9e d\u2019investissement du Quesnoy. A cette date, il est offert \u00e0 la famille de Valory, laquelle a permis la reconqu\u00eate de la ville. (Source&nbsp;: Moulins en Avesnois de Claude Lompret et de J\u00e9r\u00f4me Chr\u00e9tien Editions Makit).<\/p>\n\n\n\n<p>Le moulin appartenant au roi, successeur des ducs de Bourgogne et comtes de Flandre fut vendu comme bien national le 28 mars 1797 \u00e0 Fran\u00e7ois Joseph G\u00e9rin, commissaire de district \u00e0 Bavay. Cette vente semble porter sur la moiti\u00e9 du bien car l\u2019autre partie appartenait d\u00e9j\u00e0 en 1796 \u00e0 Fran\u00e7ois Gossaux. Il appartint ensuite partiellement \u00e0 Fran\u00e7ois Joseph Bois \u00e9poux de Marie Th\u00e9r\u00e8se Delsart jusqu\u2019en 1810 puis \u00e0 ses h\u00e9ritiers pour le quart. Puis Benoit Cossiaux \u00e9poux d\u2019Emilie Luez en fut le propri\u00e9taire (cadastre de 1826). Le samedi 9 septembre 1856 un incendie \u00e9clata dans la grange, d\u00e9pendance de la maison d\u2019habitation du meunier et cultivateur Fran\u00e7ois Lancel. Un ancien ouvrier Auguste Joseph Rebert avait mis volontairement le feu par vengeance. (Journal L\u2019Observateur du 11\/09\/1856). Il fut condamn\u00e9 \u00e0 la r\u00e9clusion \u00e0 perp\u00e9tuit\u00e9.<\/p>\n\n\n\n<p>En 1895 le meunier s\u2019appelait M Mouillez mais la propri\u00e9taire n\u00e9e Motte Marie L\u00e9onide C\u00e9lina 1854 1905 est la veuve de Charles Lustremant notaire au Quesnoy 1841 1887 .<\/p>\n\n\n\n<p>Le moulin avait deux roues par-dessus que les Allemands pendant la premi\u00e8re guerre mondiale d\u00e9truisirent. Il appartenait \u00e0 cette date \u00e0 Bruant Lustremant, militaire au Quesnoy.<\/p>\n\n\n\n<p>Il devint en suite une cidrerie appartenant \u00e0 Eug\u00e8ne Taquet Thierry puis \u00e0 son fils Eug\u00e8ne Taquet Leli\u00e8vre, fabricant de cidre et marchand de fruits \u00e0 Lorgnies en 1946. Les b\u00e2timents organis\u00e9s en L sont encore existants.<\/p>\n\n\n\n<p class=\"has-text-align-center\">***<\/p>\n\n\n\n<p>La Ferme d&rsquo;Odrimont :<\/p>\n\n\n\n<div class=\"wp-block-image\"><figure class=\"aligncenter is-resized\"><img loading=\"lazy\" decoding=\"async\" data-attachment-id=\"5041\" data-permalink=\"https:\/\/patrimoine-avesnois.fr\/chemin\/villereau\/image-798\/\" data-orig-file=\"https:\/\/i0.wp.com\/patrimoine-avesnois.fr\/chemin\/wp-content\/uploads\/2019\/05\/image-323.png?fit=1060%2C787&amp;ssl=1\" data-orig-size=\"1060,787\" data-comments-opened=\"1\" data-image-meta=\"{&quot;aperture&quot;:&quot;0&quot;,&quot;credit&quot;:&quot;&quot;,&quot;camera&quot;:&quot;&quot;,&quot;caption&quot;:&quot;&quot;,&quot;created_timestamp&quot;:&quot;0&quot;,&quot;copyright&quot;:&quot;&quot;,&quot;focal_length&quot;:&quot;0&quot;,&quot;iso&quot;:&quot;0&quot;,&quot;shutter_speed&quot;:&quot;0&quot;,&quot;title&quot;:&quot;&quot;,&quot;orientation&quot;:&quot;0&quot;}\" data-image-title=\"image\" data-image-description=\"\" data-image-caption=\"\" data-large-file=\"https:\/\/i0.wp.com\/patrimoine-avesnois.fr\/chemin\/wp-content\/uploads\/2019\/05\/image-323.png?fit=840%2C623&amp;ssl=1\" src=\"https:\/\/i1.wp.com\/patrimoine-avesnois.fr\/chemin\/wp-content\/uploads\/2019\/05\/image-323.png?fit=840%2C623\" alt=\"\" class=\"wp-image-5041\" width=\"655\" height=\"488\"\/><figcaption><em>ADN P 31\/790 Cadastre de Villereau en 1826<\/em> (Section Villereau)<\/figcaption><\/figure><\/div>\n\n\n\n<p>Au manoir disparu appel\u00e9 le manoir d\u2019Odrimont, aux origines moyen\u00e2geuses, correspond aujourd\u2019hui l\u2019emplacement d\u2019une importante ferme dont plusieurs b\u00e2timents comportent des \u00e9l\u00e9ments remploy\u00e9s du manoir (pan de mur, ouvertures, blason du XVIe si\u00e8cle).<\/p>\n\n\n\n<div class=\"wp-block-image\"><figure class=\"aligncenter is-resized\"><img loading=\"lazy\" decoding=\"async\" src=\"https:\/\/i0.wp.com\/patrimoine-avesnois.fr\/censes\/wp-content\/uploads\/2019\/02\/Capture-66.png?w=840\" alt=\"L\u00e2\u0080\u0099attribut alt de cette image est vide, son nom de fichier est Capture-66.png.\" width=\"589\" height=\"393\"\/><\/figure><\/div>\n\n\n\n<p>La fa\u00e7ade de la grange donnant sur la cour de ferme poss\u00e8de encore des ouvertures et un blason du XVI e si\u00e8cle. Le b\u00e2timent du fond garde ses ouvertures des XV et XVI e si\u00e8cles et des meurtri\u00e8res.<\/p>\n\n\n\n<div class=\"wp-block-image\"><figure class=\"aligncenter is-resized\"><img loading=\"lazy\" decoding=\"async\" data-attachment-id=\"5045\" data-permalink=\"https:\/\/patrimoine-avesnois.fr\/chemin\/villereau\/capture-118\/\" data-orig-file=\"https:\/\/i0.wp.com\/patrimoine-avesnois.fr\/chemin\/wp-content\/uploads\/2019\/05\/Capture-76.jpg?fit=1312%2C802&amp;ssl=1\" data-orig-size=\"1312,802\" data-comments-opened=\"1\" data-image-meta=\"{&quot;aperture&quot;:&quot;0&quot;,&quot;credit&quot;:&quot;CARRE&quot;,&quot;camera&quot;:&quot;&quot;,&quot;caption&quot;:&quot;&quot;,&quot;created_timestamp&quot;:&quot;1559226179&quot;,&quot;copyright&quot;:&quot;&quot;,&quot;focal_length&quot;:&quot;0&quot;,&quot;iso&quot;:&quot;0&quot;,&quot;shutter_speed&quot;:&quot;0&quot;,&quot;title&quot;:&quot;&quot;,&quot;orientation&quot;:&quot;0&quot;}\" data-image-title=\"Capture\" data-image-description=\"\" data-image-caption=\"\" data-large-file=\"https:\/\/i0.wp.com\/patrimoine-avesnois.fr\/chemin\/wp-content\/uploads\/2019\/05\/Capture-76.jpg?fit=840%2C514&amp;ssl=1\" src=\"https:\/\/i1.wp.com\/patrimoine-avesnois.fr\/chemin\/wp-content\/uploads\/2019\/05\/Capture-76.jpg?fit=840%2C514\" alt=\"\" class=\"wp-image-5045\" width=\"630\" height=\"385\" srcset=\"https:\/\/i0.wp.com\/patrimoine-avesnois.fr\/chemin\/wp-content\/uploads\/2019\/05\/Capture-76.jpg?w=1312&amp;ssl=1 1312w, https:\/\/i0.wp.com\/patrimoine-avesnois.fr\/chemin\/wp-content\/uploads\/2019\/05\/Capture-76.jpg?resize=300%2C183&amp;ssl=1 300w, https:\/\/i0.wp.com\/patrimoine-avesnois.fr\/chemin\/wp-content\/uploads\/2019\/05\/Capture-76.jpg?resize=768%2C469&amp;ssl=1 768w, https:\/\/i0.wp.com\/patrimoine-avesnois.fr\/chemin\/wp-content\/uploads\/2019\/05\/Capture-76.jpg?resize=1024%2C626&amp;ssl=1 1024w, https:\/\/i0.wp.com\/patrimoine-avesnois.fr\/chemin\/wp-content\/uploads\/2019\/05\/Capture-76.jpg?resize=1200%2C734&amp;ssl=1 1200w\" sizes=\"auto, (max-width: 630px) 85vw, 630px\" \/><\/figure><\/div>\n\n\n\n<p>L\u2019ext\u00e9rieur de ce b\u00e2timent est \u00e0 rapprocher du corps de logis visible sur l\u2019album de Cro\u00ff. A la place de la tour de guet, la maison de la ferme a trouv\u00e9 sa place.<\/p>\n\n\n\n<p class=\"has-text-align-center\">***<\/p>\n\n\n\n<p>La ferme d&rsquo;Herbignies :<\/p>\n\n\n\n<p>La Cense d\u2019Herbignies d\u00e9pendait de l\u2019abbaye d\u2019Hautmont. En 1762, le censier \u00e9tait Thomas Brasselet, successeur de la veuve Wibail. Un document aux Archives d\u00e9partementales nous indique que lors de l\u2019adjudication de la cense en 1792, un d\u00e9nomm\u00e9 Montay fut subrog\u00e9 \u00e0 un appel\u00e9 Paret (ADN 1 Q 1201).<\/p>\n\n\n\n<div class=\"wp-block-image\"><figure class=\"aligncenter\"><img decoding=\"async\" src=\"https:\/\/i0.wp.com\/patrimoine-avesnois.fr\/censes\/wp-content\/uploads\/2019\/02\/Capture-56.png?w=840\" alt=\"\" class=\"wp-image-126\"\/><figcaption>ADN P 31\/790 Cadastre de Villereau en 1826 (Section Herbignies)<\/figcaption><\/figure><\/div>\n\n\n\n<div class=\"wp-block-image\"><figure class=\"aligncenter is-resized\"><img loading=\"lazy\" decoding=\"async\" src=\"https:\/\/i2.wp.com\/patrimoine-avesnois.fr\/censes\/wp-content\/uploads\/2019\/02\/Capture-57.png?w=840\" alt=\"\" class=\"wp-image-127\" width=\"655\" height=\"436\"\/><\/figure><\/div>\n\n\n\n<div class=\"wp-block-image\"><figure class=\"aligncenter\"><img decoding=\"async\" src=\"https:\/\/i0.wp.com\/patrimoine-avesnois.fr\/censes\/wp-content\/uploads\/2019\/02\/Capture-58.png?w=840\" alt=\"\" class=\"wp-image-128\"\/><figcaption>Ferme d\u2019Herbignies<a href=\"https:\/\/www.google.fr\/maps\/place\/59530+Villereau\/@50.2438825,3.6923241,286a,35y,92.34h,44.92t\/data=!3m1!1e3!4m5!3m4!1s0x47c28baa88b05b1b:0x40af13e81645310!8m2!3d50.256161!4d3.665206\" target=\"_blank\" rel=\"noreferrer noopener\" aria-label=\" (opens in a new tab)\">&nbsp;Ruelle Bataille<\/a><\/figcaption><\/figure><\/div>\n\n\n\n<p class=\"has-text-align-center\">***<\/p>\n\n\n\n<p>Le Moulin d&rsquo;Herbignies :<\/p>\n\n\n\n<p>Le moulin appartenait \u00e0 la Cense d\u2019Herbignies, biens d\u00e9pendant de l\u2019abbaye d\u2019Hautmont.<\/p>\n\n\n\n<p>La construction actuelle doit remonter au d\u00e9but de la R\u00e9volution. Elle appartenait alors \u00e0 Emmanuel Duwoz, juge au tribunal du Quesnoy, qui la vendit le 28 mai 1795 \u00e0 Jean Baptiste Bernier de Salesches. Elle passa ensuite entre les mains de Marc Philippe Haca mari\u00e9 \u00e0 Aim\u00e9e Th\u00e9r\u00e8se J\u00e9nicq qui effectua le 6 octobre 1803 la vente de 6\/7 du moulin \u00e0 son fr\u00e8re Charles Haca mari\u00e9 \u00e0 Nathalie Bouly. Ce dernier d\u00e9c\u00e9da \u00e0 Villereau le 9 mai 1832.<\/p>\n\n\n\n<p>Les meuniers successifs furent ensuite Jean Joseph Delette puis en 1847 sa veuve Marie Joseph Dupont, puis en 1854 leur beau fils Emile Bureau. En 1868 le moulin \u00e9tait la propri\u00e9t\u00e9 d\u2019Anicet Dutrieux, cultivateur mari\u00e9 \u00e0 Virginie Caroline Lussier puis en 1875 \u00e0 leur fils Ren\u00e9 1845 1913, meunier de profession, mari\u00e9 en 1878 \u00e0 Ana\u00efs Anastasie Dazin. Le moulin br\u00fbla vers 1890 mais il fut restaur\u00e9. Apr\u00e8s la premi\u00e8re guerre mondiale, le moulin ne fonctionnait d\u00e9j\u00e0 plus et Octave Dupont occupa la b\u00e2tisse et rempla\u00e7a le toit de chaume par des pannes. D\u00e8s 1926 Marcel Richard y r\u00e9sida en tant que cultivateur. Il essaya en vain de remettre le moulin en route pour faire de l\u2019\u00e9lectricit\u00e9. Sa fille Madeleine lui succ\u00e9da. Les vannes du moulin disparaiss\u00e8rent vers 1940.<\/p>\n\n\n\n<p class=\"has-text-align-center\">***<\/p>\n\n\n\n<p><a rel=\"noreferrer noopener\" aria-label=\"La ferme du Lion (opens in a new tab)\" href=\"http:\/\/lafermedulion.fr\/\" target=\"_blank\">La ferme du Lion<\/a> : un espace culturel et touristique<\/p>\n\n\n\n<div class=\"wp-block-image\"><figure class=\"aligncenter is-resized\"><img data-recalc-dims=\"1\" loading=\"lazy\" decoding=\"async\" src=\"https:\/\/i0.wp.com\/www.canalfm.fr\/upload\/medias\/Plan%20du%20jardin.jpg?resize=667%2C439&#038;ssl=1\" alt=\"\" width=\"667\" height=\"439\"\/><figcaption> Le projet (au 1er mars 2017 &#8211; plan @VincentGuffroy) <\/figcaption><\/figure><\/div>\n\n\n\n<div class=\"wp-block-image\"><figure class=\"aligncenter is-resized\"><img data-recalc-dims=\"1\" loading=\"lazy\" decoding=\"async\" src=\"https:\/\/i0.wp.com\/lvdneng.rosselcdn.net\/sites\/default\/files\/dpistyles_v2\/ena_16_9_extra_big\/2018\/09\/10\/node_446282\/39722918\/public\/2018\/09\/10\/B9716878716Z.1_20180910165548_000%2BGVOC0CRSV.1-0.jpg?resize=675%2C380&#038;ssl=1\" alt=\"Le jardin \u00c3\u00a0 la fran\u00c3\u00a7aise de la ferme du Lion vu du ciel.\" width=\"675\" height=\"380\"\/><figcaption>Cr\u00e9ation d&rsquo;un jardin \u00e0 la fran\u00e7aise \u00e0 la ferme du Lion, ancien corps de ferme r\u00e9habilit\u00e9 en 2016 en association culturelle. Photo  Ren\u00e9 Harbonnier 10\/09\/2018 <\/figcaption><\/figure><\/div>\n\n\n\n<p> Ce projet hors norme de jardin \u00e0 la fran\u00e7aise sera compl\u00e9t\u00e9 par une offre touristique, sous la forme d&rsquo;un g\u00eete.  <\/p>\n\n\n\n<div class=\"wp-block-image\"><figure class=\"aligncenter is-resized\"><img data-recalc-dims=\"1\" loading=\"lazy\" decoding=\"async\" src=\"https:\/\/i0.wp.com\/lvdneng.rosselcdn.net\/sites\/default\/files\/dpistyles_v2\/ena_16_9_extra_big\/2018\/08\/11\/node_430820\/39670529\/public\/2018\/08\/11\/B9716592284Z.1_20180811103617_000%2BGEUBRAUUG.1-0.jpg?resize=704%2C396&#038;ssl=1\" alt=\"Villereau-Bourg vu d'en haut.\" width=\"704\" height=\"396\"\/><figcaption>Vue a\u00e9rienne de Villereau. Photo Ren\u00e9 Harbonnier 11\/08\/2018<\/figcaption><\/figure><\/div>\n","protected":false},"excerpt":{"rendered":"<p>Villereau est un village en contrebas de la route Berlaimont Valenciennes, b\u00e2ti dans la vall\u00e9e encaiss\u00e9e de la Rhonelle. Il fut donn\u00e9 en 1064 \u00e0 l&rsquo;abbaye du Saint S\u00e9pulcre de Cambrai, par l&rsquo;\u00e9v\u00eaque Liebert. En 1161, on le trouve sous le nom&nbsp;de Villerel, lorsque les moines de l\u2019Abbaye c\u00e9d\u00e8rent au comte de Hainaut Bauduin IV &hellip; <a href=\"https:\/\/patrimoine-avesnois.fr\/chemin\/villereau\/\" class=\"more-link\">Continuer la lecture<span class=\"screen-reader-text\"> de &laquo;&nbsp;Villereau&nbsp;&raquo;<\/span><\/a><\/p>\n","protected":false},"author":2,"featured_media":0,"parent":0,"menu_order":0,"comment_status":"closed","ping_status":"closed","template":"","meta":{"jetpack_post_was_ever_published":false,"footnotes":""},"class_list":["post-4997","page","type-page","status-publish","hentry"],"jetpack_sharing_enabled":true,"jetpack_shortlink":"https:\/\/wp.me\/PaOEkN-1iB","jetpack-related-posts":[],"_links":{"self":[{"href":"https:\/\/patrimoine-avesnois.fr\/chemin\/wp-json\/wp\/v2\/pages\/4997","targetHints":{"allow":["GET"]}}],"collection":[{"href":"https:\/\/patrimoine-avesnois.fr\/chemin\/wp-json\/wp\/v2\/pages"}],"about":[{"href":"https:\/\/patrimoine-avesnois.fr\/chemin\/wp-json\/wp\/v2\/types\/page"}],"author":[{"embeddable":true,"href":"https:\/\/patrimoine-avesnois.fr\/chemin\/wp-json\/wp\/v2\/users\/2"}],"replies":[{"embeddable":true,"href":"https:\/\/patrimoine-avesnois.fr\/chemin\/wp-json\/wp\/v2\/comments?post=4997"}],"version-history":[{"count":0,"href":"https:\/\/patrimoine-avesnois.fr\/chemin\/wp-json\/wp\/v2\/pages\/4997\/revisions"}],"wp:attachment":[{"href":"https:\/\/patrimoine-avesnois.fr\/chemin\/wp-json\/wp\/v2\/media?parent=4997"}],"curies":[{"name":"wp","href":"https:\/\/api.w.org\/{rel}","templated":true}]}}