{"id":5142,"date":"2019-06-02T12:27:15","date_gmt":"2019-06-02T10:27:15","guid":{"rendered":"http:\/\/patrimoine-avesnois.fr\/chemin\/?page_id=5142"},"modified":"2023-08-26T09:28:36","modified_gmt":"2023-08-26T07:28:36","slug":"vieux-mesnil","status":"publish","type":"page","link":"https:\/\/patrimoine-avesnois.fr\/chemin\/vieux-mesnil\/","title":{"rendered":"Vieux-Mesnil"},"content":{"rendered":"<div class=\"wp-block-image\">\n<figure class=\"aligncenter is-resized\"><img data-recalc-dims=\"1\" loading=\"lazy\" decoding=\"async\" data-attachment-id=\"5176\" data-permalink=\"https:\/\/patrimoine-avesnois.fr\/chemin\/vieux-mesnil\/302_001-3\/\" data-orig-file=\"https:\/\/i0.wp.com\/patrimoine-avesnois.fr\/chemin\/wp-content\/uploads\/2019\/06\/302_001-2.jpg?fit=897%2C562&amp;ssl=1\" data-orig-size=\"897,562\" data-comments-opened=\"1\" data-image-meta=\"{&quot;aperture&quot;:&quot;0&quot;,&quot;credit&quot;:&quot;&quot;,&quot;camera&quot;:&quot;&quot;,&quot;caption&quot;:&quot;&quot;,&quot;created_timestamp&quot;:&quot;1559467072&quot;,&quot;copyright&quot;:&quot;&quot;,&quot;focal_length&quot;:&quot;0&quot;,&quot;iso&quot;:&quot;0&quot;,&quot;shutter_speed&quot;:&quot;0&quot;,&quot;title&quot;:&quot;&quot;,&quot;orientation&quot;:&quot;1&quot;}\" data-image-title=\"302_001\" data-image-description=\"\" data-image-caption=\"\" data-large-file=\"https:\/\/i0.wp.com\/patrimoine-avesnois.fr\/chemin\/wp-content\/uploads\/2019\/06\/302_001-2.jpg?fit=840%2C526&amp;ssl=1\" src=\"https:\/\/i0.wp.com\/patrimoine-avesnois.fr\/chemin\/wp-content\/uploads\/2019\/06\/302_001-2.jpg?resize=673%2C422\" alt=\"\" class=\"wp-image-5176\" style=\"width:673px;height:422px\" width=\"673\" height=\"422\" srcset=\"https:\/\/i0.wp.com\/patrimoine-avesnois.fr\/chemin\/wp-content\/uploads\/2019\/06\/302_001-2.jpg?w=897&amp;ssl=1 897w, https:\/\/i0.wp.com\/patrimoine-avesnois.fr\/chemin\/wp-content\/uploads\/2019\/06\/302_001-2.jpg?resize=300%2C188&amp;ssl=1 300w, https:\/\/i0.wp.com\/patrimoine-avesnois.fr\/chemin\/wp-content\/uploads\/2019\/06\/302_001-2.jpg?resize=768%2C481&amp;ssl=1 768w\" sizes=\"auto, (max-width: 673px) 85vw, 673px\" \/><figcaption class=\"wp-element-caption\"><em>Vieux-Mesnil Rue de l&rsquo;Eglise<\/em> <\/figcaption><\/figure>\n<\/div>\n\n<div class=\"wp-block-image\">\n<figure class=\"aligncenter is-resized\"><img data-recalc-dims=\"1\" loading=\"lazy\" decoding=\"async\" data-attachment-id=\"5147\" data-permalink=\"https:\/\/patrimoine-avesnois.fr\/chemin\/vieux-mesnil\/capture-124\/\" data-orig-file=\"https:\/\/i0.wp.com\/patrimoine-avesnois.fr\/chemin\/wp-content\/uploads\/2019\/06\/Capture-2.jpg?fit=551%2C400&amp;ssl=1\" data-orig-size=\"551,400\" data-comments-opened=\"1\" data-image-meta=\"{&quot;aperture&quot;:&quot;0&quot;,&quot;credit&quot;:&quot;CARRE&quot;,&quot;camera&quot;:&quot;&quot;,&quot;caption&quot;:&quot;&quot;,&quot;created_timestamp&quot;:&quot;1559467015&quot;,&quot;copyright&quot;:&quot;&quot;,&quot;focal_length&quot;:&quot;0&quot;,&quot;iso&quot;:&quot;0&quot;,&quot;shutter_speed&quot;:&quot;0&quot;,&quot;title&quot;:&quot;&quot;,&quot;orientation&quot;:&quot;0&quot;}\" data-image-title=\"Capture\" data-image-description=\"\" data-image-caption=\"\" data-large-file=\"https:\/\/i0.wp.com\/patrimoine-avesnois.fr\/chemin\/wp-content\/uploads\/2019\/06\/Capture-2.jpg?fit=551%2C400&amp;ssl=1\" src=\"https:\/\/i0.wp.com\/patrimoine-avesnois.fr\/chemin\/wp-content\/uploads\/2019\/06\/Capture-2.jpg?resize=673%2C487\" alt=\"\" class=\"wp-image-5147\" style=\"width:673px;height:487px\" width=\"673\" height=\"487\" srcset=\"https:\/\/i0.wp.com\/patrimoine-avesnois.fr\/chemin\/wp-content\/uploads\/2019\/06\/Capture-2.jpg?w=551&amp;ssl=1 551w, https:\/\/i0.wp.com\/patrimoine-avesnois.fr\/chemin\/wp-content\/uploads\/2019\/06\/Capture-2.jpg?resize=300%2C218&amp;ssl=1 300w\" sizes=\"auto, (max-width: 673px) 85vw, 673px\" \/><figcaption class=\"wp-element-caption\">Vieux-Mesnil<\/figcaption><\/figure>\n<\/div>\n\n\n<p><br>L\u2019acte le plus ancien mentionnant l\u2019existence de Vieux-Mesnil date de 1180 : Jacques,Seigneur d\u2019Avesnes et avou\u00e9 de l\u2019Abbaye d\u2019Hautmont ratifie un arrangement entre cette abbaye et le seigneur d\u2019Hargnies.  <br>Vieux-Mesnil formait avec le hameau de Manissart et le village d&rsquo;Hargnies une paroisse de la collation de l&rsquo;abbaye Saint-Pierre d&rsquo;Hautmont. En 1791  Vieux-Mesnil d\u00e9pendit de la paroisse de Boussi\u00e8res. En 1846 l&rsquo;inverse se produisit.  <\/p>\n\n\n\n<p>Au d\u00e9but du XVII e si\u00e8cle, sous l&rsquo;abbatiat de Gaspard Hanot, l&rsquo;abbaye d&rsquo;Hautmont effectua de nombreuses acquisitions au hameau de Manissart. Le 28 juillet 1789 les paysans manifest\u00e8rent avec v\u00e9h\u00e9mence contre l&rsquo;abbaye d&rsquo;Hautmont. Juillet 1792 vit des d\u00e9vastations occasionn\u00e9es par le passage des troupes autrichiennes tandis qu&rsquo;en 1794 les Fran\u00e7ais br\u00fbl\u00e8rent le ch\u00e2teau.<\/p>\n\n\n<div class=\"wp-block-image\">\n<figure class=\"aligncenter is-resized\"><img loading=\"lazy\" decoding=\"async\" src=\"https:\/\/upload.wikimedia.org\/wikipedia\/commons\/thumb\/2\/2b\/Vieux-Mesnil_%28Nord%2C_Fr%29_%C3%A9glise%2C_fa%C3%A7ade.JPG\/800px-Vieux-Mesnil_%28Nord%2C_Fr%29_%C3%A9glise%2C_fa%C3%A7ade.JPG\" alt=\"\" style=\"width:466px;height:622px\" width=\"466\" height=\"622\"\/><figcaption class=\"wp-element-caption\">L&rsquo;\u00e9glise Saint-Martin <\/figcaption><\/figure>\n<\/div>\n\n\n<p>L&rsquo;\u00e9glise actuelle a \u00e9t\u00e9 construite de 1852 \u00e0 1855 (d\u00e9cision prise le 6 mai 1852 et r\u00e9ception des travaux le 3 d\u00e9cembre 1855 par M. Fievet, Architecte \u00e0 Avesnes et par l&rsquo;Abb\u00e9 Boitiaux). Les travaux ont \u00e9t\u00e9 ex\u00e9cut\u00e9s par M Delahaye de Feignies et M Marchipont de La Longueville, entrepreneurs pour un montant de 20 000 francs. L&rsquo;ancienne \u00e9glise qui tombait en ruines se situait \u00e0 &nbsp;l&#8217;emplacement de l&rsquo;actuel cimeti\u00e8re. Ses mat\u00e9riaux ont servi \u00e0 la construction de la nouvelle. <\/p>\n\n\n\n<p>Tout savoir sur cette \u00e9glise en consultant <a href=\"https:\/\/vieuxmesnil-hargnies.pagesperso-orange.fr\/VIEUXMESNILETSONEGLISEI7.pdf\" data-type=\"link\" data-id=\"https:\/\/vieuxmesnil-hargnies.pagesperso-orange.fr\/VIEUXMESNILETSONEGLISEI7.pdf\">ic<\/a>i le pdf tr\u00e8s bien document\u00e9 r\u00e9alis\u00e9 par l&rsquo;Association M\u00e9moire de Maisnil et d&rsquo;Hargnies, en collaboration avec la Municipalit\u00e9 de Vieux-Mesnil et la Paroisse St Pierre en Bavaisis.<\/p>\n\n\n\n<p>Quelques photos du site :<\/p>\n\n\n\n<figure class=\"wp-block-gallery has-nested-images columns-default is-cropped wp-block-gallery-1 is-layout-flex wp-block-gallery-is-layout-flex\">\n<figure class=\"wp-block-image size-large\"><img data-recalc-dims=\"1\" loading=\"lazy\" decoding=\"async\" width=\"341\" height=\"261\" data-attachment-id=\"5167\" data-permalink=\"https:\/\/patrimoine-avesnois.fr\/chemin\/vieux-mesnil\/capture0-3\/\" data-orig-file=\"https:\/\/i0.wp.com\/patrimoine-avesnois.fr\/chemin\/wp-content\/uploads\/2019\/06\/Capture0-1.jpg?fit=341%2C261&amp;ssl=1\" data-orig-size=\"341,261\" data-comments-opened=\"1\" data-image-meta=\"{&quot;aperture&quot;:&quot;0&quot;,&quot;credit&quot;:&quot;CARRE&quot;,&quot;camera&quot;:&quot;&quot;,&quot;caption&quot;:&quot;&quot;,&quot;created_timestamp&quot;:&quot;1559478142&quot;,&quot;copyright&quot;:&quot;&quot;,&quot;focal_length&quot;:&quot;0&quot;,&quot;iso&quot;:&quot;0&quot;,&quot;shutter_speed&quot;:&quot;0&quot;,&quot;title&quot;:&quot;&quot;,&quot;orientation&quot;:&quot;0&quot;}\" data-image-title=\"Capture0\" data-image-description=\"\" data-image-caption=\"\" data-large-file=\"https:\/\/i0.wp.com\/patrimoine-avesnois.fr\/chemin\/wp-content\/uploads\/2019\/06\/Capture0-1.jpg?fit=341%2C261&amp;ssl=1\" data-id=\"5167\" src=\"https:\/\/i0.wp.com\/patrimoine-avesnois.fr\/chemin\/wp-content\/uploads\/2019\/06\/Capture0-1.jpg?resize=341%2C261&#038;ssl=1\" alt=\"\" class=\"wp-image-5167\" srcset=\"https:\/\/i0.wp.com\/patrimoine-avesnois.fr\/chemin\/wp-content\/uploads\/2019\/06\/Capture0-1.jpg?w=341&amp;ssl=1 341w, https:\/\/i0.wp.com\/patrimoine-avesnois.fr\/chemin\/wp-content\/uploads\/2019\/06\/Capture0-1.jpg?resize=300%2C230&amp;ssl=1 300w\" sizes=\"auto, (max-width: 341px) 85vw, 341px\" \/><\/figure>\n\n\n\n<figure class=\"wp-block-image size-large\"><img data-recalc-dims=\"1\" loading=\"lazy\" decoding=\"async\" width=\"295\" height=\"422\" data-attachment-id=\"5168\" data-permalink=\"https:\/\/patrimoine-avesnois.fr\/chemin\/vieux-mesnil\/capture-126\/\" data-orig-file=\"https:\/\/i0.wp.com\/patrimoine-avesnois.fr\/chemin\/wp-content\/uploads\/2019\/06\/Capture-4.jpg?fit=295%2C422&amp;ssl=1\" data-orig-size=\"295,422\" data-comments-opened=\"1\" data-image-meta=\"{&quot;aperture&quot;:&quot;0&quot;,&quot;credit&quot;:&quot;CARRE&quot;,&quot;camera&quot;:&quot;&quot;,&quot;caption&quot;:&quot;&quot;,&quot;created_timestamp&quot;:&quot;1559478044&quot;,&quot;copyright&quot;:&quot;&quot;,&quot;focal_length&quot;:&quot;0&quot;,&quot;iso&quot;:&quot;0&quot;,&quot;shutter_speed&quot;:&quot;0&quot;,&quot;title&quot;:&quot;&quot;,&quot;orientation&quot;:&quot;0&quot;}\" data-image-title=\"Capture\" data-image-description=\"\" data-image-caption=\"\" data-large-file=\"https:\/\/i0.wp.com\/patrimoine-avesnois.fr\/chemin\/wp-content\/uploads\/2019\/06\/Capture-4.jpg?fit=295%2C422&amp;ssl=1\" data-id=\"5168\" src=\"https:\/\/i0.wp.com\/patrimoine-avesnois.fr\/chemin\/wp-content\/uploads\/2019\/06\/Capture-4.jpg?resize=295%2C422&#038;ssl=1\" alt=\"\" class=\"wp-image-5168\" srcset=\"https:\/\/i0.wp.com\/patrimoine-avesnois.fr\/chemin\/wp-content\/uploads\/2019\/06\/Capture-4.jpg?w=295&amp;ssl=1 295w, https:\/\/i0.wp.com\/patrimoine-avesnois.fr\/chemin\/wp-content\/uploads\/2019\/06\/Capture-4.jpg?resize=210%2C300&amp;ssl=1 210w\" sizes=\"auto, (max-width: 295px) 85vw, 295px\" \/><\/figure>\n\n\n\n<figure class=\"wp-block-image size-large\"><img data-recalc-dims=\"1\" loading=\"lazy\" decoding=\"async\" width=\"233\" height=\"330\" data-attachment-id=\"5169\" data-permalink=\"https:\/\/patrimoine-avesnois.fr\/chemin\/vieux-mesnil\/capture1-46\/\" data-orig-file=\"https:\/\/i0.wp.com\/patrimoine-avesnois.fr\/chemin\/wp-content\/uploads\/2019\/06\/Capture1-1.jpg?fit=233%2C330&amp;ssl=1\" data-orig-size=\"233,330\" data-comments-opened=\"1\" data-image-meta=\"{&quot;aperture&quot;:&quot;0&quot;,&quot;credit&quot;:&quot;CARRE&quot;,&quot;camera&quot;:&quot;&quot;,&quot;caption&quot;:&quot;&quot;,&quot;created_timestamp&quot;:&quot;1559478080&quot;,&quot;copyright&quot;:&quot;&quot;,&quot;focal_length&quot;:&quot;0&quot;,&quot;iso&quot;:&quot;0&quot;,&quot;shutter_speed&quot;:&quot;0&quot;,&quot;title&quot;:&quot;&quot;,&quot;orientation&quot;:&quot;0&quot;}\" data-image-title=\"Capture1\" data-image-description=\"\" data-image-caption=\"\" data-large-file=\"https:\/\/i0.wp.com\/patrimoine-avesnois.fr\/chemin\/wp-content\/uploads\/2019\/06\/Capture1-1.jpg?fit=233%2C330&amp;ssl=1\" data-id=\"5169\" src=\"https:\/\/i0.wp.com\/patrimoine-avesnois.fr\/chemin\/wp-content\/uploads\/2019\/06\/Capture1-1.jpg?resize=233%2C330&#038;ssl=1\" alt=\"\" class=\"wp-image-5169\" srcset=\"https:\/\/i0.wp.com\/patrimoine-avesnois.fr\/chemin\/wp-content\/uploads\/2019\/06\/Capture1-1.jpg?w=233&amp;ssl=1 233w, https:\/\/i0.wp.com\/patrimoine-avesnois.fr\/chemin\/wp-content\/uploads\/2019\/06\/Capture1-1.jpg?resize=212%2C300&amp;ssl=1 212w\" sizes=\"auto, (max-width: 233px) 85vw, 233px\" \/><\/figure>\n<\/figure>\n\n\n<div class=\"wp-block-image\">\n<figure class=\"aligncenter is-resized\"><img loading=\"lazy\" decoding=\"async\" data-attachment-id=\"5148\" data-permalink=\"https:\/\/patrimoine-avesnois.fr\/chemin\/vieux-mesnil\/image-813\/\" data-orig-file=\"https:\/\/i0.wp.com\/patrimoine-avesnois.fr\/chemin\/wp-content\/uploads\/2019\/06\/image-7.png?fit=1092%2C868&amp;ssl=1\" data-orig-size=\"1092,868\" data-comments-opened=\"1\" data-image-meta=\"{&quot;aperture&quot;:&quot;0&quot;,&quot;credit&quot;:&quot;&quot;,&quot;camera&quot;:&quot;&quot;,&quot;caption&quot;:&quot;&quot;,&quot;created_timestamp&quot;:&quot;0&quot;,&quot;copyright&quot;:&quot;&quot;,&quot;focal_length&quot;:&quot;0&quot;,&quot;iso&quot;:&quot;0&quot;,&quot;shutter_speed&quot;:&quot;0&quot;,&quot;title&quot;:&quot;&quot;,&quot;orientation&quot;:&quot;0&quot;}\" data-image-title=\"image\" data-image-description=\"\" data-image-caption=\"\" data-large-file=\"https:\/\/i0.wp.com\/patrimoine-avesnois.fr\/chemin\/wp-content\/uploads\/2019\/06\/image-7.png?fit=840%2C668&amp;ssl=1\" src=\"https:\/\/i1.wp.com\/patrimoine-avesnois.fr\/chemin\/wp-content\/uploads\/2019\/06\/image-7.png?fit=840%2C668\" alt=\"\" class=\"wp-image-5148\" style=\"width:630px;height:501px\" width=\"630\" height=\"501\" srcset=\"https:\/\/i0.wp.com\/patrimoine-avesnois.fr\/chemin\/wp-content\/uploads\/2019\/06\/image-7.png?w=1092&amp;ssl=1 1092w, https:\/\/i0.wp.com\/patrimoine-avesnois.fr\/chemin\/wp-content\/uploads\/2019\/06\/image-7.png?resize=300%2C238&amp;ssl=1 300w, https:\/\/i0.wp.com\/patrimoine-avesnois.fr\/chemin\/wp-content\/uploads\/2019\/06\/image-7.png?resize=768%2C610&amp;ssl=1 768w, https:\/\/i0.wp.com\/patrimoine-avesnois.fr\/chemin\/wp-content\/uploads\/2019\/06\/image-7.png?resize=1024%2C814&amp;ssl=1 1024w\" sizes=\"auto, (max-width: 630px) 85vw, 630px\" \/><figcaption class=\"wp-element-caption\">La Mairie et <a href=\"http:\/\/mairie.vieux-mesnil.fr\/\" target=\"_blank\" rel=\"noreferrer noopener\" aria-label=\"son site (opens in a new tab)\">son site<\/a><\/figcaption><\/figure>\n<\/div>\n\n\n<p>Elle se trouvait rue de Boussi\u00e8res, au fond de l&rsquo;impasse mais fut br\u00fbl\u00e9e par les Allemands en 1914. En 1928 elle \u00e9tait place des Tournelles puis par la suite install\u00e9e \u00e0 quelques pas de l\u00e0, au 35, rue de l&rsquo;\u00e9glise.Enfin elle int\u00e9gra l&rsquo;ancien presbyt\u00e8re o\u00f9 elle se trouve actuellement. <\/p>\n\n\n<div class=\"wp-block-image\">\n<figure class=\"aligncenter is-resized\"><img data-recalc-dims=\"1\" loading=\"lazy\" decoding=\"async\" data-attachment-id=\"5157\" data-permalink=\"https:\/\/patrimoine-avesnois.fr\/chemin\/vieux-mesnil\/capture1-45\/\" data-orig-file=\"https:\/\/i0.wp.com\/patrimoine-avesnois.fr\/chemin\/wp-content\/uploads\/2019\/06\/Capture1.jpg?fit=772%2C469&amp;ssl=1\" data-orig-size=\"772,469\" data-comments-opened=\"1\" data-image-meta=\"{&quot;aperture&quot;:&quot;0&quot;,&quot;credit&quot;:&quot;CARRE&quot;,&quot;camera&quot;:&quot;&quot;,&quot;caption&quot;:&quot;&quot;,&quot;created_timestamp&quot;:&quot;1559472996&quot;,&quot;copyright&quot;:&quot;&quot;,&quot;focal_length&quot;:&quot;0&quot;,&quot;iso&quot;:&quot;0&quot;,&quot;shutter_speed&quot;:&quot;0&quot;,&quot;title&quot;:&quot;&quot;,&quot;orientation&quot;:&quot;0&quot;}\" data-image-title=\"Capture1\" data-image-description=\"\" data-image-caption=\"\" data-large-file=\"https:\/\/i0.wp.com\/patrimoine-avesnois.fr\/chemin\/wp-content\/uploads\/2019\/06\/Capture1.jpg?fit=772%2C469&amp;ssl=1\" src=\"https:\/\/i0.wp.com\/patrimoine-avesnois.fr\/chemin\/wp-content\/uploads\/2019\/06\/Capture1.jpg?resize=630%2C383\" alt=\"\" class=\"wp-image-5157\" style=\"width:630px;height:383px\" width=\"630\" height=\"383\" srcset=\"https:\/\/i0.wp.com\/patrimoine-avesnois.fr\/chemin\/wp-content\/uploads\/2019\/06\/Capture1.jpg?w=772&amp;ssl=1 772w, https:\/\/i0.wp.com\/patrimoine-avesnois.fr\/chemin\/wp-content\/uploads\/2019\/06\/Capture1.jpg?resize=300%2C182&amp;ssl=1 300w, https:\/\/i0.wp.com\/patrimoine-avesnois.fr\/chemin\/wp-content\/uploads\/2019\/06\/Capture1.jpg?resize=768%2C467&amp;ssl=1 768w\" sizes=\"auto, (max-width: 630px) 85vw, 630px\" \/><figcaption class=\"wp-element-caption\"><em>09.10.1927 &#8211; Inauguration du b\u00e2timent \u00e9cole-mairie<\/em> <\/figcaption><\/figure>\n<\/div>\n\n<div class=\"wp-block-image\">\n<figure class=\"aligncenter is-resized\"><img loading=\"lazy\" decoding=\"async\" data-attachment-id=\"5151\" data-permalink=\"https:\/\/patrimoine-avesnois.fr\/chemin\/vieux-mesnil\/image-815\/\" data-orig-file=\"https:\/\/i0.wp.com\/patrimoine-avesnois.fr\/chemin\/wp-content\/uploads\/2019\/06\/image-9.png?fit=1147%2C851&amp;ssl=1\" data-orig-size=\"1147,851\" data-comments-opened=\"1\" data-image-meta=\"{&quot;aperture&quot;:&quot;0&quot;,&quot;credit&quot;:&quot;&quot;,&quot;camera&quot;:&quot;&quot;,&quot;caption&quot;:&quot;&quot;,&quot;created_timestamp&quot;:&quot;0&quot;,&quot;copyright&quot;:&quot;&quot;,&quot;focal_length&quot;:&quot;0&quot;,&quot;iso&quot;:&quot;0&quot;,&quot;shutter_speed&quot;:&quot;0&quot;,&quot;title&quot;:&quot;&quot;,&quot;orientation&quot;:&quot;0&quot;}\" data-image-title=\"image\" data-image-description=\"\" data-image-caption=\"\" data-large-file=\"https:\/\/i0.wp.com\/patrimoine-avesnois.fr\/chemin\/wp-content\/uploads\/2019\/06\/image-9.png?fit=840%2C623&amp;ssl=1\" src=\"https:\/\/i0.wp.com\/patrimoine-avesnois.fr\/chemin\/wp-content\/uploads\/2019\/06\/image-9.png?fit=840%2C623\" alt=\"\" class=\"wp-image-5151\" style=\"width:630px;height:467px\" width=\"630\" height=\"467\" srcset=\"https:\/\/i0.wp.com\/patrimoine-avesnois.fr\/chemin\/wp-content\/uploads\/2019\/06\/image-9.png?w=1147&amp;ssl=1 1147w, https:\/\/i0.wp.com\/patrimoine-avesnois.fr\/chemin\/wp-content\/uploads\/2019\/06\/image-9.png?resize=300%2C223&amp;ssl=1 300w, https:\/\/i0.wp.com\/patrimoine-avesnois.fr\/chemin\/wp-content\/uploads\/2019\/06\/image-9.png?resize=768%2C570&amp;ssl=1 768w, https:\/\/i0.wp.com\/patrimoine-avesnois.fr\/chemin\/wp-content\/uploads\/2019\/06\/image-9.png?resize=1024%2C760&amp;ssl=1 1024w\" sizes=\"auto, (max-width: 630px) 85vw, 630px\" \/><figcaption class=\"wp-element-caption\"><a href=\"http:\/\/association-histoire-vieuxmesnil-hargnies.franceserv.com\/Heco.html\" target=\"_blank\" rel=\"noreferrer noopener\" aria-label=\"L'\u00e9cole (opens in a new tab)\">L&rsquo;\u00e9cole<\/a> <br><\/figcaption><\/figure>\n<\/div>\n\n<div class=\"wp-block-image\">\n<figure class=\"aligncenter is-resized\"><img data-recalc-dims=\"1\" loading=\"lazy\" decoding=\"async\" data-attachment-id=\"5162\" data-permalink=\"https:\/\/patrimoine-avesnois.fr\/chemin\/vieux-mesnil\/capture-125\/\" data-orig-file=\"https:\/\/i0.wp.com\/patrimoine-avesnois.fr\/chemin\/wp-content\/uploads\/2019\/06\/Capture-3.jpg?fit=483%2C772&amp;ssl=1\" data-orig-size=\"483,772\" data-comments-opened=\"1\" data-image-meta=\"{&quot;aperture&quot;:&quot;0&quot;,&quot;credit&quot;:&quot;CARRE&quot;,&quot;camera&quot;:&quot;&quot;,&quot;caption&quot;:&quot;&quot;,&quot;created_timestamp&quot;:&quot;1559475119&quot;,&quot;copyright&quot;:&quot;&quot;,&quot;focal_length&quot;:&quot;0&quot;,&quot;iso&quot;:&quot;0&quot;,&quot;shutter_speed&quot;:&quot;0&quot;,&quot;title&quot;:&quot;&quot;,&quot;orientation&quot;:&quot;0&quot;}\" data-image-title=\"Capture\" data-image-description=\"\" data-image-caption=\"\" data-large-file=\"https:\/\/i0.wp.com\/patrimoine-avesnois.fr\/chemin\/wp-content\/uploads\/2019\/06\/Capture-3.jpg?fit=483%2C772&amp;ssl=1\" src=\"https:\/\/i0.wp.com\/patrimoine-avesnois.fr\/chemin\/wp-content\/uploads\/2019\/06\/Capture-3.jpg?resize=382%2C610\" alt=\"\" class=\"wp-image-5162\" style=\"width:382px;height:610px\" width=\"382\" height=\"610\" srcset=\"https:\/\/i0.wp.com\/patrimoine-avesnois.fr\/chemin\/wp-content\/uploads\/2019\/06\/Capture-3.jpg?w=483&amp;ssl=1 483w, https:\/\/i0.wp.com\/patrimoine-avesnois.fr\/chemin\/wp-content\/uploads\/2019\/06\/Capture-3.jpg?resize=188%2C300&amp;ssl=1 188w\" sizes=\"auto, (max-width: 382px) 85vw, 382px\" \/><figcaption class=\"wp-element-caption\">Monument aux Morts  r\u00e9alis\u00e9 en pierre de granit de Soignies d&rsquo;une hauteur de 4 m sur un socle carr\u00e9  de 1,70 m de c\u00f4t\u00e9 .<\/figcaption><\/figure>\n<\/div>\n\n<div class=\"wp-block-image\">\n<figure class=\"aligncenter is-resized\"><img loading=\"lazy\" decoding=\"async\" src=\"https:\/\/upload.wikimedia.org\/wikipedia\/commons\/thumb\/0\/0d\/Vieux-Mesnil_%28Nord%2C_Fr%29_monument_aux_morts.JPG\/800px-Vieux-Mesnil_%28Nord%2C_Fr%29_monument_aux_morts.JPG\" alt=\"\" style=\"width:460px;height:614px\" width=\"460\" height=\"614\"\/><figcaption class=\"wp-element-caption\">Le Monument aux Morts \u00e9rig\u00e9 en 1921. Marbrier : <a rel=\"noreferrer noopener\" href=\"https:\/\/monumentsmorts.univ-lille.fr\/auteur\/90\/bavay-lixoneuclide\/\" target=\"_blank\">Euclide Bavay Lixon<\/a> <\/figcaption><\/figure>\n<\/div>\n\n\n<p>L&rsquo;\u00e9rection de ce monument aux morts fut d\u00e9cid\u00e9e par d\u00e9lib\u00e9ration du conseil municipal en date du 20 mai 1920. D&rsquo;un montant de 4 000 francs, le monument fut pay\u00e9 pour moiti\u00e9 par la commune et pour moiti\u00e9 par une souscription.  <\/p>\n\n\n<div class=\"wp-block-image\">\n<figure class=\"aligncenter is-resized\"><img loading=\"lazy\" decoding=\"async\" src=\"http:\/\/i1.wp.com\/www.calvaires-avesnois.fr\/wp-content\/uploads\/2016\/09\/Capturer-34.jpg?resize=473%2C660\" alt=\"Calvaire 14 rue de Maubeuge   \" style=\"width:355px;height:495px\" width=\"355\" height=\"495\"\/><figcaption class=\"wp-element-caption\"><em>Calvaire 14 rue de Maubeuge<\/em> <\/figcaption><\/figure>\n<\/div>\n\n<div class=\"wp-block-image\">\n<figure class=\"aligncenter is-resized\"><img data-recalc-dims=\"1\" loading=\"lazy\" decoding=\"async\" src=\"https:\/\/i0.wp.com\/oratoiresetchapelles-avesnois.fr\/wp-content\/uploads\/2017\/05\/Capture-8.png?resize=472%2C598\" alt=\"Capture\" style=\"width:472px;height:598px\" width=\"472\" height=\"598\"\/><figcaption class=\"wp-element-caption\"><a href=\"http:\/\/oratoiresetchapelles-avesnois.fr\/vieux-mesnil\/\" target=\"_blank\" rel=\"noreferrer noopener\" aria-label=\"3 oratoires et 1 chapelle (opens in a new tab)\">3 oratoires et 1 chapelle<\/a><\/figcaption><\/figure>\n<\/div>\n\n\n<p>le Moulin :<\/p>\n\n\n<div class=\"wp-block-image\">\n<figure class=\"aligncenter is-resized\"><img data-recalc-dims=\"1\" loading=\"lazy\" decoding=\"async\" data-attachment-id=\"332\" data-permalink=\"https:\/\/patrimoine-avesnois.fr\/chemin\/bellignies\/capture-10\/\" data-orig-file=\"https:\/\/i0.wp.com\/patrimoine-avesnois.fr\/chemin\/wp-content\/uploads\/2019\/03\/Capture-9.png?fit=931%2C698&amp;ssl=1\" data-orig-size=\"931,698\" data-comments-opened=\"1\" data-image-meta=\"{&quot;aperture&quot;:&quot;0&quot;,&quot;credit&quot;:&quot;&quot;,&quot;camera&quot;:&quot;&quot;,&quot;caption&quot;:&quot;&quot;,&quot;created_timestamp&quot;:&quot;0&quot;,&quot;copyright&quot;:&quot;&quot;,&quot;focal_length&quot;:&quot;0&quot;,&quot;iso&quot;:&quot;0&quot;,&quot;shutter_speed&quot;:&quot;0&quot;,&quot;title&quot;:&quot;&quot;,&quot;orientation&quot;:&quot;0&quot;}\" data-image-title=\"Capture\" data-image-description=\"\" data-image-caption=\"\" data-large-file=\"https:\/\/i0.wp.com\/patrimoine-avesnois.fr\/chemin\/wp-content\/uploads\/2019\/03\/Capture-9.png?fit=840%2C630&amp;ssl=1\" src=\"https:\/\/i0.wp.com\/www.moulins-avesnois.fr\/wp-content\/uploads\/2017\/12\/vieux-mesnil-le-moulin-top-animation-superbe-carte.jpg?resize=646%2C400\" alt=\"\" class=\"wp-image-332\" style=\"width:646px;height:400px\" width=\"646\" height=\"400\"\/><figcaption class=\"wp-element-caption\">L\u2019ancien moulin de Vieux-Mesnil<\/figcaption><\/figure>\n<\/div>\n\n\n<p>A la fin de l\u2019Ancien R\u00e9gime le moulin \u00e0 deux tournants qui n\u2019\u00e9tait pas banal appartenait \u00e0 Fran\u00e7ois Joseph Bonnaventure Dumont, marquis de Gages (1739 1787). Son fils F\u00e9ry Louis (1768 1840) le loua en 1799 \u00e0 Marguerite Delpature (1744 1810) veuve de Michel Minaire (1735 1779) lequel occupait de son vivant le moulin. Justine Dumont \u00e9pouse de Rodriguez d\u2019Evora y Vega h\u00e9rita du moulin au d\u00e9c\u00e8s de son p\u00e8re F\u00e9ry Louis. D\u00e9c\u00e9d\u00e9e en 1855 ses trois filles, Ad\u00e9laide, Em\u00e9rence et Maria, entr\u00e8rent en possession du moulin. Puis en 1861 seule Ad\u00e9laide Rodriguez \u00e9pouse d\u2019Alfred de Lichtervelde, propri\u00e9taire \u00e0 Mons le d\u00e9tenait. Constant Blanchard (1818 1899), meunier, occupa le moulin \u00e0 partir de 1846 jusqu\u2019aux environs de 1881. Le moulin d\u2019un \u00e9tage resta dans la lign\u00e9e des de Lichtervelde jusqu\u2019\u00e0 sa d\u00e9molition en 1964&nbsp;: Alfred (1813 1880), son fils Gaston (1847 1913) puis la fille de celui-ci Blanche (1885 1961) \u00e9pouse de &nbsp;Fernand Philippe Marie Joseph Ghislain van de Werve de Vorsselaern (1879 1958).<\/p>\n\n\n\n<p>Il ne reste aujourd\u2019hui \u00e0 la sortie du village en contrebas de l\u2019\u00e9glise que les vestiges des vannes.<\/p>\n\n\n\n<p class=\"has-text-align-center has-medium-font-size\">***<\/p>\n\n\n\n<p>La cense des Ecrolies<\/p>\n\n\n\n<p>Le hameau des Ecrolies relie Manissart \u00e0 un autre hameau : le Trieu Audin.<br>(Trieux est synonyme de secteur en friche)<\/p>\n\n\n\n<p>On explique l&rsquo;appellation \u00ab\u00a0Ecrolies\u00a0\u00bb \u00e0 l&rsquo;existence du verbe \u00ab\u00a0\u00e9croler qui signifie \u00e9crouler\u00a0\u00bb ainsi, lorsque les charrois empruntaient cette voie, les rebords des traces laiss\u00e9es dans la chauss\u00e9e s&rsquo;\u00e9croulaient tant le mat\u00e9riau \u00e9tait friable.<\/p>\n\n\n\n<p>La cense des Ecrolies qui n\u2019existe plus aujourd\u2019hui \u00e9tait \u00ab&nbsp;un fief qui comprenait 8 bonniers et demi de bois (bois Galant) maison, grange, \u00e9table, assises sur 4 rasi\u00e8res et demi\u2026&nbsp;\u00bb. (Minon fr\u00e8res&nbsp;: Hautmont et son abbaye page 449)<\/p>\n\n\n\n<p>Elle appartenait en 1773 \u00e0 De Lattre seigneur de Feignies. Elle fut ensuite vendue \u00e0 Louis Joseph Vautier, ma\u00eetre de forges \u00e0 Maubeuge.<\/p>\n\n\n\n<p>Le vicomte Florent Maximilien Joseph De Lattre, n\u00e9 en 1747 \u00e0 Feignies,&nbsp;<br>fils de Roger Florent De Lattre de Feignies et d\u2019Alexandrine Le Vaillant,<br>fut officier des gardes Wallonnes du roi d\u2019Espagne (1762), lieutenant-<br>colonel au service d\u2019Espagne. Il \u00e9pousa le 03 10 1804 \u00e0 Ayette sa cousine&nbsp;<br>Amable Eug\u00e9nie Guislaine De Lattre de Neuville n\u00e9e \u00e0 Ayette en 1775.&nbsp;<br>Il devint maire d\u2019Ayette. Il habita en Catalogne. Il d\u00e9c\u00e9da \u00e0 Arras le 12 06 1831.<\/p>\n\n\n\n<p class=\"has-text-align-center has-medium-font-size\">***<\/p>\n\n\n\n<p>Le ch\u00e2teau :<\/p>\n\n\n\n<p>Les premiers seigneurs connus sont Helin et Raoul du Maisnil qui prirent part \u00e0 la 3\u00b0 croisade. En 1189, nous trouvons la trace de Olbardi del Maisnil qui fut t\u00e9moin dans un acte de Wautier Seigneur d\u2019Avesnes, avou\u00e9 de l\u2019Eglise d\u2019Hautmont<\/p>\n\n\n\n<p>A la fin du XIII\u00b0 si\u00e8cle appara\u00eet la famille de Sars originaire de Sars-La- Bruy\u00e8re en Belgique.<\/p>\n\n\n\n<p>Guillaume ou Wuillaume de Baraf, seigneur de Sars et de Maisnil fut arm\u00e9 chevalier en 1301 par l\u2019empereur Albert 1\u00b0, \u00e0 Aix-la-Chapelle. Il fut \u00e9lu grand bailli du Hainaut le 15 f\u00e9vrier 1361 et bailli des bois du Hainaut du 6 juin 1360 au 26 janvier 1361. Il avait \u00e9pous\u00e9 Marie du Sart et mourut \u00e0 Mons o\u00f9 il fut enterr\u00e9 dans l\u2019\u00e9glise des Cordeliers.<\/p>\n\n\n\n<p>Guillaume de Sars, seigneur du Maisnil, mari\u00e9 \u00e0 Berthe d\u2019Asselstein. En 1384, il fait le rapport, au duc Albert, de sa terre \u00ab&nbsp;dou Mesny&nbsp;\u00bb en faveur de ses enfants. Lorsqu\u2019il mourut, il fut enterr\u00e9 dans l\u2019\u00e9glise des fr\u00e8res mineurs \u00e0 Mons.<\/p>\n\n\n\n<p>Wuillaume de Baras de Sars, sire du Mesnil (probablement fils du pr\u00e9c\u00e9dent), \u00e9poux d\u2019Agn\u00e8s d\u2019Anvaing.<\/p>\n\n\n\n<p>G\u00e9rard de Sars, il \u00e9pousa Marie de Beaufort dont il eut quatre enfants. Il fut bailli des bois du Hainaut de 1422 \u00e0 1423 et pr\u00e9v\u00f4t de Beaumont de 1420 \u00e0 1422.<\/p>\n\n\n\n<p>Jacques de Sars, seigneur d\u2019Angre, Audignies, Trazegnies et Vieux-Mesnil  se maria avec Marguerite de Barben\u00e7on. En 1439, il assista le 26 mai, \u00e0 la translation du corps de Sainte Aldegonde, \u00e0 Maubeuge. D\u00e9c\u00e9d\u00e9 \u00e0 Angre, il fut enterr\u00e9 dans la chapelle s\u00e9pulcrale pr\u00e8s de l\u2019\u00e9glise.<\/p>\n\n\n\n<p>Jean de Sars, il \u00e9tait en proc\u00e8s, en 1472 avec le seigneur de Bellignies.<\/p>\n\n\n\n<p>Jacques de Sars, seigneur du Maisnil et de Saulchoit.<\/p>\n\n\n\n<p>Michel de Sars, seigneur du Mesnil, il \u00e9tait mari\u00e9 \u00e0 Marguerite de Vertaing et mourut sans enfant apr\u00e8s avoir \u00e9t\u00e9 pr\u00e9v\u00f4t de Maubeuge de 1463 \u00e0 1485.<\/p>\n\n\n\n<p>En 1534, Vieux-Mesnil appartenait au seigneur de Clerfayt, et en 1552, \u00e0 sa veuve. La seigneurie passa ensuite \u00e0 la famille De La Barre.<\/p>\n\n\n\n<p>Hugues de la Barre, auteur de la branche du Mesnil d\u2019Erquelines \u00e9tait le fils a\u00een\u00e9 de Nicaise de la Barre. Tr\u00e9sorier-g\u00e9n\u00e9ral des guerres par lettres patentes du 12 juillet 1536, il avait \u00e9pous\u00e9 Catherine Du Mont, dont un fils :<\/p>\n\n\n\n<p>Philippe de la Barre, seigneur de Vieux-Mesnil et de Maurage (Belgique), receveur g\u00e9n\u00e9ral des aides du pays du Hainaut \u00e9pousa le 14 juillet 1560, Jacqueline Fran\u00e7ois dite de S\u00e9meries.<\/p>\n\n\n\n<p>Jean-Paul de la Barre, son fils, seigneur de Vieux-Mesnil, Masny saint Pierre&#8230; \u00e9pousa le 1\u00b0 juillet 1611, Jeanne Dessus-Le-Moustier. Il figure dans la liste des \u00e9chevins de MONS en 1612-1615-1616.<br>Ses armes \u00e9taient : d\u2019azur \u00e0 la fasce d\u2019or, accompagn\u00e9e de trois t\u00eates de lion de m\u00eame.<\/p>\n\n\n\n<p>Jean de la Barre, seigneur de Maisnil et de Manissart \u00e9pousa Doroth\u00e9e-Jeanne de la Hamaide. Il fut cr\u00e9\u00e9 baron du Mesnil, mort sans alliance en 1721.<\/p>\n\n\n\n<p>Charles Joseph Troffee de la Barre mari\u00e9 \u00e0 Polyx\u00e8ne-Auguste de Croix.<\/p>\n\n\n\n<p>Son fils S\u00e9bastien Charles Joseph de la Barre, baron, seigneur de Vieux-Mesnil et de Noirchin, \u00e9pousa en 1775, Barbe-Fran\u00e7oise, baronne de Marche.<\/p>\n\n\n\n<p>D\u2019apr\u00e8s le d\u00e9nombrement de la principaut\u00e9 de Barben\u00e7on servi au roi Louis XVI le 24 f\u00e9vrier 1784, nous voyons que le seigneur de cette \u00e9poque \u00e9tait Charles Louis Auguste Ferdinand, comte de Corswarenne. Il tenait cette seigneurie des sires De La Barre.<\/p>\n\n\n\n<p>Suivant le rapport d\u2019Hennet, pr\u00e9v\u00f4t de Maubeuge, en date du 5 juin 1788, nous trouvons, comme dernier seigneur de Vieux-Mesnil, le marquis de Gages, apr\u00e8s qu\u2019il eut rachet\u00e9 en 1760 les Seigneuries de Manissart et Vieux Mesnil au Duc Charles Louis de Corswarenne.&nbsp;<br><br>Fran\u00e7ois Bonaventure Joseph du Mont de Gages est n\u00e9 \u00e0 Mons le 13 octobre 1739. Il fut cr\u00e9\u00e9 marquis le 9 d\u00e9cembre 1758 et se maria en 1763 avec sa cousine-germaine Alexandrine-Fran\u00e7oise-P\u00e9tronille de Bousies-Champvant dont il eut trois enfants.<\/p>\n\n\n\n<p>Il adressa en ao\u00fbt 1784 une requ\u00eate au gouvernement pour demander de pouvoir ajouter des ornements \u00e0 son blason, ainsi expos\u00e9e :&nbsp;<br>\u00ab&nbsp;<em>Elev\u00e9 comme tous ses anc\u00eatres dans la plus haute v\u00e9n\u00e9ration et la fid\u00e9lit\u00e9 in\u00e9branlable pour l\u2019auguste maison de Votre Sacr\u00e9e Majest\u00e9 dont il sera toujours p\u00e9n\u00e9tr\u00e9 jusqu\u2019au dernier soupir de sa vie, il d\u00e9siroit pouvoir m\u00e9riter de la bienfaisance de Votre Sacr\u00e9e Majest\u00e9 quelque marque distinctive qu\u2019il put transmettre \u00e0 sa post\u00e9rit\u00e9 l\u00e9gitime. A ces causes, il se prosterne au pied du tr\u00f4ne de Votre Sacr\u00e9e Majest\u00e9 la suppliant&#8230;. de lui permettre l\u2019usage du manteau de gueules fourr\u00e9 d\u2019hermines, surmont\u00e9 d\u2019une couronne ducale, le tout environnant ses anciennes armoiries pleines, qui sont de gueules au chevron d\u2019or accompagn\u00e9 de trois tr\u00e8fles d\u2019argent, deux en chef et une en pointe, support\u00e9es par deux hommes sauvages au naturel couronn\u00e9s et couverts de lierre s\u2019appuiant chacun sur une massue&nbsp;\u00bb.<\/em><br>La gr\u00e2ce qu\u2019il implore lui fut accord\u00e9e par lettres patentes du 2 novembre 1784 qui l\u2019autoris\u00e8rent \u00e0 entourer son \u00e9cusson du manteau de gueules et de le sommer du bonnet ducal.<\/p>\n\n\n\n<p>&nbsp;Il fut nomm\u00e9, le 22 janvier 1770, grand ma\u00eetre provincial de toutes les loges des Pays-Bas autrichiens.<\/p>\n\n\n\n<p>Ce fut le dernier seigneur de Vieux-Mesnil.<\/p>\n\n\n\n<p>Source : <a href=\"https:\/\/www.hargnies-avesnois.fr\/associations-hargnies-59-nord-avesnois\/m%C3%A9moires-de-maisnil-et-harigny\" target=\"_blank\" rel=\"noreferrer noopener\"> \u00ab MEMOIRE DE MAISNIL et D\u2019HARIGNY \u00bb<\/a> association ayant pour objet la promotion du patrimoine historique et culturel des villages de VIEUX MESNIL et d\u2019HARGNIES.&nbsp;<\/p>\n\n\n\n<p>Le ch\u00e2teau fut br\u00fbl\u00e9 en 1794 par les Fran\u00e7ais.<\/p>\n\n\n\n<p class=\"has-text-align-center has-medium-font-size\">***<\/p>\n\n\n\n<p>Pour tout connaitre sur Vieux-Mesnil (sa mairie,sa m\u00e9diath\u00e8que, son \u00e9cole, ses associations, son histoire, ses entreprises, ses circuits de randonn\u00e9es &#8230;) je vous invite \u00e0 consulter le Site Officiel Portail de Vieux-Mesnil Mairie de Vieux-Mesnil r\u00e9alis\u00e9 par M. Alain Li\u00e9nard dans le cadre de sa fonction de maire du village.  <\/p>\n\n\n<div class=\"wp-block-image\">\n<figure class=\"aligncenter\"><img data-recalc-dims=\"1\" loading=\"lazy\" decoding=\"async\" width=\"840\" height=\"256\" data-attachment-id=\"5173\" data-permalink=\"https:\/\/patrimoine-avesnois.fr\/chemin\/vieux-mesnil\/customlogo\/\" data-orig-file=\"https:\/\/i0.wp.com\/patrimoine-avesnois.fr\/chemin\/wp-content\/uploads\/2019\/06\/customLogo.png?fit=970%2C296&amp;ssl=1\" data-orig-size=\"970,296\" data-comments-opened=\"1\" data-image-meta=\"{&quot;aperture&quot;:&quot;0&quot;,&quot;credit&quot;:&quot;&quot;,&quot;camera&quot;:&quot;&quot;,&quot;caption&quot;:&quot;&quot;,&quot;created_timestamp&quot;:&quot;0&quot;,&quot;copyright&quot;:&quot;&quot;,&quot;focal_length&quot;:&quot;0&quot;,&quot;iso&quot;:&quot;0&quot;,&quot;shutter_speed&quot;:&quot;0&quot;,&quot;title&quot;:&quot;&quot;,&quot;orientation&quot;:&quot;0&quot;}\" data-image-title=\"customLogo\" data-image-description=\"\" data-image-caption=\"\" data-large-file=\"https:\/\/i0.wp.com\/patrimoine-avesnois.fr\/chemin\/wp-content\/uploads\/2019\/06\/customLogo.png?fit=840%2C256&amp;ssl=1\" src=\"https:\/\/i0.wp.com\/patrimoine-avesnois.fr\/chemin\/wp-content\/uploads\/2019\/06\/customLogo.png?resize=840%2C256\" alt=\"\" class=\"wp-image-5173\" srcset=\"https:\/\/i0.wp.com\/patrimoine-avesnois.fr\/chemin\/wp-content\/uploads\/2019\/06\/customLogo.png?w=970&amp;ssl=1 970w, https:\/\/i0.wp.com\/patrimoine-avesnois.fr\/chemin\/wp-content\/uploads\/2019\/06\/customLogo.png?resize=300%2C92&amp;ssl=1 300w, https:\/\/i0.wp.com\/patrimoine-avesnois.fr\/chemin\/wp-content\/uploads\/2019\/06\/customLogo.png?resize=768%2C234&amp;ssl=1 768w\" sizes=\"auto, (max-width: 709px) 85vw, (max-width: 909px) 67vw, (max-width: 1362px) 62vw, 840px\" \/><figcaption class=\"wp-element-caption\"> <br><em>Portail du site de la Mairie  <\/em><a rel=\"noreferrer noopener\" href=\"http:\/\/www.vieux-mesnil.fr\/\" target=\"_blank\">http:\/\/www.vieux-mesnil.fr<\/a><em>  <\/em> <\/figcaption><\/figure>\n<\/div>","protected":false},"excerpt":{"rendered":"<p>L\u2019acte le plus ancien mentionnant l\u2019existence de Vieux-Mesnil date de 1180 : Jacques,Seigneur d\u2019Avesnes et avou\u00e9 de l\u2019Abbaye d\u2019Hautmont ratifie un arrangement entre cette abbaye et le seigneur d\u2019Hargnies. Vieux-Mesnil formait avec le hameau de Manissart et le village d&rsquo;Hargnies une paroisse de la collation de l&rsquo;abbaye Saint-Pierre d&rsquo;Hautmont. En 1791 Vieux-Mesnil d\u00e9pendit de la &hellip; <a href=\"https:\/\/patrimoine-avesnois.fr\/chemin\/vieux-mesnil\/\" class=\"more-link\">Continuer la lecture<span class=\"screen-reader-text\"> de &laquo;&nbsp;Vieux-Mesnil&nbsp;&raquo;<\/span><\/a><\/p>\n","protected":false},"author":2,"featured_media":0,"parent":0,"menu_order":0,"comment_status":"closed","ping_status":"closed","template":"","meta":{"jetpack_post_was_ever_published":false,"footnotes":""},"class_list":["post-5142","page","type-page","status-publish","hentry"],"jetpack_sharing_enabled":true,"jetpack_shortlink":"https:\/\/wp.me\/PaOEkN-1kW","jetpack-related-posts":[],"_links":{"self":[{"href":"https:\/\/patrimoine-avesnois.fr\/chemin\/wp-json\/wp\/v2\/pages\/5142","targetHints":{"allow":["GET"]}}],"collection":[{"href":"https:\/\/patrimoine-avesnois.fr\/chemin\/wp-json\/wp\/v2\/pages"}],"about":[{"href":"https:\/\/patrimoine-avesnois.fr\/chemin\/wp-json\/wp\/v2\/types\/page"}],"author":[{"embeddable":true,"href":"https:\/\/patrimoine-avesnois.fr\/chemin\/wp-json\/wp\/v2\/users\/2"}],"replies":[{"embeddable":true,"href":"https:\/\/patrimoine-avesnois.fr\/chemin\/wp-json\/wp\/v2\/comments?post=5142"}],"version-history":[{"count":0,"href":"https:\/\/patrimoine-avesnois.fr\/chemin\/wp-json\/wp\/v2\/pages\/5142\/revisions"}],"wp:attachment":[{"href":"https:\/\/patrimoine-avesnois.fr\/chemin\/wp-json\/wp\/v2\/media?parent=5142"}],"curies":[{"name":"wp","href":"https:\/\/api.w.org\/{rel}","templated":true}]}}