{"id":5186,"date":"2019-06-02T19:47:58","date_gmt":"2019-06-02T17:47:58","guid":{"rendered":"http:\/\/patrimoine-avesnois.fr\/chemin\/?page_id=5186"},"modified":"2026-08-29T19:26:27","modified_gmt":"2026-08-29T17:26:27","slug":"vieux-reng","status":"publish","type":"page","link":"https:\/\/patrimoine-avesnois.fr\/chemin\/vieux-reng\/","title":{"rendered":"Vieux-Reng"},"content":{"rendered":"<div class=\"wp-block-image\">\n<figure class=\"aligncenter\"><img loading=\"lazy\" decoding=\"async\" width=\"1383\" height=\"962\" data-attachment-id=\"5187\" data-permalink=\"https:\/\/patrimoine-avesnois.fr\/chemin\/vieux-reng\/172_001\/\" data-orig-file=\"https:\/\/i0.wp.com\/patrimoine-avesnois.fr\/chemin\/wp-content\/uploads\/2019\/06\/172_001.jpg?fit=1383%2C962&amp;ssl=1\" data-orig-size=\"1383,962\" data-comments-opened=\"1\" data-image-meta=\"{&quot;aperture&quot;:&quot;0&quot;,&quot;credit&quot;:&quot;&quot;,&quot;camera&quot;:&quot;&quot;,&quot;caption&quot;:&quot;&quot;,&quot;created_timestamp&quot;:&quot;1559497808&quot;,&quot;copyright&quot;:&quot;&quot;,&quot;focal_length&quot;:&quot;0&quot;,&quot;iso&quot;:&quot;0&quot;,&quot;shutter_speed&quot;:&quot;0&quot;,&quot;title&quot;:&quot;&quot;,&quot;orientation&quot;:&quot;1&quot;}\" data-image-title=\"172_001\" data-image-description=\"\" data-image-caption=\"\" data-large-file=\"https:\/\/i0.wp.com\/patrimoine-avesnois.fr\/chemin\/wp-content\/uploads\/2019\/06\/172_001.jpg?fit=840%2C584&amp;ssl=1\" src=\"https:\/\/i0.wp.com\/patrimoine-avesnois.fr\/chemin\/wp-content\/uploads\/2019\/06\/172_001.jpg?fit=840%2C584\" alt=\"\" class=\"wp-image-5187\" srcset=\"https:\/\/i0.wp.com\/patrimoine-avesnois.fr\/chemin\/wp-content\/uploads\/2019\/06\/172_001.jpg?w=1383&amp;ssl=1 1383w, https:\/\/i0.wp.com\/patrimoine-avesnois.fr\/chemin\/wp-content\/uploads\/2019\/06\/172_001.jpg?resize=300%2C209&amp;ssl=1 300w, https:\/\/i0.wp.com\/patrimoine-avesnois.fr\/chemin\/wp-content\/uploads\/2019\/06\/172_001.jpg?resize=768%2C534&amp;ssl=1 768w, https:\/\/i0.wp.com\/patrimoine-avesnois.fr\/chemin\/wp-content\/uploads\/2019\/06\/172_001.jpg?resize=1024%2C712&amp;ssl=1 1024w, https:\/\/i0.wp.com\/patrimoine-avesnois.fr\/chemin\/wp-content\/uploads\/2019\/06\/172_001.jpg?resize=1200%2C835&amp;ssl=1 1200w\" sizes=\"auto, (max-width: 709px) 85vw, (max-width: 909px) 67vw, (max-width: 1362px) 62vw, 840px\" \/><figcaption class=\"wp-element-caption\">Vue a\u00e9rienne de Vieux-Reng<\/figcaption><\/figure>\n<\/div>\n\n<div class=\"wp-block-image\">\n<figure class=\"aligncenter\"><img data-recalc-dims=\"1\" loading=\"lazy\" decoding=\"async\" width=\"613\" height=\"144\" data-attachment-id=\"5188\" data-permalink=\"https:\/\/patrimoine-avesnois.fr\/chemin\/vieux-reng\/image-817\/\" data-orig-file=\"https:\/\/i0.wp.com\/patrimoine-avesnois.fr\/chemin\/wp-content\/uploads\/2019\/06\/image-11.png?fit=613%2C144&amp;ssl=1\" data-orig-size=\"613,144\" data-comments-opened=\"1\" data-image-meta=\"{&quot;aperture&quot;:&quot;0&quot;,&quot;credit&quot;:&quot;&quot;,&quot;camera&quot;:&quot;&quot;,&quot;caption&quot;:&quot;&quot;,&quot;created_timestamp&quot;:&quot;0&quot;,&quot;copyright&quot;:&quot;&quot;,&quot;focal_length&quot;:&quot;0&quot;,&quot;iso&quot;:&quot;0&quot;,&quot;shutter_speed&quot;:&quot;0&quot;,&quot;title&quot;:&quot;&quot;,&quot;orientation&quot;:&quot;0&quot;}\" data-image-title=\"image\" data-image-description=\"\" data-image-caption=\"\" data-large-file=\"https:\/\/i0.wp.com\/patrimoine-avesnois.fr\/chemin\/wp-content\/uploads\/2019\/06\/image-11.png?fit=613%2C144&amp;ssl=1\" src=\"https:\/\/i0.wp.com\/patrimoine-avesnois.fr\/chemin\/wp-content\/uploads\/2019\/06\/image-11.png?resize=613%2C144\" alt=\"\" class=\"wp-image-5188\" srcset=\"https:\/\/i0.wp.com\/patrimoine-avesnois.fr\/chemin\/wp-content\/uploads\/2019\/06\/image-11.png?w=613&amp;ssl=1 613w, https:\/\/i0.wp.com\/patrimoine-avesnois.fr\/chemin\/wp-content\/uploads\/2019\/06\/image-11.png?resize=300%2C70&amp;ssl=1 300w\" sizes=\"auto, (max-width: 613px) 85vw, 613px\" \/><figcaption class=\"wp-element-caption\">Communes limitrophes de Vieux-Reng<\/figcaption><\/figure>\n<\/div>\n\n\n<p class=\"wp-block-paragraph\"><\/p>\n\n\n\n<p class=\"wp-block-paragraph\">Vieux\u2011Reng est un site tr\u00e8s ancien, occup\u00e9 d\u00e8s la pr\u00e9histoire puis \u00e0 l\u2019\u00e9poque gallo\u2011romaine, comme l\u2019ont r\u00e9v\u00e9l\u00e9 les fouilles de 1845 qui mirent au jour des ossements humains, des armes, des objets en bronze et des monnaies romaines et gauloises. Le nom m\u00eame du village renvoie \u00e0 une fortification : <em>Reng<\/em>, issu de <em>Ring<\/em>, d\u00e9signe une circonvallation, c\u2019est\u2011\u00e0\u2011dire une ligne de d\u00e9fense continue \u00e9tablie autour d\u2019un camp ou d\u2019une cit\u00e9 assi\u00e9g\u00e9e.<\/p>\n\n\n\n<p class=\"wp-block-paragraph\">En 1185, le village est ravag\u00e9 par les troupes de l\u2019archev\u00eaque de Cologne et du duc de Brabant lors d\u2019une invasion du Hainaut<\/p>\n\n\n\n<p class=\"wp-block-paragraph\">D\u00e8s le XII\u1d49 si\u00e8cle, Vieux\u2011Reng pr\u00e9sente une situation f\u00e9odale originale : il rel\u00e8ve de l\u2019ancienne dotation de l\u2019abbaye d\u2019Hautmont (\u00e9glise, cense de la Cour, moulin), tandis que le comte d\u2019Avesnes y poss\u00e8de aussi des terres, dont le Sart de Jacques c\u00e9d\u00e9 en 1197. Cette double implantation \u2014 monastique et la\u00efque \u2014 explique le seul conflit attest\u00e9 entre les deux seigneuries : en 1385, le seigneur d\u2019Avesnes tente d\u2019emp\u00eacher l\u2019abbaye de nommer mayeur et \u00e9chevins, mais le Grand Bailli du Hainaut d\u00e9boute Avesnes et confirme les droits de Hautmont.<\/p>\n\n\n\n<p class=\"wp-block-paragraph\">\u00c0 la fin du Moyen \u00c2ge, la suzerainet\u00e9 sup\u00e9rieure de Vieux\u2011Reng rel\u00e8ve du comt\u00e9 de Hainaut, tenu par les ducs de Bourgogne. En 1476, Charles le T\u00e9m\u00e9raire, duc de Bourgogne et comte de Hainaut, affranchit son serf Pierre Bosquet demeurant \u00e0 Vieux\u2011Reng, preuve que le village d\u00e9pend alors directement de la haute justice comtale. Apr\u00e8s la mort du T\u00e9m\u00e9raire, la suzerainet\u00e9 passe aux Habsbourg par Marie de Bourgogne puis Philippe le Beau. Au tournant du XVI\u1d49 si\u00e8cle, la mouvance locale d\u2019Avesnes revient \u00e0 Louise d\u2019Albret (v. 1470\u20131535), dame d\u2019Avesnes, Landrecies et Chimay, \u00e9pouse en 1495 de Charles de Cro\u00ff, 1er prince de Chimay.<\/p>\n\n\n\n<p class=\"wp-block-paragraph\">Sous son autorit\u00e9, la seigneurie la\u00efque de Vieux\u2011Reng est tenue par Claude Gr\u00e9bert (1471\u20131530), Sire d\u2019Aubry et pr\u00e9v\u00f4t de Valenciennes, qui acquiert le fief vers 1510 tout en demeurant son vassal. \u00c0 la mort de Louise d\u2019Albret, la suzerainet\u00e9 passe \u00e0 sa fille Anne de Cro\u00ff (1501\u20131539). Claude transmet ensuite le fief \u00e0 ses enfants : Philippe Gr\u00e9bert, \u00e9cuyer, seigneur de <em>Vierent lez Maubeuge<\/em>, puis Jeanne Gr\u00e9bert (n\u00e9e en 1501), qui h\u00e9rite du fief \u00e0 la mort de son fr\u00e8re et devient Dame de Vieux\u2011Reng. Cette phase marque l\u2019int\u00e9gration du village dans le r\u00e9seau seigneurial valenciennois avant son passage aux Camusel au XVII\u1d49 si\u00e8cle.<\/p>\n\n\n\n<p class=\"wp-block-paragraph\">En 1609, un si\u00e8cle apr\u00e8s la g\u00e9n\u00e9ration Gr\u00e9bert, la suzerainet\u00e9 sup\u00e9rieure (la mouvance f\u00e9odale d\u2019Avesnes) passe de la Maison de Cro\u00ff \u00e0 la Maison de Ligne, par l\u2019h\u00e9ritage d\u2019Alexandrine de Cro\u00ff mari\u00e9e au prince Lamoral de Ligne. Toutefois, cette suzerainet\u00e9 ne demeure pas entre les mains des Ligne jusqu\u2019\u00e0 la R\u00e9volution : les archives du Nord attestent qu\u2019au d\u00e9but du XVIII\u1d49 si\u00e8cle, le seigneur en titre de Vieux\u2011Reng est le comte d\u2019Egmont, Procope\u2011Charles Pignatelli d\u2019Egmont (1703\u20131743), puis son fils Casimir (1727\u20131801). La suzerainet\u00e9 sup\u00e9rieure rel\u00e8ve donc de la Maison d\u2019Egmont \u2013 Pignatelli.<\/p>\n\n\n\n<p class=\"wp-block-paragraph\">Du XVI\u1d49 au XVII\u1d49 si\u00e8cle, les relations entre les habitants et l\u2019abbaye restent globalement correctes, hormis une tension ponctuelle sur les regains. L\u2019\u00e9glise est finalement consacr\u00e9e en 1616 apr\u00e8s de longues n\u00e9gociations. <\/p>\n\n\n\n<p class=\"wp-block-paragraph\">Au XVII\u1d49 si\u00e8cle, la seigneurie la\u00efque (et non la suzerainet\u00e9) est vendue par Philippe IV d\u2019Espagne \u00e0 Herman Camusel, \u00e9cuyer et seigneur de Boulny (Armorial du Nord, Leuridan); elle est ensuite hypoth\u00e9qu\u00e9e au prince de Chimay (1642) puis c\u00e9d\u00e9e \u00e0 Fran\u00e7ois Domon (1707) <em>i<\/em>dentifi\u00e9 comme<strong> <\/strong>Jean\u2011Fran\u00e7ois de Cussemenet dit de Dornon,<strong> <\/strong>\u00e9cuyer, seigneur de Thieusies et de Grand\u2011Reng. Les armoiries communales \u2014 de gueules \u00e0 l\u2019\u00e9toile \u00e0 douze rais d\u2019or \u2014 d\u00e9rivent de celles de la famille Camusel.<\/p>\n\n\n\n<p class=\"wp-block-paragraph\">En 1789, les habitants r\u00e9clament la suppression des droits f\u00e9odaux et la r\u00e9duction de la d\u00eeme : ces dol\u00e9ances rel\u00e8vent du mouvement national r\u00e9volutionnaire et ne traduisent pas un conflit local particulier. En 1822, le hameau de Lameries, frontalier de Grand\u2011Reng (Belgique), est rattach\u00e9 \u00e0 Vieux\u2011Reng, structurant d\u00e9finitivement le territoire autour de la vall\u00e9e de la Trouille.<\/p>\n\n\n\n<h2 class=\"wp-block-heading\">\ud83d\udfe6 <strong>Tableau chronologique \u2014 Vieux\u2011Reng (XII\u1d49\u2013XVIII\u1d49 si\u00e8cle)<\/strong><\/h2>\n\n\n\n<h3 class=\"wp-block-heading\">\u2b50 <strong>1. XII\u1d49 \u2013 XIV\u1d49 si\u00e8cles<\/strong><\/h3>\n\n\n\n<figure class=\"wp-block-table\"><table class=\"has-fixed-layout\"><thead><tr><th>P\u00e9riode<\/th><th>Suzeraine sup\u00e9rieure<\/th><th>Seigneur tenancier la\u00efque<\/th><th>Abbaye d\u2019Hautmont<\/th><\/tr><\/thead><tbody><tr><th>XII\u1d49 s.<\/th><td>Comt\u00e9 de Hainaut (Maison d&rsquo; Avesnes)<\/td><td>Maison d\u2019Avesnes (seigneurie la\u00efque)<\/td><td>\u00c9glise, cense, moulin<\/td><\/tr><tr><th>1197<\/th><td>Idem<\/td><td>Seigneur d\u2019Avesnes (Sart de Jacques)<\/td><td>Sart de Jacques confirm\u00e9<\/td><\/tr><tr><th>1385<\/th><td>Comt\u00e9 de Hainaut<\/td><td>Seigneur d\u2019Avesnes<\/td><td>\u00c9glise, cense, moulin<\/td><\/tr><\/tbody><\/table><\/figure>\n\n\n\n<h3 class=\"wp-block-heading\">\u2b50 <strong>2. XVe si\u00e8cle (Bourgogne \u2192 Habsbourg)<\/strong><\/h3>\n\n\n\n<figure class=\"wp-block-table\"><table class=\"has-fixed-layout\"><thead><tr><th>P\u00e9riode<\/th><th>Suzeraine sup\u00e9rieure<\/th><th>Seigneur tenancier la\u00efque<\/th><th>Abbaye d\u2019Hautmont<\/th><\/tr><\/thead><tbody><tr><th>1433\u20131477<\/th><td>Ducs de Bourgogne<\/td><td>\u2014<\/td><td>\u00c9glise, cense, moulin<\/td><\/tr><tr><th>1476<\/th><td>Charles le T\u00e9m\u00e9raire<\/td><td>\u2014<\/td><td>\u00c9glise, cense, moulin<\/td><\/tr><tr><th>1477\u20131506<\/th><td>Habsbourg<\/td><td>\u2014<\/td><td>\u00c9glise, cense, moulin<\/td><\/tr><\/tbody><\/table><\/figure>\n\n\n\n<h3 class=\"wp-block-heading\">\u2b50 <strong>3. D\u00e9but XVI\u1d49 si\u00e8cle (Albret \u2192 Cro\u00ff)<\/strong><\/h3>\n\n\n\n<figure class=\"wp-block-table\"><table class=\"has-fixed-layout\"><thead><tr><th>P\u00e9riode<\/th><th>Suzeraine sup\u00e9rieure<\/th><th>Seigneur tenancier la\u00efque<\/th><th>Abbaye d\u2019Hautmont<\/th><\/tr><\/thead><tbody><tr><th>1500\u20131535<\/th><td>Louise d\u2019Albret<\/td><td>Claude Gr\u00e9bert<\/td><td>\u00c9glise, cense, moulin<\/td><\/tr><tr><th>1535\u20131539<\/th><td>Anne de Cro\u00ff<\/td><td>Philippe \u2192 Jeanne Gr\u00e9bert<\/td><td>\u00c9glise, cense, moulin<\/td><\/tr><\/tbody><\/table><\/figure>\n\n\n\n<h3 class=\"wp-block-heading\">\u2b50 <strong>4. XVII\u1d49 si\u00e8cle (Ligne \u2192 Camusel)<\/strong><\/h3>\n\n\n\n<figure class=\"wp-block-table\"><table class=\"has-fixed-layout\"><thead><tr><th>P\u00e9riode<\/th><th>Suzeraine sup\u00e9rieure<\/th><th>Seigneur tenancier la\u00efque<\/th><th>Abbaye d\u2019Hautmont<\/th><\/tr><\/thead><tbody><tr><th>1609<\/th><td>Maison de Ligne<\/td><td>\u2014<\/td><td>\u00c9glise, cense, moulin<\/td><\/tr><tr><th>17\u1d49 s.<\/th><td>Ligne<\/td><td>Herman Camusel<\/td><td>\u00c9glise, cense, moulin<\/td><\/tr><tr><th>1642<\/th><td>Ligne<\/td><td>Hypoth\u00e8que Chimay<\/td><td>\u00c9glise, cense, moulin<\/td><\/tr><\/tbody><\/table><\/figure>\n\n\n\n<h3 class=\"wp-block-heading\">\u2b50 <strong>5. XVIII\u1d49 si\u00e8cle (Egmont \u2013 Pignatelli)<\/strong><\/h3>\n\n\n\n<figure class=\"wp-block-table\"><table class=\"has-fixed-layout\"><thead><tr><th>P\u00e9riode<\/th><th>Suzeraine sup\u00e9rieure<\/th><th>Seigneur tenancier la\u00efque<\/th><th>Abbaye d\u2019Hautmont<\/th><\/tr><\/thead><tbody><tr><th>1707<\/th><td>Ligne \u2192 Egmont<\/td><td>Dornon<\/td><td>\u00c9glise, cense, moulin<\/td><\/tr><tr><th>1719<\/th><td>Procope\u2011Charles d\u2019Egmont<\/td><td>\u2753 lacune<\/td><td>\u00c9glise, cense, moulin<\/td><\/tr><tr><th>1739<\/th><td>Procope\u2011Charles (mortemains)<\/td><td>\u2753<\/td><td>\u00c9glise, cense, moulin<\/td><\/tr><tr><th>1743\u20131789<\/th><td>Casimir d\u2019Egmont<\/td><td>\u2753<\/td><td>\u00c9glise, cense, moulin<\/td><\/tr><\/tbody><\/table><\/figure>\n\n\n\n<p class=\"wp-block-paragraph\">Apr\u00e8s 1707, la tenure locale du fief de Vieux\u2011Reng n\u2019est plus document\u00e9e. Il est toutefois probable que la famille de Cussemenet dit de Dornon, d\u00e9j\u00e0 tenanci\u00e8re en 1707 et seigneurs de Grand\u2011Reng, ait conserv\u00e9 la gestion du fief sous la suzerainet\u00e9 de la Maison d\u2019Egmont \u2013 Pignatelli, attest\u00e9e en 1719 et 1739. Aucune source ne permet cependant de confirmer formellement cette continuit\u00e9.<\/p>\n\n\n\n<p class=\"wp-block-paragraph\"><\/p>\n\n\n<div class=\"wp-block-image\">\n<figure class=\"aligncenter size-full\"><img data-recalc-dims=\"1\" loading=\"lazy\" decoding=\"async\" width=\"480\" height=\"644\" data-attachment-id=\"29443\" data-permalink=\"https:\/\/patrimoine-avesnois.fr\/chemin\/vieux-reng\/image-3498\/\" data-orig-file=\"https:\/\/i0.wp.com\/patrimoine-avesnois.fr\/chemin\/wp-content\/uploads\/2026\/08\/image-344.png?fit=480%2C644&amp;ssl=1\" data-orig-size=\"480,644\" data-comments-opened=\"1\" data-image-meta=\"{&quot;aperture&quot;:&quot;0&quot;,&quot;credit&quot;:&quot;&quot;,&quot;camera&quot;:&quot;&quot;,&quot;caption&quot;:&quot;&quot;,&quot;created_timestamp&quot;:&quot;0&quot;,&quot;copyright&quot;:&quot;&quot;,&quot;focal_length&quot;:&quot;0&quot;,&quot;iso&quot;:&quot;0&quot;,&quot;shutter_speed&quot;:&quot;0&quot;,&quot;title&quot;:&quot;&quot;,&quot;orientation&quot;:&quot;0&quot;,&quot;alt&quot;:&quot;&quot;}\" data-image-title=\"image\" data-image-description=\"\" data-image-caption=\"\" data-large-file=\"https:\/\/i0.wp.com\/patrimoine-avesnois.fr\/chemin\/wp-content\/uploads\/2026\/08\/image-344.png?fit=480%2C644&amp;ssl=1\" src=\"https:\/\/i0.wp.com\/patrimoine-avesnois.fr\/chemin\/wp-content\/uploads\/2026\/08\/image-344.png?resize=480%2C644&#038;ssl=1\" alt=\"\" class=\"wp-image-29443\" srcset=\"https:\/\/i0.wp.com\/patrimoine-avesnois.fr\/chemin\/wp-content\/uploads\/2026\/08\/image-344.png?w=480&amp;ssl=1 480w, https:\/\/i0.wp.com\/patrimoine-avesnois.fr\/chemin\/wp-content\/uploads\/2026\/08\/image-344.png?resize=224%2C300&amp;ssl=1 224w\" sizes=\"auto, (max-width: 480px) 85vw, 480px\" \/><figcaption class=\"wp-element-caption\">L&rsquo;\u00e9glise de Vieux-Reng photo 2011<\/figcaption><\/figure>\n<\/div>\n\n\n<p class=\"wp-block-paragraph\"><\/p>\n\n\n\n<p class=\"wp-block-paragraph\"><\/p>\n\n\n<div class=\"wp-block-image\">\n<figure class=\"aligncenter size-full is-resized\"><img data-recalc-dims=\"1\" loading=\"lazy\" decoding=\"async\" width=\"657\" height=\"623\" data-attachment-id=\"29441\" data-permalink=\"https:\/\/patrimoine-avesnois.fr\/chemin\/vieux-reng\/image-3497\/\" data-orig-file=\"https:\/\/i0.wp.com\/patrimoine-avesnois.fr\/chemin\/wp-content\/uploads\/2026\/08\/image-343.png?fit=657%2C623&amp;ssl=1\" data-orig-size=\"657,623\" data-comments-opened=\"1\" data-image-meta=\"{&quot;aperture&quot;:&quot;0&quot;,&quot;credit&quot;:&quot;&quot;,&quot;camera&quot;:&quot;&quot;,&quot;caption&quot;:&quot;&quot;,&quot;created_timestamp&quot;:&quot;0&quot;,&quot;copyright&quot;:&quot;&quot;,&quot;focal_length&quot;:&quot;0&quot;,&quot;iso&quot;:&quot;0&quot;,&quot;shutter_speed&quot;:&quot;0&quot;,&quot;title&quot;:&quot;&quot;,&quot;orientation&quot;:&quot;0&quot;,&quot;alt&quot;:&quot;&quot;}\" data-image-title=\"image\" data-image-description=\"\" data-image-caption=\"\" data-large-file=\"https:\/\/i0.wp.com\/patrimoine-avesnois.fr\/chemin\/wp-content\/uploads\/2026\/08\/image-343.png?fit=657%2C623&amp;ssl=1\" src=\"https:\/\/i0.wp.com\/patrimoine-avesnois.fr\/chemin\/wp-content\/uploads\/2026\/08\/image-343.png?resize=657%2C623&#038;ssl=1\" alt=\"\" class=\"wp-image-29441\" style=\"aspect-ratio:1.0545863521042032;width:479px;height:auto\" srcset=\"https:\/\/i0.wp.com\/patrimoine-avesnois.fr\/chemin\/wp-content\/uploads\/2026\/08\/image-343.png?w=657&amp;ssl=1 657w, https:\/\/i0.wp.com\/patrimoine-avesnois.fr\/chemin\/wp-content\/uploads\/2026\/08\/image-343.png?resize=300%2C284&amp;ssl=1 300w\" sizes=\"auto, (max-width: 657px) 85vw, 657px\" \/><figcaption class=\"wp-element-caption\">\u00c9glise selon un plan en croix latine<\/figcaption><\/figure>\n<\/div>\n\n\n<p class=\"wp-block-paragraph\"><\/p>\n\n\n<div class=\"wp-block-image\">\n<figure class=\"aligncenter size-full is-resized\"><img data-recalc-dims=\"1\" loading=\"lazy\" decoding=\"async\" width=\"578\" height=\"648\" data-attachment-id=\"29432\" data-permalink=\"https:\/\/patrimoine-avesnois.fr\/chemin\/vieux-reng\/image-3495\/\" data-orig-file=\"https:\/\/i0.wp.com\/patrimoine-avesnois.fr\/chemin\/wp-content\/uploads\/2026\/08\/image-341.png?fit=578%2C648&amp;ssl=1\" data-orig-size=\"578,648\" data-comments-opened=\"1\" data-image-meta=\"{&quot;aperture&quot;:&quot;0&quot;,&quot;credit&quot;:&quot;&quot;,&quot;camera&quot;:&quot;&quot;,&quot;caption&quot;:&quot;&quot;,&quot;created_timestamp&quot;:&quot;0&quot;,&quot;copyright&quot;:&quot;&quot;,&quot;focal_length&quot;:&quot;0&quot;,&quot;iso&quot;:&quot;0&quot;,&quot;shutter_speed&quot;:&quot;0&quot;,&quot;title&quot;:&quot;&quot;,&quot;orientation&quot;:&quot;0&quot;,&quot;alt&quot;:&quot;&quot;}\" data-image-title=\"image\" data-image-description=\"\" data-image-caption=\"\" data-large-file=\"https:\/\/i0.wp.com\/patrimoine-avesnois.fr\/chemin\/wp-content\/uploads\/2026\/08\/image-341.png?fit=578%2C648&amp;ssl=1\" src=\"https:\/\/i0.wp.com\/patrimoine-avesnois.fr\/chemin\/wp-content\/uploads\/2026\/08\/image-341.png?resize=578%2C648&#038;ssl=1\" alt=\"\" class=\"wp-image-29432\" style=\"width:482px;height:auto\" srcset=\"https:\/\/i0.wp.com\/patrimoine-avesnois.fr\/chemin\/wp-content\/uploads\/2026\/08\/image-341.png?w=578&amp;ssl=1 578w, https:\/\/i0.wp.com\/patrimoine-avesnois.fr\/chemin\/wp-content\/uploads\/2026\/08\/image-341.png?resize=268%2C300&amp;ssl=1 268w\" sizes=\"auto, (max-width: 578px) 85vw, 578px\" \/><figcaption class=\"wp-element-caption\">Le chevet de l&rsquo;\u00e9glise photo 2018<\/figcaption><\/figure>\n<\/div>\n\n\n<p class=\"wp-block-paragraph\"><\/p>\n\n\n\n<p class=\"wp-block-paragraph\">L\u2019\u00e9glise Saint\u2011Cyriaque de Vieux\u2011Reng, situ\u00e9e au centre du village, est construite selon un plan en croix latine orient\u00e9 nord\u2011est. Son clocher\u2011porche, de type Iverny \u2014 reconnaissable \u00e0 son portail surmont\u00e9 d\u2019un oculus, d\u2019une meurtri\u00e8re, de baies g\u00e9min\u00e9es et d\u2019une fl\u00e8che octogonale encadr\u00e9e de quatre clochetons \u2014 domine une nef unique prolong\u00e9e par un transept marqu\u00e9 et un chevet \u00e0 cinq pans coup\u00e9s.<\/p>\n\n\n\n<p class=\"wp-block-paragraph\">Consacr\u00e9e le 7 d\u00e9cembre 1616 (<em>H. Fisquet, La France pontificale, 1864<\/em>), elle est le r\u00e9sultat d\u2019une longue d\u00e9marche des habitants aupr\u00e8s de l\u2019\u00e9v\u00eaque, apr\u00e8s plusieurs ann\u00e9es de n\u00e9gociations avec l\u2019abbaye d\u2019Hautmont. Agrandie en 1822 puis restaur\u00e9e en 1868, elle subit d\u2019importants dommages durant la Seconde Guerre mondiale, notamment l\u2019effondrement des plafonds cons\u00e9cutif aux bombardements du pont de la rivi\u00e8re.<\/p>\n\n\n\n<p class=\"wp-block-paragraph\"><\/p>\n\n\n<div class=\"wp-block-image\">\n<figure class=\"aligncenter is-resized\"><img data-recalc-dims=\"1\" decoding=\"async\" src=\"https:\/\/i0.wp.com\/www.lobservateur.fr\/wp-content\/uploads\/2017\/03\/e%CC%81glise-vieux-reng2.jpg?w=840&#038;ssl=1\" alt=\"\" style=\"width:640px;height:427px\"\/><figcaption class=\"wp-element-caption\">Plafond r\u00e9nov\u00e9 Photo <a rel=\"noreferrer noopener\" aria-label=\"L'Observateur 21\/03\/217 (opens in a new tab)\" href=\"https:\/\/www.lobservateur.fr\/sambre\/2017\/03\/21\/vieux-reng-quatorze-annees-renover-leglise\/\" target=\"_blank\">L&rsquo;Observateur 21\/03\/2017<\/a><\/figcaption><\/figure>\n<\/div>\n\n\n<p class=\"wp-block-paragraph\"><\/p>\n\n\n\n<p class=\"wp-block-paragraph\">\u00c0 partir de 1983, une vaste campagne de restauration est engag\u00e9e pendant quatorze ans par l\u2019Association de Restauration de l\u2019\u00c9glise, compos\u00e9e de b\u00e9n\u00e9voles. Pr\u00e8s de 400 m\u00b2 de plafonds sont repos\u00e9s, les vo\u00fbtes des autels lat\u00e9raux sont consolid\u00e9es par un arc m\u00e9tallique, la sacristie est enti\u00e8rement refaite, le chemin de croix restaur\u00e9 au micro\u2011pistolet, tandis que la toiture du clocher est reprise par une entreprise sp\u00e9cialis\u00e9e. <\/p>\n\n\n\n<p class=\"wp-block-paragraph\">Cette intervention exemplaire a redonn\u00e9 \u00e0 l\u2019\u00e9difice son volume, sa stabilit\u00e9 et son \u00e9clat.<\/p>\n\n\n\n<p class=\"wp-block-paragraph\"><\/p>\n\n\n<div class=\"wp-block-image\">\n<figure class=\"aligncenter is-resized\"><img data-recalc-dims=\"1\" loading=\"lazy\" decoding=\"async\" width=\"840\" height=\"309\" data-attachment-id=\"5194\" data-permalink=\"https:\/\/patrimoine-avesnois.fr\/chemin\/vieux-reng\/image9\/\" data-orig-file=\"https:\/\/i0.wp.com\/patrimoine-avesnois.fr\/chemin\/wp-content\/uploads\/2019\/06\/Image9.jpg?fit=950%2C350&amp;ssl=1\" data-orig-size=\"950,350\" data-comments-opened=\"1\" data-image-meta=\"{&quot;aperture&quot;:&quot;0&quot;,&quot;credit&quot;:&quot;&quot;,&quot;camera&quot;:&quot;&quot;,&quot;caption&quot;:&quot;&quot;,&quot;created_timestamp&quot;:&quot;1559501578&quot;,&quot;copyright&quot;:&quot;&quot;,&quot;focal_length&quot;:&quot;0&quot;,&quot;iso&quot;:&quot;0&quot;,&quot;shutter_speed&quot;:&quot;0&quot;,&quot;title&quot;:&quot;&quot;,&quot;orientation&quot;:&quot;1&quot;}\" data-image-title=\"Image9\" data-image-description=\"\" data-image-caption=\"\" data-large-file=\"https:\/\/i0.wp.com\/patrimoine-avesnois.fr\/chemin\/wp-content\/uploads\/2019\/06\/Image9.jpg?fit=840%2C309&amp;ssl=1\" src=\"https:\/\/i0.wp.com\/patrimoine-avesnois.fr\/chemin\/wp-content\/uploads\/2019\/06\/Image9.jpg?resize=840%2C309\" alt=\"\" class=\"wp-image-5194\" style=\"width:644px;height:238px\" srcset=\"https:\/\/i0.wp.com\/patrimoine-avesnois.fr\/chemin\/wp-content\/uploads\/2019\/06\/Image9.jpg?w=950&amp;ssl=1 950w, https:\/\/i0.wp.com\/patrimoine-avesnois.fr\/chemin\/wp-content\/uploads\/2019\/06\/Image9.jpg?resize=300%2C111&amp;ssl=1 300w, https:\/\/i0.wp.com\/patrimoine-avesnois.fr\/chemin\/wp-content\/uploads\/2019\/06\/Image9.jpg?resize=768%2C283&amp;ssl=1 768w\" sizes=\"auto, (max-width: 709px) 85vw, (max-width: 909px) 67vw, (max-width: 1362px) 62vw, 840px\" \/><figcaption class=\"wp-element-caption\">Photo Mairie<\/figcaption><\/figure>\n<\/div>\n\n\n<p class=\"wp-block-paragraph\"><\/p>\n\n\n\n<p class=\"wp-block-paragraph\">Elle abrite plusieurs pierres tombales rappelant le souvenir des cur\u00e9s du lieu et des principaux censiers de la Cour aux XVII e et XVIII e&nbsp;si\u00e8cles.<\/p>\n\n\n\n<p class=\"wp-block-paragraph\"><\/p>\n\n\n<div class=\"wp-block-image\">\n<figure class=\"aligncenter size-large is-resized\"><img data-recalc-dims=\"1\" loading=\"lazy\" decoding=\"async\" width=\"840\" height=\"630\" data-attachment-id=\"18633\" data-permalink=\"https:\/\/patrimoine-avesnois.fr\/chemin\/vieux-reng\/thumbnail-3\/\" data-orig-file=\"https:\/\/i0.wp.com\/patrimoine-avesnois.fr\/chemin\/wp-content\/uploads\/2023\/07\/thumbnail-3.jpg?fit=1080%2C810&amp;ssl=1\" data-orig-size=\"1080,810\" data-comments-opened=\"1\" data-image-meta=\"{&quot;aperture&quot;:&quot;0&quot;,&quot;credit&quot;:&quot;&quot;,&quot;camera&quot;:&quot;&quot;,&quot;caption&quot;:&quot;&quot;,&quot;created_timestamp&quot;:&quot;0&quot;,&quot;copyright&quot;:&quot;&quot;,&quot;focal_length&quot;:&quot;0&quot;,&quot;iso&quot;:&quot;0&quot;,&quot;shutter_speed&quot;:&quot;0&quot;,&quot;title&quot;:&quot;&quot;,&quot;orientation&quot;:&quot;0&quot;}\" data-image-title=\"thumbnail-3\" data-image-description=\"\" data-image-caption=\"\" data-large-file=\"https:\/\/i0.wp.com\/patrimoine-avesnois.fr\/chemin\/wp-content\/uploads\/2023\/07\/thumbnail-3.jpg?fit=840%2C630&amp;ssl=1\" src=\"https:\/\/i0.wp.com\/patrimoine-avesnois.fr\/chemin\/wp-content\/uploads\/2023\/07\/thumbnail-3-1024x768.jpg?resize=840%2C630&#038;ssl=1\" alt=\"\" class=\"wp-image-18633\" style=\"width:644px;height:483px\" srcset=\"https:\/\/i0.wp.com\/patrimoine-avesnois.fr\/chemin\/wp-content\/uploads\/2023\/07\/thumbnail-3.jpg?resize=1024%2C768&amp;ssl=1 1024w, https:\/\/i0.wp.com\/patrimoine-avesnois.fr\/chemin\/wp-content\/uploads\/2023\/07\/thumbnail-3.jpg?resize=300%2C225&amp;ssl=1 300w, https:\/\/i0.wp.com\/patrimoine-avesnois.fr\/chemin\/wp-content\/uploads\/2023\/07\/thumbnail-3.jpg?resize=768%2C576&amp;ssl=1 768w, https:\/\/i0.wp.com\/patrimoine-avesnois.fr\/chemin\/wp-content\/uploads\/2023\/07\/thumbnail-3.jpg?w=1080&amp;ssl=1 1080w\" sizes=\"auto, (max-width: 709px) 85vw, (max-width: 909px) 67vw, (max-width: 1362px) 62vw, 840px\" \/><figcaption class=\"wp-element-caption\">Le buffet d&rsquo;orgue et la tribune d&rsquo;orgue de Vieux-Reng (1868)<\/figcaption><\/figure>\n<\/div>\n\n\n<p class=\"wp-block-paragraph\"><\/p>\n\n\n\n<p class=\"wp-block-paragraph\">Sont class\u00e9s objets mobiliers prot\u00e9g\u00e9s au titre des Monuments Historiques du Nord 6 statues (Saint Antoine de Padoue-Vierge \u00e0 l&rsquo;Enfant-statue de calvaire : Vierge-statue de calvaire : Saint Jean l&rsquo;Evang\u00e9liste- Saint Laurent- le Christ en croix), le ma\u00eetre-autel, la cl\u00f4ture du choeur et des autels lat\u00e9raux (banc de communion) avec quatre statues, l&rsquo;autel lat\u00e9ral sud de Saint-Cyriaque, l&rsquo;autel de la Sainte Vierge dans la chapelle lat\u00e9rale nord, six stalles avec six statues, une chaire \u00e0 pr\u00eacher dans la nef centrale, le buffet d&rsquo;orgue et la tribune d&rsquo;orgue de 1868.<\/p>\n\n\n\n<p class=\"wp-block-paragraph\"><\/p>\n\n\n<div class=\"wp-block-image\">\n<figure class=\"aligncenter size-large is-resized\"><img data-recalc-dims=\"1\" loading=\"lazy\" decoding=\"async\" width=\"769\" height=\"577\" data-attachment-id=\"17307\" data-permalink=\"https:\/\/patrimoine-avesnois.fr\/chemin\/vieux-reng\/mairie-6-2\/\" data-orig-file=\"https:\/\/i0.wp.com\/patrimoine-avesnois.fr\/chemin\/wp-content\/uploads\/2022\/01\/Mairie-6.jpg?fit=769%2C577&amp;ssl=1\" data-orig-size=\"769,577\" data-comments-opened=\"1\" data-image-meta=\"{&quot;aperture&quot;:&quot;0&quot;,&quot;credit&quot;:&quot;CARRE&quot;,&quot;camera&quot;:&quot;&quot;,&quot;caption&quot;:&quot;&quot;,&quot;created_timestamp&quot;:&quot;1641406193&quot;,&quot;copyright&quot;:&quot;&quot;,&quot;focal_length&quot;:&quot;0&quot;,&quot;iso&quot;:&quot;0&quot;,&quot;shutter_speed&quot;:&quot;0&quot;,&quot;title&quot;:&quot;&quot;,&quot;orientation&quot;:&quot;1&quot;}\" data-image-title=\"Mairie-6\" data-image-description=\"\" data-image-caption=\"\" data-large-file=\"https:\/\/i0.wp.com\/patrimoine-avesnois.fr\/chemin\/wp-content\/uploads\/2022\/01\/Mairie-6.jpg?fit=769%2C577&amp;ssl=1\" src=\"https:\/\/i0.wp.com\/patrimoine-avesnois.fr\/chemin\/wp-content\/uploads\/2022\/01\/Mairie-6.jpg?resize=769%2C577\" alt=\"\" class=\"wp-image-17307\" style=\"width:640px;height:480px\" srcset=\"https:\/\/i0.wp.com\/patrimoine-avesnois.fr\/chemin\/wp-content\/uploads\/2022\/01\/Mairie-6.jpg?w=769&amp;ssl=1 769w, https:\/\/i0.wp.com\/patrimoine-avesnois.fr\/chemin\/wp-content\/uploads\/2022\/01\/Mairie-6.jpg?resize=300%2C225&amp;ssl=1 300w\" sizes=\"auto, (max-width: 769px) 85vw, 769px\" \/><figcaption class=\"wp-element-caption\">B\u00e2timent Mairie Ecole reconstruit dans les ann\u00e9es 1950 avec un \u00e9tage afin de scolariser l&rsquo;ensemble des \u00e9l\u00e8ves de la commune. Photo <a href=\"https:\/\/www.google.fr\/maps\/@50.3298756,4.047511,3a,75y,195.42h,84.61t\/data=!3m6!1e1!3m4!1sBG7pOJkhUplSTWyXTwY0fA!2e0!7i16384!8i8192\" target=\"_blank\" rel=\"noreferrer noopener\">Google 2019<\/a><\/figcaption><\/figure>\n<\/div>\n\n\n<p class=\"wp-block-paragraph\"><\/p>\n\n\n<div class=\"wp-block-image\">\n<figure class=\"aligncenter is-resized\"><img decoding=\"async\" src=\"https:\/\/upload.wikimedia.org\/wikipedia\/commons\/thumb\/6\/64\/Vieux-Reng_%28Nord%2C_Fr%29_Salle_des_f%C3%AAtes.JPG\/1280px-Vieux-Reng_%28Nord%2C_Fr%29_Salle_des_f%C3%AAtes.JPG\" alt=\"\" style=\"width:640px;height:480px\"\/><figcaption class=\"wp-element-caption\">La Salle des F\u00eates construite dans les ann\u00e9es 1930. Elle fut r\u00e9nov\u00e9e il y a une vingtaine d&rsquo;ann\u00e9es et la commune en a profit\u00e9 pour y mettre contigu\u00eb une salle de sport (Equipe de Volley Ball). Photo 2011<\/figcaption><\/figure>\n<\/div>\n\n\n<p class=\"wp-block-paragraph\"><\/p>\n\n\n<div class=\"wp-block-image\">\n<figure class=\"aligncenter is-resized\"><img decoding=\"async\" src=\"https:\/\/upload.wikimedia.org\/wikipedia\/commons\/thumb\/2\/2d\/Vieux-Reng_%28Nord%2C_Fr%29_kiosque_%C3%A0_musique.JPG\/1280px-Vieux-Reng_%28Nord%2C_Fr%29_kiosque_%C3%A0_musique.JPG\" alt=\"\" style=\"width:640px;height:480px\"\/><figcaption class=\"wp-element-caption\">Le Kiosque \u00e0 musique de 1925 Photo Havang 2011<\/figcaption><\/figure>\n<\/div>\n\n\n<p class=\"wp-block-paragraph\"><\/p>\n\n\n<div class=\"wp-block-image\">\n<figure class=\"aligncenter size-large is-resized\"><img data-recalc-dims=\"1\" loading=\"lazy\" decoding=\"async\" width=\"840\" height=\"532\" data-attachment-id=\"21135\" data-permalink=\"https:\/\/patrimoine-avesnois.fr\/chemin\/vieux-reng\/image-1998\/\" data-orig-file=\"https:\/\/i0.wp.com\/patrimoine-avesnois.fr\/chemin\/wp-content\/uploads\/2025\/02\/image-7.png?fit=1243%2C786&amp;ssl=1\" data-orig-size=\"1243,786\" data-comments-opened=\"1\" data-image-meta=\"{&quot;aperture&quot;:&quot;0&quot;,&quot;credit&quot;:&quot;&quot;,&quot;camera&quot;:&quot;&quot;,&quot;caption&quot;:&quot;&quot;,&quot;created_timestamp&quot;:&quot;0&quot;,&quot;copyright&quot;:&quot;&quot;,&quot;focal_length&quot;:&quot;0&quot;,&quot;iso&quot;:&quot;0&quot;,&quot;shutter_speed&quot;:&quot;0&quot;,&quot;title&quot;:&quot;&quot;,&quot;orientation&quot;:&quot;0&quot;}\" data-image-title=\"image\" data-image-description=\"\" data-image-caption=\"\" data-large-file=\"https:\/\/i0.wp.com\/patrimoine-avesnois.fr\/chemin\/wp-content\/uploads\/2025\/02\/image-7.png?fit=840%2C532&amp;ssl=1\" src=\"https:\/\/i0.wp.com\/patrimoine-avesnois.fr\/chemin\/wp-content\/uploads\/2025\/02\/image-7-1024x648.png?resize=840%2C532&#038;ssl=1\" alt=\"\" class=\"wp-image-21135\" style=\"width:575px;height:auto\" srcset=\"https:\/\/i0.wp.com\/patrimoine-avesnois.fr\/chemin\/wp-content\/uploads\/2025\/02\/image-7.png?resize=1024%2C648&amp;ssl=1 1024w, https:\/\/i0.wp.com\/patrimoine-avesnois.fr\/chemin\/wp-content\/uploads\/2025\/02\/image-7.png?resize=300%2C190&amp;ssl=1 300w, https:\/\/i0.wp.com\/patrimoine-avesnois.fr\/chemin\/wp-content\/uploads\/2025\/02\/image-7.png?resize=768%2C486&amp;ssl=1 768w, https:\/\/i0.wp.com\/patrimoine-avesnois.fr\/chemin\/wp-content\/uploads\/2025\/02\/image-7.png?resize=1200%2C759&amp;ssl=1 1200w, https:\/\/i0.wp.com\/patrimoine-avesnois.fr\/chemin\/wp-content\/uploads\/2025\/02\/image-7.png?w=1243&amp;ssl=1 1243w\" sizes=\"auto, (max-width: 709px) 85vw, (max-width: 909px) 67vw, (max-width: 1362px) 62vw, 840px\" \/><\/figure>\n<\/div>\n\n\n<p class=\"wp-block-paragraph\"><\/p>\n\n\n<div class=\"wp-block-image\">\n<figure class=\"aligncenter size-full\"><img data-recalc-dims=\"1\" loading=\"lazy\" decoding=\"async\" width=\"440\" height=\"581\" data-attachment-id=\"29426\" data-permalink=\"https:\/\/patrimoine-avesnois.fr\/chemin\/vieux-reng\/image-3491\/\" data-orig-file=\"https:\/\/i0.wp.com\/patrimoine-avesnois.fr\/chemin\/wp-content\/uploads\/2026\/08\/image-337.png?fit=440%2C581&amp;ssl=1\" data-orig-size=\"440,581\" data-comments-opened=\"1\" data-image-meta=\"{&quot;aperture&quot;:&quot;0&quot;,&quot;credit&quot;:&quot;&quot;,&quot;camera&quot;:&quot;&quot;,&quot;caption&quot;:&quot;&quot;,&quot;created_timestamp&quot;:&quot;0&quot;,&quot;copyright&quot;:&quot;&quot;,&quot;focal_length&quot;:&quot;0&quot;,&quot;iso&quot;:&quot;0&quot;,&quot;shutter_speed&quot;:&quot;0&quot;,&quot;title&quot;:&quot;&quot;,&quot;orientation&quot;:&quot;0&quot;,&quot;alt&quot;:&quot;&quot;}\" data-image-title=\"image\" data-image-description=\"\" data-image-caption=\"\" data-large-file=\"https:\/\/i0.wp.com\/patrimoine-avesnois.fr\/chemin\/wp-content\/uploads\/2026\/08\/image-337.png?fit=440%2C581&amp;ssl=1\" src=\"https:\/\/i0.wp.com\/patrimoine-avesnois.fr\/chemin\/wp-content\/uploads\/2026\/08\/image-337.png?resize=440%2C581&#038;ssl=1\" alt=\"\" class=\"wp-image-29426\" srcset=\"https:\/\/i0.wp.com\/patrimoine-avesnois.fr\/chemin\/wp-content\/uploads\/2026\/08\/image-337.png?w=440&amp;ssl=1 440w, https:\/\/i0.wp.com\/patrimoine-avesnois.fr\/chemin\/wp-content\/uploads\/2026\/08\/image-337.png?resize=227%2C300&amp;ssl=1 227w\" sizes=\"auto, (max-width: 440px) 85vw, 440px\" \/><figcaption class=\"wp-element-caption\">Le Monument aux Morts <em>sur la Place Raoul Henri<\/em>. Photo Havang 2011<\/figcaption><\/figure>\n<\/div>\n\n\n<p class=\"wp-block-paragraph\"><\/p>\n\n\n\n<p class=\"wp-block-paragraph\">Cette place a \u00e9t\u00e9 r\u00e9nov\u00e9e en 2010 avec cr\u00e9ation d&rsquo;un espace vert. Elle doit son nom \u00e0 un agriculteur de Vieux-Reng qui a fait don d&rsquo;une quinzaine d&rsquo;hectares \u00e0 la commune.<\/p>\n\n\n<div class=\"wp-block-image\">\n<figure class=\"aligncenter is-resized\"><img decoding=\"async\" src=\"http:\/\/i2.wp.com\/www.calvaires-avesnois.fr\/wp-content\/uploads\/2016\/09\/Nouvelle-image-2-8.png?resize=296%2C492\" alt=\"Calvaire au hameau de Lameries\" style=\"width:336px;height:558px\"\/><figcaption class=\"wp-element-caption\">Calvaire au hameau de Lameries<\/figcaption><\/figure>\n<\/div>\n\n\n<p class=\"wp-block-paragraph\"><\/p>\n\n\n<div class=\"wp-block-image\">\n<figure class=\"aligncenter is-resized\"><img data-recalc-dims=\"1\" height=\"455\" width=\"840\" decoding=\"async\" src=\"https:\/\/i0.wp.com\/oratoiresetchapelles-avesnois.fr\/wp-content\/uploads\/2017\/04\/Capturer1-1-1024x555.png?resize=840%2C455\" alt=\"Capturer1\" style=\"width:655px;height:355px\"\/><figcaption class=\"wp-element-caption\"><a href=\"http:\/\/oratoiresetchapelles-avesnois.fr\/vieux-reng\/\" target=\"_blank\" rel=\"noreferrer noopener\" aria-label=\"5 oratoires et 3 chapelles (opens in a new tab)\">5 oratoires et 3 chapelles<\/a><\/figcaption><\/figure>\n<\/div>\n\n\n<p class=\"has-text-align-center wp-block-paragraph\">***<\/p>\n\n\n\n<figure class=\"wp-block-gallery has-nested-images columns-default is-cropped wp-block-gallery-1 is-layout-flex wp-block-gallery-is-layout-flex\">\n<figure class=\"wp-block-image size-large\"><img data-recalc-dims=\"1\" loading=\"lazy\" decoding=\"async\" width=\"416\" height=\"267\" data-attachment-id=\"5195\" data-permalink=\"https:\/\/patrimoine-avesnois.fr\/chemin\/vieux-reng\/capture2-35\/\" data-orig-file=\"https:\/\/i0.wp.com\/patrimoine-avesnois.fr\/chemin\/wp-content\/uploads\/2019\/06\/Capture2-1.jpg?fit=416%2C267&amp;ssl=1\" data-orig-size=\"416,267\" data-comments-opened=\"1\" data-image-meta=\"{&quot;aperture&quot;:&quot;0&quot;,&quot;credit&quot;:&quot;CARRE&quot;,&quot;camera&quot;:&quot;&quot;,&quot;caption&quot;:&quot;&quot;,&quot;created_timestamp&quot;:&quot;1559503087&quot;,&quot;copyright&quot;:&quot;&quot;,&quot;focal_length&quot;:&quot;0&quot;,&quot;iso&quot;:&quot;0&quot;,&quot;shutter_speed&quot;:&quot;0&quot;,&quot;title&quot;:&quot;&quot;,&quot;orientation&quot;:&quot;0&quot;}\" data-image-title=\"Capture2\" data-image-description=\"\" data-image-caption=\"\" data-large-file=\"https:\/\/i0.wp.com\/patrimoine-avesnois.fr\/chemin\/wp-content\/uploads\/2019\/06\/Capture2-1.jpg?fit=416%2C267&amp;ssl=1\" data-id=\"5195\" src=\"https:\/\/i0.wp.com\/patrimoine-avesnois.fr\/chemin\/wp-content\/uploads\/2019\/06\/Capture2-1.jpg?resize=416%2C267&#038;ssl=1\" alt=\"\" class=\"wp-image-5195\" srcset=\"https:\/\/i0.wp.com\/patrimoine-avesnois.fr\/chemin\/wp-content\/uploads\/2019\/06\/Capture2-1.jpg?w=416&amp;ssl=1 416w, https:\/\/i0.wp.com\/patrimoine-avesnois.fr\/chemin\/wp-content\/uploads\/2019\/06\/Capture2-1.jpg?resize=300%2C193&amp;ssl=1 300w\" sizes=\"auto, (max-width: 416px) 85vw, 416px\" \/><figcaption class=\"wp-element-caption\">Puits de 3 m de profondeur<\/figcaption><\/figure>\n\n\n\n<figure class=\"wp-block-image size-large\"><img data-recalc-dims=\"1\" loading=\"lazy\" decoding=\"async\" width=\"455\" height=\"269\" data-attachment-id=\"5196\" data-permalink=\"https:\/\/patrimoine-avesnois.fr\/chemin\/vieux-reng\/capture1-47\/\" data-orig-file=\"https:\/\/i0.wp.com\/patrimoine-avesnois.fr\/chemin\/wp-content\/uploads\/2019\/06\/Capture1-2.jpg?fit=455%2C269&amp;ssl=1\" data-orig-size=\"455,269\" data-comments-opened=\"1\" data-image-meta=\"{&quot;aperture&quot;:&quot;0&quot;,&quot;credit&quot;:&quot;CARRE&quot;,&quot;camera&quot;:&quot;&quot;,&quot;caption&quot;:&quot;&quot;,&quot;created_timestamp&quot;:&quot;1559502985&quot;,&quot;copyright&quot;:&quot;&quot;,&quot;focal_length&quot;:&quot;0&quot;,&quot;iso&quot;:&quot;0&quot;,&quot;shutter_speed&quot;:&quot;0&quot;,&quot;title&quot;:&quot;&quot;,&quot;orientation&quot;:&quot;0&quot;}\" data-image-title=\"Capture1\" data-image-description=\"\" data-image-caption=\"\" data-large-file=\"https:\/\/i0.wp.com\/patrimoine-avesnois.fr\/chemin\/wp-content\/uploads\/2019\/06\/Capture1-2.jpg?fit=455%2C269&amp;ssl=1\" data-id=\"5196\" src=\"https:\/\/i0.wp.com\/patrimoine-avesnois.fr\/chemin\/wp-content\/uploads\/2019\/06\/Capture1-2.jpg?resize=455%2C269&#038;ssl=1\" alt=\"\" class=\"wp-image-5196\" srcset=\"https:\/\/i0.wp.com\/patrimoine-avesnois.fr\/chemin\/wp-content\/uploads\/2019\/06\/Capture1-2.jpg?w=455&amp;ssl=1 455w, https:\/\/i0.wp.com\/patrimoine-avesnois.fr\/chemin\/wp-content\/uploads\/2019\/06\/Capture1-2.jpg?resize=300%2C177&amp;ssl=1 300w\" sizes=\"auto, (max-width: 455px) 85vw, 455px\" \/><figcaption class=\"wp-element-caption\">Pont<\/figcaption><\/figure>\n\n\n\n<figure class=\"wp-block-image size-large\"><img data-recalc-dims=\"1\" loading=\"lazy\" decoding=\"async\" width=\"457\" height=\"267\" data-attachment-id=\"5197\" data-permalink=\"https:\/\/patrimoine-avesnois.fr\/chemin\/vieux-reng\/capture-127\/\" data-orig-file=\"https:\/\/i0.wp.com\/patrimoine-avesnois.fr\/chemin\/wp-content\/uploads\/2019\/06\/Capture-5.jpg?fit=457%2C267&amp;ssl=1\" data-orig-size=\"457,267\" data-comments-opened=\"1\" data-image-meta=\"{&quot;aperture&quot;:&quot;0&quot;,&quot;credit&quot;:&quot;CARRE&quot;,&quot;camera&quot;:&quot;&quot;,&quot;caption&quot;:&quot;&quot;,&quot;created_timestamp&quot;:&quot;1559502160&quot;,&quot;copyright&quot;:&quot;&quot;,&quot;focal_length&quot;:&quot;0&quot;,&quot;iso&quot;:&quot;0&quot;,&quot;shutter_speed&quot;:&quot;0&quot;,&quot;title&quot;:&quot;&quot;,&quot;orientation&quot;:&quot;0&quot;}\" data-image-title=\"Capture\" data-image-description=\"\" data-image-caption=\"\" data-large-file=\"https:\/\/i0.wp.com\/patrimoine-avesnois.fr\/chemin\/wp-content\/uploads\/2019\/06\/Capture-5.jpg?fit=457%2C267&amp;ssl=1\" data-id=\"5197\" src=\"https:\/\/i0.wp.com\/patrimoine-avesnois.fr\/chemin\/wp-content\/uploads\/2019\/06\/Capture-5.jpg?resize=457%2C267&#038;ssl=1\" alt=\"\" class=\"wp-image-5197\" srcset=\"https:\/\/i0.wp.com\/patrimoine-avesnois.fr\/chemin\/wp-content\/uploads\/2019\/06\/Capture-5.jpg?w=457&amp;ssl=1 457w, https:\/\/i0.wp.com\/patrimoine-avesnois.fr\/chemin\/wp-content\/uploads\/2019\/06\/Capture-5.jpg?resize=300%2C175&amp;ssl=1 300w\" sizes=\"auto, (max-width: 457px) 85vw, 457px\" \/><figcaption class=\"wp-element-caption\">Cascade <\/figcaption><\/figure>\n<\/figure>\n\n\n\n<p class=\"wp-block-paragraph\"><\/p>\n\n\n\n<p class=\"wp-block-paragraph\">Le puits communal permet aux agriculteurs de venir chercher de l&rsquo;eau pour leurs troupeaux. Quant \u00e0 la cascade, elle est artificielle, ayant \u00e9t\u00e9 am\u00e9nag\u00e9e lors de la production apr\u00e8s guerre d&rsquo;\u00e9lectricit\u00e9 par une turbine situ\u00e9e dans une habitation voisine.<\/p>\n\n\n\n<p class=\"has-text-align-center wp-block-paragraph\">***<\/p>\n\n\n\n<p class=\"wp-block-paragraph\">Cette localit\u00e9 avait la particularit\u00e9 de poss\u00e9der quatre moulins dont un sur le Ruisseau de l\u2019H\u00f4pital et trois sur la Trouille.<\/p>\n\n\n<div class=\"wp-block-image\">\n<figure class=\"aligncenter is-resized\"><img data-recalc-dims=\"1\" decoding=\"async\" src=\"https:\/\/i0.wp.com\/www.moulins-avesnois.fr\/wp-content\/uploads\/2018\/03\/Vieux-Reng.png?w=840\" alt=\"\" class=\"wp-image-444\" style=\"width:640px;height:456px\"\/><figcaption class=\"wp-element-caption\">Vieux-Reng<\/figcaption><\/figure>\n<\/div>\n\n\n<p class=\"wp-block-paragraph\">Le Moulin de Lameries&nbsp;:<\/p>\n\n\n\n<p class=\"wp-block-paragraph\">Cette rivi\u00e8re, au hameau de Lameries, faisait tourner un moulin situ\u00e9 face \u00e0 l\u2019\u00e9glise. Louis Ferrand + 1801 \u00e9poux de Marie Victoire Paveau + 1818 en \u00e9tait le meunier. En 1801 ses trois enfants h\u00e9rit\u00e8rent d\u2019une maison avec le petit moulin.<\/p>\n\n\n\n<p class=\"wp-block-paragraph\">Alexandre Rochefort, meunier, fut le propri\u00e9taire suivant (cadastre de 1844). &nbsp;Sa veuve souhaita vendre en 1851 ce moulin \u00e0 bl\u00e9 \u00e0 deux tournants. Vincent Bureau et Vincent Kaupermann en furent les acheteurs. Alexandre Lauthier le d\u00e9tenait en 1873 puis Antoine Coupermanne mari\u00e9 \u00e0 Odile Bouillez en 1880. Le moulin n\u2019\u00e9tait d\u00e9j\u00e0 plus qu\u2019un b\u00e2timent agricole et la maison fut achet\u00e9e vers 1892 par Pierre Dereme, instituteur \u00e0 Grand-Reng. Vers 1905, Marie Vergucht \u00e9pouse d\u2019Omer Delacroix en fit un caf\u00e9.<\/p>\n\n\n\n<p class=\"wp-block-paragraph\">Le Moulin du Village&nbsp;:<\/p>\n\n\n<div class=\"wp-block-image\">\n<figure class=\"aligncenter is-resized\"><img data-recalc-dims=\"1\" decoding=\"async\" src=\"https:\/\/i0.wp.com\/www.moulins-avesnois.fr\/wp-content\/uploads\/2018\/03\/Vieux-Reng.jpg?w=840\" alt=\"\" style=\"width:640px;height:480px\"\/><figcaption class=\"wp-element-caption\">La cascade Par Chatsam \u2014 Travail personnel, CC BY-SA 3.0, <a href=\"https:\/\/commons.wikimedia.org\/w\/index.php?curid=14622408\" target=\"_blank\" rel=\"noreferrer noopener\">https:\/\/commons.wikimedia.org\/w\/index.php?curid=14622408<\/a><\/figcaption><\/figure>\n<\/div>\n\n\n<p class=\"wp-block-paragraph\"><\/p>\n\n\n\n<p class=\"wp-block-paragraph\">Situ\u00e9 pr\u00e8s de l\u2019\u00e9glise, ce moulin appartenait d\u00e9j\u00e0 au XII e si\u00e8cle \u00e0 l\u2019abbaye d\u2019Hautmont.<\/p>\n\n\n\n<p class=\"wp-block-paragraph\">Ce moulin a fait, au cours des si\u00e8cles, l\u2019objet de plusieurs transformations. En 162o, les religieux de Saint-Pierre firent agrandir le bief. En 1629, un proc\u00e8s se termina par l\u2019obligation pour l\u2019abbaye de faire \u00e9largir et approfondir le canal servant \u00e0 amener l\u2019eau au moulin. Un si\u00e8cle plus tard, les moines d\u2019Hautmont s\u2019entendirent avec le seigneur de Vieux-Reng, M. Camisel, pour faciliter l\u2019\u00e9coulement des eaux dans la localit\u00e9. En 1755, le moulin \u00e9tait exploit\u00e9 par Nicolas Dubois et sa s\u0153ur Th\u00e9r\u00e8se. Nous savons qu\u2019il s\u2019agit d\u2019un \u00ab moulin \u00e0 deux tournans, avec les usines et cours d\u2019eau, maison, \u00e9table, jardin, un demi-bonnier de p\u00e2ture, tenant \u00e0 la Trouille, un journel d\u2019\u00e9tang servant \u00e0 l\u2019amas d\u2019eau tenant \u00e0 la venteillerie du moulin aboutissant \u00e0 la rivi\u00e8re \u00bb. La mouture \u00e9tait au seizi\u00e8me. Le meunier rendait chaque ann\u00e9e 220 livres, un porc gras et 9 muids de \u00ab verreux \u00bb \u00e0 Saint-Pierre d\u2019Hautmont.<\/p>\n\n\n\n<p class=\"wp-block-paragraph\">En 1781, l\u2019exploitation que nous venons de d\u00e9crire \u00e9tait afferm\u00e9e \u00e0 un meunier de Solre-sur-Sambre, Charles-Joseph Andr\u00e9. L\u2019ensemble des constructions \u00e9tait en mauvais \u00e9tat : \u00ab comme les \u00e9difices du moulin tant corps de logis que la grange, \u00e9tables, digues et autres sont fort n\u00e9glig\u00e9s et d\u00e9t\u00e9rior\u00e9s, les abb\u00e9 et religieux promettent de les r\u00e9parer et mettre en bon \u00e9tat, de m\u00eame que tout ce qui est jug\u00e9 d\u00e9fectueux et hors de service par la visite des experts qu\u2019en a \u00e9t\u00e9 faite le 16 f\u00e9vrier de la pr\u00e9sente ann\u00e9e 1781, except\u00e9 le bief que le preneur s\u2019est oblig\u00e9 de nettoyer et mettre en bon \u00e9tat \u00e0 ses frais \u00bb.<\/p>\n\n\n\n<p class=\"wp-block-paragraph\">En 1797 Charles Andr\u00e9 + 1824 et sa femme C\u00e9lestine Moreau + 1819 le poss\u00e9dait. Ce couple avait \u00e9galement le moulin de la Salmagne sur le ruisseau de l\u2019H\u00f4pital. A leur d\u00e9c\u00e8s, le moulin \u00e0 deux tournants actionnant chacun une paire de meules revint \u00e0 leurs enfants dont l\u2019un d\u2019eux Charles Alexandre (1780 1819) fut meunier. A leur tour son fils Adolphe (1808 1857) puis son petit-fils Jules Valentin (1841 1888) apprirent le m\u00e9tier. Jos\u00e9phine Constance Pierart, veuve de Jules Valentin, poursuivit l\u2019activit\u00e9 de meuni\u00e8re jusqu\u2019en 1914. Le moulin fut d\u00e9moli en 1920 suite aux d\u00e9g\u00e2ts occasionn\u00e9s par la guerre. Il ne reste plus que la cascade.<\/p>\n\n\n\n<p class=\"wp-block-paragraph\">Le moulin de la Fr\u00eale&nbsp;:<\/p>\n\n\n<div class=\"wp-block-image\">\n<figure class=\"aligncenter is-resized\"><img data-recalc-dims=\"1\" decoding=\"async\" data-attachment-id=\"692\" data-permalink=\"https:\/\/patrimoine-avesnois.fr\/chemin\/clairfayts\/image-105\/\" data-orig-file=\"https:\/\/i0.wp.com\/patrimoine-avesnois.fr\/chemin\/wp-content\/uploads\/2019\/04\/image-83.png?fit=576%2C695&amp;ssl=1\" data-orig-size=\"576,695\" data-comments-opened=\"1\" data-image-meta=\"{&quot;aperture&quot;:&quot;0&quot;,&quot;credit&quot;:&quot;&quot;,&quot;camera&quot;:&quot;&quot;,&quot;caption&quot;:&quot;&quot;,&quot;created_timestamp&quot;:&quot;0&quot;,&quot;copyright&quot;:&quot;&quot;,&quot;focal_length&quot;:&quot;0&quot;,&quot;iso&quot;:&quot;0&quot;,&quot;shutter_speed&quot;:&quot;0&quot;,&quot;title&quot;:&quot;&quot;,&quot;orientation&quot;:&quot;0&quot;}\" data-image-title=\"image\" data-image-description=\"\" data-image-caption=\"\" data-large-file=\"https:\/\/i0.wp.com\/patrimoine-avesnois.fr\/chemin\/wp-content\/uploads\/2019\/04\/image-83.png?fit=576%2C695&amp;ssl=1\" src=\"https:\/\/i0.wp.com\/www.moulins-avesnois.fr\/wp-content\/uploads\/2018\/03\/Capture2-1.png?w=840\" alt=\"\" class=\"wp-image-692\" style=\"width:640px;height:448px\"\/><figcaption class=\"wp-element-caption\">Le moulin de la Foulerie ou de la Pr\u00eale<\/figcaption><\/figure>\n<\/div>\n\n\n<p class=\"wp-block-paragraph\">A la sortie du village, non loin de l\u2019actuelle \u00e9cole de parachutisme, se mouvait une foulerie qui en 1810 \u00e9tait d\u00e9j\u00e0 un moulin \u00e0 farine appartenant \u00e0 la veuve Boulard, renti\u00e8re \u00e0 Aix la Chapelle. Alexandre Mercier + 1814 en \u00e9tait le meunier. Sa veuve Jos\u00e9phine Odille Bosquet + 1847 l\u2019acquit vers 1815. Il n\u2019avait qu\u2019une roue mais deux paires de meules. Une de ses filles Caroline (1815 1882) mari\u00e9 \u00e0 Florent G\u00e9rard (1802 1847) puis remari\u00e9e en 1849 \u00e0 Usmer F\u00e9lix Bosquet (1820 1857) y habita et fut \u00e0 la fois cultivatrice et meuni\u00e8re.<\/p>\n\n\n\n<p class=\"wp-block-paragraph\">Le moulin dit de la Foulerie fut mis en vente en 1870 et acquis par Timol\u00e9on Gillot + 1894 \u00e9poux de Laure Marie Arnould. Le fils Albert Gillot d\u00e9c\u00e9da en 1963 et l\u2019activit\u00e9 du moulin servant \u00e0 la mouture pour animaux cessa alors. Les b\u00e2timents de briques en L sont toujours visibles de nos jours sur la D 28 au 116 rue de Maubeuge. L\u2019\u00e9tang quant \u00e0 lui a \u00e9t\u00e9 ass\u00e9ch\u00e9 vers 1970.<\/p>\n\n\n\n<p class=\"has-text-align-center wp-block-paragraph\">***<\/p>\n\n\n<div class=\"wp-block-image\">\n<figure class=\"aligncenter is-resized\"><img data-recalc-dims=\"1\" decoding=\"async\" src=\"https:\/\/i0.wp.com\/www.moulins-avesnois.fr\/wp-content\/uploads\/2018\/01\/Vieux-Reng.jpg?w=840\" alt=\"\" class=\"wp-image-430\" style=\"width:610px;height:525px\"\/><figcaption class=\"wp-element-caption\">Vieux-Reng<\/figcaption><\/figure>\n<\/div>\n\n\n<figure class=\"wp-block-gallery has-nested-images columns-default is-cropped wp-block-gallery-2 is-layout-flex wp-block-gallery-is-layout-flex\">\n<figure class=\"wp-block-image size-large\"><img data-recalc-dims=\"1\" loading=\"lazy\" decoding=\"async\" width=\"768\" height=\"1024\" data-attachment-id=\"5191\" data-permalink=\"https:\/\/patrimoine-avesnois.fr\/chemin\/vieux-reng\/moulin-de-vieux-reng-les-molinots-1-e1557926780982-768x1024\/\" data-orig-file=\"https:\/\/i0.wp.com\/patrimoine-avesnois.fr\/chemin\/wp-content\/uploads\/2019\/06\/Moulin-de-Vieux-Reng-Les-Molinots-1-e1557926780982-768x1024.jpg?fit=768%2C1024&amp;ssl=1\" data-orig-size=\"768,1024\" data-comments-opened=\"1\" data-image-meta=\"{&quot;aperture&quot;:&quot;3.2&quot;,&quot;credit&quot;:&quot;&quot;,&quot;camera&quot;:&quot;COOLPIX S6200&quot;,&quot;caption&quot;:&quot;&quot;,&quot;created_timestamp&quot;:&quot;1557849442&quot;,&quot;copyright&quot;:&quot;&quot;,&quot;focal_length&quot;:&quot;4.5&quot;,&quot;iso&quot;:&quot;80&quot;,&quot;shutter_speed&quot;:&quot;0.00625&quot;,&quot;title&quot;:&quot;&quot;,&quot;orientation&quot;:&quot;1&quot;}\" data-image-title=\"Moulin-de-Vieux-Reng-Les-Molinots-1-e1557926780982-768&amp;#215;1024\" data-image-description=\"\" data-image-caption=\"\" data-large-file=\"https:\/\/i0.wp.com\/patrimoine-avesnois.fr\/chemin\/wp-content\/uploads\/2019\/06\/Moulin-de-Vieux-Reng-Les-Molinots-1-e1557926780982-768x1024.jpg?fit=768%2C1024&amp;ssl=1\" data-id=\"5191\" src=\"https:\/\/i0.wp.com\/patrimoine-avesnois.fr\/chemin\/wp-content\/uploads\/2019\/06\/Moulin-de-Vieux-Reng-Les-Molinots-1-e1557926780982-768x1024-768x1024.jpg?resize=768%2C1024&#038;ssl=1\" alt=\"\" class=\"wp-image-5191\" srcset=\"https:\/\/i0.wp.com\/patrimoine-avesnois.fr\/chemin\/wp-content\/uploads\/2019\/06\/Moulin-de-Vieux-Reng-Les-Molinots-1-e1557926780982-768x1024.jpg?resize=768%2C1024&amp;ssl=1 768w, https:\/\/i0.wp.com\/patrimoine-avesnois.fr\/chemin\/wp-content\/uploads\/2019\/06\/Moulin-de-Vieux-Reng-Les-Molinots-1-e1557926780982-768x1024.jpg?resize=225%2C300&amp;ssl=1 225w\" sizes=\"auto, (max-width: 768px) 85vw, 768px\" \/><figcaption class=\"wp-element-caption\"> <br><em>Moulin de Vieux-Reng ( Les Molinots)<\/em> <\/figcaption><\/figure>\n\n\n\n<figure class=\"wp-block-image size-large\"><img data-recalc-dims=\"1\" loading=\"lazy\" decoding=\"async\" width=\"768\" height=\"1024\" data-attachment-id=\"5192\" data-permalink=\"https:\/\/patrimoine-avesnois.fr\/chemin\/vieux-reng\/moulin-de-vieux-reng-les-molinots-3-e1557926863170-768x1024\/\" data-orig-file=\"https:\/\/i0.wp.com\/patrimoine-avesnois.fr\/chemin\/wp-content\/uploads\/2019\/06\/Moulin-de-Vieux-Reng-Les-Molinots-3-e1557926863170-768x1024.jpg?fit=768%2C1024&amp;ssl=1\" data-orig-size=\"768,1024\" data-comments-opened=\"1\" data-image-meta=\"{&quot;aperture&quot;:&quot;3.6&quot;,&quot;credit&quot;:&quot;&quot;,&quot;camera&quot;:&quot;COOLPIX S6200&quot;,&quot;caption&quot;:&quot;&quot;,&quot;created_timestamp&quot;:&quot;1557849501&quot;,&quot;copyright&quot;:&quot;&quot;,&quot;focal_length&quot;:&quot;6.8&quot;,&quot;iso&quot;:&quot;80&quot;,&quot;shutter_speed&quot;:&quot;0.004&quot;,&quot;title&quot;:&quot;&quot;,&quot;orientation&quot;:&quot;1&quot;}\" data-image-title=\"Moulin-de-Vieux-Reng-Les-Molinots-3-e1557926863170-768&amp;#215;1024\" data-image-description=\"\" data-image-caption=\"\" data-large-file=\"https:\/\/i0.wp.com\/patrimoine-avesnois.fr\/chemin\/wp-content\/uploads\/2019\/06\/Moulin-de-Vieux-Reng-Les-Molinots-3-e1557926863170-768x1024.jpg?fit=768%2C1024&amp;ssl=1\" data-id=\"5192\" src=\"https:\/\/i0.wp.com\/patrimoine-avesnois.fr\/chemin\/wp-content\/uploads\/2019\/06\/Moulin-de-Vieux-Reng-Les-Molinots-3-e1557926863170-768x1024-768x1024.jpg?resize=768%2C1024&#038;ssl=1\" alt=\"\" class=\"wp-image-5192\" srcset=\"https:\/\/i0.wp.com\/patrimoine-avesnois.fr\/chemin\/wp-content\/uploads\/2019\/06\/Moulin-de-Vieux-Reng-Les-Molinots-3-e1557926863170-768x1024.jpg?resize=768%2C1024&amp;ssl=1 768w, https:\/\/i0.wp.com\/patrimoine-avesnois.fr\/chemin\/wp-content\/uploads\/2019\/06\/Moulin-de-Vieux-Reng-Les-Molinots-3-e1557926863170-768x1024.jpg?resize=225%2C300&amp;ssl=1 225w\" sizes=\"auto, (max-width: 768px) 85vw, 768px\" \/><figcaption class=\"wp-element-caption\"> <br><em>Moulin de Vieux-Reng <\/em><\/figcaption><\/figure>\n<\/figure>\n\n\n\n<p class=\"wp-block-paragraph\"><\/p>\n\n\n<div class=\"wp-block-image\">\n<figure class=\"aligncenter is-resized\"><img data-recalc-dims=\"1\" height=\"630\" width=\"840\" decoding=\"async\" src=\"https:\/\/i0.wp.com\/www.moulins-avesnois.fr\/wp-content\/uploads\/2018\/01\/Moulin-de-Vieux-Reng-Les-Molinots-4-1024x768.jpg?resize=840%2C630\" alt=\"\" class=\"wp-image-789\" style=\"width:734px;height:551px\"\/><\/figure>\n<\/div>\n\n\n<p class=\"wp-block-paragraph\"><\/p>\n\n\n\n<p class=\"wp-block-paragraph\">Le ruisseau de l\u2019H\u00f4pital d\u00e9limite sur 600 m\u00e8tres Villers-Sire-Nicole et Vieux-Reng et faisait tourner le moulin de la Salmagne. Celui-ci d\u00e9pendait de l\u2019abbaye de Bonne Esp\u00e9rance situ\u00e9e dans la section de Vellereille-les-Brayeux de la commune d\u2019Estinnes, en Belgique, \u00e0 6 km au sud de Binche.<\/p>\n\n\n\n<p class=\"wp-block-paragraph\">Il \u00e9tait lou\u00e9 en 1755 \u00e0 Nicolas Dubois et \u00e0 sa s\u0153ur Th\u00e9r\u00e8se et \u00e9tait \u00e0 deux tournants. En 1781 Charles Joseph Andr\u00e9 le re\u00e7ut par fermage.Il \u00e9tait dans un \u00e9tat de d\u00e9labrement tel qu\u2019il fut reb\u00e2ti vers 1785.<\/p>\n\n\n\n<p class=\"wp-block-paragraph\">Il fut vendu comme bien national en 1797 \u00e0 Louis Cousin. Comme ce fut souvent le cas, cet acqu\u00e9reur de biens nationaux le revendit tr\u00e8s vite et en 1810 Jean Joseph Chr\u00e9tien Mercier (1777 1841) mari\u00e9 \u00e0 Pauline Leclercq (1774 1829) le d\u00e9tenait. Ses enfants Rose, Jean Baptiste et Nicolas en h\u00e9rit\u00e8rent. Nicolas (1798 1859) et son \u00e9pouse Appoline Riche (1809 1885) furent meuniers. Un de leur fils L\u00e9on Nicolas, c\u00e9libataire (1838 1859) travaillait au moulin. Leur autre fils L\u00e9opold (1840 1880) mari\u00e9 \u00e0 Amandine Hanquart eut deux enfants, Albert et L\u00e9on tous deux meuniers. En 1894, ces derniers demand\u00e8rent \u00e0 l\u2019administration des Douanes l\u2019autorisation de conserver leur moulin \u00e0 farine et obtinrent une r\u00e9ponse favorable. En 1922 L\u00e9on Mercier \u00e9tait toujours meunier \u00e0 La Salmagne. De nos jours le ruisseau ne passe plus au moulin qui est devenu une habitation. Celle-ci se compose d\u2019une habitation en L sur deux \u00e9tages de ma\u00e7onnerie et un \u00e9tage de combles. Quant \u00e0 la ventellerie elle est marqu\u00e9e par un pont de pierre de deux arches du XVIII e si\u00e8cle.<\/p>\n\n\n\n<p class=\"has-text-align-center wp-block-paragraph\">***<\/p>\n\n\n<div class=\"wp-block-image\">\n<figure class=\"aligncenter\"><img data-recalc-dims=\"1\" decoding=\"async\" src=\"https:\/\/i0.wp.com\/www2.culture.gouv.fr\/Wave\/image\/memoire\/0166\/ivr31_92590319x_p.jpg?w=840\" alt=\"\"\/><figcaption class=\"wp-element-caption\">Brasserie Grenier  Minist\u00e8re de la culture &#8211; base M\u00e9moire <\/figcaption><\/figure>\n<\/div>\n\n\n<p class=\"wp-block-paragraph\">De source orale la brasserie Grenier, aussi appel\u00e9e la Renomm\u00e9e, aurait \u00e9t\u00e9 fond\u00e9e dans la deuxi\u00e8me moiti\u00e9 du 19e si\u00e8cle. Elle fonctionne jusqu&rsquo;en 1964-1965. Puis elle est convertie en d\u00e9p\u00f4t de la brasserie Bouchard de Saint-Amand-les-Eaux (59). Actuellement la brasserie est d\u00e9saffect\u00e9e.&nbsp;<br>En 1927 l&rsquo;usine produisait 8000 hectolitres ; en 1946 la production \u00e9tait de 6000 hectolitres de bi\u00e8re de fermentation haute.&nbsp;<br>En 1946 la brasserie employait 4 ouvriers. <a rel=\"noreferrer noopener\" aria-label=\"culture.gouv.fr (opens in a new tab)\" href=\"http:\/\/www2.culture.gouv.fr\/public\/mistral\/merimee_fr?ACTION=CHERCHER&amp;FIELD_98=REF&amp;VALUE_98=IA59000167\" target=\"_blank\">culture.gouv.fr<\/a><\/p>\n\n\n\n<p class=\"has-text-align-center wp-block-paragraph\">***<\/p>\n\n\n\n<p class=\"wp-block-paragraph\">On voit encore aux environs de l\u2019\u00e9glise une ferme ancienne :<\/p>\n\n\n\n<p class=\"wp-block-paragraph\"><strong>Cense de la Court Saint-Pierre<\/strong><\/p>\n\n\n<div class=\"wp-block-image\">\n<figure class=\"aligncenter is-resized\"><img data-recalc-dims=\"1\" loading=\"lazy\" decoding=\"async\" width=\"425\" height=\"489\" data-attachment-id=\"5203\" data-permalink=\"https:\/\/patrimoine-avesnois.fr\/chemin\/vieux-reng\/image-820\/\" data-orig-file=\"https:\/\/i0.wp.com\/patrimoine-avesnois.fr\/chemin\/wp-content\/uploads\/2019\/06\/image-14.png?fit=425%2C489&amp;ssl=1\" data-orig-size=\"425,489\" data-comments-opened=\"1\" data-image-meta=\"{&quot;aperture&quot;:&quot;0&quot;,&quot;credit&quot;:&quot;&quot;,&quot;camera&quot;:&quot;&quot;,&quot;caption&quot;:&quot;&quot;,&quot;created_timestamp&quot;:&quot;0&quot;,&quot;copyright&quot;:&quot;&quot;,&quot;focal_length&quot;:&quot;0&quot;,&quot;iso&quot;:&quot;0&quot;,&quot;shutter_speed&quot;:&quot;0&quot;,&quot;title&quot;:&quot;&quot;,&quot;orientation&quot;:&quot;0&quot;}\" data-image-title=\"image\" data-image-description=\"\" data-image-caption=\"\" data-large-file=\"https:\/\/i0.wp.com\/patrimoine-avesnois.fr\/chemin\/wp-content\/uploads\/2019\/06\/image-14.png?fit=425%2C489&amp;ssl=1\" src=\"https:\/\/i0.wp.com\/patrimoine-avesnois.fr\/chemin\/wp-content\/uploads\/2019\/06\/image-14.png?resize=425%2C489\" alt=\"\" class=\"wp-image-5203\" style=\"width:498px;height:573px\" srcset=\"https:\/\/i0.wp.com\/patrimoine-avesnois.fr\/chemin\/wp-content\/uploads\/2019\/06\/image-14.png?w=425&amp;ssl=1 425w, https:\/\/i0.wp.com\/patrimoine-avesnois.fr\/chemin\/wp-content\/uploads\/2019\/06\/image-14.png?resize=261%2C300&amp;ssl=1 261w\" sizes=\"auto, (max-width: 425px) 85vw, 425px\" \/><figcaption class=\"wp-element-caption\">La cense<\/figcaption><\/figure>\n<\/div>\n\n\n<p class=\"wp-block-paragraph\">Dans le village de Vieux-Reng, l\u2019abbaye d\u2019Hautmont d\u00e9tenait d\u00e8s le d\u00e9but du XII e si\u00e8cle l\u2019\u00e9glise, le moulin et la Court Saint-Pierre.<\/p>\n\n\n\n<p class=\"wp-block-paragraph\">La Cense de la Court \u00e9tait la plus grande ferme du Grand Hautmont avec la Cense de Forest. L\u2019exploitation couvrait 165 hectares.<\/p>\n\n\n\n<p class=\"wp-block-paragraph\">Au XVII e si\u00e8cle les Moreau en \u00e9taient les censiers. Au XVIII e si\u00e8cle, l\u2019exploitation g\u00e9r\u00e9e par les Watteau comprenait 33 parcelles : 8 pi\u00e8ces de pr\u00e9s et p\u00e2tures couvrant 33 bonniers, un demi-journel et 3 quarterons.<\/p>\n\n\n\n<p class=\"wp-block-paragraph\">D\u2019apr\u00e8s le bail de 1751, Jacques Li\u00e9vin Watteau, laboureur, tenait \u00e0 ferme la maison de cense avec grange, \u00e9tables et bergeries, plus la d\u00eeme \u00e0 Vieux-Reng (la onzi\u00e8me gerbe). Il rendait annuellement \u00e0 l\u2019abbaye d\u2019Hautmont 775 livres en esp\u00e8ces, d\u2019importants rendages en nature, par exemple plus de 16 hectolitres de grains (froment, verreux, soucoron, \u00e9peautre et avoine) et 15 animaux !<\/p>\n\n\n\n<p class=\"wp-block-paragraph\">Le fermier d\u2019Hautmont \u00e0 Vieux-Reng devait encore plus de 2 hectolitres de grains et 53 \u00e9cus de 48 patars pour suppl\u00e9ment de portion congrue au cur\u00e9 de Vieux-Reng. Il devait entretenir le ch\u0153ur de l\u2019\u00e9glise paroissiale, voiturer 20 cordes de bois (plus de 200 st\u00e8res) et 3000 fagoteaux pour le compte de l\u2019abbaye et accomplir plusieurs jours avec ses chariots.<\/p>\n\n\n\n<p class=\"wp-block-paragraph\">En 1775, Louis Watteau rempla\u00e7a son parent et le rendage en esp\u00e8ces passa \u00e0 1375 livres&nbsp;!\u2026<\/p>\n\n\n\n<p class=\"wp-block-paragraph\">Le 29 Thermidor An V (16 Ao\u00fbt 1797) la ferme appartenait \u00e0 Delier Anniaux (ADN 1 Q 122). Il s\u2019agit selon moi du couple Delier Ansiaux et plus pr\u00e9cis\u00e9ment de Jacques Antoine Delier n\u00e9 \u00e0 Bernisart dans le Hainaut belge, marchand mari\u00e9 en 1750 \u00e0 Marie Antoinette Ansiaux n\u00e9e en 1731 \u00e0 Mons; le couple demeurant d\u00e8s 1751 \u00e0 Cond\u00e9 sur Escaut.<\/p>\n\n\n<div class=\"wp-block-image\">\n<figure class=\"aligncenter\"><img decoding=\"async\" src=\"https:\/\/i1.wp.com\/patrimoine-avesnois.fr\/censes\/wp-content\/uploads\/2019\/02\/Capture-55.png?w=840\" alt=\"\" class=\"wp-image-125\"\/><figcaption class=\"wp-element-caption\">Cense de la Court Saint Pierre (face \u00e0 l\u2019\u00e9glise)<\/figcaption><\/figure>\n<\/div>\n\n\n<p class=\"wp-block-paragraph\">Une autre cense :<\/p>\n\n\n<div class=\"wp-block-image\">\n<figure class=\"aligncenter is-resized\"><img decoding=\"async\" src=\"https:\/\/i0.wp.com\/patrimoine-avesnois.fr\/censes\/wp-content\/uploads\/2019\/02\/Capture-63.png?w=840\" alt=\"\" class=\"wp-image-143\" style=\"width:767px;height:511px\"\/><figcaption class=\"wp-element-caption\">La ferme de la Salmagne<\/figcaption><\/figure>\n<\/div>\n\n\n<p class=\"wp-block-paragraph\">Au sud-ouest de Vieux-Reng se trouve la ferme de la Salmagne. La Salmagne formait autrefois une enclave de la commune de Vellereille-lez-Brayeux, pr\u00e9v\u00f4t\u00e9 de Binche et relevait de l\u2019abbaye de Bonne Esp\u00e9rance. Elle parait avoir \u00e9t\u00e9 donn\u00e9e \u00e0 ce monast\u00e8re lors de sa fondation, en 1125, en m\u00eame temps que le village dont elle d\u00e9pendait. C\u2019\u00e9tait une ferme importante compos\u00e9e d\u2019une \u00ab&nbsp;maison manaule avec salle basse, chambres, cuisine, laiterie et lardier, loge, greniers, forge, carlerie et prison&nbsp;\u00bb. Elle \u00e9tait entour\u00e9e de son vivier, de ses champs et de ses bois. Un moulin appel\u00e9 moulin de Mairieu d\u00e9nomm\u00e9 de nos jours le moulin de la Salmagne \u00e9tait sous sa juridiction. (Archives de l\u2019Abbaye de Bonne Esperance transcrites en 18 volumes par l\u2019abb\u00e9 Englebert Maghe en 1778)<\/p>\n\n\n\n<p class=\"wp-block-paragraph\">Le 21 Thermidor An IV (8 Ao\u00fbt 1796) Constant Godefroy acheta la ferme de la Salmagne alors dite sur le territoire d\u2019Elesmes (ADN 1 Q 23 liasse 1180). Constant Joseph Godefroy n\u00e9 en 1754 \u00e0 Avesnes-sur-Helpe, mari\u00e9 \u00e0 Marie Louise Pillot, \u00e9tait Tr\u00e9sorier Massard, puis au d\u00e9c\u00e8s de son \u00e9pouse en 1803 Inspecteur des eaux et for\u00eats.<\/p>\n\n\n\n<p class=\"wp-block-paragraph\">Le 25 Frimaire An VI (15 d\u00e9cembre 1797) cette cense toujours cit\u00e9e sur Elesmes fut acquise par un d\u00e9nomm\u00e9 Manfroy (ADN 1 Q 33 liasse 3296). Il s\u2019agit \u00e0 cette date d\u2019un achat de la ferme par cette famille Manfroy qui occupait les lieux depuis le XVII si\u00e8cle. En effet,&nbsp;<a href=\"https:\/\/gw.geneanet.org\/gvandensande?lang=fr&amp;p=nicolas&amp;n=manfroy\" target=\"_blank\" rel=\"noreferrer noopener\">Nicolas Manfroy<\/a>&nbsp;(1667 1756) \u00e9tait \u00ab&nbsp;Fermier des Mr de Bonne Esp\u00e9rance&nbsp;\u00bb. Son fils Philippe Fran\u00e7ois (1702 1755) \u00e9tait \u00e9galement dit&nbsp;\u00bb censier et Fermier des Dames de Bonne esp\u00e9rance&nbsp;\u00bb. Le rachat de 1797 pourrait \u00eatre \u00e0 l\u2019initiative d\u2019un de ses fils \u00e0 savoir Philippe Fran\u00e7ois n\u00e9 en 1751, laboureur mari\u00e9 en 1781 \u00e0 Catherine Ducarne.<\/p>\n\n\n\n<p class=\"has-text-align-center wp-block-paragraph\">***<\/p>\n\n\n\n<p class=\"wp-block-paragraph\">La ligne de la Trouille et le camp de Givry<\/p>\n\n\n\n<p class=\"wp-block-paragraph\">Au moment du si\u00e8ge de Mons, Louis XIV avait fait \u00e9tablir une ligne de d\u00e9fense qui suivait la vall\u00e9e de la&nbsp;Trouille depuis Mons jusqu\u2019\u00e0 Erquelinnes. Elle profitait des accidents de terrain et d\u2019anciennes fortifications comme le camp romain de Rouveroy. Des vestiges de cette ligne Maginot de l\u2019\u00e9poque se voient encore aujourd\u2019hui.&nbsp;<\/p>\n\n\n\n<p class=\"wp-block-paragraph\">En 1692 le roi passa sur cette ligne une revue qui fut c\u00e9l\u00e8bre et qu\u2019on appela la&nbsp;Revue du camp de Givry.&nbsp;A vrai dire, elle s\u2019\u00e9tendit bien au-del\u00e0 du village belge de ce nom. Les troupes fran\u00e7aises \u00e9taient mass\u00e9es dans la vall\u00e9e de la <strong>Trouille<\/strong>&nbsp;depuis Mons jusque pr\u00e8s de Jeumont. <\/p>\n\n\n\n<p class=\"wp-block-paragraph\">Le po\u00e8te Jean Racine, qui \u00e9tait alors l\u2019historiographe du roi, a donn\u00e9 un r\u00e9cit de cette revue somptueuse, qui ne manqua pas de le fatiguer&nbsp;:<\/p>\n\n\n\n<p class=\"wp-block-paragraph\">\u00ab\u00a0Je commen\u00e7ai \u00e0 onze heures du matin \u00e0 marcher. J\u2019allai toujours au grand pas de mon cheval, et je ne finis qu\u2019\u00e0 huit heures du soir. Enfin, on \u00e9tait deux heures \u00e0 aller d\u2019un bout d\u2019une ligne \u00e0 l\u2019autre. J\u2019\u00e9tais si \u00e9tourdi d\u2019entendre tambours, trompettes et cymbales, si \u00e9bloui de voir briller des \u00e9p\u00e9es et des mousquets que je me laissai conduire par mon cheval sans avoir d\u2019attention \u00e0 rien. J\u2019eusse voulu, de tout mon c\u0153ur, que tous les gens que je voyais eussent \u00e9t\u00e9 dans leur chaumi\u00e8re ou dans leur maison, avec leur femme et leurs enfants, et moi dans ma rue des Ma\u00e7ons, avec ma famille\u2026\u00a0\u00bb.<\/p>\n\n\n\n<p class=\"wp-block-paragraph\">Source du texte : Jean Mossay \u00ab\u00a0En flanant dans l&rsquo;avesnois\u00a0\u00bb <\/p>\n\n\n\n<p class=\"wp-block-paragraph\">Les vestiges de cette ligne de la trouille sont visibles au-dessus de la rive gauche de la&nbsp;Trouille&nbsp;entre l\u2019\u00e9tang du Peignage, la Foulerie et le CD 159 o\u00f9 l\u2019on suit les deux lignes de retranchement avec leurs redans et les cavaliers de la ligne haute. Source UTEL.<\/p>\n\n\n\n<p class=\"has-text-align-center wp-block-paragraph\">***<\/p>\n\n\n<div class=\"wp-block-image\">\n<figure class=\"aligncenter is-resized\"><img decoding=\"async\" src=\"https:\/\/upload.wikimedia.org\/wikipedia\/commons\/thumb\/3\/35\/Vieux-Reng_%28Nord%2C_Fr%29_fort_de_la_Salmagne.jpg\/1280px-Vieux-Reng_%28Nord%2C_Fr%29_fort_de_la_Salmagne.jpg\" alt=\"Bloc 2 de l'ouvrage, construit sur la partie sud de l'ancien fort.\" style=\"width:680px;height:510px\"\/><figcaption class=\"wp-element-caption\">Le Fort de la Salmagne<\/figcaption><\/figure>\n<\/div>\n\n\n<p class=\"wp-block-paragraph\"><a rel=\"noreferrer noopener\" aria-label=\"Le fort de la Salmagne, (opens in a new tab)\" href=\"http:\/\/www.fortdelasalmagne.free.fr\/home.php\" target=\"_blank\"><\/a>La Salmagne est une des rares endroits o\u00f9 on peut voir \u2013 sur un m\u00eame site \u2013 des fortifications <a rel=\"noreferrer noopener\" aria-label=\"S\u00e9r\u00e9 de Rivi\u00e8re (opens in a new tab)\" href=\"https:\/\/fr.wikipedia.org\/wiki\/Syst%C3%A8me_S%C3%A9r%C3%A9_de_Rivi%C3%A8res\" target=\"_blank\">S\u00e9r\u00e9 de Rivi\u00e8re<\/a> et <a rel=\"noreferrer noopener\" aria-label=\"Maginot (opens in a new tab)\" href=\"https:\/\/fr.wikipedia.org\/wiki\/Ligne_Maginot\" target=\"_blank\">Maginot<\/a>.<\/p>\n\n\n\n<p class=\"wp-block-paragraph\">Le petit ouvrage d\u2019infanterie de la Salmagne est compos\u00e9 de deux blocs de combat \u00e0 deux \u00e9tages, reli\u00e9s \u00e0 30 m\u00e8tres sous terre par un couloir de 150 m\u00e8tres donnant acc\u00e8s au casernement. Cet ouvrage est visitable dans son int\u00e9gralit\u00e9.<br>A l\u2019ext\u00e9rieur, des vestiges du fort S\u00e9r\u00e9 de Rivi\u00e8re sont encore visibles. <\/p>\n\n\n\n<p class=\"wp-block-paragraph\">Source :  <a rel=\"noreferrer noopener\" href=\"http:\/\/www.fortdelasalmagne.free.fr\/home.php\" target=\"_blank\">Le fort de la Salmagne <\/a> <\/p>\n\n\n\n<p class=\"has-text-align-center wp-block-paragraph\">***<\/p>\n\n\n<div class=\"wp-block-image\">\n<figure class=\"aligncenter size-full is-resized\"><img data-recalc-dims=\"1\" loading=\"lazy\" decoding=\"async\" width=\"840\" height=\"630\" data-attachment-id=\"21138\" data-permalink=\"https:\/\/patrimoine-avesnois.fr\/chemin\/vieux-reng\/image-2000\/\" data-orig-file=\"https:\/\/i0.wp.com\/patrimoine-avesnois.fr\/chemin\/wp-content\/uploads\/2025\/02\/image-9.png?fit=1024%2C768&amp;ssl=1\" data-orig-size=\"1024,768\" data-comments-opened=\"1\" data-image-meta=\"{&quot;aperture&quot;:&quot;0&quot;,&quot;credit&quot;:&quot;&quot;,&quot;camera&quot;:&quot;&quot;,&quot;caption&quot;:&quot;&quot;,&quot;created_timestamp&quot;:&quot;0&quot;,&quot;copyright&quot;:&quot;&quot;,&quot;focal_length&quot;:&quot;0&quot;,&quot;iso&quot;:&quot;0&quot;,&quot;shutter_speed&quot;:&quot;0&quot;,&quot;title&quot;:&quot;&quot;,&quot;orientation&quot;:&quot;0&quot;}\" data-image-title=\"image\" data-image-description=\"\" data-image-caption=\"\" data-large-file=\"https:\/\/i0.wp.com\/patrimoine-avesnois.fr\/chemin\/wp-content\/uploads\/2025\/02\/image-9.png?fit=840%2C630&amp;ssl=1\" src=\"https:\/\/i0.wp.com\/patrimoine-avesnois.fr\/chemin\/wp-content\/uploads\/2025\/02\/image-9.png?resize=840%2C630&#038;ssl=1\" alt=\"\" class=\"wp-image-21138\" style=\"width:650px;height:auto\" srcset=\"https:\/\/i0.wp.com\/patrimoine-avesnois.fr\/chemin\/wp-content\/uploads\/2025\/02\/image-9.png?w=1024&amp;ssl=1 1024w, https:\/\/i0.wp.com\/patrimoine-avesnois.fr\/chemin\/wp-content\/uploads\/2025\/02\/image-9.png?resize=300%2C225&amp;ssl=1 300w, https:\/\/i0.wp.com\/patrimoine-avesnois.fr\/chemin\/wp-content\/uploads\/2025\/02\/image-9.png?resize=768%2C576&amp;ssl=1 768w\" sizes=\"auto, (max-width: 709px) 85vw, (max-width: 909px) 67vw, (max-width: 1362px) 62vw, 840px\" \/><figcaption class=\"wp-element-caption\">L&rsquo;a\u00e9rodrome de la Salmagne <br>Photo <a href=\"https:\/\/www.clubulmevasion.fr\/laerodrome\/\" data-type=\"link\" data-id=\"https:\/\/www.clubulmevasion.fr\/laerodrome\/\" target=\"_blank\" rel=\"noreferrer noopener\">Club ULM Evasion MAUBEUGE <\/a><\/figcaption><\/figure>\n<\/div>\n\n\n<p class=\"wp-block-paragraph\"><a rel=\"noreferrer noopener\" aria-label=\"Le&nbsp;fort de La Salmagne (opens in a new tab)\" href=\"https:\/\/fr.wikipedia.org\/wiki\/Ouvrage_de_La_Salmagne\" target=\"_blank\"><\/a><a rel=\"noreferrer noopener\" aria-label=\"L'a\u00e9rodrome de Maubeuge-Elesmes (opens in a new tab)\" href=\"https:\/\/fr.wikipedia.org\/wiki\/A%C3%A9rodrome_de_Maubeuge_-_%C3%89lesmes\" target=\"_blank\">L&rsquo;a\u00e9rodrome de Maubeuge-Elesmes<\/a>, localement connu sous le nom a\u00e9rodrome de La Salmagne, est situ\u00e9 \u00e0 cheval sur le territoire d&rsquo;\u00c9lesmes et de Vieux-Reng.<\/p>\n\n\n<div class=\"wp-block-image\">\n<figure class=\"aligncenter is-resized\"><img data-recalc-dims=\"1\" loading=\"lazy\" decoding=\"async\" width=\"559\" height=\"342\" data-attachment-id=\"5199\" data-permalink=\"https:\/\/patrimoine-avesnois.fr\/chemin\/vieux-reng\/image-819\/\" data-orig-file=\"https:\/\/i0.wp.com\/patrimoine-avesnois.fr\/chemin\/wp-content\/uploads\/2019\/06\/image-13.png?fit=559%2C342&amp;ssl=1\" data-orig-size=\"559,342\" data-comments-opened=\"1\" data-image-meta=\"{&quot;aperture&quot;:&quot;0&quot;,&quot;credit&quot;:&quot;&quot;,&quot;camera&quot;:&quot;&quot;,&quot;caption&quot;:&quot;&quot;,&quot;created_timestamp&quot;:&quot;0&quot;,&quot;copyright&quot;:&quot;&quot;,&quot;focal_length&quot;:&quot;0&quot;,&quot;iso&quot;:&quot;0&quot;,&quot;shutter_speed&quot;:&quot;0&quot;,&quot;title&quot;:&quot;&quot;,&quot;orientation&quot;:&quot;0&quot;}\" data-image-title=\"image\" data-image-description=\"\" data-image-caption=\"\" data-large-file=\"https:\/\/i0.wp.com\/patrimoine-avesnois.fr\/chemin\/wp-content\/uploads\/2019\/06\/image-13.png?fit=559%2C342&amp;ssl=1\" src=\"https:\/\/i0.wp.com\/patrimoine-avesnois.fr\/chemin\/wp-content\/uploads\/2019\/06\/image-13.png?resize=559%2C342\" alt=\"\" class=\"wp-image-5199\" style=\"width:712px;height:435px\" srcset=\"https:\/\/i0.wp.com\/patrimoine-avesnois.fr\/chemin\/wp-content\/uploads\/2019\/06\/image-13.png?w=559&amp;ssl=1 559w, https:\/\/i0.wp.com\/patrimoine-avesnois.fr\/chemin\/wp-content\/uploads\/2019\/06\/image-13.png?resize=300%2C184&amp;ssl=1 300w\" sizes=\"auto, (max-width: 559px) 85vw, 559px\" \/><figcaption class=\"wp-element-caption\">Le blason de Vieux-Reng :  <em>De gueules \u00e0 une \u00e9toile \u00e0 douze rais d\u2019or<\/em> <\/figcaption><\/figure>\n<\/div>","protected":false},"excerpt":{"rendered":"<p>Vieux\u2011Reng est un site tr\u00e8s ancien, occup\u00e9 d\u00e8s la pr\u00e9histoire puis \u00e0 l\u2019\u00e9poque gallo\u2011romaine, comme l\u2019ont r\u00e9v\u00e9l\u00e9 les fouilles de 1845 qui mirent au jour des ossements humains, des armes, des objets en bronze et des monnaies romaines et gauloises. Le nom m\u00eame du village renvoie \u00e0 une fortification : Reng, issu de Ring, d\u00e9signe &hellip; <a href=\"https:\/\/patrimoine-avesnois.fr\/chemin\/vieux-reng\/\" class=\"more-link\">Continuer la lecture<span class=\"screen-reader-text\"> de &laquo;&nbsp;Vieux-Reng&nbsp;&raquo;<\/span><\/a><\/p>\n","protected":false},"author":2,"featured_media":0,"parent":0,"menu_order":0,"comment_status":"closed","ping_status":"closed","template":"","meta":{"footnotes":""},"class_list":["post-5186","page","type-page","status-publish","hentry"],"jetpack_sharing_enabled":true,"jetpack_shortlink":"https:\/\/wp.me\/PaOEkN-1lE","jetpack-related-posts":[],"_links":{"self":[{"href":"https:\/\/patrimoine-avesnois.fr\/chemin\/wp-json\/wp\/v2\/pages\/5186","targetHints":{"allow":["GET"]}}],"collection":[{"href":"https:\/\/patrimoine-avesnois.fr\/chemin\/wp-json\/wp\/v2\/pages"}],"about":[{"href":"https:\/\/patrimoine-avesnois.fr\/chemin\/wp-json\/wp\/v2\/types\/page"}],"author":[{"embeddable":true,"href":"https:\/\/patrimoine-avesnois.fr\/chemin\/wp-json\/wp\/v2\/users\/2"}],"replies":[{"embeddable":true,"href":"https:\/\/patrimoine-avesnois.fr\/chemin\/wp-json\/wp\/v2\/comments?post=5186"}],"version-history":[{"count":21,"href":"https:\/\/patrimoine-avesnois.fr\/chemin\/wp-json\/wp\/v2\/pages\/5186\/revisions"}],"predecessor-version":[{"id":29527,"href":"https:\/\/patrimoine-avesnois.fr\/chemin\/wp-json\/wp\/v2\/pages\/5186\/revisions\/29527"}],"wp:attachment":[{"href":"https:\/\/patrimoine-avesnois.fr\/chemin\/wp-json\/wp\/v2\/media?parent=5186"}],"curies":[{"name":"wp","href":"https:\/\/api.w.org\/{rel}","templated":true}]}}