{"id":5278,"date":"2019-06-03T18:00:02","date_gmt":"2019-06-03T16:00:02","guid":{"rendered":"http:\/\/patrimoine-avesnois.fr\/chemin\/?page_id=5278"},"modified":"2019-06-03T18:34:33","modified_gmt":"2019-06-03T16:34:33","slug":"saint-remy-du-nord","status":"publish","type":"page","link":"https:\/\/patrimoine-avesnois.fr\/chemin\/saint-remy-du-nord\/","title":{"rendered":"Saint-R\u00e9my-du-Nord"},"content":{"rendered":"\n<div class=\"wp-block-image\"><figure class=\"aligncenter\"><img data-recalc-dims=\"1\" loading=\"lazy\" decoding=\"async\" width=\"840\" height=\"584\" data-attachment-id=\"5279\" data-permalink=\"https:\/\/patrimoine-avesnois.fr\/chemin\/saint-remy-du-nord\/456_001\/\" data-orig-file=\"https:\/\/i0.wp.com\/patrimoine-avesnois.fr\/chemin\/wp-content\/uploads\/2019\/06\/456_001.jpg?fit=977%2C679&amp;ssl=1\" data-orig-size=\"977,679\" data-comments-opened=\"1\" data-image-meta=\"{&quot;aperture&quot;:&quot;0&quot;,&quot;credit&quot;:&quot;&quot;,&quot;camera&quot;:&quot;&quot;,&quot;caption&quot;:&quot;&quot;,&quot;created_timestamp&quot;:&quot;1559568888&quot;,&quot;copyright&quot;:&quot;&quot;,&quot;focal_length&quot;:&quot;0&quot;,&quot;iso&quot;:&quot;0&quot;,&quot;shutter_speed&quot;:&quot;0&quot;,&quot;title&quot;:&quot;&quot;,&quot;orientation&quot;:&quot;0&quot;}\" data-image-title=\"456_001\" data-image-description=\"\" data-image-caption=\"\" data-large-file=\"https:\/\/i0.wp.com\/patrimoine-avesnois.fr\/chemin\/wp-content\/uploads\/2019\/06\/456_001.jpg?fit=840%2C584&amp;ssl=1\" src=\"https:\/\/i0.wp.com\/patrimoine-avesnois.fr\/chemin\/wp-content\/uploads\/2019\/06\/456_001.jpg?resize=840%2C584\" alt=\"\" class=\"wp-image-5279\" srcset=\"https:\/\/i0.wp.com\/patrimoine-avesnois.fr\/chemin\/wp-content\/uploads\/2019\/06\/456_001.jpg?w=977&amp;ssl=1 977w, https:\/\/i0.wp.com\/patrimoine-avesnois.fr\/chemin\/wp-content\/uploads\/2019\/06\/456_001.jpg?resize=300%2C208&amp;ssl=1 300w, https:\/\/i0.wp.com\/patrimoine-avesnois.fr\/chemin\/wp-content\/uploads\/2019\/06\/456_001.jpg?resize=768%2C534&amp;ssl=1 768w\" sizes=\"auto, (max-width: 709px) 85vw, (max-width: 909px) 67vw, (max-width: 1362px) 62vw, 840px\" \/><figcaption>Vues a\u00e9riennes <\/figcaption><\/figure><\/div>\n\n\n\n<div class=\"wp-block-jetpack-slideshow aligncenter\" data-effect=\"slide\"><div class=\"wp-block-jetpack-slideshow_container swiper-container\"><ul class=\"wp-block-jetpack-slideshow_swiper-wrappper swiper-wrapper\"><li class=\"wp-block-jetpack-slideshow_slide swiper-slide\"><figure><img data-recalc-dims=\"1\" loading=\"lazy\" decoding=\"async\" width=\"840\" height=\"588\" alt=\"\" class=\"wp-block-jetpack-slideshow_image wp-image-5280\" data-id=\"5280\" src=\"https:\/\/i0.wp.com\/patrimoine-avesnois.fr\/chemin\/wp-content\/uploads\/2019\/06\/912_001.jpg?resize=840%2C588\" srcset=\"https:\/\/i0.wp.com\/patrimoine-avesnois.fr\/chemin\/wp-content\/uploads\/2019\/06\/912_001.jpg?w=861&amp;ssl=1 861w, https:\/\/i0.wp.com\/patrimoine-avesnois.fr\/chemin\/wp-content\/uploads\/2019\/06\/912_001.jpg?resize=300%2C210&amp;ssl=1 300w, https:\/\/i0.wp.com\/patrimoine-avesnois.fr\/chemin\/wp-content\/uploads\/2019\/06\/912_001.jpg?resize=768%2C538&amp;ssl=1 768w\" sizes=\"(max-width: 709px) 85vw, (max-width: 909px) 67vw, (max-width: 1362px) 62vw, 840px\" \/><\/figure><\/li><li class=\"wp-block-jetpack-slideshow_slide swiper-slide\"><figure><img data-recalc-dims=\"1\" loading=\"lazy\" decoding=\"async\" width=\"840\" height=\"555\" alt=\"\" class=\"wp-block-jetpack-slideshow_image wp-image-5281\" data-id=\"5281\" src=\"https:\/\/i0.wp.com\/patrimoine-avesnois.fr\/chemin\/wp-content\/uploads\/2019\/06\/501_001.jpg?resize=840%2C555\" srcset=\"https:\/\/i0.wp.com\/patrimoine-avesnois.fr\/chemin\/wp-content\/uploads\/2019\/06\/501_001.jpg?w=852&amp;ssl=1 852w, https:\/\/i0.wp.com\/patrimoine-avesnois.fr\/chemin\/wp-content\/uploads\/2019\/06\/501_001.jpg?resize=300%2C198&amp;ssl=1 300w, https:\/\/i0.wp.com\/patrimoine-avesnois.fr\/chemin\/wp-content\/uploads\/2019\/06\/501_001.jpg?resize=768%2C507&amp;ssl=1 768w\" sizes=\"(max-width: 709px) 85vw, (max-width: 909px) 67vw, (max-width: 1362px) 62vw, 840px\" \/><\/figure><\/li><li class=\"wp-block-jetpack-slideshow_slide swiper-slide\"><figure><img data-recalc-dims=\"1\" loading=\"lazy\" decoding=\"async\" width=\"840\" height=\"591\" alt=\"\" class=\"wp-block-jetpack-slideshow_image wp-image-5282\" data-id=\"5282\" src=\"https:\/\/i0.wp.com\/patrimoine-avesnois.fr\/chemin\/wp-content\/uploads\/2019\/06\/047_001.jpg?resize=840%2C591\" srcset=\"https:\/\/i0.wp.com\/patrimoine-avesnois.fr\/chemin\/wp-content\/uploads\/2019\/06\/047_001.jpg?w=851&amp;ssl=1 851w, https:\/\/i0.wp.com\/patrimoine-avesnois.fr\/chemin\/wp-content\/uploads\/2019\/06\/047_001.jpg?resize=300%2C211&amp;ssl=1 300w, https:\/\/i0.wp.com\/patrimoine-avesnois.fr\/chemin\/wp-content\/uploads\/2019\/06\/047_001.jpg?resize=768%2C541&amp;ssl=1 768w\" sizes=\"(max-width: 709px) 85vw, (max-width: 909px) 67vw, (max-width: 1362px) 62vw, 840px\" \/><\/figure><\/li><\/ul><a class=\"wp-block-jetpack-slideshow_button-prev swiper-button-prev swiper-button-white\" role=\"button\"><\/a><a class=\"wp-block-jetpack-slideshow_button-next swiper-button-next swiper-button-white\" role=\"button\"><\/a><a aria-label=\"Pause Slideshow\" class=\"wp-block-jetpack-slideshow_button-pause\" role=\"button\"><\/a><div class=\"wp-block-jetpack-slideshow_pagination swiper-pagination swiper-pagination-white\"><\/div><\/div><\/div>\n\n\n\n<p>Saint R\u00e9my du Nord existait d\u00e9j\u00e0 au XII e si\u00e8cle sous le nom de Saint-R\u00e9my Le-mal-Battu. Au Moyen \u00c2ge, la petite agglom\u00e9ration de Saint-R\u00e9my faisait partie de la commune de Boussi\u00e8res, le plus ancien document o\u00f9 l&rsquo;on fait mention de la commune est une confirmation de donation \u00e0 l&rsquo;abbaye d&rsquo;Hautmont par Bauduin, comte de Flandre et de Hainaut en 1188.<\/p>\n\n\n\n<p>En 1793 le village prit un nouveau nom : Saint-R\u00e9my-de-la-B\u00e2ti puis en 1801 celui de Saint-R\u00e9my-Mal-Baty avant de prendre depuis 1912 le nom actuel.<\/p>\n\n\n\n<p>Saint R\u00e9my d\u00e9pendit de l\u2019Abbaye d\u2019Hautmont jusqu\u2019\u00e0 la R\u00e9volution de 1789.  <br>La commune fut occup\u00e9e par les Autrichiens en 1792 (bataille de Wattignies la Victoire) et par les Allemands lors de la Premi\u00e8re et Seconde Guerre Mondiale.<\/p>\n\n\n\n<div class=\"wp-block-image\"><figure class=\"aligncenter is-resized\"><img loading=\"lazy\" decoding=\"async\" src=\"https:\/\/upload.wikimedia.org\/wikipedia\/commons\/thumb\/1\/1a\/Saint-Remy-du-Nord_%28Nord%2C_Fr%29_%C3%A9glise%2C_vue_lat%C3%A9rale.jpg\/1280px-Saint-Remy-du-Nord_%28Nord%2C_Fr%29_%C3%A9glise%2C_vue_lat%C3%A9rale.jpg\" alt=\"\" width=\"640\" height=\"480\"\/><figcaption>L&rsquo;\u00e9glise  Saint-R\u00e9my de 1771 <\/figcaption><\/figure><\/div>\n\n\n\n<p>Jean Mossay d\u00e9crit l&rsquo;\u00e9glise de Saint-R\u00e9my-du-Nord de la fa\u00e7on suivante :<\/p>\n\n\n\n<p>\u00ab\u00a0La situation de cette \u00e9glise, curieusement encastr\u00e9e dans un p\u00e2t\u00e9 de maisons,suffirait \u00e0 justifier l\u2019ancien nom du village : le Mal Bati !<br>Sa nef en plein centre et ses colonnes rondes ne permettent pas de lui assigner une origine ant\u00e9rieure au XVII\u00e8me si\u00e8cle. Mais il s\u2019agit l\u00e0 sans doute d\u2019une reconstruction : car on remarque dans le choeur une porte de repositoire en pierre sculpt\u00e9e qui est du XVI\u00e8me si\u00e8cle.<\/p>\n\n\n\n<p>Deux statues int\u00e9ressantes : Saint R\u00e9my, patron de la paroisse, et Saint Eloi (XVIII\u00e8me si\u00e8cle)\u00a0\u00bb<\/p>\n\n\n\n<div class=\"wp-block-image\"><figure class=\"aligncenter is-resized\"><img loading=\"lazy\" decoding=\"async\" src=\"https:\/\/upload.wikimedia.org\/wikipedia\/commons\/thumb\/c\/c2\/Saint-Remy-du-Nord_%28Nord%2C_Fr%29_mairie-%C3%A9cole.jpg\/1280px-Saint-Remy-du-Nord_%28Nord%2C_Fr%29_mairie-%C3%A9cole.jpg\" alt=\"Saint-Remy-du-Nord\" width=\"640\" height=\"480\"\/><figcaption>Mairie et \u00e9cole<\/figcaption><\/figure><\/div>\n\n\n\n<div class=\"wp-block-image\"><figure class=\"aligncenter\"><img data-recalc-dims=\"1\" decoding=\"async\" src=\"https:\/\/i0.wp.com\/monumentsmorts.univ-lille.fr\/monmorts\/upload\/monument\/601-800\/663\/01st-remy-du-nord_5457aa3d88199.JPG?w=840&#038;ssl=1\" alt=\"\"\/><figcaption>Monument aux Morts photo Micheline Casier <a href=\"https:\/\/monumentsmorts.univ-lille.fr\/monument\/663\/saint-remy-du-nord-place\/\" target=\"_blank\" rel=\"noreferrer noopener\" aria-label=\"Universit\u00e9 Lille 3 (opens in a new tab)\">Universit\u00e9 Lille 3<\/a><\/figcaption><\/figure><\/div>\n\n\n\n<div class=\"wp-block-jetpack-slideshow aligncenter\" data-effect=\"slide\"><div class=\"wp-block-jetpack-slideshow_container swiper-container\"><ul class=\"wp-block-jetpack-slideshow_swiper-wrappper swiper-wrapper\"><li class=\"wp-block-jetpack-slideshow_slide swiper-slide\"><figure><img data-recalc-dims=\"1\" loading=\"lazy\" decoding=\"async\" width=\"488\" height=\"650\" alt=\"\" class=\"wp-block-jetpack-slideshow_image wp-image-5290\" data-id=\"5290\" src=\"https:\/\/i0.wp.com\/patrimoine-avesnois.fr\/chemin\/wp-content\/uploads\/2019\/06\/07st-remy-du-nordmorts1914-18_5457abd4a51ba-1.jpg?resize=488%2C650\" srcset=\"https:\/\/i0.wp.com\/patrimoine-avesnois.fr\/chemin\/wp-content\/uploads\/2019\/06\/07st-remy-du-nordmorts1914-18_5457abd4a51ba-1.jpg?w=488&amp;ssl=1 488w, https:\/\/i0.wp.com\/patrimoine-avesnois.fr\/chemin\/wp-content\/uploads\/2019\/06\/07st-remy-du-nordmorts1914-18_5457abd4a51ba-1.jpg?resize=225%2C300&amp;ssl=1 225w\" sizes=\"(max-width: 488px) 85vw, 488px\" \/><\/figure><\/li><li class=\"wp-block-jetpack-slideshow_slide swiper-slide\"><figure><img data-recalc-dims=\"1\" loading=\"lazy\" decoding=\"async\" width=\"488\" height=\"650\" alt=\"\" class=\"wp-block-jetpack-slideshow_image wp-image-5291\" data-id=\"5291\" src=\"https:\/\/i0.wp.com\/patrimoine-avesnois.fr\/chemin\/wp-content\/uploads\/2019\/06\/08st-remy-du-nordmorts14-18_5457ac059ab23-1.jpg?resize=488%2C650\" srcset=\"https:\/\/i0.wp.com\/patrimoine-avesnois.fr\/chemin\/wp-content\/uploads\/2019\/06\/08st-remy-du-nordmorts14-18_5457ac059ab23-1.jpg?w=488&amp;ssl=1 488w, https:\/\/i0.wp.com\/patrimoine-avesnois.fr\/chemin\/wp-content\/uploads\/2019\/06\/08st-remy-du-nordmorts14-18_5457ac059ab23-1.jpg?resize=225%2C300&amp;ssl=1 225w\" sizes=\"(max-width: 488px) 85vw, 488px\" \/><\/figure><\/li><li class=\"wp-block-jetpack-slideshow_slide swiper-slide\"><figure><img data-recalc-dims=\"1\" loading=\"lazy\" decoding=\"async\" width=\"840\" height=\"630\" alt=\"\" class=\"wp-block-jetpack-slideshow_image wp-image-5292\" data-id=\"5292\" src=\"https:\/\/i0.wp.com\/patrimoine-avesnois.fr\/chemin\/wp-content\/uploads\/2019\/06\/09st-remy-du-nordmorts39-45_5457ac2979581.jpg?resize=840%2C630\" srcset=\"https:\/\/i0.wp.com\/patrimoine-avesnois.fr\/chemin\/wp-content\/uploads\/2019\/06\/09st-remy-du-nordmorts39-45_5457ac2979581.jpg?w=850&amp;ssl=1 850w, https:\/\/i0.wp.com\/patrimoine-avesnois.fr\/chemin\/wp-content\/uploads\/2019\/06\/09st-remy-du-nordmorts39-45_5457ac2979581.jpg?resize=300%2C225&amp;ssl=1 300w, https:\/\/i0.wp.com\/patrimoine-avesnois.fr\/chemin\/wp-content\/uploads\/2019\/06\/09st-remy-du-nordmorts39-45_5457ac2979581.jpg?resize=768%2C576&amp;ssl=1 768w\" sizes=\"(max-width: 709px) 85vw, (max-width: 909px) 67vw, (max-width: 1362px) 62vw, 840px\" \/><\/figure><\/li><\/ul><a class=\"wp-block-jetpack-slideshow_button-prev swiper-button-prev swiper-button-white\" role=\"button\"><\/a><a class=\"wp-block-jetpack-slideshow_button-next swiper-button-next swiper-button-white\" role=\"button\"><\/a><a aria-label=\"Pause Slideshow\" class=\"wp-block-jetpack-slideshow_button-pause\" role=\"button\"><\/a><div class=\"wp-block-jetpack-slideshow_pagination swiper-pagination swiper-pagination-white\"><\/div><\/div><\/div>\n\n\n\n<div class=\"wp-block-image\"><figure class=\"aligncenter is-resized\"><img loading=\"lazy\" decoding=\"async\" src=\"https:\/\/upload.wikimedia.org\/wikipedia\/commons\/thumb\/9\/96\/Saint-Remy-du-Nord_%28Nord%2C_Fr%29_calvaire.jpg\/800px-Saint-Remy-du-Nord_%28Nord%2C_Fr%29_calvaire.jpg\" alt=\"\" width=\"524\" height=\"698\"\/><figcaption>Le calvaire de 1948  <em>rue de la Place\/ chemin de la Valaudi\u00e8re<\/em> <\/figcaption><\/figure><\/div>\n\n\n\n<div class=\"wp-block-image\"><figure class=\"aligncenter\"><img decoding=\"async\" src=\"http:\/\/i2.wp.com\/www.calvaires-avesnois.fr\/wp-content\/uploads\/2016\/09\/Nouvelle-image-2-17.png?resize=555%2C416\" alt=\"Calvaire au cimeti\u00c3\u00a8re\"\/><figcaption>Calvaire au cimeti\u00e8re Photo Th\u00e9r\u00e8se Trouillet  CHGB<\/figcaption><\/figure><\/div>\n\n\n\n<div class=\"wp-block-image\"><figure class=\"aligncenter is-resized\"><img loading=\"lazy\" decoding=\"async\" src=\"https:\/\/upload.wikimedia.org\/wikipedia\/commons\/thumb\/5\/5d\/Saint-Remy-du-Nord_%28Nord%2C_Fr%29_cimeti%C3%A8re%2C_4_tombes_de_guerre_CWGC.jpg\/1280px-Saint-Remy-du-Nord_%28Nord%2C_Fr%29_cimeti%C3%A8re%2C_4_tombes_de_guerre_CWGC.jpg\" alt=\"\" width=\"640\" height=\"480\"\/><figcaption>Tombes de guerre de la CWGC <\/figcaption><\/figure><\/div>\n\n\n\n<div class=\"wp-block-image\"><figure class=\"aligncenter is-resized\"><img data-recalc-dims=\"1\" loading=\"lazy\" decoding=\"async\" src=\"https:\/\/i0.wp.com\/oratoiresetchapelles-avesnois.fr\/wp-content\/uploads\/2017\/05\/Capture1-1024x841.png?resize=768%2C631\" alt=\"Capture1\" width=\"768\" height=\"631\"\/><figcaption><a href=\"http:\/\/oratoiresetchapelles-avesnois.fr\/saint-remy-du-nord\/\" target=\"_blank\" rel=\"noreferrer noopener\" aria-label=\"2 oratoires et 3 chapelles (opens in a new tab)\">2 oratoires et 3 chapelles<\/a><\/figcaption><\/figure><\/div>\n\n\n\n<div class=\"wp-block-jetpack-slideshow aligncenter\" data-effect=\"slide\"><div class=\"wp-block-jetpack-slideshow_container swiper-container\"><ul class=\"wp-block-jetpack-slideshow_swiper-wrappper swiper-wrapper\"><li class=\"wp-block-jetpack-slideshow_slide swiper-slide\"><figure><img data-recalc-dims=\"1\" loading=\"lazy\" decoding=\"async\" width=\"649\" height=\"1024\" alt=\"\" class=\"wp-block-jetpack-slideshow_image wp-image-5283\" data-id=\"5283\" src=\"https:\/\/i0.wp.com\/patrimoine-avesnois.fr\/chemin\/wp-content\/uploads\/2019\/06\/1.Saint-R%C3%A9my-du-Nord-oratoire-situ%C3%A9-dans-une-propri%C3%A9t%C3%A9-priv%C3%A9e-rue-Jean-Messager.jpg?resize=649%2C1024\" srcset=\"https:\/\/i0.wp.com\/patrimoine-avesnois.fr\/chemin\/wp-content\/uploads\/2019\/06\/1.Saint-R%C3%A9my-du-Nord-oratoire-situ%C3%A9-dans-une-propri%C3%A9t%C3%A9-priv%C3%A9e-rue-Jean-Messager.jpg?w=649&amp;ssl=1 649w, https:\/\/i0.wp.com\/patrimoine-avesnois.fr\/chemin\/wp-content\/uploads\/2019\/06\/1.Saint-R%C3%A9my-du-Nord-oratoire-situ%C3%A9-dans-une-propri%C3%A9t%C3%A9-priv%C3%A9e-rue-Jean-Messager.jpg?resize=190%2C300&amp;ssl=1 190w\" sizes=\"(max-width: 649px) 85vw, 649px\" \/><\/figure><\/li><li class=\"wp-block-jetpack-slideshow_slide swiper-slide\"><figure><img data-recalc-dims=\"1\" loading=\"lazy\" decoding=\"async\" width=\"510\" height=\"1024\" alt=\"\" class=\"wp-block-jetpack-slideshow_image wp-image-5284\" data-id=\"5284\" src=\"https:\/\/i0.wp.com\/patrimoine-avesnois.fr\/chemin\/wp-content\/uploads\/2019\/06\/4.Saint-R%C3%A9my-du-Nord-chapelle-rue-de-Boussi%C3%A8res.jpg?resize=510%2C1024\" srcset=\"https:\/\/i0.wp.com\/patrimoine-avesnois.fr\/chemin\/wp-content\/uploads\/2019\/06\/4.Saint-R%C3%A9my-du-Nord-chapelle-rue-de-Boussi%C3%A8res.jpg?w=510&amp;ssl=1 510w, https:\/\/i0.wp.com\/patrimoine-avesnois.fr\/chemin\/wp-content\/uploads\/2019\/06\/4.Saint-R%C3%A9my-du-Nord-chapelle-rue-de-Boussi%C3%A8res.jpg?resize=149%2C300&amp;ssl=1 149w\" sizes=\"(max-width: 510px) 85vw, 510px\" \/><\/figure><\/li><li class=\"wp-block-jetpack-slideshow_slide swiper-slide\"><figure><img data-recalc-dims=\"1\" loading=\"lazy\" decoding=\"async\" width=\"689\" height=\"1024\" alt=\"\" class=\"wp-block-jetpack-slideshow_image wp-image-5285\" data-id=\"5285\" src=\"https:\/\/i0.wp.com\/patrimoine-avesnois.fr\/chemin\/wp-content\/uploads\/2019\/06\/5.Saint-R%C3%A9my-du-Nord-oratoire-d%C3%A9di%C3%A9-%C3%A0-ND-de-Fatima-rue-du-Rocq-Copie.jpg?resize=689%2C1024\" srcset=\"https:\/\/i0.wp.com\/patrimoine-avesnois.fr\/chemin\/wp-content\/uploads\/2019\/06\/5.Saint-R%C3%A9my-du-Nord-oratoire-d%C3%A9di%C3%A9-%C3%A0-ND-de-Fatima-rue-du-Rocq-Copie.jpg?w=689&amp;ssl=1 689w, https:\/\/i0.wp.com\/patrimoine-avesnois.fr\/chemin\/wp-content\/uploads\/2019\/06\/5.Saint-R%C3%A9my-du-Nord-oratoire-d%C3%A9di%C3%A9-%C3%A0-ND-de-Fatima-rue-du-Rocq-Copie.jpg?resize=202%2C300&amp;ssl=1 202w\" sizes=\"(max-width: 689px) 85vw, 689px\" \/><\/figure><\/li><li class=\"wp-block-jetpack-slideshow_slide swiper-slide\"><figure><img data-recalc-dims=\"1\" loading=\"lazy\" decoding=\"async\" width=\"768\" height=\"979\" alt=\"\" class=\"wp-block-jetpack-slideshow_image wp-image-5286\" data-id=\"5286\" src=\"https:\/\/i0.wp.com\/patrimoine-avesnois.fr\/chemin\/wp-content\/uploads\/2019\/06\/3.Saint-R%C3%A9my-du-Nord-chapelle-St-Benoit-rue-de-Limont.jpg?resize=768%2C979\" srcset=\"https:\/\/i0.wp.com\/patrimoine-avesnois.fr\/chemin\/wp-content\/uploads\/2019\/06\/3.Saint-R%C3%A9my-du-Nord-chapelle-St-Benoit-rue-de-Limont.jpg?w=768&amp;ssl=1 768w, https:\/\/i0.wp.com\/patrimoine-avesnois.fr\/chemin\/wp-content\/uploads\/2019\/06\/3.Saint-R%C3%A9my-du-Nord-chapelle-St-Benoit-rue-de-Limont.jpg?resize=235%2C300&amp;ssl=1 235w\" sizes=\"(max-width: 768px) 85vw, 768px\" \/><\/figure><\/li><li class=\"wp-block-jetpack-slideshow_slide swiper-slide\"><figure><img data-recalc-dims=\"1\" loading=\"lazy\" decoding=\"async\" width=\"768\" height=\"891\" alt=\"\" class=\"wp-block-jetpack-slideshow_image wp-image-5287\" data-id=\"5287\" src=\"https:\/\/i0.wp.com\/patrimoine-avesnois.fr\/chemin\/wp-content\/uploads\/2019\/06\/2.Saint-R%C3%A9my-du-Nord-chapelle-ND-de-Bon-Secours-Grand-Rue.jpg?resize=768%2C891\" srcset=\"https:\/\/i0.wp.com\/patrimoine-avesnois.fr\/chemin\/wp-content\/uploads\/2019\/06\/2.Saint-R%C3%A9my-du-Nord-chapelle-ND-de-Bon-Secours-Grand-Rue.jpg?w=768&amp;ssl=1 768w, https:\/\/i0.wp.com\/patrimoine-avesnois.fr\/chemin\/wp-content\/uploads\/2019\/06\/2.Saint-R%C3%A9my-du-Nord-chapelle-ND-de-Bon-Secours-Grand-Rue.jpg?resize=259%2C300&amp;ssl=1 259w\" sizes=\"(max-width: 768px) 85vw, 768px\" \/><\/figure><\/li><\/ul><a class=\"wp-block-jetpack-slideshow_button-prev swiper-button-prev swiper-button-white\" role=\"button\"><\/a><a class=\"wp-block-jetpack-slideshow_button-next swiper-button-next swiper-button-white\" role=\"button\"><\/a><a aria-label=\"Pause Slideshow\" class=\"wp-block-jetpack-slideshow_button-pause\" role=\"button\"><\/a><div class=\"wp-block-jetpack-slideshow_pagination swiper-pagination swiper-pagination-white\"><\/div><\/div><\/div>\n\n\n\n<p><strong>Le mur des Sarrazins :<\/strong><\/p>\n\n\n\n<div class=\"wp-block-image\"><figure class=\"aligncenter is-resized\"><img data-recalc-dims=\"1\" loading=\"lazy\" decoding=\"async\" data-attachment-id=\"5306\" data-permalink=\"https:\/\/patrimoine-avesnois.fr\/chemin\/saint-remy-du-nord\/image-832\/\" data-orig-file=\"https:\/\/i0.wp.com\/patrimoine-avesnois.fr\/chemin\/wp-content\/uploads\/2019\/06\/image-26.png?fit=760%2C523&amp;ssl=1\" data-orig-size=\"760,523\" data-comments-opened=\"1\" data-image-meta=\"{&quot;aperture&quot;:&quot;0&quot;,&quot;credit&quot;:&quot;&quot;,&quot;camera&quot;:&quot;&quot;,&quot;caption&quot;:&quot;&quot;,&quot;created_timestamp&quot;:&quot;0&quot;,&quot;copyright&quot;:&quot;&quot;,&quot;focal_length&quot;:&quot;0&quot;,&quot;iso&quot;:&quot;0&quot;,&quot;shutter_speed&quot;:&quot;0&quot;,&quot;title&quot;:&quot;&quot;,&quot;orientation&quot;:&quot;0&quot;}\" data-image-title=\"image\" data-image-description=\"\" data-image-caption=\"\" data-large-file=\"https:\/\/i0.wp.com\/patrimoine-avesnois.fr\/chemin\/wp-content\/uploads\/2019\/06\/image-26.png?fit=760%2C523&amp;ssl=1\" src=\"https:\/\/i0.wp.com\/patrimoine-avesnois.fr\/chemin\/wp-content\/uploads\/2019\/06\/image-26.png?resize=683%2C470\" alt=\"\" class=\"wp-image-5306\" width=\"683\" height=\"470\" srcset=\"https:\/\/i0.wp.com\/patrimoine-avesnois.fr\/chemin\/wp-content\/uploads\/2019\/06\/image-26.png?w=760&amp;ssl=1 760w, https:\/\/i0.wp.com\/patrimoine-avesnois.fr\/chemin\/wp-content\/uploads\/2019\/06\/image-26.png?resize=300%2C206&amp;ssl=1 300w\" sizes=\"auto, (max-width: 683px) 85vw, 683px\" \/><figcaption>Le mur des Sarrazyns Photo <a href=\"http:\/\/gizyfr.free.fr\/avesnois_inconnu\/l_aqueduc_de_floursies_a_bavay_046.htm\" target=\"_blank\" rel=\"noreferrer noopener\" aria-label=\"Gizyfr.free (opens in a new tab)\">Gizyfr.free<\/a><br><br><\/figcaption><\/figure><\/div>\n\n\n\n<p>Au Sud-Ouest du village (lieu-dit La Cav\u00e9e), le long d\u2019un sentier qui, partant de la route de Maubeuge \u00e0 Aulnoye se dirige vers la Sambre, on retrouve les vestiges de l\u2019aqueduc romain de Floursies \u00e0 Bavay. <br>C\u2019est un mur de 55 m de long et large d\u2019environ 1 m. Mais, comme le mur de Dourlers, il a \u00e9t\u00e9 d\u00e9pouill\u00e9 de son parement, et il ne reste que le remplissage int\u00e9rieur, form\u00e9 de pierres bleues, de d\u00e9bris de briques et de tuiles li\u00e9s par un mortier ros\u00e9. <br>A proximit\u00e9, ont \u00e9t\u00e9 d\u00e9couvert les vestiges d\u2019une fonderie de plomb, de m\u00eame origine, et qui a d\u00fb \u00eatre utilis\u00e9e pour la construction de l\u2019ouvrage.<\/p>\n\n\n\n<p><strong>La Cense des Granges<\/strong><\/p>\n\n\n\n<p>Au d\u00e9but du XVIe si\u00e8cle, la cense de la Grange appartenait aux religieux d\u2019Hautmont.<\/p>\n\n\n\n<p>Au XVIIIe si\u00e8cle, les censiers de Saint-Pierre d\u2019Hautmont dans le village \u00e9taient des Fauveau comme \u00e0 Forest et \u00e0 Boussi\u00e8res. Il s\u2019agissait d\u2019une famille de laboureurs particuli\u00e8rement puissante. Ignace Fauveau exploitait la \u00ab Cense des Granges \u00bb, levait la d\u00eeme et le terrage et s\u2019occupait \u00e9galement des terres appartenant \u00e0 la cure de Saint-R\u00e9my, annexe de Boussi\u00e8res, de la collation de notre abbaye. L\u2019ensemble des terres g\u00e9r\u00e9es par Fauveau avoisinait 60 hectares et \u00e9tait r\u00e9parti en 50 parcelles ! Le rendage en argent s\u2019\u00e9levait \u00e0 440 livres auxquelles s\u2019ajoutaient 12 muids de grains, quelques b\u00e9tails et quelques corv\u00e9es. Le censier devait entretenir le ch\u0153ur de l\u2019\u00e9glise et devait rendre au cur\u00e9 de Boussi\u00e8res pour les terres de la cure qu\u2019il exploitait 200 livres et 3 muids de c\u00e9r\u00e9ales. Il \u00e9tait \u00e9galement meunier. Dans le bail de 1772 il est stipul\u00e9 qu\u2019Ignace Fauveau \u00e9tait tenu de faire moudre ses grains de toutes esp\u00e8ces au moulin d\u2019Hautmont si son moulin venait \u00e0 ne pas \u00eatre en mesure de le faire.<\/p>\n\n\n\n<p>Ignace Fauveau, \u00ab fermier des granges \u00e0 Saint-R\u00e9my-Malb\u00e2ty \u00bb exploitait en plus \u00ab toutes les parties de biens appartenant \u00e0 la pitance de Saint-Pierre d\u2019Hautmont \u00bb. Cet ensemble \u00e9tait assez important : 3 hectares de pr\u00e9s et p\u00e2tures en 8 pi\u00e8ces et 15 hectares de terres labourables en 60 pi\u00e8ces Les moines poss\u00e9daient ainsi \u00e0 Saint-R\u00e9my-mal-B\u00e2ti presque 80 hectares de terres diverses en 110 parcelles.<\/p>\n\n\n\n<p>En 1922 la grange et une partie du moulin brul\u00e8rent. Le moulin fut reconstruit vers 1926 bien que s\u2019arr\u00eatant de fonctionner en 1928, mais de la grange incendi\u00e9e, il ne reste de nos jours, qu\u2019un haut mur pr\u00e9sent en forme d\u2019enclos. Le moulin proprement dit est sur trois niveaux tandis que les constructions se trouvant de l\u2019autre c\u00f4t\u00e9 de la cour sont les anciennes \u00e9curies et \u00e9tables.<\/p>\n\n\n\n<div class=\"wp-block-image\"><figure class=\"aligncenter\"><img decoding=\"async\" data-attachment-id=\"121\" data-permalink=\"https:\/\/patrimoine-avesnois.fr\/chemin\/audignies\/capture-3\/\" data-orig-file=\"https:\/\/i0.wp.com\/patrimoine-avesnois.fr\/chemin\/wp-content\/uploads\/2019\/03\/Capture-2.png?fit=792%2C594&amp;ssl=1\" data-orig-size=\"792,594\" data-comments-opened=\"1\" data-image-meta=\"{&quot;aperture&quot;:&quot;0&quot;,&quot;credit&quot;:&quot;&quot;,&quot;camera&quot;:&quot;&quot;,&quot;caption&quot;:&quot;&quot;,&quot;created_timestamp&quot;:&quot;0&quot;,&quot;copyright&quot;:&quot;&quot;,&quot;focal_length&quot;:&quot;0&quot;,&quot;iso&quot;:&quot;0&quot;,&quot;shutter_speed&quot;:&quot;0&quot;,&quot;title&quot;:&quot;&quot;,&quot;orientation&quot;:&quot;0&quot;}\" data-image-title=\"Capture\" data-image-description=\"\" data-image-caption=\"\" data-large-file=\"https:\/\/i0.wp.com\/patrimoine-avesnois.fr\/chemin\/wp-content\/uploads\/2019\/03\/Capture-2.png?fit=792%2C594&amp;ssl=1\" src=\"https:\/\/i1.wp.com\/patrimoine-avesnois.fr\/censes\/wp-content\/uploads\/2019\/02\/Capture-53.png?w=840\" alt=\"\" class=\"wp-image-121\"\/><figcaption>L\u2019ancienne ferme moulin Fauveau&nbsp;<a href=\"https:\/\/www.google.fr\/maps\/@50.2255463,3.9078569,3a,90y,252.85h,86.09t\/data=!3m6!1e1!3m4!1slS7PC43OJ6Dj63RlNXYIFA!2e0!7i13312!8i6656\">12 rue de Limont<\/a><\/figcaption><\/figure><\/div>\n\n\n\n<div class=\"wp-block-image\"><figure class=\"aligncenter\"><img decoding=\"async\" src=\"https:\/\/i0.wp.com\/patrimoine-avesnois.fr\/censes\/wp-content\/uploads\/2019\/02\/Capture-51.png?resize=840%2C560\" alt=\"\" class=\"wp-image-119\"\/><figcaption>Ecuries et \u00e9tables sur la gauche<\/figcaption><\/figure><\/div>\n","protected":false},"excerpt":{"rendered":"<p>Saint R\u00e9my du Nord existait d\u00e9j\u00e0 au XII e si\u00e8cle sous le nom de Saint-R\u00e9my Le-mal-Battu. Au Moyen \u00c2ge, la petite agglom\u00e9ration de Saint-R\u00e9my faisait partie de la commune de Boussi\u00e8res, le plus ancien document o\u00f9 l&rsquo;on fait mention de la commune est une confirmation de donation \u00e0 l&rsquo;abbaye d&rsquo;Hautmont par Bauduin, comte de Flandre &hellip; <a href=\"https:\/\/patrimoine-avesnois.fr\/chemin\/saint-remy-du-nord\/\" class=\"more-link\">Continuer la lecture<span class=\"screen-reader-text\"> de &laquo;&nbsp;Saint-R\u00e9my-du-Nord&nbsp;&raquo;<\/span><\/a><\/p>\n","protected":false},"author":2,"featured_media":0,"parent":0,"menu_order":0,"comment_status":"closed","ping_status":"closed","template":"","meta":{"jetpack_post_was_ever_published":false,"footnotes":""},"class_list":["post-5278","page","type-page","status-publish","hentry"],"jetpack_sharing_enabled":true,"jetpack_shortlink":"https:\/\/wp.me\/PaOEkN-1n8","jetpack-related-posts":[],"_links":{"self":[{"href":"https:\/\/patrimoine-avesnois.fr\/chemin\/wp-json\/wp\/v2\/pages\/5278","targetHints":{"allow":["GET"]}}],"collection":[{"href":"https:\/\/patrimoine-avesnois.fr\/chemin\/wp-json\/wp\/v2\/pages"}],"about":[{"href":"https:\/\/patrimoine-avesnois.fr\/chemin\/wp-json\/wp\/v2\/types\/page"}],"author":[{"embeddable":true,"href":"https:\/\/patrimoine-avesnois.fr\/chemin\/wp-json\/wp\/v2\/users\/2"}],"replies":[{"embeddable":true,"href":"https:\/\/patrimoine-avesnois.fr\/chemin\/wp-json\/wp\/v2\/comments?post=5278"}],"version-history":[{"count":0,"href":"https:\/\/patrimoine-avesnois.fr\/chemin\/wp-json\/wp\/v2\/pages\/5278\/revisions"}],"wp:attachment":[{"href":"https:\/\/patrimoine-avesnois.fr\/chemin\/wp-json\/wp\/v2\/media?parent=5278"}],"curies":[{"name":"wp","href":"https:\/\/api.w.org\/{rel}","templated":true}]}}