{"id":5627,"date":"2019-06-08T14:20:32","date_gmt":"2019-06-08T12:20:32","guid":{"rendered":"http:\/\/patrimoine-avesnois.fr\/chemin\/?page_id=5627"},"modified":"2025-02-23T13:10:51","modified_gmt":"2025-02-23T12:10:51","slug":"wargnies-le-petit","status":"publish","type":"page","link":"https:\/\/patrimoine-avesnois.fr\/chemin\/wargnies-le-petit\/","title":{"rendered":"Wargnies-le-Petit"},"content":{"rendered":"<div class=\"wp-block-image\">\n<figure class=\"aligncenter\"><img data-recalc-dims=\"1\" loading=\"lazy\" decoding=\"async\" width=\"840\" height=\"564\" data-attachment-id=\"5629\" data-permalink=\"https:\/\/patrimoine-avesnois.fr\/chemin\/wargnies-le-petit\/851_001\/\" data-orig-file=\"https:\/\/i0.wp.com\/patrimoine-avesnois.fr\/chemin\/wp-content\/uploads\/2019\/06\/851_001.jpg?fit=988%2C663&amp;ssl=1\" data-orig-size=\"988,663\" data-comments-opened=\"1\" data-image-meta=\"{&quot;aperture&quot;:&quot;0&quot;,&quot;credit&quot;:&quot;&quot;,&quot;camera&quot;:&quot;&quot;,&quot;caption&quot;:&quot;&quot;,&quot;created_timestamp&quot;:&quot;1559988774&quot;,&quot;copyright&quot;:&quot;&quot;,&quot;focal_length&quot;:&quot;0&quot;,&quot;iso&quot;:&quot;0&quot;,&quot;shutter_speed&quot;:&quot;0&quot;,&quot;title&quot;:&quot;&quot;,&quot;orientation&quot;:&quot;1&quot;}\" data-image-title=\"851_001\" data-image-description=\"\" data-image-caption=\"\" data-large-file=\"https:\/\/i0.wp.com\/patrimoine-avesnois.fr\/chemin\/wp-content\/uploads\/2019\/06\/851_001.jpg?fit=840%2C564&amp;ssl=1\" src=\"https:\/\/i0.wp.com\/patrimoine-avesnois.fr\/chemin\/wp-content\/uploads\/2019\/06\/851_001.jpg?resize=840%2C564\" alt=\"\" class=\"wp-image-5629\" srcset=\"https:\/\/i0.wp.com\/patrimoine-avesnois.fr\/chemin\/wp-content\/uploads\/2019\/06\/851_001.jpg?w=988&amp;ssl=1 988w, https:\/\/i0.wp.com\/patrimoine-avesnois.fr\/chemin\/wp-content\/uploads\/2019\/06\/851_001.jpg?resize=300%2C201&amp;ssl=1 300w, https:\/\/i0.wp.com\/patrimoine-avesnois.fr\/chemin\/wp-content\/uploads\/2019\/06\/851_001.jpg?resize=768%2C515&amp;ssl=1 768w\" sizes=\"auto, (max-width: 709px) 85vw, (max-width: 909px) 67vw, (max-width: 1362px) 62vw, 840px\" \/><figcaption class=\"wp-element-caption\">Wargnies-le-Petit :  un relief ondul\u00e9 sur le plateau du Quercitain, avec plantations arborescentes parsem\u00e9es mais bien pr\u00e9sentes.&nbsp; <\/figcaption><\/figure>\n<\/div>\n\n\n<p>Wargnies fut une propri\u00e9t\u00e9 de l\u2019abbaye de Saint-Amand, fond\u00e9e au VII\u00e8me si\u00e8cle. Il n\u2019est pas pr\u00e9cis\u00e9 s\u2019il s\u2019agissait du territoire des deux villages actuels ou seulement de l\u2019actuel Wargnies-le-Grand. <\/p>\n\n\n\n<p>Le premier document qui fait la distinction entre les deux villages, o\u00f9 l\u2019on cite Wargnies-le-Petit, est une charte de l\u2019\u00e9v\u00eaque de Cambrai, Pierre d\u2019Alsace, datant de 1173. Celui-ci donne \u00e0 son chapitre cath\u00e9dral l\u2019autel paroissial de Preux-au-Sart avec ses d\u00e9pendances d\u2019Amfroipret et de&nbsp;<em>Petit Warengni<\/em>. L\u2019\u00e9glise de Wargnies-le-Petit ne resta pas longtemps une d\u00e9pendance de celle de Preux car elle est cit\u00e9e comme autonome en&nbsp; 1181. <\/p>\n\n\n\n<p>En 1245 une charte-loi r\u00e9glementa les rapports des habitants avec le seigneur de Wargnies. <\/p>\n\n\n\n<p>Au Moyen \u00e2ge, Wargnies-Le-Petit \u00e9tait un village de la pr\u00e9v\u00f4t\u00e9 du Quesnoy et devait Ost au Comte du Hainaut.  La seigneurie de Wargnies-le-Petit fit partie successivement des possessions des familles de Roisin, de Nouvelles, de Montigny en Ostrevent puis d&rsquo;Anneux, seigneur de Cr\u00e8vecoeur et de Rumilly . <\/p>\n\n\n\n<p>En 1630 le roi d&rsquo;Espagne fit des deux Wargnies un marquisat, au profit des Anneux-Cr\u00e8vecoeur. <\/p>\n\n\n\n<p>Wargnies devint fran\u00e7ais en 1659. <\/p>\n\n\n\n<p>Ferdinand de l\u2019Epine&nbsp;ou de L\u00e9pine acquit la seigneurie de Wargnies-le-Petit en 1781. D\u2019origine montoise, il \u00e9tait \u00e9cuyer, ma\u00eetre des Eaux et For\u00eats au Quesnoy.<\/p>\n\n\n\n<p>Son fils&nbsp;Marie-Philippe Ferdinand de l\u2019Epine lui succ\u00e9da comme seigneur de Wargnies-le-Petit. Lui aussi fut \u00e9cuyer et bailli des eaux et for\u00eats au Quesnoy.<\/p>\n\n\n\n<p>La R\u00e9volution abolit les droits f\u00e9odaux, mais la famille de l\u2019Epine conserva le ch\u00e2teau et son domaine.<\/p>\n\n\n<div class=\"wp-block-image\">\n<figure class=\"aligncenter is-resized\"><img data-recalc-dims=\"1\" loading=\"lazy\" decoding=\"async\" width=\"716\" height=\"537\" data-attachment-id=\"5631\" data-permalink=\"https:\/\/patrimoine-avesnois.fr\/chemin\/wargnies-le-petit\/eglise\/\" data-orig-file=\"https:\/\/i0.wp.com\/patrimoine-avesnois.fr\/chemin\/wp-content\/uploads\/2019\/06\/Eglise.jpg?fit=716%2C537&amp;ssl=1\" data-orig-size=\"716,537\" data-comments-opened=\"1\" data-image-meta=\"{&quot;aperture&quot;:&quot;0&quot;,&quot;credit&quot;:&quot;CARRE&quot;,&quot;camera&quot;:&quot;&quot;,&quot;caption&quot;:&quot;&quot;,&quot;created_timestamp&quot;:&quot;1559993170&quot;,&quot;copyright&quot;:&quot;&quot;,&quot;focal_length&quot;:&quot;0&quot;,&quot;iso&quot;:&quot;0&quot;,&quot;shutter_speed&quot;:&quot;0&quot;,&quot;title&quot;:&quot;&quot;,&quot;orientation&quot;:&quot;1&quot;}\" data-image-title=\"Eglise\" data-image-description=\"\" data-image-caption=\"\" data-large-file=\"https:\/\/i0.wp.com\/patrimoine-avesnois.fr\/chemin\/wp-content\/uploads\/2019\/06\/Eglise.jpg?fit=716%2C537&amp;ssl=1\" src=\"https:\/\/i0.wp.com\/patrimoine-avesnois.fr\/chemin\/wp-content\/uploads\/2019\/06\/Eglise.jpg?resize=716%2C537\" alt=\"\" class=\"wp-image-5631\" style=\"width:640px;height:480px\" srcset=\"https:\/\/i0.wp.com\/patrimoine-avesnois.fr\/chemin\/wp-content\/uploads\/2019\/06\/Eglise.jpg?w=716&amp;ssl=1 716w, https:\/\/i0.wp.com\/patrimoine-avesnois.fr\/chemin\/wp-content\/uploads\/2019\/06\/Eglise.jpg?resize=300%2C225&amp;ssl=1 300w\" sizes=\"auto, (max-width: 716px) 85vw, 716px\" \/><figcaption class=\"wp-element-caption\">L&rsquo;\u00e9glise de Wargnies-le-Petit<\/figcaption><\/figure>\n<\/div>\n\n\n<p>L&rsquo;\u00e9glise Saint Pierre, b\u00e2tie au milieu du XVIII\u00e8me si\u00e8cle, en gr\u00e8s et briques, se dresse au dessus de la vall\u00e9e de l&rsquo;Aunelle qui coule une cinquantaine de m\u00e8tres plus bas. <\/p>\n\n\n\n<p>L&rsquo;int\u00e9rieur abrite un christ jans\u00e9niste, quelques statues en bois polychrome dont celles de Saint Pierre coiff\u00e9 de la tiare pontificale et les tombeaux de la famille de l&rsquo;Epine notamment celui de Ferdinand de l&rsquo;Epine qui est enterr\u00e9 dans le choeur de l&rsquo;\u00e9glise.<\/p>\n\n\n\n<figure class=\"wp-block-gallery has-nested-images columns-default is-cropped wp-block-gallery-1 is-layout-flex wp-block-gallery-is-layout-flex\">\n<figure class=\"wp-block-image size-large\"><img data-recalc-dims=\"1\" loading=\"lazy\" decoding=\"async\" width=\"840\" height=\"539\" data-attachment-id=\"5653\" data-permalink=\"https:\/\/patrimoine-avesnois.fr\/chemin\/wargnies-le-petit\/442_001\/\" data-orig-file=\"https:\/\/i0.wp.com\/patrimoine-avesnois.fr\/chemin\/wp-content\/uploads\/2019\/06\/442_001.jpg?fit=1398%2C897&amp;ssl=1\" data-orig-size=\"1398,897\" data-comments-opened=\"1\" data-image-meta=\"{&quot;aperture&quot;:&quot;0&quot;,&quot;credit&quot;:&quot;&quot;,&quot;camera&quot;:&quot;&quot;,&quot;caption&quot;:&quot;&quot;,&quot;created_timestamp&quot;:&quot;1560001367&quot;,&quot;copyright&quot;:&quot;&quot;,&quot;focal_length&quot;:&quot;0&quot;,&quot;iso&quot;:&quot;0&quot;,&quot;shutter_speed&quot;:&quot;0&quot;,&quot;title&quot;:&quot;&quot;,&quot;orientation&quot;:&quot;0&quot;}\" data-image-title=\"442_001\" data-image-description=\"\" data-image-caption=\"\" data-large-file=\"https:\/\/i0.wp.com\/patrimoine-avesnois.fr\/chemin\/wp-content\/uploads\/2019\/06\/442_001.jpg?fit=840%2C539&amp;ssl=1\" data-id=\"5653\" src=\"https:\/\/i0.wp.com\/patrimoine-avesnois.fr\/chemin\/wp-content\/uploads\/2019\/06\/442_001-1024x657.jpg?resize=840%2C539&#038;ssl=1\" alt=\"\" class=\"wp-image-5653\" srcset=\"https:\/\/i0.wp.com\/patrimoine-avesnois.fr\/chemin\/wp-content\/uploads\/2019\/06\/442_001.jpg?resize=1024%2C657&amp;ssl=1 1024w, https:\/\/i0.wp.com\/patrimoine-avesnois.fr\/chemin\/wp-content\/uploads\/2019\/06\/442_001.jpg?resize=300%2C192&amp;ssl=1 300w, https:\/\/i0.wp.com\/patrimoine-avesnois.fr\/chemin\/wp-content\/uploads\/2019\/06\/442_001.jpg?resize=768%2C493&amp;ssl=1 768w, https:\/\/i0.wp.com\/patrimoine-avesnois.fr\/chemin\/wp-content\/uploads\/2019\/06\/442_001.jpg?resize=1200%2C770&amp;ssl=1 1200w, https:\/\/i0.wp.com\/patrimoine-avesnois.fr\/chemin\/wp-content\/uploads\/2019\/06\/442_001.jpg?w=1398&amp;ssl=1 1398w\" sizes=\"auto, (max-width: 709px) 85vw, (max-width: 909px) 67vw, (max-width: 1362px) 62vw, 840px\" \/><\/figure>\n\n\n\n<figure class=\"wp-block-image size-large\"><img data-recalc-dims=\"1\" loading=\"lazy\" decoding=\"async\" width=\"840\" height=\"559\" data-attachment-id=\"5654\" data-permalink=\"https:\/\/patrimoine-avesnois.fr\/chemin\/wargnies-le-petit\/365_001\/\" data-orig-file=\"https:\/\/i0.wp.com\/patrimoine-avesnois.fr\/chemin\/wp-content\/uploads\/2019\/06\/365_001.jpg?fit=1545%2C1028&amp;ssl=1\" data-orig-size=\"1545,1028\" data-comments-opened=\"1\" data-image-meta=\"{&quot;aperture&quot;:&quot;0&quot;,&quot;credit&quot;:&quot;&quot;,&quot;camera&quot;:&quot;&quot;,&quot;caption&quot;:&quot;&quot;,&quot;created_timestamp&quot;:&quot;1560001374&quot;,&quot;copyright&quot;:&quot;&quot;,&quot;focal_length&quot;:&quot;0&quot;,&quot;iso&quot;:&quot;0&quot;,&quot;shutter_speed&quot;:&quot;0&quot;,&quot;title&quot;:&quot;&quot;,&quot;orientation&quot;:&quot;0&quot;}\" data-image-title=\"365_001\" data-image-description=\"\" data-image-caption=\"\" data-large-file=\"https:\/\/i0.wp.com\/patrimoine-avesnois.fr\/chemin\/wp-content\/uploads\/2019\/06\/365_001.jpg?fit=840%2C559&amp;ssl=1\" data-id=\"5654\" src=\"https:\/\/i0.wp.com\/patrimoine-avesnois.fr\/chemin\/wp-content\/uploads\/2019\/06\/365_001-1024x681.jpg?resize=840%2C559&#038;ssl=1\" alt=\"\" class=\"wp-image-5654\" srcset=\"https:\/\/i0.wp.com\/patrimoine-avesnois.fr\/chemin\/wp-content\/uploads\/2019\/06\/365_001.jpg?resize=1024%2C681&amp;ssl=1 1024w, https:\/\/i0.wp.com\/patrimoine-avesnois.fr\/chemin\/wp-content\/uploads\/2019\/06\/365_001.jpg?resize=300%2C200&amp;ssl=1 300w, https:\/\/i0.wp.com\/patrimoine-avesnois.fr\/chemin\/wp-content\/uploads\/2019\/06\/365_001.jpg?resize=768%2C511&amp;ssl=1 768w, https:\/\/i0.wp.com\/patrimoine-avesnois.fr\/chemin\/wp-content\/uploads\/2019\/06\/365_001.jpg?resize=1200%2C798&amp;ssl=1 1200w, https:\/\/i0.wp.com\/patrimoine-avesnois.fr\/chemin\/wp-content\/uploads\/2019\/06\/365_001.jpg?w=1545&amp;ssl=1 1545w\" sizes=\"auto, (max-width: 709px) 85vw, (max-width: 909px) 67vw, (max-width: 1362px) 62vw, 840px\" \/><\/figure>\n<\/figure>\n\n\n<div class=\"wp-block-image\">\n<figure class=\"aligncenter is-resized\"><img data-recalc-dims=\"1\" loading=\"lazy\" decoding=\"async\" width=\"816\" height=\"613\" data-attachment-id=\"5633\" data-permalink=\"https:\/\/patrimoine-avesnois.fr\/chemin\/wargnies-le-petit\/mairie-7\/\" data-orig-file=\"https:\/\/i0.wp.com\/patrimoine-avesnois.fr\/chemin\/wp-content\/uploads\/2019\/06\/Mairie.jpg?fit=816%2C613&amp;ssl=1\" data-orig-size=\"816,613\" data-comments-opened=\"1\" data-image-meta=\"{&quot;aperture&quot;:&quot;0&quot;,&quot;credit&quot;:&quot;CARRE&quot;,&quot;camera&quot;:&quot;&quot;,&quot;caption&quot;:&quot;&quot;,&quot;created_timestamp&quot;:&quot;1559993906&quot;,&quot;copyright&quot;:&quot;&quot;,&quot;focal_length&quot;:&quot;0&quot;,&quot;iso&quot;:&quot;0&quot;,&quot;shutter_speed&quot;:&quot;0&quot;,&quot;title&quot;:&quot;&quot;,&quot;orientation&quot;:&quot;1&quot;}\" data-image-title=\"Mairie\" data-image-description=\"\" data-image-caption=\"\" data-large-file=\"https:\/\/i0.wp.com\/patrimoine-avesnois.fr\/chemin\/wp-content\/uploads\/2019\/06\/Mairie.jpg?fit=816%2C613&amp;ssl=1\" src=\"https:\/\/i0.wp.com\/patrimoine-avesnois.fr\/chemin\/wp-content\/uploads\/2019\/06\/Mairie.jpg?resize=816%2C613\" alt=\"\" class=\"wp-image-5633\" style=\"width:640px;height:480px\" srcset=\"https:\/\/i0.wp.com\/patrimoine-avesnois.fr\/chemin\/wp-content\/uploads\/2019\/06\/Mairie.jpg?w=816&amp;ssl=1 816w, https:\/\/i0.wp.com\/patrimoine-avesnois.fr\/chemin\/wp-content\/uploads\/2019\/06\/Mairie.jpg?resize=300%2C225&amp;ssl=1 300w, https:\/\/i0.wp.com\/patrimoine-avesnois.fr\/chemin\/wp-content\/uploads\/2019\/06\/Mairie.jpg?resize=768%2C577&amp;ssl=1 768w\" sizes=\"auto, (max-width: 816px) 85vw, 816px\" \/><figcaption class=\"wp-element-caption\">La Mairie<\/figcaption><\/figure>\n<\/div>\n\n<div class=\"wp-block-image\">\n<figure class=\"aligncenter is-resized\"><img data-recalc-dims=\"1\" loading=\"lazy\" decoding=\"async\" width=\"433\" height=\"325\" data-attachment-id=\"5638\" data-permalink=\"https:\/\/patrimoine-avesnois.fr\/chemin\/wargnies-le-petit\/ecole-paul-detombe-2\/\" data-orig-file=\"https:\/\/i0.wp.com\/patrimoine-avesnois.fr\/chemin\/wp-content\/uploads\/2019\/06\/Ecole-Paul-DETOMBE-1.jpg?fit=433%2C325&amp;ssl=1\" data-orig-size=\"433,325\" data-comments-opened=\"1\" data-image-meta=\"{&quot;aperture&quot;:&quot;0&quot;,&quot;credit&quot;:&quot;CARRE&quot;,&quot;camera&quot;:&quot;&quot;,&quot;caption&quot;:&quot;&quot;,&quot;created_timestamp&quot;:&quot;1559995771&quot;,&quot;copyright&quot;:&quot;&quot;,&quot;focal_length&quot;:&quot;0&quot;,&quot;iso&quot;:&quot;0&quot;,&quot;shutter_speed&quot;:&quot;0&quot;,&quot;title&quot;:&quot;&quot;,&quot;orientation&quot;:&quot;1&quot;}\" data-image-title=\"Ecole Paul DETOMBE\" data-image-description=\"\" data-image-caption=\"\" data-large-file=\"https:\/\/i0.wp.com\/patrimoine-avesnois.fr\/chemin\/wp-content\/uploads\/2019\/06\/Ecole-Paul-DETOMBE-1.jpg?fit=433%2C325&amp;ssl=1\" src=\"https:\/\/i0.wp.com\/patrimoine-avesnois.fr\/chemin\/wp-content\/uploads\/2019\/06\/Ecole-Paul-DETOMBE-1.jpg?resize=433%2C325\" alt=\"\" class=\"wp-image-5638\" style=\"width:520px;height:390px\" srcset=\"https:\/\/i0.wp.com\/patrimoine-avesnois.fr\/chemin\/wp-content\/uploads\/2019\/06\/Ecole-Paul-DETOMBE-1.jpg?w=433&amp;ssl=1 433w, https:\/\/i0.wp.com\/patrimoine-avesnois.fr\/chemin\/wp-content\/uploads\/2019\/06\/Ecole-Paul-DETOMBE-1.jpg?resize=300%2C225&amp;ssl=1 300w\" sizes=\"auto, (max-width: 433px) 85vw, 433px\" \/><figcaption class=\"wp-element-caption\">Ecole Paul Deltombe. Photo Mairie<\/figcaption><\/figure>\n<\/div>\n\n\n<p>Paul Deltombe, n\u00e9 le 6 avril 1878 \u00e0 Catillon-sur-Sambre et mort le 8 ao\u00fbt 1971 \u00e0 Nantes, est un artiste peintre d\u00e9corateur fran\u00e7ais. Diff\u00e9rentes \u0153uvres dont un tableau repr\u00e9sentant une rue \u00e0 Wargnies-le-Petit figurent sur le site<a href=\"http:\/\/www2.culture.gouv.fr\/public\/mistral\/joconde_fr?ACTION=CHERCHER&amp;FIELD_98=AUTR&amp;VALUE_98=DELTOMBE%20Paul&amp;DOM=All&amp;REL_SPECIFIC=3\"> culture.gouv.fr   <\/a><\/p>\n\n\n<div class=\"wp-block-image\">\n<figure class=\"aligncenter size-large is-resized\"><img data-recalc-dims=\"1\" loading=\"lazy\" decoding=\"async\" width=\"623\" height=\"467\" data-attachment-id=\"16730\" data-permalink=\"https:\/\/patrimoine-avesnois.fr\/chemin\/wargnies-le-petit\/image-81-8\/\" data-orig-file=\"https:\/\/i0.wp.com\/patrimoine-avesnois.fr\/chemin\/wp-content\/uploads\/2021\/12\/image-81.png?fit=623%2C467&amp;ssl=1\" data-orig-size=\"623,467\" data-comments-opened=\"1\" data-image-meta=\"{&quot;aperture&quot;:&quot;0&quot;,&quot;credit&quot;:&quot;&quot;,&quot;camera&quot;:&quot;&quot;,&quot;caption&quot;:&quot;&quot;,&quot;created_timestamp&quot;:&quot;0&quot;,&quot;copyright&quot;:&quot;&quot;,&quot;focal_length&quot;:&quot;0&quot;,&quot;iso&quot;:&quot;0&quot;,&quot;shutter_speed&quot;:&quot;0&quot;,&quot;title&quot;:&quot;&quot;,&quot;orientation&quot;:&quot;0&quot;}\" data-image-title=\"image-81\" data-image-description=\"\" data-image-caption=\"\" data-large-file=\"https:\/\/i0.wp.com\/patrimoine-avesnois.fr\/chemin\/wp-content\/uploads\/2021\/12\/image-81.png?fit=623%2C467&amp;ssl=1\" src=\"https:\/\/i0.wp.com\/patrimoine-avesnois.fr\/chemin\/wp-content\/uploads\/2021\/12\/image-81.png?resize=623%2C467\" alt=\"\" class=\"wp-image-16730\" style=\"width:568px;height:426px\" srcset=\"https:\/\/i0.wp.com\/patrimoine-avesnois.fr\/chemin\/wp-content\/uploads\/2021\/12\/image-81.png?w=623&amp;ssl=1 623w, https:\/\/i0.wp.com\/patrimoine-avesnois.fr\/chemin\/wp-content\/uploads\/2021\/12\/image-81.png?resize=300%2C225&amp;ssl=1 300w\" sizes=\"auto, (max-width: 623px) 85vw, 623px\" \/><figcaption class=\"wp-element-caption\">L&rsquo;ancienne salle des f\u00eates<\/figcaption><\/figure>\n<\/div>\n\n<div class=\"wp-block-image\">\n<figure class=\"aligncenter size-large is-resized\"><img data-recalc-dims=\"1\" loading=\"lazy\" decoding=\"async\" width=\"395\" height=\"281\" data-attachment-id=\"16732\" data-permalink=\"https:\/\/patrimoine-avesnois.fr\/chemin\/wargnies-le-petit\/image-83-8\/\" data-orig-file=\"https:\/\/i0.wp.com\/patrimoine-avesnois.fr\/chemin\/wp-content\/uploads\/2021\/12\/image-83.png?fit=395%2C281&amp;ssl=1\" data-orig-size=\"395,281\" data-comments-opened=\"1\" data-image-meta=\"{&quot;aperture&quot;:&quot;0&quot;,&quot;credit&quot;:&quot;&quot;,&quot;camera&quot;:&quot;&quot;,&quot;caption&quot;:&quot;&quot;,&quot;created_timestamp&quot;:&quot;0&quot;,&quot;copyright&quot;:&quot;&quot;,&quot;focal_length&quot;:&quot;0&quot;,&quot;iso&quot;:&quot;0&quot;,&quot;shutter_speed&quot;:&quot;0&quot;,&quot;title&quot;:&quot;&quot;,&quot;orientation&quot;:&quot;0&quot;}\" data-image-title=\"image-83\" data-image-description=\"\" data-image-caption=\"\" data-large-file=\"https:\/\/i0.wp.com\/patrimoine-avesnois.fr\/chemin\/wp-content\/uploads\/2021\/12\/image-83.png?fit=395%2C281&amp;ssl=1\" src=\"https:\/\/i0.wp.com\/patrimoine-avesnois.fr\/chemin\/wp-content\/uploads\/2021\/12\/image-83.png?resize=395%2C281\" alt=\"\" class=\"wp-image-16732\" style=\"width:568px;height:403px\" srcset=\"https:\/\/i0.wp.com\/patrimoine-avesnois.fr\/chemin\/wp-content\/uploads\/2021\/12\/image-83.png?w=395&amp;ssl=1 395w, https:\/\/i0.wp.com\/patrimoine-avesnois.fr\/chemin\/wp-content\/uploads\/2021\/12\/image-83.png?resize=300%2C213&amp;ssl=1 300w\" sizes=\"auto, (max-width: 395px) 85vw, 395px\" \/><figcaption class=\"wp-element-caption\">La Salle des f\u00eates<\/figcaption><\/figure>\n<\/div>\n\n\n<p>Un peu plus de deux ans apr\u00e8s le d\u00e9but des travaux, la nouvelle salle des f\u00eates de Wargnies-le-Petit a \u00e9t\u00e9 inaugur\u00e9e le samedi 7 janvier 2017. Compos\u00e9 d\u2019un hall d\u2019accueil, d\u2019une grande salle d\u2019une capacit\u00e9 de 274&nbsp;personnes assises, de sanitaires et d\u2019une cuisine, le b\u00e2timent a \u00e9galement \u00e9t\u00e9 con\u00e7u pour servir de restaurant scolaire. La salle est modulable et peut \u00eatre partag\u00e9e en deux gr\u00e2ce \u00e0 une cloison mobile permettant d\u2019accueillir une soixantaine d\u2019enfants \u00e0 l\u2019heure du d\u00e9jeuner. <\/p>\n\n\n<div class=\"wp-block-image\">\n<figure class=\"aligncenter size-full is-resized\"><img data-recalc-dims=\"1\" loading=\"lazy\" decoding=\"async\" width=\"581\" height=\"773\" data-attachment-id=\"21130\" data-permalink=\"https:\/\/patrimoine-avesnois.fr\/chemin\/wargnies-le-petit\/image-1996\/\" data-orig-file=\"https:\/\/i0.wp.com\/patrimoine-avesnois.fr\/chemin\/wp-content\/uploads\/2025\/02\/image-5.png?fit=581%2C773&amp;ssl=1\" data-orig-size=\"581,773\" data-comments-opened=\"1\" data-image-meta=\"{&quot;aperture&quot;:&quot;0&quot;,&quot;credit&quot;:&quot;&quot;,&quot;camera&quot;:&quot;&quot;,&quot;caption&quot;:&quot;&quot;,&quot;created_timestamp&quot;:&quot;0&quot;,&quot;copyright&quot;:&quot;&quot;,&quot;focal_length&quot;:&quot;0&quot;,&quot;iso&quot;:&quot;0&quot;,&quot;shutter_speed&quot;:&quot;0&quot;,&quot;title&quot;:&quot;&quot;,&quot;orientation&quot;:&quot;0&quot;}\" data-image-title=\"image\" data-image-description=\"\" data-image-caption=\"\" data-large-file=\"https:\/\/i0.wp.com\/patrimoine-avesnois.fr\/chemin\/wp-content\/uploads\/2025\/02\/image-5.png?fit=581%2C773&amp;ssl=1\" src=\"https:\/\/i0.wp.com\/patrimoine-avesnois.fr\/chemin\/wp-content\/uploads\/2025\/02\/image-5.png?resize=581%2C773&#038;ssl=1\" alt=\"\" class=\"wp-image-21130\" style=\"width:475px;height:auto\" srcset=\"https:\/\/i0.wp.com\/patrimoine-avesnois.fr\/chemin\/wp-content\/uploads\/2025\/02\/image-5.png?w=581&amp;ssl=1 581w, https:\/\/i0.wp.com\/patrimoine-avesnois.fr\/chemin\/wp-content\/uploads\/2025\/02\/image-5.png?resize=225%2C300&amp;ssl=1 225w\" sizes=\"auto, (max-width: 581px) 85vw, 581px\" \/><figcaption class=\"wp-element-caption\">Le Monument aux Morts<\/figcaption><\/figure>\n<\/div>\n\n\n<p>D\u00e9cembre 1920 : MM.Vilain et Doctobre, marbriers \u00e0 Gommegnies, s&rsquo;engagent \u00e0 fournir le monument, \u00ab\u00a0chacun par moiti\u00e9\u00a0\u00bb, \u00ab\u00a0le tout rendu pos\u00e9 pour 5200 francs, livrable en avril 1921.\u00a0\u00bb  <br>&nbsp;23 fevrier 1921 : Le Maire, Robert Quinchon, informe le Sous-Pr\u00e9fet qu&rsquo;un cr\u00e9dit de 2500 francs a \u00e9t\u00e9 port\u00e9 au budget de 1920. Le Bureau de Bienfaisance n&rsquo;a donc pas \u00e0 intervenir.  <br>&#8211; 4 mai 1921 : Le Pr\u00e9fet informe le Ministre de l&rsquo;Int\u00e9rieur que la d\u00e9pense pr\u00e9vue est couverte en totalit\u00e9 (cr\u00e9dit de 2500 francs vot\u00e9 par le Conseil Municipal \/ souscription publique ayant produit 2200 francs \/ subvention de 500 francs sollicit\u00e9e de l&rsquo;Etat).  <br>&#8211; 1925 Pose de grilles entourant le monument (M. Huvelle &#8211; 1500 francs) <\/p>\n\n\n<div class=\"wp-block-image\">\n<figure class=\"aligncenter is-resized\"><img data-recalc-dims=\"1\" loading=\"lazy\" decoding=\"async\" width=\"472\" height=\"337\" data-attachment-id=\"5642\" data-permalink=\"https:\/\/patrimoine-avesnois.fr\/chemin\/wargnies-le-petit\/stele-2\/\" data-orig-file=\"https:\/\/i0.wp.com\/patrimoine-avesnois.fr\/chemin\/wp-content\/uploads\/2019\/06\/st%C3%A8le-1-1.jpg?fit=472%2C337&amp;ssl=1\" data-orig-size=\"472,337\" data-comments-opened=\"1\" data-image-meta=\"{&quot;aperture&quot;:&quot;0&quot;,&quot;credit&quot;:&quot;&quot;,&quot;camera&quot;:&quot;&quot;,&quot;caption&quot;:&quot;&quot;,&quot;created_timestamp&quot;:&quot;0&quot;,&quot;copyright&quot;:&quot;&quot;,&quot;focal_length&quot;:&quot;0&quot;,&quot;iso&quot;:&quot;0&quot;,&quot;shutter_speed&quot;:&quot;0&quot;,&quot;title&quot;:&quot;&quot;,&quot;orientation&quot;:&quot;0&quot;}\" data-image-title=\"st\u00e8le\" data-image-description=\"\" data-image-caption=\"\" data-large-file=\"https:\/\/i0.wp.com\/patrimoine-avesnois.fr\/chemin\/wp-content\/uploads\/2019\/06\/st%C3%A8le-1-1.jpg?fit=472%2C337&amp;ssl=1\" src=\"https:\/\/i0.wp.com\/patrimoine-avesnois.fr\/chemin\/wp-content\/uploads\/2019\/06\/st%C3%A8le-1-1.jpg?resize=472%2C337\" alt=\"\" class=\"wp-image-5642\" style=\"width:525px;height:375px\" srcset=\"https:\/\/i0.wp.com\/patrimoine-avesnois.fr\/chemin\/wp-content\/uploads\/2019\/06\/st%C3%A8le-1-1.jpg?w=472&amp;ssl=1 472w, https:\/\/i0.wp.com\/patrimoine-avesnois.fr\/chemin\/wp-content\/uploads\/2019\/06\/st%C3%A8le-1-1.jpg?resize=300%2C214&amp;ssl=1 300w\" sizes=\"auto, (max-width: 472px) 85vw, 472px\" \/><figcaption class=\"wp-element-caption\">St\u00e8le \u00e9rig\u00e9e \u00e0 la m\u00e9moire du lieutenant FFI, Marcel Dubois tomb\u00e9 \u00e0 cet endroit le 26-08-1944 <\/figcaption><\/figure>\n<\/div>\n\n<div class=\"wp-block-image\">\n<figure class=\"aligncenter\"><img data-recalc-dims=\"1\" height=\"513\" width=\"840\" decoding=\"async\" src=\"https:\/\/i0.wp.com\/oratoiresetchapelles-avesnois.fr\/wp-content\/uploads\/2017\/04\/Capturer-Copie-4-1024x625.png?resize=840%2C513\" alt=\"Capturer - Copie\"\/><figcaption class=\"wp-element-caption\"><a href=\"http:\/\/oratoiresetchapelles-avesnois.fr\/wargnies-le-petit\/\" target=\"_blank\" rel=\"noreferrer noopener\" aria-label=\"1 oratoire et 4 chapelles (opens in a new tab)\">1 oratoire et 4 chapelles<\/a><\/figcaption><\/figure>\n<\/div>\n\n\n<figure class=\"wp-block-gallery has-nested-images columns-default is-cropped wp-block-gallery-2 is-layout-flex wp-block-gallery-is-layout-flex\">\n<figure class=\"wp-block-image size-large\"><img data-recalc-dims=\"1\" loading=\"lazy\" decoding=\"async\" width=\"768\" height=\"1024\" data-attachment-id=\"5634\" data-permalink=\"https:\/\/patrimoine-avesnois.fr\/chemin\/wargnies-le-petit\/img_0213\/\" data-orig-file=\"https:\/\/i0.wp.com\/patrimoine-avesnois.fr\/chemin\/wp-content\/uploads\/2019\/06\/IMG_0213.jpg?fit=768%2C1024&amp;ssl=1\" data-orig-size=\"768,1024\" data-comments-opened=\"1\" data-image-meta=\"{&quot;aperture&quot;:&quot;2.2&quot;,&quot;credit&quot;:&quot;&quot;,&quot;camera&quot;:&quot;iPhone SE&quot;,&quot;caption&quot;:&quot;&quot;,&quot;created_timestamp&quot;:&quot;1490878173&quot;,&quot;copyright&quot;:&quot;&quot;,&quot;focal_length&quot;:&quot;4.15&quot;,&quot;iso&quot;:&quot;25&quot;,&quot;shutter_speed&quot;:&quot;0.0017699115044248&quot;,&quot;title&quot;:&quot;&quot;,&quot;orientation&quot;:&quot;1&quot;}\" data-image-title=\"IMG_0213\" data-image-description=\"\" data-image-caption=\"\" data-large-file=\"https:\/\/i0.wp.com\/patrimoine-avesnois.fr\/chemin\/wp-content\/uploads\/2019\/06\/IMG_0213.jpg?fit=768%2C1024&amp;ssl=1\" data-id=\"5634\" src=\"https:\/\/i0.wp.com\/patrimoine-avesnois.fr\/chemin\/wp-content\/uploads\/2019\/06\/IMG_0213-768x1024.jpg?resize=768%2C1024&#038;ssl=1\" alt=\"\" class=\"wp-image-5634\" srcset=\"https:\/\/i0.wp.com\/patrimoine-avesnois.fr\/chemin\/wp-content\/uploads\/2019\/06\/IMG_0213.jpg?w=768&amp;ssl=1 768w, https:\/\/i0.wp.com\/patrimoine-avesnois.fr\/chemin\/wp-content\/uploads\/2019\/06\/IMG_0213.jpg?resize=225%2C300&amp;ssl=1 225w\" sizes=\"auto, (max-width: 768px) 85vw, 768px\" \/><\/figure>\n\n\n\n<figure class=\"wp-block-image size-large\"><img data-recalc-dims=\"1\" loading=\"lazy\" decoding=\"async\" width=\"768\" height=\"1024\" data-attachment-id=\"5635\" data-permalink=\"https:\/\/patrimoine-avesnois.fr\/chemin\/wargnies-le-petit\/img_0242\/\" data-orig-file=\"https:\/\/i0.wp.com\/patrimoine-avesnois.fr\/chemin\/wp-content\/uploads\/2019\/06\/IMG_0242.jpg?fit=768%2C1024&amp;ssl=1\" data-orig-size=\"768,1024\" data-comments-opened=\"1\" data-image-meta=\"{&quot;aperture&quot;:&quot;2.2&quot;,&quot;credit&quot;:&quot;&quot;,&quot;camera&quot;:&quot;iPhone SE&quot;,&quot;caption&quot;:&quot;&quot;,&quot;created_timestamp&quot;:&quot;1490882639&quot;,&quot;copyright&quot;:&quot;&quot;,&quot;focal_length&quot;:&quot;4.15&quot;,&quot;iso&quot;:&quot;25&quot;,&quot;shutter_speed&quot;:&quot;0.00094876660341556&quot;,&quot;title&quot;:&quot;&quot;,&quot;orientation&quot;:&quot;1&quot;}\" data-image-title=\"IMG_0242\" data-image-description=\"\" data-image-caption=\"\" data-large-file=\"https:\/\/i0.wp.com\/patrimoine-avesnois.fr\/chemin\/wp-content\/uploads\/2019\/06\/IMG_0242.jpg?fit=768%2C1024&amp;ssl=1\" data-id=\"5635\" src=\"https:\/\/i0.wp.com\/patrimoine-avesnois.fr\/chemin\/wp-content\/uploads\/2019\/06\/IMG_0242-768x1024.jpg?resize=768%2C1024&#038;ssl=1\" alt=\"\" class=\"wp-image-5635\" srcset=\"https:\/\/i0.wp.com\/patrimoine-avesnois.fr\/chemin\/wp-content\/uploads\/2019\/06\/IMG_0242.jpg?w=768&amp;ssl=1 768w, https:\/\/i0.wp.com\/patrimoine-avesnois.fr\/chemin\/wp-content\/uploads\/2019\/06\/IMG_0242.jpg?resize=225%2C300&amp;ssl=1 225w\" sizes=\"auto, (max-width: 768px) 85vw, 768px\" \/><\/figure>\n<\/figure>\n\n\n\n<p>2 calvaires. Plus de photos et de notes sur le site <a href=\"http:\/\/www.calvaires-avesnois.fr\/wargnies-le-petit\/\" target=\"_blank\" rel=\"noreferrer noopener\" aria-label=\"Nos Calvaires en Avesnois (opens in a new tab)\">Nos Calvaires en Avesnois<\/a><\/p>\n\n\n\n<p>L&rsquo;ancien Moulin :<\/p>\n\n\n<div class=\"wp-block-image\">\n<figure class=\"aligncenter\"><img data-recalc-dims=\"1\" loading=\"lazy\" decoding=\"async\" width=\"705\" height=\"530\" data-attachment-id=\"5639\" data-permalink=\"https:\/\/patrimoine-avesnois.fr\/chemin\/wargnies-le-petit\/moulin-2\/\" data-orig-file=\"https:\/\/i0.wp.com\/patrimoine-avesnois.fr\/chemin\/wp-content\/uploads\/2019\/06\/Moulin-.jpg?fit=705%2C530&amp;ssl=1\" data-orig-size=\"705,530\" data-comments-opened=\"1\" data-image-meta=\"{&quot;aperture&quot;:&quot;0&quot;,&quot;credit&quot;:&quot;CARRE&quot;,&quot;camera&quot;:&quot;&quot;,&quot;caption&quot;:&quot;&quot;,&quot;created_timestamp&quot;:&quot;1559996349&quot;,&quot;copyright&quot;:&quot;&quot;,&quot;focal_length&quot;:&quot;0&quot;,&quot;iso&quot;:&quot;0&quot;,&quot;shutter_speed&quot;:&quot;0&quot;,&quot;title&quot;:&quot;&quot;,&quot;orientation&quot;:&quot;1&quot;}\" data-image-title=\"Moulin\" data-image-description=\"\" data-image-caption=\"\" data-large-file=\"https:\/\/i0.wp.com\/patrimoine-avesnois.fr\/chemin\/wp-content\/uploads\/2019\/06\/Moulin-.jpg?fit=705%2C530&amp;ssl=1\" src=\"https:\/\/i0.wp.com\/patrimoine-avesnois.fr\/chemin\/wp-content\/uploads\/2019\/06\/Moulin-.jpg?resize=705%2C530\" alt=\"\" class=\"wp-image-5639\" srcset=\"https:\/\/i0.wp.com\/patrimoine-avesnois.fr\/chemin\/wp-content\/uploads\/2019\/06\/Moulin-.jpg?w=705&amp;ssl=1 705w, https:\/\/i0.wp.com\/patrimoine-avesnois.fr\/chemin\/wp-content\/uploads\/2019\/06\/Moulin-.jpg?resize=300%2C226&amp;ssl=1 300w\" sizes=\"auto, (max-width: 705px) 85vw, 705px\" \/><figcaption class=\"wp-element-caption\">L&rsquo;ancien moulin rue de Cavin<\/figcaption><\/figure>\n<\/div>\n\n<div class=\"wp-block-image\">\n<figure class=\"aligncenter is-resized\"><img data-recalc-dims=\"1\" loading=\"lazy\" decoding=\"async\" width=\"840\" height=\"630\" data-attachment-id=\"5640\" data-permalink=\"https:\/\/patrimoine-avesnois.fr\/chemin\/wargnies-le-petit\/mlin\/\" data-orig-file=\"https:\/\/i0.wp.com\/patrimoine-avesnois.fr\/chemin\/wp-content\/uploads\/2019\/06\/Mlin.jpg?fit=881%2C661&amp;ssl=1\" data-orig-size=\"881,661\" data-comments-opened=\"1\" data-image-meta=\"{&quot;aperture&quot;:&quot;0&quot;,&quot;credit&quot;:&quot;CARRE&quot;,&quot;camera&quot;:&quot;&quot;,&quot;caption&quot;:&quot;&quot;,&quot;created_timestamp&quot;:&quot;1559996535&quot;,&quot;copyright&quot;:&quot;&quot;,&quot;focal_length&quot;:&quot;0&quot;,&quot;iso&quot;:&quot;0&quot;,&quot;shutter_speed&quot;:&quot;0&quot;,&quot;title&quot;:&quot;&quot;,&quot;orientation&quot;:&quot;1&quot;}\" data-image-title=\"Mlin\" data-image-description=\"\" data-image-caption=\"\" data-large-file=\"https:\/\/i0.wp.com\/patrimoine-avesnois.fr\/chemin\/wp-content\/uploads\/2019\/06\/Mlin.jpg?fit=840%2C630&amp;ssl=1\" src=\"https:\/\/i0.wp.com\/patrimoine-avesnois.fr\/chemin\/wp-content\/uploads\/2019\/06\/Mlin.jpg?resize=840%2C630\" alt=\"\" class=\"wp-image-5640\" style=\"width:705px;height:530px\" srcset=\"https:\/\/i0.wp.com\/patrimoine-avesnois.fr\/chemin\/wp-content\/uploads\/2019\/06\/Mlin.jpg?w=881&amp;ssl=1 881w, https:\/\/i0.wp.com\/patrimoine-avesnois.fr\/chemin\/wp-content\/uploads\/2019\/06\/Mlin.jpg?resize=300%2C225&amp;ssl=1 300w, https:\/\/i0.wp.com\/patrimoine-avesnois.fr\/chemin\/wp-content\/uploads\/2019\/06\/Mlin.jpg?resize=768%2C576&amp;ssl=1 768w\" sizes=\"auto, (max-width: 709px) 85vw, (max-width: 909px) 67vw, (max-width: 1362px) 62vw, 840px\" \/><figcaption class=\"wp-element-caption\">Autre vue de l&rsquo;ancien moulin<\/figcaption><\/figure>\n<\/div>\n\n\n<p>Ce moulin a \u00e9t\u00e9 \u00e9rig\u00e9 en 1790 par Jean-Baptiste Brasseur (1750 1799). Il est nomm\u00e9 Moulin d\u2019 En bas par rapport au moulin de Quelipont. Il est lou\u00e9 \u00e0 Louis-Joseph Lefebvre, meunier \u00e0 Villers-Pol le 18 avril 1791 et \u00e0 Jean-Pierre Dupr\u00e9 de Jenlain le 23 F\u00e9vrier 1797. La veuve Brasseur Marie Joachine Ville le loue \u00e0 Fran\u00e7ois Delporte le 3 f\u00e9vrier 1803.<\/p>\n\n\n\n<p>Parmi leurs cinq enfants c\u2019est Marie-Rosalie-Joseph (1797 1856) mari\u00e9e avec Pierre-Fran\u00e7ois Colmant (1801 1877) qui assure la rel\u00e8ve en tant que meuni\u00e8re. Le couple exerce aussi le m\u00e9tier de brasseur.<\/p>\n\n\n\n<p>L\u2019Observateur du 30 mai 1880 annonce \u00e0 vendre de gr\u00e9 \u00e0 gr\u00e9 pour cause de sant\u00e9 \u00ab&nbsp;une belle brasserie en pleine activit\u00e9, avec le mat\u00e9riel servant \u00e0 son exploitation, maison d\u2019habitation \u00e9curie, grange, cour, jardin, p\u00e2ture, man\u00e8ge et moulin \u00e0 moudre le brai&nbsp;\u00bb. Le m\u00eame journal&nbsp; annonce le 29 septembre 1899 la location \u00ab&nbsp;du moulin \u00e0 eau avec deux paires de meules et une maison d\u2019habitation \u00e0 usage de ferme avec 10 ou 12 hectares de p\u00e2tures et terres labourables&nbsp;\u00bb. Pierre Fran\u00e7ois Colmant fils (1836 1916) est le meunier et l\u2019est encore en 1906.<\/p>\n\n\n\n<p>Le cadastre de 1913 indique que le moulin est converti en ferme. Celle-ci appartient ensuite \u00e0 M Dhoctobre-Colmant qui la vend en 1928 \u00e0 M Charles Longhatte avant d\u2019appartenir au fils Gilbert. La rivi\u00e8re qui passait dans la cour a \u00e9t\u00e9 d\u00e9tourn\u00e9e.<\/p>\n\n\n<div class=\"wp-block-image\">\n<figure class=\"aligncenter\"><img data-recalc-dims=\"1\" loading=\"lazy\" decoding=\"async\" width=\"480\" height=\"329\" data-attachment-id=\"5644\" data-permalink=\"https:\/\/patrimoine-avesnois.fr\/chemin\/wargnies-le-petit\/fontaine-2\/\" data-orig-file=\"https:\/\/i0.wp.com\/patrimoine-avesnois.fr\/chemin\/wp-content\/uploads\/2019\/06\/Fontaine-1.jpg?fit=480%2C329&amp;ssl=1\" data-orig-size=\"480,329\" data-comments-opened=\"1\" data-image-meta=\"{&quot;aperture&quot;:&quot;0&quot;,&quot;credit&quot;:&quot;CARRE&quot;,&quot;camera&quot;:&quot;&quot;,&quot;caption&quot;:&quot;&quot;,&quot;created_timestamp&quot;:&quot;1559995611&quot;,&quot;copyright&quot;:&quot;&quot;,&quot;focal_length&quot;:&quot;0&quot;,&quot;iso&quot;:&quot;0&quot;,&quot;shutter_speed&quot;:&quot;0&quot;,&quot;title&quot;:&quot;&quot;,&quot;orientation&quot;:&quot;0&quot;}\" data-image-title=\"Fontaine\" data-image-description=\"\" data-image-caption=\"\" data-large-file=\"https:\/\/i0.wp.com\/patrimoine-avesnois.fr\/chemin\/wp-content\/uploads\/2019\/06\/Fontaine-1.jpg?fit=480%2C329&amp;ssl=1\" src=\"https:\/\/i0.wp.com\/patrimoine-avesnois.fr\/chemin\/wp-content\/uploads\/2019\/06\/Fontaine-1.jpg?resize=480%2C329\" alt=\"\" class=\"wp-image-5644\" srcset=\"https:\/\/i0.wp.com\/patrimoine-avesnois.fr\/chemin\/wp-content\/uploads\/2019\/06\/Fontaine-1.jpg?w=480&amp;ssl=1 480w, https:\/\/i0.wp.com\/patrimoine-avesnois.fr\/chemin\/wp-content\/uploads\/2019\/06\/Fontaine-1.jpg?resize=300%2C206&amp;ssl=1 300w\" sizes=\"auto, (max-width: 480px) 85vw, 480px\" \/><figcaption class=\"wp-element-caption\">Fontaine Marie-Philippe <\/figcaption><\/figure>\n<\/div>\n\n\n<p><\/p>\n\n\n\n<p>Le Ch\u00e2teau<\/p>\n\n\n<div class=\"wp-block-image\">\n<figure class=\"aligncenter\"><img data-recalc-dims=\"1\" loading=\"lazy\" decoding=\"async\" width=\"806\" height=\"509\" data-attachment-id=\"5647\" data-permalink=\"https:\/\/patrimoine-avesnois.fr\/chemin\/wargnies-le-petit\/375_001\/\" data-orig-file=\"https:\/\/i0.wp.com\/patrimoine-avesnois.fr\/chemin\/wp-content\/uploads\/2019\/06\/375_001.jpg?fit=806%2C509&amp;ssl=1\" data-orig-size=\"806,509\" data-comments-opened=\"1\" data-image-meta=\"{&quot;aperture&quot;:&quot;0&quot;,&quot;credit&quot;:&quot;&quot;,&quot;camera&quot;:&quot;&quot;,&quot;caption&quot;:&quot;&quot;,&quot;created_timestamp&quot;:&quot;1559987205&quot;,&quot;copyright&quot;:&quot;&quot;,&quot;focal_length&quot;:&quot;0&quot;,&quot;iso&quot;:&quot;0&quot;,&quot;shutter_speed&quot;:&quot;0&quot;,&quot;title&quot;:&quot;&quot;,&quot;orientation&quot;:&quot;0&quot;}\" data-image-title=\"375_001\" data-image-description=\"\" data-image-caption=\"\" data-large-file=\"https:\/\/i0.wp.com\/patrimoine-avesnois.fr\/chemin\/wp-content\/uploads\/2019\/06\/375_001.jpg?fit=806%2C509&amp;ssl=1\" src=\"https:\/\/i0.wp.com\/patrimoine-avesnois.fr\/chemin\/wp-content\/uploads\/2019\/06\/375_001.jpg?resize=806%2C509\" alt=\"\" class=\"wp-image-5647\" srcset=\"https:\/\/i0.wp.com\/patrimoine-avesnois.fr\/chemin\/wp-content\/uploads\/2019\/06\/375_001.jpg?w=806&amp;ssl=1 806w, https:\/\/i0.wp.com\/patrimoine-avesnois.fr\/chemin\/wp-content\/uploads\/2019\/06\/375_001.jpg?resize=300%2C189&amp;ssl=1 300w, https:\/\/i0.wp.com\/patrimoine-avesnois.fr\/chemin\/wp-content\/uploads\/2019\/06\/375_001.jpg?resize=768%2C485&amp;ssl=1 768w\" sizes=\"auto, (max-width: 806px) 85vw, 806px\" \/><figcaption class=\"wp-element-caption\">Ch\u00e2teau de l&rsquo;Epine &#8211; Monast\u00e8re des R\u00e9demptoristines. Octobre 1913. <\/figcaption><\/figure>\n<\/div>\n\n\n<p>La fa\u00e7ade comprend treize trav\u00e9es par niveau, reposant sur un soubassement de pierre. Au centre, un ensemble entourant let seuil de porte adopte une forme semi-circulaire, avec \u00e0 l\u2019\u00e9tage une porte-fen\u00eatre. <\/p>\n\n\n\n<figure class=\"wp-block-image\"><img data-recalc-dims=\"1\" loading=\"lazy\" decoding=\"async\" width=\"840\" height=\"569\" data-attachment-id=\"5648\" data-permalink=\"https:\/\/patrimoine-avesnois.fr\/chemin\/wargnies-le-petit\/417_001\/\" data-orig-file=\"https:\/\/i0.wp.com\/patrimoine-avesnois.fr\/chemin\/wp-content\/uploads\/2019\/06\/417_001.jpg?fit=981%2C665&amp;ssl=1\" data-orig-size=\"981,665\" data-comments-opened=\"1\" data-image-meta=\"{&quot;aperture&quot;:&quot;0&quot;,&quot;credit&quot;:&quot;&quot;,&quot;camera&quot;:&quot;&quot;,&quot;caption&quot;:&quot;&quot;,&quot;created_timestamp&quot;:&quot;1559987316&quot;,&quot;copyright&quot;:&quot;&quot;,&quot;focal_length&quot;:&quot;0&quot;,&quot;iso&quot;:&quot;0&quot;,&quot;shutter_speed&quot;:&quot;0&quot;,&quot;title&quot;:&quot;&quot;,&quot;orientation&quot;:&quot;0&quot;}\" data-image-title=\"417_001\" data-image-description=\"\" data-image-caption=\"\" data-large-file=\"https:\/\/i0.wp.com\/patrimoine-avesnois.fr\/chemin\/wp-content\/uploads\/2019\/06\/417_001.jpg?fit=840%2C569&amp;ssl=1\" src=\"https:\/\/i0.wp.com\/patrimoine-avesnois.fr\/chemin\/wp-content\/uploads\/2019\/06\/417_001.jpg?resize=840%2C569\" alt=\"\" class=\"wp-image-5648\" srcset=\"https:\/\/i0.wp.com\/patrimoine-avesnois.fr\/chemin\/wp-content\/uploads\/2019\/06\/417_001.jpg?w=981&amp;ssl=1 981w, https:\/\/i0.wp.com\/patrimoine-avesnois.fr\/chemin\/wp-content\/uploads\/2019\/06\/417_001.jpg?resize=300%2C203&amp;ssl=1 300w, https:\/\/i0.wp.com\/patrimoine-avesnois.fr\/chemin\/wp-content\/uploads\/2019\/06\/417_001.jpg?resize=768%2C521&amp;ssl=1 768w\" sizes=\"auto, (max-width: 709px) 85vw, (max-width: 909px) 67vw, (max-width: 1362px) 62vw, 840px\" \/><figcaption class=\"wp-element-caption\">Le Monast\u00e8re, vue du jardin. 1988. La fa\u00e7ade arri\u00e8re a conserv\u00e9 toute son authenticit\u00e9 du XVIII e si\u00e8cle.<\/figcaption><\/figure>\n\n\n\n<figure class=\"wp-block-gallery has-nested-images columns-default is-cropped wp-block-gallery-3 is-layout-flex wp-block-gallery-is-layout-flex\">\n<figure class=\"wp-block-image size-large\"><img data-recalc-dims=\"1\" loading=\"lazy\" decoding=\"async\" width=\"634\" height=\"1024\" data-attachment-id=\"5649\" data-permalink=\"https:\/\/patrimoine-avesnois.fr\/chemin\/wargnies-le-petit\/978_001\/\" data-orig-file=\"https:\/\/i0.wp.com\/patrimoine-avesnois.fr\/chemin\/wp-content\/uploads\/2019\/06\/978_001.jpg?fit=940%2C1518&amp;ssl=1\" data-orig-size=\"940,1518\" data-comments-opened=\"1\" data-image-meta=\"{&quot;aperture&quot;:&quot;0&quot;,&quot;credit&quot;:&quot;&quot;,&quot;camera&quot;:&quot;&quot;,&quot;caption&quot;:&quot;&quot;,&quot;created_timestamp&quot;:&quot;1559987258&quot;,&quot;copyright&quot;:&quot;&quot;,&quot;focal_length&quot;:&quot;0&quot;,&quot;iso&quot;:&quot;0&quot;,&quot;shutter_speed&quot;:&quot;0&quot;,&quot;title&quot;:&quot;&quot;,&quot;orientation&quot;:&quot;0&quot;}\" data-image-title=\"978_001\" data-image-description=\"\" data-image-caption=\"\" data-large-file=\"https:\/\/i0.wp.com\/patrimoine-avesnois.fr\/chemin\/wp-content\/uploads\/2019\/06\/978_001.jpg?fit=634%2C1024&amp;ssl=1\" data-id=\"5649\" src=\"https:\/\/i0.wp.com\/patrimoine-avesnois.fr\/chemin\/wp-content\/uploads\/2019\/06\/978_001-634x1024.jpg?resize=634%2C1024&#038;ssl=1\" alt=\"\" class=\"wp-image-5649\" srcset=\"https:\/\/i0.wp.com\/patrimoine-avesnois.fr\/chemin\/wp-content\/uploads\/2019\/06\/978_001.jpg?resize=634%2C1024&amp;ssl=1 634w, https:\/\/i0.wp.com\/patrimoine-avesnois.fr\/chemin\/wp-content\/uploads\/2019\/06\/978_001.jpg?resize=186%2C300&amp;ssl=1 186w, https:\/\/i0.wp.com\/patrimoine-avesnois.fr\/chemin\/wp-content\/uploads\/2019\/06\/978_001.jpg?resize=768%2C1240&amp;ssl=1 768w, https:\/\/i0.wp.com\/patrimoine-avesnois.fr\/chemin\/wp-content\/uploads\/2019\/06\/978_001.jpg?w=940&amp;ssl=1 940w\" sizes=\"auto, (max-width: 634px) 85vw, 634px\" \/><figcaption class=\"wp-element-caption\">Chapelle et Tour<\/figcaption><\/figure>\n\n\n\n<figure class=\"wp-block-image size-large\"><img data-recalc-dims=\"1\" loading=\"lazy\" decoding=\"async\" width=\"629\" height=\"1024\" data-attachment-id=\"5650\" data-permalink=\"https:\/\/patrimoine-avesnois.fr\/chemin\/wargnies-le-petit\/787_001\/\" data-orig-file=\"https:\/\/i0.wp.com\/patrimoine-avesnois.fr\/chemin\/wp-content\/uploads\/2019\/06\/787_001.jpg?fit=911%2C1482&amp;ssl=1\" data-orig-size=\"911,1482\" data-comments-opened=\"1\" data-image-meta=\"{&quot;aperture&quot;:&quot;0&quot;,&quot;credit&quot;:&quot;&quot;,&quot;camera&quot;:&quot;&quot;,&quot;caption&quot;:&quot;&quot;,&quot;created_timestamp&quot;:&quot;1559987266&quot;,&quot;copyright&quot;:&quot;&quot;,&quot;focal_length&quot;:&quot;0&quot;,&quot;iso&quot;:&quot;0&quot;,&quot;shutter_speed&quot;:&quot;0&quot;,&quot;title&quot;:&quot;&quot;,&quot;orientation&quot;:&quot;0&quot;}\" data-image-title=\"787_001\" data-image-description=\"\" data-image-caption=\"\" data-large-file=\"https:\/\/i0.wp.com\/patrimoine-avesnois.fr\/chemin\/wp-content\/uploads\/2019\/06\/787_001.jpg?fit=629%2C1024&amp;ssl=1\" data-id=\"5650\" src=\"https:\/\/i0.wp.com\/patrimoine-avesnois.fr\/chemin\/wp-content\/uploads\/2019\/06\/787_001-629x1024.jpg?resize=629%2C1024&#038;ssl=1\" alt=\"\" class=\"wp-image-5650\" srcset=\"https:\/\/i0.wp.com\/patrimoine-avesnois.fr\/chemin\/wp-content\/uploads\/2019\/06\/787_001.jpg?resize=629%2C1024&amp;ssl=1 629w, https:\/\/i0.wp.com\/patrimoine-avesnois.fr\/chemin\/wp-content\/uploads\/2019\/06\/787_001.jpg?resize=184%2C300&amp;ssl=1 184w, https:\/\/i0.wp.com\/patrimoine-avesnois.fr\/chemin\/wp-content\/uploads\/2019\/06\/787_001.jpg?resize=768%2C1249&amp;ssl=1 768w, https:\/\/i0.wp.com\/patrimoine-avesnois.fr\/chemin\/wp-content\/uploads\/2019\/06\/787_001.jpg?w=911&amp;ssl=1 911w\" sizes=\"auto, (max-width: 629px) 85vw, 629px\" \/><figcaption class=\"wp-element-caption\">Le Clo\u00eetre<\/figcaption><\/figure>\n<\/figure>\n\n\n\n<figure class=\"wp-block-gallery has-nested-images columns-default is-cropped wp-block-gallery-4 is-layout-flex wp-block-gallery-is-layout-flex\">\n<figure class=\"wp-block-image size-large\"><img data-recalc-dims=\"1\" loading=\"lazy\" decoding=\"async\" width=\"840\" height=\"518\" data-attachment-id=\"5651\" data-permalink=\"https:\/\/patrimoine-avesnois.fr\/chemin\/wargnies-le-petit\/189_001-2\/\" data-orig-file=\"https:\/\/i0.wp.com\/patrimoine-avesnois.fr\/chemin\/wp-content\/uploads\/2019\/06\/189_001.jpg?fit=1444%2C890&amp;ssl=1\" data-orig-size=\"1444,890\" data-comments-opened=\"1\" data-image-meta=\"{&quot;aperture&quot;:&quot;0&quot;,&quot;credit&quot;:&quot;&quot;,&quot;camera&quot;:&quot;&quot;,&quot;caption&quot;:&quot;&quot;,&quot;created_timestamp&quot;:&quot;1559987240&quot;,&quot;copyright&quot;:&quot;&quot;,&quot;focal_length&quot;:&quot;0&quot;,&quot;iso&quot;:&quot;0&quot;,&quot;shutter_speed&quot;:&quot;0&quot;,&quot;title&quot;:&quot;&quot;,&quot;orientation&quot;:&quot;1&quot;}\" data-image-title=\"189_001\" data-image-description=\"\" data-image-caption=\"\" data-large-file=\"https:\/\/i0.wp.com\/patrimoine-avesnois.fr\/chemin\/wp-content\/uploads\/2019\/06\/189_001.jpg?fit=840%2C518&amp;ssl=1\" data-id=\"5651\" src=\"https:\/\/i0.wp.com\/patrimoine-avesnois.fr\/chemin\/wp-content\/uploads\/2019\/06\/189_001-1024x631.jpg?resize=840%2C518&#038;ssl=1\" alt=\"\" class=\"wp-image-5651\" srcset=\"https:\/\/i0.wp.com\/patrimoine-avesnois.fr\/chemin\/wp-content\/uploads\/2019\/06\/189_001.jpg?resize=1024%2C631&amp;ssl=1 1024w, https:\/\/i0.wp.com\/patrimoine-avesnois.fr\/chemin\/wp-content\/uploads\/2019\/06\/189_001.jpg?resize=300%2C185&amp;ssl=1 300w, https:\/\/i0.wp.com\/patrimoine-avesnois.fr\/chemin\/wp-content\/uploads\/2019\/06\/189_001.jpg?resize=768%2C473&amp;ssl=1 768w, https:\/\/i0.wp.com\/patrimoine-avesnois.fr\/chemin\/wp-content\/uploads\/2019\/06\/189_001.jpg?resize=1200%2C740&amp;ssl=1 1200w, https:\/\/i0.wp.com\/patrimoine-avesnois.fr\/chemin\/wp-content\/uploads\/2019\/06\/189_001.jpg?w=1444&amp;ssl=1 1444w\" sizes=\"auto, (max-width: 709px) 85vw, (max-width: 909px) 67vw, (max-width: 1362px) 62vw, 840px\" \/><figcaption class=\"wp-element-caption\">Le Ch\u0153ur des religieuses<\/figcaption><\/figure>\n\n\n\n<figure class=\"wp-block-image size-large\"><img data-recalc-dims=\"1\" loading=\"lazy\" decoding=\"async\" width=\"840\" height=\"564\" data-attachment-id=\"5652\" data-permalink=\"https:\/\/patrimoine-avesnois.fr\/chemin\/wargnies-le-petit\/685_001\/\" data-orig-file=\"https:\/\/i0.wp.com\/patrimoine-avesnois.fr\/chemin\/wp-content\/uploads\/2019\/06\/685_001.jpg?fit=1001%2C672&amp;ssl=1\" data-orig-size=\"1001,672\" data-comments-opened=\"1\" data-image-meta=\"{&quot;aperture&quot;:&quot;0&quot;,&quot;credit&quot;:&quot;&quot;,&quot;camera&quot;:&quot;&quot;,&quot;caption&quot;:&quot;&quot;,&quot;created_timestamp&quot;:&quot;1559987285&quot;,&quot;copyright&quot;:&quot;&quot;,&quot;focal_length&quot;:&quot;0&quot;,&quot;iso&quot;:&quot;0&quot;,&quot;shutter_speed&quot;:&quot;0&quot;,&quot;title&quot;:&quot;&quot;,&quot;orientation&quot;:&quot;0&quot;}\" data-image-title=\"685_001\" data-image-description=\"\" data-image-caption=\"\" data-large-file=\"https:\/\/i0.wp.com\/patrimoine-avesnois.fr\/chemin\/wp-content\/uploads\/2019\/06\/685_001.jpg?fit=840%2C564&amp;ssl=1\" data-id=\"5652\" src=\"https:\/\/i0.wp.com\/patrimoine-avesnois.fr\/chemin\/wp-content\/uploads\/2019\/06\/685_001.jpg?resize=840%2C564&#038;ssl=1\" alt=\"\" class=\"wp-image-5652\" srcset=\"https:\/\/i0.wp.com\/patrimoine-avesnois.fr\/chemin\/wp-content\/uploads\/2019\/06\/685_001.jpg?w=1001&amp;ssl=1 1001w, https:\/\/i0.wp.com\/patrimoine-avesnois.fr\/chemin\/wp-content\/uploads\/2019\/06\/685_001.jpg?resize=300%2C201&amp;ssl=1 300w, https:\/\/i0.wp.com\/patrimoine-avesnois.fr\/chemin\/wp-content\/uploads\/2019\/06\/685_001.jpg?resize=768%2C516&amp;ssl=1 768w\" sizes=\"auto, (max-width: 709px) 85vw, (max-width: 909px) 67vw, (max-width: 1362px) 62vw, 840px\" \/><figcaption class=\"wp-element-caption\"> <br>Les r\u00e9demptoristes  (1990)<\/figcaption><\/figure>\n<\/figure>\n\n\n\n<figure class=\"wp-block-image\"><img data-recalc-dims=\"1\" loading=\"lazy\" decoding=\"async\" width=\"840\" height=\"631\" data-attachment-id=\"5655\" data-permalink=\"https:\/\/patrimoine-avesnois.fr\/chemin\/wargnies-le-petit\/chateau1\/\" data-orig-file=\"https:\/\/i0.wp.com\/patrimoine-avesnois.fr\/chemin\/wp-content\/uploads\/2019\/06\/Chateau1.jpg?fit=923%2C693&amp;ssl=1\" data-orig-size=\"923,693\" data-comments-opened=\"1\" data-image-meta=\"{&quot;aperture&quot;:&quot;0&quot;,&quot;credit&quot;:&quot;CARRE&quot;,&quot;camera&quot;:&quot;&quot;,&quot;caption&quot;:&quot;&quot;,&quot;created_timestamp&quot;:&quot;1560001662&quot;,&quot;copyright&quot;:&quot;&quot;,&quot;focal_length&quot;:&quot;0&quot;,&quot;iso&quot;:&quot;0&quot;,&quot;shutter_speed&quot;:&quot;0&quot;,&quot;title&quot;:&quot;&quot;,&quot;orientation&quot;:&quot;0&quot;}\" data-image-title=\"Chateau1\" data-image-description=\"\" data-image-caption=\"\" data-large-file=\"https:\/\/i0.wp.com\/patrimoine-avesnois.fr\/chemin\/wp-content\/uploads\/2019\/06\/Chateau1.jpg?fit=840%2C631&amp;ssl=1\" src=\"https:\/\/i0.wp.com\/patrimoine-avesnois.fr\/chemin\/wp-content\/uploads\/2019\/06\/Chateau1.jpg?resize=840%2C631\" alt=\"\" class=\"wp-image-5655\" srcset=\"https:\/\/i0.wp.com\/patrimoine-avesnois.fr\/chemin\/wp-content\/uploads\/2019\/06\/Chateau1.jpg?w=923&amp;ssl=1 923w, https:\/\/i0.wp.com\/patrimoine-avesnois.fr\/chemin\/wp-content\/uploads\/2019\/06\/Chateau1.jpg?resize=300%2C225&amp;ssl=1 300w, https:\/\/i0.wp.com\/patrimoine-avesnois.fr\/chemin\/wp-content\/uploads\/2019\/06\/Chateau1.jpg?resize=768%2C577&amp;ssl=1 768w\" sizes=\"auto, (max-width: 709px) 85vw, (max-width: 909px) 67vw, (max-width: 1362px) 62vw, 840px\" \/><figcaption class=\"wp-element-caption\">L&rsquo;ancien couvent Rue du Marquiseul<\/figcaption><\/figure>\n\n\n\n<ul class=\"wp-block-list\">\n<li>Marie Philippe Ferdinand de l&rsquo;Epine, habita le ch\u00e2teau. Il y r\u00e9sidait l&rsquo;\u00e9t\u00e9 et passait l&rsquo;hiver au Quesnoy o\u00f9 se trouvait son h\u00f4tel particulier. On le conna\u00eet sous le nom de Baron de l&rsquo;Epine, titre qui lui fut accord\u00e9 en 1825. Marie Philippe de l&rsquo;Epine commen\u00e7a sa carri\u00e8re sous l&rsquo;Empire, Officier de la garde nationale puis chef de bataillon en 1813, il fut nomm\u00e9 chevalier d&rsquo;Empire par Napol\u00e9on la m\u00eame ann\u00e9e. Sous la restauration, il devint colonel inspecteur et se lan\u00e7a dans la vie politique. <\/li>\n<\/ul>\n\n\n\n<p>Il fut successivement conseiller d&rsquo;arrondissement, membre du conseil g\u00e9n\u00e9ral, maire du Quesnoy et enfin d\u00e9put\u00e9 du nord en 1827. L\u00e9gitimiste, il se retira lors de la r\u00e9volution qui porte Louis-Philippe sur le tr\u00f4ne. Il fut \u00e0 nouveau conseiller g\u00e9n\u00e9ral de 1851 \u00e0 1868. Consid\u00e9r\u00e9 comme l&rsquo;un des hommes les plus riches du d\u00e9partement, il consacra une partie de sa fortune \u00e0 la construction d&rsquo;\u00e9glises et \u00e0 la cr\u00e9ation d&rsquo;\u00e9coles, o\u00f9 il installa des religieux. Ses successeurs habit\u00e8rent le ch\u00e2teau avant la premi\u00e8re guerre mondiale. L&rsquo;un deux en fit don \u00e0 une communaut\u00e9 religieuse \u00ab\u00a0les r\u00e9demptoristes\u00a0\u00bb. <br>En 1921, une communaut\u00e9 de s\u0153urs r\u00e9demptoristes s&rsquo;installa donc dans la vaste propri\u00e9t\u00e9 dite \u00ab\u00a0ch\u00e2teau du baron de L&rsquo;Epine.\u00a0\u00bb Les s\u0153urs venaient de Belgique o\u00f9 elles s&rsquo;\u00e9taient r\u00e9fugi\u00e9es en 1901 apr\u00e8s avoir d\u00fb quitter Armenti\u00e8res. Elles rest\u00e8rent \u00e0 Wargnies durant soixante ans. La diminution du nombre des religieuses les amena \u00e0 quitter le monast\u00e8re en 1980. Le couvent abrite aujourd&rsquo;hui une communaut\u00e9 Nazareth. <\/p>\n\n\n\n<ul class=\"wp-block-list\">\n<li>Description du ch\u00e2teau :<\/li>\n<\/ul>\n\n\n\n<p>Au XVIII e si\u00e8cle, la construction adoptait la forme d&rsquo;un U avec en son centre un porche de pierre encadrant les grilles d\u2019entr\u00e9e. De chaque c\u00f4t\u00e9, les ailes, en retour d\u2019\u00e9querre, comprenaient un \u00e9tage et des combles avec lucarnes. Sur la gauche du ch\u00e2teau, un pigeonnier porche permettait d\u2019acc\u00e9der directement aux d\u00e9pendances et \u00e9curies de la demeure. <br>Avec l&rsquo;arriv\u00e9e en 1921 des s\u0153urs r\u00e9demptoristes, un nouveau b\u00e2timent est alors b\u00e2ti et englobe dans sa fa\u00e7ade le pigeonnier, qui devient alors la fa\u00e7ade de la chapelle du couvent. Une nouvelle aile ferme alors la cour. Les religieuses en faisant condamner et murer l&rsquo;entr\u00e9e monumentale du ch\u00e2teau, sous la tour-pigeonnier, supprim\u00e8rent ainsi la forme en U et le porche de l&rsquo;ancien ch\u00e2teau.<\/p>\n\n\n<div class=\"wp-block-image\">\n<figure class=\"aligncenter\"><img loading=\"lazy\" decoding=\"async\" width=\"1137\" height=\"852\" data-attachment-id=\"5646\" data-permalink=\"https:\/\/patrimoine-avesnois.fr\/chemin\/wargnies-le-petit\/1280px-cascade_wargnies_le_petit-2\/\" data-orig-file=\"https:\/\/i0.wp.com\/patrimoine-avesnois.fr\/chemin\/wp-content\/uploads\/2019\/06\/1280px-Cascade_wargnies_le_petit-1.jpg?fit=1137%2C852&amp;ssl=1\" data-orig-size=\"1137,852\" data-comments-opened=\"1\" data-image-meta=\"{&quot;aperture&quot;:&quot;0&quot;,&quot;credit&quot;:&quot;&quot;,&quot;camera&quot;:&quot;&quot;,&quot;caption&quot;:&quot;&quot;,&quot;created_timestamp&quot;:&quot;1559997702&quot;,&quot;copyright&quot;:&quot;&quot;,&quot;focal_length&quot;:&quot;0&quot;,&quot;iso&quot;:&quot;0&quot;,&quot;shutter_speed&quot;:&quot;0&quot;,&quot;title&quot;:&quot;&quot;,&quot;orientation&quot;:&quot;1&quot;}\" data-image-title=\"1280px-Cascade_wargnies_le_petit\" data-image-description=\"\" data-image-caption=\"\" data-large-file=\"https:\/\/i0.wp.com\/patrimoine-avesnois.fr\/chemin\/wp-content\/uploads\/2019\/06\/1280px-Cascade_wargnies_le_petit-1.jpg?fit=840%2C629&amp;ssl=1\" src=\"https:\/\/i1.wp.com\/patrimoine-avesnois.fr\/chemin\/wp-content\/uploads\/2019\/06\/1280px-Cascade_wargnies_le_petit-1.jpg?fit=840%2C629\" alt=\"\" class=\"wp-image-5646\" srcset=\"https:\/\/i0.wp.com\/patrimoine-avesnois.fr\/chemin\/wp-content\/uploads\/2019\/06\/1280px-Cascade_wargnies_le_petit-1.jpg?w=1137&amp;ssl=1 1137w, https:\/\/i0.wp.com\/patrimoine-avesnois.fr\/chemin\/wp-content\/uploads\/2019\/06\/1280px-Cascade_wargnies_le_petit-1.jpg?resize=300%2C225&amp;ssl=1 300w, https:\/\/i0.wp.com\/patrimoine-avesnois.fr\/chemin\/wp-content\/uploads\/2019\/06\/1280px-Cascade_wargnies_le_petit-1.jpg?resize=768%2C575&amp;ssl=1 768w, https:\/\/i0.wp.com\/patrimoine-avesnois.fr\/chemin\/wp-content\/uploads\/2019\/06\/1280px-Cascade_wargnies_le_petit-1.jpg?resize=1024%2C767&amp;ssl=1 1024w\" sizes=\"auto, (max-width: 709px) 85vw, (max-width: 909px) 67vw, (max-width: 1362px) 62vw, 840px\" \/><figcaption class=\"wp-element-caption\">Cascade de Wargnies-le-Petit, lieu-dit de Qu\u00e9lipont, passage de la rivi\u00e8re Aunelle. Photo <a href=\"http:\/\/Par Tiotr \u2014 Travail personnel, CC BY-SA 3.0, https:\/\/commons.wikimedia.org\/w\/index.php?curid=8967719\">Wikipedia<\/a><\/figcaption><\/figure>\n<\/div>","protected":false},"excerpt":{"rendered":"<p>Wargnies fut une propri\u00e9t\u00e9 de l\u2019abbaye de Saint-Amand, fond\u00e9e au VII\u00e8me si\u00e8cle. Il n\u2019est pas pr\u00e9cis\u00e9 s\u2019il s\u2019agissait du territoire des deux villages actuels ou seulement de l\u2019actuel Wargnies-le-Grand. Le premier document qui fait la distinction entre les deux villages, o\u00f9 l\u2019on cite Wargnies-le-Petit, est une charte de l\u2019\u00e9v\u00eaque de Cambrai, Pierre d\u2019Alsace, datant de &hellip; <a href=\"https:\/\/patrimoine-avesnois.fr\/chemin\/wargnies-le-petit\/\" class=\"more-link\">Continuer la lecture<span class=\"screen-reader-text\"> de &laquo;&nbsp;Wargnies-le-Petit&nbsp;&raquo;<\/span><\/a><\/p>\n","protected":false},"author":2,"featured_media":0,"parent":0,"menu_order":0,"comment_status":"closed","ping_status":"closed","template":"","meta":{"jetpack_post_was_ever_published":false,"footnotes":""},"class_list":["post-5627","page","type-page","status-publish","hentry"],"jetpack_sharing_enabled":true,"jetpack_shortlink":"https:\/\/wp.me\/PaOEkN-1sL","jetpack-related-posts":[],"_links":{"self":[{"href":"https:\/\/patrimoine-avesnois.fr\/chemin\/wp-json\/wp\/v2\/pages\/5627","targetHints":{"allow":["GET"]}}],"collection":[{"href":"https:\/\/patrimoine-avesnois.fr\/chemin\/wp-json\/wp\/v2\/pages"}],"about":[{"href":"https:\/\/patrimoine-avesnois.fr\/chemin\/wp-json\/wp\/v2\/types\/page"}],"author":[{"embeddable":true,"href":"https:\/\/patrimoine-avesnois.fr\/chemin\/wp-json\/wp\/v2\/users\/2"}],"replies":[{"embeddable":true,"href":"https:\/\/patrimoine-avesnois.fr\/chemin\/wp-json\/wp\/v2\/comments?post=5627"}],"version-history":[{"count":0,"href":"https:\/\/patrimoine-avesnois.fr\/chemin\/wp-json\/wp\/v2\/pages\/5627\/revisions"}],"wp:attachment":[{"href":"https:\/\/patrimoine-avesnois.fr\/chemin\/wp-json\/wp\/v2\/media?parent=5627"}],"curies":[{"name":"wp","href":"https:\/\/api.w.org\/{rel}","templated":true}]}}