{"id":5885,"date":"2019-06-14T19:13:17","date_gmt":"2019-06-14T17:13:17","guid":{"rendered":"http:\/\/patrimoine-avesnois.fr\/chemin\/?page_id=5885"},"modified":"2025-02-22T18:26:31","modified_gmt":"2025-02-22T17:26:31","slug":"le-favril","status":"publish","type":"page","link":"https:\/\/patrimoine-avesnois.fr\/chemin\/le-favril\/","title":{"rendered":"Le Favril"},"content":{"rendered":"<div class=\"wp-block-image\">\n<figure class=\"aligncenter\"><img data-recalc-dims=\"1\" loading=\"lazy\" decoding=\"async\" width=\"658\" height=\"493\" data-attachment-id=\"5886\" data-permalink=\"https:\/\/patrimoine-avesnois.fr\/chemin\/le-favril\/capture-149\/\" data-orig-file=\"https:\/\/i0.wp.com\/patrimoine-avesnois.fr\/chemin\/wp-content\/uploads\/2019\/06\/Capture-27.jpg?fit=658%2C493&amp;ssl=1\" data-orig-size=\"658,493\" data-comments-opened=\"1\" data-image-meta=\"{&quot;aperture&quot;:&quot;0&quot;,&quot;credit&quot;:&quot;CARRE&quot;,&quot;camera&quot;:&quot;&quot;,&quot;caption&quot;:&quot;&quot;,&quot;created_timestamp&quot;:&quot;1560532807&quot;,&quot;copyright&quot;:&quot;&quot;,&quot;focal_length&quot;:&quot;0&quot;,&quot;iso&quot;:&quot;0&quot;,&quot;shutter_speed&quot;:&quot;0&quot;,&quot;title&quot;:&quot;&quot;,&quot;orientation&quot;:&quot;0&quot;}\" data-image-title=\"Capture\" data-image-description=\"\" data-image-caption=\"\" data-large-file=\"https:\/\/i0.wp.com\/patrimoine-avesnois.fr\/chemin\/wp-content\/uploads\/2019\/06\/Capture-27.jpg?fit=658%2C493&amp;ssl=1\" src=\"https:\/\/i0.wp.com\/patrimoine-avesnois.fr\/chemin\/wp-content\/uploads\/2019\/06\/Capture-27.jpg?resize=658%2C493\" alt=\"\" class=\"wp-image-5886\" srcset=\"https:\/\/i0.wp.com\/patrimoine-avesnois.fr\/chemin\/wp-content\/uploads\/2019\/06\/Capture-27.jpg?w=658&amp;ssl=1 658w, https:\/\/i0.wp.com\/patrimoine-avesnois.fr\/chemin\/wp-content\/uploads\/2019\/06\/Capture-27.jpg?resize=300%2C225&amp;ssl=1 300w\" sizes=\"auto, (max-width: 658px) 85vw, 658px\" \/><figcaption class=\"wp-element-caption\">Le Favril rue de Prisches<\/figcaption><\/figure>\n<\/div>\n\n\n<p> <br>Le village actuel du Favril &#8211; dont le nom d\u00e9rive de \u00ab\u00a0forge\u00a0\u00bb &#8211; s&rsquo;implante au XIIe si\u00e8cle sur son site actuel.&nbsp; <br>La possession de l&rsquo;\u00e9glise et de deux manses au Favril fut confirm\u00e9e \u00e0 l&rsquo;abbaye de Maroilles, en 1131, par une charte de l&rsquo;\u00e9v\u00eaque de Cambrai, Li\u00e9tard, et en 1237, par une bulle du pape Gr\u00e9goire IX. <\/p>\n\n\n\n<p>Jacques, seigneur d&rsquo;Avesnes, accorda en 1174 au village une charte de franchise, renouvel\u00e9e et confirm\u00e9e, en 1293 par Hugues 1er de Ch\u00e2tillon, l&rsquo;un de ses successeurs.&nbsp;En 1330, les alleux de Le Favril et de Landrecies furent r\u00e9unis en un seul fief d\u00e9pendant de Guillaume, comte de Hainaut, par Guy de Ch\u00e2tillon, seigneur d&rsquo;Avesnes. <\/p>\n\n\n\n<p>Le Favril a toujours fait partie de la terre et pairie d&rsquo;Avesnes; \u00e0 la R\u00e9volution le duc d&rsquo;Orl\u00e9ans y poss\u00e9dait encore le terrage et des rentes.<\/p>\n\n\n\n<p>Le village  connut les m\u00eames vicissitudes que Landrecies et servit de base arri\u00e8re lors des si\u00e8ges de la ville, en 1543, 1637, 1794 et 1918 notamment.<\/p>\n\n\n<div class=\"wp-block-image\">\n<figure class=\"aligncenter is-resized\"><img data-recalc-dims=\"1\" loading=\"lazy\" decoding=\"async\" width=\"681\" height=\"922\" data-attachment-id=\"5887\" data-permalink=\"https:\/\/patrimoine-avesnois.fr\/chemin\/le-favril\/image-869\/\" data-orig-file=\"https:\/\/i0.wp.com\/patrimoine-avesnois.fr\/chemin\/wp-content\/uploads\/2019\/06\/image-63.png?fit=681%2C922&amp;ssl=1\" data-orig-size=\"681,922\" data-comments-opened=\"1\" data-image-meta=\"{&quot;aperture&quot;:&quot;0&quot;,&quot;credit&quot;:&quot;&quot;,&quot;camera&quot;:&quot;&quot;,&quot;caption&quot;:&quot;&quot;,&quot;created_timestamp&quot;:&quot;0&quot;,&quot;copyright&quot;:&quot;&quot;,&quot;focal_length&quot;:&quot;0&quot;,&quot;iso&quot;:&quot;0&quot;,&quot;shutter_speed&quot;:&quot;0&quot;,&quot;title&quot;:&quot;&quot;,&quot;orientation&quot;:&quot;0&quot;}\" data-image-title=\"image\" data-image-description=\"\" data-image-caption=\"\" data-large-file=\"https:\/\/i0.wp.com\/patrimoine-avesnois.fr\/chemin\/wp-content\/uploads\/2019\/06\/image-63.png?fit=681%2C922&amp;ssl=1\" src=\"https:\/\/i0.wp.com\/patrimoine-avesnois.fr\/chemin\/wp-content\/uploads\/2019\/06\/image-63.png?resize=681%2C922\" alt=\"\" class=\"wp-image-5887\" style=\"width:511px;height:692px\" srcset=\"https:\/\/i0.wp.com\/patrimoine-avesnois.fr\/chemin\/wp-content\/uploads\/2019\/06\/image-63.png?w=681&amp;ssl=1 681w, https:\/\/i0.wp.com\/patrimoine-avesnois.fr\/chemin\/wp-content\/uploads\/2019\/06\/image-63.png?resize=222%2C300&amp;ssl=1 222w\" sizes=\"auto, (max-width: 681px) 85vw, 681px\" \/><figcaption class=\"wp-element-caption\">L&rsquo;\u00e9glise Saint-Nicolas de Le Favril<\/figcaption><\/figure>\n<\/div>\n\n\n<p><\/p>\n\n\n<div class=\"wp-block-image\">\n<figure class=\"aligncenter is-resized\"><img data-recalc-dims=\"1\" loading=\"lazy\" decoding=\"async\" width=\"681\" height=\"919\" data-attachment-id=\"5888\" data-permalink=\"https:\/\/patrimoine-avesnois.fr\/chemin\/le-favril\/image-870\/\" data-orig-file=\"https:\/\/i0.wp.com\/patrimoine-avesnois.fr\/chemin\/wp-content\/uploads\/2019\/06\/image-64.png?fit=681%2C919&amp;ssl=1\" data-orig-size=\"681,919\" data-comments-opened=\"1\" data-image-meta=\"{&quot;aperture&quot;:&quot;0&quot;,&quot;credit&quot;:&quot;&quot;,&quot;camera&quot;:&quot;&quot;,&quot;caption&quot;:&quot;&quot;,&quot;created_timestamp&quot;:&quot;0&quot;,&quot;copyright&quot;:&quot;&quot;,&quot;focal_length&quot;:&quot;0&quot;,&quot;iso&quot;:&quot;0&quot;,&quot;shutter_speed&quot;:&quot;0&quot;,&quot;title&quot;:&quot;&quot;,&quot;orientation&quot;:&quot;0&quot;}\" data-image-title=\"image\" data-image-description=\"\" data-image-caption=\"\" data-large-file=\"https:\/\/i0.wp.com\/patrimoine-avesnois.fr\/chemin\/wp-content\/uploads\/2019\/06\/image-64.png?fit=681%2C919&amp;ssl=1\" src=\"https:\/\/i0.wp.com\/patrimoine-avesnois.fr\/chemin\/wp-content\/uploads\/2019\/06\/image-64.png?resize=681%2C919\" alt=\"\" class=\"wp-image-5888\" style=\"width:511px;height:689px\" srcset=\"https:\/\/i0.wp.com\/patrimoine-avesnois.fr\/chemin\/wp-content\/uploads\/2019\/06\/image-64.png?w=681&amp;ssl=1 681w, https:\/\/i0.wp.com\/patrimoine-avesnois.fr\/chemin\/wp-content\/uploads\/2019\/06\/image-64.png?resize=222%2C300&amp;ssl=1 222w\" sizes=\"auto, (max-width: 681px) 85vw, 681px\" \/><figcaption class=\"wp-element-caption\">L&rsquo;\u00e9glise a \u00e9t\u00e9 r\u00e9nov\u00e9e en 2007<\/figcaption><\/figure>\n<\/div>\n\n<div class=\"wp-block-image\">\n<figure class=\"aligncenter is-resized\"><img loading=\"lazy\" decoding=\"async\" width=\"1214\" height=\"911\" data-attachment-id=\"5889\" data-permalink=\"https:\/\/patrimoine-avesnois.fr\/chemin\/le-favril\/image-871\/\" data-orig-file=\"https:\/\/i0.wp.com\/patrimoine-avesnois.fr\/chemin\/wp-content\/uploads\/2019\/06\/image-65.png?fit=1214%2C911&amp;ssl=1\" data-orig-size=\"1214,911\" data-comments-opened=\"1\" data-image-meta=\"{&quot;aperture&quot;:&quot;0&quot;,&quot;credit&quot;:&quot;&quot;,&quot;camera&quot;:&quot;&quot;,&quot;caption&quot;:&quot;&quot;,&quot;created_timestamp&quot;:&quot;0&quot;,&quot;copyright&quot;:&quot;&quot;,&quot;focal_length&quot;:&quot;0&quot;,&quot;iso&quot;:&quot;0&quot;,&quot;shutter_speed&quot;:&quot;0&quot;,&quot;title&quot;:&quot;&quot;,&quot;orientation&quot;:&quot;0&quot;}\" data-image-title=\"image\" data-image-description=\"\" data-image-caption=\"\" data-large-file=\"https:\/\/i0.wp.com\/patrimoine-avesnois.fr\/chemin\/wp-content\/uploads\/2019\/06\/image-65.png?fit=840%2C630&amp;ssl=1\" src=\"https:\/\/i2.wp.com\/patrimoine-avesnois.fr\/chemin\/wp-content\/uploads\/2019\/06\/image-65.png?fit=840%2C630\" alt=\"\" class=\"wp-image-5889\" style=\"width:630px;height:473px\" srcset=\"https:\/\/i0.wp.com\/patrimoine-avesnois.fr\/chemin\/wp-content\/uploads\/2019\/06\/image-65.png?w=1214&amp;ssl=1 1214w, https:\/\/i0.wp.com\/patrimoine-avesnois.fr\/chemin\/wp-content\/uploads\/2019\/06\/image-65.png?resize=300%2C225&amp;ssl=1 300w, https:\/\/i0.wp.com\/patrimoine-avesnois.fr\/chemin\/wp-content\/uploads\/2019\/06\/image-65.png?resize=768%2C576&amp;ssl=1 768w, https:\/\/i0.wp.com\/patrimoine-avesnois.fr\/chemin\/wp-content\/uploads\/2019\/06\/image-65.png?resize=1024%2C768&amp;ssl=1 1024w, https:\/\/i0.wp.com\/patrimoine-avesnois.fr\/chemin\/wp-content\/uploads\/2019\/06\/image-65.png?resize=1200%2C900&amp;ssl=1 1200w\" sizes=\"auto, (max-width: 709px) 85vw, (max-width: 909px) 67vw, (max-width: 1362px) 62vw, 840px\" \/><figcaption class=\"wp-element-caption\">La nef est de 1672.<\/figcaption><\/figure>\n<\/div>\n\n\n<p><strong>Les travaux de l&rsquo;\u00e9glise :<\/strong>  <br>(annotations faites dans le registre paroissial par Messire Jacques Meurant le cur\u00e9 du Favril )<\/p>\n\n\n\n<p>le 29 de septembre de l&rsquo;an 1699 Le plat font de la naif de l&rsquo;\u00e9glise du Fabuvril at est\u00e9 accomod\u00e9 et achevez<\/p>\n\n\n\n<p>Le 26 aout 1699 le plat font du coeur de l&rsquo;\u00e9glise dudit fabvril at estez achevez par les &#8212; les ab\u00e9z et religieux de &#8212; Maroilles collateur dudit<\/p>\n\n\n\n<p>le 2\u00e8 7bre 1702 fait et achev\u00e9 le protal de devant l&rsquo;\u00e9glise, par Jean Baptiste Renaux ma\u00e7on demeurant \u00e0 Fa\u00fft par le consentement des messires le pasteur, mayeur et eschevins du fabvril et ledit portal et mont\u00e9 \u00e0 50 patacons tout compris aux frais d&rsquo;ycelle \u00e9glise partant m\u00e9moire<\/p>\n\n\n\n<p>l&rsquo;ann\u00e9e 1750 le trente et un de juillet a \u00e9t\u00e9 pos\u00e9e la chaire de v\u00e9rit\u00e9 et le confessionnam qui fait face \u00e0 la ditte chaire, par le sieur Tupinye maitre menuisier demeurant au nouvion aux frais de notre \u00e9glise du Favril, les susdits ouvrages ayant \u00e9t\u00e9 marchand\u00e9s par le sr leprohon cur\u00e9 de la ditte paroisse du Favril conjointement nicola marchand mayeur et les \u00e9chevins ; les ouvrages qui ont \u00e9t\u00e9 faits les deux ann\u00e9es pr\u00e9c\u00e9dentes ont \u00e9tez faits aux frais de mrs de Maroilles collateurs de la cure du Favril, il est ainsi en foi de quoy jay soussign\u00e9 le jour et an que dessus Charles Joseph Leprohon cur\u00e9 du Favril<\/p>\n\n\n\n<p>M\u00e9moire que l&rsquo;ann\u00e9e mil sept cent cinquante un le cur\u00e9 conjointement les mayeur et \u00e9chevins on fait faire une neuve charpente \u00e0 l&rsquo;\u00e9glise qui fut achev\u00e9e au mois d&rsquo;octobre et une nouvelle couverture dardoise qui fut achev\u00e9e au mois de 9bre, le tout aux frais de la ditte \u00e9glise le clocher est \u00e0 la charge de la paroisse partant m\u00e9moire charles joseph leprohon<\/p>\n\n\n<div class=\"wp-block-image\">\n<figure class=\"aligncenter is-resized\"><img data-recalc-dims=\"1\" loading=\"lazy\" decoding=\"async\" width=\"679\" height=\"917\" data-attachment-id=\"5890\" data-permalink=\"https:\/\/patrimoine-avesnois.fr\/chemin\/le-favril\/image-872\/\" data-orig-file=\"https:\/\/i0.wp.com\/patrimoine-avesnois.fr\/chemin\/wp-content\/uploads\/2019\/06\/image-66.png?fit=679%2C917&amp;ssl=1\" data-orig-size=\"679,917\" data-comments-opened=\"1\" data-image-meta=\"{&quot;aperture&quot;:&quot;0&quot;,&quot;credit&quot;:&quot;&quot;,&quot;camera&quot;:&quot;&quot;,&quot;caption&quot;:&quot;&quot;,&quot;created_timestamp&quot;:&quot;0&quot;,&quot;copyright&quot;:&quot;&quot;,&quot;focal_length&quot;:&quot;0&quot;,&quot;iso&quot;:&quot;0&quot;,&quot;shutter_speed&quot;:&quot;0&quot;,&quot;title&quot;:&quot;&quot;,&quot;orientation&quot;:&quot;0&quot;}\" data-image-title=\"image\" data-image-description=\"\" data-image-caption=\"\" data-large-file=\"https:\/\/i0.wp.com\/patrimoine-avesnois.fr\/chemin\/wp-content\/uploads\/2019\/06\/image-66.png?fit=679%2C917&amp;ssl=1\" src=\"https:\/\/i0.wp.com\/patrimoine-avesnois.fr\/chemin\/wp-content\/uploads\/2019\/06\/image-66.png?resize=679%2C917\" alt=\"\" class=\"wp-image-5890\" style=\"width:509px;height:688px\" srcset=\"https:\/\/i0.wp.com\/patrimoine-avesnois.fr\/chemin\/wp-content\/uploads\/2019\/06\/image-66.png?w=679&amp;ssl=1 679w, https:\/\/i0.wp.com\/patrimoine-avesnois.fr\/chemin\/wp-content\/uploads\/2019\/06\/image-66.png?resize=222%2C300&amp;ssl=1 222w\" sizes=\"auto, (max-width: 679px) 85vw, 679px\" \/><figcaption class=\"wp-element-caption\">En 1897 l&rsquo;architecte Roussel, de Cambrai, a r\u00e9tabli l&rsquo;\u00e9difice avec son curieux clocher \u00e0 bulbe qui existait autrefois.<\/figcaption><\/figure>\n<\/div>\n\n<div class=\"wp-block-image\">\n<figure class=\"aligncenter is-resized\"><img decoding=\"async\" src=\"https:\/\/upload.wikimedia.org\/wikipedia\/commons\/thumb\/4\/4b\/Le_Favril_%28Nord%2C_Fr%29_%C3%A9glise%2C_vue_lat%C3%A9rale.jpg\/1280px-Le_Favril_%28Nord%2C_Fr%29_%C3%A9glise%2C_vue_lat%C3%A9rale.jpg\" alt=\"\" style=\"width:640px;height:480px\"\/><figcaption class=\"wp-element-caption\">L&rsquo;\u00e9glise vue de la route.<\/figcaption><\/figure>\n<\/div>\n\n\n<figure class=\"wp-block-gallery has-nested-images columns-default is-cropped wp-block-gallery-1 is-layout-flex wp-block-gallery-is-layout-flex\">\n<figure class=\"wp-block-image size-large\"><img data-recalc-dims=\"1\" loading=\"lazy\" decoding=\"async\" width=\"397\" height=\"600\" data-attachment-id=\"5892\" data-permalink=\"https:\/\/patrimoine-avesnois.fr\/chemin\/le-favril\/sap83_59w00683_p\/\" data-orig-file=\"https:\/\/i0.wp.com\/patrimoine-avesnois.fr\/chemin\/wp-content\/uploads\/2019\/06\/sap83_59w00683_p.jpg?fit=397%2C600&amp;ssl=1\" data-orig-size=\"397,600\" data-comments-opened=\"1\" data-image-meta=\"{&quot;aperture&quot;:&quot;0&quot;,&quot;credit&quot;:&quot;&quot;,&quot;camera&quot;:&quot;PerfectionV700&quot;,&quot;caption&quot;:&quot;&quot;,&quot;created_timestamp&quot;:&quot;1278431056&quot;,&quot;copyright&quot;:&quot;&quot;,&quot;focal_length&quot;:&quot;0&quot;,&quot;iso&quot;:&quot;0&quot;,&quot;shutter_speed&quot;:&quot;0&quot;,&quot;title&quot;:&quot;&quot;,&quot;orientation&quot;:&quot;1&quot;}\" data-image-title=\"sap83_59w00683_p\" data-image-description=\"\" data-image-caption=\"\" data-large-file=\"https:\/\/i0.wp.com\/patrimoine-avesnois.fr\/chemin\/wp-content\/uploads\/2019\/06\/sap83_59w00683_p.jpg?fit=397%2C600&amp;ssl=1\" data-id=\"5892\" src=\"https:\/\/i0.wp.com\/patrimoine-avesnois.fr\/chemin\/wp-content\/uploads\/2019\/06\/sap83_59w00683_p.jpg?resize=397%2C600&#038;ssl=1\" alt=\"\" class=\"wp-image-5892\" srcset=\"https:\/\/i0.wp.com\/patrimoine-avesnois.fr\/chemin\/wp-content\/uploads\/2019\/06\/sap83_59w00683_p.jpg?w=397&amp;ssl=1 397w, https:\/\/i0.wp.com\/patrimoine-avesnois.fr\/chemin\/wp-content\/uploads\/2019\/06\/sap83_59w00683_p.jpg?resize=199%2C300&amp;ssl=1 199w\" sizes=\"auto, (max-width: 397px) 85vw, 397px\" \/><figcaption class=\"wp-element-caption\">Saint Nicolas  <br>Minist\u00e8re de la culture &#8211; base M\u00e9moire <\/figcaption><\/figure>\n\n\n\n<figure class=\"wp-block-image size-large\"><img data-recalc-dims=\"1\" loading=\"lazy\" decoding=\"async\" width=\"394\" height=\"526\" data-attachment-id=\"5893\" data-permalink=\"https:\/\/patrimoine-avesnois.fr\/chemin\/le-favril\/image67\/\" data-orig-file=\"https:\/\/i0.wp.com\/patrimoine-avesnois.fr\/chemin\/wp-content\/uploads\/2019\/06\/image67.jpg?fit=394%2C526&amp;ssl=1\" data-orig-size=\"394,526\" data-comments-opened=\"1\" data-image-meta=\"{&quot;aperture&quot;:&quot;0&quot;,&quot;credit&quot;:&quot;CARRE&quot;,&quot;camera&quot;:&quot;&quot;,&quot;caption&quot;:&quot;&quot;,&quot;created_timestamp&quot;:&quot;1560535664&quot;,&quot;copyright&quot;:&quot;&quot;,&quot;focal_length&quot;:&quot;0&quot;,&quot;iso&quot;:&quot;0&quot;,&quot;shutter_speed&quot;:&quot;0&quot;,&quot;title&quot;:&quot;&quot;,&quot;orientation&quot;:&quot;1&quot;}\" data-image-title=\"image67\" data-image-description=\"\" data-image-caption=\"\" data-large-file=\"https:\/\/i0.wp.com\/patrimoine-avesnois.fr\/chemin\/wp-content\/uploads\/2019\/06\/image67.jpg?fit=394%2C526&amp;ssl=1\" data-id=\"5893\" src=\"https:\/\/i0.wp.com\/patrimoine-avesnois.fr\/chemin\/wp-content\/uploads\/2019\/06\/image67.jpg?resize=394%2C526&#038;ssl=1\" alt=\"\" class=\"wp-image-5893\" srcset=\"https:\/\/i0.wp.com\/patrimoine-avesnois.fr\/chemin\/wp-content\/uploads\/2019\/06\/image67.jpg?w=394&amp;ssl=1 394w, https:\/\/i0.wp.com\/patrimoine-avesnois.fr\/chemin\/wp-content\/uploads\/2019\/06\/image67.jpg?resize=225%2C300&amp;ssl=1 225w\" sizes=\"auto, (max-width: 394px) 85vw, 394px\" \/><figcaption class=\"wp-element-caption\">Saint Nicolas<\/figcaption><\/figure>\n<\/figure>\n\n\n\n<figure class=\"wp-block-gallery has-nested-images columns-default is-cropped wp-block-gallery-2 is-layout-flex wp-block-gallery-is-layout-flex\">\n<figure class=\"wp-block-image size-large\"><img data-recalc-dims=\"1\" loading=\"lazy\" decoding=\"async\" width=\"432\" height=\"600\" data-attachment-id=\"5894\" data-permalink=\"https:\/\/patrimoine-avesnois.fr\/chemin\/le-favril\/sap83_59w00681_p\/\" data-orig-file=\"https:\/\/i0.wp.com\/patrimoine-avesnois.fr\/chemin\/wp-content\/uploads\/2019\/06\/sap83_59w00681_p.jpg?fit=432%2C600&amp;ssl=1\" data-orig-size=\"432,600\" data-comments-opened=\"1\" data-image-meta=\"{&quot;aperture&quot;:&quot;0&quot;,&quot;credit&quot;:&quot;&quot;,&quot;camera&quot;:&quot;PerfectionV700&quot;,&quot;caption&quot;:&quot;&quot;,&quot;created_timestamp&quot;:&quot;1278430915&quot;,&quot;copyright&quot;:&quot;&quot;,&quot;focal_length&quot;:&quot;0&quot;,&quot;iso&quot;:&quot;0&quot;,&quot;shutter_speed&quot;:&quot;0&quot;,&quot;title&quot;:&quot;&quot;,&quot;orientation&quot;:&quot;1&quot;}\" data-image-title=\"sap83_59w00681_p\" data-image-description=\"\" data-image-caption=\"\" data-large-file=\"https:\/\/i0.wp.com\/patrimoine-avesnois.fr\/chemin\/wp-content\/uploads\/2019\/06\/sap83_59w00681_p.jpg?fit=432%2C600&amp;ssl=1\" data-id=\"5894\" src=\"https:\/\/i0.wp.com\/patrimoine-avesnois.fr\/chemin\/wp-content\/uploads\/2019\/06\/sap83_59w00681_p.jpg?resize=432%2C600&#038;ssl=1\" alt=\"\" class=\"wp-image-5894\" srcset=\"https:\/\/i0.wp.com\/patrimoine-avesnois.fr\/chemin\/wp-content\/uploads\/2019\/06\/sap83_59w00681_p.jpg?w=432&amp;ssl=1 432w, https:\/\/i0.wp.com\/patrimoine-avesnois.fr\/chemin\/wp-content\/uploads\/2019\/06\/sap83_59w00681_p.jpg?resize=216%2C300&amp;ssl=1 216w\" sizes=\"auto, (max-width: 432px) 85vw, 432px\" \/><figcaption class=\"wp-element-caption\">Saint Pierre (base Pallisy)<\/figcaption><\/figure>\n\n\n\n<figure class=\"wp-block-image size-large\"><img data-recalc-dims=\"1\" loading=\"lazy\" decoding=\"async\" width=\"411\" height=\"548\" data-attachment-id=\"5895\" data-permalink=\"https:\/\/patrimoine-avesnois.fr\/chemin\/le-favril\/image68\/\" data-orig-file=\"https:\/\/i0.wp.com\/patrimoine-avesnois.fr\/chemin\/wp-content\/uploads\/2019\/06\/image68.jpg?fit=411%2C548&amp;ssl=1\" data-orig-size=\"411,548\" data-comments-opened=\"1\" data-image-meta=\"{&quot;aperture&quot;:&quot;0&quot;,&quot;credit&quot;:&quot;CARRE&quot;,&quot;camera&quot;:&quot;&quot;,&quot;caption&quot;:&quot;&quot;,&quot;created_timestamp&quot;:&quot;1560536009&quot;,&quot;copyright&quot;:&quot;&quot;,&quot;focal_length&quot;:&quot;0&quot;,&quot;iso&quot;:&quot;0&quot;,&quot;shutter_speed&quot;:&quot;0&quot;,&quot;title&quot;:&quot;&quot;,&quot;orientation&quot;:&quot;0&quot;}\" data-image-title=\"image68\" data-image-description=\"\" data-image-caption=\"\" data-large-file=\"https:\/\/i0.wp.com\/patrimoine-avesnois.fr\/chemin\/wp-content\/uploads\/2019\/06\/image68.jpg?fit=411%2C548&amp;ssl=1\" data-id=\"5895\" src=\"https:\/\/i0.wp.com\/patrimoine-avesnois.fr\/chemin\/wp-content\/uploads\/2019\/06\/image68.jpg?resize=411%2C548&#038;ssl=1\" alt=\"\" class=\"wp-image-5895\" srcset=\"https:\/\/i0.wp.com\/patrimoine-avesnois.fr\/chemin\/wp-content\/uploads\/2019\/06\/image68.jpg?w=411&amp;ssl=1 411w, https:\/\/i0.wp.com\/patrimoine-avesnois.fr\/chemin\/wp-content\/uploads\/2019\/06\/image68.jpg?resize=225%2C300&amp;ssl=1 225w\" sizes=\"auto, (max-width: 411px) 85vw, 411px\" \/><figcaption class=\"wp-element-caption\">Saint Pierre<\/figcaption><\/figure>\n<\/figure>\n\n\n\n<p>Ici, les statues de saint Nicolas et de saint Pierre sont en ch\u00eane taill\u00e9, peint (polychrome). <\/p>\n\n\n\n<figure class=\"wp-block-gallery has-nested-images columns-default is-cropped wp-block-gallery-3 is-layout-flex wp-block-gallery-is-layout-flex\">\n<figure class=\"wp-block-image size-large\"><img data-recalc-dims=\"1\" loading=\"lazy\" decoding=\"async\" width=\"420\" height=\"600\" data-attachment-id=\"5896\" data-permalink=\"https:\/\/patrimoine-avesnois.fr\/chemin\/le-favril\/sap83_59w00684_p\/\" data-orig-file=\"https:\/\/i0.wp.com\/patrimoine-avesnois.fr\/chemin\/wp-content\/uploads\/2019\/06\/sap83_59w00684_p.jpg?fit=420%2C600&amp;ssl=1\" data-orig-size=\"420,600\" data-comments-opened=\"1\" data-image-meta=\"{&quot;aperture&quot;:&quot;0&quot;,&quot;credit&quot;:&quot;&quot;,&quot;camera&quot;:&quot;PerfectionV700&quot;,&quot;caption&quot;:&quot;&quot;,&quot;created_timestamp&quot;:&quot;1278431112&quot;,&quot;copyright&quot;:&quot;&quot;,&quot;focal_length&quot;:&quot;0&quot;,&quot;iso&quot;:&quot;0&quot;,&quot;shutter_speed&quot;:&quot;0&quot;,&quot;title&quot;:&quot;&quot;,&quot;orientation&quot;:&quot;1&quot;}\" data-image-title=\"sap83_59w00684_p\" data-image-description=\"\" data-image-caption=\"\" data-large-file=\"https:\/\/i0.wp.com\/patrimoine-avesnois.fr\/chemin\/wp-content\/uploads\/2019\/06\/sap83_59w00684_p.jpg?fit=420%2C600&amp;ssl=1\" data-id=\"5896\" src=\"https:\/\/i0.wp.com\/patrimoine-avesnois.fr\/chemin\/wp-content\/uploads\/2019\/06\/sap83_59w00684_p.jpg?resize=420%2C600&#038;ssl=1\" alt=\"\" class=\"wp-image-5896\" srcset=\"https:\/\/i0.wp.com\/patrimoine-avesnois.fr\/chemin\/wp-content\/uploads\/2019\/06\/sap83_59w00684_p.jpg?w=420&amp;ssl=1 420w, https:\/\/i0.wp.com\/patrimoine-avesnois.fr\/chemin\/wp-content\/uploads\/2019\/06\/sap83_59w00684_p.jpg?resize=210%2C300&amp;ssl=1 210w\" sizes=\"auto, (max-width: 420px) 85vw, 420px\" \/><figcaption class=\"wp-element-caption\">Calice  <br>Minist\u00e8re de la culture &#8211; base M\u00e9moire <\/figcaption><\/figure>\n\n\n\n<figure class=\"wp-block-image size-large\"><img data-recalc-dims=\"1\" loading=\"lazy\" decoding=\"async\" width=\"426\" height=\"600\" data-attachment-id=\"5897\" data-permalink=\"https:\/\/patrimoine-avesnois.fr\/chemin\/le-favril\/sap83_59w00687_p\/\" data-orig-file=\"https:\/\/i0.wp.com\/patrimoine-avesnois.fr\/chemin\/wp-content\/uploads\/2019\/06\/sap83_59w00687_p.jpg?fit=426%2C600&amp;ssl=1\" data-orig-size=\"426,600\" data-comments-opened=\"1\" data-image-meta=\"{&quot;aperture&quot;:&quot;0&quot;,&quot;credit&quot;:&quot;&quot;,&quot;camera&quot;:&quot;PerfectionV700&quot;,&quot;caption&quot;:&quot;&quot;,&quot;created_timestamp&quot;:&quot;1278431503&quot;,&quot;copyright&quot;:&quot;&quot;,&quot;focal_length&quot;:&quot;0&quot;,&quot;iso&quot;:&quot;0&quot;,&quot;shutter_speed&quot;:&quot;0&quot;,&quot;title&quot;:&quot;&quot;,&quot;orientation&quot;:&quot;1&quot;}\" data-image-title=\"sap83_59w00687_p\" data-image-description=\"\" data-image-caption=\"\" data-large-file=\"https:\/\/i0.wp.com\/patrimoine-avesnois.fr\/chemin\/wp-content\/uploads\/2019\/06\/sap83_59w00687_p.jpg?fit=426%2C600&amp;ssl=1\" data-id=\"5897\" src=\"https:\/\/i0.wp.com\/patrimoine-avesnois.fr\/chemin\/wp-content\/uploads\/2019\/06\/sap83_59w00687_p.jpg?resize=426%2C600&#038;ssl=1\" alt=\"\" class=\"wp-image-5897\" srcset=\"https:\/\/i0.wp.com\/patrimoine-avesnois.fr\/chemin\/wp-content\/uploads\/2019\/06\/sap83_59w00687_p.jpg?w=426&amp;ssl=1 426w, https:\/\/i0.wp.com\/patrimoine-avesnois.fr\/chemin\/wp-content\/uploads\/2019\/06\/sap83_59w00687_p.jpg?resize=213%2C300&amp;ssl=1 213w\" sizes=\"auto, (max-width: 426px) 85vw, 426px\" \/><figcaption class=\"wp-element-caption\">Burette <br>Minist\u00e8re de la culture &#8211; base M\u00e9moire <\/figcaption><\/figure>\n<\/figure>\n\n\n\n<p>Tr\u00e9sor : calices du XVII (MH), burettes d&rsquo;\u00e9tain (MH). Ces objets auraient \u00e9t\u00e9 donn\u00e9s \u00e0 la paroisse par le pape Innocent XII en 1694.<\/p>\n\n\n\n<p>A l&rsquo;int\u00e9rieur se dresse \u00e9galement une tr\u00e8s belle dalle fun\u00e9raire de l&rsquo;abb\u00e9 Tacquenier, abb\u00e9 de Maroilles de 1670 \u00e0 1698. <\/p>\n\n\n<div class=\"wp-block-image\">\n<figure class=\"aligncenter is-resized\"><img decoding=\"async\" src=\"https:\/\/upload.wikimedia.org\/wikipedia\/commons\/thumb\/d\/d6\/Le_Favril_%28Nord%2C_Fr%29_mairie.jpg\/1280px-Le_Favril_%28Nord%2C_Fr%29_mairie.jpg\" alt=\"\" style=\"width:640px;height:480px\"\/><figcaption class=\"wp-element-caption\">La Mairie (1849). Photo Havang<\/figcaption><\/figure>\n<\/div>\n\n<div class=\"wp-block-image\">\n<figure class=\"aligncenter size-full is-resized\"><img data-recalc-dims=\"1\" loading=\"lazy\" decoding=\"async\" width=\"468\" height=\"767\" data-attachment-id=\"21067\" data-permalink=\"https:\/\/patrimoine-avesnois.fr\/chemin\/le-favril\/monument-aux-morts-le-favril\/\" data-orig-file=\"https:\/\/i0.wp.com\/patrimoine-avesnois.fr\/chemin\/wp-content\/uploads\/2025\/02\/Monument-aux-Morts-Le-Favril.jpg?fit=468%2C767&amp;ssl=1\" data-orig-size=\"468,767\" data-comments-opened=\"1\" data-image-meta=\"{&quot;aperture&quot;:&quot;0&quot;,&quot;credit&quot;:&quot;CARRE&quot;,&quot;camera&quot;:&quot;&quot;,&quot;caption&quot;:&quot;&quot;,&quot;created_timestamp&quot;:&quot;1740248246&quot;,&quot;copyright&quot;:&quot;&quot;,&quot;focal_length&quot;:&quot;0&quot;,&quot;iso&quot;:&quot;0&quot;,&quot;shutter_speed&quot;:&quot;0&quot;,&quot;title&quot;:&quot;&quot;,&quot;orientation&quot;:&quot;0&quot;}\" data-image-title=\"Monument aux Morts Le Favril\" data-image-description=\"\" data-image-caption=\"\" data-large-file=\"https:\/\/i0.wp.com\/patrimoine-avesnois.fr\/chemin\/wp-content\/uploads\/2025\/02\/Monument-aux-Morts-Le-Favril.jpg?fit=468%2C767&amp;ssl=1\" src=\"https:\/\/i0.wp.com\/patrimoine-avesnois.fr\/chemin\/wp-content\/uploads\/2025\/02\/Monument-aux-Morts-Le-Favril.jpg?resize=468%2C767&#038;ssl=1\" alt=\"\" class=\"wp-image-21067\" style=\"aspect-ratio:0.6379310344827587;width:437px;height:auto\" srcset=\"https:\/\/i0.wp.com\/patrimoine-avesnois.fr\/chemin\/wp-content\/uploads\/2025\/02\/Monument-aux-Morts-Le-Favril.jpg?w=468&amp;ssl=1 468w, https:\/\/i0.wp.com\/patrimoine-avesnois.fr\/chemin\/wp-content\/uploads\/2025\/02\/Monument-aux-Morts-Le-Favril.jpg?resize=183%2C300&amp;ssl=1 183w\" sizes=\"auto, (max-width: 468px) 85vw, 468px\" \/><figcaption class=\"wp-element-caption\">Le Monument \u00e9rig\u00e9 aux Soldats de la commune morts <br>pour la France 1914-1918 <\/figcaption><\/figure>\n<\/div>\n\n<div class=\"wp-block-image\">\n<figure class=\"aligncenter is-resized\"><img decoding=\"async\" src=\"https:\/\/upload.wikimedia.org\/wikipedia\/commons\/thumb\/9\/9e\/Le_Favril_%28Nord%2C_Fr%29_monument_aux_morts.jpg\/1280px-Le_Favril_%28Nord%2C_Fr%29_monument_aux_morts.jpg\" alt=\"\" style=\"width:640px;height:480px\"\/><figcaption class=\"wp-element-caption\">Le Monument aux Morts <a rel=\"noreferrer noopener\" aria-label=\"Universit\u00e9 Lille 3 (opens in a new tab)\" href=\"https:\/\/monumentsmorts.univ-lille.fr\/monument\/413\/le-favril-place\/\" target=\"_blank\">Universit\u00e9 Lille 3<\/a> Photo Havang 2011<\/figcaption><\/figure>\n<\/div>\n\n\n<p>Il est encadr\u00e9 par deux colonnes cannel\u00e9es, qui proviennent de l&rsquo;ancien porche principal de l&rsquo;\u00e9glise du village.<\/p>\n\n\n<div class=\"wp-block-image\">\n<figure class=\"aligncenter is-resized\"><img decoding=\"async\" src=\"http:\/\/i2.wp.com\/www.calvaires-avesnois.fr\/wp-content\/uploads\/2016\/09\/IMG_2067.jpg?resize=490%2C653\" alt=\"Calvaire Route de Landrecies\" class=\"wp-image-1598\" style=\"width:488px;height:auto\"\/><figcaption class=\"wp-element-caption\">Calvaire Route de Landrecies (1700)<\/figcaption><\/figure>\n<\/div>\n\n<div class=\"wp-block-image\">\n<figure class=\"aligncenter\"><img decoding=\"async\" src=\"http:\/\/i0.wp.com\/www.calvaires-avesnois.fr\/wp-content\/uploads\/2016\/09\/IMG_2069.jpg?resize=490%2C653\" alt=\"Calvaire  de Le Favril\" class=\"wp-image-1599\"\/><figcaption class=\"wp-element-caption\">Calvaire de Le Favril<\/figcaption><\/figure>\n<\/div>\n\n<div class=\"wp-block-image\">\n<figure class=\"aligncenter is-resized\"><img decoding=\"async\" src=\"http:\/\/i0.wp.com\/www.calvaires-avesnois.fr\/wp-content\/uploads\/2016\/09\/IMG_2068.jpg?resize=840%2C630\" alt=\"Explications\" class=\"wp-image-1600\" style=\"width:681px;height:512px\"\/><figcaption class=\"wp-element-caption\">Explications<\/figcaption><\/figure>\n<\/div>\n\n\n<p>Edifice ceintur\u00e9 d\u2019une belle grille de fer forg\u00e9. Niche abritant une vierge sur son fronton. Bel autel en pierre bleue finement ouvrag\u00e9. Son aspect actuel date de 1888.<\/p>\n\n\n\n<p>Au sol, derri\u00e8re le calvaire, se trouve une dalle en pierre portant cette inscription&nbsp;: \u00abchapelle de Nostre Dame de Mis\u00e9ricorde et de Sainte Reine Meurant pasteur 1705 \u00bb&nbsp;mention probable d\u2019une chapelle ant\u00e9rieure substitu\u00e9e par le calvaire actuel.<\/p>\n\n\n\n<p>En 1833 le calvaire est d\u00e9tenu par la commune.<\/p>\n\n\n\n<p>Il existait \u00e0 la m\u00eame date un deuxi\u00e8me calvaire dont la construction remontait \u00e0 1696. &nbsp;Il \u00e9tait \u00e0 l\u2019intersection de la&nbsp; route de Sambreton et de la rue du Bondieu de Giblot et \u00e9tait \u00e9galement d\u00e9tenu par la commune. Il a \u00e9t\u00e9 transform\u00e9 par la suite en chapelle. Celle-ci existe encore de nos jours.<\/p>\n\n\n<div class=\"wp-block-image\">\n<figure class=\"aligncenter is-resized\"><img decoding=\"async\" src=\"https:\/\/upload.wikimedia.org\/wikipedia\/commons\/thumb\/6\/62\/Le_Favril_%28Nord%2C_Fr%29_kiosque_%C3%A0_musique.jpg\/1280px-Le_Favril_%28Nord%2C_Fr%29_kiosque_%C3%A0_musique.jpg\" alt=\"\" style=\"width:640px;height:480px\"\/><figcaption class=\"wp-element-caption\">Le kiosque \u00e0 musique type kiosque \u00e0 danser.<\/figcaption><\/figure>\n<\/div>\n\n\n<p>Ce kiosque \u00e0 danser sur\u00e9lev\u00e9 rectangulaire \u00e0 6 pieds en fonte a \u00e9t\u00e9 reconstruit et inaugur\u00e9 le 17 mai 2003. <\/p>\n\n\n<div class=\"wp-block-image\">\n<figure class=\"aligncenter\"><img data-recalc-dims=\"1\" decoding=\"async\" src=\"https:\/\/i0.wp.com\/oratoiresetchapelles-avesnois.fr\/wp-content\/uploads\/2017\/08\/Capture-Copie.png?w=840\" alt=\"Capture - Copie\"\/><figcaption class=\"wp-element-caption\"><a href=\"http:\/\/oratoiresetchapelles-avesnois.fr\/le-favril\/\" target=\"_blank\" rel=\"noreferrer noopener\" aria-label=\"11 oratoires et 4 chapelles (opens in a new tab)\">11 oratoires et 4 chapelles<\/a><\/figcaption><\/figure>\n<\/div>\n\n\n<figure class=\"wp-block-gallery has-nested-images columns-default is-cropped wp-block-gallery-4 is-layout-flex wp-block-gallery-is-layout-flex\">\n<figure class=\"wp-block-image size-large\"><img data-recalc-dims=\"1\" loading=\"lazy\" decoding=\"async\" width=\"768\" height=\"1024\" data-attachment-id=\"5902\" data-permalink=\"https:\/\/patrimoine-avesnois.fr\/chemin\/le-favril\/img_2092-768x1024\/\" data-orig-file=\"https:\/\/i0.wp.com\/patrimoine-avesnois.fr\/chemin\/wp-content\/uploads\/2019\/06\/IMG_2092-768x1024.jpg?fit=768%2C1024&amp;ssl=1\" data-orig-size=\"768,1024\" data-comments-opened=\"1\" data-image-meta=\"{&quot;aperture&quot;:&quot;0&quot;,&quot;credit&quot;:&quot;&quot;,&quot;camera&quot;:&quot;&quot;,&quot;caption&quot;:&quot;&quot;,&quot;created_timestamp&quot;:&quot;0&quot;,&quot;copyright&quot;:&quot;&quot;,&quot;focal_length&quot;:&quot;0&quot;,&quot;iso&quot;:&quot;0&quot;,&quot;shutter_speed&quot;:&quot;0&quot;,&quot;title&quot;:&quot;&quot;,&quot;orientation&quot;:&quot;0&quot;}\" data-image-title=\"IMG_2092-768&amp;#215;1024\" data-image-description=\"\" data-image-caption=\"\" data-large-file=\"https:\/\/i0.wp.com\/patrimoine-avesnois.fr\/chemin\/wp-content\/uploads\/2019\/06\/IMG_2092-768x1024.jpg?fit=768%2C1024&amp;ssl=1\" data-id=\"5902\" src=\"https:\/\/i0.wp.com\/patrimoine-avesnois.fr\/chemin\/wp-content\/uploads\/2019\/06\/IMG_2092-768x1024-768x1024.jpg?resize=768%2C1024&#038;ssl=1\" alt=\"\" class=\"wp-image-5902\" srcset=\"https:\/\/i0.wp.com\/patrimoine-avesnois.fr\/chemin\/wp-content\/uploads\/2019\/06\/IMG_2092-768x1024.jpg?resize=768%2C1024&amp;ssl=1 768w, https:\/\/i0.wp.com\/patrimoine-avesnois.fr\/chemin\/wp-content\/uploads\/2019\/06\/IMG_2092-768x1024.jpg?resize=225%2C300&amp;ssl=1 225w\" sizes=\"auto, (max-width: 768px) 85vw, 768px\" \/><figcaption class=\"wp-element-caption\"> <br><em>Oratoire N.D de Gr\u00e2ce ( 1748), J\u00e9sus (1749) Rue du Bois<\/em> <\/figcaption><\/figure>\n\n\n\n<figure class=\"wp-block-image size-large\"><img data-recalc-dims=\"1\" loading=\"lazy\" decoding=\"async\" width=\"768\" height=\"1024\" data-attachment-id=\"5903\" data-permalink=\"https:\/\/patrimoine-avesnois.fr\/chemin\/le-favril\/img_2050-768x1024\/\" data-orig-file=\"https:\/\/i0.wp.com\/patrimoine-avesnois.fr\/chemin\/wp-content\/uploads\/2019\/06\/IMG_2050-768x1024.jpg?fit=768%2C1024&amp;ssl=1\" data-orig-size=\"768,1024\" data-comments-opened=\"1\" data-image-meta=\"{&quot;aperture&quot;:&quot;0&quot;,&quot;credit&quot;:&quot;&quot;,&quot;camera&quot;:&quot;&quot;,&quot;caption&quot;:&quot;&quot;,&quot;created_timestamp&quot;:&quot;0&quot;,&quot;copyright&quot;:&quot;&quot;,&quot;focal_length&quot;:&quot;0&quot;,&quot;iso&quot;:&quot;0&quot;,&quot;shutter_speed&quot;:&quot;0&quot;,&quot;title&quot;:&quot;&quot;,&quot;orientation&quot;:&quot;0&quot;}\" data-image-title=\"IMG_2050-768&amp;#215;1024\" data-image-description=\"\" data-image-caption=\"\" data-large-file=\"https:\/\/i0.wp.com\/patrimoine-avesnois.fr\/chemin\/wp-content\/uploads\/2019\/06\/IMG_2050-768x1024.jpg?fit=768%2C1024&amp;ssl=1\" data-id=\"5903\" src=\"https:\/\/i0.wp.com\/patrimoine-avesnois.fr\/chemin\/wp-content\/uploads\/2019\/06\/IMG_2050-768x1024-768x1024.jpg?resize=768%2C1024&#038;ssl=1\" alt=\"\" class=\"wp-image-5903\" srcset=\"https:\/\/i0.wp.com\/patrimoine-avesnois.fr\/chemin\/wp-content\/uploads\/2019\/06\/IMG_2050-768x1024.jpg?resize=768%2C1024&amp;ssl=1 768w, https:\/\/i0.wp.com\/patrimoine-avesnois.fr\/chemin\/wp-content\/uploads\/2019\/06\/IMG_2050-768x1024.jpg?resize=225%2C300&amp;ssl=1 225w\" sizes=\"auto, (max-width: 768px) 85vw, 768px\" \/><figcaption class=\"wp-element-caption\"> <br><em>Chapelle Le Bon Dieu de Gibelot (1694)       Rue d\u2019Ors<\/em> <\/figcaption><\/figure>\n<\/figure>\n\n\n\n<p> Parmi ces 11 oratoires et 4 chapelles, les plus anciens \u00e9l\u00e9ments du patrimoine b\u00e2ti communal sont un oratoire de 1748 et une chapelle \u00e9rig\u00e9e en 1694.&nbsp;<\/p>\n\n\n\n<p> <strong>Economie :<\/strong><\/p>\n\n\n\n<p>Sa principale industrie fut la fabrication de fromages.On trouva \u00e0 Le Favril une brasserie (brasserie Thomas de 1890 \u00e0 1914) et 4 moulins \u00e0 bl\u00e9, dont 2 mus par l&rsquo;eau et 2 par le vent. Ces deux derniers \u00e9taient d\u00e9tenus l&rsquo;un en 1770 pour moiti\u00e9 par l&rsquo;abbaye de Maroilles et pour moiti\u00e9 par le subd\u00e9l\u00e9gu\u00e9 de Landrecies au lieu-dit Le Petit Debout, et l&rsquo;autre en 1769 par Jean Pierre Salengros au lieu-dit La Haute Borne.<\/p>\n\n\n\n<p>Deux moulins jalonnaient la Rivi\u00e8rette dans la commune de le Favril.<\/p>\n\n\n<div class=\"wp-block-image\">\n<figure class=\"aligncenter\"><img data-recalc-dims=\"1\" decoding=\"async\" src=\"https:\/\/i0.wp.com\/www.moulins-avesnois.fr\/wp-content\/uploads\/2017\/11\/Moulins-Le-Favril.png?w=840\" alt=\"Les Moulins au Favril\" class=\"wp-image-195\"\/><figcaption class=\"wp-element-caption\">Moulins \u00e0 eau \u00e0 Le Favril<\/figcaption><\/figure>\n<\/div>\n\n\n<p>Le premier moulin \u00e9tait le moulin de Jean Pierre Salengros qu\u2019il construisit en 1755 &nbsp;\u00bb par concession et octrois de S.A.S Mgr le Duc d\u2019Orl\u00e9ans&nbsp;\u00bb.<\/p>\n\n\n\n<p>L\u2019arr\u00eat du conseil autorisant la construction fut sign\u00e9 le 5 avril 1757. J P Salengros et son \u00e9pouse Anne Marie Castier poss\u00e9daient ce moulin \u00e0 deux tournants et un moulin \u00e0 vent au lieu-dit \u00ab&nbsp;La Haute Borne&nbsp;\u00bb. En 1803 leur fils Pierre mari\u00e9 \u00e0 Marie Lucie Staumont \u00e9tait meunier occupant. En 1831, Jean Fran\u00e7ois Avot mari\u00e9 \u00e0 Marie Jenly Canonne \u00e9tait \u00e0 son tour &nbsp;le meunier de ce moulin \u00e0 eau du \u00ab&nbsp;Grand Bout&nbsp;\u00bb et ce \u00e9galement en 1851. En 1862 Alexandre Avot Presse en \u00e9tait le propri\u00e9taire mais le moulin ne fonctionnait d\u00e9j\u00e0 plus. <\/p>\n\n\n<div class=\"wp-block-image\">\n<figure class=\"aligncenter\"><img data-recalc-dims=\"1\" decoding=\"async\" src=\"https:\/\/i0.wp.com\/www.moulins-avesnois.fr\/wp-content\/uploads\/2017\/11\/Le-Favril.jpg?w=840\" alt=\"\" class=\"wp-image-199\"\/><figcaption class=\"wp-element-caption\">Le moulin des Tricoteries<\/figcaption><\/figure>\n<\/div>\n\n\n<p>En 1979 on trouve \u00e0 cet endroit appel\u00e9 le moulin des Tricoteries un gite rural avant que ce lieu devienne un centre culturel d\u00e9nomm\u00e9 \u00ab&nbsp;la Chambre d\u2019eau&nbsp;\u00bb. <br>L\u2019\u00e9v\u00e9nement phare de La Chambre d\u2019eau est le festival \u00c9clectic Campagne(s), ayant lieu tous les deux ans. En 2018, il a r\u00e9uni plus de 1&nbsp;300&nbsp;participants. Pour cette occasion, 15&nbsp;artistes \u00e9taient venus pr\u00e9senter leurs \u0153uvres et animer l\u2019\u00e9v\u00e9nement. En outre, l\u2019association accueille des artistes, sur des dur\u00e9es pouvant aller de quelques jours \u00e0 plusieurs mois, pour des r\u00e9sidences d\u2019\u00e9criture, mais aussi pour effectuer des ateliers artistiques. Enfin la structure culturelle permet aux particuliers, \u00e9coles et entretiens de louer des \u0153uvres d\u2019art pour 20&nbsp;\u20ac. C&rsquo;est le principe d&rsquo;une \u00ab&nbsp;Artoth\u00e8que&nbsp;\u00bb. <\/p>\n\n\n\n<p class=\"has-text-align-center\">***<\/p>\n\n\n\n<p>Le second moulin dont le projet \u00e9tait \u00e9galement \u00e0 deux roues \u00ab&nbsp;dont une \u00e0 farine et l\u2019autre \u00e0 escoussi\u00e8re et moudre brais pour la bierre&nbsp;\u00bb &nbsp;commen\u00e7a d\u2019\u00eatre b\u00e2ti fin 1807 par Andr\u00e9 Manesse sur un terrain lui appartenant dit \u00ab&nbsp;le Camp Fortier&nbsp;\u00bb. Il s\u2019ensuivit d\u00e8s lors des oppositions de plusieurs habitants dont Pierre Salengros, beau fr\u00e8re d\u2019Andr\u00e9 Manesse. Le 17 novembre 1807 la sous pr\u00e9fecture d\u2019Avesnes interdit de continuer la construction et la pr\u00e9fecture de Lille ordonna sa d\u00e9molition le 30 janvier 1808. Le pr\u00e9fet suspendit le 13 f\u00e9vrier la d\u00e9molition suite \u00e0 un courrier d\u2019Andr\u00e9 Manesse et demanda un rapport d\u00e9taill\u00e9. Il en r\u00e9sulta de multiples courriers, les uns comme celui du maire favorables \u00e0&nbsp; la continuation du projet et d\u2019autres hostiles comme le meunier Salengros. Le rapport de l\u2019ing\u00e9nieur en chef du 22 mars 1809 conclut de ne pas autoriser cette construction et la pr\u00e9fecture arr\u00eata le 28 mars de la d\u00e9molir sous quinze jours avec remise du courant d\u2019eau dans son ancien lit. En 1817 Manesse renouvela sa demande de construction qui fut alors approuv\u00e9e par arr\u00eat\u00e9s pr\u00e9fectoraux du 17 juillet 1817 et du 4 juin 1819. L\u2019ordonnance royale fut sign\u00e9e le 10 janvier 1821, ann\u00e9e du d\u00e9c\u00e8s d\u2019Andr\u00e9 Manesse. Le moulin qui n\u2019eut jamais qu\u2019une roue et ne poss\u00e9da jamais de d\u00e9versoir appartint ensuite \u00e0 son fils Jean Baptiste mari\u00e9 \u00e0 Marie Catherine Huet puis en 1853 \u00e0 son petit-fils pr\u00e9nomm\u00e9 aussi Jean Baptiste mari\u00e9 \u00e0 Th\u00e9r\u00e8se Gomet. Il s\u2019arr\u00eata de moudre vers 1890 et l\u2019arri\u00e8re petit-fils Benjamin Constant Juste Manesse, c\u00e9libataire, en fut le propri\u00e9taire jusqu\u2019\u00e0 son d\u00e9c\u00e8s en 1912.<\/p>\n\n\n\n<p>Le b\u00e2timent porte encore de nos jours un \u00e9cusson sur le linteau avec la date de 1805 et les initiales A M (Andr\u00e9 Manesse) et A M S (Anne Marie Salengros).<\/p>\n\n\n\n<p><strong>Manifestations :<\/strong><\/p>\n\n\n\n<p>Tous les ans, une \u00ab&nbsp;F\u00eate des Fleurs&nbsp;\u00bb est organis\u00e9e le&nbsp;3 \u00e8me<abbr title=\"Troisi\u00e8me\"><sup>e<\/sup><\/abbr>&nbsp;dimanche de mai.<\/p>\n\n\n\n<p>Une \u00ab&nbsp;F\u00eate de l&rsquo;Arbre&nbsp;\u00bb organis\u00e9e par l\u2019association \u00ab&nbsp;Le Favril en fleur&nbsp;\u00bb, a \u00e9galement lieu le&nbsp;2 \u00e8me<abbr title=\"Deuxi\u00e8me\"><sup>e<\/sup><\/abbr>&nbsp;dimanche de novembre. C&rsquo;est le rendez-vous id\u00e9al pour choisir un nouvel arbre. Elle est accompagn\u00e9e de la plantation d&rsquo;un arbre en l&rsquo;honneur des nouveau-n\u00e9s de l&rsquo;ann\u00e9e. Bien souvent un concert est  donn\u00e9 en l\u2019\u00e9glise et une exposition d\u2019artisanat du bois se tient \u00e0 la salle des f\u00eates.  <\/p>\n\n\n<div class=\"wp-block-image\">\n<figure class=\"aligncenter\"><img decoding=\"async\" src=\"https:\/\/upload.wikimedia.org\/wikipedia\/commons\/thumb\/8\/8d\/Le_Favril.jpg\/1280px-Le_Favril.jpg\" alt=\"Le Favril (Nord)\"\/><figcaption class=\"wp-element-caption\">Centre du village<\/figcaption><\/figure>\n<\/div>","protected":false},"excerpt":{"rendered":"<p>Le village actuel du Favril &#8211; dont le nom d\u00e9rive de \u00ab\u00a0forge\u00a0\u00bb &#8211; s&rsquo;implante au XIIe si\u00e8cle sur son site actuel.&nbsp; La possession de l&rsquo;\u00e9glise et de deux manses au Favril fut confirm\u00e9e \u00e0 l&rsquo;abbaye de Maroilles, en 1131, par une charte de l&rsquo;\u00e9v\u00eaque de Cambrai, Li\u00e9tard, et en 1237, par une bulle du pape &hellip; <a href=\"https:\/\/patrimoine-avesnois.fr\/chemin\/le-favril\/\" class=\"more-link\">Continuer la lecture<span class=\"screen-reader-text\"> de &laquo;&nbsp;Le Favril&nbsp;&raquo;<\/span><\/a><\/p>\n","protected":false},"author":2,"featured_media":0,"parent":0,"menu_order":0,"comment_status":"closed","ping_status":"closed","template":"","meta":{"jetpack_post_was_ever_published":false,"footnotes":""},"class_list":["post-5885","page","type-page","status-publish","hentry"],"jetpack_sharing_enabled":true,"jetpack_shortlink":"https:\/\/wp.me\/PaOEkN-1wV","jetpack-related-posts":[],"_links":{"self":[{"href":"https:\/\/patrimoine-avesnois.fr\/chemin\/wp-json\/wp\/v2\/pages\/5885","targetHints":{"allow":["GET"]}}],"collection":[{"href":"https:\/\/patrimoine-avesnois.fr\/chemin\/wp-json\/wp\/v2\/pages"}],"about":[{"href":"https:\/\/patrimoine-avesnois.fr\/chemin\/wp-json\/wp\/v2\/types\/page"}],"author":[{"embeddable":true,"href":"https:\/\/patrimoine-avesnois.fr\/chemin\/wp-json\/wp\/v2\/users\/2"}],"replies":[{"embeddable":true,"href":"https:\/\/patrimoine-avesnois.fr\/chemin\/wp-json\/wp\/v2\/comments?post=5885"}],"version-history":[{"count":0,"href":"https:\/\/patrimoine-avesnois.fr\/chemin\/wp-json\/wp\/v2\/pages\/5885\/revisions"}],"wp:attachment":[{"href":"https:\/\/patrimoine-avesnois.fr\/chemin\/wp-json\/wp\/v2\/media?parent=5885"}],"curies":[{"name":"wp","href":"https:\/\/api.w.org\/{rel}","templated":true}]}}