{"id":6104,"date":"2019-06-18T18:18:36","date_gmt":"2019-06-18T16:18:36","guid":{"rendered":"http:\/\/patrimoine-avesnois.fr\/chemin\/?page_id=6104"},"modified":"2022-05-18T15:51:41","modified_gmt":"2022-05-18T13:51:41","slug":"limont-fontaine","status":"publish","type":"page","link":"https:\/\/patrimoine-avesnois.fr\/chemin\/limont-fontaine\/","title":{"rendered":"Limont-Fontaine"},"content":{"rendered":"\n<div class=\"wp-block-image\"><figure class=\"aligncenter\"><img loading=\"lazy\" decoding=\"async\" width=\"1583\" height=\"1047\" data-attachment-id=\"6105\" data-permalink=\"https:\/\/patrimoine-avesnois.fr\/chemin\/limont-fontaine\/491_001\/\" data-orig-file=\"https:\/\/i0.wp.com\/patrimoine-avesnois.fr\/chemin\/wp-content\/uploads\/2019\/06\/491_001.jpg?fit=1583%2C1047&amp;ssl=1\" data-orig-size=\"1583,1047\" data-comments-opened=\"1\" data-image-meta=\"{&quot;aperture&quot;:&quot;0&quot;,&quot;credit&quot;:&quot;&quot;,&quot;camera&quot;:&quot;&quot;,&quot;caption&quot;:&quot;&quot;,&quot;created_timestamp&quot;:&quot;1560872928&quot;,&quot;copyright&quot;:&quot;&quot;,&quot;focal_length&quot;:&quot;0&quot;,&quot;iso&quot;:&quot;0&quot;,&quot;shutter_speed&quot;:&quot;0&quot;,&quot;title&quot;:&quot;&quot;,&quot;orientation&quot;:&quot;0&quot;}\" data-image-title=\"491_001\" data-image-description=\"\" data-image-caption=\"\" data-large-file=\"https:\/\/i0.wp.com\/patrimoine-avesnois.fr\/chemin\/wp-content\/uploads\/2019\/06\/491_001.jpg?fit=840%2C555&amp;ssl=1\" src=\"https:\/\/i0.wp.com\/patrimoine-avesnois.fr\/chemin\/wp-content\/uploads\/2019\/06\/491_001.jpg?fit=840%2C555\" alt=\"\" class=\"wp-image-6105\" srcset=\"https:\/\/i0.wp.com\/patrimoine-avesnois.fr\/chemin\/wp-content\/uploads\/2019\/06\/491_001.jpg?w=1583&amp;ssl=1 1583w, https:\/\/i0.wp.com\/patrimoine-avesnois.fr\/chemin\/wp-content\/uploads\/2019\/06\/491_001.jpg?resize=300%2C198&amp;ssl=1 300w, https:\/\/i0.wp.com\/patrimoine-avesnois.fr\/chemin\/wp-content\/uploads\/2019\/06\/491_001.jpg?resize=768%2C508&amp;ssl=1 768w, https:\/\/i0.wp.com\/patrimoine-avesnois.fr\/chemin\/wp-content\/uploads\/2019\/06\/491_001.jpg?resize=1024%2C677&amp;ssl=1 1024w, https:\/\/i0.wp.com\/patrimoine-avesnois.fr\/chemin\/wp-content\/uploads\/2019\/06\/491_001.jpg?resize=1200%2C794&amp;ssl=1 1200w\" sizes=\"auto, (max-width: 709px) 85vw, (max-width: 909px) 67vw, (max-width: 1362px) 62vw, 840px\" \/><figcaption>Vue a\u00e9rienne de Limont-Fontaine<\/figcaption><\/figure><\/div>\n\n\n\n<p>Le territoire \u00e9tait au XII e si\u00e8cle divis\u00e9 en deux paroisses : Limont et Fontaine. Propri\u00e9t\u00e9 de l&rsquo;Abbaye d&rsquo;Hautmont, l&rsquo;\u00e9glise de Limont \u00e9tait une paroisse du d\u00e9canat d&rsquo;Avesnes tandis que celle de Fontaine faisait partie du d\u00e9canat de Maubeuge.<\/p>\n\n\n\n<p>Jusqu&rsquo;au XVII\u00e8me si\u00e8cle, la commune faisait partie de la pairie d&rsquo;Avesnes, bien qu&rsquo;elle relev\u00e2t de l&rsquo;Abbaye d&rsquo;Hautmont pour la plus grande partie du sol. Elle fut alors incorpor\u00e9e dans le Gouvernement de Maubeuge, avec Dimechaux et Saint-R\u00e9my-Mal-B\u00e2ti.<\/p>\n\n\n\n<p>En 1654, Les Fran\u00e7ais de la garnison de Guise, d\u00e9vast\u00e8rent le village qui ne fut reb\u00e2ti que quelques ann\u00e9es plus tard. On voit encore des restes de l&rsquo;aqueduc romain qui conduisait \u00e0 Bavay les eaux de la fontaine de Floursies.<\/p>\n\n\n\n<div class=\"wp-block-image\"><figure class=\"aligncenter is-resized\"><img data-recalc-dims=\"1\" loading=\"lazy\" decoding=\"async\" data-attachment-id=\"6106\" data-permalink=\"https:\/\/patrimoine-avesnois.fr\/chemin\/limont-fontaine\/572_001\/\" data-orig-file=\"https:\/\/i0.wp.com\/patrimoine-avesnois.fr\/chemin\/wp-content\/uploads\/2019\/06\/572_001.jpg?fit=678%2C1000&amp;ssl=1\" data-orig-size=\"678,1000\" data-comments-opened=\"1\" data-image-meta=\"{&quot;aperture&quot;:&quot;0&quot;,&quot;credit&quot;:&quot;&quot;,&quot;camera&quot;:&quot;&quot;,&quot;caption&quot;:&quot;&quot;,&quot;created_timestamp&quot;:&quot;1560873272&quot;,&quot;copyright&quot;:&quot;&quot;,&quot;focal_length&quot;:&quot;0&quot;,&quot;iso&quot;:&quot;0&quot;,&quot;shutter_speed&quot;:&quot;0&quot;,&quot;title&quot;:&quot;&quot;,&quot;orientation&quot;:&quot;0&quot;}\" data-image-title=\"572_001\" data-image-description=\"\" data-image-caption=\"\" data-large-file=\"https:\/\/i0.wp.com\/patrimoine-avesnois.fr\/chemin\/wp-content\/uploads\/2019\/06\/572_001.jpg?fit=678%2C1000&amp;ssl=1\" src=\"https:\/\/i0.wp.com\/patrimoine-avesnois.fr\/chemin\/wp-content\/uploads\/2019\/06\/572_001.jpg?resize=494%2C728\" alt=\"\" class=\"wp-image-6106\" width=\"494\" height=\"728\" srcset=\"https:\/\/i0.wp.com\/patrimoine-avesnois.fr\/chemin\/wp-content\/uploads\/2019\/06\/572_001.jpg?w=678&amp;ssl=1 678w, https:\/\/i0.wp.com\/patrimoine-avesnois.fr\/chemin\/wp-content\/uploads\/2019\/06\/572_001.jpg?resize=203%2C300&amp;ssl=1 203w\" sizes=\"auto, (max-width: 494px) 85vw, 494px\" \/><figcaption>L&rsquo;\u00e9glise de Limont<\/figcaption><\/figure><\/div>\n\n\n\n<div class=\"wp-block-image\"><figure class=\"aligncenter is-resized\"><img loading=\"lazy\" decoding=\"async\" src=\"https:\/\/upload.wikimedia.org\/wikipedia\/commons\/thumb\/1\/19\/LimontFontaine%C3%89glise170507_%285%29.JPG\/800px-LimontFontaine%C3%89glise170507_%285%29.JPG\" alt=\"\" width=\"553\" height=\"737\"\/><figcaption>L&rsquo;\u00e9glise St G\u00e9ry de Limont<\/figcaption><\/figure><\/div>\n\n\n\n<p>L&rsquo;\u00e9glise dat\u00e9e de 1860 a ferm\u00e9 ses portes en 2007, l&rsquo;ensemble de l&rsquo;\u00e9difice \u00e9tant fort abim\u00e9. En effet la charpente menace de s&rsquo;affaisser et l&rsquo;int\u00e9rieur est en d\u00e9cr\u00e9pitude. Dans le cadre du programme ADVB (aide d\u00e9partementale aux villages et aux bourgs) le Conseil D\u00e9partemental va allouer une aide de 300 000 euros pour 2023. <\/p>\n\n\n\n<div class=\"wp-block-image\"><figure class=\"aligncenter is-resized\"><img loading=\"lazy\" decoding=\"async\" src=\"https:\/\/i0.wp.com\/patrimoine-avesnois.fr\/eglisesfortifiees\/wp-content\/uploads\/2018\/08\/Limon2-2.jpg?resize=840%2C504\" alt=\"\" width=\"630\" height=\"378\"\/><figcaption>L&rsquo;\u00e9glise de Fontaine<\/figcaption><\/figure><\/div>\n\n\n\n<p>Le\u00a0hameau\u00a0de Fontaine a conserv\u00e9 son\u00a0\u00e9glise, ancienne chapelle de l\u2019abbaye d\u2019Hautmont. La chapelle Saint Nicolas de style roman remonte au XIII\u00e8me si\u00e8cle. Elle avait une ceinture fortifi\u00e9e qui l\u2019entourait totalement.<br>Elle se compose d\u2019une simple nef couverte d\u2019une vo\u00fbte bris\u00e9e, d\u2019un chevet \u00e0 pans coup\u00e9s, d\u2019un clocher juch\u00e9 sur le toit au dessus de la fa\u00e7ade. Ce clocher a \u00e9t\u00e9 frapp\u00e9 par la foudre en juin 2021. Il a \u00e9t\u00e9 r\u00e9nov\u00e9 en 2022 avec un nouveau coq en cuivre appos\u00e9 \u00e0 son sommet.<\/p>\n\n\n\n<p>L&rsquo;int\u00e9rieur de cette chapelle est moins interessant depuis qu&rsquo;un beau retable qui l&rsquo;ornait, et qui provenait sans doute de l&rsquo;abbaye d&rsquo;Hautmont, a \u00e9t\u00e9 vendu par la paroisse. (on peut de nos jours l&rsquo;admirer dans une \u00e9glise de Roubaix).<\/p>\n\n\n\n<div class=\"wp-block-image\"><figure class=\"aligncenter is-resized\"><img data-recalc-dims=\"1\" loading=\"lazy\" decoding=\"async\" data-attachment-id=\"6108\" data-permalink=\"https:\/\/patrimoine-avesnois.fr\/chemin\/limont-fontaine\/307_001-2\/\" data-orig-file=\"https:\/\/i0.wp.com\/patrimoine-avesnois.fr\/chemin\/wp-content\/uploads\/2019\/06\/307_001.jpg?fit=968%2C618&amp;ssl=1\" data-orig-size=\"968,618\" data-comments-opened=\"1\" data-image-meta=\"{&quot;aperture&quot;:&quot;0&quot;,&quot;credit&quot;:&quot;&quot;,&quot;camera&quot;:&quot;&quot;,&quot;caption&quot;:&quot;&quot;,&quot;created_timestamp&quot;:&quot;1560873241&quot;,&quot;copyright&quot;:&quot;&quot;,&quot;focal_length&quot;:&quot;0&quot;,&quot;iso&quot;:&quot;0&quot;,&quot;shutter_speed&quot;:&quot;0&quot;,&quot;title&quot;:&quot;&quot;,&quot;orientation&quot;:&quot;1&quot;}\" data-image-title=\"307_001\" data-image-description=\"\" data-image-caption=\"\" data-large-file=\"https:\/\/i0.wp.com\/patrimoine-avesnois.fr\/chemin\/wp-content\/uploads\/2019\/06\/307_001.jpg?fit=840%2C536&amp;ssl=1\" src=\"https:\/\/i0.wp.com\/patrimoine-avesnois.fr\/chemin\/wp-content\/uploads\/2019\/06\/307_001.jpg?resize=718%2C458\" alt=\"\" class=\"wp-image-6108\" width=\"718\" height=\"458\" srcset=\"https:\/\/i0.wp.com\/patrimoine-avesnois.fr\/chemin\/wp-content\/uploads\/2019\/06\/307_001.jpg?w=968&amp;ssl=1 968w, https:\/\/i0.wp.com\/patrimoine-avesnois.fr\/chemin\/wp-content\/uploads\/2019\/06\/307_001.jpg?resize=300%2C192&amp;ssl=1 300w, https:\/\/i0.wp.com\/patrimoine-avesnois.fr\/chemin\/wp-content\/uploads\/2019\/06\/307_001.jpg?resize=768%2C490&amp;ssl=1 768w\" sizes=\"auto, (max-width: 718px) 85vw, 718px\" \/><figcaption>La mairie et le kiosque<\/figcaption><\/figure><\/div>\n\n\n\n<p>Ce kiosque \u00e0 danser rectangulaire \u00e0 8 pieds torsad\u00e9s et au garde corps bien ouvrag\u00e9 fut vendu \u00e0 la ferraille vers 1950. <\/p>\n\n\n\n<div class=\"wp-block-image\"><figure class=\"aligncenter is-resized\"><img loading=\"lazy\" decoding=\"async\" src=\"https:\/\/upload.wikimedia.org\/wikipedia\/commons\/thumb\/4\/4a\/LimontFontaineMairie070707_%286%29.JPG\/1280px-LimontFontaineMairie070707_%286%29.JPG\" alt=\"\" width=\"718\" height=\"538\"\/><figcaption>La Mairie et l&rsquo;\u00e9cole<\/figcaption><\/figure><\/div>\n\n\n\n<div class=\"wp-block-image\"><figure class=\"aligncenter is-resized\"><img loading=\"lazy\" decoding=\"async\" src=\"https:\/\/upload.wikimedia.org\/wikipedia\/commons\/thumb\/5\/54\/LimontFontaineCimeti%C3%A8re170507_%281%29.JPG\/1280px-LimontFontaineCimeti%C3%A8re170507_%281%29.JPG\" alt=\"\" width=\"615\" height=\"461\"\/><figcaption>Monument aux Morts<\/figcaption><\/figure><\/div>\n\n\n\n<div class=\"wp-block-image\"><figure class=\"aligncenter is-resized\"><img data-recalc-dims=\"1\" loading=\"lazy\" decoding=\"async\" src=\"https:\/\/i0.wp.com\/oratoiresetchapelles-avesnois.fr\/wp-content\/uploads\/2017\/03\/Capturer2-Copie-Copie-1.png?resize=768%2C759\" alt=\"Capturer2 - Copie - Copie\" width=\"768\" height=\"759\"\/><figcaption><a href=\"http:\/\/oratoiresetchapelles-avesnois.fr\/limont-fontaine\/\" target=\"_blank\" rel=\"noreferrer noopener\" aria-label=\"4 oratoires et 3 chapelles (opens in a new tab)\">4 oratoires et 3 chapelles<\/a><\/figcaption><\/figure><\/div>\n\n\n\n<div class=\"wp-block-image\"><figure class=\"aligncenter is-resized\"><img loading=\"lazy\" decoding=\"async\" src=\"http:\/\/i1.wp.com\/www.calvaires-avesnois.fr\/wp-content\/uploads\/2018\/10\/Calvaire-de-Limont-Fontaine.png?resize=820%2C614\" alt=\"Calvaire de Limont-Fontaine\" width=\"615\" height=\"461\"\/><figcaption><em>Calvaire de Limont-Fontaine&nbsp;<\/em><a href=\"https:\/\/www.google.fr\/maps\/@50.2038193,3.9200577,3a,75y,348.85h,90.71t\/data=!3m6!1e1!3m4!1sd22g3QIF05UE_vzrKml-Ug!2e0!7i13312!8i6656?hl=fr\" target=\"_blank\" rel=\"noreferrer noopener\" aria-label=\" (opens in a new tab)\">Rue d\u2019Avesnes D 121<\/a> <\/figcaption><\/figure><\/div>\n\n\n\n<p>Ce calvaire est la s\u00e9pulture familiale d\u2019Emile Vandermarcq (1840 1899) et d\u2019Elise Vincent (1841 1922)<\/p>\n\n\n\n<p class=\"has-text-align-center\">***<\/p>\n\n\n\n<p>On trouvait \u00e0 Limont Fontaine un moulin \u00e0 farine m\u00fb par l&rsquo;eau, un autre m\u00fb par le vent, une brasserie, 5 ateliers de tisserand, 2 de sabotiers et un four \u00e0 chaux. <\/p>\n\n\n\n<div class=\"wp-block-image\"><figure class=\"aligncenter is-resized\"><img data-recalc-dims=\"1\" loading=\"lazy\" decoding=\"async\" src=\"https:\/\/i0.wp.com\/www.moulins-avesnois.fr\/wp-content\/uploads\/2017\/12\/Limont-Fontaine-2013.jpg?resize=693%2C395\" alt=\"\" width=\"693\" height=\"395\"\/><figcaption><em>Ancien moulin de Limont Fontaine <\/em><\/figcaption><\/figure><\/div>\n\n\n\n<ul class=\"wp-block-list\"><li>Moulin \u00e0 eau :<\/li><\/ul>\n\n\n\n<p>Fran\u00e7ois Dewez, fermier des moulins \u00e0 Eclaibes, sollicita le D\u00e9partement en 1790 en vue de&nbsp; l\u2019\u00e9rection d\u2019un moulin \u00e0 Limont-Fontaine au lieu-dit \u00ab&nbsp;le Grand Trieu&nbsp;\u00bb sur une \u00ab&nbsp;portion de bien commune&nbsp;\u00bb qu\u2019il d\u00e9sirait \u00ab&nbsp;prendre en arrentement&nbsp;\u00bb. Le moulin fut construit imm\u00e9diatement apr\u00e8s avec l\u2019accord de la municipalit\u00e9. Il avait deux tournants, un pour la farine et un pour \u00e9coudre l\u2019\u00e9pautre. Il ne fonctionnait que 7 mois par an eu \u00e9gard \u00e0 la petite taille de la rivi\u00e8re.<\/p>\n\n\n\n<p>Fran\u00e7ois Dewez (1752 1816) loua le moulin \u00e0 Georges Dewez en 1804, meunier \u00e0 Limont, lequel d\u00e9c\u00e9da en 1822. La veuve de Fran\u00e7ois, Marie Magdelaine Louvion loua le moulin en 1824 \u00e0 son fils Joseph \u00e9poux de Marie Joseph Dehavay.<\/p>\n\n\n\n<p>Ce couple mourut en 1876 et leurs cinq enfants h\u00e9rit\u00e8rent du moulin \u00e0 eau \u00e0 trois tournants sur \u00ab&nbsp;le ruisseau des Cl\u00e9gneux, mont\u00e9 de trois paires de meules dont deux \u00e0 faire de la farine et l\u2019autre \u00e0 usage d\u2019\u00e9coussi\u00e8re&nbsp;\u00bb. Leur beau fils Antoine R\u00e9my mari\u00e9 \u00e0 Adellina Dewez \u00e9tait cit\u00e9 meunier sur le cadastre de 1878.<\/p>\n\n\n\n<p>Benoit Joseph Collet, originaire d\u2019Hautmont, fils de Ferdinand et&nbsp; de Victoire Maitrepierre mari\u00e9 \u00e0 Alm\u00e9ria Zo\u00e9 Mary, acheta par la suite le moulin. Il le laissa \u00e0 son d\u00e9c\u00e8s en 1893 \u00e0 l\u2019\u00e2ge de 45 ans \u00e0 ses deux enfants mineurs Claire et Calixte sous la tutelle de leur m\u00e8re. Suite \u00e0 la vente par licitation en 1895 Hector Collart acheta le moulin auquel il ajouta une machine \u00e0 vapeur. Il fut le dernier meunier puisque le moulin s\u2019arr\u00eata vers 1910 et d\u00e9moli en 1926.<\/p>\n\n\n\n<ul class=\"wp-block-list\"><li>Moulin \u00e0 vent :<\/li><\/ul>\n\n\n\n<div class=\"wp-block-image\"><figure class=\"aligncenter is-resized\"><img loading=\"lazy\" decoding=\"async\" data-attachment-id=\"6116\" data-permalink=\"https:\/\/patrimoine-avesnois.fr\/chemin\/limont-fontaine\/img_5927-2\/\" data-orig-file=\"https:\/\/i0.wp.com\/patrimoine-avesnois.fr\/chemin\/wp-content\/uploads\/2019\/06\/IMG_5927-1.jpg?fit=2633%2C2862&amp;ssl=1\" data-orig-size=\"2633,2862\" data-comments-opened=\"1\" data-image-meta=\"{&quot;aperture&quot;:&quot;2.2&quot;,&quot;credit&quot;:&quot;&quot;,&quot;camera&quot;:&quot;iPhone SE&quot;,&quot;caption&quot;:&quot;&quot;,&quot;created_timestamp&quot;:&quot;1560877463&quot;,&quot;copyright&quot;:&quot;&quot;,&quot;focal_length&quot;:&quot;4.15&quot;,&quot;iso&quot;:&quot;25&quot;,&quot;shutter_speed&quot;:&quot;0.02&quot;,&quot;title&quot;:&quot;&quot;,&quot;orientation&quot;:&quot;1&quot;}\" data-image-title=\"IMG_5927\" data-image-description=\"\" data-image-caption=\"\" data-large-file=\"https:\/\/i0.wp.com\/patrimoine-avesnois.fr\/chemin\/wp-content\/uploads\/2019\/06\/IMG_5927-1.jpg?fit=840%2C913&amp;ssl=1\" src=\"https:\/\/i2.wp.com\/patrimoine-avesnois.fr\/chemin\/wp-content\/uploads\/2019\/06\/IMG_5927-1.jpg?fit=840%2C913\" alt=\"\" class=\"wp-image-6116\" width=\"575\" height=\"625\" srcset=\"https:\/\/i0.wp.com\/patrimoine-avesnois.fr\/chemin\/wp-content\/uploads\/2019\/06\/IMG_5927-1.jpg?w=2633&amp;ssl=1 2633w, https:\/\/i0.wp.com\/patrimoine-avesnois.fr\/chemin\/wp-content\/uploads\/2019\/06\/IMG_5927-1.jpg?resize=276%2C300&amp;ssl=1 276w, https:\/\/i0.wp.com\/patrimoine-avesnois.fr\/chemin\/wp-content\/uploads\/2019\/06\/IMG_5927-1.jpg?resize=768%2C835&amp;ssl=1 768w, https:\/\/i0.wp.com\/patrimoine-avesnois.fr\/chemin\/wp-content\/uploads\/2019\/06\/IMG_5927-1.jpg?resize=942%2C1024&amp;ssl=1 942w, https:\/\/i0.wp.com\/patrimoine-avesnois.fr\/chemin\/wp-content\/uploads\/2019\/06\/IMG_5927-1.jpg?resize=1200%2C1304&amp;ssl=1 1200w, https:\/\/i0.wp.com\/patrimoine-avesnois.fr\/chemin\/wp-content\/uploads\/2019\/06\/IMG_5927-1.jpg?w=1680 1680w, https:\/\/i0.wp.com\/patrimoine-avesnois.fr\/chemin\/wp-content\/uploads\/2019\/06\/IMG_5927-1.jpg?w=2520 2520w\" sizes=\"auto, (max-width: 575px) 85vw, 575px\" \/><figcaption>Moulin \u00e0 vent Photo 1967<\/figcaption><\/figure><\/div>\n\n\n\n<div class=\"wp-block-image\"><figure class=\"aligncenter is-resized\"><img loading=\"lazy\" decoding=\"async\" data-attachment-id=\"6115\" data-permalink=\"https:\/\/patrimoine-avesnois.fr\/chemin\/limont-fontaine\/img_5926\/\" data-orig-file=\"https:\/\/i0.wp.com\/patrimoine-avesnois.fr\/chemin\/wp-content\/uploads\/2019\/06\/IMG_5926.jpg?fit=2339%2C2300&amp;ssl=1\" data-orig-size=\"2339,2300\" data-comments-opened=\"1\" data-image-meta=\"{&quot;aperture&quot;:&quot;2.2&quot;,&quot;credit&quot;:&quot;&quot;,&quot;camera&quot;:&quot;iPhone SE&quot;,&quot;caption&quot;:&quot;&quot;,&quot;created_timestamp&quot;:&quot;1560877430&quot;,&quot;copyright&quot;:&quot;&quot;,&quot;focal_length&quot;:&quot;4.15&quot;,&quot;iso&quot;:&quot;32&quot;,&quot;shutter_speed&quot;:&quot;0.02&quot;,&quot;title&quot;:&quot;&quot;,&quot;orientation&quot;:&quot;1&quot;}\" data-image-title=\"IMG_5926\" data-image-description=\"\" data-image-caption=\"\" data-large-file=\"https:\/\/i0.wp.com\/patrimoine-avesnois.fr\/chemin\/wp-content\/uploads\/2019\/06\/IMG_5926.jpg?fit=840%2C826&amp;ssl=1\" src=\"https:\/\/i0.wp.com\/patrimoine-avesnois.fr\/chemin\/wp-content\/uploads\/2019\/06\/IMG_5926.jpg?fit=840%2C826\" alt=\"\" class=\"wp-image-6115\" width=\"575\" height=\"566\" srcset=\"https:\/\/i0.wp.com\/patrimoine-avesnois.fr\/chemin\/wp-content\/uploads\/2019\/06\/IMG_5926.jpg?w=2339&amp;ssl=1 2339w, https:\/\/i0.wp.com\/patrimoine-avesnois.fr\/chemin\/wp-content\/uploads\/2019\/06\/IMG_5926.jpg?resize=300%2C295&amp;ssl=1 300w, https:\/\/i0.wp.com\/patrimoine-avesnois.fr\/chemin\/wp-content\/uploads\/2019\/06\/IMG_5926.jpg?resize=768%2C755&amp;ssl=1 768w, https:\/\/i0.wp.com\/patrimoine-avesnois.fr\/chemin\/wp-content\/uploads\/2019\/06\/IMG_5926.jpg?resize=1024%2C1007&amp;ssl=1 1024w, https:\/\/i0.wp.com\/patrimoine-avesnois.fr\/chemin\/wp-content\/uploads\/2019\/06\/IMG_5926.jpg?resize=1200%2C1180&amp;ssl=1 1200w, https:\/\/i0.wp.com\/patrimoine-avesnois.fr\/chemin\/wp-content\/uploads\/2019\/06\/IMG_5926.jpg?w=1680 1680w\" sizes=\"auto, (max-width: 575px) 85vw, 575px\" \/><figcaption>Moulin \u00e0 vent Photo 1985<\/figcaption><\/figure><\/div>\n\n\n\n<div class=\"wp-block-image\"><figure class=\"aligncenter is-resized\"><img data-recalc-dims=\"1\" loading=\"lazy\" decoding=\"async\" data-attachment-id=\"6117\" data-permalink=\"https:\/\/patrimoine-avesnois.fr\/chemin\/limont-fontaine\/img_5928\/\" data-orig-file=\"https:\/\/i0.wp.com\/patrimoine-avesnois.fr\/chemin\/wp-content\/uploads\/2019\/06\/IMG_5928.jpg?fit=451%2C510&amp;ssl=1\" data-orig-size=\"451,510\" data-comments-opened=\"1\" data-image-meta=\"{&quot;aperture&quot;:&quot;0&quot;,&quot;credit&quot;:&quot;CARRE&quot;,&quot;camera&quot;:&quot;&quot;,&quot;caption&quot;:&quot;&quot;,&quot;created_timestamp&quot;:&quot;1560878093&quot;,&quot;copyright&quot;:&quot;&quot;,&quot;focal_length&quot;:&quot;0&quot;,&quot;iso&quot;:&quot;0&quot;,&quot;shutter_speed&quot;:&quot;0&quot;,&quot;title&quot;:&quot;&quot;,&quot;orientation&quot;:&quot;1&quot;}\" data-image-title=\"IMG_5928\" data-image-description=\"\" data-image-caption=\"\" data-large-file=\"https:\/\/i0.wp.com\/patrimoine-avesnois.fr\/chemin\/wp-content\/uploads\/2019\/06\/IMG_5928.jpg?fit=451%2C510&amp;ssl=1\" src=\"https:\/\/i0.wp.com\/patrimoine-avesnois.fr\/chemin\/wp-content\/uploads\/2019\/06\/IMG_5928.jpg?resize=575%2C648\" alt=\"\" class=\"wp-image-6117\" width=\"575\" height=\"648\"\/><figcaption>Moulin \u00e0 vent Photo 2009<\/figcaption><\/figure><\/div>\n\n\n\n<p>Le moulin \u00e0 vent fut construit par les fr\u00e8res Couplet vers 1830. C&rsquo; \u00e9tait une solide tour en pierre bleue et en brique, au mur \u00e9pais de 1,10 m \u00e0 la base et au diam\u00e8tre d&rsquo;environ 7,30 m interieur. <\/p>\n\n\n\n<p>Il appartenait en 1848 \u00e0 Honore Langlet, qui d\u00e9sirait alors le vendre. Il fut achet\u00e9 par Jean-Louis-Auguste Hug\u00e9 vers 1855 qui le loua en 1886 \u00e0 Jean Nisse puis \u00e0 Guillaume Nisse  en janvier 1895.<\/p>\n\n\n\n<p>Jean-Louis-Auguste Hug\u00e9 d\u00e9c\u00e9da \u00e0 Saint-R\u00e9my-Mal-B\u00e2ti le 16 mai 1896, sans h\u00e9ritier, laissant pour lui succ\u00e9der deux fr\u00e8res, deux neveux et une ni\u00e8ce. Les h\u00e9ritiers vendirent vers 1897 le moulin \u00e0 Georges Haplencourt mari\u00e9 \u00e0 Irma Hermand. Ceux-ci renouvel\u00e8rent le bail \u00e0 Guillaume Nisse le 24 f\u00e9vrier 1902. Cependant le cadastre  cite le moulin d\u00e9j\u00e0 d\u00e9moli en 1901. Le moulin s\u2019arr\u00eata donc \u00e0 cette date. Seule reste encore de nos jours la tour en bien triste \u00e9tat.  <br> <\/p>\n\n\n\n<ul class=\"wp-block-list\"><li>Brasserie :<\/li><\/ul>\n\n\n\n<p>L\u00e9on Dufosset (1833 1887) mari\u00e9 \u00e0 Ism\u00e9rie Bruy\u00e8re \u00e9tait brasseur en 1865. Leur fils Paul Anselme d\u00e9c\u00e9da en 1905. La brasserie fut alors reprise par L\u00e9on Lejeune mari\u00e9 \u00e0 Jeanne Maria G\u00e9rin jusqu&rsquo;en 1914.<\/p>\n\n\n\n<ul class=\"wp-block-list\"><li>Four \u00e0 chaux :<\/li><\/ul>\n\n\n\n<div class=\"wp-block-image\"><figure class=\"aligncenter is-resized\"><img data-recalc-dims=\"1\" loading=\"lazy\" decoding=\"async\" data-attachment-id=\"6130\" data-permalink=\"https:\/\/patrimoine-avesnois.fr\/chemin\/limont-fontaine\/image-905\/\" data-orig-file=\"https:\/\/i0.wp.com\/patrimoine-avesnois.fr\/chemin\/wp-content\/uploads\/2019\/06\/image.jpeg?fit=211%2C238&amp;ssl=1\" data-orig-size=\"211,238\" data-comments-opened=\"1\" data-image-meta=\"{&quot;aperture&quot;:&quot;0&quot;,&quot;credit&quot;:&quot;&quot;,&quot;camera&quot;:&quot;&quot;,&quot;caption&quot;:&quot;&quot;,&quot;created_timestamp&quot;:&quot;0&quot;,&quot;copyright&quot;:&quot;&quot;,&quot;focal_length&quot;:&quot;0&quot;,&quot;iso&quot;:&quot;0&quot;,&quot;shutter_speed&quot;:&quot;0&quot;,&quot;title&quot;:&quot;&quot;,&quot;orientation&quot;:&quot;0&quot;}\" data-image-title=\"image\" data-image-description=\"\" data-image-caption=\"\" data-large-file=\"https:\/\/i0.wp.com\/patrimoine-avesnois.fr\/chemin\/wp-content\/uploads\/2019\/06\/image.jpeg?fit=211%2C238&amp;ssl=1\" src=\"https:\/\/i0.wp.com\/patrimoine-avesnois.fr\/chemin\/wp-content\/uploads\/2019\/06\/image.jpeg?resize=446%2C504\" alt=\"\" class=\"wp-image-6130\" width=\"446\" height=\"504\"\/><\/figure><\/div>\n\n\n\n<p>Le four \u00e0 chaux ou \u00ab chaufour \u00bb \u00e9tait un four destin\u00e9 \u00e0 transformer le calcaire en chaux et o\u00f9 l\u2019on cuisait la c\u00e9ramique sous l\u2019action du feu. Il \u00e9tait  de forme cylindrique, avait une large paroi int\u00e9rieure souvent rev\u00eatue de briques et \u00e9tait aliment\u00e9 par son ouverture situ\u00e9e en haut appel\u00e9e le \u00ab gueulard \u00bb.  <\/p>\n\n\n\n<p class=\"has-text-align-center\">***<\/p>\n\n\n\n<p>Les principales possessions de Saint-Pierre d\u2019Hautmont consistaient en trois fermes : la Cense de Limont appel\u00e9e parfois cense des Ecailles, et les Censes de la Court Saint-Pierre ou grande cense et petite cense dite de la Mairie \u00e0 Fontaine.<\/p>\n\n\n\n<p><strong>la cense des Ecailles<\/strong>&nbsp;(\u00e0&nbsp;Limont)<\/p>\n\n\n\n<figure class=\"wp-block-image\"><img decoding=\"async\" src=\"https:\/\/i0.wp.com\/patrimoine-avesnois.fr\/censes\/wp-content\/uploads\/2019\/02\/Capture-40.png?w=840\" alt=\"\" class=\"wp-image-108\"\/><figcaption><a href=\"https:\/\/www.google.fr\/maps\/@50.2061786,3.9216369,3a,75y,97.64h,86.76t\/data=!3m6!1e1!3m4!1s6qY86-Fv66DcrgoMVSUNyw!2e0!7i13312!8i6656\">15 Route d\u2019Avesnes<\/a><\/figcaption><\/figure>\n\n\n\n<p>La ferme de Limont fut acquise par l\u2019abbaye d\u2019Hautmont en 1504 \u00e0 Jean Carton.<\/p>\n\n\n\n<p>Ce sont les Letoret qui furent fermiers de l\u2019abbaye au XVIII e si\u00e8cle.<\/p>\n\n\n\n<p>La cense de Limont \u00e9tait appel\u00e9e dans plusieurs documents Cense des Ecailles. II s\u2019agissait d\u2019une exploitation dont les terres \u00e9taient r\u00e9parties en plus de 85 pi\u00e8ces, couvrant ensemble 65 hectares environ. Le rendage s\u2019\u00e9levait \u00e0 354 livres, 4 moutons et un veau gras, 100 bottes de paille et 10 muids de grains. A cela il fallait ajouter l\u2019entretien du ch\u0153ur et du presbyt\u00e8re de Limont et la participation \u00e0 l\u2019entretien du cur\u00e9, par moiti\u00e9 avec le fermier de la Grande Cense de Fontaine. Letoret \u00e9tait d\u00eemeur et terrageur de Limont. Jacques Letoret renouvela le bail de la cense des Ecailles en 1785.<\/p>\n\n\n\n<p><strong>la Cense de la cour Saint-Pierre &nbsp;<\/strong>(\u00e0 Fontaine)<\/p>\n\n\n\n<figure class=\"wp-block-image\"><img decoding=\"async\" src=\"https:\/\/i1.wp.com\/patrimoine-avesnois.fr\/censes\/wp-content\/uploads\/2019\/02\/Capture-41.png?w=840\" alt=\"\" class=\"wp-image-109\"\/><figcaption><a href=\"https:\/\/www.google.fr\/maps\/@50.2185089,3.9223126,3a,75y,82.29h,84.35t\/data=!3m6!1e1!3m4!1sQ4XcmRoXFcjHRGYZGtQLjw!2e0!7i13312!8i6656\">10 Rue d\u2019Hautmont<\/a><\/figcaption><\/figure>\n\n\n\n<p>La Court Saint-Pierre ou grande cense de Fontaine \u00e9tait une ferme tr\u00e8s importante et son exploitation couvrait 105 hectares en 11 pi\u00e8ces dont certaines tr\u00e8s \u00e9tendues.<\/p>\n\n\n\n<p>Le fermier qui exploitait cette cense levait \u00e9galement la d\u00eeme et le terrage \u00e0 Fontaine. Au XVIIIe si\u00e8cle, des Cuisset \u00e9taient censiers de l\u2019abbaye \u00e0 la Court Saint-Pierre dont Nicolas Joseph Cuisset en 1754, auquel va succ\u00e9der sa veuve, Marie Catherine Joseph Ghislain.<\/p>\n\n\n\n<p>A partir de 1770 et jusqu\u2019\u00e0 la R\u00e9volution, le dernier fermier s\u2019appelait Agapit Joseph De Harveng. Son rendage consistait en 660 livres, 18 muids de grains, 5 moutons et la fourniture de 20 cordes de bois et 4.000 fagots ! Le principal censier des moines \u00e0 Fontaine participait \u00e9galement \u00e0 l\u2019entretien du cur\u00e9 : 164 livres pour la moiti\u00e9 de son suppl\u00e9ment, 14 litres pour la moiti\u00e9 des vins de messe, 18 rosi\u00e8res d\u2019 \u00ab \u00e9peaulte \u00bb, et 50 bottes de paille. Enfin, notre fermier devait acquitter toutes les rentes qui \u00e9taient dues sur la cense \u00e0 savoir : 11 rasi\u00e8res de verreux et 11 rasi\u00e8res d\u2019avoine \u00e0 M. Leboucq Delval et 11 rasi\u00e8res de bl\u00e9 et autant d\u2019avoine \u00e0 la pitance de l\u2019abbaye d\u2019Hautmont, le tout \u00e0 la mesure d\u2019Avesnes.<\/p>\n\n\n\n<p>En 1770, le rendage en argent passa \u00e0 1260 livres ! En 1788, il est stipul\u00e9 dans le bail que \u00ab si on accorde un suppl\u00e9ment en argent au cur\u00e9 de Limont, le fermier devra fournir jusqu\u2019\u00e0 la somme de 150 livres \u00bb\u2026 A l\u2019\u00e9poque, c\u2019\u00e9tait le m\u00eame cur\u00e9 qui desservait les deux paroisses.<\/p>\n\n\n\n<p><strong>La Petite Cense dite de la Mairie<\/strong>&nbsp;(\u00e0 Fontaine)<\/p>\n\n\n\n<figure class=\"wp-block-image\"><img decoding=\"async\" data-attachment-id=\"110\" data-permalink=\"https:\/\/patrimoine-avesnois.fr\/chemin\/assevent\/1280px-cimetieremilitaireassevent130407_41\/\" data-orig-file=\"https:\/\/i0.wp.com\/patrimoine-avesnois.fr\/chemin\/wp-content\/uploads\/2019\/03\/1280px-Cimeti%C3%A8remilitaireAssevent130407_41.jpg?fit=1280%2C960&amp;ssl=1\" data-orig-size=\"1280,960\" data-comments-opened=\"1\" data-image-meta=\"{&quot;aperture&quot;:&quot;0&quot;,&quot;credit&quot;:&quot;&quot;,&quot;camera&quot;:&quot;&quot;,&quot;caption&quot;:&quot;&quot;,&quot;created_timestamp&quot;:&quot;1553082028&quot;,&quot;copyright&quot;:&quot;&quot;,&quot;focal_length&quot;:&quot;0&quot;,&quot;iso&quot;:&quot;0&quot;,&quot;shutter_speed&quot;:&quot;0&quot;,&quot;title&quot;:&quot;&quot;,&quot;orientation&quot;:&quot;1&quot;}\" data-image-title=\"1280px-Cimeti\u00e8remilitaireAssevent130407_(41)\" data-image-description=\"\" data-image-caption=\"\" data-large-file=\"https:\/\/i0.wp.com\/patrimoine-avesnois.fr\/chemin\/wp-content\/uploads\/2019\/03\/1280px-Cimeti%C3%A8remilitaireAssevent130407_41.jpg?fit=840%2C630&amp;ssl=1\" src=\"https:\/\/i0.wp.com\/patrimoine-avesnois.fr\/censes\/wp-content\/uploads\/2019\/02\/Capture-42.png?w=840\" alt=\"\" class=\"wp-image-110\"\/><figcaption><a href=\"https:\/\/www.google.fr\/maps\/@50.2197214,3.9231172,3a,75y,37.19h,87.47t\/data=!3m6!1e1!3m4!1sOBidreMJ1aAH8Pi4LugoFg!2e0!7i13312!8i6656\">2 rue du Ch\u00e2teau d\u2019eau<\/a><\/figcaption><\/figure>\n\n\n\n<p>La petite cense de Fontaine \u00e9tait nettement moins importante, les Buisserez puis Pierre Juniet exploit\u00e8rent un ensemble de 20 hectares en 22 parcelles ; une de ces parcelles \u00e9tait situ\u00e9e sur le terroir de Saint-R\u00e9my-mal-b\u00e2ti ; une des p\u00e2tures de la ferme s\u2019appelait&nbsp;&nbsp;&nbsp;&nbsp;&nbsp; \u00ab le fond des moines \u00bb. Le rendage \u00e9tait moindre : 150 livres en argent, 2500 litres de grains.<\/p>\n\n\n\n<p>NB&nbsp;: les photos des deux fermes concern\u00e9es sont peut-\u00eatre \u00e0 inverser. J\u2019ai consid\u00e9r\u00e9 la ferme de la cour St Pierre au 10 rue d\u2019Hautmont car actuellement \u00e0 cet endroit se situe le GAEC de Saint Pierre. Cependant la taille de la ferme rue du ch\u00e2teau d\u2019eau parait plus imposante que la pr\u00e9c\u00e9dente.<\/p>\n\n\n\n<div class=\"wp-block-image\"><figure class=\"aligncenter is-resized\"><img data-recalc-dims=\"1\" loading=\"lazy\" decoding=\"async\" data-attachment-id=\"6133\" data-permalink=\"https:\/\/patrimoine-avesnois.fr\/chemin\/limont-fontaine\/carriere\/\" data-orig-file=\"https:\/\/i0.wp.com\/patrimoine-avesnois.fr\/chemin\/wp-content\/uploads\/2019\/06\/carri%C3%A8re-.jpg?fit=778%2C520&amp;ssl=1\" data-orig-size=\"778,520\" data-comments-opened=\"1\" data-image-meta=\"{&quot;aperture&quot;:&quot;0&quot;,&quot;credit&quot;:&quot;CARRE&quot;,&quot;camera&quot;:&quot;&quot;,&quot;caption&quot;:&quot;&quot;,&quot;created_timestamp&quot;:&quot;1560883832&quot;,&quot;copyright&quot;:&quot;&quot;,&quot;focal_length&quot;:&quot;0&quot;,&quot;iso&quot;:&quot;0&quot;,&quot;shutter_speed&quot;:&quot;0&quot;,&quot;title&quot;:&quot;&quot;,&quot;orientation&quot;:&quot;0&quot;}\" data-image-title=\"carri\u00e8re\" data-image-description=\"\" data-image-caption=\"\" data-large-file=\"https:\/\/i0.wp.com\/patrimoine-avesnois.fr\/chemin\/wp-content\/uploads\/2019\/06\/carri%C3%A8re-.jpg?fit=778%2C520&amp;ssl=1\" src=\"https:\/\/i0.wp.com\/patrimoine-avesnois.fr\/chemin\/wp-content\/uploads\/2019\/06\/carri%C3%A8re-.jpg?resize=840%2C561\" alt=\"\" class=\"wp-image-6133\" width=\"840\" height=\"561\" srcset=\"https:\/\/i0.wp.com\/patrimoine-avesnois.fr\/chemin\/wp-content\/uploads\/2019\/06\/carri%C3%A8re-.jpg?w=778&amp;ssl=1 778w, https:\/\/i0.wp.com\/patrimoine-avesnois.fr\/chemin\/wp-content\/uploads\/2019\/06\/carri%C3%A8re-.jpg?resize=300%2C201&amp;ssl=1 300w, https:\/\/i0.wp.com\/patrimoine-avesnois.fr\/chemin\/wp-content\/uploads\/2019\/06\/carri%C3%A8re-.jpg?resize=768%2C513&amp;ssl=1 768w\" sizes=\"auto, (max-width: 709px) 85vw, (max-width: 909px) 67vw, (max-width: 1362px) 62vw, 840px\" \/><figcaption>La carri\u00e8re de Limont-Fontaine. Photo juillet 2008<a href=\"https:\/\/www.flickr.com\/photos\/maubeugetourisme\/8394895128\" target=\"_blank\" rel=\"noreferrer noopener\" aria-label=\" Maubeuge vue du ciel (opens in a new tab)\"> Maubeuge vue du ciel<\/a><\/figcaption><\/figure><\/div>\n\n\n\n<p>La carri\u00e8re de Limont-fontaine exploite un gisement calcaire dont la transformation en granulats est destin\u00e9e aux industries des travaux publics et du b\u00e2timent.  L\u2019une des deux carri\u00e8res de CBS est d\u00e9sormais inexploit\u00e9e et remise en eau depuis une vingtaine d&rsquo;ann\u00e9es.<\/p>\n\n\n\n<div class=\"wp-block-image\"><figure class=\"aligncenter\"><img decoding=\"async\" src=\"https:\/\/upload.wikimedia.org\/wikipedia\/commons\/thumb\/6\/68\/LimontFontaineRuisseau_d_%C3%A9claibes170507_%287%29.JPG\/1280px-LimontFontaineRuisseau_d_%C3%A9claibes170507_%287%29.JPG\" alt=\"\"\/><figcaption>Le ruisseau d&rsquo;\u00c9claibes.<\/figcaption><\/figure><\/div>\n","protected":false},"excerpt":{"rendered":"<p>Le territoire \u00e9tait au XII e si\u00e8cle divis\u00e9 en deux paroisses : Limont et Fontaine. Propri\u00e9t\u00e9 de l&rsquo;Abbaye d&rsquo;Hautmont, l&rsquo;\u00e9glise de Limont \u00e9tait une paroisse du d\u00e9canat d&rsquo;Avesnes tandis que celle de Fontaine faisait partie du d\u00e9canat de Maubeuge. Jusqu&rsquo;au XVII\u00e8me si\u00e8cle, la commune faisait partie de la pairie d&rsquo;Avesnes, bien qu&rsquo;elle relev\u00e2t de l&rsquo;Abbaye &hellip; <a href=\"https:\/\/patrimoine-avesnois.fr\/chemin\/limont-fontaine\/\" class=\"more-link\">Continuer la lecture<span class=\"screen-reader-text\"> de &laquo;&nbsp;Limont-Fontaine&nbsp;&raquo;<\/span><\/a><\/p>\n","protected":false},"author":2,"featured_media":0,"parent":0,"menu_order":0,"comment_status":"closed","ping_status":"closed","template":"","meta":{"jetpack_post_was_ever_published":false,"footnotes":""},"class_list":["post-6104","page","type-page","status-publish","hentry"],"jetpack_sharing_enabled":true,"jetpack_shortlink":"https:\/\/wp.me\/PaOEkN-1As","jetpack-related-posts":[],"_links":{"self":[{"href":"https:\/\/patrimoine-avesnois.fr\/chemin\/wp-json\/wp\/v2\/pages\/6104","targetHints":{"allow":["GET"]}}],"collection":[{"href":"https:\/\/patrimoine-avesnois.fr\/chemin\/wp-json\/wp\/v2\/pages"}],"about":[{"href":"https:\/\/patrimoine-avesnois.fr\/chemin\/wp-json\/wp\/v2\/types\/page"}],"author":[{"embeddable":true,"href":"https:\/\/patrimoine-avesnois.fr\/chemin\/wp-json\/wp\/v2\/users\/2"}],"replies":[{"embeddable":true,"href":"https:\/\/patrimoine-avesnois.fr\/chemin\/wp-json\/wp\/v2\/comments?post=6104"}],"version-history":[{"count":0,"href":"https:\/\/patrimoine-avesnois.fr\/chemin\/wp-json\/wp\/v2\/pages\/6104\/revisions"}],"wp:attachment":[{"href":"https:\/\/patrimoine-avesnois.fr\/chemin\/wp-json\/wp\/v2\/media?parent=6104"}],"curies":[{"name":"wp","href":"https:\/\/api.w.org\/{rel}","templated":true}]}}