{"id":6140,"date":"2019-06-19T13:12:23","date_gmt":"2019-06-19T11:12:23","guid":{"rendered":"http:\/\/patrimoine-avesnois.fr\/chemin\/?page_id=6140"},"modified":"2026-08-23T11:05:40","modified_gmt":"2026-08-23T09:05:40","slug":"obies","status":"publish","type":"page","link":"https:\/\/patrimoine-avesnois.fr\/chemin\/obies\/","title":{"rendered":"Obies"},"content":{"rendered":"<div class=\"wp-block-image\">\n<figure class=\"aligncenter\"><img data-recalc-dims=\"1\" loading=\"lazy\" decoding=\"async\" width=\"840\" height=\"534\" data-attachment-id=\"6141\" data-permalink=\"https:\/\/patrimoine-avesnois.fr\/chemin\/obies\/722_001\/\" data-orig-file=\"https:\/\/i0.wp.com\/patrimoine-avesnois.fr\/chemin\/wp-content\/uploads\/2019\/06\/722_001.jpg?fit=937%2C596&amp;ssl=1\" data-orig-size=\"937,596\" data-comments-opened=\"1\" data-image-meta=\"{&quot;aperture&quot;:&quot;0&quot;,&quot;credit&quot;:&quot;&quot;,&quot;camera&quot;:&quot;&quot;,&quot;caption&quot;:&quot;&quot;,&quot;created_timestamp&quot;:&quot;1560939945&quot;,&quot;copyright&quot;:&quot;&quot;,&quot;focal_length&quot;:&quot;0&quot;,&quot;iso&quot;:&quot;0&quot;,&quot;shutter_speed&quot;:&quot;0&quot;,&quot;title&quot;:&quot;&quot;,&quot;orientation&quot;:&quot;0&quot;}\" data-image-title=\"722_001\" data-image-description=\"\" data-image-caption=\"\" data-large-file=\"https:\/\/i0.wp.com\/patrimoine-avesnois.fr\/chemin\/wp-content\/uploads\/2019\/06\/722_001.jpg?fit=840%2C534&amp;ssl=1\" src=\"https:\/\/i0.wp.com\/patrimoine-avesnois.fr\/chemin\/wp-content\/uploads\/2019\/06\/722_001.jpg?resize=840%2C534\" alt=\"\" class=\"wp-image-6141\" srcset=\"https:\/\/i0.wp.com\/patrimoine-avesnois.fr\/chemin\/wp-content\/uploads\/2019\/06\/722_001.jpg?w=937&amp;ssl=1 937w, https:\/\/i0.wp.com\/patrimoine-avesnois.fr\/chemin\/wp-content\/uploads\/2019\/06\/722_001.jpg?resize=300%2C191&amp;ssl=1 300w, https:\/\/i0.wp.com\/patrimoine-avesnois.fr\/chemin\/wp-content\/uploads\/2019\/06\/722_001.jpg?resize=768%2C489&amp;ssl=1 768w\" sizes=\"auto, (max-width: 709px) 85vw, (max-width: 909px) 67vw, (max-width: 1362px) 62vw, 840px\" \/><figcaption class=\"wp-element-caption\">Obies Bavisiau<\/figcaption><\/figure>\n<\/div>\n\n\n<p class=\"wp-block-paragraph\">La partie la plus ancienne du village est le hameau de Bavisiau. En 646, par son testament, sainte Aldegonde donna \u00ab&nbsp;la moiti\u00e9 des terres du village de Bavaisis avec l&rsquo;\u00e9glise&nbsp;\u00bb au chapitre de Maubeuge. Le hameau est rattach\u00e9 \u00e0 Obies au&nbsp;XIII e si\u00e8cle (cartulaire de 1265).<\/p>\n\n\n\n<p class=\"wp-block-paragraph\">En l&rsquo;\u00e9tat actuel des recherches, le nom d&rsquo;Obies est cit\u00e9 pour la premi\u00e8re fois dans une donation faite en 1065 par Baudouin Ier, comte de Hainaut, au profit de l&rsquo;abbaye d&rsquo;Hasnon (pr\u00e8s de Saint-Amand). Cette donation est confirm\u00e9e par Philippe Ier, roi des Francs. Baudouin c\u00e8de \u00e0 l&rsquo;abbaye \u00ab&nbsp;la moiti\u00e9 des terres et lod de l&rsquo;\u00e9glise d&rsquo;Obies et Bavisiel&nbsp;\u00bb en action de gr\u00e2ce pour sa gu\u00e9rison apr\u00e8s une grave maladie. Wikip\u00e9dia<\/p>\n\n\n\n<p class=\"wp-block-paragraph\">En 1259, Guillaume, sire d&rsquo;Obies, fit une donation de biens \u00e0 l&rsquo;abbaye de Femy.&nbsp;En 1303, il existait \u00e0 Obies un ch\u00e2teau dont il ne reste plus que quelques portions de b\u00e2timents enclav\u00e9es dans les constructions du ch\u00e2teau moderne. Au milieu du XVIIIe si\u00e8cle, le ch\u00e2teau appartenait \u00e0 la famille de la Torre. Au XVIIIe si\u00e8cle,Obies \u00e9tait r\u00e9uni, pour le spirituel, \u00e0 Mecquignies, et en l&rsquo;an XI, \u00e9tait une succursale de la cure de Bavai.<\/p>\n\n\n<div class=\"wp-block-image\">\n<figure class=\"aligncenter is-resized\"><img loading=\"lazy\" decoding=\"async\" width=\"1507\" height=\"956\" data-attachment-id=\"6143\" data-permalink=\"https:\/\/patrimoine-avesnois.fr\/chemin\/obies\/574_001\/\" data-orig-file=\"https:\/\/i0.wp.com\/patrimoine-avesnois.fr\/chemin\/wp-content\/uploads\/2019\/06\/574_001.jpg?fit=1507%2C956&amp;ssl=1\" data-orig-size=\"1507,956\" data-comments-opened=\"1\" data-image-meta=\"{&quot;aperture&quot;:&quot;0&quot;,&quot;credit&quot;:&quot;&quot;,&quot;camera&quot;:&quot;&quot;,&quot;caption&quot;:&quot;&quot;,&quot;created_timestamp&quot;:&quot;1560939490&quot;,&quot;copyright&quot;:&quot;&quot;,&quot;focal_length&quot;:&quot;0&quot;,&quot;iso&quot;:&quot;0&quot;,&quot;shutter_speed&quot;:&quot;0&quot;,&quot;title&quot;:&quot;&quot;,&quot;orientation&quot;:&quot;0&quot;}\" data-image-title=\"574_001\" data-image-description=\"\" data-image-caption=\"\" data-large-file=\"https:\/\/i0.wp.com\/patrimoine-avesnois.fr\/chemin\/wp-content\/uploads\/2019\/06\/574_001.jpg?fit=840%2C533&amp;ssl=1\" src=\"https:\/\/i2.wp.com\/patrimoine-avesnois.fr\/chemin\/wp-content\/uploads\/2019\/06\/574_001.jpg?fit=840%2C533\" alt=\"\" class=\"wp-image-6143\" style=\"width:725px;height:460px\" srcset=\"https:\/\/i0.wp.com\/patrimoine-avesnois.fr\/chemin\/wp-content\/uploads\/2019\/06\/574_001.jpg?w=1507&amp;ssl=1 1507w, https:\/\/i0.wp.com\/patrimoine-avesnois.fr\/chemin\/wp-content\/uploads\/2019\/06\/574_001.jpg?resize=300%2C190&amp;ssl=1 300w, https:\/\/i0.wp.com\/patrimoine-avesnois.fr\/chemin\/wp-content\/uploads\/2019\/06\/574_001.jpg?resize=768%2C487&amp;ssl=1 768w, https:\/\/i0.wp.com\/patrimoine-avesnois.fr\/chemin\/wp-content\/uploads\/2019\/06\/574_001.jpg?resize=1024%2C650&amp;ssl=1 1024w, https:\/\/i0.wp.com\/patrimoine-avesnois.fr\/chemin\/wp-content\/uploads\/2019\/06\/574_001.jpg?resize=1200%2C761&amp;ssl=1 1200w\" sizes=\"auto, (max-width: 709px) 85vw, (max-width: 909px) 67vw, (max-width: 1362px) 62vw, 840px\" \/><figcaption class=\"wp-element-caption\">Obies, la place, son \u00e9glise. <\/figcaption><\/figure>\n<\/div>\n\n<div class=\"wp-block-image\">\n<figure class=\"aligncenter is-resized\"><img decoding=\"async\" src=\"https:\/\/upload.wikimedia.org\/wikipedia\/commons\/thumb\/e\/e3\/OBIES_La_place_%2C_son_Eglise.JPG\/1280px-OBIES_La_place_%2C_son_Eglise.JPG\" alt=\"\" style=\"width:725px;height:543px\"\/><figcaption class=\"wp-element-caption\">Obies, la place, son \u00e9glise. Photo Par VERCHAIN \u2014 Travail personnel, CC BY-SA 3.0, <a href=\"https:\/\/commons.wikimedia.org\/w\/index.php?curid=6816385\" target=\"_blank\" rel=\"noreferrer noopener\">https:\/\/commons.wikimedia.org\/w\/index.php?curid=6816385<\/a><\/figcaption><\/figure>\n<\/div>\n\n\n<figure class=\"wp-block-gallery has-nested-images columns-default is-cropped wp-block-gallery-1 is-layout-flex wp-block-gallery-is-layout-flex\">\n<figure class=\"wp-block-image size-large\"><img data-recalc-dims=\"1\" loading=\"lazy\" decoding=\"async\" width=\"840\" height=\"545\" data-attachment-id=\"6183\" data-permalink=\"https:\/\/patrimoine-avesnois.fr\/chemin\/obies\/725_001\/\" data-orig-file=\"https:\/\/i0.wp.com\/patrimoine-avesnois.fr\/chemin\/wp-content\/uploads\/2019\/06\/725_001.jpg?fit=989%2C642&amp;ssl=1\" data-orig-size=\"989,642\" data-comments-opened=\"1\" data-image-meta=\"{&quot;aperture&quot;:&quot;0&quot;,&quot;credit&quot;:&quot;&quot;,&quot;camera&quot;:&quot;&quot;,&quot;caption&quot;:&quot;&quot;,&quot;created_timestamp&quot;:&quot;1560939597&quot;,&quot;copyright&quot;:&quot;&quot;,&quot;focal_length&quot;:&quot;0&quot;,&quot;iso&quot;:&quot;0&quot;,&quot;shutter_speed&quot;:&quot;0&quot;,&quot;title&quot;:&quot;&quot;,&quot;orientation&quot;:&quot;1&quot;}\" data-image-title=\"725_001\" data-image-description=\"\" data-image-caption=\"\" data-large-file=\"https:\/\/i0.wp.com\/patrimoine-avesnois.fr\/chemin\/wp-content\/uploads\/2019\/06\/725_001.jpg?fit=840%2C545&amp;ssl=1\" data-id=\"6183\" src=\"https:\/\/i0.wp.com\/patrimoine-avesnois.fr\/chemin\/wp-content\/uploads\/2019\/06\/725_001.jpg?resize=840%2C545&#038;ssl=1\" alt=\"\" class=\"wp-image-6183\" srcset=\"https:\/\/i0.wp.com\/patrimoine-avesnois.fr\/chemin\/wp-content\/uploads\/2019\/06\/725_001.jpg?w=989&amp;ssl=1 989w, https:\/\/i0.wp.com\/patrimoine-avesnois.fr\/chemin\/wp-content\/uploads\/2019\/06\/725_001.jpg?resize=300%2C195&amp;ssl=1 300w, https:\/\/i0.wp.com\/patrimoine-avesnois.fr\/chemin\/wp-content\/uploads\/2019\/06\/725_001.jpg?resize=768%2C499&amp;ssl=1 768w\" sizes=\"auto, (max-width: 709px) 85vw, (max-width: 909px) 67vw, (max-width: 1362px) 62vw, 840px\" \/><\/figure>\n\n\n\n<figure class=\"wp-block-image size-large\"><img data-recalc-dims=\"1\" loading=\"lazy\" decoding=\"async\" width=\"606\" height=\"455\" data-attachment-id=\"6184\" data-permalink=\"https:\/\/patrimoine-avesnois.fr\/chemin\/obies\/captur-8\/\" data-orig-file=\"https:\/\/i0.wp.com\/patrimoine-avesnois.fr\/chemin\/wp-content\/uploads\/2019\/06\/Captur.jpg?fit=606%2C455&amp;ssl=1\" data-orig-size=\"606,455\" data-comments-opened=\"1\" data-image-meta=\"{&quot;aperture&quot;:&quot;0&quot;,&quot;credit&quot;:&quot;CARRE&quot;,&quot;camera&quot;:&quot;&quot;,&quot;caption&quot;:&quot;&quot;,&quot;created_timestamp&quot;:&quot;1560955273&quot;,&quot;copyright&quot;:&quot;&quot;,&quot;focal_length&quot;:&quot;0&quot;,&quot;iso&quot;:&quot;0&quot;,&quot;shutter_speed&quot;:&quot;0&quot;,&quot;title&quot;:&quot;&quot;,&quot;orientation&quot;:&quot;1&quot;}\" data-image-title=\"Captur\" data-image-description=\"\" data-image-caption=\"\" data-large-file=\"https:\/\/i0.wp.com\/patrimoine-avesnois.fr\/chemin\/wp-content\/uploads\/2019\/06\/Captur.jpg?fit=606%2C455&amp;ssl=1\" data-id=\"6184\" src=\"https:\/\/i0.wp.com\/patrimoine-avesnois.fr\/chemin\/wp-content\/uploads\/2019\/06\/Captur.jpg?resize=606%2C455&#038;ssl=1\" alt=\"\" class=\"wp-image-6184\" srcset=\"https:\/\/i0.wp.com\/patrimoine-avesnois.fr\/chemin\/wp-content\/uploads\/2019\/06\/Captur.jpg?w=606&amp;ssl=1 606w, https:\/\/i0.wp.com\/patrimoine-avesnois.fr\/chemin\/wp-content\/uploads\/2019\/06\/Captur.jpg?resize=300%2C225&amp;ssl=1 300w\" sizes=\"auto, (max-width: 606px) 85vw, 606px\" \/><\/figure>\n<\/figure>\n\n\n\n<p class=\"wp-block-paragraph\"><\/p>\n\n\n<div class=\"wp-block-image\">\n<figure class=\"aligncenter size-full is-resized\"><img data-recalc-dims=\"1\" loading=\"lazy\" decoding=\"async\" width=\"466\" height=\"610\" data-attachment-id=\"29265\" data-permalink=\"https:\/\/patrimoine-avesnois.fr\/chemin\/obies\/image-3454\/\" data-orig-file=\"https:\/\/i0.wp.com\/patrimoine-avesnois.fr\/chemin\/wp-content\/uploads\/2026\/08\/image-300.png?fit=466%2C610&amp;ssl=1\" data-orig-size=\"466,610\" data-comments-opened=\"1\" data-image-meta=\"{&quot;aperture&quot;:&quot;0&quot;,&quot;credit&quot;:&quot;&quot;,&quot;camera&quot;:&quot;&quot;,&quot;caption&quot;:&quot;&quot;,&quot;created_timestamp&quot;:&quot;0&quot;,&quot;copyright&quot;:&quot;&quot;,&quot;focal_length&quot;:&quot;0&quot;,&quot;iso&quot;:&quot;0&quot;,&quot;shutter_speed&quot;:&quot;0&quot;,&quot;title&quot;:&quot;&quot;,&quot;orientation&quot;:&quot;0&quot;,&quot;alt&quot;:&quot;&quot;}\" data-image-title=\"image\" data-image-description=\"\" data-image-caption=\"\" data-large-file=\"https:\/\/i0.wp.com\/patrimoine-avesnois.fr\/chemin\/wp-content\/uploads\/2026\/08\/image-300.png?fit=466%2C610&amp;ssl=1\" src=\"https:\/\/i0.wp.com\/patrimoine-avesnois.fr\/chemin\/wp-content\/uploads\/2026\/08\/image-300.png?resize=466%2C610&#038;ssl=1\" alt=\"\" class=\"wp-image-29265\" style=\"width:418px;height:auto\" srcset=\"https:\/\/i0.wp.com\/patrimoine-avesnois.fr\/chemin\/wp-content\/uploads\/2026\/08\/image-300.png?w=466&amp;ssl=1 466w, https:\/\/i0.wp.com\/patrimoine-avesnois.fr\/chemin\/wp-content\/uploads\/2026\/08\/image-300.png?resize=229%2C300&amp;ssl=1 229w\" sizes=\"auto, (max-width: 466px) 85vw, 466px\" \/><figcaption class=\"wp-element-caption\">L&rsquo;\u00e9glise  Saint-Achard d&rsquo;Obies <\/figcaption><\/figure>\n<\/div>\n\n\n<p class=\"wp-block-paragraph\"><\/p>\n\n\n\n<p class=\"wp-block-paragraph\">L&rsquo;\u00e9glise est de 1787. Comme elle \u00e9tait toute neuve \u00e0 la R\u00e9volution, et sans doute vide, on a voulu la faire profiter de quelques d\u00e9pouilles de l&rsquo;abbaye de Maroilles. On remarquera en effet, \u00e0 l\u2019int\u00e9rieur :<\/p>\n\n\n\n<p class=\"wp-block-paragraph\"><\/p>\n\n\n<div class=\"wp-block-image\">\n<figure class=\"aligncenter size-full is-resized\"><img data-recalc-dims=\"1\" loading=\"lazy\" decoding=\"async\" width=\"540\" height=\"646\" data-attachment-id=\"29267\" data-permalink=\"https:\/\/patrimoine-avesnois.fr\/chemin\/obies\/image-3455\/\" data-orig-file=\"https:\/\/i0.wp.com\/patrimoine-avesnois.fr\/chemin\/wp-content\/uploads\/2026\/08\/image-301.png?fit=540%2C646&amp;ssl=1\" data-orig-size=\"540,646\" data-comments-opened=\"1\" data-image-meta=\"{&quot;aperture&quot;:&quot;0&quot;,&quot;credit&quot;:&quot;&quot;,&quot;camera&quot;:&quot;&quot;,&quot;caption&quot;:&quot;&quot;,&quot;created_timestamp&quot;:&quot;0&quot;,&quot;copyright&quot;:&quot;&quot;,&quot;focal_length&quot;:&quot;0&quot;,&quot;iso&quot;:&quot;0&quot;,&quot;shutter_speed&quot;:&quot;0&quot;,&quot;title&quot;:&quot;&quot;,&quot;orientation&quot;:&quot;0&quot;,&quot;alt&quot;:&quot;&quot;}\" data-image-title=\"image\" data-image-description=\"\" data-image-caption=\"\" data-large-file=\"https:\/\/i0.wp.com\/patrimoine-avesnois.fr\/chemin\/wp-content\/uploads\/2026\/08\/image-301.png?fit=540%2C646&amp;ssl=1\" src=\"https:\/\/i0.wp.com\/patrimoine-avesnois.fr\/chemin\/wp-content\/uploads\/2026\/08\/image-301.png?resize=540%2C646&#038;ssl=1\" alt=\"\" class=\"wp-image-29267\" style=\"aspect-ratio:0.8359251236623452;width:418px;height:auto\" srcset=\"https:\/\/i0.wp.com\/patrimoine-avesnois.fr\/chemin\/wp-content\/uploads\/2026\/08\/image-301.png?w=540&amp;ssl=1 540w, https:\/\/i0.wp.com\/patrimoine-avesnois.fr\/chemin\/wp-content\/uploads\/2026\/08\/image-301.png?resize=251%2C300&amp;ssl=1 251w\" sizes=\"auto, (max-width: 540px) 85vw, 540px\" \/><figcaption class=\"wp-element-caption\">tabernacle, retable, tableau, exposition (ma\u00eetre-autel) : la Descente de Croix<em> Photo Minist\u00e8re de la culture &#8211; <\/em><a href=\"https:\/\/pop.culture.gouv.fr\/notice\/palissy\/PM59001116\" data-type=\"link\" data-id=\"https:\/\/pop.culture.gouv.fr\/notice\/palissy\/PM59001116\" target=\"_blank\" rel=\"noopener\"><em>base Palissy <\/em> <\/a><\/figcaption><\/figure>\n<\/div>\n\n\n<p class=\"wp-block-paragraph\"><\/p>\n\n\n\n<p class=\"wp-block-paragraph\">1 &#8211; un ma\u00eetre-autel grandiose, du XVIIIe, encadrant une descente de Croix. C&rsquo;est celui de l&rsquo;\u00e9glise abbatiale de Maroilles. L&rsquo;original de la toile se trouve \u00e0 la cath\u00e9drale d&rsquo;Anvers. (Rubbens). La repr\u00e9sentation d&rsquo;Obies est sym\u00e9trique \u00e0 l&rsquo;original. Beau tabernacle.Une statue de la Religion donne \u00e0 l&rsquo;ensemble le caract\u00e8re all\u00e9gorique cher aux sculpteurs de cette \u00e9poque. <\/p>\n\n\n\n<figure class=\"wp-block-gallery has-nested-images columns-default is-cropped wp-block-gallery-2 is-layout-flex wp-block-gallery-is-layout-flex\">\n<figure class=\"wp-block-image size-large\"><img data-recalc-dims=\"1\" loading=\"lazy\" decoding=\"async\" width=\"704\" height=\"992\" data-attachment-id=\"6144\" data-permalink=\"https:\/\/patrimoine-avesnois.fr\/chemin\/obies\/st-francois-dassise\/\" data-orig-file=\"https:\/\/i0.wp.com\/patrimoine-avesnois.fr\/chemin\/wp-content\/uploads\/2019\/06\/St-Fran%C3%A7ois-dAssise.jpg?fit=704%2C992&amp;ssl=1\" data-orig-size=\"704,992\" data-comments-opened=\"1\" data-image-meta=\"{&quot;aperture&quot;:&quot;0&quot;,&quot;credit&quot;:&quot;CARRE&quot;,&quot;camera&quot;:&quot;&quot;,&quot;caption&quot;:&quot;&quot;,&quot;created_timestamp&quot;:&quot;1560943063&quot;,&quot;copyright&quot;:&quot;&quot;,&quot;focal_length&quot;:&quot;0&quot;,&quot;iso&quot;:&quot;0&quot;,&quot;shutter_speed&quot;:&quot;0&quot;,&quot;title&quot;:&quot;&quot;,&quot;orientation&quot;:&quot;0&quot;}\" data-image-title=\"St Fran\u00e7ois d&amp;rsquo;Assise\" data-image-description=\"\" data-image-caption=\"\" data-large-file=\"https:\/\/i0.wp.com\/patrimoine-avesnois.fr\/chemin\/wp-content\/uploads\/2019\/06\/St-Fran%C3%A7ois-dAssise.jpg?fit=704%2C992&amp;ssl=1\" data-id=\"6144\" src=\"https:\/\/i0.wp.com\/patrimoine-avesnois.fr\/chemin\/wp-content\/uploads\/2019\/06\/St-Fran%C3%A7ois-dAssise.jpg?resize=704%2C992&#038;ssl=1\" alt=\"\" class=\"wp-image-6144\" srcset=\"https:\/\/i0.wp.com\/patrimoine-avesnois.fr\/chemin\/wp-content\/uploads\/2019\/06\/St-Fran%C3%A7ois-dAssise.jpg?w=704&amp;ssl=1 704w, https:\/\/i0.wp.com\/patrimoine-avesnois.fr\/chemin\/wp-content\/uploads\/2019\/06\/St-Fran%C3%A7ois-dAssise.jpg?resize=213%2C300&amp;ssl=1 213w\" sizes=\"auto, (max-width: 704px) 85vw, 704px\" \/><figcaption class=\"wp-element-caption\">St Fran\u00e7ois d&rsquo;Assise<\/figcaption><\/figure>\n\n\n\n<figure class=\"wp-block-image size-large\"><img data-recalc-dims=\"1\" loading=\"lazy\" decoding=\"async\" width=\"696\" height=\"989\" data-attachment-id=\"6145\" data-permalink=\"https:\/\/patrimoine-avesnois.fr\/chemin\/obies\/st-antoine-de-padoue\/\" data-orig-file=\"https:\/\/i0.wp.com\/patrimoine-avesnois.fr\/chemin\/wp-content\/uploads\/2019\/06\/St-Antoine-de-Padoue.jpg?fit=696%2C989&amp;ssl=1\" data-orig-size=\"696,989\" data-comments-opened=\"1\" data-image-meta=\"{&quot;aperture&quot;:&quot;0&quot;,&quot;credit&quot;:&quot;CARRE&quot;,&quot;camera&quot;:&quot;&quot;,&quot;caption&quot;:&quot;&quot;,&quot;created_timestamp&quot;:&quot;1560942968&quot;,&quot;copyright&quot;:&quot;&quot;,&quot;focal_length&quot;:&quot;0&quot;,&quot;iso&quot;:&quot;0&quot;,&quot;shutter_speed&quot;:&quot;0&quot;,&quot;title&quot;:&quot;&quot;,&quot;orientation&quot;:&quot;0&quot;}\" data-image-title=\"St Antoine de Padoue\" data-image-description=\"\" data-image-caption=\"\" data-large-file=\"https:\/\/i0.wp.com\/patrimoine-avesnois.fr\/chemin\/wp-content\/uploads\/2019\/06\/St-Antoine-de-Padoue.jpg?fit=696%2C989&amp;ssl=1\" data-id=\"6145\" src=\"https:\/\/i0.wp.com\/patrimoine-avesnois.fr\/chemin\/wp-content\/uploads\/2019\/06\/St-Antoine-de-Padoue.jpg?resize=696%2C989&#038;ssl=1\" alt=\"\" class=\"wp-image-6145\" srcset=\"https:\/\/i0.wp.com\/patrimoine-avesnois.fr\/chemin\/wp-content\/uploads\/2019\/06\/St-Antoine-de-Padoue.jpg?w=696&amp;ssl=1 696w, https:\/\/i0.wp.com\/patrimoine-avesnois.fr\/chemin\/wp-content\/uploads\/2019\/06\/St-Antoine-de-Padoue.jpg?resize=211%2C300&amp;ssl=1 211w\" sizes=\"auto, (max-width: 696px) 85vw, 696px\" \/><figcaption class=\"wp-element-caption\">St Antoine de Padoue<\/figcaption><\/figure>\n<\/figure>\n\n\n\n<p class=\"wp-block-paragraph\"><\/p>\n\n\n\n<p class=\"wp-block-paragraph\">2-de chaque c\u00f4t\u00e9 du ma\u00eetre-autel deux statues, de saint Fran\u00e7ois d&rsquo;Assise et de saint Antoine de Padoue (XVIIIe MH). Saint Fran\u00e7ois d&rsquo;Assise est v\u00eatu d&rsquo;une robe de bure. il repose sur un socle constitu\u00e9 de nuages et de deux t\u00eates d&rsquo;angelots ail\u00e9s. Saint Antoine de Padoue porte un enfant sur son bras droit. <\/p>\n\n\n\n<p class=\"wp-block-paragraph\">3 &#8211; \u00e0 droite, autel de saint Achard. Ce saint est, comme a Mecquignies, le patron de la paroisse, mais son nom s&rsquo;orthographie autrement que dans le village voisin. II. est v\u00eatu ici en \u00e9v\u00eaque, car il fut, en m\u00eame temps qu\u2019abb\u00e9 de Jumi\u00e8ges, un des premiers \u00e9v\u00eaques de Noyon. <\/p>\n\n\n\n<p class=\"wp-block-paragraph\"><\/p>\n\n\n<div class=\"wp-block-image\">\n<figure class=\"aligncenter size-full\"><img data-recalc-dims=\"1\" loading=\"lazy\" decoding=\"async\" width=\"295\" height=\"389\" data-attachment-id=\"29268\" data-permalink=\"https:\/\/patrimoine-avesnois.fr\/chemin\/obies\/image-3456\/\" data-orig-file=\"https:\/\/i0.wp.com\/patrimoine-avesnois.fr\/chemin\/wp-content\/uploads\/2026\/08\/image-302.png?fit=295%2C389&amp;ssl=1\" data-orig-size=\"295,389\" data-comments-opened=\"1\" data-image-meta=\"{&quot;aperture&quot;:&quot;0&quot;,&quot;credit&quot;:&quot;&quot;,&quot;camera&quot;:&quot;&quot;,&quot;caption&quot;:&quot;&quot;,&quot;created_timestamp&quot;:&quot;0&quot;,&quot;copyright&quot;:&quot;&quot;,&quot;focal_length&quot;:&quot;0&quot;,&quot;iso&quot;:&quot;0&quot;,&quot;shutter_speed&quot;:&quot;0&quot;,&quot;title&quot;:&quot;&quot;,&quot;orientation&quot;:&quot;0&quot;,&quot;alt&quot;:&quot;&quot;}\" data-image-title=\"image\" data-image-description=\"\" data-image-caption=\"\" data-large-file=\"https:\/\/i0.wp.com\/patrimoine-avesnois.fr\/chemin\/wp-content\/uploads\/2026\/08\/image-302.png?fit=295%2C389&amp;ssl=1\" src=\"https:\/\/i0.wp.com\/patrimoine-avesnois.fr\/chemin\/wp-content\/uploads\/2026\/08\/image-302.png?resize=295%2C389&#038;ssl=1\" alt=\"\" class=\"wp-image-29268\" srcset=\"https:\/\/i0.wp.com\/patrimoine-avesnois.fr\/chemin\/wp-content\/uploads\/2026\/08\/image-302.png?w=295&amp;ssl=1 295w, https:\/\/i0.wp.com\/patrimoine-avesnois.fr\/chemin\/wp-content\/uploads\/2026\/08\/image-302.png?resize=228%2C300&amp;ssl=1 228w\" sizes=\"auto, (max-width: 295px) 85vw, 295px\" \/><figcaption class=\"wp-element-caption\">Christ en croix  : au sommet et aux extr\u00e9mit\u00e9s de chaque bras : fleurs de lys  <br><a href=\"https:\/\/pop.culture.gouv.fr\/notice\/memoire\/AP59W01381\" target=\"_blank\" rel=\"noopener\">protection MH<\/a> 1975\/07\/25 : class\u00e9 au titre objet <\/figcaption><\/figure>\n<\/div>\n\n\n<p class=\"wp-block-paragraph\">4 &#8211; statues anciennes : un saint Hubert assez na\u00eff du XVIIIe, un saint Roch, un beau Christ en croix, etc.<\/p>\n\n\n\n<p class=\"wp-block-paragraph\">5- \u00e0 la sacristie, ostensoir d&rsquo;argent en forme de soleil. La monstrance est encadr\u00e9e de deux anges ail\u00e9s dont les pieds sont sur des nuages. Ils portent une couronne surmont\u00e9e d&rsquo;un globe et d&rsquo;une croix. Autour du logement de l&rsquo;hostie se trouvent 19 pierres pr\u00e9cieuses II porte l&rsquo;indication  OBIES 1692 BAVISIAV. C&rsquo;est l&rsquo;\u00e9poque o\u00f9 Louis XIV offrait des objets pr\u00e9cieux a toutes les \u00e9glises du Hainaut, pour les d\u00e9dommager des destructions caus\u00e9es par les guerres. Ces dons \u00e9taient si nombreux que beaucoup furent retourn\u00e9s \u00e0 Paris pour la sacristie du nouvel h\u00f4tel des Invalides. Il est possible qu&rsquo;Obies ait b\u00e9n\u00e9fici\u00e9  d&rsquo;un cadeau royal de ce genre.<\/p>\n\n\n\n<p class=\"wp-block-paragraph\"><\/p>\n\n\n<div class=\"wp-block-image\">\n<figure class=\"aligncenter is-resized\"><img data-recalc-dims=\"1\" loading=\"lazy\" decoding=\"async\" width=\"840\" height=\"536\" data-attachment-id=\"6147\" data-permalink=\"https:\/\/patrimoine-avesnois.fr\/chemin\/obies\/253_001\/\" data-orig-file=\"https:\/\/i0.wp.com\/patrimoine-avesnois.fr\/chemin\/wp-content\/uploads\/2019\/06\/253_001.jpg?fit=986%2C629&amp;ssl=1\" data-orig-size=\"986,629\" data-comments-opened=\"1\" data-image-meta=\"{&quot;aperture&quot;:&quot;0&quot;,&quot;credit&quot;:&quot;&quot;,&quot;camera&quot;:&quot;&quot;,&quot;caption&quot;:&quot;&quot;,&quot;created_timestamp&quot;:&quot;1560944278&quot;,&quot;copyright&quot;:&quot;&quot;,&quot;focal_length&quot;:&quot;0&quot;,&quot;iso&quot;:&quot;0&quot;,&quot;shutter_speed&quot;:&quot;0&quot;,&quot;title&quot;:&quot;&quot;,&quot;orientation&quot;:&quot;0&quot;}\" data-image-title=\"253_001\" data-image-description=\"\" data-image-caption=\"\" data-large-file=\"https:\/\/i0.wp.com\/patrimoine-avesnois.fr\/chemin\/wp-content\/uploads\/2019\/06\/253_001.jpg?fit=840%2C536&amp;ssl=1\" src=\"https:\/\/i0.wp.com\/patrimoine-avesnois.fr\/chemin\/wp-content\/uploads\/2019\/06\/253_001.jpg?resize=840%2C536\" alt=\"\" class=\"wp-image-6147\" style=\"width:650px;height:414px\" srcset=\"https:\/\/i0.wp.com\/patrimoine-avesnois.fr\/chemin\/wp-content\/uploads\/2019\/06\/253_001.jpg?w=986&amp;ssl=1 986w, https:\/\/i0.wp.com\/patrimoine-avesnois.fr\/chemin\/wp-content\/uploads\/2019\/06\/253_001.jpg?resize=300%2C191&amp;ssl=1 300w, https:\/\/i0.wp.com\/patrimoine-avesnois.fr\/chemin\/wp-content\/uploads\/2019\/06\/253_001.jpg?resize=768%2C490&amp;ssl=1 768w\" sizes=\"auto, (max-width: 709px) 85vw, (max-width: 909px) 67vw, (max-width: 1362px) 62vw, 840px\" \/><figcaption class=\"wp-element-caption\">Mairie et \u00e9cole<\/figcaption><\/figure>\n<\/div>\n\n\n<p class=\"wp-block-paragraph\"><\/p>\n\n\n<div class=\"wp-block-image\">\n<figure class=\"aligncenter is-resized\"><img decoding=\"async\" src=\"https:\/\/upload.wikimedia.org\/wikipedia\/commons\/thumb\/b\/b9\/Obies_%28Nord%2C_Fr%29_mairie.JPG\/1280px-Obies_%28Nord%2C_Fr%29_mairie.JPG\" alt=\"Obies\" style=\"width:650px;height:488px\"\/><figcaption class=\"wp-element-caption\">La nouvelle Mairie d&rsquo;Obies construite vers 2008.<\/figcaption><\/figure>\n<\/div>\n\n\n<p class=\"wp-block-paragraph\"><\/p>\n\n\n<div class=\"wp-block-image\">\n<figure class=\"aligncenter size-full is-resized\"><img data-recalc-dims=\"1\" loading=\"lazy\" decoding=\"async\" width=\"476\" height=\"641\" data-attachment-id=\"29270\" data-permalink=\"https:\/\/patrimoine-avesnois.fr\/chemin\/obies\/image-3458\/\" data-orig-file=\"https:\/\/i0.wp.com\/patrimoine-avesnois.fr\/chemin\/wp-content\/uploads\/2026\/08\/image-304.png?fit=476%2C641&amp;ssl=1\" data-orig-size=\"476,641\" data-comments-opened=\"1\" data-image-meta=\"{&quot;aperture&quot;:&quot;0&quot;,&quot;credit&quot;:&quot;&quot;,&quot;camera&quot;:&quot;&quot;,&quot;caption&quot;:&quot;&quot;,&quot;created_timestamp&quot;:&quot;0&quot;,&quot;copyright&quot;:&quot;&quot;,&quot;focal_length&quot;:&quot;0&quot;,&quot;iso&quot;:&quot;0&quot;,&quot;shutter_speed&quot;:&quot;0&quot;,&quot;title&quot;:&quot;&quot;,&quot;orientation&quot;:&quot;0&quot;,&quot;alt&quot;:&quot;&quot;}\" data-image-title=\"image\" data-image-description=\"\" data-image-caption=\"\" data-large-file=\"https:\/\/i0.wp.com\/patrimoine-avesnois.fr\/chemin\/wp-content\/uploads\/2026\/08\/image-304.png?fit=476%2C641&amp;ssl=1\" src=\"https:\/\/i0.wp.com\/patrimoine-avesnois.fr\/chemin\/wp-content\/uploads\/2026\/08\/image-304.png?resize=476%2C641&#038;ssl=1\" alt=\"\" class=\"wp-image-29270\" style=\"width:408px;height:auto\" srcset=\"https:\/\/i0.wp.com\/patrimoine-avesnois.fr\/chemin\/wp-content\/uploads\/2026\/08\/image-304.png?w=476&amp;ssl=1 476w, https:\/\/i0.wp.com\/patrimoine-avesnois.fr\/chemin\/wp-content\/uploads\/2026\/08\/image-304.png?resize=223%2C300&amp;ssl=1 223w\" sizes=\"auto, (max-width: 476px) 85vw, 476px\" \/><figcaption class=\"wp-element-caption\">Le Monument aux Morts<\/figcaption><\/figure>\n<\/div>\n\n\n<p class=\"wp-block-paragraph\"><\/p>\n\n\n\n<p class=\"wp-block-paragraph\">Sculpteur : Charles Henri Pourquet. Fonderie : Val d&rsquo;Osne. Marbriers :  <br>Messieurs Emile Doctobre et Paul Vilain \u00e0 Gommegnies.<\/p>\n\n\n\n<p class=\"wp-block-paragraph\">Il y a quatre calvaires :<\/p>\n\n\n<div class=\"wp-block-image\">\n<figure class=\"aligncenter\"><img decoding=\"async\" data-attachment-id=\"961\" data-permalink=\"https:\/\/patrimoine-avesnois.fr\/chemin\/eccles\/image-191\/\" data-orig-file=\"https:\/\/i0.wp.com\/patrimoine-avesnois.fr\/chemin\/wp-content\/uploads\/2019\/04\/image-169.png?fit=628%2C836&amp;ssl=1\" data-orig-size=\"628,836\" data-comments-opened=\"1\" data-image-meta=\"{&quot;aperture&quot;:&quot;0&quot;,&quot;credit&quot;:&quot;&quot;,&quot;camera&quot;:&quot;&quot;,&quot;caption&quot;:&quot;&quot;,&quot;created_timestamp&quot;:&quot;0&quot;,&quot;copyright&quot;:&quot;&quot;,&quot;focal_length&quot;:&quot;0&quot;,&quot;iso&quot;:&quot;0&quot;,&quot;shutter_speed&quot;:&quot;0&quot;,&quot;title&quot;:&quot;&quot;,&quot;orientation&quot;:&quot;0&quot;}\" data-image-title=\"image\" data-image-description=\"\" data-image-caption=\"\" data-large-file=\"https:\/\/i0.wp.com\/patrimoine-avesnois.fr\/chemin\/wp-content\/uploads\/2019\/04\/image-169.png?fit=628%2C836&amp;ssl=1\" src=\"http:\/\/i1.wp.com\/www.calvaires-avesnois.fr\/wp-content\/uploads\/2016\/09\/Obies-rue-den-Bas.jpg?resize=450%2C600\" alt=\"Calvaire rue d\u2019en Bas de 1857\" class=\"wp-image-961\"\/><figcaption class=\"wp-element-caption\">Calvaire rue d\u2019en Bas de 1857<\/figcaption><\/figure>\n<\/div>\n\n\n<p class=\"wp-block-paragraph\"><\/p>\n\n\n<div class=\"wp-block-image\">\n<figure class=\"aligncenter\"><img decoding=\"async\" src=\"http:\/\/i2.wp.com\/www.calvaires-avesnois.fr\/wp-content\/uploads\/2016\/09\/16.Obies-calvaire-rue-Jean-Lecomte.jpg?resize=450%2C524\" alt=\"Calvaire rue Jean Lecomte\"\/><figcaption class=\"wp-element-caption\">Calvaire de Bavisiau rue Jean Lecomte<\/figcaption><\/figure>\n<\/div>\n\n\n<p class=\"wp-block-paragraph\"><\/p>\n\n\n\n<p class=\"wp-block-paragraph\">Ce calvaire au Bavisiau contenait encore dans les ann\u00e9es 1960 de nombreuses statues qui furent par la suite transf\u00e9r\u00e9es par mesure de s\u00fbret\u00e9 dans une petite chapelle du village. Il ne reste plus que le Christ qui est du XV ou du XVI e si\u00e8cle. Les statues de la m\u00eame \u00e9poque \u00e9taient l&rsquo;oeuvre des \u00ab\u00a0faiseux d&rsquo;bons dieux\u00a0\u00bb de la for\u00eat voisine.<\/p>\n\n\n<div class=\"wp-block-image\">\n<figure class=\"aligncenter\"><img decoding=\"async\" data-attachment-id=\"962\" data-permalink=\"https:\/\/patrimoine-avesnois.fr\/chemin\/eccles\/image-192\/\" data-orig-file=\"https:\/\/i0.wp.com\/patrimoine-avesnois.fr\/chemin\/wp-content\/uploads\/2019\/04\/image-170.png?fit=643%2C857&amp;ssl=1\" data-orig-size=\"643,857\" data-comments-opened=\"1\" data-image-meta=\"{&quot;aperture&quot;:&quot;0&quot;,&quot;credit&quot;:&quot;&quot;,&quot;camera&quot;:&quot;&quot;,&quot;caption&quot;:&quot;&quot;,&quot;created_timestamp&quot;:&quot;0&quot;,&quot;copyright&quot;:&quot;&quot;,&quot;focal_length&quot;:&quot;0&quot;,&quot;iso&quot;:&quot;0&quot;,&quot;shutter_speed&quot;:&quot;0&quot;,&quot;title&quot;:&quot;&quot;,&quot;orientation&quot;:&quot;0&quot;}\" data-image-title=\"image\" data-image-description=\"\" data-image-caption=\"\" data-large-file=\"https:\/\/i0.wp.com\/patrimoine-avesnois.fr\/chemin\/wp-content\/uploads\/2019\/04\/image-170.png?fit=643%2C857&amp;ssl=1\" src=\"http:\/\/i2.wp.com\/www.calvaires-avesnois.fr\/wp-content\/uploads\/2016\/09\/Obies-La-Belle-Pens%C3%A9e.jpg?resize=450%2C600\" alt=\"Un troisi\u00e8me pr\u00e8s du carrefour de la belle pens\u00e9e. 190 D 154\" class=\"wp-image-962\"\/><figcaption class=\"wp-element-caption\">Un troisi\u00e8me au 200 rue R Willaume pr\u00e8s du carrefour de la belle pens\u00e9e. &nbsp; &nbsp;D 154A. Photo de 2013<\/figcaption><\/figure>\n<\/div>\n\n\n<p class=\"wp-block-paragraph\"><\/p>\n\n\n<div class=\"wp-block-image\">\n<figure class=\"aligncenter\"><img decoding=\"async\" data-attachment-id=\"1576\" data-permalink=\"https:\/\/patrimoine-avesnois.fr\/chemin\/floursies\/image-358\/\" data-orig-file=\"https:\/\/i0.wp.com\/patrimoine-avesnois.fr\/chemin\/wp-content\/uploads\/2019\/04\/image-336.png?fit=1024%2C683&amp;ssl=1\" data-orig-size=\"1024,683\" data-comments-opened=\"1\" data-image-meta=\"{&quot;aperture&quot;:&quot;0&quot;,&quot;credit&quot;:&quot;&quot;,&quot;camera&quot;:&quot;&quot;,&quot;caption&quot;:&quot;&quot;,&quot;created_timestamp&quot;:&quot;0&quot;,&quot;copyright&quot;:&quot;&quot;,&quot;focal_length&quot;:&quot;0&quot;,&quot;iso&quot;:&quot;0&quot;,&quot;shutter_speed&quot;:&quot;0&quot;,&quot;title&quot;:&quot;&quot;,&quot;orientation&quot;:&quot;0&quot;}\" data-image-title=\"image\" data-image-description=\"\" data-image-caption=\"\" data-large-file=\"https:\/\/i0.wp.com\/patrimoine-avesnois.fr\/chemin\/wp-content\/uploads\/2019\/04\/image-336.png?fit=840%2C560&amp;ssl=1\" src=\"http:\/\/i1.wp.com\/www.calvaires-avesnois.fr\/wp-content\/uploads\/2016\/09\/17.Obies-calvaire-au-200-rue-R.Willaume.jpg?resize=450%2C528\" alt=\"Calvaire au 200 rue R. Willaume\" class=\"wp-image-1576\"\/><figcaption class=\"wp-element-caption\">Calvaire au 200 rue R. Willaume, pr\u00e8s du carrefour de la belle pens\u00e9e. &nbsp; &nbsp; &nbsp; &nbsp; &nbsp;D 154A. Photo de 2017<\/figcaption><\/figure>\n<\/div>\n\n\n<p class=\"wp-block-paragraph\"><\/p>\n\n\n<div class=\"wp-block-image\">\n<figure class=\"aligncenter\"><img decoding=\"async\" src=\"http:\/\/i1.wp.com\/www.calvaires-avesnois.fr\/wp-content\/uploads\/2016\/09\/2.Obies-calvaire-au-cimeti%C3%A8re-rue-Lecomte.jpg?resize=450%2C600\" alt=\"Calvaire au cimeti\u00e8re rue Lecomte\"\/><figcaption class=\"wp-element-caption\">Calvaire au cimeti\u00e8re rue Lecomte<\/figcaption><\/figure>\n<\/div>\n\n\n<p class=\"wp-block-paragraph\"><\/p>\n\n\n\n<p class=\"wp-block-paragraph\">Il est d\u00e9di\u00e9 \u00e0 Maitre JB Bacout cur\u00e9 d\u2019Obies pendant 41 ans d\u00e9c\u00e9d\u00e9 le 26\/03\/1951 \u00e0 l\u2019\u00e2ge de 84 ans. <\/p>\n\n\n<div class=\"wp-block-image\">\n<figure class=\"aligncenter\"><img data-recalc-dims=\"1\" height=\"673\" width=\"840\" decoding=\"async\" src=\"https:\/\/i0.wp.com\/oratoiresetchapelles-avesnois.fr\/wp-content\/uploads\/2017\/07\/Capture-1024x821.png?resize=840%2C673\" alt=\"Capture\"\/><figcaption class=\"wp-element-caption\"><a href=\"http:\/\/oratoiresetchapelles-avesnois.fr\/obies\/\" target=\"_blank\" rel=\"noreferrer noopener\" aria-label=\"5 oratoires et 7 chapelles (opens in a new tab)\">5 oratoires et 7 chapelles<\/a><\/figcaption><\/figure>\n<\/div>\n\n\n<p class=\"wp-block-paragraph\"><\/p>\n\n\n<div class=\"wp-block-image\">\n<figure class=\"aligncenter is-resized\"><img data-recalc-dims=\"1\" loading=\"lazy\" decoding=\"async\" width=\"840\" height=\"504\" data-attachment-id=\"6166\" data-permalink=\"https:\/\/patrimoine-avesnois.fr\/chemin\/obies\/obies-2\/\" data-orig-file=\"https:\/\/i0.wp.com\/patrimoine-avesnois.fr\/chemin\/wp-content\/uploads\/2019\/06\/Obies.jpg?fit=1003%2C602&amp;ssl=1\" data-orig-size=\"1003,602\" data-comments-opened=\"1\" data-image-meta=\"{&quot;aperture&quot;:&quot;0&quot;,&quot;credit&quot;:&quot;&quot;,&quot;camera&quot;:&quot;&quot;,&quot;caption&quot;:&quot;&quot;,&quot;created_timestamp&quot;:&quot;1384799914&quot;,&quot;copyright&quot;:&quot;&quot;,&quot;focal_length&quot;:&quot;0&quot;,&quot;iso&quot;:&quot;0&quot;,&quot;shutter_speed&quot;:&quot;0&quot;,&quot;title&quot;:&quot;&quot;,&quot;orientation&quot;:&quot;1&quot;}\" data-image-title=\"Obies\" data-image-description=\"\" data-image-caption=\"\" data-large-file=\"https:\/\/i0.wp.com\/patrimoine-avesnois.fr\/chemin\/wp-content\/uploads\/2019\/06\/Obies.jpg?fit=840%2C504&amp;ssl=1\" src=\"https:\/\/i0.wp.com\/patrimoine-avesnois.fr\/chemin\/wp-content\/uploads\/2019\/06\/Obies.jpg?resize=840%2C504\" alt=\"\" class=\"wp-image-6166\" style=\"width:701px;height:421px\" srcset=\"https:\/\/i0.wp.com\/patrimoine-avesnois.fr\/chemin\/wp-content\/uploads\/2019\/06\/Obies.jpg?w=1003&amp;ssl=1 1003w, https:\/\/i0.wp.com\/patrimoine-avesnois.fr\/chemin\/wp-content\/uploads\/2019\/06\/Obies.jpg?resize=300%2C180&amp;ssl=1 300w, https:\/\/i0.wp.com\/patrimoine-avesnois.fr\/chemin\/wp-content\/uploads\/2019\/06\/Obies.jpg?resize=768%2C461&amp;ssl=1 768w\" sizes=\"auto, (max-width: 709px) 85vw, (max-width: 909px) 67vw, (max-width: 1362px) 62vw, 840px\" \/><figcaption class=\"wp-element-caption\">L&rsquo;ancien kiosque d&rsquo;Obies  <em>Photo de Michel Verchain<\/em> <\/figcaption><\/figure>\n<\/div>\n\n\n<p class=\"wp-block-paragraph\"><\/p>\n\n\n\n<p class=\"wp-block-paragraph\">Kiosque \u00e0 danser rectangulaire sur un seul pied. Architecture unique en son genre. \u00d4t\u00e9 vers 1970 en raison de son d\u00e9labrement.<\/p>\n\n\n\n<ul class=\"wp-block-list\">\n<li>Plusieurs maisons et fermes inscrits MH pour leur architecture.<\/li>\n<\/ul>\n\n\n<div class=\"wp-block-image\">\n<figure class=\"aligncenter size-full\"><img data-recalc-dims=\"1\" loading=\"lazy\" decoding=\"async\" width=\"797\" height=\"574\" data-attachment-id=\"29273\" data-permalink=\"https:\/\/patrimoine-avesnois.fr\/chemin\/obies\/image-3460\/\" data-orig-file=\"https:\/\/i0.wp.com\/patrimoine-avesnois.fr\/chemin\/wp-content\/uploads\/2026\/08\/image-306.png?fit=797%2C574&amp;ssl=1\" data-orig-size=\"797,574\" data-comments-opened=\"1\" data-image-meta=\"{&quot;aperture&quot;:&quot;0&quot;,&quot;credit&quot;:&quot;&quot;,&quot;camera&quot;:&quot;&quot;,&quot;caption&quot;:&quot;&quot;,&quot;created_timestamp&quot;:&quot;0&quot;,&quot;copyright&quot;:&quot;&quot;,&quot;focal_length&quot;:&quot;0&quot;,&quot;iso&quot;:&quot;0&quot;,&quot;shutter_speed&quot;:&quot;0&quot;,&quot;title&quot;:&quot;&quot;,&quot;orientation&quot;:&quot;0&quot;,&quot;alt&quot;:&quot;&quot;}\" data-image-title=\"image\" data-image-description=\"\" data-image-caption=\"\" data-large-file=\"https:\/\/i0.wp.com\/patrimoine-avesnois.fr\/chemin\/wp-content\/uploads\/2026\/08\/image-306.png?fit=797%2C574&amp;ssl=1\" src=\"https:\/\/i0.wp.com\/patrimoine-avesnois.fr\/chemin\/wp-content\/uploads\/2026\/08\/image-306.png?resize=797%2C574&#038;ssl=1\" alt=\"\" class=\"wp-image-29273\" srcset=\"https:\/\/i0.wp.com\/patrimoine-avesnois.fr\/chemin\/wp-content\/uploads\/2026\/08\/image-306.png?w=797&amp;ssl=1 797w, https:\/\/i0.wp.com\/patrimoine-avesnois.fr\/chemin\/wp-content\/uploads\/2026\/08\/image-306.png?resize=300%2C216&amp;ssl=1 300w, https:\/\/i0.wp.com\/patrimoine-avesnois.fr\/chemin\/wp-content\/uploads\/2026\/08\/image-306.png?resize=768%2C553&amp;ssl=1 768w\" sizes=\"auto, (max-width: 797px) 85vw, 797px\" \/><figcaption class=\"wp-element-caption\">Ferme   24 rue du Tr\u00e9chon le logis<br>Minist\u00e8re de la culture &#8211; base M\u00e9moire <\/figcaption><\/figure>\n<\/div>\n\n\n<p class=\"wp-block-paragraph\"><\/p>\n\n\n<div class=\"wp-block-image\">\n<figure class=\"aligncenter size-full is-resized\"><img data-recalc-dims=\"1\" loading=\"lazy\" decoding=\"async\" width=\"490\" height=\"389\" data-attachment-id=\"29274\" data-permalink=\"https:\/\/patrimoine-avesnois.fr\/chemin\/obies\/image-3461\/\" data-orig-file=\"https:\/\/i0.wp.com\/patrimoine-avesnois.fr\/chemin\/wp-content\/uploads\/2026\/08\/image-307.png?fit=490%2C389&amp;ssl=1\" data-orig-size=\"490,389\" data-comments-opened=\"1\" data-image-meta=\"{&quot;aperture&quot;:&quot;0&quot;,&quot;credit&quot;:&quot;&quot;,&quot;camera&quot;:&quot;&quot;,&quot;caption&quot;:&quot;&quot;,&quot;created_timestamp&quot;:&quot;0&quot;,&quot;copyright&quot;:&quot;&quot;,&quot;focal_length&quot;:&quot;0&quot;,&quot;iso&quot;:&quot;0&quot;,&quot;shutter_speed&quot;:&quot;0&quot;,&quot;title&quot;:&quot;&quot;,&quot;orientation&quot;:&quot;0&quot;,&quot;alt&quot;:&quot;&quot;}\" data-image-title=\"image\" data-image-description=\"\" data-image-caption=\"\" data-large-file=\"https:\/\/i0.wp.com\/patrimoine-avesnois.fr\/chemin\/wp-content\/uploads\/2026\/08\/image-307.png?fit=490%2C389&amp;ssl=1\" src=\"https:\/\/i0.wp.com\/patrimoine-avesnois.fr\/chemin\/wp-content\/uploads\/2026\/08\/image-307.png?resize=490%2C389&#038;ssl=1\" alt=\"\" class=\"wp-image-29274\" style=\"aspect-ratio:1.2596642439055767;width:618px;height:auto\" srcset=\"https:\/\/i0.wp.com\/patrimoine-avesnois.fr\/chemin\/wp-content\/uploads\/2026\/08\/image-307.png?w=490&amp;ssl=1 490w, https:\/\/i0.wp.com\/patrimoine-avesnois.fr\/chemin\/wp-content\/uploads\/2026\/08\/image-307.png?resize=300%2C238&amp;ssl=1 300w\" sizes=\"auto, (max-width: 490px) 85vw, 490px\" \/><figcaption class=\"wp-element-caption\">Ferme rue du Tr\u00e9chon <\/figcaption><\/figure>\n<\/div>\n\n\n<p class=\"wp-block-paragraph\"><\/p>\n\n\n<div class=\"wp-block-image\">\n<figure class=\"aligncenter is-resized\"><img loading=\"lazy\" decoding=\"async\" width=\"1049\" height=\"787\" data-attachment-id=\"6160\" data-permalink=\"https:\/\/patrimoine-avesnois.fr\/chemin\/obies\/capture-150\/\" data-orig-file=\"https:\/\/i0.wp.com\/patrimoine-avesnois.fr\/chemin\/wp-content\/uploads\/2019\/06\/Capture-28.jpg?fit=1049%2C787&amp;ssl=1\" data-orig-size=\"1049,787\" data-comments-opened=\"1\" data-image-meta=\"{&quot;aperture&quot;:&quot;0&quot;,&quot;credit&quot;:&quot;CARRE&quot;,&quot;camera&quot;:&quot;&quot;,&quot;caption&quot;:&quot;&quot;,&quot;created_timestamp&quot;:&quot;1560952846&quot;,&quot;copyright&quot;:&quot;&quot;,&quot;focal_length&quot;:&quot;0&quot;,&quot;iso&quot;:&quot;0&quot;,&quot;shutter_speed&quot;:&quot;0&quot;,&quot;title&quot;:&quot;&quot;,&quot;orientation&quot;:&quot;1&quot;}\" data-image-title=\"Capture\" data-image-description=\"\" data-image-caption=\"\" data-large-file=\"https:\/\/i0.wp.com\/patrimoine-avesnois.fr\/chemin\/wp-content\/uploads\/2019\/06\/Capture-28.jpg?fit=840%2C630&amp;ssl=1\" src=\"https:\/\/i2.wp.com\/patrimoine-avesnois.fr\/chemin\/wp-content\/uploads\/2019\/06\/Capture-28.jpg?fit=840%2C630\" alt=\"\" class=\"wp-image-6160\" style=\"width:649px;height:487px\" srcset=\"https:\/\/i0.wp.com\/patrimoine-avesnois.fr\/chemin\/wp-content\/uploads\/2019\/06\/Capture-28.jpg?w=1049&amp;ssl=1 1049w, https:\/\/i0.wp.com\/patrimoine-avesnois.fr\/chemin\/wp-content\/uploads\/2019\/06\/Capture-28.jpg?resize=300%2C225&amp;ssl=1 300w, https:\/\/i0.wp.com\/patrimoine-avesnois.fr\/chemin\/wp-content\/uploads\/2019\/06\/Capture-28.jpg?resize=768%2C576&amp;ssl=1 768w, https:\/\/i0.wp.com\/patrimoine-avesnois.fr\/chemin\/wp-content\/uploads\/2019\/06\/Capture-28.jpg?resize=1024%2C768&amp;ssl=1 1024w\" sizes=\"auto, (max-width: 709px) 85vw, (max-width: 909px) 67vw, (max-width: 1362px) 62vw, 840px\" \/><figcaption class=\"wp-element-caption\">Ferme de nos jours au 650 rue du Tr\u00e9chon<\/figcaption><\/figure>\n<\/div>\n\n\n<p class=\"wp-block-paragraph\"><\/p>\n\n\n\n<p class=\"wp-block-paragraph\">Ferme \u00e0 cour ouverte, organis\u00e9e autour d\u2019un logis du d\u00e9but du XIX\u1d49 si\u00e8cle, d\u2019une grange dat\u00e9e 1854, d\u2019un pigeonnier\u2011porche et de plusieurs d\u00e9pendances. Le logis, en brique et pierre, est perpendiculaire \u00e0 la rue et pr\u00e9sente une \u00e9l\u00e9vation soign\u00e9e : soubassement en pierre, cha\u00eenages, bandeaux continus et combles \u00e9clair\u00e9s par des fen\u00eatres pendantes. L\u2019int\u00e9rieur suit le plan traditionnel \u00e0 couloir central, avec deux grandes pi\u00e8ces de part et d\u2019autre et trois petites pi\u00e8ces en arri\u00e8re, formant un logis \u00e0 double profondeur, signe d\u2019une exploitation de bonne taille.<\/p>\n\n\n\n<p class=\"wp-block-paragraph\">La grange lui fait sym\u00e9trie et porte la date de 1854. Entre celle\u2011ci et le pigeonnier se trouvent un fournil et une \u00e9table plus r\u00e9cente, fermant la cour c\u00f4t\u00e9 rue. Plusieurs \u00e9l\u00e9ments anciens subsistent ou sont mentionn\u00e9s : un pigeonnier\u2011porche avec girouette de laboureur et une plaque \u00ab\u202fFran\u00e7ois Gerin \u2013 Julie Dupont \u2013 1845\u202f\u00bb, ainsi que des \u00e9curies et poulailler aujourd\u2019hui modifi\u00e9s. Un abreuvoir et un puits ont \u00e9t\u00e9 combl\u00e9s.<\/p>\n\n\n\n<p class=\"wp-block-paragraph\">L\u2019ensemble constitue une ferme repr\u00e9sentative des exploitations ais\u00e9es du XIX\u1d49 si\u00e8cle, o\u00f9 le pigeonnier\u2011porche confirme le statut de la propri\u00e9t\u00e9.<\/p>\n\n\n\n<ul class=\"wp-block-list\">\n<li>Le ch\u00e2teau d&rsquo;Obies<\/li>\n<\/ul>\n\n\n<div class=\"wp-block-image\">\n<figure class=\"aligncenter\"><img loading=\"lazy\" decoding=\"async\" width=\"1444\" height=\"880\" data-attachment-id=\"6152\" data-permalink=\"https:\/\/patrimoine-avesnois.fr\/chemin\/obies\/476_001\/\" data-orig-file=\"https:\/\/i0.wp.com\/patrimoine-avesnois.fr\/chemin\/wp-content\/uploads\/2019\/06\/476_001.jpg?fit=1444%2C880&amp;ssl=1\" data-orig-size=\"1444,880\" data-comments-opened=\"1\" data-image-meta=\"{&quot;aperture&quot;:&quot;0&quot;,&quot;credit&quot;:&quot;&quot;,&quot;camera&quot;:&quot;&quot;,&quot;caption&quot;:&quot;&quot;,&quot;created_timestamp&quot;:&quot;1560939617&quot;,&quot;copyright&quot;:&quot;&quot;,&quot;focal_length&quot;:&quot;0&quot;,&quot;iso&quot;:&quot;0&quot;,&quot;shutter_speed&quot;:&quot;0&quot;,&quot;title&quot;:&quot;&quot;,&quot;orientation&quot;:&quot;1&quot;}\" data-image-title=\"476_001\" data-image-description=\"\" data-image-caption=\"\" data-large-file=\"https:\/\/i0.wp.com\/patrimoine-avesnois.fr\/chemin\/wp-content\/uploads\/2019\/06\/476_001.jpg?fit=840%2C512&amp;ssl=1\" src=\"https:\/\/i1.wp.com\/patrimoine-avesnois.fr\/chemin\/wp-content\/uploads\/2019\/06\/476_001.jpg?fit=840%2C512\" alt=\"\" class=\"wp-image-6152\" srcset=\"https:\/\/i0.wp.com\/patrimoine-avesnois.fr\/chemin\/wp-content\/uploads\/2019\/06\/476_001.jpg?w=1444&amp;ssl=1 1444w, https:\/\/i0.wp.com\/patrimoine-avesnois.fr\/chemin\/wp-content\/uploads\/2019\/06\/476_001.jpg?resize=300%2C183&amp;ssl=1 300w, https:\/\/i0.wp.com\/patrimoine-avesnois.fr\/chemin\/wp-content\/uploads\/2019\/06\/476_001.jpg?resize=768%2C468&amp;ssl=1 768w, https:\/\/i0.wp.com\/patrimoine-avesnois.fr\/chemin\/wp-content\/uploads\/2019\/06\/476_001.jpg?resize=1024%2C624&amp;ssl=1 1024w, https:\/\/i0.wp.com\/patrimoine-avesnois.fr\/chemin\/wp-content\/uploads\/2019\/06\/476_001.jpg?resize=1200%2C731&amp;ssl=1 1200w\" sizes=\"auto, (max-width: 709px) 85vw, (max-width: 909px) 67vw, (max-width: 1362px) 62vw, 840px\" \/><figcaption class=\"wp-element-caption\">L&rsquo;ancien ch\u00e2teau d&rsquo;Obies : les fers d&rsquo;ancrage portent la date de 1714-15<\/figcaption><\/figure>\n<\/div>\n\n\n<p class=\"wp-block-paragraph\"><\/p>\n\n\n<div class=\"wp-block-image is-resized\">\n<figure class=\"aligncenter\"><img decoding=\"async\" src=\"https:\/\/upload.wikimedia.org\/wikipedia\/commons\/thumb\/5\/5a\/Obies_%28Nord%2C_Fr%29_Castle.jpg\/1280px-Obies_%28Nord%2C_Fr%29_Castle.jpg\" alt=\"\"\/><figcaption class=\"wp-element-caption\">le ch\u00e2teau Photo CC BY-SA 3.0, <a href=\"https:\/\/commons.wikimedia.org\/w\/index.php?curid=16154130\" target=\"_blank\" rel=\"noreferrer noopener\">https:\/\/commons.wikimedia.org\/w\/index.php?curid=16154130<\/a><\/figcaption><\/figure>\n<\/div>\n\n\n<p class=\"wp-block-paragraph\"><\/p>\n\n\n<div class=\"wp-block-image\">\n<figure class=\"aligncenter\"><img loading=\"lazy\" decoding=\"async\" width=\"1150\" height=\"863\" data-attachment-id=\"6179\" data-permalink=\"https:\/\/patrimoine-avesnois.fr\/chemin\/obies\/capture0-11\/\" data-orig-file=\"https:\/\/i0.wp.com\/patrimoine-avesnois.fr\/chemin\/wp-content\/uploads\/2019\/06\/Capture0-9.jpg?fit=1150%2C863&amp;ssl=1\" data-orig-size=\"1150,863\" data-comments-opened=\"1\" data-image-meta=\"{&quot;aperture&quot;:&quot;0&quot;,&quot;credit&quot;:&quot;CARRE&quot;,&quot;camera&quot;:&quot;&quot;,&quot;caption&quot;:&quot;&quot;,&quot;created_timestamp&quot;:&quot;1560954857&quot;,&quot;copyright&quot;:&quot;&quot;,&quot;focal_length&quot;:&quot;0&quot;,&quot;iso&quot;:&quot;0&quot;,&quot;shutter_speed&quot;:&quot;0&quot;,&quot;title&quot;:&quot;&quot;,&quot;orientation&quot;:&quot;0&quot;}\" data-image-title=\"Capture0\" data-image-description=\"\" data-image-caption=\"\" data-large-file=\"https:\/\/i0.wp.com\/patrimoine-avesnois.fr\/chemin\/wp-content\/uploads\/2019\/06\/Capture0-9.jpg?fit=840%2C630&amp;ssl=1\" src=\"https:\/\/i2.wp.com\/patrimoine-avesnois.fr\/chemin\/wp-content\/uploads\/2019\/06\/Capture0-9.jpg?fit=840%2C630\" alt=\"\" class=\"wp-image-6179\" srcset=\"https:\/\/i0.wp.com\/patrimoine-avesnois.fr\/chemin\/wp-content\/uploads\/2019\/06\/Capture0-9.jpg?w=1150&amp;ssl=1 1150w, https:\/\/i0.wp.com\/patrimoine-avesnois.fr\/chemin\/wp-content\/uploads\/2019\/06\/Capture0-9.jpg?resize=300%2C225&amp;ssl=1 300w, https:\/\/i0.wp.com\/patrimoine-avesnois.fr\/chemin\/wp-content\/uploads\/2019\/06\/Capture0-9.jpg?resize=768%2C576&amp;ssl=1 768w, https:\/\/i0.wp.com\/patrimoine-avesnois.fr\/chemin\/wp-content\/uploads\/2019\/06\/Capture0-9.jpg?resize=1024%2C768&amp;ssl=1 1024w\" sizes=\"auto, (max-width: 709px) 85vw, (max-width: 909px) 67vw, (max-width: 1362px) 62vw, 840px\" \/><figcaption class=\"wp-element-caption\">Le portail du ch\u00e2teau form\u00e9 d&rsquo;un mur en demi-lune agr\u00e9ment\u00e9 de quatre piliers de pierre bleue.<\/figcaption><\/figure>\n<\/div>\n\n\n<p class=\"wp-block-paragraph\"><\/p>\n\n\n\n<p class=\"wp-block-paragraph\">Un ch\u00e2teau est attest\u00e9 d\u00e8s <strong>1303<\/strong>, probablement sous la forme d\u2019une <strong>maison forte m\u00e9di\u00e9vale<\/strong>, dont subsistent encore quelques vestiges sur le c\u00f4t\u00e9 est de la fa\u00e7ade sud. <\/p>\n\n\n\n<p class=\"wp-block-paragraph\">Cette premi\u00e8re construction rel\u00e8ve de la <strong>maison de Haynin<\/strong>, grande famille f\u00e9odale du Hainaut qui poss\u00e8de Obies pendant plus de <strong>trois si\u00e8cles<\/strong> (XIV\u1d49\u2013XVII\u1d49 si\u00e8cle). Les seigneurs Haynin \u2014 notamment <strong>Thierry de Haynin<\/strong>, Grand-bailli du Hainaut et pr\u00e9v\u00f4t de Maubeuge en 1417, puis son fr\u00e8re <strong>Pierre I \u201cBrougnart\u201d de Haynin<\/strong> (v.1360-1431), \u00e9galement Grand Bailli du Hainaut (1408-1418 ; 1425-1426)\u2014 sont les premiers propri\u00e9taires clairement identifi\u00e9s du domaine. Aux XVe et XVI\u1d49 si\u00e8cles, le ch\u00e2teau reste dans la famille, jusqu\u2019\u00e0 <strong>Anne de Haynin<\/strong> puis sa fille <strong>Barbe\u2011Th\u00e9r\u00e8se de Haynin<\/strong>, qui apporte le domaine en mariage aux <strong>Gomez de la Torre<\/strong>.<\/p>\n\n\n\n<p class=\"wp-block-paragraph\">Au XVII\u1d49 si\u00e8cle, un <strong>nouveau ch\u00e2teau<\/strong> est \u00e9difi\u00e9, en brique et pierre bleue, remaniant profond\u00e9ment la demeure m\u00e9di\u00e9vale. La fa\u00e7ade arri\u00e8re conserve encore le caract\u00e8re d\u2019origine, avec ses deux corps de logis \u00e9voquant d\u2019anciennes tours. \u00c0 cette \u00e9poque, le domaine appartient d\u00e9sormais \u00e0 la <strong>famille de la Torre<\/strong>, qui en restera propri\u00e9taire jusqu\u2019en 1900.*<\/p>\n\n\n\n<p class=\"wp-block-paragraph\"><\/p>\n\n\n<div class=\"wp-block-image\">\n<figure class=\"aligncenter\"><img decoding=\"async\" src=\"https:\/\/i1.wp.com\/patrimoine-avesnois.fr\/chemin\/wp-content\/uploads\/2019\/06\/157_001.jpg?fit=840%2C528\" alt=\"L\u00e2\u0080\u0099attribut alt de cette image est vide, son nom de fichier est 157_001.jpg.\"\/><figcaption class=\"wp-element-caption\">Caserne des douanes<\/figcaption><\/figure>\n<\/div>\n\n\n<p class=\"wp-block-paragraph\"><\/p>\n\n\n\n<p class=\"wp-block-paragraph\">Au XVIII\u1d49 si\u00e8cle, apr\u00e8s le mariage de Barbe\u2011Th\u00e9r\u00e8se de Haynin avec <strong>Juan de la Torre<\/strong>, Grand d\u2019Espagne, le ch\u00e2teau demeure dans la lign\u00e9e. En <strong>1775<\/strong>, <strong>Maximilien Gomez y Butron y Muxica<\/strong>, baron de la Torre et mousquetaire dans la seconde compagnie sous Louis XV, entreprend une transformation majeure du b\u00e2timent. Les <strong>fers d\u2019ancrage dat\u00e9s 1774\u20111775<\/strong>, visibles sur la fa\u00e7ade ant\u00e9rieure, t\u00e9moignent de cette campagne de travaux. La maison forte se mue alors en <strong>maison de campagne fortifi\u00e9e<\/strong>, typique du sud du d\u00e9partement, avec l\u2019usage de la <strong>brique<\/strong> et de la <strong>pierre bleue<\/strong> pour le soubassement, les cha\u00eenages et les bandeaux continus. De grandes baies sont perc\u00e9es sur les fa\u00e7ades et les tours, et la corniche conserve ses <strong>modillons de bois<\/strong>.<\/p>\n\n\n\n<p class=\"wp-block-paragraph\">Le ch\u00e2teau se compose d\u2019un <strong>corps central<\/strong> \u00e9lev\u00e9 sur <strong>deux niveaux<\/strong>, flanqu\u00e9 de <strong>deux tours carr\u00e9es<\/strong> de <strong>trois niveaux<\/strong> chacune. La toiture en <strong>croupe bris\u00e9e<\/strong> a \u00e9t\u00e9 r\u00e9nov\u00e9e en <strong>1900<\/strong>, date inscrite en ardoises dans la couverture. La fa\u00e7ade post\u00e9rieure, moins remani\u00e9e, conserve son <strong>soubassement en gr\u00e8s<\/strong> et une <strong>porte basse en plein cintre<\/strong> encadr\u00e9e de pierre bleue, plus ancienne que le reste de l\u2019\u00e9l\u00e9vation. Une <strong>v\u00e9randa<\/strong> a \u00e9t\u00e9 ajout\u00e9e sur la fa\u00e7ade nord apr\u00e8s 1900.<\/p>\n\n\n\n<p class=\"wp-block-paragraph\">La fa\u00e7ade arri\u00e8re est la plus remarquable. Deux corps de logis en saillie, \u00e9voquant deux anciennes tours, encadrent le b\u00e2timent : la tour de gauche est coiff\u00e9e d\u2019une <strong>toiture conique \u00e0 quatre pans<\/strong>, tandis que celle de droite poss\u00e8de un <strong>toit mansard\u00e9 \u00e0 pans coup\u00e9s<\/strong>. Une meurtri\u00e8re d\u00e9fendait autrefois la porte arri\u00e8re. \u00c0 l\u2019int\u00e9rieur, l\u2019escalier est la <strong>r\u00e9plique exacte de celui du ch\u00e2teau d\u2019Audignies<\/strong>, avec des <strong>balustrades \u00e0 la Normande<\/strong>, \u00e9l\u00e9ment rare en Avesnois.<\/p>\n\n\n\n<p class=\"wp-block-paragraph\">En <strong>janvier 1900<\/strong>, les derniers membres de la famille de la Torre \u2014 <strong>Madame Emeline de Butron de la Torre<\/strong>, veuve d\u2019Anatole Fr\u00e9d\u00e9ric \u00c9douard L\u00e9once Orange Rcauvet de Blanchonval, ainsi que <strong>Arthur Fran\u00e7ois Meurice<\/strong> et <strong>Aline Suzanne Boutemain<\/strong>, h\u00e9ritiers de la lign\u00e9e \u2014 vendent la propri\u00e9t\u00e9 \u00e0 <strong>Fran\u00e7ois Tolliez<\/strong>. Durant la premi\u00e8re moiti\u00e9 du XX\u1d49 si\u00e8cle, le ch\u00e2teau devient successivement <strong>casernement<\/strong>, <strong>propri\u00e9t\u00e9 priv\u00e9e<\/strong>, <strong>colonie de vacances<\/strong> (1952\u20131957), puis <strong>estaminet<\/strong> apr\u00e8s une vente \u00e0 la chandelle. Il appartient ensuite \u00e0 la famille <strong>Testaert\u2011Touron<\/strong>. L\u2019acc\u00e8s au domaine se fait par un <strong>portail en pierre bleue<\/strong>, compos\u00e9 de deux piliers reli\u00e9s \u00e0 deux autres par un muret.<\/p>\n\n\n\n<p class=\"wp-block-paragraph\">En <strong>2004<\/strong>, M. et Mme <strong>Zwolanski<\/strong> acqui\u00e8rent le ch\u00e2teau, inhabit\u00e9 depuis 2002. Le b\u00e2timent est alors en ruine : la fa\u00e7ade avait avanc\u00e9 d\u2019une vingtaine de centim\u00e8tres, probablement en raison de mouvements d\u2019humidit\u00e9 suivis d\u2019un ass\u00e8chement. Ils entreprennent une restauration lourde, notamment la r\u00e9fection compl\u00e8te de la toiture avec <strong>22 000 ardoises naturelles<\/strong>. Leur travail est r\u00e9compens\u00e9 en <strong>2007<\/strong> par le <strong>premier prix d\u00e9partemental de restauration du patrimoine priv\u00e9<\/strong>. En <strong>2010<\/strong>, le ch\u00e2teau d\u2019Obies est <strong>inscrit au titre des Monuments historiques<\/strong> pour la totalit\u00e9 de ses ext\u00e9rieurs, fa\u00e7ades, toitures et v\u00e9randa (cadastre A 385).<\/p>\n\n\n\n<p class=\"wp-block-paragraph\"><\/p>\n\n\n\n<h3 class=\"wp-block-heading\">* Propri\u00e9taires successifs du ch\u00e2teau d\u2019Obies (XVII\u1d49\u20131900) <\/h3>\n\n\n\n<p class=\"wp-block-paragraph\">Voici la <strong>lign\u00e9e compl\u00e8te<\/strong>, v\u00e9rifi\u00e9e, sans aucun trou, depuis l\u2019arriv\u00e9e des Butron y Muxica dans les Pays\u2011Bas espagnols jusqu\u2019\u00e0 la vente de 1900 :<\/p>\n\n\n\n<h5 class=\"wp-block-heading\"><strong>1. Don Juan Gomez de Butron y Muxica de la Torre<\/strong><\/h5>\n\n\n\n<p class=\"wp-block-paragraph\">N\u00e9 1630 \u2013 \u2020 1710 Gouverneur de Diest \u2192 <strong>Implantation de la famille dans le Hainaut<\/strong><\/p>\n\n\n\n<h5 class=\"wp-block-heading\"><strong>2. Alexandre\u2011Eug\u00e8ne de Butron y Muxica de la Torre<\/strong><\/h5>\n\n\n\n<p class=\"wp-block-paragraph\">1658\u20131743 Lieutenant\u2011colonel, chevalier de Saint\u2011Louis \u2192 <strong>Premier seigneur d\u2019Obies attest\u00e9<\/strong><\/p>\n\n\n\n<h5 class=\"wp-block-heading\"><strong>3. Jacques\u2011Andr\u00e9\u2011Joseph de Butron y Muxica de la Torre<\/strong><\/h5>\n\n\n\n<p class=\"wp-block-paragraph\">1727\u20131752 Capitaine au r\u00e9giment de Rohan\u2011Rochefort \u2192 <strong>Inhum\u00e9 dans le ch\u0153ur de l\u2019\u00e9glise d\u2019Obies<\/strong><\/p>\n\n\n\n<h5 class=\"wp-block-heading\"><strong>4. Maximilien Andr\u00e9 Joseph de Butron y Muxica de la Torre<\/strong><\/h5>\n\n\n\n<p class=\"wp-block-paragraph\">1752\u20131823 Mousquetaire du Roi \u2192 <strong>Transforme le ch\u00e2teau en 1774\u20131775<\/strong><\/p>\n\n\n\n<h5 class=\"wp-block-heading\"><strong>5. Ses enfants h\u00e9ritiers :<\/strong><\/h5>\n\n\n\n<ul class=\"wp-block-list\">\n<li>H\u00e9l\u00e8ne Simone Jos\u00e8phe (1773\u20131843)<\/li>\n\n\n\n<li><strong>Fran\u00e7ois Gaspard Joseph (1776\u20131822)<\/strong><\/li>\n<\/ul>\n\n\n\n<h5 class=\"wp-block-heading\"><strong>6. Branche masculine (h\u00e9riti\u00e8re principale) :<\/strong><\/h5>\n\n\n\n<p class=\"wp-block-paragraph\"><strong>Jean\u2011Fran\u00e7ois Victor de Butron y Muxica de la Torre<\/strong> 1811\u20131894 <\/p>\n\n\n\n<p class=\"wp-block-paragraph\">\u2192 <strong>P\u00e8re d\u2019Emeline<\/strong> <\/p>\n\n\n\n<p class=\"wp-block-paragraph\">\u2192 <strong>P\u00e8re de Berthe<\/strong><\/p>\n\n\n\n<h3 class=\"wp-block-heading\"><strong>7. Branche f\u00e9minine (h\u00e9riti\u00e8re collat\u00e9rale) :<\/strong><\/h3>\n\n\n\n<p class=\"wp-block-paragraph\"><strong>Berthe Aline Louise Jeanne de Burton y Muxica del Torre<\/strong> n\u00e9e 1848 \u2192 <strong>M\u00e8re d\u2019Aline Suzanne Boutemain<\/strong><\/p>\n\n\n\n<h3 class=\"wp-block-heading\"><strong>8. Les deux vendeuses de 1900 :<\/strong><\/h3>\n\n\n\n<ul class=\"wp-block-list\">\n<li><strong>Marie Berthe Emeline de Butron y Muxica de la Torre<\/strong> (1857\u20131933)<\/li>\n\n\n\n<li><strong>Marguerite Aline Suzanne (Alice Suzanne) Boutemain<\/strong> (n\u00e9e 1873) \u2192 <strong>Tante et ni\u00e8ce<\/strong> \u2192 <strong>Derni\u00e8res repr\u00e9sentantes de la famille Butron y Muxica de la Torre<\/strong><\/li>\n<\/ul>\n\n\n\n<h3 class=\"wp-block-heading\"><strong>9. Vente du ch\u00e2teau (janvier 1900)<\/strong><\/h3>\n\n\n\n<p class=\"wp-block-paragraph\">Vendu \u00e0 <strong>Fran\u00e7ois Tolliez<\/strong> par :<\/p>\n\n\n\n<p class=\"wp-block-paragraph\"><strong>Arthur Fran\u00e7ois Meurisse<\/strong> (\u00e9poux d\u2019Alice)<\/p>\n\n\n\n<p class=\"wp-block-paragraph\"><strong>Emeline de Butron y Muxica<\/strong><\/p>\n\n\n\n<p class=\"wp-block-paragraph\"><strong>Alice Suzanne Boutemain<\/strong><\/p>\n\n\n\n<p class=\"wp-block-paragraph\"><\/p>\n\n\n<div class=\"wp-block-image\">\n<figure class=\"aligncenter\"><img data-recalc-dims=\"1\" loading=\"lazy\" decoding=\"async\" width=\"840\" height=\"630\" data-attachment-id=\"6163\" data-permalink=\"https:\/\/patrimoine-avesnois.fr\/chemin\/obies\/capture1-57\/\" data-orig-file=\"https:\/\/i0.wp.com\/patrimoine-avesnois.fr\/chemin\/wp-content\/uploads\/2019\/06\/Capture1-12.jpg?fit=872%2C654&amp;ssl=1\" data-orig-size=\"872,654\" data-comments-opened=\"1\" data-image-meta=\"{&quot;aperture&quot;:&quot;0&quot;,&quot;credit&quot;:&quot;CARRE&quot;,&quot;camera&quot;:&quot;&quot;,&quot;caption&quot;:&quot;&quot;,&quot;created_timestamp&quot;:&quot;1560953152&quot;,&quot;copyright&quot;:&quot;&quot;,&quot;focal_length&quot;:&quot;0&quot;,&quot;iso&quot;:&quot;0&quot;,&quot;shutter_speed&quot;:&quot;0&quot;,&quot;title&quot;:&quot;&quot;,&quot;orientation&quot;:&quot;0&quot;}\" data-image-title=\"Capture1\" data-image-description=\"\" data-image-caption=\"\" data-large-file=\"https:\/\/i0.wp.com\/patrimoine-avesnois.fr\/chemin\/wp-content\/uploads\/2019\/06\/Capture1-12.jpg?fit=840%2C630&amp;ssl=1\" src=\"https:\/\/i0.wp.com\/patrimoine-avesnois.fr\/chemin\/wp-content\/uploads\/2019\/06\/Capture1-12.jpg?resize=840%2C630\" alt=\"\" class=\"wp-image-6163\" srcset=\"https:\/\/i0.wp.com\/patrimoine-avesnois.fr\/chemin\/wp-content\/uploads\/2019\/06\/Capture1-12.jpg?w=872&amp;ssl=1 872w, https:\/\/i0.wp.com\/patrimoine-avesnois.fr\/chemin\/wp-content\/uploads\/2019\/06\/Capture1-12.jpg?resize=300%2C225&amp;ssl=1 300w, https:\/\/i0.wp.com\/patrimoine-avesnois.fr\/chemin\/wp-content\/uploads\/2019\/06\/Capture1-12.jpg?resize=768%2C576&amp;ssl=1 768w\" sizes=\"auto, (max-width: 709px) 85vw, (max-width: 909px) 67vw, (max-width: 1362px) 62vw, 840px\" \/><figcaption class=\"wp-element-caption\">L&rsquo;\u00e9cole \u00ab\u00a0Les petits sabots\u00a0\u00bb d&rsquo;Obies<\/figcaption><\/figure>\n<\/div>","protected":false},"excerpt":{"rendered":"<p>La partie la plus ancienne du village est le hameau de Bavisiau. En 646, par son testament, sainte Aldegonde donna \u00ab&nbsp;la moiti\u00e9 des terres du village de Bavaisis avec l&rsquo;\u00e9glise&nbsp;\u00bb au chapitre de Maubeuge. Le hameau est rattach\u00e9 \u00e0 Obies au&nbsp;XIII e si\u00e8cle (cartulaire de 1265). En l&rsquo;\u00e9tat actuel des recherches, le nom d&rsquo;Obies est &hellip; <a href=\"https:\/\/patrimoine-avesnois.fr\/chemin\/obies\/\" class=\"more-link\">Continuer la lecture<span class=\"screen-reader-text\"> de &laquo;&nbsp;Obies&nbsp;&raquo;<\/span><\/a><\/p>\n","protected":false},"author":2,"featured_media":0,"parent":0,"menu_order":0,"comment_status":"closed","ping_status":"closed","template":"","meta":{"footnotes":""},"class_list":["post-6140","page","type-page","status-publish","hentry"],"jetpack_sharing_enabled":true,"jetpack_shortlink":"https:\/\/wp.me\/PaOEkN-1B2","jetpack-related-posts":[],"_links":{"self":[{"href":"https:\/\/patrimoine-avesnois.fr\/chemin\/wp-json\/wp\/v2\/pages\/6140","targetHints":{"allow":["GET"]}}],"collection":[{"href":"https:\/\/patrimoine-avesnois.fr\/chemin\/wp-json\/wp\/v2\/pages"}],"about":[{"href":"https:\/\/patrimoine-avesnois.fr\/chemin\/wp-json\/wp\/v2\/types\/page"}],"author":[{"embeddable":true,"href":"https:\/\/patrimoine-avesnois.fr\/chemin\/wp-json\/wp\/v2\/users\/2"}],"replies":[{"embeddable":true,"href":"https:\/\/patrimoine-avesnois.fr\/chemin\/wp-json\/wp\/v2\/comments?post=6140"}],"version-history":[{"count":7,"href":"https:\/\/patrimoine-avesnois.fr\/chemin\/wp-json\/wp\/v2\/pages\/6140\/revisions"}],"predecessor-version":[{"id":29291,"href":"https:\/\/patrimoine-avesnois.fr\/chemin\/wp-json\/wp\/v2\/pages\/6140\/revisions\/29291"}],"wp:attachment":[{"href":"https:\/\/patrimoine-avesnois.fr\/chemin\/wp-json\/wp\/v2\/media?parent=6140"}],"curies":[{"name":"wp","href":"https:\/\/api.w.org\/{rel}","templated":true}]}}