{"id":626,"date":"2019-04-04T11:06:48","date_gmt":"2019-04-04T09:06:48","guid":{"rendered":"http:\/\/patrimoine-avesnois.fr\/chemin\/?page_id=626"},"modified":"2026-08-25T20:27:09","modified_gmt":"2026-08-25T18:27:09","slug":"choisies","status":"publish","type":"page","link":"https:\/\/patrimoine-avesnois.fr\/chemin\/choisies\/","title":{"rendered":"Choisies"},"content":{"rendered":"<div class=\"wp-block-image is-resized\">\n<figure class=\"aligncenter\"><img data-recalc-dims=\"1\" loading=\"lazy\" decoding=\"async\" width=\"492\" height=\"369\" data-attachment-id=\"627\" data-permalink=\"https:\/\/patrimoine-avesnois.fr\/chemin\/choisies\/image-76\/\" data-orig-file=\"https:\/\/i0.wp.com\/patrimoine-avesnois.fr\/chemin\/wp-content\/uploads\/2019\/04\/image-54.png?fit=492%2C369&amp;ssl=1\" data-orig-size=\"492,369\" data-comments-opened=\"1\" data-image-meta=\"{&quot;aperture&quot;:&quot;0&quot;,&quot;credit&quot;:&quot;&quot;,&quot;camera&quot;:&quot;&quot;,&quot;caption&quot;:&quot;&quot;,&quot;created_timestamp&quot;:&quot;0&quot;,&quot;copyright&quot;:&quot;&quot;,&quot;focal_length&quot;:&quot;0&quot;,&quot;iso&quot;:&quot;0&quot;,&quot;shutter_speed&quot;:&quot;0&quot;,&quot;title&quot;:&quot;&quot;,&quot;orientation&quot;:&quot;0&quot;}\" data-image-title=\"image\" data-image-description=\"\" data-image-caption=\"\" data-large-file=\"https:\/\/i0.wp.com\/patrimoine-avesnois.fr\/chemin\/wp-content\/uploads\/2019\/04\/image-54.png?fit=492%2C369&amp;ssl=1\" src=\"https:\/\/i0.wp.com\/patrimoine-avesnois.fr\/chemin\/wp-content\/uploads\/2019\/04\/image-54.png?resize=492%2C369\" alt=\"\" class=\"wp-image-627\" srcset=\"https:\/\/i0.wp.com\/patrimoine-avesnois.fr\/chemin\/wp-content\/uploads\/2019\/04\/image-54.png?w=492&amp;ssl=1 492w, https:\/\/i0.wp.com\/patrimoine-avesnois.fr\/chemin\/wp-content\/uploads\/2019\/04\/image-54.png?resize=300%2C225&amp;ssl=1 300w\" sizes=\"auto, (max-width: 492px) 85vw, 492px\" \/><figcaption class=\"wp-element-caption\">La premi\u00e8re photo de Choisies, r\u00e9alis\u00e9e en 1920 par E Desmarez de Maubeuge.<\/figcaption><\/figure>\n<\/div>\n\n\n<p class=\"wp-block-paragraph\"><\/p>\n\n\n\n<p class=\"wp-block-paragraph\">Choisies est le village le moins habit\u00e9 de l\u2019arrondissement d\u2019Avesnes, mais il est cependant fort ancien : l\u2019un de ses seigneurs, Jean de Choisies, participa \u00e0 la quatri\u00e8me croisade et monta l\u2019un des premiers \u00e0 l\u2019assaut des murs de Constantinople.<\/p>\n\n\n\n<p class=\"wp-block-paragraph\">La terre de Choisies relevait de la pairie d\u2019Avesnes. Au XVII\u1d49 si\u00e8cle, elle appartenait \u00e0 Baudouin de Decker (1608\u20131670), d\u00e9j\u00e0 qualifi\u00e9 de \u201cseigneur de Choisy\u201d lors de son second mariage c\u00e9l\u00e9br\u00e9 \u00e0 Mons le 11 d\u00e9cembre 1641 avec Marie\u2011Jeanne Moreau. Sa fille du premier lit, Marie\u2011Maximilienne de Decker, dame de Choisies, releva le fief en 1670 \u00e0 la mort de son p\u00e8re et le transmit en 1661 \u00e0 Charles Robert, pr\u00e9sident de la Cour souveraine de Mons. Les actes notari\u00e9s de Henrichant (1705\u20131709) la mentionnent comme \u201cdame de Qui\u00e9velon et de Choisy\u201d, confirmant qu\u2019elle g\u00e9rait simultan\u00e9ment les deux fiefs : Choisies, h\u00e9rit\u00e9 de sa famille, et Qui\u00e9velon, acquis par son mari.<\/p>\n\n\n\n<p class=\"wp-block-paragraph\">De cette union naquit <strong>J\u00e9r\u00f4me Alexis Robert<\/strong>, seigneur d\u2019Havr\u00e9, qui transmit Choisies \u00e0 son fils <strong>Simon\u2011Charles Robert<\/strong> (1707\u20131778), seigneur de Choisies et de Nouvelles. <\/p>\n\n\n\n<p class=\"wp-block-paragraph\">Le fils de ce dernier, <strong>Simon\u2011Joseph Robert (1741\u20131810)<\/strong>, chef\u2011\u00e9chevin de Mons, fut cr\u00e9\u00e9 <strong>comte de Robersart<\/strong> le 15 novembre 1778 par l\u2019imp\u00e9ratrice Marie\u2011Th\u00e9r\u00e8se, donnant naissance \u00e0 la branche comtale issue du fief de Choisies.<\/p>\n\n\n\n<p class=\"wp-block-paragraph\">Il fut le dernier seigneur de Choisies. Il pr\u00e9senta le relief de ses fiefs \u00e0 Avesnes le 26 ao\u00fbt 1779 au duc d\u2019Orl\u00e9ans. La R\u00e9volution abolit les seigneuries quelques ann\u00e9es plus tard, faisant de Simon\u2011Joseph le dernier titulaire du fief de Choisies.<\/p>\n\n\n\n<p class=\"wp-block-paragraph\"><\/p>\n\n\n<div class=\"wp-block-image is-resized\">\n<figure class=\"aligncenter\"><img data-recalc-dims=\"1\" loading=\"lazy\" decoding=\"async\" width=\"840\" height=\"630\" data-attachment-id=\"628\" data-permalink=\"https:\/\/patrimoine-avesnois.fr\/chemin\/choisies\/image-77\/\" data-orig-file=\"https:\/\/i0.wp.com\/patrimoine-avesnois.fr\/chemin\/wp-content\/uploads\/2019\/04\/image-55.png?fit=914%2C685&amp;ssl=1\" data-orig-size=\"914,685\" data-comments-opened=\"1\" data-image-meta=\"{&quot;aperture&quot;:&quot;0&quot;,&quot;credit&quot;:&quot;&quot;,&quot;camera&quot;:&quot;&quot;,&quot;caption&quot;:&quot;&quot;,&quot;created_timestamp&quot;:&quot;0&quot;,&quot;copyright&quot;:&quot;&quot;,&quot;focal_length&quot;:&quot;0&quot;,&quot;iso&quot;:&quot;0&quot;,&quot;shutter_speed&quot;:&quot;0&quot;,&quot;title&quot;:&quot;&quot;,&quot;orientation&quot;:&quot;0&quot;}\" data-image-title=\"image\" data-image-description=\"\" data-image-caption=\"\" data-large-file=\"https:\/\/i0.wp.com\/patrimoine-avesnois.fr\/chemin\/wp-content\/uploads\/2019\/04\/image-55.png?fit=840%2C630&amp;ssl=1\" src=\"https:\/\/i0.wp.com\/patrimoine-avesnois.fr\/chemin\/wp-content\/uploads\/2019\/04\/image-55.png?resize=840%2C630\" alt=\"\" class=\"wp-image-628\" srcset=\"https:\/\/i0.wp.com\/patrimoine-avesnois.fr\/chemin\/wp-content\/uploads\/2019\/04\/image-55.png?w=914&amp;ssl=1 914w, https:\/\/i0.wp.com\/patrimoine-avesnois.fr\/chemin\/wp-content\/uploads\/2019\/04\/image-55.png?resize=300%2C225&amp;ssl=1 300w, https:\/\/i0.wp.com\/patrimoine-avesnois.fr\/chemin\/wp-content\/uploads\/2019\/04\/image-55.png?resize=768%2C576&amp;ssl=1 768w\" sizes=\"auto, (max-width: 709px) 85vw, (max-width: 909px) 67vw, (max-width: 1362px) 62vw, 840px\" \/><figcaption class=\"wp-element-caption\">L&rsquo;\u00e9glise de Choisies<\/figcaption><\/figure>\n<\/div>\n\n\n<p class=\"wp-block-paragraph\"><\/p>\n\n\n<div class=\"wp-block-image\">\n<figure class=\"aligncenter size-full is-resized\"><img data-recalc-dims=\"1\" loading=\"lazy\" decoding=\"async\" width=\"626\" height=\"785\" data-attachment-id=\"24769\" data-permalink=\"https:\/\/patrimoine-avesnois.fr\/chemin\/choisies\/image-2438\/\" data-orig-file=\"https:\/\/i0.wp.com\/patrimoine-avesnois.fr\/chemin\/wp-content\/uploads\/2026\/06\/image-48.png?fit=626%2C785&amp;ssl=1\" data-orig-size=\"626,785\" data-comments-opened=\"1\" data-image-meta=\"{&quot;aperture&quot;:&quot;0&quot;,&quot;credit&quot;:&quot;&quot;,&quot;camera&quot;:&quot;&quot;,&quot;caption&quot;:&quot;&quot;,&quot;created_timestamp&quot;:&quot;0&quot;,&quot;copyright&quot;:&quot;&quot;,&quot;focal_length&quot;:&quot;0&quot;,&quot;iso&quot;:&quot;0&quot;,&quot;shutter_speed&quot;:&quot;0&quot;,&quot;title&quot;:&quot;&quot;,&quot;orientation&quot;:&quot;0&quot;,&quot;alt&quot;:&quot;&quot;}\" data-image-title=\"image\" data-image-description=\"\" data-image-caption=\"\" data-large-file=\"https:\/\/i0.wp.com\/patrimoine-avesnois.fr\/chemin\/wp-content\/uploads\/2026\/06\/image-48.png?fit=626%2C785&amp;ssl=1\" src=\"https:\/\/i0.wp.com\/patrimoine-avesnois.fr\/chemin\/wp-content\/uploads\/2026\/06\/image-48.png?resize=626%2C785&#038;ssl=1\" alt=\"\" class=\"wp-image-24769\" style=\"aspect-ratio:0.7974593927625058;width:528px;height:auto\" srcset=\"https:\/\/i0.wp.com\/patrimoine-avesnois.fr\/chemin\/wp-content\/uploads\/2026\/06\/image-48.png?w=626&amp;ssl=1 626w, https:\/\/i0.wp.com\/patrimoine-avesnois.fr\/chemin\/wp-content\/uploads\/2026\/06\/image-48.png?resize=239%2C300&amp;ssl=1 239w\" sizes=\"auto, (max-width: 626px) 85vw, 626px\" \/><figcaption class=\"wp-element-caption\">L\u2019\u00e9glise Saint-Antoine \u00e0 Choisies<\/figcaption><\/figure>\n<\/div>\n\n\n<p class=\"wp-block-paragraph\"><\/p>\n\n\n\n<p class=\"wp-block-paragraph\">L\u2019\u00e9glise Saint\u2011Antoine de Choisies est de style roman. B\u00e2tie en 1611 et restaur\u00e9e en 1854, c\u2019est un petit \u00e9difice en brique rouge pos\u00e9 sur un soubassement de pierre. Elle pr\u00e9sente une nef unique aux volumes simples, \u00e9clair\u00e9e par des baies en plein cintre typiques du roman tardif de l\u2019Avesnois. Son clocher\u2011tour carr\u00e9, dot\u00e9 d\u2019abat\u2011sons et coiff\u00e9 d\u2019une fl\u00e8che en ardoise, domine la fa\u00e7ade occidentale o\u00f9 s\u2019ouvre un portail en plein cintre surmont\u00e9 d\u2019un oculus.<\/p>\n\n\n\n<p class=\"wp-block-paragraph\">Son chevet, de forme polygonale \u00e0 trois pans, est accol\u00e9 \u00e0 une sacristie rectangulaire plus basse, perc\u00e9e de petites fen\u00eatres. Sur le pan m\u00e9dian du chevet se trouve une niche en pierre bleue, orn\u00e9e de colonnettes, de volutes et de fleurons : elle abritait autrefois un tableau en bois de Saint Antoine, patron de la paroisse.<\/p>\n\n\n\n<p class=\"wp-block-paragraph\">L\u2019\u00e9glise est entour\u00e9e de son cimeti\u00e8re ancien, ce qui renforce son caract\u00e8re traditionnel et son implantation historique au c\u0153ur du village.<\/p>\n\n\n\n<p class=\"wp-block-paragraph\">Elle fut vendue \u00e0 la R\u00e9volution pour 400 livres au sieur Daussonville de Lille, avec le terrain qui l\u2019entourait et les objets qu\u2019elle renfermait, \u00e0 l\u2019exception de la cloche. Une voiture ayant \u00e9t\u00e9 envoy\u00e9e pour enlever le mobilier eut ses roues d\u00e9mont\u00e9es durant la nuit par les habitants de Choisies, ce qui obligea l\u2019acqu\u00e9reur \u00e0 revendre l\u2019\u00e9glise \u00e0 la commune.<\/p>\n\n\n\n<p class=\"wp-block-paragraph\"><\/p>\n\n\n<div class=\"wp-block-image is-resized\">\n<figure class=\"aligncenter\"><img data-recalc-dims=\"1\" loading=\"lazy\" decoding=\"async\" width=\"352\" height=\"470\" data-attachment-id=\"629\" data-permalink=\"https:\/\/patrimoine-avesnois.fr\/chemin\/choisies\/image-78\/\" data-orig-file=\"https:\/\/i0.wp.com\/patrimoine-avesnois.fr\/chemin\/wp-content\/uploads\/2019\/04\/image-56.png?fit=352%2C470&amp;ssl=1\" data-orig-size=\"352,470\" data-comments-opened=\"1\" data-image-meta=\"{&quot;aperture&quot;:&quot;0&quot;,&quot;credit&quot;:&quot;&quot;,&quot;camera&quot;:&quot;&quot;,&quot;caption&quot;:&quot;&quot;,&quot;created_timestamp&quot;:&quot;0&quot;,&quot;copyright&quot;:&quot;&quot;,&quot;focal_length&quot;:&quot;0&quot;,&quot;iso&quot;:&quot;0&quot;,&quot;shutter_speed&quot;:&quot;0&quot;,&quot;title&quot;:&quot;&quot;,&quot;orientation&quot;:&quot;0&quot;}\" data-image-title=\"image\" data-image-description=\"\" data-image-caption=\"\" data-large-file=\"https:\/\/i0.wp.com\/patrimoine-avesnois.fr\/chemin\/wp-content\/uploads\/2019\/04\/image-56.png?fit=352%2C470&amp;ssl=1\" src=\"https:\/\/i0.wp.com\/patrimoine-avesnois.fr\/chemin\/wp-content\/uploads\/2019\/04\/image-56.png?resize=352%2C470\" alt=\"\" class=\"wp-image-629\" srcset=\"https:\/\/i0.wp.com\/patrimoine-avesnois.fr\/chemin\/wp-content\/uploads\/2019\/04\/image-56.png?w=352&amp;ssl=1 352w, https:\/\/i0.wp.com\/patrimoine-avesnois.fr\/chemin\/wp-content\/uploads\/2019\/04\/image-56.png?resize=225%2C300&amp;ssl=1 225w\" sizes=\"auto, (max-width: 352px) 85vw, 352px\" \/><figcaption class=\"wp-element-caption\">Buste reliquaire:  St Antoine ermite <a href=\"https:\/\/pop.culture.gouv.fr\/notice\/palissy\/PM59000307\" target=\"_blank\" rel=\"noreferrer noopener\">PM59000307<\/a><\/figcaption><\/figure>\n<\/div>\n\n\n<p class=\"wp-block-paragraph\"><\/p>\n\n\n\n<p class=\"wp-block-paragraph\">L\u2019int\u00e9rieur de l\u2019\u00e9glise Saint\u2011Antoine est simple et lumineux. La nef unique, \u00e9clair\u00e9e par des vitraux aux bords color\u00e9s, est am\u00e9nag\u00e9e de chaises en bois dispos\u00e9es sur un dallage ancien. Le ch\u0153ur est domin\u00e9 par un ma\u00eetre\u2011autel en bois sculpt\u00e9 de style n\u00e9ogothique, orn\u00e9 de pinacles et de statues, au centre duquel se dresse une statue du Christ.<\/p>\n\n\n\n<p class=\"wp-block-paragraph\">Les murs pr\u00e9sentent plusieurs statues et plaques votives, tandis que le plafond peint en bleu clair apporte une tonalit\u00e9 douce \u00e0 l\u2019ensemble.<\/p>\n\n\n\n<p class=\"wp-block-paragraph\">Le buste\u2011reliquaire de Saint Antoine, patron de la paroisse, est l\u2019objet d\u2019une v\u00e9n\u00e9ration particuli\u00e8re. Class\u00e9 Monument historique en 1992 et restaur\u00e9 en 1996, il constitue l\u2019un des tr\u00e9sors du village.<\/p>\n\n\n\n<p class=\"wp-block-paragraph\"><\/p>\n\n\n<div class=\"wp-block-image is-resized\">\n<figure class=\"aligncenter\"><img decoding=\"async\" src=\"https:\/\/upload.wikimedia.org\/wikipedia\/commons\/thumb\/4\/49\/Mairie_de_Choisies.JPG\/1280px-Mairie_de_Choisies.JPG\" alt=\"\"\/><figcaption class=\"wp-element-caption\">La Mairie de Choisies Photo Budotradan<\/figcaption><\/figure>\n<\/div>\n\n\n<p class=\"wp-block-paragraph\"><\/p>\n\n\n\n<p class=\"wp-block-paragraph\"><\/p>\n\n\n<div class=\"wp-block-image is-resized\">\n<figure class=\"aligncenter\"><img data-recalc-dims=\"1\" height=\"1024\" width=\"768\" decoding=\"async\" src=\"https:\/\/i0.wp.com\/oratoiresetchapelles-avesnois.fr\/wp-content\/uploads\/2016\/12\/28.Choisies-ND-de-Walcourt-768x1024.jpg?resize=768%2C1024\" alt=\"N.D de Walcourt\"\/><figcaption class=\"wp-element-caption\">N.D de Walcourt<\/figcaption><\/figure>\n<\/div>\n\n\n<p class=\"wp-block-paragraph\"><\/p>\n\n\n\n<p class=\"wp-block-paragraph\">Chapelle N.D de Walcourt. Elle aurait \u00e9t\u00e9 b\u00e2tie par la famille Bettignies originaire de Beaufort au d\u00e9but du XX si\u00e8cle. A l\u2019int\u00e9rieur sur le mur du fonds il est fait mention de \u00ab&nbsp;Souvenir de mission des paroisses d\u2019Obrechies et de Choisies du 13 au 27 mars 1949. RP Cortey et RP Delcambre missionnaires dioc\u00e9sains.&nbsp;\u00bb Elle se situe chemin de la Fachelle , \u00e0 l\u2019abri de deux pins et cern\u00e9e d\u2019une haie d\u2019aub\u00e9pine.<strong>&amp;<\/strong><\/p>\n\n\n<div class=\"wp-block-image is-resized\">\n<figure class=\"aligncenter\"><img data-recalc-dims=\"1\" height=\"1024\" width=\"768\" decoding=\"async\" data-attachment-id=\"1227\" data-permalink=\"https:\/\/patrimoine-avesnois.fr\/chemin\/etroeungt\/image-256\/\" data-orig-file=\"https:\/\/i0.wp.com\/patrimoine-avesnois.fr\/chemin\/wp-content\/uploads\/2019\/04\/image-234.png?fit=465%2C349&amp;ssl=1\" data-orig-size=\"465,349\" data-comments-opened=\"1\" data-image-meta=\"{&quot;aperture&quot;:&quot;0&quot;,&quot;credit&quot;:&quot;&quot;,&quot;camera&quot;:&quot;&quot;,&quot;caption&quot;:&quot;&quot;,&quot;created_timestamp&quot;:&quot;0&quot;,&quot;copyright&quot;:&quot;&quot;,&quot;focal_length&quot;:&quot;0&quot;,&quot;iso&quot;:&quot;0&quot;,&quot;shutter_speed&quot;:&quot;0&quot;,&quot;title&quot;:&quot;&quot;,&quot;orientation&quot;:&quot;0&quot;}\" data-image-title=\"image\" data-image-description=\"\" data-image-caption=\"\" data-large-file=\"https:\/\/i0.wp.com\/patrimoine-avesnois.fr\/chemin\/wp-content\/uploads\/2019\/04\/image-234.png?fit=465%2C349&amp;ssl=1\" src=\"https:\/\/i0.wp.com\/oratoiresetchapelles-avesnois.fr\/wp-content\/uploads\/2016\/12\/2.Choisies-Chapelle-ND-des-Sept-Douleurs-Grd-Rue-768x1024.jpg?resize=768%2C1024\" alt=\"N.D des Sept Douleurs\" class=\"wp-image-1227\"\/><figcaption class=\"wp-element-caption\"> <br><em>N.D des Sept Douleurs<\/em> <\/figcaption><\/figure>\n<\/div>\n\n\n<p class=\"wp-block-paragraph\"><\/p>\n\n\n\n<p class=\"wp-block-paragraph\">Chapelle N.D des Sept Douleurs Gd Rue. Belle chapelle avec sa voussure en arc bris\u00e9. La croix est la r\u00e9plique simplifi\u00e9e de celle du clocher de l\u2019\u00e9glise. A l\u2019int\u00e9rieur le dessus de l\u2019autel supporte la statue de N.D des Sept Douleurs. On y trouve \u00e9galement un imposant Christ agonisant clou\u00e9 sur une croix de bois, une Vierge \u00e0 m\u00eame le sol et plusieurs statuettes sur des consoles en bois .<\/p>\n\n\n<div class=\"wp-block-image is-resized\">\n<figure class=\"aligncenter\"><img loading=\"lazy\" decoding=\"async\" width=\"1044\" height=\"783\" data-attachment-id=\"630\" data-permalink=\"https:\/\/patrimoine-avesnois.fr\/chemin\/choisies\/image-79\/\" data-orig-file=\"https:\/\/i0.wp.com\/patrimoine-avesnois.fr\/chemin\/wp-content\/uploads\/2019\/04\/image-57.png?fit=1044%2C783&amp;ssl=1\" data-orig-size=\"1044,783\" data-comments-opened=\"1\" data-image-meta=\"{&quot;aperture&quot;:&quot;0&quot;,&quot;credit&quot;:&quot;&quot;,&quot;camera&quot;:&quot;&quot;,&quot;caption&quot;:&quot;&quot;,&quot;created_timestamp&quot;:&quot;0&quot;,&quot;copyright&quot;:&quot;&quot;,&quot;focal_length&quot;:&quot;0&quot;,&quot;iso&quot;:&quot;0&quot;,&quot;shutter_speed&quot;:&quot;0&quot;,&quot;title&quot;:&quot;&quot;,&quot;orientation&quot;:&quot;0&quot;}\" data-image-title=\"image\" data-image-description=\"\" data-image-caption=\"\" data-large-file=\"https:\/\/i0.wp.com\/patrimoine-avesnois.fr\/chemin\/wp-content\/uploads\/2019\/04\/image-57.png?fit=840%2C630&amp;ssl=1\" src=\"https:\/\/i0.wp.com\/patrimoine-avesnois.fr\/chemin\/wp-content\/uploads\/2019\/04\/image-57.png?fit=840%2C630\" alt=\"\" class=\"wp-image-630\" srcset=\"https:\/\/i0.wp.com\/patrimoine-avesnois.fr\/chemin\/wp-content\/uploads\/2019\/04\/image-57.png?w=1044&amp;ssl=1 1044w, https:\/\/i0.wp.com\/patrimoine-avesnois.fr\/chemin\/wp-content\/uploads\/2019\/04\/image-57.png?resize=300%2C225&amp;ssl=1 300w, https:\/\/i0.wp.com\/patrimoine-avesnois.fr\/chemin\/wp-content\/uploads\/2019\/04\/image-57.png?resize=768%2C576&amp;ssl=1 768w, https:\/\/i0.wp.com\/patrimoine-avesnois.fr\/chemin\/wp-content\/uploads\/2019\/04\/image-57.png?resize=1024%2C768&amp;ssl=1 1024w\" sizes=\"auto, (max-width: 709px) 85vw, (max-width: 909px) 67vw, (max-width: 1362px) 62vw, 840px\" \/><figcaption class=\"wp-element-caption\">La Solre<\/figcaption><\/figure>\n<\/div>\n\n\n<p class=\"wp-block-paragraph\"><\/p>\n\n\n<div class=\"wp-block-image is-resized\">\n<figure class=\"aligncenter\"><img data-recalc-dims=\"1\" loading=\"lazy\" decoding=\"async\" width=\"840\" height=\"630\" data-attachment-id=\"633\" data-permalink=\"https:\/\/patrimoine-avesnois.fr\/chemin\/choisies\/image-80\/\" data-orig-file=\"https:\/\/i0.wp.com\/patrimoine-avesnois.fr\/chemin\/wp-content\/uploads\/2019\/04\/image-58.png?fit=895%2C671&amp;ssl=1\" data-orig-size=\"895,671\" data-comments-opened=\"1\" data-image-meta=\"{&quot;aperture&quot;:&quot;0&quot;,&quot;credit&quot;:&quot;&quot;,&quot;camera&quot;:&quot;&quot;,&quot;caption&quot;:&quot;&quot;,&quot;created_timestamp&quot;:&quot;0&quot;,&quot;copyright&quot;:&quot;&quot;,&quot;focal_length&quot;:&quot;0&quot;,&quot;iso&quot;:&quot;0&quot;,&quot;shutter_speed&quot;:&quot;0&quot;,&quot;title&quot;:&quot;&quot;,&quot;orientation&quot;:&quot;0&quot;}\" data-image-title=\"image\" data-image-description=\"\" data-image-caption=\"\" data-large-file=\"https:\/\/i0.wp.com\/patrimoine-avesnois.fr\/chemin\/wp-content\/uploads\/2019\/04\/image-58.png?fit=840%2C630&amp;ssl=1\" src=\"https:\/\/i0.wp.com\/patrimoine-avesnois.fr\/chemin\/wp-content\/uploads\/2019\/04\/image-58.png?resize=840%2C630\" alt=\"\" class=\"wp-image-633\" srcset=\"https:\/\/i0.wp.com\/patrimoine-avesnois.fr\/chemin\/wp-content\/uploads\/2019\/04\/image-58.png?w=895&amp;ssl=1 895w, https:\/\/i0.wp.com\/patrimoine-avesnois.fr\/chemin\/wp-content\/uploads\/2019\/04\/image-58.png?resize=300%2C225&amp;ssl=1 300w, https:\/\/i0.wp.com\/patrimoine-avesnois.fr\/chemin\/wp-content\/uploads\/2019\/04\/image-58.png?resize=768%2C576&amp;ssl=1 768w\" sizes=\"auto, (max-width: 709px) 85vw, (max-width: 909px) 67vw, (max-width: 1362px) 62vw, 840px\" \/><figcaption class=\"wp-element-caption\">L&rsquo;ancienne petite gare de Choisies<\/figcaption><\/figure>\n<\/div>\n\n\n<p class=\"wp-block-paragraph\"><\/p>\n\n\n\n<p class=\"wp-block-paragraph\">L\u2019ancienne petite gare de Choisies, situ\u00e9e au Pont des B\u00eates, servait autrefois de halte sur la ligne Maubeuge\u2013Fourmies. D\u00e9saffect\u00e9e, elle t\u00e9moigne aujourd\u2019hui du pass\u00e9 ferroviaire du village.<\/p>\n\n\n\n<p class=\"wp-block-paragraph\"><\/p>\n\n\n<div class=\"wp-block-image is-resized\">\n<figure class=\"aligncenter\"><img decoding=\"async\" src=\"https:\/\/upload.wikimedia.org\/wikipedia\/commons\/thumb\/b\/b0\/Sentier_%C3%A9meraude_%C3%A0_Choisies.JPG\/1280px-Sentier_%C3%A9meraude_%C3%A0_Choisies.JPG\" alt=\"le sentier \u00c3\u00a9meraude\"\/><figcaption class=\"wp-element-caption\"> Le sentier \u00e9meraude <\/figcaption><\/figure>\n<\/div>\n\n\n<p class=\"wp-block-paragraph\"><\/p>\n\n\n\n<p class=\"wp-block-paragraph\">Le \u201cSentier \u00c9meraude\u201d, ou voie verte de l\u2019Avesnois, emprunte l\u2019ancienne ligne ferroviaire  <a href=\"https:\/\/fr.wikipedia.org\/wiki\/Ligne_de_Maubeuge_%C3%A0_Fourmies\" target=\"_blank\" rel=\"noreferrer noopener\">Maubeuge &#8211; Fourmies<\/a>. Am\u00e9nag\u00e9 pour les marcheurs, cyclistes et cavaliers, il traverse le Pont des B\u00eates o\u00f9 se trouvait autrefois la petite gare de Choisies.<\/p>\n\n\n\n<p class=\"wp-block-paragraph\"><\/p>\n","protected":false},"excerpt":{"rendered":"<p>Choisies est le village le moins habit\u00e9 de l\u2019arrondissement d\u2019Avesnes, mais il est cependant fort ancien : l\u2019un de ses seigneurs, Jean de Choisies, participa \u00e0 la quatri\u00e8me croisade et monta l\u2019un des premiers \u00e0 l\u2019assaut des murs de Constantinople. La terre de Choisies relevait de la pairie d\u2019Avesnes. Au XVII\u1d49 si\u00e8cle, elle appartenait \u00e0 &hellip; <a href=\"https:\/\/patrimoine-avesnois.fr\/chemin\/choisies\/\" class=\"more-link\">Continuer la lecture<span class=\"screen-reader-text\"> de &laquo;&nbsp;Choisies&nbsp;&raquo;<\/span><\/a><\/p>\n","protected":false},"author":2,"featured_media":0,"parent":0,"menu_order":0,"comment_status":"closed","ping_status":"closed","template":"","meta":{"footnotes":""},"class_list":["post-626","page","type-page","status-publish","hentry"],"jetpack_sharing_enabled":true,"jetpack_shortlink":"https:\/\/wp.me\/PaOEkN-a6","jetpack-related-posts":[],"_links":{"self":[{"href":"https:\/\/patrimoine-avesnois.fr\/chemin\/wp-json\/wp\/v2\/pages\/626","targetHints":{"allow":["GET"]}}],"collection":[{"href":"https:\/\/patrimoine-avesnois.fr\/chemin\/wp-json\/wp\/v2\/pages"}],"about":[{"href":"https:\/\/patrimoine-avesnois.fr\/chemin\/wp-json\/wp\/v2\/types\/page"}],"author":[{"embeddable":true,"href":"https:\/\/patrimoine-avesnois.fr\/chemin\/wp-json\/wp\/v2\/users\/2"}],"replies":[{"embeddable":true,"href":"https:\/\/patrimoine-avesnois.fr\/chemin\/wp-json\/wp\/v2\/comments?post=626"}],"version-history":[{"count":18,"href":"https:\/\/patrimoine-avesnois.fr\/chemin\/wp-json\/wp\/v2\/pages\/626\/revisions"}],"predecessor-version":[{"id":29387,"href":"https:\/\/patrimoine-avesnois.fr\/chemin\/wp-json\/wp\/v2\/pages\/626\/revisions\/29387"}],"wp:attachment":[{"href":"https:\/\/patrimoine-avesnois.fr\/chemin\/wp-json\/wp\/v2\/media?parent=626"}],"curies":[{"name":"wp","href":"https:\/\/api.w.org\/{rel}","templated":true}]}}