{"id":6611,"date":"2019-06-27T16:24:40","date_gmt":"2019-06-27T14:24:40","guid":{"rendered":"http:\/\/patrimoine-avesnois.fr\/chemin\/?page_id=6611"},"modified":"2022-02-25T10:31:43","modified_gmt":"2022-02-25T09:31:43","slug":"pont-sur-sambre","status":"publish","type":"page","link":"https:\/\/patrimoine-avesnois.fr\/chemin\/pont-sur-sambre\/","title":{"rendered":"Pont-sur-Sambre"},"content":{"rendered":"\n<div class=\"wp-block-image\"><figure class=\"aligncenter is-resized\"><img loading=\"lazy\" decoding=\"async\" data-attachment-id=\"6612\" data-permalink=\"https:\/\/patrimoine-avesnois.fr\/chemin\/pont-sur-sambre\/176_001\/\" data-orig-file=\"https:\/\/i0.wp.com\/patrimoine-avesnois.fr\/chemin\/wp-content\/uploads\/2019\/06\/176_001.jpg?fit=1413%2C965&amp;ssl=1\" data-orig-size=\"1413,965\" data-comments-opened=\"1\" data-image-meta=\"{&quot;aperture&quot;:&quot;0&quot;,&quot;credit&quot;:&quot;&quot;,&quot;camera&quot;:&quot;&quot;,&quot;caption&quot;:&quot;&quot;,&quot;created_timestamp&quot;:&quot;1561643418&quot;,&quot;copyright&quot;:&quot;&quot;,&quot;focal_length&quot;:&quot;0&quot;,&quot;iso&quot;:&quot;0&quot;,&quot;shutter_speed&quot;:&quot;0&quot;,&quot;title&quot;:&quot;&quot;,&quot;orientation&quot;:&quot;0&quot;}\" data-image-title=\"176_001\" data-image-description=\"\" data-image-caption=\"\" data-large-file=\"https:\/\/i0.wp.com\/patrimoine-avesnois.fr\/chemin\/wp-content\/uploads\/2019\/06\/176_001.jpg?fit=840%2C573&amp;ssl=1\" src=\"https:\/\/i0.wp.com\/patrimoine-avesnois.fr\/chemin\/wp-content\/uploads\/2019\/06\/176_001.jpg?fit=840%2C573\" alt=\"\" class=\"wp-image-6612\" width=\"660\" height=\"450\" srcset=\"https:\/\/i0.wp.com\/patrimoine-avesnois.fr\/chemin\/wp-content\/uploads\/2019\/06\/176_001.jpg?w=1413&amp;ssl=1 1413w, https:\/\/i0.wp.com\/patrimoine-avesnois.fr\/chemin\/wp-content\/uploads\/2019\/06\/176_001.jpg?resize=300%2C205&amp;ssl=1 300w, https:\/\/i0.wp.com\/patrimoine-avesnois.fr\/chemin\/wp-content\/uploads\/2019\/06\/176_001.jpg?resize=768%2C525&amp;ssl=1 768w, https:\/\/i0.wp.com\/patrimoine-avesnois.fr\/chemin\/wp-content\/uploads\/2019\/06\/176_001.jpg?resize=1024%2C699&amp;ssl=1 1024w, https:\/\/i0.wp.com\/patrimoine-avesnois.fr\/chemin\/wp-content\/uploads\/2019\/06\/176_001.jpg?resize=1200%2C820&amp;ssl=1 1200w\" sizes=\"auto, (max-width: 660px) 85vw, 660px\" \/><\/figure><\/div>\n\n\n\n<p>Ce village doit son nom au pont qui avait \u00e9t\u00e9 construit d\u00e8s l&rsquo;\u00e9poque romaine sur la route de Bavay \u00e0 Reims. A cette \u00e9poque, Pont n&rsquo;\u00e9tait qu&rsquo;un lieu-dit, et l&rsquo;agglom\u00e9ration se trouvait un peu plus \u00e0 l&rsquo;est, sur le territoire de Quartes.<\/p>\n\n\n\n<div class=\"wp-block-image\"><figure class=\"aligncenter is-resized\"><img loading=\"lazy\" decoding=\"async\" data-attachment-id=\"6614\" data-permalink=\"https:\/\/patrimoine-avesnois.fr\/chemin\/pont-sur-sambre\/787_001-2\/\" data-orig-file=\"https:\/\/i0.wp.com\/patrimoine-avesnois.fr\/chemin\/wp-content\/uploads\/2019\/06\/787_001-1.jpg?fit=1585%2C1088&amp;ssl=1\" data-orig-size=\"1585,1088\" data-comments-opened=\"1\" data-image-meta=\"{&quot;aperture&quot;:&quot;0&quot;,&quot;credit&quot;:&quot;&quot;,&quot;camera&quot;:&quot;&quot;,&quot;caption&quot;:&quot;&quot;,&quot;created_timestamp&quot;:&quot;1561643304&quot;,&quot;copyright&quot;:&quot;&quot;,&quot;focal_length&quot;:&quot;0&quot;,&quot;iso&quot;:&quot;0&quot;,&quot;shutter_speed&quot;:&quot;0&quot;,&quot;title&quot;:&quot;&quot;,&quot;orientation&quot;:&quot;0&quot;}\" data-image-title=\"787_001\" data-image-description=\"\" data-image-caption=\"\" data-large-file=\"https:\/\/i0.wp.com\/patrimoine-avesnois.fr\/chemin\/wp-content\/uploads\/2019\/06\/787_001-1.jpg?fit=840%2C577&amp;ssl=1\" src=\"https:\/\/i2.wp.com\/patrimoine-avesnois.fr\/chemin\/wp-content\/uploads\/2019\/06\/787_001-1.jpg?fit=840%2C577\" alt=\"\" class=\"wp-image-6614\" width=\"660\" height=\"454\" srcset=\"https:\/\/i0.wp.com\/patrimoine-avesnois.fr\/chemin\/wp-content\/uploads\/2019\/06\/787_001-1.jpg?w=1585&amp;ssl=1 1585w, https:\/\/i0.wp.com\/patrimoine-avesnois.fr\/chemin\/wp-content\/uploads\/2019\/06\/787_001-1.jpg?resize=300%2C206&amp;ssl=1 300w, https:\/\/i0.wp.com\/patrimoine-avesnois.fr\/chemin\/wp-content\/uploads\/2019\/06\/787_001-1.jpg?resize=768%2C527&amp;ssl=1 768w, https:\/\/i0.wp.com\/patrimoine-avesnois.fr\/chemin\/wp-content\/uploads\/2019\/06\/787_001-1.jpg?resize=1024%2C703&amp;ssl=1 1024w, https:\/\/i0.wp.com\/patrimoine-avesnois.fr\/chemin\/wp-content\/uploads\/2019\/06\/787_001-1.jpg?resize=1200%2C824&amp;ssl=1 1200w\" sizes=\"auto, (max-width: 660px) 85vw, 660px\" \/><\/figure><\/div>\n\n\n\n<p>Aujourd&rsquo;hui encore, Pont n&rsquo;a pas d&rsquo;\u00e9glise et c&rsquo;est l&rsquo;\u00e9glise de Quartes qui sert pour les deux villages. Quartes, Hameau de Pont-sur-Sambre, fut une station romaine qui figure sur <a aria-label=\"l'Itin\u00e9raire d'Antonin (opens in a new tab)\" href=\"https:\/\/fr.wikipedia.org\/wiki\/Pont-sur-Sambre\" target=\"_blank\" rel=\"noreferrer noopener\">l&rsquo;Itin\u00e9raire d&rsquo;Antonin<\/a> IV e si\u00e8cle, sous le nom de&nbsp;<em>Locus Quartensis<\/em>&nbsp;de la&nbsp;<a aria-label=\" (opens in a new tab)\" href=\"https:\/\/fr.wikipedia.org\/wiki\/Notitia_Dignitatum\" target=\"_blank\" rel=\"noreferrer noopener\">Notitia Dignitatum<\/a>. Le temple pa\u00efen fut alors remplac\u00e9 par une \u00e9glise. <\/p>\n\n\n\n<p>Le socle du 4e&nbsp;milliaire, qui donna son nom au hameau de Quartes, y fut retrouv\u00e9 sur la voie romaine de Bavay \u00e0 Reims par&nbsp;<a aria-label=\" (opens in a new tab)\" href=\"https:\/\/fr.wikipedia.org\/wiki\/Abb%C3%A9_de_Bevy\" target=\"_blank\" rel=\"noreferrer noopener\">Dom B\u00e9vy<\/a>&nbsp;en 1777&nbsp;; plus r\u00e9cemment deux fragments de statues repr\u00e9sentant Hercule et Minerve furent d\u00e9couverts et figurent au Mus\u00e9e de la Soci\u00e9t\u00e9 d&rsquo;Arch\u00e9ologie d&rsquo;Avesnes.<\/p>\n\n\n\n<p> En 1246, Pont-sur-Sambre appartenait aux seigneurs&nbsp;d&rsquo;Avesnes et comte de Beaumont. Par la suite, le village changea de ma\u00eetres&nbsp;: le comte de Luxembourg, Ren\u00e9 d&rsquo;Anjou, Nicolas de Rolin, Claude-Henri de Rocca et Pierre Badv Seigneur d&rsquo;Aymeries, en furent successivement les principaux propri\u00e9taires. <\/p>\n\n\n\n<div class=\"wp-block-image\"><figure class=\"aligncenter is-resized\"><img loading=\"lazy\" decoding=\"async\" data-attachment-id=\"6615\" data-permalink=\"https:\/\/patrimoine-avesnois.fr\/chemin\/pont-sur-sambre\/832_001\/\" data-orig-file=\"https:\/\/i0.wp.com\/patrimoine-avesnois.fr\/chemin\/wp-content\/uploads\/2019\/06\/832_001.jpg?fit=1418%2C991&amp;ssl=1\" data-orig-size=\"1418,991\" data-comments-opened=\"1\" data-image-meta=\"{&quot;aperture&quot;:&quot;0&quot;,&quot;credit&quot;:&quot;&quot;,&quot;camera&quot;:&quot;&quot;,&quot;caption&quot;:&quot;&quot;,&quot;created_timestamp&quot;:&quot;1561643515&quot;,&quot;copyright&quot;:&quot;&quot;,&quot;focal_length&quot;:&quot;0&quot;,&quot;iso&quot;:&quot;0&quot;,&quot;shutter_speed&quot;:&quot;0&quot;,&quot;title&quot;:&quot;&quot;,&quot;orientation&quot;:&quot;0&quot;}\" data-image-title=\"832_001\" data-image-description=\"\" data-image-caption=\"\" data-large-file=\"https:\/\/i0.wp.com\/patrimoine-avesnois.fr\/chemin\/wp-content\/uploads\/2019\/06\/832_001.jpg?fit=840%2C587&amp;ssl=1\" src=\"https:\/\/i2.wp.com\/patrimoine-avesnois.fr\/chemin\/wp-content\/uploads\/2019\/06\/832_001.jpg?fit=840%2C587\" alt=\"\" class=\"wp-image-6615\" width=\"660\" height=\"461\" srcset=\"https:\/\/i0.wp.com\/patrimoine-avesnois.fr\/chemin\/wp-content\/uploads\/2019\/06\/832_001.jpg?w=1418&amp;ssl=1 1418w, https:\/\/i0.wp.com\/patrimoine-avesnois.fr\/chemin\/wp-content\/uploads\/2019\/06\/832_001.jpg?resize=300%2C210&amp;ssl=1 300w, https:\/\/i0.wp.com\/patrimoine-avesnois.fr\/chemin\/wp-content\/uploads\/2019\/06\/832_001.jpg?resize=768%2C537&amp;ssl=1 768w, https:\/\/i0.wp.com\/patrimoine-avesnois.fr\/chemin\/wp-content\/uploads\/2019\/06\/832_001.jpg?resize=1024%2C716&amp;ssl=1 1024w, https:\/\/i0.wp.com\/patrimoine-avesnois.fr\/chemin\/wp-content\/uploads\/2019\/06\/832_001.jpg?resize=1200%2C839&amp;ssl=1 1200w\" sizes=\"auto, (max-width: 660px) 85vw, 660px\" \/><figcaption>Vue a\u00e9rienne de l&rsquo;\u00e9glise de Quartes<\/figcaption><\/figure><\/div>\n\n\n\n<p>L&rsquo; \u00e9glise b\u00e2tie sur l&#8217;emplacement d&rsquo;un temple pa\u00efen remonte au&nbsp;XVII e si\u00e8cle. Elle a \u00e9t\u00e9 construite ou plut\u00f4t restaur\u00e9e gr\u00e2ce aux lib\u00e9ralit\u00e9s des seigneurs d&rsquo;Aymeries qui s&rsquo;y firent enterrer. Leurs dalles fun\u00e9raires s&rsquo;y voient encore, malheureusement mutil\u00e9es \u00e0 la R\u00e9volution.<\/p>\n\n\n\n<div class=\"wp-block-image\"><figure class=\"aligncenter is-resized\"><img data-recalc-dims=\"1\" loading=\"lazy\" decoding=\"async\" data-attachment-id=\"6616\" data-permalink=\"https:\/\/patrimoine-avesnois.fr\/chemin\/pont-sur-sambre\/image-1005\/\" data-orig-file=\"https:\/\/i0.wp.com\/patrimoine-avesnois.fr\/chemin\/wp-content\/uploads\/2019\/06\/image-198.png?fit=678%2C913&amp;ssl=1\" data-orig-size=\"678,913\" data-comments-opened=\"1\" data-image-meta=\"{&quot;aperture&quot;:&quot;0&quot;,&quot;credit&quot;:&quot;&quot;,&quot;camera&quot;:&quot;&quot;,&quot;caption&quot;:&quot;&quot;,&quot;created_timestamp&quot;:&quot;0&quot;,&quot;copyright&quot;:&quot;&quot;,&quot;focal_length&quot;:&quot;0&quot;,&quot;iso&quot;:&quot;0&quot;,&quot;shutter_speed&quot;:&quot;0&quot;,&quot;title&quot;:&quot;&quot;,&quot;orientation&quot;:&quot;0&quot;}\" data-image-title=\"image\" data-image-description=\"\" data-image-caption=\"\" data-large-file=\"https:\/\/i0.wp.com\/patrimoine-avesnois.fr\/chemin\/wp-content\/uploads\/2019\/06\/image-198.png?fit=678%2C913&amp;ssl=1\" src=\"https:\/\/i0.wp.com\/patrimoine-avesnois.fr\/chemin\/wp-content\/uploads\/2019\/06\/image-198.png?resize=420%2C566\" alt=\"\" class=\"wp-image-6616\" width=\"420\" height=\"566\" srcset=\"https:\/\/i0.wp.com\/patrimoine-avesnois.fr\/chemin\/wp-content\/uploads\/2019\/06\/image-198.png?w=678&amp;ssl=1 678w, https:\/\/i0.wp.com\/patrimoine-avesnois.fr\/chemin\/wp-content\/uploads\/2019\/06\/image-198.png?resize=223%2C300&amp;ssl=1 223w\" sizes=\"auto, (max-width: 420px) 85vw, 420px\" \/><figcaption>L&rsquo;\u00e9glise de Pont-sur-Sambre (Quartes)<\/figcaption><\/figure><\/div>\n\n\n\n<div class=\"wp-block-image\"><figure class=\"aligncenter is-resized\"><img data-recalc-dims=\"1\" loading=\"lazy\" decoding=\"async\" data-attachment-id=\"6659\" data-permalink=\"https:\/\/patrimoine-avesnois.fr\/chemin\/pont-sur-sambre\/image-1008\/\" data-orig-file=\"https:\/\/i0.wp.com\/patrimoine-avesnois.fr\/chemin\/wp-content\/uploads\/2019\/06\/image-201.png?fit=680%2C905&amp;ssl=1\" data-orig-size=\"680,905\" data-comments-opened=\"1\" data-image-meta=\"{&quot;aperture&quot;:&quot;0&quot;,&quot;credit&quot;:&quot;&quot;,&quot;camera&quot;:&quot;&quot;,&quot;caption&quot;:&quot;&quot;,&quot;created_timestamp&quot;:&quot;0&quot;,&quot;copyright&quot;:&quot;&quot;,&quot;focal_length&quot;:&quot;0&quot;,&quot;iso&quot;:&quot;0&quot;,&quot;shutter_speed&quot;:&quot;0&quot;,&quot;title&quot;:&quot;&quot;,&quot;orientation&quot;:&quot;0&quot;}\" data-image-title=\"image\" data-image-description=\"\" data-image-caption=\"\" data-large-file=\"https:\/\/i0.wp.com\/patrimoine-avesnois.fr\/chemin\/wp-content\/uploads\/2019\/06\/image-201.png?fit=680%2C905&amp;ssl=1\" src=\"https:\/\/i0.wp.com\/patrimoine-avesnois.fr\/chemin\/wp-content\/uploads\/2019\/06\/image-201.png?resize=420%2C560\" alt=\"\" class=\"wp-image-6659\" width=\"420\" height=\"560\" srcset=\"https:\/\/i0.wp.com\/patrimoine-avesnois.fr\/chemin\/wp-content\/uploads\/2019\/06\/image-201.png?w=680&amp;ssl=1 680w, https:\/\/i0.wp.com\/patrimoine-avesnois.fr\/chemin\/wp-content\/uploads\/2019\/06\/image-201.png?resize=225%2C300&amp;ssl=1 225w\" sizes=\"auto, (max-width: 420px) 85vw, 420px\" \/><\/figure><\/div>\n\n\n\n<div class=\"wp-block-image\"><figure class=\"aligncenter is-resized\"><img loading=\"lazy\" decoding=\"async\" data-attachment-id=\"6658\" data-permalink=\"https:\/\/patrimoine-avesnois.fr\/chemin\/pont-sur-sambre\/image-1007\/\" data-orig-file=\"https:\/\/i0.wp.com\/patrimoine-avesnois.fr\/chemin\/wp-content\/uploads\/2019\/06\/image-200.png?fit=1220%2C908&amp;ssl=1\" data-orig-size=\"1220,908\" data-comments-opened=\"1\" data-image-meta=\"{&quot;aperture&quot;:&quot;0&quot;,&quot;credit&quot;:&quot;&quot;,&quot;camera&quot;:&quot;&quot;,&quot;caption&quot;:&quot;&quot;,&quot;created_timestamp&quot;:&quot;0&quot;,&quot;copyright&quot;:&quot;&quot;,&quot;focal_length&quot;:&quot;0&quot;,&quot;iso&quot;:&quot;0&quot;,&quot;shutter_speed&quot;:&quot;0&quot;,&quot;title&quot;:&quot;&quot;,&quot;orientation&quot;:&quot;0&quot;}\" data-image-title=\"image\" data-image-description=\"\" data-image-caption=\"\" data-large-file=\"https:\/\/i0.wp.com\/patrimoine-avesnois.fr\/chemin\/wp-content\/uploads\/2019\/06\/image-200.png?fit=840%2C625&amp;ssl=1\" src=\"https:\/\/i0.wp.com\/patrimoine-avesnois.fr\/chemin\/wp-content\/uploads\/2019\/06\/image-200.png?fit=840%2C625\" alt=\"\" class=\"wp-image-6658\" width=\"630\" height=\"469\" srcset=\"https:\/\/i0.wp.com\/patrimoine-avesnois.fr\/chemin\/wp-content\/uploads\/2019\/06\/image-200.png?w=1220&amp;ssl=1 1220w, https:\/\/i0.wp.com\/patrimoine-avesnois.fr\/chemin\/wp-content\/uploads\/2019\/06\/image-200.png?resize=300%2C223&amp;ssl=1 300w, https:\/\/i0.wp.com\/patrimoine-avesnois.fr\/chemin\/wp-content\/uploads\/2019\/06\/image-200.png?resize=768%2C572&amp;ssl=1 768w, https:\/\/i0.wp.com\/patrimoine-avesnois.fr\/chemin\/wp-content\/uploads\/2019\/06\/image-200.png?resize=1024%2C762&amp;ssl=1 1024w, https:\/\/i0.wp.com\/patrimoine-avesnois.fr\/chemin\/wp-content\/uploads\/2019\/06\/image-200.png?resize=1200%2C893&amp;ssl=1 1200w\" sizes=\"auto, (max-width: 630px) 85vw, 630px\" \/><\/figure><\/div>\n\n\n\n<p>Bien que tr\u00e8s ancienne, l&rsquo;\u00e9glise fut compl\u00e8tement restaur\u00e9e en 1783 et l&rsquo;ensemble du monument a l&rsquo;apparence d&rsquo;une \u00e9glise du XVIII e si\u00e8cle, malgr\u00e9 l&rsquo;ogive des vo\u00fbtes. On distingue donc trois parties dans l&rsquo;architecture&nbsp;: Le clocher qui date de 1783, la nef du XV e si\u00e8cle<abbr title=\"Quinzi\u00e8me\"><sup>e<\/sup><\/abbr>&nbsp;et le ch\u0153ur vers 1600. <\/p>\n\n\n\n<div class=\"wp-block-image\"><figure class=\"aligncenter is-resized\"><img data-recalc-dims=\"1\" loading=\"lazy\" decoding=\"async\" data-attachment-id=\"6618\" data-permalink=\"https:\/\/patrimoine-avesnois.fr\/chemin\/pont-sur-sambre\/image-1006\/\" data-orig-file=\"https:\/\/i0.wp.com\/patrimoine-avesnois.fr\/chemin\/wp-content\/uploads\/2019\/06\/image-199.png?fit=677%2C916&amp;ssl=1\" data-orig-size=\"677,916\" data-comments-opened=\"1\" data-image-meta=\"{&quot;aperture&quot;:&quot;0&quot;,&quot;credit&quot;:&quot;&quot;,&quot;camera&quot;:&quot;&quot;,&quot;caption&quot;:&quot;&quot;,&quot;created_timestamp&quot;:&quot;0&quot;,&quot;copyright&quot;:&quot;&quot;,&quot;focal_length&quot;:&quot;0&quot;,&quot;iso&quot;:&quot;0&quot;,&quot;shutter_speed&quot;:&quot;0&quot;,&quot;title&quot;:&quot;&quot;,&quot;orientation&quot;:&quot;0&quot;}\" data-image-title=\"image\" data-image-description=\"\" data-image-caption=\"\" data-large-file=\"https:\/\/i0.wp.com\/patrimoine-avesnois.fr\/chemin\/wp-content\/uploads\/2019\/06\/image-199.png?fit=677%2C916&amp;ssl=1\" src=\"https:\/\/i0.wp.com\/patrimoine-avesnois.fr\/chemin\/wp-content\/uploads\/2019\/06\/image-199.png?resize=420%2C570\" alt=\"\" class=\"wp-image-6618\" width=\"420\" height=\"570\"\/><\/figure><\/div>\n\n\n\n<div class=\"wp-block-image\"><figure class=\"aligncenter\"><img data-recalc-dims=\"1\" loading=\"lazy\" decoding=\"async\" width=\"454\" height=\"606\" data-attachment-id=\"10219\" data-permalink=\"https:\/\/patrimoine-avesnois.fr\/chemin\/pont-sur-sambre\/image-1653\/\" data-orig-file=\"https:\/\/i0.wp.com\/patrimoine-avesnois.fr\/chemin\/wp-content\/uploads\/2020\/03\/image-251.png?fit=454%2C606&amp;ssl=1\" data-orig-size=\"454,606\" data-comments-opened=\"1\" data-image-meta=\"{&quot;aperture&quot;:&quot;0&quot;,&quot;credit&quot;:&quot;&quot;,&quot;camera&quot;:&quot;&quot;,&quot;caption&quot;:&quot;&quot;,&quot;created_timestamp&quot;:&quot;0&quot;,&quot;copyright&quot;:&quot;&quot;,&quot;focal_length&quot;:&quot;0&quot;,&quot;iso&quot;:&quot;0&quot;,&quot;shutter_speed&quot;:&quot;0&quot;,&quot;title&quot;:&quot;&quot;,&quot;orientation&quot;:&quot;0&quot;}\" data-image-title=\"image\" data-image-description=\"\" data-image-caption=\"\" data-large-file=\"https:\/\/i0.wp.com\/patrimoine-avesnois.fr\/chemin\/wp-content\/uploads\/2020\/03\/image-251.png?fit=454%2C606&amp;ssl=1\" src=\"https:\/\/i0.wp.com\/patrimoine-avesnois.fr\/chemin\/wp-content\/uploads\/2020\/03\/image-251.png?resize=454%2C606\" alt=\"\" class=\"wp-image-10219\" srcset=\"https:\/\/i0.wp.com\/patrimoine-avesnois.fr\/chemin\/wp-content\/uploads\/2020\/03\/image-251.png?w=454&amp;ssl=1 454w, https:\/\/i0.wp.com\/patrimoine-avesnois.fr\/chemin\/wp-content\/uploads\/2020\/03\/image-251.png?resize=225%2C300&amp;ssl=1 225w\" sizes=\"auto, (max-width: 454px) 85vw, 454px\" \/><\/figure><\/div>\n\n\n\n<div class=\"wp-block-image\"><figure class=\"aligncenter is-resized\"><img loading=\"lazy\" decoding=\"async\" data-attachment-id=\"6620\" data-permalink=\"https:\/\/patrimoine-avesnois.fr\/chemin\/pont-sur-sambre\/img_6038\/\" data-orig-file=\"https:\/\/i0.wp.com\/patrimoine-avesnois.fr\/chemin\/wp-content\/uploads\/2019\/06\/IMG_6038.jpg?fit=4032%2C3024&amp;ssl=1\" data-orig-size=\"4032,3024\" data-comments-opened=\"1\" data-image-meta=\"{&quot;aperture&quot;:&quot;2.2&quot;,&quot;credit&quot;:&quot;&quot;,&quot;camera&quot;:&quot;iPhone SE&quot;,&quot;caption&quot;:&quot;&quot;,&quot;created_timestamp&quot;:&quot;1561305765&quot;,&quot;copyright&quot;:&quot;&quot;,&quot;focal_length&quot;:&quot;4.15&quot;,&quot;iso&quot;:&quot;320&quot;,&quot;shutter_speed&quot;:&quot;0.058823529411765&quot;,&quot;title&quot;:&quot;&quot;,&quot;orientation&quot;:&quot;1&quot;}\" data-image-title=\"IMG_6038\" data-image-description=\"\" data-image-caption=\"\" data-large-file=\"https:\/\/i0.wp.com\/patrimoine-avesnois.fr\/chemin\/wp-content\/uploads\/2019\/06\/IMG_6038.jpg?fit=840%2C630&amp;ssl=1\" src=\"https:\/\/i0.wp.com\/patrimoine-avesnois.fr\/chemin\/wp-content\/uploads\/2019\/06\/IMG_6038.jpg?fit=840%2C630\" alt=\"\" class=\"wp-image-6620\" width=\"630\" height=\"473\" srcset=\"https:\/\/i0.wp.com\/patrimoine-avesnois.fr\/chemin\/wp-content\/uploads\/2019\/06\/IMG_6038.jpg?w=4032&amp;ssl=1 4032w, https:\/\/i0.wp.com\/patrimoine-avesnois.fr\/chemin\/wp-content\/uploads\/2019\/06\/IMG_6038.jpg?resize=300%2C225&amp;ssl=1 300w, https:\/\/i0.wp.com\/patrimoine-avesnois.fr\/chemin\/wp-content\/uploads\/2019\/06\/IMG_6038.jpg?resize=768%2C576&amp;ssl=1 768w, https:\/\/i0.wp.com\/patrimoine-avesnois.fr\/chemin\/wp-content\/uploads\/2019\/06\/IMG_6038.jpg?resize=1024%2C768&amp;ssl=1 1024w, https:\/\/i0.wp.com\/patrimoine-avesnois.fr\/chemin\/wp-content\/uploads\/2019\/06\/IMG_6038.jpg?resize=1200%2C900&amp;ssl=1 1200w, https:\/\/i0.wp.com\/patrimoine-avesnois.fr\/chemin\/wp-content\/uploads\/2019\/06\/IMG_6038.jpg?w=1680 1680w, https:\/\/i0.wp.com\/patrimoine-avesnois.fr\/chemin\/wp-content\/uploads\/2019\/06\/IMG_6038.jpg?w=2520 2520w\" sizes=\"auto, (max-width: 630px) 85vw, 630px\" \/><figcaption>Int\u00e9rieur de l&rsquo;\u00e9glise de Pont-sur-Sambre<\/figcaption><\/figure><\/div>\n\n\n\n<p>Tout le mobilier est splendide. On y voit des autels monumentaux et des boiseries orn\u00e9es de colonnes corinthiennes, avec de grandes statues de bois. La d\u00e9coration est magnifique.<\/p>\n\n\n\n<figure class=\"wp-block-gallery columns-2 is-cropped wp-block-gallery-1 is-layout-flex wp-block-gallery-is-layout-flex\"><ul class=\"blocks-gallery-grid\"><li class=\"blocks-gallery-item\"><figure><img data-recalc-dims=\"1\" loading=\"lazy\" decoding=\"async\" width=\"675\" height=\"913\" data-attachment-id=\"6622\" data-permalink=\"https:\/\/patrimoine-avesnois.fr\/chemin\/pont-sur-sambre\/capture-160\/\" data-orig-file=\"https:\/\/i0.wp.com\/patrimoine-avesnois.fr\/chemin\/wp-content\/uploads\/2019\/06\/Capture-38.jpg?fit=675%2C913&amp;ssl=1\" data-orig-size=\"675,913\" data-comments-opened=\"1\" data-image-meta=\"{&quot;aperture&quot;:&quot;0&quot;,&quot;credit&quot;:&quot;CARRE&quot;,&quot;camera&quot;:&quot;&quot;,&quot;caption&quot;:&quot;&quot;,&quot;created_timestamp&quot;:&quot;1561646694&quot;,&quot;copyright&quot;:&quot;&quot;,&quot;focal_length&quot;:&quot;0&quot;,&quot;iso&quot;:&quot;0&quot;,&quot;shutter_speed&quot;:&quot;0&quot;,&quot;title&quot;:&quot;&quot;,&quot;orientation&quot;:&quot;0&quot;}\" data-image-title=\"Capture\" data-image-description=\"\" data-image-caption=\"\" data-large-file=\"https:\/\/i0.wp.com\/patrimoine-avesnois.fr\/chemin\/wp-content\/uploads\/2019\/06\/Capture-38.jpg?fit=675%2C913&amp;ssl=1\" src=\"https:\/\/i0.wp.com\/patrimoine-avesnois.fr\/chemin\/wp-content\/uploads\/2019\/06\/Capture-38.jpg?resize=675%2C913\" alt=\"\" data-id=\"6622\" data-link=\"http:\/\/patrimoine-avesnois.fr\/chemin\/?attachment_id=6622\" class=\"wp-image-6622\" srcset=\"https:\/\/i0.wp.com\/patrimoine-avesnois.fr\/chemin\/wp-content\/uploads\/2019\/06\/Capture-38.jpg?w=675&amp;ssl=1 675w, https:\/\/i0.wp.com\/patrimoine-avesnois.fr\/chemin\/wp-content\/uploads\/2019\/06\/Capture-38.jpg?resize=222%2C300&amp;ssl=1 222w\" sizes=\"auto, (max-width: 675px) 85vw, 675px\" \/><figcaption class=\"blocks-gallery-item__caption\">le Ma\u00eetre Autel<\/figcaption><\/figure><\/li><li class=\"blocks-gallery-item\"><figure><img data-recalc-dims=\"1\" loading=\"lazy\" decoding=\"async\" width=\"683\" height=\"924\" data-attachment-id=\"6623\" data-permalink=\"https:\/\/patrimoine-avesnois.fr\/chemin\/pont-sur-sambre\/capture1-64\/\" data-orig-file=\"https:\/\/i0.wp.com\/patrimoine-avesnois.fr\/chemin\/wp-content\/uploads\/2019\/06\/Capture1-19.jpg?fit=683%2C924&amp;ssl=1\" data-orig-size=\"683,924\" data-comments-opened=\"1\" data-image-meta=\"{&quot;aperture&quot;:&quot;0&quot;,&quot;credit&quot;:&quot;CARRE&quot;,&quot;camera&quot;:&quot;&quot;,&quot;caption&quot;:&quot;&quot;,&quot;created_timestamp&quot;:&quot;1561646716&quot;,&quot;copyright&quot;:&quot;&quot;,&quot;focal_length&quot;:&quot;0&quot;,&quot;iso&quot;:&quot;0&quot;,&quot;shutter_speed&quot;:&quot;0&quot;,&quot;title&quot;:&quot;&quot;,&quot;orientation&quot;:&quot;0&quot;}\" data-image-title=\"Capture1\" data-image-description=\"\" data-image-caption=\"\" data-large-file=\"https:\/\/i0.wp.com\/patrimoine-avesnois.fr\/chemin\/wp-content\/uploads\/2019\/06\/Capture1-19.jpg?fit=683%2C924&amp;ssl=1\" src=\"https:\/\/i0.wp.com\/patrimoine-avesnois.fr\/chemin\/wp-content\/uploads\/2019\/06\/Capture1-19.jpg?resize=683%2C924\" alt=\"\" data-id=\"6623\" data-link=\"http:\/\/patrimoine-avesnois.fr\/chemin\/?attachment_id=6623\" class=\"wp-image-6623\" srcset=\"https:\/\/i0.wp.com\/patrimoine-avesnois.fr\/chemin\/wp-content\/uploads\/2019\/06\/Capture1-19.jpg?w=683&amp;ssl=1 683w, https:\/\/i0.wp.com\/patrimoine-avesnois.fr\/chemin\/wp-content\/uploads\/2019\/06\/Capture1-19.jpg?resize=222%2C300&amp;ssl=1 222w\" sizes=\"auto, (max-width: 683px) 85vw, 683px\" \/><figcaption class=\"blocks-gallery-item__caption\">le Ma\u00eetre Autel<\/figcaption><\/figure><\/li><\/ul><\/figure>\n\n\n\n<div class=\"wp-block-image\"><figure class=\"aligncenter is-resized\"><img data-recalc-dims=\"1\" loading=\"lazy\" decoding=\"async\" data-attachment-id=\"10221\" data-permalink=\"https:\/\/patrimoine-avesnois.fr\/chemin\/pont-sur-sambre\/image-1654\/\" data-orig-file=\"https:\/\/i0.wp.com\/patrimoine-avesnois.fr\/chemin\/wp-content\/uploads\/2020\/03\/image-252.png?fit=452%2C606&amp;ssl=1\" data-orig-size=\"452,606\" data-comments-opened=\"1\" data-image-meta=\"{&quot;aperture&quot;:&quot;0&quot;,&quot;credit&quot;:&quot;&quot;,&quot;camera&quot;:&quot;&quot;,&quot;caption&quot;:&quot;&quot;,&quot;created_timestamp&quot;:&quot;0&quot;,&quot;copyright&quot;:&quot;&quot;,&quot;focal_length&quot;:&quot;0&quot;,&quot;iso&quot;:&quot;0&quot;,&quot;shutter_speed&quot;:&quot;0&quot;,&quot;title&quot;:&quot;&quot;,&quot;orientation&quot;:&quot;0&quot;}\" data-image-title=\"image\" data-image-description=\"\" data-image-caption=\"\" data-large-file=\"https:\/\/i0.wp.com\/patrimoine-avesnois.fr\/chemin\/wp-content\/uploads\/2020\/03\/image-252.png?fit=452%2C606&amp;ssl=1\" src=\"https:\/\/i0.wp.com\/patrimoine-avesnois.fr\/chemin\/wp-content\/uploads\/2020\/03\/image-252.png?resize=417%2C560\" alt=\"\" class=\"wp-image-10221\" width=\"417\" height=\"560\" srcset=\"https:\/\/i0.wp.com\/patrimoine-avesnois.fr\/chemin\/wp-content\/uploads\/2020\/03\/image-252.png?w=452&amp;ssl=1 452w, https:\/\/i0.wp.com\/patrimoine-avesnois.fr\/chemin\/wp-content\/uploads\/2020\/03\/image-252.png?resize=224%2C300&amp;ssl=1 224w\" sizes=\"auto, (max-width: 417px) 85vw, 417px\" \/><figcaption>Autel Ch\u0153ur de J\u00e9sus<\/figcaption><\/figure><\/div>\n\n\n\n<div class=\"wp-block-image\"><figure class=\"aligncenter is-resized\"><img data-recalc-dims=\"1\" loading=\"lazy\" decoding=\"async\" data-attachment-id=\"10222\" data-permalink=\"https:\/\/patrimoine-avesnois.fr\/chemin\/pont-sur-sambre\/image-1655\/\" data-orig-file=\"https:\/\/i0.wp.com\/patrimoine-avesnois.fr\/chemin\/wp-content\/uploads\/2020\/03\/image-253.png?fit=453%2C608&amp;ssl=1\" data-orig-size=\"453,608\" data-comments-opened=\"1\" data-image-meta=\"{&quot;aperture&quot;:&quot;0&quot;,&quot;credit&quot;:&quot;&quot;,&quot;camera&quot;:&quot;&quot;,&quot;caption&quot;:&quot;&quot;,&quot;created_timestamp&quot;:&quot;0&quot;,&quot;copyright&quot;:&quot;&quot;,&quot;focal_length&quot;:&quot;0&quot;,&quot;iso&quot;:&quot;0&quot;,&quot;shutter_speed&quot;:&quot;0&quot;,&quot;title&quot;:&quot;&quot;,&quot;orientation&quot;:&quot;0&quot;}\" data-image-title=\"image\" data-image-description=\"\" data-image-caption=\"\" data-large-file=\"https:\/\/i0.wp.com\/patrimoine-avesnois.fr\/chemin\/wp-content\/uploads\/2020\/03\/image-253.png?fit=453%2C608&amp;ssl=1\" src=\"https:\/\/i0.wp.com\/patrimoine-avesnois.fr\/chemin\/wp-content\/uploads\/2020\/03\/image-253.png?resize=417%2C560\" alt=\"\" class=\"wp-image-10222\" width=\"417\" height=\"560\" srcset=\"https:\/\/i0.wp.com\/patrimoine-avesnois.fr\/chemin\/wp-content\/uploads\/2020\/03\/image-253.png?w=453&amp;ssl=1 453w, https:\/\/i0.wp.com\/patrimoine-avesnois.fr\/chemin\/wp-content\/uploads\/2020\/03\/image-253.png?resize=224%2C300&amp;ssl=1 224w\" sizes=\"auto, (max-width: 417px) 85vw, 417px\" \/><figcaption>Autel N.D de Quartes<\/figcaption><\/figure><\/div>\n\n\n\n<p>On admire ci dessus la statue de N.D de Quartes qui est ici tr\u00e8s v\u00e9n\u00e9r\u00e9e.<\/p>\n\n\n\n<div class=\"wp-block-image\"><figure class=\"aligncenter\"><img data-recalc-dims=\"1\" loading=\"lazy\" decoding=\"async\" width=\"454\" height=\"611\" data-attachment-id=\"10223\" data-permalink=\"https:\/\/patrimoine-avesnois.fr\/chemin\/pont-sur-sambre\/image-1656\/\" data-orig-file=\"https:\/\/i0.wp.com\/patrimoine-avesnois.fr\/chemin\/wp-content\/uploads\/2020\/03\/image-254.png?fit=454%2C611&amp;ssl=1\" data-orig-size=\"454,611\" data-comments-opened=\"1\" data-image-meta=\"{&quot;aperture&quot;:&quot;0&quot;,&quot;credit&quot;:&quot;&quot;,&quot;camera&quot;:&quot;&quot;,&quot;caption&quot;:&quot;&quot;,&quot;created_timestamp&quot;:&quot;0&quot;,&quot;copyright&quot;:&quot;&quot;,&quot;focal_length&quot;:&quot;0&quot;,&quot;iso&quot;:&quot;0&quot;,&quot;shutter_speed&quot;:&quot;0&quot;,&quot;title&quot;:&quot;&quot;,&quot;orientation&quot;:&quot;0&quot;}\" data-image-title=\"image\" data-image-description=\"\" data-image-caption=\"\" data-large-file=\"https:\/\/i0.wp.com\/patrimoine-avesnois.fr\/chemin\/wp-content\/uploads\/2020\/03\/image-254.png?fit=454%2C611&amp;ssl=1\" src=\"https:\/\/i0.wp.com\/patrimoine-avesnois.fr\/chemin\/wp-content\/uploads\/2020\/03\/image-254.png?resize=454%2C611\" alt=\"\" class=\"wp-image-10223\" srcset=\"https:\/\/i0.wp.com\/patrimoine-avesnois.fr\/chemin\/wp-content\/uploads\/2020\/03\/image-254.png?w=454&amp;ssl=1 454w, https:\/\/i0.wp.com\/patrimoine-avesnois.fr\/chemin\/wp-content\/uploads\/2020\/03\/image-254.png?resize=223%2C300&amp;ssl=1 223w\" sizes=\"auto, (max-width: 454px) 85vw, 454px\" \/><\/figure><\/div>\n\n\n\n<figure class=\"wp-block-gallery columns-2 is-cropped wp-block-gallery-2 is-layout-flex wp-block-gallery-is-layout-flex\"><ul class=\"blocks-gallery-grid\"><li class=\"blocks-gallery-item\"><figure><img data-recalc-dims=\"1\" loading=\"lazy\" decoding=\"async\" width=\"677\" height=\"919\" data-attachment-id=\"6629\" data-permalink=\"https:\/\/patrimoine-avesnois.fr\/chemin\/pont-sur-sambre\/capture-162\/\" data-orig-file=\"https:\/\/i0.wp.com\/patrimoine-avesnois.fr\/chemin\/wp-content\/uploads\/2019\/06\/Capture-40.jpg?fit=677%2C919&amp;ssl=1\" data-orig-size=\"677,919\" data-comments-opened=\"1\" data-image-meta=\"{&quot;aperture&quot;:&quot;0&quot;,&quot;credit&quot;:&quot;CARRE&quot;,&quot;camera&quot;:&quot;&quot;,&quot;caption&quot;:&quot;&quot;,&quot;created_timestamp&quot;:&quot;1561647216&quot;,&quot;copyright&quot;:&quot;&quot;,&quot;focal_length&quot;:&quot;0&quot;,&quot;iso&quot;:&quot;0&quot;,&quot;shutter_speed&quot;:&quot;0&quot;,&quot;title&quot;:&quot;&quot;,&quot;orientation&quot;:&quot;0&quot;}\" data-image-title=\"Capture\" data-image-description=\"\" data-image-caption=\"\" data-large-file=\"https:\/\/i0.wp.com\/patrimoine-avesnois.fr\/chemin\/wp-content\/uploads\/2019\/06\/Capture-40.jpg?fit=677%2C919&amp;ssl=1\" src=\"https:\/\/i0.wp.com\/patrimoine-avesnois.fr\/chemin\/wp-content\/uploads\/2019\/06\/Capture-40.jpg?resize=677%2C919\" alt=\"\" data-id=\"6629\" data-link=\"http:\/\/patrimoine-avesnois.fr\/chemin\/?attachment_id=6629\" class=\"wp-image-6629\" srcset=\"https:\/\/i0.wp.com\/patrimoine-avesnois.fr\/chemin\/wp-content\/uploads\/2019\/06\/Capture-40.jpg?w=677&amp;ssl=1 677w, https:\/\/i0.wp.com\/patrimoine-avesnois.fr\/chemin\/wp-content\/uploads\/2019\/06\/Capture-40.jpg?resize=221%2C300&amp;ssl=1 221w\" sizes=\"auto, (max-width: 677px) 85vw, 677px\" \/><\/figure><\/li><li class=\"blocks-gallery-item\"><figure><img data-recalc-dims=\"1\" loading=\"lazy\" decoding=\"async\" width=\"673\" height=\"909\" data-attachment-id=\"6630\" data-permalink=\"https:\/\/patrimoine-avesnois.fr\/chemin\/pont-sur-sambre\/capture1-66\/\" data-orig-file=\"https:\/\/i0.wp.com\/patrimoine-avesnois.fr\/chemin\/wp-content\/uploads\/2019\/06\/Capture1-21.jpg?fit=673%2C909&amp;ssl=1\" data-orig-size=\"673,909\" data-comments-opened=\"1\" data-image-meta=\"{&quot;aperture&quot;:&quot;0&quot;,&quot;credit&quot;:&quot;CARRE&quot;,&quot;camera&quot;:&quot;&quot;,&quot;caption&quot;:&quot;&quot;,&quot;created_timestamp&quot;:&quot;1561647235&quot;,&quot;copyright&quot;:&quot;&quot;,&quot;focal_length&quot;:&quot;0&quot;,&quot;iso&quot;:&quot;0&quot;,&quot;shutter_speed&quot;:&quot;0&quot;,&quot;title&quot;:&quot;&quot;,&quot;orientation&quot;:&quot;0&quot;}\" data-image-title=\"Capture1\" data-image-description=\"\" data-image-caption=\"\" data-large-file=\"https:\/\/i0.wp.com\/patrimoine-avesnois.fr\/chemin\/wp-content\/uploads\/2019\/06\/Capture1-21.jpg?fit=673%2C909&amp;ssl=1\" src=\"https:\/\/i0.wp.com\/patrimoine-avesnois.fr\/chemin\/wp-content\/uploads\/2019\/06\/Capture1-21.jpg?resize=673%2C909\" alt=\"\" data-id=\"6630\" data-link=\"http:\/\/patrimoine-avesnois.fr\/chemin\/?attachment_id=6630\" class=\"wp-image-6630\" srcset=\"https:\/\/i0.wp.com\/patrimoine-avesnois.fr\/chemin\/wp-content\/uploads\/2019\/06\/Capture1-21.jpg?w=673&amp;ssl=1 673w, https:\/\/i0.wp.com\/patrimoine-avesnois.fr\/chemin\/wp-content\/uploads\/2019\/06\/Capture1-21.jpg?resize=222%2C300&amp;ssl=1 222w\" sizes=\"auto, (max-width: 673px) 85vw, 673px\" \/><\/figure><\/li><\/ul><\/figure>\n\n\n\n<figure class=\"wp-block-gallery columns-3 is-cropped wp-block-gallery-3 is-layout-flex wp-block-gallery-is-layout-flex\"><ul class=\"blocks-gallery-grid\"><li class=\"blocks-gallery-item\"><figure><img data-recalc-dims=\"1\" loading=\"lazy\" decoding=\"async\" width=\"677\" height=\"920\" data-attachment-id=\"6631\" data-permalink=\"https:\/\/patrimoine-avesnois.fr\/chemin\/pont-sur-sambre\/capture-163\/\" data-orig-file=\"https:\/\/i0.wp.com\/patrimoine-avesnois.fr\/chemin\/wp-content\/uploads\/2019\/06\/Capture-41.jpg?fit=677%2C920&amp;ssl=1\" data-orig-size=\"677,920\" data-comments-opened=\"1\" data-image-meta=\"{&quot;aperture&quot;:&quot;0&quot;,&quot;credit&quot;:&quot;CARRE&quot;,&quot;camera&quot;:&quot;&quot;,&quot;caption&quot;:&quot;&quot;,&quot;created_timestamp&quot;:&quot;1561647301&quot;,&quot;copyright&quot;:&quot;&quot;,&quot;focal_length&quot;:&quot;0&quot;,&quot;iso&quot;:&quot;0&quot;,&quot;shutter_speed&quot;:&quot;0&quot;,&quot;title&quot;:&quot;&quot;,&quot;orientation&quot;:&quot;0&quot;}\" data-image-title=\"Capture\" data-image-description=\"\" data-image-caption=\"\" data-large-file=\"https:\/\/i0.wp.com\/patrimoine-avesnois.fr\/chemin\/wp-content\/uploads\/2019\/06\/Capture-41.jpg?fit=677%2C920&amp;ssl=1\" src=\"https:\/\/i0.wp.com\/patrimoine-avesnois.fr\/chemin\/wp-content\/uploads\/2019\/06\/Capture-41.jpg?resize=677%2C920\" alt=\"\" data-id=\"6631\" data-link=\"http:\/\/patrimoine-avesnois.fr\/chemin\/?attachment_id=6631\" class=\"wp-image-6631\" srcset=\"https:\/\/i0.wp.com\/patrimoine-avesnois.fr\/chemin\/wp-content\/uploads\/2019\/06\/Capture-41.jpg?w=677&amp;ssl=1 677w, https:\/\/i0.wp.com\/patrimoine-avesnois.fr\/chemin\/wp-content\/uploads\/2019\/06\/Capture-41.jpg?resize=221%2C300&amp;ssl=1 221w\" sizes=\"auto, (max-width: 677px) 85vw, 677px\" \/><\/figure><\/li><li class=\"blocks-gallery-item\"><figure><img data-recalc-dims=\"1\" loading=\"lazy\" decoding=\"async\" width=\"685\" height=\"912\" data-attachment-id=\"6632\" data-permalink=\"https:\/\/patrimoine-avesnois.fr\/chemin\/pont-sur-sambre\/capture2-46\/\" data-orig-file=\"https:\/\/i0.wp.com\/patrimoine-avesnois.fr\/chemin\/wp-content\/uploads\/2019\/06\/Capture2-12.jpg?fit=685%2C912&amp;ssl=1\" data-orig-size=\"685,912\" data-comments-opened=\"1\" data-image-meta=\"{&quot;aperture&quot;:&quot;0&quot;,&quot;credit&quot;:&quot;CARRE&quot;,&quot;camera&quot;:&quot;&quot;,&quot;caption&quot;:&quot;&quot;,&quot;created_timestamp&quot;:&quot;1561647348&quot;,&quot;copyright&quot;:&quot;&quot;,&quot;focal_length&quot;:&quot;0&quot;,&quot;iso&quot;:&quot;0&quot;,&quot;shutter_speed&quot;:&quot;0&quot;,&quot;title&quot;:&quot;&quot;,&quot;orientation&quot;:&quot;0&quot;}\" data-image-title=\"Capture2\" data-image-description=\"\" data-image-caption=\"\" data-large-file=\"https:\/\/i0.wp.com\/patrimoine-avesnois.fr\/chemin\/wp-content\/uploads\/2019\/06\/Capture2-12.jpg?fit=685%2C912&amp;ssl=1\" src=\"https:\/\/i0.wp.com\/patrimoine-avesnois.fr\/chemin\/wp-content\/uploads\/2019\/06\/Capture2-12.jpg?resize=685%2C912\" alt=\"\" data-id=\"6632\" data-link=\"http:\/\/patrimoine-avesnois.fr\/chemin\/?attachment_id=6632\" class=\"wp-image-6632\" srcset=\"https:\/\/i0.wp.com\/patrimoine-avesnois.fr\/chemin\/wp-content\/uploads\/2019\/06\/Capture2-12.jpg?w=685&amp;ssl=1 685w, https:\/\/i0.wp.com\/patrimoine-avesnois.fr\/chemin\/wp-content\/uploads\/2019\/06\/Capture2-12.jpg?resize=225%2C300&amp;ssl=1 225w\" sizes=\"auto, (max-width: 685px) 85vw, 685px\" \/><\/figure><\/li><li class=\"blocks-gallery-item\"><figure><img loading=\"lazy\" decoding=\"async\" width=\"1164\" height=\"914\" data-attachment-id=\"6633\" data-permalink=\"https:\/\/patrimoine-avesnois.fr\/chemin\/pont-sur-sambre\/capture1-67\/\" data-orig-file=\"https:\/\/i0.wp.com\/patrimoine-avesnois.fr\/chemin\/wp-content\/uploads\/2019\/06\/Capture1-22.jpg?fit=1164%2C914&amp;ssl=1\" data-orig-size=\"1164,914\" data-comments-opened=\"1\" data-image-meta=\"{&quot;aperture&quot;:&quot;0&quot;,&quot;credit&quot;:&quot;CARRE&quot;,&quot;camera&quot;:&quot;&quot;,&quot;caption&quot;:&quot;&quot;,&quot;created_timestamp&quot;:&quot;1561647328&quot;,&quot;copyright&quot;:&quot;&quot;,&quot;focal_length&quot;:&quot;0&quot;,&quot;iso&quot;:&quot;0&quot;,&quot;shutter_speed&quot;:&quot;0&quot;,&quot;title&quot;:&quot;&quot;,&quot;orientation&quot;:&quot;0&quot;}\" data-image-title=\"Capture1\" data-image-description=\"\" data-image-caption=\"\" data-large-file=\"https:\/\/i0.wp.com\/patrimoine-avesnois.fr\/chemin\/wp-content\/uploads\/2019\/06\/Capture1-22.jpg?fit=840%2C660&amp;ssl=1\" src=\"https:\/\/i0.wp.com\/patrimoine-avesnois.fr\/chemin\/wp-content\/uploads\/2019\/06\/Capture1-22.jpg?fit=840%2C660\" alt=\"\" data-id=\"6633\" data-link=\"http:\/\/patrimoine-avesnois.fr\/chemin\/?attachment_id=6633\" class=\"wp-image-6633\" srcset=\"https:\/\/i0.wp.com\/patrimoine-avesnois.fr\/chemin\/wp-content\/uploads\/2019\/06\/Capture1-22.jpg?w=1164&amp;ssl=1 1164w, https:\/\/i0.wp.com\/patrimoine-avesnois.fr\/chemin\/wp-content\/uploads\/2019\/06\/Capture1-22.jpg?resize=300%2C236&amp;ssl=1 300w, https:\/\/i0.wp.com\/patrimoine-avesnois.fr\/chemin\/wp-content\/uploads\/2019\/06\/Capture1-22.jpg?resize=768%2C603&amp;ssl=1 768w, https:\/\/i0.wp.com\/patrimoine-avesnois.fr\/chemin\/wp-content\/uploads\/2019\/06\/Capture1-22.jpg?resize=1024%2C804&amp;ssl=1 1024w\" sizes=\"auto, (max-width: 709px) 85vw, (max-width: 909px) 67vw, (max-width: 1362px) 62vw, 840px\" \/><\/figure><\/li><\/ul><\/figure>\n\n\n\n<figure class=\"wp-block-gallery columns-3 is-cropped wp-block-gallery-4 is-layout-flex wp-block-gallery-is-layout-flex\"><ul class=\"blocks-gallery-grid\"><li class=\"blocks-gallery-item\"><figure><img loading=\"lazy\" decoding=\"async\" width=\"1213\" height=\"914\" data-attachment-id=\"6634\" data-permalink=\"https:\/\/patrimoine-avesnois.fr\/chemin\/pont-sur-sambre\/capture-164\/\" data-orig-file=\"https:\/\/i0.wp.com\/patrimoine-avesnois.fr\/chemin\/wp-content\/uploads\/2019\/06\/Capture-42.jpg?fit=1213%2C914&amp;ssl=1\" data-orig-size=\"1213,914\" data-comments-opened=\"1\" data-image-meta=\"{&quot;aperture&quot;:&quot;0&quot;,&quot;credit&quot;:&quot;CARRE&quot;,&quot;camera&quot;:&quot;&quot;,&quot;caption&quot;:&quot;&quot;,&quot;created_timestamp&quot;:&quot;1561647436&quot;,&quot;copyright&quot;:&quot;&quot;,&quot;focal_length&quot;:&quot;0&quot;,&quot;iso&quot;:&quot;0&quot;,&quot;shutter_speed&quot;:&quot;0&quot;,&quot;title&quot;:&quot;&quot;,&quot;orientation&quot;:&quot;0&quot;}\" data-image-title=\"Capture\" data-image-description=\"\" data-image-caption=\"\" data-large-file=\"https:\/\/i0.wp.com\/patrimoine-avesnois.fr\/chemin\/wp-content\/uploads\/2019\/06\/Capture-42.jpg?fit=840%2C633&amp;ssl=1\" src=\"https:\/\/i2.wp.com\/patrimoine-avesnois.fr\/chemin\/wp-content\/uploads\/2019\/06\/Capture-42.jpg?fit=840%2C633\" alt=\"\" data-id=\"6634\" data-link=\"http:\/\/patrimoine-avesnois.fr\/chemin\/?attachment_id=6634\" class=\"wp-image-6634\" srcset=\"https:\/\/i0.wp.com\/patrimoine-avesnois.fr\/chemin\/wp-content\/uploads\/2019\/06\/Capture-42.jpg?w=1213&amp;ssl=1 1213w, https:\/\/i0.wp.com\/patrimoine-avesnois.fr\/chemin\/wp-content\/uploads\/2019\/06\/Capture-42.jpg?resize=300%2C226&amp;ssl=1 300w, https:\/\/i0.wp.com\/patrimoine-avesnois.fr\/chemin\/wp-content\/uploads\/2019\/06\/Capture-42.jpg?resize=768%2C579&amp;ssl=1 768w, https:\/\/i0.wp.com\/patrimoine-avesnois.fr\/chemin\/wp-content\/uploads\/2019\/06\/Capture-42.jpg?resize=1024%2C772&amp;ssl=1 1024w, https:\/\/i0.wp.com\/patrimoine-avesnois.fr\/chemin\/wp-content\/uploads\/2019\/06\/Capture-42.jpg?resize=1200%2C904&amp;ssl=1 1200w\" sizes=\"auto, (max-width: 709px) 85vw, (max-width: 909px) 67vw, (max-width: 1362px) 62vw, 840px\" \/><\/figure><\/li><li class=\"blocks-gallery-item\"><figure><img data-recalc-dims=\"1\" loading=\"lazy\" decoding=\"async\" width=\"673\" height=\"917\" data-attachment-id=\"6635\" data-permalink=\"https:\/\/patrimoine-avesnois.fr\/chemin\/pont-sur-sambre\/capture1-68\/\" data-orig-file=\"https:\/\/i0.wp.com\/patrimoine-avesnois.fr\/chemin\/wp-content\/uploads\/2019\/06\/Capture1-23.jpg?fit=673%2C917&amp;ssl=1\" data-orig-size=\"673,917\" data-comments-opened=\"1\" data-image-meta=\"{&quot;aperture&quot;:&quot;0&quot;,&quot;credit&quot;:&quot;CARRE&quot;,&quot;camera&quot;:&quot;&quot;,&quot;caption&quot;:&quot;&quot;,&quot;created_timestamp&quot;:&quot;1561647458&quot;,&quot;copyright&quot;:&quot;&quot;,&quot;focal_length&quot;:&quot;0&quot;,&quot;iso&quot;:&quot;0&quot;,&quot;shutter_speed&quot;:&quot;0&quot;,&quot;title&quot;:&quot;&quot;,&quot;orientation&quot;:&quot;0&quot;}\" data-image-title=\"Capture1\" data-image-description=\"\" data-image-caption=\"\" data-large-file=\"https:\/\/i0.wp.com\/patrimoine-avesnois.fr\/chemin\/wp-content\/uploads\/2019\/06\/Capture1-23.jpg?fit=673%2C917&amp;ssl=1\" src=\"https:\/\/i0.wp.com\/patrimoine-avesnois.fr\/chemin\/wp-content\/uploads\/2019\/06\/Capture1-23.jpg?resize=673%2C917\" alt=\"\" data-id=\"6635\" data-link=\"http:\/\/patrimoine-avesnois.fr\/chemin\/?attachment_id=6635\" class=\"wp-image-6635\" srcset=\"https:\/\/i0.wp.com\/patrimoine-avesnois.fr\/chemin\/wp-content\/uploads\/2019\/06\/Capture1-23.jpg?w=673&amp;ssl=1 673w, https:\/\/i0.wp.com\/patrimoine-avesnois.fr\/chemin\/wp-content\/uploads\/2019\/06\/Capture1-23.jpg?resize=220%2C300&amp;ssl=1 220w\" sizes=\"auto, (max-width: 673px) 85vw, 673px\" \/><\/figure><\/li><li class=\"blocks-gallery-item\"><figure><img data-recalc-dims=\"1\" loading=\"lazy\" decoding=\"async\" width=\"840\" height=\"791\" data-attachment-id=\"6636\" data-permalink=\"https:\/\/patrimoine-avesnois.fr\/chemin\/pont-sur-sambre\/capture-165\/\" data-orig-file=\"https:\/\/i0.wp.com\/patrimoine-avesnois.fr\/chemin\/wp-content\/uploads\/2019\/06\/Capture-43.jpg?fit=958%2C902&amp;ssl=1\" data-orig-size=\"958,902\" data-comments-opened=\"1\" data-image-meta=\"{&quot;aperture&quot;:&quot;0&quot;,&quot;credit&quot;:&quot;CARRE&quot;,&quot;camera&quot;:&quot;&quot;,&quot;caption&quot;:&quot;&quot;,&quot;created_timestamp&quot;:&quot;1561647553&quot;,&quot;copyright&quot;:&quot;&quot;,&quot;focal_length&quot;:&quot;0&quot;,&quot;iso&quot;:&quot;0&quot;,&quot;shutter_speed&quot;:&quot;0&quot;,&quot;title&quot;:&quot;&quot;,&quot;orientation&quot;:&quot;0&quot;}\" data-image-title=\"Capture\" data-image-description=\"\" data-image-caption=\"\" data-large-file=\"https:\/\/i0.wp.com\/patrimoine-avesnois.fr\/chemin\/wp-content\/uploads\/2019\/06\/Capture-43.jpg?fit=840%2C791&amp;ssl=1\" src=\"https:\/\/i0.wp.com\/patrimoine-avesnois.fr\/chemin\/wp-content\/uploads\/2019\/06\/Capture-43.jpg?resize=840%2C791\" alt=\"\" data-id=\"6636\" data-link=\"http:\/\/patrimoine-avesnois.fr\/chemin\/?attachment_id=6636\" class=\"wp-image-6636\" srcset=\"https:\/\/i0.wp.com\/patrimoine-avesnois.fr\/chemin\/wp-content\/uploads\/2019\/06\/Capture-43.jpg?w=958&amp;ssl=1 958w, https:\/\/i0.wp.com\/patrimoine-avesnois.fr\/chemin\/wp-content\/uploads\/2019\/06\/Capture-43.jpg?resize=300%2C282&amp;ssl=1 300w, https:\/\/i0.wp.com\/patrimoine-avesnois.fr\/chemin\/wp-content\/uploads\/2019\/06\/Capture-43.jpg?resize=768%2C723&amp;ssl=1 768w\" sizes=\"auto, (max-width: 709px) 85vw, (max-width: 909px) 67vw, (max-width: 1362px) 62vw, 840px\" \/><\/figure><\/li><\/ul><\/figure>\n\n\n\n<figure class=\"wp-block-gallery columns-2 is-cropped wp-block-gallery-5 is-layout-flex wp-block-gallery-is-layout-flex\"><ul class=\"blocks-gallery-grid\"><li class=\"blocks-gallery-item\"><figure><img data-recalc-dims=\"1\" loading=\"lazy\" decoding=\"async\" width=\"674\" height=\"916\" data-attachment-id=\"6638\" data-permalink=\"https:\/\/patrimoine-avesnois.fr\/chemin\/pont-sur-sambre\/capture-166\/\" data-orig-file=\"https:\/\/i0.wp.com\/patrimoine-avesnois.fr\/chemin\/wp-content\/uploads\/2019\/06\/Capture-44.jpg?fit=674%2C916&amp;ssl=1\" data-orig-size=\"674,916\" data-comments-opened=\"1\" data-image-meta=\"{&quot;aperture&quot;:&quot;0&quot;,&quot;credit&quot;:&quot;CARRE&quot;,&quot;camera&quot;:&quot;&quot;,&quot;caption&quot;:&quot;&quot;,&quot;created_timestamp&quot;:&quot;1561647600&quot;,&quot;copyright&quot;:&quot;&quot;,&quot;focal_length&quot;:&quot;0&quot;,&quot;iso&quot;:&quot;0&quot;,&quot;shutter_speed&quot;:&quot;0&quot;,&quot;title&quot;:&quot;&quot;,&quot;orientation&quot;:&quot;0&quot;}\" data-image-title=\"Capture\" data-image-description=\"\" data-image-caption=\"\" data-large-file=\"https:\/\/i0.wp.com\/patrimoine-avesnois.fr\/chemin\/wp-content\/uploads\/2019\/06\/Capture-44.jpg?fit=674%2C916&amp;ssl=1\" src=\"https:\/\/i0.wp.com\/patrimoine-avesnois.fr\/chemin\/wp-content\/uploads\/2019\/06\/Capture-44.jpg?resize=674%2C916\" alt=\"\" data-id=\"6638\" data-link=\"http:\/\/patrimoine-avesnois.fr\/chemin\/?attachment_id=6638\" class=\"wp-image-6638\" srcset=\"https:\/\/i0.wp.com\/patrimoine-avesnois.fr\/chemin\/wp-content\/uploads\/2019\/06\/Capture-44.jpg?w=674&amp;ssl=1 674w, https:\/\/i0.wp.com\/patrimoine-avesnois.fr\/chemin\/wp-content\/uploads\/2019\/06\/Capture-44.jpg?resize=221%2C300&amp;ssl=1 221w\" sizes=\"auto, (max-width: 674px) 85vw, 674px\" \/><\/figure><\/li><li class=\"blocks-gallery-item\"><figure><img data-recalc-dims=\"1\" loading=\"lazy\" decoding=\"async\" width=\"675\" height=\"909\" data-attachment-id=\"6639\" data-permalink=\"https:\/\/patrimoine-avesnois.fr\/chemin\/pont-sur-sambre\/capture1-69\/\" data-orig-file=\"https:\/\/i0.wp.com\/patrimoine-avesnois.fr\/chemin\/wp-content\/uploads\/2019\/06\/Capture1-24.jpg?fit=675%2C909&amp;ssl=1\" data-orig-size=\"675,909\" data-comments-opened=\"1\" data-image-meta=\"{&quot;aperture&quot;:&quot;0&quot;,&quot;credit&quot;:&quot;CARRE&quot;,&quot;camera&quot;:&quot;&quot;,&quot;caption&quot;:&quot;&quot;,&quot;created_timestamp&quot;:&quot;1561647614&quot;,&quot;copyright&quot;:&quot;&quot;,&quot;focal_length&quot;:&quot;0&quot;,&quot;iso&quot;:&quot;0&quot;,&quot;shutter_speed&quot;:&quot;0&quot;,&quot;title&quot;:&quot;&quot;,&quot;orientation&quot;:&quot;0&quot;}\" data-image-title=\"Capture1\" data-image-description=\"\" data-image-caption=\"\" data-large-file=\"https:\/\/i0.wp.com\/patrimoine-avesnois.fr\/chemin\/wp-content\/uploads\/2019\/06\/Capture1-24.jpg?fit=675%2C909&amp;ssl=1\" src=\"https:\/\/i0.wp.com\/patrimoine-avesnois.fr\/chemin\/wp-content\/uploads\/2019\/06\/Capture1-24.jpg?resize=675%2C909\" alt=\"\" data-id=\"6639\" data-link=\"http:\/\/patrimoine-avesnois.fr\/chemin\/?attachment_id=6639\" class=\"wp-image-6639\" srcset=\"https:\/\/i0.wp.com\/patrimoine-avesnois.fr\/chemin\/wp-content\/uploads\/2019\/06\/Capture1-24.jpg?w=675&amp;ssl=1 675w, https:\/\/i0.wp.com\/patrimoine-avesnois.fr\/chemin\/wp-content\/uploads\/2019\/06\/Capture1-24.jpg?resize=223%2C300&amp;ssl=1 223w\" sizes=\"auto, (max-width: 675px) 85vw, 675px\" \/><\/figure><\/li><\/ul><\/figure>\n\n\n\n<figure class=\"wp-block-gallery columns-2 is-cropped wp-block-gallery-6 is-layout-flex wp-block-gallery-is-layout-flex\"><ul class=\"blocks-gallery-grid\"><li class=\"blocks-gallery-item\"><figure><img data-recalc-dims=\"1\" loading=\"lazy\" decoding=\"async\" width=\"673\" height=\"921\" data-attachment-id=\"6640\" data-permalink=\"https:\/\/patrimoine-avesnois.fr\/chemin\/pont-sur-sambre\/capture-167\/\" data-orig-file=\"https:\/\/i0.wp.com\/patrimoine-avesnois.fr\/chemin\/wp-content\/uploads\/2019\/06\/Capture-45.jpg?fit=673%2C921&amp;ssl=1\" data-orig-size=\"673,921\" data-comments-opened=\"1\" data-image-meta=\"{&quot;aperture&quot;:&quot;0&quot;,&quot;credit&quot;:&quot;CARRE&quot;,&quot;camera&quot;:&quot;&quot;,&quot;caption&quot;:&quot;&quot;,&quot;created_timestamp&quot;:&quot;1561648077&quot;,&quot;copyright&quot;:&quot;&quot;,&quot;focal_length&quot;:&quot;0&quot;,&quot;iso&quot;:&quot;0&quot;,&quot;shutter_speed&quot;:&quot;0&quot;,&quot;title&quot;:&quot;&quot;,&quot;orientation&quot;:&quot;0&quot;}\" data-image-title=\"Capture\" data-image-description=\"\" data-image-caption=\"\" data-large-file=\"https:\/\/i0.wp.com\/patrimoine-avesnois.fr\/chemin\/wp-content\/uploads\/2019\/06\/Capture-45.jpg?fit=673%2C921&amp;ssl=1\" src=\"https:\/\/i0.wp.com\/patrimoine-avesnois.fr\/chemin\/wp-content\/uploads\/2019\/06\/Capture-45.jpg?resize=673%2C921\" alt=\"\" data-id=\"6640\" data-link=\"http:\/\/patrimoine-avesnois.fr\/chemin\/?attachment_id=6640\" class=\"wp-image-6640\" srcset=\"https:\/\/i0.wp.com\/patrimoine-avesnois.fr\/chemin\/wp-content\/uploads\/2019\/06\/Capture-45.jpg?w=673&amp;ssl=1 673w, https:\/\/i0.wp.com\/patrimoine-avesnois.fr\/chemin\/wp-content\/uploads\/2019\/06\/Capture-45.jpg?resize=219%2C300&amp;ssl=1 219w\" sizes=\"auto, (max-width: 673px) 85vw, 673px\" \/><\/figure><\/li><li class=\"blocks-gallery-item\"><figure><img data-recalc-dims=\"1\" loading=\"lazy\" decoding=\"async\" width=\"677\" height=\"913\" data-attachment-id=\"6641\" data-permalink=\"https:\/\/patrimoine-avesnois.fr\/chemin\/pont-sur-sambre\/capture1-70\/\" data-orig-file=\"https:\/\/i0.wp.com\/patrimoine-avesnois.fr\/chemin\/wp-content\/uploads\/2019\/06\/Capture1-25.jpg?fit=677%2C913&amp;ssl=1\" data-orig-size=\"677,913\" data-comments-opened=\"1\" data-image-meta=\"{&quot;aperture&quot;:&quot;0&quot;,&quot;credit&quot;:&quot;CARRE&quot;,&quot;camera&quot;:&quot;&quot;,&quot;caption&quot;:&quot;&quot;,&quot;created_timestamp&quot;:&quot;1561648092&quot;,&quot;copyright&quot;:&quot;&quot;,&quot;focal_length&quot;:&quot;0&quot;,&quot;iso&quot;:&quot;0&quot;,&quot;shutter_speed&quot;:&quot;0&quot;,&quot;title&quot;:&quot;&quot;,&quot;orientation&quot;:&quot;0&quot;}\" data-image-title=\"Capture1\" data-image-description=\"\" data-image-caption=\"\" data-large-file=\"https:\/\/i0.wp.com\/patrimoine-avesnois.fr\/chemin\/wp-content\/uploads\/2019\/06\/Capture1-25.jpg?fit=677%2C913&amp;ssl=1\" src=\"https:\/\/i0.wp.com\/patrimoine-avesnois.fr\/chemin\/wp-content\/uploads\/2019\/06\/Capture1-25.jpg?resize=677%2C913\" alt=\"\" data-id=\"6641\" data-link=\"http:\/\/patrimoine-avesnois.fr\/chemin\/?attachment_id=6641\" class=\"wp-image-6641\" srcset=\"https:\/\/i0.wp.com\/patrimoine-avesnois.fr\/chemin\/wp-content\/uploads\/2019\/06\/Capture1-25.jpg?w=677&amp;ssl=1 677w, https:\/\/i0.wp.com\/patrimoine-avesnois.fr\/chemin\/wp-content\/uploads\/2019\/06\/Capture1-25.jpg?resize=222%2C300&amp;ssl=1 222w\" sizes=\"auto, (max-width: 677px) 85vw, 677px\" \/><\/figure><\/li><\/ul><\/figure>\n\n\n\n<figure class=\"wp-block-gallery columns-2 is-cropped wp-block-gallery-7 is-layout-flex wp-block-gallery-is-layout-flex\"><ul class=\"blocks-gallery-grid\"><li class=\"blocks-gallery-item\"><figure><img data-recalc-dims=\"1\" loading=\"lazy\" decoding=\"async\" width=\"677\" height=\"913\" data-attachment-id=\"6645\" data-permalink=\"https:\/\/patrimoine-avesnois.fr\/chemin\/pont-sur-sambre\/capture-169\/\" data-orig-file=\"https:\/\/i0.wp.com\/patrimoine-avesnois.fr\/chemin\/wp-content\/uploads\/2019\/06\/Capture-47.jpg?fit=677%2C913&amp;ssl=1\" data-orig-size=\"677,913\" data-comments-opened=\"1\" data-image-meta=\"{&quot;aperture&quot;:&quot;0&quot;,&quot;credit&quot;:&quot;CARRE&quot;,&quot;camera&quot;:&quot;&quot;,&quot;caption&quot;:&quot;&quot;,&quot;created_timestamp&quot;:&quot;1561648219&quot;,&quot;copyright&quot;:&quot;&quot;,&quot;focal_length&quot;:&quot;0&quot;,&quot;iso&quot;:&quot;0&quot;,&quot;shutter_speed&quot;:&quot;0&quot;,&quot;title&quot;:&quot;&quot;,&quot;orientation&quot;:&quot;0&quot;}\" data-image-title=\"Capture\" data-image-description=\"\" data-image-caption=\"\" data-large-file=\"https:\/\/i0.wp.com\/patrimoine-avesnois.fr\/chemin\/wp-content\/uploads\/2019\/06\/Capture-47.jpg?fit=677%2C913&amp;ssl=1\" src=\"https:\/\/i0.wp.com\/patrimoine-avesnois.fr\/chemin\/wp-content\/uploads\/2019\/06\/Capture-47.jpg?resize=677%2C913\" alt=\"\" data-id=\"6645\" data-link=\"http:\/\/patrimoine-avesnois.fr\/chemin\/?attachment_id=6645\" class=\"wp-image-6645\" srcset=\"https:\/\/i0.wp.com\/patrimoine-avesnois.fr\/chemin\/wp-content\/uploads\/2019\/06\/Capture-47.jpg?w=677&amp;ssl=1 677w, https:\/\/i0.wp.com\/patrimoine-avesnois.fr\/chemin\/wp-content\/uploads\/2019\/06\/Capture-47.jpg?resize=222%2C300&amp;ssl=1 222w\" sizes=\"auto, (max-width: 677px) 85vw, 677px\" \/><\/figure><\/li><li class=\"blocks-gallery-item\"><figure><img loading=\"lazy\" decoding=\"async\" width=\"1183\" height=\"911\" data-attachment-id=\"6646\" data-permalink=\"https:\/\/patrimoine-avesnois.fr\/chemin\/pont-sur-sambre\/capture2-49\/\" data-orig-file=\"https:\/\/i0.wp.com\/patrimoine-avesnois.fr\/chemin\/wp-content\/uploads\/2019\/06\/Capture2-15.jpg?fit=1183%2C911&amp;ssl=1\" data-orig-size=\"1183,911\" data-comments-opened=\"1\" data-image-meta=\"{&quot;aperture&quot;:&quot;0&quot;,&quot;credit&quot;:&quot;CARRE&quot;,&quot;camera&quot;:&quot;&quot;,&quot;caption&quot;:&quot;&quot;,&quot;created_timestamp&quot;:&quot;1561648108&quot;,&quot;copyright&quot;:&quot;&quot;,&quot;focal_length&quot;:&quot;0&quot;,&quot;iso&quot;:&quot;0&quot;,&quot;shutter_speed&quot;:&quot;0&quot;,&quot;title&quot;:&quot;&quot;,&quot;orientation&quot;:&quot;0&quot;}\" data-image-title=\"Capture2\" data-image-description=\"\" data-image-caption=\"\" data-large-file=\"https:\/\/i0.wp.com\/patrimoine-avesnois.fr\/chemin\/wp-content\/uploads\/2019\/06\/Capture2-15.jpg?fit=840%2C647&amp;ssl=1\" src=\"https:\/\/i1.wp.com\/patrimoine-avesnois.fr\/chemin\/wp-content\/uploads\/2019\/06\/Capture2-15.jpg?fit=840%2C647\" alt=\"\" data-id=\"6646\" data-link=\"http:\/\/patrimoine-avesnois.fr\/chemin\/?attachment_id=6646\" class=\"wp-image-6646\" srcset=\"https:\/\/i0.wp.com\/patrimoine-avesnois.fr\/chemin\/wp-content\/uploads\/2019\/06\/Capture2-15.jpg?w=1183&amp;ssl=1 1183w, https:\/\/i0.wp.com\/patrimoine-avesnois.fr\/chemin\/wp-content\/uploads\/2019\/06\/Capture2-15.jpg?resize=300%2C231&amp;ssl=1 300w, https:\/\/i0.wp.com\/patrimoine-avesnois.fr\/chemin\/wp-content\/uploads\/2019\/06\/Capture2-15.jpg?resize=768%2C591&amp;ssl=1 768w, https:\/\/i0.wp.com\/patrimoine-avesnois.fr\/chemin\/wp-content\/uploads\/2019\/06\/Capture2-15.jpg?resize=1024%2C789&amp;ssl=1 1024w\" sizes=\"auto, (max-width: 709px) 85vw, (max-width: 909px) 67vw, (max-width: 1362px) 62vw, 840px\" \/><\/figure><\/li><\/ul><\/figure>\n\n\n\n<figure class=\"wp-block-gallery columns-3 is-cropped wp-block-gallery-8 is-layout-flex wp-block-gallery-is-layout-flex\"><ul class=\"blocks-gallery-grid\"><li class=\"blocks-gallery-item\"><figure><img data-recalc-dims=\"1\" loading=\"lazy\" decoding=\"async\" width=\"673\" height=\"911\" data-attachment-id=\"6647\" data-permalink=\"https:\/\/patrimoine-avesnois.fr\/chemin\/pont-sur-sambre\/capture-170\/\" data-orig-file=\"https:\/\/i0.wp.com\/patrimoine-avesnois.fr\/chemin\/wp-content\/uploads\/2019\/06\/Capture-48.jpg?fit=673%2C911&amp;ssl=1\" data-orig-size=\"673,911\" data-comments-opened=\"1\" data-image-meta=\"{&quot;aperture&quot;:&quot;0&quot;,&quot;credit&quot;:&quot;CARRE&quot;,&quot;camera&quot;:&quot;&quot;,&quot;caption&quot;:&quot;&quot;,&quot;created_timestamp&quot;:&quot;1561648344&quot;,&quot;copyright&quot;:&quot;&quot;,&quot;focal_length&quot;:&quot;0&quot;,&quot;iso&quot;:&quot;0&quot;,&quot;shutter_speed&quot;:&quot;0&quot;,&quot;title&quot;:&quot;&quot;,&quot;orientation&quot;:&quot;0&quot;}\" data-image-title=\"Capture\" data-image-description=\"\" data-image-caption=\"\" data-large-file=\"https:\/\/i0.wp.com\/patrimoine-avesnois.fr\/chemin\/wp-content\/uploads\/2019\/06\/Capture-48.jpg?fit=673%2C911&amp;ssl=1\" src=\"https:\/\/i0.wp.com\/patrimoine-avesnois.fr\/chemin\/wp-content\/uploads\/2019\/06\/Capture-48.jpg?resize=673%2C911\" alt=\"\" data-id=\"6647\" data-link=\"http:\/\/patrimoine-avesnois.fr\/chemin\/?attachment_id=6647\" class=\"wp-image-6647\" srcset=\"https:\/\/i0.wp.com\/patrimoine-avesnois.fr\/chemin\/wp-content\/uploads\/2019\/06\/Capture-48.jpg?w=673&amp;ssl=1 673w, https:\/\/i0.wp.com\/patrimoine-avesnois.fr\/chemin\/wp-content\/uploads\/2019\/06\/Capture-48.jpg?resize=222%2C300&amp;ssl=1 222w\" sizes=\"auto, (max-width: 673px) 85vw, 673px\" \/><\/figure><\/li><li class=\"blocks-gallery-item\"><figure><img data-recalc-dims=\"1\" loading=\"lazy\" decoding=\"async\" width=\"681\" height=\"923\" data-attachment-id=\"6648\" data-permalink=\"https:\/\/patrimoine-avesnois.fr\/chemin\/pont-sur-sambre\/capture1-71\/\" data-orig-file=\"https:\/\/i0.wp.com\/patrimoine-avesnois.fr\/chemin\/wp-content\/uploads\/2019\/06\/Capture1-26.jpg?fit=681%2C923&amp;ssl=1\" data-orig-size=\"681,923\" data-comments-opened=\"1\" data-image-meta=\"{&quot;aperture&quot;:&quot;0&quot;,&quot;credit&quot;:&quot;CARRE&quot;,&quot;camera&quot;:&quot;&quot;,&quot;caption&quot;:&quot;&quot;,&quot;created_timestamp&quot;:&quot;1561648394&quot;,&quot;copyright&quot;:&quot;&quot;,&quot;focal_length&quot;:&quot;0&quot;,&quot;iso&quot;:&quot;0&quot;,&quot;shutter_speed&quot;:&quot;0&quot;,&quot;title&quot;:&quot;&quot;,&quot;orientation&quot;:&quot;0&quot;}\" data-image-title=\"Capture1\" data-image-description=\"\" data-image-caption=\"\" data-large-file=\"https:\/\/i0.wp.com\/patrimoine-avesnois.fr\/chemin\/wp-content\/uploads\/2019\/06\/Capture1-26.jpg?fit=681%2C923&amp;ssl=1\" src=\"https:\/\/i0.wp.com\/patrimoine-avesnois.fr\/chemin\/wp-content\/uploads\/2019\/06\/Capture1-26.jpg?resize=681%2C923\" alt=\"\" data-id=\"6648\" data-link=\"http:\/\/patrimoine-avesnois.fr\/chemin\/?attachment_id=6648\" class=\"wp-image-6648\" srcset=\"https:\/\/i0.wp.com\/patrimoine-avesnois.fr\/chemin\/wp-content\/uploads\/2019\/06\/Capture1-26.jpg?w=681&amp;ssl=1 681w, https:\/\/i0.wp.com\/patrimoine-avesnois.fr\/chemin\/wp-content\/uploads\/2019\/06\/Capture1-26.jpg?resize=221%2C300&amp;ssl=1 221w\" sizes=\"auto, (max-width: 681px) 85vw, 681px\" \/><\/figure><\/li><li class=\"blocks-gallery-item\"><figure><img data-recalc-dims=\"1\" loading=\"lazy\" decoding=\"async\" width=\"683\" height=\"915\" data-attachment-id=\"6671\" data-permalink=\"https:\/\/patrimoine-avesnois.fr\/chemin\/pont-sur-sambre\/capture-174\/\" data-orig-file=\"https:\/\/i0.wp.com\/patrimoine-avesnois.fr\/chemin\/wp-content\/uploads\/2019\/06\/Capture-52.jpg?fit=683%2C915&amp;ssl=1\" data-orig-size=\"683,915\" data-comments-opened=\"1\" data-image-meta=\"{&quot;aperture&quot;:&quot;0&quot;,&quot;credit&quot;:&quot;CARRE&quot;,&quot;camera&quot;:&quot;&quot;,&quot;caption&quot;:&quot;&quot;,&quot;created_timestamp&quot;:&quot;1561649955&quot;,&quot;copyright&quot;:&quot;&quot;,&quot;focal_length&quot;:&quot;0&quot;,&quot;iso&quot;:&quot;0&quot;,&quot;shutter_speed&quot;:&quot;0&quot;,&quot;title&quot;:&quot;&quot;,&quot;orientation&quot;:&quot;0&quot;}\" data-image-title=\"Capture\" data-image-description=\"\" data-image-caption=\"\" data-large-file=\"https:\/\/i0.wp.com\/patrimoine-avesnois.fr\/chemin\/wp-content\/uploads\/2019\/06\/Capture-52.jpg?fit=683%2C915&amp;ssl=1\" src=\"https:\/\/i0.wp.com\/patrimoine-avesnois.fr\/chemin\/wp-content\/uploads\/2019\/06\/Capture-52.jpg?resize=683%2C915\" alt=\"\" data-id=\"6671\" data-link=\"http:\/\/patrimoine-avesnois.fr\/chemin\/?attachment_id=6671\" class=\"wp-image-6671\" srcset=\"https:\/\/i0.wp.com\/patrimoine-avesnois.fr\/chemin\/wp-content\/uploads\/2019\/06\/Capture-52.jpg?w=683&amp;ssl=1 683w, https:\/\/i0.wp.com\/patrimoine-avesnois.fr\/chemin\/wp-content\/uploads\/2019\/06\/Capture-52.jpg?resize=224%2C300&amp;ssl=1 224w\" sizes=\"auto, (max-width: 683px) 85vw, 683px\" \/><\/figure><\/li><\/ul><\/figure>\n\n\n\n<figure class=\"wp-block-gallery columns-2 is-cropped wp-block-gallery-9 is-layout-flex wp-block-gallery-is-layout-flex\"><ul class=\"blocks-gallery-grid\"><li class=\"blocks-gallery-item\"><figure><img data-recalc-dims=\"1\" loading=\"lazy\" decoding=\"async\" width=\"676\" height=\"911\" data-attachment-id=\"6649\" data-permalink=\"https:\/\/patrimoine-avesnois.fr\/chemin\/pont-sur-sambre\/capture-171\/\" data-orig-file=\"https:\/\/i0.wp.com\/patrimoine-avesnois.fr\/chemin\/wp-content\/uploads\/2019\/06\/Capture-49.jpg?fit=676%2C911&amp;ssl=1\" data-orig-size=\"676,911\" data-comments-opened=\"1\" data-image-meta=\"{&quot;aperture&quot;:&quot;0&quot;,&quot;credit&quot;:&quot;CARRE&quot;,&quot;camera&quot;:&quot;&quot;,&quot;caption&quot;:&quot;&quot;,&quot;created_timestamp&quot;:&quot;1561648445&quot;,&quot;copyright&quot;:&quot;&quot;,&quot;focal_length&quot;:&quot;0&quot;,&quot;iso&quot;:&quot;0&quot;,&quot;shutter_speed&quot;:&quot;0&quot;,&quot;title&quot;:&quot;&quot;,&quot;orientation&quot;:&quot;0&quot;}\" data-image-title=\"Capture\" data-image-description=\"\" data-image-caption=\"\" data-large-file=\"https:\/\/i0.wp.com\/patrimoine-avesnois.fr\/chemin\/wp-content\/uploads\/2019\/06\/Capture-49.jpg?fit=676%2C911&amp;ssl=1\" src=\"https:\/\/i0.wp.com\/patrimoine-avesnois.fr\/chemin\/wp-content\/uploads\/2019\/06\/Capture-49.jpg?resize=676%2C911\" alt=\"\" data-id=\"6649\" data-link=\"http:\/\/patrimoine-avesnois.fr\/chemin\/?attachment_id=6649\" class=\"wp-image-6649\" srcset=\"https:\/\/i0.wp.com\/patrimoine-avesnois.fr\/chemin\/wp-content\/uploads\/2019\/06\/Capture-49.jpg?w=676&amp;ssl=1 676w, https:\/\/i0.wp.com\/patrimoine-avesnois.fr\/chemin\/wp-content\/uploads\/2019\/06\/Capture-49.jpg?resize=223%2C300&amp;ssl=1 223w\" sizes=\"auto, (max-width: 676px) 85vw, 676px\" \/><\/figure><\/li><li class=\"blocks-gallery-item\"><figure><img data-recalc-dims=\"1\" loading=\"lazy\" decoding=\"async\" width=\"670\" height=\"910\" data-attachment-id=\"6650\" data-permalink=\"https:\/\/patrimoine-avesnois.fr\/chemin\/pont-sur-sambre\/capture1-72\/\" data-orig-file=\"https:\/\/i0.wp.com\/patrimoine-avesnois.fr\/chemin\/wp-content\/uploads\/2019\/06\/Capture1-27.jpg?fit=670%2C910&amp;ssl=1\" data-orig-size=\"670,910\" data-comments-opened=\"1\" data-image-meta=\"{&quot;aperture&quot;:&quot;0&quot;,&quot;credit&quot;:&quot;CARRE&quot;,&quot;camera&quot;:&quot;&quot;,&quot;caption&quot;:&quot;&quot;,&quot;created_timestamp&quot;:&quot;1561648475&quot;,&quot;copyright&quot;:&quot;&quot;,&quot;focal_length&quot;:&quot;0&quot;,&quot;iso&quot;:&quot;0&quot;,&quot;shutter_speed&quot;:&quot;0&quot;,&quot;title&quot;:&quot;&quot;,&quot;orientation&quot;:&quot;0&quot;}\" data-image-title=\"Capture1\" data-image-description=\"\" data-image-caption=\"\" data-large-file=\"https:\/\/i0.wp.com\/patrimoine-avesnois.fr\/chemin\/wp-content\/uploads\/2019\/06\/Capture1-27.jpg?fit=670%2C910&amp;ssl=1\" src=\"https:\/\/i0.wp.com\/patrimoine-avesnois.fr\/chemin\/wp-content\/uploads\/2019\/06\/Capture1-27.jpg?resize=670%2C910\" alt=\"\" data-id=\"6650\" data-link=\"http:\/\/patrimoine-avesnois.fr\/chemin\/?attachment_id=6650\" class=\"wp-image-6650\" srcset=\"https:\/\/i0.wp.com\/patrimoine-avesnois.fr\/chemin\/wp-content\/uploads\/2019\/06\/Capture1-27.jpg?w=670&amp;ssl=1 670w, https:\/\/i0.wp.com\/patrimoine-avesnois.fr\/chemin\/wp-content\/uploads\/2019\/06\/Capture1-27.jpg?resize=221%2C300&amp;ssl=1 221w\" sizes=\"auto, (max-width: 670px) 85vw, 670px\" \/><\/figure><\/li><\/ul><\/figure>\n\n\n\n<figure class=\"wp-block-gallery columns-2 is-cropped wp-block-gallery-10 is-layout-flex wp-block-gallery-is-layout-flex\"><ul class=\"blocks-gallery-grid\"><li class=\"blocks-gallery-item\"><figure><img data-recalc-dims=\"1\" loading=\"lazy\" decoding=\"async\" width=\"679\" height=\"911\" data-attachment-id=\"6651\" data-permalink=\"https:\/\/patrimoine-avesnois.fr\/chemin\/pont-sur-sambre\/capture1-73\/\" data-orig-file=\"https:\/\/i0.wp.com\/patrimoine-avesnois.fr\/chemin\/wp-content\/uploads\/2019\/06\/Capture1-28.jpg?fit=679%2C911&amp;ssl=1\" data-orig-size=\"679,911\" data-comments-opened=\"1\" data-image-meta=\"{&quot;aperture&quot;:&quot;0&quot;,&quot;credit&quot;:&quot;CARRE&quot;,&quot;camera&quot;:&quot;&quot;,&quot;caption&quot;:&quot;&quot;,&quot;created_timestamp&quot;:&quot;1561648567&quot;,&quot;copyright&quot;:&quot;&quot;,&quot;focal_length&quot;:&quot;0&quot;,&quot;iso&quot;:&quot;0&quot;,&quot;shutter_speed&quot;:&quot;0&quot;,&quot;title&quot;:&quot;&quot;,&quot;orientation&quot;:&quot;0&quot;}\" data-image-title=\"Capture1\" data-image-description=\"\" data-image-caption=\"\" data-large-file=\"https:\/\/i0.wp.com\/patrimoine-avesnois.fr\/chemin\/wp-content\/uploads\/2019\/06\/Capture1-28.jpg?fit=679%2C911&amp;ssl=1\" src=\"https:\/\/i0.wp.com\/patrimoine-avesnois.fr\/chemin\/wp-content\/uploads\/2019\/06\/Capture1-28.jpg?resize=679%2C911\" alt=\"\" data-id=\"6651\" data-link=\"http:\/\/patrimoine-avesnois.fr\/chemin\/?attachment_id=6651\" class=\"wp-image-6651\" srcset=\"https:\/\/i0.wp.com\/patrimoine-avesnois.fr\/chemin\/wp-content\/uploads\/2019\/06\/Capture1-28.jpg?w=679&amp;ssl=1 679w, https:\/\/i0.wp.com\/patrimoine-avesnois.fr\/chemin\/wp-content\/uploads\/2019\/06\/Capture1-28.jpg?resize=224%2C300&amp;ssl=1 224w\" sizes=\"auto, (max-width: 679px) 85vw, 679px\" \/><\/figure><\/li><li class=\"blocks-gallery-item\"><figure><img data-recalc-dims=\"1\" loading=\"lazy\" decoding=\"async\" width=\"677\" height=\"915\" data-attachment-id=\"6652\" data-permalink=\"https:\/\/patrimoine-avesnois.fr\/chemin\/pont-sur-sambre\/capture-172\/\" data-orig-file=\"https:\/\/i0.wp.com\/patrimoine-avesnois.fr\/chemin\/wp-content\/uploads\/2019\/06\/Capture-50.jpg?fit=677%2C915&amp;ssl=1\" data-orig-size=\"677,915\" data-comments-opened=\"1\" data-image-meta=\"{&quot;aperture&quot;:&quot;0&quot;,&quot;credit&quot;:&quot;CARRE&quot;,&quot;camera&quot;:&quot;&quot;,&quot;caption&quot;:&quot;&quot;,&quot;created_timestamp&quot;:&quot;1561648541&quot;,&quot;copyright&quot;:&quot;&quot;,&quot;focal_length&quot;:&quot;0&quot;,&quot;iso&quot;:&quot;0&quot;,&quot;shutter_speed&quot;:&quot;0&quot;,&quot;title&quot;:&quot;&quot;,&quot;orientation&quot;:&quot;0&quot;}\" data-image-title=\"Capture\" data-image-description=\"\" data-image-caption=\"\" data-large-file=\"https:\/\/i0.wp.com\/patrimoine-avesnois.fr\/chemin\/wp-content\/uploads\/2019\/06\/Capture-50.jpg?fit=677%2C915&amp;ssl=1\" src=\"https:\/\/i0.wp.com\/patrimoine-avesnois.fr\/chemin\/wp-content\/uploads\/2019\/06\/Capture-50.jpg?resize=677%2C915\" alt=\"\" data-id=\"6652\" data-link=\"http:\/\/patrimoine-avesnois.fr\/chemin\/?attachment_id=6652\" class=\"wp-image-6652\" srcset=\"https:\/\/i0.wp.com\/patrimoine-avesnois.fr\/chemin\/wp-content\/uploads\/2019\/06\/Capture-50.jpg?w=677&amp;ssl=1 677w, https:\/\/i0.wp.com\/patrimoine-avesnois.fr\/chemin\/wp-content\/uploads\/2019\/06\/Capture-50.jpg?resize=222%2C300&amp;ssl=1 222w\" sizes=\"auto, (max-width: 677px) 85vw, 677px\" \/><\/figure><\/li><\/ul><\/figure>\n\n\n\n<figure class=\"wp-block-gallery columns-3 is-cropped wp-block-gallery-11 is-layout-flex wp-block-gallery-is-layout-flex\"><ul class=\"blocks-gallery-grid\"><li class=\"blocks-gallery-item\"><figure><img data-recalc-dims=\"1\" loading=\"lazy\" decoding=\"async\" width=\"672\" height=\"915\" data-attachment-id=\"6653\" data-permalink=\"https:\/\/patrimoine-avesnois.fr\/chemin\/pont-sur-sambre\/capture-173\/\" data-orig-file=\"https:\/\/i0.wp.com\/patrimoine-avesnois.fr\/chemin\/wp-content\/uploads\/2019\/06\/Capture-51.jpg?fit=672%2C915&amp;ssl=1\" data-orig-size=\"672,915\" data-comments-opened=\"1\" data-image-meta=\"{&quot;aperture&quot;:&quot;0&quot;,&quot;credit&quot;:&quot;CARRE&quot;,&quot;camera&quot;:&quot;&quot;,&quot;caption&quot;:&quot;&quot;,&quot;created_timestamp&quot;:&quot;1561648629&quot;,&quot;copyright&quot;:&quot;&quot;,&quot;focal_length&quot;:&quot;0&quot;,&quot;iso&quot;:&quot;0&quot;,&quot;shutter_speed&quot;:&quot;0&quot;,&quot;title&quot;:&quot;&quot;,&quot;orientation&quot;:&quot;0&quot;}\" data-image-title=\"Capture\" data-image-description=\"\" data-image-caption=\"\" data-large-file=\"https:\/\/i0.wp.com\/patrimoine-avesnois.fr\/chemin\/wp-content\/uploads\/2019\/06\/Capture-51.jpg?fit=672%2C915&amp;ssl=1\" src=\"https:\/\/i0.wp.com\/patrimoine-avesnois.fr\/chemin\/wp-content\/uploads\/2019\/06\/Capture-51.jpg?resize=672%2C915\" alt=\"\" data-id=\"6653\" data-link=\"http:\/\/patrimoine-avesnois.fr\/chemin\/?attachment_id=6653\" class=\"wp-image-6653\" srcset=\"https:\/\/i0.wp.com\/patrimoine-avesnois.fr\/chemin\/wp-content\/uploads\/2019\/06\/Capture-51.jpg?w=672&amp;ssl=1 672w, https:\/\/i0.wp.com\/patrimoine-avesnois.fr\/chemin\/wp-content\/uploads\/2019\/06\/Capture-51.jpg?resize=220%2C300&amp;ssl=1 220w\" sizes=\"auto, (max-width: 672px) 85vw, 672px\" \/><\/figure><\/li><li class=\"blocks-gallery-item\"><figure><img data-recalc-dims=\"1\" loading=\"lazy\" decoding=\"async\" width=\"677\" height=\"909\" data-attachment-id=\"6654\" data-permalink=\"https:\/\/patrimoine-avesnois.fr\/chemin\/pont-sur-sambre\/capture0-12\/\" data-orig-file=\"https:\/\/i0.wp.com\/patrimoine-avesnois.fr\/chemin\/wp-content\/uploads\/2019\/06\/Capture0-10.jpg?fit=677%2C909&amp;ssl=1\" data-orig-size=\"677,909\" data-comments-opened=\"1\" data-image-meta=\"{&quot;aperture&quot;:&quot;0&quot;,&quot;credit&quot;:&quot;CARRE&quot;,&quot;camera&quot;:&quot;&quot;,&quot;caption&quot;:&quot;&quot;,&quot;created_timestamp&quot;:&quot;1561648668&quot;,&quot;copyright&quot;:&quot;&quot;,&quot;focal_length&quot;:&quot;0&quot;,&quot;iso&quot;:&quot;0&quot;,&quot;shutter_speed&quot;:&quot;0&quot;,&quot;title&quot;:&quot;&quot;,&quot;orientation&quot;:&quot;0&quot;}\" data-image-title=\"Capture0\" data-image-description=\"\" data-image-caption=\"\" data-large-file=\"https:\/\/i0.wp.com\/patrimoine-avesnois.fr\/chemin\/wp-content\/uploads\/2019\/06\/Capture0-10.jpg?fit=677%2C909&amp;ssl=1\" src=\"https:\/\/i0.wp.com\/patrimoine-avesnois.fr\/chemin\/wp-content\/uploads\/2019\/06\/Capture0-10.jpg?resize=677%2C909\" alt=\"\" data-id=\"6654\" data-link=\"http:\/\/patrimoine-avesnois.fr\/chemin\/?attachment_id=6654\" class=\"wp-image-6654\" srcset=\"https:\/\/i0.wp.com\/patrimoine-avesnois.fr\/chemin\/wp-content\/uploads\/2019\/06\/Capture0-10.jpg?w=677&amp;ssl=1 677w, https:\/\/i0.wp.com\/patrimoine-avesnois.fr\/chemin\/wp-content\/uploads\/2019\/06\/Capture0-10.jpg?resize=223%2C300&amp;ssl=1 223w\" sizes=\"auto, (max-width: 677px) 85vw, 677px\" \/><\/figure><\/li><li class=\"blocks-gallery-item\"><figure><img data-recalc-dims=\"1\" loading=\"lazy\" decoding=\"async\" width=\"678\" height=\"908\" data-attachment-id=\"6655\" data-permalink=\"https:\/\/patrimoine-avesnois.fr\/chemin\/pont-sur-sambre\/capture1-74\/\" data-orig-file=\"https:\/\/i0.wp.com\/patrimoine-avesnois.fr\/chemin\/wp-content\/uploads\/2019\/06\/Capture1-29.jpg?fit=678%2C908&amp;ssl=1\" data-orig-size=\"678,908\" data-comments-opened=\"1\" data-image-meta=\"{&quot;aperture&quot;:&quot;0&quot;,&quot;credit&quot;:&quot;CARRE&quot;,&quot;camera&quot;:&quot;&quot;,&quot;caption&quot;:&quot;&quot;,&quot;created_timestamp&quot;:&quot;1561648647&quot;,&quot;copyright&quot;:&quot;&quot;,&quot;focal_length&quot;:&quot;0&quot;,&quot;iso&quot;:&quot;0&quot;,&quot;shutter_speed&quot;:&quot;0&quot;,&quot;title&quot;:&quot;&quot;,&quot;orientation&quot;:&quot;0&quot;}\" data-image-title=\"Capture1\" data-image-description=\"\" data-image-caption=\"\" data-large-file=\"https:\/\/i0.wp.com\/patrimoine-avesnois.fr\/chemin\/wp-content\/uploads\/2019\/06\/Capture1-29.jpg?fit=678%2C908&amp;ssl=1\" src=\"https:\/\/i0.wp.com\/patrimoine-avesnois.fr\/chemin\/wp-content\/uploads\/2019\/06\/Capture1-29.jpg?resize=678%2C908\" alt=\"\" data-id=\"6655\" data-link=\"http:\/\/patrimoine-avesnois.fr\/chemin\/?attachment_id=6655\" class=\"wp-image-6655\" srcset=\"https:\/\/i0.wp.com\/patrimoine-avesnois.fr\/chemin\/wp-content\/uploads\/2019\/06\/Capture1-29.jpg?w=678&amp;ssl=1 678w, https:\/\/i0.wp.com\/patrimoine-avesnois.fr\/chemin\/wp-content\/uploads\/2019\/06\/Capture1-29.jpg?resize=224%2C300&amp;ssl=1 224w\" sizes=\"auto, (max-width: 678px) 85vw, 678px\" \/><\/figure><\/li><\/ul><\/figure>\n\n\n\n<figure class=\"wp-block-image\"><img loading=\"lazy\" decoding=\"async\" width=\"4032\" height=\"3024\" data-attachment-id=\"6628\" data-permalink=\"https:\/\/patrimoine-avesnois.fr\/chemin\/pont-sur-sambre\/img_6046\/\" data-orig-file=\"https:\/\/i0.wp.com\/patrimoine-avesnois.fr\/chemin\/wp-content\/uploads\/2019\/06\/IMG_6046.jpg?fit=4032%2C3024&amp;ssl=1\" data-orig-size=\"4032,3024\" data-comments-opened=\"1\" data-image-meta=\"{&quot;aperture&quot;:&quot;2.2&quot;,&quot;credit&quot;:&quot;&quot;,&quot;camera&quot;:&quot;iPhone SE&quot;,&quot;caption&quot;:&quot;&quot;,&quot;created_timestamp&quot;:&quot;1561305909&quot;,&quot;copyright&quot;:&quot;&quot;,&quot;focal_length&quot;:&quot;4.15&quot;,&quot;iso&quot;:&quot;200&quot;,&quot;shutter_speed&quot;:&quot;0.03030303030303&quot;,&quot;title&quot;:&quot;&quot;,&quot;orientation&quot;:&quot;1&quot;}\" data-image-title=\"IMG_6046\" data-image-description=\"\" data-image-caption=\"\" data-large-file=\"https:\/\/i0.wp.com\/patrimoine-avesnois.fr\/chemin\/wp-content\/uploads\/2019\/06\/IMG_6046.jpg?fit=840%2C630&amp;ssl=1\" src=\"https:\/\/i2.wp.com\/patrimoine-avesnois.fr\/chemin\/wp-content\/uploads\/2019\/06\/IMG_6046.jpg?fit=840%2C630\" alt=\"\" class=\"wp-image-6628\" srcset=\"https:\/\/i0.wp.com\/patrimoine-avesnois.fr\/chemin\/wp-content\/uploads\/2019\/06\/IMG_6046.jpg?w=4032&amp;ssl=1 4032w, https:\/\/i0.wp.com\/patrimoine-avesnois.fr\/chemin\/wp-content\/uploads\/2019\/06\/IMG_6046.jpg?resize=300%2C225&amp;ssl=1 300w, https:\/\/i0.wp.com\/patrimoine-avesnois.fr\/chemin\/wp-content\/uploads\/2019\/06\/IMG_6046.jpg?resize=768%2C576&amp;ssl=1 768w, https:\/\/i0.wp.com\/patrimoine-avesnois.fr\/chemin\/wp-content\/uploads\/2019\/06\/IMG_6046.jpg?resize=1024%2C768&amp;ssl=1 1024w, https:\/\/i0.wp.com\/patrimoine-avesnois.fr\/chemin\/wp-content\/uploads\/2019\/06\/IMG_6046.jpg?resize=1200%2C900&amp;ssl=1 1200w, https:\/\/i0.wp.com\/patrimoine-avesnois.fr\/chemin\/wp-content\/uploads\/2019\/06\/IMG_6046.jpg?w=1680 1680w, https:\/\/i0.wp.com\/patrimoine-avesnois.fr\/chemin\/wp-content\/uploads\/2019\/06\/IMG_6046.jpg?w=2520 2520w\" sizes=\"auto, (max-width: 709px) 85vw, (max-width: 909px) 67vw, (max-width: 1362px) 62vw, 840px\" \/><figcaption>L&rsquo;\u00e9glise vue du Ch\u0153ur<\/figcaption><\/figure>\n\n\n\n<p class=\"has-text-align-center\">***<\/p>\n\n\n\n<div class=\"wp-block-image\"><figure class=\"aligncenter\"><img loading=\"lazy\" decoding=\"async\" width=\"1216\" height=\"918\" data-attachment-id=\"6661\" data-permalink=\"https:\/\/patrimoine-avesnois.fr\/chemin\/pont-sur-sambre\/image-1009\/\" data-orig-file=\"https:\/\/i0.wp.com\/patrimoine-avesnois.fr\/chemin\/wp-content\/uploads\/2019\/06\/image-202.png?fit=1216%2C918&amp;ssl=1\" data-orig-size=\"1216,918\" data-comments-opened=\"1\" data-image-meta=\"{&quot;aperture&quot;:&quot;0&quot;,&quot;credit&quot;:&quot;&quot;,&quot;camera&quot;:&quot;&quot;,&quot;caption&quot;:&quot;&quot;,&quot;created_timestamp&quot;:&quot;0&quot;,&quot;copyright&quot;:&quot;&quot;,&quot;focal_length&quot;:&quot;0&quot;,&quot;iso&quot;:&quot;0&quot;,&quot;shutter_speed&quot;:&quot;0&quot;,&quot;title&quot;:&quot;&quot;,&quot;orientation&quot;:&quot;0&quot;}\" data-image-title=\"image\" data-image-description=\"\" data-image-caption=\"\" data-large-file=\"https:\/\/i0.wp.com\/patrimoine-avesnois.fr\/chemin\/wp-content\/uploads\/2019\/06\/image-202.png?fit=840%2C634&amp;ssl=1\" src=\"https:\/\/i1.wp.com\/patrimoine-avesnois.fr\/chemin\/wp-content\/uploads\/2019\/06\/image-202.png?fit=840%2C634\" alt=\"\" class=\"wp-image-6661\" srcset=\"https:\/\/i0.wp.com\/patrimoine-avesnois.fr\/chemin\/wp-content\/uploads\/2019\/06\/image-202.png?w=1216&amp;ssl=1 1216w, https:\/\/i0.wp.com\/patrimoine-avesnois.fr\/chemin\/wp-content\/uploads\/2019\/06\/image-202.png?resize=300%2C226&amp;ssl=1 300w, https:\/\/i0.wp.com\/patrimoine-avesnois.fr\/chemin\/wp-content\/uploads\/2019\/06\/image-202.png?resize=768%2C580&amp;ssl=1 768w, https:\/\/i0.wp.com\/patrimoine-avesnois.fr\/chemin\/wp-content\/uploads\/2019\/06\/image-202.png?resize=1024%2C773&amp;ssl=1 1024w, https:\/\/i0.wp.com\/patrimoine-avesnois.fr\/chemin\/wp-content\/uploads\/2019\/06\/image-202.png?resize=1200%2C906&amp;ssl=1 1200w\" sizes=\"auto, (max-width: 709px) 85vw, (max-width: 909px) 67vw, (max-width: 1362px) 62vw, 840px\" \/><figcaption>Ancien presbyt\u00e8re pr\u00e8s de l&rsquo;\u00e9glise<\/figcaption><\/figure><\/div>\n\n\n\n<p class=\"has-text-align-center\">***<\/p>\n\n\n\n<div class=\"wp-block-image\"><figure class=\"aligncenter is-resized\"><img data-recalc-dims=\"1\" loading=\"lazy\" decoding=\"async\" data-attachment-id=\"6662\" data-permalink=\"https:\/\/patrimoine-avesnois.fr\/chemin\/pont-sur-sambre\/image-1010\/\" data-orig-file=\"https:\/\/i0.wp.com\/patrimoine-avesnois.fr\/chemin\/wp-content\/uploads\/2019\/06\/image-203.png?fit=678%2C917&amp;ssl=1\" data-orig-size=\"678,917\" data-comments-opened=\"1\" data-image-meta=\"{&quot;aperture&quot;:&quot;0&quot;,&quot;credit&quot;:&quot;&quot;,&quot;camera&quot;:&quot;&quot;,&quot;caption&quot;:&quot;&quot;,&quot;created_timestamp&quot;:&quot;0&quot;,&quot;copyright&quot;:&quot;&quot;,&quot;focal_length&quot;:&quot;0&quot;,&quot;iso&quot;:&quot;0&quot;,&quot;shutter_speed&quot;:&quot;0&quot;,&quot;title&quot;:&quot;&quot;,&quot;orientation&quot;:&quot;0&quot;}\" data-image-title=\"image\" data-image-description=\"\" data-image-caption=\"\" data-large-file=\"https:\/\/i0.wp.com\/patrimoine-avesnois.fr\/chemin\/wp-content\/uploads\/2019\/06\/image-203.png?fit=678%2C917&amp;ssl=1\" src=\"https:\/\/i0.wp.com\/patrimoine-avesnois.fr\/chemin\/wp-content\/uploads\/2019\/06\/image-203.png?resize=480%2C650\" alt=\"\" class=\"wp-image-6662\" width=\"480\" height=\"650\" srcset=\"https:\/\/i0.wp.com\/patrimoine-avesnois.fr\/chemin\/wp-content\/uploads\/2019\/06\/image-203.png?w=678&amp;ssl=1 678w, https:\/\/i0.wp.com\/patrimoine-avesnois.fr\/chemin\/wp-content\/uploads\/2019\/06\/image-203.png?resize=222%2C300&amp;ssl=1 222w\" sizes=\"auto, (max-width: 480px) 85vw, 480px\" \/><figcaption>La tour de Guet de Pont-sur-Sambre (XVII e si\u00e8cle).<\/figcaption><\/figure><\/div>\n\n\n\n<div class=\"wp-block-image\"><figure class=\"aligncenter is-resized\"><img data-recalc-dims=\"1\" loading=\"lazy\" decoding=\"async\" data-attachment-id=\"6663\" data-permalink=\"https:\/\/patrimoine-avesnois.fr\/chemin\/pont-sur-sambre\/image-1011\/\" data-orig-file=\"https:\/\/i0.wp.com\/patrimoine-avesnois.fr\/chemin\/wp-content\/uploads\/2019\/06\/image-204.png?fit=676%2C917&amp;ssl=1\" data-orig-size=\"676,917\" data-comments-opened=\"1\" data-image-meta=\"{&quot;aperture&quot;:&quot;0&quot;,&quot;credit&quot;:&quot;&quot;,&quot;camera&quot;:&quot;&quot;,&quot;caption&quot;:&quot;&quot;,&quot;created_timestamp&quot;:&quot;0&quot;,&quot;copyright&quot;:&quot;&quot;,&quot;focal_length&quot;:&quot;0&quot;,&quot;iso&quot;:&quot;0&quot;,&quot;shutter_speed&quot;:&quot;0&quot;,&quot;title&quot;:&quot;&quot;,&quot;orientation&quot;:&quot;0&quot;}\" data-image-title=\"image\" data-image-description=\"\" data-image-caption=\"\" data-large-file=\"https:\/\/i0.wp.com\/patrimoine-avesnois.fr\/chemin\/wp-content\/uploads\/2019\/06\/image-204.png?fit=676%2C917&amp;ssl=1\" src=\"https:\/\/i0.wp.com\/patrimoine-avesnois.fr\/chemin\/wp-content\/uploads\/2019\/06\/image-204.png?resize=480%2C650\" alt=\"\" class=\"wp-image-6663\" width=\"480\" height=\"650\" srcset=\"https:\/\/i0.wp.com\/patrimoine-avesnois.fr\/chemin\/wp-content\/uploads\/2019\/06\/image-204.png?w=676&amp;ssl=1 676w, https:\/\/i0.wp.com\/patrimoine-avesnois.fr\/chemin\/wp-content\/uploads\/2019\/06\/image-204.png?resize=221%2C300&amp;ssl=1 221w\" sizes=\"auto, (max-width: 480px) 85vw, 480px\" \/><figcaption>Autre vue de la tour de Guet<\/figcaption><\/figure><\/div>\n\n\n\n<p>Ce petit beffroi se trouve au milieu de la grand&rsquo;rue. Il commande les deux acc\u00e8s de la route de Bavay \u00e0 Aulnoye, de m\u00eame que le chemin de Quartes. Le guetteur, du haut de cette tour, donnait l&rsquo;alarme d\u00e8s qu&rsquo;une bande arm\u00e9e \u00e9tait signal\u00e9e. La tour renferme une horloge, une cloche provenant du couvent des Oratoriens de Thuin et un cachot. Elle servait \u00e9galement de chambre de justice.<\/p>\n\n\n\n<p>Origine de la Tour de Pont-sur-Sambre : <\/p>\n\n\n\n<div class=\"wp-block-image\"><figure class=\"aligncenter is-resized\"><img loading=\"lazy\" decoding=\"async\" data-attachment-id=\"8005\" data-permalink=\"https:\/\/patrimoine-avesnois.fr\/chemin\/pont-sur-sambre\/img_6242\/\" data-orig-file=\"https:\/\/i0.wp.com\/patrimoine-avesnois.fr\/chemin\/wp-content\/uploads\/2019\/08\/IMG_6242.jpg?fit=2147%2C3544&amp;ssl=1\" data-orig-size=\"2147,3544\" data-comments-opened=\"1\" data-image-meta=\"{&quot;aperture&quot;:&quot;2.2&quot;,&quot;credit&quot;:&quot;&quot;,&quot;camera&quot;:&quot;iPhone SE&quot;,&quot;caption&quot;:&quot;&quot;,&quot;created_timestamp&quot;:&quot;1566206926&quot;,&quot;copyright&quot;:&quot;&quot;,&quot;focal_length&quot;:&quot;4.15&quot;,&quot;iso&quot;:&quot;32&quot;,&quot;shutter_speed&quot;:&quot;0.02&quot;,&quot;title&quot;:&quot;&quot;,&quot;orientation&quot;:&quot;1&quot;}\" data-image-title=\"IMG_6242\" data-image-description=\"\" data-image-caption=\"\" data-large-file=\"https:\/\/i0.wp.com\/patrimoine-avesnois.fr\/chemin\/wp-content\/uploads\/2019\/08\/IMG_6242.jpg?fit=620%2C1024&amp;ssl=1\" src=\"https:\/\/i2.wp.com\/patrimoine-avesnois.fr\/chemin\/wp-content\/uploads\/2019\/08\/IMG_6242.jpg?fit=620%2C1024\" alt=\"\" class=\"wp-image-8005\" width=\"325\" height=\"537\" srcset=\"https:\/\/i0.wp.com\/patrimoine-avesnois.fr\/chemin\/wp-content\/uploads\/2019\/08\/IMG_6242.jpg?w=2147&amp;ssl=1 2147w, https:\/\/i0.wp.com\/patrimoine-avesnois.fr\/chemin\/wp-content\/uploads\/2019\/08\/IMG_6242.jpg?resize=182%2C300&amp;ssl=1 182w, https:\/\/i0.wp.com\/patrimoine-avesnois.fr\/chemin\/wp-content\/uploads\/2019\/08\/IMG_6242.jpg?resize=768%2C1268&amp;ssl=1 768w, https:\/\/i0.wp.com\/patrimoine-avesnois.fr\/chemin\/wp-content\/uploads\/2019\/08\/IMG_6242.jpg?resize=620%2C1024&amp;ssl=1 620w, https:\/\/i0.wp.com\/patrimoine-avesnois.fr\/chemin\/wp-content\/uploads\/2019\/08\/IMG_6242.jpg?resize=1200%2C1981&amp;ssl=1 1200w, https:\/\/i0.wp.com\/patrimoine-avesnois.fr\/chemin\/wp-content\/uploads\/2019\/08\/IMG_6242.jpg?w=1680 1680w\" sizes=\"auto, (max-width: 325px) 85vw, 325px\" \/><figcaption>La Tour (fin du XIX e si\u00e8cle d&rsquo;apr\u00e8s cartes postales anciennes et plan de Michel Pess\u00e9, architecte \u00e0 Lille )<\/figcaption><\/figure><\/div>\n\n\n\n<p>B\u00e2tie sur plan carr\u00e9, la tour du Guet dresse sa ma\u00e7onnerie sur pr\u00e8s de 14 m\u00e8tres de hauteur sans le secours d&rsquo;aucun contrefort. La brique rose orang\u00e9e en constitue l&rsquo;essentiel, mais la pierre dispos\u00e9e en harpe, consolide les angles et les encadrements des baies ; on la retrouve dans les fins cordons qui ceinturent le b\u00e2timent. En couverture, le beffroi qui porte la cloche, se cale dans un clocheton en charpente couvert d&rsquo;ardoise, \u00e0 \u00e9go\u00fbt retrouss\u00e9, surmont\u00e9 d&rsquo;un auvent d&rsquo;abat-son et termin\u00e9 par quatre pentes que couronne une girouette en fer forge. <\/p>\n\n\n\n<p>Les ouvertures sont tr\u00e8s in\u00e9galement reparties. Le rez-de-chauss\u00e9e n&rsquo;avait \u00e0 l&rsquo;origine qu&rsquo;une seule porte perc\u00e9e au Nord-Est. Aux deuxi\u00e8me et troisi\u00e8me niveaux, seule la face Sud-Est \u00e9tait \u00e9clair\u00e9e : la baie plus \u00e9lev\u00e9e montre encore le croisillon de pierre qu&rsquo;elle avait gard\u00e9 en d\u00e9pit du fait qu&rsquo;elle avait \u00e9t\u00e9 partiellement mur\u00e9e, la plus basse \u00e9tait sans doute trait\u00e9e de la m\u00eame mani\u00e8re, mais on n&rsquo;en pouvait plus juger sur la seule foi des vestiges(agrandie en porte-fen\u00eatre). Cette face est ainsi la plus d\u00e9cor\u00e9e puisqu&rsquo;elle porte un tableau sur lequel figuraient vraisemblablement des armoiries dont la lecture aurait fait taire nos doutes sur l&rsquo;\u00e2ge de la tour ; enfin une pierre en encorbellement saille au niveau du premier cordon(un balcon est venu s&rsquo;y poser). Le dernier \u00e9tage pr\u00e9sente des ouvertures r\u00e9guli\u00e8rement dispos\u00e9es sur toutes les faces. C&rsquo;est la qu\u2019\u00e9tait la salle de Guet. C&rsquo;est de l\u00e0 que le guetteur pouvait sonner le tocsin. <\/p>\n\n\n\n<p>La pr\u00e9sence d&rsquo;une fen\u00eatre a meneaux a pu conduire \u00e0 dater cette tour du XVIeme si\u00e8cle. Ne diff\u00e9rencie-t-on pas sur une gravure des albums de la famille de Cro\u00ff (gravure r\u00e9alis\u00e9e entre 1598 et 1622), \u00e9mergeant dans le flou du lointain, un petit clocheton qui se voudrait par sa situation dans le village, \u00eatre celui de notre tour. Cependant, les profils de cordons, ceux des encadrements de la porte et de la fen\u00eatre, des meneaux eux-m\u00eames, de l&rsquo;encorbellement, conduisent \u00e0 lui assigner une \u00e9poque qui pourrait \u00eatre le XVII e si\u00e8cle.<\/p>\n\n\n\n<p>On con\u00e7oit mal \u00e0 pr\u00e9sent que la Tour, manifestement du XVII e, voire fin XVI e si\u00e8cle, ait pu \u00eatre le clocher d&rsquo;une \u00e9glise, d&rsquo;autant que les fonds religieux ne mentionnent l&rsquo;existence d&rsquo;une \u00e9glise \u00e0 Pont.<\/p>\n\n\n\n<p>Pourquoi donc une telle tour ?<\/p>\n\n\n\n<p>L&rsquo;examen de la face Nord-Ouest de la tour r\u00e9v\u00e8le l&rsquo;existence dans le pass\u00e9, d&rsquo;un b\u00e2timent annex\u00e9. Certains d\u00e9tails (cha\u00eenage de pierre partiel \u00e0 l&rsquo;angle Nord,bandeaux discontinus sur la face Nord) permettent d&rsquo;avancer que le b\u00e2timent et la tour furent construits \u00e0 la m\u00eame date (Photo ci dessous). <\/p>\n\n\n\n<div class=\"wp-block-image\"><figure class=\"aligncenter is-resized\"><img data-recalc-dims=\"1\" loading=\"lazy\" decoding=\"async\" data-attachment-id=\"8011\" data-permalink=\"https:\/\/patrimoine-avesnois.fr\/chemin\/pont-sur-sambre\/image-1233\/\" data-orig-file=\"https:\/\/i0.wp.com\/patrimoine-avesnois.fr\/chemin\/wp-content\/uploads\/2019\/08\/image-37.png?fit=672%2C922&amp;ssl=1\" data-orig-size=\"672,922\" data-comments-opened=\"1\" data-image-meta=\"{&quot;aperture&quot;:&quot;0&quot;,&quot;credit&quot;:&quot;&quot;,&quot;camera&quot;:&quot;&quot;,&quot;caption&quot;:&quot;&quot;,&quot;created_timestamp&quot;:&quot;0&quot;,&quot;copyright&quot;:&quot;&quot;,&quot;focal_length&quot;:&quot;0&quot;,&quot;iso&quot;:&quot;0&quot;,&quot;shutter_speed&quot;:&quot;0&quot;,&quot;title&quot;:&quot;&quot;,&quot;orientation&quot;:&quot;0&quot;}\" data-image-title=\"image\" data-image-description=\"\" data-image-caption=\"\" data-large-file=\"https:\/\/i0.wp.com\/patrimoine-avesnois.fr\/chemin\/wp-content\/uploads\/2019\/08\/image-37.png?fit=672%2C922&amp;ssl=1\" src=\"https:\/\/i0.wp.com\/patrimoine-avesnois.fr\/chemin\/wp-content\/uploads\/2019\/08\/image-37.png?resize=378%2C519\" alt=\"\" class=\"wp-image-8011\" width=\"378\" height=\"519\" srcset=\"https:\/\/i0.wp.com\/patrimoine-avesnois.fr\/chemin\/wp-content\/uploads\/2019\/08\/image-37.png?w=672&amp;ssl=1 672w, https:\/\/i0.wp.com\/patrimoine-avesnois.fr\/chemin\/wp-content\/uploads\/2019\/08\/image-37.png?resize=219%2C300&amp;ssl=1 219w\" sizes=\"auto, (max-width: 378px) 85vw, 378px\" \/><figcaption>T\u00e9moignage de l&rsquo;existence d&rsquo;un b\u00e2timent accol\u00e9<\/figcaption><\/figure><\/div>\n\n\n\n<p>D&rsquo;autres t\u00e9moignages de l&rsquo;existence d&rsquo;un b\u00e2timent, sont les fondations importantes qui furent mises au jour c\u00f4t\u00e9 Nord, ainsi que la d\u00e9couverte en 1870 sur la place au Nord de la tour, d&rsquo;un souterrain aux marches hautes et larges ; ce souterrain devait,d&rsquo;ailleurs \u00eatre ferm\u00e9 par une porte exceptionnellement solide car des tourillons \u00e9taient scell\u00e9s dans des pierres non moins \u00e9normes. <\/p>\n\n\n\n<p>Ce b\u00e2timent ne pouvait (comme nous l&rsquo;avons montr\u00e9 pr\u00e9c\u00e9demment) \u00eatre une \u00e9glise. Quelle fut donc son utilit\u00e9 ? Quel lien avait-il avec la tour ?<\/p>\n\n\n\n<p>Sur ce sujet, les documents anciens ne sont gu\u00e8re parlants ; certains nous apprennent que la tour servait autrefois de chambre de Justice aux Seigneurs d&rsquo;Aymeries et qu&rsquo;elle renfermait un cachot(Notes historiques et statistiques sur les communes de l&rsquo;arrondissement d&rsquo;Avesnes &#8211; 1836). <\/p>\n\n\n\n<p>Un registre communal de 1834 mentionne  \u00ab \u2026la tour contient l&rsquo;horloge de la commune et une petite cloche pour appeler les fid\u00e8les \u00e0 l&rsquo;office divin, l\u2019\u00e9glise situ\u00e9e \u00e0 Quartes \u00e9tant \u00e9loign\u00e9e du centre de la commune&#8230;\u00bb (Nestor Lecouvez : Notes et Recherches concernant l&rsquo;histoire de Pont-sur-Sambre &#8211; 1950). La pr\u00e9sence d&rsquo;un cachot et l&rsquo;usage administratif que l&rsquo;on en fit, ne justifient cependant pas un \u00e9difice de cette forme et les raisons de la construction de la tour et du (des) b\u00e2timent (s) sont d&rsquo;un tout autre domaine. Cet \u00e9difice, ne nous arrive-t-il pas, de g\u00e9n\u00e9rations en g\u00e9n\u00e9rations sous le nom de Tour du Guet(  Le Plan cadastral de 1804 mentionnant \u00ab\u00a0Tourettegu\u00e9\u00a0\u00bb) ? Une app\u00e9lation logique si l&rsquo;on se place dans la p\u00e9riode indiscutable de sa construction XVIeme, XVIIeme siecle) ; une \u00e9poque o\u00f9 le Hainaut fut ravag\u00e9 de fond en comble. Des tours de guet seront construites, des \u00e9glises et des fermes fortifi\u00e9es, et ce \u00e0 des usages d\u00e9fensifs et militaires. Pont-sur-Sambre, comme de nombreux autres villes et villages de la contr\u00e9e conna\u00eetra les incursions r\u00e9p\u00e9t\u00e9es des troupes fran\u00e7aises, sa situation g\u00e9ographique ne l\u2019\u00e9pargnant pas. La tour qui subsiste est le t\u00e9moignage ind\u00e9niable des constructions militaires de l\u2019\u00e9poque et son usage de guet confirme l&rsquo;appellation que nous lui connaissons : \u00ab La Tour du Guet \u00bb. <\/p>\n\n\n\n<p>II nous est aussi permis d&rsquo;imaginer, apr\u00e8s r\u00e9flexion, que les b\u00e2timents adjacents \u00e0 la tour furent \u00e9galement d&rsquo;un usage militaire. Ainsi pour cet ensemble, de tour de guet \u00e0 caserne ou forteresse militaire, il n&rsquo;y a qu&rsquo;un pas. <\/p>\n\n\n\n<div class=\"wp-block-image\"><figure class=\"aligncenter is-resized\"><img data-recalc-dims=\"1\" loading=\"lazy\" decoding=\"async\" data-attachment-id=\"8013\" data-permalink=\"https:\/\/patrimoine-avesnois.fr\/chemin\/pont-sur-sambre\/image-1234\/\" data-orig-file=\"https:\/\/i0.wp.com\/patrimoine-avesnois.fr\/chemin\/wp-content\/uploads\/2019\/08\/image-38.png?fit=711%2C916&amp;ssl=1\" data-orig-size=\"711,916\" data-comments-opened=\"1\" data-image-meta=\"{&quot;aperture&quot;:&quot;0&quot;,&quot;credit&quot;:&quot;&quot;,&quot;camera&quot;:&quot;&quot;,&quot;caption&quot;:&quot;&quot;,&quot;created_timestamp&quot;:&quot;0&quot;,&quot;copyright&quot;:&quot;&quot;,&quot;focal_length&quot;:&quot;0&quot;,&quot;iso&quot;:&quot;0&quot;,&quot;shutter_speed&quot;:&quot;0&quot;,&quot;title&quot;:&quot;&quot;,&quot;orientation&quot;:&quot;0&quot;}\" data-image-title=\"image\" data-image-description=\"\" data-image-caption=\"\" data-large-file=\"https:\/\/i0.wp.com\/patrimoine-avesnois.fr\/chemin\/wp-content\/uploads\/2019\/08\/image-38.png?fit=711%2C916&amp;ssl=1\" src=\"https:\/\/i0.wp.com\/patrimoine-avesnois.fr\/chemin\/wp-content\/uploads\/2019\/08\/image-38.png?resize=495%2C638\" alt=\"\" class=\"wp-image-8013\" width=\"495\" height=\"638\" srcset=\"https:\/\/i0.wp.com\/patrimoine-avesnois.fr\/chemin\/wp-content\/uploads\/2019\/08\/image-38.png?w=711&amp;ssl=1 711w, https:\/\/i0.wp.com\/patrimoine-avesnois.fr\/chemin\/wp-content\/uploads\/2019\/08\/image-38.png?resize=233%2C300&amp;ssl=1 233w\" sizes=\"auto, (max-width: 495px) 85vw, 495px\" \/><figcaption>Dessin d&rsquo;Albert Delgrange<\/figcaption><\/figure><\/div>\n\n\n\n<div class=\"wp-block-image\"><figure class=\"aligncenter size-large is-resized\"><img data-recalc-dims=\"1\" loading=\"lazy\" decoding=\"async\" data-attachment-id=\"12516\" data-permalink=\"https:\/\/patrimoine-avesnois.fr\/chemin\/pont-sur-sambre\/image-29-4\/\" data-orig-file=\"https:\/\/i0.wp.com\/patrimoine-avesnois.fr\/chemin\/wp-content\/uploads\/2021\/04\/image-29.png?fit=686%2C920&amp;ssl=1\" data-orig-size=\"686,920\" data-comments-opened=\"1\" data-image-meta=\"{&quot;aperture&quot;:&quot;0&quot;,&quot;credit&quot;:&quot;&quot;,&quot;camera&quot;:&quot;&quot;,&quot;caption&quot;:&quot;&quot;,&quot;created_timestamp&quot;:&quot;0&quot;,&quot;copyright&quot;:&quot;&quot;,&quot;focal_length&quot;:&quot;0&quot;,&quot;iso&quot;:&quot;0&quot;,&quot;shutter_speed&quot;:&quot;0&quot;,&quot;title&quot;:&quot;&quot;,&quot;orientation&quot;:&quot;0&quot;}\" data-image-title=\"image-29\" data-image-description=\"\" data-image-caption=\"\" data-large-file=\"https:\/\/i0.wp.com\/patrimoine-avesnois.fr\/chemin\/wp-content\/uploads\/2021\/04\/image-29.png?fit=686%2C920&amp;ssl=1\" src=\"https:\/\/i0.wp.com\/patrimoine-avesnois.fr\/chemin\/wp-content\/uploads\/2021\/04\/image-29.png?resize=478%2C640\" alt=\"\" class=\"wp-image-12516\" width=\"478\" height=\"640\" srcset=\"https:\/\/i0.wp.com\/patrimoine-avesnois.fr\/chemin\/wp-content\/uploads\/2021\/04\/image-29.png?w=686&amp;ssl=1 686w, https:\/\/i0.wp.com\/patrimoine-avesnois.fr\/chemin\/wp-content\/uploads\/2021\/04\/image-29.png?resize=224%2C300&amp;ssl=1 224w\" sizes=\"auto, (max-width: 478px) 85vw, 478px\" \/><figcaption><em>Dessin d&rsquo;Albert Delgrange<\/em><\/figcaption><\/figure><\/div>\n\n\n\n<p>Certains faits relat\u00e9s au travers de documents anciens(Jacques Pr\u00e9v\u00f4t, Le Grand Haumont  S A H A A 1974), nous apprennent qu\u2019en 1592, les bandes italiennes et wallonnes que l&rsquo;Espagne entretient dans le Hainaut ne recevant plus de solde, s&rsquo;insurgent. Les mutins au nombre de 1500 hommes de pied et 700 cavaliers, conduits par les Seigneurs, de Balenchon et de la Bourlotte s&#8217;emparent de Pont-sur-Sambre, le fortifient et l&rsquo;\u00e9rigent en place d&rsquo;armes faisant de l\u00e0, de continuelles excursions dans les alentours et mettant les habitants \u00e0 contribution. On peut se demander quel int\u00e9r\u00eat,pouvait susciter le village, aux yeux de ces mutins ? \u00c9tait-ce sa position retranch\u00e9e dans le m\u00e9andre de la Sambre ? L&rsquo;existence de b\u00e2timents pouvant faire office de petite forteresse ? Ou les deux \u00e0 la fois ? Autant de questions sans r\u00e9ponses\u2026 <\/p>\n\n\n\n<p>Il est vrai qu&rsquo;aucun document pr\u00e9cis sur la gen\u00e8se de la tour ne vient compl\u00e9ter nos recherches. Il n&rsquo;est donc pas possible de faire taire les doutes sur son \u00e2ge. Cependant les analyses architecturales, le contexte et les faits historiques clarifient fort heureusement ses origines. Il semble \u00e9vident que la tour fut construite au XVIIeme (peut-\u00eatre fin XVIeme) et son usage fut probablement le guet \u00e0 des fins \u00ab&nbsp;civiles \u00bb ou \u00ab&nbsp;militaires \u00bb. La Tour reste, malgr\u00e9 tout, bien secr\u00e8te et l&rsquo;on peut regretter que trop de documents aient disparu notamment ceux des Etats du Hainaut \u00e0 Mons. Nous esp\u00e9rons toutefois, au travers de cet ouvrage, avoir \u00e9veill\u00e9 votre curiosit\u00e9 et suscit\u00e9 votre int\u00e9r\u00eat pour elle. Source du texte : La Tour de Pont-sur-Sambre par l&rsquo;Association \u00ab&nbsp;Connaissance Locale \u00bb A.C.C.L Association Communale Culture et Loisirs 1988 Imprimerie Rou\u00e9 Jeumont<\/p>\n\n\n\n<p>Rez-de-Chauss\u00e9e : <\/p>\n\n\n\n<div class=\"wp-block-image\"><figure class=\"aligncenter is-resized\"><img data-recalc-dims=\"1\" loading=\"lazy\" decoding=\"async\" data-attachment-id=\"8014\" data-permalink=\"https:\/\/patrimoine-avesnois.fr\/chemin\/pont-sur-sambre\/image-1235\/\" data-orig-file=\"https:\/\/i0.wp.com\/patrimoine-avesnois.fr\/chemin\/wp-content\/uploads\/2019\/08\/image-39.png?fit=864%2C667&amp;ssl=1\" data-orig-size=\"864,667\" data-comments-opened=\"1\" data-image-meta=\"{&quot;aperture&quot;:&quot;0&quot;,&quot;credit&quot;:&quot;&quot;,&quot;camera&quot;:&quot;&quot;,&quot;caption&quot;:&quot;&quot;,&quot;created_timestamp&quot;:&quot;0&quot;,&quot;copyright&quot;:&quot;&quot;,&quot;focal_length&quot;:&quot;0&quot;,&quot;iso&quot;:&quot;0&quot;,&quot;shutter_speed&quot;:&quot;0&quot;,&quot;title&quot;:&quot;&quot;,&quot;orientation&quot;:&quot;0&quot;}\" data-image-title=\"image\" data-image-description=\"\" data-image-caption=\"\" data-large-file=\"https:\/\/i0.wp.com\/patrimoine-avesnois.fr\/chemin\/wp-content\/uploads\/2019\/08\/image-39.png?fit=840%2C648&amp;ssl=1\" src=\"https:\/\/i0.wp.com\/patrimoine-avesnois.fr\/chemin\/wp-content\/uploads\/2019\/08\/image-39.png?resize=648%2C500\" alt=\"\" class=\"wp-image-8014\" width=\"648\" height=\"500\" srcset=\"https:\/\/i0.wp.com\/patrimoine-avesnois.fr\/chemin\/wp-content\/uploads\/2019\/08\/image-39.png?w=864&amp;ssl=1 864w, https:\/\/i0.wp.com\/patrimoine-avesnois.fr\/chemin\/wp-content\/uploads\/2019\/08\/image-39.png?resize=300%2C232&amp;ssl=1 300w, https:\/\/i0.wp.com\/patrimoine-avesnois.fr\/chemin\/wp-content\/uploads\/2019\/08\/image-39.png?resize=768%2C593&amp;ssl=1 768w\" sizes=\"auto, (max-width: 648px) 85vw, 648px\" \/><figcaption>Vue int\u00e9rieure plongeante sur le rez-de-chauss\u00e9e<\/figcaption><\/figure><\/div>\n\n\n\n<p>Dans les pr\u00e9c\u00e9dentes d\u00e9cennies le rez-de-chauss\u00e9e fut utilis\u00e9 pour y loger un transformateur \u00e9lectrique&#8230;, une vespasienne et un kiosque furent adoss\u00e9s c\u00f4t\u00e9 Est.<\/p>\n\n\n\n<p>On acc\u00e9dait au rez-de-chauss\u00e9e par une porte situ\u00e9e au Nord-Est(porte mur\u00e9e pour les besoins de l&rsquo;installation du transformateur; une porte d&rsquo;acc\u00e8s fut perc\u00e9e \u00e0 la face Nord Ouest). L\u2019int\u00e9rieur, de dimensions restreintes (3,10 m\u00e8tres au carr\u00e9) ne renfermait rien d\u2019int\u00e9ressant si ce n&rsquo;est dit-on l\u2019entr\u00e9e d&rsquo;un souterrain se dirigeant vers l&rsquo;actuel N\u00b0 157 de la Grand-rue(Propos recueillis aupr\u00e8s de Mme Lucienne Wachez Novembre 1987). <\/p>\n\n\n\n<p>Il existe en effet sous cette maison une cave \u00e9troite d&rsquo;environ 2 m\u00e8tres de large et 6 m\u00e8tres de long. Elle est vo\u00fbt\u00e9e en demi-lune et construite en briques. Aujourd&rsquo;hui son acc\u00e8s n&rsquo;est plus possible et par cons\u00e9quent ne permet pas de confirmer nos hypoth\u00e8ses.<\/p>\n\n\n\n<p>Est-ce un tron\u00e7on du souterrain, transform\u00e9 en cave dans les si\u00e8cles precedents ? Dans cette hypoth\u00e8se, o\u00f9 conduisait ce souterrain ? Le ch\u00e2teau d&rsquo;Aymeries \u00e9tait-il son but ? <\/p>\n\n\n\n<p>Sont-ce les vestiges d&rsquo;un cachot ayant servi de prison d&rsquo;Etat ?, une salle de refuge pour les habitants ? L&rsquo;annuaire statistique du D\u00e9partement du Nord de 1836 mentionne que la tour renfermait un cachot. Le rez-de-chauss\u00e9e avait-il servi de prison pour d\u00e9lits mineurs et la cave de cachot ?<\/p>\n\n\n\n<p>Premier \u00e9tage : <\/p>\n\n\n\n<p>En p\u00e9n\u00e9trant \u00e0 ce niveau, on constate que l\u2019\u00e9tage a subi bon nombre de modifications dans le but d&rsquo;assurer une d\u00e9fense active de la Tour.<\/p>\n\n\n\n<p>A son origine, l\u2019\u00e9tage poss\u00e9dait deux acc\u00e8s de l\u2019ext\u00e9rieur. Le plus notable de par ses dimensions se trouve sur la face Sud-Est de la tour. C&rsquo;est une baie haute de 2,50 m\u00e8tres et large de 0,90 m\u00e8tre. Son pourtour est d\u00e9limit\u00e9 partiellement par un cha\u00eenage de pierre et son bas est orn\u00e9 d&rsquo;un corbeau. Il n&rsquo;est pas exclu qu&rsquo;\u00e0 l&rsquo;origine, cette baie fut une fen\u00eatre \u00e0 meneaux agrandie par la suite en porte-fen\u00eatre. <\/p>\n\n\n\n<p>A l\u2019ext\u00e9rieur, au-dessus de cette porte, on remarque un cadre de pierre particulier. L&rsquo;\u00e9ventualit\u00e9 dune bret\u00e8che(\u00e9lement de saillie au dessus d&rsquo;une ouverture permettant sa protection par jet de projectiles ou tir plongeant) ne se v\u00e9rifie pas ; l\u2019int\u00e9rieur ne pr\u00e9sente en effet aucune baie d\u2019acc\u00e8s correspondante. L&rsquo;\u00e9ventualite d&rsquo;un tableau representant des armoiries semble donc des plus probable, sa position Sud-Est est toutefois toute requise pour avoir pu y soutenir un cadran solaire\u2026 <\/p>\n\n\n\n<p>Le second acc\u00e8s quant \u00e0 lui, se situait sur la face Nord-Ouest (on le distingue d&rsquo;ailleurs fort bien de l\u2019int\u00e9rieur, voir Photo ci-dessus). C\u2019\u00e9tait une petite porte vo\u00fbt\u00e9e \u00e0 sa partie sup\u00e9rieure. Elle permettait de communiquer entre la tour et le corps du b\u00e2timent adoss\u00e9. <\/p>\n\n\n\n<p>Ces deux ouvertures, de m\u00eame que la fen\u00eatre du deuxi\u00e8me \u00e9tage furent mur\u00e9es pour ne laisser subsister qu&rsquo;une meurtri\u00e8re ; c&rsquo;est d&rsquo;ailleurs sous cet aspect que ces baies nous sont connues.<\/p>\n\n\n\n<p>Pourquoi de telles modifications ? <\/p>\n\n\n\n<p>Serait-ce le r\u00e9sultat de la fortification du village par les bandes wallonnes et italiennes en 1593 d\u00e9truisant par la m\u00eame occasion, le corps du b\u00e2timent accol\u00e9 ? Dans cette \u00e9ventualit\u00e9, la construction de l&rsquo;ensemble se situerait dans la deuxi\u00e8me moiti\u00e9 du XVIeme siecle. <\/p>\n\n\n\n<p>Serait-ce pendant la p\u00e9riode terrible qui s\u2019\u00e9chelonna du Traite des Pyr\u00e9n\u00e9es (1659) au traite de Nim\u00e8gue (1678) ? L\u2019hypoth\u00e8se semble plus vraisemblable<\/p>\n\n\n\n<p>Deuxi\u00e8me et troisi\u00e8me \u00e9tage<\/p>\n\n\n\n<div class=\"wp-block-image\"><figure class=\"aligncenter is-resized\"><img data-recalc-dims=\"1\" loading=\"lazy\" decoding=\"async\" data-attachment-id=\"8017\" data-permalink=\"https:\/\/patrimoine-avesnois.fr\/chemin\/pont-sur-sambre\/image-1236\/\" data-orig-file=\"https:\/\/i0.wp.com\/patrimoine-avesnois.fr\/chemin\/wp-content\/uploads\/2019\/08\/image-40.png?fit=710%2C913&amp;ssl=1\" data-orig-size=\"710,913\" data-comments-opened=\"1\" data-image-meta=\"{&quot;aperture&quot;:&quot;0&quot;,&quot;credit&quot;:&quot;&quot;,&quot;camera&quot;:&quot;&quot;,&quot;caption&quot;:&quot;&quot;,&quot;created_timestamp&quot;:&quot;0&quot;,&quot;copyright&quot;:&quot;&quot;,&quot;focal_length&quot;:&quot;0&quot;,&quot;iso&quot;:&quot;0&quot;,&quot;shutter_speed&quot;:&quot;0&quot;,&quot;title&quot;:&quot;&quot;,&quot;orientation&quot;:&quot;0&quot;}\" data-image-title=\"image\" data-image-description=\"\" data-image-caption=\"\" data-large-file=\"https:\/\/i0.wp.com\/patrimoine-avesnois.fr\/chemin\/wp-content\/uploads\/2019\/08\/image-40.png?fit=710%2C913&amp;ssl=1\" src=\"https:\/\/i0.wp.com\/patrimoine-avesnois.fr\/chemin\/wp-content\/uploads\/2019\/08\/image-40.png?resize=497%2C639\" alt=\"\" class=\"wp-image-8017\" width=\"497\" height=\"639\" srcset=\"https:\/\/i0.wp.com\/patrimoine-avesnois.fr\/chemin\/wp-content\/uploads\/2019\/08\/image-40.png?w=710&amp;ssl=1 710w, https:\/\/i0.wp.com\/patrimoine-avesnois.fr\/chemin\/wp-content\/uploads\/2019\/08\/image-40.png?resize=233%2C300&amp;ssl=1 233w\" sizes=\"auto, (max-width: 497px) 85vw, 497px\" \/><figcaption>Perspective sur le 2\u00e8me et 3 \u00e8me \u00e9tage, on remarque les traces d&rsquo;une petite  \u00abchemin\u00e9e&nbsp;\u00bb <\/figcaption><\/figure><\/div>\n\n\n\n<p>Le plancher du deuxi\u00e8me \u00e9tage fut r\u00e9duit de moiti\u00e9 et couvrait auparavant toute la surface int\u00e9rieure. Des cavit\u00e9s r\u00e9parties dans les murs attestent l&rsquo;existence de poutres \u00e0 l&rsquo;origine.<\/p>\n\n\n\n<p>La salle est imm\u00e9diatement situ\u00e9e sous le poste de guet (Troisi\u00e8me \u00e9tage)\u2022 Elle se caract\u00e9rise par la pr\u00e9sence d&rsquo;une fen\u00eatre \u00e0 meneau de pierre (bois \u00e0 l\u2019int\u00e9rieur) assurant l&rsquo;\u00e9clairage (Photo ci-dessus). Cette fen\u00eatre, la seule de l\u2019\u00e9tage et de la tour, est orient\u00e9e Sud-Est. Son orientation ne semble pas le fait du hasard quand on sait qu&rsquo;\u00e0 l&rsquo;\u00e9poque, les fran\u00e7ais versant par le Sud-Est repr\u00e9sentaient l&rsquo;ennemi du pays. <\/p>\n\n\n\n<p>La curiosit\u00e9 de l\u2019\u00e9tage r\u00e9side cependant sur une petite ouverture ayant exist\u00e9 -cote Nord-Est (Photo ci dessous).<\/p>\n\n\n\n<div class=\"wp-block-image\"><figure class=\"aligncenter is-resized\"><img data-recalc-dims=\"1\" loading=\"lazy\" decoding=\"async\" data-attachment-id=\"8018\" data-permalink=\"https:\/\/patrimoine-avesnois.fr\/chemin\/pont-sur-sambre\/image-1237\/\" data-orig-file=\"https:\/\/i0.wp.com\/patrimoine-avesnois.fr\/chemin\/wp-content\/uploads\/2019\/08\/image-41.png?fit=580%2C916&amp;ssl=1\" data-orig-size=\"580,916\" data-comments-opened=\"1\" data-image-meta=\"{&quot;aperture&quot;:&quot;0&quot;,&quot;credit&quot;:&quot;&quot;,&quot;camera&quot;:&quot;&quot;,&quot;caption&quot;:&quot;&quot;,&quot;created_timestamp&quot;:&quot;0&quot;,&quot;copyright&quot;:&quot;&quot;,&quot;focal_length&quot;:&quot;0&quot;,&quot;iso&quot;:&quot;0&quot;,&quot;shutter_speed&quot;:&quot;0&quot;,&quot;title&quot;:&quot;&quot;,&quot;orientation&quot;:&quot;0&quot;}\" data-image-title=\"image\" data-image-description=\"\" data-image-caption=\"\" data-large-file=\"https:\/\/i0.wp.com\/patrimoine-avesnois.fr\/chemin\/wp-content\/uploads\/2019\/08\/image-41.png?fit=580%2C916&amp;ssl=1\" src=\"https:\/\/i0.wp.com\/patrimoine-avesnois.fr\/chemin\/wp-content\/uploads\/2019\/08\/image-41.png?resize=393%2C621\" alt=\"\" class=\"wp-image-8018\" width=\"393\" height=\"621\" srcset=\"https:\/\/i0.wp.com\/patrimoine-avesnois.fr\/chemin\/wp-content\/uploads\/2019\/08\/image-41.png?w=580&amp;ssl=1 580w, https:\/\/i0.wp.com\/patrimoine-avesnois.fr\/chemin\/wp-content\/uploads\/2019\/08\/image-41.png?resize=190%2C300&amp;ssl=1 190w\" sizes=\"auto, (max-width: 393px) 85vw, 393px\" \/><figcaption>2 \u00e8me \u00e9tage : gros plan sur les traces de la petite chemin\u00e9e<\/figcaption><\/figure><\/div>\n\n\n\n<p>C&rsquo;est une cavit\u00e9 \u00e9bras\u00e9e du bas, de 40 centim\u00e8tres, de 70 centim\u00e8tres de hauteur et situ\u00e9e \u00e0 environ 2 m\u00e8tres du plancher bas; sous cette cavit\u00e9, on localise sur deux verticales, des briques sectionn\u00e9es. A priori, aucune similitude avec une meurtri\u00e8re ; il s&rsquo;agirait d&rsquo;une petite \u00ab chemin\u00e9e <em>\u00bb<\/em> . <\/p>\n\n\n\n<p>Tous ces \u00e9l\u00e9ments r\u00e9unis, donnent \u00e0 penser que le second \u00e9tage servait autrefois de  \u00ab  Corps de Garde &gt;&gt;. <\/p>\n\n\n\n<p>Troisi\u00e8me \u00e9tage  <br> C&rsquo;est le dernier \u00e9tage actuel de la tour. A cet endroit, nous nous trouvons sous la charpente (restaur\u00e9e compl\u00e8tement en 1977) du clocheton (Photo ci dessous). <\/p>\n\n\n\n<div class=\"wp-block-image\"><figure class=\"aligncenter is-resized\"><img data-recalc-dims=\"1\" loading=\"lazy\" decoding=\"async\" data-attachment-id=\"8019\" data-permalink=\"https:\/\/patrimoine-avesnois.fr\/chemin\/pont-sur-sambre\/image-1238\/\" data-orig-file=\"https:\/\/i0.wp.com\/patrimoine-avesnois.fr\/chemin\/wp-content\/uploads\/2019\/08\/image-42.png?fit=703%2C913&amp;ssl=1\" data-orig-size=\"703,913\" data-comments-opened=\"1\" data-image-meta=\"{&quot;aperture&quot;:&quot;0&quot;,&quot;credit&quot;:&quot;&quot;,&quot;camera&quot;:&quot;&quot;,&quot;caption&quot;:&quot;&quot;,&quot;created_timestamp&quot;:&quot;0&quot;,&quot;copyright&quot;:&quot;&quot;,&quot;focal_length&quot;:&quot;0&quot;,&quot;iso&quot;:&quot;0&quot;,&quot;shutter_speed&quot;:&quot;0&quot;,&quot;title&quot;:&quot;&quot;,&quot;orientation&quot;:&quot;0&quot;}\" data-image-title=\"image\" data-image-description=\"\" data-image-caption=\"\" data-large-file=\"https:\/\/i0.wp.com\/patrimoine-avesnois.fr\/chemin\/wp-content\/uploads\/2019\/08\/image-42.png?fit=703%2C913&amp;ssl=1\" src=\"https:\/\/i0.wp.com\/patrimoine-avesnois.fr\/chemin\/wp-content\/uploads\/2019\/08\/image-42.png?resize=479%2C622\" alt=\"\" class=\"wp-image-8019\" width=\"479\" height=\"622\" srcset=\"https:\/\/i0.wp.com\/patrimoine-avesnois.fr\/chemin\/wp-content\/uploads\/2019\/08\/image-42.png?w=703&amp;ssl=1 703w, https:\/\/i0.wp.com\/patrimoine-avesnois.fr\/chemin\/wp-content\/uploads\/2019\/08\/image-42.png?resize=231%2C300&amp;ssl=1 231w\" sizes=\"auto, (max-width: 479px) 85vw, 479px\" \/><figcaption>3 \u00e8me \u00e9tage : vue sur la charpente et la cloche<\/figcaption><\/figure><\/div>\n\n\n\n<p>La salle est nettement plus basse que les trois salles pr\u00e9c\u00e9dentes, mais permet toutefois de s&rsquo;y tenir debout et d&rsquo;y d\u00e9ambuler ais\u00e9ment. <\/p>\n\n\n\n<p>Aux quatre murs, des meurtri\u00e8res sont perc\u00e9es. Elles sont au nombre de dix, probablement douze auparavant. Ce sont des embrasures hautes d&rsquo;environ 40 centim\u00e8tres et larges d&rsquo;environ 20 centim\u00e8tres, plac\u00e9es \u00e0 1,10 m\u00e8tre du plancher. Certaines meurtri\u00e8res, notamment en coin, ont leurs roues fortement \u00e9bras\u00e9es vers l&rsquo;int\u00e9rieur comblant ainsi les angles morts in\u00e9vitables dans une tour carr\u00e9e (Photo ci dessous).<\/p>\n\n\n\n<div class=\"wp-block-image\"><figure class=\"aligncenter is-resized\"><img loading=\"lazy\" decoding=\"async\" data-attachment-id=\"8020\" data-permalink=\"https:\/\/patrimoine-avesnois.fr\/chemin\/pont-sur-sambre\/image-1239\/\" data-orig-file=\"https:\/\/i0.wp.com\/patrimoine-avesnois.fr\/chemin\/wp-content\/uploads\/2019\/08\/image-43.png?fit=1172%2C910&amp;ssl=1\" data-orig-size=\"1172,910\" data-comments-opened=\"1\" data-image-meta=\"{&quot;aperture&quot;:&quot;0&quot;,&quot;credit&quot;:&quot;&quot;,&quot;camera&quot;:&quot;&quot;,&quot;caption&quot;:&quot;&quot;,&quot;created_timestamp&quot;:&quot;0&quot;,&quot;copyright&quot;:&quot;&quot;,&quot;focal_length&quot;:&quot;0&quot;,&quot;iso&quot;:&quot;0&quot;,&quot;shutter_speed&quot;:&quot;0&quot;,&quot;title&quot;:&quot;&quot;,&quot;orientation&quot;:&quot;0&quot;}\" data-image-title=\"image\" data-image-description=\"\" data-image-caption=\"\" data-large-file=\"https:\/\/i0.wp.com\/patrimoine-avesnois.fr\/chemin\/wp-content\/uploads\/2019\/08\/image-43.png?fit=840%2C652&amp;ssl=1\" src=\"https:\/\/i2.wp.com\/patrimoine-avesnois.fr\/chemin\/wp-content\/uploads\/2019\/08\/image-43.png?fit=840%2C652\" alt=\"\" class=\"wp-image-8020\" width=\"622\" height=\"483\" srcset=\"https:\/\/i0.wp.com\/patrimoine-avesnois.fr\/chemin\/wp-content\/uploads\/2019\/08\/image-43.png?w=1172&amp;ssl=1 1172w, https:\/\/i0.wp.com\/patrimoine-avesnois.fr\/chemin\/wp-content\/uploads\/2019\/08\/image-43.png?resize=300%2C233&amp;ssl=1 300w, https:\/\/i0.wp.com\/patrimoine-avesnois.fr\/chemin\/wp-content\/uploads\/2019\/08\/image-43.png?resize=768%2C596&amp;ssl=1 768w, https:\/\/i0.wp.com\/patrimoine-avesnois.fr\/chemin\/wp-content\/uploads\/2019\/08\/image-43.png?resize=1024%2C795&amp;ssl=1 1024w\" sizes=\"auto, (max-width: 622px) 85vw, 622px\" \/><figcaption>Gros plan sur une meurtri\u00e8re<\/figcaption><\/figure><\/div>\n\n\n\n<p>Les meurtri\u00e8res ne sont pas plongeantes et de ce fait, ne permettent ni le guet, ni la d\u00e9fense active, des abords de la tour. La tour ne pr\u00e9sentait d&rsquo;ailleurs, \u00e0 son origine, aucun moyen de d\u00e9fense active. <\/p>\n\n\n\n<p>La hauteur de l\u2019\u00e9difice et sa situation dans le relief avoisinant \u00f4tent toute possibilit\u00e9 de guet \u00e0 longue distance. Le village b\u00e9n\u00e9ficiant d&rsquo;une barri\u00e8re naturelle (la Sambre), il semble que ces meurtri\u00e8res aient \u00e9t\u00e9 r\u00e9serv\u00e9es pour un guet courte et moyenne distance. <\/p>\n\n\n\n<p>Pourquoi un poste de guet ? <\/p>\n\n\n\n<p>Dans les p\u00e9riodes de troubles, la pr\u00e9sence permanente de guetteurs charg\u00e9s de surveiller les alentours, s\u00e9curisait les habitants. A l&rsquo;approche de troupes ou de bandes incontr\u00f4l\u00e9es le guetteur donnait l&rsquo;alarme \u00e0 l&rsquo;aide d&rsquo;une cloche et permettait ainsi aux habitants de se r\u00e9fugier dans la for\u00eat de Mormal ou dans les caves am\u00e9nag\u00e9es en refuge.<\/p>\n\n\n\n<p>L&rsquo;\u00e9tage renferme une cloche de 42 centim\u00e8tres de diam\u00e8tre, haute de 32 centim\u00e8tres.<\/p>\n\n\n\n<div class=\"wp-block-image\"><figure class=\"aligncenter is-resized\"><img data-recalc-dims=\"1\" loading=\"lazy\" decoding=\"async\" data-attachment-id=\"8022\" data-permalink=\"https:\/\/patrimoine-avesnois.fr\/chemin\/pont-sur-sambre\/image-1241\/\" data-orig-file=\"https:\/\/i0.wp.com\/patrimoine-avesnois.fr\/chemin\/wp-content\/uploads\/2019\/08\/image-45.png?fit=937%2C727&amp;ssl=1\" data-orig-size=\"937,727\" data-comments-opened=\"1\" data-image-meta=\"{&quot;aperture&quot;:&quot;0&quot;,&quot;credit&quot;:&quot;&quot;,&quot;camera&quot;:&quot;&quot;,&quot;caption&quot;:&quot;&quot;,&quot;created_timestamp&quot;:&quot;0&quot;,&quot;copyright&quot;:&quot;&quot;,&quot;focal_length&quot;:&quot;0&quot;,&quot;iso&quot;:&quot;0&quot;,&quot;shutter_speed&quot;:&quot;0&quot;,&quot;title&quot;:&quot;&quot;,&quot;orientation&quot;:&quot;0&quot;}\" data-image-title=\"image\" data-image-description=\"\" data-image-caption=\"\" data-large-file=\"https:\/\/i0.wp.com\/patrimoine-avesnois.fr\/chemin\/wp-content\/uploads\/2019\/08\/image-45.png?fit=840%2C652&amp;ssl=1\" src=\"https:\/\/i0.wp.com\/patrimoine-avesnois.fr\/chemin\/wp-content\/uploads\/2019\/08\/image-45.png?resize=636%2C493\" alt=\"\" class=\"wp-image-8022\" width=\"636\" height=\"493\" srcset=\"https:\/\/i0.wp.com\/patrimoine-avesnois.fr\/chemin\/wp-content\/uploads\/2019\/08\/image-45.png?w=937&amp;ssl=1 937w, https:\/\/i0.wp.com\/patrimoine-avesnois.fr\/chemin\/wp-content\/uploads\/2019\/08\/image-45.png?resize=300%2C233&amp;ssl=1 300w, https:\/\/i0.wp.com\/patrimoine-avesnois.fr\/chemin\/wp-content\/uploads\/2019\/08\/image-45.png?resize=768%2C596&amp;ssl=1 768w\" sizes=\"auto, (max-width: 636px) 85vw, 636px\" \/><figcaption><em>Gros plan sur la cloche et ses inscriptions : COLLEGI THUDINIESIS PATRUM ORATIS 1660 <\/em><br><em>J\u00e9sus Maria appartenant \u00e0 Pont et Carte<\/em> <\/figcaption><\/figure><\/div>\n\n\n\n<p>C&rsquo;est en effet du coll\u00e8ge des Oratoriens de Thuin \u00e9difi\u00e9 en 1659 que nous provient cette cloche <\/p>\n\n\n\n<p>De quelle mani\u00e8re cette cloche est-elle parvenue dans la tour du Guet ?<\/p>\n\n\n\n<p>On peut penser que celle-ci fut descendue et dirig\u00e9e vers la France par les arm\u00e9es r\u00e9volutionnaires apr\u00e8s la prise de Thuin par le G\u00e9n\u00e9ral Marceau le 10 Mai 1794; ou encore qu&rsquo;elle fit partie d un d\u00e9p\u00f4t et recup\u00e9r\u00e9e par la suite pour servir de cloche de Retraite apr\u00e8s 1815. Cette derni\u00e8re version nous semble moins probable. Dans chaque cas, l\u2019\u00e9migration de celle-ci sur Pont lui \u00e9vita la fonte et la destruction \u00e0 laquelle elle \u00e9tait destin\u00e9e. <\/p>\n\n\n\n<p>Les inscriptions qui figurent sus le battant sont quant \u00e0 elles, tr\u00e8s significatives. Le texte latin, original affirmant la propri\u00e9t\u00e9 de l&rsquo;oratoire de Thuin a \u00e9t\u00e9 moul\u00e9 dans la masse lors de la fonte de la cloche en 1660. Le texte fran\u00e7ais ( \u00ab appartenant \u00e0 Pont et Carte \u00bb), quant \u00e0 lui a \u00e9t\u00e9 simplement grav\u00e9 par la suite. Ce titre de propri\u00e9t\u00e9 grav\u00e9 en lettres capitales, donne a penser que ce marquage s&rsquo;imposa comme une n\u00e9cessit\u00e9 dans une \u00e9poque de troubles et que la translation entre Thuin, et Pont et Quartes donna quelques soucis aux \u00e9diles. <\/p>\n\n\n\n<p>La cloche servait \u00e9galement \u00e0 appeler les fid\u00e8les \u00e0 l&rsquo;office divin qui se tenait \u00e0 l\u2019\u00e9glise de Quartes (Archives communales). On l&rsquo;utilisait aussi pour annoncer un incendie, ou encore pour marquee des moments importants de l&rsquo;histoire ou de la vie du village; ainsi le 19 Novembre 1848, on sonna la cloche \u00e0 la Tour du Guet pour rassembler la population et promulguer la constitution de la R\u00e9publique. Les a\u00een\u00e9s de la commune se souviennent qu&rsquo;on sonna le tocsin \u00e0 la tour pour annoncer les d\u00e9clarations des guerres.<\/p>\n\n\n\n<p>A pr\u00e9sent, la cloche accompagne l&rsquo;horloge de la tour et se manifeste toutes les heures. <\/p>\n\n\n\n<p>Source du texte et photos :  <br>La Tour de Pont-sur-Sambre par l&rsquo;Association \u00ab&nbsp;Connaissance Locale \u00bb A.C.C.L 1988 Imprimerie Rou\u00e9 Jeumont <\/p>\n\n\n\n<p class=\"has-text-align-center\">***<\/p>\n\n\n\n<div class=\"wp-block-image\"><figure class=\"aligncenter is-resized\"><img loading=\"lazy\" decoding=\"async\" data-attachment-id=\"6665\" data-permalink=\"https:\/\/patrimoine-avesnois.fr\/chemin\/pont-sur-sambre\/image-1012\/\" data-orig-file=\"https:\/\/i0.wp.com\/patrimoine-avesnois.fr\/chemin\/wp-content\/uploads\/2019\/06\/image-205.png?fit=1220%2C922&amp;ssl=1\" data-orig-size=\"1220,922\" data-comments-opened=\"1\" data-image-meta=\"{&quot;aperture&quot;:&quot;0&quot;,&quot;credit&quot;:&quot;&quot;,&quot;camera&quot;:&quot;&quot;,&quot;caption&quot;:&quot;&quot;,&quot;created_timestamp&quot;:&quot;0&quot;,&quot;copyright&quot;:&quot;&quot;,&quot;focal_length&quot;:&quot;0&quot;,&quot;iso&quot;:&quot;0&quot;,&quot;shutter_speed&quot;:&quot;0&quot;,&quot;title&quot;:&quot;&quot;,&quot;orientation&quot;:&quot;0&quot;}\" data-image-title=\"image\" data-image-description=\"\" data-image-caption=\"\" data-large-file=\"https:\/\/i0.wp.com\/patrimoine-avesnois.fr\/chemin\/wp-content\/uploads\/2019\/06\/image-205.png?fit=840%2C635&amp;ssl=1\" src=\"https:\/\/i1.wp.com\/patrimoine-avesnois.fr\/chemin\/wp-content\/uploads\/2019\/06\/image-205.png?fit=840%2C635\" alt=\"\" class=\"wp-image-6665\" width=\"630\" height=\"476\" srcset=\"https:\/\/i0.wp.com\/patrimoine-avesnois.fr\/chemin\/wp-content\/uploads\/2019\/06\/image-205.png?w=1220&amp;ssl=1 1220w, https:\/\/i0.wp.com\/patrimoine-avesnois.fr\/chemin\/wp-content\/uploads\/2019\/06\/image-205.png?resize=300%2C227&amp;ssl=1 300w, https:\/\/i0.wp.com\/patrimoine-avesnois.fr\/chemin\/wp-content\/uploads\/2019\/06\/image-205.png?resize=768%2C580&amp;ssl=1 768w, https:\/\/i0.wp.com\/patrimoine-avesnois.fr\/chemin\/wp-content\/uploads\/2019\/06\/image-205.png?resize=1024%2C774&amp;ssl=1 1024w, https:\/\/i0.wp.com\/patrimoine-avesnois.fr\/chemin\/wp-content\/uploads\/2019\/06\/image-205.png?resize=1200%2C907&amp;ssl=1 1200w\" sizes=\"auto, (max-width: 630px) 85vw, 630px\" \/><figcaption>La Mairie de Pont-sur-Sambre<\/figcaption><\/figure><\/div>\n\n\n\n<div class=\"wp-block-image\"><figure class=\"aligncenter is-resized\"><img loading=\"lazy\" decoding=\"async\" data-attachment-id=\"6666\" data-permalink=\"https:\/\/patrimoine-avesnois.fr\/chemin\/pont-sur-sambre\/image-1013\/\" data-orig-file=\"https:\/\/i0.wp.com\/patrimoine-avesnois.fr\/chemin\/wp-content\/uploads\/2019\/06\/image-206.png?fit=1211%2C916&amp;ssl=1\" data-orig-size=\"1211,916\" data-comments-opened=\"1\" data-image-meta=\"{&quot;aperture&quot;:&quot;0&quot;,&quot;credit&quot;:&quot;&quot;,&quot;camera&quot;:&quot;&quot;,&quot;caption&quot;:&quot;&quot;,&quot;created_timestamp&quot;:&quot;0&quot;,&quot;copyright&quot;:&quot;&quot;,&quot;focal_length&quot;:&quot;0&quot;,&quot;iso&quot;:&quot;0&quot;,&quot;shutter_speed&quot;:&quot;0&quot;,&quot;title&quot;:&quot;&quot;,&quot;orientation&quot;:&quot;0&quot;}\" data-image-title=\"image\" data-image-description=\"\" data-image-caption=\"\" data-large-file=\"https:\/\/i0.wp.com\/patrimoine-avesnois.fr\/chemin\/wp-content\/uploads\/2019\/06\/image-206.png?fit=840%2C636&amp;ssl=1\" src=\"https:\/\/i0.wp.com\/patrimoine-avesnois.fr\/chemin\/wp-content\/uploads\/2019\/06\/image-206.png?fit=840%2C636\" alt=\"\" class=\"wp-image-6666\" width=\"630\" height=\"476\" srcset=\"https:\/\/i0.wp.com\/patrimoine-avesnois.fr\/chemin\/wp-content\/uploads\/2019\/06\/image-206.png?w=1211&amp;ssl=1 1211w, https:\/\/i0.wp.com\/patrimoine-avesnois.fr\/chemin\/wp-content\/uploads\/2019\/06\/image-206.png?resize=300%2C227&amp;ssl=1 300w, https:\/\/i0.wp.com\/patrimoine-avesnois.fr\/chemin\/wp-content\/uploads\/2019\/06\/image-206.png?resize=768%2C581&amp;ssl=1 768w, https:\/\/i0.wp.com\/patrimoine-avesnois.fr\/chemin\/wp-content\/uploads\/2019\/06\/image-206.png?resize=1024%2C775&amp;ssl=1 1024w, https:\/\/i0.wp.com\/patrimoine-avesnois.fr\/chemin\/wp-content\/uploads\/2019\/06\/image-206.png?resize=1200%2C908&amp;ssl=1 1200w\" sizes=\"auto, (max-width: 630px) 85vw, 630px\" \/><figcaption>La salle des F\u00eates restaur\u00e9e en 2016&nbsp; <\/figcaption><\/figure><\/div>\n\n\n\n<div class=\"wp-block-image\"><figure class=\"aligncenter is-resized\"><img loading=\"lazy\" decoding=\"async\" data-attachment-id=\"6667\" data-permalink=\"https:\/\/patrimoine-avesnois.fr\/chemin\/pont-sur-sambre\/image-1014\/\" data-orig-file=\"https:\/\/i0.wp.com\/patrimoine-avesnois.fr\/chemin\/wp-content\/uploads\/2019\/06\/image-207.png?fit=1218%2C917&amp;ssl=1\" data-orig-size=\"1218,917\" data-comments-opened=\"1\" data-image-meta=\"{&quot;aperture&quot;:&quot;0&quot;,&quot;credit&quot;:&quot;&quot;,&quot;camera&quot;:&quot;&quot;,&quot;caption&quot;:&quot;&quot;,&quot;created_timestamp&quot;:&quot;0&quot;,&quot;copyright&quot;:&quot;&quot;,&quot;focal_length&quot;:&quot;0&quot;,&quot;iso&quot;:&quot;0&quot;,&quot;shutter_speed&quot;:&quot;0&quot;,&quot;title&quot;:&quot;&quot;,&quot;orientation&quot;:&quot;0&quot;}\" data-image-title=\"image\" data-image-description=\"\" data-image-caption=\"\" data-large-file=\"https:\/\/i0.wp.com\/patrimoine-avesnois.fr\/chemin\/wp-content\/uploads\/2019\/06\/image-207.png?fit=840%2C632&amp;ssl=1\" src=\"https:\/\/i0.wp.com\/patrimoine-avesnois.fr\/chemin\/wp-content\/uploads\/2019\/06\/image-207.png?fit=840%2C632\" alt=\"\" class=\"wp-image-6667\" width=\"630\" height=\"475\" srcset=\"https:\/\/i0.wp.com\/patrimoine-avesnois.fr\/chemin\/wp-content\/uploads\/2019\/06\/image-207.png?w=1218&amp;ssl=1 1218w, https:\/\/i0.wp.com\/patrimoine-avesnois.fr\/chemin\/wp-content\/uploads\/2019\/06\/image-207.png?resize=300%2C226&amp;ssl=1 300w, https:\/\/i0.wp.com\/patrimoine-avesnois.fr\/chemin\/wp-content\/uploads\/2019\/06\/image-207.png?resize=768%2C578&amp;ssl=1 768w, https:\/\/i0.wp.com\/patrimoine-avesnois.fr\/chemin\/wp-content\/uploads\/2019\/06\/image-207.png?resize=1024%2C771&amp;ssl=1 1024w, https:\/\/i0.wp.com\/patrimoine-avesnois.fr\/chemin\/wp-content\/uploads\/2019\/06\/image-207.png?resize=1200%2C903&amp;ssl=1 1200w\" sizes=\"auto, (max-width: 630px) 85vw, 630px\" \/><figcaption>La salle Polyvalente<\/figcaption><\/figure><\/div>\n\n\n\n<div class=\"wp-block-image\"><figure class=\"aligncenter is-resized\"><img loading=\"lazy\" decoding=\"async\" data-attachment-id=\"6668\" data-permalink=\"https:\/\/patrimoine-avesnois.fr\/chemin\/pont-sur-sambre\/image-1015\/\" data-orig-file=\"https:\/\/i0.wp.com\/patrimoine-avesnois.fr\/chemin\/wp-content\/uploads\/2019\/06\/image-208.png?fit=1222%2C919&amp;ssl=1\" data-orig-size=\"1222,919\" data-comments-opened=\"1\" data-image-meta=\"{&quot;aperture&quot;:&quot;0&quot;,&quot;credit&quot;:&quot;&quot;,&quot;camera&quot;:&quot;&quot;,&quot;caption&quot;:&quot;&quot;,&quot;created_timestamp&quot;:&quot;0&quot;,&quot;copyright&quot;:&quot;&quot;,&quot;focal_length&quot;:&quot;0&quot;,&quot;iso&quot;:&quot;0&quot;,&quot;shutter_speed&quot;:&quot;0&quot;,&quot;title&quot;:&quot;&quot;,&quot;orientation&quot;:&quot;0&quot;}\" data-image-title=\"image\" data-image-description=\"\" data-image-caption=\"\" data-large-file=\"https:\/\/i0.wp.com\/patrimoine-avesnois.fr\/chemin\/wp-content\/uploads\/2019\/06\/image-208.png?fit=840%2C632&amp;ssl=1\" src=\"https:\/\/i2.wp.com\/patrimoine-avesnois.fr\/chemin\/wp-content\/uploads\/2019\/06\/image-208.png?fit=840%2C632\" alt=\"\" class=\"wp-image-6668\" width=\"630\" height=\"474\" srcset=\"https:\/\/i0.wp.com\/patrimoine-avesnois.fr\/chemin\/wp-content\/uploads\/2019\/06\/image-208.png?w=1222&amp;ssl=1 1222w, https:\/\/i0.wp.com\/patrimoine-avesnois.fr\/chemin\/wp-content\/uploads\/2019\/06\/image-208.png?resize=300%2C226&amp;ssl=1 300w, https:\/\/i0.wp.com\/patrimoine-avesnois.fr\/chemin\/wp-content\/uploads\/2019\/06\/image-208.png?resize=768%2C578&amp;ssl=1 768w, https:\/\/i0.wp.com\/patrimoine-avesnois.fr\/chemin\/wp-content\/uploads\/2019\/06\/image-208.png?resize=1024%2C770&amp;ssl=1 1024w, https:\/\/i0.wp.com\/patrimoine-avesnois.fr\/chemin\/wp-content\/uploads\/2019\/06\/image-208.png?resize=1200%2C902&amp;ssl=1 1200w\" sizes=\"auto, (max-width: 630px) 85vw, 630px\" \/><\/figure><\/div>\n\n\n\n<div class=\"wp-block-image\"><figure class=\"aligncenter is-resized\"><img data-recalc-dims=\"1\" loading=\"lazy\" decoding=\"async\" data-attachment-id=\"6669\" data-permalink=\"https:\/\/patrimoine-avesnois.fr\/chemin\/pont-sur-sambre\/image-1016\/\" data-orig-file=\"https:\/\/i0.wp.com\/patrimoine-avesnois.fr\/chemin\/wp-content\/uploads\/2019\/06\/image-209.png?fit=681%2C878&amp;ssl=1\" data-orig-size=\"681,878\" data-comments-opened=\"1\" data-image-meta=\"{&quot;aperture&quot;:&quot;0&quot;,&quot;credit&quot;:&quot;&quot;,&quot;camera&quot;:&quot;&quot;,&quot;caption&quot;:&quot;&quot;,&quot;created_timestamp&quot;:&quot;0&quot;,&quot;copyright&quot;:&quot;&quot;,&quot;focal_length&quot;:&quot;0&quot;,&quot;iso&quot;:&quot;0&quot;,&quot;shutter_speed&quot;:&quot;0&quot;,&quot;title&quot;:&quot;&quot;,&quot;orientation&quot;:&quot;0&quot;}\" data-image-title=\"image\" data-image-description=\"\" data-image-caption=\"\" data-large-file=\"https:\/\/i0.wp.com\/patrimoine-avesnois.fr\/chemin\/wp-content\/uploads\/2019\/06\/image-209.png?fit=681%2C878&amp;ssl=1\" src=\"https:\/\/i0.wp.com\/patrimoine-avesnois.fr\/chemin\/wp-content\/uploads\/2019\/06\/image-209.png?resize=471%2C607\" alt=\"\" class=\"wp-image-6669\" width=\"471\" height=\"607\" srcset=\"https:\/\/i0.wp.com\/patrimoine-avesnois.fr\/chemin\/wp-content\/uploads\/2019\/06\/image-209.png?w=681&amp;ssl=1 681w, https:\/\/i0.wp.com\/patrimoine-avesnois.fr\/chemin\/wp-content\/uploads\/2019\/06\/image-209.png?resize=233%2C300&amp;ssl=1 233w\" sizes=\"auto, (max-width: 471px) 85vw, 471px\" \/><\/figure><\/div>\n\n\n\n<p>Situ\u00e9&nbsp;dans l\u2019ancienne perception, le mus\u00e9e de la Maison de Pays retrace de mani\u00e8re authentique la vie de nos a\u00efeux \u00e0 la fin du XIX e si\u00e8cle. Les diff\u00e9rentes pi\u00e8ces de vie d&rsquo;une maison typique de l&rsquo;Avesnois sont ainsi fid\u00e8lement restitu\u00e9es : cuisine, salle \u00e0 manger, chambre \u00e0 coucher, laiterie, salle de classe, atelier de couture, boutique de modiste, sabotier et estaminet. <br>Visitez le site internet du mus\u00e9e : &nbsp;<strong><a aria-label=\" (opens in a new tab)\" rel=\"noreferrer noopener\" href=\"http:\/\/musee.depays.pagesperso-orange.fr\/\" target=\"_blank\">musee.depays.pagesperso-orange.fr<\/a><\/strong><\/p>\n\n\n\n<div class=\"wp-block-image\"><figure class=\"aligncenter size-large is-resized\"><img data-recalc-dims=\"1\" loading=\"lazy\" decoding=\"async\" data-attachment-id=\"17234\" data-permalink=\"https:\/\/patrimoine-avesnois.fr\/chemin\/pont-sur-sambre\/maison-del-marle\/\" data-orig-file=\"https:\/\/i0.wp.com\/patrimoine-avesnois.fr\/chemin\/wp-content\/uploads\/2022\/01\/Maison-Del-Marle.jpg?fit=693%2C520&amp;ssl=1\" data-orig-size=\"693,520\" data-comments-opened=\"1\" data-image-meta=\"{&quot;aperture&quot;:&quot;0&quot;,&quot;credit&quot;:&quot;CARRE&quot;,&quot;camera&quot;:&quot;&quot;,&quot;caption&quot;:&quot;&quot;,&quot;created_timestamp&quot;:&quot;1641377304&quot;,&quot;copyright&quot;:&quot;&quot;,&quot;focal_length&quot;:&quot;0&quot;,&quot;iso&quot;:&quot;0&quot;,&quot;shutter_speed&quot;:&quot;0&quot;,&quot;title&quot;:&quot;&quot;,&quot;orientation&quot;:&quot;1&quot;}\" data-image-title=\"Maison-Del-Marle\" data-image-description=\"\" data-image-caption=\"\" data-large-file=\"https:\/\/i0.wp.com\/patrimoine-avesnois.fr\/chemin\/wp-content\/uploads\/2022\/01\/Maison-Del-Marle.jpg?fit=693%2C520&amp;ssl=1\" src=\"https:\/\/i0.wp.com\/patrimoine-avesnois.fr\/chemin\/wp-content\/uploads\/2022\/01\/Maison-Del-Marle.jpg?resize=627%2C470\" alt=\"\" class=\"wp-image-17234\" width=\"627\" height=\"470\" srcset=\"https:\/\/i0.wp.com\/patrimoine-avesnois.fr\/chemin\/wp-content\/uploads\/2022\/01\/Maison-Del-Marle.jpg?w=693&amp;ssl=1 693w, https:\/\/i0.wp.com\/patrimoine-avesnois.fr\/chemin\/wp-content\/uploads\/2022\/01\/Maison-Del-Marle.jpg?resize=300%2C225&amp;ssl=1 300w\" sizes=\"auto, (max-width: 627px) 85vw, 627px\" \/><figcaption>Ancienne brasserie, maison natale du peintre <a aria-label=\"F\u00e9lix Del Marle (opens in a new tab)\" href=\"https:\/\/fr.wikipedia.org\/wiki\/F%C3%A9lix_Del_Marle\" target=\"_blank\" rel=\"noreferrer noopener\">F\u00e9lix Del Marle<\/a> (1889-1952).  119 Grand&rsquo;Rue <\/figcaption><\/figure><\/div>\n\n\n\n<p>La maison date du milieu du 19e si\u00e8cle et est devenue la maison patronale d&rsquo;une brasserie construite vers 1888. La brasserie-malterie Del Marle a cess\u00e9 ses activit\u00e9s vers 1950. Elle est la maison natale de F\u00e9lix Del Marle (1889-1952) , o\u00f9 il a r\u00e9alis\u00e9 un d\u00e9cor n\u00e9o-plasticien vers 1926, qu&rsquo;il a modifi\u00e9 vers 1945. Ce d\u00e9cor a \u00e9t\u00e9 red\u00e9couvert lors de travaux d&rsquo;am\u00e9nagement de la maison en g\u00eete en mars 2001. <\/p>\n\n\n\n<p>En effet, depuis la fermeture de l&rsquo;ancienne centrale \u00e9lectrique EDF en 1996, le village s&rsquo;est tourn\u00e9 vers le tourisme, avec, par exemple, l&rsquo;ouverture d&rsquo;une auberge de campagne sur le site de l&rsquo;ancienne brasserie, lieu de naissance du peintre F\u00e9lix Del Marle, qui est compl\u00e9t\u00e9e par des chambres d&rsquo;h\u00f4tes, un g\u00eete \u00e9questre, deux restaurants gastronomiques et un centre de bien-\u00eatre.<\/p>\n\n\n\n<p class=\"has-text-align-center\">***<\/p>\n\n\n\n<p>Autre ancienne brasserie : 213 \u00e0 217 Grande Rue <\/p>\n\n\n\n<figure class=\"wp-block-gallery columns-2 is-cropped wp-block-gallery-12 is-layout-flex wp-block-gallery-is-layout-flex\"><ul class=\"blocks-gallery-grid\"><li class=\"blocks-gallery-item\"><figure><img data-recalc-dims=\"1\" loading=\"lazy\" decoding=\"async\" width=\"412\" height=\"512\" data-attachment-id=\"6696\" data-permalink=\"https:\/\/patrimoine-avesnois.fr\/chemin\/pont-sur-sambre\/ivr31_99590567x_p\/\" data-orig-file=\"https:\/\/i0.wp.com\/patrimoine-avesnois.fr\/chemin\/wp-content\/uploads\/2019\/06\/ivr31_99590567x_p.jpg?fit=412%2C512&amp;ssl=1\" data-orig-size=\"412,512\" data-comments-opened=\"1\" data-image-meta=\"{&quot;aperture&quot;:&quot;0&quot;,&quot;credit&quot;:&quot;&quot;,&quot;camera&quot;:&quot;&quot;,&quot;caption&quot;:&quot;&quot;,&quot;created_timestamp&quot;:&quot;0&quot;,&quot;copyright&quot;:&quot;&quot;,&quot;focal_length&quot;:&quot;0&quot;,&quot;iso&quot;:&quot;0&quot;,&quot;shutter_speed&quot;:&quot;0&quot;,&quot;title&quot;:&quot;&quot;,&quot;orientation&quot;:&quot;0&quot;}\" data-image-title=\"ivr31_99590567x_p\" data-image-description=\"\" data-image-caption=\"\" data-large-file=\"https:\/\/i0.wp.com\/patrimoine-avesnois.fr\/chemin\/wp-content\/uploads\/2019\/06\/ivr31_99590567x_p.jpg?fit=412%2C512&amp;ssl=1\" src=\"https:\/\/i0.wp.com\/patrimoine-avesnois.fr\/chemin\/wp-content\/uploads\/2019\/06\/ivr31_99590567x_p.jpg?resize=412%2C512\" alt=\"\" data-id=\"6696\" data-link=\"http:\/\/patrimoine-avesnois.fr\/chemin\/pont-sur-sambre\/ivr31_99590567x_p\/\" class=\"wp-image-6696\" srcset=\"https:\/\/i0.wp.com\/patrimoine-avesnois.fr\/chemin\/wp-content\/uploads\/2019\/06\/ivr31_99590567x_p.jpg?w=412&amp;ssl=1 412w, https:\/\/i0.wp.com\/patrimoine-avesnois.fr\/chemin\/wp-content\/uploads\/2019\/06\/ivr31_99590567x_p.jpg?resize=241%2C300&amp;ssl=1 241w\" sizes=\"auto, (max-width: 412px) 85vw, 412px\" \/><\/figure><\/li><li class=\"blocks-gallery-item\"><figure><img data-recalc-dims=\"1\" loading=\"lazy\" decoding=\"async\" width=\"634\" height=\"609\" data-attachment-id=\"6697\" data-permalink=\"https:\/\/patrimoine-avesnois.fr\/chemin\/pont-sur-sambre\/ivr31_97591247x_p\/\" data-orig-file=\"https:\/\/i0.wp.com\/patrimoine-avesnois.fr\/chemin\/wp-content\/uploads\/2019\/06\/ivr31_97591247x_p.jpg?fit=634%2C609&amp;ssl=1\" data-orig-size=\"634,609\" data-comments-opened=\"1\" data-image-meta=\"{&quot;aperture&quot;:&quot;0&quot;,&quot;credit&quot;:&quot;&quot;,&quot;camera&quot;:&quot;&quot;,&quot;caption&quot;:&quot;&quot;,&quot;created_timestamp&quot;:&quot;0&quot;,&quot;copyright&quot;:&quot;&quot;,&quot;focal_length&quot;:&quot;0&quot;,&quot;iso&quot;:&quot;0&quot;,&quot;shutter_speed&quot;:&quot;0&quot;,&quot;title&quot;:&quot;&quot;,&quot;orientation&quot;:&quot;0&quot;}\" data-image-title=\"ivr31_97591247x_p\" data-image-description=\"\" data-image-caption=\"\" data-large-file=\"https:\/\/i0.wp.com\/patrimoine-avesnois.fr\/chemin\/wp-content\/uploads\/2019\/06\/ivr31_97591247x_p.jpg?fit=634%2C609&amp;ssl=1\" src=\"https:\/\/i0.wp.com\/patrimoine-avesnois.fr\/chemin\/wp-content\/uploads\/2019\/06\/ivr31_97591247x_p.jpg?resize=634%2C609\" alt=\"\" data-id=\"6697\" data-link=\"http:\/\/patrimoine-avesnois.fr\/chemin\/pont-sur-sambre\/ivr31_97591247x_p\/\" class=\"wp-image-6697\" srcset=\"https:\/\/i0.wp.com\/patrimoine-avesnois.fr\/chemin\/wp-content\/uploads\/2019\/06\/ivr31_97591247x_p.jpg?w=634&amp;ssl=1 634w, https:\/\/i0.wp.com\/patrimoine-avesnois.fr\/chemin\/wp-content\/uploads\/2019\/06\/ivr31_97591247x_p.jpg?resize=300%2C288&amp;ssl=1 300w\" sizes=\"auto, (max-width: 634px) 85vw, 634px\" \/><\/figure><\/li><\/ul><\/figure>\n\n\n\n<p>En 1861 Emile Blanchard acquiert un terrain ainsi que quelques b\u00e2timents de ferme et y installe une brasserie-malterie. A son d\u00e9c\u00e8s en 1894, Melle Picard en devient propri\u00e9taire. En 1895 les Derombise Joly en font l&rsquo;acquisition. En 1904-1905 de nouveaux b\u00e2timents de brasserie sont construits et le mat\u00e9riel est modernis\u00e9. Pendant la Premi\u00e8re Guerre mondiale le cuivre et le mat\u00e9riel sont r\u00e9quisitionn\u00e9s et la brasserie cesse momentan\u00e9ment le brassage. En 1919 une nouvelle installation est mise en place. La brasserie cesse son activit\u00e9 de mai \u00e0 ao\u00fbt 1940. En 1945 elle prend le nom de Derombise soeurs et fonctionne jusqu&rsquo;en 1957, date de sa conversion en d\u00e9p\u00f4t de boissons de la brasserie Bouchard de Saint-Amand-les-Eaux (59). En 1985 l&rsquo;\u00e9tablissement est restaur\u00e9 et converti en biblioth\u00e8que, boulangerie et restaurant.&nbsp;<br>En 1927 et 1946 la malterie fonctionnait et la brasserie produisait 10 000 hectolitres de bi\u00e8re de fermentation haute.&nbsp;<br>La brasserie occupait 10 ouvriers et 3 livreurs et produisait l&rsquo;Ordinaire \u00e0 2, 5 degr\u00e9s et la Sp\u00e9ciale \u00e0 3, 5 degr\u00e9s. Source <a aria-label=\"culture.gouv.fr (opens in a new tab)\" href=\"http:\/\/www2.culture.gouv.fr\/public\/mistral\/merimee_fr?ACTION=CHERCHER&amp;FIELD_98=REF&amp;VALUE_98=IA59000241\" target=\"_blank\" rel=\"noreferrer noopener\">culture.gouv.fr<\/a><\/p>\n\n\n\n<div class=\"wp-block-image\"><figure class=\"aligncenter is-resized\"><img loading=\"lazy\" decoding=\"async\" data-attachment-id=\"6670\" data-permalink=\"https:\/\/patrimoine-avesnois.fr\/chemin\/pont-sur-sambre\/image-1017\/\" data-orig-file=\"https:\/\/i0.wp.com\/patrimoine-avesnois.fr\/chemin\/wp-content\/uploads\/2019\/06\/image-210.png?fit=1210%2C919&amp;ssl=1\" data-orig-size=\"1210,919\" data-comments-opened=\"1\" data-image-meta=\"{&quot;aperture&quot;:&quot;0&quot;,&quot;credit&quot;:&quot;&quot;,&quot;camera&quot;:&quot;&quot;,&quot;caption&quot;:&quot;&quot;,&quot;created_timestamp&quot;:&quot;0&quot;,&quot;copyright&quot;:&quot;&quot;,&quot;focal_length&quot;:&quot;0&quot;,&quot;iso&quot;:&quot;0&quot;,&quot;shutter_speed&quot;:&quot;0&quot;,&quot;title&quot;:&quot;&quot;,&quot;orientation&quot;:&quot;0&quot;}\" data-image-title=\"image\" data-image-description=\"\" data-image-caption=\"\" data-large-file=\"https:\/\/i0.wp.com\/patrimoine-avesnois.fr\/chemin\/wp-content\/uploads\/2019\/06\/image-210.png?fit=840%2C638&amp;ssl=1\" src=\"https:\/\/i1.wp.com\/patrimoine-avesnois.fr\/chemin\/wp-content\/uploads\/2019\/06\/image-210.png?fit=840%2C638\" alt=\"\" class=\"wp-image-6670\" width=\"630\" height=\"479\" srcset=\"https:\/\/i0.wp.com\/patrimoine-avesnois.fr\/chemin\/wp-content\/uploads\/2019\/06\/image-210.png?w=1210&amp;ssl=1 1210w, https:\/\/i0.wp.com\/patrimoine-avesnois.fr\/chemin\/wp-content\/uploads\/2019\/06\/image-210.png?resize=300%2C228&amp;ssl=1 300w, https:\/\/i0.wp.com\/patrimoine-avesnois.fr\/chemin\/wp-content\/uploads\/2019\/06\/image-210.png?resize=768%2C583&amp;ssl=1 768w, https:\/\/i0.wp.com\/patrimoine-avesnois.fr\/chemin\/wp-content\/uploads\/2019\/06\/image-210.png?resize=1024%2C778&amp;ssl=1 1024w, https:\/\/i0.wp.com\/patrimoine-avesnois.fr\/chemin\/wp-content\/uploads\/2019\/06\/image-210.png?resize=1200%2C911&amp;ssl=1 1200w\" sizes=\"auto, (max-width: 630px) 85vw, 630px\" \/><\/figure><\/div>\n\n\n\n<div class=\"wp-block-image\"><figure class=\"aligncenter is-resized\"><img data-recalc-dims=\"1\" loading=\"lazy\" decoding=\"async\" src=\"https:\/\/i0.wp.com\/oratoiresetchapelles-avesnois.fr\/wp-content\/uploads\/2017\/06\/Capture-Copie-7-1024x814.png?resize=612%2C486\" alt=\"Capture - Copie\" width=\"612\" height=\"486\"\/><figcaption><a aria-label=\"5 oratoires et 3 chapelles (opens in a new tab)\" href=\"http:\/\/oratoiresetchapelles-avesnois.fr\/pont-sur-sambre\/\" target=\"_blank\" rel=\"noreferrer noopener\">5 oratoires et 3 chapelles<\/a><\/figcaption><\/figure><\/div>\n\n\n\n<div class=\"wp-block-image\"><figure class=\"aligncenter is-resized\"><img loading=\"lazy\" decoding=\"async\" src=\"https:\/\/upload.wikimedia.org\/wikipedia\/commons\/thumb\/4\/45\/Pont-sur-Sambre_%28Nord%2C_Fr%29_memorial_2_septembre_1944.jpg\/1280px-Pont-sur-Sambre_%28Nord%2C_Fr%29_memorial_2_septembre_1944.jpg\" alt=\"\" width=\"630\" height=\"472\"\/><figcaption>M\u00e9morial du 2 septembre 1944 <\/figcaption><\/figure><\/div>\n\n\n\n<div class=\"wp-block-image\"><figure class=\"aligncenter is-resized\"><img loading=\"lazy\" decoding=\"async\" data-attachment-id=\"6676\" data-permalink=\"https:\/\/patrimoine-avesnois.fr\/chemin\/pont-sur-sambre\/image-1019\/\" data-orig-file=\"https:\/\/i0.wp.com\/patrimoine-avesnois.fr\/chemin\/wp-content\/uploads\/2019\/06\/image-212.png?fit=1212%2C915&amp;ssl=1\" data-orig-size=\"1212,915\" data-comments-opened=\"1\" data-image-meta=\"{&quot;aperture&quot;:&quot;0&quot;,&quot;credit&quot;:&quot;&quot;,&quot;camera&quot;:&quot;&quot;,&quot;caption&quot;:&quot;&quot;,&quot;created_timestamp&quot;:&quot;0&quot;,&quot;copyright&quot;:&quot;&quot;,&quot;focal_length&quot;:&quot;0&quot;,&quot;iso&quot;:&quot;0&quot;,&quot;shutter_speed&quot;:&quot;0&quot;,&quot;title&quot;:&quot;&quot;,&quot;orientation&quot;:&quot;0&quot;}\" data-image-title=\"image\" data-image-description=\"\" data-image-caption=\"\" data-large-file=\"https:\/\/i0.wp.com\/patrimoine-avesnois.fr\/chemin\/wp-content\/uploads\/2019\/06\/image-212.png?fit=840%2C634&amp;ssl=1\" src=\"https:\/\/i0.wp.com\/patrimoine-avesnois.fr\/chemin\/wp-content\/uploads\/2019\/06\/image-212.png?fit=840%2C634\" alt=\"\" class=\"wp-image-6676\" width=\"630\" height=\"476\" srcset=\"https:\/\/i0.wp.com\/patrimoine-avesnois.fr\/chemin\/wp-content\/uploads\/2019\/06\/image-212.png?w=1212&amp;ssl=1 1212w, https:\/\/i0.wp.com\/patrimoine-avesnois.fr\/chemin\/wp-content\/uploads\/2019\/06\/image-212.png?resize=300%2C226&amp;ssl=1 300w, https:\/\/i0.wp.com\/patrimoine-avesnois.fr\/chemin\/wp-content\/uploads\/2019\/06\/image-212.png?resize=768%2C580&amp;ssl=1 768w, https:\/\/i0.wp.com\/patrimoine-avesnois.fr\/chemin\/wp-content\/uploads\/2019\/06\/image-212.png?resize=1024%2C773&amp;ssl=1 1024w, https:\/\/i0.wp.com\/patrimoine-avesnois.fr\/chemin\/wp-content\/uploads\/2019\/06\/image-212.png?resize=1200%2C906&amp;ssl=1 1200w\" sizes=\"auto, (max-width: 630px) 85vw, 630px\" \/><figcaption>A la m\u00e9moire des victimes de la Guerre en A.F.N (St\u00e8le pr\u00e8s de l&rsquo;\u00e9glise)<\/figcaption><\/figure><\/div>\n\n\n\n<div class=\"wp-block-image\"><figure class=\"aligncenter is-resized\"><img data-recalc-dims=\"1\" loading=\"lazy\" decoding=\"async\" src=\"https:\/\/i0.wp.com\/monumentsmorts.univ-lille.fr\/monmorts\/upload\/monument\/401-600\/573\/dsc05116_53121cdf744a1.JPG?resize=463%2C618&#038;ssl=1\" alt=\"\" width=\"463\" height=\"618\"\/><figcaption>Monument aux Morts de Pont-sur-Sambre. <a aria-label=\"Universit\u00e9 Lille 3  (opens in a new tab)\" href=\"https:\/\/monumentsmorts.univ-lille.fr\/monument\/573\/pont-sur-sambre-cimetierecommunal\/\" target=\"_blank\" rel=\"noreferrer noopener\">Universit\u00e9 Lille 3 <\/a><\/figcaption><\/figure><\/div>\n\n\n\n<p>Monument en pierres de granit de Soignies (Belgique) \u00e9lev\u00e9 \u00e0 la m\u00e9moire des anciens combattants de la Grande Guerre (1914-1918) <\/p>\n\n\n\n<p>Pont-sur Sambre dispose de deux calvaires :<\/p>\n\n\n\n<div class=\"wp-block-image\"><figure class=\"aligncenter\"><img decoding=\"async\" src=\"http:\/\/i0.wp.com\/www.calvaires-avesnois.fr\/wp-content\/uploads\/2016\/09\/IMG_1631-1.jpg?resize=450%2C600\" alt=\"Calvaire Route de Bavay\" class=\"wp-image-1570\"\/><figcaption>Calvaire Route de Bavay<\/figcaption><\/figure><\/div>\n\n\n\n<div class=\"wp-block-image\"><figure class=\"aligncenter\"><img decoding=\"async\" data-attachment-id=\"1566\" data-permalink=\"https:\/\/patrimoine-avesnois.fr\/chemin\/floursies\/image-354\/\" data-orig-file=\"https:\/\/i0.wp.com\/patrimoine-avesnois.fr\/chemin\/wp-content\/uploads\/2019\/04\/image-332.png?fit=450%2C332&amp;ssl=1\" data-orig-size=\"450,332\" data-comments-opened=\"1\" data-image-meta=\"{&quot;aperture&quot;:&quot;0&quot;,&quot;credit&quot;:&quot;&quot;,&quot;camera&quot;:&quot;&quot;,&quot;caption&quot;:&quot;&quot;,&quot;created_timestamp&quot;:&quot;0&quot;,&quot;copyright&quot;:&quot;&quot;,&quot;focal_length&quot;:&quot;0&quot;,&quot;iso&quot;:&quot;0&quot;,&quot;shutter_speed&quot;:&quot;0&quot;,&quot;title&quot;:&quot;&quot;,&quot;orientation&quot;:&quot;0&quot;}\" data-image-title=\"image\" data-image-description=\"\" data-image-caption=\"\" data-large-file=\"https:\/\/i0.wp.com\/patrimoine-avesnois.fr\/chemin\/wp-content\/uploads\/2019\/04\/image-332.png?fit=450%2C332&amp;ssl=1\" src=\"http:\/\/i2.wp.com\/www.calvaires-avesnois.fr\/wp-content\/uploads\/2016\/09\/IMG_1642-1.jpg?resize=450%2C600\" alt=\"Calvaire Route d'Hargnies\" class=\"wp-image-1566\"\/><figcaption>Calvaire Route d\u2019Hargnies<\/figcaption><\/figure><\/div>\n\n\n\n<p>L&rsquo;Ancien Kiosque \u00e0 musique : <\/p>\n\n\n\n<div class=\"wp-block-image\"><figure class=\"aligncenter is-resized\"><img loading=\"lazy\" decoding=\"async\" src=\"https:\/\/i2.wp.com\/kiosques-avesnois.fr\/wp-content\/uploads\/2017\/11\/Pont-sur-Sambre-1.jpg?resize=500%2C802\" alt=\"\" class=\"wp-image-83\" width=\"375\" height=\"602\"\/><figcaption>Pont-sur-Sambre<\/figcaption><\/figure><\/div>\n\n\n\n<div class=\"wp-block-image\"><figure class=\"aligncenter is-resized\"><img loading=\"lazy\" decoding=\"async\" data-attachment-id=\"81\" data-permalink=\"https:\/\/patrimoine-avesnois.fr\/chemin\/amfroipret\/capture-2\/\" data-orig-file=\"https:\/\/i0.wp.com\/patrimoine-avesnois.fr\/chemin\/wp-content\/uploads\/2019\/03\/Capture-1.png?fit=905%2C679&amp;ssl=1\" data-orig-size=\"905,679\" data-comments-opened=\"1\" data-image-meta=\"{&quot;aperture&quot;:&quot;0&quot;,&quot;credit&quot;:&quot;&quot;,&quot;camera&quot;:&quot;&quot;,&quot;caption&quot;:&quot;&quot;,&quot;created_timestamp&quot;:&quot;0&quot;,&quot;copyright&quot;:&quot;&quot;,&quot;focal_length&quot;:&quot;0&quot;,&quot;iso&quot;:&quot;0&quot;,&quot;shutter_speed&quot;:&quot;0&quot;,&quot;title&quot;:&quot;&quot;,&quot;orientation&quot;:&quot;0&quot;}\" data-image-title=\"Capture\" data-image-description=\"\" data-image-caption=\"\" data-large-file=\"https:\/\/i0.wp.com\/patrimoine-avesnois.fr\/chemin\/wp-content\/uploads\/2019\/03\/Capture-1.png?fit=840%2C630&amp;ssl=1\" src=\"https:\/\/i0.wp.com\/kiosques-avesnois.fr\/wp-content\/uploads\/2017\/11\/Pont-sur-Sambre-2.jpg?resize=840%2C518\" alt=\"\" class=\"wp-image-81\" width=\"630\" height=\"389\"\/><figcaption>Pont-sur-Sambre vers 1930<\/figcaption><\/figure><\/div>\n\n\n\n<p>Apparu vers 1900, il fut enlev\u00e9 en 1963 pour trois raisons : il g\u00eanait la visibilit\u00e9, \u00e9tait d\u00e9grad\u00e9 et surtout adoss\u00e9 \u00e0 un monument historique.<\/p>\n\n\n\n<p class=\"has-text-align-center\">***<\/p>\n\n\n\n<div class=\"wp-block-image\"><figure class=\"aligncenter size-large is-resized\"><img data-recalc-dims=\"1\" loading=\"lazy\" decoding=\"async\" data-attachment-id=\"11864\" data-permalink=\"https:\/\/patrimoine-avesnois.fr\/chemin\/pont-sur-sambre\/moulin-latour\/\" data-orig-file=\"https:\/\/i0.wp.com\/patrimoine-avesnois.fr\/chemin\/wp-content\/uploads\/2021\/03\/Moulin-Latour.jpg?fit=300%2C400&amp;ssl=1\" data-orig-size=\"300,400\" data-comments-opened=\"1\" data-image-meta=\"{&quot;aperture&quot;:&quot;0&quot;,&quot;credit&quot;:&quot;fr\\u00e9d\\u00e9ric carr\\u00e9&quot;,&quot;camera&quot;:&quot;&quot;,&quot;caption&quot;:&quot;&quot;,&quot;created_timestamp&quot;:&quot;1615463426&quot;,&quot;copyright&quot;:&quot;&quot;,&quot;focal_length&quot;:&quot;0&quot;,&quot;iso&quot;:&quot;0&quot;,&quot;shutter_speed&quot;:&quot;0&quot;,&quot;title&quot;:&quot;&quot;,&quot;orientation&quot;:&quot;1&quot;}\" data-image-title=\"Moulin-Latour\" data-image-description=\"\" data-image-caption=\"\" data-large-file=\"https:\/\/i0.wp.com\/patrimoine-avesnois.fr\/chemin\/wp-content\/uploads\/2021\/03\/Moulin-Latour.jpg?fit=300%2C400&amp;ssl=1\" src=\"https:\/\/i0.wp.com\/patrimoine-avesnois.fr\/chemin\/wp-content\/uploads\/2021\/03\/Moulin-Latour.jpg?resize=364%2C485\" alt=\"\" class=\"wp-image-11864\" width=\"364\" height=\"485\" srcset=\"https:\/\/i0.wp.com\/patrimoine-avesnois.fr\/chemin\/wp-content\/uploads\/2021\/03\/Moulin-Latour.jpg?w=300&amp;ssl=1 300w, https:\/\/i0.wp.com\/patrimoine-avesnois.fr\/chemin\/wp-content\/uploads\/2021\/03\/Moulin-Latour.jpg?resize=225%2C300&amp;ssl=1 225w\" sizes=\"auto, (max-width: 364px) 85vw, 364px\" \/><figcaption><em>L&rsquo;ancien moulin \u00e0 vent Latour Route d&rsquo;Hargnies<\/em><\/figcaption><\/figure><\/div>\n\n\n\n<p>Ce moulin \u00e0 vent fut construit suite \u00e0 une demande du meunier Benjamin Dewez autoris\u00e9e par arr\u00eat\u00e9 pr\u00e9fectoral du 2 Septembre 1841 . Il est vendu le 26 Ao\u00fbt 1845 \u00e0 un autre meunier C\u00e9lestin Latour n\u00e9 en 1818 \u00e0 Aymeries et mari\u00e9 en 1846 \u00e0 Saint Waast avec Elis\u00e9e Bruno. Il \u00e9tait encore meunier en 1892. Il d\u00e9c\u00e9da en 1896 \u00e0 Pont-sur-Sambre en sa maison lieu-dit \u00ab\u00a0le moulin \u00e0 vent\u00a0\u00bb. Le fils Hector Clary \u00b0 1850 + 1919 continua d&rsquo;occuper la ferme mais  le moulin ne fonctionnait d\u00e9j\u00e0 plus car apr\u00e8s avoir exerc\u00e9 le m\u00e9tier de cultivateur jusqu&rsquo;en 1905 il \u00e9tait tourneur depuis 1906 chez Martin et Cie.<\/p>\n\n\n\n<p class=\"has-text-align-center\">***<\/p>\n\n\n\n<div class=\"wp-block-image\"><figure class=\"aligncenter is-resized\"><img data-recalc-dims=\"1\" loading=\"lazy\" decoding=\"async\" src=\"https:\/\/i0.wp.com\/www.moulins-avesnois.fr\/wp-content\/uploads\/2018\/01\/Pont-sur-Sambre-1.jpg?resize=692%2C435\" alt=\"\" class=\"wp-image-621\" width=\"692\" height=\"435\"\/><figcaption>Le moulin de Pont-sur-Sambre<\/figcaption><\/figure><\/div>\n\n\n\n<div class=\"wp-block-image\"><figure class=\"aligncenter is-resized\"><img data-recalc-dims=\"1\" loading=\"lazy\" decoding=\"async\" data-attachment-id=\"622\" data-permalink=\"https:\/\/patrimoine-avesnois.fr\/chemin\/cerfontaine\/image-75\/\" data-orig-file=\"https:\/\/i0.wp.com\/patrimoine-avesnois.fr\/chemin\/wp-content\/uploads\/2019\/04\/image-53.png?fit=1198%2C926&amp;ssl=1\" data-orig-size=\"1198,926\" data-comments-opened=\"1\" data-image-meta=\"{&quot;aperture&quot;:&quot;0&quot;,&quot;credit&quot;:&quot;&quot;,&quot;camera&quot;:&quot;&quot;,&quot;caption&quot;:&quot;&quot;,&quot;created_timestamp&quot;:&quot;0&quot;,&quot;copyright&quot;:&quot;&quot;,&quot;focal_length&quot;:&quot;0&quot;,&quot;iso&quot;:&quot;0&quot;,&quot;shutter_speed&quot;:&quot;0&quot;,&quot;title&quot;:&quot;&quot;,&quot;orientation&quot;:&quot;0&quot;}\" data-image-title=\"image\" data-image-description=\"\" data-image-caption=\"\" data-large-file=\"https:\/\/i0.wp.com\/patrimoine-avesnois.fr\/chemin\/wp-content\/uploads\/2019\/04\/image-53.png?fit=840%2C650&amp;ssl=1\" src=\"https:\/\/i0.wp.com\/www.moulins-avesnois.fr\/wp-content\/uploads\/2018\/01\/Pont-sur-Sambre-1957.jpg?resize=692%2C430\" alt=\"\" class=\"wp-image-622\" width=\"692\" height=\"430\"\/><figcaption>Le moulin de Pont-sur-Sambre 1957<\/figcaption><\/figure><\/div>\n\n\n\n<div class=\"wp-block-image\"><figure class=\"aligncenter is-resized\"><img data-recalc-dims=\"1\" loading=\"lazy\" decoding=\"async\" src=\"https:\/\/i0.wp.com\/www.moulins-avesnois.fr\/wp-content\/uploads\/2018\/01\/Pont-sur-Sambre-1980.jpg?resize=692%2C437\" alt=\"\" class=\"wp-image-623\" width=\"692\" height=\"437\"\/><figcaption>le moulin de Pont-sur-Sambre 1980<\/figcaption><\/figure><\/div>\n\n\n\n<p>Le moulin sur la Sambre \u00e0 Pont-sur-Sambre (il y en avait un aussi dans cette commune sur le ruisseau de la Fosse) appartenait au chapitre de Sainte Aldegonde \u00e0 Maubeuge. Vendu comme bien national en 1796 \u00e0 Antoine Hazard, propri\u00e9taire \u00e0 Solre-le-Ch\u00e2teau, celui-ci le loua en 1801 \u00e0 Simon Mercier de Monceau-Saint-Waast. Le moulin fut d\u00e9tenu ensuite par Jean-Fran\u00e7ois Bosquet \u00e9poux d\u2019Am\u00e9lie Joseph Croix. A son d\u00e9c\u00e8s en 1856, la veuve devint usufruiti\u00e8re et ses 7 enfants nu-propri\u00e9taire. En fait, les biens se composaient du moulin&nbsp;\u00ab&nbsp;\u00e0 faire farine&nbsp;\u00bb, \u00e0 deux tournants avec quatre paires de meules et d\u2019une scierie de marbre avec maison d\u2019habitation et b\u00e2timents accessoires.<\/p>\n\n\n\n<p>L\u2019ensemble fut vendu \u00e0 la Soci\u00e9t\u00e9 Dervill\u00e9 et Cie. La marbrerie fonctionna jusqu\u2019en 1944. En 1947 la S.A.M.P (Soci\u00e9t\u00e9 des ateliers M\u00e9caniques de Pont-sur-Sambre)&nbsp; racheta le tout pour y construire une usine \u00e0 fabriquer des bombes destin\u00e9es au rafale. Les b\u00e2timents du moulin furent d\u00e9molis en 1988 et l\u2019usine s\u2019arr\u00eata en 2011.<\/p>\n\n\n\n<div class=\"wp-block-image\"><figure class=\"aligncenter is-resized\"><img loading=\"lazy\" decoding=\"async\" data-attachment-id=\"6684\" data-permalink=\"https:\/\/patrimoine-avesnois.fr\/chemin\/pont-sur-sambre\/image-1020\/\" data-orig-file=\"https:\/\/i0.wp.com\/patrimoine-avesnois.fr\/chemin\/wp-content\/uploads\/2019\/06\/image-213.png?fit=1215%2C909&amp;ssl=1\" data-orig-size=\"1215,909\" data-comments-opened=\"1\" data-image-meta=\"{&quot;aperture&quot;:&quot;0&quot;,&quot;credit&quot;:&quot;&quot;,&quot;camera&quot;:&quot;&quot;,&quot;caption&quot;:&quot;&quot;,&quot;created_timestamp&quot;:&quot;0&quot;,&quot;copyright&quot;:&quot;&quot;,&quot;focal_length&quot;:&quot;0&quot;,&quot;iso&quot;:&quot;0&quot;,&quot;shutter_speed&quot;:&quot;0&quot;,&quot;title&quot;:&quot;&quot;,&quot;orientation&quot;:&quot;0&quot;}\" data-image-title=\"image\" data-image-description=\"\" data-image-caption=\"\" data-large-file=\"https:\/\/i0.wp.com\/patrimoine-avesnois.fr\/chemin\/wp-content\/uploads\/2019\/06\/image-213.png?fit=840%2C628&amp;ssl=1\" src=\"https:\/\/i2.wp.com\/patrimoine-avesnois.fr\/chemin\/wp-content\/uploads\/2019\/06\/image-213.png?fit=840%2C628\" alt=\"\" class=\"wp-image-6684\" width=\"629\" height=\"471\" srcset=\"https:\/\/i0.wp.com\/patrimoine-avesnois.fr\/chemin\/wp-content\/uploads\/2019\/06\/image-213.png?w=1215&amp;ssl=1 1215w, https:\/\/i0.wp.com\/patrimoine-avesnois.fr\/chemin\/wp-content\/uploads\/2019\/06\/image-213.png?resize=300%2C224&amp;ssl=1 300w, https:\/\/i0.wp.com\/patrimoine-avesnois.fr\/chemin\/wp-content\/uploads\/2019\/06\/image-213.png?resize=768%2C575&amp;ssl=1 768w, https:\/\/i0.wp.com\/patrimoine-avesnois.fr\/chemin\/wp-content\/uploads\/2019\/06\/image-213.png?resize=1024%2C766&amp;ssl=1 1024w, https:\/\/i0.wp.com\/patrimoine-avesnois.fr\/chemin\/wp-content\/uploads\/2019\/06\/image-213.png?resize=1200%2C898&amp;ssl=1 1200w\" sizes=\"auto, (max-width: 629px) 85vw, 629px\" \/><figcaption>S.A.M.P<\/figcaption><\/figure><\/div>\n\n\n\n<p>La\u00a0Soci\u00e9t\u00e9 des ateliers m\u00e9caniques de Pont Sur Sambre\u00a0(<em>SAMP<\/em>) cr\u00e9\u00e9e en 1947 par Michel Mulleman puis rachet\u00e9e par Christian Martin en 1999 \u00e9tait, jusqu&rsquo;en octobre 2011, l&rsquo;unique soci\u00e9t\u00e9 du complexe militaro-industriel fran\u00e7ais produisant des bombes pour avions pour l&rsquo;arm\u00e9e de l&rsquo;air fran\u00e7aise. Elle a \u00e9t\u00e9 mise en liquidation judiciaire le 15 mai 2017. En 2019 les derni\u00e8res machines qui servaient \u00e0 fabriquer les corps de bombe furent d\u00e9mont\u00e9es et exp\u00e9di\u00e9es sur d&rsquo;autres sites. Le b\u00e2timent avec les bureaux et la tour de 1990 furent alors mis en vente. Faute de repreneur, l&rsquo;endroit situ\u00e9 en zone inondable est devenu au fil du temps une friche. La SAMP va passer  en 2022 sous le giron de la Communaut\u00e9 d&rsquo;agglom\u00e9ration Maubeuge  val de Sambre qui va proc\u00e9der \u00e0 la d\u00e9molition des b\u00e2timents. Quant \u00e0 la tour en verre, propri\u00e9t\u00e9 des Voies navigables de France, elle va rester debout pour le moment.<\/p>\n\n\n\n<p>1905 vit la construction d\u2019une voie ferr\u00e9e d\u2019int\u00e9r\u00eat local. Elle permettait de relier les \u00e9tablissements pontois au r\u00e9seau national et international \u00e0 Aulnoye-Aymeries. La soci\u00e9t\u00e9 des ateliers de construction m\u00e9tallique de la Sambre, l\u2019usine m\u00e9tallurgique Dutrieux-Houssi\u00e8re, la fonderie Savoye-Aquaire, la fabrique des essieux r\u00e9unis \u00e0 Pont en b\u00e9n\u00e9ficiaient.  <\/p>\n\n\n\n<div class=\"wp-block-image\"><figure class=\"aligncenter is-resized\"><img loading=\"lazy\" decoding=\"async\" data-attachment-id=\"6683\" data-permalink=\"https:\/\/patrimoine-avesnois.fr\/chemin\/pont-sur-sambre\/287_001\/\" data-orig-file=\"https:\/\/i0.wp.com\/patrimoine-avesnois.fr\/chemin\/wp-content\/uploads\/2019\/06\/287_001.jpg?fit=1620%2C1101&amp;ssl=1\" data-orig-size=\"1620,1101\" data-comments-opened=\"1\" data-image-meta=\"{&quot;aperture&quot;:&quot;0&quot;,&quot;credit&quot;:&quot;&quot;,&quot;camera&quot;:&quot;&quot;,&quot;caption&quot;:&quot;&quot;,&quot;created_timestamp&quot;:&quot;1561643330&quot;,&quot;copyright&quot;:&quot;&quot;,&quot;focal_length&quot;:&quot;0&quot;,&quot;iso&quot;:&quot;0&quot;,&quot;shutter_speed&quot;:&quot;0&quot;,&quot;title&quot;:&quot;&quot;,&quot;orientation&quot;:&quot;1&quot;}\" data-image-title=\"287_001\" data-image-description=\"\" data-image-caption=\"\" data-large-file=\"https:\/\/i0.wp.com\/patrimoine-avesnois.fr\/chemin\/wp-content\/uploads\/2019\/06\/287_001.jpg?fit=840%2C571&amp;ssl=1\" src=\"https:\/\/i0.wp.com\/patrimoine-avesnois.fr\/chemin\/wp-content\/uploads\/2019\/06\/287_001.jpg?fit=840%2C571\" alt=\"\" class=\"wp-image-6683\" width=\"630\" height=\"428\" srcset=\"https:\/\/i0.wp.com\/patrimoine-avesnois.fr\/chemin\/wp-content\/uploads\/2019\/06\/287_001.jpg?w=1620&amp;ssl=1 1620w, https:\/\/i0.wp.com\/patrimoine-avesnois.fr\/chemin\/wp-content\/uploads\/2019\/06\/287_001.jpg?resize=300%2C204&amp;ssl=1 300w, https:\/\/i0.wp.com\/patrimoine-avesnois.fr\/chemin\/wp-content\/uploads\/2019\/06\/287_001.jpg?resize=768%2C522&amp;ssl=1 768w, https:\/\/i0.wp.com\/patrimoine-avesnois.fr\/chemin\/wp-content\/uploads\/2019\/06\/287_001.jpg?resize=1024%2C696&amp;ssl=1 1024w, https:\/\/i0.wp.com\/patrimoine-avesnois.fr\/chemin\/wp-content\/uploads\/2019\/06\/287_001.jpg?resize=1200%2C816&amp;ssl=1 1200w\" sizes=\"auto, (max-width: 630px) 85vw, 630px\" \/><figcaption>La centrale EDF de Pont-sur-Sambre vers 1970<\/figcaption><\/figure><\/div>\n\n\n\n<p>Siemens a construit en 2007-2009 \u00e0 proximit\u00e9 de l&rsquo;ancien site EDF une centrale au gaz \u00e0 cycle cobin\u00e9 de 412 MW, exploit\u00e9e par Poweo Pont sur Sambre. C&rsquo;est la premi\u00e8re centrale de ce type install\u00e9e en France. Apr\u00e8s un passage dans le giron du groupe KKR, la centrale est finalement rachet\u00e9e par le groupe Total en septembre 2018. Source Wikipedia.<\/p>\n\n\n\n<p>L\u2019\u00c9cluse :<\/p>\n\n\n\n<div class=\"wp-block-image\"><figure class=\"aligncenter\"><img loading=\"lazy\" decoding=\"async\" width=\"1215\" height=\"916\" data-attachment-id=\"6681\" data-permalink=\"https:\/\/patrimoine-avesnois.fr\/chemin\/pont-sur-sambre\/capture1-76\/\" data-orig-file=\"https:\/\/i0.wp.com\/patrimoine-avesnois.fr\/chemin\/wp-content\/uploads\/2019\/06\/Capture1-31.jpg?fit=1215%2C916&amp;ssl=1\" data-orig-size=\"1215,916\" data-comments-opened=\"1\" data-image-meta=\"{&quot;aperture&quot;:&quot;0&quot;,&quot;credit&quot;:&quot;CARRE&quot;,&quot;camera&quot;:&quot;&quot;,&quot;caption&quot;:&quot;&quot;,&quot;created_timestamp&quot;:&quot;1561650651&quot;,&quot;copyright&quot;:&quot;&quot;,&quot;focal_length&quot;:&quot;0&quot;,&quot;iso&quot;:&quot;0&quot;,&quot;shutter_speed&quot;:&quot;0&quot;,&quot;title&quot;:&quot;&quot;,&quot;orientation&quot;:&quot;0&quot;}\" data-image-title=\"Capture1\" data-image-description=\"\" data-image-caption=\"\" data-large-file=\"https:\/\/i0.wp.com\/patrimoine-avesnois.fr\/chemin\/wp-content\/uploads\/2019\/06\/Capture1-31.jpg?fit=840%2C633&amp;ssl=1\" src=\"https:\/\/i1.wp.com\/patrimoine-avesnois.fr\/chemin\/wp-content\/uploads\/2019\/06\/Capture1-31.jpg?fit=840%2C633\" alt=\"\" class=\"wp-image-6681\" srcset=\"https:\/\/i0.wp.com\/patrimoine-avesnois.fr\/chemin\/wp-content\/uploads\/2019\/06\/Capture1-31.jpg?w=1215&amp;ssl=1 1215w, https:\/\/i0.wp.com\/patrimoine-avesnois.fr\/chemin\/wp-content\/uploads\/2019\/06\/Capture1-31.jpg?resize=300%2C226&amp;ssl=1 300w, https:\/\/i0.wp.com\/patrimoine-avesnois.fr\/chemin\/wp-content\/uploads\/2019\/06\/Capture1-31.jpg?resize=768%2C579&amp;ssl=1 768w, https:\/\/i0.wp.com\/patrimoine-avesnois.fr\/chemin\/wp-content\/uploads\/2019\/06\/Capture1-31.jpg?resize=1024%2C772&amp;ssl=1 1024w, https:\/\/i0.wp.com\/patrimoine-avesnois.fr\/chemin\/wp-content\/uploads\/2019\/06\/Capture1-31.jpg?resize=1200%2C905&amp;ssl=1 1200w\" sizes=\"auto, (max-width: 709px) 85vw, (max-width: 909px) 67vw, (max-width: 1362px) 62vw, 840px\" \/><figcaption>L&rsquo;\u00e9cluse de Pont-sur-Sambre<\/figcaption><\/figure><\/div>\n\n\n\n<p>Elle est l&rsquo;une des neuf \u00e9cluses qui jalonnent la Sambre de Landrecies \u00e0 la fronti\u00e8re belge.<\/p>\n\n\n\n<div class=\"wp-block-image\"><figure class=\"aligncenter\"><img loading=\"lazy\" decoding=\"async\" width=\"4032\" height=\"3024\" data-attachment-id=\"6677\" data-permalink=\"https:\/\/patrimoine-avesnois.fr\/chemin\/pont-sur-sambre\/img_6085\/\" data-orig-file=\"https:\/\/i0.wp.com\/patrimoine-avesnois.fr\/chemin\/wp-content\/uploads\/2019\/06\/IMG_6085.jpg?fit=4032%2C3024&amp;ssl=1\" data-orig-size=\"4032,3024\" data-comments-opened=\"1\" data-image-meta=\"{&quot;aperture&quot;:&quot;2.2&quot;,&quot;credit&quot;:&quot;&quot;,&quot;camera&quot;:&quot;iPhone SE&quot;,&quot;caption&quot;:&quot;&quot;,&quot;created_timestamp&quot;:&quot;1561307552&quot;,&quot;copyright&quot;:&quot;&quot;,&quot;focal_length&quot;:&quot;4.15&quot;,&quot;iso&quot;:&quot;25&quot;,&quot;shutter_speed&quot;:&quot;0.0004420866489832&quot;,&quot;title&quot;:&quot;&quot;,&quot;orientation&quot;:&quot;1&quot;}\" data-image-title=\"IMG_6085\" data-image-description=\"\" data-image-caption=\"\" data-large-file=\"https:\/\/i0.wp.com\/patrimoine-avesnois.fr\/chemin\/wp-content\/uploads\/2019\/06\/IMG_6085.jpg?fit=840%2C630&amp;ssl=1\" src=\"https:\/\/i0.wp.com\/patrimoine-avesnois.fr\/chemin\/wp-content\/uploads\/2019\/06\/IMG_6085.jpg?fit=840%2C630\" alt=\"\" class=\"wp-image-6677\" srcset=\"https:\/\/i0.wp.com\/patrimoine-avesnois.fr\/chemin\/wp-content\/uploads\/2019\/06\/IMG_6085.jpg?w=4032&amp;ssl=1 4032w, https:\/\/i0.wp.com\/patrimoine-avesnois.fr\/chemin\/wp-content\/uploads\/2019\/06\/IMG_6085.jpg?resize=300%2C225&amp;ssl=1 300w, https:\/\/i0.wp.com\/patrimoine-avesnois.fr\/chemin\/wp-content\/uploads\/2019\/06\/IMG_6085.jpg?resize=768%2C576&amp;ssl=1 768w, https:\/\/i0.wp.com\/patrimoine-avesnois.fr\/chemin\/wp-content\/uploads\/2019\/06\/IMG_6085.jpg?resize=1024%2C768&amp;ssl=1 1024w, https:\/\/i0.wp.com\/patrimoine-avesnois.fr\/chemin\/wp-content\/uploads\/2019\/06\/IMG_6085.jpg?resize=1200%2C900&amp;ssl=1 1200w, https:\/\/i0.wp.com\/patrimoine-avesnois.fr\/chemin\/wp-content\/uploads\/2019\/06\/IMG_6085.jpg?w=1680 1680w, https:\/\/i0.wp.com\/patrimoine-avesnois.fr\/chemin\/wp-content\/uploads\/2019\/06\/IMG_6085.jpg?w=2520 2520w\" sizes=\"auto, (max-width: 709px) 85vw, (max-width: 909px) 67vw, (max-width: 1362px) 62vw, 840px\" \/><\/figure><\/div>\n","protected":false},"excerpt":{"rendered":"<p>Ce village doit son nom au pont qui avait \u00e9t\u00e9 construit d\u00e8s l&rsquo;\u00e9poque romaine sur la route de Bavay \u00e0 Reims. A cette \u00e9poque, Pont n&rsquo;\u00e9tait qu&rsquo;un lieu-dit, et l&rsquo;agglom\u00e9ration se trouvait un peu plus \u00e0 l&rsquo;est, sur le territoire de Quartes. Aujourd&rsquo;hui encore, Pont n&rsquo;a pas d&rsquo;\u00e9glise et c&rsquo;est l&rsquo;\u00e9glise de Quartes qui sert &hellip; <a href=\"https:\/\/patrimoine-avesnois.fr\/chemin\/pont-sur-sambre\/\" class=\"more-link\">Continuer la lecture<span class=\"screen-reader-text\"> de &laquo;&nbsp;Pont-sur-Sambre&nbsp;&raquo;<\/span><\/a><\/p>\n","protected":false},"author":2,"featured_media":0,"parent":0,"menu_order":0,"comment_status":"closed","ping_status":"closed","template":"","meta":{"jetpack_post_was_ever_published":false,"footnotes":""},"class_list":["post-6611","page","type-page","status-publish","hentry"],"jetpack_sharing_enabled":true,"jetpack_shortlink":"https:\/\/wp.me\/PaOEkN-1ID","jetpack-related-posts":[],"_links":{"self":[{"href":"https:\/\/patrimoine-avesnois.fr\/chemin\/wp-json\/wp\/v2\/pages\/6611","targetHints":{"allow":["GET"]}}],"collection":[{"href":"https:\/\/patrimoine-avesnois.fr\/chemin\/wp-json\/wp\/v2\/pages"}],"about":[{"href":"https:\/\/patrimoine-avesnois.fr\/chemin\/wp-json\/wp\/v2\/types\/page"}],"author":[{"embeddable":true,"href":"https:\/\/patrimoine-avesnois.fr\/chemin\/wp-json\/wp\/v2\/users\/2"}],"replies":[{"embeddable":true,"href":"https:\/\/patrimoine-avesnois.fr\/chemin\/wp-json\/wp\/v2\/comments?post=6611"}],"version-history":[{"count":0,"href":"https:\/\/patrimoine-avesnois.fr\/chemin\/wp-json\/wp\/v2\/pages\/6611\/revisions"}],"wp:attachment":[{"href":"https:\/\/patrimoine-avesnois.fr\/chemin\/wp-json\/wp\/v2\/media?parent=6611"}],"curies":[{"name":"wp","href":"https:\/\/api.w.org\/{rel}","templated":true}]}}