{"id":6790,"date":"2019-06-29T23:03:11","date_gmt":"2019-06-29T21:03:11","guid":{"rendered":"http:\/\/patrimoine-avesnois.fr\/chemin\/?page_id=6790"},"modified":"2022-01-05T14:26:08","modified_gmt":"2022-01-05T13:26:08","slug":"ruesnes","status":"publish","type":"page","link":"https:\/\/patrimoine-avesnois.fr\/chemin\/ruesnes\/","title":{"rendered":"Ruesnes"},"content":{"rendered":"\n<div class=\"wp-block-image\"><figure class=\"aligncenter is-resized\"><img loading=\"lazy\" decoding=\"async\" data-attachment-id=\"6791\" data-permalink=\"https:\/\/patrimoine-avesnois.fr\/chemin\/ruesnes\/159_001\/\" data-orig-file=\"https:\/\/i0.wp.com\/patrimoine-avesnois.fr\/chemin\/wp-content\/uploads\/2019\/06\/159_001.jpg?fit=1455%2C1027&amp;ssl=1\" data-orig-size=\"1455,1027\" data-comments-opened=\"1\" data-image-meta=\"{&quot;aperture&quot;:&quot;0&quot;,&quot;credit&quot;:&quot;&quot;,&quot;camera&quot;:&quot;&quot;,&quot;caption&quot;:&quot;&quot;,&quot;created_timestamp&quot;:&quot;1561842186&quot;,&quot;copyright&quot;:&quot;&quot;,&quot;focal_length&quot;:&quot;0&quot;,&quot;iso&quot;:&quot;0&quot;,&quot;shutter_speed&quot;:&quot;0&quot;,&quot;title&quot;:&quot;&quot;,&quot;orientation&quot;:&quot;0&quot;}\" data-image-title=\"159_001\" data-image-description=\"\" data-image-caption=\"\" data-large-file=\"https:\/\/i0.wp.com\/patrimoine-avesnois.fr\/chemin\/wp-content\/uploads\/2019\/06\/159_001.jpg?fit=840%2C593&amp;ssl=1\" src=\"https:\/\/i0.wp.com\/patrimoine-avesnois.fr\/chemin\/wp-content\/uploads\/2019\/06\/159_001.jpg?fit=840%2C593\" alt=\"\" class=\"wp-image-6791\" width=\"681\" height=\"481\" srcset=\"https:\/\/i0.wp.com\/patrimoine-avesnois.fr\/chemin\/wp-content\/uploads\/2019\/06\/159_001.jpg?w=1455&amp;ssl=1 1455w, https:\/\/i0.wp.com\/patrimoine-avesnois.fr\/chemin\/wp-content\/uploads\/2019\/06\/159_001.jpg?resize=300%2C212&amp;ssl=1 300w, https:\/\/i0.wp.com\/patrimoine-avesnois.fr\/chemin\/wp-content\/uploads\/2019\/06\/159_001.jpg?resize=768%2C542&amp;ssl=1 768w, https:\/\/i0.wp.com\/patrimoine-avesnois.fr\/chemin\/wp-content\/uploads\/2019\/06\/159_001.jpg?resize=1024%2C723&amp;ssl=1 1024w, https:\/\/i0.wp.com\/patrimoine-avesnois.fr\/chemin\/wp-content\/uploads\/2019\/06\/159_001.jpg?resize=1200%2C847&amp;ssl=1 1200w\" sizes=\"auto, (max-width: 681px) 85vw, 681px\" \/><figcaption>Vue a\u00e9rienne de Ruesnes<\/figcaption><\/figure><\/div>\n\n\n\n<p>Le village de Ruesnes est d&rsquo;origine romaine si l&rsquo;on en juge par le reste des substructions qui ont \u00e9t\u00e9 d\u00e9couvertes au lieu-dit Les Courtieux . De vastes souterrains, dont certains \u00e9taient appel\u00e9s \u00ab\u00a0les caves de Marie Louise , probablement des branches de l\u2019aqueduc de Famars, ont \u00e9t\u00e9 explor\u00e9s en 1788. <br><\/p>\n\n\n\n<p>Au Moyen Age, le village appartenait aux seigneurs de Vendegies. De 1336 \u00e0 1426, la seigneurie releva de la puissante famille d\u2019Ecaussines puis passa sous le contr\u00f4le de la famille des du Bois de Hoves jusqu\u2019en 1547. A cette date, jusqu\u2019en 1693, la seigneurie revint aux d\u2019Andelot et en 1710-1719 aux d\u2019Yzarn de Villefort avant d\u2019\u00eatre vendue aux Capy. <br>Les armes de Ruesnes sont d&rsquo;ailleurs celles port\u00e9e par la Famille Capy. Chevaliers de Saint Louis, les Capy comptaient au nombre des gardes du corps du Roi jusqu&rsquo;\u00e0 la R\u00e9volution.<\/p>\n\n\n\n<div class=\"wp-block-image\"><figure class=\"aligncenter is-resized\"><img data-recalc-dims=\"1\" loading=\"lazy\" decoding=\"async\" data-attachment-id=\"6793\" data-permalink=\"https:\/\/patrimoine-avesnois.fr\/chemin\/ruesnes\/636_001\/\" data-orig-file=\"https:\/\/i0.wp.com\/patrimoine-avesnois.fr\/chemin\/wp-content\/uploads\/2019\/06\/636_001.jpg?fit=976%2C620&amp;ssl=1\" data-orig-size=\"976,620\" data-comments-opened=\"1\" data-image-meta=\"{&quot;aperture&quot;:&quot;0&quot;,&quot;credit&quot;:&quot;&quot;,&quot;camera&quot;:&quot;&quot;,&quot;caption&quot;:&quot;&quot;,&quot;created_timestamp&quot;:&quot;1561842135&quot;,&quot;copyright&quot;:&quot;&quot;,&quot;focal_length&quot;:&quot;0&quot;,&quot;iso&quot;:&quot;0&quot;,&quot;shutter_speed&quot;:&quot;0&quot;,&quot;title&quot;:&quot;&quot;,&quot;orientation&quot;:&quot;0&quot;}\" data-image-title=\"636_001\" data-image-description=\"\" data-image-caption=\"\" data-large-file=\"https:\/\/i0.wp.com\/patrimoine-avesnois.fr\/chemin\/wp-content\/uploads\/2019\/06\/636_001.jpg?fit=840%2C534&amp;ssl=1\" src=\"https:\/\/i0.wp.com\/patrimoine-avesnois.fr\/chemin\/wp-content\/uploads\/2019\/06\/636_001.jpg?resize=655%2C416\" alt=\"\" class=\"wp-image-6793\" width=\"655\" height=\"416\" srcset=\"https:\/\/i0.wp.com\/patrimoine-avesnois.fr\/chemin\/wp-content\/uploads\/2019\/06\/636_001.jpg?w=976&amp;ssl=1 976w, https:\/\/i0.wp.com\/patrimoine-avesnois.fr\/chemin\/wp-content\/uploads\/2019\/06\/636_001.jpg?resize=300%2C191&amp;ssl=1 300w, https:\/\/i0.wp.com\/patrimoine-avesnois.fr\/chemin\/wp-content\/uploads\/2019\/06\/636_001.jpg?resize=768%2C488&amp;ssl=1 768w\" sizes=\"auto, (max-width: 655px) 85vw, 655px\" \/><figcaption>Ruesnes<\/figcaption><\/figure><\/div>\n\n\n\n<div class=\"wp-block-image\"><figure class=\"aligncenter size-large is-resized\"><img data-recalc-dims=\"1\" loading=\"lazy\" decoding=\"async\" data-attachment-id=\"17279\" data-permalink=\"https:\/\/patrimoine-avesnois.fr\/chemin\/ruesnes\/eglise-4-3\/\" data-orig-file=\"https:\/\/i0.wp.com\/patrimoine-avesnois.fr\/chemin\/wp-content\/uploads\/2022\/01\/%C3%A9glise-4.jpg?fit=644%2C483&amp;ssl=1\" data-orig-size=\"644,483\" data-comments-opened=\"1\" data-image-meta=\"{&quot;aperture&quot;:&quot;0&quot;,&quot;credit&quot;:&quot;CARRE&quot;,&quot;camera&quot;:&quot;&quot;,&quot;caption&quot;:&quot;&quot;,&quot;created_timestamp&quot;:&quot;1641392252&quot;,&quot;copyright&quot;:&quot;&quot;,&quot;focal_length&quot;:&quot;0&quot;,&quot;iso&quot;:&quot;0&quot;,&quot;shutter_speed&quot;:&quot;0&quot;,&quot;title&quot;:&quot;&quot;,&quot;orientation&quot;:&quot;1&quot;}\" data-image-title=\"\u00e9glise-4\" data-image-description=\"\" data-image-caption=\"\" data-large-file=\"https:\/\/i0.wp.com\/patrimoine-avesnois.fr\/chemin\/wp-content\/uploads\/2022\/01\/%C3%A9glise-4.jpg?fit=644%2C483&amp;ssl=1\" src=\"https:\/\/i0.wp.com\/patrimoine-avesnois.fr\/chemin\/wp-content\/uploads\/2022\/01\/%C3%A9glise-4.jpg?resize=655%2C490\" alt=\"\" class=\"wp-image-17279\" width=\"655\" height=\"490\" srcset=\"https:\/\/i0.wp.com\/patrimoine-avesnois.fr\/chemin\/wp-content\/uploads\/2022\/01\/%C3%A9glise-4.jpg?w=644&amp;ssl=1 644w, https:\/\/i0.wp.com\/patrimoine-avesnois.fr\/chemin\/wp-content\/uploads\/2022\/01\/%C3%A9glise-4.jpg?resize=300%2C225&amp;ssl=1 300w\" sizes=\"auto, (max-width: 655px) 85vw, 655px\" \/><figcaption><em>L&rsquo;\u00e9glise de Ruesnes<\/em> Photo <a href=\"https:\/\/www.google.fr\/maps\/@50.2580726,3.5850958,3a,90y,201.41h,100.15t\/data=!3m6!1e1!3m4!1stl6Ul-SIGwdrPZ_UlD3oTw!2e0!7i16384!8i8192\" target=\"_blank\" rel=\"noreferrer noopener\">Google 2019<\/a><\/figcaption><\/figure><\/div>\n\n\n\n<div class=\"wp-block-image\"><figure class=\"aligncenter is-resized\"><img loading=\"lazy\" decoding=\"async\" data-attachment-id=\"6796\" data-permalink=\"https:\/\/patrimoine-avesnois.fr\/chemin\/ruesnes\/800px-ruesnes_nord_fr_eglise\/\" data-orig-file=\"https:\/\/i0.wp.com\/patrimoine-avesnois.fr\/chemin\/wp-content\/uploads\/2019\/06\/800px-Ruesnes_Nord_Fr_%C3%A9glise.jpg?fit=800%2C1067&amp;ssl=1\" data-orig-size=\"800,1067\" data-comments-opened=\"1\" data-image-meta=\"{&quot;aperture&quot;:&quot;0&quot;,&quot;credit&quot;:&quot;&quot;,&quot;camera&quot;:&quot;&quot;,&quot;caption&quot;:&quot;&quot;,&quot;created_timestamp&quot;:&quot;0&quot;,&quot;copyright&quot;:&quot;&quot;,&quot;focal_length&quot;:&quot;0&quot;,&quot;iso&quot;:&quot;0&quot;,&quot;shutter_speed&quot;:&quot;0&quot;,&quot;title&quot;:&quot;&quot;,&quot;orientation&quot;:&quot;0&quot;}\" data-image-title=\"800px-Ruesnes_(Nord,_Fr)_\u00e9glise\" data-image-description=\"\" data-image-caption=\"\" data-large-file=\"https:\/\/i0.wp.com\/patrimoine-avesnois.fr\/chemin\/wp-content\/uploads\/2019\/06\/800px-Ruesnes_Nord_Fr_%C3%A9glise.jpg?fit=768%2C1024&amp;ssl=1\" src=\"https:\/\/i0.wp.com\/patrimoine-avesnois.fr\/chemin\/wp-content\/uploads\/2019\/06\/800px-Ruesnes_Nord_Fr_\u00e9glise.jpg?fit=768%2C1024\" alt=\"\" class=\"wp-image-6796\" width=\"402\" height=\"536\" srcset=\"https:\/\/i0.wp.com\/patrimoine-avesnois.fr\/chemin\/wp-content\/uploads\/2019\/06\/800px-Ruesnes_Nord_Fr_%C3%A9glise.jpg?w=800&amp;ssl=1 800w, https:\/\/i0.wp.com\/patrimoine-avesnois.fr\/chemin\/wp-content\/uploads\/2019\/06\/800px-Ruesnes_Nord_Fr_%C3%A9glise.jpg?resize=225%2C300&amp;ssl=1 225w, https:\/\/i0.wp.com\/patrimoine-avesnois.fr\/chemin\/wp-content\/uploads\/2019\/06\/800px-Ruesnes_Nord_Fr_%C3%A9glise.jpg?resize=768%2C1024&amp;ssl=1 768w\" sizes=\"auto, (max-width: 402px) 85vw, 402px\" \/><figcaption>L&rsquo;\u00e9glise Saint-Pierre-des-Liens de Ruesnes (1763).<\/figcaption><\/figure><\/div>\n\n\n\n<div class=\"wp-block-image\"><figure class=\"aligncenter\"><img data-recalc-dims=\"1\" loading=\"lazy\" decoding=\"async\" width=\"596\" height=\"448\" data-attachment-id=\"6799\" data-permalink=\"https:\/\/patrimoine-avesnois.fr\/chemin\/ruesnes\/coq\/\" data-orig-file=\"https:\/\/i0.wp.com\/patrimoine-avesnois.fr\/chemin\/wp-content\/uploads\/2019\/06\/Coq.jpg?fit=596%2C448&amp;ssl=1\" data-orig-size=\"596,448\" data-comments-opened=\"1\" data-image-meta=\"{&quot;aperture&quot;:&quot;0&quot;,&quot;credit&quot;:&quot;CARRE&quot;,&quot;camera&quot;:&quot;&quot;,&quot;caption&quot;:&quot;&quot;,&quot;created_timestamp&quot;:&quot;1561845527&quot;,&quot;copyright&quot;:&quot;&quot;,&quot;focal_length&quot;:&quot;0&quot;,&quot;iso&quot;:&quot;0&quot;,&quot;shutter_speed&quot;:&quot;0&quot;,&quot;title&quot;:&quot;&quot;,&quot;orientation&quot;:&quot;0&quot;}\" data-image-title=\"Coq\" data-image-description=\"\" data-image-caption=\"\" data-large-file=\"https:\/\/i0.wp.com\/patrimoine-avesnois.fr\/chemin\/wp-content\/uploads\/2019\/06\/Coq.jpg?fit=596%2C448&amp;ssl=1\" src=\"https:\/\/i0.wp.com\/patrimoine-avesnois.fr\/chemin\/wp-content\/uploads\/2019\/06\/Coq.jpg?resize=596%2C448\" alt=\"\" class=\"wp-image-6799\" srcset=\"https:\/\/i0.wp.com\/patrimoine-avesnois.fr\/chemin\/wp-content\/uploads\/2019\/06\/Coq.jpg?w=596&amp;ssl=1 596w, https:\/\/i0.wp.com\/patrimoine-avesnois.fr\/chemin\/wp-content\/uploads\/2019\/06\/Coq.jpg?resize=300%2C226&amp;ssl=1 300w\" sizes=\"auto, (max-width: 596px) 85vw, 596px\" \/><figcaption>Le coq  \u00e0 35 m de haut<br><\/figcaption><\/figure><\/div>\n\n\n\n<p>Apr\u00e8s une longue absence, le coq a retrouv\u00e9 en 2018 sa place sur le clocher de l&rsquo;\u00e9glise apr\u00e8s une restauration compl\u00e8te  .<\/p>\n\n\n\n<div class=\"wp-block-image\"><figure class=\"aligncenter is-resized\"><img data-recalc-dims=\"1\" loading=\"lazy\" decoding=\"async\" data-attachment-id=\"6798\" data-permalink=\"https:\/\/patrimoine-avesnois.fr\/chemin\/ruesnes\/125_001\/\" data-orig-file=\"https:\/\/i0.wp.com\/patrimoine-avesnois.fr\/chemin\/wp-content\/uploads\/2019\/06\/125_001.jpg?fit=950%2C608&amp;ssl=1\" data-orig-size=\"950,608\" data-comments-opened=\"1\" data-image-meta=\"{&quot;aperture&quot;:&quot;0&quot;,&quot;credit&quot;:&quot;&quot;,&quot;camera&quot;:&quot;&quot;,&quot;caption&quot;:&quot;&quot;,&quot;created_timestamp&quot;:&quot;0&quot;,&quot;copyright&quot;:&quot;&quot;,&quot;focal_length&quot;:&quot;0&quot;,&quot;iso&quot;:&quot;0&quot;,&quot;shutter_speed&quot;:&quot;0&quot;,&quot;title&quot;:&quot;&quot;,&quot;orientation&quot;:&quot;0&quot;}\" data-image-title=\"125_001\" data-image-description=\"\" data-image-caption=\"\" data-large-file=\"https:\/\/i0.wp.com\/patrimoine-avesnois.fr\/chemin\/wp-content\/uploads\/2019\/06\/125_001.jpg?fit=840%2C538&amp;ssl=1\" src=\"https:\/\/i0.wp.com\/patrimoine-avesnois.fr\/chemin\/wp-content\/uploads\/2019\/06\/125_001.jpg?resize=641%2C410\" alt=\"\" class=\"wp-image-6798\" width=\"641\" height=\"410\" srcset=\"https:\/\/i0.wp.com\/patrimoine-avesnois.fr\/chemin\/wp-content\/uploads\/2019\/06\/125_001.jpg?w=950&amp;ssl=1 950w, https:\/\/i0.wp.com\/patrimoine-avesnois.fr\/chemin\/wp-content\/uploads\/2019\/06\/125_001.jpg?resize=300%2C192&amp;ssl=1 300w, https:\/\/i0.wp.com\/patrimoine-avesnois.fr\/chemin\/wp-content\/uploads\/2019\/06\/125_001.jpg?resize=768%2C492&amp;ssl=1 768w\" sizes=\"auto, (max-width: 641px) 85vw, 641px\" \/><\/figure><\/div>\n\n\n\n<div class=\"wp-block-image\"><figure class=\"aligncenter\"><img decoding=\"async\" src=\"https:\/\/upload.wikimedia.org\/wikipedia\/commons\/thumb\/6\/6f\/Ruesnes_%28Nord%2C_Fr%29_mairie.JPG\/450px-Ruesnes_%28Nord%2C_Fr%29_mairie.JPG\" alt=\"Fichier:Ruesnes (Nord, Fr) mairie.JPG\"\/><figcaption>La mairie<\/figcaption><\/figure><\/div>\n\n\n\n<div class=\"wp-block-image\"><figure class=\"aligncenter is-resized\"><img data-recalc-dims=\"1\" loading=\"lazy\" decoding=\"async\" data-attachment-id=\"6804\" data-permalink=\"https:\/\/patrimoine-avesnois.fr\/chemin\/ruesnes\/736_001-3\/\" data-orig-file=\"https:\/\/i0.wp.com\/patrimoine-avesnois.fr\/chemin\/wp-content\/uploads\/2019\/06\/736_001-1.jpg?fit=428%2C663&amp;ssl=1\" data-orig-size=\"428,663\" data-comments-opened=\"1\" data-image-meta=\"{&quot;aperture&quot;:&quot;0&quot;,&quot;credit&quot;:&quot;&quot;,&quot;camera&quot;:&quot;&quot;,&quot;caption&quot;:&quot;&quot;,&quot;created_timestamp&quot;:&quot;1561846588&quot;,&quot;copyright&quot;:&quot;&quot;,&quot;focal_length&quot;:&quot;0&quot;,&quot;iso&quot;:&quot;0&quot;,&quot;shutter_speed&quot;:&quot;0&quot;,&quot;title&quot;:&quot;&quot;,&quot;orientation&quot;:&quot;0&quot;}\" data-image-title=\"736_001\" data-image-description=\"\" data-image-caption=\"\" data-large-file=\"https:\/\/i0.wp.com\/patrimoine-avesnois.fr\/chemin\/wp-content\/uploads\/2019\/06\/736_001-1.jpg?fit=428%2C663&amp;ssl=1\" src=\"https:\/\/i0.wp.com\/patrimoine-avesnois.fr\/chemin\/wp-content\/uploads\/2019\/06\/736_001-1.jpg?resize=377%2C584\" alt=\"\" class=\"wp-image-6804\" width=\"377\" height=\"584\" srcset=\"https:\/\/i0.wp.com\/patrimoine-avesnois.fr\/chemin\/wp-content\/uploads\/2019\/06\/736_001-1.jpg?w=428&amp;ssl=1 428w, https:\/\/i0.wp.com\/patrimoine-avesnois.fr\/chemin\/wp-content\/uploads\/2019\/06\/736_001-1.jpg?resize=194%2C300&amp;ssl=1 194w\" sizes=\"auto, (max-width: 377px) 85vw, 377px\" \/><\/figure><\/div>\n\n\n\n<div class=\"wp-block-image\"><figure class=\"aligncenter is-resized\"><img loading=\"lazy\" decoding=\"async\" src=\"https:\/\/upload.wikimedia.org\/wikipedia\/commons\/thumb\/4\/41\/Ruesnes_%28Nord%2C_Fr%29_monument_aux_morts.JPG\/800px-Ruesnes_%28Nord%2C_Fr%29_monument_aux_morts.JPG\" alt=\"\" width=\"428\" height=\"570\"\/><figcaption>Le Monument aux Morts. <a href=\"https:\/\/monumentsmorts.univ-lille.fr\/monument\/633\/ruesnes-place\/\" target=\"_blank\" rel=\"noreferrer noopener\" aria-label=\"Universit\u00e9 Lille 3  (opens in a new tab)\">Universit\u00e9 Lille 3 <\/a><\/figcaption><\/figure><\/div>\n\n\n\n<p>Sur un socle de pierre grise, un groupe de 3 jeunes femmes dignes et r\u00e9sign\u00e9es, aux formes graciles, supporte une urne fun\u00e9raire. Sculpteur : Aline de Beaulieu, infirmi\u00e8re-major durant la guerre 1914-1918. Elle offrit gratuitement \u00e0 la commune le monument inaugur\u00e9 en 1922.<\/p>\n\n\n\n<div class=\"wp-block-image\"><figure class=\"aligncenter is-resized\"><img data-recalc-dims=\"1\" loading=\"lazy\" decoding=\"async\" data-attachment-id=\"2090\" data-permalink=\"https:\/\/patrimoine-avesnois.fr\/chemin\/noyelles-sur-sambre\/image-425\/\" data-orig-file=\"https:\/\/i0.wp.com\/patrimoine-avesnois.fr\/chemin\/wp-content\/uploads\/2019\/04\/image-402.png?fit=353%2C565&amp;ssl=1\" data-orig-size=\"353,565\" data-comments-opened=\"1\" data-image-meta=\"{&quot;aperture&quot;:&quot;0&quot;,&quot;credit&quot;:&quot;&quot;,&quot;camera&quot;:&quot;&quot;,&quot;caption&quot;:&quot;&quot;,&quot;created_timestamp&quot;:&quot;0&quot;,&quot;copyright&quot;:&quot;&quot;,&quot;focal_length&quot;:&quot;0&quot;,&quot;iso&quot;:&quot;0&quot;,&quot;shutter_speed&quot;:&quot;0&quot;,&quot;title&quot;:&quot;&quot;,&quot;orientation&quot;:&quot;0&quot;}\" data-image-title=\"image\" data-image-description=\"\" data-image-caption=\"\" data-large-file=\"https:\/\/i0.wp.com\/patrimoine-avesnois.fr\/chemin\/wp-content\/uploads\/2019\/04\/image-402.png?fit=353%2C565&amp;ssl=1\" src=\"https:\/\/i0.wp.com\/oratoiresetchapelles-avesnois.fr\/wp-content\/uploads\/2017\/04\/IMG_0475-768x1024.jpg?resize=384%2C512\" alt=\"Chapelle N.D de la Paix (1884)\" class=\"wp-image-2090\" width=\"384\" height=\"512\"\/><figcaption>Chapelle N.D de la Paix (1884) Rue de Sepmeries<\/figcaption><\/figure><\/div>\n\n\n\n<div class=\"wp-block-image\"><figure class=\"aligncenter is-resized\"><img data-recalc-dims=\"1\" loading=\"lazy\" decoding=\"async\" src=\"https:\/\/i0.wp.com\/oratoiresetchapelles-avesnois.fr\/wp-content\/uploads\/2017\/04\/IMG_0477-768x1024.jpg?resize=384%2C512\" alt=\"Int\u00e9rieur de la chapelle N.D de la Paix\" class=\"wp-image-2091\" width=\"384\" height=\"512\"\/><figcaption>Int\u00e9rieur de la chapelle N.D de la Paix<\/figcaption><\/figure><\/div>\n\n\n\n<div class=\"wp-block-image\"><figure class=\"aligncenter is-resized\"><img data-recalc-dims=\"1\" loading=\"lazy\" decoding=\"async\" data-attachment-id=\"2092\" data-permalink=\"https:\/\/patrimoine-avesnois.fr\/chemin\/noyelles-sur-sambre\/img_4704-copie\/\" data-orig-file=\"https:\/\/i0.wp.com\/patrimoine-avesnois.fr\/chemin\/wp-content\/uploads\/2019\/04\/IMG_4704-Copie.jpg?fit=2844%2C3437&amp;ssl=1\" data-orig-size=\"2844,3437\" data-comments-opened=\"1\" data-image-meta=\"{&quot;aperture&quot;:&quot;2.2&quot;,&quot;credit&quot;:&quot;&quot;,&quot;camera&quot;:&quot;iPhone SE&quot;,&quot;caption&quot;:&quot;&quot;,&quot;created_timestamp&quot;:&quot;1535295313&quot;,&quot;copyright&quot;:&quot;&quot;,&quot;focal_length&quot;:&quot;4.15&quot;,&quot;iso&quot;:&quot;25&quot;,&quot;shutter_speed&quot;:&quot;0.00049407114624506&quot;,&quot;title&quot;:&quot;&quot;,&quot;orientation&quot;:&quot;1&quot;}\" data-image-title=\"IMG_4704 &amp;#8211; Copie\" data-image-description=\"\" data-image-caption=\"\" data-large-file=\"https:\/\/i0.wp.com\/patrimoine-avesnois.fr\/chemin\/wp-content\/uploads\/2019\/04\/IMG_4704-Copie.jpg?fit=840%2C1016&amp;ssl=1\" src=\"https:\/\/i0.wp.com\/oratoiresetchapelles-avesnois.fr\/wp-content\/uploads\/2017\/04\/IMG_0488-768x1024.jpg?resize=384%2C512\" alt=\"Chapelle N.D de Lourdes Route de Bermerain\" class=\"wp-image-2092\" width=\"384\" height=\"512\"\/><figcaption>Chapelle N.D de Lourdes Rue de Bermerain<\/figcaption><\/figure><\/div>\n\n\n\n<div class=\"wp-block-image\"><figure class=\"aligncenter is-resized\"><img data-recalc-dims=\"1\" loading=\"lazy\" decoding=\"async\" src=\"https:\/\/i0.wp.com\/oratoiresetchapelles-avesnois.fr\/wp-content\/uploads\/2017\/04\/IMG_0491-768x1024.jpg?resize=384%2C512\" alt=\"Int\u00e9rieur de la chapelle N.D de Lourdes\" class=\"wp-image-2093\" width=\"384\" height=\"512\"\/><figcaption>Int\u00e9rieur de la chapelle N.D de Lourdes<\/figcaption><\/figure><\/div>\n\n\n\n<div class=\"wp-block-image\"><figure class=\"aligncenter is-resized\"><img data-recalc-dims=\"1\" loading=\"lazy\" decoding=\"async\" src=\"https:\/\/i0.wp.com\/oratoiresetchapelles-avesnois.fr\/wp-content\/uploads\/2017\/04\/IMG_0483-768x1024.jpg?resize=384%2C512\" alt=\"Chapelle N.D de la D\u00e9livrance Mission 1949 R\u00e9paration\" class=\"wp-image-2094\" width=\"384\" height=\"512\"\/><figcaption>Chapelle N.D de la D\u00e9livrance Mission 1949 R\u00e9paration. Rue du Point d\u2019Arr\u00eat.<\/figcaption><\/figure><\/div>\n\n\n\n<p class=\"has-text-align-center\">***<\/p>\n\n\n\n<div class=\"wp-block-image\"><figure class=\"aligncenter is-resized\"><img data-recalc-dims=\"1\" loading=\"lazy\" decoding=\"async\" data-attachment-id=\"6806\" data-permalink=\"https:\/\/patrimoine-avesnois.fr\/chemin\/ruesnes\/587_001-2\/\" data-orig-file=\"https:\/\/i0.wp.com\/patrimoine-avesnois.fr\/chemin\/wp-content\/uploads\/2019\/06\/587_001.jpg?fit=796%2C502&amp;ssl=1\" data-orig-size=\"796,502\" data-comments-opened=\"1\" data-image-meta=\"{&quot;aperture&quot;:&quot;0&quot;,&quot;credit&quot;:&quot;&quot;,&quot;camera&quot;:&quot;&quot;,&quot;caption&quot;:&quot;&quot;,&quot;created_timestamp&quot;:&quot;1561842068&quot;,&quot;copyright&quot;:&quot;&quot;,&quot;focal_length&quot;:&quot;0&quot;,&quot;iso&quot;:&quot;0&quot;,&quot;shutter_speed&quot;:&quot;0&quot;,&quot;title&quot;:&quot;&quot;,&quot;orientation&quot;:&quot;0&quot;}\" data-image-title=\"587_001\" data-image-description=\"\" data-image-caption=\"\" data-large-file=\"https:\/\/i0.wp.com\/patrimoine-avesnois.fr\/chemin\/wp-content\/uploads\/2019\/06\/587_001.jpg?fit=796%2C502&amp;ssl=1\" src=\"https:\/\/i0.wp.com\/patrimoine-avesnois.fr\/chemin\/wp-content\/uploads\/2019\/06\/587_001.jpg?resize=630%2C396\" alt=\"\" class=\"wp-image-6806\" width=\"630\" height=\"396\" srcset=\"https:\/\/i0.wp.com\/patrimoine-avesnois.fr\/chemin\/wp-content\/uploads\/2019\/06\/587_001.jpg?w=796&amp;ssl=1 796w, https:\/\/i0.wp.com\/patrimoine-avesnois.fr\/chemin\/wp-content\/uploads\/2019\/06\/587_001.jpg?resize=300%2C189&amp;ssl=1 300w, https:\/\/i0.wp.com\/patrimoine-avesnois.fr\/chemin\/wp-content\/uploads\/2019\/06\/587_001.jpg?resize=768%2C484&amp;ssl=1 768w\" sizes=\"auto, (max-width: 630px) 85vw, 630px\" \/><figcaption>Le ch\u00e2teau de Ruesnes<\/figcaption><\/figure><\/div>\n\n\n\n<div class=\"wp-block-image\"><figure class=\"aligncenter is-resized\"><img data-recalc-dims=\"1\" loading=\"lazy\" decoding=\"async\" data-attachment-id=\"6811\" data-permalink=\"https:\/\/patrimoine-avesnois.fr\/chemin\/ruesnes\/image-1025\/\" data-orig-file=\"https:\/\/i0.wp.com\/patrimoine-avesnois.fr\/chemin\/wp-content\/uploads\/2019\/06\/image-218.png?fit=506%2C323&amp;ssl=1\" data-orig-size=\"506,323\" data-comments-opened=\"1\" data-image-meta=\"{&quot;aperture&quot;:&quot;0&quot;,&quot;credit&quot;:&quot;&quot;,&quot;camera&quot;:&quot;&quot;,&quot;caption&quot;:&quot;&quot;,&quot;created_timestamp&quot;:&quot;0&quot;,&quot;copyright&quot;:&quot;&quot;,&quot;focal_length&quot;:&quot;0&quot;,&quot;iso&quot;:&quot;0&quot;,&quot;shutter_speed&quot;:&quot;0&quot;,&quot;title&quot;:&quot;&quot;,&quot;orientation&quot;:&quot;0&quot;}\" data-image-title=\"image\" data-image-description=\"\" data-image-caption=\"\" data-large-file=\"https:\/\/i0.wp.com\/patrimoine-avesnois.fr\/chemin\/wp-content\/uploads\/2019\/06\/image-218.png?fit=506%2C323&amp;ssl=1\" src=\"https:\/\/i0.wp.com\/patrimoine-avesnois.fr\/chemin\/wp-content\/uploads\/2019\/06\/image-218.png?resize=630%2C403\" alt=\"\" class=\"wp-image-6811\" width=\"630\" height=\"403\" srcset=\"https:\/\/i0.wp.com\/patrimoine-avesnois.fr\/chemin\/wp-content\/uploads\/2019\/06\/image-218.png?w=506&amp;ssl=1 506w, https:\/\/i0.wp.com\/patrimoine-avesnois.fr\/chemin\/wp-content\/uploads\/2019\/06\/image-218.png?resize=300%2C192&amp;ssl=1 300w\" sizes=\"auto, (max-width: 630px) 85vw, 630px\" \/><\/figure><\/div>\n\n\n\n<p>L\u2019actuel ch\u00e2teau de Ruesnes, en briques et pierres blanches, fut pour l\u2019essentiel b\u00e2ti au XVIIIe si\u00e8cle. Des parties plus anciennes subsistent : <\/p>\n\n\n\n<ul class=\"wp-block-list\"><li>une porte charreti\u00e8re donnant acc\u00e8s \u00e0 la m\u00e9tairie est surmont\u00e9e d&rsquo;une pierre \u00e0 blason mutil\u00e9, orn\u00e9e d&rsquo;une gracieuse coquille et portant la date de 1695.<\/li><li>la ferme datant probablement du XVIIe si\u00e8cle. La tour carr\u00e9e se dresse au milieu de la cour de la ferme, pr\u00e9sentant l&rsquo;aspect \u00e0 sa base d&rsquo;un solide rempart pour se terminer par un toit pointu. <\/li><\/ul>\n\n\n\n<p>Le ch\u00e2teau proprement dit fut reb\u00e2ti vers 1760 et comporte trois corps de logis organis\u00e9s autour d\u2019un pavillon central ovale abritant un salon d\u2019honneur. Ce qui surprend c&rsquo;est la hauteur des combles, proches du style Louis XIII. La partie du XVIIIe est identifiable a ses fen\u00eatres \u00e0 arcs surbaisses. <\/p>\n\n\n\n<p>Le mar\u00e9chal de Berwick y logea avec ses troupes en 1709 alors que la propri\u00e9t\u00e9 appartenait aux Capy. Apres 1760, Charles-Louis Capy et son fr\u00e8re Louis Augustin en h\u00e9rit\u00e8rent. Tous deux le c\u00e9d\u00e8rent en 1787 a Pierre Joseph Boursier, en poste a Valenciennes comme juge consul. Le ch\u00e2teau fut propri\u00e9t\u00e9 des Boursier jusqu\u2019en 1852, des Camaret jusqu\u2019en 1909 et enfin il fut rachet\u00e9 par Am\u00e9d\u00e9e Hamoir.<\/p>\n\n\n\n<p>En partie br\u00fbl\u00e9 durant la Premi\u00e8re Guerre mondiale, il est c\u00e9d\u00e9 en 1922 \u00e0 Georges Lambert de Beaulieu qui renonce \u00e0 le restaurer et le c\u00e8de en 1925 \u00e0 Camille Vaille qui le transforme en b\u00e2timent agricole. <\/p>\n\n\n\n<p>Le parc du ch\u00e2teau comporte encore des colonnes qui portaient jadis des statues. II comprend \u00e9galement une pi\u00e8ce d&rsquo;eau dans un jardin \u00e0 l&rsquo;anglaise.<\/p>\n\n\n\n<div class=\"wp-block-image\"><figure class=\"aligncenter is-resized\"><img data-recalc-dims=\"1\" loading=\"lazy\" decoding=\"async\" src=\"https:\/\/i0.wp.com\/www.communes.com\/images\/thumbs\/nord-pas-de-calais\/nord\/ruesnes_59530\/730x328\/ruesnes_320573.jpg?resize=648%2C484&#038;ssl=1\" alt=\"Le ch\u00c3\u00a2teau - Ruesnes\" width=\"648\" height=\"484\"\/><figcaption>le ch\u00e2teau de Ruesnes. Photo <a href=\"https:\/\/www.communes.com\/photo-ruesnes,320573\" target=\"_blank\" rel=\"noreferrer noopener\" aria-label=\"communes.com (opens in a new tab)\">communes.com<\/a><\/figcaption><\/figure><\/div>\n\n\n\n<p>Le ch\u00e2teau de Ruesnes a retrouv\u00e9 depuis peu sa splendeur pass\u00e9e apr\u00e8s des ann\u00e9es de l\u00e9thargie et d&rsquo;oubli. <\/p>\n\n\n\n<div class=\"wp-block-image\"><figure class=\"aligncenter is-resized\"><img loading=\"lazy\" decoding=\"async\" src=\"https:\/\/upload.wikimedia.org\/wikipedia\/commons\/thumb\/b\/b2\/Ruesnes_%28Nord%2C_Fr%29_mausol%C3%A9e_du_ch%C3%A2teau.JPG\/1280px-Ruesnes_%28Nord%2C_Fr%29_mausol%C3%A9e_du_ch%C3%A2teau.JPG\" alt=\"\" width=\"640\" height=\"480\"\/><figcaption>Mausol\u00e9e du Ch\u00e2teau Photo 2011 Havang<\/figcaption><\/figure><\/div>\n\n\n\n<p>   <br><br><\/p>\n","protected":false},"excerpt":{"rendered":"<p>Le village de Ruesnes est d&rsquo;origine romaine si l&rsquo;on en juge par le reste des substructions qui ont \u00e9t\u00e9 d\u00e9couvertes au lieu-dit Les Courtieux . De vastes souterrains, dont certains \u00e9taient appel\u00e9s \u00ab\u00a0les caves de Marie Louise , probablement des branches de l\u2019aqueduc de Famars, ont \u00e9t\u00e9 explor\u00e9s en 1788. Au Moyen Age, le village &hellip; <a href=\"https:\/\/patrimoine-avesnois.fr\/chemin\/ruesnes\/\" class=\"more-link\">Continuer la lecture<span class=\"screen-reader-text\"> de &laquo;&nbsp;Ruesnes&nbsp;&raquo;<\/span><\/a><\/p>\n","protected":false},"author":2,"featured_media":0,"parent":0,"menu_order":0,"comment_status":"closed","ping_status":"closed","template":"","meta":{"jetpack_post_was_ever_published":false,"footnotes":""},"class_list":["post-6790","page","type-page","status-publish","hentry"],"jetpack_sharing_enabled":true,"jetpack_shortlink":"https:\/\/wp.me\/PaOEkN-1Lw","jetpack-related-posts":[],"_links":{"self":[{"href":"https:\/\/patrimoine-avesnois.fr\/chemin\/wp-json\/wp\/v2\/pages\/6790","targetHints":{"allow":["GET"]}}],"collection":[{"href":"https:\/\/patrimoine-avesnois.fr\/chemin\/wp-json\/wp\/v2\/pages"}],"about":[{"href":"https:\/\/patrimoine-avesnois.fr\/chemin\/wp-json\/wp\/v2\/types\/page"}],"author":[{"embeddable":true,"href":"https:\/\/patrimoine-avesnois.fr\/chemin\/wp-json\/wp\/v2\/users\/2"}],"replies":[{"embeddable":true,"href":"https:\/\/patrimoine-avesnois.fr\/chemin\/wp-json\/wp\/v2\/comments?post=6790"}],"version-history":[{"count":0,"href":"https:\/\/patrimoine-avesnois.fr\/chemin\/wp-json\/wp\/v2\/pages\/6790\/revisions"}],"wp:attachment":[{"href":"https:\/\/patrimoine-avesnois.fr\/chemin\/wp-json\/wp\/v2\/media?parent=6790"}],"curies":[{"name":"wp","href":"https:\/\/api.w.org\/{rel}","templated":true}]}}