{"id":6882,"date":"2019-07-01T14:25:57","date_gmt":"2019-07-01T12:25:57","guid":{"rendered":"http:\/\/patrimoine-avesnois.fr\/chemin\/?page_id=6882"},"modified":"2026-08-09T15:31:39","modified_gmt":"2026-08-09T13:31:39","slug":"wattignies-la-victoire","status":"publish","type":"page","link":"https:\/\/patrimoine-avesnois.fr\/chemin\/wattignies-la-victoire\/","title":{"rendered":"Wattignies-la-Victoire"},"content":{"rendered":"<div class=\"wp-block-image\">\n<figure class=\"aligncenter\"><img data-recalc-dims=\"1\" loading=\"lazy\" decoding=\"async\" width=\"840\" height=\"534\" data-attachment-id=\"6883\" data-permalink=\"https:\/\/patrimoine-avesnois.fr\/chemin\/wattignies-la-victoire\/756_001\/\" data-orig-file=\"https:\/\/i0.wp.com\/patrimoine-avesnois.fr\/chemin\/wp-content\/uploads\/2019\/07\/756_001.jpg?fit=987%2C628&amp;ssl=1\" data-orig-size=\"987,628\" data-comments-opened=\"1\" data-image-meta=\"{&quot;aperture&quot;:&quot;0&quot;,&quot;credit&quot;:&quot;&quot;,&quot;camera&quot;:&quot;&quot;,&quot;caption&quot;:&quot;&quot;,&quot;created_timestamp&quot;:&quot;1561976414&quot;,&quot;copyright&quot;:&quot;&quot;,&quot;focal_length&quot;:&quot;0&quot;,&quot;iso&quot;:&quot;0&quot;,&quot;shutter_speed&quot;:&quot;0&quot;,&quot;title&quot;:&quot;&quot;,&quot;orientation&quot;:&quot;0&quot;}\" data-image-title=\"756_001\" data-image-description=\"\" data-image-caption=\"\" data-large-file=\"https:\/\/i0.wp.com\/patrimoine-avesnois.fr\/chemin\/wp-content\/uploads\/2019\/07\/756_001.jpg?fit=840%2C534&amp;ssl=1\" src=\"https:\/\/i0.wp.com\/patrimoine-avesnois.fr\/chemin\/wp-content\/uploads\/2019\/07\/756_001.jpg?resize=840%2C534\" alt=\"\" class=\"wp-image-6883\" srcset=\"https:\/\/i0.wp.com\/patrimoine-avesnois.fr\/chemin\/wp-content\/uploads\/2019\/07\/756_001.jpg?w=987&amp;ssl=1 987w, https:\/\/i0.wp.com\/patrimoine-avesnois.fr\/chemin\/wp-content\/uploads\/2019\/07\/756_001.jpg?resize=300%2C191&amp;ssl=1 300w, https:\/\/i0.wp.com\/patrimoine-avesnois.fr\/chemin\/wp-content\/uploads\/2019\/07\/756_001.jpg?resize=768%2C489&amp;ssl=1 768w\" sizes=\"auto, (max-width: 709px) 85vw, (max-width: 909px) 67vw, (max-width: 1362px) 62vw, 840px\" \/><figcaption class=\"wp-element-caption\">Vue a\u00e9rienne de Wattignies-la-Victoire<\/figcaption><\/figure>\n<\/div>\n\n\n<p class=\"wp-block-paragraph\">Le village doit son nom actuel \u00e0 la bataille qui se d\u00e9roula les 15 et 16 octobre 1793, bataille remport\u00e9e par l&rsquo;arm\u00e9e Fran\u00e7aise face aux Autrichiens sauvant la France de l&rsquo;occupation \u00e9trang\u00e8re et affermissant la R\u00e9publique.<\/p>\n\n\n\n<p class=\"wp-block-paragraph\">Faits historiques : Village donn\u00e9, en 1046 , par Gerard , \u00e9v\u00eaque de Cambrai , au monast\u00e8re de Saint-Andr\u00e9 du Cateau. Paroisse du d\u00e9canat de Mons , en 1186. Les moines du prieur\u00e9 d&rsquo;Aymeries y \u00e9tablirent une ferme en 1223. <\/p>\n\n\n\n<p class=\"wp-block-paragraph\">\n\nCe village appartenait en 1376 \u00e0 Gilles, dit Louppars de Wattignies, \u00e9cuyer; c&rsquo;est ce qui r\u00e9sulte d&rsquo;un acte du 27 octobre de cette ann\u00e9e, par lequel ce Gilles, dit Louppars, et Jean de Berrey, tous deux hommes de fief du comte de Hainaut, d\u00e9clarent que Jean, dit Sausses de Maurege, pr\u00e9v\u00f4t de Maubeuge, les a conduits au ch\u00e2teau de Fumaing (Fumay), lequel leur a \u00e9t\u00e9 ouvert par le ch\u00e2telain Hustin de Dour, et qu&rsquo;y \u00e9tant entr\u00e9s, le pr\u00e9v\u00f4t, Jean de Maurege, saisit en leur pr\u00e9sence tous les ustensiles propres \u00e0 battre monnaie qui y ont \u00e9t\u00e9 trouv\u00e9s.&nbsp;\n\n<\/p>\n\n\n\n<p class=\"wp-block-paragraph\">Au XV e si\u00e8cle, formait une terre seigneuriale dont le ch\u00e2teau-fort est mentionn\u00e9 dans un acte de 1502 et dont les b\u00e2timents sont d\u00e9sign\u00e9s comme ruin\u00e9 en 1610. \u2013 Comprenait un fief de la pairie d&rsquo;Avesnes<\/p>\n\n\n\n<p class=\"wp-block-paragraph\">Au XVII e si\u00e8cle, la terre appartenait aux seigneurs de La Barre, comte d&rsquo;Erquelinnes, commune aujourd&rsquo;hui situ\u00e9e en Belgique.<\/p>\n\n\n\n<p class=\"wp-block-paragraph\">Ce fut \u00e0 Wattignies que se livra, le 16 octobre 1793, la fameuse bataille qui porte ce nom. Les Fran\u00e7ais, sous le commandement de Jourdan et de Carnot y remport\u00e8rent, sur les arm\u00e9es coalis\u00e9es, une des plus \u00e9clatantes victoires. <br>Ainsi, le nom de Wattignies figure sur l&rsquo;arc de triomphe de l&rsquo;Etoile \u00e0 Paris. Un monument comm\u00e9moratif rappelle cet \u00e9v\u00e9nement, ainsi qu&rsquo;un monument plus important situ\u00e9 \u00e0 Maubeuge d\u00fb \u00e0 l&rsquo;architecte Dutert et au sculpteur Fagel. <\/p>\n\n\n\n<p class=\"wp-block-paragraph\">Hameaux et lieux dits : Les Bruy\u00e8res. L&rsquo;Ancien Ch\u00e2teau. La Couture del&rsquo; Cense. Le Fief. Le Vigrand. La Croix. La Ferme de Glarges. Le Moulin du Stordoir. Le Trou Coleau. Les Avremont. <\/p>\n\n\n<div class=\"wp-block-image\">\n<figure class=\"aligncenter\"><img loading=\"lazy\" decoding=\"async\" width=\"1493\" height=\"1015\" data-attachment-id=\"6886\" data-permalink=\"https:\/\/patrimoine-avesnois.fr\/chemin\/wattignies-la-victoire\/473_001\/\" data-orig-file=\"https:\/\/i0.wp.com\/patrimoine-avesnois.fr\/chemin\/wp-content\/uploads\/2019\/07\/473_001.jpg?fit=1493%2C1015&amp;ssl=1\" data-orig-size=\"1493,1015\" data-comments-opened=\"1\" data-image-meta=\"{&quot;aperture&quot;:&quot;0&quot;,&quot;credit&quot;:&quot;&quot;,&quot;camera&quot;:&quot;&quot;,&quot;caption&quot;:&quot;&quot;,&quot;created_timestamp&quot;:&quot;1561976254&quot;,&quot;copyright&quot;:&quot;&quot;,&quot;focal_length&quot;:&quot;0&quot;,&quot;iso&quot;:&quot;0&quot;,&quot;shutter_speed&quot;:&quot;0&quot;,&quot;title&quot;:&quot;&quot;,&quot;orientation&quot;:&quot;0&quot;}\" data-image-title=\"473_001\" data-image-description=\"\" data-image-caption=\"\" data-large-file=\"https:\/\/i0.wp.com\/patrimoine-avesnois.fr\/chemin\/wp-content\/uploads\/2019\/07\/473_001.jpg?fit=840%2C571&amp;ssl=1\" src=\"https:\/\/i0.wp.com\/patrimoine-avesnois.fr\/chemin\/wp-content\/uploads\/2019\/07\/473_001.jpg?fit=840%2C571\" alt=\"\" class=\"wp-image-6886\" srcset=\"https:\/\/i0.wp.com\/patrimoine-avesnois.fr\/chemin\/wp-content\/uploads\/2019\/07\/473_001.jpg?w=1493&amp;ssl=1 1493w, https:\/\/i0.wp.com\/patrimoine-avesnois.fr\/chemin\/wp-content\/uploads\/2019\/07\/473_001.jpg?resize=300%2C204&amp;ssl=1 300w, https:\/\/i0.wp.com\/patrimoine-avesnois.fr\/chemin\/wp-content\/uploads\/2019\/07\/473_001.jpg?resize=768%2C522&amp;ssl=1 768w, https:\/\/i0.wp.com\/patrimoine-avesnois.fr\/chemin\/wp-content\/uploads\/2019\/07\/473_001.jpg?resize=1024%2C696&amp;ssl=1 1024w, https:\/\/i0.wp.com\/patrimoine-avesnois.fr\/chemin\/wp-content\/uploads\/2019\/07\/473_001.jpg?resize=1200%2C816&amp;ssl=1 1200w\" sizes=\"auto, (max-width: 709px) 85vw, (max-width: 909px) 67vw, (max-width: 1362px) 62vw, 840px\" \/><figcaption class=\"wp-element-caption\">\u00c9glise de Wattignies-la-Victoire et monument fun\u00e9raire au premier plan<\/figcaption><\/figure>\n<\/div>\n\n<div class=\"wp-block-image\">\n<figure class=\"aligncenter\"><img decoding=\"async\" src=\"https:\/\/upload.wikimedia.org\/wikipedia\/commons\/thumb\/8\/8f\/Eglise_Wattignies-la-Victoire_1.JPG\/1280px-Eglise_Wattignies-la-Victoire_1.JPG\" alt=\"\"\/><figcaption class=\"wp-element-caption\">L&rsquo;\u00e9glise de Wattignies-la-Victoire Photo <a rel=\"noreferrer noopener\" href=\"https:\/\/fr.wikipedia.org\/wiki\/Wattignies-la-Victoire\" target=\"_blank\">Wikip\u00e9dia<\/a><\/figcaption><\/figure>\n<\/div>\n\n<div class=\"wp-block-image\">\n<figure class=\"aligncenter\"><img decoding=\"async\" src=\"https:\/\/upload.wikimedia.org\/wikipedia\/commons\/thumb\/0\/04\/Eglise_Wattignies-la-Victoire_2.JPG\/1280px-Eglise_Wattignies-la-Victoire_2.JPG\" alt=\"\"\/><figcaption class=\"wp-element-caption\"><em>Le grand monument fun\u00e9raire avec l&rsquo;\u00e9glise en arri\u00e8re plan<\/em> Photo <a rel=\"noreferrer noopener\" href=\"https:\/\/fr.wikipedia.org\/wiki\/Wattignies-la-Victoire\" target=\"_blank\">Wikip\u00e9dia<\/a><\/figcaption><\/figure>\n<\/div>\n\n<div class=\"wp-block-image\">\n<figure class=\"aligncenter\"><img decoding=\"async\" src=\"https:\/\/upload.wikimedia.org\/wikipedia\/commons\/thumb\/d\/d0\/Wattignies-la-Victoire_%28Nord%2C_Fr%29_%C3%A9glise%2C_cot%C3%A9_nord.jpg\/1280px-Wattignies-la-Victoire_%28Nord%2C_Fr%29_%C3%A9glise%2C_cot%C3%A9_nord.jpg\" alt=\"Wattignies-la-Victoire (Nord, Fr) \u00c3\u00a9glise, cot\u00c3\u00a9 nord.jpg\"\/><figcaption class=\"wp-element-caption\">L&rsquo;\u00e9glise et son ancien cimeti\u00e8re<\/figcaption><\/figure>\n<\/div>\n\n\n<p class=\"wp-block-paragraph\">L&rsquo;\u00e9glise a \u00e9t\u00e9 b\u00e2tie au XV e et XVI e&nbsp;si\u00e8cle. Elle est d\u00e9di\u00e9e \u00e0 saint Guislain, l&rsquo;un des \u00e9v\u00eaques qui \u00e9vang\u00e9lisa le Hainaut et qui a la r\u00e9putation de prot\u00e9ger les petits enfants contre les convulsions. Elle est entour\u00e9e de son ancien cimeti\u00e8re qui a servi jusque dans les ann\u00e9es 1970. Un grand monument fun\u00e9raire (jouxtant l&rsquo;\u00e9glise) a \u00e9t\u00e9 r\u00e9nov\u00e9 par la commune au titre de la sauvegarde du patrimoine car il \u00e9tait \u00e0 l&rsquo;abandon.<\/p>\n\n\n<div class=\"wp-block-image\">\n<figure class=\"aligncenter is-resized\"><img loading=\"lazy\" decoding=\"async\" width=\"1608\" height=\"1014\" data-attachment-id=\"6888\" data-permalink=\"https:\/\/patrimoine-avesnois.fr\/chemin\/wattignies-la-victoire\/535_001\/\" data-orig-file=\"https:\/\/i0.wp.com\/patrimoine-avesnois.fr\/chemin\/wp-content\/uploads\/2019\/07\/535_001.jpg?fit=1608%2C1014&amp;ssl=1\" data-orig-size=\"1608,1014\" data-comments-opened=\"1\" data-image-meta=\"{&quot;aperture&quot;:&quot;0&quot;,&quot;credit&quot;:&quot;&quot;,&quot;camera&quot;:&quot;&quot;,&quot;caption&quot;:&quot;&quot;,&quot;created_timestamp&quot;:&quot;1561976188&quot;,&quot;copyright&quot;:&quot;&quot;,&quot;focal_length&quot;:&quot;0&quot;,&quot;iso&quot;:&quot;0&quot;,&quot;shutter_speed&quot;:&quot;0&quot;,&quot;title&quot;:&quot;&quot;,&quot;orientation&quot;:&quot;0&quot;}\" data-image-title=\"535_001\" data-image-description=\"\" data-image-caption=\"\" data-large-file=\"https:\/\/i0.wp.com\/patrimoine-avesnois.fr\/chemin\/wp-content\/uploads\/2019\/07\/535_001.jpg?fit=840%2C530&amp;ssl=1\" src=\"https:\/\/i1.wp.com\/patrimoine-avesnois.fr\/chemin\/wp-content\/uploads\/2019\/07\/535_001.jpg?fit=840%2C530\" alt=\"\" class=\"wp-image-6888\" style=\"width:630px;height:398px\" srcset=\"https:\/\/i0.wp.com\/patrimoine-avesnois.fr\/chemin\/wp-content\/uploads\/2019\/07\/535_001.jpg?w=1608&amp;ssl=1 1608w, https:\/\/i0.wp.com\/patrimoine-avesnois.fr\/chemin\/wp-content\/uploads\/2019\/07\/535_001.jpg?resize=300%2C189&amp;ssl=1 300w, https:\/\/i0.wp.com\/patrimoine-avesnois.fr\/chemin\/wp-content\/uploads\/2019\/07\/535_001.jpg?resize=768%2C484&amp;ssl=1 768w, https:\/\/i0.wp.com\/patrimoine-avesnois.fr\/chemin\/wp-content\/uploads\/2019\/07\/535_001.jpg?resize=1024%2C646&amp;ssl=1 1024w, https:\/\/i0.wp.com\/patrimoine-avesnois.fr\/chemin\/wp-content\/uploads\/2019\/07\/535_001.jpg?resize=1200%2C757&amp;ssl=1 1200w\" sizes=\"auto, (max-width: 709px) 85vw, (max-width: 909px) 67vw, (max-width: 1362px) 62vw, 840px\" \/><figcaption class=\"wp-element-caption\">Int\u00e9rieur de l&rsquo;\u00e9glise<\/figcaption><\/figure>\n<\/div>\n\n<div class=\"wp-block-image\">\n<figure class=\"aligncenter is-resized\"><img data-recalc-dims=\"1\" loading=\"lazy\" decoding=\"async\" width=\"368\" height=\"266\" data-attachment-id=\"6892\" data-permalink=\"https:\/\/patrimoine-avesnois.fr\/chemin\/wattignies-la-victoire\/capture-194\/\" data-orig-file=\"https:\/\/i0.wp.com\/patrimoine-avesnois.fr\/chemin\/wp-content\/uploads\/2019\/07\/Capture-1.jpg?fit=368%2C266&amp;ssl=1\" data-orig-size=\"368,266\" data-comments-opened=\"1\" data-image-meta=\"{&quot;aperture&quot;:&quot;0&quot;,&quot;credit&quot;:&quot;CARRE&quot;,&quot;camera&quot;:&quot;&quot;,&quot;caption&quot;:&quot;&quot;,&quot;created_timestamp&quot;:&quot;1561980352&quot;,&quot;copyright&quot;:&quot;&quot;,&quot;focal_length&quot;:&quot;0&quot;,&quot;iso&quot;:&quot;0&quot;,&quot;shutter_speed&quot;:&quot;0&quot;,&quot;title&quot;:&quot;&quot;,&quot;orientation&quot;:&quot;0&quot;}\" data-image-title=\"Capture\" data-image-description=\"\" data-image-caption=\"\" data-large-file=\"https:\/\/i0.wp.com\/patrimoine-avesnois.fr\/chemin\/wp-content\/uploads\/2019\/07\/Capture-1.jpg?fit=368%2C266&amp;ssl=1\" src=\"https:\/\/i0.wp.com\/patrimoine-avesnois.fr\/chemin\/wp-content\/uploads\/2019\/07\/Capture-1.jpg?resize=368%2C266\" alt=\"\" class=\"wp-image-6892\" style=\"width:476px;height:344px\" srcset=\"https:\/\/i0.wp.com\/patrimoine-avesnois.fr\/chemin\/wp-content\/uploads\/2019\/07\/Capture-1.jpg?w=368&amp;ssl=1 368w, https:\/\/i0.wp.com\/patrimoine-avesnois.fr\/chemin\/wp-content\/uploads\/2019\/07\/Capture-1.jpg?resize=300%2C217&amp;ssl=1 300w\" sizes=\"auto, (max-width: 368px) 85vw, 368px\" \/><figcaption class=\"wp-element-caption\">L&rsquo;autel<\/figcaption><\/figure>\n<\/div>\n\n<div class=\"wp-block-image\">\n<figure class=\"aligncenter is-resized\"><img data-recalc-dims=\"1\" loading=\"lazy\" decoding=\"async\" width=\"504\" height=\"705\" data-attachment-id=\"6889\" data-permalink=\"https:\/\/patrimoine-avesnois.fr\/chemin\/wattignies-la-victoire\/capture-193\/\" data-orig-file=\"https:\/\/i0.wp.com\/patrimoine-avesnois.fr\/chemin\/wp-content\/uploads\/2019\/07\/Capture.jpg?fit=504%2C705&amp;ssl=1\" data-orig-size=\"504,705\" data-comments-opened=\"1\" data-image-meta=\"{&quot;aperture&quot;:&quot;0&quot;,&quot;credit&quot;:&quot;CARRE&quot;,&quot;camera&quot;:&quot;&quot;,&quot;caption&quot;:&quot;&quot;,&quot;created_timestamp&quot;:&quot;1561979689&quot;,&quot;copyright&quot;:&quot;&quot;,&quot;focal_length&quot;:&quot;0&quot;,&quot;iso&quot;:&quot;0&quot;,&quot;shutter_speed&quot;:&quot;0&quot;,&quot;title&quot;:&quot;&quot;,&quot;orientation&quot;:&quot;0&quot;}\" data-image-title=\"Capture\" data-image-description=\"\" data-image-caption=\"\" data-large-file=\"https:\/\/i0.wp.com\/patrimoine-avesnois.fr\/chemin\/wp-content\/uploads\/2019\/07\/Capture.jpg?fit=504%2C705&amp;ssl=1\" src=\"https:\/\/i0.wp.com\/patrimoine-avesnois.fr\/chemin\/wp-content\/uploads\/2019\/07\/Capture.jpg?resize=504%2C705\" alt=\"\" class=\"wp-image-6889\" style=\"width:378px;height:529px\" srcset=\"https:\/\/i0.wp.com\/patrimoine-avesnois.fr\/chemin\/wp-content\/uploads\/2019\/07\/Capture.jpg?w=504&amp;ssl=1 504w, https:\/\/i0.wp.com\/patrimoine-avesnois.fr\/chemin\/wp-content\/uploads\/2019\/07\/Capture.jpg?resize=214%2C300&amp;ssl=1 214w\" sizes=\"auto, (max-width: 504px) 85vw, 504px\" \/><figcaption class=\"wp-element-caption\">Saint Guislain<\/figcaption><\/figure>\n<\/div>\n\n<div class=\"wp-block-image\">\n<figure class=\"aligncenter is-resized\"><img data-recalc-dims=\"1\" loading=\"lazy\" decoding=\"async\" width=\"505\" height=\"706\" data-attachment-id=\"6890\" data-permalink=\"https:\/\/patrimoine-avesnois.fr\/chemin\/wattignies-la-victoire\/capture1-78\/\" data-orig-file=\"https:\/\/i0.wp.com\/patrimoine-avesnois.fr\/chemin\/wp-content\/uploads\/2019\/07\/Capture1.jpg?fit=505%2C706&amp;ssl=1\" data-orig-size=\"505,706\" data-comments-opened=\"1\" data-image-meta=\"{&quot;aperture&quot;:&quot;0&quot;,&quot;credit&quot;:&quot;CARRE&quot;,&quot;camera&quot;:&quot;&quot;,&quot;caption&quot;:&quot;&quot;,&quot;created_timestamp&quot;:&quot;1561979736&quot;,&quot;copyright&quot;:&quot;&quot;,&quot;focal_length&quot;:&quot;0&quot;,&quot;iso&quot;:&quot;0&quot;,&quot;shutter_speed&quot;:&quot;0&quot;,&quot;title&quot;:&quot;&quot;,&quot;orientation&quot;:&quot;0&quot;}\" data-image-title=\"Capture1\" data-image-description=\"\" data-image-caption=\"\" data-large-file=\"https:\/\/i0.wp.com\/patrimoine-avesnois.fr\/chemin\/wp-content\/uploads\/2019\/07\/Capture1.jpg?fit=505%2C706&amp;ssl=1\" src=\"https:\/\/i0.wp.com\/patrimoine-avesnois.fr\/chemin\/wp-content\/uploads\/2019\/07\/Capture1.jpg?resize=505%2C706\" alt=\"\" class=\"wp-image-6890\" style=\"width:379px;height:530px\" srcset=\"https:\/\/i0.wp.com\/patrimoine-avesnois.fr\/chemin\/wp-content\/uploads\/2019\/07\/Capture1.jpg?w=505&amp;ssl=1 505w, https:\/\/i0.wp.com\/patrimoine-avesnois.fr\/chemin\/wp-content\/uploads\/2019\/07\/Capture1.jpg?resize=215%2C300&amp;ssl=1 215w\" sizes=\"auto, (max-width: 505px) 85vw, 505px\" \/><figcaption class=\"wp-element-caption\">Saint Jacques le Majeur<\/figcaption><\/figure>\n<\/div>\n\n<div class=\"wp-block-image\">\n<figure class=\"aligncenter is-resized\"><img data-recalc-dims=\"1\" loading=\"lazy\" decoding=\"async\" width=\"784\" height=\"989\" data-attachment-id=\"6891\" data-permalink=\"https:\/\/patrimoine-avesnois.fr\/chemin\/wattignies-la-victoire\/image-1026\/\" data-orig-file=\"https:\/\/i0.wp.com\/patrimoine-avesnois.fr\/chemin\/wp-content\/uploads\/2019\/07\/image.png?fit=784%2C989&amp;ssl=1\" data-orig-size=\"784,989\" data-comments-opened=\"1\" data-image-meta=\"{&quot;aperture&quot;:&quot;0&quot;,&quot;credit&quot;:&quot;&quot;,&quot;camera&quot;:&quot;&quot;,&quot;caption&quot;:&quot;&quot;,&quot;created_timestamp&quot;:&quot;0&quot;,&quot;copyright&quot;:&quot;&quot;,&quot;focal_length&quot;:&quot;0&quot;,&quot;iso&quot;:&quot;0&quot;,&quot;shutter_speed&quot;:&quot;0&quot;,&quot;title&quot;:&quot;&quot;,&quot;orientation&quot;:&quot;0&quot;}\" data-image-title=\"image\" data-image-description=\"\" data-image-caption=\"\" data-large-file=\"https:\/\/i0.wp.com\/patrimoine-avesnois.fr\/chemin\/wp-content\/uploads\/2019\/07\/image.png?fit=784%2C989&amp;ssl=1\" src=\"https:\/\/i0.wp.com\/patrimoine-avesnois.fr\/chemin\/wp-content\/uploads\/2019\/07\/image.png?resize=784%2C989\" alt=\"\" class=\"wp-image-6891\" style=\"width:379px;height:478px\" srcset=\"https:\/\/i0.wp.com\/patrimoine-avesnois.fr\/chemin\/wp-content\/uploads\/2019\/07\/image.png?w=784&amp;ssl=1 784w, https:\/\/i0.wp.com\/patrimoine-avesnois.fr\/chemin\/wp-content\/uploads\/2019\/07\/image.png?resize=238%2C300&amp;ssl=1 238w, https:\/\/i0.wp.com\/patrimoine-avesnois.fr\/chemin\/wp-content\/uploads\/2019\/07\/image.png?resize=768%2C969&amp;ssl=1 768w\" sizes=\"auto, (max-width: 784px) 85vw, 784px\" \/><figcaption class=\"wp-element-caption\">Le groupe sculpt\u00e9 : Sainte Anne, la Vierge, l&rsquo;Enfant J\u00e9sus  <\/figcaption><\/figure>\n<\/div>\n\n<div class=\"wp-block-image\">\n<figure class=\"aligncenter is-resized\"><img data-recalc-dims=\"1\" loading=\"lazy\" decoding=\"async\" width=\"324\" height=\"488\" data-attachment-id=\"6893\" data-permalink=\"https:\/\/patrimoine-avesnois.fr\/chemin\/wattignies-la-victoire\/fonts-baptismaux-xv\/\" data-orig-file=\"https:\/\/i0.wp.com\/patrimoine-avesnois.fr\/chemin\/wp-content\/uploads\/2019\/07\/Fonts-baptismaux-XV-.jpg?fit=324%2C488&amp;ssl=1\" data-orig-size=\"324,488\" data-comments-opened=\"1\" data-image-meta=\"{&quot;aperture&quot;:&quot;0&quot;,&quot;credit&quot;:&quot;CARRE&quot;,&quot;camera&quot;:&quot;&quot;,&quot;caption&quot;:&quot;&quot;,&quot;created_timestamp&quot;:&quot;1561980620&quot;,&quot;copyright&quot;:&quot;&quot;,&quot;focal_length&quot;:&quot;0&quot;,&quot;iso&quot;:&quot;0&quot;,&quot;shutter_speed&quot;:&quot;0&quot;,&quot;title&quot;:&quot;&quot;,&quot;orientation&quot;:&quot;0&quot;}\" data-image-title=\"Fonts baptismaux XV\" data-image-description=\"\" data-image-caption=\"\" data-large-file=\"https:\/\/i0.wp.com\/patrimoine-avesnois.fr\/chemin\/wp-content\/uploads\/2019\/07\/Fonts-baptismaux-XV-.jpg?fit=324%2C488&amp;ssl=1\" src=\"https:\/\/i0.wp.com\/patrimoine-avesnois.fr\/chemin\/wp-content\/uploads\/2019\/07\/Fonts-baptismaux-XV-.jpg?resize=324%2C488\" alt=\"\" class=\"wp-image-6893\" style=\"width:379px;height:570px\" srcset=\"https:\/\/i0.wp.com\/patrimoine-avesnois.fr\/chemin\/wp-content\/uploads\/2019\/07\/Fonts-baptismaux-XV-.jpg?w=324&amp;ssl=1 324w, https:\/\/i0.wp.com\/patrimoine-avesnois.fr\/chemin\/wp-content\/uploads\/2019\/07\/Fonts-baptismaux-XV-.jpg?resize=199%2C300&amp;ssl=1 199w\" sizes=\"auto, (max-width: 324px) 85vw, 324px\" \/><\/figure>\n<\/div>\n\n\n<p class=\"wp-block-paragraph\">On remarque \u00e0 l&rsquo;int\u00e9rieur de l&rsquo;\u00e9glise la chapelle et l&rsquo;autel; les statues de saint Guislain, saint Jacques le Majeur et le groupe sculpt\u00e9 : Sainte Anne, la Vierge, l&rsquo;Enfant J\u00e9sus qui sont du XVI e ainsi que les fonts baptismaux qui sont du XV e si\u00e8cle.<\/p>\n\n\n<div class=\"wp-block-image\">\n<figure class=\"aligncenter is-resized\"><img decoding=\"async\" src=\"https:\/\/upload.wikimedia.org\/wikipedia\/commons\/thumb\/8\/80\/Mairie_Wattignies-la-Victoire.JPG\/1280px-Mairie_Wattignies-la-Victoire.JPG\" alt=\"Wattignies-la-Victoire\" style=\"width:640px;height:480px\"\/><figcaption class=\"wp-element-caption\">La mairie et <a aria-label=\"son site internet (opens in a new tab)\" rel=\"noreferrer noopener\" href=\"http:\/\/www.wattignieslavictoire.fr\/\" target=\"_blank\">son site internet<\/a>  Photo <a href=\"https:\/\/fr.wikipedia.org\/wiki\/Wattignies-la-Victoire\" target=\"_blank\" rel=\"noreferrer noopener\">Wikip\u00e9dia<\/a><\/figcaption><\/figure>\n<\/div>\n\n\n<p class=\"wp-block-paragraph\">Dans la mairie :<\/p>\n\n\n\n<ul class=\"wp-block-list\">\n<li>Vestiges gallo-romains :<\/li>\n<\/ul>\n\n\n\n<figure class=\"wp-block-gallery aligncenter has-nested-images columns-default is-cropped wp-block-gallery-1 is-layout-flex wp-block-gallery-is-layout-flex\">\n<figure class=\"wp-block-image size-large\"><img data-recalc-dims=\"1\" loading=\"lazy\" decoding=\"async\" width=\"290\" height=\"194\" data-attachment-id=\"6904\" data-permalink=\"https:\/\/patrimoine-avesnois.fr\/chemin\/wattignies-la-victoire\/3f06423699\/\" data-orig-file=\"https:\/\/i0.wp.com\/patrimoine-avesnois.fr\/chemin\/wp-content\/uploads\/2019\/07\/3f06423699.jpg?fit=290%2C194&amp;ssl=1\" data-orig-size=\"290,194\" data-comments-opened=\"1\" data-image-meta=\"{&quot;aperture&quot;:&quot;0&quot;,&quot;credit&quot;:&quot;&quot;,&quot;camera&quot;:&quot;&quot;,&quot;caption&quot;:&quot;&quot;,&quot;created_timestamp&quot;:&quot;0&quot;,&quot;copyright&quot;:&quot;&quot;,&quot;focal_length&quot;:&quot;0&quot;,&quot;iso&quot;:&quot;0&quot;,&quot;shutter_speed&quot;:&quot;0&quot;,&quot;title&quot;:&quot;&quot;,&quot;orientation&quot;:&quot;0&quot;}\" data-image-title=\"3f06423699\" data-image-description=\"\" data-image-caption=\"\" data-large-file=\"https:\/\/i0.wp.com\/patrimoine-avesnois.fr\/chemin\/wp-content\/uploads\/2019\/07\/3f06423699.jpg?fit=290%2C194&amp;ssl=1\" data-id=\"6904\" src=\"https:\/\/i0.wp.com\/patrimoine-avesnois.fr\/chemin\/wp-content\/uploads\/2019\/07\/3f06423699.jpg?resize=290%2C194&#038;ssl=1\" alt=\"\" class=\"wp-image-6904\"\/><figcaption class=\"wp-element-caption\">Photo Mairie<\/figcaption><\/figure>\n\n\n\n<figure class=\"wp-block-image size-large\"><img data-recalc-dims=\"1\" loading=\"lazy\" decoding=\"async\" width=\"290\" height=\"194\" data-attachment-id=\"6905\" data-permalink=\"https:\/\/patrimoine-avesnois.fr\/chemin\/wattignies-la-victoire\/8cccffd2ec\/\" data-orig-file=\"https:\/\/i0.wp.com\/patrimoine-avesnois.fr\/chemin\/wp-content\/uploads\/2019\/07\/8cccffd2ec.jpg?fit=290%2C194&amp;ssl=1\" data-orig-size=\"290,194\" data-comments-opened=\"1\" data-image-meta=\"{&quot;aperture&quot;:&quot;0&quot;,&quot;credit&quot;:&quot;&quot;,&quot;camera&quot;:&quot;&quot;,&quot;caption&quot;:&quot;&quot;,&quot;created_timestamp&quot;:&quot;0&quot;,&quot;copyright&quot;:&quot;&quot;,&quot;focal_length&quot;:&quot;0&quot;,&quot;iso&quot;:&quot;0&quot;,&quot;shutter_speed&quot;:&quot;0&quot;,&quot;title&quot;:&quot;&quot;,&quot;orientation&quot;:&quot;0&quot;}\" data-image-title=\"8cccffd2ec\" data-image-description=\"\" data-image-caption=\"\" data-large-file=\"https:\/\/i0.wp.com\/patrimoine-avesnois.fr\/chemin\/wp-content\/uploads\/2019\/07\/8cccffd2ec.jpg?fit=290%2C194&amp;ssl=1\" data-id=\"6905\" src=\"https:\/\/i0.wp.com\/patrimoine-avesnois.fr\/chemin\/wp-content\/uploads\/2019\/07\/8cccffd2ec.jpg?resize=290%2C194&#038;ssl=1\" alt=\"\" class=\"wp-image-6905\"\/><figcaption class=\"wp-element-caption\">photo Mairie<\/figcaption><\/figure>\n<\/figure>\n\n\n\n<figure class=\"wp-block-gallery aligncenter has-nested-images columns-default is-cropped wp-block-gallery-2 is-layout-flex wp-block-gallery-is-layout-flex\">\n<figure class=\"wp-block-image size-large\"><img data-recalc-dims=\"1\" loading=\"lazy\" decoding=\"async\" width=\"614\" height=\"410\" data-attachment-id=\"6906\" data-permalink=\"https:\/\/patrimoine-avesnois.fr\/chemin\/wattignies-la-victoire\/e629ddb9a8\/\" data-orig-file=\"https:\/\/i0.wp.com\/patrimoine-avesnois.fr\/chemin\/wp-content\/uploads\/2019\/07\/e629ddb9a8.jpg?fit=614%2C410&amp;ssl=1\" data-orig-size=\"614,410\" data-comments-opened=\"1\" data-image-meta=\"{&quot;aperture&quot;:&quot;0&quot;,&quot;credit&quot;:&quot;&quot;,&quot;camera&quot;:&quot;&quot;,&quot;caption&quot;:&quot;&quot;,&quot;created_timestamp&quot;:&quot;0&quot;,&quot;copyright&quot;:&quot;&quot;,&quot;focal_length&quot;:&quot;0&quot;,&quot;iso&quot;:&quot;0&quot;,&quot;shutter_speed&quot;:&quot;0&quot;,&quot;title&quot;:&quot;&quot;,&quot;orientation&quot;:&quot;0&quot;}\" data-image-title=\"e629ddb9a8\" data-image-description=\"\" data-image-caption=\"\" data-large-file=\"https:\/\/i0.wp.com\/patrimoine-avesnois.fr\/chemin\/wp-content\/uploads\/2019\/07\/e629ddb9a8.jpg?fit=614%2C410&amp;ssl=1\" data-id=\"6906\" src=\"https:\/\/i0.wp.com\/patrimoine-avesnois.fr\/chemin\/wp-content\/uploads\/2019\/07\/e629ddb9a8.jpg?resize=614%2C410&#038;ssl=1\" alt=\"\" class=\"wp-image-6906\" srcset=\"https:\/\/i0.wp.com\/patrimoine-avesnois.fr\/chemin\/wp-content\/uploads\/2019\/07\/e629ddb9a8.jpg?w=614&amp;ssl=1 614w, https:\/\/i0.wp.com\/patrimoine-avesnois.fr\/chemin\/wp-content\/uploads\/2019\/07\/e629ddb9a8.jpg?resize=300%2C200&amp;ssl=1 300w\" sizes=\"auto, (max-width: 614px) 85vw, 614px\" \/><figcaption class=\"wp-element-caption\">Photo Mairie<\/figcaption><\/figure>\n<\/figure>\n\n\n<div class=\"wp-block-image\">\n<figure class=\"aligncenter\"><img data-recalc-dims=\"1\" loading=\"lazy\" decoding=\"async\" width=\"348\" height=\"592\" data-attachment-id=\"6912\" data-permalink=\"https:\/\/patrimoine-avesnois.fr\/chemin\/wattignies-la-victoire\/image-1028\/\" data-orig-file=\"https:\/\/i0.wp.com\/patrimoine-avesnois.fr\/chemin\/wp-content\/uploads\/2019\/07\/image-2.png?fit=348%2C592&amp;ssl=1\" data-orig-size=\"348,592\" data-comments-opened=\"1\" data-image-meta=\"{&quot;aperture&quot;:&quot;0&quot;,&quot;credit&quot;:&quot;&quot;,&quot;camera&quot;:&quot;&quot;,&quot;caption&quot;:&quot;&quot;,&quot;created_timestamp&quot;:&quot;0&quot;,&quot;copyright&quot;:&quot;&quot;,&quot;focal_length&quot;:&quot;0&quot;,&quot;iso&quot;:&quot;0&quot;,&quot;shutter_speed&quot;:&quot;0&quot;,&quot;title&quot;:&quot;&quot;,&quot;orientation&quot;:&quot;0&quot;}\" data-image-title=\"image\" data-image-description=\"\" data-image-caption=\"\" data-large-file=\"https:\/\/i0.wp.com\/patrimoine-avesnois.fr\/chemin\/wp-content\/uploads\/2019\/07\/image-2.png?fit=348%2C592&amp;ssl=1\" src=\"https:\/\/i0.wp.com\/patrimoine-avesnois.fr\/chemin\/wp-content\/uploads\/2019\/07\/image-2.png?resize=348%2C592\" alt=\"\" class=\"wp-image-6912\" srcset=\"https:\/\/i0.wp.com\/patrimoine-avesnois.fr\/chemin\/wp-content\/uploads\/2019\/07\/image-2.png?w=348&amp;ssl=1 348w, https:\/\/i0.wp.com\/patrimoine-avesnois.fr\/chemin\/wp-content\/uploads\/2019\/07\/image-2.png?resize=176%2C300&amp;ssl=1 176w\" sizes=\"auto, (max-width: 348px) 85vw, 348px\" \/><\/figure>\n<\/div>\n\n\n<p class=\"wp-block-paragraph\">Des vestiges de 25 tombes \u00e0 incin\u00e9ration Gallo-Romaines dat\u00e9s entre 50 et 150 apr\u00e8s J-C  furent retrouv\u00e9s en Mars 1978 par Mr Delsaut lors de travaux de drainage dans ses prairies. Il s&rsquo;agit principalement de pots et de quelques objets m\u00e9talliques. Ces objets furent l\u00e9gu\u00e9s \u00e0 la Mairie \u00e0 titre posthume par le fils Mr Delsaut. Source Mairie<\/p>\n\n\n\n<ul class=\"wp-block-list\">\n<li>Mus\u00e9e de <a aria-label=\"la bataille (opens in a new tab)\" href=\"http:\/\/www.wattignieslavictoire.fr\/patrimoine\/la-bataille-de-wattignies\/\" target=\"_blank\" rel=\"noreferrer noopener\">la bataille<\/a><\/li>\n<\/ul>\n\n\n<div class=\"wp-block-image\">\n<figure class=\"aligncenter is-resized\"><img data-recalc-dims=\"1\" loading=\"lazy\" decoding=\"async\" width=\"577\" height=\"453\" data-attachment-id=\"10485\" data-permalink=\"https:\/\/patrimoine-avesnois.fr\/chemin\/wattignies-la-victoire\/image-1743\/\" data-orig-file=\"https:\/\/i0.wp.com\/patrimoine-avesnois.fr\/chemin\/wp-content\/uploads\/2020\/04\/image-73.png?fit=577%2C453&amp;ssl=1\" data-orig-size=\"577,453\" data-comments-opened=\"1\" data-image-meta=\"{&quot;aperture&quot;:&quot;0&quot;,&quot;credit&quot;:&quot;&quot;,&quot;camera&quot;:&quot;&quot;,&quot;caption&quot;:&quot;&quot;,&quot;created_timestamp&quot;:&quot;0&quot;,&quot;copyright&quot;:&quot;&quot;,&quot;focal_length&quot;:&quot;0&quot;,&quot;iso&quot;:&quot;0&quot;,&quot;shutter_speed&quot;:&quot;0&quot;,&quot;title&quot;:&quot;&quot;,&quot;orientation&quot;:&quot;0&quot;}\" data-image-title=\"image\" data-image-description=\"\" data-image-caption=\"\" data-large-file=\"https:\/\/i0.wp.com\/patrimoine-avesnois.fr\/chemin\/wp-content\/uploads\/2020\/04\/image-73.png?fit=577%2C453&amp;ssl=1\" src=\"https:\/\/i0.wp.com\/patrimoine-avesnois.fr\/chemin\/wp-content\/uploads\/2020\/04\/image-73.png?resize=577%2C453\" alt=\"\" class=\"wp-image-10485\" style=\"width:565px;height:443px\" srcset=\"https:\/\/i0.wp.com\/patrimoine-avesnois.fr\/chemin\/wp-content\/uploads\/2020\/04\/image-73.png?w=577&amp;ssl=1 577w, https:\/\/i0.wp.com\/patrimoine-avesnois.fr\/chemin\/wp-content\/uploads\/2020\/04\/image-73.png?resize=300%2C236&amp;ssl=1 300w\" sizes=\"auto, (max-width: 577px) 85vw, 577px\" \/><figcaption class=\"wp-element-caption\">Mus\u00e9e de la bataille de Wattignies la Victoire<br><\/figcaption><\/figure>\n<\/div>\n\n\n<p class=\"wp-block-paragraph\">Un petit mus\u00e9e expliquant la bataille peut \u00eatre visit\u00e9 gratuitement sur rendez-vous \u00e0 la mairie du village.<\/p>\n\n\n<div class=\"wp-block-image\">\n<figure class=\"aligncenter is-resized\"><img decoding=\"async\" src=\"https:\/\/upload.wikimedia.org\/wikipedia\/commons\/thumb\/8\/8f\/Wattignies-la-Victoire_%28Nord%2C_Fr%29_%C3%A9cole.jpg\/1280px-Wattignies-la-Victoire_%28Nord%2C_Fr%29_%C3%A9cole.jpg\" alt=\"Wattignies-la-Victoire (Nord, Fr) \u00c3\u00a9cole.jpg\" style=\"width:640px;height:480px\"\/><figcaption class=\"wp-element-caption\">L&rsquo;\u00e9cole<\/figcaption><\/figure>\n<\/div>\n\n\n<p class=\"wp-block-paragraph\"><\/p>\n\n\n<div class=\"wp-block-image\">\n<figure class=\"aligncenter size-full\"><img data-recalc-dims=\"1\" loading=\"lazy\" decoding=\"async\" width=\"439\" height=\"553\" data-attachment-id=\"28600\" data-permalink=\"https:\/\/patrimoine-avesnois.fr\/chemin\/wattignies-la-victoire\/image-3195\/\" data-orig-file=\"https:\/\/i0.wp.com\/patrimoine-avesnois.fr\/chemin\/wp-content\/uploads\/2026\/08\/image-42.png?fit=439%2C553&amp;ssl=1\" data-orig-size=\"439,553\" data-comments-opened=\"1\" data-image-meta=\"{&quot;aperture&quot;:&quot;0&quot;,&quot;credit&quot;:&quot;&quot;,&quot;camera&quot;:&quot;&quot;,&quot;caption&quot;:&quot;&quot;,&quot;created_timestamp&quot;:&quot;0&quot;,&quot;copyright&quot;:&quot;&quot;,&quot;focal_length&quot;:&quot;0&quot;,&quot;iso&quot;:&quot;0&quot;,&quot;shutter_speed&quot;:&quot;0&quot;,&quot;title&quot;:&quot;&quot;,&quot;orientation&quot;:&quot;0&quot;,&quot;alt&quot;:&quot;&quot;}\" data-image-title=\"image\" data-image-description=\"\" data-image-caption=\"\" data-large-file=\"https:\/\/i0.wp.com\/patrimoine-avesnois.fr\/chemin\/wp-content\/uploads\/2026\/08\/image-42.png?fit=439%2C553&amp;ssl=1\" src=\"https:\/\/i0.wp.com\/patrimoine-avesnois.fr\/chemin\/wp-content\/uploads\/2026\/08\/image-42.png?resize=439%2C553&#038;ssl=1\" alt=\"\" class=\"wp-image-28600\" srcset=\"https:\/\/i0.wp.com\/patrimoine-avesnois.fr\/chemin\/wp-content\/uploads\/2026\/08\/image-42.png?w=439&amp;ssl=1 439w, https:\/\/i0.wp.com\/patrimoine-avesnois.fr\/chemin\/wp-content\/uploads\/2026\/08\/image-42.png?resize=238%2C300&amp;ssl=1 238w\" sizes=\"auto, (max-width: 439px) 85vw, 439px\" \/><figcaption class=\"wp-element-caption\">Wattignies la Victoire : sur le mur de l&rsquo;\u00e9cole, plaquette morts 1914-1918<\/figcaption><\/figure>\n<\/div>\n\n\n<p class=\"wp-block-paragraph\"><\/p>\n\n\n<div class=\"wp-block-image\">\n<figure class=\"aligncenter size-full is-resized\"><img data-recalc-dims=\"1\" loading=\"lazy\" decoding=\"async\" width=\"387\" height=\"509\" data-attachment-id=\"28604\" data-permalink=\"https:\/\/patrimoine-avesnois.fr\/chemin\/wattignies-la-victoire\/image-3197\/\" data-orig-file=\"https:\/\/i0.wp.com\/patrimoine-avesnois.fr\/chemin\/wp-content\/uploads\/2026\/08\/image-44.png?fit=387%2C509&amp;ssl=1\" data-orig-size=\"387,509\" data-comments-opened=\"1\" data-image-meta=\"{&quot;aperture&quot;:&quot;0&quot;,&quot;credit&quot;:&quot;&quot;,&quot;camera&quot;:&quot;&quot;,&quot;caption&quot;:&quot;&quot;,&quot;created_timestamp&quot;:&quot;0&quot;,&quot;copyright&quot;:&quot;&quot;,&quot;focal_length&quot;:&quot;0&quot;,&quot;iso&quot;:&quot;0&quot;,&quot;shutter_speed&quot;:&quot;0&quot;,&quot;title&quot;:&quot;&quot;,&quot;orientation&quot;:&quot;0&quot;,&quot;alt&quot;:&quot;&quot;}\" data-image-title=\"image\" data-image-description=\"\" data-image-caption=\"\" data-large-file=\"https:\/\/i0.wp.com\/patrimoine-avesnois.fr\/chemin\/wp-content\/uploads\/2026\/08\/image-44.png?fit=387%2C509&amp;ssl=1\" src=\"https:\/\/i0.wp.com\/patrimoine-avesnois.fr\/chemin\/wp-content\/uploads\/2026\/08\/image-44.png?resize=387%2C509&#038;ssl=1\" alt=\"\" class=\"wp-image-28604\" style=\"width:477px;height:auto\" srcset=\"https:\/\/i0.wp.com\/patrimoine-avesnois.fr\/chemin\/wp-content\/uploads\/2026\/08\/image-44.png?w=387&amp;ssl=1 387w, https:\/\/i0.wp.com\/patrimoine-avesnois.fr\/chemin\/wp-content\/uploads\/2026\/08\/image-44.png?resize=228%2C300&amp;ssl=1 228w\" sizes=\"auto, (max-width: 387px) 85vw, 387px\" \/><figcaption class=\"wp-element-caption\">Le kiosque \u00e0 danser<\/figcaption><\/figure>\n<\/div>\n\n\n<p class=\"wp-block-paragraph\"><\/p>\n\n\n\n<p class=\"wp-block-paragraph\">Le kiosque \u00e0 danser circulaire sans toit a \u00e9t\u00e9 construit en 1873 par les Etablissements Paradis \u00e0 Hautmont et inaugur\u00e9 le 29 juin de la m\u00eame ann\u00e9e par la Jeunesse de Sars-Poteries. <\/p>\n\n\n\n<p class=\"wp-block-paragraph\">Il a \u00e9t\u00e9 r\u00e9nov\u00e9 par des villageois en 2002.<\/p>\n\n\n\n<p class=\"has-text-align-center wp-block-paragraph\">***<\/p>\n\n\n\n<p class=\"has-medium-font-size wp-block-paragraph\"><strong>La bataille de Wattignies :<\/strong><\/p>\n\n\n\n<p class=\"wp-block-paragraph\">Le nom de Bataille de Wattignies d\u00e9signe en r\u00e9alit\u00e9 l\u2019ensemble des combats s\u2019\u00e9tant d\u00e9roul\u00e9s sur deux jours, du 15 au 16 octobre 1793, pour lever le blocus autrichien de la ville de Maubeuge, assi\u00e9g\u00e9e depuis le 30 septembre. La chute de Maubeuge aurait ouvert la route de Paris aux arm\u00e9es coalis\u00e9es : l\u2019enjeu \u00e9tait vital pour la R\u00e9publique.<\/p>\n\n\n\n<p class=\"wp-block-paragraph\">Le 15 octobre est marqu\u00e9 par une d\u00e9faite fran\u00e7aise \u00e0 Dourlers, tandis que le 16 octobre voit la victoire d\u00e9cisive de l\u2019arm\u00e9e r\u00e9publicaine \u00e0 Wattignies. Globalement, la bataille se d\u00e9roule sur un front d\u2019environ 30 km, de Monceau-Saint-Waast \u00e0 l\u2019ouest jusqu\u2019\u00e0 Beaumont (Belgique actuelle) \u00e0 l\u2019est, avec des combats \u00e0 Saint-R\u00e9my-Chauss\u00e9e, Monceau-Saint-Waast, Obrechies et Qui\u00e9velon.<\/p>\n\n\n\n<p class=\"wp-block-paragraph\">Carnot, envoy\u00e9 par le Comit\u00e9 de Salut Public, r\u00e9organise les divisions et impose une strat\u00e9gie nouvelle : concentrer les forces sur un point unique. Le 16 octobre, les troupes du g\u00e9n\u00e9ral Duquesnoy escaladent \u00e0 l\u2019aube le plateau dominant Wattignies, position strat\u00e9gique fortement d\u00e9fendue par l\u2019\u00e9lite autrichienne du prince de Cobourg, appuy\u00e9e par le r\u00e9giment de Royal-Bourbon compos\u00e9 de Fran\u00e7ais \u00e9migr\u00e9s.<\/p>\n\n\n\n<p class=\"wp-block-paragraph\">Le village de Wattignies est pris et repris trois fois \u00e0 la ba\u00efonnette. Les pertes sont lourdes et l\u2019issue incertaine : le g\u00e9n\u00e9ral Gratien, voyant ses hommes d\u00e9band\u00e9s, ordonne la retraite. Carnot le destitue sur-le-champ, rallie les troupes et impose l\u2019assaut final. Cette man\u0153uvre d\u00e9cisive permet la victoire et contraint les Autrichiens \u00e0 lever le si\u00e8ge de Maubeuge le 17 octobre.<\/p>\n\n\n\n<p class=\"wp-block-paragraph\"><br><\/p>\n\n\n<div class=\"wp-block-image\">\n<figure class=\"aligncenter size-full is-resized\"><img data-recalc-dims=\"1\" loading=\"lazy\" decoding=\"async\" width=\"387\" height=\"516\" data-attachment-id=\"28608\" data-permalink=\"https:\/\/patrimoine-avesnois.fr\/chemin\/wattignies-la-victoire\/image-3201\/\" data-orig-file=\"https:\/\/i0.wp.com\/patrimoine-avesnois.fr\/chemin\/wp-content\/uploads\/2026\/08\/image-48.png?fit=387%2C516&amp;ssl=1\" data-orig-size=\"387,516\" data-comments-opened=\"1\" data-image-meta=\"{&quot;aperture&quot;:&quot;0&quot;,&quot;credit&quot;:&quot;&quot;,&quot;camera&quot;:&quot;&quot;,&quot;caption&quot;:&quot;&quot;,&quot;created_timestamp&quot;:&quot;0&quot;,&quot;copyright&quot;:&quot;&quot;,&quot;focal_length&quot;:&quot;0&quot;,&quot;iso&quot;:&quot;0&quot;,&quot;shutter_speed&quot;:&quot;0&quot;,&quot;title&quot;:&quot;&quot;,&quot;orientation&quot;:&quot;0&quot;,&quot;alt&quot;:&quot;&quot;}\" data-image-title=\"image\" data-image-description=\"\" data-image-caption=\"\" data-large-file=\"https:\/\/i0.wp.com\/patrimoine-avesnois.fr\/chemin\/wp-content\/uploads\/2026\/08\/image-48.png?fit=387%2C516&amp;ssl=1\" src=\"https:\/\/i0.wp.com\/patrimoine-avesnois.fr\/chemin\/wp-content\/uploads\/2026\/08\/image-48.png?resize=387%2C516&#038;ssl=1\" alt=\"\" class=\"wp-image-28608\" style=\"width:425px;height:auto\" srcset=\"https:\/\/i0.wp.com\/patrimoine-avesnois.fr\/chemin\/wp-content\/uploads\/2026\/08\/image-48.png?w=387&amp;ssl=1 387w, https:\/\/i0.wp.com\/patrimoine-avesnois.fr\/chemin\/wp-content\/uploads\/2026\/08\/image-48.png?resize=225%2C300&amp;ssl=1 225w\" sizes=\"auto, (max-width: 387px) 85vw, 387px\" \/><figcaption class=\"wp-element-caption\">La colonne comm\u00e9morant <a aria-label=\"la bataille de Wattignies (opens in a new tab)\" href=\"https:\/\/fr.wikipedia.org\/wiki\/Bataille_de_Wattignies\" target=\"_blank\" rel=\"noreferrer noopener\">la bataille de Wattignies<\/a> <\/figcaption><\/figure>\n<\/div>\n\n\n<p class=\"wp-block-paragraph\"><\/p>\n\n\n\n<p class=\"has-text-align-left wp-block-paragraph\">Cette colonne a \u00e9t\u00e9 inaugur\u00e9e en 1893 pour le centenaire de la bataille de Wattignies.<\/p>\n\n\n\n<p class=\"wp-block-paragraph\"><\/p>\n\n\n<div class=\"wp-block-image\">\n<figure class=\"aligncenter is-resized\"><img decoding=\"async\" src=\"https:\/\/upload.wikimedia.org\/wikipedia\/commons\/thumb\/e\/ea\/Wattignies-la-Victoire_%28Nord%2C_Fr%29_monument_aux_morts.jpg\/1280px-Wattignies-la-Victoire_%28Nord%2C_Fr%29_monument_aux_morts.jpg\" alt=\"Wattignies-la-Victoire (Nord, Fr) monument aux morts.jpg\" style=\"aspect-ratio:1.3125;width:570px;height:auto\"\/><figcaption class=\"wp-element-caption\">le Monument aux Morts rue du Plantis Photo<a href=\"https:\/\/commons.wikimedia.org\/wiki\/File:Wattignies-la-Victoire_(Nord,_Fr)_monument_aux_morts.jpg?uselang=fr\" target=\"_blank\" rel=\"noreferrer noopener\"> wikimedia.org<\/a><\/figcaption><\/figure>\n<\/div>\n\n\n<p class=\"wp-block-paragraph\">Cette st\u00e8le comm\u00e9morative a \u00e9t\u00e9 \u00e9difi\u00e9e en l&rsquo;honneur des Wattegniens d\u00e9c\u00e9d\u00e9s durant les deux conflits mondiaux 14-18 et 39-45.<\/p>\n\n\n\n<p class=\"wp-block-paragraph\"><\/p>\n\n\n<div class=\"wp-block-image\">\n<figure class=\"aligncenter size-full is-resized\"><img data-recalc-dims=\"1\" loading=\"lazy\" decoding=\"async\" width=\"349\" height=\"473\" data-attachment-id=\"28605\" data-permalink=\"https:\/\/patrimoine-avesnois.fr\/chemin\/wattignies-la-victoire\/image-3198\/\" data-orig-file=\"https:\/\/i0.wp.com\/patrimoine-avesnois.fr\/chemin\/wp-content\/uploads\/2026\/08\/image-45.png?fit=349%2C473&amp;ssl=1\" data-orig-size=\"349,473\" data-comments-opened=\"1\" data-image-meta=\"{&quot;aperture&quot;:&quot;0&quot;,&quot;credit&quot;:&quot;&quot;,&quot;camera&quot;:&quot;&quot;,&quot;caption&quot;:&quot;&quot;,&quot;created_timestamp&quot;:&quot;0&quot;,&quot;copyright&quot;:&quot;&quot;,&quot;focal_length&quot;:&quot;0&quot;,&quot;iso&quot;:&quot;0&quot;,&quot;shutter_speed&quot;:&quot;0&quot;,&quot;title&quot;:&quot;&quot;,&quot;orientation&quot;:&quot;0&quot;,&quot;alt&quot;:&quot;&quot;}\" data-image-title=\"image\" data-image-description=\"\" data-image-caption=\"\" data-large-file=\"https:\/\/i0.wp.com\/patrimoine-avesnois.fr\/chemin\/wp-content\/uploads\/2026\/08\/image-45.png?fit=349%2C473&amp;ssl=1\" src=\"https:\/\/i0.wp.com\/patrimoine-avesnois.fr\/chemin\/wp-content\/uploads\/2026\/08\/image-45.png?resize=349%2C473&#038;ssl=1\" alt=\"\" class=\"wp-image-28605\" style=\"width:433px;height:auto\" srcset=\"https:\/\/i0.wp.com\/patrimoine-avesnois.fr\/chemin\/wp-content\/uploads\/2026\/08\/image-45.png?w=349&amp;ssl=1 349w, https:\/\/i0.wp.com\/patrimoine-avesnois.fr\/chemin\/wp-content\/uploads\/2026\/08\/image-45.png?resize=221%2C300&amp;ssl=1 221w\" sizes=\"auto, (max-width: 349px) 85vw, 349px\" \/><figcaption class=\"wp-element-caption\">M\u00e9morial aviateurs RAF, pr\u00e8s de l&rsquo;\u00e9glise. Photo <a href=\"https:\/\/commons.wikimedia.org\/wiki\/File:Wattignies-la-Victoire_(Nord,_Fr)_m%C3%A9morial_aviateurs_RAF.jpg?uselang=fr\" target=\"_blank\" rel=\"noreferrer noopener\">wikimedia.org<\/a><\/figcaption><\/figure>\n<\/div>\n\n\n<p class=\"wp-block-paragraph\"><\/p>\n\n\n\n<p class=\"wp-block-paragraph\">Ce monument est d\u00e9di\u00e9 aux \u00e9quipages de bombardiers Anglais qui se sont \u00e9cras\u00e9s aux abords du village le 10 Mars 1943 et le 14 Juillet 1943. <br>Le monument a \u00e9t\u00e9 inaugur\u00e9 en 1993 en pr\u00e9sence d&rsquo;officiels Fran\u00e7ais et Anglais lors des c\u00e9l\u00e9brations du bicentenaire de la bataille de Wattignies. Source Mairie<\/p>\n\n\n<div class=\"wp-block-image is-resized\">\n<figure class=\"aligncenter\"><img decoding=\"async\" src=\"http:\/\/i2.wp.com\/www.calvaires-avesnois.fr\/wp-content\/uploads\/2016\/09\/7.Wattignies-la-Victoire-Calvaire-rue-de-la0D0A-Grangette.jpg?resize=385%2C513\" alt=\"\"\/><figcaption class=\"wp-element-caption\">Calvaire rue de la Grangette. <\/figcaption><\/figure>\n<\/div>\n\n\n<p class=\"wp-block-paragraph\"><\/p>\n\n\n<div class=\"wp-block-image\">\n<figure class=\"aligncenter\"><img data-recalc-dims=\"1\" height=\"572\" width=\"840\" decoding=\"async\" src=\"https:\/\/i0.wp.com\/oratoiresetchapelles-avesnois.fr\/wp-content\/uploads\/2016\/12\/Capturer2-Copie-Copie-1024x697.jpg?resize=840%2C572\" alt=\"\" class=\"wp-image-1336\"\/><figcaption class=\"wp-element-caption\">4 oratoires et 1 chapelle \u00e0 Wattignies-la-Victoire<\/figcaption><\/figure>\n<\/div>\n\n\n<p class=\"wp-block-paragraph\"><\/p>\n\n\n<div class=\"wp-block-image is-resized\">\n<figure class=\"aligncenter\"><img data-recalc-dims=\"1\" height=\"1024\" width=\"768\" decoding=\"async\" data-attachment-id=\"1232\" data-permalink=\"https:\/\/patrimoine-avesnois.fr\/chemin\/etroeungt\/image-260\/\" data-orig-file=\"https:\/\/i0.wp.com\/patrimoine-avesnois.fr\/chemin\/wp-content\/uploads\/2019\/04\/image-238.png?fit=799%2C800&amp;ssl=1\" data-orig-size=\"799,800\" data-comments-opened=\"1\" data-image-meta=\"{&quot;aperture&quot;:&quot;0&quot;,&quot;credit&quot;:&quot;&quot;,&quot;camera&quot;:&quot;&quot;,&quot;caption&quot;:&quot;&quot;,&quot;created_timestamp&quot;:&quot;0&quot;,&quot;copyright&quot;:&quot;&quot;,&quot;focal_length&quot;:&quot;0&quot;,&quot;iso&quot;:&quot;0&quot;,&quot;shutter_speed&quot;:&quot;0&quot;,&quot;title&quot;:&quot;&quot;,&quot;orientation&quot;:&quot;0&quot;}\" data-image-title=\"image\" data-image-description=\"\" data-image-caption=\"\" data-large-file=\"https:\/\/i0.wp.com\/patrimoine-avesnois.fr\/chemin\/wp-content\/uploads\/2019\/04\/image-238.png?fit=799%2C800&amp;ssl=1\" src=\"https:\/\/i0.wp.com\/oratoiresetchapelles-avesnois.fr\/wp-content\/uploads\/2016\/12\/4.Wattignies-la-Victoire-ND-de-Bonsecours-1723-rue-du0D0A-Stordoir-768x1024.jpg?resize=768%2C1024\" alt=\"Oratoire N.D de Bon Secours (1723)\" class=\"wp-image-1232\"\/><figcaption class=\"wp-element-caption\">Oratoire N.D de Bon Secours (1723)<\/figcaption><\/figure>\n<\/div>\n\n\n<p class=\"wp-block-paragraph\"><\/p>\n\n\n\n<p class=\"wp-block-paragraph\">Oratoire N.D de Bon Secours rue du Stordoir face au moulin. Le f\u00fbt est reli\u00e9 \u00e0 la niche par un pan coup\u00e9.<\/p>\n\n\n<div class=\"wp-block-image is-resized\">\n<figure class=\"aligncenter\"><img data-recalc-dims=\"1\" height=\"1024\" width=\"768\" decoding=\"async\" src=\"https:\/\/i0.wp.com\/oratoiresetchapelles-avesnois.fr\/wp-content\/uploads\/2016\/12\/1.Wattignies-la-Victoire-ND-de-Walcourt-1745-rue-de0D0A-Glarges-rue-Jourdan-768x1024.jpg?resize=768%2C1024\" alt=\"Oratoire N.D de Walcourt (1745)\" class=\"wp-image-1233\"\/><figcaption class=\"wp-element-caption\">Oratoire N.D de Walcourt (1745)<\/figcaption><\/figure>\n<\/div>\n\n\n<p class=\"wp-block-paragraph\"><\/p>\n\n\n\n<p class=\"wp-block-paragraph\">Oratoire N.D de Walcourt Rue de Glarges rue de Jourdan. Toit pyramidal recouvert d\u2019une feuille de zinc peinte en vert. Il a \u00e9t\u00e9 b\u00e2ti en 1745 par Bauduin Thomas et Lenne Marie Loyez.<\/p>\n\n\n<div class=\"wp-block-image is-resized\">\n<figure class=\"aligncenter\"><img data-recalc-dims=\"1\" height=\"1024\" width=\"768\" decoding=\"async\" data-attachment-id=\"1234\" data-permalink=\"https:\/\/patrimoine-avesnois.fr\/chemin\/etroeungt\/image-261\/\" data-orig-file=\"https:\/\/i0.wp.com\/patrimoine-avesnois.fr\/chemin\/wp-content\/uploads\/2019\/04\/image-239.png?fit=467%2C467&amp;ssl=1\" data-orig-size=\"467,467\" data-comments-opened=\"1\" data-image-meta=\"{&quot;aperture&quot;:&quot;0&quot;,&quot;credit&quot;:&quot;&quot;,&quot;camera&quot;:&quot;&quot;,&quot;caption&quot;:&quot;&quot;,&quot;created_timestamp&quot;:&quot;0&quot;,&quot;copyright&quot;:&quot;&quot;,&quot;focal_length&quot;:&quot;0&quot;,&quot;iso&quot;:&quot;0&quot;,&quot;shutter_speed&quot;:&quot;0&quot;,&quot;title&quot;:&quot;&quot;,&quot;orientation&quot;:&quot;0&quot;}\" data-image-title=\"image\" data-image-description=\"\" data-image-caption=\"\" data-large-file=\"https:\/\/i0.wp.com\/patrimoine-avesnois.fr\/chemin\/wp-content\/uploads\/2019\/04\/image-239.png?fit=467%2C467&amp;ssl=1\" src=\"https:\/\/i0.wp.com\/oratoiresetchapelles-avesnois.fr\/wp-content\/uploads\/2016\/12\/2.Wattignies-la-Victoire-ND-de-la-Halle-1830-rue0D0A-Jourdan-768x1024.jpg?resize=768%2C1024\" alt=\"Oratoire N.D de Halle (1830)\" class=\"wp-image-1234\"\/><figcaption class=\"wp-element-caption\">Oratoire N.D de Halle (1830)<\/figcaption><\/figure>\n<\/div>\n\n\n<p class=\"wp-block-paragraph\"><\/p>\n\n\n\n<p class=\"wp-block-paragraph\">L\u2019oratoire N.D de Halle rue de Jourdan ressemble \u00e0 une contrebasse. Son f\u00fbt est d\u00e9cor\u00e9 d\u2019une rosace et sa croix fleurdelis\u00e9e est tr\u00e8s jolie. Son concepteur est Charles Jennevier en 1830.<\/p>\n\n\n<div class=\"wp-block-image is-resized\">\n<figure class=\"aligncenter\"><img data-recalc-dims=\"1\" height=\"1024\" width=\"768\" decoding=\"async\" src=\"https:\/\/i0.wp.com\/oratoiresetchapelles-avesnois.fr\/wp-content\/uploads\/2016\/12\/3.Wattignies-la-Victoire-rue-Ballant-768x1024.jpg?resize=768%2C1024\" alt=\"Oratoire non d\u00e9di\u00e9\" class=\"wp-image-1235\"\/><figcaption class=\"wp-element-caption\">Oratoire non d\u00e9di\u00e9<\/figcaption><\/figure>\n<\/div>\n\n\n<p class=\"wp-block-paragraph\"><\/p>\n\n\n\n<p class=\"wp-block-paragraph\">Cet oratoire rue Ballant tout en briques est tr\u00e8s r\u00e9cent.<\/p>\n\n\n<div class=\"wp-block-image is-resized\">\n<figure class=\"aligncenter\"><img data-recalc-dims=\"1\" height=\"1024\" width=\"768\" decoding=\"async\" data-attachment-id=\"1236\" data-permalink=\"https:\/\/patrimoine-avesnois.fr\/chemin\/etroeungt\/image-262\/\" data-orig-file=\"https:\/\/i0.wp.com\/patrimoine-avesnois.fr\/chemin\/wp-content\/uploads\/2019\/04\/image-240.png?fit=394%2C394&amp;ssl=1\" data-orig-size=\"394,394\" data-comments-opened=\"1\" data-image-meta=\"{&quot;aperture&quot;:&quot;0&quot;,&quot;credit&quot;:&quot;&quot;,&quot;camera&quot;:&quot;&quot;,&quot;caption&quot;:&quot;&quot;,&quot;created_timestamp&quot;:&quot;0&quot;,&quot;copyright&quot;:&quot;&quot;,&quot;focal_length&quot;:&quot;0&quot;,&quot;iso&quot;:&quot;0&quot;,&quot;shutter_speed&quot;:&quot;0&quot;,&quot;title&quot;:&quot;&quot;,&quot;orientation&quot;:&quot;0&quot;}\" data-image-title=\"image\" data-image-description=\"\" data-image-caption=\"\" data-large-file=\"https:\/\/i0.wp.com\/patrimoine-avesnois.fr\/chemin\/wp-content\/uploads\/2019\/04\/image-240.png?fit=394%2C394&amp;ssl=1\" src=\"https:\/\/i0.wp.com\/oratoiresetchapelles-avesnois.fr\/wp-content\/uploads\/2016\/12\/6.Wattignies-la-Victoire-Chapelle-1-rue-du-Stordoir-768x1024.jpg?resize=768%2C1024\" alt=\"Chapelle non d\u00e9di\u00e9e\" class=\"wp-image-1236\"\/><figcaption class=\"wp-element-caption\">Chapelle non d\u00e9di\u00e9e<\/figcaption><\/figure>\n<\/div>\n\n\n<p class=\"wp-block-paragraph\"><\/p>\n\n\n\n<p class=\"wp-block-paragraph\">Chapelle situ\u00e9e 1 rue du Stordoir. Elle est en briques avec un fronton de pierre triangulaire et un fa\u00eete constitu\u00e9 d\u2019une bande zingu\u00e9e dentel\u00e9e et ajour\u00e9e. Son propri\u00e9taire actuel nous a fournit de pr\u00e9cieux renseignements : cette chapelle s\u00e9pulcrale de 4 places mais ne contenant seulement que 2 cercueils a \u00e9t\u00e9 construite en 1908 par la famille : Pr\u00e9seau-Leprohon. Des recherches g\u00e9n\u00e9alogiques nous permettent de pr\u00e9ciser qu\u2019il s\u2019agit de F\u00e9lix Pr\u00e9seau, n\u00e9 en 1854, fils de Jules et de Marceline Lebrun,cultivateur et maire,&nbsp;et de son \u00e9pouse Elisa Leprohon n\u00e9e en 1860 \u00e0 Dimechaux fille de Victor et de Sophie Appoline Solasse. Elisa y repose depuis le 18 novembre 1907 et F\u00e9lix depuis le 21 avril 1927.<\/p>\n\n\n\n<ul class=\"wp-block-list\">\n<li>Les Fontaines :<\/li>\n<\/ul>\n\n\n<div class=\"wp-block-image is-resized\">\n<figure class=\"aligncenter\"><img data-recalc-dims=\"1\" loading=\"lazy\" decoding=\"async\" width=\"731\" height=\"518\" data-attachment-id=\"6914\" data-permalink=\"https:\/\/patrimoine-avesnois.fr\/chemin\/wattignies-la-victoire\/image-1029\/\" data-orig-file=\"https:\/\/i0.wp.com\/patrimoine-avesnois.fr\/chemin\/wp-content\/uploads\/2019\/07\/image-3.png?fit=731%2C518&amp;ssl=1\" data-orig-size=\"731,518\" data-comments-opened=\"1\" data-image-meta=\"{&quot;aperture&quot;:&quot;0&quot;,&quot;credit&quot;:&quot;&quot;,&quot;camera&quot;:&quot;&quot;,&quot;caption&quot;:&quot;&quot;,&quot;created_timestamp&quot;:&quot;0&quot;,&quot;copyright&quot;:&quot;&quot;,&quot;focal_length&quot;:&quot;0&quot;,&quot;iso&quot;:&quot;0&quot;,&quot;shutter_speed&quot;:&quot;0&quot;,&quot;title&quot;:&quot;&quot;,&quot;orientation&quot;:&quot;0&quot;}\" data-image-title=\"image\" data-image-description=\"\" data-image-caption=\"\" data-large-file=\"https:\/\/i0.wp.com\/patrimoine-avesnois.fr\/chemin\/wp-content\/uploads\/2019\/07\/image-3.png?fit=731%2C518&amp;ssl=1\" src=\"https:\/\/i0.wp.com\/patrimoine-avesnois.fr\/chemin\/wp-content\/uploads\/2019\/07\/image-3.png?resize=731%2C518\" alt=\"\" class=\"wp-image-6914\" srcset=\"https:\/\/i0.wp.com\/patrimoine-avesnois.fr\/chemin\/wp-content\/uploads\/2019\/07\/image-3.png?w=731&amp;ssl=1 731w, https:\/\/i0.wp.com\/patrimoine-avesnois.fr\/chemin\/wp-content\/uploads\/2019\/07\/image-3.png?resize=300%2C213&amp;ssl=1 300w\" sizes=\"auto, (max-width: 731px) 85vw, 731px\" \/><figcaption class=\"wp-element-caption\">Fontaine rue de la Fontaine<\/figcaption><\/figure>\n<\/div>\n\n\n<p class=\"wp-block-paragraph\"><\/p>\n\n\n\n<p class=\"wp-block-paragraph\">Encore utilis\u00e9e aujourd&rsquo;hui pour abreuver le b\u00e9tail, elle fut r\u00e9nov\u00e9e en 2004.<\/p>\n\n\n<div class=\"wp-block-image is-resized\">\n<figure class=\"aligncenter\"><img data-recalc-dims=\"1\" loading=\"lazy\" decoding=\"async\" width=\"437\" height=\"329\" data-attachment-id=\"6915\" data-permalink=\"https:\/\/patrimoine-avesnois.fr\/chemin\/wattignies-la-victoire\/capture-195\/\" data-orig-file=\"https:\/\/i0.wp.com\/patrimoine-avesnois.fr\/chemin\/wp-content\/uploads\/2019\/07\/Capture-2.jpg?fit=437%2C329&amp;ssl=1\" data-orig-size=\"437,329\" data-comments-opened=\"1\" data-image-meta=\"{&quot;aperture&quot;:&quot;0&quot;,&quot;credit&quot;:&quot;CARRE&quot;,&quot;camera&quot;:&quot;&quot;,&quot;caption&quot;:&quot;&quot;,&quot;created_timestamp&quot;:&quot;1561988374&quot;,&quot;copyright&quot;:&quot;&quot;,&quot;focal_length&quot;:&quot;0&quot;,&quot;iso&quot;:&quot;0&quot;,&quot;shutter_speed&quot;:&quot;0&quot;,&quot;title&quot;:&quot;&quot;,&quot;orientation&quot;:&quot;0&quot;}\" data-image-title=\"Capture\" data-image-description=\"\" data-image-caption=\"\" data-large-file=\"https:\/\/i0.wp.com\/patrimoine-avesnois.fr\/chemin\/wp-content\/uploads\/2019\/07\/Capture-2.jpg?fit=437%2C329&amp;ssl=1\" src=\"https:\/\/i0.wp.com\/patrimoine-avesnois.fr\/chemin\/wp-content\/uploads\/2019\/07\/Capture-2.jpg?resize=437%2C329\" alt=\"\" class=\"wp-image-6915\" srcset=\"https:\/\/i0.wp.com\/patrimoine-avesnois.fr\/chemin\/wp-content\/uploads\/2019\/07\/Capture-2.jpg?w=437&amp;ssl=1 437w, https:\/\/i0.wp.com\/patrimoine-avesnois.fr\/chemin\/wp-content\/uploads\/2019\/07\/Capture-2.jpg?resize=300%2C226&amp;ssl=1 300w\" sizes=\"auto, (max-width: 437px) 85vw, 437px\" \/><figcaption class=\"wp-element-caption\">Fontaine chemin de l&rsquo;Orson<\/figcaption><\/figure>\n<\/div>\n\n\n<p class=\"wp-block-paragraph\"><\/p>\n\n\n\n<p class=\"wp-block-paragraph\">Cette fontaine-lavoir est situ\u00e9e dans un renfoncement du Chemin de l&rsquo;Orson (chemin reliant la rue de la Grangette \u00e0 la rue Ballant). Elle fut d\u00e9gag\u00e9e et r\u00e9nov\u00e9e en 2003. <\/p>\n\n\n\n<ul class=\"wp-block-list\">\n<li>Le moulin du stordoir<\/li>\n<\/ul>\n\n\n<div class=\"wp-block-image is-resized\">\n<figure class=\"aligncenter\"><img decoding=\"async\" src=\"https:\/\/upload.wikimedia.org\/wikipedia\/commons\/thumb\/d\/df\/Wattignies-la-Victoire_%28Nord%2C_Fr%29_moulin_du_Stordoir.jpg\/1280px-Wattignies-la-Victoire_%28Nord%2C_Fr%29_moulin_du_Stordoir.jpg\" alt=\"Wattignies-la-Victoire (Nord, Fr) moulin du Stordoir.jpg\"\/><figcaption class=\"wp-element-caption\">Moulin du Stordoir <\/figcaption><\/figure>\n<\/div>\n\n\n<p class=\"wp-block-paragraph\"><\/p>\n\n\n\n<p class=\"wp-block-paragraph\">Retrouvez son histoire qui remonte en 1746 et d&rsquo;autres photos sur mon site <a aria-label=\" (opens in a new tab)\" href=\"http:\/\/www.moulins-avesnois.fr\/le-ruisseau-du-stordoir-et-ses-moulins\/\" target=\"_blank\" rel=\"noreferrer noopener\">Moulins en Avesnois au fil de l&rsquo;eau<\/a><\/p>\n\n\n\n<p class=\"wp-block-paragraph\">L&rsquo;activit\u00e9 meuni\u00e8re s&rsquo;est arr\u00eat\u00e9e en 1993 suite \u00e0 un incendie mais le b\u00e2timent existe encore. La cour comprend deux autres b\u00e2timents, l\u2019un faisant office de grange et l\u2019autre d\u2019\u00e9table.<\/p>\n\n\n\n<ul class=\"wp-block-list\">\n<li>La ferme de Glarges<\/li>\n<\/ul>\n\n\n<div class=\"wp-block-image is-resized\">\n<figure class=\"aligncenter\"><img data-recalc-dims=\"1\" loading=\"lazy\" decoding=\"async\" width=\"808\" height=\"606\" data-attachment-id=\"6918\" data-permalink=\"https:\/\/patrimoine-avesnois.fr\/chemin\/wattignies-la-victoire\/capture-196\/\" data-orig-file=\"https:\/\/i0.wp.com\/patrimoine-avesnois.fr\/chemin\/wp-content\/uploads\/2019\/07\/Capture-3.jpg?fit=808%2C606&amp;ssl=1\" data-orig-size=\"808,606\" data-comments-opened=\"1\" data-image-meta=\"{&quot;aperture&quot;:&quot;0&quot;,&quot;credit&quot;:&quot;CARRE&quot;,&quot;camera&quot;:&quot;&quot;,&quot;caption&quot;:&quot;&quot;,&quot;created_timestamp&quot;:&quot;1561989770&quot;,&quot;copyright&quot;:&quot;&quot;,&quot;focal_length&quot;:&quot;0&quot;,&quot;iso&quot;:&quot;0&quot;,&quot;shutter_speed&quot;:&quot;0&quot;,&quot;title&quot;:&quot;&quot;,&quot;orientation&quot;:&quot;0&quot;}\" data-image-title=\"Capture\" data-image-description=\"\" data-image-caption=\"\" data-large-file=\"https:\/\/i0.wp.com\/patrimoine-avesnois.fr\/chemin\/wp-content\/uploads\/2019\/07\/Capture-3.jpg?fit=808%2C606&amp;ssl=1\" src=\"https:\/\/i0.wp.com\/patrimoine-avesnois.fr\/chemin\/wp-content\/uploads\/2019\/07\/Capture-3.jpg?resize=808%2C606\" alt=\"\" class=\"wp-image-6918\" srcset=\"https:\/\/i0.wp.com\/patrimoine-avesnois.fr\/chemin\/wp-content\/uploads\/2019\/07\/Capture-3.jpg?w=808&amp;ssl=1 808w, https:\/\/i0.wp.com\/patrimoine-avesnois.fr\/chemin\/wp-content\/uploads\/2019\/07\/Capture-3.jpg?resize=300%2C225&amp;ssl=1 300w, https:\/\/i0.wp.com\/patrimoine-avesnois.fr\/chemin\/wp-content\/uploads\/2019\/07\/Capture-3.jpg?resize=768%2C576&amp;ssl=1 768w\" sizes=\"auto, (max-width: 808px) 85vw, 808px\" \/><figcaption class=\"wp-element-caption\">La ferme de Glarges<\/figcaption><\/figure>\n<\/div>\n\n\n<p class=\"wp-block-paragraph\"><\/p>\n\n\n\n<p class=\"wp-block-paragraph\">Situ\u00e9e sur la route de Beaufort, les b\u00e2timents ne pr\u00e9sentent gu\u00e8re d&rsquo;int\u00e9r\u00eat. La curiosit\u00e9 de la ferme est la chemin\u00e9e de la chambre principale qui est d\u00e9cor\u00e9e de carreaux de fa\u00efence repr\u00e9sentant des animaux tels que chats, chiens, papillons, des sc\u00e8nes de chasse et des paysages divers. Cet ensemble tr\u00e8s colori\u00e9 est dat\u00e9 par deux aigles napol\u00e9oniens et fait donc remont\u00e9 cette d\u00e9coration au Premier Empire. Source Jean Mossay<\/p>\n\n\n\n<p class=\"wp-block-paragraph\">La famille de Glarges \u00e9tait une ancienne famille du Hainaut dont ses membres occup\u00e8rent des fonctions importantes. Autour de cette ferme se d\u00e9roul\u00e8rent des combats meurtriers lors de la bataille de Wattignies.<\/p>\n\n\n<div class=\"wp-block-image is-resized\">\n<figure class=\"aligncenter\"><img data-recalc-dims=\"1\" loading=\"lazy\" decoding=\"async\" width=\"840\" height=\"586\" data-attachment-id=\"6920\" data-permalink=\"https:\/\/patrimoine-avesnois.fr\/chemin\/wattignies-la-victoire\/573_001\/\" data-orig-file=\"https:\/\/i0.wp.com\/patrimoine-avesnois.fr\/chemin\/wp-content\/uploads\/2019\/07\/573_001.jpg?fit=919%2C641&amp;ssl=1\" data-orig-size=\"919,641\" data-comments-opened=\"1\" data-image-meta=\"{&quot;aperture&quot;:&quot;0&quot;,&quot;credit&quot;:&quot;&quot;,&quot;camera&quot;:&quot;&quot;,&quot;caption&quot;:&quot;&quot;,&quot;created_timestamp&quot;:&quot;1561976428&quot;,&quot;copyright&quot;:&quot;&quot;,&quot;focal_length&quot;:&quot;0&quot;,&quot;iso&quot;:&quot;0&quot;,&quot;shutter_speed&quot;:&quot;0&quot;,&quot;title&quot;:&quot;&quot;,&quot;orientation&quot;:&quot;0&quot;}\" data-image-title=\"573_001\" data-image-description=\"\" data-image-caption=\"\" data-large-file=\"https:\/\/i0.wp.com\/patrimoine-avesnois.fr\/chemin\/wp-content\/uploads\/2019\/07\/573_001.jpg?fit=840%2C586&amp;ssl=1\" src=\"https:\/\/i0.wp.com\/patrimoine-avesnois.fr\/chemin\/wp-content\/uploads\/2019\/07\/573_001.jpg?resize=840%2C586\" alt=\"\" class=\"wp-image-6920\" srcset=\"https:\/\/i0.wp.com\/patrimoine-avesnois.fr\/chemin\/wp-content\/uploads\/2019\/07\/573_001.jpg?w=919&amp;ssl=1 919w, https:\/\/i0.wp.com\/patrimoine-avesnois.fr\/chemin\/wp-content\/uploads\/2019\/07\/573_001.jpg?resize=300%2C209&amp;ssl=1 300w, https:\/\/i0.wp.com\/patrimoine-avesnois.fr\/chemin\/wp-content\/uploads\/2019\/07\/573_001.jpg?resize=768%2C536&amp;ssl=1 768w\" sizes=\"auto, (max-width: 709px) 85vw, (max-width: 909px) 67vw, (max-width: 1362px) 62vw, 840px\" \/><figcaption class=\"wp-element-caption\">La bataille de Wattignies (1793)<\/figcaption><\/figure>\n<\/div>\n\n\n<p class=\"wp-block-paragraph\"><\/p>\n\n\n\n<p class=\"wp-block-paragraph\">La victoire de Wattignies sauve Maubeuge et marque l\u2019un des tournants militaires de l\u2019an II.<\/p>\n\n\n<div class=\"wp-block-image is-resized\">\n<figure class=\"aligncenter\"><img decoding=\"async\" src=\"https:\/\/upload.wikimedia.org\/wikipedia\/commons\/b\/b3\/Lazare_Carnot_Wattignies.jpg\" alt=\"Description de cette image, \u00c3\u00a9galement comment\u00c3\u00a9e ci-apr\u00c3\u00a8s\"\/><figcaption class=\"wp-element-caption\">Lazare Carnot \u00e0 la bataille de Wattignies et les h\u00e9ros r\u00e9publicains dans une mise en sc\u00e8ne acad\u00e9mique et solennelle. Peinture de Moreau de Tours. <\/figcaption><\/figure>\n<\/div>\n\n\n<p class=\"wp-block-paragraph\"><\/p>\n\n\n\n<p class=\"wp-block-paragraph\">Moreau de Tours (1805\u20131881), peintre d\u2019histoire, magnifie Carnot en le pla\u00e7ant au c\u0153ur de l\u2019action, dans une sc\u00e8ne recompos\u00e9e et h\u00e9ro\u00efs\u00e9e, symbolisant son r\u00f4le essentiel dans la victoire r\u00e9publicaine. Cette peinture participe \u00e0 la construction du mythe r\u00e9publicain autour de Carnot, pr\u00e9sent\u00e9 comme le strat\u00e8ge d\u00e9cisif de Wattignies.<\/p>\n\n\n\n<p class=\"wp-block-paragraph\"><\/p>\n\n\n<div class=\"wp-block-image\">\n<figure class=\"aligncenter size-full is-resized\"><img data-recalc-dims=\"1\" loading=\"lazy\" decoding=\"async\" width=\"582\" height=\"467\" data-attachment-id=\"28613\" data-permalink=\"https:\/\/patrimoine-avesnois.fr\/chemin\/wattignies-la-victoire\/capture-1165\/\" data-orig-file=\"https:\/\/i0.wp.com\/patrimoine-avesnois.fr\/chemin\/wp-content\/uploads\/2026\/08\/Capture-2.jpg?fit=582%2C467&amp;ssl=1\" data-orig-size=\"582,467\" data-comments-opened=\"1\" data-image-meta=\"{&quot;aperture&quot;:&quot;0&quot;,&quot;credit&quot;:&quot;fr\\u00e9d\\u00e9ric carr\\u00e9&quot;,&quot;camera&quot;:&quot;&quot;,&quot;caption&quot;:&quot;&quot;,&quot;created_timestamp&quot;:&quot;1786287700&quot;,&quot;copyright&quot;:&quot;&quot;,&quot;focal_length&quot;:&quot;0&quot;,&quot;iso&quot;:&quot;0&quot;,&quot;shutter_speed&quot;:&quot;0&quot;,&quot;title&quot;:&quot;&quot;,&quot;orientation&quot;:&quot;0&quot;,&quot;alt&quot;:&quot;&quot;}\" data-image-title=\"Capture\" data-image-description=\"\" data-image-caption=\"\" data-large-file=\"https:\/\/i0.wp.com\/patrimoine-avesnois.fr\/chemin\/wp-content\/uploads\/2026\/08\/Capture-2.jpg?fit=582%2C467&amp;ssl=1\" src=\"https:\/\/i0.wp.com\/patrimoine-avesnois.fr\/chemin\/wp-content\/uploads\/2026\/08\/Capture-2.jpg?resize=582%2C467&#038;ssl=1\" alt=\"\" class=\"wp-image-28613\" style=\"aspect-ratio:1.246235299173677;width:630px;height:auto\" srcset=\"https:\/\/i0.wp.com\/patrimoine-avesnois.fr\/chemin\/wp-content\/uploads\/2026\/08\/Capture-2.jpg?w=582&amp;ssl=1 582w, https:\/\/i0.wp.com\/patrimoine-avesnois.fr\/chemin\/wp-content\/uploads\/2026\/08\/Capture-2.jpg?resize=300%2C241&amp;ssl=1 300w\" sizes=\"auto, (max-width: 582px) 85vw, 582px\" \/><figcaption class=\"wp-element-caption\">Bataille de Wattignies, 15-16 octobre 1793 Gravure de la bataille, Eug\u00e8ne Lami (gravure n\u00b06400, Ch\u00e2teau de Versailles) <\/figcaption><\/figure>\n<\/div>\n\n\n<p class=\"wp-block-paragraph\"><\/p>\n\n\n\n<p class=\"wp-block-paragraph\">La gravure d\u2019Eug\u00e8ne Lami (1837) dramatise l\u2019intensit\u00e9 du combat et magnifie la victoire r\u00e9publicaine.<\/p>\n","protected":false},"excerpt":{"rendered":"<p>Le village doit son nom actuel \u00e0 la bataille qui se d\u00e9roula les 15 et 16 octobre 1793, bataille remport\u00e9e par l&rsquo;arm\u00e9e Fran\u00e7aise face aux Autrichiens sauvant la France de l&rsquo;occupation \u00e9trang\u00e8re et affermissant la R\u00e9publique. Faits historiques : Village donn\u00e9, en 1046 , par Gerard , \u00e9v\u00eaque de Cambrai , au monast\u00e8re de Saint-Andr\u00e9 &hellip; <a href=\"https:\/\/patrimoine-avesnois.fr\/chemin\/wattignies-la-victoire\/\" class=\"more-link\">Continuer la lecture<span class=\"screen-reader-text\"> de &laquo;&nbsp;Wattignies-la-Victoire&nbsp;&raquo;<\/span><\/a><\/p>\n","protected":false},"author":2,"featured_media":0,"parent":0,"menu_order":0,"comment_status":"closed","ping_status":"closed","template":"","meta":{"footnotes":""},"class_list":["post-6882","page","type-page","status-publish","hentry"],"jetpack_sharing_enabled":true,"jetpack_shortlink":"https:\/\/wp.me\/PaOEkN-1N0","jetpack-related-posts":[],"_links":{"self":[{"href":"https:\/\/patrimoine-avesnois.fr\/chemin\/wp-json\/wp\/v2\/pages\/6882","targetHints":{"allow":["GET"]}}],"collection":[{"href":"https:\/\/patrimoine-avesnois.fr\/chemin\/wp-json\/wp\/v2\/pages"}],"about":[{"href":"https:\/\/patrimoine-avesnois.fr\/chemin\/wp-json\/wp\/v2\/types\/page"}],"author":[{"embeddable":true,"href":"https:\/\/patrimoine-avesnois.fr\/chemin\/wp-json\/wp\/v2\/users\/2"}],"replies":[{"embeddable":true,"href":"https:\/\/patrimoine-avesnois.fr\/chemin\/wp-json\/wp\/v2\/comments?post=6882"}],"version-history":[{"count":7,"href":"https:\/\/patrimoine-avesnois.fr\/chemin\/wp-json\/wp\/v2\/pages\/6882\/revisions"}],"predecessor-version":[{"id":28617,"href":"https:\/\/patrimoine-avesnois.fr\/chemin\/wp-json\/wp\/v2\/pages\/6882\/revisions\/28617"}],"wp:attachment":[{"href":"https:\/\/patrimoine-avesnois.fr\/chemin\/wp-json\/wp\/v2\/media?parent=6882"}],"curies":[{"name":"wp","href":"https:\/\/api.w.org\/{rel}","templated":true}]}}