{"id":6932,"date":"2019-07-02T12:33:52","date_gmt":"2019-07-02T10:33:52","guid":{"rendered":"http:\/\/patrimoine-avesnois.fr\/chemin\/?page_id=6932"},"modified":"2026-08-11T22:13:00","modified_gmt":"2026-08-11T20:13:00","slug":"wignehies","status":"publish","type":"page","link":"https:\/\/patrimoine-avesnois.fr\/chemin\/wignehies\/","title":{"rendered":"Wignehies"},"content":{"rendered":"<div class=\"wp-block-image\">\n<figure class=\"aligncenter\"><img data-recalc-dims=\"1\" loading=\"lazy\" decoding=\"async\" width=\"814\" height=\"577\" data-attachment-id=\"6933\" data-permalink=\"https:\/\/patrimoine-avesnois.fr\/chemin\/wignehies\/714_001\/\" data-orig-file=\"https:\/\/i0.wp.com\/patrimoine-avesnois.fr\/chemin\/wp-content\/uploads\/2019\/07\/714_001.jpg?fit=814%2C577&amp;ssl=1\" data-orig-size=\"814,577\" data-comments-opened=\"1\" data-image-meta=\"{&quot;aperture&quot;:&quot;0&quot;,&quot;credit&quot;:&quot;&quot;,&quot;camera&quot;:&quot;&quot;,&quot;caption&quot;:&quot;&quot;,&quot;created_timestamp&quot;:&quot;1562058096&quot;,&quot;copyright&quot;:&quot;&quot;,&quot;focal_length&quot;:&quot;0&quot;,&quot;iso&quot;:&quot;0&quot;,&quot;shutter_speed&quot;:&quot;0&quot;,&quot;title&quot;:&quot;&quot;,&quot;orientation&quot;:&quot;1&quot;}\" data-image-title=\"714_001\" data-image-description=\"\" data-image-caption=\"\" data-large-file=\"https:\/\/i0.wp.com\/patrimoine-avesnois.fr\/chemin\/wp-content\/uploads\/2019\/07\/714_001.jpg?fit=814%2C577&amp;ssl=1\" src=\"https:\/\/i0.wp.com\/patrimoine-avesnois.fr\/chemin\/wp-content\/uploads\/2019\/07\/714_001.jpg?resize=814%2C577\" alt=\"\" class=\"wp-image-6933\" srcset=\"https:\/\/i0.wp.com\/patrimoine-avesnois.fr\/chemin\/wp-content\/uploads\/2019\/07\/714_001.jpg?w=814&amp;ssl=1 814w, https:\/\/i0.wp.com\/patrimoine-avesnois.fr\/chemin\/wp-content\/uploads\/2019\/07\/714_001.jpg?resize=300%2C213&amp;ssl=1 300w, https:\/\/i0.wp.com\/patrimoine-avesnois.fr\/chemin\/wp-content\/uploads\/2019\/07\/714_001.jpg?resize=768%2C544&amp;ssl=1 768w\" sizes=\"auto, (max-width: 814px) 85vw, 814px\" \/><figcaption class=\"wp-element-caption\">Vue a\u00e9rienne de Wignehies<\/figcaption><\/figure>\n<\/div>\n\n<div class=\"wp-block-image is-resized\">\n<figure class=\"aligncenter\"><img data-recalc-dims=\"1\" loading=\"lazy\" decoding=\"async\" width=\"581\" height=\"402\" data-attachment-id=\"6968\" data-permalink=\"https:\/\/patrimoine-avesnois.fr\/chemin\/wignehies\/image-1032\/\" data-orig-file=\"https:\/\/i0.wp.com\/patrimoine-avesnois.fr\/chemin\/wp-content\/uploads\/2019\/07\/image-6.png?fit=581%2C402&amp;ssl=1\" data-orig-size=\"581,402\" data-comments-opened=\"1\" data-image-meta=\"{&quot;aperture&quot;:&quot;0&quot;,&quot;credit&quot;:&quot;&quot;,&quot;camera&quot;:&quot;&quot;,&quot;caption&quot;:&quot;&quot;,&quot;created_timestamp&quot;:&quot;0&quot;,&quot;copyright&quot;:&quot;&quot;,&quot;focal_length&quot;:&quot;0&quot;,&quot;iso&quot;:&quot;0&quot;,&quot;shutter_speed&quot;:&quot;0&quot;,&quot;title&quot;:&quot;&quot;,&quot;orientation&quot;:&quot;0&quot;}\" data-image-title=\"image\" data-image-description=\"\" data-image-caption=\"\" data-large-file=\"https:\/\/i0.wp.com\/patrimoine-avesnois.fr\/chemin\/wp-content\/uploads\/2019\/07\/image-6.png?fit=581%2C402&amp;ssl=1\" src=\"https:\/\/i0.wp.com\/patrimoine-avesnois.fr\/chemin\/wp-content\/uploads\/2019\/07\/image-6.png?resize=581%2C402\" alt=\"\" class=\"wp-image-6968\" style=\"aspect-ratio:1.4452856362039996;width:630px;height:auto\" srcset=\"https:\/\/i0.wp.com\/patrimoine-avesnois.fr\/chemin\/wp-content\/uploads\/2019\/07\/image-6.png?w=581&amp;ssl=1 581w, https:\/\/i0.wp.com\/patrimoine-avesnois.fr\/chemin\/wp-content\/uploads\/2019\/07\/image-6.png?resize=300%2C208&amp;ssl=1 300w\" sizes=\"auto, (max-width: 581px) 85vw, 581px\" \/><figcaption class=\"wp-element-caption\">Vue a\u00e9rienne de Wignehies<\/figcaption><\/figure>\n<\/div>\n\n<div class=\"wp-block-image\">\n<figure class=\"aligncenter\"><img data-recalc-dims=\"1\" loading=\"lazy\" decoding=\"async\" width=\"840\" height=\"565\" data-attachment-id=\"6935\" data-permalink=\"https:\/\/patrimoine-avesnois.fr\/chemin\/wignehies\/318_001-2\/\" data-orig-file=\"https:\/\/i0.wp.com\/patrimoine-avesnois.fr\/chemin\/wp-content\/uploads\/2019\/07\/318_001.jpg?fit=905%2C609&amp;ssl=1\" data-orig-size=\"905,609\" data-comments-opened=\"1\" data-image-meta=\"{&quot;aperture&quot;:&quot;0&quot;,&quot;credit&quot;:&quot;&quot;,&quot;camera&quot;:&quot;&quot;,&quot;caption&quot;:&quot;&quot;,&quot;created_timestamp&quot;:&quot;1562058159&quot;,&quot;copyright&quot;:&quot;&quot;,&quot;focal_length&quot;:&quot;0&quot;,&quot;iso&quot;:&quot;0&quot;,&quot;shutter_speed&quot;:&quot;0&quot;,&quot;title&quot;:&quot;&quot;,&quot;orientation&quot;:&quot;1&quot;}\" data-image-title=\"318_001\" data-image-description=\"\" data-image-caption=\"\" data-large-file=\"https:\/\/i0.wp.com\/patrimoine-avesnois.fr\/chemin\/wp-content\/uploads\/2019\/07\/318_001.jpg?fit=840%2C565&amp;ssl=1\" src=\"https:\/\/i0.wp.com\/patrimoine-avesnois.fr\/chemin\/wp-content\/uploads\/2019\/07\/318_001.jpg?resize=840%2C565\" alt=\"\" class=\"wp-image-6935\" srcset=\"https:\/\/i0.wp.com\/patrimoine-avesnois.fr\/chemin\/wp-content\/uploads\/2019\/07\/318_001.jpg?w=905&amp;ssl=1 905w, https:\/\/i0.wp.com\/patrimoine-avesnois.fr\/chemin\/wp-content\/uploads\/2019\/07\/318_001.jpg?resize=300%2C202&amp;ssl=1 300w, https:\/\/i0.wp.com\/patrimoine-avesnois.fr\/chemin\/wp-content\/uploads\/2019\/07\/318_001.jpg?resize=768%2C517&amp;ssl=1 768w\" sizes=\"auto, (max-width: 709px) 85vw, (max-width: 909px) 67vw, (max-width: 1362px) 62vw, 840px\" \/><figcaption class=\"wp-element-caption\"><em>Vue a\u00e9rienne de Wignehies<\/em> <\/figcaption><\/figure>\n<\/div>\n\n<div class=\"wp-block-image\">\n<figure class=\"aligncenter\"><img data-recalc-dims=\"1\" decoding=\"async\" src=\"https:\/\/i0.wp.com\/patrimoine-avesnois.fr\/chemin\/wp-content\/uploads\/2019\/07\/229_001.jpg?w=840\" alt=\"L\u00e2\u0080\u0099attribut alt de cette image est vide, son nom de fichier est 229_001.jpg.\"\/><figcaption class=\"wp-element-caption\"><em>Vue a\u00e9rienne de Wignehies&nbsp;1957<\/em><\/figcaption><\/figure>\n<\/div>\n\n\n<p class=\"wp-block-paragraph\">Wignehies appartenait jadis \u00e0 l&rsquo;abbaye de Saint-Denis en France.  <br>En effet en 1198, Guy, archev\u00eaque de Reims, fit don \u00e0 l&rsquo;abbaye de Saint-Denis en France du patronage de l&rsquo;\u00e9glise de Wignehies. La donation fut ratifi\u00e9e la m\u00eame ann\u00e9e par le pape Innocent III. De plus, l&rsquo;abbaye \u00e9tait seigneur temporel et spirituel du village. Cette seigneurie, plac\u00e9e sous l&rsquo;administration du pr\u00e9v\u00f4t de Solesmes, consistait en moyenne et basse justices, greffe, tabellionage, cens, rente, ventes, d\u00eemes, terrage, rivi\u00e8re et p\u00eacherie, moulin \u00e0 eau, terres labourables, p\u00e2turages&#8230; Source : <a href=\"http:\/\/www2.culture.gouv.fr\/public\/mistral\/mersri_fr?ACTION=CHERCHER&amp;FIELD_1=REF&amp;VALUE_1=IA59001363\" target=\"_blank\" rel=\"noreferrer noopener\" aria-label=\"culture.gouv.fr (opens in a new tab)\">culture.gouv.fr<\/a><\/p>\n\n\n\n<p class=\"wp-block-paragraph\">\u00c0 partir du XIII\u1d49 si\u00e8cle, les terres de Saint\u2011Denis dans le Hainaut doivent relever de la haute justice locale : Wignehies est int\u00e9gr\u00e9e dans la suzerainet\u00e9 de la pairie d\u2019Avesnes, qui exerce les droits f\u00e9odaux sup\u00e9rieurs.<\/p>\n\n\n\n<p class=\"wp-block-paragraph\">Cette situation perdure jusqu\u2019au XVIII\u1d49 si\u00e8cle : en 1787, le duc d\u2019Orl\u00e9ans, titulaire de la pairie d\u2019Avesnes, per\u00e7oit encore des rentes et le droit de chiennage \u00e0 Wignehies, bien que l\u2019abbaye de Saint\u2011Denis demeure propri\u00e9taire de la seigneurie jusqu\u2019\u00e0 la R\u00e9volution.<\/p>\n\n\n\n<p class=\"wp-block-paragraph\">Au XVIII\u1d49 si\u00e8cle, la principale industrie de la commune \u00e9tait celle du verre, comme en t\u00e9moigne un document dat\u00e9 de 1771 \u00e9manant de l&rsquo;intendant du Hainaut, d\u00e9cidant que les ouvriers verriers de Wignehies, attach\u00e9s \u00e0 la verrerie du Houy, seraient maintenus dans l&rsquo;exemption des corv\u00e9es, en vertu du privil\u00e8ge accord\u00e9 \u00e0 leur corporation. La verrerie du Houy, fond\u00e9e en 1599 par la famille de Colnet sur le territoire de Fourmies, b\u00e9n\u00e9ficiait de la proximit\u00e9 des vastes for\u00eats de l\u2019Avesnois, indispensables \u00e0 l\u2019alimentation des fours verriers.<\/p>\n\n\n\n<p class=\"wp-block-paragraph\">D\u00e8s le XVIII\u1d49 si\u00e8cle, Wignehies comptait \u00e9galement de nombreux tisserands travaillant \u00e0 domicile, pr\u00e9parant le terrain \u00e0 l\u2019essor textile du si\u00e8cle suivant. Au XIX\u1d49 si\u00e8cle, la commune connut une prosp\u00e9rit\u00e9 \u00e9gale \u00e0 celle de sa voisine Fourmies, \u00e0 la suite du d\u00e9veloppement de l&rsquo;industrie laini\u00e8re vers 1825. Cette \u00e9volution industrielle se traduisit par la cr\u00e9ation de blanchisseries de toile, fabriques de bas et bonnets de coton, cinq filatures et trois tissages, fabriques de fil \u00e0 dentelles, un haut fourneau et une verrerie. Plusieurs familles industrielles de Fourmies investirent \u00e0 Wignehies, cr\u00e9ant un tissu \u00e9conomique commun entre les deux communes.<\/p>\n\n\n\n<p class=\"wp-block-paragraph\">Au d\u00e9but du XX\u1d49 si\u00e8cle, Wignehies resta une importante agglom\u00e9ration industrielle, au point qu&rsquo;un tramway la reliait \u00e0 Fourmies d\u00e8s 1907, facilitant le d\u00e9placement des ouvriers et l\u2019acheminement des produits manufactur\u00e9s.<\/p>\n\n\n\n<p class=\"wp-block-paragraph\">Toutes ces activit\u00e9s fournissaient du travail \u00e0 la population. Mais la crise de 1891 laissa de graves s\u00e9quelles : plusieurs filatures ferm\u00e8rent ou r\u00e9duisirent leur activit\u00e9, entra\u00eenant une baisse durable de l\u2019emploi. Wignehies ne retrouvera jamais son rythme de croissance ant\u00e9rieure, m\u00eame apr\u00e8s la Seconde Guerre mondiale.<\/p>\n\n\n\n<p class=\"wp-block-paragraph\">\ud83d\udfe6 <strong>\u00c9glise Saint\u2011\u00c9tienne de Wignehies<\/strong><\/p>\n\n\n<div class=\"wp-block-image\">\n<figure class=\"aligncenter size-full is-resized\"><img data-recalc-dims=\"1\" loading=\"lazy\" decoding=\"async\" width=\"345\" height=\"461\" data-attachment-id=\"28665\" data-permalink=\"https:\/\/patrimoine-avesnois.fr\/chemin\/wignehies\/image-3238\/\" data-orig-file=\"https:\/\/i0.wp.com\/patrimoine-avesnois.fr\/chemin\/wp-content\/uploads\/2026\/08\/image-85.png?fit=345%2C461&amp;ssl=1\" data-orig-size=\"345,461\" data-comments-opened=\"1\" data-image-meta=\"{&quot;aperture&quot;:&quot;0&quot;,&quot;credit&quot;:&quot;&quot;,&quot;camera&quot;:&quot;&quot;,&quot;caption&quot;:&quot;&quot;,&quot;created_timestamp&quot;:&quot;0&quot;,&quot;copyright&quot;:&quot;&quot;,&quot;focal_length&quot;:&quot;0&quot;,&quot;iso&quot;:&quot;0&quot;,&quot;shutter_speed&quot;:&quot;0&quot;,&quot;title&quot;:&quot;&quot;,&quot;orientation&quot;:&quot;0&quot;,&quot;alt&quot;:&quot;&quot;}\" data-image-title=\"image\" data-image-description=\"\" data-image-caption=\"\" data-large-file=\"https:\/\/i0.wp.com\/patrimoine-avesnois.fr\/chemin\/wp-content\/uploads\/2026\/08\/image-85.png?fit=345%2C461&amp;ssl=1\" src=\"https:\/\/i0.wp.com\/patrimoine-avesnois.fr\/chemin\/wp-content\/uploads\/2026\/08\/image-85.png?resize=345%2C461&#038;ssl=1\" alt=\"\" class=\"wp-image-28665\" style=\"width:413px;height:auto\" srcset=\"https:\/\/i0.wp.com\/patrimoine-avesnois.fr\/chemin\/wp-content\/uploads\/2026\/08\/image-85.png?w=345&amp;ssl=1 345w, https:\/\/i0.wp.com\/patrimoine-avesnois.fr\/chemin\/wp-content\/uploads\/2026\/08\/image-85.png?resize=225%2C300&amp;ssl=1 225w\" sizes=\"auto, (max-width: 345px) 85vw, 345px\" \/><figcaption class=\"wp-element-caption\">L&rsquo;\u00e9glise Saint-\u00c9tienne de Wignehies<\/figcaption><\/figure>\n<\/div>\n\n\n<p class=\"wp-block-paragraph\"><\/p>\n\n\n\n<h3 class=\"wp-block-heading\">\ud83d\udfe9 <strong>1. Ext\u00e9rieur de l\u2019\u00e9glise<\/strong><\/h3>\n\n\n\n<p class=\"wp-block-paragraph\">L\u2019\u00e9glise actuelle occupe l\u2019emplacement de l\u2019ancien \u00e9difice d\u00e9truit lors de l\u2019incendie de <strong>1675<\/strong>. Une premi\u00e8re reconstruction fut r\u00e9alis\u00e9e en <strong>1687<\/strong>, mais l\u2019\u00e9glise fut finalement d\u00e9molie en <strong>1891<\/strong> pour laisser place \u00e0 un b\u00e2timent plus vaste, adapt\u00e9 \u00e0 une commune alors en pleine expansion industrielle.<\/p>\n\n\n\n<p class=\"wp-block-paragraph\">La nouvelle \u00e9glise, b\u00e2tie en <strong>1891<\/strong> en <strong>moellons de pierre enduits d\u2019un ros\u00e9 caract\u00e9ristique<\/strong>, fut inaugur\u00e9e le <strong>18 avril 1892<\/strong> par Monseigneur Monnier, \u00e9v\u00eaque de Lydda. \u00c0 la fin du XIX\u1d49 si\u00e8cle, Wignehies comptait pr\u00e8s de <strong>6 500 habitants<\/strong>, port\u00e9e par la prosp\u00e9rit\u00e9 textile, ce qui justifiait la construction d\u2019un \u00e9difice plus important, demand\u00e9e par l\u2019abb\u00e9 Bernaux et soutenue par le maire Poulet.<\/p>\n\n\n\n<p class=\"wp-block-paragraph\">L\u2019\u00e9glise a accueilli deux figures marquantes :<\/p>\n\n\n\n<ul class=\"wp-block-list\">\n<li><strong>Michel Coquelet<\/strong>, pr\u00eatre assassin\u00e9 au Laos puis b\u00e9atifi\u00e9,<\/li>\n\n\n\n<li><strong>Philippe de Hautecloque<\/strong>, futur g\u00e9n\u00e9ral Leclerc, qui y venait prier en 1939.<\/li>\n<\/ul>\n\n\n\n<h3 class=\"wp-block-heading\">\ud83d\udfe9 <strong>2. Int\u00e9rieur de l\u2019\u00e9glise<\/strong><\/h3>\n\n\n\n<p class=\"wp-block-paragraph\">L\u2019int\u00e9rieur de Saint\u2011\u00c9tienne pr\u00e9sente un ensemble riche et homog\u00e8ne de mobilier religieux de la fin du XIX\u1d49 si\u00e8cle : <strong>triforium<\/strong>, <strong>autels lat\u00e9raux<\/strong>, <strong>chapelle de Lourdes<\/strong>, <strong>chaire<\/strong>, <strong>confessionnaux<\/strong> (provenant de l\u2019ancienne \u00e9glise), <strong>chemin de croix<\/strong>, <strong>statues<\/strong>, <strong>vitraux<\/strong>, <strong>monument aux morts<\/strong>.<\/p>\n\n\n\n<h5 class=\"wp-block-heading\">\u2b50 Autels et marbreries<\/h5>\n\n\n\n<p class=\"wp-block-paragraph\">Les autels, y compris le <strong>Ma\u00eetre\u2011autel<\/strong>, ont \u00e9t\u00e9 r\u00e9alis\u00e9s par la <strong>marbrerie Vienne de Cousolre<\/strong>, d\u2019apr\u00e8s des dessins de Pattein. Cette marbrerie, tr\u00e8s r\u00e9put\u00e9e, est \u00e0 l\u2019origine de r\u00e9alisations prestigieuses :<\/p>\n\n\n\n<ul class=\"wp-block-list\">\n<li>escalier monumental du <strong>Kursaal d\u2019Ostende<\/strong>,<\/li>\n\n\n\n<li>chemin\u00e9e de l\u2019<strong>h\u00f4tel de ville de Monaco<\/strong>,<\/li>\n\n\n\n<li>treize autels de la <strong>crypte de la basilique de Lisieux<\/strong>,<\/li>\n\n\n\n<li>monuments publics en France et \u00e0 l\u2019\u00e9tranger.<\/li>\n<\/ul>\n\n\n\n<h5 class=\"wp-block-heading\">\u2b50 Sculptures de Gustave Pattein<\/h5>\n\n\n\n<p class=\"wp-block-paragraph\">Toutes les sculptures de l\u2019\u00e9glise ont \u00e9t\u00e9 r\u00e9alis\u00e9es par <strong>Gustave Pattein (1849\u20111924)<\/strong>, sculpteur et dessinateur nordiste originaire de Steenvoorde, install\u00e9 ensuite \u00e0 Hazebrouck. Son \u0153uvre est omnipr\u00e9sente dans les Flandres et le Nord, et conf\u00e8re \u00e0 l\u2019\u00e9glise une identit\u00e9 artistique forte.<\/p>\n\n\n\n<h5 class=\"wp-block-heading\">\u2b50 Vitraux et \u00e9l\u00e9ments m\u00e9moriels<\/h5>\n\n\n\n<p class=\"wp-block-paragraph\">Le vitrail situ\u00e9 derri\u00e8re le <strong>Monument aux Morts<\/strong> est l\u2019un des \u00e9l\u00e9ments les plus remarquables : il int\u00e8gre un <strong>\u201cW\u201d de Wignehies<\/strong> dans son motif sup\u00e9rieur. Lorsque le soleil traverse le verre, le logo se d\u00e9tache et illumine le monument d\u00e9di\u00e9 aux soldats morts pour la France. Ce monument a \u00e9t\u00e9 <strong>restaur\u00e9 en 2015<\/strong> par l\u2019association <strong>M\u00e9moire Vive<\/strong>.<\/p>\n\n\n\n<h5 class=\"wp-block-heading\">\u2b50 Les grandes orgues Anneessens<\/h5>\n\n\n\n<p class=\"wp-block-paragraph\">Les <strong>orgues<\/strong>, install\u00e9es d\u00e8s l\u2019ouverture de l\u2019\u00e9glise, furent construites par le facteur belge <strong>Anneessens<\/strong>. <\/p>\n\n\n\n<p class=\"wp-block-paragraph\">Elles comprenaient <strong>27 jeux r\u00e9partis sur trois claviers<\/strong>, soit <strong>plus de 1200 tuyaux<\/strong>.<\/p>\n\n\n\n<p class=\"wp-block-paragraph\">Pendant la Premi\u00e8re Guerre mondiale, les Allemands r\u00e9quisitionn\u00e8rent les tuyaux en \u00e9tain de la fa\u00e7ade. Une nouvelle fa\u00e7ade en zinc fut pos\u00e9e en <strong>1922<\/strong>, mais elle r\u00e9sista mal au froid et \u00e0 l\u2019humidit\u00e9. Aujourd\u2019hui, <strong>seuls les tuyaux de fa\u00e7ade subsistent<\/strong>, t\u00e9moins d\u2019un instrument autrefois remarquable.<\/p>\n\n\n\n<p class=\"wp-block-paragraph\"><\/p>\n\n\n<div class=\"wp-block-image\">\n<figure class=\"aligncenter size-full is-resized\"><img data-recalc-dims=\"1\" loading=\"lazy\" decoding=\"async\" width=\"617\" height=\"456\" data-attachment-id=\"28675\" data-permalink=\"https:\/\/patrimoine-avesnois.fr\/chemin\/wignehies\/image-3248\/\" data-orig-file=\"https:\/\/i0.wp.com\/patrimoine-avesnois.fr\/chemin\/wp-content\/uploads\/2026\/08\/image-95.png?fit=617%2C456&amp;ssl=1\" data-orig-size=\"617,456\" data-comments-opened=\"1\" data-image-meta=\"{&quot;aperture&quot;:&quot;0&quot;,&quot;credit&quot;:&quot;&quot;,&quot;camera&quot;:&quot;&quot;,&quot;caption&quot;:&quot;&quot;,&quot;created_timestamp&quot;:&quot;0&quot;,&quot;copyright&quot;:&quot;&quot;,&quot;focal_length&quot;:&quot;0&quot;,&quot;iso&quot;:&quot;0&quot;,&quot;shutter_speed&quot;:&quot;0&quot;,&quot;title&quot;:&quot;&quot;,&quot;orientation&quot;:&quot;0&quot;,&quot;alt&quot;:&quot;&quot;}\" data-image-title=\"image\" data-image-description=\"\" data-image-caption=\"\" data-large-file=\"https:\/\/i0.wp.com\/patrimoine-avesnois.fr\/chemin\/wp-content\/uploads\/2026\/08\/image-95.png?fit=617%2C456&amp;ssl=1\" src=\"https:\/\/i0.wp.com\/patrimoine-avesnois.fr\/chemin\/wp-content\/uploads\/2026\/08\/image-95.png?resize=617%2C456&#038;ssl=1\" alt=\"\" class=\"wp-image-28675\" style=\"width:511px;height:auto\" srcset=\"https:\/\/i0.wp.com\/patrimoine-avesnois.fr\/chemin\/wp-content\/uploads\/2026\/08\/image-95.png?w=617&amp;ssl=1 617w, https:\/\/i0.wp.com\/patrimoine-avesnois.fr\/chemin\/wp-content\/uploads\/2026\/08\/image-95.png?resize=300%2C222&amp;ssl=1 300w\" sizes=\"auto, (max-width: 617px) 85vw, 617px\" \/><figcaption class=\"wp-element-caption\">Int\u00e9rieur<\/figcaption><\/figure>\n<\/div>\n\n\n<p class=\"wp-block-paragraph\"><\/p>\n\n\n<div class=\"wp-block-image\">\n<figure class=\"aligncenter size-full is-resized\"><img data-recalc-dims=\"1\" loading=\"lazy\" decoding=\"async\" width=\"618\" height=\"460\" data-attachment-id=\"28683\" data-permalink=\"https:\/\/patrimoine-avesnois.fr\/chemin\/wignehies\/image-3256\/\" data-orig-file=\"https:\/\/i0.wp.com\/patrimoine-avesnois.fr\/chemin\/wp-content\/uploads\/2026\/08\/image-103.png?fit=618%2C460&amp;ssl=1\" data-orig-size=\"618,460\" data-comments-opened=\"1\" data-image-meta=\"{&quot;aperture&quot;:&quot;0&quot;,&quot;credit&quot;:&quot;&quot;,&quot;camera&quot;:&quot;&quot;,&quot;caption&quot;:&quot;&quot;,&quot;created_timestamp&quot;:&quot;0&quot;,&quot;copyright&quot;:&quot;&quot;,&quot;focal_length&quot;:&quot;0&quot;,&quot;iso&quot;:&quot;0&quot;,&quot;shutter_speed&quot;:&quot;0&quot;,&quot;title&quot;:&quot;&quot;,&quot;orientation&quot;:&quot;0&quot;,&quot;alt&quot;:&quot;&quot;}\" data-image-title=\"image\" data-image-description=\"\" data-image-caption=\"\" data-large-file=\"https:\/\/i0.wp.com\/patrimoine-avesnois.fr\/chemin\/wp-content\/uploads\/2026\/08\/image-103.png?fit=618%2C460&amp;ssl=1\" src=\"https:\/\/i0.wp.com\/patrimoine-avesnois.fr\/chemin\/wp-content\/uploads\/2026\/08\/image-103.png?resize=618%2C460&#038;ssl=1\" alt=\"\" class=\"wp-image-28683\" style=\"width:526px;height:auto\" srcset=\"https:\/\/i0.wp.com\/patrimoine-avesnois.fr\/chemin\/wp-content\/uploads\/2026\/08\/image-103.png?w=618&amp;ssl=1 618w, https:\/\/i0.wp.com\/patrimoine-avesnois.fr\/chemin\/wp-content\/uploads\/2026\/08\/image-103.png?resize=300%2C223&amp;ssl=1 300w\" sizes=\"auto, (max-width: 618px) 85vw, 618px\" \/><figcaption class=\"wp-element-caption\">Triforium<\/figcaption><\/figure>\n<\/div>\n\n\n<p class=\"wp-block-paragraph\"><\/p>\n\n\n<div class=\"wp-block-image\">\n<figure class=\"aligncenter size-full is-resized\"><img data-recalc-dims=\"1\" loading=\"lazy\" decoding=\"async\" width=\"260\" height=\"356\" data-attachment-id=\"28677\" data-permalink=\"https:\/\/patrimoine-avesnois.fr\/chemin\/wignehies\/image-3250\/\" data-orig-file=\"https:\/\/i0.wp.com\/patrimoine-avesnois.fr\/chemin\/wp-content\/uploads\/2026\/08\/image-97.png?fit=260%2C356&amp;ssl=1\" data-orig-size=\"260,356\" data-comments-opened=\"1\" data-image-meta=\"{&quot;aperture&quot;:&quot;0&quot;,&quot;credit&quot;:&quot;&quot;,&quot;camera&quot;:&quot;&quot;,&quot;caption&quot;:&quot;&quot;,&quot;created_timestamp&quot;:&quot;0&quot;,&quot;copyright&quot;:&quot;&quot;,&quot;focal_length&quot;:&quot;0&quot;,&quot;iso&quot;:&quot;0&quot;,&quot;shutter_speed&quot;:&quot;0&quot;,&quot;title&quot;:&quot;&quot;,&quot;orientation&quot;:&quot;0&quot;,&quot;alt&quot;:&quot;&quot;}\" data-image-title=\"image\" data-image-description=\"\" data-image-caption=\"\" data-large-file=\"https:\/\/i0.wp.com\/patrimoine-avesnois.fr\/chemin\/wp-content\/uploads\/2026\/08\/image-97.png?fit=260%2C356&amp;ssl=1\" src=\"https:\/\/i0.wp.com\/patrimoine-avesnois.fr\/chemin\/wp-content\/uploads\/2026\/08\/image-97.png?resize=260%2C356&#038;ssl=1\" alt=\"\" class=\"wp-image-28677\" style=\"width:390px;height:auto\" srcset=\"https:\/\/i0.wp.com\/patrimoine-avesnois.fr\/chemin\/wp-content\/uploads\/2026\/08\/image-97.png?w=260&amp;ssl=1 260w, https:\/\/i0.wp.com\/patrimoine-avesnois.fr\/chemin\/wp-content\/uploads\/2026\/08\/image-97.png?resize=219%2C300&amp;ssl=1 219w\" sizes=\"auto, (max-width: 260px) 85vw, 260px\" \/><figcaption class=\"wp-element-caption\">Autel lat\u00e9ral<\/figcaption><\/figure>\n<\/div>\n\n\n<p class=\"wp-block-paragraph\"><\/p>\n\n\n<div class=\"wp-block-image\">\n<figure class=\"aligncenter size-full is-resized\"><img data-recalc-dims=\"1\" loading=\"lazy\" decoding=\"async\" width=\"343\" height=\"464\" data-attachment-id=\"28681\" data-permalink=\"https:\/\/patrimoine-avesnois.fr\/chemin\/wignehies\/image-3254\/\" data-orig-file=\"https:\/\/i0.wp.com\/patrimoine-avesnois.fr\/chemin\/wp-content\/uploads\/2026\/08\/image-101.png?fit=343%2C464&amp;ssl=1\" data-orig-size=\"343,464\" data-comments-opened=\"1\" data-image-meta=\"{&quot;aperture&quot;:&quot;0&quot;,&quot;credit&quot;:&quot;&quot;,&quot;camera&quot;:&quot;&quot;,&quot;caption&quot;:&quot;&quot;,&quot;created_timestamp&quot;:&quot;0&quot;,&quot;copyright&quot;:&quot;&quot;,&quot;focal_length&quot;:&quot;0&quot;,&quot;iso&quot;:&quot;0&quot;,&quot;shutter_speed&quot;:&quot;0&quot;,&quot;title&quot;:&quot;&quot;,&quot;orientation&quot;:&quot;0&quot;,&quot;alt&quot;:&quot;&quot;}\" data-image-title=\"image\" data-image-description=\"\" data-image-caption=\"\" data-large-file=\"https:\/\/i0.wp.com\/patrimoine-avesnois.fr\/chemin\/wp-content\/uploads\/2026\/08\/image-101.png?fit=343%2C464&amp;ssl=1\" src=\"https:\/\/i0.wp.com\/patrimoine-avesnois.fr\/chemin\/wp-content\/uploads\/2026\/08\/image-101.png?resize=343%2C464&#038;ssl=1\" alt=\"\" class=\"wp-image-28681\" style=\"width:393px;height:auto\" srcset=\"https:\/\/i0.wp.com\/patrimoine-avesnois.fr\/chemin\/wp-content\/uploads\/2026\/08\/image-101.png?w=343&amp;ssl=1 343w, https:\/\/i0.wp.com\/patrimoine-avesnois.fr\/chemin\/wp-content\/uploads\/2026\/08\/image-101.png?resize=222%2C300&amp;ssl=1 222w\" sizes=\"auto, (max-width: 343px) 85vw, 343px\" \/><figcaption class=\"wp-element-caption\">Autel lat\u00e9ral<\/figcaption><\/figure>\n<\/div>\n\n\n<p class=\"wp-block-paragraph\"><\/p>\n\n\n<div class=\"wp-block-image\">\n<figure class=\"aligncenter size-full\"><img data-recalc-dims=\"1\" loading=\"lazy\" decoding=\"async\" width=\"345\" height=\"470\" data-attachment-id=\"28671\" data-permalink=\"https:\/\/patrimoine-avesnois.fr\/chemin\/wignehies\/image-3244\/\" data-orig-file=\"https:\/\/i0.wp.com\/patrimoine-avesnois.fr\/chemin\/wp-content\/uploads\/2026\/08\/image-91.png?fit=345%2C470&amp;ssl=1\" data-orig-size=\"345,470\" data-comments-opened=\"1\" data-image-meta=\"{&quot;aperture&quot;:&quot;0&quot;,&quot;credit&quot;:&quot;&quot;,&quot;camera&quot;:&quot;&quot;,&quot;caption&quot;:&quot;&quot;,&quot;created_timestamp&quot;:&quot;0&quot;,&quot;copyright&quot;:&quot;&quot;,&quot;focal_length&quot;:&quot;0&quot;,&quot;iso&quot;:&quot;0&quot;,&quot;shutter_speed&quot;:&quot;0&quot;,&quot;title&quot;:&quot;&quot;,&quot;orientation&quot;:&quot;0&quot;,&quot;alt&quot;:&quot;&quot;}\" data-image-title=\"image\" data-image-description=\"\" data-image-caption=\"\" data-large-file=\"https:\/\/i0.wp.com\/patrimoine-avesnois.fr\/chemin\/wp-content\/uploads\/2026\/08\/image-91.png?fit=345%2C470&amp;ssl=1\" src=\"https:\/\/i0.wp.com\/patrimoine-avesnois.fr\/chemin\/wp-content\/uploads\/2026\/08\/image-91.png?resize=345%2C470&#038;ssl=1\" alt=\"\" class=\"wp-image-28671\" srcset=\"https:\/\/i0.wp.com\/patrimoine-avesnois.fr\/chemin\/wp-content\/uploads\/2026\/08\/image-91.png?w=345&amp;ssl=1 345w, https:\/\/i0.wp.com\/patrimoine-avesnois.fr\/chemin\/wp-content\/uploads\/2026\/08\/image-91.png?resize=220%2C300&amp;ssl=1 220w\" sizes=\"auto, (max-width: 345px) 85vw, 345px\" \/><figcaption class=\"wp-element-caption\">Ma\u00eetre Autel en marbre et pierre r\u00e9alis\u00e9 par la marbrerie Vienne de Cousolre<\/figcaption><\/figure>\n<\/div>\n\n\n<p class=\"wp-block-paragraph\"><\/p>\n\n\n<div class=\"wp-block-image\">\n<figure class=\"aligncenter size-full is-resized\"><img data-recalc-dims=\"1\" loading=\"lazy\" decoding=\"async\" width=\"261\" height=\"362\" data-attachment-id=\"28688\" data-permalink=\"https:\/\/patrimoine-avesnois.fr\/chemin\/wignehies\/image-3260\/\" data-orig-file=\"https:\/\/i0.wp.com\/patrimoine-avesnois.fr\/chemin\/wp-content\/uploads\/2026\/08\/image-107.png?fit=261%2C362&amp;ssl=1\" data-orig-size=\"261,362\" data-comments-opened=\"1\" data-image-meta=\"{&quot;aperture&quot;:&quot;0&quot;,&quot;credit&quot;:&quot;&quot;,&quot;camera&quot;:&quot;&quot;,&quot;caption&quot;:&quot;&quot;,&quot;created_timestamp&quot;:&quot;0&quot;,&quot;copyright&quot;:&quot;&quot;,&quot;focal_length&quot;:&quot;0&quot;,&quot;iso&quot;:&quot;0&quot;,&quot;shutter_speed&quot;:&quot;0&quot;,&quot;title&quot;:&quot;&quot;,&quot;orientation&quot;:&quot;0&quot;,&quot;alt&quot;:&quot;&quot;}\" data-image-title=\"image\" data-image-description=\"\" data-image-caption=\"\" data-large-file=\"https:\/\/i0.wp.com\/patrimoine-avesnois.fr\/chemin\/wp-content\/uploads\/2026\/08\/image-107.png?fit=261%2C362&amp;ssl=1\" src=\"https:\/\/i0.wp.com\/patrimoine-avesnois.fr\/chemin\/wp-content\/uploads\/2026\/08\/image-107.png?resize=261%2C362&#038;ssl=1\" alt=\"\" class=\"wp-image-28688\" style=\"width:337px;height:auto\" srcset=\"https:\/\/i0.wp.com\/patrimoine-avesnois.fr\/chemin\/wp-content\/uploads\/2026\/08\/image-107.png?w=261&amp;ssl=1 261w, https:\/\/i0.wp.com\/patrimoine-avesnois.fr\/chemin\/wp-content\/uploads\/2026\/08\/image-107.png?resize=216%2C300&amp;ssl=1 216w\" sizes=\"auto, (max-width: 261px) 85vw, 261px\" \/><figcaption class=\"wp-element-caption\">Autel lat\u00e9ral<\/figcaption><\/figure>\n<\/div>\n\n\n<p class=\"wp-block-paragraph\"><\/p>\n\n\n<div class=\"wp-block-image\">\n<figure class=\"aligncenter size-full is-resized\"><img data-recalc-dims=\"1\" loading=\"lazy\" decoding=\"async\" width=\"307\" height=\"467\" data-attachment-id=\"28673\" data-permalink=\"https:\/\/patrimoine-avesnois.fr\/chemin\/wignehies\/image-3246\/\" data-orig-file=\"https:\/\/i0.wp.com\/patrimoine-avesnois.fr\/chemin\/wp-content\/uploads\/2026\/08\/image-93.png?fit=307%2C467&amp;ssl=1\" data-orig-size=\"307,467\" data-comments-opened=\"1\" data-image-meta=\"{&quot;aperture&quot;:&quot;0&quot;,&quot;credit&quot;:&quot;&quot;,&quot;camera&quot;:&quot;&quot;,&quot;caption&quot;:&quot;&quot;,&quot;created_timestamp&quot;:&quot;0&quot;,&quot;copyright&quot;:&quot;&quot;,&quot;focal_length&quot;:&quot;0&quot;,&quot;iso&quot;:&quot;0&quot;,&quot;shutter_speed&quot;:&quot;0&quot;,&quot;title&quot;:&quot;&quot;,&quot;orientation&quot;:&quot;0&quot;,&quot;alt&quot;:&quot;&quot;}\" data-image-title=\"image\" data-image-description=\"\" data-image-caption=\"\" data-large-file=\"https:\/\/i0.wp.com\/patrimoine-avesnois.fr\/chemin\/wp-content\/uploads\/2026\/08\/image-93.png?fit=307%2C467&amp;ssl=1\" src=\"https:\/\/i0.wp.com\/patrimoine-avesnois.fr\/chemin\/wp-content\/uploads\/2026\/08\/image-93.png?resize=307%2C467&#038;ssl=1\" alt=\"\" class=\"wp-image-28673\" style=\"aspect-ratio:0.6573930963420918;width:333px;height:auto\" srcset=\"https:\/\/i0.wp.com\/patrimoine-avesnois.fr\/chemin\/wp-content\/uploads\/2026\/08\/image-93.png?w=307&amp;ssl=1 307w, https:\/\/i0.wp.com\/patrimoine-avesnois.fr\/chemin\/wp-content\/uploads\/2026\/08\/image-93.png?resize=197%2C300&amp;ssl=1 197w\" sizes=\"auto, (max-width: 307px) 85vw, 307px\" \/><\/figure>\n<\/div>\n\n\n<p class=\"wp-block-paragraph\"><\/p>\n\n\n<div class=\"wp-block-image\">\n<figure class=\"aligncenter size-full is-resized\"><img data-recalc-dims=\"1\" loading=\"lazy\" decoding=\"async\" width=\"266\" height=\"359\" data-attachment-id=\"28692\" data-permalink=\"https:\/\/patrimoine-avesnois.fr\/chemin\/wignehies\/image-3264\/\" data-orig-file=\"https:\/\/i0.wp.com\/patrimoine-avesnois.fr\/chemin\/wp-content\/uploads\/2026\/08\/image-111.png?fit=266%2C359&amp;ssl=1\" data-orig-size=\"266,359\" data-comments-opened=\"1\" data-image-meta=\"{&quot;aperture&quot;:&quot;0&quot;,&quot;credit&quot;:&quot;&quot;,&quot;camera&quot;:&quot;&quot;,&quot;caption&quot;:&quot;&quot;,&quot;created_timestamp&quot;:&quot;0&quot;,&quot;copyright&quot;:&quot;&quot;,&quot;focal_length&quot;:&quot;0&quot;,&quot;iso&quot;:&quot;0&quot;,&quot;shutter_speed&quot;:&quot;0&quot;,&quot;title&quot;:&quot;&quot;,&quot;orientation&quot;:&quot;0&quot;,&quot;alt&quot;:&quot;&quot;}\" data-image-title=\"image\" data-image-description=\"\" data-image-caption=\"\" data-large-file=\"https:\/\/i0.wp.com\/patrimoine-avesnois.fr\/chemin\/wp-content\/uploads\/2026\/08\/image-111.png?fit=266%2C359&amp;ssl=1\" src=\"https:\/\/i0.wp.com\/patrimoine-avesnois.fr\/chemin\/wp-content\/uploads\/2026\/08\/image-111.png?resize=266%2C359&#038;ssl=1\" alt=\"\" class=\"wp-image-28692\" style=\"width:368px;height:auto\" srcset=\"https:\/\/i0.wp.com\/patrimoine-avesnois.fr\/chemin\/wp-content\/uploads\/2026\/08\/image-111.png?w=266&amp;ssl=1 266w, https:\/\/i0.wp.com\/patrimoine-avesnois.fr\/chemin\/wp-content\/uploads\/2026\/08\/image-111.png?resize=222%2C300&amp;ssl=1 222w\" sizes=\"auto, (max-width: 266px) 85vw, 266px\" \/><figcaption class=\"wp-element-caption\">Les Orgues <\/figcaption><\/figure>\n<\/div>\n\n\n<p class=\"wp-block-paragraph\"><\/p>\n\n\n\n<p class=\"wp-block-paragraph\"><\/p>\n\n\n<div class=\"wp-block-image\">\n<figure class=\"aligncenter size-full is-resized\"><img data-recalc-dims=\"1\" loading=\"lazy\" decoding=\"async\" width=\"303\" height=\"468\" data-attachment-id=\"28678\" data-permalink=\"https:\/\/patrimoine-avesnois.fr\/chemin\/wignehies\/image-3251\/\" data-orig-file=\"https:\/\/i0.wp.com\/patrimoine-avesnois.fr\/chemin\/wp-content\/uploads\/2026\/08\/image-98.png?fit=303%2C468&amp;ssl=1\" data-orig-size=\"303,468\" data-comments-opened=\"1\" data-image-meta=\"{&quot;aperture&quot;:&quot;0&quot;,&quot;credit&quot;:&quot;&quot;,&quot;camera&quot;:&quot;&quot;,&quot;caption&quot;:&quot;&quot;,&quot;created_timestamp&quot;:&quot;0&quot;,&quot;copyright&quot;:&quot;&quot;,&quot;focal_length&quot;:&quot;0&quot;,&quot;iso&quot;:&quot;0&quot;,&quot;shutter_speed&quot;:&quot;0&quot;,&quot;title&quot;:&quot;&quot;,&quot;orientation&quot;:&quot;0&quot;,&quot;alt&quot;:&quot;&quot;}\" data-image-title=\"image\" data-image-description=\"\" data-image-caption=\"\" data-large-file=\"https:\/\/i0.wp.com\/patrimoine-avesnois.fr\/chemin\/wp-content\/uploads\/2026\/08\/image-98.png?fit=303%2C468&amp;ssl=1\" src=\"https:\/\/i0.wp.com\/patrimoine-avesnois.fr\/chemin\/wp-content\/uploads\/2026\/08\/image-98.png?resize=303%2C468&#038;ssl=1\" alt=\"\" class=\"wp-image-28678\" style=\"width:333px;height:auto\" srcset=\"https:\/\/i0.wp.com\/patrimoine-avesnois.fr\/chemin\/wp-content\/uploads\/2026\/08\/image-98.png?w=303&amp;ssl=1 303w, https:\/\/i0.wp.com\/patrimoine-avesnois.fr\/chemin\/wp-content\/uploads\/2026\/08\/image-98.png?resize=194%2C300&amp;ssl=1 194w\" sizes=\"auto, (max-width: 303px) 85vw, 303px\" \/><figcaption class=\"wp-element-caption\">Chapelle de Lourdes<\/figcaption><\/figure>\n<\/div>\n\n\n<p class=\"wp-block-paragraph\"><\/p>\n\n\n<div class=\"wp-block-image\">\n<figure class=\"aligncenter size-full is-resized\"><img data-recalc-dims=\"1\" loading=\"lazy\" decoding=\"async\" width=\"273\" height=\"359\" data-attachment-id=\"28690\" data-permalink=\"https:\/\/patrimoine-avesnois.fr\/chemin\/wignehies\/image-3262\/\" data-orig-file=\"https:\/\/i0.wp.com\/patrimoine-avesnois.fr\/chemin\/wp-content\/uploads\/2026\/08\/image-109.png?fit=273%2C359&amp;ssl=1\" data-orig-size=\"273,359\" data-comments-opened=\"1\" data-image-meta=\"{&quot;aperture&quot;:&quot;0&quot;,&quot;credit&quot;:&quot;&quot;,&quot;camera&quot;:&quot;&quot;,&quot;caption&quot;:&quot;&quot;,&quot;created_timestamp&quot;:&quot;0&quot;,&quot;copyright&quot;:&quot;&quot;,&quot;focal_length&quot;:&quot;0&quot;,&quot;iso&quot;:&quot;0&quot;,&quot;shutter_speed&quot;:&quot;0&quot;,&quot;title&quot;:&quot;&quot;,&quot;orientation&quot;:&quot;0&quot;,&quot;alt&quot;:&quot;&quot;}\" data-image-title=\"image\" data-image-description=\"\" data-image-caption=\"\" data-large-file=\"https:\/\/i0.wp.com\/patrimoine-avesnois.fr\/chemin\/wp-content\/uploads\/2026\/08\/image-109.png?fit=273%2C359&amp;ssl=1\" src=\"https:\/\/i0.wp.com\/patrimoine-avesnois.fr\/chemin\/wp-content\/uploads\/2026\/08\/image-109.png?resize=273%2C359&#038;ssl=1\" alt=\"\" class=\"wp-image-28690\" style=\"width:383px;height:auto\" srcset=\"https:\/\/i0.wp.com\/patrimoine-avesnois.fr\/chemin\/wp-content\/uploads\/2026\/08\/image-109.png?w=273&amp;ssl=1 273w, https:\/\/i0.wp.com\/patrimoine-avesnois.fr\/chemin\/wp-content\/uploads\/2026\/08\/image-109.png?resize=228%2C300&amp;ssl=1 228w\" sizes=\"auto, (max-width: 273px) 85vw, 273px\" \/><\/figure>\n<\/div>\n\n\n<p class=\"wp-block-paragraph\"><\/p>\n\n\n<div class=\"wp-block-image\">\n<figure class=\"aligncenter size-full is-resized\"><img data-recalc-dims=\"1\" loading=\"lazy\" decoding=\"async\" width=\"263\" height=\"361\" data-attachment-id=\"28694\" data-permalink=\"https:\/\/patrimoine-avesnois.fr\/chemin\/wignehies\/image-3266\/\" data-orig-file=\"https:\/\/i0.wp.com\/patrimoine-avesnois.fr\/chemin\/wp-content\/uploads\/2026\/08\/image-113.png?fit=263%2C361&amp;ssl=1\" data-orig-size=\"263,361\" data-comments-opened=\"1\" data-image-meta=\"{&quot;aperture&quot;:&quot;0&quot;,&quot;credit&quot;:&quot;&quot;,&quot;camera&quot;:&quot;&quot;,&quot;caption&quot;:&quot;&quot;,&quot;created_timestamp&quot;:&quot;0&quot;,&quot;copyright&quot;:&quot;&quot;,&quot;focal_length&quot;:&quot;0&quot;,&quot;iso&quot;:&quot;0&quot;,&quot;shutter_speed&quot;:&quot;0&quot;,&quot;title&quot;:&quot;&quot;,&quot;orientation&quot;:&quot;0&quot;,&quot;alt&quot;:&quot;&quot;}\" data-image-title=\"image\" data-image-description=\"\" data-image-caption=\"\" data-large-file=\"https:\/\/i0.wp.com\/patrimoine-avesnois.fr\/chemin\/wp-content\/uploads\/2026\/08\/image-113.png?fit=263%2C361&amp;ssl=1\" src=\"https:\/\/i0.wp.com\/patrimoine-avesnois.fr\/chemin\/wp-content\/uploads\/2026\/08\/image-113.png?resize=263%2C361&#038;ssl=1\" alt=\"\" class=\"wp-image-28694\" style=\"width:381px;height:auto\" srcset=\"https:\/\/i0.wp.com\/patrimoine-avesnois.fr\/chemin\/wp-content\/uploads\/2026\/08\/image-113.png?w=263&amp;ssl=1 263w, https:\/\/i0.wp.com\/patrimoine-avesnois.fr\/chemin\/wp-content\/uploads\/2026\/08\/image-113.png?resize=219%2C300&amp;ssl=1 219w\" sizes=\"auto, (max-width: 263px) 85vw, 263px\" \/><figcaption class=\"wp-element-caption\">Saint Fran\u00e7ois d&rsquo;assise<\/figcaption><\/figure>\n<\/div>\n\n\n<p class=\"wp-block-paragraph\"><\/p>\n\n\n<div class=\"wp-block-image\">\n<figure class=\"aligncenter size-full is-resized\"><img data-recalc-dims=\"1\" loading=\"lazy\" decoding=\"async\" width=\"272\" height=\"357\" data-attachment-id=\"28696\" data-permalink=\"https:\/\/patrimoine-avesnois.fr\/chemin\/wignehies\/image-3268\/\" data-orig-file=\"https:\/\/i0.wp.com\/patrimoine-avesnois.fr\/chemin\/wp-content\/uploads\/2026\/08\/image-115.png?fit=272%2C357&amp;ssl=1\" data-orig-size=\"272,357\" data-comments-opened=\"1\" data-image-meta=\"{&quot;aperture&quot;:&quot;0&quot;,&quot;credit&quot;:&quot;&quot;,&quot;camera&quot;:&quot;&quot;,&quot;caption&quot;:&quot;&quot;,&quot;created_timestamp&quot;:&quot;0&quot;,&quot;copyright&quot;:&quot;&quot;,&quot;focal_length&quot;:&quot;0&quot;,&quot;iso&quot;:&quot;0&quot;,&quot;shutter_speed&quot;:&quot;0&quot;,&quot;title&quot;:&quot;&quot;,&quot;orientation&quot;:&quot;0&quot;,&quot;alt&quot;:&quot;&quot;}\" data-image-title=\"image\" data-image-description=\"\" data-image-caption=\"\" data-large-file=\"https:\/\/i0.wp.com\/patrimoine-avesnois.fr\/chemin\/wp-content\/uploads\/2026\/08\/image-115.png?fit=272%2C357&amp;ssl=1\" src=\"https:\/\/i0.wp.com\/patrimoine-avesnois.fr\/chemin\/wp-content\/uploads\/2026\/08\/image-115.png?resize=272%2C357&#038;ssl=1\" alt=\"\" class=\"wp-image-28696\" style=\"width:374px;height:auto\" srcset=\"https:\/\/i0.wp.com\/patrimoine-avesnois.fr\/chemin\/wp-content\/uploads\/2026\/08\/image-115.png?w=272&amp;ssl=1 272w, https:\/\/i0.wp.com\/patrimoine-avesnois.fr\/chemin\/wp-content\/uploads\/2026\/08\/image-115.png?resize=229%2C300&amp;ssl=1 229w\" sizes=\"auto, (max-width: 272px) 85vw, 272px\" \/><figcaption class=\"wp-element-caption\">Saint Louis<\/figcaption><\/figure>\n<\/div>\n\n\n<p class=\"wp-block-paragraph\"><\/p>\n\n\n\n<p class=\"wp-block-paragraph\">Les photos ci-dessus proviennent de  Wikimedia Commons Cr\u00e9dit \u00e0 l&rsquo;auteur :  <a href=\"https:\/\/commons.wikimedia.org\/wiki\/File:%C3%89glise_Saint-%C3%89tienne_de_Wignehies_chapelle_de_lourdes.JPG\" target=\"_blank\" rel=\"noreferrer noopener\">Chatsam<\/a>, <a href=\"https:\/\/creativecommons.org\/licenses\/by-sa\/3.0\" target=\"_blank\" rel=\"noreferrer noopener\">CC BY-SA 3.0<\/a>, <\/p>\n\n\n<div class=\"wp-block-image\">\n<figure class=\"aligncenter size-full\"><img data-recalc-dims=\"1\" loading=\"lazy\" decoding=\"async\" width=\"353\" height=\"467\" data-attachment-id=\"28669\" data-permalink=\"https:\/\/patrimoine-avesnois.fr\/chemin\/wignehies\/image-3242\/\" data-orig-file=\"https:\/\/i0.wp.com\/patrimoine-avesnois.fr\/chemin\/wp-content\/uploads\/2026\/08\/image-89.png?fit=353%2C467&amp;ssl=1\" data-orig-size=\"353,467\" data-comments-opened=\"1\" data-image-meta=\"{&quot;aperture&quot;:&quot;0&quot;,&quot;credit&quot;:&quot;&quot;,&quot;camera&quot;:&quot;&quot;,&quot;caption&quot;:&quot;&quot;,&quot;created_timestamp&quot;:&quot;0&quot;,&quot;copyright&quot;:&quot;&quot;,&quot;focal_length&quot;:&quot;0&quot;,&quot;iso&quot;:&quot;0&quot;,&quot;shutter_speed&quot;:&quot;0&quot;,&quot;title&quot;:&quot;&quot;,&quot;orientation&quot;:&quot;0&quot;,&quot;alt&quot;:&quot;&quot;}\" data-image-title=\"image\" data-image-description=\"\" data-image-caption=\"\" data-large-file=\"https:\/\/i0.wp.com\/patrimoine-avesnois.fr\/chemin\/wp-content\/uploads\/2026\/08\/image-89.png?fit=353%2C467&amp;ssl=1\" src=\"https:\/\/i0.wp.com\/patrimoine-avesnois.fr\/chemin\/wp-content\/uploads\/2026\/08\/image-89.png?resize=353%2C467&#038;ssl=1\" alt=\"\" class=\"wp-image-28669\" srcset=\"https:\/\/i0.wp.com\/patrimoine-avesnois.fr\/chemin\/wp-content\/uploads\/2026\/08\/image-89.png?w=353&amp;ssl=1 353w, https:\/\/i0.wp.com\/patrimoine-avesnois.fr\/chemin\/wp-content\/uploads\/2026\/08\/image-89.png?resize=227%2C300&amp;ssl=1 227w\" sizes=\"auto, (max-width: 353px) 85vw, 353px\" \/><figcaption class=\"wp-element-caption\">La Chaire<\/figcaption><\/figure>\n<\/div>\n\n\n<p class=\"wp-block-paragraph\"><\/p>\n\n\n<div class=\"wp-block-image\">\n<figure class=\"aligncenter size-full\"><img data-recalc-dims=\"1\" loading=\"lazy\" decoding=\"async\" width=\"349\" height=\"460\" data-attachment-id=\"28686\" data-permalink=\"https:\/\/patrimoine-avesnois.fr\/chemin\/wignehies\/image-3258\/\" data-orig-file=\"https:\/\/i0.wp.com\/patrimoine-avesnois.fr\/chemin\/wp-content\/uploads\/2026\/08\/image-105.png?fit=349%2C460&amp;ssl=1\" data-orig-size=\"349,460\" data-comments-opened=\"1\" data-image-meta=\"{&quot;aperture&quot;:&quot;0&quot;,&quot;credit&quot;:&quot;&quot;,&quot;camera&quot;:&quot;&quot;,&quot;caption&quot;:&quot;&quot;,&quot;created_timestamp&quot;:&quot;0&quot;,&quot;copyright&quot;:&quot;&quot;,&quot;focal_length&quot;:&quot;0&quot;,&quot;iso&quot;:&quot;0&quot;,&quot;shutter_speed&quot;:&quot;0&quot;,&quot;title&quot;:&quot;&quot;,&quot;orientation&quot;:&quot;0&quot;,&quot;alt&quot;:&quot;&quot;}\" data-image-title=\"image\" data-image-description=\"\" data-image-caption=\"\" data-large-file=\"https:\/\/i0.wp.com\/patrimoine-avesnois.fr\/chemin\/wp-content\/uploads\/2026\/08\/image-105.png?fit=349%2C460&amp;ssl=1\" src=\"https:\/\/i0.wp.com\/patrimoine-avesnois.fr\/chemin\/wp-content\/uploads\/2026\/08\/image-105.png?resize=349%2C460&#038;ssl=1\" alt=\"\" class=\"wp-image-28686\" srcset=\"https:\/\/i0.wp.com\/patrimoine-avesnois.fr\/chemin\/wp-content\/uploads\/2026\/08\/image-105.png?w=349&amp;ssl=1 349w, https:\/\/i0.wp.com\/patrimoine-avesnois.fr\/chemin\/wp-content\/uploads\/2026\/08\/image-105.png?resize=228%2C300&amp;ssl=1 228w\" sizes=\"auto, (max-width: 349px) 85vw, 349px\" \/><figcaption class=\"wp-element-caption\">Confessionnal<\/figcaption><\/figure>\n<\/div>\n\n\n<p class=\"wp-block-paragraph\"><\/p>\n\n\n<div class=\"wp-block-image\">\n<figure class=\"aligncenter size-full is-resized\"><img data-recalc-dims=\"1\" loading=\"lazy\" decoding=\"async\" width=\"273\" height=\"361\" data-attachment-id=\"28726\" data-permalink=\"https:\/\/patrimoine-avesnois.fr\/chemin\/wignehies\/image-3279\/\" data-orig-file=\"https:\/\/i0.wp.com\/patrimoine-avesnois.fr\/chemin\/wp-content\/uploads\/2026\/08\/image-126.png?fit=273%2C361&amp;ssl=1\" data-orig-size=\"273,361\" data-comments-opened=\"1\" data-image-meta=\"{&quot;aperture&quot;:&quot;0&quot;,&quot;credit&quot;:&quot;&quot;,&quot;camera&quot;:&quot;&quot;,&quot;caption&quot;:&quot;&quot;,&quot;created_timestamp&quot;:&quot;0&quot;,&quot;copyright&quot;:&quot;&quot;,&quot;focal_length&quot;:&quot;0&quot;,&quot;iso&quot;:&quot;0&quot;,&quot;shutter_speed&quot;:&quot;0&quot;,&quot;title&quot;:&quot;&quot;,&quot;orientation&quot;:&quot;0&quot;,&quot;alt&quot;:&quot;&quot;}\" data-image-title=\"image\" data-image-description=\"\" data-image-caption=\"\" data-large-file=\"https:\/\/i0.wp.com\/patrimoine-avesnois.fr\/chemin\/wp-content\/uploads\/2026\/08\/image-126.png?fit=273%2C361&amp;ssl=1\" src=\"https:\/\/i0.wp.com\/patrimoine-avesnois.fr\/chemin\/wp-content\/uploads\/2026\/08\/image-126.png?resize=273%2C361&#038;ssl=1\" alt=\"\" class=\"wp-image-28726\" style=\"width:347px;height:auto\" srcset=\"https:\/\/i0.wp.com\/patrimoine-avesnois.fr\/chemin\/wp-content\/uploads\/2026\/08\/image-126.png?w=273&amp;ssl=1 273w, https:\/\/i0.wp.com\/patrimoine-avesnois.fr\/chemin\/wp-content\/uploads\/2026\/08\/image-126.png?resize=227%2C300&amp;ssl=1 227w\" sizes=\"auto, (max-width: 273px) 85vw, 273px\" \/><figcaption class=\"wp-element-caption\">Second confessionnal<\/figcaption><\/figure>\n<\/div>\n\n\n<p class=\"wp-block-paragraph\"><\/p>\n\n\n<div class=\"wp-block-image\">\n<figure class=\"aligncenter size-full\"><img data-recalc-dims=\"1\" loading=\"lazy\" decoding=\"async\" width=\"364\" height=\"328\" data-attachment-id=\"28727\" data-permalink=\"https:\/\/patrimoine-avesnois.fr\/chemin\/wignehies\/image-3280\/\" data-orig-file=\"https:\/\/i0.wp.com\/patrimoine-avesnois.fr\/chemin\/wp-content\/uploads\/2026\/08\/image-127.png?fit=364%2C328&amp;ssl=1\" data-orig-size=\"364,328\" data-comments-opened=\"1\" data-image-meta=\"{&quot;aperture&quot;:&quot;0&quot;,&quot;credit&quot;:&quot;&quot;,&quot;camera&quot;:&quot;&quot;,&quot;caption&quot;:&quot;&quot;,&quot;created_timestamp&quot;:&quot;0&quot;,&quot;copyright&quot;:&quot;&quot;,&quot;focal_length&quot;:&quot;0&quot;,&quot;iso&quot;:&quot;0&quot;,&quot;shutter_speed&quot;:&quot;0&quot;,&quot;title&quot;:&quot;&quot;,&quot;orientation&quot;:&quot;0&quot;,&quot;alt&quot;:&quot;&quot;}\" data-image-title=\"image\" data-image-description=\"\" data-image-caption=\"\" data-large-file=\"https:\/\/i0.wp.com\/patrimoine-avesnois.fr\/chemin\/wp-content\/uploads\/2026\/08\/image-127.png?fit=364%2C328&amp;ssl=1\" src=\"https:\/\/i0.wp.com\/patrimoine-avesnois.fr\/chemin\/wp-content\/uploads\/2026\/08\/image-127.png?resize=364%2C328&#038;ssl=1\" alt=\"\" class=\"wp-image-28727\" srcset=\"https:\/\/i0.wp.com\/patrimoine-avesnois.fr\/chemin\/wp-content\/uploads\/2026\/08\/image-127.png?w=364&amp;ssl=1 364w, https:\/\/i0.wp.com\/patrimoine-avesnois.fr\/chemin\/wp-content\/uploads\/2026\/08\/image-127.png?resize=300%2C270&amp;ssl=1 300w\" sizes=\"auto, (max-width: 364px) 85vw, 364px\" \/><figcaption class=\"wp-element-caption\">D\u00e9tail du confessionnal<\/figcaption><\/figure>\n<\/div>\n\n\n<p class=\"wp-block-paragraph\"><\/p>\n\n\n\n<p class=\"wp-block-paragraph\"><\/p>\n\n\n<div class=\"wp-block-image is-resized\">\n<figure class=\"aligncenter\"><img decoding=\"async\" src=\"https:\/\/upload.wikimedia.org\/wikipedia\/commons\/a\/a2\/Mom_2_%C3%89glise_Saint-%C3%89tienne_de_Wignehies.JPG\" alt=\"\" style=\"aspect-ratio:0.7499999716730412;width:448px;height:auto\"\/><figcaption class=\"wp-element-caption\">Monument aux Morts<\/figcaption><\/figure>\n<\/div>\n\n<div class=\"wp-block-image\">\n<figure class=\"aligncenter size-full is-resized\"><img data-recalc-dims=\"1\" loading=\"lazy\" decoding=\"async\" width=\"629\" height=\"860\" data-attachment-id=\"21127\" data-permalink=\"https:\/\/patrimoine-avesnois.fr\/chemin\/wignehies\/monument-aux-morts-eglise\/\" data-orig-file=\"https:\/\/i0.wp.com\/patrimoine-avesnois.fr\/chemin\/wp-content\/uploads\/2025\/02\/Monument-aux-morts-eglise.jpg?fit=629%2C860&amp;ssl=1\" data-orig-size=\"629,860\" data-comments-opened=\"1\" data-image-meta=\"{&quot;aperture&quot;:&quot;0&quot;,&quot;credit&quot;:&quot;CARRE&quot;,&quot;camera&quot;:&quot;&quot;,&quot;caption&quot;:&quot;&quot;,&quot;created_timestamp&quot;:&quot;1740315517&quot;,&quot;copyright&quot;:&quot;&quot;,&quot;focal_length&quot;:&quot;0&quot;,&quot;iso&quot;:&quot;0&quot;,&quot;shutter_speed&quot;:&quot;0&quot;,&quot;title&quot;:&quot;&quot;,&quot;orientation&quot;:&quot;0&quot;}\" data-image-title=\"Monument aux morts \u00e9glise\" data-image-description=\"\" data-image-caption=\"\" data-large-file=\"https:\/\/i0.wp.com\/patrimoine-avesnois.fr\/chemin\/wp-content\/uploads\/2025\/02\/Monument-aux-morts-eglise.jpg?fit=629%2C860&amp;ssl=1\" src=\"https:\/\/i0.wp.com\/patrimoine-avesnois.fr\/chemin\/wp-content\/uploads\/2025\/02\/Monument-aux-morts-eglise.jpg?resize=629%2C860&#038;ssl=1\" alt=\"\" class=\"wp-image-21127\" style=\"width:450px\" srcset=\"https:\/\/i0.wp.com\/patrimoine-avesnois.fr\/chemin\/wp-content\/uploads\/2025\/02\/Monument-aux-morts-eglise.jpg?w=629&amp;ssl=1 629w, https:\/\/i0.wp.com\/patrimoine-avesnois.fr\/chemin\/wp-content\/uploads\/2025\/02\/Monument-aux-morts-eglise.jpg?resize=219%2C300&amp;ssl=1 219w\" sizes=\"auto, (max-width: 629px) 85vw, 629px\" \/><figcaption class=\"wp-element-caption\">Ange de la Reconnaissance couronnant un soldat (Ch. Desvergnes &#8211; M. Marron)<\/figcaption><\/figure>\n<\/div>\n\n\n<p class=\"wp-block-paragraph\"><\/p>\n\n\n\n<p class=\"wp-block-paragraph\">Sculpteur &#8211; (1860-1928) (Jean) Charles Desvergnes- Entrepreneur Marcel Marron Voir le site <a href=\"https:\/\/monuments-aux-morts.fr\/monuments?detail=121732&amp;arko_default_648977dc403f7--ficheFocus=\" data-type=\"link\" data-id=\"https:\/\/monuments-aux-morts.fr\/monuments?detail=121732&amp;arko_default_648977dc403f7--ficheFocus=\" target=\"_blank\" rel=\"noreferrer noopener\">le Patrimoine M\u00e9moriel<\/a><\/p>\n\n\n\n<p class=\"wp-block-paragraph\"><\/p>\n\n\n<div class=\"wp-block-image\">\n<figure class=\"aligncenter size-full is-resized\"><img data-recalc-dims=\"1\" loading=\"lazy\" decoding=\"async\" width=\"363\" height=\"273\" data-attachment-id=\"28730\" data-permalink=\"https:\/\/patrimoine-avesnois.fr\/chemin\/wignehies\/image-3282\/\" data-orig-file=\"https:\/\/i0.wp.com\/patrimoine-avesnois.fr\/chemin\/wp-content\/uploads\/2026\/08\/image-129.png?fit=363%2C273&amp;ssl=1\" data-orig-size=\"363,273\" data-comments-opened=\"1\" data-image-meta=\"{&quot;aperture&quot;:&quot;0&quot;,&quot;credit&quot;:&quot;&quot;,&quot;camera&quot;:&quot;&quot;,&quot;caption&quot;:&quot;&quot;,&quot;created_timestamp&quot;:&quot;0&quot;,&quot;copyright&quot;:&quot;&quot;,&quot;focal_length&quot;:&quot;0&quot;,&quot;iso&quot;:&quot;0&quot;,&quot;shutter_speed&quot;:&quot;0&quot;,&quot;title&quot;:&quot;&quot;,&quot;orientation&quot;:&quot;0&quot;,&quot;alt&quot;:&quot;&quot;}\" data-image-title=\"image\" data-image-description=\"\" data-image-caption=\"\" data-large-file=\"https:\/\/i0.wp.com\/patrimoine-avesnois.fr\/chemin\/wp-content\/uploads\/2026\/08\/image-129.png?fit=363%2C273&amp;ssl=1\" src=\"https:\/\/i0.wp.com\/patrimoine-avesnois.fr\/chemin\/wp-content\/uploads\/2026\/08\/image-129.png?resize=363%2C273&#038;ssl=1\" alt=\"\" class=\"wp-image-28730\" style=\"width:461px;height:auto\" srcset=\"https:\/\/i0.wp.com\/patrimoine-avesnois.fr\/chemin\/wp-content\/uploads\/2026\/08\/image-129.png?w=363&amp;ssl=1 363w, https:\/\/i0.wp.com\/patrimoine-avesnois.fr\/chemin\/wp-content\/uploads\/2026\/08\/image-129.png?resize=300%2C226&amp;ssl=1 300w\" sizes=\"auto, (max-width: 363px) 85vw, 363px\" \/><figcaption class=\"wp-element-caption\">B\u00e9nitier<\/figcaption><\/figure>\n<\/div>\n\n\n<p class=\"wp-block-paragraph\"><\/p>\n\n\n\n<p class=\"wp-block-paragraph\"><\/p>\n\n\n<div class=\"wp-block-image\">\n<figure class=\"aligncenter size-full is-resized\"><img data-recalc-dims=\"1\" loading=\"lazy\" decoding=\"async\" width=\"263\" height=\"356\" data-attachment-id=\"28702\" data-permalink=\"https:\/\/patrimoine-avesnois.fr\/chemin\/wignehies\/image-3272\/\" data-orig-file=\"https:\/\/i0.wp.com\/patrimoine-avesnois.fr\/chemin\/wp-content\/uploads\/2026\/08\/image-119.png?fit=263%2C356&amp;ssl=1\" data-orig-size=\"263,356\" data-comments-opened=\"1\" data-image-meta=\"{&quot;aperture&quot;:&quot;0&quot;,&quot;credit&quot;:&quot;&quot;,&quot;camera&quot;:&quot;&quot;,&quot;caption&quot;:&quot;&quot;,&quot;created_timestamp&quot;:&quot;0&quot;,&quot;copyright&quot;:&quot;&quot;,&quot;focal_length&quot;:&quot;0&quot;,&quot;iso&quot;:&quot;0&quot;,&quot;shutter_speed&quot;:&quot;0&quot;,&quot;title&quot;:&quot;&quot;,&quot;orientation&quot;:&quot;0&quot;,&quot;alt&quot;:&quot;&quot;}\" data-image-title=\"image\" data-image-description=\"\" data-image-caption=\"\" data-large-file=\"https:\/\/i0.wp.com\/patrimoine-avesnois.fr\/chemin\/wp-content\/uploads\/2026\/08\/image-119.png?fit=263%2C356&amp;ssl=1\" src=\"https:\/\/i0.wp.com\/patrimoine-avesnois.fr\/chemin\/wp-content\/uploads\/2026\/08\/image-119.png?resize=263%2C356&#038;ssl=1\" alt=\"\" class=\"wp-image-28702\" style=\"aspect-ratio:0.7387553245363777;width:415px;height:auto\" srcset=\"https:\/\/i0.wp.com\/patrimoine-avesnois.fr\/chemin\/wp-content\/uploads\/2026\/08\/image-119.png?w=263&amp;ssl=1 263w, https:\/\/i0.wp.com\/patrimoine-avesnois.fr\/chemin\/wp-content\/uploads\/2026\/08\/image-119.png?resize=222%2C300&amp;ssl=1 222w\" sizes=\"auto, (max-width: 263px) 85vw, 263px\" \/><figcaption class=\"wp-element-caption\">Tableau du Chemin de croix<\/figcaption><\/figure>\n<\/div>\n\n\n<p class=\"wp-block-paragraph\"><\/p>\n\n\n\n<p class=\"wp-block-paragraph\"><\/p>\n\n\n<div class=\"wp-block-image\">\n<figure class=\"aligncenter size-full is-resized\"><img data-recalc-dims=\"1\" loading=\"lazy\" decoding=\"async\" width=\"221\" height=\"362\" data-attachment-id=\"28699\" data-permalink=\"https:\/\/patrimoine-avesnois.fr\/chemin\/wignehies\/image-3270\/\" data-orig-file=\"https:\/\/i0.wp.com\/patrimoine-avesnois.fr\/chemin\/wp-content\/uploads\/2026\/08\/image-117.png?fit=221%2C362&amp;ssl=1\" data-orig-size=\"221,362\" data-comments-opened=\"1\" data-image-meta=\"{&quot;aperture&quot;:&quot;0&quot;,&quot;credit&quot;:&quot;&quot;,&quot;camera&quot;:&quot;&quot;,&quot;caption&quot;:&quot;&quot;,&quot;created_timestamp&quot;:&quot;0&quot;,&quot;copyright&quot;:&quot;&quot;,&quot;focal_length&quot;:&quot;0&quot;,&quot;iso&quot;:&quot;0&quot;,&quot;shutter_speed&quot;:&quot;0&quot;,&quot;title&quot;:&quot;&quot;,&quot;orientation&quot;:&quot;0&quot;,&quot;alt&quot;:&quot;&quot;}\" data-image-title=\"image\" data-image-description=\"\" data-image-caption=\"\" data-large-file=\"https:\/\/i0.wp.com\/patrimoine-avesnois.fr\/chemin\/wp-content\/uploads\/2026\/08\/image-117.png?fit=221%2C362&amp;ssl=1\" src=\"https:\/\/i0.wp.com\/patrimoine-avesnois.fr\/chemin\/wp-content\/uploads\/2026\/08\/image-117.png?resize=221%2C362&#038;ssl=1\" alt=\"\" class=\"wp-image-28699\" style=\"aspect-ratio:0.6105006200789155;width:429px;height:auto\" srcset=\"https:\/\/i0.wp.com\/patrimoine-avesnois.fr\/chemin\/wp-content\/uploads\/2026\/08\/image-117.png?w=221&amp;ssl=1 221w, https:\/\/i0.wp.com\/patrimoine-avesnois.fr\/chemin\/wp-content\/uploads\/2026\/08\/image-117.png?resize=183%2C300&amp;ssl=1 183w\" sizes=\"auto, (max-width: 221px) 85vw, 221px\" \/><figcaption class=\"wp-element-caption\">Vitrail<\/figcaption><\/figure>\n<\/div>\n\n\n<p class=\"wp-block-paragraph\"><\/p>\n\n\n\n<h3 class=\"wp-block-heading\">\ud83d\udfe9 3 <strong>Synth\u00e8se finale<\/strong><\/h3>\n\n\n\n<p class=\"wp-block-paragraph\"><strong>\u00c9glise Saint\u2011\u00c9tienne de Wignehies<\/strong> \u2014 reconstruite en 1890 et inaugur\u00e9e en 1892, elle remplace l\u2019ancienne \u00e9glise d\u00e9truite apr\u00e8s l\u2019incendie de 1675. Son architecture en moellons enduits ros\u00e9s refl\u00e8te l\u2019essor de la commune \u00e0 la fin du XIX\u1d49 si\u00e8cle. \u00c0 l\u2019int\u00e9rieur, l\u2019ensemble du mobilier sculpt\u00e9 est l\u2019\u0153uvre de Gustave Pattein, tandis que les autels ont \u00e9t\u00e9 r\u00e9alis\u00e9s par la marbrerie Vienne de Cousolre. Les grandes orgues Anneessens, amput\u00e9es en 1914, conservent aujourd\u2019hui leur fa\u00e7ade. Le vitrail du Monument aux Morts, int\u00e9grant le \u201cW\u201d de Wignehies, est l\u2019un des \u00e9l\u00e9ments les plus remarquables. Depuis 2018, l\u2019Association pour la sauvegarde de l\u2019\u00e9glise Saint\u2011\u00c9tienne m\u00e8ne de nombreuses restaurations, assurant la pr\u00e9servation de ce patrimoine majeur de la commune.<\/p>\n\n\n\n<p class=\"wp-block-paragraph\"><\/p>\n\n\n\n<p class=\"wp-block-paragraph\">\ud83d\udfe6 <strong>L&rsquo;H\u00f4tel de Ville<\/strong><\/p>\n\n\n<div class=\"wp-block-image is-resized\">\n<figure class=\"aligncenter\"><img decoding=\"async\" src=\"https:\/\/upload.wikimedia.org\/wikipedia\/commons\/thumb\/0\/09\/Wignehies_%28Nord%2C_Fr%29_mairie.jpg\/1280px-Wignehies_%28Nord%2C_Fr%29_mairie.jpg\" alt=\"Wignehies (Nord, Fr) mairie.jpg\"\/><figcaption class=\"wp-element-caption\">La Mairie : elle occupe l&rsquo;une de ces belles demeures b\u00e2ties par les industriels lors de la prosp\u00e9rit\u00e9 de l&rsquo;industrie laini\u00e8re. Photo Wikip\u00e9dia : auteur Havang<\/figcaption><\/figure>\n<\/div>\n\n\n<p class=\"wp-block-paragraph\"><\/p>\n\n\n\n<p class=\"wp-block-paragraph\">Construite en 1876 comme r\u00e9sidence d\u2019\u00c9mile Wittier, figure importante du textile et beau\u2011fr\u00e8re de Fran\u00e7ois Boussus, la demeure fut \u00e9difi\u00e9e dans un vaste parc proche de ses usines. Rachet\u00e9e par la commune en 1922, elle devint l\u2019actuelle mairie de Wignehies, reflet de l\u2019essor industriel du XIX\u1d49 si\u00e8cle.<\/p>\n\n\n\n<p class=\"wp-block-paragraph\"><\/p>\n\n\n<div class=\"wp-block-image\">\n<figure class=\"aligncenter size-full\"><img data-recalc-dims=\"1\" loading=\"lazy\" decoding=\"async\" width=\"679\" height=\"420\" data-attachment-id=\"28733\" data-permalink=\"https:\/\/patrimoine-avesnois.fr\/chemin\/wignehies\/image-3284\/\" data-orig-file=\"https:\/\/i0.wp.com\/patrimoine-avesnois.fr\/chemin\/wp-content\/uploads\/2026\/08\/image-131.png?fit=679%2C420&amp;ssl=1\" data-orig-size=\"679,420\" data-comments-opened=\"1\" data-image-meta=\"{&quot;aperture&quot;:&quot;0&quot;,&quot;credit&quot;:&quot;&quot;,&quot;camera&quot;:&quot;&quot;,&quot;caption&quot;:&quot;&quot;,&quot;created_timestamp&quot;:&quot;0&quot;,&quot;copyright&quot;:&quot;&quot;,&quot;focal_length&quot;:&quot;0&quot;,&quot;iso&quot;:&quot;0&quot;,&quot;shutter_speed&quot;:&quot;0&quot;,&quot;title&quot;:&quot;&quot;,&quot;orientation&quot;:&quot;0&quot;,&quot;alt&quot;:&quot;&quot;}\" data-image-title=\"image\" data-image-description=\"\" data-image-caption=\"\" data-large-file=\"https:\/\/i0.wp.com\/patrimoine-avesnois.fr\/chemin\/wp-content\/uploads\/2026\/08\/image-131.png?fit=679%2C420&amp;ssl=1\" src=\"https:\/\/i0.wp.com\/patrimoine-avesnois.fr\/chemin\/wp-content\/uploads\/2026\/08\/image-131.png?resize=679%2C420&#038;ssl=1\" alt=\"\" class=\"wp-image-28733\" srcset=\"https:\/\/i0.wp.com\/patrimoine-avesnois.fr\/chemin\/wp-content\/uploads\/2026\/08\/image-131.png?w=679&amp;ssl=1 679w, https:\/\/i0.wp.com\/patrimoine-avesnois.fr\/chemin\/wp-content\/uploads\/2026\/08\/image-131.png?resize=300%2C186&amp;ssl=1 300w\" sizes=\"auto, (max-width: 679px) 85vw, 679px\" \/><figcaption class=\"wp-element-caption\">La Mairie et son grand parc<\/figcaption><\/figure>\n<\/div>\n\n\n<p class=\"wp-block-paragraph\"><\/p>\n\n\n\n<p class=\"wp-block-paragraph\">\ud83d\udfe6 <strong>Monument aux morts<\/strong><\/p>\n\n\n\n<p class=\"wp-block-paragraph\"><\/p>\n\n\n<div class=\"wp-block-image\">\n<figure class=\"aligncenter size-full is-resized\"><img data-recalc-dims=\"1\" loading=\"lazy\" decoding=\"async\" width=\"336\" height=\"467\" data-attachment-id=\"28704\" data-permalink=\"https:\/\/patrimoine-avesnois.fr\/chemin\/wignehies\/image-3273\/\" data-orig-file=\"https:\/\/i0.wp.com\/patrimoine-avesnois.fr\/chemin\/wp-content\/uploads\/2026\/08\/image-120.png?fit=336%2C467&amp;ssl=1\" data-orig-size=\"336,467\" data-comments-opened=\"1\" data-image-meta=\"{&quot;aperture&quot;:&quot;0&quot;,&quot;credit&quot;:&quot;&quot;,&quot;camera&quot;:&quot;&quot;,&quot;caption&quot;:&quot;&quot;,&quot;created_timestamp&quot;:&quot;0&quot;,&quot;copyright&quot;:&quot;&quot;,&quot;focal_length&quot;:&quot;0&quot;,&quot;iso&quot;:&quot;0&quot;,&quot;shutter_speed&quot;:&quot;0&quot;,&quot;title&quot;:&quot;&quot;,&quot;orientation&quot;:&quot;0&quot;,&quot;alt&quot;:&quot;&quot;}\" data-image-title=\"image\" data-image-description=\"\" data-image-caption=\"\" data-large-file=\"https:\/\/i0.wp.com\/patrimoine-avesnois.fr\/chemin\/wp-content\/uploads\/2026\/08\/image-120.png?fit=336%2C467&amp;ssl=1\" src=\"https:\/\/i0.wp.com\/patrimoine-avesnois.fr\/chemin\/wp-content\/uploads\/2026\/08\/image-120.png?resize=336%2C467&#038;ssl=1\" alt=\"\" class=\"wp-image-28704\" style=\"width:614px;height:auto\" srcset=\"https:\/\/i0.wp.com\/patrimoine-avesnois.fr\/chemin\/wp-content\/uploads\/2026\/08\/image-120.png?w=336&amp;ssl=1 336w, https:\/\/i0.wp.com\/patrimoine-avesnois.fr\/chemin\/wp-content\/uploads\/2026\/08\/image-120.png?resize=216%2C300&amp;ssl=1 216w\" sizes=\"auto, (max-width: 336px) 85vw, 336px\" \/><figcaption class=\"wp-element-caption\">Monument aux morts<\/figcaption><\/figure>\n<\/div>\n\n\n<p class=\"wp-block-paragraph\">Le monument aux morts de Wignehies se pr\u00e9sente sous la forme d\u2019un pilier comm\u00e9moratif pos\u00e9 sur un pi\u00e9destal, selon le mod\u00e8le sobre et vertical adopt\u00e9 dans de nombreuses communes du Nord apr\u00e8s la Grande Guerre. Il est orn\u00e9 d\u2019une Victoire ail\u00e9e, figure f\u00e9minine symbolisant le triomphe et le sacrifice, sculpt\u00e9e par Meurant, dont le travail apporte une dimension h\u00e9ro\u00efque et solennelle \u00e0 l\u2019ensemble. La partie monumentale en granit a \u00e9t\u00e9 r\u00e9alis\u00e9e par la Soci\u00e9t\u00e9 graniti\u00e8re Gaudier\u2011Rembaux, tandis que la statuaire est l\u2019\u0153uvre du sculpteur Meurant, auteur de plusieurs monuments m\u00e9moriels de la r\u00e9gion. Ce monument associe ainsi un socle massif et une figure all\u00e9gorique \u00e9lanc\u00e9e, formant un hommage durable aux soldats de Wignehies morts pour la France.<\/p>\n\n\n\n<p class=\"wp-block-paragraph\"><\/p>\n\n\n\n<p class=\"wp-block-paragraph\">\ud83d\udfe6 <strong>Les salles des f\u00eates de Wignehies<\/strong><\/p>\n\n\n\n<p class=\"wp-block-paragraph\"><\/p>\n\n\n<div class=\"wp-block-image is-resized\">\n<figure class=\"aligncenter size-large\"><img data-recalc-dims=\"1\" loading=\"lazy\" decoding=\"async\" width=\"800\" height=\"600\" data-attachment-id=\"16719\" data-permalink=\"https:\/\/patrimoine-avesnois.fr\/chemin\/wignehies\/800px-salle_des_fetes_de_wignehies\/\" data-orig-file=\"https:\/\/i0.wp.com\/patrimoine-avesnois.fr\/chemin\/wp-content\/uploads\/2021\/12\/800px-Salle_des_fetes_de_Wignehies.jpg?fit=800%2C600&amp;ssl=1\" data-orig-size=\"800,600\" data-comments-opened=\"1\" data-image-meta=\"{&quot;aperture&quot;:&quot;0&quot;,&quot;credit&quot;:&quot;&quot;,&quot;camera&quot;:&quot;&quot;,&quot;caption&quot;:&quot;&quot;,&quot;created_timestamp&quot;:&quot;0&quot;,&quot;copyright&quot;:&quot;&quot;,&quot;focal_length&quot;:&quot;0&quot;,&quot;iso&quot;:&quot;0&quot;,&quot;shutter_speed&quot;:&quot;0&quot;,&quot;title&quot;:&quot;&quot;,&quot;orientation&quot;:&quot;0&quot;}\" data-image-title=\"800px-Salle_des_fetes_de_Wignehies\" data-image-description=\"\" data-image-caption=\"\" data-large-file=\"https:\/\/i0.wp.com\/patrimoine-avesnois.fr\/chemin\/wp-content\/uploads\/2021\/12\/800px-Salle_des_fetes_de_Wignehies.jpg?fit=800%2C600&amp;ssl=1\" src=\"https:\/\/i0.wp.com\/patrimoine-avesnois.fr\/chemin\/wp-content\/uploads\/2021\/12\/800px-Salle_des_fetes_de_Wignehies.jpg?resize=800%2C600\" alt=\"\" class=\"wp-image-16719\" style=\"width:572px;height:auto\" srcset=\"https:\/\/i0.wp.com\/patrimoine-avesnois.fr\/chemin\/wp-content\/uploads\/2021\/12\/800px-Salle_des_fetes_de_Wignehies.jpg?w=800&amp;ssl=1 800w, https:\/\/i0.wp.com\/patrimoine-avesnois.fr\/chemin\/wp-content\/uploads\/2021\/12\/800px-Salle_des_fetes_de_Wignehies.jpg?resize=300%2C225&amp;ssl=1 300w, https:\/\/i0.wp.com\/patrimoine-avesnois.fr\/chemin\/wp-content\/uploads\/2021\/12\/800px-Salle_des_fetes_de_Wignehies.jpg?resize=768%2C576&amp;ssl=1 768w\" sizes=\"auto, (max-width: 800px) 85vw, 800px\" \/><figcaption class=\"wp-element-caption\">L&rsquo;ancienne Salle des F\u00eates Place Fran\u00e7ois Mitterrand Photo sous licence Chatsam <a href=\"https:\/\/commons.wikimedia.org\/wiki\/File:Salle_des_fetes_de_Wignehies.JPG\" target=\"_blank\" rel=\"noreferrer noopener\">commons wikimedia.org<\/a><\/figcaption><\/figure>\n<\/div>\n\n\n<h5 class=\"wp-block-heading\"><strong>1. L\u2019ancienne salle des f\u00eates (Place Fran\u00e7ois\u2011Mitterrand)<\/strong><\/h5>\n\n\n\n<p class=\"wp-block-paragraph\">L\u2019ancienne salle des f\u00eates de Wignehies, situ\u00e9e pr\u00e8s de la place Fran\u00e7ois\u2011Mitterrand, \u00e9tait \u00e0 l\u2019origine une salle priv\u00e9e appartenant aux usines textiles de la rue des Soigneuses. Construite \u00e0 la fin du XIX\u1d49 ou au d\u00e9but du XX\u1d49 si\u00e8cle, elle servait d\u2019espace de r\u00e9union et de loisirs pour les ouvriers et les cadres de l\u2019industrie lini\u00e8re, \u00e0 l\u2019\u00e9poque de la prosp\u00e9rit\u00e9 des filatures.<\/p>\n\n\n\n<p class=\"wp-block-paragraph\">Reprise ensuite par la commune, elle est devenue obsol\u00e8te malgr\u00e9 une r\u00e9novation partielle de la toiture au d\u00e9but des ann\u00e9es 2020.<\/p>\n\n\n<div class=\"wp-block-image\">\n<figure class=\"aligncenter size-full is-resized\"><img data-recalc-dims=\"1\" loading=\"lazy\" decoding=\"async\" width=\"322\" height=\"232\" data-attachment-id=\"28735\" data-permalink=\"https:\/\/patrimoine-avesnois.fr\/chemin\/wignehies\/image-3285\/\" data-orig-file=\"https:\/\/i0.wp.com\/patrimoine-avesnois.fr\/chemin\/wp-content\/uploads\/2026\/08\/image-132.png?fit=322%2C232&amp;ssl=1\" data-orig-size=\"322,232\" data-comments-opened=\"1\" data-image-meta=\"{&quot;aperture&quot;:&quot;0&quot;,&quot;credit&quot;:&quot;&quot;,&quot;camera&quot;:&quot;&quot;,&quot;caption&quot;:&quot;&quot;,&quot;created_timestamp&quot;:&quot;0&quot;,&quot;copyright&quot;:&quot;&quot;,&quot;focal_length&quot;:&quot;0&quot;,&quot;iso&quot;:&quot;0&quot;,&quot;shutter_speed&quot;:&quot;0&quot;,&quot;title&quot;:&quot;&quot;,&quot;orientation&quot;:&quot;0&quot;,&quot;alt&quot;:&quot;&quot;}\" data-image-title=\"image\" data-image-description=\"\" data-image-caption=\"\" data-large-file=\"https:\/\/i0.wp.com\/patrimoine-avesnois.fr\/chemin\/wp-content\/uploads\/2026\/08\/image-132.png?fit=322%2C232&amp;ssl=1\" src=\"https:\/\/i0.wp.com\/patrimoine-avesnois.fr\/chemin\/wp-content\/uploads\/2026\/08\/image-132.png?resize=322%2C232&#038;ssl=1\" alt=\"\" class=\"wp-image-28735\" style=\"width:574px;height:auto\" srcset=\"https:\/\/i0.wp.com\/patrimoine-avesnois.fr\/chemin\/wp-content\/uploads\/2026\/08\/image-132.png?w=322&amp;ssl=1 322w, https:\/\/i0.wp.com\/patrimoine-avesnois.fr\/chemin\/wp-content\/uploads\/2026\/08\/image-132.png?resize=300%2C216&amp;ssl=1 300w\" sizes=\"auto, (max-width: 322px) 85vw, 322px\" \/><\/figure>\n<\/div>\n\n\n<h5 class=\"wp-block-heading\"><strong>2. La nouvelle salle polyvalente : l\u2019Espace Robert Berhuy (2023\u20112025)<\/strong><\/h5>\n\n\n\n<p class=\"wp-block-paragraph\">Pour la remplacer, la municipalit\u00e9 a reconverti l\u2019ancien tissage Bou\u00e9, b\u00e2ti en 1990 par Robert Berhuy. Un chantier de 5,5\u202fmillions d\u2019euros men\u00e9 entre 2023 et 2025 a permis de d\u00e9molir la friche Hubinet et de restructurer enti\u00e8rement le site. Inaugur\u00e9 en ao\u00fbt 2025, l\u2019Espace Robert Berhuy accueille d\u00e9sormais la nouvelle salle polyvalente festive, un dojo, une salle de boxe et des locaux techniques.<\/p>\n\n\n\n<p class=\"wp-block-paragraph\"><\/p>\n\n\n<div class=\"wp-block-image is-resized\">\n<figure class=\"aligncenter\"><img data-recalc-dims=\"1\" loading=\"lazy\" decoding=\"async\" width=\"369\" height=\"493\" data-attachment-id=\"6945\" data-permalink=\"https:\/\/patrimoine-avesnois.fr\/chemin\/wignehies\/stele-5\/\" data-orig-file=\"https:\/\/i0.wp.com\/patrimoine-avesnois.fr\/chemin\/wp-content\/uploads\/2019\/07\/St%C3%A8le.jpg?fit=369%2C493&amp;ssl=1\" data-orig-size=\"369,493\" data-comments-opened=\"1\" data-image-meta=\"{&quot;aperture&quot;:&quot;0&quot;,&quot;credit&quot;:&quot;&quot;,&quot;camera&quot;:&quot;&quot;,&quot;caption&quot;:&quot;&quot;,&quot;created_timestamp&quot;:&quot;1562064118&quot;,&quot;copyright&quot;:&quot;&quot;,&quot;focal_length&quot;:&quot;0&quot;,&quot;iso&quot;:&quot;0&quot;,&quot;shutter_speed&quot;:&quot;0&quot;,&quot;title&quot;:&quot;&quot;,&quot;orientation&quot;:&quot;1&quot;}\" data-image-title=\"St\u00e8le\" data-image-description=\"\" data-image-caption=\"\" data-large-file=\"https:\/\/i0.wp.com\/patrimoine-avesnois.fr\/chemin\/wp-content\/uploads\/2019\/07\/St%C3%A8le.jpg?fit=369%2C493&amp;ssl=1\" src=\"https:\/\/i0.wp.com\/patrimoine-avesnois.fr\/chemin\/wp-content\/uploads\/2019\/07\/St%C3%A8le.jpg?resize=369%2C493\" alt=\"\" class=\"wp-image-6945\" srcset=\"https:\/\/i0.wp.com\/patrimoine-avesnois.fr\/chemin\/wp-content\/uploads\/2019\/07\/St%C3%A8le.jpg?w=369&amp;ssl=1 369w, https:\/\/i0.wp.com\/patrimoine-avesnois.fr\/chemin\/wp-content\/uploads\/2019\/07\/St%C3%A8le.jpg?resize=225%2C300&amp;ssl=1 225w\" sizes=\"auto, (max-width: 369px) 85vw, 369px\" \/><figcaption class=\"wp-element-caption\">St\u00e8le moderne sur la Place<\/figcaption><\/figure>\n<\/div>\n\n\n<p class=\"wp-block-paragraph\"><\/p>\n\n\n\n<p class=\"wp-block-paragraph\">\ud83d\udfe6 <strong>Petits monuments du patrimoine communal<\/strong><\/p>\n\n\n\n<p class=\"wp-block-paragraph\"><\/p>\n\n\n<div class=\"wp-block-image\">\n<figure class=\"aligncenter\"><img data-recalc-dims=\"1\" loading=\"lazy\" decoding=\"async\" width=\"410\" height=\"547\" data-attachment-id=\"6944\" data-permalink=\"https:\/\/patrimoine-avesnois.fr\/chemin\/wignehies\/monument-mitterand\/\" data-orig-file=\"https:\/\/i0.wp.com\/patrimoine-avesnois.fr\/chemin\/wp-content\/uploads\/2019\/07\/Monument-Mitterand.jpg?fit=410%2C547&amp;ssl=1\" data-orig-size=\"410,547\" data-comments-opened=\"1\" data-image-meta=\"{&quot;aperture&quot;:&quot;0&quot;,&quot;credit&quot;:&quot;CARRE&quot;,&quot;camera&quot;:&quot;&quot;,&quot;caption&quot;:&quot;&quot;,&quot;created_timestamp&quot;:&quot;1562063307&quot;,&quot;copyright&quot;:&quot;&quot;,&quot;focal_length&quot;:&quot;0&quot;,&quot;iso&quot;:&quot;0&quot;,&quot;shutter_speed&quot;:&quot;0&quot;,&quot;title&quot;:&quot;&quot;,&quot;orientation&quot;:&quot;0&quot;}\" data-image-title=\"Monument Mitterand\" data-image-description=\"\" data-image-caption=\"\" data-large-file=\"https:\/\/i0.wp.com\/patrimoine-avesnois.fr\/chemin\/wp-content\/uploads\/2019\/07\/Monument-Mitterand.jpg?fit=410%2C547&amp;ssl=1\" src=\"https:\/\/i0.wp.com\/patrimoine-avesnois.fr\/chemin\/wp-content\/uploads\/2019\/07\/Monument-Mitterand.jpg?resize=410%2C547\" alt=\"\" class=\"wp-image-6944\" srcset=\"https:\/\/i0.wp.com\/patrimoine-avesnois.fr\/chemin\/wp-content\/uploads\/2019\/07\/Monument-Mitterand.jpg?w=410&amp;ssl=1 410w, https:\/\/i0.wp.com\/patrimoine-avesnois.fr\/chemin\/wp-content\/uploads\/2019\/07\/Monument-Mitterand.jpg?resize=225%2C300&amp;ssl=1 225w\" sizes=\"auto, (max-width: 410px) 85vw, 410px\" \/><figcaption class=\"wp-element-caption\">Plaque comm\u00e9morative en l&rsquo;honneur de Fran\u00e7ois Mitterrand<\/figcaption><\/figure>\n<\/div>\n\n\n<p class=\"wp-block-paragraph\"><\/p>\n\n\n<div class=\"wp-block-image is-resized\">\n<figure class=\"aligncenter\"><img data-recalc-dims=\"1\" decoding=\"async\" src=\"https:\/\/i0.wp.com\/www.memorialgenweb.org\/photos\/59\/59-137671.jpg?w=840\" alt=\"Wignehies\" style=\"aspect-ratio:0.9187467990033096;width:448px;height:auto\"\/><figcaption class=\"wp-element-caption\">Cette photographie est sous licence d&rsquo;usage&nbsp;<a href=\"http:\/\/creativecommons.org\/licenses\/by-nc-sa\/2.0\/fr\">CC BY-NC-SA 2.0<\/a><br>St\u00e8le comm\u00e9morative Dans le cimeti\u00e8re &#8211; \u00ab\u00a0Hommage de la ville de Wignehies \u00e0 ses r\u00e9sistants et d\u00e9port\u00e9s\u00a0\u00bb [ Photo Didier MAHU ]&nbsp;(<a href=\"http:\/\/www.memorialgenweb.org\/mobile\/fr\/resultcommune.php?idsource=137671\">Relev\u00e9 n\u00b0 137671<\/a>)<\/figcaption><\/figure>\n<\/div>\n\n\n<p class=\"wp-block-paragraph\"><\/p>\n\n\n<div class=\"wp-block-image\">\n<figure class=\"aligncenter size-full\"><img data-recalc-dims=\"1\" loading=\"lazy\" decoding=\"async\" width=\"401\" height=\"480\" data-attachment-id=\"28707\" data-permalink=\"https:\/\/patrimoine-avesnois.fr\/chemin\/wignehies\/image-3275\/\" data-orig-file=\"https:\/\/i0.wp.com\/patrimoine-avesnois.fr\/chemin\/wp-content\/uploads\/2026\/08\/image-122.png?fit=401%2C480&amp;ssl=1\" data-orig-size=\"401,480\" data-comments-opened=\"1\" data-image-meta=\"{&quot;aperture&quot;:&quot;0&quot;,&quot;credit&quot;:&quot;&quot;,&quot;camera&quot;:&quot;&quot;,&quot;caption&quot;:&quot;&quot;,&quot;created_timestamp&quot;:&quot;0&quot;,&quot;copyright&quot;:&quot;&quot;,&quot;focal_length&quot;:&quot;0&quot;,&quot;iso&quot;:&quot;0&quot;,&quot;shutter_speed&quot;:&quot;0&quot;,&quot;title&quot;:&quot;&quot;,&quot;orientation&quot;:&quot;0&quot;,&quot;alt&quot;:&quot;&quot;}\" data-image-title=\"image\" data-image-description=\"\" data-image-caption=\"\" data-large-file=\"https:\/\/i0.wp.com\/patrimoine-avesnois.fr\/chemin\/wp-content\/uploads\/2026\/08\/image-122.png?fit=401%2C480&amp;ssl=1\" src=\"https:\/\/i0.wp.com\/patrimoine-avesnois.fr\/chemin\/wp-content\/uploads\/2026\/08\/image-122.png?resize=401%2C480&#038;ssl=1\" alt=\"\" class=\"wp-image-28707\" srcset=\"https:\/\/i0.wp.com\/patrimoine-avesnois.fr\/chemin\/wp-content\/uploads\/2026\/08\/image-122.png?w=401&amp;ssl=1 401w, https:\/\/i0.wp.com\/patrimoine-avesnois.fr\/chemin\/wp-content\/uploads\/2026\/08\/image-122.png?resize=251%2C300&amp;ssl=1 251w\" sizes=\"auto, (max-width: 401px) 85vw, 401px\" \/><figcaption class=\"wp-element-caption\"><em>St\u00e8le comm\u00e9morative Indochine et A.F.N.<\/em><\/figcaption><\/figure>\n<\/div>\n\n\n<p class=\"wp-block-paragraph\"><\/p>\n\n\n<div class=\"wp-block-image is-resized\">\n<figure class=\"aligncenter\"><img data-recalc-dims=\"1\" loading=\"lazy\" decoding=\"async\" width=\"707\" height=\"527\" data-attachment-id=\"6948\" data-permalink=\"https:\/\/patrimoine-avesnois.fr\/chemin\/wignehies\/fontaine-4\/\" data-orig-file=\"https:\/\/i0.wp.com\/patrimoine-avesnois.fr\/chemin\/wp-content\/uploads\/2019\/07\/Fontaine.jpg?fit=707%2C527&amp;ssl=1\" data-orig-size=\"707,527\" data-comments-opened=\"1\" data-image-meta=\"{&quot;aperture&quot;:&quot;0&quot;,&quot;credit&quot;:&quot;CARRE&quot;,&quot;camera&quot;:&quot;&quot;,&quot;caption&quot;:&quot;&quot;,&quot;created_timestamp&quot;:&quot;1562065639&quot;,&quot;copyright&quot;:&quot;&quot;,&quot;focal_length&quot;:&quot;0&quot;,&quot;iso&quot;:&quot;0&quot;,&quot;shutter_speed&quot;:&quot;0&quot;,&quot;title&quot;:&quot;&quot;,&quot;orientation&quot;:&quot;0&quot;}\" data-image-title=\"Fontaine\" data-image-description=\"\" data-image-caption=\"\" data-large-file=\"https:\/\/i0.wp.com\/patrimoine-avesnois.fr\/chemin\/wp-content\/uploads\/2019\/07\/Fontaine.jpg?fit=707%2C527&amp;ssl=1\" src=\"https:\/\/i0.wp.com\/patrimoine-avesnois.fr\/chemin\/wp-content\/uploads\/2019\/07\/Fontaine.jpg?resize=707%2C527\" alt=\"\" class=\"wp-image-6948\" srcset=\"https:\/\/i0.wp.com\/patrimoine-avesnois.fr\/chemin\/wp-content\/uploads\/2019\/07\/Fontaine.jpg?w=707&amp;ssl=1 707w, https:\/\/i0.wp.com\/patrimoine-avesnois.fr\/chemin\/wp-content\/uploads\/2019\/07\/Fontaine.jpg?resize=300%2C224&amp;ssl=1 300w\" sizes=\"auto, (max-width: 707px) 85vw, 707px\" \/><figcaption class=\"wp-element-caption\">Fontaine sur la Place<\/figcaption><\/figure>\n<\/div>\n\n\n<p class=\"wp-block-paragraph\"><\/p>\n\n\n\n<p class=\"wp-block-paragraph\">\ud83d\udfe6 <strong>La Salle des sports Pierre Coubertin<\/strong><\/p>\n\n\n\n<p class=\"wp-block-paragraph\"><\/p>\n\n\n<div class=\"wp-block-image\">\n<figure class=\"aligncenter\"><img data-recalc-dims=\"1\" loading=\"lazy\" decoding=\"async\" width=\"641\" height=\"481\" data-attachment-id=\"6949\" data-permalink=\"https:\/\/patrimoine-avesnois.fr\/chemin\/wignehies\/salle-coubertin\/\" data-orig-file=\"https:\/\/i0.wp.com\/patrimoine-avesnois.fr\/chemin\/wp-content\/uploads\/2019\/07\/Salle-coubertin.jpg?fit=641%2C481&amp;ssl=1\" data-orig-size=\"641,481\" data-comments-opened=\"1\" data-image-meta=\"{&quot;aperture&quot;:&quot;0&quot;,&quot;credit&quot;:&quot;CARRE&quot;,&quot;camera&quot;:&quot;&quot;,&quot;caption&quot;:&quot;&quot;,&quot;created_timestamp&quot;:&quot;1562066363&quot;,&quot;copyright&quot;:&quot;&quot;,&quot;focal_length&quot;:&quot;0&quot;,&quot;iso&quot;:&quot;0&quot;,&quot;shutter_speed&quot;:&quot;0&quot;,&quot;title&quot;:&quot;&quot;,&quot;orientation&quot;:&quot;0&quot;}\" data-image-title=\"Salle coubertin\" data-image-description=\"\" data-image-caption=\"\" data-large-file=\"https:\/\/i0.wp.com\/patrimoine-avesnois.fr\/chemin\/wp-content\/uploads\/2019\/07\/Salle-coubertin.jpg?fit=641%2C481&amp;ssl=1\" src=\"https:\/\/i0.wp.com\/patrimoine-avesnois.fr\/chemin\/wp-content\/uploads\/2019\/07\/Salle-coubertin.jpg?resize=641%2C481\" alt=\"\" class=\"wp-image-6949\" srcset=\"https:\/\/i0.wp.com\/patrimoine-avesnois.fr\/chemin\/wp-content\/uploads\/2019\/07\/Salle-coubertin.jpg?w=641&amp;ssl=1 641w, https:\/\/i0.wp.com\/patrimoine-avesnois.fr\/chemin\/wp-content\/uploads\/2019\/07\/Salle-coubertin.jpg?resize=300%2C225&amp;ssl=1 300w\" sizes=\"auto, (max-width: 641px) 85vw, 641px\" \/><figcaption class=\"wp-element-caption\">Salle des sports Pierre Coubertin  11 Rue des Soigneuses.<\/figcaption><\/figure>\n<\/div>\n\n\n<p class=\"wp-block-paragraph\"><\/p>\n\n\n\n<p class=\"wp-block-paragraph\">Les sources disponibles ne donnent pas de date de construction, mais la salle Pierre de Coubertin appara\u00eet dans les inventaires sportifs communaux depuis les ann\u00e9es 1980\u20111990.<\/p>\n\n\n\n<p class=\"wp-block-paragraph\"><\/p>\n\n\n\n<p class=\"wp-block-paragraph\">\ud83d\udfe6 <strong>H\u00f4pital hospice Fontaine Carlier<\/strong><\/p>\n\n\n\n<p class=\"wp-block-paragraph\"><\/p>\n\n\n\n<p class=\"wp-block-paragraph\"><\/p>\n\n\n<div class=\"wp-block-image is-resized\">\n<figure class=\"aligncenter\"><img decoding=\"async\" src=\"https:\/\/upload.wikimedia.org\/wikipedia\/commons\/thumb\/1\/19\/Wignehies_%28Nord%2C_Fr%29_h%C3%B4pital_hospice_Fontaine_Carlier.jpg\/1280px-Wignehies_%28Nord%2C_Fr%29_h%C3%B4pital_hospice_Fontaine_Carlier.jpg\" alt=\"Wignehies (Nord, Fr) h\u00c3\u00b4pital hospice Fontaine Carlier.jpg\"\/><figcaption class=\"wp-element-caption\">H\u00f4pital hospice Fontaine Carlier Photo Wikip\u00e9dia : auteur Havang<\/figcaption><\/figure>\n<\/div>\n\n\n<p class=\"wp-block-paragraph\"><\/p>\n\n\n\n<p class=\"wp-block-paragraph\">L\u2019H\u00f4pital\u2011Hospice Fontaine\u2011Carlier de Wignehies est issu des legs de Florent Fontaine (1878) et d\u2019Auguste Carlier, qui souhaitaient la cr\u00e9ation d\u2019un hospice pour vieillards et indigents. D\u00e9truit en 1914, il fut r\u00e9install\u00e9 apr\u00e8s la guerre dans le ch\u00e2teau Legros, propri\u00e9t\u00e9 d\u2019un industriel textile. Transform\u00e9 en maison de retraite en 1975 puis modernis\u00e9 en 1991\u20111992 et 2018, il est aujourd\u2019hui l\u2019EHPAD \u00ab Les Vertes Ann\u00e9es \u00bb, tout en conservant le nom historique Fontaine\u2011Carlier.<\/p>\n\n\n\n<p class=\"wp-block-paragraph\"><\/p>\n\n\n\n<p class=\"wp-block-paragraph\">\ud83d\udfe6  La Polyclinique de la Thi\u00e9rache<\/p>\n\n\n\n<p class=\"wp-block-paragraph\"><\/p>\n\n\n<div class=\"wp-block-image is-resized\">\n<figure class=\"aligncenter\"><img data-recalc-dims=\"1\" loading=\"lazy\" decoding=\"async\" width=\"634\" height=\"475\" data-attachment-id=\"6946\" data-permalink=\"https:\/\/patrimoine-avesnois.fr\/chemin\/wignehies\/polyclinique\/\" data-orig-file=\"https:\/\/i0.wp.com\/patrimoine-avesnois.fr\/chemin\/wp-content\/uploads\/2019\/07\/Polyclinique.jpg?fit=634%2C475&amp;ssl=1\" data-orig-size=\"634,475\" data-comments-opened=\"1\" data-image-meta=\"{&quot;aperture&quot;:&quot;0&quot;,&quot;credit&quot;:&quot;CARRE&quot;,&quot;camera&quot;:&quot;&quot;,&quot;caption&quot;:&quot;&quot;,&quot;created_timestamp&quot;:&quot;1562064703&quot;,&quot;copyright&quot;:&quot;&quot;,&quot;focal_length&quot;:&quot;0&quot;,&quot;iso&quot;:&quot;0&quot;,&quot;shutter_speed&quot;:&quot;0&quot;,&quot;title&quot;:&quot;&quot;,&quot;orientation&quot;:&quot;0&quot;}\" data-image-title=\"Polyclinique\" data-image-description=\"\" data-image-caption=\"\" data-large-file=\"https:\/\/i0.wp.com\/patrimoine-avesnois.fr\/chemin\/wp-content\/uploads\/2019\/07\/Polyclinique.jpg?fit=634%2C475&amp;ssl=1\" src=\"https:\/\/i0.wp.com\/patrimoine-avesnois.fr\/chemin\/wp-content\/uploads\/2019\/07\/Polyclinique.jpg?resize=634%2C475\" alt=\"\" class=\"wp-image-6946\" srcset=\"https:\/\/i0.wp.com\/patrimoine-avesnois.fr\/chemin\/wp-content\/uploads\/2019\/07\/Polyclinique.jpg?w=634&amp;ssl=1 634w, https:\/\/i0.wp.com\/patrimoine-avesnois.fr\/chemin\/wp-content\/uploads\/2019\/07\/Polyclinique.jpg?resize=300%2C225&amp;ssl=1 300w\" sizes=\"auto, (max-width: 634px) 85vw, 634px\" \/><figcaption class=\"wp-element-caption\">Polyclinique de la Thi\u00e9rache. Rue Edmond Koral <\/figcaption><\/figure>\n<\/div>\n\n\n<p class=\"wp-block-paragraph\"><\/p>\n\n\n\n<p class=\"wp-block-paragraph\">La Polyclinique de la Thi\u00e9rache \u00e0 Wignehies a \u00e9t\u00e9 ouverte en 1987 apr\u00e8s le transfert de la clinique de Fourmies reprise par les docteurs Edmond et Elisabeth Koral, mari et femme. \u00c9tablissement priv\u00e9 de chirurgie, elle compte environ 60 lits et emploie 50 \u00e0 99 salari\u00e9s. Elle a d\u00e9velopp\u00e9 un centre de consultations et un service de chirurgie ambulatoire d\u00e8s 1993. Aujourd\u2019hui, elle fonctionne sous forme de SA \u00e0 conseil d\u2019administration et r\u00e9alise un chiffre d\u2019affaires d\u2019environ 7 millions d\u2019euros par an.<\/p>\n\n\n\n<p class=\"wp-block-paragraph\"><\/p>\n\n\n\n<p class=\"wp-block-paragraph\">\ud83d\udfe6 <strong>les calvaires<\/strong> : <br>De nos jours Wignehies poss\u00e8de trois calvaires.<\/p>\n\n\n<div class=\"wp-block-image is-resized\">\n<figure class=\"aligncenter\"><img decoding=\"async\" src=\"http:\/\/i2.wp.com\/www.calvaires-avesnois.fr\/wp-content\/uploads\/2016\/09\/Nouvelle-image-1-56.png?resize=297%2C492\" alt=\"Calvaire ramen\u00e9 au cimeti\u00e8re\" class=\"wp-image-739\"\/><figcaption class=\"wp-element-caption\">Calvaire ramen\u00e9 au cimeti\u00e8re<\/figcaption><\/figure>\n<\/div>\n\n\n<p class=\"wp-block-paragraph\"><\/p>\n\n\n\n<p class=\"wp-block-paragraph\">Il reste celui qui pr\u00e9alablement se situait \u00e0 l\u2019intersection des chemins de la Cloiri\u00e8re, de Wignehies \u00e0 F\u00e9ron et de Wignehies \u00e0 Avesnes. Il fut restaur\u00e9 apr\u00e8s la seconde guerre mondiale et la croix en bois fut remplac\u00e9e par une croix en b\u00e9ton. Le Christ eut droit au cours d\u2019une procession \u00e0 une petite promenade install\u00e9 sur un chariot tir\u00e9 par deux chevaux. Ce chariot garni de tentures \u00e9tait conduit par Mr Clodomir CAVROT. Il se situait toujours au m\u00eame endroit c\u2019est-\u00e0-dire au carrefour des rues du Docteur Brunel, des Ecurgies et de la rue d\u2019alsace Lorraine lorsqu\u2019il fut d\u00e9plac\u00e9 ou plus exactement sa croix par la suite au cimeti\u00e8re lors de la construction de la cit\u00e9 de \u00ab&nbsp;la Cloiri\u00e8re&nbsp;\u00bb.<\/p>\n\n\n\n<p class=\"wp-block-paragraph\">Source&nbsp;: L\u2019association M\u00e9moire vive de Wignehies.<\/p>\n\n\n\n<p class=\"wp-block-paragraph\">Remerciements \u00e0 Mme Marie France Michaux qui m&rsquo;a gentiment transmis ces informations.<\/p>\n\n\n\n<p class=\"has-text-align-center wp-block-paragraph\"><strong>&amp;&amp;&amp;&amp;&amp;<\/strong><\/p>\n\n\n<div class=\"wp-block-image is-resized\">\n<figure class=\"aligncenter\"><img decoding=\"async\" src=\"http:\/\/i1.wp.com\/www.calvaires-avesnois.fr\/wp-content\/uploads\/2016\/09\/Nouvelle-image-1-57.png?resize=297%2C492\" alt=\"Calvaire du cimeti\u00c3\u00a8re\"\/><figcaption class=\"wp-element-caption\">Calvaire du cimeti\u00e8re<\/figcaption><\/figure>\n<\/div>\n\n\n<p class=\"wp-block-paragraph\"><\/p>\n\n\n\n<p class=\"wp-block-paragraph\">Un deuxi\u00e8me calvaire se trouve \u00e9galement au cimeti\u00e8re. A son pied se trouvent les tombes de Fidel Lebon cur\u00e9 de Wignehies de 1851 \u00e0 1876, de Pierre Augustin Ferrot \u00e9galement cur\u00e9 de Wignehies de 1905 \u00e0 1914 et enfin celle de s\u0153ur Saint Alberic, directrice&nbsp; de l\u2019ancien hospice de 1881 \u00e0 1905. Source&nbsp;: L\u2019association M\u00e9moire vive de Wignehies.<\/p>\n\n\n\n<p class=\"has-text-align-center wp-block-paragraph\"><strong>&amp;&amp;&amp;&amp;&amp;<\/strong><\/p>\n\n\n\n<p class=\"wp-block-paragraph\">Enfin le calvaire du Rambucamp&nbsp; existe encore au m\u00eame endroit. Deux oratoires non dat\u00e9 et non d\u00e9di\u00e9 sont dispos\u00e9s de part et d\u2019autre.<\/p>\n\n\n\n<p class=\"wp-block-paragraph\"><\/p>\n\n\n<div class=\"wp-block-image\">\n<figure class=\"aligncenter\"><img decoding=\"async\" data-attachment-id=\"1679\" data-permalink=\"https:\/\/patrimoine-avesnois.fr\/chemin\/frasnoy\/dscm-2019-copie-2\/\" data-orig-file=\"https:\/\/i0.wp.com\/patrimoine-avesnois.fr\/chemin\/wp-content\/uploads\/2019\/04\/DSCM-2019-Copie-2.jpg?fit=357%2C268&amp;ssl=1\" data-orig-size=\"357,268\" data-comments-opened=\"1\" data-image-meta=\"{&quot;aperture&quot;:&quot;0&quot;,&quot;credit&quot;:&quot;CARRE&quot;,&quot;camera&quot;:&quot;&quot;,&quot;caption&quot;:&quot;&quot;,&quot;created_timestamp&quot;:&quot;1555689069&quot;,&quot;copyright&quot;:&quot;&quot;,&quot;focal_length&quot;:&quot;0&quot;,&quot;iso&quot;:&quot;0&quot;,&quot;shutter_speed&quot;:&quot;0&quot;,&quot;title&quot;:&quot;&quot;,&quot;orientation&quot;:&quot;1&quot;}\" data-image-title=\"DSCM 2019 &amp;#8211; Copie (2)\" data-image-description=\"\" data-image-caption=\"\" data-large-file=\"https:\/\/i0.wp.com\/patrimoine-avesnois.fr\/chemin\/wp-content\/uploads\/2019\/04\/DSCM-2019-Copie-2.jpg?fit=357%2C268&amp;ssl=1\" src=\"http:\/\/i2.wp.com\/www.calvaires-avesnois.fr\/wp-content\/uploads\/2016\/09\/IMG_3295.jpg?resize=606%2C455\" alt=\"Calvaire du Rambucamp\" class=\"wp-image-1679\"\/><figcaption class=\"wp-element-caption\">Calvaire du Rambucamp<\/figcaption><\/figure>\n<\/div>\n\n\n<p class=\"wp-block-paragraph\"><\/p>\n\n\n<div class=\"wp-block-image is-resized\">\n<figure class=\"aligncenter\"><img decoding=\"async\" data-attachment-id=\"1680\" data-permalink=\"https:\/\/patrimoine-avesnois.fr\/chemin\/frasnoy\/image-374\/\" data-orig-file=\"https:\/\/i0.wp.com\/patrimoine-avesnois.fr\/chemin\/wp-content\/uploads\/2019\/04\/image-352.png?fit=357%2C268&amp;ssl=1\" data-orig-size=\"357,268\" data-comments-opened=\"1\" data-image-meta=\"{&quot;aperture&quot;:&quot;0&quot;,&quot;credit&quot;:&quot;&quot;,&quot;camera&quot;:&quot;&quot;,&quot;caption&quot;:&quot;&quot;,&quot;created_timestamp&quot;:&quot;0&quot;,&quot;copyright&quot;:&quot;&quot;,&quot;focal_length&quot;:&quot;0&quot;,&quot;iso&quot;:&quot;0&quot;,&quot;shutter_speed&quot;:&quot;0&quot;,&quot;title&quot;:&quot;&quot;,&quot;orientation&quot;:&quot;0&quot;}\" data-image-title=\"image\" data-image-description=\"\" data-image-caption=\"\" data-large-file=\"https:\/\/i0.wp.com\/patrimoine-avesnois.fr\/chemin\/wp-content\/uploads\/2019\/04\/image-352.png?fit=357%2C268&amp;ssl=1\" src=\"http:\/\/i0.wp.com\/www.calvaires-avesnois.fr\/wp-content\/uploads\/2016\/09\/IMG_3296.jpg?resize=606%2C808\" alt=\"Calvaire du Rambucamp\" class=\"wp-image-1680\"\/><figcaption class=\"wp-element-caption\">Calvaire du Rambucamp<\/figcaption><\/figure>\n<\/div>\n\n\n<p class=\"wp-block-paragraph\"><\/p>\n\n\n\n<p class=\"wp-block-paragraph\">\ud83d\udfe6 <strong>Les oratoires et les chapelles<\/strong><\/p>\n\n\n\n<p class=\"wp-block-paragraph\"><\/p>\n\n\n<div class=\"wp-block-image is-resized\">\n<figure class=\"aligncenter\"><img data-recalc-dims=\"1\" decoding=\"async\" src=\"https:\/\/i0.wp.com\/oratoiresetchapelles-avesnois.fr\/wp-content\/uploads\/2017\/10\/Capture-6.png?w=840\" alt=\"Carte \u00c3\u00a0 partir de Mappy\"\/><figcaption class=\"wp-element-caption\"><a href=\"http:\/\/oratoiresetchapelles-avesnois.fr\/wignehies\/\" target=\"_blank\" rel=\"noreferrer noopener\" aria-label=\"13 oratoires et 1 chapelle (opens in a new tab)\">13 oratoires et 1 chapelle<\/a><\/figcaption><\/figure>\n<\/div>\n\n\n<p class=\"wp-block-paragraph\"><\/p>\n\n\n\n<p class=\"wp-block-paragraph\">\ud83d\udfe6 <strong>Les filatures<\/strong><\/p>\n\n\n\n<p class=\"wp-block-paragraph\">Il existait au XIX e si\u00e8cle, nous l&rsquo;avons dit 5 filatures et 3 tissages.<\/p>\n\n\n\n<p class=\"wp-block-paragraph\">En 1927 il existait encore 4 usines textiles : L.Delahaye (Filature et Tissage)- G. Bulteau (Filature de laine peign\u00e9e)- St\u00e9 Boussus (Tissage m\u00e9canique) et Soci\u00e9t\u00e9 Jourdain (Filature de laine peign\u00e9e). <\/p>\n\n\n<div class=\"wp-block-image\">\n<figure class=\"aligncenter\"><img data-recalc-dims=\"1\" loading=\"lazy\" decoding=\"async\" width=\"568\" height=\"361\" data-attachment-id=\"6967\" data-permalink=\"https:\/\/patrimoine-avesnois.fr\/chemin\/wignehies\/image-1031\/\" data-orig-file=\"https:\/\/i0.wp.com\/patrimoine-avesnois.fr\/chemin\/wp-content\/uploads\/2019\/07\/image-5.png?fit=568%2C361&amp;ssl=1\" data-orig-size=\"568,361\" data-comments-opened=\"1\" data-image-meta=\"{&quot;aperture&quot;:&quot;0&quot;,&quot;credit&quot;:&quot;&quot;,&quot;camera&quot;:&quot;&quot;,&quot;caption&quot;:&quot;&quot;,&quot;created_timestamp&quot;:&quot;0&quot;,&quot;copyright&quot;:&quot;&quot;,&quot;focal_length&quot;:&quot;0&quot;,&quot;iso&quot;:&quot;0&quot;,&quot;shutter_speed&quot;:&quot;0&quot;,&quot;title&quot;:&quot;&quot;,&quot;orientation&quot;:&quot;0&quot;}\" data-image-title=\"image\" data-image-description=\"\" data-image-caption=\"\" data-large-file=\"https:\/\/i0.wp.com\/patrimoine-avesnois.fr\/chemin\/wp-content\/uploads\/2019\/07\/image-5.png?fit=568%2C361&amp;ssl=1\" src=\"https:\/\/i0.wp.com\/patrimoine-avesnois.fr\/chemin\/wp-content\/uploads\/2019\/07\/image-5.png?resize=568%2C361\" alt=\"\" class=\"wp-image-6967\" srcset=\"https:\/\/i0.wp.com\/patrimoine-avesnois.fr\/chemin\/wp-content\/uploads\/2019\/07\/image-5.png?w=568&amp;ssl=1 568w, https:\/\/i0.wp.com\/patrimoine-avesnois.fr\/chemin\/wp-content\/uploads\/2019\/07\/image-5.png?resize=300%2C191&amp;ssl=1 300w\" sizes=\"auto, (max-width: 568px) 85vw, 568px\" \/><figcaption class=\"wp-element-caption\"><em>Filature Delahaye<\/em> avec le tramway Fourmies Wignehies longeant l&rsquo;usine<\/figcaption><\/figure>\n<\/div>\n\n\n<p class=\"wp-block-paragraph\"><\/p>\n\n\n<div class=\"wp-block-image is-resized\">\n<figure class=\"aligncenter\"><img loading=\"lazy\" decoding=\"async\" width=\"1609\" height=\"1007\" data-attachment-id=\"6966\" data-permalink=\"https:\/\/patrimoine-avesnois.fr\/chemin\/wignehies\/668_001-2\/\" data-orig-file=\"https:\/\/i0.wp.com\/patrimoine-avesnois.fr\/chemin\/wp-content\/uploads\/2019\/07\/668_001.jpg?fit=1609%2C1007&amp;ssl=1\" data-orig-size=\"1609,1007\" data-comments-opened=\"1\" data-image-meta=\"{&quot;aperture&quot;:&quot;0&quot;,&quot;credit&quot;:&quot;&quot;,&quot;camera&quot;:&quot;&quot;,&quot;caption&quot;:&quot;&quot;,&quot;created_timestamp&quot;:&quot;1562076450&quot;,&quot;copyright&quot;:&quot;&quot;,&quot;focal_length&quot;:&quot;0&quot;,&quot;iso&quot;:&quot;0&quot;,&quot;shutter_speed&quot;:&quot;0&quot;,&quot;title&quot;:&quot;&quot;,&quot;orientation&quot;:&quot;1&quot;}\" data-image-title=\"668_001\" data-image-description=\"\" data-image-caption=\"\" data-large-file=\"https:\/\/i0.wp.com\/patrimoine-avesnois.fr\/chemin\/wp-content\/uploads\/2019\/07\/668_001.jpg?fit=840%2C526&amp;ssl=1\" src=\"https:\/\/i2.wp.com\/patrimoine-avesnois.fr\/chemin\/wp-content\/uploads\/2019\/07\/668_001.jpg?fit=840%2C526\" alt=\"\" class=\"wp-image-6966\" srcset=\"https:\/\/i0.wp.com\/patrimoine-avesnois.fr\/chemin\/wp-content\/uploads\/2019\/07\/668_001.jpg?w=1609&amp;ssl=1 1609w, https:\/\/i0.wp.com\/patrimoine-avesnois.fr\/chemin\/wp-content\/uploads\/2019\/07\/668_001.jpg?resize=300%2C188&amp;ssl=1 300w, https:\/\/i0.wp.com\/patrimoine-avesnois.fr\/chemin\/wp-content\/uploads\/2019\/07\/668_001.jpg?resize=768%2C481&amp;ssl=1 768w, https:\/\/i0.wp.com\/patrimoine-avesnois.fr\/chemin\/wp-content\/uploads\/2019\/07\/668_001.jpg?resize=1024%2C641&amp;ssl=1 1024w, https:\/\/i0.wp.com\/patrimoine-avesnois.fr\/chemin\/wp-content\/uploads\/2019\/07\/668_001.jpg?resize=1200%2C751&amp;ssl=1 1200w\" sizes=\"auto, (max-width: 709px) 85vw, (max-width: 909px) 67vw, (max-width: 1362px) 62vw, 840px\" \/><figcaption class=\"wp-element-caption\">Filature Delahaye<\/figcaption><\/figure>\n<\/div>\n\n\n<p class=\"wp-block-paragraph\"><\/p>\n\n\n\n<p class=\"wp-block-paragraph\">Cette filature, rue de Fourmies (aujourd&rsquo;hui rue de Verdun) a laiss\u00e9 place \u00e0 un lotissement.<\/p>\n\n\n<div class=\"wp-block-image is-resized\">\n<figure class=\"aligncenter\"><img loading=\"lazy\" decoding=\"async\" width=\"1607\" height=\"1018\" data-attachment-id=\"6971\" data-permalink=\"https:\/\/patrimoine-avesnois.fr\/chemin\/wignehies\/675_001\/\" data-orig-file=\"https:\/\/i0.wp.com\/patrimoine-avesnois.fr\/chemin\/wp-content\/uploads\/2019\/07\/675_001.jpg?fit=1607%2C1018&amp;ssl=1\" data-orig-size=\"1607,1018\" data-comments-opened=\"1\" data-image-meta=\"{&quot;aperture&quot;:&quot;0&quot;,&quot;credit&quot;:&quot;&quot;,&quot;camera&quot;:&quot;&quot;,&quot;caption&quot;:&quot;&quot;,&quot;created_timestamp&quot;:&quot;1562076744&quot;,&quot;copyright&quot;:&quot;&quot;,&quot;focal_length&quot;:&quot;0&quot;,&quot;iso&quot;:&quot;0&quot;,&quot;shutter_speed&quot;:&quot;0&quot;,&quot;title&quot;:&quot;&quot;,&quot;orientation&quot;:&quot;1&quot;}\" data-image-title=\"675_001\" data-image-description=\"\" data-image-caption=\"\" data-large-file=\"https:\/\/i0.wp.com\/patrimoine-avesnois.fr\/chemin\/wp-content\/uploads\/2019\/07\/675_001.jpg?fit=840%2C532&amp;ssl=1\" src=\"https:\/\/i0.wp.com\/patrimoine-avesnois.fr\/chemin\/wp-content\/uploads\/2019\/07\/675_001.jpg?fit=840%2C532\" alt=\"\" class=\"wp-image-6971\" srcset=\"https:\/\/i0.wp.com\/patrimoine-avesnois.fr\/chemin\/wp-content\/uploads\/2019\/07\/675_001.jpg?w=1607&amp;ssl=1 1607w, https:\/\/i0.wp.com\/patrimoine-avesnois.fr\/chemin\/wp-content\/uploads\/2019\/07\/675_001.jpg?resize=300%2C190&amp;ssl=1 300w, https:\/\/i0.wp.com\/patrimoine-avesnois.fr\/chemin\/wp-content\/uploads\/2019\/07\/675_001.jpg?resize=768%2C487&amp;ssl=1 768w, https:\/\/i0.wp.com\/patrimoine-avesnois.fr\/chemin\/wp-content\/uploads\/2019\/07\/675_001.jpg?resize=1024%2C649&amp;ssl=1 1024w, https:\/\/i0.wp.com\/patrimoine-avesnois.fr\/chemin\/wp-content\/uploads\/2019\/07\/675_001.jpg?resize=1200%2C760&amp;ssl=1 1200w\" sizes=\"auto, (max-width: 709px) 85vw, (max-width: 909px) 67vw, (max-width: 1362px) 62vw, 840px\" \/><figcaption class=\"wp-element-caption\">Filature Bachelart devenue apr\u00e8s 1914 la filature Bulteau<br><\/figcaption><\/figure>\n<\/div>\n\n\n<p class=\"wp-block-paragraph\"><\/p>\n\n\n<div class=\"wp-block-image is-resized\">\n<figure class=\"aligncenter\"><img data-recalc-dims=\"1\" loading=\"lazy\" decoding=\"async\" width=\"840\" height=\"620\" data-attachment-id=\"7015\" data-permalink=\"https:\/\/patrimoine-avesnois.fr\/chemin\/wignehies\/image-1035\/\" data-orig-file=\"https:\/\/i0.wp.com\/patrimoine-avesnois.fr\/chemin\/wp-content\/uploads\/2019\/07\/image-9.png?fit=1022%2C754&amp;ssl=1\" data-orig-size=\"1022,754\" data-comments-opened=\"1\" data-image-meta=\"{&quot;aperture&quot;:&quot;0&quot;,&quot;credit&quot;:&quot;&quot;,&quot;camera&quot;:&quot;&quot;,&quot;caption&quot;:&quot;&quot;,&quot;created_timestamp&quot;:&quot;0&quot;,&quot;copyright&quot;:&quot;&quot;,&quot;focal_length&quot;:&quot;0&quot;,&quot;iso&quot;:&quot;0&quot;,&quot;shutter_speed&quot;:&quot;0&quot;,&quot;title&quot;:&quot;&quot;,&quot;orientation&quot;:&quot;0&quot;}\" data-image-title=\"image\" data-image-description=\"\" data-image-caption=\"\" data-large-file=\"https:\/\/i0.wp.com\/patrimoine-avesnois.fr\/chemin\/wp-content\/uploads\/2019\/07\/image-9.png?fit=840%2C620&amp;ssl=1\" src=\"https:\/\/i0.wp.com\/patrimoine-avesnois.fr\/chemin\/wp-content\/uploads\/2019\/07\/image-9.png?resize=840%2C620\" alt=\"\" class=\"wp-image-7015\" srcset=\"https:\/\/i0.wp.com\/patrimoine-avesnois.fr\/chemin\/wp-content\/uploads\/2019\/07\/image-9.png?w=1022&amp;ssl=1 1022w, https:\/\/i0.wp.com\/patrimoine-avesnois.fr\/chemin\/wp-content\/uploads\/2019\/07\/image-9.png?resize=300%2C221&amp;ssl=1 300w, https:\/\/i0.wp.com\/patrimoine-avesnois.fr\/chemin\/wp-content\/uploads\/2019\/07\/image-9.png?resize=768%2C567&amp;ssl=1 768w\" sizes=\"auto, (max-width: 709px) 85vw, (max-width: 909px) 67vw, (max-width: 1362px) 62vw, 840px\" \/><figcaption class=\"wp-element-caption\"><em>La filature est devenue une usine de vente de v\u00eatements&nbsp;de&nbsp;cuir<\/em><\/figcaption><\/figure>\n<\/div>\n\n\n<p class=\"wp-block-paragraph\"><\/p>\n\n\n<div class=\"wp-block-image is-resized\">\n<figure class=\"aligncenter\"><img data-recalc-dims=\"1\" decoding=\"async\" src=\"https:\/\/i0.wp.com\/p1.storage.canalblog.com\/24\/06\/783846\/87679691_p.jpg?w=840&#038;ssl=1\" alt=\"WIGNEHIES-Sortie de l'usine Boussus 1913\"\/><figcaption class=\"wp-element-caption\">Filature Boussus vers 1913<\/figcaption><\/figure>\n<\/div>\n\n\n<p class=\"wp-block-paragraph\"><\/p>\n\n\n<div class=\"wp-block-image is-resized\">\n<figure class=\"aligncenter\"><img data-recalc-dims=\"1\" loading=\"lazy\" decoding=\"async\" width=\"760\" height=\"486\" data-attachment-id=\"6973\" data-permalink=\"https:\/\/patrimoine-avesnois.fr\/chemin\/wignehies\/917_001\/\" data-orig-file=\"https:\/\/i0.wp.com\/patrimoine-avesnois.fr\/chemin\/wp-content\/uploads\/2019\/07\/917_001.jpg?fit=760%2C486&amp;ssl=1\" data-orig-size=\"760,486\" data-comments-opened=\"1\" data-image-meta=\"{&quot;aperture&quot;:&quot;0&quot;,&quot;credit&quot;:&quot;&quot;,&quot;camera&quot;:&quot;&quot;,&quot;caption&quot;:&quot;&quot;,&quot;created_timestamp&quot;:&quot;1562078180&quot;,&quot;copyright&quot;:&quot;&quot;,&quot;focal_length&quot;:&quot;0&quot;,&quot;iso&quot;:&quot;0&quot;,&quot;shutter_speed&quot;:&quot;0&quot;,&quot;title&quot;:&quot;&quot;,&quot;orientation&quot;:&quot;0&quot;}\" data-image-title=\"917_001\" data-image-description=\"\" data-image-caption=\"\" data-large-file=\"https:\/\/i0.wp.com\/patrimoine-avesnois.fr\/chemin\/wp-content\/uploads\/2019\/07\/917_001.jpg?fit=760%2C486&amp;ssl=1\" src=\"https:\/\/i0.wp.com\/patrimoine-avesnois.fr\/chemin\/wp-content\/uploads\/2019\/07\/917_001.jpg?resize=760%2C486\" alt=\"\" class=\"wp-image-6973\" srcset=\"https:\/\/i0.wp.com\/patrimoine-avesnois.fr\/chemin\/wp-content\/uploads\/2019\/07\/917_001.jpg?w=760&amp;ssl=1 760w, https:\/\/i0.wp.com\/patrimoine-avesnois.fr\/chemin\/wp-content\/uploads\/2019\/07\/917_001.jpg?resize=300%2C192&amp;ssl=1 300w\" sizes=\"auto, (max-width: 760px) 85vw, 760px\" \/><figcaption class=\"wp-element-caption\">Int\u00e9rieur de la filature Boussus d\u00e9vast\u00e9e 1914-1918<\/figcaption><\/figure>\n<\/div>\n\n\n<p class=\"wp-block-paragraph\"><\/p>\n\n\n\n<p class=\"wp-block-paragraph\"><a href=\"https:\/\/fr.wikipedia.org\/wiki\/Fran%C3%A7ois_Boussus\" target=\"_blank\" rel=\"noreferrer noopener\" aria-label=\"Fran\u00e7ois Boussus (opens in a new tab)\">Fran\u00e7ois Boussus<\/a> \u00e9tait un pionnier de l&rsquo;industrie textile avec sa filature en 1865, un peignage en 1872 ainsi qu&rsquo;un tissage. <\/p>\n\n\n\n<p class=\"wp-block-paragraph\">La filature fut de nouveau d\u00e9molie en 1943 par les autorit\u00e9s d&rsquo;occupation.<\/p>\n\n\n<div class=\"wp-block-image is-resized\">\n<figure class=\"aligncenter\"><img loading=\"lazy\" decoding=\"async\" width=\"1071\" height=\"742\" data-attachment-id=\"6975\" data-permalink=\"https:\/\/patrimoine-avesnois.fr\/chemin\/wignehies\/filature\/\" data-orig-file=\"https:\/\/i0.wp.com\/patrimoine-avesnois.fr\/chemin\/wp-content\/uploads\/2019\/07\/Filature.jpg?fit=1071%2C742&amp;ssl=1\" data-orig-size=\"1071,742\" data-comments-opened=\"1\" data-image-meta=\"{&quot;aperture&quot;:&quot;0&quot;,&quot;credit&quot;:&quot;CARRE&quot;,&quot;camera&quot;:&quot;&quot;,&quot;caption&quot;:&quot;&quot;,&quot;created_timestamp&quot;:&quot;1562065922&quot;,&quot;copyright&quot;:&quot;&quot;,&quot;focal_length&quot;:&quot;0&quot;,&quot;iso&quot;:&quot;0&quot;,&quot;shutter_speed&quot;:&quot;0&quot;,&quot;title&quot;:&quot;&quot;,&quot;orientation&quot;:&quot;0&quot;}\" data-image-title=\"Filature\" data-image-description=\"\" data-image-caption=\"\" data-large-file=\"https:\/\/i0.wp.com\/patrimoine-avesnois.fr\/chemin\/wp-content\/uploads\/2019\/07\/Filature.jpg?fit=840%2C582&amp;ssl=1\" src=\"https:\/\/i2.wp.com\/patrimoine-avesnois.fr\/chemin\/wp-content\/uploads\/2019\/07\/Filature.jpg?fit=840%2C582\" alt=\"\" class=\"wp-image-6975\" srcset=\"https:\/\/i0.wp.com\/patrimoine-avesnois.fr\/chemin\/wp-content\/uploads\/2019\/07\/Filature.jpg?w=1071&amp;ssl=1 1071w, https:\/\/i0.wp.com\/patrimoine-avesnois.fr\/chemin\/wp-content\/uploads\/2019\/07\/Filature.jpg?resize=300%2C208&amp;ssl=1 300w, https:\/\/i0.wp.com\/patrimoine-avesnois.fr\/chemin\/wp-content\/uploads\/2019\/07\/Filature.jpg?resize=768%2C532&amp;ssl=1 768w, https:\/\/i0.wp.com\/patrimoine-avesnois.fr\/chemin\/wp-content\/uploads\/2019\/07\/Filature.jpg?resize=1024%2C709&amp;ssl=1 1024w\" sizes=\"auto, (max-width: 709px) 85vw, (max-width: 909px) 67vw, (max-width: 1362px) 62vw, 840px\" \/><figcaption class=\"wp-element-caption\">Ancienne filature Boussus avec ses toitures en \u00ab\u00a0dents de scie\u00a0\u00bb, rue des Soigneuses<\/figcaption><\/figure>\n<\/div>\n\n\n<p class=\"wp-block-paragraph\"><\/p>\n\n\n\n<p class=\"wp-block-paragraph\">Cette friche industrielle textile qui a accueilli les filatures Boussus et Hubinet est promis \u00e0 la d\u00e9molition. Cependant une partie historique (4000 m2) va subsister, rachet\u00e9e fin 2018 par  Fr\u00e9d\u00e9ric Lepers, salari\u00e9 dans la maintenance, qui veut louer les locaux.<br><\/p>\n\n\n<div class=\"wp-block-image is-resized\">\n<figure class=\"aligncenter\"><img data-recalc-dims=\"1\" decoding=\"async\" src=\"https:\/\/i0.wp.com\/p4.storage.canalblog.com\/46\/82\/783846\/73151594.jpg?w=840&#038;ssl=1\" alt=\"\"\/><figcaption class=\"wp-element-caption\">Filature Jourdain<\/figcaption><\/figure>\n<\/div>\n\n\n<p class=\"wp-block-paragraph\"><\/p>\n\n\n\n<p class=\"wp-block-paragraph\">En 1980, Wignehies comptait encore 10 industries dont 5 de confection de tissage. La plus grosse entreprise employait une cinquantaine de personnes et fabriquait des bouteilles de gaz. &nbsp;En 1980 et 1984 Wignehies perdit ses deux derni\u00e8res entreprises textiles, licenciant plus de 200 personnes et laissant 25 000 m2 de friches industrielles.La municipalit\u00e9 racheta et r\u00e9habilita de 1985 \u00e0 1988 une des friches industrielles textiles, permettant \u00e0 plusieurs entreprises de s&rsquo;y installer et de pr\u00e9server environ 80 emplois.<\/p>\n\n\n<div class=\"wp-block-image\">\n<figure class=\"aligncenter\"><img data-recalc-dims=\"1\" loading=\"lazy\" decoding=\"async\" width=\"632\" height=\"543\" data-attachment-id=\"6974\" data-permalink=\"https:\/\/patrimoine-avesnois.fr\/chemin\/wignehies\/hubinet\/\" data-orig-file=\"https:\/\/i0.wp.com\/patrimoine-avesnois.fr\/chemin\/wp-content\/uploads\/2019\/07\/Hubinet.jpg?fit=632%2C543&amp;ssl=1\" data-orig-size=\"632,543\" data-comments-opened=\"1\" data-image-meta=\"{&quot;aperture&quot;:&quot;0&quot;,&quot;credit&quot;:&quot;CARRE&quot;,&quot;camera&quot;:&quot;&quot;,&quot;caption&quot;:&quot;&quot;,&quot;created_timestamp&quot;:&quot;1562066102&quot;,&quot;copyright&quot;:&quot;&quot;,&quot;focal_length&quot;:&quot;0&quot;,&quot;iso&quot;:&quot;0&quot;,&quot;shutter_speed&quot;:&quot;0&quot;,&quot;title&quot;:&quot;&quot;,&quot;orientation&quot;:&quot;0&quot;}\" data-image-title=\"Hubinet\" data-image-description=\"\" data-image-caption=\"\" data-large-file=\"https:\/\/i0.wp.com\/patrimoine-avesnois.fr\/chemin\/wp-content\/uploads\/2019\/07\/Hubinet.jpg?fit=632%2C543&amp;ssl=1\" src=\"https:\/\/i0.wp.com\/patrimoine-avesnois.fr\/chemin\/wp-content\/uploads\/2019\/07\/Hubinet.jpg?resize=632%2C543\" alt=\"\" class=\"wp-image-6974\" srcset=\"https:\/\/i0.wp.com\/patrimoine-avesnois.fr\/chemin\/wp-content\/uploads\/2019\/07\/Hubinet.jpg?w=632&amp;ssl=1 632w, https:\/\/i0.wp.com\/patrimoine-avesnois.fr\/chemin\/wp-content\/uploads\/2019\/07\/Hubinet.jpg?resize=300%2C258&amp;ssl=1 300w\" sizes=\"auto, (max-width: 632px) 85vw, 632px\" \/><\/figure>\n<\/div>\n\n\n<p class=\"wp-block-paragraph\"><\/p>\n\n\n\n<p class=\"wp-block-paragraph\">Elle aidera \u00e9galement la filature Hubinet, apr\u00e8s son sinistre \u00e0 Glageon, \u00e0 se r\u00e9installer dans l&rsquo;autre friche textile (environ 10 000 m2) conservant ainsi l&rsquo;une des derni\u00e8res filatures du canton.<\/p>\n\n\n\n<p class=\"wp-block-paragraph\"><\/p>\n\n\n\n<p class=\"wp-block-paragraph\">\ud83d\udfe6 <strong>Les brasseries :<\/strong> <\/p>\n\n\n\n<p class=\"wp-block-paragraph\">elles \u00e9taient au nombre de 5<\/p>\n\n\n<div class=\"wp-block-image\">\n<figure class=\"aligncenter size-full is-resized\"><img data-recalc-dims=\"1\" loading=\"lazy\" decoding=\"async\" width=\"379\" height=\"380\" data-attachment-id=\"28711\" data-permalink=\"https:\/\/patrimoine-avesnois.fr\/chemin\/wignehies\/image-3277\/\" data-orig-file=\"https:\/\/i0.wp.com\/patrimoine-avesnois.fr\/chemin\/wp-content\/uploads\/2026\/08\/image-124.png?fit=379%2C380&amp;ssl=1\" data-orig-size=\"379,380\" data-comments-opened=\"1\" data-image-meta=\"{&quot;aperture&quot;:&quot;0&quot;,&quot;credit&quot;:&quot;&quot;,&quot;camera&quot;:&quot;&quot;,&quot;caption&quot;:&quot;&quot;,&quot;created_timestamp&quot;:&quot;0&quot;,&quot;copyright&quot;:&quot;&quot;,&quot;focal_length&quot;:&quot;0&quot;,&quot;iso&quot;:&quot;0&quot;,&quot;shutter_speed&quot;:&quot;0&quot;,&quot;title&quot;:&quot;&quot;,&quot;orientation&quot;:&quot;0&quot;,&quot;alt&quot;:&quot;&quot;}\" data-image-title=\"image\" data-image-description=\"\" data-image-caption=\"\" data-large-file=\"https:\/\/i0.wp.com\/patrimoine-avesnois.fr\/chemin\/wp-content\/uploads\/2026\/08\/image-124.png?fit=379%2C380&amp;ssl=1\" src=\"https:\/\/i0.wp.com\/patrimoine-avesnois.fr\/chemin\/wp-content\/uploads\/2026\/08\/image-124.png?resize=379%2C380&#038;ssl=1\" alt=\"\" class=\"wp-image-28711\" style=\"aspect-ratio:0.9973515557392679;width:517px;height:auto\" srcset=\"https:\/\/i0.wp.com\/patrimoine-avesnois.fr\/chemin\/wp-content\/uploads\/2026\/08\/image-124.png?w=379&amp;ssl=1 379w, https:\/\/i0.wp.com\/patrimoine-avesnois.fr\/chemin\/wp-content\/uploads\/2026\/08\/image-124.png?resize=300%2C300&amp;ssl=1 300w, https:\/\/i0.wp.com\/patrimoine-avesnois.fr\/chemin\/wp-content\/uploads\/2026\/08\/image-124.png?resize=150%2C150&amp;ssl=1 150w\" sizes=\"auto, (max-width: 379px) 85vw, 379px\" \/><figcaption class=\"wp-element-caption\">Brasserie-malterie coop\u00e9rative l&rsquo;Id\u00e9ale. 15 rue Jean Desfresnes<br>Minist\u00e8re de la culture <\/figcaption><\/figure>\n<\/div>\n\n\n<p class=\"wp-block-paragraph\"><\/p>\n\n\n<div class=\"wp-block-image\">\n<figure class=\"aligncenter\"><img data-recalc-dims=\"1\" loading=\"lazy\" decoding=\"async\" width=\"840\" height=\"543\" data-attachment-id=\"6955\" data-permalink=\"https:\/\/patrimoine-avesnois.fr\/chemin\/wignehies\/861_001\/\" data-orig-file=\"https:\/\/i0.wp.com\/patrimoine-avesnois.fr\/chemin\/wp-content\/uploads\/2019\/07\/861_001.jpg?fit=886%2C573&amp;ssl=1\" data-orig-size=\"886,573\" data-comments-opened=\"1\" data-image-meta=\"{&quot;aperture&quot;:&quot;0&quot;,&quot;credit&quot;:&quot;&quot;,&quot;camera&quot;:&quot;&quot;,&quot;caption&quot;:&quot;&quot;,&quot;created_timestamp&quot;:&quot;1562070012&quot;,&quot;copyright&quot;:&quot;&quot;,&quot;focal_length&quot;:&quot;0&quot;,&quot;iso&quot;:&quot;0&quot;,&quot;shutter_speed&quot;:&quot;0&quot;,&quot;title&quot;:&quot;&quot;,&quot;orientation&quot;:&quot;1&quot;}\" data-image-title=\"861_001\" data-image-description=\"\" data-image-caption=\"\" data-large-file=\"https:\/\/i0.wp.com\/patrimoine-avesnois.fr\/chemin\/wp-content\/uploads\/2019\/07\/861_001.jpg?fit=840%2C543&amp;ssl=1\" src=\"https:\/\/i0.wp.com\/patrimoine-avesnois.fr\/chemin\/wp-content\/uploads\/2019\/07\/861_001.jpg?resize=840%2C543\" alt=\"\" class=\"wp-image-6955\" srcset=\"https:\/\/i0.wp.com\/patrimoine-avesnois.fr\/chemin\/wp-content\/uploads\/2019\/07\/861_001.jpg?w=886&amp;ssl=1 886w, https:\/\/i0.wp.com\/patrimoine-avesnois.fr\/chemin\/wp-content\/uploads\/2019\/07\/861_001.jpg?resize=300%2C194&amp;ssl=1 300w, https:\/\/i0.wp.com\/patrimoine-avesnois.fr\/chemin\/wp-content\/uploads\/2019\/07\/861_001.jpg?resize=768%2C497&amp;ssl=1 768w\" sizes=\"auto, (max-width: 709px) 85vw, (max-width: 909px) 67vw, (max-width: 1362px) 62vw, 840px\" \/><figcaption class=\"wp-element-caption\">Brasserie coop\u00e9rative l&rsquo;Id\u00e9ale qui s&rsquo;arr\u00eata de brasser en 1960<\/figcaption><\/figure>\n<\/div>\n\n\n<p class=\"wp-block-paragraph\"><\/p>\n\n\n\n<p class=\"wp-block-paragraph\">De source orale la brasserie coop\u00e9rative et le logement patronal auraient \u00e9t\u00e9 construits en 1899, date qui appara\u00eet sur l&rsquo;atelier de fabrication. En 1910 une malterie est \u00e9difi\u00e9e dans le prolongement de la brasserie. Elle avait \u00e0 cette date F Capelle pour Pr\u00e9sident et M Damineaux pour Directeur. En 1927 l&rsquo;\u00e9tablissement est dirig\u00e9 par MM. Thomas Henri et S\u00e9guin Albert. En 1946 la brasserie a le statut de soci\u00e9t\u00e9 anonyme et est dirig\u00e9e par M. Duval. Vers 1960 la grande brasserie moderne de Roubaix rach\u00e8te l&rsquo;ensemble. A partir de cette date la brasserie cesse de fonctionner. Actuellement elle sert de d\u00e9p\u00f4t de boissons.&nbsp;<br>En 1927 la brasserie produisait 42 000 hectolitres de bi\u00e8re de fermentation haute ; en 1946 la production atteignait 50 000 hectolitres, toujours de fermentation haute. Source <a rel=\"noreferrer noopener\" aria-label=\"culture.gouv.fr (opens in a new tab)\" href=\"http:\/\/www2.culture.gouv.fr\/public\/mistral\/mersri_fr?ACTION=CHERCHER&amp;FIELD_1=REF&amp;VALUE_1=IA59000180\" target=\"_blank\">culture.gouv.fr<\/a><\/p>\n\n\n\n<p class=\"wp-block-paragraph\">2 Brasserie Daublain Fontaine rue de Fourmies de 1890 \u00e0 1914<\/p>\n\n\n\n<p class=\"wp-block-paragraph\">3 Brasserie des Flandres A Devos de 1901 0 1914<\/p>\n\n\n\n<p class=\"wp-block-paragraph\">4 Brasserie J Lejeune de 1890 \u00e0 1914<\/p>\n\n\n\n<p class=\"wp-block-paragraph\">5 Brasserie V Mairesse de 1890 \u00e0 1910 puis Gobille Mairesse jusqu&rsquo;en 1914<\/p>\n\n\n\n<p class=\"wp-block-paragraph\">Source : <a rel=\"noreferrer noopener\" aria-label=\"brasseriesdelavesnois.fr (opens in a new tab)\" href=\"http:\/\/lesbrasseriesdelavesnois.fr\/c_t_wignehies.html\" target=\"_blank\">brasseriesdelavesnois.fr<\/a><\/p>\n\n\n\n<p class=\"wp-block-paragraph\"><\/p>\n\n\n\n<p class=\"wp-block-paragraph\">\ud83d\udfe6<strong> La laiterie<\/strong><\/p>\n\n\n\n<p class=\"wp-block-paragraph\"><\/p>\n\n\n<div class=\"wp-block-image\">\n<figure class=\"aligncenter is-resized\"><img data-recalc-dims=\"1\" decoding=\"async\" src=\"https:\/\/i0.wp.com\/p4.storage.canalblog.com\/49\/08\/783846\/104317968.jpg?w=840&#038;ssl=1\" alt=\"WIGNEHIES - LAITERIE\" style=\"aspect-ratio:1.317945689542348;width:548px;height:auto\"\/><figcaption class=\"wp-element-caption\">Document Chrisnord<\/figcaption><\/figure>\n<\/div>\n\n\n<p class=\"wp-block-paragraph\"><\/p>\n\n\n\n<p class=\"wp-block-paragraph\">La laiterie de Wignehies produisait en 1935 du beurre et du fromage \u00e0 p\u00e2te molle.<\/p>\n\n\n\n<p class=\"wp-block-paragraph\"><\/p>\n\n\n\n<p class=\"wp-block-paragraph\">\ud83d\udfe6 <strong>Les moulins<\/strong><\/p>\n\n\n\n<p class=\"wp-block-paragraph\"><\/p>\n\n\n<div class=\"wp-block-image\">\n<figure class=\"aligncenter\"><img data-recalc-dims=\"1\" decoding=\"async\" src=\"https:\/\/i0.wp.com\/www.moulins-avesnois.fr\/wp-content\/uploads\/2017\/11\/Wignehies-1.png?w=840\" alt=\"\"\/><figcaption class=\"wp-element-caption\">Les anciens moulins de Wignehies<\/figcaption><\/figure>\n<\/div>\n\n\n<p class=\"wp-block-paragraph\"><\/p>\n\n\n\n<p class=\"wp-block-paragraph\">Le premier moulin rencontr\u00e9 dans cette localit\u00e9 \u00e9tait le moulin Delsaut, actionn\u00e9 par deux roues avec le ruisseau de la Fontaine Rouge se jetant \u00e0 ses pieds. Charles Delsaut, cabaretier \u00e0 Wignehies l\u2019avait achet\u00e9 en 1835 \u00e0 Nicolas Terret, propri\u00e9taire au Nouvion-en-Thi\u00e9rache. Il fut d\u00e9moli en 1838, reconstruit en 1840 puis de nouveau d\u00e9moli en 1869.<\/p>\n\n\n\n<p class=\"wp-block-paragraph\">Le second moulin au centre du village, qui provenait de l\u2019abbaye de Saint-Denis, fut occup\u00e9 par le meunier Jean Baptiste Fontaine d\u00e8s 1753.&nbsp; A son d\u00e9c\u00e8s en 1799, son fils Vincent Maximilien le loua \u00e0 Nicolas Fran\u00e7ois Bang\u00e8res. Vers 1835, il fut achet\u00e9 par Th\u00e9ophile Legrand, filateur \u00e0 Fourmies. Celui-ci le convertit en filature de laine et y ajouta une machine \u00e0 vapeur. En 1847 Boutard Fostier, filateur \u00e0 Wignehies la poss\u00e9dait.En 1884 la veuve d\u2019Henri Bourgeois Boutard la d\u00e9tenait. Les b\u00e2timents ont \u00e9t\u00e9 d\u00e9truits en 1982 pour y laisser place \u00e0 un lotissement.<\/p>\n\n\n\n<p class=\"wp-block-paragraph\">Avant de quitter Wignehies pour changer de d\u00e9partement et se mouvoir dans la commune de Rocquigny, l\u2019Helpe Mineure faisait tourner d\u00e8s 1750-1760 un moulin \u00ab&nbsp;\u00e0 deux roues \u00e0 ailes&nbsp;\u00bb dit moulin Paqui\u00e9. Jean Lermuzeaux en \u00e9tait le meunier vers 1800 et sa veuve en 1806 fit b\u00e2tir au m\u00eame endroit un autre petit moulin \u00ab&nbsp;d\u2019une roue \u00e0 pots \u00e0 tournants&nbsp;\u00bb. Placide Descamps, meunier \u00e0 Glageon, occupait le moulin Paqui\u00e9 en 1841 et 1865. Il fut d\u00e9moli peu apr\u00e8s 1882, le propri\u00e9taire \u00e9tant alors Constant Sohier Descamps, demeurant \u00e0 Avesnelles.<\/p>\n\n\n<div class=\"wp-block-image is-resized\">\n<figure class=\"aligncenter\"><img data-recalc-dims=\"1\" decoding=\"async\" src=\"https:\/\/i0.wp.com\/patrimoine-avesnois.fr\/chemin\/wp-content\/uploads\/2019\/07\/Helpe-Mineure.jpg?w=840\" alt=\"L\u00e2\u0080\u0099attribut alt de cette image est vide, son nom de fichier est Helpe-Mineure.jpg.\"\/><figcaption class=\"wp-element-caption\"><em>L&rsquo;Helpe Mineure \u00e0 Wignehies<\/em> <\/figcaption><\/figure>\n<\/div>\n\n\n<p class=\"wp-block-paragraph\"><\/p>\n\n\n\n<p class=\"wp-block-paragraph\">\ud83d\udfe6 <strong>L&rsquo;ancien ch\u00e2teau Boussus aujourd&rsquo;hui disparu et l&rsquo;actuelle propri\u00e9t\u00e9 Boussus<\/strong><\/p>\n\n\n\n<p class=\"wp-block-paragraph\"><\/p>\n\n\n<div class=\"wp-block-image is-resized\">\n<figure class=\"aligncenter\"><img data-recalc-dims=\"1\" loading=\"lazy\" decoding=\"async\" width=\"840\" height=\"547\" data-attachment-id=\"6996\" data-permalink=\"https:\/\/patrimoine-avesnois.fr\/chemin\/wignehies\/096_001-2\/\" data-orig-file=\"https:\/\/i0.wp.com\/patrimoine-avesnois.fr\/chemin\/wp-content\/uploads\/2019\/07\/096_001.jpg?fit=876%2C570&amp;ssl=1\" data-orig-size=\"876,570\" data-comments-opened=\"1\" data-image-meta=\"{&quot;aperture&quot;:&quot;0&quot;,&quot;credit&quot;:&quot;&quot;,&quot;camera&quot;:&quot;&quot;,&quot;caption&quot;:&quot;&quot;,&quot;created_timestamp&quot;:&quot;1562081264&quot;,&quot;copyright&quot;:&quot;&quot;,&quot;focal_length&quot;:&quot;0&quot;,&quot;iso&quot;:&quot;0&quot;,&quot;shutter_speed&quot;:&quot;0&quot;,&quot;title&quot;:&quot;&quot;,&quot;orientation&quot;:&quot;1&quot;}\" data-image-title=\"096_001\" data-image-description=\"\" data-image-caption=\"\" data-large-file=\"https:\/\/i0.wp.com\/patrimoine-avesnois.fr\/chemin\/wp-content\/uploads\/2019\/07\/096_001.jpg?fit=840%2C547&amp;ssl=1\" src=\"https:\/\/i0.wp.com\/patrimoine-avesnois.fr\/chemin\/wp-content\/uploads\/2019\/07\/096_001.jpg?resize=840%2C547\" alt=\"\" class=\"wp-image-6996\" srcset=\"https:\/\/i0.wp.com\/patrimoine-avesnois.fr\/chemin\/wp-content\/uploads\/2019\/07\/096_001.jpg?w=876&amp;ssl=1 876w, https:\/\/i0.wp.com\/patrimoine-avesnois.fr\/chemin\/wp-content\/uploads\/2019\/07\/096_001.jpg?resize=300%2C195&amp;ssl=1 300w, https:\/\/i0.wp.com\/patrimoine-avesnois.fr\/chemin\/wp-content\/uploads\/2019\/07\/096_001.jpg?resize=768%2C500&amp;ssl=1 768w\" sizes=\"auto, (max-width: 709px) 85vw, (max-width: 909px) 67vw, (max-width: 1362px) 62vw, 840px\" \/><figcaption class=\"wp-element-caption\">Le ch\u00e2teau fut ras\u00e9 dans les ann\u00e9es 1950<\/figcaption><\/figure>\n<\/div>\n\n\n<p class=\"wp-block-paragraph\"><\/p>\n\n\n\n<p class=\"wp-block-paragraph\">En 1884, Fran\u00e7ois Boussus ach\u00e8te pour 700 000 francs un vaste domaine forestier de 244 hectares \u00e0 Beugnies. Cette acquisition prestigieuse lui vaut le surnom satirique de \u00ab baron de Beugnies \u00bb dans la presse locale.<\/p>\n\n\n\n<p class=\"wp-block-paragraph\">Le domaine n\u2019\u00e9tait pas une r\u00e9sidence : Boussus vivait dans sa demeure de Wignehies (dit le ch\u00e2teau de Boussus), o\u00f9 il menait un mode de vie de grand bourgeois, entour\u00e9 d\u2019une domesticit\u00e9 nombreuse, et recevait r\u00e9guli\u00e8rement industriels et personnalit\u00e9s politiques.<\/p>\n\n\n\n<p class=\"wp-block-paragraph\"><\/p>\n\n\n<div class=\"wp-block-image is-resized\">\n<figure class=\"aligncenter\"><img data-recalc-dims=\"1\" decoding=\"async\" src=\"https:\/\/i0.wp.com\/p6.storage.canalblog.com\/68\/89\/783846\/61995116_p.jpg?w=840&#038;ssl=1\" alt=\"WIGNEHIES_Rue_Jean_Desfresne\" style=\"aspect-ratio:1.5411145569181643;width:590px;height:auto\"\/><figcaption class=\"wp-element-caption\">La propri\u00e9t\u00e9 Boussus<\/figcaption><\/figure>\n<\/div>\n\n\n<p class=\"wp-block-paragraph\"><\/p>\n\n\n<div class=\"wp-block-image is-resized\">\n<figure class=\"aligncenter\"><img loading=\"lazy\" decoding=\"async\" width=\"1060\" height=\"777\" data-attachment-id=\"7010\" data-permalink=\"https:\/\/patrimoine-avesnois.fr\/chemin\/wignehies\/image-1034\/\" data-orig-file=\"https:\/\/i0.wp.com\/patrimoine-avesnois.fr\/chemin\/wp-content\/uploads\/2019\/07\/image-8.png?fit=1060%2C777&amp;ssl=1\" data-orig-size=\"1060,777\" data-comments-opened=\"1\" data-image-meta=\"{&quot;aperture&quot;:&quot;0&quot;,&quot;credit&quot;:&quot;&quot;,&quot;camera&quot;:&quot;&quot;,&quot;caption&quot;:&quot;&quot;,&quot;created_timestamp&quot;:&quot;0&quot;,&quot;copyright&quot;:&quot;&quot;,&quot;focal_length&quot;:&quot;0&quot;,&quot;iso&quot;:&quot;0&quot;,&quot;shutter_speed&quot;:&quot;0&quot;,&quot;title&quot;:&quot;&quot;,&quot;orientation&quot;:&quot;0&quot;}\" data-image-title=\"image\" data-image-description=\"\" data-image-caption=\"\" data-large-file=\"https:\/\/i0.wp.com\/patrimoine-avesnois.fr\/chemin\/wp-content\/uploads\/2019\/07\/image-8.png?fit=840%2C616&amp;ssl=1\" src=\"https:\/\/i1.wp.com\/patrimoine-avesnois.fr\/chemin\/wp-content\/uploads\/2019\/07\/image-8.png?fit=840%2C616\" alt=\"\" class=\"wp-image-7010\" srcset=\"https:\/\/i0.wp.com\/patrimoine-avesnois.fr\/chemin\/wp-content\/uploads\/2019\/07\/image-8.png?w=1060&amp;ssl=1 1060w, https:\/\/i0.wp.com\/patrimoine-avesnois.fr\/chemin\/wp-content\/uploads\/2019\/07\/image-8.png?resize=300%2C220&amp;ssl=1 300w, https:\/\/i0.wp.com\/patrimoine-avesnois.fr\/chemin\/wp-content\/uploads\/2019\/07\/image-8.png?resize=768%2C563&amp;ssl=1 768w, https:\/\/i0.wp.com\/patrimoine-avesnois.fr\/chemin\/wp-content\/uploads\/2019\/07\/image-8.png?resize=1024%2C751&amp;ssl=1 1024w\" sizes=\"auto, (max-width: 709px) 85vw, (max-width: 909px) 67vw, (max-width: 1362px) 62vw, 840px\" \/><figcaption class=\"wp-element-caption\">La propri\u00e9t\u00e9 de nos jours<\/figcaption><\/figure>\n<\/div>\n\n\n<p class=\"wp-block-paragraph\">Cette propri\u00e9t\u00e9 n&rsquo;\u00e9tait qu&rsquo;une construction annexe servant de logement au r\u00e9gisseur et au cocher. Le porche ouvrait sur les terrains et la propri\u00e9t\u00e9 de Fran\u00e7ois Boussus qui comprenait&nbsp; les usines et le ch\u00e2teau aujourd\u2019hui disparu. <\/p>\n\n\n\n<p class=\"has-text-align-center wp-block-paragraph\">***<\/p>\n\n\n\n<p class=\"wp-block-paragraph\"><\/p>\n\n\n\n<p class=\"wp-block-paragraph\">\ud83d\udfe6 La maison o\u00f9 s\u00e9journa le capitaine Philippe Leclerc de Hauteclocque du 5 octobre au 25 novembre 1939, ce capitaine qui ensuite g\u00e9n\u00e9ral lib\u00e9ra Paris en 1944 \u00e0 la t\u00eate de la 2e division blind\u00e9e (DB).<\/p>\n\n\n\n<p class=\"wp-block-paragraph\"><\/p>\n\n\n<div class=\"wp-block-image is-resized\">\n<figure class=\"aligncenter\"><img data-recalc-dims=\"1\" decoding=\"async\" src=\"https:\/\/i0.wp.com\/lvdneng.rosselcdn.net\/sites\/default\/files\/dpistyles_v2\/ena_16_9_extra_big\/2016\/12\/16\/node_91200\/19210153\/public\/2016\/12\/16\/B9710555688Z.1_20161216184504_000%2BGN486C8OH.2-0.jpg?w=840&#038;ssl=1\" alt=\"\"\/><\/figure>\n<\/div>\n\n\n<p class=\"wp-block-paragraph\"><\/p>\n\n\n\n<p class=\"wp-block-paragraph\">La maison o\u00f9 s\u00e9journa le g\u00e9n\u00e9ral Leclerc en 1939 tombe en ruine. Apr\u00e8s des probl\u00e8mes de succession, elle a fini par \u00eatre rachet\u00e9e par la commune en 2017. La municipalit\u00e9 fait appel \u00e0 la Mission Patrimoine pour la sauver. Sinon, elle sera d\u00e9molie. Affaire \u00e0 suivre.<\/p>\n\n\n\n<p class=\"has-text-align-center wp-block-paragraph\">***<\/p>\n\n\n\n<p class=\"wp-block-paragraph\">\ud83d\udfe6 D\u00e9couvrez les anciennes rues de Wignehies et ce qu&rsquo;elles sont devenues gr\u00e2ce \u00e0 l&rsquo;excellent site de <a aria-label=\" (opens in a new tab)\" href=\"http:\/\/chris59132.canalblog.com\/archives\/wignehies\/index.html\" target=\"_blank\" rel=\"noreferrer noopener\">Chrisnord<\/a><\/p>\n\n\n\n<p class=\"has-text-align-center wp-block-paragraph\">***<\/p>\n\n\n\n<p class=\"wp-block-paragraph\"><\/p>\n\n\n\n<p class=\"wp-block-paragraph\">\ud83d\udfe6 <strong>Association pour la sauvegarde de l\u2019\u00e9glise St \u00c9tienne&nbsp;de Wignehies<\/strong><\/p>\n\n\n\n<p class=\"wp-block-paragraph\">L\u2019\u00e9glise Saint-\u00c9tienne de Wignehies est en tr\u00e8s mauvais. Et les inqui\u00e9tudes quant \u00e0 son avenir sont l\u00e9gitimes. Il faudrait 5 M&nbsp;\u20ac pour la r\u00e9habiliter enti\u00e8rement. <\/p>\n\n\n\n<p class=\"wp-block-paragraph\">A l&rsquo;initiative de Madame Marie France Michaux &nbsp;ainsi que de personnes tr\u00e8s motiv\u00e9es et tr\u00e8s impliqu\u00e9es, une association s&rsquo;est cr\u00e9\u00e9e, en juillet 2018, ayant pour nom tout simplement :<\/p>\n\n\n\n<p class=\"has-text-align-center wp-block-paragraph\"><strong>Association pour la sauvegarde de l\u2019\u00e9glise St \u00c9tienne&nbsp;<\/strong><\/p>\n\n\n\n<p class=\"has-text-align-center wp-block-paragraph\"><strong>de Wignehies<\/strong><\/p>\n\n\n\n<p class=\"wp-block-paragraph\">Cette association a pour mission de pr\u00e9server le patrimoine religieux de la commune, en particulier l\u2019\u00e9glise Saint\u2011\u00c9tienne et son mobilier. Elle agit en compl\u00e9mentarit\u00e9 avec la mairie, propri\u00e9taire du b\u00e2timent, en prenant en charge les restaurations int\u00e9rieures tandis que la commune assure les travaux structurels.<\/p>\n\n\n\n<p class=\"wp-block-paragraph\">Depuis 2018, elle contribue activement \u00e0 la pr\u00e9servation de l\u2019\u00e9difice : restauration du confessionnal, r\u00e9novation du parvis, des assises de chaises, des mains courantes, de la salle Michel Coquelet, ainsi que de plusieurs pl\u00e2tres, statues et vitraux (dont <em>Le Bapt\u00eame de J\u00e9sus<\/em> et le <em>Monument aux Morts<\/em>). D\u2019autres \u00e9l\u00e9ments du mobilier restent inscrits sur la liste des travaux \u00e0 venir.<\/p>\n\n\n\n<p class=\"wp-block-paragraph\">Forte d\u2019environ 70 membres, l\u2019association organise chaque ann\u00e9e diverses actions pour financer les restaurations : march\u00e9 de No\u00ebl, concours de belote, vente de meubles anciens et autres animations locales. Des appels aux dons sont \u00e9galement lanc\u00e9s : des bulletins et enveloppes sont disponibles \u00e0 l\u2019entr\u00e9e de l\u2019\u00e9glise et peuvent \u00eatre d\u00e9pos\u00e9s dans sa bo\u00eete aux lettres. Gr\u00e2ce \u00e0 ses actions, ses \u00e9v\u00e9nements et ses appels aux dons, elle contribue activement \u00e0 la transmission de l\u2019\u00e9glise Saint\u2011\u00c9tienne aux g\u00e9n\u00e9rations futures.<\/p>\n","protected":false},"excerpt":{"rendered":"<p>Wignehies appartenait jadis \u00e0 l&rsquo;abbaye de Saint-Denis en France. En effet en 1198, Guy, archev\u00eaque de Reims, fit don \u00e0 l&rsquo;abbaye de Saint-Denis en France du patronage de l&rsquo;\u00e9glise de Wignehies. La donation fut ratifi\u00e9e la m\u00eame ann\u00e9e par le pape Innocent III. De plus, l&rsquo;abbaye \u00e9tait seigneur temporel et spirituel du village. Cette seigneurie, &hellip; <a href=\"https:\/\/patrimoine-avesnois.fr\/chemin\/wignehies\/\" class=\"more-link\">Continuer la lecture<span class=\"screen-reader-text\"> de &laquo;&nbsp;Wignehies&nbsp;&raquo;<\/span><\/a><\/p>\n","protected":false},"author":2,"featured_media":0,"parent":0,"menu_order":0,"comment_status":"closed","ping_status":"closed","template":"","meta":{"footnotes":""},"class_list":["post-6932","page","type-page","status-publish","hentry"],"jetpack_sharing_enabled":true,"jetpack_shortlink":"https:\/\/wp.me\/PaOEkN-1NO","jetpack-related-posts":[],"_links":{"self":[{"href":"https:\/\/patrimoine-avesnois.fr\/chemin\/wp-json\/wp\/v2\/pages\/6932","targetHints":{"allow":["GET"]}}],"collection":[{"href":"https:\/\/patrimoine-avesnois.fr\/chemin\/wp-json\/wp\/v2\/pages"}],"about":[{"href":"https:\/\/patrimoine-avesnois.fr\/chemin\/wp-json\/wp\/v2\/types\/page"}],"author":[{"embeddable":true,"href":"https:\/\/patrimoine-avesnois.fr\/chemin\/wp-json\/wp\/v2\/users\/2"}],"replies":[{"embeddable":true,"href":"https:\/\/patrimoine-avesnois.fr\/chemin\/wp-json\/wp\/v2\/comments?post=6932"}],"version-history":[{"count":27,"href":"https:\/\/patrimoine-avesnois.fr\/chemin\/wp-json\/wp\/v2\/pages\/6932\/revisions"}],"predecessor-version":[{"id":28754,"href":"https:\/\/patrimoine-avesnois.fr\/chemin\/wp-json\/wp\/v2\/pages\/6932\/revisions\/28754"}],"wp:attachment":[{"href":"https:\/\/patrimoine-avesnois.fr\/chemin\/wp-json\/wp\/v2\/media?parent=6932"}],"curies":[{"name":"wp","href":"https:\/\/api.w.org\/{rel}","templated":true}]}}