{"id":7091,"date":"2019-07-15T14:27:18","date_gmt":"2019-07-15T12:27:18","guid":{"rendered":"http:\/\/patrimoine-avesnois.fr\/chemin\/?page_id=7091"},"modified":"2025-02-27T15:24:18","modified_gmt":"2025-02-27T14:24:18","slug":"solre-le-chateau","status":"publish","type":"page","link":"https:\/\/patrimoine-avesnois.fr\/chemin\/solre-le-chateau\/","title":{"rendered":"Solre-le-Ch\u00e2teau"},"content":{"rendered":"<div class=\"wp-block-image\">\n<figure class=\"aligncenter\"><img data-recalc-dims=\"1\" loading=\"lazy\" decoding=\"async\" width=\"840\" height=\"577\" data-attachment-id=\"7092\" data-permalink=\"https:\/\/patrimoine-avesnois.fr\/chemin\/solre-le-chateau\/256_001\/\" data-orig-file=\"https:\/\/i0.wp.com\/patrimoine-avesnois.fr\/chemin\/wp-content\/uploads\/2019\/07\/256_001.jpg?fit=950%2C652&amp;ssl=1\" data-orig-size=\"950,652\" data-comments-opened=\"1\" data-image-meta=\"{&quot;aperture&quot;:&quot;0&quot;,&quot;credit&quot;:&quot;&quot;,&quot;camera&quot;:&quot;&quot;,&quot;caption&quot;:&quot;&quot;,&quot;created_timestamp&quot;:&quot;1563025230&quot;,&quot;copyright&quot;:&quot;&quot;,&quot;focal_length&quot;:&quot;0&quot;,&quot;iso&quot;:&quot;0&quot;,&quot;shutter_speed&quot;:&quot;0&quot;,&quot;title&quot;:&quot;&quot;,&quot;orientation&quot;:&quot;0&quot;}\" data-image-title=\"256_001\" data-image-description=\"\" data-image-caption=\"\" data-large-file=\"https:\/\/i0.wp.com\/patrimoine-avesnois.fr\/chemin\/wp-content\/uploads\/2019\/07\/256_001.jpg?fit=840%2C577&amp;ssl=1\" src=\"https:\/\/i0.wp.com\/patrimoine-avesnois.fr\/chemin\/wp-content\/uploads\/2019\/07\/256_001.jpg?resize=840%2C577\" alt=\"\" class=\"wp-image-7092\" srcset=\"https:\/\/i0.wp.com\/patrimoine-avesnois.fr\/chemin\/wp-content\/uploads\/2019\/07\/256_001.jpg?w=950&amp;ssl=1 950w, https:\/\/i0.wp.com\/patrimoine-avesnois.fr\/chemin\/wp-content\/uploads\/2019\/07\/256_001.jpg?resize=300%2C206&amp;ssl=1 300w, https:\/\/i0.wp.com\/patrimoine-avesnois.fr\/chemin\/wp-content\/uploads\/2019\/07\/256_001.jpg?resize=768%2C527&amp;ssl=1 768w\" sizes=\"auto, (max-width: 709px) 85vw, (max-width: 909px) 67vw, (max-width: 1362px) 62vw, 840px\" \/><figcaption class=\"wp-element-caption\">Vue a\u00e9rienne de Solre-le-Ch\u00e2teau<\/figcaption><\/figure>\n<\/div>\n\n\n<p>Solre-le-Ch\u00e2teau doit son nom, d&rsquo;une part au ruisseau de la Solre qui la traverse, de l&rsquo;autre \u00e0 un ch\u00e2teau fort, aujourd&rsquo;hui disparu, qui \u00e9tait b\u00e2ti sur l&#8217;emplacement actuel de la Grand-place (c\u00f4t\u00e9 sud).<\/p>\n\n\n\n<p>La seigneurie appartint d&rsquo;abord aux familles de Barben\u00e7on et de Berlaimont, puis aux Lannoy-Molembaix jusqu&rsquo;en 1587. Ensuite elle \u00e9tait aux mains de l&rsquo;illustre maison de Cro\u00ff, dont l&rsquo;un des membres, Philippe, fut cr\u00e9\u00e9 premier comte de Solre en 1592 par Philippe II, roi d&rsquo;Espagne.<\/p>\n\n\n\n<p>Le ch\u00e2teau qui avait \u00e9t\u00e9 pris et br\u00fbl\u00e9 une premi\u00e8re fois en 1473 par le conn\u00e9table de Saint-Pol (Louis de Luxembourg), fut pris d&rsquo;assaut par Turenne en 1637. Il fut \u00e9galement pill\u00e9 en 1651 par les troupes du g\u00e9n\u00e9ral Rose. En 1656 Turenne s&rsquo;en empara \u00e0 nouveau avant d&rsquo;aller assi\u00e9ger Valenciennes. Il sera d\u00e9moli pierre par pierre \u00e0 la R\u00e9volution.<\/p>\n\n\n\n<p>Avant la R\u00e9volution, Solre le Ch\u00e2teau \u00e9tait des gouvernement, pr\u00e9v\u00f4t\u00e9 et subd\u00e9l\u00e9gation de Maubeuge. En 1790, il fut compris dans le district d&rsquo;Avesnes et d\u00e9sign\u00e9 comme chef-lieu d&rsquo;un canton <\/p>\n\n\n\n<p>En mai 1794 les Autrichiens pill\u00e8rent le village. En f\u00e9vrier 1814, les Russes s&#8217;empar\u00e8rent de Solre le Ch\u00e2teau avant d&rsquo;en \u00eatre chass\u00e9 en mars par un d\u00e9tachement de la garnison fran\u00e7aise de Maubeuge. Le 13 juin 1815, Napol\u00e9on, se rendant sur la fronti\u00e8re, passa \u00e0 Solre le Ch\u00e2teau.<\/p>\n\n\n\n<figure class=\"wp-block-gallery aligncenter has-nested-images columns-default is-cropped wp-block-gallery-1 is-layout-flex wp-block-gallery-is-layout-flex\">\n<figure class=\"wp-block-image size-large\"><img data-recalc-dims=\"1\" loading=\"lazy\" decoding=\"async\" width=\"840\" height=\"578\" data-attachment-id=\"7094\" data-permalink=\"https:\/\/patrimoine-avesnois.fr\/chemin\/solre-le-chateau\/155_001\/\" data-orig-file=\"https:\/\/i0.wp.com\/patrimoine-avesnois.fr\/chemin\/wp-content\/uploads\/2019\/07\/155_001.jpg?fit=862%2C593&amp;ssl=1\" data-orig-size=\"862,593\" data-comments-opened=\"1\" data-image-meta=\"{&quot;aperture&quot;:&quot;0&quot;,&quot;credit&quot;:&quot;&quot;,&quot;camera&quot;:&quot;&quot;,&quot;caption&quot;:&quot;&quot;,&quot;created_timestamp&quot;:&quot;1563025249&quot;,&quot;copyright&quot;:&quot;&quot;,&quot;focal_length&quot;:&quot;0&quot;,&quot;iso&quot;:&quot;0&quot;,&quot;shutter_speed&quot;:&quot;0&quot;,&quot;title&quot;:&quot;&quot;,&quot;orientation&quot;:&quot;0&quot;}\" data-image-title=\"155_001\" data-image-description=\"\" data-image-caption=\"\" data-large-file=\"https:\/\/i0.wp.com\/patrimoine-avesnois.fr\/chemin\/wp-content\/uploads\/2019\/07\/155_001.jpg?fit=840%2C578&amp;ssl=1\" data-id=\"7094\" src=\"https:\/\/i0.wp.com\/patrimoine-avesnois.fr\/chemin\/wp-content\/uploads\/2019\/07\/155_001.jpg?resize=840%2C578&#038;ssl=1\" alt=\"\" class=\"wp-image-7094\" srcset=\"https:\/\/i0.wp.com\/patrimoine-avesnois.fr\/chemin\/wp-content\/uploads\/2019\/07\/155_001.jpg?w=862&amp;ssl=1 862w, https:\/\/i0.wp.com\/patrimoine-avesnois.fr\/chemin\/wp-content\/uploads\/2019\/07\/155_001.jpg?resize=300%2C206&amp;ssl=1 300w, https:\/\/i0.wp.com\/patrimoine-avesnois.fr\/chemin\/wp-content\/uploads\/2019\/07\/155_001.jpg?resize=768%2C528&amp;ssl=1 768w\" sizes=\"auto, (max-width: 709px) 85vw, (max-width: 909px) 67vw, (max-width: 1362px) 62vw, 840px\" \/><\/figure>\n\n\n\n<figure class=\"wp-block-image size-large\"><img data-recalc-dims=\"1\" loading=\"lazy\" decoding=\"async\" width=\"840\" height=\"588\" data-attachment-id=\"7095\" data-permalink=\"https:\/\/patrimoine-avesnois.fr\/chemin\/solre-le-chateau\/946_001\/\" data-orig-file=\"https:\/\/i0.wp.com\/patrimoine-avesnois.fr\/chemin\/wp-content\/uploads\/2019\/07\/946_001.jpg?fit=984%2C689&amp;ssl=1\" data-orig-size=\"984,689\" data-comments-opened=\"1\" data-image-meta=\"{&quot;aperture&quot;:&quot;0&quot;,&quot;credit&quot;:&quot;&quot;,&quot;camera&quot;:&quot;&quot;,&quot;caption&quot;:&quot;&quot;,&quot;created_timestamp&quot;:&quot;1563025174&quot;,&quot;copyright&quot;:&quot;&quot;,&quot;focal_length&quot;:&quot;0&quot;,&quot;iso&quot;:&quot;0&quot;,&quot;shutter_speed&quot;:&quot;0&quot;,&quot;title&quot;:&quot;&quot;,&quot;orientation&quot;:&quot;0&quot;}\" data-image-title=\"946_001\" data-image-description=\"\" data-image-caption=\"\" data-large-file=\"https:\/\/i0.wp.com\/patrimoine-avesnois.fr\/chemin\/wp-content\/uploads\/2019\/07\/946_001.jpg?fit=840%2C588&amp;ssl=1\" data-id=\"7095\" src=\"https:\/\/i0.wp.com\/patrimoine-avesnois.fr\/chemin\/wp-content\/uploads\/2019\/07\/946_001.jpg?resize=840%2C588&#038;ssl=1\" alt=\"\" class=\"wp-image-7095\" srcset=\"https:\/\/i0.wp.com\/patrimoine-avesnois.fr\/chemin\/wp-content\/uploads\/2019\/07\/946_001.jpg?w=984&amp;ssl=1 984w, https:\/\/i0.wp.com\/patrimoine-avesnois.fr\/chemin\/wp-content\/uploads\/2019\/07\/946_001.jpg?resize=300%2C210&amp;ssl=1 300w, https:\/\/i0.wp.com\/patrimoine-avesnois.fr\/chemin\/wp-content\/uploads\/2019\/07\/946_001.jpg?resize=768%2C538&amp;ssl=1 768w\" sizes=\"auto, (max-width: 709px) 85vw, (max-width: 909px) 67vw, (max-width: 1362px) 62vw, 840px\" \/><\/figure>\n<\/figure>\n\n\n\n<p><\/p>\n\n\n\n<p>Un peu d&rsquo;histoire concernant l&rsquo;\u00e9glise :<\/p>\n\n\n\n<p>Une charte \u00e9manant de Nicolas Ier, \u00e9v\u00eaque de Cambrai en 1154 attribue \u00e0 l&rsquo;Abbaye de FLOREFFE \u00ab l&rsquo;autel de Solre \u00bb (SOLRA BERTULDI), donn\u00e9 \u00e0 a Gerland, troisi\u00e8me abb\u00e9 avec celui de Beaurieux (BELLUS RIVUS). <\/p>\n\n\n\n<p>En 1186, Solre (SORRA. LE CHASTEL) forme avec Beaurieux une paroisse du d\u00e9canat de MAUBEUGE. <br> Par la suite, d\u00e8es 1243, les moines peuvent pr\u00e9lever la d\u00eeme et acheter des terres. De l\u2019\u00e9glise du XII\u00b0 si\u00e8cle il ne reste rien. On s&rsquo;accorde \u00e0 penser que les parties les plus anciennes de l&rsquo;\u00e9glise actuelle remontent au XV\u00b0 si\u00e8cle. <\/p>\n\n\n\n<p>En 1514, Philippe de Lannoy, seigneur de Solre, fait reconstruire l&rsquo;\u00e9glise, gr\u00e2ce \u00e0 la lev\u00e9e d&rsquo;un imp\u00f4t sur la bi\u00e8re. Il lui ajoute le clocher en pierre et une fl\u00e8che. <\/p>\n\n\n\n<p>L\u2019\u00e9glise avait \u00e9t\u00e9 d\u00e9truite une fois de plus, quelques ann\u00e9es auparavant par les troupes du conn\u00e9table de Saint-Pol. On sait que l&rsquo;\u00e9glise pr\u00e9sentait \u00e0 peu cette forme en 1598-1601, gr\u00e2ce aux albums d&rsquo;Adrien de Montigny, ex\u00e9cut\u00e9s \u00e0 la demande du prince de Cro\u00ff. <\/p>\n\n\n\n<figure class=\"wp-block-gallery aligncenter has-nested-images columns-default is-cropped wp-block-gallery-2 is-layout-flex wp-block-gallery-is-layout-flex\">\n<figure class=\"wp-block-image size-large\"><img data-recalc-dims=\"1\" loading=\"lazy\" decoding=\"async\" width=\"291\" height=\"380\" data-attachment-id=\"7204\" data-permalink=\"https:\/\/patrimoine-avesnois.fr\/chemin\/solre-le-chateau\/ducaerchot\/\" data-orig-file=\"https:\/\/i0.wp.com\/patrimoine-avesnois.fr\/chemin\/wp-content\/uploads\/2019\/07\/Ducaerchot.jpg?fit=291%2C380&amp;ssl=1\" data-orig-size=\"291,380\" data-comments-opened=\"1\" data-image-meta=\"{&quot;aperture&quot;:&quot;0&quot;,&quot;credit&quot;:&quot;&quot;,&quot;camera&quot;:&quot;&quot;,&quot;caption&quot;:&quot;&quot;,&quot;created_timestamp&quot;:&quot;0&quot;,&quot;copyright&quot;:&quot;&quot;,&quot;focal_length&quot;:&quot;0&quot;,&quot;iso&quot;:&quot;0&quot;,&quot;shutter_speed&quot;:&quot;0&quot;,&quot;title&quot;:&quot;&quot;,&quot;orientation&quot;:&quot;0&quot;}\" data-image-title=\"Ducaerchot\" data-image-description=\"\" data-image-caption=\"\" data-large-file=\"https:\/\/i0.wp.com\/patrimoine-avesnois.fr\/chemin\/wp-content\/uploads\/2019\/07\/Ducaerchot.jpg?fit=291%2C380&amp;ssl=1\" data-id=\"7204\" src=\"https:\/\/i0.wp.com\/patrimoine-avesnois.fr\/chemin\/wp-content\/uploads\/2019\/07\/Ducaerchot.jpg?resize=291%2C380&#038;ssl=1\" alt=\"\" class=\"wp-image-7204\" srcset=\"https:\/\/i0.wp.com\/patrimoine-avesnois.fr\/chemin\/wp-content\/uploads\/2019\/07\/Ducaerchot.jpg?w=291&amp;ssl=1 291w, https:\/\/i0.wp.com\/patrimoine-avesnois.fr\/chemin\/wp-content\/uploads\/2019\/07\/Ducaerchot.jpg?resize=230%2C300&amp;ssl=1 230w\" sizes=\"auto, (max-width: 291px) 85vw, 291px\" \/><figcaption class=\"wp-element-caption\"> <br>&nbsp;<br><a href=\"https:\/\/en.wikipedia.org\/wiki\/Philippe_III_de_Cro%C3%BF\">Philippe III de Cro\u00ff<\/a> <\/figcaption><\/figure>\n\n\n\n<figure class=\"wp-block-image size-large\"><img data-recalc-dims=\"1\" loading=\"lazy\" decoding=\"async\" width=\"161\" height=\"227\" data-attachment-id=\"7205\" data-permalink=\"https:\/\/patrimoine-avesnois.fr\/chemin\/solre-le-chateau\/image004\/\" data-orig-file=\"https:\/\/i0.wp.com\/patrimoine-avesnois.fr\/chemin\/wp-content\/uploads\/2019\/07\/image004.jpg?fit=161%2C227&amp;ssl=1\" data-orig-size=\"161,227\" data-comments-opened=\"1\" data-image-meta=\"{&quot;aperture&quot;:&quot;0&quot;,&quot;credit&quot;:&quot;&quot;,&quot;camera&quot;:&quot;&quot;,&quot;caption&quot;:&quot;&quot;,&quot;created_timestamp&quot;:&quot;0&quot;,&quot;copyright&quot;:&quot;&quot;,&quot;focal_length&quot;:&quot;0&quot;,&quot;iso&quot;:&quot;0&quot;,&quot;shutter_speed&quot;:&quot;0&quot;,&quot;title&quot;:&quot;&quot;,&quot;orientation&quot;:&quot;0&quot;}\" data-image-title=\"image004\" data-image-description=\"\" data-image-caption=\"\" data-large-file=\"https:\/\/i0.wp.com\/patrimoine-avesnois.fr\/chemin\/wp-content\/uploads\/2019\/07\/image004.jpg?fit=161%2C227&amp;ssl=1\" data-id=\"7205\" src=\"https:\/\/i0.wp.com\/patrimoine-avesnois.fr\/chemin\/wp-content\/uploads\/2019\/07\/image004.jpg?resize=161%2C227&#038;ssl=1\" alt=\"\" class=\"wp-image-7205\"\/><figcaption class=\"wp-element-caption\">Maison de Cro\u00ff (1610 1789)<\/figcaption><\/figure>\n<\/figure>\n\n\n\n<p>En 1611, lors d&rsquo;un terrible incendie, la partie sup\u00e9rieure de la fl\u00e8che et l&rsquo; angle sud en pierre bleue furent \u00e0 nouveau d\u00e9truits, faisant m\u00eame fondre les cloches et les anciens tombeaux. Philippe de Cro\u00ff, devenu seigneur de Soire le Ch\u00e2teau en 1587, fit appel a Jehan Lecoustre pour proc\u00e9der \u00e0 sa r\u00e9fection et a son agrandissement. Le ma\u00eetre charpentier, qui l&rsquo; on doit \u00e9galement la construction de l\u2019\u00e9glise de Walcourt en Belgique termina ses travaux en 1616. L&rsquo; \u00e9glise a \u00e9t\u00e9 dot\u00e9e d&rsquo;un deuxi\u00e8me transept sous forme de deux chapelles ; &#8211; l&rsquo;une d\u00e9di\u00e9e a Saint Jacques, &#8211; l&rsquo;autre c\u00f4t\u00e9 Nord, d\u00e9di\u00e9e a Sainte Ursule (sainte allemande; l&rsquo; \u00e9v\u00eaque de Cologne avait juridiction sur le Hainaut) <br>L&rsquo;archiduc Albert d&rsquo;Autriche et son \u00e9pouse Isabelle, infante d&rsquo;Espagne financent de nouvelles cloches, fondues par Florent Delcourt de Douai.. <br>En 1612, l&rsquo; \u00e9glise a \u00e9t\u00e9 \u00e9galement dot\u00e9e de la chapelle du Rosaire. En 1627, une chapelle d\u00e9di\u00e9e a Saint-Joseph compl\u00e9tera l&rsquo; ensemble.<\/p>\n\n\n<div class=\"wp-block-image\">\n<figure class=\"aligncenter is-resized\"><img data-recalc-dims=\"1\" loading=\"lazy\" decoding=\"async\" width=\"673\" height=\"901\" data-attachment-id=\"7096\" data-permalink=\"https:\/\/patrimoine-avesnois.fr\/chemin\/solre-le-chateau\/image-1047\/\" data-orig-file=\"https:\/\/i0.wp.com\/patrimoine-avesnois.fr\/chemin\/wp-content\/uploads\/2019\/07\/image-21.png?fit=673%2C901&amp;ssl=1\" data-orig-size=\"673,901\" data-comments-opened=\"1\" data-image-meta=\"{&quot;aperture&quot;:&quot;0&quot;,&quot;credit&quot;:&quot;&quot;,&quot;camera&quot;:&quot;&quot;,&quot;caption&quot;:&quot;&quot;,&quot;created_timestamp&quot;:&quot;0&quot;,&quot;copyright&quot;:&quot;&quot;,&quot;focal_length&quot;:&quot;0&quot;,&quot;iso&quot;:&quot;0&quot;,&quot;shutter_speed&quot;:&quot;0&quot;,&quot;title&quot;:&quot;&quot;,&quot;orientation&quot;:&quot;0&quot;}\" data-image-title=\"image\" data-image-description=\"\" data-image-caption=\"\" data-large-file=\"https:\/\/i0.wp.com\/patrimoine-avesnois.fr\/chemin\/wp-content\/uploads\/2019\/07\/image-21.png?fit=673%2C901&amp;ssl=1\" src=\"https:\/\/i0.wp.com\/patrimoine-avesnois.fr\/chemin\/wp-content\/uploads\/2019\/07\/image-21.png?resize=673%2C901\" alt=\"\" class=\"wp-image-7096\" style=\"width:505px;height:676px\" srcset=\"https:\/\/i0.wp.com\/patrimoine-avesnois.fr\/chemin\/wp-content\/uploads\/2019\/07\/image-21.png?w=673&amp;ssl=1 673w, https:\/\/i0.wp.com\/patrimoine-avesnois.fr\/chemin\/wp-content\/uploads\/2019\/07\/image-21.png?resize=224%2C300&amp;ssl=1 224w\" sizes=\"auto, (max-width: 673px) 85vw, 673px\" \/><figcaption class=\"wp-element-caption\">L&rsquo;\u00e9glise Saint-Pierre de Solre-le-ch\u00e2teau <\/figcaption><\/figure>\n<\/div>\n\n<div class=\"wp-block-image\">\n<figure class=\"aligncenter is-resized\"><img data-recalc-dims=\"1\" loading=\"lazy\" decoding=\"async\" width=\"350\" height=\"466\" data-attachment-id=\"7110\" data-permalink=\"https:\/\/patrimoine-avesnois.fr\/chemin\/solre-le-chateau\/image-1056\/\" data-orig-file=\"https:\/\/i0.wp.com\/patrimoine-avesnois.fr\/chemin\/wp-content\/uploads\/2019\/07\/image-30.png?fit=350%2C466&amp;ssl=1\" data-orig-size=\"350,466\" data-comments-opened=\"1\" data-image-meta=\"{&quot;aperture&quot;:&quot;0&quot;,&quot;credit&quot;:&quot;&quot;,&quot;camera&quot;:&quot;&quot;,&quot;caption&quot;:&quot;&quot;,&quot;created_timestamp&quot;:&quot;0&quot;,&quot;copyright&quot;:&quot;&quot;,&quot;focal_length&quot;:&quot;0&quot;,&quot;iso&quot;:&quot;0&quot;,&quot;shutter_speed&quot;:&quot;0&quot;,&quot;title&quot;:&quot;&quot;,&quot;orientation&quot;:&quot;0&quot;}\" data-image-title=\"image\" data-image-description=\"\" data-image-caption=\"\" data-large-file=\"https:\/\/i0.wp.com\/patrimoine-avesnois.fr\/chemin\/wp-content\/uploads\/2019\/07\/image-30.png?fit=350%2C466&amp;ssl=1\" src=\"https:\/\/i0.wp.com\/patrimoine-avesnois.fr\/chemin\/wp-content\/uploads\/2019\/07\/image-30.png?resize=350%2C466\" alt=\"\" class=\"wp-image-7110\" style=\"width:505px;height:672px\" srcset=\"https:\/\/i0.wp.com\/patrimoine-avesnois.fr\/chemin\/wp-content\/uploads\/2019\/07\/image-30.png?w=350&amp;ssl=1 350w, https:\/\/i0.wp.com\/patrimoine-avesnois.fr\/chemin\/wp-content\/uploads\/2019\/07\/image-30.png?resize=225%2C300&amp;ssl=1 225w\" sizes=\"auto, (max-width: 350px) 85vw, 350px\" \/><figcaption class=\"wp-element-caption\">Vue de l&rsquo;\u00e9glise<\/figcaption><\/figure>\n<\/div>\n\n\n<p>La construction de cet \u00e9difice en pierre bleue du pays est unique en France. Il est du XV e si\u00e8cle dans son ensemble mais a \u00e9t\u00e9 achev\u00e9 au XVII e gr\u00e2ce aux lib\u00e9ralit\u00e9s des Cro\u00ff. Cependant l&rsquo;abside \u00e0 cinq pans avec ses vo\u00fbtes d&rsquo;ar\u00eates et ses fen\u00eatres de style ogival primitif laisse penser qu&rsquo;elle remonte au XIII e si\u00e8cle. Elle est \u00e9paul\u00e9e, comme le transept, par des contreforts \u00e0 ressauts.<\/p>\n\n\n\n<p>B\u00e2tie dans un style gothique, l\u2019\u00e9glise est remarquable \u00e0 plusieurs titres : <\/p>\n\n\n\n<p><strong>Son porche<\/strong> : ouvert sur trois c\u00f4t\u00e9s, et couvert par une vo\u00fbte sur crois\u00e9e d&rsquo;ogives de pierres avec vo\u00fbtains de briques. La cl\u00e9 de vo\u00fbte centrale est \u00e0 six m\u00e8tres de haut, et laisse entrevoir deux trous par o\u00f9 passaient les cordes des cloches. <\/p>\n\n\n\n<p><strong>Le portail<\/strong>  : pr\u00e9sente deux vantaux de bois. Il est surmont\u00e9 d&rsquo;un arc en accolade, signe d&rsquo;un gothique tardif. <\/p>\n\n\n\n<p><strong>La tour<\/strong> : de forme quadrangulaire, et flanqu\u00e9e de contreforts \u00e0 ressauts, auxquels se rattachent des larmiers de divisions, elle est partag\u00e9e en sept niveaux. Elle sert d&rsquo;assise a une haute fl\u00e8che octogonale charpent\u00e9e et couronn\u00e9e de quatre \u00e9chauguettes. La forme en bulbe coiffant le sommet constitue son originalit\u00e9. D&rsquo;aucuns ont voulu voir dans sa forme, la tulipe ch\u00e8re aux populations des Pays-Bas. Car, jusqu&rsquo;en 1678, date du Trait\u00e9 de Nim\u00e8gue, Solre-le-Ch\u00e2teau \u00e9tait espagnole. C&rsquo; est l\u00e0 que se tenait le guetteur qui pouvait voir toute la campagne environnante. <br> Le m\u00eame clocher existe \u00e0 Walcourt, en Belgique.<\/p>\n\n\n\n<p><strong>Les dimensions int\u00e9rieures<\/strong> : la nef longue de quatre trav\u00e9es est \u00e9clair\u00e9e par de petites baies hautes surplombant un berceau lambriss\u00e9 blanchi \u00e0 la chaux. Les t\u00eates de poutres sont sculpt\u00e9es et repr\u00e9sentent des personnages de l&rsquo;Ancien Testament. Le choeur est \u00e9clair\u00e9 au sud par de hautes fen\u00eatres gothiques. Les verri\u00e8res du chevet sont modernes, mais les verri\u00e8res lat\u00e9rales sont exceptionnelles, car datant du XVI eme siecle. Dat\u00e9es de 1534, elles sont un don de Philippe de Lannoy, seigneur de Solre-le-ch\u00e2teau.<\/p>\n\n\n\n<p>Dans <strong>le transept majeur<\/strong>, est repr\u00e9sent\u00e9 le jugement de Pilate. On trouve au sol, les stalles du XIV eme provenant d&rsquo;un couvent des soeurs grises, d\u00e9vast\u00e9 \u00e0 la R\u00e9volution. <br>Le transept gothique vient s&rsquo;appuyer sur le berceau. La <strong>crois\u00e9e du transept<\/strong> avec ses liernes et ses tiercerons qui s&rsquo;entre-croisent, dessine sur la vo\u00fbte une grande \u00e9toile de pierre. Les autres vo\u00fbtes, remarquables dans le choeur sont en briques \u00e0 fines nervures de pierre. Ce sont deux architectures diff\u00e9rentes qui sont donc en pr\u00e9sence.<\/p>\n\n\n\n<p>Ch\u0153ur, abside et transept forment une partie bien homog\u00e8ne ; par contre c\u00f4t\u00e9 nef, le voutement en bois n&rsquo;offre qu&rsquo;un berceau simple et lisse. On peut constater cette diff\u00e9rence a l&rsquo;exterieur, car la premi\u00e8re partie comporte des piliers venant supporter la pression des vo\u00fbtes internes. La partie interm\u00e9diaire comprend des murs de-pourvus de contreforts. <\/p>\n\n\n\n<p><strong>La nef centrale<\/strong> : les vo\u00fbtes int\u00e9rieures sont support\u00e9es par les murs des bas-cotes et deux rang\u00e9es de colonnes : 6 cylindriques, 2 demi-colonnes \u00e0 l&rsquo;entr\u00e9e et 2 \u00e9normes piliers, flanqu\u00e9s de 4 colonnes \u00e0 la crois\u00e9e. <br> Dimensions : Longueur de la nef de la porte principale jusqu&rsquo;\u00e0 l&rsquo;arc doubleau du transept : 22m30- largeur du transept majeur : 7m -le choeur et son abside : 14m50- les transepts : 22m50 -le vaisseau central : 6m de large- les bas-c\u00f4t\u00e9s : 3m20 . <\/p>\n\n\n\n<figure class=\"wp-block-gallery has-nested-images columns-default is-cropped wp-block-gallery-3 is-layout-flex wp-block-gallery-is-layout-flex\">\n<figure class=\"wp-block-image size-large\"><img data-recalc-dims=\"1\" loading=\"lazy\" decoding=\"async\" width=\"670\" height=\"899\" data-attachment-id=\"7099\" data-permalink=\"https:\/\/patrimoine-avesnois.fr\/chemin\/solre-le-chateau\/capture-197\/\" data-orig-file=\"https:\/\/i0.wp.com\/patrimoine-avesnois.fr\/chemin\/wp-content\/uploads\/2019\/07\/Capture-4.jpg?fit=670%2C899&amp;ssl=1\" data-orig-size=\"670,899\" data-comments-opened=\"1\" data-image-meta=\"{&quot;aperture&quot;:&quot;0&quot;,&quot;credit&quot;:&quot;CARRE&quot;,&quot;camera&quot;:&quot;&quot;,&quot;caption&quot;:&quot;&quot;,&quot;created_timestamp&quot;:&quot;1563184686&quot;,&quot;copyright&quot;:&quot;&quot;,&quot;focal_length&quot;:&quot;0&quot;,&quot;iso&quot;:&quot;0&quot;,&quot;shutter_speed&quot;:&quot;0&quot;,&quot;title&quot;:&quot;&quot;,&quot;orientation&quot;:&quot;0&quot;}\" data-image-title=\"Capture\" data-image-description=\"\" data-image-caption=\"\" data-large-file=\"https:\/\/i0.wp.com\/patrimoine-avesnois.fr\/chemin\/wp-content\/uploads\/2019\/07\/Capture-4.jpg?fit=670%2C899&amp;ssl=1\" data-id=\"7099\" src=\"https:\/\/i0.wp.com\/patrimoine-avesnois.fr\/chemin\/wp-content\/uploads\/2019\/07\/Capture-4.jpg?resize=670%2C899&#038;ssl=1\" alt=\"\" class=\"wp-image-7099\" srcset=\"https:\/\/i0.wp.com\/patrimoine-avesnois.fr\/chemin\/wp-content\/uploads\/2019\/07\/Capture-4.jpg?w=670&amp;ssl=1 670w, https:\/\/i0.wp.com\/patrimoine-avesnois.fr\/chemin\/wp-content\/uploads\/2019\/07\/Capture-4.jpg?resize=224%2C300&amp;ssl=1 224w\" sizes=\"auto, (max-width: 670px) 85vw, 670px\" \/><figcaption class=\"wp-element-caption\">Le porche <\/figcaption><\/figure>\n\n\n\n<figure class=\"wp-block-image size-large\"><img data-recalc-dims=\"1\" loading=\"lazy\" decoding=\"async\" width=\"840\" height=\"630\" data-attachment-id=\"7100\" data-permalink=\"https:\/\/patrimoine-avesnois.fr\/chemin\/solre-le-chateau\/img_5781-2\/\" data-orig-file=\"https:\/\/i0.wp.com\/patrimoine-avesnois.fr\/chemin\/wp-content\/uploads\/2019\/07\/IMG_5781-1.jpg?fit=4032%2C3024&amp;ssl=1\" data-orig-size=\"4032,3024\" data-comments-opened=\"1\" data-image-meta=\"{&quot;aperture&quot;:&quot;2.2&quot;,&quot;credit&quot;:&quot;&quot;,&quot;camera&quot;:&quot;iPhone SE&quot;,&quot;caption&quot;:&quot;&quot;,&quot;created_timestamp&quot;:&quot;1560695298&quot;,&quot;copyright&quot;:&quot;&quot;,&quot;focal_length&quot;:&quot;4.15&quot;,&quot;iso&quot;:&quot;25&quot;,&quot;shutter_speed&quot;:&quot;0.00048100048100048&quot;,&quot;title&quot;:&quot;&quot;,&quot;orientation&quot;:&quot;6&quot;}\" data-image-title=\"IMG_5781\" data-image-description=\"\" data-image-caption=\"\" data-large-file=\"https:\/\/i0.wp.com\/patrimoine-avesnois.fr\/chemin\/wp-content\/uploads\/2019\/07\/IMG_5781-1.jpg?fit=840%2C630&amp;ssl=1\" data-id=\"7100\" src=\"https:\/\/i0.wp.com\/patrimoine-avesnois.fr\/chemin\/wp-content\/uploads\/2019\/07\/IMG_5781-1-1024x768.jpg?resize=840%2C630&#038;ssl=1\" alt=\"\" class=\"wp-image-7100\" srcset=\"https:\/\/i0.wp.com\/patrimoine-avesnois.fr\/chemin\/wp-content\/uploads\/2019\/07\/IMG_5781-1.jpg?resize=1024%2C768&amp;ssl=1 1024w, https:\/\/i0.wp.com\/patrimoine-avesnois.fr\/chemin\/wp-content\/uploads\/2019\/07\/IMG_5781-1.jpg?resize=300%2C225&amp;ssl=1 300w, https:\/\/i0.wp.com\/patrimoine-avesnois.fr\/chemin\/wp-content\/uploads\/2019\/07\/IMG_5781-1.jpg?resize=768%2C576&amp;ssl=1 768w, https:\/\/i0.wp.com\/patrimoine-avesnois.fr\/chemin\/wp-content\/uploads\/2019\/07\/IMG_5781-1.jpg?resize=1200%2C900&amp;ssl=1 1200w, https:\/\/i0.wp.com\/patrimoine-avesnois.fr\/chemin\/wp-content\/uploads\/2019\/07\/IMG_5781-1.jpg?w=1680 1680w, https:\/\/i0.wp.com\/patrimoine-avesnois.fr\/chemin\/wp-content\/uploads\/2019\/07\/IMG_5781-1.jpg?w=2520 2520w\" sizes=\"auto, (max-width: 709px) 85vw, (max-width: 909px) 67vw, (max-width: 1362px) 62vw, 840px\" \/><figcaption class=\"wp-element-caption\">le clocher<\/figcaption><\/figure>\n<\/figure>\n\n\n<div class=\"wp-block-image\">\n<figure class=\"aligncenter is-resized\"><img data-recalc-dims=\"1\" loading=\"lazy\" decoding=\"async\" width=\"673\" height=\"902\" data-attachment-id=\"7136\" data-permalink=\"https:\/\/patrimoine-avesnois.fr\/chemin\/solre-le-chateau\/image-1072\/\" data-orig-file=\"https:\/\/i0.wp.com\/patrimoine-avesnois.fr\/chemin\/wp-content\/uploads\/2019\/07\/image-46.png?fit=673%2C902&amp;ssl=1\" data-orig-size=\"673,902\" data-comments-opened=\"1\" data-image-meta=\"{&quot;aperture&quot;:&quot;0&quot;,&quot;credit&quot;:&quot;&quot;,&quot;camera&quot;:&quot;&quot;,&quot;caption&quot;:&quot;&quot;,&quot;created_timestamp&quot;:&quot;0&quot;,&quot;copyright&quot;:&quot;&quot;,&quot;focal_length&quot;:&quot;0&quot;,&quot;iso&quot;:&quot;0&quot;,&quot;shutter_speed&quot;:&quot;0&quot;,&quot;title&quot;:&quot;&quot;,&quot;orientation&quot;:&quot;0&quot;}\" data-image-title=\"image\" data-image-description=\"\" data-image-caption=\"\" data-large-file=\"https:\/\/i0.wp.com\/patrimoine-avesnois.fr\/chemin\/wp-content\/uploads\/2019\/07\/image-46.png?fit=673%2C902&amp;ssl=1\" src=\"https:\/\/i0.wp.com\/patrimoine-avesnois.fr\/chemin\/wp-content\/uploads\/2019\/07\/image-46.png?resize=673%2C902\" alt=\"\" class=\"wp-image-7136\" style=\"width:505px;height:677px\" srcset=\"https:\/\/i0.wp.com\/patrimoine-avesnois.fr\/chemin\/wp-content\/uploads\/2019\/07\/image-46.png?w=673&amp;ssl=1 673w, https:\/\/i0.wp.com\/patrimoine-avesnois.fr\/chemin\/wp-content\/uploads\/2019\/07\/image-46.png?resize=224%2C300&amp;ssl=1 224w\" sizes=\"auto, (max-width: 673px) 85vw, 673px\" \/><figcaption class=\"wp-element-caption\"><em>Le porche ouvert sur trois c\u00f4t\u00e9s<\/em> <\/figcaption><\/figure>\n<\/div>\n\n\n<p><strong>Le clocher <\/strong> <br> Par sa fl\u00e8che \u00e9lanc\u00e9e, ce monument impressionne. La croix qui le surmonte est \u00e0 plus de 60 m\u00e8tres du sol. <\/p>\n\n\n\n<p><strong>La tour de pierre<\/strong>:  <\/p>\n\n\n\n<p>le clocher  est de forme carr\u00e9e, flanqu\u00e9e de contreforts \u00e0 ressauts auxquels se rattachent des larmiers de divisions. Les larmiers sont des \u00e9l\u00e9ments de la corniche, en saillie au-dessus d&rsquo;un mur, rainur\u00e9s en sous-face pour permettre l&rsquo;\u00e9vacuation des gouttes d&rsquo;eau \u00e0 distance de l&rsquo;\u00e9difice. Elle mesure 30 m\u00e8tres de haut. <br>  <br>A l&rsquo;interieur, trois pi\u00e8ces : une pour les cloches, une pour l&rsquo;horloge, la troisieme donnant acc\u00e8s a l\u2019int\u00e9rieur de la fl\u00e8che.<\/p>\n\n\n\n<p>Cette tour a \u00e9t\u00e9 \u00e9rig\u00e9e en 1514 par Philippe de Lannoy, Seigneur de Solre. L&rsquo;incendie de 1611 et un terrible ouragan en 1876 l&rsquo;ont fortement endommag\u00e9e. Elle a \u00e9t\u00e9 r\u00e9par\u00e9e \u00e0 chaque fois, et plus r\u00e9cemment en 1992-1994. <\/p>\n\n\n\n<p><strong>La fl\u00e8che <\/strong> est octogonale, fusel\u00e9e, termin\u00e9e par un bulbe en forme de poire. Quatre clochetons l&rsquo;entourent et reposent sur la tour de pierre. Le bulbe, \u00e0 l\u2019int\u00e9rieur est une salle de 4 m\u00e8tres 20 de diam\u00e8tre. Les guetteurs avaient un vaste horizon devant eux. On a voulu voir dans la forme du bulbe, la tulipe ch\u00e8re aux populations des Pays-Bas que l&rsquo;on rencontre \u00e9galement en Allemagne, en Autriche et en Suisse.  <\/p>\n\n\n\n<p><strong>Les l\u00e9gendes du clocher <\/strong>&#8230;<\/p>\n\n\n\n<p>De loin on aper\u00e7oit le clocher qui semble pencher .Ce n&rsquo;est pas un effet d&rsquo;optique Deux l\u00e9gendes sont racont\u00e9es pour le justifier : la l\u00e9gende du diable et la l\u00e9gende des filles de Solre. En r\u00e9alit\u00e9, les avis sont partag\u00e9s suer ce ph\u00e9nom\u00e8ne : d\u00e9faut de construction &#8211; infiltrations d&rsquo;eau de pluie qui pourrissement les poutres de base. En tout \u00e9tat de cause, il semble que l&rsquo;architecte se serait suicid\u00e9, ce qui laisse appara\u00eetre une troisi\u00e8me \u00ab\u00a0l\u00e9gende\u00a0\u00bb : il se serait pendu au clocher <br> <br> La l\u00e9gende du diable : L&rsquo; \u00e9dification de la fl\u00e8che en 1612- 1616, aurait provoqu\u00e9 la col\u00e8re de Satan qui se serait acharn\u00e9 a la d\u00e9truire. Il fit lever les vents d&rsquo;est et de violentes temp\u00eates s&rsquo;abattirent sur la ville durant plusieurs semaines. Satan crut qu&rsquo;il allait \u00e0 nouveau l&#8217;emporter, mais la fl\u00e8che pencha seulement vers l&rsquo;Ouest. Dieu permit qu&rsquo;elle tienne bon ! <\/p>\n\n\n\n<p>Les filles de Solre-le-Ch\u00e2teau : Jadis les filles de Solre avaient la r\u00e9putation d&rsquo;\u00eatre volages. Un jour, une v\u00e9ritable pucelle se pr\u00e9senta \u00e0 l&rsquo;\u00e9glise pour convoler en justes noces. Le clocher en fut si surpris qu&rsquo;il se pencha en avant pour mieux voir la mari\u00e9e passer sous le porche. En ch\u00e2timent de sa curiosit\u00e9, Dieu lui aurait inflig\u00e9 ce torticolis \u00e0 perp\u00e9tuit\u00e9 !<\/p>\n\n\n\n<p><strong>Les cloches <\/strong>:<\/p>\n\n\n\n<p>Les premi\u00e8res cloches ont p\u00e9ri dans l&rsquo;incendie de 1611. Grace aux dons de l&rsquo;archiduc d\u00a0\u00bb Autriche et de son \u00e9pouse, de nouvelles cloches sont venues habiter le clocher en 1612. <\/p>\n\n\n\n<p>Lapremi\u00e8re, la seule parvenue jusqu&rsquo;\u00e0 nous, porte cette d\u00e9dicace :  <\/p>\n\n\n\n<p>\u00ab\u00a0Isabelle, c&rsquo;est mon nom, en perfection belle. Ma voix r\u00e9sonnera toujours en faveur d&rsquo;elle. Nous avons \u00e9t\u00e9 fait par Florent Delcourt demeurant A Douai en l&rsquo;an 1612. Albert et Isabelle- Clara \u2014 Eug\u00e9nia, infante d&rsquo;Espagne, archiduc d&rsquo; Autriche, duc de Bourgogne, lothier de Brabant, comte de Flandre Hainaut, en l&rsquo;honneur de Dieu par oeuvre de charit\u00e9 et en faveur de monseigneur Philippe de Cro\u00ff, comte de Solre, chevalier de l&rsquo;ordre de la Toison d&rsquo; Or, leur grand \u00e9cuyer, ont donn\u00e9 trois mille florins en aum\u00f4ne pour r\u00e9\u00e9difier l\u2019\u00e9glise de Solre, br\u00fbl\u00e9e par fortune de feu advenu le 10 mai 1611. La m\u00e9moire perp\u00e9tuelle pour prier Dieu pour leurs \u00e2mes. \u00bb  <br>Cette cloche pose 2680 kg, son diam\u00e8tre est de 1m62. <\/p>\n\n\n<div class=\"wp-block-image\">\n<figure class=\"aligncenter is-resized\"><img data-recalc-dims=\"1\" loading=\"lazy\" decoding=\"async\" width=\"176\" height=\"262\" data-attachment-id=\"7156\" data-permalink=\"https:\/\/patrimoine-avesnois.fr\/chemin\/solre-le-chateau\/image-1073\/\" data-orig-file=\"https:\/\/i0.wp.com\/patrimoine-avesnois.fr\/chemin\/wp-content\/uploads\/2019\/07\/image-47.png?fit=176%2C262&amp;ssl=1\" data-orig-size=\"176,262\" data-comments-opened=\"1\" data-image-meta=\"{&quot;aperture&quot;:&quot;0&quot;,&quot;credit&quot;:&quot;&quot;,&quot;camera&quot;:&quot;&quot;,&quot;caption&quot;:&quot;&quot;,&quot;created_timestamp&quot;:&quot;0&quot;,&quot;copyright&quot;:&quot;&quot;,&quot;focal_length&quot;:&quot;0&quot;,&quot;iso&quot;:&quot;0&quot;,&quot;shutter_speed&quot;:&quot;0&quot;,&quot;title&quot;:&quot;&quot;,&quot;orientation&quot;:&quot;0&quot;}\" data-image-title=\"image\" data-image-description=\"\" data-image-caption=\"\" data-large-file=\"https:\/\/i0.wp.com\/patrimoine-avesnois.fr\/chemin\/wp-content\/uploads\/2019\/07\/image-47.png?fit=176%2C262&amp;ssl=1\" src=\"https:\/\/i0.wp.com\/patrimoine-avesnois.fr\/chemin\/wp-content\/uploads\/2019\/07\/image-47.png?resize=176%2C262\" alt=\"\" class=\"wp-image-7156\" style=\"width:247px;height:368px\"\/><figcaption class=\"wp-element-caption\">L&rsquo; Infante Isabelle d&rsquo;Espagne  <\/figcaption><\/figure>\n<\/div>\n\n\n<p>La seconde, plus petite, a \u00e9t\u00e9 emport\u00e9e par les allemands en f\u00e9vrier 1918. Lors de la premi\u00e8re guerre mondiale, ils cherchaient des m\u00e9taux non ferreux, c&rsquo; est pourquoi ils emmenaient les cloches des r\u00e9gions envahies. <br> Isabelle est rest\u00e9e en gare sur une plate forme sans jamais prendre le chemin de l&rsquo;Allemagne. Elle est naturellement retourn\u00e9e dans le clocher apr\u00e8s la guerre. <br> <\/p>\n\n\n\n<p>La troisieme cloche, ,datant de 1260, s&rsquo;est cass\u00e9e en tombant du clocher. Elle s&rsquo;appelait \u00ab Dindin \u00bb. On dit qu&rsquo;elle avait un son aigrelet et qu&rsquo;elle aurait sonn\u00e9 la mort de Saint-Louis. elle contenait de l&rsquo;argent dans son alliage. <br> C&rsquo;est en 1920 qu&rsquo;une nom cloche a rejoint Isabelle. Elle contient 8kg 500 de fragments du Dindin et p\u00e8se 360 kgs. elle s&rsquo;appelle Jeanne d&rsquo; Arc, puis H\u00e9l\u00e8ne-Julienne-Henritte, les pr\u00e9noms de sa marraine et (f\u00e9minis\u00e9s) ceux de ses parrains, et porte la d\u00e9dicace suivante : <br> \u00ab\u00a0J&rsquo;ai nom Jeanne d Arcq Helene Julienne Henriette. Je remplace le Dindin Portan Matheus de Perrona, Nos fecit .Anno ONI MCCLX ET XI, Autans l4Abbesse : ADE.. D\u00e9truit par ordre de l&rsquo;autorit\u00e9 allemande le 20 F\u00e9vrier 1918 et dont je conserve 85,00 kg de fragments. <\/p>\n\n\n\n<p>Donn\u00e9e par Mme Helene Rivalland, Julien Pourpoint-Lion et Henry Declemy-Tordeux Notaire, et fondue par M.Wauthy de Douai . <br> J&rsquo;ai \u00e9t\u00e9 baptis\u00e9e par Ma\u00eetre Clovis Loisel, Cure Doyen de la paroisse le 26 Sept. 1920 sous le pontificat de Benoit XV, Msgr  Cholle \u00e9tant alors archev\u00eaque de Cambrai. <br> J&rsquo;ai pour marraine Helene Rivalland et pour parrain Henry declemy-Tordeux. <br> Je suis consacr\u00e9e au service de l&rsquo;Eglise St Pierre de Solre-le-Ch\u00e2teau ou je proclame la victoire de 1918, chante la Gloire de Dieu et appelle les fid\u00e8les. <br> En cas de d\u00e9saffection, j &lsquo;entends retourner \u00e0 mes donateurs ou \u00e0 leurs repr\u00e9sentants\u00a0\u00bb. <\/p>\n\n\n<div class=\"wp-block-image\">\n<figure class=\"aligncenter\"><img loading=\"lazy\" decoding=\"async\" width=\"2782\" height=\"3769\" data-attachment-id=\"7148\" data-permalink=\"https:\/\/patrimoine-avesnois.fr\/chemin\/solre-le-chateau\/img_5811-2\/\" data-orig-file=\"https:\/\/i0.wp.com\/patrimoine-avesnois.fr\/chemin\/wp-content\/uploads\/2019\/07\/IMG_5811-1.jpg?fit=2782%2C3769&amp;ssl=1\" data-orig-size=\"2782,3769\" data-comments-opened=\"1\" data-image-meta=\"{&quot;aperture&quot;:&quot;2.2&quot;,&quot;credit&quot;:&quot;&quot;,&quot;camera&quot;:&quot;iPhone SE&quot;,&quot;caption&quot;:&quot;&quot;,&quot;created_timestamp&quot;:&quot;1560696037&quot;,&quot;copyright&quot;:&quot;&quot;,&quot;focal_length&quot;:&quot;4.15&quot;,&quot;iso&quot;:&quot;320&quot;,&quot;shutter_speed&quot;:&quot;0.058823529411765&quot;,&quot;title&quot;:&quot;&quot;,&quot;orientation&quot;:&quot;0&quot;}\" data-image-title=\"IMG_5811\" data-image-description=\"\" data-image-caption=\"\" data-large-file=\"https:\/\/i0.wp.com\/patrimoine-avesnois.fr\/chemin\/wp-content\/uploads\/2019\/07\/IMG_5811-1.jpg?fit=756%2C1024&amp;ssl=1\" src=\"https:\/\/i0.wp.com\/patrimoine-avesnois.fr\/chemin\/wp-content\/uploads\/2019\/07\/IMG_5811-1.jpg?fit=756%2C1024\" alt=\"\" class=\"wp-image-7148\" srcset=\"https:\/\/i0.wp.com\/patrimoine-avesnois.fr\/chemin\/wp-content\/uploads\/2019\/07\/IMG_5811-1.jpg?w=2782&amp;ssl=1 2782w, https:\/\/i0.wp.com\/patrimoine-avesnois.fr\/chemin\/wp-content\/uploads\/2019\/07\/IMG_5811-1.jpg?resize=221%2C300&amp;ssl=1 221w, https:\/\/i0.wp.com\/patrimoine-avesnois.fr\/chemin\/wp-content\/uploads\/2019\/07\/IMG_5811-1.jpg?resize=768%2C1040&amp;ssl=1 768w, https:\/\/i0.wp.com\/patrimoine-avesnois.fr\/chemin\/wp-content\/uploads\/2019\/07\/IMG_5811-1.jpg?resize=756%2C1024&amp;ssl=1 756w, https:\/\/i0.wp.com\/patrimoine-avesnois.fr\/chemin\/wp-content\/uploads\/2019\/07\/IMG_5811-1.jpg?resize=1200%2C1626&amp;ssl=1 1200w, https:\/\/i0.wp.com\/patrimoine-avesnois.fr\/chemin\/wp-content\/uploads\/2019\/07\/IMG_5811-1.jpg?w=1680 1680w, https:\/\/i0.wp.com\/patrimoine-avesnois.fr\/chemin\/wp-content\/uploads\/2019\/07\/IMG_5811-1.jpg?w=2520 2520w\" sizes=\"auto, (max-width: 709px) 85vw, (max-width: 909px) 67vw, (max-width: 1362px) 62vw, 840px\" \/><\/figure>\n<\/div>\n\n\n<p>D\u00e8s que l&rsquo;on franchit le seuil de l&rsquo;\u00e9glise, on est impressionn\u00e9 par ses dimensions. Elle mesure plus de 44 m\u00e8tres de longueur. <br>B\u00e2tie en style gothique, elle est remarquable \u00e0 plusieurs titres. <\/p>\n\n\n\n<p><strong>La nef<\/strong>, longue de quatre trav\u00e9es, est \u00e9clair\u00e9e par des fen\u00eatres qui la surplombent. Un berceau lambriss\u00e9, blanchi \u00e0 la chaux, la termine \u00e0 15 m\u00e8tres du sol. <\/p>\n\n\n\n<p><strong>Le transep<\/strong>t vient s&rsquo; appuyer sur le berceau de la nef. Il est de style gothique. Il mesure 23 m\u00e8tres de longueur. La crois\u00e9e dessine sur la vo\u00fbte une grande \u00e9toile de pierre. <\/p>\n\n\n\n<p><strong>Le choeur<\/strong> <strong>et l&rsquo;abside&nbsp;:<\/strong> les vo\u00fbtes comme celles du transept, sont remarquables par leur \u00e9l\u00e9gance. Ch\u0153ur- abside-transept forment un ensemble gothique du plus bel effet. Au sol, on remarque le blason des princes de Solre. <\/p>\n\n\n\n<p><strong>Le buffet d&rsquo;orgues<\/strong>  : class2 monument historique, provient du couvent des soeurs grises. II est du XVIII\u00b0 si\u00e8cle. La statue du roi David jouant de la harpe est remarquable. <\/p>\n\n\n\n<p><strong>Les stalles<\/strong> dans le choeur sont du XVI e si\u00e8cle. Elles proviennent de l&rsquo;ancien couvent des S\u0153urs Grises. <\/p>\n\n\n\n<p><strong>Les autels<\/strong> sont tous en marbre de la r\u00e9gion. <\/p>\n\n\n\n<p><strong>Les retables<\/strong> : Trois d\u2019entre eux sont en marbre \u00e9galement. Outre celui du choeur, celui de la chapelle Saint-Jacques (class\u00e9 M.H.) et celui de la chapelle du Rosaire, sont du XVII\u00b0 si\u00e8cle. Les quatre autres sont en ch\u00eane : ceux du transept sont de style baroque. Ceux de la chapelle Sainte Ursule et de la chapelle Saint-Joseph sont de style Louis XIII.<\/p>\n\n\n\n<p><strong>La crypte.<\/strong> L\u2019acc\u00e8s y est interdit, puisque secret. Elle contient les tombeaux de la famille princi\u00e8re. <\/p>\n\n\n<div class=\"wp-block-image\">\n<figure class=\"aligncenter\"><img loading=\"lazy\" decoding=\"async\" width=\"1200\" height=\"907\" data-attachment-id=\"7101\" data-permalink=\"https:\/\/patrimoine-avesnois.fr\/chemin\/solre-le-chateau\/image-1048\/\" data-orig-file=\"https:\/\/i0.wp.com\/patrimoine-avesnois.fr\/chemin\/wp-content\/uploads\/2019\/07\/image-22.png?fit=1200%2C907&amp;ssl=1\" data-orig-size=\"1200,907\" data-comments-opened=\"1\" data-image-meta=\"{&quot;aperture&quot;:&quot;0&quot;,&quot;credit&quot;:&quot;&quot;,&quot;camera&quot;:&quot;&quot;,&quot;caption&quot;:&quot;&quot;,&quot;created_timestamp&quot;:&quot;0&quot;,&quot;copyright&quot;:&quot;&quot;,&quot;focal_length&quot;:&quot;0&quot;,&quot;iso&quot;:&quot;0&quot;,&quot;shutter_speed&quot;:&quot;0&quot;,&quot;title&quot;:&quot;&quot;,&quot;orientation&quot;:&quot;0&quot;}\" data-image-title=\"image\" data-image-description=\"\" data-image-caption=\"\" data-large-file=\"https:\/\/i0.wp.com\/patrimoine-avesnois.fr\/chemin\/wp-content\/uploads\/2019\/07\/image-22.png?fit=840%2C635&amp;ssl=1\" src=\"https:\/\/i0.wp.com\/patrimoine-avesnois.fr\/chemin\/wp-content\/uploads\/2019\/07\/image-22.png?fit=840%2C635\" alt=\"\" class=\"wp-image-7101\" srcset=\"https:\/\/i0.wp.com\/patrimoine-avesnois.fr\/chemin\/wp-content\/uploads\/2019\/07\/image-22.png?w=1200&amp;ssl=1 1200w, https:\/\/i0.wp.com\/patrimoine-avesnois.fr\/chemin\/wp-content\/uploads\/2019\/07\/image-22.png?resize=300%2C227&amp;ssl=1 300w, https:\/\/i0.wp.com\/patrimoine-avesnois.fr\/chemin\/wp-content\/uploads\/2019\/07\/image-22.png?resize=768%2C580&amp;ssl=1 768w, https:\/\/i0.wp.com\/patrimoine-avesnois.fr\/chemin\/wp-content\/uploads\/2019\/07\/image-22.png?resize=1024%2C774&amp;ssl=1 1024w\" sizes=\"auto, (max-width: 709px) 85vw, (max-width: 909px) 67vw, (max-width: 1362px) 62vw, 840px\" \/><figcaption class=\"wp-element-caption\">Int\u00e9rieur de l&rsquo;\u00e9glise<\/figcaption><\/figure>\n<\/div>\n\n<div class=\"wp-block-image\">\n<figure class=\"aligncenter\"><img loading=\"lazy\" decoding=\"async\" width=\"1207\" height=\"905\" data-attachment-id=\"7102\" data-permalink=\"https:\/\/patrimoine-avesnois.fr\/chemin\/solre-le-chateau\/image-1049\/\" data-orig-file=\"https:\/\/i0.wp.com\/patrimoine-avesnois.fr\/chemin\/wp-content\/uploads\/2019\/07\/image-23.png?fit=1207%2C905&amp;ssl=1\" data-orig-size=\"1207,905\" data-comments-opened=\"1\" data-image-meta=\"{&quot;aperture&quot;:&quot;0&quot;,&quot;credit&quot;:&quot;&quot;,&quot;camera&quot;:&quot;&quot;,&quot;caption&quot;:&quot;&quot;,&quot;created_timestamp&quot;:&quot;0&quot;,&quot;copyright&quot;:&quot;&quot;,&quot;focal_length&quot;:&quot;0&quot;,&quot;iso&quot;:&quot;0&quot;,&quot;shutter_speed&quot;:&quot;0&quot;,&quot;title&quot;:&quot;&quot;,&quot;orientation&quot;:&quot;0&quot;}\" data-image-title=\"image\" data-image-description=\"\" data-image-caption=\"\" data-large-file=\"https:\/\/i0.wp.com\/patrimoine-avesnois.fr\/chemin\/wp-content\/uploads\/2019\/07\/image-23.png?fit=840%2C630&amp;ssl=1\" src=\"https:\/\/i0.wp.com\/patrimoine-avesnois.fr\/chemin\/wp-content\/uploads\/2019\/07\/image-23.png?fit=840%2C630\" alt=\"\" class=\"wp-image-7102\" srcset=\"https:\/\/i0.wp.com\/patrimoine-avesnois.fr\/chemin\/wp-content\/uploads\/2019\/07\/image-23.png?w=1207&amp;ssl=1 1207w, https:\/\/i0.wp.com\/patrimoine-avesnois.fr\/chemin\/wp-content\/uploads\/2019\/07\/image-23.png?resize=300%2C225&amp;ssl=1 300w, https:\/\/i0.wp.com\/patrimoine-avesnois.fr\/chemin\/wp-content\/uploads\/2019\/07\/image-23.png?resize=768%2C576&amp;ssl=1 768w, https:\/\/i0.wp.com\/patrimoine-avesnois.fr\/chemin\/wp-content\/uploads\/2019\/07\/image-23.png?resize=1024%2C768&amp;ssl=1 1024w, https:\/\/i0.wp.com\/patrimoine-avesnois.fr\/chemin\/wp-content\/uploads\/2019\/07\/image-23.png?resize=1200%2C900&amp;ssl=1 1200w\" sizes=\"auto, (max-width: 709px) 85vw, (max-width: 909px) 67vw, (max-width: 1362px) 62vw, 840px\" \/><figcaption class=\"wp-element-caption\">Le Ch\u0153ur<\/figcaption><\/figure>\n<\/div>\n\n\n<p>Au point de vue architectural, le choeur est remarquable. Les verri\u00e8res de l&rsquo;abside repr\u00e9sentent la vision d&rsquo;Ez\u00e9chiel, le songe de Samuel et la vision de saint Jean \u00e0 Patmos et sont du peintre verrier Pierre Turpin. <\/p>\n\n\n<div class=\"wp-block-image\">\n<figure class=\"aligncenter\"><img loading=\"lazy\" decoding=\"async\" width=\"1201\" height=\"905\" data-attachment-id=\"7103\" data-permalink=\"https:\/\/patrimoine-avesnois.fr\/chemin\/solre-le-chateau\/image-1050\/\" data-orig-file=\"https:\/\/i0.wp.com\/patrimoine-avesnois.fr\/chemin\/wp-content\/uploads\/2019\/07\/image-24.png?fit=1201%2C905&amp;ssl=1\" data-orig-size=\"1201,905\" data-comments-opened=\"1\" data-image-meta=\"{&quot;aperture&quot;:&quot;0&quot;,&quot;credit&quot;:&quot;&quot;,&quot;camera&quot;:&quot;&quot;,&quot;caption&quot;:&quot;&quot;,&quot;created_timestamp&quot;:&quot;0&quot;,&quot;copyright&quot;:&quot;&quot;,&quot;focal_length&quot;:&quot;0&quot;,&quot;iso&quot;:&quot;0&quot;,&quot;shutter_speed&quot;:&quot;0&quot;,&quot;title&quot;:&quot;&quot;,&quot;orientation&quot;:&quot;0&quot;}\" data-image-title=\"image\" data-image-description=\"\" data-image-caption=\"\" data-large-file=\"https:\/\/i0.wp.com\/patrimoine-avesnois.fr\/chemin\/wp-content\/uploads\/2019\/07\/image-24.png?fit=840%2C633&amp;ssl=1\" src=\"https:\/\/i0.wp.com\/patrimoine-avesnois.fr\/chemin\/wp-content\/uploads\/2019\/07\/image-24.png?fit=840%2C633\" alt=\"\" class=\"wp-image-7103\" srcset=\"https:\/\/i0.wp.com\/patrimoine-avesnois.fr\/chemin\/wp-content\/uploads\/2019\/07\/image-24.png?w=1201&amp;ssl=1 1201w, https:\/\/i0.wp.com\/patrimoine-avesnois.fr\/chemin\/wp-content\/uploads\/2019\/07\/image-24.png?resize=300%2C226&amp;ssl=1 300w, https:\/\/i0.wp.com\/patrimoine-avesnois.fr\/chemin\/wp-content\/uploads\/2019\/07\/image-24.png?resize=768%2C579&amp;ssl=1 768w, https:\/\/i0.wp.com\/patrimoine-avesnois.fr\/chemin\/wp-content\/uploads\/2019\/07\/image-24.png?resize=1024%2C772&amp;ssl=1 1024w, https:\/\/i0.wp.com\/patrimoine-avesnois.fr\/chemin\/wp-content\/uploads\/2019\/07\/image-24.png?resize=1200%2C904&amp;ssl=1 1200w\" sizes=\"auto, (max-width: 709px) 85vw, (max-width: 909px) 67vw, (max-width: 1362px) 62vw, 840px\" \/><figcaption class=\"wp-element-caption\">Le ma\u00eetre autel <\/figcaption><\/figure>\n<\/div>\n\n<div class=\"wp-block-image\">\n<figure class=\"aligncenter is-resized\"><img data-recalc-dims=\"1\" loading=\"lazy\" decoding=\"async\" width=\"675\" height=\"906\" data-attachment-id=\"7124\" data-permalink=\"https:\/\/patrimoine-avesnois.fr\/chemin\/solre-le-chateau\/image-1066\/\" data-orig-file=\"https:\/\/i0.wp.com\/patrimoine-avesnois.fr\/chemin\/wp-content\/uploads\/2019\/07\/image-40.png?fit=675%2C906&amp;ssl=1\" data-orig-size=\"675,906\" data-comments-opened=\"1\" data-image-meta=\"{&quot;aperture&quot;:&quot;0&quot;,&quot;credit&quot;:&quot;&quot;,&quot;camera&quot;:&quot;&quot;,&quot;caption&quot;:&quot;&quot;,&quot;created_timestamp&quot;:&quot;0&quot;,&quot;copyright&quot;:&quot;&quot;,&quot;focal_length&quot;:&quot;0&quot;,&quot;iso&quot;:&quot;0&quot;,&quot;shutter_speed&quot;:&quot;0&quot;,&quot;title&quot;:&quot;&quot;,&quot;orientation&quot;:&quot;0&quot;}\" data-image-title=\"image\" data-image-description=\"\" data-image-caption=\"\" data-large-file=\"https:\/\/i0.wp.com\/patrimoine-avesnois.fr\/chemin\/wp-content\/uploads\/2019\/07\/image-40.png?fit=675%2C906&amp;ssl=1\" src=\"https:\/\/i0.wp.com\/patrimoine-avesnois.fr\/chemin\/wp-content\/uploads\/2019\/07\/image-40.png?resize=675%2C906\" alt=\"\" class=\"wp-image-7124\" style=\"width:506px;height:680px\" srcset=\"https:\/\/i0.wp.com\/patrimoine-avesnois.fr\/chemin\/wp-content\/uploads\/2019\/07\/image-40.png?w=675&amp;ssl=1 675w, https:\/\/i0.wp.com\/patrimoine-avesnois.fr\/chemin\/wp-content\/uploads\/2019\/07\/image-40.png?resize=224%2C300&amp;ssl=1 224w\" sizes=\"auto, (max-width: 675px) 85vw, 675px\" \/><\/figure>\n<\/div>\n\n<div class=\"wp-block-image\">\n<figure class=\"aligncenter\"><img loading=\"lazy\" decoding=\"async\" width=\"1195\" height=\"896\" data-attachment-id=\"7121\" data-permalink=\"https:\/\/patrimoine-avesnois.fr\/chemin\/solre-le-chateau\/image-1064\/\" data-orig-file=\"https:\/\/i0.wp.com\/patrimoine-avesnois.fr\/chemin\/wp-content\/uploads\/2019\/07\/image-38.png?fit=1195%2C896&amp;ssl=1\" data-orig-size=\"1195,896\" data-comments-opened=\"1\" data-image-meta=\"{&quot;aperture&quot;:&quot;0&quot;,&quot;credit&quot;:&quot;&quot;,&quot;camera&quot;:&quot;&quot;,&quot;caption&quot;:&quot;&quot;,&quot;created_timestamp&quot;:&quot;0&quot;,&quot;copyright&quot;:&quot;&quot;,&quot;focal_length&quot;:&quot;0&quot;,&quot;iso&quot;:&quot;0&quot;,&quot;shutter_speed&quot;:&quot;0&quot;,&quot;title&quot;:&quot;&quot;,&quot;orientation&quot;:&quot;0&quot;}\" data-image-title=\"image\" data-image-description=\"\" data-image-caption=\"\" data-large-file=\"https:\/\/i0.wp.com\/patrimoine-avesnois.fr\/chemin\/wp-content\/uploads\/2019\/07\/image-38.png?fit=840%2C630&amp;ssl=1\" src=\"https:\/\/i1.wp.com\/patrimoine-avesnois.fr\/chemin\/wp-content\/uploads\/2019\/07\/image-38.png?fit=840%2C630\" alt=\"\" class=\"wp-image-7121\" srcset=\"https:\/\/i0.wp.com\/patrimoine-avesnois.fr\/chemin\/wp-content\/uploads\/2019\/07\/image-38.png?w=1195&amp;ssl=1 1195w, https:\/\/i0.wp.com\/patrimoine-avesnois.fr\/chemin\/wp-content\/uploads\/2019\/07\/image-38.png?resize=300%2C225&amp;ssl=1 300w, https:\/\/i0.wp.com\/patrimoine-avesnois.fr\/chemin\/wp-content\/uploads\/2019\/07\/image-38.png?resize=768%2C576&amp;ssl=1 768w, https:\/\/i0.wp.com\/patrimoine-avesnois.fr\/chemin\/wp-content\/uploads\/2019\/07\/image-38.png?resize=1024%2C768&amp;ssl=1 1024w\" sizes=\"auto, (max-width: 709px) 85vw, (max-width: 909px) 67vw, (max-width: 1362px) 62vw, 840px\" \/><figcaption class=\"wp-element-caption\">La vo\u00fbte en brique et pierre bleue du choeur<\/figcaption><\/figure>\n<\/div>\n\n<div class=\"wp-block-image\">\n<figure class=\"aligncenter\"><img loading=\"lazy\" decoding=\"async\" width=\"1201\" height=\"909\" data-attachment-id=\"7104\" data-permalink=\"https:\/\/patrimoine-avesnois.fr\/chemin\/solre-le-chateau\/image-1051\/\" data-orig-file=\"https:\/\/i0.wp.com\/patrimoine-avesnois.fr\/chemin\/wp-content\/uploads\/2019\/07\/image-25.png?fit=1201%2C909&amp;ssl=1\" data-orig-size=\"1201,909\" data-comments-opened=\"1\" data-image-meta=\"{&quot;aperture&quot;:&quot;0&quot;,&quot;credit&quot;:&quot;&quot;,&quot;camera&quot;:&quot;&quot;,&quot;caption&quot;:&quot;&quot;,&quot;created_timestamp&quot;:&quot;0&quot;,&quot;copyright&quot;:&quot;&quot;,&quot;focal_length&quot;:&quot;0&quot;,&quot;iso&quot;:&quot;0&quot;,&quot;shutter_speed&quot;:&quot;0&quot;,&quot;title&quot;:&quot;&quot;,&quot;orientation&quot;:&quot;0&quot;}\" data-image-title=\"image\" data-image-description=\"\" data-image-caption=\"\" data-large-file=\"https:\/\/i0.wp.com\/patrimoine-avesnois.fr\/chemin\/wp-content\/uploads\/2019\/07\/image-25.png?fit=840%2C636&amp;ssl=1\" src=\"https:\/\/i1.wp.com\/patrimoine-avesnois.fr\/chemin\/wp-content\/uploads\/2019\/07\/image-25.png?fit=840%2C636\" alt=\"\" class=\"wp-image-7104\" srcset=\"https:\/\/i0.wp.com\/patrimoine-avesnois.fr\/chemin\/wp-content\/uploads\/2019\/07\/image-25.png?w=1201&amp;ssl=1 1201w, https:\/\/i0.wp.com\/patrimoine-avesnois.fr\/chemin\/wp-content\/uploads\/2019\/07\/image-25.png?resize=300%2C227&amp;ssl=1 300w, https:\/\/i0.wp.com\/patrimoine-avesnois.fr\/chemin\/wp-content\/uploads\/2019\/07\/image-25.png?resize=768%2C581&amp;ssl=1 768w, https:\/\/i0.wp.com\/patrimoine-avesnois.fr\/chemin\/wp-content\/uploads\/2019\/07\/image-25.png?resize=1024%2C775&amp;ssl=1 1024w, https:\/\/i0.wp.com\/patrimoine-avesnois.fr\/chemin\/wp-content\/uploads\/2019\/07\/image-25.png?resize=1200%2C908&amp;ssl=1 1200w\" sizes=\"auto, (max-width: 709px) 85vw, (max-width: 909px) 67vw, (max-width: 1362px) 62vw, 840px\" \/><figcaption class=\"wp-element-caption\">Tableaux au sein du choeur<\/figcaption><\/figure>\n<\/div>\n\n<div class=\"wp-block-image\">\n<figure class=\"aligncenter\"><img loading=\"lazy\" decoding=\"async\" width=\"1201\" height=\"907\" data-attachment-id=\"7105\" data-permalink=\"https:\/\/patrimoine-avesnois.fr\/chemin\/solre-le-chateau\/image-1052\/\" data-orig-file=\"https:\/\/i0.wp.com\/patrimoine-avesnois.fr\/chemin\/wp-content\/uploads\/2019\/07\/image-26.png?fit=1201%2C907&amp;ssl=1\" data-orig-size=\"1201,907\" data-comments-opened=\"1\" data-image-meta=\"{&quot;aperture&quot;:&quot;0&quot;,&quot;credit&quot;:&quot;&quot;,&quot;camera&quot;:&quot;&quot;,&quot;caption&quot;:&quot;&quot;,&quot;created_timestamp&quot;:&quot;0&quot;,&quot;copyright&quot;:&quot;&quot;,&quot;focal_length&quot;:&quot;0&quot;,&quot;iso&quot;:&quot;0&quot;,&quot;shutter_speed&quot;:&quot;0&quot;,&quot;title&quot;:&quot;&quot;,&quot;orientation&quot;:&quot;0&quot;}\" data-image-title=\"image\" data-image-description=\"\" data-image-caption=\"\" data-large-file=\"https:\/\/i0.wp.com\/patrimoine-avesnois.fr\/chemin\/wp-content\/uploads\/2019\/07\/image-26.png?fit=840%2C634&amp;ssl=1\" src=\"https:\/\/i0.wp.com\/patrimoine-avesnois.fr\/chemin\/wp-content\/uploads\/2019\/07\/image-26.png?fit=840%2C634\" alt=\"\" class=\"wp-image-7105\" srcset=\"https:\/\/i0.wp.com\/patrimoine-avesnois.fr\/chemin\/wp-content\/uploads\/2019\/07\/image-26.png?w=1201&amp;ssl=1 1201w, https:\/\/i0.wp.com\/patrimoine-avesnois.fr\/chemin\/wp-content\/uploads\/2019\/07\/image-26.png?resize=300%2C227&amp;ssl=1 300w, https:\/\/i0.wp.com\/patrimoine-avesnois.fr\/chemin\/wp-content\/uploads\/2019\/07\/image-26.png?resize=768%2C580&amp;ssl=1 768w, https:\/\/i0.wp.com\/patrimoine-avesnois.fr\/chemin\/wp-content\/uploads\/2019\/07\/image-26.png?resize=1024%2C773&amp;ssl=1 1024w, https:\/\/i0.wp.com\/patrimoine-avesnois.fr\/chemin\/wp-content\/uploads\/2019\/07\/image-26.png?resize=1200%2C906&amp;ssl=1 1200w\" sizes=\"auto, (max-width: 709px) 85vw, (max-width: 909px) 67vw, (max-width: 1362px) 62vw, 840px\" \/><figcaption class=\"wp-element-caption\">Les stalles de la fin du XVI e si\u00e8cle<\/figcaption><\/figure>\n<\/div>\n\n<div class=\"wp-block-image\">\n<figure class=\"aligncenter\"><img loading=\"lazy\" decoding=\"async\" width=\"1079\" height=\"815\" data-attachment-id=\"7161\" data-permalink=\"https:\/\/patrimoine-avesnois.fr\/chemin\/solre-le-chateau\/capture-207\/\" data-orig-file=\"https:\/\/i0.wp.com\/patrimoine-avesnois.fr\/chemin\/wp-content\/uploads\/2019\/07\/Capture-14.jpg?fit=1079%2C815&amp;ssl=1\" data-orig-size=\"1079,815\" data-comments-opened=\"1\" data-image-meta=\"{&quot;aperture&quot;:&quot;0&quot;,&quot;credit&quot;:&quot;CARRE&quot;,&quot;camera&quot;:&quot;&quot;,&quot;caption&quot;:&quot;&quot;,&quot;created_timestamp&quot;:&quot;1563199931&quot;,&quot;copyright&quot;:&quot;&quot;,&quot;focal_length&quot;:&quot;0&quot;,&quot;iso&quot;:&quot;0&quot;,&quot;shutter_speed&quot;:&quot;0&quot;,&quot;title&quot;:&quot;&quot;,&quot;orientation&quot;:&quot;0&quot;}\" data-image-title=\"Capture\" data-image-description=\"\" data-image-caption=\"\" data-large-file=\"https:\/\/i0.wp.com\/patrimoine-avesnois.fr\/chemin\/wp-content\/uploads\/2019\/07\/Capture-14.jpg?fit=840%2C634&amp;ssl=1\" src=\"https:\/\/i2.wp.com\/patrimoine-avesnois.fr\/chemin\/wp-content\/uploads\/2019\/07\/Capture-14.jpg?fit=840%2C634\" alt=\"\" class=\"wp-image-7161\" srcset=\"https:\/\/i0.wp.com\/patrimoine-avesnois.fr\/chemin\/wp-content\/uploads\/2019\/07\/Capture-14.jpg?w=1079&amp;ssl=1 1079w, https:\/\/i0.wp.com\/patrimoine-avesnois.fr\/chemin\/wp-content\/uploads\/2019\/07\/Capture-14.jpg?resize=300%2C227&amp;ssl=1 300w, https:\/\/i0.wp.com\/patrimoine-avesnois.fr\/chemin\/wp-content\/uploads\/2019\/07\/Capture-14.jpg?resize=768%2C580&amp;ssl=1 768w, https:\/\/i0.wp.com\/patrimoine-avesnois.fr\/chemin\/wp-content\/uploads\/2019\/07\/Capture-14.jpg?resize=1024%2C773&amp;ssl=1 1024w\" sizes=\"auto, (max-width: 709px) 85vw, (max-width: 909px) 67vw, (max-width: 1362px) 62vw, 840px\" \/><\/figure>\n<\/div>\n\n<div class=\"wp-block-image\">\n<figure class=\"aligncenter\"><img loading=\"lazy\" decoding=\"async\" width=\"1072\" height=\"808\" data-attachment-id=\"7162\" data-permalink=\"https:\/\/patrimoine-avesnois.fr\/chemin\/solre-le-chateau\/capture1-82\/\" data-orig-file=\"https:\/\/i0.wp.com\/patrimoine-avesnois.fr\/chemin\/wp-content\/uploads\/2019\/07\/Capture1-4.jpg?fit=1072%2C808&amp;ssl=1\" data-orig-size=\"1072,808\" data-comments-opened=\"1\" data-image-meta=\"{&quot;aperture&quot;:&quot;0&quot;,&quot;credit&quot;:&quot;CARRE&quot;,&quot;camera&quot;:&quot;&quot;,&quot;caption&quot;:&quot;&quot;,&quot;created_timestamp&quot;:&quot;1563199946&quot;,&quot;copyright&quot;:&quot;&quot;,&quot;focal_length&quot;:&quot;0&quot;,&quot;iso&quot;:&quot;0&quot;,&quot;shutter_speed&quot;:&quot;0&quot;,&quot;title&quot;:&quot;&quot;,&quot;orientation&quot;:&quot;0&quot;}\" data-image-title=\"Capture1\" data-image-description=\"\" data-image-caption=\"\" data-large-file=\"https:\/\/i0.wp.com\/patrimoine-avesnois.fr\/chemin\/wp-content\/uploads\/2019\/07\/Capture1-4.jpg?fit=840%2C633&amp;ssl=1\" src=\"https:\/\/i0.wp.com\/patrimoine-avesnois.fr\/chemin\/wp-content\/uploads\/2019\/07\/Capture1-4.jpg?fit=840%2C633\" alt=\"\" class=\"wp-image-7162\" srcset=\"https:\/\/i0.wp.com\/patrimoine-avesnois.fr\/chemin\/wp-content\/uploads\/2019\/07\/Capture1-4.jpg?w=1072&amp;ssl=1 1072w, https:\/\/i0.wp.com\/patrimoine-avesnois.fr\/chemin\/wp-content\/uploads\/2019\/07\/Capture1-4.jpg?resize=300%2C226&amp;ssl=1 300w, https:\/\/i0.wp.com\/patrimoine-avesnois.fr\/chemin\/wp-content\/uploads\/2019\/07\/Capture1-4.jpg?resize=768%2C579&amp;ssl=1 768w, https:\/\/i0.wp.com\/patrimoine-avesnois.fr\/chemin\/wp-content\/uploads\/2019\/07\/Capture1-4.jpg?resize=1024%2C772&amp;ssl=1 1024w\" sizes=\"auto, (max-width: 709px) 85vw, (max-width: 909px) 67vw, (max-width: 1362px) 62vw, 840px\" \/><\/figure>\n<\/div>\n\n<div class=\"wp-block-image\">\n<figure class=\"aligncenter is-resized\"><img data-recalc-dims=\"1\" loading=\"lazy\" decoding=\"async\" width=\"673\" height=\"907\" data-attachment-id=\"7108\" data-permalink=\"https:\/\/patrimoine-avesnois.fr\/chemin\/solre-le-chateau\/image-1054\/\" data-orig-file=\"https:\/\/i0.wp.com\/patrimoine-avesnois.fr\/chemin\/wp-content\/uploads\/2019\/07\/image-28.png?fit=673%2C907&amp;ssl=1\" data-orig-size=\"673,907\" data-comments-opened=\"1\" data-image-meta=\"{&quot;aperture&quot;:&quot;0&quot;,&quot;credit&quot;:&quot;&quot;,&quot;camera&quot;:&quot;&quot;,&quot;caption&quot;:&quot;&quot;,&quot;created_timestamp&quot;:&quot;0&quot;,&quot;copyright&quot;:&quot;&quot;,&quot;focal_length&quot;:&quot;0&quot;,&quot;iso&quot;:&quot;0&quot;,&quot;shutter_speed&quot;:&quot;0&quot;,&quot;title&quot;:&quot;&quot;,&quot;orientation&quot;:&quot;0&quot;}\" data-image-title=\"image\" data-image-description=\"\" data-image-caption=\"\" data-large-file=\"https:\/\/i0.wp.com\/patrimoine-avesnois.fr\/chemin\/wp-content\/uploads\/2019\/07\/image-28.png?fit=673%2C907&amp;ssl=1\" src=\"https:\/\/i0.wp.com\/patrimoine-avesnois.fr\/chemin\/wp-content\/uploads\/2019\/07\/image-28.png?resize=673%2C907\" alt=\"\" class=\"wp-image-7108\" style=\"width:506px;height:680px\" srcset=\"https:\/\/i0.wp.com\/patrimoine-avesnois.fr\/chemin\/wp-content\/uploads\/2019\/07\/image-28.png?w=673&amp;ssl=1 673w, https:\/\/i0.wp.com\/patrimoine-avesnois.fr\/chemin\/wp-content\/uploads\/2019\/07\/image-28.png?resize=223%2C300&amp;ssl=1 223w\" sizes=\"auto, (max-width: 673px) 85vw, 673px\" \/><figcaption class=\"wp-element-caption\">Autel Saint Pierre avec une toile de 1859<\/figcaption><\/figure>\n<\/div>\n\n<div class=\"wp-block-image\">\n<figure class=\"aligncenter is-resized\"><img data-recalc-dims=\"1\" loading=\"lazy\" decoding=\"async\" width=\"674\" height=\"905\" data-attachment-id=\"7109\" data-permalink=\"https:\/\/patrimoine-avesnois.fr\/chemin\/solre-le-chateau\/image-1055\/\" data-orig-file=\"https:\/\/i0.wp.com\/patrimoine-avesnois.fr\/chemin\/wp-content\/uploads\/2019\/07\/image-29.png?fit=674%2C905&amp;ssl=1\" data-orig-size=\"674,905\" data-comments-opened=\"1\" data-image-meta=\"{&quot;aperture&quot;:&quot;0&quot;,&quot;credit&quot;:&quot;&quot;,&quot;camera&quot;:&quot;&quot;,&quot;caption&quot;:&quot;&quot;,&quot;created_timestamp&quot;:&quot;0&quot;,&quot;copyright&quot;:&quot;&quot;,&quot;focal_length&quot;:&quot;0&quot;,&quot;iso&quot;:&quot;0&quot;,&quot;shutter_speed&quot;:&quot;0&quot;,&quot;title&quot;:&quot;&quot;,&quot;orientation&quot;:&quot;0&quot;}\" data-image-title=\"image\" data-image-description=\"\" data-image-caption=\"\" data-large-file=\"https:\/\/i0.wp.com\/patrimoine-avesnois.fr\/chemin\/wp-content\/uploads\/2019\/07\/image-29.png?fit=674%2C905&amp;ssl=1\" src=\"https:\/\/i0.wp.com\/patrimoine-avesnois.fr\/chemin\/wp-content\/uploads\/2019\/07\/image-29.png?resize=674%2C905\" alt=\"\" class=\"wp-image-7109\" style=\"width:506px;height:679px\" srcset=\"https:\/\/i0.wp.com\/patrimoine-avesnois.fr\/chemin\/wp-content\/uploads\/2019\/07\/image-29.png?w=674&amp;ssl=1 674w, https:\/\/i0.wp.com\/patrimoine-avesnois.fr\/chemin\/wp-content\/uploads\/2019\/07\/image-29.png?resize=223%2C300&amp;ssl=1 223w\" sizes=\"auto, (max-width: 674px) 85vw, 674px\" \/><figcaption class=\"wp-element-caption\">Autel de la Vierge (1612)<\/figcaption><\/figure>\n<\/div>\n\n<div class=\"wp-block-image\">\n<figure class=\"aligncenter is-resized\"><img data-recalc-dims=\"1\" loading=\"lazy\" decoding=\"async\" width=\"671\" height=\"910\" data-attachment-id=\"7117\" data-permalink=\"https:\/\/patrimoine-avesnois.fr\/chemin\/solre-le-chateau\/image-1061\/\" data-orig-file=\"https:\/\/i0.wp.com\/patrimoine-avesnois.fr\/chemin\/wp-content\/uploads\/2019\/07\/image-35.png?fit=671%2C910&amp;ssl=1\" data-orig-size=\"671,910\" data-comments-opened=\"1\" data-image-meta=\"{&quot;aperture&quot;:&quot;0&quot;,&quot;credit&quot;:&quot;&quot;,&quot;camera&quot;:&quot;&quot;,&quot;caption&quot;:&quot;&quot;,&quot;created_timestamp&quot;:&quot;0&quot;,&quot;copyright&quot;:&quot;&quot;,&quot;focal_length&quot;:&quot;0&quot;,&quot;iso&quot;:&quot;0&quot;,&quot;shutter_speed&quot;:&quot;0&quot;,&quot;title&quot;:&quot;&quot;,&quot;orientation&quot;:&quot;0&quot;}\" data-image-title=\"image\" data-image-description=\"\" data-image-caption=\"\" data-large-file=\"https:\/\/i0.wp.com\/patrimoine-avesnois.fr\/chemin\/wp-content\/uploads\/2019\/07\/image-35.png?fit=671%2C910&amp;ssl=1\" src=\"https:\/\/i0.wp.com\/patrimoine-avesnois.fr\/chemin\/wp-content\/uploads\/2019\/07\/image-35.png?resize=671%2C910\" alt=\"\" class=\"wp-image-7117\" style=\"width:506px;height:680px\" srcset=\"https:\/\/i0.wp.com\/patrimoine-avesnois.fr\/chemin\/wp-content\/uploads\/2019\/07\/image-35.png?w=671&amp;ssl=1 671w, https:\/\/i0.wp.com\/patrimoine-avesnois.fr\/chemin\/wp-content\/uploads\/2019\/07\/image-35.png?resize=221%2C300&amp;ssl=1 221w\" sizes=\"auto, (max-width: 671px) 85vw, 671px\" \/><figcaption class=\"wp-element-caption\">Table d&rsquo;Autel en l&rsquo;honneur de Saint Jacques (1680)<\/figcaption><\/figure>\n<\/div>\n\n<div class=\"wp-block-image\">\n<figure class=\"aligncenter\"><img loading=\"lazy\" decoding=\"async\" width=\"1204\" height=\"902\" data-attachment-id=\"7122\" data-permalink=\"https:\/\/patrimoine-avesnois.fr\/chemin\/solre-le-chateau\/image-1065\/\" data-orig-file=\"https:\/\/i0.wp.com\/patrimoine-avesnois.fr\/chemin\/wp-content\/uploads\/2019\/07\/image-39.png?fit=1204%2C902&amp;ssl=1\" data-orig-size=\"1204,902\" data-comments-opened=\"1\" data-image-meta=\"{&quot;aperture&quot;:&quot;0&quot;,&quot;credit&quot;:&quot;&quot;,&quot;camera&quot;:&quot;&quot;,&quot;caption&quot;:&quot;&quot;,&quot;created_timestamp&quot;:&quot;0&quot;,&quot;copyright&quot;:&quot;&quot;,&quot;focal_length&quot;:&quot;0&quot;,&quot;iso&quot;:&quot;0&quot;,&quot;shutter_speed&quot;:&quot;0&quot;,&quot;title&quot;:&quot;&quot;,&quot;orientation&quot;:&quot;0&quot;}\" data-image-title=\"image\" data-image-description=\"\" data-image-caption=\"\" data-large-file=\"https:\/\/i0.wp.com\/patrimoine-avesnois.fr\/chemin\/wp-content\/uploads\/2019\/07\/image-39.png?fit=840%2C629&amp;ssl=1\" src=\"https:\/\/i2.wp.com\/patrimoine-avesnois.fr\/chemin\/wp-content\/uploads\/2019\/07\/image-39.png?fit=840%2C629\" alt=\"\" class=\"wp-image-7122\" srcset=\"https:\/\/i0.wp.com\/patrimoine-avesnois.fr\/chemin\/wp-content\/uploads\/2019\/07\/image-39.png?w=1204&amp;ssl=1 1204w, https:\/\/i0.wp.com\/patrimoine-avesnois.fr\/chemin\/wp-content\/uploads\/2019\/07\/image-39.png?resize=300%2C225&amp;ssl=1 300w, https:\/\/i0.wp.com\/patrimoine-avesnois.fr\/chemin\/wp-content\/uploads\/2019\/07\/image-39.png?resize=768%2C575&amp;ssl=1 768w, https:\/\/i0.wp.com\/patrimoine-avesnois.fr\/chemin\/wp-content\/uploads\/2019\/07\/image-39.png?resize=1024%2C767&amp;ssl=1 1024w, https:\/\/i0.wp.com\/patrimoine-avesnois.fr\/chemin\/wp-content\/uploads\/2019\/07\/image-39.png?resize=1200%2C899&amp;ssl=1 1200w\" sizes=\"auto, (max-width: 709px) 85vw, (max-width: 909px) 67vw, (max-width: 1362px) 62vw, 840px\" \/><\/figure>\n<\/div>\n\n<div class=\"wp-block-image\">\n<figure class=\"aligncenter\"><img loading=\"lazy\" decoding=\"async\" width=\"1200\" height=\"907\" data-attachment-id=\"7113\" data-permalink=\"https:\/\/patrimoine-avesnois.fr\/chemin\/solre-le-chateau\/image-1058\/\" data-orig-file=\"https:\/\/i0.wp.com\/patrimoine-avesnois.fr\/chemin\/wp-content\/uploads\/2019\/07\/image-32.png?fit=1200%2C907&amp;ssl=1\" data-orig-size=\"1200,907\" data-comments-opened=\"1\" data-image-meta=\"{&quot;aperture&quot;:&quot;0&quot;,&quot;credit&quot;:&quot;&quot;,&quot;camera&quot;:&quot;&quot;,&quot;caption&quot;:&quot;&quot;,&quot;created_timestamp&quot;:&quot;0&quot;,&quot;copyright&quot;:&quot;&quot;,&quot;focal_length&quot;:&quot;0&quot;,&quot;iso&quot;:&quot;0&quot;,&quot;shutter_speed&quot;:&quot;0&quot;,&quot;title&quot;:&quot;&quot;,&quot;orientation&quot;:&quot;0&quot;}\" data-image-title=\"image\" data-image-description=\"\" data-image-caption=\"\" data-large-file=\"https:\/\/i0.wp.com\/patrimoine-avesnois.fr\/chemin\/wp-content\/uploads\/2019\/07\/image-32.png?fit=840%2C635&amp;ssl=1\" src=\"https:\/\/i2.wp.com\/patrimoine-avesnois.fr\/chemin\/wp-content\/uploads\/2019\/07\/image-32.png?fit=840%2C635\" alt=\"\" class=\"wp-image-7113\" srcset=\"https:\/\/i0.wp.com\/patrimoine-avesnois.fr\/chemin\/wp-content\/uploads\/2019\/07\/image-32.png?w=1200&amp;ssl=1 1200w, https:\/\/i0.wp.com\/patrimoine-avesnois.fr\/chemin\/wp-content\/uploads\/2019\/07\/image-32.png?resize=300%2C227&amp;ssl=1 300w, https:\/\/i0.wp.com\/patrimoine-avesnois.fr\/chemin\/wp-content\/uploads\/2019\/07\/image-32.png?resize=768%2C580&amp;ssl=1 768w, https:\/\/i0.wp.com\/patrimoine-avesnois.fr\/chemin\/wp-content\/uploads\/2019\/07\/image-32.png?resize=1024%2C774&amp;ssl=1 1024w\" sizes=\"auto, (max-width: 709px) 85vw, (max-width: 909px) 67vw, (max-width: 1362px) 62vw, 840px\" \/><figcaption class=\"wp-element-caption\">Blason des princes de Solre<\/figcaption><\/figure>\n<\/div>\n\n\n<figure class=\"wp-block-gallery has-nested-images columns-default is-cropped wp-block-gallery-4 is-layout-flex wp-block-gallery-is-layout-flex\">\n<figure class=\"wp-block-image size-large\"><img data-recalc-dims=\"1\" loading=\"lazy\" decoding=\"async\" width=\"840\" height=\"630\" data-attachment-id=\"7129\" data-permalink=\"https:\/\/patrimoine-avesnois.fr\/chemin\/solre-le-chateau\/img_5800\/\" data-orig-file=\"https:\/\/i0.wp.com\/patrimoine-avesnois.fr\/chemin\/wp-content\/uploads\/2019\/07\/IMG_5800.jpg?fit=4032%2C3024&amp;ssl=1\" data-orig-size=\"4032,3024\" data-comments-opened=\"1\" data-image-meta=\"{&quot;aperture&quot;:&quot;2.2&quot;,&quot;credit&quot;:&quot;&quot;,&quot;camera&quot;:&quot;iPhone SE&quot;,&quot;caption&quot;:&quot;&quot;,&quot;created_timestamp&quot;:&quot;1560695732&quot;,&quot;copyright&quot;:&quot;&quot;,&quot;focal_length&quot;:&quot;4.15&quot;,&quot;iso&quot;:&quot;250&quot;,&quot;shutter_speed&quot;:&quot;0.058823529411765&quot;,&quot;title&quot;:&quot;&quot;,&quot;orientation&quot;:&quot;6&quot;}\" data-image-title=\"IMG_5800\" data-image-description=\"\" data-image-caption=\"\" data-large-file=\"https:\/\/i0.wp.com\/patrimoine-avesnois.fr\/chemin\/wp-content\/uploads\/2019\/07\/IMG_5800.jpg?fit=840%2C630&amp;ssl=1\" data-id=\"7129\" src=\"https:\/\/i0.wp.com\/patrimoine-avesnois.fr\/chemin\/wp-content\/uploads\/2019\/07\/IMG_5800-1024x768.jpg?resize=840%2C630&#038;ssl=1\" alt=\"\" class=\"wp-image-7129\" srcset=\"https:\/\/i0.wp.com\/patrimoine-avesnois.fr\/chemin\/wp-content\/uploads\/2019\/07\/IMG_5800.jpg?resize=1024%2C768&amp;ssl=1 1024w, https:\/\/i0.wp.com\/patrimoine-avesnois.fr\/chemin\/wp-content\/uploads\/2019\/07\/IMG_5800.jpg?resize=300%2C225&amp;ssl=1 300w, https:\/\/i0.wp.com\/patrimoine-avesnois.fr\/chemin\/wp-content\/uploads\/2019\/07\/IMG_5800.jpg?resize=768%2C576&amp;ssl=1 768w, https:\/\/i0.wp.com\/patrimoine-avesnois.fr\/chemin\/wp-content\/uploads\/2019\/07\/IMG_5800.jpg?resize=1200%2C900&amp;ssl=1 1200w, https:\/\/i0.wp.com\/patrimoine-avesnois.fr\/chemin\/wp-content\/uploads\/2019\/07\/IMG_5800.jpg?w=1680 1680w, https:\/\/i0.wp.com\/patrimoine-avesnois.fr\/chemin\/wp-content\/uploads\/2019\/07\/IMG_5800.jpg?w=2520 2520w\" sizes=\"auto, (max-width: 709px) 85vw, (max-width: 909px) 67vw, (max-width: 1362px) 62vw, 840px\" \/><\/figure>\n\n\n\n<figure class=\"wp-block-image size-large\"><img data-recalc-dims=\"1\" loading=\"lazy\" decoding=\"async\" width=\"768\" height=\"1024\" data-attachment-id=\"7131\" data-permalink=\"https:\/\/patrimoine-avesnois.fr\/chemin\/solre-le-chateau\/img_5827\/\" data-orig-file=\"https:\/\/i0.wp.com\/patrimoine-avesnois.fr\/chemin\/wp-content\/uploads\/2019\/07\/IMG_5827.jpg?fit=3024%2C4032&amp;ssl=1\" data-orig-size=\"3024,4032\" data-comments-opened=\"1\" data-image-meta=\"{&quot;aperture&quot;:&quot;2.2&quot;,&quot;credit&quot;:&quot;&quot;,&quot;camera&quot;:&quot;iPhone SE&quot;,&quot;caption&quot;:&quot;&quot;,&quot;created_timestamp&quot;:&quot;1560696678&quot;,&quot;copyright&quot;:&quot;&quot;,&quot;focal_length&quot;:&quot;4.15&quot;,&quot;iso&quot;:&quot;500&quot;,&quot;shutter_speed&quot;:&quot;0.058823529411765&quot;,&quot;title&quot;:&quot;&quot;,&quot;orientation&quot;:&quot;0&quot;}\" data-image-title=\"IMG_5827\" data-image-description=\"\" data-image-caption=\"\" data-large-file=\"https:\/\/i0.wp.com\/patrimoine-avesnois.fr\/chemin\/wp-content\/uploads\/2019\/07\/IMG_5827.jpg?fit=768%2C1024&amp;ssl=1\" data-id=\"7131\" src=\"https:\/\/i0.wp.com\/patrimoine-avesnois.fr\/chemin\/wp-content\/uploads\/2019\/07\/IMG_5827-768x1024.jpg?resize=768%2C1024&#038;ssl=1\" alt=\"\" class=\"wp-image-7131\" srcset=\"https:\/\/i0.wp.com\/patrimoine-avesnois.fr\/chemin\/wp-content\/uploads\/2019\/07\/IMG_5827.jpg?resize=768%2C1024&amp;ssl=1 768w, https:\/\/i0.wp.com\/patrimoine-avesnois.fr\/chemin\/wp-content\/uploads\/2019\/07\/IMG_5827.jpg?resize=225%2C300&amp;ssl=1 225w, https:\/\/i0.wp.com\/patrimoine-avesnois.fr\/chemin\/wp-content\/uploads\/2019\/07\/IMG_5827.jpg?resize=1200%2C1600&amp;ssl=1 1200w, https:\/\/i0.wp.com\/patrimoine-avesnois.fr\/chemin\/wp-content\/uploads\/2019\/07\/IMG_5827.jpg?w=1680 1680w, https:\/\/i0.wp.com\/patrimoine-avesnois.fr\/chemin\/wp-content\/uploads\/2019\/07\/IMG_5827.jpg?w=2520 2520w\" sizes=\"auto, (max-width: 768px) 85vw, 768px\" \/><\/figure>\n<\/figure>\n\n\n<div class=\"wp-block-image\">\n<figure class=\"aligncenter\"><img loading=\"lazy\" decoding=\"async\" width=\"1202\" height=\"905\" data-attachment-id=\"7112\" data-permalink=\"https:\/\/patrimoine-avesnois.fr\/chemin\/solre-le-chateau\/image-1057\/\" data-orig-file=\"https:\/\/i0.wp.com\/patrimoine-avesnois.fr\/chemin\/wp-content\/uploads\/2019\/07\/image-31.png?fit=1202%2C905&amp;ssl=1\" data-orig-size=\"1202,905\" data-comments-opened=\"1\" data-image-meta=\"{&quot;aperture&quot;:&quot;0&quot;,&quot;credit&quot;:&quot;&quot;,&quot;camera&quot;:&quot;&quot;,&quot;caption&quot;:&quot;&quot;,&quot;created_timestamp&quot;:&quot;0&quot;,&quot;copyright&quot;:&quot;&quot;,&quot;focal_length&quot;:&quot;0&quot;,&quot;iso&quot;:&quot;0&quot;,&quot;shutter_speed&quot;:&quot;0&quot;,&quot;title&quot;:&quot;&quot;,&quot;orientation&quot;:&quot;0&quot;}\" data-image-title=\"image\" data-image-description=\"\" data-image-caption=\"\" data-large-file=\"https:\/\/i0.wp.com\/patrimoine-avesnois.fr\/chemin\/wp-content\/uploads\/2019\/07\/image-31.png?fit=840%2C632&amp;ssl=1\" src=\"https:\/\/i1.wp.com\/patrimoine-avesnois.fr\/chemin\/wp-content\/uploads\/2019\/07\/image-31.png?fit=840%2C632\" alt=\"\" class=\"wp-image-7112\" srcset=\"https:\/\/i0.wp.com\/patrimoine-avesnois.fr\/chemin\/wp-content\/uploads\/2019\/07\/image-31.png?w=1202&amp;ssl=1 1202w, https:\/\/i0.wp.com\/patrimoine-avesnois.fr\/chemin\/wp-content\/uploads\/2019\/07\/image-31.png?resize=300%2C226&amp;ssl=1 300w, https:\/\/i0.wp.com\/patrimoine-avesnois.fr\/chemin\/wp-content\/uploads\/2019\/07\/image-31.png?resize=768%2C578&amp;ssl=1 768w, https:\/\/i0.wp.com\/patrimoine-avesnois.fr\/chemin\/wp-content\/uploads\/2019\/07\/image-31.png?resize=1024%2C771&amp;ssl=1 1024w, https:\/\/i0.wp.com\/patrimoine-avesnois.fr\/chemin\/wp-content\/uploads\/2019\/07\/image-31.png?resize=1200%2C903&amp;ssl=1 1200w\" sizes=\"auto, (max-width: 709px) 85vw, (max-width: 909px) 67vw, (max-width: 1362px) 62vw, 840px\" \/><figcaption class=\"wp-element-caption\">Fonts Baptismaux<\/figcaption><\/figure>\n<\/div>\n\n<div class=\"wp-block-image\">\n<figure class=\"aligncenter is-resized\"><img data-recalc-dims=\"1\" loading=\"lazy\" decoding=\"async\" width=\"672\" height=\"905\" data-attachment-id=\"7115\" data-permalink=\"https:\/\/patrimoine-avesnois.fr\/chemin\/solre-le-chateau\/image-1059\/\" data-orig-file=\"https:\/\/i0.wp.com\/patrimoine-avesnois.fr\/chemin\/wp-content\/uploads\/2019\/07\/image-33.png?fit=672%2C905&amp;ssl=1\" data-orig-size=\"672,905\" data-comments-opened=\"1\" data-image-meta=\"{&quot;aperture&quot;:&quot;0&quot;,&quot;credit&quot;:&quot;&quot;,&quot;camera&quot;:&quot;&quot;,&quot;caption&quot;:&quot;&quot;,&quot;created_timestamp&quot;:&quot;0&quot;,&quot;copyright&quot;:&quot;&quot;,&quot;focal_length&quot;:&quot;0&quot;,&quot;iso&quot;:&quot;0&quot;,&quot;shutter_speed&quot;:&quot;0&quot;,&quot;title&quot;:&quot;&quot;,&quot;orientation&quot;:&quot;0&quot;}\" data-image-title=\"image\" data-image-description=\"\" data-image-caption=\"\" data-large-file=\"https:\/\/i0.wp.com\/patrimoine-avesnois.fr\/chemin\/wp-content\/uploads\/2019\/07\/image-33.png?fit=672%2C905&amp;ssl=1\" src=\"https:\/\/i0.wp.com\/patrimoine-avesnois.fr\/chemin\/wp-content\/uploads\/2019\/07\/image-33.png?resize=672%2C905\" alt=\"\" class=\"wp-image-7115\" style=\"width:504px;height:679px\" srcset=\"https:\/\/i0.wp.com\/patrimoine-avesnois.fr\/chemin\/wp-content\/uploads\/2019\/07\/image-33.png?w=672&amp;ssl=1 672w, https:\/\/i0.wp.com\/patrimoine-avesnois.fr\/chemin\/wp-content\/uploads\/2019\/07\/image-33.png?resize=223%2C300&amp;ssl=1 223w\" sizes=\"auto, (max-width: 672px) 85vw, 672px\" \/><figcaption class=\"wp-element-caption\">La Chaire<\/figcaption><\/figure>\n<\/div>\n\n<div class=\"wp-block-image\">\n<figure class=\"aligncenter is-resized\"><img data-recalc-dims=\"1\" loading=\"lazy\" decoding=\"async\" width=\"670\" height=\"907\" data-attachment-id=\"7116\" data-permalink=\"https:\/\/patrimoine-avesnois.fr\/chemin\/solre-le-chateau\/image-1060\/\" data-orig-file=\"https:\/\/i0.wp.com\/patrimoine-avesnois.fr\/chemin\/wp-content\/uploads\/2019\/07\/image-34.png?fit=670%2C907&amp;ssl=1\" data-orig-size=\"670,907\" data-comments-opened=\"1\" data-image-meta=\"{&quot;aperture&quot;:&quot;0&quot;,&quot;credit&quot;:&quot;&quot;,&quot;camera&quot;:&quot;&quot;,&quot;caption&quot;:&quot;&quot;,&quot;created_timestamp&quot;:&quot;0&quot;,&quot;copyright&quot;:&quot;&quot;,&quot;focal_length&quot;:&quot;0&quot;,&quot;iso&quot;:&quot;0&quot;,&quot;shutter_speed&quot;:&quot;0&quot;,&quot;title&quot;:&quot;&quot;,&quot;orientation&quot;:&quot;0&quot;}\" data-image-title=\"image\" data-image-description=\"\" data-image-caption=\"\" data-large-file=\"https:\/\/i0.wp.com\/patrimoine-avesnois.fr\/chemin\/wp-content\/uploads\/2019\/07\/image-34.png?fit=670%2C907&amp;ssl=1\" src=\"https:\/\/i0.wp.com\/patrimoine-avesnois.fr\/chemin\/wp-content\/uploads\/2019\/07\/image-34.png?resize=670%2C907\" alt=\"\" class=\"wp-image-7116\" style=\"width:503px;height:680px\" srcset=\"https:\/\/i0.wp.com\/patrimoine-avesnois.fr\/chemin\/wp-content\/uploads\/2019\/07\/image-34.png?w=670&amp;ssl=1 670w, https:\/\/i0.wp.com\/patrimoine-avesnois.fr\/chemin\/wp-content\/uploads\/2019\/07\/image-34.png?resize=222%2C300&amp;ssl=1 222w\" sizes=\"auto, (max-width: 670px) 85vw, 670px\" \/><figcaption class=\"wp-element-caption\">D\u00e9tail de la chaire<\/figcaption><\/figure>\n<\/div>\n\n<div class=\"wp-block-image\">\n<figure class=\"aligncenter is-resized\"><img data-recalc-dims=\"1\" loading=\"lazy\" decoding=\"async\" width=\"672\" height=\"907\" data-attachment-id=\"7119\" data-permalink=\"https:\/\/patrimoine-avesnois.fr\/chemin\/solre-le-chateau\/image-1062\/\" data-orig-file=\"https:\/\/i0.wp.com\/patrimoine-avesnois.fr\/chemin\/wp-content\/uploads\/2019\/07\/image-36.png?fit=672%2C907&amp;ssl=1\" data-orig-size=\"672,907\" data-comments-opened=\"1\" data-image-meta=\"{&quot;aperture&quot;:&quot;0&quot;,&quot;credit&quot;:&quot;&quot;,&quot;camera&quot;:&quot;&quot;,&quot;caption&quot;:&quot;&quot;,&quot;created_timestamp&quot;:&quot;0&quot;,&quot;copyright&quot;:&quot;&quot;,&quot;focal_length&quot;:&quot;0&quot;,&quot;iso&quot;:&quot;0&quot;,&quot;shutter_speed&quot;:&quot;0&quot;,&quot;title&quot;:&quot;&quot;,&quot;orientation&quot;:&quot;0&quot;}\" data-image-title=\"image\" data-image-description=\"\" data-image-caption=\"\" data-large-file=\"https:\/\/i0.wp.com\/patrimoine-avesnois.fr\/chemin\/wp-content\/uploads\/2019\/07\/image-36.png?fit=672%2C907&amp;ssl=1\" src=\"https:\/\/i0.wp.com\/patrimoine-avesnois.fr\/chemin\/wp-content\/uploads\/2019\/07\/image-36.png?resize=672%2C907\" alt=\"\" class=\"wp-image-7119\" style=\"width:504px;height:680px\" srcset=\"https:\/\/i0.wp.com\/patrimoine-avesnois.fr\/chemin\/wp-content\/uploads\/2019\/07\/image-36.png?w=672&amp;ssl=1 672w, https:\/\/i0.wp.com\/patrimoine-avesnois.fr\/chemin\/wp-content\/uploads\/2019\/07\/image-36.png?resize=222%2C300&amp;ssl=1 222w\" sizes=\"auto, (max-width: 672px) 85vw, 672px\" \/><figcaption class=\"wp-element-caption\">Confessionnal<\/figcaption><\/figure>\n<\/div>\n\n<div class=\"wp-block-image\">\n<figure class=\"aligncenter\"><img loading=\"lazy\" decoding=\"async\" width=\"1204\" height=\"905\" data-attachment-id=\"7120\" data-permalink=\"https:\/\/patrimoine-avesnois.fr\/chemin\/solre-le-chateau\/image-1063\/\" data-orig-file=\"https:\/\/i0.wp.com\/patrimoine-avesnois.fr\/chemin\/wp-content\/uploads\/2019\/07\/image-37.png?fit=1204%2C905&amp;ssl=1\" data-orig-size=\"1204,905\" data-comments-opened=\"1\" data-image-meta=\"{&quot;aperture&quot;:&quot;0&quot;,&quot;credit&quot;:&quot;&quot;,&quot;camera&quot;:&quot;&quot;,&quot;caption&quot;:&quot;&quot;,&quot;created_timestamp&quot;:&quot;0&quot;,&quot;copyright&quot;:&quot;&quot;,&quot;focal_length&quot;:&quot;0&quot;,&quot;iso&quot;:&quot;0&quot;,&quot;shutter_speed&quot;:&quot;0&quot;,&quot;title&quot;:&quot;&quot;,&quot;orientation&quot;:&quot;0&quot;}\" data-image-title=\"image\" data-image-description=\"\" data-image-caption=\"\" data-large-file=\"https:\/\/i0.wp.com\/patrimoine-avesnois.fr\/chemin\/wp-content\/uploads\/2019\/07\/image-37.png?fit=840%2C632&amp;ssl=1\" src=\"https:\/\/i2.wp.com\/patrimoine-avesnois.fr\/chemin\/wp-content\/uploads\/2019\/07\/image-37.png?fit=840%2C632\" alt=\"\" class=\"wp-image-7120\" srcset=\"https:\/\/i0.wp.com\/patrimoine-avesnois.fr\/chemin\/wp-content\/uploads\/2019\/07\/image-37.png?w=1204&amp;ssl=1 1204w, https:\/\/i0.wp.com\/patrimoine-avesnois.fr\/chemin\/wp-content\/uploads\/2019\/07\/image-37.png?resize=300%2C225&amp;ssl=1 300w, https:\/\/i0.wp.com\/patrimoine-avesnois.fr\/chemin\/wp-content\/uploads\/2019\/07\/image-37.png?resize=768%2C577&amp;ssl=1 768w, https:\/\/i0.wp.com\/patrimoine-avesnois.fr\/chemin\/wp-content\/uploads\/2019\/07\/image-37.png?resize=1024%2C770&amp;ssl=1 1024w, https:\/\/i0.wp.com\/patrimoine-avesnois.fr\/chemin\/wp-content\/uploads\/2019\/07\/image-37.png?resize=1200%2C902&amp;ssl=1 1200w\" sizes=\"auto, (max-width: 709px) 85vw, (max-width: 909px) 67vw, (max-width: 1362px) 62vw, 840px\" \/><figcaption class=\"wp-element-caption\">Autre confessionnal<\/figcaption><\/figure>\n<\/div>\n\n<div class=\"wp-block-image\">\n<figure class=\"aligncenter\"><img loading=\"lazy\" decoding=\"async\" width=\"1197\" height=\"902\" data-attachment-id=\"7107\" data-permalink=\"https:\/\/patrimoine-avesnois.fr\/chemin\/solre-le-chateau\/image-1053\/\" data-orig-file=\"https:\/\/i0.wp.com\/patrimoine-avesnois.fr\/chemin\/wp-content\/uploads\/2019\/07\/image-27.png?fit=1197%2C902&amp;ssl=1\" data-orig-size=\"1197,902\" data-comments-opened=\"1\" data-image-meta=\"{&quot;aperture&quot;:&quot;0&quot;,&quot;credit&quot;:&quot;&quot;,&quot;camera&quot;:&quot;&quot;,&quot;caption&quot;:&quot;&quot;,&quot;created_timestamp&quot;:&quot;0&quot;,&quot;copyright&quot;:&quot;&quot;,&quot;focal_length&quot;:&quot;0&quot;,&quot;iso&quot;:&quot;0&quot;,&quot;shutter_speed&quot;:&quot;0&quot;,&quot;title&quot;:&quot;&quot;,&quot;orientation&quot;:&quot;0&quot;}\" data-image-title=\"image\" data-image-description=\"\" data-image-caption=\"\" data-large-file=\"https:\/\/i0.wp.com\/patrimoine-avesnois.fr\/chemin\/wp-content\/uploads\/2019\/07\/image-27.png?fit=840%2C633&amp;ssl=1\" src=\"https:\/\/i1.wp.com\/patrimoine-avesnois.fr\/chemin\/wp-content\/uploads\/2019\/07\/image-27.png?fit=840%2C633\" alt=\"\" class=\"wp-image-7107\" srcset=\"https:\/\/i0.wp.com\/patrimoine-avesnois.fr\/chemin\/wp-content\/uploads\/2019\/07\/image-27.png?w=1197&amp;ssl=1 1197w, https:\/\/i0.wp.com\/patrimoine-avesnois.fr\/chemin\/wp-content\/uploads\/2019\/07\/image-27.png?resize=300%2C226&amp;ssl=1 300w, https:\/\/i0.wp.com\/patrimoine-avesnois.fr\/chemin\/wp-content\/uploads\/2019\/07\/image-27.png?resize=768%2C579&amp;ssl=1 768w, https:\/\/i0.wp.com\/patrimoine-avesnois.fr\/chemin\/wp-content\/uploads\/2019\/07\/image-27.png?resize=1024%2C772&amp;ssl=1 1024w\" sizes=\"auto, (max-width: 709px) 85vw, (max-width: 909px) 67vw, (max-width: 1362px) 62vw, 840px\" \/><figcaption class=\"wp-element-caption\">Les orgues : buffet en ch\u00eane massif sculpt\u00e9&nbsp; surmont\u00e9 d&rsquo;une statue du Roi David<\/figcaption><\/figure>\n<\/div>\n\n<div class=\"wp-block-image\">\n<figure class=\"aligncenter\"><img loading=\"lazy\" decoding=\"async\" width=\"1203\" height=\"906\" data-attachment-id=\"7135\" data-permalink=\"https:\/\/patrimoine-avesnois.fr\/chemin\/solre-le-chateau\/image-1071\/\" data-orig-file=\"https:\/\/i0.wp.com\/patrimoine-avesnois.fr\/chemin\/wp-content\/uploads\/2019\/07\/image-45.png?fit=1203%2C906&amp;ssl=1\" data-orig-size=\"1203,906\" data-comments-opened=\"1\" data-image-meta=\"{&quot;aperture&quot;:&quot;0&quot;,&quot;credit&quot;:&quot;&quot;,&quot;camera&quot;:&quot;&quot;,&quot;caption&quot;:&quot;&quot;,&quot;created_timestamp&quot;:&quot;0&quot;,&quot;copyright&quot;:&quot;&quot;,&quot;focal_length&quot;:&quot;0&quot;,&quot;iso&quot;:&quot;0&quot;,&quot;shutter_speed&quot;:&quot;0&quot;,&quot;title&quot;:&quot;&quot;,&quot;orientation&quot;:&quot;0&quot;}\" data-image-title=\"image\" data-image-description=\"\" data-image-caption=\"\" data-large-file=\"https:\/\/i0.wp.com\/patrimoine-avesnois.fr\/chemin\/wp-content\/uploads\/2019\/07\/image-45.png?fit=840%2C632&amp;ssl=1\" src=\"https:\/\/i1.wp.com\/patrimoine-avesnois.fr\/chemin\/wp-content\/uploads\/2019\/07\/image-45.png?fit=840%2C632\" alt=\"\" class=\"wp-image-7135\" srcset=\"https:\/\/i0.wp.com\/patrimoine-avesnois.fr\/chemin\/wp-content\/uploads\/2019\/07\/image-45.png?w=1203&amp;ssl=1 1203w, https:\/\/i0.wp.com\/patrimoine-avesnois.fr\/chemin\/wp-content\/uploads\/2019\/07\/image-45.png?resize=300%2C226&amp;ssl=1 300w, https:\/\/i0.wp.com\/patrimoine-avesnois.fr\/chemin\/wp-content\/uploads\/2019\/07\/image-45.png?resize=768%2C578&amp;ssl=1 768w, https:\/\/i0.wp.com\/patrimoine-avesnois.fr\/chemin\/wp-content\/uploads\/2019\/07\/image-45.png?resize=1024%2C771&amp;ssl=1 1024w, https:\/\/i0.wp.com\/patrimoine-avesnois.fr\/chemin\/wp-content\/uploads\/2019\/07\/image-45.png?resize=1200%2C904&amp;ssl=1 1200w\" sizes=\"auto, (max-width: 709px) 85vw, (max-width: 909px) 67vw, (max-width: 1362px) 62vw, 840px\" \/><figcaption class=\"wp-element-caption\">Instrument construit en 1772 par un Facteur d&rsquo;Orgue non identifi\u00e9, pour l&rsquo;\u00e9glise-abbatiale de Liessies. Reconstruction de la partie instrumentale en 1865 par Constantin, Edouard et Th\u00e9ophile Delmotte. Buffet class\u00e9 au titre objet le 29\/01\/1910. Relevage de l&rsquo;instrument par Georges Delmotte en 1962. Orgue en totalit\u00e9 class\u00e9 au titre objet le 12\/07\/2022.<\/figcaption><\/figure>\n<\/div>\n\n<div class=\"wp-block-image\">\n<figure class=\"aligncenter\"><img loading=\"lazy\" decoding=\"async\" width=\"1203\" height=\"906\" data-attachment-id=\"7132\" data-permalink=\"https:\/\/patrimoine-avesnois.fr\/chemin\/solre-le-chateau\/image-1070\/\" data-orig-file=\"https:\/\/i0.wp.com\/patrimoine-avesnois.fr\/chemin\/wp-content\/uploads\/2019\/07\/image-44.png?fit=1203%2C906&amp;ssl=1\" data-orig-size=\"1203,906\" data-comments-opened=\"1\" data-image-meta=\"{&quot;aperture&quot;:&quot;0&quot;,&quot;credit&quot;:&quot;&quot;,&quot;camera&quot;:&quot;&quot;,&quot;caption&quot;:&quot;&quot;,&quot;created_timestamp&quot;:&quot;0&quot;,&quot;copyright&quot;:&quot;&quot;,&quot;focal_length&quot;:&quot;0&quot;,&quot;iso&quot;:&quot;0&quot;,&quot;shutter_speed&quot;:&quot;0&quot;,&quot;title&quot;:&quot;&quot;,&quot;orientation&quot;:&quot;0&quot;}\" data-image-title=\"image\" data-image-description=\"\" data-image-caption=\"\" data-large-file=\"https:\/\/i0.wp.com\/patrimoine-avesnois.fr\/chemin\/wp-content\/uploads\/2019\/07\/image-44.png?fit=840%2C632&amp;ssl=1\" src=\"https:\/\/i1.wp.com\/patrimoine-avesnois.fr\/chemin\/wp-content\/uploads\/2019\/07\/image-44.png?fit=840%2C632\" alt=\"\" class=\"wp-image-7132\" srcset=\"https:\/\/i0.wp.com\/patrimoine-avesnois.fr\/chemin\/wp-content\/uploads\/2019\/07\/image-44.png?w=1203&amp;ssl=1 1203w, https:\/\/i0.wp.com\/patrimoine-avesnois.fr\/chemin\/wp-content\/uploads\/2019\/07\/image-44.png?resize=300%2C226&amp;ssl=1 300w, https:\/\/i0.wp.com\/patrimoine-avesnois.fr\/chemin\/wp-content\/uploads\/2019\/07\/image-44.png?resize=768%2C578&amp;ssl=1 768w, https:\/\/i0.wp.com\/patrimoine-avesnois.fr\/chemin\/wp-content\/uploads\/2019\/07\/image-44.png?resize=1024%2C771&amp;ssl=1 1024w, https:\/\/i0.wp.com\/patrimoine-avesnois.fr\/chemin\/wp-content\/uploads\/2019\/07\/image-44.png?resize=1200%2C904&amp;ssl=1 1200w\" sizes=\"auto, (max-width: 709px) 85vw, (max-width: 909px) 67vw, (max-width: 1362px) 62vw, 840px\" \/><\/figure>\n<\/div>\n\n<div class=\"wp-block-image\">\n<figure class=\"aligncenter\"><img loading=\"lazy\" decoding=\"async\" width=\"1210\" height=\"903\" data-attachment-id=\"7128\" data-permalink=\"https:\/\/patrimoine-avesnois.fr\/chemin\/solre-le-chateau\/image-1069\/\" data-orig-file=\"https:\/\/i0.wp.com\/patrimoine-avesnois.fr\/chemin\/wp-content\/uploads\/2019\/07\/image-43.png?fit=1210%2C903&amp;ssl=1\" data-orig-size=\"1210,903\" data-comments-opened=\"1\" data-image-meta=\"{&quot;aperture&quot;:&quot;0&quot;,&quot;credit&quot;:&quot;&quot;,&quot;camera&quot;:&quot;&quot;,&quot;caption&quot;:&quot;&quot;,&quot;created_timestamp&quot;:&quot;0&quot;,&quot;copyright&quot;:&quot;&quot;,&quot;focal_length&quot;:&quot;0&quot;,&quot;iso&quot;:&quot;0&quot;,&quot;shutter_speed&quot;:&quot;0&quot;,&quot;title&quot;:&quot;&quot;,&quot;orientation&quot;:&quot;0&quot;}\" data-image-title=\"image\" data-image-description=\"\" data-image-caption=\"\" data-large-file=\"https:\/\/i0.wp.com\/patrimoine-avesnois.fr\/chemin\/wp-content\/uploads\/2019\/07\/image-43.png?fit=840%2C627&amp;ssl=1\" src=\"https:\/\/i1.wp.com\/patrimoine-avesnois.fr\/chemin\/wp-content\/uploads\/2019\/07\/image-43.png?fit=840%2C627\" alt=\"\" class=\"wp-image-7128\" srcset=\"https:\/\/i0.wp.com\/patrimoine-avesnois.fr\/chemin\/wp-content\/uploads\/2019\/07\/image-43.png?w=1210&amp;ssl=1 1210w, https:\/\/i0.wp.com\/patrimoine-avesnois.fr\/chemin\/wp-content\/uploads\/2019\/07\/image-43.png?resize=300%2C224&amp;ssl=1 300w, https:\/\/i0.wp.com\/patrimoine-avesnois.fr\/chemin\/wp-content\/uploads\/2019\/07\/image-43.png?resize=768%2C573&amp;ssl=1 768w, https:\/\/i0.wp.com\/patrimoine-avesnois.fr\/chemin\/wp-content\/uploads\/2019\/07\/image-43.png?resize=1024%2C764&amp;ssl=1 1024w, https:\/\/i0.wp.com\/patrimoine-avesnois.fr\/chemin\/wp-content\/uploads\/2019\/07\/image-43.png?resize=1200%2C896&amp;ssl=1 1200w\" sizes=\"auto, (max-width: 709px) 85vw, (max-width: 909px) 67vw, (max-width: 1362px) 62vw, 840px\" \/><figcaption class=\"wp-element-caption\">le chemin de Croix (\u0153uvre du peintre Lucien Jonas vers 19330)<\/figcaption><\/figure>\n<\/div>\n\n\n<div class=\"wp-block-jetpack-slideshow aligncenter\" data-effect=\"slide\"><div class=\"wp-block-jetpack-slideshow_container swiper-container\"><ul class=\"wp-block-jetpack-slideshow_swiper-wrapper swiper-wrapper\"><li class=\"wp-block-jetpack-slideshow_slide swiper-slide\"><figure><img data-recalc-dims=\"1\" loading=\"lazy\" decoding=\"async\" width=\"669\" height=\"907\" alt=\"\" class=\"wp-block-jetpack-slideshow_image wp-image-7138\" data-id=\"7138\" src=\"https:\/\/i0.wp.com\/patrimoine-avesnois.fr\/chemin\/wp-content\/uploads\/2019\/07\/Capture-6.jpg?resize=669%2C907\" srcset=\"https:\/\/i0.wp.com\/patrimoine-avesnois.fr\/chemin\/wp-content\/uploads\/2019\/07\/Capture-6.jpg?w=669&amp;ssl=1 669w, https:\/\/i0.wp.com\/patrimoine-avesnois.fr\/chemin\/wp-content\/uploads\/2019\/07\/Capture-6.jpg?resize=221%2C300&amp;ssl=1 221w\" sizes=\"(max-width: 669px) 85vw, 669px\" \/><\/figure><\/li><li class=\"wp-block-jetpack-slideshow_slide swiper-slide\"><figure><img data-recalc-dims=\"1\" loading=\"lazy\" decoding=\"async\" width=\"677\" height=\"908\" alt=\"\" class=\"wp-block-jetpack-slideshow_image wp-image-7139\" data-id=\"7139\" src=\"https:\/\/i0.wp.com\/patrimoine-avesnois.fr\/chemin\/wp-content\/uploads\/2019\/07\/Capture1-2.jpg?resize=677%2C908\" srcset=\"https:\/\/i0.wp.com\/patrimoine-avesnois.fr\/chemin\/wp-content\/uploads\/2019\/07\/Capture1-2.jpg?w=677&amp;ssl=1 677w, https:\/\/i0.wp.com\/patrimoine-avesnois.fr\/chemin\/wp-content\/uploads\/2019\/07\/Capture1-2.jpg?resize=224%2C300&amp;ssl=1 224w\" sizes=\"(max-width: 677px) 85vw, 677px\" \/><\/figure><\/li><li class=\"wp-block-jetpack-slideshow_slide swiper-slide\"><figure><img data-recalc-dims=\"1\" loading=\"lazy\" decoding=\"async\" width=\"670\" height=\"901\" alt=\"\" class=\"wp-block-jetpack-slideshow_image wp-image-7140\" data-id=\"7140\" src=\"https:\/\/i0.wp.com\/patrimoine-avesnois.fr\/chemin\/wp-content\/uploads\/2019\/07\/Capture2.jpg?resize=670%2C901\" srcset=\"https:\/\/i0.wp.com\/patrimoine-avesnois.fr\/chemin\/wp-content\/uploads\/2019\/07\/Capture2.jpg?w=670&amp;ssl=1 670w, https:\/\/i0.wp.com\/patrimoine-avesnois.fr\/chemin\/wp-content\/uploads\/2019\/07\/Capture2.jpg?resize=223%2C300&amp;ssl=1 223w\" sizes=\"(max-width: 670px) 85vw, 670px\" \/><\/figure><\/li><li class=\"wp-block-jetpack-slideshow_slide swiper-slide\"><figure><img data-recalc-dims=\"1\" loading=\"lazy\" decoding=\"async\" width=\"620\" height=\"801\" alt=\"\" class=\"wp-block-jetpack-slideshow_image wp-image-7141\" data-id=\"7141\" src=\"https:\/\/i0.wp.com\/patrimoine-avesnois.fr\/chemin\/wp-content\/uploads\/2019\/07\/Capture-7.jpg?resize=620%2C801\" srcset=\"https:\/\/i0.wp.com\/patrimoine-avesnois.fr\/chemin\/wp-content\/uploads\/2019\/07\/Capture-7.jpg?w=620&amp;ssl=1 620w, https:\/\/i0.wp.com\/patrimoine-avesnois.fr\/chemin\/wp-content\/uploads\/2019\/07\/Capture-7.jpg?resize=232%2C300&amp;ssl=1 232w\" sizes=\"(max-width: 620px) 85vw, 620px\" \/><\/figure><\/li><li class=\"wp-block-jetpack-slideshow_slide swiper-slide\"><figure><img data-recalc-dims=\"1\" loading=\"lazy\" decoding=\"async\" width=\"674\" height=\"907\" alt=\"\" class=\"wp-block-jetpack-slideshow_image wp-image-7143\" data-id=\"7143\" src=\"https:\/\/i0.wp.com\/patrimoine-avesnois.fr\/chemin\/wp-content\/uploads\/2019\/07\/Capture-9.jpg?resize=674%2C907\" srcset=\"https:\/\/i0.wp.com\/patrimoine-avesnois.fr\/chemin\/wp-content\/uploads\/2019\/07\/Capture-9.jpg?w=674&amp;ssl=1 674w, https:\/\/i0.wp.com\/patrimoine-avesnois.fr\/chemin\/wp-content\/uploads\/2019\/07\/Capture-9.jpg?resize=223%2C300&amp;ssl=1 223w\" sizes=\"(max-width: 674px) 85vw, 674px\" \/><\/figure><\/li><li class=\"wp-block-jetpack-slideshow_slide swiper-slide\"><figure><img data-recalc-dims=\"1\" loading=\"lazy\" decoding=\"async\" width=\"671\" height=\"906\" alt=\"\" class=\"wp-block-jetpack-slideshow_image wp-image-7144\" data-id=\"7144\" src=\"https:\/\/i0.wp.com\/patrimoine-avesnois.fr\/chemin\/wp-content\/uploads\/2019\/07\/Capture-10.jpg?resize=671%2C906\" srcset=\"https:\/\/i0.wp.com\/patrimoine-avesnois.fr\/chemin\/wp-content\/uploads\/2019\/07\/Capture-10.jpg?w=671&amp;ssl=1 671w, https:\/\/i0.wp.com\/patrimoine-avesnois.fr\/chemin\/wp-content\/uploads\/2019\/07\/Capture-10.jpg?resize=222%2C300&amp;ssl=1 222w\" sizes=\"(max-width: 671px) 85vw, 671px\" \/><\/figure><\/li><li class=\"wp-block-jetpack-slideshow_slide swiper-slide\"><figure><img data-recalc-dims=\"1\" loading=\"lazy\" decoding=\"async\" width=\"667\" height=\"907\" alt=\"\" class=\"wp-block-jetpack-slideshow_image wp-image-7145\" data-id=\"7145\" src=\"https:\/\/i0.wp.com\/patrimoine-avesnois.fr\/chemin\/wp-content\/uploads\/2019\/07\/Capture-11.jpg?resize=667%2C907\" srcset=\"https:\/\/i0.wp.com\/patrimoine-avesnois.fr\/chemin\/wp-content\/uploads\/2019\/07\/Capture-11.jpg?w=667&amp;ssl=1 667w, https:\/\/i0.wp.com\/patrimoine-avesnois.fr\/chemin\/wp-content\/uploads\/2019\/07\/Capture-11.jpg?resize=221%2C300&amp;ssl=1 221w\" sizes=\"(max-width: 667px) 85vw, 667px\" \/><\/figure><\/li><li class=\"wp-block-jetpack-slideshow_slide swiper-slide\"><figure><img data-recalc-dims=\"1\" loading=\"lazy\" decoding=\"async\" width=\"430\" height=\"611\" alt=\"\" class=\"wp-block-jetpack-slideshow_image wp-image-7164\" data-id=\"7164\" src=\"https:\/\/i0.wp.com\/patrimoine-avesnois.fr\/chemin\/wp-content\/uploads\/2019\/07\/Capture-15.jpg?resize=430%2C611\" srcset=\"https:\/\/i0.wp.com\/patrimoine-avesnois.fr\/chemin\/wp-content\/uploads\/2019\/07\/Capture-15.jpg?w=430&amp;ssl=1 430w, https:\/\/i0.wp.com\/patrimoine-avesnois.fr\/chemin\/wp-content\/uploads\/2019\/07\/Capture-15.jpg?resize=211%2C300&amp;ssl=1 211w\" sizes=\"(max-width: 430px) 85vw, 430px\" \/><\/figure><\/li><\/ul><a class=\"wp-block-jetpack-slideshow_button-prev swiper-button-prev swiper-button-white\" role=\"button\"><\/a><a class=\"wp-block-jetpack-slideshow_button-next swiper-button-next swiper-button-white\" role=\"button\"><\/a><a aria-label=\"Pause Slideshow\" class=\"wp-block-jetpack-slideshow_button-pause\" role=\"button\"><\/a><div class=\"wp-block-jetpack-slideshow_pagination swiper-pagination swiper-pagination-white\"><\/div><\/div><\/div>\n\n\n\n<figure class=\"wp-block-gallery has-nested-images columns-default is-cropped wp-block-gallery-5 is-layout-flex wp-block-gallery-is-layout-flex\">\n<figure class=\"wp-block-image size-large\"><img data-recalc-dims=\"1\" loading=\"lazy\" decoding=\"async\" width=\"672\" height=\"905\" data-attachment-id=\"7133\" data-permalink=\"https:\/\/patrimoine-avesnois.fr\/chemin\/solre-le-chateau\/capture-198\/\" data-orig-file=\"https:\/\/i0.wp.com\/patrimoine-avesnois.fr\/chemin\/wp-content\/uploads\/2019\/07\/Capture-5.jpg?fit=672%2C905&amp;ssl=1\" data-orig-size=\"672,905\" data-comments-opened=\"1\" data-image-meta=\"{&quot;aperture&quot;:&quot;0&quot;,&quot;credit&quot;:&quot;CARRE&quot;,&quot;camera&quot;:&quot;&quot;,&quot;caption&quot;:&quot;&quot;,&quot;created_timestamp&quot;:&quot;1563189356&quot;,&quot;copyright&quot;:&quot;&quot;,&quot;focal_length&quot;:&quot;0&quot;,&quot;iso&quot;:&quot;0&quot;,&quot;shutter_speed&quot;:&quot;0&quot;,&quot;title&quot;:&quot;&quot;,&quot;orientation&quot;:&quot;0&quot;}\" data-image-title=\"Capture\" data-image-description=\"\" data-image-caption=\"\" data-large-file=\"https:\/\/i0.wp.com\/patrimoine-avesnois.fr\/chemin\/wp-content\/uploads\/2019\/07\/Capture-5.jpg?fit=672%2C905&amp;ssl=1\" data-id=\"7133\" src=\"https:\/\/i0.wp.com\/patrimoine-avesnois.fr\/chemin\/wp-content\/uploads\/2019\/07\/Capture-5.jpg?resize=672%2C905&#038;ssl=1\" alt=\"\" class=\"wp-image-7133\" srcset=\"https:\/\/i0.wp.com\/patrimoine-avesnois.fr\/chemin\/wp-content\/uploads\/2019\/07\/Capture-5.jpg?w=672&amp;ssl=1 672w, https:\/\/i0.wp.com\/patrimoine-avesnois.fr\/chemin\/wp-content\/uploads\/2019\/07\/Capture-5.jpg?resize=223%2C300&amp;ssl=1 223w\" sizes=\"auto, (max-width: 672px) 85vw, 672px\" \/><\/figure>\n\n\n\n<figure class=\"wp-block-image size-large\"><img data-recalc-dims=\"1\" loading=\"lazy\" decoding=\"async\" width=\"840\" height=\"627\" data-attachment-id=\"7134\" data-permalink=\"https:\/\/patrimoine-avesnois.fr\/chemin\/solre-le-chateau\/capture1-79\/\" data-orig-file=\"https:\/\/i0.wp.com\/patrimoine-avesnois.fr\/chemin\/wp-content\/uploads\/2019\/07\/Capture1-1.jpg?fit=1206%2C900&amp;ssl=1\" data-orig-size=\"1206,900\" data-comments-opened=\"1\" data-image-meta=\"{&quot;aperture&quot;:&quot;0&quot;,&quot;credit&quot;:&quot;CARRE&quot;,&quot;camera&quot;:&quot;&quot;,&quot;caption&quot;:&quot;&quot;,&quot;created_timestamp&quot;:&quot;1563189378&quot;,&quot;copyright&quot;:&quot;&quot;,&quot;focal_length&quot;:&quot;0&quot;,&quot;iso&quot;:&quot;0&quot;,&quot;shutter_speed&quot;:&quot;0&quot;,&quot;title&quot;:&quot;&quot;,&quot;orientation&quot;:&quot;0&quot;}\" data-image-title=\"Capture1\" data-image-description=\"\" data-image-caption=\"\" data-large-file=\"https:\/\/i0.wp.com\/patrimoine-avesnois.fr\/chemin\/wp-content\/uploads\/2019\/07\/Capture1-1.jpg?fit=840%2C627&amp;ssl=1\" data-id=\"7134\" src=\"https:\/\/i0.wp.com\/patrimoine-avesnois.fr\/chemin\/wp-content\/uploads\/2019\/07\/Capture1-1-1024x764.jpg?resize=840%2C627&#038;ssl=1\" alt=\"\" class=\"wp-image-7134\" srcset=\"https:\/\/i0.wp.com\/patrimoine-avesnois.fr\/chemin\/wp-content\/uploads\/2019\/07\/Capture1-1.jpg?resize=1024%2C764&amp;ssl=1 1024w, https:\/\/i0.wp.com\/patrimoine-avesnois.fr\/chemin\/wp-content\/uploads\/2019\/07\/Capture1-1.jpg?resize=300%2C224&amp;ssl=1 300w, https:\/\/i0.wp.com\/patrimoine-avesnois.fr\/chemin\/wp-content\/uploads\/2019\/07\/Capture1-1.jpg?resize=768%2C573&amp;ssl=1 768w, https:\/\/i0.wp.com\/patrimoine-avesnois.fr\/chemin\/wp-content\/uploads\/2019\/07\/Capture1-1.jpg?resize=1200%2C896&amp;ssl=1 1200w, https:\/\/i0.wp.com\/patrimoine-avesnois.fr\/chemin\/wp-content\/uploads\/2019\/07\/Capture1-1.jpg?w=1206&amp;ssl=1 1206w\" sizes=\"auto, (max-width: 709px) 85vw, (max-width: 909px) 67vw, (max-width: 1362px) 62vw, 840px\" \/><\/figure>\n<\/figure>\n\n\n\n<p><strong>Les Vitraux :<\/strong><\/p>\n\n\n\n<p>Ceux de l&rsquo;abside sont du XX e si\u00e8cle (1937) <\/p>\n\n\n\n<p>Ceux du c\u00f4t\u00e9 sud du transept et du choeur sont du XVI si\u00e8cle. Ils sont class\u00e9s Monuments Historiques. <\/p>\n\n\n\n<p>Les trois vitraux de l&rsquo;abside (de Del Mark) repr\u00e9sentent diff\u00e9rents \u00e9pisodes de la Bible : <\/p>\n\n\n\n<p>A droite, la vision de Saint Jean, d\u00e9peint les \u00e9vocations de l&rsquo; apocalypse. Le ma\u00eetre verrier en a d\u00e9gag\u00e9 toute la puissance dans un style net et ferme, en tra\u00e7ant les grandes figures de l&rsquo;Aigle symbolique, de l&rsquo;agneau mystique, des quatre chevaux, de la femme impudique et de l&rsquo; explosion du monde.  <\/p>\n\n\n\n<p>Au centre, c&rsquo; est la vision de Daniel, avec le Pere etemel et Jesus ressuscite dont le suc-ces sur le mal a ete symbolise d&rsquo; une facon saisissante. <\/p>\n\n\n\n<p>A gauche, la vision d\u2019\u00c9z\u00e9chiel : les morts ressuscitent et retrouvent leur corps. Ils viennent s&rsquo;exalter dans le paradis. L&rsquo; ex\u00e9cution de ces trois vitraux a \u00e9t\u00e9 faite sous le contr\u00f4le de la direction des Monuments historiques. Elle avait prescrit leur r\u00e9alisation par un proc\u00e9d\u00e9 qui utilise les verres souffl\u00e9s sans addition d&rsquo;ombres en peinture. Cela donne une coloration plus puissante et plus vari\u00e9e. Ils ont \u00e9t\u00e9 financ\u00e9s par une souscription publique. <br> <br> Les vitraux class\u00e9s (Monument Historiques) depuis 1886. Le vitrail du c\u00f4t\u00e9 sud du transept repr\u00e9sente deux sc\u00e8nes de la passion. il est dat\u00e9 de 1532. <br> <strong>Ecce homo&nbsp;<\/strong>(en&nbsp;haut&nbsp;du&nbsp;vitrail) : La sc\u00e8ne se situe sur une estrade qui met en valeur la figure de J\u00e9sus, garrot\u00e9 et couronn\u00e9 d&rsquo;\u00e9pines. un bourreau le couteau entre les dents lui arrache son manteau. Pilate d\u00e9signe J\u00e9sus \u00e0 la foule \u00a0\u00bb voici l&rsquo;homme \u00ab\u00a0. L&rsquo;entourent des personnages richement v\u00eatus. Ils portent les attributs indiquant leurs fonctions. <\/p>\n\n\n\n<p><strong>Jugement de Pilate<\/strong> : la sc\u00e8ne du bas laisse \u00e0 l&rsquo;Ecce Homo toute sa pr\u00e9dominance. Sous un baldaquin, Pilate, assis, v\u00eatu du manteau doubl\u00e9 d&rsquo;hermine, se lave les mains. Le page est charmant. Le personnage qui se trouve \u00e0 droite, au 1 er plan, est remarquable. <\/p>\n\n\n\n<p>Le vitrail au c\u00f4t\u00e9 Sud du choeur repr\u00e9sente le jugement dernier. Le christ appara\u00eet, assis sur l&rsquo;arc en ciel, la plaie au c\u00f4t\u00e9 apparente. il est v\u00eatu d&rsquo;un manteau pourpre artistement drap\u00e9. A droite : Marie, sa m\u00e8re est accompagn\u00e9e de Saint-Pierre, de Saint-Paul et d&rsquo; anges sonnant de la trompette aux quatre coins du monde. A gauche, des diables se saisissent des r\u00e9prouv\u00e9s. Le personnage sur lequel le peintre semble avoir r\u00e9uni tour les secrets de son art, c&rsquo; est l&rsquo;archange Michel terrassant Lucifer. Ses ailes multicolores, son armure jaune d&rsquo; argent, son visage aux traits fins, effacent les autres sujets du tableau. Ces vitraux sont faits de verres souffl\u00e9s, color\u00e9s dans la masse, ils sont peints ensuite, puis cuits. La peinture permet de donner des ombres et de fa\u00e7onner visages &#8212; mains \u2014 objets etc.. Ces verres sont assembl\u00e9s \u00e0 l&rsquo;aide de baguettes de plomb pour former des panneaux. Ces derniers sont dispos\u00e9s dans l&rsquo; armature de pierre et de fer pr\u00e9vue pour eux dans la fen\u00eatre.<\/p>\n\n\n<div class=\"wp-block-image\">\n<figure class=\"aligncenter is-resized\"><img data-recalc-dims=\"1\" loading=\"lazy\" decoding=\"async\" width=\"675\" height=\"907\" data-attachment-id=\"7127\" data-permalink=\"https:\/\/patrimoine-avesnois.fr\/chemin\/solre-le-chateau\/image-1068\/\" data-orig-file=\"https:\/\/i0.wp.com\/patrimoine-avesnois.fr\/chemin\/wp-content\/uploads\/2019\/07\/image-42.png?fit=675%2C907&amp;ssl=1\" data-orig-size=\"675,907\" data-comments-opened=\"1\" data-image-meta=\"{&quot;aperture&quot;:&quot;0&quot;,&quot;credit&quot;:&quot;&quot;,&quot;camera&quot;:&quot;&quot;,&quot;caption&quot;:&quot;&quot;,&quot;created_timestamp&quot;:&quot;0&quot;,&quot;copyright&quot;:&quot;&quot;,&quot;focal_length&quot;:&quot;0&quot;,&quot;iso&quot;:&quot;0&quot;,&quot;shutter_speed&quot;:&quot;0&quot;,&quot;title&quot;:&quot;&quot;,&quot;orientation&quot;:&quot;0&quot;}\" data-image-title=\"image\" data-image-description=\"\" data-image-caption=\"\" data-large-file=\"https:\/\/i0.wp.com\/patrimoine-avesnois.fr\/chemin\/wp-content\/uploads\/2019\/07\/image-42.png?fit=675%2C907&amp;ssl=1\" src=\"https:\/\/i0.wp.com\/patrimoine-avesnois.fr\/chemin\/wp-content\/uploads\/2019\/07\/image-42.png?resize=675%2C907\" alt=\"\" class=\"wp-image-7127\" style=\"width:506px;height:680px\" srcset=\"https:\/\/i0.wp.com\/patrimoine-avesnois.fr\/chemin\/wp-content\/uploads\/2019\/07\/image-42.png?w=675&amp;ssl=1 675w, https:\/\/i0.wp.com\/patrimoine-avesnois.fr\/chemin\/wp-content\/uploads\/2019\/07\/image-42.png?resize=223%2C300&amp;ssl=1 223w\" sizes=\"auto, (max-width: 675px) 85vw, 675px\" \/><figcaption class=\"wp-element-caption\">Monument aux Morts<\/figcaption><\/figure>\n<\/div>\n\n\n<p class=\"has-text-align-center\">***<\/p>\n\n\n<div class=\"wp-block-image\">\n<figure class=\"aligncenter is-resized\"><img decoding=\"async\" src=\"https:\/\/upload.wikimedia.org\/wikipedia\/commons\/thumb\/8\/86\/Solre-le-Ch%C3%A2teau_%28Nord%2C_Fr%29_%C3%A9glise_et_mairie.jpg\/800px-Solre-le-Ch%C3%A2teau_%28Nord%2C_Fr%29_%C3%A9glise_et_mairie.jpg\" alt=\"\" style=\"width:509px;height:680px\"\/><figcaption class=\"wp-element-caption\">\u00c9glise et H\u00f4tel de Ville de Solre-le-Ch\u00e2teau <\/figcaption><\/figure>\n<\/div>\n\n\n<p>Il a \u00e9t\u00e9 construit en 1574 et ne comportait, \u00e0 l&rsquo;origine, qu&rsquo;un seul \u00e9tage. Il poss\u00e9dait aussi un escalier ext\u00e9rieur et un gracieux beffroi en saillie, \u00e0 six pans. <\/p>\n\n\n<div class=\"wp-block-image\">\n<figure class=\"aligncenter\"><img loading=\"lazy\" decoding=\"async\" width=\"1078\" height=\"808\" data-attachment-id=\"7168\" data-permalink=\"https:\/\/patrimoine-avesnois.fr\/chemin\/solre-le-chateau\/image-1074\/\" data-orig-file=\"https:\/\/i0.wp.com\/patrimoine-avesnois.fr\/chemin\/wp-content\/uploads\/2019\/07\/image-48.png?fit=1078%2C808&amp;ssl=1\" data-orig-size=\"1078,808\" data-comments-opened=\"1\" data-image-meta=\"{&quot;aperture&quot;:&quot;0&quot;,&quot;credit&quot;:&quot;&quot;,&quot;camera&quot;:&quot;&quot;,&quot;caption&quot;:&quot;&quot;,&quot;created_timestamp&quot;:&quot;0&quot;,&quot;copyright&quot;:&quot;&quot;,&quot;focal_length&quot;:&quot;0&quot;,&quot;iso&quot;:&quot;0&quot;,&quot;shutter_speed&quot;:&quot;0&quot;,&quot;title&quot;:&quot;&quot;,&quot;orientation&quot;:&quot;0&quot;}\" data-image-title=\"image\" data-image-description=\"\" data-image-caption=\"\" data-large-file=\"https:\/\/i0.wp.com\/patrimoine-avesnois.fr\/chemin\/wp-content\/uploads\/2019\/07\/image-48.png?fit=840%2C630&amp;ssl=1\" src=\"https:\/\/i2.wp.com\/patrimoine-avesnois.fr\/chemin\/wp-content\/uploads\/2019\/07\/image-48.png?fit=840%2C630\" alt=\"\" class=\"wp-image-7168\" srcset=\"https:\/\/i0.wp.com\/patrimoine-avesnois.fr\/chemin\/wp-content\/uploads\/2019\/07\/image-48.png?w=1078&amp;ssl=1 1078w, https:\/\/i0.wp.com\/patrimoine-avesnois.fr\/chemin\/wp-content\/uploads\/2019\/07\/image-48.png?resize=300%2C225&amp;ssl=1 300w, https:\/\/i0.wp.com\/patrimoine-avesnois.fr\/chemin\/wp-content\/uploads\/2019\/07\/image-48.png?resize=768%2C576&amp;ssl=1 768w, https:\/\/i0.wp.com\/patrimoine-avesnois.fr\/chemin\/wp-content\/uploads\/2019\/07\/image-48.png?resize=1024%2C768&amp;ssl=1 1024w\" sizes=\"auto, (max-width: 709px) 85vw, (max-width: 909px) 67vw, (max-width: 1362px) 62vw, 840px\" \/><figcaption class=\"wp-element-caption\">L&rsquo;Hotel de Ville<\/figcaption><\/figure>\n<\/div>\n\n<div class=\"wp-block-image\">\n<figure class=\"aligncenter\"><img loading=\"lazy\" decoding=\"async\" width=\"1074\" height=\"810\" data-attachment-id=\"7169\" data-permalink=\"https:\/\/patrimoine-avesnois.fr\/chemin\/solre-le-chateau\/image-1075\/\" data-orig-file=\"https:\/\/i0.wp.com\/patrimoine-avesnois.fr\/chemin\/wp-content\/uploads\/2019\/07\/image-49.png?fit=1074%2C810&amp;ssl=1\" data-orig-size=\"1074,810\" data-comments-opened=\"1\" data-image-meta=\"{&quot;aperture&quot;:&quot;0&quot;,&quot;credit&quot;:&quot;&quot;,&quot;camera&quot;:&quot;&quot;,&quot;caption&quot;:&quot;&quot;,&quot;created_timestamp&quot;:&quot;0&quot;,&quot;copyright&quot;:&quot;&quot;,&quot;focal_length&quot;:&quot;0&quot;,&quot;iso&quot;:&quot;0&quot;,&quot;shutter_speed&quot;:&quot;0&quot;,&quot;title&quot;:&quot;&quot;,&quot;orientation&quot;:&quot;0&quot;}\" data-image-title=\"image\" data-image-description=\"\" data-image-caption=\"\" data-large-file=\"https:\/\/i0.wp.com\/patrimoine-avesnois.fr\/chemin\/wp-content\/uploads\/2019\/07\/image-49.png?fit=840%2C633&amp;ssl=1\" src=\"https:\/\/i1.wp.com\/patrimoine-avesnois.fr\/chemin\/wp-content\/uploads\/2019\/07\/image-49.png?fit=840%2C633\" alt=\"\" class=\"wp-image-7169\" srcset=\"https:\/\/i0.wp.com\/patrimoine-avesnois.fr\/chemin\/wp-content\/uploads\/2019\/07\/image-49.png?w=1074&amp;ssl=1 1074w, https:\/\/i0.wp.com\/patrimoine-avesnois.fr\/chemin\/wp-content\/uploads\/2019\/07\/image-49.png?resize=300%2C226&amp;ssl=1 300w, https:\/\/i0.wp.com\/patrimoine-avesnois.fr\/chemin\/wp-content\/uploads\/2019\/07\/image-49.png?resize=768%2C579&amp;ssl=1 768w, https:\/\/i0.wp.com\/patrimoine-avesnois.fr\/chemin\/wp-content\/uploads\/2019\/07\/image-49.png?resize=1024%2C772&amp;ssl=1 1024w\" sizes=\"auto, (max-width: 709px) 85vw, (max-width: 909px) 67vw, (max-width: 1362px) 62vw, 840px\" \/><figcaption class=\"wp-element-caption\">Clocheton de l&rsquo;H\u00f4tel de Ville <\/figcaption><\/figure>\n<\/div>\n\n\n<p>En 1865, l&rsquo;\u00e9difice fut profond\u00e9ment remani\u00e9, gagnant un second \u00e9tage, mais perdant son escalier ext\u00e9rieur et son beffroi, qui lui donnaient un caract\u00e8re Renaissance. Les portes sont en plein cintre, de m\u00eame que les fen\u00eatres. Ce type d&rsquo;architecture est tr\u00e8s rare dans l&rsquo;art r\u00e9gional qui utilise le plus souvent la baie&nbsp;carr\u00e9e \u00e0 meneau&nbsp;cruciforme, l&rsquo;arc&nbsp;en anse de panier ou l&rsquo;arc en segments. Le b\u00e2timent comportait au rez-de-chauss\u00e9e un march\u00e9 couvert, maintenant occup\u00e9 par les bureaux de la mairie. On peut encore distinguer sur les clefs de vo\u00fbtes des anciennes portes, des inscriptions en lettres gothiques recommandant la probit\u00e9 aux marchands de la halle, dont voici la transcription litt\u00e9rale (hors abr\u00e9viations)&nbsp;:<\/p>\n\n\n\n<p><em>C\u00f4t\u00e9 \u00e9glise (baie vitr\u00e9e)&nbsp;<\/em><br><\/p>\n\n\n\n<p>Vous qui venes marchander en ce lieu,<br>Gardes-vous bien, pour plus ample proufit,<br>Par tromperie, offenser le bon Dieu<br>Duquel la gr\u00e2ce, \u00e0 tout bon c\u0153ur suffit.<\/p>\n\n\n\n<p><em>C\u00f4t\u00e9 Grand-place (passage)&nbsp;<\/em><br>1574<br>Quiconcque vient ic\u00ff pour marchander<br>Ne veuille point, pour le plus de gaignage,<br>Par fraude ou vol son \u00e2me hasarder,<br>Car perdre l&rsquo;\u00e2me es(t souver)ain dommage. <\/p>\n\n\n\n<p><em>C\u00f4t\u00e9 place Verte (passage)&nbsp;<\/em><br><\/p>\n\n\n\n<p>So\u00ffes l\u00e9aulx. Uses de conscience.<br>Gens qui traictes ic\u00ff la marchandise,<br>Ne gaignes riens avec divine offense,<br>Car mauldicte est richesse mal acquise.<\/p>\n\n\n<div class=\"wp-block-image\">\n<figure class=\"aligncenter is-resized\"><img data-recalc-dims=\"1\" loading=\"lazy\" decoding=\"async\" width=\"683\" height=\"924\" data-attachment-id=\"7176\" data-permalink=\"https:\/\/patrimoine-avesnois.fr\/chemin\/solre-le-chateau\/image-1078\/\" data-orig-file=\"https:\/\/i0.wp.com\/patrimoine-avesnois.fr\/chemin\/wp-content\/uploads\/2019\/07\/image-52.png?fit=683%2C924&amp;ssl=1\" data-orig-size=\"683,924\" data-comments-opened=\"1\" data-image-meta=\"{&quot;aperture&quot;:&quot;0&quot;,&quot;credit&quot;:&quot;&quot;,&quot;camera&quot;:&quot;&quot;,&quot;caption&quot;:&quot;&quot;,&quot;created_timestamp&quot;:&quot;0&quot;,&quot;copyright&quot;:&quot;&quot;,&quot;focal_length&quot;:&quot;0&quot;,&quot;iso&quot;:&quot;0&quot;,&quot;shutter_speed&quot;:&quot;0&quot;,&quot;title&quot;:&quot;&quot;,&quot;orientation&quot;:&quot;0&quot;}\" data-image-title=\"image\" data-image-description=\"\" data-image-caption=\"\" data-large-file=\"https:\/\/i0.wp.com\/patrimoine-avesnois.fr\/chemin\/wp-content\/uploads\/2019\/07\/image-52.png?fit=683%2C924&amp;ssl=1\" src=\"https:\/\/i0.wp.com\/patrimoine-avesnois.fr\/chemin\/wp-content\/uploads\/2019\/07\/image-52.png?resize=683%2C924\" alt=\"\" class=\"wp-image-7176\" style=\"width:471px;height:638px\" srcset=\"https:\/\/i0.wp.com\/patrimoine-avesnois.fr\/chemin\/wp-content\/uploads\/2019\/07\/image-52.png?w=683&amp;ssl=1 683w, https:\/\/i0.wp.com\/patrimoine-avesnois.fr\/chemin\/wp-content\/uploads\/2019\/07\/image-52.png?resize=222%2C300&amp;ssl=1 222w\" sizes=\"auto, (max-width: 683px) 85vw, 683px\" \/><figcaption class=\"wp-element-caption\">Le Monument aux Morts de Solre-le-Ch\u00e2teau<\/figcaption><\/figure>\n<\/div>\n\n<div class=\"wp-block-image\">\n<figure class=\"aligncenter is-resized\"><img data-recalc-dims=\"1\" loading=\"lazy\" decoding=\"async\" width=\"563\" height=\"755\" data-attachment-id=\"7171\" data-permalink=\"https:\/\/patrimoine-avesnois.fr\/chemin\/solre-le-chateau\/image-1076\/\" data-orig-file=\"https:\/\/i0.wp.com\/patrimoine-avesnois.fr\/chemin\/wp-content\/uploads\/2019\/07\/image-50.png?fit=563%2C755&amp;ssl=1\" data-orig-size=\"563,755\" data-comments-opened=\"1\" data-image-meta=\"{&quot;aperture&quot;:&quot;0&quot;,&quot;credit&quot;:&quot;&quot;,&quot;camera&quot;:&quot;&quot;,&quot;caption&quot;:&quot;&quot;,&quot;created_timestamp&quot;:&quot;0&quot;,&quot;copyright&quot;:&quot;&quot;,&quot;focal_length&quot;:&quot;0&quot;,&quot;iso&quot;:&quot;0&quot;,&quot;shutter_speed&quot;:&quot;0&quot;,&quot;title&quot;:&quot;&quot;,&quot;orientation&quot;:&quot;0&quot;}\" data-image-title=\"image\" data-image-description=\"\" data-image-caption=\"\" data-large-file=\"https:\/\/i0.wp.com\/patrimoine-avesnois.fr\/chemin\/wp-content\/uploads\/2019\/07\/image-50.png?fit=563%2C755&amp;ssl=1\" src=\"https:\/\/i0.wp.com\/patrimoine-avesnois.fr\/chemin\/wp-content\/uploads\/2019\/07\/image-50.png?resize=563%2C755\" alt=\"\" class=\"wp-image-7171\" style=\"width:471px;height:631px\" srcset=\"https:\/\/i0.wp.com\/patrimoine-avesnois.fr\/chemin\/wp-content\/uploads\/2019\/07\/image-50.png?w=563&amp;ssl=1 563w, https:\/\/i0.wp.com\/patrimoine-avesnois.fr\/chemin\/wp-content\/uploads\/2019\/07\/image-50.png?resize=224%2C300&amp;ssl=1 224w\" sizes=\"auto, (max-width: 563px) 85vw, 563px\" \/><figcaption class=\"wp-element-caption\">Le Monument aux Morts <a href=\"https:\/\/monumentsmorts.univ-lille.fr\/monument\/696\/solre-le-chateau-place\/\" target=\"_blank\" rel=\"noreferrer noopener\" aria-label=\"Universit\u00e9 Lille 3 (opens in a new tab)\">Universit\u00e9 Lille 3<\/a><\/figcaption><\/figure>\n<\/div>\n\n\n<p>Sur un pi\u00e9destal en pierre bleue, un poilu est pr\u00eat \u00e0 lancer une grenade. A ses pieds, se trouve un casque \u00e0 pointe.<br>C\u2019est le mod\u00e8le du Grenadier sculpt\u00e9 par Emile Tournayre et fondu par le Val d\u2019Osne.<\/p>\n\n\n<div class=\"wp-block-image\">\n<figure class=\"aligncenter\"><img loading=\"lazy\" decoding=\"async\" width=\"1217\" height=\"917\" data-attachment-id=\"7180\" data-permalink=\"https:\/\/patrimoine-avesnois.fr\/chemin\/solre-le-chateau\/image-1080\/\" data-orig-file=\"https:\/\/i0.wp.com\/patrimoine-avesnois.fr\/chemin\/wp-content\/uploads\/2019\/07\/image-54.png?fit=1217%2C917&amp;ssl=1\" data-orig-size=\"1217,917\" data-comments-opened=\"1\" data-image-meta=\"{&quot;aperture&quot;:&quot;0&quot;,&quot;credit&quot;:&quot;&quot;,&quot;camera&quot;:&quot;&quot;,&quot;caption&quot;:&quot;&quot;,&quot;created_timestamp&quot;:&quot;0&quot;,&quot;copyright&quot;:&quot;&quot;,&quot;focal_length&quot;:&quot;0&quot;,&quot;iso&quot;:&quot;0&quot;,&quot;shutter_speed&quot;:&quot;0&quot;,&quot;title&quot;:&quot;&quot;,&quot;orientation&quot;:&quot;0&quot;}\" data-image-title=\"image\" data-image-description=\"\" data-image-caption=\"\" data-large-file=\"https:\/\/i0.wp.com\/patrimoine-avesnois.fr\/chemin\/wp-content\/uploads\/2019\/07\/image-54.png?fit=840%2C633&amp;ssl=1\" src=\"https:\/\/i1.wp.com\/patrimoine-avesnois.fr\/chemin\/wp-content\/uploads\/2019\/07\/image-54.png?fit=840%2C633\" alt=\"\" class=\"wp-image-7180\" srcset=\"https:\/\/i0.wp.com\/patrimoine-avesnois.fr\/chemin\/wp-content\/uploads\/2019\/07\/image-54.png?w=1217&amp;ssl=1 1217w, https:\/\/i0.wp.com\/patrimoine-avesnois.fr\/chemin\/wp-content\/uploads\/2019\/07\/image-54.png?resize=300%2C226&amp;ssl=1 300w, https:\/\/i0.wp.com\/patrimoine-avesnois.fr\/chemin\/wp-content\/uploads\/2019\/07\/image-54.png?resize=768%2C579&amp;ssl=1 768w, https:\/\/i0.wp.com\/patrimoine-avesnois.fr\/chemin\/wp-content\/uploads\/2019\/07\/image-54.png?resize=1024%2C772&amp;ssl=1 1024w, https:\/\/i0.wp.com\/patrimoine-avesnois.fr\/chemin\/wp-content\/uploads\/2019\/07\/image-54.png?resize=1200%2C904&amp;ssl=1 1200w\" sizes=\"auto, (max-width: 709px) 85vw, (max-width: 909px) 67vw, (max-width: 1362px) 62vw, 840px\" \/><figcaption class=\"wp-element-caption\">Le nouveau ch\u00e2teau<\/figcaption><\/figure>\n<\/div>\n\n<div class=\"wp-block-image\">\n<figure class=\"aligncenter\"><img loading=\"lazy\" decoding=\"async\" width=\"1212\" height=\"916\" data-attachment-id=\"7179\" data-permalink=\"https:\/\/patrimoine-avesnois.fr\/chemin\/solre-le-chateau\/image-1079\/\" data-orig-file=\"https:\/\/i0.wp.com\/patrimoine-avesnois.fr\/chemin\/wp-content\/uploads\/2019\/07\/image-53.png?fit=1212%2C916&amp;ssl=1\" data-orig-size=\"1212,916\" data-comments-opened=\"1\" data-image-meta=\"{&quot;aperture&quot;:&quot;0&quot;,&quot;credit&quot;:&quot;&quot;,&quot;camera&quot;:&quot;&quot;,&quot;caption&quot;:&quot;&quot;,&quot;created_timestamp&quot;:&quot;0&quot;,&quot;copyright&quot;:&quot;&quot;,&quot;focal_length&quot;:&quot;0&quot;,&quot;iso&quot;:&quot;0&quot;,&quot;shutter_speed&quot;:&quot;0&quot;,&quot;title&quot;:&quot;&quot;,&quot;orientation&quot;:&quot;0&quot;}\" data-image-title=\"image\" data-image-description=\"\" data-image-caption=\"\" data-large-file=\"https:\/\/i0.wp.com\/patrimoine-avesnois.fr\/chemin\/wp-content\/uploads\/2019\/07\/image-53.png?fit=840%2C635&amp;ssl=1\" src=\"https:\/\/i0.wp.com\/patrimoine-avesnois.fr\/chemin\/wp-content\/uploads\/2019\/07\/image-53.png?fit=840%2C635\" alt=\"\" class=\"wp-image-7179\" srcset=\"https:\/\/i0.wp.com\/patrimoine-avesnois.fr\/chemin\/wp-content\/uploads\/2019\/07\/image-53.png?w=1212&amp;ssl=1 1212w, https:\/\/i0.wp.com\/patrimoine-avesnois.fr\/chemin\/wp-content\/uploads\/2019\/07\/image-53.png?resize=300%2C227&amp;ssl=1 300w, https:\/\/i0.wp.com\/patrimoine-avesnois.fr\/chemin\/wp-content\/uploads\/2019\/07\/image-53.png?resize=768%2C580&amp;ssl=1 768w, https:\/\/i0.wp.com\/patrimoine-avesnois.fr\/chemin\/wp-content\/uploads\/2019\/07\/image-53.png?resize=1024%2C774&amp;ssl=1 1024w, https:\/\/i0.wp.com\/patrimoine-avesnois.fr\/chemin\/wp-content\/uploads\/2019\/07\/image-53.png?resize=1200%2C907&amp;ssl=1 1200w\" sizes=\"auto, (max-width: 709px) 85vw, (max-width: 909px) 67vw, (max-width: 1362px) 62vw, 840px\" \/><figcaption class=\"wp-element-caption\">Plaque comm\u00e9morative aux fusill\u00e9s du 29 ao\u00fbt 1944<\/figcaption><\/figure>\n<\/div>\n\n<div class=\"wp-block-image\">\n<figure class=\"aligncenter\"><img data-recalc-dims=\"1\" decoding=\"async\" src=\"https:\/\/i0.wp.com\/lvdneng.rosselcdn.net\/sites\/default\/files\/dpistyles_v2\/ena_16_9_extra_big\/2017\/08\/27\/node_209542\/31744584\/public\/2017\/08\/27\/B9712990224Z.1_20170827171443_000%2BGTK9LR13U.2-0.jpg?w=840&#038;ssl=1\" alt=\"Les neveux de la famille Rose, Doug et Colin Rose, un instant apr\u00c3\u00a8s avoir d\u00c3\u00a9voil\u00c3\u00a9 la st\u00c3\u00a8le inaugur\u00c3\u00a9e ce dimanche et \u00c3\u00a9rig\u00c3\u00a9e \u00c3\u00a0 Solre-le-Ch\u00c3\u00a2teau \u00c3\u00a0 proximit\u00c3\u00a9 du lieu o\u00c3\u00b9 l\u00e2\u0080\u0099avion du pilote, le lieutenant John Colin Mc Intoch Rose, s\u00e2\u0080\u0099est \u00c3\u00a9cras\u00c3\u00a9 avec son \u00c3\u00a9quipage.\"\/><figcaption class=\"wp-element-caption\"> Les neveux de la famille Rose, Doug et Colin Rose, un instant apr\u00e8s avoir d\u00e9voil\u00e9 la st\u00e8le inaugur\u00e9e le dimanche 27 aout 2017 et \u00e9rig\u00e9e \u00e0 Solre-le-Ch\u00e2teau \u00e0 proximit\u00e9 du lieu o\u00f9 l\u2019avion du pilote, le lieutenant John Colin Mc Intoch Rose, s\u2019est \u00e9cras\u00e9 avec son \u00e9quipage. Photo La Voix du Nord<\/figcaption><\/figure>\n<\/div>\n\n\n<p>Celui qui entre \u00e0 Solre-le-Ch\u00e2teau peut lire d\u00e9sormais les noms des sept aviateurs morts en h\u00e9ros le 21 d\u00e9cembre 1942. John Colin McIntosh Rose, Franck John Fisher, Gordon Thomas Hawkins, Peter Laird Donald, William Edward Ryan, Edward Jack Smith et Frederick Trimmer, tous furent membres de l\u2019\u00e9quipage de l\u2019Avro Lancaster W4787 de la RAF tomb\u00e9 du ciel, \u00e0 Solre-le-Ch\u00e2teau, le 21 d\u00e9cembre 1942 apr\u00e8s un combat a\u00e9rien.&nbsp; <\/p>\n\n\n\n<p>Cette st\u00e8le perp\u00e9tue d\u00e9sormais le souvenir et sacrifice de ces aviateurs pour la libert\u00e9. <\/p>\n\n\n<div class=\"wp-block-image\">\n<figure class=\"aligncenter\"><img decoding=\"async\" src=\"https:\/\/upload.wikimedia.org\/wikipedia\/commons\/thumb\/4\/4e\/Solre-le-Ch%C3%A2teau_%28Nord%2C_Fr%29_M%C3%A9morial_guerre_d%27Alg%C3%A9rie.jpg\/450px-Solre-le-Ch%C3%A2teau_%28Nord%2C_Fr%29_M%C3%A9morial_guerre_d%27Alg%C3%A9rie.jpg\" alt=\"Fichier: Solre-le-Ch\u00c3\u00a2teau (Nord, Fr) M\u00c3\u00a9morial guerre d'Alg\u00c3\u00a9rie.jpg\"\/><figcaption class=\"wp-element-caption\">M\u00e9morial guerre d&rsquo;Alg\u00e9rie <\/figcaption><\/figure>\n<\/div>\n\n<div class=\"wp-block-image\">\n<figure class=\"aligncenter\"><img data-recalc-dims=\"1\" decoding=\"async\" src=\"https:\/\/i0.wp.com\/oratoiresetchapelles-avesnois.fr\/wp-content\/uploads\/2017\/03\/Capturer3-Copie-Copie.png?w=840\" alt=\"Capturer3 - Copie - Copie\"\/><figcaption class=\"wp-element-caption\"><a href=\"http:\/\/oratoiresetchapelles-avesnois.fr\/solre-le-chateau\/\" target=\"_blank\" rel=\"noreferrer noopener\" aria-label=\"9 oratoires 5 chapelles et 1 grotte (opens in a new tab)\">9 oratoires 5 chapelles et 1 grotte<\/a><\/figcaption><\/figure>\n<\/div>\n\n<div class=\"wp-block-image\">\n<figure class=\"aligncenter\"><img loading=\"lazy\" decoding=\"async\" width=\"1208\" height=\"923\" data-attachment-id=\"7175\" data-permalink=\"https:\/\/patrimoine-avesnois.fr\/chemin\/solre-le-chateau\/image-1077\/\" data-orig-file=\"https:\/\/i0.wp.com\/patrimoine-avesnois.fr\/chemin\/wp-content\/uploads\/2019\/07\/image-51.png?fit=1208%2C923&amp;ssl=1\" data-orig-size=\"1208,923\" data-comments-opened=\"1\" data-image-meta=\"{&quot;aperture&quot;:&quot;0&quot;,&quot;credit&quot;:&quot;&quot;,&quot;camera&quot;:&quot;&quot;,&quot;caption&quot;:&quot;&quot;,&quot;created_timestamp&quot;:&quot;0&quot;,&quot;copyright&quot;:&quot;&quot;,&quot;focal_length&quot;:&quot;0&quot;,&quot;iso&quot;:&quot;0&quot;,&quot;shutter_speed&quot;:&quot;0&quot;,&quot;title&quot;:&quot;&quot;,&quot;orientation&quot;:&quot;0&quot;}\" data-image-title=\"image\" data-image-description=\"\" data-image-caption=\"\" data-large-file=\"https:\/\/i0.wp.com\/patrimoine-avesnois.fr\/chemin\/wp-content\/uploads\/2019\/07\/image-51.png?fit=840%2C641&amp;ssl=1\" src=\"https:\/\/i0.wp.com\/patrimoine-avesnois.fr\/chemin\/wp-content\/uploads\/2019\/07\/image-51.png?fit=840%2C641\" alt=\"\" class=\"wp-image-7175\" srcset=\"https:\/\/i0.wp.com\/patrimoine-avesnois.fr\/chemin\/wp-content\/uploads\/2019\/07\/image-51.png?w=1208&amp;ssl=1 1208w, https:\/\/i0.wp.com\/patrimoine-avesnois.fr\/chemin\/wp-content\/uploads\/2019\/07\/image-51.png?resize=300%2C229&amp;ssl=1 300w, https:\/\/i0.wp.com\/patrimoine-avesnois.fr\/chemin\/wp-content\/uploads\/2019\/07\/image-51.png?resize=768%2C587&amp;ssl=1 768w, https:\/\/i0.wp.com\/patrimoine-avesnois.fr\/chemin\/wp-content\/uploads\/2019\/07\/image-51.png?resize=1024%2C782&amp;ssl=1 1024w, https:\/\/i0.wp.com\/patrimoine-avesnois.fr\/chemin\/wp-content\/uploads\/2019\/07\/image-51.png?resize=1200%2C917&amp;ssl=1 1200w\" sizes=\"auto, (max-width: 709px) 85vw, (max-width: 909px) 67vw, (max-width: 1362px) 62vw, 840px\" \/><figcaption class=\"wp-element-caption\">le kiosque de Solre-le-Ch\u00e2teau<\/figcaption><\/figure>\n<\/div>\n\n\n<p>C&rsquo;est le seul kiosque, avec celui d\u2019Avesnelles, de forme hexagonale dans l\u2019arrondissement. Il vit le jour en 1895. La structure porteuse est en fonte. Soubassement en briques. La couverture pentue en zinc poss\u00e8de une partie d\u00e9bordante plate. Garde-corps tr\u00e8s ajour\u00e9 avec succession de croisillon. La liaison entre structure et couverture ne fait pas appara\u00eetre de linteaux. Les pieds-droits au dessin tr\u00e8s affin\u00e9 s\u2019assemblent avec les corbeaux sur chaque poteau. <\/p>\n\n\n<div class=\"wp-block-image\">\n<figure class=\"aligncenter\"><img decoding=\"async\" src=\"https:\/\/i0.wp.com\/kiosques-avesnois.fr\/wp-content\/uploads\/2017\/11\/Solre-le-Ch%C3%A2teau_Epine_01.jpg?resize=840%2C630\" alt=\"\"\/><figcaption class=\"wp-element-caption\"><em>Solre-le-Ch\u00e2teau l\u2019Epine 2008<\/em> <\/figcaption><\/figure>\n<\/div>\n\n\n<p>Second kiosque \u00e0 danser en fonte de forme rectangulaire r\u00e9par\u00e9 en 1899&nbsp;\u00e0 Solre-le Ch\u00e2teau L\u2019Epine<\/p>\n\n\n<div class=\"wp-block-image\">\n<figure class=\"aligncenter is-resized\"><img decoding=\"async\" src=\"https:\/\/upload.wikimedia.org\/wikipedia\/commons\/thumb\/6\/67\/Ancienne_pompe_%C3%A0_eau_%C3%A0_Solrelechateau.JPG\/800px-Ancienne_pompe_%C3%A0_eau_%C3%A0_Solrelechateau.JPG\" alt=\"Ancienne pompe \u00c3\u00a0 eau \u00c3\u00a0 Solrelechateau.JPG\" style=\"width:493px;height:658px\"\/><figcaption class=\"wp-element-caption\">Ancienne pompe \u00e0 eau<\/figcaption><\/figure>\n<\/div>\n\n<div class=\"wp-block-image\">\n<figure class=\"aligncenter is-resized\"><img data-recalc-dims=\"1\" loading=\"lazy\" decoding=\"async\" width=\"683\" height=\"919\" data-attachment-id=\"7181\" data-permalink=\"https:\/\/patrimoine-avesnois.fr\/chemin\/solre-le-chateau\/image-1081\/\" data-orig-file=\"https:\/\/i0.wp.com\/patrimoine-avesnois.fr\/chemin\/wp-content\/uploads\/2019\/07\/image-55.png?fit=683%2C919&amp;ssl=1\" data-orig-size=\"683,919\" data-comments-opened=\"1\" data-image-meta=\"{&quot;aperture&quot;:&quot;0&quot;,&quot;credit&quot;:&quot;&quot;,&quot;camera&quot;:&quot;&quot;,&quot;caption&quot;:&quot;&quot;,&quot;created_timestamp&quot;:&quot;0&quot;,&quot;copyright&quot;:&quot;&quot;,&quot;focal_length&quot;:&quot;0&quot;,&quot;iso&quot;:&quot;0&quot;,&quot;shutter_speed&quot;:&quot;0&quot;,&quot;title&quot;:&quot;&quot;,&quot;orientation&quot;:&quot;0&quot;}\" data-image-title=\"image\" data-image-description=\"\" data-image-caption=\"\" data-large-file=\"https:\/\/i0.wp.com\/patrimoine-avesnois.fr\/chemin\/wp-content\/uploads\/2019\/07\/image-55.png?fit=683%2C919&amp;ssl=1\" src=\"https:\/\/i0.wp.com\/patrimoine-avesnois.fr\/chemin\/wp-content\/uploads\/2019\/07\/image-55.png?resize=683%2C919\" alt=\"\" class=\"wp-image-7181\" style=\"width:512px;height:689px\" srcset=\"https:\/\/i0.wp.com\/patrimoine-avesnois.fr\/chemin\/wp-content\/uploads\/2019\/07\/image-55.png?w=683&amp;ssl=1 683w, https:\/\/i0.wp.com\/patrimoine-avesnois.fr\/chemin\/wp-content\/uploads\/2019\/07\/image-55.png?resize=223%2C300&amp;ssl=1 223w\" sizes=\"auto, (max-width: 683px) 85vw, 683px\" \/><figcaption class=\"wp-element-caption\">Pompe en pierre bleue<\/figcaption><\/figure>\n<\/div>\n\n\n<p>Cette pompe en pierre bleue a \u00e9t\u00e9 construite en 1854. Endommag\u00e9e par une voiture en 2018, elle a \u00e9t\u00e9 reconstruite par l\u2019entreprise H. Chevalier-Nord, sp\u00e9cialis\u00e9e \u00e0 l&rsquo;origine dans la restauration des monuments historiques en pierre de taille et qui depuis deux g\u00e9n\u00e9rations s\u2019est d\u00e9velopp\u00e9e dans le domaine de la&nbsp;ma\u00e7onnerie&nbsp;et du&nbsp;gros-\u0153uvre pour la&nbsp;r\u00e9novation du patrimoine b\u00e2ti&nbsp;et la&nbsp;r\u00e9habilitation lourde.<\/p>\n\n\n\n<p>LES ANCIENS MOULINS DE SOLRE-LE-CH\u00c2TEAU :<\/p>\n\n\n<div class=\"wp-block-image\">\n<figure class=\"aligncenter\"><img data-recalc-dims=\"1\" decoding=\"async\" data-attachment-id=\"300\" data-permalink=\"https:\/\/patrimoine-avesnois.fr\/chemin\/beaurieux\/image-3\/\" data-orig-file=\"https:\/\/i0.wp.com\/patrimoine-avesnois.fr\/chemin\/wp-content\/uploads\/2019\/03\/image-2.png?fit=1024%2C768&amp;ssl=1\" data-orig-size=\"1024,768\" data-comments-opened=\"1\" data-image-meta=\"{&quot;aperture&quot;:&quot;0&quot;,&quot;credit&quot;:&quot;&quot;,&quot;camera&quot;:&quot;&quot;,&quot;caption&quot;:&quot;&quot;,&quot;created_timestamp&quot;:&quot;0&quot;,&quot;copyright&quot;:&quot;&quot;,&quot;focal_length&quot;:&quot;0&quot;,&quot;iso&quot;:&quot;0&quot;,&quot;shutter_speed&quot;:&quot;0&quot;,&quot;title&quot;:&quot;&quot;,&quot;orientation&quot;:&quot;0&quot;}\" data-image-title=\"image\" data-image-description=\"\" data-image-caption=\"\" data-large-file=\"https:\/\/i0.wp.com\/patrimoine-avesnois.fr\/chemin\/wp-content\/uploads\/2019\/03\/image-2.png?fit=840%2C630&amp;ssl=1\" src=\"https:\/\/i0.wp.com\/www.moulins-avesnois.fr\/wp-content\/uploads\/2017\/12\/Solre-le-Ch%C3%A2teau.png?w=840\" alt=\"\" class=\"wp-image-300\"\/><figcaption class=\"wp-element-caption\">Solre le Ch\u00e2teau<\/figcaption><\/figure>\n<\/div>\n\n\n<p>La Solre prend sa source au lieu dit \u00ab&nbsp;l\u2019\u00c9pine&nbsp;\u00bb, sur le territoire de la petite ville de&nbsp;Solre-le -Ch\u00e2teau qu\u2019elle traverse en adoptant une direction nord-ouest.<\/p>\n\n\n\n<p>Elle est rejointe tr\u00e8s vite par le Riam\u00e9, petit ruisseau prenant naissance \u00e0 Clairfayts. Elle faisait alors tourner le moulin de la Foulerie appartenant \u00e0 la famille De Croy dont Emmanuel-Marie-Maximilien De Croy (1768 Paris 1842 Roeulx Belgique). De Croy \u00e9migra \u00e0 la R\u00e9volution. Le moulin qui n\u2019\u00e9tait plus en 1796 \u00e0 usage de foulerie fut vendu le 5 juin de la m\u00eame ann\u00e9e&nbsp; \u00e0 Antoine Joseph Eug\u00e8ne George, propri\u00e9taire \u00e0 Solre-le \u2013Ch\u00e2teau. Celui-ci le loua en janvier 1797 \u00e0 Alexandre Fontenelle puis en juin 1829 \u00e0 Jean Baptiste Herbecq \u00e9poux d\u2019Eug\u00e9nie Bocquet. Les h\u00e9ritiers George le poss\u00e9d\u00e8rent jusqu\u2019\u00e0 sa disparition vers 1901 o\u00f9 il fut remplac\u00e9 par une nouvelle habitation. Entre temps en 1854 ce moulin \u00e0 trois tournants avait re\u00e7u une machine \u00e0 vapeur et en 1873 avait chang\u00e9 de destination puisqu\u2019il servait \u00ab&nbsp;\u00e0 la mouture des \u00e9corces pour la tannerie exploit\u00e9e par M Plaisant&nbsp;\u00bb.<\/p>\n\n\n\n<p>Au nord du territoire de Solre-le-Ch\u00e2teau, le ruisseau de l\u2019Ecrevisse d\u00e9limite la fronti\u00e8re avec Eccles. Il prend naissance \u00e0 Beaurieux o\u00f9 il actionnait au lieu-dit \u00ab&nbsp;la Ferme du Moulin&nbsp;\u00bb le moulin du seigneur de cette commune, moulin \u00e0 deux tournants d\u00e9tenu par la famille De Robaulx. Celle-ci le loua successivement \u00e0 Th\u00e9ophile Blondeau, puis en 1829 \u00e0 Antoine Serlin et Joseph Garand, en 1840 \u00e0 Soumillon et en 1843 \u00e0 Pecquart. En 1879 les De Robaulx laiss\u00e8rent la place \u00e0 une autre famille les Declemy notaires \u00e0 Solre-le-Ch\u00e2teau. Le moulin a probablement fonctionn\u00e9 jusqu\u2019en 1940.<\/p>\n\n\n\n<p>Sur le ruisseau de l\u2019Ecrevisse, cette fois \u00e0 l\u2019extr\u00eame limite de Solre-le-Ch\u00e2teau, deux moulins dits de Borzie et de Groez ou Groswez y \u00e9taient install\u00e9s bien avant la R\u00e9volution. Ils \u00e9taient d\u00e9tenus \u00e9galement par le Prince De Croy. Ils furent vendus \u00e0 Antoine George mais contrairement \u00e0 celui de la Foulerie Antoine George les revendit en 1816 au prince De Croy. Ce dernier les accorda en location \u00e0 Maximilien Massot en 1823 puis \u00e0 Eug\u00e8ne Mairesse en 1827. En 1842 Anne Louise Constance De Croy, fille du Prince Emmanuel Marie Maximilien De Croy h\u00e9rita des deux moulins et de celui de Clairfayts. Ils rest\u00e8rent en possession des De Croy jusqu\u2019\u00e0 leur conversion en 1879 en b\u00e2timents ruraux. Le moulin de Groez fut dans ses derniers temps et notamment en 1869&nbsp; un moulin \u00e0 \u00e9corces.<\/p>\n\n\n\n<p>LES ANCIENNES BRASSERIES <\/p>\n\n\n\n<ul class=\"wp-block-list\">\n<li>Brasserie de Armand Grard jusqu&rsquo;en 1914<\/li>\n\n\n\n<li>Brasserie de Jules George jusqu&rsquo;en 1908<\/li>\n\n\n\n<li>Brasserie Rouez Cuisset de 1889 \u00e0 1914<\/li>\n\n\n\n<li>Brasserie saint Pierre (30 rue de Beaurieux) jusqu&rsquo;en 1950<\/li>\n<\/ul>\n\n\n\n<p>L&rsquo;ANCIENNE GARE <\/p>\n\n\n<div class=\"wp-block-image\">\n<figure class=\"aligncenter\"><img decoding=\"async\" src=\"https:\/\/upload.wikimedia.org\/wikipedia\/commons\/thumb\/6\/66\/Solre-le-Ch%C3%A2teau_%28Nord%2C_Fr%29_l%27ancienne_gare.JPG\/1280px-Solre-le-Ch%C3%A2teau_%28Nord%2C_Fr%29_l%27ancienne_gare.JPG\" alt=\"Solre-le-Ch\u00c3\u00a2teau (Nord, Fr) l'ancienne gare.JPG\"\/><\/figure>\n<\/div>\n\n\n<p>LES PIERRES MARTINES<\/p>\n\n\n<div class=\"wp-block-image\">\n<figure class=\"aligncenter\"><img loading=\"lazy\" decoding=\"async\" width=\"1209\" height=\"916\" data-attachment-id=\"7187\" data-permalink=\"https:\/\/patrimoine-avesnois.fr\/chemin\/solre-le-chateau\/image-1083\/\" data-orig-file=\"https:\/\/i0.wp.com\/patrimoine-avesnois.fr\/chemin\/wp-content\/uploads\/2019\/07\/image-57.png?fit=1209%2C916&amp;ssl=1\" data-orig-size=\"1209,916\" data-comments-opened=\"1\" data-image-meta=\"{&quot;aperture&quot;:&quot;0&quot;,&quot;credit&quot;:&quot;&quot;,&quot;camera&quot;:&quot;&quot;,&quot;caption&quot;:&quot;&quot;,&quot;created_timestamp&quot;:&quot;0&quot;,&quot;copyright&quot;:&quot;&quot;,&quot;focal_length&quot;:&quot;0&quot;,&quot;iso&quot;:&quot;0&quot;,&quot;shutter_speed&quot;:&quot;0&quot;,&quot;title&quot;:&quot;&quot;,&quot;orientation&quot;:&quot;0&quot;}\" data-image-title=\"image\" data-image-description=\"\" data-image-caption=\"\" data-large-file=\"https:\/\/i0.wp.com\/patrimoine-avesnois.fr\/chemin\/wp-content\/uploads\/2019\/07\/image-57.png?fit=840%2C637&amp;ssl=1\" src=\"https:\/\/i2.wp.com\/patrimoine-avesnois.fr\/chemin\/wp-content\/uploads\/2019\/07\/image-57.png?fit=840%2C637\" alt=\"\" class=\"wp-image-7187\" srcset=\"https:\/\/i0.wp.com\/patrimoine-avesnois.fr\/chemin\/wp-content\/uploads\/2019\/07\/image-57.png?w=1209&amp;ssl=1 1209w, https:\/\/i0.wp.com\/patrimoine-avesnois.fr\/chemin\/wp-content\/uploads\/2019\/07\/image-57.png?resize=300%2C227&amp;ssl=1 300w, https:\/\/i0.wp.com\/patrimoine-avesnois.fr\/chemin\/wp-content\/uploads\/2019\/07\/image-57.png?resize=768%2C582&amp;ssl=1 768w, https:\/\/i0.wp.com\/patrimoine-avesnois.fr\/chemin\/wp-content\/uploads\/2019\/07\/image-57.png?resize=1024%2C776&amp;ssl=1 1024w, https:\/\/i0.wp.com\/patrimoine-avesnois.fr\/chemin\/wp-content\/uploads\/2019\/07\/image-57.png?resize=1200%2C909&amp;ssl=1 1200w\" sizes=\"auto, (max-width: 709px) 85vw, (max-width: 909px) 67vw, (max-width: 1362px) 62vw, 840px\" \/><figcaption class=\"wp-element-caption\">Les menhirs de Solre-le-Ch\u00e2teau<\/figcaption><\/figure>\n<\/div>\n\n<div class=\"wp-block-image\">\n<figure class=\"aligncenter\"><img decoding=\"async\" src=\"https:\/\/upload.wikimedia.org\/wikipedia\/commons\/thumb\/8\/80\/Pierres_martine_solre_le_chateau_2.JPG\/1280px-Pierres_martine_solre_le_chateau_2.JPG\" alt=\"\"\/><figcaption class=\"wp-element-caption\">Les pierres Martines Photo <a href=\"http:\/\/Par Chatsam \u2014 Travail personnel, CC BY-SA 3.0, https:\/\/commons.wikimedia.org\/w\/index.php?curid=39751313\" target=\"_blank\" rel=\"noreferrer noopener\" aria-label=\"Wikip\u00e9dia  (opens in a new tab)\">Wikip\u00e9dia <\/a><\/figcaption><\/figure>\n<\/div>\n\n\n<p>Retrouvez l&rsquo;histoire de ces pierres sur le site <a rel=\"noreferrer noopener\" aria-label=\"Pers\u00e9e.fr (opens in a new tab)\" href=\"https:\/\/www.persee.fr\/doc\/bspf_0249-7638_1924_num_21_5_7300\" target=\"_blank\">Pers\u00e9e.fr<\/a><\/p>\n\n\n\n<p>La l\u00e9gende : on conte que saint Martin, alors qu&rsquo;il \u00e9tait soldat des l\u00e9gions de l&rsquo;Empereur romain Constance, s&rsquo;y arr\u00eata pour se reposer. il se serait appuy\u00e9 sur l&rsquo;une de ces pierres, qui aurait conserv\u00e9 la marque de son dos. La l\u00e9gende s&rsquo;explique : saint martin fut un grand destructeur de temples pa\u00efens. L\u00e0 o\u00f9 il n&rsquo;y avait que des pierres pour t\u00e9moigner encore du culte des druides, il en fit des autels du christianisme.<\/p>\n\n\n\n<p>Les pierres Martines sont g\u00e9ologiquement des gr\u00e8s land\u00e9niens. Historiquement ce sont des menhirs;ces monuments druidiques ont conserv\u00e9 leur destination jusqu&rsquo;\u00e0 l&rsquo;\u00e9poque franque, o\u00f9 ils servaient encore de lieu de rassemblement pour les assembl\u00e9es du Mallum. Elles se trouvent dans un alignement parfait avec le villafe de Floursies, la pierre de dessus-Bise de sars-Poteries et la pierre qui Tourne de Sivry, marquant le trac\u00e9 d&rsquo;une vieille route gauloise qui de Bavay se dirigeait vers Givet.<\/p>\n\n\n<div class=\"wp-block-image\">\n<figure class=\"aligncenter is-resized\"><img decoding=\"async\" src=\"https:\/\/upload.wikimedia.org\/wikipedia\/commons\/thumb\/d\/d1\/Le_clocher_de_Solrelechateau.JPG\/1280px-Le_clocher_de_Solrelechateau.JPG\" alt=\"Le clocher de Solrelechateau.JPG\" style=\"width:840px;height:630px\"\/><figcaption class=\"wp-element-caption\">Le clocher pench\u00e9 de l&rsquo;\u00e9glise de Solre Le ch\u00e2teau. Photo 2007 Budotradan<\/figcaption><\/figure>\n<\/div>\n\n<div class=\"wp-block-image\">\n<figure class=\"aligncenter is-resized\"><img data-recalc-dims=\"1\" loading=\"lazy\" decoding=\"async\" width=\"840\" height=\"630\" data-attachment-id=\"7198\" data-permalink=\"https:\/\/patrimoine-avesnois.fr\/chemin\/solre-le-chateau\/capture-209\/\" data-orig-file=\"https:\/\/i0.wp.com\/patrimoine-avesnois.fr\/chemin\/wp-content\/uploads\/2019\/07\/Capture-16.jpg?fit=878%2C658&amp;ssl=1\" data-orig-size=\"878,658\" data-comments-opened=\"1\" data-image-meta=\"{&quot;aperture&quot;:&quot;0&quot;,&quot;credit&quot;:&quot;CARRE&quot;,&quot;camera&quot;:&quot;&quot;,&quot;caption&quot;:&quot;&quot;,&quot;created_timestamp&quot;:&quot;1563213537&quot;,&quot;copyright&quot;:&quot;&quot;,&quot;focal_length&quot;:&quot;0&quot;,&quot;iso&quot;:&quot;0&quot;,&quot;shutter_speed&quot;:&quot;0&quot;,&quot;title&quot;:&quot;&quot;,&quot;orientation&quot;:&quot;1&quot;}\" data-image-title=\"Capture\" data-image-description=\"\" data-image-caption=\"\" data-large-file=\"https:\/\/i0.wp.com\/patrimoine-avesnois.fr\/chemin\/wp-content\/uploads\/2019\/07\/Capture-16.jpg?fit=840%2C630&amp;ssl=1\" src=\"https:\/\/i0.wp.com\/patrimoine-avesnois.fr\/chemin\/wp-content\/uploads\/2019\/07\/Capture-16.jpg?resize=840%2C630\" alt=\"\" class=\"wp-image-7198\" style=\"width:840px;height:630px\" srcset=\"https:\/\/i0.wp.com\/patrimoine-avesnois.fr\/chemin\/wp-content\/uploads\/2019\/07\/Capture-16.jpg?w=878&amp;ssl=1 878w, https:\/\/i0.wp.com\/patrimoine-avesnois.fr\/chemin\/wp-content\/uploads\/2019\/07\/Capture-16.jpg?resize=300%2C225&amp;ssl=1 300w, https:\/\/i0.wp.com\/patrimoine-avesnois.fr\/chemin\/wp-content\/uploads\/2019\/07\/Capture-16.jpg?resize=768%2C576&amp;ssl=1 768w\" sizes=\"auto, (max-width: 709px) 85vw, (max-width: 909px) 67vw, (max-width: 1362px) 62vw, 840px\" \/><figcaption class=\"wp-element-caption\"><em>Solre Le Ch\u00e2teau et la campagne environnante<\/em>. Photo 2007 Budotradan<\/figcaption><\/figure>\n<\/div>\n\n\n<p><\/p>\n","protected":false},"excerpt":{"rendered":"<p>Solre-le-Ch\u00e2teau doit son nom, d&rsquo;une part au ruisseau de la Solre qui la traverse, de l&rsquo;autre \u00e0 un ch\u00e2teau fort, aujourd&rsquo;hui disparu, qui \u00e9tait b\u00e2ti sur l&#8217;emplacement actuel de la Grand-place (c\u00f4t\u00e9 sud). La seigneurie appartint d&rsquo;abord aux familles de Barben\u00e7on et de Berlaimont, puis aux Lannoy-Molembaix jusqu&rsquo;en 1587. Ensuite elle \u00e9tait aux mains de &hellip; <a href=\"https:\/\/patrimoine-avesnois.fr\/chemin\/solre-le-chateau\/\" class=\"more-link\">Continuer la lecture<span class=\"screen-reader-text\"> de &laquo;&nbsp;Solre-le-Ch\u00e2teau&nbsp;&raquo;<\/span><\/a><\/p>\n","protected":false},"author":2,"featured_media":0,"parent":0,"menu_order":0,"comment_status":"closed","ping_status":"closed","template":"","meta":{"jetpack_post_was_ever_published":false,"footnotes":""},"class_list":["post-7091","page","type-page","status-publish","hentry"],"jetpack_sharing_enabled":true,"jetpack_shortlink":"https:\/\/wp.me\/PaOEkN-1Qn","jetpack-related-posts":[],"_links":{"self":[{"href":"https:\/\/patrimoine-avesnois.fr\/chemin\/wp-json\/wp\/v2\/pages\/7091","targetHints":{"allow":["GET"]}}],"collection":[{"href":"https:\/\/patrimoine-avesnois.fr\/chemin\/wp-json\/wp\/v2\/pages"}],"about":[{"href":"https:\/\/patrimoine-avesnois.fr\/chemin\/wp-json\/wp\/v2\/types\/page"}],"author":[{"embeddable":true,"href":"https:\/\/patrimoine-avesnois.fr\/chemin\/wp-json\/wp\/v2\/users\/2"}],"replies":[{"embeddable":true,"href":"https:\/\/patrimoine-avesnois.fr\/chemin\/wp-json\/wp\/v2\/comments?post=7091"}],"version-history":[{"count":0,"href":"https:\/\/patrimoine-avesnois.fr\/chemin\/wp-json\/wp\/v2\/pages\/7091\/revisions"}],"wp:attachment":[{"href":"https:\/\/patrimoine-avesnois.fr\/chemin\/wp-json\/wp\/v2\/media?parent=7091"}],"curies":[{"name":"wp","href":"https:\/\/api.w.org\/{rel}","templated":true}]}}