{"id":9261,"date":"2020-03-04T15:32:57","date_gmt":"2020-03-04T14:32:57","guid":{"rendered":"http:\/\/patrimoine-avesnois.fr\/chemin\/?page_id=9261"},"modified":"2024-11-29T17:05:58","modified_gmt":"2024-11-29T16:05:58","slug":"les-chateaux-de-lavesnois-et-leurs-proprietaires","status":"publish","type":"page","link":"https:\/\/patrimoine-avesnois.fr\/chemin\/les-chateaux-de-lavesnois-et-leurs-proprietaires\/","title":{"rendered":"Les ch\u00e2teaux de l&rsquo;Avesnois et leurs propri\u00e9taires"},"content":{"rendered":"\n<p>Cet article a pour vocation de reprendre sous une m\u00eame page les \u00e9v\u00e9nements historiques et les caract\u00e9ristiques architecturales des nombreux ch\u00e2teaux qui jalonnent l\u2019Avesnois. M\u00eame si certaines descriptions ont d\u00e9j\u00e0 \u00e9t\u00e9 relat\u00e9es sur ce site aux pages des villages concern\u00e9s, le lecteur pourra n\u00e9anmoins ici avoir une vue d\u2019ensemble et une synth\u00e8se globale de ces demeures seigneuriales et de ces manoirs. Il pourra \u00e9galement connaitre les diff\u00e9rents propri\u00e9taires qui au cours des si\u00e8cles ont s\u00e9journ\u00e9 dans ces propri\u00e9t\u00e9s, certaines occup\u00e9es depuis des d\u00e9cennies par la m\u00eame famille, d&rsquo;autres par des acqu\u00e9reurs r\u00e9cents, mais quoiqu&rsquo;il en soit tous amoureux de leur ch\u00e2teau et partageant la m\u00eame passion : la pr\u00e9servation et la restauration de ces remarquables \u00e9difices qui ont pour ambition de traverser les si\u00e8cles. Vous pourrez aussi lire le t\u00e9moignage de certains d\u2019entre eux. J&rsquo;esp\u00e8re que les passionn\u00e9s de recherches o\u00f9 Histoire et G\u00e9n\u00e9alogie se croisent en permanence, trouveront un certain plaisir \u00e0 travers cet expos\u00e9.    <\/p>\n\n\n\n<p>Cet inventaire se pr\u00e9sentera donc sous la forme d\u2019un catalogue photographique avec des commentaires appropri\u00e9s de ces sites. Il aura ainsi le m\u00e9rite de se rendre compte que notre r\u00e9gion a la chance de poss\u00e9der plus de cinquante ch\u00e2teaux.<\/p>\n\n\n\n<p>Ces ch\u00e2teaux de l\u2019Avesnois ont la particularit\u00e9 d\u2019\u00eatre tr\u00e8s diff\u00e9rents les uns des autres, tant par leur emplacement, leur date de construction, leur forme, leurs mat\u00e9riaux, leur destination (usage priv\u00e9, usage professionnel, domaine priv\u00e9, domaine public etc). <\/p>\n\n\n\n<p>Cette diversification tant typologique que chronologique en\nfait tout leur charme.<\/p>\n\n\n\n<p>Ils sont d\u2019extraordinaires t\u00e9moins de notre pass\u00e9 et se\ndoivent d\u2019\u00eatre pr\u00e9serv\u00e9s. <\/p>\n\n\n\n<p>La visite possible de certains d\u2019entre eux permettra au\ntouriste de se laisser guider dans la m\u00e9moire de leurs lieux.<\/p>\n\n\n\n<p class=\"has-text-align-center has-bright-red-color has-light-blue-background-color has-text-color has-background has-medium-font-size\">Le ch\u00e2teau d\u2019Audignies<\/p>\n\n\n<div class=\"wp-block-image\">\n<figure class=\"aligncenter is-resized\"><img data-recalc-dims=\"1\" loading=\"lazy\" decoding=\"async\" width=\"766\" height=\"512\" data-attachment-id=\"9263\" data-permalink=\"https:\/\/patrimoine-avesnois.fr\/chemin\/les-chateaux-de-lavesnois-et-leurs-proprietaires\/audignies-2\/\" data-orig-file=\"https:\/\/i0.wp.com\/patrimoine-avesnois.fr\/chemin\/wp-content\/uploads\/2020\/02\/Audignies.jpg?fit=766%2C512&amp;ssl=1\" data-orig-size=\"766,512\" data-comments-opened=\"1\" data-image-meta=\"{&quot;aperture&quot;:&quot;0&quot;,&quot;credit&quot;:&quot;&quot;,&quot;camera&quot;:&quot;&quot;,&quot;caption&quot;:&quot;&quot;,&quot;created_timestamp&quot;:&quot;0&quot;,&quot;copyright&quot;:&quot;&quot;,&quot;focal_length&quot;:&quot;0&quot;,&quot;iso&quot;:&quot;0&quot;,&quot;shutter_speed&quot;:&quot;0&quot;,&quot;title&quot;:&quot;&quot;,&quot;orientation&quot;:&quot;0&quot;}\" data-image-title=\"Audignies\" data-image-description=\"\" data-image-caption=\"\" data-large-file=\"https:\/\/i0.wp.com\/patrimoine-avesnois.fr\/chemin\/wp-content\/uploads\/2020\/02\/Audignies.jpg?fit=766%2C512&amp;ssl=1\" src=\"https:\/\/i0.wp.com\/patrimoine-avesnois.fr\/chemin\/wp-content\/uploads\/2020\/02\/Audignies.jpg?resize=766%2C512\" alt=\"\" class=\"wp-image-9263\" style=\"width:630px;height:421px\" srcset=\"https:\/\/i0.wp.com\/patrimoine-avesnois.fr\/chemin\/wp-content\/uploads\/2020\/02\/Audignies.jpg?w=766&amp;ssl=1 766w, https:\/\/i0.wp.com\/patrimoine-avesnois.fr\/chemin\/wp-content\/uploads\/2020\/02\/Audignies.jpg?resize=300%2C201&amp;ssl=1 300w\" sizes=\"auto, (max-width: 766px) 85vw, 766px\" \/><figcaption class=\"wp-element-caption\">Le ch\u00e2teau d&rsquo;Audignies<\/figcaption><\/figure>\n<\/div>\n\n\n<p>Les travaux historiques attribuent la construction du ch\u00e2teau d&rsquo;Audignies \u00e0 Guillaume de Sars (1370-1438). Il est compos\u00e9 de trois ailes dispos\u00e9es en \u00e9querre et entour\u00e9 de douves. Une tour carr\u00e9e de pr\u00e8s de 9 m\u00e8tres de c\u00f4t\u00e9 est situ\u00e9e dans l\u2019&rsquo;angle ouest. Ses deux premiers niveaux \u00e9difi\u00e9s en gr\u00e8s sont surmont\u00e9s de deux niveaux de brique. L&rsquo;aile sud constitue le corps de logis et fut rattach\u00e9e \u00e0 la tour au XVII e si\u00e8cle. L&rsquo;acc\u00e8s se fait par un pont-levis.<\/p>\n\n\n\n<p>1984\/12\/28 : inscrit MH partiellement- Propri\u00e9t\u00e9 Priv\u00e9e.<\/p>\n\n\n\n<p>G\u00e9n\u00e9alogie de ses propri\u00e9taires :  <\/p>\n\n\n\n<p>La terre d&rsquo;Audignies, situ\u00e9e au S. E. et \u00e0 2 kilom\u00e8tres de Bavay, \u00e9tait un fief mouvant de la seigneurie d&rsquo;Aymeries. Elle comprenait un vieux ch\u00e2teau, o\u00f9 se trouvait une chapelle domestique ; 200 huitel\u00e9es de terres labourables, 40 bonniers de pr\u00e9s, p\u00e2tures et vergers, et toute justice : haute, moyenne-et basse, avec divers autres droits seigneuriaux.<br>Poss\u00e9d\u00e9e, dans le XVe si\u00e8cle, par la famille de Sars. le domaine f\u00e9odal d&rsquo;Audignies passa bient\u00f4t dans la maison d&rsquo;Harchies. Gillotte de Harchies-d&rsquo;Aspremont, en \u00e9pousant, en 1525, Jean V du Chasteler, seigneur de Moulbais, lui apporta Audignies, qu&rsquo;un de leurs fils : Jean VI du Chasteler, recueillit par succession. Celui-ci, n&rsquo;ayant pas de post\u00e9rit\u00e9, avait institu\u00e9, d\u00e8s 1599, comme h\u00e9ritier de cette terre seigneuriale, son neveu Jacques Vander-Meer, seigneur d&rsquo;Huysgaver, fils de sa s\u0153ur Anne de Chasteler, page de l&rsquo;archiduc Mathias et investi des fonctions de bourguemestre d&rsquo;Oudenarde, en 1592, 1593, 1597 et 1609. Jacques mourut le 21 avril de cette m\u00eame-ann\u00e9e 1609, ayant \u00e9t\u00e9 mari\u00e9 le 8 juillet 1588 \u00e0 Anne du Chastel, et laissa d&rsquo;elle un fils, Philippe Vander-Meer, qui vendit la terre d&rsquo;Audignies, vers 1620, au conseiller Guillaume Dumont.<br>Messire Guillaume Dumont n\u00e9 le 18 f\u00e9vrier 1567, premier conseiller de robe longue \u00e0 la Cour souveraine de Mons, puis conseiller premier clerc du grand bailliage du Hainaut, fut ainsi seigneur d&rsquo;Audignies par acquisition. Il \u00e9pousa :<br>1\u00b0 H\u00e9l\u00e8ne Godemard, morte en 1633 et dont il eut plusieurs enfants, entr&rsquo;autres, Jean, Gilles et Guillaume, tous trois consacr\u00e9s \u00e0 Dieu et fondateurs de l\u00e0 maison des P\u00e8res de l&rsquo;Oratoire, \u00e0 Mons.<br>2\u00b0 Agn\u00e8s de Busignies, dame de Moreausart, au Jolimetz, laquelle lui donna deux enfants, qui suivent. Le conseiller Dumont mourut \u00e0 Mons le 16 juin 1623.<br>&#8211; Nicolas-Fran\u00e7ois Dumont, sgr d&rsquo;Audignies et de Moreausart, mort c\u00e9libataire vers 1638.<br>&#8211; Marie Dumont, devint dame d&rsquo;Audignies et de Moreausart, \u00e0 la mort de son fr\u00e8re Nicolas &#8211; Fran\u00e7ois. Elle avait \u00e9pous\u00e9 Charles de Boussu, \u00e9cuyer, sgr. d&rsquo;Aulmerie, qui mourut le 12 f\u00e9vrier 1629, n&rsquo;ayant pas encore atteint 25 ans. Elle se remaria avec Louis Bruneau, sgr. de Petitsart, et ayant termin\u00e9 ses jours au ch\u00e2teau d&rsquo;Audignies, le 16 octobre 1669, elle fut inhum\u00e9e dans l&rsquo;\u00e9glise des recollets de Bavay. <br>Elle eut une fille du premier lit, savoir :<br>&#8211; Marie-Agn\u00e8s De Boussu, dame d&rsquo;Audignies, d&rsquo;Aulmerie et de Chaissinghe, qui est aussi d\u00e9c\u00e9d\u00e9e \u00e0 Audignies le 6 octobre 1662. Elle laissa-de son mariage avec messire Florent Van Dam, \u00e9cuyer,, colonel d&rsquo;un r\u00e9giment de 1,400.hommes de pied au service de la R\u00e9publique des Provinces-Unies, mort; \u00e0 Berlaimont le 26 septembre 1690, et enterr\u00e9 au couvent des religieuses du lieu,- un fils dont il va \u00eatre parl\u00e9.<br>&#8211; Joseph Van Dam, qualifi\u00e9 de tr\u00e8s noble gentilhomme, obtint de son p\u00e8re, le 25 septembre 1676, la terre d&rsquo;Audignies, sous l&rsquo;obligation de certaines charges. Il avait \u00e9pous\u00e9, quatre ans auparavant, en 1672, Anne-Florentine Van Arkel-de-Tritht, dont-la m\u00e8re : Sophie-Elisabeth Dimmer, retir\u00e9e \u00e0 Audignies, y mourut, le 23 avril de l&rsquo;ann\u00e9e suivante. Les \u00e9poux Van Dam eurent plusieurs enfants, dont l&rsquo;a\u00een\u00e9 va suivre<br>&#8211; Jean-Florent Van Dam, chevalier du St.Empire Romain, brigadier des arm\u00e9es de S. M. I. Charles IV ; colonel propri\u00e9taire d&rsquo;un r\u00e9giment de dragons, gouverneur des ville et citadelle de Gand, grand bailli des eaux et for\u00eats du Hainaut, prenait aussi le titre de baron d&rsquo;Audignies. Cette terre lui avait \u00e9t\u00e9 c\u00e9d\u00e9e par son p\u00e8re, le 4 juin 1696, ainsi que d&rsquo;autres biens, afin de le mettre \u00e0 m\u00eame de r\u00e9tablir et entretenir, dans le r\u00e9giment royal Monferrat, une compagnie qui venait de lui \u00eatre accord\u00e9e par Louis XIV, et qui ne comptait plus qu&rsquo;un effectif de 23 hommes. Apr\u00e8s avoir fourni une carri\u00e8re bien remplie, il succomba \u00e0 ses infirmit\u00e9s et \u00e0 son grand \u00e2ge, \u00e0 Audignies, le 30 septembre 1755. <br>Il avait contract\u00e9 mariage, en 1712, avec Mathilde-Florentine d&rsquo;Hardenbroeck (fille de Gilbert-Jean, baron d&rsquo;Hardenbroeck, pr\u00e9sident et chef de la noblesse de la province d&rsquo;Utrecht et l&rsquo;un des d\u00e9put\u00e9s aux Etats-g\u00e9n\u00e9raux), laquelle finit sa vie le 23 janvier 1739, laissant post\u00e9rit\u00e9. <br>M. Orner-Achille Hennet est devenu propri\u00e9taire du domaine d&rsquo;Audignies par suite de son mariage avec Marie-Mathilda Florentine Van Dam, de qui est issue une nombreuse et honorable lign\u00e9e. <br>Source  du texte : M\u00e9moires de la Soci\u00e9t\u00e9 Arch\u00e9ologique de l&rsquo;arrondissement d&rsquo;Avesnes.  Tome I &#8211; 1897 <a aria-label=\"Gallica    (opens in a new tab)\" href=\"https:\/\/gallica.bnf.fr\/ark:\/12148\/bpt6k54802263\/f126.image.r=audignies?rk=21459;2\" target=\"_blank\" rel=\"noreferrer noopener\">Gallica   <\/a> <\/p>\n\n\n\n<p>La recherche s&rsquo;arr\u00eate avec  Omer Achille Hennet (1763 1832) dont le p\u00e8re \u00e9tait seigneur de Courtefroy,&nbsp;avocat au parlement de Flandres, conseiller et secr\u00e9taire du roi ; et le grand-p\u00e8re Gabriel (1701 1773) \u00e9tait seigneur de Villereau, Officier des mousquetaires gris puis pr\u00e9v\u00f4t royal civil et criminel de Bavay. Omer Achille  est donc devenu propri\u00e9taire du ch\u00e2teau par suite de son mariage avec Marie-Mathilda Florentine Van Dam (1772 1828). Continuons notre enqu\u00eate. Le couple eut 8 enfants dont Chrysole Adolphe (1805 1889) mari\u00e9 en 1855 avec  Marie Caroline de La Chevardi\u00e8re de la Grandville (1831 1901) . Le p\u00e8re de celle-ci \u00e9tait Officier du g\u00e9nie, chef de bataillon, lieutenant du roi \u00e0 Caen, commandant de la place de Rocroi, entrepreneur de tabacs. Chrysole Adolphe occupe le ch\u00e2teau et est maire d&rsquo;Audignies.<\/p>\n\n\n<div class=\"wp-block-image\">\n<figure class=\"aligncenter is-resized\"><img data-recalc-dims=\"1\" loading=\"lazy\" decoding=\"async\" width=\"840\" height=\"674\" data-attachment-id=\"9435\" data-permalink=\"https:\/\/patrimoine-avesnois.fr\/chemin\/les-chateaux-de-lavesnois-et-leurs-proprietaires\/image-1439\/\" data-orig-file=\"https:\/\/i0.wp.com\/patrimoine-avesnois.fr\/chemin\/wp-content\/uploads\/2020\/03\/image-37.png?fit=1011%2C811&amp;ssl=1\" data-orig-size=\"1011,811\" data-comments-opened=\"1\" data-image-meta=\"{&quot;aperture&quot;:&quot;0&quot;,&quot;credit&quot;:&quot;&quot;,&quot;camera&quot;:&quot;&quot;,&quot;caption&quot;:&quot;&quot;,&quot;created_timestamp&quot;:&quot;0&quot;,&quot;copyright&quot;:&quot;&quot;,&quot;focal_length&quot;:&quot;0&quot;,&quot;iso&quot;:&quot;0&quot;,&quot;shutter_speed&quot;:&quot;0&quot;,&quot;title&quot;:&quot;&quot;,&quot;orientation&quot;:&quot;0&quot;}\" data-image-title=\"image\" data-image-description=\"\" data-image-caption=\"\" data-large-file=\"https:\/\/i0.wp.com\/patrimoine-avesnois.fr\/chemin\/wp-content\/uploads\/2020\/03\/image-37.png?fit=840%2C674&amp;ssl=1\" src=\"https:\/\/i0.wp.com\/patrimoine-avesnois.fr\/chemin\/wp-content\/uploads\/2020\/03\/image-37.png?resize=840%2C674\" alt=\"\" class=\"wp-image-9435\" style=\"width:630px;height:507px\" srcset=\"https:\/\/i0.wp.com\/patrimoine-avesnois.fr\/chemin\/wp-content\/uploads\/2020\/03\/image-37.png?w=1011&amp;ssl=1 1011w, https:\/\/i0.wp.com\/patrimoine-avesnois.fr\/chemin\/wp-content\/uploads\/2020\/03\/image-37.png?resize=300%2C241&amp;ssl=1 300w, https:\/\/i0.wp.com\/patrimoine-avesnois.fr\/chemin\/wp-content\/uploads\/2020\/03\/image-37.png?resize=768%2C616&amp;ssl=1 768w\" sizes=\"auto, (max-width: 709px) 85vw, (max-width: 909px) 67vw, (max-width: 1362px) 62vw, 840px\" \/><figcaption class=\"wp-element-caption\">Acte de d\u00e9c\u00e8s en 1901 de Mme veuve Hennet Adolphe<\/figcaption><\/figure>\n<\/div>\n\n\n<p>En 1888 une de leurs filles Florentine \u00e9pouse Jules de Veyle de Romans originaire de Moselle. De cette union naissent trois filles Camille, Pauline et Caroline qui vendent en 1960 le ch\u00e2teau \u00e0 leur cousine Elisabeth Ayral mari\u00e9e au baron Armand de Milleville ( 1882 1954), Officier d&rsquo;artillerie puis Ing\u00e9nieur. <a aria-label=\"Elisabeth Ayral (opens in a new tab)\" href=\"https:\/\/gw.geneanet.org\/ademilleville?lang=fr&amp;p=elisabeth&amp;n=ayral\" target=\"_blank\" rel=\"noreferrer noopener\">Elisabeth Ayral<\/a> est une cousine car elle est la descendante au quatri\u00e8me degr\u00e9 de Domitile Hennet (1766 1824), s\u0153ur d&rsquo;Omer Achille (1763 1832) mari\u00e9e \u00e0 Joseph de Puniet de Monfort (1774 1855) Chevalier de l&rsquo;Empire, Inspecteur G\u00e9n\u00e9ral des Fortifications.<\/p>\n\n\n\n<p>Le ch\u00e2teau en 1960 est au bord de la ruine, ayant \u00e9t\u00e9 endommag\u00e9 durant l\u2019Occupation allemande de 1914 \u00e0 1918 et d\u00e9grad\u00e9 lors de la Seconde Guerre mondiale. <\/p>\n\n\n\n<p>La baronne de Milleville, n\u00e9e Elisabeth Ayral, appartient par ses deux ascendances \u00e0 la famille qui a donn\u00e9 aux Bavaisiens leurs trois derniers pr\u00e9v\u00f4ts. En effet ses bisa\u00efeules Cl\u00e9mence-Pauline, \u00e9pouse de Jean Lacoste de Lisle, et Chrysoline, \u00e9pouse de Charles Cayx, \u00e9taient deux des enfants du chevalier Joseph de Puniet de Montfort et d&rsquo;Eulalie Hennet de Courtefroy. Leur grand-p\u00e8re maternel, Chrysole, fut l&rsquo;avant-dernier pr\u00e9v\u00f4t de Bavai et il fut maire de 1808 jusqu\u2019\u00e0 sa mort survenue en 1810. Son pr\u00e9d\u00e9cesseur \u00e0 la pr\u00e9v\u00f4t\u00e9 avait \u00e9t\u00e9 son p\u00e8re, Fran\u00e7ois-Ferdinand Philemon Hennet de Villereau, pr\u00e9v\u00f4t de 1731 \u00e0 1768. Son successeur, le dernier pr\u00e9v\u00f4t, avait \u00e9t\u00e9 son fils, Martial Hennet de Courtefroy. (Etudes bavaisienes Henri Bi\u00e9velet 1976)<\/p>\n\n\n\n<p>La baronne de Milleville avec son \u00e9poux ne cesse alors de restaurer leur demeure avec go\u00fbt. Ensuite un des fils Bernard Claude continue avec passion la restauration de ce magnifique ch\u00e2teau f\u00e9odal. <br>Bernard Claude de Milleville mari\u00e9 \u00e0 Anne Fran\u00e7oise de Curel d\u00e9c\u00e8de en 2013. Voir La Voix du Nord,\u200e 5 avril 2013 (<a aria-label=\"lire en ligne [archive])&nbsp; (opens in a new tab)\" href=\"https:\/\/www.lavoixdunord.fr\/art\/region\/audignies-le-baron-bernard-claude-de-milleville-est-jna23b0n1153211\" target=\"_blank\" rel=\"noreferrer noopener\">lire en ligne [archive])&nbsp;<\/a><\/p>\n\n\n\n<p class=\"has-text-align-center has-bright-red-color has-light-blue-background-color has-text-color has-background has-medium-font-size\"> Le ch\u00e2teau de Beaurieux <\/p>\n\n\n<div class=\"wp-block-image\">\n<figure class=\"aligncenter is-resized\"><img decoding=\"async\" src=\"https:\/\/i1.wp.com\/upload.wikimedia.org\/wikipedia\/commons\/thumb\/0\/0f\/Beaurieux_%28Nord%2C_Fr%29_ch%C3%A2teau.jpg\/1280px-Beaurieux_%28Nord%2C_Fr%29_ch%C3%A2teau.jpg?w=840&amp;ssl=1\" alt=\"\" style=\"width:630px;height:473px\"\/><figcaption class=\"wp-element-caption\">Le ch\u00e2teau de Beaurieux<\/figcaption><\/figure>\n<\/div>\n\n\n<p>Le ch\u00e2teau que l\u2019on peut d\u00e9couvrir pr\u00e8s de l\u2019\u00e9glise, ne constitue qu\u2019une reconstruction partielle, faite de 1668 \u00e0 1672, de l\u2019ancien ch\u00e2teau f\u00e9odal, ant\u00e9rieur au XIVe si\u00e8cle qui fut d\u00e9truit \u00e0 plusieurs reprises.&nbsp;<br>Une ancre sur la fa\u00e7ade c\u00f4t\u00e9 \u00e9glise porte la date de 1621.&nbsp; <br>Appartenant d\u00e8s cette date \u00e0 Jean de Robaulx, \u00e9cuyer, gouverneur de Beaumont ce ch\u00e2teau entour\u00e9 d&rsquo;un tr\u00e8s beau parc resta dans la famille de Robaulx jusqu&rsquo;en 1974, ann\u00e9e o\u00f9 il fut acquis par M. et Mme Duputel. <br>Il pr\u00e9sente aujourd\u2019hui la forme d\u2019un L, une aile c\u00f4t\u00e9 ouest ayant \u00e9t\u00e9 supprim\u00e9e, mais il a conserv\u00e9 l\u2019une de ses tours \u00e0 meurtri\u00e8res.&nbsp;<br>Et il a encore beaucoup d\u2019allure, avec ses tourelles et ses murs \u00e9pais, perc\u00e9s de fen\u00eatres dans le style Louis XIV et orn\u00e9es de vitraux armori\u00e9s.&nbsp;<br>Voir<a aria-label=\" (opens in a new tab)\" href=\"https:\/\/gallica.bnf.fr\/ark:\/12148\/bpt6k5487291v\/f176.image.r=m%C3%A9moies%20soci%C3%A9t%C3%A9%20historique%20avesnes%20tome%20XV\" target=\"_blank\" rel=\"noreferrer noopener\">&nbsp;Gallica.&nbsp;<\/a>&nbsp;&nbsp;et&nbsp;<a aria-label=\" (opens in a new tab)\" href=\"http:\/\/www.chateau-fort-manoir-chateau.eu\/chateaux-nord-chateau-a-beaurieux-chateau-de-beaurieux.html\" target=\"_blank\" rel=\"noreferrer noopener\">Ch\u00e2teaux de France<\/a><\/p>\n\n\n\n<p>Propri\u00e9t\u00e9 Priv\u00e9e. Ne se visite pas. <\/p>\n\n\n\n<p> A partir du&nbsp;XIX e si\u00e8cle (1815, 1827 et 1853), les souverains pontifes r\u00e9alis\u00e8rent l\u2019unit\u00e9 entre l\u2019ancienne noblesse f\u00e9odale, le patriciat civique et la noblesse qu\u2019ils avaient cr\u00e9\u00e9s, en m\u00eame temps que le titre de comte de palatin&nbsp;disparaissait au profit de celui de \u00ab&nbsp;comte romain&nbsp;\u00bb, d\u00e9sormais d\u00e9livr\u00e9 par le pape seul et non plus par ses repr\u00e9sentants. Il y a eu, depuis 1831, en dehors des pr\u00e9lats dont les titres sont personnels, que trois cents familles fran\u00e7aises titr\u00e9es par le Pape. Les Robaulx de Beaurieux en font partie : <\/p>\n\n\n\n<p>Comtes romains de Robaulx de Beaurieux : <\/p>\n\n\n\n<ul class=\"wp-block-list\">\n<li><a aria-label=\"Gustave de ROBAULX de BEAURIEUX&nbsp;1849-1909&nbsp;( (opens in a new tab)\" href=\"https:\/\/gw.geneanet.org\/phineas1?lang=fr&amp;p=gustave&amp;n=de+robaulx+de+beaurieux\" target=\"_blank\" rel=\"noreferrer noopener\">Gustave de ROBAULX de BEAURIEUX&nbsp;1849-1909&nbsp;(<\/a><a href=\"https:\/\/gw.geneanet.org\/phineas1?lang=fr&amp;p=gustave&amp;n=de+robaulx+de+beaurieux\">1er)<\/a><\/li>\n<\/ul>\n\n\n<div class=\"wp-block-image\">\n<figure class=\"aligncenter is-resized\"><img data-recalc-dims=\"1\" loading=\"lazy\" decoding=\"async\" width=\"840\" height=\"795\" data-attachment-id=\"9561\" data-permalink=\"https:\/\/patrimoine-avesnois.fr\/chemin\/les-chateaux-de-lavesnois-et-leurs-proprietaires\/image-1484\/\" data-orig-file=\"https:\/\/i0.wp.com\/patrimoine-avesnois.fr\/chemin\/wp-content\/uploads\/2020\/03\/image-82.png?fit=855%2C809&amp;ssl=1\" data-orig-size=\"855,809\" data-comments-opened=\"1\" data-image-meta=\"{&quot;aperture&quot;:&quot;0&quot;,&quot;credit&quot;:&quot;&quot;,&quot;camera&quot;:&quot;&quot;,&quot;caption&quot;:&quot;&quot;,&quot;created_timestamp&quot;:&quot;0&quot;,&quot;copyright&quot;:&quot;&quot;,&quot;focal_length&quot;:&quot;0&quot;,&quot;iso&quot;:&quot;0&quot;,&quot;shutter_speed&quot;:&quot;0&quot;,&quot;title&quot;:&quot;&quot;,&quot;orientation&quot;:&quot;0&quot;}\" data-image-title=\"image\" data-image-description=\"\" data-image-caption=\"\" data-large-file=\"https:\/\/i0.wp.com\/patrimoine-avesnois.fr\/chemin\/wp-content\/uploads\/2020\/03\/image-82.png?fit=840%2C795&amp;ssl=1\" src=\"https:\/\/i0.wp.com\/patrimoine-avesnois.fr\/chemin\/wp-content\/uploads\/2020\/03\/image-82.png?resize=840%2C795\" alt=\"\" class=\"wp-image-9561\" style=\"width:630px;height:598px\" srcset=\"https:\/\/i0.wp.com\/patrimoine-avesnois.fr\/chemin\/wp-content\/uploads\/2020\/03\/image-82.png?w=855&amp;ssl=1 855w, https:\/\/i0.wp.com\/patrimoine-avesnois.fr\/chemin\/wp-content\/uploads\/2020\/03\/image-82.png?resize=300%2C284&amp;ssl=1 300w, https:\/\/i0.wp.com\/patrimoine-avesnois.fr\/chemin\/wp-content\/uploads\/2020\/03\/image-82.png?resize=768%2C727&amp;ssl=1 768w\" sizes=\"auto, (max-width: 709px) 85vw, (max-width: 909px) 67vw, (max-width: 1362px) 62vw, 840px\" \/><\/figure>\n<\/div>\n\n\n<ul class=\"wp-block-list\">\n<li><em><a aria-label=\"1909-1936:&nbsp;Henry de ROBAULX de BEAURIEUX&nbsp;1873-1936&nbsp;(2e) (opens in a new tab)\" href=\"https:\/\/gw.geneanet.org\/phineas1?lang=fr&amp;p=henry&amp;n=de+robaulx+de+beaurieux\" target=\"_blank\" rel=\"noreferrer noopener\">1909-1936<\/a><\/em><a aria-label=\"1909-1936:&nbsp;Henry de ROBAULX de BEAURIEUX&nbsp;1873-1936&nbsp;(2e) (opens in a new tab)\" href=\"https:\/\/gw.geneanet.org\/phineas1?lang=fr&amp;p=henry&amp;n=de+robaulx+de+beaurieux\" target=\"_blank\" rel=\"noreferrer noopener\">:&nbsp;Charles Georges Henry de ROBAULX de BEAURIEUX&nbsp;1873-1936&nbsp;(2e)<\/a><\/li>\n<\/ul>\n\n\n<div class=\"wp-block-image\">\n<figure class=\"aligncenter is-resized\"><img data-recalc-dims=\"1\" loading=\"lazy\" decoding=\"async\" width=\"529\" height=\"720\" data-attachment-id=\"9563\" data-permalink=\"https:\/\/patrimoine-avesnois.fr\/chemin\/les-chateaux-de-lavesnois-et-leurs-proprietaires\/image-1486\/\" data-orig-file=\"https:\/\/i0.wp.com\/patrimoine-avesnois.fr\/chemin\/wp-content\/uploads\/2020\/03\/image-84.png?fit=529%2C720&amp;ssl=1\" data-orig-size=\"529,720\" data-comments-opened=\"1\" data-image-meta=\"{&quot;aperture&quot;:&quot;0&quot;,&quot;credit&quot;:&quot;&quot;,&quot;camera&quot;:&quot;&quot;,&quot;caption&quot;:&quot;&quot;,&quot;created_timestamp&quot;:&quot;0&quot;,&quot;copyright&quot;:&quot;&quot;,&quot;focal_length&quot;:&quot;0&quot;,&quot;iso&quot;:&quot;0&quot;,&quot;shutter_speed&quot;:&quot;0&quot;,&quot;title&quot;:&quot;&quot;,&quot;orientation&quot;:&quot;0&quot;}\" data-image-title=\"image\" data-image-description=\"\" data-image-caption=\"\" data-large-file=\"https:\/\/i0.wp.com\/patrimoine-avesnois.fr\/chemin\/wp-content\/uploads\/2020\/03\/image-84.png?fit=529%2C720&amp;ssl=1\" src=\"https:\/\/i0.wp.com\/patrimoine-avesnois.fr\/chemin\/wp-content\/uploads\/2020\/03\/image-84.png?resize=529%2C720\" alt=\"\" class=\"wp-image-9563\" style=\"width:512px;height:700px\" srcset=\"https:\/\/i0.wp.com\/patrimoine-avesnois.fr\/chemin\/wp-content\/uploads\/2020\/03\/image-84.png?w=529&amp;ssl=1 529w, https:\/\/i0.wp.com\/patrimoine-avesnois.fr\/chemin\/wp-content\/uploads\/2020\/03\/image-84.png?resize=220%2C300&amp;ssl=1 220w\" sizes=\"auto, (max-width: 529px) 85vw, 529px\" \/><\/figure>\n<\/div>\n\n<div class=\"wp-block-image\">\n<figure class=\"aligncenter is-resized\"><img data-recalc-dims=\"1\" loading=\"lazy\" decoding=\"async\" width=\"436\" height=\"715\" data-attachment-id=\"9564\" data-permalink=\"https:\/\/patrimoine-avesnois.fr\/chemin\/les-chateaux-de-lavesnois-et-leurs-proprietaires\/image-1487\/\" data-orig-file=\"https:\/\/i0.wp.com\/patrimoine-avesnois.fr\/chemin\/wp-content\/uploads\/2020\/03\/image-85.png?fit=436%2C715&amp;ssl=1\" data-orig-size=\"436,715\" data-comments-opened=\"1\" data-image-meta=\"{&quot;aperture&quot;:&quot;0&quot;,&quot;credit&quot;:&quot;&quot;,&quot;camera&quot;:&quot;&quot;,&quot;caption&quot;:&quot;&quot;,&quot;created_timestamp&quot;:&quot;0&quot;,&quot;copyright&quot;:&quot;&quot;,&quot;focal_length&quot;:&quot;0&quot;,&quot;iso&quot;:&quot;0&quot;,&quot;shutter_speed&quot;:&quot;0&quot;,&quot;title&quot;:&quot;&quot;,&quot;orientation&quot;:&quot;0&quot;}\" data-image-title=\"image\" data-image-description=\"\" data-image-caption=\"\" data-large-file=\"https:\/\/i0.wp.com\/patrimoine-avesnois.fr\/chemin\/wp-content\/uploads\/2020\/03\/image-85.png?fit=436%2C715&amp;ssl=1\" src=\"https:\/\/i0.wp.com\/patrimoine-avesnois.fr\/chemin\/wp-content\/uploads\/2020\/03\/image-85.png?resize=436%2C715\" alt=\"\" class=\"wp-image-9564\" style=\"width:512px;height:840px\" srcset=\"https:\/\/i0.wp.com\/patrimoine-avesnois.fr\/chemin\/wp-content\/uploads\/2020\/03\/image-85.png?w=436&amp;ssl=1 436w, https:\/\/i0.wp.com\/patrimoine-avesnois.fr\/chemin\/wp-content\/uploads\/2020\/03\/image-85.png?resize=183%2C300&amp;ssl=1 183w\" sizes=\"auto, (max-width: 436px) 85vw, 436px\" \/><\/figure>\n<\/div>\n\n\n<ul class=\"wp-block-list\">\n<li><em><a aria-label=\"1936-1972:&nbsp;Jehan de ROBAULX de BEAURIEUX&nbsp;1903-1972&nbsp;(3e) (opens in a new tab)\" href=\"https:\/\/gw.geneanet.org\/phineas1?lang=fr&amp;p=jehan&amp;n=de+robaulx+de+beaurieux\" target=\"_blank\" rel=\"noreferrer noopener\">1936-1972<\/a><\/em><a aria-label=\"1936-1972:&nbsp;Jehan de ROBAULX de BEAURIEUX&nbsp;1903-1972&nbsp;(3e) (opens in a new tab)\" href=\"https:\/\/gw.geneanet.org\/phineas1?lang=fr&amp;p=jehan&amp;n=de+robaulx+de+beaurieux\" target=\"_blank\" rel=\"noreferrer noopener\">:&nbsp;Jehan de ROBAULX de BEAURIEUX&nbsp;1903-1972&nbsp;(3e)<\/a><\/li>\n<\/ul>\n\n\n<div class=\"wp-block-image\">\n<figure class=\"aligncenter is-resized\"><img data-recalc-dims=\"1\" loading=\"lazy\" decoding=\"async\" width=\"840\" height=\"640\" data-attachment-id=\"9562\" data-permalink=\"https:\/\/patrimoine-avesnois.fr\/chemin\/les-chateaux-de-lavesnois-et-leurs-proprietaires\/image-1485\/\" data-orig-file=\"https:\/\/i0.wp.com\/patrimoine-avesnois.fr\/chemin\/wp-content\/uploads\/2020\/03\/image-83.png?fit=908%2C692&amp;ssl=1\" data-orig-size=\"908,692\" data-comments-opened=\"1\" data-image-meta=\"{&quot;aperture&quot;:&quot;0&quot;,&quot;credit&quot;:&quot;&quot;,&quot;camera&quot;:&quot;&quot;,&quot;caption&quot;:&quot;&quot;,&quot;created_timestamp&quot;:&quot;0&quot;,&quot;copyright&quot;:&quot;&quot;,&quot;focal_length&quot;:&quot;0&quot;,&quot;iso&quot;:&quot;0&quot;,&quot;shutter_speed&quot;:&quot;0&quot;,&quot;title&quot;:&quot;&quot;,&quot;orientation&quot;:&quot;0&quot;}\" data-image-title=\"image\" data-image-description=\"\" data-image-caption=\"\" data-large-file=\"https:\/\/i0.wp.com\/patrimoine-avesnois.fr\/chemin\/wp-content\/uploads\/2020\/03\/image-83.png?fit=840%2C640&amp;ssl=1\" src=\"https:\/\/i0.wp.com\/patrimoine-avesnois.fr\/chemin\/wp-content\/uploads\/2020\/03\/image-83.png?resize=840%2C640\" alt=\"\" class=\"wp-image-9562\" style=\"width:630px;height:479px\" srcset=\"https:\/\/i0.wp.com\/patrimoine-avesnois.fr\/chemin\/wp-content\/uploads\/2020\/03\/image-83.png?w=908&amp;ssl=1 908w, https:\/\/i0.wp.com\/patrimoine-avesnois.fr\/chemin\/wp-content\/uploads\/2020\/03\/image-83.png?resize=300%2C229&amp;ssl=1 300w, https:\/\/i0.wp.com\/patrimoine-avesnois.fr\/chemin\/wp-content\/uploads\/2020\/03\/image-83.png?resize=768%2C585&amp;ssl=1 768w\" sizes=\"auto, (max-width: 709px) 85vw, (max-width: 909px) 67vw, (max-width: 1362px) 62vw, 840px\" \/><\/figure>\n<\/div>\n\n\n<ul class=\"wp-block-list\">\n<li><em><a aria-label=\"1972-1997:&nbsp;Christian de ROBAULX de BEAURIEUX&nbsp;1929-1997&nbsp;(4e) (opens in a new tab)\" href=\"https:\/\/gw.geneanet.org\/phineas1?lang=fr&amp;p=christian&amp;n=de+robaulx+de+beaurieux\" target=\"_blank\" rel=\"noreferrer noopener\">1972-1997<\/a><\/em><a aria-label=\"1972-1997:&nbsp;Christian de ROBAULX de BEAURIEUX&nbsp;1929-1997&nbsp;(4e) (opens in a new tab)\" href=\"https:\/\/gw.geneanet.org\/phineas1?lang=fr&amp;p=christian&amp;n=de+robaulx+de+beaurieux\" target=\"_blank\" rel=\"noreferrer noopener\">:&nbsp;Christian de ROBAULX de BEAURIEUX&nbsp;1929-1997&nbsp;(4e)<\/a><\/li>\n<\/ul>\n\n\n\n<p>\n\nVous pouvez retrouver <a href=\"https:\/\/gw.geneanet.org\/phineas1?lang=fr&amp;p=christian&amp;n=de+robaulx+de+beaurieux\" target=\"_blank\" rel=\"noreferrer noopener\">ici<\/a> la g\u00e9n\u00e9alogie compl\u00e8te de la famille de Robaulx.  \n\n<\/p>\n\n\n\n<p class=\"has-text-align-center has-bright-red-color has-light-blue-background-color has-text-color has-background has-medium-font-size\">Le ch\u00e2teau de Bellignies<\/p>\n\n\n<div class=\"wp-block-image\">\n<figure class=\"aligncenter is-resized\"><img data-recalc-dims=\"1\" loading=\"lazy\" decoding=\"async\" width=\"768\" height=\"512\" data-attachment-id=\"9267\" data-permalink=\"https:\/\/patrimoine-avesnois.fr\/chemin\/les-chateaux-de-lavesnois-et-leurs-proprietaires\/bellignies-2\/\" data-orig-file=\"https:\/\/i0.wp.com\/patrimoine-avesnois.fr\/chemin\/wp-content\/uploads\/2020\/02\/Bellignies.jpg?fit=768%2C512&amp;ssl=1\" data-orig-size=\"768,512\" data-comments-opened=\"1\" data-image-meta=\"{&quot;aperture&quot;:&quot;0&quot;,&quot;credit&quot;:&quot;&quot;,&quot;camera&quot;:&quot;&quot;,&quot;caption&quot;:&quot;&quot;,&quot;created_timestamp&quot;:&quot;0&quot;,&quot;copyright&quot;:&quot;&quot;,&quot;focal_length&quot;:&quot;0&quot;,&quot;iso&quot;:&quot;0&quot;,&quot;shutter_speed&quot;:&quot;0&quot;,&quot;title&quot;:&quot;&quot;,&quot;orientation&quot;:&quot;0&quot;}\" data-image-title=\"Bellignies\" data-image-description=\"\" data-image-caption=\"\" data-large-file=\"https:\/\/i0.wp.com\/patrimoine-avesnois.fr\/chemin\/wp-content\/uploads\/2020\/02\/Bellignies.jpg?fit=768%2C512&amp;ssl=1\" src=\"https:\/\/i0.wp.com\/patrimoine-avesnois.fr\/chemin\/wp-content\/uploads\/2020\/02\/Bellignies.jpg?resize=768%2C512\" alt=\"\" class=\"wp-image-9267\" style=\"width:630px;height:420px\" srcset=\"https:\/\/i0.wp.com\/patrimoine-avesnois.fr\/chemin\/wp-content\/uploads\/2020\/02\/Bellignies.jpg?w=768&amp;ssl=1 768w, https:\/\/i0.wp.com\/patrimoine-avesnois.fr\/chemin\/wp-content\/uploads\/2020\/02\/Bellignies.jpg?resize=300%2C200&amp;ssl=1 300w\" sizes=\"auto, (max-width: 768px) 85vw, 768px\" \/><figcaption class=\"wp-element-caption\">Le ch\u00e2teau de Bellignies.  <br>Inventaire g\u00e9n\u00e9ral, ADAGP Photo Thibaut Pierre<\/figcaption><\/figure>\n<\/div>\n\n\n<p>Le ch\u00e2teau de Bellignies \u00e9tait une place forte au Moyen Age, ce dont t\u00e9moigne la tour Le Bel, datant du XIII e si\u00e8cle. Plus de d\u00e9tails sur le site&nbsp;<a href=\"http:\/\/www2.culture.gouv.fr\/public\/mistral\/merimee_fr?ACTION=CHERCHER&amp;FIELD_98=REF&amp;VALUE_98=IA59000615\">culture.gouv.fr<\/a><\/p>\n\n\n\n<p>C\u2019est dans cette tour que la princesse <a aria-label=\"Marie de Cro\u00ff (opens in a new tab)\" href=\"https:\/\/fr.wikipedia.org\/wiki\/Marie_de_Cro%C3%BF\" target=\"_blank\" rel=\"noreferrer noopener\">Marie de Cro\u00ff<\/a> fille du prince Alfred de Cro\u00ff-Solre et de son \u00e9pouse \u00c9lisabeth Marie Parnell cacha en 1914-1918 des soldats fran\u00e7ais et anglais avant de favoriser leur \u00e9vasion, aid\u00e9e de son fr\u00e8re le prince Reginald, d\u2019une anglaise Miss Cavel et de&nbsp;<a href=\"https:\/\/fr.wikipedia.org\/wiki\/Louise_de_Bettignies\">Louise de Bettignies<\/a>. Voir leur engagement sur&nbsp;<a aria-label=\" (opens in a new tab)\" href=\"https:\/\/www.academia.edu\/10240569\/Lengagement_r%C3%A9sistant_de_Marie_et_Reginald_de_Cro%C3%BF_au_coeur_du_r%C3%A9seau_dEdith_Cavell\" target=\"_blank\" rel=\"noreferrer noopener\">acad\u00e9mia.&nbsp;<\/a>Elle mourut sans avoir contract\u00e9 d&rsquo;alliance, \u00e0 Saint-Benin d&rsquo;Azy (Ni\u00e8vre), le 20 juin 1968.<\/p>\n\n\n\n<p>A partir de la Tour de Bel, le ch\u00e2teau est prolong\u00e9 par un corps de b\u00e2timent du XVIII e si\u00e8cle avec des toits \u00e0 la Mansart. Il appartint \u00e0 la famille de Berlaimont, puis aux Chasteler dont l\u2019un des membres \u00e0 la R\u00e9volution c\u00e9da une partie de son parc \u00e0 la commune de Bellignies sous la condition qu\u2019on y joue jamais la Marseillaise !..Au d\u00e9but du XIX e si\u00e8cle, il devint la propri\u00e9t\u00e9 des barons de Molembaix qui le c\u00e9d\u00e8rent \u00e0 la famille de Cro\u00ff, actuellement toujours propri\u00e9taire (1). Le parc du ch\u00e2teau est \u00e9galement class\u00e9 MH . <\/p>\n\n\n\n<p>Propri\u00e9t\u00e9 Priv\u00e9e. Ne se visite pas.<\/p>\n\n\n\n<p>(1) :  S.A.S&nbsp;<strong>Alfred-Emmanuel de Cro\u00ff<\/strong>, Prince de Cro\u00ff et de Solre, naquit \u00e0 D\u00fclmen, le 18 mars 1842. Il se destina \u00e0 la diplomatie et fut docteur en sciences politiques et administratives. Il fut nomm\u00e9 attach\u00e9 de l\u00e9gation le 9 novembre 1864, puis envoy\u00e9 en mission en Russie pour notifier le d\u00e9c\u00e8s du roi L\u00e9opold I\u00b0 et l&rsquo;av\u00e8nement de L\u00e9opold II, Le 9 d\u00e9cembre 1866, il fut nomm\u00e9 secr\u00e9taire de l\u00e9gation de 2\u00b0 classe \u00e0 Vienne le 30 d\u00e9cembre 1868, secr\u00e9taire de l\u00e9gation de 1\u00b0 classe \u00e0 Paris, puis \u00e0 Londres le 13 novembre 1872. Sur sa demande, il fut mis en cong\u00e9 illimit\u00e9 le 18 janvier 1875. Il re\u00e7ut de son p\u00e8re la terre d&rsquo;Havr\u00e9 et celle de Solre-le-Ch\u00e2teau. Il mourut \u00e0 Bruges (Belgique), le 21 mai 1888, et fut inhum\u00e9 \u00e0 Havr\u00e9. <strong>Il \u00e9pousa<\/strong> \u00e0 Londres (Grande-Bretagne), le 12 janvier 1875, <strong>Elisabeth-Marie Parnall<\/strong> (n\u00e9e \u00e0 Landhearn, Angleterre, le 29 d\u00e9cembre 1855), fille de Charles-Samuel Parnall, et d&rsquo;Elisabeth Helgar Simmonds. <strong>Elle acheta le ch\u00e2teau de Bellignies qui avait d\u00e9j\u00e0 appartenu dans le pass\u00e9 aux Cro\u00ff. Elle mourut au ch\u00e2teau de Bellignies (Nord), le 7 septembre 1912, et fut inhum\u00e9e \u00e0 Clarfavt. (Nord) <\/strong><\/p>\n\n\n\n<p>Source :  <a aria-label=\" (opens in a new tab)\" href=\"http:\/\/mimi.decroy.free.fr\/genealogie.htm\" target=\"_blank\" rel=\"noreferrer noopener\">La g\u00e9n\u00e9alogie de la branche belge de la maison de Cro\u00ff<\/a>&nbsp;[<a href=\"http:\/\/archive.wikiwix.com\/cache\/?url=http%3A%2F%2Fmimi.decroy.free.fr%2Fgenealogie.htm\">archive<\/a>]<\/p>\n\n\n\n<p>Au ch\u00e2teau de Bellignies en 1906 y vivaient  : <\/p>\n\n\n\n<p>Elisabeth PRINCESSE de CROY, n\u00e9(e) \u00e0 Cornwall en 1855 &#8211; Situation : Chef &#8211; Employeur : Patronne. &#8211; Nationalit\u00e9&nbsp;:&nbsp;B.<\/p>\n\n\n\n<p>R\u00e9ginald PRINCE de CROY, n\u00e9(e) \u00e0 Londres en 1878 &#8211; Situation : Enfant. &#8211; Nationalit\u00e9&nbsp;:&nbsp;B.<\/p>\n\n\n\n<p>Marie PRINCESSE de CROY, n\u00e9(e) \u00e0 Londres en 1875 &#8211; Situation : Enfant. &#8211; Nationalit\u00e9&nbsp;:&nbsp;B.<\/p>\n\n\n\n<p>L\u00e9opold PRINCE de CROY, n\u00e9(e) \u00e0 San Remo en 1877 &#8211; Situation : Enfant. &#8211; Nationalit\u00e9&nbsp;:&nbsp;B.<\/p>\n\n\n\n<p>Elisabeth PARNELL, n\u00e9(e) \u00e0 Cornwall en 1830 &#8211; Situation : M\u00e8re. &#8211; Nationalit\u00e9&nbsp;:&nbsp;An.<\/p>\n\n\n\n<p>Source :  ADN -recensement de Bellignies  en 1906 .<\/p>\n\n\n\n<p>S.A.S&nbsp;R\u00e9ginald de Cro\u00ff, (1878 1961) \u00e9pousa \u00e0 Bruxelles, le 25 octobre 1920, S.A Isabelle, Princesse de Ligne (n\u00e9e \u00e0 Bruxelles le 23 septembre 1889), fille de S.A le Prince Ernest de Ligne, Prince d&rsquo;Amblise et d&rsquo;Epinoy, et de Diane de Coss\u00e9-Brissac. De leur union naquirent :<\/p>\n\n\n\n<p>S.A.S&nbsp;<strong>Yolande de Cro\u00ff<\/strong>, Princesse de Cro\u00ff et de Solre, naquit \u00e0 Bruxelles le 22 f\u00e9vrier 1924. Sans alliance. <strong>Elle mourut au ch\u00e2teau de Bellignies le 11 juillet 2001.<\/strong><br>&#8211; S.A.S&nbsp;<strong>Diane de Cro\u00ff<\/strong>, Princesse de Cro\u00ff et de Solre, naquit \u00e0 Bruxelles le 25 janvier 1927. Sans alliance. Le ch\u00e2teau lui appartient de nos jours et doit revenir \u00e0 son petit-neveu M <a aria-label=\"Didrik de Lannoy (opens in a new tab)\" href=\"https:\/\/gw.geneanet.org\/nat3334?lang=fr&amp;pz=elisabeth&amp;nz=de+belgique&amp;p=didrik&amp;n=de+lannoy\" target=\"_blank\" rel=\"noreferrer noopener\">Didrik de Lannoy<\/a> (il a pour grand-m\u00e8re B\u00e9atrix de Ligne, s\u0153ur d&rsquo;Isabelle mari\u00e9e \u00e0 R\u00e9ginald de Cro\u00ff) et \u00e0 M <a aria-label=\"L\u00e9opold D'Arenberg. (opens in a new tab)\" href=\"https:\/\/gw.geneanet.org\/nobily?lang=fr&amp;pz=elisabeth+therese+marie+helene&amp;nz=de+belgique&amp;p=leopold+engelbert+evrard+ruprecht+gaspard&amp;n=d+arenberg\" target=\"_blank\" rel=\"noreferrer noopener\">L\u00e9opold D&rsquo;Arenberg,<\/a> si l&rsquo;on se r\u00e9f\u00e8re aux informations relatives au <a aria-label=\"groupement forestier des Bois du Cheneau et de Fetru (opens in a new tab)\" href=\"https:\/\/actulegales.fr\/recherche\/siren\/334353836\" target=\"_blank\" rel=\"noreferrer noopener\">groupement forestier des Bois du Cheneau et de Fetru<\/a><\/p>\n\n\n<div class=\"wp-block-image\">\n<figure class=\"aligncenter size-large is-resized\"><img data-recalc-dims=\"1\" loading=\"lazy\" decoding=\"async\" width=\"772\" height=\"394\" data-attachment-id=\"14587\" data-permalink=\"https:\/\/patrimoine-avesnois.fr\/chemin\/les-chateaux-de-lavesnois-et-leurs-proprietaires\/deces-diane-de-croy-bellignies\/\" data-orig-file=\"https:\/\/i0.wp.com\/patrimoine-avesnois.fr\/chemin\/wp-content\/uploads\/2021\/08\/D%C3%A9c%C3%A8s-Diane-de-Cro%C3%BF-Bellignies.jpg?fit=772%2C394&amp;ssl=1\" data-orig-size=\"772,394\" data-comments-opened=\"1\" data-image-meta=\"{&quot;aperture&quot;:&quot;0&quot;,&quot;credit&quot;:&quot;fr\\u00e9d\\u00e9ric carr\\u00e9&quot;,&quot;camera&quot;:&quot;&quot;,&quot;caption&quot;:&quot;&quot;,&quot;created_timestamp&quot;:&quot;1628419261&quot;,&quot;copyright&quot;:&quot;&quot;,&quot;focal_length&quot;:&quot;0&quot;,&quot;iso&quot;:&quot;0&quot;,&quot;shutter_speed&quot;:&quot;0&quot;,&quot;title&quot;:&quot;&quot;,&quot;orientation&quot;:&quot;0&quot;}\" data-image-title=\"D\u00e9c\u00e8s-Diane-de-Cro\u00ff-Bellignies\" data-image-description=\"\" data-image-caption=\"\" data-large-file=\"https:\/\/i0.wp.com\/patrimoine-avesnois.fr\/chemin\/wp-content\/uploads\/2021\/08\/D%C3%A9c%C3%A8s-Diane-de-Cro%C3%BF-Bellignies.jpg?fit=772%2C394&amp;ssl=1\" src=\"https:\/\/i0.wp.com\/patrimoine-avesnois.fr\/chemin\/wp-content\/uploads\/2021\/08\/D%C3%A9c%C3%A8s-Diane-de-Cro%C3%BF-Bellignies.jpg?resize=772%2C394\" alt=\"\" class=\"wp-image-14587\" style=\"width:630px;height:322px\" srcset=\"https:\/\/i0.wp.com\/patrimoine-avesnois.fr\/chemin\/wp-content\/uploads\/2021\/08\/D%C3%A9c%C3%A8s-Diane-de-Cro%C3%BF-Bellignies.jpg?w=772&amp;ssl=1 772w, https:\/\/i0.wp.com\/patrimoine-avesnois.fr\/chemin\/wp-content\/uploads\/2021\/08\/D%C3%A9c%C3%A8s-Diane-de-Cro%C3%BF-Bellignies.jpg?resize=300%2C153&amp;ssl=1 300w, https:\/\/i0.wp.com\/patrimoine-avesnois.fr\/chemin\/wp-content\/uploads\/2021\/08\/D%C3%A9c%C3%A8s-Diane-de-Cro%C3%BF-Bellignies.jpg?resize=768%2C392&amp;ssl=1 768w\" sizes=\"auto, (max-width: 772px) 85vw, 772px\" \/><\/figure>\n<\/div>\n\n\n<p class=\"has-text-align-center has-bright-red-color has-light-blue-background-color has-text-color has-background has-medium-font-size\">Le ch\u00e2teau de B\u00e9relles<\/p>\n\n\n<div class=\"wp-block-image\">\n<figure class=\"aligncenter is-resized\"><img loading=\"lazy\" decoding=\"async\" width=\"1368\" height=\"852\" data-attachment-id=\"9270\" data-permalink=\"https:\/\/patrimoine-avesnois.fr\/chemin\/les-chateaux-de-lavesnois-et-leurs-proprietaires\/image-1362\/\" data-orig-file=\"https:\/\/i0.wp.com\/patrimoine-avesnois.fr\/chemin\/wp-content\/uploads\/2020\/02\/image.png?fit=1368%2C852&amp;ssl=1\" data-orig-size=\"1368,852\" data-comments-opened=\"1\" data-image-meta=\"{&quot;aperture&quot;:&quot;0&quot;,&quot;credit&quot;:&quot;&quot;,&quot;camera&quot;:&quot;&quot;,&quot;caption&quot;:&quot;&quot;,&quot;created_timestamp&quot;:&quot;0&quot;,&quot;copyright&quot;:&quot;&quot;,&quot;focal_length&quot;:&quot;0&quot;,&quot;iso&quot;:&quot;0&quot;,&quot;shutter_speed&quot;:&quot;0&quot;,&quot;title&quot;:&quot;&quot;,&quot;orientation&quot;:&quot;0&quot;}\" data-image-title=\"image\" data-image-description=\"\" data-image-caption=\"\" data-large-file=\"https:\/\/i0.wp.com\/patrimoine-avesnois.fr\/chemin\/wp-content\/uploads\/2020\/02\/image.png?fit=840%2C523&amp;ssl=1\" src=\"https:\/\/i0.wp.com\/patrimoine-avesnois.fr\/chemin\/wp-content\/uploads\/2020\/02\/image.png?fit=840%2C523\" alt=\"\" class=\"wp-image-9270\" style=\"width:630px;height:393px\" srcset=\"https:\/\/i0.wp.com\/patrimoine-avesnois.fr\/chemin\/wp-content\/uploads\/2020\/02\/image.png?w=1368&amp;ssl=1 1368w, https:\/\/i0.wp.com\/patrimoine-avesnois.fr\/chemin\/wp-content\/uploads\/2020\/02\/image.png?resize=300%2C187&amp;ssl=1 300w, https:\/\/i0.wp.com\/patrimoine-avesnois.fr\/chemin\/wp-content\/uploads\/2020\/02\/image.png?resize=768%2C478&amp;ssl=1 768w, https:\/\/i0.wp.com\/patrimoine-avesnois.fr\/chemin\/wp-content\/uploads\/2020\/02\/image.png?resize=1024%2C638&amp;ssl=1 1024w, https:\/\/i0.wp.com\/patrimoine-avesnois.fr\/chemin\/wp-content\/uploads\/2020\/02\/image.png?resize=1200%2C747&amp;ssl=1 1200w\" sizes=\"auto, (max-width: 709px) 85vw, (max-width: 909px) 67vw, (max-width: 1362px) 62vw, 840px\" \/><figcaption class=\"wp-element-caption\">Le ch\u00e2teau de B\u00e9relles<\/figcaption><\/figure>\n<\/div>\n\n<div class=\"wp-block-image\">\n<figure class=\"aligncenter is-resized\"><img data-recalc-dims=\"1\" loading=\"lazy\" decoding=\"async\" width=\"726\" height=\"536\" data-attachment-id=\"9598\" data-permalink=\"https:\/\/patrimoine-avesnois.fr\/chemin\/les-chateaux-de-lavesnois-et-leurs-proprietaires\/image-1497\/\" data-orig-file=\"https:\/\/i0.wp.com\/patrimoine-avesnois.fr\/chemin\/wp-content\/uploads\/2020\/03\/image-95.png?fit=726%2C536&amp;ssl=1\" data-orig-size=\"726,536\" data-comments-opened=\"1\" data-image-meta=\"{&quot;aperture&quot;:&quot;0&quot;,&quot;credit&quot;:&quot;&quot;,&quot;camera&quot;:&quot;&quot;,&quot;caption&quot;:&quot;&quot;,&quot;created_timestamp&quot;:&quot;0&quot;,&quot;copyright&quot;:&quot;&quot;,&quot;focal_length&quot;:&quot;0&quot;,&quot;iso&quot;:&quot;0&quot;,&quot;shutter_speed&quot;:&quot;0&quot;,&quot;title&quot;:&quot;&quot;,&quot;orientation&quot;:&quot;0&quot;}\" data-image-title=\"image\" data-image-description=\"\" data-image-caption=\"\" data-large-file=\"https:\/\/i0.wp.com\/patrimoine-avesnois.fr\/chemin\/wp-content\/uploads\/2020\/03\/image-95.png?fit=726%2C536&amp;ssl=1\" src=\"https:\/\/i0.wp.com\/patrimoine-avesnois.fr\/chemin\/wp-content\/uploads\/2020\/03\/image-95.png?resize=726%2C536\" alt=\"\" class=\"wp-image-9598\" style=\"width:630px;height:462px\" srcset=\"https:\/\/i0.wp.com\/patrimoine-avesnois.fr\/chemin\/wp-content\/uploads\/2020\/03\/image-95.png?w=726&amp;ssl=1 726w, https:\/\/i0.wp.com\/patrimoine-avesnois.fr\/chemin\/wp-content\/uploads\/2020\/03\/image-95.png?resize=300%2C221&amp;ssl=1 300w\" sizes=\"auto, (max-width: 726px) 85vw, 726px\" \/><figcaption class=\"wp-element-caption\">Le ch\u00e2teau de B\u00e9relles<\/figcaption><\/figure>\n<\/div>\n\n\n<p>Cette demeure aux murs massifs flanqu\u00e9s de tourelles et blanchis \u00e0 la chaux, s\u2019\u00e9l\u00e8ve sur le versant sud d\u2019un coteau, en face d\u2019un bois qu\u2019elle domine de ses terrasses. Les tours et la fa\u00e7ade nord remontent \u00e0 1704. La fa\u00e7ade sud, enti\u00e8rement en brique, avec baies en plein cintre, date du XIXe si\u00e8cle.<\/p>\n\n\n\n<p>Propri\u00e9taires successifs de 1704 \u00e0 1919 : 1704 : Nicaise de Maldonade Philibert- Fran\u00e7ois de Millot -Jean Baptiste du Sart-Jean Baptiste Philibert du Sart-Simon Robert de Choisies-Alexis Robert- le baron de Molambaix- M. Le Moinier-Ulysse Rouvi\u00e8re-<\/p>\n\n\n<div class=\"wp-block-image\">\n<figure class=\"aligncenter is-resized\"><img data-recalc-dims=\"1\" loading=\"lazy\" decoding=\"async\" width=\"799\" height=\"738\" data-attachment-id=\"9585\" data-permalink=\"https:\/\/patrimoine-avesnois.fr\/chemin\/les-chateaux-de-lavesnois-et-leurs-proprietaires\/image-1488\/\" data-orig-file=\"https:\/\/i0.wp.com\/patrimoine-avesnois.fr\/chemin\/wp-content\/uploads\/2020\/03\/image-86.png?fit=799%2C738&amp;ssl=1\" data-orig-size=\"799,738\" data-comments-opened=\"1\" data-image-meta=\"{&quot;aperture&quot;:&quot;0&quot;,&quot;credit&quot;:&quot;&quot;,&quot;camera&quot;:&quot;&quot;,&quot;caption&quot;:&quot;&quot;,&quot;created_timestamp&quot;:&quot;0&quot;,&quot;copyright&quot;:&quot;&quot;,&quot;focal_length&quot;:&quot;0&quot;,&quot;iso&quot;:&quot;0&quot;,&quot;shutter_speed&quot;:&quot;0&quot;,&quot;title&quot;:&quot;&quot;,&quot;orientation&quot;:&quot;0&quot;}\" data-image-title=\"image\" data-image-description=\"\" data-image-caption=\"\" data-large-file=\"https:\/\/i0.wp.com\/patrimoine-avesnois.fr\/chemin\/wp-content\/uploads\/2020\/03\/image-86.png?fit=799%2C738&amp;ssl=1\" src=\"https:\/\/i0.wp.com\/patrimoine-avesnois.fr\/chemin\/wp-content\/uploads\/2020\/03\/image-86.png?resize=799%2C738\" alt=\"\" class=\"wp-image-9585\" style=\"width:630px;height:585px\" srcset=\"https:\/\/i0.wp.com\/patrimoine-avesnois.fr\/chemin\/wp-content\/uploads\/2020\/03\/image-86.png?w=799&amp;ssl=1 799w, https:\/\/i0.wp.com\/patrimoine-avesnois.fr\/chemin\/wp-content\/uploads\/2020\/03\/image-86.png?resize=300%2C277&amp;ssl=1 300w, https:\/\/i0.wp.com\/patrimoine-avesnois.fr\/chemin\/wp-content\/uploads\/2020\/03\/image-86.png?resize=768%2C709&amp;ssl=1 768w\" sizes=\"auto, (max-width: 799px) 85vw, 799px\" \/><\/figure>\n<\/div>\n\n<div class=\"wp-block-image\">\n<figure class=\"aligncenter is-resized\"><img data-recalc-dims=\"1\" loading=\"lazy\" decoding=\"async\" width=\"807\" height=\"655\" data-attachment-id=\"9586\" data-permalink=\"https:\/\/patrimoine-avesnois.fr\/chemin\/les-chateaux-de-lavesnois-et-leurs-proprietaires\/image-1489\/\" data-orig-file=\"https:\/\/i0.wp.com\/patrimoine-avesnois.fr\/chemin\/wp-content\/uploads\/2020\/03\/image-87.png?fit=807%2C655&amp;ssl=1\" data-orig-size=\"807,655\" data-comments-opened=\"1\" data-image-meta=\"{&quot;aperture&quot;:&quot;0&quot;,&quot;credit&quot;:&quot;&quot;,&quot;camera&quot;:&quot;&quot;,&quot;caption&quot;:&quot;&quot;,&quot;created_timestamp&quot;:&quot;0&quot;,&quot;copyright&quot;:&quot;&quot;,&quot;focal_length&quot;:&quot;0&quot;,&quot;iso&quot;:&quot;0&quot;,&quot;shutter_speed&quot;:&quot;0&quot;,&quot;title&quot;:&quot;&quot;,&quot;orientation&quot;:&quot;0&quot;}\" data-image-title=\"image\" data-image-description=\"\" data-image-caption=\"\" data-large-file=\"https:\/\/i0.wp.com\/patrimoine-avesnois.fr\/chemin\/wp-content\/uploads\/2020\/03\/image-87.png?fit=807%2C655&amp;ssl=1\" src=\"https:\/\/i0.wp.com\/patrimoine-avesnois.fr\/chemin\/wp-content\/uploads\/2020\/03\/image-87.png?resize=807%2C655\" alt=\"\" class=\"wp-image-9586\" style=\"width:630px;height:515px\" srcset=\"https:\/\/i0.wp.com\/patrimoine-avesnois.fr\/chemin\/wp-content\/uploads\/2020\/03\/image-87.png?w=807&amp;ssl=1 807w, https:\/\/i0.wp.com\/patrimoine-avesnois.fr\/chemin\/wp-content\/uploads\/2020\/03\/image-87.png?resize=300%2C243&amp;ssl=1 300w, https:\/\/i0.wp.com\/patrimoine-avesnois.fr\/chemin\/wp-content\/uploads\/2020\/03\/image-87.png?resize=768%2C623&amp;ssl=1 768w\" sizes=\"auto, (max-width: 807px) 85vw, 807px\" \/><\/figure>\n<\/div>\n\n<div class=\"wp-block-image\">\n<figure class=\"aligncenter is-resized\"><img data-recalc-dims=\"1\" loading=\"lazy\" decoding=\"async\" width=\"776\" height=\"672\" data-attachment-id=\"9587\" data-permalink=\"https:\/\/patrimoine-avesnois.fr\/chemin\/les-chateaux-de-lavesnois-et-leurs-proprietaires\/image-1490\/\" data-orig-file=\"https:\/\/i0.wp.com\/patrimoine-avesnois.fr\/chemin\/wp-content\/uploads\/2020\/03\/image-88.png?fit=776%2C672&amp;ssl=1\" data-orig-size=\"776,672\" data-comments-opened=\"1\" data-image-meta=\"{&quot;aperture&quot;:&quot;0&quot;,&quot;credit&quot;:&quot;&quot;,&quot;camera&quot;:&quot;&quot;,&quot;caption&quot;:&quot;&quot;,&quot;created_timestamp&quot;:&quot;0&quot;,&quot;copyright&quot;:&quot;&quot;,&quot;focal_length&quot;:&quot;0&quot;,&quot;iso&quot;:&quot;0&quot;,&quot;shutter_speed&quot;:&quot;0&quot;,&quot;title&quot;:&quot;&quot;,&quot;orientation&quot;:&quot;0&quot;}\" data-image-title=\"image\" data-image-description=\"\" data-image-caption=\"\" data-large-file=\"https:\/\/i0.wp.com\/patrimoine-avesnois.fr\/chemin\/wp-content\/uploads\/2020\/03\/image-88.png?fit=776%2C672&amp;ssl=1\" src=\"https:\/\/i0.wp.com\/patrimoine-avesnois.fr\/chemin\/wp-content\/uploads\/2020\/03\/image-88.png?resize=776%2C672\" alt=\"\" class=\"wp-image-9587\" style=\"width:630px;height:545px\" srcset=\"https:\/\/i0.wp.com\/patrimoine-avesnois.fr\/chemin\/wp-content\/uploads\/2020\/03\/image-88.png?w=776&amp;ssl=1 776w, https:\/\/i0.wp.com\/patrimoine-avesnois.fr\/chemin\/wp-content\/uploads\/2020\/03\/image-88.png?resize=300%2C260&amp;ssl=1 300w, https:\/\/i0.wp.com\/patrimoine-avesnois.fr\/chemin\/wp-content\/uploads\/2020\/03\/image-88.png?resize=768%2C665&amp;ssl=1 768w\" sizes=\"auto, (max-width: 776px) 85vw, 776px\" \/><\/figure>\n<\/div>\n\n<div class=\"wp-block-image\">\n<figure class=\"aligncenter is-resized\"><img data-recalc-dims=\"1\" loading=\"lazy\" decoding=\"async\" width=\"806\" height=\"502\" data-attachment-id=\"9588\" data-permalink=\"https:\/\/patrimoine-avesnois.fr\/chemin\/les-chateaux-de-lavesnois-et-leurs-proprietaires\/image-1491\/\" data-orig-file=\"https:\/\/i0.wp.com\/patrimoine-avesnois.fr\/chemin\/wp-content\/uploads\/2020\/03\/image-89.png?fit=806%2C502&amp;ssl=1\" data-orig-size=\"806,502\" data-comments-opened=\"1\" data-image-meta=\"{&quot;aperture&quot;:&quot;0&quot;,&quot;credit&quot;:&quot;&quot;,&quot;camera&quot;:&quot;&quot;,&quot;caption&quot;:&quot;&quot;,&quot;created_timestamp&quot;:&quot;0&quot;,&quot;copyright&quot;:&quot;&quot;,&quot;focal_length&quot;:&quot;0&quot;,&quot;iso&quot;:&quot;0&quot;,&quot;shutter_speed&quot;:&quot;0&quot;,&quot;title&quot;:&quot;&quot;,&quot;orientation&quot;:&quot;0&quot;}\" data-image-title=\"image\" data-image-description=\"\" data-image-caption=\"\" data-large-file=\"https:\/\/i0.wp.com\/patrimoine-avesnois.fr\/chemin\/wp-content\/uploads\/2020\/03\/image-89.png?fit=806%2C502&amp;ssl=1\" src=\"https:\/\/i0.wp.com\/patrimoine-avesnois.fr\/chemin\/wp-content\/uploads\/2020\/03\/image-89.png?resize=806%2C502\" alt=\"\" class=\"wp-image-9588\" style=\"width:630px;height:395px\" srcset=\"https:\/\/i0.wp.com\/patrimoine-avesnois.fr\/chemin\/wp-content\/uploads\/2020\/03\/image-89.png?w=806&amp;ssl=1 806w, https:\/\/i0.wp.com\/patrimoine-avesnois.fr\/chemin\/wp-content\/uploads\/2020\/03\/image-89.png?resize=300%2C187&amp;ssl=1 300w, https:\/\/i0.wp.com\/patrimoine-avesnois.fr\/chemin\/wp-content\/uploads\/2020\/03\/image-89.png?resize=768%2C478&amp;ssl=1 768w\" sizes=\"auto, (max-width: 806px) 85vw, 806px\" \/><\/figure>\n<\/div>\n\n<div class=\"wp-block-image\">\n<figure class=\"aligncenter is-resized\"><img data-recalc-dims=\"1\" loading=\"lazy\" decoding=\"async\" width=\"840\" height=\"751\" data-attachment-id=\"9589\" data-permalink=\"https:\/\/patrimoine-avesnois.fr\/chemin\/les-chateaux-de-lavesnois-et-leurs-proprietaires\/image-1492\/\" data-orig-file=\"https:\/\/i0.wp.com\/patrimoine-avesnois.fr\/chemin\/wp-content\/uploads\/2020\/03\/image-90.png?fit=890%2C796&amp;ssl=1\" data-orig-size=\"890,796\" data-comments-opened=\"1\" data-image-meta=\"{&quot;aperture&quot;:&quot;0&quot;,&quot;credit&quot;:&quot;&quot;,&quot;camera&quot;:&quot;&quot;,&quot;caption&quot;:&quot;&quot;,&quot;created_timestamp&quot;:&quot;0&quot;,&quot;copyright&quot;:&quot;&quot;,&quot;focal_length&quot;:&quot;0&quot;,&quot;iso&quot;:&quot;0&quot;,&quot;shutter_speed&quot;:&quot;0&quot;,&quot;title&quot;:&quot;&quot;,&quot;orientation&quot;:&quot;0&quot;}\" data-image-title=\"image\" data-image-description=\"\" data-image-caption=\"\" data-large-file=\"https:\/\/i0.wp.com\/patrimoine-avesnois.fr\/chemin\/wp-content\/uploads\/2020\/03\/image-90.png?fit=840%2C751&amp;ssl=1\" src=\"https:\/\/i0.wp.com\/patrimoine-avesnois.fr\/chemin\/wp-content\/uploads\/2020\/03\/image-90.png?resize=840%2C751\" alt=\"\" class=\"wp-image-9589\" style=\"width:630px;height:563px\" srcset=\"https:\/\/i0.wp.com\/patrimoine-avesnois.fr\/chemin\/wp-content\/uploads\/2020\/03\/image-90.png?w=890&amp;ssl=1 890w, https:\/\/i0.wp.com\/patrimoine-avesnois.fr\/chemin\/wp-content\/uploads\/2020\/03\/image-90.png?resize=300%2C268&amp;ssl=1 300w, https:\/\/i0.wp.com\/patrimoine-avesnois.fr\/chemin\/wp-content\/uploads\/2020\/03\/image-90.png?resize=768%2C687&amp;ssl=1 768w\" sizes=\"auto, (max-width: 709px) 85vw, (max-width: 909px) 67vw, (max-width: 1362px) 62vw, 840px\" \/><\/figure>\n<\/div>\n\n<div class=\"wp-block-image\">\n<figure class=\"aligncenter is-resized\"><img data-recalc-dims=\"1\" loading=\"lazy\" decoding=\"async\" width=\"781\" height=\"741\" data-attachment-id=\"9590\" data-permalink=\"https:\/\/patrimoine-avesnois.fr\/chemin\/les-chateaux-de-lavesnois-et-leurs-proprietaires\/image-1493\/\" data-orig-file=\"https:\/\/i0.wp.com\/patrimoine-avesnois.fr\/chemin\/wp-content\/uploads\/2020\/03\/image-91.png?fit=781%2C741&amp;ssl=1\" data-orig-size=\"781,741\" data-comments-opened=\"1\" data-image-meta=\"{&quot;aperture&quot;:&quot;0&quot;,&quot;credit&quot;:&quot;&quot;,&quot;camera&quot;:&quot;&quot;,&quot;caption&quot;:&quot;&quot;,&quot;created_timestamp&quot;:&quot;0&quot;,&quot;copyright&quot;:&quot;&quot;,&quot;focal_length&quot;:&quot;0&quot;,&quot;iso&quot;:&quot;0&quot;,&quot;shutter_speed&quot;:&quot;0&quot;,&quot;title&quot;:&quot;&quot;,&quot;orientation&quot;:&quot;0&quot;}\" data-image-title=\"image\" data-image-description=\"\" data-image-caption=\"\" data-large-file=\"https:\/\/i0.wp.com\/patrimoine-avesnois.fr\/chemin\/wp-content\/uploads\/2020\/03\/image-91.png?fit=781%2C741&amp;ssl=1\" src=\"https:\/\/i0.wp.com\/patrimoine-avesnois.fr\/chemin\/wp-content\/uploads\/2020\/03\/image-91.png?resize=781%2C741\" alt=\"\" class=\"wp-image-9590\" style=\"width:630px;height:595px\" srcset=\"https:\/\/i0.wp.com\/patrimoine-avesnois.fr\/chemin\/wp-content\/uploads\/2020\/03\/image-91.png?w=781&amp;ssl=1 781w, https:\/\/i0.wp.com\/patrimoine-avesnois.fr\/chemin\/wp-content\/uploads\/2020\/03\/image-91.png?resize=300%2C285&amp;ssl=1 300w, https:\/\/i0.wp.com\/patrimoine-avesnois.fr\/chemin\/wp-content\/uploads\/2020\/03\/image-91.png?resize=768%2C729&amp;ssl=1 768w\" sizes=\"auto, (max-width: 781px) 85vw, 781px\" \/><\/figure>\n<\/div>\n\n<div class=\"wp-block-image\">\n<figure class=\"aligncenter is-resized\"><img data-recalc-dims=\"1\" loading=\"lazy\" decoding=\"async\" width=\"783\" height=\"559\" data-attachment-id=\"9591\" data-permalink=\"https:\/\/patrimoine-avesnois.fr\/chemin\/les-chateaux-de-lavesnois-et-leurs-proprietaires\/image-1494\/\" data-orig-file=\"https:\/\/i0.wp.com\/patrimoine-avesnois.fr\/chemin\/wp-content\/uploads\/2020\/03\/image-92.png?fit=783%2C559&amp;ssl=1\" data-orig-size=\"783,559\" data-comments-opened=\"1\" data-image-meta=\"{&quot;aperture&quot;:&quot;0&quot;,&quot;credit&quot;:&quot;&quot;,&quot;camera&quot;:&quot;&quot;,&quot;caption&quot;:&quot;&quot;,&quot;created_timestamp&quot;:&quot;0&quot;,&quot;copyright&quot;:&quot;&quot;,&quot;focal_length&quot;:&quot;0&quot;,&quot;iso&quot;:&quot;0&quot;,&quot;shutter_speed&quot;:&quot;0&quot;,&quot;title&quot;:&quot;&quot;,&quot;orientation&quot;:&quot;0&quot;}\" data-image-title=\"image\" data-image-description=\"\" data-image-caption=\"\" data-large-file=\"https:\/\/i0.wp.com\/patrimoine-avesnois.fr\/chemin\/wp-content\/uploads\/2020\/03\/image-92.png?fit=783%2C559&amp;ssl=1\" src=\"https:\/\/i0.wp.com\/patrimoine-avesnois.fr\/chemin\/wp-content\/uploads\/2020\/03\/image-92.png?resize=783%2C559\" alt=\"\" class=\"wp-image-9591\" style=\"width:630px;height:450px\" srcset=\"https:\/\/i0.wp.com\/patrimoine-avesnois.fr\/chemin\/wp-content\/uploads\/2020\/03\/image-92.png?w=783&amp;ssl=1 783w, https:\/\/i0.wp.com\/patrimoine-avesnois.fr\/chemin\/wp-content\/uploads\/2020\/03\/image-92.png?resize=300%2C214&amp;ssl=1 300w, https:\/\/i0.wp.com\/patrimoine-avesnois.fr\/chemin\/wp-content\/uploads\/2020\/03\/image-92.png?resize=768%2C548&amp;ssl=1 768w\" sizes=\"auto, (max-width: 783px) 85vw, 783px\" \/><\/figure>\n<\/div>\n\n\n<p>Source : Les seigneurs de B\u00e9relles sur <a aria-label=\"Gallica (opens in a new tab)\" href=\"https:\/\/gallica.bnf.fr\/ark:\/12148\/bpt6k9754338m\/f19.item.r=Bulletin%20de%20la%20Soci%C3%A9t%C3%A9%20d'%C3%89tudes%20de%20la%20Province%20de%20Cambrai%20tome%20XXVIII,%201928\" target=\"_blank\" rel=\"noreferrer noopener\">Gallica<\/a> : Bulletin de la Soci\u00e9t\u00e9 d&rsquo;\u00c9tudes de la Province de Cambrai Tome XXVIII 1928. <\/p>\n\n\n\n<p>La cession par le baron de Molembaix eut lieu en 1895 :<\/p>\n\n\n<div class=\"wp-block-image\">\n<figure class=\"aligncenter is-resized\"><img data-recalc-dims=\"1\" loading=\"lazy\" decoding=\"async\" width=\"765\" height=\"463\" data-attachment-id=\"9595\" data-permalink=\"https:\/\/patrimoine-avesnois.fr\/chemin\/les-chateaux-de-lavesnois-et-leurs-proprietaires\/image-1495\/\" data-orig-file=\"https:\/\/i0.wp.com\/patrimoine-avesnois.fr\/chemin\/wp-content\/uploads\/2020\/03\/image-93.png?fit=765%2C463&amp;ssl=1\" data-orig-size=\"765,463\" data-comments-opened=\"1\" data-image-meta=\"{&quot;aperture&quot;:&quot;0&quot;,&quot;credit&quot;:&quot;&quot;,&quot;camera&quot;:&quot;&quot;,&quot;caption&quot;:&quot;&quot;,&quot;created_timestamp&quot;:&quot;0&quot;,&quot;copyright&quot;:&quot;&quot;,&quot;focal_length&quot;:&quot;0&quot;,&quot;iso&quot;:&quot;0&quot;,&quot;shutter_speed&quot;:&quot;0&quot;,&quot;title&quot;:&quot;&quot;,&quot;orientation&quot;:&quot;0&quot;}\" data-image-title=\"image\" data-image-description=\"\" data-image-caption=\"\" data-large-file=\"https:\/\/i0.wp.com\/patrimoine-avesnois.fr\/chemin\/wp-content\/uploads\/2020\/03\/image-93.png?fit=765%2C463&amp;ssl=1\" src=\"https:\/\/i0.wp.com\/patrimoine-avesnois.fr\/chemin\/wp-content\/uploads\/2020\/03\/image-93.png?resize=765%2C463\" alt=\"\" class=\"wp-image-9595\" style=\"width:630px;height:380px\" srcset=\"https:\/\/i0.wp.com\/patrimoine-avesnois.fr\/chemin\/wp-content\/uploads\/2020\/03\/image-93.png?w=765&amp;ssl=1 765w, https:\/\/i0.wp.com\/patrimoine-avesnois.fr\/chemin\/wp-content\/uploads\/2020\/03\/image-93.png?resize=300%2C182&amp;ssl=1 300w\" sizes=\"auto, (max-width: 765px) 85vw, 765px\" \/><\/figure>\n<\/div>\n\n<div class=\"wp-block-image\">\n<figure class=\"aligncenter is-resized\"><img data-recalc-dims=\"1\" loading=\"lazy\" decoding=\"async\" width=\"742\" height=\"617\" data-attachment-id=\"9596\" data-permalink=\"https:\/\/patrimoine-avesnois.fr\/chemin\/les-chateaux-de-lavesnois-et-leurs-proprietaires\/image-1496\/\" data-orig-file=\"https:\/\/i0.wp.com\/patrimoine-avesnois.fr\/chemin\/wp-content\/uploads\/2020\/03\/image-94.png?fit=742%2C617&amp;ssl=1\" data-orig-size=\"742,617\" data-comments-opened=\"1\" data-image-meta=\"{&quot;aperture&quot;:&quot;0&quot;,&quot;credit&quot;:&quot;&quot;,&quot;camera&quot;:&quot;&quot;,&quot;caption&quot;:&quot;&quot;,&quot;created_timestamp&quot;:&quot;0&quot;,&quot;copyright&quot;:&quot;&quot;,&quot;focal_length&quot;:&quot;0&quot;,&quot;iso&quot;:&quot;0&quot;,&quot;shutter_speed&quot;:&quot;0&quot;,&quot;title&quot;:&quot;&quot;,&quot;orientation&quot;:&quot;0&quot;}\" data-image-title=\"image\" data-image-description=\"\" data-image-caption=\"\" data-large-file=\"https:\/\/i0.wp.com\/patrimoine-avesnois.fr\/chemin\/wp-content\/uploads\/2020\/03\/image-94.png?fit=742%2C617&amp;ssl=1\" src=\"https:\/\/i0.wp.com\/patrimoine-avesnois.fr\/chemin\/wp-content\/uploads\/2020\/03\/image-94.png?resize=742%2C617\" alt=\"\" class=\"wp-image-9596\" style=\"width:630px;height:524px\" srcset=\"https:\/\/i0.wp.com\/patrimoine-avesnois.fr\/chemin\/wp-content\/uploads\/2020\/03\/image-94.png?w=742&amp;ssl=1 742w, https:\/\/i0.wp.com\/patrimoine-avesnois.fr\/chemin\/wp-content\/uploads\/2020\/03\/image-94.png?resize=300%2C249&amp;ssl=1 300w\" sizes=\"auto, (max-width: 742px) 85vw, 742px\" \/><\/figure>\n<\/div>\n\n\n<p>Source: Histoire du ch\u00e2teau de B\u00e9relles sur <a href=\"https:\/\/gallica.bnf.fr\/ark:\/12148\/bpt6k9754338m\/f34.item.r=Bulletin%20de%20la%20Soci%C3%A9t%C3%A9%20d'%C3%89tudes%20de%20la%20Province%20de%20Cambrai%20tome%20XXVIII,%201928\" target=\"_blank\" rel=\"noreferrer noopener\">Gallica<\/a>  : Bulletin de la Soci\u00e9t\u00e9 d&rsquo;\u00c9tudes de la Province de Cambrai Tome XXVIII 1928. <\/p>\n\n\n\n<p class=\"has-text-align-center has-bright-red-color has-light-blue-background-color has-text-color has-background has-medium-font-size\">Le ch\u00e2teau d&rsquo;Hug\u00e9mont \u00e0 Dompierre-sur-Helpe<\/p>\n\n\n<div class=\"wp-block-image\">\n<figure class=\"aligncenter is-resized\"><img data-recalc-dims=\"1\" loading=\"lazy\" decoding=\"async\" width=\"626\" height=\"471\" data-attachment-id=\"9274\" data-permalink=\"https:\/\/patrimoine-avesnois.fr\/chemin\/les-chateaux-de-lavesnois-et-leurs-proprietaires\/image-1364\/\" data-orig-file=\"https:\/\/i0.wp.com\/patrimoine-avesnois.fr\/chemin\/wp-content\/uploads\/2020\/02\/image-2.png?fit=626%2C471&amp;ssl=1\" data-orig-size=\"626,471\" data-comments-opened=\"1\" data-image-meta=\"{&quot;aperture&quot;:&quot;0&quot;,&quot;credit&quot;:&quot;&quot;,&quot;camera&quot;:&quot;&quot;,&quot;caption&quot;:&quot;&quot;,&quot;created_timestamp&quot;:&quot;0&quot;,&quot;copyright&quot;:&quot;&quot;,&quot;focal_length&quot;:&quot;0&quot;,&quot;iso&quot;:&quot;0&quot;,&quot;shutter_speed&quot;:&quot;0&quot;,&quot;title&quot;:&quot;&quot;,&quot;orientation&quot;:&quot;0&quot;}\" data-image-title=\"image\" data-image-description=\"\" data-image-caption=\"\" data-large-file=\"https:\/\/i0.wp.com\/patrimoine-avesnois.fr\/chemin\/wp-content\/uploads\/2020\/02\/image-2.png?fit=626%2C471&amp;ssl=1\" src=\"https:\/\/i0.wp.com\/patrimoine-avesnois.fr\/chemin\/wp-content\/uploads\/2020\/02\/image-2.png?resize=626%2C471\" alt=\"\" class=\"wp-image-9274\" style=\"width:630px;height:473px\" srcset=\"https:\/\/i0.wp.com\/patrimoine-avesnois.fr\/chemin\/wp-content\/uploads\/2020\/02\/image-2.png?w=626&amp;ssl=1 626w, https:\/\/i0.wp.com\/patrimoine-avesnois.fr\/chemin\/wp-content\/uploads\/2020\/02\/image-2.png?resize=300%2C226&amp;ssl=1 300w\" sizes=\"auto, (max-width: 626px) 85vw, 626px\" \/><figcaption class=\"wp-element-caption\">Le ch\u00e2teau d&rsquo;Hugemont \u00e0 Dompierre-sur-Helpe<\/figcaption><\/figure>\n<\/div>\n\n\n<p>La premi\u00e8re mention d\u2019un seigneur d\u2019Hugemont date de 1283.<\/p>\n\n\n\n<p>Le ch\u00e2teau d\u2019Hugemont a \u00e9t\u00e9 sans doute \u00e9difi\u00e9 peu apr\u00e8s 1674 pour Nicolas de Pr\u00e9seau, seigneur d\u2019 Ecu\u00e9lin, r\u00e9cemment anobli, qui cumulait les fonctions de greffier du magistrat, contr\u00f4leur des Fortifications et pr\u00e9v\u00f4t de la terre d\u2019Avesnes . Il est achev\u00e9 en 1714. Les premi\u00e8res \u00e9curies au sud, datent de 1742. Les jardins \u00e9galement au sud sont am\u00e9nag\u00e9s vers 1760. En 1764 le ch\u00e2teau fait l&rsquo;objet d&rsquo;un premier remaniement. La ferme est agrandie durant la deuxi\u00e8me moiti\u00e9 du XVIII e si\u00e8cle. On y ajoute  les haras qui ferment toujours l&rsquo;actuelle cour de ferme, construits vers 1769 par Jacques-Marguerite de Pr\u00e9seau (1731-1800) , inspecteur g\u00e9n\u00e9ral de la Mar\u00e9chauss\u00e9e et ma\u00eetre de cavalerie. <\/p>\n\n\n\n<p>Le ch\u00e2teau \u00e9chappe \u00e0 la tourmente r\u00e9volutionnaire ; il est restaur\u00e9 vers 1860 par Jules de Colnet, maire de Dompierre et conseiller g\u00e9n\u00e9ral qui le remet au go\u00fbt du jour.  <br>Le ch\u00e2teau \u00e9choue ensuite  au marquis de La Gr\u00e8ve, baron de la Sainte Ampoule. En 1895, le ch\u00e2teau passe par mariage \u00e0 la famille De Chambure \u00e0 qui il appartient toujours et qui exploite les terres.  <br>En 1898, la tour sud-est est d\u00e9truite dans un incendie    <\/p>\n\n\n\n<p>Le ch\u00e2teau, de plan rectangulaire, est cantonn\u00e9 de quatre pavillons l\u00e9g\u00e8rement plus \u00e9lev\u00e9s que le corps principal. Une ferme comportant des \u00e9l\u00e9ments de la fin du XVIe et du XVIIe si\u00e8cles est int\u00e9gr\u00e9e \u00e0 l\u2019ensemble. L\u2019ensemble est en briques et pierre bleue du pays.<br>La seigneurie de Dompierre appartenait, avant la r\u00e9volution, \u00e0 la maison d\u2019Orl\u00e9ans.Par lettres du 13 juillet 1736, le titre et les droits d\u2019officiers de haute, moyenne et basse justice dans la seigneurie de Dompierre, furent conf\u00e9r\u00e9s \u00e0 M. Fran\u00e7ois-Joseph de Pr\u00e9seau d\u2019Hugemont, pr\u00e9v\u00f4t g\u00e9n\u00e9ral de la mar\u00e9chauss\u00e9e. En 1751, les m\u00eames droits furent accord\u00e9s par le duc d\u2019Orl\u00e9ans \u00e0 M. Jacques-Marguerite de Pr\u00e9seau d\u2019Hugemont, fils du pr\u00e9c\u00e9dent, pour en jouir \u00e0 la succession de son p\u00e8re.<\/p>\n\n\n\n<p>Jacques Marguerite de Pr\u00e9seau \u00e9tait grand amateur de chevaux et avait cr\u00e9\u00e9 \u00e0 Hugemont des haras de forte renomm\u00e9e. Sa popularit\u00e9 pr\u00e9serva le ch\u00e2teau de toute d\u00e9vastation.  Le domaine est magnifique avec son parc, ses \u00e9tangs et ses terrasses compos\u00e9es de pelouses, de jardini\u00e8res et vasques qui leur conf\u00e8rent un style anglais.<\/p>\n\n\n\n<p>Source : <a aria-label=\" (opens in a new tab)\" href=\"https:\/\/www.pop.culture.gouv.fr\/notice\/merimee\/PA59000057\" target=\"_blank\" rel=\"noreferrer noopener\">Patrimoine architectural (M\u00e9rim\u00e9e) <\/a><\/p>\n\n\n\n<p>Pr\u00e9cisions g\u00e9n\u00e9alogiques :  <\/p>\n\n\n\n<p>Jacques Marguerite de Pr\u00e9seau d\u00e9c\u00e9da au ch\u00e2teau le 17 juillet 1800. Il avait \u00e9pous\u00e9 Marie Catherine Colnet de Hou\u00ff Monplaisir. <\/p>\n\n\n\n<p>Son fils Louis Fran\u00e7ois Marguerite fut capitaine de dragons, \u00e9cuyer de Mme \u00c9lisabeth de France, la s\u0153ur de Louis XVI. De retour d&rsquo;\u00e9migration, il devint Conseiller G\u00e9n\u00e9ral et D\u00e9put\u00e9 du Nord. De son union avec Marie Madeleine de Voorst, il eut deux filles et c&rsquo;en fut donc fini des De Pr\u00e9seau d&rsquo;Hug\u00e9mont. <\/p>\n\n\n\n<p>L\u2019a\u00een\u00e9e  Ad\u00e9la\u00efde de Pr\u00e9seau \u00e9pousa en 1820 Charles Auguste de Colnet, seigneur de Hou\u00ff-Monplaisir. Elle d\u00e9c\u00e9da en 1821 en mettant au monde sa fille Ad\u00e9la\u00efde. Cette derni\u00e8re se maria en 1837 avec son cousin, Jules de Colnet, Seigneur de Forzy et Berthenay-en-Soissonnais. C&rsquo;est lui, qui entreprit \u00e0 partir de 1860 de grands travaux sur les jardins et qui, nous l&rsquo;avons dit remit le ch\u00e2teau au go\u00fbt du jour.<\/p>\n\n\n\n<p>Sa fille Blanche de Colnet, h\u00e9riti\u00e8re, \u00e9pousa en 1868, Ferdinand de Beffroy de la Gr\u00e8ve. Leur fille Madeleine ( 1875 1910) s&rsquo;unit \u00e0 Dompierre, en 1895, \u00e0 Joseph Pelletier de Chambure (1870 1942), fils de Hugues Denis Antoine Pelletier de Chambure et de Louise Aldegonde Henriette d&rsquo;Erp. .<\/p>\n\n\n\n<p>L&rsquo;un de leur fils <a aria-label=\"Jean (opens in a new tab)\" href=\"https:\/\/gw.geneanet.org\/virgile81?lang=en&amp;pz=mathieu+maurice+andre&amp;nz=nival&amp;ocz=1&amp;p=jean&amp;n=pelletier+de+chambure\" target=\"_blank\" rel=\"noreferrer noopener\">Jean<\/a> mari\u00e9 \u00e0  Agn\u00e8s Marie Jos\u00e8phe&nbsp;Delame Lelievre h\u00e9rita du ch\u00e2teau d&rsquo;Hugemont et le transmit \u00e0 sa mort en 1970, \u00e0 l&rsquo;actuel propri\u00e9taire Michel Pelletier de Chambure n\u00e9 au ch\u00e2teau le 12 d\u00e9cembre 1927. Mari\u00e9 \u00e0 Bernadette de Montpellier de Vedrin il a six enfants : Christophe, Olivier mari\u00e9 \u00e0 Ghislaine de Moutaudouin, Marie \u00e9pouse de &nbsp;Andr\u00e9 Baguenier-Desormeaux, Guillaume, Philippe et \u00c9tienne.<\/p>\n\n\n\n<p>Inscrit MH partiellement . Propri\u00e9t\u00e9 Priv\u00e9e . Visites possibles lors de<a aria-label=\" manifestations  (opens in a new tab)\" href=\"https:\/\/www.lavoixdunord.fr\/art\/region\/dompierre-sur-helpe-le-chateau-accueille-artistes-et-ia12b45184n1459855\" target=\"_blank\" rel=\"noreferrer noopener\"> manifestations <\/a><\/p>\n\n\n\n<p class=\"has-text-align-center has-bright-red-color has-light-blue-background-color has-text-color has-background has-medium-font-size\">Le ch\u00e2teau de Dourlers<\/p>\n\n\n<div class=\"wp-block-image\">\n<figure class=\"aligncenter is-resized\"><img data-recalc-dims=\"1\" loading=\"lazy\" decoding=\"async\" width=\"840\" height=\"555\" data-attachment-id=\"9279\" data-permalink=\"https:\/\/patrimoine-avesnois.fr\/chemin\/les-chateaux-de-lavesnois-et-leurs-proprietaires\/image-1365\/\" data-orig-file=\"https:\/\/i0.wp.com\/patrimoine-avesnois.fr\/chemin\/wp-content\/uploads\/2020\/02\/image-3.png?fit=890%2C588&amp;ssl=1\" data-orig-size=\"890,588\" data-comments-opened=\"1\" data-image-meta=\"{&quot;aperture&quot;:&quot;0&quot;,&quot;credit&quot;:&quot;&quot;,&quot;camera&quot;:&quot;&quot;,&quot;caption&quot;:&quot;&quot;,&quot;created_timestamp&quot;:&quot;0&quot;,&quot;copyright&quot;:&quot;&quot;,&quot;focal_length&quot;:&quot;0&quot;,&quot;iso&quot;:&quot;0&quot;,&quot;shutter_speed&quot;:&quot;0&quot;,&quot;title&quot;:&quot;&quot;,&quot;orientation&quot;:&quot;0&quot;}\" data-image-title=\"image\" data-image-description=\"\" data-image-caption=\"\" data-large-file=\"https:\/\/i0.wp.com\/patrimoine-avesnois.fr\/chemin\/wp-content\/uploads\/2020\/02\/image-3.png?fit=840%2C555&amp;ssl=1\" src=\"https:\/\/i0.wp.com\/patrimoine-avesnois.fr\/chemin\/wp-content\/uploads\/2020\/02\/image-3.png?resize=840%2C555\" alt=\"\" class=\"wp-image-9279\" style=\"width:630px;height:416px\" srcset=\"https:\/\/i0.wp.com\/patrimoine-avesnois.fr\/chemin\/wp-content\/uploads\/2020\/02\/image-3.png?w=890&amp;ssl=1 890w, https:\/\/i0.wp.com\/patrimoine-avesnois.fr\/chemin\/wp-content\/uploads\/2020\/02\/image-3.png?resize=300%2C198&amp;ssl=1 300w, https:\/\/i0.wp.com\/patrimoine-avesnois.fr\/chemin\/wp-content\/uploads\/2020\/02\/image-3.png?resize=768%2C507&amp;ssl=1 768w\" sizes=\"auto, (max-width: 709px) 85vw, (max-width: 909px) 67vw, (max-width: 1362px) 62vw, 840px\" \/><figcaption class=\"wp-element-caption\">Le ch\u00e2teau de Dourlers<\/figcaption><\/figure>\n<\/div>\n\n<div class=\"wp-block-image\">\n<figure class=\"aligncenter is-resized\"><img data-recalc-dims=\"1\" loading=\"lazy\" decoding=\"async\" width=\"840\" height=\"536\" data-attachment-id=\"9317\" data-permalink=\"https:\/\/patrimoine-avesnois.fr\/chemin\/les-chateaux-de-lavesnois-et-leurs-proprietaires\/image-1385\/\" data-orig-file=\"https:\/\/i0.wp.com\/patrimoine-avesnois.fr\/chemin\/wp-content\/uploads\/2020\/02\/image-23.png?fit=854%2C545&amp;ssl=1\" data-orig-size=\"854,545\" data-comments-opened=\"1\" data-image-meta=\"{&quot;aperture&quot;:&quot;0&quot;,&quot;credit&quot;:&quot;&quot;,&quot;camera&quot;:&quot;&quot;,&quot;caption&quot;:&quot;&quot;,&quot;created_timestamp&quot;:&quot;0&quot;,&quot;copyright&quot;:&quot;&quot;,&quot;focal_length&quot;:&quot;0&quot;,&quot;iso&quot;:&quot;0&quot;,&quot;shutter_speed&quot;:&quot;0&quot;,&quot;title&quot;:&quot;&quot;,&quot;orientation&quot;:&quot;0&quot;}\" data-image-title=\"image\" data-image-description=\"\" data-image-caption=\"\" data-large-file=\"https:\/\/i0.wp.com\/patrimoine-avesnois.fr\/chemin\/wp-content\/uploads\/2020\/02\/image-23.png?fit=840%2C536&amp;ssl=1\" src=\"https:\/\/i0.wp.com\/patrimoine-avesnois.fr\/chemin\/wp-content\/uploads\/2020\/02\/image-23.png?resize=840%2C536\" alt=\"\" class=\"wp-image-9317\" style=\"width:630px;height:403px\" srcset=\"https:\/\/i0.wp.com\/patrimoine-avesnois.fr\/chemin\/wp-content\/uploads\/2020\/02\/image-23.png?w=854&amp;ssl=1 854w, https:\/\/i0.wp.com\/patrimoine-avesnois.fr\/chemin\/wp-content\/uploads\/2020\/02\/image-23.png?resize=300%2C191&amp;ssl=1 300w, https:\/\/i0.wp.com\/patrimoine-avesnois.fr\/chemin\/wp-content\/uploads\/2020\/02\/image-23.png?resize=768%2C490&amp;ssl=1 768w\" sizes=\"auto, (max-width: 709px) 85vw, (max-width: 909px) 67vw, (max-width: 1362px) 62vw, 840px\" \/><\/figure>\n<\/div>\n\n<div class=\"wp-block-image\">\n<figure class=\"aligncenter is-resized\"><img data-recalc-dims=\"1\" loading=\"lazy\" decoding=\"async\" width=\"667\" height=\"499\" data-attachment-id=\"9315\" data-permalink=\"https:\/\/patrimoine-avesnois.fr\/chemin\/les-chateaux-de-lavesnois-et-leurs-proprietaires\/image-1383\/\" data-orig-file=\"https:\/\/i0.wp.com\/patrimoine-avesnois.fr\/chemin\/wp-content\/uploads\/2020\/02\/image-21.png?fit=667%2C499&amp;ssl=1\" data-orig-size=\"667,499\" data-comments-opened=\"1\" data-image-meta=\"{&quot;aperture&quot;:&quot;0&quot;,&quot;credit&quot;:&quot;&quot;,&quot;camera&quot;:&quot;&quot;,&quot;caption&quot;:&quot;&quot;,&quot;created_timestamp&quot;:&quot;0&quot;,&quot;copyright&quot;:&quot;&quot;,&quot;focal_length&quot;:&quot;0&quot;,&quot;iso&quot;:&quot;0&quot;,&quot;shutter_speed&quot;:&quot;0&quot;,&quot;title&quot;:&quot;&quot;,&quot;orientation&quot;:&quot;0&quot;}\" data-image-title=\"image\" data-image-description=\"\" data-image-caption=\"\" data-large-file=\"https:\/\/i0.wp.com\/patrimoine-avesnois.fr\/chemin\/wp-content\/uploads\/2020\/02\/image-21.png?fit=667%2C499&amp;ssl=1\" src=\"https:\/\/i0.wp.com\/patrimoine-avesnois.fr\/chemin\/wp-content\/uploads\/2020\/02\/image-21.png?resize=667%2C499\" alt=\"\" class=\"wp-image-9315\" style=\"width:630px;height:470px\" srcset=\"https:\/\/i0.wp.com\/patrimoine-avesnois.fr\/chemin\/wp-content\/uploads\/2020\/02\/image-21.png?w=667&amp;ssl=1 667w, https:\/\/i0.wp.com\/patrimoine-avesnois.fr\/chemin\/wp-content\/uploads\/2020\/02\/image-21.png?resize=300%2C224&amp;ssl=1 300w\" sizes=\"auto, (max-width: 667px) 85vw, 667px\" \/><figcaption class=\"wp-element-caption\">Le ch\u00e2teau de Dourlers<\/figcaption><\/figure>\n<\/div>\n\n<div class=\"wp-block-image\">\n<figure class=\"aligncenter is-resized\"><img data-recalc-dims=\"1\" loading=\"lazy\" decoding=\"async\" width=\"629\" height=\"445\" data-attachment-id=\"9280\" data-permalink=\"https:\/\/patrimoine-avesnois.fr\/chemin\/les-chateaux-de-lavesnois-et-leurs-proprietaires\/image-1366\/\" data-orig-file=\"https:\/\/i0.wp.com\/patrimoine-avesnois.fr\/chemin\/wp-content\/uploads\/2020\/02\/image-4.png?fit=629%2C445&amp;ssl=1\" data-orig-size=\"629,445\" data-comments-opened=\"1\" data-image-meta=\"{&quot;aperture&quot;:&quot;0&quot;,&quot;credit&quot;:&quot;&quot;,&quot;camera&quot;:&quot;&quot;,&quot;caption&quot;:&quot;&quot;,&quot;created_timestamp&quot;:&quot;0&quot;,&quot;copyright&quot;:&quot;&quot;,&quot;focal_length&quot;:&quot;0&quot;,&quot;iso&quot;:&quot;0&quot;,&quot;shutter_speed&quot;:&quot;0&quot;,&quot;title&quot;:&quot;&quot;,&quot;orientation&quot;:&quot;0&quot;}\" data-image-title=\"image\" data-image-description=\"\" data-image-caption=\"\" data-large-file=\"https:\/\/i0.wp.com\/patrimoine-avesnois.fr\/chemin\/wp-content\/uploads\/2020\/02\/image-4.png?fit=629%2C445&amp;ssl=1\" src=\"https:\/\/i0.wp.com\/patrimoine-avesnois.fr\/chemin\/wp-content\/uploads\/2020\/02\/image-4.png?resize=629%2C445\" alt=\"\" class=\"wp-image-9280\" style=\"width:630px;height:438px\" srcset=\"https:\/\/i0.wp.com\/patrimoine-avesnois.fr\/chemin\/wp-content\/uploads\/2020\/02\/image-4.png?w=629&amp;ssl=1 629w, https:\/\/i0.wp.com\/patrimoine-avesnois.fr\/chemin\/wp-content\/uploads\/2020\/02\/image-4.png?resize=300%2C212&amp;ssl=1 300w\" sizes=\"auto, (max-width: 629px) 85vw, 629px\" \/><figcaption class=\"wp-element-caption\">Le ch\u00e2teau de Dourlers<\/figcaption><\/figure>\n<\/div>\n\n\n<p>Un premier ch\u00e2teau construit aux environs du XIII e si\u00e8cle fut en ruines vers 1450. En 1618, les seigneurs de Lestang relev\u00e8rent ses vestiges, mais la nouvelle construction fut \u00e0 nouveau ruin\u00e9e \u00e0 la fin du si\u00e8cle.<\/p>\n\n\n\n<p>Entre 1710 et 1713, lors de la signature de la paix d\u2019Utrecht, Pierre Bady, \u00e9cuyer, originaire du comt\u00e9 de Namur, qui peu de temps avant avait acquis la terre et seigneurie du lieu, fit \u00e9riger un nouveau ch\u00e2teau.  <br>Les constructions actuelles&nbsp;seraient dues \u00e0 son quatri\u00e8me fils, Antoine Fran\u00e7ois, qui avait la charge de grand bailli . <\/p>\n\n\n\n<p>Le ch\u00e2teau subit  d\u2019importants d\u00e9g\u00e2ts le 15 octobre 1793 (l&rsquo;artillerie de Jourdan prenant la demeure pour cible car elle abritait le quartier g\u00e9n\u00e9ral autrichien du g\u00e9n\u00e9ral de Clerfayt). Un pr\u00eate-nom l&rsquo;acquiert en l&rsquo;an VI au profit de Charles Bady qui y r\u00e9sidera jusque sa mort en 1833. La marquise de N\u00e9donchel le restaure apr\u00e8s en avoir h\u00e9rit\u00e9 et l\u2019agr\u00e9mente d\u2019un parc \u00e0 l\u2019anglaise.<\/p>\n\n\n\n<p>En effet Aim\u00e9e-Marie Sophie de N\u00e9donchel dite \u00abZo\u00e9\u00bb \u00b0 02\/04\/1779 (Douai) + 04\/05\/1847 (Jolimetz ; inhum\u00e9e au Quesnoy) marquise de N\u00e9donchel h\u00e9rite du ch\u00e2teau de Dourlers en 1845 \u00e0 la mort de son cousin Bertrand Bady.<\/p>\n\n\n\n<p> Son fils Charles-Louis Alexandre de N\u00e9donchel \u00b0 21\/08\/1815 (Jolimetz) + 08\/11\/1860 (Jolimetz) marquis de N\u00e9donchel, baron de Bouvignies et Dourlers, est Ch\u00e2telain de Dourlers (1848). Son \u00e9pouse Marie-Emilie d\u2019Oultremont de Duras, comtesse de Duras \u00b0 30\/08\/1829 (Bruxelles) + 28\/05\/1878 (Paris) est inhum\u00e9e \u00e0 Dourlers.<\/p>\n\n\n\n<p>L&rsquo;un de leurs quatre enfants, Sosth\u00e8ne-Henri Marie de N\u00e9donchel \u00b0 16\/03\/1855 (Dourlers) + 23\/12\/1912 (Paris) marquis de N\u00e9donchel, baron de Bouvignies, Dourlers et Jolimetz, Ch\u00e2telain de Dourlers puis de Jolimetz (apr\u00e8s son fr\u00e8re), Maire de Dourlers (1892-1911) h\u00e9rite du ch\u00e2teau de Dourlers puis, en 1884, de celui de Jolimetz, \u00e0 la mort de son fr\u00e8re Octave.<\/p>\n\n\n\n<p> Sans alliance Dourlers et Jolimetz passent \u00e0 son neveu Fran\u00e7ois-Louis Joseph de Bourbon-Busset, comte de Busset (fils de Robert-Fran\u00e7ois Joseph et de Jeanne Louise Marie de N\u00e9donchel) qui vend le domaine de Dourlers vers 1974.   <\/p>\n\n\n\n<p>M. Mulleman acquiert alors le ch\u00e2teau et en fait le mus\u00e9e du scoutisme. Depuis 2004, les actuels propri\u00e9taires Mr et  Mme Gon-Paz, ont remis en \u00e9tat leur propri\u00e9t\u00e9 ( notamment l&rsquo;\u00e9lectricit\u00e9 souterraine et les toitures) .La construction de la v\u00e9randa a \u00e9t\u00e9 autoris\u00e9e car \u00e0 l&rsquo;origine, il y avait une serre vitr\u00e9e, visible sur les photos d&rsquo;\u00e9poque. La glaci\u00e8re a \u00e9galement \u00e9t\u00e9 restaur\u00e9e.<\/p>\n\n\n\n<p>\u00c9l\u00e9ments prot\u00e9g\u00e9s MH : le ch\u00e2teau et le parc : inscription par arr\u00eat\u00e9 du 1er octobre 1992. Propri\u00e9t\u00e9 Priv\u00e9e. Seuls les ext\u00e9rieurs sont accessibles au public avec autorisation. (Journ\u00e9es du Patrimoine avec Philippe Tabary ou expositions culturelles et caritatives)<\/p>\n\n\n\n<p class=\"has-text-align-center has-bright-red-color has-light-blue-background-color has-text-color has-background has-medium-font-size\">Le ch\u00e2teau d&rsquo;Eclaibes<\/p>\n\n\n<div class=\"wp-block-image\">\n<figure class=\"aligncenter is-resized\"><img decoding=\"async\" src=\"https:\/\/i1.wp.com\/nord-escapade.com\/wp-content\/uploads\/2016\/05\/Chateau-dEclaibes-Les-plus-beaux-villages-du-Nord-Pas-de-Calais-Nord-Escapade.jpg?w=840&amp;ssl=1\" alt=\"Le ch\u00c3\u00a2teau d'Eclaibes\" style=\"width:630px;height:420px\"\/><figcaption class=\"wp-element-caption\">Le ch\u00e2teau d\u2019Eclaibes<br>Photo: Les plus beaux villages des Hauts-de-France<\/figcaption><\/figure>\n<\/div>\n\n\n<p>Le village d&rsquo;Eclaibes fut le si\u00e8ge d&rsquo;un ch\u00e2teau dont la fondation remonte au XIe si\u00e8cle. Il \u00e9tait habit\u00e9 alors par la famille de Roussillon, une branche cadette de la maison de Chi\u00e8vres. Il s&rsquo;agissait d&rsquo;une des plus grandes forteresses de la r\u00e9gion, comprenant d\u00e8s le XIIe si\u00e8cle une ceinture de tours. <br>Il fut plusieurs fois assi\u00e9g\u00e9 sous les r\u00e8gnes de Henri II, Louis XIII et Louis XIV ; Louis XI y s\u00e9journa en 1477.<\/p>\n\n\n\n<p>Les seigneurs portant le nom du lieu ont poss\u00e9d\u00e9 le ch\u00e2teau jusqu&rsquo;en 1591, date \u00e0 laquelle Charles d&rsquo;Eclaibes vendit le fief au seigneur de Fosteau. Il passa ensuite \u00e0 Charles de Cro\u00ff qui refit le ch\u00e2teau, lequel fut d\u00e9moli \u00e0 la R\u00e9volution et servit de carri\u00e8re de pierres.<\/p>\n\n\n<div class=\"wp-block-image\">\n<figure class=\"aligncenter\"><img loading=\"lazy\" decoding=\"async\" width=\"448\" height=\"698\" data-attachment-id=\"995\" data-permalink=\"https:\/\/patrimoine-avesnois.fr\/chemin\/eclaibes\/image-198\/\" data-orig-file=\"https:\/\/i0.wp.com\/patrimoine-avesnois.fr\/chemin\/wp-content\/uploads\/2019\/04\/image-176.png?fit=448%2C698&amp;ssl=1\" data-orig-size=\"448,698\" data-comments-opened=\"1\" data-image-meta=\"{&quot;aperture&quot;:&quot;0&quot;,&quot;credit&quot;:&quot;&quot;,&quot;camera&quot;:&quot;&quot;,&quot;caption&quot;:&quot;&quot;,&quot;created_timestamp&quot;:&quot;0&quot;,&quot;copyright&quot;:&quot;&quot;,&quot;focal_length&quot;:&quot;0&quot;,&quot;iso&quot;:&quot;0&quot;,&quot;shutter_speed&quot;:&quot;0&quot;,&quot;title&quot;:&quot;&quot;,&quot;orientation&quot;:&quot;0&quot;}\" data-image-title=\"image\" data-image-description=\"\" data-image-caption=\"\" data-large-file=\"https:\/\/i0.wp.com\/patrimoine-avesnois.fr\/chemin\/wp-content\/uploads\/2019\/04\/image-176.png?fit=448%2C698&amp;ssl=1\" src=\"https:\/\/i0.wp.com\/patrimoine-avesnois.fr\/chemin\/wp-content\/uploads\/2019\/04\/image-176.png?w=840\" alt=\"\" class=\"wp-image-995\" srcset=\"https:\/\/i0.wp.com\/patrimoine-avesnois.fr\/chemin\/wp-content\/uploads\/2019\/04\/image-176.png?w=448&amp;ssl=1 448w, https:\/\/i0.wp.com\/patrimoine-avesnois.fr\/chemin\/wp-content\/uploads\/2019\/04\/image-176.png?resize=193%2C300&amp;ssl=1 193w\" sizes=\"auto, (max-width: 448px) 85vw, 448px\" \/><figcaption class=\"wp-element-caption\">La Tour de la sorci\u00e8re en 1923<\/figcaption><\/figure>\n<\/div>\n\n<div class=\"wp-block-image\">\n<figure class=\"aligncenter\"><img decoding=\"async\" src=\"https:\/\/i1.wp.com\/www.commune-eclaibes.fr\/wp-content\/uploads\/2014\/09\/eclaibes_tour_du_chateau.jpg?resize=448%2C596\" alt=\"\"\/><figcaption class=\"wp-element-caption\">La Tour actuelle<\/figcaption><\/figure>\n<\/div>\n\n\n<p>Cette tour se composait de trois \u00e9tages; il n&rsquo;en reste que deux. Le dernier, pratiquement d\u00e9truit sert de support \u00e0 la toiture d&rsquo;ardoises. Pour la cave, il y eut deux acc\u00e8s. Le plus ancien permettait d&rsquo;y descendre de l&rsquo;int\u00e9rieur tandis que de nos jours on ne peut y rentrer que de l&rsquo;ext\u00e9rieur (l&rsquo;escalier ayant \u00e9t\u00e9 partiellement mur\u00e9). La base de cette \u00e9norme tour est constitu\u00e9e de belles pierres grises alors que les portes hautes sont faites de briques rouges dont la construction, semble-t-il, remonte au XVI e si\u00e8cle. Il y a une fen\u00eatre mur\u00e9e correspondant \u00e0 la chapelle. Sur la gauche un mur \u00e9pais (courtine) bord\u00e9 d&rsquo;un foss\u00e9 \u00e0 l&rsquo;\u00e9poque rejoint la Tour de la Prison pour laquelle il ne reste qu&rsquo;une seule salle d\u00e9gag\u00e9e.<\/p>\n\n\n<div class=\"wp-block-image\">\n<figure class=\"aligncenter size-large\"><img data-recalc-dims=\"1\" loading=\"lazy\" decoding=\"async\" width=\"840\" height=\"495\" data-attachment-id=\"20084\" data-permalink=\"https:\/\/patrimoine-avesnois.fr\/chemin\/les-chateaux-de-lavesnois-et-leurs-proprietaires\/lead-technologies-inc-v1-01-2\/\" data-orig-file=\"https:\/\/i0.wp.com\/patrimoine-avesnois.fr\/chemin\/wp-content\/uploads\/2024\/11\/Chateau-Eclaibes.jpg?fit=2237%2C1320&amp;ssl=1\" data-orig-size=\"2237,1320\" data-comments-opened=\"1\" data-image-meta=\"{&quot;aperture&quot;:&quot;0&quot;,&quot;credit&quot;:&quot;&quot;,&quot;camera&quot;:&quot;&quot;,&quot;caption&quot;:&quot;LEAD Technologies Inc. V1.01&quot;,&quot;created_timestamp&quot;:&quot;0&quot;,&quot;copyright&quot;:&quot;&quot;,&quot;focal_length&quot;:&quot;0&quot;,&quot;iso&quot;:&quot;0&quot;,&quot;shutter_speed&quot;:&quot;0&quot;,&quot;title&quot;:&quot;LEAD Technologies Inc. V1.01&quot;,&quot;orientation&quot;:&quot;1&quot;}\" data-image-title=\"LEAD Technologies Inc. V1.01\" data-image-description=\"\" data-image-caption=\"&lt;p&gt;LEAD Technologies Inc. V1.01&lt;\/p&gt;\n\" data-large-file=\"https:\/\/i0.wp.com\/patrimoine-avesnois.fr\/chemin\/wp-content\/uploads\/2024\/11\/Chateau-Eclaibes.jpg?fit=840%2C495&amp;ssl=1\" src=\"https:\/\/i0.wp.com\/patrimoine-avesnois.fr\/chemin\/wp-content\/uploads\/2024\/11\/Chateau-Eclaibes-1024x604.jpg?resize=840%2C495&#038;ssl=1\" alt=\"\" class=\"wp-image-20084\" srcset=\"https:\/\/i0.wp.com\/patrimoine-avesnois.fr\/chemin\/wp-content\/uploads\/2024\/11\/Chateau-Eclaibes.jpg?resize=1024%2C604&amp;ssl=1 1024w, https:\/\/i0.wp.com\/patrimoine-avesnois.fr\/chemin\/wp-content\/uploads\/2024\/11\/Chateau-Eclaibes.jpg?resize=300%2C177&amp;ssl=1 300w, https:\/\/i0.wp.com\/patrimoine-avesnois.fr\/chemin\/wp-content\/uploads\/2024\/11\/Chateau-Eclaibes.jpg?resize=768%2C453&amp;ssl=1 768w, https:\/\/i0.wp.com\/patrimoine-avesnois.fr\/chemin\/wp-content\/uploads\/2024\/11\/Chateau-Eclaibes.jpg?resize=1536%2C906&amp;ssl=1 1536w, https:\/\/i0.wp.com\/patrimoine-avesnois.fr\/chemin\/wp-content\/uploads\/2024\/11\/Chateau-Eclaibes.jpg?resize=2048%2C1208&amp;ssl=1 2048w, https:\/\/i0.wp.com\/patrimoine-avesnois.fr\/chemin\/wp-content\/uploads\/2024\/11\/Chateau-Eclaibes.jpg?resize=1200%2C708&amp;ssl=1 1200w, https:\/\/i0.wp.com\/patrimoine-avesnois.fr\/chemin\/wp-content\/uploads\/2024\/11\/Chateau-Eclaibes.jpg?w=1680 1680w\" sizes=\"auto, (max-width: 709px) 85vw, (max-width: 909px) 67vw, (max-width: 1362px) 62vw, 840px\" \/><figcaption class=\"wp-element-caption\">Aper\u00e7u g\u00e9n\u00e9ral du ch\u00e2teau d&rsquo;Eclaibes<\/figcaption><\/figure>\n<\/div>\n\n\n<p>Cette ancienne et noble forteresse comportait un large et profond foss\u00e9 rempli d&rsquo;eau. Elle disposait d&rsquo;un mur \u00e9pais \u00e0 cr\u00e9neaux (certaines parties sont en tr\u00e8s mauvais \u00e9tat), un second foss\u00e9 (totalement combl\u00e9 de nos jours) et enfin un second mur reliant les quatre tours. Chaque extr\u00e9mit\u00e9 de l&rsquo;enceinte ext\u00e9rieure comportait en effet un solide bastion et il ne reste qu&rsquo;une seule de ces tours qui fut pr\u00e9serv\u00e9e gr\u00e2ce \u00e0 la pose d&rsquo;un toit \u00e0 quatre pans il y a une cinquantaine d&rsquo;ann\u00e9es. Un pont-levis permettait d&rsquo;acc\u00e9der \u00e0 l&rsquo;int\u00e9rieur du ch\u00e2teau m\u00eame. Au dessus du pont-levis, une date : 1608 et un blason, celui des Croy, seigneurs d&rsquo;Avesnes comportant trois fasces (bandes horizontales) et entour\u00e9 du Cordon de la Toison d&rsquo;Or (ordre de chevalerie cr\u00e9\u00e9 par Philippe le Bon, duc de Bourgogne).<\/p>\n\n\n<div class=\"wp-block-image\">\n<figure class=\"aligncenter\"><img decoding=\"async\" src=\"https:\/\/i1.wp.com\/www.commune-eclaibes.fr\/wp-content\/uploads\/2014\/09\/blasonpierre.jpg?resize=448%2C585\" alt=\"blasonpierre\"\/><figcaption class=\"wp-element-caption\"><a aria-label=\" (opens in a new tab)\" href=\"http:\/\/www2.culture.gouv.fr\/public\/mistral\/palissy_fr?ACTION=CHERCHER&amp;FIELD_98=REF&amp;VALUE_98=PM59000527\" target=\"_blank\" rel=\"noreferrer noopener\">Le blason des Seigneurs d\u2019\u00c9claibes<\/a>&nbsp;existe encore sur l\u2019une des pierres du Ch\u00e2teau : Ce blason est la base du Blason communal, auquel vient s\u2019ajouter la devise des Seigneurs du ch\u00e2teau :&nbsp;<a href=\"http:\/\/www.commune-eclaibes.fr\/services-municipaux\/historique\/a-moy-ne-tien-esclaibes\/\" target=\"_blank\" rel=\"noreferrer noopener\">&nbsp;\u00bb&nbsp;<\/a><em><a href=\"http:\/\/www.commune-eclaibes.fr\/services-municipaux\/historique\/a-moy-ne-tien-esclaibes\/\" target=\"_blank\" rel=\"noreferrer noopener\">A moy ne tien Esclaibes&nbsp;\u00bb<\/a><\/em><a href=\"http:\/\/www.commune-eclaibes.fr\/services-municipaux\/historique\/a-moy-ne-tien-esclaibes\/\" target=\"_blank\" rel=\"noreferrer noopener\">&nbsp;.<\/a><\/figcaption><\/figure>\n<\/div>\n\n<div class=\"wp-block-image\">\n<figure class=\"aligncenter is-resized\"><img data-recalc-dims=\"1\" loading=\"lazy\" decoding=\"async\" width=\"297\" height=\"225\" data-attachment-id=\"9321\" data-permalink=\"https:\/\/patrimoine-avesnois.fr\/chemin\/les-chateaux-de-lavesnois-et-leurs-proprietaires\/image-1386\/\" data-orig-file=\"https:\/\/i0.wp.com\/patrimoine-avesnois.fr\/chemin\/wp-content\/uploads\/2020\/02\/image-24.png?fit=297%2C225&amp;ssl=1\" data-orig-size=\"297,225\" data-comments-opened=\"1\" data-image-meta=\"{&quot;aperture&quot;:&quot;0&quot;,&quot;credit&quot;:&quot;&quot;,&quot;camera&quot;:&quot;&quot;,&quot;caption&quot;:&quot;&quot;,&quot;created_timestamp&quot;:&quot;0&quot;,&quot;copyright&quot;:&quot;&quot;,&quot;focal_length&quot;:&quot;0&quot;,&quot;iso&quot;:&quot;0&quot;,&quot;shutter_speed&quot;:&quot;0&quot;,&quot;title&quot;:&quot;&quot;,&quot;orientation&quot;:&quot;0&quot;}\" data-image-title=\"image\" data-image-description=\"\" data-image-caption=\"\" data-large-file=\"https:\/\/i0.wp.com\/patrimoine-avesnois.fr\/chemin\/wp-content\/uploads\/2020\/02\/image-24.png?fit=297%2C225&amp;ssl=1\" src=\"https:\/\/i0.wp.com\/patrimoine-avesnois.fr\/chemin\/wp-content\/uploads\/2020\/02\/image-24.png?resize=297%2C225\" alt=\"\" class=\"wp-image-9321\" style=\"width:630px;height:476px\"\/><figcaption class=\"wp-element-caption\">L&rsquo;enceinte et les douves<\/figcaption><\/figure>\n<\/div>\n\n\n<p>Du ch\u00e2teau , de nos jours, il ne reste plus que l\u2019enceinte ext\u00e9rieure, recouverte par une \u00e9paisse couche de lierre, les douves en eau. Une des quatre anciennes tours a r\u00e9sist\u00e9 au temps. C\u2019est la tour de la Sorci\u00e8re, dont la base serait encore d\u2019\u00e9poque. Les d\u00e9pendances du ch\u00e2teau font d\u00e9sormais office d\u2019habitation principale.<\/p>\n\n\n<div class=\"wp-block-image\">\n<figure class=\"aligncenter is-resized\"><img data-recalc-dims=\"1\" loading=\"lazy\" decoding=\"async\" width=\"298\" height=\"225\" data-attachment-id=\"9322\" data-permalink=\"https:\/\/patrimoine-avesnois.fr\/chemin\/les-chateaux-de-lavesnois-et-leurs-proprietaires\/image-1387\/\" data-orig-file=\"https:\/\/i0.wp.com\/patrimoine-avesnois.fr\/chemin\/wp-content\/uploads\/2020\/02\/image-25.png?fit=298%2C225&amp;ssl=1\" data-orig-size=\"298,225\" data-comments-opened=\"1\" data-image-meta=\"{&quot;aperture&quot;:&quot;0&quot;,&quot;credit&quot;:&quot;&quot;,&quot;camera&quot;:&quot;&quot;,&quot;caption&quot;:&quot;&quot;,&quot;created_timestamp&quot;:&quot;0&quot;,&quot;copyright&quot;:&quot;&quot;,&quot;focal_length&quot;:&quot;0&quot;,&quot;iso&quot;:&quot;0&quot;,&quot;shutter_speed&quot;:&quot;0&quot;,&quot;title&quot;:&quot;&quot;,&quot;orientation&quot;:&quot;0&quot;}\" data-image-title=\"image\" data-image-description=\"\" data-image-caption=\"\" data-large-file=\"https:\/\/i0.wp.com\/patrimoine-avesnois.fr\/chemin\/wp-content\/uploads\/2020\/02\/image-25.png?fit=298%2C225&amp;ssl=1\" src=\"https:\/\/i0.wp.com\/patrimoine-avesnois.fr\/chemin\/wp-content\/uploads\/2020\/02\/image-25.png?resize=298%2C225\" alt=\"\" class=\"wp-image-9322\" style=\"width:630px;height:475px\"\/><figcaption class=\"wp-element-caption\"> A gauche : CHEVALIER DE JERUSALEM A droite : ET LE MONT SINAI Date : 1449  <br>Photo CHGB . <\/figcaption><\/figure>\n<\/div>\n\n\n<p> Sur une large pierre qui surmonte l\u2019une des portes d\u2019entr\u00e9e, on lit ces mots : \u00ab&nbsp;Jean d\u2019Eclaibes, Chevalier de J\u00e9rusalem et du Mont Sina\u00ef \u2013 1449&nbsp;\u00bb. <\/p>\n\n\n<div class=\"wp-block-image\">\n<figure class=\"aligncenter is-resized\"><img data-recalc-dims=\"1\" loading=\"lazy\" decoding=\"async\" width=\"801\" height=\"415\" data-attachment-id=\"9323\" data-permalink=\"https:\/\/patrimoine-avesnois.fr\/chemin\/les-chateaux-de-lavesnois-et-leurs-proprietaires\/image-1388\/\" data-orig-file=\"https:\/\/i0.wp.com\/patrimoine-avesnois.fr\/chemin\/wp-content\/uploads\/2020\/02\/image-26.png?fit=801%2C415&amp;ssl=1\" data-orig-size=\"801,415\" data-comments-opened=\"1\" data-image-meta=\"{&quot;aperture&quot;:&quot;0&quot;,&quot;credit&quot;:&quot;&quot;,&quot;camera&quot;:&quot;&quot;,&quot;caption&quot;:&quot;&quot;,&quot;created_timestamp&quot;:&quot;0&quot;,&quot;copyright&quot;:&quot;&quot;,&quot;focal_length&quot;:&quot;0&quot;,&quot;iso&quot;:&quot;0&quot;,&quot;shutter_speed&quot;:&quot;0&quot;,&quot;title&quot;:&quot;&quot;,&quot;orientation&quot;:&quot;0&quot;}\" data-image-title=\"image\" data-image-description=\"\" data-image-caption=\"\" data-large-file=\"https:\/\/i0.wp.com\/patrimoine-avesnois.fr\/chemin\/wp-content\/uploads\/2020\/02\/image-26.png?fit=801%2C415&amp;ssl=1\" src=\"https:\/\/i0.wp.com\/patrimoine-avesnois.fr\/chemin\/wp-content\/uploads\/2020\/02\/image-26.png?resize=801%2C415\" alt=\"\" class=\"wp-image-9323\" style=\"width:630px;height:327px\" srcset=\"https:\/\/i0.wp.com\/patrimoine-avesnois.fr\/chemin\/wp-content\/uploads\/2020\/02\/image-26.png?w=801&amp;ssl=1 801w, https:\/\/i0.wp.com\/patrimoine-avesnois.fr\/chemin\/wp-content\/uploads\/2020\/02\/image-26.png?resize=300%2C155&amp;ssl=1 300w, https:\/\/i0.wp.com\/patrimoine-avesnois.fr\/chemin\/wp-content\/uploads\/2020\/02\/image-26.png?resize=768%2C398&amp;ssl=1 768w\" sizes=\"auto, (max-width: 801px) 85vw, 801px\" \/><figcaption class=\"wp-element-caption\">La porte de Berlaimont du ch\u00e2teau d&rsquo;Eclaibes avec de chaque c\u00f4t\u00e9 une double colonne de pierres superpos\u00e9es sur lesquelles figurent des inscriptions peut-\u00eatre en relation avec un certain langage symbolique de l&rsquo;\u00e9sot\u00e9risme ma\u00e7onnique.<\/figcaption><\/figure>\n<\/div>\n\n\n<p>Je mets en ligne ces 2 photos provenant du CHGB repr\u00e9sentant la porte de Berlaimont pour que vous puissiez consulter l&rsquo;excellent article r\u00e9dig\u00e9 par leurs membres en Octobre 2010. Cliquer <a aria-label=\"ICI (opens in a new tab)\" href=\"http:\/\/www.chgb.org\/bulletin123\/CHGB19.pdf\" target=\"_blank\" rel=\"noreferrer noopener\">ICI<\/a><\/p>\n\n\n\n<p>Il y a une quarantaine d\u2019ann\u00e9es, les Compagnons d\u2019\u00c9claibes avaient entrepris de restaurer une partie du ch\u00e2teau. Aujourd\u2019hui Virginie Pouillard, propri\u00e9taire d\u2019une partie du ch\u00e2teau, fille de Jean-Pierre, qui fut maire du village durant dix-huit ans et agriculteur, veut continuer \u00e0 le faire vivre. Cependant la t\u00e2che n\u2019est pas facile car la r\u00e9habilitation peut vite s\u2019av\u00e9rer \u00eatre un gouffre financier. Voix du Nord 20\/08\/2016. Signalons ici que la famille Pouillard d\u00e9tient le ch\u00e2teau depuis environ 1810.<\/p>\n\n\n\n<p>Propri\u00e9t\u00e9 priv\u00e9e, visite des ext\u00e9rieurs uniquement.<\/p>\n\n\n\n<p class=\"has-text-align-center has-bright-red-color has-light-blue-background-color has-text-color has-background has-medium-font-size\">Le ch\u00e2teau\nd\u2019Ecu\u00e9lin<\/p>\n\n\n<div class=\"wp-block-image\">\n<figure class=\"aligncenter is-resized\"><img loading=\"lazy\" decoding=\"async\" width=\"1082\" height=\"687\" data-attachment-id=\"1033\" data-permalink=\"https:\/\/patrimoine-avesnois.fr\/chemin\/ecuelin\/image-209\/\" data-orig-file=\"https:\/\/i0.wp.com\/patrimoine-avesnois.fr\/chemin\/wp-content\/uploads\/2019\/04\/image-187.png?fit=1082%2C687&amp;ssl=1\" data-orig-size=\"1082,687\" data-comments-opened=\"1\" data-image-meta=\"{&quot;aperture&quot;:&quot;0&quot;,&quot;credit&quot;:&quot;&quot;,&quot;camera&quot;:&quot;&quot;,&quot;caption&quot;:&quot;&quot;,&quot;created_timestamp&quot;:&quot;0&quot;,&quot;copyright&quot;:&quot;&quot;,&quot;focal_length&quot;:&quot;0&quot;,&quot;iso&quot;:&quot;0&quot;,&quot;shutter_speed&quot;:&quot;0&quot;,&quot;title&quot;:&quot;&quot;,&quot;orientation&quot;:&quot;0&quot;}\" data-image-title=\"image\" data-image-description=\"\" data-image-caption=\"\" data-large-file=\"https:\/\/i0.wp.com\/patrimoine-avesnois.fr\/chemin\/wp-content\/uploads\/2019\/04\/image-187.png?fit=840%2C533&amp;ssl=1\" src=\"https:\/\/i1.wp.com\/patrimoine-avesnois.fr\/chemin\/wp-content\/uploads\/2019\/04\/image-187.png?fit=840%2C533\" alt=\"\" class=\"wp-image-1033\" style=\"width:630px;height:400px\" srcset=\"https:\/\/i0.wp.com\/patrimoine-avesnois.fr\/chemin\/wp-content\/uploads\/2019\/04\/image-187.png?w=1082&amp;ssl=1 1082w, https:\/\/i0.wp.com\/patrimoine-avesnois.fr\/chemin\/wp-content\/uploads\/2019\/04\/image-187.png?resize=300%2C190&amp;ssl=1 300w, https:\/\/i0.wp.com\/patrimoine-avesnois.fr\/chemin\/wp-content\/uploads\/2019\/04\/image-187.png?resize=768%2C488&amp;ssl=1 768w, https:\/\/i0.wp.com\/patrimoine-avesnois.fr\/chemin\/wp-content\/uploads\/2019\/04\/image-187.png?resize=1024%2C650&amp;ssl=1 1024w\" sizes=\"auto, (max-width: 709px) 85vw, (max-width: 909px) 67vw, (max-width: 1362px) 62vw, 840px\" \/><figcaption class=\"wp-element-caption\">le ch\u00e2teau d\u2019Ecu\u00e9lin<\/figcaption><\/figure>\n<\/div>\n\n<div class=\"wp-block-image\">\n<figure class=\"aligncenter is-resized\"><img data-recalc-dims=\"1\" loading=\"lazy\" decoding=\"async\" width=\"646\" height=\"409\" data-attachment-id=\"9289\" data-permalink=\"https:\/\/patrimoine-avesnois.fr\/chemin\/les-chateaux-de-lavesnois-et-leurs-proprietaires\/image-1370\/\" data-orig-file=\"https:\/\/i0.wp.com\/patrimoine-avesnois.fr\/chemin\/wp-content\/uploads\/2020\/02\/image-8.png?fit=646%2C409&amp;ssl=1\" data-orig-size=\"646,409\" data-comments-opened=\"1\" data-image-meta=\"{&quot;aperture&quot;:&quot;0&quot;,&quot;credit&quot;:&quot;&quot;,&quot;camera&quot;:&quot;&quot;,&quot;caption&quot;:&quot;&quot;,&quot;created_timestamp&quot;:&quot;0&quot;,&quot;copyright&quot;:&quot;&quot;,&quot;focal_length&quot;:&quot;0&quot;,&quot;iso&quot;:&quot;0&quot;,&quot;shutter_speed&quot;:&quot;0&quot;,&quot;title&quot;:&quot;&quot;,&quot;orientation&quot;:&quot;0&quot;}\" data-image-title=\"image\" data-image-description=\"\" data-image-caption=\"\" data-large-file=\"https:\/\/i0.wp.com\/patrimoine-avesnois.fr\/chemin\/wp-content\/uploads\/2020\/02\/image-8.png?fit=646%2C409&amp;ssl=1\" src=\"https:\/\/i0.wp.com\/patrimoine-avesnois.fr\/chemin\/wp-content\/uploads\/2020\/02\/image-8.png?resize=646%2C409\" alt=\"\" class=\"wp-image-9289\" style=\"width:630px;height:400px\" srcset=\"https:\/\/i0.wp.com\/patrimoine-avesnois.fr\/chemin\/wp-content\/uploads\/2020\/02\/image-8.png?w=646&amp;ssl=1 646w, https:\/\/i0.wp.com\/patrimoine-avesnois.fr\/chemin\/wp-content\/uploads\/2020\/02\/image-8.png?resize=300%2C190&amp;ssl=1 300w\" sizes=\"auto, (max-width: 646px) 85vw, 646px\" \/><figcaption class=\"wp-element-caption\"><em>Le ch\u00e2teau d\u2019Ecu\u00e9lin.  <\/em><br><em>\u00a9 Inventaire g\u00e9n\u00e9ral, ADAGP  <\/em> <\/figcaption><\/figure>\n<\/div>\n\n<div class=\"wp-block-image\">\n<figure class=\"aligncenter is-resized\"><img data-recalc-dims=\"1\" loading=\"lazy\" decoding=\"async\" width=\"676\" height=\"431\" data-attachment-id=\"9287\" data-permalink=\"https:\/\/patrimoine-avesnois.fr\/chemin\/les-chateaux-de-lavesnois-et-leurs-proprietaires\/image-1368\/\" data-orig-file=\"https:\/\/i0.wp.com\/patrimoine-avesnois.fr\/chemin\/wp-content\/uploads\/2020\/02\/image-6.png?fit=676%2C431&amp;ssl=1\" data-orig-size=\"676,431\" data-comments-opened=\"1\" data-image-meta=\"{&quot;aperture&quot;:&quot;0&quot;,&quot;credit&quot;:&quot;&quot;,&quot;camera&quot;:&quot;&quot;,&quot;caption&quot;:&quot;&quot;,&quot;created_timestamp&quot;:&quot;0&quot;,&quot;copyright&quot;:&quot;&quot;,&quot;focal_length&quot;:&quot;0&quot;,&quot;iso&quot;:&quot;0&quot;,&quot;shutter_speed&quot;:&quot;0&quot;,&quot;title&quot;:&quot;&quot;,&quot;orientation&quot;:&quot;0&quot;}\" data-image-title=\"image\" data-image-description=\"\" data-image-caption=\"\" data-large-file=\"https:\/\/i0.wp.com\/patrimoine-avesnois.fr\/chemin\/wp-content\/uploads\/2020\/02\/image-6.png?fit=676%2C431&amp;ssl=1\" src=\"https:\/\/i0.wp.com\/patrimoine-avesnois.fr\/chemin\/wp-content\/uploads\/2020\/02\/image-6.png?resize=676%2C431\" alt=\"\" class=\"wp-image-9287\" style=\"width:630px;height:400px\" srcset=\"https:\/\/i0.wp.com\/patrimoine-avesnois.fr\/chemin\/wp-content\/uploads\/2020\/02\/image-6.png?w=676&amp;ssl=1 676w, https:\/\/i0.wp.com\/patrimoine-avesnois.fr\/chemin\/wp-content\/uploads\/2020\/02\/image-6.png?resize=300%2C191&amp;ssl=1 300w\" sizes=\"auto, (max-width: 676px) 85vw, 676px\" \/><figcaption class=\"wp-element-caption\"><em>Vue g\u00e9n\u00e9rale du ch\u00e2teau et des communs depuis l&rsquo;\u00e9tang.  <\/em><br><em>\u00a9 Inventaire g\u00e9n\u00e9ral, ADAGP <\/em> <\/figcaption><\/figure>\n<\/div>\n\n<div class=\"wp-block-image\">\n<figure class=\"aligncenter is-resized\"><img data-recalc-dims=\"1\" loading=\"lazy\" decoding=\"async\" width=\"840\" height=\"630\" data-attachment-id=\"9291\" data-permalink=\"https:\/\/patrimoine-avesnois.fr\/chemin\/les-chateaux-de-lavesnois-et-leurs-proprietaires\/ecuelin-3\/\" data-orig-file=\"https:\/\/i0.wp.com\/patrimoine-avesnois.fr\/chemin\/wp-content\/uploads\/2020\/02\/Ecu%C3%A9lin.jpg?fit=840%2C630&amp;ssl=1\" data-orig-size=\"840,630\" data-comments-opened=\"1\" data-image-meta=\"{&quot;aperture&quot;:&quot;0&quot;,&quot;credit&quot;:&quot;CARRE&quot;,&quot;camera&quot;:&quot;&quot;,&quot;caption&quot;:&quot;&quot;,&quot;created_timestamp&quot;:&quot;1582913043&quot;,&quot;copyright&quot;:&quot;&quot;,&quot;focal_length&quot;:&quot;0&quot;,&quot;iso&quot;:&quot;0&quot;,&quot;shutter_speed&quot;:&quot;0&quot;,&quot;title&quot;:&quot;&quot;,&quot;orientation&quot;:&quot;1&quot;}\" data-image-title=\"Ecu\u00e9lin\" data-image-description=\"\" data-image-caption=\"\" data-large-file=\"https:\/\/i0.wp.com\/patrimoine-avesnois.fr\/chemin\/wp-content\/uploads\/2020\/02\/Ecu%C3%A9lin.jpg?fit=840%2C630&amp;ssl=1\" src=\"https:\/\/i0.wp.com\/patrimoine-avesnois.fr\/chemin\/wp-content\/uploads\/2020\/02\/Ecu%C3%A9lin.jpg?resize=840%2C630\" alt=\"\" class=\"wp-image-9291\" style=\"width:630px;height:473px\" srcset=\"https:\/\/i0.wp.com\/patrimoine-avesnois.fr\/chemin\/wp-content\/uploads\/2020\/02\/Ecu%C3%A9lin.jpg?w=840&amp;ssl=1 840w, https:\/\/i0.wp.com\/patrimoine-avesnois.fr\/chemin\/wp-content\/uploads\/2020\/02\/Ecu%C3%A9lin.jpg?resize=300%2C225&amp;ssl=1 300w, https:\/\/i0.wp.com\/patrimoine-avesnois.fr\/chemin\/wp-content\/uploads\/2020\/02\/Ecu%C3%A9lin.jpg?resize=768%2C576&amp;ssl=1 768w\" sizes=\"auto, (max-width: 709px) 85vw, (max-width: 909px) 67vw, (max-width: 1362px) 62vw, 840px\" \/><figcaption class=\"wp-element-caption\">Le ch\u00e2teau d&rsquo;Ecu\u00e9lin<\/figcaption><\/figure>\n<\/div>\n\n<div class=\"wp-block-image\">\n<figure class=\"aligncenter is-resized\"><img loading=\"lazy\" decoding=\"async\" width=\"1033\" height=\"775\" data-attachment-id=\"9292\" data-permalink=\"https:\/\/patrimoine-avesnois.fr\/chemin\/les-chateaux-de-lavesnois-et-leurs-proprietaires\/ecuelin1\/\" data-orig-file=\"https:\/\/i0.wp.com\/patrimoine-avesnois.fr\/chemin\/wp-content\/uploads\/2020\/02\/Ecu%C3%A9lin1.jpg?fit=1033%2C775&amp;ssl=1\" data-orig-size=\"1033,775\" data-comments-opened=\"1\" data-image-meta=\"{&quot;aperture&quot;:&quot;0&quot;,&quot;credit&quot;:&quot;CARRE&quot;,&quot;camera&quot;:&quot;&quot;,&quot;caption&quot;:&quot;&quot;,&quot;created_timestamp&quot;:&quot;1582913125&quot;,&quot;copyright&quot;:&quot;&quot;,&quot;focal_length&quot;:&quot;0&quot;,&quot;iso&quot;:&quot;0&quot;,&quot;shutter_speed&quot;:&quot;0&quot;,&quot;title&quot;:&quot;&quot;,&quot;orientation&quot;:&quot;1&quot;}\" data-image-title=\"Ecu\u00e9lin1\" data-image-description=\"\" data-image-caption=\"\" data-large-file=\"https:\/\/i0.wp.com\/patrimoine-avesnois.fr\/chemin\/wp-content\/uploads\/2020\/02\/Ecu%C3%A9lin1.jpg?fit=840%2C630&amp;ssl=1\" src=\"https:\/\/i2.wp.com\/patrimoine-avesnois.fr\/chemin\/wp-content\/uploads\/2020\/02\/Ecu\u00e9lin1.jpg?fit=840%2C630\" alt=\"\" class=\"wp-image-9292\" style=\"width:630px;height:473px\" srcset=\"https:\/\/i0.wp.com\/patrimoine-avesnois.fr\/chemin\/wp-content\/uploads\/2020\/02\/Ecu%C3%A9lin1.jpg?w=1033&amp;ssl=1 1033w, https:\/\/i0.wp.com\/patrimoine-avesnois.fr\/chemin\/wp-content\/uploads\/2020\/02\/Ecu%C3%A9lin1.jpg?resize=300%2C225&amp;ssl=1 300w, https:\/\/i0.wp.com\/patrimoine-avesnois.fr\/chemin\/wp-content\/uploads\/2020\/02\/Ecu%C3%A9lin1.jpg?resize=768%2C576&amp;ssl=1 768w, https:\/\/i0.wp.com\/patrimoine-avesnois.fr\/chemin\/wp-content\/uploads\/2020\/02\/Ecu%C3%A9lin1.jpg?resize=1024%2C768&amp;ssl=1 1024w\" sizes=\"auto, (max-width: 709px) 85vw, (max-width: 909px) 67vw, (max-width: 1362px) 62vw, 840px\" \/><figcaption class=\"wp-element-caption\">Le ch\u00e2teau d&rsquo;Ecu\u00e9lin : vue du colombier et de la fa\u00e7ade<\/figcaption><\/figure>\n<\/div>\n\n\n<p><strong>Historique<\/strong>&nbsp;:<\/p>\n\n\n\n<p>En 1750, le seigneur de Dourlers autorise la construction du ch\u00e2teau d\u2019Ecu\u00e9lin \u00e0 l\u2019emplacement de l\u2019ancien ch\u00e2teau seigneurial. La propri\u00e9t\u00e9 a alors \u00e9t\u00e9 acquise par la famille de Pr\u00e9seau, qui reste propri\u00e9taire tout au long du XIXe si\u00e8cle. Madame Cl\u00e9ment-H\u00e9mery, qui visite la commune en 1829, pr\u00e9cise que le ch\u00e2teau n\u2019a que 50 ans d\u2019\u00e2ge, faisant remonter son ach\u00e8vement aux ann\u00e9es 1779, ce qui s\u2019accorde avec le style du logis. Le ch\u00e2teau, en particulier les communs, ont \u00e9t\u00e9 profond\u00e9ment remani\u00e9s entre 1812 et 1860, dates des deux cadastres existant sur la commune. En effet, un corps de b\u00e2timent au sud, situ\u00e9 face au logis, a disparu entre ces deux dates. Les b\u00e2timents des communs ont alors \u00e9t\u00e9 reconstruits et harmonis\u00e9s dans un souci de sym\u00e9trie.  Apr\u00e8s 1860, peu de changements ont \u00e9t\u00e9 apport\u00e9s : seul un petit b\u00e2timent \u00e0 usage de buanderie et de logement d\u2019ouvrier agricole a \u00e9t\u00e9 construit \u00e0 l\u2019ouest du logis. Dans les ann\u00e9es 1850 a \u00e9galement \u00e9t\u00e9 am\u00e9nag\u00e9 dans un salon du rez-de-chauss\u00e9e un d\u00e9cor n\u00e9o renaissance compos\u00e9 de cuirs entour\u00e9s de guirlandes.  Entre 1966 et 1968, \u00e0 la suite d\u2019un h\u00e9ritage, la propri\u00e9t\u00e9 a \u00e9t\u00e9 partag\u00e9e en deux. Cette division a entra\u00een\u00e9 la s\u00e9paration du logis en deux, un mur de cloisonnement \u00e9tant construit \u00e0 tous les niveaux du logis. <\/p>\n\n\n\n<p>Propri\u00e9taires actuels de la ferme du ch\u00e2teau : M et Mme Daniel Detourbe Lefebvre.<\/p>\n\n\n\n<p><strong>Description<\/strong>&nbsp;:<\/p>\n\n\n\n<p>Sur le plan de 1812, le ch\u00e2teau adopte un plan \u00e0 cour ferm\u00e9e. Le logis, situ\u00e9 au nord, est prolong\u00e9 par une aile en retour \u00e0 l\u2019ouest. Sur le m\u00eame alignement que ce retour, se trouve, du c\u00f4t\u00e9 ouest, un b\u00e2timent de peu de profondeur. En face se situe un b\u00e2timent qui fait toute la longueur du c\u00f4t\u00e9 est et se prolonge en retour par un autre b\u00e2timent qui ferme la cour du c\u00f4t\u00e9 sud. Un \u00e9tang se trouve, comme aujourd\u2019hui, au sud du ch\u00e2teau. Sur le plan de 1860, le ch\u00e2teau se pr\u00e9sente pratiquement tel que nous le connaissons aujourd\u2019hui. La partie sud du ch\u00e2teau a \u00e9t\u00e9 d\u00e9truite. Les communs \u00e0 l\u2019ouest et \u00e0 l\u2019est ont \u00e9t\u00e9 reconstruits et rehauss\u00e9s avec une volont\u00e9 d\u2019homog\u00e9n\u00e9iser les constructions pour cr\u00e9er une apparente sym\u00e9trie. Le logis ne comporte plus d\u2019aile en retour. Apr\u00e8s 1860, deux pigeonniers ont \u00e9t\u00e9 construits dans le prolongement des communs, au nord, avec l\u2019usage de la brique pour le soubassement, les cha\u00eenes d\u2019angle et les encadrements des ouvertures, tout comme un petit b\u00e2timent en rez-de-chauss\u00e9e \u00e0 usage de buanderie et de logement agricole. Celui situ\u00e9 \u00e0 l\u2019ouest a \u00e9t\u00e9 aras\u00e9. Un m\u00eame emploi des mat\u00e9riaux se retrouve dans une maison du centre du village (13 la Place) , sans doute con\u00e7ue par le m\u00eame architecte.&nbsp;<br>D\u00e8s 1812, le ch\u00e2teau poss\u00e8de deux acc\u00e8s, un au nord menant au village d\u2019Ecu\u00e9lin, et un plus permettant un acc\u00e8s majestueux au ch\u00e2teau, par la route de Dourlers.<br>Utilisant la d\u00e9clivit\u00e9 du terrain, le ch\u00e2teau est construit du c\u00f4t\u00e9 de la cour sur un haut soubassement dans lequel sont am\u00e9nag\u00e9s les acc\u00e8s \u00e0 de vastes caves. Un escalier monumental permettait l\u2019acc\u00e8s au rez-de-chauss\u00e9e (il est visible sur une photographie faite par Augustin Boutique entre 1894 et 1914). Du lierre couvrait alors le mur de sout\u00e8nement, laissant seulement appara\u00eetre les portes d\u2019acc\u00e8s aux caves. Lors de la s\u00e9paration du ch\u00e2teau en deux propri\u00e9t\u00e9s ont \u00e9t\u00e9 am\u00e9nag\u00e9s en 1968 deux escaliers d\u2019acc\u00e8s \u00e0 chacune des parties du logis. Sur le nord, le ch\u00e2teau s\u2019ouvre sur un jardin clos, de plein pied avec le rez-de-chauss\u00e9e.<br>Le logis comporte un \u00e9tage carr\u00e9 avec neuf trav\u00e9es en fa\u00e7ade. L\u2019ouverture de la trav\u00e9e centrale, surmontant la porte principale, a \u00e9t\u00e9 remani\u00e9e. Une autre porte permet d\u2019acc\u00e9der \u00e0 la partie ouest du logis. La s\u00e9paration en deux propri\u00e9taires entre 1966 et 1968 a entra\u00een\u00e9 un cloisonnement int\u00e9rieur qui existe \u00e0 tous les niveaux du b\u00e2timent. Ainsi le salon situ\u00e9 dans la partie ouest, au rez-de-chauss\u00e9e, ne communique-t-il plus avec l\u2019escalier central.<\/p>\n\n\n\n<p>Source du texte :&nbsp;<a href=\"http:\/\/www2.culture.gouv.fr\/public\/mistral\/mersri_fr?ACTION=CHERCHER&amp;FIELD_1=REF&amp;VALUE_1=IA59002127\" target=\"_blank\" rel=\"noreferrer noopener\">culture.gouv.fr<\/a><\/p>\n\n\n\n<p>Inscrit \u00e0 l&rsquo;inventaire suppl\u00e9mentaire des Monuments Historiques . Propri\u00e9t\u00e9 priv\u00e9e, ne se visite pas.<\/p>\n\n\n\n<p class=\"has-text-align-center has-bright-red-color has-light-blue-background-color has-text-color has-background has-medium-font-size\">Le ch\u00e2teau Voyaux \u00e0 Eppe-Sauvage<\/p>\n\n\n<div class=\"wp-block-image\">\n<figure class=\"aligncenter is-resized\"><img data-recalc-dims=\"1\" decoding=\"async\" src=\"https:\/\/i0.wp.com\/patrimoine-avesnois.fr\/chemin\/wp-content\/uploads\/2020\/02\/image-9.png?w=840\" alt=\"L\u2019attribut alt de cette image est vide, son nom de fichier est image-9.png.\" style=\"width:630px;height:486px\"\/><figcaption class=\"wp-element-caption\">Le ch\u00e2teau Voyaux <br>\u00a9 Inventaire g\u00e9n\u00e9ral, ADAGP <\/figcaption><\/figure>\n<\/div>\n\n<div class=\"wp-block-image\">\n<figure class=\"aligncenter is-resized\"><img data-recalc-dims=\"1\" loading=\"lazy\" decoding=\"async\" width=\"719\" height=\"465\" data-attachment-id=\"9299\" data-permalink=\"https:\/\/patrimoine-avesnois.fr\/chemin\/les-chateaux-de-lavesnois-et-leurs-proprietaires\/image-1372\/\" data-orig-file=\"https:\/\/i0.wp.com\/patrimoine-avesnois.fr\/chemin\/wp-content\/uploads\/2020\/02\/image-10.png?fit=719%2C465&amp;ssl=1\" data-orig-size=\"719,465\" data-comments-opened=\"1\" data-image-meta=\"{&quot;aperture&quot;:&quot;0&quot;,&quot;credit&quot;:&quot;&quot;,&quot;camera&quot;:&quot;&quot;,&quot;caption&quot;:&quot;&quot;,&quot;created_timestamp&quot;:&quot;0&quot;,&quot;copyright&quot;:&quot;&quot;,&quot;focal_length&quot;:&quot;0&quot;,&quot;iso&quot;:&quot;0&quot;,&quot;shutter_speed&quot;:&quot;0&quot;,&quot;title&quot;:&quot;&quot;,&quot;orientation&quot;:&quot;0&quot;}\" data-image-title=\"image\" data-image-description=\"\" data-image-caption=\"\" data-large-file=\"https:\/\/i0.wp.com\/patrimoine-avesnois.fr\/chemin\/wp-content\/uploads\/2020\/02\/image-10.png?fit=719%2C465&amp;ssl=1\" src=\"https:\/\/i0.wp.com\/patrimoine-avesnois.fr\/chemin\/wp-content\/uploads\/2020\/02\/image-10.png?resize=719%2C465\" alt=\"\" class=\"wp-image-9299\" style=\"width:630px;height:408px\" srcset=\"https:\/\/i0.wp.com\/patrimoine-avesnois.fr\/chemin\/wp-content\/uploads\/2020\/02\/image-10.png?w=719&amp;ssl=1 719w, https:\/\/i0.wp.com\/patrimoine-avesnois.fr\/chemin\/wp-content\/uploads\/2020\/02\/image-10.png?resize=300%2C194&amp;ssl=1 300w\" sizes=\"auto, (max-width: 719px) 85vw, 719px\" \/><figcaption class=\"wp-element-caption\"> <em>Le ch\u00e2teau Voyaux &nbsp;2001<\/em><br><em>\u00a9 Inventaire g\u00e9n\u00e9ral, ADAGP <\/em> <\/figcaption><\/figure>\n<\/div>\n\n<div class=\"wp-block-image\">\n<figure class=\"aligncenter is-resized\"><img data-recalc-dims=\"1\" loading=\"lazy\" decoding=\"async\" width=\"840\" height=\"557\" data-attachment-id=\"9301\" data-permalink=\"https:\/\/patrimoine-avesnois.fr\/chemin\/les-chateaux-de-lavesnois-et-leurs-proprietaires\/image-1374\/\" data-orig-file=\"https:\/\/i0.wp.com\/patrimoine-avesnois.fr\/chemin\/wp-content\/uploads\/2020\/02\/image-12.png?fit=1003%2C665&amp;ssl=1\" data-orig-size=\"1003,665\" data-comments-opened=\"1\" data-image-meta=\"{&quot;aperture&quot;:&quot;0&quot;,&quot;credit&quot;:&quot;&quot;,&quot;camera&quot;:&quot;&quot;,&quot;caption&quot;:&quot;&quot;,&quot;created_timestamp&quot;:&quot;0&quot;,&quot;copyright&quot;:&quot;&quot;,&quot;focal_length&quot;:&quot;0&quot;,&quot;iso&quot;:&quot;0&quot;,&quot;shutter_speed&quot;:&quot;0&quot;,&quot;title&quot;:&quot;&quot;,&quot;orientation&quot;:&quot;0&quot;}\" data-image-title=\"image\" data-image-description=\"\" data-image-caption=\"\" data-large-file=\"https:\/\/i0.wp.com\/patrimoine-avesnois.fr\/chemin\/wp-content\/uploads\/2020\/02\/image-12.png?fit=840%2C557&amp;ssl=1\" src=\"https:\/\/i0.wp.com\/patrimoine-avesnois.fr\/chemin\/wp-content\/uploads\/2020\/02\/image-12.png?resize=840%2C557\" alt=\"\" class=\"wp-image-9301\" style=\"width:630px;height:416px\" srcset=\"https:\/\/i0.wp.com\/patrimoine-avesnois.fr\/chemin\/wp-content\/uploads\/2020\/02\/image-12.png?w=1003&amp;ssl=1 1003w, https:\/\/i0.wp.com\/patrimoine-avesnois.fr\/chemin\/wp-content\/uploads\/2020\/02\/image-12.png?resize=300%2C199&amp;ssl=1 300w, https:\/\/i0.wp.com\/patrimoine-avesnois.fr\/chemin\/wp-content\/uploads\/2020\/02\/image-12.png?resize=768%2C509&amp;ssl=1 768w\" sizes=\"auto, (max-width: 709px) 85vw, (max-width: 909px) 67vw, (max-width: 1362px) 62vw, 840px\" \/><figcaption class=\"wp-element-caption\">Le ch\u00e2teau Voyaux \u00e0 Eppe-Sauvage 08\/2019<\/figcaption><\/figure>\n<\/div>\n\n\n<p>Le ch\u00e2teau Voyaux a \u00e9t\u00e9 construit au XVIe si\u00e8cle pour les seigneurs d\u2019Eppe-Sauvage, les Marchipont et rachet\u00e9 en 1540 par les fortun\u00e9s Polschet, ma\u00eetres de forge au village qui, bien entendu, y adjoign\u00e8rent une forge . Ils le poss\u00e9deront jusqu&rsquo;aux ann\u00e9es 1760. Peu apr\u00e8s, la forge sera transform\u00e9e en ferme.<\/p>\n\n\n\n<p>Le ch\u00e2teau se situe \u00e0 l\u2019entr\u00e9e de Moustier en Fagne face au chemin des Couturelles. Au d\u00e9but du XIXe si\u00e8cle, le ch\u00e2teau appartenait \u00e0 <a aria-label=\"Adolphe de Caux (opens in a new tab)\" href=\"https:\/\/gw.geneanet.org\/jpbohin?lang=fr&amp;p=adolphe+ernest+leon&amp;n=de+caux\" target=\"_blank\" rel=\"noreferrer noopener\">Adolphe de Caux<\/a> et son \u00e9pouse Rose Barbier de la Serre.<\/p>\n\n\n<div class=\"wp-block-image\">\n<figure class=\"aligncenter is-resized\"><img data-recalc-dims=\"1\" loading=\"lazy\" decoding=\"async\" width=\"840\" height=\"562\" data-attachment-id=\"9630\" data-permalink=\"https:\/\/patrimoine-avesnois.fr\/chemin\/les-chateaux-de-lavesnois-et-leurs-proprietaires\/capture-551\/\" data-orig-file=\"https:\/\/i0.wp.com\/patrimoine-avesnois.fr\/chemin\/wp-content\/uploads\/2020\/03\/Capture.jpg?fit=1015%2C679&amp;ssl=1\" data-orig-size=\"1015,679\" data-comments-opened=\"1\" data-image-meta=\"{&quot;aperture&quot;:&quot;0&quot;,&quot;credit&quot;:&quot;CARRE&quot;,&quot;camera&quot;:&quot;&quot;,&quot;caption&quot;:&quot;&quot;,&quot;created_timestamp&quot;:&quot;1583506466&quot;,&quot;copyright&quot;:&quot;&quot;,&quot;focal_length&quot;:&quot;0&quot;,&quot;iso&quot;:&quot;0&quot;,&quot;shutter_speed&quot;:&quot;0&quot;,&quot;title&quot;:&quot;&quot;,&quot;orientation&quot;:&quot;1&quot;}\" data-image-title=\"Capture\" data-image-description=\"\" data-image-caption=\"\" data-large-file=\"https:\/\/i0.wp.com\/patrimoine-avesnois.fr\/chemin\/wp-content\/uploads\/2020\/03\/Capture.jpg?fit=840%2C562&amp;ssl=1\" src=\"https:\/\/i0.wp.com\/patrimoine-avesnois.fr\/chemin\/wp-content\/uploads\/2020\/03\/Capture.jpg?resize=840%2C562\" alt=\"\" class=\"wp-image-9630\" style=\"width:630px;height:420px\" srcset=\"https:\/\/i0.wp.com\/patrimoine-avesnois.fr\/chemin\/wp-content\/uploads\/2020\/03\/Capture.jpg?w=1015&amp;ssl=1 1015w, https:\/\/i0.wp.com\/patrimoine-avesnois.fr\/chemin\/wp-content\/uploads\/2020\/03\/Capture.jpg?resize=300%2C201&amp;ssl=1 300w, https:\/\/i0.wp.com\/patrimoine-avesnois.fr\/chemin\/wp-content\/uploads\/2020\/03\/Capture.jpg?resize=768%2C514&amp;ssl=1 768w\" sizes=\"auto, (max-width: 709px) 85vw, (max-width: 909px) 67vw, (max-width: 1362px) 62vw, 840px\" \/><\/figure>\n<\/div>\n\n\n<p>Leur fille Jeanne Marie Narcisse \u00e9pousa en 1844 <a aria-label=\"Joseph Eug\u00e8ne&nbsp;Culhiat du Fresnes   (opens in a new tab)\" href=\"https:\/\/gw.geneanet.org\/jpbohin?lang=fr&amp;p=joseph+eugene&amp;n=culhiat+du+fresnes\" target=\"_blank\" rel=\"noreferrer noopener\">Joseph Eug\u00e8ne&nbsp;Culhiat du Fresnes <\/a>. Celui-ci d\u00e9c\u00e9da au ch\u00e2teau le 3 f\u00e9vrier 1902. Leur petit-fils habita le ch\u00e2teau entre 1902 et 1911 mais fut tu\u00e9 en 1914 lors de la Premi\u00e8re Guerre mondiale.<\/p>\n\n\n\n<p>Le ch\u00e2teau changea alors de main et abrita en 1930 une colonie de vacances dite la Maison des Jeunes \u00ab&nbsp;les Sapins&nbsp;\u00bb, ouverte par l\u2019Institution Saint-Louis de Roubaix. De nos jours le ch\u00e2teau est une propri\u00e9t\u00e9 priv\u00e9e qui ne se visite pas. Le ch\u00e2teau et la ferme ont des propri\u00e9taires diff\u00e9rents.<\/p>\n\n\n\n<p>Le ch\u00e2teau est compos\u00e9 d&rsquo;un logis et des anciens ateliers de la forge transform\u00e9s en ferme. Le logis comprend une tour datant du XVIe si\u00e8cle situ\u00e9e sur l&rsquo;arri\u00e8re, un corps central et une tour \u00e0 deux \u00e9tages situ\u00e9e en fa\u00e7ade datant du XVIIIe si\u00e8cle. Perpendiculairement est implant\u00e9e l&rsquo;ancienne forge reconvertie en ferme qui se compose d&rsquo;un logis,d&rsquo;une premi\u00e8re grange, de plusieurs \u00e9tables surmont\u00e9es d&rsquo;un fenil et de deux granges construites en retour.<\/p>\n\n\n\n<p>Source : <a aria-label=\"culture.gouv (opens in a new tab)\" href=\"https:\/\/www.pop.culture.gouv.fr\/notice\/merimee\/IA59000863\" target=\"_blank\" rel=\"noreferrer noopener\">culture.gouv<\/a><\/p>\n\n\n\n<p class=\"has-text-align-center has-bright-red-color has-light-blue-background-color has-text-color has-background has-medium-font-size\">Le ch\u00e2teau Maillard \u00e0 Eppe-Sauvage<\/p>\n\n\n<div class=\"wp-block-image\">\n<figure class=\"aligncenter is-resized\"><img data-recalc-dims=\"1\" loading=\"lazy\" decoding=\"async\" width=\"809\" height=\"634\" data-attachment-id=\"9305\" data-permalink=\"https:\/\/patrimoine-avesnois.fr\/chemin\/les-chateaux-de-lavesnois-et-leurs-proprietaires\/image-1376\/\" data-orig-file=\"https:\/\/i0.wp.com\/patrimoine-avesnois.fr\/chemin\/wp-content\/uploads\/2020\/02\/image-14.png?fit=809%2C634&amp;ssl=1\" data-orig-size=\"809,634\" data-comments-opened=\"1\" data-image-meta=\"{&quot;aperture&quot;:&quot;0&quot;,&quot;credit&quot;:&quot;&quot;,&quot;camera&quot;:&quot;&quot;,&quot;caption&quot;:&quot;&quot;,&quot;created_timestamp&quot;:&quot;0&quot;,&quot;copyright&quot;:&quot;&quot;,&quot;focal_length&quot;:&quot;0&quot;,&quot;iso&quot;:&quot;0&quot;,&quot;shutter_speed&quot;:&quot;0&quot;,&quot;title&quot;:&quot;&quot;,&quot;orientation&quot;:&quot;0&quot;}\" data-image-title=\"image\" data-image-description=\"\" data-image-caption=\"\" data-large-file=\"https:\/\/i0.wp.com\/patrimoine-avesnois.fr\/chemin\/wp-content\/uploads\/2020\/02\/image-14.png?fit=809%2C634&amp;ssl=1\" src=\"https:\/\/i0.wp.com\/patrimoine-avesnois.fr\/chemin\/wp-content\/uploads\/2020\/02\/image-14.png?resize=809%2C634\" alt=\"\" class=\"wp-image-9305\" style=\"width:630px;height:490px\" srcset=\"https:\/\/i0.wp.com\/patrimoine-avesnois.fr\/chemin\/wp-content\/uploads\/2020\/02\/image-14.png?w=809&amp;ssl=1 809w, https:\/\/i0.wp.com\/patrimoine-avesnois.fr\/chemin\/wp-content\/uploads\/2020\/02\/image-14.png?resize=300%2C235&amp;ssl=1 300w, https:\/\/i0.wp.com\/patrimoine-avesnois.fr\/chemin\/wp-content\/uploads\/2020\/02\/image-14.png?resize=768%2C602&amp;ssl=1 768w\" sizes=\"auto, (max-width: 809px) 85vw, 809px\" \/><figcaption class=\"wp-element-caption\">Le ch\u00e2teau Maillard<\/figcaption><\/figure>\n<\/div>\n\n<div class=\"wp-block-image\">\n<figure class=\"aligncenter is-resized\"><img data-recalc-dims=\"1\" loading=\"lazy\" decoding=\"async\" width=\"840\" height=\"635\" data-attachment-id=\"9304\" data-permalink=\"https:\/\/patrimoine-avesnois.fr\/chemin\/les-chateaux-de-lavesnois-et-leurs-proprietaires\/image-1375\/\" data-orig-file=\"https:\/\/i0.wp.com\/patrimoine-avesnois.fr\/chemin\/wp-content\/uploads\/2020\/02\/image-13.png?fit=1000%2C756&amp;ssl=1\" data-orig-size=\"1000,756\" data-comments-opened=\"1\" data-image-meta=\"{&quot;aperture&quot;:&quot;0&quot;,&quot;credit&quot;:&quot;&quot;,&quot;camera&quot;:&quot;&quot;,&quot;caption&quot;:&quot;&quot;,&quot;created_timestamp&quot;:&quot;0&quot;,&quot;copyright&quot;:&quot;&quot;,&quot;focal_length&quot;:&quot;0&quot;,&quot;iso&quot;:&quot;0&quot;,&quot;shutter_speed&quot;:&quot;0&quot;,&quot;title&quot;:&quot;&quot;,&quot;orientation&quot;:&quot;0&quot;}\" data-image-title=\"image\" data-image-description=\"\" data-image-caption=\"\" data-large-file=\"https:\/\/i0.wp.com\/patrimoine-avesnois.fr\/chemin\/wp-content\/uploads\/2020\/02\/image-13.png?fit=840%2C635&amp;ssl=1\" src=\"https:\/\/i0.wp.com\/patrimoine-avesnois.fr\/chemin\/wp-content\/uploads\/2020\/02\/image-13.png?resize=840%2C635\" alt=\"\" class=\"wp-image-9304\" style=\"width:630px;height:476px\" srcset=\"https:\/\/i0.wp.com\/patrimoine-avesnois.fr\/chemin\/wp-content\/uploads\/2020\/02\/image-13.png?w=1000&amp;ssl=1 1000w, https:\/\/i0.wp.com\/patrimoine-avesnois.fr\/chemin\/wp-content\/uploads\/2020\/02\/image-13.png?resize=300%2C227&amp;ssl=1 300w, https:\/\/i0.wp.com\/patrimoine-avesnois.fr\/chemin\/wp-content\/uploads\/2020\/02\/image-13.png?resize=768%2C581&amp;ssl=1 768w\" sizes=\"auto, (max-width: 709px) 85vw, (max-width: 909px) 67vw, (max-width: 1362px) 62vw, 840px\" \/><figcaption class=\"wp-element-caption\">Le ch\u00e2teau Maillard <a aria-label=\" (opens in a new tab)\" href=\"https:\/\/www.caue-nord.com\/fr\/portail\/41\/index.html\" target=\"_blank\" rel=\"noreferrer noopener\">Photo CAUE du Nord<\/a><\/figcaption><\/figure>\n<\/div>\n\n\n<p>Au XVIIIe si\u00e8cle, les Polschet poss\u00e8dent en plus du ch\u00e2teau Voyaux la forge du Marteau aujourd&rsquo;hui d\u00e9truite et font b\u00e2tir le ch\u00e2teau Maillard.<\/p>\n\n\n\n<p>Plus exactement, le Ch\u00e2teau Maillard a \u00e9t\u00e9 construit en 1774 pour le ma\u00eetre de forge Laurent Polschet, alors mayeur d\u2019Eppe-Sauvage et de Sivry. En 1849, il fut d\u00e9tenu par Alexandre Flagey et son \u00e9pouse Marie Jos\u00e9phine Am\u00e9lie de Clerfayt (1823 1905), leur fils Eug\u00e8ne (1849 1892) venant d&rsquo;y na\u00eetre. Le couple habitait lors de la naissance de leur premier enfant en 1842 \u00e0 la forge du Marteau et pourrait \u00eatre entr\u00e9 en possession du ch\u00e2teau entre 1842 et 1849 car la la branche maternelle d&rsquo;Am\u00e9lie de Clerfayt s&rsquo;apparentait aux de Polschet de Sivry. Le 11 juin 1891, Madame veuve Coolbrandt en fit l&rsquo;acquisition. Un de ses descendants, Edmond Coolbrandt, maire du village de 1963 \u00e0 1965 le restaura en 1976.<\/p>\n\n\n\n<p>Le ch\u00e2teau Maillard a continu\u00e9 d&rsquo;\u00eatre r\u00e9nov\u00e9 et accueille aujourd&rsquo;hui des chambres d&rsquo;h\u00f4tes. L&rsquo;escalier en ch\u00eane datant de l&rsquo;origine est toujours pr\u00e9sent. Ici h\u00e9bergement et accueil de qualit\u00e9 sont de mise.<\/p>\n\n\n\n<p>L\u2019acc\u00e8s au ch\u00e2teau est signal\u00e9 par deux tourelles d\u2019entr\u00e9e. Le ch\u00e2teau est organis\u00e9 autour d\u2019une cour, le logis \u00e9tant situ\u00e9 \u00e0 l\u2019est, accol\u00e9 au sud \u00e0 un b\u00e2timent comprenant l\u2019\u00e9table, le fenil et une grange. A l\u2019ouest a \u00e9t\u00e9 construite une seconde grange, face au logis. Celui-ci comporte un \u00e9tage \u00e0 six trav\u00e9es et deux \u00e9tages de comble. Les ouvertures sont l\u00e9g\u00e8rement cintr\u00e9es. La ma\u00e7onnerie est en brique, le soubassement en pierre bleue, l\u2019encadrement des baies en pierre bleue et en brique. La toiture est couverte en ardoise. Source de la description :&nbsp;<a aria-label=\" (opens in a new tab)\" href=\"http:\/\/www2.culture.gouv.fr\/public\/mistral\/mersri_fr?ACTION=CHERCHER&amp;FIELD_1=REF&amp;VALUE_1=IA59000931\" target=\"_blank\" rel=\"noreferrer noopener\">Base M\u00e9rim\u00e9e MH<\/a><\/p>\n\n\n\n<p class=\"has-text-align-center has-bright-red-color has-light-blue-background-color has-text-color has-background has-medium-font-size\">Le ch\u00e2teau d\u2019Eth <\/p>\n\n\n<div class=\"wp-block-image\">\n<figure class=\"aligncenter is-resized\"><img data-recalc-dims=\"1\" loading=\"lazy\" decoding=\"async\" width=\"840\" height=\"498\" data-attachment-id=\"9309\" data-permalink=\"https:\/\/patrimoine-avesnois.fr\/chemin\/les-chateaux-de-lavesnois-et-leurs-proprietaires\/image-1378\/\" data-orig-file=\"https:\/\/i0.wp.com\/patrimoine-avesnois.fr\/chemin\/wp-content\/uploads\/2020\/02\/image-16.png?fit=922%2C547&amp;ssl=1\" data-orig-size=\"922,547\" data-comments-opened=\"1\" data-image-meta=\"{&quot;aperture&quot;:&quot;0&quot;,&quot;credit&quot;:&quot;&quot;,&quot;camera&quot;:&quot;&quot;,&quot;caption&quot;:&quot;&quot;,&quot;created_timestamp&quot;:&quot;0&quot;,&quot;copyright&quot;:&quot;&quot;,&quot;focal_length&quot;:&quot;0&quot;,&quot;iso&quot;:&quot;0&quot;,&quot;shutter_speed&quot;:&quot;0&quot;,&quot;title&quot;:&quot;&quot;,&quot;orientation&quot;:&quot;0&quot;}\" data-image-title=\"image\" data-image-description=\"\" data-image-caption=\"\" data-large-file=\"https:\/\/i0.wp.com\/patrimoine-avesnois.fr\/chemin\/wp-content\/uploads\/2020\/02\/image-16.png?fit=840%2C498&amp;ssl=1\" src=\"https:\/\/i0.wp.com\/patrimoine-avesnois.fr\/chemin\/wp-content\/uploads\/2020\/02\/image-16.png?resize=840%2C498\" alt=\"\" class=\"wp-image-9309\" style=\"width:630px;height:374px\" srcset=\"https:\/\/i0.wp.com\/patrimoine-avesnois.fr\/chemin\/wp-content\/uploads\/2020\/02\/image-16.png?w=922&amp;ssl=1 922w, https:\/\/i0.wp.com\/patrimoine-avesnois.fr\/chemin\/wp-content\/uploads\/2020\/02\/image-16.png?resize=300%2C178&amp;ssl=1 300w, https:\/\/i0.wp.com\/patrimoine-avesnois.fr\/chemin\/wp-content\/uploads\/2020\/02\/image-16.png?resize=768%2C456&amp;ssl=1 768w\" sizes=\"auto, (max-width: 709px) 85vw, (max-width: 909px) 67vw, (max-width: 1362px) 62vw, 840px\" \/><figcaption class=\"wp-element-caption\">Le ch\u00e2teau d&rsquo;Eth<\/figcaption><\/figure>\n<\/div>\n\n<div class=\"wp-block-image\">\n<figure class=\"aligncenter is-resized\"><img data-recalc-dims=\"1\" loading=\"lazy\" decoding=\"async\" width=\"606\" height=\"354\" data-attachment-id=\"9310\" data-permalink=\"https:\/\/patrimoine-avesnois.fr\/chemin\/les-chateaux-de-lavesnois-et-leurs-proprietaires\/image-1379\/\" data-orig-file=\"https:\/\/i0.wp.com\/patrimoine-avesnois.fr\/chemin\/wp-content\/uploads\/2020\/02\/image-17.png?fit=606%2C354&amp;ssl=1\" data-orig-size=\"606,354\" data-comments-opened=\"1\" data-image-meta=\"{&quot;aperture&quot;:&quot;0&quot;,&quot;credit&quot;:&quot;&quot;,&quot;camera&quot;:&quot;&quot;,&quot;caption&quot;:&quot;&quot;,&quot;created_timestamp&quot;:&quot;0&quot;,&quot;copyright&quot;:&quot;&quot;,&quot;focal_length&quot;:&quot;0&quot;,&quot;iso&quot;:&quot;0&quot;,&quot;shutter_speed&quot;:&quot;0&quot;,&quot;title&quot;:&quot;&quot;,&quot;orientation&quot;:&quot;0&quot;}\" data-image-title=\"image\" data-image-description=\"\" data-image-caption=\"\" data-large-file=\"https:\/\/i0.wp.com\/patrimoine-avesnois.fr\/chemin\/wp-content\/uploads\/2020\/02\/image-17.png?fit=606%2C354&amp;ssl=1\" src=\"https:\/\/i0.wp.com\/patrimoine-avesnois.fr\/chemin\/wp-content\/uploads\/2020\/02\/image-17.png?resize=606%2C354\" alt=\"\" class=\"wp-image-9310\" style=\"width:630px;height:368px\" srcset=\"https:\/\/i0.wp.com\/patrimoine-avesnois.fr\/chemin\/wp-content\/uploads\/2020\/02\/image-17.png?w=606&amp;ssl=1 606w, https:\/\/i0.wp.com\/patrimoine-avesnois.fr\/chemin\/wp-content\/uploads\/2020\/02\/image-17.png?resize=300%2C175&amp;ssl=1 300w\" sizes=\"auto, (max-width: 606px) 85vw, 606px\" \/><figcaption class=\"wp-element-caption\">Le ch\u00e2teau d&rsquo;Eth. Wikipedia<\/figcaption><\/figure>\n<\/div>\n\n<div class=\"wp-block-image\">\n<figure class=\"aligncenter is-resized\"><img loading=\"lazy\" decoding=\"async\" width=\"961\" height=\"721\" data-attachment-id=\"1214\" data-permalink=\"https:\/\/patrimoine-avesnois.fr\/chemin\/eth\/image-252\/\" data-orig-file=\"https:\/\/i0.wp.com\/patrimoine-avesnois.fr\/chemin\/wp-content\/uploads\/2019\/04\/image-230.png?fit=961%2C721&amp;ssl=1\" data-orig-size=\"961,721\" data-comments-opened=\"1\" data-image-meta=\"{&quot;aperture&quot;:&quot;0&quot;,&quot;credit&quot;:&quot;&quot;,&quot;camera&quot;:&quot;&quot;,&quot;caption&quot;:&quot;&quot;,&quot;created_timestamp&quot;:&quot;0&quot;,&quot;copyright&quot;:&quot;&quot;,&quot;focal_length&quot;:&quot;0&quot;,&quot;iso&quot;:&quot;0&quot;,&quot;shutter_speed&quot;:&quot;0&quot;,&quot;title&quot;:&quot;&quot;,&quot;orientation&quot;:&quot;0&quot;}\" data-image-title=\"image\" data-image-description=\"\" data-image-caption=\"\" data-large-file=\"https:\/\/i0.wp.com\/patrimoine-avesnois.fr\/chemin\/wp-content\/uploads\/2019\/04\/image-230.png?fit=840%2C630&amp;ssl=1\" src=\"https:\/\/i1.wp.com\/patrimoine-avesnois.fr\/chemin\/wp-content\/uploads\/2019\/04\/image-230.png?w=840\" alt=\"\" class=\"wp-image-1214\" style=\"width:630px;height:473px\" srcset=\"https:\/\/i0.wp.com\/patrimoine-avesnois.fr\/chemin\/wp-content\/uploads\/2019\/04\/image-230.png?w=961&amp;ssl=1 961w, https:\/\/i0.wp.com\/patrimoine-avesnois.fr\/chemin\/wp-content\/uploads\/2019\/04\/image-230.png?resize=300%2C225&amp;ssl=1 300w, https:\/\/i0.wp.com\/patrimoine-avesnois.fr\/chemin\/wp-content\/uploads\/2019\/04\/image-230.png?resize=768%2C576&amp;ssl=1 768w\" sizes=\"auto, (max-width: 709px) 85vw, (max-width: 909px) 67vw, (max-width: 1362px) 62vw, 840px\" \/><figcaption class=\"wp-element-caption\">Vue a\u00e9rienne du ch\u00e2teau : photo&nbsp;<a href=\"http:\/\/www.chateau-fort-manoir-chateau.eu\/chateaux-nord-chateau-a-eth-chateau-de-eth.html\" target=\"_blank\" rel=\"noreferrer noopener\">Ch\u00e2teaux de France<\/a><\/figcaption><\/figure>\n<\/div>\n\n\n<p>Le ch\u00e2teau, au d\u00e9cor brique et pierre fut reconstruit en 1766 sur des fondations plus anciennes et la date port\u00e9e sur la grille d\u2019entr\u00e9e est probablement relative \u00e0 la construction effectu\u00e9e par Charles Fran\u00e7ois Leduc, \u00e9cuyer, seigneur d&rsquo;Eth, mari\u00e9 le 17 ao\u00fbt 1745 \u00e0 Marie Louise Duquesnoy.  <br><\/p>\n\n\n\n<p>Entour\u00e9 de douves, il se compose d\u2019un corps de b\u00e2timent principal du c\u00f4t\u00e9 ouest, auquel se soudent des d\u00e9pendances domin\u00e9es par le colombier du c\u00f4t\u00e9 nord.<\/p>\n\n\n\n<p>On acc\u00e8de \u00e0 la cour d\u2019honneur apr\u00e8s avoir franchi une grille en fer forg\u00e9 du XVIII<sup>\u00e8me<\/sup>&nbsp;et un pont \u00e0 quatre arches en pierre bleue.<\/p>\n\n\n\n<p>La fa\u00e7ade principale est perc\u00e9e de huit fen\u00eatres irr\u00e9guli\u00e8rement espac\u00e9es au premier \u00e9tage, de six fen\u00eatres et de deux portes au rez-de-chauss\u00e9e.<\/p>\n\n\n\n<p>Un pavillon carr\u00e9 faisant une l\u00e9g\u00e8re saillie forme la limite sud.<\/p>\n\n\n\n<p>Les toitures \u00e0 hauts combles sont ind\u00e9pendantes. Elles viennent d&rsquo;\u00eatre restaur\u00e9es par le propri\u00e9taire actuel apr\u00e8s un long abandon. <\/p>\n\n\n\n<p>Le ch\u00e2teau fut au milieu au milieu du XIX e si\u00e8cle la propri\u00e9t\u00e9 de <a aria-label=\"Fr\u00e9d\u00e9ric Simon Gando (opens in a new tab)\" href=\"https:\/\/gw.geneanet.org\/pierfit?lang=fr&amp;p=frederic+simon&amp;n=gando\" target=\"_blank\" rel=\"noreferrer noopener\">Fr\u00e9d\u00e9ric Simon Gando<\/a> puis au d\u00e9but du XXe si\u00e8cle la propri\u00e9t\u00e9 des barons d\u2019Estreux de Beaugrenier : la fille de Fr\u00e9d\u00e9ric Simon Gando, Jenny \u00e9tant mari\u00e9e \u00e0 Alfred Am\u00e9d\u00e9e Guillaume Merlin d&rsquo;Estreux de Beaugrenier :<\/p>\n\n\n<div class=\"wp-block-image\">\n<figure class=\"aligncenter is-resized\"><img loading=\"lazy\" decoding=\"async\" width=\"1137\" height=\"644\" data-attachment-id=\"9649\" data-permalink=\"https:\/\/patrimoine-avesnois.fr\/chemin\/les-chateaux-de-lavesnois-et-leurs-proprietaires\/capture-553\/\" data-orig-file=\"https:\/\/i0.wp.com\/patrimoine-avesnois.fr\/chemin\/wp-content\/uploads\/2020\/03\/Capture-2.jpg?fit=1137%2C644&amp;ssl=1\" data-orig-size=\"1137,644\" data-comments-opened=\"1\" data-image-meta=\"{&quot;aperture&quot;:&quot;0&quot;,&quot;credit&quot;:&quot;CARRE&quot;,&quot;camera&quot;:&quot;&quot;,&quot;caption&quot;:&quot;&quot;,&quot;created_timestamp&quot;:&quot;1583519927&quot;,&quot;copyright&quot;:&quot;&quot;,&quot;focal_length&quot;:&quot;0&quot;,&quot;iso&quot;:&quot;0&quot;,&quot;shutter_speed&quot;:&quot;0&quot;,&quot;title&quot;:&quot;&quot;,&quot;orientation&quot;:&quot;1&quot;}\" data-image-title=\"Capture\" data-image-description=\"\" data-image-caption=\"\" data-large-file=\"https:\/\/i0.wp.com\/patrimoine-avesnois.fr\/chemin\/wp-content\/uploads\/2020\/03\/Capture-2.jpg?fit=840%2C476&amp;ssl=1\" src=\"https:\/\/i2.wp.com\/patrimoine-avesnois.fr\/chemin\/wp-content\/uploads\/2020\/03\/Capture-2.jpg?fit=840%2C476\" alt=\"\" class=\"wp-image-9649\" style=\"width:630px;height:357px\" srcset=\"https:\/\/i0.wp.com\/patrimoine-avesnois.fr\/chemin\/wp-content\/uploads\/2020\/03\/Capture-2.jpg?w=1137&amp;ssl=1 1137w, https:\/\/i0.wp.com\/patrimoine-avesnois.fr\/chemin\/wp-content\/uploads\/2020\/03\/Capture-2.jpg?resize=300%2C170&amp;ssl=1 300w, https:\/\/i0.wp.com\/patrimoine-avesnois.fr\/chemin\/wp-content\/uploads\/2020\/03\/Capture-2.jpg?resize=768%2C435&amp;ssl=1 768w, https:\/\/i0.wp.com\/patrimoine-avesnois.fr\/chemin\/wp-content\/uploads\/2020\/03\/Capture-2.jpg?resize=1024%2C580&amp;ssl=1 1024w\" sizes=\"auto, (max-width: 709px) 85vw, (max-width: 909px) 67vw, (max-width: 1362px) 62vw, 840px\" \/><\/figure>\n<\/div>\n\n<div class=\"wp-block-image\">\n<figure class=\"aligncenter is-resized\"><img data-recalc-dims=\"1\" loading=\"lazy\" decoding=\"async\" width=\"748\" height=\"319\" data-attachment-id=\"9648\" data-permalink=\"https:\/\/patrimoine-avesnois.fr\/chemin\/les-chateaux-de-lavesnois-et-leurs-proprietaires\/capture1-96\/\" data-orig-file=\"https:\/\/i0.wp.com\/patrimoine-avesnois.fr\/chemin\/wp-content\/uploads\/2020\/03\/Capture1.jpg?fit=748%2C319&amp;ssl=1\" data-orig-size=\"748,319\" data-comments-opened=\"1\" data-image-meta=\"{&quot;aperture&quot;:&quot;0&quot;,&quot;credit&quot;:&quot;CARRE&quot;,&quot;camera&quot;:&quot;&quot;,&quot;caption&quot;:&quot;&quot;,&quot;created_timestamp&quot;:&quot;1583520174&quot;,&quot;copyright&quot;:&quot;&quot;,&quot;focal_length&quot;:&quot;0&quot;,&quot;iso&quot;:&quot;0&quot;,&quot;shutter_speed&quot;:&quot;0&quot;,&quot;title&quot;:&quot;&quot;,&quot;orientation&quot;:&quot;1&quot;}\" data-image-title=\"Capture1\" data-image-description=\"\" data-image-caption=\"\" data-large-file=\"https:\/\/i0.wp.com\/patrimoine-avesnois.fr\/chemin\/wp-content\/uploads\/2020\/03\/Capture1.jpg?fit=748%2C319&amp;ssl=1\" src=\"https:\/\/i0.wp.com\/patrimoine-avesnois.fr\/chemin\/wp-content\/uploads\/2020\/03\/Capture1.jpg?resize=748%2C319\" alt=\"\" class=\"wp-image-9648\" style=\"width:630px;height:268px\" srcset=\"https:\/\/i0.wp.com\/patrimoine-avesnois.fr\/chemin\/wp-content\/uploads\/2020\/03\/Capture1.jpg?w=748&amp;ssl=1 748w, https:\/\/i0.wp.com\/patrimoine-avesnois.fr\/chemin\/wp-content\/uploads\/2020\/03\/Capture1.jpg?resize=300%2C128&amp;ssl=1 300w\" sizes=\"auto, (max-width: 748px) 85vw, 748px\" \/><\/figure>\n<\/div>\n\n\n<figure class=\"wp-block-image\"><img loading=\"lazy\" decoding=\"async\" width=\"910\" height=\"767\" data-attachment-id=\"8292\" data-permalink=\"https:\/\/patrimoine-avesnois.fr\/chemin\/eth\/image-1285\/\" data-orig-file=\"https:\/\/i0.wp.com\/patrimoine-avesnois.fr\/chemin\/wp-content\/uploads\/2019\/08\/image-89.png?fit=910%2C767&amp;ssl=1\" data-orig-size=\"910,767\" data-comments-opened=\"1\" data-image-meta=\"{&quot;aperture&quot;:&quot;0&quot;,&quot;credit&quot;:&quot;&quot;,&quot;camera&quot;:&quot;&quot;,&quot;caption&quot;:&quot;&quot;,&quot;created_timestamp&quot;:&quot;0&quot;,&quot;copyright&quot;:&quot;&quot;,&quot;focal_length&quot;:&quot;0&quot;,&quot;iso&quot;:&quot;0&quot;,&quot;shutter_speed&quot;:&quot;0&quot;,&quot;title&quot;:&quot;&quot;,&quot;orientation&quot;:&quot;0&quot;}\" data-image-title=\"image\" data-image-description=\"\" data-image-caption=\"\" data-large-file=\"https:\/\/i0.wp.com\/patrimoine-avesnois.fr\/chemin\/wp-content\/uploads\/2019\/08\/image-89.png?fit=840%2C708&amp;ssl=1\" src=\"https:\/\/i1.wp.com\/patrimoine-avesnois.fr\/chemin\/wp-content\/uploads\/2019\/08\/image-89.png?w=840\" alt=\"\" class=\"wp-image-8292\" srcset=\"https:\/\/i0.wp.com\/patrimoine-avesnois.fr\/chemin\/wp-content\/uploads\/2019\/08\/image-89.png?w=910&amp;ssl=1 910w, https:\/\/i0.wp.com\/patrimoine-avesnois.fr\/chemin\/wp-content\/uploads\/2019\/08\/image-89.png?resize=300%2C253&amp;ssl=1 300w, https:\/\/i0.wp.com\/patrimoine-avesnois.fr\/chemin\/wp-content\/uploads\/2019\/08\/image-89.png?resize=768%2C647&amp;ssl=1 768w\" sizes=\"auto, (max-width: 709px) 85vw, (max-width: 909px) 67vw, (max-width: 1362px) 62vw, 840px\" \/><figcaption class=\"wp-element-caption\">Acte de naissance au ch\u00e2teau d\u2019Eth de<br><a aria-label=\" (opens in a new tab)\" href=\"https:\/\/gw.geneanet.org\/pierfit?lang=fr&amp;p=francois&amp;n=merlin+d+estreux+de+beaugrenier\" target=\"_blank\" rel=\"noreferrer noopener\">Fran\u00e7ois Marie Paul MERLIN d\u2019ESTREUX de BEAUGRENIER<\/a>&nbsp;1913-1974<\/figcaption><\/figure>\n\n\n\n<p class=\"has-text-align-center has-bright-red-color has-light-blue-background-color has-text-color has-background has-medium-font-size\">Le ch\u00e2teau du Pont-de-Sains \u00e0 F\u00e9ron<\/p>\n\n\n<div class=\"wp-block-image\">\n<figure class=\"aligncenter is-resized\"><img data-recalc-dims=\"1\" loading=\"lazy\" decoding=\"async\" width=\"840\" height=\"607\" data-attachment-id=\"9328\" data-permalink=\"https:\/\/patrimoine-avesnois.fr\/chemin\/les-chateaux-de-lavesnois-et-leurs-proprietaires\/image-1389\/\" data-orig-file=\"https:\/\/i0.wp.com\/patrimoine-avesnois.fr\/chemin\/wp-content\/uploads\/2020\/02\/image-27.png?fit=875%2C632&amp;ssl=1\" data-orig-size=\"875,632\" data-comments-opened=\"1\" data-image-meta=\"{&quot;aperture&quot;:&quot;0&quot;,&quot;credit&quot;:&quot;&quot;,&quot;camera&quot;:&quot;&quot;,&quot;caption&quot;:&quot;&quot;,&quot;created_timestamp&quot;:&quot;0&quot;,&quot;copyright&quot;:&quot;&quot;,&quot;focal_length&quot;:&quot;0&quot;,&quot;iso&quot;:&quot;0&quot;,&quot;shutter_speed&quot;:&quot;0&quot;,&quot;title&quot;:&quot;&quot;,&quot;orientation&quot;:&quot;0&quot;}\" data-image-title=\"image\" data-image-description=\"\" data-image-caption=\"\" data-large-file=\"https:\/\/i0.wp.com\/patrimoine-avesnois.fr\/chemin\/wp-content\/uploads\/2020\/02\/image-27.png?fit=840%2C607&amp;ssl=1\" src=\"https:\/\/i0.wp.com\/patrimoine-avesnois.fr\/chemin\/wp-content\/uploads\/2020\/02\/image-27.png?resize=840%2C607\" alt=\"\" class=\"wp-image-9328\" style=\"width:630px;height:455px\" srcset=\"https:\/\/i0.wp.com\/patrimoine-avesnois.fr\/chemin\/wp-content\/uploads\/2020\/02\/image-27.png?w=875&amp;ssl=1 875w, https:\/\/i0.wp.com\/patrimoine-avesnois.fr\/chemin\/wp-content\/uploads\/2020\/02\/image-27.png?resize=300%2C217&amp;ssl=1 300w, https:\/\/i0.wp.com\/patrimoine-avesnois.fr\/chemin\/wp-content\/uploads\/2020\/02\/image-27.png?resize=768%2C555&amp;ssl=1 768w\" sizes=\"auto, (max-width: 709px) 85vw, (max-width: 909px) 67vw, (max-width: 1362px) 62vw, 840px\" \/><\/figure>\n<\/div>\n\n<div class=\"wp-block-image\">\n<figure class=\"aligncenter is-resized\"><img data-recalc-dims=\"1\" loading=\"lazy\" decoding=\"async\" width=\"621\" height=\"458\" data-attachment-id=\"9330\" data-permalink=\"https:\/\/patrimoine-avesnois.fr\/chemin\/les-chateaux-de-lavesnois-et-leurs-proprietaires\/image-1391\/\" data-orig-file=\"https:\/\/i0.wp.com\/patrimoine-avesnois.fr\/chemin\/wp-content\/uploads\/2020\/02\/image-29.png?fit=621%2C458&amp;ssl=1\" data-orig-size=\"621,458\" data-comments-opened=\"1\" data-image-meta=\"{&quot;aperture&quot;:&quot;0&quot;,&quot;credit&quot;:&quot;&quot;,&quot;camera&quot;:&quot;&quot;,&quot;caption&quot;:&quot;&quot;,&quot;created_timestamp&quot;:&quot;0&quot;,&quot;copyright&quot;:&quot;&quot;,&quot;focal_length&quot;:&quot;0&quot;,&quot;iso&quot;:&quot;0&quot;,&quot;shutter_speed&quot;:&quot;0&quot;,&quot;title&quot;:&quot;&quot;,&quot;orientation&quot;:&quot;0&quot;}\" data-image-title=\"image\" data-image-description=\"\" data-image-caption=\"\" data-large-file=\"https:\/\/i0.wp.com\/patrimoine-avesnois.fr\/chemin\/wp-content\/uploads\/2020\/02\/image-29.png?fit=621%2C458&amp;ssl=1\" src=\"https:\/\/i0.wp.com\/patrimoine-avesnois.fr\/chemin\/wp-content\/uploads\/2020\/02\/image-29.png?resize=621%2C458\" alt=\"\" class=\"wp-image-9330\" style=\"width:630px;height:460px\" srcset=\"https:\/\/i0.wp.com\/patrimoine-avesnois.fr\/chemin\/wp-content\/uploads\/2020\/02\/image-29.png?w=621&amp;ssl=1 621w, https:\/\/i0.wp.com\/patrimoine-avesnois.fr\/chemin\/wp-content\/uploads\/2020\/02\/image-29.png?resize=300%2C221&amp;ssl=1 300w\" sizes=\"auto, (max-width: 621px) 85vw, 621px\" \/><figcaption class=\"wp-element-caption\">le ch\u00e2teau du Pont-de-Sains \u00e0 F\u00e9ron<\/figcaption><\/figure>\n<\/div>\n\n<div class=\"wp-block-image\">\n<figure class=\"aligncenter is-resized\"><img data-recalc-dims=\"1\" loading=\"lazy\" decoding=\"async\" width=\"419\" height=\"311\" data-attachment-id=\"9422\" data-permalink=\"https:\/\/patrimoine-avesnois.fr\/chemin\/les-chateaux-de-lavesnois-et-leurs-proprietaires\/image-1436\/\" data-orig-file=\"https:\/\/i0.wp.com\/patrimoine-avesnois.fr\/chemin\/wp-content\/uploads\/2020\/03\/image-34.png?fit=419%2C311&amp;ssl=1\" data-orig-size=\"419,311\" data-comments-opened=\"1\" data-image-meta=\"{&quot;aperture&quot;:&quot;0&quot;,&quot;credit&quot;:&quot;&quot;,&quot;camera&quot;:&quot;&quot;,&quot;caption&quot;:&quot;&quot;,&quot;created_timestamp&quot;:&quot;0&quot;,&quot;copyright&quot;:&quot;&quot;,&quot;focal_length&quot;:&quot;0&quot;,&quot;iso&quot;:&quot;0&quot;,&quot;shutter_speed&quot;:&quot;0&quot;,&quot;title&quot;:&quot;&quot;,&quot;orientation&quot;:&quot;0&quot;}\" data-image-title=\"image\" data-image-description=\"\" data-image-caption=\"\" data-large-file=\"https:\/\/i0.wp.com\/patrimoine-avesnois.fr\/chemin\/wp-content\/uploads\/2020\/03\/image-34.png?fit=419%2C311&amp;ssl=1\" src=\"https:\/\/i0.wp.com\/patrimoine-avesnois.fr\/chemin\/wp-content\/uploads\/2020\/03\/image-34.png?resize=419%2C311\" alt=\"\" class=\"wp-image-9422\" style=\"width:630px;height:470px\" srcset=\"https:\/\/i0.wp.com\/patrimoine-avesnois.fr\/chemin\/wp-content\/uploads\/2020\/03\/image-34.png?w=419&amp;ssl=1 419w, https:\/\/i0.wp.com\/patrimoine-avesnois.fr\/chemin\/wp-content\/uploads\/2020\/03\/image-34.png?resize=300%2C223&amp;ssl=1 300w\" sizes=\"auto, (max-width: 419px) 85vw, 419px\" \/><\/figure>\n<\/div>\n\n<div class=\"wp-block-image\">\n<figure class=\"aligncenter is-resized\"><img decoding=\"async\" src=\"https:\/\/i2.wp.com\/upload.wikimedia.org\/wikipedia\/commons\/thumb\/b\/ba\/F%C3%A9ron_%28Nord%2C_Fr%29_ferme_de_Pont-de-Sains_%282%29.jpg\/1280px-F%C3%A9ron_%28Nord%2C_Fr%29_ferme_de_Pont-de-Sains_%282%29.jpg?w=840&amp;ssl=1\" alt=\"\" style=\"width:630px;height:473px\"\/><figcaption class=\"wp-element-caption\">Ch\u00e2teau du Pont-de-Sains<\/figcaption><\/figure>\n<\/div>\n\n\n<p>De l\u2019ancien ch\u00e2teau, datant du XVI\u00b0 si\u00e8cle, subsistent les tours d\u2019entr\u00e9e. Ces tours, de 4 m\u00e8tres de diam\u00e8tre avec toits en poivri\u00e8re, ont un caract\u00e8re d\u00e9fensif puisqu\u2019elles sont munies de meurtri\u00e8res. Ces tours ressemblent fortement \u00e0 celles du ch\u00e2teau Maillard d\u2019Eppe-Sauvage. Dans la cour int\u00e9rieure une tourelle, des XVII\u00b0 et XVIII\u00b0 si\u00e8cles, est plac\u00e9e \u00e0 l\u2019intersection des anciens murs d\u2019enceinte. Il s\u2019agit d\u2019un petit ouvrage d\u00e9fensif garni de meurtri\u00e8res. Cette tourelle est coiff\u00e9e d\u2019un bulbe.  <\/p>\n\n\n\n<p>En 1747 Philippe-Joseph-Emmanuel du Puis fait b\u00e2tir sur les lieux un ch\u00e2teau que Talleyrand rach\u00e8te apr\u00e8s les saisies r\u00e9volutionnaires. Plac\u00e9es au dessus de l\u2019entr\u00e9e, compos\u00e9e de trois arcs de pierre bleue donnant sur l\u2019ancien ch\u00e2teau d\u00e9moli \u00e0 la fin du XIX\u00b0 si\u00e8cle, les armoiries de&nbsp;Talleyrand,&nbsp;1808, \u00e9voquent l\u2019arriv\u00e9e du Prince de B\u00e9n\u00e9vent, le plus c\u00e9l\u00e8bre diplomate de Napol\u00e9on Ier. <\/p>\n\n\n\n<p>En 1801&nbsp;Talleyrand&nbsp;rach\u00e8te \u00e0&nbsp;Simons, banquier belge et ami, ce domaine avec les bois environnants. Il engage de grands travaux en 1808 comme l\u2019attestent les ancres de la fa\u00e7ade dans laquelle il scelle son blason. Celui-ci se compose de trois lions d\u2018or arm\u00e9s, lampass\u00e9s et couronn\u00e9s. L\u2019ancien \u00e9v\u00eaque d\u2019Autun, qui a \u00e9prouv\u00e9 des difficult\u00e9s \u00e0 dire correctement la messe lors de son arriv\u00e9e dans son \u00e9v\u00each\u00e9, tient \u00e0 affirmer sa pi\u00e9t\u00e9 par sa devise &nbsp;<em>Re que Diou.&nbsp;<\/em>Le blason est surmont\u00e9 par une hure de sanglier qui est \u00e0 la fois le symbole de Sains-du-Nord et de l\u2019abbaye de Liessies. Talleyrand ajoute un \u00e9tage en 1829. <\/p>\n\n\n<div class=\"wp-block-image\">\n<figure class=\"aligncenter is-resized\"><img data-recalc-dims=\"1\" loading=\"lazy\" decoding=\"async\" width=\"470\" height=\"356\" data-attachment-id=\"9420\" data-permalink=\"https:\/\/patrimoine-avesnois.fr\/chemin\/les-chateaux-de-lavesnois-et-leurs-proprietaires\/image-1434\/\" data-orig-file=\"https:\/\/i0.wp.com\/patrimoine-avesnois.fr\/chemin\/wp-content\/uploads\/2020\/03\/image-32.png?fit=470%2C356&amp;ssl=1\" data-orig-size=\"470,356\" data-comments-opened=\"1\" data-image-meta=\"{&quot;aperture&quot;:&quot;0&quot;,&quot;credit&quot;:&quot;&quot;,&quot;camera&quot;:&quot;&quot;,&quot;caption&quot;:&quot;&quot;,&quot;created_timestamp&quot;:&quot;0&quot;,&quot;copyright&quot;:&quot;&quot;,&quot;focal_length&quot;:&quot;0&quot;,&quot;iso&quot;:&quot;0&quot;,&quot;shutter_speed&quot;:&quot;0&quot;,&quot;title&quot;:&quot;&quot;,&quot;orientation&quot;:&quot;0&quot;}\" data-image-title=\"image\" data-image-description=\"\" data-image-caption=\"\" data-large-file=\"https:\/\/i0.wp.com\/patrimoine-avesnois.fr\/chemin\/wp-content\/uploads\/2020\/03\/image-32.png?fit=470%2C356&amp;ssl=1\" src=\"https:\/\/i0.wp.com\/patrimoine-avesnois.fr\/chemin\/wp-content\/uploads\/2020\/03\/image-32.png?resize=470%2C356\" alt=\"\" class=\"wp-image-9420\" style=\"width:630px;height:475px\" srcset=\"https:\/\/i0.wp.com\/patrimoine-avesnois.fr\/chemin\/wp-content\/uploads\/2020\/03\/image-32.png?w=470&amp;ssl=1 470w, https:\/\/i0.wp.com\/patrimoine-avesnois.fr\/chemin\/wp-content\/uploads\/2020\/03\/image-32.png?resize=300%2C227&amp;ssl=1 300w\" sizes=\"auto, (max-width: 470px) 85vw, 470px\" \/><\/figure>\n<\/div>\n\n\n<p>Dans le parc, il fait construire un Temple de l\u2019Amour, copie conforme de celui de la Malmaison. A l\u2019origine, les 4 colonnes \u00e9taient en marbre de Rance. Celles-ci avaient \u00e9t\u00e9 retir\u00e9es des ruines de l\u2019abbaye de Liessies. Elles seront vendues en 1918 en Am\u00e9rique, et remplac\u00e9es par d&rsquo;autres. <\/p>\n\n\n\n<p>\u00c0 la mort de Talleyrand en 1838, le ch\u00e2teau passe \u00e0 Pauline de Talleyrand-P\u00e9rigord, \u00e9pouse du marquis Henri-Charles de Castellane, d\u00e9c\u00e9d\u00e9 en 1890. A  la fin du&nbsp;XIX e si\u00e8cle, d\u2019importants remaniements sont effectu\u00e9s par la famille de Castellane.  <br> Marie Philippe Antoine Boniface de Castellane l\u00e8gue la propri\u00e9t\u00e9 \u00e0 ses trois fils qui s&rsquo;en s\u00e9parent.  <\/p>\n\n\n<div class=\"wp-block-image\">\n<figure class=\"aligncenter is-resized\"><img data-recalc-dims=\"1\" loading=\"lazy\" decoding=\"async\" width=\"840\" height=\"515\" data-attachment-id=\"9498\" data-permalink=\"https:\/\/patrimoine-avesnois.fr\/chemin\/les-chateaux-de-lavesnois-et-leurs-proprietaires\/image-1463\/\" data-orig-file=\"https:\/\/i0.wp.com\/patrimoine-avesnois.fr\/chemin\/wp-content\/uploads\/2020\/03\/image-61.png?fit=941%2C577&amp;ssl=1\" data-orig-size=\"941,577\" data-comments-opened=\"1\" data-image-meta=\"{&quot;aperture&quot;:&quot;0&quot;,&quot;credit&quot;:&quot;&quot;,&quot;camera&quot;:&quot;&quot;,&quot;caption&quot;:&quot;&quot;,&quot;created_timestamp&quot;:&quot;0&quot;,&quot;copyright&quot;:&quot;&quot;,&quot;focal_length&quot;:&quot;0&quot;,&quot;iso&quot;:&quot;0&quot;,&quot;shutter_speed&quot;:&quot;0&quot;,&quot;title&quot;:&quot;&quot;,&quot;orientation&quot;:&quot;0&quot;}\" data-image-title=\"image\" data-image-description=\"\" data-image-caption=\"\" data-large-file=\"https:\/\/i0.wp.com\/patrimoine-avesnois.fr\/chemin\/wp-content\/uploads\/2020\/03\/image-61.png?fit=840%2C515&amp;ssl=1\" src=\"https:\/\/i0.wp.com\/patrimoine-avesnois.fr\/chemin\/wp-content\/uploads\/2020\/03\/image-61.png?resize=840%2C515\" alt=\"\" class=\"wp-image-9498\" style=\"width:630px;height:387px\" srcset=\"https:\/\/i0.wp.com\/patrimoine-avesnois.fr\/chemin\/wp-content\/uploads\/2020\/03\/image-61.png?w=941&amp;ssl=1 941w, https:\/\/i0.wp.com\/patrimoine-avesnois.fr\/chemin\/wp-content\/uploads\/2020\/03\/image-61.png?resize=300%2C184&amp;ssl=1 300w, https:\/\/i0.wp.com\/patrimoine-avesnois.fr\/chemin\/wp-content\/uploads\/2020\/03\/image-61.png?resize=768%2C471&amp;ssl=1 768w\" sizes=\"auto, (max-width: 709px) 85vw, (max-width: 909px) 67vw, (max-width: 1362px) 62vw, 840px\" \/><figcaption class=\"wp-element-caption\">Propri\u00e9t\u00e9 Dubois-Waast<\/figcaption><\/figure>\n<\/div>\n\n\n<p>En 1925, Gaston Dubois-Waast, un important brasseur \u00e0 Denain, rach\u00e8te la propri\u00e9t\u00e9. En 1941, Marcelle de Peretti, en devient la derni\u00e8re propri\u00e9taire priv\u00e9e puisqu&rsquo;en 1975, elle la c\u00e8de \u00e0 une association  tr\u00e9lonaise \u00ab&nbsp;la Maison des enfants&nbsp;\u00bb. Celle-ci  y cr\u00e9e un centre d\u2019aide par le travail pour des adultes handicap\u00e9s.<\/p>\n\n\n\n<p class=\"has-text-align-center has-bright-red-color has-light-blue-background-color has-text-color has-background has-medium-font-size\">Le ch\u00e2teau de Ferri\u00e8re-la-Petite<\/p>\n\n\n<div class=\"wp-block-image\">\n<figure class=\"aligncenter is-resized\"><img decoding=\"async\" src=\"https:\/\/i0.wp.com\/patrimoine-avesnois.fr\/chemin\/wp-content\/uploads\/2019\/04\/image-307.png?fit=840%2C546\" alt=\"\" style=\"width:630px;height:410px\"\/><figcaption class=\"wp-element-caption\"><em>L\u2019ancien ch\u00e2teau des Gossuin<\/em> <\/figcaption><\/figure>\n<\/div>\n\n<div class=\"wp-block-image\">\n<figure class=\"aligncenter is-resized\"><img decoding=\"async\" src=\"https:\/\/i1.wp.com\/patrimoine-avesnois.fr\/chemin\/wp-content\/uploads\/2019\/04\/image-308.png?fit=840%2C547\" alt=\"\" style=\"width:630px;height:410px\"\/><figcaption class=\"wp-element-caption\">le ch\u00e2teau devenu la mairie<\/figcaption><\/figure>\n<\/div>\n\n<div class=\"wp-block-image\">\n<figure class=\"aligncenter is-resized\"><img data-recalc-dims=\"1\" loading=\"lazy\" decoding=\"async\" width=\"751\" height=\"499\" data-attachment-id=\"9332\" data-permalink=\"https:\/\/patrimoine-avesnois.fr\/chemin\/les-chateaux-de-lavesnois-et-leurs-proprietaires\/image-1392\/\" data-orig-file=\"https:\/\/i0.wp.com\/patrimoine-avesnois.fr\/chemin\/wp-content\/uploads\/2020\/02\/image-30.png?fit=751%2C499&amp;ssl=1\" data-orig-size=\"751,499\" data-comments-opened=\"1\" data-image-meta=\"{&quot;aperture&quot;:&quot;0&quot;,&quot;credit&quot;:&quot;&quot;,&quot;camera&quot;:&quot;&quot;,&quot;caption&quot;:&quot;&quot;,&quot;created_timestamp&quot;:&quot;0&quot;,&quot;copyright&quot;:&quot;&quot;,&quot;focal_length&quot;:&quot;0&quot;,&quot;iso&quot;:&quot;0&quot;,&quot;shutter_speed&quot;:&quot;0&quot;,&quot;title&quot;:&quot;&quot;,&quot;orientation&quot;:&quot;0&quot;}\" data-image-title=\"image\" data-image-description=\"\" data-image-caption=\"\" data-large-file=\"https:\/\/i0.wp.com\/patrimoine-avesnois.fr\/chemin\/wp-content\/uploads\/2020\/02\/image-30.png?fit=751%2C499&amp;ssl=1\" src=\"https:\/\/i0.wp.com\/patrimoine-avesnois.fr\/chemin\/wp-content\/uploads\/2020\/02\/image-30.png?resize=751%2C499\" alt=\"\" class=\"wp-image-9332\" style=\"width:630px;height:410px\" srcset=\"https:\/\/i0.wp.com\/patrimoine-avesnois.fr\/chemin\/wp-content\/uploads\/2020\/02\/image-30.png?w=751&amp;ssl=1 751w, https:\/\/i0.wp.com\/patrimoine-avesnois.fr\/chemin\/wp-content\/uploads\/2020\/02\/image-30.png?resize=300%2C199&amp;ssl=1 300w\" sizes=\"auto, (max-width: 751px) 85vw, 751px\" \/><figcaption class=\"wp-element-caption\">L&rsquo;actuelle mairie<\/figcaption><\/figure>\n<\/div>\n\n\n<p>Un texte de 1502 parle d&rsquo;une tour, et un autre de 1686, \u00e9voque des restes de tours et tourions dont il est encore question en 1725. La mairie occupe le ch\u00e2teau Gossuin du nom de celui qui, en 1838 en devint propri\u00e9taire ainsi que de la fa\u00efencerie. Eug\u00e8ne Gossuin d\u00e9c\u00e9da en 1863 et la fa\u00efencerie ferma en 1868. Elle avait \u00e9t\u00e9 fond\u00e9e en l&rsquo;an VI par Charles de Bousies, dernier seigneur de Ferri\u00e8re la Petite, et Louis Joseph Delannoy, propri\u00e9taire du ch\u00e2teau de Vengiles. L&rsquo;association fut de courte dur\u00e9e car en octobre 1805, Delannoy resta seul propri\u00e9taire. Sa veuve la c\u00e9da \u00e0 ses deux fils en 1829 mais, en 1835, Fr\u00e9d\u00e9ric Louis Joseph Delannoy en devint l&rsquo;unique possesseur et ce jusqu&rsquo;\u00e0 la vente de 1838 \u00e0 Gossuin. Si Charles de Bousies le fit construire, ce ne fut qu&rsquo;apr\u00e8s la R\u00e9volution, car le b\u00e2timent est d&rsquo;une telle s\u00e9cheresse que l&rsquo;on h\u00e9site \u00e0 le dater du XVIIIe si\u00e8cle ne f\u00fbt-ce qu&rsquo;en ses derni\u00e8res ann\u00e9es. Le ch\u00e2teau est de plan rectangulaire form\u00e9 de trois corps en U, les deux corps parall\u00e8les \u00e9tant de peu de longueur. Le rez-de-chauss\u00e9e et l&rsquo;\u00e9tage sont perc\u00e9s de trente baies au nord. <br>Source texte :&nbsp;<a href=\"http:\/\/www.chateau-fort-manoir-chateau.eu\/chateaux-nord-chateau-a-ferriere-chateau-de-ferriere.html\" target=\"_blank\" rel=\"noreferrer noopener\">http:\/\/www.chateau-fort-manoir-chateau.eu<\/a> <\/p>\n\n\n\n<p>L&rsquo;ancien ch\u00e2teau Gossuin est le si\u00e8ge de l&rsquo;actuelle mairie.<\/p>\n\n\n\n<p class=\"has-text-align-center has-bright-red-color has-light-blue-background-color has-text-color has-background has-medium-font-size\">Le ch\u00e2teau de Fourmies<\/p>\n\n\n<div class=\"wp-block-image\">\n<figure class=\"aligncenter is-resized\"><img data-recalc-dims=\"1\" loading=\"lazy\" decoding=\"async\" width=\"536\" height=\"406\" data-attachment-id=\"9339\" data-permalink=\"https:\/\/patrimoine-avesnois.fr\/chemin\/les-chateaux-de-lavesnois-et-leurs-proprietaires\/image-1395\/\" data-orig-file=\"https:\/\/i0.wp.com\/patrimoine-avesnois.fr\/chemin\/wp-content\/uploads\/2020\/02\/image-33.png?fit=536%2C406&amp;ssl=1\" data-orig-size=\"536,406\" data-comments-opened=\"1\" data-image-meta=\"{&quot;aperture&quot;:&quot;0&quot;,&quot;credit&quot;:&quot;&quot;,&quot;camera&quot;:&quot;&quot;,&quot;caption&quot;:&quot;&quot;,&quot;created_timestamp&quot;:&quot;0&quot;,&quot;copyright&quot;:&quot;&quot;,&quot;focal_length&quot;:&quot;0&quot;,&quot;iso&quot;:&quot;0&quot;,&quot;shutter_speed&quot;:&quot;0&quot;,&quot;title&quot;:&quot;&quot;,&quot;orientation&quot;:&quot;0&quot;}\" data-image-title=\"image\" data-image-description=\"\" data-image-caption=\"\" data-large-file=\"https:\/\/i0.wp.com\/patrimoine-avesnois.fr\/chemin\/wp-content\/uploads\/2020\/02\/image-33.png?fit=536%2C406&amp;ssl=1\" src=\"https:\/\/i0.wp.com\/patrimoine-avesnois.fr\/chemin\/wp-content\/uploads\/2020\/02\/image-33.png?resize=536%2C406\" alt=\"\" class=\"wp-image-9339\" style=\"width:630px;height:476px\" srcset=\"https:\/\/i0.wp.com\/patrimoine-avesnois.fr\/chemin\/wp-content\/uploads\/2020\/02\/image-33.png?w=536&amp;ssl=1 536w, https:\/\/i0.wp.com\/patrimoine-avesnois.fr\/chemin\/wp-content\/uploads\/2020\/02\/image-33.png?resize=300%2C227&amp;ssl=1 300w\" sizes=\"auto, (max-width: 536px) 85vw, 536px\" \/><figcaption class=\"wp-element-caption\">Le ch\u00e2teau de la Marli\u00e8re<\/figcaption><\/figure>\n<\/div>\n\n<div class=\"wp-block-image\">\n<figure class=\"aligncenter is-resized\"><img data-recalc-dims=\"1\" loading=\"lazy\" decoding=\"async\" width=\"722\" height=\"556\" data-attachment-id=\"9336\" data-permalink=\"https:\/\/patrimoine-avesnois.fr\/chemin\/les-chateaux-de-lavesnois-et-leurs-proprietaires\/image-1393\/\" data-orig-file=\"https:\/\/i0.wp.com\/patrimoine-avesnois.fr\/chemin\/wp-content\/uploads\/2020\/02\/image-31.png?fit=722%2C556&amp;ssl=1\" data-orig-size=\"722,556\" data-comments-opened=\"1\" data-image-meta=\"{&quot;aperture&quot;:&quot;0&quot;,&quot;credit&quot;:&quot;&quot;,&quot;camera&quot;:&quot;&quot;,&quot;caption&quot;:&quot;&quot;,&quot;created_timestamp&quot;:&quot;0&quot;,&quot;copyright&quot;:&quot;&quot;,&quot;focal_length&quot;:&quot;0&quot;,&quot;iso&quot;:&quot;0&quot;,&quot;shutter_speed&quot;:&quot;0&quot;,&quot;title&quot;:&quot;&quot;,&quot;orientation&quot;:&quot;0&quot;}\" data-image-title=\"image\" data-image-description=\"\" data-image-caption=\"\" data-large-file=\"https:\/\/i0.wp.com\/patrimoine-avesnois.fr\/chemin\/wp-content\/uploads\/2020\/02\/image-31.png?fit=722%2C556&amp;ssl=1\" src=\"https:\/\/i0.wp.com\/patrimoine-avesnois.fr\/chemin\/wp-content\/uploads\/2020\/02\/image-31.png?resize=722%2C556\" alt=\"\" class=\"wp-image-9336\" style=\"width:630px;height:484px\" srcset=\"https:\/\/i0.wp.com\/patrimoine-avesnois.fr\/chemin\/wp-content\/uploads\/2020\/02\/image-31.png?w=722&amp;ssl=1 722w, https:\/\/i0.wp.com\/patrimoine-avesnois.fr\/chemin\/wp-content\/uploads\/2020\/02\/image-31.png?resize=300%2C231&amp;ssl=1 300w\" sizes=\"auto, (max-width: 722px) 85vw, 722px\" \/><figcaption class=\"wp-element-caption\">Le ch\u00e2teau de la Marli\u00e8re<\/figcaption><\/figure>\n<\/div>\n\n<div class=\"wp-block-image\">\n<figure class=\"aligncenter is-resized\"><img data-recalc-dims=\"1\" loading=\"lazy\" decoding=\"async\" width=\"429\" height=\"271\" data-attachment-id=\"9337\" data-permalink=\"https:\/\/patrimoine-avesnois.fr\/chemin\/les-chateaux-de-lavesnois-et-leurs-proprietaires\/image-1394\/\" data-orig-file=\"https:\/\/i0.wp.com\/patrimoine-avesnois.fr\/chemin\/wp-content\/uploads\/2020\/02\/image-32.png?fit=429%2C271&amp;ssl=1\" data-orig-size=\"429,271\" data-comments-opened=\"1\" data-image-meta=\"{&quot;aperture&quot;:&quot;0&quot;,&quot;credit&quot;:&quot;&quot;,&quot;camera&quot;:&quot;&quot;,&quot;caption&quot;:&quot;&quot;,&quot;created_timestamp&quot;:&quot;0&quot;,&quot;copyright&quot;:&quot;&quot;,&quot;focal_length&quot;:&quot;0&quot;,&quot;iso&quot;:&quot;0&quot;,&quot;shutter_speed&quot;:&quot;0&quot;,&quot;title&quot;:&quot;&quot;,&quot;orientation&quot;:&quot;0&quot;}\" data-image-title=\"image\" data-image-description=\"\" data-image-caption=\"\" data-large-file=\"https:\/\/i0.wp.com\/patrimoine-avesnois.fr\/chemin\/wp-content\/uploads\/2020\/02\/image-32.png?fit=429%2C271&amp;ssl=1\" src=\"https:\/\/i0.wp.com\/patrimoine-avesnois.fr\/chemin\/wp-content\/uploads\/2020\/02\/image-32.png?resize=429%2C271\" alt=\"\" class=\"wp-image-9337\" style=\"width:630px;height:399px\" srcset=\"https:\/\/i0.wp.com\/patrimoine-avesnois.fr\/chemin\/wp-content\/uploads\/2020\/02\/image-32.png?w=429&amp;ssl=1 429w, https:\/\/i0.wp.com\/patrimoine-avesnois.fr\/chemin\/wp-content\/uploads\/2020\/02\/image-32.png?resize=300%2C190&amp;ssl=1 300w\" sizes=\"auto, (max-width: 429px) 85vw, 429px\" \/><figcaption class=\"wp-element-caption\">Le ch\u00e2teau de la Marli\u00e8re \u00e0 Fourmies<\/figcaption><\/figure>\n<\/div>\n\n\n<p>Le ch\u00e2teau de la Marli\u00e8re&nbsp; fut construit par l\u2019industriel textile Th\u00e9ophile Legrand en 1841.&nbsp;<br>\u00ab&nbsp;<em>Les terrains avaient \u00e9t\u00e9 choisis en 1838 et cette r\u00e9sidence fut tr\u00e8s vite appel\u00e9e ch\u00e2teau de La Marli\u00e8re car c\u2019\u00e9tait la plus riche fa\u00e7ade d\u2019inspiration Louis XIII de la r\u00e9gion,<\/em>&nbsp;pr\u00e9cise l\u2019historien Jean-Louis Chappat, lors de l\u2019ouverture de ses portes en juin 2016.&nbsp;<br>L\u2019ensemble \u00e9tait compos\u00e9 de 34 pi\u00e8ces.Au d\u00e9c\u00e8s de l\u2019industriel, le \u00ab&nbsp;ch\u00e2teau&nbsp;\u00bb restera \u00ab&nbsp;chez&nbsp;\u00bb les Legrand et sera occup\u00e9 par ses descendants (dont, par les mariages, les Boutard, les Mandron\u2026). Mais deux guerres (avec ses occupations) ont port\u00e9 l\u2019estocade \u00e0 la florissante industrie textile locale et la famille, en proie \u00e0 des difficult\u00e9s, est oblig\u00e9e de le c\u00e9der en 1944. Les lieux sont alors transform\u00e9s en pensionnat par la Congr\u00e9gation des Filles de la Providence, puis, en 1950, en \u00e9cole m\u00e9nag\u00e8re par les s\u0153urs de Sainte-Th\u00e9r\u00e8se d\u2019Avesnes jusque dans les ann\u00e9es 80. La b\u00e2tisse revient ensuite dans le domaine priv\u00e9 mais, faute de moyens, elle donne des signes de fatigue. Il faudra attende 2002 pour qu\u2019elle soit rachet\u00e9e par une famille parisienne qui commence \u00e0 la remettre \u00e0 flots. Avant que le descendant direct de Th\u00e9ophile Legrand (son quadria\u00efeul), Christian Cambier, un septuag\u00e9naire, l\u2019acquiert en 2014. Il y commence d\u2019\u00e9normes travaux de r\u00e9habilitation pour transformer la demeure en <a aria-label=\"h\u00f4tel trois \u00e9toiles (opens in a new tab)\" href=\"https:\/\/www.chateaudelamarliere.com\/\" target=\"_blank\" rel=\"noreferrer noopener\">h\u00f4tel trois \u00e9toiles<\/a>.          Source du texte&nbsp;<a href=\"https:\/\/www.lavoixdunord.fr\/7721\/article\/2016-06-04\/fourmies-le-chateau-de-la-marliere-facon-louis-xiii-renait-en-hotel-trois\" target=\"_blank\" rel=\"noreferrer noopener\">La Voix du Nord 04\/06\/2016<\/a><\/p>\n\n\n\n<p class=\"has-text-align-center has-bright-red-color has-light-blue-background-color has-text-color has-background has-medium-font-size\">Le ch\u00e2teau de Frasnoy<\/p>\n\n\n<div class=\"wp-block-image\">\n<figure class=\"aligncenter is-resized\"><img data-recalc-dims=\"1\" loading=\"lazy\" decoding=\"async\" width=\"750\" height=\"550\" data-attachment-id=\"9344\" data-permalink=\"https:\/\/patrimoine-avesnois.fr\/chemin\/les-chateaux-de-lavesnois-et-leurs-proprietaires\/image-1396\/\" data-orig-file=\"https:\/\/i0.wp.com\/patrimoine-avesnois.fr\/chemin\/wp-content\/uploads\/2020\/02\/image-34.png?fit=750%2C550&amp;ssl=1\" data-orig-size=\"750,550\" data-comments-opened=\"1\" data-image-meta=\"{&quot;aperture&quot;:&quot;0&quot;,&quot;credit&quot;:&quot;&quot;,&quot;camera&quot;:&quot;&quot;,&quot;caption&quot;:&quot;&quot;,&quot;created_timestamp&quot;:&quot;0&quot;,&quot;copyright&quot;:&quot;&quot;,&quot;focal_length&quot;:&quot;0&quot;,&quot;iso&quot;:&quot;0&quot;,&quot;shutter_speed&quot;:&quot;0&quot;,&quot;title&quot;:&quot;&quot;,&quot;orientation&quot;:&quot;0&quot;}\" data-image-title=\"image\" data-image-description=\"\" data-image-caption=\"\" data-large-file=\"https:\/\/i0.wp.com\/patrimoine-avesnois.fr\/chemin\/wp-content\/uploads\/2020\/02\/image-34.png?fit=750%2C550&amp;ssl=1\" src=\"https:\/\/i0.wp.com\/patrimoine-avesnois.fr\/chemin\/wp-content\/uploads\/2020\/02\/image-34.png?resize=750%2C550\" alt=\"\" class=\"wp-image-9344\" style=\"width:630px;height:460px\" srcset=\"https:\/\/i0.wp.com\/patrimoine-avesnois.fr\/chemin\/wp-content\/uploads\/2020\/02\/image-34.png?w=750&amp;ssl=1 750w, https:\/\/i0.wp.com\/patrimoine-avesnois.fr\/chemin\/wp-content\/uploads\/2020\/02\/image-34.png?resize=300%2C220&amp;ssl=1 300w\" sizes=\"auto, (max-width: 750px) 85vw, 750px\" \/><figcaption class=\"wp-element-caption\">Le ch\u00e2teau de Frasnoy<\/figcaption><\/figure>\n<\/div>\n\n<div class=\"wp-block-image\">\n<figure class=\"aligncenter is-resized\"><img decoding=\"async\" src=\"https:\/\/i0.wp.com\/patrimoine-avesnois.fr\/chemin\/wp-content\/uploads\/2019\/04\/Chateau-Frasnoy-.jpg?resize=840%2C630\" alt=\"\" style=\"width:630px;height:473px\"\/><figcaption class=\"wp-element-caption\">Le ch\u00e2teau de Frasnoy<\/figcaption><\/figure>\n<\/div>\n\n<div class=\"wp-block-image\">\n<figure class=\"aligncenter is-resized\"><img decoding=\"async\" src=\"https:\/\/i2.wp.com\/www.communes.com\/images\/orig\/nord-pas-de-calais\/nord\/frasnoy_59530\/frasnoy_231975.jpg?resize=840%2C550&amp;ssl=1\" alt=\"R\u00c3\u00a9sultat de recherche d'images pour &quot;Chateau frasnoy&quot;\" style=\"width:630px;height:413px\"\/><figcaption class=\"wp-element-caption\"><em>Photo 2014 :&nbsp;<\/em><a href=\"https:\/\/www.communes.com\/photo-frasnoy,231975\" target=\"_blank\" rel=\"noreferrer noopener\">communes.com<\/a> <\/figcaption><\/figure>\n<\/div>\n\n\n<p>Il a \u00e9t\u00e9 construit il y a environ deux si\u00e8cles sur les ruines d\u2019un ancien ch\u00e2teau f\u00e9odal dont il ne reste que quelques parties. Il comprend six hectares avec ses d\u00e9pendances. A travers le parc passe la petite rivi\u00e8re de l&rsquo;Aunelle.<br>Vers 1890 la demeure semble avoir \u00e9t\u00e9 la propri\u00e9t\u00e9 du baron de L\u00e9pine, celui-ci \u00e9tant le petit fils du colonel des gardes nationales Ferdinand de l&rsquo;Epine (1784 1868), mari\u00e9 \u00e0 Marie-Charlotte-Aldegonde de Nedonchel (1779 1869). <br>Le ch\u00e2teau fut ensuite achet\u00e9 vers 1895 par Eug\u00e8ne Motte (1847 1904) et son \u00e9pouse Marie Ad\u00e9laide Sti\u00e9venart (1848 1910) puis occup\u00e9 en 1904 par son fils Eug\u00e8ne mari\u00e9 \u00e0 Elisabeth Debruyn. Les Motte \u00e9taient n\u00e9gociant en vins . Eug\u00e8ne fils fut le parrain de la cloche de l&rsquo;\u00e9glise de Frasnoy en 1925 et d\u00e9tenait encore la b\u00e2tisse avant la Seconde Guerre mondiale. Par la suite, le ch\u00e2teau apr\u00e8s avoir \u00e9t\u00e9 pendant un temps une \u00e9cole d&rsquo;agriculture, fut achet\u00e9 en 1973 par la famille Legueul dont l&rsquo;exploitation agricole est de nos jours l&rsquo;\u00e9levage de bovins et de buffles.<\/p>\n\n\n\n<p class=\"has-text-align-center has-bright-red-color has-light-blue-background-color has-text-color has-background has-medium-font-size\">Le ch\u00e2teau de Glageon<\/p>\n\n\n<div class=\"wp-block-image\">\n<figure class=\"aligncenter is-resized\"><img loading=\"lazy\" decoding=\"async\" width=\"647\" height=\"963\" data-attachment-id=\"2230\" data-permalink=\"https:\/\/patrimoine-avesnois.fr\/chemin\/glageon\/997_001\/\" data-orig-file=\"https:\/\/i0.wp.com\/patrimoine-avesnois.fr\/chemin\/wp-content\/uploads\/2019\/04\/997_001.jpg?fit=647%2C963&amp;ssl=1\" data-orig-size=\"647,963\" data-comments-opened=\"1\" data-image-meta=\"{&quot;aperture&quot;:&quot;0&quot;,&quot;credit&quot;:&quot;&quot;,&quot;camera&quot;:&quot;&quot;,&quot;caption&quot;:&quot;&quot;,&quot;created_timestamp&quot;:&quot;1556477606&quot;,&quot;copyright&quot;:&quot;&quot;,&quot;focal_length&quot;:&quot;0&quot;,&quot;iso&quot;:&quot;0&quot;,&quot;shutter_speed&quot;:&quot;0&quot;,&quot;title&quot;:&quot;&quot;,&quot;orientation&quot;:&quot;0&quot;}\" data-image-title=\"997_001\" data-image-description=\"\" data-image-caption=\"\" data-large-file=\"https:\/\/i0.wp.com\/patrimoine-avesnois.fr\/chemin\/wp-content\/uploads\/2019\/04\/997_001.jpg?fit=647%2C963&amp;ssl=1\" src=\"https:\/\/i2.wp.com\/patrimoine-avesnois.fr\/chemin\/wp-content\/uploads\/2019\/04\/997_001.jpg?resize=485%2C722\" alt=\"\" class=\"wp-image-2230\" style=\"width:364px;height:542px\" srcset=\"https:\/\/i0.wp.com\/patrimoine-avesnois.fr\/chemin\/wp-content\/uploads\/2019\/04\/997_001.jpg?w=647&amp;ssl=1 647w, https:\/\/i0.wp.com\/patrimoine-avesnois.fr\/chemin\/wp-content\/uploads\/2019\/04\/997_001.jpg?resize=202%2C300&amp;ssl=1 202w\" sizes=\"auto, (max-width: 647px) 85vw, 647px\" \/><figcaption class=\"wp-element-caption\">Le ch\u00e2teau des Tourelles \u00e0 Glageon<\/figcaption><\/figure>\n<\/div>\n\n<div class=\"wp-block-image\">\n<figure class=\"aligncenter is-resized\"><img loading=\"lazy\" decoding=\"async\" width=\"286\" height=\"450\" data-attachment-id=\"2232\" data-permalink=\"https:\/\/patrimoine-avesnois.fr\/chemin\/glageon\/image-450\/\" data-orig-file=\"https:\/\/i0.wp.com\/patrimoine-avesnois.fr\/chemin\/wp-content\/uploads\/2019\/04\/image-426.png?fit=286%2C450&amp;ssl=1\" data-orig-size=\"286,450\" data-comments-opened=\"1\" data-image-meta=\"{&quot;aperture&quot;:&quot;0&quot;,&quot;credit&quot;:&quot;&quot;,&quot;camera&quot;:&quot;&quot;,&quot;caption&quot;:&quot;&quot;,&quot;created_timestamp&quot;:&quot;0&quot;,&quot;copyright&quot;:&quot;&quot;,&quot;focal_length&quot;:&quot;0&quot;,&quot;iso&quot;:&quot;0&quot;,&quot;shutter_speed&quot;:&quot;0&quot;,&quot;title&quot;:&quot;&quot;,&quot;orientation&quot;:&quot;0&quot;}\" data-image-title=\"image\" data-image-description=\"\" data-image-caption=\"\" data-large-file=\"https:\/\/i0.wp.com\/patrimoine-avesnois.fr\/chemin\/wp-content\/uploads\/2019\/04\/image-426.png?fit=286%2C450&amp;ssl=1\" src=\"https:\/\/i1.wp.com\/patrimoine-avesnois.fr\/chemin\/wp-content\/uploads\/2019\/04\/image-426.png?resize=485%2C756\" alt=\"\" class=\"wp-image-2232\" style=\"width:364px;height:567px\" srcset=\"https:\/\/i0.wp.com\/patrimoine-avesnois.fr\/chemin\/wp-content\/uploads\/2019\/04\/image-426.png?w=286&amp;ssl=1 286w, https:\/\/i0.wp.com\/patrimoine-avesnois.fr\/chemin\/wp-content\/uploads\/2019\/04\/image-426.png?resize=191%2C300&amp;ssl=1 191w\" sizes=\"auto, (max-width: 286px) 85vw, 286px\" \/><figcaption class=\"wp-element-caption\">Vue arri\u00e8re<\/figcaption><\/figure>\n<\/div>\n\n<div class=\"wp-block-image\">\n<figure class=\"aligncenter is-resized\"><img loading=\"lazy\" decoding=\"async\" width=\"1596\" height=\"1021\" data-attachment-id=\"2231\" data-permalink=\"https:\/\/patrimoine-avesnois.fr\/chemin\/glageon\/210_001\/\" data-orig-file=\"https:\/\/i0.wp.com\/patrimoine-avesnois.fr\/chemin\/wp-content\/uploads\/2019\/04\/210_001.jpg?fit=1596%2C1021&amp;ssl=1\" data-orig-size=\"1596,1021\" data-comments-opened=\"1\" data-image-meta=\"{&quot;aperture&quot;:&quot;0&quot;,&quot;credit&quot;:&quot;&quot;,&quot;camera&quot;:&quot;&quot;,&quot;caption&quot;:&quot;&quot;,&quot;created_timestamp&quot;:&quot;1556477624&quot;,&quot;copyright&quot;:&quot;&quot;,&quot;focal_length&quot;:&quot;0&quot;,&quot;iso&quot;:&quot;0&quot;,&quot;shutter_speed&quot;:&quot;0&quot;,&quot;title&quot;:&quot;&quot;,&quot;orientation&quot;:&quot;0&quot;}\" data-image-title=\"210_001\" data-image-description=\"\" data-image-caption=\"\" data-large-file=\"https:\/\/i0.wp.com\/patrimoine-avesnois.fr\/chemin\/wp-content\/uploads\/2019\/04\/210_001.jpg?fit=840%2C537&amp;ssl=1\" src=\"https:\/\/i0.wp.com\/patrimoine-avesnois.fr\/chemin\/wp-content\/uploads\/2019\/04\/210_001.jpg?fit=840%2C537\" alt=\"\" class=\"wp-image-2231\" style=\"width:630px;height:403px\" srcset=\"https:\/\/i0.wp.com\/patrimoine-avesnois.fr\/chemin\/wp-content\/uploads\/2019\/04\/210_001.jpg?w=1596&amp;ssl=1 1596w, https:\/\/i0.wp.com\/patrimoine-avesnois.fr\/chemin\/wp-content\/uploads\/2019\/04\/210_001.jpg?resize=300%2C192&amp;ssl=1 300w, https:\/\/i0.wp.com\/patrimoine-avesnois.fr\/chemin\/wp-content\/uploads\/2019\/04\/210_001.jpg?resize=768%2C491&amp;ssl=1 768w, https:\/\/i0.wp.com\/patrimoine-avesnois.fr\/chemin\/wp-content\/uploads\/2019\/04\/210_001.jpg?resize=1024%2C655&amp;ssl=1 1024w, https:\/\/i0.wp.com\/patrimoine-avesnois.fr\/chemin\/wp-content\/uploads\/2019\/04\/210_001.jpg?resize=1200%2C768&amp;ssl=1 1200w\" sizes=\"auto, (max-width: 709px) 85vw, (max-width: 909px) 67vw, (max-width: 1362px) 62vw, 840px\" \/><figcaption class=\"wp-element-caption\">le ch\u00e2teau des Tourelles \u00e0 Glageon<\/figcaption><\/figure>\n<\/div>\n\n<div class=\"wp-block-image\">\n<figure class=\"aligncenter is-resized\"><img data-recalc-dims=\"1\" loading=\"lazy\" decoding=\"async\" width=\"840\" height=\"645\" data-attachment-id=\"9350\" data-permalink=\"https:\/\/patrimoine-avesnois.fr\/chemin\/les-chateaux-de-lavesnois-et-leurs-proprietaires\/image-1398\/\" data-orig-file=\"https:\/\/i0.wp.com\/patrimoine-avesnois.fr\/chemin\/wp-content\/uploads\/2020\/02\/image-36.png?fit=901%2C692&amp;ssl=1\" data-orig-size=\"901,692\" data-comments-opened=\"1\" data-image-meta=\"{&quot;aperture&quot;:&quot;0&quot;,&quot;credit&quot;:&quot;&quot;,&quot;camera&quot;:&quot;&quot;,&quot;caption&quot;:&quot;&quot;,&quot;created_timestamp&quot;:&quot;0&quot;,&quot;copyright&quot;:&quot;&quot;,&quot;focal_length&quot;:&quot;0&quot;,&quot;iso&quot;:&quot;0&quot;,&quot;shutter_speed&quot;:&quot;0&quot;,&quot;title&quot;:&quot;&quot;,&quot;orientation&quot;:&quot;0&quot;}\" data-image-title=\"image\" data-image-description=\"\" data-image-caption=\"\" data-large-file=\"https:\/\/i0.wp.com\/patrimoine-avesnois.fr\/chemin\/wp-content\/uploads\/2020\/02\/image-36.png?fit=840%2C645&amp;ssl=1\" src=\"https:\/\/i0.wp.com\/patrimoine-avesnois.fr\/chemin\/wp-content\/uploads\/2020\/02\/image-36.png?resize=840%2C645\" alt=\"\" class=\"wp-image-9350\" style=\"width:630px;height:480px\" srcset=\"https:\/\/i0.wp.com\/patrimoine-avesnois.fr\/chemin\/wp-content\/uploads\/2020\/02\/image-36.png?w=901&amp;ssl=1 901w, https:\/\/i0.wp.com\/patrimoine-avesnois.fr\/chemin\/wp-content\/uploads\/2020\/02\/image-36.png?resize=300%2C230&amp;ssl=1 300w, https:\/\/i0.wp.com\/patrimoine-avesnois.fr\/chemin\/wp-content\/uploads\/2020\/02\/image-36.png?resize=768%2C590&amp;ssl=1 768w\" sizes=\"auto, (max-width: 709px) 85vw, (max-width: 909px) 67vw, (max-width: 1362px) 62vw, 840px\" \/><figcaption class=\"wp-element-caption\"><em>Le ch\u00e2teau des Tourelles \u00e0 Glageon<\/em> <\/figcaption><\/figure>\n<\/div>\n\n\n<p>Ch\u00e2teau du XIXe si\u00e8cle. Il fut transform\u00e9 dans les ann\u00e9es 1950 en&nbsp;\u00ab&nbsp;Colonie sanitaire des \u0152uvres Sociales de la Table Ronde&nbsp;\u00bb. Il est de nos jours un <a aria-label=\"restaurant (opens in a new tab)\" href=\"https:\/\/www.le1680.fr\/les-tourelles\/\" target=\"_blank\" rel=\"noreferrer noopener\">restaurant<\/a> renomm\u00e9.<\/p>\n\n\n\n<p class=\"has-text-align-center has-bright-red-color has-light-blue-background-color has-text-color has-background has-medium-font-size\">Le ch\u00e2teau de Gognies-Chauss\u00e9e<\/p>\n\n\n<div class=\"wp-block-image\">\n<figure class=\"aligncenter is-resized\"><img loading=\"lazy\" decoding=\"async\" width=\"1161\" height=\"872\" data-attachment-id=\"9353\" data-permalink=\"https:\/\/patrimoine-avesnois.fr\/chemin\/les-chateaux-de-lavesnois-et-leurs-proprietaires\/image-1400\/\" data-orig-file=\"https:\/\/i0.wp.com\/patrimoine-avesnois.fr\/chemin\/wp-content\/uploads\/2020\/02\/image-38.png?fit=1161%2C872&amp;ssl=1\" data-orig-size=\"1161,872\" data-comments-opened=\"1\" data-image-meta=\"{&quot;aperture&quot;:&quot;0&quot;,&quot;credit&quot;:&quot;&quot;,&quot;camera&quot;:&quot;&quot;,&quot;caption&quot;:&quot;&quot;,&quot;created_timestamp&quot;:&quot;0&quot;,&quot;copyright&quot;:&quot;&quot;,&quot;focal_length&quot;:&quot;0&quot;,&quot;iso&quot;:&quot;0&quot;,&quot;shutter_speed&quot;:&quot;0&quot;,&quot;title&quot;:&quot;&quot;,&quot;orientation&quot;:&quot;0&quot;}\" data-image-title=\"image\" data-image-description=\"\" data-image-caption=\"\" data-large-file=\"https:\/\/i0.wp.com\/patrimoine-avesnois.fr\/chemin\/wp-content\/uploads\/2020\/02\/image-38.png?fit=840%2C631&amp;ssl=1\" src=\"https:\/\/i1.wp.com\/patrimoine-avesnois.fr\/chemin\/wp-content\/uploads\/2020\/02\/image-38.png?fit=840%2C631\" alt=\"\" class=\"wp-image-9353\" style=\"width:630px;height:472px\" srcset=\"https:\/\/i0.wp.com\/patrimoine-avesnois.fr\/chemin\/wp-content\/uploads\/2020\/02\/image-38.png?w=1161&amp;ssl=1 1161w, https:\/\/i0.wp.com\/patrimoine-avesnois.fr\/chemin\/wp-content\/uploads\/2020\/02\/image-38.png?resize=300%2C225&amp;ssl=1 300w, https:\/\/i0.wp.com\/patrimoine-avesnois.fr\/chemin\/wp-content\/uploads\/2020\/02\/image-38.png?resize=768%2C577&amp;ssl=1 768w, https:\/\/i0.wp.com\/patrimoine-avesnois.fr\/chemin\/wp-content\/uploads\/2020\/02\/image-38.png?resize=1024%2C769&amp;ssl=1 1024w\" sizes=\"auto, (max-width: 709px) 85vw, (max-width: 909px) 67vw, (max-width: 1362px) 62vw, 840px\" \/><figcaption class=\"wp-element-caption\">Le ch\u00e2teau de Gontreuil \u00e0 Gognies-Chauss\u00e9e <\/figcaption><\/figure>\n<\/div>\n\n<div class=\"wp-block-image\">\n<figure class=\"aligncenter is-resized\"><img data-recalc-dims=\"1\" loading=\"lazy\" decoding=\"async\" width=\"660\" height=\"495\" data-attachment-id=\"9352\" data-permalink=\"https:\/\/patrimoine-avesnois.fr\/chemin\/les-chateaux-de-lavesnois-et-leurs-proprietaires\/image-1399\/\" data-orig-file=\"https:\/\/i0.wp.com\/patrimoine-avesnois.fr\/chemin\/wp-content\/uploads\/2020\/02\/image-37.png?fit=660%2C495&amp;ssl=1\" data-orig-size=\"660,495\" data-comments-opened=\"1\" data-image-meta=\"{&quot;aperture&quot;:&quot;0&quot;,&quot;credit&quot;:&quot;&quot;,&quot;camera&quot;:&quot;&quot;,&quot;caption&quot;:&quot;&quot;,&quot;created_timestamp&quot;:&quot;0&quot;,&quot;copyright&quot;:&quot;&quot;,&quot;focal_length&quot;:&quot;0&quot;,&quot;iso&quot;:&quot;0&quot;,&quot;shutter_speed&quot;:&quot;0&quot;,&quot;title&quot;:&quot;&quot;,&quot;orientation&quot;:&quot;0&quot;}\" data-image-title=\"image\" data-image-description=\"\" data-image-caption=\"\" data-large-file=\"https:\/\/i0.wp.com\/patrimoine-avesnois.fr\/chemin\/wp-content\/uploads\/2020\/02\/image-37.png?fit=660%2C495&amp;ssl=1\" src=\"https:\/\/i0.wp.com\/patrimoine-avesnois.fr\/chemin\/wp-content\/uploads\/2020\/02\/image-37.png?resize=660%2C495\" alt=\"\" class=\"wp-image-9352\" style=\"width:630px;height:471px\" srcset=\"https:\/\/i0.wp.com\/patrimoine-avesnois.fr\/chemin\/wp-content\/uploads\/2020\/02\/image-37.png?w=660&amp;ssl=1 660w, https:\/\/i0.wp.com\/patrimoine-avesnois.fr\/chemin\/wp-content\/uploads\/2020\/02\/image-37.png?resize=300%2C225&amp;ssl=1 300w\" sizes=\"auto, (max-width: 660px) 85vw, 660px\" \/><figcaption class=\"wp-element-caption\"><em>Le ch\u00e2teau de Gontreuil \u00e0 Gognies-Chauss\u00e9e<\/em> <\/figcaption><\/figure>\n<\/div>\n\n<div class=\"wp-block-image\">\n<figure class=\"aligncenter is-resized\"><img decoding=\"async\" src=\"https:\/\/i0.wp.com\/patrimoine-avesnois.fr\/chemin\/wp-content\/uploads\/2020\/02\/image-39.png?fit=840%2C630\" alt=\"L\u2019attribut alt de cette image est vide, son nom de fichier est image-39.png.\" style=\"width:630px;height:473px\"\/><figcaption class=\"wp-element-caption\"><em>Le ch\u00e2teau de Gontreuil \u00e0 Gognies-Chauss\u00e9e &nbsp;Photo&nbsp;La&nbsp;Voix&nbsp;du&nbsp;Nord&nbsp;22\/08\/2019<\/em><\/figcaption><\/figure>\n<\/div>\n\n\n<p>Le ch\u00e2teau doit son nom \u00e0 la terre de Gontreuil sur laquelle il fut \u00e9rig\u00e9. Cette terre fut longtemps rattach\u00e9e \u00e0 la paroisse de Grand-Qu\u00e9vy (Belgique). <\/p>\n\n\n\n<p>En 1779, le fief de la famille de Gontreuil fut c\u00e9d\u00e9 \u00e0 la France par Marie-Th\u00e9r\u00e8se d\u2019Autriche suite au trait\u00e9 de Bruxelles. Le Prince d&rsquo;Orange (futur roi des Pays-Bas) y prit ses quartiers lors du blocus et si\u00e8ge de Maubeuge en 1793.<\/p>\n\n\n\n<p>Dans une m\u00eame lign\u00e9e, le ch\u00e2teau de Gontreuil passa successivement de la famille Hennequinne aux familles Robert, de Vinchant, de Knyff et Le Sergeant d&rsquo;Hendecourt. <\/p>\n\n\n\n<p>De fa\u00e7on plus pr\u00e9cise, en 1703, la terre de Gontreuil \u00e9tait en possession de la famille Hennequine d&rsquo;une famille noble du pays d&rsquo;Artois. Michel-Andr\u00e9 Hennequine \u00e9tait \u00e9chevin de Mons entre 1703 et 1709. Cette seigneurie entra par la suite dans la maison des Robert qui \u00e9taient aussi seigneurs de Qu\u00e9velon.La demeure appartenait en effet au d\u00e9but du XVIII \u00e8 si\u00e8cle \u00e0 Marie Madeleine Joseph Robert Dame de Gontroeul qui avait \u00e9pous\u00e9 le 2 Juillet 1721 Charles Antoine Joseph de Vinchant , Seigneur de Morval et de Gontroeul&nbsp;(1695-1768). Elle \u00e9tait fille de J\u00e9r\u00f4me Robert (1666 1758) \u00e9cuyer et seigneur de Choisy &amp; St Symphorien et de Marie Anne Barbe Florence Debroide, petite fille de Charles Robert (1622 1689),anobli par lettre patente du Roi Charles II le  2 juillet 1674, et de Marie Maximilienne Dedecker. Elle d\u00e9c\u00e9da le 3 Novembre 1730 \u00e0 Qu\u00e9vy-le-Grand. Un de leur fils Charles Fran\u00e7ois Jean Augustin de Vinchant n\u00e9 en 1724, G\u00e9n\u00e9ral-major au service imp\u00e9rial h\u00e9rita de la demeure mais ne l&rsquo;occupa pas. <\/p>\n\n\n\n<p>Dans un rapport de Hennet, pr\u00e9v\u00f4t de Maubeuge, dat\u00e9 du 5 juin 1788, nous lisons ce qui suit au sujet de la seigneurie de Le Gontreuil : \u00ab ch\u00e2teau et seigneurie avec une ferme, 4 maisons de paysans de la paroisse de Gognies. Seigneur : de Vinchant, comte de Gontreuil ; bailli, Prisse, avocat \u00e0 Avesnes ; procureur N.. ; greffier, Contamine, procureur \u00e0 Maubeuge ; un sergent-garde-chasse. Les plaids peuvent se tenir dans le Ch\u00e2teau o\u00f9 il peut y avoir une chambre pour le greffe ; pas de prison. \u00bb<\/p>\n\n\n\n<p>Charles Fran\u00e7ois Jean Augustin de Vinchant mourut en 1790 et son \u00e9pouse la comtesse douairi\u00e8re, n\u00e9e Anne Constance Adrienne de Dam d\u00e9c\u00e9da en 1812 \u00e0 Bruges . Leur fils, Charles Philippe Joseph Agathon de Vinchant de Gontreuil, g\u00e9n\u00e9ral-major et chambellan de Fran\u00e7ois II, mourut \u00e0 Vienne en 1798 \u00e0 l&rsquo;\u00e2ge de 43 ans. Il \u00e9tait veuf depuis 1794 de Marie Th\u00e9r\u00e8se \u00ab\u00a0Am\u00e9lie \u00a0\u00bb Jos\u00e9phine Apolline Depestre de Seneffe, morte en \u00e9migration \u00e0 Cologne. Ils avaient eu deux enfants : Honor\u00e9 Ferdinand Ghislain, n\u00e9 en 1784, et Constance \u00ab\u00a0Eugenie\u00a0\u00bb Louise, n\u00e9e en 1790, seule h\u00e9riti\u00e8re \u00e0 la mort de son fr\u00e8re en 1806. En 1810, Eugenie \u00e9pousa Pierre Michel Charles de Knyff, chevalier du Saint-Empire, \u00e9chevin et directeur de la Police de Bruxelles o\u00f9 le couple r\u00e9sidait. Apr\u00e8s 1830 les \u00e9poux prirent l&rsquo;habitude de venir \u00e0 Gontreuil en \u00e9t\u00e9. Pierre de Knyff mourut en 1847 et Eug\u00e9nie en 1865. Le domaine passa \u00e0 leur fils Edmond (1812-1893), qui avait \u00e9pous\u00e9, en 1847, Eudolie de la Roche (1826-1903). Ils firent \u00e9difier sur le m\u00eame emplacement  un nouveau ch\u00e2teau dont la construction fut termin\u00e9e en 1869. En 1903, Gontreuil revint alors \u00e0 leur petit-fils Albert d&rsquo;Hendecourt, a\u00efeul du propri\u00e9taire actuel. Albert Le Sergeant d&rsquo;Hendecout (1875-1948) est le fils de L\u00e9on (1843-1889) et de Nathalie de Knyff (1851-1883), deuxi\u00e8me fille d&rsquo;Edmond et Eudolie de Knyff.<\/p>\n\n\n\n<p>En 1927  Albert d&rsquo;Hendecourt reconstruisit le ch\u00e2teau sur les fondations de l&rsquo;ancienne forteresse. Les sous-sols sont vo\u00fbt\u00e9s en berceau comme \u00e0 Eclaibes et Rametz. Ses pierres de taille blanches actuelles lui donnent une allure majestueuse. Sans la passion de cette famille d&rsquo;Hendecourt, il ne serait sans doute pas dans un si bel \u00e9tat aujourd&rsquo;hui.  <\/p>\n\n\n\n<p>Compl\u00e9ments sur :  <a href=\"http:\/\/www.histoire2gognies.com\/seigneurie-de-gontreuil-a--gognies-chaussee.html\" target=\"_blank\" rel=\"noreferrer noopener\">http:\/\/www.histoire2gognies.com<\/a> <\/p>\n\n\n\n<p>La b\u00e2tisse actuelle s\u2019\u00e9tire sur trois niveaux dont un de combles sous des toits \u00e0 la Mansart. L\u2019essentiel des murs est en brique. Les cha\u00eenages sont en pierre calcaire blanche tandis que les entourages et linteaux de baies sont en pierre bleue.  Situ\u00e9 dans un parc paysager de toute beaut\u00e9, ce ch\u00e2teau est bord\u00e9 par deux \u00e9tangs et comporte des am\u00e9nagements de prestige (glaci\u00e8re, orangerie\u2026). Le ch\u00e2teau et les terrains sont priv\u00e9s.&nbsp;<\/p>\n\n\n\n<p class=\"has-text-align-center has-bright-red-color has-light-blue-background-color has-text-color has-background has-medium-font-size\">Le &nbsp;ch\u00e2teau de Carnoy \u00e0 Gommegnies <\/p>\n\n\n<div class=\"wp-block-image\">\n<figure class=\"aligncenter is-resized\"><img decoding=\"async\" src=\"https:\/\/i1.wp.com\/www2.culture.gouv.fr\/Wave\/image\/memoire\/2154\/ivr31_20105900045nuca_p.jpg?w=840\" alt=\"\" style=\"width:630px;height:408px\"\/><figcaption class=\"wp-element-caption\">Le ch\u00e2teau de Carnoy<\/figcaption><\/figure>\n<\/div>\n\n<div class=\"wp-block-image\">\n<figure class=\"aligncenter is-resized\"><img decoding=\"async\" src=\"https:\/\/i1.wp.com\/www2.culture.gouv.fr\/Wave\/image\/memoire\/2154\/ivr31_20105900046nuca_p.jpg?w=840\" alt=\"\" style=\"width:630px;height:383px\"\/><figcaption class=\"wp-element-caption\">Habitation de Mr Hennion<\/figcaption><\/figure>\n<\/div>\n\n<div class=\"wp-block-image\">\n<figure class=\"aligncenter is-resized\"><img data-recalc-dims=\"1\" loading=\"lazy\" decoding=\"async\" width=\"840\" height=\"554\" data-attachment-id=\"9366\" data-permalink=\"https:\/\/patrimoine-avesnois.fr\/chemin\/les-chateaux-de-lavesnois-et-leurs-proprietaires\/image-1402\/\" data-orig-file=\"https:\/\/i0.wp.com\/patrimoine-avesnois.fr\/chemin\/wp-content\/uploads\/2020\/03\/image.png?fit=953%2C628&amp;ssl=1\" data-orig-size=\"953,628\" data-comments-opened=\"1\" data-image-meta=\"{&quot;aperture&quot;:&quot;0&quot;,&quot;credit&quot;:&quot;&quot;,&quot;camera&quot;:&quot;&quot;,&quot;caption&quot;:&quot;&quot;,&quot;created_timestamp&quot;:&quot;0&quot;,&quot;copyright&quot;:&quot;&quot;,&quot;focal_length&quot;:&quot;0&quot;,&quot;iso&quot;:&quot;0&quot;,&quot;shutter_speed&quot;:&quot;0&quot;,&quot;title&quot;:&quot;&quot;,&quot;orientation&quot;:&quot;0&quot;}\" data-image-title=\"image\" data-image-description=\"\" data-image-caption=\"\" data-large-file=\"https:\/\/i0.wp.com\/patrimoine-avesnois.fr\/chemin\/wp-content\/uploads\/2020\/03\/image.png?fit=840%2C554&amp;ssl=1\" src=\"https:\/\/i0.wp.com\/patrimoine-avesnois.fr\/chemin\/wp-content\/uploads\/2020\/03\/image.png?resize=840%2C554\" alt=\"\" class=\"wp-image-9366\" style=\"width:630px;height:415px\" srcset=\"https:\/\/i0.wp.com\/patrimoine-avesnois.fr\/chemin\/wp-content\/uploads\/2020\/03\/image.png?w=953&amp;ssl=1 953w, https:\/\/i0.wp.com\/patrimoine-avesnois.fr\/chemin\/wp-content\/uploads\/2020\/03\/image.png?resize=300%2C198&amp;ssl=1 300w, https:\/\/i0.wp.com\/patrimoine-avesnois.fr\/chemin\/wp-content\/uploads\/2020\/03\/image.png?resize=768%2C506&amp;ssl=1 768w\" sizes=\"auto, (max-width: 709px) 85vw, (max-width: 909px) 67vw, (max-width: 1362px) 62vw, 840px\" \/><\/figure>\n<\/div>\n\n<div class=\"wp-block-image\">\n<figure class=\"aligncenter is-resized\"><img decoding=\"async\" src=\"https:\/\/i0.wp.com\/www2.culture.gouv.fr\/Wave\/image\/memoire\/2154\/ivr31_20095903210nuca_p.jpg?w=840\" alt=\"\" style=\"width:630px;height:414px\"\/><figcaption class=\"wp-element-caption\">Le ch\u00e2teau de Carnoy 324 rue C\u00e9lestin Hennion<\/figcaption><\/figure>\n<\/div>\n\n<div class=\"wp-block-image\">\n<figure class=\"aligncenter is-resized\"><img loading=\"lazy\" decoding=\"async\" width=\"894\" height=\"370\" data-attachment-id=\"2389\" data-permalink=\"https:\/\/patrimoine-avesnois.fr\/chemin\/gommegnies\/facade-du-chateau-de-carnoy-894x370_1\/\" data-orig-file=\"https:\/\/i0.wp.com\/patrimoine-avesnois.fr\/chemin\/wp-content\/uploads\/2019\/04\/facade-du-chateau-de-carnoy-894x370_1.jpg?fit=894%2C370&amp;ssl=1\" data-orig-size=\"894,370\" data-comments-opened=\"1\" data-image-meta=\"{&quot;aperture&quot;:&quot;0&quot;,&quot;credit&quot;:&quot;&quot;,&quot;camera&quot;:&quot;&quot;,&quot;caption&quot;:&quot;&quot;,&quot;created_timestamp&quot;:&quot;0&quot;,&quot;copyright&quot;:&quot;&quot;,&quot;focal_length&quot;:&quot;0&quot;,&quot;iso&quot;:&quot;0&quot;,&quot;shutter_speed&quot;:&quot;0&quot;,&quot;title&quot;:&quot;&quot;,&quot;orientation&quot;:&quot;0&quot;}\" data-image-title=\"facade du chateau de carnoy 894x370_1\" data-image-description=\"\" data-image-caption=\"\" data-large-file=\"https:\/\/i0.wp.com\/patrimoine-avesnois.fr\/chemin\/wp-content\/uploads\/2019\/04\/facade-du-chateau-de-carnoy-894x370_1.jpg?fit=840%2C348&amp;ssl=1\" src=\"https:\/\/i0.wp.com\/patrimoine-avesnois.fr\/chemin\/wp-content\/uploads\/2019\/04\/facade-du-chateau-de-carnoy-894x370_1.jpg?resize=800%2C335\" alt=\"\" class=\"wp-image-2389\" style=\"width:630px;height:263px\" srcset=\"https:\/\/i0.wp.com\/patrimoine-avesnois.fr\/chemin\/wp-content\/uploads\/2019\/04\/facade-du-chateau-de-carnoy-894x370_1.jpg?w=894&amp;ssl=1 894w, https:\/\/i0.wp.com\/patrimoine-avesnois.fr\/chemin\/wp-content\/uploads\/2019\/04\/facade-du-chateau-de-carnoy-894x370_1.jpg?resize=300%2C124&amp;ssl=1 300w, https:\/\/i0.wp.com\/patrimoine-avesnois.fr\/chemin\/wp-content\/uploads\/2019\/04\/facade-du-chateau-de-carnoy-894x370_1.jpg?resize=768%2C318&amp;ssl=1 768w\" sizes=\"auto, (max-width: 709px) 85vw, (max-width: 909px) 67vw, (max-width: 1362px) 62vw, 840px\" \/><figcaption class=\"wp-element-caption\">fa\u00e7ade du ch\u00e2teau<\/figcaption><\/figure>\n<\/div>\n\n<div class=\"wp-block-image\">\n<figure class=\"aligncenter is-resized\"><img data-recalc-dims=\"1\" loading=\"lazy\" decoding=\"async\" width=\"540\" height=\"600\" data-attachment-id=\"9370\" data-permalink=\"https:\/\/patrimoine-avesnois.fr\/chemin\/les-chateaux-de-lavesnois-et-leurs-proprietaires\/image-1404\/\" data-orig-file=\"https:\/\/i0.wp.com\/patrimoine-avesnois.fr\/chemin\/wp-content\/uploads\/2020\/03\/image-2.png?fit=540%2C600&amp;ssl=1\" data-orig-size=\"540,600\" data-comments-opened=\"1\" data-image-meta=\"{&quot;aperture&quot;:&quot;0&quot;,&quot;credit&quot;:&quot;&quot;,&quot;camera&quot;:&quot;&quot;,&quot;caption&quot;:&quot;&quot;,&quot;created_timestamp&quot;:&quot;0&quot;,&quot;copyright&quot;:&quot;&quot;,&quot;focal_length&quot;:&quot;0&quot;,&quot;iso&quot;:&quot;0&quot;,&quot;shutter_speed&quot;:&quot;0&quot;,&quot;title&quot;:&quot;&quot;,&quot;orientation&quot;:&quot;0&quot;}\" data-image-title=\"image\" data-image-description=\"\" data-image-caption=\"\" data-large-file=\"https:\/\/i0.wp.com\/patrimoine-avesnois.fr\/chemin\/wp-content\/uploads\/2020\/03\/image-2.png?fit=540%2C600&amp;ssl=1\" src=\"https:\/\/i0.wp.com\/patrimoine-avesnois.fr\/chemin\/wp-content\/uploads\/2020\/03\/image-2.png?resize=540%2C600\" alt=\"\" class=\"wp-image-9370\" style=\"width:405px;height:450px\" srcset=\"https:\/\/i0.wp.com\/patrimoine-avesnois.fr\/chemin\/wp-content\/uploads\/2020\/03\/image-2.png?w=540&amp;ssl=1 540w, https:\/\/i0.wp.com\/patrimoine-avesnois.fr\/chemin\/wp-content\/uploads\/2020\/03\/image-2.png?resize=270%2C300&amp;ssl=1 270w\" sizes=\"auto, (max-width: 540px) 85vw, 540px\" \/><figcaption class=\"wp-element-caption\">C\u00e9lestin Hennion en 1914 (1862 1915)<\/figcaption><\/figure>\n<\/div>\n\n\n<p>Le ch\u00e2teau du Carnoy est la maison natale de C\u00e9lestin Hennion n\u00e9 en 1862 \u00e0 Carnoy, c\u00e9l\u00e8bre Directeur de la Suret\u00e9 G\u00e9n\u00e9rale de Paris en 1907 (Les brigades du tigre), \u00e9galement maire de Gommegnies-Carnoy de 1908 \u00e0 mai 1913 puis pr\u00e9fet de police en 1913 et enfin en 1914 commissaire g\u00e9n\u00e9ral aupr\u00e8s du gouvernement belge install\u00e9 au Havre. Voir&nbsp;<a href=\"http:\/\/www2.culture.gouv.fr\/public\/mistral\/merimee_fr?ACTION=CHERCHER&amp;FIELD_98=REF&amp;VALUE_98=IA59003551\" target=\"_blank\" rel=\"noreferrer noopener\">culture.gouv.fr<\/a><\/p>\n\n\n\n<p>Le Ch\u00e2teau a \u00e9t\u00e9 achet\u00e9 en 1962 par Mr et Mme Boutique,&nbsp;qui en 1975 se sont sp\u00e9cialis\u00e9s dans la vente et r\u00e9paration du&nbsp;<a href=\"http:\/\/chateau.de.carnoy.free.fr\/meubles%20et%20objets.htm\" target=\"_blank\" rel=\"noreferrer noopener\">mobilier haut de gamme<\/a>&nbsp;et de tissus et objets d\u2019art. Activit\u00e9 arr\u00eat\u00e9e en d\u00e9cembre 2017.<\/p>\n\n\n\n<p>Le ch\u00e2teau se compose de deux b\u00e2timents et est agr\u00e9ment\u00e9 de deux \u00e9chauguettes, dont l&rsquo;une permet la communication \u00e0 l&rsquo;\u00e9tage entre les deux logis. <\/p>\n\n\n\n<p class=\"has-text-align-center has-bright-red-color has-light-blue-background-color has-text-color has-background has-medium-font-size\">La Demeure du baron de l\u2019Epine \u00e0 Gommegnies<\/p>\n\n\n<div class=\"wp-block-image\">\n<figure class=\"aligncenter is-resized\"><img decoding=\"async\" src=\"https:\/\/i2.wp.com\/www2.culture.gouv.fr\/Wave\/image\/memoire\/2154\/ivr31_20095903165nuca_p.jpg?w=840\" alt=\"\" style=\"width:630px;height:393px\"\/><figcaption class=\"wp-element-caption\">Demeure dite du baron de l\u2019Epine&nbsp;<em>Vue g\u00e9n\u00e9rale depuis la rue Neuve.<\/em><\/figcaption><\/figure>\n<\/div>\n\n<div class=\"wp-block-image\">\n<figure class=\"aligncenter is-resized\"><img decoding=\"async\" src=\"https:\/\/i0.wp.com\/www2.culture.gouv.fr\/Wave\/image\/memoire\/2154\/ivr31_20095903330nuca_p.jpg?w=840\" alt=\"\" style=\"width:303px;height:450px\"\/><figcaption class=\"wp-element-caption\">Demeure dite du baron de l\u2019Epine <\/figcaption><\/figure>\n<\/div>\n\n\n<p>L&rsquo;acc\u00e8s \u00e0 la demeure est m\u00e9nag\u00e9 par un porche marqu\u00e9 par un bossage en calcaire blanc, inclus dans un b\u00e2timent qui s&rsquo;\u00e9tend le long de la rue Neuve. Celui-ci comprend un \u00e9tage carr\u00e9 \u00e0 quatre trav\u00e9es sur la rue et cinq sur la cour.  <br>Description compl\u00e8te sur le site<a href=\"http:\/\/www2.culture.gouv.fr\/public\/mistral\/mersri_fr?ACTION=CHERCHER&amp;FIELD_1=REF&amp;VALUE_1=IA59003566\" target=\"_blank\" rel=\"noreferrer noopener\">&nbsp;culture.gouv.fr<\/a> <\/p>\n\n\n\n<p class=\"has-text-align-center has-bright-red-color has-light-blue-background-color has-text-color has-background has-medium-font-size\">Le Ch\u00e2teau de Gommegnies<\/p>\n\n\n<div class=\"wp-block-image\">\n<figure class=\"aligncenter is-resized\"><img data-recalc-dims=\"1\" loading=\"lazy\" decoding=\"async\" width=\"840\" height=\"563\" data-attachment-id=\"9368\" data-permalink=\"https:\/\/patrimoine-avesnois.fr\/chemin\/les-chateaux-de-lavesnois-et-leurs-proprietaires\/image-1403\/\" data-orig-file=\"https:\/\/i0.wp.com\/patrimoine-avesnois.fr\/chemin\/wp-content\/uploads\/2020\/03\/image-1.png?fit=957%2C641&amp;ssl=1\" data-orig-size=\"957,641\" data-comments-opened=\"1\" data-image-meta=\"{&quot;aperture&quot;:&quot;0&quot;,&quot;credit&quot;:&quot;&quot;,&quot;camera&quot;:&quot;&quot;,&quot;caption&quot;:&quot;&quot;,&quot;created_timestamp&quot;:&quot;0&quot;,&quot;copyright&quot;:&quot;&quot;,&quot;focal_length&quot;:&quot;0&quot;,&quot;iso&quot;:&quot;0&quot;,&quot;shutter_speed&quot;:&quot;0&quot;,&quot;title&quot;:&quot;&quot;,&quot;orientation&quot;:&quot;0&quot;}\" data-image-title=\"image\" data-image-description=\"\" data-image-caption=\"\" data-large-file=\"https:\/\/i0.wp.com\/patrimoine-avesnois.fr\/chemin\/wp-content\/uploads\/2020\/03\/image-1.png?fit=840%2C563&amp;ssl=1\" src=\"https:\/\/i0.wp.com\/patrimoine-avesnois.fr\/chemin\/wp-content\/uploads\/2020\/03\/image-1.png?resize=840%2C563\" alt=\"\" class=\"wp-image-9368\" style=\"width:630px;height:421px\" srcset=\"https:\/\/i0.wp.com\/patrimoine-avesnois.fr\/chemin\/wp-content\/uploads\/2020\/03\/image-1.png?w=957&amp;ssl=1 957w, https:\/\/i0.wp.com\/patrimoine-avesnois.fr\/chemin\/wp-content\/uploads\/2020\/03\/image-1.png?resize=300%2C201&amp;ssl=1 300w, https:\/\/i0.wp.com\/patrimoine-avesnois.fr\/chemin\/wp-content\/uploads\/2020\/03\/image-1.png?resize=768%2C514&amp;ssl=1 768w\" sizes=\"auto, (max-width: 709px) 85vw, (max-width: 909px) 67vw, (max-width: 1362px) 62vw, 840px\" \/><\/figure>\n<\/div>\n\n<div class=\"wp-block-image\">\n<figure class=\"aligncenter is-resized\"><img decoding=\"async\" src=\"https:\/\/i2.wp.com\/patrimoine-avesnois.fr\/chemin\/wp-content\/uploads\/2019\/04\/IMG_1998.jpg?resize=800%2C599\" alt=\"L\u00e2\u0080\u0099attribut alt de cette image est vide, son nom de fichier est IMG_1998.jpg.\" style=\"width:630px;height:474px\"\/><figcaption class=\"wp-element-caption\">Ancien ch\u00e2teau seigneurial du milieu du XV e si\u00e8cle&nbsp;transform\u00e9 en habitations modernes.<\/figcaption><\/figure>\n<\/div>\n\n\n<p class=\"has-text-align-center has-bright-red-color has-light-blue-background-color has-text-color has-background has-medium-font-size\">Le ch\u00e2teau de Gussignies<\/p>\n\n\n<div class=\"wp-block-image\">\n<figure class=\"aligncenter is-resized\"><img data-recalc-dims=\"1\" loading=\"lazy\" decoding=\"async\" width=\"819\" height=\"584\" data-attachment-id=\"9374\" data-permalink=\"https:\/\/patrimoine-avesnois.fr\/chemin\/les-chateaux-de-lavesnois-et-leurs-proprietaires\/image-1406\/\" data-orig-file=\"https:\/\/i0.wp.com\/patrimoine-avesnois.fr\/chemin\/wp-content\/uploads\/2020\/03\/image-4.png?fit=819%2C584&amp;ssl=1\" data-orig-size=\"819,584\" data-comments-opened=\"1\" data-image-meta=\"{&quot;aperture&quot;:&quot;0&quot;,&quot;credit&quot;:&quot;&quot;,&quot;camera&quot;:&quot;&quot;,&quot;caption&quot;:&quot;&quot;,&quot;created_timestamp&quot;:&quot;0&quot;,&quot;copyright&quot;:&quot;&quot;,&quot;focal_length&quot;:&quot;0&quot;,&quot;iso&quot;:&quot;0&quot;,&quot;shutter_speed&quot;:&quot;0&quot;,&quot;title&quot;:&quot;&quot;,&quot;orientation&quot;:&quot;0&quot;}\" data-image-title=\"image\" data-image-description=\"\" data-image-caption=\"\" data-large-file=\"https:\/\/i0.wp.com\/patrimoine-avesnois.fr\/chemin\/wp-content\/uploads\/2020\/03\/image-4.png?fit=819%2C584&amp;ssl=1\" src=\"https:\/\/i0.wp.com\/patrimoine-avesnois.fr\/chemin\/wp-content\/uploads\/2020\/03\/image-4.png?resize=819%2C584\" alt=\"\" class=\"wp-image-9374\" style=\"width:630px;height:450px\" srcset=\"https:\/\/i0.wp.com\/patrimoine-avesnois.fr\/chemin\/wp-content\/uploads\/2020\/03\/image-4.png?w=819&amp;ssl=1 819w, https:\/\/i0.wp.com\/patrimoine-avesnois.fr\/chemin\/wp-content\/uploads\/2020\/03\/image-4.png?resize=300%2C214&amp;ssl=1 300w, https:\/\/i0.wp.com\/patrimoine-avesnois.fr\/chemin\/wp-content\/uploads\/2020\/03\/image-4.png?resize=768%2C548&amp;ssl=1 768w\" sizes=\"auto, (max-width: 819px) 85vw, 819px\" \/><figcaption class=\"wp-element-caption\">Ch\u00e2teau de Gussignies en 1936<\/figcaption><\/figure>\n<\/div>\n\n<div class=\"wp-block-image\">\n<figure class=\"aligncenter is-resized\"><img data-recalc-dims=\"1\" decoding=\"async\" src=\"https:\/\/i0.wp.com\/patrimoine-avesnois.fr\/chemin\/wp-content\/uploads\/2020\/03\/image-5.png?w=840\" alt=\"L\u2019attribut alt de cette image est vide, son nom de fichier est image-5.png.\" style=\"width:630px;height:410px\"\/><\/figure>\n<\/div>\n\n<div class=\"wp-block-image\">\n<figure class=\"aligncenter is-resized\"><img data-recalc-dims=\"1\" loading=\"lazy\" decoding=\"async\" width=\"564\" height=\"391\" data-attachment-id=\"9377\" data-permalink=\"https:\/\/patrimoine-avesnois.fr\/chemin\/les-chateaux-de-lavesnois-et-leurs-proprietaires\/image-1409\/\" data-orig-file=\"https:\/\/i0.wp.com\/patrimoine-avesnois.fr\/chemin\/wp-content\/uploads\/2020\/03\/image-7.png?fit=564%2C391&amp;ssl=1\" data-orig-size=\"564,391\" data-comments-opened=\"1\" data-image-meta=\"{&quot;aperture&quot;:&quot;0&quot;,&quot;credit&quot;:&quot;&quot;,&quot;camera&quot;:&quot;&quot;,&quot;caption&quot;:&quot;&quot;,&quot;created_timestamp&quot;:&quot;0&quot;,&quot;copyright&quot;:&quot;&quot;,&quot;focal_length&quot;:&quot;0&quot;,&quot;iso&quot;:&quot;0&quot;,&quot;shutter_speed&quot;:&quot;0&quot;,&quot;title&quot;:&quot;&quot;,&quot;orientation&quot;:&quot;0&quot;}\" data-image-title=\"image\" data-image-description=\"\" data-image-caption=\"\" data-large-file=\"https:\/\/i0.wp.com\/patrimoine-avesnois.fr\/chemin\/wp-content\/uploads\/2020\/03\/image-7.png?fit=564%2C391&amp;ssl=1\" src=\"https:\/\/i0.wp.com\/patrimoine-avesnois.fr\/chemin\/wp-content\/uploads\/2020\/03\/image-7.png?resize=564%2C391\" alt=\"\" class=\"wp-image-9377\" style=\"width:630px;height:437px\" srcset=\"https:\/\/i0.wp.com\/patrimoine-avesnois.fr\/chemin\/wp-content\/uploads\/2020\/03\/image-7.png?w=564&amp;ssl=1 564w, https:\/\/i0.wp.com\/patrimoine-avesnois.fr\/chemin\/wp-content\/uploads\/2020\/03\/image-7.png?resize=300%2C208&amp;ssl=1 300w\" sizes=\"auto, (max-width: 564px) 85vw, 564px\" \/><figcaption class=\"wp-element-caption\"><em>Le ch\u00e2teau de Gussignies en 1997.  <\/em><br><em>\u00a9 Inventaire g\u00e9n\u00e9ral, ADAGP <\/em> <\/figcaption><\/figure>\n<\/div>\n\n<div class=\"wp-block-image\">\n<figure class=\"aligncenter is-resized\"><img decoding=\"async\" src=\"https:\/\/i0.wp.com\/upload.wikimedia.org\/wikipedia\/commons\/thumb\/a\/a0\/GussigniesCh%C3%A2teaupriv%C3%A9120607_%286%29.JPG\/1280px-GussigniesCh%C3%A2teaupriv%C3%A9120607_%286%29.JPG?resize=840%2C630&amp;ssl=1\" alt=\"\" style=\"width:630px;height:473px\"\/><figcaption class=\"wp-element-caption\">Le Ch\u00e2teau de Gussignies<\/figcaption><\/figure>\n<\/div>\n\n<div class=\"wp-block-image\">\n<figure class=\"aligncenter is-resized\"><img loading=\"lazy\" decoding=\"async\" width=\"472\" height=\"337\" data-attachment-id=\"2563\" data-permalink=\"https:\/\/patrimoine-avesnois.fr\/chemin\/gussignies\/dscm-1676\/\" data-orig-file=\"https:\/\/i0.wp.com\/patrimoine-avesnois.fr\/chemin\/wp-content\/uploads\/2019\/05\/DSCM-1676.jpg?fit=472%2C337&amp;ssl=1\" data-orig-size=\"472,337\" data-comments-opened=\"1\" data-image-meta=\"{&quot;aperture&quot;:&quot;0&quot;,&quot;credit&quot;:&quot;&quot;,&quot;camera&quot;:&quot;&quot;,&quot;caption&quot;:&quot;&quot;,&quot;created_timestamp&quot;:&quot;0&quot;,&quot;copyright&quot;:&quot;&quot;,&quot;focal_length&quot;:&quot;0&quot;,&quot;iso&quot;:&quot;0&quot;,&quot;shutter_speed&quot;:&quot;0&quot;,&quot;title&quot;:&quot;&quot;,&quot;orientation&quot;:&quot;0&quot;}\" data-image-title=\"DSCM -1676\" data-image-description=\"\" data-image-caption=\"\" data-large-file=\"https:\/\/i0.wp.com\/patrimoine-avesnois.fr\/chemin\/wp-content\/uploads\/2019\/05\/DSCM-1676.jpg?fit=472%2C337&amp;ssl=1\" src=\"https:\/\/i1.wp.com\/patrimoine-avesnois.fr\/chemin\/wp-content\/uploads\/2019\/05\/DSCM-1676.jpg?resize=840%2C600\" alt=\"\" class=\"wp-image-2563\" style=\"width:630px;height:450px\" srcset=\"https:\/\/i0.wp.com\/patrimoine-avesnois.fr\/chemin\/wp-content\/uploads\/2019\/05\/DSCM-1676.jpg?w=472&amp;ssl=1 472w, https:\/\/i0.wp.com\/patrimoine-avesnois.fr\/chemin\/wp-content\/uploads\/2019\/05\/DSCM-1676.jpg?resize=300%2C214&amp;ssl=1 300w\" sizes=\"auto, (max-width: 472px) 85vw, 472px\" \/><figcaption class=\"wp-element-caption\">Le ch\u00e2teau de Gussignies Vue arri\u00e8re<\/figcaption><\/figure>\n<\/div>\n\n\n<p>La seigneurie de Gussignies \u00e9tait poss\u00e9d\u00e9e au XV e si\u00e8cle par&nbsp;<a href=\"https:\/\/fr.wikipedia.org\/wiki\/Maison_de_Haynin\" target=\"_blank\" rel=\"noreferrer noopener\">la Maison de Haynin<\/a>&nbsp;et au XVI e si\u00e8cle par la famille de Cordes<sup><a href=\"https:\/\/fr.wikipedia.org\/wiki\/Gussignies#cite_note-13\" target=\"_blank\" rel=\"noreferrer noopener\">11<\/a><\/sup>.<\/p>\n\n\n\n<p>Le ch\u00e2teau f\u00e9odal&nbsp;de Gussignies a disparu; le ch\u00e2teau actuel date de la fin du&nbsp;XVIII e<abbr title=\"18\u1d49 si\u00e8cle\"><sup>e<\/sup><\/abbr>&nbsp;si\u00e8cle, lorsque le Comte de Fourmestraulx fait construire un pavillon de chasse constitu\u00e9 d\u2019un couloir desservant des boudoirs (tradition orale), origine de l\u2019actuel ch\u00e2teau<sup><a href=\"https:\/\/fr.wikipedia.org\/wiki\/Gussignies#cite_note-ch%C3%A2teau_M%C3%A9rim%C3%A9e-14\" target=\"_blank\" rel=\"noreferrer noopener\">12<\/a><\/sup><a href=\"https:\/\/fr.wikipedia.org\/wiki\/Gussignies#cite_note-ch%C3%A2teau_M%C3%A9rim%C3%A9e-14\" target=\"_blank\" rel=\"noreferrer noopener\">.<\/a><\/p>\n\n\n\n<p>Au d\u00e9but du&nbsp;XIX e<abbr title=\"19\u1d49 si\u00e8cle\"><sup>e<\/sup><\/abbr>&nbsp;si\u00e8cle, Anthime-Hyacinthe de Fourmestraulx \u00e9tablit une scierie de marbre en bas du ch\u00e2teau, le long de l\u2019Hogneau, et exploite une carri\u00e8re<sup><a href=\"https:\/\/fr.wikipedia.org\/wiki\/Gussignies#cite_note-15\" target=\"_blank\" rel=\"noreferrer noopener\">13<\/a><\/sup><a href=\"https:\/\/fr.wikipedia.org\/wiki\/Gussignies#cite_note-15\" target=\"_blank\" rel=\"noreferrer noopener\">.<\/a><\/p>\n\n\n\n<p>Le comte Anthime Hyacinthe de Fourmestraulx Saint-Denis a eu deux filles qui se partag\u00e8rent le ch\u00e2teau&nbsp;: Mathilde (1809-1894) \u00e9pousa Bertrand Delpoux de Nafines et Zo\u00e9 (1817-1885) \u00e9pousa le comte Anne Philippe Picot de Moras. Le ch\u00e2teau, \u00e9tait en mauvais \u00e9tat et trop petit pour accueillir les deux familles. Il fut transform\u00e9 en 1865. \u00c0 la mort de la comtesse Picot de Moras, le ch\u00e2teau repr\u00e9sentait une part trop importante dans le partage et d\u00fb \u00eatre vendu. Le Vicomte de Lourmel du Hourmelin l \u2019acheta en 1887 et \u00e0 son tour le vendit en 1912 au Comte \u00c9douard Le Mesre de Pas pour sa fille Marie-Th\u00e9r\u00e8se, \u00e9pouse de Ren\u00e9 de Witte<sup><\/sup>.<\/p>\n\n\n\n<p>Le ch\u00e2teau actuel est la propri\u00e9t\u00e9 de la&nbsp;<a href=\"https:\/\/fr.wikipedia.org\/wiki\/Famille_de_Witte\" target=\"_blank\" rel=\"noreferrer noopener\">famille de Witte&nbsp;<\/a>depuis 1912. Yves de Witte (th\u00e9ologien) et son \u00e9pouse Renelde&nbsp;<a href=\"https:\/\/fr.wikipedia.org\/wiki\/Johannes_Nolet_de_Brauwere_van_Steeland\" target=\"_blank\" rel=\"noreferrer noopener\">No<\/a><a href=\"https:\/\/fr.wikipedia.org\/wiki\/Johannes_Nolet_de_Brauwere_van_Steeland\">let de Brauwere van Steeland<\/a>&nbsp;reprirent la propri\u00e9t\u00e9 en 1977 suivi l\u2019ann\u00e9e suivante par son fr\u00e8re Jacques-Antoine (avocat) et son \u00e9pouse Th\u00e9r\u00e8se Delvaux de Fenffe. Leur p\u00e8re, Bertrand de Witte et son \u00e9pouse Marie-Simone de la Kethulle de Ryhove, s\u2019install\u00e8rent dans les d\u00e9pendances du ch\u00e2teau.<\/p>\n\n\n\n<p>Source Wikipedia<\/p>\n\n\n\n<p>Dominant la vall\u00e9e de l\u2019Hogneau, le ch\u00e2teau en 1805 poss\u00e8de trois ailes dispos\u00e9es selon un plan en U. Il est agrandi entre 1805 et 1830 par l\u2019adjonction de 2 corps de b\u00e2timents construits perpendiculairement en retour d\u2019ailes. En 1869 il est vendu au comte de Moras qui am\u00e9nage les communs, les ailes qui sont aujourd\u2019hui plus r\u00e9duites, et qui construit \u00e9galement une chapelle. Actuellement, nous l\u2019avons dit, le ch\u00e2teau est la propri\u00e9t\u00e9 de la famille De Witte.<\/p>\n\n\n\n<p>Voir aussi <a aria-label=\"culture.gouv (opens in a new tab)\" href=\"https:\/\/www.pop.culture.gouv.fr\/notice\/merimee\/IA59000648\" target=\"_blank\" rel=\"noreferrer noopener\">culture.gouv<\/a><\/p>\n\n\n\n<p class=\"has-text-align-center has-bright-red-color has-light-blue-background-color has-text-color has-background has-medium-font-size\">Le ch\u00e2teau du Biwetz \u00e0 Haut-Lieu <\/p>\n\n\n<div class=\"wp-block-image\">\n<figure class=\"aligncenter is-resized\"><img loading=\"lazy\" decoding=\"async\" width=\"511\" height=\"383\" data-attachment-id=\"2618\" data-permalink=\"https:\/\/patrimoine-avesnois.fr\/chemin\/haut-lieu\/capture-46\/\" data-orig-file=\"https:\/\/i0.wp.com\/patrimoine-avesnois.fr\/chemin\/wp-content\/uploads\/2019\/05\/Capture-5.jpg?fit=511%2C383&amp;ssl=1\" data-orig-size=\"511,383\" data-comments-opened=\"1\" data-image-meta=\"{&quot;aperture&quot;:&quot;0&quot;,&quot;credit&quot;:&quot;CARRE&quot;,&quot;camera&quot;:&quot;&quot;,&quot;caption&quot;:&quot;&quot;,&quot;created_timestamp&quot;:&quot;1556786837&quot;,&quot;copyright&quot;:&quot;&quot;,&quot;focal_length&quot;:&quot;0&quot;,&quot;iso&quot;:&quot;0&quot;,&quot;shutter_speed&quot;:&quot;0&quot;,&quot;title&quot;:&quot;&quot;,&quot;orientation&quot;:&quot;0&quot;}\" data-image-title=\"Capture\" data-image-description=\"\" data-image-caption=\"\" data-large-file=\"https:\/\/i0.wp.com\/patrimoine-avesnois.fr\/chemin\/wp-content\/uploads\/2019\/05\/Capture-5.jpg?fit=511%2C383&amp;ssl=1\" src=\"https:\/\/i1.wp.com\/patrimoine-avesnois.fr\/chemin\/wp-content\/uploads\/2019\/05\/Capture-5.jpg?resize=769%2C575\" alt=\"\" class=\"wp-image-2618\" style=\"width:630px;height:470px\" srcset=\"https:\/\/i0.wp.com\/patrimoine-avesnois.fr\/chemin\/wp-content\/uploads\/2019\/05\/Capture-5.jpg?w=511&amp;ssl=1 511w, https:\/\/i0.wp.com\/patrimoine-avesnois.fr\/chemin\/wp-content\/uploads\/2019\/05\/Capture-5.jpg?resize=300%2C225&amp;ssl=1 300w\" sizes=\"auto, (max-width: 511px) 85vw, 511px\" \/><figcaption class=\"wp-element-caption\">Le ch\u00e2teau du Biwetz : vue arri\u00e8re avec pour seules ouvertures trois \u0153ils-de-b\u0153uf<\/figcaption><\/figure>\n<\/div>\n\n<div class=\"wp-block-image\">\n<figure class=\"aligncenter is-resized\"><img loading=\"lazy\" decoding=\"async\" width=\"769\" height=\"580\" data-attachment-id=\"2621\" data-permalink=\"https:\/\/patrimoine-avesnois.fr\/chemin\/haut-lieu\/capture1-26\/\" data-orig-file=\"https:\/\/i0.wp.com\/patrimoine-avesnois.fr\/chemin\/wp-content\/uploads\/2019\/05\/Capture1.jpg?fit=769%2C580&amp;ssl=1\" data-orig-size=\"769,580\" data-comments-opened=\"1\" data-image-meta=\"{&quot;aperture&quot;:&quot;0&quot;,&quot;credit&quot;:&quot;CARRE&quot;,&quot;camera&quot;:&quot;&quot;,&quot;caption&quot;:&quot;&quot;,&quot;created_timestamp&quot;:&quot;1556789517&quot;,&quot;copyright&quot;:&quot;&quot;,&quot;focal_length&quot;:&quot;0&quot;,&quot;iso&quot;:&quot;0&quot;,&quot;shutter_speed&quot;:&quot;0&quot;,&quot;title&quot;:&quot;&quot;,&quot;orientation&quot;:&quot;0&quot;}\" data-image-title=\"Capture1\" data-image-description=\"\" data-image-caption=\"\" data-large-file=\"https:\/\/i0.wp.com\/patrimoine-avesnois.fr\/chemin\/wp-content\/uploads\/2019\/05\/Capture1.jpg?fit=769%2C580&amp;ssl=1\" src=\"https:\/\/i2.wp.com\/patrimoine-avesnois.fr\/chemin\/wp-content\/uploads\/2019\/05\/Capture1.jpg?w=840\" alt=\"\" class=\"wp-image-2621\" style=\"width:630px;height:475px\" srcset=\"https:\/\/i0.wp.com\/patrimoine-avesnois.fr\/chemin\/wp-content\/uploads\/2019\/05\/Capture1.jpg?w=769&amp;ssl=1 769w, https:\/\/i0.wp.com\/patrimoine-avesnois.fr\/chemin\/wp-content\/uploads\/2019\/05\/Capture1.jpg?resize=300%2C226&amp;ssl=1 300w, https:\/\/i0.wp.com\/patrimoine-avesnois.fr\/chemin\/wp-content\/uploads\/2019\/05\/Capture1.jpg?resize=768%2C579&amp;ssl=1 768w\" sizes=\"auto, (max-width: 769px) 85vw, 769px\" \/><figcaption class=\"wp-element-caption\">Le manoir&nbsp;<a href=\"https:\/\/www.google.com\/maps\/place\/Le+Cheval+Blanc,+59440+Haut-Lieu\/@50.0921461,3.909622,3a,75y,126.41h,85.92t\/data=!3m6!1e1!3m4!1sm-4v1ArlJmp5WuBFR1-pKQ!2e0!7i13312!8i6656!4m5!3m4!1s0x47c27074f37d24a7:0xa0af1413269b7b0!8m2!3d50.094373!4d3.908194\" target=\"_blank\" rel=\"noreferrer noopener\">5 chemin Biwetz<\/a><\/figcaption><\/figure>\n<\/div>\n\n\n<p>Cet ancien manoir, situ\u00e9 pr\u00e8s du carrefour du cheval blanc, a encore fi\u00e8re allure. Il est mentionn\u00e9 d\u00e8s le XIII e si\u00e8cle dans une charte de Gautier d\u2019Avesnes. Il eut pour propri\u00e9taires successifs les Pr\u00e9seau, les Scorion, les B\u00e9vi\u00e8re, toutes des familles influentes d\u2019Avesnes. C\u2019est un castel renaissance qui est encore entour\u00e9 de ses douves. les b\u00e2timents actuels datent essentiellement du XVII e si\u00e8cle. De chaque c\u00f4t\u00e9 du corps de logis, deux constructions lui font un prolongement, \u00e0 un seul \u00e9tage de ma\u00e7onnerie, contrairement \u00e0 la partie centrale qui en compte deux. L\u2019entr\u00e9e se fait par un porche et un pont.<\/p>\n\n\n\n<p>Visite ext\u00e9rieure de la ferme lors des journ\u00e9es europ\u00e9ennes du Patrimoine. <\/p>\n\n\n\n<p class=\"has-text-align-center has-bright-red-color has-light-blue-background-color has-text-color has-background has-medium-font-size\">Le ch\u00e2teau de Warnicamp \u00e0 Houdain-lez-Bavay<\/p>\n\n\n<div class=\"wp-block-image\">\n<figure class=\"aligncenter is-resized\"><img data-recalc-dims=\"1\" loading=\"lazy\" decoding=\"async\" width=\"840\" height=\"567\" data-attachment-id=\"9381\" data-permalink=\"https:\/\/patrimoine-avesnois.fr\/chemin\/les-chateaux-de-lavesnois-et-leurs-proprietaires\/image-1412\/\" data-orig-file=\"https:\/\/i0.wp.com\/patrimoine-avesnois.fr\/chemin\/wp-content\/uploads\/2020\/03\/image-10.png?fit=919%2C620&amp;ssl=1\" data-orig-size=\"919,620\" data-comments-opened=\"1\" data-image-meta=\"{&quot;aperture&quot;:&quot;0&quot;,&quot;credit&quot;:&quot;&quot;,&quot;camera&quot;:&quot;&quot;,&quot;caption&quot;:&quot;&quot;,&quot;created_timestamp&quot;:&quot;0&quot;,&quot;copyright&quot;:&quot;&quot;,&quot;focal_length&quot;:&quot;0&quot;,&quot;iso&quot;:&quot;0&quot;,&quot;shutter_speed&quot;:&quot;0&quot;,&quot;title&quot;:&quot;&quot;,&quot;orientation&quot;:&quot;0&quot;}\" data-image-title=\"image\" data-image-description=\"\" data-image-caption=\"\" data-large-file=\"https:\/\/i0.wp.com\/patrimoine-avesnois.fr\/chemin\/wp-content\/uploads\/2020\/03\/image-10.png?fit=840%2C567&amp;ssl=1\" src=\"https:\/\/i0.wp.com\/patrimoine-avesnois.fr\/chemin\/wp-content\/uploads\/2020\/03\/image-10.png?resize=840%2C567\" alt=\"\" class=\"wp-image-9381\" style=\"width:630px;height:426px\" srcset=\"https:\/\/i0.wp.com\/patrimoine-avesnois.fr\/chemin\/wp-content\/uploads\/2020\/03\/image-10.png?w=919&amp;ssl=1 919w, https:\/\/i0.wp.com\/patrimoine-avesnois.fr\/chemin\/wp-content\/uploads\/2020\/03\/image-10.png?resize=300%2C202&amp;ssl=1 300w, https:\/\/i0.wp.com\/patrimoine-avesnois.fr\/chemin\/wp-content\/uploads\/2020\/03\/image-10.png?resize=768%2C518&amp;ssl=1 768w\" sizes=\"auto, (max-width: 709px) 85vw, (max-width: 909px) 67vw, (max-width: 1362px) 62vw, 840px\" \/><figcaption class=\"wp-element-caption\">Le ch\u00e2teau de Warnicamp en 1905<\/figcaption><\/figure>\n<\/div>\n\n<div class=\"wp-block-image\">\n<figure class=\"aligncenter is-resized\"><img loading=\"lazy\" decoding=\"async\" width=\"1036\" height=\"640\" data-attachment-id=\"9379\" data-permalink=\"https:\/\/patrimoine-avesnois.fr\/chemin\/les-chateaux-de-lavesnois-et-leurs-proprietaires\/image-1410\/\" data-orig-file=\"https:\/\/i0.wp.com\/patrimoine-avesnois.fr\/chemin\/wp-content\/uploads\/2020\/03\/image-8.png?fit=1036%2C640&amp;ssl=1\" data-orig-size=\"1036,640\" data-comments-opened=\"1\" data-image-meta=\"{&quot;aperture&quot;:&quot;0&quot;,&quot;credit&quot;:&quot;&quot;,&quot;camera&quot;:&quot;&quot;,&quot;caption&quot;:&quot;&quot;,&quot;created_timestamp&quot;:&quot;0&quot;,&quot;copyright&quot;:&quot;&quot;,&quot;focal_length&quot;:&quot;0&quot;,&quot;iso&quot;:&quot;0&quot;,&quot;shutter_speed&quot;:&quot;0&quot;,&quot;title&quot;:&quot;&quot;,&quot;orientation&quot;:&quot;0&quot;}\" data-image-title=\"image\" data-image-description=\"\" data-image-caption=\"\" data-large-file=\"https:\/\/i0.wp.com\/patrimoine-avesnois.fr\/chemin\/wp-content\/uploads\/2020\/03\/image-8.png?fit=840%2C519&amp;ssl=1\" src=\"https:\/\/i1.wp.com\/patrimoine-avesnois.fr\/chemin\/wp-content\/uploads\/2020\/03\/image-8.png?fit=840%2C519\" alt=\"\" class=\"wp-image-9379\" style=\"width:630px;height:389px\" srcset=\"https:\/\/i0.wp.com\/patrimoine-avesnois.fr\/chemin\/wp-content\/uploads\/2020\/03\/image-8.png?w=1036&amp;ssl=1 1036w, https:\/\/i0.wp.com\/patrimoine-avesnois.fr\/chemin\/wp-content\/uploads\/2020\/03\/image-8.png?resize=300%2C185&amp;ssl=1 300w, https:\/\/i0.wp.com\/patrimoine-avesnois.fr\/chemin\/wp-content\/uploads\/2020\/03\/image-8.png?resize=768%2C474&amp;ssl=1 768w, https:\/\/i0.wp.com\/patrimoine-avesnois.fr\/chemin\/wp-content\/uploads\/2020\/03\/image-8.png?resize=1024%2C633&amp;ssl=1 1024w\" sizes=\"auto, (max-width: 709px) 85vw, (max-width: 909px) 67vw, (max-width: 1362px) 62vw, 840px\" \/><figcaption class=\"wp-element-caption\"><em>Le ch\u00e2teau de Warnicamp en 1905<\/em> <\/figcaption><\/figure>\n<\/div>\n\n<div class=\"wp-block-image\">\n<figure class=\"aligncenter is-resized\"><img decoding=\"async\" src=\"https:\/\/i2.wp.com\/www2.culture.gouv.fr\/Wave\/image\/memoire\/0440\/ivr31_00590957v_p.jpg?resize=763%2C606\" alt=\"\" style=\"width:630px;height:500px\"\/><figcaption class=\"wp-element-caption\">Le ch\u00e2teau de Warnicamp actuellement maison Photo MH <\/figcaption><\/figure>\n<\/div>\n\n<div class=\"wp-block-image\">\n<figure class=\"aligncenter is-resized\"><img decoding=\"async\" src=\"https:\/\/i0.wp.com\/www2.culture.gouv.fr\/Wave\/image\/memoire\/0440\/ivr31_00590731x_p.jpg?resize=763%2C515\" alt=\"\" style=\"width:630px;height:425px\"\/><figcaption class=\"wp-element-caption\">Photo Minist\u00e8re de la culture \u2013 base M\u00e9moire. Date de prise de vue : 2000<\/figcaption><\/figure>\n<\/div>\n\n<div class=\"wp-block-image\">\n<figure class=\"aligncenter is-resized\"><img decoding=\"async\" src=\"https:\/\/i2.wp.com\/www2.culture.gouv.fr\/Wave\/image\/memoire\/0440\/ivr31_00590956v_p.jpg?resize=763%2C602\" alt=\"\" style=\"width:630px;height:498px\"\/><figcaption class=\"wp-element-caption\"><em>Vue g\u00e9n\u00e9rale de l\u2019ancien ch\u00e2teau et des douves, depuis l\u2019est.<\/em>&nbsp;Photo MH<\/figcaption><\/figure>\n<\/div>\n\n<div class=\"wp-block-image\">\n<figure class=\"aligncenter is-resized\"><img decoding=\"async\" src=\"https:\/\/i1.wp.com\/www2.culture.gouv.fr\/Wave\/image\/memoire\/0440\/ivr31_00590732x_p.jpg?w=840\" alt=\"\" style=\"width:630px;height:423px\"\/><figcaption class=\"wp-element-caption\"><em>Vue g\u00e9n\u00e9rale de l\u2019ancien ch\u00e2teau et des douves, depuis l\u2019angle nord-est.<\/em>&nbsp;Photo MH<\/figcaption><\/figure>\n<\/div>\n\n<div class=\"wp-block-image\">\n<figure class=\"aligncenter is-resized\"><img decoding=\"async\" src=\"https:\/\/i0.wp.com\/www.cc-paysdemormal.fr\/cache\/fichs_declinaison\/16810_2.jpg?resize=763%2C545&amp;ssl=1\" alt=\"\" style=\"width:630px;height:450px\"\/><figcaption class=\"wp-element-caption\">Douves<\/figcaption><\/figure>\n<\/div>\n\n<div class=\"wp-block-image\">\n<figure class=\"aligncenter is-resized\"><img data-recalc-dims=\"1\" loading=\"lazy\" decoding=\"async\" width=\"840\" height=\"580\" data-attachment-id=\"9383\" data-permalink=\"https:\/\/patrimoine-avesnois.fr\/chemin\/les-chateaux-de-lavesnois-et-leurs-proprietaires\/image-1413\/\" data-orig-file=\"https:\/\/i0.wp.com\/patrimoine-avesnois.fr\/chemin\/wp-content\/uploads\/2020\/03\/image-11.png?fit=928%2C641&amp;ssl=1\" data-orig-size=\"928,641\" data-comments-opened=\"1\" data-image-meta=\"{&quot;aperture&quot;:&quot;0&quot;,&quot;credit&quot;:&quot;&quot;,&quot;camera&quot;:&quot;&quot;,&quot;caption&quot;:&quot;&quot;,&quot;created_timestamp&quot;:&quot;0&quot;,&quot;copyright&quot;:&quot;&quot;,&quot;focal_length&quot;:&quot;0&quot;,&quot;iso&quot;:&quot;0&quot;,&quot;shutter_speed&quot;:&quot;0&quot;,&quot;title&quot;:&quot;&quot;,&quot;orientation&quot;:&quot;0&quot;}\" data-image-title=\"image\" data-image-description=\"\" data-image-caption=\"\" data-large-file=\"https:\/\/i0.wp.com\/patrimoine-avesnois.fr\/chemin\/wp-content\/uploads\/2020\/03\/image-11.png?fit=840%2C580&amp;ssl=1\" src=\"https:\/\/i0.wp.com\/patrimoine-avesnois.fr\/chemin\/wp-content\/uploads\/2020\/03\/image-11.png?resize=840%2C580\" alt=\"\" class=\"wp-image-9383\" style=\"width:630px;height:435px\" srcset=\"https:\/\/i0.wp.com\/patrimoine-avesnois.fr\/chemin\/wp-content\/uploads\/2020\/03\/image-11.png?w=928&amp;ssl=1 928w, https:\/\/i0.wp.com\/patrimoine-avesnois.fr\/chemin\/wp-content\/uploads\/2020\/03\/image-11.png?resize=300%2C207&amp;ssl=1 300w, https:\/\/i0.wp.com\/patrimoine-avesnois.fr\/chemin\/wp-content\/uploads\/2020\/03\/image-11.png?resize=768%2C530&amp;ssl=1 768w\" sizes=\"auto, (max-width: 709px) 85vw, (max-width: 909px) 67vw, (max-width: 1362px) 62vw, 840px\" \/><figcaption class=\"wp-element-caption\"><em>L\u2019ancien ch\u00e2teau de Warnicamp&nbsp;<\/em><a href=\"https:\/\/www.google.com\/maps\/@50.3150067,3.7888513,3a,45y,98.54h,80.26t\/data=!3m6!1e1!3m4!1sRlqq1fsM40Le2wSRtHYGWQ!2e0!7i13312!8i6656\" target=\"_blank\" rel=\"noreferrer noopener\">3 Chemin du Bois Verdiau<\/a> <\/figcaption><\/figure>\n<\/div>\n\n\n<p>Ce ch\u00e2teau d\u2019origine f\u00e9odale est aujourd\u2019hui une demeure priv\u00e9e. Les fondations en gr\u00e8s et ses douves en partie s\u00e8ches semblent le faire remonter au XIV e si\u00e8cle. De chaque c\u00f4t\u00e9 du pont, deux pavillons carr\u00e9s gardent les angles du ch\u00e2teau. Dans le pignon de gauche, les murs contiennent encore des parties en pierre, t\u00e9moins des remaniements successifs au cours des si\u00e8cles.Certaines fen\u00eatres et une porte ancienne de style gothique pr\u00e9sentent d\u2019int\u00e9ressants caract\u00e8res architecturaux. Des meurtri\u00e8res \u00e7\u00e0 et l\u00e0, d\u2019anciennes goutti\u00e8res, t\u00e9moignent \u00e9galement encore de ce pass\u00e9 militaire. Mais l\u2019essentiel de la construction date du XVII e si\u00e8cle. Avant la premi\u00e8re guerre mondiale, Warnicamp, autrefois appel\u00e9 le Wadimpreau, poss\u00e9dait une troisi\u00e8me tour.<\/p>\n\n\n\n<p>Apr\u00e8s avoir appartenu aux barons de la Bauwette, seigneurs de Warnicamp, le ch\u00e2teau \u00e9tait \u00e0 la R\u00e9volution la propri\u00e9t\u00e9 du g\u00e9n\u00e9ral Ferrand de la Caussade, qui fut l\u2019h\u00e9ro\u00efque d\u00e9fenseur de Valenciennes. Celui-ci, voulant emp\u00eacher les Autrichiens de s\u2019installer dans son ch\u00e2teau, y mit lui-m\u00eame le feu et le d\u00e9truisit. Le ch\u00e2teau fut de nouveau incendi\u00e9 lors de la guerre de 1914-18.<\/p>\n\n\n\n<p>La base M\u00e9rim\u00e9e nous en donne la description suivante :<br>\u00ab&nbsp;Les b\u00e2timents s\u2019\u00e9l\u00e8vent sur un soubassement de gr\u00e8s, seuls \u00e9l\u00e9ments datant du Moyen Age. Les niveaux sup\u00e9rieurs ont \u00e9t\u00e9 reb\u00e2tis en brique \u00e0 la fin du XVIIe ou au d\u00e9but du XVIIIe si\u00e8cle. L\u2019aile ouest est constitu\u00e9e d\u2019un corps de logis en rez-de-chauss\u00e9e avec comble en demi-lune, couvert d\u2019une croupe bris\u00e9e. Il se termine par un pavillon d\u2019angle couvert d\u2019un toit en pavillon en ardoise. L\u2019aile droite est constitu\u00e9e d\u2019un corps de logis s\u2019\u00e9levant sur 2 \u00e9tages avec comble et pavillon d\u2019angle. L\u2019ensemble est en brique avec cha\u00eenage en pierre du pavillon et des ouvertures de l\u2019aile. L\u2019ensemble est couvert d\u2019un toit bris\u00e9 en pavillon et d\u2019une croupe.&nbsp;\u00bb<\/p>\n\n\n\n<p class=\"has-text-align-center has-bright-red-color has-light-blue-background-color has-text-color has-background has-medium-font-size\">Le ch\u00e2teau d&rsquo;En Bas \u00e0 Jenlain<\/p>\n\n\n<div class=\"wp-block-image\">\n<figure class=\"aligncenter is-resized\"><img data-recalc-dims=\"1\" loading=\"lazy\" decoding=\"async\" width=\"840\" height=\"556\" data-attachment-id=\"9385\" data-permalink=\"https:\/\/patrimoine-avesnois.fr\/chemin\/les-chateaux-de-lavesnois-et-leurs-proprietaires\/image-1414\/\" data-orig-file=\"https:\/\/i0.wp.com\/patrimoine-avesnois.fr\/chemin\/wp-content\/uploads\/2020\/03\/image-12.png?fit=936%2C619&amp;ssl=1\" data-orig-size=\"936,619\" data-comments-opened=\"1\" data-image-meta=\"{&quot;aperture&quot;:&quot;0&quot;,&quot;credit&quot;:&quot;&quot;,&quot;camera&quot;:&quot;&quot;,&quot;caption&quot;:&quot;&quot;,&quot;created_timestamp&quot;:&quot;0&quot;,&quot;copyright&quot;:&quot;&quot;,&quot;focal_length&quot;:&quot;0&quot;,&quot;iso&quot;:&quot;0&quot;,&quot;shutter_speed&quot;:&quot;0&quot;,&quot;title&quot;:&quot;&quot;,&quot;orientation&quot;:&quot;0&quot;}\" data-image-title=\"image\" data-image-description=\"\" data-image-caption=\"\" data-large-file=\"https:\/\/i0.wp.com\/patrimoine-avesnois.fr\/chemin\/wp-content\/uploads\/2020\/03\/image-12.png?fit=840%2C556&amp;ssl=1\" src=\"https:\/\/i0.wp.com\/patrimoine-avesnois.fr\/chemin\/wp-content\/uploads\/2020\/03\/image-12.png?resize=840%2C556\" alt=\"\" class=\"wp-image-9385\" style=\"width:630px;height:417px\" srcset=\"https:\/\/i0.wp.com\/patrimoine-avesnois.fr\/chemin\/wp-content\/uploads\/2020\/03\/image-12.png?w=936&amp;ssl=1 936w, https:\/\/i0.wp.com\/patrimoine-avesnois.fr\/chemin\/wp-content\/uploads\/2020\/03\/image-12.png?resize=300%2C198&amp;ssl=1 300w, https:\/\/i0.wp.com\/patrimoine-avesnois.fr\/chemin\/wp-content\/uploads\/2020\/03\/image-12.png?resize=768%2C508&amp;ssl=1 768w\" sizes=\"auto, (max-width: 709px) 85vw, (max-width: 909px) 67vw, (max-width: 1362px) 62vw, 840px\" \/><figcaption class=\"wp-element-caption\">Le ch\u00e2teau d&rsquo;En Bas \u00e0 Jenlain<\/figcaption><\/figure>\n<\/div>\n\n<div class=\"wp-block-image\">\n<figure class=\"aligncenter is-resized\"><img data-recalc-dims=\"1\" loading=\"lazy\" decoding=\"async\" width=\"697\" height=\"521\" data-attachment-id=\"9386\" data-permalink=\"https:\/\/patrimoine-avesnois.fr\/chemin\/les-chateaux-de-lavesnois-et-leurs-proprietaires\/image-1415\/\" data-orig-file=\"https:\/\/i0.wp.com\/patrimoine-avesnois.fr\/chemin\/wp-content\/uploads\/2020\/03\/image-13.png?fit=697%2C521&amp;ssl=1\" data-orig-size=\"697,521\" data-comments-opened=\"1\" data-image-meta=\"{&quot;aperture&quot;:&quot;0&quot;,&quot;credit&quot;:&quot;&quot;,&quot;camera&quot;:&quot;&quot;,&quot;caption&quot;:&quot;&quot;,&quot;created_timestamp&quot;:&quot;0&quot;,&quot;copyright&quot;:&quot;&quot;,&quot;focal_length&quot;:&quot;0&quot;,&quot;iso&quot;:&quot;0&quot;,&quot;shutter_speed&quot;:&quot;0&quot;,&quot;title&quot;:&quot;&quot;,&quot;orientation&quot;:&quot;0&quot;}\" data-image-title=\"image\" data-image-description=\"\" data-image-caption=\"\" data-large-file=\"https:\/\/i0.wp.com\/patrimoine-avesnois.fr\/chemin\/wp-content\/uploads\/2020\/03\/image-13.png?fit=697%2C521&amp;ssl=1\" src=\"https:\/\/i0.wp.com\/patrimoine-avesnois.fr\/chemin\/wp-content\/uploads\/2020\/03\/image-13.png?resize=697%2C521\" alt=\"\" class=\"wp-image-9386\" style=\"width:630px;height:470px\" srcset=\"https:\/\/i0.wp.com\/patrimoine-avesnois.fr\/chemin\/wp-content\/uploads\/2020\/03\/image-13.png?w=697&amp;ssl=1 697w, https:\/\/i0.wp.com\/patrimoine-avesnois.fr\/chemin\/wp-content\/uploads\/2020\/03\/image-13.png?resize=300%2C224&amp;ssl=1 300w\" sizes=\"auto, (max-width: 697px) 85vw, 697px\" \/><figcaption class=\"wp-element-caption\">Le pigeonnier<\/figcaption><\/figure>\n<\/div>\n\n<div class=\"wp-block-image\">\n<figure class=\"aligncenter is-resized\"><img data-recalc-dims=\"1\" loading=\"lazy\" decoding=\"async\" width=\"840\" height=\"559\" data-attachment-id=\"9388\" data-permalink=\"https:\/\/patrimoine-avesnois.fr\/chemin\/les-chateaux-de-lavesnois-et-leurs-proprietaires\/image-1417\/\" data-orig-file=\"https:\/\/i0.wp.com\/patrimoine-avesnois.fr\/chemin\/wp-content\/uploads\/2020\/03\/image-15.png?fit=852%2C567&amp;ssl=1\" data-orig-size=\"852,567\" data-comments-opened=\"1\" data-image-meta=\"{&quot;aperture&quot;:&quot;0&quot;,&quot;credit&quot;:&quot;&quot;,&quot;camera&quot;:&quot;&quot;,&quot;caption&quot;:&quot;&quot;,&quot;created_timestamp&quot;:&quot;0&quot;,&quot;copyright&quot;:&quot;&quot;,&quot;focal_length&quot;:&quot;0&quot;,&quot;iso&quot;:&quot;0&quot;,&quot;shutter_speed&quot;:&quot;0&quot;,&quot;title&quot;:&quot;&quot;,&quot;orientation&quot;:&quot;0&quot;}\" data-image-title=\"image\" data-image-description=\"\" data-image-caption=\"\" data-large-file=\"https:\/\/i0.wp.com\/patrimoine-avesnois.fr\/chemin\/wp-content\/uploads\/2020\/03\/image-15.png?fit=840%2C559&amp;ssl=1\" src=\"https:\/\/i0.wp.com\/patrimoine-avesnois.fr\/chemin\/wp-content\/uploads\/2020\/03\/image-15.png?resize=840%2C559\" alt=\"\" class=\"wp-image-9388\" style=\"width:630px;height:420px\" srcset=\"https:\/\/i0.wp.com\/patrimoine-avesnois.fr\/chemin\/wp-content\/uploads\/2020\/03\/image-15.png?w=852&amp;ssl=1 852w, https:\/\/i0.wp.com\/patrimoine-avesnois.fr\/chemin\/wp-content\/uploads\/2020\/03\/image-15.png?resize=300%2C200&amp;ssl=1 300w, https:\/\/i0.wp.com\/patrimoine-avesnois.fr\/chemin\/wp-content\/uploads\/2020\/03\/image-15.png?resize=768%2C511&amp;ssl=1 768w\" sizes=\"auto, (max-width: 709px) 85vw, (max-width: 909px) 67vw, (max-width: 1362px) 62vw, 840px\" \/><figcaption class=\"wp-element-caption\">Les all\u00e9es du ch\u00e2teau et le pigeonnier-porche englob\u00e9 dans un b\u00e2timent \u00e0 usage de grange \u00e0 deux versants <\/figcaption><\/figure>\n<\/div>\n\n<div class=\"wp-block-image\">\n<figure class=\"aligncenter is-resized\"><img loading=\"lazy\" decoding=\"async\" width=\"444\" height=\"592\" data-attachment-id=\"6592\" data-permalink=\"https:\/\/patrimoine-avesnois.fr\/chemin\/jenlain\/capture-159\/\" data-orig-file=\"https:\/\/i0.wp.com\/patrimoine-avesnois.fr\/chemin\/wp-content\/uploads\/2019\/06\/Capture-37.jpg?fit=444%2C592&amp;ssl=1\" data-orig-size=\"444,592\" data-comments-opened=\"1\" data-image-meta=\"{&quot;aperture&quot;:&quot;0&quot;,&quot;credit&quot;:&quot;CARRE&quot;,&quot;camera&quot;:&quot;&quot;,&quot;caption&quot;:&quot;&quot;,&quot;created_timestamp&quot;:&quot;1561629973&quot;,&quot;copyright&quot;:&quot;&quot;,&quot;focal_length&quot;:&quot;0&quot;,&quot;iso&quot;:&quot;0&quot;,&quot;shutter_speed&quot;:&quot;0&quot;,&quot;title&quot;:&quot;&quot;,&quot;orientation&quot;:&quot;0&quot;}\" data-image-title=\"Capture\" data-image-description=\"\" data-image-caption=\"\" data-large-file=\"https:\/\/i0.wp.com\/patrimoine-avesnois.fr\/chemin\/wp-content\/uploads\/2019\/06\/Capture-37.jpg?fit=444%2C592&amp;ssl=1\" src=\"https:\/\/i2.wp.com\/patrimoine-avesnois.fr\/chemin\/wp-content\/uploads\/2019\/06\/Capture-37.jpg?resize=493%2C658\" alt=\"\" class=\"wp-image-6592\" style=\"width:370px;height:494px\" srcset=\"https:\/\/i0.wp.com\/patrimoine-avesnois.fr\/chemin\/wp-content\/uploads\/2019\/06\/Capture-37.jpg?w=444&amp;ssl=1 444w, https:\/\/i0.wp.com\/patrimoine-avesnois.fr\/chemin\/wp-content\/uploads\/2019\/06\/Capture-37.jpg?resize=225%2C300&amp;ssl=1 225w\" sizes=\"auto, (max-width: 444px) 85vw, 444px\" \/><figcaption class=\"wp-element-caption\">Pigeonnier du ch\u00e2teau d\u2019En Bas avec au dessus une tour ronde.<\/figcaption><\/figure>\n<\/div>\n\n\n<p>Le ch\u00e2teau d\u2019En Bas (XIX e si\u00e8cle) qui se trouvait \u00e0 une cinquantaine de m\u00e8tres du pigeonnier fut d\u00e9truit dans les ann\u00e9es 1990 en raison de son \u00e9tat de d\u00e9labrement. Seul le pigeonnier fut sauv\u00e9 suite \u00e0 de nombreux travaux de r\u00e9novation.<\/p>\n\n\n\n<p class=\"has-text-align-center has-bright-red-color has-light-blue-background-color has-text-color has-background has-medium-font-size\">Le Ch\u00e2teau d&rsquo;En Haut \u00e0 Jenlain<\/p>\n\n\n<div class=\"wp-block-image\">\n<figure class=\"aligncenter is-resized\"><img data-recalc-dims=\"1\" loading=\"lazy\" decoding=\"async\" width=\"840\" height=\"550\" data-attachment-id=\"9390\" data-permalink=\"https:\/\/patrimoine-avesnois.fr\/chemin\/les-chateaux-de-lavesnois-et-leurs-proprietaires\/image-1419\/\" data-orig-file=\"https:\/\/i0.wp.com\/patrimoine-avesnois.fr\/chemin\/wp-content\/uploads\/2020\/03\/image-17.png?fit=943%2C618&amp;ssl=1\" data-orig-size=\"943,618\" data-comments-opened=\"1\" data-image-meta=\"{&quot;aperture&quot;:&quot;0&quot;,&quot;credit&quot;:&quot;&quot;,&quot;camera&quot;:&quot;&quot;,&quot;caption&quot;:&quot;&quot;,&quot;created_timestamp&quot;:&quot;0&quot;,&quot;copyright&quot;:&quot;&quot;,&quot;focal_length&quot;:&quot;0&quot;,&quot;iso&quot;:&quot;0&quot;,&quot;shutter_speed&quot;:&quot;0&quot;,&quot;title&quot;:&quot;&quot;,&quot;orientation&quot;:&quot;0&quot;}\" data-image-title=\"image\" data-image-description=\"\" data-image-caption=\"\" data-large-file=\"https:\/\/i0.wp.com\/patrimoine-avesnois.fr\/chemin\/wp-content\/uploads\/2020\/03\/image-17.png?fit=840%2C550&amp;ssl=1\" src=\"https:\/\/i0.wp.com\/patrimoine-avesnois.fr\/chemin\/wp-content\/uploads\/2020\/03\/image-17.png?resize=840%2C550\" alt=\"\" class=\"wp-image-9390\" style=\"width:630px;height:412px\" srcset=\"https:\/\/i0.wp.com\/patrimoine-avesnois.fr\/chemin\/wp-content\/uploads\/2020\/03\/image-17.png?w=943&amp;ssl=1 943w, https:\/\/i0.wp.com\/patrimoine-avesnois.fr\/chemin\/wp-content\/uploads\/2020\/03\/image-17.png?resize=300%2C197&amp;ssl=1 300w, https:\/\/i0.wp.com\/patrimoine-avesnois.fr\/chemin\/wp-content\/uploads\/2020\/03\/image-17.png?resize=768%2C503&amp;ssl=1 768w\" sizes=\"auto, (max-width: 709px) 85vw, (max-width: 909px) 67vw, (max-width: 1362px) 62vw, 840px\" \/><figcaption class=\"wp-element-caption\">Le ch\u00e2teau de Madame D en 1913. D comme Deswatenne<\/figcaption><\/figure>\n<\/div>\n\n<div class=\"wp-block-image\">\n<figure class=\"aligncenter is-resized\"><img data-recalc-dims=\"1\" loading=\"lazy\" decoding=\"async\" width=\"770\" height=\"512\" data-attachment-id=\"9391\" data-permalink=\"https:\/\/patrimoine-avesnois.fr\/chemin\/les-chateaux-de-lavesnois-et-leurs-proprietaires\/image-1420\/\" data-orig-file=\"https:\/\/i0.wp.com\/patrimoine-avesnois.fr\/chemin\/wp-content\/uploads\/2020\/03\/image-18.png?fit=770%2C512&amp;ssl=1\" data-orig-size=\"770,512\" data-comments-opened=\"1\" data-image-meta=\"{&quot;aperture&quot;:&quot;0&quot;,&quot;credit&quot;:&quot;&quot;,&quot;camera&quot;:&quot;&quot;,&quot;caption&quot;:&quot;&quot;,&quot;created_timestamp&quot;:&quot;0&quot;,&quot;copyright&quot;:&quot;&quot;,&quot;focal_length&quot;:&quot;0&quot;,&quot;iso&quot;:&quot;0&quot;,&quot;shutter_speed&quot;:&quot;0&quot;,&quot;title&quot;:&quot;&quot;,&quot;orientation&quot;:&quot;0&quot;}\" data-image-title=\"image\" data-image-description=\"\" data-image-caption=\"\" data-large-file=\"https:\/\/i0.wp.com\/patrimoine-avesnois.fr\/chemin\/wp-content\/uploads\/2020\/03\/image-18.png?fit=770%2C512&amp;ssl=1\" src=\"https:\/\/i0.wp.com\/patrimoine-avesnois.fr\/chemin\/wp-content\/uploads\/2020\/03\/image-18.png?resize=770%2C512\" alt=\"\" class=\"wp-image-9391\" style=\"width:630px;height:418px\" srcset=\"https:\/\/i0.wp.com\/patrimoine-avesnois.fr\/chemin\/wp-content\/uploads\/2020\/03\/image-18.png?w=770&amp;ssl=1 770w, https:\/\/i0.wp.com\/patrimoine-avesnois.fr\/chemin\/wp-content\/uploads\/2020\/03\/image-18.png?resize=300%2C199&amp;ssl=1 300w, https:\/\/i0.wp.com\/patrimoine-avesnois.fr\/chemin\/wp-content\/uploads\/2020\/03\/image-18.png?resize=768%2C511&amp;ssl=1 768w\" sizes=\"auto, (max-width: 770px) 85vw, 770px\" \/><figcaption class=\"wp-element-caption\">Le ch\u00e2teau d&rsquo;En Haut en 1959 curieusement d\u00e9nomm\u00e9 ch\u00e2teau d&rsquo;En Bas sur cette carte postale<\/figcaption><\/figure>\n<\/div>\n\n<div class=\"wp-block-image\">\n<figure class=\"aligncenter is-resized\"><img data-recalc-dims=\"1\" loading=\"lazy\" decoding=\"async\" width=\"650\" height=\"498\" data-attachment-id=\"9392\" data-permalink=\"https:\/\/patrimoine-avesnois.fr\/chemin\/les-chateaux-de-lavesnois-et-leurs-proprietaires\/image-1421\/\" data-orig-file=\"https:\/\/i0.wp.com\/patrimoine-avesnois.fr\/chemin\/wp-content\/uploads\/2020\/03\/image-19.png?fit=650%2C498&amp;ssl=1\" data-orig-size=\"650,498\" data-comments-opened=\"1\" data-image-meta=\"{&quot;aperture&quot;:&quot;0&quot;,&quot;credit&quot;:&quot;&quot;,&quot;camera&quot;:&quot;&quot;,&quot;caption&quot;:&quot;&quot;,&quot;created_timestamp&quot;:&quot;0&quot;,&quot;copyright&quot;:&quot;&quot;,&quot;focal_length&quot;:&quot;0&quot;,&quot;iso&quot;:&quot;0&quot;,&quot;shutter_speed&quot;:&quot;0&quot;,&quot;title&quot;:&quot;&quot;,&quot;orientation&quot;:&quot;0&quot;}\" data-image-title=\"image\" data-image-description=\"\" data-image-caption=\"\" data-large-file=\"https:\/\/i0.wp.com\/patrimoine-avesnois.fr\/chemin\/wp-content\/uploads\/2020\/03\/image-19.png?fit=650%2C498&amp;ssl=1\" src=\"https:\/\/i0.wp.com\/patrimoine-avesnois.fr\/chemin\/wp-content\/uploads\/2020\/03\/image-19.png?resize=650%2C498\" alt=\"\" class=\"wp-image-9392\" style=\"width:630px;height:478px\" srcset=\"https:\/\/i0.wp.com\/patrimoine-avesnois.fr\/chemin\/wp-content\/uploads\/2020\/03\/image-19.png?w=650&amp;ssl=1 650w, https:\/\/i0.wp.com\/patrimoine-avesnois.fr\/chemin\/wp-content\/uploads\/2020\/03\/image-19.png?resize=300%2C230&amp;ssl=1 300w\" sizes=\"auto, (max-width: 650px) 85vw, 650px\" \/><\/figure>\n<\/div>\n\n<div class=\"wp-block-image\">\n<figure class=\"aligncenter\"><img loading=\"lazy\" decoding=\"async\" width=\"630\" height=\"393\" data-attachment-id=\"6594\" data-permalink=\"https:\/\/patrimoine-avesnois.fr\/chemin\/jenlain\/chateau-den-haut\/\" data-orig-file=\"https:\/\/i0.wp.com\/patrimoine-avesnois.fr\/chemin\/wp-content\/uploads\/2019\/06\/Chateau-den-haut.jpg?fit=630%2C393&amp;ssl=1\" data-orig-size=\"630,393\" data-comments-opened=\"1\" data-image-meta=\"{&quot;aperture&quot;:&quot;0&quot;,&quot;credit&quot;:&quot;&quot;,&quot;camera&quot;:&quot;&quot;,&quot;caption&quot;:&quot;&quot;,&quot;created_timestamp&quot;:&quot;1561630710&quot;,&quot;copyright&quot;:&quot;&quot;,&quot;focal_length&quot;:&quot;0&quot;,&quot;iso&quot;:&quot;0&quot;,&quot;shutter_speed&quot;:&quot;0&quot;,&quot;title&quot;:&quot;&quot;,&quot;orientation&quot;:&quot;0&quot;}\" data-image-title=\"Chateau d&amp;rsquo;en haut\" data-image-description=\"\" data-image-caption=\"\" data-large-file=\"https:\/\/i0.wp.com\/patrimoine-avesnois.fr\/chemin\/wp-content\/uploads\/2019\/06\/Chateau-den-haut.jpg?fit=630%2C393&amp;ssl=1\" src=\"https:\/\/i2.wp.com\/patrimoine-avesnois.fr\/chemin\/wp-content\/uploads\/2019\/06\/Chateau-den-haut.jpg?w=840\" alt=\"\" class=\"wp-image-6594\" srcset=\"https:\/\/i0.wp.com\/patrimoine-avesnois.fr\/chemin\/wp-content\/uploads\/2019\/06\/Chateau-den-haut.jpg?w=630&amp;ssl=1 630w, https:\/\/i0.wp.com\/patrimoine-avesnois.fr\/chemin\/wp-content\/uploads\/2019\/06\/Chateau-den-haut.jpg?resize=300%2C187&amp;ssl=1 300w\" sizes=\"auto, (max-width: 630px) 85vw, 630px\" \/><figcaption class=\"wp-element-caption\">Le ch\u00e2teau d\u2019En-Haut (chambres d\u2019h\u00f4tes) et le<a href=\"http:\/\/chateaudenhaut.free.fr\/index.htm\" target=\"_blank\" rel=\"noreferrer noopener\">&nbsp;site internet de Marie-H\u00e9l\u00e8ne et Michel DEMARCQ&nbsp;<\/a><\/figcaption><\/figure>\n<\/div>\n\n\n<p>La famille Demarcq vous accueille au Ch\u00e2teau d\u2019en Haut \u00e0 Jenlain. 5 chambres, r\u00e9pondant aux normes 4 \u00e9pis du label G\u00eetes de France sont \u00e0 votre disposition dans un charmant manoir flanqu\u00e9 d\u2019une ferme et d\u2019un imposant pigeonnier. Les propri\u00e9taires en ont fait un lieu enchanteur au milieu d\u2019un parc de deux hectares et demi, qui marie les plate bandes \u00e0 la fran\u00e7aise et les massifs des jardins \u00e0 l\u2019anglaise.<\/p>\n\n\n<div class=\"wp-block-image\">\n<figure class=\"aligncenter is-resized\"><img loading=\"lazy\" decoding=\"async\" width=\"2048\" height=\"1536\" data-attachment-id=\"9398\" data-permalink=\"https:\/\/patrimoine-avesnois.fr\/chemin\/les-chateaux-de-lavesnois-et-leurs-proprietaires\/image-1423\/\" data-orig-file=\"https:\/\/i0.wp.com\/patrimoine-avesnois.fr\/chemin\/wp-content\/uploads\/2020\/03\/image-21.png?fit=2048%2C1536&amp;ssl=1\" data-orig-size=\"2048,1536\" data-comments-opened=\"1\" data-image-meta=\"{&quot;aperture&quot;:&quot;0&quot;,&quot;credit&quot;:&quot;&quot;,&quot;camera&quot;:&quot;&quot;,&quot;caption&quot;:&quot;&quot;,&quot;created_timestamp&quot;:&quot;0&quot;,&quot;copyright&quot;:&quot;&quot;,&quot;focal_length&quot;:&quot;0&quot;,&quot;iso&quot;:&quot;0&quot;,&quot;shutter_speed&quot;:&quot;0&quot;,&quot;title&quot;:&quot;&quot;,&quot;orientation&quot;:&quot;0&quot;}\" data-image-title=\"image\" data-image-description=\"\" data-image-caption=\"\" data-large-file=\"https:\/\/i0.wp.com\/patrimoine-avesnois.fr\/chemin\/wp-content\/uploads\/2020\/03\/image-21.png?fit=840%2C630&amp;ssl=1\" src=\"https:\/\/i0.wp.com\/patrimoine-avesnois.fr\/chemin\/wp-content\/uploads\/2020\/03\/image-21.png?fit=840%2C630\" alt=\"\" class=\"wp-image-9398\" style=\"width:630px;height:473px\" srcset=\"https:\/\/i0.wp.com\/patrimoine-avesnois.fr\/chemin\/wp-content\/uploads\/2020\/03\/image-21.png?w=2048&amp;ssl=1 2048w, https:\/\/i0.wp.com\/patrimoine-avesnois.fr\/chemin\/wp-content\/uploads\/2020\/03\/image-21.png?resize=300%2C225&amp;ssl=1 300w, https:\/\/i0.wp.com\/patrimoine-avesnois.fr\/chemin\/wp-content\/uploads\/2020\/03\/image-21.png?resize=768%2C576&amp;ssl=1 768w, https:\/\/i0.wp.com\/patrimoine-avesnois.fr\/chemin\/wp-content\/uploads\/2020\/03\/image-21.png?resize=1024%2C768&amp;ssl=1 1024w, https:\/\/i0.wp.com\/patrimoine-avesnois.fr\/chemin\/wp-content\/uploads\/2020\/03\/image-21.png?resize=1200%2C900&amp;ssl=1 1200w, https:\/\/i0.wp.com\/patrimoine-avesnois.fr\/chemin\/wp-content\/uploads\/2020\/03\/image-21.png?w=1680 1680w\" sizes=\"auto, (max-width: 709px) 85vw, (max-width: 909px) 67vw, (max-width: 1362px) 62vw, 840px\" \/><\/figure>\n<\/div>\n\n<div class=\"wp-block-image\">\n<figure class=\"aligncenter is-resized\"><img data-recalc-dims=\"1\" loading=\"lazy\" decoding=\"async\" width=\"840\" height=\"562\" data-attachment-id=\"9393\" data-permalink=\"https:\/\/patrimoine-avesnois.fr\/chemin\/les-chateaux-de-lavesnois-et-leurs-proprietaires\/image-1422\/\" data-orig-file=\"https:\/\/i0.wp.com\/patrimoine-avesnois.fr\/chemin\/wp-content\/uploads\/2020\/03\/image-20.png?fit=1014%2C678&amp;ssl=1\" data-orig-size=\"1014,678\" data-comments-opened=\"1\" data-image-meta=\"{&quot;aperture&quot;:&quot;0&quot;,&quot;credit&quot;:&quot;&quot;,&quot;camera&quot;:&quot;&quot;,&quot;caption&quot;:&quot;&quot;,&quot;created_timestamp&quot;:&quot;0&quot;,&quot;copyright&quot;:&quot;&quot;,&quot;focal_length&quot;:&quot;0&quot;,&quot;iso&quot;:&quot;0&quot;,&quot;shutter_speed&quot;:&quot;0&quot;,&quot;title&quot;:&quot;&quot;,&quot;orientation&quot;:&quot;0&quot;}\" data-image-title=\"image\" data-image-description=\"\" data-image-caption=\"\" data-large-file=\"https:\/\/i0.wp.com\/patrimoine-avesnois.fr\/chemin\/wp-content\/uploads\/2020\/03\/image-20.png?fit=840%2C562&amp;ssl=1\" src=\"https:\/\/i0.wp.com\/patrimoine-avesnois.fr\/chemin\/wp-content\/uploads\/2020\/03\/image-20.png?resize=840%2C562\" alt=\"\" class=\"wp-image-9393\" style=\"width:630px;height:422px\" srcset=\"https:\/\/i0.wp.com\/patrimoine-avesnois.fr\/chemin\/wp-content\/uploads\/2020\/03\/image-20.png?w=1014&amp;ssl=1 1014w, https:\/\/i0.wp.com\/patrimoine-avesnois.fr\/chemin\/wp-content\/uploads\/2020\/03\/image-20.png?resize=300%2C201&amp;ssl=1 300w, https:\/\/i0.wp.com\/patrimoine-avesnois.fr\/chemin\/wp-content\/uploads\/2020\/03\/image-20.png?resize=768%2C514&amp;ssl=1 768w\" sizes=\"auto, (max-width: 709px) 85vw, (max-width: 909px) 67vw, (max-width: 1362px) 62vw, 840px\" \/><figcaption class=\"wp-element-caption\">Le ch\u00e2teau d&rsquo;En Haut \u00e0 Jenlain Photos du site <a aria-label=\"Le Mercier Immobilier (opens in a new tab)\" href=\"http:\/\/www.lemercier-immobilier.com\/3562-Chateau-XVIIIeme-developpant-1200m-sur-terrain-arbore-de-2-5ha.html\" target=\"_blank\" rel=\"noreferrer noopener\">Le Mercier Immobilier<\/a><\/figcaption><\/figure>\n<\/div>\n\n\n<p>Histoire du ch\u00e2teau :<\/p>\n\n\n\n<p>Le ch\u00e2teau de Jenlain a \u00e9t\u00e9 occup\u00e9 dans le si\u00e8cle dernier (XVIII\u00e8me) par plusieurs g\u00e9n\u00e9rations de la famille des comtes d\u2019Espiennes alli\u00e9e avec celle des Razoir de Croix, qui a fourni des pr\u00e9v\u00f4ts \u00e0 la ville de Valenciennes.&nbsp;<\/p>\n\n\n\n<p>&nbsp;M. d\u2019Espiennes de St R\u00e9mi laissa ce beau domaine, apr\u00e8s l\u2019avoir magnifiquement embelli, \u00e0 M. le comte d\u2019Espiennes son fils, qui fut colonnel de la garde nationale de Valenciennes en 1790.&nbsp;<br><br>Le comte Charles-Fran\u00e7ois-Julien d\u2019Espiennes, son fils, Chevalier de l\u2019Ordre de St Jean de J\u00e9rusalem, occupa cette belle propri\u00e9t\u00e9 au commencement de ce si\u00e8cle (XIX\u00e8me) et la c\u00e9da \u00e0 M. le comte de Robaulx.&nbsp;<br><br>A proximit\u00e9 de la for\u00eat de Mormal, entour\u00e9 des ch\u00e2teaux de Sebourg, d\u2019Eth, de Frasnoy, de Roisin, de Ghissignies, de Ruesnes, etc\u2026 en face d\u2019un relai de poste, le ch\u00e2teau de Jenlain est une des plus agr\u00e9ables r\u00e9sidences du d\u00e9partement du Nord.&nbsp;<\/p>\n\n\n\n<p><strong>Extrait du livre \u00ab&nbsp;Histoire de Jenlain&nbsp;\u00bb de L\u00e9o Jouniaux, 1987&nbsp;:<\/strong><\/p>\n\n\n\n<p>\u00ab&nbsp;Le b\u00e2timent principal est du XVIIIe si\u00e8cle. La grange est la partie la plus ancienne (1701). Le pigeonnier est quant \u00e0 lui dat\u00e9 de 1772.&nbsp;<br><br>Le ch\u00e2teau date, pour la majeure partie de sa construction, de la deuxi\u00e8me moiti\u00e9 du XVIIIe si\u00e8cle. C\u2019est le type m\u00eame de construction classique des demeures rurales, de ces \u00ab&nbsp;folies&nbsp;\u00bb que les nobles se faisaient construire \u00e0 la campagne, sur leurs terres. Ils y passaient la belle saison ; le reste de l\u2019ann\u00e9e ils vivaient en ville, dans leur h\u00f4tel particulier. Ce fut le cas de la famille d\u2019Espiennes, implant\u00e9e dans le Hainaut, dont l\u2019origine de la noblesse remonte sous Philippe IV d\u2019Espagne, du temps des Pays-Bas espagnols. Le village de Jenlain n\u2019\u00e9tant lui-m\u00eame pas tr\u00e8s ancien, il ne pouvait en \u00eatre autrement du ch\u00e2teau. Celui-ci a \u00e9t\u00e9 construit \u00e0 l\u2019emplacement d\u2019une ferme seigneuriale, ensemble de b\u00e2timents distribu\u00e9s autour d\u2019une cour ferm\u00e9e, avec entr\u00e9e sous un porche pigeonnier dat\u00e9 de 1772, portant en son cintre l\u2019\u00e9cusson des comtes d\u2019Espiennes, \u00e9cusson fortement martel\u00e9 \u00e0 la R\u00e9volution, par les \u00ab&nbsp;colonnes infernales&nbsp;\u00bb. La grange au fond de la cour, aux puissants contreforts de gr\u00e8s, porte la date de 1701 grav\u00e9e sur une pierre blanche ins\u00e9r\u00e9e dans le cintre d\u2019entr\u00e9e.&nbsp;<\/p>\n\n\n\n<p>Sur le corps de logis principal, le fronton armori\u00e9, en pierre blanche sculpt\u00e9e, a fi\u00e8re allure et est heureusement encore intact du fait de son exposition au nord, \u00e0 l\u2019abri des pluies. Les deux blasons sont, \u00e0 gauche celui de la famille d\u2019Espiennes, et \u00e0 droite celui des Razoir de Croix. C\u2019est en 1777 que fut c\u00e9l\u00e9br\u00e9 le mariage de Jacques-Martin d\u2019Espiennes, seigneur de Jenlain et de Marie-Jeanne Razoir de Croix, dame de Croix et de Forest, apr\u00e8s publication des bans \u00e0 la commune de Jenlain et \u00e0 celle de Valenciennes.&nbsp;<br><\/p>\n\n\n<div class=\"wp-block-image\">\n<figure class=\"aligncenter is-resized\"><img data-recalc-dims=\"1\" decoding=\"async\" src=\"https:\/\/i0.wp.com\/patrimoine-avesnois.fr\/chemin\/wp-content\/uploads\/2020\/03\/image-31.png?w=840\" alt=\"L\u2019attribut alt de cette image est vide, son nom de fichier est image-31.png.\" style=\"width:630px;height:472px\"\/><figcaption class=\"wp-element-caption\">Blason des d&rsquo;Espiennes (un chevron et 3 tr\u00e8fles) qui est celui de Jenlain et aussi de Romeries et d&rsquo; Assevent par mariages et le blason des De Razoir de Douchy (3 fl\u00e8ches sur fond azur)  <\/figcaption><\/figure>\n<\/div>\n\n\n<p><br>C\u2019est \u00e0 cette occasion que fut construit le logis principal avec le fronton armori\u00e9. Les jeunes mari\u00e9s y habit\u00e8rent au d\u00e9but de leur mariage, puis les occupations militaires de Jacque-Martin le rappel\u00e8rent \u00e0 Valenciennes. Noble, d\u2019esprit lib\u00e9ral, il \u00e9pousa les th\u00e8ses de la R\u00e9volution naissante et servit les arm\u00e9es de la R\u00e9publique\u2026 Il mourut le 21 avril 1792, \u00e0 l\u2019\u00e2ge de 37 ans ; c\u2019est le mois de la d\u00e9claration de guerre et de l\u2019invasion autrichienne. Il laisse 3 orphelins, leur m\u00e8re \u00e9tant d\u00e9c\u00e9d\u00e9e en septembre 1791. Le ch\u00e2teau est attribu\u00e9 \u00e0 son fils Charles qui resta c\u00e9libataire. Il fut conseiller municipal, puis maire de Jenlain au d\u00e9but du 19\u00e8 si\u00e8cle. Par la suite, le ch\u00e2teau passa aux mains de la famille de Robaulx de Beaurieux qui le garda un peu plus de vingt ans. Apr\u00e8s avoir chang\u00e9 de mains plusieurs fois, le ch\u00e2teau fut mis en vente en 1982. Il fut acquis par les propri\u00e9taires actuels qui entreprirent avec courage sa restauration et essaient de le sortir de l\u2019oubli. C\u2019est ainsi que les premi\u00e8res chambres d\u2019h\u00f4tes furent ouvertes en 1985. Il est inscrit \u00e0 l\u2019Inventaire suppl\u00e9mentaire des Monuments historiques depuis 1987\u2033.<\/p>\n\n\n<div class=\"wp-block-image\">\n<figure class=\"aligncenter is-resized\"><img data-recalc-dims=\"1\" loading=\"lazy\" decoding=\"async\" width=\"760\" height=\"571\" data-attachment-id=\"9396\" data-permalink=\"https:\/\/patrimoine-avesnois.fr\/chemin\/les-chateaux-de-lavesnois-et-leurs-proprietaires\/escalier\/\" data-orig-file=\"https:\/\/i0.wp.com\/patrimoine-avesnois.fr\/chemin\/wp-content\/uploads\/2020\/03\/Escalier.jpg?fit=760%2C571&amp;ssl=1\" data-orig-size=\"760,571\" data-comments-opened=\"1\" data-image-meta=\"{&quot;aperture&quot;:&quot;0&quot;,&quot;credit&quot;:&quot;CARRE&quot;,&quot;camera&quot;:&quot;&quot;,&quot;caption&quot;:&quot;&quot;,&quot;created_timestamp&quot;:&quot;1583154006&quot;,&quot;copyright&quot;:&quot;&quot;,&quot;focal_length&quot;:&quot;0&quot;,&quot;iso&quot;:&quot;0&quot;,&quot;shutter_speed&quot;:&quot;0&quot;,&quot;title&quot;:&quot;&quot;,&quot;orientation&quot;:&quot;0&quot;}\" data-image-title=\"Escalier\" data-image-description=\"\" data-image-caption=\"\" data-large-file=\"https:\/\/i0.wp.com\/patrimoine-avesnois.fr\/chemin\/wp-content\/uploads\/2020\/03\/Escalier.jpg?fit=760%2C571&amp;ssl=1\" src=\"https:\/\/i0.wp.com\/patrimoine-avesnois.fr\/chemin\/wp-content\/uploads\/2020\/03\/Escalier.jpg?resize=760%2C571\" alt=\"\" class=\"wp-image-9396\" style=\"width:630px;height:473px\" srcset=\"https:\/\/i0.wp.com\/patrimoine-avesnois.fr\/chemin\/wp-content\/uploads\/2020\/03\/Escalier.jpg?w=760&amp;ssl=1 760w, https:\/\/i0.wp.com\/patrimoine-avesnois.fr\/chemin\/wp-content\/uploads\/2020\/03\/Escalier.jpg?resize=300%2C225&amp;ssl=1 300w\" sizes=\"auto, (max-width: 760px) 85vw, 760px\" \/><figcaption class=\"wp-element-caption\">L&rsquo;escalier class\u00e9 MH<\/figcaption><\/figure>\n<\/div>\n\n\n<p>\u00c9l\u00e9ments prot\u00e9g\u00e9s MH : les fa\u00e7ades et les toitures sur la cour d&rsquo;honneur du ch\u00e2teau et du b\u00e2timent en retour orn\u00e9 de sculptures ; la fa\u00e7ade et la toiture, sur le jardin, de l&rsquo;aile basse sur jardin abritant l&rsquo;escalier ; l&rsquo;escalier et sa rampe ; le pigeonnier de la ferme : inscription par arr\u00eat\u00e9 du 21 avril 1987.<\/p>\n\n\n\n<p>Compl\u00e9ments historiques : En 1848, le ch\u00e2teau fut achet\u00e9 par Timoth\u00e9e Deswatenne (1808 1872), un agriculteur qui cultivait la betterave \u00e0 sucre.Il fut maire de Jenlain de 1870 \u00e0 1872. A son d\u00e9c\u00e8s au ch\u00e2teau, le fils a\u00een\u00e9 Paul vendit sa part \u00e0 son fr\u00e8re Charles qui deviendra propri\u00e9taire \u00e0 la mort de sa m\u00e8re en 1888. Sans succession, il fit donation du ch\u00e2teau \u00e0 ses cousins, les H\u00e9niau, qui rest\u00e8rent propri\u00e9taires de 1927 \u00e0 1982. Il fut alors achet\u00e9 par M. et Mme Demarcq qui am\u00e9nagent une partie en Maison d&rsquo;H\u00f4tes depuis 1985. Source : Bulletin du <a aria-label=\"CHGB (opens in a new tab)\" rel=\"noreferrer noopener\" href=\"http:\/\/www.chgb.org\/bulletin123\/CHGB35.pdf\" target=\"_blank\">CHGB<\/a> de Septembre 2014<\/p>\n\n\n\n<p class=\"has-text-align-center has-bright-red-color has-light-blue-background-color has-text-color has-background has-medium-font-size\">Le ch\u00e2teau de Jeumont<\/p>\n\n\n<div class=\"wp-block-image\">\n<figure class=\"aligncenter is-resized\"><img data-recalc-dims=\"1\" loading=\"lazy\" decoding=\"async\" width=\"840\" height=\"530\" data-attachment-id=\"9402\" data-permalink=\"https:\/\/patrimoine-avesnois.fr\/chemin\/les-chateaux-de-lavesnois-et-leurs-proprietaires\/image-1426\/\" data-orig-file=\"https:\/\/i0.wp.com\/patrimoine-avesnois.fr\/chemin\/wp-content\/uploads\/2020\/03\/image-24.png?fit=853%2C538&amp;ssl=1\" data-orig-size=\"853,538\" data-comments-opened=\"1\" data-image-meta=\"{&quot;aperture&quot;:&quot;0&quot;,&quot;credit&quot;:&quot;&quot;,&quot;camera&quot;:&quot;&quot;,&quot;caption&quot;:&quot;&quot;,&quot;created_timestamp&quot;:&quot;0&quot;,&quot;copyright&quot;:&quot;&quot;,&quot;focal_length&quot;:&quot;0&quot;,&quot;iso&quot;:&quot;0&quot;,&quot;shutter_speed&quot;:&quot;0&quot;,&quot;title&quot;:&quot;&quot;,&quot;orientation&quot;:&quot;0&quot;}\" data-image-title=\"image\" data-image-description=\"\" data-image-caption=\"\" data-large-file=\"https:\/\/i0.wp.com\/patrimoine-avesnois.fr\/chemin\/wp-content\/uploads\/2020\/03\/image-24.png?fit=840%2C530&amp;ssl=1\" src=\"https:\/\/i0.wp.com\/patrimoine-avesnois.fr\/chemin\/wp-content\/uploads\/2020\/03\/image-24.png?resize=840%2C530\" alt=\"\" class=\"wp-image-9402\" style=\"width:630px;height:398px\" srcset=\"https:\/\/i0.wp.com\/patrimoine-avesnois.fr\/chemin\/wp-content\/uploads\/2020\/03\/image-24.png?w=853&amp;ssl=1 853w, https:\/\/i0.wp.com\/patrimoine-avesnois.fr\/chemin\/wp-content\/uploads\/2020\/03\/image-24.png?resize=300%2C189&amp;ssl=1 300w, https:\/\/i0.wp.com\/patrimoine-avesnois.fr\/chemin\/wp-content\/uploads\/2020\/03\/image-24.png?resize=768%2C484&amp;ssl=1 768w\" sizes=\"auto, (max-width: 709px) 85vw, (max-width: 909px) 67vw, (max-width: 1362px) 62vw, 840px\" \/><figcaption class=\"wp-element-caption\">La Tour de Jeumont<\/figcaption><\/figure>\n<\/div>\n\n<div class=\"wp-block-image\">\n<figure class=\"aligncenter is-resized\"><img data-recalc-dims=\"1\" loading=\"lazy\" decoding=\"async\" width=\"840\" height=\"540\" data-attachment-id=\"9401\" data-permalink=\"https:\/\/patrimoine-avesnois.fr\/chemin\/les-chateaux-de-lavesnois-et-leurs-proprietaires\/image-1425\/\" data-orig-file=\"https:\/\/i0.wp.com\/patrimoine-avesnois.fr\/chemin\/wp-content\/uploads\/2020\/03\/image-23.png?fit=888%2C571&amp;ssl=1\" data-orig-size=\"888,571\" data-comments-opened=\"1\" data-image-meta=\"{&quot;aperture&quot;:&quot;0&quot;,&quot;credit&quot;:&quot;&quot;,&quot;camera&quot;:&quot;&quot;,&quot;caption&quot;:&quot;&quot;,&quot;created_timestamp&quot;:&quot;0&quot;,&quot;copyright&quot;:&quot;&quot;,&quot;focal_length&quot;:&quot;0&quot;,&quot;iso&quot;:&quot;0&quot;,&quot;shutter_speed&quot;:&quot;0&quot;,&quot;title&quot;:&quot;&quot;,&quot;orientation&quot;:&quot;0&quot;}\" data-image-title=\"image\" data-image-description=\"\" data-image-caption=\"\" data-large-file=\"https:\/\/i0.wp.com\/patrimoine-avesnois.fr\/chemin\/wp-content\/uploads\/2020\/03\/image-23.png?fit=840%2C540&amp;ssl=1\" src=\"https:\/\/i0.wp.com\/patrimoine-avesnois.fr\/chemin\/wp-content\/uploads\/2020\/03\/image-23.png?resize=840%2C540\" alt=\"\" class=\"wp-image-9401\" style=\"width:630px;height:406px\" srcset=\"https:\/\/i0.wp.com\/patrimoine-avesnois.fr\/chemin\/wp-content\/uploads\/2020\/03\/image-23.png?w=888&amp;ssl=1 888w, https:\/\/i0.wp.com\/patrimoine-avesnois.fr\/chemin\/wp-content\/uploads\/2020\/03\/image-23.png?resize=300%2C193&amp;ssl=1 300w, https:\/\/i0.wp.com\/patrimoine-avesnois.fr\/chemin\/wp-content\/uploads\/2020\/03\/image-23.png?resize=768%2C494&amp;ssl=1 768w\" sizes=\"auto, (max-width: 709px) 85vw, (max-width: 909px) 67vw, (max-width: 1362px) 62vw, 840px\" \/><figcaption class=\"wp-element-caption\">Ruines du ch\u00e2teau de Jeumont<\/figcaption><\/figure>\n<\/div>\n\n\n<p>Voici une carte postale du d\u00e9but des ann\u00e9es 1900 qui montre les ruines du ch\u00e2teau f\u00e9odal du XIII e si\u00e8cle ayant appartenu aux seigneurs de Barban\u00e7on qui \u00e9taient au nombre des douze pairs du Hainaut. La tour en ruines d\u00e9fendait un pont-levis qui donnait acc\u00e8s \u00e0 l&rsquo;int\u00e9rieur du ch\u00e2teau.<\/p>\n\n\n<div class=\"wp-block-image\">\n<figure class=\"aligncenter\"><img decoding=\"async\" src=\"https:\/\/upload.wikimedia.org\/wikipedia\/commons\/thumb\/8\/8a\/JEUMONT-_CHATEAU.jpg\/450px-JEUMONT-_CHATEAU.jpg\" alt=\"File:JEUMONT- CHATEAU.jpg\"\/><figcaption class=\"wp-element-caption\">La Tour Photo <a aria-label=\"Wikimedia (opens in a new tab)\" href=\"https:\/\/commons.wikimedia.org\/wiki\/File:JEUMONT-_CHATEAU.jpg?uselang=fr\" target=\"_blank\" rel=\"noreferrer noopener\">Wikimedia<\/a><\/figcaption><\/figure>\n<\/div>\n\n\n<p>Le ch\u00e2teau de Jeumont fut construit par la famille des seigneurs de Barban\u00e7on vers le XIII e si\u00e8cle. Transform\u00e9 au XVI e si\u00e8cle, il fut d\u00e9truit en 1794 lors des affrontements longs et violents entre les troupes fran\u00e7aises et les troupes autrichiennes du prince de Cobourg. les ruines furent utilis\u00e9es pour construire les maisons environnantes. Pendant la Premi\u00e8re Guerre mondiale, les troupes d&rsquo;occupation allemandes contribu\u00e8rent pour beaucoup au d\u00e9mant\u00e8lement. Seuls subsistent aujourd&rsquo;hui une partie de la plus \u00e9lev\u00e9e des deux tours rondes, deux vastes souterrains, des fondements de murailles, un puits,et quelques murs.<\/p>\n\n\n\n<p>De la tour elle-m\u00eame subsiste, au-dessus du rez-de-chauss\u00e9e, un pan de mur dont les larmiers indiquent deux niveaux. Le parement du second \u00e9tage pr\u00e9sente un&nbsp;bel appareil \u00e0 assises r\u00e9guli\u00e8res en pierre de taille. Le rez-de-chauss\u00e9e abrite une belle salle, on y acc\u00e8de par une porte avec linteau monolithe en b\u00e2ti\u00e8re.La salle est coiff\u00e9e d&rsquo;une coupole h\u00e9misph\u00e9rique assis\u00e9e a 4,80 m de diam\u00e8tre. Les murs sont perc\u00e9s de quatre arch\u00e8res, les embrasures int\u00e9rieures ont&nbsp;2,80 m\u00e8tres de longueur. <\/p>\n\n\n\n<p>El\u00e9ments prot\u00e9g\u00e9s MH : les vestiges du ch\u00e2teau de Jeumont et leurs sol et sous-sol : inscription par arr\u00eat\u00e9 du 1er d\u00e9cembre 1997. Propri\u00e9t\u00e9 de la commune.<\/p>\n\n\n<div class=\"wp-block-image\">\n<figure class=\"aligncenter is-resized\"><img data-recalc-dims=\"1\" loading=\"lazy\" decoding=\"async\" width=\"576\" height=\"874\" data-attachment-id=\"9409\" data-permalink=\"https:\/\/patrimoine-avesnois.fr\/chemin\/les-chateaux-de-lavesnois-et-leurs-proprietaires\/image-1430\/\" data-orig-file=\"https:\/\/i0.wp.com\/patrimoine-avesnois.fr\/chemin\/wp-content\/uploads\/2020\/03\/image-28.png?fit=576%2C874&amp;ssl=1\" data-orig-size=\"576,874\" data-comments-opened=\"1\" data-image-meta=\"{&quot;aperture&quot;:&quot;0&quot;,&quot;credit&quot;:&quot;&quot;,&quot;camera&quot;:&quot;&quot;,&quot;caption&quot;:&quot;&quot;,&quot;created_timestamp&quot;:&quot;0&quot;,&quot;copyright&quot;:&quot;&quot;,&quot;focal_length&quot;:&quot;0&quot;,&quot;iso&quot;:&quot;0&quot;,&quot;shutter_speed&quot;:&quot;0&quot;,&quot;title&quot;:&quot;&quot;,&quot;orientation&quot;:&quot;0&quot;}\" data-image-title=\"image\" data-image-description=\"\" data-image-caption=\"\" data-large-file=\"https:\/\/i0.wp.com\/patrimoine-avesnois.fr\/chemin\/wp-content\/uploads\/2020\/03\/image-28.png?fit=576%2C874&amp;ssl=1\" src=\"https:\/\/i0.wp.com\/patrimoine-avesnois.fr\/chemin\/wp-content\/uploads\/2020\/03\/image-28.png?resize=576%2C874\" alt=\"\" class=\"wp-image-9409\" style=\"width:450px;height:685px\" srcset=\"https:\/\/i0.wp.com\/patrimoine-avesnois.fr\/chemin\/wp-content\/uploads\/2020\/03\/image-28.png?w=576&amp;ssl=1 576w, https:\/\/i0.wp.com\/patrimoine-avesnois.fr\/chemin\/wp-content\/uploads\/2020\/03\/image-28.png?resize=198%2C300&amp;ssl=1 198w\" sizes=\"auto, (max-width: 576px) 85vw, 576px\" \/><figcaption class=\"wp-element-caption\">La Tour en 2018<\/figcaption><\/figure>\n<\/div>\n\n<div class=\"wp-block-image\">\n<figure class=\"aligncenter is-resized\"><img data-recalc-dims=\"1\" decoding=\"async\" src=\"https:\/\/i0.wp.com\/patrimoine-avesnois.fr\/chemin\/wp-content\/uploads\/2020\/03\/image-27.png?w=840\" alt=\"L\u2019attribut alt de cette image est vide, son nom de fichier est image-27.png.\" style=\"width:450px;height:545px\"\/><figcaption class=\"wp-element-caption\">La Tour en 2019<\/figcaption><\/figure>\n<\/div>\n\n\n<p>Il serait grand temps de pr\u00e9server ce site avant que les vestiges de cet ancien ch\u00e2teau du XIIIe si\u00e8cle ne disparaissent \u00e0 jamais.<\/p>\n\n\n\n<p class=\"has-text-align-center has-bright-red-color has-light-blue-background-color has-text-color has-background has-medium-font-size\">Le ch\u00e2teau de Jolimetz<\/p>\n\n\n<div class=\"wp-block-image\">\n<figure class=\"aligncenter is-resized\"><img loading=\"lazy\" decoding=\"async\" width=\"1581\" height=\"982\" data-attachment-id=\"1907\" data-permalink=\"https:\/\/patrimoine-avesnois.fr\/chemin\/jolimetz\/image-398\/\" data-orig-file=\"https:\/\/i0.wp.com\/patrimoine-avesnois.fr\/chemin\/wp-content\/uploads\/2019\/04\/image-375.png?fit=1581%2C982&amp;ssl=1\" data-orig-size=\"1581,982\" data-comments-opened=\"1\" data-image-meta=\"{&quot;aperture&quot;:&quot;0&quot;,&quot;credit&quot;:&quot;&quot;,&quot;camera&quot;:&quot;&quot;,&quot;caption&quot;:&quot;&quot;,&quot;created_timestamp&quot;:&quot;0&quot;,&quot;copyright&quot;:&quot;&quot;,&quot;focal_length&quot;:&quot;0&quot;,&quot;iso&quot;:&quot;0&quot;,&quot;shutter_speed&quot;:&quot;0&quot;,&quot;title&quot;:&quot;&quot;,&quot;orientation&quot;:&quot;0&quot;}\" data-image-title=\"image\" data-image-description=\"\" data-image-caption=\"\" data-large-file=\"https:\/\/i0.wp.com\/patrimoine-avesnois.fr\/chemin\/wp-content\/uploads\/2019\/04\/image-375.png?fit=840%2C522&amp;ssl=1\" src=\"https:\/\/i0.wp.com\/patrimoine-avesnois.fr\/chemin\/wp-content\/uploads\/2019\/04\/image-375.png?fit=840%2C522\" alt=\"\" class=\"wp-image-1907\" style=\"width:630px;height:392px\" srcset=\"https:\/\/i0.wp.com\/patrimoine-avesnois.fr\/chemin\/wp-content\/uploads\/2019\/04\/image-375.png?w=1581&amp;ssl=1 1581w, https:\/\/i0.wp.com\/patrimoine-avesnois.fr\/chemin\/wp-content\/uploads\/2019\/04\/image-375.png?resize=300%2C186&amp;ssl=1 300w, https:\/\/i0.wp.com\/patrimoine-avesnois.fr\/chemin\/wp-content\/uploads\/2019\/04\/image-375.png?resize=768%2C477&amp;ssl=1 768w, https:\/\/i0.wp.com\/patrimoine-avesnois.fr\/chemin\/wp-content\/uploads\/2019\/04\/image-375.png?resize=1024%2C636&amp;ssl=1 1024w, https:\/\/i0.wp.com\/patrimoine-avesnois.fr\/chemin\/wp-content\/uploads\/2019\/04\/image-375.png?resize=1200%2C745&amp;ssl=1 1200w\" sizes=\"auto, (max-width: 709px) 85vw, (max-width: 909px) 67vw, (max-width: 1362px) 62vw, 840px\" \/><figcaption class=\"wp-element-caption\">Le ch\u00e2teau de Jolimetz appel\u00e9 autrefois \u00ab&nbsp;la Maison d\u2019Artois&nbsp;\u00bb<\/figcaption><\/figure>\n<\/div>\n\n<div class=\"wp-block-image\">\n<figure class=\"aligncenter is-resized\"><img loading=\"lazy\" decoding=\"async\" width=\"1558\" height=\"1009\" data-attachment-id=\"1908\" data-permalink=\"https:\/\/patrimoine-avesnois.fr\/chemin\/jolimetz\/image-399\/\" data-orig-file=\"https:\/\/i0.wp.com\/patrimoine-avesnois.fr\/chemin\/wp-content\/uploads\/2019\/04\/image-376.png?fit=1558%2C1009&amp;ssl=1\" data-orig-size=\"1558,1009\" data-comments-opened=\"1\" data-image-meta=\"{&quot;aperture&quot;:&quot;0&quot;,&quot;credit&quot;:&quot;&quot;,&quot;camera&quot;:&quot;&quot;,&quot;caption&quot;:&quot;&quot;,&quot;created_timestamp&quot;:&quot;0&quot;,&quot;copyright&quot;:&quot;&quot;,&quot;focal_length&quot;:&quot;0&quot;,&quot;iso&quot;:&quot;0&quot;,&quot;shutter_speed&quot;:&quot;0&quot;,&quot;title&quot;:&quot;&quot;,&quot;orientation&quot;:&quot;0&quot;}\" data-image-title=\"image\" data-image-description=\"\" data-image-caption=\"\" data-large-file=\"https:\/\/i0.wp.com\/patrimoine-avesnois.fr\/chemin\/wp-content\/uploads\/2019\/04\/image-376.png?fit=840%2C544&amp;ssl=1\" src=\"https:\/\/i1.wp.com\/patrimoine-avesnois.fr\/chemin\/wp-content\/uploads\/2019\/04\/image-376.png?fit=840%2C544\" alt=\"\" class=\"wp-image-1908\" style=\"width:630px;height:408px\" srcset=\"https:\/\/i0.wp.com\/patrimoine-avesnois.fr\/chemin\/wp-content\/uploads\/2019\/04\/image-376.png?w=1558&amp;ssl=1 1558w, https:\/\/i0.wp.com\/patrimoine-avesnois.fr\/chemin\/wp-content\/uploads\/2019\/04\/image-376.png?resize=300%2C194&amp;ssl=1 300w, https:\/\/i0.wp.com\/patrimoine-avesnois.fr\/chemin\/wp-content\/uploads\/2019\/04\/image-376.png?resize=768%2C497&amp;ssl=1 768w, https:\/\/i0.wp.com\/patrimoine-avesnois.fr\/chemin\/wp-content\/uploads\/2019\/04\/image-376.png?resize=1024%2C663&amp;ssl=1 1024w, https:\/\/i0.wp.com\/patrimoine-avesnois.fr\/chemin\/wp-content\/uploads\/2019\/04\/image-376.png?resize=1200%2C777&amp;ssl=1 1200w\" sizes=\"auto, (max-width: 709px) 85vw, (max-width: 909px) 67vw, (max-width: 1362px) 62vw, 840px\" \/><figcaption class=\"wp-element-caption\">Ch\u00e2teau de Jolimtez, \u00e0 gauche sur la photo, et parties communes en face.<\/figcaption><\/figure>\n<\/div>\n\n\n<p>Le ch\u00e2teau de Jolimetz a \u00e9t\u00e9 d\u00e9truit apr\u00e8s la premi\u00e8re guerre mondiale par un incendie. Lire<a href=\"http:\/\/choulotjolimetz.blogspot.com\/\" target=\"_blank\" rel=\"noreferrer noopener\">&nbsp;ici<\/a>&nbsp;son histoire. Voir sur&nbsp;<a href=\"https:\/\/www.youtube.com\/watch?v=mqerC5vnHl4\" target=\"_blank\" rel=\"noreferrer noopener\">YouTube<\/a><\/p>\n\n\n<div class=\"wp-block-image\">\n<figure class=\"aligncenter is-resized\"><img loading=\"lazy\" decoding=\"async\" width=\"999\" height=\"593\" data-attachment-id=\"1924\" data-permalink=\"https:\/\/patrimoine-avesnois.fr\/chemin\/jolimetz\/capture-32\/\" data-orig-file=\"https:\/\/i0.wp.com\/patrimoine-avesnois.fr\/chemin\/wp-content\/uploads\/2019\/04\/Capture.jpg?fit=999%2C593&amp;ssl=1\" data-orig-size=\"999,593\" data-comments-opened=\"1\" data-image-meta=\"{&quot;aperture&quot;:&quot;0&quot;,&quot;credit&quot;:&quot;CARRE&quot;,&quot;camera&quot;:&quot;&quot;,&quot;caption&quot;:&quot;&quot;,&quot;created_timestamp&quot;:&quot;1556014249&quot;,&quot;copyright&quot;:&quot;&quot;,&quot;focal_length&quot;:&quot;0&quot;,&quot;iso&quot;:&quot;0&quot;,&quot;shutter_speed&quot;:&quot;0&quot;,&quot;title&quot;:&quot;&quot;,&quot;orientation&quot;:&quot;0&quot;}\" data-image-title=\"Capture\" data-image-description=\"\" data-image-caption=\"\" data-large-file=\"https:\/\/i0.wp.com\/patrimoine-avesnois.fr\/chemin\/wp-content\/uploads\/2019\/04\/Capture.jpg?fit=840%2C499&amp;ssl=1\" src=\"https:\/\/i0.wp.com\/patrimoine-avesnois.fr\/chemin\/wp-content\/uploads\/2019\/04\/Capture.jpg?w=840\" alt=\"\" class=\"wp-image-1924\" style=\"width:630px;height:374px\" srcset=\"https:\/\/i0.wp.com\/patrimoine-avesnois.fr\/chemin\/wp-content\/uploads\/2019\/04\/Capture.jpg?w=999&amp;ssl=1 999w, https:\/\/i0.wp.com\/patrimoine-avesnois.fr\/chemin\/wp-content\/uploads\/2019\/04\/Capture.jpg?resize=300%2C178&amp;ssl=1 300w, https:\/\/i0.wp.com\/patrimoine-avesnois.fr\/chemin\/wp-content\/uploads\/2019\/04\/Capture.jpg?resize=768%2C456&amp;ssl=1 768w\" sizes=\"auto, (max-width: 709px) 85vw, (max-width: 909px) 67vw, (max-width: 1362px) 62vw, 840px\" \/><figcaption class=\"wp-element-caption\">Du ch\u00e2teau ne subsistent que les douves et les parties communes.<\/figcaption><\/figure>\n<\/div>\n\n<div class=\"wp-block-image\">\n<figure class=\"aligncenter is-resized\"><img loading=\"lazy\" decoding=\"async\" width=\"971\" height=\"593\" data-attachment-id=\"1927\" data-permalink=\"https:\/\/patrimoine-avesnois.fr\/chemin\/jolimetz\/image-401\/\" data-orig-file=\"https:\/\/i0.wp.com\/patrimoine-avesnois.fr\/chemin\/wp-content\/uploads\/2019\/04\/image-378.png?fit=971%2C593&amp;ssl=1\" data-orig-size=\"971,593\" data-comments-opened=\"1\" data-image-meta=\"{&quot;aperture&quot;:&quot;0&quot;,&quot;credit&quot;:&quot;&quot;,&quot;camera&quot;:&quot;&quot;,&quot;caption&quot;:&quot;&quot;,&quot;created_timestamp&quot;:&quot;0&quot;,&quot;copyright&quot;:&quot;&quot;,&quot;focal_length&quot;:&quot;0&quot;,&quot;iso&quot;:&quot;0&quot;,&quot;shutter_speed&quot;:&quot;0&quot;,&quot;title&quot;:&quot;&quot;,&quot;orientation&quot;:&quot;0&quot;}\" data-image-title=\"image\" data-image-description=\"\" data-image-caption=\"\" data-large-file=\"https:\/\/i0.wp.com\/patrimoine-avesnois.fr\/chemin\/wp-content\/uploads\/2019\/04\/image-378.png?fit=840%2C513&amp;ssl=1\" src=\"https:\/\/i0.wp.com\/patrimoine-avesnois.fr\/chemin\/wp-content\/uploads\/2019\/04\/image-378.png?w=840\" alt=\"\" class=\"wp-image-1927\" style=\"width:630px;height:384px\" srcset=\"https:\/\/i0.wp.com\/patrimoine-avesnois.fr\/chemin\/wp-content\/uploads\/2019\/04\/image-378.png?w=971&amp;ssl=1 971w, https:\/\/i0.wp.com\/patrimoine-avesnois.fr\/chemin\/wp-content\/uploads\/2019\/04\/image-378.png?resize=300%2C183&amp;ssl=1 300w, https:\/\/i0.wp.com\/patrimoine-avesnois.fr\/chemin\/wp-content\/uploads\/2019\/04\/image-378.png?resize=768%2C469&amp;ssl=1 768w\" sizes=\"auto, (max-width: 709px) 85vw, (max-width: 909px) 67vw, (max-width: 1362px) 62vw, 840px\" \/><figcaption class=\"wp-element-caption\">Les douves au premier plan<\/figcaption><\/figure>\n<\/div>\n\n\n<p class=\"has-text-align-center has-bright-red-color has-light-blue-background-color has-text-color has-background has-medium-font-size\">Le ch\u00e2teau de la Motte \u00e0 Liessies<\/p>\n\n\n<div class=\"wp-block-image\">\n<figure class=\"aligncenter is-resized\"><img loading=\"lazy\" decoding=\"async\" width=\"974\" height=\"685\" data-attachment-id=\"7395\" data-permalink=\"https:\/\/patrimoine-avesnois.fr\/chemin\/liessies\/640_001\/\" data-orig-file=\"https:\/\/i0.wp.com\/patrimoine-avesnois.fr\/chemin\/wp-content\/uploads\/2019\/07\/640_001.jpg?fit=974%2C685&amp;ssl=1\" data-orig-size=\"974,685\" data-comments-opened=\"1\" data-image-meta=\"{&quot;aperture&quot;:&quot;0&quot;,&quot;credit&quot;:&quot;&quot;,&quot;camera&quot;:&quot;&quot;,&quot;caption&quot;:&quot;&quot;,&quot;created_timestamp&quot;:&quot;1563026304&quot;,&quot;copyright&quot;:&quot;&quot;,&quot;focal_length&quot;:&quot;0&quot;,&quot;iso&quot;:&quot;0&quot;,&quot;shutter_speed&quot;:&quot;0&quot;,&quot;title&quot;:&quot;&quot;,&quot;orientation&quot;:&quot;0&quot;}\" data-image-title=\"640_001\" data-image-description=\"\" data-image-caption=\"\" data-large-file=\"https:\/\/i0.wp.com\/patrimoine-avesnois.fr\/chemin\/wp-content\/uploads\/2019\/07\/640_001.jpg?fit=840%2C591&amp;ssl=1\" src=\"https:\/\/i1.wp.com\/patrimoine-avesnois.fr\/chemin\/wp-content\/uploads\/2019\/07\/640_001.jpg?resize=731%2C514\" alt=\"\" class=\"wp-image-7395\" style=\"width:630px;height:442px\" srcset=\"https:\/\/i0.wp.com\/patrimoine-avesnois.fr\/chemin\/wp-content\/uploads\/2019\/07\/640_001.jpg?w=974&amp;ssl=1 974w, https:\/\/i0.wp.com\/patrimoine-avesnois.fr\/chemin\/wp-content\/uploads\/2019\/07\/640_001.jpg?resize=300%2C211&amp;ssl=1 300w, https:\/\/i0.wp.com\/patrimoine-avesnois.fr\/chemin\/wp-content\/uploads\/2019\/07\/640_001.jpg?resize=768%2C540&amp;ssl=1 768w\" sizes=\"auto, (max-width: 709px) 85vw, (max-width: 909px) 67vw, (max-width: 1362px) 62vw, 840px\" \/><\/figure>\n<\/div>\n\n<div class=\"wp-block-image\">\n<figure class=\"aligncenter is-resized\"><img loading=\"lazy\" decoding=\"async\" width=\"1445\" height=\"1000\" data-attachment-id=\"7397\" data-permalink=\"https:\/\/patrimoine-avesnois.fr\/chemin\/liessies\/653_001\/\" data-orig-file=\"https:\/\/i0.wp.com\/patrimoine-avesnois.fr\/chemin\/wp-content\/uploads\/2019\/07\/653_001.jpg?fit=1445%2C1000&amp;ssl=1\" data-orig-size=\"1445,1000\" data-comments-opened=\"1\" data-image-meta=\"{&quot;aperture&quot;:&quot;0&quot;,&quot;credit&quot;:&quot;&quot;,&quot;camera&quot;:&quot;&quot;,&quot;caption&quot;:&quot;&quot;,&quot;created_timestamp&quot;:&quot;1563026266&quot;,&quot;copyright&quot;:&quot;&quot;,&quot;focal_length&quot;:&quot;0&quot;,&quot;iso&quot;:&quot;0&quot;,&quot;shutter_speed&quot;:&quot;0&quot;,&quot;title&quot;:&quot;&quot;,&quot;orientation&quot;:&quot;0&quot;}\" data-image-title=\"653_001\" data-image-description=\"\" data-image-caption=\"\" data-large-file=\"https:\/\/i0.wp.com\/patrimoine-avesnois.fr\/chemin\/wp-content\/uploads\/2019\/07\/653_001.jpg?fit=840%2C582&amp;ssl=1\" src=\"https:\/\/i1.wp.com\/patrimoine-avesnois.fr\/chemin\/wp-content\/uploads\/2019\/07\/653_001.jpg?fit=840%2C582\" alt=\"\" class=\"wp-image-7397\" style=\"width:630px;height:436px\" srcset=\"https:\/\/i0.wp.com\/patrimoine-avesnois.fr\/chemin\/wp-content\/uploads\/2019\/07\/653_001.jpg?w=1445&amp;ssl=1 1445w, https:\/\/i0.wp.com\/patrimoine-avesnois.fr\/chemin\/wp-content\/uploads\/2019\/07\/653_001.jpg?resize=300%2C208&amp;ssl=1 300w, https:\/\/i0.wp.com\/patrimoine-avesnois.fr\/chemin\/wp-content\/uploads\/2019\/07\/653_001.jpg?resize=768%2C531&amp;ssl=1 768w, https:\/\/i0.wp.com\/patrimoine-avesnois.fr\/chemin\/wp-content\/uploads\/2019\/07\/653_001.jpg?resize=1024%2C709&amp;ssl=1 1024w, https:\/\/i0.wp.com\/patrimoine-avesnois.fr\/chemin\/wp-content\/uploads\/2019\/07\/653_001.jpg?resize=1200%2C830&amp;ssl=1 1200w\" sizes=\"auto, (max-width: 709px) 85vw, (max-width: 909px) 67vw, (max-width: 1362px) 62vw, 840px\" \/><\/figure>\n<\/div>\n\n<div class=\"wp-block-image\">\n<figure class=\"aligncenter is-resized\"><img decoding=\"async\" src=\"https:\/\/i0.wp.com\/upload.wikimedia.org\/wikipedia\/commons\/thumb\/c\/ca\/Liessies_%28Nord%2C_Fr%29_ch%C3%A2teau_de_la_Motte.jpg\/1280px-Liessies_%28Nord%2C_Fr%29_ch%C3%A2teau_de_la_Motte.jpg?resize=731%2C550&amp;ssl=1\" alt=\"Liessies (Nord, Fr) ch\u00c3\u00a2teau de la Motte.jpg\" style=\"width:630px;height:474px\"\/><figcaption class=\"wp-element-caption\">Le ch\u00e2teau de la Motte<\/figcaption><\/figure>\n<\/div>\n\n\n<p>Le ch\u00e2teau de la Motte \u00e9tait une ferme d\u00e9pendant de l\u2019abbaye. Construite en 1755 si l\u2019on en juge par un linteau de pierre bleue portant cette date, elle aurait \u00e9t\u00e9 utilis\u00e9e comme maison de retraite et d\u2019infirmerie par les moines et ne servait donc plus en tant que ferme \u00e0 la fin du XVIII si\u00e8cle.<\/p>\n\n\n\n<p>Toute la ferme s\u2019oriente du c\u00f4t\u00e9 de l\u2019\u00e9tang qui en baigne les fondations. De chaque c\u00f4t\u00e9, de vastes granges donnent une impression de sym\u00e9trie. Au centre une tour carr\u00e9e (l\u2019entr\u00e9e du corps de logis) domine. Sa toiture est compos\u00e9e d\u2019un volume de quatre pans retrouss\u00e9s avec lucarne, le tout surmont\u00e9 d\u2019un campanile clos. Toutes les baies, linteaux ct corniches sont de pierre bleue.<\/p>\n\n\n\n<p>Site magnifique avec parc et <a aria-label=\"h\u00f4tel restaurant (opens in a new tab)\" href=\"https:\/\/www.chateaudelamotte.fr\/\" target=\"_blank\" rel=\"noreferrer noopener\">h\u00f4tel restaurant<\/a>.<\/p>\n\n\n\n<p class=\"has-text-align-center has-bright-red-color has-light-blue-background-color has-text-color has-background has-medium-font-size\">Le ch\u00e2teau de Mecquignies<\/p>\n\n\n<div class=\"wp-block-image\">\n<figure class=\"aligncenter is-resized\"><img data-recalc-dims=\"1\" loading=\"lazy\" decoding=\"async\" width=\"636\" height=\"497\" data-attachment-id=\"9413\" data-permalink=\"https:\/\/patrimoine-avesnois.fr\/chemin\/les-chateaux-de-lavesnois-et-leurs-proprietaires\/image-1432\/\" data-orig-file=\"https:\/\/i0.wp.com\/patrimoine-avesnois.fr\/chemin\/wp-content\/uploads\/2020\/03\/image-30.png?fit=636%2C497&amp;ssl=1\" data-orig-size=\"636,497\" data-comments-opened=\"1\" data-image-meta=\"{&quot;aperture&quot;:&quot;0&quot;,&quot;credit&quot;:&quot;&quot;,&quot;camera&quot;:&quot;&quot;,&quot;caption&quot;:&quot;&quot;,&quot;created_timestamp&quot;:&quot;0&quot;,&quot;copyright&quot;:&quot;&quot;,&quot;focal_length&quot;:&quot;0&quot;,&quot;iso&quot;:&quot;0&quot;,&quot;shutter_speed&quot;:&quot;0&quot;,&quot;title&quot;:&quot;&quot;,&quot;orientation&quot;:&quot;0&quot;}\" data-image-title=\"image\" data-image-description=\"\" data-image-caption=\"\" data-large-file=\"https:\/\/i0.wp.com\/patrimoine-avesnois.fr\/chemin\/wp-content\/uploads\/2020\/03\/image-30.png?fit=636%2C497&amp;ssl=1\" src=\"https:\/\/i0.wp.com\/patrimoine-avesnois.fr\/chemin\/wp-content\/uploads\/2020\/03\/image-30.png?resize=636%2C497\" alt=\"\" class=\"wp-image-9413\" style=\"width:630px;height:490px\" srcset=\"https:\/\/i0.wp.com\/patrimoine-avesnois.fr\/chemin\/wp-content\/uploads\/2020\/03\/image-30.png?w=636&amp;ssl=1 636w, https:\/\/i0.wp.com\/patrimoine-avesnois.fr\/chemin\/wp-content\/uploads\/2020\/03\/image-30.png?resize=300%2C234&amp;ssl=1 300w\" sizes=\"auto, (max-width: 636px) 85vw, 636px\" \/><figcaption class=\"wp-element-caption\"> El\u00e9vation ant\u00e9rieure du ch\u00e2teau <br>\u00a9 Inventaire g\u00e9n\u00e9ral, ADAGP  1997<\/figcaption><\/figure>\n<\/div>\n\n<div class=\"wp-block-image\">\n<figure class=\"aligncenter is-resized\"><img data-recalc-dims=\"1\" loading=\"lazy\" decoding=\"async\" width=\"603\" height=\"464\" data-attachment-id=\"9412\" data-permalink=\"https:\/\/patrimoine-avesnois.fr\/chemin\/les-chateaux-de-lavesnois-et-leurs-proprietaires\/image-1431\/\" data-orig-file=\"https:\/\/i0.wp.com\/patrimoine-avesnois.fr\/chemin\/wp-content\/uploads\/2020\/03\/image-29.png?fit=603%2C464&amp;ssl=1\" data-orig-size=\"603,464\" data-comments-opened=\"1\" data-image-meta=\"{&quot;aperture&quot;:&quot;0&quot;,&quot;credit&quot;:&quot;&quot;,&quot;camera&quot;:&quot;&quot;,&quot;caption&quot;:&quot;&quot;,&quot;created_timestamp&quot;:&quot;0&quot;,&quot;copyright&quot;:&quot;&quot;,&quot;focal_length&quot;:&quot;0&quot;,&quot;iso&quot;:&quot;0&quot;,&quot;shutter_speed&quot;:&quot;0&quot;,&quot;title&quot;:&quot;&quot;,&quot;orientation&quot;:&quot;0&quot;}\" data-image-title=\"image\" data-image-description=\"\" data-image-caption=\"\" data-large-file=\"https:\/\/i0.wp.com\/patrimoine-avesnois.fr\/chemin\/wp-content\/uploads\/2020\/03\/image-29.png?fit=603%2C464&amp;ssl=1\" src=\"https:\/\/i0.wp.com\/patrimoine-avesnois.fr\/chemin\/wp-content\/uploads\/2020\/03\/image-29.png?resize=603%2C464\" alt=\"\" class=\"wp-image-9412\" style=\"width:630px;height:485px\" srcset=\"https:\/\/i0.wp.com\/patrimoine-avesnois.fr\/chemin\/wp-content\/uploads\/2020\/03\/image-29.png?w=603&amp;ssl=1 603w, https:\/\/i0.wp.com\/patrimoine-avesnois.fr\/chemin\/wp-content\/uploads\/2020\/03\/image-29.png?resize=300%2C231&amp;ssl=1 300w\" sizes=\"auto, (max-width: 603px) 85vw, 603px\" \/><figcaption class=\"wp-element-caption\"> Vue de trois-quarts, \u00e9l\u00e9vation post\u00e9rieure du ch\u00e2teau et d\u00e9pendances <br>\u00a9 Inventaire g\u00e9n\u00e9ral, ADAGP 1996<\/figcaption><\/figure>\n<\/div>\n\n<div class=\"wp-block-image\">\n<figure class=\"aligncenter is-resized\"><img data-recalc-dims=\"1\" loading=\"lazy\" decoding=\"async\" width=\"624\" height=\"432\" data-attachment-id=\"9431\" data-permalink=\"https:\/\/patrimoine-avesnois.fr\/chemin\/les-chateaux-de-lavesnois-et-leurs-proprietaires\/image-1437\/\" data-orig-file=\"https:\/\/i0.wp.com\/patrimoine-avesnois.fr\/chemin\/wp-content\/uploads\/2020\/03\/image-35.png?fit=624%2C432&amp;ssl=1\" data-orig-size=\"624,432\" data-comments-opened=\"1\" data-image-meta=\"{&quot;aperture&quot;:&quot;0&quot;,&quot;credit&quot;:&quot;&quot;,&quot;camera&quot;:&quot;&quot;,&quot;caption&quot;:&quot;&quot;,&quot;created_timestamp&quot;:&quot;0&quot;,&quot;copyright&quot;:&quot;&quot;,&quot;focal_length&quot;:&quot;0&quot;,&quot;iso&quot;:&quot;0&quot;,&quot;shutter_speed&quot;:&quot;0&quot;,&quot;title&quot;:&quot;&quot;,&quot;orientation&quot;:&quot;0&quot;}\" data-image-title=\"image\" data-image-description=\"\" data-image-caption=\"\" data-large-file=\"https:\/\/i0.wp.com\/patrimoine-avesnois.fr\/chemin\/wp-content\/uploads\/2020\/03\/image-35.png?fit=624%2C432&amp;ssl=1\" src=\"https:\/\/i0.wp.com\/patrimoine-avesnois.fr\/chemin\/wp-content\/uploads\/2020\/03\/image-35.png?resize=624%2C432\" alt=\"\" class=\"wp-image-9431\" style=\"width:630px;height:435px\" srcset=\"https:\/\/i0.wp.com\/patrimoine-avesnois.fr\/chemin\/wp-content\/uploads\/2020\/03\/image-35.png?w=624&amp;ssl=1 624w, https:\/\/i0.wp.com\/patrimoine-avesnois.fr\/chemin\/wp-content\/uploads\/2020\/03\/image-35.png?resize=300%2C208&amp;ssl=1 300w\" sizes=\"auto, (max-width: 624px) 85vw, 624px\" \/><figcaption class=\"wp-element-caption\">Le ch\u00e2teau de Mecquignies<\/figcaption><\/figure>\n<\/div>\n\n\n<p>Il existait un ch\u00e2teau f\u00e9odal, o\u00f9 le sire de Mecquignies re\u00e7ut le 3 septembre 1403 le Duc et la Duchesse de Bavi\u00e8re et en 1422 le Comte et la Comtesse de Hainaut. L\u2019ann\u00e9e suivante le ch\u00e2teau fut pill\u00e9 et d\u00e9truit par les Bourguignons, de m\u00eame que le village tout entier.   <\/p>\n\n\n\n<p>Apr\u00e8s sa destruction, en 1423, un nouveau ch\u00e2teau sera b\u00e2ti en 1787. Il sera lui-m\u00eame remplac\u00e9 par une autre construction \u00e0 la fin du XIX\u00e8me si\u00e8cle pour le compte de Madame Ren\u00e9 Miot-Pierard.  <br>Claire Pierard n\u00e9e en 1861 \u00e0 Valenciennes mari\u00e9e dans cette m\u00eame ville le 21 d\u00e9cembre 1892 \u00e9tait m\u00e8re et belle-m\u00e8re du comte et de la comtesse Jacques de Vienne,&nbsp;de&nbsp;M.&nbsp;et Mme Jean Delcourt, de Mme H\u00e9l\u00e8ne Miot. Elle habitait en 1906 \u00e0 Valenciennes rue de Beaumont avec ses deux filles Claire et H\u00e9l\u00e8ne.<\/p>\n\n\n\n<p>Les plans de l&rsquo;\u00e9difice pourraient avoir \u00e9t\u00e9 l\u2019oeuvre de l\u2019architecte valenciennois Armbruster.<\/p>\n\n\n<div class=\"wp-block-image\">\n<figure class=\"aligncenter is-resized\"><img data-recalc-dims=\"1\" loading=\"lazy\" decoding=\"async\" width=\"840\" height=\"601\" data-attachment-id=\"9433\" data-permalink=\"https:\/\/patrimoine-avesnois.fr\/chemin\/les-chateaux-de-lavesnois-et-leurs-proprietaires\/image-1438\/\" data-orig-file=\"https:\/\/i0.wp.com\/patrimoine-avesnois.fr\/chemin\/wp-content\/uploads\/2020\/03\/image-36.png?fit=939%2C672&amp;ssl=1\" data-orig-size=\"939,672\" data-comments-opened=\"1\" data-image-meta=\"{&quot;aperture&quot;:&quot;0&quot;,&quot;credit&quot;:&quot;&quot;,&quot;camera&quot;:&quot;&quot;,&quot;caption&quot;:&quot;&quot;,&quot;created_timestamp&quot;:&quot;0&quot;,&quot;copyright&quot;:&quot;&quot;,&quot;focal_length&quot;:&quot;0&quot;,&quot;iso&quot;:&quot;0&quot;,&quot;shutter_speed&quot;:&quot;0&quot;,&quot;title&quot;:&quot;&quot;,&quot;orientation&quot;:&quot;0&quot;}\" data-image-title=\"image\" data-image-description=\"\" data-image-caption=\"\" data-large-file=\"https:\/\/i0.wp.com\/patrimoine-avesnois.fr\/chemin\/wp-content\/uploads\/2020\/03\/image-36.png?fit=840%2C601&amp;ssl=1\" src=\"https:\/\/i0.wp.com\/patrimoine-avesnois.fr\/chemin\/wp-content\/uploads\/2020\/03\/image-36.png?resize=840%2C601\" alt=\"\" class=\"wp-image-9433\" style=\"width:630px;height:450px\" srcset=\"https:\/\/i0.wp.com\/patrimoine-avesnois.fr\/chemin\/wp-content\/uploads\/2020\/03\/image-36.png?w=939&amp;ssl=1 939w, https:\/\/i0.wp.com\/patrimoine-avesnois.fr\/chemin\/wp-content\/uploads\/2020\/03\/image-36.png?resize=300%2C215&amp;ssl=1 300w, https:\/\/i0.wp.com\/patrimoine-avesnois.fr\/chemin\/wp-content\/uploads\/2020\/03\/image-36.png?resize=768%2C550&amp;ssl=1 768w\" sizes=\"auto, (max-width: 709px) 85vw, (max-width: 909px) 67vw, (max-width: 1362px) 62vw, 840px\" \/><figcaption class=\"wp-element-caption\">Cadastre de 1922 ADN P 31 \/ 744<\/figcaption><\/figure>\n<\/div>\n\n\n<p>Le b\u00e2timent adopte un plan en U, sur trois niveaux. Au rez-de-chauss\u00e9e un escalier en fer \u00e0 cheval est soulign\u00e9 par une corniche de pierre et un portique aux colonnes en pierre bleue supporte au premier \u00e9tage un avant-corps avec un balcon et une balustrade en pierre. Description compl\u00e8te sur le site&nbsp;<a aria-label=\" (opens in a new tab)\" href=\"http:\/\/www2.culture.gouv.fr\/public\/mistral\/merimee_fr?ACTION=CHERCHER&amp;FIELD_98=REF&amp;VALUE_98=IA59000633\" target=\"_blank\" rel=\"noreferrer noopener\">culture.gouv.fr<\/a><\/p>\n\n\n\n<p>Existe \u00e0 c\u00f4t\u00e9 du ch\u00e2teau un g\u00eete de France. H\u00e9bergement labellis\u00e9 Valeurs Parc naturel. Vous appr\u00e9cierez le cadre dans un grand parc et vous pourrez emprunter le circuit des Sabotiers. <\/p>\n\n\n\n<p class=\"has-text-align-center has-bright-red-color has-light-blue-background-color has-text-color has-background has-medium-font-size\">La cense Renaud-Folie \u00e0 Noyelles-sur-Sambre<\/p>\n\n\n<div class=\"wp-block-image\">\n<figure class=\"aligncenter is-resized\"><img data-recalc-dims=\"1\" loading=\"lazy\" decoding=\"async\" width=\"800\" height=\"530\" data-attachment-id=\"9427\" data-permalink=\"https:\/\/patrimoine-avesnois.fr\/chemin\/les-chateaux-de-lavesnois-et-leurs-proprietaires\/b9711407569z-1_20170314175341_000gpp8mqhqe-2-0\/\" data-orig-file=\"https:\/\/i0.wp.com\/patrimoine-avesnois.fr\/chemin\/wp-content\/uploads\/2020\/03\/B9711407569Z.1_20170314175341_000GPP8MQHQE.2-0.jpg?fit=800%2C530&amp;ssl=1\" data-orig-size=\"800,530\" data-comments-opened=\"1\" data-image-meta=\"{&quot;aperture&quot;:&quot;0&quot;,&quot;credit&quot;:&quot;&quot;,&quot;camera&quot;:&quot;&quot;,&quot;caption&quot;:&quot;&quot;,&quot;created_timestamp&quot;:&quot;0&quot;,&quot;copyright&quot;:&quot;&quot;,&quot;focal_length&quot;:&quot;0&quot;,&quot;iso&quot;:&quot;0&quot;,&quot;shutter_speed&quot;:&quot;0&quot;,&quot;title&quot;:&quot;&quot;,&quot;orientation&quot;:&quot;0&quot;}\" data-image-title=\"B9711407569Z.1_20170314175341_000+GPP8MQHQE.2-0\" data-image-description=\"\" data-image-caption=\"\" data-large-file=\"https:\/\/i0.wp.com\/patrimoine-avesnois.fr\/chemin\/wp-content\/uploads\/2020\/03\/B9711407569Z.1_20170314175341_000GPP8MQHQE.2-0.jpg?fit=800%2C530&amp;ssl=1\" src=\"https:\/\/i0.wp.com\/patrimoine-avesnois.fr\/chemin\/wp-content\/uploads\/2020\/03\/B9711407569Z.1_20170314175341_000GPP8MQHQE.2-0.jpg?resize=800%2C530\" alt=\"\" class=\"wp-image-9427\" style=\"width:630px;height:419px\" srcset=\"https:\/\/i0.wp.com\/patrimoine-avesnois.fr\/chemin\/wp-content\/uploads\/2020\/03\/B9711407569Z.1_20170314175341_000GPP8MQHQE.2-0.jpg?w=800&amp;ssl=1 800w, https:\/\/i0.wp.com\/patrimoine-avesnois.fr\/chemin\/wp-content\/uploads\/2020\/03\/B9711407569Z.1_20170314175341_000GPP8MQHQE.2-0.jpg?resize=300%2C199&amp;ssl=1 300w, https:\/\/i0.wp.com\/patrimoine-avesnois.fr\/chemin\/wp-content\/uploads\/2020\/03\/B9711407569Z.1_20170314175341_000GPP8MQHQE.2-0.jpg?resize=768%2C509&amp;ssl=1 768w\" sizes=\"auto, (max-width: 800px) 85vw, 800px\" \/><figcaption class=\"wp-element-caption\">Le manoir de Renault-Folie. (Maison natale du peintre Gromaire). Photo de <a aria-label=\"la Voix-du-Nord du 14\/03\/2017 (opens in a new tab)\" href=\"https:\/\/www.lavoixdunord.fr\/132470\/article\/2017-03-14\/restauration-plein-regime-pour-la-maison-natale-du-peintre-gromaire\" target=\"_blank\" rel=\"noreferrer noopener\">la Voix-du-Nord du 14\/03\/2017<\/a><\/figcaption><\/figure>\n<\/div>\n\n<div class=\"wp-block-image\">\n<figure class=\"aligncenter is-resized\"><img loading=\"lazy\" decoding=\"async\" width=\"1350\" height=\"759\" data-attachment-id=\"9428\" data-permalink=\"https:\/\/patrimoine-avesnois.fr\/chemin\/les-chateaux-de-lavesnois-et-leurs-proprietaires\/b9711407569z-1_20170314175341_000gpp8mqcdn-2-0\/\" data-orig-file=\"https:\/\/i0.wp.com\/patrimoine-avesnois.fr\/chemin\/wp-content\/uploads\/2020\/03\/B9711407569Z.1_20170314175341_000GPP8MQCDN.2-0.jpg?fit=1350%2C759&amp;ssl=1\" data-orig-size=\"1350,759\" data-comments-opened=\"1\" data-image-meta=\"{&quot;aperture&quot;:&quot;0&quot;,&quot;credit&quot;:&quot;&quot;,&quot;camera&quot;:&quot;&quot;,&quot;caption&quot;:&quot;&quot;,&quot;created_timestamp&quot;:&quot;0&quot;,&quot;copyright&quot;:&quot;&quot;,&quot;focal_length&quot;:&quot;0&quot;,&quot;iso&quot;:&quot;0&quot;,&quot;shutter_speed&quot;:&quot;0&quot;,&quot;title&quot;:&quot;&quot;,&quot;orientation&quot;:&quot;0&quot;}\" data-image-title=\"B9711407569Z.1_20170314175341_000+GPP8MQCDN.2-0\" data-image-description=\"\" data-image-caption=\"\" data-large-file=\"https:\/\/i0.wp.com\/patrimoine-avesnois.fr\/chemin\/wp-content\/uploads\/2020\/03\/B9711407569Z.1_20170314175341_000GPP8MQCDN.2-0.jpg?fit=840%2C473&amp;ssl=1\" src=\"https:\/\/i1.wp.com\/patrimoine-avesnois.fr\/chemin\/wp-content\/uploads\/2020\/03\/B9711407569Z.1_20170314175341_000GPP8MQCDN.2-0.jpg?fit=840%2C473\" alt=\"\" class=\"wp-image-9428\" style=\"width:630px;height:354px\" srcset=\"https:\/\/i0.wp.com\/patrimoine-avesnois.fr\/chemin\/wp-content\/uploads\/2020\/03\/B9711407569Z.1_20170314175341_000GPP8MQCDN.2-0.jpg?w=1350&amp;ssl=1 1350w, https:\/\/i0.wp.com\/patrimoine-avesnois.fr\/chemin\/wp-content\/uploads\/2020\/03\/B9711407569Z.1_20170314175341_000GPP8MQCDN.2-0.jpg?resize=300%2C169&amp;ssl=1 300w, https:\/\/i0.wp.com\/patrimoine-avesnois.fr\/chemin\/wp-content\/uploads\/2020\/03\/B9711407569Z.1_20170314175341_000GPP8MQCDN.2-0.jpg?resize=768%2C432&amp;ssl=1 768w, https:\/\/i0.wp.com\/patrimoine-avesnois.fr\/chemin\/wp-content\/uploads\/2020\/03\/B9711407569Z.1_20170314175341_000GPP8MQCDN.2-0.jpg?resize=1024%2C576&amp;ssl=1 1024w, https:\/\/i0.wp.com\/patrimoine-avesnois.fr\/chemin\/wp-content\/uploads\/2020\/03\/B9711407569Z.1_20170314175341_000GPP8MQCDN.2-0.jpg?resize=1200%2C675&amp;ssl=1 1200w\" sizes=\"auto, (max-width: 709px) 85vw, (max-width: 909px) 67vw, (max-width: 1362px) 62vw, 840px\" \/><figcaption class=\"wp-element-caption\"><em>Le manoir de Renault-Folie et ses propri\u00e9taires actuels. Photo de <\/em><a href=\"https:\/\/www.lavoixdunord.fr\/132470\/article\/2017-03-14\/restauration-plein-regime-pour-la-maison-natale-du-peintre-gromaire\" target=\"_blank\" rel=\"noreferrer noopener\">la Voix-du-Nord du 14\/03\/2017<\/a> <\/figcaption><\/figure>\n<\/div>\n\n\n<p>Renault Folie est une cense \u00e0 Noyelles-sur-Sambre connue pour son pass\u00e9.<\/p>\n\n\n\n<p>Ses terres ont en effet appartenu aux moines de Maroilles (ca 1192 1304) puis aux comtes de Hainaut (1304 1495) avant leur restitution aux religieux de la communaut\u00e9 de Saint Humbert. De 1600 \u00e0 la R\u00e9volution,&nbsp; le domaine fut afferm\u00e9 presque exclusivement aux Evrard, censiers de p\u00e8re en fils ou d\u2019oncles en neveux.<\/p>\n\n\n\n<p>Ainsi en 1768 , Renaut-Folie compos\u00e9e de 62 hectares se voit partager en 3 lots : 28 hectares en fermage \u00e0 Thomas Evrard, 20 hectares \u00e0 Benoit Evrard et enfin 14 hectares  \u00e0 Pierre Mariscal. <\/p>\n\n\n\n<p>A sa mise en vente en 1791\/1792, la priorit\u00e9 \u00e9tant donn\u00e9e aux fermiers qui exploitaient les lieux, Thomas et Beno\u00eet Evrard deviennent propri\u00e9taires fonciers de deux lots avec le titre de \u00ab laboureurs \u00bb, le troisi\u00e8me lot \u00e9tant acquis par G\u00e9rard Bocquet dont le p\u00e8re avait succ\u00e9d\u00e9 \u00e0 Pierre Mariscal, Bocquet ayant \u00e9pous\u00e9 une descendante des Evrard.<\/p>\n\n\n\n<p>Thomas et Beno\u00eet ayant de plus acquis les fermes de Aibes, B\u00e9relles et Boulogne, leur fr\u00e8re cadet Humbert r\u00e9cup\u00e8re alors Renaut-Folie mais en partie car il  y a encore G\u00e9rard Bocquet. Un conflit ne tarde pas \u00e0 \u00e9clater entre les deux hommes et le 13 mai 1796, un mandat d&rsquo;arr\u00eat est r\u00e9dig\u00e9 par Etienne Groslevin, Commissaire du pouvoir ex\u00e9cutif pour le d\u00e9partement du Nord, \u00ab ami \u00bb d&rsquo; Humbert Evrard, qui condamne Bocquet comme antir\u00e9volutionnaire (PV du juge de paix de Maroilles \u2013 24 flor\u00e9al An IV ).  Bocquet ayant \u00e9t\u00e9 averti se sauve en Saxe. Il est d\u00e8s lors consid\u00e9r\u00e9 comme \u00e9migr\u00e9. Ses biens sont saisis et vendus le 5 Pluvi\u00f4se An VII  c&rsquo;est \u00e0 dire le 24 janvier 1799 et vendus aux Evrard !!!.  <\/p>\n\n\n\n<p>Renault-Folie appartient alors \u00e0 Humbert jusqu&rsquo;\u00e0 son d\u00e9c\u00e8s en 1831.<\/p>\n\n\n\n<p>Apr\u00e8s Humbert Evrard, la propri\u00e9t\u00e9 de Renaut-Folie passe \u00e0 son gendre Basile Mercier \u00e9poux de Marie-Reine Evrard puis en 1841 \u00e0 leur fille Reine, F\u00e9licit\u00e9, \u00e9pouse de Romain, Barth\u00e9l\u00e9my Mary.  L&rsquo;h\u00e9ritage passe en 1881 \u00e0 leur fille Reine Mary, mari\u00e9e \u00e0  Ma\u00eetre St\u00e9phane Bisiaux, notaire \u00e0 Avesnes-lez-Aubert.  <br>Veuve \u00e0 40 ans Reine Bisiaux revient alors \u00e0 Renault Folie en 1887 avec ses trois enfants&nbsp;: Marthe, Marie L\u00e9opoldine et Alfred.  <br>Elle marque alors de sa personnalit\u00e9 et de son talent les lieux de Renault Folie. Ses tableaux tr\u00e8s souvent consacr\u00e9s \u00e0 la vie champ\u00eatre de ces lieux tapissent les murs des grandes pi\u00e8ces de la demeure familiale. Ils repr\u00e9sentent Noyelles et sa verdure \u00e9clatante, un chemin en for\u00eat de Mormal, reproduisent des natures-mortes, beaucoup de fleurs, des roses dans des vases et bien d\u2019autres sc\u00e8nes. <\/p>\n\n\n\n<p>Sa deuxi\u00e8me fille Marie L\u00e9opoldine donne en 1892 le jour  \u00e0  un petit gar\u00e7on dont le nom s&rsquo;inscrira dans l&rsquo; histoire de la peinture fran\u00e7aise du XX\u00e8me si\u00e8cle : Marcel Gromaire. <\/p>\n\n\n\n<p> A la mort de Reine Bisiaux-Mary, la propri\u00e9t\u00e9 passe \u00e0 son fils Alfred  jusqu&rsquo;\u00e0 sa mort en 1912. Fondateur d&rsquo;une laiterie \u00e0 Noyelles, maire de la commune, conseiller g\u00e9n\u00e9ral du Nord, une rue du village porte son nom. <\/p>\n\n\n\n<p>Du premier mariage d&rsquo;Alfred avec Claire Azambre, na\u00eet Marie Louise Bisiaux qui \u00e9pousera Paul Meis. Ce couple \u00e9tait propri\u00e9taire de Renaut-Folie dans les ann\u00e9es 1970. <\/p>\n\n\n\n<p>En 1989 Th\u00e9r\u00e8se et Francis Vanwildermeersh ach\u00e8tent la maison forte qu&rsquo;ils restaurent et l&rsquo;habitent depuis 1998. En juillet 2004 ils ach\u00e8tent l&rsquo;autre partie de la propri\u00e9t\u00e9 o\u00f9 a v\u00e9cu la famille Gromaire \u00e0 Francine Denise, petite cousine du peintre. Ils y font d&rsquo;importantes r\u00e9novations (huisseries, portail d&rsquo;entr\u00e9e, renforts dans la charpente, parquet du salon o\u00f9 il reste le piano de reine Mary-Bisiaux). <\/p>\n\n\n\n<p>Les b\u00e2timents actuels datent de 1779 et de 1823. <\/p>\n\n\n\n<p class=\"has-text-align-center has-bright-red-color has-light-blue-background-color has-text-color has-background has-medium-font-size\">Le ch\u00e2teau d\u2019Obies<\/p>\n\n\n<div class=\"wp-block-image\">\n<figure class=\"aligncenter is-resized\"><img loading=\"lazy\" decoding=\"async\" width=\"1444\" height=\"880\" data-attachment-id=\"6152\" data-permalink=\"https:\/\/patrimoine-avesnois.fr\/chemin\/obies\/476_001\/\" data-orig-file=\"https:\/\/i0.wp.com\/patrimoine-avesnois.fr\/chemin\/wp-content\/uploads\/2019\/06\/476_001.jpg?fit=1444%2C880&amp;ssl=1\" data-orig-size=\"1444,880\" data-comments-opened=\"1\" data-image-meta=\"{&quot;aperture&quot;:&quot;0&quot;,&quot;credit&quot;:&quot;&quot;,&quot;camera&quot;:&quot;&quot;,&quot;caption&quot;:&quot;&quot;,&quot;created_timestamp&quot;:&quot;1560939617&quot;,&quot;copyright&quot;:&quot;&quot;,&quot;focal_length&quot;:&quot;0&quot;,&quot;iso&quot;:&quot;0&quot;,&quot;shutter_speed&quot;:&quot;0&quot;,&quot;title&quot;:&quot;&quot;,&quot;orientation&quot;:&quot;1&quot;}\" data-image-title=\"476_001\" data-image-description=\"\" data-image-caption=\"\" data-large-file=\"https:\/\/i0.wp.com\/patrimoine-avesnois.fr\/chemin\/wp-content\/uploads\/2019\/06\/476_001.jpg?fit=840%2C512&amp;ssl=1\" src=\"https:\/\/i1.wp.com\/patrimoine-avesnois.fr\/chemin\/wp-content\/uploads\/2019\/06\/476_001.jpg?fit=840%2C512\" alt=\"\" class=\"wp-image-6152\" style=\"width:630px;height:384px\" srcset=\"https:\/\/i0.wp.com\/patrimoine-avesnois.fr\/chemin\/wp-content\/uploads\/2019\/06\/476_001.jpg?w=1444&amp;ssl=1 1444w, https:\/\/i0.wp.com\/patrimoine-avesnois.fr\/chemin\/wp-content\/uploads\/2019\/06\/476_001.jpg?resize=300%2C183&amp;ssl=1 300w, https:\/\/i0.wp.com\/patrimoine-avesnois.fr\/chemin\/wp-content\/uploads\/2019\/06\/476_001.jpg?resize=768%2C468&amp;ssl=1 768w, https:\/\/i0.wp.com\/patrimoine-avesnois.fr\/chemin\/wp-content\/uploads\/2019\/06\/476_001.jpg?resize=1024%2C624&amp;ssl=1 1024w, https:\/\/i0.wp.com\/patrimoine-avesnois.fr\/chemin\/wp-content\/uploads\/2019\/06\/476_001.jpg?resize=1200%2C731&amp;ssl=1 1200w\" sizes=\"auto, (max-width: 709px) 85vw, (max-width: 909px) 67vw, (max-width: 1362px) 62vw, 840px\" \/><figcaption class=\"wp-element-caption\">Le ch\u00e2teau d\u2019Obies : les fers d\u2019ancrage portent la date de 1714-15<\/figcaption><\/figure>\n<\/div>\n\n<div class=\"wp-block-image\">\n<figure class=\"aligncenter is-resized\"><img data-recalc-dims=\"1\" loading=\"lazy\" decoding=\"async\" width=\"840\" height=\"546\" data-attachment-id=\"9444\" data-permalink=\"https:\/\/patrimoine-avesnois.fr\/chemin\/les-chateaux-de-lavesnois-et-leurs-proprietaires\/image-1441\/\" data-orig-file=\"https:\/\/i0.wp.com\/patrimoine-avesnois.fr\/chemin\/wp-content\/uploads\/2020\/03\/image-39.png?fit=878%2C571&amp;ssl=1\" data-orig-size=\"878,571\" data-comments-opened=\"1\" data-image-meta=\"{&quot;aperture&quot;:&quot;0&quot;,&quot;credit&quot;:&quot;&quot;,&quot;camera&quot;:&quot;&quot;,&quot;caption&quot;:&quot;&quot;,&quot;created_timestamp&quot;:&quot;0&quot;,&quot;copyright&quot;:&quot;&quot;,&quot;focal_length&quot;:&quot;0&quot;,&quot;iso&quot;:&quot;0&quot;,&quot;shutter_speed&quot;:&quot;0&quot;,&quot;title&quot;:&quot;&quot;,&quot;orientation&quot;:&quot;0&quot;}\" data-image-title=\"image\" data-image-description=\"\" data-image-caption=\"\" data-large-file=\"https:\/\/i0.wp.com\/patrimoine-avesnois.fr\/chemin\/wp-content\/uploads\/2020\/03\/image-39.png?fit=840%2C546&amp;ssl=1\" src=\"https:\/\/i0.wp.com\/patrimoine-avesnois.fr\/chemin\/wp-content\/uploads\/2020\/03\/image-39.png?resize=840%2C546\" alt=\"\" class=\"wp-image-9444\" style=\"width:630px;height:410px\" srcset=\"https:\/\/i0.wp.com\/patrimoine-avesnois.fr\/chemin\/wp-content\/uploads\/2020\/03\/image-39.png?w=878&amp;ssl=1 878w, https:\/\/i0.wp.com\/patrimoine-avesnois.fr\/chemin\/wp-content\/uploads\/2020\/03\/image-39.png?resize=300%2C195&amp;ssl=1 300w, https:\/\/i0.wp.com\/patrimoine-avesnois.fr\/chemin\/wp-content\/uploads\/2020\/03\/image-39.png?resize=768%2C499&amp;ssl=1 768w\" sizes=\"auto, (max-width: 709px) 85vw, (max-width: 909px) 67vw, (max-width: 1362px) 62vw, 840px\" \/><figcaption class=\"wp-element-caption\">La verri\u00e8re et le ch\u00e2teau<\/figcaption><\/figure>\n<\/div>\n\n<div class=\"wp-block-image\">\n<figure class=\"aligncenter is-resized\"><img data-recalc-dims=\"1\" loading=\"lazy\" decoding=\"async\" width=\"424\" height=\"279\" data-attachment-id=\"9443\" data-permalink=\"https:\/\/patrimoine-avesnois.fr\/chemin\/les-chateaux-de-lavesnois-et-leurs-proprietaires\/image-1440\/\" data-orig-file=\"https:\/\/i0.wp.com\/patrimoine-avesnois.fr\/chemin\/wp-content\/uploads\/2020\/03\/image-38.png?fit=424%2C279&amp;ssl=1\" data-orig-size=\"424,279\" data-comments-opened=\"1\" data-image-meta=\"{&quot;aperture&quot;:&quot;0&quot;,&quot;credit&quot;:&quot;&quot;,&quot;camera&quot;:&quot;&quot;,&quot;caption&quot;:&quot;&quot;,&quot;created_timestamp&quot;:&quot;0&quot;,&quot;copyright&quot;:&quot;&quot;,&quot;focal_length&quot;:&quot;0&quot;,&quot;iso&quot;:&quot;0&quot;,&quot;shutter_speed&quot;:&quot;0&quot;,&quot;title&quot;:&quot;&quot;,&quot;orientation&quot;:&quot;0&quot;}\" data-image-title=\"image\" data-image-description=\"\" data-image-caption=\"\" data-large-file=\"https:\/\/i0.wp.com\/patrimoine-avesnois.fr\/chemin\/wp-content\/uploads\/2020\/03\/image-38.png?fit=424%2C279&amp;ssl=1\" src=\"https:\/\/i0.wp.com\/patrimoine-avesnois.fr\/chemin\/wp-content\/uploads\/2020\/03\/image-38.png?resize=424%2C279\" alt=\"\" class=\"wp-image-9443\" style=\"width:630px;height:415px\" srcset=\"https:\/\/i0.wp.com\/patrimoine-avesnois.fr\/chemin\/wp-content\/uploads\/2020\/03\/image-38.png?w=424&amp;ssl=1 424w, https:\/\/i0.wp.com\/patrimoine-avesnois.fr\/chemin\/wp-content\/uploads\/2020\/03\/image-38.png?resize=300%2C197&amp;ssl=1 300w\" sizes=\"auto, (max-width: 424px) 85vw, 424px\" \/><figcaption class=\"wp-element-caption\">Vue a\u00e9rienne du ch\u00e2teau<\/figcaption><\/figure>\n<\/div>\n\n<div class=\"wp-block-image\">\n<figure class=\"aligncenter is-resized\"><img decoding=\"async\" src=\"https:\/\/i2.wp.com\/upload.wikimedia.org\/wikipedia\/commons\/thumb\/5\/5a\/Obies_%28Nord%2C_Fr%29_Castle.jpg\/1280px-Obies_%28Nord%2C_Fr%29_Castle.jpg?resize=840%2C628&amp;ssl=1\" alt=\"\" style=\"width:630px;height:471px\"\/><figcaption class=\"wp-element-caption\">le ch\u00e2teau Photo&nbsp;<a href=\"http:\/\/cc%20by-sa%203.0%2C%20https\/\/commons.wikimedia.org\/w\/index.php?curid=16154130\" target=\"_blank\" rel=\"noreferrer noopener\">wikimedia<\/a><\/figcaption><\/figure>\n<\/div>\n\n\n<p>Comme en t\u00e9moigne cette photo, la fa\u00e7ade la plus int\u00e9ressante du manoir est \u00e0 l\u2019arri\u00e8re de l&rsquo;\u00e9difice avec deux corps de logis en saillie, comme deux anciennes tours. Celle de gauche est coiff\u00e9e d&rsquo;une toiture conique \u00e0 quatre pans, tandis que celle de droite a un toit mansard\u00e9 \u00e0 pans coup\u00e9s.<\/p>\n\n\n<div class=\"wp-block-image\">\n<figure class=\"aligncenter is-resized\"><img loading=\"lazy\" decoding=\"async\" width=\"1154\" height=\"808\" data-attachment-id=\"9448\" data-permalink=\"https:\/\/patrimoine-avesnois.fr\/chemin\/les-chateaux-de-lavesnois-et-leurs-proprietaires\/image-1442\/\" data-orig-file=\"https:\/\/i0.wp.com\/patrimoine-avesnois.fr\/chemin\/wp-content\/uploads\/2020\/03\/image-40.png?fit=1154%2C808&amp;ssl=1\" data-orig-size=\"1154,808\" data-comments-opened=\"1\" data-image-meta=\"{&quot;aperture&quot;:&quot;0&quot;,&quot;credit&quot;:&quot;&quot;,&quot;camera&quot;:&quot;&quot;,&quot;caption&quot;:&quot;&quot;,&quot;created_timestamp&quot;:&quot;0&quot;,&quot;copyright&quot;:&quot;&quot;,&quot;focal_length&quot;:&quot;0&quot;,&quot;iso&quot;:&quot;0&quot;,&quot;shutter_speed&quot;:&quot;0&quot;,&quot;title&quot;:&quot;&quot;,&quot;orientation&quot;:&quot;0&quot;}\" data-image-title=\"image\" data-image-description=\"\" data-image-caption=\"\" data-large-file=\"https:\/\/i0.wp.com\/patrimoine-avesnois.fr\/chemin\/wp-content\/uploads\/2020\/03\/image-40.png?fit=840%2C588&amp;ssl=1\" src=\"https:\/\/i0.wp.com\/patrimoine-avesnois.fr\/chemin\/wp-content\/uploads\/2020\/03\/image-40.png?fit=840%2C588\" alt=\"\" class=\"wp-image-9448\" style=\"width:630px;height:440px\" srcset=\"https:\/\/i0.wp.com\/patrimoine-avesnois.fr\/chemin\/wp-content\/uploads\/2020\/03\/image-40.png?w=1154&amp;ssl=1 1154w, https:\/\/i0.wp.com\/patrimoine-avesnois.fr\/chemin\/wp-content\/uploads\/2020\/03\/image-40.png?resize=300%2C210&amp;ssl=1 300w, https:\/\/i0.wp.com\/patrimoine-avesnois.fr\/chemin\/wp-content\/uploads\/2020\/03\/image-40.png?resize=768%2C538&amp;ssl=1 768w, https:\/\/i0.wp.com\/patrimoine-avesnois.fr\/chemin\/wp-content\/uploads\/2020\/03\/image-40.png?resize=1024%2C717&amp;ssl=1 1024w\" sizes=\"auto, (max-width: 709px) 85vw, (max-width: 909px) 67vw, (max-width: 1362px) 62vw, 840px\" \/><figcaption class=\"wp-element-caption\"><em>Le portail du ch\u00e2teau form\u00e9 d\u2019un mur en demi-lune agr\u00e9ment\u00e9 de quatre piliers de pierre bleue. Vue <\/em><a href=\"https:\/\/www.google.com\/maps\/@50.2674579,3.7869617,3a,75y,36.88h,88.48t\/data=!3m6!1e1!3m4!1sx6zxfRgXEgjGEv7XuS0OLA!2e0!7i16384!8i8192\" target=\"_blank\" rel=\"noreferrer noopener\">Google<\/a> <\/figcaption><\/figure>\n<\/div>\n\n\n<p>Un ch\u00e2teau existait d\u00e8s 1303.<br>Apr\u00e8s son mariage avec Barbe Th\u00e9r\u00e8se de Haynin, le ch\u00e2teau appartint au XVIII e si\u00e8cle \u00e0 Juan de la Torre, Grand d\u2019Espagne. Le ch\u00e2teau actuel fut b\u00e2ti ou plus exactement modifi\u00e9 en 1775 par Maximilien Gomez y Butron y Muxica, baron de la Torre, mousquetaire dans le deuxi\u00e8me compagnie sous Louis XV . Description du ch\u00e2teau sur  <a href=\"http:\/\/www.chateau-fort-manoir-chateau.eu\/chateaux-nord-chateau-a-obies-chateau-de-obies.html\" target=\"_blank\" rel=\"noreferrer noopener\">Ch\u00e2teaux de France<\/a> <\/p>\n\n\n\n<p>La demeure restera dans la famille des de la Torre jusqu\u2019\u00e0 sa vente, en janvier 1900, par \u00c9meline de Butron de la Torre, veuve Cauvet de Blanchonval, et par  Marguerite Aline Boutemain \u00e9pouse Meurisse \u00e0 Jules Fran\u00e7ois Toilliez. <\/p>\n\n\n<div class=\"wp-block-image\">\n<figure class=\"aligncenter is-resized\"><img data-recalc-dims=\"1\" loading=\"lazy\" decoding=\"async\" width=\"779\" height=\"489\" data-attachment-id=\"9449\" data-permalink=\"https:\/\/patrimoine-avesnois.fr\/chemin\/les-chateaux-de-lavesnois-et-leurs-proprietaires\/image-1443\/\" data-orig-file=\"https:\/\/i0.wp.com\/patrimoine-avesnois.fr\/chemin\/wp-content\/uploads\/2020\/03\/image-41.png?fit=779%2C489&amp;ssl=1\" data-orig-size=\"779,489\" data-comments-opened=\"1\" data-image-meta=\"{&quot;aperture&quot;:&quot;0&quot;,&quot;credit&quot;:&quot;&quot;,&quot;camera&quot;:&quot;&quot;,&quot;caption&quot;:&quot;&quot;,&quot;created_timestamp&quot;:&quot;0&quot;,&quot;copyright&quot;:&quot;&quot;,&quot;focal_length&quot;:&quot;0&quot;,&quot;iso&quot;:&quot;0&quot;,&quot;shutter_speed&quot;:&quot;0&quot;,&quot;title&quot;:&quot;&quot;,&quot;orientation&quot;:&quot;0&quot;}\" data-image-title=\"image\" data-image-description=\"\" data-image-caption=\"\" data-large-file=\"https:\/\/i0.wp.com\/patrimoine-avesnois.fr\/chemin\/wp-content\/uploads\/2020\/03\/image-41.png?fit=779%2C489&amp;ssl=1\" src=\"https:\/\/i0.wp.com\/patrimoine-avesnois.fr\/chemin\/wp-content\/uploads\/2020\/03\/image-41.png?resize=779%2C489\" alt=\"\" class=\"wp-image-9449\" style=\"width:630px;height:395px\" srcset=\"https:\/\/i0.wp.com\/patrimoine-avesnois.fr\/chemin\/wp-content\/uploads\/2020\/03\/image-41.png?w=779&amp;ssl=1 779w, https:\/\/i0.wp.com\/patrimoine-avesnois.fr\/chemin\/wp-content\/uploads\/2020\/03\/image-41.png?resize=300%2C188&amp;ssl=1 300w, https:\/\/i0.wp.com\/patrimoine-avesnois.fr\/chemin\/wp-content\/uploads\/2020\/03\/image-41.png?resize=768%2C482&amp;ssl=1 768w\" sizes=\"auto, (max-width: 779px) 85vw, 779px\" \/><figcaption class=\"wp-element-caption\">Le ch\u00e2teau devenu caserne des douanes<\/figcaption><\/figure>\n<\/div>\n\n\n<p>Par la suite il fut successivement caserne des douanes, puis colonie de vacances, enfin estaminet en 1957 avec la famille Testaert. Il est depuis 2004 la propri\u00e9t\u00e9 de M. et Mme Zwolanski, un couple passionn\u00e9 qui r\u00e9alise un remarquable travail de restauration.<\/p>\n\n\n\n<p>\u00c9l\u00e9ments prot\u00e9g\u00e9s MH : les fa\u00e7ades et les toitures du ch\u00e2teau et de sa v\u00e9randa : inscription par arr\u00eat\u00e9 du 30 d\u00e9cembre 2010. Propri\u00e9t\u00e9 priv\u00e9e, ne se visite pas. Ouvert cependant parfois au public en ao\u00fbt, \u00e0 l&rsquo;occasion des Journ\u00e9es du Patrimoine organis\u00e9es par l&rsquo; Association des Paralys\u00e9s de France. <\/p>\n\n\n\n<p class=\"has-text-align-center has-bright-red-color has-light-blue-background-color has-text-color has-background has-medium-font-size\">Le ch\u00e2teau de Potelle<\/p>\n\n\n<div class=\"wp-block-image\">\n<figure class=\"aligncenter is-resized\"><img decoding=\"async\" src=\"https:\/\/i1.wp.com\/patrimoine-avesnois.fr\/chemin\/wp-content\/uploads\/2019\/05\/516_001.jpg?w=840\" alt=\"\" style=\"width:630px;height:409px\"\/><figcaption class=\"wp-element-caption\">Le ch\u00e2teau de Potelle<\/figcaption><\/figure>\n<\/div>\n\n<div class=\"wp-block-image\">\n<figure class=\"aligncenter\"><img decoding=\"async\" src=\"https:\/\/i0.wp.com\/upload.wikimedia.org\/wikipedia\/commons\/thumb\/6\/63\/Chateau_Potelle_5.jpg\/1280px-Chateau_Potelle_5.jpg?w=840&amp;ssl=1\" alt=\"Potelle\"\/><figcaption class=\"wp-element-caption\"><em>Ch\u00e2teau de Potelle vue de l\u2019Est&nbsp;<\/em><a href=\"http:\/\/cc%20by-sa%203.0%2C%20https\/\/commons.wikimedia.org\/w\/index.php?curid=7898247\" target=\"_blank\" rel=\"noreferrer noopener\">Wikimedia Commons<\/a> <\/figcaption><\/figure>\n<\/div>\n\n\n<p>Voir son histoire et sa description sur la <a aria-label=\"page de Potelle (opens in a new tab)\" href=\"http:\/\/patrimoine-avesnois.fr\/chemin\/potelle\/\" target=\"_blank\" rel=\"noreferrer noopener\">page de Potelle<\/a><\/p>\n\n\n\n<p>Que rajoutait ? : Une pr\u00e9cision architecturale  : \u00ab La destruction au XVIIIe si\u00e8cle d\u2019une des tours et de la galerie faisant face au corps de logis a permis d\u2019ouvrir la cour sur le parc \u00bb. Une seconde pr\u00e9cision cette fois g\u00e9n\u00e9alogique : \u00ab C\u2019est par une donation en 1817 du chanoine Albert Charles de Carondelet \u00e0 sa ni\u00e8ce Eug\u00e9nie Ad\u00e9la\u00efde que le ch\u00e2teau passa \u00e0 la famille Fremin du Sartel, par le mariage de cette derni\u00e8re avec Jean Philippe, garde du corps de Louis XVIII \u00bb .  Source : <a aria-label=\"Bulletin du CHGB (opens in a new tab)\" href=\"http:\/\/www.chgb.org\/bulletin123\/CHGB32.pdf\" target=\"_blank\" rel=\"noreferrer noopener\">Bulletin du CHGB<\/a> de d\u00e9cembre 2013<\/p>\n\n\n<div class=\"wp-block-image\">\n<figure class=\"aligncenter is-resized\"><img data-recalc-dims=\"1\" decoding=\"async\" src=\"https:\/\/i0.wp.com\/lvdneng.rosselcdn.net\/sites\/default\/files\/dpistyles_v2\/ena_16_9_extra_big\/2019\/08\/16\/node_625647\/40441373\/public\/2019\/08\/16\/B9720517531Z.1_20190816172343_000%2BGNDE7ITSV.3-0.jpg?w=840&#038;ssl=1\" alt=\"Roselyne et Jehan-Philippe De Lastic re\u00e7oivent r\u00e9guli\u00e8rement le public dans leur ch\u00e2teau.\" style=\"width:630px;height:355px\"\/><figcaption class=\"wp-element-caption\">Roselyne et Jehan-Philippe De Lastic re\u00e7oivent r\u00e9guli\u00e8rement le public dans leur ch\u00e2teau. &#8211; \u00a9 Florent Moreau \/ La Voix du Nord  19\/08\/2009<\/figcaption><\/figure>\n<\/div>\n\n\n<p>Depuis plus de 500 ans, le ch\u00e2teau appartient \u00e0 la m\u00eame famille&nbsp;: celle des Carondelet, anc\u00eatres de Roselyne Fremin du Sartel, \u00e9pouse de Jehan-Philippe De Lastic, les actuels propri\u00e9taires.  <\/p>\n\n\n\n<p>D\u00e9c\u00e9d\u00e9 le 30 janvier 2013, le comte Jean Philippe de Lastic partageait sa vie, avec les siens, entre Versailles et ce ch\u00e2teau fort m\u00e9di\u00e9val o\u00f9 il repose d\u00e9sormais, \u00e0 l&rsquo;entr\u00e9e, dans la chapelle. Cet homme \u00e0 l&rsquo;\u00e9nergie d\u00e9bordante, sachant pleinement pr\u00eater attention aux autres, plein d&rsquo;humour \u00e9tait chevalier de l&rsquo;ordre souverain de Malte et ambassadeur de l&rsquo;ordre souverain de Malte pr\u00e8s la r\u00e9publique du B\u00e9nin.<\/p>\n\n\n\n<p>Ce ch\u00e2teau, l\u2019un des rares ch\u00e2teaux m\u00e9di\u00e9vaux de l\u2019Avesnois en parfait \u00e9tat est ouvert au public uniquement lors des Journ\u00e9es du Patrimoine. <\/p>\n\n\n\n<p class=\"has-text-align-center has-bright-red-color has-light-blue-background-color has-text-color has-background has-medium-font-size\">Le ch\u00e2teau Mantoue \u00e0 Potelle<\/p>\n\n\n<div class=\"wp-block-image\">\n<figure class=\"aligncenter is-resized\"><img decoding=\"async\" src=\"https:\/\/i0.wp.com\/patrimoine-avesnois.fr\/censes\/wp-content\/uploads\/2019\/02\/Capture-130.png?w=840\" alt=\"L\u00e2\u0080\u0099attribut alt de cette image est vide, son nom de fichier est Capture-130.png.\" style=\"width:630px;height:419px\"\/><\/figure>\n<\/div>\n\n\n<p>La cense de l\u2019Artois et son moulin \u00e0 vent, \u00e0 la limite de Jolimetz, faisaient partie du ch\u00e2teau d\u00e9nomm\u00e9 \u00ab&nbsp; de riz pain sel&nbsp;\u00bb (de nos jours le ch\u00e2teau Mantoue) qui appartenait avant la R\u00e9volution \u00e0 Marie Alexandre de Bonaventure (1741 1834), baron de N\u00e9donchel, mar\u00e9chal de camp et grand bailli d\u2019\u00e9p\u00e9e du Quesnoy. Il \u00e9migra. Il fut ensuite d\u00e9put\u00e9 \u00e0 la Convention avant d\u2019\u00eatre g\u00e9n\u00e9ral de brigade le 8 mars 1793 puis ministre de la Guerre du 14 septembre au 10 novembre 1799. Il r\u00e9cup\u00e9rera ses biens sous l\u2019Empire.<\/p>\n\n\n<div class=\"wp-block-image\">\n<figure class=\"aligncenter is-resized\"><img loading=\"lazy\" decoding=\"async\" width=\"1223\" height=\"916\" data-attachment-id=\"6016\" data-permalink=\"https:\/\/patrimoine-avesnois.fr\/chemin\/potelle\/image-880\/\" data-orig-file=\"https:\/\/i0.wp.com\/patrimoine-avesnois.fr\/chemin\/wp-content\/uploads\/2019\/06\/image-74.png?fit=1223%2C916&amp;ssl=1\" data-orig-size=\"1223,916\" data-comments-opened=\"1\" data-image-meta=\"{&quot;aperture&quot;:&quot;0&quot;,&quot;credit&quot;:&quot;&quot;,&quot;camera&quot;:&quot;&quot;,&quot;caption&quot;:&quot;&quot;,&quot;created_timestamp&quot;:&quot;0&quot;,&quot;copyright&quot;:&quot;&quot;,&quot;focal_length&quot;:&quot;0&quot;,&quot;iso&quot;:&quot;0&quot;,&quot;shutter_speed&quot;:&quot;0&quot;,&quot;title&quot;:&quot;&quot;,&quot;orientation&quot;:&quot;0&quot;}\" data-image-title=\"image\" data-image-description=\"\" data-image-caption=\"\" data-large-file=\"https:\/\/i0.wp.com\/patrimoine-avesnois.fr\/chemin\/wp-content\/uploads\/2019\/06\/image-74.png?fit=840%2C629&amp;ssl=1\" src=\"https:\/\/i2.wp.com\/patrimoine-avesnois.fr\/chemin\/wp-content\/uploads\/2019\/06\/image-74.png?fit=840%2C629\" alt=\"\" class=\"wp-image-6016\" style=\"width:630px;height:472px\" srcset=\"https:\/\/i0.wp.com\/patrimoine-avesnois.fr\/chemin\/wp-content\/uploads\/2019\/06\/image-74.png?w=1223&amp;ssl=1 1223w, https:\/\/i0.wp.com\/patrimoine-avesnois.fr\/chemin\/wp-content\/uploads\/2019\/06\/image-74.png?resize=300%2C225&amp;ssl=1 300w, https:\/\/i0.wp.com\/patrimoine-avesnois.fr\/chemin\/wp-content\/uploads\/2019\/06\/image-74.png?resize=768%2C575&amp;ssl=1 768w, https:\/\/i0.wp.com\/patrimoine-avesnois.fr\/chemin\/wp-content\/uploads\/2019\/06\/image-74.png?resize=1024%2C767&amp;ssl=1 1024w, https:\/\/i0.wp.com\/patrimoine-avesnois.fr\/chemin\/wp-content\/uploads\/2019\/06\/image-74.png?resize=1200%2C899&amp;ssl=1 1200w\" sizes=\"auto, (max-width: 709px) 85vw, (max-width: 909px) 67vw, (max-width: 1362px) 62vw, 840px\" \/><figcaption class=\"wp-element-caption\"><em>Le ch\u00e2teau Mantoue&nbsp;\u00e0&nbsp;Potelle<\/em><\/figcaption><\/figure>\n<\/div>\n\n<div class=\"wp-block-image\">\n<figure class=\"aligncenter is-resized\"><img loading=\"lazy\" decoding=\"async\" width=\"1222\" height=\"917\" data-attachment-id=\"6017\" data-permalink=\"https:\/\/patrimoine-avesnois.fr\/chemin\/potelle\/image-881\/\" data-orig-file=\"https:\/\/i0.wp.com\/patrimoine-avesnois.fr\/chemin\/wp-content\/uploads\/2019\/06\/image-75.png?fit=1222%2C917&amp;ssl=1\" data-orig-size=\"1222,917\" data-comments-opened=\"1\" data-image-meta=\"{&quot;aperture&quot;:&quot;0&quot;,&quot;credit&quot;:&quot;&quot;,&quot;camera&quot;:&quot;&quot;,&quot;caption&quot;:&quot;&quot;,&quot;created_timestamp&quot;:&quot;0&quot;,&quot;copyright&quot;:&quot;&quot;,&quot;focal_length&quot;:&quot;0&quot;,&quot;iso&quot;:&quot;0&quot;,&quot;shutter_speed&quot;:&quot;0&quot;,&quot;title&quot;:&quot;&quot;,&quot;orientation&quot;:&quot;0&quot;}\" data-image-title=\"image\" data-image-description=\"\" data-image-caption=\"\" data-large-file=\"https:\/\/i0.wp.com\/patrimoine-avesnois.fr\/chemin\/wp-content\/uploads\/2019\/06\/image-75.png?fit=840%2C630&amp;ssl=1\" src=\"https:\/\/i2.wp.com\/patrimoine-avesnois.fr\/chemin\/wp-content\/uploads\/2019\/06\/image-75.png?fit=840%2C630\" alt=\"\" class=\"wp-image-6017\" style=\"width:630px;height:473px\" srcset=\"https:\/\/i0.wp.com\/patrimoine-avesnois.fr\/chemin\/wp-content\/uploads\/2019\/06\/image-75.png?w=1222&amp;ssl=1 1222w, https:\/\/i0.wp.com\/patrimoine-avesnois.fr\/chemin\/wp-content\/uploads\/2019\/06\/image-75.png?resize=300%2C225&amp;ssl=1 300w, https:\/\/i0.wp.com\/patrimoine-avesnois.fr\/chemin\/wp-content\/uploads\/2019\/06\/image-75.png?resize=768%2C576&amp;ssl=1 768w, https:\/\/i0.wp.com\/patrimoine-avesnois.fr\/chemin\/wp-content\/uploads\/2019\/06\/image-75.png?resize=1024%2C768&amp;ssl=1 1024w, https:\/\/i0.wp.com\/patrimoine-avesnois.fr\/chemin\/wp-content\/uploads\/2019\/06\/image-75.png?resize=1200%2C900&amp;ssl=1 1200w\" sizes=\"auto, (max-width: 709px) 85vw, (max-width: 909px) 67vw, (max-width: 1362px) 62vw, 840px\" \/><figcaption class=\"wp-element-caption\"><em>Le ch\u00e2teau Mantoue&nbsp;\u00e0&nbsp;Potelle<\/em><\/figcaption><\/figure>\n<\/div>\n\n\n<p class=\"has-text-align-center has-bright-red-color has-light-blue-background-color has-text-color has-background has-medium-font-size\">Le ch\u00e2teau de Recquignies<\/p>\n\n\n<div class=\"wp-block-image\">\n<figure class=\"aligncenter is-resized\"><img data-recalc-dims=\"1\" loading=\"lazy\" decoding=\"async\" width=\"840\" height=\"543\" data-attachment-id=\"9456\" data-permalink=\"https:\/\/patrimoine-avesnois.fr\/chemin\/les-chateaux-de-lavesnois-et-leurs-proprietaires\/image-1444\/\" data-orig-file=\"https:\/\/i0.wp.com\/patrimoine-avesnois.fr\/chemin\/wp-content\/uploads\/2020\/03\/image-42.png?fit=946%2C611&amp;ssl=1\" data-orig-size=\"946,611\" data-comments-opened=\"1\" data-image-meta=\"{&quot;aperture&quot;:&quot;0&quot;,&quot;credit&quot;:&quot;&quot;,&quot;camera&quot;:&quot;&quot;,&quot;caption&quot;:&quot;&quot;,&quot;created_timestamp&quot;:&quot;0&quot;,&quot;copyright&quot;:&quot;&quot;,&quot;focal_length&quot;:&quot;0&quot;,&quot;iso&quot;:&quot;0&quot;,&quot;shutter_speed&quot;:&quot;0&quot;,&quot;title&quot;:&quot;&quot;,&quot;orientation&quot;:&quot;0&quot;}\" data-image-title=\"image\" data-image-description=\"\" data-image-caption=\"\" data-large-file=\"https:\/\/i0.wp.com\/patrimoine-avesnois.fr\/chemin\/wp-content\/uploads\/2020\/03\/image-42.png?fit=840%2C543&amp;ssl=1\" src=\"https:\/\/i0.wp.com\/patrimoine-avesnois.fr\/chemin\/wp-content\/uploads\/2020\/03\/image-42.png?resize=840%2C543\" alt=\"\" class=\"wp-image-9456\" style=\"width:630px;height:405px\" srcset=\"https:\/\/i0.wp.com\/patrimoine-avesnois.fr\/chemin\/wp-content\/uploads\/2020\/03\/image-42.png?w=946&amp;ssl=1 946w, https:\/\/i0.wp.com\/patrimoine-avesnois.fr\/chemin\/wp-content\/uploads\/2020\/03\/image-42.png?resize=300%2C194&amp;ssl=1 300w, https:\/\/i0.wp.com\/patrimoine-avesnois.fr\/chemin\/wp-content\/uploads\/2020\/03\/image-42.png?resize=768%2C496&amp;ssl=1 768w\" sizes=\"auto, (max-width: 709px) 85vw, (max-width: 909px) 67vw, (max-width: 1362px) 62vw, 840px\" \/><figcaption class=\"wp-element-caption\"><em>Le ch\u00e2teau de la Carni\u00e8re<\/em>  en 1906<\/figcaption><\/figure>\n<\/div>\n\n<div class=\"wp-block-image\">\n<figure class=\"aligncenter is-resized\"><img loading=\"lazy\" decoding=\"async\" width=\"1075\" height=\"806\" data-attachment-id=\"4635\" data-permalink=\"https:\/\/patrimoine-avesnois.fr\/chemin\/recquignies\/capture-110\/\" data-orig-file=\"https:\/\/i0.wp.com\/patrimoine-avesnois.fr\/chemin\/wp-content\/uploads\/2019\/05\/Capture-68.jpg?fit=1075%2C806&amp;ssl=1\" data-orig-size=\"1075,806\" data-comments-opened=\"1\" data-image-meta=\"{&quot;aperture&quot;:&quot;0&quot;,&quot;credit&quot;:&quot;CARRE&quot;,&quot;camera&quot;:&quot;&quot;,&quot;caption&quot;:&quot;&quot;,&quot;created_timestamp&quot;:&quot;1558792504&quot;,&quot;copyright&quot;:&quot;&quot;,&quot;focal_length&quot;:&quot;0&quot;,&quot;iso&quot;:&quot;0&quot;,&quot;shutter_speed&quot;:&quot;0&quot;,&quot;title&quot;:&quot;&quot;,&quot;orientation&quot;:&quot;1&quot;}\" data-image-title=\"Capture\" data-image-description=\"\" data-image-caption=\"\" data-large-file=\"https:\/\/i0.wp.com\/patrimoine-avesnois.fr\/chemin\/wp-content\/uploads\/2019\/05\/Capture-68.jpg?fit=840%2C630&amp;ssl=1\" src=\"https:\/\/i0.wp.com\/patrimoine-avesnois.fr\/chemin\/wp-content\/uploads\/2019\/05\/Capture-68.jpg?fit=840%2C630\" alt=\"\" class=\"wp-image-4635\" style=\"width:630px;height:473px\" srcset=\"https:\/\/i0.wp.com\/patrimoine-avesnois.fr\/chemin\/wp-content\/uploads\/2019\/05\/Capture-68.jpg?w=1075&amp;ssl=1 1075w, https:\/\/i0.wp.com\/patrimoine-avesnois.fr\/chemin\/wp-content\/uploads\/2019\/05\/Capture-68.jpg?resize=300%2C225&amp;ssl=1 300w, https:\/\/i0.wp.com\/patrimoine-avesnois.fr\/chemin\/wp-content\/uploads\/2019\/05\/Capture-68.jpg?resize=768%2C576&amp;ssl=1 768w, https:\/\/i0.wp.com\/patrimoine-avesnois.fr\/chemin\/wp-content\/uploads\/2019\/05\/Capture-68.jpg?resize=1024%2C768&amp;ssl=1 1024w\" sizes=\"auto, (max-width: 709px) 85vw, (max-width: 909px) 67vw, (max-width: 1362px) 62vw, 840px\" \/><figcaption class=\"wp-element-caption\">Le Ch\u00e2teau de la Carni\u00e8re en 2013<\/figcaption><\/figure>\n<\/div>\n\n\n<p>La famille de Roisin, greffiers et administrateurs de la terre de Dourlers de p\u00e8re en fils, a habit\u00e9 longtemps le ch\u00e2teau de Recquignies apr\u00e8s la R\u00e9volution.<br>Le ch\u00e2teau moderne a servi de quartier-g\u00e9n\u00e9ral aux prussiens pendant les si\u00e8ges de Maubeuge en 1814 et 1815.                                                                                Au d\u00e9but du XX\u00b0 si\u00e8cle, les propri\u00e9taires \u00e9taient une famille d\u2019industriels belges appel\u00e9e <a aria-label=\"Derbaix (opens in a new tab)\" href=\"https:\/\/gw.geneanet.org\/ricou83?n=derbaix&amp;oc=&amp;p=eugene+desire+victor\" target=\"_blank\" rel=\"noreferrer noopener\">Derbaix<\/a>. Eug\u00e8ne Derbaix, avocat, s\u00e9nateur, bourgmestre de Binche  et son \u00e9pouse Caroline Laloux sont du reste d\u00e9c\u00e9d\u00e9s \u00e0 Recquignies en 1932 et en 1934.<\/p>\n\n\n\n<p>Le ch\u00e2teau est de nos jours une&nbsp;<a href=\"https:\/\/annuaire.action-sociale.org\/?p=mas-de-recquignies-590038816&amp;details=caracteristiques\" target=\"_blank\" rel=\"noreferrer noopener\">maison d\u2019accueil sp\u00e9cialis\u00e9e<\/a>&nbsp;et un foyer d\u2019accueil m\u00e9dicalis\u00e9.<\/p>\n\n\n\n<p class=\"has-text-align-center has-bright-red-color has-light-blue-background-color has-text-color has-background has-medium-font-size\">Le ch\u00e2teau de Ruesnes<\/p>\n\n\n<div class=\"wp-block-image\">\n<figure class=\"aligncenter is-resized\"><img loading=\"lazy\" decoding=\"async\" width=\"796\" height=\"502\" data-attachment-id=\"6806\" data-permalink=\"https:\/\/patrimoine-avesnois.fr\/chemin\/ruesnes\/587_001-2\/\" data-orig-file=\"https:\/\/i0.wp.com\/patrimoine-avesnois.fr\/chemin\/wp-content\/uploads\/2019\/06\/587_001.jpg?fit=796%2C502&amp;ssl=1\" data-orig-size=\"796,502\" data-comments-opened=\"1\" data-image-meta=\"{&quot;aperture&quot;:&quot;0&quot;,&quot;credit&quot;:&quot;&quot;,&quot;camera&quot;:&quot;&quot;,&quot;caption&quot;:&quot;&quot;,&quot;created_timestamp&quot;:&quot;1561842068&quot;,&quot;copyright&quot;:&quot;&quot;,&quot;focal_length&quot;:&quot;0&quot;,&quot;iso&quot;:&quot;0&quot;,&quot;shutter_speed&quot;:&quot;0&quot;,&quot;title&quot;:&quot;&quot;,&quot;orientation&quot;:&quot;0&quot;}\" data-image-title=\"587_001\" data-image-description=\"\" data-image-caption=\"\" data-large-file=\"https:\/\/i0.wp.com\/patrimoine-avesnois.fr\/chemin\/wp-content\/uploads\/2019\/06\/587_001.jpg?fit=796%2C502&amp;ssl=1\" src=\"https:\/\/i1.wp.com\/patrimoine-avesnois.fr\/chemin\/wp-content\/uploads\/2019\/06\/587_001.jpg?resize=648%2C407\" alt=\"\" class=\"wp-image-6806\" style=\"width:630px;height:395px\" srcset=\"https:\/\/i0.wp.com\/patrimoine-avesnois.fr\/chemin\/wp-content\/uploads\/2019\/06\/587_001.jpg?w=796&amp;ssl=1 796w, https:\/\/i0.wp.com\/patrimoine-avesnois.fr\/chemin\/wp-content\/uploads\/2019\/06\/587_001.jpg?resize=300%2C189&amp;ssl=1 300w, https:\/\/i0.wp.com\/patrimoine-avesnois.fr\/chemin\/wp-content\/uploads\/2019\/06\/587_001.jpg?resize=768%2C484&amp;ssl=1 768w\" sizes=\"auto, (max-width: 796px) 85vw, 796px\" \/><figcaption class=\"wp-element-caption\">Le ch\u00e2teau de Ruesnes en 1914<\/figcaption><\/figure>\n<\/div>\n\n<div class=\"wp-block-image\">\n<figure class=\"aligncenter is-resized\"><img loading=\"lazy\" decoding=\"async\" width=\"1120\" height=\"685\" data-attachment-id=\"9458\" data-permalink=\"https:\/\/patrimoine-avesnois.fr\/chemin\/les-chateaux-de-lavesnois-et-leurs-proprietaires\/image-1445\/\" data-orig-file=\"https:\/\/i0.wp.com\/patrimoine-avesnois.fr\/chemin\/wp-content\/uploads\/2020\/03\/image-43.png?fit=1120%2C685&amp;ssl=1\" data-orig-size=\"1120,685\" data-comments-opened=\"1\" data-image-meta=\"{&quot;aperture&quot;:&quot;0&quot;,&quot;credit&quot;:&quot;&quot;,&quot;camera&quot;:&quot;&quot;,&quot;caption&quot;:&quot;&quot;,&quot;created_timestamp&quot;:&quot;0&quot;,&quot;copyright&quot;:&quot;&quot;,&quot;focal_length&quot;:&quot;0&quot;,&quot;iso&quot;:&quot;0&quot;,&quot;shutter_speed&quot;:&quot;0&quot;,&quot;title&quot;:&quot;&quot;,&quot;orientation&quot;:&quot;0&quot;}\" data-image-title=\"image\" data-image-description=\"\" data-image-caption=\"\" data-large-file=\"https:\/\/i0.wp.com\/patrimoine-avesnois.fr\/chemin\/wp-content\/uploads\/2020\/03\/image-43.png?fit=840%2C514&amp;ssl=1\" src=\"https:\/\/i0.wp.com\/patrimoine-avesnois.fr\/chemin\/wp-content\/uploads\/2020\/03\/image-43.png?fit=840%2C514\" alt=\"\" class=\"wp-image-9458\" style=\"width:630px;height:386px\" srcset=\"https:\/\/i0.wp.com\/patrimoine-avesnois.fr\/chemin\/wp-content\/uploads\/2020\/03\/image-43.png?w=1120&amp;ssl=1 1120w, https:\/\/i0.wp.com\/patrimoine-avesnois.fr\/chemin\/wp-content\/uploads\/2020\/03\/image-43.png?resize=300%2C183&amp;ssl=1 300w, https:\/\/i0.wp.com\/patrimoine-avesnois.fr\/chemin\/wp-content\/uploads\/2020\/03\/image-43.png?resize=768%2C470&amp;ssl=1 768w, https:\/\/i0.wp.com\/patrimoine-avesnois.fr\/chemin\/wp-content\/uploads\/2020\/03\/image-43.png?resize=1024%2C626&amp;ssl=1 1024w\" sizes=\"auto, (max-width: 709px) 85vw, (max-width: 909px) 67vw, (max-width: 1362px) 62vw, 840px\" \/><figcaption class=\"wp-element-caption\">Le ch\u00e2teau de Ruesnes<\/figcaption><\/figure>\n<\/div>\n\n<div class=\"wp-block-image\">\n<figure class=\"aligncenter is-resized\"><img loading=\"lazy\" decoding=\"async\" width=\"1172\" height=\"747\" data-attachment-id=\"9459\" data-permalink=\"https:\/\/patrimoine-avesnois.fr\/chemin\/les-chateaux-de-lavesnois-et-leurs-proprietaires\/image-1446\/\" data-orig-file=\"https:\/\/i0.wp.com\/patrimoine-avesnois.fr\/chemin\/wp-content\/uploads\/2020\/03\/image-44.png?fit=1172%2C747&amp;ssl=1\" data-orig-size=\"1172,747\" data-comments-opened=\"1\" data-image-meta=\"{&quot;aperture&quot;:&quot;0&quot;,&quot;credit&quot;:&quot;&quot;,&quot;camera&quot;:&quot;&quot;,&quot;caption&quot;:&quot;&quot;,&quot;created_timestamp&quot;:&quot;0&quot;,&quot;copyright&quot;:&quot;&quot;,&quot;focal_length&quot;:&quot;0&quot;,&quot;iso&quot;:&quot;0&quot;,&quot;shutter_speed&quot;:&quot;0&quot;,&quot;title&quot;:&quot;&quot;,&quot;orientation&quot;:&quot;0&quot;}\" data-image-title=\"image\" data-image-description=\"\" data-image-caption=\"\" data-large-file=\"https:\/\/i0.wp.com\/patrimoine-avesnois.fr\/chemin\/wp-content\/uploads\/2020\/03\/image-44.png?fit=840%2C536&amp;ssl=1\" src=\"https:\/\/i2.wp.com\/patrimoine-avesnois.fr\/chemin\/wp-content\/uploads\/2020\/03\/image-44.png?fit=840%2C536\" alt=\"\" class=\"wp-image-9459\" style=\"width:630px;height:402px\" srcset=\"https:\/\/i0.wp.com\/patrimoine-avesnois.fr\/chemin\/wp-content\/uploads\/2020\/03\/image-44.png?w=1172&amp;ssl=1 1172w, https:\/\/i0.wp.com\/patrimoine-avesnois.fr\/chemin\/wp-content\/uploads\/2020\/03\/image-44.png?resize=300%2C191&amp;ssl=1 300w, https:\/\/i0.wp.com\/patrimoine-avesnois.fr\/chemin\/wp-content\/uploads\/2020\/03\/image-44.png?resize=768%2C490&amp;ssl=1 768w, https:\/\/i0.wp.com\/patrimoine-avesnois.fr\/chemin\/wp-content\/uploads\/2020\/03\/image-44.png?resize=1024%2C653&amp;ssl=1 1024w\" sizes=\"auto, (max-width: 709px) 85vw, (max-width: 909px) 67vw, (max-width: 1362px) 62vw, 840px\" \/><figcaption class=\"wp-element-caption\">Les b\u00e2timents les plus anciens, ceux de la ferme, remontent au XVIIe si\u00e8cle, dont une porte charreti\u00e8re portant la date de 1695.  <\/figcaption><\/figure>\n<\/div>\n\n\n<p><\/p>\n\n\n<div class=\"wp-block-image\">\n<figure class=\"aligncenter is-resized\"><img loading=\"lazy\" decoding=\"async\" width=\"506\" height=\"323\" data-attachment-id=\"6811\" data-permalink=\"https:\/\/patrimoine-avesnois.fr\/chemin\/ruesnes\/image-1025\/\" data-orig-file=\"https:\/\/i0.wp.com\/patrimoine-avesnois.fr\/chemin\/wp-content\/uploads\/2019\/06\/image-218.png?fit=506%2C323&amp;ssl=1\" data-orig-size=\"506,323\" data-comments-opened=\"1\" data-image-meta=\"{&quot;aperture&quot;:&quot;0&quot;,&quot;credit&quot;:&quot;&quot;,&quot;camera&quot;:&quot;&quot;,&quot;caption&quot;:&quot;&quot;,&quot;created_timestamp&quot;:&quot;0&quot;,&quot;copyright&quot;:&quot;&quot;,&quot;focal_length&quot;:&quot;0&quot;,&quot;iso&quot;:&quot;0&quot;,&quot;shutter_speed&quot;:&quot;0&quot;,&quot;title&quot;:&quot;&quot;,&quot;orientation&quot;:&quot;0&quot;}\" data-image-title=\"image\" data-image-description=\"\" data-image-caption=\"\" data-large-file=\"https:\/\/i0.wp.com\/patrimoine-avesnois.fr\/chemin\/wp-content\/uploads\/2019\/06\/image-218.png?fit=506%2C323&amp;ssl=1\" src=\"https:\/\/i2.wp.com\/patrimoine-avesnois.fr\/chemin\/wp-content\/uploads\/2019\/06\/image-218.png?resize=648%2C414\" alt=\"\" class=\"wp-image-6811\" style=\"width:630px;height:402px\" srcset=\"https:\/\/i0.wp.com\/patrimoine-avesnois.fr\/chemin\/wp-content\/uploads\/2019\/06\/image-218.png?w=506&amp;ssl=1 506w, https:\/\/i0.wp.com\/patrimoine-avesnois.fr\/chemin\/wp-content\/uploads\/2019\/06\/image-218.png?resize=300%2C192&amp;ssl=1 300w\" sizes=\"auto, (max-width: 506px) 85vw, 506px\" \/><figcaption class=\"wp-element-caption\">Le ch\u00e2teau de Ruesnes<\/figcaption><\/figure>\n<\/div>\n\n\n<p>L\u2019actuel ch\u00e2teau de Ruesnes, en briques et pierres blanches, fut pour l\u2019essentiel b\u00e2ti au XVIIIe si\u00e8cle. Des parties plus anciennes subsistent :<\/p>\n\n\n\n<ul class=\"wp-block-list\">\n<li>une porte charreti\u00e8re donnant acc\u00e8s \u00e0 la m\u00e9tairie est surmont\u00e9e d\u2019une pierre \u00e0 blason mutil\u00e9, orn\u00e9e d\u2019une gracieuse coquille et portant la date de 1695.<\/li>\n\n\n\n<li>la ferme datant probablement du XVIIe si\u00e8cle. La tour carr\u00e9e se dresse au milieu de la cour de la ferme, pr\u00e9sentant l\u2019aspect \u00e0 sa base d\u2019un solide rempart pour se terminer par un toit pointu.<\/li>\n<\/ul>\n\n\n\n<p>Le ch\u00e2teau proprement dit fut reb\u00e2ti vers 1760 et comporte trois corps de logis organis\u00e9s autour d\u2019un pavillon central ovale abritant un salon d\u2019honneur. Ce qui surprend c\u2019est la hauteur des combles, proches du style Louis XIII. La partie du XVIIIe est identifiable a ses fen\u00eatres \u00e0 arcs surbaisses.<\/p>\n\n\n\n<p>Le mar\u00e9chal de Berwick y logea avec ses troupes en 1709 alors que la propri\u00e9t\u00e9 appartenait aux Capy. Apres 1760, Charles-Louis Capy et son fr\u00e8re Louis Augustin en h\u00e9rit\u00e8rent. Tous deux le c\u00e9d\u00e8rent en 1787 \u00e0 Pierre Joseph Boursier, en poste \u00e0 Valenciennes comme juge consul. Le ch\u00e2teau fut alors propri\u00e9t\u00e9 des Boursier jusqu\u2019en 1852 ( <a href=\"https:\/\/gw.geneanet.org\/brancion?lang=fr&amp;pz=therese&amp;nz=raguet+de+brancion+de+liman&amp;p=amedee&amp;n=hamoir\" target=\"_blank\" rel=\"noreferrer noopener\">Am\u00e9d\u00e9e Hamoir<\/a> avait \u00e9pous\u00e9 D\u00e9sir\u00e9e Boursier fille de Pierre), des <a aria-label=\"Camaret (opens in a new tab)\" href=\"https:\/\/gw.geneanet.org\/jguittonneau?lang=fr&amp;pz=jean+pierre+andre&amp;nz=guittonneau&amp;ocz=9&amp;p=adrien+louis&amp;n=camaret\" target=\"_blank\" rel=\"noreferrer noopener\">Camaret<\/a> jusqu\u2019en 1909, des <a aria-label=\"Richard (opens in a new tab)\" href=\"https:\/\/books.google.fr\/books?id=Bp8gCwAAQBAJ&amp;pg=PA36&amp;lpg=PA36&amp;dq=association+Chateau+Ruesnes&amp;source=bl&amp;ots=pDSY7e3UXL&amp;sig=ACfU3U2WMpt1Cz4ZZ5QfmcqJOMaWTHf6tQ&amp;hl=fr&amp;sa=X&amp;ved=2ahUKEwjllNay3v7nAhUrxIUKHbabAHo4ChDoATAIegQIChAB#v=onepage&amp;q=association%20Chateau%20Ruesnes&amp;f=false\" target=\"_blank\" rel=\"noreferrer noopener\">Richard<\/a> en 1910. Il pourrait s&rsquo;agir d&rsquo;<a aria-label=\"Emile Richard (opens in a new tab)\" href=\"https:\/\/gw.geneanet.org\/lionelc58?lang=fr&amp;iz=0&amp;p=emile&amp;n=richard\" target=\"_blank\" rel=\"noreferrer noopener\">Emile Richard<\/a> qui exer\u00e7ait le m\u00e9tier de relieur \u00e0 Valenciennes.<\/p>\n\n\n\n<p>En partie br\u00fbl\u00e9 durant la Premi\u00e8re Guerre mondiale, il est c\u00e9d\u00e9 en 1922 \u00e0 Georges Lambert de Beaulieu qui renonce \u00e0 le restaurer et le c\u00e8de en 1925 \u00e0 Camille Vaille qui le transforme en b\u00e2timent agricole.<\/p>\n\n\n\n<p>Le parc du ch\u00e2teau comporte encore des colonnes qui portaient jadis des statues. II comprend \u00e9galement une pi\u00e8ce d\u2019eau dans un jardin \u00e0 l\u2019anglaise.<\/p>\n\n\n<div class=\"wp-block-image\">\n<figure class=\"aligncenter is-resized\"><img decoding=\"async\" src=\"https:\/\/i2.wp.com\/www.communes.com\/images\/thumbs\/nord-pas-de-calais\/nord\/ruesnes_59530\/730x328\/ruesnes_320573.jpg?resize=648%2C484&amp;ssl=1\" alt=\"Le ch\u00c3\u00a2teau - Ruesnes\" style=\"width:630px;height:470px\"\/><figcaption class=\"wp-element-caption\">le ch\u00e2teau de Ruesnes. Photo&nbsp;<a aria-label=\" (opens in a new tab)\" href=\"https:\/\/www.communes.com\/photo-ruesnes,320573\" target=\"_blank\" rel=\"noreferrer noopener\">communes.com<\/a><\/figcaption><\/figure>\n<\/div>\n\n\n<p>Le ch\u00e2teau de Ruesnes a retrouv\u00e9 depuis peu sa splendeur pass\u00e9e apr\u00e8s des ann\u00e9es de l\u00e9thargie et d\u2019oubli gr\u00e2ce \u00e0 l&rsquo;association \u00ab&nbsp;les Amis du Ch\u00e2teau de Ruesnes&nbsp;\u00bb  qui a pour objet de sauvegarder le ch\u00e2teau de Ruesnes et son quartier. <\/p>\n\n\n\n<p class=\"has-text-align-center has-bright-red-color has-light-blue-background-color has-text-color has-background has-medium-font-size\">Le ch\u00e2teau Robert \u00e0 Sains-du-Nord<\/p>\n\n\n<div class=\"wp-block-image\">\n<figure class=\"aligncenter is-resized\"><img loading=\"lazy\" decoding=\"async\" width=\"1082\" height=\"813\" data-attachment-id=\"5387\" data-permalink=\"https:\/\/patrimoine-avesnois.fr\/chemin\/sains-du-nord\/domaines-des-fagnes\/\" data-orig-file=\"https:\/\/i0.wp.com\/patrimoine-avesnois.fr\/chemin\/wp-content\/uploads\/2019\/06\/domaines-des-fagnes.jpg?fit=1082%2C813&amp;ssl=1\" data-orig-size=\"1082,813\" data-comments-opened=\"1\" data-image-meta=\"{&quot;aperture&quot;:&quot;0&quot;,&quot;credit&quot;:&quot;CARRE&quot;,&quot;camera&quot;:&quot;&quot;,&quot;caption&quot;:&quot;&quot;,&quot;created_timestamp&quot;:&quot;1559737945&quot;,&quot;copyright&quot;:&quot;&quot;,&quot;focal_length&quot;:&quot;0&quot;,&quot;iso&quot;:&quot;0&quot;,&quot;shutter_speed&quot;:&quot;0&quot;,&quot;title&quot;:&quot;&quot;,&quot;orientation&quot;:&quot;0&quot;}\" data-image-title=\"domaines des fagnes\" data-image-description=\"\" data-image-caption=\"\" data-large-file=\"https:\/\/i0.wp.com\/patrimoine-avesnois.fr\/chemin\/wp-content\/uploads\/2019\/06\/domaines-des-fagnes.jpg?fit=840%2C631&amp;ssl=1\" src=\"https:\/\/i0.wp.com\/patrimoine-avesnois.fr\/chemin\/wp-content\/uploads\/2019\/06\/domaines-des-fagnes.jpg?fit=840%2C631\" alt=\"\" class=\"wp-image-5387\" style=\"width:630px;height:473px\" srcset=\"https:\/\/i0.wp.com\/patrimoine-avesnois.fr\/chemin\/wp-content\/uploads\/2019\/06\/domaines-des-fagnes.jpg?w=1082&amp;ssl=1 1082w, https:\/\/i0.wp.com\/patrimoine-avesnois.fr\/chemin\/wp-content\/uploads\/2019\/06\/domaines-des-fagnes.jpg?resize=300%2C225&amp;ssl=1 300w, https:\/\/i0.wp.com\/patrimoine-avesnois.fr\/chemin\/wp-content\/uploads\/2019\/06\/domaines-des-fagnes.jpg?resize=768%2C577&amp;ssl=1 768w, https:\/\/i0.wp.com\/patrimoine-avesnois.fr\/chemin\/wp-content\/uploads\/2019\/06\/domaines-des-fagnes.jpg?resize=1024%2C769&amp;ssl=1 1024w\" sizes=\"auto, (max-width: 709px) 85vw, (max-width: 909px) 67vw, (max-width: 1362px) 62vw, 840px\" \/><figcaption class=\"wp-element-caption\">Le ch\u00e2teau Robert devenu le Domaine des Fagnes (chambres d\u2019h\u00f4tes).<\/figcaption><\/figure>\n<\/div>\n\n<div class=\"wp-block-image\">\n<figure class=\"aligncenter\"><img loading=\"lazy\" decoding=\"async\" width=\"741\" height=\"555\" data-attachment-id=\"5470\" data-permalink=\"https:\/\/patrimoine-avesnois.fr\/chemin\/sains-du-nord\/capture0-8\/\" data-orig-file=\"https:\/\/i0.wp.com\/patrimoine-avesnois.fr\/chemin\/wp-content\/uploads\/2019\/06\/Capture0-6.jpg?fit=741%2C555&amp;ssl=1\" data-orig-size=\"741,555\" data-comments-opened=\"1\" data-image-meta=\"{&quot;aperture&quot;:&quot;0&quot;,&quot;credit&quot;:&quot;CARRE&quot;,&quot;camera&quot;:&quot;&quot;,&quot;caption&quot;:&quot;&quot;,&quot;created_timestamp&quot;:&quot;1559768157&quot;,&quot;copyright&quot;:&quot;&quot;,&quot;focal_length&quot;:&quot;0&quot;,&quot;iso&quot;:&quot;0&quot;,&quot;shutter_speed&quot;:&quot;0&quot;,&quot;title&quot;:&quot;&quot;,&quot;orientation&quot;:&quot;0&quot;}\" data-image-title=\"Capture0\" data-image-description=\"\" data-image-caption=\"\" data-large-file=\"https:\/\/i0.wp.com\/patrimoine-avesnois.fr\/chemin\/wp-content\/uploads\/2019\/06\/Capture0-6.jpg?fit=741%2C555&amp;ssl=1\" src=\"https:\/\/i1.wp.com\/patrimoine-avesnois.fr\/chemin\/wp-content\/uploads\/2019\/06\/Capture0-6.jpg?resize=630%2C471\" alt=\"\" class=\"wp-image-5470\" srcset=\"https:\/\/i0.wp.com\/patrimoine-avesnois.fr\/chemin\/wp-content\/uploads\/2019\/06\/Capture0-6.jpg?w=741&amp;ssl=1 741w, https:\/\/i0.wp.com\/patrimoine-avesnois.fr\/chemin\/wp-content\/uploads\/2019\/06\/Capture0-6.jpg?resize=300%2C225&amp;ssl=1 300w\" sizes=\"auto, (max-width: 741px) 85vw, 741px\" \/><figcaption class=\"wp-element-caption\"><em><a aria-label=\" (opens in a new tab)\" href=\"https:\/\/www.ledomainedesfagnes.com\/\" target=\"_blank\" rel=\"noreferrer noopener\">Le Domaine des Fagnes<\/a><\/em><\/figcaption><\/figure>\n<\/div>\n\n<div class=\"wp-block-image\">\n<figure class=\"aligncenter is-resized\"><img loading=\"lazy\" decoding=\"async\" width=\"1155\" height=\"780\" data-attachment-id=\"9472\" data-permalink=\"https:\/\/patrimoine-avesnois.fr\/chemin\/les-chateaux-de-lavesnois-et-leurs-proprietaires\/image-1448\/\" data-orig-file=\"https:\/\/i0.wp.com\/patrimoine-avesnois.fr\/chemin\/wp-content\/uploads\/2020\/03\/image-46.png?fit=1155%2C780&amp;ssl=1\" data-orig-size=\"1155,780\" data-comments-opened=\"1\" data-image-meta=\"{&quot;aperture&quot;:&quot;0&quot;,&quot;credit&quot;:&quot;&quot;,&quot;camera&quot;:&quot;&quot;,&quot;caption&quot;:&quot;&quot;,&quot;created_timestamp&quot;:&quot;0&quot;,&quot;copyright&quot;:&quot;&quot;,&quot;focal_length&quot;:&quot;0&quot;,&quot;iso&quot;:&quot;0&quot;,&quot;shutter_speed&quot;:&quot;0&quot;,&quot;title&quot;:&quot;&quot;,&quot;orientation&quot;:&quot;0&quot;}\" data-image-title=\"image\" data-image-description=\"\" data-image-caption=\"\" data-large-file=\"https:\/\/i0.wp.com\/patrimoine-avesnois.fr\/chemin\/wp-content\/uploads\/2020\/03\/image-46.png?fit=840%2C568&amp;ssl=1\" src=\"https:\/\/i0.wp.com\/patrimoine-avesnois.fr\/chemin\/wp-content\/uploads\/2020\/03\/image-46.png?fit=840%2C568\" alt=\"\" class=\"wp-image-9472\" style=\"width:630px;height:425px\" srcset=\"https:\/\/i0.wp.com\/patrimoine-avesnois.fr\/chemin\/wp-content\/uploads\/2020\/03\/image-46.png?w=1155&amp;ssl=1 1155w, https:\/\/i0.wp.com\/patrimoine-avesnois.fr\/chemin\/wp-content\/uploads\/2020\/03\/image-46.png?resize=300%2C203&amp;ssl=1 300w, https:\/\/i0.wp.com\/patrimoine-avesnois.fr\/chemin\/wp-content\/uploads\/2020\/03\/image-46.png?resize=768%2C519&amp;ssl=1 768w, https:\/\/i0.wp.com\/patrimoine-avesnois.fr\/chemin\/wp-content\/uploads\/2020\/03\/image-46.png?resize=1024%2C692&amp;ssl=1 1024w\" sizes=\"auto, (max-width: 709px) 85vw, (max-width: 909px) 67vw, (max-width: 1362px) 62vw, 840px\" \/><figcaption class=\"wp-element-caption\">Autre vue et autres photos sur <a aria-label=\"hotels.com (opens in a new tab)\" href=\"https:\/\/fr.hotels.com\/ho862261184?rffrid=sem.hcom.xx.156.020.localuniversal.02.\" target=\"_blank\" rel=\"noreferrer noopener\">hotels.com<\/a><\/figcaption><\/figure>\n<\/div>\n\n\n<p><a href=\"https:\/\/gw.geneanet.org\/fvielfau?lang=fr&amp;p=paul+adolphe&amp;n=robert\" target=\"_blank\" rel=\"noreferrer noopener\">Paul Adolphe Robert<\/a>&nbsp;(1871 1929), filateur, fils de Jules et de Placidie Meurisse, acheta vers 1895 le Ch\u00e2teau des Fagnes \u00e0 la famille <a aria-label=\"Stavaux (opens in a new tab)\" href=\"https:\/\/gw.geneanet.org\/letemps1951?lang=fr&amp;iz=0&amp;p=antoine+joseph&amp;n=stavaux\" target=\"_blank\" rel=\"noreferrer noopener\">Stavaux<\/a> \u00e0 qui le ch\u00e2teau devait appartenir depuis le d\u00e9but du XIX e si\u00e8cle. Son fils Pierre Th\u00e9ophile Jules Robert y d\u00e9c\u00e9da en 1961 et son \u00e9pouse Germaine Barbieux en 1964. La demeure servit ensuite de colonie de vacances et de centre \u00e9ducatif \u00e0 des enfants et adolescents de la ville de Trith-Saint-l\u00e9ger. Inoccup\u00e9e pendant quelques temps, elle trouva de nouveaux propri\u00e9taires en 2006 et apr\u00e8s quelques ann\u00e9es de travaux de r\u00e9novation faits avec go\u00fbt par M et Mme Dominique Rouly, ce domaine devint en 2009 Chambres d&rsquo;h\u00f4tes et Cottages de Charme. Il vous accueille de nos jours dans un lieu unique situ\u00e9 en plein C\u0153ur de l&rsquo;Avesnois o\u00f9 il est ainsi possible de partager des moments de convivialit\u00e9 et de profiter du domaine du parc.<\/p>\n\n\n\n<p class=\"has-text-align-center has-bright-red-color has-light-blue-background-color has-text-color has-background has-medium-font-size\">Le ch\u00e2teau Mariage \u00e0 Sains-du-Nord <\/p>\n\n\n<div class=\"wp-block-image\">\n<figure class=\"aligncenter is-resized\"><img data-recalc-dims=\"1\" loading=\"lazy\" decoding=\"async\" width=\"840\" height=\"527\" data-attachment-id=\"9495\" data-permalink=\"https:\/\/patrimoine-avesnois.fr\/chemin\/les-chateaux-de-lavesnois-et-leurs-proprietaires\/image-1460\/\" data-orig-file=\"https:\/\/i0.wp.com\/patrimoine-avesnois.fr\/chemin\/wp-content\/uploads\/2020\/03\/image-58.png?fit=978%2C613&amp;ssl=1\" data-orig-size=\"978,613\" data-comments-opened=\"1\" data-image-meta=\"{&quot;aperture&quot;:&quot;0&quot;,&quot;credit&quot;:&quot;&quot;,&quot;camera&quot;:&quot;&quot;,&quot;caption&quot;:&quot;&quot;,&quot;created_timestamp&quot;:&quot;0&quot;,&quot;copyright&quot;:&quot;&quot;,&quot;focal_length&quot;:&quot;0&quot;,&quot;iso&quot;:&quot;0&quot;,&quot;shutter_speed&quot;:&quot;0&quot;,&quot;title&quot;:&quot;&quot;,&quot;orientation&quot;:&quot;0&quot;}\" data-image-title=\"image\" data-image-description=\"\" data-image-caption=\"\" data-large-file=\"https:\/\/i0.wp.com\/patrimoine-avesnois.fr\/chemin\/wp-content\/uploads\/2020\/03\/image-58.png?fit=840%2C527&amp;ssl=1\" src=\"https:\/\/i0.wp.com\/patrimoine-avesnois.fr\/chemin\/wp-content\/uploads\/2020\/03\/image-58.png?resize=840%2C527\" alt=\"\" class=\"wp-image-9495\" style=\"width:630px;height:395px\" srcset=\"https:\/\/i0.wp.com\/patrimoine-avesnois.fr\/chemin\/wp-content\/uploads\/2020\/03\/image-58.png?w=978&amp;ssl=1 978w, https:\/\/i0.wp.com\/patrimoine-avesnois.fr\/chemin\/wp-content\/uploads\/2020\/03\/image-58.png?resize=300%2C188&amp;ssl=1 300w, https:\/\/i0.wp.com\/patrimoine-avesnois.fr\/chemin\/wp-content\/uploads\/2020\/03\/image-58.png?resize=768%2C481&amp;ssl=1 768w\" sizes=\"auto, (max-width: 709px) 85vw, (max-width: 909px) 67vw, (max-width: 1362px) 62vw, 840px\" \/><figcaption class=\"wp-element-caption\">Ch\u00e2teau Mariage et Filature<\/figcaption><\/figure>\n<\/div>\n\n<div class=\"wp-block-image\">\n<figure class=\"aligncenter is-resized\"><img data-recalc-dims=\"1\" loading=\"lazy\" decoding=\"async\" width=\"840\" height=\"513\" data-attachment-id=\"9494\" data-permalink=\"https:\/\/patrimoine-avesnois.fr\/chemin\/les-chateaux-de-lavesnois-et-leurs-proprietaires\/image-1459\/\" data-orig-file=\"https:\/\/i0.wp.com\/patrimoine-avesnois.fr\/chemin\/wp-content\/uploads\/2020\/03\/image-57.png?fit=867%2C529&amp;ssl=1\" data-orig-size=\"867,529\" data-comments-opened=\"1\" data-image-meta=\"{&quot;aperture&quot;:&quot;0&quot;,&quot;credit&quot;:&quot;&quot;,&quot;camera&quot;:&quot;&quot;,&quot;caption&quot;:&quot;&quot;,&quot;created_timestamp&quot;:&quot;0&quot;,&quot;copyright&quot;:&quot;&quot;,&quot;focal_length&quot;:&quot;0&quot;,&quot;iso&quot;:&quot;0&quot;,&quot;shutter_speed&quot;:&quot;0&quot;,&quot;title&quot;:&quot;&quot;,&quot;orientation&quot;:&quot;0&quot;}\" data-image-title=\"image\" data-image-description=\"\" data-image-caption=\"\" data-large-file=\"https:\/\/i0.wp.com\/patrimoine-avesnois.fr\/chemin\/wp-content\/uploads\/2020\/03\/image-57.png?fit=840%2C513&amp;ssl=1\" src=\"https:\/\/i0.wp.com\/patrimoine-avesnois.fr\/chemin\/wp-content\/uploads\/2020\/03\/image-57.png?resize=840%2C513\" alt=\"\" class=\"wp-image-9494\" style=\"width:630px;height:384px\" srcset=\"https:\/\/i0.wp.com\/patrimoine-avesnois.fr\/chemin\/wp-content\/uploads\/2020\/03\/image-57.png?w=867&amp;ssl=1 867w, https:\/\/i0.wp.com\/patrimoine-avesnois.fr\/chemin\/wp-content\/uploads\/2020\/03\/image-57.png?resize=300%2C183&amp;ssl=1 300w, https:\/\/i0.wp.com\/patrimoine-avesnois.fr\/chemin\/wp-content\/uploads\/2020\/03\/image-57.png?resize=768%2C469&amp;ssl=1 768w\" sizes=\"auto, (max-width: 709px) 85vw, (max-width: 909px) 67vw, (max-width: 1362px) 62vw, 840px\" \/><figcaption class=\"wp-element-caption\">Le ch\u00e2teau Mariage<\/figcaption><\/figure>\n<\/div>\n\n<div class=\"wp-block-image\">\n<figure class=\"aligncenter is-resized\"><img data-recalc-dims=\"1\" decoding=\"async\" src=\"https:\/\/i0.wp.com\/p3.storage.canalblog.com\/39\/58\/783846\/119936318.jpg?w=840&#038;ssl=1\" alt=\"SAINS DU NORD-Ch\u00e2teau Mariage\" style=\"width:630px;height:446px\"\/><figcaption class=\"wp-element-caption\">Le ch\u00e2teau Mariage. 11 rue J.B Lebas<\/figcaption><\/figure>\n<\/div>\n\n\n<p>Le ch\u00e2teau Mariage, fut construit en 1902, dans un style n\u00e9o-gothique anglais avec bow-window surmont\u00e9 d\u2019un balcon, pour Paul Mariage, filateur dont l\u2019usine se trouvait \u00e0 c\u00f4t\u00e9.  <\/p>\n\n\n\n<p class=\"has-text-align-center has-bright-red-color has-light-blue-background-color has-text-color has-background has-medium-font-size\">Le ch\u00e2teau Charles Fosset \u00e0 Sains-du-Nord<\/p>\n\n\n<div class=\"wp-block-image\">\n<figure class=\"aligncenter\"><img data-recalc-dims=\"1\" decoding=\"async\" src=\"https:\/\/i0.wp.com\/patrimoine-avesnois.fr\/chemin\/wp-content\/uploads\/2019\/06\/Ch%C3%A2teau-Pecqueriaux.jpg?w=840\" alt=\"L\u2019attribut alt de cette image est vide, son nom de fichier est Ch\u00e2teau-Pecqueriaux.jpg.\"\/><figcaption class=\"wp-element-caption\">Le ch\u00e2teau Charles Fosset <\/figcaption><\/figure>\n<\/div>\n\n<div class=\"wp-block-image\">\n<figure class=\"aligncenter is-resized\"><img data-recalc-dims=\"1\" loading=\"lazy\" decoding=\"async\" width=\"840\" height=\"617\" data-attachment-id=\"9508\" data-permalink=\"https:\/\/patrimoine-avesnois.fr\/chemin\/les-chateaux-de-lavesnois-et-leurs-proprietaires\/image-1471\/\" data-orig-file=\"https:\/\/i0.wp.com\/patrimoine-avesnois.fr\/chemin\/wp-content\/uploads\/2020\/03\/image-69.png?fit=886%2C651&amp;ssl=1\" data-orig-size=\"886,651\" data-comments-opened=\"1\" data-image-meta=\"{&quot;aperture&quot;:&quot;0&quot;,&quot;credit&quot;:&quot;&quot;,&quot;camera&quot;:&quot;&quot;,&quot;caption&quot;:&quot;&quot;,&quot;created_timestamp&quot;:&quot;0&quot;,&quot;copyright&quot;:&quot;&quot;,&quot;focal_length&quot;:&quot;0&quot;,&quot;iso&quot;:&quot;0&quot;,&quot;shutter_speed&quot;:&quot;0&quot;,&quot;title&quot;:&quot;&quot;,&quot;orientation&quot;:&quot;0&quot;}\" data-image-title=\"image\" data-image-description=\"\" data-image-caption=\"\" data-large-file=\"https:\/\/i0.wp.com\/patrimoine-avesnois.fr\/chemin\/wp-content\/uploads\/2020\/03\/image-69.png?fit=840%2C617&amp;ssl=1\" src=\"https:\/\/i0.wp.com\/patrimoine-avesnois.fr\/chemin\/wp-content\/uploads\/2020\/03\/image-69.png?resize=840%2C617\" alt=\"\" class=\"wp-image-9508\" style=\"width:630px;height:460px\" srcset=\"https:\/\/i0.wp.com\/patrimoine-avesnois.fr\/chemin\/wp-content\/uploads\/2020\/03\/image-69.png?w=886&amp;ssl=1 886w, https:\/\/i0.wp.com\/patrimoine-avesnois.fr\/chemin\/wp-content\/uploads\/2020\/03\/image-69.png?resize=300%2C220&amp;ssl=1 300w, https:\/\/i0.wp.com\/patrimoine-avesnois.fr\/chemin\/wp-content\/uploads\/2020\/03\/image-69.png?resize=768%2C564&amp;ssl=1 768w\" sizes=\"auto, (max-width: 709px) 85vw, (max-width: 909px) 67vw, (max-width: 1362px) 62vw, 840px\" \/><figcaption class=\"wp-element-caption\">Le ch\u00e2teau Charles Fosset 52 rue JB Lebas<\/figcaption><\/figure>\n<\/div>\n\n\n<p>Charles Fosset est n\u00e9 le 30 mai 1859 \u00e0 Sains-du-Nord.<br>Il se maria le&nbsp;19&nbsp;juillet&nbsp;1882 avec&nbsp;Zo\u00e9 Laure Elmire Sandrart (1862 1944). Il fit construire cette jolie demeure comme tous les industriels de la ville car il \u00e9tait n\u00e9gociant, filateur. Il d\u00e9c\u00e9da le&nbsp;29&nbsp;janvier&nbsp;1942, \u00e0 l&rsquo;\u00e2ge de 82&nbsp;ans.   <\/p>\n\n\n\n<p>En 1954, Charles Naveau, maire de l\u2019\u00e9poque y ouvrit une \u00e9cole m\u00e9nag\u00e8re, qui se transforma en coll\u00e8ge et en lyc\u00e9e agricole <\/p>\n\n\n\n<p class=\"has-text-align-center has-bright-red-color has-light-blue-background-color has-text-color has-background has-medium-font-size\">La maison Coupain \u00e0 Sains-du-Nord (l&rsquo;Ecomus\u00e9e)<\/p>\n\n\n<div class=\"wp-block-image\">\n<figure class=\"aligncenter is-resized\"><img data-recalc-dims=\"1\" loading=\"lazy\" decoding=\"async\" width=\"599\" height=\"448\" data-attachment-id=\"9510\" data-permalink=\"https:\/\/patrimoine-avesnois.fr\/chemin\/les-chateaux-de-lavesnois-et-leurs-proprietaires\/image-1473\/\" data-orig-file=\"https:\/\/i0.wp.com\/patrimoine-avesnois.fr\/chemin\/wp-content\/uploads\/2020\/03\/image-71.png?fit=599%2C448&amp;ssl=1\" data-orig-size=\"599,448\" data-comments-opened=\"1\" data-image-meta=\"{&quot;aperture&quot;:&quot;0&quot;,&quot;credit&quot;:&quot;&quot;,&quot;camera&quot;:&quot;&quot;,&quot;caption&quot;:&quot;&quot;,&quot;created_timestamp&quot;:&quot;0&quot;,&quot;copyright&quot;:&quot;&quot;,&quot;focal_length&quot;:&quot;0&quot;,&quot;iso&quot;:&quot;0&quot;,&quot;shutter_speed&quot;:&quot;0&quot;,&quot;title&quot;:&quot;&quot;,&quot;orientation&quot;:&quot;0&quot;}\" data-image-title=\"image\" data-image-description=\"\" data-image-caption=\"\" data-large-file=\"https:\/\/i0.wp.com\/patrimoine-avesnois.fr\/chemin\/wp-content\/uploads\/2020\/03\/image-71.png?fit=599%2C448&amp;ssl=1\" src=\"https:\/\/i0.wp.com\/patrimoine-avesnois.fr\/chemin\/wp-content\/uploads\/2020\/03\/image-71.png?resize=599%2C448\" alt=\"\" class=\"wp-image-9510\" style=\"width:630px;height:470px\" srcset=\"https:\/\/i0.wp.com\/patrimoine-avesnois.fr\/chemin\/wp-content\/uploads\/2020\/03\/image-71.png?w=599&amp;ssl=1 599w, https:\/\/i0.wp.com\/patrimoine-avesnois.fr\/chemin\/wp-content\/uploads\/2020\/03\/image-71.png?resize=300%2C224&amp;ssl=1 300w\" sizes=\"auto, (max-width: 599px) 85vw, 599px\" \/><figcaption class=\"wp-element-caption\">L&rsquo;\u00e9comus\u00e9e 35 rue JB Lebas<\/figcaption><\/figure>\n<\/div>\n\n\n<p>Cette maison de ma\u00eetre qui abrite une antenne de l \u2019\u00e9comus\u00e9e,  \u00ab la maison du bocage \u00bb , date de 1880. Elle \u00e9tait la propri\u00e9t\u00e9 d\u2019un \u00e9leveur de chevaux, L\u00e9on Evariste Coupain. Elle fut occup\u00e9e par l&rsquo;arm\u00e9e allemande en 39 -40. Elle fut rachet\u00e9e par la commune en 1985. <\/p>\n\n\n\n<p>\u00ab\u00a0Dans la cour \u00e0 l \u2019arri\u00e8re, une grange a \u00e9t\u00e9 remont\u00e9e en 1995. A l&rsquo;int\u00e9rieur, d\u00e9couvrez le bocage, les abeilles, l&rsquo;exposition sur l&rsquo;\u00e9volution contemporaine de l \u2019agriculture avesnoise et sur l \u2019activit\u00e9 herbag\u00e8re depuis trente ans, les expositions temporaires et la possibilit\u00e9 de sorties nature\u2026. Le jardin botanique \u00e0 l \u2019entr\u00e9e est ouvert aux heures de l \u2019\u00e9comus\u00e9e en acc\u00e8s libre\u00a0\u00bb. <\/p>\n\n\n\n<p class=\"has-text-align-center has-bright-red-color has-light-blue-background-color has-text-color has-background has-medium-font-size\">Le ch\u00e2teau Adrien P\u00e9cqu\u00e9riaux \u00e0 Sains-du-Nord<\/p>\n\n\n<div class=\"wp-block-image\">\n<figure class=\"aligncenter is-resized\"><img data-recalc-dims=\"1\" loading=\"lazy\" decoding=\"async\" width=\"840\" height=\"546\" data-attachment-id=\"9496\" data-permalink=\"https:\/\/patrimoine-avesnois.fr\/chemin\/les-chateaux-de-lavesnois-et-leurs-proprietaires\/image-1461\/\" data-orig-file=\"https:\/\/i0.wp.com\/patrimoine-avesnois.fr\/chemin\/wp-content\/uploads\/2020\/03\/image-59.png?fit=990%2C644&amp;ssl=1\" data-orig-size=\"990,644\" data-comments-opened=\"1\" data-image-meta=\"{&quot;aperture&quot;:&quot;0&quot;,&quot;credit&quot;:&quot;&quot;,&quot;camera&quot;:&quot;&quot;,&quot;caption&quot;:&quot;&quot;,&quot;created_timestamp&quot;:&quot;0&quot;,&quot;copyright&quot;:&quot;&quot;,&quot;focal_length&quot;:&quot;0&quot;,&quot;iso&quot;:&quot;0&quot;,&quot;shutter_speed&quot;:&quot;0&quot;,&quot;title&quot;:&quot;&quot;,&quot;orientation&quot;:&quot;0&quot;}\" data-image-title=\"image\" data-image-description=\"\" data-image-caption=\"\" data-large-file=\"https:\/\/i0.wp.com\/patrimoine-avesnois.fr\/chemin\/wp-content\/uploads\/2020\/03\/image-59.png?fit=840%2C546&amp;ssl=1\" src=\"https:\/\/i0.wp.com\/patrimoine-avesnois.fr\/chemin\/wp-content\/uploads\/2020\/03\/image-59.png?resize=840%2C546\" alt=\"\" class=\"wp-image-9496\" style=\"width:628px;height:408px\" srcset=\"https:\/\/i0.wp.com\/patrimoine-avesnois.fr\/chemin\/wp-content\/uploads\/2020\/03\/image-59.png?w=990&amp;ssl=1 990w, https:\/\/i0.wp.com\/patrimoine-avesnois.fr\/chemin\/wp-content\/uploads\/2020\/03\/image-59.png?resize=300%2C195&amp;ssl=1 300w, https:\/\/i0.wp.com\/patrimoine-avesnois.fr\/chemin\/wp-content\/uploads\/2020\/03\/image-59.png?resize=768%2C500&amp;ssl=1 768w\" sizes=\"auto, (max-width: 709px) 85vw, (max-width: 909px) 67vw, (max-width: 1362px) 62vw, 840px\" \/><figcaption class=\"wp-element-caption\"><em>Le Ch\u00e2teau Adrien Pecqueriaux<\/em> <\/figcaption><\/figure>\n<\/div>\n\n<div class=\"wp-block-image\">\n<figure class=\"aligncenter is-resized\"><img data-recalc-dims=\"1\" loading=\"lazy\" decoding=\"async\" width=\"840\" height=\"544\" data-attachment-id=\"9502\" data-permalink=\"https:\/\/patrimoine-avesnois.fr\/chemin\/les-chateaux-de-lavesnois-et-leurs-proprietaires\/image-1466\/\" data-orig-file=\"https:\/\/i0.wp.com\/patrimoine-avesnois.fr\/chemin\/wp-content\/uploads\/2020\/03\/image-64.png?fit=939%2C608&amp;ssl=1\" data-orig-size=\"939,608\" data-comments-opened=\"1\" data-image-meta=\"{&quot;aperture&quot;:&quot;0&quot;,&quot;credit&quot;:&quot;&quot;,&quot;camera&quot;:&quot;&quot;,&quot;caption&quot;:&quot;&quot;,&quot;created_timestamp&quot;:&quot;0&quot;,&quot;copyright&quot;:&quot;&quot;,&quot;focal_length&quot;:&quot;0&quot;,&quot;iso&quot;:&quot;0&quot;,&quot;shutter_speed&quot;:&quot;0&quot;,&quot;title&quot;:&quot;&quot;,&quot;orientation&quot;:&quot;0&quot;}\" data-image-title=\"image\" data-image-description=\"\" data-image-caption=\"\" data-large-file=\"https:\/\/i0.wp.com\/patrimoine-avesnois.fr\/chemin\/wp-content\/uploads\/2020\/03\/image-64.png?fit=840%2C544&amp;ssl=1\" src=\"https:\/\/i0.wp.com\/patrimoine-avesnois.fr\/chemin\/wp-content\/uploads\/2020\/03\/image-64.png?resize=840%2C544\" alt=\"\" class=\"wp-image-9502\" style=\"width:630px;height:409px\" srcset=\"https:\/\/i0.wp.com\/patrimoine-avesnois.fr\/chemin\/wp-content\/uploads\/2020\/03\/image-64.png?w=939&amp;ssl=1 939w, https:\/\/i0.wp.com\/patrimoine-avesnois.fr\/chemin\/wp-content\/uploads\/2020\/03\/image-64.png?resize=300%2C194&amp;ssl=1 300w, https:\/\/i0.wp.com\/patrimoine-avesnois.fr\/chemin\/wp-content\/uploads\/2020\/03\/image-64.png?resize=768%2C497&amp;ssl=1 768w\" sizes=\"auto, (max-width: 709px) 85vw, (max-width: 909px) 67vw, (max-width: 1362px) 62vw, 840px\" \/><figcaption class=\"wp-element-caption\"><em>Le Ch\u00e2teau Adrien Pecqueriaux&nbsp;10&nbsp;Rue&nbsp;J.B&nbsp;Lebas<\/em> <\/figcaption><\/figure>\n<\/div>\n\n\n<p>Le ch\u00e2teau Adrien Pecqueriaux fut construit en 1900, avec un joli parc, une belle grille en fer forg\u00e9 et une maison de concierge. <\/p>\n\n\n\n<p class=\"has-text-align-center has-bright-red-color has-light-blue-background-color has-text-color has-background has-medium-font-size\">Le ch\u00e2teau Ernest Pecqueriaux \u00e0 Sains-du-Nord<\/p>\n\n\n<div class=\"wp-block-image\">\n<figure class=\"aligncenter is-resized\"><img data-recalc-dims=\"1\" loading=\"lazy\" decoding=\"async\" width=\"805\" height=\"577\" data-attachment-id=\"9500\" data-permalink=\"https:\/\/patrimoine-avesnois.fr\/chemin\/les-chateaux-de-lavesnois-et-leurs-proprietaires\/image-1464\/\" data-orig-file=\"https:\/\/i0.wp.com\/patrimoine-avesnois.fr\/chemin\/wp-content\/uploads\/2020\/03\/image-62.png?fit=805%2C577&amp;ssl=1\" data-orig-size=\"805,577\" data-comments-opened=\"1\" data-image-meta=\"{&quot;aperture&quot;:&quot;0&quot;,&quot;credit&quot;:&quot;&quot;,&quot;camera&quot;:&quot;&quot;,&quot;caption&quot;:&quot;&quot;,&quot;created_timestamp&quot;:&quot;0&quot;,&quot;copyright&quot;:&quot;&quot;,&quot;focal_length&quot;:&quot;0&quot;,&quot;iso&quot;:&quot;0&quot;,&quot;shutter_speed&quot;:&quot;0&quot;,&quot;title&quot;:&quot;&quot;,&quot;orientation&quot;:&quot;0&quot;}\" data-image-title=\"image\" data-image-description=\"\" data-image-caption=\"\" data-large-file=\"https:\/\/i0.wp.com\/patrimoine-avesnois.fr\/chemin\/wp-content\/uploads\/2020\/03\/image-62.png?fit=805%2C577&amp;ssl=1\" src=\"https:\/\/i0.wp.com\/patrimoine-avesnois.fr\/chemin\/wp-content\/uploads\/2020\/03\/image-62.png?resize=805%2C577\" alt=\"\" class=\"wp-image-9500\" style=\"width:630px;height:450px\" srcset=\"https:\/\/i0.wp.com\/patrimoine-avesnois.fr\/chemin\/wp-content\/uploads\/2020\/03\/image-62.png?w=805&amp;ssl=1 805w, https:\/\/i0.wp.com\/patrimoine-avesnois.fr\/chemin\/wp-content\/uploads\/2020\/03\/image-62.png?resize=300%2C215&amp;ssl=1 300w, https:\/\/i0.wp.com\/patrimoine-avesnois.fr\/chemin\/wp-content\/uploads\/2020\/03\/image-62.png?resize=768%2C550&amp;ssl=1 768w\" sizes=\"auto, (max-width: 805px) 85vw, 805px\" \/><figcaption class=\"wp-element-caption\">Le ch\u00e2teau Ernest Pecqueriaux  1 rue Sadi Carnot <\/figcaption><\/figure>\n<\/div>\n\n\n<p>Ernest Pecqueriaux fut le fondateur en 1897, de l\u2019usine de jute qui fut florissante jusqu\u2019en 1952. Le parc comporte trois arbres class\u00e9s par le PNR de L\u2019Avesnois, un tulipier, un h\u00eatre pourpre, un c\u00e8dre du Liban. <\/p>\n\n\n\n<p class=\"has-text-align-center has-bright-red-color has-light-blue-background-color has-text-color has-background has-medium-font-size\">Le ch\u00e2teau de la Croix de Montfort \u00e0 Sains-du-Nord <\/p>\n\n\n<div class=\"wp-block-image\">\n<figure class=\"aligncenter is-resized\"><img data-recalc-dims=\"1\" loading=\"lazy\" decoding=\"async\" width=\"839\" height=\"531\" data-attachment-id=\"9497\" data-permalink=\"https:\/\/patrimoine-avesnois.fr\/chemin\/les-chateaux-de-lavesnois-et-leurs-proprietaires\/image-1462\/\" data-orig-file=\"https:\/\/i0.wp.com\/patrimoine-avesnois.fr\/chemin\/wp-content\/uploads\/2020\/03\/image-60.png?fit=839%2C531&amp;ssl=1\" data-orig-size=\"839,531\" data-comments-opened=\"1\" data-image-meta=\"{&quot;aperture&quot;:&quot;0&quot;,&quot;credit&quot;:&quot;&quot;,&quot;camera&quot;:&quot;&quot;,&quot;caption&quot;:&quot;&quot;,&quot;created_timestamp&quot;:&quot;0&quot;,&quot;copyright&quot;:&quot;&quot;,&quot;focal_length&quot;:&quot;0&quot;,&quot;iso&quot;:&quot;0&quot;,&quot;shutter_speed&quot;:&quot;0&quot;,&quot;title&quot;:&quot;&quot;,&quot;orientation&quot;:&quot;0&quot;}\" data-image-title=\"image\" data-image-description=\"\" data-image-caption=\"\" data-large-file=\"https:\/\/i0.wp.com\/patrimoine-avesnois.fr\/chemin\/wp-content\/uploads\/2020\/03\/image-60.png?fit=839%2C531&amp;ssl=1\" src=\"https:\/\/i0.wp.com\/patrimoine-avesnois.fr\/chemin\/wp-content\/uploads\/2020\/03\/image-60.png?resize=839%2C531\" alt=\"\" class=\"wp-image-9497\" style=\"width:630px;height:398px\" srcset=\"https:\/\/i0.wp.com\/patrimoine-avesnois.fr\/chemin\/wp-content\/uploads\/2020\/03\/image-60.png?w=839&amp;ssl=1 839w, https:\/\/i0.wp.com\/patrimoine-avesnois.fr\/chemin\/wp-content\/uploads\/2020\/03\/image-60.png?resize=300%2C190&amp;ssl=1 300w, https:\/\/i0.wp.com\/patrimoine-avesnois.fr\/chemin\/wp-content\/uploads\/2020\/03\/image-60.png?resize=768%2C486&amp;ssl=1 768w\" sizes=\"auto, (max-width: 839px) 85vw, 839px\" \/><figcaption class=\"wp-element-caption\">Propri\u00e9t\u00e9 de M Menat<\/figcaption><\/figure>\n<\/div>\n\n<div class=\"wp-block-image\">\n<figure class=\"aligncenter is-resized\"><img loading=\"lazy\" decoding=\"async\" width=\"1092\" height=\"703\" data-attachment-id=\"9506\" data-permalink=\"https:\/\/patrimoine-avesnois.fr\/chemin\/les-chateaux-de-lavesnois-et-leurs-proprietaires\/image-1470\/\" data-orig-file=\"https:\/\/i0.wp.com\/patrimoine-avesnois.fr\/chemin\/wp-content\/uploads\/2020\/03\/image-68.png?fit=1092%2C703&amp;ssl=1\" data-orig-size=\"1092,703\" data-comments-opened=\"1\" data-image-meta=\"{&quot;aperture&quot;:&quot;0&quot;,&quot;credit&quot;:&quot;&quot;,&quot;camera&quot;:&quot;&quot;,&quot;caption&quot;:&quot;&quot;,&quot;created_timestamp&quot;:&quot;0&quot;,&quot;copyright&quot;:&quot;&quot;,&quot;focal_length&quot;:&quot;0&quot;,&quot;iso&quot;:&quot;0&quot;,&quot;shutter_speed&quot;:&quot;0&quot;,&quot;title&quot;:&quot;&quot;,&quot;orientation&quot;:&quot;0&quot;}\" data-image-title=\"image\" data-image-description=\"\" data-image-caption=\"\" data-large-file=\"https:\/\/i0.wp.com\/patrimoine-avesnois.fr\/chemin\/wp-content\/uploads\/2020\/03\/image-68.png?fit=840%2C541&amp;ssl=1\" src=\"https:\/\/i0.wp.com\/patrimoine-avesnois.fr\/chemin\/wp-content\/uploads\/2020\/03\/image-68.png?fit=840%2C541\" alt=\"\" class=\"wp-image-9506\" style=\"width:630px;height:405px\" srcset=\"https:\/\/i0.wp.com\/patrimoine-avesnois.fr\/chemin\/wp-content\/uploads\/2020\/03\/image-68.png?w=1092&amp;ssl=1 1092w, https:\/\/i0.wp.com\/patrimoine-avesnois.fr\/chemin\/wp-content\/uploads\/2020\/03\/image-68.png?resize=300%2C193&amp;ssl=1 300w, https:\/\/i0.wp.com\/patrimoine-avesnois.fr\/chemin\/wp-content\/uploads\/2020\/03\/image-68.png?resize=768%2C494&amp;ssl=1 768w, https:\/\/i0.wp.com\/patrimoine-avesnois.fr\/chemin\/wp-content\/uploads\/2020\/03\/image-68.png?resize=1024%2C659&amp;ssl=1 1024w\" sizes=\"auto, (max-width: 709px) 85vw, (max-width: 909px) 67vw, (max-width: 1362px) 62vw, 840px\" \/><figcaption class=\"wp-element-caption\"><em>Le ch\u00e2teau de la Croix de Montfort 132 et 134, rue Sadi Carnot <\/em> <\/figcaption><\/figure>\n<\/div>\n\n<div class=\"wp-block-image\">\n<figure class=\"aligncenter is-resized\"><img data-recalc-dims=\"1\" loading=\"lazy\" decoding=\"async\" width=\"840\" height=\"595\" data-attachment-id=\"9505\" data-permalink=\"https:\/\/patrimoine-avesnois.fr\/chemin\/les-chateaux-de-lavesnois-et-leurs-proprietaires\/image-1469\/\" data-orig-file=\"https:\/\/i0.wp.com\/patrimoine-avesnois.fr\/chemin\/wp-content\/uploads\/2020\/03\/image-67.png?fit=903%2C640&amp;ssl=1\" data-orig-size=\"903,640\" data-comments-opened=\"1\" data-image-meta=\"{&quot;aperture&quot;:&quot;0&quot;,&quot;credit&quot;:&quot;&quot;,&quot;camera&quot;:&quot;&quot;,&quot;caption&quot;:&quot;&quot;,&quot;created_timestamp&quot;:&quot;0&quot;,&quot;copyright&quot;:&quot;&quot;,&quot;focal_length&quot;:&quot;0&quot;,&quot;iso&quot;:&quot;0&quot;,&quot;shutter_speed&quot;:&quot;0&quot;,&quot;title&quot;:&quot;&quot;,&quot;orientation&quot;:&quot;0&quot;}\" data-image-title=\"image\" data-image-description=\"\" data-image-caption=\"\" data-large-file=\"https:\/\/i0.wp.com\/patrimoine-avesnois.fr\/chemin\/wp-content\/uploads\/2020\/03\/image-67.png?fit=840%2C595&amp;ssl=1\" src=\"https:\/\/i0.wp.com\/patrimoine-avesnois.fr\/chemin\/wp-content\/uploads\/2020\/03\/image-67.png?resize=840%2C595\" alt=\"\" class=\"wp-image-9505\" style=\"width:630px;height:445px\" srcset=\"https:\/\/i0.wp.com\/patrimoine-avesnois.fr\/chemin\/wp-content\/uploads\/2020\/03\/image-67.png?w=903&amp;ssl=1 903w, https:\/\/i0.wp.com\/patrimoine-avesnois.fr\/chemin\/wp-content\/uploads\/2020\/03\/image-67.png?resize=300%2C213&amp;ssl=1 300w, https:\/\/i0.wp.com\/patrimoine-avesnois.fr\/chemin\/wp-content\/uploads\/2020\/03\/image-67.png?resize=768%2C544&amp;ssl=1 768w\" sizes=\"auto, (max-width: 709px) 85vw, (max-width: 909px) 67vw, (max-width: 1362px) 62vw, 840px\" \/><figcaption class=\"wp-element-caption\"><em>Le ch\u00e2teau de la Croix de Montfort 132 et 134, rue Sadi Carnot<\/em> <\/figcaption><\/figure>\n<\/div>\n\n\n<p>Cette maison de ma\u00eetre est situ\u00e9e \u00e0 la Croisade Monfort et \u00e9tait constitu\u00e9e \u00e0 l\u2019origine de deux logements. Cette demeure, construite en 1802, devient propri\u00e9t\u00e9 de M. Menat, ing\u00e9nieur agronome, maire de Sains du Nord de 1930 \u00e0 1932.<\/p>\n\n\n\n<p class=\"has-text-align-center has-bright-red-color has-light-blue-background-color has-text-color has-background has-medium-font-size\">Le ch\u00e2teau Michel Pecqueriaux \u00e0 Sains-du-Nord<\/p>\n\n\n<div class=\"wp-block-image\">\n<figure class=\"aligncenter is-resized\"><img data-recalc-dims=\"1\" loading=\"lazy\" decoding=\"async\" width=\"840\" height=\"623\" data-attachment-id=\"9504\" data-permalink=\"https:\/\/patrimoine-avesnois.fr\/chemin\/les-chateaux-de-lavesnois-et-leurs-proprietaires\/image-1468\/\" data-orig-file=\"https:\/\/i0.wp.com\/patrimoine-avesnois.fr\/chemin\/wp-content\/uploads\/2020\/03\/image-66.png?fit=977%2C725&amp;ssl=1\" data-orig-size=\"977,725\" data-comments-opened=\"1\" data-image-meta=\"{&quot;aperture&quot;:&quot;0&quot;,&quot;credit&quot;:&quot;&quot;,&quot;camera&quot;:&quot;&quot;,&quot;caption&quot;:&quot;&quot;,&quot;created_timestamp&quot;:&quot;0&quot;,&quot;copyright&quot;:&quot;&quot;,&quot;focal_length&quot;:&quot;0&quot;,&quot;iso&quot;:&quot;0&quot;,&quot;shutter_speed&quot;:&quot;0&quot;,&quot;title&quot;:&quot;&quot;,&quot;orientation&quot;:&quot;0&quot;}\" data-image-title=\"image\" data-image-description=\"\" data-image-caption=\"\" data-large-file=\"https:\/\/i0.wp.com\/patrimoine-avesnois.fr\/chemin\/wp-content\/uploads\/2020\/03\/image-66.png?fit=840%2C623&amp;ssl=1\" src=\"https:\/\/i0.wp.com\/patrimoine-avesnois.fr\/chemin\/wp-content\/uploads\/2020\/03\/image-66.png?resize=840%2C623\" alt=\"\" class=\"wp-image-9504\" style=\"width:630px;height:468px\" srcset=\"https:\/\/i0.wp.com\/patrimoine-avesnois.fr\/chemin\/wp-content\/uploads\/2020\/03\/image-66.png?w=977&amp;ssl=1 977w, https:\/\/i0.wp.com\/patrimoine-avesnois.fr\/chemin\/wp-content\/uploads\/2020\/03\/image-66.png?resize=300%2C223&amp;ssl=1 300w, https:\/\/i0.wp.com\/patrimoine-avesnois.fr\/chemin\/wp-content\/uploads\/2020\/03\/image-66.png?resize=768%2C570&amp;ssl=1 768w\" sizes=\"auto, (max-width: 709px) 85vw, (max-width: 909px) 67vw, (max-width: 1362px) 62vw, 840px\" \/><figcaption class=\"wp-element-caption\">Le ch\u00e2teau Michel Pecqueriaux 33 Rue JB Lebas<\/figcaption><\/figure>\n<\/div>\n\n\n<p>Le ch\u00e2teau Michel Pecqu\u00e9riaux, nich\u00e9 derri\u00e8re les arbres appartenait \u00e0 l&rsquo;origine \u00e0 Mr Pecqueriaux -Bally, son cousin, commer\u00e7ant de laine, propri\u00e9taire d \u2019un grand magasin de stockage avant le ch\u00e2teau.<\/p>\n\n\n\n<p class=\"has-text-align-center has-bright-red-color has-light-blue-background-color has-text-color has-background has-medium-font-size\">Le ch\u00e2teau de Coutant \u00e0 Saint-Hilaire-sur-Helpe<\/p>\n\n\n<div class=\"wp-block-image\">\n<figure class=\"aligncenter is-resized\"><img data-recalc-dims=\"1\" loading=\"lazy\" decoding=\"async\" width=\"789\" height=\"497\" data-attachment-id=\"9480\" data-permalink=\"https:\/\/patrimoine-avesnois.fr\/chemin\/les-chateaux-de-lavesnois-et-leurs-proprietaires\/image-1454\/\" data-orig-file=\"https:\/\/i0.wp.com\/patrimoine-avesnois.fr\/chemin\/wp-content\/uploads\/2020\/03\/image-52.png?fit=789%2C497&amp;ssl=1\" data-orig-size=\"789,497\" data-comments-opened=\"1\" data-image-meta=\"{&quot;aperture&quot;:&quot;0&quot;,&quot;credit&quot;:&quot;&quot;,&quot;camera&quot;:&quot;&quot;,&quot;caption&quot;:&quot;&quot;,&quot;created_timestamp&quot;:&quot;0&quot;,&quot;copyright&quot;:&quot;&quot;,&quot;focal_length&quot;:&quot;0&quot;,&quot;iso&quot;:&quot;0&quot;,&quot;shutter_speed&quot;:&quot;0&quot;,&quot;title&quot;:&quot;&quot;,&quot;orientation&quot;:&quot;0&quot;}\" data-image-title=\"image\" data-image-description=\"\" data-image-caption=\"\" data-large-file=\"https:\/\/i0.wp.com\/patrimoine-avesnois.fr\/chemin\/wp-content\/uploads\/2020\/03\/image-52.png?fit=789%2C497&amp;ssl=1\" src=\"https:\/\/i0.wp.com\/patrimoine-avesnois.fr\/chemin\/wp-content\/uploads\/2020\/03\/image-52.png?resize=789%2C497\" alt=\"\" class=\"wp-image-9480\" style=\"width:630px;height:395px\" srcset=\"https:\/\/i0.wp.com\/patrimoine-avesnois.fr\/chemin\/wp-content\/uploads\/2020\/03\/image-52.png?w=789&amp;ssl=1 789w, https:\/\/i0.wp.com\/patrimoine-avesnois.fr\/chemin\/wp-content\/uploads\/2020\/03\/image-52.png?resize=300%2C189&amp;ssl=1 300w, https:\/\/i0.wp.com\/patrimoine-avesnois.fr\/chemin\/wp-content\/uploads\/2020\/03\/image-52.png?resize=768%2C484&amp;ssl=1 768w\" sizes=\"auto, (max-width: 789px) 85vw, 789px\" \/><figcaption class=\"wp-element-caption\">Le ch\u00e2teau de Coutant<\/figcaption><\/figure>\n<\/div>\n\n<div class=\"wp-block-image\">\n<figure class=\"aligncenter is-resized\"><img loading=\"lazy\" decoding=\"async\" width=\"1037\" height=\"653\" data-attachment-id=\"9481\" data-permalink=\"https:\/\/patrimoine-avesnois.fr\/chemin\/les-chateaux-de-lavesnois-et-leurs-proprietaires\/image-1455\/\" data-orig-file=\"https:\/\/i0.wp.com\/patrimoine-avesnois.fr\/chemin\/wp-content\/uploads\/2020\/03\/image-53.png?fit=1037%2C653&amp;ssl=1\" data-orig-size=\"1037,653\" data-comments-opened=\"1\" data-image-meta=\"{&quot;aperture&quot;:&quot;0&quot;,&quot;credit&quot;:&quot;&quot;,&quot;camera&quot;:&quot;&quot;,&quot;caption&quot;:&quot;&quot;,&quot;created_timestamp&quot;:&quot;0&quot;,&quot;copyright&quot;:&quot;&quot;,&quot;focal_length&quot;:&quot;0&quot;,&quot;iso&quot;:&quot;0&quot;,&quot;shutter_speed&quot;:&quot;0&quot;,&quot;title&quot;:&quot;&quot;,&quot;orientation&quot;:&quot;0&quot;}\" data-image-title=\"image\" data-image-description=\"\" data-image-caption=\"\" data-large-file=\"https:\/\/i0.wp.com\/patrimoine-avesnois.fr\/chemin\/wp-content\/uploads\/2020\/03\/image-53.png?fit=840%2C529&amp;ssl=1\" src=\"https:\/\/i1.wp.com\/patrimoine-avesnois.fr\/chemin\/wp-content\/uploads\/2020\/03\/image-53.png?fit=840%2C529\" alt=\"\" class=\"wp-image-9481\" style=\"width:630px;height:398px\" srcset=\"https:\/\/i0.wp.com\/patrimoine-avesnois.fr\/chemin\/wp-content\/uploads\/2020\/03\/image-53.png?w=1037&amp;ssl=1 1037w, https:\/\/i0.wp.com\/patrimoine-avesnois.fr\/chemin\/wp-content\/uploads\/2020\/03\/image-53.png?resize=300%2C189&amp;ssl=1 300w, https:\/\/i0.wp.com\/patrimoine-avesnois.fr\/chemin\/wp-content\/uploads\/2020\/03\/image-53.png?resize=768%2C484&amp;ssl=1 768w, https:\/\/i0.wp.com\/patrimoine-avesnois.fr\/chemin\/wp-content\/uploads\/2020\/03\/image-53.png?resize=1024%2C645&amp;ssl=1 1024w\" sizes=\"auto, (max-width: 709px) 85vw, (max-width: 909px) 67vw, (max-width: 1362px) 62vw, 840px\" \/><figcaption class=\"wp-element-caption\">le ch\u00e2teau de Coutant<\/figcaption><\/figure>\n<\/div>\n\n<div class=\"wp-block-image\">\n<figure class=\"aligncenter is-resized\"><img data-recalc-dims=\"1\" loading=\"lazy\" decoding=\"async\" width=\"840\" height=\"586\" data-attachment-id=\"9479\" data-permalink=\"https:\/\/patrimoine-avesnois.fr\/chemin\/les-chateaux-de-lavesnois-et-leurs-proprietaires\/image-1453\/\" data-orig-file=\"https:\/\/i0.wp.com\/patrimoine-avesnois.fr\/chemin\/wp-content\/uploads\/2020\/03\/image-51.png?fit=921%2C642&amp;ssl=1\" data-orig-size=\"921,642\" data-comments-opened=\"1\" data-image-meta=\"{&quot;aperture&quot;:&quot;0&quot;,&quot;credit&quot;:&quot;&quot;,&quot;camera&quot;:&quot;&quot;,&quot;caption&quot;:&quot;&quot;,&quot;created_timestamp&quot;:&quot;0&quot;,&quot;copyright&quot;:&quot;&quot;,&quot;focal_length&quot;:&quot;0&quot;,&quot;iso&quot;:&quot;0&quot;,&quot;shutter_speed&quot;:&quot;0&quot;,&quot;title&quot;:&quot;&quot;,&quot;orientation&quot;:&quot;0&quot;}\" data-image-title=\"image\" data-image-description=\"\" data-image-caption=\"\" data-large-file=\"https:\/\/i0.wp.com\/patrimoine-avesnois.fr\/chemin\/wp-content\/uploads\/2020\/03\/image-51.png?fit=840%2C586&amp;ssl=1\" src=\"https:\/\/i0.wp.com\/patrimoine-avesnois.fr\/chemin\/wp-content\/uploads\/2020\/03\/image-51.png?resize=840%2C586\" alt=\"\" class=\"wp-image-9479\" style=\"width:630px;height:440px\" srcset=\"https:\/\/i0.wp.com\/patrimoine-avesnois.fr\/chemin\/wp-content\/uploads\/2020\/03\/image-51.png?w=921&amp;ssl=1 921w, https:\/\/i0.wp.com\/patrimoine-avesnois.fr\/chemin\/wp-content\/uploads\/2020\/03\/image-51.png?resize=300%2C209&amp;ssl=1 300w, https:\/\/i0.wp.com\/patrimoine-avesnois.fr\/chemin\/wp-content\/uploads\/2020\/03\/image-51.png?resize=768%2C535&amp;ssl=1 768w\" sizes=\"auto, (max-width: 709px) 85vw, (max-width: 909px) 67vw, (max-width: 1362px) 62vw, 840px\" \/><figcaption class=\"wp-element-caption\">Le ch\u00e2teau de Coutant<\/figcaption><\/figure>\n<\/div>\n\n<div class=\"wp-block-image\">\n<figure class=\"aligncenter is-resized\"><img decoding=\"async\" src=\"https:\/\/i2.wp.com\/patrimoine-avesnois.fr\/chemin\/wp-content\/uploads\/2019\/06\/Coutant-.jpg?fit=840%2C629\" alt=\"\" style=\"width:630px;height:472px\"\/><figcaption class=\"wp-element-caption\">le ch\u00e2teau de Coutant<\/figcaption><\/figure>\n<\/div>\n\n\n<p>Voir la <a aria-label=\"page de Saint-Hilaire-sur-Helpe (opens in a new tab)\" href=\"http:\/\/patrimoine-avesnois.fr\/chemin\/saint-hilaire-sur-helpe\/\" target=\"_blank\" rel=\"noreferrer noopener\">page de Saint-Hilaire-sur-Helpe<\/a> pour y appr\u00e9hender son histoire et sa description. Son histoire compl\u00e8te se retrouve sur <a aria-label=\"Gallica (opens in a new tab)\" href=\"https:\/\/gallica.bnf.fr\/ark:\/12148\/bpt6k5725848c\/f219.image.r=soci%C3%A9t%C3%A9%20historique%20avesnes%20sur%20helpefief%20de%20coutant\" target=\"_blank\" rel=\"noreferrer noopener\">Gallica<\/a><\/p>\n\n\n<div class=\"wp-block-image\">\n<figure class=\"aligncenter is-resized\"><img data-recalc-dims=\"1\" loading=\"lazy\" decoding=\"async\" width=\"840\" height=\"332\" data-attachment-id=\"9478\" data-permalink=\"https:\/\/patrimoine-avesnois.fr\/chemin\/les-chateaux-de-lavesnois-et-leurs-proprietaires\/image-1452\/\" data-orig-file=\"https:\/\/i0.wp.com\/patrimoine-avesnois.fr\/chemin\/wp-content\/uploads\/2020\/03\/image-50.png?fit=917%2C362&amp;ssl=1\" data-orig-size=\"917,362\" data-comments-opened=\"1\" data-image-meta=\"{&quot;aperture&quot;:&quot;0&quot;,&quot;credit&quot;:&quot;&quot;,&quot;camera&quot;:&quot;&quot;,&quot;caption&quot;:&quot;&quot;,&quot;created_timestamp&quot;:&quot;0&quot;,&quot;copyright&quot;:&quot;&quot;,&quot;focal_length&quot;:&quot;0&quot;,&quot;iso&quot;:&quot;0&quot;,&quot;shutter_speed&quot;:&quot;0&quot;,&quot;title&quot;:&quot;&quot;,&quot;orientation&quot;:&quot;0&quot;}\" data-image-title=\"image\" data-image-description=\"\" data-image-caption=\"\" data-large-file=\"https:\/\/i0.wp.com\/patrimoine-avesnois.fr\/chemin\/wp-content\/uploads\/2020\/03\/image-50.png?fit=840%2C332&amp;ssl=1\" src=\"https:\/\/i0.wp.com\/patrimoine-avesnois.fr\/chemin\/wp-content\/uploads\/2020\/03\/image-50.png?resize=840%2C332\" alt=\"\" class=\"wp-image-9478\" style=\"width:630px;height:250px\" srcset=\"https:\/\/i0.wp.com\/patrimoine-avesnois.fr\/chemin\/wp-content\/uploads\/2020\/03\/image-50.png?w=917&amp;ssl=1 917w, https:\/\/i0.wp.com\/patrimoine-avesnois.fr\/chemin\/wp-content\/uploads\/2020\/03\/image-50.png?resize=300%2C118&amp;ssl=1 300w, https:\/\/i0.wp.com\/patrimoine-avesnois.fr\/chemin\/wp-content\/uploads\/2020\/03\/image-50.png?resize=768%2C303&amp;ssl=1 768w\" sizes=\"auto, (max-width: 709px) 85vw, (max-width: 909px) 67vw, (max-width: 1362px) 62vw, 840px\" \/><figcaption class=\"wp-element-caption\">Photos Colette Rabin-Fran\u00e7ois 2015<\/figcaption><\/figure>\n<\/div>\n\n<div class=\"wp-block-image\">\n<figure class=\"aligncenter is-resized\"><img data-recalc-dims=\"1\" loading=\"lazy\" decoding=\"async\" width=\"840\" height=\"335\" data-attachment-id=\"9477\" data-permalink=\"https:\/\/patrimoine-avesnois.fr\/chemin\/les-chateaux-de-lavesnois-et-leurs-proprietaires\/image-1451\/\" data-orig-file=\"https:\/\/i0.wp.com\/patrimoine-avesnois.fr\/chemin\/wp-content\/uploads\/2020\/03\/image-49.png?fit=919%2C367&amp;ssl=1\" data-orig-size=\"919,367\" data-comments-opened=\"1\" data-image-meta=\"{&quot;aperture&quot;:&quot;0&quot;,&quot;credit&quot;:&quot;&quot;,&quot;camera&quot;:&quot;&quot;,&quot;caption&quot;:&quot;&quot;,&quot;created_timestamp&quot;:&quot;0&quot;,&quot;copyright&quot;:&quot;&quot;,&quot;focal_length&quot;:&quot;0&quot;,&quot;iso&quot;:&quot;0&quot;,&quot;shutter_speed&quot;:&quot;0&quot;,&quot;title&quot;:&quot;&quot;,&quot;orientation&quot;:&quot;0&quot;}\" data-image-title=\"image\" data-image-description=\"\" data-image-caption=\"\" data-large-file=\"https:\/\/i0.wp.com\/patrimoine-avesnois.fr\/chemin\/wp-content\/uploads\/2020\/03\/image-49.png?fit=840%2C335&amp;ssl=1\" src=\"https:\/\/i0.wp.com\/patrimoine-avesnois.fr\/chemin\/wp-content\/uploads\/2020\/03\/image-49.png?resize=840%2C335\" alt=\"\" class=\"wp-image-9477\" style=\"width:630px;height:252px\" srcset=\"https:\/\/i0.wp.com\/patrimoine-avesnois.fr\/chemin\/wp-content\/uploads\/2020\/03\/image-49.png?w=919&amp;ssl=1 919w, https:\/\/i0.wp.com\/patrimoine-avesnois.fr\/chemin\/wp-content\/uploads\/2020\/03\/image-49.png?resize=300%2C120&amp;ssl=1 300w, https:\/\/i0.wp.com\/patrimoine-avesnois.fr\/chemin\/wp-content\/uploads\/2020\/03\/image-49.png?resize=768%2C307&amp;ssl=1 768w\" sizes=\"auto, (max-width: 709px) 85vw, (max-width: 909px) 67vw, (max-width: 1362px) 62vw, 840px\" \/><figcaption class=\"wp-element-caption\">Photos Colette Rabin -Francois  2015<\/figcaption><\/figure>\n<\/div>\n\n\n<p>Compl\u00e9ments historiques donn\u00e9s sur les propri\u00e9taires :<\/p>\n\n\n\n<ul class=\"wp-block-list\">\n<li>1784 1834 Jean-Baptiste-Hyacinthe Cordier, seigneur de Caudry, Potelles, Burnonville, etc., \u00e9cuyer, officier au r\u00e9giment d&rsquo;Auvergne, infanterie au service du Roi de France, naquit en 1757 au ch\u00e2teau de Caudry. Il \u00e9tait fils de M. Charles-Augustin-Hyacinthe Cordier, seigneur de Caudry, Potelles, Burnonville, conseiller honoraire au Parlement de Flandres cr\u00e9\u00e9 en 1668 et s\u00e9ant \u00e0 Douai, et de noble dame MarieAnne-Joseph Florenoe Patou de Briffeuille. <\/li>\n<\/ul>\n\n\n\n<p> D\u00e8s 1784, Jean-Baptiste Cordier consacre sa fortune \u00e0 l&rsquo;extension du domaine de Coutant. Le 6 avril 1789, il loue la propri\u00e9t\u00e9 du Petit Coutant \u00e0 Hilaire Lernould, fermier. Acquis aux id\u00e9es de la R\u00e9volution, il est cependant consid\u00e9r\u00e9 comme suspect en 1793. Un arr\u00eat\u00e9 du district d&rsquo;Avesnes, ordonne son d\u00e9portement \u00e0 vingt lieues des fronti\u00e8res, \u00e0 cause de la proximit\u00e9 de l&rsquo;ennemi. Il s&rsquo;\u00e9tablit, avec \u00e9pouse et 4 enfants, \u00e0 Cornicy-sur-Aisne. <\/p>\n\n\n\n<p>Le ch\u00e2teau, habit\u00e9 par les fermiers, ne fut pas d\u00e9vast\u00e9 : les habitants avaient \u00e0 cette \u00e9poque le respect de la propri\u00e9t\u00e9 d&rsquo;autrui et, n&rsquo;ayant re\u00e7u que des bienfaits de leurs jeunes seigneurs, souhaitaient ardemment leur retour.Le 16 juillet 1794, le citoyen Cordier, d\u00e9pouill\u00e9 par la loi de tous ses titres de noblesse, fut autoris\u00e9 \u00e0 rentrer en possession de Coutant. .. Il travailla \u00e0 r\u00e9parer les pertes qu&rsquo;il avait subies. Il se fit cultivateur pour de bon ; ses immenses propri\u00e9t\u00e9s chang\u00e8rent de face, il mania la charrue aussi bien qu&rsquo;il avait mani\u00e9 l&rsquo;\u00e9p\u00e9e. Successivement M. Cordier avait acquis des terres et ajout\u00e9 au domaine de Co\u00fbtant diverses parties \u00e0 sa convenance. Il acheta, le 10 f\u00e9vrier 1792, des terres \u00e0 Haut-Lieu aux h\u00e9ritiers Catelotte ; puis le 18 flor\u00e9al an III, le 6 frimaire an VI la Cressonni\u00e8re vendue par un sieur Wautier ; le 8 pluvi\u00f4se an XI des terres \u00e0 Saint-Hilaire vendues par le sieur Lef\u00e8vre ; le 7 avril 1818 une propri\u00e9t\u00e9 \u00e0 Bellevue ; le 15 avril 1822 des terres \u00e0 la Banlieue-Haute d&rsquo;Avesnes ; le 01 octobre 1828 et le 4 f\u00e9vrier 1834 des terres vendues par les sieurs Mandron et Xavier Lernould ; puis le 11 mars 1833, \u00e0 Fayt, des terres vendues par Marie-Joseph Guilain. <\/p>\n\n\n\n<p>Sa premi\u00e8re fille, \u00c9m\u00e9lie-Albertine \u00e9pousa  en 1809, Philippe-Fortun\u00e9-Bernard de Gheugnies, de Vieux-Cond\u00e9. La deuxi\u00e8me Ursule-Maxellande \u00e9pousa, en 1810, Adolphe-Constantin-Louis Recq de Malzine de Jemmapes.<\/p>\n\n\n\n<p>Apr\u00e8s avoir vu mourir successivement son p\u00e8re, sa m\u00e8re, deux de ses enfants et son \u00e9pouse, M. Jean Baptiste Cordier s&rsquo;endormit pour toujours au ch\u00e2teau de Co\u00fbtant le 2 septembre 1834, \u00e0 trois heures et demie du matin. On lui fit de belles fun\u00e9railles, la municipalit\u00e9 l&rsquo;accompagna \u00e0 sa derni\u00e8re demeure ; ce fut un jour de deuil pour tous les habitants. Le ch\u00e2teau est alors ferm\u00e9. &#8211;<\/p>\n\n\n\n<p>1835 \u00e0 1903 : Maisons Gheugnies et Malzine. En 1835, les biens sont partag\u00e9s en 2 lots tir\u00e9s au sort : &#8211; Il laisse le ch\u00e2teau meubl\u00e9 et loue les biens \u00e0 deux fermiers, ne faisant que de rares visites. \u00c0 sa mort, sa veuve Ursule-Maxellande, dame douairi\u00e8re de Coutant vit \u00e0 Gognies-Chauss\u00e9e et laisse le soin de l&rsquo;entretien du ch\u00e2teau \u00e0 l&rsquo;un de ses fils, M. Omer de Malzine. En suite de partage, le domaine est donn\u00e9 \u00e0 l&rsquo;un des fr\u00e8res de Omer, M. Maurice -Antoine-Hyacinthe Joseph Malzine qui en fait son s\u00e9jour de pr\u00e9dilection et \u00ab\u00a0. .rend \u00e0 la vieille demeure des sires de Co\u00fbtant son animation d&rsquo;autrefois..\u00a0\u00bb . Il d\u00e9c\u00e8de en 1886. Les biens et le ch\u00e2teau passent \u00e0 son fils, Henri de Malzine qui y r\u00e9side occasionnellement. Il \u00e9pouse en 1902, Lydie Granier de Cassagnac. \u00ab\u00a0..Le vieux ch\u00e2teau de Coutant a rouvert ses portes en leur honneur en juin 1903..\u00a0\u00bb Sources : G\u00e9rald Collet du CHGB.<\/p>\n\n\n\n<p>Le 22 d\u00e9cembre 1835, M. Philippe-Fortun\u00e9-Bernard de Gheugnies, demeurant en son habitation de la Solitude, \u00e0 Vieux-Cond\u00e9, et M. Adolphe-Marie Constantin-Louis Recq de Malzine, propri\u00e9taire de l&rsquo;antique et somptueuse demeure de Rogeries, au bord de la chauss\u00e9e romaine \u00e0  Gognies-Chauss\u00e9e, se trouv\u00e8rent, avec leurs \u00e9pouses, r\u00e9unis au ch\u00e2teau de Co\u00fbtant. Ils firent le partage des biens ; \u00e0 cet effet deux lots furent pr\u00e9par\u00e9s et tir\u00e9s au sort. <\/p>\n\n\n\n<p>Le 1er lot \u00e9chut \u00e0 M. de Malzine ; il comprenait toute l&rsquo;agglom\u00e9ration de l&rsquo;ancien fief de Co\u00fbtant, le fief de Soulard et le fief Dubray. Le 2e lot, Petit Co\u00fbtant, vint \u00e0 M. de Gheugnies ; il \u00e9tait compos\u00e9 des biens du Petit Co\u00fbtant et de nombreuses parcelles situ\u00e9es \u00e0 Saint-Hilaire, Haut-Lieu, Dompierre, Boulogne, Fayt, Cartignies, Solre-le-Ch\u00e2teau, Caudry, etc.<br> Cet arrangement, d\u00e9cid\u00e9 par le sort, fut respectueusement accept\u00e9 par les parties. M. de Malzine laissa le ch\u00e2teau meubl\u00e9 et loua les biens \u00e0 deux fermiers. De temps \u00e0 autre la famille de Malzine fit \u00e0 Co\u00fbtant de rares visites ; l&rsquo;un des fils, M. Omer de Malzine, pr\u00e9sidait aux r\u00e9parations urgentes et, par les s\u00e9jours qu&rsquo;il faisait chaque ann\u00e9e \u00e0 Co\u00fbtant,, sa connaissance des travaux, \u00e9tait bien connu des ouvriers et des habitants du village. <\/p>\n\n\n\n<p>M. Adolphe-Constantin-Louis Recq de Malzine mourut en son ch\u00e2teau de Gognies le 16 avril 1859, laissant ses immenses propri\u00e9t\u00e9s \u00e0 sa veuve. Mme la douairi\u00e8re de Malzine habita le reste de sa vie son ch\u00e2teau do Gognies-Chauss\u00e9e. La propri\u00e9t\u00e9de Co\u00fbtant \u00e9tait lou\u00e9e et le ch\u00e2teau ferm\u00e9. <\/p>\n\n\n\n<p>En suite de partage, il \u00e9chut \u00e0 M. Maurice-Antoine-IIyacinthe-Joseph de Malzine, fr\u00e8re d&rsquo;Omer.  Il rendit \u00e0 la  vieille demeure des sires de Co\u00fbtant son animation d&rsquo;autrefois. De nouvelles plantations en embellirent les abords et remplac\u00e8rent ce que le temps avait d\u00e9truit. Il fut emport\u00e9 en quelques jours par une maladie grave en 1886.<\/p>\n\n\n\n<p>Les biens et le ch\u00e2teau pass\u00e8rent \u00e0 son fils, Henri de Malzine qui y r\u00e9sida occasionnellement. Il \u00e9pousa en 1902, Lydie Granier de Cassagnac. \u00ab\u00a0..Le vieux ch\u00e2teau de Coutant a rouvert ses portes en leur honneur en juin 1903..\u00a0\u00bb  Source : Histoire du fief de la Motte &amp; de Co\u00fbtant par Albert Duvaux <br>Archiviste de la Soci\u00e9t\u00e9 Arch\u00e9ologique de l&rsquo;Arrondissement d&rsquo;Avesnes.<\/p>\n\n\n\n<p> La famille Recq de Malzine conserva le ch\u00e2teau jusque 1946. Il fut alors achet\u00e9 par un industriel M Paul Delannoy. II est depuis peu la r\u00e9sidence de Maitre Landmann qui s\u2019attache \u00e0 lui redonner avec go\u00fbt et patience toute sa majest\u00e9 pass\u00e9e. <\/p>\n\n\n\n<p class=\"has-text-align-center has-bright-red-color has-light-blue-background-color has-text-color has-background has-medium-font-size\">Le ch\u00e2teau Gaillard \u00e0 Saint-Hilaire-sur-Helpe<\/p>\n\n\n\n<figure class=\"wp-block-image\"><img loading=\"lazy\" decoding=\"async\" width=\"1608\" height=\"1018\" data-attachment-id=\"5325\" data-permalink=\"https:\/\/patrimoine-avesnois.fr\/chemin\/saint-hilaire-sur-helpe\/796_001-3\/\" data-orig-file=\"https:\/\/i0.wp.com\/patrimoine-avesnois.fr\/chemin\/wp-content\/uploads\/2019\/06\/796_001.jpg?fit=1608%2C1018&amp;ssl=1\" data-orig-size=\"1608,1018\" data-comments-opened=\"1\" data-image-meta=\"{&quot;aperture&quot;:&quot;0&quot;,&quot;credit&quot;:&quot;&quot;,&quot;camera&quot;:&quot;&quot;,&quot;caption&quot;:&quot;&quot;,&quot;created_timestamp&quot;:&quot;1559640278&quot;,&quot;copyright&quot;:&quot;&quot;,&quot;focal_length&quot;:&quot;0&quot;,&quot;iso&quot;:&quot;0&quot;,&quot;shutter_speed&quot;:&quot;0&quot;,&quot;title&quot;:&quot;&quot;,&quot;orientation&quot;:&quot;0&quot;}\" data-image-title=\"796_001\" data-image-description=\"\" data-image-caption=\"\" data-large-file=\"https:\/\/i0.wp.com\/patrimoine-avesnois.fr\/chemin\/wp-content\/uploads\/2019\/06\/796_001.jpg?fit=840%2C532&amp;ssl=1\" src=\"https:\/\/i2.wp.com\/patrimoine-avesnois.fr\/chemin\/wp-content\/uploads\/2019\/06\/796_001.jpg?fit=840%2C532\" alt=\"\" class=\"wp-image-5325\" srcset=\"https:\/\/i0.wp.com\/patrimoine-avesnois.fr\/chemin\/wp-content\/uploads\/2019\/06\/796_001.jpg?w=1608&amp;ssl=1 1608w, https:\/\/i0.wp.com\/patrimoine-avesnois.fr\/chemin\/wp-content\/uploads\/2019\/06\/796_001.jpg?resize=300%2C190&amp;ssl=1 300w, https:\/\/i0.wp.com\/patrimoine-avesnois.fr\/chemin\/wp-content\/uploads\/2019\/06\/796_001.jpg?resize=768%2C486&amp;ssl=1 768w, https:\/\/i0.wp.com\/patrimoine-avesnois.fr\/chemin\/wp-content\/uploads\/2019\/06\/796_001.jpg?resize=1024%2C648&amp;ssl=1 1024w, https:\/\/i0.wp.com\/patrimoine-avesnois.fr\/chemin\/wp-content\/uploads\/2019\/06\/796_001.jpg?resize=1200%2C760&amp;ssl=1 1200w\" sizes=\"auto, (max-width: 709px) 85vw, (max-width: 909px) 67vw, (max-width: 1362px) 62vw, 840px\" \/><figcaption class=\"wp-element-caption\">Le ch\u00e2teau Gaillard du XVII e si\u00e8cle<\/figcaption><\/figure>\n\n\n\n<p>Description :<br>Cet ancien manoir s\u2019organise autour d\u2019une cour, \u00e0 laquelle on acc\u00e8de par une tour porche. A l\u2019ouest de la tour, se situe un logis \u00e0 un \u00e9tage, fortement transform\u00e9. La pr\u00e9sence d\u2019une fen\u00eatre \u00e0 meneau bouch\u00e9e sur son c\u00f4t\u00e9 ouest t\u00e9moigne de son anciennet\u00e9, m\u00eame si les ouvertures ont \u00e9t\u00e9 remani\u00e9es. Il comporte une niche \u00e0 statuette en fa\u00e7ade. A l\u2019est de la tour, se situe un logis en rez-de-chauss\u00e9e dat\u00e9 1750 sur le linteau de la porte d\u2019entr\u00e9e. Il comporte une ma\u00e7onnerie en moellon de calcaire surmont\u00e9 d\u2019un fenil en brique et de deux lucarnes. Les ouvertures l\u00e9g\u00e8rement cintr\u00e9es sont caract\u00e9ristiques du milieu du 18e si\u00e8cle. Perpendiculairement est implant\u00e9 un b\u00e2timent en moellon de calcaire qui abritait une succession d\u2019\u00e9tables surmont\u00e9es de fenils. Parall\u00e8le au logis et \u00e0 la tour porche, se trouve un b\u00e2timent isol\u00e9, r\u00e9unissant une grange, une \u00e9table et un fenil. La partie sup\u00e9rieure de la tour porche abrite un pigeonnier. Source<a href=\"http:\/\/www2.culture.gouv.fr\/public\/mistral\/mersri_fr?ACTION=CHERCHER&amp;FIELD_1=REF&amp;VALUE_1=IA59001836\" target=\"_blank\" rel=\"noreferrer noopener\">&nbsp;culture.gouv.fr<\/a><\/p>\n\n\n\n<p>L\u2019une des parties les plus int\u00e9ressantes du ch\u00e2teau Gaillard est son pigeonnier ant\u00e9rieur \u00e0 1713, qui permet d\u2019acc\u00e9der dans la cour de la demeure par un porche compos\u00e9 de vo\u00fbtes de brique reposant sur des solives.<br>Il s\u2019\u00e9l\u00e8ve sur deux niveaux, le premier comprenant une salle et le deuxi\u00e8me, le pigeonnier proprement dit. Son int\u00e9rieur comprend encore des nichoirs faits d\u2019argile et d\u2019osier.<\/p>\n\n\n\n<p>On ne connait que peu de chose du ch\u00e2teau Gaillard. En 1473, le lieu se nommait le Mont H\u00e9non et appartenait \u00e0 Philippe de Bourbon, seigneur de Duisans. Le nom de ch\u00e2teau Gaillard n\u2019appara\u00eetra que vers le XVIII e si\u00e8cle. et \u00e9tait la demeure de la famille Coupillaud. Le grand-p\u00e8re et l\u2019arri\u00e8re-grand-p\u00e8re du propri\u00e9taire actuel, Michel Coupillaud, ont \u00e9t\u00e9 jadis, comme lui, maires de Saint-Hilaire au d\u00e9but du si\u00e8cle. Son p\u00e8re Georges qui \u00e9tait&nbsp;<a href=\"http:\/\/www2.culture.gouv.fr\/LH\/LH350\/PG\/FRDAFAN84_O19800035v2828877.htm\" target=\"_blank\" rel=\"noreferrer noopener\">juge au tribunal&nbsp;<\/a>de premi\u00e8re instance de la Seine, devint le pr\u00e9sident de la chambre de la cour de Paris. Le grand-p\u00e8re Alfred Coupillaud (1844 1925) \u00e9tait g\u00e9n\u00e9ral, Commandeur de la L\u00e9gion d\u2019Honneur et gouverneur de Dunkerque ainsi que pr\u00e9sident du comit\u00e9 technique de l\u2019infanterie au minist\u00e8re de la guerre. Michel Coupillaud totalisa cinq mandats de maire et se&nbsp;<a href=\"https:\/\/www.lavoixdunord.fr\/archive\/recup%3A%252Fregion%252Fsaint-hilaire-sur-helpe-le-maire-michel-coupillaud-ne-se-ia12b45222n1789778\" target=\"_blank\" rel=\"noreferrer noopener\">retira en 2013<\/a>&nbsp;\u00e0 l\u2019\u00e2ge de 83 ans.<\/p>\n\n\n\n<p class=\"has-text-align-center has-bright-red-color has-light-blue-background-color has-text-color has-background has-medium-font-size\">Le ch\u00e2teau de Rametz \u00e0 Saint-Waast-la Vall\u00e9e<\/p>\n\n\n<div class=\"wp-block-image\">\n<figure class=\"aligncenter is-resized\"><img data-recalc-dims=\"1\" loading=\"lazy\" decoding=\"async\" width=\"623\" height=\"414\" data-attachment-id=\"9484\" data-permalink=\"https:\/\/patrimoine-avesnois.fr\/chemin\/les-chateaux-de-lavesnois-et-leurs-proprietaires\/image-1456\/\" data-orig-file=\"https:\/\/i0.wp.com\/patrimoine-avesnois.fr\/chemin\/wp-content\/uploads\/2020\/03\/image-54.png?fit=623%2C414&amp;ssl=1\" data-orig-size=\"623,414\" data-comments-opened=\"1\" data-image-meta=\"{&quot;aperture&quot;:&quot;0&quot;,&quot;credit&quot;:&quot;&quot;,&quot;camera&quot;:&quot;&quot;,&quot;caption&quot;:&quot;&quot;,&quot;created_timestamp&quot;:&quot;0&quot;,&quot;copyright&quot;:&quot;&quot;,&quot;focal_length&quot;:&quot;0&quot;,&quot;iso&quot;:&quot;0&quot;,&quot;shutter_speed&quot;:&quot;0&quot;,&quot;title&quot;:&quot;&quot;,&quot;orientation&quot;:&quot;0&quot;}\" data-image-title=\"image\" data-image-description=\"\" data-image-caption=\"\" data-large-file=\"https:\/\/i0.wp.com\/patrimoine-avesnois.fr\/chemin\/wp-content\/uploads\/2020\/03\/image-54.png?fit=623%2C414&amp;ssl=1\" src=\"https:\/\/i0.wp.com\/patrimoine-avesnois.fr\/chemin\/wp-content\/uploads\/2020\/03\/image-54.png?resize=623%2C414\" alt=\"\" class=\"wp-image-9484\" style=\"width:630px;height:418px\" srcset=\"https:\/\/i0.wp.com\/patrimoine-avesnois.fr\/chemin\/wp-content\/uploads\/2020\/03\/image-54.png?w=623&amp;ssl=1 623w, https:\/\/i0.wp.com\/patrimoine-avesnois.fr\/chemin\/wp-content\/uploads\/2020\/03\/image-54.png?resize=300%2C199&amp;ssl=1 300w\" sizes=\"auto, (max-width: 623px) 85vw, 623px\" \/><\/figure>\n<\/div>\n\n<div class=\"wp-block-image\">\n<figure class=\"aligncenter is-resized\"><img data-recalc-dims=\"1\" loading=\"lazy\" decoding=\"async\" width=\"609\" height=\"419\" data-attachment-id=\"9486\" data-permalink=\"https:\/\/patrimoine-avesnois.fr\/chemin\/les-chateaux-de-lavesnois-et-leurs-proprietaires\/image-1458\/\" data-orig-file=\"https:\/\/i0.wp.com\/patrimoine-avesnois.fr\/chemin\/wp-content\/uploads\/2020\/03\/image-56.png?fit=609%2C419&amp;ssl=1\" data-orig-size=\"609,419\" data-comments-opened=\"1\" data-image-meta=\"{&quot;aperture&quot;:&quot;0&quot;,&quot;credit&quot;:&quot;&quot;,&quot;camera&quot;:&quot;&quot;,&quot;caption&quot;:&quot;&quot;,&quot;created_timestamp&quot;:&quot;0&quot;,&quot;copyright&quot;:&quot;&quot;,&quot;focal_length&quot;:&quot;0&quot;,&quot;iso&quot;:&quot;0&quot;,&quot;shutter_speed&quot;:&quot;0&quot;,&quot;title&quot;:&quot;&quot;,&quot;orientation&quot;:&quot;0&quot;}\" data-image-title=\"image\" data-image-description=\"\" data-image-caption=\"\" data-large-file=\"https:\/\/i0.wp.com\/patrimoine-avesnois.fr\/chemin\/wp-content\/uploads\/2020\/03\/image-56.png?fit=609%2C419&amp;ssl=1\" src=\"https:\/\/i0.wp.com\/patrimoine-avesnois.fr\/chemin\/wp-content\/uploads\/2020\/03\/image-56.png?resize=609%2C419\" alt=\"\" class=\"wp-image-9486\" style=\"width:630px;height:435px\" srcset=\"https:\/\/i0.wp.com\/patrimoine-avesnois.fr\/chemin\/wp-content\/uploads\/2020\/03\/image-56.png?w=609&amp;ssl=1 609w, https:\/\/i0.wp.com\/patrimoine-avesnois.fr\/chemin\/wp-content\/uploads\/2020\/03\/image-56.png?resize=300%2C206&amp;ssl=1 300w\" sizes=\"auto, (max-width: 609px) 85vw, 609px\" \/><\/figure>\n<\/div>\n\n<div class=\"wp-block-image\">\n<figure class=\"aligncenter is-resized\"><img decoding=\"async\" src=\"https:\/\/i1.wp.com\/patrimoine-avesnois.fr\/chemin\/wp-content\/uploads\/2019\/06\/Ch%C3%A2teau-Rametz.jpg?fit=840%2C552\" alt=\"\" style=\"width:630px;height:414px\"\/><figcaption class=\"wp-element-caption\">Le ch\u00e2teau de Rametz<\/figcaption><\/figure>\n<\/div>\n\n\n<p>Nous pouvons trouver sa description sur la <a aria-label=\"Base M\u00e9rim\u00e9e (opens in a new tab)\" href=\"https:\/\/www.pop.culture.gouv.fr\/notice\/merimee\/PA00107805\" target=\"_blank\" rel=\"noreferrer noopener\">Base M\u00e9rim\u00e9e<\/a> ++et sur <a aria-label=\" (opens in a new tab)\" href=\"https:\/\/sites.google.com\/site\/rametzdanslehainaut\/descriptif-mh\" target=\"_blank\" rel=\"noreferrer noopener\">Extraits de la notice de la DRAC<\/a><\/p>\n\n\n\n<p>Il s&rsquo;agit en r\u00e9sum\u00e9 d&rsquo;une ancienne forteresse qui contr\u00f4lait l&rsquo;importante voie reliant Bavay \u00e0 Cambrai : un castel constitu\u00e9 d&rsquo;une cour avec un puits central, encadr\u00e9 de remparts, eux-m\u00eames entour\u00e9s de douves. L&rsquo;ensemble de 50m x 40m est appuy\u00e9 sur quatre solides tours rondes (les murs ont 1m d&rsquo;\u00e9paisseur) perc\u00e9es de meurtri\u00e8res et reli\u00e9es &#8211; pour la p\u00e9riode m\u00e9di\u00e9vale &#8211; par un syst\u00e8me de courtines <\/p>\n\n\n\n<p>Ses propri\u00e9taires en sont moins connus :<\/p>\n\n\n\n<p>Le nom ancien du fief de Rametz \u00e9tait appel\u00e9 le fief \u00ab&nbsp;Petit Quesnoit&nbsp;\u00bb dans les cartulaires de Hainaut. Ce fief appartenait au XV e si\u00e8cle \u00e0 Clarembault de Proisy, \u00e9cuyer du Duc de Bourgogne. Une chemin\u00e9e m\u00e9di\u00e9vale porte l&rsquo;inscription \u00ab de Proisy, seigneur de Rametz et du Petit-Quesnoy, en l\u2019an 1300 \u00bb. Il passa ensuite \u00e0 Jacques Gr\u00e9bert, \u00e0 la famille de Baron De Malet de Grignart. En 1577, le domaine royal vendit \u00e0 Jean d\u2019Ive, seigneur de Rametz et \u00e0 ses h\u00e9ritiers \u00e0 perp\u00e9tuit\u00e9, le vinage de St-Waast, avec la haute Justice, le droit de morte-main, les pr\u00e8s, la taille due par les habitants et tout ce que le roi poss\u00e9dait dans ce village. (Delhaye Histoire de Bavay p 418).<\/p>\n\n\n\n<p>le ch\u00e2teau restera propri\u00e9t\u00e9 de la famille d&rsquo; Yve jusqu&rsquo;au d\u00e9c\u00e8s de Philippe d&rsquo; Yve de Monaldi, chanoine de Cambrai en 1706. <\/p>\n\n\n\n<p>En 1760 M Genten \u00e9tait le seigneur de Rametz et de St-Waast avant qu\u2019 Henri de Grignard, baron de Rametz en fut le d\u00e9tenteur en 1789. <\/p>\n\n\n\n<p>Le baron c\u00e9da la propri\u00e9t\u00e9 en 1833 \u00e0 Fran\u00e7ois Louis Burton Y Muxica de la Torre . Celui-ci, maire de St-Waast pendant 28 ann\u00e9es (de 1838 \u00e0 1847 puis de 1852 \u00e0 1869) et conseiller g\u00e9n\u00e9ral de son canton, \u00e9tait aussi lieutenant de louveterie de la for\u00eat de Mormal. (3) Il entreprend la \u00ab\u00a0Restauration\u00a0\u00bb du ch\u00e2teau de Rametz, \u00e0 savoir : \uf02d la sur\u00e9l\u00e9vation du terre-plein de la cour int\u00e9rieure \uf02d la cr\u00e9ation du perron \uf02d la construction du pont, du parapet et de la galerie Ouest \uf02d un ensemble d&rsquo;am\u00e9nagements int\u00e9rieurs&#8230; (source : <a aria-label=\"Seigneurs de Rametz (opens in a new tab)\" href=\"https:\/\/sites.google.com\/site\/rametzdanslehainaut\/les-grandes-familles-du-hainaut\" target=\"_blank\" rel=\"noreferrer noopener\">Seigneurs de Rametz<\/a>) <\/p>\n\n\n\n<p>Le 8 avril 1863,&nbsp;Marie-Th\u00e9r\u00e8se&nbsp;de Butron y muxica de La Torre, \u00e9pousa \u00e0 Rametz&nbsp;Charles Cyrille Baillieu d\u2019Avrincourt. Leur fille Camille Louise Agathe Baillieu d\u2019Avrincourt n\u00e9e \u00e0 Lille le 7.3.1864, \u00e9pousa quant \u00e0 elle \u00e0 Lille le 11.2.1885 le Comte Edouard le Mesre de Pas<em>.<\/em><\/p>\n\n\n\n<p>Le ch\u00e2teau passa donc entre les mains du <a aria-label=\"comte Edouard Le Mesre de Pas (opens in a new tab)\" href=\"https:\/\/sites.google.com\/site\/rametzdanslehainaut\/le-mesr\" target=\"_blank\" rel=\"noreferrer noopener\">comte Edouard Le Mesre de Pas<\/a>, dont les actuels propri\u00e9taires Stanislas et Pascale De Pas en sont des descendants \u00e0 la sixi\u00e8me g\u00e9n\u00e9ration.<\/p>\n\n\n\n<p class=\"has-text-align-center has-bright-red-color has-light-blue-background-color has-text-color has-background has-medium-font-size\">Le ch\u00e2teau de M\u00e9rode \u00e0 Tr\u00e9lon<\/p>\n\n\n<div class=\"wp-block-image\">\n<figure class=\"aligncenter is-resized\"><img decoding=\"async\" src=\"https:\/\/i0.wp.com\/upload.wikimedia.org\/wikipedia\/commons\/thumb\/c\/c3\/Ch%C3%A2teau_de_Tr%C3%A9lon_-_2018-08-04_-_10.jpg\/1280px-Ch%C3%A2teau_de_Tr%C3%A9lon_-_2018-08-04_-_10.jpg?resize=715%2C474&amp;ssl=1\" alt=\"\" style=\"width:630px;height:416px\"\/><figcaption class=\"wp-element-caption\">Le ch\u00e2teau de M\u00e9rode<\/figcaption><\/figure>\n<\/div>\n\n<div class=\"wp-block-image\">\n<figure class=\"aligncenter is-resized\"><img data-recalc-dims=\"1\" loading=\"lazy\" decoding=\"async\" width=\"276\" height=\"256\" data-attachment-id=\"9542\" data-permalink=\"https:\/\/patrimoine-avesnois.fr\/chemin\/les-chateaux-de-lavesnois-et-leurs-proprietaires\/image-1483\/\" data-orig-file=\"https:\/\/i0.wp.com\/patrimoine-avesnois.fr\/chemin\/wp-content\/uploads\/2020\/03\/image-81.png?fit=276%2C256&amp;ssl=1\" data-orig-size=\"276,256\" data-comments-opened=\"1\" data-image-meta=\"{&quot;aperture&quot;:&quot;0&quot;,&quot;credit&quot;:&quot;&quot;,&quot;camera&quot;:&quot;&quot;,&quot;caption&quot;:&quot;&quot;,&quot;created_timestamp&quot;:&quot;0&quot;,&quot;copyright&quot;:&quot;&quot;,&quot;focal_length&quot;:&quot;0&quot;,&quot;iso&quot;:&quot;0&quot;,&quot;shutter_speed&quot;:&quot;0&quot;,&quot;title&quot;:&quot;&quot;,&quot;orientation&quot;:&quot;0&quot;}\" data-image-title=\"image\" data-image-description=\"\" data-image-caption=\"\" data-large-file=\"https:\/\/i0.wp.com\/patrimoine-avesnois.fr\/chemin\/wp-content\/uploads\/2020\/03\/image-81.png?fit=276%2C256&amp;ssl=1\" src=\"https:\/\/i0.wp.com\/patrimoine-avesnois.fr\/chemin\/wp-content\/uploads\/2020\/03\/image-81.png?resize=276%2C256\" alt=\"\" class=\"wp-image-9542\" style=\"width:630px;height:583px\"\/><figcaption class=\"wp-element-caption\">Blason de la famille de M\u00e9rode au fronton de la fa\u00e7ade.<\/figcaption><\/figure>\n<\/div>\n\n\n<p>la famille de M\u00e9rode devint propri\u00e9taire des terres en 1577, par le mariage de Louise de Blois avec Louis, baron de M\u00e9rode, de Houffalise et du Saint-Empire. <\/p>\n\n\n\n<p>B\u00e2ti sur l\u2019emplacement de l\u2019ancien ch\u00e2teau f\u00e9odal entre 1701 et 1704, avec un \u00e9pais mur d&rsquo;enceinte, il fut transform\u00e9 au XIX e si\u00e8cle dans le style Louis XIII par l\u2019architecte Parent et une tour-chapelle y fut alors ajout\u00e9e. Il est rest\u00e9 sans modification depuis  et est encore aujourd\u2019hui la r\u00e9sidence pr\u00e9f\u00e9r\u00e9e de la famille de M\u00e9rode.<\/p>\n\n\n\n<p>Cette vieille famine belge fait remonter son origine \u00e0 sainte Elisabeth de Hongrie. En 1830, Philippe de M\u00e9rode fut l\u2019un des cr\u00e9ateurs du royaume de Belgique. Il refusa la r\u00e9gence et m\u00eame la couronne, et contribua \u00e0 faire nommer roi L\u00e9opold Ier, dont il fut plusieurs fois le ministre. Certains pourparlers pour l\u2019attribution de la couronne de Belgique eurent lieu au ch\u00e2teau de Tr\u00e9lon.<\/p>\n\n\n\n<p>Le fils, Xavier de M\u00e9rode, fut d\u2019abord officier belge, puis officier l\u2019\u00e9tat-major de Bugeaud, puis devint pr\u00eatre. Il fut ministre des armes du pape Pie IX, et archev\u00eaque in partibus de Mitylene.<\/p>\n\n\n\n<p>C\u2019est au ch\u00e2teau de Tr\u00e9lon que le comte de Montalembert \u00e9pousa en 1836 Anne de M\u00e9rode.<\/p>\n\n\n\n<p>Les services rendus \u00e0 la Belgique par les M\u00e9rode leur valurent en 1929 de se voir d\u00e9cerner par le roi Albert I er le titre de Princes.<\/p>\n\n\n\n<p>Les princes de M\u00e9rode ont su donner \u00e0 leur propri\u00e9t\u00e9 beaucoup de cachet. Le parc est splendide. De la place de la Piquerie, dont le nom permet d\u2019\u00e9voquer les grandes chasses \u00e0 courre, on en a une vue magnifique.<\/p>\n\n\n\n<p>Le ch\u00e2teau lui-m\u00eame, en briques et pierre, comporte un majestueux perron \u00e0 double r\u00e9volution. Ses toitures \u00e0 hautes chemin\u00e9es de pierre, poss\u00e8dent des lucarnes qui alternent avec des \u0153ils-de-b\u0153uf. Au centre, deux de ces lucarnes supportent un vaste \u00e9cusson aux armes des M\u00e9rode.<\/p>\n\n\n\n<p class=\"has-text-align-center has-bright-red-color has-light-blue-background-color has-text-color has-background has-medium-font-size\">Le ch\u00e2teau de la Huda \u00e0 Tr\u00e9lon<\/p>\n\n\n<div class=\"wp-block-image\">\n<figure class=\"aligncenter is-resized\"><img decoding=\"async\" src=\"https:\/\/i2.wp.com\/upload.wikimedia.org\/wikipedia\/commons\/thumb\/5\/52\/Tr%C3%A9lon_%28Nord%2C_Fr%29_La_Hure_%28ch%C3%A2ateau%2C_accueil_enfants%29.jpg\/1280px-Tr%C3%A9lon_%28Nord%2C_Fr%29_La_Hure_%28ch%C3%A2ateau%2C_accueil_enfants%29.jpg?resize=688%2C516&amp;ssl=1\" alt=\"Tr\u00c3\u00a9lon (Nord, Fr) La Hure (ch\u00c3\u00a2ateau, accueil enfants).jpg\" style=\"width:630px;height:473px\"\/><figcaption class=\"wp-element-caption\">Le ch\u00e2teau de la Huda<\/figcaption><\/figure>\n<\/div>\n\n\n<p>Construit \u00e0 la fin du XIX\u00e8me si\u00e8cle, le ch\u00e2teau de la Huda situ\u00e9 rue Roger Salengro doit son nom au fait que cette rue s\u2019appelait autrefois rue de la Haie Huda.&nbsp;<br>C\u2019est sur ce site qu\u2019est cr\u00e9\u00e9 en 1923 le pr\u00e9ventorium \u00ab&nbsp;la Maison des Enfants de Tr\u00e9lon&nbsp;\u00bb ouverte \u00e0 tous. La Direction de l\u2019\u00e9tablissement est alors confi\u00e9e \u00e0 Madame&nbsp;<a href=\"http:\/\/www.associationtraitsdunion.org\/wp-content\/uploads\/2013\/12\/a-la-memoire-de-jeanne-rousselle.pdf\" target=\"_blank\" rel=\"noreferrer noopener\">Jeanne Rousselle<\/a>.<\/p>\n\n\n\n<p>En 14-18, \u00e0 32&nbsp;ans, Jeanne Rousselle s\u2019engage comme infirmi\u00e8re pour la Croix-Rouge et organise un dispensaire \u00e0 Fourmies avant de proposer un h\u00f4pital \u00e0 l\u2019Institution Saint-Pierre pour les orphelins. En 1919, pour sa bravoure, c\u2019est le pr\u00e9sident de la R\u00e9publique Raymond Poincar\u00e9 qui lui remet personnellement la croix de guerre, toujours \u00e0 Fourmies. En 1922, sensibilis\u00e9e par les jeunes atteints de la tuberculose, elle ouvre le pr\u00e9ventorium de Tr\u00e9lon \u2013 elle en sera la directrice jusqu\u2019\u00e0 sa mort en 1956, \u00e0 l\u2019\u00e2ge de 74 ans.<\/p>\n\n\n\n<p>En 1940, elle \u00e9vacue l\u2019ensemble de ce m\u00eame pr\u00e9ventorium sis dans le ch\u00e2teau de La Huda.<\/p>\n\n\n\n<p>Et de 1942 \u00e0 1944, elle y cache 54 enfants juifs promis \u00e0 aux camps de la mort, dont les trois enfants du grand rabbin de Lille.<\/p>\n\n\n\n<p class=\"has-text-align-center has-bright-red-color has-light-blue-background-color has-text-color has-background has-medium-font-size\">Le ch\u00e2teau des Carmes \u00e0 Tr\u00e9lon<\/p>\n\n\n<div class=\"wp-block-image\">\n<figure class=\"aligncenter is-resized\"><img decoding=\"async\" src=\"https:\/\/i1.wp.com\/www2.culture.gouv.fr\/Wave\/image\/memoire\/0847\/ivr31_01590427xb_p.jpg?w=840\" alt=\"\" style=\"width:630px;height:405px\"\/><figcaption class=\"wp-element-caption\">Photo base M\u00e9rim\u00e9e<\/figcaption><\/figure>\n<\/div>\n\n<div class=\"wp-block-image\">\n<figure class=\"aligncenter is-resized\"><img decoding=\"async\" src=\"https:\/\/i2.wp.com\/upload.wikimedia.org\/wikipedia\/commons\/thumb\/9\/90\/Tr%C3%A9lon_%28Nord%2C_Fr%29_Les_Carmes.jpg\/1280px-Tr%C3%A9lon_%28Nord%2C_Fr%29_Les_Carmes.jpg?resize=688%2C517&amp;ssl=1\" alt=\"Tr\u00c3\u00a9lon (Nord, Fr) Les Carmes.jpg\" style=\"width:630px;height:471px\"\/><figcaption class=\"wp-element-caption\">Le ch\u00e2teau des Carmes<\/figcaption><\/figure>\n<\/div>\n\n<div class=\"wp-block-image\">\n<figure class=\"aligncenter is-resized\"><img loading=\"lazy\" decoding=\"async\" width=\"784\" height=\"530\" data-attachment-id=\"7447\" data-permalink=\"https:\/\/patrimoine-avesnois.fr\/chemin\/trelon\/image-1157\/\" data-orig-file=\"https:\/\/i0.wp.com\/patrimoine-avesnois.fr\/chemin\/wp-content\/uploads\/2019\/07\/image-131.png?fit=784%2C530&amp;ssl=1\" data-orig-size=\"784,530\" data-comments-opened=\"1\" data-image-meta=\"{&quot;aperture&quot;:&quot;0&quot;,&quot;credit&quot;:&quot;&quot;,&quot;camera&quot;:&quot;&quot;,&quot;caption&quot;:&quot;&quot;,&quot;created_timestamp&quot;:&quot;0&quot;,&quot;copyright&quot;:&quot;&quot;,&quot;focal_length&quot;:&quot;0&quot;,&quot;iso&quot;:&quot;0&quot;,&quot;shutter_speed&quot;:&quot;0&quot;,&quot;title&quot;:&quot;&quot;,&quot;orientation&quot;:&quot;0&quot;}\" data-image-title=\"image\" data-image-description=\"\" data-image-caption=\"\" data-large-file=\"https:\/\/i0.wp.com\/patrimoine-avesnois.fr\/chemin\/wp-content\/uploads\/2019\/07\/image-131.png?fit=784%2C530&amp;ssl=1\" src=\"https:\/\/i1.wp.com\/patrimoine-avesnois.fr\/chemin\/wp-content\/uploads\/2019\/07\/image-131.png?resize=688%2C466\" alt=\"\" class=\"wp-image-7447\" style=\"width:630px;height:426px\" srcset=\"https:\/\/i0.wp.com\/patrimoine-avesnois.fr\/chemin\/wp-content\/uploads\/2019\/07\/image-131.png?w=784&amp;ssl=1 784w, https:\/\/i0.wp.com\/patrimoine-avesnois.fr\/chemin\/wp-content\/uploads\/2019\/07\/image-131.png?resize=300%2C203&amp;ssl=1 300w, https:\/\/i0.wp.com\/patrimoine-avesnois.fr\/chemin\/wp-content\/uploads\/2019\/07\/image-131.png?resize=768%2C519&amp;ssl=1 768w\" sizes=\"auto, (max-width: 784px) 85vw, 784px\" \/><figcaption class=\"wp-element-caption\">Le ch\u00e2teau des Carmes<\/figcaption><\/figure>\n<\/div>\n\n\n<p>Une premi\u00e8re maison des Carmes \u00e9tait implant\u00e9e pr\u00e8s du calvaire et avait \u00e9t\u00e9 fond\u00e9e au XVII e si\u00e8cle par Philippe de M\u00e9rode, feld-mar\u00e9chal de l\u2019Empire (1). <\/p>\n\n\n\n<p>Trop \u00e0 l\u2019\u00e9troit, les religieux obtiennent en 1724 de la duchesse Marie-C\u00e9lestine de Holstein-Rethwisch la reconstruction du couvent sur un nouvel emplacement. Le nouveau couvent des Carmes est \u00e9difi\u00e9 entre 1724 et 1729. Il est compos\u00e9 de deux b\u00e2timents principaux, les \u00ab&nbsp;Grands-Carmes&nbsp;\u00bb, abritant les moines et les \u00ab&nbsp;Petits Carmes&nbsp;\u00bb, abritant les fr\u00e8res convers (3).<\/p>\n\n\n\n<p>En 1792, la chapelle ext\u00e9rieure, les \u00ab&nbsp;Petits Carmes&nbsp;\u00bb et une partie du clo\u00eetre sont d\u00e9truits. De 1801 \u00e0 1863, les b\u00e2timents restants sont lou\u00e9s par un particulier au d\u00e9partement du Nord pour abriter la gendarmerie et la prison. En 1826, est construit sur l\u2019emplacement des \u00ab&nbsp;Petits Carmes&nbsp;\u00bb, une maison pour un verrier, Hippolyte-Louis Godard-Desmarest. De 1873 \u00e0 1885, les \u00ab&nbsp;Grands-Carmes&nbsp;\u00bb sont r\u00e9am\u00e9nag\u00e9s en demeure de plaisance pour la famille Moreau de la Tour-Godard-Desmaret. En 1927, le couvent et ses d\u00e9pendances sont rachet\u00e9s par la commune pour les transformer en hospice de vieillards et d\u2019infirmes. L\u2019hospice est officiellement inaugur\u00e9 en 1933. La maison de 1826 est rachet\u00e9e en 1968 par le d\u00e9partement du Nord pour y loger la gendarmerie. De 1979 \u00e0 1983, ainsi qu\u2019en 1989, l\u2019hospice des \u00ab&nbsp;Grands-Carmes&nbsp;\u00bb est modernis\u00e9 et une extension sur la rue Salengro r\u00e9alis\u00e9e.(4)<\/p>\n\n\n\n<p>Source&nbsp;<a href=\"http:\/\/www2.culture.gouv.fr\/public\/mistral\/mersri_fr?ACTION=CHERCHER&amp;FIELD_1=REF&amp;VALUE_1=IA59001025\" target=\"_blank\" rel=\"noreferrer noopener\">culture.gouv.fr<\/a><\/p>\n\n\n\n<p>Pr\u00e9cisions compl\u00e9mentaires : <\/p>\n\n\n\n<p>(1) Philippe de M\u00e9rode  \u00e9tait le petit-fils de Louis de M\u00e9rode et de Louise de Blois. Il \u00e9pousa en 1617 Albertine Alexandrine de Ligne-Aremberg . Le Roi Philippe IV \u00e9rigea en sa faveur la Seigneurie de Tr\u00e9lon en Marquisat, par \u00ab\u00a0Lettres\u00a0\u00bb de 1626. Il fait alors \u00e9tablir un couvent de Carmes tir\u00e9s de la congr\u00e9gation de Ste-Anne et meurt l&rsquo;ann\u00e9e suivante en 1627. (source : Histoire eccl\u00e9siastique du dioc\u00e8se de Laon &#8211; 1783 &#8211; Nicolas Lelong). <\/p>\n\n\n\n<p>Pendant la Guerre de Trente ans\u00a0\u00bb, le couvent, avec le village, le ch\u00e2teau des M\u00e9rode, et les alentours sont ras\u00e9s une premi\u00e8re fois par Trenne en 1637, puis par les mercenaires du g\u00e9n\u00e9ral Rose en 1651 (Base M\u00e9rim\u00e9e &#8211; MH). <\/p>\n\n\n\n<p>(2) Marie-C\u00e9lestine-Philippine-Jos\u00e9phine de M\u00e9rode, h\u00e9riti\u00e8re et duchesse de Holstein l\u00e9gua par testament du 16 mai 1725 le marquisat de Tr\u00e9lon \u00e0 son cousin Charles-Florent, Comte de M\u00e9rode, Commandeur de Medina et Las Torr\u00e8s, Lieutenant G\u00e9n\u00e9ral du Roi d&rsquo;Espagne. En m\u00eame temps, elle faisait don des restes et de l&#8217;emplacement de l&rsquo;ancien couvent pour qu&rsquo;on y \u00e9difie un \u00e9tablissement religieux digne de recevoir les personnes malades et les pauvres. <\/p>\n\n\n\n<p>(3) Se construisit d&rsquo;abord le couvent de Carmes (partie disparue d\u00e9but XX e si\u00e8cle) puis vers 1737, un ch\u00e2teau adjoint dont la grande salle principale du bas sera le lieu d\u2019accueil de l\u2019hospice.<\/p>\n\n\n\n<p>(4)  Rachet\u00e9 par la ville de Tr\u00e9lon, il reprend sa vocation initiale d\u2019hospice jusque 1982. A partir de cette date, le couvent dispara\u00eet et est remplac\u00e9 par le hall d\u2019entr\u00e9e d\u2019une nouvelle maison de retraite. Il n\u2019y a alors plus de r\u00e9sidents dans le ch\u00e2teau.  <\/p>\n\n\n\n<p class=\"has-text-align-center\">***<\/p>\n\n\n\n<p>C\u2019est un tr\u00e8s joli b\u00e2timent qui poss\u00e8de d\u2019\u00e9l\u00e9gantes fa\u00e7ades orn\u00e9es de belles ancres forg\u00e9es. Il \u00e9tait au XX e si\u00e8cle un pr\u00e9ventorium.<\/p>\n\n\n\n<ul class=\"wp-block-list\">\n<li>Le projet de transformation du ch\u00e2teau des Carmes \u00e0 Tr\u00e9lon, en un futur institut m\u00e9dico-social de jour, pour enfants de 0 \u00e0 12 ans, a \u00e9t\u00e9 valid\u00e9 fin septembre 2018 par les \u00e9lus conseil municipal de Tr\u00e9lon.<\/li>\n<\/ul>\n\n\n\n<p>La partie historique du ch\u00e2teau des Carmes, dont les fondations remontent \u00e0 la Renaissance, sera enti\u00e8rement r\u00e9habilit\u00e9e d\u2019ici 2020, pour un co\u00fbt total estim\u00e9 \u00e0 600&nbsp;000 \u20ac. Ce nouveau centre regroupera sous un m\u00eame toit une partie des activit\u00e9s des instituts de Fourmies et d\u2019Aulnoye-Aymeries. Rappelons que ce futur centre m\u00e9dico-social pr\u00e9coce sera sp\u00e9cialis\u00e9 dans la r\u00e9\u00e9ducation des enfants pr\u00e9sentant des d\u00e9ficits sensoriels, moteurs ou mentaux.<\/p>\n\n\n\n<p>A ce jour, 44 migrants sont h\u00e9berg\u00e9s dans cet \u00e9tablissement (dans la partie la plus r\u00e9cente de cette ancienne maison de retraite). Lors du dernier conseil municipal de Tr\u00e9lon, Fran\u00e7ois Louvegnies, le maire de Tr\u00e9lon, a une nouvelle fois assum\u00e9 \u00ab&nbsp;son geste humaniste&nbsp;\u00bb, tout en pr\u00e9cisant que les r\u00e9fugi\u00e9s seront accueillis jusqu\u2019au 31 mars, date \u00e0 laquelle l\u2019annexe du ch\u00e2teau des carnes est appel\u00e9 \u00e0 \u00eatre d\u00e9molie, dans le cadre d\u2019un partenariat avec l\u2019\u00e9tablissement Public Foncier et de l\u2019op\u00e9ration \u00ab&nbsp;transformation du ch\u00e2teau des Carmes en un futur institut m\u00e9dico-social pr\u00e9coce de jour&nbsp;\u00bb.<\/p>\n\n\n\n<p>Source :&nbsp;<a href=\"https:\/\/www.canalfm.fr\/news\/le-chateau-des-carmes-a-trelon-appele-a-etre-transforme-en-un-institut-medico-social-de-jour-22873\" target=\"_blank\" rel=\"noreferrer noopener\">canalFM.fr<\/a><br><\/p>\n\n\n\n<p class=\"has-text-align-center has-bright-red-color has-light-blue-background-color has-text-color has-background has-medium-font-size\">Le ch\u00e2teau de Vendegies-au-Bois<\/p>\n\n\n<div class=\"wp-block-image\">\n<figure class=\"aligncenter is-resized\"><img data-recalc-dims=\"1\" loading=\"lazy\" decoding=\"async\" width=\"840\" height=\"553\" data-attachment-id=\"9529\" data-permalink=\"https:\/\/patrimoine-avesnois.fr\/chemin\/les-chateaux-de-lavesnois-et-leurs-proprietaires\/image-1480\/\" data-orig-file=\"https:\/\/i0.wp.com\/patrimoine-avesnois.fr\/chemin\/wp-content\/uploads\/2020\/03\/image-78.png?fit=875%2C576&amp;ssl=1\" data-orig-size=\"875,576\" data-comments-opened=\"1\" data-image-meta=\"{&quot;aperture&quot;:&quot;0&quot;,&quot;credit&quot;:&quot;&quot;,&quot;camera&quot;:&quot;&quot;,&quot;caption&quot;:&quot;&quot;,&quot;created_timestamp&quot;:&quot;0&quot;,&quot;copyright&quot;:&quot;&quot;,&quot;focal_length&quot;:&quot;0&quot;,&quot;iso&quot;:&quot;0&quot;,&quot;shutter_speed&quot;:&quot;0&quot;,&quot;title&quot;:&quot;&quot;,&quot;orientation&quot;:&quot;0&quot;}\" data-image-title=\"image\" data-image-description=\"\" data-image-caption=\"\" data-large-file=\"https:\/\/i0.wp.com\/patrimoine-avesnois.fr\/chemin\/wp-content\/uploads\/2020\/03\/image-78.png?fit=840%2C553&amp;ssl=1\" src=\"https:\/\/i0.wp.com\/patrimoine-avesnois.fr\/chemin\/wp-content\/uploads\/2020\/03\/image-78.png?resize=840%2C553\" alt=\"\" class=\"wp-image-9529\" style=\"width:630px;height:415px\" srcset=\"https:\/\/i0.wp.com\/patrimoine-avesnois.fr\/chemin\/wp-content\/uploads\/2020\/03\/image-78.png?w=875&amp;ssl=1 875w, https:\/\/i0.wp.com\/patrimoine-avesnois.fr\/chemin\/wp-content\/uploads\/2020\/03\/image-78.png?resize=300%2C197&amp;ssl=1 300w, https:\/\/i0.wp.com\/patrimoine-avesnois.fr\/chemin\/wp-content\/uploads\/2020\/03\/image-78.png?resize=768%2C506&amp;ssl=1 768w\" sizes=\"auto, (max-width: 709px) 85vw, (max-width: 909px) 67vw, (max-width: 1362px) 62vw, 840px\" \/><\/figure>\n<\/div>\n\n<div class=\"wp-block-image\">\n<figure class=\"aligncenter is-resized\"><img decoding=\"async\" src=\"https:\/\/i1.wp.com\/live.staticflickr.com\/7010\/13408779565_e7fea7e6ee_b.jpg?w=840&amp;ssl=1\" alt=\"R\u00c3\u00a9sultat de recherche d'images pour &quot;vendegies au bois \u00c3\u00a9glise&quot;\" style=\"width:630px;height:420px\"\/><figcaption class=\"wp-element-caption\"><em>Le ch\u00e2teau de Vendegies-au-Bois.  <a aria-label=\"Photo  et description S Dubart (opens in a new tab)\" href=\"https:\/\/www.flickr.com\/photos\/sdusart\/13408779565\" target=\"_blank\" rel=\"noreferrer noopener\">Photo <\/a><\/em><a aria-label=\"Photo  et description S Dubart (opens in a new tab)\" href=\"https:\/\/www.flickr.com\/photos\/sdusart\/13408779565\" target=\"_blank\" rel=\"noreferrer noopener\"> et description S Dubart<\/a> <\/figcaption><\/figure>\n<\/div>\n\n\n<p>Le plus ancien seigneur connu est Thomas de Goegnies, cit\u00e9 dans une charte de 1284. Le ch\u00e2teau fort est d\u00e9truit en 1340 et reconstruit au XVIe si\u00e8cle. A partir de cette date , il changea souvent de mains; il fut d&rsquo;abord aux Montigny, puis aux Montmorency; en 1562, Floris de Montmorency le vendit \u00e0 Antoine de Goegnies, mari\u00e9 \u00e0 Marie d&rsquo;\u00c9claibes. En 1600, sa fille se maria avec Louis de Beaufort, gouverneur du Quesnoy. En 1624, par mariage encore, l&rsquo;\u00e9difice passa \u00e0 Philippe Albert de Bonni\u00e8res, gouverneur de Binche, qui, en 1766, le vendit \u00e0 Bouchelet de Beaurain dont les descendants l&rsquo;ont conserv\u00e9 jusque 1997. Son propri\u00e9taire actuel, M Peuble, s&#8217;emploie \u00e0 lui rendre son prestige d&rsquo;antan.<\/p>\n\n\n\n<p>Il se trouve au fond du village, au pied d&rsquo;un petit cours d&rsquo;eau nomm\u00e9 Harpies; une longue all\u00e9e plant\u00e9e d&rsquo;arbres le pr\u00e9c\u00e8de. <\/p>\n\n\n\n<p>Il pr\u00e9sente divers b\u00e2timents principalement \u00e9rig\u00e9s au XVIIe si\u00e8cle. Il ne reste que deux des quatre ailes qui devaient exister primitivement et trois tours faisant saillie aux angles de ce demi-quadrilat\u00e8re. L&rsquo;entr\u00e9e principale s&rsquo;ouvre sur l&rsquo;aile est, comportant quatre niveaux, des caves, un rez-de-chauss\u00e9e et un \u00e9tage perc\u00e9s l&rsquo;un et l&rsquo;autre de dix fen\u00eatres, et des combles \u00e9clair\u00e9s par des lucarnes. L&rsquo;ensemble de la construction a \u00e9t\u00e9 r\u00e9alis\u00e9 en brique, seuls les angles et les encadrements des fen\u00eatres ont \u00e9t\u00e9 b\u00e2tis en pierre calcaire. Les fen\u00eatres \u00e9taient pourvues de meneaux \u00e0 l&rsquo;origine, ont \u00e9t\u00e9 agrandies et transform\u00e9es au XVIIIe si\u00e8cle.<\/p>\n\n\n\n<p>Remani\u00e9 en 1825, il est fortement endommag\u00e9 durant la Premi\u00e8re Guerre mondiale, puis abandonn\u00e9, avant d&rsquo;\u00eatre aujourd&rsquo;hui restaur\u00e9 par ses actuels propri\u00e9taires. <\/p>\n\n\n\n<p class=\"has-text-align-center has-bright-red-color has-light-blue-background-color has-text-color has-background has-medium-font-size\">Le ch\u00e2teau de Wargnies-le-Grand<\/p>\n\n\n<div class=\"wp-block-image\">\n<figure class=\"aligncenter is-resized\"><img data-recalc-dims=\"1\" loading=\"lazy\" decoding=\"async\" width=\"396\" height=\"230\" data-attachment-id=\"9527\" data-permalink=\"https:\/\/patrimoine-avesnois.fr\/chemin\/les-chateaux-de-lavesnois-et-leurs-proprietaires\/image-1479\/\" data-orig-file=\"https:\/\/i0.wp.com\/patrimoine-avesnois.fr\/chemin\/wp-content\/uploads\/2020\/03\/image-77.png?fit=396%2C230&amp;ssl=1\" data-orig-size=\"396,230\" data-comments-opened=\"1\" data-image-meta=\"{&quot;aperture&quot;:&quot;0&quot;,&quot;credit&quot;:&quot;&quot;,&quot;camera&quot;:&quot;&quot;,&quot;caption&quot;:&quot;&quot;,&quot;created_timestamp&quot;:&quot;0&quot;,&quot;copyright&quot;:&quot;&quot;,&quot;focal_length&quot;:&quot;0&quot;,&quot;iso&quot;:&quot;0&quot;,&quot;shutter_speed&quot;:&quot;0&quot;,&quot;title&quot;:&quot;&quot;,&quot;orientation&quot;:&quot;0&quot;}\" data-image-title=\"image\" data-image-description=\"\" data-image-caption=\"\" data-large-file=\"https:\/\/i0.wp.com\/patrimoine-avesnois.fr\/chemin\/wp-content\/uploads\/2020\/03\/image-77.png?fit=396%2C230&amp;ssl=1\" src=\"https:\/\/i0.wp.com\/patrimoine-avesnois.fr\/chemin\/wp-content\/uploads\/2020\/03\/image-77.png?resize=396%2C230\" alt=\"\" class=\"wp-image-9527\" style=\"width:630px;height:365px\" srcset=\"https:\/\/i0.wp.com\/patrimoine-avesnois.fr\/chemin\/wp-content\/uploads\/2020\/03\/image-77.png?w=396&amp;ssl=1 396w, https:\/\/i0.wp.com\/patrimoine-avesnois.fr\/chemin\/wp-content\/uploads\/2020\/03\/image-77.png?resize=300%2C174&amp;ssl=1 300w\" sizes=\"auto, (max-width: 396px) 85vw, 396px\" \/><figcaption class=\"wp-element-caption\">le ch\u00e2teau f\u00e9odal de Wargnies vers 1600<\/figcaption><\/figure>\n<\/div>\n\n\n<p>L&rsquo;album de Cro\u00ff reproduit un robuste ch\u00e2teau f\u00e9odal. Il a \u00e9t\u00e9 la propri\u00e9t\u00e9 de la famille D\u2019Anneux notamment au XVIIe si\u00e8cle.<\/p>\n\n\n<div class=\"wp-block-image\">\n<figure class=\"aligncenter is-resized\"><img decoding=\"async\" src=\"https:\/\/i0.wp.com\/patrimoine-avesnois.fr\/chemin\/wp-content\/uploads\/2019\/06\/Capture-25.jpg?resize=633%2C475\" alt=\"\" style=\"width:630px;height:473px\"\/><figcaption class=\"wp-element-caption\"><em>Vestiges du ch\u00e2teau seigneurial. Vue de la rue du Masil. Propri\u00e9taire actuel : Paul Moguet<\/em> <\/figcaption><\/figure>\n<\/div>\n\n\n<p>Le ch\u00e2teau a subi les nombreux conflits qui ont suivi et est devenu une exploitation agricole depuis l\u2019\u00e9poque de Louis XIV. Il a cependant gard\u00e9 de son pass\u00e9 castral quelques prestigieux vestiges dont des oubliettes remarquables. Elles datent du XII e si\u00e8cle, \u00e9poque \u00e0 laquelle son seigneur avait le droit de rendre la basse, la moyenne et la grande justice.<\/p>\n\n\n\n<p>Jean-Michel Moguet, fils des propri\u00e9taires actuels, apportait des pr\u00e9cisions concernant ces prisons lors d&rsquo;une visite en 2015 organis\u00e9e au profit par l\u2019Association des paralys\u00e9s de France au profit des handicap\u00e9s physiques de l\u2019arrondissement de Valenciennes  : <\/p>\n\n\n\n<p> \u00ab <em>Quand on descend les diff\u00e9rents escaliers, on peut retrouver six cachots r\u00e9partis sur les trois niveaux de ces oubliettes o\u00f9 on peut encore voir en lieu et place les anneaux o\u00f9 les gens \u00e9taient attach\u00e9s lors de leur emprisonnement.<\/em>&nbsp;\u00bb Source  <a aria-label=\"Journal La Voix du Nord du 18\/07\/2015. (opens in a new tab)\" href=\"https:\/\/www.lavoixdunord.fr\/art\/region\/art-et-histoire-le-temps-d-un-week-end-au-chateau-de-ia23b44413n2950828\" target=\"_blank\" rel=\"noreferrer noopener\">Journal La Voix du Nord du 18\/07\/2015.<\/a> <\/p>\n\n\n\n<p>Voici quelques unes des photos prises par la regrett\u00e9e pr\u00e9sidente du CHGB Colette Rabin-Francois lors de cette visite en 2015 et parues dans <a aria-label=\"la revue n\u00b0 39 (opens in a new tab)\" href=\"http:\/\/www.chgb.org\/bulletins\/avesnois39.pdf\" target=\"_blank\" rel=\"noreferrer noopener\">la revue n\u00b0 39<\/a> :<\/p>\n\n\n<div class=\"wp-block-image\">\n<figure class=\"aligncenter is-resized\"><img data-recalc-dims=\"1\" loading=\"lazy\" decoding=\"async\" width=\"548\" height=\"331\" data-attachment-id=\"9531\" data-permalink=\"https:\/\/patrimoine-avesnois.fr\/chemin\/les-chateaux-de-lavesnois-et-leurs-proprietaires\/image-1481\/\" data-orig-file=\"https:\/\/i0.wp.com\/patrimoine-avesnois.fr\/chemin\/wp-content\/uploads\/2020\/03\/image-79.png?fit=548%2C331&amp;ssl=1\" data-orig-size=\"548,331\" data-comments-opened=\"1\" data-image-meta=\"{&quot;aperture&quot;:&quot;0&quot;,&quot;credit&quot;:&quot;&quot;,&quot;camera&quot;:&quot;&quot;,&quot;caption&quot;:&quot;&quot;,&quot;created_timestamp&quot;:&quot;0&quot;,&quot;copyright&quot;:&quot;&quot;,&quot;focal_length&quot;:&quot;0&quot;,&quot;iso&quot;:&quot;0&quot;,&quot;shutter_speed&quot;:&quot;0&quot;,&quot;title&quot;:&quot;&quot;,&quot;orientation&quot;:&quot;0&quot;}\" data-image-title=\"image\" data-image-description=\"\" data-image-caption=\"\" data-large-file=\"https:\/\/i0.wp.com\/patrimoine-avesnois.fr\/chemin\/wp-content\/uploads\/2020\/03\/image-79.png?fit=548%2C331&amp;ssl=1\" src=\"https:\/\/i0.wp.com\/patrimoine-avesnois.fr\/chemin\/wp-content\/uploads\/2020\/03\/image-79.png?resize=548%2C331\" alt=\"\" class=\"wp-image-9531\" style=\"width:630px;height:380px\" srcset=\"https:\/\/i0.wp.com\/patrimoine-avesnois.fr\/chemin\/wp-content\/uploads\/2020\/03\/image-79.png?w=548&amp;ssl=1 548w, https:\/\/i0.wp.com\/patrimoine-avesnois.fr\/chemin\/wp-content\/uploads\/2020\/03\/image-79.png?resize=300%2C181&amp;ssl=1 300w\" sizes=\"auto, (max-width: 548px) 85vw, 548px\" \/><\/figure>\n<\/div>\n\n<div class=\"wp-block-image\">\n<figure class=\"aligncenter is-resized\"><img data-recalc-dims=\"1\" loading=\"lazy\" decoding=\"async\" width=\"532\" height=\"356\" data-attachment-id=\"9532\" data-permalink=\"https:\/\/patrimoine-avesnois.fr\/chemin\/les-chateaux-de-lavesnois-et-leurs-proprietaires\/image-1482\/\" data-orig-file=\"https:\/\/i0.wp.com\/patrimoine-avesnois.fr\/chemin\/wp-content\/uploads\/2020\/03\/image-80.png?fit=532%2C356&amp;ssl=1\" data-orig-size=\"532,356\" data-comments-opened=\"1\" data-image-meta=\"{&quot;aperture&quot;:&quot;0&quot;,&quot;credit&quot;:&quot;&quot;,&quot;camera&quot;:&quot;&quot;,&quot;caption&quot;:&quot;&quot;,&quot;created_timestamp&quot;:&quot;0&quot;,&quot;copyright&quot;:&quot;&quot;,&quot;focal_length&quot;:&quot;0&quot;,&quot;iso&quot;:&quot;0&quot;,&quot;shutter_speed&quot;:&quot;0&quot;,&quot;title&quot;:&quot;&quot;,&quot;orientation&quot;:&quot;0&quot;}\" data-image-title=\"image\" data-image-description=\"\" data-image-caption=\"\" data-large-file=\"https:\/\/i0.wp.com\/patrimoine-avesnois.fr\/chemin\/wp-content\/uploads\/2020\/03\/image-80.png?fit=532%2C356&amp;ssl=1\" src=\"https:\/\/i0.wp.com\/patrimoine-avesnois.fr\/chemin\/wp-content\/uploads\/2020\/03\/image-80.png?resize=532%2C356\" alt=\"\" class=\"wp-image-9532\" style=\"width:630px;height:419px\" srcset=\"https:\/\/i0.wp.com\/patrimoine-avesnois.fr\/chemin\/wp-content\/uploads\/2020\/03\/image-80.png?w=532&amp;ssl=1 532w, https:\/\/i0.wp.com\/patrimoine-avesnois.fr\/chemin\/wp-content\/uploads\/2020\/03\/image-80.png?resize=300%2C201&amp;ssl=1 300w\" sizes=\"auto, (max-width: 532px) 85vw, 532px\" \/><\/figure>\n<\/div>\n\n\n<p>Vous pourrez retrouver d&rsquo;autres photos \u00e0 la <a aria-label=\"page de Wargnies-le-Grand. (opens in a new tab)\" href=\"http:\/\/patrimoine-avesnois.fr\/chemin\/wargnies-le-grand\/\" target=\"_blank\" rel=\"noreferrer noopener\">page de Wargnies-le-Grand.<\/a><\/p>\n\n\n\n<p class=\"has-text-align-center has-bright-red-color has-light-blue-background-color has-text-color has-background has-medium-font-size\">Le ch\u00e2teau de Wargnies-le-Petit<\/p>\n\n\n<div class=\"wp-block-image\">\n<figure class=\"aligncenter is-resized\"><img data-recalc-dims=\"1\" loading=\"lazy\" decoding=\"async\" width=\"840\" height=\"567\" data-attachment-id=\"9521\" data-permalink=\"https:\/\/patrimoine-avesnois.fr\/chemin\/les-chateaux-de-lavesnois-et-leurs-proprietaires\/image-1476\/\" data-orig-file=\"https:\/\/i0.wp.com\/patrimoine-avesnois.fr\/chemin\/wp-content\/uploads\/2020\/03\/image-74.png?fit=868%2C586&amp;ssl=1\" data-orig-size=\"868,586\" data-comments-opened=\"1\" data-image-meta=\"{&quot;aperture&quot;:&quot;0&quot;,&quot;credit&quot;:&quot;&quot;,&quot;camera&quot;:&quot;&quot;,&quot;caption&quot;:&quot;&quot;,&quot;created_timestamp&quot;:&quot;0&quot;,&quot;copyright&quot;:&quot;&quot;,&quot;focal_length&quot;:&quot;0&quot;,&quot;iso&quot;:&quot;0&quot;,&quot;shutter_speed&quot;:&quot;0&quot;,&quot;title&quot;:&quot;&quot;,&quot;orientation&quot;:&quot;0&quot;}\" data-image-title=\"image\" data-image-description=\"\" data-image-caption=\"\" data-large-file=\"https:\/\/i0.wp.com\/patrimoine-avesnois.fr\/chemin\/wp-content\/uploads\/2020\/03\/image-74.png?fit=840%2C567&amp;ssl=1\" src=\"https:\/\/i0.wp.com\/patrimoine-avesnois.fr\/chemin\/wp-content\/uploads\/2020\/03\/image-74.png?resize=840%2C567\" alt=\"\" class=\"wp-image-9521\" style=\"width:630px;height:425px\" srcset=\"https:\/\/i0.wp.com\/patrimoine-avesnois.fr\/chemin\/wp-content\/uploads\/2020\/03\/image-74.png?w=868&amp;ssl=1 868w, https:\/\/i0.wp.com\/patrimoine-avesnois.fr\/chemin\/wp-content\/uploads\/2020\/03\/image-74.png?resize=300%2C203&amp;ssl=1 300w, https:\/\/i0.wp.com\/patrimoine-avesnois.fr\/chemin\/wp-content\/uploads\/2020\/03\/image-74.png?resize=768%2C518&amp;ssl=1 768w\" sizes=\"auto, (max-width: 709px) 85vw, (max-width: 909px) 67vw, (max-width: 1362px) 62vw, 840px\" \/><figcaption class=\"wp-element-caption\">Fa\u00e7ade du ch\u00e2teau de Wargnies-le-petit en 1909<\/figcaption><\/figure>\n<\/div>\n\n\n<p>La construction adoptait la forme d\u2019un U avec en son centre un porche de pierre encadrant les grilles d\u2019entr\u00e9e. De chaque c\u00f4t\u00e9, les ailes, en retour d\u2019\u00e9querre, comprenaient un \u00e9tage et des combles avec lucarnes. Sur la gauche du ch\u00e2teau, un pigeonnier porche permettait d\u2019acc\u00e9der directement aux d\u00e9pendances et \u00e9curies de la demeure. <\/p>\n\n\n<div class=\"wp-block-image\">\n<figure class=\"aligncenter is-resized\"><img loading=\"lazy\" decoding=\"async\" width=\"806\" height=\"509\" data-attachment-id=\"5647\" data-permalink=\"https:\/\/patrimoine-avesnois.fr\/chemin\/wargnies-le-petit\/375_001\/\" data-orig-file=\"https:\/\/i0.wp.com\/patrimoine-avesnois.fr\/chemin\/wp-content\/uploads\/2019\/06\/375_001.jpg?fit=806%2C509&amp;ssl=1\" data-orig-size=\"806,509\" data-comments-opened=\"1\" data-image-meta=\"{&quot;aperture&quot;:&quot;0&quot;,&quot;credit&quot;:&quot;&quot;,&quot;camera&quot;:&quot;&quot;,&quot;caption&quot;:&quot;&quot;,&quot;created_timestamp&quot;:&quot;1559987205&quot;,&quot;copyright&quot;:&quot;&quot;,&quot;focal_length&quot;:&quot;0&quot;,&quot;iso&quot;:&quot;0&quot;,&quot;shutter_speed&quot;:&quot;0&quot;,&quot;title&quot;:&quot;&quot;,&quot;orientation&quot;:&quot;0&quot;}\" data-image-title=\"375_001\" data-image-description=\"\" data-image-caption=\"\" data-large-file=\"https:\/\/i0.wp.com\/patrimoine-avesnois.fr\/chemin\/wp-content\/uploads\/2019\/06\/375_001.jpg?fit=806%2C509&amp;ssl=1\" src=\"https:\/\/i0.wp.com\/patrimoine-avesnois.fr\/chemin\/wp-content\/uploads\/2019\/06\/375_001.jpg?w=840\" alt=\"\" class=\"wp-image-5647\" style=\"width:630px;height:400px\" srcset=\"https:\/\/i0.wp.com\/patrimoine-avesnois.fr\/chemin\/wp-content\/uploads\/2019\/06\/375_001.jpg?w=806&amp;ssl=1 806w, https:\/\/i0.wp.com\/patrimoine-avesnois.fr\/chemin\/wp-content\/uploads\/2019\/06\/375_001.jpg?resize=300%2C189&amp;ssl=1 300w, https:\/\/i0.wp.com\/patrimoine-avesnois.fr\/chemin\/wp-content\/uploads\/2019\/06\/375_001.jpg?resize=768%2C485&amp;ssl=1 768w\" sizes=\"auto, (max-width: 806px) 85vw, 806px\" \/><figcaption class=\"wp-element-caption\">Ch\u00e2teau de l\u2019Epine \u2013 Monast\u00e8re des R\u00e9demptoristines. Octobre 1913.<\/figcaption><\/figure>\n<\/div>\n\n\n<p>Avec l\u2019arriv\u00e9e en 1921 des s\u0153urs r\u00e9demptoristes, un nouveau b\u00e2timent est alors b\u00e2ti et englobe dans sa fa\u00e7ade le pigeonnier, qui devient alors la fa\u00e7ade de la chapelle du couvent. Une nouvelle aile ferme alors la cour. Les religieuses en faisant condamner et murer l\u2019entr\u00e9e monumentale du ch\u00e2teau, sous la tour-pigeonnier, supprim\u00e8rent ainsi la forme en U et le porche de l\u2019ancien ch\u00e2teau. <\/p>\n\n\n<div class=\"wp-block-image\">\n<figure class=\"aligncenter is-resized\"><img loading=\"lazy\" decoding=\"async\" width=\"981\" height=\"665\" data-attachment-id=\"5648\" data-permalink=\"https:\/\/patrimoine-avesnois.fr\/chemin\/wargnies-le-petit\/417_001\/\" data-orig-file=\"https:\/\/i0.wp.com\/patrimoine-avesnois.fr\/chemin\/wp-content\/uploads\/2019\/06\/417_001.jpg?fit=981%2C665&amp;ssl=1\" data-orig-size=\"981,665\" data-comments-opened=\"1\" data-image-meta=\"{&quot;aperture&quot;:&quot;0&quot;,&quot;credit&quot;:&quot;&quot;,&quot;camera&quot;:&quot;&quot;,&quot;caption&quot;:&quot;&quot;,&quot;created_timestamp&quot;:&quot;1559987316&quot;,&quot;copyright&quot;:&quot;&quot;,&quot;focal_length&quot;:&quot;0&quot;,&quot;iso&quot;:&quot;0&quot;,&quot;shutter_speed&quot;:&quot;0&quot;,&quot;title&quot;:&quot;&quot;,&quot;orientation&quot;:&quot;0&quot;}\" data-image-title=\"417_001\" data-image-description=\"\" data-image-caption=\"\" data-large-file=\"https:\/\/i0.wp.com\/patrimoine-avesnois.fr\/chemin\/wp-content\/uploads\/2019\/06\/417_001.jpg?fit=840%2C569&amp;ssl=1\" src=\"https:\/\/i2.wp.com\/patrimoine-avesnois.fr\/chemin\/wp-content\/uploads\/2019\/06\/417_001.jpg?w=840\" alt=\"\" class=\"wp-image-5648\" style=\"width:630px;height:427px\" srcset=\"https:\/\/i0.wp.com\/patrimoine-avesnois.fr\/chemin\/wp-content\/uploads\/2019\/06\/417_001.jpg?w=981&amp;ssl=1 981w, https:\/\/i0.wp.com\/patrimoine-avesnois.fr\/chemin\/wp-content\/uploads\/2019\/06\/417_001.jpg?resize=300%2C203&amp;ssl=1 300w, https:\/\/i0.wp.com\/patrimoine-avesnois.fr\/chemin\/wp-content\/uploads\/2019\/06\/417_001.jpg?resize=768%2C521&amp;ssl=1 768w\" sizes=\"auto, (max-width: 709px) 85vw, (max-width: 909px) 67vw, (max-width: 1362px) 62vw, 840px\" \/><figcaption class=\"wp-element-caption\">Le Monast\u00e8re, vue du jardin. 1988. La fa\u00e7ade arri\u00e8re a conserv\u00e9 toute son authenticit\u00e9 du XVIII e si\u00e8cle.<\/figcaption><\/figure>\n<\/div>\n\n\n<p>La fa\u00e7ade comprend treize trav\u00e9es par niveau, reposant sur un soubassement de pierre. Au centre, un ensemble entourant let seuil de porte adopte une forme semi-circulaire, avec \u00e0 l\u2019\u00e9tage une porte-fen\u00eatre.  <br>La porte d&rsquo;acc\u00e8s donnant sur le parc est pourvue d&rsquo;un escalier \u00e0 double r\u00e9volution avec une balustrade de fer forge d\u00e9cor\u00e9e d\u2019\u00e9pines (l\u2019embl\u00e8me de la famille). <\/p>\n\n\n<div class=\"wp-block-image\">\n<figure class=\"aligncenter is-resized\"><img decoding=\"async\" src=\"https:\/\/i0.wp.com\/patrimoine-avesnois.fr\/chemin\/wp-content\/uploads\/2019\/06\/Chateau1.jpg?w=840\" alt=\"\" style=\"width:630px;height:473px\"\/><figcaption class=\"wp-element-caption\"><em>L\u2019ancien couvent Rue du Marquiseul<\/em> <\/figcaption><\/figure>\n<\/div>\n\n\n<p>Cette demeure \u00e9tait l\u00a0\u00bbancienne propri\u00e9t\u00e9 de la famille de l&rsquo;Epine. En effet Marie Philippe Ferdinand de l\u2019Epine, habita le ch\u00e2teau. Il y r\u00e9sidait l\u2019\u00e9t\u00e9 et passait l\u2019hiver au Quesnoy o\u00f9 se trouvait son h\u00f4tel particulier. On le conna\u00eet sous le nom de Baron de l\u2019Epine, titre qui lui fut accord\u00e9 en 1825. Marie Philippe de l\u2019Epine commen\u00e7a sa carri\u00e8re sous l\u2019Empire, Officier de la garde nationale puis chef de bataillon en 1813, il fut nomm\u00e9 chevalier d\u2019Empire par Napol\u00e9on la m\u00eame ann\u00e9e. Sous la restauration, il devint colonel inspecteur et se lan\u00e7a dans la vie politique.<\/p>\n\n\n\n<p>Il fut successivement conseiller d\u2019arrondissement, membre du conseil g\u00e9n\u00e9ral, maire du Quesnoy et enfin d\u00e9put\u00e9 du nord en 1827. L\u00e9gitimiste, il se retira lors de la r\u00e9volution qui porte Louis-Philippe sur le tr\u00f4ne. Il fut \u00e0 nouveau conseiller g\u00e9n\u00e9ral de 1851 \u00e0 1868. Consid\u00e9r\u00e9 comme l\u2019un des hommes les plus riches du d\u00e9partement, il consacra une partie de sa fortune \u00e0 la construction d\u2019\u00e9glises et \u00e0 la cr\u00e9ation d\u2019\u00e9coles, o\u00f9 il installa des religieux. Ses successeurs habit\u00e8rent le ch\u00e2teau avant la premi\u00e8re guerre mondiale. L\u2019un deux en fit don \u00e0 une communaut\u00e9 religieuse \u00ab&nbsp;les r\u00e9demptoristes&nbsp;\u00bb.<br>En 1921, une communaut\u00e9 de s\u0153urs r\u00e9demptoristes s\u2019installa donc dans la vaste propri\u00e9t\u00e9 dite \u00ab&nbsp;ch\u00e2teau du baron de l\u2019Epine.&nbsp;\u00bb Les s\u0153urs venaient de Belgique o\u00f9 elles s\u2019\u00e9taient r\u00e9fugi\u00e9es en 1901 apr\u00e8s avoir d\u00fb quitter Armenti\u00e8res. Elles rest\u00e8rent \u00e0 Wargnies durant soixante ans. La diminution du nombre des religieuses les amena \u00e0 quitter le monast\u00e8re en 1980. Le couvent abrite aujourd\u2019hui une communaut\u00e9 Nazareth.<\/p>\n\n\n\n<p><br> <br>   <\/p>\n","protected":false},"excerpt":{"rendered":"<p>Cet article a pour vocation de reprendre sous une m\u00eame page les \u00e9v\u00e9nements historiques et les caract\u00e9ristiques architecturales des nombreux ch\u00e2teaux qui jalonnent l\u2019Avesnois. M\u00eame si certaines descriptions ont d\u00e9j\u00e0 \u00e9t\u00e9 relat\u00e9es sur ce site aux pages des villages concern\u00e9s, le lecteur pourra n\u00e9anmoins ici avoir une vue d\u2019ensemble et une synth\u00e8se globale de ces &hellip; <a href=\"https:\/\/patrimoine-avesnois.fr\/chemin\/les-chateaux-de-lavesnois-et-leurs-proprietaires\/\" class=\"more-link\">Continuer la lecture<span class=\"screen-reader-text\"> de &laquo;&nbsp;Les ch\u00e2teaux de l&rsquo;Avesnois et leurs propri\u00e9taires&nbsp;&raquo;<\/span><\/a><\/p>\n","protected":false},"author":2,"featured_media":0,"parent":0,"menu_order":0,"comment_status":"closed","ping_status":"closed","template":"","meta":{"jetpack_post_was_ever_published":false,"footnotes":""},"class_list":["post-9261","page","type-page","status-publish","hentry"],"jetpack_sharing_enabled":true,"jetpack_shortlink":"https:\/\/wp.me\/PaOEkN-2pn","jetpack-related-posts":[],"_links":{"self":[{"href":"https:\/\/patrimoine-avesnois.fr\/chemin\/wp-json\/wp\/v2\/pages\/9261","targetHints":{"allow":["GET"]}}],"collection":[{"href":"https:\/\/patrimoine-avesnois.fr\/chemin\/wp-json\/wp\/v2\/pages"}],"about":[{"href":"https:\/\/patrimoine-avesnois.fr\/chemin\/wp-json\/wp\/v2\/types\/page"}],"author":[{"embeddable":true,"href":"https:\/\/patrimoine-avesnois.fr\/chemin\/wp-json\/wp\/v2\/users\/2"}],"replies":[{"embeddable":true,"href":"https:\/\/patrimoine-avesnois.fr\/chemin\/wp-json\/wp\/v2\/comments?post=9261"}],"version-history":[{"count":0,"href":"https:\/\/patrimoine-avesnois.fr\/chemin\/wp-json\/wp\/v2\/pages\/9261\/revisions"}],"wp:attachment":[{"href":"https:\/\/patrimoine-avesnois.fr\/chemin\/wp-json\/wp\/v2\/media?parent=9261"}],"curies":[{"name":"wp","href":"https:\/\/api.w.org\/{rel}","templated":true}]}}