{"id":340,"date":"2021-07-06T12:33:40","date_gmt":"2021-07-06T10:33:40","guid":{"rendered":"https:\/\/patrimoine-avesnois.fr\/fontaines\/?page_id=340"},"modified":"2023-05-15T18:11:41","modified_gmt":"2023-05-15T16:11:41","slug":"neuf-mesnil-la-fontaine-de-la-place-de-leglise","status":"publish","type":"page","link":"https:\/\/patrimoine-avesnois.fr\/fontaines\/neuf-mesnil-la-fontaine-de-la-place-de-leglise\/","title":{"rendered":"Neuf-Mesnil : la fontaine de la Place de l&rsquo;\u00c9glise"},"content":{"rendered":"<div class=\"wp-block-image\">\n<figure class=\"aligncenter\"><img decoding=\"async\" src=\"https:\/\/i2.wp.com\/patrimoine-avesnois.fr\/chemin\/wp-content\/uploads\/2021\/07\/Capture-1.jpg?w=840\" alt=\"\" class=\"wp-image-13983\"\/><figcaption class=\"wp-element-caption\">Fontaine de la Place Neuf-Mesnil Cadastre 1925 ADN P 31 \/ 747 <a href=\"https:\/\/archivesdepartementales.lenord.fr\/ark:\/33518\/9d4bgxf1zhc0\/7df03b38-8a30-402b-af2d-6038dc5d1482\" target=\"_blank\" rel=\"noreferrer noopener\">Vue 7\/7<\/a><\/figcaption><\/figure>\n<\/div>\n\n<div class=\"wp-block-image\">\n<figure class=\"aligncenter size-full\"><img data-recalc-dims=\"1\" loading=\"lazy\" decoding=\"async\" width=\"674\" height=\"505\" src=\"https:\/\/i0.wp.com\/patrimoine-avesnois.fr\/fontaines\/wp-content\/uploads\/2021\/07\/Fontaine-de-la-Place-Neuf-Mesnil-.webp?resize=674%2C505&#038;ssl=1\" alt=\"\" class=\"wp-image-922\" srcset=\"https:\/\/i0.wp.com\/patrimoine-avesnois.fr\/fontaines\/wp-content\/uploads\/2021\/07\/Fontaine-de-la-Place-Neuf-Mesnil-.webp?w=674&amp;ssl=1 674w, https:\/\/i0.wp.com\/patrimoine-avesnois.fr\/fontaines\/wp-content\/uploads\/2021\/07\/Fontaine-de-la-Place-Neuf-Mesnil-.webp?resize=300%2C225&amp;ssl=1 300w\" sizes=\"auto, (max-width: 674px) 85vw, 674px\" \/><figcaption class=\"wp-element-caption\">Fontaine de la Place Neuf-Mesnil <a href=\"https:\/\/www.google.fr\/maps\/@50.2655405,3.9067756,3a,75y,289.42h,78.69t\/data=!3m6!1e1!3m4!1s0S5T3TWDrQcJDmWQJnKNQg!2e0!7i13312!8i6656\" target=\"_blank\" rel=\"noreferrer noopener\">Rue de la Place<\/a><\/figcaption><\/figure>\n<\/div>\n\n<div class=\"wp-block-image\">\n<figure class=\"aligncenter\"><img decoding=\"async\" src=\"https:\/\/i0.wp.com\/e-monumen.net\/wp-content\/uploads\/Neuf-Mesnil-pompe-01-638x850.jpg?resize=479%2C638&amp;ssl=1\" alt=\"\"\/><figcaption class=\"wp-element-caption\">Fontaine (Pompe \u00e0 Bras) Vue rapproch\u00e9e Rue de la Place Neuf-Mesnil<\/figcaption><\/figure>\n<\/div>\n\n\n<p>La fontaine en elle m\u00eame date de 1810 . On y construisit un garde-corps en 1876. Elle fut par la suite remplac\u00e9e par une pompe \u00e0 eau.<\/p>\n","protected":false},"excerpt":{"rendered":"<p>La fontaine en elle m\u00eame date de 1810 . On y construisit un garde-corps en 1876. Elle fut par la suite remplac\u00e9e par une pompe \u00e0 eau.<\/p>\n","protected":false},"author":2,"featured_media":0,"parent":0,"menu_order":0,"comment_status":"closed","ping_status":"closed","template":"","meta":{"footnotes":""},"class_list":["post-340","page","type-page","status-publish","hentry"],"jetpack_sharing_enabled":true,"_links":{"self":[{"href":"https:\/\/patrimoine-avesnois.fr\/fontaines\/wp-json\/wp\/v2\/pages\/340","targetHints":{"allow":["GET"]}}],"collection":[{"href":"https:\/\/patrimoine-avesnois.fr\/fontaines\/wp-json\/wp\/v2\/pages"}],"about":[{"href":"https:\/\/patrimoine-avesnois.fr\/fontaines\/wp-json\/wp\/v2\/types\/page"}],"author":[{"embeddable":true,"href":"https:\/\/patrimoine-avesnois.fr\/fontaines\/wp-json\/wp\/v2\/users\/2"}],"replies":[{"embeddable":true,"href":"https:\/\/patrimoine-avesnois.fr\/fontaines\/wp-json\/wp\/v2\/comments?post=340"}],"version-history":[{"count":4,"href":"https:\/\/patrimoine-avesnois.fr\/fontaines\/wp-json\/wp\/v2\/pages\/340\/revisions"}],"predecessor-version":[{"id":1916,"href":"https:\/\/patrimoine-avesnois.fr\/fontaines\/wp-json\/wp\/v2\/pages\/340\/revisions\/1916"}],"wp:attachment":[{"href":"https:\/\/patrimoine-avesnois.fr\/fontaines\/wp-json\/wp\/v2\/media?parent=340"}],"curies":[{"name":"wp","href":"https:\/\/api.w.org\/{rel}","templated":true}]}}