{"id":347,"date":"2021-07-06T12:41:58","date_gmt":"2021-07-06T10:41:58","guid":{"rendered":"https:\/\/patrimoine-avesnois.fr\/fontaines\/?page_id=347"},"modified":"2021-07-27T08:40:14","modified_gmt":"2021-07-27T06:40:14","slug":"noyelles-sur-sambre-une-source-tarie-une-pompe-a-eau-disparue-une-mare-assechee","status":"publish","type":"page","link":"https:\/\/patrimoine-avesnois.fr\/fontaines\/noyelles-sur-sambre-une-source-tarie-une-pompe-a-eau-disparue-une-mare-assechee\/","title":{"rendered":"Noyelles-sur-Sambre : une source tarie, une pompe \u00e0 eau disparue, une mare ass\u00e9ch\u00e9e"},"content":{"rendered":"\n<div class=\"wp-block-image\"><figure class=\"aligncenter size-full\"><img data-recalc-dims=\"1\" loading=\"lazy\" decoding=\"async\" width=\"840\" height=\"623\" src=\"https:\/\/i0.wp.com\/patrimoine-avesnois.fr\/fontaines\/wp-content\/uploads\/2021\/07\/Source-tarie-NOYELLES-SUR-SAMBRE.webp?resize=840%2C623&#038;ssl=1\" alt=\"\" class=\"wp-image-929\" srcset=\"https:\/\/i0.wp.com\/patrimoine-avesnois.fr\/fontaines\/wp-content\/uploads\/2021\/07\/Source-tarie-NOYELLES-SUR-SAMBRE.webp?w=840&amp;ssl=1 840w, https:\/\/i0.wp.com\/patrimoine-avesnois.fr\/fontaines\/wp-content\/uploads\/2021\/07\/Source-tarie-NOYELLES-SUR-SAMBRE.webp?resize=300%2C223&amp;ssl=1 300w, https:\/\/i0.wp.com\/patrimoine-avesnois.fr\/fontaines\/wp-content\/uploads\/2021\/07\/Source-tarie-NOYELLES-SUR-SAMBRE.webp?resize=768%2C570&amp;ssl=1 768w\" sizes=\"auto, (max-width: 709px) 85vw, (max-width: 909px) 67vw, (max-width: 1362px) 62vw, 840px\" \/><figcaption><a rel=\"noreferrer noopener\" href=\"https:\/\/www.google.fr\/maps\/@50.1524556,3.7918208,3a,90y,6.55h,65.03t\/data=!3m6!1e1!3m4!1s8DgKX8DYvUV234b53K2jjA!2e0!7i16384!8i8192\" target=\"_blank\">Grand\u2019Rue D 953<\/a> Noyelles-sur-Sambre<\/figcaption><\/figure><\/div>\n\n\n\n<p>A cet emplacement les villageois de Noyelles-sur-Sambre venaient encore dans les ann\u00e9es 1950 chercher de l\u2019eau \u00e0 cette source aujourd\u2019hui tarie.<\/p>\n\n\n\n<p class=\"has-text-align-center\">***<\/p>\n\n\n\n<div class=\"wp-block-image\"><figure class=\"aligncenter size-full\"><img data-recalc-dims=\"1\" loading=\"lazy\" decoding=\"async\" width=\"840\" height=\"624\" src=\"https:\/\/i0.wp.com\/patrimoine-avesnois.fr\/fontaines\/wp-content\/uploads\/2021\/07\/Pompe-a-Eau-Noyelles-sur-Sambre.webp?resize=840%2C624&#038;ssl=1\" alt=\"\" class=\"wp-image-931\" srcset=\"https:\/\/i0.wp.com\/patrimoine-avesnois.fr\/fontaines\/wp-content\/uploads\/2021\/07\/Pompe-a-Eau-Noyelles-sur-Sambre.webp?w=840&amp;ssl=1 840w, https:\/\/i0.wp.com\/patrimoine-avesnois.fr\/fontaines\/wp-content\/uploads\/2021\/07\/Pompe-a-Eau-Noyelles-sur-Sambre.webp?resize=300%2C223&amp;ssl=1 300w, https:\/\/i0.wp.com\/patrimoine-avesnois.fr\/fontaines\/wp-content\/uploads\/2021\/07\/Pompe-a-Eau-Noyelles-sur-Sambre.webp?resize=768%2C571&amp;ssl=1 768w\" sizes=\"auto, (max-width: 709px) 85vw, (max-width: 909px) 67vw, (max-width: 1362px) 62vw, 840px\" \/><figcaption><a rel=\"noreferrer noopener\" href=\"https:\/\/www.google.fr\/maps\/@50.1563169,3.8001803,3a,75y,187.48h,88.21t\/data=!3m6!1e1!3m4!1sSmpiPBX8h8f3M3MsiSnYFg!2e0!7i16384!8i8192\" target=\"_blank\">Rue Alfred Bisiaux<\/a> Noyelles-sur-Sambre<\/figcaption><\/figure><\/div>\n\n\n\n<p>Pr\u00e8s de l\u2019\u00e9glise, derri\u00e8re ces deux garages coule l\u2019Helpe Majeure. A cet endroit pr\u00e9cis se tenait une pompe \u00e0 eau \u00e9lectrique qui permettait aux herbagers de venir chercher dans des tonnes l\u2019eau pour les besoins de leurs troupeaux. Cette pompe ressemblait tr\u00e8s fortement \u00e0 celle de Maroilles qui est encore pr\u00e9sente au Grouffre (Voir la page Maroilles sur le site). Elle fut d\u00e9mont\u00e9e dans les ann\u00e9es 1980.<\/p>\n\n\n\n<p class=\"has-text-align-center\">***<\/p>\n\n\n\n<div class=\"wp-block-image\"><figure class=\"aligncenter size-full\"><img data-recalc-dims=\"1\" loading=\"lazy\" decoding=\"async\" width=\"494\" height=\"623\" src=\"https:\/\/i0.wp.com\/patrimoine-avesnois.fr\/fontaines\/wp-content\/uploads\/2021\/07\/Mare-Noyelles-sur-Sambre.webp?resize=494%2C623&#038;ssl=1\" alt=\"\" class=\"wp-image-932\" srcset=\"https:\/\/i0.wp.com\/patrimoine-avesnois.fr\/fontaines\/wp-content\/uploads\/2021\/07\/Mare-Noyelles-sur-Sambre.webp?w=494&amp;ssl=1 494w, https:\/\/i0.wp.com\/patrimoine-avesnois.fr\/fontaines\/wp-content\/uploads\/2021\/07\/Mare-Noyelles-sur-Sambre.webp?resize=238%2C300&amp;ssl=1 238w\" sizes=\"auto, (max-width: 494px) 85vw, 494px\" \/><figcaption>Emplacement de l\u2019ancienne Mare <a rel=\"noreferrer noopener\" href=\"https:\/\/www.google.fr\/maps\/@50.1515642,3.790619,3a,75y,124.86h,90.36t\/data=!3m6!1e1!3m4!1sCOv84QPA6-R7ooobVmAhfw!2e0!7i16384!8i8192\" target=\"_blank\">Grand\u2019Rue<\/a> Noyelles-sur-Sambre<\/figcaption><\/figure><\/div>\n\n\n\n<div class=\"wp-block-image\"><figure class=\"aligncenter\"><img decoding=\"async\" src=\"https:\/\/i0.wp.com\/patrimoine-avesnois.fr\/chemin\/wp-content\/uploads\/2021\/07\/image-6.png?w=840\" alt=\"\" class=\"wp-image-14001\"\/><figcaption><a rel=\"noreferrer noopener\" href=\"https:\/\/www.google.fr\/maps\/@50.1515642,3.790619,3a,75y,124.86h,90.36t\/data=!3m6!1e1!3m4!1sCOv84QPA6-R7ooobVmAhfw!2e0!7i16384!8i8192\" target=\"_blank\">Grand\u2019Rue<\/a> Noyelles-sur-Sambre<\/figcaption><\/figure><\/div>\n\n\n\n<p>Le cadastre de 1861 indique \u00e0 ce carrefour la pr\u00e9sence d\u2019une mare. Elle \u00e9tait encore pr\u00e9sente au d\u00e9but des ann\u00e9es 1940.Elle n\u2019\u00e9tait pas publique mais servait d\u2019abreuvoir pour les vaches du propri\u00e9taire de la p\u00e2ture.<\/p>\n","protected":false},"excerpt":{"rendered":"<p>A cet emplacement les villageois de Noyelles-sur-Sambre venaient encore dans les ann\u00e9es 1950 chercher de l\u2019eau \u00e0 cette source aujourd\u2019hui tarie. *** Pr\u00e8s de l\u2019\u00e9glise, derri\u00e8re ces deux garages coule l\u2019Helpe Majeure. A cet endroit pr\u00e9cis se tenait une pompe \u00e0 eau \u00e9lectrique qui permettait aux herbagers de venir chercher dans des tonnes l\u2019eau pour &hellip; <a href=\"https:\/\/patrimoine-avesnois.fr\/fontaines\/noyelles-sur-sambre-une-source-tarie-une-pompe-a-eau-disparue-une-mare-assechee\/\" class=\"more-link\">Continuer la lecture<span class=\"screen-reader-text\"> de &laquo;&nbsp;Noyelles-sur-Sambre : une source tarie, une pompe \u00e0 eau disparue, une mare ass\u00e9ch\u00e9e&nbsp;&raquo;<\/span><\/a><\/p>\n","protected":false},"author":2,"featured_media":0,"parent":0,"menu_order":0,"comment_status":"closed","ping_status":"closed","template":"","meta":{"footnotes":""},"class_list":["post-347","page","type-page","status-publish","hentry"],"jetpack_sharing_enabled":true,"_links":{"self":[{"href":"https:\/\/patrimoine-avesnois.fr\/fontaines\/wp-json\/wp\/v2\/pages\/347","targetHints":{"allow":["GET"]}}],"collection":[{"href":"https:\/\/patrimoine-avesnois.fr\/fontaines\/wp-json\/wp\/v2\/pages"}],"about":[{"href":"https:\/\/patrimoine-avesnois.fr\/fontaines\/wp-json\/wp\/v2\/types\/page"}],"author":[{"embeddable":true,"href":"https:\/\/patrimoine-avesnois.fr\/fontaines\/wp-json\/wp\/v2\/users\/2"}],"replies":[{"embeddable":true,"href":"https:\/\/patrimoine-avesnois.fr\/fontaines\/wp-json\/wp\/v2\/comments?post=347"}],"version-history":[{"count":3,"href":"https:\/\/patrimoine-avesnois.fr\/fontaines\/wp-json\/wp\/v2\/pages\/347\/revisions"}],"predecessor-version":[{"id":933,"href":"https:\/\/patrimoine-avesnois.fr\/fontaines\/wp-json\/wp\/v2\/pages\/347\/revisions\/933"}],"wp:attachment":[{"href":"https:\/\/patrimoine-avesnois.fr\/fontaines\/wp-json\/wp\/v2\/media?parent=347"}],"curies":[{"name":"wp","href":"https:\/\/api.w.org\/{rel}","templated":true}]}}